{"id":312,"date":"2015-09-15T21:38:09","date_gmt":"2015-09-16T01:38:09","guid":{"rendered":"http:\/\/transparencia.inespre.gov.do\/?page_id=312"},"modified":"2026-04-14T17:24:20","modified_gmt":"2026-04-14T21:24:20","slug":"nomina-de-empleados","status":"publish","type":"page","link":"https:\/\/www.inespre.gob.do\/transparencia\/recursos-humanos\/nomina-de-empleados\/","title":{"rendered":"N\u00f3mina de Empleados Fijos y Contratados"},"content":{"rendered":"<div id=\"pl-312\"  class=\"panel-layout\" ><div id=\"pg-312-0\"  class=\"panel-grid panel-no-style\" ><div id=\"pgc-312-0-0\"  class=\"panel-grid-cell\" ><div id=\"panel-312-0-0-0\" class=\"so-panel widget widget_black-studio-tinymce widget_black_studio_tinymce panel-first-child\" data-index=\"0\" ><h3 class=\"widget-title\">N\u00f3mina de Empleados Fijos y Contratados<\/h3><div class=\"textwidget\"><p>En esta secci\u00f3n encontrara la asignaci\u00f3n del presupuesto a la N\u00f3mina de empleados del INESPRE de los \u00faltimos 10 a\u00f1os. <\/p>\n<\/div><\/div><div id=\"panel-312-0-0-1\" class=\"so-panel widget widget_tabs\" data-index=\"1\" ><div\n\t\t\t\n\t\t\tclass=\"so-widget-tabs so-widget-tabs-tabs-style-03d7b91cbdba-312\"\n\t\t\t\n\t\t>\r\n\r\n\r\n\r\n\r\n<div class=\"soua-tab\">\r\n\r\n    <ul class=\"soua-tabs\">\r\n                <li><a href=\"#\"> \r\n\r\n        \r\n            \r\n                \r\n        2026\r\n        \r\n        <\/a><\/li>\r\n                <li><a href=\"#\"> \r\n\r\n        \r\n            \r\n                \r\n        2025\r\n        \r\n        <\/a><\/li>\r\n                <li><a href=\"#\"> \r\n\r\n        \r\n            \r\n                \r\n        2024\r\n        \r\n        <\/a><\/li>\r\n                <li><a href=\"#\"> \r\n\r\n        \r\n            \r\n                \r\n        2023\r\n        \r\n        <\/a><\/li>\r\n                <li><a href=\"#\"> \r\n\r\n        \r\n            \r\n                \r\n        2022\r\n        \r\n        <\/a><\/li>\r\n                <li><a href=\"#\"> \r\n\r\n        \r\n            \r\n                \r\n        2021\r\n        \r\n        <\/a><\/li>\r\n                <li><a href=\"#\"> \r\n\r\n        \r\n            \r\n                \r\n        2020\r\n        \r\n        <\/a><\/li>\r\n                <li><a href=\"#\"> \r\n\r\n        \r\n            \r\n                \r\n        2019\r\n        \r\n        <\/a><\/li>\r\n                <li><a href=\"#\"> \r\n\r\n        \r\n            \r\n                \r\n        2018\r\n        \r\n        <\/a><\/li>\r\n                <li><a href=\"#\"> \r\n\r\n        \r\n            \r\n                \r\n        2017\r\n        \r\n        <\/a><\/li>\r\n                <li><a href=\"#\"> \r\n\r\n        \r\n            \r\n                \r\n        2016\r\n        \r\n        <\/a><\/li>\r\n                <li><a href=\"#\"> \r\n\r\n        \r\n            \r\n                \r\n        2015\r\n        \r\n        <\/a><\/li>\r\n                <li><a href=\"#\"> \r\n\r\n        \r\n            \r\n                \r\n        2014\r\n        \r\n        <\/a><\/li>\r\n                <li><a href=\"#\"> \r\n\r\n        \r\n            \r\n                \r\n        2013\r\n        \r\n        <\/a><\/li>\r\n                <li><a href=\"#\"> \r\n\r\n        \r\n            \r\n                \r\n        2012\r\n        \r\n        <\/a><\/li>\r\n            <\/ul> <!-- \/ tabs -->\r\n\r\n    <div class=\"tab_content\">\r\n                <div class=\"tabs_item\">\r\n            <p><h4 id=\"2026\"><strong><span style=\"color: #003300;\">2026<\/span><\/strong><\/h4>\n<h5>N\u00f3mina de Empleados Fijos y contratados<\/h5>\n\n<hr \/>\n\n<h5>Marzo<\/h5>\n        <div class=\"w3eden clear\" align=\"right\"><div class=\"link-btn light\">    <div class=\"media\">        <div class=\"pull-left wbt-left\"><div class=\"wbt-icon\"><img decoding=\"async\" class=\"wpdm_icon\" alt=\"Icono\"   src=\"https:\/\/www.inespre.gob.do\/transparencia\/wp-content\/plugins\/download-manager\/assets\/file-type-icons\/txt.svg\" \/><\/div><\/div>        <div class=\"pull-left text-left wbt-content\"><strong class=\"ptitle\">                <a href=\"https:\/\/www.inespre.gob.do\/transparencia\/download\/esta-institucion-no-tiene-personal-contratado-en-marzo-2026\/?wpdmdl=29140&refresh=69f73f70ac8221777811312\">Esta instituci\u00f3n no tiene personal contratado en marzo 2026<\/a>            <\/strong>            <div style=\"font-size: 8pt;padding-top: 1px\"><a href=\"https:\/\/www.inespre.gob.do\/transparencia\/download\/esta-institucion-no-tiene-personal-contratado-en-marzo-2026\/?wpdmdl=29140&refresh=69f73f70ac8221777811312\">Descargar<\/a> <i style=\"margin: 4px 0 0 5px;opacity:0.5\"                                                           class=\"fa fa-th-large\"><\/i> 0.06 KB            <\/div>        <\/div>    <\/div><\/div><\/div><script>jQuery(function(){jQuery('.link-btn a.wpdm-download-link img').after('Descargar');jQuery('.link-btn a.wpdm-download-link img').remove();});<\/script>\n<div style=\"clear: both; margin-top: 15px;\"><\/div>\n<strong>Publicado:<\/strong> 14 de abril, 2026\n\n        <div class=\"w3eden clear\" align=\"right\"><div class=\"link-btn light\">    <div class=\"media\">        <div class=\"pull-left wbt-left\"><div class=\"wbt-icon\"><img decoding=\"async\" class=\"wpdm_icon\" alt=\"Icono\"   src=\"https:\/\/www.inespre.gob.do\/transparencia\/wp-content\/plugins\/download-manager\/assets\/file-type-icons\/xlsx2.svg\" \/><\/div><\/div>        <div class=\"pull-left text-left wbt-content\"><strong class=\"ptitle\">                <a href=\"https:\/\/www.inespre.gob.do\/transparencia\/download\/marzo-2026-nomina-de-empleados-fijos-xlsx\/?wpdmdl=29138&refresh=69f73f70ad4691777811312\">Marzo 2026 - N\u00f3mina de Empleados Fijos (XLSX)<\/a>            <\/strong>            <div style=\"font-size: 8pt;padding-top: 1px\"><a href=\"https:\/\/www.inespre.gob.do\/transparencia\/download\/marzo-2026-nomina-de-empleados-fijos-xlsx\/?wpdmdl=29138&refresh=69f73f70ad4691777811312\">Descargar<\/a> <i style=\"margin: 4px 0 0 5px;opacity:0.5\"                                                           class=\"fa fa-th-large\"><\/i> 480.50 KB            <\/div>        <\/div>    <\/div><\/div><\/div><script>jQuery(function(){jQuery('.link-btn a.wpdm-download-link img').after('Descargar');jQuery('.link-btn a.wpdm-download-link img').remove();});<\/script>\n<div style=\"clear: both; margin-top: 15px;\"><\/div>\n<strong>Publicado:<\/strong> 14 de abril, 2026\n\n        <div class=\"w3eden clear\" align=\"right\"><div class=\"link-btn light\">    <div class=\"media\">        <div class=\"pull-left wbt-left\"><div class=\"wbt-icon\"><img decoding=\"async\" class=\"wpdm_icon\" alt=\"Icono\"   src=\"https:\/\/www.inespre.gob.do\/transparencia\/wp-content\/plugins\/download-manager\/assets\/file-type-icons\/pdf.svg\" \/><\/div><\/div>        <div class=\"pull-left text-left wbt-content\"><strong class=\"ptitle\">                <a href=\"https:\/\/www.inespre.gob.do\/transparencia\/download\/marzo-2026-nomina-de-empleados-fijos-pdf\/?wpdmdl=29139&refresh=69f73f70ad85c1777811312\">Marzo 2026 - N\u00f3mina de Empleados Fijos (PDF)<\/a>            <\/strong>            <div style=\"font-size: 8pt;padding-top: 1px\"><a href=\"https:\/\/www.inespre.gob.do\/transparencia\/download\/marzo-2026-nomina-de-empleados-fijos-pdf\/?wpdmdl=29139&refresh=69f73f70ad85c1777811312\">Descargar<\/a> <i style=\"margin: 4px 0 0 5px;opacity:0.5\"                                                           class=\"fa fa-th-large\"><\/i> 1.17 MB            <\/div>        <\/div>    <\/div><\/div><\/div><script>jQuery(function(){jQuery('.link-btn a.wpdm-download-link img').after('Descargar');jQuery('.link-btn a.wpdm-download-link img').remove();});<\/script>\n<div style=\"clear: both; margin-top: 15px;\"><\/div>\n<strong>Publicado:<\/strong> 14 de abril, 2026\n\n        <div class=\"w3eden clear\" align=\"right\"><div class=\"link-btn light\">    <div class=\"media\">        <div class=\"pull-left wbt-left\"><div class=\"wbt-icon\"><img decoding=\"async\" class=\"wpdm_icon\" alt=\"Icono\"   src=\"https:\/\/www.inespre.gob.do\/transparencia\/wp-content\/plugins\/download-manager\/assets\/file-type-icons\/xlsx2.svg\" \/><\/div><\/div>        <div class=\"pull-left text-left wbt-content\"><strong class=\"ptitle\">                <a href=\"https:\/\/www.inespre.gob.do\/transparencia\/download\/marzo-2026-nomina-empleados-de-caracter-temporal-xlsx\/?wpdmdl=29141&refresh=69f73f70adc051777811312\">Marzo 2026 - N\u00f3mina Empleados de Car\u00e1cter Temporal (XLSX)<\/a>            <\/strong>            <div style=\"font-size: 8pt;padding-top: 1px\"><a href=\"https:\/\/www.inespre.gob.do\/transparencia\/download\/marzo-2026-nomina-empleados-de-caracter-temporal-xlsx\/?wpdmdl=29141&refresh=69f73f70adc051777811312\">Descargar<\/a> <i style=\"margin: 4px 0 0 5px;opacity:0.5\"                                                           class=\"fa fa-th-large\"><\/i> 135.50 KB            <\/div>        <\/div>    <\/div><\/div><\/div><script>jQuery(function(){jQuery('.link-btn a.wpdm-download-link img').after('Descargar');jQuery('.link-btn a.wpdm-download-link img').remove();});<\/script>\n<div style=\"clear: both; margin-top: 15px;\"><\/div>\n<strong>Publicado:<\/strong> 14 de abril, 2026\n\n\n        <div class=\"w3eden clear\" align=\"right\"><div class=\"link-btn light\">    <div class=\"media\">        <div class=\"pull-left wbt-left\"><div class=\"wbt-icon\"><img decoding=\"async\" class=\"wpdm_icon\" alt=\"Icono\"   src=\"https:\/\/www.inespre.gob.do\/transparencia\/wp-content\/plugins\/download-manager\/assets\/file-type-icons\/pdf.svg\" \/><\/div><\/div>        <div class=\"pull-left text-left wbt-content\"><strong class=\"ptitle\">                <a href=\"https:\/\/www.inespre.gob.do\/transparencia\/download\/marzo-2026-nomina-empleados-de-caracter-temporal-pdf\/?wpdmdl=29142&refresh=69f73f70adf941777811312\">Marzo 2026 - N\u00f3mina Empleados de Car\u00e1cter Temporal (PDF)<\/a>            <\/strong>            <div style=\"font-size: 8pt;padding-top: 1px\"><a href=\"https:\/\/www.inespre.gob.do\/transparencia\/download\/marzo-2026-nomina-empleados-de-caracter-temporal-pdf\/?wpdmdl=29142&refresh=69f73f70adf941777811312\">Descargar<\/a> <i style=\"margin: 4px 0 0 5px;opacity:0.5\"                                                           class=\"fa fa-th-large\"><\/i> 256.00 KB            <\/div>        <\/div>    <\/div><\/div><\/div><script>jQuery(function(){jQuery('.link-btn a.wpdm-download-link img').after('Descargar');jQuery('.link-btn a.wpdm-download-link img').remove();});<\/script>\n<div style=\"clear: both; margin-top: 15px;\"><\/div>\n<strong>Publicado:<\/strong> 14 de abril, 2026\n\n        <div class=\"w3eden clear\" align=\"right\"><div class=\"link-btn light\">    <div class=\"media\">        <div class=\"pull-left wbt-left\"><div class=\"wbt-icon\"><img decoding=\"async\" class=\"wpdm_icon\" alt=\"Icono\"   src=\"https:\/\/www.inespre.gob.do\/transparencia\/wp-content\/plugins\/download-manager\/assets\/file-type-icons\/xlsx2.svg\" \/><\/div><\/div>        <div class=\"pull-left text-left wbt-content\"><strong class=\"ptitle\">                <a href=\"https:\/\/www.inespre.gob.do\/transparencia\/download\/marzo-2026-nomina-empleados-en-interinato-xlsx\/?wpdmdl=29143&refresh=69f73f70ae3111777811312\">Marzo 2026 - N\u00f3mina Empleados en Interinato (XLSX)<\/a>            <\/strong>            <div style=\"font-size: 8pt;padding-top: 1px\"><a href=\"https:\/\/www.inespre.gob.do\/transparencia\/download\/marzo-2026-nomina-empleados-en-interinato-xlsx\/?wpdmdl=29143&refresh=69f73f70ae3111777811312\">Descargar<\/a> <i style=\"margin: 4px 0 0 5px;opacity:0.5\"                                                           class=\"fa fa-th-large\"><\/i> 112.50 KB            <\/div>        <\/div>    <\/div><\/div><\/div><script>jQuery(function(){jQuery('.link-btn a.wpdm-download-link img').after('Descargar');jQuery('.link-btn a.wpdm-download-link img').remove();});<\/script>\n<div style=\"clear: both; margin-top: 15px;\"><\/div>\n<strong>Publicado:<\/strong> 14 de abril, 2026\n\n        <div class=\"w3eden clear\" align=\"right\"><div class=\"link-btn light\">    <div class=\"media\">        <div class=\"pull-left wbt-left\"><div class=\"wbt-icon\"><img decoding=\"async\" class=\"wpdm_icon\" alt=\"Icono\"   src=\"https:\/\/www.inespre.gob.do\/transparencia\/wp-content\/plugins\/download-manager\/assets\/file-type-icons\/pdf.svg\" \/><\/div><\/div>        <div class=\"pull-left text-left wbt-content\"><strong class=\"ptitle\">                <a href=\"https:\/\/www.inespre.gob.do\/transparencia\/download\/marzo-2026-nomina-empleados-en-interinato-pdf\/?wpdmdl=29144&refresh=69f73f70ae6741777811312\">Marzo 2026 - N\u00f3mina Empleados en Interinato (PDF)<\/a>            <\/strong>            <div style=\"font-size: 8pt;padding-top: 1px\"><a href=\"https:\/\/www.inespre.gob.do\/transparencia\/download\/marzo-2026-nomina-empleados-en-interinato-pdf\/?wpdmdl=29144&refresh=69f73f70ae6741777811312\">Descargar<\/a> <i style=\"margin: 4px 0 0 5px;opacity:0.5\"                                                           class=\"fa fa-th-large\"><\/i> 236.93 KB            <\/div>        <\/div>    <\/div><\/div><\/div><script>jQuery(function(){jQuery('.link-btn a.wpdm-download-link img').after('Descargar');jQuery('.link-btn a.wpdm-download-link img').remove();});<\/script>\n<div style=\"clear: both; margin-top: 15px;\"><\/div>\n<strong>Publicado:<\/strong> 14 de abril, 2026\n\n\n<hr \/>\n\n<h5>Febrero<\/h5>\n        <div class=\"w3eden clear\" align=\"right\"><div class=\"link-btn light\">    <div class=\"media\">        <div class=\"pull-left wbt-left\"><div class=\"wbt-icon\"><img decoding=\"async\" class=\"wpdm_icon\" alt=\"Icono\"   src=\"https:\/\/www.inespre.gob.do\/transparencia\/wp-content\/plugins\/download-manager\/assets\/file-type-icons\/txt.svg\" \/><\/div><\/div>        <div class=\"pull-left text-left wbt-content\"><strong class=\"ptitle\">                <a href=\"https:\/\/www.inespre.gob.do\/transparencia\/download\/esta-institucion-no-tiene-personal-contratado-en-febrero-2026\/?wpdmdl=29026&refresh=69f73f70af23c1777811312\">Esta instituci\u00f3n no tiene personal contratado en febrero 2026.<\/a>            <\/strong>            <div style=\"font-size: 8pt;padding-top: 1px\"><a href=\"https:\/\/www.inespre.gob.do\/transparencia\/download\/esta-institucion-no-tiene-personal-contratado-en-febrero-2026\/?wpdmdl=29026&refresh=69f73f70af23c1777811312\">Descargar<\/a> <i style=\"margin: 4px 0 0 5px;opacity:0.5\"                                                           class=\"fa fa-th-large\"><\/i> 0.06 KB            <\/div>        <\/div>    <\/div><\/div><\/div><script>jQuery(function(){jQuery('.link-btn a.wpdm-download-link img').after('Descargar');jQuery('.link-btn a.wpdm-download-link img').remove();});<\/script>\n<div style=\"clear: both; margin-top: 15px;\"><\/div>\n<strong>Publicado:<\/strong> 09 de marzo, 2026\n\n        <div class=\"w3eden clear\" align=\"right\"><div class=\"link-btn light\">    <div class=\"media\">        <div class=\"pull-left wbt-left\"><div class=\"wbt-icon\"><img decoding=\"async\" class=\"wpdm_icon\" alt=\"Icono\"   src=\"https:\/\/www.inespre.gob.do\/transparencia\/wp-content\/plugins\/download-manager\/assets\/file-type-icons\/xlsx2.svg\" \/><\/div><\/div>        <div class=\"pull-left text-left wbt-content\"><strong class=\"ptitle\">                <a href=\"https:\/\/www.inespre.gob.do\/transparencia\/download\/febrero-2026-nomina-de-empleados-fijos-xlsx\/?wpdmdl=29029&refresh=69f73f70af75e1777811312\">Febrero 2026 - N\u00f3mina de Empleados Fijos (XLSX)<\/a>            <\/strong>            <div style=\"font-size: 8pt;padding-top: 1px\"><a href=\"https:\/\/www.inespre.gob.do\/transparencia\/download\/febrero-2026-nomina-de-empleados-fijos-xlsx\/?wpdmdl=29029&refresh=69f73f70af75e1777811312\">Descargar<\/a> <i style=\"margin: 4px 0 0 5px;opacity:0.5\"                                                           class=\"fa fa-th-large\"><\/i> 482.00 KB            <\/div>        <\/div>    <\/div><\/div><\/div><script>jQuery(function(){jQuery('.link-btn a.wpdm-download-link img').after('Descargar');jQuery('.link-btn a.wpdm-download-link img').remove();});<\/script>\n<div style=\"clear: both; margin-top: 15px;\"><\/div>\n<strong>Publicado:<\/strong> 09 de marzo, 2026\n\n        <div class=\"w3eden clear\" align=\"right\"><div class=\"link-btn light\">    <div class=\"media\">        <div class=\"pull-left wbt-left\"><div class=\"wbt-icon\"><img decoding=\"async\" class=\"wpdm_icon\" alt=\"Icono\"   src=\"https:\/\/www.inespre.gob.do\/transparencia\/wp-content\/plugins\/download-manager\/assets\/file-type-icons\/pdf.svg\" \/><\/div><\/div>        <div class=\"pull-left text-left wbt-content\"><strong class=\"ptitle\">                <a href=\"https:\/\/www.inespre.gob.do\/transparencia\/download\/febrero-2026-nomina-de-empleados-fijos-pdf\/?wpdmdl=29028&refresh=69f73f70afb5d1777811312\">Febrero 2026 - N\u00f3mina de Empleados Fijos (PDF)<\/a>            <\/strong>            <div style=\"font-size: 8pt;padding-top: 1px\"><a href=\"https:\/\/www.inespre.gob.do\/transparencia\/download\/febrero-2026-nomina-de-empleados-fijos-pdf\/?wpdmdl=29028&refresh=69f73f70afb5d1777811312\">Descargar<\/a> <i style=\"margin: 4px 0 0 5px;opacity:0.5\"                                                           class=\"fa fa-th-large\"><\/i> 1.24 MB            <\/div>        <\/div>    <\/div><\/div><\/div><script>jQuery(function(){jQuery('.link-btn a.wpdm-download-link img').after('Descargar');jQuery('.link-btn a.wpdm-download-link img').remove();});<\/script>\n<div style=\"clear: both; margin-top: 15px;\"><\/div>\n<strong>Publicado:<\/strong> 09 de marzo, 2026\n\n        <div class=\"w3eden clear\" align=\"right\"><div class=\"link-btn light\">    <div class=\"media\">        <div class=\"pull-left wbt-left\"><div class=\"wbt-icon\"><img decoding=\"async\" class=\"wpdm_icon\" alt=\"Icono\"   src=\"https:\/\/www.inespre.gob.do\/transparencia\/wp-content\/plugins\/download-manager\/assets\/file-type-icons\/xlsx2.svg\" \/><\/div><\/div>        <div class=\"pull-left text-left wbt-content\"><strong class=\"ptitle\">                <a href=\"https:\/\/www.inespre.gob.do\/transparencia\/download\/febrero-2026-nomina-empleados-de-caracter-temporal-xlsx\/?wpdmdl=29031&refresh=69f73f70aff4b1777811312\">Febrero 2026 - N\u00f3mina Empleados de Car\u00e1cter Temporal (XLSX)<\/a>            <\/strong>            <div style=\"font-size: 8pt;padding-top: 1px\"><a href=\"https:\/\/www.inespre.gob.do\/transparencia\/download\/febrero-2026-nomina-empleados-de-caracter-temporal-xlsx\/?wpdmdl=29031&refresh=69f73f70aff4b1777811312\">Descargar<\/a> <i style=\"margin: 4px 0 0 5px;opacity:0.5\"                                                           class=\"fa fa-th-large\"><\/i> 136.50 KB            <\/div>        <\/div>    <\/div><\/div><\/div><script>jQuery(function(){jQuery('.link-btn a.wpdm-download-link img').after('Descargar');jQuery('.link-btn a.wpdm-download-link img').remove();});<\/script>\n<div style=\"clear: both; margin-top: 15px;\"><\/div>\n<strong>Publicado:<\/strong> 09 de marzo, 2026\n\n        <div class=\"w3eden clear\" align=\"right\"><div class=\"link-btn light\">    <div class=\"media\">        <div class=\"pull-left wbt-left\"><div class=\"wbt-icon\"><img decoding=\"async\" class=\"wpdm_icon\" alt=\"Icono\"   src=\"https:\/\/www.inespre.gob.do\/transparencia\/wp-content\/plugins\/download-manager\/assets\/file-type-icons\/pdf.svg\" \/><\/div><\/div>        <div class=\"pull-left text-left wbt-content\"><strong class=\"ptitle\">                <a href=\"https:\/\/www.inespre.gob.do\/transparencia\/download\/febrero-2026-nomina-empleados-de-caracter-temporal-pdf\/?wpdmdl=29032&refresh=69f73f70b03781777811312\">Febrero 2026 - N\u00f3mina Empleados de Car\u00e1cter Temporal (PDF)<\/a>            <\/strong>            <div style=\"font-size: 8pt;padding-top: 1px\"><a href=\"https:\/\/www.inespre.gob.do\/transparencia\/download\/febrero-2026-nomina-empleados-de-caracter-temporal-pdf\/?wpdmdl=29032&refresh=69f73f70b03781777811312\">Descargar<\/a> <i style=\"margin: 4px 0 0 5px;opacity:0.5\"                                                           class=\"fa fa-th-large\"><\/i> 322.05 KB            <\/div>        <\/div>    <\/div><\/div><\/div><script>jQuery(function(){jQuery('.link-btn a.wpdm-download-link img').after('Descargar');jQuery('.link-btn a.wpdm-download-link img').remove();});<\/script>\n<div style=\"clear: both; margin-top: 15px;\"><\/div>\n<strong>Publicado:<\/strong> 09 de marzo, 2026\n\n        <div class=\"w3eden clear\" align=\"right\"><div class=\"link-btn light\">    <div class=\"media\">        <div class=\"pull-left wbt-left\"><div class=\"wbt-icon\"><img decoding=\"async\" class=\"wpdm_icon\" alt=\"Icono\"   src=\"https:\/\/www.inespre.gob.do\/transparencia\/wp-content\/plugins\/download-manager\/assets\/file-type-icons\/xlsx2.svg\" \/><\/div><\/div>        <div class=\"pull-left text-left wbt-content\"><strong class=\"ptitle\">                <a href=\"https:\/\/www.inespre.gob.do\/transparencia\/download\/febrero-2026-nomina-empleados-en-interinato-xlsx\/?wpdmdl=29034&refresh=69f73f70b073e1777811312\">Febrero 2026 - N\u00f3mina Empleados en Interinato (XLSX)<\/a>            <\/strong>            <div style=\"font-size: 8pt;padding-top: 1px\"><a href=\"https:\/\/www.inespre.gob.do\/transparencia\/download\/febrero-2026-nomina-empleados-en-interinato-xlsx\/?wpdmdl=29034&refresh=69f73f70b073e1777811312\">Descargar<\/a> <i style=\"margin: 4px 0 0 5px;opacity:0.5\"                                                           class=\"fa fa-th-large\"><\/i> 112.50 KB            <\/div>        <\/div>    <\/div><\/div><\/div><script>jQuery(function(){jQuery('.link-btn a.wpdm-download-link img').after('Descargar');jQuery('.link-btn a.wpdm-download-link img').remove();});<\/script>\n<div style=\"clear: both; margin-top: 15px;\"><\/div>\n<strong>Publicado:<\/strong> 09 de marzo, 2026\n\n        <div class=\"w3eden clear\" align=\"right\"><div class=\"link-btn light\">    <div class=\"media\">        <div class=\"pull-left wbt-left\"><div class=\"wbt-icon\"><img decoding=\"async\" class=\"wpdm_icon\" alt=\"Icono\"   src=\"https:\/\/www.inespre.gob.do\/transparencia\/wp-content\/plugins\/download-manager\/assets\/file-type-icons\/pdf.svg\" \/><\/div><\/div>        <div class=\"pull-left text-left wbt-content\"><strong class=\"ptitle\">                <a href=\"https:\/\/www.inespre.gob.do\/transparencia\/download\/febrero-2026-nomina-empleados-en-interinato-pdf\/?wpdmdl=29035&refresh=69f73f70b0afb1777811312\">Febrero 2026 - N\u00f3mina Empleados en Interinato (PDF)<\/a>            <\/strong>            <div style=\"font-size: 8pt;padding-top: 1px\"><a href=\"https:\/\/www.inespre.gob.do\/transparencia\/download\/febrero-2026-nomina-empleados-en-interinato-pdf\/?wpdmdl=29035&refresh=69f73f70b0afb1777811312\">Descargar<\/a> <i style=\"margin: 4px 0 0 5px;opacity:0.5\"                                                           class=\"fa fa-th-large\"><\/i> 266.55 KB            <\/div>        <\/div>    <\/div><\/div><\/div><script>jQuery(function(){jQuery('.link-btn a.wpdm-download-link img').after('Descargar');jQuery('.link-btn a.wpdm-download-link img').remove();});<\/script>\n<div style=\"clear: both; margin-top: 15px;\"><\/div>\n<strong>Publicado:<\/strong> 09 de marzo, 2026\n\n<hr \/>\n\n<h5>Enero<\/h5>\n        <div class=\"w3eden clear\" align=\"right\"><div class=\"link-btn light\">    <div class=\"media\">        <div class=\"pull-left wbt-left\"><div class=\"wbt-icon\"><img decoding=\"async\" class=\"wpdm_icon\" alt=\"Icono\"   src=\"https:\/\/www.inespre.gob.do\/transparencia\/wp-content\/plugins\/download-manager\/assets\/file-type-icons\/txt.svg\" \/><\/div><\/div>        <div class=\"pull-left text-left wbt-content\"><strong class=\"ptitle\">                <a href=\"https:\/\/www.inespre.gob.do\/transparencia\/download\/esta-institucion-no-tiene-personal-contratado-en-enero-2026\/?wpdmdl=28966&refresh=69f73f70b0e971777811312\">Esta instituci\u00f3n no tiene personal contratado en enero 2026.<\/a>            <\/strong>            <div style=\"font-size: 8pt;padding-top: 1px\"><a href=\"https:\/\/www.inespre.gob.do\/transparencia\/download\/esta-institucion-no-tiene-personal-contratado-en-enero-2026\/?wpdmdl=28966&refresh=69f73f70b0e971777811312\">Descargar<\/a> <i style=\"margin: 4px 0 0 5px;opacity:0.5\"                                                           class=\"fa fa-th-large\"><\/i> 0.06 KB            <\/div>        <\/div>    <\/div><\/div><\/div><script>jQuery(function(){jQuery('.link-btn a.wpdm-download-link img').after('Descargar');jQuery('.link-btn a.wpdm-download-link img').remove();});<\/script>\n<div style=\"clear: both; margin-top: 15px;\"><\/div>\n<strong>Publicado:<\/strong> 11 de febrero, 2026\n\n        <div class=\"w3eden clear\" align=\"right\"><div class=\"link-btn light\">    <div class=\"media\">        <div class=\"pull-left wbt-left\"><div class=\"wbt-icon\"><img decoding=\"async\" class=\"wpdm_icon\" alt=\"Icono\"   src=\"https:\/\/www.inespre.gob.do\/transparencia\/wp-content\/plugins\/download-manager\/assets\/file-type-icons\/xlsx2.svg\" \/><\/div><\/div>        <div class=\"pull-left text-left wbt-content\"><strong class=\"ptitle\">                <a href=\"https:\/\/www.inespre.gob.do\/transparencia\/download\/enero-2026-nomina-de-empleados-fijos-xlsx\/?wpdmdl=28958&refresh=69f73f70b11f41777811312\">Enero 2026 - N\u00f3mina de Empleados Fijos (XLSX)<\/a>            <\/strong>            <div style=\"font-size: 8pt;padding-top: 1px\"><a href=\"https:\/\/www.inespre.gob.do\/transparencia\/download\/enero-2026-nomina-de-empleados-fijos-xlsx\/?wpdmdl=28958&refresh=69f73f70b11f41777811312\">Descargar<\/a> <i style=\"margin: 4px 0 0 5px;opacity:0.5\"                                                           class=\"fa fa-th-large\"><\/i> 481.50 KB            <\/div>        <\/div>    <\/div><\/div><\/div><script>jQuery(function(){jQuery('.link-btn a.wpdm-download-link img').after('Descargar');jQuery('.link-btn a.wpdm-download-link img').remove();});<\/script>\n<div style=\"clear: both; margin-top: 15px;\"><\/div>\n<strong>Publicado:<\/strong> 11 de febrero, 2026\n        <div class=\"w3eden clear\" align=\"right\"><div class=\"link-btn light\">    <div class=\"media\">        <div class=\"pull-left wbt-left\"><div class=\"wbt-icon\"><img decoding=\"async\" class=\"wpdm_icon\" alt=\"Icono\"   src=\"https:\/\/www.inespre.gob.do\/transparencia\/wp-content\/plugins\/download-manager\/assets\/file-type-icons\/pdf.svg\" \/><\/div><\/div>        <div class=\"pull-left text-left wbt-content\"><strong class=\"ptitle\">                <a href=\"https:\/\/www.inespre.gob.do\/transparencia\/download\/enero-2026-nomina-de-empleados-fijos-pdf\/?wpdmdl=28959&refresh=69f73f70b15981777811312\">Enero 2026 - N\u00f3mina de Empleados Fijos (PDF)<\/a>            <\/strong>            <div style=\"font-size: 8pt;padding-top: 1px\"><a href=\"https:\/\/www.inespre.gob.do\/transparencia\/download\/enero-2026-nomina-de-empleados-fijos-pdf\/?wpdmdl=28959&refresh=69f73f70b15981777811312\">Descargar<\/a> <i style=\"margin: 4px 0 0 5px;opacity:0.5\"                                                           class=\"fa fa-th-large\"><\/i> 1.24 MB            <\/div>        <\/div>    <\/div><\/div><\/div><script>jQuery(function(){jQuery('.link-btn a.wpdm-download-link img').after('Descargar');jQuery('.link-btn a.wpdm-download-link img').remove();});<\/script>\n<div style=\"clear: both; margin-top: 15px;\"><\/div>\n<strong>Publicado:<\/strong> 11 de febrero, 2026\n\n        <div class=\"w3eden clear\" align=\"right\"><div class=\"link-btn light\">    <div class=\"media\">        <div class=\"pull-left wbt-left\"><div class=\"wbt-icon\"><img decoding=\"async\" class=\"wpdm_icon\" alt=\"Icono\"   src=\"https:\/\/www.inespre.gob.do\/transparencia\/wp-content\/plugins\/download-manager\/assets\/file-type-icons\/xlsx2.svg\" \/><\/div><\/div>        <div class=\"pull-left text-left wbt-content\"><strong class=\"ptitle\">                <a href=\"https:\/\/www.inespre.gob.do\/transparencia\/download\/enero-2026-nomina-empleados-de-caracter-temporal-xlsx\/?wpdmdl=28961&refresh=69f73f70b19081777811312\">Enero 2026 - N\u00f3mina Empleados de Car\u00e1cter Temporal (XLSX)<\/a>            <\/strong>            <div style=\"font-size: 8pt;padding-top: 1px\"><a href=\"https:\/\/www.inespre.gob.do\/transparencia\/download\/enero-2026-nomina-empleados-de-caracter-temporal-xlsx\/?wpdmdl=28961&refresh=69f73f70b19081777811312\">Descargar<\/a> <i style=\"margin: 4px 0 0 5px;opacity:0.5\"                                                           class=\"fa fa-th-large\"><\/i> 135.50 KB            <\/div>        <\/div>    <\/div><\/div><\/div><script>jQuery(function(){jQuery('.link-btn a.wpdm-download-link img').after('Descargar');jQuery('.link-btn a.wpdm-download-link img').remove();});<\/script>\n<div style=\"clear: both; margin-top: 15px;\"><\/div>\n<strong>Publicado:<\/strong> 11 de febrero, 2026\n        <div class=\"w3eden clear\" align=\"right\"><div class=\"link-btn light\">    <div class=\"media\">        <div class=\"pull-left wbt-left\"><div class=\"wbt-icon\"><img decoding=\"async\" class=\"wpdm_icon\" alt=\"Icono\"   src=\"https:\/\/www.inespre.gob.do\/transparencia\/wp-content\/plugins\/download-manager\/assets\/file-type-icons\/pdf.svg\" \/><\/div><\/div>        <div class=\"pull-left text-left wbt-content\"><strong class=\"ptitle\">                <a href=\"https:\/\/www.inespre.gob.do\/transparencia\/download\/enero-2026-nomina-empleados-de-caracter-temporal-pdf\/?wpdmdl=28962&refresh=69f73f70b1c5d1777811312\">Enero 2026 - N\u00f3mina Empleados de Car\u00e1cter Temporal (PDF)<\/a>            <\/strong>            <div style=\"font-size: 8pt;padding-top: 1px\"><a href=\"https:\/\/www.inespre.gob.do\/transparencia\/download\/enero-2026-nomina-empleados-de-caracter-temporal-pdf\/?wpdmdl=28962&refresh=69f73f70b1c5d1777811312\">Descargar<\/a> <i style=\"margin: 4px 0 0 5px;opacity:0.5\"                                                           class=\"fa fa-th-large\"><\/i> 332.49 KB            <\/div>        <\/div>    <\/div><\/div><\/div><script>jQuery(function(){jQuery('.link-btn a.wpdm-download-link img').after('Descargar');jQuery('.link-btn a.wpdm-download-link img').remove();});<\/script>\n<div style=\"clear: both; margin-top: 15px;\"><\/div>\n<strong>Publicado:<\/strong> 11 de febrero, 2026\n\n        <div class=\"w3eden clear\" align=\"right\"><div class=\"link-btn light\">    <div class=\"media\">        <div class=\"pull-left wbt-left\"><div class=\"wbt-icon\"><img decoding=\"async\" class=\"wpdm_icon\" alt=\"Icono\"   src=\"https:\/\/www.inespre.gob.do\/transparencia\/wp-content\/plugins\/download-manager\/assets\/file-type-icons\/xlsx2.svg\" \/><\/div><\/div>        <div class=\"pull-left text-left wbt-content\"><strong class=\"ptitle\">                <a href=\"https:\/\/www.inespre.gob.do\/transparencia\/download\/enero-2026-nomina-empleados-en-interinato-xlsx\/?wpdmdl=28963&refresh=69f73f70b1faa1777811312\">Enero 2026 - N\u00f3mina Empleados en Interinato (XLSX)<\/a>            <\/strong>            <div style=\"font-size: 8pt;padding-top: 1px\"><a href=\"https:\/\/www.inespre.gob.do\/transparencia\/download\/enero-2026-nomina-empleados-en-interinato-xlsx\/?wpdmdl=28963&refresh=69f73f70b1faa1777811312\">Descargar<\/a> <i style=\"margin: 4px 0 0 5px;opacity:0.5\"                                                           class=\"fa fa-th-large\"><\/i> 112.50 KB            <\/div>        <\/div>    <\/div><\/div><\/div><script>jQuery(function(){jQuery('.link-btn a.wpdm-download-link img').after('Descargar');jQuery('.link-btn a.wpdm-download-link img').remove();});<\/script>\n<div style=\"clear: both; margin-top: 15px;\"><\/div>\n<strong>Publicado:<\/strong> 11 de febrero, 2026\n        <div class=\"w3eden clear\" align=\"right\"><div class=\"link-btn light\">    <div class=\"media\">        <div class=\"pull-left wbt-left\"><div class=\"wbt-icon\"><img decoding=\"async\" class=\"wpdm_icon\" alt=\"Icono\"   src=\"https:\/\/www.inespre.gob.do\/transparencia\/wp-content\/plugins\/download-manager\/assets\/file-type-icons\/pdf.svg\" \/><\/div><\/div>        <div class=\"pull-left text-left wbt-content\"><strong class=\"ptitle\">                <a href=\"https:\/\/www.inespre.gob.do\/transparencia\/download\/enero-2026-nomina-empleados-en-interinato-pdf\/?wpdmdl=28964&refresh=69f73f70b22ef1777811312\">Enero 2026 - N\u00f3mina Empleados en Interinato (PDF)<\/a>            <\/strong>            <div style=\"font-size: 8pt;padding-top: 1px\"><a href=\"https:\/\/www.inespre.gob.do\/transparencia\/download\/enero-2026-nomina-empleados-en-interinato-pdf\/?wpdmdl=28964&refresh=69f73f70b22ef1777811312\">Descargar<\/a> <i style=\"margin: 4px 0 0 5px;opacity:0.5\"                                                           class=\"fa fa-th-large\"><\/i> 159.54 KB            <\/div>        <\/div>    <\/div><\/div><\/div><script>jQuery(function(){jQuery('.link-btn a.wpdm-download-link img').after('Descargar');jQuery('.link-btn a.wpdm-download-link img').remove();});<\/script>\n<div style=\"clear: both; margin-top: 15px;\"><\/div>\n<strong>Publicado:<\/strong> 11 de febrero, 2026\r\n        <\/div> <!-- \/ tabs_item -->\r\n                <div class=\"tabs_item\">\r\n            <p><h4 id=\"2025\"><strong><span style=\"color: #003300;\">2025<\/span><\/strong><\/h4>\n<h5>N\u00f3mina de Empleados Fijos y contratados<\/h5>\n\n<hr \/>\n\n<h5>Diciembre<\/h5>\n        <div class=\"w3eden clear\" align=\"right\"><div class=\"link-btn light\">    <div class=\"media\">        <div class=\"pull-left wbt-left\"><div class=\"wbt-icon\"><img decoding=\"async\" class=\"wpdm_icon\" alt=\"Icono\"   src=\"https:\/\/www.inespre.gob.do\/transparencia\/wp-content\/plugins\/download-manager\/assets\/file-type-icons\/txt.svg\" \/><\/div><\/div>        <div class=\"pull-left text-left wbt-content\"><strong class=\"ptitle\">                <a href=\"https:\/\/www.inespre.gob.do\/transparencia\/download\/esta-institucion-no-tiene-personal-contratado-en-diciembre-2025\/?wpdmdl=28803&refresh=69f73f70b26301777811312\">Esta instituci\u00f3n no tiene personal contratado en diciembre 2025<\/a>            <\/strong>            <div style=\"font-size: 8pt;padding-top: 1px\"><a href=\"https:\/\/www.inespre.gob.do\/transparencia\/download\/esta-institucion-no-tiene-personal-contratado-en-diciembre-2025\/?wpdmdl=28803&refresh=69f73f70b26301777811312\">Descargar<\/a> <i style=\"margin: 4px 0 0 5px;opacity:0.5\"                                                           class=\"fa fa-th-large\"><\/i> 0.07 KB            <\/div>        <\/div>    <\/div><\/div><\/div><script>jQuery(function(){jQuery('.link-btn a.wpdm-download-link img').after('Descargar');jQuery('.link-btn a.wpdm-download-link img').remove();});<\/script>\n<div style=\"clear: both; margin-top: 15px;\"><\/div>\n<strong>Publicado:<\/strong> 08 de enero, 2026\n\n        <div class=\"w3eden clear\" align=\"right\"><div class=\"link-btn light\">    <div class=\"media\">        <div class=\"pull-left wbt-left\"><div class=\"wbt-icon\"><img decoding=\"async\" class=\"wpdm_icon\" alt=\"Icono\"   src=\"https:\/\/www.inespre.gob.do\/transparencia\/wp-content\/plugins\/download-manager\/assets\/file-type-icons\/xlsx2.svg\" \/><\/div><\/div>        <div class=\"pull-left text-left wbt-content\"><strong class=\"ptitle\">                <a href=\"https:\/\/www.inespre.gob.do\/transparencia\/download\/diciembre-2025-nomina-de-empleados-fijos-xlsx\/?wpdmdl=28801&refresh=69f73f70b297a1777811312\">Diciembre 2025 - N\u00f3mina de Empleados Fijos (XLSX)<\/a>            <\/strong>            <div style=\"font-size: 8pt;padding-top: 1px\"><a href=\"https:\/\/www.inespre.gob.do\/transparencia\/download\/diciembre-2025-nomina-de-empleados-fijos-xlsx\/?wpdmdl=28801&refresh=69f73f70b297a1777811312\">Descargar<\/a> <i style=\"margin: 4px 0 0 5px;opacity:0.5\"                                                           class=\"fa fa-th-large\"><\/i> 482.00 KB            <\/div>        <\/div>    <\/div><\/div><\/div><script>jQuery(function(){jQuery('.link-btn a.wpdm-download-link img').after('Descargar');jQuery('.link-btn a.wpdm-download-link img').remove();});<\/script>\n<div style=\"clear: both; margin-top: 15px;\"><\/div>\n<strong>Publicado:<\/strong> 08 de enero, 2026\n\n        <div class=\"w3eden clear\" align=\"right\"><div class=\"link-btn light\">    <div class=\"media\">        <div class=\"pull-left wbt-left\"><div class=\"wbt-icon\"><img decoding=\"async\" class=\"wpdm_icon\" alt=\"Icono\"   src=\"https:\/\/www.inespre.gob.do\/transparencia\/wp-content\/plugins\/download-manager\/assets\/file-type-icons\/pdf.svg\" \/><\/div><\/div>        <div class=\"pull-left text-left wbt-content\"><strong class=\"ptitle\">                <a href=\"https:\/\/www.inespre.gob.do\/transparencia\/download\/diciembre-2025-nomina-de-empleados-fijos-pdf\/?wpdmdl=28802&refresh=69f73f70b2cb71777811312\">Diciembre 2025 - N\u00f3mina de Empleados Fijos (PDF)<\/a>            <\/strong>            <div style=\"font-size: 8pt;padding-top: 1px\"><a href=\"https:\/\/www.inespre.gob.do\/transparencia\/download\/diciembre-2025-nomina-de-empleados-fijos-pdf\/?wpdmdl=28802&refresh=69f73f70b2cb71777811312\">Descargar<\/a> <i style=\"margin: 4px 0 0 5px;opacity:0.5\"                                                           class=\"fa fa-th-large\"><\/i> 1.33 MB            <\/div>        <\/div>    <\/div><\/div><\/div><script>jQuery(function(){jQuery('.link-btn a.wpdm-download-link img').after('Descargar');jQuery('.link-btn a.wpdm-download-link img').remove();});<\/script>\n<div style=\"clear: both; margin-top: 15px;\"><\/div>\n<strong>Publicado:<\/strong> 08 de enero, 2026\n\n        <div class=\"w3eden clear\" align=\"right\"><div class=\"link-btn light\">    <div class=\"media\">        <div class=\"pull-left wbt-left\"><div class=\"wbt-icon\"><img decoding=\"async\" class=\"wpdm_icon\" alt=\"Icono\"   src=\"https:\/\/www.inespre.gob.do\/transparencia\/wp-content\/plugins\/download-manager\/assets\/file-type-icons\/xlsx2.svg\" \/><\/div><\/div>        <div class=\"pull-left text-left wbt-content\"><strong class=\"ptitle\">                <a href=\"https:\/\/www.inespre.gob.do\/transparencia\/download\/diciembre-2025-nomina-empleados-de-caracter-temporal-xlsx\/?wpdmdl=28806&refresh=69f73f70b2ff21777811312\">Diciembre 2025 - N\u00f3mina Empleados de Car\u00e1cter Temporal (XLSX)<\/a>            <\/strong>            <div style=\"font-size: 8pt;padding-top: 1px\"><a href=\"https:\/\/www.inespre.gob.do\/transparencia\/download\/diciembre-2025-nomina-empleados-de-caracter-temporal-xlsx\/?wpdmdl=28806&refresh=69f73f70b2ff21777811312\">Descargar<\/a> <i style=\"margin: 4px 0 0 5px;opacity:0.5\"                                                           class=\"fa fa-th-large\"><\/i> 135.00 KB            <\/div>        <\/div>    <\/div><\/div><\/div><script>jQuery(function(){jQuery('.link-btn a.wpdm-download-link img').after('Descargar');jQuery('.link-btn a.wpdm-download-link img').remove();});<\/script>\n<div style=\"clear: both; margin-top: 15px;\"><\/div>\n<strong>Publicado:<\/strong> 08 de enero, 2026\n\n        <div class=\"w3eden clear\" align=\"right\"><div class=\"link-btn light\">    <div class=\"media\">        <div class=\"pull-left wbt-left\"><div class=\"wbt-icon\"><img decoding=\"async\" class=\"wpdm_icon\" alt=\"Icono\"   src=\"https:\/\/www.inespre.gob.do\/transparencia\/wp-content\/plugins\/download-manager\/assets\/file-type-icons\/pdf.svg\" \/><\/div><\/div>        <div class=\"pull-left text-left wbt-content\"><strong class=\"ptitle\">                <a href=\"https:\/\/www.inespre.gob.do\/transparencia\/download\/diciembre-2025-nomina-empleados-de-caracter-temporal-pdf\/?wpdmdl=28807&refresh=69f73f70b33cf1777811312\">Diciembre 2025 - N\u00f3mina Empleados de Car\u00e1cter Temporal (PDF)<\/a>            <\/strong>            <div style=\"font-size: 8pt;padding-top: 1px\"><a href=\"https:\/\/www.inespre.gob.do\/transparencia\/download\/diciembre-2025-nomina-empleados-de-caracter-temporal-pdf\/?wpdmdl=28807&refresh=69f73f70b33cf1777811312\">Descargar<\/a> <i style=\"margin: 4px 0 0 5px;opacity:0.5\"                                                           class=\"fa fa-th-large\"><\/i> 250.17 KB            <\/div>        <\/div>    <\/div><\/div><\/div><script>jQuery(function(){jQuery('.link-btn a.wpdm-download-link img').after('Descargar');jQuery('.link-btn a.wpdm-download-link img').remove();});<\/script>\n<div style=\"clear: both; margin-top: 15px;\"><\/div>\n<strong>Publicado:<\/strong> 08 de enero, 2026\n\n        <div class=\"w3eden clear\" align=\"right\"><div class=\"link-btn light\">    <div class=\"media\">        <div class=\"pull-left wbt-left\"><div class=\"wbt-icon\"><img decoding=\"async\" class=\"wpdm_icon\" alt=\"Icono\"   src=\"https:\/\/www.inespre.gob.do\/transparencia\/wp-content\/plugins\/download-manager\/assets\/file-type-icons\/xlsx2.svg\" \/><\/div><\/div>        <div class=\"pull-left text-left wbt-content\"><strong class=\"ptitle\">                <a href=\"https:\/\/www.inespre.gob.do\/transparencia\/download\/diciembre-2025-nomina-empleados-en-interinato-xlsx\/?wpdmdl=28809&refresh=69f73f70b37261777811312\">Diciembre 2025 - N\u00f3mina Empleados en Interinato (XLSX)<\/a>            <\/strong>            <div style=\"font-size: 8pt;padding-top: 1px\"><a href=\"https:\/\/www.inespre.gob.do\/transparencia\/download\/diciembre-2025-nomina-empleados-en-interinato-xlsx\/?wpdmdl=28809&refresh=69f73f70b37261777811312\">Descargar<\/a> <i style=\"margin: 4px 0 0 5px;opacity:0.5\"                                                           class=\"fa fa-th-large\"><\/i> 112.50 KB            <\/div>        <\/div>    <\/div><\/div><\/div><script>jQuery(function(){jQuery('.link-btn a.wpdm-download-link img').after('Descargar');jQuery('.link-btn a.wpdm-download-link img').remove();});<\/script>\n<div style=\"clear: both; margin-top: 15px;\"><\/div>\n<strong>Publicado:<\/strong> 08 de enero, 2026\n\n        <div class=\"w3eden clear\" align=\"right\"><div class=\"link-btn light\">    <div class=\"media\">        <div class=\"pull-left wbt-left\"><div class=\"wbt-icon\"><img decoding=\"async\" class=\"wpdm_icon\" alt=\"Icono\"   src=\"https:\/\/www.inespre.gob.do\/transparencia\/wp-content\/plugins\/download-manager\/assets\/file-type-icons\/pdf.svg\" \/><\/div><\/div>        <div class=\"pull-left text-left wbt-content\"><strong class=\"ptitle\">                <a href=\"https:\/\/www.inespre.gob.do\/transparencia\/download\/diciembre-2025-nomina-empleados-en-interinato-pdf\/?wpdmdl=28810&refresh=69f73f70b3a9e1777811312\">Diciembre 2025 - N\u00f3mina Empleados en Interinato (PDF)<\/a>            <\/strong>            <div style=\"font-size: 8pt;padding-top: 1px\"><a href=\"https:\/\/www.inespre.gob.do\/transparencia\/download\/diciembre-2025-nomina-empleados-en-interinato-pdf\/?wpdmdl=28810&refresh=69f73f70b3a9e1777811312\">Descargar<\/a> <i style=\"margin: 4px 0 0 5px;opacity:0.5\"                                                           class=\"fa fa-th-large\"><\/i> 233.70 KB            <\/div>        <\/div>    <\/div><\/div><\/div><script>jQuery(function(){jQuery('.link-btn a.wpdm-download-link img').after('Descargar');jQuery('.link-btn a.wpdm-download-link img').remove();});<\/script>\n<div style=\"clear: both; margin-top: 15px;\"><\/div>\n<strong>Publicado:<\/strong> 08 de enero, 2026\n\n<hr \/>\n\n<h5>Noviembre<\/h5>\n        <div class=\"w3eden clear\" align=\"right\"><div class=\"link-btn light\">    <div class=\"media\">        <div class=\"pull-left wbt-left\"><div class=\"wbt-icon\"><img decoding=\"async\" class=\"wpdm_icon\" alt=\"Icono\"   src=\"https:\/\/www.inespre.gob.do\/transparencia\/wp-content\/plugins\/download-manager\/assets\/file-type-icons\/txt.svg\" \/><\/div><\/div>        <div class=\"pull-left text-left wbt-content\"><strong class=\"ptitle\">                <a href=\"https:\/\/www.inespre.gob.do\/transparencia\/download\/esta-institucion-no-tiene-personal-contratado-en-noviembre-2025\/?wpdmdl=28757&refresh=69f73f70b3df41777811312\">Esta instituci\u00f3n no tiene personal contratado en noviembre 2025<\/a>            <\/strong>            <div style=\"font-size: 8pt;padding-top: 1px\"><a href=\"https:\/\/www.inespre.gob.do\/transparencia\/download\/esta-institucion-no-tiene-personal-contratado-en-noviembre-2025\/?wpdmdl=28757&refresh=69f73f70b3df41777811312\">Descargar<\/a> <i style=\"margin: 4px 0 0 5px;opacity:0.5\"                                                           class=\"fa fa-th-large\"><\/i> 0.07 KB            <\/div>        <\/div>    <\/div><\/div><\/div><script>jQuery(function(){jQuery('.link-btn a.wpdm-download-link img').after('Descargar');jQuery('.link-btn a.wpdm-download-link img').remove();});<\/script>\n<div style=\"clear: both; margin-top: 15px;\"><\/div>\n<strong>Publicado:<\/strong> 12 de diciembre, 2025\n<div style=\"clear: both; margin-top: 15px;\"><\/div>\n        <div class=\"w3eden clear\" align=\"right\"><div class=\"link-btn light\">    <div class=\"media\">        <div class=\"pull-left wbt-left\"><div class=\"wbt-icon\"><img decoding=\"async\" class=\"wpdm_icon\" alt=\"Icono\"   src=\"https:\/\/www.inespre.gob.do\/transparencia\/wp-content\/plugins\/download-manager\/assets\/file-type-icons\/xlsx2.svg\" \/><\/div><\/div>        <div class=\"pull-left text-left wbt-content\"><strong class=\"ptitle\">                <a href=\"https:\/\/www.inespre.gob.do\/transparencia\/download\/noviembre-2025-nomina-de-empleados-fijos-xlsx\/?wpdmdl=28759&refresh=69f73f70b41551777811312\">Noviembre 2025 - N\u00f3mina de Empleados Fijos (XLSX)<\/a>            <\/strong>            <div style=\"font-size: 8pt;padding-top: 1px\"><a href=\"https:\/\/www.inespre.gob.do\/transparencia\/download\/noviembre-2025-nomina-de-empleados-fijos-xlsx\/?wpdmdl=28759&refresh=69f73f70b41551777811312\">Descargar<\/a> <i style=\"margin: 4px 0 0 5px;opacity:0.5\"                                                           class=\"fa fa-th-large\"><\/i> 481.00 KB            <\/div>        <\/div>    <\/div><\/div><\/div><script>jQuery(function(){jQuery('.link-btn a.wpdm-download-link img').after('Descargar');jQuery('.link-btn a.wpdm-download-link img').remove();});<\/script>\n<div style=\"clear: both; margin-top: 15px;\"><\/div>\n<strong>Publicado:<\/strong> 12 de diciembre, 2025\n<div style=\"clear: both; margin-top: 15px;\"><\/div>\n        <div class=\"w3eden clear\" align=\"right\"><div class=\"link-btn light\">    <div class=\"media\">        <div class=\"pull-left wbt-left\"><div class=\"wbt-icon\"><img decoding=\"async\" class=\"wpdm_icon\" alt=\"Icono\"   src=\"https:\/\/www.inespre.gob.do\/transparencia\/wp-content\/plugins\/download-manager\/assets\/file-type-icons\/pdf.svg\" \/><\/div><\/div>        <div class=\"pull-left text-left wbt-content\"><strong class=\"ptitle\">                <a href=\"https:\/\/www.inespre.gob.do\/transparencia\/download\/noviembre-2025-nomina-de-empleados-fijos-pdf\/?wpdmdl=28758&refresh=69f73f70b44a41777811312\">Noviembre 2025 - N\u00f3mina de Empleados Fijos (PDF)<\/a>            <\/strong>            <div style=\"font-size: 8pt;padding-top: 1px\"><a href=\"https:\/\/www.inespre.gob.do\/transparencia\/download\/noviembre-2025-nomina-de-empleados-fijos-pdf\/?wpdmdl=28758&refresh=69f73f70b44a41777811312\">Descargar<\/a> <i style=\"margin: 4px 0 0 5px;opacity:0.5\"                                                           class=\"fa fa-th-large\"><\/i> 1.18 MB            <\/div>        <\/div>    <\/div><\/div><\/div><script>jQuery(function(){jQuery('.link-btn a.wpdm-download-link img').after('Descargar');jQuery('.link-btn a.wpdm-download-link img').remove();});<\/script>\n<div style=\"clear: both; margin-top: 15px;\"><\/div>\n<strong>Publicado:<\/strong> 12 de diciembre, 2025\n<div style=\"clear: both; margin-top: 15px;\"><\/div>\n        <div class=\"w3eden clear\" align=\"right\"><div class=\"link-btn light\">    <div class=\"media\">        <div class=\"pull-left wbt-left\"><div class=\"wbt-icon\"><img decoding=\"async\" class=\"wpdm_icon\" alt=\"Icono\"   src=\"https:\/\/www.inespre.gob.do\/transparencia\/wp-content\/plugins\/download-manager\/assets\/file-type-icons\/xlsx2.svg\" \/><\/div><\/div>        <div class=\"pull-left text-left wbt-content\"><strong class=\"ptitle\">                <a href=\"https:\/\/www.inespre.gob.do\/transparencia\/download\/noviembre-2025-nomina-empleados-de-caracter-temporal-xlsx\/?wpdmdl=28760&refresh=69f73f70b47df1777811312\">Noviembre 2025 - N\u00f3mina Empleados de Car\u00e1cter Temporal (XLSX)<\/a>            <\/strong>            <div style=\"font-size: 8pt;padding-top: 1px\"><a href=\"https:\/\/www.inespre.gob.do\/transparencia\/download\/noviembre-2025-nomina-empleados-de-caracter-temporal-xlsx\/?wpdmdl=28760&refresh=69f73f70b47df1777811312\">Descargar<\/a> <i style=\"margin: 4px 0 0 5px;opacity:0.5\"                                                           class=\"fa fa-th-large\"><\/i> 135.00 KB            <\/div>        <\/div>    <\/div><\/div><\/div><script>jQuery(function(){jQuery('.link-btn a.wpdm-download-link img').after('Descargar');jQuery('.link-btn a.wpdm-download-link img').remove();});<\/script>\n<div style=\"clear: both; margin-top: 15px;\"><\/div>\n<strong>Publicado:<\/strong> 12 de diciembre, 2025\n<div style=\"clear: both; margin-top: 15px;\"><\/div>\n        <div class=\"w3eden clear\" align=\"right\"><div class=\"link-btn light\">    <div class=\"media\">        <div class=\"pull-left wbt-left\"><div class=\"wbt-icon\"><img decoding=\"async\" class=\"wpdm_icon\" alt=\"Icono\"   src=\"https:\/\/www.inespre.gob.do\/transparencia\/wp-content\/plugins\/download-manager\/assets\/file-type-icons\/pdf.svg\" \/><\/div><\/div>        <div class=\"pull-left text-left wbt-content\"><strong class=\"ptitle\">                <a href=\"https:\/\/www.inespre.gob.do\/transparencia\/download\/noviembre-2025-nomina-empleados-de-caracter-temporal-pdf\/?wpdmdl=28762&refresh=69f73f70b4b421777811312\">Noviembre 2025 - N\u00f3mina Empleados de Car\u00e1cter Temporal (PDF)<\/a>            <\/strong>            <div style=\"font-size: 8pt;padding-top: 1px\"><a href=\"https:\/\/www.inespre.gob.do\/transparencia\/download\/noviembre-2025-nomina-empleados-de-caracter-temporal-pdf\/?wpdmdl=28762&refresh=69f73f70b4b421777811312\">Descargar<\/a> <i style=\"margin: 4px 0 0 5px;opacity:0.5\"                                                           class=\"fa fa-th-large\"><\/i> 259.84 KB            <\/div>        <\/div>    <\/div><\/div><\/div><script>jQuery(function(){jQuery('.link-btn a.wpdm-download-link img').after('Descargar');jQuery('.link-btn a.wpdm-download-link img').remove();});<\/script>\n<div style=\"clear: both; margin-top: 15px;\"><\/div>\n<strong>Publicado:<\/strong> 12 de diciembre, 2025\n<div style=\"clear: both; margin-top: 15px;\"><\/div>\n        <div class=\"w3eden clear\" align=\"right\"><div class=\"link-btn light\">    <div class=\"media\">        <div class=\"pull-left wbt-left\"><div class=\"wbt-icon\"><img decoding=\"async\" class=\"wpdm_icon\" alt=\"Icono\"   src=\"https:\/\/www.inespre.gob.do\/transparencia\/wp-content\/plugins\/download-manager\/assets\/file-type-icons\/xlsx2.svg\" \/><\/div><\/div>        <div class=\"pull-left text-left wbt-content\"><strong class=\"ptitle\">                <a href=\"https:\/\/www.inespre.gob.do\/transparencia\/download\/noviembre-2025-nomina-empleados-en-interinato-xlsx\/?wpdmdl=28763&refresh=69f73f70b4e8a1777811312\">Noviembre 2025 - N\u00f3mina Empleados en Interinato (XLSX)<\/a>            <\/strong>            <div style=\"font-size: 8pt;padding-top: 1px\"><a href=\"https:\/\/www.inespre.gob.do\/transparencia\/download\/noviembre-2025-nomina-empleados-en-interinato-xlsx\/?wpdmdl=28763&refresh=69f73f70b4e8a1777811312\">Descargar<\/a> <i style=\"margin: 4px 0 0 5px;opacity:0.5\"                                                           class=\"fa fa-th-large\"><\/i> 112.50 KB            <\/div>        <\/div>    <\/div><\/div><\/div><script>jQuery(function(){jQuery('.link-btn a.wpdm-download-link img').after('Descargar');jQuery('.link-btn a.wpdm-download-link img').remove();});<\/script>\n<div style=\"clear: both; margin-top: 15px;\"><\/div>\n<strong>Publicado:<\/strong> 12 de diciembre, 2025\n<div style=\"clear: both; margin-top: 15px;\"><\/div>\n        <div class=\"w3eden clear\" align=\"right\"><div class=\"link-btn light\">    <div class=\"media\">        <div class=\"pull-left wbt-left\"><div class=\"wbt-icon\"><img decoding=\"async\" class=\"wpdm_icon\" alt=\"Icono\"   src=\"https:\/\/www.inespre.gob.do\/transparencia\/wp-content\/plugins\/download-manager\/assets\/file-type-icons\/pdf.svg\" \/><\/div><\/div>        <div class=\"pull-left text-left wbt-content\"><strong class=\"ptitle\">                <a href=\"https:\/\/www.inespre.gob.do\/transparencia\/download\/noviembre-2025-nomina-empleados-en-interinato-pdf\/?wpdmdl=28764&refresh=69f73f70b51d11777811312\">Noviembre 2025 - N\u00f3mina Empleados en Interinato (PDF)<\/a>            <\/strong>            <div style=\"font-size: 8pt;padding-top: 1px\"><a href=\"https:\/\/www.inespre.gob.do\/transparencia\/download\/noviembre-2025-nomina-empleados-en-interinato-pdf\/?wpdmdl=28764&refresh=69f73f70b51d11777811312\">Descargar<\/a> <i style=\"margin: 4px 0 0 5px;opacity:0.5\"                                                           class=\"fa fa-th-large\"><\/i> 233.23 KB            <\/div>        <\/div>    <\/div><\/div><\/div><script>jQuery(function(){jQuery('.link-btn a.wpdm-download-link img').after('Descargar');jQuery('.link-btn a.wpdm-download-link img').remove();});<\/script>\n<div style=\"clear: both; margin-top: 15px;\"><\/div>\n<strong>Publicado:<\/strong> 12 de diciembre, 2025\n<div style=\"clear: both; margin-top: 15px;\"><\/div>\n\n<hr \/>\n\n<h5>Octubre<\/h5>\n        <div class=\"w3eden clear\" align=\"right\"><div class=\"link-btn light\">    <div class=\"media\">        <div class=\"pull-left wbt-left\"><div class=\"wbt-icon\"><img decoding=\"async\" class=\"wpdm_icon\" alt=\"Icono\"   src=\"https:\/\/www.inespre.gob.do\/transparencia\/wp-content\/plugins\/download-manager\/assets\/file-type-icons\/txt.svg\" \/><\/div><\/div>        <div class=\"pull-left text-left wbt-content\"><strong class=\"ptitle\">                <a href=\"https:\/\/www.inespre.gob.do\/transparencia\/download\/esta-institucion-no-tiene-personal-contratado-en-octubre-2025\/?wpdmdl=28683&refresh=69f73f70b556b1777811312\">Esta instituci\u00f3n no tiene personal contratado en octubre 2025.<\/a>            <\/strong>            <div style=\"font-size: 8pt;padding-top: 1px\"><a href=\"https:\/\/www.inespre.gob.do\/transparencia\/download\/esta-institucion-no-tiene-personal-contratado-en-octubre-2025\/?wpdmdl=28683&refresh=69f73f70b556b1777811312\">Descargar<\/a> <i style=\"margin: 4px 0 0 5px;opacity:0.5\"                                                           class=\"fa fa-th-large\"><\/i> 0.06 KB            <\/div>        <\/div>    <\/div><\/div><\/div><script>jQuery(function(){jQuery('.link-btn a.wpdm-download-link img').after('Descargar');jQuery('.link-btn a.wpdm-download-link img').remove();});<\/script>\n<div style=\"clear: both; margin-top: 15px;\"><\/div>\n<strong>Publicado:<\/strong> 14 de noviembre, 2025\n<div style=\"clear: both; margin-top: 15px;\"><\/div>\n        <div class=\"w3eden clear\" align=\"right\"><div class=\"link-btn light\">    <div class=\"media\">        <div class=\"pull-left wbt-left\"><div class=\"wbt-icon\"><img decoding=\"async\" class=\"wpdm_icon\" alt=\"Icono\"   src=\"https:\/\/www.inespre.gob.do\/transparencia\/wp-content\/plugins\/download-manager\/assets\/file-type-icons\/xlsx2.svg\" \/><\/div><\/div>        <div class=\"pull-left text-left wbt-content\"><strong class=\"ptitle\">                <a href=\"https:\/\/www.inespre.gob.do\/transparencia\/download\/octubre-2025-nomina-de-empleados-fijos-xlsx\/?wpdmdl=28689&refresh=69f73f70b58bd1777811312\">Octubre 2025 - N\u00f3mina de Empleados Fijos (XLSX)<\/a>            <\/strong>            <div style=\"font-size: 8pt;padding-top: 1px\"><a href=\"https:\/\/www.inespre.gob.do\/transparencia\/download\/octubre-2025-nomina-de-empleados-fijos-xlsx\/?wpdmdl=28689&refresh=69f73f70b58bd1777811312\">Descargar<\/a> <i style=\"margin: 4px 0 0 5px;opacity:0.5\"                                                           class=\"fa fa-th-large\"><\/i> 480.00 KB            <\/div>        <\/div>    <\/div><\/div><\/div><script>jQuery(function(){jQuery('.link-btn a.wpdm-download-link img').after('Descargar');jQuery('.link-btn a.wpdm-download-link img').remove();});<\/script>\n<div style=\"clear: both; margin-top: 15px;\"><\/div>\n<strong>Publicado:<\/strong> 14 de noviembre, 2025\n<div style=\"clear: both; margin-top: 15px;\"><\/div>\n        <div class=\"w3eden clear\" align=\"right\"><div class=\"link-btn light\">    <div class=\"media\">        <div class=\"pull-left wbt-left\"><div class=\"wbt-icon\"><img decoding=\"async\" class=\"wpdm_icon\" alt=\"Icono\"   src=\"https:\/\/www.inespre.gob.do\/transparencia\/wp-content\/plugins\/download-manager\/assets\/file-type-icons\/pdf.svg\" \/><\/div><\/div>        <div class=\"pull-left text-left wbt-content\"><strong class=\"ptitle\">                <a href=\"https:\/\/www.inespre.gob.do\/transparencia\/download\/octubre-2025-nomina-de-empleados-fijos-pdf\/?wpdmdl=28694&refresh=69f73f70b5c081777811312\">Octubre 2025 - N\u00f3mina de Empleados Fijos (PDF)<\/a>            <\/strong>            <div style=\"font-size: 8pt;padding-top: 1px\"><a href=\"https:\/\/www.inespre.gob.do\/transparencia\/download\/octubre-2025-nomina-de-empleados-fijos-pdf\/?wpdmdl=28694&refresh=69f73f70b5c081777811312\">Descargar<\/a> <i style=\"margin: 4px 0 0 5px;opacity:0.5\"                                                           class=\"fa fa-th-large\"><\/i> 1.18 MB            <\/div>        <\/div>    <\/div><\/div><\/div><script>jQuery(function(){jQuery('.link-btn a.wpdm-download-link img').after('Descargar');jQuery('.link-btn a.wpdm-download-link img').remove();});<\/script>\n<div style=\"clear: both; margin-top: 15px;\"><\/div>\n<strong>Publicado:<\/strong> 14 de noviembre, 2025\n<div style=\"clear: both; margin-top: 15px;\"><\/div>\n        <div class=\"w3eden clear\" align=\"right\"><div class=\"link-btn light\">    <div class=\"media\">        <div class=\"pull-left wbt-left\"><div class=\"wbt-icon\"><img decoding=\"async\" class=\"wpdm_icon\" alt=\"Icono\"   src=\"https:\/\/www.inespre.gob.do\/transparencia\/wp-content\/plugins\/download-manager\/assets\/file-type-icons\/xlsx2.svg\" \/><\/div><\/div>        <div class=\"pull-left text-left wbt-content\"><strong class=\"ptitle\">                <a href=\"https:\/\/www.inespre.gob.do\/transparencia\/download\/octubre-2025-nomina-empleados-de-caracter-temporal-xlsx\/?wpdmdl=28687&refresh=69f73f70b5f361777811312\">Octubre 2025 - N\u00f3mina Empleados de Car\u00e1cter Temporal (XLSX)<\/a>            <\/strong>            <div style=\"font-size: 8pt;padding-top: 1px\"><a href=\"https:\/\/www.inespre.gob.do\/transparencia\/download\/octubre-2025-nomina-empleados-de-caracter-temporal-xlsx\/?wpdmdl=28687&refresh=69f73f70b5f361777811312\">Descargar<\/a> <i style=\"margin: 4px 0 0 5px;opacity:0.5\"                                                           class=\"fa fa-th-large\"><\/i> 134.00 KB            <\/div>        <\/div>    <\/div><\/div><\/div><script>jQuery(function(){jQuery('.link-btn a.wpdm-download-link img').after('Descargar');jQuery('.link-btn a.wpdm-download-link img').remove();});<\/script>\n<div style=\"clear: both; margin-top: 15px;\"><\/div>\n<strong>Publicado:<\/strong> 14 de noviembre, 2025\n<div style=\"clear: both; margin-top: 15px;\"><\/div>\n        <div class=\"w3eden clear\" align=\"right\"><div class=\"link-btn light\">    <div class=\"media\">        <div class=\"pull-left wbt-left\"><div class=\"wbt-icon\"><img decoding=\"async\" class=\"wpdm_icon\" alt=\"Icono\"   src=\"https:\/\/www.inespre.gob.do\/transparencia\/wp-content\/plugins\/download-manager\/assets\/file-type-icons\/pdf.svg\" \/><\/div><\/div>        <div class=\"pull-left text-left wbt-content\"><strong class=\"ptitle\">                <a href=\"https:\/\/www.inespre.gob.do\/transparencia\/download\/octubre-2025-nomina-empleados-de-caracter-temporal-pdf\/?wpdmdl=28686&refresh=69f73f70b62771777811312\">Octubre 2025 - N\u00f3mina Empleados de Car\u00e1cter Temporal (PDF)<\/a>            <\/strong>            <div style=\"font-size: 8pt;padding-top: 1px\"><a href=\"https:\/\/www.inespre.gob.do\/transparencia\/download\/octubre-2025-nomina-empleados-de-caracter-temporal-pdf\/?wpdmdl=28686&refresh=69f73f70b62771777811312\">Descargar<\/a> <i style=\"margin: 4px 0 0 5px;opacity:0.5\"                                                           class=\"fa fa-th-large\"><\/i> 252.26 KB            <\/div>        <\/div>    <\/div><\/div><\/div><script>jQuery(function(){jQuery('.link-btn a.wpdm-download-link img').after('Descargar');jQuery('.link-btn a.wpdm-download-link img').remove();});<\/script>\n<div style=\"clear: both; margin-top: 15px;\"><\/div>\n<strong>Publicado:<\/strong> 14 de noviembre, 2025\n<div style=\"clear: both; margin-top: 15px;\"><\/div>\n        <div class=\"w3eden clear\" align=\"right\"><div class=\"link-btn light\">    <div class=\"media\">        <div class=\"pull-left wbt-left\"><div class=\"wbt-icon\"><img decoding=\"async\" class=\"wpdm_icon\" alt=\"Icono\"   src=\"https:\/\/www.inespre.gob.do\/transparencia\/wp-content\/plugins\/download-manager\/assets\/file-type-icons\/xlsx2.svg\" \/><\/div><\/div>        <div class=\"pull-left text-left wbt-content\"><strong class=\"ptitle\">                <a href=\"https:\/\/www.inespre.gob.do\/transparencia\/download\/octubre-2025-nomina-empleados-en-interinato-xlsx\/?wpdmdl=28684&refresh=69f73f70b65b21777811312\">Octubre 2025 - N\u00f3mina Empleados en Interinato (XLSX)<\/a>            <\/strong>            <div style=\"font-size: 8pt;padding-top: 1px\"><a href=\"https:\/\/www.inespre.gob.do\/transparencia\/download\/octubre-2025-nomina-empleados-en-interinato-xlsx\/?wpdmdl=28684&refresh=69f73f70b65b21777811312\">Descargar<\/a> <i style=\"margin: 4px 0 0 5px;opacity:0.5\"                                                           class=\"fa fa-th-large\"><\/i> 112.50 KB            <\/div>        <\/div>    <\/div><\/div><\/div><script>jQuery(function(){jQuery('.link-btn a.wpdm-download-link img').after('Descargar');jQuery('.link-btn a.wpdm-download-link img').remove();});<\/script>\n<div style=\"clear: both; margin-top: 15px;\"><\/div>\n<strong>Publicado:<\/strong> 14 de noviembre, 2025\n<div style=\"clear: both; margin-top: 15px;\"><\/div>\n        <div class=\"w3eden clear\" align=\"right\"><div class=\"link-btn light\">    <div class=\"media\">        <div class=\"pull-left wbt-left\"><div class=\"wbt-icon\"><img decoding=\"async\" class=\"wpdm_icon\" alt=\"Icono\"   src=\"https:\/\/www.inespre.gob.do\/transparencia\/wp-content\/plugins\/download-manager\/assets\/file-type-icons\/pdf.svg\" \/><\/div><\/div>        <div class=\"pull-left text-left wbt-content\"><strong class=\"ptitle\">                <a href=\"https:\/\/www.inespre.gob.do\/transparencia\/download\/octubre-2025-nomina-empleados-en-interinato-pdf\/?wpdmdl=28685&refresh=69f73f70b69011777811312\">Octubre 2025 - N\u00f3mina Empleados en Interinato (PDF)<\/a>            <\/strong>            <div style=\"font-size: 8pt;padding-top: 1px\"><a href=\"https:\/\/www.inespre.gob.do\/transparencia\/download\/octubre-2025-nomina-empleados-en-interinato-pdf\/?wpdmdl=28685&refresh=69f73f70b69011777811312\">Descargar<\/a> <i style=\"margin: 4px 0 0 5px;opacity:0.5\"                                                           class=\"fa fa-th-large\"><\/i> 239.12 KB            <\/div>        <\/div>    <\/div><\/div><\/div><script>jQuery(function(){jQuery('.link-btn a.wpdm-download-link img').after('Descargar');jQuery('.link-btn a.wpdm-download-link img').remove();});<\/script>\n<div style=\"clear: both; margin-top: 15px;\"><\/div>\n<strong>Publicado:<\/strong> 14 de noviembre, 2025\n<div style=\"clear: both; margin-top: 15px;\"><\/div>\n\n<hr \/>\n\n<h5>Septiembre<\/h5>\n        <div class=\"w3eden clear\" align=\"right\"><div class=\"link-btn light\">    <div class=\"media\">        <div class=\"pull-left wbt-left\"><div class=\"wbt-icon\"><img decoding=\"async\" class=\"wpdm_icon\" alt=\"Icono\"   src=\"https:\/\/www.inespre.gob.do\/transparencia\/wp-content\/plugins\/download-manager\/assets\/file-type-icons\/txt.svg\" \/><\/div><\/div>        <div class=\"pull-left text-left wbt-content\"><strong class=\"ptitle\">                <a href=\"https:\/\/www.inespre.gob.do\/transparencia\/download\/esta-institucion-no-tiene-personal-contratado-en-septiembre-2025\/?wpdmdl=28486&refresh=69f73f70b6c491777811312\">Esta instituci\u00f3n no tiene personal contratado en septiembre 2025.<\/a>            <\/strong>            <div style=\"font-size: 8pt;padding-top: 1px\"><a href=\"https:\/\/www.inespre.gob.do\/transparencia\/download\/esta-institucion-no-tiene-personal-contratado-en-septiembre-2025\/?wpdmdl=28486&refresh=69f73f70b6c491777811312\">Descargar<\/a> <i style=\"margin: 4px 0 0 5px;opacity:0.5\"                                                           class=\"fa fa-th-large\"><\/i> 0.07 KB            <\/div>        <\/div>    <\/div><\/div><\/div><script>jQuery(function(){jQuery('.link-btn a.wpdm-download-link img').after('Descargar');jQuery('.link-btn a.wpdm-download-link img').remove();});<\/script>\n<div style=\"clear: both; margin-top: 15px;\"><\/div>\n<strong>Publicado:<\/strong> 07 de octubre, 2025\n<div style=\"clear: both; margin-top: 15px;\"><\/div>\n\n<hr \/>\n\n        <div class=\"w3eden clear\" align=\"right\"><div class=\"link-btn light\">    <div class=\"media\">        <div class=\"pull-left wbt-left\"><div class=\"wbt-icon\"><img decoding=\"async\" class=\"wpdm_icon\" alt=\"Icono\"   src=\"https:\/\/www.inespre.gob.do\/transparencia\/wp-content\/plugins\/download-manager\/assets\/file-type-icons\/xlsx2.svg\" \/><\/div><\/div>        <div class=\"pull-left text-left wbt-content\"><strong class=\"ptitle\">                <a href=\"https:\/\/www.inespre.gob.do\/transparencia\/download\/septiembre-2025-nomina-de-empleados-fijos-xlsx\/?wpdmdl=28487&refresh=69f73f70b6f431777811312\">Septiembre 2025 - N\u00f3mina de Empleados Fijos (XLSX)<\/a>            <\/strong>            <div style=\"font-size: 8pt;padding-top: 1px\"><a href=\"https:\/\/www.inespre.gob.do\/transparencia\/download\/septiembre-2025-nomina-de-empleados-fijos-xlsx\/?wpdmdl=28487&refresh=69f73f70b6f431777811312\">Descargar<\/a> <i style=\"margin: 4px 0 0 5px;opacity:0.5\"                                                           class=\"fa fa-th-large\"><\/i> 486.50 KB            <\/div>        <\/div>    <\/div><\/div><\/div><script>jQuery(function(){jQuery('.link-btn a.wpdm-download-link img').after('Descargar');jQuery('.link-btn a.wpdm-download-link img').remove();});<\/script>\n<div style=\"clear: both; margin-top: 15px;\"><\/div>\n<strong>Publicado:<\/strong> 07 de octubre, 2025\n<div style=\"clear: both; margin-top: 15px;\"><\/div>\n\n<hr \/>\n\n        <div class=\"w3eden clear\" align=\"right\"><div class=\"link-btn light\">    <div class=\"media\">        <div class=\"pull-left wbt-left\"><div class=\"wbt-icon\"><img decoding=\"async\" class=\"wpdm_icon\" alt=\"Icono\"   src=\"https:\/\/www.inespre.gob.do\/transparencia\/wp-content\/plugins\/download-manager\/assets\/file-type-icons\/pdf.svg\" \/><\/div><\/div>        <div class=\"pull-left text-left wbt-content\"><strong class=\"ptitle\">                <a href=\"https:\/\/www.inespre.gob.do\/transparencia\/download\/septiembre-2025-nomina-de-empleados-fijos-pdf\/?wpdmdl=28488&refresh=69f73f70b72591777811312\">Septiembre 2025 - N\u00f3mina de Empleados Fijos (PDF)<\/a>            <\/strong>            <div style=\"font-size: 8pt;padding-top: 1px\"><a href=\"https:\/\/www.inespre.gob.do\/transparencia\/download\/septiembre-2025-nomina-de-empleados-fijos-pdf\/?wpdmdl=28488&refresh=69f73f70b72591777811312\">Descargar<\/a> <i style=\"margin: 4px 0 0 5px;opacity:0.5\"                                                           class=\"fa fa-th-large\"><\/i> 1.18 MB            <\/div>        <\/div>    <\/div><\/div><\/div><script>jQuery(function(){jQuery('.link-btn a.wpdm-download-link img').after('Descargar');jQuery('.link-btn a.wpdm-download-link img').remove();});<\/script>\n<div style=\"clear: both; margin-top: 15px;\"><\/div>\n<strong>Publicado:<\/strong> 07 de octubre, 2025\n<div style=\"clear: both; margin-top: 15px;\"><\/div>\n\n<hr \/>\n\n        <div class=\"w3eden clear\" align=\"right\"><div class=\"link-btn light\">    <div class=\"media\">        <div class=\"pull-left wbt-left\"><div class=\"wbt-icon\"><img decoding=\"async\" class=\"wpdm_icon\" alt=\"Icono\"   src=\"https:\/\/www.inespre.gob.do\/transparencia\/wp-content\/plugins\/download-manager\/assets\/file-type-icons\/xlsx2.svg\" \/><\/div><\/div>        <div class=\"pull-left text-left wbt-content\"><strong class=\"ptitle\">                <a href=\"https:\/\/www.inespre.gob.do\/transparencia\/download\/septiembre-2025-nomina-empleados-de-caracter-temporal-xlsx\/?wpdmdl=28491&refresh=69f73f70b75531777811312\">Septiembre 2025 - N\u00f3mina Empleados de Car\u00e1cter Temporal (XLSX)<\/a>            <\/strong>            <div style=\"font-size: 8pt;padding-top: 1px\"><a href=\"https:\/\/www.inespre.gob.do\/transparencia\/download\/septiembre-2025-nomina-empleados-de-caracter-temporal-xlsx\/?wpdmdl=28491&refresh=69f73f70b75531777811312\">Descargar<\/a> <i style=\"margin: 4px 0 0 5px;opacity:0.5\"                                                           class=\"fa fa-th-large\"><\/i> 133.50 KB            <\/div>        <\/div>    <\/div><\/div><\/div><script>jQuery(function(){jQuery('.link-btn a.wpdm-download-link img').after('Descargar');jQuery('.link-btn a.wpdm-download-link img').remove();});<\/script>\n<div style=\"clear: both; margin-top: 15px;\"><\/div>\n<strong>Publicado:<\/strong> 07 de octubre, 2025\n<div style=\"clear: both; margin-top: 15px;\"><\/div>\n\n<hr \/>\n\n        <div class=\"w3eden clear\" align=\"right\"><div class=\"link-btn light\">    <div class=\"media\">        <div class=\"pull-left wbt-left\"><div class=\"wbt-icon\"><img decoding=\"async\" class=\"wpdm_icon\" alt=\"Icono\"   src=\"https:\/\/www.inespre.gob.do\/transparencia\/wp-content\/plugins\/download-manager\/assets\/file-type-icons\/pdf.svg\" \/><\/div><\/div>        <div class=\"pull-left text-left wbt-content\"><strong class=\"ptitle\">                <a href=\"https:\/\/www.inespre.gob.do\/transparencia\/download\/septiembre-2025-nomina-empleados-de-caracter-temporal-pdf\/?wpdmdl=28492&refresh=69f73f70b791a1777811312\">Septiembre 2025 - N\u00f3mina Empleados de Car\u00e1cter Temporal (PDF)<\/a>            <\/strong>            <div style=\"font-size: 8pt;padding-top: 1px\"><a href=\"https:\/\/www.inespre.gob.do\/transparencia\/download\/septiembre-2025-nomina-empleados-de-caracter-temporal-pdf\/?wpdmdl=28492&refresh=69f73f70b791a1777811312\">Descargar<\/a> <i style=\"margin: 4px 0 0 5px;opacity:0.5\"                                                           class=\"fa fa-th-large\"><\/i> 247.59 KB            <\/div>        <\/div>    <\/div><\/div><\/div><script>jQuery(function(){jQuery('.link-btn a.wpdm-download-link img').after('Descargar');jQuery('.link-btn a.wpdm-download-link img').remove();});<\/script>\n<div style=\"clear: both; margin-top: 15px;\"><\/div>\n<strong>Publicado:<\/strong> 07 de octubre, 2025\n<div style=\"clear: both; margin-top: 15px;\"><\/div>\n\n<hr \/>\n\n        <div class=\"w3eden clear\" align=\"right\"><div class=\"link-btn light\">    <div class=\"media\">        <div class=\"pull-left wbt-left\"><div class=\"wbt-icon\"><img decoding=\"async\" class=\"wpdm_icon\" alt=\"Icono\"   src=\"https:\/\/www.inespre.gob.do\/transparencia\/wp-content\/plugins\/download-manager\/assets\/file-type-icons\/xlsx2.svg\" \/><\/div><\/div>        <div class=\"pull-left text-left wbt-content\"><strong class=\"ptitle\">                <a href=\"https:\/\/www.inespre.gob.do\/transparencia\/download\/septiembre-2025-nomina-empleados-en-interinato-xlsx\/?wpdmdl=28493&refresh=69f73f70b7cac1777811312\">Septiembre 2025 - N\u00f3mina Empleados en Interinato (XLSX)<\/a>            <\/strong>            <div style=\"font-size: 8pt;padding-top: 1px\"><a href=\"https:\/\/www.inespre.gob.do\/transparencia\/download\/septiembre-2025-nomina-empleados-en-interinato-xlsx\/?wpdmdl=28493&refresh=69f73f70b7cac1777811312\">Descargar<\/a> <i style=\"margin: 4px 0 0 5px;opacity:0.5\"                                                           class=\"fa fa-th-large\"><\/i> 112.50 KB            <\/div>        <\/div>    <\/div><\/div><\/div><script>jQuery(function(){jQuery('.link-btn a.wpdm-download-link img').after('Descargar');jQuery('.link-btn a.wpdm-download-link img').remove();});<\/script>\n<div style=\"clear: both; margin-top: 15px;\"><\/div>\n<strong>Publicado:<\/strong> 07 de octubre, 2025\n<div style=\"clear: both; margin-top: 15px;\"><\/div>\n\n<hr \/>\n\n        <div class=\"w3eden clear\" align=\"right\"><div class=\"link-btn light\">    <div class=\"media\">        <div class=\"pull-left wbt-left\"><div class=\"wbt-icon\"><img decoding=\"async\" class=\"wpdm_icon\" alt=\"Icono\"   src=\"https:\/\/www.inespre.gob.do\/transparencia\/wp-content\/plugins\/download-manager\/assets\/file-type-icons\/pdf.svg\" \/><\/div><\/div>        <div class=\"pull-left text-left wbt-content\"><strong class=\"ptitle\">                <a href=\"https:\/\/www.inespre.gob.do\/transparencia\/download\/septiembre-2025-nomina-empleados-en-interinato-pdf\/?wpdmdl=28496&refresh=69f73f70b7fd61777811312\">Septiembre 2025 - N\u00f3mina Empleados en Interinato (PDF)<\/a>            <\/strong>            <div style=\"font-size: 8pt;padding-top: 1px\"><a href=\"https:\/\/www.inespre.gob.do\/transparencia\/download\/septiembre-2025-nomina-empleados-en-interinato-pdf\/?wpdmdl=28496&refresh=69f73f70b7fd61777811312\">Descargar<\/a> <i style=\"margin: 4px 0 0 5px;opacity:0.5\"                                                           class=\"fa fa-th-large\"><\/i> 233.92 KB            <\/div>        <\/div>    <\/div><\/div><\/div><script>jQuery(function(){jQuery('.link-btn a.wpdm-download-link img').after('Descargar');jQuery('.link-btn a.wpdm-download-link img').remove();});<\/script>\n<div style=\"clear: both; margin-top: 15px;\"><\/div>\n<strong>Publicado:<\/strong> 07 de octubre, 2025\n<div style=\"clear: both; margin-top: 15px;\"><\/div>\n\n<hr \/>\n\n<h5>Agosto<\/h5>\n        <div class=\"w3eden clear\" align=\"right\"><div class=\"link-btn light\">    <div class=\"media\">        <div class=\"pull-left wbt-left\"><div class=\"wbt-icon\"><img decoding=\"async\" class=\"wpdm_icon\" alt=\"Icono\"   src=\"https:\/\/www.inespre.gob.do\/transparencia\/wp-content\/plugins\/download-manager\/assets\/file-type-icons\/txt.svg\" \/><\/div><\/div>        <div class=\"pull-left text-left wbt-content\"><strong class=\"ptitle\">                <a href=\"https:\/\/www.inespre.gob.do\/transparencia\/download\/esta-institucion-no-tiene-personal-contratado-en-agosto-2025\/?wpdmdl=28432&refresh=69f73f70b82e81777811312\">Esta instituci\u00f3n no tiene personal contratado en agosto 2025.<\/a>            <\/strong>            <div style=\"font-size: 8pt;padding-top: 1px\"><a href=\"https:\/\/www.inespre.gob.do\/transparencia\/download\/esta-institucion-no-tiene-personal-contratado-en-agosto-2025\/?wpdmdl=28432&refresh=69f73f70b82e81777811312\">Descargar<\/a> <i style=\"margin: 4px 0 0 5px;opacity:0.5\"                                                           class=\"fa fa-th-large\"><\/i> 0.06 KB            <\/div>        <\/div>    <\/div><\/div><\/div><script>jQuery(function(){jQuery('.link-btn a.wpdm-download-link img').after('Descargar');jQuery('.link-btn a.wpdm-download-link img').remove();});<\/script>\n<div style=\"clear: both; margin-top: 15px;\"><\/div>\n<strong>Publicado:<\/strong> 18 de septiembre, 2025\n<div style=\"clear: both; margin-top: 15px;\"><\/div>\n\n<hr \/>\n\n        <div class=\"w3eden clear\" align=\"right\"><div class=\"link-btn light\">    <div class=\"media\">        <div class=\"pull-left wbt-left\"><div class=\"wbt-icon\"><img decoding=\"async\" class=\"wpdm_icon\" alt=\"Icono\"   src=\"https:\/\/www.inespre.gob.do\/transparencia\/wp-content\/plugins\/download-manager\/assets\/file-type-icons\/xlsx2.svg\" \/><\/div><\/div>        <div class=\"pull-left text-left wbt-content\"><strong class=\"ptitle\">                <a href=\"https:\/\/www.inespre.gob.do\/transparencia\/download\/agosto-2025-nomina-de-empleados-fijos-xlsx\/?wpdmdl=28430&refresh=69f73f70b85f11777811312\">Agosto 2025 - N\u00f3mina de Empleados Fijos (XLSX)<\/a>            <\/strong>            <div style=\"font-size: 8pt;padding-top: 1px\"><a href=\"https:\/\/www.inespre.gob.do\/transparencia\/download\/agosto-2025-nomina-de-empleados-fijos-xlsx\/?wpdmdl=28430&refresh=69f73f70b85f11777811312\">Descargar<\/a> <i style=\"margin: 4px 0 0 5px;opacity:0.5\"                                                           class=\"fa fa-th-large\"><\/i> 852.00 KB            <\/div>        <\/div>    <\/div><\/div><\/div><script>jQuery(function(){jQuery('.link-btn a.wpdm-download-link img').after('Descargar');jQuery('.link-btn a.wpdm-download-link img').remove();});<\/script>\n<div style=\"clear: both; margin-top: 15px;\"><\/div>\n<strong>Publicado:<\/strong> 18 de septiembre, 2025\n<div style=\"clear: both; margin-top: 15px;\"><\/div>\n\n<hr \/>\n\n        <div class=\"w3eden clear\" align=\"right\"><div class=\"link-btn light\">    <div class=\"media\">        <div class=\"pull-left wbt-left\"><div class=\"wbt-icon\"><img decoding=\"async\" class=\"wpdm_icon\" alt=\"Icono\"   src=\"https:\/\/www.inespre.gob.do\/transparencia\/wp-content\/plugins\/download-manager\/assets\/file-type-icons\/pdf.svg\" \/><\/div><\/div>        <div class=\"pull-left text-left wbt-content\"><strong class=\"ptitle\">                <a href=\"https:\/\/www.inespre.gob.do\/transparencia\/download\/agosto-2025-nomina-de-empleados-fijos-pdf\/?wpdmdl=28431&refresh=69f73f70b891d1777811312\">Agosto 2025 - N\u00f3mina de Empleados Fijos (PDF)<\/a>            <\/strong>            <div style=\"font-size: 8pt;padding-top: 1px\"><a href=\"https:\/\/www.inespre.gob.do\/transparencia\/download\/agosto-2025-nomina-de-empleados-fijos-pdf\/?wpdmdl=28431&refresh=69f73f70b891d1777811312\">Descargar<\/a> <i style=\"margin: 4px 0 0 5px;opacity:0.5\"                                                           class=\"fa fa-th-large\"><\/i> 1.24 MB            <\/div>        <\/div>    <\/div><\/div><\/div><script>jQuery(function(){jQuery('.link-btn a.wpdm-download-link img').after('Descargar');jQuery('.link-btn a.wpdm-download-link img').remove();});<\/script>\n<div style=\"clear: both; margin-top: 15px;\"><\/div>\n<strong>Publicado:<\/strong> 18 de septiembre, 2025\n<div style=\"clear: both; margin-top: 15px;\"><\/div>\n\n<hr \/>\n\n        <div class=\"w3eden clear\" align=\"right\"><div class=\"link-btn light\">    <div class=\"media\">        <div class=\"pull-left wbt-left\"><div class=\"wbt-icon\"><img decoding=\"async\" class=\"wpdm_icon\" alt=\"Icono\"   src=\"https:\/\/www.inespre.gob.do\/transparencia\/wp-content\/plugins\/download-manager\/assets\/file-type-icons\/xlsx2.svg\" \/><\/div><\/div>        <div class=\"pull-left text-left wbt-content\"><strong class=\"ptitle\">                <a href=\"https:\/\/www.inespre.gob.do\/transparencia\/download\/agosto-2025-nomina-empleados-en-periodo-probatorio-xlsx\/?wpdmdl=28434&refresh=69f73f70b8c361777811312\">Agosto 2025 - N\u00f3mina Empleados en Per\u00edodo Probatorio (XLSX)<\/a>            <\/strong>            <div style=\"font-size: 8pt;padding-top: 1px\"><a href=\"https:\/\/www.inespre.gob.do\/transparencia\/download\/agosto-2025-nomina-empleados-en-periodo-probatorio-xlsx\/?wpdmdl=28434&refresh=69f73f70b8c361777811312\">Descargar<\/a> <i style=\"margin: 4px 0 0 5px;opacity:0.5\"                                                           class=\"fa fa-th-large\"><\/i> 115.50 KB            <\/div>        <\/div>    <\/div><\/div><\/div><script>jQuery(function(){jQuery('.link-btn a.wpdm-download-link img').after('Descargar');jQuery('.link-btn a.wpdm-download-link img').remove();});<\/script>\n<div style=\"clear: both; margin-top: 15px;\"><\/div>\n<strong>Publicado:<\/strong> 18 de septiembre, 2025\n<div style=\"clear: both; margin-top: 15px;\"><\/div>\n\n<hr \/>\n\n        <div class=\"w3eden clear\" align=\"right\"><div class=\"link-btn light\">    <div class=\"media\">        <div class=\"pull-left wbt-left\"><div class=\"wbt-icon\"><img decoding=\"async\" class=\"wpdm_icon\" alt=\"Icono\"   src=\"https:\/\/www.inespre.gob.do\/transparencia\/wp-content\/plugins\/download-manager\/assets\/file-type-icons\/pdf.svg\" \/><\/div><\/div>        <div class=\"pull-left text-left wbt-content\"><strong class=\"ptitle\">                <a href=\"https:\/\/www.inespre.gob.do\/transparencia\/download\/agosto-2025-nomina-empleados-en-periodo-probatorio-pdf\/?wpdmdl=28435&refresh=69f73f70b8f3e1777811312\">Agosto 2025 - N\u00f3mina Empleados en Per\u00edodo Probatorio (PDF)<\/a>            <\/strong>            <div style=\"font-size: 8pt;padding-top: 1px\"><a href=\"https:\/\/www.inespre.gob.do\/transparencia\/download\/agosto-2025-nomina-empleados-en-periodo-probatorio-pdf\/?wpdmdl=28435&refresh=69f73f70b8f3e1777811312\">Descargar<\/a> <i style=\"margin: 4px 0 0 5px;opacity:0.5\"                                                           class=\"fa fa-th-large\"><\/i> 237.62 KB            <\/div>        <\/div>    <\/div><\/div><\/div><script>jQuery(function(){jQuery('.link-btn a.wpdm-download-link img').after('Descargar');jQuery('.link-btn a.wpdm-download-link img').remove();});<\/script>\n<div style=\"clear: both; margin-top: 15px;\"><\/div>\n<strong>Publicado:<\/strong> 18 de septiembre, 2025\n<div style=\"clear: both; margin-top: 15px;\"><\/div>\n\n<hr \/>\n\n        <div class=\"w3eden clear\" align=\"right\"><div class=\"link-btn light\">    <div class=\"media\">        <div class=\"pull-left wbt-left\"><div class=\"wbt-icon\"><img decoding=\"async\" class=\"wpdm_icon\" alt=\"Icono\"   src=\"https:\/\/www.inespre.gob.do\/transparencia\/wp-content\/plugins\/download-manager\/assets\/file-type-icons\/xlsx2.svg\" \/><\/div><\/div>        <div class=\"pull-left text-left wbt-content\"><strong class=\"ptitle\">                <a href=\"https:\/\/www.inespre.gob.do\/transparencia\/download\/agosto-2025-nomina-empleados-de-caracter-temporal-xlsx\/?wpdmdl=28436&refresh=69f73f70b923e1777811312\">Agosto 2025 - N\u00f3mina Empleados de Car\u00e1cter Temporal (XLSX)<\/a>            <\/strong>            <div style=\"font-size: 8pt;padding-top: 1px\"><a href=\"https:\/\/www.inespre.gob.do\/transparencia\/download\/agosto-2025-nomina-empleados-de-caracter-temporal-xlsx\/?wpdmdl=28436&refresh=69f73f70b923e1777811312\">Descargar<\/a> <i style=\"margin: 4px 0 0 5px;opacity:0.5\"                                                           class=\"fa fa-th-large\"><\/i> 130.00 KB            <\/div>        <\/div>    <\/div><\/div><\/div><script>jQuery(function(){jQuery('.link-btn a.wpdm-download-link img').after('Descargar');jQuery('.link-btn a.wpdm-download-link img').remove();});<\/script>\n<div style=\"clear: both; margin-top: 15px;\"><\/div>\n<strong>Publicado:<\/strong> 18 de septiembre, 2025\n<div style=\"clear: both; margin-top: 15px;\"><\/div>\n\n<hr \/>\n\n        <div class=\"w3eden clear\" align=\"right\"><div class=\"link-btn light\">    <div class=\"media\">        <div class=\"pull-left wbt-left\"><div class=\"wbt-icon\"><img decoding=\"async\" class=\"wpdm_icon\" alt=\"Icono\"   src=\"https:\/\/www.inespre.gob.do\/transparencia\/wp-content\/plugins\/download-manager\/assets\/file-type-icons\/pdf.svg\" \/><\/div><\/div>        <div class=\"pull-left text-left wbt-content\"><strong class=\"ptitle\">                <a href=\"https:\/\/www.inespre.gob.do\/transparencia\/download\/agosto-2025-nomina-empleados-de-caracter-temporal-pdf\/?wpdmdl=28437&refresh=69f73f70b95281777811312\">Agosto 2025 - N\u00f3mina Empleados de Car\u00e1cter Temporal (PDF)<\/a>            <\/strong>            <div style=\"font-size: 8pt;padding-top: 1px\"><a href=\"https:\/\/www.inespre.gob.do\/transparencia\/download\/agosto-2025-nomina-empleados-de-caracter-temporal-pdf\/?wpdmdl=28437&refresh=69f73f70b95281777811312\">Descargar<\/a> <i style=\"margin: 4px 0 0 5px;opacity:0.5\"                                                           class=\"fa fa-th-large\"><\/i> 316.66 KB            <\/div>        <\/div>    <\/div><\/div><\/div><script>jQuery(function(){jQuery('.link-btn a.wpdm-download-link img').after('Descargar');jQuery('.link-btn a.wpdm-download-link img').remove();});<\/script>\n<div style=\"clear: both; margin-top: 15px;\"><\/div>\n<strong>Publicado:<\/strong> 18 de septiembre, 2025\n<div style=\"clear: both; margin-top: 15px;\"><\/div>\n\n<hr \/>\n\n        <div class=\"w3eden clear\" align=\"right\"><div class=\"link-btn light\">    <div class=\"media\">        <div class=\"pull-left wbt-left\"><div class=\"wbt-icon\"><img decoding=\"async\" class=\"wpdm_icon\" alt=\"Icono\"   src=\"https:\/\/www.inespre.gob.do\/transparencia\/wp-content\/plugins\/download-manager\/assets\/file-type-icons\/xlsx2.svg\" \/><\/div><\/div>        <div class=\"pull-left text-left wbt-content\"><strong class=\"ptitle\">                <a href=\"https:\/\/www.inespre.gob.do\/transparencia\/download\/agosto-2025-nomina-empleados-en-interinato-xlsx\/?wpdmdl=28438&refresh=69f73f70b982a1777811312\">Agosto 2025 - N\u00f3mina Empleados en Interinato (XLSX)<\/a>            <\/strong>            <div style=\"font-size: 8pt;padding-top: 1px\"><a href=\"https:\/\/www.inespre.gob.do\/transparencia\/download\/agosto-2025-nomina-empleados-en-interinato-xlsx\/?wpdmdl=28438&refresh=69f73f70b982a1777811312\">Descargar<\/a> <i style=\"margin: 4px 0 0 5px;opacity:0.5\"                                                           class=\"fa fa-th-large\"><\/i> 113.00 KB            <\/div>        <\/div>    <\/div><\/div><\/div><script>jQuery(function(){jQuery('.link-btn a.wpdm-download-link img').after('Descargar');jQuery('.link-btn a.wpdm-download-link img').remove();});<\/script>\n<div style=\"clear: both; margin-top: 15px;\"><\/div>\n<strong>Publicado:<\/strong> 18 de septiembre, 2025\n<div style=\"clear: both; margin-top: 15px;\"><\/div>\n\n<hr \/>\n\n        <div class=\"w3eden clear\" align=\"right\"><div class=\"link-btn light\">    <div class=\"media\">        <div class=\"pull-left wbt-left\"><div class=\"wbt-icon\"><img decoding=\"async\" class=\"wpdm_icon\" alt=\"Icono\"   src=\"https:\/\/www.inespre.gob.do\/transparencia\/wp-content\/plugins\/download-manager\/assets\/file-type-icons\/pdf.svg\" \/><\/div><\/div>        <div class=\"pull-left text-left wbt-content\"><strong class=\"ptitle\">                <a href=\"https:\/\/www.inespre.gob.do\/transparencia\/download\/agosto-2025-nomina-empleados-en-interinato-pdf\/?wpdmdl=28439&refresh=69f73f70b9dd11777811312\">Agosto 2025 - N\u00f3mina Empleados en Interinato (PDF)<\/a>            <\/strong>            <div style=\"font-size: 8pt;padding-top: 1px\"><a href=\"https:\/\/www.inespre.gob.do\/transparencia\/download\/agosto-2025-nomina-empleados-en-interinato-pdf\/?wpdmdl=28439&refresh=69f73f70b9dd11777811312\">Descargar<\/a> <i style=\"margin: 4px 0 0 5px;opacity:0.5\"                                                           class=\"fa fa-th-large\"><\/i> 239.59 KB            <\/div>        <\/div>    <\/div><\/div><\/div><script>jQuery(function(){jQuery('.link-btn a.wpdm-download-link img').after('Descargar');jQuery('.link-btn a.wpdm-download-link img').remove();});<\/script>\n<div style=\"clear: both; margin-top: 15px;\"><\/div>\n<strong>Publicado:<\/strong> 18 de septiembre, 2025\n<div style=\"clear: both; margin-top: 15px;\"><\/div>\n\n<hr \/>\n\n<h5>Julio<\/h5>\n        <div class=\"w3eden clear\" align=\"right\"><div class=\"link-btn light\">    <div class=\"media\">        <div class=\"pull-left wbt-left\"><div class=\"wbt-icon\"><img decoding=\"async\" class=\"wpdm_icon\" alt=\"Icono\"   src=\"https:\/\/www.inespre.gob.do\/transparencia\/wp-content\/plugins\/download-manager\/assets\/file-type-icons\/txt.svg\" \/><\/div><\/div>        <div class=\"pull-left text-left wbt-content\"><strong class=\"ptitle\">                <a href=\"https:\/\/www.inespre.gob.do\/transparencia\/download\/esta-institucion-no-tiene-personal-contratado-en-julio-2025\/?wpdmdl=28328&refresh=69f73f70ba1181777811312\">Esta instituci\u00f3n no tiene personal contratado en julio 2025.<\/a>            <\/strong>            <div style=\"font-size: 8pt;padding-top: 1px\"><a href=\"https:\/\/www.inespre.gob.do\/transparencia\/download\/esta-institucion-no-tiene-personal-contratado-en-julio-2025\/?wpdmdl=28328&refresh=69f73f70ba1181777811312\">Descargar<\/a> <i style=\"margin: 4px 0 0 5px;opacity:0.5\"                                                           class=\"fa fa-th-large\"><\/i> 0.06 KB            <\/div>        <\/div>    <\/div><\/div><\/div><script>jQuery(function(){jQuery('.link-btn a.wpdm-download-link img').after('Descargar');jQuery('.link-btn a.wpdm-download-link img').remove();});<\/script>\n<div style=\"clear: both; margin-top: 15px;\"><\/div>\n<strong>Publicado:<\/strong> 18 de agosto, 2025\n<div style=\"clear: both; margin-top: 15px;\"><\/div>\n\n<hr \/>\n\n        <div class=\"w3eden clear\" align=\"right\"><div class=\"link-btn light\">    <div class=\"media\">        <div class=\"pull-left wbt-left\"><div class=\"wbt-icon\"><img decoding=\"async\" class=\"wpdm_icon\" alt=\"Icono\"   src=\"https:\/\/www.inespre.gob.do\/transparencia\/wp-content\/plugins\/download-manager\/assets\/file-type-icons\/xlsx2.svg\" \/><\/div><\/div>        <div class=\"pull-left text-left wbt-content\"><strong class=\"ptitle\">                <a href=\"https:\/\/www.inespre.gob.do\/transparencia\/download\/julio-2025-nomina-de-empleados-fijos-xlsx\/?wpdmdl=28329&refresh=69f73f70ba45c1777811312\">Julio 2025 - N\u00f3mina de Empleados Fijos (XLSX)<\/a>            <\/strong>            <div style=\"font-size: 8pt;padding-top: 1px\"><a href=\"https:\/\/www.inespre.gob.do\/transparencia\/download\/julio-2025-nomina-de-empleados-fijos-xlsx\/?wpdmdl=28329&refresh=69f73f70ba45c1777811312\">Descargar<\/a> <i style=\"margin: 4px 0 0 5px;opacity:0.5\"                                                           class=\"fa fa-th-large\"><\/i> 812.00 KB            <\/div>        <\/div>    <\/div><\/div><\/div><script>jQuery(function(){jQuery('.link-btn a.wpdm-download-link img').after('Descargar');jQuery('.link-btn a.wpdm-download-link img').remove();});<\/script>\n<div style=\"clear: both; margin-top: 15px;\"><\/div>\n<strong>Publicado:<\/strong> 18 de agosto, 2025\n<div style=\"clear: both; margin-top: 15px;\"><\/div>\n\n<hr \/>\n\n        <div class=\"w3eden clear\" align=\"right\"><div class=\"link-btn light\">    <div class=\"media\">        <div class=\"pull-left wbt-left\"><div class=\"wbt-icon\"><img decoding=\"async\" class=\"wpdm_icon\" alt=\"Icono\"   src=\"https:\/\/www.inespre.gob.do\/transparencia\/wp-content\/plugins\/download-manager\/assets\/file-type-icons\/pdf.svg\" \/><\/div><\/div>        <div class=\"pull-left text-left wbt-content\"><strong class=\"ptitle\">                <a href=\"https:\/\/www.inespre.gob.do\/transparencia\/download\/julio-2025-nomina-de-empleados-fijos-pdf\/?wpdmdl=28330&refresh=69f73f70ba7a31777811312\">Julio 2025 - N\u00f3mina de Empleados Fijos (PDF)<\/a>            <\/strong>            <div style=\"font-size: 8pt;padding-top: 1px\"><a href=\"https:\/\/www.inespre.gob.do\/transparencia\/download\/julio-2025-nomina-de-empleados-fijos-pdf\/?wpdmdl=28330&refresh=69f73f70ba7a31777811312\">Descargar<\/a> <i style=\"margin: 4px 0 0 5px;opacity:0.5\"                                                           class=\"fa fa-th-large\"><\/i> 1.18 MB            <\/div>        <\/div>    <\/div><\/div><\/div><script>jQuery(function(){jQuery('.link-btn a.wpdm-download-link img').after('Descargar');jQuery('.link-btn a.wpdm-download-link img').remove();});<\/script>\n<div style=\"clear: both; margin-top: 15px;\"><\/div>\n<strong>Publicado:<\/strong> 18 de agosto, 2025\n<div style=\"clear: both; margin-top: 15px;\"><\/div>\n\n<hr \/>\n\n        <div class=\"w3eden clear\" align=\"right\"><div class=\"link-btn light\">    <div class=\"media\">        <div class=\"pull-left wbt-left\"><div class=\"wbt-icon\"><img decoding=\"async\" class=\"wpdm_icon\" alt=\"Icono\"   src=\"https:\/\/www.inespre.gob.do\/transparencia\/wp-content\/plugins\/download-manager\/assets\/file-type-icons\/xlsx2.svg\" \/><\/div><\/div>        <div class=\"pull-left text-left wbt-content\"><strong class=\"ptitle\">                <a href=\"https:\/\/www.inespre.gob.do\/transparencia\/download\/julio-2025-nomina-empleados-en-periodo-probatorio-xlsx\/?wpdmdl=28331&refresh=69f73f70baac81777811312\">Julio 2025 - N\u00f3mina Empleados en Per\u00edodo Probatorio (XLSX)<\/a>            <\/strong>            <div style=\"font-size: 8pt;padding-top: 1px\"><a href=\"https:\/\/www.inespre.gob.do\/transparencia\/download\/julio-2025-nomina-empleados-en-periodo-probatorio-xlsx\/?wpdmdl=28331&refresh=69f73f70baac81777811312\">Descargar<\/a> <i style=\"margin: 4px 0 0 5px;opacity:0.5\"                                                           class=\"fa fa-th-large\"><\/i> 116.50 KB            <\/div>        <\/div>    <\/div><\/div><\/div><script>jQuery(function(){jQuery('.link-btn a.wpdm-download-link img').after('Descargar');jQuery('.link-btn a.wpdm-download-link img').remove();});<\/script>\n<div style=\"clear: both; margin-top: 15px;\"><\/div>\n<strong>Publicado:<\/strong> 18 de agosto, 2025\n<div style=\"clear: both; margin-top: 15px;\"><\/div>\n\n<hr \/>\n\n        <div class=\"w3eden clear\" align=\"right\"><div class=\"link-btn light\">    <div class=\"media\">        <div class=\"pull-left wbt-left\"><div class=\"wbt-icon\"><img decoding=\"async\" class=\"wpdm_icon\" alt=\"Icono\"   src=\"https:\/\/www.inespre.gob.do\/transparencia\/wp-content\/plugins\/download-manager\/assets\/file-type-icons\/pdf.svg\" \/><\/div><\/div>        <div class=\"pull-left text-left wbt-content\"><strong class=\"ptitle\">                <a href=\"https:\/\/www.inespre.gob.do\/transparencia\/download\/julio-2025-nomina-empleados-en-periodo-probatorio-pdf\/?wpdmdl=28332&refresh=69f73f70badcf1777811312\">Julio 2025 - N\u00f3mina Empleados en Per\u00edodo Probatorio (PDF)<\/a>            <\/strong>            <div style=\"font-size: 8pt;padding-top: 1px\"><a href=\"https:\/\/www.inespre.gob.do\/transparencia\/download\/julio-2025-nomina-empleados-en-periodo-probatorio-pdf\/?wpdmdl=28332&refresh=69f73f70badcf1777811312\">Descargar<\/a> <i style=\"margin: 4px 0 0 5px;opacity:0.5\"                                                           class=\"fa fa-th-large\"><\/i> 209.57 KB            <\/div>        <\/div>    <\/div><\/div><\/div><script>jQuery(function(){jQuery('.link-btn a.wpdm-download-link img').after('Descargar');jQuery('.link-btn a.wpdm-download-link img').remove();});<\/script>\n<div style=\"clear: both; margin-top: 15px;\"><\/div>\n<strong>Publicado:<\/strong> 18 de agosto, 2025\n<div style=\"clear: both; margin-top: 15px;\"><\/div>\n\n<hr \/>\n\n        <div class=\"w3eden clear\" align=\"right\"><div class=\"link-btn light\">    <div class=\"media\">        <div class=\"pull-left wbt-left\"><div class=\"wbt-icon\"><img decoding=\"async\" class=\"wpdm_icon\" alt=\"Icono\"   src=\"https:\/\/www.inespre.gob.do\/transparencia\/wp-content\/plugins\/download-manager\/assets\/file-type-icons\/xlsx2.svg\" \/><\/div><\/div>        <div class=\"pull-left text-left wbt-content\"><strong class=\"ptitle\">                <a href=\"https:\/\/www.inespre.gob.do\/transparencia\/download\/julio-2025-nomina-empleados-de-caracter-temporal-xlsx\/?wpdmdl=28333&refresh=69f73f70bb0dd1777811312\">Julio 2025 - N\u00f3mina Empleados de Car\u00e1cter Temporal (XLSX)<\/a>            <\/strong>            <div style=\"font-size: 8pt;padding-top: 1px\"><a href=\"https:\/\/www.inespre.gob.do\/transparencia\/download\/julio-2025-nomina-empleados-de-caracter-temporal-xlsx\/?wpdmdl=28333&refresh=69f73f70bb0dd1777811312\">Descargar<\/a> <i style=\"margin: 4px 0 0 5px;opacity:0.5\"                                                           class=\"fa fa-th-large\"><\/i> 135.50 KB            <\/div>        <\/div>    <\/div><\/div><\/div><script>jQuery(function(){jQuery('.link-btn a.wpdm-download-link img').after('Descargar');jQuery('.link-btn a.wpdm-download-link img').remove();});<\/script>\n<div style=\"clear: both; margin-top: 15px;\"><\/div>\n<strong>Publicado:<\/strong> 18 de agosto, 2025\n<div style=\"clear: both; margin-top: 15px;\"><\/div>\n\n<hr \/>\n\n        <div class=\"w3eden clear\" align=\"right\"><div class=\"link-btn light\">    <div class=\"media\">        <div class=\"pull-left wbt-left\"><div class=\"wbt-icon\"><img decoding=\"async\" class=\"wpdm_icon\" alt=\"Icono\"   src=\"https:\/\/www.inespre.gob.do\/transparencia\/wp-content\/plugins\/download-manager\/assets\/file-type-icons\/pdf.svg\" \/><\/div><\/div>        <div class=\"pull-left text-left wbt-content\"><strong class=\"ptitle\">                <a href=\"https:\/\/www.inespre.gob.do\/transparencia\/download\/julio-2025-nomina-empleados-de-caracter-temporal-pdf\/?wpdmdl=28334&refresh=69f73f70bb3df1777811312\">Julio 2025 - N\u00f3mina Empleados de Car\u00e1cter Temporal (PDF)<\/a>            <\/strong>            <div style=\"font-size: 8pt;padding-top: 1px\"><a href=\"https:\/\/www.inespre.gob.do\/transparencia\/download\/julio-2025-nomina-empleados-de-caracter-temporal-pdf\/?wpdmdl=28334&refresh=69f73f70bb3df1777811312\">Descargar<\/a> <i style=\"margin: 4px 0 0 5px;opacity:0.5\"                                                           class=\"fa fa-th-large\"><\/i> 239.71 KB            <\/div>        <\/div>    <\/div><\/div><\/div><script>jQuery(function(){jQuery('.link-btn a.wpdm-download-link img').after('Descargar');jQuery('.link-btn a.wpdm-download-link img').remove();});<\/script>\n<div style=\"clear: both; margin-top: 15px;\"><\/div>\n<strong>Publicado:<\/strong> 18 de agosto, 2025\n<div style=\"clear: both; margin-top: 15px;\"><\/div>\n\n<hr \/>\n\n        <div class=\"w3eden clear\" align=\"right\"><div class=\"link-btn light\">    <div class=\"media\">        <div class=\"pull-left wbt-left\"><div class=\"wbt-icon\"><img decoding=\"async\" class=\"wpdm_icon\" alt=\"Icono\"   src=\"https:\/\/www.inespre.gob.do\/transparencia\/wp-content\/plugins\/download-manager\/assets\/file-type-icons\/xlsx2.svg\" \/><\/div><\/div>        <div class=\"pull-left text-left wbt-content\"><strong class=\"ptitle\">                <a href=\"https:\/\/www.inespre.gob.do\/transparencia\/download\/julio-2025-nomina-empleados-en-interinato-xlsx\/?wpdmdl=28335&refresh=69f73f70bb6f31777811312\">Julio 2025 - N\u00f3mina Empleados en Interinato (XLSX)<\/a>            <\/strong>            <div style=\"font-size: 8pt;padding-top: 1px\"><a href=\"https:\/\/www.inespre.gob.do\/transparencia\/download\/julio-2025-nomina-empleados-en-interinato-xlsx\/?wpdmdl=28335&refresh=69f73f70bb6f31777811312\">Descargar<\/a> <i style=\"margin: 4px 0 0 5px;opacity:0.5\"                                                           class=\"fa fa-th-large\"><\/i> 113.50 KB            <\/div>        <\/div>    <\/div><\/div><\/div><script>jQuery(function(){jQuery('.link-btn a.wpdm-download-link img').after('Descargar');jQuery('.link-btn a.wpdm-download-link img').remove();});<\/script>\n<div style=\"clear: both; margin-top: 15px;\"><\/div>\n<strong>Publicado:<\/strong> 18 de agosto, 2025\n<div style=\"clear: both; margin-top: 15px;\"><\/div>\n\n<hr \/>\n\n        <div class=\"w3eden clear\" align=\"right\"><div class=\"link-btn light\">    <div class=\"media\">        <div class=\"pull-left wbt-left\"><div class=\"wbt-icon\"><img decoding=\"async\" class=\"wpdm_icon\" alt=\"Icono\"   src=\"https:\/\/www.inespre.gob.do\/transparencia\/wp-content\/plugins\/download-manager\/assets\/file-type-icons\/pdf.svg\" \/><\/div><\/div>        <div class=\"pull-left text-left wbt-content\"><strong class=\"ptitle\">                <a href=\"https:\/\/www.inespre.gob.do\/transparencia\/download\/julio-2025-nomina-empleados-en-interinato-pdf\/?wpdmdl=28337&refresh=69f73f70bb9f41777811312\">Julio 2025 - N\u00f3mina Empleados en Interinato (PDF)<\/a>            <\/strong>            <div style=\"font-size: 8pt;padding-top: 1px\"><a href=\"https:\/\/www.inespre.gob.do\/transparencia\/download\/julio-2025-nomina-empleados-en-interinato-pdf\/?wpdmdl=28337&refresh=69f73f70bb9f41777811312\">Descargar<\/a> <i style=\"margin: 4px 0 0 5px;opacity:0.5\"                                                           class=\"fa fa-th-large\"><\/i> 239.15 KB            <\/div>        <\/div>    <\/div><\/div><\/div><script>jQuery(function(){jQuery('.link-btn a.wpdm-download-link img').after('Descargar');jQuery('.link-btn a.wpdm-download-link img').remove();});<\/script>\n<div style=\"clear: both; margin-top: 15px;\"><\/div>\n<strong>Publicado:<\/strong> 18 de agosto, 2025\n<div style=\"clear: both; margin-top: 15px;\"><\/div>\n\n<hr \/>\n\n<h5>Junio<\/h5>\n        <div class=\"w3eden clear\" align=\"right\"><div class=\"link-btn light\">    <div class=\"media\">        <div class=\"pull-left wbt-left\"><div class=\"wbt-icon\"><img decoding=\"async\" class=\"wpdm_icon\" alt=\"Icono\"   src=\"https:\/\/www.inespre.gob.do\/transparencia\/wp-content\/plugins\/download-manager\/assets\/file-type-icons\/txt.svg\" \/><\/div><\/div>        <div class=\"pull-left text-left wbt-content\"><strong class=\"ptitle\">                <a href=\"https:\/\/www.inespre.gob.do\/transparencia\/download\/esta-institucion-no-tiene-personal-contratado-en-junio-2025\/?wpdmdl=28221&refresh=69f73f70bbcf31777811312\">Esta instituci\u00f3n no tiene personal contratado en junio 2025<\/a>            <\/strong>            <div style=\"font-size: 8pt;padding-top: 1px\"><a href=\"https:\/\/www.inespre.gob.do\/transparencia\/download\/esta-institucion-no-tiene-personal-contratado-en-junio-2025\/?wpdmdl=28221&refresh=69f73f70bbcf31777811312\">Descargar<\/a> <i style=\"margin: 4px 0 0 5px;opacity:0.5\"                                                           class=\"fa fa-th-large\"><\/i> 0.06 KB            <\/div>        <\/div>    <\/div><\/div><\/div><script>jQuery(function(){jQuery('.link-btn a.wpdm-download-link img').after('Descargar');jQuery('.link-btn a.wpdm-download-link img').remove();});<\/script>\n<div style=\"clear: both; margin-top: 15px;\"><\/div>\n<strong>Publicado:<\/strong> 15 de julio, 2025\n<div style=\"clear: both; margin-top: 15px;\"><\/div>\n\n<hr \/>\n\n        <div class=\"w3eden clear\" align=\"right\"><div class=\"link-btn light\">    <div class=\"media\">        <div class=\"pull-left wbt-left\"><div class=\"wbt-icon\"><img decoding=\"async\" class=\"wpdm_icon\" alt=\"Icono\"   src=\"https:\/\/www.inespre.gob.do\/transparencia\/wp-content\/plugins\/download-manager\/assets\/file-type-icons\/xlsx2.svg\" \/><\/div><\/div>        <div class=\"pull-left text-left wbt-content\"><strong class=\"ptitle\">                <a href=\"https:\/\/www.inespre.gob.do\/transparencia\/download\/junio-2025-nomina-de-empleados-fijos-xlsx\/?wpdmdl=28222&refresh=69f73f70bc0021777811312\">Junio 2025 - N\u00f3mina de Empleados Fijos (XLSX)<\/a>            <\/strong>            <div style=\"font-size: 8pt;padding-top: 1px\"><a href=\"https:\/\/www.inespre.gob.do\/transparencia\/download\/junio-2025-nomina-de-empleados-fijos-xlsx\/?wpdmdl=28222&refresh=69f73f70bc0021777811312\">Descargar<\/a> <i style=\"margin: 4px 0 0 5px;opacity:0.5\"                                                           class=\"fa fa-th-large\"><\/i> 481.50 KB            <\/div>        <\/div>    <\/div><\/div><\/div><script>jQuery(function(){jQuery('.link-btn a.wpdm-download-link img').after('Descargar');jQuery('.link-btn a.wpdm-download-link img').remove();});<\/script>\n<div style=\"clear: both; margin-top: 15px;\"><\/div>\n<strong>Publicado:<\/strong> 15 de julio, 2025\n<div style=\"clear: both; margin-top: 15px;\"><\/div>\n\n<hr \/>\n\n        <div class=\"w3eden clear\" align=\"right\"><div class=\"link-btn light\">    <div class=\"media\">        <div class=\"pull-left wbt-left\"><div class=\"wbt-icon\"><img decoding=\"async\" class=\"wpdm_icon\" alt=\"Icono\"   src=\"https:\/\/www.inespre.gob.do\/transparencia\/wp-content\/plugins\/download-manager\/assets\/file-type-icons\/pdf.svg\" \/><\/div><\/div>        <div class=\"pull-left text-left wbt-content\"><strong class=\"ptitle\">                <a href=\"https:\/\/www.inespre.gob.do\/transparencia\/download\/junio-2025-nomina-de-empleados-fijos-pdf\/?wpdmdl=28223&refresh=69f73f70bc30c1777811312\">Junio 2025 - N\u00f3mina de Empleados Fijos (PDF)<\/a>            <\/strong>            <div style=\"font-size: 8pt;padding-top: 1px\"><a href=\"https:\/\/www.inespre.gob.do\/transparencia\/download\/junio-2025-nomina-de-empleados-fijos-pdf\/?wpdmdl=28223&refresh=69f73f70bc30c1777811312\">Descargar<\/a> <i style=\"margin: 4px 0 0 5px;opacity:0.5\"                                                           class=\"fa fa-th-large\"><\/i> 1.17 MB            <\/div>        <\/div>    <\/div><\/div><\/div><script>jQuery(function(){jQuery('.link-btn a.wpdm-download-link img').after('Descargar');jQuery('.link-btn a.wpdm-download-link img').remove();});<\/script>\n<div style=\"clear: both; margin-top: 15px;\"><\/div>\n<strong>Publicado:<\/strong> 15 de julio, 2025\n<div style=\"clear: both; margin-top: 15px;\"><\/div>\n\n<hr \/>\n\n        <div class=\"w3eden clear\" align=\"right\"><div class=\"link-btn light\">    <div class=\"media\">        <div class=\"pull-left wbt-left\"><div class=\"wbt-icon\"><img decoding=\"async\" class=\"wpdm_icon\" alt=\"Icono\"   src=\"https:\/\/www.inespre.gob.do\/transparencia\/wp-content\/plugins\/download-manager\/assets\/file-type-icons\/xlsx2.svg\" \/><\/div><\/div>        <div class=\"pull-left text-left wbt-content\"><strong class=\"ptitle\">                <a href=\"https:\/\/www.inespre.gob.do\/transparencia\/download\/junio-2025-nomina-empleados-en-periodo-probatorio-xlsx\/?wpdmdl=28226&refresh=69f73f70bc6031777811312\">Junio 2025 - N\u00f3mina Empleados en Per\u00edodo Probatorio (XLSX)<\/a>            <\/strong>            <div style=\"font-size: 8pt;padding-top: 1px\"><a href=\"https:\/\/www.inespre.gob.do\/transparencia\/download\/junio-2025-nomina-empleados-en-periodo-probatorio-xlsx\/?wpdmdl=28226&refresh=69f73f70bc6031777811312\">Descargar<\/a> <i style=\"margin: 4px 0 0 5px;opacity:0.5\"                                                           class=\"fa fa-th-large\"><\/i> 116.50 KB            <\/div>        <\/div>    <\/div><\/div><\/div><script>jQuery(function(){jQuery('.link-btn a.wpdm-download-link img').after('Descargar');jQuery('.link-btn a.wpdm-download-link img').remove();});<\/script>\n<div style=\"clear: both; margin-top: 15px;\"><\/div>\n<strong>Publicado:<\/strong> 15 de julio, 2025\n<div style=\"clear: both; margin-top: 15px;\"><\/div>\n\n<hr \/>\n\n        <div class=\"w3eden clear\" align=\"right\"><div class=\"link-btn light\">    <div class=\"media\">        <div class=\"pull-left wbt-left\"><div class=\"wbt-icon\"><img decoding=\"async\" class=\"wpdm_icon\" alt=\"Icono\"   src=\"https:\/\/www.inespre.gob.do\/transparencia\/wp-content\/plugins\/download-manager\/assets\/file-type-icons\/pdf.svg\" \/><\/div><\/div>        <div class=\"pull-left text-left wbt-content\"><strong class=\"ptitle\">                <a href=\"https:\/\/www.inespre.gob.do\/transparencia\/download\/junio-2025-nomina-empleados-en-periodo-probatorio-pdf\/?wpdmdl=28225&refresh=69f73f70bc8fc1777811312\">Junio 2025 - N\u00f3mina Empleados en Per\u00edodo Probatorio (PDF)<\/a>            <\/strong>            <div style=\"font-size: 8pt;padding-top: 1px\"><a href=\"https:\/\/www.inespre.gob.do\/transparencia\/download\/junio-2025-nomina-empleados-en-periodo-probatorio-pdf\/?wpdmdl=28225&refresh=69f73f70bc8fc1777811312\">Descargar<\/a> <i style=\"margin: 4px 0 0 5px;opacity:0.5\"                                                           class=\"fa fa-th-large\"><\/i> 200.67 KB            <\/div>        <\/div>    <\/div><\/div><\/div><script>jQuery(function(){jQuery('.link-btn a.wpdm-download-link img').after('Descargar');jQuery('.link-btn a.wpdm-download-link img').remove();});<\/script>\n<div style=\"clear: both; margin-top: 15px;\"><\/div>\n<strong>Publicado:<\/strong> 15 de julio, 2025\n<div style=\"clear: both; margin-top: 15px;\"><\/div>\n\n<hr \/>\n\n        <div class=\"w3eden clear\" align=\"right\"><div class=\"link-btn light\">    <div class=\"media\">        <div class=\"pull-left wbt-left\"><div class=\"wbt-icon\"><img decoding=\"async\" class=\"wpdm_icon\" alt=\"Icono\"   src=\"https:\/\/www.inespre.gob.do\/transparencia\/wp-content\/plugins\/download-manager\/assets\/file-type-icons\/xlsx2.svg\" \/><\/div><\/div>        <div class=\"pull-left text-left wbt-content\"><strong class=\"ptitle\">                <a href=\"https:\/\/www.inespre.gob.do\/transparencia\/download\/junio-2025-nomina-empleados-de-caracter-temporal-xlsx\/?wpdmdl=28228&refresh=69f73f70bcbee1777811312\">Junio 2025 - N\u00f3mina Empleados de Car\u00e1cter Temporal (XLSX)<\/a>            <\/strong>            <div style=\"font-size: 8pt;padding-top: 1px\"><a href=\"https:\/\/www.inespre.gob.do\/transparencia\/download\/junio-2025-nomina-empleados-de-caracter-temporal-xlsx\/?wpdmdl=28228&refresh=69f73f70bcbee1777811312\">Descargar<\/a> <i style=\"margin: 4px 0 0 5px;opacity:0.5\"                                                           class=\"fa fa-th-large\"><\/i> 141.00 KB            <\/div>        <\/div>    <\/div><\/div><\/div><script>jQuery(function(){jQuery('.link-btn a.wpdm-download-link img').after('Descargar');jQuery('.link-btn a.wpdm-download-link img').remove();});<\/script>\n<div style=\"clear: both; margin-top: 15px;\"><\/div>\n<strong>Publicado:<\/strong> 15 de julio, 2025\n<div style=\"clear: both; margin-top: 15px;\"><\/div>\n\n<hr \/>\n\n        <div class=\"w3eden clear\" align=\"right\"><div class=\"link-btn light\">    <div class=\"media\">        <div class=\"pull-left wbt-left\"><div class=\"wbt-icon\"><img decoding=\"async\" class=\"wpdm_icon\" alt=\"Icono\"   src=\"https:\/\/www.inespre.gob.do\/transparencia\/wp-content\/plugins\/download-manager\/assets\/file-type-icons\/pdf.svg\" \/><\/div><\/div>        <div class=\"pull-left text-left wbt-content\"><strong class=\"ptitle\">                <a href=\"https:\/\/www.inespre.gob.do\/transparencia\/download\/junio-2025-nomina-empleados-de-caracter-temporal-pdf\/?wpdmdl=28229&refresh=69f73f70bceec1777811312\">Junio 2025 - N\u00f3mina Empleados de Car\u00e1cter Temporal (PDF)<\/a>            <\/strong>            <div style=\"font-size: 8pt;padding-top: 1px\"><a href=\"https:\/\/www.inespre.gob.do\/transparencia\/download\/junio-2025-nomina-empleados-de-caracter-temporal-pdf\/?wpdmdl=28229&refresh=69f73f70bceec1777811312\">Descargar<\/a> <i style=\"margin: 4px 0 0 5px;opacity:0.5\"                                                           class=\"fa fa-th-large\"><\/i> 266.26 KB            <\/div>        <\/div>    <\/div><\/div><\/div><script>jQuery(function(){jQuery('.link-btn a.wpdm-download-link img').after('Descargar');jQuery('.link-btn a.wpdm-download-link img').remove();});<\/script>\n<div style=\"clear: both; margin-top: 15px;\"><\/div>\n<strong>Publicado:<\/strong> 15 de julio, 2025\n<div style=\"clear: both; margin-top: 15px;\"><\/div>\n\n<hr \/>\n\n        <div class=\"w3eden clear\" align=\"right\"><div class=\"link-btn light\">    <div class=\"media\">        <div class=\"pull-left wbt-left\"><div class=\"wbt-icon\"><img decoding=\"async\" class=\"wpdm_icon\" alt=\"Icono\"   src=\"https:\/\/www.inespre.gob.do\/transparencia\/wp-content\/plugins\/download-manager\/assets\/file-type-icons\/xlsx2.svg\" \/><\/div><\/div>        <div class=\"pull-left text-left wbt-content\"><strong class=\"ptitle\">                <a href=\"https:\/\/www.inespre.gob.do\/transparencia\/download\/junio-2025-nomina-empleados-en-interinato-xlsx\/?wpdmdl=28231&refresh=69f73f70bd2551777811312\">Junio 2025 - N\u00f3mina Empleados en Interinato (XLSX)<\/a>            <\/strong>            <div style=\"font-size: 8pt;padding-top: 1px\"><a href=\"https:\/\/www.inespre.gob.do\/transparencia\/download\/junio-2025-nomina-empleados-en-interinato-xlsx\/?wpdmdl=28231&refresh=69f73f70bd2551777811312\">Descargar<\/a> <i style=\"margin: 4px 0 0 5px;opacity:0.5\"                                                           class=\"fa fa-th-large\"><\/i> 113.50 KB            <\/div>        <\/div>    <\/div><\/div><\/div><script>jQuery(function(){jQuery('.link-btn a.wpdm-download-link img').after('Descargar');jQuery('.link-btn a.wpdm-download-link img').remove();});<\/script>\n<div style=\"clear: both; margin-top: 15px;\"><\/div>\n<strong>Publicado:<\/strong> 15 de julio, 2025\n<div style=\"clear: both; margin-top: 15px;\"><\/div>\n\n<hr \/>\n\n        <div class=\"w3eden clear\" align=\"right\"><div class=\"link-btn light\">    <div class=\"media\">        <div class=\"pull-left wbt-left\"><div class=\"wbt-icon\"><img decoding=\"async\" class=\"wpdm_icon\" alt=\"Icono\"   src=\"https:\/\/www.inespre.gob.do\/transparencia\/wp-content\/plugins\/download-manager\/assets\/file-type-icons\/pdf.svg\" \/><\/div><\/div>        <div class=\"pull-left text-left wbt-content\"><strong class=\"ptitle\">                <a href=\"https:\/\/www.inespre.gob.do\/transparencia\/download\/junio-2025-nomina-empleados-en-interinato-pdf\/?wpdmdl=28233&refresh=69f73f70bd58b1777811312\">Junio 2025 - N\u00f3mina Empleados en Interinato (PDF)<\/a>            <\/strong>            <div style=\"font-size: 8pt;padding-top: 1px\"><a href=\"https:\/\/www.inespre.gob.do\/transparencia\/download\/junio-2025-nomina-empleados-en-interinato-pdf\/?wpdmdl=28233&refresh=69f73f70bd58b1777811312\">Descargar<\/a> <i style=\"margin: 4px 0 0 5px;opacity:0.5\"                                                           class=\"fa fa-th-large\"><\/i> 237.31 KB            <\/div>        <\/div>    <\/div><\/div><\/div><script>jQuery(function(){jQuery('.link-btn a.wpdm-download-link img').after('Descargar');jQuery('.link-btn a.wpdm-download-link img').remove();});<\/script>\n<div style=\"clear: both; margin-top: 15px;\"><\/div>\n<strong>Publicado:<\/strong> 15 de julio, 2025\n<div style=\"clear: both; margin-top: 15px;\"><\/div>\n\n<hr \/>\n\n<h5>Mayo<\/h5>\n        <div class=\"w3eden clear\" align=\"right\"><div class=\"link-btn light\">    <div class=\"media\">        <div class=\"pull-left wbt-left\"><div class=\"wbt-icon\"><img decoding=\"async\" class=\"wpdm_icon\" alt=\"Icono\"   src=\"https:\/\/www.inespre.gob.do\/transparencia\/wp-content\/plugins\/download-manager\/assets\/file-type-icons\/txt.svg\" \/><\/div><\/div>        <div class=\"pull-left text-left wbt-content\"><strong class=\"ptitle\">                <a href=\"https:\/\/www.inespre.gob.do\/transparencia\/download\/esta-institucion-no-tiene-personal-contratado-en-mayo-2025\/?wpdmdl=28100&refresh=69f73f70bd8af1777811312\">Esta instituci\u00f3n no tiene personal contratado en mayo 2025<\/a>            <\/strong>            <div style=\"font-size: 8pt;padding-top: 1px\"><a href=\"https:\/\/www.inespre.gob.do\/transparencia\/download\/esta-institucion-no-tiene-personal-contratado-en-mayo-2025\/?wpdmdl=28100&refresh=69f73f70bd8af1777811312\">Descargar<\/a> <i style=\"margin: 4px 0 0 5px;opacity:0.5\"                                                           class=\"fa fa-th-large\"><\/i> 0.06 KB            <\/div>        <\/div>    <\/div><\/div><\/div><script>jQuery(function(){jQuery('.link-btn a.wpdm-download-link img').after('Descargar');jQuery('.link-btn a.wpdm-download-link img').remove();});<\/script>\n<div style=\"clear: both; margin-top: 15px;\"><\/div>\n<strong>Publicado:<\/strong> 13 de junio, 2025\n<div style=\"clear: both; margin-top: 15px;\"><\/div>\n\n<hr \/>\n\n        <div class=\"w3eden clear\" align=\"right\"><div class=\"link-btn light\">    <div class=\"media\">        <div class=\"pull-left wbt-left\"><div class=\"wbt-icon\"><img decoding=\"async\" class=\"wpdm_icon\" alt=\"Icono\"   src=\"https:\/\/www.inespre.gob.do\/transparencia\/wp-content\/plugins\/download-manager\/assets\/file-type-icons\/xlsx2.svg\" \/><\/div><\/div>        <div class=\"pull-left text-left wbt-content\"><strong class=\"ptitle\">                <a href=\"https:\/\/www.inespre.gob.do\/transparencia\/download\/mayo-2025-nomina-de-empleados-fijos-xlsx\/?wpdmdl=28098&refresh=69f73f70bdbb41777811312\">Mayo 2025 - N\u00f3mina de Empleados Fijos (XLSX)<\/a>            <\/strong>            <div style=\"font-size: 8pt;padding-top: 1px\"><a href=\"https:\/\/www.inespre.gob.do\/transparencia\/download\/mayo-2025-nomina-de-empleados-fijos-xlsx\/?wpdmdl=28098&refresh=69f73f70bdbb41777811312\">Descargar<\/a> <i style=\"margin: 4px 0 0 5px;opacity:0.5\"                                                           class=\"fa fa-th-large\"><\/i> 493.00 KB            <\/div>        <\/div>    <\/div><\/div><\/div><script>jQuery(function(){jQuery('.link-btn a.wpdm-download-link img').after('Descargar');jQuery('.link-btn a.wpdm-download-link img').remove();});<\/script>\n<div style=\"clear: both; margin-top: 15px;\"><\/div>\n<strong>Publicado:<\/strong> 13 de junio, 2025\n<div style=\"clear: both; margin-top: 15px;\"><\/div>\n\n<hr \/>\n\n        <div class=\"w3eden clear\" align=\"right\"><div class=\"link-btn light\">    <div class=\"media\">        <div class=\"pull-left wbt-left\"><div class=\"wbt-icon\"><img decoding=\"async\" class=\"wpdm_icon\" alt=\"Icono\"   src=\"https:\/\/www.inespre.gob.do\/transparencia\/wp-content\/plugins\/download-manager\/assets\/file-type-icons\/pdf.svg\" \/><\/div><\/div>        <div class=\"pull-left text-left wbt-content\"><strong class=\"ptitle\">                <a href=\"https:\/\/www.inespre.gob.do\/transparencia\/download\/mayo-2025-nomina-de-empleados-fijos-pdf\/?wpdmdl=28099&refresh=69f73f70bdeb21777811312\">Mayo 2025 - N\u00f3mina de Empleados Fijos (PDF)<\/a>            <\/strong>            <div style=\"font-size: 8pt;padding-top: 1px\"><a href=\"https:\/\/www.inespre.gob.do\/transparencia\/download\/mayo-2025-nomina-de-empleados-fijos-pdf\/?wpdmdl=28099&refresh=69f73f70bdeb21777811312\">Descargar<\/a> <i style=\"margin: 4px 0 0 5px;opacity:0.5\"                                                           class=\"fa fa-th-large\"><\/i> 1.27 MB            <\/div>        <\/div>    <\/div><\/div><\/div><script>jQuery(function(){jQuery('.link-btn a.wpdm-download-link img').after('Descargar');jQuery('.link-btn a.wpdm-download-link img').remove();});<\/script>\n<div style=\"clear: both; margin-top: 15px;\"><\/div>\n<strong>Publicado:<\/strong> 13 de junio, 2025\n<div style=\"clear: both; margin-top: 15px;\"><\/div>\n\n<hr \/>\n\n        <div class=\"w3eden clear\" align=\"right\"><div class=\"link-btn light\">    <div class=\"media\">        <div class=\"pull-left wbt-left\"><div class=\"wbt-icon\"><img decoding=\"async\" class=\"wpdm_icon\" alt=\"Icono\"   src=\"https:\/\/www.inespre.gob.do\/transparencia\/wp-content\/plugins\/download-manager\/assets\/file-type-icons\/xlsx2.svg\" \/><\/div><\/div>        <div class=\"pull-left text-left wbt-content\"><strong class=\"ptitle\">                <a href=\"https:\/\/www.inespre.gob.do\/transparencia\/download\/mayo-2025-nomina-empleados-en-periodo-probatorio-xlsx\/?wpdmdl=28102&refresh=69f73f70be1b81777811312\">Mayo 2025 - N\u00f3mina Empleados en Per\u00edodo Probatorio (XLSX)<\/a>            <\/strong>            <div style=\"font-size: 8pt;padding-top: 1px\"><a href=\"https:\/\/www.inespre.gob.do\/transparencia\/download\/mayo-2025-nomina-empleados-en-periodo-probatorio-xlsx\/?wpdmdl=28102&refresh=69f73f70be1b81777811312\">Descargar<\/a> <i style=\"margin: 4px 0 0 5px;opacity:0.5\"                                                           class=\"fa fa-th-large\"><\/i> 116.50 KB            <\/div>        <\/div>    <\/div><\/div><\/div><script>jQuery(function(){jQuery('.link-btn a.wpdm-download-link img').after('Descargar');jQuery('.link-btn a.wpdm-download-link img').remove();});<\/script>\n<div style=\"clear: both; margin-top: 15px;\"><\/div>\n<strong>Publicado:<\/strong> 13 de junio, 2025\n<div style=\"clear: both; margin-top: 15px;\"><\/div>\n\n<hr \/>\n\n        <div class=\"w3eden clear\" align=\"right\"><div class=\"link-btn light\">    <div class=\"media\">        <div class=\"pull-left wbt-left\"><div class=\"wbt-icon\"><img decoding=\"async\" class=\"wpdm_icon\" alt=\"Icono\"   src=\"https:\/\/www.inespre.gob.do\/transparencia\/wp-content\/plugins\/download-manager\/assets\/file-type-icons\/pdf.svg\" \/><\/div><\/div>        <div class=\"pull-left text-left wbt-content\"><strong class=\"ptitle\">                <a href=\"https:\/\/www.inespre.gob.do\/transparencia\/download\/mayo-2025-nomina-empleados-en-periodo-probatorio-pdf\/?wpdmdl=28103&refresh=69f73f70be4d11777811312\">Mayo 2025 - N\u00f3mina Empleados en Per\u00edodo Probatorio (PDF)<\/a>            <\/strong>            <div style=\"font-size: 8pt;padding-top: 1px\"><a href=\"https:\/\/www.inespre.gob.do\/transparencia\/download\/mayo-2025-nomina-empleados-en-periodo-probatorio-pdf\/?wpdmdl=28103&refresh=69f73f70be4d11777811312\">Descargar<\/a> <i style=\"margin: 4px 0 0 5px;opacity:0.5\"                                                           class=\"fa fa-th-large\"><\/i> 255.07 KB            <\/div>        <\/div>    <\/div><\/div><\/div><script>jQuery(function(){jQuery('.link-btn a.wpdm-download-link img').after('Descargar');jQuery('.link-btn a.wpdm-download-link img').remove();});<\/script>\n<div style=\"clear: both; margin-top: 15px;\"><\/div>\n<strong>Publicado:<\/strong> 13 de junio, 2025\n<div style=\"clear: both; margin-top: 15px;\"><\/div>\n\n<hr \/>\n\n        <div class=\"w3eden clear\" align=\"right\"><div class=\"link-btn light\">    <div class=\"media\">        <div class=\"pull-left wbt-left\"><div class=\"wbt-icon\"><img decoding=\"async\" class=\"wpdm_icon\" alt=\"Icono\"   src=\"https:\/\/www.inespre.gob.do\/transparencia\/wp-content\/plugins\/download-manager\/assets\/file-type-icons\/xlsx2.svg\" \/><\/div><\/div>        <div class=\"pull-left text-left wbt-content\"><strong class=\"ptitle\">                <a href=\"https:\/\/www.inespre.gob.do\/transparencia\/download\/mayo-2025-nomina-empleados-de-caracter-temporal-xlsx\/?wpdmdl=28104&refresh=69f73f70be7d31777811312\">Mayo 2025 - N\u00f3mina Empleados de Car\u00e1cter Temporal (XLSX)<\/a>            <\/strong>            <div style=\"font-size: 8pt;padding-top: 1px\"><a href=\"https:\/\/www.inespre.gob.do\/transparencia\/download\/mayo-2025-nomina-empleados-de-caracter-temporal-xlsx\/?wpdmdl=28104&refresh=69f73f70be7d31777811312\">Descargar<\/a> <i style=\"margin: 4px 0 0 5px;opacity:0.5\"                                                           class=\"fa fa-th-large\"><\/i> 128.50 KB            <\/div>        <\/div>    <\/div><\/div><\/div><script>jQuery(function(){jQuery('.link-btn a.wpdm-download-link img').after('Descargar');jQuery('.link-btn a.wpdm-download-link img').remove();});<\/script>\n<div style=\"clear: both; margin-top: 15px;\"><\/div>\n<strong>Publicado:<\/strong> 13 de junio, 2025\n<div style=\"clear: both; margin-top: 15px;\"><\/div>\n\n<hr \/>\n\n        <div class=\"w3eden clear\" align=\"right\"><div class=\"link-btn light\">    <div class=\"media\">        <div class=\"pull-left wbt-left\"><div class=\"wbt-icon\"><img decoding=\"async\" class=\"wpdm_icon\" alt=\"Icono\"   src=\"https:\/\/www.inespre.gob.do\/transparencia\/wp-content\/plugins\/download-manager\/assets\/file-type-icons\/pdf.svg\" \/><\/div><\/div>        <div class=\"pull-left text-left wbt-content\"><strong class=\"ptitle\">                <a href=\"https:\/\/www.inespre.gob.do\/transparencia\/download\/mayo-2025-nomina-empleados-de-caracter-temporal-pdf\/?wpdmdl=28105&refresh=69f73f70bead41777811312\">Mayo 2025 - N\u00f3mina Empleados de Car\u00e1cter Temporal (PDF)<\/a>            <\/strong>            <div style=\"font-size: 8pt;padding-top: 1px\"><a href=\"https:\/\/www.inespre.gob.do\/transparencia\/download\/mayo-2025-nomina-empleados-de-caracter-temporal-pdf\/?wpdmdl=28105&refresh=69f73f70bead41777811312\">Descargar<\/a> <i style=\"margin: 4px 0 0 5px;opacity:0.5\"                                                           class=\"fa fa-th-large\"><\/i> 282.52 KB            <\/div>        <\/div>    <\/div><\/div><\/div><script>jQuery(function(){jQuery('.link-btn a.wpdm-download-link img').after('Descargar');jQuery('.link-btn a.wpdm-download-link img').remove();});<\/script>\n<div style=\"clear: both; margin-top: 15px;\"><\/div>\n<strong>Publicado:<\/strong> 13 de junio, 2025\n<div style=\"clear: both; margin-top: 15px;\"><\/div>\n\n<hr \/>\n\n        <div class=\"w3eden clear\" align=\"right\"><div class=\"link-btn light\">    <div class=\"media\">        <div class=\"pull-left wbt-left\"><div class=\"wbt-icon\"><img decoding=\"async\" class=\"wpdm_icon\" alt=\"Icono\"   src=\"https:\/\/www.inespre.gob.do\/transparencia\/wp-content\/plugins\/download-manager\/assets\/file-type-icons\/xlsx2.svg\" \/><\/div><\/div>        <div class=\"pull-left text-left wbt-content\"><strong class=\"ptitle\">                <a href=\"https:\/\/www.inespre.gob.do\/transparencia\/download\/mayo-2025-nomina-empleados-en-interinato-xlsx\/?wpdmdl=28106&refresh=69f73f70beddf1777811312\">Mayo 2025 - N\u00f3mina Empleados en Interinato (XLSX)<\/a>            <\/strong>            <div style=\"font-size: 8pt;padding-top: 1px\"><a href=\"https:\/\/www.inespre.gob.do\/transparencia\/download\/mayo-2025-nomina-empleados-en-interinato-xlsx\/?wpdmdl=28106&refresh=69f73f70beddf1777811312\">Descargar<\/a> <i style=\"margin: 4px 0 0 5px;opacity:0.5\"                                                           class=\"fa fa-th-large\"><\/i> 113.50 KB            <\/div>        <\/div>    <\/div><\/div><\/div><script>jQuery(function(){jQuery('.link-btn a.wpdm-download-link img').after('Descargar');jQuery('.link-btn a.wpdm-download-link img').remove();});<\/script>\n<div style=\"clear: both; margin-top: 15px;\"><\/div>\n<strong>Publicado:<\/strong> 13 de junio, 2025\n<div style=\"clear: both; margin-top: 15px;\"><\/div>\n\n<hr \/>\n\n        <div class=\"w3eden clear\" align=\"right\"><div class=\"link-btn light\">    <div class=\"media\">        <div class=\"pull-left wbt-left\"><div class=\"wbt-icon\"><img decoding=\"async\" class=\"wpdm_icon\" alt=\"Icono\"   src=\"https:\/\/www.inespre.gob.do\/transparencia\/wp-content\/plugins\/download-manager\/assets\/file-type-icons\/pdf.svg\" \/><\/div><\/div>        <div class=\"pull-left text-left wbt-content\"><strong class=\"ptitle\">                <a href=\"https:\/\/www.inespre.gob.do\/transparencia\/download\/mayo-2025-nomina-empleados-en-interinato-pdf\/?wpdmdl=28107&refresh=69f73f70bf0df1777811312\">Mayo 2025 - N\u00f3mina Empleados en Interinato (PDF)<\/a>            <\/strong>            <div style=\"font-size: 8pt;padding-top: 1px\"><a href=\"https:\/\/www.inespre.gob.do\/transparencia\/download\/mayo-2025-nomina-empleados-en-interinato-pdf\/?wpdmdl=28107&refresh=69f73f70bf0df1777811312\">Descargar<\/a> <i style=\"margin: 4px 0 0 5px;opacity:0.5\"                                                           class=\"fa fa-th-large\"><\/i> 924.93 KB            <\/div>        <\/div>    <\/div><\/div><\/div><script>jQuery(function(){jQuery('.link-btn a.wpdm-download-link img').after('Descargar');jQuery('.link-btn a.wpdm-download-link img').remove();});<\/script>\n<div style=\"clear: both; margin-top: 15px;\"><\/div>\n<strong>Publicado:<\/strong> 13 de junio, 2025\n<div style=\"clear: both; margin-top: 15px;\"><\/div>\n\n<hr \/>\n\n<h5>Abril<\/h5>\n        <div class=\"w3eden clear\" align=\"right\"><div class=\"link-btn light\">    <div class=\"media\">        <div class=\"pull-left wbt-left\"><div class=\"wbt-icon\"><img decoding=\"async\" class=\"wpdm_icon\" alt=\"Icono\"   src=\"https:\/\/www.inespre.gob.do\/transparencia\/wp-content\/plugins\/download-manager\/assets\/file-type-icons\/txt.svg\" \/><\/div><\/div>        <div class=\"pull-left text-left wbt-content\"><strong class=\"ptitle\">                <a href=\"https:\/\/www.inespre.gob.do\/transparencia\/download\/esta-institucion-no-tiene-personal-contratado-en-abril-2025\/?wpdmdl=27845&refresh=69f73f70bf4801777811312\">Esta instituci\u00f3n no tiene personal contratado en abril 2025<\/a>            <\/strong>            <div style=\"font-size: 8pt;padding-top: 1px\"><a href=\"https:\/\/www.inespre.gob.do\/transparencia\/download\/esta-institucion-no-tiene-personal-contratado-en-abril-2025\/?wpdmdl=27845&refresh=69f73f70bf4801777811312\">Descargar<\/a> <i style=\"margin: 4px 0 0 5px;opacity:0.5\"                                                           class=\"fa fa-th-large\"><\/i> 0.06 KB            <\/div>        <\/div>    <\/div><\/div><\/div><script>jQuery(function(){jQuery('.link-btn a.wpdm-download-link img').after('Descargar');jQuery('.link-btn a.wpdm-download-link img').remove();});<\/script>\n<div style=\"clear: both; margin-top: 15px;\"><\/div>\n<strong>Publicado:<\/strong> 14 de mayo, 2025\n<div style=\"clear: both; margin-top: 15px;\"><\/div>\n\n<hr \/>\n\n        <div class=\"w3eden clear\" align=\"right\"><div class=\"link-btn light\">    <div class=\"media\">        <div class=\"pull-left wbt-left\"><div class=\"wbt-icon\"><img decoding=\"async\" class=\"wpdm_icon\" alt=\"Icono\"   src=\"https:\/\/www.inespre.gob.do\/transparencia\/wp-content\/plugins\/download-manager\/assets\/file-type-icons\/xlsx2.svg\" \/><\/div><\/div>        <div class=\"pull-left text-left wbt-content\"><strong class=\"ptitle\">                <a href=\"https:\/\/www.inespre.gob.do\/transparencia\/download\/abril-2025-nomina-de-empleados-fijos-xlsx\/?wpdmdl=27843&refresh=69f73f70bf7951777811312\">Abril 2025 - N\u00f3mina de Empleados Fijos (XLSX)<\/a>            <\/strong>            <div style=\"font-size: 8pt;padding-top: 1px\"><a href=\"https:\/\/www.inespre.gob.do\/transparencia\/download\/abril-2025-nomina-de-empleados-fijos-xlsx\/?wpdmdl=27843&refresh=69f73f70bf7951777811312\">Descargar<\/a> <i style=\"margin: 4px 0 0 5px;opacity:0.5\"                                                           class=\"fa fa-th-large\"><\/i> 506.00 KB            <\/div>        <\/div>    <\/div><\/div><\/div><script>jQuery(function(){jQuery('.link-btn a.wpdm-download-link img').after('Descargar');jQuery('.link-btn a.wpdm-download-link img').remove();});<\/script>\n<div style=\"clear: both; margin-top: 15px;\"><\/div>\n<strong>Publicado:<\/strong> 14 de mayo, 2025\n<div style=\"clear: both; margin-top: 15px;\"><\/div>\n\n<hr \/>\n\n        <div class=\"w3eden clear\" align=\"right\"><div class=\"link-btn light\">    <div class=\"media\">        <div class=\"pull-left wbt-left\"><div class=\"wbt-icon\"><img decoding=\"async\" class=\"wpdm_icon\" alt=\"Icono\"   src=\"https:\/\/www.inespre.gob.do\/transparencia\/wp-content\/plugins\/download-manager\/assets\/file-type-icons\/pdf.svg\" \/><\/div><\/div>        <div class=\"pull-left text-left wbt-content\"><strong class=\"ptitle\">                <a href=\"https:\/\/www.inespre.gob.do\/transparencia\/download\/abril-2025-nomina-de-empleados-fijos-pdf\/?wpdmdl=27844&refresh=69f73f70bfa9f1777811312\">Abril 2025 - N\u00f3mina de Empleados Fijos (PDF)<\/a>            <\/strong>            <div style=\"font-size: 8pt;padding-top: 1px\"><a href=\"https:\/\/www.inespre.gob.do\/transparencia\/download\/abril-2025-nomina-de-empleados-fijos-pdf\/?wpdmdl=27844&refresh=69f73f70bfa9f1777811312\">Descargar<\/a> <i style=\"margin: 4px 0 0 5px;opacity:0.5\"                                                           class=\"fa fa-th-large\"><\/i> 1.32 MB            <\/div>        <\/div>    <\/div><\/div><\/div><script>jQuery(function(){jQuery('.link-btn a.wpdm-download-link img').after('Descargar');jQuery('.link-btn a.wpdm-download-link img').remove();});<\/script>\n<div style=\"clear: both; margin-top: 15px;\"><\/div>\n<strong>Publicado:<\/strong> 14 de mayo, 2025\n<div style=\"clear: both; margin-top: 15px;\"><\/div>\n\n<hr \/>\n\n        <div class=\"w3eden clear\" align=\"right\"><div class=\"link-btn light\">    <div class=\"media\">        <div class=\"pull-left wbt-left\"><div class=\"wbt-icon\"><img decoding=\"async\" class=\"wpdm_icon\" alt=\"Icono\"   src=\"https:\/\/www.inespre.gob.do\/transparencia\/wp-content\/plugins\/download-manager\/assets\/file-type-icons\/xlsx2.svg\" \/><\/div><\/div>        <div class=\"pull-left text-left wbt-content\"><strong class=\"ptitle\">                <a href=\"https:\/\/www.inespre.gob.do\/transparencia\/download\/abril-2025-nomina-empleados-en-periodo-probatorio-xlsx\/?wpdmdl=27848&refresh=69f73f70bfda01777811312\">Abril 2025 - N\u00f3mina Empleados en Per\u00edodo Probatorio (XLSX)<\/a>            <\/strong>            <div style=\"font-size: 8pt;padding-top: 1px\"><a href=\"https:\/\/www.inespre.gob.do\/transparencia\/download\/abril-2025-nomina-empleados-en-periodo-probatorio-xlsx\/?wpdmdl=27848&refresh=69f73f70bfda01777811312\">Descargar<\/a> <i style=\"margin: 4px 0 0 5px;opacity:0.5\"                                                           class=\"fa fa-th-large\"><\/i> 116.50 KB            <\/div>        <\/div>    <\/div><\/div><\/div><script>jQuery(function(){jQuery('.link-btn a.wpdm-download-link img').after('Descargar');jQuery('.link-btn a.wpdm-download-link img').remove();});<\/script>\n<div style=\"clear: both; margin-top: 15px;\"><\/div>\n<strong>Publicado:<\/strong> 14 de mayo, 2025\n<div style=\"clear: both; margin-top: 15px;\"><\/div>\n\n<hr \/>\n\n        <div class=\"w3eden clear\" align=\"right\"><div class=\"link-btn light\">    <div class=\"media\">        <div class=\"pull-left wbt-left\"><div class=\"wbt-icon\"><img decoding=\"async\" class=\"wpdm_icon\" alt=\"Icono\"   src=\"https:\/\/www.inespre.gob.do\/transparencia\/wp-content\/plugins\/download-manager\/assets\/file-type-icons\/pdf.svg\" \/><\/div><\/div>        <div class=\"pull-left text-left wbt-content\"><strong class=\"ptitle\">                <a href=\"https:\/\/www.inespre.gob.do\/transparencia\/download\/abril-2025-nomina-empleados-en-periodo-probatorio-pdf\/?wpdmdl=27847&refresh=69f73f70c009d1777811312\">Abril 2025 - N\u00f3mina Empleados en Per\u00edodo Probatorio (PDF)<\/a>            <\/strong>            <div style=\"font-size: 8pt;padding-top: 1px\"><a href=\"https:\/\/www.inespre.gob.do\/transparencia\/download\/abril-2025-nomina-empleados-en-periodo-probatorio-pdf\/?wpdmdl=27847&refresh=69f73f70c009d1777811312\">Descargar<\/a> <i style=\"margin: 4px 0 0 5px;opacity:0.5\"                                                           class=\"fa fa-th-large\"><\/i> 254.72 KB            <\/div>        <\/div>    <\/div><\/div><\/div><script>jQuery(function(){jQuery('.link-btn a.wpdm-download-link img').after('Descargar');jQuery('.link-btn a.wpdm-download-link img').remove();});<\/script>\n<div style=\"clear: both; margin-top: 15px;\"><\/div>\n<strong>Publicado:<\/strong> 14 de mayo, 2025\n<div style=\"clear: both; margin-top: 15px;\"><\/div>\n\n<hr \/>\n\n        <div class=\"w3eden clear\" align=\"right\"><div class=\"link-btn light\">    <div class=\"media\">        <div class=\"pull-left wbt-left\"><div class=\"wbt-icon\"><img decoding=\"async\" class=\"wpdm_icon\" alt=\"Icono\"   src=\"https:\/\/www.inespre.gob.do\/transparencia\/wp-content\/plugins\/download-manager\/assets\/file-type-icons\/xlsx2.svg\" \/><\/div><\/div>        <div class=\"pull-left text-left wbt-content\"><strong class=\"ptitle\">                <a href=\"https:\/\/www.inespre.gob.do\/transparencia\/download\/abril-2025-nomina-empleados-de-caracter-temporal-xlsx\/?wpdmdl=27850&refresh=69f73f70c03921777811312\">Abril 2025 - N\u00f3mina Empleados de Car\u00e1cter Temporal (XLSX)<\/a>            <\/strong>            <div style=\"font-size: 8pt;padding-top: 1px\"><a href=\"https:\/\/www.inespre.gob.do\/transparencia\/download\/abril-2025-nomina-empleados-de-caracter-temporal-xlsx\/?wpdmdl=27850&refresh=69f73f70c03921777811312\">Descargar<\/a> <i style=\"margin: 4px 0 0 5px;opacity:0.5\"                                                           class=\"fa fa-th-large\"><\/i> 124.00 KB            <\/div>        <\/div>    <\/div><\/div><\/div><script>jQuery(function(){jQuery('.link-btn a.wpdm-download-link img').after('Descargar');jQuery('.link-btn a.wpdm-download-link img').remove();});<\/script>\n<div style=\"clear: both; margin-top: 15px;\"><\/div>\n<strong>Publicado:<\/strong> 14 de mayo, 2025\n<div style=\"clear: both; margin-top: 15px;\"><\/div>\n\n<hr \/>\n\n        <div class=\"w3eden clear\" align=\"right\"><div class=\"link-btn light\">    <div class=\"media\">        <div class=\"pull-left wbt-left\"><div class=\"wbt-icon\"><img decoding=\"async\" class=\"wpdm_icon\" alt=\"Icono\"   src=\"https:\/\/www.inespre.gob.do\/transparencia\/wp-content\/plugins\/download-manager\/assets\/file-type-icons\/pdf.svg\" \/><\/div><\/div>        <div class=\"pull-left text-left wbt-content\"><strong class=\"ptitle\">                <a href=\"https:\/\/www.inespre.gob.do\/transparencia\/download\/abril-2025-nomina-empleados-de-caracter-temporal-pdf\/?wpdmdl=27851&refresh=69f73f70c07001777811312\">Abril 2025 - N\u00f3mina Empleados de Car\u00e1cter Temporal (PDF)<\/a>            <\/strong>            <div style=\"font-size: 8pt;padding-top: 1px\"><a href=\"https:\/\/www.inespre.gob.do\/transparencia\/download\/abril-2025-nomina-empleados-de-caracter-temporal-pdf\/?wpdmdl=27851&refresh=69f73f70c07001777811312\">Descargar<\/a> <i style=\"margin: 4px 0 0 5px;opacity:0.5\"                                                           class=\"fa fa-th-large\"><\/i> 268.08 KB            <\/div>        <\/div>    <\/div><\/div><\/div><script>jQuery(function(){jQuery('.link-btn a.wpdm-download-link img').after('Descargar');jQuery('.link-btn a.wpdm-download-link img').remove();});<\/script>\n<div style=\"clear: both; margin-top: 15px;\"><\/div>\n<strong>Publicado:<\/strong> 14 de mayo, 2025\n<div style=\"clear: both; margin-top: 15px;\"><\/div>\n\n<hr \/>\n\n        <div class=\"w3eden clear\" align=\"right\"><div class=\"link-btn light\">    <div class=\"media\">        <div class=\"pull-left wbt-left\"><div class=\"wbt-icon\"><img decoding=\"async\" class=\"wpdm_icon\" alt=\"Icono\"   src=\"https:\/\/www.inespre.gob.do\/transparencia\/wp-content\/plugins\/download-manager\/assets\/file-type-icons\/xlsx2.svg\" \/><\/div><\/div>        <div class=\"pull-left text-left wbt-content\"><strong class=\"ptitle\">                <a href=\"https:\/\/www.inespre.gob.do\/transparencia\/download\/abril-2025-nomina-empleados-en-interinato-xlsx\/?wpdmdl=27852&refresh=69f73f70c09f91777811312\">Abril 2025 - N\u00f3mina Empleados en Interinato (XLSX)<\/a>            <\/strong>            <div style=\"font-size: 8pt;padding-top: 1px\"><a href=\"https:\/\/www.inespre.gob.do\/transparencia\/download\/abril-2025-nomina-empleados-en-interinato-xlsx\/?wpdmdl=27852&refresh=69f73f70c09f91777811312\">Descargar<\/a> <i style=\"margin: 4px 0 0 5px;opacity:0.5\"                                                           class=\"fa fa-th-large\"><\/i> 113.50 KB            <\/div>        <\/div>    <\/div><\/div><\/div><script>jQuery(function(){jQuery('.link-btn a.wpdm-download-link img').after('Descargar');jQuery('.link-btn a.wpdm-download-link img').remove();});<\/script>\n<div style=\"clear: both; margin-top: 15px;\"><\/div>\n<strong>Publicado:<\/strong> 14 de mayo, 2025\n<div style=\"clear: both; margin-top: 15px;\"><\/div>\n\n<hr \/>\n\n        <div class=\"w3eden clear\" align=\"right\"><div class=\"link-btn light\">    <div class=\"media\">        <div class=\"pull-left wbt-left\"><div class=\"wbt-icon\"><img decoding=\"async\" class=\"wpdm_icon\" alt=\"Icono\"   src=\"https:\/\/www.inespre.gob.do\/transparencia\/wp-content\/plugins\/download-manager\/assets\/file-type-icons\/pdf.svg\" \/><\/div><\/div>        <div class=\"pull-left text-left wbt-content\"><strong class=\"ptitle\">                <a href=\"https:\/\/www.inespre.gob.do\/transparencia\/download\/abril-2025-nomina-empleados-en-interinato-pdf\/?wpdmdl=27853&refresh=69f73f70c0d151777811312\">Abril 2025 - N\u00f3mina Empleados en Interinato (PDF)<\/a>            <\/strong>            <div style=\"font-size: 8pt;padding-top: 1px\"><a href=\"https:\/\/www.inespre.gob.do\/transparencia\/download\/abril-2025-nomina-empleados-en-interinato-pdf\/?wpdmdl=27853&refresh=69f73f70c0d151777811312\">Descargar<\/a> <i style=\"margin: 4px 0 0 5px;opacity:0.5\"                                                           class=\"fa fa-th-large\"><\/i> 293.54 KB            <\/div>        <\/div>    <\/div><\/div><\/div><script>jQuery(function(){jQuery('.link-btn a.wpdm-download-link img').after('Descargar');jQuery('.link-btn a.wpdm-download-link img').remove();});<\/script>\n<div style=\"clear: both; margin-top: 15px;\"><\/div>\n<strong>Publicado:<\/strong> 14 de mayo, 2025\n<div style=\"clear: both; margin-top: 15px;\"><\/div>\n\n<hr \/>\n\n<h5>Marzo<\/h5>\n        <div class=\"w3eden clear\" align=\"right\"><div class=\"link-btn light\">    <div class=\"media\">        <div class=\"pull-left wbt-left\"><div class=\"wbt-icon\"><img decoding=\"async\" class=\"wpdm_icon\" alt=\"Icono\"   src=\"https:\/\/www.inespre.gob.do\/transparencia\/wp-content\/plugins\/download-manager\/assets\/file-type-icons\/txt.svg\" \/><\/div><\/div>        <div class=\"pull-left text-left wbt-content\"><strong class=\"ptitle\">                <a href=\"https:\/\/www.inespre.gob.do\/transparencia\/download\/esta-institucion-no-tiene-personal-contratado-en-marzo-2025\/?wpdmdl=27641&refresh=69f73f70c10751777811312\">Esta instituci\u00f3n no tiene personal contratado en marzo 2025<\/a>            <\/strong>            <div style=\"font-size: 8pt;padding-top: 1px\"><a href=\"https:\/\/www.inespre.gob.do\/transparencia\/download\/esta-institucion-no-tiene-personal-contratado-en-marzo-2025\/?wpdmdl=27641&refresh=69f73f70c10751777811312\">Descargar<\/a> <i style=\"margin: 4px 0 0 5px;opacity:0.5\"                                                           class=\"fa fa-th-large\"><\/i> 0.06 KB            <\/div>        <\/div>    <\/div><\/div><\/div><script>jQuery(function(){jQuery('.link-btn a.wpdm-download-link img').after('Descargar');jQuery('.link-btn a.wpdm-download-link img').remove();});<\/script>\n<div style=\"clear: both; margin-top: 15px;\"><\/div>\n<strong>Publicado:<\/strong> 08 de abril, 2025\n<div style=\"clear: both; margin-top: 15px;\"><\/div>\n\n<hr \/>\n\n        <div class=\"w3eden clear\" align=\"right\"><div class=\"link-btn light\">    <div class=\"media\">        <div class=\"pull-left wbt-left\"><div class=\"wbt-icon\"><img decoding=\"async\" class=\"wpdm_icon\" alt=\"Icono\"   src=\"https:\/\/www.inespre.gob.do\/transparencia\/wp-content\/plugins\/download-manager\/assets\/file-type-icons\/xlsx2.svg\" \/><\/div><\/div>        <div class=\"pull-left text-left wbt-content\"><strong class=\"ptitle\">                <a href=\"https:\/\/www.inespre.gob.do\/transparencia\/download\/marzo-2025-nomina-de-empleados-fijos-xlsx\/?wpdmdl=27642&refresh=69f73f70c13701777811312\">Marzo 2025 - N\u00f3mina de Empleados Fijos (XLSX)<\/a>            <\/strong>            <div style=\"font-size: 8pt;padding-top: 1px\"><a href=\"https:\/\/www.inespre.gob.do\/transparencia\/download\/marzo-2025-nomina-de-empleados-fijos-xlsx\/?wpdmdl=27642&refresh=69f73f70c13701777811312\">Descargar<\/a> <i style=\"margin: 4px 0 0 5px;opacity:0.5\"                                                           class=\"fa fa-th-large\"><\/i> 508.00 KB            <\/div>        <\/div>    <\/div><\/div><\/div><script>jQuery(function(){jQuery('.link-btn a.wpdm-download-link img').after('Descargar');jQuery('.link-btn a.wpdm-download-link img').remove();});<\/script>\n<div style=\"clear: both; margin-top: 15px;\"><\/div>\n<strong>Publicado:<\/strong> 08 de abril, 2025\n<div style=\"clear: both; margin-top: 15px;\"><\/div>\n\n<hr \/>\n\n        <div class=\"w3eden clear\" align=\"right\"><div class=\"link-btn light\">    <div class=\"media\">        <div class=\"pull-left wbt-left\"><div class=\"wbt-icon\"><img decoding=\"async\" class=\"wpdm_icon\" alt=\"Icono\"   src=\"https:\/\/www.inespre.gob.do\/transparencia\/wp-content\/plugins\/download-manager\/assets\/file-type-icons\/pdf.svg\" \/><\/div><\/div>        <div class=\"pull-left text-left wbt-content\"><strong class=\"ptitle\">                <a href=\"https:\/\/www.inespre.gob.do\/transparencia\/download\/marzo-2025-nomina-de-empleados-fijos-pdf\/?wpdmdl=27643&refresh=69f73f70c16731777811312\">Marzo 2025 - N\u00f3mina de Empleados Fijos (PDF)<\/a>            <\/strong>            <div style=\"font-size: 8pt;padding-top: 1px\"><a href=\"https:\/\/www.inespre.gob.do\/transparencia\/download\/marzo-2025-nomina-de-empleados-fijos-pdf\/?wpdmdl=27643&refresh=69f73f70c16731777811312\">Descargar<\/a> <i style=\"margin: 4px 0 0 5px;opacity:0.5\"                                                           class=\"fa fa-th-large\"><\/i> 1.23 MB            <\/div>        <\/div>    <\/div><\/div><\/div><script>jQuery(function(){jQuery('.link-btn a.wpdm-download-link img').after('Descargar');jQuery('.link-btn a.wpdm-download-link img').remove();});<\/script>\n<div style=\"clear: both; margin-top: 15px;\"><\/div>\n<strong>Publicado:<\/strong> 08 de abril, 2025\n<div style=\"clear: both; margin-top: 15px;\"><\/div>\n\n<hr \/>\n\n        <div class=\"w3eden clear\" align=\"right\"><div class=\"link-btn light\">    <div class=\"media\">        <div class=\"pull-left wbt-left\"><div class=\"wbt-icon\"><img decoding=\"async\" class=\"wpdm_icon\" alt=\"Icono\"   src=\"https:\/\/www.inespre.gob.do\/transparencia\/wp-content\/plugins\/download-manager\/assets\/file-type-icons\/xlsx2.svg\" \/><\/div><\/div>        <div class=\"pull-left text-left wbt-content\"><strong class=\"ptitle\">                <a href=\"https:\/\/www.inespre.gob.do\/transparencia\/download\/marzo-2025-nomina-empleados-en-periodo-probatorio-xlsx\/?wpdmdl=27646&refresh=69f73f70c196c1777811312\">Marzo 2025 - N\u00f3mina Empleados en Per\u00edodo Probatorio (XLSX)<\/a>            <\/strong>            <div style=\"font-size: 8pt;padding-top: 1px\"><a href=\"https:\/\/www.inespre.gob.do\/transparencia\/download\/marzo-2025-nomina-empleados-en-periodo-probatorio-xlsx\/?wpdmdl=27646&refresh=69f73f70c196c1777811312\">Descargar<\/a> <i style=\"margin: 4px 0 0 5px;opacity:0.5\"                                                           class=\"fa fa-th-large\"><\/i> 116.50 KB            <\/div>        <\/div>    <\/div><\/div><\/div><script>jQuery(function(){jQuery('.link-btn a.wpdm-download-link img').after('Descargar');jQuery('.link-btn a.wpdm-download-link img').remove();});<\/script>\n<div style=\"clear: both; margin-top: 15px;\"><\/div>\n<strong>Publicado:<\/strong> 08 de abril, 2025\n<div style=\"clear: both; margin-top: 15px;\"><\/div>\n\n<hr \/>\n\n        <div class=\"w3eden clear\" align=\"right\"><div class=\"link-btn light\">    <div class=\"media\">        <div class=\"pull-left wbt-left\"><div class=\"wbt-icon\"><img decoding=\"async\" class=\"wpdm_icon\" alt=\"Icono\"   src=\"https:\/\/www.inespre.gob.do\/transparencia\/wp-content\/plugins\/download-manager\/assets\/file-type-icons\/pdf.svg\" \/><\/div><\/div>        <div class=\"pull-left text-left wbt-content\"><strong class=\"ptitle\">                <a href=\"https:\/\/www.inespre.gob.do\/transparencia\/download\/marzo-2025-nomina-empleados-en-periodo-probatorio-pdf\/?wpdmdl=27647&refresh=69f73f70c1c771777811312\">Marzo 2025 - N\u00f3mina Empleados en Per\u00edodo Probatorio (PDF)<\/a>            <\/strong>            <div style=\"font-size: 8pt;padding-top: 1px\"><a href=\"https:\/\/www.inespre.gob.do\/transparencia\/download\/marzo-2025-nomina-empleados-en-periodo-probatorio-pdf\/?wpdmdl=27647&refresh=69f73f70c1c771777811312\">Descargar<\/a> <i style=\"margin: 4px 0 0 5px;opacity:0.5\"                                                           class=\"fa fa-th-large\"><\/i> 198.59 KB            <\/div>        <\/div>    <\/div><\/div><\/div><script>jQuery(function(){jQuery('.link-btn a.wpdm-download-link img').after('Descargar');jQuery('.link-btn a.wpdm-download-link img').remove();});<\/script>\n<div style=\"clear: both; margin-top: 15px;\"><\/div>\n<strong>Publicado:<\/strong> 08 de abril, 2025\n<div style=\"clear: both; margin-top: 15px;\"><\/div>\n\n<hr \/>\n\n        <div class=\"w3eden clear\" align=\"right\"><div class=\"link-btn light\">    <div class=\"media\">        <div class=\"pull-left wbt-left\"><div class=\"wbt-icon\"><img decoding=\"async\" class=\"wpdm_icon\" alt=\"Icono\"   src=\"https:\/\/www.inespre.gob.do\/transparencia\/wp-content\/plugins\/download-manager\/assets\/file-type-icons\/xlsx2.svg\" \/><\/div><\/div>        <div class=\"pull-left text-left wbt-content\"><strong class=\"ptitle\">                <a href=\"https:\/\/www.inespre.gob.do\/transparencia\/download\/marzo-2025-nomina-empleados-de-caracter-temporal-xlsx\/?wpdmdl=27653&refresh=69f73f70c1f781777811312\">Marzo 2025 - N\u00f3mina Empleados de Car\u00e1cter Temporal (XLSX)<\/a>            <\/strong>            <div style=\"font-size: 8pt;padding-top: 1px\"><a href=\"https:\/\/www.inespre.gob.do\/transparencia\/download\/marzo-2025-nomina-empleados-de-caracter-temporal-xlsx\/?wpdmdl=27653&refresh=69f73f70c1f781777811312\">Descargar<\/a> <i style=\"margin: 4px 0 0 5px;opacity:0.5\"                                                           class=\"fa fa-th-large\"><\/i> 119.00 KB            <\/div>        <\/div>    <\/div><\/div><\/div><script>jQuery(function(){jQuery('.link-btn a.wpdm-download-link img').after('Descargar');jQuery('.link-btn a.wpdm-download-link img').remove();});<\/script>\n<div style=\"clear: both; margin-top: 15px;\"><\/div>\n<strong>Publicado:<\/strong> 08 de abril, 2025\n<div style=\"clear: both; margin-top: 15px;\"><\/div>\n\n<hr \/>\n\n        <div class=\"w3eden clear\" align=\"right\"><div class=\"link-btn light\">    <div class=\"media\">        <div class=\"pull-left wbt-left\"><div class=\"wbt-icon\"><img decoding=\"async\" class=\"wpdm_icon\" alt=\"Icono\"   src=\"https:\/\/www.inespre.gob.do\/transparencia\/wp-content\/plugins\/download-manager\/assets\/file-type-icons\/pdf.svg\" \/><\/div><\/div>        <div class=\"pull-left text-left wbt-content\"><strong class=\"ptitle\">                <a href=\"https:\/\/www.inespre.gob.do\/transparencia\/download\/marzo-2025-nomina-empleados-de-caracter-temporal-pdf\/?wpdmdl=27654&refresh=69f73f70c22711777811312\">Marzo 2025 - N\u00f3mina Empleados de Car\u00e1cter Temporal (PDF)<\/a>            <\/strong>            <div style=\"font-size: 8pt;padding-top: 1px\"><a href=\"https:\/\/www.inespre.gob.do\/transparencia\/download\/marzo-2025-nomina-empleados-de-caracter-temporal-pdf\/?wpdmdl=27654&refresh=69f73f70c22711777811312\">Descargar<\/a> <i style=\"margin: 4px 0 0 5px;opacity:0.5\"                                                           class=\"fa fa-th-large\"><\/i> 204.94 KB            <\/div>        <\/div>    <\/div><\/div><\/div><script>jQuery(function(){jQuery('.link-btn a.wpdm-download-link img').after('Descargar');jQuery('.link-btn a.wpdm-download-link img').remove();});<\/script>\n<div style=\"clear: both; margin-top: 15px;\"><\/div>\n<strong>Publicado:<\/strong> 08 de abril, 2025\n<div style=\"clear: both; margin-top: 15px;\"><\/div>\n\n<hr \/>\n\n        <div class=\"w3eden clear\" align=\"right\"><div class=\"link-btn light\">    <div class=\"media\">        <div class=\"pull-left wbt-left\"><div class=\"wbt-icon\"><img decoding=\"async\" class=\"wpdm_icon\" alt=\"Icono\"   src=\"https:\/\/www.inespre.gob.do\/transparencia\/wp-content\/plugins\/download-manager\/assets\/file-type-icons\/xlsx2.svg\" \/><\/div><\/div>        <div class=\"pull-left text-left wbt-content\"><strong class=\"ptitle\">                <a href=\"https:\/\/www.inespre.gob.do\/transparencia\/download\/marzo-2025-nomina-empleados-en-interinato-xlsx\/?wpdmdl=27658&refresh=69f73f70c25641777811312\">Marzo 2025 - N\u00f3mina Empleados en Interinato (XLSX)<\/a>            <\/strong>            <div style=\"font-size: 8pt;padding-top: 1px\"><a href=\"https:\/\/www.inespre.gob.do\/transparencia\/download\/marzo-2025-nomina-empleados-en-interinato-xlsx\/?wpdmdl=27658&refresh=69f73f70c25641777811312\">Descargar<\/a> <i style=\"margin: 4px 0 0 5px;opacity:0.5\"                                                           class=\"fa fa-th-large\"><\/i> 114.00 KB            <\/div>        <\/div>    <\/div><\/div><\/div><script>jQuery(function(){jQuery('.link-btn a.wpdm-download-link img').after('Descargar');jQuery('.link-btn a.wpdm-download-link img').remove();});<\/script>\n<div style=\"clear: both; margin-top: 15px;\"><\/div>\n<strong>Publicado:<\/strong> 08 de abril, 2025\n<div style=\"clear: both; margin-top: 15px;\"><\/div>\n\n<hr \/>\n\n        <div class=\"w3eden clear\" align=\"right\"><div class=\"link-btn light\">    <div class=\"media\">        <div class=\"pull-left wbt-left\"><div class=\"wbt-icon\"><img decoding=\"async\" class=\"wpdm_icon\" alt=\"Icono\"   src=\"https:\/\/www.inespre.gob.do\/transparencia\/wp-content\/plugins\/download-manager\/assets\/file-type-icons\/pdf.svg\" \/><\/div><\/div>        <div class=\"pull-left text-left wbt-content\"><strong class=\"ptitle\">                <a href=\"https:\/\/www.inespre.gob.do\/transparencia\/download\/marzo-2025-nomina-empleados-en-interinato-pdf\/?wpdmdl=27659&refresh=69f73f70c285c1777811312\">Marzo 2025 - N\u00f3mina Empleados en Interinato (PDF)<\/a>            <\/strong>            <div style=\"font-size: 8pt;padding-top: 1px\"><a href=\"https:\/\/www.inespre.gob.do\/transparencia\/download\/marzo-2025-nomina-empleados-en-interinato-pdf\/?wpdmdl=27659&refresh=69f73f70c285c1777811312\">Descargar<\/a> <i style=\"margin: 4px 0 0 5px;opacity:0.5\"                                                           class=\"fa fa-th-large\"><\/i> 231.46 KB            <\/div>        <\/div>    <\/div><\/div><\/div><script>jQuery(function(){jQuery('.link-btn a.wpdm-download-link img').after('Descargar');jQuery('.link-btn a.wpdm-download-link img').remove();});<\/script>\n<div style=\"clear: both; margin-top: 15px;\"><\/div>\n<strong>Publicado:<\/strong> 08 de abril, 2025\n<div style=\"clear: both; margin-top: 15px;\"><\/div>\n\n<hr \/>\n\n<h5>Febrero<\/h5>\n        <div class=\"w3eden clear\" align=\"right\"><div class=\"link-btn light\">    <div class=\"media\">        <div class=\"pull-left wbt-left\"><div class=\"wbt-icon\"><img decoding=\"async\" class=\"wpdm_icon\" alt=\"Icono\"   src=\"https:\/\/www.inespre.gob.do\/transparencia\/wp-content\/plugins\/download-manager\/assets\/file-type-icons\/txt.svg\" \/><\/div><\/div>        <div class=\"pull-left text-left wbt-content\"><strong class=\"ptitle\">                <a href=\"https:\/\/www.inespre.gob.do\/transparencia\/download\/esta-institucion-no-tiene-personal-contratado-en-febrero-2025\/?wpdmdl=27502&refresh=69f73f70c2b471777811312\">Esta instituci\u00f3n no tiene personal contratado en febrero 2025<\/a>            <\/strong>            <div style=\"font-size: 8pt;padding-top: 1px\"><a href=\"https:\/\/www.inespre.gob.do\/transparencia\/download\/esta-institucion-no-tiene-personal-contratado-en-febrero-2025\/?wpdmdl=27502&refresh=69f73f70c2b471777811312\">Descargar<\/a> <i style=\"margin: 4px 0 0 5px;opacity:0.5\"                                                           class=\"fa fa-th-large\"><\/i> 0.06 KB            <\/div>        <\/div>    <\/div><\/div><\/div><script>jQuery(function(){jQuery('.link-btn a.wpdm-download-link img').after('Descargar');jQuery('.link-btn a.wpdm-download-link img').remove();});<\/script>\n<div style=\"clear: both; margin-top: 15px;\"><\/div>\n<strong>Publicado:<\/strong> 18 de marzo, 2025\n<div style=\"clear: both; margin-top: 15px;\"><\/div>\n\n<hr \/>\n\n        <div class=\"w3eden clear\" align=\"right\"><div class=\"link-btn light\">    <div class=\"media\">        <div class=\"pull-left wbt-left\"><div class=\"wbt-icon\"><img decoding=\"async\" class=\"wpdm_icon\" alt=\"Icono\"   src=\"https:\/\/www.inespre.gob.do\/transparencia\/wp-content\/plugins\/download-manager\/assets\/file-type-icons\/xlsx2.svg\" \/><\/div><\/div>        <div class=\"pull-left text-left wbt-content\"><strong class=\"ptitle\">                <a href=\"https:\/\/www.inespre.gob.do\/transparencia\/download\/febrero-2025-nomina-de-empleados-fijos-xlsx\/?wpdmdl=27508&refresh=69f73f70c2e341777811312\">Febrero 2025 - N\u00f3mina de Empleados Fijos (XLSX)<\/a>            <\/strong>            <div style=\"font-size: 8pt;padding-top: 1px\"><a href=\"https:\/\/www.inespre.gob.do\/transparencia\/download\/febrero-2025-nomina-de-empleados-fijos-xlsx\/?wpdmdl=27508&refresh=69f73f70c2e341777811312\">Descargar<\/a> <i style=\"margin: 4px 0 0 5px;opacity:0.5\"                                                           class=\"fa fa-th-large\"><\/i> 762.50 KB            <\/div>        <\/div>    <\/div><\/div><\/div><script>jQuery(function(){jQuery('.link-btn a.wpdm-download-link img').after('Descargar');jQuery('.link-btn a.wpdm-download-link img').remove();});<\/script>\n<div style=\"clear: both; margin-top: 15px;\"><\/div>\n<strong>Publicado:<\/strong> 18 de marzo, 2025\n<div style=\"clear: both; margin-top: 15px;\"><\/div>\n\n<hr \/>\n\n        <div class=\"w3eden clear\" align=\"right\"><div class=\"link-btn light\">    <div class=\"media\">        <div class=\"pull-left wbt-left\"><div class=\"wbt-icon\"><img decoding=\"async\" class=\"wpdm_icon\" alt=\"Icono\"   src=\"https:\/\/www.inespre.gob.do\/transparencia\/wp-content\/plugins\/download-manager\/assets\/file-type-icons\/pdf.svg\" \/><\/div><\/div>        <div class=\"pull-left text-left wbt-content\"><strong class=\"ptitle\">                <a href=\"https:\/\/www.inespre.gob.do\/transparencia\/download\/febrero-2025-nomina-de-empleados-fijos-pdf\/?wpdmdl=27509&refresh=69f73f70c312d1777811312\">Febrero 2025 - N\u00f3mina de Empleados Fijos (PDF)<\/a>            <\/strong>            <div style=\"font-size: 8pt;padding-top: 1px\"><a href=\"https:\/\/www.inespre.gob.do\/transparencia\/download\/febrero-2025-nomina-de-empleados-fijos-pdf\/?wpdmdl=27509&refresh=69f73f70c312d1777811312\">Descargar<\/a> <i style=\"margin: 4px 0 0 5px;opacity:0.5\"                                                           class=\"fa fa-th-large\"><\/i> 1.04 MB            <\/div>        <\/div>    <\/div><\/div><\/div><script>jQuery(function(){jQuery('.link-btn a.wpdm-download-link img').after('Descargar');jQuery('.link-btn a.wpdm-download-link img').remove();});<\/script>\n<div style=\"clear: both; margin-top: 15px;\"><\/div>\n<strong>Publicado:<\/strong> 18 de marzo, 2025\n<div style=\"clear: both; margin-top: 15px;\"><\/div>\n\n<hr \/>\n\n        <div class=\"w3eden clear\" align=\"right\"><div class=\"link-btn light\">    <div class=\"media\">        <div class=\"pull-left wbt-left\"><div class=\"wbt-icon\"><img decoding=\"async\" class=\"wpdm_icon\" alt=\"Icono\"   src=\"https:\/\/www.inespre.gob.do\/transparencia\/wp-content\/plugins\/download-manager\/assets\/file-type-icons\/xlsx2.svg\" \/><\/div><\/div>        <div class=\"pull-left text-left wbt-content\"><strong class=\"ptitle\">                <a href=\"https:\/\/www.inespre.gob.do\/transparencia\/download\/febrero-2025-nomina-complementaria-xlsx\/?wpdmdl=27507&refresh=69f73f70c34251777811312\">Febrero 2025 - N\u00f3mina Complementaria (XLSX)<\/a>            <\/strong>            <div style=\"font-size: 8pt;padding-top: 1px\"><a href=\"https:\/\/www.inespre.gob.do\/transparencia\/download\/febrero-2025-nomina-complementaria-xlsx\/?wpdmdl=27507&refresh=69f73f70c34251777811312\">Descargar<\/a> <i style=\"margin: 4px 0 0 5px;opacity:0.5\"                                                           class=\"fa fa-th-large\"><\/i> 323.00 KB            <\/div>        <\/div>    <\/div><\/div><\/div><script>jQuery(function(){jQuery('.link-btn a.wpdm-download-link img').after('Descargar');jQuery('.link-btn a.wpdm-download-link img').remove();});<\/script>\n<div style=\"clear: both; margin-top: 15px;\"><\/div>\n<strong>Publicado:<\/strong> 18 de marzo, 2025\n<div style=\"clear: both; margin-top: 15px;\"><\/div>\n\n<hr \/>\n\n        <div class=\"w3eden clear\" align=\"right\"><div class=\"link-btn light\">    <div class=\"media\">        <div class=\"pull-left wbt-left\"><div class=\"wbt-icon\"><img decoding=\"async\" class=\"wpdm_icon\" alt=\"Icono\"   src=\"https:\/\/www.inespre.gob.do\/transparencia\/wp-content\/plugins\/download-manager\/assets\/file-type-icons\/pdf.svg\" \/><\/div><\/div>        <div class=\"pull-left text-left wbt-content\"><strong class=\"ptitle\">                <a href=\"https:\/\/www.inespre.gob.do\/transparencia\/download\/febrero-2025-nomina-complementaria-pdf\/?wpdmdl=27506&refresh=69f73f70c37171777811312\">Febrero 2025 - N\u00f3mina Complementaria (PDF)<\/a>            <\/strong>            <div style=\"font-size: 8pt;padding-top: 1px\"><a href=\"https:\/\/www.inespre.gob.do\/transparencia\/download\/febrero-2025-nomina-complementaria-pdf\/?wpdmdl=27506&refresh=69f73f70c37171777811312\">Descargar<\/a> <i style=\"margin: 4px 0 0 5px;opacity:0.5\"                                                           class=\"fa fa-th-large\"><\/i> 593.57 KB            <\/div>        <\/div>    <\/div><\/div><\/div><script>jQuery(function(){jQuery('.link-btn a.wpdm-download-link img').after('Descargar');jQuery('.link-btn a.wpdm-download-link img').remove();});<\/script>\n<div style=\"clear: both; margin-top: 15px;\"><\/div>\n<strong>Publicado:<\/strong> 18 de marzo, 2025\n<div style=\"clear: both; margin-top: 15px;\"><\/div>\n\n<hr \/>\n\n        <div class=\"w3eden clear\" align=\"right\"><div class=\"link-btn light\">    <div class=\"media\">        <div class=\"pull-left wbt-left\"><div class=\"wbt-icon\"><img decoding=\"async\" class=\"wpdm_icon\" alt=\"Icono\"   src=\"https:\/\/www.inespre.gob.do\/transparencia\/wp-content\/plugins\/download-manager\/assets\/file-type-icons\/xlsx2.svg\" \/><\/div><\/div>        <div class=\"pull-left text-left wbt-content\"><strong class=\"ptitle\">                <a href=\"https:\/\/www.inespre.gob.do\/transparencia\/download\/febrero-2025-nomina-empleados-en-periodo-probatorio-xlsx\/?wpdmdl=27503&refresh=69f73f70c3a0b1777811312\">Febrero 2025 - N\u00f3mina Empleados en Per\u00edodo Probatorio (XLSX)<\/a>            <\/strong>            <div style=\"font-size: 8pt;padding-top: 1px\"><a href=\"https:\/\/www.inespre.gob.do\/transparencia\/download\/febrero-2025-nomina-empleados-en-periodo-probatorio-xlsx\/?wpdmdl=27503&refresh=69f73f70c3a0b1777811312\">Descargar<\/a> <i style=\"margin: 4px 0 0 5px;opacity:0.5\"                                                           class=\"fa fa-th-large\"><\/i> 188.00 KB            <\/div>        <\/div>    <\/div><\/div><\/div><script>jQuery(function(){jQuery('.link-btn a.wpdm-download-link img').after('Descargar');jQuery('.link-btn a.wpdm-download-link img').remove();});<\/script>\n<div style=\"clear: both; margin-top: 15px;\"><\/div>\n<strong>Publicado:<\/strong> 18 de marzo, 2025\n<div style=\"clear: both; margin-top: 15px;\"><\/div>\n\n<hr \/>\n\n        <div class=\"w3eden clear\" align=\"right\"><div class=\"link-btn light\">    <div class=\"media\">        <div class=\"pull-left wbt-left\"><div class=\"wbt-icon\"><img decoding=\"async\" class=\"wpdm_icon\" alt=\"Icono\"   src=\"https:\/\/www.inespre.gob.do\/transparencia\/wp-content\/plugins\/download-manager\/assets\/file-type-icons\/pdf.svg\" \/><\/div><\/div>        <div class=\"pull-left text-left wbt-content\"><strong class=\"ptitle\">                <a href=\"https:\/\/www.inespre.gob.do\/transparencia\/download\/febrero-2025-nomina-empleados-en-periodo-probatorio-pdf\/?wpdmdl=27504&refresh=69f73f70c3cfa1777811312\">Febrero 2025 - N\u00f3mina Empleados en Per\u00edodo Probatorio (PDF)<\/a>            <\/strong>            <div style=\"font-size: 8pt;padding-top: 1px\"><a href=\"https:\/\/www.inespre.gob.do\/transparencia\/download\/febrero-2025-nomina-empleados-en-periodo-probatorio-pdf\/?wpdmdl=27504&refresh=69f73f70c3cfa1777811312\">Descargar<\/a> <i style=\"margin: 4px 0 0 5px;opacity:0.5\"                                                           class=\"fa fa-th-large\"><\/i> 248.59 KB            <\/div>        <\/div>    <\/div><\/div><\/div><script>jQuery(function(){jQuery('.link-btn a.wpdm-download-link img').after('Descargar');jQuery('.link-btn a.wpdm-download-link img').remove();});<\/script>\n<div style=\"clear: both; margin-top: 15px;\"><\/div>\n<strong>Publicado:<\/strong> 18 de marzo, 2025\n<div style=\"clear: both; margin-top: 15px;\"><\/div>\n\n<hr \/>\n\n        <div class=\"w3eden clear\" align=\"right\"><div class=\"link-btn light\">    <div class=\"media\">        <div class=\"pull-left wbt-left\"><div class=\"wbt-icon\"><img decoding=\"async\" class=\"wpdm_icon\" alt=\"Icono\"   src=\"https:\/\/www.inespre.gob.do\/transparencia\/wp-content\/plugins\/download-manager\/assets\/file-type-icons\/xlsx2.svg\" \/><\/div><\/div>        <div class=\"pull-left text-left wbt-content\"><strong class=\"ptitle\">                <a href=\"https:\/\/www.inespre.gob.do\/transparencia\/download\/febrero-2025-nomina-empleados-de-caracter-temporal-xlsx\/?wpdmdl=27499&refresh=69f73f70c3ffe1777811312\">Febrero 2025 - N\u00f3mina Empleados de Car\u00e1cter Temporal (XLSX)<\/a>            <\/strong>            <div style=\"font-size: 8pt;padding-top: 1px\"><a href=\"https:\/\/www.inespre.gob.do\/transparencia\/download\/febrero-2025-nomina-empleados-de-caracter-temporal-xlsx\/?wpdmdl=27499&refresh=69f73f70c3ffe1777811312\">Descargar<\/a> <i style=\"margin: 4px 0 0 5px;opacity:0.5\"                                                           class=\"fa fa-th-large\"><\/i> 204.50 KB            <\/div>        <\/div>    <\/div><\/div><\/div><script>jQuery(function(){jQuery('.link-btn a.wpdm-download-link img').after('Descargar');jQuery('.link-btn a.wpdm-download-link img').remove();});<\/script>\n<div style=\"clear: both; margin-top: 15px;\"><\/div>\n<strong>Publicado:<\/strong> 18 de marzo, 2025\n<div style=\"clear: both; margin-top: 15px;\"><\/div>\n\n<hr \/>\n\n        <div class=\"w3eden clear\" align=\"right\"><div class=\"link-btn light\">    <div class=\"media\">        <div class=\"pull-left wbt-left\"><div class=\"wbt-icon\"><img decoding=\"async\" class=\"wpdm_icon\" alt=\"Icono\"   src=\"https:\/\/www.inespre.gob.do\/transparencia\/wp-content\/plugins\/download-manager\/assets\/file-type-icons\/pdf.svg\" \/><\/div><\/div>        <div class=\"pull-left text-left wbt-content\"><strong class=\"ptitle\">                <a href=\"https:\/\/www.inespre.gob.do\/transparencia\/download\/febrero-2025-nomina-empleados-de-caracter-temporal-pdf\/?wpdmdl=27500&refresh=69f73f70c430b1777811312\">Febrero 2025 - N\u00f3mina Empleados de Car\u00e1cter Temporal (PDF)<\/a>            <\/strong>            <div style=\"font-size: 8pt;padding-top: 1px\"><a href=\"https:\/\/www.inespre.gob.do\/transparencia\/download\/febrero-2025-nomina-empleados-de-caracter-temporal-pdf\/?wpdmdl=27500&refresh=69f73f70c430b1777811312\">Descargar<\/a> <i style=\"margin: 4px 0 0 5px;opacity:0.5\"                                                           class=\"fa fa-th-large\"><\/i> 252.53 KB            <\/div>        <\/div>    <\/div><\/div><\/div><script>jQuery(function(){jQuery('.link-btn a.wpdm-download-link img').after('Descargar');jQuery('.link-btn a.wpdm-download-link img').remove();});<\/script>\n<div style=\"clear: both; margin-top: 15px;\"><\/div>\n<strong>Publicado:<\/strong> 18 de marzo, 2025\n<div style=\"clear: both; margin-top: 15px;\"><\/div>\n\n<hr \/>\n\n        <div class=\"w3eden clear\" align=\"right\"><div class=\"link-btn light\">    <div class=\"media\">        <div class=\"pull-left wbt-left\"><div class=\"wbt-icon\"><img decoding=\"async\" class=\"wpdm_icon\" alt=\"Icono\"   src=\"https:\/\/www.inespre.gob.do\/transparencia\/wp-content\/plugins\/download-manager\/assets\/file-type-icons\/xlsx2.svg\" \/><\/div><\/div>        <div class=\"pull-left text-left wbt-content\"><strong class=\"ptitle\">                <a href=\"https:\/\/www.inespre.gob.do\/transparencia\/download\/febrero-2025-nomina-empleados-en-interinato-xlsx\/?wpdmdl=27496&refresh=69f73f70c462a1777811312\">Febrero 2025 - N\u00f3mina Empleados en Interinato (XLSX)<\/a>            <\/strong>            <div style=\"font-size: 8pt;padding-top: 1px\"><a href=\"https:\/\/www.inespre.gob.do\/transparencia\/download\/febrero-2025-nomina-empleados-en-interinato-xlsx\/?wpdmdl=27496&refresh=69f73f70c462a1777811312\">Descargar<\/a> <i style=\"margin: 4px 0 0 5px;opacity:0.5\"                                                           class=\"fa fa-th-large\"><\/i> 201.50 KB            <\/div>        <\/div>    <\/div><\/div><\/div><script>jQuery(function(){jQuery('.link-btn a.wpdm-download-link img').after('Descargar');jQuery('.link-btn a.wpdm-download-link img').remove();});<\/script>\n<div style=\"clear: both; margin-top: 15px;\"><\/div>\n<strong>Publicado:<\/strong> 18 de marzo, 2025\n<div style=\"clear: both; margin-top: 15px;\"><\/div>\n\n<hr \/>\n\n        <div class=\"w3eden clear\" align=\"right\"><div class=\"link-btn light\">    <div class=\"media\">        <div class=\"pull-left wbt-left\"><div class=\"wbt-icon\"><img decoding=\"async\" class=\"wpdm_icon\" alt=\"Icono\"   src=\"https:\/\/www.inespre.gob.do\/transparencia\/wp-content\/plugins\/download-manager\/assets\/file-type-icons\/pdf.svg\" \/><\/div><\/div>        <div class=\"pull-left text-left wbt-content\"><strong class=\"ptitle\">                <a href=\"https:\/\/www.inespre.gob.do\/transparencia\/download\/febrero-2025-nomina-empleados-en-interinato-pdf\/?wpdmdl=27495&refresh=69f73f70c49281777811312\">Febrero 2025 - N\u00f3mina Empleados en Interinato (PDF)<\/a>            <\/strong>            <div style=\"font-size: 8pt;padding-top: 1px\"><a href=\"https:\/\/www.inespre.gob.do\/transparencia\/download\/febrero-2025-nomina-empleados-en-interinato-pdf\/?wpdmdl=27495&refresh=69f73f70c49281777811312\">Descargar<\/a> <i style=\"margin: 4px 0 0 5px;opacity:0.5\"                                                           class=\"fa fa-th-large\"><\/i> 283.04 KB            <\/div>        <\/div>    <\/div><\/div><\/div><script>jQuery(function(){jQuery('.link-btn a.wpdm-download-link img').after('Descargar');jQuery('.link-btn a.wpdm-download-link img').remove();});<\/script>\n<div style=\"clear: both; margin-top: 15px;\"><\/div>\n<strong>Publicado:<\/strong> 18 de marzo, 2025\n<div style=\"clear: both; margin-top: 15px;\"><\/div>\n\n<hr \/>\n\n<h5>Enero<\/h5>\n        <div class=\"w3eden clear\" align=\"right\"><div class=\"link-btn light\">    <div class=\"media\">        <div class=\"pull-left wbt-left\"><div class=\"wbt-icon\"><img decoding=\"async\" class=\"wpdm_icon\" alt=\"Icono\"   src=\"https:\/\/www.inespre.gob.do\/transparencia\/wp-content\/plugins\/download-manager\/assets\/file-type-icons\/txt.svg\" \/><\/div><\/div>        <div class=\"pull-left text-left wbt-content\"><strong class=\"ptitle\">                <a href=\"https:\/\/www.inespre.gob.do\/transparencia\/download\/esta-institucion-no-tiene-personal-contratado-en-enero-2025\/?wpdmdl=27350&refresh=69f73f70c4c3f1777811312\">Esta instituci\u00f3n no tiene personal contratado en enero 2025<\/a>            <\/strong>            <div style=\"font-size: 8pt;padding-top: 1px\"><a href=\"https:\/\/www.inespre.gob.do\/transparencia\/download\/esta-institucion-no-tiene-personal-contratado-en-enero-2025\/?wpdmdl=27350&refresh=69f73f70c4c3f1777811312\">Descargar<\/a> <i style=\"margin: 4px 0 0 5px;opacity:0.5\"                                                           class=\"fa fa-th-large\"><\/i> 0.06 KB            <\/div>        <\/div>    <\/div><\/div><\/div><script>jQuery(function(){jQuery('.link-btn a.wpdm-download-link img').after('Descargar');jQuery('.link-btn a.wpdm-download-link img').remove();});<\/script>\n<div style=\"clear: both; margin-top: 15px;\"><\/div>\n<strong>Publicado:<\/strong> 10 de febrero, 2025\n<div style=\"clear: both; margin-top: 15px;\"><\/div>\n\n<hr \/>\n\n        <div class=\"w3eden clear\" align=\"right\"><div class=\"link-btn light\">    <div class=\"media\">        <div class=\"pull-left wbt-left\"><div class=\"wbt-icon\"><img decoding=\"async\" class=\"wpdm_icon\" alt=\"Icono\"   src=\"https:\/\/www.inespre.gob.do\/transparencia\/wp-content\/plugins\/download-manager\/assets\/file-type-icons\/xlsx2.svg\" \/><\/div><\/div>        <div class=\"pull-left text-left wbt-content\"><strong class=\"ptitle\">                <a href=\"https:\/\/www.inespre.gob.do\/transparencia\/download\/enero-2025-nomina-de-empleados-fijos-xlsx\/?wpdmdl=27354&refresh=69f73f70c4f601777811312\">Enero 2025 - N\u00f3mina de Empleados Fijos (XLSX)<\/a>            <\/strong>            <div style=\"font-size: 8pt;padding-top: 1px\"><a href=\"https:\/\/www.inespre.gob.do\/transparencia\/download\/enero-2025-nomina-de-empleados-fijos-xlsx\/?wpdmdl=27354&refresh=69f73f70c4f601777811312\">Descargar<\/a> <i style=\"margin: 4px 0 0 5px;opacity:0.5\"                                                           class=\"fa fa-th-large\"><\/i> 592.00 KB            <\/div>        <\/div>    <\/div><\/div><\/div><script>jQuery(function(){jQuery('.link-btn a.wpdm-download-link img').after('Descargar');jQuery('.link-btn a.wpdm-download-link img').remove();});<\/script>\n<div style=\"clear: both; margin-top: 15px;\"><\/div>\n<strong>Publicado:<\/strong> 10 de febrero, 2025\n<div style=\"clear: both; margin-top: 15px;\"><\/div>\n\n<hr \/>\n\n        <div class=\"w3eden clear\" align=\"right\"><div class=\"link-btn light\">    <div class=\"media\">        <div class=\"pull-left wbt-left\"><div class=\"wbt-icon\"><img decoding=\"async\" class=\"wpdm_icon\" alt=\"Icono\"   src=\"https:\/\/www.inespre.gob.do\/transparencia\/wp-content\/plugins\/download-manager\/assets\/file-type-icons\/pdf.svg\" \/><\/div><\/div>        <div class=\"pull-left text-left wbt-content\"><strong class=\"ptitle\">                <a href=\"https:\/\/www.inespre.gob.do\/transparencia\/download\/enero-2025-nomina-de-empleados-fijos-pdf\/?wpdmdl=27355&refresh=69f73f70c52631777811312\">Enero 2025 - N\u00f3mina de Empleados Fijos (PDF)<\/a>            <\/strong>            <div style=\"font-size: 8pt;padding-top: 1px\"><a href=\"https:\/\/www.inespre.gob.do\/transparencia\/download\/enero-2025-nomina-de-empleados-fijos-pdf\/?wpdmdl=27355&refresh=69f73f70c52631777811312\">Descargar<\/a> <i style=\"margin: 4px 0 0 5px;opacity:0.5\"                                                           class=\"fa fa-th-large\"><\/i> 1.38 MB            <\/div>        <\/div>    <\/div><\/div><\/div><script>jQuery(function(){jQuery('.link-btn a.wpdm-download-link img').after('Descargar');jQuery('.link-btn a.wpdm-download-link img').remove();});<\/script>\n<div style=\"clear: both; margin-top: 15px;\"><\/div>\n<strong>Publicado:<\/strong> 10 de febrero, 2025\n<div style=\"clear: both; margin-top: 15px;\"><\/div>\n\n<hr \/>\n\n        <div class=\"w3eden clear\" align=\"right\"><div class=\"link-btn light\">    <div class=\"media\">        <div class=\"pull-left wbt-left\"><div class=\"wbt-icon\"><img decoding=\"async\" class=\"wpdm_icon\" alt=\"Icono\"   src=\"https:\/\/www.inespre.gob.do\/transparencia\/wp-content\/plugins\/download-manager\/assets\/file-type-icons\/xlsx2.svg\" \/><\/div><\/div>        <div class=\"pull-left text-left wbt-content\"><strong class=\"ptitle\">                <a href=\"https:\/\/www.inespre.gob.do\/transparencia\/download\/enero-2025-nomina-complementaria-xlsx\/?wpdmdl=27356&refresh=69f73f70c55561777811312\">Enero 2025 - N\u00f3mina Complementaria (XLSX)<\/a>            <\/strong>            <div style=\"font-size: 8pt;padding-top: 1px\"><a href=\"https:\/\/www.inespre.gob.do\/transparencia\/download\/enero-2025-nomina-complementaria-xlsx\/?wpdmdl=27356&refresh=69f73f70c55561777811312\">Descargar<\/a> <i style=\"margin: 4px 0 0 5px;opacity:0.5\"                                                           class=\"fa fa-th-large\"><\/i> 465.50 KB            <\/div>        <\/div>    <\/div><\/div><\/div><script>jQuery(function(){jQuery('.link-btn a.wpdm-download-link img').after('Descargar');jQuery('.link-btn a.wpdm-download-link img').remove();});<\/script>\n<div style=\"clear: both; margin-top: 15px;\"><\/div>\n<strong>Publicado:<\/strong> 10 de febrero, 2025\n<div style=\"clear: both; margin-top: 15px;\"><\/div>\n\n<hr \/>\n\n        <div class=\"w3eden clear\" align=\"right\"><div class=\"link-btn light\">    <div class=\"media\">        <div class=\"pull-left wbt-left\"><div class=\"wbt-icon\"><img decoding=\"async\" class=\"wpdm_icon\" alt=\"Icono\"   src=\"https:\/\/www.inespre.gob.do\/transparencia\/wp-content\/plugins\/download-manager\/assets\/file-type-icons\/pdf.svg\" \/><\/div><\/div>        <div class=\"pull-left text-left wbt-content\"><strong class=\"ptitle\">                <a href=\"https:\/\/www.inespre.gob.do\/transparencia\/download\/enero-2025-nomina-complementaria-pdf\/?wpdmdl=27359&refresh=69f73f70c58491777811312\">Enero 2025 - N\u00f3mina Complementaria (PDF)<\/a>            <\/strong>            <div style=\"font-size: 8pt;padding-top: 1px\"><a href=\"https:\/\/www.inespre.gob.do\/transparencia\/download\/enero-2025-nomina-complementaria-pdf\/?wpdmdl=27359&refresh=69f73f70c58491777811312\">Descargar<\/a> <i style=\"margin: 4px 0 0 5px;opacity:0.5\"                                                           class=\"fa fa-th-large\"><\/i> 1.02 MB            <\/div>        <\/div>    <\/div><\/div><\/div><script>jQuery(function(){jQuery('.link-btn a.wpdm-download-link img').after('Descargar');jQuery('.link-btn a.wpdm-download-link img').remove();});<\/script>\n<div style=\"clear: both; margin-top: 15px;\"><\/div>\n<strong>Publicado:<\/strong> 10 de febrero, 2025\n<div style=\"clear: both; margin-top: 15px;\"><\/div>\n\n<hr \/>\n\n        <div class=\"w3eden clear\" align=\"right\"><div class=\"link-btn light\">    <div class=\"media\">        <div class=\"pull-left wbt-left\"><div class=\"wbt-icon\"><img decoding=\"async\" class=\"wpdm_icon\" alt=\"Icono\"   src=\"https:\/\/www.inespre.gob.do\/transparencia\/wp-content\/plugins\/download-manager\/assets\/file-type-icons\/xlsx2.svg\" \/><\/div><\/div>        <div class=\"pull-left text-left wbt-content\"><strong class=\"ptitle\">                <a href=\"https:\/\/www.inespre.gob.do\/transparencia\/download\/enero-2025-nomina-empleados-en-periodo-probatorio-xslx\/?wpdmdl=27361&refresh=69f73f70c5b491777811312\">Enero 2025 - N\u00f3mina Empleados en Per\u00edodo Probatorio (XSLX)<\/a>            <\/strong>            <div style=\"font-size: 8pt;padding-top: 1px\"><a href=\"https:\/\/www.inespre.gob.do\/transparencia\/download\/enero-2025-nomina-empleados-en-periodo-probatorio-xslx\/?wpdmdl=27361&refresh=69f73f70c5b491777811312\">Descargar<\/a> <i style=\"margin: 4px 0 0 5px;opacity:0.5\"                                                           class=\"fa fa-th-large\"><\/i> 188.50 KB            <\/div>        <\/div>    <\/div><\/div><\/div><script>jQuery(function(){jQuery('.link-btn a.wpdm-download-link img').after('Descargar');jQuery('.link-btn a.wpdm-download-link img').remove();});<\/script>\n<div style=\"clear: both; margin-top: 15px;\"><\/div>\n<strong>Publicado:<\/strong> 10 de febrero, 2025\n<div style=\"clear: both; margin-top: 15px;\"><\/div>\n\n<hr \/>\n\n        <div class=\"w3eden clear\" align=\"right\"><div class=\"link-btn light\">    <div class=\"media\">        <div class=\"pull-left wbt-left\"><div class=\"wbt-icon\"><img decoding=\"async\" class=\"wpdm_icon\" alt=\"Icono\"   src=\"https:\/\/www.inespre.gob.do\/transparencia\/wp-content\/plugins\/download-manager\/assets\/file-type-icons\/pdf.svg\" \/><\/div><\/div>        <div class=\"pull-left text-left wbt-content\"><strong class=\"ptitle\">                <a href=\"https:\/\/www.inespre.gob.do\/transparencia\/download\/enero-2025-nomina-empleados-en-periodo-probatorio-pdf\/?wpdmdl=27360&refresh=69f73f70c5e4c1777811312\">Enero 2025 - N\u00f3mina Empleados en Per\u00edodo Probatorio (PDF)<\/a>            <\/strong>            <div style=\"font-size: 8pt;padding-top: 1px\"><a href=\"https:\/\/www.inespre.gob.do\/transparencia\/download\/enero-2025-nomina-empleados-en-periodo-probatorio-pdf\/?wpdmdl=27360&refresh=69f73f70c5e4c1777811312\">Descargar<\/a> <i style=\"margin: 4px 0 0 5px;opacity:0.5\"                                                           class=\"fa fa-th-large\"><\/i> 340.70 KB            <\/div>        <\/div>    <\/div><\/div><\/div><script>jQuery(function(){jQuery('.link-btn a.wpdm-download-link img').after('Descargar');jQuery('.link-btn a.wpdm-download-link img').remove();});<\/script>\n<div style=\"clear: both; margin-top: 15px;\"><\/div>\n<strong>Publicado:<\/strong> 10 de febrero, 2025\n<div style=\"clear: both; margin-top: 15px;\"><\/div>\n\n<hr \/>\n\n        <div class=\"w3eden clear\" align=\"right\"><div class=\"link-btn light\">    <div class=\"media\">        <div class=\"pull-left wbt-left\"><div class=\"wbt-icon\"><img decoding=\"async\" class=\"wpdm_icon\" alt=\"Icono\"   src=\"https:\/\/www.inespre.gob.do\/transparencia\/wp-content\/plugins\/download-manager\/assets\/file-type-icons\/xlsx2.svg\" \/><\/div><\/div>        <div class=\"pull-left text-left wbt-content\"><strong class=\"ptitle\">                <a href=\"https:\/\/www.inespre.gob.do\/transparencia\/download\/enero-2025-nomina-empleados-de-caracter-temporal-xlsx\/?wpdmdl=27364&refresh=69f73f70c61611777811312\">Enero 2025 - N\u00f3mina Empleados de Car\u00e1cter Temporal (XLSX)<\/a>            <\/strong>            <div style=\"font-size: 8pt;padding-top: 1px\"><a href=\"https:\/\/www.inespre.gob.do\/transparencia\/download\/enero-2025-nomina-empleados-de-caracter-temporal-xlsx\/?wpdmdl=27364&refresh=69f73f70c61611777811312\">Descargar<\/a> <i style=\"margin: 4px 0 0 5px;opacity:0.5\"                                                           class=\"fa fa-th-large\"><\/i> 205.00 KB            <\/div>        <\/div>    <\/div><\/div><\/div><script>jQuery(function(){jQuery('.link-btn a.wpdm-download-link img').after('Descargar');jQuery('.link-btn a.wpdm-download-link img').remove();});<\/script>\n<div style=\"clear: both; margin-top: 15px;\"><\/div>\n<strong>Publicado:<\/strong> 10 de febrero, 2025\n<div style=\"clear: both; margin-top: 15px;\"><\/div>\n\n<hr \/>\n\n        <div class=\"w3eden clear\" align=\"right\"><div class=\"link-btn light\">    <div class=\"media\">        <div class=\"pull-left wbt-left\"><div class=\"wbt-icon\"><img decoding=\"async\" class=\"wpdm_icon\" alt=\"Icono\"   src=\"https:\/\/www.inespre.gob.do\/transparencia\/wp-content\/plugins\/download-manager\/assets\/file-type-icons\/pdf.svg\" \/><\/div><\/div>        <div class=\"pull-left text-left wbt-content\"><strong class=\"ptitle\">                <a href=\"https:\/\/www.inespre.gob.do\/transparencia\/download\/enero-2025-nomina-empleados-de-caracter-temporal-pdf\/?wpdmdl=27363&refresh=69f73f70c64611777811312\">Enero 2025 - N\u00f3mina Empleados de Car\u00e1cter Temporal (PDF)<\/a>            <\/strong>            <div style=\"font-size: 8pt;padding-top: 1px\"><a href=\"https:\/\/www.inespre.gob.do\/transparencia\/download\/enero-2025-nomina-empleados-de-caracter-temporal-pdf\/?wpdmdl=27363&refresh=69f73f70c64611777811312\">Descargar<\/a> <i style=\"margin: 4px 0 0 5px;opacity:0.5\"                                                           class=\"fa fa-th-large\"><\/i> 339.13 KB            <\/div>        <\/div>    <\/div><\/div><\/div><script>jQuery(function(){jQuery('.link-btn a.wpdm-download-link img').after('Descargar');jQuery('.link-btn a.wpdm-download-link img').remove();});<\/script>\n<div style=\"clear: both; margin-top: 15px;\"><\/div>\n<strong>Publicado:<\/strong> 10 de febrero, 2025\n<div style=\"clear: both; margin-top: 15px;\"><\/div>\n\n<hr \/>\n\n        <div class=\"w3eden clear\" align=\"right\"><div class=\"link-btn light\">    <div class=\"media\">        <div class=\"pull-left wbt-left\"><div class=\"wbt-icon\"><img decoding=\"async\" class=\"wpdm_icon\" alt=\"Icono\"   src=\"https:\/\/www.inespre.gob.do\/transparencia\/wp-content\/plugins\/download-manager\/assets\/file-type-icons\/xlsx2.svg\" \/><\/div><\/div>        <div class=\"pull-left text-left wbt-content\"><strong class=\"ptitle\">                <a href=\"https:\/\/www.inespre.gob.do\/transparencia\/download\/enero-2025-nomina-empleados-en-interinato-xslx\/?wpdmdl=27367&refresh=69f73f70c675d1777811312\">Enero 2025 - N\u00f3mina Empleados en Interinato (XSLX)<\/a>            <\/strong>            <div style=\"font-size: 8pt;padding-top: 1px\"><a href=\"https:\/\/www.inespre.gob.do\/transparencia\/download\/enero-2025-nomina-empleados-en-interinato-xslx\/?wpdmdl=27367&refresh=69f73f70c675d1777811312\">Descargar<\/a> <i style=\"margin: 4px 0 0 5px;opacity:0.5\"                                                           class=\"fa fa-th-large\"><\/i> 201.50 KB            <\/div>        <\/div>    <\/div><\/div><\/div><script>jQuery(function(){jQuery('.link-btn a.wpdm-download-link img').after('Descargar');jQuery('.link-btn a.wpdm-download-link img').remove();});<\/script>\n<div style=\"clear: both; margin-top: 15px;\"><\/div>\n<strong>Publicado:<\/strong> 10 de febrero, 2025\n<div style=\"clear: both; margin-top: 15px;\"><\/div>\n\n<hr \/>\n\n        <div class=\"w3eden clear\" align=\"right\"><div class=\"link-btn light\">    <div class=\"media\">        <div class=\"pull-left wbt-left\"><div class=\"wbt-icon\"><img decoding=\"async\" class=\"wpdm_icon\" alt=\"Icono\"   src=\"https:\/\/www.inespre.gob.do\/transparencia\/wp-content\/plugins\/download-manager\/assets\/file-type-icons\/pdf.svg\" \/><\/div><\/div>        <div class=\"pull-left text-left wbt-content\"><strong class=\"ptitle\">                <a href=\"https:\/\/www.inespre.gob.do\/transparencia\/download\/enero-2025-nomina-empleados-en-interinato-pdf\/?wpdmdl=27368&refresh=69f73f70c6a591777811312\">Enero 2025 - N\u00f3mina Empleados en Interinato (PDF)<\/a>            <\/strong>            <div style=\"font-size: 8pt;padding-top: 1px\"><a href=\"https:\/\/www.inespre.gob.do\/transparencia\/download\/enero-2025-nomina-empleados-en-interinato-pdf\/?wpdmdl=27368&refresh=69f73f70c6a591777811312\">Descargar<\/a> <i style=\"margin: 4px 0 0 5px;opacity:0.5\"                                                           class=\"fa fa-th-large\"><\/i> 369.50 KB            <\/div>        <\/div>    <\/div><\/div><\/div><script>jQuery(function(){jQuery('.link-btn a.wpdm-download-link img').after('Descargar');jQuery('.link-btn a.wpdm-download-link img').remove();});<\/script>\n<div style=\"clear: both; margin-top: 15px;\"><\/div>\n<strong>Publicado:<\/strong> 10 de febrero, 2025\n<div style=\"clear: both; margin-top: 15px;\"><\/div>\n\n<hr \/><\/p>\r\n        <\/div> <!-- \/ tabs_item -->\r\n                <div class=\"tabs_item\">\r\n            <p><h4 id=\"2024\"><strong><span style=\"color: #003300;\">2024<\/span><\/strong><\/h4>\n<h5>N\u00f3mina de Empleados Fijos y contratados<\/h5>\n<hr \/>\n<h5>Diciembre<\/h5>\n        <div class=\"w3eden clear\" align=\"right\"><div class=\"link-btn light\">    <div class=\"media\">        <div class=\"pull-left wbt-left\"><div class=\"wbt-icon\"><img decoding=\"async\" class=\"wpdm_icon\" alt=\"Icono\"   src=\"https:\/\/www.inespre.gob.do\/transparencia\/wp-content\/plugins\/download-manager\/assets\/file-type-icons\/txt.svg\" \/><\/div><\/div>        <div class=\"pull-left text-left wbt-content\"><strong class=\"ptitle\">                <a href=\"https:\/\/www.inespre.gob.do\/transparencia\/download\/esta-institucion-no-tiene-personal-contratado-en-diciembre-2024\/?wpdmdl=27224&refresh=69f73f70c6dca1777811312\">Esta instituci\u00f3n no tiene personal contratado en diciembre 2024<\/a>            <\/strong>            <div style=\"font-size: 8pt;padding-top: 1px\"><a href=\"https:\/\/www.inespre.gob.do\/transparencia\/download\/esta-institucion-no-tiene-personal-contratado-en-diciembre-2024\/?wpdmdl=27224&refresh=69f73f70c6dca1777811312\">Descargar<\/a> <i style=\"margin: 4px 0 0 5px;opacity:0.5\"                                                           class=\"fa fa-th-large\"><\/i> 0.07 KB            <\/div>        <\/div>    <\/div><\/div><\/div><script>jQuery(function(){jQuery('.link-btn a.wpdm-download-link img').after('Descargar');jQuery('.link-btn a.wpdm-download-link img').remove();});<\/script>\n<p><strong>Publicado: 20 de enero, 2025<\/strong><\/p>\n        <div class=\"w3eden clear\" align=\"right\"><div class=\"link-btn light\">    <div class=\"media\">        <div class=\"pull-left wbt-left\"><div class=\"wbt-icon\"><img decoding=\"async\" class=\"wpdm_icon\" alt=\"Icono\"   src=\"https:\/\/www.inespre.gob.do\/transparencia\/wp-content\/plugins\/download-manager\/assets\/file-type-icons\/xlsx2.svg\" \/><\/div><\/div>        <div class=\"pull-left text-left wbt-content\"><strong class=\"ptitle\">                <a href=\"https:\/\/www.inespre.gob.do\/transparencia\/download\/diciembre-2024-nomina-de-empleados-fijos-xlsx\/?wpdmdl=27236&refresh=69f73f70c72131777811312\">Diciembre 2024 - N\u00f3mina de Empleados Fijos (XLSX)<\/a>            <\/strong>            <div style=\"font-size: 8pt;padding-top: 1px\"><a href=\"https:\/\/www.inespre.gob.do\/transparencia\/download\/diciembre-2024-nomina-de-empleados-fijos-xlsx\/?wpdmdl=27236&refresh=69f73f70c72131777811312\">Descargar<\/a> <i style=\"margin: 4px 0 0 5px;opacity:0.5\"                                                           class=\"fa fa-th-large\"><\/i> 533.50 KB            <\/div>        <\/div>    <\/div><\/div><\/div><script>jQuery(function(){jQuery('.link-btn a.wpdm-download-link img').after('Descargar');jQuery('.link-btn a.wpdm-download-link img').remove();});<\/script>\n<p><strong>Publicado: 20 de enero, 2025<\/strong><\/p>\n        <div class=\"w3eden clear\" align=\"right\"><div class=\"link-btn light\">    <div class=\"media\">        <div class=\"pull-left wbt-left\"><div class=\"wbt-icon\"><img decoding=\"async\" class=\"wpdm_icon\" alt=\"Icono\"   src=\"https:\/\/www.inespre.gob.do\/transparencia\/wp-content\/plugins\/download-manager\/assets\/file-type-icons\/pdf.svg\" \/><\/div><\/div>        <div class=\"pull-left text-left wbt-content\"><strong class=\"ptitle\">                <a href=\"https:\/\/www.inespre.gob.do\/transparencia\/download\/diciembre-2024-nomina-de-empleados-fijos-pdf\/?wpdmdl=27237&refresh=69f73f70c78c71777811312\">Diciembre 2024 - N\u00f3mina de Empleados Fijos (PDF)<\/a>            <\/strong>            <div style=\"font-size: 8pt;padding-top: 1px\"><a href=\"https:\/\/www.inespre.gob.do\/transparencia\/download\/diciembre-2024-nomina-de-empleados-fijos-pdf\/?wpdmdl=27237&refresh=69f73f70c78c71777811312\">Descargar<\/a> <i style=\"margin: 4px 0 0 5px;opacity:0.5\"                                                           class=\"fa fa-th-large\"><\/i> 1.28 MB            <\/div>        <\/div>    <\/div><\/div><\/div><script>jQuery(function(){jQuery('.link-btn a.wpdm-download-link img').after('Descargar');jQuery('.link-btn a.wpdm-download-link img').remove();});<\/script>\n<p><strong>Publicado: 20 de enero, 2025<\/strong><\/p>\n        <div class=\"w3eden clear\" align=\"right\"><div class=\"link-btn light\">    <div class=\"media\">        <div class=\"pull-left wbt-left\"><div class=\"wbt-icon\"><img decoding=\"async\" class=\"wpdm_icon\" alt=\"Icono\"   src=\"https:\/\/www.inespre.gob.do\/transparencia\/wp-content\/plugins\/download-manager\/assets\/file-type-icons\/xlsx2.svg\" \/><\/div><\/div>        <div class=\"pull-left text-left wbt-content\"><strong class=\"ptitle\">                <a href=\"https:\/\/www.inespre.gob.do\/transparencia\/download\/diciembre-2024-nomina-complementaria-xlsx\/?wpdmdl=27235&refresh=69f73f70c7c401777811312\">Diciembre 2024 - N\u00f3mina Complementaria (XLSX)<\/a>            <\/strong>            <div style=\"font-size: 8pt;padding-top: 1px\"><a href=\"https:\/\/www.inespre.gob.do\/transparencia\/download\/diciembre-2024-nomina-complementaria-xlsx\/?wpdmdl=27235&refresh=69f73f70c7c401777811312\">Descargar<\/a> <i style=\"margin: 4px 0 0 5px;opacity:0.5\"                                                           class=\"fa fa-th-large\"><\/i> 347.00 KB            <\/div>        <\/div>    <\/div><\/div><\/div><script>jQuery(function(){jQuery('.link-btn a.wpdm-download-link img').after('Descargar');jQuery('.link-btn a.wpdm-download-link img').remove();});<\/script>\n<p><strong>Publicado: 20 de enero, 2025<\/strong><\/p>\n        <div class=\"w3eden clear\" align=\"right\"><div class=\"link-btn light\">    <div class=\"media\">        <div class=\"pull-left wbt-left\"><div class=\"wbt-icon\"><img decoding=\"async\" class=\"wpdm_icon\" alt=\"Icono\"   src=\"https:\/\/www.inespre.gob.do\/transparencia\/wp-content\/plugins\/download-manager\/assets\/file-type-icons\/pdf.svg\" \/><\/div><\/div>        <div class=\"pull-left text-left wbt-content\"><strong class=\"ptitle\">                <a href=\"https:\/\/www.inespre.gob.do\/transparencia\/download\/diciembre-2024-nomina-complementaria-pdf\/?wpdmdl=27234&refresh=69f73f70c7f5f1777811312\">Diciembre 2024 - N\u00f3mina Complementaria (PDF)<\/a>            <\/strong>            <div style=\"font-size: 8pt;padding-top: 1px\"><a href=\"https:\/\/www.inespre.gob.do\/transparencia\/download\/diciembre-2024-nomina-complementaria-pdf\/?wpdmdl=27234&refresh=69f73f70c7f5f1777811312\">Descargar<\/a> <i style=\"margin: 4px 0 0 5px;opacity:0.5\"                                                           class=\"fa fa-th-large\"><\/i> 836.91 KB            <\/div>        <\/div>    <\/div><\/div><\/div><script>jQuery(function(){jQuery('.link-btn a.wpdm-download-link img').after('Descargar');jQuery('.link-btn a.wpdm-download-link img').remove();});<\/script>\n<p><strong>Publicado: 20 de enero, 2025<\/strong><\/p>\n        <div class=\"w3eden clear\" align=\"right\"><div class=\"link-btn light\">    <div class=\"media\">        <div class=\"pull-left wbt-left\"><div class=\"wbt-icon\"><img decoding=\"async\" class=\"wpdm_icon\" alt=\"Icono\"   src=\"https:\/\/www.inespre.gob.do\/transparencia\/wp-content\/plugins\/download-manager\/assets\/file-type-icons\/xlsx2.svg\" \/><\/div><\/div>        <div class=\"pull-left text-left wbt-content\"><strong class=\"ptitle\">                <a href=\"https:\/\/www.inespre.gob.do\/transparencia\/download\/diciembre-2024-nomina-empleados-en-periodo-probatorio-xslx\/?wpdmdl=27232&refresh=69f73f70c82721777811312\">Diciembre 2024 - N\u00f3mina Empleados en Per\u00edodo Probatorio (XSLX)<\/a>            <\/strong>            <div style=\"font-size: 8pt;padding-top: 1px\"><a href=\"https:\/\/www.inespre.gob.do\/transparencia\/download\/diciembre-2024-nomina-empleados-en-periodo-probatorio-xslx\/?wpdmdl=27232&refresh=69f73f70c82721777811312\">Descargar<\/a> <i style=\"margin: 4px 0 0 5px;opacity:0.5\"                                                           class=\"fa fa-th-large\"><\/i> 117.50 KB            <\/div>        <\/div>    <\/div><\/div><\/div><script>jQuery(function(){jQuery('.link-btn a.wpdm-download-link img').after('Descargar');jQuery('.link-btn a.wpdm-download-link img').remove();});<\/script>\n<p><strong>Publicado: 20 de enero, 2025<\/strong><\/p>\n        <div class=\"w3eden clear\" align=\"right\"><div class=\"link-btn light\">    <div class=\"media\">        <div class=\"pull-left wbt-left\"><div class=\"wbt-icon\"><img decoding=\"async\" class=\"wpdm_icon\" alt=\"Icono\"   src=\"https:\/\/www.inespre.gob.do\/transparencia\/wp-content\/plugins\/download-manager\/assets\/file-type-icons\/pdf.svg\" \/><\/div><\/div>        <div class=\"pull-left text-left wbt-content\"><strong class=\"ptitle\">                <a href=\"https:\/\/www.inespre.gob.do\/transparencia\/download\/diciembre-2024-nomina-empleados-en-periodo-probatorio-pdf\/?wpdmdl=27233&refresh=69f73f70c85771777811312\">Diciembre 2024 - N\u00f3mina Empleados en Per\u00edodo Probatorio (PDF)<\/a>            <\/strong>            <div style=\"font-size: 8pt;padding-top: 1px\"><a href=\"https:\/\/www.inespre.gob.do\/transparencia\/download\/diciembre-2024-nomina-empleados-en-periodo-probatorio-pdf\/?wpdmdl=27233&refresh=69f73f70c85771777811312\">Descargar<\/a> <i style=\"margin: 4px 0 0 5px;opacity:0.5\"                                                           class=\"fa fa-th-large\"><\/i> 236.74 KB            <\/div>        <\/div>    <\/div><\/div><\/div><script>jQuery(function(){jQuery('.link-btn a.wpdm-download-link img').after('Descargar');jQuery('.link-btn a.wpdm-download-link img').remove();});<\/script>\n<p><strong>Publicado: 20 de enero, 2025<\/strong><\/p>\n        <div class=\"w3eden clear\" align=\"right\"><div class=\"link-btn light\">    <div class=\"media\">        <div class=\"pull-left wbt-left\"><div class=\"wbt-icon\"><img decoding=\"async\" class=\"wpdm_icon\" alt=\"Icono\"   src=\"https:\/\/www.inespre.gob.do\/transparencia\/wp-content\/plugins\/download-manager\/assets\/file-type-icons\/xlsx2.svg\" \/><\/div><\/div>        <div class=\"pull-left text-left wbt-content\"><strong class=\"ptitle\">                <a href=\"https:\/\/www.inespre.gob.do\/transparencia\/download\/diciembre-2024-nomina-empleados-de-caracter-temporal-xlsx\/?wpdmdl=27231&refresh=69f73f70c886e1777811312\">Diciembre 2024 - N\u00f3mina Empleados de Car\u00e1cter Temporal (XLSX)<\/a>            <\/strong>            <div style=\"font-size: 8pt;padding-top: 1px\"><a href=\"https:\/\/www.inespre.gob.do\/transparencia\/download\/diciembre-2024-nomina-empleados-de-caracter-temporal-xlsx\/?wpdmdl=27231&refresh=69f73f70c886e1777811312\">Descargar<\/a> <i style=\"margin: 4px 0 0 5px;opacity:0.5\"                                                           class=\"fa fa-th-large\"><\/i> 117.50 KB            <\/div>        <\/div>    <\/div><\/div><\/div><script>jQuery(function(){jQuery('.link-btn a.wpdm-download-link img').after('Descargar');jQuery('.link-btn a.wpdm-download-link img').remove();});<\/script>\n<p><strong>Publicado: 20 de enero, 2025<\/strong><\/p>\n        <div class=\"w3eden clear\" align=\"right\"><div class=\"link-btn light\">    <div class=\"media\">        <div class=\"pull-left wbt-left\"><div class=\"wbt-icon\"><img decoding=\"async\" class=\"wpdm_icon\" alt=\"Icono\"   src=\"https:\/\/www.inespre.gob.do\/transparencia\/wp-content\/plugins\/download-manager\/assets\/file-type-icons\/pdf.svg\" \/><\/div><\/div>        <div class=\"pull-left text-left wbt-content\"><strong class=\"ptitle\">                <a href=\"https:\/\/www.inespre.gob.do\/transparencia\/download\/diciembre-2024-nomina-empleados-de-caracter-temporal-pdf\/?wpdmdl=27230&refresh=69f73f70c8b6b1777811312\">Diciembre 2024 - N\u00f3mina Empleados de Car\u00e1cter Temporal (PDF)<\/a>            <\/strong>            <div style=\"font-size: 8pt;padding-top: 1px\"><a href=\"https:\/\/www.inespre.gob.do\/transparencia\/download\/diciembre-2024-nomina-empleados-de-caracter-temporal-pdf\/?wpdmdl=27230&refresh=69f73f70c8b6b1777811312\">Descargar<\/a> <i style=\"margin: 4px 0 0 5px;opacity:0.5\"                                                           class=\"fa fa-th-large\"><\/i> 451.42 KB            <\/div>        <\/div>    <\/div><\/div><\/div><script>jQuery(function(){jQuery('.link-btn a.wpdm-download-link img').after('Descargar');jQuery('.link-btn a.wpdm-download-link img').remove();});<\/script>\n<p><strong>Publicado: 20 de enero, 2025<\/strong><\/p>\n        <div class=\"w3eden clear\" align=\"right\"><div class=\"link-btn light\">    <div class=\"media\">        <div class=\"pull-left wbt-left\"><div class=\"wbt-icon\"><img decoding=\"async\" class=\"wpdm_icon\" alt=\"Icono\"   src=\"https:\/\/www.inespre.gob.do\/transparencia\/wp-content\/plugins\/download-manager\/assets\/file-type-icons\/xlsx2.svg\" \/><\/div><\/div>        <div class=\"pull-left text-left wbt-content\"><strong class=\"ptitle\">                <a href=\"https:\/\/www.inespre.gob.do\/transparencia\/download\/diciembre-2024-nomina-empleados-en-interinato-xslx\/?wpdmdl=27223&refresh=69f73f70c8e711777811312\">Diciembre 2024 - N\u00f3mina Empleados en Interinato (XSLX)<\/a>            <\/strong>            <div style=\"font-size: 8pt;padding-top: 1px\"><a href=\"https:\/\/www.inespre.gob.do\/transparencia\/download\/diciembre-2024-nomina-empleados-en-interinato-xslx\/?wpdmdl=27223&refresh=69f73f70c8e711777811312\">Descargar<\/a> <i style=\"margin: 4px 0 0 5px;opacity:0.5\"                                                           class=\"fa fa-th-large\"><\/i> 113.50 KB            <\/div>        <\/div>    <\/div><\/div><\/div><script>jQuery(function(){jQuery('.link-btn a.wpdm-download-link img').after('Descargar');jQuery('.link-btn a.wpdm-download-link img').remove();});<\/script>\n<p><strong>Publicado: 20 de enero, 2025<\/strong><\/p>\n        <div class=\"w3eden clear\" align=\"right\"><div class=\"link-btn light\">    <div class=\"media\">        <div class=\"pull-left wbt-left\"><div class=\"wbt-icon\"><img decoding=\"async\" class=\"wpdm_icon\" alt=\"Icono\"   src=\"https:\/\/www.inespre.gob.do\/transparencia\/wp-content\/plugins\/download-manager\/assets\/file-type-icons\/pdf.svg\" \/><\/div><\/div>        <div class=\"pull-left text-left wbt-content\"><strong class=\"ptitle\">                <a href=\"https:\/\/www.inespre.gob.do\/transparencia\/download\/diciembre-2024-nomina-empleados-en-interinato-pdf\/?wpdmdl=27226&refresh=69f73f70c91731777811312\">Diciembre 2024 - N\u00f3mina Empleados en Interinato (PDF)<\/a>            <\/strong>            <div style=\"font-size: 8pt;padding-top: 1px\"><a href=\"https:\/\/www.inespre.gob.do\/transparencia\/download\/diciembre-2024-nomina-empleados-en-interinato-pdf\/?wpdmdl=27226&refresh=69f73f70c91731777811312\">Descargar<\/a> <i style=\"margin: 4px 0 0 5px;opacity:0.5\"                                                           class=\"fa fa-th-large\"><\/i> 270.84 KB            <\/div>        <\/div>    <\/div><\/div><\/div><script>jQuery(function(){jQuery('.link-btn a.wpdm-download-link img').after('Descargar');jQuery('.link-btn a.wpdm-download-link img').remove();});<\/script>\n<p><strong>Publicado: 20 de enero, 2025<\/strong><\/p>\n<hr \/>\n<h5>Noviembre<\/h5>\n        <div class=\"w3eden clear\" align=\"right\"><div class=\"link-btn light\">    <div class=\"media\">        <div class=\"pull-left wbt-left\"><div class=\"wbt-icon\"><img decoding=\"async\" class=\"wpdm_icon\" alt=\"Icono\" src=\"https:\/\/www.inespre.gob.do\/transparencia\/wp-content\/plugins\/download-manager\/assets\/file-type-icons\/txt.svg\" onError='this.src=\"https:\/\/www.inespre.gob.do\/transparencia\/wp-content\/plugins\/download-manager\/assets\/file-type-icons\/unknown.svg\";' \/><\/div><\/div>        <div class=\"pull-left text-left wbt-content\"><strong class=\"ptitle\">                <a href=\"https:\/\/www.inespre.gob.do\/transparencia\/download\/esta-institucion-no-tiene-personal-contratado-en-noviembre-2024\/?wpdmdl=26990&refresh=69f73f70c94751777811312\">Esta instituci\u00f3n no tiene personal contratado en noviembre 2024<\/a>            <\/strong>            <div style=\"font-size: 8pt;padding-top: 1px\"><a href=\"https:\/\/www.inespre.gob.do\/transparencia\/download\/esta-institucion-no-tiene-personal-contratado-en-noviembre-2024\/?wpdmdl=26990&refresh=69f73f70c94751777811312\">Descargar<\/a> <i style=\"margin: 4px 0 0 5px;opacity:0.5\"                                                           class=\"fa fa-th-large\"><\/i> 0.07 KB            <\/div>        <\/div>    <\/div><\/div><\/div><script>jQuery(function(){jQuery('.link-btn a.wpdm-download-link img').after('Descargar');jQuery('.link-btn a.wpdm-download-link img').remove();});<\/script>\n<p><strong>Publicado: 19 de diciembre, 2024<\/strong><\/p>\n        <div class=\"w3eden clear\" align=\"right\"><div class=\"link-btn light\">    <div class=\"media\">        <div class=\"pull-left wbt-left\"><div class=\"wbt-icon\"><img decoding=\"async\" class=\"wpdm_icon\" alt=\"Icono\"   src=\"https:\/\/www.inespre.gob.do\/transparencia\/wp-content\/plugins\/download-manager\/assets\/file-type-icons\/xlsx2.svg\" \/><\/div><\/div>        <div class=\"pull-left text-left wbt-content\"><strong class=\"ptitle\">                <a href=\"https:\/\/www.inespre.gob.do\/transparencia\/download\/noviembre-2024-nomina-de-empleados-fijos-xlsx\/?wpdmdl=26989&refresh=69f73f70c97a01777811312\">Noviembre 2024 - N\u00f3mina de Empleados Fijos (XLSX)<\/a>            <\/strong>            <div style=\"font-size: 8pt;padding-top: 1px\"><a href=\"https:\/\/www.inespre.gob.do\/transparencia\/download\/noviembre-2024-nomina-de-empleados-fijos-xlsx\/?wpdmdl=26989&refresh=69f73f70c97a01777811312\">Descargar<\/a> <i style=\"margin: 4px 0 0 5px;opacity:0.5\"                                                           class=\"fa fa-th-large\"><\/i> 997.00 KB            <\/div>        <\/div>    <\/div><\/div><\/div><script>jQuery(function(){jQuery('.link-btn a.wpdm-download-link img').after('Descargar');jQuery('.link-btn a.wpdm-download-link img').remove();});<\/script>\n<p><strong>Publicado: 19 de diciembre, 2024<\/strong><\/p>\n        <div class=\"w3eden clear\" align=\"right\"><div class=\"link-btn light\">    <div class=\"media\">        <div class=\"pull-left wbt-left\"><div class=\"wbt-icon\"><img decoding=\"async\" class=\"wpdm_icon\" alt=\"Icono\"   src=\"https:\/\/www.inespre.gob.do\/transparencia\/wp-content\/plugins\/download-manager\/assets\/file-type-icons\/pdf.svg\" \/><\/div><\/div>        <div class=\"pull-left text-left wbt-content\"><strong class=\"ptitle\">                <a href=\"https:\/\/www.inespre.gob.do\/transparencia\/download\/noviembre-2024-nomina-de-empleados-fijos-pdf\/?wpdmdl=26988&refresh=69f73f70c9b191777811312\">Noviembre 2024 - N\u00f3mina de Empleados Fijos (PDF)<\/a>            <\/strong>            <div style=\"font-size: 8pt;padding-top: 1px\"><a href=\"https:\/\/www.inespre.gob.do\/transparencia\/download\/noviembre-2024-nomina-de-empleados-fijos-pdf\/?wpdmdl=26988&refresh=69f73f70c9b191777811312\">Descargar<\/a> <i style=\"margin: 4px 0 0 5px;opacity:0.5\"                                                           class=\"fa fa-th-large\"><\/i> 900.71 KB            <\/div>        <\/div>    <\/div><\/div><\/div><script>jQuery(function(){jQuery('.link-btn a.wpdm-download-link img').after('Descargar');jQuery('.link-btn a.wpdm-download-link img').remove();});<\/script>\n<p><strong>Publicado: 19 de diciembre, 2024<\/strong><\/p>\n        <div class=\"w3eden clear\" align=\"right\"><div class=\"link-btn light\">    <div class=\"media\">        <div class=\"pull-left wbt-left\"><div class=\"wbt-icon\"><img decoding=\"async\" class=\"wpdm_icon\" alt=\"Icono\"   src=\"https:\/\/www.inespre.gob.do\/transparencia\/wp-content\/plugins\/download-manager\/assets\/file-type-icons\/xlsx2.svg\" \/><\/div><\/div>        <div class=\"pull-left text-left wbt-content\"><strong class=\"ptitle\">                <a href=\"https:\/\/www.inespre.gob.do\/transparencia\/download\/noviembre-2024-nomina-complementaria-xlsx\/?wpdmdl=27002&refresh=69f73f70c9e561777811312\">Noviembre  2024 - N\u00f3mina Complementaria (XLSX)<\/a>            <\/strong>            <div style=\"font-size: 8pt;padding-top: 1px\"><a href=\"https:\/\/www.inespre.gob.do\/transparencia\/download\/noviembre-2024-nomina-complementaria-xlsx\/?wpdmdl=27002&refresh=69f73f70c9e561777811312\">Descargar<\/a> <i style=\"margin: 4px 0 0 5px;opacity:0.5\"                                                           class=\"fa fa-th-large\"><\/i> 802.50 KB            <\/div>        <\/div>    <\/div><\/div><\/div><script>jQuery(function(){jQuery('.link-btn a.wpdm-download-link img').after('');jQuery('.link-btn a.wpdm-download-link img').remove();});<\/script>\n<p><strong>Publicado: 19 de diciembre, 2024<\/strong><\/p>\n        <div class=\"w3eden clear\" align=\"right\"><div class=\"link-btn light\">    <div class=\"media\">        <div class=\"pull-left wbt-left\"><div class=\"wbt-icon\"><img decoding=\"async\" class=\"wpdm_icon\" alt=\"Icono\"   src=\"https:\/\/www.inespre.gob.do\/transparencia\/wp-content\/plugins\/download-manager\/assets\/file-type-icons\/pdf.svg\" \/><\/div><\/div>        <div class=\"pull-left text-left wbt-content\"><strong class=\"ptitle\">                <a href=\"https:\/\/www.inespre.gob.do\/transparencia\/download\/noviembre-2024-nomina-complementaria-pdf\/?wpdmdl=27001&refresh=69f73f70ca16b1777811312\">Noviembre  2024 - N\u00f3mina Complementaria (PDF)<\/a>            <\/strong>            <div style=\"font-size: 8pt;padding-top: 1px\"><a href=\"https:\/\/www.inespre.gob.do\/transparencia\/download\/noviembre-2024-nomina-complementaria-pdf\/?wpdmdl=27001&refresh=69f73f70ca16b1777811312\">Descargar<\/a> <i style=\"margin: 4px 0 0 5px;opacity:0.5\"                                                           class=\"fa fa-th-large\"><\/i> 726.27 KB            <\/div>        <\/div>    <\/div><\/div><\/div><script>jQuery(function(){jQuery('.link-btn a.wpdm-download-link img').after('');jQuery('.link-btn a.wpdm-download-link img').remove();});<\/script>\n<p><strong>Publicado: 19 de diciembre, 2024<\/strong><\/p>\n        <div class=\"w3eden clear\" align=\"right\"><div class=\"link-btn light\">    <div class=\"media\">        <div class=\"pull-left wbt-left\"><div class=\"wbt-icon\"><img decoding=\"async\" class=\"wpdm_icon\" alt=\"Icono\"   src=\"https:\/\/www.inespre.gob.do\/transparencia\/wp-content\/plugins\/download-manager\/assets\/file-type-icons\/xlsx2.svg\" \/><\/div><\/div>        <div class=\"pull-left text-left wbt-content\"><strong class=\"ptitle\">                <a href=\"https:\/\/www.inespre.gob.do\/transparencia\/download\/noviembre-2024-nomina-empleados-en-periodo-probatorio-xlsx\/?wpdmdl=26991&refresh=69f73f70ca4741777811312\">Noviembre 2024 - N\u00f3mina Empleados en Per\u00edodo Probatorio (XLSX)<\/a>            <\/strong>            <div style=\"font-size: 8pt;padding-top: 1px\"><a href=\"https:\/\/www.inespre.gob.do\/transparencia\/download\/noviembre-2024-nomina-empleados-en-periodo-probatorio-xlsx\/?wpdmdl=26991&refresh=69f73f70ca4741777811312\">Descargar<\/a> <i style=\"margin: 4px 0 0 5px;opacity:0.5\"                                                           class=\"fa fa-th-large\"><\/i> 117.50 KB            <\/div>        <\/div>    <\/div><\/div><\/div><script>jQuery(function(){jQuery('.link-btn a.wpdm-download-link img').after('Descargar');jQuery('.link-btn a.wpdm-download-link img').remove();});<\/script>\n<p><strong>Publicado: 19 de diciembre, 2024<\/strong><\/p>\n        <div class=\"w3eden clear\" align=\"right\"><div class=\"link-btn light\">    <div class=\"media\">        <div class=\"pull-left wbt-left\"><div class=\"wbt-icon\"><img decoding=\"async\" class=\"wpdm_icon\" alt=\"Icono\"   src=\"https:\/\/www.inespre.gob.do\/transparencia\/wp-content\/plugins\/download-manager\/assets\/file-type-icons\/pdf.svg\" \/><\/div><\/div>        <div class=\"pull-left text-left wbt-content\"><strong class=\"ptitle\">                <a href=\"https:\/\/www.inespre.gob.do\/transparencia\/download\/noviembre-2024-nomina-empleados-en-periodo-probatorio-pdf\/?wpdmdl=26992&refresh=69f73f70ca7771777811312\">Noviembre 2024 - N\u00f3mina Empleados en Per\u00edodo Probatorio (PDF)<\/a>            <\/strong>            <div style=\"font-size: 8pt;padding-top: 1px\"><a href=\"https:\/\/www.inespre.gob.do\/transparencia\/download\/noviembre-2024-nomina-empleados-en-periodo-probatorio-pdf\/?wpdmdl=26992&refresh=69f73f70ca7771777811312\">Descargar<\/a> <i style=\"margin: 4px 0 0 5px;opacity:0.5\"                                                           class=\"fa fa-th-large\"><\/i> 346.98 KB            <\/div>        <\/div>    <\/div><\/div><\/div><script>jQuery(function(){jQuery('.link-btn a.wpdm-download-link img').after('Descargar');jQuery('.link-btn a.wpdm-download-link img').remove();});<\/script>\n<p><strong>Publicado: 19 de diciembre, 2024<\/strong><\/p>\n        <div class=\"w3eden clear\" align=\"right\"><div class=\"link-btn light\">    <div class=\"media\">        <div class=\"pull-left wbt-left\"><div class=\"wbt-icon\"><img decoding=\"async\" class=\"wpdm_icon\" alt=\"Icono\"   src=\"https:\/\/www.inespre.gob.do\/transparencia\/wp-content\/plugins\/download-manager\/assets\/file-type-icons\/xlsx2.svg\" \/><\/div><\/div>        <div class=\"pull-left text-left wbt-content\"><strong class=\"ptitle\">                <a href=\"https:\/\/www.inespre.gob.do\/transparencia\/download\/noviembre-2024-nomina-empleados-de-caracter-temporal-xlsx\/?wpdmdl=26993&refresh=69f73f70caa7c1777811312\">Noviembre 2024 - N\u00f3mina Empleados de Car\u00e1cter Temporal (XLSX)<\/a>            <\/strong>            <div style=\"font-size: 8pt;padding-top: 1px\"><a href=\"https:\/\/www.inespre.gob.do\/transparencia\/download\/noviembre-2024-nomina-empleados-de-caracter-temporal-xlsx\/?wpdmdl=26993&refresh=69f73f70caa7c1777811312\">Descargar<\/a> <i style=\"margin: 4px 0 0 5px;opacity:0.5\"                                                           class=\"fa fa-th-large\"><\/i> 117.50 KB            <\/div>        <\/div>    <\/div><\/div><\/div><script>jQuery(function(){jQuery('.link-btn a.wpdm-download-link img').after('Descargar');jQuery('.link-btn a.wpdm-download-link img').remove();});<\/script>\n<p><strong>Publicado: 19 de diciembre, 2024<\/strong><\/p>\n        <div class=\"w3eden clear\" align=\"right\"><div class=\"link-btn light\">    <div class=\"media\">        <div class=\"pull-left wbt-left\"><div class=\"wbt-icon\"><img decoding=\"async\" class=\"wpdm_icon\" alt=\"Icono\"   src=\"https:\/\/www.inespre.gob.do\/transparencia\/wp-content\/plugins\/download-manager\/assets\/file-type-icons\/pdf.svg\" \/><\/div><\/div>        <div class=\"pull-left text-left wbt-content\"><strong class=\"ptitle\">                <a href=\"https:\/\/www.inespre.gob.do\/transparencia\/download\/noviembre-2024-nomina-empleados-de-caracter-temporal-pdf\/?wpdmdl=26994&refresh=69f73f70cad7c1777811312\">Noviembre 2024 - N\u00f3mina Empleados de Car\u00e1cter Temporal (PDF)<\/a>            <\/strong>            <div style=\"font-size: 8pt;padding-top: 1px\"><a href=\"https:\/\/www.inespre.gob.do\/transparencia\/download\/noviembre-2024-nomina-empleados-de-caracter-temporal-pdf\/?wpdmdl=26994&refresh=69f73f70cad7c1777811312\">Descargar<\/a> <i style=\"margin: 4px 0 0 5px;opacity:0.5\"                                                           class=\"fa fa-th-large\"><\/i> 347.38 KB            <\/div>        <\/div>    <\/div><\/div><\/div><script>jQuery(function(){jQuery('.link-btn a.wpdm-download-link img').after('Descargar');jQuery('.link-btn a.wpdm-download-link img').remove();});<\/script>\n<p><strong>Publicado: 19 de diciembre, 2024<\/strong><\/p>\n        <div class=\"w3eden clear\" align=\"right\"><div class=\"link-btn light\">    <div class=\"media\">        <div class=\"pull-left wbt-left\"><div class=\"wbt-icon\"><img decoding=\"async\" class=\"wpdm_icon\" alt=\"Icono\"   src=\"https:\/\/www.inespre.gob.do\/transparencia\/wp-content\/plugins\/download-manager\/assets\/file-type-icons\/xlsx2.svg\" \/><\/div><\/div>        <div class=\"pull-left text-left wbt-content\"><strong class=\"ptitle\">                <a href=\"https:\/\/www.inespre.gob.do\/transparencia\/download\/noviembre-2024-nomina-empleados-en-interinato-xlsx\/?wpdmdl=26998&refresh=69f73f70cb0e51777811312\">Noviembre 2024 - N\u00f3mina Empleados en Interinato (XLSX)<\/a>            <\/strong>            <div style=\"font-size: 8pt;padding-top: 1px\"><a href=\"https:\/\/www.inespre.gob.do\/transparencia\/download\/noviembre-2024-nomina-empleados-en-interinato-xlsx\/?wpdmdl=26998&refresh=69f73f70cb0e51777811312\">Descargar<\/a> <i style=\"margin: 4px 0 0 5px;opacity:0.5\"                                                           class=\"fa fa-th-large\"><\/i> 114.50 KB            <\/div>        <\/div>    <\/div><\/div><\/div><script>jQuery(function(){jQuery('.link-btn a.wpdm-download-link img').after('');jQuery('.link-btn a.wpdm-download-link img').remove();});<\/script>\n<p><strong>Publicado: 19 de diciembre, 2024<\/strong><\/p>\n        <div class=\"w3eden clear\" align=\"right\"><div class=\"link-btn light\">    <div class=\"media\">        <div class=\"pull-left wbt-left\"><div class=\"wbt-icon\"><img decoding=\"async\" class=\"wpdm_icon\" alt=\"Icono\"   src=\"https:\/\/www.inespre.gob.do\/transparencia\/wp-content\/plugins\/download-manager\/assets\/file-type-icons\/pdf.svg\" \/><\/div><\/div>        <div class=\"pull-left text-left wbt-content\"><strong class=\"ptitle\">                <a href=\"https:\/\/www.inespre.gob.do\/transparencia\/download\/noviembre-2024-nomina-empleados-en-interinato-pdf\/?wpdmdl=26999&refresh=69f73f70cb4041777811312\">Noviembre 2024 - N\u00f3mina Empleados en Interinato (PDF)<\/a>            <\/strong>            <div style=\"font-size: 8pt;padding-top: 1px\"><a href=\"https:\/\/www.inespre.gob.do\/transparencia\/download\/noviembre-2024-nomina-empleados-en-interinato-pdf\/?wpdmdl=26999&refresh=69f73f70cb4041777811312\">Descargar<\/a> <i style=\"margin: 4px 0 0 5px;opacity:0.5\"                                                           class=\"fa fa-th-large\"><\/i> 884.00 KB            <\/div>        <\/div>    <\/div><\/div><\/div><script>jQuery(function(){jQuery('.link-btn a.wpdm-download-link img').after('Descargar');jQuery('.link-btn a.wpdm-download-link img').remove();});<\/script>\n<p><strong>Publicado: 19 de diciembre, 2024<\/strong><\/p>\n<hr \/>\n<h5>Octubre<\/h5>\n        <div class=\"w3eden clear\" align=\"right\"><div class=\"link-btn light\">    <div class=\"media\">        <div class=\"pull-left wbt-left\"><div class=\"wbt-icon\"><img decoding=\"async\" class=\"wpdm_icon\" alt=\"Icono\"   src=\"https:\/\/www.inespre.gob.do\/transparencia\/wp-content\/plugins\/download-manager\/assets\/file-type-icons\/txt.svg\" \/><\/div><\/div>        <div class=\"pull-left text-left wbt-content\"><strong class=\"ptitle\">                <a href=\"https:\/\/www.inespre.gob.do\/transparencia\/download\/esta-institucion-no-tiene-personal-contratado-en-octubre-2024\/?wpdmdl=26635&refresh=69f73f70cb7251777811312\">Esta instituci\u00f3n no tiene personal contratado en octubre 2024<\/a>            <\/strong>            <div style=\"font-size: 8pt;padding-top: 1px\"><a href=\"https:\/\/www.inespre.gob.do\/transparencia\/download\/esta-institucion-no-tiene-personal-contratado-en-octubre-2024\/?wpdmdl=26635&refresh=69f73f70cb7251777811312\">Descargar<\/a> <i style=\"margin: 4px 0 0 5px;opacity:0.5\"                                                           class=\"fa fa-th-large\"><\/i> 0.06 KB            <\/div>        <\/div>    <\/div><\/div><\/div><script>jQuery(function(){jQuery('.link-btn a.wpdm-download-link img').after('Descargar');jQuery('.link-btn a.wpdm-download-link img').remove();});<\/script>\n<p><strong>Publicado: 19 de noviembre, 2024<\/strong><\/p>\n        <div class=\"w3eden clear\" align=\"right\"><div class=\"link-btn light\">    <div class=\"media\">        <div class=\"pull-left wbt-left\"><div class=\"wbt-icon\"><img decoding=\"async\" class=\"wpdm_icon\" alt=\"Icono\"   src=\"https:\/\/www.inespre.gob.do\/transparencia\/wp-content\/plugins\/download-manager\/assets\/file-type-icons\/xlsx2.svg\" \/><\/div><\/div>        <div class=\"pull-left text-left wbt-content\"><strong class=\"ptitle\">                <a href=\"https:\/\/www.inespre.gob.do\/transparencia\/download\/octubre-2024-nomina-de-empleados-fijos-xlsx\/?wpdmdl=26636&refresh=69f73f70cbb021777811312\">Octubre 2024 - N\u00f3mina de Empleados Fijos (XLSX)<\/a>            <\/strong>            <div style=\"font-size: 8pt;padding-top: 1px\"><a href=\"https:\/\/www.inespre.gob.do\/transparencia\/download\/octubre-2024-nomina-de-empleados-fijos-xlsx\/?wpdmdl=26636&refresh=69f73f70cbb021777811312\">Descargar<\/a> <i style=\"margin: 4px 0 0 5px;opacity:0.5\"                                                           class=\"fa fa-th-large\"><\/i> 548.00 KB            <\/div>        <\/div>    <\/div><\/div><\/div><script>jQuery(function(){jQuery('.link-btn a.wpdm-download-link img').after('');jQuery('.link-btn a.wpdm-download-link img').remove();});<\/script>\n<p><strong>Publicado: 19 de noviembre, 2024<\/strong><\/p>\n        <div class=\"w3eden clear\" align=\"right\"><div class=\"link-btn light\">    <div class=\"media\">        <div class=\"pull-left wbt-left\"><div class=\"wbt-icon\"><img decoding=\"async\" class=\"wpdm_icon\" alt=\"Icono\"   src=\"https:\/\/www.inespre.gob.do\/transparencia\/wp-content\/plugins\/download-manager\/assets\/file-type-icons\/pdf.svg\" \/><\/div><\/div>        <div class=\"pull-left text-left wbt-content\"><strong class=\"ptitle\">                <a href=\"https:\/\/www.inespre.gob.do\/transparencia\/download\/octubre-2024-nomina-de-empleados-fijos-pdf\/?wpdmdl=26634&refresh=69f73f70cbe141777811312\">Octubre 2024 - N\u00f3mina de Empleados Fijos (PDF)<\/a>            <\/strong>            <div style=\"font-size: 8pt;padding-top: 1px\"><a href=\"https:\/\/www.inespre.gob.do\/transparencia\/download\/octubre-2024-nomina-de-empleados-fijos-pdf\/?wpdmdl=26634&refresh=69f73f70cbe141777811312\">Descargar<\/a> <i style=\"margin: 4px 0 0 5px;opacity:0.5\"                                                           class=\"fa fa-th-large\"><\/i> 1.11 MB            <\/div>        <\/div>    <\/div><\/div><\/div><script>jQuery(function(){jQuery('.link-btn a.wpdm-download-link img').after('');jQuery('.link-btn a.wpdm-download-link img').remove();});<\/script>\n<p><strong>Publicado: 19 de noviembre, 2024<\/strong><\/p>\n        <div class=\"w3eden clear\" align=\"right\"><div class=\"link-btn light\">    <div class=\"media\">        <div class=\"pull-left wbt-left\"><div class=\"wbt-icon\"><img decoding=\"async\" class=\"wpdm_icon\" alt=\"Icono\"   src=\"https:\/\/www.inespre.gob.do\/transparencia\/wp-content\/plugins\/download-manager\/assets\/file-type-icons\/xlsx2.svg\" \/><\/div><\/div>        <div class=\"pull-left text-left wbt-content\"><strong class=\"ptitle\">                <a href=\"https:\/\/www.inespre.gob.do\/transparencia\/download\/octubre-2024-nomina-complementaria-xlsx\/?wpdmdl=26638&refresh=69f73f70cc1171777811312\">Octubre 2024 - N\u00f3mina Complementaria (XLSX)<\/a>            <\/strong>            <div style=\"font-size: 8pt;padding-top: 1px\"><a href=\"https:\/\/www.inespre.gob.do\/transparencia\/download\/octubre-2024-nomina-complementaria-xlsx\/?wpdmdl=26638&refresh=69f73f70cc1171777811312\">Descargar<\/a> <i style=\"margin: 4px 0 0 5px;opacity:0.5\"                                                           class=\"fa fa-th-large\"><\/i> 514.50 KB            <\/div>        <\/div>    <\/div><\/div><\/div><script>jQuery(function(){jQuery('.link-btn a.wpdm-download-link img').after('');jQuery('.link-btn a.wpdm-download-link img').remove();});<\/script>\n<p><strong>Publicado: 19 de noviembre, 2024<\/strong><\/p>\n        <div class=\"w3eden clear\" align=\"right\"><div class=\"link-btn light\">    <div class=\"media\">        <div class=\"pull-left wbt-left\"><div class=\"wbt-icon\"><img decoding=\"async\" class=\"wpdm_icon\" alt=\"Icono\"   src=\"https:\/\/www.inespre.gob.do\/transparencia\/wp-content\/plugins\/download-manager\/assets\/file-type-icons\/pdf.svg\" \/><\/div><\/div>        <div class=\"pull-left text-left wbt-content\"><strong class=\"ptitle\">                <a href=\"https:\/\/www.inespre.gob.do\/transparencia\/download\/octubre-2024-nomina-complementaria-pdf\/?wpdmdl=26639&refresh=69f73f70cc4131777811312\">Octubre 2024 - N\u00f3mina Complementaria (PDF)<\/a>            <\/strong>            <div style=\"font-size: 8pt;padding-top: 1px\"><a href=\"https:\/\/www.inespre.gob.do\/transparencia\/download\/octubre-2024-nomina-complementaria-pdf\/?wpdmdl=26639&refresh=69f73f70cc4131777811312\">Descargar<\/a> <i style=\"margin: 4px 0 0 5px;opacity:0.5\"                                                           class=\"fa fa-th-large\"><\/i> 1,010.10 KB            <\/div>        <\/div>    <\/div><\/div><\/div><script>jQuery(function(){jQuery('.link-btn a.wpdm-download-link img').after('Descargar');jQuery('.link-btn a.wpdm-download-link img').remove();});<\/script>\n<p><strong>Publicado: 19 de noviembre, 2024<\/strong><\/p>\n        <div class=\"w3eden clear\" align=\"right\"><div class=\"link-btn light\">    <div class=\"media\">        <div class=\"pull-left wbt-left\"><div class=\"wbt-icon\"><img decoding=\"async\" class=\"wpdm_icon\" alt=\"Icono\"   src=\"https:\/\/www.inespre.gob.do\/transparencia\/wp-content\/plugins\/download-manager\/assets\/file-type-icons\/xlsx2.svg\" \/><\/div><\/div>        <div class=\"pull-left text-left wbt-content\"><strong class=\"ptitle\">                <a href=\"https:\/\/www.inespre.gob.do\/transparencia\/download\/octubre-2024-nomina-empleados-en-periodo-probatorio-xlsx\/?wpdmdl=26641&refresh=69f73f70cc7101777811312\">Octubre 2024 - N\u00f3mina Empleados en Per\u00edodo Probatorio (XLSX)<\/a>            <\/strong>            <div style=\"font-size: 8pt;padding-top: 1px\"><a href=\"https:\/\/www.inespre.gob.do\/transparencia\/download\/octubre-2024-nomina-empleados-en-periodo-probatorio-xlsx\/?wpdmdl=26641&refresh=69f73f70cc7101777811312\">Descargar<\/a> <i style=\"margin: 4px 0 0 5px;opacity:0.5\"                                                           class=\"fa fa-th-large\"><\/i> 188.00 KB            <\/div>        <\/div>    <\/div><\/div><\/div><script>jQuery(function(){jQuery('.link-btn a.wpdm-download-link img').after('');jQuery('.link-btn a.wpdm-download-link img').remove();});<\/script>\n<p><strong>Publicado: 19 de noviembre, 2024<\/strong><\/p>\n        <div class=\"w3eden clear\" align=\"right\"><div class=\"link-btn light\">    <div class=\"media\">        <div class=\"pull-left wbt-left\"><div class=\"wbt-icon\"><img decoding=\"async\" class=\"wpdm_icon\" alt=\"Icono\"   src=\"https:\/\/www.inespre.gob.do\/transparencia\/wp-content\/plugins\/download-manager\/assets\/file-type-icons\/pdf.svg\" \/><\/div><\/div>        <div class=\"pull-left text-left wbt-content\"><strong class=\"ptitle\">                <a href=\"https:\/\/www.inespre.gob.do\/transparencia\/download\/octubre-2024-nomina-empleados-en-periodo-probatorio-pdf\/?wpdmdl=26640&refresh=69f73f70cca101777811312\">Octubre 2024 - N\u00f3mina Empleados en Per\u00edodo Probatorio (PDF)<\/a>            <\/strong>            <div style=\"font-size: 8pt;padding-top: 1px\"><a href=\"https:\/\/www.inespre.gob.do\/transparencia\/download\/octubre-2024-nomina-empleados-en-periodo-probatorio-pdf\/?wpdmdl=26640&refresh=69f73f70cca101777811312\">Descargar<\/a> <i style=\"margin: 4px 0 0 5px;opacity:0.5\"                                                           class=\"fa fa-th-large\"><\/i> 219.31 KB            <\/div>        <\/div>    <\/div><\/div><\/div><script>jQuery(function(){jQuery('.link-btn a.wpdm-download-link img').after('');jQuery('.link-btn a.wpdm-download-link img').remove();});<\/script>\n<p><strong>Publicado: 19 de noviembre, 2024<\/strong><\/p>\n        <div class=\"w3eden clear\" align=\"right\"><div class=\"link-btn light\">    <div class=\"media\">        <div class=\"pull-left wbt-left\"><div class=\"wbt-icon\"><img decoding=\"async\" class=\"wpdm_icon\" alt=\"Icono\"   src=\"https:\/\/www.inespre.gob.do\/transparencia\/wp-content\/plugins\/download-manager\/assets\/file-type-icons\/xlsx2.svg\" \/><\/div><\/div>        <div class=\"pull-left text-left wbt-content\"><strong class=\"ptitle\">                <a href=\"https:\/\/www.inespre.gob.do\/transparencia\/download\/octubre-2024-nomina-empleados-de-caracter-temporal-xlsx\/?wpdmdl=26642&refresh=69f73f70ccd0b1777811312\">Octubre 2024 - N\u00f3mina Empleados de Car\u00e1cter Temporal (XLSX)<\/a>            <\/strong>            <div style=\"font-size: 8pt;padding-top: 1px\"><a href=\"https:\/\/www.inespre.gob.do\/transparencia\/download\/octubre-2024-nomina-empleados-de-caracter-temporal-xlsx\/?wpdmdl=26642&refresh=69f73f70ccd0b1777811312\">Descargar<\/a> <i style=\"margin: 4px 0 0 5px;opacity:0.5\"                                                           class=\"fa fa-th-large\"><\/i> 204.00 KB            <\/div>        <\/div>    <\/div><\/div><\/div><script>jQuery(function(){jQuery('.link-btn a.wpdm-download-link img').after('');jQuery('.link-btn a.wpdm-download-link img').remove();});<\/script>\n<p><strong>Publicado: 19 de noviembre, 2024<\/strong><\/p>\n        <div class=\"w3eden clear\" align=\"right\"><div class=\"link-btn light\">    <div class=\"media\">        <div class=\"pull-left wbt-left\"><div class=\"wbt-icon\"><img decoding=\"async\" class=\"wpdm_icon\" alt=\"Icono\"   src=\"https:\/\/www.inespre.gob.do\/transparencia\/wp-content\/plugins\/download-manager\/assets\/file-type-icons\/pdf.svg\" \/><\/div><\/div>        <div class=\"pull-left text-left wbt-content\"><strong class=\"ptitle\">                <a href=\"https:\/\/www.inespre.gob.do\/transparencia\/download\/octubre-2024-nomina-empleados-de-caracter-temporal-pdf\/?wpdmdl=26643&refresh=69f73f70cd0011777811312\">Octubre 2024 - N\u00f3mina Empleados de Car\u00e1cter Temporal (PDF)<\/a>            <\/strong>            <div style=\"font-size: 8pt;padding-top: 1px\"><a href=\"https:\/\/www.inespre.gob.do\/transparencia\/download\/octubre-2024-nomina-empleados-de-caracter-temporal-pdf\/?wpdmdl=26643&refresh=69f73f70cd0011777811312\">Descargar<\/a> <i style=\"margin: 4px 0 0 5px;opacity:0.5\"                                                           class=\"fa fa-th-large\"><\/i> 213.32 KB            <\/div>        <\/div>    <\/div><\/div><\/div><script>jQuery(function(){jQuery('.link-btn a.wpdm-download-link img').after('');jQuery('.link-btn a.wpdm-download-link img').remove();});<\/script>\n<p><strong>Publicado: 19 de noviembre, 2024<\/strong><\/p>\n        <div class=\"w3eden clear\" align=\"right\"><div class=\"link-btn light\">    <div class=\"media\">        <div class=\"pull-left wbt-left\"><div class=\"wbt-icon\"><img decoding=\"async\" class=\"wpdm_icon\" alt=\"Icono\"   src=\"https:\/\/www.inespre.gob.do\/transparencia\/wp-content\/plugins\/download-manager\/assets\/file-type-icons\/xlsx2.svg\" \/><\/div><\/div>        <div class=\"pull-left text-left wbt-content\"><strong class=\"ptitle\">                <a href=\"https:\/\/www.inespre.gob.do\/transparencia\/download\/octubre-2024-nomina-empleados-en-interinato-xlsx\/?wpdmdl=26668&refresh=69f73f70cd3891777811312\">Octubre 2024 -  N\u00f3mina Empleados en Interinato (XLSX)<\/a>            <\/strong>            <div style=\"font-size: 8pt;padding-top: 1px\"><a href=\"https:\/\/www.inespre.gob.do\/transparencia\/download\/octubre-2024-nomina-empleados-en-interinato-xlsx\/?wpdmdl=26668&refresh=69f73f70cd3891777811312\">Descargar<\/a> <i style=\"margin: 4px 0 0 5px;opacity:0.5\"                                                           class=\"fa fa-th-large\"><\/i> 220.50 KB            <\/div>        <\/div>    <\/div><\/div><\/div><script>jQuery(function(){jQuery('.link-btn a.wpdm-download-link img').after('Descargar');jQuery('.link-btn a.wpdm-download-link img').remove();});<\/script>\n<p><strong>Publicado: 19 de noviembre, 2024<\/strong><\/p>\n        <div class=\"w3eden clear\" align=\"right\"><div class=\"link-btn light\">    <div class=\"media\">        <div class=\"pull-left wbt-left\"><div class=\"wbt-icon\"><img decoding=\"async\" class=\"wpdm_icon\" alt=\"Icono\"   src=\"https:\/\/www.inespre.gob.do\/transparencia\/wp-content\/plugins\/download-manager\/assets\/file-type-icons\/pdf.svg\" \/><\/div><\/div>        <div class=\"pull-left text-left wbt-content\"><strong class=\"ptitle\">                <a href=\"https:\/\/www.inespre.gob.do\/transparencia\/download\/octubre-2024-nomina-empleados-en-interinato-pdf\/?wpdmdl=26667&refresh=69f73f70cd6f31777811312\">Octubre 2024 -  N\u00f3mina Empleados en Interinato (PDF)<\/a>            <\/strong>            <div style=\"font-size: 8pt;padding-top: 1px\"><a href=\"https:\/\/www.inespre.gob.do\/transparencia\/download\/octubre-2024-nomina-empleados-en-interinato-pdf\/?wpdmdl=26667&refresh=69f73f70cd6f31777811312\">Descargar<\/a> <i style=\"margin: 4px 0 0 5px;opacity:0.5\"                                                           class=\"fa fa-th-large\"><\/i> 246.52 KB            <\/div>        <\/div>    <\/div><\/div><\/div><script>jQuery(function(){jQuery('.link-btn a.wpdm-download-link img').after('Descargar');jQuery('.link-btn a.wpdm-download-link img').remove();});<\/script>\n<p><strong>Publicado: 19 de noviembre, 2024<\/strong><\/p>\n<hr \/>\n<h5>Septiembre<\/h5>\n        <div class=\"w3eden clear\" align=\"right\"><div class=\"link-btn light\">    <div class=\"media\">        <div class=\"pull-left wbt-left\"><div class=\"wbt-icon\"><img decoding=\"async\" class=\"wpdm_icon\" alt=\"Icono\"   src=\"https:\/\/www.inespre.gob.do\/transparencia\/wp-content\/plugins\/download-manager\/assets\/file-type-icons\/txt.svg\" \/><\/div><\/div>        <div class=\"pull-left text-left wbt-content\"><strong class=\"ptitle\">                <a href=\"https:\/\/www.inespre.gob.do\/transparencia\/download\/esta-institucion-no-tiene-personal-contratado-en-septiembre-2024\/?wpdmdl=26475&refresh=69f73f70cda421777811312\">Esta instituci\u00f3n no tiene personal contratado en septiembre 2024<\/a>            <\/strong>            <div style=\"font-size: 8pt;padding-top: 1px\"><a href=\"https:\/\/www.inespre.gob.do\/transparencia\/download\/esta-institucion-no-tiene-personal-contratado-en-septiembre-2024\/?wpdmdl=26475&refresh=69f73f70cda421777811312\">Descargar<\/a> <i style=\"margin: 4px 0 0 5px;opacity:0.5\"                                                           class=\"fa fa-th-large\"><\/i> 0.07 KB            <\/div>        <\/div>    <\/div><\/div><\/div><script>jQuery(function(){jQuery('.link-btn a.wpdm-download-link img').after('Descargar');jQuery('.link-btn a.wpdm-download-link img').remove();});<\/script>\n<p><strong>Publicado: 15 de octubre, 2024<\/strong><\/p>\n        <div class=\"w3eden clear\" align=\"right\"><div class=\"link-btn light\">    <div class=\"media\">        <div class=\"pull-left wbt-left\"><div class=\"wbt-icon\"><img decoding=\"async\" class=\"wpdm_icon\" alt=\"Icono\"   src=\"https:\/\/www.inespre.gob.do\/transparencia\/wp-content\/plugins\/download-manager\/assets\/file-type-icons\/xlsx2.svg\" \/><\/div><\/div>        <div class=\"pull-left text-left wbt-content\"><strong class=\"ptitle\">                <a href=\"https:\/\/www.inespre.gob.do\/transparencia\/download\/septiembre-2024-nomina-de-empleados-fijos-xlsx\/?wpdmdl=26476&refresh=69f73f70cdd8c1777811312\">Septiembre 2024 - N\u00f3mina de Empleados Fijos (XLSX)<\/a>            <\/strong>            <div style=\"font-size: 8pt;padding-top: 1px\"><a href=\"https:\/\/www.inespre.gob.do\/transparencia\/download\/septiembre-2024-nomina-de-empleados-fijos-xlsx\/?wpdmdl=26476&refresh=69f73f70cdd8c1777811312\">Descargar<\/a> <i style=\"margin: 4px 0 0 5px;opacity:0.5\"                                                           class=\"fa fa-th-large\"><\/i> 582.00 KB            <\/div>        <\/div>    <\/div><\/div><\/div><script>jQuery(function(){jQuery('.link-btn a.wpdm-download-link img').after('Descargar');jQuery('.link-btn a.wpdm-download-link img').remove();});<\/script>\n<p><strong>Publicado: 15 de octubre, 2024<\/strong><\/p>\n        <div class=\"w3eden clear\" align=\"right\"><div class=\"link-btn light\">    <div class=\"media\">        <div class=\"pull-left wbt-left\"><div class=\"wbt-icon\"><img decoding=\"async\" class=\"wpdm_icon\" alt=\"Icono\"   src=\"https:\/\/www.inespre.gob.do\/transparencia\/wp-content\/plugins\/download-manager\/assets\/file-type-icons\/pdf.svg\" \/><\/div><\/div>        <div class=\"pull-left text-left wbt-content\"><strong class=\"ptitle\">                <a href=\"https:\/\/www.inespre.gob.do\/transparencia\/download\/septiembre-2024-nomina-de-empleados-fijos-pdf\/?wpdmdl=26477&refresh=69f73f70ce0fa1777811312\">Septiembre 2024 - N\u00f3mina de Empleados Fijos (PDF)<\/a>            <\/strong>            <div style=\"font-size: 8pt;padding-top: 1px\"><a href=\"https:\/\/www.inespre.gob.do\/transparencia\/download\/septiembre-2024-nomina-de-empleados-fijos-pdf\/?wpdmdl=26477&refresh=69f73f70ce0fa1777811312\">Descargar<\/a> <i style=\"margin: 4px 0 0 5px;opacity:0.5\"                                                           class=\"fa fa-th-large\"><\/i> 1.17 MB            <\/div>        <\/div>    <\/div><\/div><\/div><script>jQuery(function(){jQuery('.link-btn a.wpdm-download-link img').after('Descargar');jQuery('.link-btn a.wpdm-download-link img').remove();});<\/script>\n<p><strong>Publicado: 15 de octubre, 2024<\/strong><\/p>\n        <div class=\"w3eden clear\" align=\"right\"><div class=\"link-btn light\">    <div class=\"media\">        <div class=\"pull-left wbt-left\"><div class=\"wbt-icon\"><img decoding=\"async\" class=\"wpdm_icon\" alt=\"Icono\"   src=\"https:\/\/www.inespre.gob.do\/transparencia\/wp-content\/plugins\/download-manager\/assets\/file-type-icons\/xlsx2.svg\" \/><\/div><\/div>        <div class=\"pull-left text-left wbt-content\"><strong class=\"ptitle\">                <a href=\"https:\/\/www.inespre.gob.do\/transparencia\/download\/septiembre-2024-nomina-complementaria-xlsx\/?wpdmdl=26478&refresh=69f73f70ce4571777811312\">Septiembre 2024 - N\u00f3mina Complementaria (XLSX)<\/a>            <\/strong>            <div style=\"font-size: 8pt;padding-top: 1px\"><a href=\"https:\/\/www.inespre.gob.do\/transparencia\/download\/septiembre-2024-nomina-complementaria-xlsx\/?wpdmdl=26478&refresh=69f73f70ce4571777811312\">Descargar<\/a> <i style=\"margin: 4px 0 0 5px;opacity:0.5\"                                                           class=\"fa fa-th-large\"><\/i> 469.00 KB            <\/div>        <\/div>    <\/div><\/div><\/div><script>jQuery(function(){jQuery('.link-btn a.wpdm-download-link img').after('Descargar');jQuery('.link-btn a.wpdm-download-link img').remove();});<\/script>\n<p><strong>Publicado: 15 de octubre, 2024<\/strong><\/p>\n        <div class=\"w3eden clear\" align=\"right\"><div class=\"link-btn light\">    <div class=\"media\">        <div class=\"pull-left wbt-left\"><div class=\"wbt-icon\"><img decoding=\"async\" class=\"wpdm_icon\" alt=\"Icono\"   src=\"https:\/\/www.inespre.gob.do\/transparencia\/wp-content\/plugins\/download-manager\/assets\/file-type-icons\/pdf.svg\" \/><\/div><\/div>        <div class=\"pull-left text-left wbt-content\"><strong class=\"ptitle\">                <a href=\"https:\/\/www.inespre.gob.do\/transparencia\/download\/septiembre-2024-nomina-complementaria-pdf\/?wpdmdl=26479&refresh=69f73f70ce7ab1777811312\">Septiembre 2024 - N\u00f3mina Complementaria (PDF)<\/a>            <\/strong>            <div style=\"font-size: 8pt;padding-top: 1px\"><a href=\"https:\/\/www.inespre.gob.do\/transparencia\/download\/septiembre-2024-nomina-complementaria-pdf\/?wpdmdl=26479&refresh=69f73f70ce7ab1777811312\">Descargar<\/a> <i style=\"margin: 4px 0 0 5px;opacity:0.5\"                                                           class=\"fa fa-th-large\"><\/i> 934.62 KB            <\/div>        <\/div>    <\/div><\/div><\/div><script>jQuery(function(){jQuery('.link-btn a.wpdm-download-link img').after('Descargar');jQuery('.link-btn a.wpdm-download-link img').remove();});<\/script>\n<p><strong>Publicado: 15 de octubre, 2024<\/strong><\/p>\n        <div class=\"w3eden clear\" align=\"right\"><div class=\"link-btn light\">    <div class=\"media\">        <div class=\"pull-left wbt-left\"><div class=\"wbt-icon\"><img decoding=\"async\" class=\"wpdm_icon\" alt=\"Icono\"   src=\"https:\/\/www.inespre.gob.do\/transparencia\/wp-content\/plugins\/download-manager\/assets\/file-type-icons\/xlsx2.svg\" \/><\/div><\/div>        <div class=\"pull-left text-left wbt-content\"><strong class=\"ptitle\">                <a href=\"https:\/\/www.inespre.gob.do\/transparencia\/download\/septiembre-2024-nomina-empleados-en-periodo-probatorio-xlsx\/?wpdmdl=26480&refresh=69f73f70ceafb1777811312\">Septiembre 2024 - N\u00f3mina Empleados en Per\u00edodo Probatorio (XLSX)<\/a>            <\/strong>            <div style=\"font-size: 8pt;padding-top: 1px\"><a href=\"https:\/\/www.inespre.gob.do\/transparencia\/download\/septiembre-2024-nomina-empleados-en-periodo-probatorio-xlsx\/?wpdmdl=26480&refresh=69f73f70ceafb1777811312\">Descargar<\/a> <i style=\"margin: 4px 0 0 5px;opacity:0.5\"                                                           class=\"fa fa-th-large\"><\/i> 195.00 KB            <\/div>        <\/div>    <\/div><\/div><\/div><script>jQuery(function(){jQuery('.link-btn a.wpdm-download-link img').after('Descargar');jQuery('.link-btn a.wpdm-download-link img').remove();});<\/script>\n<p><strong>Publicado: 15 de octubre, 2024<\/strong><\/p>\n        <div class=\"w3eden clear\" align=\"right\"><div class=\"link-btn light\">    <div class=\"media\">        <div class=\"pull-left wbt-left\"><div class=\"wbt-icon\"><img decoding=\"async\" class=\"wpdm_icon\" alt=\"Icono\"   src=\"https:\/\/www.inespre.gob.do\/transparencia\/wp-content\/plugins\/download-manager\/assets\/file-type-icons\/pdf.svg\" \/><\/div><\/div>        <div class=\"pull-left text-left wbt-content\"><strong class=\"ptitle\">                <a href=\"https:\/\/www.inespre.gob.do\/transparencia\/download\/septiembre-2024-nomina-empleados-en-periodo-probatorio-pdf\/?wpdmdl=26481&refresh=69f73f70cee361777811312\">Septiembre 2024 - N\u00f3mina Empleados en Per\u00edodo Probatorio (PDF)<\/a>            <\/strong>            <div style=\"font-size: 8pt;padding-top: 1px\"><a href=\"https:\/\/www.inespre.gob.do\/transparencia\/download\/septiembre-2024-nomina-empleados-en-periodo-probatorio-pdf\/?wpdmdl=26481&refresh=69f73f70cee361777811312\">Descargar<\/a> <i style=\"margin: 4px 0 0 5px;opacity:0.5\"                                                           class=\"fa fa-th-large\"><\/i> 235.19 KB            <\/div>        <\/div>    <\/div><\/div><\/div><script>jQuery(function(){jQuery('.link-btn a.wpdm-download-link img').after('Descargar');jQuery('.link-btn a.wpdm-download-link img').remove();});<\/script>\n<p><strong>Publicado: 15 de octubre, 2024<\/strong><\/p>\n        <div class=\"w3eden clear\" align=\"right\"><div class=\"link-btn light\">    <div class=\"media\">        <div class=\"pull-left wbt-left\"><div class=\"wbt-icon\"><img decoding=\"async\" class=\"wpdm_icon\" alt=\"Icono\"   src=\"https:\/\/www.inespre.gob.do\/transparencia\/wp-content\/plugins\/download-manager\/assets\/file-type-icons\/xlsx2.svg\" \/><\/div><\/div>        <div class=\"pull-left text-left wbt-content\"><strong class=\"ptitle\">                <a href=\"https:\/\/www.inespre.gob.do\/transparencia\/download\/septiembre-2024-nomina-empleados-de-caracter-temporal-xlsx\/?wpdmdl=26485&refresh=69f73f70cf1841777811312\">Septiembre 2024 - N\u00f3mina Empleados de Car\u00e1cter Temporal (XLSX)<\/a>            <\/strong>            <div style=\"font-size: 8pt;padding-top: 1px\"><a href=\"https:\/\/www.inespre.gob.do\/transparencia\/download\/septiembre-2024-nomina-empleados-de-caracter-temporal-xlsx\/?wpdmdl=26485&refresh=69f73f70cf1841777811312\">Descargar<\/a> <i style=\"margin: 4px 0 0 5px;opacity:0.5\"                                                           class=\"fa fa-th-large\"><\/i> 202.50 KB            <\/div>        <\/div>    <\/div><\/div><\/div><script>jQuery(function(){jQuery('.link-btn a.wpdm-download-link img').after('Descargar');jQuery('.link-btn a.wpdm-download-link img').remove();});<\/script>\n<p><strong>Publicado: 15 de octubre, 2024<\/strong><\/p>\n        <div class=\"w3eden clear\" align=\"right\"><div class=\"link-btn light\">    <div class=\"media\">        <div class=\"pull-left wbt-left\"><div class=\"wbt-icon\"><img decoding=\"async\" class=\"wpdm_icon\" alt=\"Icono\"   src=\"https:\/\/www.inespre.gob.do\/transparencia\/wp-content\/plugins\/download-manager\/assets\/file-type-icons\/pdf.svg\" \/><\/div><\/div>        <div class=\"pull-left text-left wbt-content\"><strong class=\"ptitle\">                <a href=\"https:\/\/www.inespre.gob.do\/transparencia\/download\/septiembre-2024-nomina-empleados-de-caracter-temporal-pdf\/?wpdmdl=26484&refresh=69f73f70cf4dc1777811312\">Septiembre 2024 - N\u00f3mina Empleados de Car\u00e1cter Temporal (PDF)<\/a>            <\/strong>            <div style=\"font-size: 8pt;padding-top: 1px\"><a href=\"https:\/\/www.inespre.gob.do\/transparencia\/download\/septiembre-2024-nomina-empleados-de-caracter-temporal-pdf\/?wpdmdl=26484&refresh=69f73f70cf4dc1777811312\">Descargar<\/a> <i style=\"margin: 4px 0 0 5px;opacity:0.5\"                                                           class=\"fa fa-th-large\"><\/i> 231.93 KB            <\/div>        <\/div>    <\/div><\/div><\/div><script>jQuery(function(){jQuery('.link-btn a.wpdm-download-link img').after('Descargar');jQuery('.link-btn a.wpdm-download-link img').remove();});<\/script>\n<p><strong>Publicado: 15 de octubre, 2024<\/strong><\/p>\n<hr \/>\n<h5>Agosto<\/h5>\n        <div class=\"w3eden clear\" align=\"right\"><div class=\"link-btn light\">    <div class=\"media\">        <div class=\"pull-left wbt-left\"><div class=\"wbt-icon\"><img decoding=\"async\" class=\"wpdm_icon\" alt=\"Icono\"   src=\"https:\/\/www.inespre.gob.do\/transparencia\/wp-content\/plugins\/download-manager\/assets\/file-type-icons\/txt.svg\" \/><\/div><\/div>        <div class=\"pull-left text-left wbt-content\"><strong class=\"ptitle\">                <a href=\"https:\/\/www.inespre.gob.do\/transparencia\/download\/esta-institucion-no-tiene-personal-contratado-en-agosto-2024\/?wpdmdl=26335&refresh=69f73f70cf8391777811312\">Esta instituci\u00f3n no tiene personal contratado en agosto 2024<\/a>            <\/strong>            <div style=\"font-size: 8pt;padding-top: 1px\"><a href=\"https:\/\/www.inespre.gob.do\/transparencia\/download\/esta-institucion-no-tiene-personal-contratado-en-agosto-2024\/?wpdmdl=26335&refresh=69f73f70cf8391777811312\">Descargar<\/a> <i style=\"margin: 4px 0 0 5px;opacity:0.5\"                                                           class=\"fa fa-th-large\"><\/i> 0.06 KB            <\/div>        <\/div>    <\/div><\/div><\/div><script>jQuery(function(){jQuery('.link-btn a.wpdm-download-link img').after('Descargar');jQuery('.link-btn a.wpdm-download-link img').remove();});<\/script>\n<p><strong>Publicado: 19 de septiembre, 2024<\/strong><\/p>\n        <div class=\"w3eden clear\" align=\"right\"><div class=\"link-btn light\">    <div class=\"media\">        <div class=\"pull-left wbt-left\"><div class=\"wbt-icon\"><img decoding=\"async\" class=\"wpdm_icon\" alt=\"Icono\"   src=\"https:\/\/www.inespre.gov.do\/transparencia\/wp-content\/plugins\/download-manager\/assets\/file-type-icons\/xlsx2.svg\" \/><\/div><\/div>        <div class=\"pull-left text-left wbt-content\"><strong class=\"ptitle\">                <a href=\"https:\/\/www.inespre.gob.do\/transparencia\/download\/agosto-2024-nomina-de-empleados-fijos-xlsx\/?wpdmdl=26338&refresh=69f73f70cfb8d1777811312\">Agosto 2024 - N\u00f3mina de Empleados Fijos (XLSX)<\/a>            <\/strong>            <div style=\"font-size: 8pt;padding-top: 1px\"><a href=\"https:\/\/www.inespre.gob.do\/transparencia\/download\/agosto-2024-nomina-de-empleados-fijos-xlsx\/?wpdmdl=26338&refresh=69f73f70cfb8d1777811312\">Descargar<\/a> <i style=\"margin: 4px 0 0 5px;opacity:0.5\"                                                           class=\"fa fa-th-large\"><\/i> 325.05 KB            <\/div>        <\/div>    <\/div><\/div><\/div><script>jQuery(function(){jQuery('.link-btn a.wpdm-download-link img').after('Descargar');jQuery('.link-btn a.wpdm-download-link img').remove();});<\/script>\n<p><strong>Publicado: 19 de septiembre, 2024 <\/strong><\/p>\n        <div class=\"w3eden clear\" align=\"right\"><div class=\"link-btn light\">    <div class=\"media\">        <div class=\"pull-left wbt-left\"><div class=\"wbt-icon\"><img decoding=\"async\" class=\"wpdm_icon\" alt=\"Icono\"   src=\"https:\/\/www.inespre.gov.do\/transparencia\/wp-content\/plugins\/download-manager\/assets\/file-type-icons\/pdf.svg\" \/><\/div><\/div>        <div class=\"pull-left text-left wbt-content\"><strong class=\"ptitle\">                <a href=\"https:\/\/www.inespre.gob.do\/transparencia\/download\/agosto-2024-nomina-de-empleados-fijos-pdf\/?wpdmdl=26337&refresh=69f73f70cfef51777811312\">Agosto 2024 - N\u00f3mina de Empleados Fijos (PDF)<\/a>            <\/strong>            <div style=\"font-size: 8pt;padding-top: 1px\"><a href=\"https:\/\/www.inespre.gob.do\/transparencia\/download\/agosto-2024-nomina-de-empleados-fijos-pdf\/?wpdmdl=26337&refresh=69f73f70cfef51777811312\">Descargar<\/a> <i style=\"margin: 4px 0 0 5px;opacity:0.5\"                                                           class=\"fa fa-th-large\"><\/i> 1.49 MB            <\/div>        <\/div>    <\/div><\/div><\/div><script>jQuery(function(){jQuery('.link-btn a.wpdm-download-link img').after('Descargar');jQuery('.link-btn a.wpdm-download-link img').remove();});<\/script>\n<p><strong>Publicado: 19 de septiembre, 2024<\/strong><\/p>\n        <div class=\"w3eden clear\" align=\"right\"><div class=\"link-btn light\">    <div class=\"media\">        <div class=\"pull-left wbt-left\"><div class=\"wbt-icon\"><img decoding=\"async\" class=\"wpdm_icon\" alt=\"Icono\"   src=\"https:\/\/www.inespre.gov.do\/transparencia\/wp-content\/plugins\/download-manager\/assets\/file-type-icons\/xlsx2.svg\" \/><\/div><\/div>        <div class=\"pull-left text-left wbt-content\"><strong class=\"ptitle\">                <a href=\"https:\/\/www.inespre.gob.do\/transparencia\/download\/agosto-2024-nomina-complementaria-xlsx-2\/?wpdmdl=26344&refresh=69f73f70d02421777811312\">Agosto 2024 - N\u00f3mina Complementaria (XLSX)<\/a>            <\/strong>            <div style=\"font-size: 8pt;padding-top: 1px\"><a href=\"https:\/\/www.inespre.gob.do\/transparencia\/download\/agosto-2024-nomina-complementaria-xlsx-2\/?wpdmdl=26344&refresh=69f73f70d02421777811312\">Descargar<\/a> <i style=\"margin: 4px 0 0 5px;opacity:0.5\"                                                           class=\"fa fa-th-large\"><\/i> 185.63 KB            <\/div>        <\/div>    <\/div><\/div><\/div><script>jQuery(function(){jQuery('.link-btn a.wpdm-download-link img').after('Descargar');jQuery('.link-btn a.wpdm-download-link img').remove();});<\/script>\n<p><strong>Publicado: 19 de septiembre, 2024 <\/strong><\/p>\n        <div class=\"w3eden clear\" align=\"right\"><div class=\"link-btn light\">    <div class=\"media\">        <div class=\"pull-left wbt-left\"><div class=\"wbt-icon\"><img decoding=\"async\" class=\"wpdm_icon\" alt=\"Icono\"   src=\"https:\/\/www.inespre.gov.do\/transparencia\/wp-content\/plugins\/download-manager\/assets\/file-type-icons\/pdf.svg\" \/><\/div><\/div>        <div class=\"pull-left text-left wbt-content\"><strong class=\"ptitle\">                <a href=\"https:\/\/www.inespre.gob.do\/transparencia\/download\/agosto-2024-nomina-complementaria-pdf-2\/?wpdmdl=26339&refresh=69f73f70d05851777811312\">Agosto 2024 - N\u00f3mina Complementaria (PDF)<\/a>            <\/strong>            <div style=\"font-size: 8pt;padding-top: 1px\"><a href=\"https:\/\/www.inespre.gob.do\/transparencia\/download\/agosto-2024-nomina-complementaria-pdf-2\/?wpdmdl=26339&refresh=69f73f70d05851777811312\">Descargar<\/a> <i style=\"margin: 4px 0 0 5px;opacity:0.5\"                                                           class=\"fa fa-th-large\"><\/i> 1.49 MB            <\/div>        <\/div>    <\/div><\/div><\/div><script>jQuery(function(){jQuery('.link-btn a.wpdm-download-link img').after('Descargar');jQuery('.link-btn a.wpdm-download-link img').remove();});<\/script>\n<p><strong>Publicado: 19 de septiembre, 2024<\/strong><\/p>\n        <div class=\"w3eden clear\" align=\"right\"><div class=\"link-btn light\">    <div class=\"media\">        <div class=\"pull-left wbt-left\"><div class=\"wbt-icon\"><img decoding=\"async\" class=\"wpdm_icon\" alt=\"Icono\"   src=\"https:\/\/www.inespre.gov.do\/transparencia\/wp-content\/plugins\/download-manager\/assets\/file-type-icons\/xlsx2.svg\" \/><\/div><\/div>        <div class=\"pull-left text-left wbt-content\"><strong class=\"ptitle\">                <a href=\"https:\/\/www.inespre.gob.do\/transparencia\/download\/agosto-2024-nomina-empleados-en-periodo-probatorio-xlsx\/?wpdmdl=26341&refresh=69f73f70d08c81777811312\">Agosto 2024 - N\u00f3mina Empleados en Per\u00edodo Probatorio (XLSX)<\/a>            <\/strong>            <div style=\"font-size: 8pt;padding-top: 1px\"><a href=\"https:\/\/www.inespre.gob.do\/transparencia\/download\/agosto-2024-nomina-empleados-en-periodo-probatorio-xlsx\/?wpdmdl=26341&refresh=69f73f70d08c81777811312\">Descargar<\/a> <i style=\"margin: 4px 0 0 5px;opacity:0.5\"                                                           class=\"fa fa-th-large\"><\/i> 87.60 KB            <\/div>        <\/div>    <\/div><\/div><\/div><script>jQuery(function(){jQuery('.link-btn a.wpdm-download-link img').after('Descargar');jQuery('.link-btn a.wpdm-download-link img').remove();});<\/script>\n<p><strong>Publicado: 19 de septiembre, 2024 <\/strong><\/p>\n        <div class=\"w3eden clear\" align=\"right\"><div class=\"link-btn light\">    <div class=\"media\">        <div class=\"pull-left wbt-left\"><div class=\"wbt-icon\"><img decoding=\"async\" class=\"wpdm_icon\" alt=\"Icono\"   src=\"https:\/\/www.inespre.gov.do\/transparencia\/wp-content\/plugins\/download-manager\/assets\/file-type-icons\/pdf.svg\" \/><\/div><\/div>        <div class=\"pull-left text-left wbt-content\"><strong class=\"ptitle\">                <a href=\"https:\/\/www.inespre.gob.do\/transparencia\/download\/agosto-2024-nomina-empleados-en-periodo-probatorio-pdf\/?wpdmdl=26340&refresh=69f73f70d0c0a1777811312\">Agosto 2024 - N\u00f3mina Empleados en Per\u00edodo Probatorio (PDF)<\/a>            <\/strong>            <div style=\"font-size: 8pt;padding-top: 1px\"><a href=\"https:\/\/www.inespre.gob.do\/transparencia\/download\/agosto-2024-nomina-empleados-en-periodo-probatorio-pdf\/?wpdmdl=26340&refresh=69f73f70d0c0a1777811312\">Descargar<\/a> <i style=\"margin: 4px 0 0 5px;opacity:0.5\"                                                           class=\"fa fa-th-large\"><\/i> 189.61 KB            <\/div>        <\/div>    <\/div><\/div><\/div><script>jQuery(function(){jQuery('.link-btn a.wpdm-download-link img').after('Descargar');jQuery('.link-btn a.wpdm-download-link img').remove();});<\/script>\n<p><strong>Publicado: 19 de septiembre, 2024<\/strong><\/p>\n<hr \/>\n<h5>Julio<\/h5>\n        <div class=\"w3eden clear\" align=\"right\"><div class=\"link-btn light\">    <div class=\"media\">        <div class=\"pull-left wbt-left\"><div class=\"wbt-icon\"><img decoding=\"async\" class=\"wpdm_icon\" alt=\"Icono\"   src=\"https:\/\/www.inespre.gob.do\/transparencia\/wp-content\/plugins\/download-manager\/assets\/file-type-icons\/txt.svg\" \/><\/div><\/div>        <div class=\"pull-left text-left wbt-content\"><strong class=\"ptitle\">                <a href=\"https:\/\/www.inespre.gob.do\/transparencia\/download\/esta-institucion-no-tiene-personal-contratado-en-julio-2024\/?wpdmdl=26232&refresh=69f73f70d0f501777811312\">Esta instituci\u00f3n no tiene personal contratado en julio 2024<\/a>            <\/strong>            <div style=\"font-size: 8pt;padding-top: 1px\"><a href=\"https:\/\/www.inespre.gob.do\/transparencia\/download\/esta-institucion-no-tiene-personal-contratado-en-julio-2024\/?wpdmdl=26232&refresh=69f73f70d0f501777811312\">Descargar<\/a> <i style=\"margin: 4px 0 0 5px;opacity:0.5\"                                                           class=\"fa fa-th-large\"><\/i> 0.06 KB            <\/div>        <\/div>    <\/div><\/div><\/div><script>jQuery(function(){jQuery('.link-btn a.wpdm-download-link img').after('Descargar');jQuery('.link-btn a.wpdm-download-link img').remove();});<\/script>\n<p><strong>Publicado: 19 de agosto, 2024 <\/strong><br \/>\n        <div class=\"w3eden clear\" align=\"right\"><div class=\"link-btn light\">    <div class=\"media\">        <div class=\"pull-left wbt-left\"><div class=\"wbt-icon\"><img decoding=\"async\" class=\"wpdm_icon\" alt=\"Icono\"   src=\"https:\/\/www.inespre.gov.do\/transparencia\/wp-content\/plugins\/download-manager\/assets\/file-type-icons\/xlsx2.svg\" \/><\/div><\/div>        <div class=\"pull-left text-left wbt-content\"><strong class=\"ptitle\">                <a href=\"https:\/\/www.inespre.gob.do\/transparencia\/download\/julio-2024-nomina-de-empleados-fijos-xlsx\/?wpdmdl=26233&refresh=69f73f70d12921777811312\">Julio 2024 - N\u00f3mina de Empleados Fijos (XLSX)<\/a>            <\/strong>            <div style=\"font-size: 8pt;padding-top: 1px\"><a href=\"https:\/\/www.inespre.gob.do\/transparencia\/download\/julio-2024-nomina-de-empleados-fijos-xlsx\/?wpdmdl=26233&refresh=69f73f70d12921777811312\">Descargar<\/a> <i style=\"margin: 4px 0 0 5px;opacity:0.5\"                                                           class=\"fa fa-th-large\"><\/i> 366.67 KB            <\/div>        <\/div>    <\/div><\/div><\/div><script>jQuery(function(){jQuery('.link-btn a.wpdm-download-link img').after('Descargar');jQuery('.link-btn a.wpdm-download-link img').remove();});<\/script>\n<p><strong>Publicado: 19 de agosto, 2024 <\/strong><br \/>\n        <div class=\"w3eden clear\" align=\"right\"><div class=\"link-btn light\">    <div class=\"media\">        <div class=\"pull-left wbt-left\"><div class=\"wbt-icon\"><img decoding=\"async\" class=\"wpdm_icon\" alt=\"Icono\"   src=\"https:\/\/www.inespre.gov.do\/transparencia\/wp-content\/plugins\/download-manager\/assets\/file-type-icons\/pdf.svg\" \/><\/div><\/div>        <div class=\"pull-left text-left wbt-content\"><strong class=\"ptitle\">                <a href=\"https:\/\/www.inespre.gob.do\/transparencia\/download\/julio-2024-nomina-de-empleados-fijos-pdf\/?wpdmdl=26234&refresh=69f73f70d15e61777811312\">Julio 2024 - N\u00f3mina de Empleados Fijos (PDF)<\/a>            <\/strong>            <div style=\"font-size: 8pt;padding-top: 1px\"><a href=\"https:\/\/www.inespre.gob.do\/transparencia\/download\/julio-2024-nomina-de-empleados-fijos-pdf\/?wpdmdl=26234&refresh=69f73f70d15e61777811312\">Descargar<\/a> <i style=\"margin: 4px 0 0 5px;opacity:0.5\"                                                           class=\"fa fa-th-large\"><\/i> 1.69 MB            <\/div>        <\/div>    <\/div><\/div><\/div><script>jQuery(function(){jQuery('.link-btn a.wpdm-download-link img').after('Descargar');jQuery('.link-btn a.wpdm-download-link img').remove();});<\/script>\n<p><strong>Publicado: 19 de agosto, 2024 <\/strong><br \/>\n        <div class=\"w3eden clear\" align=\"right\"><div class=\"link-btn light\">    <div class=\"media\">        <div class=\"pull-left wbt-left\"><div class=\"wbt-icon\"><img decoding=\"async\" class=\"wpdm_icon\" alt=\"Icono\"   src=\"https:\/\/www.inespre.gov.do\/transparencia\/wp-content\/plugins\/download-manager\/assets\/file-type-icons\/xlsx2.svg\" \/><\/div><\/div>        <div class=\"pull-left text-left wbt-content\"><strong class=\"ptitle\">                <a href=\"https:\/\/www.inespre.gob.do\/transparencia\/download\/julio-2024-nomina-complementaria-xlsx\/?wpdmdl=26235&refresh=69f73f70d192f1777811312\">Julio 2024 - N\u00f3mina Complementaria (XLSX)<\/a>            <\/strong>            <div style=\"font-size: 8pt;padding-top: 1px\"><a href=\"https:\/\/www.inespre.gob.do\/transparencia\/download\/julio-2024-nomina-complementaria-xlsx\/?wpdmdl=26235&refresh=69f73f70d192f1777811312\">Descargar<\/a> <i style=\"margin: 4px 0 0 5px;opacity:0.5\"                                                           class=\"fa fa-th-large\"><\/i> 131.82 KB            <\/div>        <\/div>    <\/div><\/div><\/div><script>jQuery(function(){jQuery('.link-btn a.wpdm-download-link img').after('Descargar');jQuery('.link-btn a.wpdm-download-link img').remove();});<\/script>\n<p><strong>Publicado: 19 de agosto, 2024 <\/strong><br \/>\n        <div class=\"w3eden clear\" align=\"right\"><div class=\"link-btn light\">    <div class=\"media\">        <div class=\"pull-left wbt-left\"><div class=\"wbt-icon\"><img decoding=\"async\" class=\"wpdm_icon\" alt=\"Icono\"   src=\"https:\/\/www.inespre.gov.do\/transparencia\/wp-content\/plugins\/download-manager\/assets\/file-type-icons\/pdf.svg\" \/><\/div><\/div>        <div class=\"pull-left text-left wbt-content\"><strong class=\"ptitle\">                <a href=\"https:\/\/www.inespre.gob.do\/transparencia\/download\/julio-2024-nomina-complementaria-pdf\/?wpdmdl=26236&refresh=69f73f70d1c881777811312\">Julio 2024 - N\u00f3mina Complementaria (PDF)<\/a>            <\/strong>            <div style=\"font-size: 8pt;padding-top: 1px\"><a href=\"https:\/\/www.inespre.gob.do\/transparencia\/download\/julio-2024-nomina-complementaria-pdf\/?wpdmdl=26236&refresh=69f73f70d1c881777811312\">Descargar<\/a> <i style=\"margin: 4px 0 0 5px;opacity:0.5\"                                                           class=\"fa fa-th-large\"><\/i> 449.23 KB            <\/div>        <\/div>    <\/div><\/div><\/div><script>jQuery(function(){jQuery('.link-btn a.wpdm-download-link img').after('Descargar');jQuery('.link-btn a.wpdm-download-link img').remove();});<\/script>\n<p><strong>Publicado: 19 de agosto, 2024 <\/strong><\/p>\n<hr \/>\n<h5>Junio<\/h5>\n        <div class=\"w3eden clear\" align=\"right\"><div class=\"link-btn light\">    <div class=\"media\">        <div class=\"pull-left wbt-left\"><div class=\"wbt-icon\"><img decoding=\"async\" class=\"wpdm_icon\" alt=\"Icono\"   src=\"https:\/\/www.inespre.gob.do\/transparencia\/wp-content\/plugins\/download-manager\/assets\/file-type-icons\/txt.svg\" \/><\/div><\/div>        <div class=\"pull-left text-left wbt-content\"><strong class=\"ptitle\">                <a href=\"https:\/\/www.inespre.gob.do\/transparencia\/download\/esta-institucion-no-tiene-personal-contratado-en-junio-2024\/?wpdmdl=26046&refresh=69f73f70d1fc81777811312\">Esta instituci\u00f3n no tiene personal contratado en junio 2024<\/a>            <\/strong>            <div style=\"font-size: 8pt;padding-top: 1px\"><a href=\"https:\/\/www.inespre.gob.do\/transparencia\/download\/esta-institucion-no-tiene-personal-contratado-en-junio-2024\/?wpdmdl=26046&refresh=69f73f70d1fc81777811312\">Descargar<\/a> <i style=\"margin: 4px 0 0 5px;opacity:0.5\"                                                           class=\"fa fa-th-large\"><\/i> 0.06 KB            <\/div>        <\/div>    <\/div><\/div><\/div><script>jQuery(function(){jQuery('.link-btn a.wpdm-download-link img').after('Descargar');jQuery('.link-btn a.wpdm-download-link img').remove();});<\/script>\n<p><strong>Publicado: 19 de julio, 2024 <\/strong><br \/>\n        <div class=\"w3eden clear\" align=\"right\"><div class=\"link-btn light\">    <div class=\"media\">        <div class=\"pull-left wbt-left\"><div class=\"wbt-icon\"><img decoding=\"async\" class=\"wpdm_icon\" alt=\"Icono\"   src=\"https:\/\/www.inespre.gov.do\/transparencia\/wp-content\/plugins\/download-manager\/assets\/file-type-icons\/xlsx2.svg\" \/><\/div><\/div>        <div class=\"pull-left text-left wbt-content\"><strong class=\"ptitle\">                <a href=\"https:\/\/www.inespre.gob.do\/transparencia\/download\/junio-2024-nomina-de-empleados-fijos-xlsx\/?wpdmdl=26051&refresh=69f73f70d22d01777811312\">Junio 2024 - N\u00f3mina de Empleados Fijos (XLSX)<\/a>            <\/strong>            <div style=\"font-size: 8pt;padding-top: 1px\"><a href=\"https:\/\/www.inespre.gob.do\/transparencia\/download\/junio-2024-nomina-de-empleados-fijos-xlsx\/?wpdmdl=26051&refresh=69f73f70d22d01777811312\">Descargar<\/a> <i style=\"margin: 4px 0 0 5px;opacity:0.5\"                                                           class=\"fa fa-th-large\"><\/i> 715.00 KB            <\/div>        <\/div>    <\/div><\/div><\/div><script>jQuery(function(){jQuery('.link-btn a.wpdm-download-link img').after('Descargar');jQuery('.link-btn a.wpdm-download-link img').remove();});<\/script>\n<p><strong>Publicado: 19 de julio, 2024 <\/strong><br \/>\n        <div class=\"w3eden clear\" align=\"right\"><div class=\"link-btn light\">    <div class=\"media\">        <div class=\"pull-left wbt-left\"><div class=\"wbt-icon\"><img decoding=\"async\" class=\"wpdm_icon\" alt=\"Icono\"   src=\"https:\/\/www.inespre.gov.do\/transparencia\/wp-content\/plugins\/download-manager\/assets\/file-type-icons\/pdf.svg\" \/><\/div><\/div>        <div class=\"pull-left text-left wbt-content\"><strong class=\"ptitle\">                <a href=\"https:\/\/www.inespre.gob.do\/transparencia\/download\/junio-2024-nomina-de-empleados-fijos-pdf\/?wpdmdl=26052&refresh=69f73f70d27001777811312\">Junio 2024 - N\u00f3mina de Empleados Fijos (PDF)<\/a>            <\/strong>            <div style=\"font-size: 8pt;padding-top: 1px\"><a href=\"https:\/\/www.inespre.gob.do\/transparencia\/download\/junio-2024-nomina-de-empleados-fijos-pdf\/?wpdmdl=26052&refresh=69f73f70d27001777811312\">Descargar<\/a> <i style=\"margin: 4px 0 0 5px;opacity:0.5\"                                                           class=\"fa fa-th-large\"><\/i> 1.76 MB            <\/div>        <\/div>    <\/div><\/div><\/div><script>jQuery(function(){jQuery('.link-btn a.wpdm-download-link img').after('Descargar');jQuery('.link-btn a.wpdm-download-link img').remove();});<\/script>\n<p><strong>Publicado: 19 de julio, 2024 <\/strong><br \/>\n        <div class=\"w3eden clear\" align=\"right\"><div class=\"link-btn light\">    <div class=\"media\">        <div class=\"pull-left wbt-left\"><div class=\"wbt-icon\"><img decoding=\"async\" class=\"wpdm_icon\" alt=\"Icono\"   src=\"https:\/\/www.inespre.gov.do\/transparencia\/wp-content\/plugins\/download-manager\/assets\/file-type-icons\/xlsx2.svg\" \/><\/div><\/div>        <div class=\"pull-left text-left wbt-content\"><strong class=\"ptitle\">                <a href=\"https:\/\/www.inespre.gob.do\/transparencia\/download\/junio-2024-nomina-complementaria-xlxs\/?wpdmdl=26048&refresh=69f73f70d2a851777811312\">Junio 2024 - N\u00f3mina Complementaria (XLSX)<\/a>            <\/strong>            <div style=\"font-size: 8pt;padding-top: 1px\"><a href=\"https:\/\/www.inespre.gob.do\/transparencia\/download\/junio-2024-nomina-complementaria-xlxs\/?wpdmdl=26048&refresh=69f73f70d2a851777811312\">Descargar<\/a> <i style=\"margin: 4px 0 0 5px;opacity:0.5\"                                                           class=\"fa fa-th-large\"><\/i> 278.00 KB            <\/div>        <\/div>    <\/div><\/div><\/div><script>jQuery(function(){jQuery('.link-btn a.wpdm-download-link img').after('Descargar');jQuery('.link-btn a.wpdm-download-link img').remove();});<\/script>\n<p><strong>Publicado: 19 de julio, 2024 <\/strong><br \/>\n        <div class=\"w3eden clear\" align=\"right\"><div class=\"link-btn light\">    <div class=\"media\">        <div class=\"pull-left wbt-left\"><div class=\"wbt-icon\"><img decoding=\"async\" class=\"wpdm_icon\" alt=\"Icono\"   src=\"https:\/\/www.inespre.gov.do\/transparencia\/wp-content\/plugins\/download-manager\/assets\/file-type-icons\/pdf.svg\" \/><\/div><\/div>        <div class=\"pull-left text-left wbt-content\"><strong class=\"ptitle\">                <a href=\"https:\/\/www.inespre.gob.do\/transparencia\/download\/junio-2024-nomina-complementaria-pdf\/?wpdmdl=26047&refresh=69f73f70d2de11777811312\">Junio 2024 - N\u00f3mina Complementaria (PDF)<\/a>            <\/strong>            <div style=\"font-size: 8pt;padding-top: 1px\"><a href=\"https:\/\/www.inespre.gob.do\/transparencia\/download\/junio-2024-nomina-complementaria-pdf\/?wpdmdl=26047&refresh=69f73f70d2de11777811312\">Descargar<\/a> <i style=\"margin: 4px 0 0 5px;opacity:0.5\"                                                           class=\"fa fa-th-large\"><\/i> 438.91 KB            <\/div>        <\/div>    <\/div><\/div><\/div><script>jQuery(function(){jQuery('.link-btn a.wpdm-download-link img').after('Descargar');jQuery('.link-btn a.wpdm-download-link img').remove();});<\/script>\n<p><strong>Publicado: 19 de julio, 2024 <\/strong><\/p>\n<hr \/>\n<h5>Mayo<\/h5>\n        <div class=\"w3eden clear\" align=\"right\"><div class=\"link-btn light\">    <div class=\"media\">        <div class=\"pull-left wbt-left\"><div class=\"wbt-icon\"><img decoding=\"async\" class=\"wpdm_icon\" alt=\"Icono\"   src=\"https:\/\/www.inespre.gov.do\/transparencia\/wp-content\/plugins\/download-manager\/assets\/file-type-icons\/txt.svg\" \/><\/div><\/div>        <div class=\"pull-left text-left wbt-content\"><strong class=\"ptitle\">                <a href=\"https:\/\/www.inespre.gob.do\/transparencia\/download\/esta-institucion-no-tiene-personal-contratado-en-mayo-2024\/?wpdmdl=25688&refresh=69f73f70d31381777811312\">Esta instituci\u00f3n no tiene personal contratado en mayo 2024<\/a>            <\/strong>            <div style=\"font-size: 8pt;padding-top: 1px\"><a href=\"https:\/\/www.inespre.gob.do\/transparencia\/download\/esta-institucion-no-tiene-personal-contratado-en-mayo-2024\/?wpdmdl=25688&refresh=69f73f70d31381777811312\">Descargar<\/a> <i style=\"margin: 4px 0 0 5px;opacity:0.5\"                                                           class=\"fa fa-th-large\"><\/i> 0.06 KB            <\/div>        <\/div>    <\/div><\/div><\/div><script>jQuery(function(){jQuery('.link-btn a.wpdm-download-link img').after('Descargar');jQuery('.link-btn a.wpdm-download-link img').remove();});<\/script>\n<p><strong>Publicado: 18 de junio, 2024 <\/strong><br \/>\n        <div class=\"w3eden clear\" align=\"right\"><div class=\"link-btn light\">    <div class=\"media\">        <div class=\"pull-left wbt-left\"><div class=\"wbt-icon\"><img decoding=\"async\" class=\"wpdm_icon\" alt=\"Icono\"   src=\"https:\/\/www.inespre.gov.do\/transparencia\/wp-content\/plugins\/download-manager\/assets\/file-type-icons\/xlsx2.svg\" \/><\/div><\/div>        <div class=\"pull-left text-left wbt-content\"><strong class=\"ptitle\">                <a href=\"https:\/\/www.inespre.gob.do\/transparencia\/download\/mayo-2024-nomina-de-empleados-fijos-xlsx\/?wpdmdl=25687&refresh=69f73f70d34741777811312\">Mayo 2024 - N\u00f3mina de Empleados Fijos (XLSX)<\/a>            <\/strong>            <div style=\"font-size: 8pt;padding-top: 1px\"><a href=\"https:\/\/www.inespre.gob.do\/transparencia\/download\/mayo-2024-nomina-de-empleados-fijos-xlsx\/?wpdmdl=25687&refresh=69f73f70d34741777811312\">Descargar<\/a> <i style=\"margin: 4px 0 0 5px;opacity:0.5\"                                                           class=\"fa fa-th-large\"><\/i> 365.71 KB            <\/div>        <\/div>    <\/div><\/div><\/div><script>jQuery(function(){jQuery('.link-btn a.wpdm-download-link img').after('Descargar');jQuery('.link-btn a.wpdm-download-link img').remove();});<\/script>\n<p><strong>Publicado: 18 de junio, 2024 <\/strong><br \/>\n        <div class=\"w3eden clear\" align=\"right\"><div class=\"link-btn light\">    <div class=\"media\">        <div class=\"pull-left wbt-left\"><div class=\"wbt-icon\"><img decoding=\"async\" class=\"wpdm_icon\" alt=\"Icono\"   src=\"https:\/\/www.inespre.gov.do\/transparencia\/wp-content\/plugins\/download-manager\/assets\/file-type-icons\/pdf.svg\" \/><\/div><\/div>        <div class=\"pull-left text-left wbt-content\"><strong class=\"ptitle\">                <a href=\"https:\/\/www.inespre.gob.do\/transparencia\/download\/mayo-2024-nomina-de-empleados-fijos-pdf\/?wpdmdl=25689&refresh=69f73f70d37c61777811312\">Mayo 2024 - N\u00f3mina de Empleados Fijos (PDF)<\/a>            <\/strong>            <div style=\"font-size: 8pt;padding-top: 1px\"><a href=\"https:\/\/www.inespre.gob.do\/transparencia\/download\/mayo-2024-nomina-de-empleados-fijos-pdf\/?wpdmdl=25689&refresh=69f73f70d37c61777811312\">Descargar<\/a> <i style=\"margin: 4px 0 0 5px;opacity:0.5\"                                                           class=\"fa fa-th-large\"><\/i> 1.49 MB            <\/div>        <\/div>    <\/div><\/div><\/div><script>jQuery(function(){jQuery('.link-btn a.wpdm-download-link img').after('Descargar');jQuery('.link-btn a.wpdm-download-link img').remove();});<\/script>\n<p><strong>Publicado: 18 de junio, 2024 <\/strong><br \/>\n        <div class=\"w3eden clear\" align=\"right\"><div class=\"link-btn light\">    <div class=\"media\">        <div class=\"pull-left wbt-left\"><div class=\"wbt-icon\"><img decoding=\"async\" class=\"wpdm_icon\" alt=\"Icono\"   src=\"https:\/\/www.inespre.gov.do\/transparencia\/wp-content\/plugins\/download-manager\/assets\/file-type-icons\/xlsx2.svg\" \/><\/div><\/div>        <div class=\"pull-left text-left wbt-content\"><strong class=\"ptitle\">                <a href=\"https:\/\/www.inespre.gob.do\/transparencia\/download\/mayo-2024-nomina-complementaria-xlsx\/?wpdmdl=25690&refresh=69f73f70d3b4b1777811312\">Mayo 2024 - N\u00f3mina Complementaria (XLSX)<\/a>            <\/strong>            <div style=\"font-size: 8pt;padding-top: 1px\"><a href=\"https:\/\/www.inespre.gob.do\/transparencia\/download\/mayo-2024-nomina-complementaria-xlsx\/?wpdmdl=25690&refresh=69f73f70d3b4b1777811312\">Descargar<\/a> <i style=\"margin: 4px 0 0 5px;opacity:0.5\"                                                           class=\"fa fa-th-large\"><\/i> 137.83 KB            <\/div>        <\/div>    <\/div><\/div><\/div><script>jQuery(function(){jQuery('.link-btn a.wpdm-download-link img').after('Descargar');jQuery('.link-btn a.wpdm-download-link img').remove();});<\/script>\n<p><strong>Publicado: 18 de junio, 2024 <\/strong><br \/>\n        <div class=\"w3eden clear\" align=\"right\"><div class=\"link-btn light\">    <div class=\"media\">        <div class=\"pull-left wbt-left\"><div class=\"wbt-icon\"><img decoding=\"async\" class=\"wpdm_icon\" alt=\"Icono\"   src=\"https:\/\/www.inespre.gov.do\/transparencia\/wp-content\/plugins\/download-manager\/assets\/file-type-icons\/pdf.svg\" \/><\/div><\/div>        <div class=\"pull-left text-left wbt-content\"><strong class=\"ptitle\">                <a href=\"https:\/\/www.inespre.gob.do\/transparencia\/download\/mayo-2024-nomina-complementaria-pdf\/?wpdmdl=25691&refresh=69f73f70d3ea81777811312\">Mayo 2024 - N\u00f3mina Complementaria (PDF)<\/a>            <\/strong>            <div style=\"font-size: 8pt;padding-top: 1px\"><a href=\"https:\/\/www.inespre.gob.do\/transparencia\/download\/mayo-2024-nomina-complementaria-pdf\/?wpdmdl=25691&refresh=69f73f70d3ea81777811312\">Descargar<\/a> <i style=\"margin: 4px 0 0 5px;opacity:0.5\"                                                           class=\"fa fa-th-large\"><\/i> 451.32 KB            <\/div>        <\/div>    <\/div><\/div><\/div><script>jQuery(function(){jQuery('.link-btn a.wpdm-download-link img').after('Descargar');jQuery('.link-btn a.wpdm-download-link img').remove();});<\/script>\n<p><strong>Publicado: 18 de junio, 2024 <\/strong><\/p>\n<hr \/>\n<h5>Abril<\/h5>\n        <div class=\"w3eden clear\" align=\"right\"><div class=\"link-btn light\">    <div class=\"media\">        <div class=\"pull-left wbt-left\"><div class=\"wbt-icon\"><img decoding=\"async\" class=\"wpdm_icon\" alt=\"Icono\"   src=\"https:\/\/www.inespre.gov.do\/transparencia\/wp-content\/plugins\/download-manager\/assets\/file-type-icons\/txt.svg\" \/><\/div><\/div>        <div class=\"pull-left text-left wbt-content\"><strong class=\"ptitle\">                <a href=\"https:\/\/www.inespre.gob.do\/transparencia\/download\/esta-institucion-no-tiene-personal-contratado-en-abril-2024\/?wpdmdl=25490&refresh=69f73f70d42501777811312\">Esta instituci\u00f3n no tiene personal contratado en abril 2024<\/a>            <\/strong>            <div style=\"font-size: 8pt;padding-top: 1px\"><a href=\"https:\/\/www.inespre.gob.do\/transparencia\/download\/esta-institucion-no-tiene-personal-contratado-en-abril-2024\/?wpdmdl=25490&refresh=69f73f70d42501777811312\">Descargar<\/a> <i style=\"margin: 4px 0 0 5px;opacity:0.5\"                                                           class=\"fa fa-th-large\"><\/i> 0.06 KB            <\/div>        <\/div>    <\/div><\/div><\/div><script>jQuery(function(){jQuery('.link-btn a.wpdm-download-link img').after('Descargar');jQuery('.link-btn a.wpdm-download-link img').remove();});<\/script>\n<p><strong>Publicado: 14 de mayo, 2024 <\/strong><br \/>\n        <div class=\"w3eden clear\" align=\"right\"><div class=\"link-btn light\">    <div class=\"media\">        <div class=\"pull-left wbt-left\"><div class=\"wbt-icon\"><img decoding=\"async\" class=\"wpdm_icon\" alt=\"Icono\"   src=\"https:\/\/www.inespre.gov.do\/transparencia\/wp-content\/plugins\/download-manager\/assets\/file-type-icons\/xlsx2.svg\" \/><\/div><\/div>        <div class=\"pull-left text-left wbt-content\"><strong class=\"ptitle\">                <a href=\"https:\/\/www.inespre.gob.do\/transparencia\/download\/abril-2024-nomina-de-empleados-fijos-xlsx\/?wpdmdl=25488&refresh=69f73f70d45961777811312\">Abril 2024 - N\u00f3mina de Empleados Fijos (XLSX)<\/a>            <\/strong>            <div style=\"font-size: 8pt;padding-top: 1px\"><a href=\"https:\/\/www.inespre.gob.do\/transparencia\/download\/abril-2024-nomina-de-empleados-fijos-xlsx\/?wpdmdl=25488&refresh=69f73f70d45961777811312\">Descargar<\/a> <i style=\"margin: 4px 0 0 5px;opacity:0.5\"                                                           class=\"fa fa-th-large\"><\/i> 372.63 KB            <\/div>        <\/div>    <\/div><\/div><\/div><script>jQuery(function(){jQuery('.link-btn a.wpdm-download-link img').after('Descargar');jQuery('.link-btn a.wpdm-download-link img').remove();});<\/script>\n<p><strong>Publicado: 14 de mayo, 2024 <\/strong><br \/>\n        <div class=\"w3eden clear\" align=\"right\"><div class=\"link-btn light\">    <div class=\"media\">        <div class=\"pull-left wbt-left\"><div class=\"wbt-icon\"><img decoding=\"async\" class=\"wpdm_icon\" alt=\"Icono\"   src=\"https:\/\/www.inespre.gov.do\/transparencia\/wp-content\/plugins\/download-manager\/assets\/file-type-icons\/pdf.svg\" \/><\/div><\/div>        <div class=\"pull-left text-left wbt-content\"><strong class=\"ptitle\">                <a href=\"https:\/\/www.inespre.gob.do\/transparencia\/download\/abril-2024-nomina-de-empleados-fijos-pdf\/?wpdmdl=25489&refresh=69f73f70d49031777811312\">Abril 2024 - N\u00f3mina de Empleados Fijos (PDF)<\/a>            <\/strong>            <div style=\"font-size: 8pt;padding-top: 1px\"><a href=\"https:\/\/www.inespre.gob.do\/transparencia\/download\/abril-2024-nomina-de-empleados-fijos-pdf\/?wpdmdl=25489&refresh=69f73f70d49031777811312\">Descargar<\/a> <i style=\"margin: 4px 0 0 5px;opacity:0.5\"                                                           class=\"fa fa-th-large\"><\/i> 1.60 MB            <\/div>        <\/div>    <\/div><\/div><\/div><script>jQuery(function(){jQuery('.link-btn a.wpdm-download-link img').after('Descargar');jQuery('.link-btn a.wpdm-download-link img').remove();});<\/script>\n<p><strong>Publicado: 14 de mayo, 2024 <\/strong><br \/>\n        <div class=\"w3eden clear\" align=\"right\"><div class=\"link-btn light\">    <div class=\"media\">        <div class=\"pull-left wbt-left\"><div class=\"wbt-icon\"><img decoding=\"async\" class=\"wpdm_icon\" alt=\"Icono\"   src=\"https:\/\/www.inespre.gov.do\/transparencia\/wp-content\/plugins\/download-manager\/assets\/file-type-icons\/xlsx2.svg\" \/><\/div><\/div>        <div class=\"pull-left text-left wbt-content\"><strong class=\"ptitle\">                <a href=\"https:\/\/www.inespre.gob.do\/transparencia\/download\/abril-2024-nomina-complementaria-xlsx\/?wpdmdl=25492&refresh=69f73f70d4c551777811312\">Abril 2024 - N\u00f3mina Complementaria (XLSX)<\/a>            <\/strong>            <div style=\"font-size: 8pt;padding-top: 1px\"><a href=\"https:\/\/www.inespre.gob.do\/transparencia\/download\/abril-2024-nomina-complementaria-xlsx\/?wpdmdl=25492&refresh=69f73f70d4c551777811312\">Descargar<\/a> <i style=\"margin: 4px 0 0 5px;opacity:0.5\"                                                           class=\"fa fa-th-large\"><\/i> 137.36 KB            <\/div>        <\/div>    <\/div><\/div><\/div><script>jQuery(function(){jQuery('.link-btn a.wpdm-download-link img').after('Descargar');jQuery('.link-btn a.wpdm-download-link img').remove();});<\/script>\n<p><strong>Publicado: 14 de mayo, 2024 <\/strong><br \/>\n        <div class=\"w3eden clear\" align=\"right\"><div class=\"link-btn light\">    <div class=\"media\">        <div class=\"pull-left wbt-left\"><div class=\"wbt-icon\"><img decoding=\"async\" class=\"wpdm_icon\" alt=\"Icono\"   src=\"https:\/\/www.inespre.gov.do\/transparencia\/wp-content\/plugins\/download-manager\/assets\/file-type-icons\/pdf.svg\" \/><\/div><\/div>        <div class=\"pull-left text-left wbt-content\"><strong class=\"ptitle\">                <a href=\"https:\/\/www.inespre.gob.do\/transparencia\/download\/abril-2024-nomina-complementaria-pdf\/?wpdmdl=25491&refresh=69f73f70d4f9a1777811312\">Abril 2024 - N\u00f3mina Complementaria (PDF)<\/a>            <\/strong>            <div style=\"font-size: 8pt;padding-top: 1px\"><a href=\"https:\/\/www.inespre.gob.do\/transparencia\/download\/abril-2024-nomina-complementaria-pdf\/?wpdmdl=25491&refresh=69f73f70d4f9a1777811312\">Descargar<\/a> <i style=\"margin: 4px 0 0 5px;opacity:0.5\"                                                           class=\"fa fa-th-large\"><\/i> 502.43 KB            <\/div>        <\/div>    <\/div><\/div><\/div><script>jQuery(function(){jQuery('.link-btn a.wpdm-download-link img').after('Descargar');jQuery('.link-btn a.wpdm-download-link img').remove();});<\/script>\n<p><strong>Publicado: 14 de mayo, 2024 <\/strong><\/p>\n<hr \/>\n<h5>Marzo<\/h5>\n        <div class=\"w3eden clear\" align=\"right\"><div class=\"link-btn light\">    <div class=\"media\">        <div class=\"pull-left wbt-left\"><div class=\"wbt-icon\"><img decoding=\"async\" class=\"wpdm_icon\" alt=\"Icono\"   src=\"https:\/\/www.inespre.gov.do\/transparencia\/wp-content\/plugins\/download-manager\/assets\/file-type-icons\/txt.svg\" \/><\/div><\/div>        <div class=\"pull-left text-left wbt-content\"><strong class=\"ptitle\">                <a href=\"https:\/\/www.inespre.gob.do\/transparencia\/download\/esta-institucion-no-tiene-personal-contratado-en-marzo-2024\/?wpdmdl=25439&refresh=69f73f70d52e11777811312\">Esta instituci\u00f3n no tiene personal contratado en marzo 2024<\/a>            <\/strong>            <div style=\"font-size: 8pt;padding-top: 1px\"><a href=\"https:\/\/www.inespre.gob.do\/transparencia\/download\/esta-institucion-no-tiene-personal-contratado-en-marzo-2024\/?wpdmdl=25439&refresh=69f73f70d52e11777811312\">Descargar<\/a> <i style=\"margin: 4px 0 0 5px;opacity:0.5\"                                                           class=\"fa fa-th-large\"><\/i> 0.06 KB            <\/div>        <\/div>    <\/div><\/div><\/div><script>jQuery(function(){jQuery('.link-btn a.wpdm-download-link img').after('Descargar');jQuery('.link-btn a.wpdm-download-link img').remove();});<\/script>\n<p><strong>Publicado: 18 de abril, 2024 <\/strong><br \/>\n        <div class=\"w3eden clear\" align=\"right\"><div class=\"link-btn light\">    <div class=\"media\">        <div class=\"pull-left wbt-left\"><div class=\"wbt-icon\"><img decoding=\"async\" class=\"wpdm_icon\" alt=\"Icono\"   src=\"https:\/\/www.inespre.gov.do\/transparencia\/wp-content\/plugins\/download-manager\/assets\/file-type-icons\/xlsx2.svg\" \/><\/div><\/div>        <div class=\"pull-left text-left wbt-content\"><strong class=\"ptitle\">                <a href=\"https:\/\/www.inespre.gob.do\/transparencia\/download\/marzo-2024-nomina-de-empleados-fijos-xlsx\/?wpdmdl=25438&refresh=69f73f70d561f1777811312\">Marzo 2024 - N\u00f3mina de Empleados Fijos (XLSX)<\/a>            <\/strong>            <div style=\"font-size: 8pt;padding-top: 1px\"><a href=\"https:\/\/www.inespre.gob.do\/transparencia\/download\/marzo-2024-nomina-de-empleados-fijos-xlsx\/?wpdmdl=25438&refresh=69f73f70d561f1777811312\">Descargar<\/a> <i style=\"margin: 4px 0 0 5px;opacity:0.5\"                                                           class=\"fa fa-th-large\"><\/i> 717.50 KB            <\/div>        <\/div>    <\/div><\/div><\/div><script>jQuery(function(){jQuery('.link-btn a.wpdm-download-link img').after('Descargar');jQuery('.link-btn a.wpdm-download-link img').remove();});<\/script>\n<p><strong>Publicado: 18 de abril, 2024 <\/strong><br \/>\n        <div class=\"w3eden clear\" align=\"right\"><div class=\"link-btn light\">    <div class=\"media\">        <div class=\"pull-left wbt-left\"><div class=\"wbt-icon\"><img decoding=\"async\" class=\"wpdm_icon\" alt=\"Icono\"   src=\"https:\/\/www.inespre.gov.do\/transparencia\/wp-content\/plugins\/download-manager\/assets\/file-type-icons\/pdf.svg\" \/><\/div><\/div>        <div class=\"pull-left text-left wbt-content\"><strong class=\"ptitle\">                <a href=\"https:\/\/www.inespre.gob.do\/transparencia\/download\/marzo-2024-nomina-de-empleados-fijos-pdf\/?wpdmdl=25437&refresh=69f73f70d59711777811312\">Marzo 2024 - N\u00f3mina de Empleados Fijos (PDF)<\/a>            <\/strong>            <div style=\"font-size: 8pt;padding-top: 1px\"><a href=\"https:\/\/www.inespre.gob.do\/transparencia\/download\/marzo-2024-nomina-de-empleados-fijos-pdf\/?wpdmdl=25437&refresh=69f73f70d59711777811312\">Descargar<\/a> <i style=\"margin: 4px 0 0 5px;opacity:0.5\"                                                           class=\"fa fa-th-large\"><\/i> 1.74 MB            <\/div>        <\/div>    <\/div><\/div><\/div><script>jQuery(function(){jQuery('.link-btn a.wpdm-download-link img').after('Descargar');jQuery('.link-btn a.wpdm-download-link img').remove();});<\/script>\n<p><strong>Publicado: 18 de abril, 2024 <\/strong><br \/>\n        <div class=\"w3eden clear\" align=\"right\"><div class=\"link-btn light\">    <div class=\"media\">        <div class=\"pull-left wbt-left\"><div class=\"wbt-icon\"><img decoding=\"async\" class=\"wpdm_icon\" alt=\"Icono\"   src=\"https:\/\/www.inespre.gov.do\/transparencia\/wp-content\/plugins\/download-manager\/assets\/file-type-icons\/xlsx2.svg\" \/><\/div><\/div>        <div class=\"pull-left text-left wbt-content\"><strong class=\"ptitle\">                <a href=\"https:\/\/www.inespre.gob.do\/transparencia\/download\/marzo-2024-nomina-complementaria-xlsx\/?wpdmdl=25441&refresh=69f73f70d5ccb1777811312\">Marzo 2024 - N\u00f3mina Complementaria (XLSX)<\/a>            <\/strong>            <div style=\"font-size: 8pt;padding-top: 1px\"><a href=\"https:\/\/www.inespre.gob.do\/transparencia\/download\/marzo-2024-nomina-complementaria-xlsx\/?wpdmdl=25441&refresh=69f73f70d5ccb1777811312\">Descargar<\/a> <i style=\"margin: 4px 0 0 5px;opacity:0.5\"                                                           class=\"fa fa-th-large\"><\/i> 294.00 KB            <\/div>        <\/div>    <\/div><\/div><\/div><script>jQuery(function(){jQuery('.link-btn a.wpdm-download-link img').after('Descargar');jQuery('.link-btn a.wpdm-download-link img').remove();});<\/script>\n<p><strong>Publicado: 18 de abril, 2024 <\/strong><br \/>\n        <div class=\"w3eden clear\" align=\"right\"><div class=\"link-btn light\">    <div class=\"media\">        <div class=\"pull-left wbt-left\"><div class=\"wbt-icon\"><img decoding=\"async\" class=\"wpdm_icon\" alt=\"Icono\"   src=\"https:\/\/www.inespre.gov.do\/transparencia\/wp-content\/plugins\/download-manager\/assets\/file-type-icons\/pdf.svg\" \/><\/div><\/div>        <div class=\"pull-left text-left wbt-content\"><strong class=\"ptitle\">                <a href=\"https:\/\/www.inespre.gob.do\/transparencia\/download\/marzo-2024-nomina-complementaria-pdf\/?wpdmdl=25442&refresh=69f73f70d602e1777811312\">Marzo 2024 - N\u00f3mina Complementaria (PDF)<\/a>            <\/strong>            <div style=\"font-size: 8pt;padding-top: 1px\"><a href=\"https:\/\/www.inespre.gob.do\/transparencia\/download\/marzo-2024-nomina-complementaria-pdf\/?wpdmdl=25442&refresh=69f73f70d602e1777811312\">Descargar<\/a> <i style=\"margin: 4px 0 0 5px;opacity:0.5\"                                                           class=\"fa fa-th-large\"><\/i> 482.89 KB            <\/div>        <\/div>    <\/div><\/div><\/div><script>jQuery(function(){jQuery('.link-btn a.wpdm-download-link img').after('Descargar');jQuery('.link-btn a.wpdm-download-link img').remove();});<\/script>\n<p><strong>Publicado: 18 de abril, 2024 <\/strong><\/p>\n<hr \/>\n<h5>Febrero<\/h5>\n        <div class=\"w3eden clear\" align=\"right\"><div class=\"link-btn light\">    <div class=\"media\">        <div class=\"pull-left wbt-left\"><div class=\"wbt-icon\"><img decoding=\"async\" class=\"wpdm_icon\" alt=\"Icono\"   src=\"https:\/\/www.inespre.gov.do\/transparencia\/wp-content\/plugins\/download-manager\/assets\/file-type-icons\/txt.svg\" \/><\/div><\/div>        <div class=\"pull-left text-left wbt-content\"><strong class=\"ptitle\">                <a href=\"https:\/\/www.inespre.gob.do\/transparencia\/download\/esta-institucion-no-tiene-personal-contratado-en-febrero-2024\/?wpdmdl=25325&refresh=69f73f70d637d1777811312\">Esta instituci\u00f3n no tiene personal contratado en febrero 2024<\/a>            <\/strong>            <div style=\"font-size: 8pt;padding-top: 1px\"><a href=\"https:\/\/www.inespre.gob.do\/transparencia\/download\/esta-institucion-no-tiene-personal-contratado-en-febrero-2024\/?wpdmdl=25325&refresh=69f73f70d637d1777811312\">Descargar<\/a> <i style=\"margin: 4px 0 0 5px;opacity:0.5\"                                                           class=\"fa fa-th-large\"><\/i> 0.06 KB            <\/div>        <\/div>    <\/div><\/div><\/div><script>jQuery(function(){jQuery('.link-btn a.wpdm-download-link img').after('Descargar');jQuery('.link-btn a.wpdm-download-link img').remove();});<\/script>\n<p><strong>Publicado: 19 de marzo, 2024 <\/strong><br \/>\n        <div class=\"w3eden clear\" align=\"right\"><div class=\"link-btn light\">    <div class=\"media\">        <div class=\"pull-left wbt-left\"><div class=\"wbt-icon\"><img decoding=\"async\" class=\"wpdm_icon\" alt=\"Icono\"   src=\"https:\/\/www.inespre.gov.do\/transparencia\/wp-content\/plugins\/download-manager\/assets\/file-type-icons\/xlsx2.svg\" \/><\/div><\/div>        <div class=\"pull-left text-left wbt-content\"><strong class=\"ptitle\">                <a href=\"https:\/\/www.inespre.gob.do\/transparencia\/download\/febrero-2024-nomina-de-empleados-fijos-xlsx\/?wpdmdl=25326&refresh=69f73f70d66c41777811312\">Febrero 2024 - N\u00f3mina de Empleados Fijos (XLSX)<\/a>            <\/strong>            <div style=\"font-size: 8pt;padding-top: 1px\"><a href=\"https:\/\/www.inespre.gob.do\/transparencia\/download\/febrero-2024-nomina-de-empleados-fijos-xlsx\/?wpdmdl=25326&refresh=69f73f70d66c41777811312\">Descargar<\/a> <i style=\"margin: 4px 0 0 5px;opacity:0.5\"                                                           class=\"fa fa-th-large\"><\/i> 368.90 KB            <\/div>        <\/div>    <\/div><\/div><\/div><script>jQuery(function(){jQuery('.link-btn a.wpdm-download-link img').after('Descargar');jQuery('.link-btn a.wpdm-download-link img').remove();});<\/script>\n<p><strong>Publicado: 19 de marzo, 2024 <\/strong><\/p>\n        <div class=\"w3eden clear\" align=\"right\"><div class=\"link-btn light\">    <div class=\"media\">        <div class=\"pull-left wbt-left\"><div class=\"wbt-icon\"><img decoding=\"async\" class=\"wpdm_icon\" alt=\"Icono\"   src=\"https:\/\/www.inespre.gov.do\/transparencia\/wp-content\/plugins\/download-manager\/assets\/file-type-icons\/pdf.svg\" \/><\/div><\/div>        <div class=\"pull-left text-left wbt-content\"><strong class=\"ptitle\">                <a href=\"https:\/\/www.inespre.gob.do\/transparencia\/download\/febrero-2024-nomina-de-empleados-fijos-pdf\/?wpdmdl=25327&refresh=69f73f70d6a1b1777811312\">Febrero 2024 - N\u00f3mina de Empleados Fijos (PDF)<\/a>            <\/strong>            <div style=\"font-size: 8pt;padding-top: 1px\"><a href=\"https:\/\/www.inespre.gob.do\/transparencia\/download\/febrero-2024-nomina-de-empleados-fijos-pdf\/?wpdmdl=25327&refresh=69f73f70d6a1b1777811312\">Descargar<\/a> <i style=\"margin: 4px 0 0 5px;opacity:0.5\"                                                           class=\"fa fa-th-large\"><\/i> 1.00 MB            <\/div>        <\/div>    <\/div><\/div><\/div><script>jQuery(function(){jQuery('.link-btn a.wpdm-download-link img').after('Descargar');jQuery('.link-btn a.wpdm-download-link img').remove();});<\/script>\n<p><strong>Publicado: 19 de marzo, 2024 <\/strong><br \/>\n        <div class=\"w3eden clear\" align=\"right\"><div class=\"link-btn light\">    <div class=\"media\">        <div class=\"pull-left wbt-left\"><div class=\"wbt-icon\"><img decoding=\"async\" class=\"wpdm_icon\" alt=\"Icono\"   src=\"https:\/\/www.inespre.gov.do\/transparencia\/wp-content\/plugins\/download-manager\/assets\/file-type-icons\/xlsx2.svg\" \/><\/div><\/div>        <div class=\"pull-left text-left wbt-content\"><strong class=\"ptitle\">                <a href=\"https:\/\/www.inespre.gob.do\/transparencia\/download\/febrero-2024-nomina-complementaria-xlsx\/?wpdmdl=25328&refresh=69f73f70d6d671777811312\">Febrero 2024 - N\u00f3mina Complementaria (XLSX)<\/a>            <\/strong>            <div style=\"font-size: 8pt;padding-top: 1px\"><a href=\"https:\/\/www.inespre.gob.do\/transparencia\/download\/febrero-2024-nomina-complementaria-xlsx\/?wpdmdl=25328&refresh=69f73f70d6d671777811312\">Descargar<\/a> <i style=\"margin: 4px 0 0 5px;opacity:0.5\"                                                           class=\"fa fa-th-large\"><\/i> 135.43 KB            <\/div>        <\/div>    <\/div><\/div><\/div><script>jQuery(function(){jQuery('.link-btn a.wpdm-download-link img').after('Descargar');jQuery('.link-btn a.wpdm-download-link img').remove();});<\/script>\n<p><strong>Publicado: 19 de marzo, 2024 <\/strong><br \/>\n        <div class=\"w3eden clear\" align=\"right\"><div class=\"link-btn light\">    <div class=\"media\">        <div class=\"pull-left wbt-left\"><div class=\"wbt-icon\"><img decoding=\"async\" class=\"wpdm_icon\" alt=\"Icono\"   src=\"https:\/\/www.inespre.gov.do\/transparencia\/wp-content\/plugins\/download-manager\/assets\/file-type-icons\/pdf.svg\" \/><\/div><\/div>        <div class=\"pull-left text-left wbt-content\"><strong class=\"ptitle\">                <a href=\"https:\/\/www.inespre.gob.do\/transparencia\/download\/febrero-2024-nomina-complementaria-pdf\/?wpdmdl=25329&refresh=69f73f70d70bb1777811312\">Febrero 2024 - N\u00f3mina Complementaria (PDF)<\/a>            <\/strong>            <div style=\"font-size: 8pt;padding-top: 1px\"><a href=\"https:\/\/www.inespre.gob.do\/transparencia\/download\/febrero-2024-nomina-complementaria-pdf\/?wpdmdl=25329&refresh=69f73f70d70bb1777811312\">Descargar<\/a> <i style=\"margin: 4px 0 0 5px;opacity:0.5\"                                                           class=\"fa fa-th-large\"><\/i> 577.79 KB            <\/div>        <\/div>    <\/div><\/div><\/div><script>jQuery(function(){jQuery('.link-btn a.wpdm-download-link img').after('Descargar');jQuery('.link-btn a.wpdm-download-link img').remove();});<\/script>\n<p><strong>Publicado: 19 de marzo, 2024 <\/strong><\/p>\n<hr \/>\n<h5>Enero<\/h5>\n        <div class=\"w3eden clear\" align=\"right\"><div class=\"link-btn light\">    <div class=\"media\">        <div class=\"pull-left wbt-left\"><div class=\"wbt-icon\"><img decoding=\"async\" class=\"wpdm_icon\" alt=\"Icono\"   src=\"https:\/\/www.inespre.gov.do\/transparencia\/wp-content\/plugins\/download-manager\/assets\/file-type-icons\/txt.svg\" \/><\/div><\/div>        <div class=\"pull-left text-left wbt-content\"><strong class=\"ptitle\">                <a href=\"https:\/\/www.inespre.gob.do\/transparencia\/download\/esta-institucion-no-tiene-personal-contratado-en-enero-2024\/?wpdmdl=25130&refresh=69f73f70d740c1777811312\">Esta instituci\u00f3n no tiene personal contratado en enero 2024<\/a>            <\/strong>            <div style=\"font-size: 8pt;padding-top: 1px\"><a href=\"https:\/\/www.inespre.gob.do\/transparencia\/download\/esta-institucion-no-tiene-personal-contratado-en-enero-2024\/?wpdmdl=25130&refresh=69f73f70d740c1777811312\">Descargar<\/a> <i style=\"margin: 4px 0 0 5px;opacity:0.5\"                                                           class=\"fa fa-th-large\"><\/i> 0.06 KB            <\/div>        <\/div>    <\/div><\/div><\/div><script>jQuery(function(){jQuery('.link-btn a.wpdm-download-link img').after('Descargar');jQuery('.link-btn a.wpdm-download-link img').remove();});<\/script>\n<p><strong>Publicado: 15 de febrero, 2024 <\/strong><br \/>\n        <div class=\"w3eden clear\" align=\"right\"><div class=\"link-btn light\">    <div class=\"media\">        <div class=\"pull-left wbt-left\"><div class=\"wbt-icon\"><img decoding=\"async\" class=\"wpdm_icon\" alt=\"Icono\"   src=\"https:\/\/www.inespre.gov.do\/transparencia\/wp-content\/plugins\/download-manager\/assets\/file-type-icons\/xlsx2.svg\" \/><\/div><\/div>        <div class=\"pull-left text-left wbt-content\"><strong class=\"ptitle\">                <a href=\"https:\/\/www.inespre.gob.do\/transparencia\/download\/enero-2024-nomina-de-empleados-fijos-xlsx\/?wpdmdl=25150&refresh=69f73f70d76f51777811312\">Enero 2024 - N\u00f3mina de Empleados Fijos (XLSX)<\/a>            <\/strong>            <div style=\"font-size: 8pt;padding-top: 1px\"><a href=\"https:\/\/www.inespre.gob.do\/transparencia\/download\/enero-2024-nomina-de-empleados-fijos-xlsx\/?wpdmdl=25150&refresh=69f73f70d76f51777811312\">Descargar<\/a> <i style=\"margin: 4px 0 0 5px;opacity:0.5\"                                                           class=\"fa fa-th-large\"><\/i> 368.63 KB            <\/div>        <\/div>    <\/div><\/div><\/div><script>jQuery(function(){jQuery('.link-btn a.wpdm-download-link img').after('Descargar');jQuery('.link-btn a.wpdm-download-link img').remove();});<\/script>\n<p><strong>Publicado: 15 de febrero, 2024 <\/strong><br \/>\n        <div class=\"w3eden clear\" align=\"right\"><div class=\"link-btn light\">    <div class=\"media\">        <div class=\"pull-left wbt-left\"><div class=\"wbt-icon\"><img decoding=\"async\" class=\"wpdm_icon\" alt=\"Icono\"   src=\"https:\/\/www.inespre.gov.do\/transparencia\/wp-content\/plugins\/download-manager\/assets\/file-type-icons\/pdf.svg\" \/><\/div><\/div>        <div class=\"pull-left text-left wbt-content\"><strong class=\"ptitle\">                <a href=\"https:\/\/www.inespre.gob.do\/transparencia\/download\/enero-2024-nomina-de-empleados-fijos-pdf\/?wpdmdl=25149&refresh=69f73f70d7a7b1777811312\">Enero 2024 - N\u00f3mina de Empleados Fijos (PDF)<\/a>            <\/strong>            <div style=\"font-size: 8pt;padding-top: 1px\"><a href=\"https:\/\/www.inespre.gob.do\/transparencia\/download\/enero-2024-nomina-de-empleados-fijos-pdf\/?wpdmdl=25149&refresh=69f73f70d7a7b1777811312\">Descargar<\/a> <i style=\"margin: 4px 0 0 5px;opacity:0.5\"                                                           class=\"fa fa-th-large\"><\/i> 986.82 KB            <\/div>        <\/div>    <\/div><\/div><\/div><script>jQuery(function(){jQuery('.link-btn a.wpdm-download-link img').after('Descargar');jQuery('.link-btn a.wpdm-download-link img').remove();});<\/script>\n<p><strong>Publicado: 15 de febrero, 2024 <\/strong><br \/>\n        <div class=\"w3eden clear\" align=\"right\"><div class=\"link-btn light\">    <div class=\"media\">        <div class=\"pull-left wbt-left\"><div class=\"wbt-icon\"><img decoding=\"async\" class=\"wpdm_icon\" alt=\"Icono\"   src=\"https:\/\/www.inespre.gov.do\/transparencia\/wp-content\/plugins\/download-manager\/assets\/file-type-icons\/xlsx2.svg\" \/><\/div><\/div>        <div class=\"pull-left text-left wbt-content\"><strong class=\"ptitle\">                <a href=\"https:\/\/www.inespre.gob.do\/transparencia\/download\/enero-2024-nomina-complementaria-xlsx\/?wpdmdl=25151&refresh=69f73f70d7de61777811312\">Enero 2024 - N\u00f3mina Complementaria (XLSX)<\/a>            <\/strong>            <div style=\"font-size: 8pt;padding-top: 1px\"><a href=\"https:\/\/www.inespre.gob.do\/transparencia\/download\/enero-2024-nomina-complementaria-xlsx\/?wpdmdl=25151&refresh=69f73f70d7de61777811312\">Descargar<\/a> <i style=\"margin: 4px 0 0 5px;opacity:0.5\"                                                           class=\"fa fa-th-large\"><\/i> 134.09 KB            <\/div>        <\/div>    <\/div><\/div><\/div><script>jQuery(function(){jQuery('.link-btn a.wpdm-download-link img').after('Descargar');jQuery('.link-btn a.wpdm-download-link img').remove();});<\/script>\n<p><strong>Publicado: 15 de febrero, 2024 <\/strong><br \/>\n        <div class=\"w3eden clear\" align=\"right\"><div class=\"link-btn light\">    <div class=\"media\">        <div class=\"pull-left wbt-left\"><div class=\"wbt-icon\"><img decoding=\"async\" class=\"wpdm_icon\" alt=\"Icono\"   src=\"https:\/\/www.inespre.gov.do\/transparencia\/wp-content\/plugins\/download-manager\/assets\/file-type-icons\/pdf.svg\" \/><\/div><\/div>        <div class=\"pull-left text-left wbt-content\"><strong class=\"ptitle\">                <a href=\"https:\/\/www.inespre.gob.do\/transparencia\/download\/enero-2024-nomina-complementaria-pdf\/?wpdmdl=25152&refresh=69f73f70d813d1777811312\">Enero 2024 - N\u00f3mina Complementaria (PDF)<\/a>            <\/strong>            <div style=\"font-size: 8pt;padding-top: 1px\"><a href=\"https:\/\/www.inespre.gob.do\/transparencia\/download\/enero-2024-nomina-complementaria-pdf\/?wpdmdl=25152&refresh=69f73f70d813d1777811312\">Descargar<\/a> <i style=\"margin: 4px 0 0 5px;opacity:0.5\"                                                           class=\"fa fa-th-large\"><\/i> 242.20 KB            <\/div>        <\/div>    <\/div><\/div><\/div><script>jQuery(function(){jQuery('.link-btn a.wpdm-download-link img').after('Descargar');jQuery('.link-btn a.wpdm-download-link img').remove();});<\/script>\n<p><strong>Publicado: 15 de febrero, 2024 <\/strong><\/p>\n<\/p>\r\n        <\/div> <!-- \/ tabs_item -->\r\n                <div class=\"tabs_item\">\r\n            <p><h4 id=\"2023\"><strong><span style=\"color: #003300;\">2023<\/span><\/strong><\/h4>\n<h5>N\u00f3mina de Empleados Fijos y contratados<\/h5>\n<hr \/>\n<h5>Diciembre<\/h5>\n\n        <div class=\"w3eden clear\" align=\"right\"><div class=\"link-btn light\">    <div class=\"media\">        <div class=\"pull-left wbt-left\"><div class=\"wbt-icon\"><img decoding=\"async\" class=\"wpdm_icon\" alt=\"Icono\"   src=\"https:\/\/www.inespre.gov.do\/transparencia\/wp-content\/plugins\/download-manager\/assets\/file-type-icons\/txt.svg\" \/><\/div><\/div>        <div class=\"pull-left text-left wbt-content\"><strong class=\"ptitle\">                <a href=\"https:\/\/www.inespre.gob.do\/transparencia\/download\/esta-institucion-no-tiene-personal-contratado-en-diciembre-2023\/?wpdmdl=24818&refresh=69f73f70d84d81777811312\">Esta instituci\u00f3n no tiene personal contratado en diciembre 2023<\/a>            <\/strong>            <div style=\"font-size: 8pt;padding-top: 1px\"><a href=\"https:\/\/www.inespre.gob.do\/transparencia\/download\/esta-institucion-no-tiene-personal-contratado-en-diciembre-2023\/?wpdmdl=24818&refresh=69f73f70d84d81777811312\">Descargar<\/a> <i style=\"margin: 4px 0 0 5px;opacity:0.5\"                                                           class=\"fa fa-th-large\"><\/i> 0.07 KB            <\/div>        <\/div>    <\/div><\/div><\/div><script>jQuery(function(){jQuery('.link-btn a.wpdm-download-link img').after('Descargar');jQuery('.link-btn a.wpdm-download-link img').remove();});<\/script><br \/>\n<strong>Publicado: 17 de enero, 2024 <\/strong><br \/>\n        <div class=\"w3eden clear\" align=\"right\"><div class=\"link-btn light\">    <div class=\"media\">        <div class=\"pull-left wbt-left\"><div class=\"wbt-icon\"><img decoding=\"async\" class=\"wpdm_icon\" alt=\"Icono\"   src=\"https:\/\/www.inespre.gov.do\/transparencia\/wp-content\/plugins\/download-manager\/assets\/file-type-icons\/xlsx2.svg\" \/><\/div><\/div>        <div class=\"pull-left text-left wbt-content\"><strong class=\"ptitle\">                <a href=\"https:\/\/www.inespre.gob.do\/transparencia\/download\/diciembre-2023-nomina-de-empleados-fijos-xlsx\/?wpdmdl=24816&refresh=69f73f70d886c1777811312\">Diciembre 2023 - N\u00f3mina de Empleados Fijos (XLSX)<\/a>            <\/strong>            <div style=\"font-size: 8pt;padding-top: 1px\"><a href=\"https:\/\/www.inespre.gob.do\/transparencia\/download\/diciembre-2023-nomina-de-empleados-fijos-xlsx\/?wpdmdl=24816&refresh=69f73f70d886c1777811312\">Descargar<\/a> <i style=\"margin: 4px 0 0 5px;opacity:0.5\"                                                           class=\"fa fa-th-large\"><\/i> 369.52 KB            <\/div>        <\/div>    <\/div><\/div><\/div><script>jQuery(function(){jQuery('.link-btn a.wpdm-download-link img').after('Descargar');jQuery('.link-btn a.wpdm-download-link img').remove();});<\/script><br \/>\n<strong>Publicado: 17 de enero, 2024 <\/strong><br \/>\n        <div class=\"w3eden clear\" align=\"right\"><div class=\"link-btn light\">    <div class=\"media\">        <div class=\"pull-left wbt-left\"><div class=\"wbt-icon\"><img decoding=\"async\" class=\"wpdm_icon\" alt=\"Icono\"   src=\"https:\/\/www.inespre.gov.do\/transparencia\/wp-content\/plugins\/download-manager\/assets\/file-type-icons\/pdf.svg\" \/><\/div><\/div>        <div class=\"pull-left text-left wbt-content\"><strong class=\"ptitle\">                <a href=\"https:\/\/www.inespre.gob.do\/transparencia\/download\/diciembre-2023-nomina-de-empleados-fijos-pdf\/?wpdmdl=24817&refresh=69f73f70d8bc21777811312\">Diciembre 2023 - N\u00f3mina de Empleados Fijos (PDF)<\/a>            <\/strong>            <div style=\"font-size: 8pt;padding-top: 1px\"><a href=\"https:\/\/www.inespre.gob.do\/transparencia\/download\/diciembre-2023-nomina-de-empleados-fijos-pdf\/?wpdmdl=24817&refresh=69f73f70d8bc21777811312\">Descargar<\/a> <i style=\"margin: 4px 0 0 5px;opacity:0.5\"                                                           class=\"fa fa-th-large\"><\/i> 985.83 KB            <\/div>        <\/div>    <\/div><\/div><\/div><script>jQuery(function(){jQuery('.link-btn a.wpdm-download-link img').after('Descargar');jQuery('.link-btn a.wpdm-download-link img').remove();});<\/script><br \/>\n<strong>Publicado: 17 de enero, 2024 <\/strong><br \/>\n        <div class=\"w3eden clear\" align=\"right\"><div class=\"link-btn light\">    <div class=\"media\">        <div class=\"pull-left wbt-left\"><div class=\"wbt-icon\"><img decoding=\"async\" class=\"wpdm_icon\" alt=\"Icono\"   src=\"https:\/\/www.inespre.gov.do\/transparencia\/wp-content\/plugins\/download-manager\/assets\/file-type-icons\/xlsx2.svg\" \/><\/div><\/div>        <div class=\"pull-left text-left wbt-content\"><strong class=\"ptitle\">                <a href=\"https:\/\/www.inespre.gob.do\/transparencia\/download\/diciembre-2023-nomina-complementaria-xlsx\/?wpdmdl=24819&refresh=69f73f70d8f0a1777811312\">Diciembre 2023 - N\u00f3mina Complementaria (XLSX)<\/a>            <\/strong>            <div style=\"font-size: 8pt;padding-top: 1px\"><a href=\"https:\/\/www.inespre.gob.do\/transparencia\/download\/diciembre-2023-nomina-complementaria-xlsx\/?wpdmdl=24819&refresh=69f73f70d8f0a1777811312\">Descargar<\/a> <i style=\"margin: 4px 0 0 5px;opacity:0.5\"                                                           class=\"fa fa-th-large\"><\/i> 133.06 KB            <\/div>        <\/div>    <\/div><\/div><\/div><script>jQuery(function(){jQuery('.link-btn a.wpdm-download-link img').after('Descargar');jQuery('.link-btn a.wpdm-download-link img').remove();});<\/script><br \/>\n<strong>Publicado: 17 de enero, 2024 <\/strong><br \/>\n        <div class=\"w3eden clear\" align=\"right\"><div class=\"link-btn light\">    <div class=\"media\">        <div class=\"pull-left wbt-left\"><div class=\"wbt-icon\"><img decoding=\"async\" class=\"wpdm_icon\" alt=\"Icono\"   src=\"https:\/\/www.inespre.gov.do\/transparencia\/wp-content\/plugins\/download-manager\/assets\/file-type-icons\/pdf.svg\" \/><\/div><\/div>        <div class=\"pull-left text-left wbt-content\"><strong class=\"ptitle\">                <a href=\"https:\/\/www.inespre.gob.do\/transparencia\/download\/diciembre-2023-nomina-complementaria-pdf\/?wpdmdl=24820&refresh=69f73f70d926b1777811312\">Diciembre 2023 - N\u00f3mina Complementaria (PDF)<\/a>            <\/strong>            <div style=\"font-size: 8pt;padding-top: 1px\"><a href=\"https:\/\/www.inespre.gob.do\/transparencia\/download\/diciembre-2023-nomina-complementaria-pdf\/?wpdmdl=24820&refresh=69f73f70d926b1777811312\">Descargar<\/a> <i style=\"margin: 4px 0 0 5px;opacity:0.5\"                                                           class=\"fa fa-th-large\"><\/i> 538.07 KB            <\/div>        <\/div>    <\/div><\/div><\/div><script>jQuery(function(){jQuery('.link-btn a.wpdm-download-link img').after('Descargar');jQuery('.link-btn a.wpdm-download-link img').remove();});<\/script><br \/>\n<strong>Publicado: 17 de enero, 2024 <\/strong><br \/>\n<hr \/>\n<h5>Noviembre<\/h5>\n\n        <div class=\"w3eden clear\" align=\"right\"><div class=\"link-btn light\">    <div class=\"media\">        <div class=\"pull-left wbt-left\"><div class=\"wbt-icon\"><img decoding=\"async\" class=\"wpdm_icon\" alt=\"Icono\"   src=\"https:\/\/www.inespre.gov.do\/transparencia\/wp-content\/plugins\/download-manager\/assets\/file-type-icons\/txt.svg\" \/><\/div><\/div>        <div class=\"pull-left text-left wbt-content\"><strong class=\"ptitle\">                <a href=\"https:\/\/www.inespre.gob.do\/transparencia\/download\/esta-institucion-no-tiene-personal-contratado-en-noviembre-2023\/?wpdmdl=24646&refresh=69f73f70d95da1777811312\">Esta institucion no tiene personal contratado en noviembre 2023<\/a>            <\/strong>            <div style=\"font-size: 8pt;padding-top: 1px\"><a href=\"https:\/\/www.inespre.gob.do\/transparencia\/download\/esta-institucion-no-tiene-personal-contratado-en-noviembre-2023\/?wpdmdl=24646&refresh=69f73f70d95da1777811312\">Descargar<\/a> <i style=\"margin: 4px 0 0 5px;opacity:0.5\"                                                           class=\"fa fa-th-large\"><\/i> 0.07 KB            <\/div>        <\/div>    <\/div><\/div><\/div><script>jQuery(function(){jQuery('.link-btn a.wpdm-download-link img').after('Descargar');jQuery('.link-btn a.wpdm-download-link img').remove();});<\/script><br \/>\n<strong>Publicado: 08 de diciembre, 2023 <\/strong><br \/>\n        <div class=\"w3eden clear\" align=\"right\"><div class=\"link-btn light\">    <div class=\"media\">        <div class=\"pull-left wbt-left\"><div class=\"wbt-icon\"><img decoding=\"async\" class=\"wpdm_icon\" alt=\"Icono\"   src=\"https:\/\/www.inespre.gov.do\/transparencia\/wp-content\/plugins\/download-manager\/assets\/file-type-icons\/xlsx2.svg\" \/><\/div><\/div>        <div class=\"pull-left text-left wbt-content\"><strong class=\"ptitle\">                <a href=\"https:\/\/www.inespre.gob.do\/transparencia\/download\/noviembre-2023-nomina-de-empleados-fijos-xlsx\/?wpdmdl=24648&refresh=69f73f70d99271777811312\">Noviembre 2023 - N\u00f3mina de Empleados Fijos (XLSX)<\/a>            <\/strong>            <div style=\"font-size: 8pt;padding-top: 1px\"><a href=\"https:\/\/www.inespre.gob.do\/transparencia\/download\/noviembre-2023-nomina-de-empleados-fijos-xlsx\/?wpdmdl=24648&refresh=69f73f70d99271777811312\">Descargar<\/a> <i style=\"margin: 4px 0 0 5px;opacity:0.5\"                                                           class=\"fa fa-th-large\"><\/i> 371.51 KB            <\/div>        <\/div>    <\/div><\/div><\/div><script>jQuery(function(){jQuery('.link-btn a.wpdm-download-link img').after('Descargar');jQuery('.link-btn a.wpdm-download-link img').remove();});<\/script><br \/>\n<strong>Publicado: 08 de diciembre, 2023 <\/strong><br \/>\n        <div class=\"w3eden clear\" align=\"right\"><div class=\"link-btn light\">    <div class=\"media\">        <div class=\"pull-left wbt-left\"><div class=\"wbt-icon\"><img decoding=\"async\" class=\"wpdm_icon\" alt=\"Icono\"   src=\"https:\/\/www.inespre.gov.do\/transparencia\/wp-content\/plugins\/download-manager\/assets\/file-type-icons\/pdf.svg\" \/><\/div><\/div>        <div class=\"pull-left text-left wbt-content\"><strong class=\"ptitle\">                <a href=\"https:\/\/www.inespre.gob.do\/transparencia\/download\/noviembre-2023-nomina-de-empleados-fijos-pdf\/?wpdmdl=24647&refresh=69f73f70d9c681777811312\">Noviembre 2023 - N\u00f3mina de Empleados Fijos (PDF)<\/a>            <\/strong>            <div style=\"font-size: 8pt;padding-top: 1px\"><a href=\"https:\/\/www.inespre.gob.do\/transparencia\/download\/noviembre-2023-nomina-de-empleados-fijos-pdf\/?wpdmdl=24647&refresh=69f73f70d9c681777811312\">Descargar<\/a> <i style=\"margin: 4px 0 0 5px;opacity:0.5\"                                                           class=\"fa fa-th-large\"><\/i> 988.29 KB            <\/div>        <\/div>    <\/div><\/div><\/div><script>jQuery(function(){jQuery('.link-btn a.wpdm-download-link img').after('Descargar');jQuery('.link-btn a.wpdm-download-link img').remove();});<\/script><br \/>\n<strong>Publicado: 08 de diciembre, 2023 <\/strong><br \/>\n        <div class=\"w3eden clear\" align=\"right\"><div class=\"link-btn light\">    <div class=\"media\">        <div class=\"pull-left wbt-left\"><div class=\"wbt-icon\"><img decoding=\"async\" class=\"wpdm_icon\" alt=\"Icono\"   src=\"https:\/\/www.inespre.gov.do\/transparencia\/wp-content\/plugins\/download-manager\/assets\/file-type-icons\/xlsx2.svg\" \/><\/div><\/div>        <div class=\"pull-left text-left wbt-content\"><strong class=\"ptitle\">                <a href=\"https:\/\/www.inespre.gob.do\/transparencia\/download\/noviembre-2023-nomina-complementaria-xlsx\/?wpdmdl=24649&refresh=69f73f70d9fb31777811312\">Noviembre 2023 - N\u00f3mina Complementaria (XLSX)<\/a>            <\/strong>            <div style=\"font-size: 8pt;padding-top: 1px\"><a href=\"https:\/\/www.inespre.gob.do\/transparencia\/download\/noviembre-2023-nomina-complementaria-xlsx\/?wpdmdl=24649&refresh=69f73f70d9fb31777811312\">Descargar<\/a> <i style=\"margin: 4px 0 0 5px;opacity:0.5\"                                                           class=\"fa fa-th-large\"><\/i> 159.95 KB            <\/div>        <\/div>    <\/div><\/div><\/div><script>jQuery(function(){jQuery('.link-btn a.wpdm-download-link img').after('Descargar');jQuery('.link-btn a.wpdm-download-link img').remove();});<\/script><br \/>\n<strong>Publicado: 08 de diciembre, 2023 <\/strong><br \/>\n        <div class=\"w3eden clear\" align=\"right\"><div class=\"link-btn light\">    <div class=\"media\">        <div class=\"pull-left wbt-left\"><div class=\"wbt-icon\"><img decoding=\"async\" class=\"wpdm_icon\" alt=\"Icono\"   src=\"https:\/\/www.inespre.gov.do\/transparencia\/wp-content\/plugins\/download-manager\/assets\/file-type-icons\/pdf.svg\" \/><\/div><\/div>        <div class=\"pull-left text-left wbt-content\"><strong class=\"ptitle\">                <a href=\"https:\/\/www.inespre.gob.do\/transparencia\/download\/noviembre-2023-nomina-complementaria-pdf\/?wpdmdl=24650&refresh=69f73f70da30f1777811312\">Noviembre 2023 - N\u00f3mina Complementaria (PDF)<\/a>            <\/strong>            <div style=\"font-size: 8pt;padding-top: 1px\"><a href=\"https:\/\/www.inespre.gob.do\/transparencia\/download\/noviembre-2023-nomina-complementaria-pdf\/?wpdmdl=24650&refresh=69f73f70da30f1777811312\">Descargar<\/a> <i style=\"margin: 4px 0 0 5px;opacity:0.5\"                                                           class=\"fa fa-th-large\"><\/i> 535.42 KB            <\/div>        <\/div>    <\/div><\/div><\/div><script>jQuery(function(){jQuery('.link-btn a.wpdm-download-link img').after('Descargar');jQuery('.link-btn a.wpdm-download-link img').remove();});<\/script><br \/>\n<strong>Publicado: 08 de diciembre, 2023 <\/strong><br \/>\n<hr \/>\n<h5>Octubre<\/h5>\n\n        <div class=\"w3eden clear\" align=\"right\"><div class=\"link-btn light\">    <div class=\"media\">        <div class=\"pull-left wbt-left\"><div class=\"wbt-icon\"><img decoding=\"async\" class=\"wpdm_icon\" alt=\"Icono\"   src=\"https:\/\/www.inespre.gov.do\/transparencia\/wp-content\/plugins\/download-manager\/assets\/file-type-icons\/txt.svg\" \/><\/div><\/div>        <div class=\"pull-left text-left wbt-content\"><strong class=\"ptitle\">                <a href=\"https:\/\/www.inespre.gob.do\/transparencia\/download\/esta-institucion-no-tiene-personal-contratado-en-octubre-2023\/?wpdmdl=24592&refresh=69f73f70da68b1777811312\">Esta instituci\u00f3n no tiene personal contratado en octubre 2023<\/a>            <\/strong>            <div style=\"font-size: 8pt;padding-top: 1px\"><a href=\"https:\/\/www.inespre.gob.do\/transparencia\/download\/esta-institucion-no-tiene-personal-contratado-en-octubre-2023\/?wpdmdl=24592&refresh=69f73f70da68b1777811312\">Descargar<\/a> <i style=\"margin: 4px 0 0 5px;opacity:0.5\"                                                           class=\"fa fa-th-large\"><\/i> 0.06 KB            <\/div>        <\/div>    <\/div><\/div><\/div><script>jQuery(function(){jQuery('.link-btn a.wpdm-download-link img').after('Descargar');jQuery('.link-btn a.wpdm-download-link img').remove();});<\/script><br \/>\n<strong>Publicado: 18 de noviembre, 2023 <\/strong><br \/>\n        <div class=\"w3eden clear\" align=\"right\"><div class=\"link-btn light\">    <div class=\"media\">        <div class=\"pull-left wbt-left\"><div class=\"wbt-icon\"><img decoding=\"async\" class=\"wpdm_icon\" alt=\"Icono\"   src=\"https:\/\/www.inespre.gov.do\/transparencia\/wp-content\/plugins\/download-manager\/assets\/file-type-icons\/xlsx2.svg\" \/><\/div><\/div>        <div class=\"pull-left text-left wbt-content\"><strong class=\"ptitle\">                <a href=\"https:\/\/www.inespre.gob.do\/transparencia\/download\/octubre-2023-nomina-de-empleados-fijos-xlsx\/?wpdmdl=24591&refresh=69f73f70da9d81777811312\">Octubre 2023 - N\u00f3mina de Empleados Fijos (XLSX)<\/a>            <\/strong>            <div style=\"font-size: 8pt;padding-top: 1px\"><a href=\"https:\/\/www.inespre.gob.do\/transparencia\/download\/octubre-2023-nomina-de-empleados-fijos-xlsx\/?wpdmdl=24591&refresh=69f73f70da9d81777811312\">Descargar<\/a> <i style=\"margin: 4px 0 0 5px;opacity:0.5\"                                                           class=\"fa fa-th-large\"><\/i> 369.68 KB            <\/div>        <\/div>    <\/div><\/div><\/div><script>jQuery(function(){jQuery('.link-btn a.wpdm-download-link img').after('Descargar');jQuery('.link-btn a.wpdm-download-link img').remove();});<\/script><br \/>\n<strong>Publicado: 18 de noviembre, 2023 <\/strong><br \/>\n        <div class=\"w3eden clear\" align=\"right\"><div class=\"link-btn light\">    <div class=\"media\">        <div class=\"pull-left wbt-left\"><div class=\"wbt-icon\"><img decoding=\"async\" class=\"wpdm_icon\" alt=\"Icono\"   src=\"https:\/\/www.inespre.gov.do\/transparencia\/wp-content\/plugins\/download-manager\/assets\/file-type-icons\/pdf.svg\" \/><\/div><\/div>        <div class=\"pull-left text-left wbt-content\"><strong class=\"ptitle\">                <a href=\"https:\/\/www.inespre.gob.do\/transparencia\/download\/octubre-2023-nomina-de-empleados-fijos\/?wpdmdl=24590&refresh=69f73f70dad351777811312\">Octubre 2023 - N\u00f3mina de Empleados Fijos (PDF)<\/a>            <\/strong>            <div style=\"font-size: 8pt;padding-top: 1px\"><a href=\"https:\/\/www.inespre.gob.do\/transparencia\/download\/octubre-2023-nomina-de-empleados-fijos\/?wpdmdl=24590&refresh=69f73f70dad351777811312\">Descargar<\/a> <i style=\"margin: 4px 0 0 5px;opacity:0.5\"                                                           class=\"fa fa-th-large\"><\/i> 988.37 KB            <\/div>        <\/div>    <\/div><\/div><\/div><script>jQuery(function(){jQuery('.link-btn a.wpdm-download-link img').after('Descargar');jQuery('.link-btn a.wpdm-download-link img').remove();});<\/script><br \/>\n<strong>Publicado: 18 de noviembre, 2023 <\/strong><br \/>\n        <div class=\"w3eden clear\" align=\"right\"><div class=\"link-btn light\">    <div class=\"media\">        <div class=\"pull-left wbt-left\"><div class=\"wbt-icon\"><img decoding=\"async\" class=\"wpdm_icon\" alt=\"Icono\"   src=\"https:\/\/www.inespre.gov.do\/transparencia\/wp-content\/plugins\/download-manager\/assets\/file-type-icons\/xlsx2.svg\" \/><\/div><\/div>        <div class=\"pull-left text-left wbt-content\"><strong class=\"ptitle\">                <a href=\"https:\/\/www.inespre.gob.do\/transparencia\/download\/octubre-2023-nomina-complementaria-xlsx\/?wpdmdl=24613&refresh=69f73f70db07e1777811312\">Octubre 2023 - N\u00f3mina Complementaria (XLSX)<\/a>            <\/strong>            <div style=\"font-size: 8pt;padding-top: 1px\"><a href=\"https:\/\/www.inespre.gob.do\/transparencia\/download\/octubre-2023-nomina-complementaria-xlsx\/?wpdmdl=24613&refresh=69f73f70db07e1777811312\">Descargar<\/a> <i style=\"margin: 4px 0 0 5px;opacity:0.5\"                                                           class=\"fa fa-th-large\"><\/i> 163.17 KB            <\/div>        <\/div>    <\/div><\/div><\/div><script>jQuery(function(){jQuery('.link-btn a.wpdm-download-link img').after('Descargar');jQuery('.link-btn a.wpdm-download-link img').remove();});<\/script><br \/>\n<strong>Publicado: 28 de noviembre, 2023 <\/strong><br \/>\n        <div class=\"w3eden clear\" align=\"right\"><div class=\"link-btn light\">    <div class=\"media\">        <div class=\"pull-left wbt-left\"><div class=\"wbt-icon\"><img decoding=\"async\" class=\"wpdm_icon\" alt=\"Icono\"   src=\"https:\/\/www.inespre.gov.do\/transparencia\/wp-content\/plugins\/download-manager\/assets\/file-type-icons\/pdf.svg\" \/><\/div><\/div>        <div class=\"pull-left text-left wbt-content\"><strong class=\"ptitle\">                <a href=\"https:\/\/www.inespre.gob.do\/transparencia\/download\/octubre-2023-nomina-complementaria-pdf\/?wpdmdl=24612&refresh=69f73f70db3bb1777811312\">Octubre 2023 - N\u00f3mina Complementaria (PDF)<\/a>            <\/strong>            <div style=\"font-size: 8pt;padding-top: 1px\"><a href=\"https:\/\/www.inespre.gob.do\/transparencia\/download\/octubre-2023-nomina-complementaria-pdf\/?wpdmdl=24612&refresh=69f73f70db3bb1777811312\">Descargar<\/a> <i style=\"margin: 4px 0 0 5px;opacity:0.5\"                                                           class=\"fa fa-th-large\"><\/i> 572.20 KB            <\/div>        <\/div>    <\/div><\/div><\/div><script>jQuery(function(){jQuery('.link-btn a.wpdm-download-link img').after('Descargar');jQuery('.link-btn a.wpdm-download-link img').remove();});<\/script><br \/>\n<strong>Publicado: 28 de noviembre, 2023 <\/strong><br \/>\n\n<hr \/>\n<h5>Septiembre<\/h5>\n\n        <div class=\"w3eden clear\" align=\"right\"><div class=\"link-btn light\">    <div class=\"media\">        <div class=\"pull-left wbt-left\"><div class=\"wbt-icon\"><img decoding=\"async\" class=\"wpdm_icon\" alt=\"Icono\"   src=\"https:\/\/www.inespre.gov.do\/transparencia\/wp-content\/plugins\/download-manager\/assets\/file-type-icons\/txt.svg\" \/><\/div><\/div>        <div class=\"pull-left text-left wbt-content\"><strong class=\"ptitle\">                <a href=\"https:\/\/www.inespre.gob.do\/transparencia\/download\/esta-institucion-no-tiene-personal-contratado-en-septiembre-2023-2\/?wpdmdl=24377&refresh=69f73f70db73b1777811312\">Esta instituci\u00f3n no tiene personal contratado en septiembre 2023<\/a>            <\/strong>            <div style=\"font-size: 8pt;padding-top: 1px\"><a href=\"https:\/\/www.inespre.gob.do\/transparencia\/download\/esta-institucion-no-tiene-personal-contratado-en-septiembre-2023-2\/?wpdmdl=24377&refresh=69f73f70db73b1777811312\">Descargar<\/a> <i style=\"margin: 4px 0 0 5px;opacity:0.5\"                                                           class=\"fa fa-th-large\"><\/i> 0.07 KB            <\/div>        <\/div>    <\/div><\/div><\/div><script>jQuery(function(){jQuery('.link-btn a.wpdm-download-link img').after('Descargar');jQuery('.link-btn a.wpdm-download-link img').remove();});<\/script><br \/>\n<strong>Publicado: 16 de octubre, 2023 <\/strong><br \/>\n        <div class=\"w3eden clear\" align=\"right\"><div class=\"link-btn light\">    <div class=\"media\">        <div class=\"pull-left wbt-left\"><div class=\"wbt-icon\"><img decoding=\"async\" class=\"wpdm_icon\" alt=\"Icono\"   src=\"https:\/\/www.inespre.gov.do\/transparencia\/wp-content\/plugins\/download-manager\/assets\/file-type-icons\/xlsx2.svg\" \/><\/div><\/div>        <div class=\"pull-left text-left wbt-content\"><strong class=\"ptitle\">                <a href=\"https:\/\/www.inespre.gob.do\/transparencia\/download\/septiembre-2023-nomina-de-empleados-fijos-xlsx\/?wpdmdl=24364&refresh=69f73f70dbab41777811312\">Septiembre 2023 - N\u00f3mina de Empleados Fijos (XLSX)<\/a>            <\/strong>            <div style=\"font-size: 8pt;padding-top: 1px\"><a href=\"https:\/\/www.inespre.gob.do\/transparencia\/download\/septiembre-2023-nomina-de-empleados-fijos-xlsx\/?wpdmdl=24364&refresh=69f73f70dbab41777811312\">Descargar<\/a> <i style=\"margin: 4px 0 0 5px;opacity:0.5\"                                                           class=\"fa fa-th-large\"><\/i> 370.49 KB            <\/div>        <\/div>    <\/div><\/div><\/div><script>jQuery(function(){jQuery('.link-btn a.wpdm-download-link img').after('Descargar');jQuery('.link-btn a.wpdm-download-link img').remove();});<\/script><br \/>\n<strong>Publicado: 16 de octubre, 2023 <\/strong><br \/>\n        <div class=\"w3eden clear\" align=\"right\"><div class=\"link-btn light\">    <div class=\"media\">        <div class=\"pull-left wbt-left\"><div class=\"wbt-icon\"><img decoding=\"async\" class=\"wpdm_icon\" alt=\"Icono\"   src=\"https:\/\/www.inespre.gov.do\/transparencia\/wp-content\/plugins\/download-manager\/assets\/file-type-icons\/pdf.svg\" \/><\/div><\/div>        <div class=\"pull-left text-left wbt-content\"><strong class=\"ptitle\">                <a href=\"https:\/\/www.inespre.gob.do\/transparencia\/download\/septiembre-2023-nomina-de-empleados-fijos-pdf\/?wpdmdl=24365&refresh=69f73f70dbe391777811312\">Septiembre 2023 - N\u00f3mina de Empleados Fijos (PDF)<\/a>            <\/strong>            <div style=\"font-size: 8pt;padding-top: 1px\"><a href=\"https:\/\/www.inespre.gob.do\/transparencia\/download\/septiembre-2023-nomina-de-empleados-fijos-pdf\/?wpdmdl=24365&refresh=69f73f70dbe391777811312\">Descargar<\/a> <i style=\"margin: 4px 0 0 5px;opacity:0.5\"                                                           class=\"fa fa-th-large\"><\/i> 1.00 MB            <\/div>        <\/div>    <\/div><\/div><\/div><script>jQuery(function(){jQuery('.link-btn a.wpdm-download-link img').after('Descargar');jQuery('.link-btn a.wpdm-download-link img').remove();});<\/script><br \/>\n<strong>Publicado: 16 de octubre, 2023 <\/strong><br \/>\n<hr \/>\n<h5>Agosto<\/h5>\n\n        <div class=\"w3eden clear\" align=\"right\"><div class=\"link-btn light\">    <div class=\"media\">        <div class=\"pull-left wbt-left\"><div class=\"wbt-icon\"><img decoding=\"async\" class=\"wpdm_icon\" alt=\"Icono\"   src=\"https:\/\/www.inespre.gov.do\/transparencia\/wp-content\/plugins\/download-manager\/assets\/file-type-icons\/txt.svg\" \/><\/div><\/div>        <div class=\"pull-left text-left wbt-content\"><strong class=\"ptitle\">                <a href=\"https:\/\/www.inespre.gob.do\/transparencia\/download\/esta-institucion-no-tiene-personal-contratado-en-agosto-2023\/?wpdmdl=24102&refresh=69f73f70dc1831777811312\">Esta instituci\u00f3n no tiene personal contratado en agosto 2023<\/a>            <\/strong>            <div style=\"font-size: 8pt;padding-top: 1px\"><a href=\"https:\/\/www.inespre.gob.do\/transparencia\/download\/esta-institucion-no-tiene-personal-contratado-en-agosto-2023\/?wpdmdl=24102&refresh=69f73f70dc1831777811312\">Descargar<\/a> <i style=\"margin: 4px 0 0 5px;opacity:0.5\"                                                           class=\"fa fa-th-large\"><\/i> 0.06 KB            <\/div>        <\/div>    <\/div><\/div><\/div><script>jQuery(function(){jQuery('.link-btn a.wpdm-download-link img').after('Descargar');jQuery('.link-btn a.wpdm-download-link img').remove();});<\/script><br \/>\n<strong>Publicado: 17 de septiembre, 2023 <\/strong><br \/>\n        <div class=\"w3eden clear\" align=\"right\"><div class=\"link-btn light\">    <div class=\"media\">        <div class=\"pull-left wbt-left\"><div class=\"wbt-icon\"><img decoding=\"async\" class=\"wpdm_icon\" alt=\"Icono\"   src=\"https:\/\/www.inespre.gov.do\/transparencia\/wp-content\/plugins\/download-manager\/assets\/file-type-icons\/pdf.svg\" \/><\/div><\/div>        <div class=\"pull-left text-left wbt-content\"><strong class=\"ptitle\">                <a href=\"https:\/\/www.inespre.gob.do\/transparencia\/download\/agosto-2023-nomina-de-empleados-fijos-pdf\/?wpdmdl=24101&refresh=69f73f70dc4c01777811312\">Agosto 2023 - N\u00f3mina de Empleados Fijos (PDF)<\/a>            <\/strong>            <div style=\"font-size: 8pt;padding-top: 1px\"><a href=\"https:\/\/www.inespre.gob.do\/transparencia\/download\/agosto-2023-nomina-de-empleados-fijos-pdf\/?wpdmdl=24101&refresh=69f73f70dc4c01777811312\">Descargar<\/a> <i style=\"margin: 4px 0 0 5px;opacity:0.5\"                                                           class=\"fa fa-th-large\"><\/i> 991.43 KB            <\/div>        <\/div>    <\/div><\/div><\/div><script>jQuery(function(){jQuery('.link-btn a.wpdm-download-link img').after('Descargar');jQuery('.link-btn a.wpdm-download-link img').remove();});<\/script><br \/>\n<strong>Publicado: 17 de septiembre, 2023 <\/strong><br \/>\n        <div class=\"w3eden clear\" align=\"right\"><div class=\"link-btn light\">    <div class=\"media\">        <div class=\"pull-left wbt-left\"><div class=\"wbt-icon\"><img decoding=\"async\" class=\"wpdm_icon\" alt=\"Icono\"   src=\"https:\/\/www.inespre.gov.do\/transparencia\/wp-content\/plugins\/download-manager\/assets\/file-type-icons\/xlsx2.svg\" \/><\/div><\/div>        <div class=\"pull-left text-left wbt-content\"><strong class=\"ptitle\">                <a href=\"https:\/\/www.inespre.gob.do\/transparencia\/download\/agosto-2023-nomina-de-empleados-fijos-xlsx\/?wpdmdl=24100&refresh=69f73f70dc81f1777811312\">Agosto 2023 - N\u00f3mina de Empleados Fijos (XLSX)<\/a>            <\/strong>            <div style=\"font-size: 8pt;padding-top: 1px\"><a href=\"https:\/\/www.inespre.gob.do\/transparencia\/download\/agosto-2023-nomina-de-empleados-fijos-xlsx\/?wpdmdl=24100&refresh=69f73f70dc81f1777811312\">Descargar<\/a> <i style=\"margin: 4px 0 0 5px;opacity:0.5\"                                                           class=\"fa fa-th-large\"><\/i> 372.41 KB            <\/div>        <\/div>    <\/div><\/div><\/div><script>jQuery(function(){jQuery('.link-btn a.wpdm-download-link img').after('Descargar');jQuery('.link-btn a.wpdm-download-link img').remove();});<\/script><br \/>\n<strong>Publicado: 17 de septiembre, 2023 <\/strong><br \/>\n<hr \/>\n<h5>Julio<\/h5>\n\n        <div class=\"w3eden clear\" align=\"right\"><div class=\"link-btn light\">    <div class=\"media\">        <div class=\"pull-left wbt-left\"><div class=\"wbt-icon\"><img decoding=\"async\" class=\"wpdm_icon\" alt=\"Icono\"   src=\"https:\/\/www.inespre.gov.do\/transparencia\/wp-content\/plugins\/download-manager\/assets\/file-type-icons\/txt.svg\" \/><\/div><\/div>        <div class=\"pull-left text-left wbt-content\"><strong class=\"ptitle\">                <a href=\"https:\/\/www.inespre.gob.do\/transparencia\/download\/esta-institucion-no-tiene-personal-contratado-en-julio-2023\/?wpdmdl=23950&refresh=69f73f70dcb771777811312\">Esta instituci\u00f3n no tiene personal contratado en julio 2023<\/a>            <\/strong>            <div style=\"font-size: 8pt;padding-top: 1px\"><a href=\"https:\/\/www.inespre.gob.do\/transparencia\/download\/esta-institucion-no-tiene-personal-contratado-en-julio-2023\/?wpdmdl=23950&refresh=69f73f70dcb771777811312\">Descargar<\/a> <i style=\"margin: 4px 0 0 5px;opacity:0.5\"                                                           class=\"fa fa-th-large\"><\/i> 0.06 KB            <\/div>        <\/div>    <\/div><\/div><\/div><script>jQuery(function(){jQuery('.link-btn a.wpdm-download-link img').after('Descargar');jQuery('.link-btn a.wpdm-download-link img').remove();});<\/script><br \/>\n<strong>Publicado: 17 de agosto, 2023 <\/strong><br \/>\n        <div class=\"w3eden clear\" align=\"right\"><div class=\"link-btn light\">    <div class=\"media\">        <div class=\"pull-left wbt-left\"><div class=\"wbt-icon\"><img decoding=\"async\" class=\"wpdm_icon\" alt=\"Icono\"   src=\"https:\/\/www.inespre.gov.do\/transparencia\/wp-content\/plugins\/download-manager\/assets\/file-type-icons\/xlsx2.svg\" \/><\/div><\/div>        <div class=\"pull-left text-left wbt-content\"><strong class=\"ptitle\">                <a href=\"https:\/\/www.inespre.gob.do\/transparencia\/download\/julio-2023-nomina-de-empleados-fijos-xlsx\/?wpdmdl=23947&refresh=69f73f70dcec51777811312\">Julio 2023 - N\u00f3mina de Empleados Fijos (XLSX)<\/a>            <\/strong>            <div style=\"font-size: 8pt;padding-top: 1px\"><a href=\"https:\/\/www.inespre.gob.do\/transparencia\/download\/julio-2023-nomina-de-empleados-fijos-xlsx\/?wpdmdl=23947&refresh=69f73f70dcec51777811312\">Descargar<\/a> <i style=\"margin: 4px 0 0 5px;opacity:0.5\"                                                           class=\"fa fa-th-large\"><\/i> 372.33 KB            <\/div>        <\/div>    <\/div><\/div><\/div><script>jQuery(function(){jQuery('.link-btn a.wpdm-download-link img').after('Descargar');jQuery('.link-btn a.wpdm-download-link img').remove();});<\/script><br \/>\n<strong>Publicado: 17 de agosto, 2023 <\/strong><br \/>\n        <div class=\"w3eden clear\" align=\"right\"><div class=\"link-btn light\">    <div class=\"media\">        <div class=\"pull-left wbt-left\"><div class=\"wbt-icon\"><img decoding=\"async\" class=\"wpdm_icon\" alt=\"Icono\"   src=\"https:\/\/www.inespre.gov.do\/transparencia\/wp-content\/plugins\/download-manager\/assets\/file-type-icons\/pdf.svg\" \/><\/div><\/div>        <div class=\"pull-left text-left wbt-content\"><strong class=\"ptitle\">                <a href=\"https:\/\/www.inespre.gob.do\/transparencia\/download\/julio-2023-nomina-de-empleados-fijos\/?wpdmdl=23946&refresh=69f73f70dd2131777811312\">Julio 2023 - N\u00f3mina de Empleados Fijos<\/a>            <\/strong>            <div style=\"font-size: 8pt;padding-top: 1px\"><a href=\"https:\/\/www.inespre.gob.do\/transparencia\/download\/julio-2023-nomina-de-empleados-fijos\/?wpdmdl=23946&refresh=69f73f70dd2131777811312\">Descargar<\/a> <i style=\"margin: 4px 0 0 5px;opacity:0.5\"                                                           class=\"fa fa-th-large\"><\/i> 997.26 KB            <\/div>        <\/div>    <\/div><\/div><\/div><script>jQuery(function(){jQuery('.link-btn a.wpdm-download-link img').after('Descargar');jQuery('.link-btn a.wpdm-download-link img').remove();});<\/script><br \/>\n<strong>Publicado: 17 de agosto, 2023 <\/strong><br \/>\n<hr \/>\n<h5>Junio<\/h5>\n\n        <div class=\"w3eden clear\" align=\"right\"><div class=\"link-btn light\">    <div class=\"media\">        <div class=\"pull-left wbt-left\"><div class=\"wbt-icon\"><img decoding=\"async\" class=\"wpdm_icon\" alt=\"Icono\"   src=\"https:\/\/www.inespre.gov.do\/transparencia\/wp-content\/plugins\/download-manager\/assets\/file-type-icons\/txt.svg\" \/><\/div><\/div>        <div class=\"pull-left text-left wbt-content\"><strong class=\"ptitle\">                <a href=\"https:\/\/www.inespre.gob.do\/transparencia\/download\/esta-institucion-no-tiene-personal-contratado-en-junio-2023\/?wpdmdl=23803&refresh=69f73f70dd5701777811312\">Esta institucion no tiene personal contratado en junio 2023<\/a>            <\/strong>            <div style=\"font-size: 8pt;padding-top: 1px\"><a href=\"https:\/\/www.inespre.gob.do\/transparencia\/download\/esta-institucion-no-tiene-personal-contratado-en-junio-2023\/?wpdmdl=23803&refresh=69f73f70dd5701777811312\">Descargar<\/a> <i style=\"margin: 4px 0 0 5px;opacity:0.5\"                                                           class=\"fa fa-th-large\"><\/i> 0.06 KB            <\/div>        <\/div>    <\/div><\/div><\/div><script>jQuery(function(){jQuery('.link-btn a.wpdm-download-link img').after('Descargar');jQuery('.link-btn a.wpdm-download-link img').remove();});<\/script><br \/>\n<strong>Publicado: 14 de julio, 2023 <\/strong><br \/>\n        <div class=\"w3eden clear\" align=\"right\"><div class=\"link-btn light\">    <div class=\"media\">        <div class=\"pull-left wbt-left\"><div class=\"wbt-icon\"><img decoding=\"async\" class=\"wpdm_icon\" alt=\"Icono\"   src=\"https:\/\/www.inespre.gov.do\/transparencia\/wp-content\/plugins\/download-manager\/assets\/file-type-icons\/xlsx2.svg\" \/><\/div><\/div>        <div class=\"pull-left text-left wbt-content\"><strong class=\"ptitle\">                <a href=\"https:\/\/www.inespre.gob.do\/transparencia\/download\/junio-2023-nomina-de-empleados-fijos-xlsx\/?wpdmdl=23804&refresh=69f73f70dd8ad1777811312\">Junio 2023 - N\u00f3mina de Empleados Fijos (XLSX)<\/a>            <\/strong>            <div style=\"font-size: 8pt;padding-top: 1px\"><a href=\"https:\/\/www.inespre.gob.do\/transparencia\/download\/junio-2023-nomina-de-empleados-fijos-xlsx\/?wpdmdl=23804&refresh=69f73f70dd8ad1777811312\">Descargar<\/a> <i style=\"margin: 4px 0 0 5px;opacity:0.5\"                                                           class=\"fa fa-th-large\"><\/i> 372.39 KB            <\/div>        <\/div>    <\/div><\/div><\/div><script>jQuery(function(){jQuery('.link-btn a.wpdm-download-link img').after('Descargar');jQuery('.link-btn a.wpdm-download-link img').remove();});<\/script><br \/>\n<strong>Publicado: 14 de julio, 2023 <\/strong><br \/>\n        <div class=\"w3eden clear\" align=\"right\"><div class=\"link-btn light\">    <div class=\"media\">        <div class=\"pull-left wbt-left\"><div class=\"wbt-icon\"><img decoding=\"async\" class=\"wpdm_icon\" alt=\"Icono\"   src=\"https:\/\/www.inespre.gov.do\/transparencia\/wp-content\/plugins\/download-manager\/assets\/file-type-icons\/pdf.svg\" \/><\/div><\/div>        <div class=\"pull-left text-left wbt-content\"><strong class=\"ptitle\">                <a href=\"https:\/\/www.inespre.gob.do\/transparencia\/download\/junio-2023-nomina-de-empleados-fijos-pdf\/?wpdmdl=23805&refresh=69f73f70ddc051777811312\">Junio 2023 - N\u00f3mina de Empleados Fijos (PDF)<\/a>            <\/strong>            <div style=\"font-size: 8pt;padding-top: 1px\"><a href=\"https:\/\/www.inespre.gob.do\/transparencia\/download\/junio-2023-nomina-de-empleados-fijos-pdf\/?wpdmdl=23805&refresh=69f73f70ddc051777811312\">Descargar<\/a> <i style=\"margin: 4px 0 0 5px;opacity:0.5\"                                                           class=\"fa fa-th-large\"><\/i> 973.03 KB            <\/div>        <\/div>    <\/div><\/div><\/div><script>jQuery(function(){jQuery('.link-btn a.wpdm-download-link img').after('Descargar');jQuery('.link-btn a.wpdm-download-link img').remove();});<\/script><br \/>\n<strong>Publicado: 14 de julio, 2023 <\/strong><br \/>\n<hr \/>\n<h5>Mayo<\/h5>\n\n        <div class=\"w3eden clear\" align=\"right\"><div class=\"link-btn light\">    <div class=\"media\">        <div class=\"pull-left wbt-left\"><div class=\"wbt-icon\"><img decoding=\"async\" class=\"wpdm_icon\" alt=\"Icono\"   src=\"https:\/\/www.inespre.gov.do\/transparencia\/wp-content\/plugins\/download-manager\/assets\/file-type-icons\/txt.svg\" \/><\/div><\/div>        <div class=\"pull-left text-left wbt-content\"><strong class=\"ptitle\">                <a href=\"https:\/\/www.inespre.gob.do\/transparencia\/download\/esta-institucion-no-tiene-personal-contratado-en-mayo-2023\/?wpdmdl=23599&refresh=69f73f70ddf511777811312\">Esta instituci\u00f3n no tiene personal contratado en mayo 2023<\/a>            <\/strong>            <div style=\"font-size: 8pt;padding-top: 1px\"><a href=\"https:\/\/www.inespre.gob.do\/transparencia\/download\/esta-institucion-no-tiene-personal-contratado-en-mayo-2023\/?wpdmdl=23599&refresh=69f73f70ddf511777811312\">Descargar<\/a> <i style=\"margin: 4px 0 0 5px;opacity:0.5\"                                                           class=\"fa fa-th-large\"><\/i> 0.06 KB            <\/div>        <\/div>    <\/div><\/div><\/div><script>jQuery(function(){jQuery('.link-btn a.wpdm-download-link img').after('Descargar');jQuery('.link-btn a.wpdm-download-link img').remove();});<\/script><br \/>\n<strong>Publicado: 16 de junio, 2023 <\/strong><br \/>\n        <div class=\"w3eden clear\" align=\"right\"><div class=\"link-btn light\">    <div class=\"media\">        <div class=\"pull-left wbt-left\"><div class=\"wbt-icon\"><img decoding=\"async\" class=\"wpdm_icon\" alt=\"Icono\"   src=\"https:\/\/www.inespre.gov.do\/transparencia\/wp-content\/plugins\/download-manager\/assets\/file-type-icons\/xlsx2.svg\" \/><\/div><\/div>        <div class=\"pull-left text-left wbt-content\"><strong class=\"ptitle\">                <a href=\"https:\/\/www.inespre.gob.do\/transparencia\/download\/mayo-2023-nomina-de-empleados-fijos-xlsx\/?wpdmdl=23597&refresh=69f73f70de2851777811312\">Mayo 2023 - N\u00f3mina de Empleados Fijos (XLSX)<\/a>            <\/strong>            <div style=\"font-size: 8pt;padding-top: 1px\"><a href=\"https:\/\/www.inespre.gob.do\/transparencia\/download\/mayo-2023-nomina-de-empleados-fijos-xlsx\/?wpdmdl=23597&refresh=69f73f70de2851777811312\">Descargar<\/a> <i style=\"margin: 4px 0 0 5px;opacity:0.5\"                                                           class=\"fa fa-th-large\"><\/i> 372.23 KB            <\/div>        <\/div>    <\/div><\/div><\/div><script>jQuery(function(){jQuery('.link-btn a.wpdm-download-link img').after('Descargar');jQuery('.link-btn a.wpdm-download-link img').remove();});<\/script><br \/>\n<strong>Publicado: 16 de junio, 2023 <\/strong><br \/>\n        <div class=\"w3eden clear\" align=\"right\"><div class=\"link-btn light\">    <div class=\"media\">        <div class=\"pull-left wbt-left\"><div class=\"wbt-icon\"><img decoding=\"async\" class=\"wpdm_icon\" alt=\"Icono\"   src=\"https:\/\/www.inespre.gov.do\/transparencia\/wp-content\/plugins\/download-manager\/assets\/file-type-icons\/pdf.svg\" \/><\/div><\/div>        <div class=\"pull-left text-left wbt-content\"><strong class=\"ptitle\">                <a href=\"https:\/\/www.inespre.gob.do\/transparencia\/download\/mayo-2023-nomina-de-empleados-fijos\/?wpdmdl=23596&refresh=69f73f70de5d41777811312\">Mayo 2023 - N\u00f3mina de Empleados Fijos<\/a>            <\/strong>            <div style=\"font-size: 8pt;padding-top: 1px\"><a href=\"https:\/\/www.inespre.gob.do\/transparencia\/download\/mayo-2023-nomina-de-empleados-fijos\/?wpdmdl=23596&refresh=69f73f70de5d41777811312\">Descargar<\/a> <i style=\"margin: 4px 0 0 5px;opacity:0.5\"                                                           class=\"fa fa-th-large\"><\/i> 988.37 KB            <\/div>        <\/div>    <\/div><\/div><\/div><script>jQuery(function(){jQuery('.link-btn a.wpdm-download-link img').after('Descargar');jQuery('.link-btn a.wpdm-download-link img').remove();});<\/script><br \/>\n<strong>Publicado: 16 de junio, 2023 <\/strong><br \/>\n<hr \/>\n<h5>Abril<\/h5>\n\n        <div class=\"w3eden clear\" align=\"right\"><div class=\"link-btn light\">    <div class=\"media\">        <div class=\"pull-left wbt-left\"><div class=\"wbt-icon\"><img decoding=\"async\" class=\"wpdm_icon\" alt=\"Icono\"   src=\"https:\/\/www.inespre.gov.do\/transparencia\/wp-content\/plugins\/download-manager\/assets\/file-type-icons\/txt.svg\" \/><\/div><\/div>        <div class=\"pull-left text-left wbt-content\"><strong class=\"ptitle\">                <a href=\"https:\/\/www.inespre.gob.do\/transparencia\/download\/esta-institucion-no-tiene-personal-contratado-en-abril-2023\/?wpdmdl=23288&refresh=69f73f70de9131777811312\">Esta instituci\u00f3n no tiene personal contratado en abril 2023<\/a>            <\/strong>            <div style=\"font-size: 8pt;padding-top: 1px\"><a href=\"https:\/\/www.inespre.gob.do\/transparencia\/download\/esta-institucion-no-tiene-personal-contratado-en-abril-2023\/?wpdmdl=23288&refresh=69f73f70de9131777811312\">Descargar<\/a> <i style=\"margin: 4px 0 0 5px;opacity:0.5\"                                                           class=\"fa fa-th-large\"><\/i> 0.06 KB            <\/div>        <\/div>    <\/div><\/div><\/div><script>jQuery(function(){jQuery('.link-btn a.wpdm-download-link img').after('Descargar');jQuery('.link-btn a.wpdm-download-link img').remove();});<\/script><br \/>\n<strong>Publicado: 6 de mayo, 2023 <\/strong><br \/>\n        <div class=\"w3eden clear\" align=\"right\"><div class=\"link-btn light\">    <div class=\"media\">        <div class=\"pull-left wbt-left\"><div class=\"wbt-icon\"><img decoding=\"async\" class=\"wpdm_icon\" alt=\"Icono\"   src=\"https:\/\/www.inespre.gov.do\/transparencia\/wp-content\/plugins\/download-manager\/assets\/file-type-icons\/xlsx2.svg\" \/><\/div><\/div>        <div class=\"pull-left text-left wbt-content\"><strong class=\"ptitle\">                <a href=\"https:\/\/www.inespre.gob.do\/transparencia\/download\/abril-2023-nomina-de-empleados-fijos-xlsx\/?wpdmdl=23287&refresh=69f73f70dec4d1777811312\">Abril 2023 - N\u00f3mina de Empleados Fijos (XLSX)<\/a>            <\/strong>            <div style=\"font-size: 8pt;padding-top: 1px\"><a href=\"https:\/\/www.inespre.gob.do\/transparencia\/download\/abril-2023-nomina-de-empleados-fijos-xlsx\/?wpdmdl=23287&refresh=69f73f70dec4d1777811312\">Descargar<\/a> <i style=\"margin: 4px 0 0 5px;opacity:0.5\"                                                           class=\"fa fa-th-large\"><\/i> 374.15 KB            <\/div>        <\/div>    <\/div><\/div><\/div><script>jQuery(function(){jQuery('.link-btn a.wpdm-download-link img').after('Descargar');jQuery('.link-btn a.wpdm-download-link img').remove();});<\/script><br \/>\n<strong>Publicado: 6 de mayo, 2023 <\/strong><br \/>\n        <div class=\"w3eden clear\" align=\"right\"><div class=\"link-btn light\">    <div class=\"media\">        <div class=\"pull-left wbt-left\"><div class=\"wbt-icon\"><img decoding=\"async\" class=\"wpdm_icon\" alt=\"Icono\"   src=\"https:\/\/www.inespre.gov.do\/transparencia\/wp-content\/plugins\/download-manager\/assets\/file-type-icons\/pdf.svg\" \/><\/div><\/div>        <div class=\"pull-left text-left wbt-content\"><strong class=\"ptitle\">                <a href=\"https:\/\/www.inespre.gob.do\/transparencia\/download\/abril-2023-nomina-de-empleados-fijos\/?wpdmdl=23286&refresh=69f73f70def811777811312\">Abril 2023 - N\u00f3mina de Empleados Fijos<\/a>            <\/strong>            <div style=\"font-size: 8pt;padding-top: 1px\"><a href=\"https:\/\/www.inespre.gob.do\/transparencia\/download\/abril-2023-nomina-de-empleados-fijos\/?wpdmdl=23286&refresh=69f73f70def811777811312\">Descargar<\/a> <i style=\"margin: 4px 0 0 5px;opacity:0.5\"                                                           class=\"fa fa-th-large\"><\/i> 1,000.87 KB            <\/div>        <\/div>    <\/div><\/div><\/div><script>jQuery(function(){jQuery('.link-btn a.wpdm-download-link img').after('Descargar');jQuery('.link-btn a.wpdm-download-link img').remove();});<\/script><br \/>\n<strong>Publicado: 6 de mayo, 2023 <\/strong><br \/>\n<hr \/>\n<h5>Marzo<\/h5>\n\n        <div class=\"w3eden clear\" align=\"right\"><div class=\"link-btn light\">    <div class=\"media\">        <div class=\"pull-left wbt-left\"><div class=\"wbt-icon\"><img decoding=\"async\" class=\"wpdm_icon\" alt=\"Icono\"   src=\"https:\/\/www.inespre.gov.do\/transparencia\/wp-content\/plugins\/download-manager\/assets\/file-type-icons\/txt.svg\" \/><\/div><\/div>        <div class=\"pull-left text-left wbt-content\"><strong class=\"ptitle\">                <a href=\"https:\/\/www.inespre.gob.do\/transparencia\/download\/esta-institucion-no-tiene-personal-contratado-en-marzo-2023\/?wpdmdl=23107&refresh=69f73f70df2c11777811312\">Esta instituci\u00f3n no tiene personal contratado en marzo 2023<\/a>            <\/strong>            <div style=\"font-size: 8pt;padding-top: 1px\"><a href=\"https:\/\/www.inespre.gob.do\/transparencia\/download\/esta-institucion-no-tiene-personal-contratado-en-marzo-2023\/?wpdmdl=23107&refresh=69f73f70df2c11777811312\">Descargar<\/a> <i style=\"margin: 4px 0 0 5px;opacity:0.5\"                                                           class=\"fa fa-th-large\"><\/i> 0.06 KB            <\/div>        <\/div>    <\/div><\/div><\/div><script>jQuery(function(){jQuery('.link-btn a.wpdm-download-link img').after('Descargar');jQuery('.link-btn a.wpdm-download-link img').remove();});<\/script><br \/>\n<strong>Publicado: 17 de abril, 2023 <\/strong><br \/>\n        <div class=\"w3eden clear\" align=\"right\"><div class=\"link-btn light\">    <div class=\"media\">        <div class=\"pull-left wbt-left\"><div class=\"wbt-icon\"><img decoding=\"async\" class=\"wpdm_icon\" alt=\"Icono\"   src=\"https:\/\/www.inespre.gov.do\/transparencia\/wp-content\/plugins\/download-manager\/assets\/file-type-icons\/xlsx2.svg\" \/><\/div><\/div>        <div class=\"pull-left text-left wbt-content\"><strong class=\"ptitle\">                <a href=\"https:\/\/www.inespre.gob.do\/transparencia\/download\/marzo-2023-nomina-de-empleados-fijos-xlsx\/?wpdmdl=23105&refresh=69f73f70df5f11777811312\">Marzo 2023 - N\u00f3mina de Empleados Fijos (XLSX)<\/a>            <\/strong>            <div style=\"font-size: 8pt;padding-top: 1px\"><a href=\"https:\/\/www.inespre.gob.do\/transparencia\/download\/marzo-2023-nomina-de-empleados-fijos-xlsx\/?wpdmdl=23105&refresh=69f73f70df5f11777811312\">Descargar<\/a> <i style=\"margin: 4px 0 0 5px;opacity:0.5\"                                                           class=\"fa fa-th-large\"><\/i> 372.53 KB            <\/div>        <\/div>    <\/div><\/div><\/div><script>jQuery(function(){jQuery('.link-btn a.wpdm-download-link img').after('Descargar');jQuery('.link-btn a.wpdm-download-link img').remove();});<\/script><br \/>\n<strong>Publicado: 17 de abril, 2023 <\/strong><br \/>\n        <div class=\"w3eden clear\" align=\"right\"><div class=\"link-btn light\">    <div class=\"media\">        <div class=\"pull-left wbt-left\"><div class=\"wbt-icon\"><img decoding=\"async\" class=\"wpdm_icon\" alt=\"Icono\"   src=\"https:\/\/www.inespre.gov.do\/transparencia\/wp-content\/plugins\/download-manager\/assets\/file-type-icons\/pdf.svg\" \/><\/div><\/div>        <div class=\"pull-left text-left wbt-content\"><strong class=\"ptitle\">                <a href=\"https:\/\/www.inespre.gob.do\/transparencia\/download\/marzo-2023-nomina-de-empleados-fijos\/?wpdmdl=23106&refresh=69f73f70dfa1e1777811312\">Marzo 2023 - N\u00f3mina de Empleados Fijos<\/a>            <\/strong>            <div style=\"font-size: 8pt;padding-top: 1px\"><a href=\"https:\/\/www.inespre.gob.do\/transparencia\/download\/marzo-2023-nomina-de-empleados-fijos\/?wpdmdl=23106&refresh=69f73f70dfa1e1777811312\">Descargar<\/a> <i style=\"margin: 4px 0 0 5px;opacity:0.5\"                                                           class=\"fa fa-th-large\"><\/i> 1.00 MB            <\/div>        <\/div>    <\/div><\/div><\/div><script>jQuery(function(){jQuery('.link-btn a.wpdm-download-link img').after('Descargar');jQuery('.link-btn a.wpdm-download-link img').remove();});<\/script><br \/>\n<strong>Publicado: 17 de abril, 2023 <\/strong><br \/>\n\n<h5>Febrero<\/h5>\n\n        <div class=\"w3eden clear\" align=\"right\"><div class=\"link-btn light\">    <div class=\"media\">        <div class=\"pull-left wbt-left\"><div class=\"wbt-icon\"><img decoding=\"async\" class=\"wpdm_icon\" alt=\"Icono\"   src=\"https:\/\/www.inespre.gov.do\/transparencia\/wp-content\/plugins\/download-manager\/assets\/file-type-icons\/txt.svg\" \/><\/div><\/div>        <div class=\"pull-left text-left wbt-content\"><strong class=\"ptitle\">                <a href=\"https:\/\/www.inespre.gob.do\/transparencia\/download\/esta-institucion-no-tiene-personal-contratado-en-febrero-2023\/?wpdmdl=22843&refresh=69f73f70dfd8e1777811312\">Esta instituci\u00f3n no tiene personal contratado en febrero 2023<\/a>            <\/strong>            <div style=\"font-size: 8pt;padding-top: 1px\"><a href=\"https:\/\/www.inespre.gob.do\/transparencia\/download\/esta-institucion-no-tiene-personal-contratado-en-febrero-2023\/?wpdmdl=22843&refresh=69f73f70dfd8e1777811312\">Descargar<\/a> <i style=\"margin: 4px 0 0 5px;opacity:0.5\"                                                           class=\"fa fa-th-large\"><\/i> 0.06 KB            <\/div>        <\/div>    <\/div><\/div><\/div><script>jQuery(function(){jQuery('.link-btn a.wpdm-download-link img').after('Descargar');jQuery('.link-btn a.wpdm-download-link img').remove();});<\/script><br \/>\n<strong>Publicado: 16 de marzo, 2023 <\/strong><br \/>\n        <div class=\"w3eden clear\" align=\"right\"><div class=\"link-btn light\">    <div class=\"media\">        <div class=\"pull-left wbt-left\"><div class=\"wbt-icon\"><img decoding=\"async\" class=\"wpdm_icon\" alt=\"Icono\"   src=\"https:\/\/www.inespre.gov.do\/transparencia\/wp-content\/plugins\/download-manager\/assets\/file-type-icons\/xlsx2.svg\" \/><\/div><\/div>        <div class=\"pull-left text-left wbt-content\"><strong class=\"ptitle\">                <a href=\"https:\/\/www.inespre.gob.do\/transparencia\/download\/febrero-2023-nomina-de-empleados-fijos-xlsx\/?wpdmdl=22842&refresh=69f73f70e013c1777811312\">Febrero 2023 - N\u00f3mina de Empleados Fijos (XLSX)<\/a>            <\/strong>            <div style=\"font-size: 8pt;padding-top: 1px\"><a href=\"https:\/\/www.inespre.gob.do\/transparencia\/download\/febrero-2023-nomina-de-empleados-fijos-xlsx\/?wpdmdl=22842&refresh=69f73f70e013c1777811312\">Descargar<\/a> <i style=\"margin: 4px 0 0 5px;opacity:0.5\"                                                           class=\"fa fa-th-large\"><\/i> 386.04 KB            <\/div>        <\/div>    <\/div><\/div><\/div><script>jQuery(function(){jQuery('.link-btn a.wpdm-download-link img').after('Descargar');jQuery('.link-btn a.wpdm-download-link img').remove();});<\/script><br \/>\n<strong>Publicado: 16 de marzo, 2023 <\/strong><br \/>\n        <div class=\"w3eden clear\" align=\"right\"><div class=\"link-btn light\">    <div class=\"media\">        <div class=\"pull-left wbt-left\"><div class=\"wbt-icon\"><img decoding=\"async\" class=\"wpdm_icon\" alt=\"Icono\"   src=\"https:\/\/www.inespre.gov.do\/transparencia\/wp-content\/plugins\/download-manager\/assets\/file-type-icons\/pdf.svg\" \/><\/div><\/div>        <div class=\"pull-left text-left wbt-content\"><strong class=\"ptitle\">                <a href=\"https:\/\/www.inespre.gob.do\/transparencia\/download\/febrero-2023-nomina-de-empleados-fijos\/?wpdmdl=22841&refresh=69f73f70e04fa1777811312\">Febrero 2023 - N\u00f3mina de Empleados Fijos<\/a>            <\/strong>            <div style=\"font-size: 8pt;padding-top: 1px\"><a href=\"https:\/\/www.inespre.gob.do\/transparencia\/download\/febrero-2023-nomina-de-empleados-fijos\/?wpdmdl=22841&refresh=69f73f70e04fa1777811312\">Descargar<\/a> <i style=\"margin: 4px 0 0 5px;opacity:0.5\"                                                           class=\"fa fa-th-large\"><\/i> 1,023.48 KB            <\/div>        <\/div>    <\/div><\/div><\/div><script>jQuery(function(){jQuery('.link-btn a.wpdm-download-link img').after('Descargar');jQuery('.link-btn a.wpdm-download-link img').remove();});<\/script><br \/>\n<strong>Publicado: 16 de marzo, 2023 <\/strong><br \/>\n\n<h5>Enero<\/h5>\n\n        <div class=\"w3eden clear\" align=\"right\"><div class=\"link-btn light\">    <div class=\"media\">        <div class=\"pull-left wbt-left\"><div class=\"wbt-icon\"><img decoding=\"async\" class=\"wpdm_icon\" alt=\"Icono\"   src=\"https:\/\/www.inespre.gov.do\/transparencia\/wp-content\/plugins\/download-manager\/assets\/file-type-icons\/txt.svg\" \/><\/div><\/div>        <div class=\"pull-left text-left wbt-content\"><strong class=\"ptitle\">                <a href=\"https:\/\/www.inespre.gob.do\/transparencia\/download\/esta-institucion-no-tiene-personal-contratado-en-enero-2023\/?wpdmdl=22199&refresh=69f73f70e08691777811312\">Esta instituci\u00f3n no tiene personal contratado en enero 2023<\/a>            <\/strong>            <div style=\"font-size: 8pt;padding-top: 1px\"><a href=\"https:\/\/www.inespre.gob.do\/transparencia\/download\/esta-institucion-no-tiene-personal-contratado-en-enero-2023\/?wpdmdl=22199&refresh=69f73f70e08691777811312\">Descargar<\/a> <i style=\"margin: 4px 0 0 5px;opacity:0.5\"                                                           class=\"fa fa-th-large\"><\/i> 0.06 KB            <\/div>        <\/div>    <\/div><\/div><\/div><script>jQuery(function(){jQuery('.link-btn a.wpdm-download-link img').after('Descargar');jQuery('.link-btn a.wpdm-download-link img').remove();});<\/script><br \/>\n<strong>Publicado: 06 de febrero, 2023 <\/strong><br \/>\n        <div class=\"w3eden clear\" align=\"right\"><div class=\"link-btn light\">    <div class=\"media\">        <div class=\"pull-left wbt-left\"><div class=\"wbt-icon\"><img decoding=\"async\" class=\"wpdm_icon\" alt=\"Icono\"   src=\"https:\/\/www.inespre.gov.do\/transparencia\/wp-content\/plugins\/download-manager\/assets\/file-type-icons\/xlsx2.svg\" \/><\/div><\/div>        <div class=\"pull-left text-left wbt-content\"><strong class=\"ptitle\">                <a href=\"https:\/\/www.inespre.gob.do\/transparencia\/download\/enero-2023-nomina-de-empleados-fijos-xlsx\/?wpdmdl=22197&refresh=69f73f70e0bb11777811312\">Enero 2023 - N\u00f3mina de Empleados Fijos (XLSX)<\/a>            <\/strong>            <div style=\"font-size: 8pt;padding-top: 1px\"><a href=\"https:\/\/www.inespre.gob.do\/transparencia\/download\/enero-2023-nomina-de-empleados-fijos-xlsx\/?wpdmdl=22197&refresh=69f73f70e0bb11777811312\">Descargar<\/a> <i style=\"margin: 4px 0 0 5px;opacity:0.5\"                                                           class=\"fa fa-th-large\"><\/i> 686.37 KB            <\/div>        <\/div>    <\/div><\/div><\/div><script>jQuery(function(){jQuery('.link-btn a.wpdm-download-link img').after('Descargar');jQuery('.link-btn a.wpdm-download-link img').remove();});<\/script><br \/>\n<strong>Publicado: 06 de febrero, 2023 <\/strong><br \/>\n        <div class=\"w3eden clear\" align=\"right\"><div class=\"link-btn light\">    <div class=\"media\">        <div class=\"pull-left wbt-left\"><div class=\"wbt-icon\"><img decoding=\"async\" class=\"wpdm_icon\" alt=\"Icono\"   src=\"https:\/\/www.inespre.gov.do\/transparencia\/wp-content\/plugins\/download-manager\/assets\/file-type-icons\/pdf.svg\" \/><\/div><\/div>        <div class=\"pull-left text-left wbt-content\"><strong class=\"ptitle\">                <a href=\"https:\/\/www.inespre.gob.do\/transparencia\/download\/enero-2023-nomina-de-empleados-fijos\/?wpdmdl=22194&refresh=69f73f70e0f1f1777811312\">Enero 2023 - N\u00f3mina de Empleados Fijos<\/a>            <\/strong>            <div style=\"font-size: 8pt;padding-top: 1px\"><a href=\"https:\/\/www.inespre.gob.do\/transparencia\/download\/enero-2023-nomina-de-empleados-fijos\/?wpdmdl=22194&refresh=69f73f70e0f1f1777811312\">Descargar<\/a> <i style=\"margin: 4px 0 0 5px;opacity:0.5\"                                                           class=\"fa fa-th-large\"><\/i> 998.73 KB            <\/div>        <\/div>    <\/div><\/div><\/div><script>jQuery(function(){jQuery('.link-btn a.wpdm-download-link img').after('Descargar');jQuery('.link-btn a.wpdm-download-link img').remove();});<\/script><br \/>\n<strong>Publicado: 06 de febrero, 2023 <\/strong><br \/><\/p>\r\n        <\/div> <!-- \/ tabs_item -->\r\n                <div class=\"tabs_item\">\r\n            <p><h4 id=\"2022\"><strong><span style=\"color: #003300;\">2022<\/span><\/strong><\/h4>\n<h5>N\u00f3mina de Empleados Fijos y contratados<\/h5>\n<hr \/>\n\n<h5>Diciembre<\/h5>\n\n        <div class=\"w3eden clear\" align=\"right\"><div class=\"link-btn light\">    <div class=\"media\">        <div class=\"pull-left wbt-left\"><div class=\"wbt-icon\"><img decoding=\"async\" class=\"wpdm_icon\" alt=\"Icono\"   src=\"https:\/\/www.inespre.gov.do\/transparencia\/wp-content\/plugins\/download-manager\/assets\/file-type-icons\/txt.svg\" \/><\/div><\/div>        <div class=\"pull-left text-left wbt-content\"><strong class=\"ptitle\">                <a href=\"https:\/\/www.inespre.gob.do\/transparencia\/download\/esta-institucion-no-tiene-personal-contratado-en-diciembre-2022\/?wpdmdl=21702&refresh=69f73f70e12e31777811312\">Esta instituci\u00f3n no tiene personal contratado en diciembre 2022<\/a>            <\/strong>            <div style=\"font-size: 8pt;padding-top: 1px\"><a href=\"https:\/\/www.inespre.gob.do\/transparencia\/download\/esta-institucion-no-tiene-personal-contratado-en-diciembre-2022\/?wpdmdl=21702&refresh=69f73f70e12e31777811312\">Descargar<\/a> <i style=\"margin: 4px 0 0 5px;opacity:0.5\"                                                           class=\"fa fa-th-large\"><\/i> 0.07 KB            <\/div>        <\/div>    <\/div><\/div><\/div><script>jQuery(function(){jQuery('.link-btn a.wpdm-download-link img').after('Descargar');jQuery('.link-btn a.wpdm-download-link img').remove();});<\/script><br \/>\n<strong>Publicado: 13 de enero , 2023 <\/strong><br \/>\n        <div class=\"w3eden clear\" align=\"right\"><div class=\"link-btn light\">    <div class=\"media\">        <div class=\"pull-left wbt-left\"><div class=\"wbt-icon\"><img decoding=\"async\" class=\"wpdm_icon\" alt=\"Icono\"   src=\"https:\/\/www.inespre.gov.do\/transparencia\/wp-content\/plugins\/download-manager\/assets\/file-type-icons\/xlsx2.svg\" \/><\/div><\/div>        <div class=\"pull-left text-left wbt-content\"><strong class=\"ptitle\">                <a href=\"https:\/\/www.inespre.gob.do\/transparencia\/download\/diciembre-2022-nomina-de-empleados-fijos-xlsx\/?wpdmdl=21698&refresh=69f73f70e16761777811312\">Diciembre 2022 - N\u00f3mina de Empleados Fijos (XLSX)<\/a>            <\/strong>            <div style=\"font-size: 8pt;padding-top: 1px\"><a href=\"https:\/\/www.inespre.gob.do\/transparencia\/download\/diciembre-2022-nomina-de-empleados-fijos-xlsx\/?wpdmdl=21698&refresh=69f73f70e16761777811312\">Descargar<\/a> <i style=\"margin: 4px 0 0 5px;opacity:0.5\"                                                           class=\"fa fa-th-large\"><\/i> 372.63 KB            <\/div>        <\/div>    <\/div><\/div><\/div><script>jQuery(function(){jQuery('.link-btn a.wpdm-download-link img').after('Descargar');jQuery('.link-btn a.wpdm-download-link img').remove();});<\/script><br \/>\n<strong>Publicado: 13 de enero , 2023 <\/strong><br \/>\n        <div class=\"w3eden clear\" align=\"right\"><div class=\"link-btn light\">    <div class=\"media\">        <div class=\"pull-left wbt-left\"><div class=\"wbt-icon\"><img decoding=\"async\" class=\"wpdm_icon\" alt=\"Icono\"   src=\"https:\/\/www.inespre.gov.do\/transparencia\/wp-content\/plugins\/download-manager\/assets\/file-type-icons\/pdf.svg\" \/><\/div><\/div>        <div class=\"pull-left text-left wbt-content\"><strong class=\"ptitle\">                <a href=\"https:\/\/www.inespre.gob.do\/transparencia\/download\/diciembre-2022-nomina-de-empleados-fijos\/?wpdmdl=21699&refresh=69f73f70e19b71777811312\">Diciembre 2022 - N\u00f3mina de Empleados Fijos<\/a>            <\/strong>            <div style=\"font-size: 8pt;padding-top: 1px\"><a href=\"https:\/\/www.inespre.gob.do\/transparencia\/download\/diciembre-2022-nomina-de-empleados-fijos\/?wpdmdl=21699&refresh=69f73f70e19b71777811312\">Descargar<\/a> <i style=\"margin: 4px 0 0 5px;opacity:0.5\"                                                           class=\"fa fa-th-large\"><\/i> 1,023.71 KB            <\/div>        <\/div>    <\/div><\/div><\/div><script>jQuery(function(){jQuery('.link-btn a.wpdm-download-link img').after('Descargar');jQuery('.link-btn a.wpdm-download-link img').remove();});<\/script><br \/>\n<strong>Publicado: 13 de enero , 2023 <\/strong><br \/>\n<hr \/>\n\n<h5>Noviembre<\/h5>\n\n        <div class=\"w3eden clear\" align=\"right\"><div class=\"link-btn light\">    <div class=\"media\">        <div class=\"pull-left wbt-left\"><div class=\"wbt-icon\"><img decoding=\"async\" class=\"wpdm_icon\" alt=\"Icono\"   src=\"https:\/\/www.inespre.gov.do\/transparencia\/wp-content\/plugins\/download-manager\/assets\/file-type-icons\/txt.svg\" \/><\/div><\/div>        <div class=\"pull-left text-left wbt-content\"><strong class=\"ptitle\">                <a href=\"https:\/\/www.inespre.gob.do\/transparencia\/download\/esta-institucion-no-tiene-personal-contratado-en-noviembre-2022\/?wpdmdl=21243&refresh=69f73f70e1cef1777811312\">Esta instituci\u00f3n no tiene personal contratado en noviembre 2022<\/a>            <\/strong>            <div style=\"font-size: 8pt;padding-top: 1px\"><a href=\"https:\/\/www.inespre.gob.do\/transparencia\/download\/esta-institucion-no-tiene-personal-contratado-en-noviembre-2022\/?wpdmdl=21243&refresh=69f73f70e1cef1777811312\">Descargar<\/a> <i style=\"margin: 4px 0 0 5px;opacity:0.5\"                                                           class=\"fa fa-th-large\"><\/i> 0.07 KB            <\/div>        <\/div>    <\/div><\/div><\/div><script>jQuery(function(){jQuery('.link-btn a.wpdm-download-link img').after('Descargar ');jQuery('.link-btn a.wpdm-download-link img').remove();});<\/script><br \/>\n<strong>Publicado: 07 de diciembre , 2022 <\/strong><br \/>\n        <div class=\"w3eden clear\" align=\"right\"><div class=\"link-btn light\">    <div class=\"media\">        <div class=\"pull-left wbt-left\"><div class=\"wbt-icon\"><img decoding=\"async\" class=\"wpdm_icon\" alt=\"Icono\"   src=\"https:\/\/www.inespre.gov.do\/transparencia\/wp-content\/plugins\/download-manager\/assets\/file-type-icons\/xlsx2.svg\" \/><\/div><\/div>        <div class=\"pull-left text-left wbt-content\"><strong class=\"ptitle\">                <a href=\"https:\/\/www.inespre.gob.do\/transparencia\/download\/noviembre-2022-nomina-de-empleados-fijos-xlsx\/?wpdmdl=21241&refresh=69f73f70e202a1777811312\">Noviembre 2022 - N\u00f3mina de Empleados Fijos (XLSX)<\/a>            <\/strong>            <div style=\"font-size: 8pt;padding-top: 1px\"><a href=\"https:\/\/www.inespre.gob.do\/transparencia\/download\/noviembre-2022-nomina-de-empleados-fijos-xlsx\/?wpdmdl=21241&refresh=69f73f70e202a1777811312\">Descargar<\/a> <i style=\"margin: 4px 0 0 5px;opacity:0.5\"                                                           class=\"fa fa-th-large\"><\/i> 373.23 KB            <\/div>        <\/div>    <\/div><\/div><\/div><script>jQuery(function(){jQuery('.link-btn a.wpdm-download-link img').after('Descargar ');jQuery('.link-btn a.wpdm-download-link img').remove();});<\/script><br \/>\n<strong>Publicado: 07 de diciembre , 2022 <\/strong><br \/>\n        <div class=\"w3eden clear\" align=\"right\"><div class=\"link-btn light\">    <div class=\"media\">        <div class=\"pull-left wbt-left\"><div class=\"wbt-icon\"><img decoding=\"async\" class=\"wpdm_icon\" alt=\"Icono\"   src=\"https:\/\/www.inespre.gov.do\/transparencia\/wp-content\/plugins\/download-manager\/assets\/file-type-icons\/pdf.svg\" \/><\/div><\/div>        <div class=\"pull-left text-left wbt-content\"><strong class=\"ptitle\">                <a href=\"https:\/\/www.inespre.gob.do\/transparencia\/download\/noviembre-2022-nomina-de-empleados-fijos\/?wpdmdl=21242&refresh=69f73f70e236e1777811312\">Noviembre 2022 - N\u00f3mina de Empleados Fijos<\/a>            <\/strong>            <div style=\"font-size: 8pt;padding-top: 1px\"><a href=\"https:\/\/www.inespre.gob.do\/transparencia\/download\/noviembre-2022-nomina-de-empleados-fijos\/?wpdmdl=21242&refresh=69f73f70e236e1777811312\">Descargar<\/a> <i style=\"margin: 4px 0 0 5px;opacity:0.5\"                                                           class=\"fa fa-th-large\"><\/i> 1,004.95 KB            <\/div>        <\/div>    <\/div><\/div><\/div><script>jQuery(function(){jQuery('.link-btn a.wpdm-download-link img').after('Descargar ');jQuery('.link-btn a.wpdm-download-link img').remove();});<\/script><br \/>\n<strong>Publicado: 07 de diciembre , 2022 <\/strong><br \/>\n<hr \/>\n\n<h5>Octubre<\/h5>\n        <div class=\"w3eden clear\" align=\"right\"><div class=\"link-btn light\">    <div class=\"media\">        <div class=\"pull-left wbt-left\"><div class=\"wbt-icon\"><img decoding=\"async\" class=\"wpdm_icon\" alt=\"Icono\"   src=\"https:\/\/www.inespre.gov.do\/transparencia\/wp-content\/plugins\/download-manager\/assets\/file-type-icons\/txt.svg\" \/><\/div><\/div>        <div class=\"pull-left text-left wbt-content\"><strong class=\"ptitle\">                <a href=\"https:\/\/www.inespre.gob.do\/transparencia\/download\/esta-institucion-no-tiene-personal-contratado-en-octubre-2022\/?wpdmdl=20740&refresh=69f73f70e26ab1777811312\">Esta instituci\u00f3n no tiene personal contratado en octubre 2022<\/a>            <\/strong>            <div style=\"font-size: 8pt;padding-top: 1px\"><a href=\"https:\/\/www.inespre.gob.do\/transparencia\/download\/esta-institucion-no-tiene-personal-contratado-en-octubre-2022\/?wpdmdl=20740&refresh=69f73f70e26ab1777811312\">Descargar<\/a> <i style=\"margin: 4px 0 0 5px;opacity:0.5\"                                                           class=\"fa fa-th-large\"><\/i> 0.06 KB            <\/div>        <\/div>    <\/div><\/div><\/div><script>jQuery(function(){jQuery('.link-btn a.wpdm-download-link img').after('Descargar');jQuery('.link-btn a.wpdm-download-link img').remove();});<\/script><br \/>\n<strong>Publicado: 07 de noviembre , 2022 <\/strong><br \/>\n        <div class=\"w3eden clear\" align=\"right\"><div class=\"link-btn light\">    <div class=\"media\">        <div class=\"pull-left wbt-left\"><div class=\"wbt-icon\"><img decoding=\"async\" class=\"wpdm_icon\" alt=\"Icono\"   src=\"https:\/\/www.inespre.gov.do\/transparencia\/wp-content\/plugins\/download-manager\/assets\/file-type-icons\/xlsx2.svg\" \/><\/div><\/div>        <div class=\"pull-left text-left wbt-content\"><strong class=\"ptitle\">                <a href=\"https:\/\/www.inespre.gob.do\/transparencia\/download\/octubre-2022-nomina-de-empleados-fijos-xlsx\/?wpdmdl=20738&refresh=69f73f70e29e71777811312\">Octubre 2022 - N\u00f3mina de Empleados Fijos (XLSX)<\/a>            <\/strong>            <div style=\"font-size: 8pt;padding-top: 1px\"><a href=\"https:\/\/www.inespre.gob.do\/transparencia\/download\/octubre-2022-nomina-de-empleados-fijos-xlsx\/?wpdmdl=20738&refresh=69f73f70e29e71777811312\">Descargar<\/a> <i style=\"margin: 4px 0 0 5px;opacity:0.5\"                                                           class=\"fa fa-th-large\"><\/i> 372.82 KB            <\/div>        <\/div>    <\/div><\/div><\/div><script>jQuery(function(){jQuery('.link-btn a.wpdm-download-link img').after('Descargar');jQuery('.link-btn a.wpdm-download-link img').remove();});<\/script><br \/>\n<strong>Publicado: 07 de noviembre , 2022 <\/strong><br \/>\n        <div class=\"w3eden clear\" align=\"right\"><div class=\"link-btn light\">    <div class=\"media\">        <div class=\"pull-left wbt-left\"><div class=\"wbt-icon\"><img decoding=\"async\" class=\"wpdm_icon\" alt=\"Icono\"   src=\"https:\/\/www.inespre.gov.do\/transparencia\/wp-content\/plugins\/download-manager\/assets\/file-type-icons\/pdf.svg\" \/><\/div><\/div>        <div class=\"pull-left text-left wbt-content\"><strong class=\"ptitle\">                <a href=\"https:\/\/www.inespre.gob.do\/transparencia\/download\/octubre-2022-nomina-de-empleados-fijos\/?wpdmdl=20736&refresh=69f73f70e2dba1777811312\">Octubre 2022 - N\u00f3mina de Empleados Fijos<\/a>            <\/strong>            <div style=\"font-size: 8pt;padding-top: 1px\"><a href=\"https:\/\/www.inespre.gob.do\/transparencia\/download\/octubre-2022-nomina-de-empleados-fijos\/?wpdmdl=20736&refresh=69f73f70e2dba1777811312\">Descargar<\/a> <i style=\"margin: 4px 0 0 5px;opacity:0.5\"                                                           class=\"fa fa-th-large\"><\/i> 1,017.00 KB            <\/div>        <\/div>    <\/div><\/div><\/div><script>jQuery(function(){jQuery('.link-btn a.wpdm-download-link img').after('Descargar');jQuery('.link-btn a.wpdm-download-link img').remove();});<\/script><br \/>\n<strong>Publicado: 07 de noviembre , 2022 <\/strong><br \/>\n<hr \/>\n\n<h5>Septiembre<\/h5>\n\n        <div class=\"w3eden clear\" align=\"right\"><div class=\"link-btn light\">    <div class=\"media\">        <div class=\"pull-left wbt-left\"><div class=\"wbt-icon\"><img decoding=\"async\" class=\"wpdm_icon\" alt=\"Icono\"   src=\"https:\/\/www.inespre.gov.do\/transparencia\/wp-content\/plugins\/download-manager\/assets\/file-type-icons\/txt.svg\" \/><\/div><\/div>        <div class=\"pull-left text-left wbt-content\"><strong class=\"ptitle\">                <a href=\"https:\/\/www.inespre.gob.do\/transparencia\/download\/esta-institucion-no-tiene-personal-contratado-en-septiembre-2022\/?wpdmdl=20332&refresh=69f73f70e310c1777811312\">Esta instituci\u00f3n no tiene personal contratado en septiembre 2022<\/a>            <\/strong>            <div style=\"font-size: 8pt;padding-top: 1px\"><a href=\"https:\/\/www.inespre.gob.do\/transparencia\/download\/esta-institucion-no-tiene-personal-contratado-en-septiembre-2022\/?wpdmdl=20332&refresh=69f73f70e310c1777811312\">Descargar<\/a> <i style=\"margin: 4px 0 0 5px;opacity:0.5\"                                                           class=\"fa fa-th-large\"><\/i> 0.07 KB            <\/div>        <\/div>    <\/div><\/div><\/div><script>jQuery(function(){jQuery('.link-btn a.wpdm-download-link img').after('Descargar');jQuery('.link-btn a.wpdm-download-link img').remove();});<\/script><br \/>\n<strong>Publicado: 07 de octubre, 2022 <\/strong><br \/>\n        <div class=\"w3eden clear\" align=\"right\"><div class=\"link-btn light\">    <div class=\"media\">        <div class=\"pull-left wbt-left\"><div class=\"wbt-icon\"><img decoding=\"async\" class=\"wpdm_icon\" alt=\"Icono\"   src=\"https:\/\/www.inespre.gov.do\/transparencia\/wp-content\/plugins\/download-manager\/assets\/file-type-icons\/xlsx.svg\" \/><\/div><\/div>        <div class=\"pull-left text-left wbt-content\"><strong class=\"ptitle\">                <a href=\"https:\/\/www.inespre.gob.do\/transparencia\/download\/septiembre-2022-nomina-de-empleados-fijos-xlsx\/?wpdmdl=20334&refresh=69f73f70e34501777811312\">Septiembre 2022 \u2013 N\u00f3mina de Empleados Fijos (XLSX)<\/a>            <\/strong>            <div style=\"font-size: 8pt;padding-top: 1px\"><a href=\"https:\/\/www.inespre.gob.do\/transparencia\/download\/septiembre-2022-nomina-de-empleados-fijos-xlsx\/?wpdmdl=20334&refresh=69f73f70e34501777811312\">Descargar<\/a> <i style=\"margin: 4px 0 0 5px;opacity:0.5\"                                                           class=\"fa fa-th-large\"><\/i> 371.17 KB            <\/div>        <\/div>    <\/div><\/div><\/div><script>jQuery(function(){jQuery('.link-btn a.wpdm-download-link img').after('Descargar');jQuery('.link-btn a.wpdm-download-link img').remove();});<\/script><br \/>\n<strong>Publicado: 07 de octubre, 2022 <\/strong><br \/>\n        <div class=\"w3eden clear\" align=\"right\"><div class=\"link-btn light\">    <div class=\"media\">        <div class=\"pull-left wbt-left\"><div class=\"wbt-icon\"><img decoding=\"async\" class=\"wpdm_icon\" alt=\"Icono\"   src=\"https:\/\/www.inespre.gov.do\/transparencia\/wp-content\/plugins\/download-manager\/assets\/file-type-icons\/pdf.svg\" \/><\/div><\/div>        <div class=\"pull-left text-left wbt-content\"><strong class=\"ptitle\">                <a href=\"https:\/\/www.inespre.gob.do\/transparencia\/download\/septiembre-2022-nomina-de-empleados-fijos\/?wpdmdl=20330&refresh=69f73f70e37921777811312\">Septiembre 2022 - N\u00f3mina de Empleados Fijos<\/a>            <\/strong>            <div style=\"font-size: 8pt;padding-top: 1px\"><a href=\"https:\/\/www.inespre.gob.do\/transparencia\/download\/septiembre-2022-nomina-de-empleados-fijos\/?wpdmdl=20330&refresh=69f73f70e37921777811312\">Descargar<\/a> <i style=\"margin: 4px 0 0 5px;opacity:0.5\"                                                           class=\"fa fa-th-large\"><\/i> 989.37 KB            <\/div>        <\/div>    <\/div><\/div><\/div><script>jQuery(function(){jQuery('.link-btn a.wpdm-download-link img').after('Descargar');jQuery('.link-btn a.wpdm-download-link img').remove();});<\/script><br \/>\n<strong>Publicado: 07 de octubre, 2022 <\/strong><br \/>\n<hr \/>\n\n<h5>Agosto<\/h5>\n\n        <div class=\"w3eden clear\" align=\"right\"><div class=\"link-btn light\">    <div class=\"media\">        <div class=\"pull-left wbt-left\"><div class=\"wbt-icon\"><img decoding=\"async\" class=\"wpdm_icon\" alt=\"Icono\"   src=\"https:\/\/www.inespre.gov.do\/transparencia\/wp-content\/plugins\/download-manager\/assets\/file-type-icons\/txt.svg\" \/><\/div><\/div>        <div class=\"pull-left text-left wbt-content\"><strong class=\"ptitle\">                <a href=\"https:\/\/www.inespre.gob.do\/transparencia\/download\/esta-institucion-no-tiene-personal-contratado-en-agosto-2022\/?wpdmdl=19846&refresh=69f73f70e3ae51777811312\">Esta instituci\u00f3n no tiene personal contratado en agosto 2022<\/a>            <\/strong>            <div style=\"font-size: 8pt;padding-top: 1px\"><a href=\"https:\/\/www.inespre.gob.do\/transparencia\/download\/esta-institucion-no-tiene-personal-contratado-en-agosto-2022\/?wpdmdl=19846&refresh=69f73f70e3ae51777811312\">Descargar<\/a> <i style=\"margin: 4px 0 0 5px;opacity:0.5\"                                                           class=\"fa fa-th-large\"><\/i> 0.06 KB            <\/div>        <\/div>    <\/div><\/div><\/div><script>jQuery(function(){jQuery('.link-btn a.wpdm-download-link img').after('Descargar');jQuery('.link-btn a.wpdm-download-link img').remove();});<\/script><br \/>\n<strong>Publicado: 12 de septiembre, 2022 <\/strong><br \/>\n        <div class=\"w3eden clear\" align=\"right\"><div class=\"link-btn light\">    <div class=\"media\">        <div class=\"pull-left wbt-left\"><div class=\"wbt-icon\"><img decoding=\"async\" class=\"wpdm_icon\" alt=\"Icono\"   src=\"https:\/\/www.inespre.gov.do\/transparencia\/wp-content\/plugins\/download-manager\/assets\/file-type-icons\/xlsx.svg\" \/><\/div><\/div>        <div class=\"pull-left text-left wbt-content\"><strong class=\"ptitle\">                <a href=\"https:\/\/www.inespre.gob.do\/transparencia\/download\/agosto-2022-nomina-de-empleados-fijos-xlsx\/?wpdmdl=19847&refresh=69f73f70e3e201777811312\">Agosto 2022 - N\u00f3mina de Empleados Fijos (XLSX)<\/a>            <\/strong>            <div style=\"font-size: 8pt;padding-top: 1px\"><a href=\"https:\/\/www.inespre.gob.do\/transparencia\/download\/agosto-2022-nomina-de-empleados-fijos-xlsx\/?wpdmdl=19847&refresh=69f73f70e3e201777811312\">Descargar<\/a> <i style=\"margin: 4px 0 0 5px;opacity:0.5\"                                                           class=\"fa fa-th-large\"><\/i> 371.88 KB            <\/div>        <\/div>    <\/div><\/div><\/div><script>jQuery(function(){jQuery('.link-btn a.wpdm-download-link img').after('');jQuery('.link-btn a.wpdm-download-link img').remove();});<\/script><br \/>\n<strong>Publicado: 12 de septiembre, 2022 <\/strong><br \/>\n        <div class=\"w3eden clear\" align=\"right\"><div class=\"link-btn light\">    <div class=\"media\">        <div class=\"pull-left wbt-left\"><div class=\"wbt-icon\"><img decoding=\"async\" class=\"wpdm_icon\" alt=\"Icono\"   src=\"https:\/\/www.inespre.gov.do\/transparencia\/wp-content\/plugins\/download-manager\/assets\/file-type-icons\/pdf.svg\" \/><\/div><\/div>        <div class=\"pull-left text-left wbt-content\"><strong class=\"ptitle\">                <a href=\"https:\/\/www.inespre.gob.do\/transparencia\/download\/agosto-2022-nomina-de-empleados-fijos\/?wpdmdl=19848&refresh=69f73f70e419c1777811312\">Agosto 2022 - N\u00f3mina de Empleados Fijos<\/a>            <\/strong>            <div style=\"font-size: 8pt;padding-top: 1px\"><a href=\"https:\/\/www.inespre.gob.do\/transparencia\/download\/agosto-2022-nomina-de-empleados-fijos\/?wpdmdl=19848&refresh=69f73f70e419c1777811312\">Descargar<\/a> <i style=\"margin: 4px 0 0 5px;opacity:0.5\"                                                           class=\"fa fa-th-large\"><\/i> 988.96 KB            <\/div>        <\/div>    <\/div><\/div><\/div><script>jQuery(function(){jQuery('.link-btn a.wpdm-download-link img').after('Descargar');jQuery('.link-btn a.wpdm-download-link img').remove();});<\/script><br \/>\n<strong>Publicado: 12 de septiembre, 2022 <\/strong><br \/>\n<hr \/>\n\n<h5>Julio<\/h5>\n\n        <div class=\"w3eden clear\" align=\"right\"><div class=\"link-btn light\">    <div class=\"media\">        <div class=\"pull-left wbt-left\"><div class=\"wbt-icon\"><img decoding=\"async\" class=\"wpdm_icon\" alt=\"Icono\"   src=\"https:\/\/www.inespre.gov.do\/transparencia\/wp-content\/plugins\/download-manager\/assets\/file-type-icons\/txt.svg\" \/><\/div><\/div>        <div class=\"pull-left text-left wbt-content\"><strong class=\"ptitle\">                <a href=\"https:\/\/www.inespre.gob.do\/transparencia\/download\/esta-institucion-no-tiene-personal-contratado-en-julio-2022\/?wpdmdl=19618&refresh=69f73f70e44e31777811312\">Esta instituci\u00f3n no tiene personal contratado en julio 2022<\/a>            <\/strong>            <div style=\"font-size: 8pt;padding-top: 1px\"><a href=\"https:\/\/www.inespre.gob.do\/transparencia\/download\/esta-institucion-no-tiene-personal-contratado-en-julio-2022\/?wpdmdl=19618&refresh=69f73f70e44e31777811312\">Descargar<\/a> <i style=\"margin: 4px 0 0 5px;opacity:0.5\"                                                           class=\"fa fa-th-large\"><\/i> 0.06 KB            <\/div>        <\/div>    <\/div><\/div><\/div><script>jQuery(function(){jQuery('.link-btn a.wpdm-download-link img').after('Descargar');jQuery('.link-btn a.wpdm-download-link img').remove();});<\/script><br \/>\n<strong>Publicado: 10 de agosto, 2022 <\/strong><br \/>\n        <div class=\"w3eden clear\" align=\"right\"><div class=\"link-btn light\">    <div class=\"media\">        <div class=\"pull-left wbt-left\"><div class=\"wbt-icon\"><img decoding=\"async\" class=\"wpdm_icon\" alt=\"Icono\"   src=\"https:\/\/www.inespre.gov.do\/transparencia\/wp-content\/plugins\/download-manager\/assets\/file-type-icons\/xlsx.svg\" \/><\/div><\/div>        <div class=\"pull-left text-left wbt-content\"><strong class=\"ptitle\">                <a href=\"https:\/\/www.inespre.gob.do\/transparencia\/download\/julio-2022-nomina-de-empleados-fijos-xlsx\/?wpdmdl=19614&refresh=69f73f70e480b1777811312\">Julio 2022 - N\u00f3mina de Empleados Fijos (XLSX)<\/a>            <\/strong>            <div style=\"font-size: 8pt;padding-top: 1px\"><a href=\"https:\/\/www.inespre.gob.do\/transparencia\/download\/julio-2022-nomina-de-empleados-fijos-xlsx\/?wpdmdl=19614&refresh=69f73f70e480b1777811312\">Descargar<\/a> <i style=\"margin: 4px 0 0 5px;opacity:0.5\"                                                           class=\"fa fa-th-large\"><\/i> 372.27 KB            <\/div>        <\/div>    <\/div><\/div><\/div><script>jQuery(function(){jQuery('.link-btn a.wpdm-download-link img').after('Descargar');jQuery('.link-btn a.wpdm-download-link img').remove();});<\/script><br \/>\n<strong>Publicado: 10 de agosto, 2022 <\/strong><br \/>\n        <div class=\"w3eden clear\" align=\"right\"><div class=\"link-btn light\">    <div class=\"media\">        <div class=\"pull-left wbt-left\"><div class=\"wbt-icon\"><img decoding=\"async\" class=\"wpdm_icon\" alt=\"Icono\"   src=\"https:\/\/www.inespre.gov.do\/transparencia\/wp-content\/plugins\/download-manager\/assets\/file-type-icons\/pdf.svg\" \/><\/div><\/div>        <div class=\"pull-left text-left wbt-content\"><strong class=\"ptitle\">                <a href=\"https:\/\/www.inespre.gob.do\/transparencia\/download\/julio-2022-nomina-de-empleados-fijos\/?wpdmdl=19615&refresh=69f73f70e4b4c1777811312\">Julio 2022 - N\u00f3mina de Empleados Fijos<\/a>            <\/strong>            <div style=\"font-size: 8pt;padding-top: 1px\"><a href=\"https:\/\/www.inespre.gob.do\/transparencia\/download\/julio-2022-nomina-de-empleados-fijos\/?wpdmdl=19615&refresh=69f73f70e4b4c1777811312\">Descargar<\/a> <i style=\"margin: 4px 0 0 5px;opacity:0.5\"                                                           class=\"fa fa-th-large\"><\/i> 953.78 KB            <\/div>        <\/div>    <\/div><\/div><\/div><script>jQuery(function(){jQuery('.link-btn a.wpdm-download-link img').after('Descargar');jQuery('.link-btn a.wpdm-download-link img').remove();});<\/script><br \/>\n<strong>Publicado: 10 de agosto, 2022 <\/strong><br \/>\n<hr \/>\n\n<h5>Junio<\/h5>\n        <div class=\"w3eden clear\" align=\"right\"><div class=\"link-btn light\">    <div class=\"media\">        <div class=\"pull-left wbt-left\"><div class=\"wbt-icon\"><img decoding=\"async\" class=\"wpdm_icon\" alt=\"Icono\"   src=\"https:\/\/www.inespre.gov.do\/transparencia\/wp-content\/plugins\/download-manager\/assets\/file-type-icons\/txt.svg\" \/><\/div><\/div>        <div class=\"pull-left text-left wbt-content\"><strong class=\"ptitle\">                <a href=\"https:\/\/www.inespre.gob.do\/transparencia\/download\/esta-institucion-no-tiene-personal-contratado-en-junio-2022\/?wpdmdl=19089&refresh=69f73f70e4e7d1777811312\">Esta instituci\u00f3n no tiene personal contratado en junio 2022<\/a>            <\/strong>            <div style=\"font-size: 8pt;padding-top: 1px\"><a href=\"https:\/\/www.inespre.gob.do\/transparencia\/download\/esta-institucion-no-tiene-personal-contratado-en-junio-2022\/?wpdmdl=19089&refresh=69f73f70e4e7d1777811312\">Descargar<\/a> <i style=\"margin: 4px 0 0 5px;opacity:0.5\"                                                           class=\"fa fa-th-large\"><\/i> 0.06 KB            <\/div>        <\/div>    <\/div><\/div><\/div><script>jQuery(function(){jQuery('.link-btn a.wpdm-download-link img').after('Descargar');jQuery('.link-btn a.wpdm-download-link img').remove();});<\/script><br \/>\n<strong>Publicado: 12 de julio, 2022 <\/strong><br \/>\n        <div class=\"w3eden clear\" align=\"right\"><div class=\"link-btn light\">    <div class=\"media\">        <div class=\"pull-left wbt-left\"><div class=\"wbt-icon\"><img decoding=\"async\" class=\"wpdm_icon\" alt=\"Icono\"   src=\"https:\/\/www.inespre.gov.do\/transparencia\/wp-content\/plugins\/download-manager\/assets\/file-type-icons\/xlsx.svg\" \/><\/div><\/div>        <div class=\"pull-left text-left wbt-content\"><strong class=\"ptitle\">                <a href=\"https:\/\/www.inespre.gob.do\/transparencia\/download\/junio-2022-nomina-de-empleados-fijos-xlsx\/?wpdmdl=19070&refresh=69f73f70e51a51777811312\">Junio 2022 - N\u00f3mina de Empleados Fijos (XLSX)<\/a>            <\/strong>            <div style=\"font-size: 8pt;padding-top: 1px\"><a href=\"https:\/\/www.inespre.gob.do\/transparencia\/download\/junio-2022-nomina-de-empleados-fijos-xlsx\/?wpdmdl=19070&refresh=69f73f70e51a51777811312\">Descargar<\/a> <i style=\"margin: 4px 0 0 5px;opacity:0.5\"                                                           class=\"fa fa-th-large\"><\/i> 353.34 KB            <\/div>        <\/div>    <\/div><\/div><\/div><script>jQuery(function(){jQuery('.link-btn a.wpdm-download-link img').after('Descargar');jQuery('.link-btn a.wpdm-download-link img').remove();});<\/script><br \/>\n<strong>Publicado: 12 de julio, 2022 <\/strong><br \/>\n        <div class=\"w3eden clear\" align=\"right\"><div class=\"link-btn light\">    <div class=\"media\">        <div class=\"pull-left wbt-left\"><div class=\"wbt-icon\"><img decoding=\"async\" class=\"wpdm_icon\" alt=\"Icono\"   src=\"https:\/\/www.inespre.gov.do\/transparencia\/wp-content\/plugins\/download-manager\/assets\/file-type-icons\/pdf.svg\" \/><\/div><\/div>        <div class=\"pull-left text-left wbt-content\"><strong class=\"ptitle\">                <a href=\"https:\/\/www.inespre.gob.do\/transparencia\/download\/junio-2022-nomina-de-empleados-fijos\/?wpdmdl=19068&refresh=69f73f70e54de1777811312\">Junio 2022 - N\u00f3mina de Empleados Fijos<\/a>            <\/strong>            <div style=\"font-size: 8pt;padding-top: 1px\"><a href=\"https:\/\/www.inespre.gob.do\/transparencia\/download\/junio-2022-nomina-de-empleados-fijos\/?wpdmdl=19068&refresh=69f73f70e54de1777811312\">Descargar<\/a> <i style=\"margin: 4px 0 0 5px;opacity:0.5\"                                                           class=\"fa fa-th-large\"><\/i> 964.83 KB            <\/div>        <\/div>    <\/div><\/div><\/div><script>jQuery(function(){jQuery('.link-btn a.wpdm-download-link img').after('Descargar');jQuery('.link-btn a.wpdm-download-link img').remove();});<\/script><br \/>\n<strong>Publicado: 12 de julio, 2022 <\/strong><br \/>\n<hr \/>\n\n<h5>Mayo<\/h5>\n        <div class=\"w3eden clear\" align=\"right\"><div class=\"link-btn light\">    <div class=\"media\">        <div class=\"pull-left wbt-left\"><div class=\"wbt-icon\"><img decoding=\"async\" class=\"wpdm_icon\" alt=\"Icono\"   src=\"https:\/\/www.inespre.gov.do\/transparencia\/wp-content\/plugins\/download-manager\/assets\/file-type-icons\/txt.svg\" \/><\/div><\/div>        <div class=\"pull-left text-left wbt-content\"><strong class=\"ptitle\">                <a href=\"https:\/\/www.inespre.gob.do\/transparencia\/download\/esta-institucion-no-tiene-personal-contratado-en-mayo-2022\/?wpdmdl=18604&refresh=69f73f70e580c1777811312\">Esta instituci\u00f3n no tiene personal contratado en mayo 2022<\/a>            <\/strong>            <div style=\"font-size: 8pt;padding-top: 1px\"><a href=\"https:\/\/www.inespre.gob.do\/transparencia\/download\/esta-institucion-no-tiene-personal-contratado-en-mayo-2022\/?wpdmdl=18604&refresh=69f73f70e580c1777811312\">Descargar<\/a> <i style=\"margin: 4px 0 0 5px;opacity:0.5\"                                                           class=\"fa fa-th-large\"><\/i> 0.06 KB            <\/div>        <\/div>    <\/div><\/div><\/div><script>jQuery(function(){jQuery('.link-btn a.wpdm-download-link img').after('Descargar');jQuery('.link-btn a.wpdm-download-link img').remove();});<\/script><br \/>\n<strong>Publicado: 09 de junio, 2022 <\/strong><br \/>\n        <div class=\"w3eden clear\" align=\"right\"><div class=\"link-btn light\">    <div class=\"media\">        <div class=\"pull-left wbt-left\"><div class=\"wbt-icon\"><img decoding=\"async\" class=\"wpdm_icon\" alt=\"Icono\"   src=\"https:\/\/www.inespre.gov.do\/transparencia\/wp-content\/plugins\/download-manager\/assets\/file-type-icons\/xlsx.svg\" \/><\/div><\/div>        <div class=\"pull-left text-left wbt-content\"><strong class=\"ptitle\">                <a href=\"https:\/\/www.inespre.gob.do\/transparencia\/download\/mayo-2022-nomina-de-empleados-fijos-xlsx\/?wpdmdl=18600&refresh=69f73f70e5b551777811312\">Mayo 2022 - N\u00f3mina de Empleados Fijos (XLSX)<\/a>            <\/strong>            <div style=\"font-size: 8pt;padding-top: 1px\"><a href=\"https:\/\/www.inespre.gob.do\/transparencia\/download\/mayo-2022-nomina-de-empleados-fijos-xlsx\/?wpdmdl=18600&refresh=69f73f70e5b551777811312\">Descargar<\/a> <i style=\"margin: 4px 0 0 5px;opacity:0.5\"                                                           class=\"fa fa-th-large\"><\/i> 595.98 KB            <\/div>        <\/div>    <\/div><\/div><\/div><script>jQuery(function(){jQuery('.link-btn a.wpdm-download-link img').after('Descargar');jQuery('.link-btn a.wpdm-download-link img').remove();});<\/script><br \/>\n<strong>Publicado: 09 de junio, 2022 <\/strong><br \/>\n        <div class=\"w3eden clear\" align=\"right\"><div class=\"link-btn light\">    <div class=\"media\">        <div class=\"pull-left wbt-left\"><div class=\"wbt-icon\"><img decoding=\"async\" class=\"wpdm_icon\" alt=\"Icono\"   src=\"https:\/\/www.inespre.gov.do\/transparencia\/wp-content\/plugins\/download-manager\/assets\/file-type-icons\/pdf.svg\" \/><\/div><\/div>        <div class=\"pull-left text-left wbt-content\"><strong class=\"ptitle\">                <a href=\"https:\/\/www.inespre.gob.do\/transparencia\/download\/mayo-2022-nomina-de-empleados-fijos\/?wpdmdl=18602&refresh=69f73f70e5e9c1777811312\">Mayo 2022 - N\u00f3mina de Empleados Fijos<\/a>            <\/strong>            <div style=\"font-size: 8pt;padding-top: 1px\"><a href=\"https:\/\/www.inespre.gob.do\/transparencia\/download\/mayo-2022-nomina-de-empleados-fijos\/?wpdmdl=18602&refresh=69f73f70e5e9c1777811312\">Descargar<\/a> <i style=\"margin: 4px 0 0 5px;opacity:0.5\"                                                           class=\"fa fa-th-large\"><\/i> 973.76 KB            <\/div>        <\/div>    <\/div><\/div><\/div><script>jQuery(function(){jQuery('.link-btn a.wpdm-download-link img').after('Descargar');jQuery('.link-btn a.wpdm-download-link img').remove();});<\/script><br \/>\n<strong>Publicado: 09 de junio, 2022 <\/strong><br \/>\n<hr \/>\n\n<h5>Abril<\/h5>\n        <div class=\"w3eden clear\" align=\"right\"><div class=\"link-btn light\">    <div class=\"media\">        <div class=\"pull-left wbt-left\"><div class=\"wbt-icon\"><img decoding=\"async\" class=\"wpdm_icon\" alt=\"Icono\"   src=\"https:\/\/www.inespre.gov.do\/transparencia\/wp-content\/plugins\/download-manager\/assets\/file-type-icons\/text.svg\" \/><\/div><\/div>        <div class=\"pull-left text-left wbt-content\"><strong class=\"ptitle\">                <a href=\"https:\/\/www.inespre.gob.do\/transparencia\/download\/esta-institucion-no-tiene-personal-contratado-en-abril-2022\/?wpdmdl=18236&refresh=69f73f70e61fc1777811312\">Esta instituci\u00f3n no tiene personal contratado en abril 2022<\/a>            <\/strong>            <div style=\"font-size: 8pt;padding-top: 1px\"><a href=\"https:\/\/www.inespre.gob.do\/transparencia\/download\/esta-institucion-no-tiene-personal-contratado-en-abril-2022\/?wpdmdl=18236&refresh=69f73f70e61fc1777811312\">Descargar<\/a> <i style=\"margin: 4px 0 0 5px;opacity:0.5\"                                                           class=\"fa fa-th-large\"><\/i> 0.06 KB            <\/div>        <\/div>    <\/div><\/div><\/div><script>jQuery(function(){jQuery('.link-btn a.wpdm-download-link img').after('Descargar');jQuery('.link-btn a.wpdm-download-link img').remove();});<\/script><br \/>\n<strong>Publicado: 11 de mayo, 2022 <\/strong><br \/>\n        <div class=\"w3eden clear\" align=\"right\"><div class=\"link-btn light\">    <div class=\"media\">        <div class=\"pull-left wbt-left\"><div class=\"wbt-icon\"><img decoding=\"async\" class=\"wpdm_icon\" alt=\"Icono\"   src=\"https:\/\/www.inespre.gov.do\/transparencia\/wp-content\/plugins\/download-manager\/assets\/file-type-icons\/xls.svg\" \/><\/div><\/div>        <div class=\"pull-left text-left wbt-content\"><strong class=\"ptitle\">                <a href=\"https:\/\/www.inespre.gob.do\/transparencia\/download\/abril-2022-nomina-de-empleados-fijos-xlsx\/?wpdmdl=18177&refresh=69f73f70e65271777811312\">Abril 2022 - N\u00f3mina de Empleados Fijos (XLSX)<\/a>            <\/strong>            <div style=\"font-size: 8pt;padding-top: 1px\"><a href=\"https:\/\/www.inespre.gob.do\/transparencia\/download\/abril-2022-nomina-de-empleados-fijos-xlsx\/?wpdmdl=18177&refresh=69f73f70e65271777811312\">Descargar<\/a> <i style=\"margin: 4px 0 0 5px;opacity:0.5\"                                                           class=\"fa fa-th-large\"><\/i> 295.10 KB            <\/div>        <\/div>    <\/div><\/div><\/div><script>jQuery(function(){jQuery('.link-btn a.wpdm-download-link img').after('Descargar');jQuery('.link-btn a.wpdm-download-link img').remove();});<\/script><br \/>\n<strong>Publicado: 11 de mayo, 2022 <\/strong><br \/>\n        <div class=\"w3eden clear\" align=\"right\"><div class=\"link-btn light\">    <div class=\"media\">        <div class=\"pull-left wbt-left\"><div class=\"wbt-icon\"><img decoding=\"async\" class=\"wpdm_icon\" alt=\"Icono\"   src=\"https:\/\/www.inespre.gov.do\/transparencia\/wp-content\/plugins\/download-manager\/assets\/file-type-icons\/pdf.svg\" \/><\/div><\/div>        <div class=\"pull-left text-left wbt-content\"><strong class=\"ptitle\">                <a href=\"https:\/\/www.inespre.gob.do\/transparencia\/download\/abril-2022-nomina-de-empleados-fijos\/?wpdmdl=18176&refresh=69f73f70e689e1777811312\">Abril 2022 - N\u00f3mina de Empleados Fijos<\/a>            <\/strong>            <div style=\"font-size: 8pt;padding-top: 1px\"><a href=\"https:\/\/www.inespre.gob.do\/transparencia\/download\/abril-2022-nomina-de-empleados-fijos\/?wpdmdl=18176&refresh=69f73f70e689e1777811312\">Descargar<\/a> <i style=\"margin: 4px 0 0 5px;opacity:0.5\"                                                           class=\"fa fa-th-large\"><\/i> 937.60 KB            <\/div>        <\/div>    <\/div><\/div><\/div><script>jQuery(function(){jQuery('.link-btn a.wpdm-download-link img').after('Descargar');jQuery('.link-btn a.wpdm-download-link img').remove();});<\/script><br \/>\n<strong>Publicado: 11 de mayo, 2022 <\/strong><br \/>\n<hr \/>\n\n<h5>Marzo<\/h5>\n        <div class=\"w3eden clear\" align=\"right\"><div class=\"link-btn light\">    <div class=\"media\">        <div class=\"pull-left wbt-left\"><div class=\"wbt-icon\"><img decoding=\"async\" class=\"wpdm_icon\" alt=\"Icono\"   src=\"https:\/\/www.inespre.gov.do\/transparencia\/wp-content\/plugins\/download-manager\/assets\/file-type-icons\/xlsx.svg\" \/><\/div><\/div>        <div class=\"pull-left text-left wbt-content\"><strong class=\"ptitle\">                <a href=\"https:\/\/www.inespre.gob.do\/transparencia\/download\/marzo-2022-nomina-de-contratados-xlsx\/?wpdmdl=17742&refresh=69f73f70e6be11777811312\">Marzo 2022 \u2013 N\u00f3mina de Contratados (XLSX)<\/a>            <\/strong>            <div style=\"font-size: 8pt;padding-top: 1px\"><a href=\"https:\/\/www.inespre.gob.do\/transparencia\/download\/marzo-2022-nomina-de-contratados-xlsx\/?wpdmdl=17742&refresh=69f73f70e6be11777811312\">Descargar<\/a> <i style=\"margin: 4px 0 0 5px;opacity:0.5\"                                                           class=\"fa fa-th-large\"><\/i> 85.50 KB            <\/div>        <\/div>    <\/div><\/div><\/div><script>jQuery(function(){jQuery('.link-btn a.wpdm-download-link img').after('Descargar');jQuery('.link-btn a.wpdm-download-link img').remove();});<\/script><br \/>\n<strong>Publicado: 8 de abril, 2022 <\/strong><br \/>\n        <div class=\"w3eden clear\" align=\"right\"><div class=\"link-btn light\">    <div class=\"media\">        <div class=\"pull-left wbt-left\"><div class=\"wbt-icon\"><img decoding=\"async\" class=\"wpdm_icon\" alt=\"Icono\"   src=\"https:\/\/www.inespre.gov.do\/transparencia\/wp-content\/plugins\/download-manager\/assets\/file-type-icons\/pdf.svg\" \/><\/div><\/div>        <div class=\"pull-left text-left wbt-content\"><strong class=\"ptitle\">                <a href=\"https:\/\/www.inespre.gob.do\/transparencia\/download\/marzo-2022-nomina-de-contratados\/?wpdmdl=17741&refresh=69f73f70e6f0d1777811312\">Marzo 2022 \u2013 N\u00f3mina de Contratados<\/a>            <\/strong>            <div style=\"font-size: 8pt;padding-top: 1px\"><a href=\"https:\/\/www.inespre.gob.do\/transparencia\/download\/marzo-2022-nomina-de-contratados\/?wpdmdl=17741&refresh=69f73f70e6f0d1777811312\">Descargar<\/a> <i style=\"margin: 4px 0 0 5px;opacity:0.5\"                                                           class=\"fa fa-th-large\"><\/i> 275.13 KB            <\/div>        <\/div>    <\/div><\/div><\/div><script>jQuery(function(){jQuery('.link-btn a.wpdm-download-link img').after('Descargar');jQuery('.link-btn a.wpdm-download-link img').remove();});<\/script><br \/>\n\n<strong>Publicado: 8 de abril, 2022 <\/strong><br \/>\n        <div class=\"w3eden clear\" align=\"right\"><div class=\"link-btn light\">    <div class=\"media\">        <div class=\"pull-left wbt-left\"><div class=\"wbt-icon\"><img decoding=\"async\" class=\"wpdm_icon\" alt=\"Icono\"   src=\"https:\/\/www.inespre.gov.do\/transparencia\/wp-content\/plugins\/download-manager\/assets\/file-type-icons\/xlsx.svg\" \/><\/div><\/div>        <div class=\"pull-left text-left wbt-content\"><strong class=\"ptitle\">                <a href=\"https:\/\/www.inespre.gob.do\/transparencia\/download\/marzo-2022-nomina-de-empleados-fijos-xlsx\/?wpdmdl=17744&refresh=69f73f70e72491777811312\">Marzo 2022 - N\u00f3mina de Empleados Fijos (XLSX)<\/a>            <\/strong>            <div style=\"font-size: 8pt;padding-top: 1px\"><a href=\"https:\/\/www.inespre.gob.do\/transparencia\/download\/marzo-2022-nomina-de-empleados-fijos-xlsx\/?wpdmdl=17744&refresh=69f73f70e72491777811312\">Descargar<\/a> <i style=\"margin: 4px 0 0 5px;opacity:0.5\"                                                           class=\"fa fa-th-large\"><\/i> 295.87 KB            <\/div>        <\/div>    <\/div><\/div><\/div><script>jQuery(function(){jQuery('.link-btn a.wpdm-download-link img').after('Descargar');jQuery('.link-btn a.wpdm-download-link img').remove();});<\/script><br \/>\n\n<strong>Publicado: 8 de abril, 2022 <\/strong><br \/>\n        <div class=\"w3eden clear\" align=\"right\"><div class=\"link-btn light\">    <div class=\"media\">        <div class=\"pull-left wbt-left\"><div class=\"wbt-icon\"><img decoding=\"async\" class=\"wpdm_icon\" alt=\"Icono\"   src=\"https:\/\/www.inespre.gov.do\/transparencia\/wp-content\/plugins\/download-manager\/assets\/file-type-icons\/pdf.svg\" \/><\/div><\/div>        <div class=\"pull-left text-left wbt-content\"><strong class=\"ptitle\">                <a href=\"https:\/\/www.inespre.gob.do\/transparencia\/download\/marzo-2022-nomina-de-empleados-fijos\/?wpdmdl=17746&refresh=69f73f70e75801777811312\">Marzo 2022 - N\u00f3mina de Empleados Fijos<\/a>            <\/strong>            <div style=\"font-size: 8pt;padding-top: 1px\"><a href=\"https:\/\/www.inespre.gob.do\/transparencia\/download\/marzo-2022-nomina-de-empleados-fijos\/?wpdmdl=17746&refresh=69f73f70e75801777811312\">Descargar<\/a> <i style=\"margin: 4px 0 0 5px;opacity:0.5\"                                                           class=\"fa fa-th-large\"><\/i> 963.06 KB            <\/div>        <\/div>    <\/div><\/div><\/div><script>jQuery(function(){jQuery('.link-btn a.wpdm-download-link img').after('Descargar');jQuery('.link-btn a.wpdm-download-link img').remove();});<\/script><br \/>\n\n<strong>Publicado: 8 de abril, 2022 <\/strong><br \/>\n<hr \/>\n\n<h5>Febrero<\/h5>\n        <div class=\"w3eden clear\" align=\"right\"><div class=\"link-btn light\">    <div class=\"media\">        <div class=\"pull-left wbt-left\"><div class=\"wbt-icon\"><img decoding=\"async\" class=\"wpdm_icon\" alt=\"Icono\"   src=\"https:\/\/www.inespre.gov.do\/transparencia\/wp-content\/plugins\/download-manager\/assets\/file-type-icons\/xlsx.svg\" \/><\/div><\/div>        <div class=\"pull-left text-left wbt-content\"><strong class=\"ptitle\">                <a href=\"https:\/\/www.inespre.gob.do\/transparencia\/download\/febrero-2022-nomina-de-contratados-xlsx\/?wpdmdl=17198&refresh=69f73f70e78a91777811312\">Febrero 2022 \u2013 N\u00f3mina de Contratados (XLSX)<\/a>            <\/strong>            <div style=\"font-size: 8pt;padding-top: 1px\"><a href=\"https:\/\/www.inespre.gob.do\/transparencia\/download\/febrero-2022-nomina-de-contratados-xlsx\/?wpdmdl=17198&refresh=69f73f70e78a91777811312\">Descargar<\/a> <i style=\"margin: 4px 0 0 5px;opacity:0.5\"                                                           class=\"fa fa-th-large\"><\/i> 85.69 KB            <\/div>        <\/div>    <\/div><\/div><\/div><script>jQuery(function(){jQuery('.link-btn a.wpdm-download-link img').after('Descargar');jQuery('.link-btn a.wpdm-download-link img').remove();});<\/script><br \/>\n<strong>Publicado: 28 de febrero, 2022 <\/strong><br \/>\n        <div class=\"w3eden clear\" align=\"right\"><div class=\"link-btn light\">    <div class=\"media\">        <div class=\"pull-left wbt-left\"><div class=\"wbt-icon\"><img decoding=\"async\" class=\"wpdm_icon\" alt=\"Icono\"   src=\"https:\/\/www.inespre.gov.do\/transparencia\/wp-content\/plugins\/download-manager\/assets\/file-type-icons\/pdf.svg\" \/><\/div><\/div>        <div class=\"pull-left text-left wbt-content\"><strong class=\"ptitle\">                <a href=\"https:\/\/www.inespre.gob.do\/transparencia\/download\/febrero-2022-nomina-de-contratados\/?wpdmdl=17199&refresh=69f73f70e7be11777811312\">Febrero 2022 \u2013 N\u00f3mina de Contratados<\/a>            <\/strong>            <div style=\"font-size: 8pt;padding-top: 1px\"><a href=\"https:\/\/www.inespre.gob.do\/transparencia\/download\/febrero-2022-nomina-de-contratados\/?wpdmdl=17199&refresh=69f73f70e7be11777811312\">Descargar<\/a> <i style=\"margin: 4px 0 0 5px;opacity:0.5\"                                                           class=\"fa fa-th-large\"><\/i> 277.84 KB            <\/div>        <\/div>    <\/div><\/div><\/div><script>jQuery(function(){jQuery('.link-btn a.wpdm-download-link img').after('Descargar');jQuery('.link-btn a.wpdm-download-link img').remove();});<\/script><br \/>\n\n<strong>Publicado: 28 de febrero, 2022 <\/strong><br \/>\n        <div class=\"w3eden clear\" align=\"right\"><div class=\"link-btn light\">    <div class=\"media\">        <div class=\"pull-left wbt-left\"><div class=\"wbt-icon\"><img decoding=\"async\" class=\"wpdm_icon\" alt=\"Icono\"   src=\"https:\/\/www.inespre.gov.do\/transparencia\/wp-content\/plugins\/download-manager\/assets\/file-type-icons\/xlsx.svg\" \/><\/div><\/div>        <div class=\"pull-left text-left wbt-content\"><strong class=\"ptitle\">                <a href=\"https:\/\/www.inespre.gob.do\/transparencia\/download\/febrero-2022-nomina-de-empleados-fijos-xlsx\/?wpdmdl=17196&refresh=69f73f70e7f171777811312\">Febrero 2022 - N\u00f3mina de Empleados Fijos (XLSX)<\/a>            <\/strong>            <div style=\"font-size: 8pt;padding-top: 1px\"><a href=\"https:\/\/www.inespre.gob.do\/transparencia\/download\/febrero-2022-nomina-de-empleados-fijos-xlsx\/?wpdmdl=17196&refresh=69f73f70e7f171777811312\">Descargar<\/a> <i style=\"margin: 4px 0 0 5px;opacity:0.5\"                                                           class=\"fa fa-th-large\"><\/i> 295.08 KB            <\/div>        <\/div>    <\/div><\/div><\/div><script>jQuery(function(){jQuery('.link-btn a.wpdm-download-link img').after('Descargar');jQuery('.link-btn a.wpdm-download-link img').remove();});<\/script><br \/>\n\n<strong>Publicado: 28 de febrero, 2022 <\/strong><br \/>\n        <div class=\"w3eden clear\" align=\"right\"><div class=\"link-btn light\">    <div class=\"media\">        <div class=\"pull-left wbt-left\"><div class=\"wbt-icon\"><img decoding=\"async\" class=\"wpdm_icon\" alt=\"Icono\"   src=\"https:\/\/www.inespre.gov.do\/transparencia\/wp-content\/plugins\/download-manager\/assets\/file-type-icons\/pdf.svg\" \/><\/div><\/div>        <div class=\"pull-left text-left wbt-content\"><strong class=\"ptitle\">                <a href=\"https:\/\/www.inespre.gob.do\/transparencia\/download\/febrero-2022-nomina-de-empleados-fijos\/?wpdmdl=17194&refresh=69f73f70e825a1777811312\">Febrero 2022 - N\u00f3mina de Empleados Fijos<\/a>            <\/strong>            <div style=\"font-size: 8pt;padding-top: 1px\"><a href=\"https:\/\/www.inespre.gob.do\/transparencia\/download\/febrero-2022-nomina-de-empleados-fijos\/?wpdmdl=17194&refresh=69f73f70e825a1777811312\">Descargar<\/a> <i style=\"margin: 4px 0 0 5px;opacity:0.5\"                                                           class=\"fa fa-th-large\"><\/i> 935.84 KB            <\/div>        <\/div>    <\/div><\/div><\/div><script>jQuery(function(){jQuery('.link-btn a.wpdm-download-link img').after('Descargar');jQuery('.link-btn a.wpdm-download-link img').remove();});<\/script><br \/>\n\n<strong>Publicado: 28 de febrero, 2022 <\/strong><br \/>\n<hr \/>\n\n<h5>Enero<\/h5>\n        <div class=\"w3eden clear\" align=\"right\"><div class=\"link-btn light\">    <div class=\"media\">        <div class=\"pull-left wbt-left\"><div class=\"wbt-icon\"><img decoding=\"async\" class=\"wpdm_icon\" alt=\"Icono\"   src=\"https:\/\/www.inespre.gov.do\/transparencia\/wp-content\/plugins\/download-manager\/assets\/file-type-icons\/xlsx.svg\" \/><\/div><\/div>        <div class=\"pull-left text-left wbt-content\"><strong class=\"ptitle\">                <a href=\"https:\/\/www.inespre.gob.do\/transparencia\/download\/enero-2022-nomina-de-contratados-xlsx\/?wpdmdl=16839&refresh=69f73f70e85921777811312\">Enero 2022 \u2013 N\u00f3mina de Contratados (XLSX)<\/a>            <\/strong>            <div style=\"font-size: 8pt;padding-top: 1px\"><a href=\"https:\/\/www.inespre.gob.do\/transparencia\/download\/enero-2022-nomina-de-contratados-xlsx\/?wpdmdl=16839&refresh=69f73f70e85921777811312\">Descargar<\/a> <i style=\"margin: 4px 0 0 5px;opacity:0.5\"                                                           class=\"fa fa-th-large\"><\/i> 85.65 KB            <\/div>        <\/div>    <\/div><\/div><\/div><script>jQuery(function(){jQuery('.link-btn a.wpdm-download-link img').after('Descargar');jQuery('.link-btn a.wpdm-download-link img').remove();});<\/script><br \/>\n<strong>Publicado: 1 de febrero, 2022 <\/strong><br \/>\n        <div class=\"w3eden clear\" align=\"right\"><div class=\"link-btn light\">    <div class=\"media\">        <div class=\"pull-left wbt-left\"><div class=\"wbt-icon\"><img decoding=\"async\" class=\"wpdm_icon\" alt=\"Icono\"   src=\"https:\/\/www.inespre.gov.do\/transparencia\/wp-content\/plugins\/download-manager\/assets\/file-type-icons\/pdf.svg\" \/><\/div><\/div>        <div class=\"pull-left text-left wbt-content\"><strong class=\"ptitle\">                <a href=\"https:\/\/www.inespre.gob.do\/transparencia\/download\/enero-2022-nomina-de-contratados\/?wpdmdl=16840&refresh=69f73f70e88bc1777811312\">Enero 2022 \u2013 N\u00f3mina de Contratados<\/a>            <\/strong>            <div style=\"font-size: 8pt;padding-top: 1px\"><a href=\"https:\/\/www.inespre.gob.do\/transparencia\/download\/enero-2022-nomina-de-contratados\/?wpdmdl=16840&refresh=69f73f70e88bc1777811312\">Descargar<\/a> <i style=\"margin: 4px 0 0 5px;opacity:0.5\"                                                           class=\"fa fa-th-large\"><\/i> 542.51 KB            <\/div>        <\/div>    <\/div><\/div><\/div><script>jQuery(function(){jQuery('.link-btn a.wpdm-download-link img').after('Descargar');jQuery('.link-btn a.wpdm-download-link img').remove();});<\/script><br \/>\n<strong>Publicado: 1 de febrero, 2022 <\/strong><br \/>\n        <div class=\"w3eden clear\" align=\"right\"><div class=\"link-btn light\">    <div class=\"media\">        <div class=\"pull-left wbt-left\"><div class=\"wbt-icon\"><img decoding=\"async\" class=\"wpdm_icon\" alt=\"Icono\"   src=\"https:\/\/www.inespre.gov.do\/transparencia\/wp-content\/plugins\/download-manager\/assets\/file-type-icons\/xlsx.svg\" \/><\/div><\/div>        <div class=\"pull-left text-left wbt-content\"><strong class=\"ptitle\">                <a href=\"https:\/\/www.inespre.gob.do\/transparencia\/download\/enero-2022-nomina-de-empleados-fijos-xlsx\/?wpdmdl=16836&refresh=69f73f70e8be31777811312\">Enero 2022 - N\u00f3mina de Empleados Fijos (XLSX)<\/a>            <\/strong>            <div style=\"font-size: 8pt;padding-top: 1px\"><a href=\"https:\/\/www.inespre.gob.do\/transparencia\/download\/enero-2022-nomina-de-empleados-fijos-xlsx\/?wpdmdl=16836&refresh=69f73f70e8be31777811312\">Descargar<\/a> <i style=\"margin: 4px 0 0 5px;opacity:0.5\"                                                           class=\"fa fa-th-large\"><\/i> 291.96 KB            <\/div>        <\/div>    <\/div><\/div><\/div><script>jQuery(function(){jQuery('.link-btn a.wpdm-download-link img').after('Descargar');jQuery('.link-btn a.wpdm-download-link img').remove();});<\/script><br \/>\n<strong>Publicado: 1 de febrero, 2022 <\/strong><br \/>\n        <div class=\"w3eden clear\" align=\"right\"><div class=\"link-btn light\">    <div class=\"media\">        <div class=\"pull-left wbt-left\"><div class=\"wbt-icon\"><img decoding=\"async\" class=\"wpdm_icon\" alt=\"Icono\"   src=\"https:\/\/www.inespre.gov.do\/transparencia\/wp-content\/plugins\/download-manager\/assets\/file-type-icons\/pdf.svg\" \/><\/div><\/div>        <div class=\"pull-left text-left wbt-content\"><strong class=\"ptitle\">                <a href=\"https:\/\/www.inespre.gob.do\/transparencia\/download\/enero-2022-nomina-de-empleados-fijos\/?wpdmdl=16838&refresh=69f73f70e8f1a1777811312\">Enero 2022 - N\u00f3mina de Empleados Fijos<\/a>            <\/strong>            <div style=\"font-size: 8pt;padding-top: 1px\"><a href=\"https:\/\/www.inespre.gob.do\/transparencia\/download\/enero-2022-nomina-de-empleados-fijos\/?wpdmdl=16838&refresh=69f73f70e8f1a1777811312\">Descargar<\/a> <i style=\"margin: 4px 0 0 5px;opacity:0.5\"                                                           class=\"fa fa-th-large\"><\/i> 925.46 KB            <\/div>        <\/div>    <\/div><\/div><\/div><script>jQuery(function(){jQuery('.link-btn a.wpdm-download-link img').after('Descargar');jQuery('.link-btn a.wpdm-download-link img').remove();});<\/script><br \/>\n<strong>Publicado: 1 de febrero, 2022 <\/strong><br \/>\n<hr \/>\n<\/p>\r\n        <\/div> <!-- \/ tabs_item -->\r\n                <div class=\"tabs_item\">\r\n            <p><h4 id=\"2021\"><strong><span style=\"color: #003300;\">2021<\/span><\/strong><\/h4>\n<h5>N\u00f3mina de Empleados Fijos y contratados<\/h5>\n\n<hr \/>\n\n<h5>Diciembre<\/h5>\n        <div class=\"w3eden clear\" align=\"right\"><div class=\"link-btn light\">    <div class=\"media\">        <div class=\"pull-left wbt-left\"><div class=\"wbt-icon\"><img decoding=\"async\" class=\"wpdm_icon\" alt=\"Icono\"   src=\"https:\/\/www.inespre.gov.do\/transparencia\/wp-content\/plugins\/download-manager\/assets\/file-type-icons\/xlsx.svg\" \/><\/div><\/div>        <div class=\"pull-left text-left wbt-content\"><strong class=\"ptitle\">                <a href=\"https:\/\/www.inespre.gob.do\/transparencia\/download\/diciembre-2021-nomina-de-contratados\/?wpdmdl=16627&refresh=69f73f70e92791777811312\">Diciembre 2021 \u2013 N\u00f3mina de Contratados (XLSX)<\/a>            <\/strong>            <div style=\"font-size: 8pt;padding-top: 1px\"><a href=\"https:\/\/www.inespre.gob.do\/transparencia\/download\/diciembre-2021-nomina-de-contratados\/?wpdmdl=16627&refresh=69f73f70e92791777811312\">Descargar<\/a> <i style=\"margin: 4px 0 0 5px;opacity:0.5\"                                                           class=\"fa fa-th-large\"><\/i> 85.71 KB            <\/div>        <\/div>    <\/div><\/div><\/div><script>jQuery(function(){jQuery('.link-btn a.wpdm-download-link img').after('Descargar');jQuery('.link-btn a.wpdm-download-link img').remove();});<\/script><br \/>\n\n<strong>Publicado: 3 de enero, 2022 <\/strong><br \/>\n        <div class=\"w3eden clear\" align=\"right\"><div class=\"link-btn light\">    <div class=\"media\">        <div class=\"pull-left wbt-left\"><div class=\"wbt-icon\"><img decoding=\"async\" class=\"wpdm_icon\" alt=\"Icono\"   src=\"https:\/\/www.inespre.gov.do\/transparencia\/wp-content\/plugins\/download-manager\/assets\/file-type-icons\/pdf.svg\" \/><\/div><\/div>        <div class=\"pull-left text-left wbt-content\"><strong class=\"ptitle\">                <a href=\"https:\/\/www.inespre.gob.do\/transparencia\/download\/diciembre-2021-nomina-de-contratados-2\/?wpdmdl=16629&refresh=69f73f70e95e11777811312\">Diciembre 2021 \u2013 N\u00f3mina de Contratados<\/a>            <\/strong>            <div style=\"font-size: 8pt;padding-top: 1px\"><a href=\"https:\/\/www.inespre.gob.do\/transparencia\/download\/diciembre-2021-nomina-de-contratados-2\/?wpdmdl=16629&refresh=69f73f70e95e11777811312\">Descargar<\/a> <i style=\"margin: 4px 0 0 5px;opacity:0.5\"                                                           class=\"fa fa-th-large\"><\/i> 543.52 KB            <\/div>        <\/div>    <\/div><\/div><\/div><script>jQuery(function(){jQuery('.link-btn a.wpdm-download-link img').after('Descargar');jQuery('.link-btn a.wpdm-download-link img').remove();});<\/script><br \/>\n\n<strong>Publicado: 3 de enero, 2022 <\/strong><br \/>\n        <div class=\"w3eden clear\" align=\"right\"><div class=\"link-btn light\">    <div class=\"media\">        <div class=\"pull-left wbt-left\"><div class=\"wbt-icon\"><img decoding=\"async\" class=\"wpdm_icon\" alt=\"Icono\"   src=\"https:\/\/www.inespre.gov.do\/transparencia\/wp-content\/plugins\/download-manager\/assets\/file-type-icons\/xlsx.svg\" \/><\/div><\/div>        <div class=\"pull-left text-left wbt-content\"><strong class=\"ptitle\">                <a href=\"https:\/\/www.inespre.gob.do\/transparencia\/download\/diciembre-2021-nomina-de-empleados-fijos-xlsx\/?wpdmdl=16623&refresh=69f73f70e99151777811312\">Diciembre 2021 \u2013 N\u00f3mina de Empleados Fijos (XLSX)<\/a>            <\/strong>            <div style=\"font-size: 8pt;padding-top: 1px\"><a href=\"https:\/\/www.inespre.gob.do\/transparencia\/download\/diciembre-2021-nomina-de-empleados-fijos-xlsx\/?wpdmdl=16623&refresh=69f73f70e99151777811312\">Descargar<\/a> <i style=\"margin: 4px 0 0 5px;opacity:0.5\"                                                           class=\"fa fa-th-large\"><\/i> 528.40 KB            <\/div>        <\/div>    <\/div><\/div><\/div><script>jQuery(function(){jQuery('.link-btn a.wpdm-download-link img').after('Descargar');jQuery('.link-btn a.wpdm-download-link img').remove();});<\/script><br \/>\n\n<strong>Publicado: 3 de enero, 2022 <\/strong><br \/>\n        <div class=\"w3eden clear\" align=\"right\"><div class=\"link-btn light\">    <div class=\"media\">        <div class=\"pull-left wbt-left\"><div class=\"wbt-icon\"><img decoding=\"async\" class=\"wpdm_icon\" alt=\"Icono\"   src=\"https:\/\/www.inespre.gov.do\/transparencia\/wp-content\/plugins\/download-manager\/assets\/file-type-icons\/pdf.svg\" \/><\/div><\/div>        <div class=\"pull-left text-left wbt-content\"><strong class=\"ptitle\">                <a href=\"https:\/\/www.inespre.gob.do\/transparencia\/download\/diciembre-2021-nomina-de-empleados-fijos\/?wpdmdl=16624&refresh=69f73f70e9cbd1777811312\">Diciembre 2021 \u2013 N\u00f3mina de Empleados Fijos<\/a>            <\/strong>            <div style=\"font-size: 8pt;padding-top: 1px\"><a href=\"https:\/\/www.inespre.gob.do\/transparencia\/download\/diciembre-2021-nomina-de-empleados-fijos\/?wpdmdl=16624&refresh=69f73f70e9cbd1777811312\">Descargar<\/a> <i style=\"margin: 4px 0 0 5px;opacity:0.5\"                                                           class=\"fa fa-th-large\"><\/i> 926.90 KB            <\/div>        <\/div>    <\/div><\/div><\/div><script>jQuery(function(){jQuery('.link-btn a.wpdm-download-link img').after('Descargar');jQuery('.link-btn a.wpdm-download-link img').remove();});<\/script><br \/>\n\n<em><strong>Publicado: 3 de enero, 2022<\/strong><\/em><br \/>\n\n<hr \/>\n\n<h5>Noviembre<\/h5>\n        <div class=\"w3eden clear\" align=\"right\"><div class=\"link-btn light\">    <div class=\"media\">        <div class=\"pull-left wbt-left\"><div class=\"wbt-icon\"><img decoding=\"async\" class=\"wpdm_icon\" alt=\"Icono\"   src=\"https:\/\/www.inespre.gov.do\/transparencia\/wp-content\/plugins\/download-manager\/assets\/file-type-icons\/xlsx.svg\" \/><\/div><\/div>        <div class=\"pull-left text-left wbt-content\"><strong class=\"ptitle\">                <a href=\"https:\/\/www.inespre.gob.do\/transparencia\/download\/noviembre-2021-nomina-de-contratados-xlsx\/?wpdmdl=16169&refresh=69f73f70e9ff31777811312\">Noviembre 2021 \u2013 N\u00f3mina de Contratados (XLSX)<\/a>            <\/strong>            <div style=\"font-size: 8pt;padding-top: 1px\"><a href=\"https:\/\/www.inespre.gob.do\/transparencia\/download\/noviembre-2021-nomina-de-contratados-xlsx\/?wpdmdl=16169&refresh=69f73f70e9ff31777811312\">Descargar<\/a> <i style=\"margin: 4px 0 0 5px;opacity:0.5\"                                                           class=\"fa fa-th-large\"><\/i> 85.72 KB            <\/div>        <\/div>    <\/div><\/div><\/div><script>jQuery(function(){jQuery('.link-btn a.wpdm-download-link img').after('Descargar');jQuery('.link-btn a.wpdm-download-link img').remove();});<\/script><br \/>\n\n<strong>Publicado: 10 de diciembre, 2021 <\/strong><br \/>\n        <div class=\"w3eden clear\" align=\"right\"><div class=\"link-btn light\">    <div class=\"media\">        <div class=\"pull-left wbt-left\"><div class=\"wbt-icon\"><img decoding=\"async\" class=\"wpdm_icon\" alt=\"Icono\"   src=\"https:\/\/www.inespre.gov.do\/transparencia\/wp-content\/plugins\/download-manager\/assets\/file-type-icons\/pdf.svg\" \/><\/div><\/div>        <div class=\"pull-left text-left wbt-content\"><strong class=\"ptitle\">                <a href=\"https:\/\/www.inespre.gob.do\/transparencia\/download\/noviembre-2021-nomina-de-contratados\/?wpdmdl=16046&refresh=69f73f70ea3291777811312\">Noviembre 2021 \u2013 N\u00f3mina de Contratados<\/a>            <\/strong>            <div style=\"font-size: 8pt;padding-top: 1px\"><a href=\"https:\/\/www.inespre.gob.do\/transparencia\/download\/noviembre-2021-nomina-de-contratados\/?wpdmdl=16046&refresh=69f73f70ea3291777811312\">Descargar<\/a> <i style=\"margin: 4px 0 0 5px;opacity:0.5\"                                                           class=\"fa fa-th-large\"><\/i> 546.74 KB            <\/div>        <\/div>    <\/div><\/div><\/div><script>jQuery(function(){jQuery('.link-btn a.wpdm-download-link img').after('Descargar');jQuery('.link-btn a.wpdm-download-link img').remove();});<\/script><br \/>\n\n<strong>Publicado: 7 de diciembre, 2021 <\/strong><br \/>\n        <div class=\"w3eden clear\" align=\"right\"><div class=\"link-btn light\">    <div class=\"media\">        <div class=\"pull-left wbt-left\"><div class=\"wbt-icon\"><img decoding=\"async\" class=\"wpdm_icon\" alt=\"Icono\"   src=\"https:\/\/www.inespre.gov.do\/transparencia\/wp-content\/plugins\/download-manager\/assets\/file-type-icons\/xlsx.svg\" \/><\/div><\/div>        <div class=\"pull-left text-left wbt-content\"><strong class=\"ptitle\">                <a href=\"https:\/\/www.inespre.gob.do\/transparencia\/download\/noviembre-2021-nomina-de-empleados-fijos-xlsx\/?wpdmdl=16168&refresh=69f73f70ea65e1777811312\">Noviembre 2021 \u2013 N\u00f3mina de Empleados Fijos (XLSX)<\/a>            <\/strong>            <div style=\"font-size: 8pt;padding-top: 1px\"><a href=\"https:\/\/www.inespre.gob.do\/transparencia\/download\/noviembre-2021-nomina-de-empleados-fijos-xlsx\/?wpdmdl=16168&refresh=69f73f70ea65e1777811312\">Descargar<\/a> <i style=\"margin: 4px 0 0 5px;opacity:0.5\"                                                           class=\"fa fa-th-large\"><\/i> 287.77 KB            <\/div>        <\/div>    <\/div><\/div><\/div><script>jQuery(function(){jQuery('.link-btn a.wpdm-download-link img').after('Descargar');jQuery('.link-btn a.wpdm-download-link img').remove();});<\/script><br \/>\n\n<strong>Publicado: 10 de diciembre, 2021 <\/strong><br \/>\n        <div class=\"w3eden clear\" align=\"right\"><div class=\"link-btn light\">    <div class=\"media\">        <div class=\"pull-left wbt-left\"><div class=\"wbt-icon\"><img decoding=\"async\" class=\"wpdm_icon\" alt=\"Icono\"   src=\"https:\/\/www.inespre.gov.do\/transparencia\/wp-content\/plugins\/download-manager\/assets\/file-type-icons\/pdf.svg\" \/><\/div><\/div>        <div class=\"pull-left text-left wbt-content\"><strong class=\"ptitle\">                <a href=\"https:\/\/www.inespre.gob.do\/transparencia\/download\/noviembre-2021-nomina-de-empleados-fijos\/?wpdmdl=16044&refresh=69f73f70ea9901777811312\">Noviembre 2021 \u2013 N\u00f3mina de Empleados Fijos<\/a>            <\/strong>            <div style=\"font-size: 8pt;padding-top: 1px\"><a href=\"https:\/\/www.inespre.gob.do\/transparencia\/download\/noviembre-2021-nomina-de-empleados-fijos\/?wpdmdl=16044&refresh=69f73f70ea9901777811312\">Descargar<\/a> <i style=\"margin: 4px 0 0 5px;opacity:0.5\"                                                           class=\"fa fa-th-large\"><\/i> 902.59 KB            <\/div>        <\/div>    <\/div><\/div><\/div><script>jQuery(function(){jQuery('.link-btn a.wpdm-download-link img').after('Descargar');jQuery('.link-btn a.wpdm-download-link img').remove();});<\/script><br \/>\n\n<em><strong>Publicado: 7 de diciembre, 2021<\/strong><\/em><br \/>\n\n<hr \/>\n\n<h5>Octubre<\/h5>\n        <div class=\"w3eden clear\" align=\"right\"><div class=\"link-btn light\">    <div class=\"media\">        <div class=\"pull-left wbt-left\"><div class=\"wbt-icon\"><img decoding=\"async\" class=\"wpdm_icon\" alt=\"Icono\"   src=\"https:\/\/www.inespre.gov.do\/transparencia\/wp-content\/plugins\/download-manager\/assets\/file-type-icons\/xlsx.svg\" \/><\/div><\/div>        <div class=\"pull-left text-left wbt-content\"><strong class=\"ptitle\">                <a href=\"https:\/\/www.inespre.gob.do\/transparencia\/download\/octubre-2021-nomina-de-contratados-xlsx\/?wpdmdl=16165&refresh=69f73f70eacba1777811312\">Octubre 2021 \u2013 N\u00f3mina de Contratados (XLSX)<\/a>            <\/strong>            <div style=\"font-size: 8pt;padding-top: 1px\"><a href=\"https:\/\/www.inespre.gob.do\/transparencia\/download\/octubre-2021-nomina-de-contratados-xlsx\/?wpdmdl=16165&refresh=69f73f70eacba1777811312\">Descargar<\/a> <i style=\"margin: 4px 0 0 5px;opacity:0.5\"                                                           class=\"fa fa-th-large\"><\/i> 86.06 KB            <\/div>        <\/div>    <\/div><\/div><\/div><script>jQuery(function(){jQuery('.link-btn a.wpdm-download-link img').after('Descargar');jQuery('.link-btn a.wpdm-download-link img').remove();});<\/script><br \/>\n\n<strong>Publicado: 10 de diciembre, 2021 <\/strong><br \/>\n        <div class=\"w3eden clear\" align=\"right\"><div class=\"link-btn light\">    <div class=\"media\">        <div class=\"pull-left wbt-left\"><div class=\"wbt-icon\"><img decoding=\"async\" class=\"wpdm_icon\" alt=\"Icono\"   src=\"https:\/\/www.inespre.gov.do\/transparencia\/wp-content\/plugins\/download-manager\/assets\/file-type-icons\/pdf.svg\" \/><\/div><\/div>        <div class=\"pull-left text-left wbt-content\"><strong class=\"ptitle\">                <a href=\"https:\/\/www.inespre.gob.do\/transparencia\/download\/octubre-2021-nomina-de-contratados\/?wpdmdl=15702&refresh=69f73f70eafea1777811312\">Octubre 2021 \u2013 N\u00f3mina de Contratados<\/a>            <\/strong>            <div style=\"font-size: 8pt;padding-top: 1px\"><a href=\"https:\/\/www.inespre.gob.do\/transparencia\/download\/octubre-2021-nomina-de-contratados\/?wpdmdl=15702&refresh=69f73f70eafea1777811312\">Descargar<\/a> <i style=\"margin: 4px 0 0 5px;opacity:0.5\"                                                           class=\"fa fa-th-large\"><\/i> 687.59 KB            <\/div>        <\/div>    <\/div><\/div><\/div><script>jQuery(function(){jQuery('.link-btn a.wpdm-download-link img').after('Descargar');jQuery('.link-btn a.wpdm-download-link img').remove();});<\/script><br \/>\n\n<strong>Publicado: 5 de noviembre, 2021 <\/strong><br \/>\n        <div class=\"w3eden clear\" align=\"right\"><div class=\"link-btn light\">    <div class=\"media\">        <div class=\"pull-left wbt-left\"><div class=\"wbt-icon\"><img decoding=\"async\" class=\"wpdm_icon\" alt=\"Icono\"   src=\"https:\/\/www.inespre.gov.do\/transparencia\/wp-content\/plugins\/download-manager\/assets\/file-type-icons\/xlsx.svg\" \/><\/div><\/div>        <div class=\"pull-left text-left wbt-content\"><strong class=\"ptitle\">                <a href=\"https:\/\/www.inespre.gob.do\/transparencia\/download\/octubre-2021-nomina-de-empleados-fijos-xlsx\/?wpdmdl=16164&refresh=69f73f70eb3121777811312\">Octubre 2021 \u2013 N\u00f3mina de Empleados Fijos (XLSX)<\/a>            <\/strong>            <div style=\"font-size: 8pt;padding-top: 1px\"><a href=\"https:\/\/www.inespre.gob.do\/transparencia\/download\/octubre-2021-nomina-de-empleados-fijos-xlsx\/?wpdmdl=16164&refresh=69f73f70eb3121777811312\">Descargar<\/a> <i style=\"margin: 4px 0 0 5px;opacity:0.5\"                                                           class=\"fa fa-th-large\"><\/i> 287.12 KB            <\/div>        <\/div>    <\/div><\/div><\/div><script>jQuery(function(){jQuery('.link-btn a.wpdm-download-link img').after('Descargar');jQuery('.link-btn a.wpdm-download-link img').remove();});<\/script><br \/>\n<strong>Publicado: 10 de diciembre, 2021 <\/strong><br \/>\n        <div class=\"w3eden clear\" align=\"right\"><div class=\"link-btn light\">    <div class=\"media\">        <div class=\"pull-left wbt-left\"><div class=\"wbt-icon\"><img decoding=\"async\" class=\"wpdm_icon\" alt=\"Icono\"   src=\"https:\/\/www.inespre.gov.do\/transparencia\/wp-content\/plugins\/download-manager\/assets\/file-type-icons\/pdf.svg\" \/><\/div><\/div>        <div class=\"pull-left text-left wbt-content\"><strong class=\"ptitle\">                <a href=\"https:\/\/www.inespre.gob.do\/transparencia\/download\/octubre-2021-nomina-de-empleados-fijos\/?wpdmdl=15704&refresh=69f73f70eb73b1777811312\">Octubre 2021 \u2013 N\u00f3mina de Empleados Fijos<\/a>            <\/strong>            <div style=\"font-size: 8pt;padding-top: 1px\"><a href=\"https:\/\/www.inespre.gob.do\/transparencia\/download\/octubre-2021-nomina-de-empleados-fijos\/?wpdmdl=15704&refresh=69f73f70eb73b1777811312\">Descargar<\/a> <i style=\"margin: 4px 0 0 5px;opacity:0.5\"                                                           class=\"fa fa-th-large\"><\/i> 947.85 KB            <\/div>        <\/div>    <\/div><\/div><\/div><script>jQuery(function(){jQuery('.link-btn a.wpdm-download-link img').after('Descargar');jQuery('.link-btn a.wpdm-download-link img').remove();});<\/script><br \/>\n\n<em><strong>Publicado: 5 de noviembre, 2021<\/strong><\/em><br \/>\n\n<hr \/>\n\n<h5>Septiembre<\/h5>\n        <div class=\"w3eden clear\" align=\"right\"><div class=\"link-btn light\">    <div class=\"media\">        <div class=\"pull-left wbt-left\"><div class=\"wbt-icon\"><img decoding=\"async\" class=\"wpdm_icon\" alt=\"Icono\"   src=\"https:\/\/www.inespre.gov.do\/transparencia\/wp-content\/plugins\/download-manager\/assets\/file-type-icons\/xlsx.svg\" \/><\/div><\/div>        <div class=\"pull-left text-left wbt-content\"><strong class=\"ptitle\">                <a href=\"https:\/\/www.inespre.gob.do\/transparencia\/download\/septiembre-2021-nomina-de-contratados-xlsx\/?wpdmdl=16162&refresh=69f73f70eba9a1777811312\">Septiembre 2021 \u2013 N\u00f3mina de Contratados (XLSX)<\/a>            <\/strong>            <div style=\"font-size: 8pt;padding-top: 1px\"><a href=\"https:\/\/www.inespre.gob.do\/transparencia\/download\/septiembre-2021-nomina-de-contratados-xlsx\/?wpdmdl=16162&refresh=69f73f70eba9a1777811312\">Descargar<\/a> <i style=\"margin: 4px 0 0 5px;opacity:0.5\"                                                           class=\"fa fa-th-large\"><\/i> 86.04 KB            <\/div>        <\/div>    <\/div><\/div><\/div><script>jQuery(function(){jQuery('.link-btn a.wpdm-download-link img').after('Descargar');jQuery('.link-btn a.wpdm-download-link img').remove();});<\/script><br \/>\n\n<strong>Publicado: 10 de diciembre, 2021 <\/strong><br \/>\n        <div class=\"w3eden clear\" align=\"right\"><div class=\"link-btn light\">    <div class=\"media\">        <div class=\"pull-left wbt-left\"><div class=\"wbt-icon\"><img decoding=\"async\" class=\"wpdm_icon\" alt=\"Icono\"   src=\"https:\/\/www.inespre.gov.do\/transparencia\/wp-content\/plugins\/download-manager\/assets\/file-type-icons\/pdf.svg\" \/><\/div><\/div>        <div class=\"pull-left text-left wbt-content\"><strong class=\"ptitle\">                <a href=\"https:\/\/www.inespre.gob.do\/transparencia\/download\/septiembre-2021-nomina-de-contratados\/?wpdmdl=15272&refresh=69f73f70ebe5a1777811312\">Septiembre 2021 \u2013 N\u00f3mina de Contratados<\/a>            <\/strong>            <div style=\"font-size: 8pt;padding-top: 1px\"><a href=\"https:\/\/www.inespre.gob.do\/transparencia\/download\/septiembre-2021-nomina-de-contratados\/?wpdmdl=15272&refresh=69f73f70ebe5a1777811312\">Descargar<\/a> <i style=\"margin: 4px 0 0 5px;opacity:0.5\"                                                           class=\"fa fa-th-large\"><\/i> 463.74 KB            <\/div>        <\/div>    <\/div><\/div><\/div><script>jQuery(function(){jQuery('.link-btn a.wpdm-download-link img').after('Descargar');jQuery('.link-btn a.wpdm-download-link img').remove();});<\/script><br \/>\n\n<strong>Publicado: 8 de octubre, 2021 <\/strong><br \/>\n        <div class=\"w3eden clear\" align=\"right\"><div class=\"link-btn light\">    <div class=\"media\">        <div class=\"pull-left wbt-left\"><div class=\"wbt-icon\"><img decoding=\"async\" class=\"wpdm_icon\" alt=\"Icono\"   src=\"https:\/\/www.inespre.gov.do\/transparencia\/wp-content\/plugins\/download-manager\/assets\/file-type-icons\/xlsx.svg\" \/><\/div><\/div>        <div class=\"pull-left text-left wbt-content\"><strong class=\"ptitle\">                <a href=\"https:\/\/www.inespre.gob.do\/transparencia\/download\/septiembre-2021-nomina-de-empleados-fijos-xlsx\/?wpdmdl=16160&refresh=69f73f70ec1d71777811312\">Septiembre 2021 \u2013 N\u00f3mina de Empleados Fijos (XLSX)<\/a>            <\/strong>            <div style=\"font-size: 8pt;padding-top: 1px\"><a href=\"https:\/\/www.inespre.gob.do\/transparencia\/download\/septiembre-2021-nomina-de-empleados-fijos-xlsx\/?wpdmdl=16160&refresh=69f73f70ec1d71777811312\">Descargar<\/a> <i style=\"margin: 4px 0 0 5px;opacity:0.5\"                                                           class=\"fa fa-th-large\"><\/i> 284.08 KB            <\/div>        <\/div>    <\/div><\/div><\/div><script>jQuery(function(){jQuery('.link-btn a.wpdm-download-link img').after('Descargar');jQuery('.link-btn a.wpdm-download-link img').remove();});<\/script><br \/>\n\n<strong>Publicado: 10 de diciembre, 2021 <\/strong><br \/>\n        <div class=\"w3eden clear\" align=\"right\"><div class=\"link-btn light\">    <div class=\"media\">        <div class=\"pull-left wbt-left\"><div class=\"wbt-icon\"><img decoding=\"async\" class=\"wpdm_icon\" alt=\"Icono\"   src=\"https:\/\/www.inespre.gov.do\/transparencia\/wp-content\/plugins\/download-manager\/assets\/file-type-icons\/pdf.svg\" \/><\/div><\/div>        <div class=\"pull-left text-left wbt-content\"><strong class=\"ptitle\">                <a href=\"https:\/\/www.inespre.gob.do\/transparencia\/download\/septiembre-2021-nomina-de-empleados-fijos\/?wpdmdl=15270&refresh=69f73f70ec52c1777811312\">Septiembre 2021 \u2013 N\u00f3mina de Empleados Fijos<\/a>            <\/strong>            <div style=\"font-size: 8pt;padding-top: 1px\"><a href=\"https:\/\/www.inespre.gob.do\/transparencia\/download\/septiembre-2021-nomina-de-empleados-fijos\/?wpdmdl=15270&refresh=69f73f70ec52c1777811312\">Descargar<\/a> <i style=\"margin: 4px 0 0 5px;opacity:0.5\"                                                           class=\"fa fa-th-large\"><\/i> 928.05 KB            <\/div>        <\/div>    <\/div><\/div><\/div><script>jQuery(function(){jQuery('.link-btn a.wpdm-download-link img').after('Descargar');jQuery('.link-btn a.wpdm-download-link img').remove();});<\/script><br \/>\n\n<em><strong>Publicado: 8 de octubre, 2021<\/strong><\/em><br \/>\n\n<hr \/>\n\n<h5>Agosto<\/h5>\n        <div class=\"w3eden clear\" align=\"right\"><div class=\"link-btn light\">    <div class=\"media\">        <div class=\"pull-left wbt-left\"><div class=\"wbt-icon\"><img decoding=\"async\" class=\"wpdm_icon\" alt=\"Icono\"   src=\"https:\/\/www.inespre.gov.do\/transparencia\/wp-content\/plugins\/download-manager\/assets\/file-type-icons\/xlsx.svg\" \/><\/div><\/div>        <div class=\"pull-left text-left wbt-content\"><strong class=\"ptitle\">                <a href=\"https:\/\/www.inespre.gob.do\/transparencia\/download\/agosto-2021-nomina-de-contratados-xlsx\/?wpdmdl=16156&refresh=69f73f70ec87a1777811312\">Agosto 2021 \u2013 N\u00f3mina de Contratados (XLSX)<\/a>            <\/strong>            <div style=\"font-size: 8pt;padding-top: 1px\"><a href=\"https:\/\/www.inespre.gob.do\/transparencia\/download\/agosto-2021-nomina-de-contratados-xlsx\/?wpdmdl=16156&refresh=69f73f70ec87a1777811312\">Descargar<\/a> <i style=\"margin: 4px 0 0 5px;opacity:0.5\"                                                           class=\"fa fa-th-large\"><\/i> 217.33 KB            <\/div>        <\/div>    <\/div><\/div><\/div><script>jQuery(function(){jQuery('.link-btn a.wpdm-download-link img').after('Descargar');jQuery('.link-btn a.wpdm-download-link img').remove();});<\/script><br \/>\n\n<strong>Publicado: 10 de diciembre, 2021 <\/strong><br \/>\n        <div class=\"w3eden clear\" align=\"right\"><div class=\"link-btn light\">    <div class=\"media\">        <div class=\"pull-left wbt-left\"><div class=\"wbt-icon\"><img decoding=\"async\" class=\"wpdm_icon\" alt=\"Icono\"   src=\"https:\/\/www.inespre.gov.do\/transparencia\/wp-content\/plugins\/download-manager\/assets\/file-type-icons\/pdf.svg\" \/><\/div><\/div>        <div class=\"pull-left text-left wbt-content\"><strong class=\"ptitle\">                <a href=\"https:\/\/www.inespre.gob.do\/transparencia\/download\/agosto-2021-nomina-de-contratados\/?wpdmdl=15053&refresh=69f73f70ecbda1777811312\">Agosto 2021 \u2013 N\u00f3mina de Contratados<\/a>            <\/strong>            <div style=\"font-size: 8pt;padding-top: 1px\"><a href=\"https:\/\/www.inespre.gob.do\/transparencia\/download\/agosto-2021-nomina-de-contratados\/?wpdmdl=15053&refresh=69f73f70ecbda1777811312\">Descargar<\/a> <i style=\"margin: 4px 0 0 5px;opacity:0.5\"                                                           class=\"fa fa-th-large\"><\/i> 460.10 KB            <\/div>        <\/div>    <\/div><\/div><\/div><script>jQuery(function(){jQuery('.link-btn a.wpdm-download-link img').after('Descargar');jQuery('.link-btn a.wpdm-download-link img').remove();});<\/script><br \/>\n\n<strong>Publicado: 8 de septiembre, 2021 <\/strong><br \/>\n        <div class=\"w3eden clear\" align=\"right\"><div class=\"link-btn light\">    <div class=\"media\">        <div class=\"pull-left wbt-left\"><div class=\"wbt-icon\"><img decoding=\"async\" class=\"wpdm_icon\" alt=\"Icono\"   src=\"https:\/\/www.inespre.gov.do\/transparencia\/wp-content\/plugins\/download-manager\/assets\/file-type-icons\/xlsx.svg\" \/><\/div><\/div>        <div class=\"pull-left text-left wbt-content\"><strong class=\"ptitle\">                <a href=\"https:\/\/www.inespre.gob.do\/transparencia\/download\/agosto-2021-nomina-de-empleados-fijos-xlsx\/?wpdmdl=16154&refresh=69f73f70ecf6a1777811312\">Agosto 2021 \u2013 N\u00f3mina de Empleados Fijos (XLSX)<\/a>            <\/strong>            <div style=\"font-size: 8pt;padding-top: 1px\"><a href=\"https:\/\/www.inespre.gob.do\/transparencia\/download\/agosto-2021-nomina-de-empleados-fijos-xlsx\/?wpdmdl=16154&refresh=69f73f70ecf6a1777811312\">Descargar<\/a> <i style=\"margin: 4px 0 0 5px;opacity:0.5\"                                                           class=\"fa fa-th-large\"><\/i> 281.77 KB            <\/div>        <\/div>    <\/div><\/div><\/div><script>jQuery(function(){jQuery('.link-btn a.wpdm-download-link img').after('Decargar');jQuery('.link-btn a.wpdm-download-link img').remove();});<\/script><br \/>\n\n<strong>Publicado: 10 de diciembre, 2021 <\/strong><br \/>\n        <div class=\"w3eden clear\" align=\"right\"><div class=\"link-btn light\">    <div class=\"media\">        <div class=\"pull-left wbt-left\"><div class=\"wbt-icon\"><img decoding=\"async\" class=\"wpdm_icon\" alt=\"Icono\"   src=\"https:\/\/www.inespre.gov.do\/transparencia\/wp-content\/plugins\/download-manager\/assets\/file-type-icons\/pdf.svg\" \/><\/div><\/div>        <div class=\"pull-left text-left wbt-content\"><strong class=\"ptitle\">                <a href=\"https:\/\/www.inespre.gob.do\/transparencia\/download\/agosto-2021-nomina-de-empleados-fijos\/?wpdmdl=15051&refresh=69f73f70ed2af1777811312\">Agosto 2021 \u2013 N\u00f3mina de Empleados Fijos<\/a>            <\/strong>            <div style=\"font-size: 8pt;padding-top: 1px\"><a href=\"https:\/\/www.inespre.gob.do\/transparencia\/download\/agosto-2021-nomina-de-empleados-fijos\/?wpdmdl=15051&refresh=69f73f70ed2af1777811312\">Descargar<\/a> <i style=\"margin: 4px 0 0 5px;opacity:0.5\"                                                           class=\"fa fa-th-large\"><\/i> 865.82 KB            <\/div>        <\/div>    <\/div><\/div><\/div><script>jQuery(function(){jQuery('.link-btn a.wpdm-download-link img').after('Descargar');jQuery('.link-btn a.wpdm-download-link img').remove();});<\/script><br \/>\n\n<em><strong>Publicado: 8 de septiembre, 2021<\/strong><\/em><br \/><br \/>\n\n<hr \/>\n\n<h5>Julio<\/h5>\n        <div class=\"w3eden clear\" align=\"right\"><div class=\"link-btn light\">    <div class=\"media\">        <div class=\"pull-left wbt-left\"><div class=\"wbt-icon\"><img decoding=\"async\" class=\"wpdm_icon\" alt=\"Icono\"   src=\"https:\/\/www.inespre.gov.do\/transparencia\/wp-content\/plugins\/download-manager\/assets\/file-type-icons\/text.svg\" \/><\/div><\/div>        <div class=\"pull-left text-left wbt-content\"><strong class=\"ptitle\">                <a href=\"https:\/\/www.inespre.gob.do\/transparencia\/download\/esta-institucion-no-tiene-personal-contratado-en-julio-2021\/?wpdmdl=14784&refresh=69f73f70ed5f01777811312\">Esta instituci\u00f3n no tiene personal contratado en Julio 2021<\/a>            <\/strong>            <div style=\"font-size: 8pt;padding-top: 1px\"><a href=\"https:\/\/www.inespre.gob.do\/transparencia\/download\/esta-institucion-no-tiene-personal-contratado-en-julio-2021\/?wpdmdl=14784&refresh=69f73f70ed5f01777811312\">Descargar<\/a> <i style=\"margin: 4px 0 0 5px;opacity:0.5\"                                                           class=\"fa fa-th-large\"><\/i> 0.06 KB            <\/div>        <\/div>    <\/div><\/div><\/div><script>jQuery(function(){jQuery('.link-btn a.wpdm-download-link img').after('Descargar');jQuery('.link-btn a.wpdm-download-link img').remove();});<\/script><br \/>\n\n<strong>Publicado: 9 de agosto, 2021 <\/strong><br \/>\n        <div class=\"w3eden clear\" align=\"right\"><div class=\"link-btn light\">    <div class=\"media\">        <div class=\"pull-left wbt-left\"><div class=\"wbt-icon\"><img decoding=\"async\" class=\"wpdm_icon\" alt=\"Icono\"   src=\"https:\/\/www.inespre.gov.do\/transparencia\/wp-content\/plugins\/download-manager\/assets\/file-type-icons\/xlsx.svg\" \/><\/div><\/div>        <div class=\"pull-left text-left wbt-content\"><strong class=\"ptitle\">                <a href=\"https:\/\/www.inespre.gob.do\/transparencia\/download\/julio-2021-nomina-de-empleados-fijos-xlsx\/?wpdmdl=16152&refresh=69f73f70ed9a11777811312\">Julio 2021 \u2013 N\u00f3mina de Empleados Fijos (XLSX)<\/a>            <\/strong>            <div style=\"font-size: 8pt;padding-top: 1px\"><a href=\"https:\/\/www.inespre.gob.do\/transparencia\/download\/julio-2021-nomina-de-empleados-fijos-xlsx\/?wpdmdl=16152&refresh=69f73f70ed9a11777811312\">Descargar<\/a> <i style=\"margin: 4px 0 0 5px;opacity:0.5\"                                                           class=\"fa fa-th-large\"><\/i> 276.44 KB            <\/div>        <\/div>    <\/div><\/div><\/div><script>jQuery(function(){jQuery('.link-btn a.wpdm-download-link img').after('Descargar');jQuery('.link-btn a.wpdm-download-link img').remove();});<\/script><br \/>\n\n<strong>Publicado: 10 de diciembre, 2021 <\/strong><br \/>\n        <div class=\"w3eden clear\" align=\"right\"><div class=\"link-btn light\">    <div class=\"media\">        <div class=\"pull-left wbt-left\"><div class=\"wbt-icon\"><img decoding=\"async\" class=\"wpdm_icon\" alt=\"Icono\"   src=\"https:\/\/www.inespre.gov.do\/transparencia\/wp-content\/plugins\/download-manager\/assets\/file-type-icons\/pdf.svg\" \/><\/div><\/div>        <div class=\"pull-left text-left wbt-content\"><strong class=\"ptitle\">                <a href=\"https:\/\/www.inespre.gob.do\/transparencia\/download\/febrero-2021-nomina-de-empleados-fijos\/?wpdmdl=13354&refresh=69f73f70edd0b1777811312\">Febrero 2021 \u2013 N\u00f3mina de Empleados Fijos<\/a>            <\/strong>            <div style=\"font-size: 8pt;padding-top: 1px\"><a href=\"https:\/\/www.inespre.gob.do\/transparencia\/download\/febrero-2021-nomina-de-empleados-fijos\/?wpdmdl=13354&refresh=69f73f70edd0b1777811312\">Descargar<\/a> <i style=\"margin: 4px 0 0 5px;opacity:0.5\"                                                           class=\"fa fa-th-large\"><\/i> 1.86 MB            <\/div>        <\/div>    <\/div><\/div><\/div><script>jQuery(function(){jQuery('.link-btn a.wpdm-download-link img').after('Descargar');jQuery('.link-btn a.wpdm-download-link img').remove();});<\/script><br \/>\n\n<em><strong>Publicado: 9 de agosto, 2021<\/strong><\/em><br \/>\n\n<hr \/>\n\n<h5>Junio<\/h5>\n        <div class=\"w3eden clear\" align=\"right\"><div class=\"link-btn light\">    <div class=\"media\">        <div class=\"pull-left wbt-left\"><div class=\"wbt-icon\"><img decoding=\"async\" class=\"wpdm_icon\" alt=\"Icono\"   src=\"https:\/\/www.inespre.gov.do\/transparencia\/wp-content\/plugins\/download-manager\/assets\/file-type-icons\/xlsx.svg\" \/><\/div><\/div>        <div class=\"pull-left text-left wbt-content\"><strong class=\"ptitle\">                <a href=\"https:\/\/www.inespre.gob.do\/transparencia\/download\/junio-2021-nomina-de-contratados-xlsx\/?wpdmdl=16149&refresh=69f73f70ee0451777811312\">Junio 2021 \u2013 N\u00f3mina de Contratados (XLSX)<\/a>            <\/strong>            <div style=\"font-size: 8pt;padding-top: 1px\"><a href=\"https:\/\/www.inespre.gob.do\/transparencia\/download\/junio-2021-nomina-de-contratados-xlsx\/?wpdmdl=16149&refresh=69f73f70ee0451777811312\">Descargar<\/a> <i style=\"margin: 4px 0 0 5px;opacity:0.5\"                                                           class=\"fa fa-th-large\"><\/i> 85.63 KB            <\/div>        <\/div>    <\/div><\/div><\/div><script>jQuery(function(){jQuery('.link-btn a.wpdm-download-link img').after('Descargar');jQuery('.link-btn a.wpdm-download-link img').remove();});<\/script><br \/>\n\n<strong>Publicado: 10 de diciembre, 2021 <\/strong><br \/>\n        <div class=\"w3eden clear\" align=\"right\"><div class=\"link-btn light\">    <div class=\"media\">        <div class=\"pull-left wbt-left\"><div class=\"wbt-icon\"><img decoding=\"async\" class=\"wpdm_icon\" alt=\"Icono\"   src=\"https:\/\/www.inespre.gov.do\/transparencia\/wp-content\/plugins\/download-manager\/assets\/file-type-icons\/pdf.svg\" \/><\/div><\/div>        <div class=\"pull-left text-left wbt-content\"><strong class=\"ptitle\">                <a href=\"https:\/\/www.inespre.gob.do\/transparencia\/download\/junio-2021-nomina-de-contratados\/?wpdmdl=14267&refresh=69f73f70ee3911777811312\">Junio 2021 \u2013 N\u00f3mina de Contratados<\/a>            <\/strong>            <div style=\"font-size: 8pt;padding-top: 1px\"><a href=\"https:\/\/www.inespre.gob.do\/transparencia\/download\/junio-2021-nomina-de-contratados\/?wpdmdl=14267&refresh=69f73f70ee3911777811312\">Descargar<\/a> <i style=\"margin: 4px 0 0 5px;opacity:0.5\"                                                           class=\"fa fa-th-large\"><\/i> 1.25 MB            <\/div>        <\/div>    <\/div><\/div><\/div><script>jQuery(function(){jQuery('.link-btn a.wpdm-download-link img').after('Descargar');jQuery('.link-btn a.wpdm-download-link img').remove();});<\/script><br \/>\n\n<strong>Publicado: 8 de julio, 2021 <\/strong><br \/>\n        <div class=\"w3eden clear\" align=\"right\"><div class=\"link-btn light\">    <div class=\"media\">        <div class=\"pull-left wbt-left\"><div class=\"wbt-icon\"><img decoding=\"async\" class=\"wpdm_icon\" alt=\"Icono\"   src=\"https:\/\/www.inespre.gov.do\/transparencia\/wp-content\/plugins\/download-manager\/assets\/file-type-icons\/xlsx.svg\" \/><\/div><\/div>        <div class=\"pull-left text-left wbt-content\"><strong class=\"ptitle\">                <a href=\"https:\/\/www.inespre.gob.do\/transparencia\/download\/junio-2021-nomina-de-empleados-fijos-xlsx\/?wpdmdl=16148&refresh=69f73f70ee7621777811312\">Junio 2021 \u2013 N\u00f3mina de Empleados Fijos (XLSX)<\/a>            <\/strong>            <div style=\"font-size: 8pt;padding-top: 1px\"><a href=\"https:\/\/www.inespre.gob.do\/transparencia\/download\/junio-2021-nomina-de-empleados-fijos-xlsx\/?wpdmdl=16148&refresh=69f73f70ee7621777811312\">Descargar<\/a> <i style=\"margin: 4px 0 0 5px;opacity:0.5\"                                                           class=\"fa fa-th-large\"><\/i> 213.05 KB            <\/div>        <\/div>    <\/div><\/div><\/div><script>jQuery(function(){jQuery('.link-btn a.wpdm-download-link img').after('Descargar');jQuery('.link-btn a.wpdm-download-link img').remove();});<\/script><br \/>\n\n<strong>Publicado: 10 de diciembre, 2021 <\/strong><br \/>\n        <div class=\"w3eden clear\" align=\"right\"><div class=\"link-btn light\">    <div class=\"media\">        <div class=\"pull-left wbt-left\"><div class=\"wbt-icon\"><img decoding=\"async\" class=\"wpdm_icon\" alt=\"Icono\"   src=\"https:\/\/www.inespre.gov.do\/transparencia\/wp-content\/plugins\/download-manager\/assets\/file-type-icons\/pdf.svg\" \/><\/div><\/div>        <div class=\"pull-left text-left wbt-content\"><strong class=\"ptitle\">                <a href=\"https:\/\/www.inespre.gob.do\/transparencia\/download\/junio-2021-nomina-de-empleados-fijos\/?wpdmdl=14265&refresh=69f73f70eeac31777811312\">Junio 2021 \u2013 N\u00f3mina de Empleados Fijos<\/a>            <\/strong>            <div style=\"font-size: 8pt;padding-top: 1px\"><a href=\"https:\/\/www.inespre.gob.do\/transparencia\/download\/junio-2021-nomina-de-empleados-fijos\/?wpdmdl=14265&refresh=69f73f70eeac31777811312\">Descargar<\/a> <i style=\"margin: 4px 0 0 5px;opacity:0.5\"                                                           class=\"fa fa-th-large\"><\/i> 1.77 MB            <\/div>        <\/div>    <\/div><\/div><\/div><script>jQuery(function(){jQuery('.link-btn a.wpdm-download-link img').after('Descargar');jQuery('.link-btn a.wpdm-download-link img').remove();});<\/script><br \/>\n\n<em><strong>Publicado: 8 de julio, 2021<\/strong><\/em><br \/>\n\n<hr \/>\n\n<h5>Mayo<\/h5>\n        <div class=\"w3eden clear\" align=\"right\"><div class=\"link-btn light\">    <div class=\"media\">        <div class=\"pull-left wbt-left\"><div class=\"wbt-icon\"><img decoding=\"async\" class=\"wpdm_icon\" alt=\"Icono\"   src=\"https:\/\/www.inespre.gov.do\/transparencia\/wp-content\/plugins\/download-manager\/assets\/file-type-icons\/xlsx.svg\" \/><\/div><\/div>        <div class=\"pull-left text-left wbt-content\"><strong class=\"ptitle\">                <a href=\"https:\/\/www.inespre.gob.do\/transparencia\/download\/mayo-2021-nomina-de-contratados-xlsx\/?wpdmdl=16146&refresh=69f73f70eedfa1777811312\">Mayo 2021 \u2013 N\u00f3mina de Contratados (XLSX)<\/a>            <\/strong>            <div style=\"font-size: 8pt;padding-top: 1px\"><a href=\"https:\/\/www.inespre.gob.do\/transparencia\/download\/mayo-2021-nomina-de-contratados-xlsx\/?wpdmdl=16146&refresh=69f73f70eedfa1777811312\">Descargar<\/a> <i style=\"margin: 4px 0 0 5px;opacity:0.5\"                                                           class=\"fa fa-th-large\"><\/i> 85.63 KB            <\/div>        <\/div>    <\/div><\/div><\/div><script>jQuery(function(){jQuery('.link-btn a.wpdm-download-link img').after('Descargar');jQuery('.link-btn a.wpdm-download-link img').remove();});<\/script><br \/>\n\n<strong>Publicado: 10 de diciembre, 2021 <\/strong><br \/>\n        <div class=\"w3eden clear\" align=\"right\"><div class=\"link-btn light\">    <div class=\"media\">        <div class=\"pull-left wbt-left\"><div class=\"wbt-icon\"><img decoding=\"async\" class=\"wpdm_icon\" alt=\"Icono\"   src=\"https:\/\/www.inespre.gov.do\/transparencia\/wp-content\/plugins\/download-manager\/assets\/file-type-icons\/pdf.svg\" \/><\/div><\/div>        <div class=\"pull-left text-left wbt-content\"><strong class=\"ptitle\">                <a href=\"https:\/\/www.inespre.gob.do\/transparencia\/download\/mayo-2021-nomina-de-contratados\/?wpdmdl=14040&refresh=69f73f70ef14b1777811312\">Mayo 2021 \u2013 N\u00f3mina de Contratados<\/a>            <\/strong>            <div style=\"font-size: 8pt;padding-top: 1px\"><a href=\"https:\/\/www.inespre.gob.do\/transparencia\/download\/mayo-2021-nomina-de-contratados\/?wpdmdl=14040&refresh=69f73f70ef14b1777811312\">Descargar<\/a> <i style=\"margin: 4px 0 0 5px;opacity:0.5\"                                                           class=\"fa fa-th-large\"><\/i> 1.26 MB            <\/div>        <\/div>    <\/div><\/div><\/div><script>jQuery(function(){jQuery('.link-btn a.wpdm-download-link img').after('Descargar');jQuery('.link-btn a.wpdm-download-link img').remove();});<\/script><br \/>\n\n<strong>Publicado: 7 de junio, 2021 <\/strong><br \/>\n        <div class=\"w3eden clear\" align=\"right\"><div class=\"link-btn light\">    <div class=\"media\">        <div class=\"pull-left wbt-left\"><div class=\"wbt-icon\"><img decoding=\"async\" class=\"wpdm_icon\" alt=\"Icono\"   src=\"https:\/\/www.inespre.gov.do\/transparencia\/wp-content\/plugins\/download-manager\/assets\/file-type-icons\/xlsx.svg\" \/><\/div><\/div>        <div class=\"pull-left text-left wbt-content\"><strong class=\"ptitle\">                <a href=\"https:\/\/www.inespre.gob.do\/transparencia\/download\/mayo-2021-nomina-de-empleados-fijos-xlsx\/?wpdmdl=16145&refresh=69f73f70ef4a21777811312\">Mayo 2021 \u2013 N\u00f3mina de Empleados Fijos (XLSX)<\/a>            <\/strong>            <div style=\"font-size: 8pt;padding-top: 1px\"><a href=\"https:\/\/www.inespre.gob.do\/transparencia\/download\/mayo-2021-nomina-de-empleados-fijos-xlsx\/?wpdmdl=16145&refresh=69f73f70ef4a21777811312\">Descargar<\/a> <i style=\"margin: 4px 0 0 5px;opacity:0.5\"                                                           class=\"fa fa-th-large\"><\/i> 209.29 KB            <\/div>        <\/div>    <\/div><\/div><\/div><script>jQuery(function(){jQuery('.link-btn a.wpdm-download-link img').after('Descargar');jQuery('.link-btn a.wpdm-download-link img').remove();});<\/script><br \/>\n\n<strong>Publicado: 10 de diciembre, 2021 <\/strong><br \/>\n        <div class=\"w3eden clear\" align=\"right\"><div class=\"link-btn light\">    <div class=\"media\">        <div class=\"pull-left wbt-left\"><div class=\"wbt-icon\"><img decoding=\"async\" class=\"wpdm_icon\" alt=\"Icono\"   src=\"https:\/\/www.inespre.gov.do\/transparencia\/wp-content\/plugins\/download-manager\/assets\/file-type-icons\/pdf.svg\" \/><\/div><\/div>        <div class=\"pull-left text-left wbt-content\"><strong class=\"ptitle\">                <a href=\"https:\/\/www.inespre.gob.do\/transparencia\/download\/mayo-2021-nomina-de-empleados-fijos\/?wpdmdl=14038&refresh=69f73f70ef7d81777811312\">Mayo 2021 \u2013 N\u00f3mina de Empleados Fijos<\/a>            <\/strong>            <div style=\"font-size: 8pt;padding-top: 1px\"><a href=\"https:\/\/www.inespre.gob.do\/transparencia\/download\/mayo-2021-nomina-de-empleados-fijos\/?wpdmdl=14038&refresh=69f73f70ef7d81777811312\">Descargar<\/a> <i style=\"margin: 4px 0 0 5px;opacity:0.5\"                                                           class=\"fa fa-th-large\"><\/i> 1.75 MB            <\/div>        <\/div>    <\/div><\/div><\/div><script>jQuery(function(){jQuery('.link-btn a.wpdm-download-link img').after('Descargar');jQuery('.link-btn a.wpdm-download-link img').remove();});<\/script><br \/>\n\n<em><strong>Publicado: 7 de junio, 2021<\/strong><\/em><br \/>\n\n<hr \/>\n\n<h5>Abril<\/h5>\n        <div class=\"w3eden clear\" align=\"right\"><div class=\"link-btn light\">    <div class=\"media\">        <div class=\"pull-left wbt-left\"><div class=\"wbt-icon\"><img decoding=\"async\" class=\"wpdm_icon\" alt=\"Icono\"   src=\"https:\/\/www.inespre.gov.do\/transparencia\/wp-content\/plugins\/download-manager\/assets\/file-type-icons\/xlsx.svg\" \/><\/div><\/div>        <div class=\"pull-left text-left wbt-content\"><strong class=\"ptitle\">                <a href=\"https:\/\/www.inespre.gob.do\/transparencia\/download\/abril-2021-nomina-de-contratados-xlsx\/?wpdmdl=16142&refresh=69f73f70efb251777811312\">Abril 2021 \u2013 N\u00f3mina de Contratados (XLSX)<\/a>            <\/strong>            <div style=\"font-size: 8pt;padding-top: 1px\"><a href=\"https:\/\/www.inespre.gob.do\/transparencia\/download\/abril-2021-nomina-de-contratados-xlsx\/?wpdmdl=16142&refresh=69f73f70efb251777811312\">Descargar<\/a> <i style=\"margin: 4px 0 0 5px;opacity:0.5\"                                                           class=\"fa fa-th-large\"><\/i> 217.33 KB            <\/div>        <\/div>    <\/div><\/div><\/div><script>jQuery(function(){jQuery('.link-btn a.wpdm-download-link img').after('Descargar');jQuery('.link-btn a.wpdm-download-link img').remove();});<\/script><br \/>\n\n<strong>Publicado: 10 de diciembre, 2021 <\/strong><br \/>\n        <div class=\"w3eden clear\" align=\"right\"><div class=\"link-btn light\">    <div class=\"media\">        <div class=\"pull-left wbt-left\"><div class=\"wbt-icon\"><img decoding=\"async\" class=\"wpdm_icon\" alt=\"Icono\"   src=\"https:\/\/www.inespre.gov.do\/transparencia\/wp-content\/plugins\/download-manager\/assets\/file-type-icons\/pdf.svg\" \/><\/div><\/div>        <div class=\"pull-left text-left wbt-content\"><strong class=\"ptitle\">                <a href=\"https:\/\/www.inespre.gob.do\/transparencia\/download\/abril-2021-nomina-de-contratados\/?wpdmdl=13849&refresh=69f73f70efe6f1777811312\">Abril 2021 \u2013 N\u00f3mina de Contratados<\/a>            <\/strong>            <div style=\"font-size: 8pt;padding-top: 1px\"><a href=\"https:\/\/www.inespre.gob.do\/transparencia\/download\/abril-2021-nomina-de-contratados\/?wpdmdl=13849&refresh=69f73f70efe6f1777811312\">Descargar<\/a> <i style=\"margin: 4px 0 0 5px;opacity:0.5\"                                                           class=\"fa fa-th-large\"><\/i> 918.92 KB            <\/div>        <\/div>    <\/div><\/div><\/div><script>jQuery(function(){jQuery('.link-btn a.wpdm-download-link img').after('Descargar');jQuery('.link-btn a.wpdm-download-link img').remove();});<\/script><br \/>\n\n<strong>Publicado: 5 de mayo, 2021 <\/strong><br \/>\n        <div class=\"w3eden clear\" align=\"right\"><div class=\"link-btn light\">    <div class=\"media\">        <div class=\"pull-left wbt-left\"><div class=\"wbt-icon\"><img decoding=\"async\" class=\"wpdm_icon\" alt=\"Icono\"   src=\"https:\/\/www.inespre.gov.do\/transparencia\/wp-content\/plugins\/download-manager\/assets\/file-type-icons\/xlsx.svg\" \/><\/div><\/div>        <div class=\"pull-left text-left wbt-content\"><strong class=\"ptitle\">                <a href=\"https:\/\/www.inespre.gob.do\/transparencia\/download\/abril-2021-nomina-de-empleados-fijos-xlsx\/?wpdmdl=16141&refresh=69f73f70f01dd1777811312\">Abril 2021 \u2013 N\u00f3mina de Empleados Fijos (XLSX)<\/a>            <\/strong>            <div style=\"font-size: 8pt;padding-top: 1px\"><a href=\"https:\/\/www.inespre.gob.do\/transparencia\/download\/abril-2021-nomina-de-empleados-fijos-xlsx\/?wpdmdl=16141&refresh=69f73f70f01dd1777811312\">Descargar<\/a> <i style=\"margin: 4px 0 0 5px;opacity:0.5\"                                                           class=\"fa fa-th-large\"><\/i> 338.34 KB            <\/div>        <\/div>    <\/div><\/div><\/div><script>jQuery(function(){jQuery('.link-btn a.wpdm-download-link img').after('Descargar');jQuery('.link-btn a.wpdm-download-link img').remove();});<\/script><br \/>\n\n<strong>Publicado: 10 de diciembre, 2021 <\/strong><br \/>\n        <div class=\"w3eden clear\" align=\"right\"><div class=\"link-btn light\">    <div class=\"media\">        <div class=\"pull-left wbt-left\"><div class=\"wbt-icon\"><img decoding=\"async\" class=\"wpdm_icon\" alt=\"Icono\"   src=\"https:\/\/www.inespre.gov.do\/transparencia\/wp-content\/plugins\/download-manager\/assets\/file-type-icons\/pdf.svg\" \/><\/div><\/div>        <div class=\"pull-left text-left wbt-content\"><strong class=\"ptitle\">                <a href=\"https:\/\/www.inespre.gob.do\/transparencia\/download\/abril-2021-nomina-de-empleados-fijos\/?wpdmdl=13846&refresh=69f73f70f05101777811312\">Abril 2021 \u2013 N\u00f3mina de Empleados Fijos<\/a>            <\/strong>            <div style=\"font-size: 8pt;padding-top: 1px\"><a href=\"https:\/\/www.inespre.gob.do\/transparencia\/download\/abril-2021-nomina-de-empleados-fijos\/?wpdmdl=13846&refresh=69f73f70f05101777811312\">Descargar<\/a> <i style=\"margin: 4px 0 0 5px;opacity:0.5\"                                                           class=\"fa fa-th-large\"><\/i> 1.70 MB            <\/div>        <\/div>    <\/div><\/div><\/div><script>jQuery(function(){jQuery('.link-btn a.wpdm-download-link img').after('Descargar');jQuery('.link-btn a.wpdm-download-link img').remove();});<\/script><br \/>\n\n<em><strong>Publicado: 5 de mayo, 2021<\/strong><\/em><br \/>\n\n<hr \/>\n\n<h5>Marzo<\/h5>\n        <div class=\"w3eden clear\" align=\"right\"><div class=\"link-btn light\">    <div class=\"media\">        <div class=\"pull-left wbt-left\"><div class=\"wbt-icon\"><img decoding=\"async\" class=\"wpdm_icon\" alt=\"Icono\"   src=\"https:\/\/www.inespre.gov.do\/transparencia\/wp-content\/plugins\/download-manager\/assets\/file-type-icons\/xlsx.svg\" \/><\/div><\/div>        <div class=\"pull-left text-left wbt-content\"><strong class=\"ptitle\">                <a href=\"https:\/\/www.inespre.gob.do\/transparencia\/download\/marzo-2021-nomina-de-contratados-xlsx\/?wpdmdl=16138&refresh=69f73f70f08991777811312\">Marzo 2021 \u2013 N\u00f3mina de Contratados (XLSX)<\/a>            <\/strong>            <div style=\"font-size: 8pt;padding-top: 1px\"><a href=\"https:\/\/www.inespre.gob.do\/transparencia\/download\/marzo-2021-nomina-de-contratados-xlsx\/?wpdmdl=16138&refresh=69f73f70f08991777811312\">Descargar<\/a> <i style=\"margin: 4px 0 0 5px;opacity:0.5\"                                                           class=\"fa fa-th-large\"><\/i> 217.32 KB            <\/div>        <\/div>    <\/div><\/div><\/div><script>jQuery(function(){jQuery('.link-btn a.wpdm-download-link img').after('Descargar');jQuery('.link-btn a.wpdm-download-link img').remove();});<\/script><br \/>\n\n<strong>Publicado: 10 de diciembre, 2021 <\/strong><br \/>\n        <div class=\"w3eden clear\" align=\"right\"><div class=\"link-btn light\">    <div class=\"media\">        <div class=\"pull-left wbt-left\"><div class=\"wbt-icon\"><img decoding=\"async\" class=\"wpdm_icon\" alt=\"Icono\"   src=\"https:\/\/www.inespre.gov.do\/transparencia\/wp-content\/plugins\/download-manager\/assets\/file-type-icons\/pdf.svg\" \/><\/div><\/div>        <div class=\"pull-left text-left wbt-content\"><strong class=\"ptitle\">                <a href=\"https:\/\/www.inespre.gob.do\/transparencia\/download\/marzo-2021-nomina-de-contratados\/?wpdmdl=13617&refresh=69f73f70f0bf21777811312\">Marzo 2021 \u2013 N\u00f3mina de Contratados<\/a>            <\/strong>            <div style=\"font-size: 8pt;padding-top: 1px\"><a href=\"https:\/\/www.inespre.gob.do\/transparencia\/download\/marzo-2021-nomina-de-contratados\/?wpdmdl=13617&refresh=69f73f70f0bf21777811312\">Descargar<\/a> <i style=\"margin: 4px 0 0 5px;opacity:0.5\"                                                           class=\"fa fa-th-large\"><\/i> 1.36 MB            <\/div>        <\/div>    <\/div><\/div><\/div><script>jQuery(function(){jQuery('.link-btn a.wpdm-download-link img').after('Descargar');jQuery('.link-btn a.wpdm-download-link img').remove();});<\/script><br \/>\n\n<strong>Publicado: 5 de abril, 2021 <\/strong><br \/>\n        <div class=\"w3eden clear\" align=\"right\"><div class=\"link-btn light\">    <div class=\"media\">        <div class=\"pull-left wbt-left\"><div class=\"wbt-icon\"><img decoding=\"async\" class=\"wpdm_icon\" alt=\"Icono\"   src=\"https:\/\/www.inespre.gov.do\/transparencia\/wp-content\/plugins\/download-manager\/assets\/file-type-icons\/xlsx.svg\" \/><\/div><\/div>        <div class=\"pull-left text-left wbt-content\"><strong class=\"ptitle\">                <a href=\"https:\/\/www.inespre.gob.do\/transparencia\/download\/marzo-2021-nomina-de-empleados-fijos-xlsx\/?wpdmdl=16137&refresh=69f73f70f0f281777811312\">Marzo 2021 \u2013 N\u00f3mina de Empleados Fijos (XLSX)<\/a>            <\/strong>            <div style=\"font-size: 8pt;padding-top: 1px\"><a href=\"https:\/\/www.inespre.gob.do\/transparencia\/download\/marzo-2021-nomina-de-empleados-fijos-xlsx\/?wpdmdl=16137&refresh=69f73f70f0f281777811312\">Descargar<\/a> <i style=\"margin: 4px 0 0 5px;opacity:0.5\"                                                           class=\"fa fa-th-large\"><\/i> 332.24 KB            <\/div>        <\/div>    <\/div><\/div><\/div><script>jQuery(function(){jQuery('.link-btn a.wpdm-download-link img').after('Descargar');jQuery('.link-btn a.wpdm-download-link img').remove();});<\/script><br \/>\n\n<strong>Publicado: 10 de diciembre, 2021 <\/strong><br \/>\n        <div class=\"w3eden clear\" align=\"right\"><div class=\"link-btn light\">    <div class=\"media\">        <div class=\"pull-left wbt-left\"><div class=\"wbt-icon\"><img decoding=\"async\" class=\"wpdm_icon\" alt=\"Icono\"   src=\"https:\/\/www.inespre.gov.do\/transparencia\/wp-content\/plugins\/download-manager\/assets\/file-type-icons\/pdf.svg\" \/><\/div><\/div>        <div class=\"pull-left text-left wbt-content\"><strong class=\"ptitle\">                <a href=\"https:\/\/www.inespre.gob.do\/transparencia\/download\/marzo-2021-nomina-de-empleados-fijos\/?wpdmdl=13616&refresh=69f73f70f12671777811312\">Marzo 2021 \u2013 N\u00f3mina de Empleados Fijos<\/a>            <\/strong>            <div style=\"font-size: 8pt;padding-top: 1px\"><a href=\"https:\/\/www.inespre.gob.do\/transparencia\/download\/marzo-2021-nomina-de-empleados-fijos\/?wpdmdl=13616&refresh=69f73f70f12671777811312\">Descargar<\/a> <i style=\"margin: 4px 0 0 5px;opacity:0.5\"                                                           class=\"fa fa-th-large\"><\/i> 1.81 MB            <\/div>        <\/div>    <\/div><\/div><\/div><script>jQuery(function(){jQuery('.link-btn a.wpdm-download-link img').after('Descargar');jQuery('.link-btn a.wpdm-download-link img').remove();});<\/script><br \/>\n\n<em><strong>Publicado: 5 de abril, 2021<\/strong><\/em><br \/>\n\n<hr \/>\n\n<h5>Febrero<\/h5>\n        <div class=\"w3eden clear\" align=\"right\"><div class=\"link-btn light\">    <div class=\"media\">        <div class=\"pull-left wbt-left\"><div class=\"wbt-icon\"><img decoding=\"async\" class=\"wpdm_icon\" alt=\"Icono\"   src=\"https:\/\/www.inespre.gov.do\/transparencia\/wp-content\/plugins\/download-manager\/assets\/file-type-icons\/xlsx.svg\" \/><\/div><\/div>        <div class=\"pull-left text-left wbt-content\"><strong class=\"ptitle\">                <a href=\"https:\/\/www.inespre.gob.do\/transparencia\/download\/febrero-2021-nomina-de-contratados-xlsx\/?wpdmdl=16133&refresh=69f73f70f15a51777811312\">Febrero 2021 - N\u00f3mina de Contratados (XLSX)<\/a>            <\/strong>            <div style=\"font-size: 8pt;padding-top: 1px\"><a href=\"https:\/\/www.inespre.gob.do\/transparencia\/download\/febrero-2021-nomina-de-contratados-xlsx\/?wpdmdl=16133&refresh=69f73f70f15a51777811312\">Descargar<\/a> <i style=\"margin: 4px 0 0 5px;opacity:0.5\"                                                           class=\"fa fa-th-large\"><\/i> 217.33 KB            <\/div>        <\/div>    <\/div><\/div><\/div><script>jQuery(function(){jQuery('.link-btn a.wpdm-download-link img').after('Descargar');jQuery('.link-btn a.wpdm-download-link img').remove();});<\/script><br \/>\n\n<strong>Publicado: 9 de diciembre, 2021 <\/strong><br \/>\n        <div class=\"w3eden clear\" align=\"right\"><div class=\"link-btn light\">    <div class=\"media\">        <div class=\"pull-left wbt-left\"><div class=\"wbt-icon\"><img decoding=\"async\" class=\"wpdm_icon\" alt=\"Icono\"   src=\"https:\/\/www.inespre.gov.do\/transparencia\/wp-content\/plugins\/download-manager\/assets\/file-type-icons\/pdf.svg\" \/><\/div><\/div>        <div class=\"pull-left text-left wbt-content\"><strong class=\"ptitle\">                <a href=\"https:\/\/www.inespre.gob.do\/transparencia\/download\/febrero-2021-nomina-de-contratados\/?wpdmdl=13356&refresh=69f73f70f18d31777811312\">Febrero 2021 - N\u00f3mina de Contratados<\/a>            <\/strong>            <div style=\"font-size: 8pt;padding-top: 1px\"><a href=\"https:\/\/www.inespre.gob.do\/transparencia\/download\/febrero-2021-nomina-de-contratados\/?wpdmdl=13356&refresh=69f73f70f18d31777811312\">Descargar<\/a> <i style=\"margin: 4px 0 0 5px;opacity:0.5\"                                                           class=\"fa fa-th-large\"><\/i> 1.37 MB            <\/div>        <\/div>    <\/div><\/div><\/div><script>jQuery(function(){jQuery('.link-btn a.wpdm-download-link img').after('Descargar');jQuery('.link-btn a.wpdm-download-link img').remove();});<\/script><br \/>\n\n<strong>Publicado: 9 de marzo, 2021 <\/strong><br \/>\n        <div class=\"w3eden clear\" align=\"right\"><div class=\"link-btn light\">    <div class=\"media\">        <div class=\"pull-left wbt-left\"><div class=\"wbt-icon\"><img decoding=\"async\" class=\"wpdm_icon\" alt=\"Icono\"   src=\"https:\/\/www.inespre.gov.do\/transparencia\/wp-content\/plugins\/download-manager\/assets\/file-type-icons\/xlsx.svg\" \/><\/div><\/div>        <div class=\"pull-left text-left wbt-content\"><strong class=\"ptitle\">                <a href=\"https:\/\/www.inespre.gob.do\/transparencia\/download\/febrero-2021-nomina-de-empleados-fijos-xlsx\/?wpdmdl=16132&refresh=69f73f70f1c1a1777811312\">Febrero 2021 \u2013 N\u00f3mina de Empleados Fijos (XLSX)<\/a>            <\/strong>            <div style=\"font-size: 8pt;padding-top: 1px\"><a href=\"https:\/\/www.inespre.gob.do\/transparencia\/download\/febrero-2021-nomina-de-empleados-fijos-xlsx\/?wpdmdl=16132&refresh=69f73f70f1c1a1777811312\">Descargar<\/a> <i style=\"margin: 4px 0 0 5px;opacity:0.5\"                                                           class=\"fa fa-th-large\"><\/i> 337.91 KB            <\/div>        <\/div>    <\/div><\/div><\/div><script>jQuery(function(){jQuery('.link-btn a.wpdm-download-link img').after('Descargar');jQuery('.link-btn a.wpdm-download-link img').remove();});<\/script><br \/>\n\n<strong>Publicado: 9 de diciembre, 2021 <\/strong><br \/>\n        <div class=\"w3eden clear\" align=\"right\"><div class=\"link-btn light\">    <div class=\"media\">        <div class=\"pull-left wbt-left\"><div class=\"wbt-icon\"><img decoding=\"async\" class=\"wpdm_icon\" alt=\"Icono\"   src=\"https:\/\/www.inespre.gov.do\/transparencia\/wp-content\/plugins\/download-manager\/assets\/file-type-icons\/pdf.svg\" \/><\/div><\/div>        <div class=\"pull-left text-left wbt-content\"><strong class=\"ptitle\">                <a href=\"https:\/\/www.inespre.gob.do\/transparencia\/download\/febrero-2021-nomina-de-empleados-fijos\/?wpdmdl=13354&refresh=69f73f70f1e001777811312\">Febrero 2021 \u2013 N\u00f3mina de Empleados Fijos<\/a>            <\/strong>            <div style=\"font-size: 8pt;padding-top: 1px\"><a href=\"https:\/\/www.inespre.gob.do\/transparencia\/download\/febrero-2021-nomina-de-empleados-fijos\/?wpdmdl=13354&refresh=69f73f70f1e001777811312\">Descargar<\/a> <i style=\"margin: 4px 0 0 5px;opacity:0.5\"                                                           class=\"fa fa-th-large\"><\/i> 1.86 MB            <\/div>        <\/div>    <\/div><\/div><\/div><script>jQuery(function(){jQuery('.link-btn a.wpdm-download-link img').after('Descargar');jQuery('.link-btn a.wpdm-download-link img').remove();});<\/script><br \/>\n\n<em><strong>Publicado: 9 de marzo, 2021<\/strong><\/em><br \/>\n\n<hr \/>\n\n<h5>Enero<\/h5>\n        <div class=\"w3eden clear\" align=\"right\"><div class=\"link-btn light\">    <div class=\"media\">        <div class=\"pull-left wbt-left\"><div class=\"wbt-icon\"><img decoding=\"async\" class=\"wpdm_icon\" alt=\"Icono\"   src=\"https:\/\/www.inespre.gov.do\/transparencia\/wp-content\/plugins\/download-manager\/assets\/file-type-icons\/xlsx.svg\" \/><\/div><\/div>        <div class=\"pull-left text-left wbt-content\"><strong class=\"ptitle\">                <a href=\"https:\/\/www.inespre.gob.do\/transparencia\/download\/enero-2021-nomina-de-contratados-xlsx\/?wpdmdl=16129&refresh=69f73f70f21511777811312\">Enero 2021 \u2013 N\u00f3mina de Contratados (XLSX)<\/a>            <\/strong>            <div style=\"font-size: 8pt;padding-top: 1px\"><a href=\"https:\/\/www.inespre.gob.do\/transparencia\/download\/enero-2021-nomina-de-contratados-xlsx\/?wpdmdl=16129&refresh=69f73f70f21511777811312\">Descargar<\/a> <i style=\"margin: 4px 0 0 5px;opacity:0.5\"                                                           class=\"fa fa-th-large\"><\/i> 249.50 KB            <\/div>        <\/div>    <\/div><\/div><\/div><script>jQuery(function(){jQuery('.link-btn a.wpdm-download-link img').after('Descargar');jQuery('.link-btn a.wpdm-download-link img').remove();});<\/script><br \/>\n\n<strong>Publicado: 9 de diciembre, 2021 <\/strong><br \/>\n        <div class=\"w3eden clear\" align=\"right\"><div class=\"link-btn light\">    <div class=\"media\">        <div class=\"pull-left wbt-left\"><div class=\"wbt-icon\"><img decoding=\"async\" class=\"wpdm_icon\" alt=\"Icono\"   src=\"https:\/\/www.inespre.gov.do\/transparencia\/wp-content\/plugins\/download-manager\/assets\/file-type-icons\/pdf.svg\" \/><\/div><\/div>        <div class=\"pull-left text-left wbt-content\"><strong class=\"ptitle\">                <a href=\"https:\/\/www.inespre.gob.do\/transparencia\/download\/enero-2021-nomina-de-contratados\/?wpdmdl=13207&refresh=69f73f70f249c1777811312\">Enero 2021 \u2013 N\u00f3mina de Contratados<\/a>            <\/strong>            <div style=\"font-size: 8pt;padding-top: 1px\"><a href=\"https:\/\/www.inespre.gob.do\/transparencia\/download\/enero-2021-nomina-de-contratados\/?wpdmdl=13207&refresh=69f73f70f249c1777811312\">Descargar<\/a> <i style=\"margin: 4px 0 0 5px;opacity:0.5\"                                                           class=\"fa fa-th-large\"><\/i> 1.41 MB            <\/div>        <\/div>    <\/div><\/div><\/div><script>jQuery(function(){jQuery('.link-btn a.wpdm-download-link img').after('Descargar');jQuery('.link-btn a.wpdm-download-link img').remove();});<\/script><br \/>\n\n<strong>Publicado:10 de Febrero, 2021 <\/strong><br \/>\n        <div class=\"w3eden clear\" align=\"right\"><div class=\"link-btn light\">    <div class=\"media\">        <div class=\"pull-left wbt-left\"><div class=\"wbt-icon\"><img decoding=\"async\" class=\"wpdm_icon\" alt=\"Icono\"   src=\"https:\/\/www.inespre.gov.do\/transparencia\/wp-content\/plugins\/download-manager\/assets\/file-type-icons\/xlsx.svg\" \/><\/div><\/div>        <div class=\"pull-left text-left wbt-content\"><strong class=\"ptitle\">                <a href=\"https:\/\/www.inespre.gob.do\/transparencia\/download\/enero-2021-nomina-de-empleados-fijos-xlsx\/?wpdmdl=16130&refresh=69f73f70f27d41777811312\">Enero 2021 \u2013 N\u00f3mina de Empleados Fijos (XLSX)<\/a>            <\/strong>            <div style=\"font-size: 8pt;padding-top: 1px\"><a href=\"https:\/\/www.inespre.gob.do\/transparencia\/download\/enero-2021-nomina-de-empleados-fijos-xlsx\/?wpdmdl=16130&refresh=69f73f70f27d41777811312\">Descargar<\/a> <i style=\"margin: 4px 0 0 5px;opacity:0.5\"                                                           class=\"fa fa-th-large\"><\/i> 322.27 KB            <\/div>        <\/div>    <\/div><\/div><\/div><script>jQuery(function(){jQuery('.link-btn a.wpdm-download-link img').after('Descargar');jQuery('.link-btn a.wpdm-download-link img').remove();});<\/script><br \/>\n\n<strong>Publicado: 9 de diciembre, 2021 <\/strong><br \/>\n        <div class=\"w3eden clear\" align=\"right\"><div class=\"link-btn light\">    <div class=\"media\">        <div class=\"pull-left wbt-left\"><div class=\"wbt-icon\"><img decoding=\"async\" class=\"wpdm_icon\" alt=\"Icono\"   src=\"https:\/\/www.inespre.gov.do\/transparencia\/wp-content\/plugins\/download-manager\/assets\/file-type-icons\/pdf.svg\" \/><\/div><\/div>        <div class=\"pull-left text-left wbt-content\"><strong class=\"ptitle\">                <a href=\"https:\/\/www.inespre.gob.do\/transparencia\/download\/enero-2021-nomina-de-empleados-fijos\/?wpdmdl=13208&refresh=69f73f70f2b061777811312\">Enero 2021 \u2013 N\u00f3mina de Empleados Fijos<\/a>            <\/strong>            <div style=\"font-size: 8pt;padding-top: 1px\"><a href=\"https:\/\/www.inespre.gob.do\/transparencia\/download\/enero-2021-nomina-de-empleados-fijos\/?wpdmdl=13208&refresh=69f73f70f2b061777811312\">Descargar<\/a> <i style=\"margin: 4px 0 0 5px;opacity:0.5\"                                                           class=\"fa fa-th-large\"><\/i> 1.81 MB            <\/div>        <\/div>    <\/div><\/div><\/div><script>jQuery(function(){jQuery('.link-btn a.wpdm-download-link img').after('Descargar');jQuery('.link-btn a.wpdm-download-link img').remove();});<\/script><br \/>\n\n<em><strong>Publicado: 10 de Febrero, 2021<\/strong><\/em><br \/><br \/>\n\n---!--\n\n<hr \/>\n\n    <script language=\"JavaScript\" src=\"https:\/\/www.inespre.gob.do\/transparencia\/wp-content\/plugins\/wpdm-extended-shortcodes\/js\/jqueryFileTree.js\"><\/script>         <link rel=\"stylesheet\" href=\"https:\/\/www.inespre.gob.do\/transparencia\/wp-content\/plugins\/wpdm-extended-shortcodes\/css\/jqueryFileTree.css\" \/>              <div id=\"tree69f73f70f2cef\"><\/div>    <script language=\"JavaScript\">        jQuery(document).ready( function() {            jQuery('#tree69f73f70f2cef').fileTree({                script: 'https:\/\/www.inespre.gob.do\/transparencia\/?task=wpdm_tree&ddl=1&orderby=modified&order=desc',                expandSpeed: 1000,                collapseSpeed: 1000,                root: '706',                multiFolder: false            }, function(file) {               location.href = file;            });        });    <\/script>    \n\n<hr \/>\n\n--&gt;<\/p>\r\n        <\/div> <!-- \/ tabs_item -->\r\n                <div class=\"tabs_item\">\r\n            <p><h4 id=\"2020\"><strong><span style=\"color: #003300;\">2020<\/span><\/strong><\/h4>\n<h5>N\u00f3mina de Empleados Fijos y contratados<\/h5>\n\n<hr \/>\n\n    <script language=\"JavaScript\" src=\"https:\/\/www.inespre.gob.do\/transparencia\/wp-content\/plugins\/wpdm-extended-shortcodes\/js\/jqueryFileTree.js\"><\/script>         <link rel=\"stylesheet\" href=\"https:\/\/www.inespre.gob.do\/transparencia\/wp-content\/plugins\/wpdm-extended-shortcodes\/css\/jqueryFileTree.css\" \/>              <div id=\"tree69f73f70f2da8\"><\/div>    <script language=\"JavaScript\">        jQuery(document).ready( function() {            jQuery('#tree69f73f70f2da8').fileTree({                script: 'https:\/\/www.inespre.gob.do\/transparencia\/?task=wpdm_tree&ddl=1&orderby=modified&order=desc',                expandSpeed: 1000,                collapseSpeed: 1000,                root: '594',                multiFolder: false            }, function(file) {               location.href = file;            });        });    <\/script>    \n\n<hr \/><\/p>\r\n        <\/div> <!-- \/ tabs_item -->\r\n                <div class=\"tabs_item\">\r\n            <p><h4 id=\"2019\"><strong><span style=\"color: #003300;\">2019<\/span><\/strong><\/h4>\n<h5>N\u00f3mina de Empleados Fijos y contratados<\/h5>\n<hr \/>\n    <script language=\"JavaScript\" src=\"https:\/\/www.inespre.gob.do\/transparencia\/wp-content\/plugins\/wpdm-extended-shortcodes\/js\/jqueryFileTree.js\"><\/script>         <link rel=\"stylesheet\" href=\"https:\/\/www.inespre.gob.do\/transparencia\/wp-content\/plugins\/wpdm-extended-shortcodes\/css\/jqueryFileTree.css\" \/>              <div id=\"tree69f73f70f2e50\"><\/div>    <script language=\"JavaScript\">        jQuery(document).ready( function() {            jQuery('#tree69f73f70f2e50').fileTree({                script: 'https:\/\/www.inespre.gob.do\/transparencia\/?task=wpdm_tree&ddl=1&orderby=modified&order=desc',                expandSpeed: 1000,                collapseSpeed: 1000,                root: '461',                multiFolder: false            }, function(file) {               location.href = file;            });        });    <\/script>    \n<hr \/><\/p>\r\n        <\/div> <!-- \/ tabs_item -->\r\n                <div class=\"tabs_item\">\r\n            <p><h4 id=\"2018\"><strong><span style=\"color: #003300;\">2018<\/span><\/strong><\/h4>\n<h5>N\u00f3mina de Empleados Fijos y contratados<\/h5>\n<hr \/>\n    <script language=\"JavaScript\" src=\"https:\/\/www.inespre.gob.do\/transparencia\/wp-content\/plugins\/wpdm-extended-shortcodes\/js\/jqueryFileTree.js\"><\/script>         <link rel=\"stylesheet\" href=\"https:\/\/www.inespre.gob.do\/transparencia\/wp-content\/plugins\/wpdm-extended-shortcodes\/css\/jqueryFileTree.css\" \/>              <div id=\"tree69f73f70f2ee5\"><\/div>    <script language=\"JavaScript\">        jQuery(document).ready( function() {            jQuery('#tree69f73f70f2ee5').fileTree({                script: 'https:\/\/www.inespre.gob.do\/transparencia\/?task=wpdm_tree&ddl=1&orderby=modified&order=desc',                expandSpeed: 1000,                collapseSpeed: 1000,                root: '226',                multiFolder: false            }, function(file) {               location.href = file;            });        });    <\/script>    \n<hr \/>\n<p>Esta instituci\u00f3n no tiene personal contratado durante los per\u00edodo de <strong>enero, febrero, marzo, abril, mayo, junio, julio, agosto<\/strong> del a\u00f1o en curso.<\/p>\n<\/p>\r\n        <\/div> <!-- \/ tabs_item -->\r\n                <div class=\"tabs_item\">\r\n            <p><h3 id=\"2017\">2017<\/h3>\n<h5>N\u00f3mina de Empleados Fijos 2017<\/h5>\n        <div class=\"w3eden clear\" align=\"right\"><div class=\"link-btn light\">    <div class=\"media\">        <div class=\"pull-left wbt-left\"><div class=\"wbt-icon\"><img decoding=\"async\" class=\"wpdm_icon\" alt=\"Icono\"   src=\"http:\/\/www.inespre.gov.do\/transparencia\/wp-content\/plugins\/download-manager\/assets\/file-type-icons\/xls.png\" \/><\/div><\/div>        <div class=\"pull-left text-left wbt-content\"><strong class=\"ptitle\">                <a href=\"https:\/\/www.inespre.gob.do\/transparencia\/download\/nomina-de-empleados-fijos-diciembre-2017-2\/?wpdmdl=5586&refresh=69f73f70f33951777811312\">N\u00f3mina de Empleados Fijos Diciembre 2017<\/a>            <\/strong>            <div style=\"font-size: 8pt;padding-top: 1px\"><a href=\"https:\/\/www.inespre.gob.do\/transparencia\/download\/nomina-de-empleados-fijos-diciembre-2017-2\/?wpdmdl=5586&refresh=69f73f70f33951777811312\">Descargar<\/a> <i style=\"margin: 4px 0 0 5px;opacity:0.5\"                                                           class=\"fa fa-th-large\"><\/i> 548.00 KB            <\/div>        <\/div>    <\/div><\/div><\/div><script>jQuery(function(){jQuery('.link-btn a.wpdm-download-link img').after('Descargar');jQuery('.link-btn a.wpdm-download-link img').remove();});<\/script><br \/>\n        <div class=\"w3eden clear\" align=\"right\"><div class=\"link-btn light\">    <div class=\"media\">        <div class=\"pull-left wbt-left\"><div class=\"wbt-icon\"><img decoding=\"async\" class=\"wpdm_icon\" alt=\"Icono\"   src=\"http:\/\/www.inespre.gov.do\/transparencia\/wp-content\/plugins\/download-manager\/assets\/file-type-icons\/xls.png\" \/><\/div><\/div>        <div class=\"pull-left text-left wbt-content\"><strong class=\"ptitle\">                <a href=\"https:\/\/www.inespre.gob.do\/transparencia\/download\/nomina-de-empleados-fijos-noviembre-2017\/?wpdmdl=5492&refresh=69f73f70f3a5e1777811312\">N\u00f3mina de Empleados Fijos Noviembre 2017<\/a>            <\/strong>            <div style=\"font-size: 8pt;padding-top: 1px\"><a href=\"https:\/\/www.inespre.gob.do\/transparencia\/download\/nomina-de-empleados-fijos-noviembre-2017\/?wpdmdl=5492&refresh=69f73f70f3a5e1777811312\">Descargar<\/a> <i style=\"margin: 4px 0 0 5px;opacity:0.5\"                                                           class=\"fa fa-th-large\"><\/i> 503.50 KB            <\/div>        <\/div>    <\/div><\/div><\/div><script>jQuery(function(){jQuery('.link-btn a.wpdm-download-link img').after('Descargar');jQuery('.link-btn a.wpdm-download-link img').remove();});<\/script><br \/>\n        <div class=\"w3eden clear\" align=\"right\"><div class=\"link-btn light\">    <div class=\"media\">        <div class=\"pull-left wbt-left\"><div class=\"wbt-icon\"><img decoding=\"async\" class=\"wpdm_icon\" alt=\"Icono\"   src=\"http:\/\/www.inespre.gov.do\/transparencia\/wp-content\/plugins\/download-manager\/assets\/file-type-icons\/xls.png\" \/><\/div><\/div>        <div class=\"pull-left text-left wbt-content\"><strong class=\"ptitle\">                <a href=\"https:\/\/www.inespre.gob.do\/transparencia\/download\/nomina-de-empleados-fijos-octubre-2017\/?wpdmdl=5369&refresh=69f73f70f40c01777811312\">N\u00f3mina de Empleados Fijos Octubre 2017<\/a>            <\/strong>            <div style=\"font-size: 8pt;padding-top: 1px\"><a href=\"https:\/\/www.inespre.gob.do\/transparencia\/download\/nomina-de-empleados-fijos-octubre-2017\/?wpdmdl=5369&refresh=69f73f70f40c01777811312\">Descargar<\/a> <i style=\"margin: 4px 0 0 5px;opacity:0.5\"                                                           class=\"fa fa-th-large\"><\/i> 640.00 KB            <\/div>        <\/div>    <\/div><\/div><\/div><script>jQuery(function(){jQuery('.link-btn a.wpdm-download-link img').after('Descargar');jQuery('.link-btn a.wpdm-download-link img').remove();});<\/script><br \/>\n        <div class=\"w3eden clear\" align=\"right\"><div class=\"link-btn light\">    <div class=\"media\">        <div class=\"pull-left wbt-left\"><div class=\"wbt-icon\"><img decoding=\"async\" class=\"wpdm_icon\" alt=\"Icono\"   src=\"http:\/\/www.inespre.gov.do\/transparencia\/wp-content\/plugins\/download-manager\/assets\/file-type-icons\/xls.png\" \/><\/div><\/div>        <div class=\"pull-left text-left wbt-content\"><strong class=\"ptitle\">                <a href=\"https:\/\/www.inespre.gob.do\/transparencia\/download\/nomina-de-empleados-fijos-septimbre-2017\/?wpdmdl=5042&refresh=69f73f710043b1777811313\">N\u00f3mina de Empleados Fijos Septiembre 2017<\/a>            <\/strong>            <div style=\"font-size: 8pt;padding-top: 1px\"><a href=\"https:\/\/www.inespre.gob.do\/transparencia\/download\/nomina-de-empleados-fijos-septimbre-2017\/?wpdmdl=5042&refresh=69f73f710043b1777811313\">Descargar<\/a> <i style=\"margin: 4px 0 0 5px;opacity:0.5\"                                                           class=\"fa fa-th-large\"><\/i> 505.00 KB            <\/div>        <\/div>    <\/div><\/div><\/div><script>jQuery(function(){jQuery('.link-btn a.wpdm-download-link img').after('Descargar');jQuery('.link-btn a.wpdm-download-link img').remove();});<\/script><br \/>\n        <div class=\"w3eden clear\" align=\"right\"><div class=\"link-btn light\">    <div class=\"media\">        <div class=\"pull-left wbt-left\"><div class=\"wbt-icon\"><img decoding=\"async\" class=\"wpdm_icon\" alt=\"Icono\"   src=\"http:\/\/www.inespre.gov.do\/transparencia\/wp-content\/plugins\/download-manager\/assets\/file-type-icons\/xls.png\" \/><\/div><\/div>        <div class=\"pull-left text-left wbt-content\"><strong class=\"ptitle\">                <a href=\"https:\/\/www.inespre.gob.do\/transparencia\/download\/nomina-de-empleados-fijos-agosto-2017\/?wpdmdl=4950&refresh=69f73f7100a281777811313\">N\u00f3mina de Empleados Fijos Agosto 2017<\/a>            <\/strong>            <div style=\"font-size: 8pt;padding-top: 1px\"><a href=\"https:\/\/www.inespre.gob.do\/transparencia\/download\/nomina-de-empleados-fijos-agosto-2017\/?wpdmdl=4950&refresh=69f73f7100a281777811313\">Descargar<\/a> <i style=\"margin: 4px 0 0 5px;opacity:0.5\"                                                           class=\"fa fa-th-large\"><\/i> 506.50 KB            <\/div>        <\/div>    <\/div><\/div><\/div><script>jQuery(function(){jQuery('.link-btn a.wpdm-download-link img').after('Descargar');jQuery('.link-btn a.wpdm-download-link img').remove();});<\/script><br \/>\n        <div class=\"w3eden clear\" align=\"right\"><div class=\"link-btn light\">    <div class=\"media\">        <div class=\"pull-left wbt-left\"><div class=\"wbt-icon\"><img decoding=\"async\" class=\"wpdm_icon\" alt=\"Icono\"   src=\"http:\/\/www.inespre.gov.do\/transparencia\/wp-content\/plugins\/download-manager\/assets\/file-type-icons\/xls.png\" \/><\/div><\/div>        <div class=\"pull-left text-left wbt-content\"><strong class=\"ptitle\">                <a href=\"https:\/\/www.inespre.gob.do\/transparencia\/download\/nomina-de-empleados-fijos-julio-2017\/?wpdmdl=4782&refresh=69f73f71010451777811313\">N\u00f3mina de Empleados Fijos Julio 2017<\/a>            <\/strong>            <div style=\"font-size: 8pt;padding-top: 1px\"><a href=\"https:\/\/www.inespre.gob.do\/transparencia\/download\/nomina-de-empleados-fijos-julio-2017\/?wpdmdl=4782&refresh=69f73f71010451777811313\">Descargar<\/a> <i style=\"margin: 4px 0 0 5px;opacity:0.5\"                                                           class=\"fa fa-th-large\"><\/i> 508.00 KB            <\/div>        <\/div>    <\/div><\/div><\/div><script>jQuery(function(){jQuery('.link-btn a.wpdm-download-link img').after('Descargar');jQuery('.link-btn a.wpdm-download-link img').remove();});<\/script><br \/>\n        <div class=\"w3eden clear\" align=\"right\"><div class=\"link-btn light\">    <div class=\"media\">        <div class=\"pull-left wbt-left\"><div class=\"wbt-icon\"><img decoding=\"async\" class=\"wpdm_icon\" alt=\"Icono\"   src=\"http:\/\/www.inespre.gov.do\/transparencia\/wp-content\/plugins\/download-manager\/assets\/file-type-icons\/xls.png\" \/><\/div><\/div>        <div class=\"pull-left text-left wbt-content\"><strong class=\"ptitle\">                <a href=\"https:\/\/www.inespre.gob.do\/transparencia\/download\/nomina-de-empleados-fijos-junio-2017\/?wpdmdl=4743&refresh=69f73f710163f1777811313\">N\u00f3mina de Empleados Fijos Junio 2017<\/a>            <\/strong>            <div style=\"font-size: 8pt;padding-top: 1px\"><a href=\"https:\/\/www.inespre.gob.do\/transparencia\/download\/nomina-de-empleados-fijos-junio-2017\/?wpdmdl=4743&refresh=69f73f710163f1777811313\">Descargar<\/a> <i style=\"margin: 4px 0 0 5px;opacity:0.5\"                                                           class=\"fa fa-th-large\"><\/i> 507.50 KB            <\/div>        <\/div>    <\/div><\/div><\/div><script>jQuery(function(){jQuery('.link-btn a.wpdm-download-link img').after('Descargar');jQuery('.link-btn a.wpdm-download-link img').remove();});<\/script><br \/>\n        <div class=\"w3eden clear\" align=\"right\"><div class=\"link-btn light\">    <div class=\"media\">        <div class=\"pull-left wbt-left\"><div class=\"wbt-icon\"><img decoding=\"async\" class=\"wpdm_icon\" alt=\"Icono\"   src=\"http:\/\/www.inespre.gov.do\/transparencia\/wp-content\/plugins\/download-manager\/assets\/file-type-icons\/xls.png\" \/><\/div><\/div>        <div class=\"pull-left text-left wbt-content\"><strong class=\"ptitle\">                <a href=\"https:\/\/www.inespre.gob.do\/transparencia\/download\/nomina-de-empleados-fijos-mayo-2017\/?wpdmdl=4563&refresh=69f73f7101c761777811313\">N\u00f3mina de Empleados Fijos Mayo 2017<\/a>            <\/strong>            <div style=\"font-size: 8pt;padding-top: 1px\"><a href=\"https:\/\/www.inespre.gob.do\/transparencia\/download\/nomina-de-empleados-fijos-mayo-2017\/?wpdmdl=4563&refresh=69f73f7101c761777811313\">Descargar<\/a> <i style=\"margin: 4px 0 0 5px;opacity:0.5\"                                                           class=\"fa fa-th-large\"><\/i> 508.00 KB            <\/div>        <\/div>    <\/div><\/div><\/div><script>jQuery(function(){jQuery('.link-btn a.wpdm-download-link img').after('Descargar');jQuery('.link-btn a.wpdm-download-link img').remove();});<\/script><br \/>\n        <div class=\"w3eden clear\" align=\"right\"><div class=\"link-btn light\">    <div class=\"media\">        <div class=\"pull-left wbt-left\"><div class=\"wbt-icon\"><img decoding=\"async\" class=\"wpdm_icon\" alt=\"Icono\"   src=\"http:\/\/www.inespre.gov.do\/transparencia\/wp-content\/plugins\/download-manager\/assets\/file-type-icons\/xls.png\" \/><\/div><\/div>        <div class=\"pull-left text-left wbt-content\"><strong class=\"ptitle\">                <a href=\"https:\/\/www.inespre.gob.do\/transparencia\/download\/nomina-de-empleados-fijos-abril-2017\/?wpdmdl=4394&refresh=69f73f710228b1777811313\">N\u00f3mina de Empleados Fijos Abril 2017<\/a>            <\/strong>            <div style=\"font-size: 8pt;padding-top: 1px\"><a href=\"https:\/\/www.inespre.gob.do\/transparencia\/download\/nomina-de-empleados-fijos-abril-2017\/?wpdmdl=4394&refresh=69f73f710228b1777811313\">Descargar<\/a> <i style=\"margin: 4px 0 0 5px;opacity:0.5\"                                                           class=\"fa fa-th-large\"><\/i> 504.50 KB            <\/div>        <\/div>    <\/div><\/div><\/div><script>jQuery(function(){jQuery('.link-btn a.wpdm-download-link img').after('Descargar');jQuery('.link-btn a.wpdm-download-link img').remove();});<\/script><br \/>\n        <div class=\"w3eden clear\" align=\"right\"><div class=\"link-btn light\">    <div class=\"media\">        <div class=\"pull-left wbt-left\"><div class=\"wbt-icon\"><img decoding=\"async\" class=\"wpdm_icon\" alt=\"Icono\"   src=\"http:\/\/www.inespre.gov.do\/transparencia\/wp-content\/plugins\/download-manager\/assets\/file-type-icons\/xls.png\" \/><\/div><\/div>        <div class=\"pull-left text-left wbt-content\"><strong class=\"ptitle\">                <a href=\"https:\/\/www.inespre.gob.do\/transparencia\/download\/nomina-de-empleados-fijos-marzo-2017\/?wpdmdl=4310&refresh=69f73f71030151777811313\">N\u00f3mina de Empleados Fijos Marzo 2017<\/a>            <\/strong>            <div style=\"font-size: 8pt;padding-top: 1px\"><a href=\"https:\/\/www.inespre.gob.do\/transparencia\/download\/nomina-de-empleados-fijos-marzo-2017\/?wpdmdl=4310&refresh=69f73f71030151777811313\">Descargar<\/a> <i style=\"margin: 4px 0 0 5px;opacity:0.5\"                                                           class=\"fa fa-th-large\"><\/i> 505.50 KB            <\/div>        <\/div>    <\/div><\/div><\/div><script>jQuery(function(){jQuery('.link-btn a.wpdm-download-link img').after('Descargar');jQuery('.link-btn a.wpdm-download-link img').remove();});<\/script><br \/>\n        <div class=\"w3eden clear\" align=\"right\"><div class=\"link-btn light\">    <div class=\"media\">        <div class=\"pull-left wbt-left\"><div class=\"wbt-icon\"><img decoding=\"async\" class=\"wpdm_icon\" alt=\"Icono\"   src=\"http:\/\/www.inespre.gov.do\/transparencia\/wp-content\/plugins\/download-manager\/assets\/file-type-icons\/xls.png\" \/><\/div><\/div>        <div class=\"pull-left text-left wbt-content\"><strong class=\"ptitle\">                <a href=\"https:\/\/www.inespre.gob.do\/transparencia\/download\/nomina-de-empleados-fijos-febrero-2017\/?wpdmdl=4101&refresh=69f73f71036711777811313\">N\u00f3mina de Empleados Fijos Febrero 2017<\/a>            <\/strong>            <div style=\"font-size: 8pt;padding-top: 1px\"><a href=\"https:\/\/www.inespre.gob.do\/transparencia\/download\/nomina-de-empleados-fijos-febrero-2017\/?wpdmdl=4101&refresh=69f73f71036711777811313\">Descargar<\/a> <i style=\"margin: 4px 0 0 5px;opacity:0.5\"                                                           class=\"fa fa-th-large\"><\/i> 508.00 KB            <\/div>        <\/div>    <\/div><\/div><\/div><script>jQuery(function(){jQuery('.link-btn a.wpdm-download-link img').after('Descargar');jQuery('.link-btn a.wpdm-download-link img').remove();});<\/script><br \/>\n        <div class=\"w3eden clear\" align=\"right\"><div class=\"link-btn light\">    <div class=\"media\">        <div class=\"pull-left wbt-left\"><div class=\"wbt-icon\"><img decoding=\"async\" class=\"wpdm_icon\" alt=\"Icono\"   src=\"http:\/\/www.inespre.gov.do\/transparencia\/wp-content\/plugins\/download-manager\/assets\/file-type-icons\/xls.png\" \/><\/div><\/div>        <div class=\"pull-left text-left wbt-content\"><strong class=\"ptitle\">                <a href=\"https:\/\/www.inespre.gob.do\/transparencia\/download\/nomina-de-empleados-fijos-diciembre-2017\/?wpdmdl=4001&refresh=69f73f7103cb41777811313\">N\u00f3mina de Empleados Fijos Enero 2017<\/a>            <\/strong>            <div style=\"font-size: 8pt;padding-top: 1px\"><a href=\"https:\/\/www.inespre.gob.do\/transparencia\/download\/nomina-de-empleados-fijos-diciembre-2017\/?wpdmdl=4001&refresh=69f73f7103cb41777811313\">Descargar<\/a> <i style=\"margin: 4px 0 0 5px;opacity:0.5\"                                                           class=\"fa fa-th-large\"><\/i> 511.50 KB            <\/div>        <\/div>    <\/div><\/div><\/div><script>jQuery(function(){jQuery('.link-btn a.wpdm-download-link img').after('Descargar');jQuery('.link-btn a.wpdm-download-link img').remove();});<\/script><br \/>\n<h5>N\u00f3mina de Empleados Contratados 2017<\/h5>\nEsta instituci\u00f3n no tiene personal contratado en el per\u00edodo de <strong>diciembre.<\/strong>\n        <div class=\"w3eden clear\" align=\"right\"><div class=\"link-btn light\">    <div class=\"media\">        <div class=\"pull-left wbt-left\"><div class=\"wbt-icon\"><img decoding=\"async\" class=\"wpdm_icon\" alt=\"Icono\"   src=\"http:\/\/www.inespre.gov.do\/transparencia\/wp-content\/plugins\/download-manager\/assets\/file-type-icons\/xls.png\" \/><\/div><\/div>        <div class=\"pull-left text-left wbt-content\"><strong class=\"ptitle\">                <a href=\"https:\/\/www.inespre.gob.do\/transparencia\/download\/nomina-de-empleados-contratados-noviembre-2017\/?wpdmdl=5709&refresh=69f73f71043811777811313\">N\u00f3mina de Empleados Contratados Noviembre 2017<\/a>            <\/strong>            <div style=\"font-size: 8pt;padding-top: 1px\"><a href=\"https:\/\/www.inespre.gob.do\/transparencia\/download\/nomina-de-empleados-contratados-noviembre-2017\/?wpdmdl=5709&refresh=69f73f71043811777811313\">Descargar<\/a> <i style=\"margin: 4px 0 0 5px;opacity:0.5\"                                                           class=\"fa fa-th-large\"><\/i> 232.50 KB            <\/div>        <\/div>    <\/div><\/div><\/div><script>jQuery(function(){jQuery('.link-btn a.wpdm-download-link img').after('Descargar');jQuery('.link-btn a.wpdm-download-link img').remove();});<\/script><br \/>\n        <div class=\"w3eden clear\" align=\"right\"><div class=\"link-btn light\">    <div class=\"media\">        <div class=\"pull-left wbt-left\"><div class=\"wbt-icon\"><img decoding=\"async\" class=\"wpdm_icon\" alt=\"Icono\"   src=\"http:\/\/www.inespre.gov.do\/transparencia\/wp-content\/plugins\/download-manager\/assets\/file-type-icons\/xls.png\" \/><\/div><\/div>        <div class=\"pull-left text-left wbt-content\"><strong class=\"ptitle\">                <a href=\"https:\/\/www.inespre.gob.do\/transparencia\/download\/nomina-de-empleados-contratados-octubre-2017\/?wpdmdl=5396&refresh=69f73f71049b51777811313\">N\u00f3mina de Empleados Contratados Octubre 2017<\/a>            <\/strong>            <div style=\"font-size: 8pt;padding-top: 1px\"><a href=\"https:\/\/www.inespre.gob.do\/transparencia\/download\/nomina-de-empleados-contratados-octubre-2017\/?wpdmdl=5396&refresh=69f73f71049b51777811313\">Descargar<\/a> <i style=\"margin: 4px 0 0 5px;opacity:0.5\"                                                           class=\"fa fa-th-large\"><\/i> 233.50 KB            <\/div>        <\/div>    <\/div><\/div><\/div><script>jQuery(function(){jQuery('.link-btn a.wpdm-download-link img').after('Descargar');jQuery('.link-btn a.wpdm-download-link img').remove();});<\/script><br \/>\n        <div class=\"w3eden clear\" align=\"right\"><div class=\"link-btn light\">    <div class=\"media\">        <div class=\"pull-left wbt-left\"><div class=\"wbt-icon\"><img decoding=\"async\" class=\"wpdm_icon\" alt=\"Icono\"   src=\"http:\/\/www.inespre.gov.do\/transparencia\/wp-content\/plugins\/download-manager\/assets\/file-type-icons\/xls.png\" \/><\/div><\/div>        <div class=\"pull-left text-left wbt-content\"><strong class=\"ptitle\">                <a href=\"https:\/\/www.inespre.gob.do\/transparencia\/download\/nomina-de-empleados-contratados-septiembre-2017\/?wpdmdl=5043&refresh=69f73f7104ffd1777811313\">N\u00f3mina de Empleados Contratados Septiembre 2017<\/a>            <\/strong>            <div style=\"font-size: 8pt;padding-top: 1px\"><a href=\"https:\/\/www.inespre.gob.do\/transparencia\/download\/nomina-de-empleados-contratados-septiembre-2017\/?wpdmdl=5043&refresh=69f73f7104ffd1777811313\">Descargar<\/a> <i style=\"margin: 4px 0 0 5px;opacity:0.5\"                                                           class=\"fa fa-th-large\"><\/i> 242.00 KB            <\/div>        <\/div>    <\/div><\/div><\/div><script>jQuery(function(){jQuery('.link-btn a.wpdm-download-link img').after('Descargar');jQuery('.link-btn a.wpdm-download-link img').remove();});<\/script><br \/>\n        <div class=\"w3eden clear\" align=\"right\"><div class=\"link-btn light\">    <div class=\"media\">        <div class=\"pull-left wbt-left\"><div class=\"wbt-icon\"><img decoding=\"async\" class=\"wpdm_icon\" alt=\"Icono\"   src=\"http:\/\/www.inespre.gov.do\/transparencia\/wp-content\/plugins\/download-manager\/assets\/file-type-icons\/xls.png\" \/><\/div><\/div>        <div class=\"pull-left text-left wbt-content\"><strong class=\"ptitle\">                <a href=\"https:\/\/www.inespre.gob.do\/transparencia\/download\/nomina-de-empleados-contratados-agosto-2017\/?wpdmdl=4947&refresh=69f73f7105a2c1777811313\">N\u00f3mina de Empleados Contratados Agosto 2017<\/a>            <\/strong>            <div style=\"font-size: 8pt;padding-top: 1px\"><a href=\"https:\/\/www.inespre.gob.do\/transparencia\/download\/nomina-de-empleados-contratados-agosto-2017\/?wpdmdl=4947&refresh=69f73f7105a2c1777811313\">Descargar<\/a> <i style=\"margin: 4px 0 0 5px;opacity:0.5\"                                                           class=\"fa fa-th-large\"><\/i> 233.50 KB            <\/div>        <\/div>    <\/div><\/div><\/div><script>jQuery(function(){jQuery('.link-btn a.wpdm-download-link img').after('Descargar');jQuery('.link-btn a.wpdm-download-link img').remove();});<\/script><br \/>\n        <div class=\"w3eden clear\" align=\"right\"><div class=\"link-btn light\">    <div class=\"media\">        <div class=\"pull-left wbt-left\"><div class=\"wbt-icon\"><img decoding=\"async\" class=\"wpdm_icon\" alt=\"Icono\"   src=\"http:\/\/www.inespre.gov.do\/transparencia\/wp-content\/plugins\/download-manager\/assets\/file-type-icons\/xls.png\" \/><\/div><\/div>        <div class=\"pull-left text-left wbt-content\"><strong class=\"ptitle\">                <a href=\"https:\/\/www.inespre.gob.do\/transparencia\/download\/nomina-de-empleados-contratados-marzo-2017\/?wpdmdl=4450&refresh=69f73f71060c61777811313\">N\u00f3mina de Empleados Contratados Marzo 2017<\/a>            <\/strong>            <div style=\"font-size: 8pt;padding-top: 1px\"><a href=\"https:\/\/www.inespre.gob.do\/transparencia\/download\/nomina-de-empleados-contratados-marzo-2017\/?wpdmdl=4450&refresh=69f73f71060c61777811313\">Descargar<\/a> <i style=\"margin: 4px 0 0 5px;opacity:0.5\"                                                           class=\"fa fa-th-large\"><\/i> 231.50 KB            <\/div>        <\/div>    <\/div><\/div><\/div><script>jQuery(function(){jQuery('.link-btn a.wpdm-download-link img').after('Descargar');jQuery('.link-btn a.wpdm-download-link img').remove();});<\/script><br \/>\n<h5><strong><em>Esta instituci\u00f3n no tiene personal contratado durante los per\u00edodo de enero, febrero, abril, mayo, junio, julio y diciembre.<\/em><\/strong><\/h5><\/p>\r\n        <\/div> <!-- \/ tabs_item -->\r\n                <div class=\"tabs_item\">\r\n            <p><h3 id=\"2016\">2016<\/h3>\n<h5>N\u00f3mina de Empleados Fijos 2016<\/h5>\n        <div class=\"w3eden clear\" align=\"right\"><div class=\"link-btn light\">    <div class=\"media\">        <div class=\"pull-left wbt-left\"><div class=\"wbt-icon\"><img decoding=\"async\" class=\"wpdm_icon\" alt=\"Icono\"   src=\"http:\/\/www.inespre.gov.do\/transparencia\/wp-content\/plugins\/download-manager\/assets\/file-type-icons\/xls.png\" \/><\/div><\/div>        <div class=\"pull-left text-left wbt-content\"><strong class=\"ptitle\">                <a href=\"https:\/\/www.inespre.gob.do\/transparencia\/download\/nomina-de-empleados-fijos-diciembre-2016\/?wpdmdl=3816&refresh=69f73f71067ba1777811313\">N\u00f3mina de Empleados Fijos Diciembre 2016<\/a>            <\/strong>            <div style=\"font-size: 8pt;padding-top: 1px\"><a href=\"https:\/\/www.inespre.gob.do\/transparencia\/download\/nomina-de-empleados-fijos-diciembre-2016\/?wpdmdl=3816&refresh=69f73f71067ba1777811313\">Descargar<\/a> <i style=\"margin: 4px 0 0 5px;opacity:0.5\"                                                           class=\"fa fa-th-large\"><\/i> 514.50 KB            <\/div>        <\/div>    <\/div><\/div><\/div><script>jQuery(function(){jQuery('.link-btn a.wpdm-download-link img').after('Descargar');jQuery('.link-btn a.wpdm-download-link img').remove();});<\/script><br \/>\n        <div class=\"w3eden clear\" align=\"right\"><div class=\"link-btn light\">    <div class=\"media\">        <div class=\"pull-left wbt-left\"><div class=\"wbt-icon\"><img decoding=\"async\" class=\"wpdm_icon\" alt=\"Icono\"   src=\"http:\/\/www.inespre.gov.do\/transparencia\/wp-content\/plugins\/download-manager\/assets\/file-type-icons\/xls.png\" \/><\/div><\/div>        <div class=\"pull-left text-left wbt-content\"><strong class=\"ptitle\">                <a href=\"https:\/\/www.inespre.gob.do\/transparencia\/download\/nomina-de-empleados-fijos-noviembre-2016\/?wpdmdl=3392&refresh=69f73f7106e051777811313\">N\u00f3mina de Empleados Fijos Noviembre 2016<\/a>            <\/strong>            <div style=\"font-size: 8pt;padding-top: 1px\"><a href=\"https:\/\/www.inespre.gob.do\/transparencia\/download\/nomina-de-empleados-fijos-noviembre-2016\/?wpdmdl=3392&refresh=69f73f7106e051777811313\">Descargar<\/a> <i style=\"margin: 4px 0 0 5px;opacity:0.5\"                                                           class=\"fa fa-th-large\"><\/i> 755.50 KB            <\/div>        <\/div>    <\/div><\/div><\/div><script>jQuery(function(){jQuery('.link-btn a.wpdm-download-link img').after('Descargar');jQuery('.link-btn a.wpdm-download-link img').remove();});<\/script><br \/>\n        <div class=\"w3eden clear\" align=\"right\"><div class=\"link-btn light\">    <div class=\"media\">        <div class=\"pull-left wbt-left\"><div class=\"wbt-icon\"><img decoding=\"async\" class=\"wpdm_icon\" alt=\"Icono\"   src=\"http:\/\/www.inespre.gov.do\/transparencia\/wp-content\/plugins\/download-manager\/assets\/file-type-icons\/xls.png\" \/><\/div><\/div>        <div class=\"pull-left text-left wbt-content\"><strong class=\"ptitle\">                <a href=\"https:\/\/www.inespre.gob.do\/transparencia\/download\/nomina-de-empleados-fijos-octubre-2016\/?wpdmdl=3367&refresh=69f73f71073da1777811313\">N\u00f3mina de Empleados Fijos Octubre 2016<\/a>            <\/strong>            <div style=\"font-size: 8pt;padding-top: 1px\"><a href=\"https:\/\/www.inespre.gob.do\/transparencia\/download\/nomina-de-empleados-fijos-octubre-2016\/?wpdmdl=3367&refresh=69f73f71073da1777811313\">Descargar<\/a> <i style=\"margin: 4px 0 0 5px;opacity:0.5\"                                                           class=\"fa fa-th-large\"><\/i> 729.50 KB            <\/div>        <\/div>    <\/div><\/div><\/div><script>jQuery(function(){jQuery('.link-btn a.wpdm-download-link img').after('Descargar');jQuery('.link-btn a.wpdm-download-link img').remove();});<\/script><br \/>\n        <div class=\"w3eden clear\" align=\"right\"><div class=\"link-btn light\">    <div class=\"media\">        <div class=\"pull-left wbt-left\"><div class=\"wbt-icon\"><img decoding=\"async\" class=\"wpdm_icon\" alt=\"Icono\"   src=\"http:\/\/www.inespre.gov.do\/transparencia\/wp-content\/plugins\/download-manager\/assets\/file-type-icons\/xls.png\" \/><\/div><\/div>        <div class=\"pull-left text-left wbt-content\"><strong class=\"ptitle\">                <a href=\"https:\/\/www.inespre.gob.do\/transparencia\/download\/nomina-de-empleados-fijos-septiembre-2016\/?wpdmdl=3344&refresh=69f73f71079d71777811313\">N\u00f3mina de Empleados Fijos Septiembre 2016<\/a>            <\/strong>            <div style=\"font-size: 8pt;padding-top: 1px\"><a href=\"https:\/\/www.inespre.gob.do\/transparencia\/download\/nomina-de-empleados-fijos-septiembre-2016\/?wpdmdl=3344&refresh=69f73f71079d71777811313\">Descargar<\/a> <i style=\"margin: 4px 0 0 5px;opacity:0.5\"                                                           class=\"fa fa-th-large\"><\/i> 730.50 KB            <\/div>        <\/div>    <\/div><\/div><\/div><script>jQuery(function(){jQuery('.link-btn a.wpdm-download-link img').after('Descargar');jQuery('.link-btn a.wpdm-download-link img').remove();});<\/script><br \/>\n        <div class=\"w3eden clear\" align=\"right\"><div class=\"link-btn light\">    <div class=\"media\">        <div class=\"pull-left wbt-left\"><div class=\"wbt-icon\"><img decoding=\"async\" class=\"wpdm_icon\" alt=\"Icono\"   src=\"http:\/\/www.inespre.gov.do\/transparencia\/wp-content\/plugins\/download-manager\/assets\/file-type-icons\/xls.png\" \/><\/div><\/div>        <div class=\"pull-left text-left wbt-content\"><strong class=\"ptitle\">                <a href=\"https:\/\/www.inespre.gob.do\/transparencia\/download\/nomina-de-empleados-fijos-agosto-2016\/?wpdmdl=3319&refresh=69f73f7107f791777811313\">N\u00f3mina de Empleados Fijos Agosto 2016<\/a>            <\/strong>            <div style=\"font-size: 8pt;padding-top: 1px\"><a href=\"https:\/\/www.inespre.gob.do\/transparencia\/download\/nomina-de-empleados-fijos-agosto-2016\/?wpdmdl=3319&refresh=69f73f7107f791777811313\">Descargar<\/a> <i style=\"margin: 4px 0 0 5px;opacity:0.5\"                                                           class=\"fa fa-th-large\"><\/i> 656.00 KB            <\/div>        <\/div>    <\/div><\/div><\/div><script>jQuery(function(){jQuery('.link-btn a.wpdm-download-link img').after('Descarga');jQuery('.link-btn a.wpdm-download-link img').remove();});<\/script><br \/>\n        <div class=\"w3eden clear\" align=\"right\"><div class=\"link-btn light\">    <div class=\"media\">        <div class=\"pull-left wbt-left\"><div class=\"wbt-icon\"><img decoding=\"async\" class=\"wpdm_icon\" alt=\"Icono\"   src=\"http:\/\/www.inespre.gov.do\/transparencia\/wp-content\/plugins\/download-manager\/assets\/file-type-icons\/xls.png\" \/><\/div><\/div>        <div class=\"pull-left text-left wbt-content\"><strong class=\"ptitle\">                <a href=\"https:\/\/www.inespre.gob.do\/transparencia\/download\/nomina-de-empleados-fijos-julio-2016\/?wpdmdl=3282&refresh=69f73f71085121777811313\">N\u00f3mina de Empleados Fijos Julio 2016<\/a>            <\/strong>            <div style=\"font-size: 8pt;padding-top: 1px\"><a href=\"https:\/\/www.inespre.gob.do\/transparencia\/download\/nomina-de-empleados-fijos-julio-2016\/?wpdmdl=3282&refresh=69f73f71085121777811313\">Descargar<\/a> <i style=\"margin: 4px 0 0 5px;opacity:0.5\"                                                           class=\"fa fa-th-large\"><\/i> 656.00 KB            <\/div>        <\/div>    <\/div><\/div><\/div><script>jQuery(function(){jQuery('.link-btn a.wpdm-download-link img').after('Descargar');jQuery('.link-btn a.wpdm-download-link img').remove();});<\/script><br \/>\n        <div class=\"w3eden clear\" align=\"right\"><div class=\"link-btn light\">    <div class=\"media\">        <div class=\"pull-left wbt-left\"><div class=\"wbt-icon\"><img decoding=\"async\" class=\"wpdm_icon\" alt=\"Icono\"   src=\"http:\/\/www.inespre.gov.do\/transparencia\/wp-content\/plugins\/download-manager\/assets\/file-type-icons\/xlsx.png\" \/><\/div><\/div>        <div class=\"pull-left text-left wbt-content\"><strong class=\"ptitle\">                <a href=\"https:\/\/www.inespre.gob.do\/transparencia\/download\/nomina-de-empleados-fijos-junio-2016\/?wpdmdl=3263&refresh=69f73f7108ac41777811313\">N\u00f3mina de Empleados Fijos Junio 2016<\/a>            <\/strong>            <div style=\"font-size: 8pt;padding-top: 1px\"><a href=\"https:\/\/www.inespre.gob.do\/transparencia\/download\/nomina-de-empleados-fijos-junio-2016\/?wpdmdl=3263&refresh=69f73f7108ac41777811313\">Descargar<\/a> <i style=\"margin: 4px 0 0 5px;opacity:0.5\"                                                           class=\"fa fa-th-large\"><\/i> 656.00 KB            <\/div>        <\/div>    <\/div><\/div><\/div><script>jQuery(function(){jQuery('.link-btn a.wpdm-download-link img').after('Descargar');jQuery('.link-btn a.wpdm-download-link img').remove();});<\/script><br \/>\n        <div class=\"w3eden clear\" align=\"right\"><div class=\"link-btn light\">    <div class=\"media\">        <div class=\"pull-left wbt-left\"><div class=\"wbt-icon\"><img decoding=\"async\" class=\"wpdm_icon\" alt=\"Icono\"   src=\"http:\/\/www.inespre.gov.do\/transparencia\/wp-content\/plugins\/download-manager\/assets\/file-type-icons\/xls.png\" \/><\/div><\/div>        <div class=\"pull-left text-left wbt-content\"><strong class=\"ptitle\">                <a href=\"https:\/\/www.inespre.gob.do\/transparencia\/download\/nomina-de-empleados-fijos-mayo-2016\/?wpdmdl=3208&refresh=69f73f71091051777811313\">N\u00f3mina de Empleados Fijos Mayo 2016<\/a>            <\/strong>            <div style=\"font-size: 8pt;padding-top: 1px\"><a href=\"https:\/\/www.inespre.gob.do\/transparencia\/download\/nomina-de-empleados-fijos-mayo-2016\/?wpdmdl=3208&refresh=69f73f71091051777811313\">Descargar<\/a> <i style=\"margin: 4px 0 0 5px;opacity:0.5\"                                                           class=\"fa fa-th-large\"><\/i> 733.50 KB            <\/div>        <\/div>    <\/div><\/div><\/div><script>jQuery(function(){jQuery('.link-btn a.wpdm-download-link img').after('');jQuery('.link-btn a.wpdm-download-link img').remove();});<\/script><br \/>\n        <div class=\"w3eden clear\" align=\"right\"><div class=\"link-btn light\">    <div class=\"media\">        <div class=\"pull-left wbt-left\"><div class=\"wbt-icon\"><img decoding=\"async\" class=\"wpdm_icon\" alt=\"Icono\"   src=\"http:\/\/www.inespre.gov.do\/transparencia\/wp-content\/plugins\/download-manager\/assets\/file-type-icons\/xls.png\" \/><\/div><\/div>        <div class=\"pull-left text-left wbt-content\"><strong class=\"ptitle\">                <a href=\"https:\/\/www.inespre.gob.do\/transparencia\/download\/nomina-de-empleados-fijos-abril-2016\/?wpdmdl=3180&refresh=69f73f71097111777811313\">N\u00f3mina de Empleados Fijos Abril 2016<\/a>            <\/strong>            <div style=\"font-size: 8pt;padding-top: 1px\"><a href=\"https:\/\/www.inespre.gob.do\/transparencia\/download\/nomina-de-empleados-fijos-abril-2016\/?wpdmdl=3180&refresh=69f73f71097111777811313\">Descargar<\/a> <i style=\"margin: 4px 0 0 5px;opacity:0.5\"                                                           class=\"fa fa-th-large\"><\/i> 736.00 KB            <\/div>        <\/div>    <\/div><\/div><\/div><script>jQuery(function(){jQuery('.link-btn a.wpdm-download-link img').after('');jQuery('.link-btn a.wpdm-download-link img').remove();});<\/script><br \/>\n        <div class=\"w3eden clear\" align=\"right\"><div class=\"link-btn light\">    <div class=\"media\">        <div class=\"pull-left wbt-left\"><div class=\"wbt-icon\"><img decoding=\"async\" class=\"wpdm_icon\" alt=\"Icono\"   src=\"http:\/\/www.inespre.gov.do\/transparencia\/wp-content\/plugins\/download-manager\/assets\/file-type-icons\/xls.png\" \/><\/div><\/div>        <div class=\"pull-left text-left wbt-content\"><strong class=\"ptitle\">                <a href=\"https:\/\/www.inespre.gob.do\/transparencia\/download\/nomina-de-empleados-fijos-marzo-2016\/?wpdmdl=3147&refresh=69f73f7109cff1777811313\">N\u00f3mina de Empleados Fijos Marzo 2016<\/a>            <\/strong>            <div style=\"font-size: 8pt;padding-top: 1px\"><a href=\"https:\/\/www.inespre.gob.do\/transparencia\/download\/nomina-de-empleados-fijos-marzo-2016\/?wpdmdl=3147&refresh=69f73f7109cff1777811313\">Descargar<\/a> <i style=\"margin: 4px 0 0 5px;opacity:0.5\"                                                           class=\"fa fa-th-large\"><\/i> 737.50 KB            <\/div>        <\/div>    <\/div><\/div><\/div><script>jQuery(function(){jQuery('.link-btn a.wpdm-download-link img').after('');jQuery('.link-btn a.wpdm-download-link img').remove();});<\/script><br \/>\n        <div class=\"w3eden clear\" align=\"right\"><div class=\"link-btn light\">    <div class=\"media\">        <div class=\"pull-left wbt-left\"><div class=\"wbt-icon\"><img decoding=\"async\" class=\"wpdm_icon\" alt=\"Icono\" src=\"https:\/\/www.inespre.gob.do\/transparencia\/wp-content\/plugins\/download-manager\/assets\/file-type-icons\/xls.svg\" onError='this.src=\"https:\/\/www.inespre.gob.do\/transparencia\/wp-content\/plugins\/download-manager\/assets\/file-type-icons\/unknown.svg\";' \/><\/div><\/div>        <div class=\"pull-left text-left wbt-content\"><strong class=\"ptitle\">                <a href=\"https:\/\/www.inespre.gob.do\/transparencia\/download\/nomina-de-empleados-fijos-febrero-2016\/?wpdmdl=3085&refresh=69f73f710a2d41777811313\">N\u00f3mina de Empleados Fijos Febrero 2016<\/a>            <\/strong>            <div style=\"font-size: 8pt;padding-top: 1px\"><a href=\"https:\/\/www.inespre.gob.do\/transparencia\/download\/nomina-de-empleados-fijos-febrero-2016\/?wpdmdl=3085&refresh=69f73f710a2d41777811313\">Descargar<\/a> <i style=\"margin: 4px 0 0 5px;opacity:0.5\"                                                           class=\"fa fa-th-large\"><\/i> 931.50 KB            <\/div>        <\/div>    <\/div><\/div><\/div><script>jQuery(function(){jQuery('.link-btn a.wpdm-download-link img').after('');jQuery('.link-btn a.wpdm-download-link img').remove();});<\/script><br \/>\n        <div class=\"w3eden clear\" align=\"right\"><div class=\"link-btn light\">    <div class=\"media\">        <div class=\"pull-left wbt-left\"><div class=\"wbt-icon\"><img decoding=\"async\" class=\"wpdm_icon\" alt=\"Icono\"   src=\"http:\/\/www.inespre.gov.do\/transparencia\/wp-content\/plugins\/download-manager\/assets\/file-type-icons\/xls.png\" \/><\/div><\/div>        <div class=\"pull-left text-left wbt-content\"><strong class=\"ptitle\">                <a href=\"https:\/\/www.inespre.gob.do\/transparencia\/download\/nomina-de-empleados-fijos-enero-2016\/?wpdmdl=3050&refresh=69f73f710ab921777811313\">N\u00f3mina de Empleados Fijos Enero 2016<\/a>            <\/strong>            <div style=\"font-size: 8pt;padding-top: 1px\"><a href=\"https:\/\/www.inespre.gob.do\/transparencia\/download\/nomina-de-empleados-fijos-enero-2016\/?wpdmdl=3050&refresh=69f73f710ab921777811313\">Descargar<\/a> <i style=\"margin: 4px 0 0 5px;opacity:0.5\"                                                           class=\"fa fa-th-large\"><\/i> 808.50 KB            <\/div>        <\/div>    <\/div><\/div><\/div><script>jQuery(function(){jQuery('.link-btn a.wpdm-download-link img').after('');jQuery('.link-btn a.wpdm-download-link img').remove();});<\/script><br \/>\n<h5>N\u00f3mina de Empleados Contratados 2016<\/h5>\n        <div class=\"w3eden clear\" align=\"right\"><div class=\"link-btn light\">    <div class=\"media\">        <div class=\"pull-left wbt-left\"><div class=\"wbt-icon\"><img decoding=\"async\" class=\"wpdm_icon\" alt=\"Icono\"   src=\"http:\/\/www.inespre.gov.do\/transparencia\/wp-content\/plugins\/download-manager\/assets\/file-type-icons\/xls.png\" \/><\/div><\/div>        <div class=\"pull-left text-left wbt-content\"><strong class=\"ptitle\">                <a href=\"https:\/\/www.inespre.gob.do\/transparencia\/download\/nomina-de-empleados-contratados-diciembre-2016\/?wpdmdl=3422&refresh=69f73f710b2161777811313\">N\u00f3mina de Empleados Contratados Diciembre 2016<\/a>            <\/strong>            <div style=\"font-size: 8pt;padding-top: 1px\"><a href=\"https:\/\/www.inespre.gob.do\/transparencia\/download\/nomina-de-empleados-contratados-diciembre-2016\/?wpdmdl=3422&refresh=69f73f710b2161777811313\">Descargar<\/a> <i style=\"margin: 4px 0 0 5px;opacity:0.5\"                                                           class=\"fa fa-th-large\"><\/i> 232.50 KB            <\/div>        <\/div>    <\/div><\/div><\/div><script>jQuery(function(){jQuery('.link-btn a.wpdm-download-link img').after('Descargar');jQuery('.link-btn a.wpdm-download-link img').remove();});<\/script><br \/>\n        <div class=\"w3eden clear\" align=\"right\"><div class=\"link-btn light\">    <div class=\"media\">        <div class=\"pull-left wbt-left\"><div class=\"wbt-icon\"><img decoding=\"async\" class=\"wpdm_icon\" alt=\"Icono\"   src=\"http:\/\/www.inespre.gov.do\/transparencia\/wp-content\/plugins\/download-manager\/assets\/file-type-icons\/xls.png\" \/><\/div><\/div>        <div class=\"pull-left text-left wbt-content\"><strong class=\"ptitle\">                <a href=\"https:\/\/www.inespre.gob.do\/transparencia\/download\/nomina-de-empleados-contratados-noviembre-2016\/?wpdmdl=3417&refresh=69f73f710b8241777811313\">N\u00f3mina de Empleados Contratados Noviembre 2016<\/a>            <\/strong>            <div style=\"font-size: 8pt;padding-top: 1px\"><a href=\"https:\/\/www.inespre.gob.do\/transparencia\/download\/nomina-de-empleados-contratados-noviembre-2016\/?wpdmdl=3417&refresh=69f73f710b8241777811313\">Descargar<\/a> <i style=\"margin: 4px 0 0 5px;opacity:0.5\"                                                           class=\"fa fa-th-large\"><\/i> 232.50 KB            <\/div>        <\/div>    <\/div><\/div><\/div><script>jQuery(function(){jQuery('.link-btn a.wpdm-download-link img').after('Descargar');jQuery('.link-btn a.wpdm-download-link img').remove();});<\/script><br \/>\n        <div class=\"w3eden clear\" align=\"right\"><div class=\"link-btn light\">    <div class=\"media\">        <div class=\"pull-left wbt-left\"><div class=\"wbt-icon\"><img decoding=\"async\" class=\"wpdm_icon\" alt=\"Icono\"   src=\"http:\/\/www.inespre.gov.do\/transparencia\/wp-content\/plugins\/download-manager\/assets\/file-type-icons\/xls.png\" \/><\/div><\/div>        <div class=\"pull-left text-left wbt-content\"><strong class=\"ptitle\">                <a href=\"https:\/\/www.inespre.gob.do\/transparencia\/download\/nomina-de-empleados-contratados-octubre-2016\/?wpdmdl=3416&refresh=69f73f710bdf31777811313\">N\u00f3mina de Empleados Contratados Octubre 2016<\/a>            <\/strong>            <div style=\"font-size: 8pt;padding-top: 1px\"><a href=\"https:\/\/www.inespre.gob.do\/transparencia\/download\/nomina-de-empleados-contratados-octubre-2016\/?wpdmdl=3416&refresh=69f73f710bdf31777811313\">Descargar<\/a> <i style=\"margin: 4px 0 0 5px;opacity:0.5\"                                                           class=\"fa fa-th-large\"><\/i> 232.50 KB            <\/div>        <\/div>    <\/div><\/div><\/div><script>jQuery(function(){jQuery('.link-btn a.wpdm-download-link img').after('Descargar');jQuery('.link-btn a.wpdm-download-link img').remove();});<\/script><br \/>\n<h6><em>Esta instituci\u00f3n no tiene personal contratado durante los per\u00edodo de <strong>enero, febrero, marzo, abril, mayo, junio, julio, agosto y septiembre.<\/strong><\/em><\/h6><\/p>\r\n        <\/div> <!-- \/ tabs_item -->\r\n                <div class=\"tabs_item\">\r\n            <p><h3 id=\"2015\">2015<\/h3>\n<h5>N\u00f3mina de Empleados Fijos 2015<\/h5>\n        <div class=\"w3eden clear\" align=\"right\"><div class=\"link-btn light\">    <div class=\"media\">        <div class=\"pull-left wbt-left\"><div class=\"wbt-icon\"><img decoding=\"async\" class=\"wpdm_icon\" alt=\"Icono\" src=\"https:\/\/www.inespre.gob.do\/transparencia\/wp-content\/plugins\/download-manager\/assets\/file-type-icons\/xls.svg\" onError='this.src=\"https:\/\/www.inespre.gob.do\/transparencia\/wp-content\/plugins\/download-manager\/assets\/file-type-icons\/unknown.svg\";' \/><\/div><\/div>        <div class=\"pull-left text-left wbt-content\"><strong class=\"ptitle\">                <a href=\"https:\/\/www.inespre.gob.do\/transparencia\/download\/nomina-de-empleados-fijos-enero-2015\/?wpdmdl=413&refresh=69f73f710c7ca1777811313\">N\u00f3mina de Empleados Fijos Enero 2015<\/a>            <\/strong>            <div style=\"font-size: 8pt;padding-top: 1px\"><a href=\"https:\/\/www.inespre.gob.do\/transparencia\/download\/nomina-de-empleados-fijos-enero-2015\/?wpdmdl=413&refresh=69f73f710c7ca1777811313\">Descargar<\/a> <i style=\"margin: 4px 0 0 5px;opacity:0.5\"                                                           class=\"fa fa-th-large\"><\/i> 554.50 KB            <\/div>        <\/div>    <\/div><\/div><\/div><script>jQuery(function(){jQuery('.link-btn a.wpdm-download-link img').after('');jQuery('.link-btn a.wpdm-download-link img').remove();});<\/script><br \/>\n        <div class=\"w3eden clear\" align=\"right\"><div class=\"link-btn light\">    <div class=\"media\">        <div class=\"pull-left wbt-left\"><div class=\"wbt-icon\"><img decoding=\"async\" class=\"wpdm_icon\" alt=\"Icono\" src=\"https:\/\/www.inespre.gob.do\/transparencia\/wp-content\/plugins\/download-manager\/assets\/file-type-icons\/xls.svg\" onError='this.src=\"https:\/\/www.inespre.gob.do\/transparencia\/wp-content\/plugins\/download-manager\/assets\/file-type-icons\/unknown.svg\";' \/><\/div><\/div>        <div class=\"pull-left text-left wbt-content\"><strong class=\"ptitle\">                <a href=\"https:\/\/www.inespre.gob.do\/transparencia\/download\/nomina-de-empleados-fijos-febrero-2015\/?wpdmdl=415&refresh=69f73f710cda61777811313\">N\u00f3mina de Empleados Fijos Febrero 2015<\/a>            <\/strong>            <div style=\"font-size: 8pt;padding-top: 1px\"><a href=\"https:\/\/www.inespre.gob.do\/transparencia\/download\/nomina-de-empleados-fijos-febrero-2015\/?wpdmdl=415&refresh=69f73f710cda61777811313\">Descargar<\/a> <i style=\"margin: 4px 0 0 5px;opacity:0.5\"                                                           class=\"fa fa-th-large\"><\/i> 555.50 KB            <\/div>        <\/div>    <\/div><\/div><\/div><script>jQuery(function(){jQuery('.link-btn a.wpdm-download-link img').after('');jQuery('.link-btn a.wpdm-download-link img').remove();});<\/script><br \/>\n        <div class=\"w3eden clear\" align=\"right\"><div class=\"link-btn light\">    <div class=\"media\">        <div class=\"pull-left wbt-left\"><div class=\"wbt-icon\"><img decoding=\"async\" class=\"wpdm_icon\" alt=\"Icono\" src=\"https:\/\/www.inespre.gob.do\/transparencia\/wp-content\/plugins\/download-manager\/assets\/file-type-icons\/xls.svg\" onError='this.src=\"https:\/\/www.inespre.gob.do\/transparencia\/wp-content\/plugins\/download-manager\/assets\/file-type-icons\/unknown.svg\";' \/><\/div><\/div>        <div class=\"pull-left text-left wbt-content\"><strong class=\"ptitle\">                <a href=\"https:\/\/www.inespre.gob.do\/transparencia\/download\/nomina-de-empleados-fijos-marzo-2015\/?wpdmdl=417&refresh=69f73f710d37a1777811313\">N\u00f3mina de Empleados Fijos Marzo 2015<\/a>            <\/strong>            <div style=\"font-size: 8pt;padding-top: 1px\"><a href=\"https:\/\/www.inespre.gob.do\/transparencia\/download\/nomina-de-empleados-fijos-marzo-2015\/?wpdmdl=417&refresh=69f73f710d37a1777811313\">Descargar<\/a> <i style=\"margin: 4px 0 0 5px;opacity:0.5\"                                                           class=\"fa fa-th-large\"><\/i> 550.00 KB            <\/div>        <\/div>    <\/div><\/div><\/div><script>jQuery(function(){jQuery('.link-btn a.wpdm-download-link img').after('');jQuery('.link-btn a.wpdm-download-link img').remove();});<\/script><br \/>\n        <div class=\"w3eden clear\" align=\"right\"><div class=\"link-btn light\">    <div class=\"media\">        <div class=\"pull-left wbt-left\"><div class=\"wbt-icon\"><img decoding=\"async\" class=\"wpdm_icon\" alt=\"Icono\" src=\"https:\/\/www.inespre.gob.do\/transparencia\/wp-content\/plugins\/download-manager\/assets\/file-type-icons\/xls.svg\" onError='this.src=\"https:\/\/www.inespre.gob.do\/transparencia\/wp-content\/plugins\/download-manager\/assets\/file-type-icons\/unknown.svg\";' \/><\/div><\/div>        <div class=\"pull-left text-left wbt-content\"><strong class=\"ptitle\">                <a href=\"https:\/\/www.inespre.gob.do\/transparencia\/download\/nomina-de-empleados-fijos-abril-2015\/?wpdmdl=423&refresh=69f73f710d9df1777811313\">N\u00f3mina de Empleados Fijos Abril 2015<\/a>            <\/strong>            <div style=\"font-size: 8pt;padding-top: 1px\"><a href=\"https:\/\/www.inespre.gob.do\/transparencia\/download\/nomina-de-empleados-fijos-abril-2015\/?wpdmdl=423&refresh=69f73f710d9df1777811313\">Descargar<\/a> <i style=\"margin: 4px 0 0 5px;opacity:0.5\"                                                           class=\"fa fa-th-large\"><\/i> 563.00 KB            <\/div>        <\/div>    <\/div><\/div><\/div><script>jQuery(function(){jQuery('.link-btn a.wpdm-download-link img').after('');jQuery('.link-btn a.wpdm-download-link img').remove();});<\/script><br \/>\n        <div class=\"w3eden clear\" align=\"right\"><div class=\"link-btn light\">    <div class=\"media\">        <div class=\"pull-left wbt-left\"><div class=\"wbt-icon\"><img decoding=\"async\" class=\"wpdm_icon\" alt=\"Icono\" src=\"https:\/\/www.inespre.gob.do\/transparencia\/wp-content\/plugins\/download-manager\/assets\/file-type-icons\/xls.svg\" onError='this.src=\"https:\/\/www.inespre.gob.do\/transparencia\/wp-content\/plugins\/download-manager\/assets\/file-type-icons\/unknown.svg\";' \/><\/div><\/div>        <div class=\"pull-left text-left wbt-content\"><strong class=\"ptitle\">                <a href=\"https:\/\/www.inespre.gob.do\/transparencia\/download\/nomina-de-empleados-fijos-mayo-2015\/?wpdmdl=419&refresh=69f73f710dfd51777811313\">N\u00f3mina de Empleados Fijos Mayo 2015<\/a>            <\/strong>            <div style=\"font-size: 8pt;padding-top: 1px\"><a href=\"https:\/\/www.inespre.gob.do\/transparencia\/download\/nomina-de-empleados-fijos-mayo-2015\/?wpdmdl=419&refresh=69f73f710dfd51777811313\">Descargar<\/a> <i style=\"margin: 4px 0 0 5px;opacity:0.5\"                                                           class=\"fa fa-th-large\"><\/i> 571.00 KB            <\/div>        <\/div>    <\/div><\/div><\/div><script>jQuery(function(){jQuery('.link-btn a.wpdm-download-link img').after('');jQuery('.link-btn a.wpdm-download-link img').remove();});<\/script><br \/>\n        <div class=\"w3eden clear\" align=\"right\"><div class=\"link-btn light\">    <div class=\"media\">        <div class=\"pull-left wbt-left\"><div class=\"wbt-icon\"><img decoding=\"async\" class=\"wpdm_icon\" alt=\"Icono\" src=\"https:\/\/www.inespre.gob.do\/transparencia\/wp-content\/plugins\/download-manager\/assets\/file-type-icons\/xls.svg\" onError='this.src=\"https:\/\/www.inespre.gob.do\/transparencia\/wp-content\/plugins\/download-manager\/assets\/file-type-icons\/unknown.svg\";' \/><\/div><\/div>        <div class=\"pull-left text-left wbt-content\"><strong class=\"ptitle\">                <a href=\"https:\/\/www.inespre.gob.do\/transparencia\/download\/nomina-de-empleados-fijos-junio-2015\/?wpdmdl=421&refresh=69f73f710e59e1777811313\">N\u00f3mina de Empleados Fijos Junio 2015<\/a>            <\/strong>            <div style=\"font-size: 8pt;padding-top: 1px\"><a href=\"https:\/\/www.inespre.gob.do\/transparencia\/download\/nomina-de-empleados-fijos-junio-2015\/?wpdmdl=421&refresh=69f73f710e59e1777811313\">Descargar<\/a> <i style=\"margin: 4px 0 0 5px;opacity:0.5\"                                                           class=\"fa fa-th-large\"><\/i> 571.00 KB            <\/div>        <\/div>    <\/div><\/div><\/div><script>jQuery(function(){jQuery('.link-btn a.wpdm-download-link img').after('');jQuery('.link-btn a.wpdm-download-link img').remove();});<\/script><br \/>\n        <div class=\"w3eden clear\" align=\"right\"><div class=\"link-btn light\">    <div class=\"media\">        <div class=\"pull-left wbt-left\"><div class=\"wbt-icon\"><img decoding=\"async\" class=\"wpdm_icon\" alt=\"Icono\" src=\"https:\/\/www.inespre.gob.do\/transparencia\/wp-content\/plugins\/download-manager\/assets\/file-type-icons\/xls.svg\" onError='this.src=\"https:\/\/www.inespre.gob.do\/transparencia\/wp-content\/plugins\/download-manager\/assets\/file-type-icons\/unknown.svg\";' \/><\/div><\/div>        <div class=\"pull-left text-left wbt-content\"><strong class=\"ptitle\">                <a href=\"https:\/\/www.inespre.gob.do\/transparencia\/download\/nomina-de-empleados-fijos-julio-2015\/?wpdmdl=425&refresh=69f73f710eb331777811313\">N\u00f3mina de Empleados Fijos Julio 2015<\/a>            <\/strong>            <div style=\"font-size: 8pt;padding-top: 1px\"><a href=\"https:\/\/www.inespre.gob.do\/transparencia\/download\/nomina-de-empleados-fijos-julio-2015\/?wpdmdl=425&refresh=69f73f710eb331777811313\">Descargar<\/a> <i style=\"margin: 4px 0 0 5px;opacity:0.5\"                                                           class=\"fa fa-th-large\"><\/i> 574.50 KB            <\/div>        <\/div>    <\/div><\/div><\/div><script>jQuery(function(){jQuery('.link-btn a.wpdm-download-link img').after('');jQuery('.link-btn a.wpdm-download-link img').remove();});<\/script><br \/>\n        <div class=\"w3eden clear\" align=\"right\"><div class=\"link-btn light\">    <div class=\"media\">        <div class=\"pull-left wbt-left\"><div class=\"wbt-icon\"><img decoding=\"async\" class=\"wpdm_icon\" alt=\"Icono\" src=\"https:\/\/www.inespre.gob.do\/transparencia\/wp-content\/plugins\/download-manager\/assets\/file-type-icons\/xls.svg\" onError='this.src=\"https:\/\/www.inespre.gob.do\/transparencia\/wp-content\/plugins\/download-manager\/assets\/file-type-icons\/unknown.svg\";' \/><\/div><\/div>        <div class=\"pull-left text-left wbt-content\"><strong class=\"ptitle\">                <a href=\"https:\/\/www.inespre.gob.do\/transparencia\/download\/nomina-de-empleados-fijos-agosto-2015\/?wpdmdl=427&refresh=69f73f710f0e81777811313\">N\u00f3mina de Empleados Fijos Agosto 2015<\/a>            <\/strong>            <div style=\"font-size: 8pt;padding-top: 1px\"><a href=\"https:\/\/www.inespre.gob.do\/transparencia\/download\/nomina-de-empleados-fijos-agosto-2015\/?wpdmdl=427&refresh=69f73f710f0e81777811313\">Descargar<\/a> <i style=\"margin: 4px 0 0 5px;opacity:0.5\"                                                           class=\"fa fa-th-large\"><\/i> 645.50 KB            <\/div>        <\/div>    <\/div><\/div><\/div><script>jQuery(function(){jQuery('.link-btn a.wpdm-download-link img').after('');jQuery('.link-btn a.wpdm-download-link img').remove();});<\/script><br \/>\n        <div class=\"w3eden clear\" align=\"right\"><div class=\"link-btn light\">    <div class=\"media\">        <div class=\"pull-left wbt-left\"><div class=\"wbt-icon\"><img decoding=\"async\" class=\"wpdm_icon\" alt=\"Icono\" src=\"https:\/\/www.inespre.gob.do\/transparencia\/wp-content\/plugins\/download-manager\/assets\/file-type-icons\/xls.svg\" onError='this.src=\"https:\/\/www.inespre.gob.do\/transparencia\/wp-content\/plugins\/download-manager\/assets\/file-type-icons\/unknown.svg\";' \/><\/div><\/div>        <div class=\"pull-left text-left wbt-content\"><strong class=\"ptitle\">                <a href=\"https:\/\/www.inespre.gob.do\/transparencia\/download\/nomina-de-empleados-fijos-septiembre-2015\/?wpdmdl=1585&refresh=69f73f710f6f81777811313\">N\u00f3mina de Empleados Fijos Septiembre 2015<\/a>            <\/strong>            <div style=\"font-size: 8pt;padding-top: 1px\"><a href=\"https:\/\/www.inespre.gob.do\/transparencia\/download\/nomina-de-empleados-fijos-septiembre-2015\/?wpdmdl=1585&refresh=69f73f710f6f81777811313\">Descargar<\/a> <i style=\"margin: 4px 0 0 5px;opacity:0.5\"                                                           class=\"fa fa-th-large\"><\/i> 648.00 KB            <\/div>        <\/div>    <\/div><\/div><\/div><script>jQuery(function(){jQuery('.link-btn a.wpdm-download-link img').after('');jQuery('.link-btn a.wpdm-download-link img').remove();});<\/script><br \/>\n        <div class=\"w3eden clear\" align=\"right\"><div class=\"link-btn light\">    <div class=\"media\">        <div class=\"pull-left wbt-left\"><div class=\"wbt-icon\"><img decoding=\"async\" class=\"wpdm_icon\" alt=\"Icono\" src=\"https:\/\/www.inespre.gob.do\/transparencia\/wp-content\/plugins\/download-manager\/assets\/file-type-icons\/xls.svg\" onError='this.src=\"https:\/\/www.inespre.gob.do\/transparencia\/wp-content\/plugins\/download-manager\/assets\/file-type-icons\/unknown.svg\";' \/><\/div><\/div>        <div class=\"pull-left text-left wbt-content\"><strong class=\"ptitle\">                <a href=\"https:\/\/www.inespre.gob.do\/transparencia\/download\/nomina-de-empleados-fijos-octubre-2015\/?wpdmdl=2441&refresh=69f73f710fcd31777811313\">N\u00f3mina de Empleados Fijos Octubre 2015<\/a>            <\/strong>            <div style=\"font-size: 8pt;padding-top: 1px\"><a href=\"https:\/\/www.inespre.gob.do\/transparencia\/download\/nomina-de-empleados-fijos-octubre-2015\/?wpdmdl=2441&refresh=69f73f710fcd31777811313\">Descargar<\/a> <i style=\"margin: 4px 0 0 5px;opacity:0.5\"                                                           class=\"fa fa-th-large\"><\/i> 649.00 KB            <\/div>        <\/div>    <\/div><\/div><\/div><script>jQuery(function(){jQuery('.link-btn a.wpdm-download-link img').after('');jQuery('.link-btn a.wpdm-download-link img').remove();});<\/script><br \/>\n        <div class=\"w3eden clear\" align=\"right\"><div class=\"link-btn light\">    <div class=\"media\">        <div class=\"pull-left wbt-left\"><div class=\"wbt-icon\"><img decoding=\"async\" class=\"wpdm_icon\" alt=\"Icono\"   src=\"http:\/\/www.inespre.gov.do\/transparencia\/wp-content\/plugins\/download-manager\/assets\/file-type-icons\/xls.png\" \/><\/div><\/div>        <div class=\"pull-left text-left wbt-content\"><strong class=\"ptitle\">                <a href=\"https:\/\/www.inespre.gob.do\/transparencia\/download\/nomina-de-empleados-fijos-noviembre-2015\/?wpdmdl=2628&refresh=69f73f711028a1777811313\">N\u00f3mina de Empleados Fijos Noviembre 2015<\/a>            <\/strong>            <div style=\"font-size: 8pt;padding-top: 1px\"><a href=\"https:\/\/www.inespre.gob.do\/transparencia\/download\/nomina-de-empleados-fijos-noviembre-2015\/?wpdmdl=2628&refresh=69f73f711028a1777811313\">Descargar<\/a> <i style=\"margin: 4px 0 0 5px;opacity:0.5\"                                                           class=\"fa fa-th-large\"><\/i> 645.00 KB            <\/div>        <\/div>    <\/div><\/div><\/div><script>jQuery(function(){jQuery('.link-btn a.wpdm-download-link img').after('');jQuery('.link-btn a.wpdm-download-link img').remove();});<\/script><br \/>\n        <div class=\"w3eden clear\" align=\"right\"><div class=\"link-btn light\">    <div class=\"media\">        <div class=\"pull-left wbt-left\"><div class=\"wbt-icon\"><img decoding=\"async\" class=\"wpdm_icon\" alt=\"Icono\"   src=\"http:\/\/www.inespre.gov.do\/transparencia\/wp-content\/plugins\/download-manager\/assets\/file-type-icons\/xls.png\" \/><\/div><\/div>        <div class=\"pull-left text-left wbt-content\"><strong class=\"ptitle\">                <a href=\"https:\/\/www.inespre.gob.do\/transparencia\/download\/nomina-de-empleados-fijos-diciembre-2015\/?wpdmdl=2957&refresh=69f73f71109061777811313\">N\u00f3mina de Empleados Fijos Diciembre 2015<\/a>            <\/strong>            <div style=\"font-size: 8pt;padding-top: 1px\"><a href=\"https:\/\/www.inespre.gob.do\/transparencia\/download\/nomina-de-empleados-fijos-diciembre-2015\/?wpdmdl=2957&refresh=69f73f71109061777811313\">Descargar<\/a> <i style=\"margin: 4px 0 0 5px;opacity:0.5\"                                                           class=\"fa fa-th-large\"><\/i> 870.00 KB            <\/div>        <\/div>    <\/div><\/div><\/div><script>jQuery(function(){jQuery('.link-btn a.wpdm-download-link img').after('');jQuery('.link-btn a.wpdm-download-link img').remove();});<\/script><br \/>\n<h5>N\u00f3mina de Empleados Contratados 2015<\/h5>\n        <div class=\"w3eden clear\" align=\"right\"><div class=\"link-btn light\">    <div class=\"media\">        <div class=\"pull-left wbt-left\"><div class=\"wbt-icon\"><img decoding=\"async\" class=\"wpdm_icon\" alt=\"Icono\" src=\"https:\/\/www.inespre.gob.do\/transparencia\/wp-content\/plugins\/download-manager\/assets\/file-type-icons\/xls.svg\" onError='this.src=\"https:\/\/www.inespre.gob.do\/transparencia\/wp-content\/plugins\/download-manager\/assets\/file-type-icons\/unknown.svg\";' \/><\/div><\/div>        <div class=\"pull-left text-left wbt-content\"><strong class=\"ptitle\">                <a href=\"https:\/\/www.inespre.gob.do\/transparencia\/download\/nomina-de-empleados-contratados-mayo-2015\/?wpdmdl=429&refresh=69f73f7110ec71777811313\">N\u00f3mina de Empleados Contratados Mayo 2015<\/a>            <\/strong>            <div style=\"font-size: 8pt;padding-top: 1px\"><a href=\"https:\/\/www.inespre.gob.do\/transparencia\/download\/nomina-de-empleados-contratados-mayo-2015\/?wpdmdl=429&refresh=69f73f7110ec71777811313\">Descargar<\/a> <i style=\"margin: 4px 0 0 5px;opacity:0.5\"                                                           class=\"fa fa-th-large\"><\/i> 230.50 KB            <\/div>        <\/div>    <\/div><\/div><\/div><script>jQuery(function(){jQuery('.link-btn a.wpdm-download-link img').after('');jQuery('.link-btn a.wpdm-download-link img').remove();});<\/script><br \/>\n        <div class=\"w3eden clear\" align=\"right\"><div class=\"link-btn light\">    <div class=\"media\">        <div class=\"pull-left wbt-left\"><div class=\"wbt-icon\"><img decoding=\"async\" class=\"wpdm_icon\" alt=\"Icono\"   src=\"http:\/\/www.inespre.gov.do\/transparencia\/wp-content\/plugins\/download-manager\/assets\/file-type-icons\/xls.png\" \/><\/div><\/div>        <div class=\"pull-left text-left wbt-content\"><strong class=\"ptitle\">                <a href=\"https:\/\/www.inespre.gob.do\/transparencia\/download\/nomina-de-empleados-contratados-julio-2015\/?wpdmdl=431&refresh=69f73f71114691777811313\">N\u00f3mina de Empleados Contratados Julio 2015<\/a>            <\/strong>            <div style=\"font-size: 8pt;padding-top: 1px\"><a href=\"https:\/\/www.inespre.gob.do\/transparencia\/download\/nomina-de-empleados-contratados-julio-2015\/?wpdmdl=431&refresh=69f73f71114691777811313\">Descargar<\/a> <i style=\"margin: 4px 0 0 5px;opacity:0.5\"                                                           class=\"fa fa-th-large\"><\/i> 226.00 KB            <\/div>        <\/div>    <\/div><\/div><\/div><script>jQuery(function(){jQuery('.link-btn a.wpdm-download-link img').after('Descargar');jQuery('.link-btn a.wpdm-download-link img').remove();});<\/script><br \/>\nEsta instituci\u00f3n no tiene personal contratado durante los per\u00edodo de <strong>enero, febrero, marzo, abril, junio, agosto, septiembre, octubre, noviembre y diciembre.<\/strong><span id=\"transmark\" style=\"display: none; width: 0px; height: 0px;\"><\/span><\/p>\r\n        <\/div> <!-- \/ tabs_item -->\r\n                <div class=\"tabs_item\">\r\n            <p><h3 id=\"2014\">2014<\/h3>\n<h5>N\u00f3mina de Empleados Fijos 2014<\/h5>\n        <div class=\"w3eden clear\" align=\"right\"><div class=\"link-btn light\">    <div class=\"media\">        <div class=\"pull-left wbt-left\"><div class=\"wbt-icon\"><img decoding=\"async\" class=\"wpdm_icon\" alt=\"Icono\" src=\"https:\/\/www.inespre.gob.do\/transparencia\/wp-content\/plugins\/download-manager\/assets\/file-type-icons\/xls.svg\" onError='this.src=\"https:\/\/www.inespre.gob.do\/transparencia\/wp-content\/plugins\/download-manager\/assets\/file-type-icons\/unknown.svg\";' \/><\/div><\/div>        <div class=\"pull-left text-left wbt-content\"><strong class=\"ptitle\">                <a href=\"https:\/\/www.inespre.gob.do\/transparencia\/download\/nomina-de-empleados-fijos-enero-2014\/?wpdmdl=387&refresh=69f73f7111a1a1777811313\">N\u00f3mina de Empleados Fijos Enero 2014<\/a>            <\/strong>            <div style=\"font-size: 8pt;padding-top: 1px\"><a href=\"https:\/\/www.inespre.gob.do\/transparencia\/download\/nomina-de-empleados-fijos-enero-2014\/?wpdmdl=387&refresh=69f73f7111a1a1777811313\">Descargar<\/a> <i style=\"margin: 4px 0 0 5px;opacity:0.5\"                                                           class=\"fa fa-th-large\"><\/i> 450.00 KB            <\/div>        <\/div>    <\/div><\/div><\/div><script>jQuery(function(){jQuery('.link-btn a.wpdm-download-link img').after('');jQuery('.link-btn a.wpdm-download-link img').remove();});<\/script><br \/>\n        <div class=\"w3eden clear\" align=\"right\"><div class=\"link-btn light\">    <div class=\"media\">        <div class=\"pull-left wbt-left\"><div class=\"wbt-icon\"><img decoding=\"async\" class=\"wpdm_icon\" alt=\"Icono\" src=\"https:\/\/www.inespre.gob.do\/transparencia\/wp-content\/plugins\/download-manager\/assets\/file-type-icons\/xls.svg\" onError='this.src=\"https:\/\/www.inespre.gob.do\/transparencia\/wp-content\/plugins\/download-manager\/assets\/file-type-icons\/unknown.svg\";' \/><\/div><\/div>        <div class=\"pull-left text-left wbt-content\"><strong class=\"ptitle\">                <a href=\"https:\/\/www.inespre.gob.do\/transparencia\/download\/nomina-de-empleados-fijos-febrero-2014\/?wpdmdl=389&refresh=69f73f7111fe71777811313\">N\u00f3mina de Empleados Fijos Febrero 2014<\/a>            <\/strong>            <div style=\"font-size: 8pt;padding-top: 1px\"><a href=\"https:\/\/www.inespre.gob.do\/transparencia\/download\/nomina-de-empleados-fijos-febrero-2014\/?wpdmdl=389&refresh=69f73f7111fe71777811313\">Descargar<\/a> <i style=\"margin: 4px 0 0 5px;opacity:0.5\"                                                           class=\"fa fa-th-large\"><\/i> 397.50 KB            <\/div>        <\/div>    <\/div><\/div><\/div><script>jQuery(function(){jQuery('.link-btn a.wpdm-download-link img').after('');jQuery('.link-btn a.wpdm-download-link img').remove();});<\/script><br \/>\n        <div class=\"w3eden clear\" align=\"right\"><div class=\"link-btn light\">    <div class=\"media\">        <div class=\"pull-left wbt-left\"><div class=\"wbt-icon\"><img decoding=\"async\" class=\"wpdm_icon\" alt=\"Icono\" src=\"https:\/\/www.inespre.gob.do\/transparencia\/wp-content\/plugins\/download-manager\/assets\/file-type-icons\/xls.svg\" onError='this.src=\"https:\/\/www.inespre.gob.do\/transparencia\/wp-content\/plugins\/download-manager\/assets\/file-type-icons\/unknown.svg\";' \/><\/div><\/div>        <div class=\"pull-left text-left wbt-content\"><strong class=\"ptitle\">                <a href=\"https:\/\/www.inespre.gob.do\/transparencia\/download\/nomina-de-empleados-fijos-marzo-2014\/?wpdmdl=393&refresh=69f73f71125a71777811313\">N\u00f3mina de Empleados Fijos Marzo 2014<\/a>            <\/strong>            <div style=\"font-size: 8pt;padding-top: 1px\"><a href=\"https:\/\/www.inespre.gob.do\/transparencia\/download\/nomina-de-empleados-fijos-marzo-2014\/?wpdmdl=393&refresh=69f73f71125a71777811313\">Descargar<\/a> <i style=\"margin: 4px 0 0 5px;opacity:0.5\"                                                           class=\"fa fa-th-large\"><\/i> 0.00 KB            <\/div>        <\/div>    <\/div><\/div><\/div><script>jQuery(function(){jQuery('.link-btn a.wpdm-download-link img').after('');jQuery('.link-btn a.wpdm-download-link img').remove();});<\/script><br \/>\n        <div class=\"w3eden clear\" align=\"right\"><div class=\"link-btn light\">    <div class=\"media\">        <div class=\"pull-left wbt-left\"><div class=\"wbt-icon\"><img decoding=\"async\" class=\"wpdm_icon\" alt=\"Icono\" src=\"https:\/\/www.inespre.gob.do\/transparencia\/wp-content\/plugins\/download-manager\/assets\/file-type-icons\/xls.svg\" onError='this.src=\"https:\/\/www.inespre.gob.do\/transparencia\/wp-content\/plugins\/download-manager\/assets\/file-type-icons\/unknown.svg\";' \/><\/div><\/div>        <div class=\"pull-left text-left wbt-content\"><strong class=\"ptitle\">                <a href=\"https:\/\/www.inespre.gob.do\/transparencia\/download\/nomina-de-empleados-fijos-abril-2014\/?wpdmdl=395&refresh=69f73f7112b5e1777811313\">N\u00f3mina de Empleados Fijos Abril 2014<\/a>            <\/strong>            <div style=\"font-size: 8pt;padding-top: 1px\"><a href=\"https:\/\/www.inespre.gob.do\/transparencia\/download\/nomina-de-empleados-fijos-abril-2014\/?wpdmdl=395&refresh=69f73f7112b5e1777811313\">Descargar<\/a> <i style=\"margin: 4px 0 0 5px;opacity:0.5\"                                                           class=\"fa fa-th-large\"><\/i> 398.50 KB            <\/div>        <\/div>    <\/div><\/div><\/div><script>jQuery(function(){jQuery('.link-btn a.wpdm-download-link img').after('');jQuery('.link-btn a.wpdm-download-link img').remove();});<\/script><br \/>\n        <div class=\"w3eden clear\" align=\"right\"><div class=\"link-btn light\">    <div class=\"media\">        <div class=\"pull-left wbt-left\"><div class=\"wbt-icon\"><img decoding=\"async\" class=\"wpdm_icon\" alt=\"Icono\" src=\"https:\/\/www.inespre.gob.do\/transparencia\/wp-content\/plugins\/download-manager\/assets\/file-type-icons\/xls.svg\" onError='this.src=\"https:\/\/www.inespre.gob.do\/transparencia\/wp-content\/plugins\/download-manager\/assets\/file-type-icons\/unknown.svg\";' \/><\/div><\/div>        <div class=\"pull-left text-left wbt-content\"><strong class=\"ptitle\">                <a href=\"https:\/\/www.inespre.gob.do\/transparencia\/download\/nomina-de-empleados-fijos-mayo-2014\/?wpdmdl=397&refresh=69f73f711310f1777811313\">N\u00f3mina de Empleados Fijos Mayo 2014<\/a>            <\/strong>            <div style=\"font-size: 8pt;padding-top: 1px\"><a href=\"https:\/\/www.inespre.gob.do\/transparencia\/download\/nomina-de-empleados-fijos-mayo-2014\/?wpdmdl=397&refresh=69f73f711310f1777811313\">Descargar<\/a> <i style=\"margin: 4px 0 0 5px;opacity:0.5\"                                                           class=\"fa fa-th-large\"><\/i> 413.00 KB            <\/div>        <\/div>    <\/div><\/div><\/div><script>jQuery(function(){jQuery('.link-btn a.wpdm-download-link img').after('');jQuery('.link-btn a.wpdm-download-link img').remove();});<\/script><br \/>\n        <div class=\"w3eden clear\" align=\"right\"><div class=\"link-btn light\">    <div class=\"media\">        <div class=\"pull-left wbt-left\"><div class=\"wbt-icon\"><img decoding=\"async\" class=\"wpdm_icon\" alt=\"Icono\" src=\"https:\/\/www.inespre.gob.do\/transparencia\/wp-content\/plugins\/download-manager\/assets\/file-type-icons\/xls.svg\" onError='this.src=\"https:\/\/www.inespre.gob.do\/transparencia\/wp-content\/plugins\/download-manager\/assets\/file-type-icons\/unknown.svg\";' \/><\/div><\/div>        <div class=\"pull-left text-left wbt-content\"><strong class=\"ptitle\">                <a href=\"https:\/\/www.inespre.gob.do\/transparencia\/download\/nomina-de-empleados-fijos-junio-2014\/?wpdmdl=399&refresh=69f73f71136d61777811313\">N\u00f3mina de Empleados Fijos Junio 2014<\/a>            <\/strong>            <div style=\"font-size: 8pt;padding-top: 1px\"><a href=\"https:\/\/www.inespre.gob.do\/transparencia\/download\/nomina-de-empleados-fijos-junio-2014\/?wpdmdl=399&refresh=69f73f71136d61777811313\">Descargar<\/a> <i style=\"margin: 4px 0 0 5px;opacity:0.5\"                                                           class=\"fa fa-th-large\"><\/i> 413.50 KB            <\/div>        <\/div>    <\/div><\/div><\/div><script>jQuery(function(){jQuery('.link-btn a.wpdm-download-link img').after('');jQuery('.link-btn a.wpdm-download-link img').remove();});<\/script><br \/>\n        <div class=\"w3eden clear\" align=\"right\"><div class=\"link-btn light\">    <div class=\"media\">        <div class=\"pull-left wbt-left\"><div class=\"wbt-icon\"><img decoding=\"async\" class=\"wpdm_icon\" alt=\"Icono\" src=\"https:\/\/www.inespre.gob.do\/transparencia\/wp-content\/plugins\/download-manager\/assets\/file-type-icons\/xls.svg\" onError='this.src=\"https:\/\/www.inespre.gob.do\/transparencia\/wp-content\/plugins\/download-manager\/assets\/file-type-icons\/unknown.svg\";' \/><\/div><\/div>        <div class=\"pull-left text-left wbt-content\"><strong class=\"ptitle\">                <a href=\"https:\/\/www.inespre.gob.do\/transparencia\/download\/nomina-de-empleados-fijos-julio-2014\/?wpdmdl=401&refresh=69f73f7113c971777811313\">N\u00f3mina de Empleados Fijos Julio 2014<\/a>            <\/strong>            <div style=\"font-size: 8pt;padding-top: 1px\"><a href=\"https:\/\/www.inespre.gob.do\/transparencia\/download\/nomina-de-empleados-fijos-julio-2014\/?wpdmdl=401&refresh=69f73f7113c971777811313\">Descargar<\/a> <i style=\"margin: 4px 0 0 5px;opacity:0.5\"                                                           class=\"fa fa-th-large\"><\/i> 514.50 KB            <\/div>        <\/div>    <\/div><\/div><\/div><script>jQuery(function(){jQuery('.link-btn a.wpdm-download-link img').after('');jQuery('.link-btn a.wpdm-download-link img').remove();});<\/script><br \/>\n        <div class=\"w3eden clear\" align=\"right\"><div class=\"link-btn light\">    <div class=\"media\">        <div class=\"pull-left wbt-left\"><div class=\"wbt-icon\"><img decoding=\"async\" class=\"wpdm_icon\" alt=\"Icono\" src=\"https:\/\/www.inespre.gob.do\/transparencia\/wp-content\/plugins\/download-manager\/assets\/file-type-icons\/xls.svg\" onError='this.src=\"https:\/\/www.inespre.gob.do\/transparencia\/wp-content\/plugins\/download-manager\/assets\/file-type-icons\/unknown.svg\";' \/><\/div><\/div>        <div class=\"pull-left text-left wbt-content\"><strong class=\"ptitle\">                <a href=\"https:\/\/www.inespre.gob.do\/transparencia\/download\/nomina-de-empleados-fijos-agosto-2014\/?wpdmdl=403&refresh=69f73f711424d1777811313\">N\u00f3mina de Empleados Fijos Agosto 2014<\/a>            <\/strong>            <div style=\"font-size: 8pt;padding-top: 1px\"><a href=\"https:\/\/www.inespre.gob.do\/transparencia\/download\/nomina-de-empleados-fijos-agosto-2014\/?wpdmdl=403&refresh=69f73f711424d1777811313\">Descargar<\/a> <i style=\"margin: 4px 0 0 5px;opacity:0.5\"                                                           class=\"fa fa-th-large\"><\/i> 482.00 KB            <\/div>        <\/div>    <\/div><\/div><\/div><script>jQuery(function(){jQuery('.link-btn a.wpdm-download-link img').after('');jQuery('.link-btn a.wpdm-download-link img').remove();});<\/script><br \/>\n        <div class=\"w3eden clear\" align=\"right\"><div class=\"link-btn light\">    <div class=\"media\">        <div class=\"pull-left wbt-left\"><div class=\"wbt-icon\"><img decoding=\"async\" class=\"wpdm_icon\" alt=\"Icono\" src=\"https:\/\/www.inespre.gob.do\/transparencia\/wp-content\/plugins\/download-manager\/assets\/file-type-icons\/xls.svg\" onError='this.src=\"https:\/\/www.inespre.gob.do\/transparencia\/wp-content\/plugins\/download-manager\/assets\/file-type-icons\/unknown.svg\";' \/><\/div><\/div>        <div class=\"pull-left text-left wbt-content\"><strong class=\"ptitle\">                <a href=\"https:\/\/www.inespre.gob.do\/transparencia\/download\/nomina-de-empleados-fijos-septiembre-2014\/?wpdmdl=405&refresh=69f73f71147fb1777811313\">N\u00f3mina de Empleados Fijos Septiembre 2014<\/a>            <\/strong>            <div style=\"font-size: 8pt;padding-top: 1px\"><a href=\"https:\/\/www.inespre.gob.do\/transparencia\/download\/nomina-de-empleados-fijos-septiembre-2014\/?wpdmdl=405&refresh=69f73f71147fb1777811313\">Descargar<\/a> <i style=\"margin: 4px 0 0 5px;opacity:0.5\"                                                           class=\"fa fa-th-large\"><\/i> 484.50 KB            <\/div>        <\/div>    <\/div><\/div><\/div><script>jQuery(function(){jQuery('.link-btn a.wpdm-download-link img').after('');jQuery('.link-btn a.wpdm-download-link img').remove();});<\/script><br \/>\n        <div class=\"w3eden clear\" align=\"right\"><div class=\"link-btn light\">    <div class=\"media\">        <div class=\"pull-left wbt-left\"><div class=\"wbt-icon\"><img decoding=\"async\" class=\"wpdm_icon\" alt=\"Icono\" src=\"https:\/\/www.inespre.gob.do\/transparencia\/wp-content\/plugins\/download-manager\/assets\/file-type-icons\/xls.svg\" onError='this.src=\"https:\/\/www.inespre.gob.do\/transparencia\/wp-content\/plugins\/download-manager\/assets\/file-type-icons\/unknown.svg\";' \/><\/div><\/div>        <div class=\"pull-left text-left wbt-content\"><strong class=\"ptitle\">                <a href=\"https:\/\/www.inespre.gob.do\/transparencia\/download\/nomina-de-empleados-fijos-octubre-2014\/?wpdmdl=407&refresh=69f73f7114ec51777811313\">N\u00f3mina de Empleados Fijos Octubre 2014<\/a>            <\/strong>            <div style=\"font-size: 8pt;padding-top: 1px\"><a href=\"https:\/\/www.inespre.gob.do\/transparencia\/download\/nomina-de-empleados-fijos-octubre-2014\/?wpdmdl=407&refresh=69f73f7114ec51777811313\">Descargar<\/a> <i style=\"margin: 4px 0 0 5px;opacity:0.5\"                                                           class=\"fa fa-th-large\"><\/i> 484.00 KB            <\/div>        <\/div>    <\/div><\/div><\/div><script>jQuery(function(){jQuery('.link-btn a.wpdm-download-link img').after('');jQuery('.link-btn a.wpdm-download-link img').remove();});<\/script><br \/>\n        <div class=\"w3eden clear\" align=\"right\"><div class=\"link-btn light\">    <div class=\"media\">        <div class=\"pull-left wbt-left\"><div class=\"wbt-icon\"><img decoding=\"async\" class=\"wpdm_icon\" alt=\"Icono\" src=\"https:\/\/www.inespre.gob.do\/transparencia\/wp-content\/plugins\/download-manager\/assets\/file-type-icons\/xls.svg\" onError='this.src=\"https:\/\/www.inespre.gob.do\/transparencia\/wp-content\/plugins\/download-manager\/assets\/file-type-icons\/unknown.svg\";' \/><\/div><\/div>        <div class=\"pull-left text-left wbt-content\"><strong class=\"ptitle\">                <a href=\"https:\/\/www.inespre.gob.do\/transparencia\/download\/nomina-de-empleados-fijos-noviembre-2014\/?wpdmdl=409&refresh=69f73f711546b1777811313\">N\u00f3mina de Empleados Fijos Noviembre 2014<\/a>            <\/strong>            <div style=\"font-size: 8pt;padding-top: 1px\"><a href=\"https:\/\/www.inespre.gob.do\/transparencia\/download\/nomina-de-empleados-fijos-noviembre-2014\/?wpdmdl=409&refresh=69f73f711546b1777811313\">Descargar<\/a> <i style=\"margin: 4px 0 0 5px;opacity:0.5\"                                                           class=\"fa fa-th-large\"><\/i> 492.50 KB            <\/div>        <\/div>    <\/div><\/div><\/div><script>jQuery(function(){jQuery('.link-btn a.wpdm-download-link img').after('');jQuery('.link-btn a.wpdm-download-link img').remove();});<\/script><br \/>\n        <div class=\"w3eden clear\" align=\"right\"><div class=\"link-btn light\">    <div class=\"media\">        <div class=\"pull-left wbt-left\"><div class=\"wbt-icon\"><img decoding=\"async\" class=\"wpdm_icon\" alt=\"Icono\" src=\"https:\/\/www.inespre.gob.do\/transparencia\/wp-content\/plugins\/download-manager\/assets\/file-type-icons\/xls.svg\" onError='this.src=\"https:\/\/www.inespre.gob.do\/transparencia\/wp-content\/plugins\/download-manager\/assets\/file-type-icons\/unknown.svg\";' \/><\/div><\/div>        <div class=\"pull-left text-left wbt-content\"><strong class=\"ptitle\">                <a href=\"https:\/\/www.inespre.gob.do\/transparencia\/download\/nomina-de-empleados-fijos-diciembre-2014\/?wpdmdl=411&refresh=69f73f7115a9c1777811313\">N\u00f3mina de Empleados Fijos Diciembre 2014<\/a>            <\/strong>            <div style=\"font-size: 8pt;padding-top: 1px\"><a href=\"https:\/\/www.inespre.gob.do\/transparencia\/download\/nomina-de-empleados-fijos-diciembre-2014\/?wpdmdl=411&refresh=69f73f7115a9c1777811313\">Descargar<\/a> <i style=\"margin: 4px 0 0 5px;opacity:0.5\"                                                           class=\"fa fa-th-large\"><\/i> 554.50 KB            <\/div>        <\/div>    <\/div><\/div><\/div><script>jQuery(function(){jQuery('.link-btn a.wpdm-download-link img').after('');jQuery('.link-btn a.wpdm-download-link img').remove();});<\/script><br \/>\n<h5>N\u00f3mina de Empleados Contratados 2014<\/h5>\n        <div class=\"w3eden clear\" align=\"right\"><div class=\"link-btn light\">    <div class=\"media\">        <div class=\"pull-left wbt-left\"><div class=\"wbt-icon\"><img decoding=\"async\" class=\"wpdm_icon\" alt=\"Icono\" src=\"https:\/\/www.inespre.gob.do\/transparencia\/wp-content\/plugins\/download-manager\/assets\/file-type-icons\/xls.svg\" onError='this.src=\"https:\/\/www.inespre.gob.do\/transparencia\/wp-content\/plugins\/download-manager\/assets\/file-type-icons\/unknown.svg\";' \/><\/div><\/div>        <div class=\"pull-left text-left wbt-content\"><strong class=\"ptitle\">                <a href=\"https:\/\/www.inespre.gob.do\/transparencia\/download\/nomina-de-empleados-contratados-enero-2014\/?wpdmdl=377&refresh=69f73f711669a1777811313\">N\u00f3mina de Empleados Contratados Enero 2014<\/a>            <\/strong>            <div style=\"font-size: 8pt;padding-top: 1px\"><a href=\"https:\/\/www.inespre.gob.do\/transparencia\/download\/nomina-de-empleados-contratados-enero-2014\/?wpdmdl=377&refresh=69f73f711669a1777811313\">Descargar<\/a> <i style=\"margin: 4px 0 0 5px;opacity:0.5\"                                                           class=\"fa fa-th-large\"><\/i> 239.50 KB            <\/div>        <\/div>    <\/div><\/div><\/div><script>jQuery(function(){jQuery('.link-btn a.wpdm-download-link img').after('');jQuery('.link-btn a.wpdm-download-link img').remove();});<\/script><br \/>\n        <div class=\"w3eden clear\" align=\"right\"><div class=\"link-btn light\">    <div class=\"media\">        <div class=\"pull-left wbt-left\"><div class=\"wbt-icon\"><img decoding=\"async\" class=\"wpdm_icon\" alt=\"Icono\" src=\"https:\/\/www.inespre.gob.do\/transparencia\/wp-content\/plugins\/download-manager\/assets\/file-type-icons\/xls.svg\" onError='this.src=\"https:\/\/www.inespre.gob.do\/transparencia\/wp-content\/plugins\/download-manager\/assets\/file-type-icons\/unknown.svg\";' \/><\/div><\/div>        <div class=\"pull-left text-left wbt-content\"><strong class=\"ptitle\">                <a href=\"https:\/\/www.inespre.gob.do\/transparencia\/download\/nomina-de-empleados-contratados-febrero-2014\/?wpdmdl=379&refresh=69f73f7116c361777811313\">N\u00f3mina de Empleados Contratados Febrero 2014<\/a>            <\/strong>            <div style=\"font-size: 8pt;padding-top: 1px\"><a href=\"https:\/\/www.inespre.gob.do\/transparencia\/download\/nomina-de-empleados-contratados-febrero-2014\/?wpdmdl=379&refresh=69f73f7116c361777811313\">Descargar<\/a> <i style=\"margin: 4px 0 0 5px;opacity:0.5\"                                                           class=\"fa fa-th-large\"><\/i> 239.50 KB            <\/div>        <\/div>    <\/div><\/div><\/div><script>jQuery(function(){jQuery('.link-btn a.wpdm-download-link img').after('');jQuery('.link-btn a.wpdm-download-link img').remove();});<\/script><br \/>\n        <div class=\"w3eden clear\" align=\"right\"><div class=\"link-btn light\">    <div class=\"media\">        <div class=\"pull-left wbt-left\"><div class=\"wbt-icon\"><img decoding=\"async\" class=\"wpdm_icon\" alt=\"Icono\" src=\"https:\/\/www.inespre.gob.do\/transparencia\/wp-content\/plugins\/download-manager\/assets\/file-type-icons\/xls.svg\" onError='this.src=\"https:\/\/www.inespre.gob.do\/transparencia\/wp-content\/plugins\/download-manager\/assets\/file-type-icons\/unknown.svg\";' \/><\/div><\/div>        <div class=\"pull-left text-left wbt-content\"><strong class=\"ptitle\">                <a href=\"https:\/\/www.inespre.gob.do\/transparencia\/download\/nomina-de-empleados-contratados-marzo-2014\/?wpdmdl=381&refresh=69f73f71172431777811313\">N\u00f3mina de Empleados Contratados Marzo 2014<\/a>            <\/strong>            <div style=\"font-size: 8pt;padding-top: 1px\"><a href=\"https:\/\/www.inespre.gob.do\/transparencia\/download\/nomina-de-empleados-contratados-marzo-2014\/?wpdmdl=381&refresh=69f73f71172431777811313\">Descargar<\/a> <i style=\"margin: 4px 0 0 5px;opacity:0.5\"                                                           class=\"fa fa-th-large\"><\/i> 232.50 KB            <\/div>        <\/div>    <\/div><\/div><\/div><script>jQuery(function(){jQuery('.link-btn a.wpdm-download-link img').after('');jQuery('.link-btn a.wpdm-download-link img').remove();});<\/script><br \/>\n        <div class=\"w3eden clear\" align=\"right\"><div class=\"link-btn light\">    <div class=\"media\">        <div class=\"pull-left wbt-left\"><div class=\"wbt-icon\"><img decoding=\"async\" class=\"wpdm_icon\" alt=\"Icono\" src=\"https:\/\/www.inespre.gob.do\/transparencia\/wp-content\/plugins\/download-manager\/assets\/file-type-icons\/xls.svg\" onError='this.src=\"https:\/\/www.inespre.gob.do\/transparencia\/wp-content\/plugins\/download-manager\/assets\/file-type-icons\/unknown.svg\";' \/><\/div><\/div>        <div class=\"pull-left text-left wbt-content\"><strong class=\"ptitle\">                <a href=\"https:\/\/www.inespre.gob.do\/transparencia\/download\/nomina-de-empleados-contratados-julio-2014\/?wpdmdl=383&refresh=69f73f71178011777811313\">N\u00f3mina de Empleados Contratados Julio 2014<\/a>            <\/strong>            <div style=\"font-size: 8pt;padding-top: 1px\"><a href=\"https:\/\/www.inespre.gob.do\/transparencia\/download\/nomina-de-empleados-contratados-julio-2014\/?wpdmdl=383&refresh=69f73f71178011777811313\">Descargar<\/a> <i style=\"margin: 4px 0 0 5px;opacity:0.5\"                                                           class=\"fa fa-th-large\"><\/i> 232.00 KB            <\/div>        <\/div>    <\/div><\/div><\/div><script>jQuery(function(){jQuery('.link-btn a.wpdm-download-link img').after('');jQuery('.link-btn a.wpdm-download-link img').remove();});<\/script><br \/>\n        <div class=\"w3eden clear\" align=\"right\"><div class=\"link-btn light\">    <div class=\"media\">        <div class=\"pull-left wbt-left\"><div class=\"wbt-icon\"><img decoding=\"async\" class=\"wpdm_icon\" alt=\"Icono\" src=\"https:\/\/www.inespre.gob.do\/transparencia\/wp-content\/plugins\/download-manager\/assets\/file-type-icons\/xls.svg\" onError='this.src=\"https:\/\/www.inespre.gob.do\/transparencia\/wp-content\/plugins\/download-manager\/assets\/file-type-icons\/unknown.svg\";' \/><\/div><\/div>        <div class=\"pull-left text-left wbt-content\"><strong class=\"ptitle\">                <a href=\"https:\/\/www.inespre.gob.do\/transparencia\/download\/nomina-de-empleados-contratados-noviembre-2014\/?wpdmdl=385&refresh=69f73f7117de81777811313\">N\u00f3mina de Empleados Contratados Noviembre 2014<\/a>            <\/strong>            <div style=\"font-size: 8pt;padding-top: 1px\"><a href=\"https:\/\/www.inespre.gob.do\/transparencia\/download\/nomina-de-empleados-contratados-noviembre-2014\/?wpdmdl=385&refresh=69f73f7117de81777811313\">Descargar<\/a> <i style=\"margin: 4px 0 0 5px;opacity:0.5\"                                                           class=\"fa fa-th-large\"><\/i> 232.50 KB            <\/div>        <\/div>    <\/div><\/div><\/div><script>jQuery(function(){jQuery('.link-btn a.wpdm-download-link img').after('');jQuery('.link-btn a.wpdm-download-link img').remove();});<\/script><br \/>\nEsta instituci\u00f3n no tiene personal contratado durante los per\u00edodo de <strong>abril, junio, agosto, septiembre, octubre y diciembre.<\/strong><span id=\"transmark\" style=\"display: none; width: 0px; height: 0px;\"><\/span><\/p>\r\n        <\/div> <!-- \/ tabs_item -->\r\n                <div class=\"tabs_item\">\r\n            <p><h3 id=\"2013\">2013<\/h3>\n<h5>N\u00f3mina de Empleados Fijos 2013<\/h5>\n        <div class=\"w3eden clear\" align=\"right\"><div class=\"link-btn light\">    <div class=\"media\">        <div class=\"pull-left wbt-left\"><div class=\"wbt-icon\"><img decoding=\"async\" class=\"wpdm_icon\" alt=\"Icono\" src=\"https:\/\/www.inespre.gob.do\/transparencia\/wp-content\/plugins\/download-manager\/assets\/file-type-icons\/xls.svg\" onError='this.src=\"https:\/\/www.inespre.gob.do\/transparencia\/wp-content\/plugins\/download-manager\/assets\/file-type-icons\/unknown.svg\";' \/><\/div><\/div>        <div class=\"pull-left text-left wbt-content\"><strong class=\"ptitle\">                <a href=\"https:\/\/www.inespre.gob.do\/transparencia\/download\/nomina-de-empleados-fijos-enero-2013\/?wpdmdl=333&refresh=69f73f71183d51777811313\">N\u00f3mina de Empleados Fijos Enero 2013<\/a>            <\/strong>            <div style=\"font-size: 8pt;padding-top: 1px\"><a href=\"https:\/\/www.inespre.gob.do\/transparencia\/download\/nomina-de-empleados-fijos-enero-2013\/?wpdmdl=333&refresh=69f73f71183d51777811313\">Descargar<\/a> <i style=\"margin: 4px 0 0 5px;opacity:0.5\"                                                           class=\"fa fa-th-large\"><\/i> 639.50 KB            <\/div>        <\/div>    <\/div><\/div><\/div><script>jQuery(function(){jQuery('.link-btn a.wpdm-download-link img').after('');jQuery('.link-btn a.wpdm-download-link img').remove();});<\/script><br \/>\n        <div class=\"w3eden clear\" align=\"right\"><div class=\"link-btn light\">    <div class=\"media\">        <div class=\"pull-left wbt-left\"><div class=\"wbt-icon\"><img decoding=\"async\" class=\"wpdm_icon\" alt=\"Icono\" src=\"https:\/\/www.inespre.gob.do\/transparencia\/wp-content\/plugins\/download-manager\/assets\/file-type-icons\/xls.svg\" onError='this.src=\"https:\/\/www.inespre.gob.do\/transparencia\/wp-content\/plugins\/download-manager\/assets\/file-type-icons\/unknown.svg\";' \/><\/div><\/div>        <div class=\"pull-left text-left wbt-content\"><strong class=\"ptitle\">                <a href=\"https:\/\/www.inespre.gob.do\/transparencia\/download\/nomina-de-empleados-fijos-febrero-2013\/?wpdmdl=335&refresh=69f73f71189aa1777811313\">N\u00f3mina de Empleados Fijos Febrero 2013<\/a>            <\/strong>            <div style=\"font-size: 8pt;padding-top: 1px\"><a href=\"https:\/\/www.inespre.gob.do\/transparencia\/download\/nomina-de-empleados-fijos-febrero-2013\/?wpdmdl=335&refresh=69f73f71189aa1777811313\">Descargar<\/a> <i style=\"margin: 4px 0 0 5px;opacity:0.5\"                                                           class=\"fa fa-th-large\"><\/i> 417.50 KB            <\/div>        <\/div>    <\/div><\/div><\/div><script>jQuery(function(){jQuery('.link-btn a.wpdm-download-link img').after('');jQuery('.link-btn a.wpdm-download-link img').remove();});<\/script><br \/>\n        <div class=\"w3eden clear\" align=\"right\"><div class=\"link-btn light\">    <div class=\"media\">        <div class=\"pull-left wbt-left\"><div class=\"wbt-icon\"><img decoding=\"async\" class=\"wpdm_icon\" alt=\"Icono\" src=\"https:\/\/www.inespre.gob.do\/transparencia\/wp-content\/plugins\/download-manager\/assets\/file-type-icons\/xls.svg\" onError='this.src=\"https:\/\/www.inespre.gob.do\/transparencia\/wp-content\/plugins\/download-manager\/assets\/file-type-icons\/unknown.svg\";' \/><\/div><\/div>        <div class=\"pull-left text-left wbt-content\"><strong class=\"ptitle\">                <a href=\"https:\/\/www.inespre.gob.do\/transparencia\/download\/nomina-de-empleados-fijos-marzo-2013\/?wpdmdl=337&refresh=69f73f7118f4b1777811313\">N\u00f3mina de Empleados Fijos Marzo 2013<\/a>            <\/strong>            <div style=\"font-size: 8pt;padding-top: 1px\"><a href=\"https:\/\/www.inespre.gob.do\/transparencia\/download\/nomina-de-empleados-fijos-marzo-2013\/?wpdmdl=337&refresh=69f73f7118f4b1777811313\">Descargar<\/a> <i style=\"margin: 4px 0 0 5px;opacity:0.5\"                                                           class=\"fa fa-th-large\"><\/i> 457.50 KB            <\/div>        <\/div>    <\/div><\/div><\/div><script>jQuery(function(){jQuery('.link-btn a.wpdm-download-link img').after('');jQuery('.link-btn a.wpdm-download-link img').remove();});<\/script><br \/>\n        <div class=\"w3eden clear\" align=\"right\"><div class=\"link-btn light\">    <div class=\"media\">        <div class=\"pull-left wbt-left\"><div class=\"wbt-icon\"><img decoding=\"async\" class=\"wpdm_icon\" alt=\"Icono\" src=\"https:\/\/www.inespre.gob.do\/transparencia\/wp-content\/plugins\/download-manager\/assets\/file-type-icons\/xls.svg\" onError='this.src=\"https:\/\/www.inespre.gob.do\/transparencia\/wp-content\/plugins\/download-manager\/assets\/file-type-icons\/unknown.svg\";' \/><\/div><\/div>        <div class=\"pull-left text-left wbt-content\"><strong class=\"ptitle\">                <a href=\"https:\/\/www.inespre.gob.do\/transparencia\/download\/nomina-de-empleados-fijos-abril-2013\/?wpdmdl=341&refresh=69f73f71194d41777811313\">N\u00f3mina de Empleados Fijos Abril 2013<\/a>            <\/strong>            <div style=\"font-size: 8pt;padding-top: 1px\"><a href=\"https:\/\/www.inespre.gob.do\/transparencia\/download\/nomina-de-empleados-fijos-abril-2013\/?wpdmdl=341&refresh=69f73f71194d41777811313\">Descargar<\/a> <i style=\"margin: 4px 0 0 5px;opacity:0.5\"                                                           class=\"fa fa-th-large\"><\/i> 403.50 KB            <\/div>        <\/div>    <\/div><\/div><\/div><script>jQuery(function(){jQuery('.link-btn a.wpdm-download-link img').after('');jQuery('.link-btn a.wpdm-download-link img').remove();});<\/script><br \/>\n        <div class=\"w3eden clear\" align=\"right\"><div class=\"link-btn light\">    <div class=\"media\">        <div class=\"pull-left wbt-left\"><div class=\"wbt-icon\"><img decoding=\"async\" class=\"wpdm_icon\" alt=\"Icono\" src=\"https:\/\/www.inespre.gob.do\/transparencia\/wp-content\/plugins\/download-manager\/assets\/file-type-icons\/xls.svg\" onError='this.src=\"https:\/\/www.inespre.gob.do\/transparencia\/wp-content\/plugins\/download-manager\/assets\/file-type-icons\/unknown.svg\";' \/><\/div><\/div>        <div class=\"pull-left text-left wbt-content\"><strong class=\"ptitle\">                <a href=\"https:\/\/www.inespre.gob.do\/transparencia\/download\/nomina-de-empleados-fijos-mayo-2013\/?wpdmdl=339&refresh=69f73f7119a531777811313\">N\u00f3mina de Empleados Fijos Mayo 2013<\/a>            <\/strong>            <div style=\"font-size: 8pt;padding-top: 1px\"><a href=\"https:\/\/www.inespre.gob.do\/transparencia\/download\/nomina-de-empleados-fijos-mayo-2013\/?wpdmdl=339&refresh=69f73f7119a531777811313\">Descargar<\/a> <i style=\"margin: 4px 0 0 5px;opacity:0.5\"                                                           class=\"fa fa-th-large\"><\/i> 385.50 KB            <\/div>        <\/div>    <\/div><\/div><\/div><script>jQuery(function(){jQuery('.link-btn a.wpdm-download-link img').after('');jQuery('.link-btn a.wpdm-download-link img').remove();});<\/script><br \/>\n        <div class=\"w3eden clear\" align=\"right\"><div class=\"link-btn light\">    <div class=\"media\">        <div class=\"pull-left wbt-left\"><div class=\"wbt-icon\"><img decoding=\"async\" class=\"wpdm_icon\" alt=\"Icono\" src=\"https:\/\/www.inespre.gob.do\/transparencia\/wp-content\/plugins\/download-manager\/assets\/file-type-icons\/xls.svg\" onError='this.src=\"https:\/\/www.inespre.gob.do\/transparencia\/wp-content\/plugins\/download-manager\/assets\/file-type-icons\/unknown.svg\";' \/><\/div><\/div>        <div class=\"pull-left text-left wbt-content\"><strong class=\"ptitle\">                <a href=\"https:\/\/www.inespre.gob.do\/transparencia\/download\/nomina-de-empleados-fijos-junio-2013\/?wpdmdl=343&refresh=69f73f7119fd41777811313\">N\u00f3mina de Empleados Fijos Junio 2013<\/a>            <\/strong>            <div style=\"font-size: 8pt;padding-top: 1px\"><a href=\"https:\/\/www.inespre.gob.do\/transparencia\/download\/nomina-de-empleados-fijos-junio-2013\/?wpdmdl=343&refresh=69f73f7119fd41777811313\">Descargar<\/a> <i style=\"margin: 4px 0 0 5px;opacity:0.5\"                                                           class=\"fa fa-th-large\"><\/i> 381.50 KB            <\/div>        <\/div>    <\/div><\/div><\/div><script>jQuery(function(){jQuery('.link-btn a.wpdm-download-link img').after('');jQuery('.link-btn a.wpdm-download-link img').remove();});<\/script><br \/>\n        <div class=\"w3eden clear\" align=\"right\"><div class=\"link-btn light\">    <div class=\"media\">        <div class=\"pull-left wbt-left\"><div class=\"wbt-icon\"><img decoding=\"async\" class=\"wpdm_icon\" alt=\"Icono\" src=\"https:\/\/www.inespre.gob.do\/transparencia\/wp-content\/plugins\/download-manager\/assets\/file-type-icons\/xls.svg\" onError='this.src=\"https:\/\/www.inespre.gob.do\/transparencia\/wp-content\/plugins\/download-manager\/assets\/file-type-icons\/unknown.svg\";' \/><\/div><\/div>        <div class=\"pull-left text-left wbt-content\"><strong class=\"ptitle\">                <a href=\"https:\/\/www.inespre.gob.do\/transparencia\/download\/nomina-de-empleados-fijos-julio-2013\/?wpdmdl=345&refresh=69f73f711a5391777811313\">N\u00f3mina de Empleados Fijos Julio 2013<\/a>            <\/strong>            <div style=\"font-size: 8pt;padding-top: 1px\"><a href=\"https:\/\/www.inespre.gob.do\/transparencia\/download\/nomina-de-empleados-fijos-julio-2013\/?wpdmdl=345&refresh=69f73f711a5391777811313\">Descargar<\/a> <i style=\"margin: 4px 0 0 5px;opacity:0.5\"                                                           class=\"fa fa-th-large\"><\/i> 350.00 KB            <\/div>        <\/div>    <\/div><\/div><\/div><script>jQuery(function(){jQuery('.link-btn a.wpdm-download-link img').after('');jQuery('.link-btn a.wpdm-download-link img').remove();});<\/script><br \/>\n        <div class=\"w3eden clear\" align=\"right\"><div class=\"link-btn light\">    <div class=\"media\">        <div class=\"pull-left wbt-left\"><div class=\"wbt-icon\"><img decoding=\"async\" class=\"wpdm_icon\" alt=\"Icono\" src=\"https:\/\/www.inespre.gob.do\/transparencia\/wp-content\/plugins\/download-manager\/assets\/file-type-icons\/xls.svg\" onError='this.src=\"https:\/\/www.inespre.gob.do\/transparencia\/wp-content\/plugins\/download-manager\/assets\/file-type-icons\/unknown.svg\";' \/><\/div><\/div>        <div class=\"pull-left text-left wbt-content\"><strong class=\"ptitle\">                <a href=\"https:\/\/www.inespre.gob.do\/transparencia\/download\/nomina-de-empleados-fijos-agosto-2013\/?wpdmdl=347&refresh=69f73f711aad51777811313\">N\u00f3mina de Empleados Fijos Agosto 2013<\/a>            <\/strong>            <div style=\"font-size: 8pt;padding-top: 1px\"><a href=\"https:\/\/www.inespre.gob.do\/transparencia\/download\/nomina-de-empleados-fijos-agosto-2013\/?wpdmdl=347&refresh=69f73f711aad51777811313\">Descargar<\/a> <i style=\"margin: 4px 0 0 5px;opacity:0.5\"                                                           class=\"fa fa-th-large\"><\/i> 381.00 KB            <\/div>        <\/div>    <\/div><\/div><\/div><script>jQuery(function(){jQuery('.link-btn a.wpdm-download-link img').after('');jQuery('.link-btn a.wpdm-download-link img').remove();});<\/script><br \/>\n        <div class=\"w3eden clear\" align=\"right\"><div class=\"link-btn light\">    <div class=\"media\">        <div class=\"pull-left wbt-left\"><div class=\"wbt-icon\"><img decoding=\"async\" class=\"wpdm_icon\" alt=\"Icono\" src=\"https:\/\/www.inespre.gob.do\/transparencia\/wp-content\/plugins\/download-manager\/assets\/file-type-icons\/xls.svg\" onError='this.src=\"https:\/\/www.inespre.gob.do\/transparencia\/wp-content\/plugins\/download-manager\/assets\/file-type-icons\/unknown.svg\";' \/><\/div><\/div>        <div class=\"pull-left text-left wbt-content\"><strong class=\"ptitle\">                <a href=\"https:\/\/www.inespre.gob.do\/transparencia\/download\/nomina-de-empleados-fijos-septiembre-2013\/?wpdmdl=349&refresh=69f73f711b0491777811313\">N\u00f3mina de Empleados Fijos Septiembre 2013<\/a>            <\/strong>            <div style=\"font-size: 8pt;padding-top: 1px\"><a href=\"https:\/\/www.inespre.gob.do\/transparencia\/download\/nomina-de-empleados-fijos-septiembre-2013\/?wpdmdl=349&refresh=69f73f711b0491777811313\">Descargar<\/a> <i style=\"margin: 4px 0 0 5px;opacity:0.5\"                                                           class=\"fa fa-th-large\"><\/i> 330.00 KB            <\/div>        <\/div>    <\/div><\/div><\/div><script>jQuery(function(){jQuery('.link-btn a.wpdm-download-link img').after('');jQuery('.link-btn a.wpdm-download-link img').remove();});<\/script><br \/>\n        <div class=\"w3eden clear\" align=\"right\"><div class=\"link-btn light\">    <div class=\"media\">        <div class=\"pull-left wbt-left\"><div class=\"wbt-icon\"><img decoding=\"async\" class=\"wpdm_icon\" alt=\"Icono\" src=\"https:\/\/www.inespre.gob.do\/transparencia\/wp-content\/plugins\/download-manager\/assets\/file-type-icons\/xls.svg\" onError='this.src=\"https:\/\/www.inespre.gob.do\/transparencia\/wp-content\/plugins\/download-manager\/assets\/file-type-icons\/unknown.svg\";' \/><\/div><\/div>        <div class=\"pull-left text-left wbt-content\"><strong class=\"ptitle\">                <a href=\"https:\/\/www.inespre.gob.do\/transparencia\/download\/nomina-de-empleados-fijos-octubre-2013\/?wpdmdl=351&refresh=69f73f711b5bf1777811313\">N\u00f3mina de Empleados Fijos Octubre 2013<\/a>            <\/strong>            <div style=\"font-size: 8pt;padding-top: 1px\"><a href=\"https:\/\/www.inespre.gob.do\/transparencia\/download\/nomina-de-empleados-fijos-octubre-2013\/?wpdmdl=351&refresh=69f73f711b5bf1777811313\">Descargar<\/a> <i style=\"margin: 4px 0 0 5px;opacity:0.5\"                                                           class=\"fa fa-th-large\"><\/i> 386.50 KB            <\/div>        <\/div>    <\/div><\/div><\/div><script>jQuery(function(){jQuery('.link-btn a.wpdm-download-link img').after('');jQuery('.link-btn a.wpdm-download-link img').remove();});<\/script><br \/>\n        <div class=\"w3eden clear\" align=\"right\"><div class=\"link-btn light\">    <div class=\"media\">        <div class=\"pull-left wbt-left\"><div class=\"wbt-icon\"><img decoding=\"async\" class=\"wpdm_icon\" alt=\"Icono\" src=\"https:\/\/www.inespre.gob.do\/transparencia\/wp-content\/plugins\/download-manager\/assets\/file-type-icons\/xls.svg\" onError='this.src=\"https:\/\/www.inespre.gob.do\/transparencia\/wp-content\/plugins\/download-manager\/assets\/file-type-icons\/unknown.svg\";' \/><\/div><\/div>        <div class=\"pull-left text-left wbt-content\"><strong class=\"ptitle\">                <a href=\"https:\/\/www.inespre.gob.do\/transparencia\/download\/nomina-de-empleados-fijos-noviembre-2013\/?wpdmdl=353&refresh=69f73f711bb581777811313\">N\u00f3mina de Empleados Fijos Noviembre 2013<\/a>            <\/strong>            <div style=\"font-size: 8pt;padding-top: 1px\"><a href=\"https:\/\/www.inespre.gob.do\/transparencia\/download\/nomina-de-empleados-fijos-noviembre-2013\/?wpdmdl=353&refresh=69f73f711bb581777811313\">Descargar<\/a> <i style=\"margin: 4px 0 0 5px;opacity:0.5\"                                                           class=\"fa fa-th-large\"><\/i> 387.50 KB            <\/div>        <\/div>    <\/div><\/div><\/div><script>jQuery(function(){jQuery('.link-btn a.wpdm-download-link img').after('');jQuery('.link-btn a.wpdm-download-link img').remove();});<\/script><br \/>\n        <div class=\"w3eden clear\" align=\"right\"><div class=\"link-btn light\">    <div class=\"media\">        <div class=\"pull-left wbt-left\"><div class=\"wbt-icon\"><img decoding=\"async\" class=\"wpdm_icon\" alt=\"Icono\" src=\"https:\/\/www.inespre.gob.do\/transparencia\/wp-content\/plugins\/download-manager\/assets\/file-type-icons\/xls.svg\" onError='this.src=\"https:\/\/www.inespre.gob.do\/transparencia\/wp-content\/plugins\/download-manager\/assets\/file-type-icons\/unknown.svg\";' \/><\/div><\/div>        <div class=\"pull-left text-left wbt-content\"><strong class=\"ptitle\">                <a href=\"https:\/\/www.inespre.gob.do\/transparencia\/download\/nomina-de-empleados-fijos-diciembre-2013\/?wpdmdl=355&refresh=69f73f711c0c81777811313\">N\u00f3mina de Empleados Fijos Diciembre 2013<\/a>            <\/strong>            <div style=\"font-size: 8pt;padding-top: 1px\"><a href=\"https:\/\/www.inespre.gob.do\/transparencia\/download\/nomina-de-empleados-fijos-diciembre-2013\/?wpdmdl=355&refresh=69f73f711c0c81777811313\">Descargar<\/a> <i style=\"margin: 4px 0 0 5px;opacity:0.5\"                                                           class=\"fa fa-th-large\"><\/i> 399.00 KB            <\/div>        <\/div>    <\/div><\/div><\/div><script>jQuery(function(){jQuery('.link-btn a.wpdm-download-link img').after('');jQuery('.link-btn a.wpdm-download-link img').remove();});<\/script><br \/>\n<h5>N\u00f3mina de Empleados Contratados 2013<\/h5>\n        <div class=\"w3eden clear\" align=\"right\"><div class=\"link-btn light\">    <div class=\"media\">        <div class=\"pull-left wbt-left\"><div class=\"wbt-icon\"><img decoding=\"async\" class=\"wpdm_icon\" alt=\"Icono\" src=\"https:\/\/www.inespre.gob.do\/transparencia\/wp-content\/plugins\/download-manager\/assets\/file-type-icons\/xls.svg\" onError='this.src=\"https:\/\/www.inespre.gob.do\/transparencia\/wp-content\/plugins\/download-manager\/assets\/file-type-icons\/unknown.svg\";' \/><\/div><\/div>        <div class=\"pull-left text-left wbt-content\"><strong class=\"ptitle\">                <a href=\"https:\/\/www.inespre.gob.do\/transparencia\/download\/nomina-de-empleados-contratados-enero-2013\/?wpdmdl=359&refresh=69f73f711c67e1777811313\">N\u00f3mina de Empleados Contratados Enero 2013<\/a>            <\/strong>            <div style=\"font-size: 8pt;padding-top: 1px\"><a href=\"https:\/\/www.inespre.gob.do\/transparencia\/download\/nomina-de-empleados-contratados-enero-2013\/?wpdmdl=359&refresh=69f73f711c67e1777811313\">Descargar<\/a> <i style=\"margin: 4px 0 0 5px;opacity:0.5\"                                                           class=\"fa fa-th-large\"><\/i> 171.50 KB            <\/div>        <\/div>    <\/div><\/div><\/div><script>jQuery(function(){jQuery('.link-btn a.wpdm-download-link img').after('');jQuery('.link-btn a.wpdm-download-link img').remove();});<\/script><br \/>\n        <div class=\"w3eden clear\" align=\"right\"><div class=\"link-btn light\">    <div class=\"media\">        <div class=\"pull-left wbt-left\"><div class=\"wbt-icon\"><img decoding=\"async\" class=\"wpdm_icon\" alt=\"Icono\" src=\"https:\/\/www.inespre.gob.do\/transparencia\/wp-content\/plugins\/download-manager\/assets\/file-type-icons\/xls.svg\" onError='this.src=\"https:\/\/www.inespre.gob.do\/transparencia\/wp-content\/plugins\/download-manager\/assets\/file-type-icons\/unknown.svg\";' \/><\/div><\/div>        <div class=\"pull-left text-left wbt-content\"><strong class=\"ptitle\">                <a href=\"https:\/\/www.inespre.gob.do\/transparencia\/download\/nomina-de-empleados-contratados-marzo-2013\/?wpdmdl=361&refresh=69f73f711ccb81777811313\">N\u00f3mina de Empleados Contratados Marzo 2013<\/a>            <\/strong>            <div style=\"font-size: 8pt;padding-top: 1px\"><a href=\"https:\/\/www.inespre.gob.do\/transparencia\/download\/nomina-de-empleados-contratados-marzo-2013\/?wpdmdl=361&refresh=69f73f711ccb81777811313\">Descargar<\/a> <i style=\"margin: 4px 0 0 5px;opacity:0.5\"                                                           class=\"fa fa-th-large\"><\/i> 175.50 KB            <\/div>        <\/div>    <\/div><\/div><\/div><script>jQuery(function(){jQuery('.link-btn a.wpdm-download-link img').after('');jQuery('.link-btn a.wpdm-download-link img').remove();});<\/script><br \/>\n        <div class=\"w3eden clear\" align=\"right\"><div class=\"link-btn light\">    <div class=\"media\">        <div class=\"pull-left wbt-left\"><div class=\"wbt-icon\"><img decoding=\"async\" class=\"wpdm_icon\" alt=\"Icono\" src=\"https:\/\/www.inespre.gob.do\/transparencia\/wp-content\/plugins\/download-manager\/assets\/file-type-icons\/xls.svg\" onError='this.src=\"https:\/\/www.inespre.gob.do\/transparencia\/wp-content\/plugins\/download-manager\/assets\/file-type-icons\/unknown.svg\";' \/><\/div><\/div>        <div class=\"pull-left text-left wbt-content\"><strong class=\"ptitle\">                <a href=\"https:\/\/www.inespre.gob.do\/transparencia\/download\/nomina-de-empleados-contratados-abril-2013\/?wpdmdl=375&refresh=69f73f711d23e1777811313\">N\u00f3mina de Empleados Contratados Abril 2013<\/a>            <\/strong>            <div style=\"font-size: 8pt;padding-top: 1px\"><a href=\"https:\/\/www.inespre.gob.do\/transparencia\/download\/nomina-de-empleados-contratados-abril-2013\/?wpdmdl=375&refresh=69f73f711d23e1777811313\">Descargar<\/a> <i style=\"margin: 4px 0 0 5px;opacity:0.5\"                                                           class=\"fa fa-th-large\"><\/i> 171.50 KB            <\/div>        <\/div>    <\/div><\/div><\/div><script>jQuery(function(){jQuery('.link-btn a.wpdm-download-link img').after('');jQuery('.link-btn a.wpdm-download-link img').remove();});<\/script><br \/>\n        <div class=\"w3eden clear\" align=\"right\"><div class=\"link-btn light\">    <div class=\"media\">        <div class=\"pull-left wbt-left\"><div class=\"wbt-icon\"><img decoding=\"async\" class=\"wpdm_icon\" alt=\"Icono\" src=\"https:\/\/www.inespre.gob.do\/transparencia\/wp-content\/plugins\/download-manager\/assets\/file-type-icons\/xls.svg\" onError='this.src=\"https:\/\/www.inespre.gob.do\/transparencia\/wp-content\/plugins\/download-manager\/assets\/file-type-icons\/unknown.svg\";' \/><\/div><\/div>        <div class=\"pull-left text-left wbt-content\"><strong class=\"ptitle\">                <a href=\"https:\/\/www.inespre.gob.do\/transparencia\/download\/nomina-de-empleados-contratados-mayo-2013\/?wpdmdl=363&refresh=69f73f711d7c41777811313\">N\u00f3mina de Empleados Contratados Mayo 2013<\/a>            <\/strong>            <div style=\"font-size: 8pt;padding-top: 1px\"><a href=\"https:\/\/www.inespre.gob.do\/transparencia\/download\/nomina-de-empleados-contratados-mayo-2013\/?wpdmdl=363&refresh=69f73f711d7c41777811313\">Descargar<\/a> <i style=\"margin: 4px 0 0 5px;opacity:0.5\"                                                           class=\"fa fa-th-large\"><\/i> 174.50 KB            <\/div>        <\/div>    <\/div><\/div><\/div><script>jQuery(function(){jQuery('.link-btn a.wpdm-download-link img').after('');jQuery('.link-btn a.wpdm-download-link img').remove();});<\/script><br \/>\n        <div class=\"w3eden clear\" align=\"right\"><div class=\"link-btn light\">    <div class=\"media\">        <div class=\"pull-left wbt-left\"><div class=\"wbt-icon\"><img decoding=\"async\" class=\"wpdm_icon\" alt=\"Icono\" src=\"https:\/\/www.inespre.gob.do\/transparencia\/wp-content\/plugins\/download-manager\/assets\/file-type-icons\/xls.svg\" onError='this.src=\"https:\/\/www.inespre.gob.do\/transparencia\/wp-content\/plugins\/download-manager\/assets\/file-type-icons\/unknown.svg\";' \/><\/div><\/div>        <div class=\"pull-left text-left wbt-content\"><strong class=\"ptitle\">                <a href=\"https:\/\/www.inespre.gob.do\/transparencia\/download\/nomina-de-empleados-contratados-junio-2013\/?wpdmdl=365&refresh=69f73f711dd2d1777811313\">N\u00f3mina de Empleados Contratados Junio 2013<\/a>            <\/strong>            <div style=\"font-size: 8pt;padding-top: 1px\"><a href=\"https:\/\/www.inespre.gob.do\/transparencia\/download\/nomina-de-empleados-contratados-junio-2013\/?wpdmdl=365&refresh=69f73f711dd2d1777811313\">Descargar<\/a> <i style=\"margin: 4px 0 0 5px;opacity:0.5\"                                                           class=\"fa fa-th-large\"><\/i> 174.50 KB            <\/div>        <\/div>    <\/div><\/div><\/div><script>jQuery(function(){jQuery('.link-btn a.wpdm-download-link img').after('');jQuery('.link-btn a.wpdm-download-link img').remove();});<\/script><br \/>\n        <div class=\"w3eden clear\" align=\"right\"><div class=\"link-btn light\">    <div class=\"media\">        <div class=\"pull-left wbt-left\"><div class=\"wbt-icon\"><img decoding=\"async\" class=\"wpdm_icon\" alt=\"Icono\" src=\"https:\/\/www.inespre.gob.do\/transparencia\/wp-content\/plugins\/download-manager\/assets\/file-type-icons\/xls.svg\" onError='this.src=\"https:\/\/www.inespre.gob.do\/transparencia\/wp-content\/plugins\/download-manager\/assets\/file-type-icons\/unknown.svg\";' \/><\/div><\/div>        <div class=\"pull-left text-left wbt-content\"><strong class=\"ptitle\">                <a href=\"https:\/\/www.inespre.gob.do\/transparencia\/download\/nomina-de-empleados-contratados-julio-2013\/?wpdmdl=367&refresh=69f73f711e2a81777811313\">N\u00f3mina de Empleados Contratados Julio 2013<\/a>            <\/strong>            <div style=\"font-size: 8pt;padding-top: 1px\"><a href=\"https:\/\/www.inespre.gob.do\/transparencia\/download\/nomina-de-empleados-contratados-julio-2013\/?wpdmdl=367&refresh=69f73f711e2a81777811313\">Descargar<\/a> <i style=\"margin: 4px 0 0 5px;opacity:0.5\"                                                           class=\"fa fa-th-large\"><\/i> 180.50 KB            <\/div>        <\/div>    <\/div><\/div><\/div><script>jQuery(function(){jQuery('.link-btn a.wpdm-download-link img').after('');jQuery('.link-btn a.wpdm-download-link img').remove();});<\/script><br \/>\n        <div class=\"w3eden clear\" align=\"right\"><div class=\"link-btn light\">    <div class=\"media\">        <div class=\"pull-left wbt-left\"><div class=\"wbt-icon\"><img decoding=\"async\" class=\"wpdm_icon\" alt=\"Icono\" src=\"https:\/\/www.inespre.gob.do\/transparencia\/wp-content\/plugins\/download-manager\/assets\/file-type-icons\/xls.svg\" onError='this.src=\"https:\/\/www.inespre.gob.do\/transparencia\/wp-content\/plugins\/download-manager\/assets\/file-type-icons\/unknown.svg\";' \/><\/div><\/div>        <div class=\"pull-left text-left wbt-content\"><strong class=\"ptitle\">                <a href=\"https:\/\/www.inespre.gob.do\/transparencia\/download\/nomina-de-empleados-contratados-septiembre-2013\/?wpdmdl=357&refresh=69f73f711e87a1777811313\">N\u00f3mina de Empleados Contratados Septiembre 2013<\/a>            <\/strong>            <div style=\"font-size: 8pt;padding-top: 1px\"><a href=\"https:\/\/www.inespre.gob.do\/transparencia\/download\/nomina-de-empleados-contratados-septiembre-2013\/?wpdmdl=357&refresh=69f73f711e87a1777811313\">Descargar<\/a> <i style=\"margin: 4px 0 0 5px;opacity:0.5\"                                                           class=\"fa fa-th-large\"><\/i> 178.00 KB            <\/div>        <\/div>    <\/div><\/div><\/div><script>jQuery(function(){jQuery('.link-btn a.wpdm-download-link img').after('');jQuery('.link-btn a.wpdm-download-link img').remove();});<\/script><br \/>\n        <div class=\"w3eden clear\" align=\"right\"><div class=\"link-btn light\">    <div class=\"media\">        <div class=\"pull-left wbt-left\"><div class=\"wbt-icon\"><img decoding=\"async\" class=\"wpdm_icon\" alt=\"Icono\" src=\"https:\/\/www.inespre.gob.do\/transparencia\/wp-content\/plugins\/download-manager\/assets\/file-type-icons\/xls.svg\" onError='this.src=\"https:\/\/www.inespre.gob.do\/transparencia\/wp-content\/plugins\/download-manager\/assets\/file-type-icons\/unknown.svg\";' \/><\/div><\/div>        <div class=\"pull-left text-left wbt-content\"><strong class=\"ptitle\">                <a href=\"https:\/\/www.inespre.gob.do\/transparencia\/download\/nomina-de-empleados-contratados-octubre-2013\/?wpdmdl=369&refresh=69f73f711ee281777811313\">N\u00f3mina de Empleados Contratados Octubre 2013<\/a>            <\/strong>            <div style=\"font-size: 8pt;padding-top: 1px\"><a href=\"https:\/\/www.inespre.gob.do\/transparencia\/download\/nomina-de-empleados-contratados-octubre-2013\/?wpdmdl=369&refresh=69f73f711ee281777811313\">Descargar<\/a> <i style=\"margin: 4px 0 0 5px;opacity:0.5\"                                                           class=\"fa fa-th-large\"><\/i> 240.00 KB            <\/div>        <\/div>    <\/div><\/div><\/div><script>jQuery(function(){jQuery('.link-btn a.wpdm-download-link img').after('');jQuery('.link-btn a.wpdm-download-link img').remove();});<\/script><br \/>\n        <div class=\"w3eden clear\" align=\"right\"><div class=\"link-btn light\">    <div class=\"media\">        <div class=\"pull-left wbt-left\"><div class=\"wbt-icon\"><img decoding=\"async\" class=\"wpdm_icon\" alt=\"Icono\" src=\"https:\/\/www.inespre.gob.do\/transparencia\/wp-content\/plugins\/download-manager\/assets\/file-type-icons\/xls.svg\" onError='this.src=\"https:\/\/www.inespre.gob.do\/transparencia\/wp-content\/plugins\/download-manager\/assets\/file-type-icons\/unknown.svg\";' \/><\/div><\/div>        <div class=\"pull-left text-left wbt-content\"><strong class=\"ptitle\">                <a href=\"https:\/\/www.inespre.gob.do\/transparencia\/download\/nomina-de-empleados-contratados-noviembre-2013\/?wpdmdl=371&refresh=69f73f711f4d41777811313\">N\u00f3mina de Empleados Contratados Noviembre 2013<\/a>            <\/strong>            <div style=\"font-size: 8pt;padding-top: 1px\"><a href=\"https:\/\/www.inespre.gob.do\/transparencia\/download\/nomina-de-empleados-contratados-noviembre-2013\/?wpdmdl=371&refresh=69f73f711f4d41777811313\">Descargar<\/a> <i style=\"margin: 4px 0 0 5px;opacity:0.5\"                                                           class=\"fa fa-th-large\"><\/i> 240.00 KB            <\/div>        <\/div>    <\/div><\/div><\/div><script>jQuery(function(){jQuery('.link-btn a.wpdm-download-link img').after('');jQuery('.link-btn a.wpdm-download-link img').remove();});<\/script><br \/>\n        <div class=\"w3eden clear\" align=\"right\"><div class=\"link-btn light\">    <div class=\"media\">        <div class=\"pull-left wbt-left\"><div class=\"wbt-icon\"><img decoding=\"async\" class=\"wpdm_icon\" alt=\"Icono\" src=\"https:\/\/www.inespre.gob.do\/transparencia\/wp-content\/plugins\/download-manager\/assets\/file-type-icons\/xls.svg\" onError='this.src=\"https:\/\/www.inespre.gob.do\/transparencia\/wp-content\/plugins\/download-manager\/assets\/file-type-icons\/unknown.svg\";' \/><\/div><\/div>        <div class=\"pull-left text-left wbt-content\"><strong class=\"ptitle\">                <a href=\"https:\/\/www.inespre.gob.do\/transparencia\/download\/nomina-de-empleados-contratados-diciembre-2013\/?wpdmdl=373&refresh=69f73f711faed1777811313\">N\u00f3mina de Empleados Contratados Diciembre 2013<\/a>            <\/strong>            <div style=\"font-size: 8pt;padding-top: 1px\"><a href=\"https:\/\/www.inespre.gob.do\/transparencia\/download\/nomina-de-empleados-contratados-diciembre-2013\/?wpdmdl=373&refresh=69f73f711faed1777811313\">Descargar<\/a> <i style=\"margin: 4px 0 0 5px;opacity:0.5\"                                                           class=\"fa fa-th-large\"><\/i> 240.50 KB            <\/div>        <\/div>    <\/div><\/div><\/div><script>jQuery(function(){jQuery('.link-btn a.wpdm-download-link img').after('');jQuery('.link-btn a.wpdm-download-link img').remove();});<\/script><br \/>\nEsta instituci\u00f3n no tiene personal contratado durante los per\u00edodo de <strong>febrero y agosto.<\/strong><\/p>\r\n        <\/div> <!-- \/ tabs_item -->\r\n                <div class=\"tabs_item\">\r\n            <p><h3 id=\"2012\">2012<\/h3>\n<h5>N\u00f3mina de Empleados Fijos 2012<\/h5>\n        <div class=\"w3eden clear\" align=\"right\"><div class=\"link-btn light\">    <div class=\"media\">        <div class=\"pull-left wbt-left\"><div class=\"wbt-icon\"><img decoding=\"async\" class=\"wpdm_icon\" alt=\"Icono\" src=\"https:\/\/www.inespre.gob.do\/transparencia\/wp-content\/plugins\/download-manager\/assets\/file-type-icons\/xls.svg\" onError='this.src=\"https:\/\/www.inespre.gob.do\/transparencia\/wp-content\/plugins\/download-manager\/assets\/file-type-icons\/unknown.svg\";' \/><\/div><\/div>        <div class=\"pull-left text-left wbt-content\"><strong class=\"ptitle\">                <a href=\"https:\/\/www.inespre.gob.do\/transparencia\/download\/nomina-de-empleados-fijos-septiembre-2012\/?wpdmdl=325&refresh=69f73f71200891777811313\">N\u00f3mina de Empleados Fijos Septiembre 2012<\/a>            <\/strong>            <div style=\"font-size: 8pt;padding-top: 1px\"><a href=\"https:\/\/www.inespre.gob.do\/transparencia\/download\/nomina-de-empleados-fijos-septiembre-2012\/?wpdmdl=325&refresh=69f73f71200891777811313\">Descargar<\/a> <i style=\"margin: 4px 0 0 5px;opacity:0.5\"                                                           class=\"fa fa-th-large\"><\/i> 516.50 KB            <\/div>        <\/div>    <\/div><\/div><\/div><script>jQuery(function(){jQuery('.link-btn a.wpdm-download-link img').after('');jQuery('.link-btn a.wpdm-download-link img').remove();});<\/script><br \/>\n        <div class=\"w3eden clear\" align=\"right\"><div class=\"link-btn light\">    <div class=\"media\">        <div class=\"pull-left wbt-left\"><div class=\"wbt-icon\"><img decoding=\"async\" class=\"wpdm_icon\" alt=\"Icono\" src=\"https:\/\/www.inespre.gob.do\/transparencia\/wp-content\/plugins\/download-manager\/assets\/file-type-icons\/xls.svg\" onError='this.src=\"https:\/\/www.inespre.gob.do\/transparencia\/wp-content\/plugins\/download-manager\/assets\/file-type-icons\/unknown.svg\";' \/><\/div><\/div>        <div class=\"pull-left text-left wbt-content\"><strong class=\"ptitle\">                <a href=\"https:\/\/www.inespre.gob.do\/transparencia\/download\/nomina-de-empleados-fijos-octubre-2012\/?wpdmdl=327&refresh=69f73f712062f1777811313\">N\u00f3mina de Empleados Fijos Octubre 2012<\/a>            <\/strong>            <div style=\"font-size: 8pt;padding-top: 1px\"><a href=\"https:\/\/www.inespre.gob.do\/transparencia\/download\/nomina-de-empleados-fijos-octubre-2012\/?wpdmdl=327&refresh=69f73f712062f1777811313\">Descargar<\/a> <i style=\"margin: 4px 0 0 5px;opacity:0.5\"                                                           class=\"fa fa-th-large\"><\/i> 563.50 KB            <\/div>        <\/div>    <\/div><\/div><\/div><script>jQuery(function(){jQuery('.link-btn a.wpdm-download-link img').after('');jQuery('.link-btn a.wpdm-download-link img').remove();});<\/script><br \/>\n        <div class=\"w3eden clear\" align=\"right\"><div class=\"link-btn light\">    <div class=\"media\">        <div class=\"pull-left wbt-left\"><div class=\"wbt-icon\"><img decoding=\"async\" class=\"wpdm_icon\" alt=\"Icono\" src=\"https:\/\/www.inespre.gob.do\/transparencia\/wp-content\/plugins\/download-manager\/assets\/file-type-icons\/xls.svg\" onError='this.src=\"https:\/\/www.inespre.gob.do\/transparencia\/wp-content\/plugins\/download-manager\/assets\/file-type-icons\/unknown.svg\";' \/><\/div><\/div>        <div class=\"pull-left text-left wbt-content\"><strong class=\"ptitle\">                <a href=\"https:\/\/www.inespre.gob.do\/transparencia\/download\/nomina-de-empleados-fijos-noviembre-2012\/?wpdmdl=329&refresh=69f73f7120c741777811313\">N\u00f3mina de Empleados Fijos Noviembre 2012<\/a>            <\/strong>            <div style=\"font-size: 8pt;padding-top: 1px\"><a href=\"https:\/\/www.inespre.gob.do\/transparencia\/download\/nomina-de-empleados-fijos-noviembre-2012\/?wpdmdl=329&refresh=69f73f7120c741777811313\">Descargar<\/a> <i style=\"margin: 4px 0 0 5px;opacity:0.5\"                                                           class=\"fa fa-th-large\"><\/i> 639.50 KB            <\/div>        <\/div>    <\/div><\/div><\/div><script>jQuery(function(){jQuery('.link-btn a.wpdm-download-link img').after('');jQuery('.link-btn a.wpdm-download-link img').remove();});<\/script><br \/>\n        <div class=\"w3eden clear\" align=\"right\"><div class=\"link-btn light\">    <div class=\"media\">        <div class=\"pull-left wbt-left\"><div class=\"wbt-icon\"><img decoding=\"async\" class=\"wpdm_icon\" alt=\"Icono\" src=\"https:\/\/www.inespre.gob.do\/transparencia\/wp-content\/plugins\/download-manager\/assets\/file-type-icons\/xls.svg\" onError='this.src=\"https:\/\/www.inespre.gob.do\/transparencia\/wp-content\/plugins\/download-manager\/assets\/file-type-icons\/unknown.svg\";' \/><\/div><\/div>        <div class=\"pull-left text-left wbt-content\"><strong class=\"ptitle\">                <a href=\"https:\/\/www.inespre.gob.do\/transparencia\/download\/nomina-de-empleados-fijos-diciembre-2012\/?wpdmdl=331&refresh=69f73f712124d1777811313\">N\u00f3mina de Empleados Fijos Diciembre 2012<\/a>            <\/strong>            <div style=\"font-size: 8pt;padding-top: 1px\"><a href=\"https:\/\/www.inespre.gob.do\/transparencia\/download\/nomina-de-empleados-fijos-diciembre-2012\/?wpdmdl=331&refresh=69f73f712124d1777811313\">Descargar<\/a> <i style=\"margin: 4px 0 0 5px;opacity:0.5\"                                                           class=\"fa fa-th-large\"><\/i> 673.00 KB            <\/div>        <\/div>    <\/div><\/div><\/div><script>jQuery(function(){jQuery('.link-btn a.wpdm-download-link img').after('');jQuery('.link-btn a.wpdm-download-link img').remove();});<\/script><br \/>\n<h5>N\u00f3mina de Empleados Contratados 2012<\/h5>\n        <div class=\"w3eden clear\" align=\"right\"><div class=\"link-btn light\">    <div class=\"media\">        <div class=\"pull-left wbt-left\"><div class=\"wbt-icon\"><img decoding=\"async\" class=\"wpdm_icon\" alt=\"Icono\" src=\"https:\/\/www.inespre.gob.do\/transparencia\/wp-content\/plugins\/download-manager\/assets\/file-type-icons\/xls.svg\" onError='this.src=\"https:\/\/www.inespre.gob.do\/transparencia\/wp-content\/plugins\/download-manager\/assets\/file-type-icons\/unknown.svg\";' \/><\/div><\/div>        <div class=\"pull-left text-left wbt-content\"><strong class=\"ptitle\">                <a href=\"https:\/\/www.inespre.gob.do\/transparencia\/download\/nomina-de-empleados-contratados-septiembre-2012\/?wpdmdl=319&refresh=69f73f71217f51777811313\">N\u00f3mina de Empleados Contratados Septiembre 2012<\/a>            <\/strong>            <div style=\"font-size: 8pt;padding-top: 1px\"><a href=\"https:\/\/www.inespre.gob.do\/transparencia\/download\/nomina-de-empleados-contratados-septiembre-2012\/?wpdmdl=319&refresh=69f73f71217f51777811313\">Descargar<\/a> <i style=\"margin: 4px 0 0 5px;opacity:0.5\"                                                           class=\"fa fa-th-large\"><\/i> 174.50 KB            <\/div>        <\/div>    <\/div><\/div><\/div><script>jQuery(function(){jQuery('.link-btn a.wpdm-download-link img').after('');jQuery('.link-btn a.wpdm-download-link img').remove();});<\/script><br \/>\n        <div class=\"w3eden clear\" align=\"right\"><div class=\"link-btn light\">    <div class=\"media\">        <div class=\"pull-left wbt-left\"><div class=\"wbt-icon\"><img decoding=\"async\" class=\"wpdm_icon\" alt=\"Icono\" src=\"https:\/\/www.inespre.gob.do\/transparencia\/wp-content\/plugins\/download-manager\/assets\/file-type-icons\/xls.svg\" onError='this.src=\"https:\/\/www.inespre.gob.do\/transparencia\/wp-content\/plugins\/download-manager\/assets\/file-type-icons\/unknown.svg\";' \/><\/div><\/div>        <div class=\"pull-left text-left wbt-content\"><strong class=\"ptitle\">                <a href=\"https:\/\/www.inespre.gob.do\/transparencia\/download\/nomina-de-empleados-contratados-octubre-2012\/?wpdmdl=321&refresh=69f73f7121e0f1777811313\">N\u00f3mina de Empleados Contratados Octubre 2012<\/a>            <\/strong>            <div style=\"font-size: 8pt;padding-top: 1px\"><a href=\"https:\/\/www.inespre.gob.do\/transparencia\/download\/nomina-de-empleados-contratados-octubre-2012\/?wpdmdl=321&refresh=69f73f7121e0f1777811313\">Descargar<\/a> <i style=\"margin: 4px 0 0 5px;opacity:0.5\"                                                           class=\"fa fa-th-large\"><\/i> 175.50 KB            <\/div>        <\/div>    <\/div><\/div><\/div><script>jQuery(function(){jQuery('.link-btn a.wpdm-download-link img').after('');jQuery('.link-btn a.wpdm-download-link img').remove();});<\/script><br \/>\n        <div class=\"w3eden clear\" align=\"right\"><div class=\"link-btn light\">    <div class=\"media\">        <div class=\"pull-left wbt-left\"><div class=\"wbt-icon\"><img decoding=\"async\" class=\"wpdm_icon\" alt=\"Icono\" src=\"https:\/\/www.inespre.gob.do\/transparencia\/wp-content\/plugins\/download-manager\/assets\/file-type-icons\/xls.svg\" onError='this.src=\"https:\/\/www.inespre.gob.do\/transparencia\/wp-content\/plugins\/download-manager\/assets\/file-type-icons\/unknown.svg\";' \/><\/div><\/div>        <div class=\"pull-left text-left wbt-content\"><strong class=\"ptitle\">                <a href=\"https:\/\/www.inespre.gob.do\/transparencia\/download\/nomina-de-empleados-contratados-noviembre-2012\/?wpdmdl=323&refresh=69f73f712239e1777811313\">N\u00f3mina de Empleados Contratados Noviembre 2012<\/a>            <\/strong>            <div style=\"font-size: 8pt;padding-top: 1px\"><a href=\"https:\/\/www.inespre.gob.do\/transparencia\/download\/nomina-de-empleados-contratados-noviembre-2012\/?wpdmdl=323&refresh=69f73f712239e1777811313\">Descargar<\/a> <i style=\"margin: 4px 0 0 5px;opacity:0.5\"                                                           class=\"fa fa-th-large\"><\/i> 175.00 KB            <\/div>        <\/div>    <\/div><\/div><\/div><script>jQuery(function(){jQuery('.link-btn a.wpdm-download-link img').after('');jQuery('.link-btn a.wpdm-download-link img').remove();});<\/script><br \/>\nEsta instituci\u00f3n no tiene personal contratado durante los per\u00edodo de <strong>diciembre.<\/strong><span id=\"transmark\" style=\"display: none; width: 0px; height: 0px;\"><\/span><\/p>\r\n        <\/div> <!-- \/ tabs_item -->\r\n        \r\n    <\/div> <!-- \/ tab_content -->\r\n<\/div> <!-- \/ tab -->\r\n\r\n<\/div><\/div><div id=\"panel-312-0-0-2\" class=\"so-panel widget widget_black-studio-tinymce widget_black_studio_tinymce panel-last-child\" data-index=\"2\" ><div class=\"panel-widget-style panel-widget-style-for-312-0-0-2\" ><div class=\"textwidget\"><p><a href=\"https:\/\/get.adobe.com\/es\/reader\/\" target=\"_blank\" rel=\"noopener\"><img loading=\"lazy\" decoding=\"async\" class=\" wp-image-9276 aligncenter\" src=\"https:\/\/www.inespre.gov.do\/transparencia\/wp-content\/uploads\/2019\/03\/adobe-ready.png\" alt=\"\" width=\"1236\" height=\"95\" \/><\/a><\/p>\n<\/div><\/div><\/div><\/div><\/div><\/div>","protected":false},"excerpt":{"rendered":"<p>En esta secci\u00f3n encontrara la asignaci\u00f3n del presupuesto a la N\u00f3mina de empleados del INESPRE de los \u00faltimos 10 a\u00f1os.<\/p>\n","protected":false},"author":1,"featured_media":0,"parent":47,"menu_order":0,"comment_status":"closed","ping_status":"closed","template":"","meta":{"footnotes":""},"categories":[],"tags":[],"class_list":["post-312","page","type-page","status-publish","hentry"],"_links":{"self":[{"href":"https:\/\/www.inespre.gob.do\/transparencia\/wp-json\/wp\/v2\/pages\/312","targetHints":{"allow":["GET"]}}],"collection":[{"href":"https:\/\/www.inespre.gob.do\/transparencia\/wp-json\/wp\/v2\/pages"}],"about":[{"href":"https:\/\/www.inespre.gob.do\/transparencia\/wp-json\/wp\/v2\/types\/page"}],"author":[{"embeddable":true,"href":"https:\/\/www.inespre.gob.do\/transparencia\/wp-json\/wp\/v2\/users\/1"}],"replies":[{"embeddable":true,"href":"https:\/\/www.inespre.gob.do\/transparencia\/wp-json\/wp\/v2\/comments?post=312"}],"version-history":[{"count":262,"href":"https:\/\/www.inespre.gob.do\/transparencia\/wp-json\/wp\/v2\/pages\/312\/revisions"}],"predecessor-version":[{"id":29145,"href":"https:\/\/www.inespre.gob.do\/transparencia\/wp-json\/wp\/v2\/pages\/312\/revisions\/29145"}],"up":[{"embeddable":true,"href":"https:\/\/www.inespre.gob.do\/transparencia\/wp-json\/wp\/v2\/pages\/47"}],"wp:attachment":[{"href":"https:\/\/www.inespre.gob.do\/transparencia\/wp-json\/wp\/v2\/media?parent=312"}],"wp:term":[{"taxonomy":"category","embeddable":true,"href":"https:\/\/www.inespre.gob.do\/transparencia\/wp-json\/wp\/v2\/categories?post=312"},{"taxonomy":"post_tag","embeddable":true,"href":"https:\/\/www.inespre.gob.do\/transparencia\/wp-json\/wp\/v2\/tags?post=312"}],"curies":[{"name":"wp","href":"https:\/\/api.w.org\/{rel}","templated":true}]}}