{"id":43,"date":"2015-08-05T22:34:04","date_gmt":"2015-08-06T02:34:04","guid":{"rendered":"http:\/\/transparencia.inespre.gov.do\/?page_id=43"},"modified":"2025-11-05T12:44:19","modified_gmt":"2025-11-05T16:44:19","slug":"declaraciones-juradas","status":"publish","type":"page","link":"https:\/\/www.inespre.gob.do\/transparencia\/declaraciones-juradas\/","title":{"rendered":"Declaraciones Juradas de Patrimonio"},"content":{"rendered":"<div id=\"pl-43\"  class=\"panel-layout\" ><div id=\"pg-43-0\"  class=\"panel-grid panel-no-style\" ><div id=\"pgc-43-0-0\"  class=\"panel-grid-cell\" ><div id=\"panel-43-0-0-0\" class=\"so-panel widget widget_black-studio-tinymce widget_black_studio_tinymce panel-first-child\" data-index=\"0\" ><h3 class=\"widget-title\">Declaraciones Juradas de Patrimonio<\/h3><div class=\"textwidget\"><p><strong>Los datos personales han sido protegidos de conformidad con el articulo 18 de la ley 200-04 de libre acceso informaci\u00f3n p\u00fablica, d\/f 28 de julio de 2004 y el art. 28 de su reglamento de aplicaci\u00f3n, aprobado mediante decreto 130-05, d\/f 25 de febrero de 2005<\/strong><\/p>\n<div class=\"inespre-fancy-table-wrap\">\n<table class=\"inespre-fancy-table mtr-table mtr-tr-td\" width=\"100%\" cellspacing=\"0\" cellpadding=\"0\">\n<tbody>\n<tr>\n<td data-mtr-content=\"Nombre de funcionario\" class=\"mtr-td-tag\"><div class=\"mtr-cell-content\"><strong>Nombre de funcionario<\/strong><\/div><\/td>\n<td data-mtr-content=\"Decreto o designaci\u00f3n\" class=\"mtr-td-tag\"><div class=\"mtr-cell-content\"><strong>Decreto o designaci\u00f3n<\/strong><\/div><\/td>\n<td style=\"text-align: center;\" data-mtr-content=\"Declaraci\u00f3n Jurada de Patrimonio\" class=\"mtr-td-tag\"><div class=\"mtr-cell-content\"><strong>Declaraci\u00f3n Jurada de Patrimonio<\/strong><\/div><\/td>\n<\/tr>\n<tr>\n<td data-mtr-content=\"Nombre de funcionario\" class=\"mtr-td-tag\"><div class=\"mtr-cell-content\"><\/div><\/td>\n<td data-mtr-content=\"Decreto o designaci\u00f3n\" class=\"mtr-td-tag\"><div class=\"mtr-cell-content\"><\/div><\/td>\n<td style=\"text-align: center;\" data-mtr-content=\"Declaraci\u00f3n Jurada de Patrimonio\" class=\"mtr-td-tag\"><div class=\"mtr-cell-content\"><\/div><\/td>\n<\/tr>\n<tr>\n<td data-mtr-content=\"Nombre de funcionario\" class=\"mtr-td-tag\"><div class=\"mtr-cell-content\">Ing. Agr\u00f3n. David Herrera D\u00edaz, Director Ejecutivo del INESPRE<\/div><\/td>\n<td data-mtr-content=\"Decreto o designaci\u00f3n\" class=\"mtr-td-tag\"><div class=\"mtr-cell-content\"><a href=\"https:\/\/www.inespre.gob.do\/transparencia\/download\/decreto-no-48-25-designacion-del-senor-david-herrera-diaz-director-ejecutivo-del-inespre-de-fecha-31-de-enero-de-2025\/?wpdmdl=27428&amp;masterkey=67b75a8b17a85\">Decreto No. 48-25<\/a><\/div><\/td>\n<td data-mtr-content=\"Declaraci\u00f3n Jurada de Patrimonio\" class=\"mtr-td-tag\"><div class=\"mtr-cell-content\"><a href=\"https:\/\/www.inespre.gob.do\/transparencia\/download\/declaracion-jurada-agron-david-herrera-diaz-director-ejecutivo-del-inespre\/?wpdmdl=27540&amp;masterkey=67e6b3dd32866\"><img loading=\"lazy\" decoding=\"async\" class=\"wp-image-1343 aligncenter\" src=\"https:\/\/www.inespre.gob.do\/transparencia\/wp-content\/uploads\/2015\/10\/pdf_icon1.png\" alt=\"\" width=\"45\" height=\"45\"><\/a>\n<p style=\"text-align: center;\"><a href=\"https:\/\/www.inespre.gob.do\/transparencia\/download\/declaracion-jurada-agron-david-herrera-diaz-director-ejecutivo-del-inespre\/?wpdmdl=27540&amp;masterkey=67e6b3dd32866\">Descargar<\/a><\/p>\n<\/div><\/td>\n<\/tr>\n<tr>\n<td data-mtr-content=\"Nombre de funcionario\" class=\"mtr-td-tag\"><div class=\"mtr-cell-content\">Eudy Jos\u00e9 Collado Abreu, Sub-Director Administrativo Financiero<\/div><\/td>\n<td data-mtr-content=\"Decreto o designaci\u00f3n\" class=\"mtr-td-tag\"><div class=\"mtr-cell-content\"><a href=\"https:\/\/www.inespre.gob.do\/transparencia\/wp-content\/uploads\/2021\/08\/DECRETO-374-20-Eudy-Jose-Collado-Abreu-Director-Administrativo-Financiero.pdf\">Decreto No. 374-20<\/a><\/div><\/td>\n<td data-mtr-content=\"Declaraci\u00f3n Jurada de Patrimonio\" class=\"mtr-td-tag\"><div class=\"mtr-cell-content\"><a href=\"https:\/\/www.inespre.gob.do\/transparencia\/download\/declaracion-jurada-eudy-jose-collado-abreu-sub-director-ejecutivo\/?wpdmdl=12451&amp;refresh=60f78bf80ea001626835960\"><img loading=\"lazy\" decoding=\"async\" class=\"wp-image-1343 aligncenter\" src=\"https:\/\/www.inespre.gob.do\/transparencia\/wp-content\/uploads\/2015\/10\/pdf_icon1.png\" alt=\"\" width=\"45\" height=\"45\"><\/a>\n<p style=\"text-align: center;\"><a href=\"https:\/\/www.inespre.gob.do\/transparencia\/download\/declaracion-jurada-eudy-jose-collado-abreu-sub-director-ejecutivo\/?wpdmdl=12451&amp;refresh=60f78bf80ea001626835960\">Descargar<\/a><\/p>\n<\/div><\/td>\n<\/tr>\n<tr>\n<td data-mtr-content=\"Nombre de funcionario\" class=\"mtr-td-tag\"><div class=\"mtr-cell-content\">Lino Andr\u00e9s Fulgencio, Sub-Director del INESPRE<\/div><\/td>\n<td data-mtr-content=\"Decreto o designaci\u00f3n\" class=\"mtr-td-tag\"><div class=\"mtr-cell-content\"><a href=\"https:\/\/www.inespre.gob.do\/transparencia\/wp-content\/uploads\/2021\/10\/Decreto-No.-388-20-reu.pdf\">Decreto No. 388-20<\/a><\/div><\/td>\n<td data-mtr-content=\"Declaraci\u00f3n Jurada de Patrimonio\" class=\"mtr-td-tag\"><div class=\"mtr-cell-content\"><a href=\"https:\/\/www.inespre.gob.do\/transparencia\/download\/declaracion-jurada-lino-andres-fulgencio-sub-director\/?wpdmdl=12453&amp;refresh=60f78bf81abb81626835960\" target=\"_blank\" rel=\"noopener noreferrer\"><img loading=\"lazy\" decoding=\"async\" class=\"wp-image-1343 aligncenter\" src=\"https:\/\/www.inespre.gob.do\/transparencia\/wp-content\/uploads\/2015\/10\/pdf_icon1.png\" alt=\"\" width=\"45\" height=\"45\"><\/a>\n<p style=\"text-align: center;\"><a href=\"https:\/\/www.inespre.gob.do\/transparencia\/download\/declaracion-jurada-lino-andres-fulgencio-sub-director\/?wpdmdl=12453&amp;refresh=60f78bf81abb81626835960\">Descargar<\/a><\/p>\n<\/div><\/td>\n<\/tr>\n<tr>\n<td data-mtr-content=\"Nombre de funcionario\" class=\"mtr-td-tag\"><div class=\"mtr-cell-content\">Ram\u00f3n Francisco Toribio, Sub-Director del INESPRE<\/div><\/td>\n<td data-mtr-content=\"Decreto o designaci\u00f3n\" class=\"mtr-td-tag\"><div class=\"mtr-cell-content\">N\/A<\/div><\/td>\n<td data-mtr-content=\"Declaraci\u00f3n Jurada de Patrimonio\" class=\"mtr-td-tag\"><div class=\"mtr-cell-content\"><a href=\"https:\/\/www.inespre.gob.do\/transparencia\/download\/declaracion-jurada-ramon-francisco-toribio-sub-director\/?wpdmdl=28466\"><img loading=\"lazy\" decoding=\"async\" class=\"wp-image-1343 aligncenter\" src=\"https:\/\/www.inespre.gob.do\/transparencia\/wp-content\/uploads\/2015\/10\/pdf_icon1.png\" alt=\"\" width=\"45\" height=\"45\"><\/a>\n<p style=\"text-align: center;\"><a href=\"https:\/\/www.inespre.gob.do\/transparencia\/download\/declaracion-jurada-ramon-francisco-toribio-sub-director\/?wpdmdl=28466\">Descargar<\/a><\/p>\n<\/div><\/td>\n<\/tr>\n<tr>\n<td data-mtr-content=\"Nombre de funcionario\" class=\"mtr-td-tag\"><div class=\"mtr-cell-content\">Obispo de los Santos de los Santos, Sub-Director del INESPRE<\/div><\/td>\n<td data-mtr-content=\"Decreto o designaci\u00f3n\" class=\"mtr-td-tag\"><div class=\"mtr-cell-content\"><a href=\"https:\/\/www.inespre.gob.do\/transparencia\/wp-content\/uploads\/2021\/10\/Decreto-No.-392-20-reu.pdf\">Decreto No. 392-20<\/a><\/div><\/td>\n<td data-mtr-content=\"Declaraci\u00f3n Jurada de Patrimonio\" class=\"mtr-td-tag\"><div class=\"mtr-cell-content\"><a href=\"https:\/\/www.inespre.gob.do\/transparencia\/download\/declaracion-jurada-obispo-de-los-santos-de-los-santos-sub-director\/?wpdmdl=12457&amp;refresh=60f78bf826c861626835960\"><img loading=\"lazy\" decoding=\"async\" class=\"wp-image-1343 aligncenter\" src=\"https:\/\/www.inespre.gob.do\/transparencia\/wp-content\/uploads\/2015\/10\/pdf_icon1.png\" alt=\"\" width=\"45\" height=\"45\"><\/a>\n<p style=\"text-align: center;\"><a href=\"https:\/\/www.inespre.gob.do\/transparencia\/download\/declaracion-jurada-obispo-de-los-santos-de-los-santos-sub-director\/?wpdmdl=12457&amp;refresh=60f78bf826c861626835960\">Descargar<\/a><\/p>\n<\/div><\/td>\n<\/tr>\n<tr>\n<td data-mtr-content=\"Nombre de funcionario\" class=\"mtr-td-tag\"><div class=\"mtr-cell-content\">V\u00edctor Jos\u00e9 Peralta Caba, Administrativo y Financiero del INESPRE<\/div><\/td>\n<td data-mtr-content=\"Decreto o designaci\u00f3n\" class=\"mtr-td-tag\"><div class=\"mtr-cell-content\">N\/A<\/div><\/td>\n<td data-mtr-content=\"Declaraci\u00f3n Jurada de Patrimonio\" class=\"mtr-td-tag\"><div class=\"mtr-cell-content\"><a href=\"https:\/\/www.inespre.gob.do\/transparencia\/download\/declaracion-jurada-victor-jose-peralta-caba-administrativo-y-financiero\/?wpdmdl=12461&amp;refresh=60f78bf831fba1626835960\"><img loading=\"lazy\" decoding=\"async\" class=\"wp-image-1343 aligncenter\" src=\"https:\/\/www.inespre.gob.do\/transparencia\/wp-content\/uploads\/2015\/10\/pdf_icon1.png\" alt=\"\" width=\"45\" height=\"45\"><\/a>\n<p style=\"text-align: center;\"><a href=\"https:\/\/www.inespre.gob.do\/transparencia\/download\/declaracion-jurada-victor-jose-peralta-caba-administrativo-y-financiero\/?wpdmdl=12461&amp;refresh=60f78bf831fba1626835960\">Descargar<\/a><\/p>\n<\/div><\/td>\n<\/tr>\n<tr>\n<td data-mtr-content=\"Nombre de funcionario\" class=\"mtr-td-tag\"><div class=\"mtr-cell-content\">Abraham Genao Fajardo, Encargado del Depto. Financiero del INESPRE<\/div><\/td>\n<td data-mtr-content=\"Decreto o designaci\u00f3n\" class=\"mtr-td-tag\"><div class=\"mtr-cell-content\">N\/A<\/div><\/td>\n<td data-mtr-content=\"Declaraci\u00f3n Jurada de Patrimonio\" class=\"mtr-td-tag\"><div class=\"mtr-cell-content\"><a href=\"https:\/\/www.inespre.gob.do\/transparencia\/download\/declaracion-jurada-abraham-genao-fajardo-encargado-del-depto-financiero\/?wpdmdl=12464&amp;refresh=60f78bf83e27b1626835960\"><img loading=\"lazy\" decoding=\"async\" class=\"wp-image-1343 aligncenter\" src=\"https:\/\/www.inespre.gob.do\/transparencia\/wp-content\/uploads\/2015\/10\/pdf_icon1.png\" alt=\"\" width=\"45\" height=\"45\"><\/a>\n<p style=\"text-align: center;\"><a href=\"https:\/\/www.inespre.gob.do\/transparencia\/download\/declaracion-jurada-abraham-genao-fajardo-encargado-del-depto-financiero\/?wpdmdl=12464&amp;refresh=60f78bf83e27b1626835960\">Descargar<\/a><\/p>\n<\/div><\/td>\n<\/tr>\n<tr>\n<td data-mtr-content=\"Nombre de funcionario\" class=\"mtr-td-tag\"><div class=\"mtr-cell-content\">Edgar Mayobanex Garcia, Director Regional del Este del INESPRE<\/div><\/td>\n<td data-mtr-content=\"Decreto o designaci\u00f3n\" class=\"mtr-td-tag\"><div class=\"mtr-cell-content\"><a href=\"https:\/\/www.inespre.gob.do\/transparencia\/wp-content\/uploads\/2021\/08\/DECRETO-374-20-EDGARD-MAYOBANEX-GARCIA-Y-EUDY-JOSE-COLLADO-ABREU.pdf\">Decreto No. 374-20<\/a><\/div><\/td>\n<td data-mtr-content=\"Declaraci\u00f3n Jurada de Patrimonio\" class=\"mtr-td-tag\"><div class=\"mtr-cell-content\"><a href=\"https:\/\/www.inespre.gob.do\/transparencia\/download\/declaracion-jurada-edgar-mayobanex-garcia-director-provincial\/?wpdmdl=12578&amp;refresh=60f78bf84a06d1626835960\"><img loading=\"lazy\" decoding=\"async\" class=\"wp-image-1343 aligncenter\" src=\"https:\/\/www.inespre.gob.do\/transparencia\/wp-content\/uploads\/2015\/10\/pdf_icon1.png\" alt=\"\" width=\"45\" height=\"45\"><\/a>\n<p style=\"text-align: center;\"><a href=\"https:\/\/www.inespre.gob.do\/transparencia\/download\/declaracion-jurada-edgar-mayobanex-garcia-director-provincial\/?wpdmdl=12578&amp;refresh=60f78bf84a06d1626835960\">Descargar<\/a><\/p>\n<\/div><\/td>\n<\/tr>\n<tr>\n<td data-mtr-content=\"Nombre de funcionario\" class=\"mtr-td-tag\"><div class=\"mtr-cell-content\">Ferdy Michael Mendieta Pe\u0301rez, Encargado Dpto. Administrativo del INESPRE<\/div><\/td>\n<td data-mtr-content=\"Decreto o designaci\u00f3n\" class=\"mtr-td-tag\"><div class=\"mtr-cell-content\">N\/A<\/div><\/td>\n<td data-mtr-content=\"Declaraci\u00f3n Jurada de Patrimonio\" class=\"mtr-td-tag\"><div class=\"mtr-cell-content\"><a href=\"https:\/\/www.inespre.gob.do\/transparencia\/wp-content\/uploads\/2024\/11\/Ferdy-Michael-Mendieta-Perez-Encargado-Departamento-Administrativo.pdf\"><img loading=\"lazy\" decoding=\"async\" class=\"wp-image-1343 aligncenter\" src=\"https:\/\/www.inespre.gob.do\/transparencia\/wp-content\/uploads\/2015\/10\/pdf_icon1.png\" alt=\"\" width=\"45\" height=\"45\"><\/a>\n<p style=\"text-align: center;\"><a href=\"https:\/\/www.inespre.gob.do\/transparencia\/wp-content\/uploads\/2024\/11\/Ferdy-Michael-Mendieta-Perez-Encargado-Departamento-Administrativo.pdf\">Descargar<\/a><\/p>\n<\/div><\/td>\n<\/tr>\n<tr>\n<td data-mtr-content=\"Nombre de funcionario\" class=\"mtr-td-tag\"><div class=\"mtr-cell-content\">Benigno Encarnaci\u00f3n Mesa, Sub-director Ejecutivo del INESPRE<\/div><\/td>\n<td data-mtr-content=\"Decreto o designaci\u00f3n\" class=\"mtr-td-tag\"><div class=\"mtr-cell-content\"><a href=\"https:\/\/www.inespre.gob.do\/transparencia\/wp-content\/uploads\/2021\/08\/DECRETO-540-20-BENIGNO-ENCARNACION-MESA-SUBDIRECTOR.pdf\">Decreto No. 540-20<\/a><\/div><\/td>\n<td data-mtr-content=\"Declaraci\u00f3n Jurada de Patrimonio\" class=\"mtr-td-tag\"><div class=\"mtr-cell-content\"><a href=\"https:\/\/www.inespre.gob.do\/transparencia\/download\/declaracion-jurada-benigno-encarnacion-mesa-sub-director-ejecutivo\/?wpdmdl=12859&amp;refresh=60f78bf861ff31626835960\"><img loading=\"lazy\" decoding=\"async\" class=\"wp-image-1343 aligncenter\" src=\"https:\/\/www.inespre.gob.do\/transparencia\/wp-content\/uploads\/2015\/10\/pdf_icon1.png\" alt=\"\" width=\"45\" height=\"45\"><\/a>\n<p style=\"text-align: center;\"><a href=\"https:\/\/www.inespre.gob.do\/transparencia\/download\/declaracion-jurada-benigno-encarnacion-mesa-sub-director-ejecutivo\/?wpdmdl=12859&amp;refresh=60f78bf861ff31626835960\">Descargar<\/a><\/p>\n<\/div><\/td>\n<\/tr>\n<tr>\n<td data-mtr-content=\"Nombre de funcionario\" class=\"mtr-td-tag\"><div class=\"mtr-cell-content\">Diomedes Salustiano, Subdirector del INESPRE<\/div><\/td>\n<td data-mtr-content=\"Decreto o designaci\u00f3n\" class=\"mtr-td-tag\"><div class=\"mtr-cell-content\"><a href=\"https:\/\/www.inespre.gob.do\/transparencia\/wp-content\/uploads\/2021\/08\/Decreto-555-20-DIOMEDES-SALUSTIANO-SANTOS.pdf\">Decreto No. 555-20<\/a><\/div><\/td>\n<td data-mtr-content=\"Declaraci\u00f3n Jurada de Patrimonio\" class=\"mtr-td-tag\"><div class=\"mtr-cell-content\"><a href=\"https:\/\/www.inespre.gob.do\/transparencia\/download\/declaracion-jurada-diomedes-salustiano-subdirector\/?wpdmdl=13107&amp;refresh=60f78bf86dedb1626835960\"><img loading=\"lazy\" decoding=\"async\" class=\"wp-image-1343 aligncenter\" src=\"https:\/\/www.inespre.gob.do\/transparencia\/wp-content\/uploads\/2015\/10\/pdf_icon1.png\" alt=\"\" width=\"45\" height=\"45\"><\/a>\n<p style=\"text-align: center;\"><a href=\"https:\/\/www.inespre.gob.do\/transparencia\/download\/declaracion-jurada-diomedes-salustiano-subdirector\/?wpdmdl=13107&amp;refresh=60f78bf86dedb1626835960\">Descargar<\/a><\/p>\n<\/div><\/td>\n<\/tr>\n<tr>\n<td data-mtr-content=\"Nombre de funcionario\" class=\"mtr-td-tag\"><div class=\"mtr-cell-content\">Karina Esther Mu\u00f1oz, Encargada Divisi\u00f3n de Compras y Contrataciones<\/div><\/td>\n<td data-mtr-content=\"Decreto o designaci\u00f3n\" class=\"mtr-td-tag\"><div class=\"mtr-cell-content\">N\/A<\/div><\/td>\n<td data-mtr-content=\"Declaraci\u00f3n Jurada de Patrimonio\" class=\"mtr-td-tag\"><div class=\"mtr-cell-content\"><a href=\"https:\/\/www.inespre.gob.do\/transparencia\/download\/declaracion-jurada-de-karina-munoz-encargada-division-de-compras-y-contrataciones\/?wpdmdl=23492\"><img loading=\"lazy\" decoding=\"async\" class=\"aligncenter wp-image-1343\" src=\"https:\/\/www.inespre.gob.do\/transparencia\/wp-content\/uploads\/2015\/10\/pdf_icon1.png\" alt=\"\" width=\"45\" height=\"45\"><\/a>\n<p style=\"text-align: center;\"><a href=\"https:\/\/www.inespre.gob.do\/transparencia\/download\/declaracion-jurada-de-karina-munoz-encargada-division-de-compras-y-contrataciones\/?wpdmdl=23492\">Descargar<\/a><\/p>\n<\/div><\/td>\n<\/tr>\n<\/tbody>\n<\/table>\n<p>&nbsp;<\/p><\/div>\n<\/div><\/div><div id=\"panel-43-0-0-1\" class=\"so-panel widget widget_black-studio-tinymce widget_black_studio_tinymce\" data-index=\"1\" ><div class=\"textwidget\"><p><!-- \n\n<h5>Declaraciones Juradas:<\/h5>\n\n\nLa Ley 82-79 establece en su art\u00edculo primero que los funcionarios p\u00fablicos est\u00e1n obligados a prestar su declaraci\u00f3n jurada durante el mes en el que fueron nombrados.\n\nArt. 1.- Los funcionarios indicados en el Art\u00edculo 2 de esta Ley estar\u00e1n obligados, dentro del mes de su toma de posesi\u00f3n, a levantar un inventario detallado, jurado y legalizado ante Notario P\u00fablico, de los bienes que constituyen en ese momento su patrimonio. Igual requisito deber\u00e1n cumplir dentro del mes de haber cesado en sus funciones.\n\nArt. 2.- Quedan obligados al requisito de la presente Ley:\n\na) El Presidente y el Vicepresidente de la Rep\u00fablica;\nb) Los Senadores y Diputados;\nc) Los Secretarios y Subsecretarios de Estado;\nd) El Gobernador y Vicegobernador del Banco Central;\ne) Los Administradores y Gerentes de Bancos Estatales;\nf) Los S\u00edndicos y Regidores y Tesoreros Municipales;\ng) Todos los Jueces, los miembros del Ministerio P\u00fablico y los miembros de la C\u00e1mara de Cuentas;\nh) Los Administradores y Sub-Administradores Generales, los Directores y Sub-Directores Generales;\ni) Los Directores Generales y Sub-Directores; Presidentes y Vice- Presidentes y los Administradores de los Organismos Estatales;\nj) Los Gobernadores Provinciales;\nk) Los Presidentes y Vicepresidentes, Administradores y Sub- Administradores Generales de las empresas controladas por la Corporaci\u00f3n de Empresas Estatales;\nl) El Contralor y Auditor General de la Naci\u00f3n;\nm) El Tesorero Nacional, los Colectores de Rentas Internas y los Colectores de Aduanas.\n\n\n\n<hr \/>\n\n\n\n<strong>Los datos personales han sido protegidos de conformidad con el articulo 18 de la ley 200-04 de libre acceso informaci\u00f3n p\u00fablica, d\/f 28 de julio de 2004 y el art. 28 de su reglamento de aplicaci\u00f3n, aprobado mediante decreto 130-05, d\/f 25 de febrero de 2005<\/strong>\n\n\n\n<hr \/>\n\n\n\n\n\n<h5>Declaraciones Juradas:<\/h5>\n\n\n[wpdm_button_template id=12437 style=\"light\" align=\"left\"]\n[wpdm_button_template id=12449 style=\"light\" align=\"left\"]\n[wpdm_button_template id=12451 style=\"light\" align=\"left\"]\n[wpdm_button_template id=12453 style=\"light\" align=\"left\"]\n[wpdm_button_template id=12457 style=\"light\" align=\"left\"]\n[wpdm_button_template id=12461 style=\"light\" align=\"left\"]\n[wpdm_button_template id=12464 style=\"light\" align=\"left\"]\n[wpdm_button_template id=12578 style=\"light\" align=\"left\"]\n[wpdm_button_template id=12580 style=\"light\" align=\"left\"]\n[wpdm_button_template id=12859 style=\"light\" align=\"left\"]\n[wpdm_button_template id=13107 style=\"light\" align=\"left\"]\n\n\n<hr \/>\n\n\n\n\n<h4>HIST\u00d3RICO DE DECLARACIONES JURADAS DE PATRIMONIO PERIODO<\/h4>\n\n\n\n\n<hr \/>\n\n\n\n\n[wpdm_button_template id=4213 style=\"light\" align=\"left\"]\n[wpdm_button_template id=3424 style=\"light\" align=\"left\"]\n[wpdm_button_template id=4217 style=\"light\" align=\"left\"]\n[wpdm_button_template id=4219 style=\"light\" align=\"left\"]\n[wpdm_button_template id=4221 style=\"light\" align=\"left\"]\n[wpdm_button_template id=4223 style=\"light\" align=\"left\"]\n[wpdm_button_template id=4225 style=\"light\" align=\"left\"]\n[wpdm_button_template id=4227 style=\"light\" align=\"left\"]\n--><\/p>\n<hr \/>\n<h4>HIST\u00d3RICO DE DECLARACIONES JURADAS DE PATRIMONIO PERIODO<\/h4>\n<hr \/>\n<p>    <script language=\"JavaScript\" src=\"https:\/\/www.inespre.gob.do\/transparencia\/wp-content\/plugins\/wpdm-extended-shortcodes\/js\/jqueryFileTree.js\"><\/script>         <link rel=\"stylesheet\" href=\"https:\/\/www.inespre.gob.do\/transparencia\/wp-content\/plugins\/wpdm-extended-shortcodes\/css\/jqueryFileTree.css\" \/>              <div id=\"tree69f73f79c1648\"><\/div>    <script language=\"JavaScript\">        jQuery(document).ready( function() {            jQuery('#tree69f73f79c1648').fileTree({                script: 'https:\/\/www.inespre.gob.do\/transparencia\/?task=wpdm_tree&ddl=1&orderby=modified&order=desc',                expandSpeed: 1000,                collapseSpeed: 1000,                root: '666',                multiFolder: false            }, function(file) {               location.href = file;            });        });    <\/script>    <\/p>\n<\/div><\/div><div id=\"panel-43-0-0-2\" class=\"so-panel widget widget_black-studio-tinymce widget_black_studio_tinymce panel-last-child\" data-index=\"2\" ><div class=\"textwidget\"><p><a href=\"https:\/\/consultadjp.camaradecuentas.gob.do\/\" target=\"_blank\" rel=\"noopener noreferrer\"><img decoding=\"async\" class=\"aligncenter\" src=\"https:\/\/www.inespre.gov.do\/transparencia\/wp-content\/uploads\/2021\/07\/Banner_Consulta_en_Linea_djp_2.png\" alt=\"\" \/><\/a><\/p>\n<\/div><\/div><\/div><\/div><\/div>","protected":false},"excerpt":{"rendered":"<p>Los datos personales han sido protegidos de conformidad con el articulo 18 de la ley 200-04 de libre acceso informaci\u00f3n p\u00fablica, d\/f 28 de julio de 2004 y el art. 28 de su reglamento de aplicaci\u00f3n, aprobado mediante decreto 130-05, d\/f 25 de febrero de 2005 Nombre de funcionario Decreto o designaci\u00f3n Declaraci\u00f3n Jurada de [&hellip;]<\/p>\n","protected":false},"author":1,"featured_media":0,"parent":0,"menu_order":0,"comment_status":"open","ping_status":"open","template":"","meta":{"footnotes":""},"categories":[],"tags":[],"class_list":["post-43","page","type-page","status-publish","hentry"],"_links":{"self":[{"href":"https:\/\/www.inespre.gob.do\/transparencia\/wp-json\/wp\/v2\/pages\/43","targetHints":{"allow":["GET"]}}],"collection":[{"href":"https:\/\/www.inespre.gob.do\/transparencia\/wp-json\/wp\/v2\/pages"}],"about":[{"href":"https:\/\/www.inespre.gob.do\/transparencia\/wp-json\/wp\/v2\/types\/page"}],"author":[{"embeddable":true,"href":"https:\/\/www.inespre.gob.do\/transparencia\/wp-json\/wp\/v2\/users\/1"}],"replies":[{"embeddable":true,"href":"https:\/\/www.inespre.gob.do\/transparencia\/wp-json\/wp\/v2\/comments?post=43"}],"version-history":[{"count":108,"href":"https:\/\/www.inespre.gob.do\/transparencia\/wp-json\/wp\/v2\/pages\/43\/revisions"}],"predecessor-version":[{"id":28672,"href":"https:\/\/www.inespre.gob.do\/transparencia\/wp-json\/wp\/v2\/pages\/43\/revisions\/28672"}],"wp:attachment":[{"href":"https:\/\/www.inespre.gob.do\/transparencia\/wp-json\/wp\/v2\/media?parent=43"}],"wp:term":[{"taxonomy":"category","embeddable":true,"href":"https:\/\/www.inespre.gob.do\/transparencia\/wp-json\/wp\/v2\/categories?post=43"},{"taxonomy":"post_tag","embeddable":true,"href":"https:\/\/www.inespre.gob.do\/transparencia\/wp-json\/wp\/v2\/tags?post=43"}],"curies":[{"name":"wp","href":"https:\/\/api.w.org\/{rel}","templated":true}]}}