{"id":51,"date":"2015-08-05T22:35:00","date_gmt":"2015-08-06T02:35:00","guid":{"rendered":"http:\/\/transparencia.inespre.gov.do\/?page_id=51"},"modified":"2026-03-09T08:24:10","modified_gmt":"2026-03-09T12:24:10","slug":"compras-y-contrataciones","status":"publish","type":"page","link":"https:\/\/www.inespre.gob.do\/transparencia\/compras-y-contrataciones\/","title":{"rendered":"Compras y Contrataciones"},"content":{"rendered":"<div id=\"pl-51\"  class=\"panel-layout\" ><div id=\"pg-51-0\"  class=\"panel-grid panel-no-style\" ><div id=\"pgc-51-0-0\"  class=\"panel-grid-cell\" ><div id=\"panel-51-0-0-0\" class=\"widget_text so-panel widget widget_custom_html panel-first-child\" data-index=\"0\" ><h3 class=\"widget-title\">Compras y Contrataciones<\/h3><div class=\"textwidget custom-html-widget\"><p style=\"text-align: justify;\">\"Este apartado se actualiza en tiempo real desde el Sistema Electr\u00f3nico de Contrataci\u00f3n P\u00fablica (SECP), por lo que, en los meses que no se visualicen informaci\u00f3n, significa que no se realizaron procesos bajo esa modalidad.\"<\/p>\n<p style=\"text-align: center;\"><a href=\"https:\/\/www.dgcp.gob.do\/servicios\/registro-de-proveedores\/\" target=\"_blank\" rel=\"noopener noreferrer\"><strong>Como ser Proveedor del Estado<\/strong><\/a><\/p>\n<p style=\"text-align: center;\"><a href=\"https:\/\/comunidad.comprasdominicana.gob.do\/Public\/App\/AnnualPurchasingPlanManagementPublic\/Index\" target=\"_blank\" rel=\"noopener noreferrer\">Link PACC Sistema Electr\u00f3nico\u00a0<\/a><\/p>\n<p style=\"text-align: center;\"><a href=\"https:\/\/transparencia.gob.do\" target=\"_blank\" rel=\"noopener noreferrer\">Enlace Portal \u00danico de Transparencia<\/a><\/p>\n<p style=\"text-align: center;\"><a class=\"btn btn-lg btn-warning py-3\" href=\"https:\/\/comunidad.comprasdominicana.gob.do\/Public\/Tendering\/ContractNoticeManagement\/Index?currentLanguage=es&amp;Country=DO&amp;Theme=DGCP&amp;Page=Login\" target=\"_blank\" rel=\"noopener noreferrer\">ACCEDE AL SISTEMA ELECTR\u00d3NICO <\/a><\/p>\n\n\n<hr \/>\n\n<style>\n                    #acc_69f73f7454400{\n                        font-size: 14px;\n                    }\n\n                    #acc_69f73f7454400 a.hover {\n                        cursor: pointer;\n                    }\n\n                    #acc_69f73f7454400 a.hover:hover {\n                        text-decoration: none;\n                    }\n\n                    #acc_69f73f7454400 .card {\n                        border: 0;\n                        border: 1px solid #e1f1ff;\n                        border-radius: 0\n                    }\n\n                    #acc_69f73f7454400 .card-header {\n                        border: 0;\n                        border-radius: 0;\n                        background: #e1f1ff;\n                        padding: 0 .5rem\n                    }\n\n                    #acc_69f73f7454400 .card-title {\n                        text-align: center;\n                        color: #1662c2\n                    }\n\n                    #acc_69f73f7454400 .card-header .text-blue a {\n                        display: block;\n                        width: 95%;\n                        padding: .75rem .75rem;\n                        position: relative;\n                        font-weight: bold;\n                        color: #1761c3;\n                    }\n\n                    #acc_69f73f7454400 .card-header .text-blue a.collapsed:after {\n                        position: absolute;\n                        color: #1761c3;\n                        font-family: \"Font Awesome 5 Free\";\n                        font-style: normal;\n                        font-weight: 900;\n                        font-size: 14px;\n                        content: \"\\f067\";\n                        right: calc(-5%);\n                        top: 50%;\n                        transform: translate(0, -50%);\n                        background-color: transparent !important;\n                    }\n\n                    #acc_69f73f7454400 .card-header .text-blue a:after {\n                        position: absolute;\n                        color: #1761c3;\n                        font-family: \"Font Awesome 5 Free\";\n                        font-style: normal;\n                        font-weight: 900;\n                        font-size: 14px;\n                        content: \"\\f068\";\n                        right: calc(-5%);\n                        top: 50%;\n                        transform: translate(0, -50%);\n                        background-color: transparent;\n                    }\n\n                    #acc_69f73f7454400 .card:nth-child(even)>.card-header {\n                        background-color: #fff;\n                    }\n                    #acc_69f73f7454400 .card:nth-child(even)>.card-header a,\n                    #acc_69f73f7454400 .card:nth-child(even)>.card-header .text-blue a:after {\n                        color: #1761c3;\n                    }\n\n                    #acc_69f73f7454400 .card-body {\n                        padding: .5rem;\n                        font-weight: 300;\n                        line-height: 1.7\n                    }\n\n                    #acc_69f73f7454400 .jumbotron {\n                        background: #f6f7f7;\n                        padding: 1rem;\n                        margin-top: .5rem;\n                        margin-bottom: 0;\n                        border-radius: 0\n                    }\n                    #acc_69f73f7454400 .archivos .right {\n                        border-right: 2px solid #d0d1d3;\n                        padding-right: 10px;\n                        text-align: right\n                    }\n\n                    #acc_69f73f7454400 .archivos .left {\n                        padding-left: 10px\n                    }\n\n                    #acc_69f73f7454400 .archivos b {\n                        color: #666\n                    }\n                    #acc_69f73f7454400 .btn-primary{\n                        font-size: 1rem;\n                        font-weight: bold;\n                        width: 100%;\n                        padding: 0.5rem;\n                        background-color: #1761c4;\n                        border:  #1761c4;\n                        -webkit-transition: all .25s ease;\n                        -moz-transition: all .25s ease;\n                        -ms-transition: all .25s ease;\n                        -o-transition: all .25s ease;\n                        transition: all .25s ease;\n                    }\n                    #acc_69f73f7454400 .btn-primary:hover{\n                        transform: scale(1.05);\n                    }\n\n                <\/style><div class=\"accordion acc-proccess processes\" id=\"acc_69f73f7454400\">\n        <div class=\"card\">\n            <div class=\"card-header parents\" id=\"heading_casos-de-excepcio-n-69f73f7454400\">\n                <p class=\"title text-blue mb-0\">\n                    <a class=\"btn-block hover text-left collapsed\" data-toggle=\"collapse\" data-target=\"#collap_casos-de-excepcio-n-69f73f7454400\" aria-expanded=\"false\" aria-controls=\"collap_casos-de-excepcio-n-69f73f7454400\">Casos de Excepcio\u0301n<\/a>\n                <\/p>\n            <\/div>\n            <div id=\"collap_casos-de-excepcio-n-69f73f7454400\" class=\"collapse\" aria-labelledby=\"heading_casos-de-excepcio-n-69f73f7454400\" data-parent=\"#acc_69f73f7454400\">\n                <div class=\"card-body\">\n        <div class=\"card\">\n            <div class=\"card-header parents\" id=\"heading_casos-de-excepcio-n-69f73f7454400-2026-69f73f7454400\">\n                <p class=\"title text-blue mb-0\">\n                    <a class=\"btn-block hover text-left collapsed\" data-toggle=\"collapse\" data-target=\"#collap_casos-de-excepcio-n-69f73f7454400-2026-69f73f7454400\" aria-expanded=\"false\" aria-controls=\"collap_casos-de-excepcio-n-69f73f7454400-2026-69f73f7454400\">2026<\/a>\n                <\/p>\n            <\/div>\n            <div id=\"collap_casos-de-excepcio-n-69f73f7454400-2026-69f73f7454400\" class=\"collapse\" aria-labelledby=\"heading_casos-de-excepcio-n-69f73f7454400-2026-69f73f7454400\" data-parent=\"#collap_casos-de-excepcio-n-69f73f7454400\">\n                <div class=\"card-body\">\n        <div class=\"card\">\n            <div class=\"card-header parents\" id=\"heading_casos-de-excepcio-n-69f73f7454400-2026-69f73f7454400-marzo-69f73f7454400\">\n                <p class=\"title text-blue mb-0\">\n                    <a class=\"btn-block hover text-left collapsed\" data-toggle=\"collapse\" data-target=\"#collap_casos-de-excepcio-n-69f73f7454400-2026-69f73f7454400-marzo-69f73f7454400\" aria-expanded=\"false\" aria-controls=\"collap_casos-de-excepcio-n-69f73f7454400-2026-69f73f7454400-marzo-69f73f7454400\">Marzo<\/a>\n                <\/p>\n            <\/div>\n            <div id=\"collap_casos-de-excepcio-n-69f73f7454400-2026-69f73f7454400-marzo-69f73f7454400\" class=\"collapse\" aria-labelledby=\"heading_casos-de-excepcio-n-69f73f7454400-2026-69f73f7454400-marzo-69f73f7454400\" data-parent=\"#collap_casos-de-excepcio-n-69f73f7454400-2026-69f73f7454400\">\n                <div class=\"card-body\">\n        <div class=\"card\">\n            <div class=\"card-header parents\" id=\"heading_casos-de-excepcio-n-69f73f7454400-2026-69f73f7454400-marzo-69f73f7454400-publicidad-69f73f7454400\">\n                <p class=\"title text-blue mb-0\">\n                    <a class=\"btn-block hover text-left collapsed\" data-toggle=\"collapse\" data-target=\"#collap_casos-de-excepcio-n-69f73f7454400-2026-69f73f7454400-marzo-69f73f7454400-publicidad-69f73f7454400\" aria-expanded=\"false\" aria-controls=\"collap_casos-de-excepcio-n-69f73f7454400-2026-69f73f7454400-marzo-69f73f7454400-publicidad-69f73f7454400\">Publicidad<\/a>\n                <\/p>\n            <\/div>\n            <div id=\"collap_casos-de-excepcio-n-69f73f7454400-2026-69f73f7454400-marzo-69f73f7454400-publicidad-69f73f7454400\" class=\"collapse\" aria-labelledby=\"heading_casos-de-excepcio-n-69f73f7454400-2026-69f73f7454400-marzo-69f73f7454400-publicidad-69f73f7454400\" data-parent=\"#collap_casos-de-excepcio-n-69f73f7454400-2026-69f73f7454400-marzo-69f73f7454400\">\n                <div class=\"card-body\"><div class=\"jumbotron archivos\"><div class=\"row align-items-center\"><div class=\"col\"><h6><a class=\"text-dark\" href=\"https:\/\/comunidad.comprasdominicana.gob.do\/\/Public\/Tendering\/OpportunityDetail\/Index?noticeUID=DO1.NTC.1683542\" title=\"Ver\" target=\"_blank\">INESPRE-CCC-PEPB-2026-0001<\/a><\/h6><p class=\"mb-0 bold\">Contrataci\u00f3n de publicidad a trav\u00e9s de medios de comunicaci\u00f3n social y publicaciones en peri\u00f3dicos impresos<\/p><p class=\"mb-0\" style=\"font-size: .85rem\"><strong title=\"Estado del Proceso\"><i class=\"fas fa-spinner\"><\/i><\/strong> Proceso adjudicado y celebrado<\/p><p class=\"mb-0\" style=\"font-size: .85rem\"><strong title=\"Fecha de Publicaci\u00f3n\"><i class=\"fas fa-calendar-alt\"><\/i><\/strong> Publicado el viernes, 6 de marzo de 2026<\/p><\/div><div class=\"col-auto mt-md-0 mt-2\"><a class=\"btn btn-primary btn-lg px-lg-4 d-none d-md-block\" href=\"https:\/\/comunidad.comprasdominicana.gob.do\/\/Public\/Tendering\/OpportunityDetail\/Index?noticeUID=DO1.NTC.1683542\" target=\"_blank\" title=\"Detalles\"><i class=\"fas fa-link\"><\/i> DETALLES<\/a><a class=\"btn btn-primary btn-lg px-lg-4 d-block d-md-none\" href=\"https:\/\/comunidad.comprasdominicana.gob.do\/\/Public\/Tendering\/OpportunityDetail\/Index?noticeUID=DO1.NTC.1683542\" target=\"_blank\" title=\"Detalles\"><i class=\"fas fa-2x fa-link\"><\/i><\/a><\/div><\/div><\/div><\/div><\/div><\/div><\/div><\/div><\/div><\/div><\/div><\/div>\n        <div class=\"card\">\n            <div class=\"card-header parents\" id=\"heading_casos-de-excepcio-n-69f73f7454400-2025-69f73f7454400\">\n                <p class=\"title text-blue mb-0\">\n                    <a class=\"btn-block hover text-left collapsed\" data-toggle=\"collapse\" data-target=\"#collap_casos-de-excepcio-n-69f73f7454400-2025-69f73f7454400\" aria-expanded=\"false\" aria-controls=\"collap_casos-de-excepcio-n-69f73f7454400-2025-69f73f7454400\">2025<\/a>\n                <\/p>\n            <\/div>\n            <div id=\"collap_casos-de-excepcio-n-69f73f7454400-2025-69f73f7454400\" class=\"collapse\" aria-labelledby=\"heading_casos-de-excepcio-n-69f73f7454400-2025-69f73f7454400\" data-parent=\"#collap_casos-de-excepcio-n-69f73f7454400\">\n                <div class=\"card-body\">\n        <div class=\"card\">\n            <div class=\"card-header parents\" id=\"heading_casos-de-excepcio-n-69f73f7454400-2025-69f73f7454400-diciembre-69f73f7454400\">\n                <p class=\"title text-blue mb-0\">\n                    <a class=\"btn-block hover text-left collapsed\" data-toggle=\"collapse\" data-target=\"#collap_casos-de-excepcio-n-69f73f7454400-2025-69f73f7454400-diciembre-69f73f7454400\" aria-expanded=\"false\" aria-controls=\"collap_casos-de-excepcio-n-69f73f7454400-2025-69f73f7454400-diciembre-69f73f7454400\">Diciembre<\/a>\n                <\/p>\n            <\/div>\n            <div id=\"collap_casos-de-excepcio-n-69f73f7454400-2025-69f73f7454400-diciembre-69f73f7454400\" class=\"collapse\" aria-labelledby=\"heading_casos-de-excepcio-n-69f73f7454400-2025-69f73f7454400-diciembre-69f73f7454400\" data-parent=\"#collap_casos-de-excepcio-n-69f73f7454400-2025-69f73f7454400\">\n                <div class=\"card-body\">\n        <div class=\"card\">\n            <div class=\"card-header parents\" id=\"heading_casos-de-excepcio-n-69f73f7454400-2025-69f73f7454400-diciembre-69f73f7454400-publicidad-69f73f7454400\">\n                <p class=\"title text-blue mb-0\">\n                    <a class=\"btn-block hover text-left collapsed\" data-toggle=\"collapse\" data-target=\"#collap_casos-de-excepcio-n-69f73f7454400-2025-69f73f7454400-diciembre-69f73f7454400-publicidad-69f73f7454400\" aria-expanded=\"false\" aria-controls=\"collap_casos-de-excepcio-n-69f73f7454400-2025-69f73f7454400-diciembre-69f73f7454400-publicidad-69f73f7454400\">Publicidad<\/a>\n                <\/p>\n            <\/div>\n            <div id=\"collap_casos-de-excepcio-n-69f73f7454400-2025-69f73f7454400-diciembre-69f73f7454400-publicidad-69f73f7454400\" class=\"collapse\" aria-labelledby=\"heading_casos-de-excepcio-n-69f73f7454400-2025-69f73f7454400-diciembre-69f73f7454400-publicidad-69f73f7454400\" data-parent=\"#collap_casos-de-excepcio-n-69f73f7454400-2025-69f73f7454400-diciembre-69f73f7454400\">\n                <div class=\"card-body\"><div class=\"jumbotron archivos\"><div class=\"row align-items-center\"><div class=\"col\"><h6><a class=\"text-dark\" href=\"https:\/\/comunidad.comprasdominicana.gob.do\/\/Public\/Tendering\/OpportunityDetail\/Index?noticeUID=DO1.NTC.1641215\" title=\"Ver\" target=\"_blank\">INESPRE-CCC-PEPB-2025-0004<\/a><\/h6><p class=\"mb-0 bold\">Contrataci\u00f3n de publicidad a trav\u00e9s de medios de comunicaci\u00f3n social, por un periodo de tres (3) meses<\/p><p class=\"mb-0\" style=\"font-size: .85rem\"><strong title=\"Estado del Proceso\"><i class=\"fas fa-spinner\"><\/i><\/strong> Proceso adjudicado y celebrado<\/p><p class=\"mb-0\" style=\"font-size: .85rem\"><strong title=\"Fecha de Publicaci\u00f3n\"><i class=\"fas fa-calendar-alt\"><\/i><\/strong> Publicado el lunes, 1 de diciembre de 2025<\/p><\/div><div class=\"col-auto mt-md-0 mt-2\"><a class=\"btn btn-primary btn-lg px-lg-4 d-none d-md-block\" href=\"https:\/\/comunidad.comprasdominicana.gob.do\/\/Public\/Tendering\/OpportunityDetail\/Index?noticeUID=DO1.NTC.1641215\" target=\"_blank\" title=\"Detalles\"><i class=\"fas fa-link\"><\/i> DETALLES<\/a><a class=\"btn btn-primary btn-lg px-lg-4 d-block d-md-none\" href=\"https:\/\/comunidad.comprasdominicana.gob.do\/\/Public\/Tendering\/OpportunityDetail\/Index?noticeUID=DO1.NTC.1641215\" target=\"_blank\" title=\"Detalles\"><i class=\"fas fa-2x fa-link\"><\/i><\/a><\/div><\/div><\/div><\/div><\/div><\/div><\/div><\/div><\/div>\n        <div class=\"card\">\n            <div class=\"card-header parents\" id=\"heading_casos-de-excepcio-n-69f73f7454400-2025-69f73f7454400-noviembre-69f73f7454400\">\n                <p class=\"title text-blue mb-0\">\n                    <a class=\"btn-block hover text-left collapsed\" data-toggle=\"collapse\" data-target=\"#collap_casos-de-excepcio-n-69f73f7454400-2025-69f73f7454400-noviembre-69f73f7454400\" aria-expanded=\"false\" aria-controls=\"collap_casos-de-excepcio-n-69f73f7454400-2025-69f73f7454400-noviembre-69f73f7454400\">Noviembre<\/a>\n                <\/p>\n            <\/div>\n            <div id=\"collap_casos-de-excepcio-n-69f73f7454400-2025-69f73f7454400-noviembre-69f73f7454400\" class=\"collapse\" aria-labelledby=\"heading_casos-de-excepcio-n-69f73f7454400-2025-69f73f7454400-noviembre-69f73f7454400\" data-parent=\"#collap_casos-de-excepcio-n-69f73f7454400-2025-69f73f7454400\">\n                <div class=\"card-body\">\n        <div class=\"card\">\n            <div class=\"card-header parents\" id=\"heading_casos-de-excepcio-n-69f73f7454400-2025-69f73f7454400-noviembre-69f73f7454400-publicidad-69f73f7454400\">\n                <p class=\"title text-blue mb-0\">\n                    <a class=\"btn-block hover text-left collapsed\" data-toggle=\"collapse\" data-target=\"#collap_casos-de-excepcio-n-69f73f7454400-2025-69f73f7454400-noviembre-69f73f7454400-publicidad-69f73f7454400\" aria-expanded=\"false\" aria-controls=\"collap_casos-de-excepcio-n-69f73f7454400-2025-69f73f7454400-noviembre-69f73f7454400-publicidad-69f73f7454400\">Publicidad<\/a>\n                <\/p>\n            <\/div>\n            <div id=\"collap_casos-de-excepcio-n-69f73f7454400-2025-69f73f7454400-noviembre-69f73f7454400-publicidad-69f73f7454400\" class=\"collapse\" aria-labelledby=\"heading_casos-de-excepcio-n-69f73f7454400-2025-69f73f7454400-noviembre-69f73f7454400-publicidad-69f73f7454400\" data-parent=\"#collap_casos-de-excepcio-n-69f73f7454400-2025-69f73f7454400-noviembre-69f73f7454400\">\n                <div class=\"card-body\"><div class=\"jumbotron archivos\"><div class=\"row align-items-center\"><div class=\"col\"><h6><a class=\"text-dark\" href=\"https:\/\/comunidad.comprasdominicana.gob.do\/\/Public\/Tendering\/OpportunityDetail\/Index?noticeUID=DO1.NTC.1638968\" title=\"Ver\" target=\"_blank\">INESPRE-CCC-PEPB-2025-0003<\/a><\/h6><p class=\"mb-0 bold\">Contrataci\u00f3n de publicidad a trav\u00e9s de medios de comunicaci\u00f3n social, por un per\u00edodo de tres (3) meses.<\/p><p class=\"mb-0\" style=\"font-size: .85rem\"><strong title=\"Estado del Proceso\"><i class=\"fas fa-spinner\"><\/i><\/strong> Cancelado<\/p><p class=\"mb-0\" style=\"font-size: .85rem\"><strong title=\"Fecha de Publicaci\u00f3n\"><i class=\"fas fa-calendar-alt\"><\/i><\/strong> Publicado el martes, 25 de noviembre de 2025<\/p><\/div><div class=\"col-auto mt-md-0 mt-2\"><a class=\"btn btn-primary btn-lg px-lg-4 d-none d-md-block\" href=\"https:\/\/comunidad.comprasdominicana.gob.do\/\/Public\/Tendering\/OpportunityDetail\/Index?noticeUID=DO1.NTC.1638968\" target=\"_blank\" title=\"Detalles\"><i class=\"fas fa-link\"><\/i> DETALLES<\/a><a class=\"btn btn-primary btn-lg px-lg-4 d-block d-md-none\" href=\"https:\/\/comunidad.comprasdominicana.gob.do\/\/Public\/Tendering\/OpportunityDetail\/Index?noticeUID=DO1.NTC.1638968\" target=\"_blank\" title=\"Detalles\"><i class=\"fas fa-2x fa-link\"><\/i><\/a><\/div><\/div><\/div><\/div><\/div><\/div><\/div><\/div><\/div>\n        <div class=\"card\">\n            <div class=\"card-header parents\" id=\"heading_casos-de-excepcio-n-69f73f7454400-2025-69f73f7454400-octubre-69f73f7454400\">\n                <p class=\"title text-blue mb-0\">\n                    <a class=\"btn-block hover text-left collapsed\" data-toggle=\"collapse\" data-target=\"#collap_casos-de-excepcio-n-69f73f7454400-2025-69f73f7454400-octubre-69f73f7454400\" aria-expanded=\"false\" aria-controls=\"collap_casos-de-excepcio-n-69f73f7454400-2025-69f73f7454400-octubre-69f73f7454400\">Octubre<\/a>\n                <\/p>\n            <\/div>\n            <div id=\"collap_casos-de-excepcio-n-69f73f7454400-2025-69f73f7454400-octubre-69f73f7454400\" class=\"collapse\" aria-labelledby=\"heading_casos-de-excepcio-n-69f73f7454400-2025-69f73f7454400-octubre-69f73f7454400\" data-parent=\"#collap_casos-de-excepcio-n-69f73f7454400-2025-69f73f7454400\">\n                <div class=\"card-body\">\n        <div class=\"card\">\n            <div class=\"card-header parents\" id=\"heading_casos-de-excepcio-n-69f73f7454400-2025-69f73f7454400-octubre-69f73f7454400-publicidad-69f73f7454400\">\n                <p class=\"title text-blue mb-0\">\n                    <a class=\"btn-block hover text-left collapsed\" data-toggle=\"collapse\" data-target=\"#collap_casos-de-excepcio-n-69f73f7454400-2025-69f73f7454400-octubre-69f73f7454400-publicidad-69f73f7454400\" aria-expanded=\"false\" aria-controls=\"collap_casos-de-excepcio-n-69f73f7454400-2025-69f73f7454400-octubre-69f73f7454400-publicidad-69f73f7454400\">Publicidad<\/a>\n                <\/p>\n            <\/div>\n            <div id=\"collap_casos-de-excepcio-n-69f73f7454400-2025-69f73f7454400-octubre-69f73f7454400-publicidad-69f73f7454400\" class=\"collapse\" aria-labelledby=\"heading_casos-de-excepcio-n-69f73f7454400-2025-69f73f7454400-octubre-69f73f7454400-publicidad-69f73f7454400\" data-parent=\"#collap_casos-de-excepcio-n-69f73f7454400-2025-69f73f7454400-octubre-69f73f7454400\">\n                <div class=\"card-body\"><div class=\"jumbotron archivos\"><div class=\"row align-items-center\"><div class=\"col\"><h6><a class=\"text-dark\" href=\"https:\/\/comunidad.comprasdominicana.gob.do\/\/Public\/Tendering\/OpportunityDetail\/Index?noticeUID=DO1.NTC.1613701\" title=\"Ver\" target=\"_blank\">INESPRE-CCC-PEPB-2025-0002<\/a><\/h6><p class=\"mb-0 bold\">Contrataci\u00f3n de publicidad a traves de medios de comunicaci\u00f3n social<\/p><p class=\"mb-0\" style=\"font-size: .85rem\"><strong title=\"Estado del Proceso\"><i class=\"fas fa-spinner\"><\/i><\/strong> Proceso adjudicado y celebrado<\/p><p class=\"mb-0\" style=\"font-size: .85rem\"><strong title=\"Fecha de Publicaci\u00f3n\"><i class=\"fas fa-calendar-alt\"><\/i><\/strong> Publicado el mi\u00e9rcoles, 1 de octubre de 2025<\/p><\/div><div class=\"col-auto mt-md-0 mt-2\"><a class=\"btn btn-primary btn-lg px-lg-4 d-none d-md-block\" href=\"https:\/\/comunidad.comprasdominicana.gob.do\/\/Public\/Tendering\/OpportunityDetail\/Index?noticeUID=DO1.NTC.1613701\" target=\"_blank\" title=\"Detalles\"><i class=\"fas fa-link\"><\/i> DETALLES<\/a><a class=\"btn btn-primary btn-lg px-lg-4 d-block d-md-none\" href=\"https:\/\/comunidad.comprasdominicana.gob.do\/\/Public\/Tendering\/OpportunityDetail\/Index?noticeUID=DO1.NTC.1613701\" target=\"_blank\" title=\"Detalles\"><i class=\"fas fa-2x fa-link\"><\/i><\/a><\/div><\/div><\/div><\/div><\/div><\/div><\/div><\/div><\/div>\n        <div class=\"card\">\n            <div class=\"card-header parents\" id=\"heading_casos-de-excepcio-n-69f73f7454400-2025-69f73f7454400-julio-69f73f7454400\">\n                <p class=\"title text-blue mb-0\">\n                    <a class=\"btn-block hover text-left collapsed\" data-toggle=\"collapse\" data-target=\"#collap_casos-de-excepcio-n-69f73f7454400-2025-69f73f7454400-julio-69f73f7454400\" aria-expanded=\"false\" aria-controls=\"collap_casos-de-excepcio-n-69f73f7454400-2025-69f73f7454400-julio-69f73f7454400\">Julio<\/a>\n                <\/p>\n            <\/div>\n            <div id=\"collap_casos-de-excepcio-n-69f73f7454400-2025-69f73f7454400-julio-69f73f7454400\" class=\"collapse\" aria-labelledby=\"heading_casos-de-excepcio-n-69f73f7454400-2025-69f73f7454400-julio-69f73f7454400\" data-parent=\"#collap_casos-de-excepcio-n-69f73f7454400-2025-69f73f7454400\">\n                <div class=\"card-body\">\n        <div class=\"card\">\n            <div class=\"card-header parents\" id=\"heading_casos-de-excepcio-n-69f73f7454400-2025-69f73f7454400-julio-69f73f7454400-obras-cient-ficas-t-cnicas-art-sticas-restauraci-n-de-monumentos-69f73f7454400\">\n                <p class=\"title text-blue mb-0\">\n                    <a class=\"btn-block hover text-left collapsed\" data-toggle=\"collapse\" data-target=\"#collap_casos-de-excepcio-n-69f73f7454400-2025-69f73f7454400-julio-69f73f7454400-obras-cient-ficas-t-cnicas-art-sticas-restauraci-n-de-monumentos-69f73f7454400\" aria-expanded=\"false\" aria-controls=\"collap_casos-de-excepcio-n-69f73f7454400-2025-69f73f7454400-julio-69f73f7454400-obras-cient-ficas-t-cnicas-art-sticas-restauraci-n-de-monumentos-69f73f7454400\">Obras Cient\u00edficas, T\u00e9cnicas, Art\u00edsticas, Restauraci\u00f3n de monumentos<\/a>\n                <\/p>\n            <\/div>\n            <div id=\"collap_casos-de-excepcio-n-69f73f7454400-2025-69f73f7454400-julio-69f73f7454400-obras-cient-ficas-t-cnicas-art-sticas-restauraci-n-de-monumentos-69f73f7454400\" class=\"collapse\" aria-labelledby=\"heading_casos-de-excepcio-n-69f73f7454400-2025-69f73f7454400-julio-69f73f7454400-obras-cient-ficas-t-cnicas-art-sticas-restauraci-n-de-monumentos-69f73f7454400\" data-parent=\"#collap_casos-de-excepcio-n-69f73f7454400-2025-69f73f7454400-julio-69f73f7454400\">\n                <div class=\"card-body\"><div class=\"jumbotron archivos\"><div class=\"row align-items-center\"><div class=\"col\"><h6><a class=\"text-dark\" href=\"https:\/\/comunidad.comprasdominicana.gob.do\/\/Public\/Tendering\/OpportunityDetail\/Index?noticeUID=DO1.NTC.1585136\" title=\"Ver\" target=\"_blank\">INESPRE-CCC-PEOR-2025-0001<\/a><\/h6><p class=\"mb-0 bold\">Contrataci\u00f3n de Servicios Jur\u00eddicos especializados<\/p><p class=\"mb-0\" style=\"font-size: .85rem\"><strong title=\"Estado del Proceso\"><i class=\"fas fa-spinner\"><\/i><\/strong> Proceso adjudicado y celebrado<\/p><p class=\"mb-0\" style=\"font-size: .85rem\"><strong title=\"Fecha de Publicaci\u00f3n\"><i class=\"fas fa-calendar-alt\"><\/i><\/strong> Publicado el lunes, 28 de julio de 2025<\/p><\/div><div class=\"col-auto mt-md-0 mt-2\"><a class=\"btn btn-primary btn-lg px-lg-4 d-none d-md-block\" href=\"https:\/\/comunidad.comprasdominicana.gob.do\/\/Public\/Tendering\/OpportunityDetail\/Index?noticeUID=DO1.NTC.1585136\" target=\"_blank\" title=\"Detalles\"><i class=\"fas fa-link\"><\/i> DETALLES<\/a><a class=\"btn btn-primary btn-lg px-lg-4 d-block d-md-none\" href=\"https:\/\/comunidad.comprasdominicana.gob.do\/\/Public\/Tendering\/OpportunityDetail\/Index?noticeUID=DO1.NTC.1585136\" target=\"_blank\" title=\"Detalles\"><i class=\"fas fa-2x fa-link\"><\/i><\/a><\/div><\/div><\/div><\/div><\/div><\/div><\/div><\/div><\/div><\/div><\/div><\/div>\n        <div class=\"card\">\n            <div class=\"card-header parents\" id=\"heading_casos-de-excepcio-n-69f73f7454400-2024-69f73f7454400\">\n                <p class=\"title text-blue mb-0\">\n                    <a class=\"btn-block hover text-left collapsed\" data-toggle=\"collapse\" data-target=\"#collap_casos-de-excepcio-n-69f73f7454400-2024-69f73f7454400\" aria-expanded=\"false\" aria-controls=\"collap_casos-de-excepcio-n-69f73f7454400-2024-69f73f7454400\">2024<\/a>\n                <\/p>\n            <\/div>\n            <div id=\"collap_casos-de-excepcio-n-69f73f7454400-2024-69f73f7454400\" class=\"collapse\" aria-labelledby=\"heading_casos-de-excepcio-n-69f73f7454400-2024-69f73f7454400\" data-parent=\"#collap_casos-de-excepcio-n-69f73f7454400\">\n                <div class=\"card-body\">\n        <div class=\"card\">\n            <div class=\"card-header parents\" id=\"heading_casos-de-excepcio-n-69f73f7454400-2024-69f73f7454400-septiembre-69f73f7454400\">\n                <p class=\"title text-blue mb-0\">\n                    <a class=\"btn-block hover text-left collapsed\" data-toggle=\"collapse\" data-target=\"#collap_casos-de-excepcio-n-69f73f7454400-2024-69f73f7454400-septiembre-69f73f7454400\" aria-expanded=\"false\" aria-controls=\"collap_casos-de-excepcio-n-69f73f7454400-2024-69f73f7454400-septiembre-69f73f7454400\">Septiembre<\/a>\n                <\/p>\n            <\/div>\n            <div id=\"collap_casos-de-excepcio-n-69f73f7454400-2024-69f73f7454400-septiembre-69f73f7454400\" class=\"collapse\" aria-labelledby=\"heading_casos-de-excepcio-n-69f73f7454400-2024-69f73f7454400-septiembre-69f73f7454400\" data-parent=\"#collap_casos-de-excepcio-n-69f73f7454400-2024-69f73f7454400\">\n                <div class=\"card-body\">\n        <div class=\"card\">\n            <div class=\"card-header parents\" id=\"heading_casos-de-excepcio-n-69f73f7454400-2024-69f73f7454400-septiembre-69f73f7454400-urgencia-69f73f7454400\">\n                <p class=\"title text-blue mb-0\">\n                    <a class=\"btn-block hover text-left collapsed\" data-toggle=\"collapse\" data-target=\"#collap_casos-de-excepcio-n-69f73f7454400-2024-69f73f7454400-septiembre-69f73f7454400-urgencia-69f73f7454400\" aria-expanded=\"false\" aria-controls=\"collap_casos-de-excepcio-n-69f73f7454400-2024-69f73f7454400-septiembre-69f73f7454400-urgencia-69f73f7454400\">Urgencia<\/a>\n                <\/p>\n            <\/div>\n            <div id=\"collap_casos-de-excepcio-n-69f73f7454400-2024-69f73f7454400-septiembre-69f73f7454400-urgencia-69f73f7454400\" class=\"collapse\" aria-labelledby=\"heading_casos-de-excepcio-n-69f73f7454400-2024-69f73f7454400-septiembre-69f73f7454400-urgencia-69f73f7454400\" data-parent=\"#collap_casos-de-excepcio-n-69f73f7454400-2024-69f73f7454400-septiembre-69f73f7454400\">\n                <div class=\"card-body\"><div class=\"jumbotron archivos\"><div class=\"row align-items-center\"><div class=\"col\"><h6><a class=\"text-dark\" href=\"https:\/\/comunidad.comprasdominicana.gob.do\/\/Public\/Tendering\/OpportunityDetail\/Index?noticeUID=DO1.NTC.1446304\" title=\"Ver\" target=\"_blank\">INESPRE-MAE-PEUR-2024-0002<\/a><\/h6><p class=\"mb-0 bold\">Contrataci\u00f3n de Servicios de Transporte, dirigido exclusivamente a Mipymes<\/p><p class=\"mb-0\" style=\"font-size: .85rem\"><strong title=\"Estado del Proceso\"><i class=\"fas fa-spinner\"><\/i><\/strong> Proceso adjudicado y celebrado<\/p><p class=\"mb-0\" style=\"font-size: .85rem\"><strong title=\"Fecha de Publicaci\u00f3n\"><i class=\"fas fa-calendar-alt\"><\/i><\/strong> Publicado el jueves, 12 de septiembre de 2024<\/p><\/div><div class=\"col-auto mt-md-0 mt-2\"><a class=\"btn btn-primary btn-lg px-lg-4 d-none d-md-block\" href=\"https:\/\/comunidad.comprasdominicana.gob.do\/\/Public\/Tendering\/OpportunityDetail\/Index?noticeUID=DO1.NTC.1446304\" target=\"_blank\" title=\"Detalles\"><i class=\"fas fa-link\"><\/i> DETALLES<\/a><a class=\"btn btn-primary btn-lg px-lg-4 d-block d-md-none\" href=\"https:\/\/comunidad.comprasdominicana.gob.do\/\/Public\/Tendering\/OpportunityDetail\/Index?noticeUID=DO1.NTC.1446304\" target=\"_blank\" title=\"Detalles\"><i class=\"fas fa-2x fa-link\"><\/i><\/a><\/div><\/div><\/div><\/div><\/div><\/div><\/div><\/div><\/div>\n        <div class=\"card\">\n            <div class=\"card-header parents\" id=\"heading_casos-de-excepcio-n-69f73f7454400-2024-69f73f7454400-julio-69f73f7454400\">\n                <p class=\"title text-blue mb-0\">\n                    <a class=\"btn-block hover text-left collapsed\" data-toggle=\"collapse\" data-target=\"#collap_casos-de-excepcio-n-69f73f7454400-2024-69f73f7454400-julio-69f73f7454400\" aria-expanded=\"false\" aria-controls=\"collap_casos-de-excepcio-n-69f73f7454400-2024-69f73f7454400-julio-69f73f7454400\">Julio<\/a>\n                <\/p>\n            <\/div>\n            <div id=\"collap_casos-de-excepcio-n-69f73f7454400-2024-69f73f7454400-julio-69f73f7454400\" class=\"collapse\" aria-labelledby=\"heading_casos-de-excepcio-n-69f73f7454400-2024-69f73f7454400-julio-69f73f7454400\" data-parent=\"#collap_casos-de-excepcio-n-69f73f7454400-2024-69f73f7454400\">\n                <div class=\"card-body\">\n        <div class=\"card\">\n            <div class=\"card-header parents\" id=\"heading_casos-de-excepcio-n-69f73f7454400-2024-69f73f7454400-julio-69f73f7454400-emergencia-69f73f7454400\">\n                <p class=\"title text-blue mb-0\">\n                    <a class=\"btn-block hover text-left collapsed\" data-toggle=\"collapse\" data-target=\"#collap_casos-de-excepcio-n-69f73f7454400-2024-69f73f7454400-julio-69f73f7454400-emergencia-69f73f7454400\" aria-expanded=\"false\" aria-controls=\"collap_casos-de-excepcio-n-69f73f7454400-2024-69f73f7454400-julio-69f73f7454400-emergencia-69f73f7454400\">Emergencia<\/a>\n                <\/p>\n            <\/div>\n            <div id=\"collap_casos-de-excepcio-n-69f73f7454400-2024-69f73f7454400-julio-69f73f7454400-emergencia-69f73f7454400\" class=\"collapse\" aria-labelledby=\"heading_casos-de-excepcio-n-69f73f7454400-2024-69f73f7454400-julio-69f73f7454400-emergencia-69f73f7454400\" data-parent=\"#collap_casos-de-excepcio-n-69f73f7454400-2024-69f73f7454400-julio-69f73f7454400\">\n                <div class=\"card-body\"><div class=\"jumbotron archivos\"><div class=\"row align-items-center\"><div class=\"col\"><h6><a class=\"text-dark\" href=\"https:\/\/comunidad.comprasdominicana.gob.do\/\/Public\/Tendering\/OpportunityDetail\/Index?noticeUID=DO1.NTC.1425949\" title=\"Ver\" target=\"_blank\">INESPRE-MAE-PEEN-2024-0001<\/a><\/h6><p class=\"mb-0 bold\">Combos Alimenticios para los programas que desarrolla la Instituci\u00f3n por los efectos provocado por las alteraciones atmosf\u00e9ricas sobre provincias de las regiones: norte, noroeste, la llanura oriental, as\u00ed como el litoral costero caribe\u00f1o y la codillera central<\/p><p class=\"mb-0\" style=\"font-size: .85rem\"><strong title=\"Estado del Proceso\"><i class=\"fas fa-spinner\"><\/i><\/strong> Proceso adjudicado y celebrado<\/p><p class=\"mb-0\" style=\"font-size: .85rem\"><strong title=\"Fecha de Publicaci\u00f3n\"><i class=\"fas fa-calendar-alt\"><\/i><\/strong> Publicado el lunes, 22 de julio de 2024<\/p><\/div><div class=\"col-auto mt-md-0 mt-2\"><a class=\"btn btn-primary btn-lg px-lg-4 d-none d-md-block\" href=\"https:\/\/comunidad.comprasdominicana.gob.do\/\/Public\/Tendering\/OpportunityDetail\/Index?noticeUID=DO1.NTC.1425949\" target=\"_blank\" title=\"Detalles\"><i class=\"fas fa-link\"><\/i> DETALLES<\/a><a class=\"btn btn-primary btn-lg px-lg-4 d-block d-md-none\" href=\"https:\/\/comunidad.comprasdominicana.gob.do\/\/Public\/Tendering\/OpportunityDetail\/Index?noticeUID=DO1.NTC.1425949\" target=\"_blank\" title=\"Detalles\"><i class=\"fas fa-2x fa-link\"><\/i><\/a><\/div><\/div><\/div><div class=\"jumbotron archivos\"><div class=\"row align-items-center\"><div class=\"col\"><h6><a class=\"text-dark\" href=\"https:\/\/comunidad.comprasdominicana.gob.do\/\/Public\/Tendering\/OpportunityDetail\/Index?noticeUID=DO1.NTC.1425758\" title=\"Ver\" target=\"_blank\">INESPRE-MAE-PEEN-2024-0002<\/a><\/h6><p class=\"mb-0 bold\">Adquisici\u00f3n de productos alimenticios para los que desarrolla la Instituci\u00f3n por los efectos provocado por las alteraciones atmosf\u00e9ricas sobre provincias de las regiones: norte, noroeste, la llanura, litoral cotero caribe\u00f1o y cordillera central.<\/p><p class=\"mb-0\" style=\"font-size: .85rem\"><strong title=\"Estado del Proceso\"><i class=\"fas fa-spinner\"><\/i><\/strong> Proceso adjudicado y celebrado<\/p><p class=\"mb-0\" style=\"font-size: .85rem\"><strong title=\"Fecha de Publicaci\u00f3n\"><i class=\"fas fa-calendar-alt\"><\/i><\/strong> Publicado el lunes, 22 de julio de 2024<\/p><\/div><div class=\"col-auto mt-md-0 mt-2\"><a class=\"btn btn-primary btn-lg px-lg-4 d-none d-md-block\" href=\"https:\/\/comunidad.comprasdominicana.gob.do\/\/Public\/Tendering\/OpportunityDetail\/Index?noticeUID=DO1.NTC.1425758\" target=\"_blank\" title=\"Detalles\"><i class=\"fas fa-link\"><\/i> DETALLES<\/a><a class=\"btn btn-primary btn-lg px-lg-4 d-block d-md-none\" href=\"https:\/\/comunidad.comprasdominicana.gob.do\/\/Public\/Tendering\/OpportunityDetail\/Index?noticeUID=DO1.NTC.1425758\" target=\"_blank\" title=\"Detalles\"><i class=\"fas fa-2x fa-link\"><\/i><\/a><\/div><\/div><\/div><\/div><\/div><\/div><\/div><\/div><\/div>\n        <div class=\"card\">\n            <div class=\"card-header parents\" id=\"heading_casos-de-excepcio-n-69f73f7454400-2024-69f73f7454400-enero-69f73f7454400\">\n                <p class=\"title text-blue mb-0\">\n                    <a class=\"btn-block hover text-left collapsed\" data-toggle=\"collapse\" data-target=\"#collap_casos-de-excepcio-n-69f73f7454400-2024-69f73f7454400-enero-69f73f7454400\" aria-expanded=\"false\" aria-controls=\"collap_casos-de-excepcio-n-69f73f7454400-2024-69f73f7454400-enero-69f73f7454400\">Enero<\/a>\n                <\/p>\n            <\/div>\n            <div id=\"collap_casos-de-excepcio-n-69f73f7454400-2024-69f73f7454400-enero-69f73f7454400\" class=\"collapse\" aria-labelledby=\"heading_casos-de-excepcio-n-69f73f7454400-2024-69f73f7454400-enero-69f73f7454400\" data-parent=\"#collap_casos-de-excepcio-n-69f73f7454400-2024-69f73f7454400\">\n                <div class=\"card-body\">\n        <div class=\"card\">\n            <div class=\"card-header parents\" id=\"heading_casos-de-excepcio-n-69f73f7454400-2024-69f73f7454400-enero-69f73f7454400-urgencia-69f73f7454400\">\n                <p class=\"title text-blue mb-0\">\n                    <a class=\"btn-block hover text-left collapsed\" data-toggle=\"collapse\" data-target=\"#collap_casos-de-excepcio-n-69f73f7454400-2024-69f73f7454400-enero-69f73f7454400-urgencia-69f73f7454400\" aria-expanded=\"false\" aria-controls=\"collap_casos-de-excepcio-n-69f73f7454400-2024-69f73f7454400-enero-69f73f7454400-urgencia-69f73f7454400\">Urgencia<\/a>\n                <\/p>\n            <\/div>\n            <div id=\"collap_casos-de-excepcio-n-69f73f7454400-2024-69f73f7454400-enero-69f73f7454400-urgencia-69f73f7454400\" class=\"collapse\" aria-labelledby=\"heading_casos-de-excepcio-n-69f73f7454400-2024-69f73f7454400-enero-69f73f7454400-urgencia-69f73f7454400\" data-parent=\"#collap_casos-de-excepcio-n-69f73f7454400-2024-69f73f7454400-enero-69f73f7454400\">\n                <div class=\"card-body\"><div class=\"jumbotron archivos\"><div class=\"row align-items-center\"><div class=\"col\"><h6><a class=\"text-dark\" href=\"https:\/\/comunidad.comprasdominicana.gob.do\/\/Public\/Tendering\/OpportunityDetail\/Index?noticeUID=DO1.NTC.1352511\" title=\"Ver\" target=\"_blank\">INESPRE-MAE-PEUR-2024-0001<\/a><\/h6><p class=\"mb-0 bold\">Contrataci\u00f3n del Servicio de Transporte dirigido exclusivamente a MYPIMES<\/p><p class=\"mb-0\" style=\"font-size: .85rem\"><strong title=\"Estado del Proceso\"><i class=\"fas fa-spinner\"><\/i><\/strong> Proceso adjudicado y celebrado<\/p><p class=\"mb-0\" style=\"font-size: .85rem\"><strong title=\"Fecha de Publicaci\u00f3n\"><i class=\"fas fa-calendar-alt\"><\/i><\/strong> Publicado el mi\u00e9rcoles, 24 de enero de 2024<\/p><\/div><div class=\"col-auto mt-md-0 mt-2\"><a class=\"btn btn-primary btn-lg px-lg-4 d-none d-md-block\" href=\"https:\/\/comunidad.comprasdominicana.gob.do\/\/Public\/Tendering\/OpportunityDetail\/Index?noticeUID=DO1.NTC.1352511\" target=\"_blank\" title=\"Detalles\"><i class=\"fas fa-link\"><\/i> DETALLES<\/a><a class=\"btn btn-primary btn-lg px-lg-4 d-block d-md-none\" href=\"https:\/\/comunidad.comprasdominicana.gob.do\/\/Public\/Tendering\/OpportunityDetail\/Index?noticeUID=DO1.NTC.1352511\" target=\"_blank\" title=\"Detalles\"><i class=\"fas fa-2x fa-link\"><\/i><\/a><\/div><\/div><\/div><\/div><\/div><\/div><\/div><\/div><\/div><\/div><\/div><\/div>\n        <div class=\"card\">\n            <div class=\"card-header parents\" id=\"heading_casos-de-excepcio-n-69f73f7454400-2023-69f73f7454400\">\n                <p class=\"title text-blue mb-0\">\n                    <a class=\"btn-block hover text-left collapsed\" data-toggle=\"collapse\" data-target=\"#collap_casos-de-excepcio-n-69f73f7454400-2023-69f73f7454400\" aria-expanded=\"false\" aria-controls=\"collap_casos-de-excepcio-n-69f73f7454400-2023-69f73f7454400\">2023<\/a>\n                <\/p>\n            <\/div>\n            <div id=\"collap_casos-de-excepcio-n-69f73f7454400-2023-69f73f7454400\" class=\"collapse\" aria-labelledby=\"heading_casos-de-excepcio-n-69f73f7454400-2023-69f73f7454400\" data-parent=\"#collap_casos-de-excepcio-n-69f73f7454400\">\n                <div class=\"card-body\">\n        <div class=\"card\">\n            <div class=\"card-header parents\" id=\"heading_casos-de-excepcio-n-69f73f7454400-2023-69f73f7454400-diciembre-69f73f7454400\">\n                <p class=\"title text-blue mb-0\">\n                    <a class=\"btn-block hover text-left collapsed\" data-toggle=\"collapse\" data-target=\"#collap_casos-de-excepcio-n-69f73f7454400-2023-69f73f7454400-diciembre-69f73f7454400\" aria-expanded=\"false\" aria-controls=\"collap_casos-de-excepcio-n-69f73f7454400-2023-69f73f7454400-diciembre-69f73f7454400\">Diciembre<\/a>\n                <\/p>\n            <\/div>\n            <div id=\"collap_casos-de-excepcio-n-69f73f7454400-2023-69f73f7454400-diciembre-69f73f7454400\" class=\"collapse\" aria-labelledby=\"heading_casos-de-excepcio-n-69f73f7454400-2023-69f73f7454400-diciembre-69f73f7454400\" data-parent=\"#collap_casos-de-excepcio-n-69f73f7454400-2023-69f73f7454400\">\n                <div class=\"card-body\">\n        <div class=\"card\">\n            <div class=\"card-header parents\" id=\"heading_casos-de-excepcio-n-69f73f7454400-2023-69f73f7454400-diciembre-69f73f7454400-emergencia-69f73f7454400\">\n                <p class=\"title text-blue mb-0\">\n                    <a class=\"btn-block hover text-left collapsed\" data-toggle=\"collapse\" data-target=\"#collap_casos-de-excepcio-n-69f73f7454400-2023-69f73f7454400-diciembre-69f73f7454400-emergencia-69f73f7454400\" aria-expanded=\"false\" aria-controls=\"collap_casos-de-excepcio-n-69f73f7454400-2023-69f73f7454400-diciembre-69f73f7454400-emergencia-69f73f7454400\">Emergencia<\/a>\n                <\/p>\n            <\/div>\n            <div id=\"collap_casos-de-excepcio-n-69f73f7454400-2023-69f73f7454400-diciembre-69f73f7454400-emergencia-69f73f7454400\" class=\"collapse\" aria-labelledby=\"heading_casos-de-excepcio-n-69f73f7454400-2023-69f73f7454400-diciembre-69f73f7454400-emergencia-69f73f7454400\" data-parent=\"#collap_casos-de-excepcio-n-69f73f7454400-2023-69f73f7454400-diciembre-69f73f7454400\">\n                <div class=\"card-body\"><div class=\"jumbotron archivos\"><div class=\"row align-items-center\"><div class=\"col\"><h6><a class=\"text-dark\" href=\"https:\/\/comunidad.comprasdominicana.gob.do\/\/Public\/Tendering\/OpportunityDetail\/Index?noticeUID=DO1.NTC.1332931\" title=\"Ver\" target=\"_blank\">INESPRE-MAE-PEEN-2023-0003<\/a><\/h6><p class=\"mb-0 bold\">Adquisici\u00f3n de Combos Alimenticios para los programas que desarrolla la instituci\u00f3n por los da\u00f1os ocasionados por las torrenciales aguaceros, tormenta el\u00e9ctricas y r\u00e1fagas de viento provocados por el paso del fen\u00f3meno atmosf\u00e9rico a nivel nacional. <\/p><p class=\"mb-0\" style=\"font-size: .85rem\"><strong title=\"Estado del Proceso\"><i class=\"fas fa-spinner\"><\/i><\/strong> Proceso adjudicado y celebrado<\/p><p class=\"mb-0\" style=\"font-size: .85rem\"><strong title=\"Fecha de Publicaci\u00f3n\"><i class=\"fas fa-calendar-alt\"><\/i><\/strong> Publicado el viernes, 8 de diciembre de 2023<\/p><\/div><div class=\"col-auto mt-md-0 mt-2\"><a class=\"btn btn-primary btn-lg px-lg-4 d-none d-md-block\" href=\"https:\/\/comunidad.comprasdominicana.gob.do\/\/Public\/Tendering\/OpportunityDetail\/Index?noticeUID=DO1.NTC.1332931\" target=\"_blank\" title=\"Detalles\"><i class=\"fas fa-link\"><\/i> DETALLES<\/a><a class=\"btn btn-primary btn-lg px-lg-4 d-block d-md-none\" href=\"https:\/\/comunidad.comprasdominicana.gob.do\/\/Public\/Tendering\/OpportunityDetail\/Index?noticeUID=DO1.NTC.1332931\" target=\"_blank\" title=\"Detalles\"><i class=\"fas fa-2x fa-link\"><\/i><\/a><\/div><\/div><\/div><\/div><\/div><\/div><\/div><\/div><\/div>\n        <div class=\"card\">\n            <div class=\"card-header parents\" id=\"heading_casos-de-excepcio-n-69f73f7454400-2023-69f73f7454400-septiembre-69f73f7454400\">\n                <p class=\"title text-blue mb-0\">\n                    <a class=\"btn-block hover text-left collapsed\" data-toggle=\"collapse\" data-target=\"#collap_casos-de-excepcio-n-69f73f7454400-2023-69f73f7454400-septiembre-69f73f7454400\" aria-expanded=\"false\" aria-controls=\"collap_casos-de-excepcio-n-69f73f7454400-2023-69f73f7454400-septiembre-69f73f7454400\">Septiembre<\/a>\n                <\/p>\n            <\/div>\n            <div id=\"collap_casos-de-excepcio-n-69f73f7454400-2023-69f73f7454400-septiembre-69f73f7454400\" class=\"collapse\" aria-labelledby=\"heading_casos-de-excepcio-n-69f73f7454400-2023-69f73f7454400-septiembre-69f73f7454400\" data-parent=\"#collap_casos-de-excepcio-n-69f73f7454400-2023-69f73f7454400\">\n                <div class=\"card-body\">\n        <div class=\"card\">\n            <div class=\"card-header parents\" id=\"heading_casos-de-excepcio-n-69f73f7454400-2023-69f73f7454400-septiembre-69f73f7454400-emergencia-69f73f7454400\">\n                <p class=\"title text-blue mb-0\">\n                    <a class=\"btn-block hover text-left collapsed\" data-toggle=\"collapse\" data-target=\"#collap_casos-de-excepcio-n-69f73f7454400-2023-69f73f7454400-septiembre-69f73f7454400-emergencia-69f73f7454400\" aria-expanded=\"false\" aria-controls=\"collap_casos-de-excepcio-n-69f73f7454400-2023-69f73f7454400-septiembre-69f73f7454400-emergencia-69f73f7454400\">Emergencia<\/a>\n                <\/p>\n            <\/div>\n            <div id=\"collap_casos-de-excepcio-n-69f73f7454400-2023-69f73f7454400-septiembre-69f73f7454400-emergencia-69f73f7454400\" class=\"collapse\" aria-labelledby=\"heading_casos-de-excepcio-n-69f73f7454400-2023-69f73f7454400-septiembre-69f73f7454400-emergencia-69f73f7454400\" data-parent=\"#collap_casos-de-excepcio-n-69f73f7454400-2023-69f73f7454400-septiembre-69f73f7454400\">\n                <div class=\"card-body\"><div class=\"jumbotron archivos\"><div class=\"row align-items-center\"><div class=\"col\"><h6><a class=\"text-dark\" href=\"https:\/\/comunidad.comprasdominicana.gob.do\/\/Public\/Tendering\/OpportunityDetail\/Index?noticeUID=DO1.NTC.1297026\" title=\"Ver\" target=\"_blank\">INESPRE-MAE-PEEN-2023-0002<\/a><\/h6><p class=\"mb-0 bold\">Adquisici\u00f3n de Productos Alimenticios para Abastecer los Programas que desarrolla la instituci\u00f3n por los efectos Provocados por la Tormenta Tropical Franklin<\/p><p class=\"mb-0\" style=\"font-size: .85rem\"><strong title=\"Estado del Proceso\"><i class=\"fas fa-spinner\"><\/i><\/strong> Proceso adjudicado y celebrado<\/p><p class=\"mb-0\" style=\"font-size: .85rem\"><strong title=\"Fecha de Publicaci\u00f3n\"><i class=\"fas fa-calendar-alt\"><\/i><\/strong> Publicado el mi\u00e9rcoles, 20 de septiembre de 2023<\/p><\/div><div class=\"col-auto mt-md-0 mt-2\"><a class=\"btn btn-primary btn-lg px-lg-4 d-none d-md-block\" href=\"https:\/\/comunidad.comprasdominicana.gob.do\/\/Public\/Tendering\/OpportunityDetail\/Index?noticeUID=DO1.NTC.1297026\" target=\"_blank\" title=\"Detalles\"><i class=\"fas fa-link\"><\/i> DETALLES<\/a><a class=\"btn btn-primary btn-lg px-lg-4 d-block d-md-none\" href=\"https:\/\/comunidad.comprasdominicana.gob.do\/\/Public\/Tendering\/OpportunityDetail\/Index?noticeUID=DO1.NTC.1297026\" target=\"_blank\" title=\"Detalles\"><i class=\"fas fa-2x fa-link\"><\/i><\/a><\/div><\/div><\/div><div class=\"jumbotron archivos\"><div class=\"row align-items-center\"><div class=\"col\"><h6><a class=\"text-dark\" href=\"https:\/\/comunidad.comprasdominicana.gob.do\/\/Public\/Tendering\/OpportunityDetail\/Index?noticeUID=DO1.NTC.1296925\" title=\"Ver\" target=\"_blank\">INESPRE-MAE-PEEN-2023-0001<\/a><\/h6><p class=\"mb-0 bold\">Adquisici\u00f3n de Combos Alimenticios para Abastecer los Programas que desarrolla la Instituci\u00f3n por los efectos Provocados por la Tormenta Tropical Franklin<\/p><p class=\"mb-0\" style=\"font-size: .85rem\"><strong title=\"Estado del Proceso\"><i class=\"fas fa-spinner\"><\/i><\/strong> Proceso adjudicado y celebrado<\/p><p class=\"mb-0\" style=\"font-size: .85rem\"><strong title=\"Fecha de Publicaci\u00f3n\"><i class=\"fas fa-calendar-alt\"><\/i><\/strong> Publicado el mi\u00e9rcoles, 20 de septiembre de 2023<\/p><\/div><div class=\"col-auto mt-md-0 mt-2\"><a class=\"btn btn-primary btn-lg px-lg-4 d-none d-md-block\" href=\"https:\/\/comunidad.comprasdominicana.gob.do\/\/Public\/Tendering\/OpportunityDetail\/Index?noticeUID=DO1.NTC.1296925\" target=\"_blank\" title=\"Detalles\"><i class=\"fas fa-link\"><\/i> DETALLES<\/a><a class=\"btn btn-primary btn-lg px-lg-4 d-block d-md-none\" href=\"https:\/\/comunidad.comprasdominicana.gob.do\/\/Public\/Tendering\/OpportunityDetail\/Index?noticeUID=DO1.NTC.1296925\" target=\"_blank\" title=\"Detalles\"><i class=\"fas fa-2x fa-link\"><\/i><\/a><\/div><\/div><\/div><\/div><\/div><\/div><\/div><\/div><\/div>\n        <div class=\"card\">\n            <div class=\"card-header parents\" id=\"heading_casos-de-excepcio-n-69f73f7454400-2023-69f73f7454400-junio-69f73f7454400\">\n                <p class=\"title text-blue mb-0\">\n                    <a class=\"btn-block hover text-left collapsed\" data-toggle=\"collapse\" data-target=\"#collap_casos-de-excepcio-n-69f73f7454400-2023-69f73f7454400-junio-69f73f7454400\" aria-expanded=\"false\" aria-controls=\"collap_casos-de-excepcio-n-69f73f7454400-2023-69f73f7454400-junio-69f73f7454400\">Junio<\/a>\n                <\/p>\n            <\/div>\n            <div id=\"collap_casos-de-excepcio-n-69f73f7454400-2023-69f73f7454400-junio-69f73f7454400\" class=\"collapse\" aria-labelledby=\"heading_casos-de-excepcio-n-69f73f7454400-2023-69f73f7454400-junio-69f73f7454400\" data-parent=\"#collap_casos-de-excepcio-n-69f73f7454400-2023-69f73f7454400\">\n                <div class=\"card-body\">\n        <div class=\"card\">\n            <div class=\"card-header parents\" id=\"heading_casos-de-excepcio-n-69f73f7454400-2023-69f73f7454400-junio-69f73f7454400-urgencia-69f73f7454400\">\n                <p class=\"title text-blue mb-0\">\n                    <a class=\"btn-block hover text-left collapsed\" data-toggle=\"collapse\" data-target=\"#collap_casos-de-excepcio-n-69f73f7454400-2023-69f73f7454400-junio-69f73f7454400-urgencia-69f73f7454400\" aria-expanded=\"false\" aria-controls=\"collap_casos-de-excepcio-n-69f73f7454400-2023-69f73f7454400-junio-69f73f7454400-urgencia-69f73f7454400\">Urgencia<\/a>\n                <\/p>\n            <\/div>\n            <div id=\"collap_casos-de-excepcio-n-69f73f7454400-2023-69f73f7454400-junio-69f73f7454400-urgencia-69f73f7454400\" class=\"collapse\" aria-labelledby=\"heading_casos-de-excepcio-n-69f73f7454400-2023-69f73f7454400-junio-69f73f7454400-urgencia-69f73f7454400\" data-parent=\"#collap_casos-de-excepcio-n-69f73f7454400-2023-69f73f7454400-junio-69f73f7454400\">\n                <div class=\"card-body\"><div class=\"jumbotron archivos\"><div class=\"row align-items-center\"><div class=\"col\"><h6><a class=\"text-dark\" href=\"https:\/\/comunidad.comprasdominicana.gob.do\/\/Public\/Tendering\/OpportunityDetail\/Index?noticeUID=DO1.NTC.1251214\" title=\"Ver\" target=\"_blank\">INESPRE-MAE-PEUR-2023-0002<\/a><\/h6><p class=\"mb-0 bold\">Adquisici\u00f3n de Bolsas Reusables para ser donadas en los Programas de Comercializaci\u00f3n que desarrolla La Instituci\u00f3n a Nivel Nacional dirigido exclusivamente a Micro, Peque\u00f1as y Medianas Empresas (MiPymes)<\/p><p class=\"mb-0\" style=\"font-size: .85rem\"><strong title=\"Estado del Proceso\"><i class=\"fas fa-spinner\"><\/i><\/strong> Proceso adjudicado y celebrado<\/p><p class=\"mb-0\" style=\"font-size: .85rem\"><strong title=\"Fecha de Publicaci\u00f3n\"><i class=\"fas fa-calendar-alt\"><\/i><\/strong> Publicado el martes, 6 de junio de 2023<\/p><\/div><div class=\"col-auto mt-md-0 mt-2\"><a class=\"btn btn-primary btn-lg px-lg-4 d-none d-md-block\" href=\"https:\/\/comunidad.comprasdominicana.gob.do\/\/Public\/Tendering\/OpportunityDetail\/Index?noticeUID=DO1.NTC.1251214\" target=\"_blank\" title=\"Detalles\"><i class=\"fas fa-link\"><\/i> DETALLES<\/a><a class=\"btn btn-primary btn-lg px-lg-4 d-block d-md-none\" href=\"https:\/\/comunidad.comprasdominicana.gob.do\/\/Public\/Tendering\/OpportunityDetail\/Index?noticeUID=DO1.NTC.1251214\" target=\"_blank\" title=\"Detalles\"><i class=\"fas fa-2x fa-link\"><\/i><\/a><\/div><\/div><\/div><\/div><\/div><\/div><\/div><\/div><\/div>\n        <div class=\"card\">\n            <div class=\"card-header parents\" id=\"heading_casos-de-excepcio-n-69f73f7454400-2023-69f73f7454400-abril-69f73f7454400\">\n                <p class=\"title text-blue mb-0\">\n                    <a class=\"btn-block hover text-left collapsed\" data-toggle=\"collapse\" data-target=\"#collap_casos-de-excepcio-n-69f73f7454400-2023-69f73f7454400-abril-69f73f7454400\" aria-expanded=\"false\" aria-controls=\"collap_casos-de-excepcio-n-69f73f7454400-2023-69f73f7454400-abril-69f73f7454400\">Abril<\/a>\n                <\/p>\n            <\/div>\n            <div id=\"collap_casos-de-excepcio-n-69f73f7454400-2023-69f73f7454400-abril-69f73f7454400\" class=\"collapse\" aria-labelledby=\"heading_casos-de-excepcio-n-69f73f7454400-2023-69f73f7454400-abril-69f73f7454400\" data-parent=\"#collap_casos-de-excepcio-n-69f73f7454400-2023-69f73f7454400\">\n                <div class=\"card-body\">\n        <div class=\"card\">\n            <div class=\"card-header parents\" id=\"heading_casos-de-excepcio-n-69f73f7454400-2023-69f73f7454400-abril-69f73f7454400-urgencia-69f73f7454400\">\n                <p class=\"title text-blue mb-0\">\n                    <a class=\"btn-block hover text-left collapsed\" data-toggle=\"collapse\" data-target=\"#collap_casos-de-excepcio-n-69f73f7454400-2023-69f73f7454400-abril-69f73f7454400-urgencia-69f73f7454400\" aria-expanded=\"false\" aria-controls=\"collap_casos-de-excepcio-n-69f73f7454400-2023-69f73f7454400-abril-69f73f7454400-urgencia-69f73f7454400\">Urgencia<\/a>\n                <\/p>\n            <\/div>\n            <div id=\"collap_casos-de-excepcio-n-69f73f7454400-2023-69f73f7454400-abril-69f73f7454400-urgencia-69f73f7454400\" class=\"collapse\" aria-labelledby=\"heading_casos-de-excepcio-n-69f73f7454400-2023-69f73f7454400-abril-69f73f7454400-urgencia-69f73f7454400\" data-parent=\"#collap_casos-de-excepcio-n-69f73f7454400-2023-69f73f7454400-abril-69f73f7454400\">\n                <div class=\"card-body\"><div class=\"jumbotron archivos\"><div class=\"row align-items-center\"><div class=\"col\"><h6><a class=\"text-dark\" href=\"https:\/\/comunidad.comprasdominicana.gob.do\/\/Public\/Tendering\/OpportunityDetail\/Index?noticeUID=DO1.NTC.1230218\" title=\"Ver\" target=\"_blank\">INESPRE-MAE-PEUR-2023-0001<\/a><\/h6><p class=\"mb-0 bold\">Contrataci\u00f3n del Servicio de Transporte dirigido a Mipymes\n<\/p><p class=\"mb-0\" style=\"font-size: .85rem\"><strong title=\"Estado del Proceso\"><i class=\"fas fa-spinner\"><\/i><\/strong> Proceso adjudicado y celebrado<\/p><p class=\"mb-0\" style=\"font-size: .85rem\"><strong title=\"Fecha de Publicaci\u00f3n\"><i class=\"fas fa-calendar-alt\"><\/i><\/strong> Publicado el jueves, 20 de abril de 2023<\/p><\/div><div class=\"col-auto mt-md-0 mt-2\"><a class=\"btn btn-primary btn-lg px-lg-4 d-none d-md-block\" href=\"https:\/\/comunidad.comprasdominicana.gob.do\/\/Public\/Tendering\/OpportunityDetail\/Index?noticeUID=DO1.NTC.1230218\" target=\"_blank\" title=\"Detalles\"><i class=\"fas fa-link\"><\/i> DETALLES<\/a><a class=\"btn btn-primary btn-lg px-lg-4 d-block d-md-none\" href=\"https:\/\/comunidad.comprasdominicana.gob.do\/\/Public\/Tendering\/OpportunityDetail\/Index?noticeUID=DO1.NTC.1230218\" target=\"_blank\" title=\"Detalles\"><i class=\"fas fa-2x fa-link\"><\/i><\/a><\/div><\/div><\/div><\/div><\/div><\/div><\/div><\/div><\/div><\/div><\/div><\/div>\n        <div class=\"card\">\n            <div class=\"card-header parents\" id=\"heading_casos-de-excepcio-n-69f73f7454400-2022-69f73f7454400\">\n                <p class=\"title text-blue mb-0\">\n                    <a class=\"btn-block hover text-left collapsed\" data-toggle=\"collapse\" data-target=\"#collap_casos-de-excepcio-n-69f73f7454400-2022-69f73f7454400\" aria-expanded=\"false\" aria-controls=\"collap_casos-de-excepcio-n-69f73f7454400-2022-69f73f7454400\">2022<\/a>\n                <\/p>\n            <\/div>\n            <div id=\"collap_casos-de-excepcio-n-69f73f7454400-2022-69f73f7454400\" class=\"collapse\" aria-labelledby=\"heading_casos-de-excepcio-n-69f73f7454400-2022-69f73f7454400\" data-parent=\"#collap_casos-de-excepcio-n-69f73f7454400\">\n                <div class=\"card-body\">\n        <div class=\"card\">\n            <div class=\"card-header parents\" id=\"heading_casos-de-excepcio-n-69f73f7454400-2022-69f73f7454400-diciembre-69f73f7454400\">\n                <p class=\"title text-blue mb-0\">\n                    <a class=\"btn-block hover text-left collapsed\" data-toggle=\"collapse\" data-target=\"#collap_casos-de-excepcio-n-69f73f7454400-2022-69f73f7454400-diciembre-69f73f7454400\" aria-expanded=\"false\" aria-controls=\"collap_casos-de-excepcio-n-69f73f7454400-2022-69f73f7454400-diciembre-69f73f7454400\">Diciembre<\/a>\n                <\/p>\n            <\/div>\n            <div id=\"collap_casos-de-excepcio-n-69f73f7454400-2022-69f73f7454400-diciembre-69f73f7454400\" class=\"collapse\" aria-labelledby=\"heading_casos-de-excepcio-n-69f73f7454400-2022-69f73f7454400-diciembre-69f73f7454400\" data-parent=\"#collap_casos-de-excepcio-n-69f73f7454400-2022-69f73f7454400\">\n                <div class=\"card-body\">\n        <div class=\"card\">\n            <div class=\"card-header parents\" id=\"heading_casos-de-excepcio-n-69f73f7454400-2022-69f73f7454400-diciembre-69f73f7454400-emergencia-69f73f7454400\">\n                <p class=\"title text-blue mb-0\">\n                    <a class=\"btn-block hover text-left collapsed\" data-toggle=\"collapse\" data-target=\"#collap_casos-de-excepcio-n-69f73f7454400-2022-69f73f7454400-diciembre-69f73f7454400-emergencia-69f73f7454400\" aria-expanded=\"false\" aria-controls=\"collap_casos-de-excepcio-n-69f73f7454400-2022-69f73f7454400-diciembre-69f73f7454400-emergencia-69f73f7454400\">Emergencia<\/a>\n                <\/p>\n            <\/div>\n            <div id=\"collap_casos-de-excepcio-n-69f73f7454400-2022-69f73f7454400-diciembre-69f73f7454400-emergencia-69f73f7454400\" class=\"collapse\" aria-labelledby=\"heading_casos-de-excepcio-n-69f73f7454400-2022-69f73f7454400-diciembre-69f73f7454400-emergencia-69f73f7454400\" data-parent=\"#collap_casos-de-excepcio-n-69f73f7454400-2022-69f73f7454400-diciembre-69f73f7454400\">\n                <div class=\"card-body\"><div class=\"jumbotron archivos\"><div class=\"row align-items-center\"><div class=\"col\"><h6><a class=\"text-dark\" href=\"https:\/\/comunidad.comprasdominicana.gob.do\/\/Public\/Tendering\/OpportunityDetail\/Index?noticeUID=DO1.NTC.1167446\" title=\"Ver\" target=\"_blank\">INESPRE-MAE-PEEN-2022-0003<\/a><\/h6><p class=\"mb-0 bold\">Adquisici\u00f3n Pan para Abastecer los programas que desarrolla la instituci\u00f3n a nivel nacional, dirigido exclusivamente a Mipymes<\/p><p class=\"mb-0\" style=\"font-size: .85rem\"><strong title=\"Estado del Proceso\"><i class=\"fas fa-spinner\"><\/i><\/strong> Proceso adjudicado y celebrado<\/p><p class=\"mb-0\" style=\"font-size: .85rem\"><strong title=\"Fecha de Publicaci\u00f3n\"><i class=\"fas fa-calendar-alt\"><\/i><\/strong> Publicado el lunes, 5 de diciembre de 2022<\/p><\/div><div class=\"col-auto mt-md-0 mt-2\"><a class=\"btn btn-primary btn-lg px-lg-4 d-none d-md-block\" href=\"https:\/\/comunidad.comprasdominicana.gob.do\/\/Public\/Tendering\/OpportunityDetail\/Index?noticeUID=DO1.NTC.1167446\" target=\"_blank\" title=\"Detalles\"><i class=\"fas fa-link\"><\/i> DETALLES<\/a><a class=\"btn btn-primary btn-lg px-lg-4 d-block d-md-none\" href=\"https:\/\/comunidad.comprasdominicana.gob.do\/\/Public\/Tendering\/OpportunityDetail\/Index?noticeUID=DO1.NTC.1167446\" target=\"_blank\" title=\"Detalles\"><i class=\"fas fa-2x fa-link\"><\/i><\/a><\/div><\/div><\/div><div class=\"jumbotron archivos\"><div class=\"row align-items-center\"><div class=\"col\"><h6><a class=\"text-dark\" href=\"https:\/\/comunidad.comprasdominicana.gob.do\/\/Public\/Tendering\/OpportunityDetail\/Index?noticeUID=DO1.NTC.1167443\" title=\"Ver\" target=\"_blank\">INESPRE-MAE-PEEN-2022-0004<\/a><\/h6><p class=\"mb-0 bold\">Adquisici\u00f3n Combos de Alimenticios para abastecer los programas que desarrolla la Instituci\u00f3n a nivel nacional<\/p><p class=\"mb-0\" style=\"font-size: .85rem\"><strong title=\"Estado del Proceso\"><i class=\"fas fa-spinner\"><\/i><\/strong> Proceso adjudicado y celebrado<\/p><p class=\"mb-0\" style=\"font-size: .85rem\"><strong title=\"Fecha de Publicaci\u00f3n\"><i class=\"fas fa-calendar-alt\"><\/i><\/strong> Publicado el lunes, 5 de diciembre de 2022<\/p><\/div><div class=\"col-auto mt-md-0 mt-2\"><a class=\"btn btn-primary btn-lg px-lg-4 d-none d-md-block\" href=\"https:\/\/comunidad.comprasdominicana.gob.do\/\/Public\/Tendering\/OpportunityDetail\/Index?noticeUID=DO1.NTC.1167443\" target=\"_blank\" title=\"Detalles\"><i class=\"fas fa-link\"><\/i> DETALLES<\/a><a class=\"btn btn-primary btn-lg px-lg-4 d-block d-md-none\" href=\"https:\/\/comunidad.comprasdominicana.gob.do\/\/Public\/Tendering\/OpportunityDetail\/Index?noticeUID=DO1.NTC.1167443\" target=\"_blank\" title=\"Detalles\"><i class=\"fas fa-2x fa-link\"><\/i><\/a><\/div><\/div><\/div><\/div><\/div><\/div><\/div><\/div><\/div>\n        <div class=\"card\">\n            <div class=\"card-header parents\" id=\"heading_casos-de-excepcio-n-69f73f7454400-2022-69f73f7454400-octubre-69f73f7454400\">\n                <p class=\"title text-blue mb-0\">\n                    <a class=\"btn-block hover text-left collapsed\" data-toggle=\"collapse\" data-target=\"#collap_casos-de-excepcio-n-69f73f7454400-2022-69f73f7454400-octubre-69f73f7454400\" aria-expanded=\"false\" aria-controls=\"collap_casos-de-excepcio-n-69f73f7454400-2022-69f73f7454400-octubre-69f73f7454400\">Octubre<\/a>\n                <\/p>\n            <\/div>\n            <div id=\"collap_casos-de-excepcio-n-69f73f7454400-2022-69f73f7454400-octubre-69f73f7454400\" class=\"collapse\" aria-labelledby=\"heading_casos-de-excepcio-n-69f73f7454400-2022-69f73f7454400-octubre-69f73f7454400\" data-parent=\"#collap_casos-de-excepcio-n-69f73f7454400-2022-69f73f7454400\">\n                <div class=\"card-body\">\n        <div class=\"card\">\n            <div class=\"card-header parents\" id=\"heading_casos-de-excepcio-n-69f73f7454400-2022-69f73f7454400-octubre-69f73f7454400-emergencia-69f73f7454400\">\n                <p class=\"title text-blue mb-0\">\n                    <a class=\"btn-block hover text-left collapsed\" data-toggle=\"collapse\" data-target=\"#collap_casos-de-excepcio-n-69f73f7454400-2022-69f73f7454400-octubre-69f73f7454400-emergencia-69f73f7454400\" aria-expanded=\"false\" aria-controls=\"collap_casos-de-excepcio-n-69f73f7454400-2022-69f73f7454400-octubre-69f73f7454400-emergencia-69f73f7454400\">Emergencia<\/a>\n                <\/p>\n            <\/div>\n            <div id=\"collap_casos-de-excepcio-n-69f73f7454400-2022-69f73f7454400-octubre-69f73f7454400-emergencia-69f73f7454400\" class=\"collapse\" aria-labelledby=\"heading_casos-de-excepcio-n-69f73f7454400-2022-69f73f7454400-octubre-69f73f7454400-emergencia-69f73f7454400\" data-parent=\"#collap_casos-de-excepcio-n-69f73f7454400-2022-69f73f7454400-octubre-69f73f7454400\">\n                <div class=\"card-body\"><div class=\"jumbotron archivos\"><div class=\"row align-items-center\"><div class=\"col\"><h6><a class=\"text-dark\" href=\"https:\/\/comunidad.comprasdominicana.gob.do\/\/Public\/Tendering\/OpportunityDetail\/Index?noticeUID=DO1.NTC.1144675\" title=\"Ver\" target=\"_blank\">INESPRE-MAE-PEEN-2022-0002<\/a><\/h6><p class=\"mb-0 bold\"> Adquisici\u00f3n de Alimentos crudos para los programas que desarrolla la Instituci\u00f3n en las zonas afectadas por el hurac\u00e1n fiona<\/p><p class=\"mb-0\" style=\"font-size: .85rem\"><strong title=\"Estado del Proceso\"><i class=\"fas fa-spinner\"><\/i><\/strong> Proceso adjudicado y celebrado<\/p><p class=\"mb-0\" style=\"font-size: .85rem\"><strong title=\"Fecha de Publicaci\u00f3n\"><i class=\"fas fa-calendar-alt\"><\/i><\/strong> Publicado el martes, 18 de octubre de 2022<\/p><\/div><div class=\"col-auto mt-md-0 mt-2\"><a class=\"btn btn-primary btn-lg px-lg-4 d-none d-md-block\" href=\"https:\/\/comunidad.comprasdominicana.gob.do\/\/Public\/Tendering\/OpportunityDetail\/Index?noticeUID=DO1.NTC.1144675\" target=\"_blank\" title=\"Detalles\"><i class=\"fas fa-link\"><\/i> DETALLES<\/a><a class=\"btn btn-primary btn-lg px-lg-4 d-block d-md-none\" href=\"https:\/\/comunidad.comprasdominicana.gob.do\/\/Public\/Tendering\/OpportunityDetail\/Index?noticeUID=DO1.NTC.1144675\" target=\"_blank\" title=\"Detalles\"><i class=\"fas fa-2x fa-link\"><\/i><\/a><\/div><\/div><\/div><div class=\"jumbotron archivos\"><div class=\"row align-items-center\"><div class=\"col\"><h6><a class=\"text-dark\" href=\"https:\/\/comunidad.comprasdominicana.gob.do\/\/Public\/Tendering\/OpportunityDetail\/Index?noticeUID=DO1.NTC.1144561\" title=\"Ver\" target=\"_blank\">INESPRE-MAE-PEEN-2022-0001<\/a><\/h6><p class=\"mb-0 bold\">Adquisici\u00f3n de 125,000 Combos Alimenticios para los programas que desarrolla la Instituci\u00f3n en las zonas afectadas por el hurac\u00e1n Fiona.<\/p><p class=\"mb-0\" style=\"font-size: .85rem\"><strong title=\"Estado del Proceso\"><i class=\"fas fa-spinner\"><\/i><\/strong> Proceso adjudicado y celebrado<\/p><p class=\"mb-0\" style=\"font-size: .85rem\"><strong title=\"Fecha de Publicaci\u00f3n\"><i class=\"fas fa-calendar-alt\"><\/i><\/strong> Publicado el martes, 18 de octubre de 2022<\/p><\/div><div class=\"col-auto mt-md-0 mt-2\"><a class=\"btn btn-primary btn-lg px-lg-4 d-none d-md-block\" href=\"https:\/\/comunidad.comprasdominicana.gob.do\/\/Public\/Tendering\/OpportunityDetail\/Index?noticeUID=DO1.NTC.1144561\" target=\"_blank\" title=\"Detalles\"><i class=\"fas fa-link\"><\/i> DETALLES<\/a><a class=\"btn btn-primary btn-lg px-lg-4 d-block d-md-none\" href=\"https:\/\/comunidad.comprasdominicana.gob.do\/\/Public\/Tendering\/OpportunityDetail\/Index?noticeUID=DO1.NTC.1144561\" target=\"_blank\" title=\"Detalles\"><i class=\"fas fa-2x fa-link\"><\/i><\/a><\/div><\/div><\/div><\/div><\/div><\/div><\/div><\/div><\/div>\n        <div class=\"card\">\n            <div class=\"card-header parents\" id=\"heading_casos-de-excepcio-n-69f73f7454400-2022-69f73f7454400-agosto-69f73f7454400\">\n                <p class=\"title text-blue mb-0\">\n                    <a class=\"btn-block hover text-left collapsed\" data-toggle=\"collapse\" data-target=\"#collap_casos-de-excepcio-n-69f73f7454400-2022-69f73f7454400-agosto-69f73f7454400\" aria-expanded=\"false\" aria-controls=\"collap_casos-de-excepcio-n-69f73f7454400-2022-69f73f7454400-agosto-69f73f7454400\">Agosto<\/a>\n                <\/p>\n            <\/div>\n            <div id=\"collap_casos-de-excepcio-n-69f73f7454400-2022-69f73f7454400-agosto-69f73f7454400\" class=\"collapse\" aria-labelledby=\"heading_casos-de-excepcio-n-69f73f7454400-2022-69f73f7454400-agosto-69f73f7454400\" data-parent=\"#collap_casos-de-excepcio-n-69f73f7454400-2022-69f73f7454400\">\n                <div class=\"card-body\">\n        <div class=\"card\">\n            <div class=\"card-header parents\" id=\"heading_casos-de-excepcio-n-69f73f7454400-2022-69f73f7454400-agosto-69f73f7454400-urgencia-69f73f7454400\">\n                <p class=\"title text-blue mb-0\">\n                    <a class=\"btn-block hover text-left collapsed\" data-toggle=\"collapse\" data-target=\"#collap_casos-de-excepcio-n-69f73f7454400-2022-69f73f7454400-agosto-69f73f7454400-urgencia-69f73f7454400\" aria-expanded=\"false\" aria-controls=\"collap_casos-de-excepcio-n-69f73f7454400-2022-69f73f7454400-agosto-69f73f7454400-urgencia-69f73f7454400\">Urgencia<\/a>\n                <\/p>\n            <\/div>\n            <div id=\"collap_casos-de-excepcio-n-69f73f7454400-2022-69f73f7454400-agosto-69f73f7454400-urgencia-69f73f7454400\" class=\"collapse\" aria-labelledby=\"heading_casos-de-excepcio-n-69f73f7454400-2022-69f73f7454400-agosto-69f73f7454400-urgencia-69f73f7454400\" data-parent=\"#collap_casos-de-excepcio-n-69f73f7454400-2022-69f73f7454400-agosto-69f73f7454400\">\n                <div class=\"card-body\"><div class=\"jumbotron archivos\"><div class=\"row align-items-center\"><div class=\"col\"><h6><a class=\"text-dark\" href=\"https:\/\/comunidad.comprasdominicana.gob.do\/\/Public\/Tendering\/OpportunityDetail\/Index?noticeUID=DO1.NTC.1114746\" title=\"Ver\" target=\"_blank\">INESPRE-MAE-PEUR-2022-0003<\/a><\/h6><p class=\"mb-0 bold\">Servicio de Contrataci\u00f3n de Transporte<\/p><p class=\"mb-0\" style=\"font-size: .85rem\"><strong title=\"Estado del Proceso\"><i class=\"fas fa-spinner\"><\/i><\/strong> Proceso adjudicado y celebrado<\/p><p class=\"mb-0\" style=\"font-size: .85rem\"><strong title=\"Fecha de Publicaci\u00f3n\"><i class=\"fas fa-calendar-alt\"><\/i><\/strong> Publicado el lunes, 8 de agosto de 2022<\/p><\/div><div class=\"col-auto mt-md-0 mt-2\"><a class=\"btn btn-primary btn-lg px-lg-4 d-none d-md-block\" href=\"https:\/\/comunidad.comprasdominicana.gob.do\/\/Public\/Tendering\/OpportunityDetail\/Index?noticeUID=DO1.NTC.1114746\" target=\"_blank\" title=\"Detalles\"><i class=\"fas fa-link\"><\/i> DETALLES<\/a><a class=\"btn btn-primary btn-lg px-lg-4 d-block d-md-none\" href=\"https:\/\/comunidad.comprasdominicana.gob.do\/\/Public\/Tendering\/OpportunityDetail\/Index?noticeUID=DO1.NTC.1114746\" target=\"_blank\" title=\"Detalles\"><i class=\"fas fa-2x fa-link\"><\/i><\/a><\/div><\/div><\/div><\/div><\/div><\/div><\/div><\/div><\/div>\n        <div class=\"card\">\n            <div class=\"card-header parents\" id=\"heading_casos-de-excepcio-n-69f73f7454400-2022-69f73f7454400-julio-69f73f7454400\">\n                <p class=\"title text-blue mb-0\">\n                    <a class=\"btn-block hover text-left collapsed\" data-toggle=\"collapse\" data-target=\"#collap_casos-de-excepcio-n-69f73f7454400-2022-69f73f7454400-julio-69f73f7454400\" aria-expanded=\"false\" aria-controls=\"collap_casos-de-excepcio-n-69f73f7454400-2022-69f73f7454400-julio-69f73f7454400\">Julio<\/a>\n                <\/p>\n            <\/div>\n            <div id=\"collap_casos-de-excepcio-n-69f73f7454400-2022-69f73f7454400-julio-69f73f7454400\" class=\"collapse\" aria-labelledby=\"heading_casos-de-excepcio-n-69f73f7454400-2022-69f73f7454400-julio-69f73f7454400\" data-parent=\"#collap_casos-de-excepcio-n-69f73f7454400-2022-69f73f7454400\">\n                <div class=\"card-body\">\n        <div class=\"card\">\n            <div class=\"card-header parents\" id=\"heading_casos-de-excepcio-n-69f73f7454400-2022-69f73f7454400-julio-69f73f7454400-urgencia-69f73f7454400\">\n                <p class=\"title text-blue mb-0\">\n                    <a class=\"btn-block hover text-left collapsed\" data-toggle=\"collapse\" data-target=\"#collap_casos-de-excepcio-n-69f73f7454400-2022-69f73f7454400-julio-69f73f7454400-urgencia-69f73f7454400\" aria-expanded=\"false\" aria-controls=\"collap_casos-de-excepcio-n-69f73f7454400-2022-69f73f7454400-julio-69f73f7454400-urgencia-69f73f7454400\">Urgencia<\/a>\n                <\/p>\n            <\/div>\n            <div id=\"collap_casos-de-excepcio-n-69f73f7454400-2022-69f73f7454400-julio-69f73f7454400-urgencia-69f73f7454400\" class=\"collapse\" aria-labelledby=\"heading_casos-de-excepcio-n-69f73f7454400-2022-69f73f7454400-julio-69f73f7454400-urgencia-69f73f7454400\" data-parent=\"#collap_casos-de-excepcio-n-69f73f7454400-2022-69f73f7454400-julio-69f73f7454400\">\n                <div class=\"card-body\"><div class=\"jumbotron archivos\"><div class=\"row align-items-center\"><div class=\"col\"><h6><a class=\"text-dark\" href=\"https:\/\/comunidad.comprasdominicana.gob.do\/\/Public\/Tendering\/OpportunityDetail\/Index?noticeUID=DO1.NTC.1106019\" title=\"Ver\" target=\"_blank\">INESPRE-MAE-PEUR-2022-0002<\/a><\/h6><p class=\"mb-0 bold\">Adquisici\u00f3n de Combustible (Gasoil Regular y Gasolina Regular) para el uso del Instituto de Estabilizaci\u00f3n de Precios a nivel Nacional<\/p><p class=\"mb-0\" style=\"font-size: .85rem\"><strong title=\"Estado del Proceso\"><i class=\"fas fa-spinner\"><\/i><\/strong> Proceso adjudicado y celebrado<\/p><p class=\"mb-0\" style=\"font-size: .85rem\"><strong title=\"Fecha de Publicaci\u00f3n\"><i class=\"fas fa-calendar-alt\"><\/i><\/strong> Publicado el jueves, 21 de julio de 2022<\/p><\/div><div class=\"col-auto mt-md-0 mt-2\"><a class=\"btn btn-primary btn-lg px-lg-4 d-none d-md-block\" href=\"https:\/\/comunidad.comprasdominicana.gob.do\/\/Public\/Tendering\/OpportunityDetail\/Index?noticeUID=DO1.NTC.1106019\" target=\"_blank\" title=\"Detalles\"><i class=\"fas fa-link\"><\/i> DETALLES<\/a><a class=\"btn btn-primary btn-lg px-lg-4 d-block d-md-none\" href=\"https:\/\/comunidad.comprasdominicana.gob.do\/\/Public\/Tendering\/OpportunityDetail\/Index?noticeUID=DO1.NTC.1106019\" target=\"_blank\" title=\"Detalles\"><i class=\"fas fa-2x fa-link\"><\/i><\/a><\/div><\/div><\/div><\/div><\/div><\/div><\/div><\/div><\/div>\n        <div class=\"card\">\n            <div class=\"card-header parents\" id=\"heading_casos-de-excepcio-n-69f73f7454400-2022-69f73f7454400-abril-69f73f7454400\">\n                <p class=\"title text-blue mb-0\">\n                    <a class=\"btn-block hover text-left collapsed\" data-toggle=\"collapse\" data-target=\"#collap_casos-de-excepcio-n-69f73f7454400-2022-69f73f7454400-abril-69f73f7454400\" aria-expanded=\"false\" aria-controls=\"collap_casos-de-excepcio-n-69f73f7454400-2022-69f73f7454400-abril-69f73f7454400\">Abril<\/a>\n                <\/p>\n            <\/div>\n            <div id=\"collap_casos-de-excepcio-n-69f73f7454400-2022-69f73f7454400-abril-69f73f7454400\" class=\"collapse\" aria-labelledby=\"heading_casos-de-excepcio-n-69f73f7454400-2022-69f73f7454400-abril-69f73f7454400\" data-parent=\"#collap_casos-de-excepcio-n-69f73f7454400-2022-69f73f7454400\">\n                <div class=\"card-body\">\n        <div class=\"card\">\n            <div class=\"card-header parents\" id=\"heading_casos-de-excepcio-n-69f73f7454400-2022-69f73f7454400-abril-69f73f7454400-urgencia-69f73f7454400\">\n                <p class=\"title text-blue mb-0\">\n                    <a class=\"btn-block hover text-left collapsed\" data-toggle=\"collapse\" data-target=\"#collap_casos-de-excepcio-n-69f73f7454400-2022-69f73f7454400-abril-69f73f7454400-urgencia-69f73f7454400\" aria-expanded=\"false\" aria-controls=\"collap_casos-de-excepcio-n-69f73f7454400-2022-69f73f7454400-abril-69f73f7454400-urgencia-69f73f7454400\">Urgencia<\/a>\n                <\/p>\n            <\/div>\n            <div id=\"collap_casos-de-excepcio-n-69f73f7454400-2022-69f73f7454400-abril-69f73f7454400-urgencia-69f73f7454400\" class=\"collapse\" aria-labelledby=\"heading_casos-de-excepcio-n-69f73f7454400-2022-69f73f7454400-abril-69f73f7454400-urgencia-69f73f7454400\" data-parent=\"#collap_casos-de-excepcio-n-69f73f7454400-2022-69f73f7454400-abril-69f73f7454400\">\n                <div class=\"card-body\"><div class=\"jumbotron archivos\"><div class=\"row align-items-center\"><div class=\"col\"><h6><a class=\"text-dark\" href=\"https:\/\/comunidad.comprasdominicana.gob.do\/\/Public\/Tendering\/OpportunityDetail\/Index?noticeUID=DO1.NTC.1064045\" title=\"Ver\" target=\"_blank\">INESPRE-MAE-PEUR-2022-0001<\/a><\/h6><p class=\"mb-0 bold\">Adquisici\u00f3n de Bolsas Reusables<\/p><p class=\"mb-0\" style=\"font-size: .85rem\"><strong title=\"Estado del Proceso\"><i class=\"fas fa-spinner\"><\/i><\/strong> Proceso adjudicado y celebrado<\/p><p class=\"mb-0\" style=\"font-size: .85rem\"><strong title=\"Fecha de Publicaci\u00f3n\"><i class=\"fas fa-calendar-alt\"><\/i><\/strong> Publicado el lunes, 11 de abril de 2022<\/p><\/div><div class=\"col-auto mt-md-0 mt-2\"><a class=\"btn btn-primary btn-lg px-lg-4 d-none d-md-block\" href=\"https:\/\/comunidad.comprasdominicana.gob.do\/\/Public\/Tendering\/OpportunityDetail\/Index?noticeUID=DO1.NTC.1064045\" target=\"_blank\" title=\"Detalles\"><i class=\"fas fa-link\"><\/i> DETALLES<\/a><a class=\"btn btn-primary btn-lg px-lg-4 d-block d-md-none\" href=\"https:\/\/comunidad.comprasdominicana.gob.do\/\/Public\/Tendering\/OpportunityDetail\/Index?noticeUID=DO1.NTC.1064045\" target=\"_blank\" title=\"Detalles\"><i class=\"fas fa-2x fa-link\"><\/i><\/a><\/div><\/div><\/div><\/div><\/div><\/div><\/div><\/div><\/div><\/div><\/div><\/div>\n        <div class=\"card\">\n            <div class=\"card-header parents\" id=\"heading_casos-de-excepcio-n-69f73f7454400-2021-69f73f7454400\">\n                <p class=\"title text-blue mb-0\">\n                    <a class=\"btn-block hover text-left collapsed\" data-toggle=\"collapse\" data-target=\"#collap_casos-de-excepcio-n-69f73f7454400-2021-69f73f7454400\" aria-expanded=\"false\" aria-controls=\"collap_casos-de-excepcio-n-69f73f7454400-2021-69f73f7454400\">2021<\/a>\n                <\/p>\n            <\/div>\n            <div id=\"collap_casos-de-excepcio-n-69f73f7454400-2021-69f73f7454400\" class=\"collapse\" aria-labelledby=\"heading_casos-de-excepcio-n-69f73f7454400-2021-69f73f7454400\" data-parent=\"#collap_casos-de-excepcio-n-69f73f7454400\">\n                <div class=\"card-body\">\n        <div class=\"card\">\n            <div class=\"card-header parents\" id=\"heading_casos-de-excepcio-n-69f73f7454400-2021-69f73f7454400-noviembre-69f73f7454400\">\n                <p class=\"title text-blue mb-0\">\n                    <a class=\"btn-block hover text-left collapsed\" data-toggle=\"collapse\" data-target=\"#collap_casos-de-excepcio-n-69f73f7454400-2021-69f73f7454400-noviembre-69f73f7454400\" aria-expanded=\"false\" aria-controls=\"collap_casos-de-excepcio-n-69f73f7454400-2021-69f73f7454400-noviembre-69f73f7454400\">Noviembre<\/a>\n                <\/p>\n            <\/div>\n            <div id=\"collap_casos-de-excepcio-n-69f73f7454400-2021-69f73f7454400-noviembre-69f73f7454400\" class=\"collapse\" aria-labelledby=\"heading_casos-de-excepcio-n-69f73f7454400-2021-69f73f7454400-noviembre-69f73f7454400\" data-parent=\"#collap_casos-de-excepcio-n-69f73f7454400-2021-69f73f7454400\">\n                <div class=\"card-body\">\n        <div class=\"card\">\n            <div class=\"card-header parents\" id=\"heading_casos-de-excepcio-n-69f73f7454400-2021-69f73f7454400-noviembre-69f73f7454400-urgencia-69f73f7454400\">\n                <p class=\"title text-blue mb-0\">\n                    <a class=\"btn-block hover text-left collapsed\" data-toggle=\"collapse\" data-target=\"#collap_casos-de-excepcio-n-69f73f7454400-2021-69f73f7454400-noviembre-69f73f7454400-urgencia-69f73f7454400\" aria-expanded=\"false\" aria-controls=\"collap_casos-de-excepcio-n-69f73f7454400-2021-69f73f7454400-noviembre-69f73f7454400-urgencia-69f73f7454400\">Urgencia<\/a>\n                <\/p>\n            <\/div>\n            <div id=\"collap_casos-de-excepcio-n-69f73f7454400-2021-69f73f7454400-noviembre-69f73f7454400-urgencia-69f73f7454400\" class=\"collapse\" aria-labelledby=\"heading_casos-de-excepcio-n-69f73f7454400-2021-69f73f7454400-noviembre-69f73f7454400-urgencia-69f73f7454400\" data-parent=\"#collap_casos-de-excepcio-n-69f73f7454400-2021-69f73f7454400-noviembre-69f73f7454400\">\n                <div class=\"card-body\"><div class=\"jumbotron archivos\"><div class=\"row align-items-center\"><div class=\"col\"><h6><a class=\"text-dark\" href=\"https:\/\/comunidad.comprasdominicana.gob.do\/\/Public\/Tendering\/OpportunityDetail\/Index?noticeUID=DO1.NTC.996439\" title=\"Ver\" target=\"_blank\">INESPRE-MAE-PEUR-2021-0004<\/a><\/h6><p class=\"mb-0 bold\">Adquisici\u00f3n de Productos Alimenticios para abastecer los programas que desarrolla la Instituci\u00f3n a Nivel Nacional<\/p><p class=\"mb-0\" style=\"font-size: .85rem\"><strong title=\"Estado del Proceso\"><i class=\"fas fa-spinner\"><\/i><\/strong> Proceso adjudicado y celebrado<\/p><p class=\"mb-0\" style=\"font-size: .85rem\"><strong title=\"Fecha de Publicaci\u00f3n\"><i class=\"fas fa-calendar-alt\"><\/i><\/strong> Publicado el lunes, 8 de noviembre de 2021<\/p><\/div><div class=\"col-auto mt-md-0 mt-2\"><a class=\"btn btn-primary btn-lg px-lg-4 d-none d-md-block\" href=\"https:\/\/comunidad.comprasdominicana.gob.do\/\/Public\/Tendering\/OpportunityDetail\/Index?noticeUID=DO1.NTC.996439\" target=\"_blank\" title=\"Detalles\"><i class=\"fas fa-link\"><\/i> DETALLES<\/a><a class=\"btn btn-primary btn-lg px-lg-4 d-block d-md-none\" href=\"https:\/\/comunidad.comprasdominicana.gob.do\/\/Public\/Tendering\/OpportunityDetail\/Index?noticeUID=DO1.NTC.996439\" target=\"_blank\" title=\"Detalles\"><i class=\"fas fa-2x fa-link\"><\/i><\/a><\/div><\/div><\/div><\/div><\/div><\/div><\/div><\/div><\/div>\n        <div class=\"card\">\n            <div class=\"card-header parents\" id=\"heading_casos-de-excepcio-n-69f73f7454400-2021-69f73f7454400-septiembre-69f73f7454400\">\n                <p class=\"title text-blue mb-0\">\n                    <a class=\"btn-block hover text-left collapsed\" data-toggle=\"collapse\" data-target=\"#collap_casos-de-excepcio-n-69f73f7454400-2021-69f73f7454400-septiembre-69f73f7454400\" aria-expanded=\"false\" aria-controls=\"collap_casos-de-excepcio-n-69f73f7454400-2021-69f73f7454400-septiembre-69f73f7454400\">Septiembre<\/a>\n                <\/p>\n            <\/div>\n            <div id=\"collap_casos-de-excepcio-n-69f73f7454400-2021-69f73f7454400-septiembre-69f73f7454400\" class=\"collapse\" aria-labelledby=\"heading_casos-de-excepcio-n-69f73f7454400-2021-69f73f7454400-septiembre-69f73f7454400\" data-parent=\"#collap_casos-de-excepcio-n-69f73f7454400-2021-69f73f7454400\">\n                <div class=\"card-body\">\n        <div class=\"card\">\n            <div class=\"card-header parents\" id=\"heading_casos-de-excepcio-n-69f73f7454400-2021-69f73f7454400-septiembre-69f73f7454400-urgencia-69f73f7454400\">\n                <p class=\"title text-blue mb-0\">\n                    <a class=\"btn-block hover text-left collapsed\" data-toggle=\"collapse\" data-target=\"#collap_casos-de-excepcio-n-69f73f7454400-2021-69f73f7454400-septiembre-69f73f7454400-urgencia-69f73f7454400\" aria-expanded=\"false\" aria-controls=\"collap_casos-de-excepcio-n-69f73f7454400-2021-69f73f7454400-septiembre-69f73f7454400-urgencia-69f73f7454400\">Urgencia<\/a>\n                <\/p>\n            <\/div>\n            <div id=\"collap_casos-de-excepcio-n-69f73f7454400-2021-69f73f7454400-septiembre-69f73f7454400-urgencia-69f73f7454400\" class=\"collapse\" aria-labelledby=\"heading_casos-de-excepcio-n-69f73f7454400-2021-69f73f7454400-septiembre-69f73f7454400-urgencia-69f73f7454400\" data-parent=\"#collap_casos-de-excepcio-n-69f73f7454400-2021-69f73f7454400-septiembre-69f73f7454400\">\n                <div class=\"card-body\"><div class=\"jumbotron archivos\"><div class=\"row align-items-center\"><div class=\"col\"><h6><a class=\"text-dark\" href=\"https:\/\/comunidad.comprasdominicana.gob.do\/\/Public\/Tendering\/OpportunityDetail\/Index?noticeUID=DO1.NTC.976339\" title=\"Ver\" target=\"_blank\">INESPRE-MAE-PEUR-2021-0003<\/a><\/h6><p class=\"mb-0 bold\">Adquisici\u00f3n de Bolsas Reusables para ser donadas en los Programas de Comercializaci\u00f3n que desarrolla la Instituci\u00f3n a Nivel Nacional<\/p><p class=\"mb-0\" style=\"font-size: .85rem\"><strong title=\"Estado del Proceso\"><i class=\"fas fa-spinner\"><\/i><\/strong> Proceso adjudicado y celebrado<\/p><p class=\"mb-0\" style=\"font-size: .85rem\"><strong title=\"Fecha de Publicaci\u00f3n\"><i class=\"fas fa-calendar-alt\"><\/i><\/strong> Publicado el lunes, 27 de septiembre de 2021<\/p><\/div><div class=\"col-auto mt-md-0 mt-2\"><a class=\"btn btn-primary btn-lg px-lg-4 d-none d-md-block\" href=\"https:\/\/comunidad.comprasdominicana.gob.do\/\/Public\/Tendering\/OpportunityDetail\/Index?noticeUID=DO1.NTC.976339\" target=\"_blank\" title=\"Detalles\"><i class=\"fas fa-link\"><\/i> DETALLES<\/a><a class=\"btn btn-primary btn-lg px-lg-4 d-block d-md-none\" href=\"https:\/\/comunidad.comprasdominicana.gob.do\/\/Public\/Tendering\/OpportunityDetail\/Index?noticeUID=DO1.NTC.976339\" target=\"_blank\" title=\"Detalles\"><i class=\"fas fa-2x fa-link\"><\/i><\/a><\/div><\/div><\/div><\/div><\/div><\/div><\/div><\/div><\/div>\n        <div class=\"card\">\n            <div class=\"card-header parents\" id=\"heading_casos-de-excepcio-n-69f73f7454400-2021-69f73f7454400-marzo-69f73f7454400\">\n                <p class=\"title text-blue mb-0\">\n                    <a class=\"btn-block hover text-left collapsed\" data-toggle=\"collapse\" data-target=\"#collap_casos-de-excepcio-n-69f73f7454400-2021-69f73f7454400-marzo-69f73f7454400\" aria-expanded=\"false\" aria-controls=\"collap_casos-de-excepcio-n-69f73f7454400-2021-69f73f7454400-marzo-69f73f7454400\">Marzo<\/a>\n                <\/p>\n            <\/div>\n            <div id=\"collap_casos-de-excepcio-n-69f73f7454400-2021-69f73f7454400-marzo-69f73f7454400\" class=\"collapse\" aria-labelledby=\"heading_casos-de-excepcio-n-69f73f7454400-2021-69f73f7454400-marzo-69f73f7454400\" data-parent=\"#collap_casos-de-excepcio-n-69f73f7454400-2021-69f73f7454400\">\n                <div class=\"card-body\">\n        <div class=\"card\">\n            <div class=\"card-header parents\" id=\"heading_casos-de-excepcio-n-69f73f7454400-2021-69f73f7454400-marzo-69f73f7454400-urgencia-69f73f7454400\">\n                <p class=\"title text-blue mb-0\">\n                    <a class=\"btn-block hover text-left collapsed\" data-toggle=\"collapse\" data-target=\"#collap_casos-de-excepcio-n-69f73f7454400-2021-69f73f7454400-marzo-69f73f7454400-urgencia-69f73f7454400\" aria-expanded=\"false\" aria-controls=\"collap_casos-de-excepcio-n-69f73f7454400-2021-69f73f7454400-marzo-69f73f7454400-urgencia-69f73f7454400\">Urgencia<\/a>\n                <\/p>\n            <\/div>\n            <div id=\"collap_casos-de-excepcio-n-69f73f7454400-2021-69f73f7454400-marzo-69f73f7454400-urgencia-69f73f7454400\" class=\"collapse\" aria-labelledby=\"heading_casos-de-excepcio-n-69f73f7454400-2021-69f73f7454400-marzo-69f73f7454400-urgencia-69f73f7454400\" data-parent=\"#collap_casos-de-excepcio-n-69f73f7454400-2021-69f73f7454400-marzo-69f73f7454400\">\n                <div class=\"card-body\"><div class=\"jumbotron archivos\"><div class=\"row align-items-center\"><div class=\"col\"><h6><a class=\"text-dark\" href=\"https:\/\/comunidad.comprasdominicana.gob.do\/\/Public\/Tendering\/OpportunityDetail\/Index?noticeUID=DO1.NTC.884404\" title=\"Ver\" target=\"_blank\">INESPRE-MAE-PEUR-2021-0002<\/a><\/h6><p class=\"mb-0 bold\">Pollos Enteros Congelados de Producci\u00f3n Nacional para abastecer los programas de Comercializaci\u00f3n a Nivel Nacional<\/p><p class=\"mb-0\" style=\"font-size: .85rem\"><strong title=\"Estado del Proceso\"><i class=\"fas fa-spinner\"><\/i><\/strong> Proceso adjudicado y celebrado<\/p><p class=\"mb-0\" style=\"font-size: .85rem\"><strong title=\"Fecha de Publicaci\u00f3n\"><i class=\"fas fa-calendar-alt\"><\/i><\/strong> Publicado el lunes, 8 de marzo de 2021<\/p><\/div><div class=\"col-auto mt-md-0 mt-2\"><a class=\"btn btn-primary btn-lg px-lg-4 d-none d-md-block\" href=\"https:\/\/comunidad.comprasdominicana.gob.do\/\/Public\/Tendering\/OpportunityDetail\/Index?noticeUID=DO1.NTC.884404\" target=\"_blank\" title=\"Detalles\"><i class=\"fas fa-link\"><\/i> DETALLES<\/a><a class=\"btn btn-primary btn-lg px-lg-4 d-block d-md-none\" href=\"https:\/\/comunidad.comprasdominicana.gob.do\/\/Public\/Tendering\/OpportunityDetail\/Index?noticeUID=DO1.NTC.884404\" target=\"_blank\" title=\"Detalles\"><i class=\"fas fa-2x fa-link\"><\/i><\/a><\/div><\/div><\/div><\/div><\/div><\/div><\/div><\/div><\/div>\n        <div class=\"card\">\n            <div class=\"card-header parents\" id=\"heading_casos-de-excepcio-n-69f73f7454400-2021-69f73f7454400-febrero-69f73f7454400\">\n                <p class=\"title text-blue mb-0\">\n                    <a class=\"btn-block hover text-left collapsed\" data-toggle=\"collapse\" data-target=\"#collap_casos-de-excepcio-n-69f73f7454400-2021-69f73f7454400-febrero-69f73f7454400\" aria-expanded=\"false\" aria-controls=\"collap_casos-de-excepcio-n-69f73f7454400-2021-69f73f7454400-febrero-69f73f7454400\">Febrero<\/a>\n                <\/p>\n            <\/div>\n            <div id=\"collap_casos-de-excepcio-n-69f73f7454400-2021-69f73f7454400-febrero-69f73f7454400\" class=\"collapse\" aria-labelledby=\"heading_casos-de-excepcio-n-69f73f7454400-2021-69f73f7454400-febrero-69f73f7454400\" data-parent=\"#collap_casos-de-excepcio-n-69f73f7454400-2021-69f73f7454400\">\n                <div class=\"card-body\">\n        <div class=\"card\">\n            <div class=\"card-header parents\" id=\"heading_casos-de-excepcio-n-69f73f7454400-2021-69f73f7454400-febrero-69f73f7454400-urgencia-69f73f7454400\">\n                <p class=\"title text-blue mb-0\">\n                    <a class=\"btn-block hover text-left collapsed\" data-toggle=\"collapse\" data-target=\"#collap_casos-de-excepcio-n-69f73f7454400-2021-69f73f7454400-febrero-69f73f7454400-urgencia-69f73f7454400\" aria-expanded=\"false\" aria-controls=\"collap_casos-de-excepcio-n-69f73f7454400-2021-69f73f7454400-febrero-69f73f7454400-urgencia-69f73f7454400\">Urgencia<\/a>\n                <\/p>\n            <\/div>\n            <div id=\"collap_casos-de-excepcio-n-69f73f7454400-2021-69f73f7454400-febrero-69f73f7454400-urgencia-69f73f7454400\" class=\"collapse\" aria-labelledby=\"heading_casos-de-excepcio-n-69f73f7454400-2021-69f73f7454400-febrero-69f73f7454400-urgencia-69f73f7454400\" data-parent=\"#collap_casos-de-excepcio-n-69f73f7454400-2021-69f73f7454400-febrero-69f73f7454400\">\n                <div class=\"card-body\"><div class=\"jumbotron archivos\"><div class=\"row align-items-center\"><div class=\"col\"><h6><a class=\"text-dark\" href=\"https:\/\/comunidad.comprasdominicana.gob.do\/\/Public\/Tendering\/OpportunityDetail\/Index?noticeUID=DO1.NTC.872220\" title=\"Ver\" target=\"_blank\">INESPRE-MAE-PEUR-2021-0001<\/a><\/h6><p class=\"mb-0 bold\">Contrataci\u00f3n del Servicio de Transporte para la Operaciones de Comercializaci\u00f3n de Productos a Nivel Nacional<\/p><p class=\"mb-0\" style=\"font-size: .85rem\"><strong title=\"Estado del Proceso\"><i class=\"fas fa-spinner\"><\/i><\/strong> Proceso adjudicado y celebrado<\/p><p class=\"mb-0\" style=\"font-size: .85rem\"><strong title=\"Fecha de Publicaci\u00f3n\"><i class=\"fas fa-calendar-alt\"><\/i><\/strong> Publicado el martes, 9 de febrero de 2021<\/p><\/div><div class=\"col-auto mt-md-0 mt-2\"><a class=\"btn btn-primary btn-lg px-lg-4 d-none d-md-block\" href=\"https:\/\/comunidad.comprasdominicana.gob.do\/\/Public\/Tendering\/OpportunityDetail\/Index?noticeUID=DO1.NTC.872220\" target=\"_blank\" title=\"Detalles\"><i class=\"fas fa-link\"><\/i> DETALLES<\/a><a class=\"btn btn-primary btn-lg px-lg-4 d-block d-md-none\" href=\"https:\/\/comunidad.comprasdominicana.gob.do\/\/Public\/Tendering\/OpportunityDetail\/Index?noticeUID=DO1.NTC.872220\" target=\"_blank\" title=\"Detalles\"><i class=\"fas fa-2x fa-link\"><\/i><\/a><\/div><\/div><\/div><\/div><\/div><\/div><\/div><\/div><\/div><\/div><\/div><\/div>\n        <div class=\"card\">\n            <div class=\"card-header parents\" id=\"heading_casos-de-excepcio-n-69f73f7454400-2020-69f73f7454400\">\n                <p class=\"title text-blue mb-0\">\n                    <a class=\"btn-block hover text-left collapsed\" data-toggle=\"collapse\" data-target=\"#collap_casos-de-excepcio-n-69f73f7454400-2020-69f73f7454400\" aria-expanded=\"false\" aria-controls=\"collap_casos-de-excepcio-n-69f73f7454400-2020-69f73f7454400\">2020<\/a>\n                <\/p>\n            <\/div>\n            <div id=\"collap_casos-de-excepcio-n-69f73f7454400-2020-69f73f7454400\" class=\"collapse\" aria-labelledby=\"heading_casos-de-excepcio-n-69f73f7454400-2020-69f73f7454400\" data-parent=\"#collap_casos-de-excepcio-n-69f73f7454400\">\n                <div class=\"card-body\">\n        <div class=\"card\">\n            <div class=\"card-header parents\" id=\"heading_casos-de-excepcio-n-69f73f7454400-2020-69f73f7454400-diciembre-69f73f7454400\">\n                <p class=\"title text-blue mb-0\">\n                    <a class=\"btn-block hover text-left collapsed\" data-toggle=\"collapse\" data-target=\"#collap_casos-de-excepcio-n-69f73f7454400-2020-69f73f7454400-diciembre-69f73f7454400\" aria-expanded=\"false\" aria-controls=\"collap_casos-de-excepcio-n-69f73f7454400-2020-69f73f7454400-diciembre-69f73f7454400\">Diciembre<\/a>\n                <\/p>\n            <\/div>\n            <div id=\"collap_casos-de-excepcio-n-69f73f7454400-2020-69f73f7454400-diciembre-69f73f7454400\" class=\"collapse\" aria-labelledby=\"heading_casos-de-excepcio-n-69f73f7454400-2020-69f73f7454400-diciembre-69f73f7454400\" data-parent=\"#collap_casos-de-excepcio-n-69f73f7454400-2020-69f73f7454400\">\n                <div class=\"card-body\">\n        <div class=\"card\">\n            <div class=\"card-header parents\" id=\"heading_casos-de-excepcio-n-69f73f7454400-2020-69f73f7454400-diciembre-69f73f7454400-urgencia-69f73f7454400\">\n                <p class=\"title text-blue mb-0\">\n                    <a class=\"btn-block hover text-left collapsed\" data-toggle=\"collapse\" data-target=\"#collap_casos-de-excepcio-n-69f73f7454400-2020-69f73f7454400-diciembre-69f73f7454400-urgencia-69f73f7454400\" aria-expanded=\"false\" aria-controls=\"collap_casos-de-excepcio-n-69f73f7454400-2020-69f73f7454400-diciembre-69f73f7454400-urgencia-69f73f7454400\">Urgencia<\/a>\n                <\/p>\n            <\/div>\n            <div id=\"collap_casos-de-excepcio-n-69f73f7454400-2020-69f73f7454400-diciembre-69f73f7454400-urgencia-69f73f7454400\" class=\"collapse\" aria-labelledby=\"heading_casos-de-excepcio-n-69f73f7454400-2020-69f73f7454400-diciembre-69f73f7454400-urgencia-69f73f7454400\" data-parent=\"#collap_casos-de-excepcio-n-69f73f7454400-2020-69f73f7454400-diciembre-69f73f7454400\">\n                <div class=\"card-body\"><div class=\"jumbotron archivos\"><div class=\"row align-items-center\"><div class=\"col\"><h6><a class=\"text-dark\" href=\"https:\/\/comunidad.comprasdominicana.gob.do\/\/Public\/Tendering\/OpportunityDetail\/Index?noticeUID=DO1.NTC.849057\" title=\"Ver\" target=\"_blank\">INESPRE-MAE-PEUR-2020-0009<\/a><\/h6><p class=\"mb-0 bold\">Adquisici\u00f3n Combustibles (Gasoil y Gasolina) para uso del Instituto de Estabilizaci\u00f3n de Precios a Nivel Nacional.<\/p><p class=\"mb-0\" style=\"font-size: .85rem\"><strong title=\"Estado del Proceso\"><i class=\"fas fa-spinner\"><\/i><\/strong> Proceso adjudicado y celebrado<\/p><p class=\"mb-0\" style=\"font-size: .85rem\"><strong title=\"Fecha de Publicaci\u00f3n\"><i class=\"fas fa-calendar-alt\"><\/i><\/strong> Publicado el martes, 8 de diciembre de 2020<\/p><\/div><div class=\"col-auto mt-md-0 mt-2\"><a class=\"btn btn-primary btn-lg px-lg-4 d-none d-md-block\" href=\"https:\/\/comunidad.comprasdominicana.gob.do\/\/Public\/Tendering\/OpportunityDetail\/Index?noticeUID=DO1.NTC.849057\" target=\"_blank\" title=\"Detalles\"><i class=\"fas fa-link\"><\/i> DETALLES<\/a><a class=\"btn btn-primary btn-lg px-lg-4 d-block d-md-none\" href=\"https:\/\/comunidad.comprasdominicana.gob.do\/\/Public\/Tendering\/OpportunityDetail\/Index?noticeUID=DO1.NTC.849057\" target=\"_blank\" title=\"Detalles\"><i class=\"fas fa-2x fa-link\"><\/i><\/a><\/div><\/div><\/div><\/div><\/div><\/div><\/div><\/div><\/div>\n        <div class=\"card\">\n            <div class=\"card-header parents\" id=\"heading_casos-de-excepcio-n-69f73f7454400-2020-69f73f7454400-octubre-69f73f7454400\">\n                <p class=\"title text-blue mb-0\">\n                    <a class=\"btn-block hover text-left collapsed\" data-toggle=\"collapse\" data-target=\"#collap_casos-de-excepcio-n-69f73f7454400-2020-69f73f7454400-octubre-69f73f7454400\" aria-expanded=\"false\" aria-controls=\"collap_casos-de-excepcio-n-69f73f7454400-2020-69f73f7454400-octubre-69f73f7454400\">Octubre<\/a>\n                <\/p>\n            <\/div>\n            <div id=\"collap_casos-de-excepcio-n-69f73f7454400-2020-69f73f7454400-octubre-69f73f7454400\" class=\"collapse\" aria-labelledby=\"heading_casos-de-excepcio-n-69f73f7454400-2020-69f73f7454400-octubre-69f73f7454400\" data-parent=\"#collap_casos-de-excepcio-n-69f73f7454400-2020-69f73f7454400\">\n                <div class=\"card-body\">\n        <div class=\"card\">\n            <div class=\"card-header parents\" id=\"heading_casos-de-excepcio-n-69f73f7454400-2020-69f73f7454400-octubre-69f73f7454400-urgencia-69f73f7454400\">\n                <p class=\"title text-blue mb-0\">\n                    <a class=\"btn-block hover text-left collapsed\" data-toggle=\"collapse\" data-target=\"#collap_casos-de-excepcio-n-69f73f7454400-2020-69f73f7454400-octubre-69f73f7454400-urgencia-69f73f7454400\" aria-expanded=\"false\" aria-controls=\"collap_casos-de-excepcio-n-69f73f7454400-2020-69f73f7454400-octubre-69f73f7454400-urgencia-69f73f7454400\">Urgencia<\/a>\n                <\/p>\n            <\/div>\n            <div id=\"collap_casos-de-excepcio-n-69f73f7454400-2020-69f73f7454400-octubre-69f73f7454400-urgencia-69f73f7454400\" class=\"collapse\" aria-labelledby=\"heading_casos-de-excepcio-n-69f73f7454400-2020-69f73f7454400-octubre-69f73f7454400-urgencia-69f73f7454400\" data-parent=\"#collap_casos-de-excepcio-n-69f73f7454400-2020-69f73f7454400-octubre-69f73f7454400\">\n                <div class=\"card-body\"><div class=\"jumbotron archivos\"><div class=\"row align-items-center\"><div class=\"col\"><h6><a class=\"text-dark\" href=\"https:\/\/comunidad.comprasdominicana.gob.do\/\/Public\/Tendering\/OpportunityDetail\/Index?noticeUID=DO1.NTC.827719\" title=\"Ver\" target=\"_blank\">INESPRE-MAE-PEUR-2020-0008<\/a><\/h6><p class=\"mb-0 bold\">Adquisici\u00f3n de Productos Alimenticios para abastecer los programas a Nivel Nacional, durante el per\u00edodo de Emergencia Nacional por la Pandemia del COVID-19.<\/p><p class=\"mb-0\" style=\"font-size: .85rem\"><strong title=\"Estado del Proceso\"><i class=\"fas fa-spinner\"><\/i><\/strong> Proceso adjudicado y celebrado<\/p><p class=\"mb-0\" style=\"font-size: .85rem\"><strong title=\"Fecha de Publicaci\u00f3n\"><i class=\"fas fa-calendar-alt\"><\/i><\/strong> Publicado el lunes, 19 de octubre de 2020<\/p><\/div><div class=\"col-auto mt-md-0 mt-2\"><a class=\"btn btn-primary btn-lg px-lg-4 d-none d-md-block\" href=\"https:\/\/comunidad.comprasdominicana.gob.do\/\/Public\/Tendering\/OpportunityDetail\/Index?noticeUID=DO1.NTC.827719\" target=\"_blank\" title=\"Detalles\"><i class=\"fas fa-link\"><\/i> DETALLES<\/a><a class=\"btn btn-primary btn-lg px-lg-4 d-block d-md-none\" href=\"https:\/\/comunidad.comprasdominicana.gob.do\/\/Public\/Tendering\/OpportunityDetail\/Index?noticeUID=DO1.NTC.827719\" target=\"_blank\" title=\"Detalles\"><i class=\"fas fa-2x fa-link\"><\/i><\/a><\/div><\/div><\/div><\/div><\/div><\/div><\/div><\/div><\/div>\n        <div class=\"card\">\n            <div class=\"card-header parents\" id=\"heading_casos-de-excepcio-n-69f73f7454400-2020-69f73f7454400-junio-69f73f7454400\">\n                <p class=\"title text-blue mb-0\">\n                    <a class=\"btn-block hover text-left collapsed\" data-toggle=\"collapse\" data-target=\"#collap_casos-de-excepcio-n-69f73f7454400-2020-69f73f7454400-junio-69f73f7454400\" aria-expanded=\"false\" aria-controls=\"collap_casos-de-excepcio-n-69f73f7454400-2020-69f73f7454400-junio-69f73f7454400\">Junio<\/a>\n                <\/p>\n            <\/div>\n            <div id=\"collap_casos-de-excepcio-n-69f73f7454400-2020-69f73f7454400-junio-69f73f7454400\" class=\"collapse\" aria-labelledby=\"heading_casos-de-excepcio-n-69f73f7454400-2020-69f73f7454400-junio-69f73f7454400\" data-parent=\"#collap_casos-de-excepcio-n-69f73f7454400-2020-69f73f7454400\">\n                <div class=\"card-body\">\n        <div class=\"card\">\n            <div class=\"card-header parents\" id=\"heading_casos-de-excepcio-n-69f73f7454400-2020-69f73f7454400-junio-69f73f7454400-urgencia-69f73f7454400\">\n                <p class=\"title text-blue mb-0\">\n                    <a class=\"btn-block hover text-left collapsed\" data-toggle=\"collapse\" data-target=\"#collap_casos-de-excepcio-n-69f73f7454400-2020-69f73f7454400-junio-69f73f7454400-urgencia-69f73f7454400\" aria-expanded=\"false\" aria-controls=\"collap_casos-de-excepcio-n-69f73f7454400-2020-69f73f7454400-junio-69f73f7454400-urgencia-69f73f7454400\">Urgencia<\/a>\n                <\/p>\n            <\/div>\n            <div id=\"collap_casos-de-excepcio-n-69f73f7454400-2020-69f73f7454400-junio-69f73f7454400-urgencia-69f73f7454400\" class=\"collapse\" aria-labelledby=\"heading_casos-de-excepcio-n-69f73f7454400-2020-69f73f7454400-junio-69f73f7454400-urgencia-69f73f7454400\" data-parent=\"#collap_casos-de-excepcio-n-69f73f7454400-2020-69f73f7454400-junio-69f73f7454400\">\n                <div class=\"card-body\"><div class=\"jumbotron archivos\"><div class=\"row align-items-center\"><div class=\"col\"><h6><a class=\"text-dark\" href=\"https:\/\/comunidad.comprasdominicana.gob.do\/\/Public\/Tendering\/OpportunityDetail\/Index?noticeUID=DO1.NTC.774801\" title=\"Ver\" target=\"_blank\">INESPRE-MAE-PEUR-2020-0007<\/a><\/h6><p class=\"mb-0 bold\">Adquisici\u00f3n de Pollo Entero Congelado de Producci\u00f3n Nacional, para abastecer los programas durante el periodo de Emergencia Nacional por la pandemia del COVID-19, dirigido a Productores Nacionales.<\/p><p class=\"mb-0\" style=\"font-size: .85rem\"><strong title=\"Estado del Proceso\"><i class=\"fas fa-spinner\"><\/i><\/strong> Proceso adjudicado y celebrado<\/p><p class=\"mb-0\" style=\"font-size: .85rem\"><strong title=\"Fecha de Publicaci\u00f3n\"><i class=\"fas fa-calendar-alt\"><\/i><\/strong> Publicado el martes, 23 de junio de 2020<\/p><\/div><div class=\"col-auto mt-md-0 mt-2\"><a class=\"btn btn-primary btn-lg px-lg-4 d-none d-md-block\" href=\"https:\/\/comunidad.comprasdominicana.gob.do\/\/Public\/Tendering\/OpportunityDetail\/Index?noticeUID=DO1.NTC.774801\" target=\"_blank\" title=\"Detalles\"><i class=\"fas fa-link\"><\/i> DETALLES<\/a><a class=\"btn btn-primary btn-lg px-lg-4 d-block d-md-none\" href=\"https:\/\/comunidad.comprasdominicana.gob.do\/\/Public\/Tendering\/OpportunityDetail\/Index?noticeUID=DO1.NTC.774801\" target=\"_blank\" title=\"Detalles\"><i class=\"fas fa-2x fa-link\"><\/i><\/a><\/div><\/div><\/div><div class=\"jumbotron archivos\"><div class=\"row align-items-center\"><div class=\"col\"><h6><a class=\"text-dark\" href=\"https:\/\/comunidad.comprasdominicana.gob.do\/\/Public\/Tendering\/OpportunityDetail\/Index?noticeUID=DO1.NTC.768833\" title=\"Ver\" target=\"_blank\">INESPRE-MAE-PEUR-2020-0006<\/a><\/h6><p class=\"mb-0 bold\">Adquisici\u00f3n de Art\u00edculos de Protecci\u00f3n contra el COVID-19 para los empleados que laboran en la Instituci\u00f3n a Nivel Nacional.<\/p><p class=\"mb-0\" style=\"font-size: .85rem\"><strong title=\"Estado del Proceso\"><i class=\"fas fa-spinner\"><\/i><\/strong> Proceso adjudicado y celebrado<\/p><p class=\"mb-0\" style=\"font-size: .85rem\"><strong title=\"Fecha de Publicaci\u00f3n\"><i class=\"fas fa-calendar-alt\"><\/i><\/strong> Publicado el martes, 9 de junio de 2020<\/p><\/div><div class=\"col-auto mt-md-0 mt-2\"><a class=\"btn btn-primary btn-lg px-lg-4 d-none d-md-block\" href=\"https:\/\/comunidad.comprasdominicana.gob.do\/\/Public\/Tendering\/OpportunityDetail\/Index?noticeUID=DO1.NTC.768833\" target=\"_blank\" title=\"Detalles\"><i class=\"fas fa-link\"><\/i> DETALLES<\/a><a class=\"btn btn-primary btn-lg px-lg-4 d-block d-md-none\" href=\"https:\/\/comunidad.comprasdominicana.gob.do\/\/Public\/Tendering\/OpportunityDetail\/Index?noticeUID=DO1.NTC.768833\" target=\"_blank\" title=\"Detalles\"><i class=\"fas fa-2x fa-link\"><\/i><\/a><\/div><\/div><\/div><\/div><\/div><\/div><\/div><\/div><\/div>\n        <div class=\"card\">\n            <div class=\"card-header parents\" id=\"heading_casos-de-excepcio-n-69f73f7454400-2020-69f73f7454400-mayo-69f73f7454400\">\n                <p class=\"title text-blue mb-0\">\n                    <a class=\"btn-block hover text-left collapsed\" data-toggle=\"collapse\" data-target=\"#collap_casos-de-excepcio-n-69f73f7454400-2020-69f73f7454400-mayo-69f73f7454400\" aria-expanded=\"false\" aria-controls=\"collap_casos-de-excepcio-n-69f73f7454400-2020-69f73f7454400-mayo-69f73f7454400\">Mayo<\/a>\n                <\/p>\n            <\/div>\n            <div id=\"collap_casos-de-excepcio-n-69f73f7454400-2020-69f73f7454400-mayo-69f73f7454400\" class=\"collapse\" aria-labelledby=\"heading_casos-de-excepcio-n-69f73f7454400-2020-69f73f7454400-mayo-69f73f7454400\" data-parent=\"#collap_casos-de-excepcio-n-69f73f7454400-2020-69f73f7454400\">\n                <div class=\"card-body\">\n        <div class=\"card\">\n            <div class=\"card-header parents\" id=\"heading_casos-de-excepcio-n-69f73f7454400-2020-69f73f7454400-mayo-69f73f7454400-urgencia-69f73f7454400\">\n                <p class=\"title text-blue mb-0\">\n                    <a class=\"btn-block hover text-left collapsed\" data-toggle=\"collapse\" data-target=\"#collap_casos-de-excepcio-n-69f73f7454400-2020-69f73f7454400-mayo-69f73f7454400-urgencia-69f73f7454400\" aria-expanded=\"false\" aria-controls=\"collap_casos-de-excepcio-n-69f73f7454400-2020-69f73f7454400-mayo-69f73f7454400-urgencia-69f73f7454400\">Urgencia<\/a>\n                <\/p>\n            <\/div>\n            <div id=\"collap_casos-de-excepcio-n-69f73f7454400-2020-69f73f7454400-mayo-69f73f7454400-urgencia-69f73f7454400\" class=\"collapse\" aria-labelledby=\"heading_casos-de-excepcio-n-69f73f7454400-2020-69f73f7454400-mayo-69f73f7454400-urgencia-69f73f7454400\" data-parent=\"#collap_casos-de-excepcio-n-69f73f7454400-2020-69f73f7454400-mayo-69f73f7454400\">\n                <div class=\"card-body\"><div class=\"jumbotron archivos\"><div class=\"row align-items-center\"><div class=\"col\"><h6><a class=\"text-dark\" href=\"https:\/\/comunidad.comprasdominicana.gob.do\/\/Public\/Tendering\/OpportunityDetail\/Index?noticeUID=DO1.NTC.759401\" title=\"Ver\" target=\"_blank\">INESPRE-MAE-PEUR-2020-0005<\/a><\/h6><p class=\"mb-0 bold\">Adquisici\u00f3n de Rubros Agropecuarios para abastecer los programas durante el periodo de Emergencia Nacional por la Pandemia del COVID-19, dirigido a Productores Nacionales legalmente organizados bajo distintas modalidades asociativas, Decreto 168-19.<\/p><p class=\"mb-0\" style=\"font-size: .85rem\"><strong title=\"Estado del Proceso\"><i class=\"fas fa-spinner\"><\/i><\/strong> Proceso adjudicado y celebrado<\/p><p class=\"mb-0\" style=\"font-size: .85rem\"><strong title=\"Fecha de Publicaci\u00f3n\"><i class=\"fas fa-calendar-alt\"><\/i><\/strong> Publicado el martes, 19 de mayo de 2020<\/p><\/div><div class=\"col-auto mt-md-0 mt-2\"><a class=\"btn btn-primary btn-lg px-lg-4 d-none d-md-block\" href=\"https:\/\/comunidad.comprasdominicana.gob.do\/\/Public\/Tendering\/OpportunityDetail\/Index?noticeUID=DO1.NTC.759401\" target=\"_blank\" title=\"Detalles\"><i class=\"fas fa-link\"><\/i> DETALLES<\/a><a class=\"btn btn-primary btn-lg px-lg-4 d-block d-md-none\" href=\"https:\/\/comunidad.comprasdominicana.gob.do\/\/Public\/Tendering\/OpportunityDetail\/Index?noticeUID=DO1.NTC.759401\" target=\"_blank\" title=\"Detalles\"><i class=\"fas fa-2x fa-link\"><\/i><\/a><\/div><\/div><\/div><div class=\"jumbotron archivos\"><div class=\"row align-items-center\"><div class=\"col\"><h6><a class=\"text-dark\" href=\"https:\/\/comunidad.comprasdominicana.gob.do\/\/Public\/Tendering\/OpportunityDetail\/Index?noticeUID=DO1.NTC.754601\" title=\"Ver\" target=\"_blank\">INESPRE-MAE-PEUR-2020-0004<\/a><\/h6><p class=\"mb-0 bold\">Adquisici\u00f3n de Productos Agroprocesados, para abastecer los programas durante el periodo de Emergencia Nacional por la Pandemia del COVID-19<\/p><p class=\"mb-0\" style=\"font-size: .85rem\"><strong title=\"Estado del Proceso\"><i class=\"fas fa-spinner\"><\/i><\/strong> Proceso adjudicado y celebrado<\/p><p class=\"mb-0\" style=\"font-size: .85rem\"><strong title=\"Fecha de Publicaci\u00f3n\"><i class=\"fas fa-calendar-alt\"><\/i><\/strong> Publicado el jueves, 7 de mayo de 2020<\/p><\/div><div class=\"col-auto mt-md-0 mt-2\"><a class=\"btn btn-primary btn-lg px-lg-4 d-none d-md-block\" href=\"https:\/\/comunidad.comprasdominicana.gob.do\/\/Public\/Tendering\/OpportunityDetail\/Index?noticeUID=DO1.NTC.754601\" target=\"_blank\" title=\"Detalles\"><i class=\"fas fa-link\"><\/i> DETALLES<\/a><a class=\"btn btn-primary btn-lg px-lg-4 d-block d-md-none\" href=\"https:\/\/comunidad.comprasdominicana.gob.do\/\/Public\/Tendering\/OpportunityDetail\/Index?noticeUID=DO1.NTC.754601\" target=\"_blank\" title=\"Detalles\"><i class=\"fas fa-2x fa-link\"><\/i><\/a><\/div><\/div><\/div><\/div><\/div><\/div><\/div><\/div><\/div>\n        <div class=\"card\">\n            <div class=\"card-header parents\" id=\"heading_casos-de-excepcio-n-69f73f7454400-2020-69f73f7454400-abril-69f73f7454400\">\n                <p class=\"title text-blue mb-0\">\n                    <a class=\"btn-block hover text-left collapsed\" data-toggle=\"collapse\" data-target=\"#collap_casos-de-excepcio-n-69f73f7454400-2020-69f73f7454400-abril-69f73f7454400\" aria-expanded=\"false\" aria-controls=\"collap_casos-de-excepcio-n-69f73f7454400-2020-69f73f7454400-abril-69f73f7454400\">Abril<\/a>\n                <\/p>\n            <\/div>\n            <div id=\"collap_casos-de-excepcio-n-69f73f7454400-2020-69f73f7454400-abril-69f73f7454400\" class=\"collapse\" aria-labelledby=\"heading_casos-de-excepcio-n-69f73f7454400-2020-69f73f7454400-abril-69f73f7454400\" data-parent=\"#collap_casos-de-excepcio-n-69f73f7454400-2020-69f73f7454400\">\n                <div class=\"card-body\">\n        <div class=\"card\">\n            <div class=\"card-header parents\" id=\"heading_casos-de-excepcio-n-69f73f7454400-2020-69f73f7454400-abril-69f73f7454400-urgencia-69f73f7454400\">\n                <p class=\"title text-blue mb-0\">\n                    <a class=\"btn-block hover text-left collapsed\" data-toggle=\"collapse\" data-target=\"#collap_casos-de-excepcio-n-69f73f7454400-2020-69f73f7454400-abril-69f73f7454400-urgencia-69f73f7454400\" aria-expanded=\"false\" aria-controls=\"collap_casos-de-excepcio-n-69f73f7454400-2020-69f73f7454400-abril-69f73f7454400-urgencia-69f73f7454400\">Urgencia<\/a>\n                <\/p>\n            <\/div>\n            <div id=\"collap_casos-de-excepcio-n-69f73f7454400-2020-69f73f7454400-abril-69f73f7454400-urgencia-69f73f7454400\" class=\"collapse\" aria-labelledby=\"heading_casos-de-excepcio-n-69f73f7454400-2020-69f73f7454400-abril-69f73f7454400-urgencia-69f73f7454400\" data-parent=\"#collap_casos-de-excepcio-n-69f73f7454400-2020-69f73f7454400-abril-69f73f7454400\">\n                <div class=\"card-body\"><div class=\"jumbotron archivos\"><div class=\"row align-items-center\"><div class=\"col\"><h6><a class=\"text-dark\" href=\"https:\/\/comunidad.comprasdominicana.gob.do\/\/Public\/Tendering\/OpportunityDetail\/Index?noticeUID=DO1.NTC.751301\" title=\"Ver\" target=\"_blank\">INESPRE-MAE-PEUR-2020-0003<\/a><\/h6><p class=\"mb-0 bold\">Adquisici\u00f3n de Pollo Entero Congelado de Producci\u00f3n Nacional para Abastecer Los Programas Durante el Periodo de Emergencia Nacional por la Pandemia del COVID-19.<\/p><p class=\"mb-0\" style=\"font-size: .85rem\"><strong title=\"Estado del Proceso\"><i class=\"fas fa-spinner\"><\/i><\/strong> Proceso adjudicado y celebrado<\/p><p class=\"mb-0\" style=\"font-size: .85rem\"><strong title=\"Fecha de Publicaci\u00f3n\"><i class=\"fas fa-calendar-alt\"><\/i><\/strong> Publicado el mi\u00e9rcoles, 29 de abril de 2020<\/p><\/div><div class=\"col-auto mt-md-0 mt-2\"><a class=\"btn btn-primary btn-lg px-lg-4 d-none d-md-block\" href=\"https:\/\/comunidad.comprasdominicana.gob.do\/\/Public\/Tendering\/OpportunityDetail\/Index?noticeUID=DO1.NTC.751301\" target=\"_blank\" title=\"Detalles\"><i class=\"fas fa-link\"><\/i> DETALLES<\/a><a class=\"btn btn-primary btn-lg px-lg-4 d-block d-md-none\" href=\"https:\/\/comunidad.comprasdominicana.gob.do\/\/Public\/Tendering\/OpportunityDetail\/Index?noticeUID=DO1.NTC.751301\" target=\"_blank\" title=\"Detalles\"><i class=\"fas fa-2x fa-link\"><\/i><\/a><\/div><\/div><\/div><div class=\"jumbotron archivos\"><div class=\"row align-items-center\"><div class=\"col\"><h6><a class=\"text-dark\" href=\"https:\/\/comunidad.comprasdominicana.gob.do\/\/Public\/Tendering\/OpportunityDetail\/Index?noticeUID=DO1.NTC.748901\" title=\"Ver\" target=\"_blank\">INESPRE-MAE-PEUR-2020-0002<\/a><\/h6><p class=\"mb-0 bold\">Adquisici\u00f3n de Queso tipo Cheddar y Holand\u00e9s (estilo Geo)  para Abastecer los Programas a Nivel Nacional, Durante el Periodo de Emergencia Nacional por la Pandemia del COVID-19\n<\/p><p class=\"mb-0\" style=\"font-size: .85rem\"><strong title=\"Estado del Proceso\"><i class=\"fas fa-spinner\"><\/i><\/strong> Proceso adjudicado y celebrado<\/p><p class=\"mb-0\" style=\"font-size: .85rem\"><strong title=\"Fecha de Publicaci\u00f3n\"><i class=\"fas fa-calendar-alt\"><\/i><\/strong> Publicado el viernes, 24 de abril de 2020<\/p><\/div><div class=\"col-auto mt-md-0 mt-2\"><a class=\"btn btn-primary btn-lg px-lg-4 d-none d-md-block\" href=\"https:\/\/comunidad.comprasdominicana.gob.do\/\/Public\/Tendering\/OpportunityDetail\/Index?noticeUID=DO1.NTC.748901\" target=\"_blank\" title=\"Detalles\"><i class=\"fas fa-link\"><\/i> DETALLES<\/a><a class=\"btn btn-primary btn-lg px-lg-4 d-block d-md-none\" href=\"https:\/\/comunidad.comprasdominicana.gob.do\/\/Public\/Tendering\/OpportunityDetail\/Index?noticeUID=DO1.NTC.748901\" target=\"_blank\" title=\"Detalles\"><i class=\"fas fa-2x fa-link\"><\/i><\/a><\/div><\/div><\/div><div class=\"jumbotron archivos\"><div class=\"row align-items-center\"><div class=\"col\"><h6><a class=\"text-dark\" href=\"https:\/\/comunidad.comprasdominicana.gob.do\/\/Public\/Tendering\/OpportunityDetail\/Index?noticeUID=DO1.NTC.740702\" title=\"Ver\" target=\"_blank\">INESPRE-MAE-PEUR-2020-0001<\/a><\/h6><p class=\"mb-0 bold\">Contrapartida Alimentaria para Abastecer los Programas a Nivel Nacional, Durante el Periodo de Emergencia Nacional por la Pandemia del COVID-19<\/p><p class=\"mb-0\" style=\"font-size: .85rem\"><strong title=\"Estado del Proceso\"><i class=\"fas fa-spinner\"><\/i><\/strong> Proceso adjudicado y celebrado<\/p><p class=\"mb-0\" style=\"font-size: .85rem\"><strong title=\"Fecha de Publicaci\u00f3n\"><i class=\"fas fa-calendar-alt\"><\/i><\/strong> Publicado el martes, 7 de abril de 2020<\/p><\/div><div class=\"col-auto mt-md-0 mt-2\"><a class=\"btn btn-primary btn-lg px-lg-4 d-none d-md-block\" href=\"https:\/\/comunidad.comprasdominicana.gob.do\/\/Public\/Tendering\/OpportunityDetail\/Index?noticeUID=DO1.NTC.740702\" target=\"_blank\" title=\"Detalles\"><i class=\"fas fa-link\"><\/i> DETALLES<\/a><a class=\"btn btn-primary btn-lg px-lg-4 d-block d-md-none\" href=\"https:\/\/comunidad.comprasdominicana.gob.do\/\/Public\/Tendering\/OpportunityDetail\/Index?noticeUID=DO1.NTC.740702\" target=\"_blank\" title=\"Detalles\"><i class=\"fas fa-2x fa-link\"><\/i><\/a><\/div><\/div><\/div><\/div><\/div><\/div><\/div><\/div><\/div><\/div><\/div><\/div><\/div><\/div><\/div>\n        <div class=\"card\">\n            <div class=\"card-header parents\" id=\"heading_comparaci-n-de-precios-69f73f7454400\">\n                <p class=\"title text-blue mb-0\">\n                    <a class=\"btn-block hover text-left collapsed\" data-toggle=\"collapse\" data-target=\"#collap_comparaci-n-de-precios-69f73f7454400\" aria-expanded=\"false\" aria-controls=\"collap_comparaci-n-de-precios-69f73f7454400\">Comparaci\u00f3n de Precios<\/a>\n                <\/p>\n            <\/div>\n            <div id=\"collap_comparaci-n-de-precios-69f73f7454400\" class=\"collapse\" aria-labelledby=\"heading_comparaci-n-de-precios-69f73f7454400\" data-parent=\"#acc_69f73f7454400\">\n                <div class=\"card-body\">\n        <div class=\"card\">\n            <div class=\"card-header parents\" id=\"heading_comparaci-n-de-precios-69f73f7454400-2026-69f73f7454400\">\n                <p class=\"title text-blue mb-0\">\n                    <a class=\"btn-block hover text-left collapsed\" data-toggle=\"collapse\" data-target=\"#collap_comparaci-n-de-precios-69f73f7454400-2026-69f73f7454400\" aria-expanded=\"false\" aria-controls=\"collap_comparaci-n-de-precios-69f73f7454400-2026-69f73f7454400\">2026<\/a>\n                <\/p>\n            <\/div>\n            <div id=\"collap_comparaci-n-de-precios-69f73f7454400-2026-69f73f7454400\" class=\"collapse\" aria-labelledby=\"heading_comparaci-n-de-precios-69f73f7454400-2026-69f73f7454400\" data-parent=\"#collap_comparaci-n-de-precios-69f73f7454400\">\n                <div class=\"card-body\">\n        <div class=\"card\">\n            <div class=\"card-header parents\" id=\"heading_comparaci-n-de-precios-69f73f7454400-2026-69f73f7454400-abril-69f73f7454400\">\n                <p class=\"title text-blue mb-0\">\n                    <a class=\"btn-block hover text-left collapsed\" data-toggle=\"collapse\" data-target=\"#collap_comparaci-n-de-precios-69f73f7454400-2026-69f73f7454400-abril-69f73f7454400\" aria-expanded=\"false\" aria-controls=\"collap_comparaci-n-de-precios-69f73f7454400-2026-69f73f7454400-abril-69f73f7454400\">Abril<\/a>\n                <\/p>\n            <\/div>\n            <div id=\"collap_comparaci-n-de-precios-69f73f7454400-2026-69f73f7454400-abril-69f73f7454400\" class=\"collapse\" aria-labelledby=\"heading_comparaci-n-de-precios-69f73f7454400-2026-69f73f7454400-abril-69f73f7454400\" data-parent=\"#collap_comparaci-n-de-precios-69f73f7454400-2026-69f73f7454400\">\n                <div class=\"card-body\"><div class=\"jumbotron archivos\"><div class=\"row align-items-center\"><div class=\"col\"><h6><a class=\"text-dark\" href=\"https:\/\/comunidad.comprasdominicana.gob.do\/\/Public\/Tendering\/OpportunityDetail\/Index?noticeUID=DO1.NTC.1702155\" title=\"Ver\" target=\"_blank\">INESPRE-CCC-CP-2026-0009<\/a><\/h6><p class=\"mb-0 bold\">SERVICIOS DE ALQUILER, MONTAJE Y OPERACI\u00d3N DE INFRAESTRUCTURA LOG\u00cdSTICA, PARA LAS FERIAS INESPRE CON LAS MADRES 2026<\/p><p class=\"mb-0\" style=\"font-size: .85rem\"><strong title=\"Estado del Proceso\"><i class=\"fas fa-spinner\"><\/i><\/strong> Sobres estan abriendose<\/p><p class=\"mb-0\" style=\"font-size: .85rem\"><strong title=\"Fecha de Publicaci\u00f3n\"><i class=\"fas fa-calendar-alt\"><\/i><\/strong> Publicado el viernes, 17 de abril de 2026<\/p><\/div><div class=\"col-auto mt-md-0 mt-2\"><a class=\"btn btn-primary btn-lg px-lg-4 d-none d-md-block\" href=\"https:\/\/comunidad.comprasdominicana.gob.do\/\/Public\/Tendering\/OpportunityDetail\/Index?noticeUID=DO1.NTC.1702155\" target=\"_blank\" title=\"Detalles\"><i class=\"fas fa-link\"><\/i> DETALLES<\/a><a class=\"btn btn-primary btn-lg px-lg-4 d-block d-md-none\" href=\"https:\/\/comunidad.comprasdominicana.gob.do\/\/Public\/Tendering\/OpportunityDetail\/Index?noticeUID=DO1.NTC.1702155\" target=\"_blank\" title=\"Detalles\"><i class=\"fas fa-2x fa-link\"><\/i><\/a><\/div><\/div><\/div><\/div><\/div><\/div>\n        <div class=\"card\">\n            <div class=\"card-header parents\" id=\"heading_comparaci-n-de-precios-69f73f7454400-2026-69f73f7454400-marzo-69f73f7454400\">\n                <p class=\"title text-blue mb-0\">\n                    <a class=\"btn-block hover text-left collapsed\" data-toggle=\"collapse\" data-target=\"#collap_comparaci-n-de-precios-69f73f7454400-2026-69f73f7454400-marzo-69f73f7454400\" aria-expanded=\"false\" aria-controls=\"collap_comparaci-n-de-precios-69f73f7454400-2026-69f73f7454400-marzo-69f73f7454400\">Marzo<\/a>\n                <\/p>\n            <\/div>\n            <div id=\"collap_comparaci-n-de-precios-69f73f7454400-2026-69f73f7454400-marzo-69f73f7454400\" class=\"collapse\" aria-labelledby=\"heading_comparaci-n-de-precios-69f73f7454400-2026-69f73f7454400-marzo-69f73f7454400\" data-parent=\"#collap_comparaci-n-de-precios-69f73f7454400-2026-69f73f7454400\">\n                <div class=\"card-body\"><div class=\"jumbotron archivos\"><div class=\"row align-items-center\"><div class=\"col\"><h6><a class=\"text-dark\" href=\"https:\/\/comunidad.comprasdominicana.gob.do\/\/Public\/Tendering\/OpportunityDetail\/Index?noticeUID=DO1.NTC.1693501\" title=\"Ver\" target=\"_blank\">INESPRE-CCC-CP-2026-0008<\/a><\/h6><p class=\"mb-0 bold\">CONTRATACI\u00d3N DE SERVICIO DE ALQUILER DE CONTENEDORES REFRIGERADO POR UN PERIODO DE SEIS (6) MESES, PARA ALMACENAMIENTO DE PRODUCTOS PERECEDEROS.<\/p><p class=\"mb-0\" style=\"font-size: .85rem\"><strong title=\"Estado del Proceso\"><i class=\"fas fa-spinner\"><\/i><\/strong> Proceso desierto<\/p><p class=\"mb-0\" style=\"font-size: .85rem\"><strong title=\"Fecha de Publicaci\u00f3n\"><i class=\"fas fa-calendar-alt\"><\/i><\/strong> Publicado el viernes, 27 de marzo de 2026<\/p><\/div><div class=\"col-auto mt-md-0 mt-2\"><a class=\"btn btn-primary btn-lg px-lg-4 d-none d-md-block\" href=\"https:\/\/comunidad.comprasdominicana.gob.do\/\/Public\/Tendering\/OpportunityDetail\/Index?noticeUID=DO1.NTC.1693501\" target=\"_blank\" title=\"Detalles\"><i class=\"fas fa-link\"><\/i> DETALLES<\/a><a class=\"btn btn-primary btn-lg px-lg-4 d-block d-md-none\" href=\"https:\/\/comunidad.comprasdominicana.gob.do\/\/Public\/Tendering\/OpportunityDetail\/Index?noticeUID=DO1.NTC.1693501\" target=\"_blank\" title=\"Detalles\"><i class=\"fas fa-2x fa-link\"><\/i><\/a><\/div><\/div><\/div><div class=\"jumbotron archivos\"><div class=\"row align-items-center\"><div class=\"col\"><h6><a class=\"text-dark\" href=\"https:\/\/comunidad.comprasdominicana.gob.do\/\/Public\/Tendering\/OpportunityDetail\/Index?noticeUID=DO1.NTC.1692953\" title=\"Ver\" target=\"_blank\">INESPRE-CCC-CP-2026-0007<\/a><\/h6><p class=\"mb-0 bold\">Adquisicion de salami para abastecer los programas que ejecuta la instituci\u00f3n a nivel nacional.<\/p><p class=\"mb-0\" style=\"font-size: .85rem\"><strong title=\"Estado del Proceso\"><i class=\"fas fa-spinner\"><\/i><\/strong> Sobres abiertos o aperturados<\/p><p class=\"mb-0\" style=\"font-size: .85rem\"><strong title=\"Fecha de Publicaci\u00f3n\"><i class=\"fas fa-calendar-alt\"><\/i><\/strong> Publicado el jueves, 26 de marzo de 2026<\/p><\/div><div class=\"col-auto mt-md-0 mt-2\"><a class=\"btn btn-primary btn-lg px-lg-4 d-none d-md-block\" href=\"https:\/\/comunidad.comprasdominicana.gob.do\/\/Public\/Tendering\/OpportunityDetail\/Index?noticeUID=DO1.NTC.1692953\" target=\"_blank\" title=\"Detalles\"><i class=\"fas fa-link\"><\/i> DETALLES<\/a><a class=\"btn btn-primary btn-lg px-lg-4 d-block d-md-none\" href=\"https:\/\/comunidad.comprasdominicana.gob.do\/\/Public\/Tendering\/OpportunityDetail\/Index?noticeUID=DO1.NTC.1692953\" target=\"_blank\" title=\"Detalles\"><i class=\"fas fa-2x fa-link\"><\/i><\/a><\/div><\/div><\/div><div class=\"jumbotron archivos\"><div class=\"row align-items-center\"><div class=\"col\"><h6><a class=\"text-dark\" href=\"https:\/\/comunidad.comprasdominicana.gob.do\/\/Public\/Tendering\/OpportunityDetail\/Index?noticeUID=DO1.NTC.1691249\" title=\"Ver\" target=\"_blank\">INESPRE-CCC-CP-2026-0005<\/a><\/h6><p class=\"mb-0 bold\">Adquisici\u00f3n de mallas para empaque e hilo torza.<\/p><p class=\"mb-0\" style=\"font-size: .85rem\"><strong title=\"Estado del Proceso\"><i class=\"fas fa-spinner\"><\/i><\/strong> Sobres abiertos o aperturados<\/p><p class=\"mb-0\" style=\"font-size: .85rem\"><strong title=\"Fecha de Publicaci\u00f3n\"><i class=\"fas fa-calendar-alt\"><\/i><\/strong> Publicado el martes, 24 de marzo de 2026<\/p><\/div><div class=\"col-auto mt-md-0 mt-2\"><a class=\"btn btn-primary btn-lg px-lg-4 d-none d-md-block\" href=\"https:\/\/comunidad.comprasdominicana.gob.do\/\/Public\/Tendering\/OpportunityDetail\/Index?noticeUID=DO1.NTC.1691249\" target=\"_blank\" title=\"Detalles\"><i class=\"fas fa-link\"><\/i> DETALLES<\/a><a class=\"btn btn-primary btn-lg px-lg-4 d-block d-md-none\" href=\"https:\/\/comunidad.comprasdominicana.gob.do\/\/Public\/Tendering\/OpportunityDetail\/Index?noticeUID=DO1.NTC.1691249\" target=\"_blank\" title=\"Detalles\"><i class=\"fas fa-2x fa-link\"><\/i><\/a><\/div><\/div><\/div><div class=\"jumbotron archivos\"><div class=\"row align-items-center\"><div class=\"col\"><h6><a class=\"text-dark\" href=\"https:\/\/comunidad.comprasdominicana.gob.do\/\/Public\/Tendering\/OpportunityDetail\/Index?noticeUID=DO1.NTC.1690266\" title=\"Ver\" target=\"_blank\">INESPRE-CCC-CP-2026-0006<\/a><\/h6><p class=\"mb-0 bold\">CONTRATACI\u00d3N DE SERVICIO DE ALMUERZO EMPRESARIAL POR UN PER\u00cdODO DE SEIS (6) MESES<\/p><p class=\"mb-0\" style=\"font-size: .85rem\"><strong title=\"Estado del Proceso\"><i class=\"fas fa-spinner\"><\/i><\/strong> Sobres abiertos o aperturados<\/p><p class=\"mb-0\" style=\"font-size: .85rem\"><strong title=\"Fecha de Publicaci\u00f3n\"><i class=\"fas fa-calendar-alt\"><\/i><\/strong> Publicado el lunes, 23 de marzo de 2026<\/p><\/div><div class=\"col-auto mt-md-0 mt-2\"><a class=\"btn btn-primary btn-lg px-lg-4 d-none d-md-block\" href=\"https:\/\/comunidad.comprasdominicana.gob.do\/\/Public\/Tendering\/OpportunityDetail\/Index?noticeUID=DO1.NTC.1690266\" target=\"_blank\" title=\"Detalles\"><i class=\"fas fa-link\"><\/i> DETALLES<\/a><a class=\"btn btn-primary btn-lg px-lg-4 d-block d-md-none\" href=\"https:\/\/comunidad.comprasdominicana.gob.do\/\/Public\/Tendering\/OpportunityDetail\/Index?noticeUID=DO1.NTC.1690266\" target=\"_blank\" title=\"Detalles\"><i class=\"fas fa-2x fa-link\"><\/i><\/a><\/div><\/div><\/div><div class=\"jumbotron archivos\"><div class=\"row align-items-center\"><div class=\"col\"><h6><a class=\"text-dark\" href=\"https:\/\/comunidad.comprasdominicana.gob.do\/\/Public\/Tendering\/OpportunityDetail\/Index?noticeUID=DO1.NTC.1688153\" title=\"Ver\" target=\"_blank\">INESPRE-CCC-CP-2026-0004<\/a><\/h6><p class=\"mb-0 bold\">CONTRATACION DE FIRMA PARA AUDITORIA FINANCIERA, PERIODO FISCAL A\u00d1O 2025. <\/p><p class=\"mb-0\" style=\"font-size: .85rem\"><strong title=\"Estado del Proceso\"><i class=\"fas fa-spinner\"><\/i><\/strong> Proceso desierto<\/p><p class=\"mb-0\" style=\"font-size: .85rem\"><strong title=\"Fecha de Publicaci\u00f3n\"><i class=\"fas fa-calendar-alt\"><\/i><\/strong> Publicado el mi\u00e9rcoles, 18 de marzo de 2026<\/p><\/div><div class=\"col-auto mt-md-0 mt-2\"><a class=\"btn btn-primary btn-lg px-lg-4 d-none d-md-block\" href=\"https:\/\/comunidad.comprasdominicana.gob.do\/\/Public\/Tendering\/OpportunityDetail\/Index?noticeUID=DO1.NTC.1688153\" target=\"_blank\" title=\"Detalles\"><i class=\"fas fa-link\"><\/i> DETALLES<\/a><a class=\"btn btn-primary btn-lg px-lg-4 d-block d-md-none\" href=\"https:\/\/comunidad.comprasdominicana.gob.do\/\/Public\/Tendering\/OpportunityDetail\/Index?noticeUID=DO1.NTC.1688153\" target=\"_blank\" title=\"Detalles\"><i class=\"fas fa-2x fa-link\"><\/i><\/a><\/div><\/div><\/div><\/div><\/div><\/div>\n        <div class=\"card\">\n            <div class=\"card-header parents\" id=\"heading_comparaci-n-de-precios-69f73f7454400-2026-69f73f7454400-febrero-69f73f7454400\">\n                <p class=\"title text-blue mb-0\">\n                    <a class=\"btn-block hover text-left collapsed\" data-toggle=\"collapse\" data-target=\"#collap_comparaci-n-de-precios-69f73f7454400-2026-69f73f7454400-febrero-69f73f7454400\" aria-expanded=\"false\" aria-controls=\"collap_comparaci-n-de-precios-69f73f7454400-2026-69f73f7454400-febrero-69f73f7454400\">Febrero<\/a>\n                <\/p>\n            <\/div>\n            <div id=\"collap_comparaci-n-de-precios-69f73f7454400-2026-69f73f7454400-febrero-69f73f7454400\" class=\"collapse\" aria-labelledby=\"heading_comparaci-n-de-precios-69f73f7454400-2026-69f73f7454400-febrero-69f73f7454400\" data-parent=\"#collap_comparaci-n-de-precios-69f73f7454400-2026-69f73f7454400\">\n                <div class=\"card-body\"><div class=\"jumbotron archivos\"><div class=\"row align-items-center\"><div class=\"col\"><h6><a class=\"text-dark\" href=\"https:\/\/comunidad.comprasdominicana.gob.do\/\/Public\/Tendering\/OpportunityDetail\/Index?noticeUID=DO1.NTC.1677341\" title=\"Ver\" target=\"_blank\">INESPRE-CCC-CP-2026-0003<\/a><\/h6><p class=\"mb-0 bold\">Adquisici\u00f3n de productos (az\u00facar crema, galletas de leche y pasas dulce s\/semilla) para elaboraci\u00f3n de combos de habichuela con dulce<\/p><p class=\"mb-0\" style=\"font-size: .85rem\"><strong title=\"Estado del Proceso\"><i class=\"fas fa-spinner\"><\/i><\/strong> Proceso adjudicado y celebrado<\/p><p class=\"mb-0\" style=\"font-size: .85rem\"><strong title=\"Fecha de Publicaci\u00f3n\"><i class=\"fas fa-calendar-alt\"><\/i><\/strong> Publicado el jueves, 19 de febrero de 2026<\/p><\/div><div class=\"col-auto mt-md-0 mt-2\"><a class=\"btn btn-primary btn-lg px-lg-4 d-none d-md-block\" href=\"https:\/\/comunidad.comprasdominicana.gob.do\/\/Public\/Tendering\/OpportunityDetail\/Index?noticeUID=DO1.NTC.1677341\" target=\"_blank\" title=\"Detalles\"><i class=\"fas fa-link\"><\/i> DETALLES<\/a><a class=\"btn btn-primary btn-lg px-lg-4 d-block d-md-none\" href=\"https:\/\/comunidad.comprasdominicana.gob.do\/\/Public\/Tendering\/OpportunityDetail\/Index?noticeUID=DO1.NTC.1677341\" target=\"_blank\" title=\"Detalles\"><i class=\"fas fa-2x fa-link\"><\/i><\/a><\/div><\/div><\/div><div class=\"jumbotron archivos\"><div class=\"row align-items-center\"><div class=\"col\"><h6><a class=\"text-dark\" href=\"https:\/\/comunidad.comprasdominicana.gob.do\/\/Public\/Tendering\/OpportunityDetail\/Index?noticeUID=DO1.NTC.1676935\" title=\"Ver\" target=\"_blank\">INESPRE-CCC-CP-2026-0002<\/a><\/h6><p class=\"mb-0 bold\">Adquisici\u00f3n de Productos (Lacteos y Vainilla) para la elaboraci\u00f3n de combos de habichuelas con dulce<\/p><p class=\"mb-0\" style=\"font-size: .85rem\"><strong title=\"Estado del Proceso\"><i class=\"fas fa-spinner\"><\/i><\/strong> Proceso adjudicado y celebrado<\/p><p class=\"mb-0\" style=\"font-size: .85rem\"><strong title=\"Fecha de Publicaci\u00f3n\"><i class=\"fas fa-calendar-alt\"><\/i><\/strong> Publicado el jueves, 19 de febrero de 2026<\/p><\/div><div class=\"col-auto mt-md-0 mt-2\"><a class=\"btn btn-primary btn-lg px-lg-4 d-none d-md-block\" href=\"https:\/\/comunidad.comprasdominicana.gob.do\/\/Public\/Tendering\/OpportunityDetail\/Index?noticeUID=DO1.NTC.1676935\" target=\"_blank\" title=\"Detalles\"><i class=\"fas fa-link\"><\/i> DETALLES<\/a><a class=\"btn btn-primary btn-lg px-lg-4 d-block d-md-none\" href=\"https:\/\/comunidad.comprasdominicana.gob.do\/\/Public\/Tendering\/OpportunityDetail\/Index?noticeUID=DO1.NTC.1676935\" target=\"_blank\" title=\"Detalles\"><i class=\"fas fa-2x fa-link\"><\/i><\/a><\/div><\/div><\/div><\/div><\/div><\/div>\n        <div class=\"card\">\n            <div class=\"card-header parents\" id=\"heading_comparaci-n-de-precios-69f73f7454400-2026-69f73f7454400-enero-69f73f7454400\">\n                <p class=\"title text-blue mb-0\">\n                    <a class=\"btn-block hover text-left collapsed\" data-toggle=\"collapse\" data-target=\"#collap_comparaci-n-de-precios-69f73f7454400-2026-69f73f7454400-enero-69f73f7454400\" aria-expanded=\"false\" aria-controls=\"collap_comparaci-n-de-precios-69f73f7454400-2026-69f73f7454400-enero-69f73f7454400\">Enero<\/a>\n                <\/p>\n            <\/div>\n            <div id=\"collap_comparaci-n-de-precios-69f73f7454400-2026-69f73f7454400-enero-69f73f7454400\" class=\"collapse\" aria-labelledby=\"heading_comparaci-n-de-precios-69f73f7454400-2026-69f73f7454400-enero-69f73f7454400\" data-parent=\"#collap_comparaci-n-de-precios-69f73f7454400-2026-69f73f7454400\">\n                <div class=\"card-body\"><div class=\"jumbotron archivos\"><div class=\"row align-items-center\"><div class=\"col\"><h6><a class=\"text-dark\" href=\"https:\/\/comunidad.comprasdominicana.gob.do\/\/Public\/Tendering\/OpportunityDetail\/Index?noticeUID=DO1.NTC.1664930\" title=\"Ver\" target=\"_blank\">INESPRE-CCC-CP-2026-0001<\/a><\/h6><p class=\"mb-0 bold\">CONTRATACI\u00d3N DE SERVICIO DE ALQUILER DE FLOTILLA VEHICULAR PARA TRANSPORTE DE MERCANCIAS POR UN PERIODO DE DOS (2) MESES. <\/p><p class=\"mb-0\" style=\"font-size: .85rem\"><strong title=\"Estado del Proceso\"><i class=\"fas fa-spinner\"><\/i><\/strong> Proceso adjudicado y celebrado<\/p><p class=\"mb-0\" style=\"font-size: .85rem\"><strong title=\"Fecha de Publicaci\u00f3n\"><i class=\"fas fa-calendar-alt\"><\/i><\/strong> Publicado el viernes, 23 de enero de 2026<\/p><\/div><div class=\"col-auto mt-md-0 mt-2\"><a class=\"btn btn-primary btn-lg px-lg-4 d-none d-md-block\" href=\"https:\/\/comunidad.comprasdominicana.gob.do\/\/Public\/Tendering\/OpportunityDetail\/Index?noticeUID=DO1.NTC.1664930\" target=\"_blank\" title=\"Detalles\"><i class=\"fas fa-link\"><\/i> DETALLES<\/a><a class=\"btn btn-primary btn-lg px-lg-4 d-block d-md-none\" href=\"https:\/\/comunidad.comprasdominicana.gob.do\/\/Public\/Tendering\/OpportunityDetail\/Index?noticeUID=DO1.NTC.1664930\" target=\"_blank\" title=\"Detalles\"><i class=\"fas fa-2x fa-link\"><\/i><\/a><\/div><\/div><\/div><\/div><\/div><\/div><\/div><\/div><\/div>\n        <div class=\"card\">\n            <div class=\"card-header parents\" id=\"heading_comparaci-n-de-precios-69f73f7454400-2025-69f73f7454400\">\n                <p class=\"title text-blue mb-0\">\n                    <a class=\"btn-block hover text-left collapsed\" data-toggle=\"collapse\" data-target=\"#collap_comparaci-n-de-precios-69f73f7454400-2025-69f73f7454400\" aria-expanded=\"false\" aria-controls=\"collap_comparaci-n-de-precios-69f73f7454400-2025-69f73f7454400\">2025<\/a>\n                <\/p>\n            <\/div>\n            <div id=\"collap_comparaci-n-de-precios-69f73f7454400-2025-69f73f7454400\" class=\"collapse\" aria-labelledby=\"heading_comparaci-n-de-precios-69f73f7454400-2025-69f73f7454400\" data-parent=\"#collap_comparaci-n-de-precios-69f73f7454400\">\n                <div class=\"card-body\">\n        <div class=\"card\">\n            <div class=\"card-header parents\" id=\"heading_comparaci-n-de-precios-69f73f7454400-2025-69f73f7454400-diciembre-69f73f7454400\">\n                <p class=\"title text-blue mb-0\">\n                    <a class=\"btn-block hover text-left collapsed\" data-toggle=\"collapse\" data-target=\"#collap_comparaci-n-de-precios-69f73f7454400-2025-69f73f7454400-diciembre-69f73f7454400\" aria-expanded=\"false\" aria-controls=\"collap_comparaci-n-de-precios-69f73f7454400-2025-69f73f7454400-diciembre-69f73f7454400\">Diciembre<\/a>\n                <\/p>\n            <\/div>\n            <div id=\"collap_comparaci-n-de-precios-69f73f7454400-2025-69f73f7454400-diciembre-69f73f7454400\" class=\"collapse\" aria-labelledby=\"heading_comparaci-n-de-precios-69f73f7454400-2025-69f73f7454400-diciembre-69f73f7454400\" data-parent=\"#collap_comparaci-n-de-precios-69f73f7454400-2025-69f73f7454400\">\n                <div class=\"card-body\"><div class=\"jumbotron archivos\"><div class=\"row align-items-center\"><div class=\"col\"><h6><a class=\"text-dark\" href=\"https:\/\/comunidad.comprasdominicana.gob.do\/\/Public\/Tendering\/OpportunityDetail\/Index?noticeUID=DO1.NTC.1652220\" title=\"Ver\" target=\"_blank\">INESPRE-CCC-CP-2025-0010<\/a><\/h6><p class=\"mb-0 bold\">Adquisici\u00f3n de Servidores para el Aumento de Recursos de Respaldo (Bacula), Ampliaci\u00f3n Hiperconvergente, Monitores y UPS para el Centro de Datos del INESPRE \u00a8<\/p><p class=\"mb-0\" style=\"font-size: .85rem\"><strong title=\"Estado del Proceso\"><i class=\"fas fa-spinner\"><\/i><\/strong> Proceso adjudicado y celebrado<\/p><p class=\"mb-0\" style=\"font-size: .85rem\"><strong title=\"Fecha de Publicaci\u00f3n\"><i class=\"fas fa-calendar-alt\"><\/i><\/strong> Publicado el lunes, 22 de diciembre de 2025<\/p><\/div><div class=\"col-auto mt-md-0 mt-2\"><a class=\"btn btn-primary btn-lg px-lg-4 d-none d-md-block\" href=\"https:\/\/comunidad.comprasdominicana.gob.do\/\/Public\/Tendering\/OpportunityDetail\/Index?noticeUID=DO1.NTC.1652220\" target=\"_blank\" title=\"Detalles\"><i class=\"fas fa-link\"><\/i> DETALLES<\/a><a class=\"btn btn-primary btn-lg px-lg-4 d-block d-md-none\" href=\"https:\/\/comunidad.comprasdominicana.gob.do\/\/Public\/Tendering\/OpportunityDetail\/Index?noticeUID=DO1.NTC.1652220\" target=\"_blank\" title=\"Detalles\"><i class=\"fas fa-2x fa-link\"><\/i><\/a><\/div><\/div><\/div><\/div><\/div><\/div>\n        <div class=\"card\">\n            <div class=\"card-header parents\" id=\"heading_comparaci-n-de-precios-69f73f7454400-2025-69f73f7454400-noviembre-69f73f7454400\">\n                <p class=\"title text-blue mb-0\">\n                    <a class=\"btn-block hover text-left collapsed\" data-toggle=\"collapse\" data-target=\"#collap_comparaci-n-de-precios-69f73f7454400-2025-69f73f7454400-noviembre-69f73f7454400\" aria-expanded=\"false\" aria-controls=\"collap_comparaci-n-de-precios-69f73f7454400-2025-69f73f7454400-noviembre-69f73f7454400\">Noviembre<\/a>\n                <\/p>\n            <\/div>\n            <div id=\"collap_comparaci-n-de-precios-69f73f7454400-2025-69f73f7454400-noviembre-69f73f7454400\" class=\"collapse\" aria-labelledby=\"heading_comparaci-n-de-precios-69f73f7454400-2025-69f73f7454400-noviembre-69f73f7454400\" data-parent=\"#collap_comparaci-n-de-precios-69f73f7454400-2025-69f73f7454400\">\n                <div class=\"card-body\"><div class=\"jumbotron archivos\"><div class=\"row align-items-center\"><div class=\"col\"><h6><a class=\"text-dark\" href=\"https:\/\/comunidad.comprasdominicana.gob.do\/\/Public\/Tendering\/OpportunityDetail\/Index?noticeUID=DO1.NTC.1636958\" title=\"Ver\" target=\"_blank\">INESPRE-CCC-CP-2025-0009<\/a><\/h6><p class=\"mb-0 bold\">Contrataci\u00f3n de servicios de capacitaci\u00f3n administrativa para Team Building para los servidores del INESPRE.<\/p><p class=\"mb-0\" style=\"font-size: .85rem\"><strong title=\"Estado del Proceso\"><i class=\"fas fa-spinner\"><\/i><\/strong> Proceso adjudicado y celebrado<\/p><p class=\"mb-0\" style=\"font-size: .85rem\"><strong title=\"Fecha de Publicaci\u00f3n\"><i class=\"fas fa-calendar-alt\"><\/i><\/strong> Publicado el viernes, 21 de noviembre de 2025<\/p><\/div><div class=\"col-auto mt-md-0 mt-2\"><a class=\"btn btn-primary btn-lg px-lg-4 d-none d-md-block\" href=\"https:\/\/comunidad.comprasdominicana.gob.do\/\/Public\/Tendering\/OpportunityDetail\/Index?noticeUID=DO1.NTC.1636958\" target=\"_blank\" title=\"Detalles\"><i class=\"fas fa-link\"><\/i> DETALLES<\/a><a class=\"btn btn-primary btn-lg px-lg-4 d-block d-md-none\" href=\"https:\/\/comunidad.comprasdominicana.gob.do\/\/Public\/Tendering\/OpportunityDetail\/Index?noticeUID=DO1.NTC.1636958\" target=\"_blank\" title=\"Detalles\"><i class=\"fas fa-2x fa-link\"><\/i><\/a><\/div><\/div><\/div><div class=\"jumbotron archivos\"><div class=\"row align-items-center\"><div class=\"col\"><h6><a class=\"text-dark\" href=\"https:\/\/comunidad.comprasdominicana.gob.do\/\/Public\/Tendering\/OpportunityDetail\/Index?noticeUID=DO1.NTC.1628960\" title=\"Ver\" target=\"_blank\">INESPRE-CCC-CP-2025-0008<\/a><\/h6><p class=\"mb-0 bold\">CONTRATACION DE SERVICIO DE ALQUILER DE FLOTILLA VEHICULAR PARA TRANSPORTE DE MERCANCIAS POR PERIODO DE DOS (2) MESES. <\/p><p class=\"mb-0\" style=\"font-size: .85rem\"><strong title=\"Estado del Proceso\"><i class=\"fas fa-spinner\"><\/i><\/strong> Proceso adjudicado y celebrado<\/p><p class=\"mb-0\" style=\"font-size: .85rem\"><strong title=\"Fecha de Publicaci\u00f3n\"><i class=\"fas fa-calendar-alt\"><\/i><\/strong> Publicado el lunes, 3 de noviembre de 2025<\/p><\/div><div class=\"col-auto mt-md-0 mt-2\"><a class=\"btn btn-primary btn-lg px-lg-4 d-none d-md-block\" href=\"https:\/\/comunidad.comprasdominicana.gob.do\/\/Public\/Tendering\/OpportunityDetail\/Index?noticeUID=DO1.NTC.1628960\" target=\"_blank\" title=\"Detalles\"><i class=\"fas fa-link\"><\/i> DETALLES<\/a><a class=\"btn btn-primary btn-lg px-lg-4 d-block d-md-none\" href=\"https:\/\/comunidad.comprasdominicana.gob.do\/\/Public\/Tendering\/OpportunityDetail\/Index?noticeUID=DO1.NTC.1628960\" target=\"_blank\" title=\"Detalles\"><i class=\"fas fa-2x fa-link\"><\/i><\/a><\/div><\/div><\/div><\/div><\/div><\/div>\n        <div class=\"card\">\n            <div class=\"card-header parents\" id=\"heading_comparaci-n-de-precios-69f73f7454400-2025-69f73f7454400-octubre-69f73f7454400\">\n                <p class=\"title text-blue mb-0\">\n                    <a class=\"btn-block hover text-left collapsed\" data-toggle=\"collapse\" data-target=\"#collap_comparaci-n-de-precios-69f73f7454400-2025-69f73f7454400-octubre-69f73f7454400\" aria-expanded=\"false\" aria-controls=\"collap_comparaci-n-de-precios-69f73f7454400-2025-69f73f7454400-octubre-69f73f7454400\">Octubre<\/a>\n                <\/p>\n            <\/div>\n            <div id=\"collap_comparaci-n-de-precios-69f73f7454400-2025-69f73f7454400-octubre-69f73f7454400\" class=\"collapse\" aria-labelledby=\"heading_comparaci-n-de-precios-69f73f7454400-2025-69f73f7454400-octubre-69f73f7454400\" data-parent=\"#collap_comparaci-n-de-precios-69f73f7454400-2025-69f73f7454400\">\n                <div class=\"card-body\"><div class=\"jumbotron archivos\"><div class=\"row align-items-center\"><div class=\"col\"><h6><a class=\"text-dark\" href=\"https:\/\/comunidad.comprasdominicana.gob.do\/\/Public\/Tendering\/OpportunityDetail\/Index?noticeUID=DO1.NTC.1619961\" title=\"Ver\" target=\"_blank\">INESPRE-CCC-CP-2025-0006<\/a><\/h6><p class=\"mb-0 bold\">Contrataci\u00f3n de servicios e instalaci\u00f3n el\u00e9ctrica, climatizaci\u00f3n y seguridad para las ferias Navidad del cambio con INESPRE 2025 en diferentes localidades a nivel nacional.<\/p><p class=\"mb-0\" style=\"font-size: .85rem\"><strong title=\"Estado del Proceso\"><i class=\"fas fa-spinner\"><\/i><\/strong> Proceso adjudicado y celebrado<\/p><p class=\"mb-0\" style=\"font-size: .85rem\"><strong title=\"Fecha de Publicaci\u00f3n\"><i class=\"fas fa-calendar-alt\"><\/i><\/strong> Publicado el mi\u00e9rcoles, 15 de octubre de 2025<\/p><\/div><div class=\"col-auto mt-md-0 mt-2\"><a class=\"btn btn-primary btn-lg px-lg-4 d-none d-md-block\" href=\"https:\/\/comunidad.comprasdominicana.gob.do\/\/Public\/Tendering\/OpportunityDetail\/Index?noticeUID=DO1.NTC.1619961\" target=\"_blank\" title=\"Detalles\"><i class=\"fas fa-link\"><\/i> DETALLES<\/a><a class=\"btn btn-primary btn-lg px-lg-4 d-block d-md-none\" href=\"https:\/\/comunidad.comprasdominicana.gob.do\/\/Public\/Tendering\/OpportunityDetail\/Index?noticeUID=DO1.NTC.1619961\" target=\"_blank\" title=\"Detalles\"><i class=\"fas fa-2x fa-link\"><\/i><\/a><\/div><\/div><\/div><div class=\"jumbotron archivos\"><div class=\"row align-items-center\"><div class=\"col\"><h6><a class=\"text-dark\" href=\"https:\/\/comunidad.comprasdominicana.gob.do\/\/Public\/Tendering\/OpportunityDetail\/Index?noticeUID=DO1.NTC.1620340\" title=\"Ver\" target=\"_blank\">INESPRE-CCC-CP-2025-0005<\/a><\/h6><p class=\"mb-0 bold\">ADQUISICI\u00d3N DE BONOS (VALE CANJEABLES) EN APOYO DE LAS INICIATIVAS DEL PROGRAMA DEL BIENESTAR A LOS COLABORADORES DEL INESPRE\u201d<\/p><p class=\"mb-0\" style=\"font-size: .85rem\"><strong title=\"Estado del Proceso\"><i class=\"fas fa-spinner\"><\/i><\/strong> Proceso adjudicado y celebrado<\/p><p class=\"mb-0\" style=\"font-size: .85rem\"><strong title=\"Fecha de Publicaci\u00f3n\"><i class=\"fas fa-calendar-alt\"><\/i><\/strong> Publicado el mi\u00e9rcoles, 15 de octubre de 2025<\/p><\/div><div class=\"col-auto mt-md-0 mt-2\"><a class=\"btn btn-primary btn-lg px-lg-4 d-none d-md-block\" href=\"https:\/\/comunidad.comprasdominicana.gob.do\/\/Public\/Tendering\/OpportunityDetail\/Index?noticeUID=DO1.NTC.1620340\" target=\"_blank\" title=\"Detalles\"><i class=\"fas fa-link\"><\/i> DETALLES<\/a><a class=\"btn btn-primary btn-lg px-lg-4 d-block d-md-none\" href=\"https:\/\/comunidad.comprasdominicana.gob.do\/\/Public\/Tendering\/OpportunityDetail\/Index?noticeUID=DO1.NTC.1620340\" target=\"_blank\" title=\"Detalles\"><i class=\"fas fa-2x fa-link\"><\/i><\/a><\/div><\/div><\/div><div class=\"jumbotron archivos\"><div class=\"row align-items-center\"><div class=\"col\"><h6><a class=\"text-dark\" href=\"https:\/\/comunidad.comprasdominicana.gob.do\/\/Public\/Tendering\/OpportunityDetail\/Index?noticeUID=DO1.NTC.1620451\" title=\"Ver\" target=\"_blank\">INESPRE-CCC-CP-2025-0007<\/a><\/h6><p class=\"mb-0 bold\">CONTRATACI\u00d3N DE SERVICIOS DE ALQUILER E INSTALACI\u00d3N DE CARPAS Y ESTRUCTURAS, PARA LAS FERIAS NAVIDAD DEL CAMBIO CON INESPRE 2025 <\/p><p class=\"mb-0\" style=\"font-size: .85rem\"><strong title=\"Estado del Proceso\"><i class=\"fas fa-spinner\"><\/i><\/strong> Proceso adjudicado y celebrado<\/p><p class=\"mb-0\" style=\"font-size: .85rem\"><strong title=\"Fecha de Publicaci\u00f3n\"><i class=\"fas fa-calendar-alt\"><\/i><\/strong> Publicado el mi\u00e9rcoles, 15 de octubre de 2025<\/p><\/div><div class=\"col-auto mt-md-0 mt-2\"><a class=\"btn btn-primary btn-lg px-lg-4 d-none d-md-block\" href=\"https:\/\/comunidad.comprasdominicana.gob.do\/\/Public\/Tendering\/OpportunityDetail\/Index?noticeUID=DO1.NTC.1620451\" target=\"_blank\" title=\"Detalles\"><i class=\"fas fa-link\"><\/i> DETALLES<\/a><a class=\"btn btn-primary btn-lg px-lg-4 d-block d-md-none\" href=\"https:\/\/comunidad.comprasdominicana.gob.do\/\/Public\/Tendering\/OpportunityDetail\/Index?noticeUID=DO1.NTC.1620451\" target=\"_blank\" title=\"Detalles\"><i class=\"fas fa-2x fa-link\"><\/i><\/a><\/div><\/div><\/div><div class=\"jumbotron archivos\"><div class=\"row align-items-center\"><div class=\"col\"><h6><a class=\"text-dark\" href=\"https:\/\/comunidad.comprasdominicana.gob.do\/\/Public\/Tendering\/OpportunityDetail\/Index?noticeUID=DO1.NTC.1614002\" title=\"Ver\" target=\"_blank\">INESPRE-CCC-CP-2025-0004<\/a><\/h6><p class=\"mb-0 bold\">Adquisici\u00f3n de Mobiliarios de oficina para ser utilizados en distintas areas del INESPRE<\/p><p class=\"mb-0\" style=\"font-size: .85rem\"><strong title=\"Estado del Proceso\"><i class=\"fas fa-spinner\"><\/i><\/strong> Proceso adjudicado y celebrado<\/p><p class=\"mb-0\" style=\"font-size: .85rem\"><strong title=\"Fecha de Publicaci\u00f3n\"><i class=\"fas fa-calendar-alt\"><\/i><\/strong> Publicado el mi\u00e9rcoles, 1 de octubre de 2025<\/p><\/div><div class=\"col-auto mt-md-0 mt-2\"><a class=\"btn btn-primary btn-lg px-lg-4 d-none d-md-block\" href=\"https:\/\/comunidad.comprasdominicana.gob.do\/\/Public\/Tendering\/OpportunityDetail\/Index?noticeUID=DO1.NTC.1614002\" target=\"_blank\" title=\"Detalles\"><i class=\"fas fa-link\"><\/i> DETALLES<\/a><a class=\"btn btn-primary btn-lg px-lg-4 d-block d-md-none\" href=\"https:\/\/comunidad.comprasdominicana.gob.do\/\/Public\/Tendering\/OpportunityDetail\/Index?noticeUID=DO1.NTC.1614002\" target=\"_blank\" title=\"Detalles\"><i class=\"fas fa-2x fa-link\"><\/i><\/a><\/div><\/div><\/div><div class=\"jumbotron archivos\"><div class=\"row align-items-center\"><div class=\"col\"><h6><a class=\"text-dark\" href=\"https:\/\/comunidad.comprasdominicana.gob.do\/\/Public\/Tendering\/OpportunityDetail\/Index?noticeUID=DO1.NTC.1613901\" title=\"Ver\" target=\"_blank\">INESPRE-CCC-CP-2025-0003<\/a><\/h6><p class=\"mb-0 bold\">Contrataci\u00f3n de servicio de alquiler de flotilla de veh\u00edculos por per\u00edodo de dos (02) meses<\/p><p class=\"mb-0\" style=\"font-size: .85rem\"><strong title=\"Estado del Proceso\"><i class=\"fas fa-spinner\"><\/i><\/strong> Proceso adjudicado y celebrado<\/p><p class=\"mb-0\" style=\"font-size: .85rem\"><strong title=\"Fecha de Publicaci\u00f3n\"><i class=\"fas fa-calendar-alt\"><\/i><\/strong> Publicado el mi\u00e9rcoles, 1 de octubre de 2025<\/p><\/div><div class=\"col-auto mt-md-0 mt-2\"><a class=\"btn btn-primary btn-lg px-lg-4 d-none d-md-block\" href=\"https:\/\/comunidad.comprasdominicana.gob.do\/\/Public\/Tendering\/OpportunityDetail\/Index?noticeUID=DO1.NTC.1613901\" target=\"_blank\" title=\"Detalles\"><i class=\"fas fa-link\"><\/i> DETALLES<\/a><a class=\"btn btn-primary btn-lg px-lg-4 d-block d-md-none\" href=\"https:\/\/comunidad.comprasdominicana.gob.do\/\/Public\/Tendering\/OpportunityDetail\/Index?noticeUID=DO1.NTC.1613901\" target=\"_blank\" title=\"Detalles\"><i class=\"fas fa-2x fa-link\"><\/i><\/a><\/div><\/div><\/div><\/div><\/div><\/div>\n        <div class=\"card\">\n            <div class=\"card-header parents\" id=\"heading_comparaci-n-de-precios-69f73f7454400-2025-69f73f7454400-agosto-69f73f7454400\">\n                <p class=\"title text-blue mb-0\">\n                    <a class=\"btn-block hover text-left collapsed\" data-toggle=\"collapse\" data-target=\"#collap_comparaci-n-de-precios-69f73f7454400-2025-69f73f7454400-agosto-69f73f7454400\" aria-expanded=\"false\" aria-controls=\"collap_comparaci-n-de-precios-69f73f7454400-2025-69f73f7454400-agosto-69f73f7454400\">Agosto<\/a>\n                <\/p>\n            <\/div>\n            <div id=\"collap_comparaci-n-de-precios-69f73f7454400-2025-69f73f7454400-agosto-69f73f7454400\" class=\"collapse\" aria-labelledby=\"heading_comparaci-n-de-precios-69f73f7454400-2025-69f73f7454400-agosto-69f73f7454400\" data-parent=\"#collap_comparaci-n-de-precios-69f73f7454400-2025-69f73f7454400\">\n                <div class=\"card-body\"><div class=\"jumbotron archivos\"><div class=\"row align-items-center\"><div class=\"col\"><h6><a class=\"text-dark\" href=\"https:\/\/comunidad.comprasdominicana.gob.do\/\/Public\/Tendering\/OpportunityDetail\/Index?noticeUID=DO1.NTC.1598211\" title=\"Ver\" target=\"_blank\">INESPRE-CCC-CP-2025-0002<\/a><\/h6><p class=\"mb-0 bold\">Contrataci\u00f3n de Almuerzo Empresarial por un Periodo de Seis (6) Meses<\/p><p class=\"mb-0\" style=\"font-size: .85rem\"><strong title=\"Estado del Proceso\"><i class=\"fas fa-spinner\"><\/i><\/strong> Proceso adjudicado y celebrado<\/p><p class=\"mb-0\" style=\"font-size: .85rem\"><strong title=\"Fecha de Publicaci\u00f3n\"><i class=\"fas fa-calendar-alt\"><\/i><\/strong> Publicado el martes, 26 de agosto de 2025<\/p><\/div><div class=\"col-auto mt-md-0 mt-2\"><a class=\"btn btn-primary btn-lg px-lg-4 d-none d-md-block\" href=\"https:\/\/comunidad.comprasdominicana.gob.do\/\/Public\/Tendering\/OpportunityDetail\/Index?noticeUID=DO1.NTC.1598211\" target=\"_blank\" title=\"Detalles\"><i class=\"fas fa-link\"><\/i> DETALLES<\/a><a class=\"btn btn-primary btn-lg px-lg-4 d-block d-md-none\" href=\"https:\/\/comunidad.comprasdominicana.gob.do\/\/Public\/Tendering\/OpportunityDetail\/Index?noticeUID=DO1.NTC.1598211\" target=\"_blank\" title=\"Detalles\"><i class=\"fas fa-2x fa-link\"><\/i><\/a><\/div><\/div><\/div><\/div><\/div><\/div>\n        <div class=\"card\">\n            <div class=\"card-header parents\" id=\"heading_comparaci-n-de-precios-69f73f7454400-2025-69f73f7454400-mayo-69f73f7454400\">\n                <p class=\"title text-blue mb-0\">\n                    <a class=\"btn-block hover text-left collapsed\" data-toggle=\"collapse\" data-target=\"#collap_comparaci-n-de-precios-69f73f7454400-2025-69f73f7454400-mayo-69f73f7454400\" aria-expanded=\"false\" aria-controls=\"collap_comparaci-n-de-precios-69f73f7454400-2025-69f73f7454400-mayo-69f73f7454400\">Mayo<\/a>\n                <\/p>\n            <\/div>\n            <div id=\"collap_comparaci-n-de-precios-69f73f7454400-2025-69f73f7454400-mayo-69f73f7454400\" class=\"collapse\" aria-labelledby=\"heading_comparaci-n-de-precios-69f73f7454400-2025-69f73f7454400-mayo-69f73f7454400\" data-parent=\"#collap_comparaci-n-de-precios-69f73f7454400-2025-69f73f7454400\">\n                <div class=\"card-body\"><div class=\"jumbotron archivos\"><div class=\"row align-items-center\"><div class=\"col\"><h6><a class=\"text-dark\" href=\"https:\/\/comunidad.comprasdominicana.gob.do\/\/Public\/Tendering\/OpportunityDetail\/Index?noticeUID=DO1.NTC.1560611\" title=\"Ver\" target=\"_blank\">INESPRE-CCC-CP-2025-0001<\/a><\/h6><p class=\"mb-0 bold\">Adquisici\u00f3n de bolsas pl\u00e1sticas (fundas T-shirt con logo)<\/p><p class=\"mb-0\" style=\"font-size: .85rem\"><strong title=\"Estado del Proceso\"><i class=\"fas fa-spinner\"><\/i><\/strong> Proceso adjudicado y celebrado<\/p><p class=\"mb-0\" style=\"font-size: .85rem\"><strong title=\"Fecha de Publicaci\u00f3n\"><i class=\"fas fa-calendar-alt\"><\/i><\/strong> Publicado el viernes, 30 de mayo de 2025<\/p><\/div><div class=\"col-auto mt-md-0 mt-2\"><a class=\"btn btn-primary btn-lg px-lg-4 d-none d-md-block\" href=\"https:\/\/comunidad.comprasdominicana.gob.do\/\/Public\/Tendering\/OpportunityDetail\/Index?noticeUID=DO1.NTC.1560611\" target=\"_blank\" title=\"Detalles\"><i class=\"fas fa-link\"><\/i> DETALLES<\/a><a class=\"btn btn-primary btn-lg px-lg-4 d-block d-md-none\" href=\"https:\/\/comunidad.comprasdominicana.gob.do\/\/Public\/Tendering\/OpportunityDetail\/Index?noticeUID=DO1.NTC.1560611\" target=\"_blank\" title=\"Detalles\"><i class=\"fas fa-2x fa-link\"><\/i><\/a><\/div><\/div><\/div><\/div><\/div><\/div><\/div><\/div><\/div>\n        <div class=\"card\">\n            <div class=\"card-header parents\" id=\"heading_comparaci-n-de-precios-69f73f7454400-2024-69f73f7454400\">\n                <p class=\"title text-blue mb-0\">\n                    <a class=\"btn-block hover text-left collapsed\" data-toggle=\"collapse\" data-target=\"#collap_comparaci-n-de-precios-69f73f7454400-2024-69f73f7454400\" aria-expanded=\"false\" aria-controls=\"collap_comparaci-n-de-precios-69f73f7454400-2024-69f73f7454400\">2024<\/a>\n                <\/p>\n            <\/div>\n            <div id=\"collap_comparaci-n-de-precios-69f73f7454400-2024-69f73f7454400\" class=\"collapse\" aria-labelledby=\"heading_comparaci-n-de-precios-69f73f7454400-2024-69f73f7454400\" data-parent=\"#collap_comparaci-n-de-precios-69f73f7454400\">\n                <div class=\"card-body\">\n        <div class=\"card\">\n            <div class=\"card-header parents\" id=\"heading_comparaci-n-de-precios-69f73f7454400-2024-69f73f7454400-noviembre-69f73f7454400\">\n                <p class=\"title text-blue mb-0\">\n                    <a class=\"btn-block hover text-left collapsed\" data-toggle=\"collapse\" data-target=\"#collap_comparaci-n-de-precios-69f73f7454400-2024-69f73f7454400-noviembre-69f73f7454400\" aria-expanded=\"false\" aria-controls=\"collap_comparaci-n-de-precios-69f73f7454400-2024-69f73f7454400-noviembre-69f73f7454400\">Noviembre<\/a>\n                <\/p>\n            <\/div>\n            <div id=\"collap_comparaci-n-de-precios-69f73f7454400-2024-69f73f7454400-noviembre-69f73f7454400\" class=\"collapse\" aria-labelledby=\"heading_comparaci-n-de-precios-69f73f7454400-2024-69f73f7454400-noviembre-69f73f7454400\" data-parent=\"#collap_comparaci-n-de-precios-69f73f7454400-2024-69f73f7454400\">\n                <div class=\"card-body\"><div class=\"jumbotron archivos\"><div class=\"row align-items-center\"><div class=\"col\"><h6><a class=\"text-dark\" href=\"https:\/\/comunidad.comprasdominicana.gob.do\/\/Public\/Tendering\/OpportunityDetail\/Index?noticeUID=DO1.NTC.1475911\" title=\"Ver\" target=\"_blank\">INESPRE-CCC-CP-2024-0004<\/a><\/h6><p class=\"mb-0 bold\">Adquisici\u00f3n de Tickets de Combustible (Gasolina)<\/p><p class=\"mb-0\" style=\"font-size: .85rem\"><strong title=\"Estado del Proceso\"><i class=\"fas fa-spinner\"><\/i><\/strong> Proceso adjudicado y celebrado<\/p><p class=\"mb-0\" style=\"font-size: .85rem\"><strong title=\"Fecha de Publicaci\u00f3n\"><i class=\"fas fa-calendar-alt\"><\/i><\/strong> Publicado el mi\u00e9rcoles, 20 de noviembre de 2024<\/p><\/div><div class=\"col-auto mt-md-0 mt-2\"><a class=\"btn btn-primary btn-lg px-lg-4 d-none d-md-block\" href=\"https:\/\/comunidad.comprasdominicana.gob.do\/\/Public\/Tendering\/OpportunityDetail\/Index?noticeUID=DO1.NTC.1475911\" target=\"_blank\" title=\"Detalles\"><i class=\"fas fa-link\"><\/i> DETALLES<\/a><a class=\"btn btn-primary btn-lg px-lg-4 d-block d-md-none\" href=\"https:\/\/comunidad.comprasdominicana.gob.do\/\/Public\/Tendering\/OpportunityDetail\/Index?noticeUID=DO1.NTC.1475911\" target=\"_blank\" title=\"Detalles\"><i class=\"fas fa-2x fa-link\"><\/i><\/a><\/div><\/div><\/div><\/div><\/div><\/div>\n        <div class=\"card\">\n            <div class=\"card-header parents\" id=\"heading_comparaci-n-de-precios-69f73f7454400-2024-69f73f7454400-junio-69f73f7454400\">\n                <p class=\"title text-blue mb-0\">\n                    <a class=\"btn-block hover text-left collapsed\" data-toggle=\"collapse\" data-target=\"#collap_comparaci-n-de-precios-69f73f7454400-2024-69f73f7454400-junio-69f73f7454400\" aria-expanded=\"false\" aria-controls=\"collap_comparaci-n-de-precios-69f73f7454400-2024-69f73f7454400-junio-69f73f7454400\">Junio<\/a>\n                <\/p>\n            <\/div>\n            <div id=\"collap_comparaci-n-de-precios-69f73f7454400-2024-69f73f7454400-junio-69f73f7454400\" class=\"collapse\" aria-labelledby=\"heading_comparaci-n-de-precios-69f73f7454400-2024-69f73f7454400-junio-69f73f7454400\" data-parent=\"#collap_comparaci-n-de-precios-69f73f7454400-2024-69f73f7454400\">\n                <div class=\"card-body\"><div class=\"jumbotron archivos\"><div class=\"row align-items-center\"><div class=\"col\"><h6><a class=\"text-dark\" href=\"https:\/\/comunidad.comprasdominicana.gob.do\/\/Public\/Tendering\/OpportunityDetail\/Index?noticeUID=DO1.NTC.1417237\" title=\"Ver\" target=\"_blank\">INESPRE-CCC-CP-2024-0003<\/a><\/h6><p class=\"mb-0 bold\">Adquisici\u00f3n de Rollos de L\u00e1minas Transparentes con logo, dirigido exclusivamente a\nMIPYMES y MIPYMES MUJERES.<\/p><p class=\"mb-0\" style=\"font-size: .85rem\"><strong title=\"Estado del Proceso\"><i class=\"fas fa-spinner\"><\/i><\/strong> Proceso adjudicado y celebrado<\/p><p class=\"mb-0\" style=\"font-size: .85rem\"><strong title=\"Fecha de Publicaci\u00f3n\"><i class=\"fas fa-calendar-alt\"><\/i><\/strong> Publicado el jueves, 27 de junio de 2024<\/p><\/div><div class=\"col-auto mt-md-0 mt-2\"><a class=\"btn btn-primary btn-lg px-lg-4 d-none d-md-block\" href=\"https:\/\/comunidad.comprasdominicana.gob.do\/\/Public\/Tendering\/OpportunityDetail\/Index?noticeUID=DO1.NTC.1417237\" target=\"_blank\" title=\"Detalles\"><i class=\"fas fa-link\"><\/i> DETALLES<\/a><a class=\"btn btn-primary btn-lg px-lg-4 d-block d-md-none\" href=\"https:\/\/comunidad.comprasdominicana.gob.do\/\/Public\/Tendering\/OpportunityDetail\/Index?noticeUID=DO1.NTC.1417237\" target=\"_blank\" title=\"Detalles\"><i class=\"fas fa-2x fa-link\"><\/i><\/a><\/div><\/div><\/div><div class=\"jumbotron archivos\"><div class=\"row align-items-center\"><div class=\"col\"><h6><a class=\"text-dark\" href=\"https:\/\/comunidad.comprasdominicana.gob.do\/\/Public\/Tendering\/OpportunityDetail\/Index?noticeUID=DO1.NTC.1417230\" title=\"Ver\" target=\"_blank\">INESPRE-CCC-CP-2024-0002<\/a><\/h6><p class=\"mb-0 bold\">Adquisici\u00f3n de Malla para empaque, dirigido a Mipymes y Mipymes Mujeres<\/p><p class=\"mb-0\" style=\"font-size: .85rem\"><strong title=\"Estado del Proceso\"><i class=\"fas fa-spinner\"><\/i><\/strong> Proceso desierto<\/p><p class=\"mb-0\" style=\"font-size: .85rem\"><strong title=\"Fecha de Publicaci\u00f3n\"><i class=\"fas fa-calendar-alt\"><\/i><\/strong> Publicado el jueves, 27 de junio de 2024<\/p><\/div><div class=\"col-auto mt-md-0 mt-2\"><a class=\"btn btn-primary btn-lg px-lg-4 d-none d-md-block\" href=\"https:\/\/comunidad.comprasdominicana.gob.do\/\/Public\/Tendering\/OpportunityDetail\/Index?noticeUID=DO1.NTC.1417230\" target=\"_blank\" title=\"Detalles\"><i class=\"fas fa-link\"><\/i> DETALLES<\/a><a class=\"btn btn-primary btn-lg px-lg-4 d-block d-md-none\" href=\"https:\/\/comunidad.comprasdominicana.gob.do\/\/Public\/Tendering\/OpportunityDetail\/Index?noticeUID=DO1.NTC.1417230\" target=\"_blank\" title=\"Detalles\"><i class=\"fas fa-2x fa-link\"><\/i><\/a><\/div><\/div><\/div><\/div><\/div><\/div>\n        <div class=\"card\">\n            <div class=\"card-header parents\" id=\"heading_comparaci-n-de-precios-69f73f7454400-2024-69f73f7454400-marzo-69f73f7454400\">\n                <p class=\"title text-blue mb-0\">\n                    <a class=\"btn-block hover text-left collapsed\" data-toggle=\"collapse\" data-target=\"#collap_comparaci-n-de-precios-69f73f7454400-2024-69f73f7454400-marzo-69f73f7454400\" aria-expanded=\"false\" aria-controls=\"collap_comparaci-n-de-precios-69f73f7454400-2024-69f73f7454400-marzo-69f73f7454400\">Marzo<\/a>\n                <\/p>\n            <\/div>\n            <div id=\"collap_comparaci-n-de-precios-69f73f7454400-2024-69f73f7454400-marzo-69f73f7454400\" class=\"collapse\" aria-labelledby=\"heading_comparaci-n-de-precios-69f73f7454400-2024-69f73f7454400-marzo-69f73f7454400\" data-parent=\"#collap_comparaci-n-de-precios-69f73f7454400-2024-69f73f7454400\">\n                <div class=\"card-body\"><div class=\"jumbotron archivos\"><div class=\"row align-items-center\"><div class=\"col\"><h6><a class=\"text-dark\" href=\"https:\/\/comunidad.comprasdominicana.gob.do\/\/Public\/Tendering\/OpportunityDetail\/Index?noticeUID=DO1.NTC.1371325\" title=\"Ver\" target=\"_blank\">INESPRE-CCC-CP-2024-0001<\/a><\/h6><p class=\"mb-0 bold\">Adquisici\u00f3n de Bolsas Pl\u00e1sticas (Fundas tipo T-Shirt) dirigido exclusivamente a Mipymes Mipymes Mujeres<\/p><p class=\"mb-0\" style=\"font-size: .85rem\"><strong title=\"Estado del Proceso\"><i class=\"fas fa-spinner\"><\/i><\/strong> Proceso adjudicado y celebrado<\/p><p class=\"mb-0\" style=\"font-size: .85rem\"><strong title=\"Fecha de Publicaci\u00f3n\"><i class=\"fas fa-calendar-alt\"><\/i><\/strong> Publicado el mi\u00e9rcoles, 6 de marzo de 2024<\/p><\/div><div class=\"col-auto mt-md-0 mt-2\"><a class=\"btn btn-primary btn-lg px-lg-4 d-none d-md-block\" href=\"https:\/\/comunidad.comprasdominicana.gob.do\/\/Public\/Tendering\/OpportunityDetail\/Index?noticeUID=DO1.NTC.1371325\" target=\"_blank\" title=\"Detalles\"><i class=\"fas fa-link\"><\/i> DETALLES<\/a><a class=\"btn btn-primary btn-lg px-lg-4 d-block d-md-none\" href=\"https:\/\/comunidad.comprasdominicana.gob.do\/\/Public\/Tendering\/OpportunityDetail\/Index?noticeUID=DO1.NTC.1371325\" target=\"_blank\" title=\"Detalles\"><i class=\"fas fa-2x fa-link\"><\/i><\/a><\/div><\/div><\/div><\/div><\/div><\/div><\/div><\/div><\/div>\n        <div class=\"card\">\n            <div class=\"card-header parents\" id=\"heading_comparaci-n-de-precios-69f73f7454400-2023-69f73f7454400\">\n                <p class=\"title text-blue mb-0\">\n                    <a class=\"btn-block hover text-left collapsed\" data-toggle=\"collapse\" data-target=\"#collap_comparaci-n-de-precios-69f73f7454400-2023-69f73f7454400\" aria-expanded=\"false\" aria-controls=\"collap_comparaci-n-de-precios-69f73f7454400-2023-69f73f7454400\">2023<\/a>\n                <\/p>\n            <\/div>\n            <div id=\"collap_comparaci-n-de-precios-69f73f7454400-2023-69f73f7454400\" class=\"collapse\" aria-labelledby=\"heading_comparaci-n-de-precios-69f73f7454400-2023-69f73f7454400\" data-parent=\"#collap_comparaci-n-de-precios-69f73f7454400\">\n                <div class=\"card-body\">\n        <div class=\"card\">\n            <div class=\"card-header parents\" id=\"heading_comparaci-n-de-precios-69f73f7454400-2023-69f73f7454400-octubre-69f73f7454400\">\n                <p class=\"title text-blue mb-0\">\n                    <a class=\"btn-block hover text-left collapsed\" data-toggle=\"collapse\" data-target=\"#collap_comparaci-n-de-precios-69f73f7454400-2023-69f73f7454400-octubre-69f73f7454400\" aria-expanded=\"false\" aria-controls=\"collap_comparaci-n-de-precios-69f73f7454400-2023-69f73f7454400-octubre-69f73f7454400\">Octubre<\/a>\n                <\/p>\n            <\/div>\n            <div id=\"collap_comparaci-n-de-precios-69f73f7454400-2023-69f73f7454400-octubre-69f73f7454400\" class=\"collapse\" aria-labelledby=\"heading_comparaci-n-de-precios-69f73f7454400-2023-69f73f7454400-octubre-69f73f7454400\" data-parent=\"#collap_comparaci-n-de-precios-69f73f7454400-2023-69f73f7454400\">\n                <div class=\"card-body\"><div class=\"jumbotron archivos\"><div class=\"row align-items-center\"><div class=\"col\"><h6><a class=\"text-dark\" href=\"https:\/\/comunidad.comprasdominicana.gob.do\/\/Public\/Tendering\/OpportunityDetail\/Index?noticeUID=DO1.NTC.1310130\" title=\"Ver\" target=\"_blank\">INESPRE-CCC-CP-2023-0007<\/a><\/h6><p class=\"mb-0 bold\">Adquisici\u00f3n de Pan Sobao y Telera Mediana, dirigido exclusivamente a Mipymes Industriales<\/p><p class=\"mb-0\" style=\"font-size: .85rem\"><strong title=\"Estado del Proceso\"><i class=\"fas fa-spinner\"><\/i><\/strong> Proceso adjudicado y celebrado<\/p><p class=\"mb-0\" style=\"font-size: .85rem\"><strong title=\"Fecha de Publicaci\u00f3n\"><i class=\"fas fa-calendar-alt\"><\/i><\/strong> Publicado el viernes, 20 de octubre de 2023<\/p><\/div><div class=\"col-auto mt-md-0 mt-2\"><a class=\"btn btn-primary btn-lg px-lg-4 d-none d-md-block\" href=\"https:\/\/comunidad.comprasdominicana.gob.do\/\/Public\/Tendering\/OpportunityDetail\/Index?noticeUID=DO1.NTC.1310130\" target=\"_blank\" title=\"Detalles\"><i class=\"fas fa-link\"><\/i> DETALLES<\/a><a class=\"btn btn-primary btn-lg px-lg-4 d-block d-md-none\" href=\"https:\/\/comunidad.comprasdominicana.gob.do\/\/Public\/Tendering\/OpportunityDetail\/Index?noticeUID=DO1.NTC.1310130\" target=\"_blank\" title=\"Detalles\"><i class=\"fas fa-2x fa-link\"><\/i><\/a><\/div><\/div><\/div><\/div><\/div><\/div>\n        <div class=\"card\">\n            <div class=\"card-header parents\" id=\"heading_comparaci-n-de-precios-69f73f7454400-2023-69f73f7454400-septiembre-69f73f7454400\">\n                <p class=\"title text-blue mb-0\">\n                    <a class=\"btn-block hover text-left collapsed\" data-toggle=\"collapse\" data-target=\"#collap_comparaci-n-de-precios-69f73f7454400-2023-69f73f7454400-septiembre-69f73f7454400\" aria-expanded=\"false\" aria-controls=\"collap_comparaci-n-de-precios-69f73f7454400-2023-69f73f7454400-septiembre-69f73f7454400\">Septiembre<\/a>\n                <\/p>\n            <\/div>\n            <div id=\"collap_comparaci-n-de-precios-69f73f7454400-2023-69f73f7454400-septiembre-69f73f7454400\" class=\"collapse\" aria-labelledby=\"heading_comparaci-n-de-precios-69f73f7454400-2023-69f73f7454400-septiembre-69f73f7454400\" data-parent=\"#collap_comparaci-n-de-precios-69f73f7454400-2023-69f73f7454400\">\n                <div class=\"card-body\"><div class=\"jumbotron archivos\"><div class=\"row align-items-center\"><div class=\"col\"><h6><a class=\"text-dark\" href=\"https:\/\/comunidad.comprasdominicana.gob.do\/\/Public\/Tendering\/OpportunityDetail\/Index?noticeUID=DO1.NTC.1301616\" title=\"Ver\" target=\"_blank\">INESPRE-CCC-CP-2023-0006<\/a><\/h6><p class=\"mb-0 bold\">Bolsas Pl\u00e1sticas (Fundas tipo T-shirt), dirigido exclusivamente a MIPYMES Y MIPYMES MUJERES<\/p><p class=\"mb-0\" style=\"font-size: .85rem\"><strong title=\"Estado del Proceso\"><i class=\"fas fa-spinner\"><\/i><\/strong> Proceso adjudicado y celebrado<\/p><p class=\"mb-0\" style=\"font-size: .85rem\"><strong title=\"Fecha de Publicaci\u00f3n\"><i class=\"fas fa-calendar-alt\"><\/i><\/strong> Publicado el viernes, 29 de septiembre de 2023<\/p><\/div><div class=\"col-auto mt-md-0 mt-2\"><a class=\"btn btn-primary btn-lg px-lg-4 d-none d-md-block\" href=\"https:\/\/comunidad.comprasdominicana.gob.do\/\/Public\/Tendering\/OpportunityDetail\/Index?noticeUID=DO1.NTC.1301616\" target=\"_blank\" title=\"Detalles\"><i class=\"fas fa-link\"><\/i> DETALLES<\/a><a class=\"btn btn-primary btn-lg px-lg-4 d-block d-md-none\" href=\"https:\/\/comunidad.comprasdominicana.gob.do\/\/Public\/Tendering\/OpportunityDetail\/Index?noticeUID=DO1.NTC.1301616\" target=\"_blank\" title=\"Detalles\"><i class=\"fas fa-2x fa-link\"><\/i><\/a><\/div><\/div><\/div><\/div><\/div><\/div>\n        <div class=\"card\">\n            <div class=\"card-header parents\" id=\"heading_comparaci-n-de-precios-69f73f7454400-2023-69f73f7454400-agosto-69f73f7454400\">\n                <p class=\"title text-blue mb-0\">\n                    <a class=\"btn-block hover text-left collapsed\" data-toggle=\"collapse\" data-target=\"#collap_comparaci-n-de-precios-69f73f7454400-2023-69f73f7454400-agosto-69f73f7454400\" aria-expanded=\"false\" aria-controls=\"collap_comparaci-n-de-precios-69f73f7454400-2023-69f73f7454400-agosto-69f73f7454400\">Agosto<\/a>\n                <\/p>\n            <\/div>\n            <div id=\"collap_comparaci-n-de-precios-69f73f7454400-2023-69f73f7454400-agosto-69f73f7454400\" class=\"collapse\" aria-labelledby=\"heading_comparaci-n-de-precios-69f73f7454400-2023-69f73f7454400-agosto-69f73f7454400\" data-parent=\"#collap_comparaci-n-de-precios-69f73f7454400-2023-69f73f7454400\">\n                <div class=\"card-body\"><div class=\"jumbotron archivos\"><div class=\"row align-items-center\"><div class=\"col\"><h6><a class=\"text-dark\" href=\"https:\/\/comunidad.comprasdominicana.gob.do\/\/Public\/Tendering\/OpportunityDetail\/Index?noticeUID=DO1.NTC.1276005\" title=\"Ver\" target=\"_blank\">INESPRE-CCC-CP-2023-0005<\/a><\/h6><p class=\"mb-0 bold\">Contrataci\u00f3n de Servicio de Digitalizaci\u00f3n de Documentos<\/p><p class=\"mb-0\" style=\"font-size: .85rem\"><strong title=\"Estado del Proceso\"><i class=\"fas fa-spinner\"><\/i><\/strong> Proceso adjudicado y celebrado<\/p><p class=\"mb-0\" style=\"font-size: .85rem\"><strong title=\"Fecha de Publicaci\u00f3n\"><i class=\"fas fa-calendar-alt\"><\/i><\/strong> Publicado el martes, 1 de agosto de 2023<\/p><\/div><div class=\"col-auto mt-md-0 mt-2\"><a class=\"btn btn-primary btn-lg px-lg-4 d-none d-md-block\" href=\"https:\/\/comunidad.comprasdominicana.gob.do\/\/Public\/Tendering\/OpportunityDetail\/Index?noticeUID=DO1.NTC.1276005\" target=\"_blank\" title=\"Detalles\"><i class=\"fas fa-link\"><\/i> DETALLES<\/a><a class=\"btn btn-primary btn-lg px-lg-4 d-block d-md-none\" href=\"https:\/\/comunidad.comprasdominicana.gob.do\/\/Public\/Tendering\/OpportunityDetail\/Index?noticeUID=DO1.NTC.1276005\" target=\"_blank\" title=\"Detalles\"><i class=\"fas fa-2x fa-link\"><\/i><\/a><\/div><\/div><\/div><\/div><\/div><\/div>\n        <div class=\"card\">\n            <div class=\"card-header parents\" id=\"heading_comparaci-n-de-precios-69f73f7454400-2023-69f73f7454400-junio-69f73f7454400\">\n                <p class=\"title text-blue mb-0\">\n                    <a class=\"btn-block hover text-left collapsed\" data-toggle=\"collapse\" data-target=\"#collap_comparaci-n-de-precios-69f73f7454400-2023-69f73f7454400-junio-69f73f7454400\" aria-expanded=\"false\" aria-controls=\"collap_comparaci-n-de-precios-69f73f7454400-2023-69f73f7454400-junio-69f73f7454400\">Junio<\/a>\n                <\/p>\n            <\/div>\n            <div id=\"collap_comparaci-n-de-precios-69f73f7454400-2023-69f73f7454400-junio-69f73f7454400\" class=\"collapse\" aria-labelledby=\"heading_comparaci-n-de-precios-69f73f7454400-2023-69f73f7454400-junio-69f73f7454400\" data-parent=\"#collap_comparaci-n-de-precios-69f73f7454400-2023-69f73f7454400\">\n                <div class=\"card-body\"><div class=\"jumbotron archivos\"><div class=\"row align-items-center\"><div class=\"col\"><h6><a class=\"text-dark\" href=\"https:\/\/comunidad.comprasdominicana.gob.do\/\/Public\/Tendering\/OpportunityDetail\/Index?noticeUID=DO1.NTC.1252005\" title=\"Ver\" target=\"_blank\">INESPRE-CCC-CP-2023-0003<\/a><\/h6><p class=\"mb-0 bold\">Adquisici\u00f3n de Equipos y Licencias de Inform\u00e1tica<\/p><p class=\"mb-0\" style=\"font-size: .85rem\"><strong title=\"Estado del Proceso\"><i class=\"fas fa-spinner\"><\/i><\/strong> Proceso adjudicado y celebrado<\/p><p class=\"mb-0\" style=\"font-size: .85rem\"><strong title=\"Fecha de Publicaci\u00f3n\"><i class=\"fas fa-calendar-alt\"><\/i><\/strong> Publicado el mi\u00e9rcoles, 7 de junio de 2023<\/p><\/div><div class=\"col-auto mt-md-0 mt-2\"><a class=\"btn btn-primary btn-lg px-lg-4 d-none d-md-block\" href=\"https:\/\/comunidad.comprasdominicana.gob.do\/\/Public\/Tendering\/OpportunityDetail\/Index?noticeUID=DO1.NTC.1252005\" target=\"_blank\" title=\"Detalles\"><i class=\"fas fa-link\"><\/i> DETALLES<\/a><a class=\"btn btn-primary btn-lg px-lg-4 d-block d-md-none\" href=\"https:\/\/comunidad.comprasdominicana.gob.do\/\/Public\/Tendering\/OpportunityDetail\/Index?noticeUID=DO1.NTC.1252005\" target=\"_blank\" title=\"Detalles\"><i class=\"fas fa-2x fa-link\"><\/i><\/a><\/div><\/div><\/div><div class=\"jumbotron archivos\"><div class=\"row align-items-center\"><div class=\"col\"><h6><a class=\"text-dark\" href=\"https:\/\/comunidad.comprasdominicana.gob.do\/\/Public\/Tendering\/OpportunityDetail\/Index?noticeUID=DO1.NTC.1251235\" title=\"Ver\" target=\"_blank\">INESPRE-CCC-CP-2023-0004<\/a><\/h6><p class=\"mb-0 bold\">Adquisici\u00f3n de Bolsas Pl\u00e1sticas (Fundas Tipo T-Shirt), dirigido exclusivamente a MIPYMES Y MIPYMES MUJERES<\/p><p class=\"mb-0\" style=\"font-size: .85rem\"><strong title=\"Estado del Proceso\"><i class=\"fas fa-spinner\"><\/i><\/strong> Proceso adjudicado y celebrado<\/p><p class=\"mb-0\" style=\"font-size: .85rem\"><strong title=\"Fecha de Publicaci\u00f3n\"><i class=\"fas fa-calendar-alt\"><\/i><\/strong> Publicado el martes, 6 de junio de 2023<\/p><\/div><div class=\"col-auto mt-md-0 mt-2\"><a class=\"btn btn-primary btn-lg px-lg-4 d-none d-md-block\" href=\"https:\/\/comunidad.comprasdominicana.gob.do\/\/Public\/Tendering\/OpportunityDetail\/Index?noticeUID=DO1.NTC.1251235\" target=\"_blank\" title=\"Detalles\"><i class=\"fas fa-link\"><\/i> DETALLES<\/a><a class=\"btn btn-primary btn-lg px-lg-4 d-block d-md-none\" href=\"https:\/\/comunidad.comprasdominicana.gob.do\/\/Public\/Tendering\/OpportunityDetail\/Index?noticeUID=DO1.NTC.1251235\" target=\"_blank\" title=\"Detalles\"><i class=\"fas fa-2x fa-link\"><\/i><\/a><\/div><\/div><\/div><\/div><\/div><\/div>\n        <div class=\"card\">\n            <div class=\"card-header parents\" id=\"heading_comparaci-n-de-precios-69f73f7454400-2023-69f73f7454400-febrero-69f73f7454400\">\n                <p class=\"title text-blue mb-0\">\n                    <a class=\"btn-block hover text-left collapsed\" data-toggle=\"collapse\" data-target=\"#collap_comparaci-n-de-precios-69f73f7454400-2023-69f73f7454400-febrero-69f73f7454400\" aria-expanded=\"false\" aria-controls=\"collap_comparaci-n-de-precios-69f73f7454400-2023-69f73f7454400-febrero-69f73f7454400\">Febrero<\/a>\n                <\/p>\n            <\/div>\n            <div id=\"collap_comparaci-n-de-precios-69f73f7454400-2023-69f73f7454400-febrero-69f73f7454400\" class=\"collapse\" aria-labelledby=\"heading_comparaci-n-de-precios-69f73f7454400-2023-69f73f7454400-febrero-69f73f7454400\" data-parent=\"#collap_comparaci-n-de-precios-69f73f7454400-2023-69f73f7454400\">\n                <div class=\"card-body\"><div class=\"jumbotron archivos\"><div class=\"row align-items-center\"><div class=\"col\"><h6><a class=\"text-dark\" href=\"https:\/\/comunidad.comprasdominicana.gob.do\/\/Public\/Tendering\/OpportunityDetail\/Index?noticeUID=DO1.NTC.1200437\" title=\"Ver\" target=\"_blank\">INESPRE-CCC-CP-2023-0002<\/a><\/h6><p class=\"mb-0 bold\">Adquisici\u00f3n de Mobiliarios de Oficina<\/p><p class=\"mb-0\" style=\"font-size: .85rem\"><strong title=\"Estado del Proceso\"><i class=\"fas fa-spinner\"><\/i><\/strong> Proceso adjudicado y celebrado<\/p><p class=\"mb-0\" style=\"font-size: .85rem\"><strong title=\"Fecha de Publicaci\u00f3n\"><i class=\"fas fa-calendar-alt\"><\/i><\/strong> Publicado el martes, 14 de febrero de 2023<\/p><\/div><div class=\"col-auto mt-md-0 mt-2\"><a class=\"btn btn-primary btn-lg px-lg-4 d-none d-md-block\" href=\"https:\/\/comunidad.comprasdominicana.gob.do\/\/Public\/Tendering\/OpportunityDetail\/Index?noticeUID=DO1.NTC.1200437\" target=\"_blank\" title=\"Detalles\"><i class=\"fas fa-link\"><\/i> DETALLES<\/a><a class=\"btn btn-primary btn-lg px-lg-4 d-block d-md-none\" href=\"https:\/\/comunidad.comprasdominicana.gob.do\/\/Public\/Tendering\/OpportunityDetail\/Index?noticeUID=DO1.NTC.1200437\" target=\"_blank\" title=\"Detalles\"><i class=\"fas fa-2x fa-link\"><\/i><\/a><\/div><\/div><\/div><div class=\"jumbotron archivos\"><div class=\"row align-items-center\"><div class=\"col\"><h6><a class=\"text-dark\" href=\"https:\/\/comunidad.comprasdominicana.gob.do\/\/Public\/Tendering\/OpportunityDetail\/Index?noticeUID=DO1.NTC.1196615\" title=\"Ver\" target=\"_blank\">INESPRE-CCC-CP-2023-0001<\/a><\/h6><p class=\"mb-0 bold\">Adquisici\u00f3n de Carpas Blancas con Logo Institucional<\/p><p class=\"mb-0\" style=\"font-size: .85rem\"><strong title=\"Estado del Proceso\"><i class=\"fas fa-spinner\"><\/i><\/strong> Proceso adjudicado y celebrado<\/p><p class=\"mb-0\" style=\"font-size: .85rem\"><strong title=\"Fecha de Publicaci\u00f3n\"><i class=\"fas fa-calendar-alt\"><\/i><\/strong> Publicado el jueves, 9 de febrero de 2023<\/p><\/div><div class=\"col-auto mt-md-0 mt-2\"><a class=\"btn btn-primary btn-lg px-lg-4 d-none d-md-block\" href=\"https:\/\/comunidad.comprasdominicana.gob.do\/\/Public\/Tendering\/OpportunityDetail\/Index?noticeUID=DO1.NTC.1196615\" target=\"_blank\" title=\"Detalles\"><i class=\"fas fa-link\"><\/i> DETALLES<\/a><a class=\"btn btn-primary btn-lg px-lg-4 d-block d-md-none\" href=\"https:\/\/comunidad.comprasdominicana.gob.do\/\/Public\/Tendering\/OpportunityDetail\/Index?noticeUID=DO1.NTC.1196615\" target=\"_blank\" title=\"Detalles\"><i class=\"fas fa-2x fa-link\"><\/i><\/a><\/div><\/div><\/div><\/div><\/div><\/div><\/div><\/div><\/div>\n        <div class=\"card\">\n            <div class=\"card-header parents\" id=\"heading_comparaci-n-de-precios-69f73f7454400-2022-69f73f7454400\">\n                <p class=\"title text-blue mb-0\">\n                    <a class=\"btn-block hover text-left collapsed\" data-toggle=\"collapse\" data-target=\"#collap_comparaci-n-de-precios-69f73f7454400-2022-69f73f7454400\" aria-expanded=\"false\" aria-controls=\"collap_comparaci-n-de-precios-69f73f7454400-2022-69f73f7454400\">2022<\/a>\n                <\/p>\n            <\/div>\n            <div id=\"collap_comparaci-n-de-precios-69f73f7454400-2022-69f73f7454400\" class=\"collapse\" aria-labelledby=\"heading_comparaci-n-de-precios-69f73f7454400-2022-69f73f7454400\" data-parent=\"#collap_comparaci-n-de-precios-69f73f7454400\">\n                <div class=\"card-body\">\n        <div class=\"card\">\n            <div class=\"card-header parents\" id=\"heading_comparaci-n-de-precios-69f73f7454400-2022-69f73f7454400-diciembre-69f73f7454400\">\n                <p class=\"title text-blue mb-0\">\n                    <a class=\"btn-block hover text-left collapsed\" data-toggle=\"collapse\" data-target=\"#collap_comparaci-n-de-precios-69f73f7454400-2022-69f73f7454400-diciembre-69f73f7454400\" aria-expanded=\"false\" aria-controls=\"collap_comparaci-n-de-precios-69f73f7454400-2022-69f73f7454400-diciembre-69f73f7454400\">Diciembre<\/a>\n                <\/p>\n            <\/div>\n            <div id=\"collap_comparaci-n-de-precios-69f73f7454400-2022-69f73f7454400-diciembre-69f73f7454400\" class=\"collapse\" aria-labelledby=\"heading_comparaci-n-de-precios-69f73f7454400-2022-69f73f7454400-diciembre-69f73f7454400\" data-parent=\"#collap_comparaci-n-de-precios-69f73f7454400-2022-69f73f7454400\">\n                <div class=\"card-body\"><div class=\"jumbotron archivos\"><div class=\"row align-items-center\"><div class=\"col\"><h6><a class=\"text-dark\" href=\"https:\/\/comunidad.comprasdominicana.gob.do\/\/Public\/Tendering\/OpportunityDetail\/Index?noticeUID=DO1.NTC.1180004\" title=\"Ver\" target=\"_blank\">INESPRE-CCC-CP-2022-0014<\/a><\/h6><p class=\"mb-0 bold\">Adquisici\u00f3n de Mallas para Empaque, dirigido exclusivamente a MIPYMES Y MIPYMES MUJERES<\/p><p class=\"mb-0\" style=\"font-size: .85rem\"><strong title=\"Estado del Proceso\"><i class=\"fas fa-spinner\"><\/i><\/strong> Proceso adjudicado y celebrado<\/p><p class=\"mb-0\" style=\"font-size: .85rem\"><strong title=\"Fecha de Publicaci\u00f3n\"><i class=\"fas fa-calendar-alt\"><\/i><\/strong> Publicado el viernes, 30 de diciembre de 2022<\/p><\/div><div class=\"col-auto mt-md-0 mt-2\"><a class=\"btn btn-primary btn-lg px-lg-4 d-none d-md-block\" href=\"https:\/\/comunidad.comprasdominicana.gob.do\/\/Public\/Tendering\/OpportunityDetail\/Index?noticeUID=DO1.NTC.1180004\" target=\"_blank\" title=\"Detalles\"><i class=\"fas fa-link\"><\/i> DETALLES<\/a><a class=\"btn btn-primary btn-lg px-lg-4 d-block d-md-none\" href=\"https:\/\/comunidad.comprasdominicana.gob.do\/\/Public\/Tendering\/OpportunityDetail\/Index?noticeUID=DO1.NTC.1180004\" target=\"_blank\" title=\"Detalles\"><i class=\"fas fa-2x fa-link\"><\/i><\/a><\/div><\/div><\/div><div class=\"jumbotron archivos\"><div class=\"row align-items-center\"><div class=\"col\"><h6><a class=\"text-dark\" href=\"https:\/\/comunidad.comprasdominicana.gob.do\/\/Public\/Tendering\/OpportunityDetail\/Index?noticeUID=DO1.NTC.1179811\" title=\"Ver\" target=\"_blank\">INESPRE-CCC-CP-2022-0013<\/a><\/h6><p class=\"mb-0 bold\">Adquisici\u00f3n de Rollos de Laminas Transparente en logo, dirigido exclusivamente a MIPYMES Y MIPYMES MUJERES<\/p><p class=\"mb-0\" style=\"font-size: .85rem\"><strong title=\"Estado del Proceso\"><i class=\"fas fa-spinner\"><\/i><\/strong> Proceso adjudicado y celebrado<\/p><p class=\"mb-0\" style=\"font-size: .85rem\"><strong title=\"Fecha de Publicaci\u00f3n\"><i class=\"fas fa-calendar-alt\"><\/i><\/strong> Publicado el viernes, 30 de diciembre de 2022<\/p><\/div><div class=\"col-auto mt-md-0 mt-2\"><a class=\"btn btn-primary btn-lg px-lg-4 d-none d-md-block\" href=\"https:\/\/comunidad.comprasdominicana.gob.do\/\/Public\/Tendering\/OpportunityDetail\/Index?noticeUID=DO1.NTC.1179811\" target=\"_blank\" title=\"Detalles\"><i class=\"fas fa-link\"><\/i> DETALLES<\/a><a class=\"btn btn-primary btn-lg px-lg-4 d-block d-md-none\" href=\"https:\/\/comunidad.comprasdominicana.gob.do\/\/Public\/Tendering\/OpportunityDetail\/Index?noticeUID=DO1.NTC.1179811\" target=\"_blank\" title=\"Detalles\"><i class=\"fas fa-2x fa-link\"><\/i><\/a><\/div><\/div><\/div><div class=\"jumbotron archivos\"><div class=\"row align-items-center\"><div class=\"col\"><h6><a class=\"text-dark\" href=\"https:\/\/comunidad.comprasdominicana.gob.do\/\/Public\/Tendering\/OpportunityDetail\/Index?noticeUID=DO1.NTC.1179705\" title=\"Ver\" target=\"_blank\">INESPRE-CCC-CP-2022-0012<\/a><\/h6><p class=\"mb-0 bold\">Adquisici\u00f3n de Bolsas Pl\u00e1sticas (Fundas tipo T-Shirt), dirigido exclusivamente a MIPYMES Y MIPYMES MUJERES<\/p><p class=\"mb-0\" style=\"font-size: .85rem\"><strong title=\"Estado del Proceso\"><i class=\"fas fa-spinner\"><\/i><\/strong> Proceso adjudicado y celebrado<\/p><p class=\"mb-0\" style=\"font-size: .85rem\"><strong title=\"Fecha de Publicaci\u00f3n\"><i class=\"fas fa-calendar-alt\"><\/i><\/strong> Publicado el viernes, 30 de diciembre de 2022<\/p><\/div><div class=\"col-auto mt-md-0 mt-2\"><a class=\"btn btn-primary btn-lg px-lg-4 d-none d-md-block\" href=\"https:\/\/comunidad.comprasdominicana.gob.do\/\/Public\/Tendering\/OpportunityDetail\/Index?noticeUID=DO1.NTC.1179705\" target=\"_blank\" title=\"Detalles\"><i class=\"fas fa-link\"><\/i> DETALLES<\/a><a class=\"btn btn-primary btn-lg px-lg-4 d-block d-md-none\" href=\"https:\/\/comunidad.comprasdominicana.gob.do\/\/Public\/Tendering\/OpportunityDetail\/Index?noticeUID=DO1.NTC.1179705\" target=\"_blank\" title=\"Detalles\"><i class=\"fas fa-2x fa-link\"><\/i><\/a><\/div><\/div><\/div><div class=\"jumbotron archivos\"><div class=\"row align-items-center\"><div class=\"col\"><h6><a class=\"text-dark\" href=\"https:\/\/comunidad.comprasdominicana.gob.do\/\/Public\/Tendering\/OpportunityDetail\/Index?noticeUID=DO1.NTC.1177303\" title=\"Ver\" target=\"_blank\">INESPRE-CCC-CP-2022-0011<\/a><\/h6><p class=\"mb-0 bold\">Adquisici\u00f3n de Equipos Inform\u00e1ticos y Accesorios<\/p><p class=\"mb-0\" style=\"font-size: .85rem\"><strong title=\"Estado del Proceso\"><i class=\"fas fa-spinner\"><\/i><\/strong> Proceso adjudicado y celebrado<\/p><p class=\"mb-0\" style=\"font-size: .85rem\"><strong title=\"Fecha de Publicaci\u00f3n\"><i class=\"fas fa-calendar-alt\"><\/i><\/strong> Publicado el lunes, 26 de diciembre de 2022<\/p><\/div><div class=\"col-auto mt-md-0 mt-2\"><a class=\"btn btn-primary btn-lg px-lg-4 d-none d-md-block\" href=\"https:\/\/comunidad.comprasdominicana.gob.do\/\/Public\/Tendering\/OpportunityDetail\/Index?noticeUID=DO1.NTC.1177303\" target=\"_blank\" title=\"Detalles\"><i class=\"fas fa-link\"><\/i> DETALLES<\/a><a class=\"btn btn-primary btn-lg px-lg-4 d-block d-md-none\" href=\"https:\/\/comunidad.comprasdominicana.gob.do\/\/Public\/Tendering\/OpportunityDetail\/Index?noticeUID=DO1.NTC.1177303\" target=\"_blank\" title=\"Detalles\"><i class=\"fas fa-2x fa-link\"><\/i><\/a><\/div><\/div><\/div><\/div><\/div><\/div>\n        <div class=\"card\">\n            <div class=\"card-header parents\" id=\"heading_comparaci-n-de-precios-69f73f7454400-2022-69f73f7454400-septiembre-69f73f7454400\">\n                <p class=\"title text-blue mb-0\">\n                    <a class=\"btn-block hover text-left collapsed\" data-toggle=\"collapse\" data-target=\"#collap_comparaci-n-de-precios-69f73f7454400-2022-69f73f7454400-septiembre-69f73f7454400\" aria-expanded=\"false\" aria-controls=\"collap_comparaci-n-de-precios-69f73f7454400-2022-69f73f7454400-septiembre-69f73f7454400\">Septiembre<\/a>\n                <\/p>\n            <\/div>\n            <div id=\"collap_comparaci-n-de-precios-69f73f7454400-2022-69f73f7454400-septiembre-69f73f7454400\" class=\"collapse\" aria-labelledby=\"heading_comparaci-n-de-precios-69f73f7454400-2022-69f73f7454400-septiembre-69f73f7454400\" data-parent=\"#collap_comparaci-n-de-precios-69f73f7454400-2022-69f73f7454400\">\n                <div class=\"card-body\"><div class=\"jumbotron archivos\"><div class=\"row align-items-center\"><div class=\"col\"><h6><a class=\"text-dark\" href=\"https:\/\/comunidad.comprasdominicana.gob.do\/\/Public\/Tendering\/OpportunityDetail\/Index?noticeUID=DO1.NTC.1130927\" title=\"Ver\" target=\"_blank\">INESPRE-CCC-CP-2022-0009<\/a><\/h6><p class=\"mb-0 bold\">Adquisici\u00f3n de Rollos de L\u00e1minas Transparente con Logo, dirigido exclusivamente a MIPYMES Y MIPYMES MUJERES<\/p><p class=\"mb-0\" style=\"font-size: .85rem\"><strong title=\"Estado del Proceso\"><i class=\"fas fa-spinner\"><\/i><\/strong> Proceso adjudicado y celebrado<\/p><p class=\"mb-0\" style=\"font-size: .85rem\"><strong title=\"Fecha de Publicaci\u00f3n\"><i class=\"fas fa-calendar-alt\"><\/i><\/strong> Publicado el jueves, 15 de septiembre de 2022<\/p><\/div><div class=\"col-auto mt-md-0 mt-2\"><a class=\"btn btn-primary btn-lg px-lg-4 d-none d-md-block\" href=\"https:\/\/comunidad.comprasdominicana.gob.do\/\/Public\/Tendering\/OpportunityDetail\/Index?noticeUID=DO1.NTC.1130927\" target=\"_blank\" title=\"Detalles\"><i class=\"fas fa-link\"><\/i> DETALLES<\/a><a class=\"btn btn-primary btn-lg px-lg-4 d-block d-md-none\" href=\"https:\/\/comunidad.comprasdominicana.gob.do\/\/Public\/Tendering\/OpportunityDetail\/Index?noticeUID=DO1.NTC.1130927\" target=\"_blank\" title=\"Detalles\"><i class=\"fas fa-2x fa-link\"><\/i><\/a><\/div><\/div><\/div><div class=\"jumbotron archivos\"><div class=\"row align-items-center\"><div class=\"col\"><h6><a class=\"text-dark\" href=\"https:\/\/comunidad.comprasdominicana.gob.do\/\/Public\/Tendering\/OpportunityDetail\/Index?noticeUID=DO1.NTC.1131042\" title=\"Ver\" target=\"_blank\">INESPRE-CCC-CP-2022-0010<\/a><\/h6><p class=\"mb-0 bold\">Adquisici\u00f3n de Mallas para Empaques, dirigido exclusivamente a MIPYMES Y MIPYMES MUJERES<\/p><p class=\"mb-0\" style=\"font-size: .85rem\"><strong title=\"Estado del Proceso\"><i class=\"fas fa-spinner\"><\/i><\/strong> Proceso adjudicado y celebrado<\/p><p class=\"mb-0\" style=\"font-size: .85rem\"><strong title=\"Fecha de Publicaci\u00f3n\"><i class=\"fas fa-calendar-alt\"><\/i><\/strong> Publicado el jueves, 15 de septiembre de 2022<\/p><\/div><div class=\"col-auto mt-md-0 mt-2\"><a class=\"btn btn-primary btn-lg px-lg-4 d-none d-md-block\" href=\"https:\/\/comunidad.comprasdominicana.gob.do\/\/Public\/Tendering\/OpportunityDetail\/Index?noticeUID=DO1.NTC.1131042\" target=\"_blank\" title=\"Detalles\"><i class=\"fas fa-link\"><\/i> DETALLES<\/a><a class=\"btn btn-primary btn-lg px-lg-4 d-block d-md-none\" href=\"https:\/\/comunidad.comprasdominicana.gob.do\/\/Public\/Tendering\/OpportunityDetail\/Index?noticeUID=DO1.NTC.1131042\" target=\"_blank\" title=\"Detalles\"><i class=\"fas fa-2x fa-link\"><\/i><\/a><\/div><\/div><\/div><div class=\"jumbotron archivos\"><div class=\"row align-items-center\"><div class=\"col\"><h6><a class=\"text-dark\" href=\"https:\/\/comunidad.comprasdominicana.gob.do\/\/Public\/Tendering\/OpportunityDetail\/Index?noticeUID=DO1.NTC.1131039\" title=\"Ver\" target=\"_blank\">INESPRE-CCC-CP-2022-0008<\/a><\/h6><p class=\"mb-0 bold\">Adquisici\u00f3n de Bolsas Pl\u00e1sticas (Fundas T-Shirt)<\/p><p class=\"mb-0\" style=\"font-size: .85rem\"><strong title=\"Estado del Proceso\"><i class=\"fas fa-spinner\"><\/i><\/strong> Proceso adjudicado y celebrado<\/p><p class=\"mb-0\" style=\"font-size: .85rem\"><strong title=\"Fecha de Publicaci\u00f3n\"><i class=\"fas fa-calendar-alt\"><\/i><\/strong> Publicado el jueves, 15 de septiembre de 2022<\/p><\/div><div class=\"col-auto mt-md-0 mt-2\"><a class=\"btn btn-primary btn-lg px-lg-4 d-none d-md-block\" href=\"https:\/\/comunidad.comprasdominicana.gob.do\/\/Public\/Tendering\/OpportunityDetail\/Index?noticeUID=DO1.NTC.1131039\" target=\"_blank\" title=\"Detalles\"><i class=\"fas fa-link\"><\/i> DETALLES<\/a><a class=\"btn btn-primary btn-lg px-lg-4 d-block d-md-none\" href=\"https:\/\/comunidad.comprasdominicana.gob.do\/\/Public\/Tendering\/OpportunityDetail\/Index?noticeUID=DO1.NTC.1131039\" target=\"_blank\" title=\"Detalles\"><i class=\"fas fa-2x fa-link\"><\/i><\/a><\/div><\/div><\/div><\/div><\/div><\/div>\n        <div class=\"card\">\n            <div class=\"card-header parents\" id=\"heading_comparaci-n-de-precios-69f73f7454400-2022-69f73f7454400-agosto-69f73f7454400\">\n                <p class=\"title text-blue mb-0\">\n                    <a class=\"btn-block hover text-left collapsed\" data-toggle=\"collapse\" data-target=\"#collap_comparaci-n-de-precios-69f73f7454400-2022-69f73f7454400-agosto-69f73f7454400\" aria-expanded=\"false\" aria-controls=\"collap_comparaci-n-de-precios-69f73f7454400-2022-69f73f7454400-agosto-69f73f7454400\">Agosto<\/a>\n                <\/p>\n            <\/div>\n            <div id=\"collap_comparaci-n-de-precios-69f73f7454400-2022-69f73f7454400-agosto-69f73f7454400\" class=\"collapse\" aria-labelledby=\"heading_comparaci-n-de-precios-69f73f7454400-2022-69f73f7454400-agosto-69f73f7454400\" data-parent=\"#collap_comparaci-n-de-precios-69f73f7454400-2022-69f73f7454400\">\n                <div class=\"card-body\"><div class=\"jumbotron archivos\"><div class=\"row align-items-center\"><div class=\"col\"><h6><a class=\"text-dark\" href=\"https:\/\/comunidad.comprasdominicana.gob.do\/\/Public\/Tendering\/OpportunityDetail\/Index?noticeUID=DO1.NTC.1112335\" title=\"Ver\" target=\"_blank\">INESPRE-CCC-CP-2022-0007<\/a><\/h6><p class=\"mb-0 bold\">Instalaci\u00f3n de toldos en Aluzinc, escaleras, techo en plafond y puertas, en la Direcci\u00f3n de Abastecimiento, Log\u00edstica y Distribuci\u00f3n, en el establecimiento de Herrera del INESPRE<\/p><p class=\"mb-0\" style=\"font-size: .85rem\"><strong title=\"Estado del Proceso\"><i class=\"fas fa-spinner\"><\/i><\/strong> Proceso adjudicado y celebrado<\/p><p class=\"mb-0\" style=\"font-size: .85rem\"><strong title=\"Fecha de Publicaci\u00f3n\"><i class=\"fas fa-calendar-alt\"><\/i><\/strong> Publicado el martes, 2 de agosto de 2022<\/p><\/div><div class=\"col-auto mt-md-0 mt-2\"><a class=\"btn btn-primary btn-lg px-lg-4 d-none d-md-block\" href=\"https:\/\/comunidad.comprasdominicana.gob.do\/\/Public\/Tendering\/OpportunityDetail\/Index?noticeUID=DO1.NTC.1112335\" target=\"_blank\" title=\"Detalles\"><i class=\"fas fa-link\"><\/i> DETALLES<\/a><a class=\"btn btn-primary btn-lg px-lg-4 d-block d-md-none\" href=\"https:\/\/comunidad.comprasdominicana.gob.do\/\/Public\/Tendering\/OpportunityDetail\/Index?noticeUID=DO1.NTC.1112335\" target=\"_blank\" title=\"Detalles\"><i class=\"fas fa-2x fa-link\"><\/i><\/a><\/div><\/div><\/div><div class=\"jumbotron archivos\"><div class=\"row align-items-center\"><div class=\"col\"><h6><a class=\"text-dark\" href=\"https:\/\/comunidad.comprasdominicana.gob.do\/\/Public\/Tendering\/OpportunityDetail\/Index?noticeUID=DO1.NTC.1112234\" title=\"Ver\" target=\"_blank\">INESPRE-CCC-CP-2022-0006<\/a><\/h6><p class=\"mb-0 bold\">Adquisici\u00f3n de Compresor de Aire comprimido de una etapa con tornillo rotativo, secador, filtro y tanque de 120 gl (Dirigido exclusivamente a micro, peque\u00f1a y mediana empresa mujeres, MIPYMES MUJERES)<\/p><p class=\"mb-0\" style=\"font-size: .85rem\"><strong title=\"Estado del Proceso\"><i class=\"fas fa-spinner\"><\/i><\/strong> Proceso adjudicado y celebrado<\/p><p class=\"mb-0\" style=\"font-size: .85rem\"><strong title=\"Fecha de Publicaci\u00f3n\"><i class=\"fas fa-calendar-alt\"><\/i><\/strong> Publicado el martes, 2 de agosto de 2022<\/p><\/div><div class=\"col-auto mt-md-0 mt-2\"><a class=\"btn btn-primary btn-lg px-lg-4 d-none d-md-block\" href=\"https:\/\/comunidad.comprasdominicana.gob.do\/\/Public\/Tendering\/OpportunityDetail\/Index?noticeUID=DO1.NTC.1112234\" target=\"_blank\" title=\"Detalles\"><i class=\"fas fa-link\"><\/i> DETALLES<\/a><a class=\"btn btn-primary btn-lg px-lg-4 d-block d-md-none\" href=\"https:\/\/comunidad.comprasdominicana.gob.do\/\/Public\/Tendering\/OpportunityDetail\/Index?noticeUID=DO1.NTC.1112234\" target=\"_blank\" title=\"Detalles\"><i class=\"fas fa-2x fa-link\"><\/i><\/a><\/div><\/div><\/div><\/div><\/div><\/div>\n        <div class=\"card\">\n            <div class=\"card-header parents\" id=\"heading_comparaci-n-de-precios-69f73f7454400-2022-69f73f7454400-junio-69f73f7454400\">\n                <p class=\"title text-blue mb-0\">\n                    <a class=\"btn-block hover text-left collapsed\" data-toggle=\"collapse\" data-target=\"#collap_comparaci-n-de-precios-69f73f7454400-2022-69f73f7454400-junio-69f73f7454400\" aria-expanded=\"false\" aria-controls=\"collap_comparaci-n-de-precios-69f73f7454400-2022-69f73f7454400-junio-69f73f7454400\">Junio<\/a>\n                <\/p>\n            <\/div>\n            <div id=\"collap_comparaci-n-de-precios-69f73f7454400-2022-69f73f7454400-junio-69f73f7454400\" class=\"collapse\" aria-labelledby=\"heading_comparaci-n-de-precios-69f73f7454400-2022-69f73f7454400-junio-69f73f7454400\" data-parent=\"#collap_comparaci-n-de-precios-69f73f7454400-2022-69f73f7454400\">\n                <div class=\"card-body\"><div class=\"jumbotron archivos\"><div class=\"row align-items-center\"><div class=\"col\"><h6><a class=\"text-dark\" href=\"https:\/\/comunidad.comprasdominicana.gob.do\/\/Public\/Tendering\/OpportunityDetail\/Index?noticeUID=DO1.NTC.1093857\" title=\"Ver\" target=\"_blank\">INESPRE-CCC-CP-2022-0005<\/a><\/h6><p class=\"mb-0 bold\">Adquisici\u00f3n de Carpas Blancas con Logo Institucional <\/p><p class=\"mb-0\" style=\"font-size: .85rem\"><strong title=\"Estado del Proceso\"><i class=\"fas fa-spinner\"><\/i><\/strong> Proceso adjudicado y celebrado<\/p><p class=\"mb-0\" style=\"font-size: .85rem\"><strong title=\"Fecha de Publicaci\u00f3n\"><i class=\"fas fa-calendar-alt\"><\/i><\/strong> Publicado el mi\u00e9rcoles, 22 de junio de 2022<\/p><\/div><div class=\"col-auto mt-md-0 mt-2\"><a class=\"btn btn-primary btn-lg px-lg-4 d-none d-md-block\" href=\"https:\/\/comunidad.comprasdominicana.gob.do\/\/Public\/Tendering\/OpportunityDetail\/Index?noticeUID=DO1.NTC.1093857\" target=\"_blank\" title=\"Detalles\"><i class=\"fas fa-link\"><\/i> DETALLES<\/a><a class=\"btn btn-primary btn-lg px-lg-4 d-block d-md-none\" href=\"https:\/\/comunidad.comprasdominicana.gob.do\/\/Public\/Tendering\/OpportunityDetail\/Index?noticeUID=DO1.NTC.1093857\" target=\"_blank\" title=\"Detalles\"><i class=\"fas fa-2x fa-link\"><\/i><\/a><\/div><\/div><\/div><div class=\"jumbotron archivos\"><div class=\"row align-items-center\"><div class=\"col\"><h6><a class=\"text-dark\" href=\"https:\/\/comunidad.comprasdominicana.gob.do\/\/Public\/Tendering\/OpportunityDetail\/Index?noticeUID=DO1.NTC.1093527\" title=\"Ver\" target=\"_blank\">INESPRE-CCC-CP-2022-0004<\/a><\/h6><p class=\"mb-0 bold\">Adquisici\u00f3n de Sistemas y Software<\/p><p class=\"mb-0\" style=\"font-size: .85rem\"><strong title=\"Estado del Proceso\"><i class=\"fas fa-spinner\"><\/i><\/strong> Proceso adjudicado y celebrado<\/p><p class=\"mb-0\" style=\"font-size: .85rem\"><strong title=\"Fecha de Publicaci\u00f3n\"><i class=\"fas fa-calendar-alt\"><\/i><\/strong> Publicado el mi\u00e9rcoles, 22 de junio de 2022<\/p><\/div><div class=\"col-auto mt-md-0 mt-2\"><a class=\"btn btn-primary btn-lg px-lg-4 d-none d-md-block\" href=\"https:\/\/comunidad.comprasdominicana.gob.do\/\/Public\/Tendering\/OpportunityDetail\/Index?noticeUID=DO1.NTC.1093527\" target=\"_blank\" title=\"Detalles\"><i class=\"fas fa-link\"><\/i> DETALLES<\/a><a class=\"btn btn-primary btn-lg px-lg-4 d-block d-md-none\" href=\"https:\/\/comunidad.comprasdominicana.gob.do\/\/Public\/Tendering\/OpportunityDetail\/Index?noticeUID=DO1.NTC.1093527\" target=\"_blank\" title=\"Detalles\"><i class=\"fas fa-2x fa-link\"><\/i><\/a><\/div><\/div><\/div><\/div><\/div><\/div>\n        <div class=\"card\">\n            <div class=\"card-header parents\" id=\"heading_comparaci-n-de-precios-69f73f7454400-2022-69f73f7454400-abril-69f73f7454400\">\n                <p class=\"title text-blue mb-0\">\n                    <a class=\"btn-block hover text-left collapsed\" data-toggle=\"collapse\" data-target=\"#collap_comparaci-n-de-precios-69f73f7454400-2022-69f73f7454400-abril-69f73f7454400\" aria-expanded=\"false\" aria-controls=\"collap_comparaci-n-de-precios-69f73f7454400-2022-69f73f7454400-abril-69f73f7454400\">Abril<\/a>\n                <\/p>\n            <\/div>\n            <div id=\"collap_comparaci-n-de-precios-69f73f7454400-2022-69f73f7454400-abril-69f73f7454400\" class=\"collapse\" aria-labelledby=\"heading_comparaci-n-de-precios-69f73f7454400-2022-69f73f7454400-abril-69f73f7454400\" data-parent=\"#collap_comparaci-n-de-precios-69f73f7454400-2022-69f73f7454400\">\n                <div class=\"card-body\"><div class=\"jumbotron archivos\"><div class=\"row align-items-center\"><div class=\"col\"><h6><a class=\"text-dark\" href=\"https:\/\/comunidad.comprasdominicana.gob.do\/\/Public\/Tendering\/OpportunityDetail\/Index?noticeUID=DO1.NTC.1061709\" title=\"Ver\" target=\"_blank\">INESPRE-CCC-CP-2022-0003<\/a><\/h6><p class=\"mb-0 bold\">Adquisici\u00f3n de Mallas para empaques<\/p><p class=\"mb-0\" style=\"font-size: .85rem\"><strong title=\"Estado del Proceso\"><i class=\"fas fa-spinner\"><\/i><\/strong> Proceso adjudicado y celebrado<\/p><p class=\"mb-0\" style=\"font-size: .85rem\"><strong title=\"Fecha de Publicaci\u00f3n\"><i class=\"fas fa-calendar-alt\"><\/i><\/strong> Publicado el martes, 5 de abril de 2022<\/p><\/div><div class=\"col-auto mt-md-0 mt-2\"><a class=\"btn btn-primary btn-lg px-lg-4 d-none d-md-block\" href=\"https:\/\/comunidad.comprasdominicana.gob.do\/\/Public\/Tendering\/OpportunityDetail\/Index?noticeUID=DO1.NTC.1061709\" target=\"_blank\" title=\"Detalles\"><i class=\"fas fa-link\"><\/i> DETALLES<\/a><a class=\"btn btn-primary btn-lg px-lg-4 d-block d-md-none\" href=\"https:\/\/comunidad.comprasdominicana.gob.do\/\/Public\/Tendering\/OpportunityDetail\/Index?noticeUID=DO1.NTC.1061709\" target=\"_blank\" title=\"Detalles\"><i class=\"fas fa-2x fa-link\"><\/i><\/a><\/div><\/div><\/div><div class=\"jumbotron archivos\"><div class=\"row align-items-center\"><div class=\"col\"><h6><a class=\"text-dark\" href=\"https:\/\/comunidad.comprasdominicana.gob.do\/\/Public\/Tendering\/OpportunityDetail\/Index?noticeUID=DO1.NTC.1061609\" title=\"Ver\" target=\"_blank\">INESPRE-CCC-CP-2022-0002<\/a><\/h6><p class=\"mb-0 bold\">Adquisici\u00f3n de Laminas Transparente en logo<\/p><p class=\"mb-0\" style=\"font-size: .85rem\"><strong title=\"Estado del Proceso\"><i class=\"fas fa-spinner\"><\/i><\/strong> Proceso adjudicado y celebrado<\/p><p class=\"mb-0\" style=\"font-size: .85rem\"><strong title=\"Fecha de Publicaci\u00f3n\"><i class=\"fas fa-calendar-alt\"><\/i><\/strong> Publicado el martes, 5 de abril de 2022<\/p><\/div><div class=\"col-auto mt-md-0 mt-2\"><a class=\"btn btn-primary btn-lg px-lg-4 d-none d-md-block\" href=\"https:\/\/comunidad.comprasdominicana.gob.do\/\/Public\/Tendering\/OpportunityDetail\/Index?noticeUID=DO1.NTC.1061609\" target=\"_blank\" title=\"Detalles\"><i class=\"fas fa-link\"><\/i> DETALLES<\/a><a class=\"btn btn-primary btn-lg px-lg-4 d-block d-md-none\" href=\"https:\/\/comunidad.comprasdominicana.gob.do\/\/Public\/Tendering\/OpportunityDetail\/Index?noticeUID=DO1.NTC.1061609\" target=\"_blank\" title=\"Detalles\"><i class=\"fas fa-2x fa-link\"><\/i><\/a><\/div><\/div><\/div><div class=\"jumbotron archivos\"><div class=\"row align-items-center\"><div class=\"col\"><h6><a class=\"text-dark\" href=\"https:\/\/comunidad.comprasdominicana.gob.do\/\/Public\/Tendering\/OpportunityDetail\/Index?noticeUID=DO1.NTC.1061508\" title=\"Ver\" target=\"_blank\">INESPRE-CCC-CP-2022-0001<\/a><\/h6><p class=\"mb-0 bold\">Adquisici\u00f3n de Bolsas Pl\u00e1sticas (Fundas tipo T-Shirt)<\/p><p class=\"mb-0\" style=\"font-size: .85rem\"><strong title=\"Estado del Proceso\"><i class=\"fas fa-spinner\"><\/i><\/strong> Proceso adjudicado y celebrado<\/p><p class=\"mb-0\" style=\"font-size: .85rem\"><strong title=\"Fecha de Publicaci\u00f3n\"><i class=\"fas fa-calendar-alt\"><\/i><\/strong> Publicado el martes, 5 de abril de 2022<\/p><\/div><div class=\"col-auto mt-md-0 mt-2\"><a class=\"btn btn-primary btn-lg px-lg-4 d-none d-md-block\" href=\"https:\/\/comunidad.comprasdominicana.gob.do\/\/Public\/Tendering\/OpportunityDetail\/Index?noticeUID=DO1.NTC.1061508\" target=\"_blank\" title=\"Detalles\"><i class=\"fas fa-link\"><\/i> DETALLES<\/a><a class=\"btn btn-primary btn-lg px-lg-4 d-block d-md-none\" href=\"https:\/\/comunidad.comprasdominicana.gob.do\/\/Public\/Tendering\/OpportunityDetail\/Index?noticeUID=DO1.NTC.1061508\" target=\"_blank\" title=\"Detalles\"><i class=\"fas fa-2x fa-link\"><\/i><\/a><\/div><\/div><\/div><\/div><\/div><\/div><\/div><\/div><\/div>\n        <div class=\"card\">\n            <div class=\"card-header parents\" id=\"heading_comparaci-n-de-precios-69f73f7454400-2021-69f73f7454400\">\n                <p class=\"title text-blue mb-0\">\n                    <a class=\"btn-block hover text-left collapsed\" data-toggle=\"collapse\" data-target=\"#collap_comparaci-n-de-precios-69f73f7454400-2021-69f73f7454400\" aria-expanded=\"false\" aria-controls=\"collap_comparaci-n-de-precios-69f73f7454400-2021-69f73f7454400\">2021<\/a>\n                <\/p>\n            <\/div>\n            <div id=\"collap_comparaci-n-de-precios-69f73f7454400-2021-69f73f7454400\" class=\"collapse\" aria-labelledby=\"heading_comparaci-n-de-precios-69f73f7454400-2021-69f73f7454400\" data-parent=\"#collap_comparaci-n-de-precios-69f73f7454400\">\n                <div class=\"card-body\">\n        <div class=\"card\">\n            <div class=\"card-header parents\" id=\"heading_comparaci-n-de-precios-69f73f7454400-2021-69f73f7454400-octubre-69f73f7454400\">\n                <p class=\"title text-blue mb-0\">\n                    <a class=\"btn-block hover text-left collapsed\" data-toggle=\"collapse\" data-target=\"#collap_comparaci-n-de-precios-69f73f7454400-2021-69f73f7454400-octubre-69f73f7454400\" aria-expanded=\"false\" aria-controls=\"collap_comparaci-n-de-precios-69f73f7454400-2021-69f73f7454400-octubre-69f73f7454400\">Octubre<\/a>\n                <\/p>\n            <\/div>\n            <div id=\"collap_comparaci-n-de-precios-69f73f7454400-2021-69f73f7454400-octubre-69f73f7454400\" class=\"collapse\" aria-labelledby=\"heading_comparaci-n-de-precios-69f73f7454400-2021-69f73f7454400-octubre-69f73f7454400\" data-parent=\"#collap_comparaci-n-de-precios-69f73f7454400-2021-69f73f7454400\">\n                <div class=\"card-body\"><div class=\"jumbotron archivos\"><div class=\"row align-items-center\"><div class=\"col\"><h6><a class=\"text-dark\" href=\"https:\/\/comunidad.comprasdominicana.gob.do\/\/Public\/Tendering\/OpportunityDetail\/Index?noticeUID=DO1.NTC.991221\" title=\"Ver\" target=\"_blank\">INESPRE-CCC-CP-2021-0010<\/a><\/h6><p class=\"mb-0 bold\">Adquisici\u00f3n de Carpas Blancas con Logo Institucional<\/p><p class=\"mb-0\" style=\"font-size: .85rem\"><strong title=\"Estado del Proceso\"><i class=\"fas fa-spinner\"><\/i><\/strong> Proceso adjudicado y celebrado<\/p><p class=\"mb-0\" style=\"font-size: .85rem\"><strong title=\"Fecha de Publicaci\u00f3n\"><i class=\"fas fa-calendar-alt\"><\/i><\/strong> Publicado el mi\u00e9rcoles, 27 de octubre de 2021<\/p><\/div><div class=\"col-auto mt-md-0 mt-2\"><a class=\"btn btn-primary btn-lg px-lg-4 d-none d-md-block\" href=\"https:\/\/comunidad.comprasdominicana.gob.do\/\/Public\/Tendering\/OpportunityDetail\/Index?noticeUID=DO1.NTC.991221\" target=\"_blank\" title=\"Detalles\"><i class=\"fas fa-link\"><\/i> DETALLES<\/a><a class=\"btn btn-primary btn-lg px-lg-4 d-block d-md-none\" href=\"https:\/\/comunidad.comprasdominicana.gob.do\/\/Public\/Tendering\/OpportunityDetail\/Index?noticeUID=DO1.NTC.991221\" target=\"_blank\" title=\"Detalles\"><i class=\"fas fa-2x fa-link\"><\/i><\/a><\/div><\/div><\/div><div class=\"jumbotron archivos\"><div class=\"row align-items-center\"><div class=\"col\"><h6><a class=\"text-dark\" href=\"https:\/\/comunidad.comprasdominicana.gob.do\/\/Public\/Tendering\/OpportunityDetail\/Index?noticeUID=DO1.NTC.991416\" title=\"Ver\" target=\"_blank\">INESPRE-CCC-CP-2021-0009<\/a><\/h6><p class=\"mb-0 bold\">Adquisici\u00f3n de Mallas para Empaque<\/p><p class=\"mb-0\" style=\"font-size: .85rem\"><strong title=\"Estado del Proceso\"><i class=\"fas fa-spinner\"><\/i><\/strong> Proceso adjudicado y celebrado<\/p><p class=\"mb-0\" style=\"font-size: .85rem\"><strong title=\"Fecha de Publicaci\u00f3n\"><i class=\"fas fa-calendar-alt\"><\/i><\/strong> Publicado el mi\u00e9rcoles, 27 de octubre de 2021<\/p><\/div><div class=\"col-auto mt-md-0 mt-2\"><a class=\"btn btn-primary btn-lg px-lg-4 d-none d-md-block\" href=\"https:\/\/comunidad.comprasdominicana.gob.do\/\/Public\/Tendering\/OpportunityDetail\/Index?noticeUID=DO1.NTC.991416\" target=\"_blank\" title=\"Detalles\"><i class=\"fas fa-link\"><\/i> DETALLES<\/a><a class=\"btn btn-primary btn-lg px-lg-4 d-block d-md-none\" href=\"https:\/\/comunidad.comprasdominicana.gob.do\/\/Public\/Tendering\/OpportunityDetail\/Index?noticeUID=DO1.NTC.991416\" target=\"_blank\" title=\"Detalles\"><i class=\"fas fa-2x fa-link\"><\/i><\/a><\/div><\/div><\/div><div class=\"jumbotron archivos\"><div class=\"row align-items-center\"><div class=\"col\"><h6><a class=\"text-dark\" href=\"https:\/\/comunidad.comprasdominicana.gob.do\/\/Public\/Tendering\/OpportunityDetail\/Index?noticeUID=DO1.NTC.981216\" title=\"Ver\" target=\"_blank\">INESPRE-CCC-CP-2021-0008<\/a><\/h6><p class=\"mb-0 bold\">Adquisici\u00f3n de Rollos de L\u00e1minas Transparente con Logo<\/p><p class=\"mb-0\" style=\"font-size: .85rem\"><strong title=\"Estado del Proceso\"><i class=\"fas fa-spinner\"><\/i><\/strong> Proceso adjudicado y celebrado<\/p><p class=\"mb-0\" style=\"font-size: .85rem\"><strong title=\"Fecha de Publicaci\u00f3n\"><i class=\"fas fa-calendar-alt\"><\/i><\/strong> Publicado el jueves, 7 de octubre de 2021<\/p><\/div><div class=\"col-auto mt-md-0 mt-2\"><a class=\"btn btn-primary btn-lg px-lg-4 d-none d-md-block\" href=\"https:\/\/comunidad.comprasdominicana.gob.do\/\/Public\/Tendering\/OpportunityDetail\/Index?noticeUID=DO1.NTC.981216\" target=\"_blank\" title=\"Detalles\"><i class=\"fas fa-link\"><\/i> DETALLES<\/a><a class=\"btn btn-primary btn-lg px-lg-4 d-block d-md-none\" href=\"https:\/\/comunidad.comprasdominicana.gob.do\/\/Public\/Tendering\/OpportunityDetail\/Index?noticeUID=DO1.NTC.981216\" target=\"_blank\" title=\"Detalles\"><i class=\"fas fa-2x fa-link\"><\/i><\/a><\/div><\/div><\/div><div class=\"jumbotron archivos\"><div class=\"row align-items-center\"><div class=\"col\"><h6><a class=\"text-dark\" href=\"https:\/\/comunidad.comprasdominicana.gob.do\/\/Public\/Tendering\/OpportunityDetail\/Index?noticeUID=DO1.NTC.980412\" title=\"Ver\" target=\"_blank\">INESPRE-CCC-CP-2021-0007<\/a><\/h6><p class=\"mb-0 bold\">Servicio de Correcci\u00f3n de Filtraciones en Techos de Oficinas Administrativas y Almacenes Refrigerados en la Direcci\u00f3n de Abastecimiento, Distribuci\u00f3n y Log\u00edsticas, (Herrera) y (Los Silos)<\/p><p class=\"mb-0\" style=\"font-size: .85rem\"><strong title=\"Estado del Proceso\"><i class=\"fas fa-spinner\"><\/i><\/strong> Proceso adjudicado y celebrado<\/p><p class=\"mb-0\" style=\"font-size: .85rem\"><strong title=\"Fecha de Publicaci\u00f3n\"><i class=\"fas fa-calendar-alt\"><\/i><\/strong> Publicado el mi\u00e9rcoles, 6 de octubre de 2021<\/p><\/div><div class=\"col-auto mt-md-0 mt-2\"><a class=\"btn btn-primary btn-lg px-lg-4 d-none d-md-block\" href=\"https:\/\/comunidad.comprasdominicana.gob.do\/\/Public\/Tendering\/OpportunityDetail\/Index?noticeUID=DO1.NTC.980412\" target=\"_blank\" title=\"Detalles\"><i class=\"fas fa-link\"><\/i> DETALLES<\/a><a class=\"btn btn-primary btn-lg px-lg-4 d-block d-md-none\" href=\"https:\/\/comunidad.comprasdominicana.gob.do\/\/Public\/Tendering\/OpportunityDetail\/Index?noticeUID=DO1.NTC.980412\" target=\"_blank\" title=\"Detalles\"><i class=\"fas fa-2x fa-link\"><\/i><\/a><\/div><\/div><\/div><div class=\"jumbotron archivos\"><div class=\"row align-items-center\"><div class=\"col\"><h6><a class=\"text-dark\" href=\"https:\/\/comunidad.comprasdominicana.gob.do\/\/Public\/Tendering\/OpportunityDetail\/Index?noticeUID=DO1.NTC.980514\" title=\"Ver\" target=\"_blank\">INESPRE-CCC-CP-2021-0006<\/a><\/h6><p class=\"mb-0 bold\">Contrataci\u00f3n de Servicio de Rehabilitaci\u00f3n de C\u00e1mara Refrigerada para baja Temperatura en la Direcci\u00f3n de Abastecimiento, Distribuci\u00f3n y Log\u00edstica (Herrera).<\/p><p class=\"mb-0\" style=\"font-size: .85rem\"><strong title=\"Estado del Proceso\"><i class=\"fas fa-spinner\"><\/i><\/strong> Proceso adjudicado y celebrado<\/p><p class=\"mb-0\" style=\"font-size: .85rem\"><strong title=\"Fecha de Publicaci\u00f3n\"><i class=\"fas fa-calendar-alt\"><\/i><\/strong> Publicado el mi\u00e9rcoles, 6 de octubre de 2021<\/p><\/div><div class=\"col-auto mt-md-0 mt-2\"><a class=\"btn btn-primary btn-lg px-lg-4 d-none d-md-block\" href=\"https:\/\/comunidad.comprasdominicana.gob.do\/\/Public\/Tendering\/OpportunityDetail\/Index?noticeUID=DO1.NTC.980514\" target=\"_blank\" title=\"Detalles\"><i class=\"fas fa-link\"><\/i> DETALLES<\/a><a class=\"btn btn-primary btn-lg px-lg-4 d-block d-md-none\" href=\"https:\/\/comunidad.comprasdominicana.gob.do\/\/Public\/Tendering\/OpportunityDetail\/Index?noticeUID=DO1.NTC.980514\" target=\"_blank\" title=\"Detalles\"><i class=\"fas fa-2x fa-link\"><\/i><\/a><\/div><\/div><\/div><\/div><\/div><\/div>\n        <div class=\"card\">\n            <div class=\"card-header parents\" id=\"heading_comparaci-n-de-precios-69f73f7454400-2021-69f73f7454400-septiembre-69f73f7454400\">\n                <p class=\"title text-blue mb-0\">\n                    <a class=\"btn-block hover text-left collapsed\" data-toggle=\"collapse\" data-target=\"#collap_comparaci-n-de-precios-69f73f7454400-2021-69f73f7454400-septiembre-69f73f7454400\" aria-expanded=\"false\" aria-controls=\"collap_comparaci-n-de-precios-69f73f7454400-2021-69f73f7454400-septiembre-69f73f7454400\">Septiembre<\/a>\n                <\/p>\n            <\/div>\n            <div id=\"collap_comparaci-n-de-precios-69f73f7454400-2021-69f73f7454400-septiembre-69f73f7454400\" class=\"collapse\" aria-labelledby=\"heading_comparaci-n-de-precios-69f73f7454400-2021-69f73f7454400-septiembre-69f73f7454400\" data-parent=\"#collap_comparaci-n-de-precios-69f73f7454400-2021-69f73f7454400\">\n                <div class=\"card-body\"><div class=\"jumbotron archivos\"><div class=\"row align-items-center\"><div class=\"col\"><h6><a class=\"text-dark\" href=\"https:\/\/comunidad.comprasdominicana.gob.do\/\/Public\/Tendering\/OpportunityDetail\/Index?noticeUID=DO1.NTC.976345\" title=\"Ver\" target=\"_blank\">INESPRE-CCC-CP-2021-0005<\/a><\/h6><p class=\"mb-0 bold\">Adquisici\u00f3n Bolsas Pl\u00e1sticas (fundas tipo T-Shirt).<\/p><p class=\"mb-0\" style=\"font-size: .85rem\"><strong title=\"Estado del Proceso\"><i class=\"fas fa-spinner\"><\/i><\/strong> Proceso adjudicado y celebrado<\/p><p class=\"mb-0\" style=\"font-size: .85rem\"><strong title=\"Fecha de Publicaci\u00f3n\"><i class=\"fas fa-calendar-alt\"><\/i><\/strong> Publicado el lunes, 27 de septiembre de 2021<\/p><\/div><div class=\"col-auto mt-md-0 mt-2\"><a class=\"btn btn-primary btn-lg px-lg-4 d-none d-md-block\" href=\"https:\/\/comunidad.comprasdominicana.gob.do\/\/Public\/Tendering\/OpportunityDetail\/Index?noticeUID=DO1.NTC.976345\" target=\"_blank\" title=\"Detalles\"><i class=\"fas fa-link\"><\/i> DETALLES<\/a><a class=\"btn btn-primary btn-lg px-lg-4 d-block d-md-none\" href=\"https:\/\/comunidad.comprasdominicana.gob.do\/\/Public\/Tendering\/OpportunityDetail\/Index?noticeUID=DO1.NTC.976345\" target=\"_blank\" title=\"Detalles\"><i class=\"fas fa-2x fa-link\"><\/i><\/a><\/div><\/div><\/div><\/div><\/div><\/div>\n        <div class=\"card\">\n            <div class=\"card-header parents\" id=\"heading_comparaci-n-de-precios-69f73f7454400-2021-69f73f7454400-agosto-69f73f7454400\">\n                <p class=\"title text-blue mb-0\">\n                    <a class=\"btn-block hover text-left collapsed\" data-toggle=\"collapse\" data-target=\"#collap_comparaci-n-de-precios-69f73f7454400-2021-69f73f7454400-agosto-69f73f7454400\" aria-expanded=\"false\" aria-controls=\"collap_comparaci-n-de-precios-69f73f7454400-2021-69f73f7454400-agosto-69f73f7454400\">Agosto<\/a>\n                <\/p>\n            <\/div>\n            <div id=\"collap_comparaci-n-de-precios-69f73f7454400-2021-69f73f7454400-agosto-69f73f7454400\" class=\"collapse\" aria-labelledby=\"heading_comparaci-n-de-precios-69f73f7454400-2021-69f73f7454400-agosto-69f73f7454400\" data-parent=\"#collap_comparaci-n-de-precios-69f73f7454400-2021-69f73f7454400\">\n                <div class=\"card-body\"><div class=\"jumbotron archivos\"><div class=\"row align-items-center\"><div class=\"col\"><h6><a class=\"text-dark\" href=\"https:\/\/comunidad.comprasdominicana.gob.do\/\/Public\/Tendering\/OpportunityDetail\/Index?noticeUID=DO1.NTC.963527\" title=\"Ver\" target=\"_blank\">INESPRE-CCC-CP-2021-0004<\/a><\/h6><p class=\"mb-0 bold\">Adquisici\u00f3n de Equipos Inform\u00e1ticos<\/p><p class=\"mb-0\" style=\"font-size: .85rem\"><strong title=\"Estado del Proceso\"><i class=\"fas fa-spinner\"><\/i><\/strong> Proceso adjudicado y celebrado<\/p><p class=\"mb-0\" style=\"font-size: .85rem\"><strong title=\"Fecha de Publicaci\u00f3n\"><i class=\"fas fa-calendar-alt\"><\/i><\/strong> Publicado el lunes, 30 de agosto de 2021<\/p><\/div><div class=\"col-auto mt-md-0 mt-2\"><a class=\"btn btn-primary btn-lg px-lg-4 d-none d-md-block\" href=\"https:\/\/comunidad.comprasdominicana.gob.do\/\/Public\/Tendering\/OpportunityDetail\/Index?noticeUID=DO1.NTC.963527\" target=\"_blank\" title=\"Detalles\"><i class=\"fas fa-link\"><\/i> DETALLES<\/a><a class=\"btn btn-primary btn-lg px-lg-4 d-block d-md-none\" href=\"https:\/\/comunidad.comprasdominicana.gob.do\/\/Public\/Tendering\/OpportunityDetail\/Index?noticeUID=DO1.NTC.963527\" target=\"_blank\" title=\"Detalles\"><i class=\"fas fa-2x fa-link\"><\/i><\/a><\/div><\/div><\/div><\/div><\/div><\/div>\n        <div class=\"card\">\n            <div class=\"card-header parents\" id=\"heading_comparaci-n-de-precios-69f73f7454400-2021-69f73f7454400-abril-69f73f7454400\">\n                <p class=\"title text-blue mb-0\">\n                    <a class=\"btn-block hover text-left collapsed\" data-toggle=\"collapse\" data-target=\"#collap_comparaci-n-de-precios-69f73f7454400-2021-69f73f7454400-abril-69f73f7454400\" aria-expanded=\"false\" aria-controls=\"collap_comparaci-n-de-precios-69f73f7454400-2021-69f73f7454400-abril-69f73f7454400\">Abril<\/a>\n                <\/p>\n            <\/div>\n            <div id=\"collap_comparaci-n-de-precios-69f73f7454400-2021-69f73f7454400-abril-69f73f7454400\" class=\"collapse\" aria-labelledby=\"heading_comparaci-n-de-precios-69f73f7454400-2021-69f73f7454400-abril-69f73f7454400\" data-parent=\"#collap_comparaci-n-de-precios-69f73f7454400-2021-69f73f7454400\">\n                <div class=\"card-body\"><div class=\"jumbotron archivos\"><div class=\"row align-items-center\"><div class=\"col\"><h6><a class=\"text-dark\" href=\"https:\/\/comunidad.comprasdominicana.gob.do\/\/Public\/Tendering\/OpportunityDetail\/Index?noticeUID=DO1.NTC.902410\" title=\"Ver\" target=\"_blank\">INESPRE-CCC-CP-2021-0003<\/a><\/h6><p class=\"mb-0 bold\">Servicio de Rotulaci\u00f3n de Vehiculos<\/p><p class=\"mb-0\" style=\"font-size: .85rem\"><strong title=\"Estado del Proceso\"><i class=\"fas fa-spinner\"><\/i><\/strong> Proceso adjudicado y celebrado<\/p><p class=\"mb-0\" style=\"font-size: .85rem\"><strong title=\"Fecha de Publicaci\u00f3n\"><i class=\"fas fa-calendar-alt\"><\/i><\/strong> Publicado el viernes, 16 de abril de 2021<\/p><\/div><div class=\"col-auto mt-md-0 mt-2\"><a class=\"btn btn-primary btn-lg px-lg-4 d-none d-md-block\" href=\"https:\/\/comunidad.comprasdominicana.gob.do\/\/Public\/Tendering\/OpportunityDetail\/Index?noticeUID=DO1.NTC.902410\" target=\"_blank\" title=\"Detalles\"><i class=\"fas fa-link\"><\/i> DETALLES<\/a><a class=\"btn btn-primary btn-lg px-lg-4 d-block d-md-none\" href=\"https:\/\/comunidad.comprasdominicana.gob.do\/\/Public\/Tendering\/OpportunityDetail\/Index?noticeUID=DO1.NTC.902410\" target=\"_blank\" title=\"Detalles\"><i class=\"fas fa-2x fa-link\"><\/i><\/a><\/div><\/div><\/div><\/div><\/div><\/div>\n        <div class=\"card\">\n            <div class=\"card-header parents\" id=\"heading_comparaci-n-de-precios-69f73f7454400-2021-69f73f7454400-marzo-69f73f7454400\">\n                <p class=\"title text-blue mb-0\">\n                    <a class=\"btn-block hover text-left collapsed\" data-toggle=\"collapse\" data-target=\"#collap_comparaci-n-de-precios-69f73f7454400-2021-69f73f7454400-marzo-69f73f7454400\" aria-expanded=\"false\" aria-controls=\"collap_comparaci-n-de-precios-69f73f7454400-2021-69f73f7454400-marzo-69f73f7454400\">Marzo<\/a>\n                <\/p>\n            <\/div>\n            <div id=\"collap_comparaci-n-de-precios-69f73f7454400-2021-69f73f7454400-marzo-69f73f7454400\" class=\"collapse\" aria-labelledby=\"heading_comparaci-n-de-precios-69f73f7454400-2021-69f73f7454400-marzo-69f73f7454400\" data-parent=\"#collap_comparaci-n-de-precios-69f73f7454400-2021-69f73f7454400\">\n                <div class=\"card-body\"><div class=\"jumbotron archivos\"><div class=\"row align-items-center\"><div class=\"col\"><h6><a class=\"text-dark\" href=\"https:\/\/comunidad.comprasdominicana.gob.do\/\/Public\/Tendering\/OpportunityDetail\/Index?noticeUID=DO1.NTC.888641\" title=\"Ver\" target=\"_blank\">INESPRE-CCC-CP-2021-0002<\/a><\/h6><p class=\"mb-0 bold\">Adquisici\u00f3n de Materiales Envasado<\/p><p class=\"mb-0\" style=\"font-size: .85rem\"><strong title=\"Estado del Proceso\"><i class=\"fas fa-spinner\"><\/i><\/strong> Proceso adjudicado y celebrado<\/p><p class=\"mb-0\" style=\"font-size: .85rem\"><strong title=\"Fecha de Publicaci\u00f3n\"><i class=\"fas fa-calendar-alt\"><\/i><\/strong> Publicado el martes, 16 de marzo de 2021<\/p><\/div><div class=\"col-auto mt-md-0 mt-2\"><a class=\"btn btn-primary btn-lg px-lg-4 d-none d-md-block\" href=\"https:\/\/comunidad.comprasdominicana.gob.do\/\/Public\/Tendering\/OpportunityDetail\/Index?noticeUID=DO1.NTC.888641\" target=\"_blank\" title=\"Detalles\"><i class=\"fas fa-link\"><\/i> DETALLES<\/a><a class=\"btn btn-primary btn-lg px-lg-4 d-block d-md-none\" href=\"https:\/\/comunidad.comprasdominicana.gob.do\/\/Public\/Tendering\/OpportunityDetail\/Index?noticeUID=DO1.NTC.888641\" target=\"_blank\" title=\"Detalles\"><i class=\"fas fa-2x fa-link\"><\/i><\/a><\/div><\/div><\/div><div class=\"jumbotron archivos\"><div class=\"row align-items-center\"><div class=\"col\"><h6><a class=\"text-dark\" href=\"https:\/\/comunidad.comprasdominicana.gob.do\/\/Public\/Tendering\/OpportunityDetail\/Index?noticeUID=DO1.NTC.888243\" title=\"Ver\" target=\"_blank\">INESPRE-CCC-CP-2021-0001<\/a><\/h6><p class=\"mb-0 bold\">Adquisici\u00f3n de Rollos de Mallas para Empaque<\/p><p class=\"mb-0\" style=\"font-size: .85rem\"><strong title=\"Estado del Proceso\"><i class=\"fas fa-spinner\"><\/i><\/strong> Proceso adjudicado y celebrado<\/p><p class=\"mb-0\" style=\"font-size: .85rem\"><strong title=\"Fecha de Publicaci\u00f3n\"><i class=\"fas fa-calendar-alt\"><\/i><\/strong> Publicado el martes, 16 de marzo de 2021<\/p><\/div><div class=\"col-auto mt-md-0 mt-2\"><a class=\"btn btn-primary btn-lg px-lg-4 d-none d-md-block\" href=\"https:\/\/comunidad.comprasdominicana.gob.do\/\/Public\/Tendering\/OpportunityDetail\/Index?noticeUID=DO1.NTC.888243\" target=\"_blank\" title=\"Detalles\"><i class=\"fas fa-link\"><\/i> DETALLES<\/a><a class=\"btn btn-primary btn-lg px-lg-4 d-block d-md-none\" href=\"https:\/\/comunidad.comprasdominicana.gob.do\/\/Public\/Tendering\/OpportunityDetail\/Index?noticeUID=DO1.NTC.888243\" target=\"_blank\" title=\"Detalles\"><i class=\"fas fa-2x fa-link\"><\/i><\/a><\/div><\/div><\/div><\/div><\/div><\/div><\/div><\/div><\/div>\n        <div class=\"card\">\n            <div class=\"card-header parents\" id=\"heading_comparaci-n-de-precios-69f73f7454400-2020-69f73f7454400\">\n                <p class=\"title text-blue mb-0\">\n                    <a class=\"btn-block hover text-left collapsed\" data-toggle=\"collapse\" data-target=\"#collap_comparaci-n-de-precios-69f73f7454400-2020-69f73f7454400\" aria-expanded=\"false\" aria-controls=\"collap_comparaci-n-de-precios-69f73f7454400-2020-69f73f7454400\">2020<\/a>\n                <\/p>\n            <\/div>\n            <div id=\"collap_comparaci-n-de-precios-69f73f7454400-2020-69f73f7454400\" class=\"collapse\" aria-labelledby=\"heading_comparaci-n-de-precios-69f73f7454400-2020-69f73f7454400\" data-parent=\"#collap_comparaci-n-de-precios-69f73f7454400\">\n                <div class=\"card-body\">\n        <div class=\"card\">\n            <div class=\"card-header parents\" id=\"heading_comparaci-n-de-precios-69f73f7454400-2020-69f73f7454400-diciembre-69f73f7454400\">\n                <p class=\"title text-blue mb-0\">\n                    <a class=\"btn-block hover text-left collapsed\" data-toggle=\"collapse\" data-target=\"#collap_comparaci-n-de-precios-69f73f7454400-2020-69f73f7454400-diciembre-69f73f7454400\" aria-expanded=\"false\" aria-controls=\"collap_comparaci-n-de-precios-69f73f7454400-2020-69f73f7454400-diciembre-69f73f7454400\">Diciembre<\/a>\n                <\/p>\n            <\/div>\n            <div id=\"collap_comparaci-n-de-precios-69f73f7454400-2020-69f73f7454400-diciembre-69f73f7454400\" class=\"collapse\" aria-labelledby=\"heading_comparaci-n-de-precios-69f73f7454400-2020-69f73f7454400-diciembre-69f73f7454400\" data-parent=\"#collap_comparaci-n-de-precios-69f73f7454400-2020-69f73f7454400\">\n                <div class=\"card-body\"><div class=\"jumbotron archivos\"><div class=\"row align-items-center\"><div class=\"col\"><h6><a class=\"text-dark\" href=\"https:\/\/comunidad.comprasdominicana.gob.do\/\/Public\/Tendering\/OpportunityDetail\/Index?noticeUID=DO1.NTC.855525\" title=\"Ver\" target=\"_blank\">INESPRE-CCC-CP-2020-0009<\/a><\/h6><p class=\"mb-0 bold\">Adquisici\u00f3n de Equipos Inform\u00e1ticos y Accesorios<\/p><p class=\"mb-0\" style=\"font-size: .85rem\"><strong title=\"Estado del Proceso\"><i class=\"fas fa-spinner\"><\/i><\/strong> Proceso adjudicado y celebrado<\/p><p class=\"mb-0\" style=\"font-size: .85rem\"><strong title=\"Fecha de Publicaci\u00f3n\"><i class=\"fas fa-calendar-alt\"><\/i><\/strong> Publicado el mi\u00e9rcoles, 23 de diciembre de 2020<\/p><\/div><div class=\"col-auto mt-md-0 mt-2\"><a class=\"btn btn-primary btn-lg px-lg-4 d-none d-md-block\" href=\"https:\/\/comunidad.comprasdominicana.gob.do\/\/Public\/Tendering\/OpportunityDetail\/Index?noticeUID=DO1.NTC.855525\" target=\"_blank\" title=\"Detalles\"><i class=\"fas fa-link\"><\/i> DETALLES<\/a><a class=\"btn btn-primary btn-lg px-lg-4 d-block d-md-none\" href=\"https:\/\/comunidad.comprasdominicana.gob.do\/\/Public\/Tendering\/OpportunityDetail\/Index?noticeUID=DO1.NTC.855525\" target=\"_blank\" title=\"Detalles\"><i class=\"fas fa-2x fa-link\"><\/i><\/a><\/div><\/div><\/div><\/div><\/div><\/div>\n        <div class=\"card\">\n            <div class=\"card-header parents\" id=\"heading_comparaci-n-de-precios-69f73f7454400-2020-69f73f7454400-junio-69f73f7454400\">\n                <p class=\"title text-blue mb-0\">\n                    <a class=\"btn-block hover text-left collapsed\" data-toggle=\"collapse\" data-target=\"#collap_comparaci-n-de-precios-69f73f7454400-2020-69f73f7454400-junio-69f73f7454400\" aria-expanded=\"false\" aria-controls=\"collap_comparaci-n-de-precios-69f73f7454400-2020-69f73f7454400-junio-69f73f7454400\">Junio<\/a>\n                <\/p>\n            <\/div>\n            <div id=\"collap_comparaci-n-de-precios-69f73f7454400-2020-69f73f7454400-junio-69f73f7454400\" class=\"collapse\" aria-labelledby=\"heading_comparaci-n-de-precios-69f73f7454400-2020-69f73f7454400-junio-69f73f7454400\" data-parent=\"#collap_comparaci-n-de-precios-69f73f7454400-2020-69f73f7454400\">\n                <div class=\"card-body\"><div class=\"jumbotron archivos\"><div class=\"row align-items-center\"><div class=\"col\"><h6><a class=\"text-dark\" href=\"https:\/\/comunidad.comprasdominicana.gob.do\/\/Public\/Tendering\/OpportunityDetail\/Index?noticeUID=DO1.NTC.774830\" title=\"Ver\" target=\"_blank\">INESPRE-CCC-CP-2020-0008<\/a><\/h6><p class=\"mb-0 bold\">Rollos de Mallas para empaque<\/p><p class=\"mb-0\" style=\"font-size: .85rem\"><strong title=\"Estado del Proceso\"><i class=\"fas fa-spinner\"><\/i><\/strong> Cancelado<\/p><p class=\"mb-0\" style=\"font-size: .85rem\"><strong title=\"Fecha de Publicaci\u00f3n\"><i class=\"fas fa-calendar-alt\"><\/i><\/strong> Publicado el martes, 23 de junio de 2020<\/p><\/div><div class=\"col-auto mt-md-0 mt-2\"><a class=\"btn btn-primary btn-lg px-lg-4 d-none d-md-block\" href=\"https:\/\/comunidad.comprasdominicana.gob.do\/\/Public\/Tendering\/OpportunityDetail\/Index?noticeUID=DO1.NTC.774830\" target=\"_blank\" title=\"Detalles\"><i class=\"fas fa-link\"><\/i> DETALLES<\/a><a class=\"btn btn-primary btn-lg px-lg-4 d-block d-md-none\" href=\"https:\/\/comunidad.comprasdominicana.gob.do\/\/Public\/Tendering\/OpportunityDetail\/Index?noticeUID=DO1.NTC.774830\" target=\"_blank\" title=\"Detalles\"><i class=\"fas fa-2x fa-link\"><\/i><\/a><\/div><\/div><\/div><\/div><\/div><\/div>\n        <div class=\"card\">\n            <div class=\"card-header parents\" id=\"heading_comparaci-n-de-precios-69f73f7454400-2020-69f73f7454400-mayo-69f73f7454400\">\n                <p class=\"title text-blue mb-0\">\n                    <a class=\"btn-block hover text-left collapsed\" data-toggle=\"collapse\" data-target=\"#collap_comparaci-n-de-precios-69f73f7454400-2020-69f73f7454400-mayo-69f73f7454400\" aria-expanded=\"false\" aria-controls=\"collap_comparaci-n-de-precios-69f73f7454400-2020-69f73f7454400-mayo-69f73f7454400\">Mayo<\/a>\n                <\/p>\n            <\/div>\n            <div id=\"collap_comparaci-n-de-precios-69f73f7454400-2020-69f73f7454400-mayo-69f73f7454400\" class=\"collapse\" aria-labelledby=\"heading_comparaci-n-de-precios-69f73f7454400-2020-69f73f7454400-mayo-69f73f7454400\" data-parent=\"#collap_comparaci-n-de-precios-69f73f7454400-2020-69f73f7454400\">\n                <div class=\"card-body\"><div class=\"jumbotron archivos\"><div class=\"row align-items-center\"><div class=\"col\"><h6><a class=\"text-dark\" href=\"https:\/\/comunidad.comprasdominicana.gob.do\/\/Public\/Tendering\/OpportunityDetail\/Index?noticeUID=DO1.NTC.761803\" title=\"Ver\" target=\"_blank\">INESPRE-CCC-CP-2020-0007<\/a><\/h6><p class=\"mb-0 bold\">Adquisici\u00f3n Rollos de L\u00e1minas<\/p><p class=\"mb-0\" style=\"font-size: .85rem\"><strong title=\"Estado del Proceso\"><i class=\"fas fa-spinner\"><\/i><\/strong> Proceso adjudicado y celebrado<\/p><p class=\"mb-0\" style=\"font-size: .85rem\"><strong title=\"Fecha de Publicaci\u00f3n\"><i class=\"fas fa-calendar-alt\"><\/i><\/strong> Publicado el lunes, 25 de mayo de 2020<\/p><\/div><div class=\"col-auto mt-md-0 mt-2\"><a class=\"btn btn-primary btn-lg px-lg-4 d-none d-md-block\" href=\"https:\/\/comunidad.comprasdominicana.gob.do\/\/Public\/Tendering\/OpportunityDetail\/Index?noticeUID=DO1.NTC.761803\" target=\"_blank\" title=\"Detalles\"><i class=\"fas fa-link\"><\/i> DETALLES<\/a><a class=\"btn btn-primary btn-lg px-lg-4 d-block d-md-none\" href=\"https:\/\/comunidad.comprasdominicana.gob.do\/\/Public\/Tendering\/OpportunityDetail\/Index?noticeUID=DO1.NTC.761803\" target=\"_blank\" title=\"Detalles\"><i class=\"fas fa-2x fa-link\"><\/i><\/a><\/div><\/div><\/div><div class=\"jumbotron archivos\"><div class=\"row align-items-center\"><div class=\"col\"><h6><a class=\"text-dark\" href=\"https:\/\/comunidad.comprasdominicana.gob.do\/\/Public\/Tendering\/OpportunityDetail\/Index?noticeUID=DO1.NTC.761902\" title=\"Ver\" target=\"_blank\">INESPRE-CCC-CP-2020-0006<\/a><\/h6><p class=\"mb-0 bold\">Adquisici\u00f3n de Bolsas Pl\u00e1sticas<\/p><p class=\"mb-0\" style=\"font-size: .85rem\"><strong title=\"Estado del Proceso\"><i class=\"fas fa-spinner\"><\/i><\/strong> Proceso adjudicado y celebrado<\/p><p class=\"mb-0\" style=\"font-size: .85rem\"><strong title=\"Fecha de Publicaci\u00f3n\"><i class=\"fas fa-calendar-alt\"><\/i><\/strong> Publicado el lunes, 25 de mayo de 2020<\/p><\/div><div class=\"col-auto mt-md-0 mt-2\"><a class=\"btn btn-primary btn-lg px-lg-4 d-none d-md-block\" href=\"https:\/\/comunidad.comprasdominicana.gob.do\/\/Public\/Tendering\/OpportunityDetail\/Index?noticeUID=DO1.NTC.761902\" target=\"_blank\" title=\"Detalles\"><i class=\"fas fa-link\"><\/i> DETALLES<\/a><a class=\"btn btn-primary btn-lg px-lg-4 d-block d-md-none\" href=\"https:\/\/comunidad.comprasdominicana.gob.do\/\/Public\/Tendering\/OpportunityDetail\/Index?noticeUID=DO1.NTC.761902\" target=\"_blank\" title=\"Detalles\"><i class=\"fas fa-2x fa-link\"><\/i><\/a><\/div><\/div><\/div><\/div><\/div><\/div>\n        <div class=\"card\">\n            <div class=\"card-header parents\" id=\"heading_comparaci-n-de-precios-69f73f7454400-2020-69f73f7454400-febrero-69f73f7454400\">\n                <p class=\"title text-blue mb-0\">\n                    <a class=\"btn-block hover text-left collapsed\" data-toggle=\"collapse\" data-target=\"#collap_comparaci-n-de-precios-69f73f7454400-2020-69f73f7454400-febrero-69f73f7454400\" aria-expanded=\"false\" aria-controls=\"collap_comparaci-n-de-precios-69f73f7454400-2020-69f73f7454400-febrero-69f73f7454400\">Febrero<\/a>\n                <\/p>\n            <\/div>\n            <div id=\"collap_comparaci-n-de-precios-69f73f7454400-2020-69f73f7454400-febrero-69f73f7454400\" class=\"collapse\" aria-labelledby=\"heading_comparaci-n-de-precios-69f73f7454400-2020-69f73f7454400-febrero-69f73f7454400\" data-parent=\"#collap_comparaci-n-de-precios-69f73f7454400-2020-69f73f7454400\">\n                <div class=\"card-body\"><div class=\"jumbotron archivos\"><div class=\"row align-items-center\"><div class=\"col\"><h6><a class=\"text-dark\" href=\"https:\/\/comunidad.comprasdominicana.gob.do\/\/Public\/Tendering\/OpportunityDetail\/Index?noticeUID=DO1.NTC.721101\" title=\"Ver\" target=\"_blank\">INESPRE-CCC-CP-2020-0005<\/a><\/h6><p class=\"mb-0 bold\">Contrataci\u00f3n de Servicio de Equipos de Impresi\u00f3n y Copiado Multifuncionales.<\/p><p class=\"mb-0\" style=\"font-size: .85rem\"><strong title=\"Estado del Proceso\"><i class=\"fas fa-spinner\"><\/i><\/strong> Proceso adjudicado y celebrado<\/p><p class=\"mb-0\" style=\"font-size: .85rem\"><strong title=\"Fecha de Publicaci\u00f3n\"><i class=\"fas fa-calendar-alt\"><\/i><\/strong> Publicado el lunes, 24 de febrero de 2020<\/p><\/div><div class=\"col-auto mt-md-0 mt-2\"><a class=\"btn btn-primary btn-lg px-lg-4 d-none d-md-block\" href=\"https:\/\/comunidad.comprasdominicana.gob.do\/\/Public\/Tendering\/OpportunityDetail\/Index?noticeUID=DO1.NTC.721101\" target=\"_blank\" title=\"Detalles\"><i class=\"fas fa-link\"><\/i> DETALLES<\/a><a class=\"btn btn-primary btn-lg px-lg-4 d-block d-md-none\" href=\"https:\/\/comunidad.comprasdominicana.gob.do\/\/Public\/Tendering\/OpportunityDetail\/Index?noticeUID=DO1.NTC.721101\" target=\"_blank\" title=\"Detalles\"><i class=\"fas fa-2x fa-link\"><\/i><\/a><\/div><\/div><\/div><\/div><\/div><\/div>\n        <div class=\"card\">\n            <div class=\"card-header parents\" id=\"heading_comparaci-n-de-precios-69f73f7454400-2020-69f73f7454400-enero-69f73f7454400\">\n                <p class=\"title text-blue mb-0\">\n                    <a class=\"btn-block hover text-left collapsed\" data-toggle=\"collapse\" data-target=\"#collap_comparaci-n-de-precios-69f73f7454400-2020-69f73f7454400-enero-69f73f7454400\" aria-expanded=\"false\" aria-controls=\"collap_comparaci-n-de-precios-69f73f7454400-2020-69f73f7454400-enero-69f73f7454400\">Enero<\/a>\n                <\/p>\n            <\/div>\n            <div id=\"collap_comparaci-n-de-precios-69f73f7454400-2020-69f73f7454400-enero-69f73f7454400\" class=\"collapse\" aria-labelledby=\"heading_comparaci-n-de-precios-69f73f7454400-2020-69f73f7454400-enero-69f73f7454400\" data-parent=\"#collap_comparaci-n-de-precios-69f73f7454400-2020-69f73f7454400\">\n                <div class=\"card-body\"><div class=\"jumbotron archivos\"><div class=\"row align-items-center\"><div class=\"col\"><h6><a class=\"text-dark\" href=\"https:\/\/comunidad.comprasdominicana.gob.do\/\/Public\/Tendering\/OpportunityDetail\/Index?noticeUID=DO1.NTC.707503\" title=\"Ver\" target=\"_blank\">INESPRE-CCC-CP-2020-0003<\/a><\/h6><p class=\"mb-0 bold\">Adquisici\u00f3n de Cafe Molido para realizar los programas desarrollados por la Instituci\u00f3n a Nivel Nacional<\/p><p class=\"mb-0\" style=\"font-size: .85rem\"><strong title=\"Estado del Proceso\"><i class=\"fas fa-spinner\"><\/i><\/strong> Proceso desierto<\/p><p class=\"mb-0\" style=\"font-size: .85rem\"><strong title=\"Fecha de Publicaci\u00f3n\"><i class=\"fas fa-calendar-alt\"><\/i><\/strong> Publicado el jueves, 23 de enero de 2020<\/p><\/div><div class=\"col-auto mt-md-0 mt-2\"><a class=\"btn btn-primary btn-lg px-lg-4 d-none d-md-block\" href=\"https:\/\/comunidad.comprasdominicana.gob.do\/\/Public\/Tendering\/OpportunityDetail\/Index?noticeUID=DO1.NTC.707503\" target=\"_blank\" title=\"Detalles\"><i class=\"fas fa-link\"><\/i> DETALLES<\/a><a class=\"btn btn-primary btn-lg px-lg-4 d-block d-md-none\" href=\"https:\/\/comunidad.comprasdominicana.gob.do\/\/Public\/Tendering\/OpportunityDetail\/Index?noticeUID=DO1.NTC.707503\" target=\"_blank\" title=\"Detalles\"><i class=\"fas fa-2x fa-link\"><\/i><\/a><\/div><\/div><\/div><div class=\"jumbotron archivos\"><div class=\"row align-items-center\"><div class=\"col\"><h6><a class=\"text-dark\" href=\"https:\/\/comunidad.comprasdominicana.gob.do\/\/Public\/Tendering\/OpportunityDetail\/Index?noticeUID=DO1.NTC.707601\" title=\"Ver\" target=\"_blank\">INESPRE-CCC-CP-2020-0004<\/a><\/h6><p class=\"mb-0 bold\">Adquisici\u00f3n de Ajo Criollo y \u00d1ame para realizar los programas desarrollados por la Instituci\u00f3n a Nivel Nacional.<\/p><p class=\"mb-0\" style=\"font-size: .85rem\"><strong title=\"Estado del Proceso\"><i class=\"fas fa-spinner\"><\/i><\/strong> Proceso desierto<\/p><p class=\"mb-0\" style=\"font-size: .85rem\"><strong title=\"Fecha de Publicaci\u00f3n\"><i class=\"fas fa-calendar-alt\"><\/i><\/strong> Publicado el jueves, 23 de enero de 2020<\/p><\/div><div class=\"col-auto mt-md-0 mt-2\"><a class=\"btn btn-primary btn-lg px-lg-4 d-none d-md-block\" href=\"https:\/\/comunidad.comprasdominicana.gob.do\/\/Public\/Tendering\/OpportunityDetail\/Index?noticeUID=DO1.NTC.707601\" target=\"_blank\" title=\"Detalles\"><i class=\"fas fa-link\"><\/i> DETALLES<\/a><a class=\"btn btn-primary btn-lg px-lg-4 d-block d-md-none\" href=\"https:\/\/comunidad.comprasdominicana.gob.do\/\/Public\/Tendering\/OpportunityDetail\/Index?noticeUID=DO1.NTC.707601\" target=\"_blank\" title=\"Detalles\"><i class=\"fas fa-2x fa-link\"><\/i><\/a><\/div><\/div><\/div><div class=\"jumbotron archivos\"><div class=\"row align-items-center\"><div class=\"col\"><h6><a class=\"text-dark\" href=\"https:\/\/comunidad.comprasdominicana.gob.do\/\/Public\/Tendering\/OpportunityDetail\/Index?noticeUID=DO1.NTC.706328\" title=\"Ver\" target=\"_blank\">INESPRE-CCC-CP-2020-0002<\/a><\/h6><p class=\"mb-0 bold\">Adquisici\u00f3n de Rollos de L\u00e1minas<\/p><p class=\"mb-0\" style=\"font-size: .85rem\"><strong title=\"Estado del Proceso\"><i class=\"fas fa-spinner\"><\/i><\/strong> Proceso adjudicado y celebrado<\/p><p class=\"mb-0\" style=\"font-size: .85rem\"><strong title=\"Fecha de Publicaci\u00f3n\"><i class=\"fas fa-calendar-alt\"><\/i><\/strong> Publicado el lunes, 20 de enero de 2020<\/p><\/div><div class=\"col-auto mt-md-0 mt-2\"><a class=\"btn btn-primary btn-lg px-lg-4 d-none d-md-block\" href=\"https:\/\/comunidad.comprasdominicana.gob.do\/\/Public\/Tendering\/OpportunityDetail\/Index?noticeUID=DO1.NTC.706328\" target=\"_blank\" title=\"Detalles\"><i class=\"fas fa-link\"><\/i> DETALLES<\/a><a class=\"btn btn-primary btn-lg px-lg-4 d-block d-md-none\" href=\"https:\/\/comunidad.comprasdominicana.gob.do\/\/Public\/Tendering\/OpportunityDetail\/Index?noticeUID=DO1.NTC.706328\" target=\"_blank\" title=\"Detalles\"><i class=\"fas fa-2x fa-link\"><\/i><\/a><\/div><\/div><\/div><div class=\"jumbotron archivos\"><div class=\"row align-items-center\"><div class=\"col\"><h6><a class=\"text-dark\" href=\"https:\/\/comunidad.comprasdominicana.gob.do\/\/Public\/Tendering\/OpportunityDetail\/Index?noticeUID=DO1.NTC.706528\" title=\"Ver\" target=\"_blank\">INESPRE-CCC-CP-2020-0001<\/a><\/h6><p class=\"mb-0 bold\">Adquisici\u00f3n de Bolsas Pl\u00e1sticas<\/p><p class=\"mb-0\" style=\"font-size: .85rem\"><strong title=\"Estado del Proceso\"><i class=\"fas fa-spinner\"><\/i><\/strong> Proceso adjudicado y celebrado<\/p><p class=\"mb-0\" style=\"font-size: .85rem\"><strong title=\"Fecha de Publicaci\u00f3n\"><i class=\"fas fa-calendar-alt\"><\/i><\/strong> Publicado el lunes, 20 de enero de 2020<\/p><\/div><div class=\"col-auto mt-md-0 mt-2\"><a class=\"btn btn-primary btn-lg px-lg-4 d-none d-md-block\" href=\"https:\/\/comunidad.comprasdominicana.gob.do\/\/Public\/Tendering\/OpportunityDetail\/Index?noticeUID=DO1.NTC.706528\" target=\"_blank\" title=\"Detalles\"><i class=\"fas fa-link\"><\/i> DETALLES<\/a><a class=\"btn btn-primary btn-lg px-lg-4 d-block d-md-none\" href=\"https:\/\/comunidad.comprasdominicana.gob.do\/\/Public\/Tendering\/OpportunityDetail\/Index?noticeUID=DO1.NTC.706528\" target=\"_blank\" title=\"Detalles\"><i class=\"fas fa-2x fa-link\"><\/i><\/a><\/div><\/div><\/div><\/div><\/div><\/div><\/div><\/div><\/div>\n        <div class=\"card\">\n            <div class=\"card-header parents\" id=\"heading_comparaci-n-de-precios-69f73f7454400-2019-69f73f7454400\">\n                <p class=\"title text-blue mb-0\">\n                    <a class=\"btn-block hover text-left collapsed\" data-toggle=\"collapse\" data-target=\"#collap_comparaci-n-de-precios-69f73f7454400-2019-69f73f7454400\" aria-expanded=\"false\" aria-controls=\"collap_comparaci-n-de-precios-69f73f7454400-2019-69f73f7454400\">2019<\/a>\n                <\/p>\n            <\/div>\n            <div id=\"collap_comparaci-n-de-precios-69f73f7454400-2019-69f73f7454400\" class=\"collapse\" aria-labelledby=\"heading_comparaci-n-de-precios-69f73f7454400-2019-69f73f7454400\" data-parent=\"#collap_comparaci-n-de-precios-69f73f7454400\">\n                <div class=\"card-body\">\n        <div class=\"card\">\n            <div class=\"card-header parents\" id=\"heading_comparaci-n-de-precios-69f73f7454400-2019-69f73f7454400-octubre-69f73f7454400\">\n                <p class=\"title text-blue mb-0\">\n                    <a class=\"btn-block hover text-left collapsed\" data-toggle=\"collapse\" data-target=\"#collap_comparaci-n-de-precios-69f73f7454400-2019-69f73f7454400-octubre-69f73f7454400\" aria-expanded=\"false\" aria-controls=\"collap_comparaci-n-de-precios-69f73f7454400-2019-69f73f7454400-octubre-69f73f7454400\">Octubre<\/a>\n                <\/p>\n            <\/div>\n            <div id=\"collap_comparaci-n-de-precios-69f73f7454400-2019-69f73f7454400-octubre-69f73f7454400\" class=\"collapse\" aria-labelledby=\"heading_comparaci-n-de-precios-69f73f7454400-2019-69f73f7454400-octubre-69f73f7454400\" data-parent=\"#collap_comparaci-n-de-precios-69f73f7454400-2019-69f73f7454400\">\n                <div class=\"card-body\"><div class=\"jumbotron archivos\"><div class=\"row align-items-center\"><div class=\"col\"><h6><a class=\"text-dark\" href=\"https:\/\/comunidad.comprasdominicana.gob.do\/\/Public\/Tendering\/OpportunityDetail\/Index?noticeUID=DO1.NTC.661601\" title=\"Ver\" target=\"_blank\">INESPRE-CCC-CP-2019-0015<\/a><\/h6><p class=\"mb-0 bold\">Adquisici\u00f3n de Mallas para Empaque de 4,500 mts.<\/p><p class=\"mb-0\" style=\"font-size: .85rem\"><strong title=\"Estado del Proceso\"><i class=\"fas fa-spinner\"><\/i><\/strong> Proceso adjudicado y celebrado<\/p><p class=\"mb-0\" style=\"font-size: .85rem\"><strong title=\"Fecha de Publicaci\u00f3n\"><i class=\"fas fa-calendar-alt\"><\/i><\/strong> Publicado el viernes, 18 de octubre de 2019<\/p><\/div><div class=\"col-auto mt-md-0 mt-2\"><a class=\"btn btn-primary btn-lg px-lg-4 d-none d-md-block\" href=\"https:\/\/comunidad.comprasdominicana.gob.do\/\/Public\/Tendering\/OpportunityDetail\/Index?noticeUID=DO1.NTC.661601\" target=\"_blank\" title=\"Detalles\"><i class=\"fas fa-link\"><\/i> DETALLES<\/a><a class=\"btn btn-primary btn-lg px-lg-4 d-block d-md-none\" href=\"https:\/\/comunidad.comprasdominicana.gob.do\/\/Public\/Tendering\/OpportunityDetail\/Index?noticeUID=DO1.NTC.661601\" target=\"_blank\" title=\"Detalles\"><i class=\"fas fa-2x fa-link\"><\/i><\/a><\/div><\/div><\/div><div class=\"jumbotron archivos\"><div class=\"row align-items-center\"><div class=\"col\"><h6><a class=\"text-dark\" href=\"https:\/\/comunidad.comprasdominicana.gob.do\/\/Public\/Tendering\/OpportunityDetail\/Index?noticeUID=DO1.NTC.656007\" title=\"Ver\" target=\"_blank\">INESPRE-CCC-CP-2019-0014<\/a><\/h6><p class=\"mb-0 bold\">Adquisici\u00f3n de Bebidas para la Fiesta Navide\u00f1a 2019 del INESPRE<\/p><p class=\"mb-0\" style=\"font-size: .85rem\"><strong title=\"Estado del Proceso\"><i class=\"fas fa-spinner\"><\/i><\/strong> Proceso adjudicado y celebrado<\/p><p class=\"mb-0\" style=\"font-size: .85rem\"><strong title=\"Fecha de Publicaci\u00f3n\"><i class=\"fas fa-calendar-alt\"><\/i><\/strong> Publicado el martes, 8 de octubre de 2019<\/p><\/div><div class=\"col-auto mt-md-0 mt-2\"><a class=\"btn btn-primary btn-lg px-lg-4 d-none d-md-block\" href=\"https:\/\/comunidad.comprasdominicana.gob.do\/\/Public\/Tendering\/OpportunityDetail\/Index?noticeUID=DO1.NTC.656007\" target=\"_blank\" title=\"Detalles\"><i class=\"fas fa-link\"><\/i> DETALLES<\/a><a class=\"btn btn-primary btn-lg px-lg-4 d-block d-md-none\" href=\"https:\/\/comunidad.comprasdominicana.gob.do\/\/Public\/Tendering\/OpportunityDetail\/Index?noticeUID=DO1.NTC.656007\" target=\"_blank\" title=\"Detalles\"><i class=\"fas fa-2x fa-link\"><\/i><\/a><\/div><\/div><\/div><div class=\"jumbotron archivos\"><div class=\"row align-items-center\"><div class=\"col\"><h6><a class=\"text-dark\" href=\"https:\/\/comunidad.comprasdominicana.gob.do\/\/Public\/Tendering\/OpportunityDetail\/Index?noticeUID=DO1.NTC.656006\" title=\"Ver\" target=\"_blank\">INESPRE-CCC-CP-2019-0013<\/a><\/h6><p class=\"mb-0 bold\">Contrataci\u00f3n de una Empresa que ofrezca un Sal\u00f3n de Eventos y Servicios en General de Montaje, Desmontaje y Decoraci\u00f3n para la Fiesta Navide\u00f1a 2019 del INESPRE<\/p><p class=\"mb-0\" style=\"font-size: .85rem\"><strong title=\"Estado del Proceso\"><i class=\"fas fa-spinner\"><\/i><\/strong> Proceso adjudicado y celebrado<\/p><p class=\"mb-0\" style=\"font-size: .85rem\"><strong title=\"Fecha de Publicaci\u00f3n\"><i class=\"fas fa-calendar-alt\"><\/i><\/strong> Publicado el martes, 8 de octubre de 2019<\/p><\/div><div class=\"col-auto mt-md-0 mt-2\"><a class=\"btn btn-primary btn-lg px-lg-4 d-none d-md-block\" href=\"https:\/\/comunidad.comprasdominicana.gob.do\/\/Public\/Tendering\/OpportunityDetail\/Index?noticeUID=DO1.NTC.656006\" target=\"_blank\" title=\"Detalles\"><i class=\"fas fa-link\"><\/i> DETALLES<\/a><a class=\"btn btn-primary btn-lg px-lg-4 d-block d-md-none\" href=\"https:\/\/comunidad.comprasdominicana.gob.do\/\/Public\/Tendering\/OpportunityDetail\/Index?noticeUID=DO1.NTC.656006\" target=\"_blank\" title=\"Detalles\"><i class=\"fas fa-2x fa-link\"><\/i><\/a><\/div><\/div><\/div><\/div><\/div><\/div>\n        <div class=\"card\">\n            <div class=\"card-header parents\" id=\"heading_comparaci-n-de-precios-69f73f7454400-2019-69f73f7454400-mayo-69f73f7454400\">\n                <p class=\"title text-blue mb-0\">\n                    <a class=\"btn-block hover text-left collapsed\" data-toggle=\"collapse\" data-target=\"#collap_comparaci-n-de-precios-69f73f7454400-2019-69f73f7454400-mayo-69f73f7454400\" aria-expanded=\"false\" aria-controls=\"collap_comparaci-n-de-precios-69f73f7454400-2019-69f73f7454400-mayo-69f73f7454400\">Mayo<\/a>\n                <\/p>\n            <\/div>\n            <div id=\"collap_comparaci-n-de-precios-69f73f7454400-2019-69f73f7454400-mayo-69f73f7454400\" class=\"collapse\" aria-labelledby=\"heading_comparaci-n-de-precios-69f73f7454400-2019-69f73f7454400-mayo-69f73f7454400\" data-parent=\"#collap_comparaci-n-de-precios-69f73f7454400-2019-69f73f7454400\">\n                <div class=\"card-body\"><div class=\"jumbotron archivos\"><div class=\"row align-items-center\"><div class=\"col\"><h6><a class=\"text-dark\" href=\"https:\/\/comunidad.comprasdominicana.gob.do\/\/Public\/Tendering\/OpportunityDetail\/Index?noticeUID=DO1.NTC.585602\" title=\"Ver\" target=\"_blank\">INESPRE-CCC-CP-2019-0012<\/a><\/h6><p class=\"mb-0 bold\">Adquisici\u00f3n de Caf\u00e9 para los programas desarrollados por la Instituci\u00f3n a Nivel Nacional.<\/p><p class=\"mb-0\" style=\"font-size: .85rem\"><strong title=\"Estado del Proceso\"><i class=\"fas fa-spinner\"><\/i><\/strong> Proceso adjudicado y celebrado<\/p><p class=\"mb-0\" style=\"font-size: .85rem\"><strong title=\"Fecha de Publicaci\u00f3n\"><i class=\"fas fa-calendar-alt\"><\/i><\/strong> Publicado el viernes, 10 de mayo de 2019<\/p><\/div><div class=\"col-auto mt-md-0 mt-2\"><a class=\"btn btn-primary btn-lg px-lg-4 d-none d-md-block\" href=\"https:\/\/comunidad.comprasdominicana.gob.do\/\/Public\/Tendering\/OpportunityDetail\/Index?noticeUID=DO1.NTC.585602\" target=\"_blank\" title=\"Detalles\"><i class=\"fas fa-link\"><\/i> DETALLES<\/a><a class=\"btn btn-primary btn-lg px-lg-4 d-block d-md-none\" href=\"https:\/\/comunidad.comprasdominicana.gob.do\/\/Public\/Tendering\/OpportunityDetail\/Index?noticeUID=DO1.NTC.585602\" target=\"_blank\" title=\"Detalles\"><i class=\"fas fa-2x fa-link\"><\/i><\/a><\/div><\/div><\/div><div class=\"jumbotron archivos\"><div class=\"row align-items-center\"><div class=\"col\"><h6><a class=\"text-dark\" href=\"https:\/\/comunidad.comprasdominicana.gob.do\/\/Public\/Tendering\/OpportunityDetail\/Index?noticeUID=DO1.NTC.585402\" title=\"Ver\" target=\"_blank\">INESPRE-CCC-CP-2019-0011<\/a><\/h6><p class=\"mb-0 bold\">Adquisici\u00f3n de Aceites y Grasas Comestibles para los programas desarrollados por la Instituci\u00f3n a Nivel Nacional.<\/p><p class=\"mb-0\" style=\"font-size: .85rem\"><strong title=\"Estado del Proceso\"><i class=\"fas fa-spinner\"><\/i><\/strong> Proceso desierto<\/p><p class=\"mb-0\" style=\"font-size: .85rem\"><strong title=\"Fecha de Publicaci\u00f3n\"><i class=\"fas fa-calendar-alt\"><\/i><\/strong> Publicado el viernes, 10 de mayo de 2019<\/p><\/div><div class=\"col-auto mt-md-0 mt-2\"><a class=\"btn btn-primary btn-lg px-lg-4 d-none d-md-block\" href=\"https:\/\/comunidad.comprasdominicana.gob.do\/\/Public\/Tendering\/OpportunityDetail\/Index?noticeUID=DO1.NTC.585402\" target=\"_blank\" title=\"Detalles\"><i class=\"fas fa-link\"><\/i> DETALLES<\/a><a class=\"btn btn-primary btn-lg px-lg-4 d-block d-md-none\" href=\"https:\/\/comunidad.comprasdominicana.gob.do\/\/Public\/Tendering\/OpportunityDetail\/Index?noticeUID=DO1.NTC.585402\" target=\"_blank\" title=\"Detalles\"><i class=\"fas fa-2x fa-link\"><\/i><\/a><\/div><\/div><\/div><div class=\"jumbotron archivos\"><div class=\"row align-items-center\"><div class=\"col\"><h6><a class=\"text-dark\" href=\"https:\/\/comunidad.comprasdominicana.gob.do\/\/Public\/Tendering\/OpportunityDetail\/Index?noticeUID=DO1.NTC.585302\" title=\"Ver\" target=\"_blank\">INESPRE-CCC-CP-2019-0010<\/a><\/h6><p class=\"mb-0 bold\">Adquisici\u00f3n de Pastas Alimenticias para los programas desarrollados por la Instituci\u00f3n a Nivel Nacional.<\/p><p class=\"mb-0\" style=\"font-size: .85rem\"><strong title=\"Estado del Proceso\"><i class=\"fas fa-spinner\"><\/i><\/strong> Proceso desierto<\/p><p class=\"mb-0\" style=\"font-size: .85rem\"><strong title=\"Fecha de Publicaci\u00f3n\"><i class=\"fas fa-calendar-alt\"><\/i><\/strong> Publicado el viernes, 10 de mayo de 2019<\/p><\/div><div class=\"col-auto mt-md-0 mt-2\"><a class=\"btn btn-primary btn-lg px-lg-4 d-none d-md-block\" href=\"https:\/\/comunidad.comprasdominicana.gob.do\/\/Public\/Tendering\/OpportunityDetail\/Index?noticeUID=DO1.NTC.585302\" target=\"_blank\" title=\"Detalles\"><i class=\"fas fa-link\"><\/i> DETALLES<\/a><a class=\"btn btn-primary btn-lg px-lg-4 d-block d-md-none\" href=\"https:\/\/comunidad.comprasdominicana.gob.do\/\/Public\/Tendering\/OpportunityDetail\/Index?noticeUID=DO1.NTC.585302\" target=\"_blank\" title=\"Detalles\"><i class=\"fas fa-2x fa-link\"><\/i><\/a><\/div><\/div><\/div><\/div><\/div><\/div>\n        <div class=\"card\">\n            <div class=\"card-header parents\" id=\"heading_comparaci-n-de-precios-69f73f7454400-2019-69f73f7454400-abril-69f73f7454400\">\n                <p class=\"title text-blue mb-0\">\n                    <a class=\"btn-block hover text-left collapsed\" data-toggle=\"collapse\" data-target=\"#collap_comparaci-n-de-precios-69f73f7454400-2019-69f73f7454400-abril-69f73f7454400\" aria-expanded=\"false\" aria-controls=\"collap_comparaci-n-de-precios-69f73f7454400-2019-69f73f7454400-abril-69f73f7454400\">Abril<\/a>\n                <\/p>\n            <\/div>\n            <div id=\"collap_comparaci-n-de-precios-69f73f7454400-2019-69f73f7454400-abril-69f73f7454400\" class=\"collapse\" aria-labelledby=\"heading_comparaci-n-de-precios-69f73f7454400-2019-69f73f7454400-abril-69f73f7454400\" data-parent=\"#collap_comparaci-n-de-precios-69f73f7454400-2019-69f73f7454400\">\n                <div class=\"card-body\"><div class=\"jumbotron archivos\"><div class=\"row align-items-center\"><div class=\"col\"><h6><a class=\"text-dark\" href=\"https:\/\/comunidad.comprasdominicana.gob.do\/\/Public\/Tendering\/OpportunityDetail\/Index?noticeUID=DO1.NTC.564654\" title=\"Ver\" target=\"_blank\">INESPRE-CCC-CP-2019-0009<\/a><\/h6><p class=\"mb-0 bold\">Rehabilitaci\u00f3n de Pintura en distintas Gerencias de la Instituci\u00f3n<\/p><p class=\"mb-0\" style=\"font-size: .85rem\"><strong title=\"Estado del Proceso\"><i class=\"fas fa-spinner\"><\/i><\/strong> Proceso adjudicado y celebrado<\/p><p class=\"mb-0\" style=\"font-size: .85rem\"><strong title=\"Fecha de Publicaci\u00f3n\"><i class=\"fas fa-calendar-alt\"><\/i><\/strong> Publicado el lunes, 1 de abril de 2019<\/p><\/div><div class=\"col-auto mt-md-0 mt-2\"><a class=\"btn btn-primary btn-lg px-lg-4 d-none d-md-block\" href=\"https:\/\/comunidad.comprasdominicana.gob.do\/\/Public\/Tendering\/OpportunityDetail\/Index?noticeUID=DO1.NTC.564654\" target=\"_blank\" title=\"Detalles\"><i class=\"fas fa-link\"><\/i> DETALLES<\/a><a class=\"btn btn-primary btn-lg px-lg-4 d-block d-md-none\" href=\"https:\/\/comunidad.comprasdominicana.gob.do\/\/Public\/Tendering\/OpportunityDetail\/Index?noticeUID=DO1.NTC.564654\" target=\"_blank\" title=\"Detalles\"><i class=\"fas fa-2x fa-link\"><\/i><\/a><\/div><\/div><\/div><\/div><\/div><\/div>\n        <div class=\"card\">\n            <div class=\"card-header parents\" id=\"heading_comparaci-n-de-precios-69f73f7454400-2019-69f73f7454400-marzo-69f73f7454400\">\n                <p class=\"title text-blue mb-0\">\n                    <a class=\"btn-block hover text-left collapsed\" data-toggle=\"collapse\" data-target=\"#collap_comparaci-n-de-precios-69f73f7454400-2019-69f73f7454400-marzo-69f73f7454400\" aria-expanded=\"false\" aria-controls=\"collap_comparaci-n-de-precios-69f73f7454400-2019-69f73f7454400-marzo-69f73f7454400\">Marzo<\/a>\n                <\/p>\n            <\/div>\n            <div id=\"collap_comparaci-n-de-precios-69f73f7454400-2019-69f73f7454400-marzo-69f73f7454400\" class=\"collapse\" aria-labelledby=\"heading_comparaci-n-de-precios-69f73f7454400-2019-69f73f7454400-marzo-69f73f7454400\" data-parent=\"#collap_comparaci-n-de-precios-69f73f7454400-2019-69f73f7454400\">\n                <div class=\"card-body\"><div class=\"jumbotron archivos\"><div class=\"row align-items-center\"><div class=\"col\"><h6><a class=\"text-dark\" href=\"https:\/\/comunidad.comprasdominicana.gob.do\/\/Public\/Tendering\/OpportunityDetail\/Index?noticeUID=DO1.NTC.555736\" title=\"Ver\" target=\"_blank\">INESPRE-CCC-CP-2019-0007<\/a><\/h6><p class=\"mb-0 bold\">Adquisici\u00f3n de Equipos Inform\u00e1ticos y Accesorios<\/p><p class=\"mb-0\" style=\"font-size: .85rem\"><strong title=\"Estado del Proceso\"><i class=\"fas fa-spinner\"><\/i><\/strong> Proceso adjudicado y celebrado<\/p><p class=\"mb-0\" style=\"font-size: .85rem\"><strong title=\"Fecha de Publicaci\u00f3n\"><i class=\"fas fa-calendar-alt\"><\/i><\/strong> Publicado el jueves, 14 de marzo de 2019<\/p><\/div><div class=\"col-auto mt-md-0 mt-2\"><a class=\"btn btn-primary btn-lg px-lg-4 d-none d-md-block\" href=\"https:\/\/comunidad.comprasdominicana.gob.do\/\/Public\/Tendering\/OpportunityDetail\/Index?noticeUID=DO1.NTC.555736\" target=\"_blank\" title=\"Detalles\"><i class=\"fas fa-link\"><\/i> DETALLES<\/a><a class=\"btn btn-primary btn-lg px-lg-4 d-block d-md-none\" href=\"https:\/\/comunidad.comprasdominicana.gob.do\/\/Public\/Tendering\/OpportunityDetail\/Index?noticeUID=DO1.NTC.555736\" target=\"_blank\" title=\"Detalles\"><i class=\"fas fa-2x fa-link\"><\/i><\/a><\/div><\/div><\/div><\/div><\/div><\/div>\n        <div class=\"card\">\n            <div class=\"card-header parents\" id=\"heading_comparaci-n-de-precios-69f73f7454400-2019-69f73f7454400-febrero-69f73f7454400\">\n                <p class=\"title text-blue mb-0\">\n                    <a class=\"btn-block hover text-left collapsed\" data-toggle=\"collapse\" data-target=\"#collap_comparaci-n-de-precios-69f73f7454400-2019-69f73f7454400-febrero-69f73f7454400\" aria-expanded=\"false\" aria-controls=\"collap_comparaci-n-de-precios-69f73f7454400-2019-69f73f7454400-febrero-69f73f7454400\">Febrero<\/a>\n                <\/p>\n            <\/div>\n            <div id=\"collap_comparaci-n-de-precios-69f73f7454400-2019-69f73f7454400-febrero-69f73f7454400\" class=\"collapse\" aria-labelledby=\"heading_comparaci-n-de-precios-69f73f7454400-2019-69f73f7454400-febrero-69f73f7454400\" data-parent=\"#collap_comparaci-n-de-precios-69f73f7454400-2019-69f73f7454400\">\n                <div class=\"card-body\"><div class=\"jumbotron archivos\"><div class=\"row align-items-center\"><div class=\"col\"><h6><a class=\"text-dark\" href=\"https:\/\/comunidad.comprasdominicana.gob.do\/\/Public\/Tendering\/OpportunityDetail\/Index?noticeUID=DO1.NTC.543605\" title=\"Ver\" target=\"_blank\">INESPRE-CCC-CP-2019-0006<\/a><\/h6><p class=\"mb-0 bold\">Adquisici\u00f3n de Gasoil Regular y Tickets de Combustible para Gasolina <\/p><p class=\"mb-0\" style=\"font-size: .85rem\"><strong title=\"Estado del Proceso\"><i class=\"fas fa-spinner\"><\/i><\/strong> Proceso adjudicado y celebrado<\/p><p class=\"mb-0\" style=\"font-size: .85rem\"><strong title=\"Fecha de Publicaci\u00f3n\"><i class=\"fas fa-calendar-alt\"><\/i><\/strong> Publicado el mi\u00e9rcoles, 20 de febrero de 2019<\/p><\/div><div class=\"col-auto mt-md-0 mt-2\"><a class=\"btn btn-primary btn-lg px-lg-4 d-none d-md-block\" href=\"https:\/\/comunidad.comprasdominicana.gob.do\/\/Public\/Tendering\/OpportunityDetail\/Index?noticeUID=DO1.NTC.543605\" target=\"_blank\" title=\"Detalles\"><i class=\"fas fa-link\"><\/i> DETALLES<\/a><a class=\"btn btn-primary btn-lg px-lg-4 d-block d-md-none\" href=\"https:\/\/comunidad.comprasdominicana.gob.do\/\/Public\/Tendering\/OpportunityDetail\/Index?noticeUID=DO1.NTC.543605\" target=\"_blank\" title=\"Detalles\"><i class=\"fas fa-2x fa-link\"><\/i><\/a><\/div><\/div><\/div><\/div><\/div><\/div>\n        <div class=\"card\">\n            <div class=\"card-header parents\" id=\"heading_comparaci-n-de-precios-69f73f7454400-2019-69f73f7454400-enero-69f73f7454400\">\n                <p class=\"title text-blue mb-0\">\n                    <a class=\"btn-block hover text-left collapsed\" data-toggle=\"collapse\" data-target=\"#collap_comparaci-n-de-precios-69f73f7454400-2019-69f73f7454400-enero-69f73f7454400\" aria-expanded=\"false\" aria-controls=\"collap_comparaci-n-de-precios-69f73f7454400-2019-69f73f7454400-enero-69f73f7454400\">Enero<\/a>\n                <\/p>\n            <\/div>\n            <div id=\"collap_comparaci-n-de-precios-69f73f7454400-2019-69f73f7454400-enero-69f73f7454400\" class=\"collapse\" aria-labelledby=\"heading_comparaci-n-de-precios-69f73f7454400-2019-69f73f7454400-enero-69f73f7454400\" data-parent=\"#collap_comparaci-n-de-precios-69f73f7454400-2019-69f73f7454400\">\n                <div class=\"card-body\"><div class=\"jumbotron archivos\"><div class=\"row align-items-center\"><div class=\"col\"><h6><a class=\"text-dark\" href=\"https:\/\/comunidad.comprasdominicana.gob.do\/\/Public\/Tendering\/OpportunityDetail\/Index?noticeUID=DO1.NTC.532127\" title=\"Ver\" target=\"_blank\">INESPRE-CCC-CP-2019-0005<\/a><\/h6><p class=\"mb-0 bold\">Adquisici\u00f3n de Condimentos y Conservantes para los programas desarrollados por la Instituci\u00f3n a Nivel Nacional<\/p><p class=\"mb-0\" style=\"font-size: .85rem\"><strong title=\"Estado del Proceso\"><i class=\"fas fa-spinner\"><\/i><\/strong> Proceso adjudicado y celebrado<\/p><p class=\"mb-0\" style=\"font-size: .85rem\"><strong title=\"Fecha de Publicaci\u00f3n\"><i class=\"fas fa-calendar-alt\"><\/i><\/strong> Publicado el martes, 29 de enero de 2019<\/p><\/div><div class=\"col-auto mt-md-0 mt-2\"><a class=\"btn btn-primary btn-lg px-lg-4 d-none d-md-block\" href=\"https:\/\/comunidad.comprasdominicana.gob.do\/\/Public\/Tendering\/OpportunityDetail\/Index?noticeUID=DO1.NTC.532127\" target=\"_blank\" title=\"Detalles\"><i class=\"fas fa-link\"><\/i> DETALLES<\/a><a class=\"btn btn-primary btn-lg px-lg-4 d-block d-md-none\" href=\"https:\/\/comunidad.comprasdominicana.gob.do\/\/Public\/Tendering\/OpportunityDetail\/Index?noticeUID=DO1.NTC.532127\" target=\"_blank\" title=\"Detalles\"><i class=\"fas fa-2x fa-link\"><\/i><\/a><\/div><\/div><\/div><div class=\"jumbotron archivos\"><div class=\"row align-items-center\"><div class=\"col\"><h6><a class=\"text-dark\" href=\"https:\/\/comunidad.comprasdominicana.gob.do\/\/Public\/Tendering\/OpportunityDetail\/Index?noticeUID=DO1.NTC.532221\" title=\"Ver\" target=\"_blank\">INESPRE-CCC-CP-2019-0004<\/a><\/h6><p class=\"mb-0 bold\">Adquisici\u00f3n de Az\u00facar crema y Chocolate para los programas desarrollados por la Instituci\u00f3n a Nivel Nacional.<\/p><p class=\"mb-0\" style=\"font-size: .85rem\"><strong title=\"Estado del Proceso\"><i class=\"fas fa-spinner\"><\/i><\/strong> Proceso adjudicado y celebrado<\/p><p class=\"mb-0\" style=\"font-size: .85rem\"><strong title=\"Fecha de Publicaci\u00f3n\"><i class=\"fas fa-calendar-alt\"><\/i><\/strong> Publicado el martes, 29 de enero de 2019<\/p><\/div><div class=\"col-auto mt-md-0 mt-2\"><a class=\"btn btn-primary btn-lg px-lg-4 d-none d-md-block\" href=\"https:\/\/comunidad.comprasdominicana.gob.do\/\/Public\/Tendering\/OpportunityDetail\/Index?noticeUID=DO1.NTC.532221\" target=\"_blank\" title=\"Detalles\"><i class=\"fas fa-link\"><\/i> DETALLES<\/a><a class=\"btn btn-primary btn-lg px-lg-4 d-block d-md-none\" href=\"https:\/\/comunidad.comprasdominicana.gob.do\/\/Public\/Tendering\/OpportunityDetail\/Index?noticeUID=DO1.NTC.532221\" target=\"_blank\" title=\"Detalles\"><i class=\"fas fa-2x fa-link\"><\/i><\/a><\/div><\/div><\/div><div class=\"jumbotron archivos\"><div class=\"row align-items-center\"><div class=\"col\"><h6><a class=\"text-dark\" href=\"https:\/\/comunidad.comprasdominicana.gob.do\/\/Public\/Tendering\/OpportunityDetail\/Index?noticeUID=DO1.NTC.532119\" title=\"Ver\" target=\"_blank\">INESPRE-CCC-CP-2019-0003<\/a><\/h6><p class=\"mb-0 bold\">Adquisici\u00f3n de Aceites y Grasas Comestibles para los programas desarrollados por la Instituci\u00f3n a Nivel Nacional.<\/p><p class=\"mb-0\" style=\"font-size: .85rem\"><strong title=\"Estado del Proceso\"><i class=\"fas fa-spinner\"><\/i><\/strong> Proceso adjudicado y celebrado<\/p><p class=\"mb-0\" style=\"font-size: .85rem\"><strong title=\"Fecha de Publicaci\u00f3n\"><i class=\"fas fa-calendar-alt\"><\/i><\/strong> Publicado el martes, 29 de enero de 2019<\/p><\/div><div class=\"col-auto mt-md-0 mt-2\"><a class=\"btn btn-primary btn-lg px-lg-4 d-none d-md-block\" href=\"https:\/\/comunidad.comprasdominicana.gob.do\/\/Public\/Tendering\/OpportunityDetail\/Index?noticeUID=DO1.NTC.532119\" target=\"_blank\" title=\"Detalles\"><i class=\"fas fa-link\"><\/i> DETALLES<\/a><a class=\"btn btn-primary btn-lg px-lg-4 d-block d-md-none\" href=\"https:\/\/comunidad.comprasdominicana.gob.do\/\/Public\/Tendering\/OpportunityDetail\/Index?noticeUID=DO1.NTC.532119\" target=\"_blank\" title=\"Detalles\"><i class=\"fas fa-2x fa-link\"><\/i><\/a><\/div><\/div><\/div><div class=\"jumbotron archivos\"><div class=\"row align-items-center\"><div class=\"col\"><h6><a class=\"text-dark\" href=\"https:\/\/comunidad.comprasdominicana.gob.do\/\/Public\/Tendering\/OpportunityDetail\/Index?noticeUID=DO1.NTC.526033\" title=\"Ver\" target=\"_blank\">INESPRE-CCC-CP-2019-0002<\/a><\/h6><p class=\"mb-0 bold\">Adquisici\u00f3n de Rollos de L\u00e1minas Transparentes Tam. 18', Polietileno de baja densidad, calibre 260, con Logo<\/p><p class=\"mb-0\" style=\"font-size: .85rem\"><strong title=\"Estado del Proceso\"><i class=\"fas fa-spinner\"><\/i><\/strong> Proceso adjudicado y celebrado<\/p><p class=\"mb-0\" style=\"font-size: .85rem\"><strong title=\"Fecha de Publicaci\u00f3n\"><i class=\"fas fa-calendar-alt\"><\/i><\/strong> Publicado el lunes, 14 de enero de 2019<\/p><\/div><div class=\"col-auto mt-md-0 mt-2\"><a class=\"btn btn-primary btn-lg px-lg-4 d-none d-md-block\" href=\"https:\/\/comunidad.comprasdominicana.gob.do\/\/Public\/Tendering\/OpportunityDetail\/Index?noticeUID=DO1.NTC.526033\" target=\"_blank\" title=\"Detalles\"><i class=\"fas fa-link\"><\/i> DETALLES<\/a><a class=\"btn btn-primary btn-lg px-lg-4 d-block d-md-none\" href=\"https:\/\/comunidad.comprasdominicana.gob.do\/\/Public\/Tendering\/OpportunityDetail\/Index?noticeUID=DO1.NTC.526033\" target=\"_blank\" title=\"Detalles\"><i class=\"fas fa-2x fa-link\"><\/i><\/a><\/div><\/div><\/div><div class=\"jumbotron archivos\"><div class=\"row align-items-center\"><div class=\"col\"><h6><a class=\"text-dark\" href=\"https:\/\/comunidad.comprasdominicana.gob.do\/\/Public\/Tendering\/OpportunityDetail\/Index?noticeUID=DO1.NTC.526427\" title=\"Ver\" target=\"_blank\">INESPRE-CCC-CP-2019-0001<\/a><\/h6><p class=\"mb-0 bold\">Adquisici\u00f3n de Fundas tipo T-Shirt 18' x 20', Fundas 6' x 10' y 8' x 14'<\/p><p class=\"mb-0\" style=\"font-size: .85rem\"><strong title=\"Estado del Proceso\"><i class=\"fas fa-spinner\"><\/i><\/strong> Proceso adjudicado y celebrado<\/p><p class=\"mb-0\" style=\"font-size: .85rem\"><strong title=\"Fecha de Publicaci\u00f3n\"><i class=\"fas fa-calendar-alt\"><\/i><\/strong> Publicado el lunes, 14 de enero de 2019<\/p><\/div><div class=\"col-auto mt-md-0 mt-2\"><a class=\"btn btn-primary btn-lg px-lg-4 d-none d-md-block\" href=\"https:\/\/comunidad.comprasdominicana.gob.do\/\/Public\/Tendering\/OpportunityDetail\/Index?noticeUID=DO1.NTC.526427\" target=\"_blank\" title=\"Detalles\"><i class=\"fas fa-link\"><\/i> DETALLES<\/a><a class=\"btn btn-primary btn-lg px-lg-4 d-block d-md-none\" href=\"https:\/\/comunidad.comprasdominicana.gob.do\/\/Public\/Tendering\/OpportunityDetail\/Index?noticeUID=DO1.NTC.526427\" target=\"_blank\" title=\"Detalles\"><i class=\"fas fa-2x fa-link\"><\/i><\/a><\/div><\/div><\/div><\/div><\/div><\/div><\/div><\/div><\/div>\n        <div class=\"card\">\n            <div class=\"card-header parents\" id=\"heading_comparaci-n-de-precios-69f73f7454400-2018-69f73f7454400\">\n                <p class=\"title text-blue mb-0\">\n                    <a class=\"btn-block hover text-left collapsed\" data-toggle=\"collapse\" data-target=\"#collap_comparaci-n-de-precios-69f73f7454400-2018-69f73f7454400\" aria-expanded=\"false\" aria-controls=\"collap_comparaci-n-de-precios-69f73f7454400-2018-69f73f7454400\">2018<\/a>\n                <\/p>\n            <\/div>\n            <div id=\"collap_comparaci-n-de-precios-69f73f7454400-2018-69f73f7454400\" class=\"collapse\" aria-labelledby=\"heading_comparaci-n-de-precios-69f73f7454400-2018-69f73f7454400\" data-parent=\"#collap_comparaci-n-de-precios-69f73f7454400\">\n                <div class=\"card-body\">\n        <div class=\"card\">\n            <div class=\"card-header parents\" id=\"heading_comparaci-n-de-precios-69f73f7454400-2018-69f73f7454400-diciembre-69f73f7454400\">\n                <p class=\"title text-blue mb-0\">\n                    <a class=\"btn-block hover text-left collapsed\" data-toggle=\"collapse\" data-target=\"#collap_comparaci-n-de-precios-69f73f7454400-2018-69f73f7454400-diciembre-69f73f7454400\" aria-expanded=\"false\" aria-controls=\"collap_comparaci-n-de-precios-69f73f7454400-2018-69f73f7454400-diciembre-69f73f7454400\">Diciembre<\/a>\n                <\/p>\n            <\/div>\n            <div id=\"collap_comparaci-n-de-precios-69f73f7454400-2018-69f73f7454400-diciembre-69f73f7454400\" class=\"collapse\" aria-labelledby=\"heading_comparaci-n-de-precios-69f73f7454400-2018-69f73f7454400-diciembre-69f73f7454400\" data-parent=\"#collap_comparaci-n-de-precios-69f73f7454400-2018-69f73f7454400\">\n                <div class=\"card-body\"><div class=\"jumbotron archivos\"><div class=\"row align-items-center\"><div class=\"col\"><h6><a class=\"text-dark\" href=\"https:\/\/comunidad.comprasdominicana.gob.do\/\/Public\/Tendering\/OpportunityDetail\/Index?noticeUID=DO1.NTC.510423\" title=\"Ver\" target=\"_blank\">INESPRE-CCC-CP-2018-0004<\/a><\/h6><p class=\"mb-0 bold\">Servicio de alquiler de cuatro (04) Contenedores para oficinas de 40 pies cada uno , por un per\u00edodo de un (01) a\u00f1o<\/p><p class=\"mb-0\" style=\"font-size: .85rem\"><strong title=\"Estado del Proceso\"><i class=\"fas fa-spinner\"><\/i><\/strong> Proceso adjudicado y celebrado<\/p><p class=\"mb-0\" style=\"font-size: .85rem\"><strong title=\"Fecha de Publicaci\u00f3n\"><i class=\"fas fa-calendar-alt\"><\/i><\/strong> Publicado el viernes, 7 de diciembre de 2018<\/p><\/div><div class=\"col-auto mt-md-0 mt-2\"><a class=\"btn btn-primary btn-lg px-lg-4 d-none d-md-block\" href=\"https:\/\/comunidad.comprasdominicana.gob.do\/\/Public\/Tendering\/OpportunityDetail\/Index?noticeUID=DO1.NTC.510423\" target=\"_blank\" title=\"Detalles\"><i class=\"fas fa-link\"><\/i> DETALLES<\/a><a class=\"btn btn-primary btn-lg px-lg-4 d-block d-md-none\" href=\"https:\/\/comunidad.comprasdominicana.gob.do\/\/Public\/Tendering\/OpportunityDetail\/Index?noticeUID=DO1.NTC.510423\" target=\"_blank\" title=\"Detalles\"><i class=\"fas fa-2x fa-link\"><\/i><\/a><\/div><\/div><\/div><\/div><\/div><\/div>\n        <div class=\"card\">\n            <div class=\"card-header parents\" id=\"heading_comparaci-n-de-precios-69f73f7454400-2018-69f73f7454400-octubre-69f73f7454400\">\n                <p class=\"title text-blue mb-0\">\n                    <a class=\"btn-block hover text-left collapsed\" data-toggle=\"collapse\" data-target=\"#collap_comparaci-n-de-precios-69f73f7454400-2018-69f73f7454400-octubre-69f73f7454400\" aria-expanded=\"false\" aria-controls=\"collap_comparaci-n-de-precios-69f73f7454400-2018-69f73f7454400-octubre-69f73f7454400\">Octubre<\/a>\n                <\/p>\n            <\/div>\n            <div id=\"collap_comparaci-n-de-precios-69f73f7454400-2018-69f73f7454400-octubre-69f73f7454400\" class=\"collapse\" aria-labelledby=\"heading_comparaci-n-de-precios-69f73f7454400-2018-69f73f7454400-octubre-69f73f7454400\" data-parent=\"#collap_comparaci-n-de-precios-69f73f7454400-2018-69f73f7454400\">\n                <div class=\"card-body\"><div class=\"jumbotron archivos\"><div class=\"row align-items-center\"><div class=\"col\"><h6><a class=\"text-dark\" href=\"https:\/\/comunidad.comprasdominicana.gob.do\/\/Public\/Tendering\/OpportunityDetail\/Index?noticeUID=DO1.NTC.490922\" title=\"Ver\" target=\"_blank\">INESPRE-CCC-CP-2018-0002<\/a><\/h6><p class=\"mb-0 bold\">Servicio de Mantenimiento a Planta 500 Kilos y Sistema El\u00e9ctrico de la Instituci\u00f3n en el Edificio del IAD<\/p><p class=\"mb-0\" style=\"font-size: .85rem\"><strong title=\"Estado del Proceso\"><i class=\"fas fa-spinner\"><\/i><\/strong> Proceso adjudicado y celebrado<\/p><p class=\"mb-0\" style=\"font-size: .85rem\"><strong title=\"Fecha de Publicaci\u00f3n\"><i class=\"fas fa-calendar-alt\"><\/i><\/strong> Publicado el martes, 30 de octubre de 2018<\/p><\/div><div class=\"col-auto mt-md-0 mt-2\"><a class=\"btn btn-primary btn-lg px-lg-4 d-none d-md-block\" href=\"https:\/\/comunidad.comprasdominicana.gob.do\/\/Public\/Tendering\/OpportunityDetail\/Index?noticeUID=DO1.NTC.490922\" target=\"_blank\" title=\"Detalles\"><i class=\"fas fa-link\"><\/i> DETALLES<\/a><a class=\"btn btn-primary btn-lg px-lg-4 d-block d-md-none\" href=\"https:\/\/comunidad.comprasdominicana.gob.do\/\/Public\/Tendering\/OpportunityDetail\/Index?noticeUID=DO1.NTC.490922\" target=\"_blank\" title=\"Detalles\"><i class=\"fas fa-2x fa-link\"><\/i><\/a><\/div><\/div><\/div><div class=\"jumbotron archivos\"><div class=\"row align-items-center\"><div class=\"col\"><h6><a class=\"text-dark\" href=\"https:\/\/comunidad.comprasdominicana.gob.do\/\/Public\/Tendering\/OpportunityDetail\/Index?noticeUID=DO1.NTC.490818\" title=\"Ver\" target=\"_blank\">INESPRE-CCC-CP-2018-0001<\/a><\/h6><p class=\"mb-0 bold\">Rehabilitaci\u00f3n de Pintura en distintas Gerencias de la Instituci\u00f3n<\/p><p class=\"mb-0\" style=\"font-size: .85rem\"><strong title=\"Estado del Proceso\"><i class=\"fas fa-spinner\"><\/i><\/strong> Proceso desierto<\/p><p class=\"mb-0\" style=\"font-size: .85rem\"><strong title=\"Fecha de Publicaci\u00f3n\"><i class=\"fas fa-calendar-alt\"><\/i><\/strong> Publicado el martes, 30 de octubre de 2018<\/p><\/div><div class=\"col-auto mt-md-0 mt-2\"><a class=\"btn btn-primary btn-lg px-lg-4 d-none d-md-block\" href=\"https:\/\/comunidad.comprasdominicana.gob.do\/\/Public\/Tendering\/OpportunityDetail\/Index?noticeUID=DO1.NTC.490818\" target=\"_blank\" title=\"Detalles\"><i class=\"fas fa-link\"><\/i> DETALLES<\/a><a class=\"btn btn-primary btn-lg px-lg-4 d-block d-md-none\" href=\"https:\/\/comunidad.comprasdominicana.gob.do\/\/Public\/Tendering\/OpportunityDetail\/Index?noticeUID=DO1.NTC.490818\" target=\"_blank\" title=\"Detalles\"><i class=\"fas fa-2x fa-link\"><\/i><\/a><\/div><\/div><\/div><\/div><\/div><\/div><\/div><\/div><\/div><\/div><\/div><\/div>\n        <div class=\"card\">\n            <div class=\"card-header parents\" id=\"heading_compras-menores-69f73f7454400\">\n                <p class=\"title text-blue mb-0\">\n                    <a class=\"btn-block hover text-left collapsed\" data-toggle=\"collapse\" data-target=\"#collap_compras-menores-69f73f7454400\" aria-expanded=\"false\" aria-controls=\"collap_compras-menores-69f73f7454400\">Compras Menores<\/a>\n                <\/p>\n            <\/div>\n            <div id=\"collap_compras-menores-69f73f7454400\" class=\"collapse\" aria-labelledby=\"heading_compras-menores-69f73f7454400\" data-parent=\"#acc_69f73f7454400\">\n                <div class=\"card-body\">\n        <div class=\"card\">\n            <div class=\"card-header parents\" id=\"heading_compras-menores-69f73f7454400-2026-69f73f7454400\">\n                <p class=\"title text-blue mb-0\">\n                    <a class=\"btn-block hover text-left collapsed\" data-toggle=\"collapse\" data-target=\"#collap_compras-menores-69f73f7454400-2026-69f73f7454400\" aria-expanded=\"false\" aria-controls=\"collap_compras-menores-69f73f7454400-2026-69f73f7454400\">2026<\/a>\n                <\/p>\n            <\/div>\n            <div id=\"collap_compras-menores-69f73f7454400-2026-69f73f7454400\" class=\"collapse\" aria-labelledby=\"heading_compras-menores-69f73f7454400-2026-69f73f7454400\" data-parent=\"#collap_compras-menores-69f73f7454400\">\n                <div class=\"card-body\">\n        <div class=\"card\">\n            <div class=\"card-header parents\" id=\"heading_compras-menores-69f73f7454400-2026-69f73f7454400-abril-69f73f7454400\">\n                <p class=\"title text-blue mb-0\">\n                    <a class=\"btn-block hover text-left collapsed\" data-toggle=\"collapse\" data-target=\"#collap_compras-menores-69f73f7454400-2026-69f73f7454400-abril-69f73f7454400\" aria-expanded=\"false\" aria-controls=\"collap_compras-menores-69f73f7454400-2026-69f73f7454400-abril-69f73f7454400\">Abril<\/a>\n                <\/p>\n            <\/div>\n            <div id=\"collap_compras-menores-69f73f7454400-2026-69f73f7454400-abril-69f73f7454400\" class=\"collapse\" aria-labelledby=\"heading_compras-menores-69f73f7454400-2026-69f73f7454400-abril-69f73f7454400\" data-parent=\"#collap_compras-menores-69f73f7454400-2026-69f73f7454400\">\n                <div class=\"card-body\"><div class=\"jumbotron archivos\"><div class=\"row align-items-center\"><div class=\"col\"><h6><a class=\"text-dark\" href=\"https:\/\/comunidad.comprasdominicana.gob.do\/\/Public\/Tendering\/OpportunityDetail\/Index?noticeUID=DO1.NTC.1702154\" title=\"Ver\" target=\"_blank\">INESPRE-DAF-CM-2026-0024<\/a><\/h6><p class=\"mb-0 bold\">\u201cServicio de dise\u00f1o de banners para las ferias INESPRE CON LAS MADRES 2026\u201d <\/p><p class=\"mb-0\" style=\"font-size: .85rem\"><strong title=\"Estado del Proceso\"><i class=\"fas fa-spinner\"><\/i><\/strong> Proceso adjudicado y celebrado<\/p><p class=\"mb-0\" style=\"font-size: .85rem\"><strong title=\"Fecha de Publicaci\u00f3n\"><i class=\"fas fa-calendar-alt\"><\/i><\/strong> Publicado el viernes, 17 de abril de 2026<\/p><\/div><div class=\"col-auto mt-md-0 mt-2\"><a class=\"btn btn-primary btn-lg px-lg-4 d-none d-md-block\" href=\"https:\/\/comunidad.comprasdominicana.gob.do\/\/Public\/Tendering\/OpportunityDetail\/Index?noticeUID=DO1.NTC.1702154\" target=\"_blank\" title=\"Detalles\"><i class=\"fas fa-link\"><\/i> DETALLES<\/a><a class=\"btn btn-primary btn-lg px-lg-4 d-block d-md-none\" href=\"https:\/\/comunidad.comprasdominicana.gob.do\/\/Public\/Tendering\/OpportunityDetail\/Index?noticeUID=DO1.NTC.1702154\" target=\"_blank\" title=\"Detalles\"><i class=\"fas fa-2x fa-link\"><\/i><\/a><\/div><\/div><\/div><div class=\"jumbotron archivos\"><div class=\"row align-items-center\"><div class=\"col\"><h6><a class=\"text-dark\" href=\"https:\/\/comunidad.comprasdominicana.gob.do\/\/Public\/Tendering\/OpportunityDetail\/Index?noticeUID=DO1.NTC.1702447\" title=\"Ver\" target=\"_blank\">INESPRE-DAF-CM-2026-0023<\/a><\/h6><p class=\"mb-0 bold\">Servicio de instalaci\u00f3n de estructura para las ferias INESPRE CON LAS MADRES 2026, en las provincias El Seibo y San Pedro de Macor\u00eds.<\/p><p class=\"mb-0\" style=\"font-size: .85rem\"><strong title=\"Estado del Proceso\"><i class=\"fas fa-spinner\"><\/i><\/strong> Proceso adjudicado y celebrado<\/p><p class=\"mb-0\" style=\"font-size: .85rem\"><strong title=\"Fecha de Publicaci\u00f3n\"><i class=\"fas fa-calendar-alt\"><\/i><\/strong> Publicado el viernes, 17 de abril de 2026<\/p><\/div><div class=\"col-auto mt-md-0 mt-2\"><a class=\"btn btn-primary btn-lg px-lg-4 d-none d-md-block\" href=\"https:\/\/comunidad.comprasdominicana.gob.do\/\/Public\/Tendering\/OpportunityDetail\/Index?noticeUID=DO1.NTC.1702447\" target=\"_blank\" title=\"Detalles\"><i class=\"fas fa-link\"><\/i> DETALLES<\/a><a class=\"btn btn-primary btn-lg px-lg-4 d-block d-md-none\" href=\"https:\/\/comunidad.comprasdominicana.gob.do\/\/Public\/Tendering\/OpportunityDetail\/Index?noticeUID=DO1.NTC.1702447\" target=\"_blank\" title=\"Detalles\"><i class=\"fas fa-2x fa-link\"><\/i><\/a><\/div><\/div><\/div><\/div><\/div><\/div>\n        <div class=\"card\">\n            <div class=\"card-header parents\" id=\"heading_compras-menores-69f73f7454400-2026-69f73f7454400-marzo-69f73f7454400\">\n                <p class=\"title text-blue mb-0\">\n                    <a class=\"btn-block hover text-left collapsed\" data-toggle=\"collapse\" data-target=\"#collap_compras-menores-69f73f7454400-2026-69f73f7454400-marzo-69f73f7454400\" aria-expanded=\"false\" aria-controls=\"collap_compras-menores-69f73f7454400-2026-69f73f7454400-marzo-69f73f7454400\">Marzo<\/a>\n                <\/p>\n            <\/div>\n            <div id=\"collap_compras-menores-69f73f7454400-2026-69f73f7454400-marzo-69f73f7454400\" class=\"collapse\" aria-labelledby=\"heading_compras-menores-69f73f7454400-2026-69f73f7454400-marzo-69f73f7454400\" data-parent=\"#collap_compras-menores-69f73f7454400-2026-69f73f7454400\">\n                <div class=\"card-body\"><div class=\"jumbotron archivos\"><div class=\"row align-items-center\"><div class=\"col\"><h6><a class=\"text-dark\" href=\"https:\/\/comunidad.comprasdominicana.gob.do\/\/Public\/Tendering\/OpportunityDetail\/Index?noticeUID=DO1.NTC.1694060\" title=\"Ver\" target=\"_blank\">INESPRE-DAF-CM-2026-0021<\/a><\/h6><p class=\"mb-0 bold\">Contrataci\u00f3n servicio de rotulaci\u00f3n de camiones furgones secos y refrigerados del INESPRE<\/p><p class=\"mb-0\" style=\"font-size: .85rem\"><strong title=\"Estado del Proceso\"><i class=\"fas fa-spinner\"><\/i><\/strong> Proceso adjudicado y celebrado<\/p><p class=\"mb-0\" style=\"font-size: .85rem\"><strong title=\"Fecha de Publicaci\u00f3n\"><i class=\"fas fa-calendar-alt\"><\/i><\/strong> Publicado el lunes, 30 de marzo de 2026<\/p><\/div><div class=\"col-auto mt-md-0 mt-2\"><a class=\"btn btn-primary btn-lg px-lg-4 d-none d-md-block\" href=\"https:\/\/comunidad.comprasdominicana.gob.do\/\/Public\/Tendering\/OpportunityDetail\/Index?noticeUID=DO1.NTC.1694060\" target=\"_blank\" title=\"Detalles\"><i class=\"fas fa-link\"><\/i> DETALLES<\/a><a class=\"btn btn-primary btn-lg px-lg-4 d-block d-md-none\" href=\"https:\/\/comunidad.comprasdominicana.gob.do\/\/Public\/Tendering\/OpportunityDetail\/Index?noticeUID=DO1.NTC.1694060\" target=\"_blank\" title=\"Detalles\"><i class=\"fas fa-2x fa-link\"><\/i><\/a><\/div><\/div><\/div><div class=\"jumbotron archivos\"><div class=\"row align-items-center\"><div class=\"col\"><h6><a class=\"text-dark\" href=\"https:\/\/comunidad.comprasdominicana.gob.do\/\/Public\/Tendering\/OpportunityDetail\/Index?noticeUID=DO1.NTC.1694237\" title=\"Ver\" target=\"_blank\">INESPRE-DAF-CM-2026-0016<\/a><\/h6><p class=\"mb-0 bold\">\u201cAdquisici\u00f3n de b\u00e1sculas y sistema l\u00e1ser de medici\u00f3n para uso de la instituci\u00f3n\u201d.\t<\/p><p class=\"mb-0\" style=\"font-size: .85rem\"><strong title=\"Estado del Proceso\"><i class=\"fas fa-spinner\"><\/i><\/strong> Proceso adjudicado y celebrado<\/p><p class=\"mb-0\" style=\"font-size: .85rem\"><strong title=\"Fecha de Publicaci\u00f3n\"><i class=\"fas fa-calendar-alt\"><\/i><\/strong> Publicado el lunes, 30 de marzo de 2026<\/p><\/div><div class=\"col-auto mt-md-0 mt-2\"><a class=\"btn btn-primary btn-lg px-lg-4 d-none d-md-block\" href=\"https:\/\/comunidad.comprasdominicana.gob.do\/\/Public\/Tendering\/OpportunityDetail\/Index?noticeUID=DO1.NTC.1694237\" target=\"_blank\" title=\"Detalles\"><i class=\"fas fa-link\"><\/i> DETALLES<\/a><a class=\"btn btn-primary btn-lg px-lg-4 d-block d-md-none\" href=\"https:\/\/comunidad.comprasdominicana.gob.do\/\/Public\/Tendering\/OpportunityDetail\/Index?noticeUID=DO1.NTC.1694237\" target=\"_blank\" title=\"Detalles\"><i class=\"fas fa-2x fa-link\"><\/i><\/a><\/div><\/div><\/div><div class=\"jumbotron archivos\"><div class=\"row align-items-center\"><div class=\"col\"><h6><a class=\"text-dark\" href=\"https:\/\/comunidad.comprasdominicana.gob.do\/\/Public\/Tendering\/OpportunityDetail\/Index?noticeUID=DO1.NTC.1693940\" title=\"Ver\" target=\"_blank\">INESPRE-DAF-CM-2026-0019<\/a><\/h6><p class=\"mb-0 bold\">Adquisici\u00f3n de equipos de comunicaci\u00f3n y tecnolog\u00eda para uso de la instituci\u00f3n<\/p><p class=\"mb-0\" style=\"font-size: .85rem\"><strong title=\"Estado del Proceso\"><i class=\"fas fa-spinner\"><\/i><\/strong> Proceso adjudicado y celebrado<\/p><p class=\"mb-0\" style=\"font-size: .85rem\"><strong title=\"Fecha de Publicaci\u00f3n\"><i class=\"fas fa-calendar-alt\"><\/i><\/strong> Publicado el lunes, 30 de marzo de 2026<\/p><\/div><div class=\"col-auto mt-md-0 mt-2\"><a class=\"btn btn-primary btn-lg px-lg-4 d-none d-md-block\" href=\"https:\/\/comunidad.comprasdominicana.gob.do\/\/Public\/Tendering\/OpportunityDetail\/Index?noticeUID=DO1.NTC.1693940\" target=\"_blank\" title=\"Detalles\"><i class=\"fas fa-link\"><\/i> DETALLES<\/a><a class=\"btn btn-primary btn-lg px-lg-4 d-block d-md-none\" href=\"https:\/\/comunidad.comprasdominicana.gob.do\/\/Public\/Tendering\/OpportunityDetail\/Index?noticeUID=DO1.NTC.1693940\" target=\"_blank\" title=\"Detalles\"><i class=\"fas fa-2x fa-link\"><\/i><\/a><\/div><\/div><\/div><div class=\"jumbotron archivos\"><div class=\"row align-items-center\"><div class=\"col\"><h6><a class=\"text-dark\" href=\"https:\/\/comunidad.comprasdominicana.gob.do\/\/Public\/Tendering\/OpportunityDetail\/Index?noticeUID=DO1.NTC.1693802\" title=\"Ver\" target=\"_blank\">INESPRE-DAF-CM-2026-0022<\/a><\/h6><p class=\"mb-0 bold\">Contrataci\u00f3n de servicio de mantenimiento de ups y plugins para p\u00e1gina institucional y transparencia del INESPRE<\/p><p class=\"mb-0\" style=\"font-size: .85rem\"><strong title=\"Estado del Proceso\"><i class=\"fas fa-spinner\"><\/i><\/strong> Proceso adjudicado y celebrado<\/p><p class=\"mb-0\" style=\"font-size: .85rem\"><strong title=\"Fecha de Publicaci\u00f3n\"><i class=\"fas fa-calendar-alt\"><\/i><\/strong> Publicado el lunes, 30 de marzo de 2026<\/p><\/div><div class=\"col-auto mt-md-0 mt-2\"><a class=\"btn btn-primary btn-lg px-lg-4 d-none d-md-block\" href=\"https:\/\/comunidad.comprasdominicana.gob.do\/\/Public\/Tendering\/OpportunityDetail\/Index?noticeUID=DO1.NTC.1693802\" target=\"_blank\" title=\"Detalles\"><i class=\"fas fa-link\"><\/i> DETALLES<\/a><a class=\"btn btn-primary btn-lg px-lg-4 d-block d-md-none\" href=\"https:\/\/comunidad.comprasdominicana.gob.do\/\/Public\/Tendering\/OpportunityDetail\/Index?noticeUID=DO1.NTC.1693802\" target=\"_blank\" title=\"Detalles\"><i class=\"fas fa-2x fa-link\"><\/i><\/a><\/div><\/div><\/div><div class=\"jumbotron archivos\"><div class=\"row align-items-center\"><div class=\"col\"><h6><a class=\"text-dark\" href=\"https:\/\/comunidad.comprasdominicana.gob.do\/\/Public\/Tendering\/OpportunityDetail\/Index?noticeUID=DO1.NTC.1692746\" title=\"Ver\" target=\"_blank\">INESPRE-DAF-CM-2026-0020<\/a><\/h6><p class=\"mb-0 bold\">ADQUISICI\u00d3N DE MEDICAMENTOS PARA LOS DISPENSARIOS M\u00c9DICOS DE LA INSTITUCI\u00d3N<\/p><p class=\"mb-0\" style=\"font-size: .85rem\"><strong title=\"Estado del Proceso\"><i class=\"fas fa-spinner\"><\/i><\/strong> Proceso adjudicado y celebrado<\/p><p class=\"mb-0\" style=\"font-size: .85rem\"><strong title=\"Fecha de Publicaci\u00f3n\"><i class=\"fas fa-calendar-alt\"><\/i><\/strong> Publicado el jueves, 26 de marzo de 2026<\/p><\/div><div class=\"col-auto mt-md-0 mt-2\"><a class=\"btn btn-primary btn-lg px-lg-4 d-none d-md-block\" href=\"https:\/\/comunidad.comprasdominicana.gob.do\/\/Public\/Tendering\/OpportunityDetail\/Index?noticeUID=DO1.NTC.1692746\" target=\"_blank\" title=\"Detalles\"><i class=\"fas fa-link\"><\/i> DETALLES<\/a><a class=\"btn btn-primary btn-lg px-lg-4 d-block d-md-none\" href=\"https:\/\/comunidad.comprasdominicana.gob.do\/\/Public\/Tendering\/OpportunityDetail\/Index?noticeUID=DO1.NTC.1692746\" target=\"_blank\" title=\"Detalles\"><i class=\"fas fa-2x fa-link\"><\/i><\/a><\/div><\/div><\/div><div class=\"jumbotron archivos\"><div class=\"row align-items-center\"><div class=\"col\"><h6><a class=\"text-dark\" href=\"https:\/\/comunidad.comprasdominicana.gob.do\/\/Public\/Tendering\/OpportunityDetail\/Index?noticeUID=DO1.NTC.1692323\" title=\"Ver\" target=\"_blank\">INESPRE-DAF-CM-2026-0018<\/a><\/h6><p class=\"mb-0 bold\">ADQUISICI\u00d3N DE SERVIDOR Y COMPONENTES TECNOLOGICOS (MEMORIAS, MONITORES Y DISCOS) PARA EL DEPARTAMENTO DE TECNOLOGIA<\/p><p class=\"mb-0\" style=\"font-size: .85rem\"><strong title=\"Estado del Proceso\"><i class=\"fas fa-spinner\"><\/i><\/strong> Proceso adjudicado y celebrado<\/p><p class=\"mb-0\" style=\"font-size: .85rem\"><strong title=\"Fecha de Publicaci\u00f3n\"><i class=\"fas fa-calendar-alt\"><\/i><\/strong> Publicado el mi\u00e9rcoles, 25 de marzo de 2026<\/p><\/div><div class=\"col-auto mt-md-0 mt-2\"><a class=\"btn btn-primary btn-lg px-lg-4 d-none d-md-block\" href=\"https:\/\/comunidad.comprasdominicana.gob.do\/\/Public\/Tendering\/OpportunityDetail\/Index?noticeUID=DO1.NTC.1692323\" target=\"_blank\" title=\"Detalles\"><i class=\"fas fa-link\"><\/i> DETALLES<\/a><a class=\"btn btn-primary btn-lg px-lg-4 d-block d-md-none\" href=\"https:\/\/comunidad.comprasdominicana.gob.do\/\/Public\/Tendering\/OpportunityDetail\/Index?noticeUID=DO1.NTC.1692323\" target=\"_blank\" title=\"Detalles\"><i class=\"fas fa-2x fa-link\"><\/i><\/a><\/div><\/div><\/div><div class=\"jumbotron archivos\"><div class=\"row align-items-center\"><div class=\"col\"><h6><a class=\"text-dark\" href=\"https:\/\/comunidad.comprasdominicana.gob.do\/\/Public\/Tendering\/OpportunityDetail\/Index?noticeUID=DO1.NTC.1691244\" title=\"Ver\" target=\"_blank\">INESPRE-DAF-CM-2026-0017<\/a><\/h6><p class=\"mb-0 bold\">Servicio de mantenimiento y acondicionamiento de edificio del INESPRE<\/p><p class=\"mb-0\" style=\"font-size: .85rem\"><strong title=\"Estado del Proceso\"><i class=\"fas fa-spinner\"><\/i><\/strong> Proceso adjudicado y celebrado<\/p><p class=\"mb-0\" style=\"font-size: .85rem\"><strong title=\"Fecha de Publicaci\u00f3n\"><i class=\"fas fa-calendar-alt\"><\/i><\/strong> Publicado el martes, 24 de marzo de 2026<\/p><\/div><div class=\"col-auto mt-md-0 mt-2\"><a class=\"btn btn-primary btn-lg px-lg-4 d-none d-md-block\" href=\"https:\/\/comunidad.comprasdominicana.gob.do\/\/Public\/Tendering\/OpportunityDetail\/Index?noticeUID=DO1.NTC.1691244\" target=\"_blank\" title=\"Detalles\"><i class=\"fas fa-link\"><\/i> DETALLES<\/a><a class=\"btn btn-primary btn-lg px-lg-4 d-block d-md-none\" href=\"https:\/\/comunidad.comprasdominicana.gob.do\/\/Public\/Tendering\/OpportunityDetail\/Index?noticeUID=DO1.NTC.1691244\" target=\"_blank\" title=\"Detalles\"><i class=\"fas fa-2x fa-link\"><\/i><\/a><\/div><\/div><\/div><div class=\"jumbotron archivos\"><div class=\"row align-items-center\"><div class=\"col\"><h6><a class=\"text-dark\" href=\"https:\/\/comunidad.comprasdominicana.gob.do\/\/Public\/Tendering\/OpportunityDetail\/Index?noticeUID=DO1.NTC.1690644\" title=\"Ver\" target=\"_blank\">INESPRE-DAF-CM-2026-0015<\/a><\/h6><p class=\"mb-0 bold\">Adquisici\u00f3n de uniformes con logo Institucional, para uso del personal de INESPRE.<\/p><p class=\"mb-0\" style=\"font-size: .85rem\"><strong title=\"Estado del Proceso\"><i class=\"fas fa-spinner\"><\/i><\/strong> Proceso adjudicado y celebrado<\/p><p class=\"mb-0\" style=\"font-size: .85rem\"><strong title=\"Fecha de Publicaci\u00f3n\"><i class=\"fas fa-calendar-alt\"><\/i><\/strong> Publicado el lunes, 23 de marzo de 2026<\/p><\/div><div class=\"col-auto mt-md-0 mt-2\"><a class=\"btn btn-primary btn-lg px-lg-4 d-none d-md-block\" href=\"https:\/\/comunidad.comprasdominicana.gob.do\/\/Public\/Tendering\/OpportunityDetail\/Index?noticeUID=DO1.NTC.1690644\" target=\"_blank\" title=\"Detalles\"><i class=\"fas fa-link\"><\/i> DETALLES<\/a><a class=\"btn btn-primary btn-lg px-lg-4 d-block d-md-none\" href=\"https:\/\/comunidad.comprasdominicana.gob.do\/\/Public\/Tendering\/OpportunityDetail\/Index?noticeUID=DO1.NTC.1690644\" target=\"_blank\" title=\"Detalles\"><i class=\"fas fa-2x fa-link\"><\/i><\/a><\/div><\/div><\/div><div class=\"jumbotron archivos\"><div class=\"row align-items-center\"><div class=\"col\"><h6><a class=\"text-dark\" href=\"https:\/\/comunidad.comprasdominicana.gob.do\/\/Public\/Tendering\/OpportunityDetail\/Index?noticeUID=DO1.NTC.1690219\" title=\"Ver\" target=\"_blank\">INESPRE-DAF-CM-2026-0013<\/a><\/h6><p class=\"mb-0 bold\">Adquisici\u00f3n de herramientas para ser utilizadas en diferentes \u00e1reas de la instituci\u00f3n<\/p><p class=\"mb-0\" style=\"font-size: .85rem\"><strong title=\"Estado del Proceso\"><i class=\"fas fa-spinner\"><\/i><\/strong> Proceso adjudicado y celebrado<\/p><p class=\"mb-0\" style=\"font-size: .85rem\"><strong title=\"Fecha de Publicaci\u00f3n\"><i class=\"fas fa-calendar-alt\"><\/i><\/strong> Publicado el lunes, 23 de marzo de 2026<\/p><\/div><div class=\"col-auto mt-md-0 mt-2\"><a class=\"btn btn-primary btn-lg px-lg-4 d-none d-md-block\" href=\"https:\/\/comunidad.comprasdominicana.gob.do\/\/Public\/Tendering\/OpportunityDetail\/Index?noticeUID=DO1.NTC.1690219\" target=\"_blank\" title=\"Detalles\"><i class=\"fas fa-link\"><\/i> DETALLES<\/a><a class=\"btn btn-primary btn-lg px-lg-4 d-block d-md-none\" href=\"https:\/\/comunidad.comprasdominicana.gob.do\/\/Public\/Tendering\/OpportunityDetail\/Index?noticeUID=DO1.NTC.1690219\" target=\"_blank\" title=\"Detalles\"><i class=\"fas fa-2x fa-link\"><\/i><\/a><\/div><\/div><\/div><div class=\"jumbotron archivos\"><div class=\"row align-items-center\"><div class=\"col\"><h6><a class=\"text-dark\" href=\"https:\/\/comunidad.comprasdominicana.gob.do\/\/Public\/Tendering\/OpportunityDetail\/Index?noticeUID=DO1.NTC.1690203\" title=\"Ver\" target=\"_blank\">INESPRE-DAF-CM-2026-0014<\/a><\/h6><p class=\"mb-0 bold\">Servicio de ingenier\u00eda para perforaci\u00f3n de pozos filtrantes en INESPRE, Herrera<\/p><p class=\"mb-0\" style=\"font-size: .85rem\"><strong title=\"Estado del Proceso\"><i class=\"fas fa-spinner\"><\/i><\/strong> Proceso adjudicado y celebrado<\/p><p class=\"mb-0\" style=\"font-size: .85rem\"><strong title=\"Fecha de Publicaci\u00f3n\"><i class=\"fas fa-calendar-alt\"><\/i><\/strong> Publicado el lunes, 23 de marzo de 2026<\/p><\/div><div class=\"col-auto mt-md-0 mt-2\"><a class=\"btn btn-primary btn-lg px-lg-4 d-none d-md-block\" href=\"https:\/\/comunidad.comprasdominicana.gob.do\/\/Public\/Tendering\/OpportunityDetail\/Index?noticeUID=DO1.NTC.1690203\" target=\"_blank\" title=\"Detalles\"><i class=\"fas fa-link\"><\/i> DETALLES<\/a><a class=\"btn btn-primary btn-lg px-lg-4 d-block d-md-none\" href=\"https:\/\/comunidad.comprasdominicana.gob.do\/\/Public\/Tendering\/OpportunityDetail\/Index?noticeUID=DO1.NTC.1690203\" target=\"_blank\" title=\"Detalles\"><i class=\"fas fa-2x fa-link\"><\/i><\/a><\/div><\/div><\/div><div class=\"jumbotron archivos\"><div class=\"row align-items-center\"><div class=\"col\"><h6><a class=\"text-dark\" href=\"https:\/\/comunidad.comprasdominicana.gob.do\/\/Public\/Tendering\/OpportunityDetail\/Index?noticeUID=DO1.NTC.1687443\" title=\"Ver\" target=\"_blank\">INESPRE-DAF-CM-2026-0012<\/a><\/h6><p class=\"mb-0 bold\">Adquisici\u00f3n de lubricantes, bater\u00edas y gomas para veh\u00edculos del INESPRE.<\/p><p class=\"mb-0\" style=\"font-size: .85rem\"><strong title=\"Estado del Proceso\"><i class=\"fas fa-spinner\"><\/i><\/strong> Proceso adjudicado y celebrado<\/p><p class=\"mb-0\" style=\"font-size: .85rem\"><strong title=\"Fecha de Publicaci\u00f3n\"><i class=\"fas fa-calendar-alt\"><\/i><\/strong> Publicado el lunes, 16 de marzo de 2026<\/p><\/div><div class=\"col-auto mt-md-0 mt-2\"><a class=\"btn btn-primary btn-lg px-lg-4 d-none d-md-block\" href=\"https:\/\/comunidad.comprasdominicana.gob.do\/\/Public\/Tendering\/OpportunityDetail\/Index?noticeUID=DO1.NTC.1687443\" target=\"_blank\" title=\"Detalles\"><i class=\"fas fa-link\"><\/i> DETALLES<\/a><a class=\"btn btn-primary btn-lg px-lg-4 d-block d-md-none\" href=\"https:\/\/comunidad.comprasdominicana.gob.do\/\/Public\/Tendering\/OpportunityDetail\/Index?noticeUID=DO1.NTC.1687443\" target=\"_blank\" title=\"Detalles\"><i class=\"fas fa-2x fa-link\"><\/i><\/a><\/div><\/div><\/div><div class=\"jumbotron archivos\"><div class=\"row align-items-center\"><div class=\"col\"><h6><a class=\"text-dark\" href=\"https:\/\/comunidad.comprasdominicana.gob.do\/\/Public\/Tendering\/OpportunityDetail\/Index?noticeUID=DO1.NTC.1681542\" title=\"Ver\" target=\"_blank\">INESPRE-DAF-CM-2026-0011<\/a><\/h6><p class=\"mb-0 bold\">ADQUISICI\u00d3N DE MEDICAMENTOS PARA LOS DISPENSARIOS M\u00c9DICOS DE LA INSTITUCI\u00d3N<\/p><p class=\"mb-0\" style=\"font-size: .85rem\"><strong title=\"Estado del Proceso\"><i class=\"fas fa-spinner\"><\/i><\/strong> Proceso desierto<\/p><p class=\"mb-0\" style=\"font-size: .85rem\"><strong title=\"Fecha de Publicaci\u00f3n\"><i class=\"fas fa-calendar-alt\"><\/i><\/strong> Publicado el martes, 3 de marzo de 2026<\/p><\/div><div class=\"col-auto mt-md-0 mt-2\"><a class=\"btn btn-primary btn-lg px-lg-4 d-none d-md-block\" href=\"https:\/\/comunidad.comprasdominicana.gob.do\/\/Public\/Tendering\/OpportunityDetail\/Index?noticeUID=DO1.NTC.1681542\" target=\"_blank\" title=\"Detalles\"><i class=\"fas fa-link\"><\/i> DETALLES<\/a><a class=\"btn btn-primary btn-lg px-lg-4 d-block d-md-none\" href=\"https:\/\/comunidad.comprasdominicana.gob.do\/\/Public\/Tendering\/OpportunityDetail\/Index?noticeUID=DO1.NTC.1681542\" target=\"_blank\" title=\"Detalles\"><i class=\"fas fa-2x fa-link\"><\/i><\/a><\/div><\/div><\/div><\/div><\/div><\/div>\n        <div class=\"card\">\n            <div class=\"card-header parents\" id=\"heading_compras-menores-69f73f7454400-2026-69f73f7454400-febrero-69f73f7454400\">\n                <p class=\"title text-blue mb-0\">\n                    <a class=\"btn-block hover text-left collapsed\" data-toggle=\"collapse\" data-target=\"#collap_compras-menores-69f73f7454400-2026-69f73f7454400-febrero-69f73f7454400\" aria-expanded=\"false\" aria-controls=\"collap_compras-menores-69f73f7454400-2026-69f73f7454400-febrero-69f73f7454400\">Febrero<\/a>\n                <\/p>\n            <\/div>\n            <div id=\"collap_compras-menores-69f73f7454400-2026-69f73f7454400-febrero-69f73f7454400\" class=\"collapse\" aria-labelledby=\"heading_compras-menores-69f73f7454400-2026-69f73f7454400-febrero-69f73f7454400\" data-parent=\"#collap_compras-menores-69f73f7454400-2026-69f73f7454400\">\n                <div class=\"card-body\"><div class=\"jumbotron archivos\"><div class=\"row align-items-center\"><div class=\"col\"><h6><a class=\"text-dark\" href=\"https:\/\/comunidad.comprasdominicana.gob.do\/\/Public\/Tendering\/OpportunityDetail\/Index?noticeUID=DO1.NTC.1680153\" title=\"Ver\" target=\"_blank\">INESPRE-DAF-CM-2026-0010<\/a><\/h6><p class=\"mb-0 bold\">Adquisici\u00f3n de material gastable para uso de la instituci\u00f3n.<\/p><p class=\"mb-0\" style=\"font-size: .85rem\"><strong title=\"Estado del Proceso\"><i class=\"fas fa-spinner\"><\/i><\/strong> Proceso adjudicado y celebrado<\/p><p class=\"mb-0\" style=\"font-size: .85rem\"><strong title=\"Fecha de Publicaci\u00f3n\"><i class=\"fas fa-calendar-alt\"><\/i><\/strong> Publicado el jueves, 26 de febrero de 2026<\/p><\/div><div class=\"col-auto mt-md-0 mt-2\"><a class=\"btn btn-primary btn-lg px-lg-4 d-none d-md-block\" href=\"https:\/\/comunidad.comprasdominicana.gob.do\/\/Public\/Tendering\/OpportunityDetail\/Index?noticeUID=DO1.NTC.1680153\" target=\"_blank\" title=\"Detalles\"><i class=\"fas fa-link\"><\/i> DETALLES<\/a><a class=\"btn btn-primary btn-lg px-lg-4 d-block d-md-none\" href=\"https:\/\/comunidad.comprasdominicana.gob.do\/\/Public\/Tendering\/OpportunityDetail\/Index?noticeUID=DO1.NTC.1680153\" target=\"_blank\" title=\"Detalles\"><i class=\"fas fa-2x fa-link\"><\/i><\/a><\/div><\/div><\/div><div class=\"jumbotron archivos\"><div class=\"row align-items-center\"><div class=\"col\"><h6><a class=\"text-dark\" href=\"https:\/\/comunidad.comprasdominicana.gob.do\/\/Public\/Tendering\/OpportunityDetail\/Index?noticeUID=DO1.NTC.1679712\" title=\"Ver\" target=\"_blank\">INESPRE-DAF-CM-2026-0009<\/a><\/h6><p class=\"mb-0 bold\">Adquisici\u00f3n de productos de papel y desechables para uso de la Instituci\u00f3n<\/p><p class=\"mb-0\" style=\"font-size: .85rem\"><strong title=\"Estado del Proceso\"><i class=\"fas fa-spinner\"><\/i><\/strong> Proceso adjudicado y celebrado<\/p><p class=\"mb-0\" style=\"font-size: .85rem\"><strong title=\"Fecha de Publicaci\u00f3n\"><i class=\"fas fa-calendar-alt\"><\/i><\/strong> Publicado el mi\u00e9rcoles, 25 de febrero de 2026<\/p><\/div><div class=\"col-auto mt-md-0 mt-2\"><a class=\"btn btn-primary btn-lg px-lg-4 d-none d-md-block\" href=\"https:\/\/comunidad.comprasdominicana.gob.do\/\/Public\/Tendering\/OpportunityDetail\/Index?noticeUID=DO1.NTC.1679712\" target=\"_blank\" title=\"Detalles\"><i class=\"fas fa-link\"><\/i> DETALLES<\/a><a class=\"btn btn-primary btn-lg px-lg-4 d-block d-md-none\" href=\"https:\/\/comunidad.comprasdominicana.gob.do\/\/Public\/Tendering\/OpportunityDetail\/Index?noticeUID=DO1.NTC.1679712\" target=\"_blank\" title=\"Detalles\"><i class=\"fas fa-2x fa-link\"><\/i><\/a><\/div><\/div><\/div><div class=\"jumbotron archivos\"><div class=\"row align-items-center\"><div class=\"col\"><h6><a class=\"text-dark\" href=\"https:\/\/comunidad.comprasdominicana.gob.do\/\/Public\/Tendering\/OpportunityDetail\/Index?noticeUID=DO1.NTC.1678848\" title=\"Ver\" target=\"_blank\">INESPRE-DAF-CM-2026-0007<\/a><\/h6><p class=\"mb-0 bold\">CONTRATACI\u00d3N DEL SERVICIO DE CATERING POR UN PERIODO DE TRES (3) MESES PARA DIFERENTES EVENTOS Y REUNIONES DE LA INSTITUCI\u00d3N<\/p><p class=\"mb-0\" style=\"font-size: .85rem\"><strong title=\"Estado del Proceso\"><i class=\"fas fa-spinner\"><\/i><\/strong> Proceso adjudicado y celebrado<\/p><p class=\"mb-0\" style=\"font-size: .85rem\"><strong title=\"Fecha de Publicaci\u00f3n\"><i class=\"fas fa-calendar-alt\"><\/i><\/strong> Publicado el martes, 24 de febrero de 2026<\/p><\/div><div class=\"col-auto mt-md-0 mt-2\"><a class=\"btn btn-primary btn-lg px-lg-4 d-none d-md-block\" href=\"https:\/\/comunidad.comprasdominicana.gob.do\/\/Public\/Tendering\/OpportunityDetail\/Index?noticeUID=DO1.NTC.1678848\" target=\"_blank\" title=\"Detalles\"><i class=\"fas fa-link\"><\/i> DETALLES<\/a><a class=\"btn btn-primary btn-lg px-lg-4 d-block d-md-none\" href=\"https:\/\/comunidad.comprasdominicana.gob.do\/\/Public\/Tendering\/OpportunityDetail\/Index?noticeUID=DO1.NTC.1678848\" target=\"_blank\" title=\"Detalles\"><i class=\"fas fa-2x fa-link\"><\/i><\/a><\/div><\/div><\/div><div class=\"jumbotron archivos\"><div class=\"row align-items-center\"><div class=\"col\"><h6><a class=\"text-dark\" href=\"https:\/\/comunidad.comprasdominicana.gob.do\/\/Public\/Tendering\/OpportunityDetail\/Index?noticeUID=DO1.NTC.1677753\" title=\"Ver\" target=\"_blank\">INESPRE-DAF-CM-2026-0006<\/a><\/h6><p class=\"mb-0 bold\">\u201cContrataci\u00f3n servicio de dise\u00f1o e impresi\u00f3n de banners para la Feria Agropecuaria Nacional 2026 del INESPRE\u201d.<\/p><p class=\"mb-0\" style=\"font-size: .85rem\"><strong title=\"Estado del Proceso\"><i class=\"fas fa-spinner\"><\/i><\/strong> Proceso adjudicado y celebrado<\/p><p class=\"mb-0\" style=\"font-size: .85rem\"><strong title=\"Fecha de Publicaci\u00f3n\"><i class=\"fas fa-calendar-alt\"><\/i><\/strong> Publicado el viernes, 20 de febrero de 2026<\/p><\/div><div class=\"col-auto mt-md-0 mt-2\"><a class=\"btn btn-primary btn-lg px-lg-4 d-none d-md-block\" href=\"https:\/\/comunidad.comprasdominicana.gob.do\/\/Public\/Tendering\/OpportunityDetail\/Index?noticeUID=DO1.NTC.1677753\" target=\"_blank\" title=\"Detalles\"><i class=\"fas fa-link\"><\/i> DETALLES<\/a><a class=\"btn btn-primary btn-lg px-lg-4 d-block d-md-none\" href=\"https:\/\/comunidad.comprasdominicana.gob.do\/\/Public\/Tendering\/OpportunityDetail\/Index?noticeUID=DO1.NTC.1677753\" target=\"_blank\" title=\"Detalles\"><i class=\"fas fa-2x fa-link\"><\/i><\/a><\/div><\/div><\/div><div class=\"jumbotron archivos\"><div class=\"row align-items-center\"><div class=\"col\"><h6><a class=\"text-dark\" href=\"https:\/\/comunidad.comprasdominicana.gob.do\/\/Public\/Tendering\/OpportunityDetail\/Index?noticeUID=DO1.NTC.1677751\" title=\"Ver\" target=\"_blank\">INESPRE-DAF-CM-2026-0005<\/a><\/h6><p class=\"mb-0 bold\">Adquisici\u00f3n de alimentos y bebidas para consumo Institucional<\/p><p class=\"mb-0\" style=\"font-size: .85rem\"><strong title=\"Estado del Proceso\"><i class=\"fas fa-spinner\"><\/i><\/strong> Proceso adjudicado y celebrado<\/p><p class=\"mb-0\" style=\"font-size: .85rem\"><strong title=\"Fecha de Publicaci\u00f3n\"><i class=\"fas fa-calendar-alt\"><\/i><\/strong> Publicado el viernes, 20 de febrero de 2026<\/p><\/div><div class=\"col-auto mt-md-0 mt-2\"><a class=\"btn btn-primary btn-lg px-lg-4 d-none d-md-block\" href=\"https:\/\/comunidad.comprasdominicana.gob.do\/\/Public\/Tendering\/OpportunityDetail\/Index?noticeUID=DO1.NTC.1677751\" target=\"_blank\" title=\"Detalles\"><i class=\"fas fa-link\"><\/i> DETALLES<\/a><a class=\"btn btn-primary btn-lg px-lg-4 d-block d-md-none\" href=\"https:\/\/comunidad.comprasdominicana.gob.do\/\/Public\/Tendering\/OpportunityDetail\/Index?noticeUID=DO1.NTC.1677751\" target=\"_blank\" title=\"Detalles\"><i class=\"fas fa-2x fa-link\"><\/i><\/a><\/div><\/div><\/div><div class=\"jumbotron archivos\"><div class=\"row align-items-center\"><div class=\"col\"><h6><a class=\"text-dark\" href=\"https:\/\/comunidad.comprasdominicana.gob.do\/\/Public\/Tendering\/OpportunityDetail\/Index?noticeUID=DO1.NTC.1675735\" title=\"Ver\" target=\"_blank\">INESPRE-DAF-CM-2026-0003<\/a><\/h6><p class=\"mb-0 bold\">Servicio e instalaci\u00f3n de estructura para feria agropecuaria 2026<\/p><p class=\"mb-0\" style=\"font-size: .85rem\"><strong title=\"Estado del Proceso\"><i class=\"fas fa-spinner\"><\/i><\/strong> Proceso adjudicado y celebrado<\/p><p class=\"mb-0\" style=\"font-size: .85rem\"><strong title=\"Fecha de Publicaci\u00f3n\"><i class=\"fas fa-calendar-alt\"><\/i><\/strong> Publicado el martes, 17 de febrero de 2026<\/p><\/div><div class=\"col-auto mt-md-0 mt-2\"><a class=\"btn btn-primary btn-lg px-lg-4 d-none d-md-block\" href=\"https:\/\/comunidad.comprasdominicana.gob.do\/\/Public\/Tendering\/OpportunityDetail\/Index?noticeUID=DO1.NTC.1675735\" target=\"_blank\" title=\"Detalles\"><i class=\"fas fa-link\"><\/i> DETALLES<\/a><a class=\"btn btn-primary btn-lg px-lg-4 d-block d-md-none\" href=\"https:\/\/comunidad.comprasdominicana.gob.do\/\/Public\/Tendering\/OpportunityDetail\/Index?noticeUID=DO1.NTC.1675735\" target=\"_blank\" title=\"Detalles\"><i class=\"fas fa-2x fa-link\"><\/i><\/a><\/div><\/div><\/div><div class=\"jumbotron archivos\"><div class=\"row align-items-center\"><div class=\"col\"><h6><a class=\"text-dark\" href=\"https:\/\/comunidad.comprasdominicana.gob.do\/\/Public\/Tendering\/OpportunityDetail\/Index?noticeUID=DO1.NTC.1673043\" title=\"Ver\" target=\"_blank\">INESPRE-DAF-CM-2026-0002<\/a><\/h6><p class=\"mb-0 bold\">&quot;Contrataci\u00f3n de recarga electr\u00f3nica del sistema de pago peajes (paso r\u00e1pido), para ser utilizado en los veh\u00edculos del lNESPRE\u201d.<\/p><p class=\"mb-0\" style=\"font-size: .85rem\"><strong title=\"Estado del Proceso\"><i class=\"fas fa-spinner\"><\/i><\/strong> Proceso adjudicado y celebrado<\/p><p class=\"mb-0\" style=\"font-size: .85rem\"><strong title=\"Fecha de Publicaci\u00f3n\"><i class=\"fas fa-calendar-alt\"><\/i><\/strong> Publicado el mi\u00e9rcoles, 11 de febrero de 2026<\/p><\/div><div class=\"col-auto mt-md-0 mt-2\"><a class=\"btn btn-primary btn-lg px-lg-4 d-none d-md-block\" href=\"https:\/\/comunidad.comprasdominicana.gob.do\/\/Public\/Tendering\/OpportunityDetail\/Index?noticeUID=DO1.NTC.1673043\" target=\"_blank\" title=\"Detalles\"><i class=\"fas fa-link\"><\/i> DETALLES<\/a><a class=\"btn btn-primary btn-lg px-lg-4 d-block d-md-none\" href=\"https:\/\/comunidad.comprasdominicana.gob.do\/\/Public\/Tendering\/OpportunityDetail\/Index?noticeUID=DO1.NTC.1673043\" target=\"_blank\" title=\"Detalles\"><i class=\"fas fa-2x fa-link\"><\/i><\/a><\/div><\/div><\/div><div class=\"jumbotron archivos\"><div class=\"row align-items-center\"><div class=\"col\"><h6><a class=\"text-dark\" href=\"https:\/\/comunidad.comprasdominicana.gob.do\/\/Public\/Tendering\/OpportunityDetail\/Index?noticeUID=DO1.NTC.1670801\" title=\"Ver\" target=\"_blank\">INESPRE-DAF-CM-2026-0001<\/a><\/h6><p class=\"mb-0 bold\">Contrataci\u00f3n de servicios de eventos para diferentes actividades del INESPRE<\/p><p class=\"mb-0\" style=\"font-size: .85rem\"><strong title=\"Estado del Proceso\"><i class=\"fas fa-spinner\"><\/i><\/strong> Proceso adjudicado y celebrado<\/p><p class=\"mb-0\" style=\"font-size: .85rem\"><strong title=\"Fecha de Publicaci\u00f3n\"><i class=\"fas fa-calendar-alt\"><\/i><\/strong> Publicado el jueves, 5 de febrero de 2026<\/p><\/div><div class=\"col-auto mt-md-0 mt-2\"><a class=\"btn btn-primary btn-lg px-lg-4 d-none d-md-block\" href=\"https:\/\/comunidad.comprasdominicana.gob.do\/\/Public\/Tendering\/OpportunityDetail\/Index?noticeUID=DO1.NTC.1670801\" target=\"_blank\" title=\"Detalles\"><i class=\"fas fa-link\"><\/i> DETALLES<\/a><a class=\"btn btn-primary btn-lg px-lg-4 d-block d-md-none\" href=\"https:\/\/comunidad.comprasdominicana.gob.do\/\/Public\/Tendering\/OpportunityDetail\/Index?noticeUID=DO1.NTC.1670801\" target=\"_blank\" title=\"Detalles\"><i class=\"fas fa-2x fa-link\"><\/i><\/a><\/div><\/div><\/div><\/div><\/div><\/div><\/div><\/div><\/div>\n        <div class=\"card\">\n            <div class=\"card-header parents\" id=\"heading_compras-menores-69f73f7454400-2025-69f73f7454400\">\n                <p class=\"title text-blue mb-0\">\n                    <a class=\"btn-block hover text-left collapsed\" data-toggle=\"collapse\" data-target=\"#collap_compras-menores-69f73f7454400-2025-69f73f7454400\" aria-expanded=\"false\" aria-controls=\"collap_compras-menores-69f73f7454400-2025-69f73f7454400\">2025<\/a>\n                <\/p>\n            <\/div>\n            <div id=\"collap_compras-menores-69f73f7454400-2025-69f73f7454400\" class=\"collapse\" aria-labelledby=\"heading_compras-menores-69f73f7454400-2025-69f73f7454400\" data-parent=\"#collap_compras-menores-69f73f7454400\">\n                <div class=\"card-body\">\n        <div class=\"card\">\n            <div class=\"card-header parents\" id=\"heading_compras-menores-69f73f7454400-2025-69f73f7454400-diciembre-69f73f7454400\">\n                <p class=\"title text-blue mb-0\">\n                    <a class=\"btn-block hover text-left collapsed\" data-toggle=\"collapse\" data-target=\"#collap_compras-menores-69f73f7454400-2025-69f73f7454400-diciembre-69f73f7454400\" aria-expanded=\"false\" aria-controls=\"collap_compras-menores-69f73f7454400-2025-69f73f7454400-diciembre-69f73f7454400\">Diciembre<\/a>\n                <\/p>\n            <\/div>\n            <div id=\"collap_compras-menores-69f73f7454400-2025-69f73f7454400-diciembre-69f73f7454400\" class=\"collapse\" aria-labelledby=\"heading_compras-menores-69f73f7454400-2025-69f73f7454400-diciembre-69f73f7454400\" data-parent=\"#collap_compras-menores-69f73f7454400-2025-69f73f7454400\">\n                <div class=\"card-body\"><div class=\"jumbotron archivos\"><div class=\"row align-items-center\"><div class=\"col\"><h6><a class=\"text-dark\" href=\"https:\/\/comunidad.comprasdominicana.gob.do\/\/Public\/Tendering\/OpportunityDetail\/Index?noticeUID=DO1.NTC.1643945\" title=\"Ver\" target=\"_blank\">INESPRE-DAF-CM-2025-0080<\/a><\/h6><p class=\"mb-0 bold\">Contrataci\u00f3n servicio de mantenimiento de equipos industriales del INESPRE<\/p><p class=\"mb-0\" style=\"font-size: .85rem\"><strong title=\"Estado del Proceso\"><i class=\"fas fa-spinner\"><\/i><\/strong> Proceso adjudicado y celebrado<\/p><p class=\"mb-0\" style=\"font-size: .85rem\"><strong title=\"Fecha de Publicaci\u00f3n\"><i class=\"fas fa-calendar-alt\"><\/i><\/strong> Publicado el jueves, 4 de diciembre de 2025<\/p><\/div><div class=\"col-auto mt-md-0 mt-2\"><a class=\"btn btn-primary btn-lg px-lg-4 d-none d-md-block\" href=\"https:\/\/comunidad.comprasdominicana.gob.do\/\/Public\/Tendering\/OpportunityDetail\/Index?noticeUID=DO1.NTC.1643945\" target=\"_blank\" title=\"Detalles\"><i class=\"fas fa-link\"><\/i> DETALLES<\/a><a class=\"btn btn-primary btn-lg px-lg-4 d-block d-md-none\" href=\"https:\/\/comunidad.comprasdominicana.gob.do\/\/Public\/Tendering\/OpportunityDetail\/Index?noticeUID=DO1.NTC.1643945\" target=\"_blank\" title=\"Detalles\"><i class=\"fas fa-2x fa-link\"><\/i><\/a><\/div><\/div><\/div><div class=\"jumbotron archivos\"><div class=\"row align-items-center\"><div class=\"col\"><h6><a class=\"text-dark\" href=\"https:\/\/comunidad.comprasdominicana.gob.do\/\/Public\/Tendering\/OpportunityDetail\/Index?noticeUID=DO1.NTC.1642049\" title=\"Ver\" target=\"_blank\">INESPRE-DAF-CM-2025-0079<\/a><\/h6><p class=\"mb-0 bold\">Adquisici\u00f3n de freezers para uso Institucional del INESPRE.<\/p><p class=\"mb-0\" style=\"font-size: .85rem\"><strong title=\"Estado del Proceso\"><i class=\"fas fa-spinner\"><\/i><\/strong> Proceso adjudicado y celebrado<\/p><p class=\"mb-0\" style=\"font-size: .85rem\"><strong title=\"Fecha de Publicaci\u00f3n\"><i class=\"fas fa-calendar-alt\"><\/i><\/strong> Publicado el martes, 2 de diciembre de 2025<\/p><\/div><div class=\"col-auto mt-md-0 mt-2\"><a class=\"btn btn-primary btn-lg px-lg-4 d-none d-md-block\" href=\"https:\/\/comunidad.comprasdominicana.gob.do\/\/Public\/Tendering\/OpportunityDetail\/Index?noticeUID=DO1.NTC.1642049\" target=\"_blank\" title=\"Detalles\"><i class=\"fas fa-link\"><\/i> DETALLES<\/a><a class=\"btn btn-primary btn-lg px-lg-4 d-block d-md-none\" href=\"https:\/\/comunidad.comprasdominicana.gob.do\/\/Public\/Tendering\/OpportunityDetail\/Index?noticeUID=DO1.NTC.1642049\" target=\"_blank\" title=\"Detalles\"><i class=\"fas fa-2x fa-link\"><\/i><\/a><\/div><\/div><\/div><\/div><\/div><\/div>\n        <div class=\"card\">\n            <div class=\"card-header parents\" id=\"heading_compras-menores-69f73f7454400-2025-69f73f7454400-noviembre-69f73f7454400\">\n                <p class=\"title text-blue mb-0\">\n                    <a class=\"btn-block hover text-left collapsed\" data-toggle=\"collapse\" data-target=\"#collap_compras-menores-69f73f7454400-2025-69f73f7454400-noviembre-69f73f7454400\" aria-expanded=\"false\" aria-controls=\"collap_compras-menores-69f73f7454400-2025-69f73f7454400-noviembre-69f73f7454400\">Noviembre<\/a>\n                <\/p>\n            <\/div>\n            <div id=\"collap_compras-menores-69f73f7454400-2025-69f73f7454400-noviembre-69f73f7454400\" class=\"collapse\" aria-labelledby=\"heading_compras-menores-69f73f7454400-2025-69f73f7454400-noviembre-69f73f7454400\" data-parent=\"#collap_compras-menores-69f73f7454400-2025-69f73f7454400\">\n                <div class=\"card-body\"><div class=\"jumbotron archivos\"><div class=\"row align-items-center\"><div class=\"col\"><h6><a class=\"text-dark\" href=\"https:\/\/comunidad.comprasdominicana.gob.do\/\/Public\/Tendering\/OpportunityDetail\/Index?noticeUID=DO1.NTC.1640962\" title=\"Ver\" target=\"_blank\">INESPRE-DAF-CM-2025-0076<\/a><\/h6><p class=\"mb-0 bold\">Contrataci\u00f3n del Servicio de Catering por un periodo de un (1) mes.<\/p><p class=\"mb-0\" style=\"font-size: .85rem\"><strong title=\"Estado del Proceso\"><i class=\"fas fa-spinner\"><\/i><\/strong> Proceso adjudicado y celebrado<\/p><p class=\"mb-0\" style=\"font-size: .85rem\"><strong title=\"Fecha de Publicaci\u00f3n\"><i class=\"fas fa-calendar-alt\"><\/i><\/strong> Publicado el viernes, 28 de noviembre de 2025<\/p><\/div><div class=\"col-auto mt-md-0 mt-2\"><a class=\"btn btn-primary btn-lg px-lg-4 d-none d-md-block\" href=\"https:\/\/comunidad.comprasdominicana.gob.do\/\/Public\/Tendering\/OpportunityDetail\/Index?noticeUID=DO1.NTC.1640962\" target=\"_blank\" title=\"Detalles\"><i class=\"fas fa-link\"><\/i> DETALLES<\/a><a class=\"btn btn-primary btn-lg px-lg-4 d-block d-md-none\" href=\"https:\/\/comunidad.comprasdominicana.gob.do\/\/Public\/Tendering\/OpportunityDetail\/Index?noticeUID=DO1.NTC.1640962\" target=\"_blank\" title=\"Detalles\"><i class=\"fas fa-2x fa-link\"><\/i><\/a><\/div><\/div><\/div><div class=\"jumbotron archivos\"><div class=\"row align-items-center\"><div class=\"col\"><h6><a class=\"text-dark\" href=\"https:\/\/comunidad.comprasdominicana.gob.do\/\/Public\/Tendering\/OpportunityDetail\/Index?noticeUID=DO1.NTC.1640663\" title=\"Ver\" target=\"_blank\">INESPRE-DAF-CM-2025-0078<\/a><\/h6><p class=\"mb-0 bold\">Adquisici\u00f3n de carpas para uso Institucional del INESPRE.<\/p><p class=\"mb-0\" style=\"font-size: .85rem\"><strong title=\"Estado del Proceso\"><i class=\"fas fa-spinner\"><\/i><\/strong> Proceso adjudicado y celebrado<\/p><p class=\"mb-0\" style=\"font-size: .85rem\"><strong title=\"Fecha de Publicaci\u00f3n\"><i class=\"fas fa-calendar-alt\"><\/i><\/strong> Publicado el viernes, 28 de noviembre de 2025<\/p><\/div><div class=\"col-auto mt-md-0 mt-2\"><a class=\"btn btn-primary btn-lg px-lg-4 d-none d-md-block\" href=\"https:\/\/comunidad.comprasdominicana.gob.do\/\/Public\/Tendering\/OpportunityDetail\/Index?noticeUID=DO1.NTC.1640663\" target=\"_blank\" title=\"Detalles\"><i class=\"fas fa-link\"><\/i> DETALLES<\/a><a class=\"btn btn-primary btn-lg px-lg-4 d-block d-md-none\" href=\"https:\/\/comunidad.comprasdominicana.gob.do\/\/Public\/Tendering\/OpportunityDetail\/Index?noticeUID=DO1.NTC.1640663\" target=\"_blank\" title=\"Detalles\"><i class=\"fas fa-2x fa-link\"><\/i><\/a><\/div><\/div><\/div><div class=\"jumbotron archivos\"><div class=\"row align-items-center\"><div class=\"col\"><h6><a class=\"text-dark\" href=\"https:\/\/comunidad.comprasdominicana.gob.do\/\/Public\/Tendering\/OpportunityDetail\/Index?noticeUID=DO1.NTC.1640960\" title=\"Ver\" target=\"_blank\">INESPRE-DAF-CM-2025-0077<\/a><\/h6><p class=\"mb-0 bold\">Adquisici\u00f3n de forros de techo para carpas 6 x 6 metros para ser utilizados en diferentes gerencias del INESPRE<\/p><p class=\"mb-0\" style=\"font-size: .85rem\"><strong title=\"Estado del Proceso\"><i class=\"fas fa-spinner\"><\/i><\/strong> Proceso adjudicado y celebrado<\/p><p class=\"mb-0\" style=\"font-size: .85rem\"><strong title=\"Fecha de Publicaci\u00f3n\"><i class=\"fas fa-calendar-alt\"><\/i><\/strong> Publicado el viernes, 28 de noviembre de 2025<\/p><\/div><div class=\"col-auto mt-md-0 mt-2\"><a class=\"btn btn-primary btn-lg px-lg-4 d-none d-md-block\" href=\"https:\/\/comunidad.comprasdominicana.gob.do\/\/Public\/Tendering\/OpportunityDetail\/Index?noticeUID=DO1.NTC.1640960\" target=\"_blank\" title=\"Detalles\"><i class=\"fas fa-link\"><\/i> DETALLES<\/a><a class=\"btn btn-primary btn-lg px-lg-4 d-block d-md-none\" href=\"https:\/\/comunidad.comprasdominicana.gob.do\/\/Public\/Tendering\/OpportunityDetail\/Index?noticeUID=DO1.NTC.1640960\" target=\"_blank\" title=\"Detalles\"><i class=\"fas fa-2x fa-link\"><\/i><\/a><\/div><\/div><\/div><div class=\"jumbotron archivos\"><div class=\"row align-items-center\"><div class=\"col\"><h6><a class=\"text-dark\" href=\"https:\/\/comunidad.comprasdominicana.gob.do\/\/Public\/Tendering\/OpportunityDetail\/Index?noticeUID=DO1.NTC.1640272\" title=\"Ver\" target=\"_blank\">INESPRE-DAF-CM-2025-0075<\/a><\/h6><p class=\"mb-0 bold\">Adquisici\u00f3n de Medicamentos para uso Institucional<\/p><p class=\"mb-0\" style=\"font-size: .85rem\"><strong title=\"Estado del Proceso\"><i class=\"fas fa-spinner\"><\/i><\/strong> Proceso adjudicado y celebrado<\/p><p class=\"mb-0\" style=\"font-size: .85rem\"><strong title=\"Fecha de Publicaci\u00f3n\"><i class=\"fas fa-calendar-alt\"><\/i><\/strong> Publicado el jueves, 27 de noviembre de 2025<\/p><\/div><div class=\"col-auto mt-md-0 mt-2\"><a class=\"btn btn-primary btn-lg px-lg-4 d-none d-md-block\" href=\"https:\/\/comunidad.comprasdominicana.gob.do\/\/Public\/Tendering\/OpportunityDetail\/Index?noticeUID=DO1.NTC.1640272\" target=\"_blank\" title=\"Detalles\"><i class=\"fas fa-link\"><\/i> DETALLES<\/a><a class=\"btn btn-primary btn-lg px-lg-4 d-block d-md-none\" href=\"https:\/\/comunidad.comprasdominicana.gob.do\/\/Public\/Tendering\/OpportunityDetail\/Index?noticeUID=DO1.NTC.1640272\" target=\"_blank\" title=\"Detalles\"><i class=\"fas fa-2x fa-link\"><\/i><\/a><\/div><\/div><\/div><div class=\"jumbotron archivos\"><div class=\"row align-items-center\"><div class=\"col\"><h6><a class=\"text-dark\" href=\"https:\/\/comunidad.comprasdominicana.gob.do\/\/Public\/Tendering\/OpportunityDetail\/Index?noticeUID=DO1.NTC.1639958\" title=\"Ver\" target=\"_blank\">INESPRE-DAF-CM-2025-0073<\/a><\/h6><p class=\"mb-0 bold\">Adquisici\u00f3n de materiales de herramientas para ser utilizado en las diferentes \u00e1reas de la Instituci\u00f3n.<\/p><p class=\"mb-0\" style=\"font-size: .85rem\"><strong title=\"Estado del Proceso\"><i class=\"fas fa-spinner\"><\/i><\/strong> Proceso desierto<\/p><p class=\"mb-0\" style=\"font-size: .85rem\"><strong title=\"Fecha de Publicaci\u00f3n\"><i class=\"fas fa-calendar-alt\"><\/i><\/strong> Publicado el mi\u00e9rcoles, 26 de noviembre de 2025<\/p><\/div><div class=\"col-auto mt-md-0 mt-2\"><a class=\"btn btn-primary btn-lg px-lg-4 d-none d-md-block\" href=\"https:\/\/comunidad.comprasdominicana.gob.do\/\/Public\/Tendering\/OpportunityDetail\/Index?noticeUID=DO1.NTC.1639958\" target=\"_blank\" title=\"Detalles\"><i class=\"fas fa-link\"><\/i> DETALLES<\/a><a class=\"btn btn-primary btn-lg px-lg-4 d-block d-md-none\" href=\"https:\/\/comunidad.comprasdominicana.gob.do\/\/Public\/Tendering\/OpportunityDetail\/Index?noticeUID=DO1.NTC.1639958\" target=\"_blank\" title=\"Detalles\"><i class=\"fas fa-2x fa-link\"><\/i><\/a><\/div><\/div><\/div><div class=\"jumbotron archivos\"><div class=\"row align-items-center\"><div class=\"col\"><h6><a class=\"text-dark\" href=\"https:\/\/comunidad.comprasdominicana.gob.do\/\/Public\/Tendering\/OpportunityDetail\/Index?noticeUID=DO1.NTC.1639935\" title=\"Ver\" target=\"_blank\">INESPRE-DAF-CM-2025-0074<\/a><\/h6><p class=\"mb-0 bold\">Adquisici\u00f3n de tickets de combustible para el abastecimiento de la flotilla vehicular del INESPRE.<\/p><p class=\"mb-0\" style=\"font-size: .85rem\"><strong title=\"Estado del Proceso\"><i class=\"fas fa-spinner\"><\/i><\/strong> Proceso adjudicado y celebrado<\/p><p class=\"mb-0\" style=\"font-size: .85rem\"><strong title=\"Fecha de Publicaci\u00f3n\"><i class=\"fas fa-calendar-alt\"><\/i><\/strong> Publicado el mi\u00e9rcoles, 26 de noviembre de 2025<\/p><\/div><div class=\"col-auto mt-md-0 mt-2\"><a class=\"btn btn-primary btn-lg px-lg-4 d-none d-md-block\" href=\"https:\/\/comunidad.comprasdominicana.gob.do\/\/Public\/Tendering\/OpportunityDetail\/Index?noticeUID=DO1.NTC.1639935\" target=\"_blank\" title=\"Detalles\"><i class=\"fas fa-link\"><\/i> DETALLES<\/a><a class=\"btn btn-primary btn-lg px-lg-4 d-block d-md-none\" href=\"https:\/\/comunidad.comprasdominicana.gob.do\/\/Public\/Tendering\/OpportunityDetail\/Index?noticeUID=DO1.NTC.1639935\" target=\"_blank\" title=\"Detalles\"><i class=\"fas fa-2x fa-link\"><\/i><\/a><\/div><\/div><\/div><div class=\"jumbotron archivos\"><div class=\"row align-items-center\"><div class=\"col\"><h6><a class=\"text-dark\" href=\"https:\/\/comunidad.comprasdominicana.gob.do\/\/Public\/Tendering\/OpportunityDetail\/Index?noticeUID=DO1.NTC.1637147\" title=\"Ver\" target=\"_blank\">INESPRE-DAF-CM-2025-0071<\/a><\/h6><p class=\"mb-0 bold\">Contrataci\u00f3n de servicio de alquiler de camiones de cargas y refrigerados para transporte de mercanc\u00edas por un periodo de un (1) mes<\/p><p class=\"mb-0\" style=\"font-size: .85rem\"><strong title=\"Estado del Proceso\"><i class=\"fas fa-spinner\"><\/i><\/strong> Proceso adjudicado y celebrado<\/p><p class=\"mb-0\" style=\"font-size: .85rem\"><strong title=\"Fecha de Publicaci\u00f3n\"><i class=\"fas fa-calendar-alt\"><\/i><\/strong> Publicado el viernes, 21 de noviembre de 2025<\/p><\/div><div class=\"col-auto mt-md-0 mt-2\"><a class=\"btn btn-primary btn-lg px-lg-4 d-none d-md-block\" href=\"https:\/\/comunidad.comprasdominicana.gob.do\/\/Public\/Tendering\/OpportunityDetail\/Index?noticeUID=DO1.NTC.1637147\" target=\"_blank\" title=\"Detalles\"><i class=\"fas fa-link\"><\/i> DETALLES<\/a><a class=\"btn btn-primary btn-lg px-lg-4 d-block d-md-none\" href=\"https:\/\/comunidad.comprasdominicana.gob.do\/\/Public\/Tendering\/OpportunityDetail\/Index?noticeUID=DO1.NTC.1637147\" target=\"_blank\" title=\"Detalles\"><i class=\"fas fa-2x fa-link\"><\/i><\/a><\/div><\/div><\/div><div class=\"jumbotron archivos\"><div class=\"row align-items-center\"><div class=\"col\"><h6><a class=\"text-dark\" href=\"https:\/\/comunidad.comprasdominicana.gob.do\/\/Public\/Tendering\/OpportunityDetail\/Index?noticeUID=DO1.NTC.1637238\" title=\"Ver\" target=\"_blank\">INESPRE-DAF-CM-2025-0069<\/a><\/h6><p class=\"mb-0 bold\">Adquisici\u00f3n de insumos desechables para la instituci\u00f3n.<\/p><p class=\"mb-0\" style=\"font-size: .85rem\"><strong title=\"Estado del Proceso\"><i class=\"fas fa-spinner\"><\/i><\/strong> Proceso adjudicado y celebrado<\/p><p class=\"mb-0\" style=\"font-size: .85rem\"><strong title=\"Fecha de Publicaci\u00f3n\"><i class=\"fas fa-calendar-alt\"><\/i><\/strong> Publicado el viernes, 21 de noviembre de 2025<\/p><\/div><div class=\"col-auto mt-md-0 mt-2\"><a class=\"btn btn-primary btn-lg px-lg-4 d-none d-md-block\" href=\"https:\/\/comunidad.comprasdominicana.gob.do\/\/Public\/Tendering\/OpportunityDetail\/Index?noticeUID=DO1.NTC.1637238\" target=\"_blank\" title=\"Detalles\"><i class=\"fas fa-link\"><\/i> DETALLES<\/a><a class=\"btn btn-primary btn-lg px-lg-4 d-block d-md-none\" href=\"https:\/\/comunidad.comprasdominicana.gob.do\/\/Public\/Tendering\/OpportunityDetail\/Index?noticeUID=DO1.NTC.1637238\" target=\"_blank\" title=\"Detalles\"><i class=\"fas fa-2x fa-link\"><\/i><\/a><\/div><\/div><\/div><div class=\"jumbotron archivos\"><div class=\"row align-items-center\"><div class=\"col\"><h6><a class=\"text-dark\" href=\"https:\/\/comunidad.comprasdominicana.gob.do\/\/Public\/Tendering\/OpportunityDetail\/Index?noticeUID=DO1.NTC.1636906\" title=\"Ver\" target=\"_blank\">INESPRE-DAF-CM-2025-0072<\/a><\/h6><p class=\"mb-0 bold\">Contrataci\u00f3n de servicio de alquiler de camiones de cargas y refrigerados para transporte de mercanc\u00edas por un periodo de un (1) mes. <\/p><p class=\"mb-0\" style=\"font-size: .85rem\"><strong title=\"Estado del Proceso\"><i class=\"fas fa-spinner\"><\/i><\/strong> Proceso adjudicado y celebrado<\/p><p class=\"mb-0\" style=\"font-size: .85rem\"><strong title=\"Fecha de Publicaci\u00f3n\"><i class=\"fas fa-calendar-alt\"><\/i><\/strong> Publicado el viernes, 21 de noviembre de 2025<\/p><\/div><div class=\"col-auto mt-md-0 mt-2\"><a class=\"btn btn-primary btn-lg px-lg-4 d-none d-md-block\" href=\"https:\/\/comunidad.comprasdominicana.gob.do\/\/Public\/Tendering\/OpportunityDetail\/Index?noticeUID=DO1.NTC.1636906\" target=\"_blank\" title=\"Detalles\"><i class=\"fas fa-link\"><\/i> DETALLES<\/a><a class=\"btn btn-primary btn-lg px-lg-4 d-block d-md-none\" href=\"https:\/\/comunidad.comprasdominicana.gob.do\/\/Public\/Tendering\/OpportunityDetail\/Index?noticeUID=DO1.NTC.1636906\" target=\"_blank\" title=\"Detalles\"><i class=\"fas fa-2x fa-link\"><\/i><\/a><\/div><\/div><\/div><div class=\"jumbotron archivos\"><div class=\"row align-items-center\"><div class=\"col\"><h6><a class=\"text-dark\" href=\"https:\/\/comunidad.comprasdominicana.gob.do\/\/Public\/Tendering\/OpportunityDetail\/Index?noticeUID=DO1.NTC.1636649\" title=\"Ver\" target=\"_blank\">INESPRE-DAF-CM-2025-0070<\/a><\/h6><p class=\"mb-0 bold\">Adquisici\u00f3n de sardinas en salsa de tomate para abastecer los programas que desarrolla la Instituci\u00f3n a nivel nacional.<\/p><p class=\"mb-0\" style=\"font-size: .85rem\"><strong title=\"Estado del Proceso\"><i class=\"fas fa-spinner\"><\/i><\/strong> Proceso adjudicado y celebrado<\/p><p class=\"mb-0\" style=\"font-size: .85rem\"><strong title=\"Fecha de Publicaci\u00f3n\"><i class=\"fas fa-calendar-alt\"><\/i><\/strong> Publicado el jueves, 20 de noviembre de 2025<\/p><\/div><div class=\"col-auto mt-md-0 mt-2\"><a class=\"btn btn-primary btn-lg px-lg-4 d-none d-md-block\" href=\"https:\/\/comunidad.comprasdominicana.gob.do\/\/Public\/Tendering\/OpportunityDetail\/Index?noticeUID=DO1.NTC.1636649\" target=\"_blank\" title=\"Detalles\"><i class=\"fas fa-link\"><\/i> DETALLES<\/a><a class=\"btn btn-primary btn-lg px-lg-4 d-block d-md-none\" href=\"https:\/\/comunidad.comprasdominicana.gob.do\/\/Public\/Tendering\/OpportunityDetail\/Index?noticeUID=DO1.NTC.1636649\" target=\"_blank\" title=\"Detalles\"><i class=\"fas fa-2x fa-link\"><\/i><\/a><\/div><\/div><\/div><div class=\"jumbotron archivos\"><div class=\"row align-items-center\"><div class=\"col\"><h6><a class=\"text-dark\" href=\"https:\/\/comunidad.comprasdominicana.gob.do\/\/Public\/Tendering\/OpportunityDetail\/Index?noticeUID=DO1.NTC.1635340\" title=\"Ver\" target=\"_blank\">INESPRE-DAF-CM-2025-0067<\/a><\/h6><p class=\"mb-0 bold\">Adquisici\u00f3n e Implementaci\u00f3n de Software Integral ERP para uso Institucional del INESPRE.<\/p><p class=\"mb-0\" style=\"font-size: .85rem\"><strong title=\"Estado del Proceso\"><i class=\"fas fa-spinner\"><\/i><\/strong> Proceso adjudicado y celebrado<\/p><p class=\"mb-0\" style=\"font-size: .85rem\"><strong title=\"Fecha de Publicaci\u00f3n\"><i class=\"fas fa-calendar-alt\"><\/i><\/strong> Publicado el martes, 18 de noviembre de 2025<\/p><\/div><div class=\"col-auto mt-md-0 mt-2\"><a class=\"btn btn-primary btn-lg px-lg-4 d-none d-md-block\" href=\"https:\/\/comunidad.comprasdominicana.gob.do\/\/Public\/Tendering\/OpportunityDetail\/Index?noticeUID=DO1.NTC.1635340\" target=\"_blank\" title=\"Detalles\"><i class=\"fas fa-link\"><\/i> DETALLES<\/a><a class=\"btn btn-primary btn-lg px-lg-4 d-block d-md-none\" href=\"https:\/\/comunidad.comprasdominicana.gob.do\/\/Public\/Tendering\/OpportunityDetail\/Index?noticeUID=DO1.NTC.1635340\" target=\"_blank\" title=\"Detalles\"><i class=\"fas fa-2x fa-link\"><\/i><\/a><\/div><\/div><\/div><div class=\"jumbotron archivos\"><div class=\"row align-items-center\"><div class=\"col\"><h6><a class=\"text-dark\" href=\"https:\/\/comunidad.comprasdominicana.gob.do\/\/Public\/Tendering\/OpportunityDetail\/Index?noticeUID=DO1.NTC.1634413\" title=\"Ver\" target=\"_blank\">INESPRE-DAF-CM-2025-0068<\/a><\/h6><p class=\"mb-0 bold\">CONTRATACI\u00d3N DE SERVICIO DE GESTI\u00d3N PARA EL MONTAJE DE CAPACITACI\u00d3N DE TEAM BUILDING PARA LOS SERVIDORES DEL INESPRE.<\/p><p class=\"mb-0\" style=\"font-size: .85rem\"><strong title=\"Estado del Proceso\"><i class=\"fas fa-spinner\"><\/i><\/strong> Proceso adjudicado y celebrado<\/p><p class=\"mb-0\" style=\"font-size: .85rem\"><strong title=\"Fecha de Publicaci\u00f3n\"><i class=\"fas fa-calendar-alt\"><\/i><\/strong> Publicado el lunes, 17 de noviembre de 2025<\/p><\/div><div class=\"col-auto mt-md-0 mt-2\"><a class=\"btn btn-primary btn-lg px-lg-4 d-none d-md-block\" href=\"https:\/\/comunidad.comprasdominicana.gob.do\/\/Public\/Tendering\/OpportunityDetail\/Index?noticeUID=DO1.NTC.1634413\" target=\"_blank\" title=\"Detalles\"><i class=\"fas fa-link\"><\/i> DETALLES<\/a><a class=\"btn btn-primary btn-lg px-lg-4 d-block d-md-none\" href=\"https:\/\/comunidad.comprasdominicana.gob.do\/\/Public\/Tendering\/OpportunityDetail\/Index?noticeUID=DO1.NTC.1634413\" target=\"_blank\" title=\"Detalles\"><i class=\"fas fa-2x fa-link\"><\/i><\/a><\/div><\/div><\/div><div class=\"jumbotron archivos\"><div class=\"row align-items-center\"><div class=\"col\"><h6><a class=\"text-dark\" href=\"https:\/\/comunidad.comprasdominicana.gob.do\/\/Public\/Tendering\/OpportunityDetail\/Index?noticeUID=DO1.NTC.1634067\" title=\"Ver\" target=\"_blank\">INESPRE-DAF-CM-2025-0064<\/a><\/h6><p class=\"mb-0 bold\">Adquisici\u00f3n de materiales gastables de oficina para uso de la Instituci\u00f3n.<\/p><p class=\"mb-0\" style=\"font-size: .85rem\"><strong title=\"Estado del Proceso\"><i class=\"fas fa-spinner\"><\/i><\/strong> Proceso adjudicado y celebrado<\/p><p class=\"mb-0\" style=\"font-size: .85rem\"><strong title=\"Fecha de Publicaci\u00f3n\"><i class=\"fas fa-calendar-alt\"><\/i><\/strong> Publicado el viernes, 14 de noviembre de 2025<\/p><\/div><div class=\"col-auto mt-md-0 mt-2\"><a class=\"btn btn-primary btn-lg px-lg-4 d-none d-md-block\" href=\"https:\/\/comunidad.comprasdominicana.gob.do\/\/Public\/Tendering\/OpportunityDetail\/Index?noticeUID=DO1.NTC.1634067\" target=\"_blank\" title=\"Detalles\"><i class=\"fas fa-link\"><\/i> DETALLES<\/a><a class=\"btn btn-primary btn-lg px-lg-4 d-block d-md-none\" href=\"https:\/\/comunidad.comprasdominicana.gob.do\/\/Public\/Tendering\/OpportunityDetail\/Index?noticeUID=DO1.NTC.1634067\" target=\"_blank\" title=\"Detalles\"><i class=\"fas fa-2x fa-link\"><\/i><\/a><\/div><\/div><\/div><div class=\"jumbotron archivos\"><div class=\"row align-items-center\"><div class=\"col\"><h6><a class=\"text-dark\" href=\"https:\/\/comunidad.comprasdominicana.gob.do\/\/Public\/Tendering\/OpportunityDetail\/Index?noticeUID=DO1.NTC.1633955\" title=\"Ver\" target=\"_blank\">INESPRE-DAF-CM-2025-0065<\/a><\/h6><p class=\"mb-0 bold\">Adquisici\u00f3n de Agua en Botellones de 5 GL para uso Institucional en las Oficinas del INESPRE<\/p><p class=\"mb-0\" style=\"font-size: .85rem\"><strong title=\"Estado del Proceso\"><i class=\"fas fa-spinner\"><\/i><\/strong> Proceso adjudicado y celebrado<\/p><p class=\"mb-0\" style=\"font-size: .85rem\"><strong title=\"Fecha de Publicaci\u00f3n\"><i class=\"fas fa-calendar-alt\"><\/i><\/strong> Publicado el viernes, 14 de noviembre de 2025<\/p><\/div><div class=\"col-auto mt-md-0 mt-2\"><a class=\"btn btn-primary btn-lg px-lg-4 d-none d-md-block\" href=\"https:\/\/comunidad.comprasdominicana.gob.do\/\/Public\/Tendering\/OpportunityDetail\/Index?noticeUID=DO1.NTC.1633955\" target=\"_blank\" title=\"Detalles\"><i class=\"fas fa-link\"><\/i> DETALLES<\/a><a class=\"btn btn-primary btn-lg px-lg-4 d-block d-md-none\" href=\"https:\/\/comunidad.comprasdominicana.gob.do\/\/Public\/Tendering\/OpportunityDetail\/Index?noticeUID=DO1.NTC.1633955\" target=\"_blank\" title=\"Detalles\"><i class=\"fas fa-2x fa-link\"><\/i><\/a><\/div><\/div><\/div><div class=\"jumbotron archivos\"><div class=\"row align-items-center\"><div class=\"col\"><h6><a class=\"text-dark\" href=\"https:\/\/comunidad.comprasdominicana.gob.do\/\/Public\/Tendering\/OpportunityDetail\/Index?noticeUID=DO1.NTC.1631762\" title=\"Ver\" target=\"_blank\">INESPRE-DAF-CM-2025-0062<\/a><\/h6><p class=\"mb-0 bold\">Adquisici\u00f3n de dos (2) transformadores elevadores para ser utilizado en los contenedores refrigerados.<\/p><p class=\"mb-0\" style=\"font-size: .85rem\"><strong title=\"Estado del Proceso\"><i class=\"fas fa-spinner\"><\/i><\/strong> Proceso adjudicado y celebrado<\/p><p class=\"mb-0\" style=\"font-size: .85rem\"><strong title=\"Fecha de Publicaci\u00f3n\"><i class=\"fas fa-calendar-alt\"><\/i><\/strong> Publicado el viernes, 7 de noviembre de 2025<\/p><\/div><div class=\"col-auto mt-md-0 mt-2\"><a class=\"btn btn-primary btn-lg px-lg-4 d-none d-md-block\" href=\"https:\/\/comunidad.comprasdominicana.gob.do\/\/Public\/Tendering\/OpportunityDetail\/Index?noticeUID=DO1.NTC.1631762\" target=\"_blank\" title=\"Detalles\"><i class=\"fas fa-link\"><\/i> DETALLES<\/a><a class=\"btn btn-primary btn-lg px-lg-4 d-block d-md-none\" href=\"https:\/\/comunidad.comprasdominicana.gob.do\/\/Public\/Tendering\/OpportunityDetail\/Index?noticeUID=DO1.NTC.1631762\" target=\"_blank\" title=\"Detalles\"><i class=\"fas fa-2x fa-link\"><\/i><\/a><\/div><\/div><\/div><div class=\"jumbotron archivos\"><div class=\"row align-items-center\"><div class=\"col\"><h6><a class=\"text-dark\" href=\"https:\/\/comunidad.comprasdominicana.gob.do\/\/Public\/Tendering\/OpportunityDetail\/Index?noticeUID=DO1.NTC.1631247\" title=\"Ver\" target=\"_blank\">INESPRE-DAF-CM-2025-0063<\/a><\/h6><p class=\"mb-0 bold\">Reparaci\u00f3n de Generador  El\u00e9ctrico de 455 KW, Oficina Principal del INESPRE<\/p><p class=\"mb-0\" style=\"font-size: .85rem\"><strong title=\"Estado del Proceso\"><i class=\"fas fa-spinner\"><\/i><\/strong> Cancelado<\/p><p class=\"mb-0\" style=\"font-size: .85rem\"><strong title=\"Fecha de Publicaci\u00f3n\"><i class=\"fas fa-calendar-alt\"><\/i><\/strong> Publicado el viernes, 7 de noviembre de 2025<\/p><\/div><div class=\"col-auto mt-md-0 mt-2\"><a class=\"btn btn-primary btn-lg px-lg-4 d-none d-md-block\" href=\"https:\/\/comunidad.comprasdominicana.gob.do\/\/Public\/Tendering\/OpportunityDetail\/Index?noticeUID=DO1.NTC.1631247\" target=\"_blank\" title=\"Detalles\"><i class=\"fas fa-link\"><\/i> DETALLES<\/a><a class=\"btn btn-primary btn-lg px-lg-4 d-block d-md-none\" href=\"https:\/\/comunidad.comprasdominicana.gob.do\/\/Public\/Tendering\/OpportunityDetail\/Index?noticeUID=DO1.NTC.1631247\" target=\"_blank\" title=\"Detalles\"><i class=\"fas fa-2x fa-link\"><\/i><\/a><\/div><\/div><\/div><div class=\"jumbotron archivos\"><div class=\"row align-items-center\"><div class=\"col\"><h6><a class=\"text-dark\" href=\"https:\/\/comunidad.comprasdominicana.gob.do\/\/Public\/Tendering\/OpportunityDetail\/Index?noticeUID=DO1.NTC.1628853\" title=\"Ver\" target=\"_blank\">INESPRE-DAF-CM-2025-0061<\/a><\/h6><p class=\"mb-0 bold\">Adquisici\u00f3n de Contenedores Refrigerados de 40 pies (High Cube \u2013 HC) para almacenamiento de productos perecederos <\/p><p class=\"mb-0\" style=\"font-size: .85rem\"><strong title=\"Estado del Proceso\"><i class=\"fas fa-spinner\"><\/i><\/strong> Proceso adjudicado y celebrado<\/p><p class=\"mb-0\" style=\"font-size: .85rem\"><strong title=\"Fecha de Publicaci\u00f3n\"><i class=\"fas fa-calendar-alt\"><\/i><\/strong> Publicado el lunes, 3 de noviembre de 2025<\/p><\/div><div class=\"col-auto mt-md-0 mt-2\"><a class=\"btn btn-primary btn-lg px-lg-4 d-none d-md-block\" href=\"https:\/\/comunidad.comprasdominicana.gob.do\/\/Public\/Tendering\/OpportunityDetail\/Index?noticeUID=DO1.NTC.1628853\" target=\"_blank\" title=\"Detalles\"><i class=\"fas fa-link\"><\/i> DETALLES<\/a><a class=\"btn btn-primary btn-lg px-lg-4 d-block d-md-none\" href=\"https:\/\/comunidad.comprasdominicana.gob.do\/\/Public\/Tendering\/OpportunityDetail\/Index?noticeUID=DO1.NTC.1628853\" target=\"_blank\" title=\"Detalles\"><i class=\"fas fa-2x fa-link\"><\/i><\/a><\/div><\/div><\/div><div class=\"jumbotron archivos\"><div class=\"row align-items-center\"><div class=\"col\"><h6><a class=\"text-dark\" href=\"https:\/\/comunidad.comprasdominicana.gob.do\/\/Public\/Tendering\/OpportunityDetail\/Index?noticeUID=DO1.NTC.1629040\" title=\"Ver\" target=\"_blank\">INESPRE-DAF-CM-2025-0060<\/a><\/h6><p class=\"mb-0 bold\">Adquisici\u00f3n de recarga electr\u00f3nica del sistema de pago peajes (paso r\u00e1pido) y dispositivo paso r\u00e1pido para ser utilizado en los veh\u00edculos del lNESPRE <\/p><p class=\"mb-0\" style=\"font-size: .85rem\"><strong title=\"Estado del Proceso\"><i class=\"fas fa-spinner\"><\/i><\/strong> Proceso adjudicado y celebrado<\/p><p class=\"mb-0\" style=\"font-size: .85rem\"><strong title=\"Fecha de Publicaci\u00f3n\"><i class=\"fas fa-calendar-alt\"><\/i><\/strong> Publicado el lunes, 3 de noviembre de 2025<\/p><\/div><div class=\"col-auto mt-md-0 mt-2\"><a class=\"btn btn-primary btn-lg px-lg-4 d-none d-md-block\" href=\"https:\/\/comunidad.comprasdominicana.gob.do\/\/Public\/Tendering\/OpportunityDetail\/Index?noticeUID=DO1.NTC.1629040\" target=\"_blank\" title=\"Detalles\"><i class=\"fas fa-link\"><\/i> DETALLES<\/a><a class=\"btn btn-primary btn-lg px-lg-4 d-block d-md-none\" href=\"https:\/\/comunidad.comprasdominicana.gob.do\/\/Public\/Tendering\/OpportunityDetail\/Index?noticeUID=DO1.NTC.1629040\" target=\"_blank\" title=\"Detalles\"><i class=\"fas fa-2x fa-link\"><\/i><\/a><\/div><\/div><\/div><\/div><\/div><\/div>\n        <div class=\"card\">\n            <div class=\"card-header parents\" id=\"heading_compras-menores-69f73f7454400-2025-69f73f7454400-octubre-69f73f7454400\">\n                <p class=\"title text-blue mb-0\">\n                    <a class=\"btn-block hover text-left collapsed\" data-toggle=\"collapse\" data-target=\"#collap_compras-menores-69f73f7454400-2025-69f73f7454400-octubre-69f73f7454400\" aria-expanded=\"false\" aria-controls=\"collap_compras-menores-69f73f7454400-2025-69f73f7454400-octubre-69f73f7454400\">Octubre<\/a>\n                <\/p>\n            <\/div>\n            <div id=\"collap_compras-menores-69f73f7454400-2025-69f73f7454400-octubre-69f73f7454400\" class=\"collapse\" aria-labelledby=\"heading_compras-menores-69f73f7454400-2025-69f73f7454400-octubre-69f73f7454400\" data-parent=\"#collap_compras-menores-69f73f7454400-2025-69f73f7454400\">\n                <div class=\"card-body\"><div class=\"jumbotron archivos\"><div class=\"row align-items-center\"><div class=\"col\"><h6><a class=\"text-dark\" href=\"https:\/\/comunidad.comprasdominicana.gob.do\/\/Public\/Tendering\/OpportunityDetail\/Index?noticeUID=DO1.NTC.1627751\" title=\"Ver\" target=\"_blank\">INESPRE-DAF-CM-2025-0059<\/a><\/h6><p class=\"mb-0 bold\">Adquisici\u00f3n e Implementaci\u00f3n de Software Integral ERP para uso Institucional del INESPRE.<\/p><p class=\"mb-0\" style=\"font-size: .85rem\"><strong title=\"Estado del Proceso\"><i class=\"fas fa-spinner\"><\/i><\/strong> Cancelado<\/p><p class=\"mb-0\" style=\"font-size: .85rem\"><strong title=\"Fecha de Publicaci\u00f3n\"><i class=\"fas fa-calendar-alt\"><\/i><\/strong> Publicado el viernes, 31 de octubre de 2025<\/p><\/div><div class=\"col-auto mt-md-0 mt-2\"><a class=\"btn btn-primary btn-lg px-lg-4 d-none d-md-block\" href=\"https:\/\/comunidad.comprasdominicana.gob.do\/\/Public\/Tendering\/OpportunityDetail\/Index?noticeUID=DO1.NTC.1627751\" target=\"_blank\" title=\"Detalles\"><i class=\"fas fa-link\"><\/i> DETALLES<\/a><a class=\"btn btn-primary btn-lg px-lg-4 d-block d-md-none\" href=\"https:\/\/comunidad.comprasdominicana.gob.do\/\/Public\/Tendering\/OpportunityDetail\/Index?noticeUID=DO1.NTC.1627751\" target=\"_blank\" title=\"Detalles\"><i class=\"fas fa-2x fa-link\"><\/i><\/a><\/div><\/div><\/div><div class=\"jumbotron archivos\"><div class=\"row align-items-center\"><div class=\"col\"><h6><a class=\"text-dark\" href=\"https:\/\/comunidad.comprasdominicana.gob.do\/\/Public\/Tendering\/OpportunityDetail\/Index?noticeUID=DO1.NTC.1623526\" title=\"Ver\" target=\"_blank\">INESPRE-DAF-CM-2025-0056<\/a><\/h6><p class=\"mb-0 bold\">Adquisici\u00f3n de Equipos Audiovisuales para uso Institucional.<\/p><p class=\"mb-0\" style=\"font-size: .85rem\"><strong title=\"Estado del Proceso\"><i class=\"fas fa-spinner\"><\/i><\/strong> Proceso adjudicado y celebrado<\/p><p class=\"mb-0\" style=\"font-size: .85rem\"><strong title=\"Fecha de Publicaci\u00f3n\"><i class=\"fas fa-calendar-alt\"><\/i><\/strong> Publicado el mi\u00e9rcoles, 22 de octubre de 2025<\/p><\/div><div class=\"col-auto mt-md-0 mt-2\"><a class=\"btn btn-primary btn-lg px-lg-4 d-none d-md-block\" href=\"https:\/\/comunidad.comprasdominicana.gob.do\/\/Public\/Tendering\/OpportunityDetail\/Index?noticeUID=DO1.NTC.1623526\" target=\"_blank\" title=\"Detalles\"><i class=\"fas fa-link\"><\/i> DETALLES<\/a><a class=\"btn btn-primary btn-lg px-lg-4 d-block d-md-none\" href=\"https:\/\/comunidad.comprasdominicana.gob.do\/\/Public\/Tendering\/OpportunityDetail\/Index?noticeUID=DO1.NTC.1623526\" target=\"_blank\" title=\"Detalles\"><i class=\"fas fa-2x fa-link\"><\/i><\/a><\/div><\/div><\/div><div class=\"jumbotron archivos\"><div class=\"row align-items-center\"><div class=\"col\"><h6><a class=\"text-dark\" href=\"https:\/\/comunidad.comprasdominicana.gob.do\/\/Public\/Tendering\/OpportunityDetail\/Index?noticeUID=DO1.NTC.1620960\" title=\"Ver\" target=\"_blank\">INESPRE-DAF-CM-2025-0057<\/a><\/h6><p class=\"mb-0 bold\">Contrataci\u00f3n de servicios de montaje de exposici\u00f3n de articulo para las ferias Navidad del Cambio con Inespre 2025, en las provincias: Santiago y en Santo Domingo Este<\/p><p class=\"mb-0\" style=\"font-size: .85rem\"><strong title=\"Estado del Proceso\"><i class=\"fas fa-spinner\"><\/i><\/strong> Proceso adjudicado y celebrado<\/p><p class=\"mb-0\" style=\"font-size: .85rem\"><strong title=\"Fecha de Publicaci\u00f3n\"><i class=\"fas fa-calendar-alt\"><\/i><\/strong> Publicado el jueves, 16 de octubre de 2025<\/p><\/div><div class=\"col-auto mt-md-0 mt-2\"><a class=\"btn btn-primary btn-lg px-lg-4 d-none d-md-block\" href=\"https:\/\/comunidad.comprasdominicana.gob.do\/\/Public\/Tendering\/OpportunityDetail\/Index?noticeUID=DO1.NTC.1620960\" target=\"_blank\" title=\"Detalles\"><i class=\"fas fa-link\"><\/i> DETALLES<\/a><a class=\"btn btn-primary btn-lg px-lg-4 d-block d-md-none\" href=\"https:\/\/comunidad.comprasdominicana.gob.do\/\/Public\/Tendering\/OpportunityDetail\/Index?noticeUID=DO1.NTC.1620960\" target=\"_blank\" title=\"Detalles\"><i class=\"fas fa-2x fa-link\"><\/i><\/a><\/div><\/div><\/div><div class=\"jumbotron archivos\"><div class=\"row align-items-center\"><div class=\"col\"><h6><a class=\"text-dark\" href=\"https:\/\/comunidad.comprasdominicana.gob.do\/\/Public\/Tendering\/OpportunityDetail\/Index?noticeUID=DO1.NTC.1620645\" title=\"Ver\" target=\"_blank\">INESPRE-DAF-CM-2025-0055<\/a><\/h6><p class=\"mb-0 bold\">Adquisici\u00f3n de Alimentos y Bebidas para consumo Institucional.<\/p><p class=\"mb-0\" style=\"font-size: .85rem\"><strong title=\"Estado del Proceso\"><i class=\"fas fa-spinner\"><\/i><\/strong> Proceso adjudicado y celebrado<\/p><p class=\"mb-0\" style=\"font-size: .85rem\"><strong title=\"Fecha de Publicaci\u00f3n\"><i class=\"fas fa-calendar-alt\"><\/i><\/strong> Publicado el jueves, 16 de octubre de 2025<\/p><\/div><div class=\"col-auto mt-md-0 mt-2\"><a class=\"btn btn-primary btn-lg px-lg-4 d-none d-md-block\" href=\"https:\/\/comunidad.comprasdominicana.gob.do\/\/Public\/Tendering\/OpportunityDetail\/Index?noticeUID=DO1.NTC.1620645\" target=\"_blank\" title=\"Detalles\"><i class=\"fas fa-link\"><\/i> DETALLES<\/a><a class=\"btn btn-primary btn-lg px-lg-4 d-block d-md-none\" href=\"https:\/\/comunidad.comprasdominicana.gob.do\/\/Public\/Tendering\/OpportunityDetail\/Index?noticeUID=DO1.NTC.1620645\" target=\"_blank\" title=\"Detalles\"><i class=\"fas fa-2x fa-link\"><\/i><\/a><\/div><\/div><\/div><\/div><\/div><\/div>\n        <div class=\"card\">\n            <div class=\"card-header parents\" id=\"heading_compras-menores-69f73f7454400-2025-69f73f7454400-septiembre-69f73f7454400\">\n                <p class=\"title text-blue mb-0\">\n                    <a class=\"btn-block hover text-left collapsed\" data-toggle=\"collapse\" data-target=\"#collap_compras-menores-69f73f7454400-2025-69f73f7454400-septiembre-69f73f7454400\" aria-expanded=\"false\" aria-controls=\"collap_compras-menores-69f73f7454400-2025-69f73f7454400-septiembre-69f73f7454400\">Septiembre<\/a>\n                <\/p>\n            <\/div>\n            <div id=\"collap_compras-menores-69f73f7454400-2025-69f73f7454400-septiembre-69f73f7454400\" class=\"collapse\" aria-labelledby=\"heading_compras-menores-69f73f7454400-2025-69f73f7454400-septiembre-69f73f7454400\" data-parent=\"#collap_compras-menores-69f73f7454400-2025-69f73f7454400\">\n                <div class=\"card-body\"><div class=\"jumbotron archivos\"><div class=\"row align-items-center\"><div class=\"col\"><h6><a class=\"text-dark\" href=\"https:\/\/comunidad.comprasdominicana.gob.do\/\/Public\/Tendering\/OpportunityDetail\/Index?noticeUID=DO1.NTC.1613325\" title=\"Ver\" target=\"_blank\">INESPRE-DAF-CM-2025-0053<\/a><\/h6><p class=\"mb-0 bold\">Contrataci\u00f3n de plan de servicio de hosting para correos electr\u00f3nicos y Renovaci\u00f3n de sistema de digitalizaci\u00f3n y adquisici\u00f3n de antenas para conectividad en las diferentes localidades del INESPRE<\/p><p class=\"mb-0\" style=\"font-size: .85rem\"><strong title=\"Estado del Proceso\"><i class=\"fas fa-spinner\"><\/i><\/strong> Proceso adjudicado y celebrado<\/p><p class=\"mb-0\" style=\"font-size: .85rem\"><strong title=\"Fecha de Publicaci\u00f3n\"><i class=\"fas fa-calendar-alt\"><\/i><\/strong> Publicado el martes, 30 de septiembre de 2025<\/p><\/div><div class=\"col-auto mt-md-0 mt-2\"><a class=\"btn btn-primary btn-lg px-lg-4 d-none d-md-block\" href=\"https:\/\/comunidad.comprasdominicana.gob.do\/\/Public\/Tendering\/OpportunityDetail\/Index?noticeUID=DO1.NTC.1613325\" target=\"_blank\" title=\"Detalles\"><i class=\"fas fa-link\"><\/i> DETALLES<\/a><a class=\"btn btn-primary btn-lg px-lg-4 d-block d-md-none\" href=\"https:\/\/comunidad.comprasdominicana.gob.do\/\/Public\/Tendering\/OpportunityDetail\/Index?noticeUID=DO1.NTC.1613325\" target=\"_blank\" title=\"Detalles\"><i class=\"fas fa-2x fa-link\"><\/i><\/a><\/div><\/div><\/div><div class=\"jumbotron archivos\"><div class=\"row align-items-center\"><div class=\"col\"><h6><a class=\"text-dark\" href=\"https:\/\/comunidad.comprasdominicana.gob.do\/\/Public\/Tendering\/OpportunityDetail\/Index?noticeUID=DO1.NTC.1613508\" title=\"Ver\" target=\"_blank\">INESPRE-DAF-CM-2025-0054<\/a><\/h6><p class=\"mb-0 bold\">Adquisici\u00f3n de equipos de c\u00f3mputo y accesorios tecnol\u00f3gicos para las diferentes localidades del INESPRE.<\/p><p class=\"mb-0\" style=\"font-size: .85rem\"><strong title=\"Estado del Proceso\"><i class=\"fas fa-spinner\"><\/i><\/strong> Proceso adjudicado y celebrado<\/p><p class=\"mb-0\" style=\"font-size: .85rem\"><strong title=\"Fecha de Publicaci\u00f3n\"><i class=\"fas fa-calendar-alt\"><\/i><\/strong> Publicado el martes, 30 de septiembre de 2025<\/p><\/div><div class=\"col-auto mt-md-0 mt-2\"><a class=\"btn btn-primary btn-lg px-lg-4 d-none d-md-block\" href=\"https:\/\/comunidad.comprasdominicana.gob.do\/\/Public\/Tendering\/OpportunityDetail\/Index?noticeUID=DO1.NTC.1613508\" target=\"_blank\" title=\"Detalles\"><i class=\"fas fa-link\"><\/i> DETALLES<\/a><a class=\"btn btn-primary btn-lg px-lg-4 d-block d-md-none\" href=\"https:\/\/comunidad.comprasdominicana.gob.do\/\/Public\/Tendering\/OpportunityDetail\/Index?noticeUID=DO1.NTC.1613508\" target=\"_blank\" title=\"Detalles\"><i class=\"fas fa-2x fa-link\"><\/i><\/a><\/div><\/div><\/div><div class=\"jumbotron archivos\"><div class=\"row align-items-center\"><div class=\"col\"><h6><a class=\"text-dark\" href=\"https:\/\/comunidad.comprasdominicana.gob.do\/\/Public\/Tendering\/OpportunityDetail\/Index?noticeUID=DO1.NTC.1610645\" title=\"Ver\" target=\"_blank\">INESPRE-DAF-CM-2025-0051<\/a><\/h6><p class=\"mb-0 bold\">Contrataci\u00f3n del Servicio de Catering por un periodo de tres (03) meses.<\/p><p class=\"mb-0\" style=\"font-size: .85rem\"><strong title=\"Estado del Proceso\"><i class=\"fas fa-spinner\"><\/i><\/strong> Proceso adjudicado y celebrado<\/p><p class=\"mb-0\" style=\"font-size: .85rem\"><strong title=\"Fecha de Publicaci\u00f3n\"><i class=\"fas fa-calendar-alt\"><\/i><\/strong> Publicado el martes, 23 de septiembre de 2025<\/p><\/div><div class=\"col-auto mt-md-0 mt-2\"><a class=\"btn btn-primary btn-lg px-lg-4 d-none d-md-block\" href=\"https:\/\/comunidad.comprasdominicana.gob.do\/\/Public\/Tendering\/OpportunityDetail\/Index?noticeUID=DO1.NTC.1610645\" target=\"_blank\" title=\"Detalles\"><i class=\"fas fa-link\"><\/i> DETALLES<\/a><a class=\"btn btn-primary btn-lg px-lg-4 d-block d-md-none\" href=\"https:\/\/comunidad.comprasdominicana.gob.do\/\/Public\/Tendering\/OpportunityDetail\/Index?noticeUID=DO1.NTC.1610645\" target=\"_blank\" title=\"Detalles\"><i class=\"fas fa-2x fa-link\"><\/i><\/a><\/div><\/div><\/div><div class=\"jumbotron archivos\"><div class=\"row align-items-center\"><div class=\"col\"><h6><a class=\"text-dark\" href=\"https:\/\/comunidad.comprasdominicana.gob.do\/\/Public\/Tendering\/OpportunityDetail\/Index?noticeUID=DO1.NTC.1609934\" title=\"Ver\" target=\"_blank\">INESPRE-DAF-CM-2025-0049<\/a><\/h6><p class=\"mb-0 bold\">Adquisici\u00f3n de medicamentos para abastecimiento del dispensario medico de esta Instituci\u00f3n (Sede Principal, Herrera y Danta).<\/p><p class=\"mb-0\" style=\"font-size: .85rem\"><strong title=\"Estado del Proceso\"><i class=\"fas fa-spinner\"><\/i><\/strong> Proceso adjudicado y celebrado<\/p><p class=\"mb-0\" style=\"font-size: .85rem\"><strong title=\"Fecha de Publicaci\u00f3n\"><i class=\"fas fa-calendar-alt\"><\/i><\/strong> Publicado el viernes, 19 de septiembre de 2025<\/p><\/div><div class=\"col-auto mt-md-0 mt-2\"><a class=\"btn btn-primary btn-lg px-lg-4 d-none d-md-block\" href=\"https:\/\/comunidad.comprasdominicana.gob.do\/\/Public\/Tendering\/OpportunityDetail\/Index?noticeUID=DO1.NTC.1609934\" target=\"_blank\" title=\"Detalles\"><i class=\"fas fa-link\"><\/i> DETALLES<\/a><a class=\"btn btn-primary btn-lg px-lg-4 d-block d-md-none\" href=\"https:\/\/comunidad.comprasdominicana.gob.do\/\/Public\/Tendering\/OpportunityDetail\/Index?noticeUID=DO1.NTC.1609934\" target=\"_blank\" title=\"Detalles\"><i class=\"fas fa-2x fa-link\"><\/i><\/a><\/div><\/div><\/div><div class=\"jumbotron archivos\"><div class=\"row align-items-center\"><div class=\"col\"><h6><a class=\"text-dark\" href=\"https:\/\/comunidad.comprasdominicana.gob.do\/\/Public\/Tendering\/OpportunityDetail\/Index?noticeUID=DO1.NTC.1608205\" title=\"Ver\" target=\"_blank\">INESPRE-DAF-CM-2025-0046<\/a><\/h6><p class=\"mb-0 bold\">Contrataci\u00f3n de Servicio de Mantenimiento o Reparaciones Preventivas para Camiones Isuzu, Mack e Hyundai del INESPRE.<\/p><p class=\"mb-0\" style=\"font-size: .85rem\"><strong title=\"Estado del Proceso\"><i class=\"fas fa-spinner\"><\/i><\/strong> Proceso adjudicado y celebrado<\/p><p class=\"mb-0\" style=\"font-size: .85rem\"><strong title=\"Fecha de Publicaci\u00f3n\"><i class=\"fas fa-calendar-alt\"><\/i><\/strong> Publicado el mi\u00e9rcoles, 17 de septiembre de 2025<\/p><\/div><div class=\"col-auto mt-md-0 mt-2\"><a class=\"btn btn-primary btn-lg px-lg-4 d-none d-md-block\" href=\"https:\/\/comunidad.comprasdominicana.gob.do\/\/Public\/Tendering\/OpportunityDetail\/Index?noticeUID=DO1.NTC.1608205\" target=\"_blank\" title=\"Detalles\"><i class=\"fas fa-link\"><\/i> DETALLES<\/a><a class=\"btn btn-primary btn-lg px-lg-4 d-block d-md-none\" href=\"https:\/\/comunidad.comprasdominicana.gob.do\/\/Public\/Tendering\/OpportunityDetail\/Index?noticeUID=DO1.NTC.1608205\" target=\"_blank\" title=\"Detalles\"><i class=\"fas fa-2x fa-link\"><\/i><\/a><\/div><\/div><\/div><div class=\"jumbotron archivos\"><div class=\"row align-items-center\"><div class=\"col\"><h6><a class=\"text-dark\" href=\"https:\/\/comunidad.comprasdominicana.gob.do\/\/Public\/Tendering\/OpportunityDetail\/Index?noticeUID=DO1.NTC.1607743\" title=\"Ver\" target=\"_blank\">INESPRE-DAF-CM-2025-0048<\/a><\/h6><p class=\"mb-0 bold\">Adquisici\u00f3n de tickets de combustible (Gasolina) para el abastecimiento de la flotilla vehicular del INESPRE<\/p><p class=\"mb-0\" style=\"font-size: .85rem\"><strong title=\"Estado del Proceso\"><i class=\"fas fa-spinner\"><\/i><\/strong> Proceso adjudicado y celebrado<\/p><p class=\"mb-0\" style=\"font-size: .85rem\"><strong title=\"Fecha de Publicaci\u00f3n\"><i class=\"fas fa-calendar-alt\"><\/i><\/strong> Publicado el martes, 16 de septiembre de 2025<\/p><\/div><div class=\"col-auto mt-md-0 mt-2\"><a class=\"btn btn-primary btn-lg px-lg-4 d-none d-md-block\" href=\"https:\/\/comunidad.comprasdominicana.gob.do\/\/Public\/Tendering\/OpportunityDetail\/Index?noticeUID=DO1.NTC.1607743\" target=\"_blank\" title=\"Detalles\"><i class=\"fas fa-link\"><\/i> DETALLES<\/a><a class=\"btn btn-primary btn-lg px-lg-4 d-block d-md-none\" href=\"https:\/\/comunidad.comprasdominicana.gob.do\/\/Public\/Tendering\/OpportunityDetail\/Index?noticeUID=DO1.NTC.1607743\" target=\"_blank\" title=\"Detalles\"><i class=\"fas fa-2x fa-link\"><\/i><\/a><\/div><\/div><\/div><div class=\"jumbotron archivos\"><div class=\"row align-items-center\"><div class=\"col\"><h6><a class=\"text-dark\" href=\"https:\/\/comunidad.comprasdominicana.gob.do\/\/Public\/Tendering\/OpportunityDetail\/Index?noticeUID=DO1.NTC.1607726\" title=\"Ver\" target=\"_blank\">INESPRE-DAF-CM-2025-0047<\/a><\/h6><p class=\"mb-0 bold\">Servicio de Alquiler de seis (06) Camiones abierto de 3.4 toneladas cama larga para ser utilizados a nivel nacional en las funciones del INESPRE.\u201d<\/p><p class=\"mb-0\" style=\"font-size: .85rem\"><strong title=\"Estado del Proceso\"><i class=\"fas fa-spinner\"><\/i><\/strong> Cancelado<\/p><p class=\"mb-0\" style=\"font-size: .85rem\"><strong title=\"Fecha de Publicaci\u00f3n\"><i class=\"fas fa-calendar-alt\"><\/i><\/strong> Publicado el martes, 16 de septiembre de 2025<\/p><\/div><div class=\"col-auto mt-md-0 mt-2\"><a class=\"btn btn-primary btn-lg px-lg-4 d-none d-md-block\" href=\"https:\/\/comunidad.comprasdominicana.gob.do\/\/Public\/Tendering\/OpportunityDetail\/Index?noticeUID=DO1.NTC.1607726\" target=\"_blank\" title=\"Detalles\"><i class=\"fas fa-link\"><\/i> DETALLES<\/a><a class=\"btn btn-primary btn-lg px-lg-4 d-block d-md-none\" href=\"https:\/\/comunidad.comprasdominicana.gob.do\/\/Public\/Tendering\/OpportunityDetail\/Index?noticeUID=DO1.NTC.1607726\" target=\"_blank\" title=\"Detalles\"><i class=\"fas fa-2x fa-link\"><\/i><\/a><\/div><\/div><\/div><div class=\"jumbotron archivos\"><div class=\"row align-items-center\"><div class=\"col\"><h6><a class=\"text-dark\" href=\"https:\/\/comunidad.comprasdominicana.gob.do\/\/Public\/Tendering\/OpportunityDetail\/Index?noticeUID=DO1.NTC.1604345\" title=\"Ver\" target=\"_blank\">INESPRE-DAF-CM-2025-0045<\/a><\/h6><p class=\"mb-0 bold\">Contrataci\u00f3n del Servicio de Alquiler de Impresoras Multifuncionales en diferentes \u00e1reas del INESPRE, por un periodo de seis (6) meses. (Compras Verdes)<\/p><p class=\"mb-0\" style=\"font-size: .85rem\"><strong title=\"Estado del Proceso\"><i class=\"fas fa-spinner\"><\/i><\/strong> Proceso adjudicado y celebrado<\/p><p class=\"mb-0\" style=\"font-size: .85rem\"><strong title=\"Fecha de Publicaci\u00f3n\"><i class=\"fas fa-calendar-alt\"><\/i><\/strong> Publicado el martes, 9 de septiembre de 2025<\/p><\/div><div class=\"col-auto mt-md-0 mt-2\"><a class=\"btn btn-primary btn-lg px-lg-4 d-none d-md-block\" href=\"https:\/\/comunidad.comprasdominicana.gob.do\/\/Public\/Tendering\/OpportunityDetail\/Index?noticeUID=DO1.NTC.1604345\" target=\"_blank\" title=\"Detalles\"><i class=\"fas fa-link\"><\/i> DETALLES<\/a><a class=\"btn btn-primary btn-lg px-lg-4 d-block d-md-none\" href=\"https:\/\/comunidad.comprasdominicana.gob.do\/\/Public\/Tendering\/OpportunityDetail\/Index?noticeUID=DO1.NTC.1604345\" target=\"_blank\" title=\"Detalles\"><i class=\"fas fa-2x fa-link\"><\/i><\/a><\/div><\/div><\/div><div class=\"jumbotron archivos\"><div class=\"row align-items-center\"><div class=\"col\"><h6><a class=\"text-dark\" href=\"https:\/\/comunidad.comprasdominicana.gob.do\/\/Public\/Tendering\/OpportunityDetail\/Index?noticeUID=DO1.NTC.1603048\" title=\"Ver\" target=\"_blank\">INESPRE-DAF-CM-2025-0044<\/a><\/h6><p class=\"mb-0 bold\">Servicio de Alquiler de seis (06) Camiones abierto de 3.4 toneladas cama larga para ser utilizados a nivel nacional en las funciones del INESPRE.<\/p><p class=\"mb-0\" style=\"font-size: .85rem\"><strong title=\"Estado del Proceso\"><i class=\"fas fa-spinner\"><\/i><\/strong> Proceso desierto<\/p><p class=\"mb-0\" style=\"font-size: .85rem\"><strong title=\"Fecha de Publicaci\u00f3n\"><i class=\"fas fa-calendar-alt\"><\/i><\/strong> Publicado el viernes, 5 de septiembre de 2025<\/p><\/div><div class=\"col-auto mt-md-0 mt-2\"><a class=\"btn btn-primary btn-lg px-lg-4 d-none d-md-block\" href=\"https:\/\/comunidad.comprasdominicana.gob.do\/\/Public\/Tendering\/OpportunityDetail\/Index?noticeUID=DO1.NTC.1603048\" target=\"_blank\" title=\"Detalles\"><i class=\"fas fa-link\"><\/i> DETALLES<\/a><a class=\"btn btn-primary btn-lg px-lg-4 d-block d-md-none\" href=\"https:\/\/comunidad.comprasdominicana.gob.do\/\/Public\/Tendering\/OpportunityDetail\/Index?noticeUID=DO1.NTC.1603048\" target=\"_blank\" title=\"Detalles\"><i class=\"fas fa-2x fa-link\"><\/i><\/a><\/div><\/div><\/div><div class=\"jumbotron archivos\"><div class=\"row align-items-center\"><div class=\"col\"><h6><a class=\"text-dark\" href=\"https:\/\/comunidad.comprasdominicana.gob.do\/\/Public\/Tendering\/OpportunityDetail\/Index?noticeUID=DO1.NTC.1601537\" title=\"Ver\" target=\"_blank\">INESPRE-DAF-CM-2025-0042<\/a><\/h6><p class=\"mb-0 bold\">Adquisici\u00f3n de Fundas Transparente de Baja Densidad Impresas con Logo Institucional para Uso de Empaque en Direcci\u00f3n de Abastecimiento, Log\u00edstica y Distribuci\u00f3n del INESPRE<\/p><p class=\"mb-0\" style=\"font-size: .85rem\"><strong title=\"Estado del Proceso\"><i class=\"fas fa-spinner\"><\/i><\/strong> Proceso adjudicado y celebrado<\/p><p class=\"mb-0\" style=\"font-size: .85rem\"><strong title=\"Fecha de Publicaci\u00f3n\"><i class=\"fas fa-calendar-alt\"><\/i><\/strong> Publicado el martes, 2 de septiembre de 2025<\/p><\/div><div class=\"col-auto mt-md-0 mt-2\"><a class=\"btn btn-primary btn-lg px-lg-4 d-none d-md-block\" href=\"https:\/\/comunidad.comprasdominicana.gob.do\/\/Public\/Tendering\/OpportunityDetail\/Index?noticeUID=DO1.NTC.1601537\" target=\"_blank\" title=\"Detalles\"><i class=\"fas fa-link\"><\/i> DETALLES<\/a><a class=\"btn btn-primary btn-lg px-lg-4 d-block d-md-none\" href=\"https:\/\/comunidad.comprasdominicana.gob.do\/\/Public\/Tendering\/OpportunityDetail\/Index?noticeUID=DO1.NTC.1601537\" target=\"_blank\" title=\"Detalles\"><i class=\"fas fa-2x fa-link\"><\/i><\/a><\/div><\/div><\/div><div class=\"jumbotron archivos\"><div class=\"row align-items-center\"><div class=\"col\"><h6><a class=\"text-dark\" href=\"https:\/\/comunidad.comprasdominicana.gob.do\/\/Public\/Tendering\/OpportunityDetail\/Index?noticeUID=DO1.NTC.1601536\" title=\"Ver\" target=\"_blank\">INESPRE-DAF-CM-2025-0043<\/a><\/h6><p class=\"mb-0 bold\">Adquisici\u00f3n de materiales de herrer\u00eda para ser utilizados en las diferentes areas de la Instituci\u00f3n a Nivel General.<\/p><p class=\"mb-0\" style=\"font-size: .85rem\"><strong title=\"Estado del Proceso\"><i class=\"fas fa-spinner\"><\/i><\/strong> Proceso adjudicado y celebrado<\/p><p class=\"mb-0\" style=\"font-size: .85rem\"><strong title=\"Fecha de Publicaci\u00f3n\"><i class=\"fas fa-calendar-alt\"><\/i><\/strong> Publicado el martes, 2 de septiembre de 2025<\/p><\/div><div class=\"col-auto mt-md-0 mt-2\"><a class=\"btn btn-primary btn-lg px-lg-4 d-none d-md-block\" href=\"https:\/\/comunidad.comprasdominicana.gob.do\/\/Public\/Tendering\/OpportunityDetail\/Index?noticeUID=DO1.NTC.1601536\" target=\"_blank\" title=\"Detalles\"><i class=\"fas fa-link\"><\/i> DETALLES<\/a><a class=\"btn btn-primary btn-lg px-lg-4 d-block d-md-none\" href=\"https:\/\/comunidad.comprasdominicana.gob.do\/\/Public\/Tendering\/OpportunityDetail\/Index?noticeUID=DO1.NTC.1601536\" target=\"_blank\" title=\"Detalles\"><i class=\"fas fa-2x fa-link\"><\/i><\/a><\/div><\/div><\/div><\/div><\/div><\/div>\n        <div class=\"card\">\n            <div class=\"card-header parents\" id=\"heading_compras-menores-69f73f7454400-2025-69f73f7454400-agosto-69f73f7454400\">\n                <p class=\"title text-blue mb-0\">\n                    <a class=\"btn-block hover text-left collapsed\" data-toggle=\"collapse\" data-target=\"#collap_compras-menores-69f73f7454400-2025-69f73f7454400-agosto-69f73f7454400\" aria-expanded=\"false\" aria-controls=\"collap_compras-menores-69f73f7454400-2025-69f73f7454400-agosto-69f73f7454400\">Agosto<\/a>\n                <\/p>\n            <\/div>\n            <div id=\"collap_compras-menores-69f73f7454400-2025-69f73f7454400-agosto-69f73f7454400\" class=\"collapse\" aria-labelledby=\"heading_compras-menores-69f73f7454400-2025-69f73f7454400-agosto-69f73f7454400\" data-parent=\"#collap_compras-menores-69f73f7454400-2025-69f73f7454400\">\n                <div class=\"card-body\"><div class=\"jumbotron archivos\"><div class=\"row align-items-center\"><div class=\"col\"><h6><a class=\"text-dark\" href=\"https:\/\/comunidad.comprasdominicana.gob.do\/\/Public\/Tendering\/OpportunityDetail\/Index?noticeUID=DO1.NTC.1599417\" title=\"Ver\" target=\"_blank\">INESPRE-DAF-CM-2025-0041<\/a><\/h6><p class=\"mb-0 bold\">Adquisici\u00f3n de Sacos de Polipropileno, Cajas Agr\u00edcola Calada y Cartones para transportar huevos para ser ultilizado en la Direcci\u00f3n de Abastecimiento, Log\u00edstica y Distribuci\u00f3n en INESPRE Herrera<\/p><p class=\"mb-0\" style=\"font-size: .85rem\"><strong title=\"Estado del Proceso\"><i class=\"fas fa-spinner\"><\/i><\/strong> Proceso adjudicado y celebrado<\/p><p class=\"mb-0\" style=\"font-size: .85rem\"><strong title=\"Fecha de Publicaci\u00f3n\"><i class=\"fas fa-calendar-alt\"><\/i><\/strong> Publicado el jueves, 28 de agosto de 2025<\/p><\/div><div class=\"col-auto mt-md-0 mt-2\"><a class=\"btn btn-primary btn-lg px-lg-4 d-none d-md-block\" href=\"https:\/\/comunidad.comprasdominicana.gob.do\/\/Public\/Tendering\/OpportunityDetail\/Index?noticeUID=DO1.NTC.1599417\" target=\"_blank\" title=\"Detalles\"><i class=\"fas fa-link\"><\/i> DETALLES<\/a><a class=\"btn btn-primary btn-lg px-lg-4 d-block d-md-none\" href=\"https:\/\/comunidad.comprasdominicana.gob.do\/\/Public\/Tendering\/OpportunityDetail\/Index?noticeUID=DO1.NTC.1599417\" target=\"_blank\" title=\"Detalles\"><i class=\"fas fa-2x fa-link\"><\/i><\/a><\/div><\/div><\/div><div class=\"jumbotron archivos\"><div class=\"row align-items-center\"><div class=\"col\"><h6><a class=\"text-dark\" href=\"https:\/\/comunidad.comprasdominicana.gob.do\/\/Public\/Tendering\/OpportunityDetail\/Index?noticeUID=DO1.NTC.1596850\" title=\"Ver\" target=\"_blank\">INESPRE-DAF-CM-2025-0038<\/a><\/h6><p class=\"mb-0 bold\">Servicio de alquiler de tres (03) camiones refrigerados para ser utilizados en los programas (ferias y mercados de productores) del INESPRE<\/p><p class=\"mb-0\" style=\"font-size: .85rem\"><strong title=\"Estado del Proceso\"><i class=\"fas fa-spinner\"><\/i><\/strong> Proceso adjudicado y celebrado<\/p><p class=\"mb-0\" style=\"font-size: .85rem\"><strong title=\"Fecha de Publicaci\u00f3n\"><i class=\"fas fa-calendar-alt\"><\/i><\/strong> Publicado el viernes, 22 de agosto de 2025<\/p><\/div><div class=\"col-auto mt-md-0 mt-2\"><a class=\"btn btn-primary btn-lg px-lg-4 d-none d-md-block\" href=\"https:\/\/comunidad.comprasdominicana.gob.do\/\/Public\/Tendering\/OpportunityDetail\/Index?noticeUID=DO1.NTC.1596850\" target=\"_blank\" title=\"Detalles\"><i class=\"fas fa-link\"><\/i> DETALLES<\/a><a class=\"btn btn-primary btn-lg px-lg-4 d-block d-md-none\" href=\"https:\/\/comunidad.comprasdominicana.gob.do\/\/Public\/Tendering\/OpportunityDetail\/Index?noticeUID=DO1.NTC.1596850\" target=\"_blank\" title=\"Detalles\"><i class=\"fas fa-2x fa-link\"><\/i><\/a><\/div><\/div><\/div><div class=\"jumbotron archivos\"><div class=\"row align-items-center\"><div class=\"col\"><h6><a class=\"text-dark\" href=\"https:\/\/comunidad.comprasdominicana.gob.do\/\/Public\/Tendering\/OpportunityDetail\/Index?noticeUID=DO1.NTC.1594228\" title=\"Ver\" target=\"_blank\">INESPRE-DAF-CM-2025-0037<\/a><\/h6><p class=\"mb-0 bold\">Adquisici\u00f3n de suministros de herrer\u00eda para ser utilizados por el \u00e1rea de la Instituci\u00f3n a nivel nacional<\/p><p class=\"mb-0\" style=\"font-size: .85rem\"><strong title=\"Estado del Proceso\"><i class=\"fas fa-spinner\"><\/i><\/strong> Proceso desierto<\/p><p class=\"mb-0\" style=\"font-size: .85rem\"><strong title=\"Fecha de Publicaci\u00f3n\"><i class=\"fas fa-calendar-alt\"><\/i><\/strong> Publicado el viernes, 15 de agosto de 2025<\/p><\/div><div class=\"col-auto mt-md-0 mt-2\"><a class=\"btn btn-primary btn-lg px-lg-4 d-none d-md-block\" href=\"https:\/\/comunidad.comprasdominicana.gob.do\/\/Public\/Tendering\/OpportunityDetail\/Index?noticeUID=DO1.NTC.1594228\" target=\"_blank\" title=\"Detalles\"><i class=\"fas fa-link\"><\/i> DETALLES<\/a><a class=\"btn btn-primary btn-lg px-lg-4 d-block d-md-none\" href=\"https:\/\/comunidad.comprasdominicana.gob.do\/\/Public\/Tendering\/OpportunityDetail\/Index?noticeUID=DO1.NTC.1594228\" target=\"_blank\" title=\"Detalles\"><i class=\"fas fa-2x fa-link\"><\/i><\/a><\/div><\/div><\/div><div class=\"jumbotron archivos\"><div class=\"row align-items-center\"><div class=\"col\"><h6><a class=\"text-dark\" href=\"https:\/\/comunidad.comprasdominicana.gob.do\/\/Public\/Tendering\/OpportunityDetail\/Index?noticeUID=DO1.NTC.1594025\" title=\"Ver\" target=\"_blank\">INESPRE-DAF-CM-2025-0036<\/a><\/h6><p class=\"mb-0 bold\">Servicio de Reparaci\u00f3n de dos (02) Maquinas de Empaque (Arroz y Habichuela) para ser utilizadas en la Direcci\u00f3n de Abastecimiento, Log\u00edstica y Distribuci\u00f3n de INESPRE<\/p><p class=\"mb-0\" style=\"font-size: .85rem\"><strong title=\"Estado del Proceso\"><i class=\"fas fa-spinner\"><\/i><\/strong> Proceso adjudicado y celebrado<\/p><p class=\"mb-0\" style=\"font-size: .85rem\"><strong title=\"Fecha de Publicaci\u00f3n\"><i class=\"fas fa-calendar-alt\"><\/i><\/strong> Publicado el viernes, 15 de agosto de 2025<\/p><\/div><div class=\"col-auto mt-md-0 mt-2\"><a class=\"btn btn-primary btn-lg px-lg-4 d-none d-md-block\" href=\"https:\/\/comunidad.comprasdominicana.gob.do\/\/Public\/Tendering\/OpportunityDetail\/Index?noticeUID=DO1.NTC.1594025\" target=\"_blank\" title=\"Detalles\"><i class=\"fas fa-link\"><\/i> DETALLES<\/a><a class=\"btn btn-primary btn-lg px-lg-4 d-block d-md-none\" href=\"https:\/\/comunidad.comprasdominicana.gob.do\/\/Public\/Tendering\/OpportunityDetail\/Index?noticeUID=DO1.NTC.1594025\" target=\"_blank\" title=\"Detalles\"><i class=\"fas fa-2x fa-link\"><\/i><\/a><\/div><\/div><\/div><\/div><\/div><\/div>\n        <div class=\"card\">\n            <div class=\"card-header parents\" id=\"heading_compras-menores-69f73f7454400-2025-69f73f7454400-julio-69f73f7454400\">\n                <p class=\"title text-blue mb-0\">\n                    <a class=\"btn-block hover text-left collapsed\" data-toggle=\"collapse\" data-target=\"#collap_compras-menores-69f73f7454400-2025-69f73f7454400-julio-69f73f7454400\" aria-expanded=\"false\" aria-controls=\"collap_compras-menores-69f73f7454400-2025-69f73f7454400-julio-69f73f7454400\">Julio<\/a>\n                <\/p>\n            <\/div>\n            <div id=\"collap_compras-menores-69f73f7454400-2025-69f73f7454400-julio-69f73f7454400\" class=\"collapse\" aria-labelledby=\"heading_compras-menores-69f73f7454400-2025-69f73f7454400-julio-69f73f7454400\" data-parent=\"#collap_compras-menores-69f73f7454400-2025-69f73f7454400\">\n                <div class=\"card-body\"><div class=\"jumbotron archivos\"><div class=\"row align-items-center\"><div class=\"col\"><h6><a class=\"text-dark\" href=\"https:\/\/comunidad.comprasdominicana.gob.do\/\/Public\/Tendering\/OpportunityDetail\/Index?noticeUID=DO1.NTC.1584222\" title=\"Ver\" target=\"_blank\">INESPRE-DAF-CM-2025-0034<\/a><\/h6><p class=\"mb-0 bold\">Adquisici\u00f3n de Gato Hidr\u00e1ulico, Soga de Nylon, Neum\u00e1ticos, Terminales de Gu\u00eda Para Camioneta para Flotilla Vehicular del INESPRE.<\/p><p class=\"mb-0\" style=\"font-size: .85rem\"><strong title=\"Estado del Proceso\"><i class=\"fas fa-spinner\"><\/i><\/strong> Proceso adjudicado y celebrado<\/p><p class=\"mb-0\" style=\"font-size: .85rem\"><strong title=\"Fecha de Publicaci\u00f3n\"><i class=\"fas fa-calendar-alt\"><\/i><\/strong> Publicado el viernes, 25 de julio de 2025<\/p><\/div><div class=\"col-auto mt-md-0 mt-2\"><a class=\"btn btn-primary btn-lg px-lg-4 d-none d-md-block\" href=\"https:\/\/comunidad.comprasdominicana.gob.do\/\/Public\/Tendering\/OpportunityDetail\/Index?noticeUID=DO1.NTC.1584222\" target=\"_blank\" title=\"Detalles\"><i class=\"fas fa-link\"><\/i> DETALLES<\/a><a class=\"btn btn-primary btn-lg px-lg-4 d-block d-md-none\" href=\"https:\/\/comunidad.comprasdominicana.gob.do\/\/Public\/Tendering\/OpportunityDetail\/Index?noticeUID=DO1.NTC.1584222\" target=\"_blank\" title=\"Detalles\"><i class=\"fas fa-2x fa-link\"><\/i><\/a><\/div><\/div><\/div><div class=\"jumbotron archivos\"><div class=\"row align-items-center\"><div class=\"col\"><h6><a class=\"text-dark\" href=\"https:\/\/comunidad.comprasdominicana.gob.do\/\/Public\/Tendering\/OpportunityDetail\/Index?noticeUID=DO1.NTC.1581456\" title=\"Ver\" target=\"_blank\">INESPRE-DAF-CM-2025-0033<\/a><\/h6><p class=\"mb-0 bold\">Adquisici\u00f3n de Vasos T\u00e9rmicos Impresos con  Logo Institucional para el d\u00eda de los Padres  del INESPRE.<\/p><p class=\"mb-0\" style=\"font-size: .85rem\"><strong title=\"Estado del Proceso\"><i class=\"fas fa-spinner\"><\/i><\/strong> Proceso adjudicado y celebrado<\/p><p class=\"mb-0\" style=\"font-size: .85rem\"><strong title=\"Fecha de Publicaci\u00f3n\"><i class=\"fas fa-calendar-alt\"><\/i><\/strong> Publicado el viernes, 18 de julio de 2025<\/p><\/div><div class=\"col-auto mt-md-0 mt-2\"><a class=\"btn btn-primary btn-lg px-lg-4 d-none d-md-block\" href=\"https:\/\/comunidad.comprasdominicana.gob.do\/\/Public\/Tendering\/OpportunityDetail\/Index?noticeUID=DO1.NTC.1581456\" target=\"_blank\" title=\"Detalles\"><i class=\"fas fa-link\"><\/i> DETALLES<\/a><a class=\"btn btn-primary btn-lg px-lg-4 d-block d-md-none\" href=\"https:\/\/comunidad.comprasdominicana.gob.do\/\/Public\/Tendering\/OpportunityDetail\/Index?noticeUID=DO1.NTC.1581456\" target=\"_blank\" title=\"Detalles\"><i class=\"fas fa-2x fa-link\"><\/i><\/a><\/div><\/div><\/div><\/div><\/div><\/div>\n        <div class=\"card\">\n            <div class=\"card-header parents\" id=\"heading_compras-menores-69f73f7454400-2025-69f73f7454400-junio-69f73f7454400\">\n                <p class=\"title text-blue mb-0\">\n                    <a class=\"btn-block hover text-left collapsed\" data-toggle=\"collapse\" data-target=\"#collap_compras-menores-69f73f7454400-2025-69f73f7454400-junio-69f73f7454400\" aria-expanded=\"false\" aria-controls=\"collap_compras-menores-69f73f7454400-2025-69f73f7454400-junio-69f73f7454400\">Junio<\/a>\n                <\/p>\n            <\/div>\n            <div id=\"collap_compras-menores-69f73f7454400-2025-69f73f7454400-junio-69f73f7454400\" class=\"collapse\" aria-labelledby=\"heading_compras-menores-69f73f7454400-2025-69f73f7454400-junio-69f73f7454400\" data-parent=\"#collap_compras-menores-69f73f7454400-2025-69f73f7454400\">\n                <div class=\"card-body\"><div class=\"jumbotron archivos\"><div class=\"row align-items-center\"><div class=\"col\"><h6><a class=\"text-dark\" href=\"https:\/\/comunidad.comprasdominicana.gob.do\/\/Public\/Tendering\/OpportunityDetail\/Index?noticeUID=DO1.NTC.1572651\" title=\"Ver\" target=\"_blank\">INESPRE-DAF-CM-2025-0032<\/a><\/h6><p class=\"mb-0 bold\">Adquisici\u00f3n de Equipos y Utensilios de Laboratorio en los SILOS.             <\/p><p class=\"mb-0\" style=\"font-size: .85rem\"><strong title=\"Estado del Proceso\"><i class=\"fas fa-spinner\"><\/i><\/strong> Proceso adjudicado y celebrado<\/p><p class=\"mb-0\" style=\"font-size: .85rem\"><strong title=\"Fecha de Publicaci\u00f3n\"><i class=\"fas fa-calendar-alt\"><\/i><\/strong> Publicado el lunes, 30 de junio de 2025<\/p><\/div><div class=\"col-auto mt-md-0 mt-2\"><a class=\"btn btn-primary btn-lg px-lg-4 d-none d-md-block\" href=\"https:\/\/comunidad.comprasdominicana.gob.do\/\/Public\/Tendering\/OpportunityDetail\/Index?noticeUID=DO1.NTC.1572651\" target=\"_blank\" title=\"Detalles\"><i class=\"fas fa-link\"><\/i> DETALLES<\/a><a class=\"btn btn-primary btn-lg px-lg-4 d-block d-md-none\" href=\"https:\/\/comunidad.comprasdominicana.gob.do\/\/Public\/Tendering\/OpportunityDetail\/Index?noticeUID=DO1.NTC.1572651\" target=\"_blank\" title=\"Detalles\"><i class=\"fas fa-2x fa-link\"><\/i><\/a><\/div><\/div><\/div><div class=\"jumbotron archivos\"><div class=\"row align-items-center\"><div class=\"col\"><h6><a class=\"text-dark\" href=\"https:\/\/comunidad.comprasdominicana.gob.do\/\/Public\/Tendering\/OpportunityDetail\/Index?noticeUID=DO1.NTC.1571846\" title=\"Ver\" target=\"_blank\">INESPRE-DAF-CM-2025-0031<\/a><\/h6><p class=\"mb-0 bold\">SERVICIO DE ROTULACION DE CAMIONES  DEL INESPRE .<\/p><p class=\"mb-0\" style=\"font-size: .85rem\"><strong title=\"Estado del Proceso\"><i class=\"fas fa-spinner\"><\/i><\/strong> Proceso adjudicado y celebrado<\/p><p class=\"mb-0\" style=\"font-size: .85rem\"><strong title=\"Fecha de Publicaci\u00f3n\"><i class=\"fas fa-calendar-alt\"><\/i><\/strong> Publicado el viernes, 27 de junio de 2025<\/p><\/div><div class=\"col-auto mt-md-0 mt-2\"><a class=\"btn btn-primary btn-lg px-lg-4 d-none d-md-block\" href=\"https:\/\/comunidad.comprasdominicana.gob.do\/\/Public\/Tendering\/OpportunityDetail\/Index?noticeUID=DO1.NTC.1571846\" target=\"_blank\" title=\"Detalles\"><i class=\"fas fa-link\"><\/i> DETALLES<\/a><a class=\"btn btn-primary btn-lg px-lg-4 d-block d-md-none\" href=\"https:\/\/comunidad.comprasdominicana.gob.do\/\/Public\/Tendering\/OpportunityDetail\/Index?noticeUID=DO1.NTC.1571846\" target=\"_blank\" title=\"Detalles\"><i class=\"fas fa-2x fa-link\"><\/i><\/a><\/div><\/div><\/div><div class=\"jumbotron archivos\"><div class=\"row align-items-center\"><div class=\"col\"><h6><a class=\"text-dark\" href=\"https:\/\/comunidad.comprasdominicana.gob.do\/\/Public\/Tendering\/OpportunityDetail\/Index?noticeUID=DO1.NTC.1570312\" title=\"Ver\" target=\"_blank\">INESPRE-DAF-CM-2025-0030<\/a><\/h6><p class=\"mb-0 bold\">Adquisici\u00f3n y Suministro de Transformador   para ser instalado en la Direcci\u00f3n de Normas de la Tecnolog\u00eda Alimentaria (Los Silos) INESPRE.<\/p><p class=\"mb-0\" style=\"font-size: .85rem\"><strong title=\"Estado del Proceso\"><i class=\"fas fa-spinner\"><\/i><\/strong> Proceso adjudicado y celebrado<\/p><p class=\"mb-0\" style=\"font-size: .85rem\"><strong title=\"Fecha de Publicaci\u00f3n\"><i class=\"fas fa-calendar-alt\"><\/i><\/strong> Publicado el martes, 24 de junio de 2025<\/p><\/div><div class=\"col-auto mt-md-0 mt-2\"><a class=\"btn btn-primary btn-lg px-lg-4 d-none d-md-block\" href=\"https:\/\/comunidad.comprasdominicana.gob.do\/\/Public\/Tendering\/OpportunityDetail\/Index?noticeUID=DO1.NTC.1570312\" target=\"_blank\" title=\"Detalles\"><i class=\"fas fa-link\"><\/i> DETALLES<\/a><a class=\"btn btn-primary btn-lg px-lg-4 d-block d-md-none\" href=\"https:\/\/comunidad.comprasdominicana.gob.do\/\/Public\/Tendering\/OpportunityDetail\/Index?noticeUID=DO1.NTC.1570312\" target=\"_blank\" title=\"Detalles\"><i class=\"fas fa-2x fa-link\"><\/i><\/a><\/div><\/div><\/div><div class=\"jumbotron archivos\"><div class=\"row align-items-center\"><div class=\"col\"><h6><a class=\"text-dark\" href=\"https:\/\/comunidad.comprasdominicana.gob.do\/\/Public\/Tendering\/OpportunityDetail\/Index?noticeUID=DO1.NTC.1565763\" title=\"Ver\" target=\"_blank\">INESPRE-DAF-CM-2025-0027<\/a><\/h6><p class=\"mb-0 bold\">Adquisici\u00f3n de  Repuestos para el Mantenimiento y Reparaci\u00f3n  de la Flotilla Vehicular del INESPRE.<\/p><p class=\"mb-0\" style=\"font-size: .85rem\"><strong title=\"Estado del Proceso\"><i class=\"fas fa-spinner\"><\/i><\/strong> Proceso adjudicado y celebrado<\/p><p class=\"mb-0\" style=\"font-size: .85rem\"><strong title=\"Fecha de Publicaci\u00f3n\"><i class=\"fas fa-calendar-alt\"><\/i><\/strong> Publicado el jueves, 12 de junio de 2025<\/p><\/div><div class=\"col-auto mt-md-0 mt-2\"><a class=\"btn btn-primary btn-lg px-lg-4 d-none d-md-block\" href=\"https:\/\/comunidad.comprasdominicana.gob.do\/\/Public\/Tendering\/OpportunityDetail\/Index?noticeUID=DO1.NTC.1565763\" target=\"_blank\" title=\"Detalles\"><i class=\"fas fa-link\"><\/i> DETALLES<\/a><a class=\"btn btn-primary btn-lg px-lg-4 d-block d-md-none\" href=\"https:\/\/comunidad.comprasdominicana.gob.do\/\/Public\/Tendering\/OpportunityDetail\/Index?noticeUID=DO1.NTC.1565763\" target=\"_blank\" title=\"Detalles\"><i class=\"fas fa-2x fa-link\"><\/i><\/a><\/div><\/div><\/div><div class=\"jumbotron archivos\"><div class=\"row align-items-center\"><div class=\"col\"><h6><a class=\"text-dark\" href=\"https:\/\/comunidad.comprasdominicana.gob.do\/\/Public\/Tendering\/OpportunityDetail\/Index?noticeUID=DO1.NTC.1565807\" title=\"Ver\" target=\"_blank\">INESPRE-DAF-CM-2025-0012<\/a><\/h6><p class=\"mb-0 bold\">Adquisici\u00f3n aires acondicionados y accesorios, dirgido a Mipymes (Compras Verdes)<\/p><p class=\"mb-0\" style=\"font-size: .85rem\"><strong title=\"Estado del Proceso\"><i class=\"fas fa-spinner\"><\/i><\/strong> Proceso adjudicado y celebrado<\/p><p class=\"mb-0\" style=\"font-size: .85rem\"><strong title=\"Fecha de Publicaci\u00f3n\"><i class=\"fas fa-calendar-alt\"><\/i><\/strong> Publicado el jueves, 12 de junio de 2025<\/p><\/div><div class=\"col-auto mt-md-0 mt-2\"><a class=\"btn btn-primary btn-lg px-lg-4 d-none d-md-block\" href=\"https:\/\/comunidad.comprasdominicana.gob.do\/\/Public\/Tendering\/OpportunityDetail\/Index?noticeUID=DO1.NTC.1565807\" target=\"_blank\" title=\"Detalles\"><i class=\"fas fa-link\"><\/i> DETALLES<\/a><a class=\"btn btn-primary btn-lg px-lg-4 d-block d-md-none\" href=\"https:\/\/comunidad.comprasdominicana.gob.do\/\/Public\/Tendering\/OpportunityDetail\/Index?noticeUID=DO1.NTC.1565807\" target=\"_blank\" title=\"Detalles\"><i class=\"fas fa-2x fa-link\"><\/i><\/a><\/div><\/div><\/div><div class=\"jumbotron archivos\"><div class=\"row align-items-center\"><div class=\"col\"><h6><a class=\"text-dark\" href=\"https:\/\/comunidad.comprasdominicana.gob.do\/\/Public\/Tendering\/OpportunityDetail\/Index?noticeUID=DO1.NTC.1562843\" title=\"Ver\" target=\"_blank\">INESPRE-DAF-CM-2025-0013<\/a><\/h6><p class=\"mb-0 bold\">Adquisici\u00f3n de licencias de antivirus, mantenimiento y renovaci\u00f3n del Ecosistema Hiperconvergente servidores.<\/p><p class=\"mb-0\" style=\"font-size: .85rem\"><strong title=\"Estado del Proceso\"><i class=\"fas fa-spinner\"><\/i><\/strong> Proceso adjudicado y celebrado<\/p><p class=\"mb-0\" style=\"font-size: .85rem\"><strong title=\"Fecha de Publicaci\u00f3n\"><i class=\"fas fa-calendar-alt\"><\/i><\/strong> Publicado el jueves, 5 de junio de 2025<\/p><\/div><div class=\"col-auto mt-md-0 mt-2\"><a class=\"btn btn-primary btn-lg px-lg-4 d-none d-md-block\" href=\"https:\/\/comunidad.comprasdominicana.gob.do\/\/Public\/Tendering\/OpportunityDetail\/Index?noticeUID=DO1.NTC.1562843\" target=\"_blank\" title=\"Detalles\"><i class=\"fas fa-link\"><\/i> DETALLES<\/a><a class=\"btn btn-primary btn-lg px-lg-4 d-block d-md-none\" href=\"https:\/\/comunidad.comprasdominicana.gob.do\/\/Public\/Tendering\/OpportunityDetail\/Index?noticeUID=DO1.NTC.1562843\" target=\"_blank\" title=\"Detalles\"><i class=\"fas fa-2x fa-link\"><\/i><\/a><\/div><\/div><\/div><\/div><\/div><\/div>\n        <div class=\"card\">\n            <div class=\"card-header parents\" id=\"heading_compras-menores-69f73f7454400-2025-69f73f7454400-mayo-69f73f7454400\">\n                <p class=\"title text-blue mb-0\">\n                    <a class=\"btn-block hover text-left collapsed\" data-toggle=\"collapse\" data-target=\"#collap_compras-menores-69f73f7454400-2025-69f73f7454400-mayo-69f73f7454400\" aria-expanded=\"false\" aria-controls=\"collap_compras-menores-69f73f7454400-2025-69f73f7454400-mayo-69f73f7454400\">Mayo<\/a>\n                <\/p>\n            <\/div>\n            <div id=\"collap_compras-menores-69f73f7454400-2025-69f73f7454400-mayo-69f73f7454400\" class=\"collapse\" aria-labelledby=\"heading_compras-menores-69f73f7454400-2025-69f73f7454400-mayo-69f73f7454400\" data-parent=\"#collap_compras-menores-69f73f7454400-2025-69f73f7454400\">\n                <div class=\"card-body\"><div class=\"jumbotron archivos\"><div class=\"row align-items-center\"><div class=\"col\"><h6><a class=\"text-dark\" href=\"https:\/\/comunidad.comprasdominicana.gob.do\/\/Public\/Tendering\/OpportunityDetail\/Index?noticeUID=DO1.NTC.1560332\" title=\"Ver\" target=\"_blank\">INESPRE-DAF-CM-2025-0028<\/a><\/h6><p class=\"mb-0 bold\">Contrataci\u00f3n de Servicios de alquiler de Camiones 3.4 Toneladas para ser utilizados en la distribuci\u00f3n de Banano a Nivel Nacional. <\/p><p class=\"mb-0\" style=\"font-size: .85rem\"><strong title=\"Estado del Proceso\"><i class=\"fas fa-spinner\"><\/i><\/strong> Proceso adjudicado y celebrado<\/p><p class=\"mb-0\" style=\"font-size: .85rem\"><strong title=\"Fecha de Publicaci\u00f3n\"><i class=\"fas fa-calendar-alt\"><\/i><\/strong> Publicado el viernes, 30 de mayo de 2025<\/p><\/div><div class=\"col-auto mt-md-0 mt-2\"><a class=\"btn btn-primary btn-lg px-lg-4 d-none d-md-block\" href=\"https:\/\/comunidad.comprasdominicana.gob.do\/\/Public\/Tendering\/OpportunityDetail\/Index?noticeUID=DO1.NTC.1560332\" target=\"_blank\" title=\"Detalles\"><i class=\"fas fa-link\"><\/i> DETALLES<\/a><a class=\"btn btn-primary btn-lg px-lg-4 d-block d-md-none\" href=\"https:\/\/comunidad.comprasdominicana.gob.do\/\/Public\/Tendering\/OpportunityDetail\/Index?noticeUID=DO1.NTC.1560332\" target=\"_blank\" title=\"Detalles\"><i class=\"fas fa-2x fa-link\"><\/i><\/a><\/div><\/div><\/div><div class=\"jumbotron archivos\"><div class=\"row align-items-center\"><div class=\"col\"><h6><a class=\"text-dark\" href=\"https:\/\/comunidad.comprasdominicana.gob.do\/\/Public\/Tendering\/OpportunityDetail\/Index?noticeUID=DO1.NTC.1559635\" title=\"Ver\" target=\"_blank\">INESPRE-DAF-CM-2025-0016<\/a><\/h6><p class=\"mb-0 bold\">Adquisici\u00f3n y Suministro de materiales El\u00e9ctricos  para ser usado en las diferentes areas  a \nnivel General del INESPRE.<\/p><p class=\"mb-0\" style=\"font-size: .85rem\"><strong title=\"Estado del Proceso\"><i class=\"fas fa-spinner\"><\/i><\/strong> Proceso adjudicado y celebrado<\/p><p class=\"mb-0\" style=\"font-size: .85rem\"><strong title=\"Fecha de Publicaci\u00f3n\"><i class=\"fas fa-calendar-alt\"><\/i><\/strong> Publicado el jueves, 29 de mayo de 2025<\/p><\/div><div class=\"col-auto mt-md-0 mt-2\"><a class=\"btn btn-primary btn-lg px-lg-4 d-none d-md-block\" href=\"https:\/\/comunidad.comprasdominicana.gob.do\/\/Public\/Tendering\/OpportunityDetail\/Index?noticeUID=DO1.NTC.1559635\" target=\"_blank\" title=\"Detalles\"><i class=\"fas fa-link\"><\/i> DETALLES<\/a><a class=\"btn btn-primary btn-lg px-lg-4 d-block d-md-none\" href=\"https:\/\/comunidad.comprasdominicana.gob.do\/\/Public\/Tendering\/OpportunityDetail\/Index?noticeUID=DO1.NTC.1559635\" target=\"_blank\" title=\"Detalles\"><i class=\"fas fa-2x fa-link\"><\/i><\/a><\/div><\/div><\/div><div class=\"jumbotron archivos\"><div class=\"row align-items-center\"><div class=\"col\"><h6><a class=\"text-dark\" href=\"https:\/\/comunidad.comprasdominicana.gob.do\/\/Public\/Tendering\/OpportunityDetail\/Index?noticeUID=DO1.NTC.1559942\" title=\"Ver\" target=\"_blank\">INESPRE-DAF-CM-2025-0026<\/a><\/h6><p class=\"mb-0 bold\">Adquisici\u00f3n de   Camisas, Gorras y Poloshirt para ser usado en el personal del INESPRE.\n\n<\/p><p class=\"mb-0\" style=\"font-size: .85rem\"><strong title=\"Estado del Proceso\"><i class=\"fas fa-spinner\"><\/i><\/strong> Proceso adjudicado y celebrado<\/p><p class=\"mb-0\" style=\"font-size: .85rem\"><strong title=\"Fecha de Publicaci\u00f3n\"><i class=\"fas fa-calendar-alt\"><\/i><\/strong> Publicado el jueves, 29 de mayo de 2025<\/p><\/div><div class=\"col-auto mt-md-0 mt-2\"><a class=\"btn btn-primary btn-lg px-lg-4 d-none d-md-block\" href=\"https:\/\/comunidad.comprasdominicana.gob.do\/\/Public\/Tendering\/OpportunityDetail\/Index?noticeUID=DO1.NTC.1559942\" target=\"_blank\" title=\"Detalles\"><i class=\"fas fa-link\"><\/i> DETALLES<\/a><a class=\"btn btn-primary btn-lg px-lg-4 d-block d-md-none\" href=\"https:\/\/comunidad.comprasdominicana.gob.do\/\/Public\/Tendering\/OpportunityDetail\/Index?noticeUID=DO1.NTC.1559942\" target=\"_blank\" title=\"Detalles\"><i class=\"fas fa-2x fa-link\"><\/i><\/a><\/div><\/div><\/div><div class=\"jumbotron archivos\"><div class=\"row align-items-center\"><div class=\"col\"><h6><a class=\"text-dark\" href=\"https:\/\/comunidad.comprasdominicana.gob.do\/\/Public\/Tendering\/OpportunityDetail\/Index?noticeUID=DO1.NTC.1557038\" title=\"Ver\" target=\"_blank\">INESPRE-DAF-CM-2025-0024<\/a><\/h6><p class=\"mb-0 bold\">Contrataci\u00f3n de Servicios de alquiler e instalaci\u00f3n de Techo, Carpa, estructuras, Marcos Truss, Tarima, Ba\u00f1os Port\u00e1tiles Para el Montaje de las Ferias INESPRE con las Madres 2025 en las provincias :  San Crist\u00f3bal, Azua y San Juan de la Maguana .<\/p><p class=\"mb-0\" style=\"font-size: .85rem\"><strong title=\"Estado del Proceso\"><i class=\"fas fa-spinner\"><\/i><\/strong> Proceso adjudicado y celebrado<\/p><p class=\"mb-0\" style=\"font-size: .85rem\"><strong title=\"Fecha de Publicaci\u00f3n\"><i class=\"fas fa-calendar-alt\"><\/i><\/strong> Publicado el jueves, 22 de mayo de 2025<\/p><\/div><div class=\"col-auto mt-md-0 mt-2\"><a class=\"btn btn-primary btn-lg px-lg-4 d-none d-md-block\" href=\"https:\/\/comunidad.comprasdominicana.gob.do\/\/Public\/Tendering\/OpportunityDetail\/Index?noticeUID=DO1.NTC.1557038\" target=\"_blank\" title=\"Detalles\"><i class=\"fas fa-link\"><\/i> DETALLES<\/a><a class=\"btn btn-primary btn-lg px-lg-4 d-block d-md-none\" href=\"https:\/\/comunidad.comprasdominicana.gob.do\/\/Public\/Tendering\/OpportunityDetail\/Index?noticeUID=DO1.NTC.1557038\" target=\"_blank\" title=\"Detalles\"><i class=\"fas fa-2x fa-link\"><\/i><\/a><\/div><\/div><\/div><div class=\"jumbotron archivos\"><div class=\"row align-items-center\"><div class=\"col\"><h6><a class=\"text-dark\" href=\"https:\/\/comunidad.comprasdominicana.gob.do\/\/Public\/Tendering\/OpportunityDetail\/Index?noticeUID=DO1.NTC.1556169\" title=\"Ver\" target=\"_blank\">INESPRE-DAF-CM-2025-0023<\/a><\/h6><p class=\"mb-0 bold\">Servicio de alquiler de camiones refrigerados y cabezote dirigido a Mipymes<\/p><p class=\"mb-0\" style=\"font-size: .85rem\"><strong title=\"Estado del Proceso\"><i class=\"fas fa-spinner\"><\/i><\/strong> Cancelado<\/p><p class=\"mb-0\" style=\"font-size: .85rem\"><strong title=\"Fecha de Publicaci\u00f3n\"><i class=\"fas fa-calendar-alt\"><\/i><\/strong> Publicado el mi\u00e9rcoles, 21 de mayo de 2025<\/p><\/div><div class=\"col-auto mt-md-0 mt-2\"><a class=\"btn btn-primary btn-lg px-lg-4 d-none d-md-block\" href=\"https:\/\/comunidad.comprasdominicana.gob.do\/\/Public\/Tendering\/OpportunityDetail\/Index?noticeUID=DO1.NTC.1556169\" target=\"_blank\" title=\"Detalles\"><i class=\"fas fa-link\"><\/i> DETALLES<\/a><a class=\"btn btn-primary btn-lg px-lg-4 d-block d-md-none\" href=\"https:\/\/comunidad.comprasdominicana.gob.do\/\/Public\/Tendering\/OpportunityDetail\/Index?noticeUID=DO1.NTC.1556169\" target=\"_blank\" title=\"Detalles\"><i class=\"fas fa-2x fa-link\"><\/i><\/a><\/div><\/div><\/div><div class=\"jumbotron archivos\"><div class=\"row align-items-center\"><div class=\"col\"><h6><a class=\"text-dark\" href=\"https:\/\/comunidad.comprasdominicana.gob.do\/\/Public\/Tendering\/OpportunityDetail\/Index?noticeUID=DO1.NTC.1556061\" title=\"Ver\" target=\"_blank\">INESPRE-DAF-CM-2025-0025<\/a><\/h6><p class=\"mb-0 bold\">Servicio de instalaci\u00f3n de luces, A\/C, sonido, distribuci\u00f3n el\u00e9ctrica, planta el\u00e9ctrica, abanicos y valla de seguridad para las ferias \u00b4\u00b4INESPRE Celebra con las Madres 2025 \u00b4\u00b4  en las siguientes provincias: San Crist\u00f3bal, Azua y San Juan de la Maguana. \n\n<\/p><p class=\"mb-0\" style=\"font-size: .85rem\"><strong title=\"Estado del Proceso\"><i class=\"fas fa-spinner\"><\/i><\/strong> Proceso adjudicado y celebrado<\/p><p class=\"mb-0\" style=\"font-size: .85rem\"><strong title=\"Fecha de Publicaci\u00f3n\"><i class=\"fas fa-calendar-alt\"><\/i><\/strong> Publicado el mi\u00e9rcoles, 21 de mayo de 2025<\/p><\/div><div class=\"col-auto mt-md-0 mt-2\"><a class=\"btn btn-primary btn-lg px-lg-4 d-none d-md-block\" href=\"https:\/\/comunidad.comprasdominicana.gob.do\/\/Public\/Tendering\/OpportunityDetail\/Index?noticeUID=DO1.NTC.1556061\" target=\"_blank\" title=\"Detalles\"><i class=\"fas fa-link\"><\/i> DETALLES<\/a><a class=\"btn btn-primary btn-lg px-lg-4 d-block d-md-none\" href=\"https:\/\/comunidad.comprasdominicana.gob.do\/\/Public\/Tendering\/OpportunityDetail\/Index?noticeUID=DO1.NTC.1556061\" target=\"_blank\" title=\"Detalles\"><i class=\"fas fa-2x fa-link\"><\/i><\/a><\/div><\/div><\/div><div class=\"jumbotron archivos\"><div class=\"row align-items-center\"><div class=\"col\"><h6><a class=\"text-dark\" href=\"https:\/\/comunidad.comprasdominicana.gob.do\/\/Public\/Tendering\/OpportunityDetail\/Index?noticeUID=DO1.NTC.1555758\" title=\"Ver\" target=\"_blank\">INESPRE-DAF-CM-2025-0019<\/a><\/h6><p class=\"mb-0 bold\">Servicio de instalaci\u00f3n de luces, A\/C, sonido, distribuci\u00f3n el\u00e9ctrica, planta el\u00e9ctrica, abanicos y valla de seguridad para las ferias \u00b4\u00b4INESPRE Celebra con las Madres 2025 \u00b4\u00b4, dirigido a Mipyme.<\/p><p class=\"mb-0\" style=\"font-size: .85rem\"><strong title=\"Estado del Proceso\"><i class=\"fas fa-spinner\"><\/i><\/strong> Proceso adjudicado y celebrado<\/p><p class=\"mb-0\" style=\"font-size: .85rem\"><strong title=\"Fecha de Publicaci\u00f3n\"><i class=\"fas fa-calendar-alt\"><\/i><\/strong> Publicado el martes, 20 de mayo de 2025<\/p><\/div><div class=\"col-auto mt-md-0 mt-2\"><a class=\"btn btn-primary btn-lg px-lg-4 d-none d-md-block\" href=\"https:\/\/comunidad.comprasdominicana.gob.do\/\/Public\/Tendering\/OpportunityDetail\/Index?noticeUID=DO1.NTC.1555758\" target=\"_blank\" title=\"Detalles\"><i class=\"fas fa-link\"><\/i> DETALLES<\/a><a class=\"btn btn-primary btn-lg px-lg-4 d-block d-md-none\" href=\"https:\/\/comunidad.comprasdominicana.gob.do\/\/Public\/Tendering\/OpportunityDetail\/Index?noticeUID=DO1.NTC.1555758\" target=\"_blank\" title=\"Detalles\"><i class=\"fas fa-2x fa-link\"><\/i><\/a><\/div><\/div><\/div><div class=\"jumbotron archivos\"><div class=\"row align-items-center\"><div class=\"col\"><h6><a class=\"text-dark\" href=\"https:\/\/comunidad.comprasdominicana.gob.do\/\/Public\/Tendering\/OpportunityDetail\/Index?noticeUID=DO1.NTC.1555443\" title=\"Ver\" target=\"_blank\">INESPRE-DAF-CM-2025-0020<\/a><\/h6><p class=\"mb-0 bold\">Contrataci\u00f3n de Servicios de alquiler e instalaci\u00f3n de Techo, Carpa, estructuras, Marcos Truss, Tarima, Ba\u00f1os Port\u00e1tiles Para el Montaje de las Ferias INESPRE con las Madres 2025 en las provincias :  La Vega, Santiago y Cotui.<\/p><p class=\"mb-0\" style=\"font-size: .85rem\"><strong title=\"Estado del Proceso\"><i class=\"fas fa-spinner\"><\/i><\/strong> Proceso adjudicado y celebrado<\/p><p class=\"mb-0\" style=\"font-size: .85rem\"><strong title=\"Fecha de Publicaci\u00f3n\"><i class=\"fas fa-calendar-alt\"><\/i><\/strong> Publicado el martes, 20 de mayo de 2025<\/p><\/div><div class=\"col-auto mt-md-0 mt-2\"><a class=\"btn btn-primary btn-lg px-lg-4 d-none d-md-block\" href=\"https:\/\/comunidad.comprasdominicana.gob.do\/\/Public\/Tendering\/OpportunityDetail\/Index?noticeUID=DO1.NTC.1555443\" target=\"_blank\" title=\"Detalles\"><i class=\"fas fa-link\"><\/i> DETALLES<\/a><a class=\"btn btn-primary btn-lg px-lg-4 d-block d-md-none\" href=\"https:\/\/comunidad.comprasdominicana.gob.do\/\/Public\/Tendering\/OpportunityDetail\/Index?noticeUID=DO1.NTC.1555443\" target=\"_blank\" title=\"Detalles\"><i class=\"fas fa-2x fa-link\"><\/i><\/a><\/div><\/div><\/div><div class=\"jumbotron archivos\"><div class=\"row align-items-center\"><div class=\"col\"><h6><a class=\"text-dark\" href=\"https:\/\/comunidad.comprasdominicana.gob.do\/\/Public\/Tendering\/OpportunityDetail\/Index?noticeUID=DO1.NTC.1555324\" title=\"Ver\" target=\"_blank\">INESPRE-DAF-CM-2025-0022<\/a><\/h6><p class=\"mb-0 bold\">Contrataci\u00f3n de Servicios de alquiler e instalaci\u00f3n de Techo, Carpa, estructuras, Marcos Truss, Tarima, Ba\u00f1os Port\u00e1tiles Para el Montaje de las Ferias INESPRE con las Madres 2025 en las provincias:  El Seibo, Hig\u00fcey, Hato Mayor, La Romana San Pedro de Macor\u00eds, Santo Domingo Norte.           <\/p><p class=\"mb-0\" style=\"font-size: .85rem\"><strong title=\"Estado del Proceso\"><i class=\"fas fa-spinner\"><\/i><\/strong> Proceso adjudicado y celebrado<\/p><p class=\"mb-0\" style=\"font-size: .85rem\"><strong title=\"Fecha de Publicaci\u00f3n\"><i class=\"fas fa-calendar-alt\"><\/i><\/strong> Publicado el martes, 20 de mayo de 2025<\/p><\/div><div class=\"col-auto mt-md-0 mt-2\"><a class=\"btn btn-primary btn-lg px-lg-4 d-none d-md-block\" href=\"https:\/\/comunidad.comprasdominicana.gob.do\/\/Public\/Tendering\/OpportunityDetail\/Index?noticeUID=DO1.NTC.1555324\" target=\"_blank\" title=\"Detalles\"><i class=\"fas fa-link\"><\/i> DETALLES<\/a><a class=\"btn btn-primary btn-lg px-lg-4 d-block d-md-none\" href=\"https:\/\/comunidad.comprasdominicana.gob.do\/\/Public\/Tendering\/OpportunityDetail\/Index?noticeUID=DO1.NTC.1555324\" target=\"_blank\" title=\"Detalles\"><i class=\"fas fa-2x fa-link\"><\/i><\/a><\/div><\/div><\/div><div class=\"jumbotron archivos\"><div class=\"row align-items-center\"><div class=\"col\"><h6><a class=\"text-dark\" href=\"https:\/\/comunidad.comprasdominicana.gob.do\/\/Public\/Tendering\/OpportunityDetail\/Index?noticeUID=DO1.NTC.1555706\" title=\"Ver\" target=\"_blank\">INESPRE-DAF-CM-2025-0021<\/a><\/h6><p class=\"mb-0 bold\">Adquisici\u00f3n de vasos impresos para el d\u00eda de las madres<\/p><p class=\"mb-0\" style=\"font-size: .85rem\"><strong title=\"Estado del Proceso\"><i class=\"fas fa-spinner\"><\/i><\/strong> Proceso adjudicado y celebrado<\/p><p class=\"mb-0\" style=\"font-size: .85rem\"><strong title=\"Fecha de Publicaci\u00f3n\"><i class=\"fas fa-calendar-alt\"><\/i><\/strong> Publicado el martes, 20 de mayo de 2025<\/p><\/div><div class=\"col-auto mt-md-0 mt-2\"><a class=\"btn btn-primary btn-lg px-lg-4 d-none d-md-block\" href=\"https:\/\/comunidad.comprasdominicana.gob.do\/\/Public\/Tendering\/OpportunityDetail\/Index?noticeUID=DO1.NTC.1555706\" target=\"_blank\" title=\"Detalles\"><i class=\"fas fa-link\"><\/i> DETALLES<\/a><a class=\"btn btn-primary btn-lg px-lg-4 d-block d-md-none\" href=\"https:\/\/comunidad.comprasdominicana.gob.do\/\/Public\/Tendering\/OpportunityDetail\/Index?noticeUID=DO1.NTC.1555706\" target=\"_blank\" title=\"Detalles\"><i class=\"fas fa-2x fa-link\"><\/i><\/a><\/div><\/div><\/div><div class=\"jumbotron archivos\"><div class=\"row align-items-center\"><div class=\"col\"><h6><a class=\"text-dark\" href=\"https:\/\/comunidad.comprasdominicana.gob.do\/\/Public\/Tendering\/OpportunityDetail\/Index?noticeUID=DO1.NTC.1554249\" title=\"Ver\" target=\"_blank\">INESPRE-DAF-CM-2025-0018<\/a><\/h6><p class=\"mb-0 bold\">Contrataci\u00f3n de Servicios de alquiler e instalaci\u00f3n  de Techo, Carpa, estructuras, Marcos Truss, Tarima, Ba\u00f1os Port\u00e1tiles Para  el Montaje de las Ferias INESPRE con las Madres 2025 en las provincias : Santiago,La Vega, Cotui, San Cristobal, Azua, San Juan de la Maguana. <\/p><p class=\"mb-0\" style=\"font-size: .85rem\"><strong title=\"Estado del Proceso\"><i class=\"fas fa-spinner\"><\/i><\/strong> Cancelado<\/p><p class=\"mb-0\" style=\"font-size: .85rem\"><strong title=\"Fecha de Publicaci\u00f3n\"><i class=\"fas fa-calendar-alt\"><\/i><\/strong> Publicado el viernes, 16 de mayo de 2025<\/p><\/div><div class=\"col-auto mt-md-0 mt-2\"><a class=\"btn btn-primary btn-lg px-lg-4 d-none d-md-block\" href=\"https:\/\/comunidad.comprasdominicana.gob.do\/\/Public\/Tendering\/OpportunityDetail\/Index?noticeUID=DO1.NTC.1554249\" target=\"_blank\" title=\"Detalles\"><i class=\"fas fa-link\"><\/i> DETALLES<\/a><a class=\"btn btn-primary btn-lg px-lg-4 d-block d-md-none\" href=\"https:\/\/comunidad.comprasdominicana.gob.do\/\/Public\/Tendering\/OpportunityDetail\/Index?noticeUID=DO1.NTC.1554249\" target=\"_blank\" title=\"Detalles\"><i class=\"fas fa-2x fa-link\"><\/i><\/a><\/div><\/div><\/div><div class=\"jumbotron archivos\"><div class=\"row align-items-center\"><div class=\"col\"><h6><a class=\"text-dark\" href=\"https:\/\/comunidad.comprasdominicana.gob.do\/\/Public\/Tendering\/OpportunityDetail\/Index?noticeUID=DO1.NTC.1554438\" title=\"Ver\" target=\"_blank\">INESPRE-DAF-CM-2025-0017<\/a><\/h6><p class=\"mb-0 bold\">Servicio de instalaci\u00f3n de luces, A\/C, sonido, distribuci\u00f3n el\u00e9c., planta el\u00e9c., abanicos y valla de seg. ferias NESPRE Celebra las Madres 2025 \u00b4\u00b4,  Mipyme. Seibo, Hig\u00fcey, Hato Mayor San Pedro, SDN<\/p><p class=\"mb-0\" style=\"font-size: .85rem\"><strong title=\"Estado del Proceso\"><i class=\"fas fa-spinner\"><\/i><\/strong> Proceso adjudicado y celebrado<\/p><p class=\"mb-0\" style=\"font-size: .85rem\"><strong title=\"Fecha de Publicaci\u00f3n\"><i class=\"fas fa-calendar-alt\"><\/i><\/strong> Publicado el viernes, 16 de mayo de 2025<\/p><\/div><div class=\"col-auto mt-md-0 mt-2\"><a class=\"btn btn-primary btn-lg px-lg-4 d-none d-md-block\" href=\"https:\/\/comunidad.comprasdominicana.gob.do\/\/Public\/Tendering\/OpportunityDetail\/Index?noticeUID=DO1.NTC.1554438\" target=\"_blank\" title=\"Detalles\"><i class=\"fas fa-link\"><\/i> DETALLES<\/a><a class=\"btn btn-primary btn-lg px-lg-4 d-block d-md-none\" href=\"https:\/\/comunidad.comprasdominicana.gob.do\/\/Public\/Tendering\/OpportunityDetail\/Index?noticeUID=DO1.NTC.1554438\" target=\"_blank\" title=\"Detalles\"><i class=\"fas fa-2x fa-link\"><\/i><\/a><\/div><\/div><\/div><div class=\"jumbotron archivos\"><div class=\"row align-items-center\"><div class=\"col\"><h6><a class=\"text-dark\" href=\"https:\/\/comunidad.comprasdominicana.gob.do\/\/Public\/Tendering\/OpportunityDetail\/Index?noticeUID=DO1.NTC.1552221\" title=\"Ver\" target=\"_blank\">INESPRE-DAF-CM-2025-0015<\/a><\/h6><p class=\"mb-0 bold\">Adquisici\u00f3n y Suministro  de Pinturas y Accesorios para uso en las diferentes dependencias  del INESPRE.<\/p><p class=\"mb-0\" style=\"font-size: .85rem\"><strong title=\"Estado del Proceso\"><i class=\"fas fa-spinner\"><\/i><\/strong> Proceso adjudicado y celebrado<\/p><p class=\"mb-0\" style=\"font-size: .85rem\"><strong title=\"Fecha de Publicaci\u00f3n\"><i class=\"fas fa-calendar-alt\"><\/i><\/strong> Publicado el martes, 13 de mayo de 2025<\/p><\/div><div class=\"col-auto mt-md-0 mt-2\"><a class=\"btn btn-primary btn-lg px-lg-4 d-none d-md-block\" href=\"https:\/\/comunidad.comprasdominicana.gob.do\/\/Public\/Tendering\/OpportunityDetail\/Index?noticeUID=DO1.NTC.1552221\" target=\"_blank\" title=\"Detalles\"><i class=\"fas fa-link\"><\/i> DETALLES<\/a><a class=\"btn btn-primary btn-lg px-lg-4 d-block d-md-none\" href=\"https:\/\/comunidad.comprasdominicana.gob.do\/\/Public\/Tendering\/OpportunityDetail\/Index?noticeUID=DO1.NTC.1552221\" target=\"_blank\" title=\"Detalles\"><i class=\"fas fa-2x fa-link\"><\/i><\/a><\/div><\/div><\/div><div class=\"jumbotron archivos\"><div class=\"row align-items-center\"><div class=\"col\"><h6><a class=\"text-dark\" href=\"https:\/\/comunidad.comprasdominicana.gob.do\/\/Public\/Tendering\/OpportunityDetail\/Index?noticeUID=DO1.NTC.1548513\" title=\"Ver\" target=\"_blank\">INESPRE-DAF-CM-2025-0014<\/a><\/h6><p class=\"mb-0 bold\">Servicio de almuerzo a domicilio<\/p><p class=\"mb-0\" style=\"font-size: .85rem\"><strong title=\"Estado del Proceso\"><i class=\"fas fa-spinner\"><\/i><\/strong> Proceso adjudicado y celebrado<\/p><p class=\"mb-0\" style=\"font-size: .85rem\"><strong title=\"Fecha de Publicaci\u00f3n\"><i class=\"fas fa-calendar-alt\"><\/i><\/strong> Publicado el viernes, 2 de mayo de 2025<\/p><\/div><div class=\"col-auto mt-md-0 mt-2\"><a class=\"btn btn-primary btn-lg px-lg-4 d-none d-md-block\" href=\"https:\/\/comunidad.comprasdominicana.gob.do\/\/Public\/Tendering\/OpportunityDetail\/Index?noticeUID=DO1.NTC.1548513\" target=\"_blank\" title=\"Detalles\"><i class=\"fas fa-link\"><\/i> DETALLES<\/a><a class=\"btn btn-primary btn-lg px-lg-4 d-block d-md-none\" href=\"https:\/\/comunidad.comprasdominicana.gob.do\/\/Public\/Tendering\/OpportunityDetail\/Index?noticeUID=DO1.NTC.1548513\" target=\"_blank\" title=\"Detalles\"><i class=\"fas fa-2x fa-link\"><\/i><\/a><\/div><\/div><\/div><\/div><\/div><\/div>\n        <div class=\"card\">\n            <div class=\"card-header parents\" id=\"heading_compras-menores-69f73f7454400-2025-69f73f7454400-abril-69f73f7454400\">\n                <p class=\"title text-blue mb-0\">\n                    <a class=\"btn-block hover text-left collapsed\" data-toggle=\"collapse\" data-target=\"#collap_compras-menores-69f73f7454400-2025-69f73f7454400-abril-69f73f7454400\" aria-expanded=\"false\" aria-controls=\"collap_compras-menores-69f73f7454400-2025-69f73f7454400-abril-69f73f7454400\">Abril<\/a>\n                <\/p>\n            <\/div>\n            <div id=\"collap_compras-menores-69f73f7454400-2025-69f73f7454400-abril-69f73f7454400\" class=\"collapse\" aria-labelledby=\"heading_compras-menores-69f73f7454400-2025-69f73f7454400-abril-69f73f7454400\" data-parent=\"#collap_compras-menores-69f73f7454400-2025-69f73f7454400\">\n                <div class=\"card-body\"><div class=\"jumbotron archivos\"><div class=\"row align-items-center\"><div class=\"col\"><h6><a class=\"text-dark\" href=\"https:\/\/comunidad.comprasdominicana.gob.do\/\/Public\/Tendering\/OpportunityDetail\/Index?noticeUID=DO1.NTC.1547318\" title=\"Ver\" target=\"_blank\">INESPRE-DAF-CM-2025-0005<\/a><\/h6><p class=\"mb-0 bold\">Adquisici\u00f3n de papeles de ba\u00f1o y servilletas dirigido a Mipymes (Compras Verdes)<\/p><p class=\"mb-0\" style=\"font-size: .85rem\"><strong title=\"Estado del Proceso\"><i class=\"fas fa-spinner\"><\/i><\/strong> Proceso adjudicado y celebrado<\/p><p class=\"mb-0\" style=\"font-size: .85rem\"><strong title=\"Fecha de Publicaci\u00f3n\"><i class=\"fas fa-calendar-alt\"><\/i><\/strong> Publicado el mi\u00e9rcoles, 30 de abril de 2025<\/p><\/div><div class=\"col-auto mt-md-0 mt-2\"><a class=\"btn btn-primary btn-lg px-lg-4 d-none d-md-block\" href=\"https:\/\/comunidad.comprasdominicana.gob.do\/\/Public\/Tendering\/OpportunityDetail\/Index?noticeUID=DO1.NTC.1547318\" target=\"_blank\" title=\"Detalles\"><i class=\"fas fa-link\"><\/i> DETALLES<\/a><a class=\"btn btn-primary btn-lg px-lg-4 d-block d-md-none\" href=\"https:\/\/comunidad.comprasdominicana.gob.do\/\/Public\/Tendering\/OpportunityDetail\/Index?noticeUID=DO1.NTC.1547318\" target=\"_blank\" title=\"Detalles\"><i class=\"fas fa-2x fa-link\"><\/i><\/a><\/div><\/div><\/div><div class=\"jumbotron archivos\"><div class=\"row align-items-center\"><div class=\"col\"><h6><a class=\"text-dark\" href=\"https:\/\/comunidad.comprasdominicana.gob.do\/\/Public\/Tendering\/OpportunityDetail\/Index?noticeUID=DO1.NTC.1544444\" title=\"Ver\" target=\"_blank\">INESPRE-DAF-CM-2025-0010<\/a><\/h6><p class=\"mb-0 bold\">Servicio de Instalaci\u00f3n de Techo y Estructura para las ferias \u00b4\u00b4INESPRE Celebra con las Madres 2025\u00b4\u00b4  <\/p><p class=\"mb-0\" style=\"font-size: .85rem\"><strong title=\"Estado del Proceso\"><i class=\"fas fa-spinner\"><\/i><\/strong> Proceso adjudicado y celebrado<\/p><p class=\"mb-0\" style=\"font-size: .85rem\"><strong title=\"Fecha de Publicaci\u00f3n\"><i class=\"fas fa-calendar-alt\"><\/i><\/strong> Publicado el mi\u00e9rcoles, 23 de abril de 2025<\/p><\/div><div class=\"col-auto mt-md-0 mt-2\"><a class=\"btn btn-primary btn-lg px-lg-4 d-none d-md-block\" href=\"https:\/\/comunidad.comprasdominicana.gob.do\/\/Public\/Tendering\/OpportunityDetail\/Index?noticeUID=DO1.NTC.1544444\" target=\"_blank\" title=\"Detalles\"><i class=\"fas fa-link\"><\/i> DETALLES<\/a><a class=\"btn btn-primary btn-lg px-lg-4 d-block d-md-none\" href=\"https:\/\/comunidad.comprasdominicana.gob.do\/\/Public\/Tendering\/OpportunityDetail\/Index?noticeUID=DO1.NTC.1544444\" target=\"_blank\" title=\"Detalles\"><i class=\"fas fa-2x fa-link\"><\/i><\/a><\/div><\/div><\/div><div class=\"jumbotron archivos\"><div class=\"row align-items-center\"><div class=\"col\"><h6><a class=\"text-dark\" href=\"https:\/\/comunidad.comprasdominicana.gob.do\/\/Public\/Tendering\/OpportunityDetail\/Index?noticeUID=DO1.NTC.1544049\" title=\"Ver\" target=\"_blank\">INESPRE-DAF-CM-2025-0011<\/a><\/h6><p class=\"mb-0 bold\">Servicio de instalaci\u00f3n de luces, A\/C, sonido, distribuci\u00f3n el\u00e9ctrica, planta el\u00e9ctrica, abanicos y valla de seguridad para las ferias \u00b4\u00b4INESPRE Celebra con las Madres 2025\u00b4\u00b4<\/p><p class=\"mb-0\" style=\"font-size: .85rem\"><strong title=\"Estado del Proceso\"><i class=\"fas fa-spinner\"><\/i><\/strong> Proceso adjudicado y celebrado<\/p><p class=\"mb-0\" style=\"font-size: .85rem\"><strong title=\"Fecha de Publicaci\u00f3n\"><i class=\"fas fa-calendar-alt\"><\/i><\/strong> Publicado el mi\u00e9rcoles, 23 de abril de 2025<\/p><\/div><div class=\"col-auto mt-md-0 mt-2\"><a class=\"btn btn-primary btn-lg px-lg-4 d-none d-md-block\" href=\"https:\/\/comunidad.comprasdominicana.gob.do\/\/Public\/Tendering\/OpportunityDetail\/Index?noticeUID=DO1.NTC.1544049\" target=\"_blank\" title=\"Detalles\"><i class=\"fas fa-link\"><\/i> DETALLES<\/a><a class=\"btn btn-primary btn-lg px-lg-4 d-block d-md-none\" href=\"https:\/\/comunidad.comprasdominicana.gob.do\/\/Public\/Tendering\/OpportunityDetail\/Index?noticeUID=DO1.NTC.1544049\" target=\"_blank\" title=\"Detalles\"><i class=\"fas fa-2x fa-link\"><\/i><\/a><\/div><\/div><\/div><div class=\"jumbotron archivos\"><div class=\"row align-items-center\"><div class=\"col\"><h6><a class=\"text-dark\" href=\"https:\/\/comunidad.comprasdominicana.gob.do\/\/Public\/Tendering\/OpportunityDetail\/Index?noticeUID=DO1.NTC.1544019\" title=\"Ver\" target=\"_blank\">INESPRE-DAF-CM-2025-0009<\/a><\/h6><p class=\"mb-0 bold\">Servicio de alimentaci\u00f3n para el personal en las Ferias Agropecuarias 2025<\/p><p class=\"mb-0\" style=\"font-size: .85rem\"><strong title=\"Estado del Proceso\"><i class=\"fas fa-spinner\"><\/i><\/strong> Proceso adjudicado y celebrado<\/p><p class=\"mb-0\" style=\"font-size: .85rem\"><strong title=\"Fecha de Publicaci\u00f3n\"><i class=\"fas fa-calendar-alt\"><\/i><\/strong> Publicado el mi\u00e9rcoles, 23 de abril de 2025<\/p><\/div><div class=\"col-auto mt-md-0 mt-2\"><a class=\"btn btn-primary btn-lg px-lg-4 d-none d-md-block\" href=\"https:\/\/comunidad.comprasdominicana.gob.do\/\/Public\/Tendering\/OpportunityDetail\/Index?noticeUID=DO1.NTC.1544019\" target=\"_blank\" title=\"Detalles\"><i class=\"fas fa-link\"><\/i> DETALLES<\/a><a class=\"btn btn-primary btn-lg px-lg-4 d-block d-md-none\" href=\"https:\/\/comunidad.comprasdominicana.gob.do\/\/Public\/Tendering\/OpportunityDetail\/Index?noticeUID=DO1.NTC.1544019\" target=\"_blank\" title=\"Detalles\"><i class=\"fas fa-2x fa-link\"><\/i><\/a><\/div><\/div><\/div><div class=\"jumbotron archivos\"><div class=\"row align-items-center\"><div class=\"col\"><h6><a class=\"text-dark\" href=\"https:\/\/comunidad.comprasdominicana.gob.do\/\/Public\/Tendering\/OpportunityDetail\/Index?noticeUID=DO1.NTC.1535933\" title=\"Ver\" target=\"_blank\">INESPRE-DAF-CM-2025-0007<\/a><\/h6><p class=\"mb-0 bold\">Servicio de alquiler de cuatro (04) Contenedores para Oficinas y Almac\u00e9n de 40 pies cada uno, por un periodo de tres (03) meses, dirigido a Mipymes<\/p><p class=\"mb-0\" style=\"font-size: .85rem\"><strong title=\"Estado del Proceso\"><i class=\"fas fa-spinner\"><\/i><\/strong> Proceso adjudicado y celebrado<\/p><p class=\"mb-0\" style=\"font-size: .85rem\"><strong title=\"Fecha de Publicaci\u00f3n\"><i class=\"fas fa-calendar-alt\"><\/i><\/strong> Publicado el mi\u00e9rcoles, 2 de abril de 2025<\/p><\/div><div class=\"col-auto mt-md-0 mt-2\"><a class=\"btn btn-primary btn-lg px-lg-4 d-none d-md-block\" href=\"https:\/\/comunidad.comprasdominicana.gob.do\/\/Public\/Tendering\/OpportunityDetail\/Index?noticeUID=DO1.NTC.1535933\" target=\"_blank\" title=\"Detalles\"><i class=\"fas fa-link\"><\/i> DETALLES<\/a><a class=\"btn btn-primary btn-lg px-lg-4 d-block d-md-none\" href=\"https:\/\/comunidad.comprasdominicana.gob.do\/\/Public\/Tendering\/OpportunityDetail\/Index?noticeUID=DO1.NTC.1535933\" target=\"_blank\" title=\"Detalles\"><i class=\"fas fa-2x fa-link\"><\/i><\/a><\/div><\/div><\/div><div class=\"jumbotron archivos\"><div class=\"row align-items-center\"><div class=\"col\"><h6><a class=\"text-dark\" href=\"https:\/\/comunidad.comprasdominicana.gob.do\/\/Public\/Tendering\/OpportunityDetail\/Index?noticeUID=DO1.NTC.1535044\" title=\"Ver\" target=\"_blank\">INESPRE-DAF-CM-2025-0006<\/a><\/h6><p class=\"mb-0 bold\">Contrataci\u00f3n de Servicio de asesor\u00eda jur\u00eddica especializada en blindaje legal, prevenci\u00f3n de riesgos y acompa\u00f1amiento estrat\u00e9gico en materia de contrataci\u00f3n p\u00fablica dirigido a Mipymes.  <\/p><p class=\"mb-0\" style=\"font-size: .85rem\"><strong title=\"Estado del Proceso\"><i class=\"fas fa-spinner\"><\/i><\/strong> Cancelado<\/p><p class=\"mb-0\" style=\"font-size: .85rem\"><strong title=\"Fecha de Publicaci\u00f3n\"><i class=\"fas fa-calendar-alt\"><\/i><\/strong> Publicado el martes, 1 de abril de 2025<\/p><\/div><div class=\"col-auto mt-md-0 mt-2\"><a class=\"btn btn-primary btn-lg px-lg-4 d-none d-md-block\" href=\"https:\/\/comunidad.comprasdominicana.gob.do\/\/Public\/Tendering\/OpportunityDetail\/Index?noticeUID=DO1.NTC.1535044\" target=\"_blank\" title=\"Detalles\"><i class=\"fas fa-link\"><\/i> DETALLES<\/a><a class=\"btn btn-primary btn-lg px-lg-4 d-block d-md-none\" href=\"https:\/\/comunidad.comprasdominicana.gob.do\/\/Public\/Tendering\/OpportunityDetail\/Index?noticeUID=DO1.NTC.1535044\" target=\"_blank\" title=\"Detalles\"><i class=\"fas fa-2x fa-link\"><\/i><\/a><\/div><\/div><\/div><div class=\"jumbotron archivos\"><div class=\"row align-items-center\"><div class=\"col\"><h6><a class=\"text-dark\" href=\"https:\/\/comunidad.comprasdominicana.gob.do\/\/Public\/Tendering\/OpportunityDetail\/Index?noticeUID=DO1.NTC.1535331\" title=\"Ver\" target=\"_blank\">INESPRE-DAF-CM-2025-0008<\/a><\/h6><p class=\"mb-0 bold\">Desayunos y almuerzos para el personal en la extensi\u00f3n de la feria en la Ciudad Ganadera<\/p><p class=\"mb-0\" style=\"font-size: .85rem\"><strong title=\"Estado del Proceso\"><i class=\"fas fa-spinner\"><\/i><\/strong> Proceso adjudicado y celebrado<\/p><p class=\"mb-0\" style=\"font-size: .85rem\"><strong title=\"Fecha de Publicaci\u00f3n\"><i class=\"fas fa-calendar-alt\"><\/i><\/strong> Publicado el martes, 1 de abril de 2025<\/p><\/div><div class=\"col-auto mt-md-0 mt-2\"><a class=\"btn btn-primary btn-lg px-lg-4 d-none d-md-block\" href=\"https:\/\/comunidad.comprasdominicana.gob.do\/\/Public\/Tendering\/OpportunityDetail\/Index?noticeUID=DO1.NTC.1535331\" target=\"_blank\" title=\"Detalles\"><i class=\"fas fa-link\"><\/i> DETALLES<\/a><a class=\"btn btn-primary btn-lg px-lg-4 d-block d-md-none\" href=\"https:\/\/comunidad.comprasdominicana.gob.do\/\/Public\/Tendering\/OpportunityDetail\/Index?noticeUID=DO1.NTC.1535331\" target=\"_blank\" title=\"Detalles\"><i class=\"fas fa-2x fa-link\"><\/i><\/a><\/div><\/div><\/div><\/div><\/div><\/div>\n        <div class=\"card\">\n            <div class=\"card-header parents\" id=\"heading_compras-menores-69f73f7454400-2025-69f73f7454400-marzo-69f73f7454400\">\n                <p class=\"title text-blue mb-0\">\n                    <a class=\"btn-block hover text-left collapsed\" data-toggle=\"collapse\" data-target=\"#collap_compras-menores-69f73f7454400-2025-69f73f7454400-marzo-69f73f7454400\" aria-expanded=\"false\" aria-controls=\"collap_compras-menores-69f73f7454400-2025-69f73f7454400-marzo-69f73f7454400\">Marzo<\/a>\n                <\/p>\n            <\/div>\n            <div id=\"collap_compras-menores-69f73f7454400-2025-69f73f7454400-marzo-69f73f7454400\" class=\"collapse\" aria-labelledby=\"heading_compras-menores-69f73f7454400-2025-69f73f7454400-marzo-69f73f7454400\" data-parent=\"#collap_compras-menores-69f73f7454400-2025-69f73f7454400\">\n                <div class=\"card-body\"><div class=\"jumbotron archivos\"><div class=\"row align-items-center\"><div class=\"col\"><h6><a class=\"text-dark\" href=\"https:\/\/comunidad.comprasdominicana.gob.do\/\/Public\/Tendering\/OpportunityDetail\/Index?noticeUID=DO1.NTC.1534811\" title=\"Ver\" target=\"_blank\">INESPRE-DAF-CM-2025-0004<\/a><\/h6><p class=\"mb-0 bold\">Servicio de publicaci\u00f3n en peri\u00f3dicos de circulaci\u00f3n nacional<\/p><p class=\"mb-0\" style=\"font-size: .85rem\"><strong title=\"Estado del Proceso\"><i class=\"fas fa-spinner\"><\/i><\/strong> Proceso adjudicado y celebrado<\/p><p class=\"mb-0\" style=\"font-size: .85rem\"><strong title=\"Fecha de Publicaci\u00f3n\"><i class=\"fas fa-calendar-alt\"><\/i><\/strong> Publicado el lunes, 31 de marzo de 2025<\/p><\/div><div class=\"col-auto mt-md-0 mt-2\"><a class=\"btn btn-primary btn-lg px-lg-4 d-none d-md-block\" href=\"https:\/\/comunidad.comprasdominicana.gob.do\/\/Public\/Tendering\/OpportunityDetail\/Index?noticeUID=DO1.NTC.1534811\" target=\"_blank\" title=\"Detalles\"><i class=\"fas fa-link\"><\/i> DETALLES<\/a><a class=\"btn btn-primary btn-lg px-lg-4 d-block d-md-none\" href=\"https:\/\/comunidad.comprasdominicana.gob.do\/\/Public\/Tendering\/OpportunityDetail\/Index?noticeUID=DO1.NTC.1534811\" target=\"_blank\" title=\"Detalles\"><i class=\"fas fa-2x fa-link\"><\/i><\/a><\/div><\/div><\/div><div class=\"jumbotron archivos\"><div class=\"row align-items-center\"><div class=\"col\"><h6><a class=\"text-dark\" href=\"https:\/\/comunidad.comprasdominicana.gob.do\/\/Public\/Tendering\/OpportunityDetail\/Index?noticeUID=DO1.NTC.1534809\" title=\"Ver\" target=\"_blank\">INESPRE-DAF-CM-2025-0003<\/a><\/h6><p class=\"mb-0 bold\">Adquisici\u00f3n de productos de papel para oficina<\/p><p class=\"mb-0\" style=\"font-size: .85rem\"><strong title=\"Estado del Proceso\"><i class=\"fas fa-spinner\"><\/i><\/strong> Proceso adjudicado y celebrado<\/p><p class=\"mb-0\" style=\"font-size: .85rem\"><strong title=\"Fecha de Publicaci\u00f3n\"><i class=\"fas fa-calendar-alt\"><\/i><\/strong> Publicado el lunes, 31 de marzo de 2025<\/p><\/div><div class=\"col-auto mt-md-0 mt-2\"><a class=\"btn btn-primary btn-lg px-lg-4 d-none d-md-block\" href=\"https:\/\/comunidad.comprasdominicana.gob.do\/\/Public\/Tendering\/OpportunityDetail\/Index?noticeUID=DO1.NTC.1534809\" target=\"_blank\" title=\"Detalles\"><i class=\"fas fa-link\"><\/i> DETALLES<\/a><a class=\"btn btn-primary btn-lg px-lg-4 d-block d-md-none\" href=\"https:\/\/comunidad.comprasdominicana.gob.do\/\/Public\/Tendering\/OpportunityDetail\/Index?noticeUID=DO1.NTC.1534809\" target=\"_blank\" title=\"Detalles\"><i class=\"fas fa-2x fa-link\"><\/i><\/a><\/div><\/div><\/div><div class=\"jumbotron archivos\"><div class=\"row align-items-center\"><div class=\"col\"><h6><a class=\"text-dark\" href=\"https:\/\/comunidad.comprasdominicana.gob.do\/\/Public\/Tendering\/OpportunityDetail\/Index?noticeUID=DO1.NTC.1525224\" title=\"Ver\" target=\"_blank\">INESPRE-DAF-CM-2025-0002<\/a><\/h6><p class=\"mb-0 bold\">Servicio de Instalaci\u00f3n de Estructura para la Feria Agropecuaria Nacional 2025<\/p><p class=\"mb-0\" style=\"font-size: .85rem\"><strong title=\"Estado del Proceso\"><i class=\"fas fa-spinner\"><\/i><\/strong> Proceso adjudicado y celebrado<\/p><p class=\"mb-0\" style=\"font-size: .85rem\"><strong title=\"Fecha de Publicaci\u00f3n\"><i class=\"fas fa-calendar-alt\"><\/i><\/strong> Publicado el martes, 11 de marzo de 2025<\/p><\/div><div class=\"col-auto mt-md-0 mt-2\"><a class=\"btn btn-primary btn-lg px-lg-4 d-none d-md-block\" href=\"https:\/\/comunidad.comprasdominicana.gob.do\/\/Public\/Tendering\/OpportunityDetail\/Index?noticeUID=DO1.NTC.1525224\" target=\"_blank\" title=\"Detalles\"><i class=\"fas fa-link\"><\/i> DETALLES<\/a><a class=\"btn btn-primary btn-lg px-lg-4 d-block d-md-none\" href=\"https:\/\/comunidad.comprasdominicana.gob.do\/\/Public\/Tendering\/OpportunityDetail\/Index?noticeUID=DO1.NTC.1525224\" target=\"_blank\" title=\"Detalles\"><i class=\"fas fa-2x fa-link\"><\/i><\/a><\/div><\/div><\/div><\/div><\/div><\/div>\n        <div class=\"card\">\n            <div class=\"card-header parents\" id=\"heading_compras-menores-69f73f7454400-2025-69f73f7454400-enero-69f73f7454400\">\n                <p class=\"title text-blue mb-0\">\n                    <a class=\"btn-block hover text-left collapsed\" data-toggle=\"collapse\" data-target=\"#collap_compras-menores-69f73f7454400-2025-69f73f7454400-enero-69f73f7454400\" aria-expanded=\"false\" aria-controls=\"collap_compras-menores-69f73f7454400-2025-69f73f7454400-enero-69f73f7454400\">Enero<\/a>\n                <\/p>\n            <\/div>\n            <div id=\"collap_compras-menores-69f73f7454400-2025-69f73f7454400-enero-69f73f7454400\" class=\"collapse\" aria-labelledby=\"heading_compras-menores-69f73f7454400-2025-69f73f7454400-enero-69f73f7454400\" data-parent=\"#collap_compras-menores-69f73f7454400-2025-69f73f7454400\">\n                <div class=\"card-body\"><div class=\"jumbotron archivos\"><div class=\"row align-items-center\"><div class=\"col\"><h6><a class=\"text-dark\" href=\"https:\/\/comunidad.comprasdominicana.gob.do\/\/Public\/Tendering\/OpportunityDetail\/Index?noticeUID=DO1.NTC.1505616\" title=\"Ver\" target=\"_blank\">INESPRE-DAF-CM-2025-0001<\/a><\/h6><p class=\"mb-0 bold\">Servicio de Almuerzo a Domicilio<\/p><p class=\"mb-0\" style=\"font-size: .85rem\"><strong title=\"Estado del Proceso\"><i class=\"fas fa-spinner\"><\/i><\/strong> Proceso adjudicado y celebrado<\/p><p class=\"mb-0\" style=\"font-size: .85rem\"><strong title=\"Fecha de Publicaci\u00f3n\"><i class=\"fas fa-calendar-alt\"><\/i><\/strong> Publicado el viernes, 31 de enero de 2025<\/p><\/div><div class=\"col-auto mt-md-0 mt-2\"><a class=\"btn btn-primary btn-lg px-lg-4 d-none d-md-block\" href=\"https:\/\/comunidad.comprasdominicana.gob.do\/\/Public\/Tendering\/OpportunityDetail\/Index?noticeUID=DO1.NTC.1505616\" target=\"_blank\" title=\"Detalles\"><i class=\"fas fa-link\"><\/i> DETALLES<\/a><a class=\"btn btn-primary btn-lg px-lg-4 d-block d-md-none\" href=\"https:\/\/comunidad.comprasdominicana.gob.do\/\/Public\/Tendering\/OpportunityDetail\/Index?noticeUID=DO1.NTC.1505616\" target=\"_blank\" title=\"Detalles\"><i class=\"fas fa-2x fa-link\"><\/i><\/a><\/div><\/div><\/div><\/div><\/div><\/div><\/div><\/div><\/div>\n        <div class=\"card\">\n            <div class=\"card-header parents\" id=\"heading_compras-menores-69f73f7454400-2024-69f73f7454400\">\n                <p class=\"title text-blue mb-0\">\n                    <a class=\"btn-block hover text-left collapsed\" data-toggle=\"collapse\" data-target=\"#collap_compras-menores-69f73f7454400-2024-69f73f7454400\" aria-expanded=\"false\" aria-controls=\"collap_compras-menores-69f73f7454400-2024-69f73f7454400\">2024<\/a>\n                <\/p>\n            <\/div>\n            <div id=\"collap_compras-menores-69f73f7454400-2024-69f73f7454400\" class=\"collapse\" aria-labelledby=\"heading_compras-menores-69f73f7454400-2024-69f73f7454400\" data-parent=\"#collap_compras-menores-69f73f7454400\">\n                <div class=\"card-body\">\n        <div class=\"card\">\n            <div class=\"card-header parents\" id=\"heading_compras-menores-69f73f7454400-2024-69f73f7454400-diciembre-69f73f7454400\">\n                <p class=\"title text-blue mb-0\">\n                    <a class=\"btn-block hover text-left collapsed\" data-toggle=\"collapse\" data-target=\"#collap_compras-menores-69f73f7454400-2024-69f73f7454400-diciembre-69f73f7454400\" aria-expanded=\"false\" aria-controls=\"collap_compras-menores-69f73f7454400-2024-69f73f7454400-diciembre-69f73f7454400\">Diciembre<\/a>\n                <\/p>\n            <\/div>\n            <div id=\"collap_compras-menores-69f73f7454400-2024-69f73f7454400-diciembre-69f73f7454400\" class=\"collapse\" aria-labelledby=\"heading_compras-menores-69f73f7454400-2024-69f73f7454400-diciembre-69f73f7454400\" data-parent=\"#collap_compras-menores-69f73f7454400-2024-69f73f7454400\">\n                <div class=\"card-body\"><div class=\"jumbotron archivos\"><div class=\"row align-items-center\"><div class=\"col\"><h6><a class=\"text-dark\" href=\"https:\/\/comunidad.comprasdominicana.gob.do\/\/Public\/Tendering\/OpportunityDetail\/Index?noticeUID=DO1.NTC.1490911\" title=\"Ver\" target=\"_blank\">INESPRE-DAF-CM-2024-0077<\/a><\/h6><p class=\"mb-0 bold\">Adquisici\u00f3n de Alimentos y Bebidas para consumo Institucional<\/p><p class=\"mb-0\" style=\"font-size: .85rem\"><strong title=\"Estado del Proceso\"><i class=\"fas fa-spinner\"><\/i><\/strong> Proceso adjudicado y celebrado<\/p><p class=\"mb-0\" style=\"font-size: .85rem\"><strong title=\"Fecha de Publicaci\u00f3n\"><i class=\"fas fa-calendar-alt\"><\/i><\/strong> Publicado el viernes, 20 de diciembre de 2024<\/p><\/div><div class=\"col-auto mt-md-0 mt-2\"><a class=\"btn btn-primary btn-lg px-lg-4 d-none d-md-block\" href=\"https:\/\/comunidad.comprasdominicana.gob.do\/\/Public\/Tendering\/OpportunityDetail\/Index?noticeUID=DO1.NTC.1490911\" target=\"_blank\" title=\"Detalles\"><i class=\"fas fa-link\"><\/i> DETALLES<\/a><a class=\"btn btn-primary btn-lg px-lg-4 d-block d-md-none\" href=\"https:\/\/comunidad.comprasdominicana.gob.do\/\/Public\/Tendering\/OpportunityDetail\/Index?noticeUID=DO1.NTC.1490911\" target=\"_blank\" title=\"Detalles\"><i class=\"fas fa-2x fa-link\"><\/i><\/a><\/div><\/div><\/div><div class=\"jumbotron archivos\"><div class=\"row align-items-center\"><div class=\"col\"><h6><a class=\"text-dark\" href=\"https:\/\/comunidad.comprasdominicana.gob.do\/\/Public\/Tendering\/OpportunityDetail\/Index?noticeUID=DO1.NTC.1488426\" title=\"Ver\" target=\"_blank\">INESPRE-DAF-CM-2024-0076<\/a><\/h6><p class=\"mb-0 bold\">Adquisici\u00f3n de aires acondicionados y accesorios (Compras Verdes)<\/p><p class=\"mb-0\" style=\"font-size: .85rem\"><strong title=\"Estado del Proceso\"><i class=\"fas fa-spinner\"><\/i><\/strong> Proceso adjudicado y celebrado<\/p><p class=\"mb-0\" style=\"font-size: .85rem\"><strong title=\"Fecha de Publicaci\u00f3n\"><i class=\"fas fa-calendar-alt\"><\/i><\/strong> Publicado el lunes, 16 de diciembre de 2024<\/p><\/div><div class=\"col-auto mt-md-0 mt-2\"><a class=\"btn btn-primary btn-lg px-lg-4 d-none d-md-block\" href=\"https:\/\/comunidad.comprasdominicana.gob.do\/\/Public\/Tendering\/OpportunityDetail\/Index?noticeUID=DO1.NTC.1488426\" target=\"_blank\" title=\"Detalles\"><i class=\"fas fa-link\"><\/i> DETALLES<\/a><a class=\"btn btn-primary btn-lg px-lg-4 d-block d-md-none\" href=\"https:\/\/comunidad.comprasdominicana.gob.do\/\/Public\/Tendering\/OpportunityDetail\/Index?noticeUID=DO1.NTC.1488426\" target=\"_blank\" title=\"Detalles\"><i class=\"fas fa-2x fa-link\"><\/i><\/a><\/div><\/div><\/div><div class=\"jumbotron archivos\"><div class=\"row align-items-center\"><div class=\"col\"><h6><a class=\"text-dark\" href=\"https:\/\/comunidad.comprasdominicana.gob.do\/\/Public\/Tendering\/OpportunityDetail\/Index?noticeUID=DO1.NTC.1484415\" title=\"Ver\" target=\"_blank\">INESPRE-DAF-CM-2024-0075<\/a><\/h6><p class=\"mb-0 bold\">Adquisici\u00f3n de Alimentos y Bebidas para consumo Institucional<\/p><p class=\"mb-0\" style=\"font-size: .85rem\"><strong title=\"Estado del Proceso\"><i class=\"fas fa-spinner\"><\/i><\/strong> Proceso desierto<\/p><p class=\"mb-0\" style=\"font-size: .85rem\"><strong title=\"Fecha de Publicaci\u00f3n\"><i class=\"fas fa-calendar-alt\"><\/i><\/strong> Publicado el martes, 10 de diciembre de 2024<\/p><\/div><div class=\"col-auto mt-md-0 mt-2\"><a class=\"btn btn-primary btn-lg px-lg-4 d-none d-md-block\" href=\"https:\/\/comunidad.comprasdominicana.gob.do\/\/Public\/Tendering\/OpportunityDetail\/Index?noticeUID=DO1.NTC.1484415\" target=\"_blank\" title=\"Detalles\"><i class=\"fas fa-link\"><\/i> DETALLES<\/a><a class=\"btn btn-primary btn-lg px-lg-4 d-block d-md-none\" href=\"https:\/\/comunidad.comprasdominicana.gob.do\/\/Public\/Tendering\/OpportunityDetail\/Index?noticeUID=DO1.NTC.1484415\" target=\"_blank\" title=\"Detalles\"><i class=\"fas fa-2x fa-link\"><\/i><\/a><\/div><\/div><\/div><div class=\"jumbotron archivos\"><div class=\"row align-items-center\"><div class=\"col\"><h6><a class=\"text-dark\" href=\"https:\/\/comunidad.comprasdominicana.gob.do\/\/Public\/Tendering\/OpportunityDetail\/Index?noticeUID=DO1.NTC.1484708\" title=\"Ver\" target=\"_blank\">INESPRE-DAF-CM-2024-0073<\/a><\/h6><p class=\"mb-0 bold\">Servicio de Instalaci\u00f3n de Techos y Estructuras para las ferias \u201cLa Navidad del Cambio con INESPRE\u201d Santo Domingo y Santiago.<\/p><p class=\"mb-0\" style=\"font-size: .85rem\"><strong title=\"Estado del Proceso\"><i class=\"fas fa-spinner\"><\/i><\/strong> Proceso adjudicado y celebrado<\/p><p class=\"mb-0\" style=\"font-size: .85rem\"><strong title=\"Fecha de Publicaci\u00f3n\"><i class=\"fas fa-calendar-alt\"><\/i><\/strong> Publicado el martes, 10 de diciembre de 2024<\/p><\/div><div class=\"col-auto mt-md-0 mt-2\"><a class=\"btn btn-primary btn-lg px-lg-4 d-none d-md-block\" href=\"https:\/\/comunidad.comprasdominicana.gob.do\/\/Public\/Tendering\/OpportunityDetail\/Index?noticeUID=DO1.NTC.1484708\" target=\"_blank\" title=\"Detalles\"><i class=\"fas fa-link\"><\/i> DETALLES<\/a><a class=\"btn btn-primary btn-lg px-lg-4 d-block d-md-none\" href=\"https:\/\/comunidad.comprasdominicana.gob.do\/\/Public\/Tendering\/OpportunityDetail\/Index?noticeUID=DO1.NTC.1484708\" target=\"_blank\" title=\"Detalles\"><i class=\"fas fa-2x fa-link\"><\/i><\/a><\/div><\/div><\/div><div class=\"jumbotron archivos\"><div class=\"row align-items-center\"><div class=\"col\"><h6><a class=\"text-dark\" href=\"https:\/\/comunidad.comprasdominicana.gob.do\/\/Public\/Tendering\/OpportunityDetail\/Index?noticeUID=DO1.NTC.1484506\" title=\"Ver\" target=\"_blank\">INESPRE-DAF-CM-2024-0074<\/a><\/h6><p class=\"mb-0 bold\">Servicio de Sistema de Luces ambientales, Sonido, Climatizaci\u00f3n, Distribuci\u00f3n el\u00e9ctrica, Planta el\u00e9ctrica, transporte, montaje y desmontaje para las ferias \u201cLa Navidad del Cambio con INESPRE\u201d Santo Do<\/p><p class=\"mb-0\" style=\"font-size: .85rem\"><strong title=\"Estado del Proceso\"><i class=\"fas fa-spinner\"><\/i><\/strong> Proceso adjudicado y celebrado<\/p><p class=\"mb-0\" style=\"font-size: .85rem\"><strong title=\"Fecha de Publicaci\u00f3n\"><i class=\"fas fa-calendar-alt\"><\/i><\/strong> Publicado el martes, 10 de diciembre de 2024<\/p><\/div><div class=\"col-auto mt-md-0 mt-2\"><a class=\"btn btn-primary btn-lg px-lg-4 d-none d-md-block\" href=\"https:\/\/comunidad.comprasdominicana.gob.do\/\/Public\/Tendering\/OpportunityDetail\/Index?noticeUID=DO1.NTC.1484506\" target=\"_blank\" title=\"Detalles\"><i class=\"fas fa-link\"><\/i> DETALLES<\/a><a class=\"btn btn-primary btn-lg px-lg-4 d-block d-md-none\" href=\"https:\/\/comunidad.comprasdominicana.gob.do\/\/Public\/Tendering\/OpportunityDetail\/Index?noticeUID=DO1.NTC.1484506\" target=\"_blank\" title=\"Detalles\"><i class=\"fas fa-2x fa-link\"><\/i><\/a><\/div><\/div><\/div><\/div><\/div><\/div>\n        <div class=\"card\">\n            <div class=\"card-header parents\" id=\"heading_compras-menores-69f73f7454400-2024-69f73f7454400-noviembre-69f73f7454400\">\n                <p class=\"title text-blue mb-0\">\n                    <a class=\"btn-block hover text-left collapsed\" data-toggle=\"collapse\" data-target=\"#collap_compras-menores-69f73f7454400-2024-69f73f7454400-noviembre-69f73f7454400\" aria-expanded=\"false\" aria-controls=\"collap_compras-menores-69f73f7454400-2024-69f73f7454400-noviembre-69f73f7454400\">Noviembre<\/a>\n                <\/p>\n            <\/div>\n            <div id=\"collap_compras-menores-69f73f7454400-2024-69f73f7454400-noviembre-69f73f7454400\" class=\"collapse\" aria-labelledby=\"heading_compras-menores-69f73f7454400-2024-69f73f7454400-noviembre-69f73f7454400\" data-parent=\"#collap_compras-menores-69f73f7454400-2024-69f73f7454400\">\n                <div class=\"card-body\"><div class=\"jumbotron archivos\"><div class=\"row align-items-center\"><div class=\"col\"><h6><a class=\"text-dark\" href=\"https:\/\/comunidad.comprasdominicana.gob.do\/\/Public\/Tendering\/OpportunityDetail\/Index?noticeUID=DO1.NTC.1478345\" title=\"Ver\" target=\"_blank\">INESPRE-DAF-CM-2024-0072<\/a><\/h6><p class=\"mb-0 bold\">Servicio de alquiler de veh\u00edculo para el traslado de personal de la Direcci\u00f3n de Recursos Humanos<\/p><p class=\"mb-0\" style=\"font-size: .85rem\"><strong title=\"Estado del Proceso\"><i class=\"fas fa-spinner\"><\/i><\/strong> Proceso adjudicado y celebrado<\/p><p class=\"mb-0\" style=\"font-size: .85rem\"><strong title=\"Fecha de Publicaci\u00f3n\"><i class=\"fas fa-calendar-alt\"><\/i><\/strong> Publicado el martes, 26 de noviembre de 2024<\/p><\/div><div class=\"col-auto mt-md-0 mt-2\"><a class=\"btn btn-primary btn-lg px-lg-4 d-none d-md-block\" href=\"https:\/\/comunidad.comprasdominicana.gob.do\/\/Public\/Tendering\/OpportunityDetail\/Index?noticeUID=DO1.NTC.1478345\" target=\"_blank\" title=\"Detalles\"><i class=\"fas fa-link\"><\/i> DETALLES<\/a><a class=\"btn btn-primary btn-lg px-lg-4 d-block d-md-none\" href=\"https:\/\/comunidad.comprasdominicana.gob.do\/\/Public\/Tendering\/OpportunityDetail\/Index?noticeUID=DO1.NTC.1478345\" target=\"_blank\" title=\"Detalles\"><i class=\"fas fa-2x fa-link\"><\/i><\/a><\/div><\/div><\/div><div class=\"jumbotron archivos\"><div class=\"row align-items-center\"><div class=\"col\"><h6><a class=\"text-dark\" href=\"https:\/\/comunidad.comprasdominicana.gob.do\/\/Public\/Tendering\/OpportunityDetail\/Index?noticeUID=DO1.NTC.1477014\" title=\"Ver\" target=\"_blank\">INESPRE-DAF-CM-2024-0071<\/a><\/h6><p class=\"mb-0 bold\">Adquisici\u00f3n de Sacos de Mallas Roja<\/p><p class=\"mb-0\" style=\"font-size: .85rem\"><strong title=\"Estado del Proceso\"><i class=\"fas fa-spinner\"><\/i><\/strong> Proceso adjudicado y celebrado<\/p><p class=\"mb-0\" style=\"font-size: .85rem\"><strong title=\"Fecha de Publicaci\u00f3n\"><i class=\"fas fa-calendar-alt\"><\/i><\/strong> Publicado el viernes, 22 de noviembre de 2024<\/p><\/div><div class=\"col-auto mt-md-0 mt-2\"><a class=\"btn btn-primary btn-lg px-lg-4 d-none d-md-block\" href=\"https:\/\/comunidad.comprasdominicana.gob.do\/\/Public\/Tendering\/OpportunityDetail\/Index?noticeUID=DO1.NTC.1477014\" target=\"_blank\" title=\"Detalles\"><i class=\"fas fa-link\"><\/i> DETALLES<\/a><a class=\"btn btn-primary btn-lg px-lg-4 d-block d-md-none\" href=\"https:\/\/comunidad.comprasdominicana.gob.do\/\/Public\/Tendering\/OpportunityDetail\/Index?noticeUID=DO1.NTC.1477014\" target=\"_blank\" title=\"Detalles\"><i class=\"fas fa-2x fa-link\"><\/i><\/a><\/div><\/div><\/div><div class=\"jumbotron archivos\"><div class=\"row align-items-center\"><div class=\"col\"><h6><a class=\"text-dark\" href=\"https:\/\/comunidad.comprasdominicana.gob.do\/\/Public\/Tendering\/OpportunityDetail\/Index?noticeUID=DO1.NTC.1477515\" title=\"Ver\" target=\"_blank\">INESPRE-DAF-CM-2024-0069<\/a><\/h6><p class=\"mb-0 bold\">Adquisici\u00f3n de Telera mediana dirigido a Mipymes <\/p><p class=\"mb-0\" style=\"font-size: .85rem\"><strong title=\"Estado del Proceso\"><i class=\"fas fa-spinner\"><\/i><\/strong> Proceso desierto<\/p><p class=\"mb-0\" style=\"font-size: .85rem\"><strong title=\"Fecha de Publicaci\u00f3n\"><i class=\"fas fa-calendar-alt\"><\/i><\/strong> Publicado el viernes, 22 de noviembre de 2024<\/p><\/div><div class=\"col-auto mt-md-0 mt-2\"><a class=\"btn btn-primary btn-lg px-lg-4 d-none d-md-block\" href=\"https:\/\/comunidad.comprasdominicana.gob.do\/\/Public\/Tendering\/OpportunityDetail\/Index?noticeUID=DO1.NTC.1477515\" target=\"_blank\" title=\"Detalles\"><i class=\"fas fa-link\"><\/i> DETALLES<\/a><a class=\"btn btn-primary btn-lg px-lg-4 d-block d-md-none\" href=\"https:\/\/comunidad.comprasdominicana.gob.do\/\/Public\/Tendering\/OpportunityDetail\/Index?noticeUID=DO1.NTC.1477515\" target=\"_blank\" title=\"Detalles\"><i class=\"fas fa-2x fa-link\"><\/i><\/a><\/div><\/div><\/div><div class=\"jumbotron archivos\"><div class=\"row align-items-center\"><div class=\"col\"><h6><a class=\"text-dark\" href=\"https:\/\/comunidad.comprasdominicana.gob.do\/\/Public\/Tendering\/OpportunityDetail\/Index?noticeUID=DO1.NTC.1477012\" title=\"Ver\" target=\"_blank\">INESPRE-DAF-CM-2024-0068<\/a><\/h6><p class=\"mb-0 bold\">Adquisici\u00f3n de leche en polvo 125 gramos dirigido a Mipymes Mujer<\/p><p class=\"mb-0\" style=\"font-size: .85rem\"><strong title=\"Estado del Proceso\"><i class=\"fas fa-spinner\"><\/i><\/strong> Proceso adjudicado y celebrado<\/p><p class=\"mb-0\" style=\"font-size: .85rem\"><strong title=\"Fecha de Publicaci\u00f3n\"><i class=\"fas fa-calendar-alt\"><\/i><\/strong> Publicado el viernes, 22 de noviembre de 2024<\/p><\/div><div class=\"col-auto mt-md-0 mt-2\"><a class=\"btn btn-primary btn-lg px-lg-4 d-none d-md-block\" href=\"https:\/\/comunidad.comprasdominicana.gob.do\/\/Public\/Tendering\/OpportunityDetail\/Index?noticeUID=DO1.NTC.1477012\" target=\"_blank\" title=\"Detalles\"><i class=\"fas fa-link\"><\/i> DETALLES<\/a><a class=\"btn btn-primary btn-lg px-lg-4 d-block d-md-none\" href=\"https:\/\/comunidad.comprasdominicana.gob.do\/\/Public\/Tendering\/OpportunityDetail\/Index?noticeUID=DO1.NTC.1477012\" target=\"_blank\" title=\"Detalles\"><i class=\"fas fa-2x fa-link\"><\/i><\/a><\/div><\/div><\/div><div class=\"jumbotron archivos\"><div class=\"row align-items-center\"><div class=\"col\"><h6><a class=\"text-dark\" href=\"https:\/\/comunidad.comprasdominicana.gob.do\/\/Public\/Tendering\/OpportunityDetail\/Index?noticeUID=DO1.NTC.1477009\" title=\"Ver\" target=\"_blank\">INESPRE-DAF-CM-2024-0067<\/a><\/h6><p class=\"mb-0 bold\">Adquisici\u00f3n de Sardina en salsa de tomate 15 onzas<\/p><p class=\"mb-0\" style=\"font-size: .85rem\"><strong title=\"Estado del Proceso\"><i class=\"fas fa-spinner\"><\/i><\/strong> Proceso adjudicado y celebrado<\/p><p class=\"mb-0\" style=\"font-size: .85rem\"><strong title=\"Fecha de Publicaci\u00f3n\"><i class=\"fas fa-calendar-alt\"><\/i><\/strong> Publicado el viernes, 22 de noviembre de 2024<\/p><\/div><div class=\"col-auto mt-md-0 mt-2\"><a class=\"btn btn-primary btn-lg px-lg-4 d-none d-md-block\" href=\"https:\/\/comunidad.comprasdominicana.gob.do\/\/Public\/Tendering\/OpportunityDetail\/Index?noticeUID=DO1.NTC.1477009\" target=\"_blank\" title=\"Detalles\"><i class=\"fas fa-link\"><\/i> DETALLES<\/a><a class=\"btn btn-primary btn-lg px-lg-4 d-block d-md-none\" href=\"https:\/\/comunidad.comprasdominicana.gob.do\/\/Public\/Tendering\/OpportunityDetail\/Index?noticeUID=DO1.NTC.1477009\" target=\"_blank\" title=\"Detalles\"><i class=\"fas fa-2x fa-link\"><\/i><\/a><\/div><\/div><\/div><div class=\"jumbotron archivos\"><div class=\"row align-items-center\"><div class=\"col\"><h6><a class=\"text-dark\" href=\"https:\/\/comunidad.comprasdominicana.gob.do\/\/Public\/Tendering\/OpportunityDetail\/Index?noticeUID=DO1.NTC.1477308\" title=\"Ver\" target=\"_blank\">INESPRE-DAF-CM-2024-0066<\/a><\/h6><p class=\"mb-0 bold\">Adquisici\u00f3n de Sal molida 454 gramos dirigido a Mipymes Industrial<\/p><p class=\"mb-0\" style=\"font-size: .85rem\"><strong title=\"Estado del Proceso\"><i class=\"fas fa-spinner\"><\/i><\/strong> Proceso adjudicado y celebrado<\/p><p class=\"mb-0\" style=\"font-size: .85rem\"><strong title=\"Fecha de Publicaci\u00f3n\"><i class=\"fas fa-calendar-alt\"><\/i><\/strong> Publicado el viernes, 22 de noviembre de 2024<\/p><\/div><div class=\"col-auto mt-md-0 mt-2\"><a class=\"btn btn-primary btn-lg px-lg-4 d-none d-md-block\" href=\"https:\/\/comunidad.comprasdominicana.gob.do\/\/Public\/Tendering\/OpportunityDetail\/Index?noticeUID=DO1.NTC.1477308\" target=\"_blank\" title=\"Detalles\"><i class=\"fas fa-link\"><\/i> DETALLES<\/a><a class=\"btn btn-primary btn-lg px-lg-4 d-block d-md-none\" href=\"https:\/\/comunidad.comprasdominicana.gob.do\/\/Public\/Tendering\/OpportunityDetail\/Index?noticeUID=DO1.NTC.1477308\" target=\"_blank\" title=\"Detalles\"><i class=\"fas fa-2x fa-link\"><\/i><\/a><\/div><\/div><\/div><div class=\"jumbotron archivos\"><div class=\"row align-items-center\"><div class=\"col\"><h6><a class=\"text-dark\" href=\"https:\/\/comunidad.comprasdominicana.gob.do\/\/Public\/Tendering\/OpportunityDetail\/Index?noticeUID=DO1.NTC.1477307\" title=\"Ver\" target=\"_blank\">INESPRE-DAF-CM-2024-0065<\/a><\/h6><p class=\"mb-0 bold\">Adquisici\u00f3n de Avena entera 300 gramos<\/p><p class=\"mb-0\" style=\"font-size: .85rem\"><strong title=\"Estado del Proceso\"><i class=\"fas fa-spinner\"><\/i><\/strong> Proceso adjudicado y celebrado<\/p><p class=\"mb-0\" style=\"font-size: .85rem\"><strong title=\"Fecha de Publicaci\u00f3n\"><i class=\"fas fa-calendar-alt\"><\/i><\/strong> Publicado el viernes, 22 de noviembre de 2024<\/p><\/div><div class=\"col-auto mt-md-0 mt-2\"><a class=\"btn btn-primary btn-lg px-lg-4 d-none d-md-block\" href=\"https:\/\/comunidad.comprasdominicana.gob.do\/\/Public\/Tendering\/OpportunityDetail\/Index?noticeUID=DO1.NTC.1477307\" target=\"_blank\" title=\"Detalles\"><i class=\"fas fa-link\"><\/i> DETALLES<\/a><a class=\"btn btn-primary btn-lg px-lg-4 d-block d-md-none\" href=\"https:\/\/comunidad.comprasdominicana.gob.do\/\/Public\/Tendering\/OpportunityDetail\/Index?noticeUID=DO1.NTC.1477307\" target=\"_blank\" title=\"Detalles\"><i class=\"fas fa-2x fa-link\"><\/i><\/a><\/div><\/div><\/div><div class=\"jumbotron archivos\"><div class=\"row align-items-center\"><div class=\"col\"><h6><a class=\"text-dark\" href=\"https:\/\/comunidad.comprasdominicana.gob.do\/\/Public\/Tendering\/OpportunityDetail\/Index?noticeUID=DO1.NTC.1476437\" title=\"Ver\" target=\"_blank\">INESPRE-DAF-CM-2024-0064<\/a><\/h6><p class=\"mb-0 bold\">Adquisici\u00f3n de Saz\u00f3n en polvo 8 onzas y Vinagre dorado 16 o 17.5 onzas<\/p><p class=\"mb-0\" style=\"font-size: .85rem\"><strong title=\"Estado del Proceso\"><i class=\"fas fa-spinner\"><\/i><\/strong> Proceso adjudicado y celebrado<\/p><p class=\"mb-0\" style=\"font-size: .85rem\"><strong title=\"Fecha de Publicaci\u00f3n\"><i class=\"fas fa-calendar-alt\"><\/i><\/strong> Publicado el jueves, 21 de noviembre de 2024<\/p><\/div><div class=\"col-auto mt-md-0 mt-2\"><a class=\"btn btn-primary btn-lg px-lg-4 d-none d-md-block\" href=\"https:\/\/comunidad.comprasdominicana.gob.do\/\/Public\/Tendering\/OpportunityDetail\/Index?noticeUID=DO1.NTC.1476437\" target=\"_blank\" title=\"Detalles\"><i class=\"fas fa-link\"><\/i> DETALLES<\/a><a class=\"btn btn-primary btn-lg px-lg-4 d-block d-md-none\" href=\"https:\/\/comunidad.comprasdominicana.gob.do\/\/Public\/Tendering\/OpportunityDetail\/Index?noticeUID=DO1.NTC.1476437\" target=\"_blank\" title=\"Detalles\"><i class=\"fas fa-2x fa-link\"><\/i><\/a><\/div><\/div><\/div><div class=\"jumbotron archivos\"><div class=\"row align-items-center\"><div class=\"col\"><h6><a class=\"text-dark\" href=\"https:\/\/comunidad.comprasdominicana.gob.do\/\/Public\/Tendering\/OpportunityDetail\/Index?noticeUID=DO1.NTC.1476715\" title=\"Ver\" target=\"_blank\">INESPRE-DAF-CM-2024-0070<\/a><\/h6><p class=\"mb-0 bold\">Servicio de dise\u00f1o de Banners para las ferias \u201cLa Navidad del Cambio con INESPRE\u201d<\/p><p class=\"mb-0\" style=\"font-size: .85rem\"><strong title=\"Estado del Proceso\"><i class=\"fas fa-spinner\"><\/i><\/strong> Proceso adjudicado y celebrado<\/p><p class=\"mb-0\" style=\"font-size: .85rem\"><strong title=\"Fecha de Publicaci\u00f3n\"><i class=\"fas fa-calendar-alt\"><\/i><\/strong> Publicado el jueves, 21 de noviembre de 2024<\/p><\/div><div class=\"col-auto mt-md-0 mt-2\"><a class=\"btn btn-primary btn-lg px-lg-4 d-none d-md-block\" href=\"https:\/\/comunidad.comprasdominicana.gob.do\/\/Public\/Tendering\/OpportunityDetail\/Index?noticeUID=DO1.NTC.1476715\" target=\"_blank\" title=\"Detalles\"><i class=\"fas fa-link\"><\/i> DETALLES<\/a><a class=\"btn btn-primary btn-lg px-lg-4 d-block d-md-none\" href=\"https:\/\/comunidad.comprasdominicana.gob.do\/\/Public\/Tendering\/OpportunityDetail\/Index?noticeUID=DO1.NTC.1476715\" target=\"_blank\" title=\"Detalles\"><i class=\"fas fa-2x fa-link\"><\/i><\/a><\/div><\/div><\/div><div class=\"jumbotron archivos\"><div class=\"row align-items-center\"><div class=\"col\"><h6><a class=\"text-dark\" href=\"https:\/\/comunidad.comprasdominicana.gob.do\/\/Public\/Tendering\/OpportunityDetail\/Index?noticeUID=DO1.NTC.1474838\" title=\"Ver\" target=\"_blank\">INESPRE-DAF-CM-2024-0060<\/a><\/h6><p class=\"mb-0 bold\">Servicio de Instalaci\u00f3n de Techos para las ferias \u201cLa Navidad del Cambio con INESPRE\u201d<\/p><p class=\"mb-0\" style=\"font-size: .85rem\"><strong title=\"Estado del Proceso\"><i class=\"fas fa-spinner\"><\/i><\/strong> Proceso adjudicado y celebrado<\/p><p class=\"mb-0\" style=\"font-size: .85rem\"><strong title=\"Fecha de Publicaci\u00f3n\"><i class=\"fas fa-calendar-alt\"><\/i><\/strong> Publicado el lunes, 18 de noviembre de 2024<\/p><\/div><div class=\"col-auto mt-md-0 mt-2\"><a class=\"btn btn-primary btn-lg px-lg-4 d-none d-md-block\" href=\"https:\/\/comunidad.comprasdominicana.gob.do\/\/Public\/Tendering\/OpportunityDetail\/Index?noticeUID=DO1.NTC.1474838\" target=\"_blank\" title=\"Detalles\"><i class=\"fas fa-link\"><\/i> DETALLES<\/a><a class=\"btn btn-primary btn-lg px-lg-4 d-block d-md-none\" href=\"https:\/\/comunidad.comprasdominicana.gob.do\/\/Public\/Tendering\/OpportunityDetail\/Index?noticeUID=DO1.NTC.1474838\" target=\"_blank\" title=\"Detalles\"><i class=\"fas fa-2x fa-link\"><\/i><\/a><\/div><\/div><\/div><div class=\"jumbotron archivos\"><div class=\"row align-items-center\"><div class=\"col\"><h6><a class=\"text-dark\" href=\"https:\/\/comunidad.comprasdominicana.gob.do\/\/Public\/Tendering\/OpportunityDetail\/Index?noticeUID=DO1.NTC.1474833\" title=\"Ver\" target=\"_blank\">INESPRE-DAF-CM-2024-0061<\/a><\/h6><p class=\"mb-0 bold\">Servicio de Instalaci\u00f3n de Estructuras para las ferias \u201cLa Navidad del Cambio con INESPRE\u201d<\/p><p class=\"mb-0\" style=\"font-size: .85rem\"><strong title=\"Estado del Proceso\"><i class=\"fas fa-spinner\"><\/i><\/strong> Proceso adjudicado y celebrado<\/p><p class=\"mb-0\" style=\"font-size: .85rem\"><strong title=\"Fecha de Publicaci\u00f3n\"><i class=\"fas fa-calendar-alt\"><\/i><\/strong> Publicado el lunes, 18 de noviembre de 2024<\/p><\/div><div class=\"col-auto mt-md-0 mt-2\"><a class=\"btn btn-primary btn-lg px-lg-4 d-none d-md-block\" href=\"https:\/\/comunidad.comprasdominicana.gob.do\/\/Public\/Tendering\/OpportunityDetail\/Index?noticeUID=DO1.NTC.1474833\" target=\"_blank\" title=\"Detalles\"><i class=\"fas fa-link\"><\/i> DETALLES<\/a><a class=\"btn btn-primary btn-lg px-lg-4 d-block d-md-none\" href=\"https:\/\/comunidad.comprasdominicana.gob.do\/\/Public\/Tendering\/OpportunityDetail\/Index?noticeUID=DO1.NTC.1474833\" target=\"_blank\" title=\"Detalles\"><i class=\"fas fa-2x fa-link\"><\/i><\/a><\/div><\/div><\/div><div class=\"jumbotron archivos\"><div class=\"row align-items-center\"><div class=\"col\"><h6><a class=\"text-dark\" href=\"https:\/\/comunidad.comprasdominicana.gob.do\/\/Public\/Tendering\/OpportunityDetail\/Index?noticeUID=DO1.NTC.1474734\" title=\"Ver\" target=\"_blank\">INESPRE-DAF-CM-2024-0062<\/a><\/h6><p class=\"mb-0 bold\">Servicio de Sistema de Distribuci\u00f3n El\u00e9ctrica y Planta El\u00e9ctrica para las ferias \u201cLa Navidad del Cambio con INESPRE\u201d<\/p><p class=\"mb-0\" style=\"font-size: .85rem\"><strong title=\"Estado del Proceso\"><i class=\"fas fa-spinner\"><\/i><\/strong> Proceso adjudicado y celebrado<\/p><p class=\"mb-0\" style=\"font-size: .85rem\"><strong title=\"Fecha de Publicaci\u00f3n\"><i class=\"fas fa-calendar-alt\"><\/i><\/strong> Publicado el lunes, 18 de noviembre de 2024<\/p><\/div><div class=\"col-auto mt-md-0 mt-2\"><a class=\"btn btn-primary btn-lg px-lg-4 d-none d-md-block\" href=\"https:\/\/comunidad.comprasdominicana.gob.do\/\/Public\/Tendering\/OpportunityDetail\/Index?noticeUID=DO1.NTC.1474734\" target=\"_blank\" title=\"Detalles\"><i class=\"fas fa-link\"><\/i> DETALLES<\/a><a class=\"btn btn-primary btn-lg px-lg-4 d-block d-md-none\" href=\"https:\/\/comunidad.comprasdominicana.gob.do\/\/Public\/Tendering\/OpportunityDetail\/Index?noticeUID=DO1.NTC.1474734\" target=\"_blank\" title=\"Detalles\"><i class=\"fas fa-2x fa-link\"><\/i><\/a><\/div><\/div><\/div><div class=\"jumbotron archivos\"><div class=\"row align-items-center\"><div class=\"col\"><h6><a class=\"text-dark\" href=\"https:\/\/comunidad.comprasdominicana.gob.do\/\/Public\/Tendering\/OpportunityDetail\/Index?noticeUID=DO1.NTC.1474439\" title=\"Ver\" target=\"_blank\">INESPRE-DAF-CM-2024-0063<\/a><\/h6><p class=\"mb-0 bold\">Servicio de Sistema de Luces ambientales, Sistema de Sonido y Climatizaci\u00f3n para las ferias \u201cLa Navidad del Cambio con INESPRE\u201d<\/p><p class=\"mb-0\" style=\"font-size: .85rem\"><strong title=\"Estado del Proceso\"><i class=\"fas fa-spinner\"><\/i><\/strong> Proceso adjudicado y celebrado<\/p><p class=\"mb-0\" style=\"font-size: .85rem\"><strong title=\"Fecha de Publicaci\u00f3n\"><i class=\"fas fa-calendar-alt\"><\/i><\/strong> Publicado el lunes, 18 de noviembre de 2024<\/p><\/div><div class=\"col-auto mt-md-0 mt-2\"><a class=\"btn btn-primary btn-lg px-lg-4 d-none d-md-block\" href=\"https:\/\/comunidad.comprasdominicana.gob.do\/\/Public\/Tendering\/OpportunityDetail\/Index?noticeUID=DO1.NTC.1474439\" target=\"_blank\" title=\"Detalles\"><i class=\"fas fa-link\"><\/i> DETALLES<\/a><a class=\"btn btn-primary btn-lg px-lg-4 d-block d-md-none\" href=\"https:\/\/comunidad.comprasdominicana.gob.do\/\/Public\/Tendering\/OpportunityDetail\/Index?noticeUID=DO1.NTC.1474439\" target=\"_blank\" title=\"Detalles\"><i class=\"fas fa-2x fa-link\"><\/i><\/a><\/div><\/div><\/div><div class=\"jumbotron archivos\"><div class=\"row align-items-center\"><div class=\"col\"><h6><a class=\"text-dark\" href=\"https:\/\/comunidad.comprasdominicana.gob.do\/\/Public\/Tendering\/OpportunityDetail\/Index?noticeUID=DO1.NTC.1472234\" title=\"Ver\" target=\"_blank\">INESPRE-DAF-CM-2024-0059<\/a><\/h6><p class=\"mb-0 bold\">Servicio de alquiler de dos contenedores refrigerados por un periodo de tres (03) meses.<\/p><p class=\"mb-0\" style=\"font-size: .85rem\"><strong title=\"Estado del Proceso\"><i class=\"fas fa-spinner\"><\/i><\/strong> Proceso adjudicado y celebrado<\/p><p class=\"mb-0\" style=\"font-size: .85rem\"><strong title=\"Fecha de Publicaci\u00f3n\"><i class=\"fas fa-calendar-alt\"><\/i><\/strong> Publicado el martes, 12 de noviembre de 2024<\/p><\/div><div class=\"col-auto mt-md-0 mt-2\"><a class=\"btn btn-primary btn-lg px-lg-4 d-none d-md-block\" href=\"https:\/\/comunidad.comprasdominicana.gob.do\/\/Public\/Tendering\/OpportunityDetail\/Index?noticeUID=DO1.NTC.1472234\" target=\"_blank\" title=\"Detalles\"><i class=\"fas fa-link\"><\/i> DETALLES<\/a><a class=\"btn btn-primary btn-lg px-lg-4 d-block d-md-none\" href=\"https:\/\/comunidad.comprasdominicana.gob.do\/\/Public\/Tendering\/OpportunityDetail\/Index?noticeUID=DO1.NTC.1472234\" target=\"_blank\" title=\"Detalles\"><i class=\"fas fa-2x fa-link\"><\/i><\/a><\/div><\/div><\/div><div class=\"jumbotron archivos\"><div class=\"row align-items-center\"><div class=\"col\"><h6><a class=\"text-dark\" href=\"https:\/\/comunidad.comprasdominicana.gob.do\/\/Public\/Tendering\/OpportunityDetail\/Index?noticeUID=DO1.NTC.1468842\" title=\"Ver\" target=\"_blank\">INESPRE-DAF-CM-2024-0058<\/a><\/h6><p class=\"mb-0 bold\">Adquisici\u00f3n de Talonarios<\/p><p class=\"mb-0\" style=\"font-size: .85rem\"><strong title=\"Estado del Proceso\"><i class=\"fas fa-spinner\"><\/i><\/strong> Proceso adjudicado y celebrado<\/p><p class=\"mb-0\" style=\"font-size: .85rem\"><strong title=\"Fecha de Publicaci\u00f3n\"><i class=\"fas fa-calendar-alt\"><\/i><\/strong> Publicado el martes, 5 de noviembre de 2024<\/p><\/div><div class=\"col-auto mt-md-0 mt-2\"><a class=\"btn btn-primary btn-lg px-lg-4 d-none d-md-block\" href=\"https:\/\/comunidad.comprasdominicana.gob.do\/\/Public\/Tendering\/OpportunityDetail\/Index?noticeUID=DO1.NTC.1468842\" target=\"_blank\" title=\"Detalles\"><i class=\"fas fa-link\"><\/i> DETALLES<\/a><a class=\"btn btn-primary btn-lg px-lg-4 d-block d-md-none\" href=\"https:\/\/comunidad.comprasdominicana.gob.do\/\/Public\/Tendering\/OpportunityDetail\/Index?noticeUID=DO1.NTC.1468842\" target=\"_blank\" title=\"Detalles\"><i class=\"fas fa-2x fa-link\"><\/i><\/a><\/div><\/div><\/div><\/div><\/div><\/div>\n        <div class=\"card\">\n            <div class=\"card-header parents\" id=\"heading_compras-menores-69f73f7454400-2024-69f73f7454400-octubre-69f73f7454400\">\n                <p class=\"title text-blue mb-0\">\n                    <a class=\"btn-block hover text-left collapsed\" data-toggle=\"collapse\" data-target=\"#collap_compras-menores-69f73f7454400-2024-69f73f7454400-octubre-69f73f7454400\" aria-expanded=\"false\" aria-controls=\"collap_compras-menores-69f73f7454400-2024-69f73f7454400-octubre-69f73f7454400\">Octubre<\/a>\n                <\/p>\n            <\/div>\n            <div id=\"collap_compras-menores-69f73f7454400-2024-69f73f7454400-octubre-69f73f7454400\" class=\"collapse\" aria-labelledby=\"heading_compras-menores-69f73f7454400-2024-69f73f7454400-octubre-69f73f7454400\" data-parent=\"#collap_compras-menores-69f73f7454400-2024-69f73f7454400\">\n                <div class=\"card-body\"><div class=\"jumbotron archivos\"><div class=\"row align-items-center\"><div class=\"col\"><h6><a class=\"text-dark\" href=\"https:\/\/comunidad.comprasdominicana.gob.do\/\/Public\/Tendering\/OpportunityDetail\/Index?noticeUID=DO1.NTC.1468149\" title=\"Ver\" target=\"_blank\">INESPRE-DAF-CM-2024-0057<\/a><\/h6><p class=\"mb-0 bold\">Adquisici\u00f3n de poloshirt con logo bordado<\/p><p class=\"mb-0\" style=\"font-size: .85rem\"><strong title=\"Estado del Proceso\"><i class=\"fas fa-spinner\"><\/i><\/strong> Proceso adjudicado y celebrado<\/p><p class=\"mb-0\" style=\"font-size: .85rem\"><strong title=\"Fecha de Publicaci\u00f3n\"><i class=\"fas fa-calendar-alt\"><\/i><\/strong> Publicado el jueves, 31 de octubre de 2024<\/p><\/div><div class=\"col-auto mt-md-0 mt-2\"><a class=\"btn btn-primary btn-lg px-lg-4 d-none d-md-block\" href=\"https:\/\/comunidad.comprasdominicana.gob.do\/\/Public\/Tendering\/OpportunityDetail\/Index?noticeUID=DO1.NTC.1468149\" target=\"_blank\" title=\"Detalles\"><i class=\"fas fa-link\"><\/i> DETALLES<\/a><a class=\"btn btn-primary btn-lg px-lg-4 d-block d-md-none\" href=\"https:\/\/comunidad.comprasdominicana.gob.do\/\/Public\/Tendering\/OpportunityDetail\/Index?noticeUID=DO1.NTC.1468149\" target=\"_blank\" title=\"Detalles\"><i class=\"fas fa-2x fa-link\"><\/i><\/a><\/div><\/div><\/div><div class=\"jumbotron archivos\"><div class=\"row align-items-center\"><div class=\"col\"><h6><a class=\"text-dark\" href=\"https:\/\/comunidad.comprasdominicana.gob.do\/\/Public\/Tendering\/OpportunityDetail\/Index?noticeUID=DO1.NTC.1467632\" title=\"Ver\" target=\"_blank\">INESPRE-DAF-CM-2024-0056<\/a><\/h6><p class=\"mb-0 bold\">Adquisici\u00f3n de mallas para empaques manuales<\/p><p class=\"mb-0\" style=\"font-size: .85rem\"><strong title=\"Estado del Proceso\"><i class=\"fas fa-spinner\"><\/i><\/strong> Proceso adjudicado y celebrado<\/p><p class=\"mb-0\" style=\"font-size: .85rem\"><strong title=\"Fecha de Publicaci\u00f3n\"><i class=\"fas fa-calendar-alt\"><\/i><\/strong> Publicado el jueves, 31 de octubre de 2024<\/p><\/div><div class=\"col-auto mt-md-0 mt-2\"><a class=\"btn btn-primary btn-lg px-lg-4 d-none d-md-block\" href=\"https:\/\/comunidad.comprasdominicana.gob.do\/\/Public\/Tendering\/OpportunityDetail\/Index?noticeUID=DO1.NTC.1467632\" target=\"_blank\" title=\"Detalles\"><i class=\"fas fa-link\"><\/i> DETALLES<\/a><a class=\"btn btn-primary btn-lg px-lg-4 d-block d-md-none\" href=\"https:\/\/comunidad.comprasdominicana.gob.do\/\/Public\/Tendering\/OpportunityDetail\/Index?noticeUID=DO1.NTC.1467632\" target=\"_blank\" title=\"Detalles\"><i class=\"fas fa-2x fa-link\"><\/i><\/a><\/div><\/div><\/div><div class=\"jumbotron archivos\"><div class=\"row align-items-center\"><div class=\"col\"><h6><a class=\"text-dark\" href=\"https:\/\/comunidad.comprasdominicana.gob.do\/\/Public\/Tendering\/OpportunityDetail\/Index?noticeUID=DO1.NTC.1467825\" title=\"Ver\" target=\"_blank\">INESPRE-DAF-CM-2024-0055<\/a><\/h6><p class=\"mb-0 bold\">Servicio de Alquiler de cuatro (4) contenedores para oficina y almac\u00e9n de 40 p\u00edes cada uno, por un periodo de cuatro (4) meses, dirigido a Mipymes.<\/p><p class=\"mb-0\" style=\"font-size: .85rem\"><strong title=\"Estado del Proceso\"><i class=\"fas fa-spinner\"><\/i><\/strong> Proceso adjudicado y celebrado<\/p><p class=\"mb-0\" style=\"font-size: .85rem\"><strong title=\"Fecha de Publicaci\u00f3n\"><i class=\"fas fa-calendar-alt\"><\/i><\/strong> Publicado el jueves, 31 de octubre de 2024<\/p><\/div><div class=\"col-auto mt-md-0 mt-2\"><a class=\"btn btn-primary btn-lg px-lg-4 d-none d-md-block\" href=\"https:\/\/comunidad.comprasdominicana.gob.do\/\/Public\/Tendering\/OpportunityDetail\/Index?noticeUID=DO1.NTC.1467825\" target=\"_blank\" title=\"Detalles\"><i class=\"fas fa-link\"><\/i> DETALLES<\/a><a class=\"btn btn-primary btn-lg px-lg-4 d-block d-md-none\" href=\"https:\/\/comunidad.comprasdominicana.gob.do\/\/Public\/Tendering\/OpportunityDetail\/Index?noticeUID=DO1.NTC.1467825\" target=\"_blank\" title=\"Detalles\"><i class=\"fas fa-2x fa-link\"><\/i><\/a><\/div><\/div><\/div><div class=\"jumbotron archivos\"><div class=\"row align-items-center\"><div class=\"col\"><h6><a class=\"text-dark\" href=\"https:\/\/comunidad.comprasdominicana.gob.do\/\/Public\/Tendering\/OpportunityDetail\/Index?noticeUID=DO1.NTC.1466447\" title=\"Ver\" target=\"_blank\">INESPRE-DAF-CM-2024-0054<\/a><\/h6><p class=\"mb-0 bold\">Contrataci\u00f3n del servicio de renta e instalaci\u00f3n de impresoras multifuncionales (Compras Verdes)<\/p><p class=\"mb-0\" style=\"font-size: .85rem\"><strong title=\"Estado del Proceso\"><i class=\"fas fa-spinner\"><\/i><\/strong> Proceso adjudicado y celebrado<\/p><p class=\"mb-0\" style=\"font-size: .85rem\"><strong title=\"Fecha de Publicaci\u00f3n\"><i class=\"fas fa-calendar-alt\"><\/i><\/strong> Publicado el martes, 29 de octubre de 2024<\/p><\/div><div class=\"col-auto mt-md-0 mt-2\"><a class=\"btn btn-primary btn-lg px-lg-4 d-none d-md-block\" href=\"https:\/\/comunidad.comprasdominicana.gob.do\/\/Public\/Tendering\/OpportunityDetail\/Index?noticeUID=DO1.NTC.1466447\" target=\"_blank\" title=\"Detalles\"><i class=\"fas fa-link\"><\/i> DETALLES<\/a><a class=\"btn btn-primary btn-lg px-lg-4 d-block d-md-none\" href=\"https:\/\/comunidad.comprasdominicana.gob.do\/\/Public\/Tendering\/OpportunityDetail\/Index?noticeUID=DO1.NTC.1466447\" target=\"_blank\" title=\"Detalles\"><i class=\"fas fa-2x fa-link\"><\/i><\/a><\/div><\/div><\/div><\/div><\/div><\/div>\n        <div class=\"card\">\n            <div class=\"card-header parents\" id=\"heading_compras-menores-69f73f7454400-2024-69f73f7454400-septiembre-69f73f7454400\">\n                <p class=\"title text-blue mb-0\">\n                    <a class=\"btn-block hover text-left collapsed\" data-toggle=\"collapse\" data-target=\"#collap_compras-menores-69f73f7454400-2024-69f73f7454400-septiembre-69f73f7454400\" aria-expanded=\"false\" aria-controls=\"collap_compras-menores-69f73f7454400-2024-69f73f7454400-septiembre-69f73f7454400\">Septiembre<\/a>\n                <\/p>\n            <\/div>\n            <div id=\"collap_compras-menores-69f73f7454400-2024-69f73f7454400-septiembre-69f73f7454400\" class=\"collapse\" aria-labelledby=\"heading_compras-menores-69f73f7454400-2024-69f73f7454400-septiembre-69f73f7454400\" data-parent=\"#collap_compras-menores-69f73f7454400-2024-69f73f7454400\">\n                <div class=\"card-body\"><div class=\"jumbotron archivos\"><div class=\"row align-items-center\"><div class=\"col\"><h6><a class=\"text-dark\" href=\"https:\/\/comunidad.comprasdominicana.gob.do\/\/Public\/Tendering\/OpportunityDetail\/Index?noticeUID=DO1.NTC.1453725\" title=\"Ver\" target=\"_blank\">INESPRE-DAF-CM-2024-0053<\/a><\/h6><p class=\"mb-0 bold\">Servicio de Almuerzo a Domicilio<\/p><p class=\"mb-0\" style=\"font-size: .85rem\"><strong title=\"Estado del Proceso\"><i class=\"fas fa-spinner\"><\/i><\/strong> Proceso adjudicado y celebrado<\/p><p class=\"mb-0\" style=\"font-size: .85rem\"><strong title=\"Fecha de Publicaci\u00f3n\"><i class=\"fas fa-calendar-alt\"><\/i><\/strong> Publicado el lunes, 30 de septiembre de 2024<\/p><\/div><div class=\"col-auto mt-md-0 mt-2\"><a class=\"btn btn-primary btn-lg px-lg-4 d-none d-md-block\" href=\"https:\/\/comunidad.comprasdominicana.gob.do\/\/Public\/Tendering\/OpportunityDetail\/Index?noticeUID=DO1.NTC.1453725\" target=\"_blank\" title=\"Detalles\"><i class=\"fas fa-link\"><\/i> DETALLES<\/a><a class=\"btn btn-primary btn-lg px-lg-4 d-block d-md-none\" href=\"https:\/\/comunidad.comprasdominicana.gob.do\/\/Public\/Tendering\/OpportunityDetail\/Index?noticeUID=DO1.NTC.1453725\" target=\"_blank\" title=\"Detalles\"><i class=\"fas fa-2x fa-link\"><\/i><\/a><\/div><\/div><\/div><div class=\"jumbotron archivos\"><div class=\"row align-items-center\"><div class=\"col\"><h6><a class=\"text-dark\" href=\"https:\/\/comunidad.comprasdominicana.gob.do\/\/Public\/Tendering\/OpportunityDetail\/Index?noticeUID=DO1.NTC.1445317\" title=\"Ver\" target=\"_blank\">INESPRE-DAF-CM-2024-0052<\/a><\/h6><p class=\"mb-0 bold\">Adquisici\u00f3n  de Carpas blancas con logo Institucional<\/p><p class=\"mb-0\" style=\"font-size: .85rem\"><strong title=\"Estado del Proceso\"><i class=\"fas fa-spinner\"><\/i><\/strong> Proceso adjudicado y celebrado<\/p><p class=\"mb-0\" style=\"font-size: .85rem\"><strong title=\"Fecha de Publicaci\u00f3n\"><i class=\"fas fa-calendar-alt\"><\/i><\/strong> Publicado el martes, 10 de septiembre de 2024<\/p><\/div><div class=\"col-auto mt-md-0 mt-2\"><a class=\"btn btn-primary btn-lg px-lg-4 d-none d-md-block\" href=\"https:\/\/comunidad.comprasdominicana.gob.do\/\/Public\/Tendering\/OpportunityDetail\/Index?noticeUID=DO1.NTC.1445317\" target=\"_blank\" title=\"Detalles\"><i class=\"fas fa-link\"><\/i> DETALLES<\/a><a class=\"btn btn-primary btn-lg px-lg-4 d-block d-md-none\" href=\"https:\/\/comunidad.comprasdominicana.gob.do\/\/Public\/Tendering\/OpportunityDetail\/Index?noticeUID=DO1.NTC.1445317\" target=\"_blank\" title=\"Detalles\"><i class=\"fas fa-2x fa-link\"><\/i><\/a><\/div><\/div><\/div><div class=\"jumbotron archivos\"><div class=\"row align-items-center\"><div class=\"col\"><h6><a class=\"text-dark\" href=\"https:\/\/comunidad.comprasdominicana.gob.do\/\/Public\/Tendering\/OpportunityDetail\/Index?noticeUID=DO1.NTC.1444529\" title=\"Ver\" target=\"_blank\">INESPRE-DAF-CM-2024-0051<\/a><\/h6><p class=\"mb-0 bold\">Adquisici\u00f3n de sumadoras el\u00e9ctricas y calculadoras manuales<\/p><p class=\"mb-0\" style=\"font-size: .85rem\"><strong title=\"Estado del Proceso\"><i class=\"fas fa-spinner\"><\/i><\/strong> Proceso adjudicado y celebrado<\/p><p class=\"mb-0\" style=\"font-size: .85rem\"><strong title=\"Fecha de Publicaci\u00f3n\"><i class=\"fas fa-calendar-alt\"><\/i><\/strong> Publicado el lunes, 9 de septiembre de 2024<\/p><\/div><div class=\"col-auto mt-md-0 mt-2\"><a class=\"btn btn-primary btn-lg px-lg-4 d-none d-md-block\" href=\"https:\/\/comunidad.comprasdominicana.gob.do\/\/Public\/Tendering\/OpportunityDetail\/Index?noticeUID=DO1.NTC.1444529\" target=\"_blank\" title=\"Detalles\"><i class=\"fas fa-link\"><\/i> DETALLES<\/a><a class=\"btn btn-primary btn-lg px-lg-4 d-block d-md-none\" href=\"https:\/\/comunidad.comprasdominicana.gob.do\/\/Public\/Tendering\/OpportunityDetail\/Index?noticeUID=DO1.NTC.1444529\" target=\"_blank\" title=\"Detalles\"><i class=\"fas fa-2x fa-link\"><\/i><\/a><\/div><\/div><\/div><\/div><\/div><\/div>\n        <div class=\"card\">\n            <div class=\"card-header parents\" id=\"heading_compras-menores-69f73f7454400-2024-69f73f7454400-julio-69f73f7454400\">\n                <p class=\"title text-blue mb-0\">\n                    <a class=\"btn-block hover text-left collapsed\" data-toggle=\"collapse\" data-target=\"#collap_compras-menores-69f73f7454400-2024-69f73f7454400-julio-69f73f7454400\" aria-expanded=\"false\" aria-controls=\"collap_compras-menores-69f73f7454400-2024-69f73f7454400-julio-69f73f7454400\">Julio<\/a>\n                <\/p>\n            <\/div>\n            <div id=\"collap_compras-menores-69f73f7454400-2024-69f73f7454400-julio-69f73f7454400\" class=\"collapse\" aria-labelledby=\"heading_compras-menores-69f73f7454400-2024-69f73f7454400-julio-69f73f7454400\" data-parent=\"#collap_compras-menores-69f73f7454400-2024-69f73f7454400\">\n                <div class=\"card-body\"><div class=\"jumbotron archivos\"><div class=\"row align-items-center\"><div class=\"col\"><h6><a class=\"text-dark\" href=\"https:\/\/comunidad.comprasdominicana.gob.do\/\/Public\/Tendering\/OpportunityDetail\/Index?noticeUID=DO1.NTC.1424840\" title=\"Ver\" target=\"_blank\">INESPRE-DAF-CM-2024-0050<\/a><\/h6><p class=\"mb-0 bold\">Servicio de Reparaci\u00f3n de Techos de Oficinas Administrativas del Edificio Principal <\/p><p class=\"mb-0\" style=\"font-size: .85rem\"><strong title=\"Estado del Proceso\"><i class=\"fas fa-spinner\"><\/i><\/strong> Proceso adjudicado y celebrado<\/p><p class=\"mb-0\" style=\"font-size: .85rem\"><strong title=\"Fecha de Publicaci\u00f3n\"><i class=\"fas fa-calendar-alt\"><\/i><\/strong> Publicado el jueves, 18 de julio de 2024<\/p><\/div><div class=\"col-auto mt-md-0 mt-2\"><a class=\"btn btn-primary btn-lg px-lg-4 d-none d-md-block\" href=\"https:\/\/comunidad.comprasdominicana.gob.do\/\/Public\/Tendering\/OpportunityDetail\/Index?noticeUID=DO1.NTC.1424840\" target=\"_blank\" title=\"Detalles\"><i class=\"fas fa-link\"><\/i> DETALLES<\/a><a class=\"btn btn-primary btn-lg px-lg-4 d-block d-md-none\" href=\"https:\/\/comunidad.comprasdominicana.gob.do\/\/Public\/Tendering\/OpportunityDetail\/Index?noticeUID=DO1.NTC.1424840\" target=\"_blank\" title=\"Detalles\"><i class=\"fas fa-2x fa-link\"><\/i><\/a><\/div><\/div><\/div><div class=\"jumbotron archivos\"><div class=\"row align-items-center\"><div class=\"col\"><h6><a class=\"text-dark\" href=\"https:\/\/comunidad.comprasdominicana.gob.do\/\/Public\/Tendering\/OpportunityDetail\/Index?noticeUID=DO1.NTC.1424453\" title=\"Ver\" target=\"_blank\">INESPRE-DAF-CM-2024-0049<\/a><\/h6><p class=\"mb-0 bold\">Servicio de alquiler de cuatro (04) Contenedores para Oficinas y Almac\u00e9n de 40 pies cada uno, por cuatro (04) meses, dirigido a Mipymes<\/p><p class=\"mb-0\" style=\"font-size: .85rem\"><strong title=\"Estado del Proceso\"><i class=\"fas fa-spinner\"><\/i><\/strong> Proceso adjudicado y celebrado<\/p><p class=\"mb-0\" style=\"font-size: .85rem\"><strong title=\"Fecha de Publicaci\u00f3n\"><i class=\"fas fa-calendar-alt\"><\/i><\/strong> Publicado el mi\u00e9rcoles, 17 de julio de 2024<\/p><\/div><div class=\"col-auto mt-md-0 mt-2\"><a class=\"btn btn-primary btn-lg px-lg-4 d-none d-md-block\" href=\"https:\/\/comunidad.comprasdominicana.gob.do\/\/Public\/Tendering\/OpportunityDetail\/Index?noticeUID=DO1.NTC.1424453\" target=\"_blank\" title=\"Detalles\"><i class=\"fas fa-link\"><\/i> DETALLES<\/a><a class=\"btn btn-primary btn-lg px-lg-4 d-block d-md-none\" href=\"https:\/\/comunidad.comprasdominicana.gob.do\/\/Public\/Tendering\/OpportunityDetail\/Index?noticeUID=DO1.NTC.1424453\" target=\"_blank\" title=\"Detalles\"><i class=\"fas fa-2x fa-link\"><\/i><\/a><\/div><\/div><\/div><div class=\"jumbotron archivos\"><div class=\"row align-items-center\"><div class=\"col\"><h6><a class=\"text-dark\" href=\"https:\/\/comunidad.comprasdominicana.gob.do\/\/Public\/Tendering\/OpportunityDetail\/Index?noticeUID=DO1.NTC.1423648\" title=\"Ver\" target=\"_blank\">INESPRE-DAF-CM-2024-0048<\/a><\/h6><p class=\"mb-0 bold\">Adquisici\u00f3n de Suministros de oficina dirigido a Mipymes Mujeres (Compra Verdes)<\/p><p class=\"mb-0\" style=\"font-size: .85rem\"><strong title=\"Estado del Proceso\"><i class=\"fas fa-spinner\"><\/i><\/strong> Proceso adjudicado y celebrado<\/p><p class=\"mb-0\" style=\"font-size: .85rem\"><strong title=\"Fecha de Publicaci\u00f3n\"><i class=\"fas fa-calendar-alt\"><\/i><\/strong> Publicado el martes, 16 de julio de 2024<\/p><\/div><div class=\"col-auto mt-md-0 mt-2\"><a class=\"btn btn-primary btn-lg px-lg-4 d-none d-md-block\" href=\"https:\/\/comunidad.comprasdominicana.gob.do\/\/Public\/Tendering\/OpportunityDetail\/Index?noticeUID=DO1.NTC.1423648\" target=\"_blank\" title=\"Detalles\"><i class=\"fas fa-link\"><\/i> DETALLES<\/a><a class=\"btn btn-primary btn-lg px-lg-4 d-block d-md-none\" href=\"https:\/\/comunidad.comprasdominicana.gob.do\/\/Public\/Tendering\/OpportunityDetail\/Index?noticeUID=DO1.NTC.1423648\" target=\"_blank\" title=\"Detalles\"><i class=\"fas fa-2x fa-link\"><\/i><\/a><\/div><\/div><\/div><\/div><\/div><\/div>\n        <div class=\"card\">\n            <div class=\"card-header parents\" id=\"heading_compras-menores-69f73f7454400-2024-69f73f7454400-junio-69f73f7454400\">\n                <p class=\"title text-blue mb-0\">\n                    <a class=\"btn-block hover text-left collapsed\" data-toggle=\"collapse\" data-target=\"#collap_compras-menores-69f73f7454400-2024-69f73f7454400-junio-69f73f7454400\" aria-expanded=\"false\" aria-controls=\"collap_compras-menores-69f73f7454400-2024-69f73f7454400-junio-69f73f7454400\">Junio<\/a>\n                <\/p>\n            <\/div>\n            <div id=\"collap_compras-menores-69f73f7454400-2024-69f73f7454400-junio-69f73f7454400\" class=\"collapse\" aria-labelledby=\"heading_compras-menores-69f73f7454400-2024-69f73f7454400-junio-69f73f7454400\" data-parent=\"#collap_compras-menores-69f73f7454400-2024-69f73f7454400\">\n                <div class=\"card-body\"><div class=\"jumbotron archivos\"><div class=\"row align-items-center\"><div class=\"col\"><h6><a class=\"text-dark\" href=\"https:\/\/comunidad.comprasdominicana.gob.do\/\/Public\/Tendering\/OpportunityDetail\/Index?noticeUID=DO1.NTC.1418047\" title=\"Ver\" target=\"_blank\">INESPRE-DAF-CM-2024-0047<\/a><\/h6><p class=\"mb-0 bold\">Servicio de Almuerzos a domicilio<\/p><p class=\"mb-0\" style=\"font-size: .85rem\"><strong title=\"Estado del Proceso\"><i class=\"fas fa-spinner\"><\/i><\/strong> Proceso adjudicado y celebrado<\/p><p class=\"mb-0\" style=\"font-size: .85rem\"><strong title=\"Fecha de Publicaci\u00f3n\"><i class=\"fas fa-calendar-alt\"><\/i><\/strong> Publicado el viernes, 28 de junio de 2024<\/p><\/div><div class=\"col-auto mt-md-0 mt-2\"><a class=\"btn btn-primary btn-lg px-lg-4 d-none d-md-block\" href=\"https:\/\/comunidad.comprasdominicana.gob.do\/\/Public\/Tendering\/OpportunityDetail\/Index?noticeUID=DO1.NTC.1418047\" target=\"_blank\" title=\"Detalles\"><i class=\"fas fa-link\"><\/i> DETALLES<\/a><a class=\"btn btn-primary btn-lg px-lg-4 d-block d-md-none\" href=\"https:\/\/comunidad.comprasdominicana.gob.do\/\/Public\/Tendering\/OpportunityDetail\/Index?noticeUID=DO1.NTC.1418047\" target=\"_blank\" title=\"Detalles\"><i class=\"fas fa-2x fa-link\"><\/i><\/a><\/div><\/div><\/div><div class=\"jumbotron archivos\"><div class=\"row align-items-center\"><div class=\"col\"><h6><a class=\"text-dark\" href=\"https:\/\/comunidad.comprasdominicana.gob.do\/\/Public\/Tendering\/OpportunityDetail\/Index?noticeUID=DO1.NTC.1417836\" title=\"Ver\" target=\"_blank\">INESPRE-DAF-CM-2024-0046<\/a><\/h6><p class=\"mb-0 bold\">Adquisici\u00f3n de Suministros de oficina dirigido a Mipymes Mujeres (Compra Verdes)<\/p><p class=\"mb-0\" style=\"font-size: .85rem\"><strong title=\"Estado del Proceso\"><i class=\"fas fa-spinner\"><\/i><\/strong> Proceso desierto<\/p><p class=\"mb-0\" style=\"font-size: .85rem\"><strong title=\"Fecha de Publicaci\u00f3n\"><i class=\"fas fa-calendar-alt\"><\/i><\/strong> Publicado el viernes, 28 de junio de 2024<\/p><\/div><div class=\"col-auto mt-md-0 mt-2\"><a class=\"btn btn-primary btn-lg px-lg-4 d-none d-md-block\" href=\"https:\/\/comunidad.comprasdominicana.gob.do\/\/Public\/Tendering\/OpportunityDetail\/Index?noticeUID=DO1.NTC.1417836\" target=\"_blank\" title=\"Detalles\"><i class=\"fas fa-link\"><\/i> DETALLES<\/a><a class=\"btn btn-primary btn-lg px-lg-4 d-block d-md-none\" href=\"https:\/\/comunidad.comprasdominicana.gob.do\/\/Public\/Tendering\/OpportunityDetail\/Index?noticeUID=DO1.NTC.1417836\" target=\"_blank\" title=\"Detalles\"><i class=\"fas fa-2x fa-link\"><\/i><\/a><\/div><\/div><\/div><div class=\"jumbotron archivos\"><div class=\"row align-items-center\"><div class=\"col\"><h6><a class=\"text-dark\" href=\"https:\/\/comunidad.comprasdominicana.gob.do\/\/Public\/Tendering\/OpportunityDetail\/Index?noticeUID=DO1.NTC.1417009\" title=\"Ver\" target=\"_blank\">INESPRE-DAF-CM-2024-0044<\/a><\/h6><p class=\"mb-0 bold\">Adquisici\u00f3n de Equipos audiovisuales<\/p><p class=\"mb-0\" style=\"font-size: .85rem\"><strong title=\"Estado del Proceso\"><i class=\"fas fa-spinner\"><\/i><\/strong> Proceso adjudicado y celebrado<\/p><p class=\"mb-0\" style=\"font-size: .85rem\"><strong title=\"Fecha de Publicaci\u00f3n\"><i class=\"fas fa-calendar-alt\"><\/i><\/strong> Publicado el mi\u00e9rcoles, 26 de junio de 2024<\/p><\/div><div class=\"col-auto mt-md-0 mt-2\"><a class=\"btn btn-primary btn-lg px-lg-4 d-none d-md-block\" href=\"https:\/\/comunidad.comprasdominicana.gob.do\/\/Public\/Tendering\/OpportunityDetail\/Index?noticeUID=DO1.NTC.1417009\" target=\"_blank\" title=\"Detalles\"><i class=\"fas fa-link\"><\/i> DETALLES<\/a><a class=\"btn btn-primary btn-lg px-lg-4 d-block d-md-none\" href=\"https:\/\/comunidad.comprasdominicana.gob.do\/\/Public\/Tendering\/OpportunityDetail\/Index?noticeUID=DO1.NTC.1417009\" target=\"_blank\" title=\"Detalles\"><i class=\"fas fa-2x fa-link\"><\/i><\/a><\/div><\/div><\/div><div class=\"jumbotron archivos\"><div class=\"row align-items-center\"><div class=\"col\"><h6><a class=\"text-dark\" href=\"https:\/\/comunidad.comprasdominicana.gob.do\/\/Public\/Tendering\/OpportunityDetail\/Index?noticeUID=DO1.NTC.1416547\" title=\"Ver\" target=\"_blank\">INESPRE-DAF-CM-2024-0045<\/a><\/h6><p class=\"mb-0 bold\">Adquisici\u00f3n de Materiales de Limpieza<\/p><p class=\"mb-0\" style=\"font-size: .85rem\"><strong title=\"Estado del Proceso\"><i class=\"fas fa-spinner\"><\/i><\/strong> Proceso adjudicado y celebrado<\/p><p class=\"mb-0\" style=\"font-size: .85rem\"><strong title=\"Fecha de Publicaci\u00f3n\"><i class=\"fas fa-calendar-alt\"><\/i><\/strong> Publicado el martes, 25 de junio de 2024<\/p><\/div><div class=\"col-auto mt-md-0 mt-2\"><a class=\"btn btn-primary btn-lg px-lg-4 d-none d-md-block\" href=\"https:\/\/comunidad.comprasdominicana.gob.do\/\/Public\/Tendering\/OpportunityDetail\/Index?noticeUID=DO1.NTC.1416547\" target=\"_blank\" title=\"Detalles\"><i class=\"fas fa-link\"><\/i> DETALLES<\/a><a class=\"btn btn-primary btn-lg px-lg-4 d-block d-md-none\" href=\"https:\/\/comunidad.comprasdominicana.gob.do\/\/Public\/Tendering\/OpportunityDetail\/Index?noticeUID=DO1.NTC.1416547\" target=\"_blank\" title=\"Detalles\"><i class=\"fas fa-2x fa-link\"><\/i><\/a><\/div><\/div><\/div><div class=\"jumbotron archivos\"><div class=\"row align-items-center\"><div class=\"col\"><h6><a class=\"text-dark\" href=\"https:\/\/comunidad.comprasdominicana.gob.do\/\/Public\/Tendering\/OpportunityDetail\/Index?noticeUID=DO1.NTC.1416450\" title=\"Ver\" target=\"_blank\">INESPRE-DAF-CM-2024-0043<\/a><\/h6><p class=\"mb-0 bold\">Adquisici\u00f3n de productos de papel dirigido a mipymes mujeres<\/p><p class=\"mb-0\" style=\"font-size: .85rem\"><strong title=\"Estado del Proceso\"><i class=\"fas fa-spinner\"><\/i><\/strong> Proceso adjudicado y celebrado<\/p><p class=\"mb-0\" style=\"font-size: .85rem\"><strong title=\"Fecha de Publicaci\u00f3n\"><i class=\"fas fa-calendar-alt\"><\/i><\/strong> Publicado el martes, 25 de junio de 2024<\/p><\/div><div class=\"col-auto mt-md-0 mt-2\"><a class=\"btn btn-primary btn-lg px-lg-4 d-none d-md-block\" href=\"https:\/\/comunidad.comprasdominicana.gob.do\/\/Public\/Tendering\/OpportunityDetail\/Index?noticeUID=DO1.NTC.1416450\" target=\"_blank\" title=\"Detalles\"><i class=\"fas fa-link\"><\/i> DETALLES<\/a><a class=\"btn btn-primary btn-lg px-lg-4 d-block d-md-none\" href=\"https:\/\/comunidad.comprasdominicana.gob.do\/\/Public\/Tendering\/OpportunityDetail\/Index?noticeUID=DO1.NTC.1416450\" target=\"_blank\" title=\"Detalles\"><i class=\"fas fa-2x fa-link\"><\/i><\/a><\/div><\/div><\/div><div class=\"jumbotron archivos\"><div class=\"row align-items-center\"><div class=\"col\"><h6><a class=\"text-dark\" href=\"https:\/\/comunidad.comprasdominicana.gob.do\/\/Public\/Tendering\/OpportunityDetail\/Index?noticeUID=DO1.NTC.1411825\" title=\"Ver\" target=\"_blank\">INESPRE-DAF-CM-2024-0042<\/a><\/h6><p class=\"mb-0 bold\">Adquisici\u00f3n de Alimentos y Bebidas para consumo Institucional dirigido a Mipymes Mujer<\/p><p class=\"mb-0\" style=\"font-size: .85rem\"><strong title=\"Estado del Proceso\"><i class=\"fas fa-spinner\"><\/i><\/strong> Proceso adjudicado y celebrado<\/p><p class=\"mb-0\" style=\"font-size: .85rem\"><strong title=\"Fecha de Publicaci\u00f3n\"><i class=\"fas fa-calendar-alt\"><\/i><\/strong> Publicado el mi\u00e9rcoles, 12 de junio de 2024<\/p><\/div><div class=\"col-auto mt-md-0 mt-2\"><a class=\"btn btn-primary btn-lg px-lg-4 d-none d-md-block\" href=\"https:\/\/comunidad.comprasdominicana.gob.do\/\/Public\/Tendering\/OpportunityDetail\/Index?noticeUID=DO1.NTC.1411825\" target=\"_blank\" title=\"Detalles\"><i class=\"fas fa-link\"><\/i> DETALLES<\/a><a class=\"btn btn-primary btn-lg px-lg-4 d-block d-md-none\" href=\"https:\/\/comunidad.comprasdominicana.gob.do\/\/Public\/Tendering\/OpportunityDetail\/Index?noticeUID=DO1.NTC.1411825\" target=\"_blank\" title=\"Detalles\"><i class=\"fas fa-2x fa-link\"><\/i><\/a><\/div><\/div><\/div><div class=\"jumbotron archivos\"><div class=\"row align-items-center\"><div class=\"col\"><h6><a class=\"text-dark\" href=\"https:\/\/comunidad.comprasdominicana.gob.do\/\/Public\/Tendering\/OpportunityDetail\/Index?noticeUID=DO1.NTC.1411418\" title=\"Ver\" target=\"_blank\">INESPRE-DAF-CM-2024-0038<\/a><\/h6><p class=\"mb-0 bold\">Adquisici\u00f3n de Pasta de Tomate dirigido a Mipymes Industriales<\/p><p class=\"mb-0\" style=\"font-size: .85rem\"><strong title=\"Estado del Proceso\"><i class=\"fas fa-spinner\"><\/i><\/strong> Proceso adjudicado y celebrado<\/p><p class=\"mb-0\" style=\"font-size: .85rem\"><strong title=\"Fecha de Publicaci\u00f3n\"><i class=\"fas fa-calendar-alt\"><\/i><\/strong> Publicado el mi\u00e9rcoles, 12 de junio de 2024<\/p><\/div><div class=\"col-auto mt-md-0 mt-2\"><a class=\"btn btn-primary btn-lg px-lg-4 d-none d-md-block\" href=\"https:\/\/comunidad.comprasdominicana.gob.do\/\/Public\/Tendering\/OpportunityDetail\/Index?noticeUID=DO1.NTC.1411418\" target=\"_blank\" title=\"Detalles\"><i class=\"fas fa-link\"><\/i> DETALLES<\/a><a class=\"btn btn-primary btn-lg px-lg-4 d-block d-md-none\" href=\"https:\/\/comunidad.comprasdominicana.gob.do\/\/Public\/Tendering\/OpportunityDetail\/Index?noticeUID=DO1.NTC.1411418\" target=\"_blank\" title=\"Detalles\"><i class=\"fas fa-2x fa-link\"><\/i><\/a><\/div><\/div><\/div><div class=\"jumbotron archivos\"><div class=\"row align-items-center\"><div class=\"col\"><h6><a class=\"text-dark\" href=\"https:\/\/comunidad.comprasdominicana.gob.do\/\/Public\/Tendering\/OpportunityDetail\/Index?noticeUID=DO1.NTC.1411229\" title=\"Ver\" target=\"_blank\">INESPRE-DAF-CM-2024-0041<\/a><\/h6><p class=\"mb-0 bold\">Adquisici\u00f3n de leche en polvo 125 gramos dirigido a Mipymes Mujer<\/p><p class=\"mb-0\" style=\"font-size: .85rem\"><strong title=\"Estado del Proceso\"><i class=\"fas fa-spinner\"><\/i><\/strong> Proceso adjudicado y celebrado<\/p><p class=\"mb-0\" style=\"font-size: .85rem\"><strong title=\"Fecha de Publicaci\u00f3n\"><i class=\"fas fa-calendar-alt\"><\/i><\/strong> Publicado el martes, 11 de junio de 2024<\/p><\/div><div class=\"col-auto mt-md-0 mt-2\"><a class=\"btn btn-primary btn-lg px-lg-4 d-none d-md-block\" href=\"https:\/\/comunidad.comprasdominicana.gob.do\/\/Public\/Tendering\/OpportunityDetail\/Index?noticeUID=DO1.NTC.1411229\" target=\"_blank\" title=\"Detalles\"><i class=\"fas fa-link\"><\/i> DETALLES<\/a><a class=\"btn btn-primary btn-lg px-lg-4 d-block d-md-none\" href=\"https:\/\/comunidad.comprasdominicana.gob.do\/\/Public\/Tendering\/OpportunityDetail\/Index?noticeUID=DO1.NTC.1411229\" target=\"_blank\" title=\"Detalles\"><i class=\"fas fa-2x fa-link\"><\/i><\/a><\/div><\/div><\/div><div class=\"jumbotron archivos\"><div class=\"row align-items-center\"><div class=\"col\"><h6><a class=\"text-dark\" href=\"https:\/\/comunidad.comprasdominicana.gob.do\/\/Public\/Tendering\/OpportunityDetail\/Index?noticeUID=DO1.NTC.1411033\" title=\"Ver\" target=\"_blank\">INESPRE-DAF-CM-2024-0037<\/a><\/h6><p class=\"mb-0 bold\">Adquisici\u00f3n de Salchichas de Cerdo 10 Onzas dirigido a Mipymes Mujer<\/p><p class=\"mb-0\" style=\"font-size: .85rem\"><strong title=\"Estado del Proceso\"><i class=\"fas fa-spinner\"><\/i><\/strong> Proceso adjudicado y celebrado<\/p><p class=\"mb-0\" style=\"font-size: .85rem\"><strong title=\"Fecha de Publicaci\u00f3n\"><i class=\"fas fa-calendar-alt\"><\/i><\/strong> Publicado el martes, 11 de junio de 2024<\/p><\/div><div class=\"col-auto mt-md-0 mt-2\"><a class=\"btn btn-primary btn-lg px-lg-4 d-none d-md-block\" href=\"https:\/\/comunidad.comprasdominicana.gob.do\/\/Public\/Tendering\/OpportunityDetail\/Index?noticeUID=DO1.NTC.1411033\" target=\"_blank\" title=\"Detalles\"><i class=\"fas fa-link\"><\/i> DETALLES<\/a><a class=\"btn btn-primary btn-lg px-lg-4 d-block d-md-none\" href=\"https:\/\/comunidad.comprasdominicana.gob.do\/\/Public\/Tendering\/OpportunityDetail\/Index?noticeUID=DO1.NTC.1411033\" target=\"_blank\" title=\"Detalles\"><i class=\"fas fa-2x fa-link\"><\/i><\/a><\/div><\/div><\/div><div class=\"jumbotron archivos\"><div class=\"row align-items-center\"><div class=\"col\"><h6><a class=\"text-dark\" href=\"https:\/\/comunidad.comprasdominicana.gob.do\/\/Public\/Tendering\/OpportunityDetail\/Index?noticeUID=DO1.NTC.1411135\" title=\"Ver\" target=\"_blank\">INESPRE-DAF-CM-2024-0039<\/a><\/h6><p class=\"mb-0 bold\">Adquisici\u00f3n de Caf\u00e9 Molido 1\/2 libra<\/p><p class=\"mb-0\" style=\"font-size: .85rem\"><strong title=\"Estado del Proceso\"><i class=\"fas fa-spinner\"><\/i><\/strong> Proceso adjudicado y celebrado<\/p><p class=\"mb-0\" style=\"font-size: .85rem\"><strong title=\"Fecha de Publicaci\u00f3n\"><i class=\"fas fa-calendar-alt\"><\/i><\/strong> Publicado el martes, 11 de junio de 2024<\/p><\/div><div class=\"col-auto mt-md-0 mt-2\"><a class=\"btn btn-primary btn-lg px-lg-4 d-none d-md-block\" href=\"https:\/\/comunidad.comprasdominicana.gob.do\/\/Public\/Tendering\/OpportunityDetail\/Index?noticeUID=DO1.NTC.1411135\" target=\"_blank\" title=\"Detalles\"><i class=\"fas fa-link\"><\/i> DETALLES<\/a><a class=\"btn btn-primary btn-lg px-lg-4 d-block d-md-none\" href=\"https:\/\/comunidad.comprasdominicana.gob.do\/\/Public\/Tendering\/OpportunityDetail\/Index?noticeUID=DO1.NTC.1411135\" target=\"_blank\" title=\"Detalles\"><i class=\"fas fa-2x fa-link\"><\/i><\/a><\/div><\/div><\/div><div class=\"jumbotron archivos\"><div class=\"row align-items-center\"><div class=\"col\"><h6><a class=\"text-dark\" href=\"https:\/\/comunidad.comprasdominicana.gob.do\/\/Public\/Tendering\/OpportunityDetail\/Index?noticeUID=DO1.NTC.1411133\" title=\"Ver\" target=\"_blank\">INESPRE-DAF-CM-2024-0040<\/a><\/h6><p class=\"mb-0 bold\">Adquisici\u00f3n de Az\u00facar Crema<\/p><p class=\"mb-0\" style=\"font-size: .85rem\"><strong title=\"Estado del Proceso\"><i class=\"fas fa-spinner\"><\/i><\/strong> Proceso adjudicado y celebrado<\/p><p class=\"mb-0\" style=\"font-size: .85rem\"><strong title=\"Fecha de Publicaci\u00f3n\"><i class=\"fas fa-calendar-alt\"><\/i><\/strong> Publicado el martes, 11 de junio de 2024<\/p><\/div><div class=\"col-auto mt-md-0 mt-2\"><a class=\"btn btn-primary btn-lg px-lg-4 d-none d-md-block\" href=\"https:\/\/comunidad.comprasdominicana.gob.do\/\/Public\/Tendering\/OpportunityDetail\/Index?noticeUID=DO1.NTC.1411133\" target=\"_blank\" title=\"Detalles\"><i class=\"fas fa-link\"><\/i> DETALLES<\/a><a class=\"btn btn-primary btn-lg px-lg-4 d-block d-md-none\" href=\"https:\/\/comunidad.comprasdominicana.gob.do\/\/Public\/Tendering\/OpportunityDetail\/Index?noticeUID=DO1.NTC.1411133\" target=\"_blank\" title=\"Detalles\"><i class=\"fas fa-2x fa-link\"><\/i><\/a><\/div><\/div><\/div><div class=\"jumbotron archivos\"><div class=\"row align-items-center\"><div class=\"col\"><h6><a class=\"text-dark\" href=\"https:\/\/comunidad.comprasdominicana.gob.do\/\/Public\/Tendering\/OpportunityDetail\/Index?noticeUID=DO1.NTC.1411211\" title=\"Ver\" target=\"_blank\">INESPRE-DAF-CM-2024-0034<\/a><\/h6><p class=\"mb-0 bold\">Adquisici\u00f3n de Sal molida dirigido a Mipymes Industriales <\/p><p class=\"mb-0\" style=\"font-size: .85rem\"><strong title=\"Estado del Proceso\"><i class=\"fas fa-spinner\"><\/i><\/strong> Proceso adjudicado y celebrado<\/p><p class=\"mb-0\" style=\"font-size: .85rem\"><strong title=\"Fecha de Publicaci\u00f3n\"><i class=\"fas fa-calendar-alt\"><\/i><\/strong> Publicado el martes, 11 de junio de 2024<\/p><\/div><div class=\"col-auto mt-md-0 mt-2\"><a class=\"btn btn-primary btn-lg px-lg-4 d-none d-md-block\" href=\"https:\/\/comunidad.comprasdominicana.gob.do\/\/Public\/Tendering\/OpportunityDetail\/Index?noticeUID=DO1.NTC.1411211\" target=\"_blank\" title=\"Detalles\"><i class=\"fas fa-link\"><\/i> DETALLES<\/a><a class=\"btn btn-primary btn-lg px-lg-4 d-block d-md-none\" href=\"https:\/\/comunidad.comprasdominicana.gob.do\/\/Public\/Tendering\/OpportunityDetail\/Index?noticeUID=DO1.NTC.1411211\" target=\"_blank\" title=\"Detalles\"><i class=\"fas fa-2x fa-link\"><\/i><\/a><\/div><\/div><\/div><div class=\"jumbotron archivos\"><div class=\"row align-items-center\"><div class=\"col\"><h6><a class=\"text-dark\" href=\"https:\/\/comunidad.comprasdominicana.gob.do\/\/Public\/Tendering\/OpportunityDetail\/Index?noticeUID=DO1.NTC.1411210\" title=\"Ver\" target=\"_blank\">INESPRE-DAF-CM-2024-0036<\/a><\/h6><p class=\"mb-0 bold\">Adquisici\u00f3n de Espaguetis dirigido a Mipymes<\/p><p class=\"mb-0\" style=\"font-size: .85rem\"><strong title=\"Estado del Proceso\"><i class=\"fas fa-spinner\"><\/i><\/strong> Proceso adjudicado y celebrado<\/p><p class=\"mb-0\" style=\"font-size: .85rem\"><strong title=\"Fecha de Publicaci\u00f3n\"><i class=\"fas fa-calendar-alt\"><\/i><\/strong> Publicado el martes, 11 de junio de 2024<\/p><\/div><div class=\"col-auto mt-md-0 mt-2\"><a class=\"btn btn-primary btn-lg px-lg-4 d-none d-md-block\" href=\"https:\/\/comunidad.comprasdominicana.gob.do\/\/Public\/Tendering\/OpportunityDetail\/Index?noticeUID=DO1.NTC.1411210\" target=\"_blank\" title=\"Detalles\"><i class=\"fas fa-link\"><\/i> DETALLES<\/a><a class=\"btn btn-primary btn-lg px-lg-4 d-block d-md-none\" href=\"https:\/\/comunidad.comprasdominicana.gob.do\/\/Public\/Tendering\/OpportunityDetail\/Index?noticeUID=DO1.NTC.1411210\" target=\"_blank\" title=\"Detalles\"><i class=\"fas fa-2x fa-link\"><\/i><\/a><\/div><\/div><\/div><div class=\"jumbotron archivos\"><div class=\"row align-items-center\"><div class=\"col\"><h6><a class=\"text-dark\" href=\"https:\/\/comunidad.comprasdominicana.gob.do\/\/Public\/Tendering\/OpportunityDetail\/Index?noticeUID=DO1.NTC.1410912\" title=\"Ver\" target=\"_blank\">INESPRE-DAF-CM-2024-0035<\/a><\/h6><p class=\"mb-0 bold\">Adquisici\u00f3n de Sardinas en salsa de tomate<\/p><p class=\"mb-0\" style=\"font-size: .85rem\"><strong title=\"Estado del Proceso\"><i class=\"fas fa-spinner\"><\/i><\/strong> Proceso adjudicado y celebrado<\/p><p class=\"mb-0\" style=\"font-size: .85rem\"><strong title=\"Fecha de Publicaci\u00f3n\"><i class=\"fas fa-calendar-alt\"><\/i><\/strong> Publicado el martes, 11 de junio de 2024<\/p><\/div><div class=\"col-auto mt-md-0 mt-2\"><a class=\"btn btn-primary btn-lg px-lg-4 d-none d-md-block\" href=\"https:\/\/comunidad.comprasdominicana.gob.do\/\/Public\/Tendering\/OpportunityDetail\/Index?noticeUID=DO1.NTC.1410912\" target=\"_blank\" title=\"Detalles\"><i class=\"fas fa-link\"><\/i> DETALLES<\/a><a class=\"btn btn-primary btn-lg px-lg-4 d-block d-md-none\" href=\"https:\/\/comunidad.comprasdominicana.gob.do\/\/Public\/Tendering\/OpportunityDetail\/Index?noticeUID=DO1.NTC.1410912\" target=\"_blank\" title=\"Detalles\"><i class=\"fas fa-2x fa-link\"><\/i><\/a><\/div><\/div><\/div><div class=\"jumbotron archivos\"><div class=\"row align-items-center\"><div class=\"col\"><h6><a class=\"text-dark\" href=\"https:\/\/comunidad.comprasdominicana.gob.do\/\/Public\/Tendering\/OpportunityDetail\/Index?noticeUID=DO1.NTC.1410810\" title=\"Ver\" target=\"_blank\">INESPRE-DAF-CM-2024-0033<\/a><\/h6><p class=\"mb-0 bold\">Adquisici\u00f3n de Guandules y Ma\u00edz enlatados<\/p><p class=\"mb-0\" style=\"font-size: .85rem\"><strong title=\"Estado del Proceso\"><i class=\"fas fa-spinner\"><\/i><\/strong> Proceso adjudicado y celebrado<\/p><p class=\"mb-0\" style=\"font-size: .85rem\"><strong title=\"Fecha de Publicaci\u00f3n\"><i class=\"fas fa-calendar-alt\"><\/i><\/strong> Publicado el martes, 11 de junio de 2024<\/p><\/div><div class=\"col-auto mt-md-0 mt-2\"><a class=\"btn btn-primary btn-lg px-lg-4 d-none d-md-block\" href=\"https:\/\/comunidad.comprasdominicana.gob.do\/\/Public\/Tendering\/OpportunityDetail\/Index?noticeUID=DO1.NTC.1410810\" target=\"_blank\" title=\"Detalles\"><i class=\"fas fa-link\"><\/i> DETALLES<\/a><a class=\"btn btn-primary btn-lg px-lg-4 d-block d-md-none\" href=\"https:\/\/comunidad.comprasdominicana.gob.do\/\/Public\/Tendering\/OpportunityDetail\/Index?noticeUID=DO1.NTC.1410810\" target=\"_blank\" title=\"Detalles\"><i class=\"fas fa-2x fa-link\"><\/i><\/a><\/div><\/div><\/div><div class=\"jumbotron archivos\"><div class=\"row align-items-center\"><div class=\"col\"><h6><a class=\"text-dark\" href=\"https:\/\/comunidad.comprasdominicana.gob.do\/\/Public\/Tendering\/OpportunityDetail\/Index?noticeUID=DO1.NTC.1411108\" title=\"Ver\" target=\"_blank\">INESPRE-DAF-CM-2024-0032<\/a><\/h6><p class=\"mb-0 bold\">Adquisici\u00f3n de Avena Entera<\/p><p class=\"mb-0\" style=\"font-size: .85rem\"><strong title=\"Estado del Proceso\"><i class=\"fas fa-spinner\"><\/i><\/strong> Proceso adjudicado y celebrado<\/p><p class=\"mb-0\" style=\"font-size: .85rem\"><strong title=\"Fecha de Publicaci\u00f3n\"><i class=\"fas fa-calendar-alt\"><\/i><\/strong> Publicado el martes, 11 de junio de 2024<\/p><\/div><div class=\"col-auto mt-md-0 mt-2\"><a class=\"btn btn-primary btn-lg px-lg-4 d-none d-md-block\" href=\"https:\/\/comunidad.comprasdominicana.gob.do\/\/Public\/Tendering\/OpportunityDetail\/Index?noticeUID=DO1.NTC.1411108\" target=\"_blank\" title=\"Detalles\"><i class=\"fas fa-link\"><\/i> DETALLES<\/a><a class=\"btn btn-primary btn-lg px-lg-4 d-block d-md-none\" href=\"https:\/\/comunidad.comprasdominicana.gob.do\/\/Public\/Tendering\/OpportunityDetail\/Index?noticeUID=DO1.NTC.1411108\" target=\"_blank\" title=\"Detalles\"><i class=\"fas fa-2x fa-link\"><\/i><\/a><\/div><\/div><\/div><div class=\"jumbotron archivos\"><div class=\"row align-items-center\"><div class=\"col\"><h6><a class=\"text-dark\" href=\"https:\/\/comunidad.comprasdominicana.gob.do\/\/Public\/Tendering\/OpportunityDetail\/Index?noticeUID=DO1.NTC.1410447\" title=\"Ver\" target=\"_blank\">INESPRE-DAF-CM-2024-0030<\/a><\/h6><p class=\"mb-0 bold\">Adquisici\u00f3n de Saz\u00f3n en polvo y Vinagre dorado dirigido a Mipymes Mujeres<\/p><p class=\"mb-0\" style=\"font-size: .85rem\"><strong title=\"Estado del Proceso\"><i class=\"fas fa-spinner\"><\/i><\/strong> Proceso adjudicado y celebrado<\/p><p class=\"mb-0\" style=\"font-size: .85rem\"><strong title=\"Fecha de Publicaci\u00f3n\"><i class=\"fas fa-calendar-alt\"><\/i><\/strong> Publicado el lunes, 10 de junio de 2024<\/p><\/div><div class=\"col-auto mt-md-0 mt-2\"><a class=\"btn btn-primary btn-lg px-lg-4 d-none d-md-block\" href=\"https:\/\/comunidad.comprasdominicana.gob.do\/\/Public\/Tendering\/OpportunityDetail\/Index?noticeUID=DO1.NTC.1410447\" target=\"_blank\" title=\"Detalles\"><i class=\"fas fa-link\"><\/i> DETALLES<\/a><a class=\"btn btn-primary btn-lg px-lg-4 d-block d-md-none\" href=\"https:\/\/comunidad.comprasdominicana.gob.do\/\/Public\/Tendering\/OpportunityDetail\/Index?noticeUID=DO1.NTC.1410447\" target=\"_blank\" title=\"Detalles\"><i class=\"fas fa-2x fa-link\"><\/i><\/a><\/div><\/div><\/div><div class=\"jumbotron archivos\"><div class=\"row align-items-center\"><div class=\"col\"><h6><a class=\"text-dark\" href=\"https:\/\/comunidad.comprasdominicana.gob.do\/\/Public\/Tendering\/OpportunityDetail\/Index?noticeUID=DO1.NTC.1410446\" title=\"Ver\" target=\"_blank\">INESPRE-DAF-CM-2024-0031<\/a><\/h6><p class=\"mb-0 bold\">Adquisici\u00f3n de Harina de Ma\u00edz dirigido a Mipymes<\/p><p class=\"mb-0\" style=\"font-size: .85rem\"><strong title=\"Estado del Proceso\"><i class=\"fas fa-spinner\"><\/i><\/strong> Proceso adjudicado y celebrado<\/p><p class=\"mb-0\" style=\"font-size: .85rem\"><strong title=\"Fecha de Publicaci\u00f3n\"><i class=\"fas fa-calendar-alt\"><\/i><\/strong> Publicado el lunes, 10 de junio de 2024<\/p><\/div><div class=\"col-auto mt-md-0 mt-2\"><a class=\"btn btn-primary btn-lg px-lg-4 d-none d-md-block\" href=\"https:\/\/comunidad.comprasdominicana.gob.do\/\/Public\/Tendering\/OpportunityDetail\/Index?noticeUID=DO1.NTC.1410446\" target=\"_blank\" title=\"Detalles\"><i class=\"fas fa-link\"><\/i> DETALLES<\/a><a class=\"btn btn-primary btn-lg px-lg-4 d-block d-md-none\" href=\"https:\/\/comunidad.comprasdominicana.gob.do\/\/Public\/Tendering\/OpportunityDetail\/Index?noticeUID=DO1.NTC.1410446\" target=\"_blank\" title=\"Detalles\"><i class=\"fas fa-2x fa-link\"><\/i><\/a><\/div><\/div><\/div><div class=\"jumbotron archivos\"><div class=\"row align-items-center\"><div class=\"col\"><h6><a class=\"text-dark\" href=\"https:\/\/comunidad.comprasdominicana.gob.do\/\/Public\/Tendering\/OpportunityDetail\/Index?noticeUID=DO1.NTC.1410543\" title=\"Ver\" target=\"_blank\">INESPRE-DAF-CM-2024-0029<\/a><\/h6><p class=\"mb-0 bold\">Adquisici\u00f3n de chocolate en barra 10\/1<\/p><p class=\"mb-0\" style=\"font-size: .85rem\"><strong title=\"Estado del Proceso\"><i class=\"fas fa-spinner\"><\/i><\/strong> Proceso adjudicado y celebrado<\/p><p class=\"mb-0\" style=\"font-size: .85rem\"><strong title=\"Fecha de Publicaci\u00f3n\"><i class=\"fas fa-calendar-alt\"><\/i><\/strong> Publicado el lunes, 10 de junio de 2024<\/p><\/div><div class=\"col-auto mt-md-0 mt-2\"><a class=\"btn btn-primary btn-lg px-lg-4 d-none d-md-block\" href=\"https:\/\/comunidad.comprasdominicana.gob.do\/\/Public\/Tendering\/OpportunityDetail\/Index?noticeUID=DO1.NTC.1410543\" target=\"_blank\" title=\"Detalles\"><i class=\"fas fa-link\"><\/i> DETALLES<\/a><a class=\"btn btn-primary btn-lg px-lg-4 d-block d-md-none\" href=\"https:\/\/comunidad.comprasdominicana.gob.do\/\/Public\/Tendering\/OpportunityDetail\/Index?noticeUID=DO1.NTC.1410543\" target=\"_blank\" title=\"Detalles\"><i class=\"fas fa-2x fa-link\"><\/i><\/a><\/div><\/div><\/div><\/div><\/div><\/div>\n        <div class=\"card\">\n            <div class=\"card-header parents\" id=\"heading_compras-menores-69f73f7454400-2024-69f73f7454400-mayo-69f73f7454400\">\n                <p class=\"title text-blue mb-0\">\n                    <a class=\"btn-block hover text-left collapsed\" data-toggle=\"collapse\" data-target=\"#collap_compras-menores-69f73f7454400-2024-69f73f7454400-mayo-69f73f7454400\" aria-expanded=\"false\" aria-controls=\"collap_compras-menores-69f73f7454400-2024-69f73f7454400-mayo-69f73f7454400\">Mayo<\/a>\n                <\/p>\n            <\/div>\n            <div id=\"collap_compras-menores-69f73f7454400-2024-69f73f7454400-mayo-69f73f7454400\" class=\"collapse\" aria-labelledby=\"heading_compras-menores-69f73f7454400-2024-69f73f7454400-mayo-69f73f7454400\" data-parent=\"#collap_compras-menores-69f73f7454400-2024-69f73f7454400\">\n                <div class=\"card-body\"><div class=\"jumbotron archivos\"><div class=\"row align-items-center\"><div class=\"col\"><h6><a class=\"text-dark\" href=\"https:\/\/comunidad.comprasdominicana.gob.do\/\/Public\/Tendering\/OpportunityDetail\/Index?noticeUID=DO1.NTC.1400628\" title=\"Ver\" target=\"_blank\">INESPRE-DAF-CM-2024-0028<\/a><\/h6><p class=\"mb-0 bold\">Servicio de alquiler de dos contenedores refrigerados por un periodo de tres (03) meses dirigido a Mipymes Mujeres<\/p><p class=\"mb-0\" style=\"font-size: .85rem\"><strong title=\"Estado del Proceso\"><i class=\"fas fa-spinner\"><\/i><\/strong> Proceso adjudicado y celebrado<\/p><p class=\"mb-0\" style=\"font-size: .85rem\"><strong title=\"Fecha de Publicaci\u00f3n\"><i class=\"fas fa-calendar-alt\"><\/i><\/strong> Publicado el mi\u00e9rcoles, 15 de mayo de 2024<\/p><\/div><div class=\"col-auto mt-md-0 mt-2\"><a class=\"btn btn-primary btn-lg px-lg-4 d-none d-md-block\" href=\"https:\/\/comunidad.comprasdominicana.gob.do\/\/Public\/Tendering\/OpportunityDetail\/Index?noticeUID=DO1.NTC.1400628\" target=\"_blank\" title=\"Detalles\"><i class=\"fas fa-link\"><\/i> DETALLES<\/a><a class=\"btn btn-primary btn-lg px-lg-4 d-block d-md-none\" href=\"https:\/\/comunidad.comprasdominicana.gob.do\/\/Public\/Tendering\/OpportunityDetail\/Index?noticeUID=DO1.NTC.1400628\" target=\"_blank\" title=\"Detalles\"><i class=\"fas fa-2x fa-link\"><\/i><\/a><\/div><\/div><\/div><div class=\"jumbotron archivos\"><div class=\"row align-items-center\"><div class=\"col\"><h6><a class=\"text-dark\" href=\"https:\/\/comunidad.comprasdominicana.gob.do\/\/Public\/Tendering\/OpportunityDetail\/Index?noticeUID=DO1.NTC.1400832\" title=\"Ver\" target=\"_blank\">INESPRE-DAF-CM-2024-0027<\/a><\/h6><p class=\"mb-0 bold\">Adquisici\u00f3n de pinturas y accesorios<\/p><p class=\"mb-0\" style=\"font-size: .85rem\"><strong title=\"Estado del Proceso\"><i class=\"fas fa-spinner\"><\/i><\/strong> Proceso adjudicado y celebrado<\/p><p class=\"mb-0\" style=\"font-size: .85rem\"><strong title=\"Fecha de Publicaci\u00f3n\"><i class=\"fas fa-calendar-alt\"><\/i><\/strong> Publicado el mi\u00e9rcoles, 15 de mayo de 2024<\/p><\/div><div class=\"col-auto mt-md-0 mt-2\"><a class=\"btn btn-primary btn-lg px-lg-4 d-none d-md-block\" href=\"https:\/\/comunidad.comprasdominicana.gob.do\/\/Public\/Tendering\/OpportunityDetail\/Index?noticeUID=DO1.NTC.1400832\" target=\"_blank\" title=\"Detalles\"><i class=\"fas fa-link\"><\/i> DETALLES<\/a><a class=\"btn btn-primary btn-lg px-lg-4 d-block d-md-none\" href=\"https:\/\/comunidad.comprasdominicana.gob.do\/\/Public\/Tendering\/OpportunityDetail\/Index?noticeUID=DO1.NTC.1400832\" target=\"_blank\" title=\"Detalles\"><i class=\"fas fa-2x fa-link\"><\/i><\/a><\/div><\/div><\/div><\/div><\/div><\/div>\n        <div class=\"card\">\n            <div class=\"card-header parents\" id=\"heading_compras-menores-69f73f7454400-2024-69f73f7454400-abril-69f73f7454400\">\n                <p class=\"title text-blue mb-0\">\n                    <a class=\"btn-block hover text-left collapsed\" data-toggle=\"collapse\" data-target=\"#collap_compras-menores-69f73f7454400-2024-69f73f7454400-abril-69f73f7454400\" aria-expanded=\"false\" aria-controls=\"collap_compras-menores-69f73f7454400-2024-69f73f7454400-abril-69f73f7454400\">Abril<\/a>\n                <\/p>\n            <\/div>\n            <div id=\"collap_compras-menores-69f73f7454400-2024-69f73f7454400-abril-69f73f7454400\" class=\"collapse\" aria-labelledby=\"heading_compras-menores-69f73f7454400-2024-69f73f7454400-abril-69f73f7454400\" data-parent=\"#collap_compras-menores-69f73f7454400-2024-69f73f7454400\">\n                <div class=\"card-body\"><div class=\"jumbotron archivos\"><div class=\"row align-items-center\"><div class=\"col\"><h6><a class=\"text-dark\" href=\"https:\/\/comunidad.comprasdominicana.gob.do\/\/Public\/Tendering\/OpportunityDetail\/Index?noticeUID=DO1.NTC.1393329\" title=\"Ver\" target=\"_blank\">INESPRE-DAF-CM-2024-0025<\/a><\/h6><p class=\"mb-0 bold\">Contrataci\u00f3n del servicio de renta e instalaci\u00f3n de impresoras multifuncionales (Compras Verdes)<\/p><p class=\"mb-0\" style=\"font-size: .85rem\"><strong title=\"Estado del Proceso\"><i class=\"fas fa-spinner\"><\/i><\/strong> Proceso adjudicado y celebrado<\/p><p class=\"mb-0\" style=\"font-size: .85rem\"><strong title=\"Fecha de Publicaci\u00f3n\"><i class=\"fas fa-calendar-alt\"><\/i><\/strong> Publicado el viernes, 26 de abril de 2024<\/p><\/div><div class=\"col-auto mt-md-0 mt-2\"><a class=\"btn btn-primary btn-lg px-lg-4 d-none d-md-block\" href=\"https:\/\/comunidad.comprasdominicana.gob.do\/\/Public\/Tendering\/OpportunityDetail\/Index?noticeUID=DO1.NTC.1393329\" target=\"_blank\" title=\"Detalles\"><i class=\"fas fa-link\"><\/i> DETALLES<\/a><a class=\"btn btn-primary btn-lg px-lg-4 d-block d-md-none\" href=\"https:\/\/comunidad.comprasdominicana.gob.do\/\/Public\/Tendering\/OpportunityDetail\/Index?noticeUID=DO1.NTC.1393329\" target=\"_blank\" title=\"Detalles\"><i class=\"fas fa-2x fa-link\"><\/i><\/a><\/div><\/div><\/div><div class=\"jumbotron archivos\"><div class=\"row align-items-center\"><div class=\"col\"><h6><a class=\"text-dark\" href=\"https:\/\/comunidad.comprasdominicana.gob.do\/\/Public\/Tendering\/OpportunityDetail\/Index?noticeUID=DO1.NTC.1393431\" title=\"Ver\" target=\"_blank\">INESPRE-DAF-CM-2024-0026<\/a><\/h6><p class=\"mb-0 bold\">Adquisici\u00f3n de materiales para instalaci\u00f3n de compresor de aire para maquina empacadora dirigido a Mipymes Mujeres<\/p><p class=\"mb-0\" style=\"font-size: .85rem\"><strong title=\"Estado del Proceso\"><i class=\"fas fa-spinner\"><\/i><\/strong> Proceso adjudicado y celebrado<\/p><p class=\"mb-0\" style=\"font-size: .85rem\"><strong title=\"Fecha de Publicaci\u00f3n\"><i class=\"fas fa-calendar-alt\"><\/i><\/strong> Publicado el viernes, 26 de abril de 2024<\/p><\/div><div class=\"col-auto mt-md-0 mt-2\"><a class=\"btn btn-primary btn-lg px-lg-4 d-none d-md-block\" href=\"https:\/\/comunidad.comprasdominicana.gob.do\/\/Public\/Tendering\/OpportunityDetail\/Index?noticeUID=DO1.NTC.1393431\" target=\"_blank\" title=\"Detalles\"><i class=\"fas fa-link\"><\/i> DETALLES<\/a><a class=\"btn btn-primary btn-lg px-lg-4 d-block d-md-none\" href=\"https:\/\/comunidad.comprasdominicana.gob.do\/\/Public\/Tendering\/OpportunityDetail\/Index?noticeUID=DO1.NTC.1393431\" target=\"_blank\" title=\"Detalles\"><i class=\"fas fa-2x fa-link\"><\/i><\/a><\/div><\/div><\/div><div class=\"jumbotron archivos\"><div class=\"row align-items-center\"><div class=\"col\"><h6><a class=\"text-dark\" href=\"https:\/\/comunidad.comprasdominicana.gob.do\/\/Public\/Tendering\/OpportunityDetail\/Index?noticeUID=DO1.NTC.1389641\" title=\"Ver\" target=\"_blank\">INESPRE-DAF-CM-2024-0024<\/a><\/h6><p class=\"mb-0 bold\">Adquisici\u00f3n de Aires Acondicionados (compras verdes)<\/p><p class=\"mb-0\" style=\"font-size: .85rem\"><strong title=\"Estado del Proceso\"><i class=\"fas fa-spinner\"><\/i><\/strong> Proceso adjudicado y celebrado<\/p><p class=\"mb-0\" style=\"font-size: .85rem\"><strong title=\"Fecha de Publicaci\u00f3n\"><i class=\"fas fa-calendar-alt\"><\/i><\/strong> Publicado el jueves, 18 de abril de 2024<\/p><\/div><div class=\"col-auto mt-md-0 mt-2\"><a class=\"btn btn-primary btn-lg px-lg-4 d-none d-md-block\" href=\"https:\/\/comunidad.comprasdominicana.gob.do\/\/Public\/Tendering\/OpportunityDetail\/Index?noticeUID=DO1.NTC.1389641\" target=\"_blank\" title=\"Detalles\"><i class=\"fas fa-link\"><\/i> DETALLES<\/a><a class=\"btn btn-primary btn-lg px-lg-4 d-block d-md-none\" href=\"https:\/\/comunidad.comprasdominicana.gob.do\/\/Public\/Tendering\/OpportunityDetail\/Index?noticeUID=DO1.NTC.1389641\" target=\"_blank\" title=\"Detalles\"><i class=\"fas fa-2x fa-link\"><\/i><\/a><\/div><\/div><\/div><\/div><\/div><\/div>\n        <div class=\"card\">\n            <div class=\"card-header parents\" id=\"heading_compras-menores-69f73f7454400-2024-69f73f7454400-marzo-69f73f7454400\">\n                <p class=\"title text-blue mb-0\">\n                    <a class=\"btn-block hover text-left collapsed\" data-toggle=\"collapse\" data-target=\"#collap_compras-menores-69f73f7454400-2024-69f73f7454400-marzo-69f73f7454400\" aria-expanded=\"false\" aria-controls=\"collap_compras-menores-69f73f7454400-2024-69f73f7454400-marzo-69f73f7454400\">Marzo<\/a>\n                <\/p>\n            <\/div>\n            <div id=\"collap_compras-menores-69f73f7454400-2024-69f73f7454400-marzo-69f73f7454400\" class=\"collapse\" aria-labelledby=\"heading_compras-menores-69f73f7454400-2024-69f73f7454400-marzo-69f73f7454400\" data-parent=\"#collap_compras-menores-69f73f7454400-2024-69f73f7454400\">\n                <div class=\"card-body\"><div class=\"jumbotron archivos\"><div class=\"row align-items-center\"><div class=\"col\"><h6><a class=\"text-dark\" href=\"https:\/\/comunidad.comprasdominicana.gob.do\/\/Public\/Tendering\/OpportunityDetail\/Index?noticeUID=DO1.NTC.1380613\" title=\"Ver\" target=\"_blank\">INESPRE-DAF-CM-2024-0021<\/a><\/h6><p class=\"mb-0 bold\">Adquisici\u00f3n de Herramientas dirigido a Mipymes Mujeres<\/p><p class=\"mb-0\" style=\"font-size: .85rem\"><strong title=\"Estado del Proceso\"><i class=\"fas fa-spinner\"><\/i><\/strong> Proceso adjudicado y celebrado<\/p><p class=\"mb-0\" style=\"font-size: .85rem\"><strong title=\"Fecha de Publicaci\u00f3n\"><i class=\"fas fa-calendar-alt\"><\/i><\/strong> Publicado el mi\u00e9rcoles, 27 de marzo de 2024<\/p><\/div><div class=\"col-auto mt-md-0 mt-2\"><a class=\"btn btn-primary btn-lg px-lg-4 d-none d-md-block\" href=\"https:\/\/comunidad.comprasdominicana.gob.do\/\/Public\/Tendering\/OpportunityDetail\/Index?noticeUID=DO1.NTC.1380613\" target=\"_blank\" title=\"Detalles\"><i class=\"fas fa-link\"><\/i> DETALLES<\/a><a class=\"btn btn-primary btn-lg px-lg-4 d-block d-md-none\" href=\"https:\/\/comunidad.comprasdominicana.gob.do\/\/Public\/Tendering\/OpportunityDetail\/Index?noticeUID=DO1.NTC.1380613\" target=\"_blank\" title=\"Detalles\"><i class=\"fas fa-2x fa-link\"><\/i><\/a><\/div><\/div><\/div><div class=\"jumbotron archivos\"><div class=\"row align-items-center\"><div class=\"col\"><h6><a class=\"text-dark\" href=\"https:\/\/comunidad.comprasdominicana.gob.do\/\/Public\/Tendering\/OpportunityDetail\/Index?noticeUID=DO1.NTC.1379934\" title=\"Ver\" target=\"_blank\">INESPRE-DAF-CM-2024-0023<\/a><\/h6><p class=\"mb-0 bold\">Adquisici\u00f3n de uniformes en tela org\u00e1nica (Compras Verdes)<\/p><p class=\"mb-0\" style=\"font-size: .85rem\"><strong title=\"Estado del Proceso\"><i class=\"fas fa-spinner\"><\/i><\/strong> Proceso desierto<\/p><p class=\"mb-0\" style=\"font-size: .85rem\"><strong title=\"Fecha de Publicaci\u00f3n\"><i class=\"fas fa-calendar-alt\"><\/i><\/strong> Publicado el martes, 26 de marzo de 2024<\/p><\/div><div class=\"col-auto mt-md-0 mt-2\"><a class=\"btn btn-primary btn-lg px-lg-4 d-none d-md-block\" href=\"https:\/\/comunidad.comprasdominicana.gob.do\/\/Public\/Tendering\/OpportunityDetail\/Index?noticeUID=DO1.NTC.1379934\" target=\"_blank\" title=\"Detalles\"><i class=\"fas fa-link\"><\/i> DETALLES<\/a><a class=\"btn btn-primary btn-lg px-lg-4 d-block d-md-none\" href=\"https:\/\/comunidad.comprasdominicana.gob.do\/\/Public\/Tendering\/OpportunityDetail\/Index?noticeUID=DO1.NTC.1379934\" target=\"_blank\" title=\"Detalles\"><i class=\"fas fa-2x fa-link\"><\/i><\/a><\/div><\/div><\/div><div class=\"jumbotron archivos\"><div class=\"row align-items-center\"><div class=\"col\"><h6><a class=\"text-dark\" href=\"https:\/\/comunidad.comprasdominicana.gob.do\/\/Public\/Tendering\/OpportunityDetail\/Index?noticeUID=DO1.NTC.1380012\" title=\"Ver\" target=\"_blank\">INESPRE-DAF-CM-2024-0022<\/a><\/h6><p class=\"mb-0 bold\">Adquisici\u00f3n de Medicamentos<\/p><p class=\"mb-0\" style=\"font-size: .85rem\"><strong title=\"Estado del Proceso\"><i class=\"fas fa-spinner\"><\/i><\/strong> Proceso adjudicado y celebrado<\/p><p class=\"mb-0\" style=\"font-size: .85rem\"><strong title=\"Fecha de Publicaci\u00f3n\"><i class=\"fas fa-calendar-alt\"><\/i><\/strong> Publicado el martes, 26 de marzo de 2024<\/p><\/div><div class=\"col-auto mt-md-0 mt-2\"><a class=\"btn btn-primary btn-lg px-lg-4 d-none d-md-block\" href=\"https:\/\/comunidad.comprasdominicana.gob.do\/\/Public\/Tendering\/OpportunityDetail\/Index?noticeUID=DO1.NTC.1380012\" target=\"_blank\" title=\"Detalles\"><i class=\"fas fa-link\"><\/i> DETALLES<\/a><a class=\"btn btn-primary btn-lg px-lg-4 d-block d-md-none\" href=\"https:\/\/comunidad.comprasdominicana.gob.do\/\/Public\/Tendering\/OpportunityDetail\/Index?noticeUID=DO1.NTC.1380012\" target=\"_blank\" title=\"Detalles\"><i class=\"fas fa-2x fa-link\"><\/i><\/a><\/div><\/div><\/div><div class=\"jumbotron archivos\"><div class=\"row align-items-center\"><div class=\"col\"><h6><a class=\"text-dark\" href=\"https:\/\/comunidad.comprasdominicana.gob.do\/\/Public\/Tendering\/OpportunityDetail\/Index?noticeUID=DO1.NTC.1379217\" title=\"Ver\" target=\"_blank\">INESPRE-DAF-CM-2024-0020<\/a><\/h6><p class=\"mb-0 bold\">Servicio de Rotulaci\u00f3n de Veh\u00edculos<\/p><p class=\"mb-0\" style=\"font-size: .85rem\"><strong title=\"Estado del Proceso\"><i class=\"fas fa-spinner\"><\/i><\/strong> Proceso adjudicado y celebrado<\/p><p class=\"mb-0\" style=\"font-size: .85rem\"><strong title=\"Fecha de Publicaci\u00f3n\"><i class=\"fas fa-calendar-alt\"><\/i><\/strong> Publicado el lunes, 25 de marzo de 2024<\/p><\/div><div class=\"col-auto mt-md-0 mt-2\"><a class=\"btn btn-primary btn-lg px-lg-4 d-none d-md-block\" href=\"https:\/\/comunidad.comprasdominicana.gob.do\/\/Public\/Tendering\/OpportunityDetail\/Index?noticeUID=DO1.NTC.1379217\" target=\"_blank\" title=\"Detalles\"><i class=\"fas fa-link\"><\/i> DETALLES<\/a><a class=\"btn btn-primary btn-lg px-lg-4 d-block d-md-none\" href=\"https:\/\/comunidad.comprasdominicana.gob.do\/\/Public\/Tendering\/OpportunityDetail\/Index?noticeUID=DO1.NTC.1379217\" target=\"_blank\" title=\"Detalles\"><i class=\"fas fa-2x fa-link\"><\/i><\/a><\/div><\/div><\/div><div class=\"jumbotron archivos\"><div class=\"row align-items-center\"><div class=\"col\"><h6><a class=\"text-dark\" href=\"https:\/\/comunidad.comprasdominicana.gob.do\/\/Public\/Tendering\/OpportunityDetail\/Index?noticeUID=DO1.NTC.1376115\" title=\"Ver\" target=\"_blank\">INESPRE-DAF-CM-2024-0019<\/a><\/h6><p class=\"mb-0 bold\">Servicio de Almuerzos a domicilio<\/p><p class=\"mb-0\" style=\"font-size: .85rem\"><strong title=\"Estado del Proceso\"><i class=\"fas fa-spinner\"><\/i><\/strong> Proceso adjudicado y celebrado<\/p><p class=\"mb-0\" style=\"font-size: .85rem\"><strong title=\"Fecha de Publicaci\u00f3n\"><i class=\"fas fa-calendar-alt\"><\/i><\/strong> Publicado el lunes, 18 de marzo de 2024<\/p><\/div><div class=\"col-auto mt-md-0 mt-2\"><a class=\"btn btn-primary btn-lg px-lg-4 d-none d-md-block\" href=\"https:\/\/comunidad.comprasdominicana.gob.do\/\/Public\/Tendering\/OpportunityDetail\/Index?noticeUID=DO1.NTC.1376115\" target=\"_blank\" title=\"Detalles\"><i class=\"fas fa-link\"><\/i> DETALLES<\/a><a class=\"btn btn-primary btn-lg px-lg-4 d-block d-md-none\" href=\"https:\/\/comunidad.comprasdominicana.gob.do\/\/Public\/Tendering\/OpportunityDetail\/Index?noticeUID=DO1.NTC.1376115\" target=\"_blank\" title=\"Detalles\"><i class=\"fas fa-2x fa-link\"><\/i><\/a><\/div><\/div><\/div><div class=\"jumbotron archivos\"><div class=\"row align-items-center\"><div class=\"col\"><h6><a class=\"text-dark\" href=\"https:\/\/comunidad.comprasdominicana.gob.do\/\/Public\/Tendering\/OpportunityDetail\/Index?noticeUID=DO1.NTC.1373824\" title=\"Ver\" target=\"_blank\">INESPRE-DAF-CM-2024-0017<\/a><\/h6><p class=\"mb-0 bold\">Servicio de Almacenes Refrigerados por un periodo de tres (03) meses dirigido a Mipymes Mujeres<\/p><p class=\"mb-0\" style=\"font-size: .85rem\"><strong title=\"Estado del Proceso\"><i class=\"fas fa-spinner\"><\/i><\/strong> Proceso adjudicado y celebrado<\/p><p class=\"mb-0\" style=\"font-size: .85rem\"><strong title=\"Fecha de Publicaci\u00f3n\"><i class=\"fas fa-calendar-alt\"><\/i><\/strong> Publicado el martes, 12 de marzo de 2024<\/p><\/div><div class=\"col-auto mt-md-0 mt-2\"><a class=\"btn btn-primary btn-lg px-lg-4 d-none d-md-block\" href=\"https:\/\/comunidad.comprasdominicana.gob.do\/\/Public\/Tendering\/OpportunityDetail\/Index?noticeUID=DO1.NTC.1373824\" target=\"_blank\" title=\"Detalles\"><i class=\"fas fa-link\"><\/i> DETALLES<\/a><a class=\"btn btn-primary btn-lg px-lg-4 d-block d-md-none\" href=\"https:\/\/comunidad.comprasdominicana.gob.do\/\/Public\/Tendering\/OpportunityDetail\/Index?noticeUID=DO1.NTC.1373824\" target=\"_blank\" title=\"Detalles\"><i class=\"fas fa-2x fa-link\"><\/i><\/a><\/div><\/div><\/div><div class=\"jumbotron archivos\"><div class=\"row align-items-center\"><div class=\"col\"><h6><a class=\"text-dark\" href=\"https:\/\/comunidad.comprasdominicana.gob.do\/\/Public\/Tendering\/OpportunityDetail\/Index?noticeUID=DO1.NTC.1373932\" title=\"Ver\" target=\"_blank\">INESPRE-DAF-CM-2024-0018<\/a><\/h6><p class=\"mb-0 bold\">Servicio de Montacarga por un periodo de tres (03) meses dirigido a Mipymes Mujeres<\/p><p class=\"mb-0\" style=\"font-size: .85rem\"><strong title=\"Estado del Proceso\"><i class=\"fas fa-spinner\"><\/i><\/strong> Proceso adjudicado y celebrado<\/p><p class=\"mb-0\" style=\"font-size: .85rem\"><strong title=\"Fecha de Publicaci\u00f3n\"><i class=\"fas fa-calendar-alt\"><\/i><\/strong> Publicado el martes, 12 de marzo de 2024<\/p><\/div><div class=\"col-auto mt-md-0 mt-2\"><a class=\"btn btn-primary btn-lg px-lg-4 d-none d-md-block\" href=\"https:\/\/comunidad.comprasdominicana.gob.do\/\/Public\/Tendering\/OpportunityDetail\/Index?noticeUID=DO1.NTC.1373932\" target=\"_blank\" title=\"Detalles\"><i class=\"fas fa-link\"><\/i> DETALLES<\/a><a class=\"btn btn-primary btn-lg px-lg-4 d-block d-md-none\" href=\"https:\/\/comunidad.comprasdominicana.gob.do\/\/Public\/Tendering\/OpportunityDetail\/Index?noticeUID=DO1.NTC.1373932\" target=\"_blank\" title=\"Detalles\"><i class=\"fas fa-2x fa-link\"><\/i><\/a><\/div><\/div><\/div><div class=\"jumbotron archivos\"><div class=\"row align-items-center\"><div class=\"col\"><h6><a class=\"text-dark\" href=\"https:\/\/comunidad.comprasdominicana.gob.do\/\/Public\/Tendering\/OpportunityDetail\/Index?noticeUID=DO1.NTC.1369935\" title=\"Ver\" target=\"_blank\">INESPRE-DAF-CM-2024-0016<\/a><\/h6><p class=\"mb-0 bold\">Servicio de decoraci\u00f3n, montaje para la Feria Agropecuaria Nacional 2024<\/p><p class=\"mb-0\" style=\"font-size: .85rem\"><strong title=\"Estado del Proceso\"><i class=\"fas fa-spinner\"><\/i><\/strong> Proceso adjudicado y celebrado<\/p><p class=\"mb-0\" style=\"font-size: .85rem\"><strong title=\"Fecha de Publicaci\u00f3n\"><i class=\"fas fa-calendar-alt\"><\/i><\/strong> Publicado el viernes, 1 de marzo de 2024<\/p><\/div><div class=\"col-auto mt-md-0 mt-2\"><a class=\"btn btn-primary btn-lg px-lg-4 d-none d-md-block\" href=\"https:\/\/comunidad.comprasdominicana.gob.do\/\/Public\/Tendering\/OpportunityDetail\/Index?noticeUID=DO1.NTC.1369935\" target=\"_blank\" title=\"Detalles\"><i class=\"fas fa-link\"><\/i> DETALLES<\/a><a class=\"btn btn-primary btn-lg px-lg-4 d-block d-md-none\" href=\"https:\/\/comunidad.comprasdominicana.gob.do\/\/Public\/Tendering\/OpportunityDetail\/Index?noticeUID=DO1.NTC.1369935\" target=\"_blank\" title=\"Detalles\"><i class=\"fas fa-2x fa-link\"><\/i><\/a><\/div><\/div><\/div><\/div><\/div><\/div>\n        <div class=\"card\">\n            <div class=\"card-header parents\" id=\"heading_compras-menores-69f73f7454400-2024-69f73f7454400-febrero-69f73f7454400\">\n                <p class=\"title text-blue mb-0\">\n                    <a class=\"btn-block hover text-left collapsed\" data-toggle=\"collapse\" data-target=\"#collap_compras-menores-69f73f7454400-2024-69f73f7454400-febrero-69f73f7454400\" aria-expanded=\"false\" aria-controls=\"collap_compras-menores-69f73f7454400-2024-69f73f7454400-febrero-69f73f7454400\">Febrero<\/a>\n                <\/p>\n            <\/div>\n            <div id=\"collap_compras-menores-69f73f7454400-2024-69f73f7454400-febrero-69f73f7454400\" class=\"collapse\" aria-labelledby=\"heading_compras-menores-69f73f7454400-2024-69f73f7454400-febrero-69f73f7454400\" data-parent=\"#collap_compras-menores-69f73f7454400-2024-69f73f7454400\">\n                <div class=\"card-body\"><div class=\"jumbotron archivos\"><div class=\"row align-items-center\"><div class=\"col\"><h6><a class=\"text-dark\" href=\"https:\/\/comunidad.comprasdominicana.gob.do\/\/Public\/Tendering\/OpportunityDetail\/Index?noticeUID=DO1.NTC.1369020\" title=\"Ver\" target=\"_blank\">INESPRE-DAF-CM-2024-0015<\/a><\/h6><p class=\"mb-0 bold\">Servicio de Dise\u00f1o de Banners para la Feria Agropecuaria Nacional 2024<\/p><p class=\"mb-0\" style=\"font-size: .85rem\"><strong title=\"Estado del Proceso\"><i class=\"fas fa-spinner\"><\/i><\/strong> Proceso adjudicado y celebrado<\/p><p class=\"mb-0\" style=\"font-size: .85rem\"><strong title=\"Fecha de Publicaci\u00f3n\"><i class=\"fas fa-calendar-alt\"><\/i><\/strong> Publicado el jueves, 29 de febrero de 2024<\/p><\/div><div class=\"col-auto mt-md-0 mt-2\"><a class=\"btn btn-primary btn-lg px-lg-4 d-none d-md-block\" href=\"https:\/\/comunidad.comprasdominicana.gob.do\/\/Public\/Tendering\/OpportunityDetail\/Index?noticeUID=DO1.NTC.1369020\" target=\"_blank\" title=\"Detalles\"><i class=\"fas fa-link\"><\/i> DETALLES<\/a><a class=\"btn btn-primary btn-lg px-lg-4 d-block d-md-none\" href=\"https:\/\/comunidad.comprasdominicana.gob.do\/\/Public\/Tendering\/OpportunityDetail\/Index?noticeUID=DO1.NTC.1369020\" target=\"_blank\" title=\"Detalles\"><i class=\"fas fa-2x fa-link\"><\/i><\/a><\/div><\/div><\/div><div class=\"jumbotron archivos\"><div class=\"row align-items-center\"><div class=\"col\"><h6><a class=\"text-dark\" href=\"https:\/\/comunidad.comprasdominicana.gob.do\/\/Public\/Tendering\/OpportunityDetail\/Index?noticeUID=DO1.NTC.1369009\" title=\"Ver\" target=\"_blank\">INESPRE-DAF-CM-2024-0014<\/a><\/h6><p class=\"mb-0 bold\">Servicio de instalaci\u00f3n de estructura para la Feria Agropecuaria Nacional 2024<\/p><p class=\"mb-0\" style=\"font-size: .85rem\"><strong title=\"Estado del Proceso\"><i class=\"fas fa-spinner\"><\/i><\/strong> Proceso adjudicado y celebrado<\/p><p class=\"mb-0\" style=\"font-size: .85rem\"><strong title=\"Fecha de Publicaci\u00f3n\"><i class=\"fas fa-calendar-alt\"><\/i><\/strong> Publicado el jueves, 29 de febrero de 2024<\/p><\/div><div class=\"col-auto mt-md-0 mt-2\"><a class=\"btn btn-primary btn-lg px-lg-4 d-none d-md-block\" href=\"https:\/\/comunidad.comprasdominicana.gob.do\/\/Public\/Tendering\/OpportunityDetail\/Index?noticeUID=DO1.NTC.1369009\" target=\"_blank\" title=\"Detalles\"><i class=\"fas fa-link\"><\/i> DETALLES<\/a><a class=\"btn btn-primary btn-lg px-lg-4 d-block d-md-none\" href=\"https:\/\/comunidad.comprasdominicana.gob.do\/\/Public\/Tendering\/OpportunityDetail\/Index?noticeUID=DO1.NTC.1369009\" target=\"_blank\" title=\"Detalles\"><i class=\"fas fa-2x fa-link\"><\/i><\/a><\/div><\/div><\/div><div class=\"jumbotron archivos\"><div class=\"row align-items-center\"><div class=\"col\"><h6><a class=\"text-dark\" href=\"https:\/\/comunidad.comprasdominicana.gob.do\/\/Public\/Tendering\/OpportunityDetail\/Index?noticeUID=DO1.NTC.1368624\" title=\"Ver\" target=\"_blank\">INESPRE-DAF-CM-2024-0013<\/a><\/h6><p class=\"mb-0 bold\">adquisici\u00f3n de Alimentos y Bebidas para consumo Institucional dirigido a Mipymes Mujer<\/p><p class=\"mb-0\" style=\"font-size: .85rem\"><strong title=\"Estado del Proceso\"><i class=\"fas fa-spinner\"><\/i><\/strong> Proceso adjudicado y celebrado<\/p><p class=\"mb-0\" style=\"font-size: .85rem\"><strong title=\"Fecha de Publicaci\u00f3n\"><i class=\"fas fa-calendar-alt\"><\/i><\/strong> Publicado el mi\u00e9rcoles, 28 de febrero de 2024<\/p><\/div><div class=\"col-auto mt-md-0 mt-2\"><a class=\"btn btn-primary btn-lg px-lg-4 d-none d-md-block\" href=\"https:\/\/comunidad.comprasdominicana.gob.do\/\/Public\/Tendering\/OpportunityDetail\/Index?noticeUID=DO1.NTC.1368624\" target=\"_blank\" title=\"Detalles\"><i class=\"fas fa-link\"><\/i> DETALLES<\/a><a class=\"btn btn-primary btn-lg px-lg-4 d-block d-md-none\" href=\"https:\/\/comunidad.comprasdominicana.gob.do\/\/Public\/Tendering\/OpportunityDetail\/Index?noticeUID=DO1.NTC.1368624\" target=\"_blank\" title=\"Detalles\"><i class=\"fas fa-2x fa-link\"><\/i><\/a><\/div><\/div><\/div><div class=\"jumbotron archivos\"><div class=\"row align-items-center\"><div class=\"col\"><h6><a class=\"text-dark\" href=\"https:\/\/comunidad.comprasdominicana.gob.do\/\/Public\/Tendering\/OpportunityDetail\/Index?noticeUID=DO1.NTC.1364422\" title=\"Ver\" target=\"_blank\">INESPRE-DAF-CM-2024-0012<\/a><\/h6><p class=\"mb-0 bold\">Adquisici\u00f3n de vainilla blanca y canela entera<\/p><p class=\"mb-0\" style=\"font-size: .85rem\"><strong title=\"Estado del Proceso\"><i class=\"fas fa-spinner\"><\/i><\/strong> Proceso adjudicado y celebrado<\/p><p class=\"mb-0\" style=\"font-size: .85rem\"><strong title=\"Fecha de Publicaci\u00f3n\"><i class=\"fas fa-calendar-alt\"><\/i><\/strong> Publicado el viernes, 16 de febrero de 2024<\/p><\/div><div class=\"col-auto mt-md-0 mt-2\"><a class=\"btn btn-primary btn-lg px-lg-4 d-none d-md-block\" href=\"https:\/\/comunidad.comprasdominicana.gob.do\/\/Public\/Tendering\/OpportunityDetail\/Index?noticeUID=DO1.NTC.1364422\" target=\"_blank\" title=\"Detalles\"><i class=\"fas fa-link\"><\/i> DETALLES<\/a><a class=\"btn btn-primary btn-lg px-lg-4 d-block d-md-none\" href=\"https:\/\/comunidad.comprasdominicana.gob.do\/\/Public\/Tendering\/OpportunityDetail\/Index?noticeUID=DO1.NTC.1364422\" target=\"_blank\" title=\"Detalles\"><i class=\"fas fa-2x fa-link\"><\/i><\/a><\/div><\/div><\/div><div class=\"jumbotron archivos\"><div class=\"row align-items-center\"><div class=\"col\"><h6><a class=\"text-dark\" href=\"https:\/\/comunidad.comprasdominicana.gob.do\/\/Public\/Tendering\/OpportunityDetail\/Index?noticeUID=DO1.NTC.1364220\" title=\"Ver\" target=\"_blank\">INESPRE-DAF-CM-2024-0011<\/a><\/h6><p class=\"mb-0 bold\">Adquisici\u00f3n de Galleta de Leche y Pasa s\/semillas dirigido a Mipymes<\/p><p class=\"mb-0\" style=\"font-size: .85rem\"><strong title=\"Estado del Proceso\"><i class=\"fas fa-spinner\"><\/i><\/strong> Proceso adjudicado y celebrado<\/p><p class=\"mb-0\" style=\"font-size: .85rem\"><strong title=\"Fecha de Publicaci\u00f3n\"><i class=\"fas fa-calendar-alt\"><\/i><\/strong> Publicado el viernes, 16 de febrero de 2024<\/p><\/div><div class=\"col-auto mt-md-0 mt-2\"><a class=\"btn btn-primary btn-lg px-lg-4 d-none d-md-block\" href=\"https:\/\/comunidad.comprasdominicana.gob.do\/\/Public\/Tendering\/OpportunityDetail\/Index?noticeUID=DO1.NTC.1364220\" target=\"_blank\" title=\"Detalles\"><i class=\"fas fa-link\"><\/i> DETALLES<\/a><a class=\"btn btn-primary btn-lg px-lg-4 d-block d-md-none\" href=\"https:\/\/comunidad.comprasdominicana.gob.do\/\/Public\/Tendering\/OpportunityDetail\/Index?noticeUID=DO1.NTC.1364220\" target=\"_blank\" title=\"Detalles\"><i class=\"fas fa-2x fa-link\"><\/i><\/a><\/div><\/div><\/div><div class=\"jumbotron archivos\"><div class=\"row align-items-center\"><div class=\"col\"><h6><a class=\"text-dark\" href=\"https:\/\/comunidad.comprasdominicana.gob.do\/\/Public\/Tendering\/OpportunityDetail\/Index?noticeUID=DO1.NTC.1364323\" title=\"Ver\" target=\"_blank\">INESPRE-DAF-CM-2024-0010<\/a><\/h6><p class=\"mb-0 bold\">Adquisici\u00f3n de leche de coco dirigido a Mipyme Mujer Industrial<\/p><p class=\"mb-0\" style=\"font-size: .85rem\"><strong title=\"Estado del Proceso\"><i class=\"fas fa-spinner\"><\/i><\/strong> Proceso adjudicado y celebrado<\/p><p class=\"mb-0\" style=\"font-size: .85rem\"><strong title=\"Fecha de Publicaci\u00f3n\"><i class=\"fas fa-calendar-alt\"><\/i><\/strong> Publicado el viernes, 16 de febrero de 2024<\/p><\/div><div class=\"col-auto mt-md-0 mt-2\"><a class=\"btn btn-primary btn-lg px-lg-4 d-none d-md-block\" href=\"https:\/\/comunidad.comprasdominicana.gob.do\/\/Public\/Tendering\/OpportunityDetail\/Index?noticeUID=DO1.NTC.1364323\" target=\"_blank\" title=\"Detalles\"><i class=\"fas fa-link\"><\/i> DETALLES<\/a><a class=\"btn btn-primary btn-lg px-lg-4 d-block d-md-none\" href=\"https:\/\/comunidad.comprasdominicana.gob.do\/\/Public\/Tendering\/OpportunityDetail\/Index?noticeUID=DO1.NTC.1364323\" target=\"_blank\" title=\"Detalles\"><i class=\"fas fa-2x fa-link\"><\/i><\/a><\/div><\/div><\/div><div class=\"jumbotron archivos\"><div class=\"row align-items-center\"><div class=\"col\"><h6><a class=\"text-dark\" href=\"https:\/\/comunidad.comprasdominicana.gob.do\/\/Public\/Tendering\/OpportunityDetail\/Index?noticeUID=DO1.NTC.1364322\" title=\"Ver\" target=\"_blank\">INESPRE-DAF-CM-2024-0009<\/a><\/h6><p class=\"mb-0 bold\">Adquisici\u00f3n de leche evaporada<\/p><p class=\"mb-0\" style=\"font-size: .85rem\"><strong title=\"Estado del Proceso\"><i class=\"fas fa-spinner\"><\/i><\/strong> Proceso adjudicado y celebrado<\/p><p class=\"mb-0\" style=\"font-size: .85rem\"><strong title=\"Fecha de Publicaci\u00f3n\"><i class=\"fas fa-calendar-alt\"><\/i><\/strong> Publicado el viernes, 16 de febrero de 2024<\/p><\/div><div class=\"col-auto mt-md-0 mt-2\"><a class=\"btn btn-primary btn-lg px-lg-4 d-none d-md-block\" href=\"https:\/\/comunidad.comprasdominicana.gob.do\/\/Public\/Tendering\/OpportunityDetail\/Index?noticeUID=DO1.NTC.1364322\" target=\"_blank\" title=\"Detalles\"><i class=\"fas fa-link\"><\/i> DETALLES<\/a><a class=\"btn btn-primary btn-lg px-lg-4 d-block d-md-none\" href=\"https:\/\/comunidad.comprasdominicana.gob.do\/\/Public\/Tendering\/OpportunityDetail\/Index?noticeUID=DO1.NTC.1364322\" target=\"_blank\" title=\"Detalles\"><i class=\"fas fa-2x fa-link\"><\/i><\/a><\/div><\/div><\/div><div class=\"jumbotron archivos\"><div class=\"row align-items-center\"><div class=\"col\"><h6><a class=\"text-dark\" href=\"https:\/\/comunidad.comprasdominicana.gob.do\/\/Public\/Tendering\/OpportunityDetail\/Index?noticeUID=DO1.NTC.1364216\" title=\"Ver\" target=\"_blank\">INESPRE-DAF-CM-2024-0008<\/a><\/h6><p class=\"mb-0 bold\">Adquisici\u00f3n de Az\u00facar Crema<\/p><p class=\"mb-0\" style=\"font-size: .85rem\"><strong title=\"Estado del Proceso\"><i class=\"fas fa-spinner\"><\/i><\/strong> Proceso adjudicado y celebrado<\/p><p class=\"mb-0\" style=\"font-size: .85rem\"><strong title=\"Fecha de Publicaci\u00f3n\"><i class=\"fas fa-calendar-alt\"><\/i><\/strong> Publicado el viernes, 16 de febrero de 2024<\/p><\/div><div class=\"col-auto mt-md-0 mt-2\"><a class=\"btn btn-primary btn-lg px-lg-4 d-none d-md-block\" href=\"https:\/\/comunidad.comprasdominicana.gob.do\/\/Public\/Tendering\/OpportunityDetail\/Index?noticeUID=DO1.NTC.1364216\" target=\"_blank\" title=\"Detalles\"><i class=\"fas fa-link\"><\/i> DETALLES<\/a><a class=\"btn btn-primary btn-lg px-lg-4 d-block d-md-none\" href=\"https:\/\/comunidad.comprasdominicana.gob.do\/\/Public\/Tendering\/OpportunityDetail\/Index?noticeUID=DO1.NTC.1364216\" target=\"_blank\" title=\"Detalles\"><i class=\"fas fa-2x fa-link\"><\/i><\/a><\/div><\/div><\/div><div class=\"jumbotron archivos\"><div class=\"row align-items-center\"><div class=\"col\"><h6><a class=\"text-dark\" href=\"https:\/\/comunidad.comprasdominicana.gob.do\/\/Public\/Tendering\/OpportunityDetail\/Index?noticeUID=DO1.NTC.1358421\" title=\"Ver\" target=\"_blank\">INESPRE-DAF-CM-2024-0007<\/a><\/h6><p class=\"mb-0 bold\">Estudio de cuantificaci\u00f3n de las \u00e1reas sembradas de pl\u00e1tanos en R.D.<\/p><p class=\"mb-0\" style=\"font-size: .85rem\"><strong title=\"Estado del Proceso\"><i class=\"fas fa-spinner\"><\/i><\/strong> Proceso adjudicado y celebrado<\/p><p class=\"mb-0\" style=\"font-size: .85rem\"><strong title=\"Fecha de Publicaci\u00f3n\"><i class=\"fas fa-calendar-alt\"><\/i><\/strong> Publicado el martes, 6 de febrero de 2024<\/p><\/div><div class=\"col-auto mt-md-0 mt-2\"><a class=\"btn btn-primary btn-lg px-lg-4 d-none d-md-block\" href=\"https:\/\/comunidad.comprasdominicana.gob.do\/\/Public\/Tendering\/OpportunityDetail\/Index?noticeUID=DO1.NTC.1358421\" target=\"_blank\" title=\"Detalles\"><i class=\"fas fa-link\"><\/i> DETALLES<\/a><a class=\"btn btn-primary btn-lg px-lg-4 d-block d-md-none\" href=\"https:\/\/comunidad.comprasdominicana.gob.do\/\/Public\/Tendering\/OpportunityDetail\/Index?noticeUID=DO1.NTC.1358421\" target=\"_blank\" title=\"Detalles\"><i class=\"fas fa-2x fa-link\"><\/i><\/a><\/div><\/div><\/div><div class=\"jumbotron archivos\"><div class=\"row align-items-center\"><div class=\"col\"><h6><a class=\"text-dark\" href=\"https:\/\/comunidad.comprasdominicana.gob.do\/\/Public\/Tendering\/OpportunityDetail\/Index?noticeUID=DO1.NTC.1357323\" title=\"Ver\" target=\"_blank\">INESPRE-DAF-CM-2024-0006<\/a><\/h6><p class=\"mb-0 bold\">Servicio de Alquiler de cuatros (04) Contenedores para Oficina y Almacenes por un periodo de cuatro (04) meses<\/p><p class=\"mb-0\" style=\"font-size: .85rem\"><strong title=\"Estado del Proceso\"><i class=\"fas fa-spinner\"><\/i><\/strong> Proceso adjudicado y celebrado<\/p><p class=\"mb-0\" style=\"font-size: .85rem\"><strong title=\"Fecha de Publicaci\u00f3n\"><i class=\"fas fa-calendar-alt\"><\/i><\/strong> Publicado el viernes, 2 de febrero de 2024<\/p><\/div><div class=\"col-auto mt-md-0 mt-2\"><a class=\"btn btn-primary btn-lg px-lg-4 d-none d-md-block\" href=\"https:\/\/comunidad.comprasdominicana.gob.do\/\/Public\/Tendering\/OpportunityDetail\/Index?noticeUID=DO1.NTC.1357323\" target=\"_blank\" title=\"Detalles\"><i class=\"fas fa-link\"><\/i> DETALLES<\/a><a class=\"btn btn-primary btn-lg px-lg-4 d-block d-md-none\" href=\"https:\/\/comunidad.comprasdominicana.gob.do\/\/Public\/Tendering\/OpportunityDetail\/Index?noticeUID=DO1.NTC.1357323\" target=\"_blank\" title=\"Detalles\"><i class=\"fas fa-2x fa-link\"><\/i><\/a><\/div><\/div><\/div><div class=\"jumbotron archivos\"><div class=\"row align-items-center\"><div class=\"col\"><h6><a class=\"text-dark\" href=\"https:\/\/comunidad.comprasdominicana.gob.do\/\/Public\/Tendering\/OpportunityDetail\/Index?noticeUID=DO1.NTC.1356929\" title=\"Ver\" target=\"_blank\">INESPRE-DAF-CM-2024-0005<\/a><\/h6><p class=\"mb-0 bold\">Servicio de Alquiler de dos Contenedores Refrigerados por un periodo de tres (03) meses dirigido a Mipymes Mujeres<\/p><p class=\"mb-0\" style=\"font-size: .85rem\"><strong title=\"Estado del Proceso\"><i class=\"fas fa-spinner\"><\/i><\/strong> Proceso adjudicado y celebrado<\/p><p class=\"mb-0\" style=\"font-size: .85rem\"><strong title=\"Fecha de Publicaci\u00f3n\"><i class=\"fas fa-calendar-alt\"><\/i><\/strong> Publicado el jueves, 1 de febrero de 2024<\/p><\/div><div class=\"col-auto mt-md-0 mt-2\"><a class=\"btn btn-primary btn-lg px-lg-4 d-none d-md-block\" href=\"https:\/\/comunidad.comprasdominicana.gob.do\/\/Public\/Tendering\/OpportunityDetail\/Index?noticeUID=DO1.NTC.1356929\" target=\"_blank\" title=\"Detalles\"><i class=\"fas fa-link\"><\/i> DETALLES<\/a><a class=\"btn btn-primary btn-lg px-lg-4 d-block d-md-none\" href=\"https:\/\/comunidad.comprasdominicana.gob.do\/\/Public\/Tendering\/OpportunityDetail\/Index?noticeUID=DO1.NTC.1356929\" target=\"_blank\" title=\"Detalles\"><i class=\"fas fa-2x fa-link\"><\/i><\/a><\/div><\/div><\/div><div class=\"jumbotron archivos\"><div class=\"row align-items-center\"><div class=\"col\"><h6><a class=\"text-dark\" href=\"https:\/\/comunidad.comprasdominicana.gob.do\/\/Public\/Tendering\/OpportunityDetail\/Index?noticeUID=DO1.NTC.1356724\" title=\"Ver\" target=\"_blank\">INESPRE-DAF-CM-2024-0004<\/a><\/h6><p class=\"mb-0 bold\">Adquisici\u00f3n de estaciones de trabajos dirigido a Mipymes<\/p><p class=\"mb-0\" style=\"font-size: .85rem\"><strong title=\"Estado del Proceso\"><i class=\"fas fa-spinner\"><\/i><\/strong> Proceso adjudicado y celebrado<\/p><p class=\"mb-0\" style=\"font-size: .85rem\"><strong title=\"Fecha de Publicaci\u00f3n\"><i class=\"fas fa-calendar-alt\"><\/i><\/strong> Publicado el jueves, 1 de febrero de 2024<\/p><\/div><div class=\"col-auto mt-md-0 mt-2\"><a class=\"btn btn-primary btn-lg px-lg-4 d-none d-md-block\" href=\"https:\/\/comunidad.comprasdominicana.gob.do\/\/Public\/Tendering\/OpportunityDetail\/Index?noticeUID=DO1.NTC.1356724\" target=\"_blank\" title=\"Detalles\"><i class=\"fas fa-link\"><\/i> DETALLES<\/a><a class=\"btn btn-primary btn-lg px-lg-4 d-block d-md-none\" href=\"https:\/\/comunidad.comprasdominicana.gob.do\/\/Public\/Tendering\/OpportunityDetail\/Index?noticeUID=DO1.NTC.1356724\" target=\"_blank\" title=\"Detalles\"><i class=\"fas fa-2x fa-link\"><\/i><\/a><\/div><\/div><\/div><\/div><\/div><\/div>\n        <div class=\"card\">\n            <div class=\"card-header parents\" id=\"heading_compras-menores-69f73f7454400-2024-69f73f7454400-enero-69f73f7454400\">\n                <p class=\"title text-blue mb-0\">\n                    <a class=\"btn-block hover text-left collapsed\" data-toggle=\"collapse\" data-target=\"#collap_compras-menores-69f73f7454400-2024-69f73f7454400-enero-69f73f7454400\" aria-expanded=\"false\" aria-controls=\"collap_compras-menores-69f73f7454400-2024-69f73f7454400-enero-69f73f7454400\">Enero<\/a>\n                <\/p>\n            <\/div>\n            <div id=\"collap_compras-menores-69f73f7454400-2024-69f73f7454400-enero-69f73f7454400\" class=\"collapse\" aria-labelledby=\"heading_compras-menores-69f73f7454400-2024-69f73f7454400-enero-69f73f7454400\" data-parent=\"#collap_compras-menores-69f73f7454400-2024-69f73f7454400\">\n                <div class=\"card-body\"><div class=\"jumbotron archivos\"><div class=\"row align-items-center\"><div class=\"col\"><h6><a class=\"text-dark\" href=\"https:\/\/comunidad.comprasdominicana.gob.do\/\/Public\/Tendering\/OpportunityDetail\/Index?noticeUID=DO1.NTC.1355647\" title=\"Ver\" target=\"_blank\">INESPRE-DAF-CM-2024-0003<\/a><\/h6><p class=\"mb-0 bold\">Servicio de Rehabilitaci\u00f3n de Puertas  <\/p><p class=\"mb-0\" style=\"font-size: .85rem\"><strong title=\"Estado del Proceso\"><i class=\"fas fa-spinner\"><\/i><\/strong> Proceso adjudicado y celebrado<\/p><p class=\"mb-0\" style=\"font-size: .85rem\"><strong title=\"Fecha de Publicaci\u00f3n\"><i class=\"fas fa-calendar-alt\"><\/i><\/strong> Publicado el martes, 30 de enero de 2024<\/p><\/div><div class=\"col-auto mt-md-0 mt-2\"><a class=\"btn btn-primary btn-lg px-lg-4 d-none d-md-block\" href=\"https:\/\/comunidad.comprasdominicana.gob.do\/\/Public\/Tendering\/OpportunityDetail\/Index?noticeUID=DO1.NTC.1355647\" target=\"_blank\" title=\"Detalles\"><i class=\"fas fa-link\"><\/i> DETALLES<\/a><a class=\"btn btn-primary btn-lg px-lg-4 d-block d-md-none\" href=\"https:\/\/comunidad.comprasdominicana.gob.do\/\/Public\/Tendering\/OpportunityDetail\/Index?noticeUID=DO1.NTC.1355647\" target=\"_blank\" title=\"Detalles\"><i class=\"fas fa-2x fa-link\"><\/i><\/a><\/div><\/div><\/div><div class=\"jumbotron archivos\"><div class=\"row align-items-center\"><div class=\"col\"><h6><a class=\"text-dark\" href=\"https:\/\/comunidad.comprasdominicana.gob.do\/\/Public\/Tendering\/OpportunityDetail\/Index?noticeUID=DO1.NTC.1355540\" title=\"Ver\" target=\"_blank\">INESPRE-DAF-CM-2024-0002<\/a><\/h6><p class=\"mb-0 bold\">Servicio de Rehabilitaci\u00f3n de Plafond y Muros<\/p><p class=\"mb-0\" style=\"font-size: .85rem\"><strong title=\"Estado del Proceso\"><i class=\"fas fa-spinner\"><\/i><\/strong> Proceso adjudicado y celebrado<\/p><p class=\"mb-0\" style=\"font-size: .85rem\"><strong title=\"Fecha de Publicaci\u00f3n\"><i class=\"fas fa-calendar-alt\"><\/i><\/strong> Publicado el martes, 30 de enero de 2024<\/p><\/div><div class=\"col-auto mt-md-0 mt-2\"><a class=\"btn btn-primary btn-lg px-lg-4 d-none d-md-block\" href=\"https:\/\/comunidad.comprasdominicana.gob.do\/\/Public\/Tendering\/OpportunityDetail\/Index?noticeUID=DO1.NTC.1355540\" target=\"_blank\" title=\"Detalles\"><i class=\"fas fa-link\"><\/i> DETALLES<\/a><a class=\"btn btn-primary btn-lg px-lg-4 d-block d-md-none\" href=\"https:\/\/comunidad.comprasdominicana.gob.do\/\/Public\/Tendering\/OpportunityDetail\/Index?noticeUID=DO1.NTC.1355540\" target=\"_blank\" title=\"Detalles\"><i class=\"fas fa-2x fa-link\"><\/i><\/a><\/div><\/div><\/div><div class=\"jumbotron archivos\"><div class=\"row align-items-center\"><div class=\"col\"><h6><a class=\"text-dark\" href=\"https:\/\/comunidad.comprasdominicana.gob.do\/\/Public\/Tendering\/OpportunityDetail\/Index?noticeUID=DO1.NTC.1352807\" title=\"Ver\" target=\"_blank\">INESPRE-DAF-CM-2024-0001<\/a><\/h6><p class=\"mb-0 bold\">Adquisici\u00f3n de equipos tecnol\u00f3gicos y licencias de software<\/p><p class=\"mb-0\" style=\"font-size: .85rem\"><strong title=\"Estado del Proceso\"><i class=\"fas fa-spinner\"><\/i><\/strong> Proceso adjudicado y celebrado<\/p><p class=\"mb-0\" style=\"font-size: .85rem\"><strong title=\"Fecha de Publicaci\u00f3n\"><i class=\"fas fa-calendar-alt\"><\/i><\/strong> Publicado el mi\u00e9rcoles, 24 de enero de 2024<\/p><\/div><div class=\"col-auto mt-md-0 mt-2\"><a class=\"btn btn-primary btn-lg px-lg-4 d-none d-md-block\" href=\"https:\/\/comunidad.comprasdominicana.gob.do\/\/Public\/Tendering\/OpportunityDetail\/Index?noticeUID=DO1.NTC.1352807\" target=\"_blank\" title=\"Detalles\"><i class=\"fas fa-link\"><\/i> DETALLES<\/a><a class=\"btn btn-primary btn-lg px-lg-4 d-block d-md-none\" href=\"https:\/\/comunidad.comprasdominicana.gob.do\/\/Public\/Tendering\/OpportunityDetail\/Index?noticeUID=DO1.NTC.1352807\" target=\"_blank\" title=\"Detalles\"><i class=\"fas fa-2x fa-link\"><\/i><\/a><\/div><\/div><\/div><\/div><\/div><\/div><\/div><\/div><\/div>\n        <div class=\"card\">\n            <div class=\"card-header parents\" id=\"heading_compras-menores-69f73f7454400-2023-69f73f7454400\">\n                <p class=\"title text-blue mb-0\">\n                    <a class=\"btn-block hover text-left collapsed\" data-toggle=\"collapse\" data-target=\"#collap_compras-menores-69f73f7454400-2023-69f73f7454400\" aria-expanded=\"false\" aria-controls=\"collap_compras-menores-69f73f7454400-2023-69f73f7454400\">2023<\/a>\n                <\/p>\n            <\/div>\n            <div id=\"collap_compras-menores-69f73f7454400-2023-69f73f7454400\" class=\"collapse\" aria-labelledby=\"heading_compras-menores-69f73f7454400-2023-69f73f7454400\" data-parent=\"#collap_compras-menores-69f73f7454400\">\n                <div class=\"card-body\">\n        <div class=\"card\">\n            <div class=\"card-header parents\" id=\"heading_compras-menores-69f73f7454400-2023-69f73f7454400-diciembre-69f73f7454400\">\n                <p class=\"title text-blue mb-0\">\n                    <a class=\"btn-block hover text-left collapsed\" data-toggle=\"collapse\" data-target=\"#collap_compras-menores-69f73f7454400-2023-69f73f7454400-diciembre-69f73f7454400\" aria-expanded=\"false\" aria-controls=\"collap_compras-menores-69f73f7454400-2023-69f73f7454400-diciembre-69f73f7454400\">Diciembre<\/a>\n                <\/p>\n            <\/div>\n            <div id=\"collap_compras-menores-69f73f7454400-2023-69f73f7454400-diciembre-69f73f7454400\" class=\"collapse\" aria-labelledby=\"heading_compras-menores-69f73f7454400-2023-69f73f7454400-diciembre-69f73f7454400\" data-parent=\"#collap_compras-menores-69f73f7454400-2023-69f73f7454400\">\n                <div class=\"card-body\"><div class=\"jumbotron archivos\"><div class=\"row align-items-center\"><div class=\"col\"><h6><a class=\"text-dark\" href=\"https:\/\/comunidad.comprasdominicana.gob.do\/\/Public\/Tendering\/OpportunityDetail\/Index?noticeUID=DO1.NTC.1341815\" title=\"Ver\" target=\"_blank\">INESPRE-DAF-CM-2023-0143<\/a><\/h6><p class=\"mb-0 bold\">Adquisici\u00f3n de Suministros de oficina dirigido a Mipymes Mujeres<\/p><p class=\"mb-0\" style=\"font-size: .85rem\"><strong title=\"Estado del Proceso\"><i class=\"fas fa-spinner\"><\/i><\/strong> Proceso adjudicado y celebrado<\/p><p class=\"mb-0\" style=\"font-size: .85rem\"><strong title=\"Fecha de Publicaci\u00f3n\"><i class=\"fas fa-calendar-alt\"><\/i><\/strong> Publicado el viernes, 29 de diciembre de 2023<\/p><\/div><div class=\"col-auto mt-md-0 mt-2\"><a class=\"btn btn-primary btn-lg px-lg-4 d-none d-md-block\" href=\"https:\/\/comunidad.comprasdominicana.gob.do\/\/Public\/Tendering\/OpportunityDetail\/Index?noticeUID=DO1.NTC.1341815\" target=\"_blank\" title=\"Detalles\"><i class=\"fas fa-link\"><\/i> DETALLES<\/a><a class=\"btn btn-primary btn-lg px-lg-4 d-block d-md-none\" href=\"https:\/\/comunidad.comprasdominicana.gob.do\/\/Public\/Tendering\/OpportunityDetail\/Index?noticeUID=DO1.NTC.1341815\" target=\"_blank\" title=\"Detalles\"><i class=\"fas fa-2x fa-link\"><\/i><\/a><\/div><\/div><\/div><div class=\"jumbotron archivos\"><div class=\"row align-items-center\"><div class=\"col\"><h6><a class=\"text-dark\" href=\"https:\/\/comunidad.comprasdominicana.gob.do\/\/Public\/Tendering\/OpportunityDetail\/Index?noticeUID=DO1.NTC.1341906\" title=\"Ver\" target=\"_blank\">INESPRE-DAF-CM-2023-0142<\/a><\/h6><p class=\"mb-0 bold\">Adquisici\u00f3n de Papel de Ba\u00f1o, Servilletas y otros, dirigido a Mipymes Mujeres (Compras Verdes<\/p><p class=\"mb-0\" style=\"font-size: .85rem\"><strong title=\"Estado del Proceso\"><i class=\"fas fa-spinner\"><\/i><\/strong> Proceso adjudicado y celebrado<\/p><p class=\"mb-0\" style=\"font-size: .85rem\"><strong title=\"Fecha de Publicaci\u00f3n\"><i class=\"fas fa-calendar-alt\"><\/i><\/strong> Publicado el viernes, 29 de diciembre de 2023<\/p><\/div><div class=\"col-auto mt-md-0 mt-2\"><a class=\"btn btn-primary btn-lg px-lg-4 d-none d-md-block\" href=\"https:\/\/comunidad.comprasdominicana.gob.do\/\/Public\/Tendering\/OpportunityDetail\/Index?noticeUID=DO1.NTC.1341906\" target=\"_blank\" title=\"Detalles\"><i class=\"fas fa-link\"><\/i> DETALLES<\/a><a class=\"btn btn-primary btn-lg px-lg-4 d-block d-md-none\" href=\"https:\/\/comunidad.comprasdominicana.gob.do\/\/Public\/Tendering\/OpportunityDetail\/Index?noticeUID=DO1.NTC.1341906\" target=\"_blank\" title=\"Detalles\"><i class=\"fas fa-2x fa-link\"><\/i><\/a><\/div><\/div><\/div><div class=\"jumbotron archivos\"><div class=\"row align-items-center\"><div class=\"col\"><h6><a class=\"text-dark\" href=\"https:\/\/comunidad.comprasdominicana.gob.do\/\/Public\/Tendering\/OpportunityDetail\/Index?noticeUID=DO1.NTC.1341606\" title=\"Ver\" target=\"_blank\">INESPRE-DAF-CM-2023-0141<\/a><\/h6><p class=\"mb-0 bold\">Adquisici\u00f3n de Productos de Papel dirigido a Mipymes Mujeres (Compra Verdes)<\/p><p class=\"mb-0\" style=\"font-size: .85rem\"><strong title=\"Estado del Proceso\"><i class=\"fas fa-spinner\"><\/i><\/strong> Proceso adjudicado y celebrado<\/p><p class=\"mb-0\" style=\"font-size: .85rem\"><strong title=\"Fecha de Publicaci\u00f3n\"><i class=\"fas fa-calendar-alt\"><\/i><\/strong> Publicado el viernes, 29 de diciembre de 2023<\/p><\/div><div class=\"col-auto mt-md-0 mt-2\"><a class=\"btn btn-primary btn-lg px-lg-4 d-none d-md-block\" href=\"https:\/\/comunidad.comprasdominicana.gob.do\/\/Public\/Tendering\/OpportunityDetail\/Index?noticeUID=DO1.NTC.1341606\" target=\"_blank\" title=\"Detalles\"><i class=\"fas fa-link\"><\/i> DETALLES<\/a><a class=\"btn btn-primary btn-lg px-lg-4 d-block d-md-none\" href=\"https:\/\/comunidad.comprasdominicana.gob.do\/\/Public\/Tendering\/OpportunityDetail\/Index?noticeUID=DO1.NTC.1341606\" target=\"_blank\" title=\"Detalles\"><i class=\"fas fa-2x fa-link\"><\/i><\/a><\/div><\/div><\/div><div class=\"jumbotron archivos\"><div class=\"row align-items-center\"><div class=\"col\"><h6><a class=\"text-dark\" href=\"https:\/\/comunidad.comprasdominicana.gob.do\/\/Public\/Tendering\/OpportunityDetail\/Index?noticeUID=DO1.NTC.1342001\" title=\"Ver\" target=\"_blank\">INESPRE-DAF-CM-2023-0140<\/a><\/h6><p class=\"mb-0 bold\">Adquisici\u00f3n de Suministros de Limpieza<\/p><p class=\"mb-0\" style=\"font-size: .85rem\"><strong title=\"Estado del Proceso\"><i class=\"fas fa-spinner\"><\/i><\/strong> Proceso adjudicado y celebrado<\/p><p class=\"mb-0\" style=\"font-size: .85rem\"><strong title=\"Fecha de Publicaci\u00f3n\"><i class=\"fas fa-calendar-alt\"><\/i><\/strong> Publicado el viernes, 29 de diciembre de 2023<\/p><\/div><div class=\"col-auto mt-md-0 mt-2\"><a class=\"btn btn-primary btn-lg px-lg-4 d-none d-md-block\" href=\"https:\/\/comunidad.comprasdominicana.gob.do\/\/Public\/Tendering\/OpportunityDetail\/Index?noticeUID=DO1.NTC.1342001\" target=\"_blank\" title=\"Detalles\"><i class=\"fas fa-link\"><\/i> DETALLES<\/a><a class=\"btn btn-primary btn-lg px-lg-4 d-block d-md-none\" href=\"https:\/\/comunidad.comprasdominicana.gob.do\/\/Public\/Tendering\/OpportunityDetail\/Index?noticeUID=DO1.NTC.1342001\" target=\"_blank\" title=\"Detalles\"><i class=\"fas fa-2x fa-link\"><\/i><\/a><\/div><\/div><\/div><div class=\"jumbotron archivos\"><div class=\"row align-items-center\"><div class=\"col\"><h6><a class=\"text-dark\" href=\"https:\/\/comunidad.comprasdominicana.gob.do\/\/Public\/Tendering\/OpportunityDetail\/Index?noticeUID=DO1.NTC.1336418\" title=\"Ver\" target=\"_blank\">INESPRE-DAF-CM-2023-0137<\/a><\/h6><p class=\"mb-0 bold\">Adquisici\u00f3n de Pasta de Tomate dirigido a Mipyme industriales<\/p><p class=\"mb-0\" style=\"font-size: .85rem\"><strong title=\"Estado del Proceso\"><i class=\"fas fa-spinner\"><\/i><\/strong> Proceso adjudicado y celebrado<\/p><p class=\"mb-0\" style=\"font-size: .85rem\"><strong title=\"Fecha de Publicaci\u00f3n\"><i class=\"fas fa-calendar-alt\"><\/i><\/strong> Publicado el lunes, 18 de diciembre de 2023<\/p><\/div><div class=\"col-auto mt-md-0 mt-2\"><a class=\"btn btn-primary btn-lg px-lg-4 d-none d-md-block\" href=\"https:\/\/comunidad.comprasdominicana.gob.do\/\/Public\/Tendering\/OpportunityDetail\/Index?noticeUID=DO1.NTC.1336418\" target=\"_blank\" title=\"Detalles\"><i class=\"fas fa-link\"><\/i> DETALLES<\/a><a class=\"btn btn-primary btn-lg px-lg-4 d-block d-md-none\" href=\"https:\/\/comunidad.comprasdominicana.gob.do\/\/Public\/Tendering\/OpportunityDetail\/Index?noticeUID=DO1.NTC.1336418\" target=\"_blank\" title=\"Detalles\"><i class=\"fas fa-2x fa-link\"><\/i><\/a><\/div><\/div><\/div><div class=\"jumbotron archivos\"><div class=\"row align-items-center\"><div class=\"col\"><h6><a class=\"text-dark\" href=\"https:\/\/comunidad.comprasdominicana.gob.do\/\/Public\/Tendering\/OpportunityDetail\/Index?noticeUID=DO1.NTC.1336416\" title=\"Ver\" target=\"_blank\">INESPRE-DAF-CM-2023-0139<\/a><\/h6><p class=\"mb-0 bold\">Adquisici\u00f3n de Az\u00facar Crema<\/p><p class=\"mb-0\" style=\"font-size: .85rem\"><strong title=\"Estado del Proceso\"><i class=\"fas fa-spinner\"><\/i><\/strong> Proceso adjudicado y celebrado<\/p><p class=\"mb-0\" style=\"font-size: .85rem\"><strong title=\"Fecha de Publicaci\u00f3n\"><i class=\"fas fa-calendar-alt\"><\/i><\/strong> Publicado el lunes, 18 de diciembre de 2023<\/p><\/div><div class=\"col-auto mt-md-0 mt-2\"><a class=\"btn btn-primary btn-lg px-lg-4 d-none d-md-block\" href=\"https:\/\/comunidad.comprasdominicana.gob.do\/\/Public\/Tendering\/OpportunityDetail\/Index?noticeUID=DO1.NTC.1336416\" target=\"_blank\" title=\"Detalles\"><i class=\"fas fa-link\"><\/i> DETALLES<\/a><a class=\"btn btn-primary btn-lg px-lg-4 d-block d-md-none\" href=\"https:\/\/comunidad.comprasdominicana.gob.do\/\/Public\/Tendering\/OpportunityDetail\/Index?noticeUID=DO1.NTC.1336416\" target=\"_blank\" title=\"Detalles\"><i class=\"fas fa-2x fa-link\"><\/i><\/a><\/div><\/div><\/div><div class=\"jumbotron archivos\"><div class=\"row align-items-center\"><div class=\"col\"><h6><a class=\"text-dark\" href=\"https:\/\/comunidad.comprasdominicana.gob.do\/\/Public\/Tendering\/OpportunityDetail\/Index?noticeUID=DO1.NTC.1336417\" title=\"Ver\" target=\"_blank\">INESPRE-DAF-CM-2023-0138<\/a><\/h6><p class=\"mb-0 bold\">Adquisici\u00f3n de Caf\u00e9 Molido<\/p><p class=\"mb-0\" style=\"font-size: .85rem\"><strong title=\"Estado del Proceso\"><i class=\"fas fa-spinner\"><\/i><\/strong> Proceso adjudicado y celebrado<\/p><p class=\"mb-0\" style=\"font-size: .85rem\"><strong title=\"Fecha de Publicaci\u00f3n\"><i class=\"fas fa-calendar-alt\"><\/i><\/strong> Publicado el lunes, 18 de diciembre de 2023<\/p><\/div><div class=\"col-auto mt-md-0 mt-2\"><a class=\"btn btn-primary btn-lg px-lg-4 d-none d-md-block\" href=\"https:\/\/comunidad.comprasdominicana.gob.do\/\/Public\/Tendering\/OpportunityDetail\/Index?noticeUID=DO1.NTC.1336417\" target=\"_blank\" title=\"Detalles\"><i class=\"fas fa-link\"><\/i> DETALLES<\/a><a class=\"btn btn-primary btn-lg px-lg-4 d-block d-md-none\" href=\"https:\/\/comunidad.comprasdominicana.gob.do\/\/Public\/Tendering\/OpportunityDetail\/Index?noticeUID=DO1.NTC.1336417\" target=\"_blank\" title=\"Detalles\"><i class=\"fas fa-2x fa-link\"><\/i><\/a><\/div><\/div><\/div><div class=\"jumbotron archivos\"><div class=\"row align-items-center\"><div class=\"col\"><h6><a class=\"text-dark\" href=\"https:\/\/comunidad.comprasdominicana.gob.do\/\/Public\/Tendering\/OpportunityDetail\/Index?noticeUID=DO1.NTC.1336113\" title=\"Ver\" target=\"_blank\">INESPRE-DAF-CM-2023-0136<\/a><\/h6><p class=\"mb-0 bold\">Adquisici\u00f3n de Salchichas de cerdo dirigido a Mipymes Mujeres<\/p><p class=\"mb-0\" style=\"font-size: .85rem\"><strong title=\"Estado del Proceso\"><i class=\"fas fa-spinner\"><\/i><\/strong> Proceso adjudicado y celebrado<\/p><p class=\"mb-0\" style=\"font-size: .85rem\"><strong title=\"Fecha de Publicaci\u00f3n\"><i class=\"fas fa-calendar-alt\"><\/i><\/strong> Publicado el lunes, 18 de diciembre de 2023<\/p><\/div><div class=\"col-auto mt-md-0 mt-2\"><a class=\"btn btn-primary btn-lg px-lg-4 d-none d-md-block\" href=\"https:\/\/comunidad.comprasdominicana.gob.do\/\/Public\/Tendering\/OpportunityDetail\/Index?noticeUID=DO1.NTC.1336113\" target=\"_blank\" title=\"Detalles\"><i class=\"fas fa-link\"><\/i> DETALLES<\/a><a class=\"btn btn-primary btn-lg px-lg-4 d-block d-md-none\" href=\"https:\/\/comunidad.comprasdominicana.gob.do\/\/Public\/Tendering\/OpportunityDetail\/Index?noticeUID=DO1.NTC.1336113\" target=\"_blank\" title=\"Detalles\"><i class=\"fas fa-2x fa-link\"><\/i><\/a><\/div><\/div><\/div><div class=\"jumbotron archivos\"><div class=\"row align-items-center\"><div class=\"col\"><h6><a class=\"text-dark\" href=\"https:\/\/comunidad.comprasdominicana.gob.do\/\/Public\/Tendering\/OpportunityDetail\/Index?noticeUID=DO1.NTC.1336214\" title=\"Ver\" target=\"_blank\">INESPRE-DAF-CM-2023-0135<\/a><\/h6><p class=\"mb-0 bold\">Adquisici\u00f3n de Espaguettis<\/p><p class=\"mb-0\" style=\"font-size: .85rem\"><strong title=\"Estado del Proceso\"><i class=\"fas fa-spinner\"><\/i><\/strong> Proceso adjudicado y celebrado<\/p><p class=\"mb-0\" style=\"font-size: .85rem\"><strong title=\"Fecha de Publicaci\u00f3n\"><i class=\"fas fa-calendar-alt\"><\/i><\/strong> Publicado el lunes, 18 de diciembre de 2023<\/p><\/div><div class=\"col-auto mt-md-0 mt-2\"><a class=\"btn btn-primary btn-lg px-lg-4 d-none d-md-block\" href=\"https:\/\/comunidad.comprasdominicana.gob.do\/\/Public\/Tendering\/OpportunityDetail\/Index?noticeUID=DO1.NTC.1336214\" target=\"_blank\" title=\"Detalles\"><i class=\"fas fa-link\"><\/i> DETALLES<\/a><a class=\"btn btn-primary btn-lg px-lg-4 d-block d-md-none\" href=\"https:\/\/comunidad.comprasdominicana.gob.do\/\/Public\/Tendering\/OpportunityDetail\/Index?noticeUID=DO1.NTC.1336214\" target=\"_blank\" title=\"Detalles\"><i class=\"fas fa-2x fa-link\"><\/i><\/a><\/div><\/div><\/div><div class=\"jumbotron archivos\"><div class=\"row align-items-center\"><div class=\"col\"><h6><a class=\"text-dark\" href=\"https:\/\/comunidad.comprasdominicana.gob.do\/\/Public\/Tendering\/OpportunityDetail\/Index?noticeUID=DO1.NTC.1336315\" title=\"Ver\" target=\"_blank\">INESPRE-DAF-CM-2023-0134<\/a><\/h6><p class=\"mb-0 bold\">Adquisici\u00f3n de Sardinas en salsa de tomate<\/p><p class=\"mb-0\" style=\"font-size: .85rem\"><strong title=\"Estado del Proceso\"><i class=\"fas fa-spinner\"><\/i><\/strong> Proceso adjudicado y celebrado<\/p><p class=\"mb-0\" style=\"font-size: .85rem\"><strong title=\"Fecha de Publicaci\u00f3n\"><i class=\"fas fa-calendar-alt\"><\/i><\/strong> Publicado el lunes, 18 de diciembre de 2023<\/p><\/div><div class=\"col-auto mt-md-0 mt-2\"><a class=\"btn btn-primary btn-lg px-lg-4 d-none d-md-block\" href=\"https:\/\/comunidad.comprasdominicana.gob.do\/\/Public\/Tendering\/OpportunityDetail\/Index?noticeUID=DO1.NTC.1336315\" target=\"_blank\" title=\"Detalles\"><i class=\"fas fa-link\"><\/i> DETALLES<\/a><a class=\"btn btn-primary btn-lg px-lg-4 d-block d-md-none\" href=\"https:\/\/comunidad.comprasdominicana.gob.do\/\/Public\/Tendering\/OpportunityDetail\/Index?noticeUID=DO1.NTC.1336315\" target=\"_blank\" title=\"Detalles\"><i class=\"fas fa-2x fa-link\"><\/i><\/a><\/div><\/div><\/div><div class=\"jumbotron archivos\"><div class=\"row align-items-center\"><div class=\"col\"><h6><a class=\"text-dark\" href=\"https:\/\/comunidad.comprasdominicana.gob.do\/\/Public\/Tendering\/OpportunityDetail\/Index?noticeUID=DO1.NTC.1336514\" title=\"Ver\" target=\"_blank\">INESPRE-DAF-CM-2023-0133<\/a><\/h6><p class=\"mb-0 bold\">Adquisici\u00f3n de Sal Molida dirigido a Mipymes Industriales<\/p><p class=\"mb-0\" style=\"font-size: .85rem\"><strong title=\"Estado del Proceso\"><i class=\"fas fa-spinner\"><\/i><\/strong> Proceso adjudicado y celebrado<\/p><p class=\"mb-0\" style=\"font-size: .85rem\"><strong title=\"Fecha de Publicaci\u00f3n\"><i class=\"fas fa-calendar-alt\"><\/i><\/strong> Publicado el lunes, 18 de diciembre de 2023<\/p><\/div><div class=\"col-auto mt-md-0 mt-2\"><a class=\"btn btn-primary btn-lg px-lg-4 d-none d-md-block\" href=\"https:\/\/comunidad.comprasdominicana.gob.do\/\/Public\/Tendering\/OpportunityDetail\/Index?noticeUID=DO1.NTC.1336514\" target=\"_blank\" title=\"Detalles\"><i class=\"fas fa-link\"><\/i> DETALLES<\/a><a class=\"btn btn-primary btn-lg px-lg-4 d-block d-md-none\" href=\"https:\/\/comunidad.comprasdominicana.gob.do\/\/Public\/Tendering\/OpportunityDetail\/Index?noticeUID=DO1.NTC.1336514\" target=\"_blank\" title=\"Detalles\"><i class=\"fas fa-2x fa-link\"><\/i><\/a><\/div><\/div><\/div><div class=\"jumbotron archivos\"><div class=\"row align-items-center\"><div class=\"col\"><h6><a class=\"text-dark\" href=\"https:\/\/comunidad.comprasdominicana.gob.do\/\/Public\/Tendering\/OpportunityDetail\/Index?noticeUID=DO1.NTC.1336314\" title=\"Ver\" target=\"_blank\">INESPRE-DAF-CM-2023-0132<\/a><\/h6><p class=\"mb-0 bold\">Adquisicion de Guandules y Ma\u00edz enlatados <\/p><p class=\"mb-0\" style=\"font-size: .85rem\"><strong title=\"Estado del Proceso\"><i class=\"fas fa-spinner\"><\/i><\/strong> Proceso adjudicado y celebrado<\/p><p class=\"mb-0\" style=\"font-size: .85rem\"><strong title=\"Fecha de Publicaci\u00f3n\"><i class=\"fas fa-calendar-alt\"><\/i><\/strong> Publicado el lunes, 18 de diciembre de 2023<\/p><\/div><div class=\"col-auto mt-md-0 mt-2\"><a class=\"btn btn-primary btn-lg px-lg-4 d-none d-md-block\" href=\"https:\/\/comunidad.comprasdominicana.gob.do\/\/Public\/Tendering\/OpportunityDetail\/Index?noticeUID=DO1.NTC.1336314\" target=\"_blank\" title=\"Detalles\"><i class=\"fas fa-link\"><\/i> DETALLES<\/a><a class=\"btn btn-primary btn-lg px-lg-4 d-block d-md-none\" href=\"https:\/\/comunidad.comprasdominicana.gob.do\/\/Public\/Tendering\/OpportunityDetail\/Index?noticeUID=DO1.NTC.1336314\" target=\"_blank\" title=\"Detalles\"><i class=\"fas fa-2x fa-link\"><\/i><\/a><\/div><\/div><\/div><div class=\"jumbotron archivos\"><div class=\"row align-items-center\"><div class=\"col\"><h6><a class=\"text-dark\" href=\"https:\/\/comunidad.comprasdominicana.gob.do\/\/Public\/Tendering\/OpportunityDetail\/Index?noticeUID=DO1.NTC.1335628\" title=\"Ver\" target=\"_blank\">INESPRE-DAF-CM-2023-0131<\/a><\/h6><p class=\"mb-0 bold\">Adquisici\u00f3n de Avena entera<\/p><p class=\"mb-0\" style=\"font-size: .85rem\"><strong title=\"Estado del Proceso\"><i class=\"fas fa-spinner\"><\/i><\/strong> Proceso adjudicado y celebrado<\/p><p class=\"mb-0\" style=\"font-size: .85rem\"><strong title=\"Fecha de Publicaci\u00f3n\"><i class=\"fas fa-calendar-alt\"><\/i><\/strong> Publicado el viernes, 15 de diciembre de 2023<\/p><\/div><div class=\"col-auto mt-md-0 mt-2\"><a class=\"btn btn-primary btn-lg px-lg-4 d-none d-md-block\" href=\"https:\/\/comunidad.comprasdominicana.gob.do\/\/Public\/Tendering\/OpportunityDetail\/Index?noticeUID=DO1.NTC.1335628\" target=\"_blank\" title=\"Detalles\"><i class=\"fas fa-link\"><\/i> DETALLES<\/a><a class=\"btn btn-primary btn-lg px-lg-4 d-block d-md-none\" href=\"https:\/\/comunidad.comprasdominicana.gob.do\/\/Public\/Tendering\/OpportunityDetail\/Index?noticeUID=DO1.NTC.1335628\" target=\"_blank\" title=\"Detalles\"><i class=\"fas fa-2x fa-link\"><\/i><\/a><\/div><\/div><\/div><div class=\"jumbotron archivos\"><div class=\"row align-items-center\"><div class=\"col\"><h6><a class=\"text-dark\" href=\"https:\/\/comunidad.comprasdominicana.gob.do\/\/Public\/Tendering\/OpportunityDetail\/Index?noticeUID=DO1.NTC.1335825\" title=\"Ver\" target=\"_blank\">INESPRE-DAF-CM-2023-0129<\/a><\/h6><p class=\"mb-0 bold\">Adquisici\u00f3n de Saz\u00f3n en polvo y Vinagre dorado dirigido a Mipymes Mujeres<\/p><p class=\"mb-0\" style=\"font-size: .85rem\"><strong title=\"Estado del Proceso\"><i class=\"fas fa-spinner\"><\/i><\/strong> Proceso adjudicado y celebrado<\/p><p class=\"mb-0\" style=\"font-size: .85rem\"><strong title=\"Fecha de Publicaci\u00f3n\"><i class=\"fas fa-calendar-alt\"><\/i><\/strong> Publicado el viernes, 15 de diciembre de 2023<\/p><\/div><div class=\"col-auto mt-md-0 mt-2\"><a class=\"btn btn-primary btn-lg px-lg-4 d-none d-md-block\" href=\"https:\/\/comunidad.comprasdominicana.gob.do\/\/Public\/Tendering\/OpportunityDetail\/Index?noticeUID=DO1.NTC.1335825\" target=\"_blank\" title=\"Detalles\"><i class=\"fas fa-link\"><\/i> DETALLES<\/a><a class=\"btn btn-primary btn-lg px-lg-4 d-block d-md-none\" href=\"https:\/\/comunidad.comprasdominicana.gob.do\/\/Public\/Tendering\/OpportunityDetail\/Index?noticeUID=DO1.NTC.1335825\" target=\"_blank\" title=\"Detalles\"><i class=\"fas fa-2x fa-link\"><\/i><\/a><\/div><\/div><\/div><div class=\"jumbotron archivos\"><div class=\"row align-items-center\"><div class=\"col\"><h6><a class=\"text-dark\" href=\"https:\/\/comunidad.comprasdominicana.gob.do\/\/Public\/Tendering\/OpportunityDetail\/Index?noticeUID=DO1.NTC.1335916\" title=\"Ver\" target=\"_blank\">INESPRE-DAF-CM-2023-0128<\/a><\/h6><p class=\"mb-0 bold\">Adquisici\u00f3n de chocolate en barra dirigido a Mipymes Mujeres<\/p><p class=\"mb-0\" style=\"font-size: .85rem\"><strong title=\"Estado del Proceso\"><i class=\"fas fa-spinner\"><\/i><\/strong> Proceso adjudicado y celebrado<\/p><p class=\"mb-0\" style=\"font-size: .85rem\"><strong title=\"Fecha de Publicaci\u00f3n\"><i class=\"fas fa-calendar-alt\"><\/i><\/strong> Publicado el viernes, 15 de diciembre de 2023<\/p><\/div><div class=\"col-auto mt-md-0 mt-2\"><a class=\"btn btn-primary btn-lg px-lg-4 d-none d-md-block\" href=\"https:\/\/comunidad.comprasdominicana.gob.do\/\/Public\/Tendering\/OpportunityDetail\/Index?noticeUID=DO1.NTC.1335916\" target=\"_blank\" title=\"Detalles\"><i class=\"fas fa-link\"><\/i> DETALLES<\/a><a class=\"btn btn-primary btn-lg px-lg-4 d-block d-md-none\" href=\"https:\/\/comunidad.comprasdominicana.gob.do\/\/Public\/Tendering\/OpportunityDetail\/Index?noticeUID=DO1.NTC.1335916\" target=\"_blank\" title=\"Detalles\"><i class=\"fas fa-2x fa-link\"><\/i><\/a><\/div><\/div><\/div><div class=\"jumbotron archivos\"><div class=\"row align-items-center\"><div class=\"col\"><h6><a class=\"text-dark\" href=\"https:\/\/comunidad.comprasdominicana.gob.do\/\/Public\/Tendering\/OpportunityDetail\/Index?noticeUID=DO1.NTC.1335821\" title=\"Ver\" target=\"_blank\">INESPRE-DAF-CM-2023-0130<\/a><\/h6><p class=\"mb-0 bold\">Adquisici\u00f3n de Harina de Ma\u00edz dirigido a Mipymes Mujeres<\/p><p class=\"mb-0\" style=\"font-size: .85rem\"><strong title=\"Estado del Proceso\"><i class=\"fas fa-spinner\"><\/i><\/strong> Proceso adjudicado y celebrado<\/p><p class=\"mb-0\" style=\"font-size: .85rem\"><strong title=\"Fecha de Publicaci\u00f3n\"><i class=\"fas fa-calendar-alt\"><\/i><\/strong> Publicado el viernes, 15 de diciembre de 2023<\/p><\/div><div class=\"col-auto mt-md-0 mt-2\"><a class=\"btn btn-primary btn-lg px-lg-4 d-none d-md-block\" href=\"https:\/\/comunidad.comprasdominicana.gob.do\/\/Public\/Tendering\/OpportunityDetail\/Index?noticeUID=DO1.NTC.1335821\" target=\"_blank\" title=\"Detalles\"><i class=\"fas fa-link\"><\/i> DETALLES<\/a><a class=\"btn btn-primary btn-lg px-lg-4 d-block d-md-none\" href=\"https:\/\/comunidad.comprasdominicana.gob.do\/\/Public\/Tendering\/OpportunityDetail\/Index?noticeUID=DO1.NTC.1335821\" target=\"_blank\" title=\"Detalles\"><i class=\"fas fa-2x fa-link\"><\/i><\/a><\/div><\/div><\/div><div class=\"jumbotron archivos\"><div class=\"row align-items-center\"><div class=\"col\"><h6><a class=\"text-dark\" href=\"https:\/\/comunidad.comprasdominicana.gob.do\/\/Public\/Tendering\/OpportunityDetail\/Index?noticeUID=DO1.NTC.1334133\" title=\"Ver\" target=\"_blank\">INESPRE-DAF-CM-2023-0127<\/a><\/h6><p class=\"mb-0 bold\">Servicio de Alquiler de Bodegas por un periodo de tres (03) meses<\/p><p class=\"mb-0\" style=\"font-size: .85rem\"><strong title=\"Estado del Proceso\"><i class=\"fas fa-spinner\"><\/i><\/strong> Proceso adjudicado y celebrado<\/p><p class=\"mb-0\" style=\"font-size: .85rem\"><strong title=\"Fecha de Publicaci\u00f3n\"><i class=\"fas fa-calendar-alt\"><\/i><\/strong> Publicado el martes, 12 de diciembre de 2023<\/p><\/div><div class=\"col-auto mt-md-0 mt-2\"><a class=\"btn btn-primary btn-lg px-lg-4 d-none d-md-block\" href=\"https:\/\/comunidad.comprasdominicana.gob.do\/\/Public\/Tendering\/OpportunityDetail\/Index?noticeUID=DO1.NTC.1334133\" target=\"_blank\" title=\"Detalles\"><i class=\"fas fa-link\"><\/i> DETALLES<\/a><a class=\"btn btn-primary btn-lg px-lg-4 d-block d-md-none\" href=\"https:\/\/comunidad.comprasdominicana.gob.do\/\/Public\/Tendering\/OpportunityDetail\/Index?noticeUID=DO1.NTC.1334133\" target=\"_blank\" title=\"Detalles\"><i class=\"fas fa-2x fa-link\"><\/i><\/a><\/div><\/div><\/div><div class=\"jumbotron archivos\"><div class=\"row align-items-center\"><div class=\"col\"><h6><a class=\"text-dark\" href=\"https:\/\/comunidad.comprasdominicana.gob.do\/\/Public\/Tendering\/OpportunityDetail\/Index?noticeUID=DO1.NTC.1333732\" title=\"Ver\" target=\"_blank\">INESPRE-DAF-CM-2023-0125<\/a><\/h6><p class=\"mb-0 bold\">Servicio de Sistema de Luces ambientales, Sonido, Distribuci\u00f3n El\u00e9ctrica, Planta El\u00e9ctrica y Climatizaci\u00f3n para Ferias &quot;La Navidad del Cambio con INESPRE &quot; <\/p><p class=\"mb-0\" style=\"font-size: .85rem\"><strong title=\"Estado del Proceso\"><i class=\"fas fa-spinner\"><\/i><\/strong> Proceso adjudicado y celebrado<\/p><p class=\"mb-0\" style=\"font-size: .85rem\"><strong title=\"Fecha de Publicaci\u00f3n\"><i class=\"fas fa-calendar-alt\"><\/i><\/strong> Publicado el martes, 12 de diciembre de 2023<\/p><\/div><div class=\"col-auto mt-md-0 mt-2\"><a class=\"btn btn-primary btn-lg px-lg-4 d-none d-md-block\" href=\"https:\/\/comunidad.comprasdominicana.gob.do\/\/Public\/Tendering\/OpportunityDetail\/Index?noticeUID=DO1.NTC.1333732\" target=\"_blank\" title=\"Detalles\"><i class=\"fas fa-link\"><\/i> DETALLES<\/a><a class=\"btn btn-primary btn-lg px-lg-4 d-block d-md-none\" href=\"https:\/\/comunidad.comprasdominicana.gob.do\/\/Public\/Tendering\/OpportunityDetail\/Index?noticeUID=DO1.NTC.1333732\" target=\"_blank\" title=\"Detalles\"><i class=\"fas fa-2x fa-link\"><\/i><\/a><\/div><\/div><\/div><div class=\"jumbotron archivos\"><div class=\"row align-items-center\"><div class=\"col\"><h6><a class=\"text-dark\" href=\"https:\/\/comunidad.comprasdominicana.gob.do\/\/Public\/Tendering\/OpportunityDetail\/Index?noticeUID=DO1.NTC.1333927\" title=\"Ver\" target=\"_blank\">INESPRE-DAF-CM-2023-0126<\/a><\/h6><p class=\"mb-0 bold\">Servicio de Almuerzos a Domicilio<\/p><p class=\"mb-0\" style=\"font-size: .85rem\"><strong title=\"Estado del Proceso\"><i class=\"fas fa-spinner\"><\/i><\/strong> Proceso adjudicado y celebrado<\/p><p class=\"mb-0\" style=\"font-size: .85rem\"><strong title=\"Fecha de Publicaci\u00f3n\"><i class=\"fas fa-calendar-alt\"><\/i><\/strong> Publicado el martes, 12 de diciembre de 2023<\/p><\/div><div class=\"col-auto mt-md-0 mt-2\"><a class=\"btn btn-primary btn-lg px-lg-4 d-none d-md-block\" href=\"https:\/\/comunidad.comprasdominicana.gob.do\/\/Public\/Tendering\/OpportunityDetail\/Index?noticeUID=DO1.NTC.1333927\" target=\"_blank\" title=\"Detalles\"><i class=\"fas fa-link\"><\/i> DETALLES<\/a><a class=\"btn btn-primary btn-lg px-lg-4 d-block d-md-none\" href=\"https:\/\/comunidad.comprasdominicana.gob.do\/\/Public\/Tendering\/OpportunityDetail\/Index?noticeUID=DO1.NTC.1333927\" target=\"_blank\" title=\"Detalles\"><i class=\"fas fa-2x fa-link\"><\/i><\/a><\/div><\/div><\/div><div class=\"jumbotron archivos\"><div class=\"row align-items-center\"><div class=\"col\"><h6><a class=\"text-dark\" href=\"https:\/\/comunidad.comprasdominicana.gob.do\/\/Public\/Tendering\/OpportunityDetail\/Index?noticeUID=DO1.NTC.1333833\" title=\"Ver\" target=\"_blank\">INESPRE-DAF-CM-2023-0124<\/a><\/h6><p class=\"mb-0 bold\">Servicio de instalaci\u00f3n de Estructura para las ferias &quot; La Navidad del Cambio con INESPRE&quot; <\/p><p class=\"mb-0\" style=\"font-size: .85rem\"><strong title=\"Estado del Proceso\"><i class=\"fas fa-spinner\"><\/i><\/strong> Proceso adjudicado y celebrado<\/p><p class=\"mb-0\" style=\"font-size: .85rem\"><strong title=\"Fecha de Publicaci\u00f3n\"><i class=\"fas fa-calendar-alt\"><\/i><\/strong> Publicado el martes, 12 de diciembre de 2023<\/p><\/div><div class=\"col-auto mt-md-0 mt-2\"><a class=\"btn btn-primary btn-lg px-lg-4 d-none d-md-block\" href=\"https:\/\/comunidad.comprasdominicana.gob.do\/\/Public\/Tendering\/OpportunityDetail\/Index?noticeUID=DO1.NTC.1333833\" target=\"_blank\" title=\"Detalles\"><i class=\"fas fa-link\"><\/i> DETALLES<\/a><a class=\"btn btn-primary btn-lg px-lg-4 d-block d-md-none\" href=\"https:\/\/comunidad.comprasdominicana.gob.do\/\/Public\/Tendering\/OpportunityDetail\/Index?noticeUID=DO1.NTC.1333833\" target=\"_blank\" title=\"Detalles\"><i class=\"fas fa-2x fa-link\"><\/i><\/a><\/div><\/div><\/div><div class=\"jumbotron archivos\"><div class=\"row align-items-center\"><div class=\"col\"><h6><a class=\"text-dark\" href=\"https:\/\/comunidad.comprasdominicana.gob.do\/\/Public\/Tendering\/OpportunityDetail\/Index?noticeUID=DO1.NTC.1333830\" title=\"Ver\" target=\"_blank\">INESPRE-DAF-CM-2023-0122<\/a><\/h6><p class=\"mb-0 bold\">Servicio de Alquiler de Almacenes por un periodo de tres (03) meses dirigido a Mipymes Mujeres<\/p><p class=\"mb-0\" style=\"font-size: .85rem\"><strong title=\"Estado del Proceso\"><i class=\"fas fa-spinner\"><\/i><\/strong> Proceso adjudicado y celebrado<\/p><p class=\"mb-0\" style=\"font-size: .85rem\"><strong title=\"Fecha de Publicaci\u00f3n\"><i class=\"fas fa-calendar-alt\"><\/i><\/strong> Publicado el martes, 12 de diciembre de 2023<\/p><\/div><div class=\"col-auto mt-md-0 mt-2\"><a class=\"btn btn-primary btn-lg px-lg-4 d-none d-md-block\" href=\"https:\/\/comunidad.comprasdominicana.gob.do\/\/Public\/Tendering\/OpportunityDetail\/Index?noticeUID=DO1.NTC.1333830\" target=\"_blank\" title=\"Detalles\"><i class=\"fas fa-link\"><\/i> DETALLES<\/a><a class=\"btn btn-primary btn-lg px-lg-4 d-block d-md-none\" href=\"https:\/\/comunidad.comprasdominicana.gob.do\/\/Public\/Tendering\/OpportunityDetail\/Index?noticeUID=DO1.NTC.1333830\" target=\"_blank\" title=\"Detalles\"><i class=\"fas fa-2x fa-link\"><\/i><\/a><\/div><\/div><\/div><div class=\"jumbotron archivos\"><div class=\"row align-items-center\"><div class=\"col\"><h6><a class=\"text-dark\" href=\"https:\/\/comunidad.comprasdominicana.gob.do\/\/Public\/Tendering\/OpportunityDetail\/Index?noticeUID=DO1.NTC.1333828\" title=\"Ver\" target=\"_blank\">INESPRE-DAF-CM-2023-0123<\/a><\/h6><p class=\"mb-0 bold\">Servicio de instalaci\u00f3n de Techos para las ferias \u00b4\u00b4La Navidad del Cambio con INESPRE\u00b4\u00b4<\/p><p class=\"mb-0\" style=\"font-size: .85rem\"><strong title=\"Estado del Proceso\"><i class=\"fas fa-spinner\"><\/i><\/strong> Proceso adjudicado y celebrado<\/p><p class=\"mb-0\" style=\"font-size: .85rem\"><strong title=\"Fecha de Publicaci\u00f3n\"><i class=\"fas fa-calendar-alt\"><\/i><\/strong> Publicado el martes, 12 de diciembre de 2023<\/p><\/div><div class=\"col-auto mt-md-0 mt-2\"><a class=\"btn btn-primary btn-lg px-lg-4 d-none d-md-block\" href=\"https:\/\/comunidad.comprasdominicana.gob.do\/\/Public\/Tendering\/OpportunityDetail\/Index?noticeUID=DO1.NTC.1333828\" target=\"_blank\" title=\"Detalles\"><i class=\"fas fa-link\"><\/i> DETALLES<\/a><a class=\"btn btn-primary btn-lg px-lg-4 d-block d-md-none\" href=\"https:\/\/comunidad.comprasdominicana.gob.do\/\/Public\/Tendering\/OpportunityDetail\/Index?noticeUID=DO1.NTC.1333828\" target=\"_blank\" title=\"Detalles\"><i class=\"fas fa-2x fa-link\"><\/i><\/a><\/div><\/div><\/div><div class=\"jumbotron archivos\"><div class=\"row align-items-center\"><div class=\"col\"><h6><a class=\"text-dark\" href=\"https:\/\/comunidad.comprasdominicana.gob.do\/\/Public\/Tendering\/OpportunityDetail\/Index?noticeUID=DO1.NTC.1334111\" title=\"Ver\" target=\"_blank\">INESPRE-DAF-CM-2023-0121<\/a><\/h6><p class=\"mb-0 bold\">Servicio de publicidad en varios peri\u00f3dicos de circulaci\u00f3n nacional <\/p><p class=\"mb-0\" style=\"font-size: .85rem\"><strong title=\"Estado del Proceso\"><i class=\"fas fa-spinner\"><\/i><\/strong> Proceso adjudicado y celebrado<\/p><p class=\"mb-0\" style=\"font-size: .85rem\"><strong title=\"Fecha de Publicaci\u00f3n\"><i class=\"fas fa-calendar-alt\"><\/i><\/strong> Publicado el martes, 12 de diciembre de 2023<\/p><\/div><div class=\"col-auto mt-md-0 mt-2\"><a class=\"btn btn-primary btn-lg px-lg-4 d-none d-md-block\" href=\"https:\/\/comunidad.comprasdominicana.gob.do\/\/Public\/Tendering\/OpportunityDetail\/Index?noticeUID=DO1.NTC.1334111\" target=\"_blank\" title=\"Detalles\"><i class=\"fas fa-link\"><\/i> DETALLES<\/a><a class=\"btn btn-primary btn-lg px-lg-4 d-block d-md-none\" href=\"https:\/\/comunidad.comprasdominicana.gob.do\/\/Public\/Tendering\/OpportunityDetail\/Index?noticeUID=DO1.NTC.1334111\" target=\"_blank\" title=\"Detalles\"><i class=\"fas fa-2x fa-link\"><\/i><\/a><\/div><\/div><\/div><div class=\"jumbotron archivos\"><div class=\"row align-items-center\"><div class=\"col\"><h6><a class=\"text-dark\" href=\"https:\/\/comunidad.comprasdominicana.gob.do\/\/Public\/Tendering\/OpportunityDetail\/Index?noticeUID=DO1.NTC.1331342\" title=\"Ver\" target=\"_blank\">INESPRE-DAF-CM-2023-0120<\/a><\/h6><p class=\"mb-0 bold\">Servicio de Alquiler de dos Contenedores Refrigerados por un periodo de tres (03) meses dirigido a Mipymes Mujeres<\/p><p class=\"mb-0\" style=\"font-size: .85rem\"><strong title=\"Estado del Proceso\"><i class=\"fas fa-spinner\"><\/i><\/strong> Proceso adjudicado y celebrado<\/p><p class=\"mb-0\" style=\"font-size: .85rem\"><strong title=\"Fecha de Publicaci\u00f3n\"><i class=\"fas fa-calendar-alt\"><\/i><\/strong> Publicado el mi\u00e9rcoles, 6 de diciembre de 2023<\/p><\/div><div class=\"col-auto mt-md-0 mt-2\"><a class=\"btn btn-primary btn-lg px-lg-4 d-none d-md-block\" href=\"https:\/\/comunidad.comprasdominicana.gob.do\/\/Public\/Tendering\/OpportunityDetail\/Index?noticeUID=DO1.NTC.1331342\" target=\"_blank\" title=\"Detalles\"><i class=\"fas fa-link\"><\/i> DETALLES<\/a><a class=\"btn btn-primary btn-lg px-lg-4 d-block d-md-none\" href=\"https:\/\/comunidad.comprasdominicana.gob.do\/\/Public\/Tendering\/OpportunityDetail\/Index?noticeUID=DO1.NTC.1331342\" target=\"_blank\" title=\"Detalles\"><i class=\"fas fa-2x fa-link\"><\/i><\/a><\/div><\/div><\/div><\/div><\/div><\/div>\n        <div class=\"card\">\n            <div class=\"card-header parents\" id=\"heading_compras-menores-69f73f7454400-2023-69f73f7454400-noviembre-69f73f7454400\">\n                <p class=\"title text-blue mb-0\">\n                    <a class=\"btn-block hover text-left collapsed\" data-toggle=\"collapse\" data-target=\"#collap_compras-menores-69f73f7454400-2023-69f73f7454400-noviembre-69f73f7454400\" aria-expanded=\"false\" aria-controls=\"collap_compras-menores-69f73f7454400-2023-69f73f7454400-noviembre-69f73f7454400\">Noviembre<\/a>\n                <\/p>\n            <\/div>\n            <div id=\"collap_compras-menores-69f73f7454400-2023-69f73f7454400-noviembre-69f73f7454400\" class=\"collapse\" aria-labelledby=\"heading_compras-menores-69f73f7454400-2023-69f73f7454400-noviembre-69f73f7454400\" data-parent=\"#collap_compras-menores-69f73f7454400-2023-69f73f7454400\">\n                <div class=\"card-body\"><div class=\"jumbotron archivos\"><div class=\"row align-items-center\"><div class=\"col\"><h6><a class=\"text-dark\" href=\"https:\/\/comunidad.comprasdominicana.gob.do\/\/Public\/Tendering\/OpportunityDetail\/Index?noticeUID=DO1.NTC.1327816\" title=\"Ver\" target=\"_blank\">INESPRE-DAF-CM-2023-0119<\/a><\/h6><p class=\"mb-0 bold\">Servicio de Remozamiento El\u00e9ctricos en la Direcci\u00f3n de Abastecimiento, Log\u00edstica y Distribuci\u00f3n<\/p><p class=\"mb-0\" style=\"font-size: .85rem\"><strong title=\"Estado del Proceso\"><i class=\"fas fa-spinner\"><\/i><\/strong> Proceso adjudicado y celebrado<\/p><p class=\"mb-0\" style=\"font-size: .85rem\"><strong title=\"Fecha de Publicaci\u00f3n\"><i class=\"fas fa-calendar-alt\"><\/i><\/strong> Publicado el martes, 28 de noviembre de 2023<\/p><\/div><div class=\"col-auto mt-md-0 mt-2\"><a class=\"btn btn-primary btn-lg px-lg-4 d-none d-md-block\" href=\"https:\/\/comunidad.comprasdominicana.gob.do\/\/Public\/Tendering\/OpportunityDetail\/Index?noticeUID=DO1.NTC.1327816\" target=\"_blank\" title=\"Detalles\"><i class=\"fas fa-link\"><\/i> DETALLES<\/a><a class=\"btn btn-primary btn-lg px-lg-4 d-block d-md-none\" href=\"https:\/\/comunidad.comprasdominicana.gob.do\/\/Public\/Tendering\/OpportunityDetail\/Index?noticeUID=DO1.NTC.1327816\" target=\"_blank\" title=\"Detalles\"><i class=\"fas fa-2x fa-link\"><\/i><\/a><\/div><\/div><\/div><div class=\"jumbotron archivos\"><div class=\"row align-items-center\"><div class=\"col\"><h6><a class=\"text-dark\" href=\"https:\/\/comunidad.comprasdominicana.gob.do\/\/Public\/Tendering\/OpportunityDetail\/Index?noticeUID=DO1.NTC.1325450\" title=\"Ver\" target=\"_blank\">INESPRE-DAF-CM-2023-0118<\/a><\/h6><p class=\"mb-0 bold\">Adquisici\u00f3n de Mesas de Hierro para exhibici\u00f3n de productos<\/p><p class=\"mb-0\" style=\"font-size: .85rem\"><strong title=\"Estado del Proceso\"><i class=\"fas fa-spinner\"><\/i><\/strong> Proceso adjudicado y celebrado<\/p><p class=\"mb-0\" style=\"font-size: .85rem\"><strong title=\"Fecha de Publicaci\u00f3n\"><i class=\"fas fa-calendar-alt\"><\/i><\/strong> Publicado el mi\u00e9rcoles, 22 de noviembre de 2023<\/p><\/div><div class=\"col-auto mt-md-0 mt-2\"><a class=\"btn btn-primary btn-lg px-lg-4 d-none d-md-block\" href=\"https:\/\/comunidad.comprasdominicana.gob.do\/\/Public\/Tendering\/OpportunityDetail\/Index?noticeUID=DO1.NTC.1325450\" target=\"_blank\" title=\"Detalles\"><i class=\"fas fa-link\"><\/i> DETALLES<\/a><a class=\"btn btn-primary btn-lg px-lg-4 d-block d-md-none\" href=\"https:\/\/comunidad.comprasdominicana.gob.do\/\/Public\/Tendering\/OpportunityDetail\/Index?noticeUID=DO1.NTC.1325450\" target=\"_blank\" title=\"Detalles\"><i class=\"fas fa-2x fa-link\"><\/i><\/a><\/div><\/div><\/div><div class=\"jumbotron archivos\"><div class=\"row align-items-center\"><div class=\"col\"><h6><a class=\"text-dark\" href=\"https:\/\/comunidad.comprasdominicana.gob.do\/\/Public\/Tendering\/OpportunityDetail\/Index?noticeUID=DO1.NTC.1321941\" title=\"Ver\" target=\"_blank\">INESPRE-DAF-CM-2023-0117<\/a><\/h6><p class=\"mb-0 bold\">Adquisici\u00f3n de Servicio de Dise\u00f1o de Banners para las ferias La Navidad del Cambio con INESPRE Dirigido a Mipymes<\/p><p class=\"mb-0\" style=\"font-size: .85rem\"><strong title=\"Estado del Proceso\"><i class=\"fas fa-spinner\"><\/i><\/strong> Proceso adjudicado y celebrado<\/p><p class=\"mb-0\" style=\"font-size: .85rem\"><strong title=\"Fecha de Publicaci\u00f3n\"><i class=\"fas fa-calendar-alt\"><\/i><\/strong> Publicado el jueves, 16 de noviembre de 2023<\/p><\/div><div class=\"col-auto mt-md-0 mt-2\"><a class=\"btn btn-primary btn-lg px-lg-4 d-none d-md-block\" href=\"https:\/\/comunidad.comprasdominicana.gob.do\/\/Public\/Tendering\/OpportunityDetail\/Index?noticeUID=DO1.NTC.1321941\" target=\"_blank\" title=\"Detalles\"><i class=\"fas fa-link\"><\/i> DETALLES<\/a><a class=\"btn btn-primary btn-lg px-lg-4 d-block d-md-none\" href=\"https:\/\/comunidad.comprasdominicana.gob.do\/\/Public\/Tendering\/OpportunityDetail\/Index?noticeUID=DO1.NTC.1321941\" target=\"_blank\" title=\"Detalles\"><i class=\"fas fa-2x fa-link\"><\/i><\/a><\/div><\/div><\/div><div class=\"jumbotron archivos\"><div class=\"row align-items-center\"><div class=\"col\"><h6><a class=\"text-dark\" href=\"https:\/\/comunidad.comprasdominicana.gob.do\/\/Public\/Tendering\/OpportunityDetail\/Index?noticeUID=DO1.NTC.1321515\" title=\"Ver\" target=\"_blank\">INESPRE-DAF-CM-2023-0116<\/a><\/h6><p class=\"mb-0 bold\">Servicio de Sistema de Luces ambientales, Sistema de Sonido y Climatizaci\u00f3n para las ferias&quot; La Navidad del Cambio con INESPRE&quot;.<\/p><p class=\"mb-0\" style=\"font-size: .85rem\"><strong title=\"Estado del Proceso\"><i class=\"fas fa-spinner\"><\/i><\/strong> Proceso adjudicado y celebrado<\/p><p class=\"mb-0\" style=\"font-size: .85rem\"><strong title=\"Fecha de Publicaci\u00f3n\"><i class=\"fas fa-calendar-alt\"><\/i><\/strong> Publicado el mi\u00e9rcoles, 15 de noviembre de 2023<\/p><\/div><div class=\"col-auto mt-md-0 mt-2\"><a class=\"btn btn-primary btn-lg px-lg-4 d-none d-md-block\" href=\"https:\/\/comunidad.comprasdominicana.gob.do\/\/Public\/Tendering\/OpportunityDetail\/Index?noticeUID=DO1.NTC.1321515\" target=\"_blank\" title=\"Detalles\"><i class=\"fas fa-link\"><\/i> DETALLES<\/a><a class=\"btn btn-primary btn-lg px-lg-4 d-block d-md-none\" href=\"https:\/\/comunidad.comprasdominicana.gob.do\/\/Public\/Tendering\/OpportunityDetail\/Index?noticeUID=DO1.NTC.1321515\" target=\"_blank\" title=\"Detalles\"><i class=\"fas fa-2x fa-link\"><\/i><\/a><\/div><\/div><\/div><div class=\"jumbotron archivos\"><div class=\"row align-items-center\"><div class=\"col\"><h6><a class=\"text-dark\" href=\"https:\/\/comunidad.comprasdominicana.gob.do\/\/Public\/Tendering\/OpportunityDetail\/Index?noticeUID=DO1.NTC.1321012\" title=\"Ver\" target=\"_blank\">INESPRE-DAF-CM-2023-0115<\/a><\/h6><p class=\"mb-0 bold\">Servicio de Sistema de Distribuci\u00f3n El\u00e9ctrica y Planta El\u00e9ctrica para las ferias&quot; La Navidad del Cambio con INESPRE&quot;.<\/p><p class=\"mb-0\" style=\"font-size: .85rem\"><strong title=\"Estado del Proceso\"><i class=\"fas fa-spinner\"><\/i><\/strong> Proceso adjudicado y celebrado<\/p><p class=\"mb-0\" style=\"font-size: .85rem\"><strong title=\"Fecha de Publicaci\u00f3n\"><i class=\"fas fa-calendar-alt\"><\/i><\/strong> Publicado el mi\u00e9rcoles, 15 de noviembre de 2023<\/p><\/div><div class=\"col-auto mt-md-0 mt-2\"><a class=\"btn btn-primary btn-lg px-lg-4 d-none d-md-block\" href=\"https:\/\/comunidad.comprasdominicana.gob.do\/\/Public\/Tendering\/OpportunityDetail\/Index?noticeUID=DO1.NTC.1321012\" target=\"_blank\" title=\"Detalles\"><i class=\"fas fa-link\"><\/i> DETALLES<\/a><a class=\"btn btn-primary btn-lg px-lg-4 d-block d-md-none\" href=\"https:\/\/comunidad.comprasdominicana.gob.do\/\/Public\/Tendering\/OpportunityDetail\/Index?noticeUID=DO1.NTC.1321012\" target=\"_blank\" title=\"Detalles\"><i class=\"fas fa-2x fa-link\"><\/i><\/a><\/div><\/div><\/div><div class=\"jumbotron archivos\"><div class=\"row align-items-center\"><div class=\"col\"><h6><a class=\"text-dark\" href=\"https:\/\/comunidad.comprasdominicana.gob.do\/\/Public\/Tendering\/OpportunityDetail\/Index?noticeUID=DO1.NTC.1320843\" title=\"Ver\" target=\"_blank\">INESPRE-DAF-CM-2023-0114<\/a><\/h6><p class=\"mb-0 bold\">Servicio de instalaci\u00f3n de Estructuras para las ferias&quot; La Navidad del Cambio con INESPRE&quot;.<\/p><p class=\"mb-0\" style=\"font-size: .85rem\"><strong title=\"Estado del Proceso\"><i class=\"fas fa-spinner\"><\/i><\/strong> Proceso adjudicado y celebrado<\/p><p class=\"mb-0\" style=\"font-size: .85rem\"><strong title=\"Fecha de Publicaci\u00f3n\"><i class=\"fas fa-calendar-alt\"><\/i><\/strong> Publicado el martes, 14 de noviembre de 2023<\/p><\/div><div class=\"col-auto mt-md-0 mt-2\"><a class=\"btn btn-primary btn-lg px-lg-4 d-none d-md-block\" href=\"https:\/\/comunidad.comprasdominicana.gob.do\/\/Public\/Tendering\/OpportunityDetail\/Index?noticeUID=DO1.NTC.1320843\" target=\"_blank\" title=\"Detalles\"><i class=\"fas fa-link\"><\/i> DETALLES<\/a><a class=\"btn btn-primary btn-lg px-lg-4 d-block d-md-none\" href=\"https:\/\/comunidad.comprasdominicana.gob.do\/\/Public\/Tendering\/OpportunityDetail\/Index?noticeUID=DO1.NTC.1320843\" target=\"_blank\" title=\"Detalles\"><i class=\"fas fa-2x fa-link\"><\/i><\/a><\/div><\/div><\/div><div class=\"jumbotron archivos\"><div class=\"row align-items-center\"><div class=\"col\"><h6><a class=\"text-dark\" href=\"https:\/\/comunidad.comprasdominicana.gob.do\/\/Public\/Tendering\/OpportunityDetail\/Index?noticeUID=DO1.NTC.1320642\" title=\"Ver\" target=\"_blank\">INESPRE-DAF-CM-2023-0113<\/a><\/h6><p class=\"mb-0 bold\">Servicio de instalaci\u00f3n de Techos para las ferias&quot; La Navidad del Cambio con INESPRE&quot;.<\/p><p class=\"mb-0\" style=\"font-size: .85rem\"><strong title=\"Estado del Proceso\"><i class=\"fas fa-spinner\"><\/i><\/strong> Proceso adjudicado y celebrado<\/p><p class=\"mb-0\" style=\"font-size: .85rem\"><strong title=\"Fecha de Publicaci\u00f3n\"><i class=\"fas fa-calendar-alt\"><\/i><\/strong> Publicado el martes, 14 de noviembre de 2023<\/p><\/div><div class=\"col-auto mt-md-0 mt-2\"><a class=\"btn btn-primary btn-lg px-lg-4 d-none d-md-block\" href=\"https:\/\/comunidad.comprasdominicana.gob.do\/\/Public\/Tendering\/OpportunityDetail\/Index?noticeUID=DO1.NTC.1320642\" target=\"_blank\" title=\"Detalles\"><i class=\"fas fa-link\"><\/i> DETALLES<\/a><a class=\"btn btn-primary btn-lg px-lg-4 d-block d-md-none\" href=\"https:\/\/comunidad.comprasdominicana.gob.do\/\/Public\/Tendering\/OpportunityDetail\/Index?noticeUID=DO1.NTC.1320642\" target=\"_blank\" title=\"Detalles\"><i class=\"fas fa-2x fa-link\"><\/i><\/a><\/div><\/div><\/div><div class=\"jumbotron archivos\"><div class=\"row align-items-center\"><div class=\"col\"><h6><a class=\"text-dark\" href=\"https:\/\/comunidad.comprasdominicana.gob.do\/\/Public\/Tendering\/OpportunityDetail\/Index?noticeUID=DO1.NTC.1320417\" title=\"Ver\" target=\"_blank\">INESPRE-DAF-CM-2023-0112<\/a><\/h6><p class=\"mb-0 bold\">Adquisici\u00f3n de Alimentos y Bebidas para consumo Institucional  dirigido a Mipymes Mujeres (Compras Verdes)<\/p><p class=\"mb-0\" style=\"font-size: .85rem\"><strong title=\"Estado del Proceso\"><i class=\"fas fa-spinner\"><\/i><\/strong> Proceso adjudicado y celebrado<\/p><p class=\"mb-0\" style=\"font-size: .85rem\"><strong title=\"Fecha de Publicaci\u00f3n\"><i class=\"fas fa-calendar-alt\"><\/i><\/strong> Publicado el martes, 14 de noviembre de 2023<\/p><\/div><div class=\"col-auto mt-md-0 mt-2\"><a class=\"btn btn-primary btn-lg px-lg-4 d-none d-md-block\" href=\"https:\/\/comunidad.comprasdominicana.gob.do\/\/Public\/Tendering\/OpportunityDetail\/Index?noticeUID=DO1.NTC.1320417\" target=\"_blank\" title=\"Detalles\"><i class=\"fas fa-link\"><\/i> DETALLES<\/a><a class=\"btn btn-primary btn-lg px-lg-4 d-block d-md-none\" href=\"https:\/\/comunidad.comprasdominicana.gob.do\/\/Public\/Tendering\/OpportunityDetail\/Index?noticeUID=DO1.NTC.1320417\" target=\"_blank\" title=\"Detalles\"><i class=\"fas fa-2x fa-link\"><\/i><\/a><\/div><\/div><\/div><div class=\"jumbotron archivos\"><div class=\"row align-items-center\"><div class=\"col\"><h6><a class=\"text-dark\" href=\"https:\/\/comunidad.comprasdominicana.gob.do\/\/Public\/Tendering\/OpportunityDetail\/Index?noticeUID=DO1.NTC.1319925\" title=\"Ver\" target=\"_blank\">INESPRE-DAF-CM-2023-0111<\/a><\/h6><p class=\"mb-0 bold\">Adquisici\u00f3n de Camisas con Logos Bordados<\/p><p class=\"mb-0\" style=\"font-size: .85rem\"><strong title=\"Estado del Proceso\"><i class=\"fas fa-spinner\"><\/i><\/strong> Proceso adjudicado y celebrado<\/p><p class=\"mb-0\" style=\"font-size: .85rem\"><strong title=\"Fecha de Publicaci\u00f3n\"><i class=\"fas fa-calendar-alt\"><\/i><\/strong> Publicado el lunes, 13 de noviembre de 2023<\/p><\/div><div class=\"col-auto mt-md-0 mt-2\"><a class=\"btn btn-primary btn-lg px-lg-4 d-none d-md-block\" href=\"https:\/\/comunidad.comprasdominicana.gob.do\/\/Public\/Tendering\/OpportunityDetail\/Index?noticeUID=DO1.NTC.1319925\" target=\"_blank\" title=\"Detalles\"><i class=\"fas fa-link\"><\/i> DETALLES<\/a><a class=\"btn btn-primary btn-lg px-lg-4 d-block d-md-none\" href=\"https:\/\/comunidad.comprasdominicana.gob.do\/\/Public\/Tendering\/OpportunityDetail\/Index?noticeUID=DO1.NTC.1319925\" target=\"_blank\" title=\"Detalles\"><i class=\"fas fa-2x fa-link\"><\/i><\/a><\/div><\/div><\/div><div class=\"jumbotron archivos\"><div class=\"row align-items-center\"><div class=\"col\"><h6><a class=\"text-dark\" href=\"https:\/\/comunidad.comprasdominicana.gob.do\/\/Public\/Tendering\/OpportunityDetail\/Index?noticeUID=DO1.NTC.1320108\" title=\"Ver\" target=\"_blank\">INESPRE-DAF-CM-2023-0110<\/a><\/h6><p class=\"mb-0 bold\">Adquisici\u00f3n de Poloshirt con Logos Bordados<\/p><p class=\"mb-0\" style=\"font-size: .85rem\"><strong title=\"Estado del Proceso\"><i class=\"fas fa-spinner\"><\/i><\/strong> Proceso adjudicado y celebrado<\/p><p class=\"mb-0\" style=\"font-size: .85rem\"><strong title=\"Fecha de Publicaci\u00f3n\"><i class=\"fas fa-calendar-alt\"><\/i><\/strong> Publicado el lunes, 13 de noviembre de 2023<\/p><\/div><div class=\"col-auto mt-md-0 mt-2\"><a class=\"btn btn-primary btn-lg px-lg-4 d-none d-md-block\" href=\"https:\/\/comunidad.comprasdominicana.gob.do\/\/Public\/Tendering\/OpportunityDetail\/Index?noticeUID=DO1.NTC.1320108\" target=\"_blank\" title=\"Detalles\"><i class=\"fas fa-link\"><\/i> DETALLES<\/a><a class=\"btn btn-primary btn-lg px-lg-4 d-block d-md-none\" href=\"https:\/\/comunidad.comprasdominicana.gob.do\/\/Public\/Tendering\/OpportunityDetail\/Index?noticeUID=DO1.NTC.1320108\" target=\"_blank\" title=\"Detalles\"><i class=\"fas fa-2x fa-link\"><\/i><\/a><\/div><\/div><\/div><div class=\"jumbotron archivos\"><div class=\"row align-items-center\"><div class=\"col\"><h6><a class=\"text-dark\" href=\"https:\/\/comunidad.comprasdominicana.gob.do\/\/Public\/Tendering\/OpportunityDetail\/Index?noticeUID=DO1.NTC.1318720\" title=\"Ver\" target=\"_blank\">INESPRE-DAF-CM-2023-0109<\/a><\/h6><p class=\"mb-0 bold\">Adquisici\u00f3n de Mallas para empaque dirigido a Mipymes Mujeres<\/p><p class=\"mb-0\" style=\"font-size: .85rem\"><strong title=\"Estado del Proceso\"><i class=\"fas fa-spinner\"><\/i><\/strong> Proceso adjudicado y celebrado<\/p><p class=\"mb-0\" style=\"font-size: .85rem\"><strong title=\"Fecha de Publicaci\u00f3n\"><i class=\"fas fa-calendar-alt\"><\/i><\/strong> Publicado el jueves, 9 de noviembre de 2023<\/p><\/div><div class=\"col-auto mt-md-0 mt-2\"><a class=\"btn btn-primary btn-lg px-lg-4 d-none d-md-block\" href=\"https:\/\/comunidad.comprasdominicana.gob.do\/\/Public\/Tendering\/OpportunityDetail\/Index?noticeUID=DO1.NTC.1318720\" target=\"_blank\" title=\"Detalles\"><i class=\"fas fa-link\"><\/i> DETALLES<\/a><a class=\"btn btn-primary btn-lg px-lg-4 d-block d-md-none\" href=\"https:\/\/comunidad.comprasdominicana.gob.do\/\/Public\/Tendering\/OpportunityDetail\/Index?noticeUID=DO1.NTC.1318720\" target=\"_blank\" title=\"Detalles\"><i class=\"fas fa-2x fa-link\"><\/i><\/a><\/div><\/div><\/div><div class=\"jumbotron archivos\"><div class=\"row align-items-center\"><div class=\"col\"><h6><a class=\"text-dark\" href=\"https:\/\/comunidad.comprasdominicana.gob.do\/\/Public\/Tendering\/OpportunityDetail\/Index?noticeUID=DO1.NTC.1317420\" title=\"Ver\" target=\"_blank\">INESPRE-DAF-CM-2023-0108<\/a><\/h6><p class=\"mb-0 bold\">Adquisici\u00f3n de Abanicos Industriales y de Techos<\/p><p class=\"mb-0\" style=\"font-size: .85rem\"><strong title=\"Estado del Proceso\"><i class=\"fas fa-spinner\"><\/i><\/strong> Proceso adjudicado y celebrado<\/p><p class=\"mb-0\" style=\"font-size: .85rem\"><strong title=\"Fecha de Publicaci\u00f3n\"><i class=\"fas fa-calendar-alt\"><\/i><\/strong> Publicado el martes, 7 de noviembre de 2023<\/p><\/div><div class=\"col-auto mt-md-0 mt-2\"><a class=\"btn btn-primary btn-lg px-lg-4 d-none d-md-block\" href=\"https:\/\/comunidad.comprasdominicana.gob.do\/\/Public\/Tendering\/OpportunityDetail\/Index?noticeUID=DO1.NTC.1317420\" target=\"_blank\" title=\"Detalles\"><i class=\"fas fa-link\"><\/i> DETALLES<\/a><a class=\"btn btn-primary btn-lg px-lg-4 d-block d-md-none\" href=\"https:\/\/comunidad.comprasdominicana.gob.do\/\/Public\/Tendering\/OpportunityDetail\/Index?noticeUID=DO1.NTC.1317420\" target=\"_blank\" title=\"Detalles\"><i class=\"fas fa-2x fa-link\"><\/i><\/a><\/div><\/div><\/div><div class=\"jumbotron archivos\"><div class=\"row align-items-center\"><div class=\"col\"><h6><a class=\"text-dark\" href=\"https:\/\/comunidad.comprasdominicana.gob.do\/\/Public\/Tendering\/OpportunityDetail\/Index?noticeUID=DO1.NTC.1316835\" title=\"Ver\" target=\"_blank\">INESPRE-DAF-CM-2023-0107<\/a><\/h6><p class=\"mb-0 bold\">Servicio de Alquiler de Almacenes por un periodo de tres (3) meses dirigido a Mipymes Mujeres<\/p><p class=\"mb-0\" style=\"font-size: .85rem\"><strong title=\"Estado del Proceso\"><i class=\"fas fa-spinner\"><\/i><\/strong> Proceso adjudicado y celebrado<\/p><p class=\"mb-0\" style=\"font-size: .85rem\"><strong title=\"Fecha de Publicaci\u00f3n\"><i class=\"fas fa-calendar-alt\"><\/i><\/strong> Publicado el viernes, 3 de noviembre de 2023<\/p><\/div><div class=\"col-auto mt-md-0 mt-2\"><a class=\"btn btn-primary btn-lg px-lg-4 d-none d-md-block\" href=\"https:\/\/comunidad.comprasdominicana.gob.do\/\/Public\/Tendering\/OpportunityDetail\/Index?noticeUID=DO1.NTC.1316835\" target=\"_blank\" title=\"Detalles\"><i class=\"fas fa-link\"><\/i> DETALLES<\/a><a class=\"btn btn-primary btn-lg px-lg-4 d-block d-md-none\" href=\"https:\/\/comunidad.comprasdominicana.gob.do\/\/Public\/Tendering\/OpportunityDetail\/Index?noticeUID=DO1.NTC.1316835\" target=\"_blank\" title=\"Detalles\"><i class=\"fas fa-2x fa-link\"><\/i><\/a><\/div><\/div><\/div><div class=\"jumbotron archivos\"><div class=\"row align-items-center\"><div class=\"col\"><h6><a class=\"text-dark\" href=\"https:\/\/comunidad.comprasdominicana.gob.do\/\/Public\/Tendering\/OpportunityDetail\/Index?noticeUID=DO1.NTC.1317327\" title=\"Ver\" target=\"_blank\">INESPRE-DAF-CM-2023-0106<\/a><\/h6><p class=\"mb-0 bold\">Adquisici\u00f3n de Radios de Comunicaci\u00f3n port\u00e1til y Cargadores m\u00faltiples<\/p><p class=\"mb-0\" style=\"font-size: .85rem\"><strong title=\"Estado del Proceso\"><i class=\"fas fa-spinner\"><\/i><\/strong> Proceso adjudicado y celebrado<\/p><p class=\"mb-0\" style=\"font-size: .85rem\"><strong title=\"Fecha de Publicaci\u00f3n\"><i class=\"fas fa-calendar-alt\"><\/i><\/strong> Publicado el viernes, 3 de noviembre de 2023<\/p><\/div><div class=\"col-auto mt-md-0 mt-2\"><a class=\"btn btn-primary btn-lg px-lg-4 d-none d-md-block\" href=\"https:\/\/comunidad.comprasdominicana.gob.do\/\/Public\/Tendering\/OpportunityDetail\/Index?noticeUID=DO1.NTC.1317327\" target=\"_blank\" title=\"Detalles\"><i class=\"fas fa-link\"><\/i> DETALLES<\/a><a class=\"btn btn-primary btn-lg px-lg-4 d-block d-md-none\" href=\"https:\/\/comunidad.comprasdominicana.gob.do\/\/Public\/Tendering\/OpportunityDetail\/Index?noticeUID=DO1.NTC.1317327\" target=\"_blank\" title=\"Detalles\"><i class=\"fas fa-2x fa-link\"><\/i><\/a><\/div><\/div><\/div><div class=\"jumbotron archivos\"><div class=\"row align-items-center\"><div class=\"col\"><h6><a class=\"text-dark\" href=\"https:\/\/comunidad.comprasdominicana.gob.do\/\/Public\/Tendering\/OpportunityDetail\/Index?noticeUID=DO1.NTC.1317217\" title=\"Ver\" target=\"_blank\">INESPRE-DAF-CM-2023-0105<\/a><\/h6><p class=\"mb-0 bold\">Adquisici\u00f3n de Producto qu\u00edmico para desinfectar (Compras Verdes)<\/p><p class=\"mb-0\" style=\"font-size: .85rem\"><strong title=\"Estado del Proceso\"><i class=\"fas fa-spinner\"><\/i><\/strong> Proceso adjudicado y celebrado<\/p><p class=\"mb-0\" style=\"font-size: .85rem\"><strong title=\"Fecha de Publicaci\u00f3n\"><i class=\"fas fa-calendar-alt\"><\/i><\/strong> Publicado el viernes, 3 de noviembre de 2023<\/p><\/div><div class=\"col-auto mt-md-0 mt-2\"><a class=\"btn btn-primary btn-lg px-lg-4 d-none d-md-block\" href=\"https:\/\/comunidad.comprasdominicana.gob.do\/\/Public\/Tendering\/OpportunityDetail\/Index?noticeUID=DO1.NTC.1317217\" target=\"_blank\" title=\"Detalles\"><i class=\"fas fa-link\"><\/i> DETALLES<\/a><a class=\"btn btn-primary btn-lg px-lg-4 d-block d-md-none\" href=\"https:\/\/comunidad.comprasdominicana.gob.do\/\/Public\/Tendering\/OpportunityDetail\/Index?noticeUID=DO1.NTC.1317217\" target=\"_blank\" title=\"Detalles\"><i class=\"fas fa-2x fa-link\"><\/i><\/a><\/div><\/div><\/div><div class=\"jumbotron archivos\"><div class=\"row align-items-center\"><div class=\"col\"><h6><a class=\"text-dark\" href=\"https:\/\/comunidad.comprasdominicana.gob.do\/\/Public\/Tendering\/OpportunityDetail\/Index?noticeUID=DO1.NTC.1315624\" title=\"Ver\" target=\"_blank\">INESPRE-DAF-CM-2023-0104<\/a><\/h6><p class=\"mb-0 bold\">Contrataci\u00f3n de Servicio, Show Profesional de Fuegos Artificiales para las ferias \u00b4\u00b4La Navidad del Cambio con INESPRE\u00b4\u00b4<\/p><p class=\"mb-0\" style=\"font-size: .85rem\"><strong title=\"Estado del Proceso\"><i class=\"fas fa-spinner\"><\/i><\/strong> Proceso adjudicado y celebrado<\/p><p class=\"mb-0\" style=\"font-size: .85rem\"><strong title=\"Fecha de Publicaci\u00f3n\"><i class=\"fas fa-calendar-alt\"><\/i><\/strong> Publicado el mi\u00e9rcoles, 1 de noviembre de 2023<\/p><\/div><div class=\"col-auto mt-md-0 mt-2\"><a class=\"btn btn-primary btn-lg px-lg-4 d-none d-md-block\" href=\"https:\/\/comunidad.comprasdominicana.gob.do\/\/Public\/Tendering\/OpportunityDetail\/Index?noticeUID=DO1.NTC.1315624\" target=\"_blank\" title=\"Detalles\"><i class=\"fas fa-link\"><\/i> DETALLES<\/a><a class=\"btn btn-primary btn-lg px-lg-4 d-block d-md-none\" href=\"https:\/\/comunidad.comprasdominicana.gob.do\/\/Public\/Tendering\/OpportunityDetail\/Index?noticeUID=DO1.NTC.1315624\" target=\"_blank\" title=\"Detalles\"><i class=\"fas fa-2x fa-link\"><\/i><\/a><\/div><\/div><\/div><\/div><\/div><\/div>\n        <div class=\"card\">\n            <div class=\"card-header parents\" id=\"heading_compras-menores-69f73f7454400-2023-69f73f7454400-octubre-69f73f7454400\">\n                <p class=\"title text-blue mb-0\">\n                    <a class=\"btn-block hover text-left collapsed\" data-toggle=\"collapse\" data-target=\"#collap_compras-menores-69f73f7454400-2023-69f73f7454400-octubre-69f73f7454400\" aria-expanded=\"false\" aria-controls=\"collap_compras-menores-69f73f7454400-2023-69f73f7454400-octubre-69f73f7454400\">Octubre<\/a>\n                <\/p>\n            <\/div>\n            <div id=\"collap_compras-menores-69f73f7454400-2023-69f73f7454400-octubre-69f73f7454400\" class=\"collapse\" aria-labelledby=\"heading_compras-menores-69f73f7454400-2023-69f73f7454400-octubre-69f73f7454400\" data-parent=\"#collap_compras-menores-69f73f7454400-2023-69f73f7454400\">\n                <div class=\"card-body\"><div class=\"jumbotron archivos\"><div class=\"row align-items-center\"><div class=\"col\"><h6><a class=\"text-dark\" href=\"https:\/\/comunidad.comprasdominicana.gob.do\/\/Public\/Tendering\/OpportunityDetail\/Index?noticeUID=DO1.NTC.1315440\" title=\"Ver\" target=\"_blank\">INESPRE-DAF-CM-2023-0103<\/a><\/h6><p class=\"mb-0 bold\">Servicio de Alquiler de Dos Contenedores Refrigerados por un periodo de tres (03) meses dirigido a MiPymes mujeres<\/p><p class=\"mb-0\" style=\"font-size: .85rem\"><strong title=\"Estado del Proceso\"><i class=\"fas fa-spinner\"><\/i><\/strong> Proceso adjudicado y celebrado<\/p><p class=\"mb-0\" style=\"font-size: .85rem\"><strong title=\"Fecha de Publicaci\u00f3n\"><i class=\"fas fa-calendar-alt\"><\/i><\/strong> Publicado el martes, 31 de octubre de 2023<\/p><\/div><div class=\"col-auto mt-md-0 mt-2\"><a class=\"btn btn-primary btn-lg px-lg-4 d-none d-md-block\" href=\"https:\/\/comunidad.comprasdominicana.gob.do\/\/Public\/Tendering\/OpportunityDetail\/Index?noticeUID=DO1.NTC.1315440\" target=\"_blank\" title=\"Detalles\"><i class=\"fas fa-link\"><\/i> DETALLES<\/a><a class=\"btn btn-primary btn-lg px-lg-4 d-block d-md-none\" href=\"https:\/\/comunidad.comprasdominicana.gob.do\/\/Public\/Tendering\/OpportunityDetail\/Index?noticeUID=DO1.NTC.1315440\" target=\"_blank\" title=\"Detalles\"><i class=\"fas fa-2x fa-link\"><\/i><\/a><\/div><\/div><\/div><div class=\"jumbotron archivos\"><div class=\"row align-items-center\"><div class=\"col\"><h6><a class=\"text-dark\" href=\"https:\/\/comunidad.comprasdominicana.gob.do\/\/Public\/Tendering\/OpportunityDetail\/Index?noticeUID=DO1.NTC.1314065\" title=\"Ver\" target=\"_blank\">INESPRE-DAF-CM-2023-0102<\/a><\/h6><p class=\"mb-0 bold\">Servicio de Reparaci\u00f3n de motor Caterpillar 500 KVA modelo 3212, generador el\u00e9ctrico <\/p><p class=\"mb-0\" style=\"font-size: .85rem\"><strong title=\"Estado del Proceso\"><i class=\"fas fa-spinner\"><\/i><\/strong> Proceso adjudicado y celebrado<\/p><p class=\"mb-0\" style=\"font-size: .85rem\"><strong title=\"Fecha de Publicaci\u00f3n\"><i class=\"fas fa-calendar-alt\"><\/i><\/strong> Publicado el viernes, 27 de octubre de 2023<\/p><\/div><div class=\"col-auto mt-md-0 mt-2\"><a class=\"btn btn-primary btn-lg px-lg-4 d-none d-md-block\" href=\"https:\/\/comunidad.comprasdominicana.gob.do\/\/Public\/Tendering\/OpportunityDetail\/Index?noticeUID=DO1.NTC.1314065\" target=\"_blank\" title=\"Detalles\"><i class=\"fas fa-link\"><\/i> DETALLES<\/a><a class=\"btn btn-primary btn-lg px-lg-4 d-block d-md-none\" href=\"https:\/\/comunidad.comprasdominicana.gob.do\/\/Public\/Tendering\/OpportunityDetail\/Index?noticeUID=DO1.NTC.1314065\" target=\"_blank\" title=\"Detalles\"><i class=\"fas fa-2x fa-link\"><\/i><\/a><\/div><\/div><\/div><div class=\"jumbotron archivos\"><div class=\"row align-items-center\"><div class=\"col\"><h6><a class=\"text-dark\" href=\"https:\/\/comunidad.comprasdominicana.gob.do\/\/Public\/Tendering\/OpportunityDetail\/Index?noticeUID=DO1.NTC.1313617\" title=\"Ver\" target=\"_blank\">INESPRE-DAF-CM-2023-0101<\/a><\/h6><p class=\"mb-0 bold\">Contrataci\u00f3n de Servicio e Instalaci\u00f3n de Equipos de Impresi\u00f3n y Copiado Multifuncional (Compras Verdes)<\/p><p class=\"mb-0\" style=\"font-size: .85rem\"><strong title=\"Estado del Proceso\"><i class=\"fas fa-spinner\"><\/i><\/strong> Proceso adjudicado y celebrado<\/p><p class=\"mb-0\" style=\"font-size: .85rem\"><strong title=\"Fecha de Publicaci\u00f3n\"><i class=\"fas fa-calendar-alt\"><\/i><\/strong> Publicado el jueves, 26 de octubre de 2023<\/p><\/div><div class=\"col-auto mt-md-0 mt-2\"><a class=\"btn btn-primary btn-lg px-lg-4 d-none d-md-block\" href=\"https:\/\/comunidad.comprasdominicana.gob.do\/\/Public\/Tendering\/OpportunityDetail\/Index?noticeUID=DO1.NTC.1313617\" target=\"_blank\" title=\"Detalles\"><i class=\"fas fa-link\"><\/i> DETALLES<\/a><a class=\"btn btn-primary btn-lg px-lg-4 d-block d-md-none\" href=\"https:\/\/comunidad.comprasdominicana.gob.do\/\/Public\/Tendering\/OpportunityDetail\/Index?noticeUID=DO1.NTC.1313617\" target=\"_blank\" title=\"Detalles\"><i class=\"fas fa-2x fa-link\"><\/i><\/a><\/div><\/div><\/div><div class=\"jumbotron archivos\"><div class=\"row align-items-center\"><div class=\"col\"><h6><a class=\"text-dark\" href=\"https:\/\/comunidad.comprasdominicana.gob.do\/\/Public\/Tendering\/OpportunityDetail\/Index?noticeUID=DO1.NTC.1310923\" title=\"Ver\" target=\"_blank\">INESPRE-DAF-CM-2023-0100<\/a><\/h6><p class=\"mb-0 bold\">Adquisici\u00f3n de Electrodom\u00e9sticos y Utensilios de cocina (Compras Verdes)<\/p><p class=\"mb-0\" style=\"font-size: .85rem\"><strong title=\"Estado del Proceso\"><i class=\"fas fa-spinner\"><\/i><\/strong> Proceso desierto<\/p><p class=\"mb-0\" style=\"font-size: .85rem\"><strong title=\"Fecha de Publicaci\u00f3n\"><i class=\"fas fa-calendar-alt\"><\/i><\/strong> Publicado el lunes, 23 de octubre de 2023<\/p><\/div><div class=\"col-auto mt-md-0 mt-2\"><a class=\"btn btn-primary btn-lg px-lg-4 d-none d-md-block\" href=\"https:\/\/comunidad.comprasdominicana.gob.do\/\/Public\/Tendering\/OpportunityDetail\/Index?noticeUID=DO1.NTC.1310923\" target=\"_blank\" title=\"Detalles\"><i class=\"fas fa-link\"><\/i> DETALLES<\/a><a class=\"btn btn-primary btn-lg px-lg-4 d-block d-md-none\" href=\"https:\/\/comunidad.comprasdominicana.gob.do\/\/Public\/Tendering\/OpportunityDetail\/Index?noticeUID=DO1.NTC.1310923\" target=\"_blank\" title=\"Detalles\"><i class=\"fas fa-2x fa-link\"><\/i><\/a><\/div><\/div><\/div><div class=\"jumbotron archivos\"><div class=\"row align-items-center\"><div class=\"col\"><h6><a class=\"text-dark\" href=\"https:\/\/comunidad.comprasdominicana.gob.do\/\/Public\/Tendering\/OpportunityDetail\/Index?noticeUID=DO1.NTC.1307636\" title=\"Ver\" target=\"_blank\">INESPRE-DAF-CM-2023-0099<\/a><\/h6><p class=\"mb-0 bold\">Adquisici\u00f3n de Aires Acondicionados y accesorios (Compras Verdes)<\/p><p class=\"mb-0\" style=\"font-size: .85rem\"><strong title=\"Estado del Proceso\"><i class=\"fas fa-spinner\"><\/i><\/strong> Proceso adjudicado y celebrado<\/p><p class=\"mb-0\" style=\"font-size: .85rem\"><strong title=\"Fecha de Publicaci\u00f3n\"><i class=\"fas fa-calendar-alt\"><\/i><\/strong> Publicado el viernes, 13 de octubre de 2023<\/p><\/div><div class=\"col-auto mt-md-0 mt-2\"><a class=\"btn btn-primary btn-lg px-lg-4 d-none d-md-block\" href=\"https:\/\/comunidad.comprasdominicana.gob.do\/\/Public\/Tendering\/OpportunityDetail\/Index?noticeUID=DO1.NTC.1307636\" target=\"_blank\" title=\"Detalles\"><i class=\"fas fa-link\"><\/i> DETALLES<\/a><a class=\"btn btn-primary btn-lg px-lg-4 d-block d-md-none\" href=\"https:\/\/comunidad.comprasdominicana.gob.do\/\/Public\/Tendering\/OpportunityDetail\/Index?noticeUID=DO1.NTC.1307636\" target=\"_blank\" title=\"Detalles\"><i class=\"fas fa-2x fa-link\"><\/i><\/a><\/div><\/div><\/div><\/div><\/div><\/div>\n        <div class=\"card\">\n            <div class=\"card-header parents\" id=\"heading_compras-menores-69f73f7454400-2023-69f73f7454400-septiembre-69f73f7454400\">\n                <p class=\"title text-blue mb-0\">\n                    <a class=\"btn-block hover text-left collapsed\" data-toggle=\"collapse\" data-target=\"#collap_compras-menores-69f73f7454400-2023-69f73f7454400-septiembre-69f73f7454400\" aria-expanded=\"false\" aria-controls=\"collap_compras-menores-69f73f7454400-2023-69f73f7454400-septiembre-69f73f7454400\">Septiembre<\/a>\n                <\/p>\n            <\/div>\n            <div id=\"collap_compras-menores-69f73f7454400-2023-69f73f7454400-septiembre-69f73f7454400\" class=\"collapse\" aria-labelledby=\"heading_compras-menores-69f73f7454400-2023-69f73f7454400-septiembre-69f73f7454400\" data-parent=\"#collap_compras-menores-69f73f7454400-2023-69f73f7454400\">\n                <div class=\"card-body\"><div class=\"jumbotron archivos\"><div class=\"row align-items-center\"><div class=\"col\"><h6><a class=\"text-dark\" href=\"https:\/\/comunidad.comprasdominicana.gob.do\/\/Public\/Tendering\/OpportunityDetail\/Index?noticeUID=DO1.NTC.1301337\" title=\"Ver\" target=\"_blank\">INESPRE-DAF-CM-2023-0097<\/a><\/h6><p class=\"mb-0 bold\">Suministro de Oficina dirigido a Mipymes Mujeres (Compras Verdes)<\/p><p class=\"mb-0\" style=\"font-size: .85rem\"><strong title=\"Estado del Proceso\"><i class=\"fas fa-spinner\"><\/i><\/strong> Proceso adjudicado y celebrado<\/p><p class=\"mb-0\" style=\"font-size: .85rem\"><strong title=\"Fecha de Publicaci\u00f3n\"><i class=\"fas fa-calendar-alt\"><\/i><\/strong> Publicado el viernes, 29 de septiembre de 2023<\/p><\/div><div class=\"col-auto mt-md-0 mt-2\"><a class=\"btn btn-primary btn-lg px-lg-4 d-none d-md-block\" href=\"https:\/\/comunidad.comprasdominicana.gob.do\/\/Public\/Tendering\/OpportunityDetail\/Index?noticeUID=DO1.NTC.1301337\" target=\"_blank\" title=\"Detalles\"><i class=\"fas fa-link\"><\/i> DETALLES<\/a><a class=\"btn btn-primary btn-lg px-lg-4 d-block d-md-none\" href=\"https:\/\/comunidad.comprasdominicana.gob.do\/\/Public\/Tendering\/OpportunityDetail\/Index?noticeUID=DO1.NTC.1301337\" target=\"_blank\" title=\"Detalles\"><i class=\"fas fa-2x fa-link\"><\/i><\/a><\/div><\/div><\/div><div class=\"jumbotron archivos\"><div class=\"row align-items-center\"><div class=\"col\"><h6><a class=\"text-dark\" href=\"https:\/\/comunidad.comprasdominicana.gob.do\/\/Public\/Tendering\/OpportunityDetail\/Index?noticeUID=DO1.NTC.1300423\" title=\"Ver\" target=\"_blank\">INESPRE-DAF-CM-2023-0098<\/a><\/h6><p class=\"mb-0 bold\">Servicio de Alquiler de Contenedores Refrigerados por un periodo de tres (3) meses dirigido a Mipymes Mujeres<\/p><p class=\"mb-0\" style=\"font-size: .85rem\"><strong title=\"Estado del Proceso\"><i class=\"fas fa-spinner\"><\/i><\/strong> Proceso adjudicado y celebrado<\/p><p class=\"mb-0\" style=\"font-size: .85rem\"><strong title=\"Fecha de Publicaci\u00f3n\"><i class=\"fas fa-calendar-alt\"><\/i><\/strong> Publicado el mi\u00e9rcoles, 27 de septiembre de 2023<\/p><\/div><div class=\"col-auto mt-md-0 mt-2\"><a class=\"btn btn-primary btn-lg px-lg-4 d-none d-md-block\" href=\"https:\/\/comunidad.comprasdominicana.gob.do\/\/Public\/Tendering\/OpportunityDetail\/Index?noticeUID=DO1.NTC.1300423\" target=\"_blank\" title=\"Detalles\"><i class=\"fas fa-link\"><\/i> DETALLES<\/a><a class=\"btn btn-primary btn-lg px-lg-4 d-block d-md-none\" href=\"https:\/\/comunidad.comprasdominicana.gob.do\/\/Public\/Tendering\/OpportunityDetail\/Index?noticeUID=DO1.NTC.1300423\" target=\"_blank\" title=\"Detalles\"><i class=\"fas fa-2x fa-link\"><\/i><\/a><\/div><\/div><\/div><div class=\"jumbotron archivos\"><div class=\"row align-items-center\"><div class=\"col\"><h6><a class=\"text-dark\" href=\"https:\/\/comunidad.comprasdominicana.gob.do\/\/Public\/Tendering\/OpportunityDetail\/Index?noticeUID=DO1.NTC.1298226\" title=\"Ver\" target=\"_blank\">INESPRE-DAF-CM-2023-0096<\/a><\/h6><p class=\"mb-0 bold\">Adquisici\u00f3n de Papeles de Ba\u00f1os, Servilletas y otros dirigidos a Mipymes (Compras Verdes)<\/p><p class=\"mb-0\" style=\"font-size: .85rem\"><strong title=\"Estado del Proceso\"><i class=\"fas fa-spinner\"><\/i><\/strong> Proceso adjudicado y celebrado<\/p><p class=\"mb-0\" style=\"font-size: .85rem\"><strong title=\"Fecha de Publicaci\u00f3n\"><i class=\"fas fa-calendar-alt\"><\/i><\/strong> Publicado el viernes, 22 de septiembre de 2023<\/p><\/div><div class=\"col-auto mt-md-0 mt-2\"><a class=\"btn btn-primary btn-lg px-lg-4 d-none d-md-block\" href=\"https:\/\/comunidad.comprasdominicana.gob.do\/\/Public\/Tendering\/OpportunityDetail\/Index?noticeUID=DO1.NTC.1298226\" target=\"_blank\" title=\"Detalles\"><i class=\"fas fa-link\"><\/i> DETALLES<\/a><a class=\"btn btn-primary btn-lg px-lg-4 d-block d-md-none\" href=\"https:\/\/comunidad.comprasdominicana.gob.do\/\/Public\/Tendering\/OpportunityDetail\/Index?noticeUID=DO1.NTC.1298226\" target=\"_blank\" title=\"Detalles\"><i class=\"fas fa-2x fa-link\"><\/i><\/a><\/div><\/div><\/div><div class=\"jumbotron archivos\"><div class=\"row align-items-center\"><div class=\"col\"><h6><a class=\"text-dark\" href=\"https:\/\/comunidad.comprasdominicana.gob.do\/\/Public\/Tendering\/OpportunityDetail\/Index?noticeUID=DO1.NTC.1292018\" title=\"Ver\" target=\"_blank\">INESPRE-DAF-CM-2023-0095<\/a><\/h6><p class=\"mb-0 bold\">Servicio de Almuerzo a Domicilio <\/p><p class=\"mb-0\" style=\"font-size: .85rem\"><strong title=\"Estado del Proceso\"><i class=\"fas fa-spinner\"><\/i><\/strong> Proceso adjudicado y celebrado<\/p><p class=\"mb-0\" style=\"font-size: .85rem\"><strong title=\"Fecha de Publicaci\u00f3n\"><i class=\"fas fa-calendar-alt\"><\/i><\/strong> Publicado el jueves, 7 de septiembre de 2023<\/p><\/div><div class=\"col-auto mt-md-0 mt-2\"><a class=\"btn btn-primary btn-lg px-lg-4 d-none d-md-block\" href=\"https:\/\/comunidad.comprasdominicana.gob.do\/\/Public\/Tendering\/OpportunityDetail\/Index?noticeUID=DO1.NTC.1292018\" target=\"_blank\" title=\"Detalles\"><i class=\"fas fa-link\"><\/i> DETALLES<\/a><a class=\"btn btn-primary btn-lg px-lg-4 d-block d-md-none\" href=\"https:\/\/comunidad.comprasdominicana.gob.do\/\/Public\/Tendering\/OpportunityDetail\/Index?noticeUID=DO1.NTC.1292018\" target=\"_blank\" title=\"Detalles\"><i class=\"fas fa-2x fa-link\"><\/i><\/a><\/div><\/div><\/div><div class=\"jumbotron archivos\"><div class=\"row align-items-center\"><div class=\"col\"><h6><a class=\"text-dark\" href=\"https:\/\/comunidad.comprasdominicana.gob.do\/\/Public\/Tendering\/OpportunityDetail\/Index?noticeUID=DO1.NTC.1289721\" title=\"Ver\" target=\"_blank\">INESPRE-DAF-CM-2023-0093<\/a><\/h6><p class=\"mb-0 bold\">Adquisici\u00f3n de Caf\u00e9 Molido<\/p><p class=\"mb-0\" style=\"font-size: .85rem\"><strong title=\"Estado del Proceso\"><i class=\"fas fa-spinner\"><\/i><\/strong> Proceso adjudicado y celebrado<\/p><p class=\"mb-0\" style=\"font-size: .85rem\"><strong title=\"Fecha de Publicaci\u00f3n\"><i class=\"fas fa-calendar-alt\"><\/i><\/strong> Publicado el lunes, 4 de septiembre de 2023<\/p><\/div><div class=\"col-auto mt-md-0 mt-2\"><a class=\"btn btn-primary btn-lg px-lg-4 d-none d-md-block\" href=\"https:\/\/comunidad.comprasdominicana.gob.do\/\/Public\/Tendering\/OpportunityDetail\/Index?noticeUID=DO1.NTC.1289721\" target=\"_blank\" title=\"Detalles\"><i class=\"fas fa-link\"><\/i> DETALLES<\/a><a class=\"btn btn-primary btn-lg px-lg-4 d-block d-md-none\" href=\"https:\/\/comunidad.comprasdominicana.gob.do\/\/Public\/Tendering\/OpportunityDetail\/Index?noticeUID=DO1.NTC.1289721\" target=\"_blank\" title=\"Detalles\"><i class=\"fas fa-2x fa-link\"><\/i><\/a><\/div><\/div><\/div><div class=\"jumbotron archivos\"><div class=\"row align-items-center\"><div class=\"col\"><h6><a class=\"text-dark\" href=\"https:\/\/comunidad.comprasdominicana.gob.do\/\/Public\/Tendering\/OpportunityDetail\/Index?noticeUID=DO1.NTC.1290121\" title=\"Ver\" target=\"_blank\">INESPRE-DAF-CM-2023-0094<\/a><\/h6><p class=\"mb-0 bold\">Adquisici\u00f3n de Az\u00facar Crema<\/p><p class=\"mb-0\" style=\"font-size: .85rem\"><strong title=\"Estado del Proceso\"><i class=\"fas fa-spinner\"><\/i><\/strong> Proceso adjudicado y celebrado<\/p><p class=\"mb-0\" style=\"font-size: .85rem\"><strong title=\"Fecha de Publicaci\u00f3n\"><i class=\"fas fa-calendar-alt\"><\/i><\/strong> Publicado el lunes, 4 de septiembre de 2023<\/p><\/div><div class=\"col-auto mt-md-0 mt-2\"><a class=\"btn btn-primary btn-lg px-lg-4 d-none d-md-block\" href=\"https:\/\/comunidad.comprasdominicana.gob.do\/\/Public\/Tendering\/OpportunityDetail\/Index?noticeUID=DO1.NTC.1290121\" target=\"_blank\" title=\"Detalles\"><i class=\"fas fa-link\"><\/i> DETALLES<\/a><a class=\"btn btn-primary btn-lg px-lg-4 d-block d-md-none\" href=\"https:\/\/comunidad.comprasdominicana.gob.do\/\/Public\/Tendering\/OpportunityDetail\/Index?noticeUID=DO1.NTC.1290121\" target=\"_blank\" title=\"Detalles\"><i class=\"fas fa-2x fa-link\"><\/i><\/a><\/div><\/div><\/div><div class=\"jumbotron archivos\"><div class=\"row align-items-center\"><div class=\"col\"><h6><a class=\"text-dark\" href=\"https:\/\/comunidad.comprasdominicana.gob.do\/\/Public\/Tendering\/OpportunityDetail\/Index?noticeUID=DO1.NTC.1290207\" title=\"Ver\" target=\"_blank\">INESPRE-DAF-CM-2023-0092<\/a><\/h6><p class=\"mb-0 bold\">Adquisici\u00f3n de Pasta de Tomate dirigido a  Mipymes Industriales.<\/p><p class=\"mb-0\" style=\"font-size: .85rem\"><strong title=\"Estado del Proceso\"><i class=\"fas fa-spinner\"><\/i><\/strong> Proceso adjudicado y celebrado<\/p><p class=\"mb-0\" style=\"font-size: .85rem\"><strong title=\"Fecha de Publicaci\u00f3n\"><i class=\"fas fa-calendar-alt\"><\/i><\/strong> Publicado el lunes, 4 de septiembre de 2023<\/p><\/div><div class=\"col-auto mt-md-0 mt-2\"><a class=\"btn btn-primary btn-lg px-lg-4 d-none d-md-block\" href=\"https:\/\/comunidad.comprasdominicana.gob.do\/\/Public\/Tendering\/OpportunityDetail\/Index?noticeUID=DO1.NTC.1290207\" target=\"_blank\" title=\"Detalles\"><i class=\"fas fa-link\"><\/i> DETALLES<\/a><a class=\"btn btn-primary btn-lg px-lg-4 d-block d-md-none\" href=\"https:\/\/comunidad.comprasdominicana.gob.do\/\/Public\/Tendering\/OpportunityDetail\/Index?noticeUID=DO1.NTC.1290207\" target=\"_blank\" title=\"Detalles\"><i class=\"fas fa-2x fa-link\"><\/i><\/a><\/div><\/div><\/div><div class=\"jumbotron archivos\"><div class=\"row align-items-center\"><div class=\"col\"><h6><a class=\"text-dark\" href=\"https:\/\/comunidad.comprasdominicana.gob.do\/\/Public\/Tendering\/OpportunityDetail\/Index?noticeUID=DO1.NTC.1290206\" title=\"Ver\" target=\"_blank\">INESPRE-DAF-CM-2023-0091<\/a><\/h6><p class=\"mb-0 bold\">Adquisici\u00f3n de Salchichas de cerdo dirigido a Mipymes Mujeres<\/p><p class=\"mb-0\" style=\"font-size: .85rem\"><strong title=\"Estado del Proceso\"><i class=\"fas fa-spinner\"><\/i><\/strong> Proceso adjudicado y celebrado<\/p><p class=\"mb-0\" style=\"font-size: .85rem\"><strong title=\"Fecha de Publicaci\u00f3n\"><i class=\"fas fa-calendar-alt\"><\/i><\/strong> Publicado el lunes, 4 de septiembre de 2023<\/p><\/div><div class=\"col-auto mt-md-0 mt-2\"><a class=\"btn btn-primary btn-lg px-lg-4 d-none d-md-block\" href=\"https:\/\/comunidad.comprasdominicana.gob.do\/\/Public\/Tendering\/OpportunityDetail\/Index?noticeUID=DO1.NTC.1290206\" target=\"_blank\" title=\"Detalles\"><i class=\"fas fa-link\"><\/i> DETALLES<\/a><a class=\"btn btn-primary btn-lg px-lg-4 d-block d-md-none\" href=\"https:\/\/comunidad.comprasdominicana.gob.do\/\/Public\/Tendering\/OpportunityDetail\/Index?noticeUID=DO1.NTC.1290206\" target=\"_blank\" title=\"Detalles\"><i class=\"fas fa-2x fa-link\"><\/i><\/a><\/div><\/div><\/div><div class=\"jumbotron archivos\"><div class=\"row align-items-center\"><div class=\"col\"><h6><a class=\"text-dark\" href=\"https:\/\/comunidad.comprasdominicana.gob.do\/\/Public\/Tendering\/OpportunityDetail\/Index?noticeUID=DO1.NTC.1289335\" title=\"Ver\" target=\"_blank\">INESPRE-DAF-CM-2023-0089<\/a><\/h6><p class=\"mb-0 bold\">Adquisici\u00f3n de Sardinas en salsa de tomate<\/p><p class=\"mb-0\" style=\"font-size: .85rem\"><strong title=\"Estado del Proceso\"><i class=\"fas fa-spinner\"><\/i><\/strong> Proceso adjudicado y celebrado<\/p><p class=\"mb-0\" style=\"font-size: .85rem\"><strong title=\"Fecha de Publicaci\u00f3n\"><i class=\"fas fa-calendar-alt\"><\/i><\/strong> Publicado el viernes, 1 de septiembre de 2023<\/p><\/div><div class=\"col-auto mt-md-0 mt-2\"><a class=\"btn btn-primary btn-lg px-lg-4 d-none d-md-block\" href=\"https:\/\/comunidad.comprasdominicana.gob.do\/\/Public\/Tendering\/OpportunityDetail\/Index?noticeUID=DO1.NTC.1289335\" target=\"_blank\" title=\"Detalles\"><i class=\"fas fa-link\"><\/i> DETALLES<\/a><a class=\"btn btn-primary btn-lg px-lg-4 d-block d-md-none\" href=\"https:\/\/comunidad.comprasdominicana.gob.do\/\/Public\/Tendering\/OpportunityDetail\/Index?noticeUID=DO1.NTC.1289335\" target=\"_blank\" title=\"Detalles\"><i class=\"fas fa-2x fa-link\"><\/i><\/a><\/div><\/div><\/div><div class=\"jumbotron archivos\"><div class=\"row align-items-center\"><div class=\"col\"><h6><a class=\"text-dark\" href=\"https:\/\/comunidad.comprasdominicana.gob.do\/\/Public\/Tendering\/OpportunityDetail\/Index?noticeUID=DO1.NTC.1289430\" title=\"Ver\" target=\"_blank\">INESPRE-DAF-CM-2023-0090<\/a><\/h6><p class=\"mb-0 bold\">Adquisici\u00f3n de Espagettis.<\/p><p class=\"mb-0\" style=\"font-size: .85rem\"><strong title=\"Estado del Proceso\"><i class=\"fas fa-spinner\"><\/i><\/strong> Proceso adjudicado y celebrado<\/p><p class=\"mb-0\" style=\"font-size: .85rem\"><strong title=\"Fecha de Publicaci\u00f3n\"><i class=\"fas fa-calendar-alt\"><\/i><\/strong> Publicado el viernes, 1 de septiembre de 2023<\/p><\/div><div class=\"col-auto mt-md-0 mt-2\"><a class=\"btn btn-primary btn-lg px-lg-4 d-none d-md-block\" href=\"https:\/\/comunidad.comprasdominicana.gob.do\/\/Public\/Tendering\/OpportunityDetail\/Index?noticeUID=DO1.NTC.1289430\" target=\"_blank\" title=\"Detalles\"><i class=\"fas fa-link\"><\/i> DETALLES<\/a><a class=\"btn btn-primary btn-lg px-lg-4 d-block d-md-none\" href=\"https:\/\/comunidad.comprasdominicana.gob.do\/\/Public\/Tendering\/OpportunityDetail\/Index?noticeUID=DO1.NTC.1289430\" target=\"_blank\" title=\"Detalles\"><i class=\"fas fa-2x fa-link\"><\/i><\/a><\/div><\/div><\/div><div class=\"jumbotron archivos\"><div class=\"row align-items-center\"><div class=\"col\"><h6><a class=\"text-dark\" href=\"https:\/\/comunidad.comprasdominicana.gob.do\/\/Public\/Tendering\/OpportunityDetail\/Index?noticeUID=DO1.NTC.1289425\" title=\"Ver\" target=\"_blank\">INESPRE-DAF-CM-2023-0088<\/a><\/h6><p class=\"mb-0 bold\">Adquisici\u00f3n de Guandules y Ma\u00edz enlatados <\/p><p class=\"mb-0\" style=\"font-size: .85rem\"><strong title=\"Estado del Proceso\"><i class=\"fas fa-spinner\"><\/i><\/strong> Proceso adjudicado y celebrado<\/p><p class=\"mb-0\" style=\"font-size: .85rem\"><strong title=\"Fecha de Publicaci\u00f3n\"><i class=\"fas fa-calendar-alt\"><\/i><\/strong> Publicado el viernes, 1 de septiembre de 2023<\/p><\/div><div class=\"col-auto mt-md-0 mt-2\"><a class=\"btn btn-primary btn-lg px-lg-4 d-none d-md-block\" href=\"https:\/\/comunidad.comprasdominicana.gob.do\/\/Public\/Tendering\/OpportunityDetail\/Index?noticeUID=DO1.NTC.1289425\" target=\"_blank\" title=\"Detalles\"><i class=\"fas fa-link\"><\/i> DETALLES<\/a><a class=\"btn btn-primary btn-lg px-lg-4 d-block d-md-none\" href=\"https:\/\/comunidad.comprasdominicana.gob.do\/\/Public\/Tendering\/OpportunityDetail\/Index?noticeUID=DO1.NTC.1289425\" target=\"_blank\" title=\"Detalles\"><i class=\"fas fa-2x fa-link\"><\/i><\/a><\/div><\/div><\/div><div class=\"jumbotron archivos\"><div class=\"row align-items-center\"><div class=\"col\"><h6><a class=\"text-dark\" href=\"https:\/\/comunidad.comprasdominicana.gob.do\/\/Public\/Tendering\/OpportunityDetail\/Index?noticeUID=DO1.NTC.1289320\" title=\"Ver\" target=\"_blank\">INESPRE-DAF-CM-2023-0086<\/a><\/h6><p class=\"mb-0 bold\">Adquisici\u00f3n de Harina de Ma\u00edz (dirigido a Mipymes Mujeres)<\/p><p class=\"mb-0\" style=\"font-size: .85rem\"><strong title=\"Estado del Proceso\"><i class=\"fas fa-spinner\"><\/i><\/strong> Proceso adjudicado y celebrado<\/p><p class=\"mb-0\" style=\"font-size: .85rem\"><strong title=\"Fecha de Publicaci\u00f3n\"><i class=\"fas fa-calendar-alt\"><\/i><\/strong> Publicado el viernes, 1 de septiembre de 2023<\/p><\/div><div class=\"col-auto mt-md-0 mt-2\"><a class=\"btn btn-primary btn-lg px-lg-4 d-none d-md-block\" href=\"https:\/\/comunidad.comprasdominicana.gob.do\/\/Public\/Tendering\/OpportunityDetail\/Index?noticeUID=DO1.NTC.1289320\" target=\"_blank\" title=\"Detalles\"><i class=\"fas fa-link\"><\/i> DETALLES<\/a><a class=\"btn btn-primary btn-lg px-lg-4 d-block d-md-none\" href=\"https:\/\/comunidad.comprasdominicana.gob.do\/\/Public\/Tendering\/OpportunityDetail\/Index?noticeUID=DO1.NTC.1289320\" target=\"_blank\" title=\"Detalles\"><i class=\"fas fa-2x fa-link\"><\/i><\/a><\/div><\/div><\/div><div class=\"jumbotron archivos\"><div class=\"row align-items-center\"><div class=\"col\"><h6><a class=\"text-dark\" href=\"https:\/\/comunidad.comprasdominicana.gob.do\/\/Public\/Tendering\/OpportunityDetail\/Index?noticeUID=DO1.NTC.1289222\" title=\"Ver\" target=\"_blank\">INESPRE-DAF-CM-2023-0087<\/a><\/h6><p class=\"mb-0 bold\">Adquisici\u00f3n de Avena Entera (dirigido a Mipymes Mujeres)<\/p><p class=\"mb-0\" style=\"font-size: .85rem\"><strong title=\"Estado del Proceso\"><i class=\"fas fa-spinner\"><\/i><\/strong> Proceso adjudicado y celebrado<\/p><p class=\"mb-0\" style=\"font-size: .85rem\"><strong title=\"Fecha de Publicaci\u00f3n\"><i class=\"fas fa-calendar-alt\"><\/i><\/strong> Publicado el viernes, 1 de septiembre de 2023<\/p><\/div><div class=\"col-auto mt-md-0 mt-2\"><a class=\"btn btn-primary btn-lg px-lg-4 d-none d-md-block\" href=\"https:\/\/comunidad.comprasdominicana.gob.do\/\/Public\/Tendering\/OpportunityDetail\/Index?noticeUID=DO1.NTC.1289222\" target=\"_blank\" title=\"Detalles\"><i class=\"fas fa-link\"><\/i> DETALLES<\/a><a class=\"btn btn-primary btn-lg px-lg-4 d-block d-md-none\" href=\"https:\/\/comunidad.comprasdominicana.gob.do\/\/Public\/Tendering\/OpportunityDetail\/Index?noticeUID=DO1.NTC.1289222\" target=\"_blank\" title=\"Detalles\"><i class=\"fas fa-2x fa-link\"><\/i><\/a><\/div><\/div><\/div><div class=\"jumbotron archivos\"><div class=\"row align-items-center\"><div class=\"col\"><h6><a class=\"text-dark\" href=\"https:\/\/comunidad.comprasdominicana.gob.do\/\/Public\/Tendering\/OpportunityDetail\/Index?noticeUID=DO1.NTC.1289113\" title=\"Ver\" target=\"_blank\">INESPRE-DAF-CM-2023-0084<\/a><\/h6><p class=\"mb-0 bold\">Adquisici\u00f3n de Chocolate en barra<\/p><p class=\"mb-0\" style=\"font-size: .85rem\"><strong title=\"Estado del Proceso\"><i class=\"fas fa-spinner\"><\/i><\/strong> Proceso adjudicado y celebrado<\/p><p class=\"mb-0\" style=\"font-size: .85rem\"><strong title=\"Fecha de Publicaci\u00f3n\"><i class=\"fas fa-calendar-alt\"><\/i><\/strong> Publicado el viernes, 1 de septiembre de 2023<\/p><\/div><div class=\"col-auto mt-md-0 mt-2\"><a class=\"btn btn-primary btn-lg px-lg-4 d-none d-md-block\" href=\"https:\/\/comunidad.comprasdominicana.gob.do\/\/Public\/Tendering\/OpportunityDetail\/Index?noticeUID=DO1.NTC.1289113\" target=\"_blank\" title=\"Detalles\"><i class=\"fas fa-link\"><\/i> DETALLES<\/a><a class=\"btn btn-primary btn-lg px-lg-4 d-block d-md-none\" href=\"https:\/\/comunidad.comprasdominicana.gob.do\/\/Public\/Tendering\/OpportunityDetail\/Index?noticeUID=DO1.NTC.1289113\" target=\"_blank\" title=\"Detalles\"><i class=\"fas fa-2x fa-link\"><\/i><\/a><\/div><\/div><\/div><div class=\"jumbotron archivos\"><div class=\"row align-items-center\"><div class=\"col\"><h6><a class=\"text-dark\" href=\"https:\/\/comunidad.comprasdominicana.gob.do\/\/Public\/Tendering\/OpportunityDetail\/Index?noticeUID=DO1.NTC.1289418\" title=\"Ver\" target=\"_blank\">INESPRE-DAF-CM-2023-0085<\/a><\/h6><p class=\"mb-0 bold\">Adquisici\u00f3n de Saz\u00f3n en polvo y Vinagre dorado dirigido a Mipymes Industriales<\/p><p class=\"mb-0\" style=\"font-size: .85rem\"><strong title=\"Estado del Proceso\"><i class=\"fas fa-spinner\"><\/i><\/strong> Proceso adjudicado y celebrado<\/p><p class=\"mb-0\" style=\"font-size: .85rem\"><strong title=\"Fecha de Publicaci\u00f3n\"><i class=\"fas fa-calendar-alt\"><\/i><\/strong> Publicado el viernes, 1 de septiembre de 2023<\/p><\/div><div class=\"col-auto mt-md-0 mt-2\"><a class=\"btn btn-primary btn-lg px-lg-4 d-none d-md-block\" href=\"https:\/\/comunidad.comprasdominicana.gob.do\/\/Public\/Tendering\/OpportunityDetail\/Index?noticeUID=DO1.NTC.1289418\" target=\"_blank\" title=\"Detalles\"><i class=\"fas fa-link\"><\/i> DETALLES<\/a><a class=\"btn btn-primary btn-lg px-lg-4 d-block d-md-none\" href=\"https:\/\/comunidad.comprasdominicana.gob.do\/\/Public\/Tendering\/OpportunityDetail\/Index?noticeUID=DO1.NTC.1289418\" target=\"_blank\" title=\"Detalles\"><i class=\"fas fa-2x fa-link\"><\/i><\/a><\/div><\/div><\/div><\/div><\/div><\/div>\n        <div class=\"card\">\n            <div class=\"card-header parents\" id=\"heading_compras-menores-69f73f7454400-2023-69f73f7454400-agosto-69f73f7454400\">\n                <p class=\"title text-blue mb-0\">\n                    <a class=\"btn-block hover text-left collapsed\" data-toggle=\"collapse\" data-target=\"#collap_compras-menores-69f73f7454400-2023-69f73f7454400-agosto-69f73f7454400\" aria-expanded=\"false\" aria-controls=\"collap_compras-menores-69f73f7454400-2023-69f73f7454400-agosto-69f73f7454400\">Agosto<\/a>\n                <\/p>\n            <\/div>\n            <div id=\"collap_compras-menores-69f73f7454400-2023-69f73f7454400-agosto-69f73f7454400\" class=\"collapse\" aria-labelledby=\"heading_compras-menores-69f73f7454400-2023-69f73f7454400-agosto-69f73f7454400\" data-parent=\"#collap_compras-menores-69f73f7454400-2023-69f73f7454400\">\n                <div class=\"card-body\"><div class=\"jumbotron archivos\"><div class=\"row align-items-center\"><div class=\"col\"><h6><a class=\"text-dark\" href=\"https:\/\/comunidad.comprasdominicana.gob.do\/\/Public\/Tendering\/OpportunityDetail\/Index?noticeUID=DO1.NTC.1288807\" title=\"Ver\" target=\"_blank\">INESPRE-DAF-CM-2023-0083<\/a><\/h6><p class=\"mb-0 bold\">Servicio de Alquiler de Contenedores Refrigerados por un periodo de tres (03) meses dirigido a Mipymes Mujeres<\/p><p class=\"mb-0\" style=\"font-size: .85rem\"><strong title=\"Estado del Proceso\"><i class=\"fas fa-spinner\"><\/i><\/strong> Proceso adjudicado y celebrado<\/p><p class=\"mb-0\" style=\"font-size: .85rem\"><strong title=\"Fecha de Publicaci\u00f3n\"><i class=\"fas fa-calendar-alt\"><\/i><\/strong> Publicado el jueves, 31 de agosto de 2023<\/p><\/div><div class=\"col-auto mt-md-0 mt-2\"><a class=\"btn btn-primary btn-lg px-lg-4 d-none d-md-block\" href=\"https:\/\/comunidad.comprasdominicana.gob.do\/\/Public\/Tendering\/OpportunityDetail\/Index?noticeUID=DO1.NTC.1288807\" target=\"_blank\" title=\"Detalles\"><i class=\"fas fa-link\"><\/i> DETALLES<\/a><a class=\"btn btn-primary btn-lg px-lg-4 d-block d-md-none\" href=\"https:\/\/comunidad.comprasdominicana.gob.do\/\/Public\/Tendering\/OpportunityDetail\/Index?noticeUID=DO1.NTC.1288807\" target=\"_blank\" title=\"Detalles\"><i class=\"fas fa-2x fa-link\"><\/i><\/a><\/div><\/div><\/div><div class=\"jumbotron archivos\"><div class=\"row align-items-center\"><div class=\"col\"><h6><a class=\"text-dark\" href=\"https:\/\/comunidad.comprasdominicana.gob.do\/\/Public\/Tendering\/OpportunityDetail\/Index?noticeUID=DO1.NTC.1282013\" title=\"Ver\" target=\"_blank\">INESPRE-DAF-CM-2023-0082<\/a><\/h6><p class=\"mb-0 bold\">Adquisici\u00f3n de Bomba de combustible (Dispensador)<\/p><p class=\"mb-0\" style=\"font-size: .85rem\"><strong title=\"Estado del Proceso\"><i class=\"fas fa-spinner\"><\/i><\/strong> Proceso adjudicado y celebrado<\/p><p class=\"mb-0\" style=\"font-size: .85rem\"><strong title=\"Fecha de Publicaci\u00f3n\"><i class=\"fas fa-calendar-alt\"><\/i><\/strong> Publicado el martes, 15 de agosto de 2023<\/p><\/div><div class=\"col-auto mt-md-0 mt-2\"><a class=\"btn btn-primary btn-lg px-lg-4 d-none d-md-block\" href=\"https:\/\/comunidad.comprasdominicana.gob.do\/\/Public\/Tendering\/OpportunityDetail\/Index?noticeUID=DO1.NTC.1282013\" target=\"_blank\" title=\"Detalles\"><i class=\"fas fa-link\"><\/i> DETALLES<\/a><a class=\"btn btn-primary btn-lg px-lg-4 d-block d-md-none\" href=\"https:\/\/comunidad.comprasdominicana.gob.do\/\/Public\/Tendering\/OpportunityDetail\/Index?noticeUID=DO1.NTC.1282013\" target=\"_blank\" title=\"Detalles\"><i class=\"fas fa-2x fa-link\"><\/i><\/a><\/div><\/div><\/div><div class=\"jumbotron archivos\"><div class=\"row align-items-center\"><div class=\"col\"><h6><a class=\"text-dark\" href=\"https:\/\/comunidad.comprasdominicana.gob.do\/\/Public\/Tendering\/OpportunityDetail\/Index?noticeUID=DO1.NTC.1281019\" title=\"Ver\" target=\"_blank\">INESPRE-DAF-CM-2023-0081<\/a><\/h6><p class=\"mb-0 bold\">Adquisici\u00f3n de Tr\u00e1iler (Cola de Transporte)<\/p><p class=\"mb-0\" style=\"font-size: .85rem\"><strong title=\"Estado del Proceso\"><i class=\"fas fa-spinner\"><\/i><\/strong> Proceso adjudicado y celebrado<\/p><p class=\"mb-0\" style=\"font-size: .85rem\"><strong title=\"Fecha de Publicaci\u00f3n\"><i class=\"fas fa-calendar-alt\"><\/i><\/strong> Publicado el viernes, 11 de agosto de 2023<\/p><\/div><div class=\"col-auto mt-md-0 mt-2\"><a class=\"btn btn-primary btn-lg px-lg-4 d-none d-md-block\" href=\"https:\/\/comunidad.comprasdominicana.gob.do\/\/Public\/Tendering\/OpportunityDetail\/Index?noticeUID=DO1.NTC.1281019\" target=\"_blank\" title=\"Detalles\"><i class=\"fas fa-link\"><\/i> DETALLES<\/a><a class=\"btn btn-primary btn-lg px-lg-4 d-block d-md-none\" href=\"https:\/\/comunidad.comprasdominicana.gob.do\/\/Public\/Tendering\/OpportunityDetail\/Index?noticeUID=DO1.NTC.1281019\" target=\"_blank\" title=\"Detalles\"><i class=\"fas fa-2x fa-link\"><\/i><\/a><\/div><\/div><\/div><div class=\"jumbotron archivos\"><div class=\"row align-items-center\"><div class=\"col\"><h6><a class=\"text-dark\" href=\"https:\/\/comunidad.comprasdominicana.gob.do\/\/Public\/Tendering\/OpportunityDetail\/Index?noticeUID=DO1.NTC.1280826\" title=\"Ver\" target=\"_blank\">INESPRE-DAF-CM-2023-0080<\/a><\/h6><p class=\"mb-0 bold\">Adquisici\u00f3n de Productos de Papel (Compras Verdes)<\/p><p class=\"mb-0\" style=\"font-size: .85rem\"><strong title=\"Estado del Proceso\"><i class=\"fas fa-spinner\"><\/i><\/strong> Proceso adjudicado y celebrado<\/p><p class=\"mb-0\" style=\"font-size: .85rem\"><strong title=\"Fecha de Publicaci\u00f3n\"><i class=\"fas fa-calendar-alt\"><\/i><\/strong> Publicado el viernes, 11 de agosto de 2023<\/p><\/div><div class=\"col-auto mt-md-0 mt-2\"><a class=\"btn btn-primary btn-lg px-lg-4 d-none d-md-block\" href=\"https:\/\/comunidad.comprasdominicana.gob.do\/\/Public\/Tendering\/OpportunityDetail\/Index?noticeUID=DO1.NTC.1280826\" target=\"_blank\" title=\"Detalles\"><i class=\"fas fa-link\"><\/i> DETALLES<\/a><a class=\"btn btn-primary btn-lg px-lg-4 d-block d-md-none\" href=\"https:\/\/comunidad.comprasdominicana.gob.do\/\/Public\/Tendering\/OpportunityDetail\/Index?noticeUID=DO1.NTC.1280826\" target=\"_blank\" title=\"Detalles\"><i class=\"fas fa-2x fa-link\"><\/i><\/a><\/div><\/div><\/div><div class=\"jumbotron archivos\"><div class=\"row align-items-center\"><div class=\"col\"><h6><a class=\"text-dark\" href=\"https:\/\/comunidad.comprasdominicana.gob.do\/\/Public\/Tendering\/OpportunityDetail\/Index?noticeUID=DO1.NTC.1279332\" title=\"Ver\" target=\"_blank\">INESPRE-DAF-CM-2023-0079<\/a><\/h6><p class=\"mb-0 bold\">Adquisici\u00f3n de Repuestos para Veh\u00edculos <\/p><p class=\"mb-0\" style=\"font-size: .85rem\"><strong title=\"Estado del Proceso\"><i class=\"fas fa-spinner\"><\/i><\/strong> Proceso adjudicado y celebrado<\/p><p class=\"mb-0\" style=\"font-size: .85rem\"><strong title=\"Fecha de Publicaci\u00f3n\"><i class=\"fas fa-calendar-alt\"><\/i><\/strong> Publicado el martes, 8 de agosto de 2023<\/p><\/div><div class=\"col-auto mt-md-0 mt-2\"><a class=\"btn btn-primary btn-lg px-lg-4 d-none d-md-block\" href=\"https:\/\/comunidad.comprasdominicana.gob.do\/\/Public\/Tendering\/OpportunityDetail\/Index?noticeUID=DO1.NTC.1279332\" target=\"_blank\" title=\"Detalles\"><i class=\"fas fa-link\"><\/i> DETALLES<\/a><a class=\"btn btn-primary btn-lg px-lg-4 d-block d-md-none\" href=\"https:\/\/comunidad.comprasdominicana.gob.do\/\/Public\/Tendering\/OpportunityDetail\/Index?noticeUID=DO1.NTC.1279332\" target=\"_blank\" title=\"Detalles\"><i class=\"fas fa-2x fa-link\"><\/i><\/a><\/div><\/div><\/div><\/div><\/div><\/div>\n        <div class=\"card\">\n            <div class=\"card-header parents\" id=\"heading_compras-menores-69f73f7454400-2023-69f73f7454400-julio-69f73f7454400\">\n                <p class=\"title text-blue mb-0\">\n                    <a class=\"btn-block hover text-left collapsed\" data-toggle=\"collapse\" data-target=\"#collap_compras-menores-69f73f7454400-2023-69f73f7454400-julio-69f73f7454400\" aria-expanded=\"false\" aria-controls=\"collap_compras-menores-69f73f7454400-2023-69f73f7454400-julio-69f73f7454400\">Julio<\/a>\n                <\/p>\n            <\/div>\n            <div id=\"collap_compras-menores-69f73f7454400-2023-69f73f7454400-julio-69f73f7454400\" class=\"collapse\" aria-labelledby=\"heading_compras-menores-69f73f7454400-2023-69f73f7454400-julio-69f73f7454400\" data-parent=\"#collap_compras-menores-69f73f7454400-2023-69f73f7454400\">\n                <div class=\"card-body\"><div class=\"jumbotron archivos\"><div class=\"row align-items-center\"><div class=\"col\"><h6><a class=\"text-dark\" href=\"https:\/\/comunidad.comprasdominicana.gob.do\/\/Public\/Tendering\/OpportunityDetail\/Index?noticeUID=DO1.NTC.1275627\" title=\"Ver\" target=\"_blank\">INESPRE-DAF-CM-2023-0078<\/a><\/h6><p class=\"mb-0 bold\">Servicio de Reparaciones en diferentes oficinas <\/p><p class=\"mb-0\" style=\"font-size: .85rem\"><strong title=\"Estado del Proceso\"><i class=\"fas fa-spinner\"><\/i><\/strong> Proceso adjudicado y celebrado<\/p><p class=\"mb-0\" style=\"font-size: .85rem\"><strong title=\"Fecha de Publicaci\u00f3n\"><i class=\"fas fa-calendar-alt\"><\/i><\/strong> Publicado el lunes, 31 de julio de 2023<\/p><\/div><div class=\"col-auto mt-md-0 mt-2\"><a class=\"btn btn-primary btn-lg px-lg-4 d-none d-md-block\" href=\"https:\/\/comunidad.comprasdominicana.gob.do\/\/Public\/Tendering\/OpportunityDetail\/Index?noticeUID=DO1.NTC.1275627\" target=\"_blank\" title=\"Detalles\"><i class=\"fas fa-link\"><\/i> DETALLES<\/a><a class=\"btn btn-primary btn-lg px-lg-4 d-block d-md-none\" href=\"https:\/\/comunidad.comprasdominicana.gob.do\/\/Public\/Tendering\/OpportunityDetail\/Index?noticeUID=DO1.NTC.1275627\" target=\"_blank\" title=\"Detalles\"><i class=\"fas fa-2x fa-link\"><\/i><\/a><\/div><\/div><\/div><div class=\"jumbotron archivos\"><div class=\"row align-items-center\"><div class=\"col\"><h6><a class=\"text-dark\" href=\"https:\/\/comunidad.comprasdominicana.gob.do\/\/Public\/Tendering\/OpportunityDetail\/Index?noticeUID=DO1.NTC.1275325\" title=\"Ver\" target=\"_blank\">INESPRE-DAF-CM-2023-0077<\/a><\/h6><p class=\"mb-0 bold\">Adquisici\u00f3n de Materiales para la confecci\u00f3n de Carnets<\/p><p class=\"mb-0\" style=\"font-size: .85rem\"><strong title=\"Estado del Proceso\"><i class=\"fas fa-spinner\"><\/i><\/strong> Proceso adjudicado y celebrado<\/p><p class=\"mb-0\" style=\"font-size: .85rem\"><strong title=\"Fecha de Publicaci\u00f3n\"><i class=\"fas fa-calendar-alt\"><\/i><\/strong> Publicado el lunes, 31 de julio de 2023<\/p><\/div><div class=\"col-auto mt-md-0 mt-2\"><a class=\"btn btn-primary btn-lg px-lg-4 d-none d-md-block\" href=\"https:\/\/comunidad.comprasdominicana.gob.do\/\/Public\/Tendering\/OpportunityDetail\/Index?noticeUID=DO1.NTC.1275325\" target=\"_blank\" title=\"Detalles\"><i class=\"fas fa-link\"><\/i> DETALLES<\/a><a class=\"btn btn-primary btn-lg px-lg-4 d-block d-md-none\" href=\"https:\/\/comunidad.comprasdominicana.gob.do\/\/Public\/Tendering\/OpportunityDetail\/Index?noticeUID=DO1.NTC.1275325\" target=\"_blank\" title=\"Detalles\"><i class=\"fas fa-2x fa-link\"><\/i><\/a><\/div><\/div><\/div><div class=\"jumbotron archivos\"><div class=\"row align-items-center\"><div class=\"col\"><h6><a class=\"text-dark\" href=\"https:\/\/comunidad.comprasdominicana.gob.do\/\/Public\/Tendering\/OpportunityDetail\/Index?noticeUID=DO1.NTC.1275720\" title=\"Ver\" target=\"_blank\">INESPRE-DAF-CM-2023-0073<\/a><\/h6><p class=\"mb-0 bold\">Adquisici\u00f3n de Suministros de Limpieza (Compras Verdes)<\/p><p class=\"mb-0\" style=\"font-size: .85rem\"><strong title=\"Estado del Proceso\"><i class=\"fas fa-spinner\"><\/i><\/strong> Proceso adjudicado y celebrado<\/p><p class=\"mb-0\" style=\"font-size: .85rem\"><strong title=\"Fecha de Publicaci\u00f3n\"><i class=\"fas fa-calendar-alt\"><\/i><\/strong> Publicado el lunes, 31 de julio de 2023<\/p><\/div><div class=\"col-auto mt-md-0 mt-2\"><a class=\"btn btn-primary btn-lg px-lg-4 d-none d-md-block\" href=\"https:\/\/comunidad.comprasdominicana.gob.do\/\/Public\/Tendering\/OpportunityDetail\/Index?noticeUID=DO1.NTC.1275720\" target=\"_blank\" title=\"Detalles\"><i class=\"fas fa-link\"><\/i> DETALLES<\/a><a class=\"btn btn-primary btn-lg px-lg-4 d-block d-md-none\" href=\"https:\/\/comunidad.comprasdominicana.gob.do\/\/Public\/Tendering\/OpportunityDetail\/Index?noticeUID=DO1.NTC.1275720\" target=\"_blank\" title=\"Detalles\"><i class=\"fas fa-2x fa-link\"><\/i><\/a><\/div><\/div><\/div><div class=\"jumbotron archivos\"><div class=\"row align-items-center\"><div class=\"col\"><h6><a class=\"text-dark\" href=\"https:\/\/comunidad.comprasdominicana.gob.do\/\/Public\/Tendering\/OpportunityDetail\/Index?noticeUID=DO1.NTC.1275217\" title=\"Ver\" target=\"_blank\">INESPRE-DAF-CM-2023-0076<\/a><\/h6><p class=\"mb-0 bold\">Adquisici\u00f3n de Mesas para Exhibici\u00f3n de productos <\/p><p class=\"mb-0\" style=\"font-size: .85rem\"><strong title=\"Estado del Proceso\"><i class=\"fas fa-spinner\"><\/i><\/strong> Proceso adjudicado y celebrado<\/p><p class=\"mb-0\" style=\"font-size: .85rem\"><strong title=\"Fecha de Publicaci\u00f3n\"><i class=\"fas fa-calendar-alt\"><\/i><\/strong> Publicado el lunes, 31 de julio de 2023<\/p><\/div><div class=\"col-auto mt-md-0 mt-2\"><a class=\"btn btn-primary btn-lg px-lg-4 d-none d-md-block\" href=\"https:\/\/comunidad.comprasdominicana.gob.do\/\/Public\/Tendering\/OpportunityDetail\/Index?noticeUID=DO1.NTC.1275217\" target=\"_blank\" title=\"Detalles\"><i class=\"fas fa-link\"><\/i> DETALLES<\/a><a class=\"btn btn-primary btn-lg px-lg-4 d-block d-md-none\" href=\"https:\/\/comunidad.comprasdominicana.gob.do\/\/Public\/Tendering\/OpportunityDetail\/Index?noticeUID=DO1.NTC.1275217\" target=\"_blank\" title=\"Detalles\"><i class=\"fas fa-2x fa-link\"><\/i><\/a><\/div><\/div><\/div><div class=\"jumbotron archivos\"><div class=\"row align-items-center\"><div class=\"col\"><h6><a class=\"text-dark\" href=\"https:\/\/comunidad.comprasdominicana.gob.do\/\/Public\/Tendering\/OpportunityDetail\/Index?noticeUID=DO1.NTC.1274918\" title=\"Ver\" target=\"_blank\">INESPRE-DAF-CM-2023-0075<\/a><\/h6><p class=\"mb-0 bold\">Servicio de alquiler de Almacenes por un periodo de tres (03) meses dirigido a Mipymes Mujeres<\/p><p class=\"mb-0\" style=\"font-size: .85rem\"><strong title=\"Estado del Proceso\"><i class=\"fas fa-spinner\"><\/i><\/strong> Proceso adjudicado y celebrado<\/p><p class=\"mb-0\" style=\"font-size: .85rem\"><strong title=\"Fecha de Publicaci\u00f3n\"><i class=\"fas fa-calendar-alt\"><\/i><\/strong> Publicado el viernes, 28 de julio de 2023<\/p><\/div><div class=\"col-auto mt-md-0 mt-2\"><a class=\"btn btn-primary btn-lg px-lg-4 d-none d-md-block\" href=\"https:\/\/comunidad.comprasdominicana.gob.do\/\/Public\/Tendering\/OpportunityDetail\/Index?noticeUID=DO1.NTC.1274918\" target=\"_blank\" title=\"Detalles\"><i class=\"fas fa-link\"><\/i> DETALLES<\/a><a class=\"btn btn-primary btn-lg px-lg-4 d-block d-md-none\" href=\"https:\/\/comunidad.comprasdominicana.gob.do\/\/Public\/Tendering\/OpportunityDetail\/Index?noticeUID=DO1.NTC.1274918\" target=\"_blank\" title=\"Detalles\"><i class=\"fas fa-2x fa-link\"><\/i><\/a><\/div><\/div><\/div><div class=\"jumbotron archivos\"><div class=\"row align-items-center\"><div class=\"col\"><h6><a class=\"text-dark\" href=\"https:\/\/comunidad.comprasdominicana.gob.do\/\/Public\/Tendering\/OpportunityDetail\/Index?noticeUID=DO1.NTC.1274222\" title=\"Ver\" target=\"_blank\">INESPRE-DAF-CM-2023-0074<\/a><\/h6><p class=\"mb-0 bold\">Servicio de Instalaci\u00f3n de Ferias Agropecuarias; Montaje, Desmontaje y Transporte.<\/p><p class=\"mb-0\" style=\"font-size: .85rem\"><strong title=\"Estado del Proceso\"><i class=\"fas fa-spinner\"><\/i><\/strong> Proceso adjudicado y celebrado<\/p><p class=\"mb-0\" style=\"font-size: .85rem\"><strong title=\"Fecha de Publicaci\u00f3n\"><i class=\"fas fa-calendar-alt\"><\/i><\/strong> Publicado el jueves, 27 de julio de 2023<\/p><\/div><div class=\"col-auto mt-md-0 mt-2\"><a class=\"btn btn-primary btn-lg px-lg-4 d-none d-md-block\" href=\"https:\/\/comunidad.comprasdominicana.gob.do\/\/Public\/Tendering\/OpportunityDetail\/Index?noticeUID=DO1.NTC.1274222\" target=\"_blank\" title=\"Detalles\"><i class=\"fas fa-link\"><\/i> DETALLES<\/a><a class=\"btn btn-primary btn-lg px-lg-4 d-block d-md-none\" href=\"https:\/\/comunidad.comprasdominicana.gob.do\/\/Public\/Tendering\/OpportunityDetail\/Index?noticeUID=DO1.NTC.1274222\" target=\"_blank\" title=\"Detalles\"><i class=\"fas fa-2x fa-link\"><\/i><\/a><\/div><\/div><\/div><div class=\"jumbotron archivos\"><div class=\"row align-items-center\"><div class=\"col\"><h6><a class=\"text-dark\" href=\"https:\/\/comunidad.comprasdominicana.gob.do\/\/Public\/Tendering\/OpportunityDetail\/Index?noticeUID=DO1.NTC.1272936\" title=\"Ver\" target=\"_blank\">INESPRE-DAF-CM-2023-0071<\/a><\/h6><p class=\"mb-0 bold\">Adquisici\u00f3n de Alimentos y Bebidas para consumo Institucional ( dirigido a Mipymes Mujeres)<\/p><p class=\"mb-0\" style=\"font-size: .85rem\"><strong title=\"Estado del Proceso\"><i class=\"fas fa-spinner\"><\/i><\/strong> Proceso adjudicado y celebrado<\/p><p class=\"mb-0\" style=\"font-size: .85rem\"><strong title=\"Fecha de Publicaci\u00f3n\"><i class=\"fas fa-calendar-alt\"><\/i><\/strong> Publicado el martes, 25 de julio de 2023<\/p><\/div><div class=\"col-auto mt-md-0 mt-2\"><a class=\"btn btn-primary btn-lg px-lg-4 d-none d-md-block\" href=\"https:\/\/comunidad.comprasdominicana.gob.do\/\/Public\/Tendering\/OpportunityDetail\/Index?noticeUID=DO1.NTC.1272936\" target=\"_blank\" title=\"Detalles\"><i class=\"fas fa-link\"><\/i> DETALLES<\/a><a class=\"btn btn-primary btn-lg px-lg-4 d-block d-md-none\" href=\"https:\/\/comunidad.comprasdominicana.gob.do\/\/Public\/Tendering\/OpportunityDetail\/Index?noticeUID=DO1.NTC.1272936\" target=\"_blank\" title=\"Detalles\"><i class=\"fas fa-2x fa-link\"><\/i><\/a><\/div><\/div><\/div><div class=\"jumbotron archivos\"><div class=\"row align-items-center\"><div class=\"col\"><h6><a class=\"text-dark\" href=\"https:\/\/comunidad.comprasdominicana.gob.do\/\/Public\/Tendering\/OpportunityDetail\/Index?noticeUID=DO1.NTC.1272926\" title=\"Ver\" target=\"_blank\">INESPRE-DAF-CM-2023-0070<\/a><\/h6><p class=\"mb-0 bold\">Servicio de Alquiler de Dos Contenedores Refrigerados por un periodo de tres (3) meses dirigido a Mipymes Mujeres<\/p><p class=\"mb-0\" style=\"font-size: .85rem\"><strong title=\"Estado del Proceso\"><i class=\"fas fa-spinner\"><\/i><\/strong> Proceso adjudicado y celebrado<\/p><p class=\"mb-0\" style=\"font-size: .85rem\"><strong title=\"Fecha de Publicaci\u00f3n\"><i class=\"fas fa-calendar-alt\"><\/i><\/strong> Publicado el martes, 25 de julio de 2023<\/p><\/div><div class=\"col-auto mt-md-0 mt-2\"><a class=\"btn btn-primary btn-lg px-lg-4 d-none d-md-block\" href=\"https:\/\/comunidad.comprasdominicana.gob.do\/\/Public\/Tendering\/OpportunityDetail\/Index?noticeUID=DO1.NTC.1272926\" target=\"_blank\" title=\"Detalles\"><i class=\"fas fa-link\"><\/i> DETALLES<\/a><a class=\"btn btn-primary btn-lg px-lg-4 d-block d-md-none\" href=\"https:\/\/comunidad.comprasdominicana.gob.do\/\/Public\/Tendering\/OpportunityDetail\/Index?noticeUID=DO1.NTC.1272926\" target=\"_blank\" title=\"Detalles\"><i class=\"fas fa-2x fa-link\"><\/i><\/a><\/div><\/div><\/div><div class=\"jumbotron archivos\"><div class=\"row align-items-center\"><div class=\"col\"><h6><a class=\"text-dark\" href=\"https:\/\/comunidad.comprasdominicana.gob.do\/\/Public\/Tendering\/OpportunityDetail\/Index?noticeUID=DO1.NTC.1263816\" title=\"Ver\" target=\"_blank\">INESPRE-DAF-CM-2023-0068<\/a><\/h6><p class=\"mb-0 bold\">Servicio de Instalaci\u00f3n de Techos, Carpas y Estructura para Feria Agropecuaria<\/p><p class=\"mb-0\" style=\"font-size: .85rem\"><strong title=\"Estado del Proceso\"><i class=\"fas fa-spinner\"><\/i><\/strong> Proceso adjudicado y celebrado<\/p><p class=\"mb-0\" style=\"font-size: .85rem\"><strong title=\"Fecha de Publicaci\u00f3n\"><i class=\"fas fa-calendar-alt\"><\/i><\/strong> Publicado el jueves, 6 de julio de 2023<\/p><\/div><div class=\"col-auto mt-md-0 mt-2\"><a class=\"btn btn-primary btn-lg px-lg-4 d-none d-md-block\" href=\"https:\/\/comunidad.comprasdominicana.gob.do\/\/Public\/Tendering\/OpportunityDetail\/Index?noticeUID=DO1.NTC.1263816\" target=\"_blank\" title=\"Detalles\"><i class=\"fas fa-link\"><\/i> DETALLES<\/a><a class=\"btn btn-primary btn-lg px-lg-4 d-block d-md-none\" href=\"https:\/\/comunidad.comprasdominicana.gob.do\/\/Public\/Tendering\/OpportunityDetail\/Index?noticeUID=DO1.NTC.1263816\" target=\"_blank\" title=\"Detalles\"><i class=\"fas fa-2x fa-link\"><\/i><\/a><\/div><\/div><\/div><div class=\"jumbotron archivos\"><div class=\"row align-items-center\"><div class=\"col\"><h6><a class=\"text-dark\" href=\"https:\/\/comunidad.comprasdominicana.gob.do\/\/Public\/Tendering\/OpportunityDetail\/Index?noticeUID=DO1.NTC.1263813\" title=\"Ver\" target=\"_blank\">INESPRE-DAF-CM-2023-0069<\/a><\/h6><p class=\"mb-0 bold\">Servicio de Sistema de Luces ambientales, Sistema de Sonido, Distribuci\u00f3n el\u00e9ctrica, Planta el\u00e9ctrica, Separadores de fila y Ba\u00f1os para Feria Agropecuaria  <\/p><p class=\"mb-0\" style=\"font-size: .85rem\"><strong title=\"Estado del Proceso\"><i class=\"fas fa-spinner\"><\/i><\/strong> Proceso adjudicado y celebrado<\/p><p class=\"mb-0\" style=\"font-size: .85rem\"><strong title=\"Fecha de Publicaci\u00f3n\"><i class=\"fas fa-calendar-alt\"><\/i><\/strong> Publicado el jueves, 6 de julio de 2023<\/p><\/div><div class=\"col-auto mt-md-0 mt-2\"><a class=\"btn btn-primary btn-lg px-lg-4 d-none d-md-block\" href=\"https:\/\/comunidad.comprasdominicana.gob.do\/\/Public\/Tendering\/OpportunityDetail\/Index?noticeUID=DO1.NTC.1263813\" target=\"_blank\" title=\"Detalles\"><i class=\"fas fa-link\"><\/i> DETALLES<\/a><a class=\"btn btn-primary btn-lg px-lg-4 d-block d-md-none\" href=\"https:\/\/comunidad.comprasdominicana.gob.do\/\/Public\/Tendering\/OpportunityDetail\/Index?noticeUID=DO1.NTC.1263813\" target=\"_blank\" title=\"Detalles\"><i class=\"fas fa-2x fa-link\"><\/i><\/a><\/div><\/div><\/div><\/div><\/div><\/div>\n        <div class=\"card\">\n            <div class=\"card-header parents\" id=\"heading_compras-menores-69f73f7454400-2023-69f73f7454400-junio-69f73f7454400\">\n                <p class=\"title text-blue mb-0\">\n                    <a class=\"btn-block hover text-left collapsed\" data-toggle=\"collapse\" data-target=\"#collap_compras-menores-69f73f7454400-2023-69f73f7454400-junio-69f73f7454400\" aria-expanded=\"false\" aria-controls=\"collap_compras-menores-69f73f7454400-2023-69f73f7454400-junio-69f73f7454400\">Junio<\/a>\n                <\/p>\n            <\/div>\n            <div id=\"collap_compras-menores-69f73f7454400-2023-69f73f7454400-junio-69f73f7454400\" class=\"collapse\" aria-labelledby=\"heading_compras-menores-69f73f7454400-2023-69f73f7454400-junio-69f73f7454400\" data-parent=\"#collap_compras-menores-69f73f7454400-2023-69f73f7454400\">\n                <div class=\"card-body\"><div class=\"jumbotron archivos\"><div class=\"row align-items-center\"><div class=\"col\"><h6><a class=\"text-dark\" href=\"https:\/\/comunidad.comprasdominicana.gob.do\/\/Public\/Tendering\/OpportunityDetail\/Index?noticeUID=DO1.NTC.1261441\" title=\"Ver\" target=\"_blank\">INESPRE-DAF-CM-2023-0067<\/a><\/h6><p class=\"mb-0 bold\">Adquisici\u00f3n de Productos para el Control de Plagas<\/p><p class=\"mb-0\" style=\"font-size: .85rem\"><strong title=\"Estado del Proceso\"><i class=\"fas fa-spinner\"><\/i><\/strong> Proceso adjudicado y celebrado<\/p><p class=\"mb-0\" style=\"font-size: .85rem\"><strong title=\"Fecha de Publicaci\u00f3n\"><i class=\"fas fa-calendar-alt\"><\/i><\/strong> Publicado el viernes, 30 de junio de 2023<\/p><\/div><div class=\"col-auto mt-md-0 mt-2\"><a class=\"btn btn-primary btn-lg px-lg-4 d-none d-md-block\" href=\"https:\/\/comunidad.comprasdominicana.gob.do\/\/Public\/Tendering\/OpportunityDetail\/Index?noticeUID=DO1.NTC.1261441\" target=\"_blank\" title=\"Detalles\"><i class=\"fas fa-link\"><\/i> DETALLES<\/a><a class=\"btn btn-primary btn-lg px-lg-4 d-block d-md-none\" href=\"https:\/\/comunidad.comprasdominicana.gob.do\/\/Public\/Tendering\/OpportunityDetail\/Index?noticeUID=DO1.NTC.1261441\" target=\"_blank\" title=\"Detalles\"><i class=\"fas fa-2x fa-link\"><\/i><\/a><\/div><\/div><\/div><div class=\"jumbotron archivos\"><div class=\"row align-items-center\"><div class=\"col\"><h6><a class=\"text-dark\" href=\"https:\/\/comunidad.comprasdominicana.gob.do\/\/Public\/Tendering\/OpportunityDetail\/Index?noticeUID=DO1.NTC.1261829\" title=\"Ver\" target=\"_blank\">INESPRE-DAF-CM-2023-0066<\/a><\/h6><p class=\"mb-0 bold\">Adquisicion de Sacos para empacar<\/p><p class=\"mb-0\" style=\"font-size: .85rem\"><strong title=\"Estado del Proceso\"><i class=\"fas fa-spinner\"><\/i><\/strong> Proceso adjudicado y celebrado<\/p><p class=\"mb-0\" style=\"font-size: .85rem\"><strong title=\"Fecha de Publicaci\u00f3n\"><i class=\"fas fa-calendar-alt\"><\/i><\/strong> Publicado el viernes, 30 de junio de 2023<\/p><\/div><div class=\"col-auto mt-md-0 mt-2\"><a class=\"btn btn-primary btn-lg px-lg-4 d-none d-md-block\" href=\"https:\/\/comunidad.comprasdominicana.gob.do\/\/Public\/Tendering\/OpportunityDetail\/Index?noticeUID=DO1.NTC.1261829\" target=\"_blank\" title=\"Detalles\"><i class=\"fas fa-link\"><\/i> DETALLES<\/a><a class=\"btn btn-primary btn-lg px-lg-4 d-block d-md-none\" href=\"https:\/\/comunidad.comprasdominicana.gob.do\/\/Public\/Tendering\/OpportunityDetail\/Index?noticeUID=DO1.NTC.1261829\" target=\"_blank\" title=\"Detalles\"><i class=\"fas fa-2x fa-link\"><\/i><\/a><\/div><\/div><\/div><div class=\"jumbotron archivos\"><div class=\"row align-items-center\"><div class=\"col\"><h6><a class=\"text-dark\" href=\"https:\/\/comunidad.comprasdominicana.gob.do\/\/Public\/Tendering\/OpportunityDetail\/Index?noticeUID=DO1.NTC.1261729\" title=\"Ver\" target=\"_blank\">INESPRE-DAF-CM-2023-0065<\/a><\/h6><p class=\"mb-0 bold\">Adquisici\u00f3n de Gomas para Veh\u00edculos <\/p><p class=\"mb-0\" style=\"font-size: .85rem\"><strong title=\"Estado del Proceso\"><i class=\"fas fa-spinner\"><\/i><\/strong> Proceso adjudicado y celebrado<\/p><p class=\"mb-0\" style=\"font-size: .85rem\"><strong title=\"Fecha de Publicaci\u00f3n\"><i class=\"fas fa-calendar-alt\"><\/i><\/strong> Publicado el viernes, 30 de junio de 2023<\/p><\/div><div class=\"col-auto mt-md-0 mt-2\"><a class=\"btn btn-primary btn-lg px-lg-4 d-none d-md-block\" href=\"https:\/\/comunidad.comprasdominicana.gob.do\/\/Public\/Tendering\/OpportunityDetail\/Index?noticeUID=DO1.NTC.1261729\" target=\"_blank\" title=\"Detalles\"><i class=\"fas fa-link\"><\/i> DETALLES<\/a><a class=\"btn btn-primary btn-lg px-lg-4 d-block d-md-none\" href=\"https:\/\/comunidad.comprasdominicana.gob.do\/\/Public\/Tendering\/OpportunityDetail\/Index?noticeUID=DO1.NTC.1261729\" target=\"_blank\" title=\"Detalles\"><i class=\"fas fa-2x fa-link\"><\/i><\/a><\/div><\/div><\/div><div class=\"jumbotron archivos\"><div class=\"row align-items-center\"><div class=\"col\"><h6><a class=\"text-dark\" href=\"https:\/\/comunidad.comprasdominicana.gob.do\/\/Public\/Tendering\/OpportunityDetail\/Index?noticeUID=DO1.NTC.1261810\" title=\"Ver\" target=\"_blank\">INESPRE-DAF-CM-2023-0064<\/a><\/h6><p class=\"mb-0 bold\">Adquisici\u00f3n de Formularios dirigido a Mipymes Mujer<\/p><p class=\"mb-0\" style=\"font-size: .85rem\"><strong title=\"Estado del Proceso\"><i class=\"fas fa-spinner\"><\/i><\/strong> Proceso adjudicado y celebrado<\/p><p class=\"mb-0\" style=\"font-size: .85rem\"><strong title=\"Fecha de Publicaci\u00f3n\"><i class=\"fas fa-calendar-alt\"><\/i><\/strong> Publicado el viernes, 30 de junio de 2023<\/p><\/div><div class=\"col-auto mt-md-0 mt-2\"><a class=\"btn btn-primary btn-lg px-lg-4 d-none d-md-block\" href=\"https:\/\/comunidad.comprasdominicana.gob.do\/\/Public\/Tendering\/OpportunityDetail\/Index?noticeUID=DO1.NTC.1261810\" target=\"_blank\" title=\"Detalles\"><i class=\"fas fa-link\"><\/i> DETALLES<\/a><a class=\"btn btn-primary btn-lg px-lg-4 d-block d-md-none\" href=\"https:\/\/comunidad.comprasdominicana.gob.do\/\/Public\/Tendering\/OpportunityDetail\/Index?noticeUID=DO1.NTC.1261810\" target=\"_blank\" title=\"Detalles\"><i class=\"fas fa-2x fa-link\"><\/i><\/a><\/div><\/div><\/div><div class=\"jumbotron archivos\"><div class=\"row align-items-center\"><div class=\"col\"><h6><a class=\"text-dark\" href=\"https:\/\/comunidad.comprasdominicana.gob.do\/\/Public\/Tendering\/OpportunityDetail\/Index?noticeUID=DO1.NTC.1258820\" title=\"Ver\" target=\"_blank\">INESPRE-DAF-CM-2023-0063<\/a><\/h6><p class=\"mb-0 bold\">Adquisici\u00f3n de Poloshirts y Camisas con logos bordados<\/p><p class=\"mb-0\" style=\"font-size: .85rem\"><strong title=\"Estado del Proceso\"><i class=\"fas fa-spinner\"><\/i><\/strong> Proceso adjudicado y celebrado<\/p><p class=\"mb-0\" style=\"font-size: .85rem\"><strong title=\"Fecha de Publicaci\u00f3n\"><i class=\"fas fa-calendar-alt\"><\/i><\/strong> Publicado el viernes, 23 de junio de 2023<\/p><\/div><div class=\"col-auto mt-md-0 mt-2\"><a class=\"btn btn-primary btn-lg px-lg-4 d-none d-md-block\" href=\"https:\/\/comunidad.comprasdominicana.gob.do\/\/Public\/Tendering\/OpportunityDetail\/Index?noticeUID=DO1.NTC.1258820\" target=\"_blank\" title=\"Detalles\"><i class=\"fas fa-link\"><\/i> DETALLES<\/a><a class=\"btn btn-primary btn-lg px-lg-4 d-block d-md-none\" href=\"https:\/\/comunidad.comprasdominicana.gob.do\/\/Public\/Tendering\/OpportunityDetail\/Index?noticeUID=DO1.NTC.1258820\" target=\"_blank\" title=\"Detalles\"><i class=\"fas fa-2x fa-link\"><\/i><\/a><\/div><\/div><\/div><div class=\"jumbotron archivos\"><div class=\"row align-items-center\"><div class=\"col\"><h6><a class=\"text-dark\" href=\"https:\/\/comunidad.comprasdominicana.gob.do\/\/Public\/Tendering\/OpportunityDetail\/Index?noticeUID=DO1.NTC.1258522\" title=\"Ver\" target=\"_blank\">INESPRE-DAF-CM-2023-0062<\/a><\/h6><p class=\"mb-0 bold\">Servicio de Rotulaci\u00f3n de Veh\u00edculos<\/p><p class=\"mb-0\" style=\"font-size: .85rem\"><strong title=\"Estado del Proceso\"><i class=\"fas fa-spinner\"><\/i><\/strong> Proceso adjudicado y celebrado<\/p><p class=\"mb-0\" style=\"font-size: .85rem\"><strong title=\"Fecha de Publicaci\u00f3n\"><i class=\"fas fa-calendar-alt\"><\/i><\/strong> Publicado el viernes, 23 de junio de 2023<\/p><\/div><div class=\"col-auto mt-md-0 mt-2\"><a class=\"btn btn-primary btn-lg px-lg-4 d-none d-md-block\" href=\"https:\/\/comunidad.comprasdominicana.gob.do\/\/Public\/Tendering\/OpportunityDetail\/Index?noticeUID=DO1.NTC.1258522\" target=\"_blank\" title=\"Detalles\"><i class=\"fas fa-link\"><\/i> DETALLES<\/a><a class=\"btn btn-primary btn-lg px-lg-4 d-block d-md-none\" href=\"https:\/\/comunidad.comprasdominicana.gob.do\/\/Public\/Tendering\/OpportunityDetail\/Index?noticeUID=DO1.NTC.1258522\" target=\"_blank\" title=\"Detalles\"><i class=\"fas fa-2x fa-link\"><\/i><\/a><\/div><\/div><\/div><div class=\"jumbotron archivos\"><div class=\"row align-items-center\"><div class=\"col\"><h6><a class=\"text-dark\" href=\"https:\/\/comunidad.comprasdominicana.gob.do\/\/Public\/Tendering\/OpportunityDetail\/Index?noticeUID=DO1.NTC.1254925\" title=\"Ver\" target=\"_blank\">INESPRE-DAF-CM-2023-0060<\/a><\/h6><p class=\"mb-0 bold\">Adquisici\u00f3n de Equipos y Materiales para instalaci\u00f3n de C\u00e1maras de Seguridad CCTV<\/p><p class=\"mb-0\" style=\"font-size: .85rem\"><strong title=\"Estado del Proceso\"><i class=\"fas fa-spinner\"><\/i><\/strong> Proceso adjudicado y celebrado<\/p><p class=\"mb-0\" style=\"font-size: .85rem\"><strong title=\"Fecha de Publicaci\u00f3n\"><i class=\"fas fa-calendar-alt\"><\/i><\/strong> Publicado el jueves, 15 de junio de 2023<\/p><\/div><div class=\"col-auto mt-md-0 mt-2\"><a class=\"btn btn-primary btn-lg px-lg-4 d-none d-md-block\" href=\"https:\/\/comunidad.comprasdominicana.gob.do\/\/Public\/Tendering\/OpportunityDetail\/Index?noticeUID=DO1.NTC.1254925\" target=\"_blank\" title=\"Detalles\"><i class=\"fas fa-link\"><\/i> DETALLES<\/a><a class=\"btn btn-primary btn-lg px-lg-4 d-block d-md-none\" href=\"https:\/\/comunidad.comprasdominicana.gob.do\/\/Public\/Tendering\/OpportunityDetail\/Index?noticeUID=DO1.NTC.1254925\" target=\"_blank\" title=\"Detalles\"><i class=\"fas fa-2x fa-link\"><\/i><\/a><\/div><\/div><\/div><div class=\"jumbotron archivos\"><div class=\"row align-items-center\"><div class=\"col\"><h6><a class=\"text-dark\" href=\"https:\/\/comunidad.comprasdominicana.gob.do\/\/Public\/Tendering\/OpportunityDetail\/Index?noticeUID=DO1.NTC.1254923\" title=\"Ver\" target=\"_blank\">INESPRE-DAF-CM-2023-0061<\/a><\/h6><p class=\"mb-0 bold\">Adquisici\u00f3n de C\u00e1maras y accesorios para Sistema de Seguridad CCTV<\/p><p class=\"mb-0\" style=\"font-size: .85rem\"><strong title=\"Estado del Proceso\"><i class=\"fas fa-spinner\"><\/i><\/strong> Proceso adjudicado y celebrado<\/p><p class=\"mb-0\" style=\"font-size: .85rem\"><strong title=\"Fecha de Publicaci\u00f3n\"><i class=\"fas fa-calendar-alt\"><\/i><\/strong> Publicado el jueves, 15 de junio de 2023<\/p><\/div><div class=\"col-auto mt-md-0 mt-2\"><a class=\"btn btn-primary btn-lg px-lg-4 d-none d-md-block\" href=\"https:\/\/comunidad.comprasdominicana.gob.do\/\/Public\/Tendering\/OpportunityDetail\/Index?noticeUID=DO1.NTC.1254923\" target=\"_blank\" title=\"Detalles\"><i class=\"fas fa-link\"><\/i> DETALLES<\/a><a class=\"btn btn-primary btn-lg px-lg-4 d-block d-md-none\" href=\"https:\/\/comunidad.comprasdominicana.gob.do\/\/Public\/Tendering\/OpportunityDetail\/Index?noticeUID=DO1.NTC.1254923\" target=\"_blank\" title=\"Detalles\"><i class=\"fas fa-2x fa-link\"><\/i><\/a><\/div><\/div><\/div><div class=\"jumbotron archivos\"><div class=\"row align-items-center\"><div class=\"col\"><h6><a class=\"text-dark\" href=\"https:\/\/comunidad.comprasdominicana.gob.do\/\/Public\/Tendering\/OpportunityDetail\/Index?noticeUID=DO1.NTC.1251031\" title=\"Ver\" target=\"_blank\">INESPRE-DAF-CM-2023-0059<\/a><\/h6><p class=\"mb-0 bold\">Adquisici\u00f3n de Freezer Horizontales<\/p><p class=\"mb-0\" style=\"font-size: .85rem\"><strong title=\"Estado del Proceso\"><i class=\"fas fa-spinner\"><\/i><\/strong> Proceso adjudicado y celebrado<\/p><p class=\"mb-0\" style=\"font-size: .85rem\"><strong title=\"Fecha de Publicaci\u00f3n\"><i class=\"fas fa-calendar-alt\"><\/i><\/strong> Publicado el lunes, 5 de junio de 2023<\/p><\/div><div class=\"col-auto mt-md-0 mt-2\"><a class=\"btn btn-primary btn-lg px-lg-4 d-none d-md-block\" href=\"https:\/\/comunidad.comprasdominicana.gob.do\/\/Public\/Tendering\/OpportunityDetail\/Index?noticeUID=DO1.NTC.1251031\" target=\"_blank\" title=\"Detalles\"><i class=\"fas fa-link\"><\/i> DETALLES<\/a><a class=\"btn btn-primary btn-lg px-lg-4 d-block d-md-none\" href=\"https:\/\/comunidad.comprasdominicana.gob.do\/\/Public\/Tendering\/OpportunityDetail\/Index?noticeUID=DO1.NTC.1251031\" target=\"_blank\" title=\"Detalles\"><i class=\"fas fa-2x fa-link\"><\/i><\/a><\/div><\/div><\/div><\/div><\/div><\/div>\n        <div class=\"card\">\n            <div class=\"card-header parents\" id=\"heading_compras-menores-69f73f7454400-2023-69f73f7454400-mayo-69f73f7454400\">\n                <p class=\"title text-blue mb-0\">\n                    <a class=\"btn-block hover text-left collapsed\" data-toggle=\"collapse\" data-target=\"#collap_compras-menores-69f73f7454400-2023-69f73f7454400-mayo-69f73f7454400\" aria-expanded=\"false\" aria-controls=\"collap_compras-menores-69f73f7454400-2023-69f73f7454400-mayo-69f73f7454400\">Mayo<\/a>\n                <\/p>\n            <\/div>\n            <div id=\"collap_compras-menores-69f73f7454400-2023-69f73f7454400-mayo-69f73f7454400\" class=\"collapse\" aria-labelledby=\"heading_compras-menores-69f73f7454400-2023-69f73f7454400-mayo-69f73f7454400\" data-parent=\"#collap_compras-menores-69f73f7454400-2023-69f73f7454400\">\n                <div class=\"card-body\"><div class=\"jumbotron archivos\"><div class=\"row align-items-center\"><div class=\"col\"><h6><a class=\"text-dark\" href=\"https:\/\/comunidad.comprasdominicana.gob.do\/\/Public\/Tendering\/OpportunityDetail\/Index?noticeUID=DO1.NTC.1244605\" title=\"Ver\" target=\"_blank\">INESPRE-DAF-CM-2023-0056<\/a><\/h6><p class=\"mb-0 bold\">Servicio de Alquiler de Contenedores Refrigerados por un periodo de tres (3) meses dirigido a Mipymes Mujeres<\/p><p class=\"mb-0\" style=\"font-size: .85rem\"><strong title=\"Estado del Proceso\"><i class=\"fas fa-spinner\"><\/i><\/strong> Proceso adjudicado y celebrado<\/p><p class=\"mb-0\" style=\"font-size: .85rem\"><strong title=\"Fecha de Publicaci\u00f3n\"><i class=\"fas fa-calendar-alt\"><\/i><\/strong> Publicado el jueves, 25 de mayo de 2023<\/p><\/div><div class=\"col-auto mt-md-0 mt-2\"><a class=\"btn btn-primary btn-lg px-lg-4 d-none d-md-block\" href=\"https:\/\/comunidad.comprasdominicana.gob.do\/\/Public\/Tendering\/OpportunityDetail\/Index?noticeUID=DO1.NTC.1244605\" target=\"_blank\" title=\"Detalles\"><i class=\"fas fa-link\"><\/i> DETALLES<\/a><a class=\"btn btn-primary btn-lg px-lg-4 d-block d-md-none\" href=\"https:\/\/comunidad.comprasdominicana.gob.do\/\/Public\/Tendering\/OpportunityDetail\/Index?noticeUID=DO1.NTC.1244605\" target=\"_blank\" title=\"Detalles\"><i class=\"fas fa-2x fa-link\"><\/i><\/a><\/div><\/div><\/div><div class=\"jumbotron archivos\"><div class=\"row align-items-center\"><div class=\"col\"><h6><a class=\"text-dark\" href=\"https:\/\/comunidad.comprasdominicana.gob.do\/\/Public\/Tendering\/OpportunityDetail\/Index?noticeUID=DO1.NTC.1244133\" title=\"Ver\" target=\"_blank\">INESPRE-DAF-CM-2023-0058<\/a><\/h6><p class=\"mb-0 bold\">Servicio de Alquiler de cuatros (4) contenedores para Oficina por un periodo de cuatro (4) meses<\/p><p class=\"mb-0\" style=\"font-size: .85rem\"><strong title=\"Estado del Proceso\"><i class=\"fas fa-spinner\"><\/i><\/strong> Proceso adjudicado y celebrado<\/p><p class=\"mb-0\" style=\"font-size: .85rem\"><strong title=\"Fecha de Publicaci\u00f3n\"><i class=\"fas fa-calendar-alt\"><\/i><\/strong> Publicado el mi\u00e9rcoles, 24 de mayo de 2023<\/p><\/div><div class=\"col-auto mt-md-0 mt-2\"><a class=\"btn btn-primary btn-lg px-lg-4 d-none d-md-block\" href=\"https:\/\/comunidad.comprasdominicana.gob.do\/\/Public\/Tendering\/OpportunityDetail\/Index?noticeUID=DO1.NTC.1244133\" target=\"_blank\" title=\"Detalles\"><i class=\"fas fa-link\"><\/i> DETALLES<\/a><a class=\"btn btn-primary btn-lg px-lg-4 d-block d-md-none\" href=\"https:\/\/comunidad.comprasdominicana.gob.do\/\/Public\/Tendering\/OpportunityDetail\/Index?noticeUID=DO1.NTC.1244133\" target=\"_blank\" title=\"Detalles\"><i class=\"fas fa-2x fa-link\"><\/i><\/a><\/div><\/div><\/div><div class=\"jumbotron archivos\"><div class=\"row align-items-center\"><div class=\"col\"><h6><a class=\"text-dark\" href=\"https:\/\/comunidad.comprasdominicana.gob.do\/\/Public\/Tendering\/OpportunityDetail\/Index?noticeUID=DO1.NTC.1243601\" title=\"Ver\" target=\"_blank\">INESPRE-DAF-CM-2023-0057<\/a><\/h6><p class=\"mb-0 bold\">Servicio de Almuerzo a Domicilio <\/p><p class=\"mb-0\" style=\"font-size: .85rem\"><strong title=\"Estado del Proceso\"><i class=\"fas fa-spinner\"><\/i><\/strong> Proceso adjudicado y celebrado<\/p><p class=\"mb-0\" style=\"font-size: .85rem\"><strong title=\"Fecha de Publicaci\u00f3n\"><i class=\"fas fa-calendar-alt\"><\/i><\/strong> Publicado el martes, 23 de mayo de 2023<\/p><\/div><div class=\"col-auto mt-md-0 mt-2\"><a class=\"btn btn-primary btn-lg px-lg-4 d-none d-md-block\" href=\"https:\/\/comunidad.comprasdominicana.gob.do\/\/Public\/Tendering\/OpportunityDetail\/Index?noticeUID=DO1.NTC.1243601\" target=\"_blank\" title=\"Detalles\"><i class=\"fas fa-link\"><\/i> DETALLES<\/a><a class=\"btn btn-primary btn-lg px-lg-4 d-block d-md-none\" href=\"https:\/\/comunidad.comprasdominicana.gob.do\/\/Public\/Tendering\/OpportunityDetail\/Index?noticeUID=DO1.NTC.1243601\" target=\"_blank\" title=\"Detalles\"><i class=\"fas fa-2x fa-link\"><\/i><\/a><\/div><\/div><\/div><div class=\"jumbotron archivos\"><div class=\"row align-items-center\"><div class=\"col\"><h6><a class=\"text-dark\" href=\"https:\/\/comunidad.comprasdominicana.gob.do\/\/Public\/Tendering\/OpportunityDetail\/Index?noticeUID=DO1.NTC.1235019\" title=\"Ver\" target=\"_blank\">INESPRE-DAF-CM-2023-0045<\/a><\/h6><p class=\"mb-0 bold\">Contrataci\u00f3n de Servicio e Instalaci\u00f3n de Equipos de Impresi\u00f3n y Copiado Multifuncionales<\/p><p class=\"mb-0\" style=\"font-size: .85rem\"><strong title=\"Estado del Proceso\"><i class=\"fas fa-spinner\"><\/i><\/strong> Proceso adjudicado y celebrado<\/p><p class=\"mb-0\" style=\"font-size: .85rem\"><strong title=\"Fecha de Publicaci\u00f3n\"><i class=\"fas fa-calendar-alt\"><\/i><\/strong> Publicado el mi\u00e9rcoles, 3 de mayo de 2023<\/p><\/div><div class=\"col-auto mt-md-0 mt-2\"><a class=\"btn btn-primary btn-lg px-lg-4 d-none d-md-block\" href=\"https:\/\/comunidad.comprasdominicana.gob.do\/\/Public\/Tendering\/OpportunityDetail\/Index?noticeUID=DO1.NTC.1235019\" target=\"_blank\" title=\"Detalles\"><i class=\"fas fa-link\"><\/i> DETALLES<\/a><a class=\"btn btn-primary btn-lg px-lg-4 d-block d-md-none\" href=\"https:\/\/comunidad.comprasdominicana.gob.do\/\/Public\/Tendering\/OpportunityDetail\/Index?noticeUID=DO1.NTC.1235019\" target=\"_blank\" title=\"Detalles\"><i class=\"fas fa-2x fa-link\"><\/i><\/a><\/div><\/div><\/div><\/div><\/div><\/div>\n        <div class=\"card\">\n            <div class=\"card-header parents\" id=\"heading_compras-menores-69f73f7454400-2023-69f73f7454400-abril-69f73f7454400\">\n                <p class=\"title text-blue mb-0\">\n                    <a class=\"btn-block hover text-left collapsed\" data-toggle=\"collapse\" data-target=\"#collap_compras-menores-69f73f7454400-2023-69f73f7454400-abril-69f73f7454400\" aria-expanded=\"false\" aria-controls=\"collap_compras-menores-69f73f7454400-2023-69f73f7454400-abril-69f73f7454400\">Abril<\/a>\n                <\/p>\n            <\/div>\n            <div id=\"collap_compras-menores-69f73f7454400-2023-69f73f7454400-abril-69f73f7454400\" class=\"collapse\" aria-labelledby=\"heading_compras-menores-69f73f7454400-2023-69f73f7454400-abril-69f73f7454400\" data-parent=\"#collap_compras-menores-69f73f7454400-2023-69f73f7454400\">\n                <div class=\"card-body\"><div class=\"jumbotron archivos\"><div class=\"row align-items-center\"><div class=\"col\"><h6><a class=\"text-dark\" href=\"https:\/\/comunidad.comprasdominicana.gob.do\/\/Public\/Tendering\/OpportunityDetail\/Index?noticeUID=DO1.NTC.1234033\" title=\"Ver\" target=\"_blank\">INESPRE-DAF-CM-2023-0043<\/a><\/h6><p class=\"mb-0 bold\">Adquisici\u00f3n de Papeles de Ba\u00f1os, Servilletas y otros, dirigido a Mipymes<\/p><p class=\"mb-0\" style=\"font-size: .85rem\"><strong title=\"Estado del Proceso\"><i class=\"fas fa-spinner\"><\/i><\/strong> Proceso adjudicado y celebrado<\/p><p class=\"mb-0\" style=\"font-size: .85rem\"><strong title=\"Fecha de Publicaci\u00f3n\"><i class=\"fas fa-calendar-alt\"><\/i><\/strong> Publicado el viernes, 28 de abril de 2023<\/p><\/div><div class=\"col-auto mt-md-0 mt-2\"><a class=\"btn btn-primary btn-lg px-lg-4 d-none d-md-block\" href=\"https:\/\/comunidad.comprasdominicana.gob.do\/\/Public\/Tendering\/OpportunityDetail\/Index?noticeUID=DO1.NTC.1234033\" target=\"_blank\" title=\"Detalles\"><i class=\"fas fa-link\"><\/i> DETALLES<\/a><a class=\"btn btn-primary btn-lg px-lg-4 d-block d-md-none\" href=\"https:\/\/comunidad.comprasdominicana.gob.do\/\/Public\/Tendering\/OpportunityDetail\/Index?noticeUID=DO1.NTC.1234033\" target=\"_blank\" title=\"Detalles\"><i class=\"fas fa-2x fa-link\"><\/i><\/a><\/div><\/div><\/div><div class=\"jumbotron archivos\"><div class=\"row align-items-center\"><div class=\"col\"><h6><a class=\"text-dark\" href=\"https:\/\/comunidad.comprasdominicana.gob.do\/\/Public\/Tendering\/OpportunityDetail\/Index?noticeUID=DO1.NTC.1234026\" title=\"Ver\" target=\"_blank\">INESPRE-DAF-CM-2023-0052<\/a><\/h6><p class=\"mb-0 bold\">Adquisici\u00f3n de Sardinas en salsa de tomate<\/p><p class=\"mb-0\" style=\"font-size: .85rem\"><strong title=\"Estado del Proceso\"><i class=\"fas fa-spinner\"><\/i><\/strong> Proceso adjudicado y celebrado<\/p><p class=\"mb-0\" style=\"font-size: .85rem\"><strong title=\"Fecha de Publicaci\u00f3n\"><i class=\"fas fa-calendar-alt\"><\/i><\/strong> Publicado el viernes, 28 de abril de 2023<\/p><\/div><div class=\"col-auto mt-md-0 mt-2\"><a class=\"btn btn-primary btn-lg px-lg-4 d-none d-md-block\" href=\"https:\/\/comunidad.comprasdominicana.gob.do\/\/Public\/Tendering\/OpportunityDetail\/Index?noticeUID=DO1.NTC.1234026\" target=\"_blank\" title=\"Detalles\"><i class=\"fas fa-link\"><\/i> DETALLES<\/a><a class=\"btn btn-primary btn-lg px-lg-4 d-block d-md-none\" href=\"https:\/\/comunidad.comprasdominicana.gob.do\/\/Public\/Tendering\/OpportunityDetail\/Index?noticeUID=DO1.NTC.1234026\" target=\"_blank\" title=\"Detalles\"><i class=\"fas fa-2x fa-link\"><\/i><\/a><\/div><\/div><\/div><div class=\"jumbotron archivos\"><div class=\"row align-items-center\"><div class=\"col\"><h6><a class=\"text-dark\" href=\"https:\/\/comunidad.comprasdominicana.gob.do\/\/Public\/Tendering\/OpportunityDetail\/Index?noticeUID=DO1.NTC.1234023\" title=\"Ver\" target=\"_blank\">INESPRE-DAF-CM-2023-0054<\/a><\/h6><p class=\"mb-0 bold\">Adquisici\u00f3n de Salchicha de Cerdo<\/p><p class=\"mb-0\" style=\"font-size: .85rem\"><strong title=\"Estado del Proceso\"><i class=\"fas fa-spinner\"><\/i><\/strong> Proceso adjudicado y celebrado<\/p><p class=\"mb-0\" style=\"font-size: .85rem\"><strong title=\"Fecha de Publicaci\u00f3n\"><i class=\"fas fa-calendar-alt\"><\/i><\/strong> Publicado el viernes, 28 de abril de 2023<\/p><\/div><div class=\"col-auto mt-md-0 mt-2\"><a class=\"btn btn-primary btn-lg px-lg-4 d-none d-md-block\" href=\"https:\/\/comunidad.comprasdominicana.gob.do\/\/Public\/Tendering\/OpportunityDetail\/Index?noticeUID=DO1.NTC.1234023\" target=\"_blank\" title=\"Detalles\"><i class=\"fas fa-link\"><\/i> DETALLES<\/a><a class=\"btn btn-primary btn-lg px-lg-4 d-block d-md-none\" href=\"https:\/\/comunidad.comprasdominicana.gob.do\/\/Public\/Tendering\/OpportunityDetail\/Index?noticeUID=DO1.NTC.1234023\" target=\"_blank\" title=\"Detalles\"><i class=\"fas fa-2x fa-link\"><\/i><\/a><\/div><\/div><\/div><div class=\"jumbotron archivos\"><div class=\"row align-items-center\"><div class=\"col\"><h6><a class=\"text-dark\" href=\"https:\/\/comunidad.comprasdominicana.gob.do\/\/Public\/Tendering\/OpportunityDetail\/Index?noticeUID=DO1.NTC.1233823\" title=\"Ver\" target=\"_blank\">INESPRE-DAF-CM-2023-0055<\/a><\/h6><p class=\"mb-0 bold\">Servicio de Alquiler de Radios de Comunicaci\u00f3n para las Ferias INESPRE ESTA DE MADRE 2023<\/p><p class=\"mb-0\" style=\"font-size: .85rem\"><strong title=\"Estado del Proceso\"><i class=\"fas fa-spinner\"><\/i><\/strong> Proceso adjudicado y celebrado<\/p><p class=\"mb-0\" style=\"font-size: .85rem\"><strong title=\"Fecha de Publicaci\u00f3n\"><i class=\"fas fa-calendar-alt\"><\/i><\/strong> Publicado el viernes, 28 de abril de 2023<\/p><\/div><div class=\"col-auto mt-md-0 mt-2\"><a class=\"btn btn-primary btn-lg px-lg-4 d-none d-md-block\" href=\"https:\/\/comunidad.comprasdominicana.gob.do\/\/Public\/Tendering\/OpportunityDetail\/Index?noticeUID=DO1.NTC.1233823\" target=\"_blank\" title=\"Detalles\"><i class=\"fas fa-link\"><\/i> DETALLES<\/a><a class=\"btn btn-primary btn-lg px-lg-4 d-block d-md-none\" href=\"https:\/\/comunidad.comprasdominicana.gob.do\/\/Public\/Tendering\/OpportunityDetail\/Index?noticeUID=DO1.NTC.1233823\" target=\"_blank\" title=\"Detalles\"><i class=\"fas fa-2x fa-link\"><\/i><\/a><\/div><\/div><\/div><div class=\"jumbotron archivos\"><div class=\"row align-items-center\"><div class=\"col\"><h6><a class=\"text-dark\" href=\"https:\/\/comunidad.comprasdominicana.gob.do\/\/Public\/Tendering\/OpportunityDetail\/Index?noticeUID=DO1.NTC.1233143\" title=\"Ver\" target=\"_blank\">INESPRE-DAF-CM-2023-0053<\/a><\/h6><p class=\"mb-0 bold\">Adquisici\u00f3n de Espaguettis<\/p><p class=\"mb-0\" style=\"font-size: .85rem\"><strong title=\"Estado del Proceso\"><i class=\"fas fa-spinner\"><\/i><\/strong> Proceso adjudicado y celebrado<\/p><p class=\"mb-0\" style=\"font-size: .85rem\"><strong title=\"Fecha de Publicaci\u00f3n\"><i class=\"fas fa-calendar-alt\"><\/i><\/strong> Publicado el jueves, 27 de abril de 2023<\/p><\/div><div class=\"col-auto mt-md-0 mt-2\"><a class=\"btn btn-primary btn-lg px-lg-4 d-none d-md-block\" href=\"https:\/\/comunidad.comprasdominicana.gob.do\/\/Public\/Tendering\/OpportunityDetail\/Index?noticeUID=DO1.NTC.1233143\" target=\"_blank\" title=\"Detalles\"><i class=\"fas fa-link\"><\/i> DETALLES<\/a><a class=\"btn btn-primary btn-lg px-lg-4 d-block d-md-none\" href=\"https:\/\/comunidad.comprasdominicana.gob.do\/\/Public\/Tendering\/OpportunityDetail\/Index?noticeUID=DO1.NTC.1233143\" target=\"_blank\" title=\"Detalles\"><i class=\"fas fa-2x fa-link\"><\/i><\/a><\/div><\/div><\/div><div class=\"jumbotron archivos\"><div class=\"row align-items-center\"><div class=\"col\"><h6><a class=\"text-dark\" href=\"https:\/\/comunidad.comprasdominicana.gob.do\/\/Public\/Tendering\/OpportunityDetail\/Index?noticeUID=DO1.NTC.1233140\" title=\"Ver\" target=\"_blank\">INESPRE-DAF-CM-2023-0051<\/a><\/h6><p class=\"mb-0 bold\">Adquisici\u00f3n de Guandules y Ma\u00edz enlatados (dirigido a Mipymes Mujeres)<\/p><p class=\"mb-0\" style=\"font-size: .85rem\"><strong title=\"Estado del Proceso\"><i class=\"fas fa-spinner\"><\/i><\/strong> Proceso adjudicado y celebrado<\/p><p class=\"mb-0\" style=\"font-size: .85rem\"><strong title=\"Fecha de Publicaci\u00f3n\"><i class=\"fas fa-calendar-alt\"><\/i><\/strong> Publicado el jueves, 27 de abril de 2023<\/p><\/div><div class=\"col-auto mt-md-0 mt-2\"><a class=\"btn btn-primary btn-lg px-lg-4 d-none d-md-block\" href=\"https:\/\/comunidad.comprasdominicana.gob.do\/\/Public\/Tendering\/OpportunityDetail\/Index?noticeUID=DO1.NTC.1233140\" target=\"_blank\" title=\"Detalles\"><i class=\"fas fa-link\"><\/i> DETALLES<\/a><a class=\"btn btn-primary btn-lg px-lg-4 d-block d-md-none\" href=\"https:\/\/comunidad.comprasdominicana.gob.do\/\/Public\/Tendering\/OpportunityDetail\/Index?noticeUID=DO1.NTC.1233140\" target=\"_blank\" title=\"Detalles\"><i class=\"fas fa-2x fa-link\"><\/i><\/a><\/div><\/div><\/div><div class=\"jumbotron archivos\"><div class=\"row align-items-center\"><div class=\"col\"><h6><a class=\"text-dark\" href=\"https:\/\/comunidad.comprasdominicana.gob.do\/\/Public\/Tendering\/OpportunityDetail\/Index?noticeUID=DO1.NTC.1233229\" title=\"Ver\" target=\"_blank\">INESPRE-DAF-CM-2023-0050<\/a><\/h6><p class=\"mb-0 bold\">Adquisici\u00f3n de Avena Entera (dirigido a Mipymes Mujeres)<\/p><p class=\"mb-0\" style=\"font-size: .85rem\"><strong title=\"Estado del Proceso\"><i class=\"fas fa-spinner\"><\/i><\/strong> Proceso adjudicado y celebrado<\/p><p class=\"mb-0\" style=\"font-size: .85rem\"><strong title=\"Fecha de Publicaci\u00f3n\"><i class=\"fas fa-calendar-alt\"><\/i><\/strong> Publicado el jueves, 27 de abril de 2023<\/p><\/div><div class=\"col-auto mt-md-0 mt-2\"><a class=\"btn btn-primary btn-lg px-lg-4 d-none d-md-block\" href=\"https:\/\/comunidad.comprasdominicana.gob.do\/\/Public\/Tendering\/OpportunityDetail\/Index?noticeUID=DO1.NTC.1233229\" target=\"_blank\" title=\"Detalles\"><i class=\"fas fa-link\"><\/i> DETALLES<\/a><a class=\"btn btn-primary btn-lg px-lg-4 d-block d-md-none\" href=\"https:\/\/comunidad.comprasdominicana.gob.do\/\/Public\/Tendering\/OpportunityDetail\/Index?noticeUID=DO1.NTC.1233229\" target=\"_blank\" title=\"Detalles\"><i class=\"fas fa-2x fa-link\"><\/i><\/a><\/div><\/div><\/div><div class=\"jumbotron archivos\"><div class=\"row align-items-center\"><div class=\"col\"><h6><a class=\"text-dark\" href=\"https:\/\/comunidad.comprasdominicana.gob.do\/\/Public\/Tendering\/OpportunityDetail\/Index?noticeUID=DO1.NTC.1233431\" title=\"Ver\" target=\"_blank\">INESPRE-DAF-CM-2023-0049<\/a><\/h6><p class=\"mb-0 bold\">Adquisici\u00f3n de Harina de Ma\u00edz (dirigido a Mipymes Mujeres)<\/p><p class=\"mb-0\" style=\"font-size: .85rem\"><strong title=\"Estado del Proceso\"><i class=\"fas fa-spinner\"><\/i><\/strong> Proceso adjudicado y celebrado<\/p><p class=\"mb-0\" style=\"font-size: .85rem\"><strong title=\"Fecha de Publicaci\u00f3n\"><i class=\"fas fa-calendar-alt\"><\/i><\/strong> Publicado el jueves, 27 de abril de 2023<\/p><\/div><div class=\"col-auto mt-md-0 mt-2\"><a class=\"btn btn-primary btn-lg px-lg-4 d-none d-md-block\" href=\"https:\/\/comunidad.comprasdominicana.gob.do\/\/Public\/Tendering\/OpportunityDetail\/Index?noticeUID=DO1.NTC.1233431\" target=\"_blank\" title=\"Detalles\"><i class=\"fas fa-link\"><\/i> DETALLES<\/a><a class=\"btn btn-primary btn-lg px-lg-4 d-block d-md-none\" href=\"https:\/\/comunidad.comprasdominicana.gob.do\/\/Public\/Tendering\/OpportunityDetail\/Index?noticeUID=DO1.NTC.1233431\" target=\"_blank\" title=\"Detalles\"><i class=\"fas fa-2x fa-link\"><\/i><\/a><\/div><\/div><\/div><div class=\"jumbotron archivos\"><div class=\"row align-items-center\"><div class=\"col\"><h6><a class=\"text-dark\" href=\"https:\/\/comunidad.comprasdominicana.gob.do\/\/Public\/Tendering\/OpportunityDetail\/Index?noticeUID=DO1.NTC.1233022\" title=\"Ver\" target=\"_blank\">INESPRE-DAF-CM-2023-0048<\/a><\/h6><p class=\"mb-0 bold\">Adquisici\u00f3n de Saz\u00f3n en polvo y Vinagre dorado (dirigido a Mipymes Mujeres)<\/p><p class=\"mb-0\" style=\"font-size: .85rem\"><strong title=\"Estado del Proceso\"><i class=\"fas fa-spinner\"><\/i><\/strong> Proceso adjudicado y celebrado<\/p><p class=\"mb-0\" style=\"font-size: .85rem\"><strong title=\"Fecha de Publicaci\u00f3n\"><i class=\"fas fa-calendar-alt\"><\/i><\/strong> Publicado el jueves, 27 de abril de 2023<\/p><\/div><div class=\"col-auto mt-md-0 mt-2\"><a class=\"btn btn-primary btn-lg px-lg-4 d-none d-md-block\" href=\"https:\/\/comunidad.comprasdominicana.gob.do\/\/Public\/Tendering\/OpportunityDetail\/Index?noticeUID=DO1.NTC.1233022\" target=\"_blank\" title=\"Detalles\"><i class=\"fas fa-link\"><\/i> DETALLES<\/a><a class=\"btn btn-primary btn-lg px-lg-4 d-block d-md-none\" href=\"https:\/\/comunidad.comprasdominicana.gob.do\/\/Public\/Tendering\/OpportunityDetail\/Index?noticeUID=DO1.NTC.1233022\" target=\"_blank\" title=\"Detalles\"><i class=\"fas fa-2x fa-link\"><\/i><\/a><\/div><\/div><\/div><div class=\"jumbotron archivos\"><div class=\"row align-items-center\"><div class=\"col\"><h6><a class=\"text-dark\" href=\"https:\/\/comunidad.comprasdominicana.gob.do\/\/Public\/Tendering\/OpportunityDetail\/Index?noticeUID=DO1.NTC.1233125\" title=\"Ver\" target=\"_blank\">INESPRE-DAF-CM-2023-0047<\/a><\/h6><p class=\"mb-0 bold\">Adquisici\u00f3n de Sal Molida (dirigido a Mipymes Industriales)<\/p><p class=\"mb-0\" style=\"font-size: .85rem\"><strong title=\"Estado del Proceso\"><i class=\"fas fa-spinner\"><\/i><\/strong> Proceso adjudicado y celebrado<\/p><p class=\"mb-0\" style=\"font-size: .85rem\"><strong title=\"Fecha de Publicaci\u00f3n\"><i class=\"fas fa-calendar-alt\"><\/i><\/strong> Publicado el jueves, 27 de abril de 2023<\/p><\/div><div class=\"col-auto mt-md-0 mt-2\"><a class=\"btn btn-primary btn-lg px-lg-4 d-none d-md-block\" href=\"https:\/\/comunidad.comprasdominicana.gob.do\/\/Public\/Tendering\/OpportunityDetail\/Index?noticeUID=DO1.NTC.1233125\" target=\"_blank\" title=\"Detalles\"><i class=\"fas fa-link\"><\/i> DETALLES<\/a><a class=\"btn btn-primary btn-lg px-lg-4 d-block d-md-none\" href=\"https:\/\/comunidad.comprasdominicana.gob.do\/\/Public\/Tendering\/OpportunityDetail\/Index?noticeUID=DO1.NTC.1233125\" target=\"_blank\" title=\"Detalles\"><i class=\"fas fa-2x fa-link\"><\/i><\/a><\/div><\/div><\/div><div class=\"jumbotron archivos\"><div class=\"row align-items-center\"><div class=\"col\"><h6><a class=\"text-dark\" href=\"https:\/\/comunidad.comprasdominicana.gob.do\/\/Public\/Tendering\/OpportunityDetail\/Index?noticeUID=DO1.NTC.1232925\" title=\"Ver\" target=\"_blank\">INESPRE-DAF-CM-2023-0046<\/a><\/h6><p class=\"mb-0 bold\">Adquisici\u00f3n de Chocolate en barra<\/p><p class=\"mb-0\" style=\"font-size: .85rem\"><strong title=\"Estado del Proceso\"><i class=\"fas fa-spinner\"><\/i><\/strong> Proceso adjudicado y celebrado<\/p><p class=\"mb-0\" style=\"font-size: .85rem\"><strong title=\"Fecha de Publicaci\u00f3n\"><i class=\"fas fa-calendar-alt\"><\/i><\/strong> Publicado el jueves, 27 de abril de 2023<\/p><\/div><div class=\"col-auto mt-md-0 mt-2\"><a class=\"btn btn-primary btn-lg px-lg-4 d-none d-md-block\" href=\"https:\/\/comunidad.comprasdominicana.gob.do\/\/Public\/Tendering\/OpportunityDetail\/Index?noticeUID=DO1.NTC.1232925\" target=\"_blank\" title=\"Detalles\"><i class=\"fas fa-link\"><\/i> DETALLES<\/a><a class=\"btn btn-primary btn-lg px-lg-4 d-block d-md-none\" href=\"https:\/\/comunidad.comprasdominicana.gob.do\/\/Public\/Tendering\/OpportunityDetail\/Index?noticeUID=DO1.NTC.1232925\" target=\"_blank\" title=\"Detalles\"><i class=\"fas fa-2x fa-link\"><\/i><\/a><\/div><\/div><\/div><div class=\"jumbotron archivos\"><div class=\"row align-items-center\"><div class=\"col\"><h6><a class=\"text-dark\" href=\"https:\/\/comunidad.comprasdominicana.gob.do\/\/Public\/Tendering\/OpportunityDetail\/Index?noticeUID=DO1.NTC.1232526\" title=\"Ver\" target=\"_blank\">INESPRE-DAF-CM-2023-0033<\/a><\/h6><p class=\"mb-0 bold\">Servicio de Renovaci\u00f3n de Oficinas <\/p><p class=\"mb-0\" style=\"font-size: .85rem\"><strong title=\"Estado del Proceso\"><i class=\"fas fa-spinner\"><\/i><\/strong> Proceso adjudicado y celebrado<\/p><p class=\"mb-0\" style=\"font-size: .85rem\"><strong title=\"Fecha de Publicaci\u00f3n\"><i class=\"fas fa-calendar-alt\"><\/i><\/strong> Publicado el mi\u00e9rcoles, 26 de abril de 2023<\/p><\/div><div class=\"col-auto mt-md-0 mt-2\"><a class=\"btn btn-primary btn-lg px-lg-4 d-none d-md-block\" href=\"https:\/\/comunidad.comprasdominicana.gob.do\/\/Public\/Tendering\/OpportunityDetail\/Index?noticeUID=DO1.NTC.1232526\" target=\"_blank\" title=\"Detalles\"><i class=\"fas fa-link\"><\/i> DETALLES<\/a><a class=\"btn btn-primary btn-lg px-lg-4 d-block d-md-none\" href=\"https:\/\/comunidad.comprasdominicana.gob.do\/\/Public\/Tendering\/OpportunityDetail\/Index?noticeUID=DO1.NTC.1232526\" target=\"_blank\" title=\"Detalles\"><i class=\"fas fa-2x fa-link\"><\/i><\/a><\/div><\/div><\/div><div class=\"jumbotron archivos\"><div class=\"row align-items-center\"><div class=\"col\"><h6><a class=\"text-dark\" href=\"https:\/\/comunidad.comprasdominicana.gob.do\/\/Public\/Tendering\/OpportunityDetail\/Index?noticeUID=DO1.NTC.1232630\" title=\"Ver\" target=\"_blank\">INESPRE-DAF-CM-2023-0044<\/a><\/h6><p class=\"mb-0 bold\">Adquisici\u00f3n de Alimentos y Bebidas para consumo Institucional, dirigido a Mipymes Mujeres<\/p><p class=\"mb-0\" style=\"font-size: .85rem\"><strong title=\"Estado del Proceso\"><i class=\"fas fa-spinner\"><\/i><\/strong> Proceso adjudicado y celebrado<\/p><p class=\"mb-0\" style=\"font-size: .85rem\"><strong title=\"Fecha de Publicaci\u00f3n\"><i class=\"fas fa-calendar-alt\"><\/i><\/strong> Publicado el mi\u00e9rcoles, 26 de abril de 2023<\/p><\/div><div class=\"col-auto mt-md-0 mt-2\"><a class=\"btn btn-primary btn-lg px-lg-4 d-none d-md-block\" href=\"https:\/\/comunidad.comprasdominicana.gob.do\/\/Public\/Tendering\/OpportunityDetail\/Index?noticeUID=DO1.NTC.1232630\" target=\"_blank\" title=\"Detalles\"><i class=\"fas fa-link\"><\/i> DETALLES<\/a><a class=\"btn btn-primary btn-lg px-lg-4 d-block d-md-none\" href=\"https:\/\/comunidad.comprasdominicana.gob.do\/\/Public\/Tendering\/OpportunityDetail\/Index?noticeUID=DO1.NTC.1232630\" target=\"_blank\" title=\"Detalles\"><i class=\"fas fa-2x fa-link\"><\/i><\/a><\/div><\/div><\/div><div class=\"jumbotron archivos\"><div class=\"row align-items-center\"><div class=\"col\"><h6><a class=\"text-dark\" href=\"https:\/\/comunidad.comprasdominicana.gob.do\/\/Public\/Tendering\/OpportunityDetail\/Index?noticeUID=DO1.NTC.1232623\" title=\"Ver\" target=\"_blank\">INESPRE-DAF-CM-2023-0041<\/a><\/h6><p class=\"mb-0 bold\">Servicio de Sistema de Luces Ambientales y Sistema de Sonidos para Ferias INESPRE ESTA DE MADRE 2023<\/p><p class=\"mb-0\" style=\"font-size: .85rem\"><strong title=\"Estado del Proceso\"><i class=\"fas fa-spinner\"><\/i><\/strong> Proceso adjudicado y celebrado<\/p><p class=\"mb-0\" style=\"font-size: .85rem\"><strong title=\"Fecha de Publicaci\u00f3n\"><i class=\"fas fa-calendar-alt\"><\/i><\/strong> Publicado el mi\u00e9rcoles, 26 de abril de 2023<\/p><\/div><div class=\"col-auto mt-md-0 mt-2\"><a class=\"btn btn-primary btn-lg px-lg-4 d-none d-md-block\" href=\"https:\/\/comunidad.comprasdominicana.gob.do\/\/Public\/Tendering\/OpportunityDetail\/Index?noticeUID=DO1.NTC.1232623\" target=\"_blank\" title=\"Detalles\"><i class=\"fas fa-link\"><\/i> DETALLES<\/a><a class=\"btn btn-primary btn-lg px-lg-4 d-block d-md-none\" href=\"https:\/\/comunidad.comprasdominicana.gob.do\/\/Public\/Tendering\/OpportunityDetail\/Index?noticeUID=DO1.NTC.1232623\" target=\"_blank\" title=\"Detalles\"><i class=\"fas fa-2x fa-link\"><\/i><\/a><\/div><\/div><\/div><div class=\"jumbotron archivos\"><div class=\"row align-items-center\"><div class=\"col\"><h6><a class=\"text-dark\" href=\"https:\/\/comunidad.comprasdominicana.gob.do\/\/Public\/Tendering\/OpportunityDetail\/Index?noticeUID=DO1.NTC.1232417\" title=\"Ver\" target=\"_blank\">INESPRE-DAF-CM-2023-0042<\/a><\/h6><p class=\"mb-0 bold\">Adquisici\u00f3n de Suministros de oficina dirigido a Mipymes<\/p><p class=\"mb-0\" style=\"font-size: .85rem\"><strong title=\"Estado del Proceso\"><i class=\"fas fa-spinner\"><\/i><\/strong> Proceso adjudicado y celebrado<\/p><p class=\"mb-0\" style=\"font-size: .85rem\"><strong title=\"Fecha de Publicaci\u00f3n\"><i class=\"fas fa-calendar-alt\"><\/i><\/strong> Publicado el mi\u00e9rcoles, 26 de abril de 2023<\/p><\/div><div class=\"col-auto mt-md-0 mt-2\"><a class=\"btn btn-primary btn-lg px-lg-4 d-none d-md-block\" href=\"https:\/\/comunidad.comprasdominicana.gob.do\/\/Public\/Tendering\/OpportunityDetail\/Index?noticeUID=DO1.NTC.1232417\" target=\"_blank\" title=\"Detalles\"><i class=\"fas fa-link\"><\/i> DETALLES<\/a><a class=\"btn btn-primary btn-lg px-lg-4 d-block d-md-none\" href=\"https:\/\/comunidad.comprasdominicana.gob.do\/\/Public\/Tendering\/OpportunityDetail\/Index?noticeUID=DO1.NTC.1232417\" target=\"_blank\" title=\"Detalles\"><i class=\"fas fa-2x fa-link\"><\/i><\/a><\/div><\/div><\/div><div class=\"jumbotron archivos\"><div class=\"row align-items-center\"><div class=\"col\"><h6><a class=\"text-dark\" href=\"https:\/\/comunidad.comprasdominicana.gob.do\/\/Public\/Tendering\/OpportunityDetail\/Index?noticeUID=DO1.NTC.1231936\" title=\"Ver\" target=\"_blank\">INESPRE-DAF-CM-2023-0040<\/a><\/h6><p class=\"mb-0 bold\">Servicio de Sistema de Distribuci\u00f3n El\u00e9ctrica y Planta El\u00e9ctrica para Ferias INESPRE ESTA DE MADRE 2023<\/p><p class=\"mb-0\" style=\"font-size: .85rem\"><strong title=\"Estado del Proceso\"><i class=\"fas fa-spinner\"><\/i><\/strong> Proceso adjudicado y celebrado<\/p><p class=\"mb-0\" style=\"font-size: .85rem\"><strong title=\"Fecha de Publicaci\u00f3n\"><i class=\"fas fa-calendar-alt\"><\/i><\/strong> Publicado el martes, 25 de abril de 2023<\/p><\/div><div class=\"col-auto mt-md-0 mt-2\"><a class=\"btn btn-primary btn-lg px-lg-4 d-none d-md-block\" href=\"https:\/\/comunidad.comprasdominicana.gob.do\/\/Public\/Tendering\/OpportunityDetail\/Index?noticeUID=DO1.NTC.1231936\" target=\"_blank\" title=\"Detalles\"><i class=\"fas fa-link\"><\/i> DETALLES<\/a><a class=\"btn btn-primary btn-lg px-lg-4 d-block d-md-none\" href=\"https:\/\/comunidad.comprasdominicana.gob.do\/\/Public\/Tendering\/OpportunityDetail\/Index?noticeUID=DO1.NTC.1231936\" target=\"_blank\" title=\"Detalles\"><i class=\"fas fa-2x fa-link\"><\/i><\/a><\/div><\/div><\/div><div class=\"jumbotron archivos\"><div class=\"row align-items-center\"><div class=\"col\"><h6><a class=\"text-dark\" href=\"https:\/\/comunidad.comprasdominicana.gob.do\/\/Public\/Tendering\/OpportunityDetail\/Index?noticeUID=DO1.NTC.1231839\" title=\"Ver\" target=\"_blank\">INESPRE-DAF-CM-2023-0038<\/a><\/h6><p class=\"mb-0 bold\">Servicio de Instalaci\u00f3n de Techos para Ferias INESPRE ESTA DE MADRE 2023<\/p><p class=\"mb-0\" style=\"font-size: .85rem\"><strong title=\"Estado del Proceso\"><i class=\"fas fa-spinner\"><\/i><\/strong> Proceso adjudicado y celebrado<\/p><p class=\"mb-0\" style=\"font-size: .85rem\"><strong title=\"Fecha de Publicaci\u00f3n\"><i class=\"fas fa-calendar-alt\"><\/i><\/strong> Publicado el martes, 25 de abril de 2023<\/p><\/div><div class=\"col-auto mt-md-0 mt-2\"><a class=\"btn btn-primary btn-lg px-lg-4 d-none d-md-block\" href=\"https:\/\/comunidad.comprasdominicana.gob.do\/\/Public\/Tendering\/OpportunityDetail\/Index?noticeUID=DO1.NTC.1231839\" target=\"_blank\" title=\"Detalles\"><i class=\"fas fa-link\"><\/i> DETALLES<\/a><a class=\"btn btn-primary btn-lg px-lg-4 d-block d-md-none\" href=\"https:\/\/comunidad.comprasdominicana.gob.do\/\/Public\/Tendering\/OpportunityDetail\/Index?noticeUID=DO1.NTC.1231839\" target=\"_blank\" title=\"Detalles\"><i class=\"fas fa-2x fa-link\"><\/i><\/a><\/div><\/div><\/div><div class=\"jumbotron archivos\"><div class=\"row align-items-center\"><div class=\"col\"><h6><a class=\"text-dark\" href=\"https:\/\/comunidad.comprasdominicana.gob.do\/\/Public\/Tendering\/OpportunityDetail\/Index?noticeUID=DO1.NTC.1231735\" title=\"Ver\" target=\"_blank\">INESPRE-DAF-CM-2023-0039<\/a><\/h6><p class=\"mb-0 bold\">Servicio de Instalaci\u00f3n de Estructuras para Ferias INESPRE ESTA DE MADRE 2023<\/p><p class=\"mb-0\" style=\"font-size: .85rem\"><strong title=\"Estado del Proceso\"><i class=\"fas fa-spinner\"><\/i><\/strong> Proceso adjudicado y celebrado<\/p><p class=\"mb-0\" style=\"font-size: .85rem\"><strong title=\"Fecha de Publicaci\u00f3n\"><i class=\"fas fa-calendar-alt\"><\/i><\/strong> Publicado el martes, 25 de abril de 2023<\/p><\/div><div class=\"col-auto mt-md-0 mt-2\"><a class=\"btn btn-primary btn-lg px-lg-4 d-none d-md-block\" href=\"https:\/\/comunidad.comprasdominicana.gob.do\/\/Public\/Tendering\/OpportunityDetail\/Index?noticeUID=DO1.NTC.1231735\" target=\"_blank\" title=\"Detalles\"><i class=\"fas fa-link\"><\/i> DETALLES<\/a><a class=\"btn btn-primary btn-lg px-lg-4 d-block d-md-none\" href=\"https:\/\/comunidad.comprasdominicana.gob.do\/\/Public\/Tendering\/OpportunityDetail\/Index?noticeUID=DO1.NTC.1231735\" target=\"_blank\" title=\"Detalles\"><i class=\"fas fa-2x fa-link\"><\/i><\/a><\/div><\/div><\/div><div class=\"jumbotron archivos\"><div class=\"row align-items-center\"><div class=\"col\"><h6><a class=\"text-dark\" href=\"https:\/\/comunidad.comprasdominicana.gob.do\/\/Public\/Tendering\/OpportunityDetail\/Index?noticeUID=DO1.NTC.1231535\" title=\"Ver\" target=\"_blank\">INESPRE-DAF-CM-2023-0037<\/a><\/h6><p class=\"mb-0 bold\">Servicio de Alquiler de Almacenes por un periodo de tres (3) meses dirigido a Mipymes Mujeres<\/p><p class=\"mb-0\" style=\"font-size: .85rem\"><strong title=\"Estado del Proceso\"><i class=\"fas fa-spinner\"><\/i><\/strong> Proceso adjudicado y celebrado<\/p><p class=\"mb-0\" style=\"font-size: .85rem\"><strong title=\"Fecha de Publicaci\u00f3n\"><i class=\"fas fa-calendar-alt\"><\/i><\/strong> Publicado el lunes, 24 de abril de 2023<\/p><\/div><div class=\"col-auto mt-md-0 mt-2\"><a class=\"btn btn-primary btn-lg px-lg-4 d-none d-md-block\" href=\"https:\/\/comunidad.comprasdominicana.gob.do\/\/Public\/Tendering\/OpportunityDetail\/Index?noticeUID=DO1.NTC.1231535\" target=\"_blank\" title=\"Detalles\"><i class=\"fas fa-link\"><\/i> DETALLES<\/a><a class=\"btn btn-primary btn-lg px-lg-4 d-block d-md-none\" href=\"https:\/\/comunidad.comprasdominicana.gob.do\/\/Public\/Tendering\/OpportunityDetail\/Index?noticeUID=DO1.NTC.1231535\" target=\"_blank\" title=\"Detalles\"><i class=\"fas fa-2x fa-link\"><\/i><\/a><\/div><\/div><\/div><div class=\"jumbotron archivos\"><div class=\"row align-items-center\"><div class=\"col\"><h6><a class=\"text-dark\" href=\"https:\/\/comunidad.comprasdominicana.gob.do\/\/Public\/Tendering\/OpportunityDetail\/Index?noticeUID=DO1.NTC.1231511\" title=\"Ver\" target=\"_blank\">INESPRE-DAF-CM-2023-0036<\/a><\/h6><p class=\"mb-0 bold\">Adquisici\u00f3n de Pinturas y Accesorios <\/p><p class=\"mb-0\" style=\"font-size: .85rem\"><strong title=\"Estado del Proceso\"><i class=\"fas fa-spinner\"><\/i><\/strong> Proceso adjudicado y celebrado<\/p><p class=\"mb-0\" style=\"font-size: .85rem\"><strong title=\"Fecha de Publicaci\u00f3n\"><i class=\"fas fa-calendar-alt\"><\/i><\/strong> Publicado el lunes, 24 de abril de 2023<\/p><\/div><div class=\"col-auto mt-md-0 mt-2\"><a class=\"btn btn-primary btn-lg px-lg-4 d-none d-md-block\" href=\"https:\/\/comunidad.comprasdominicana.gob.do\/\/Public\/Tendering\/OpportunityDetail\/Index?noticeUID=DO1.NTC.1231511\" target=\"_blank\" title=\"Detalles\"><i class=\"fas fa-link\"><\/i> DETALLES<\/a><a class=\"btn btn-primary btn-lg px-lg-4 d-block d-md-none\" href=\"https:\/\/comunidad.comprasdominicana.gob.do\/\/Public\/Tendering\/OpportunityDetail\/Index?noticeUID=DO1.NTC.1231511\" target=\"_blank\" title=\"Detalles\"><i class=\"fas fa-2x fa-link\"><\/i><\/a><\/div><\/div><\/div><div class=\"jumbotron archivos\"><div class=\"row align-items-center\"><div class=\"col\"><h6><a class=\"text-dark\" href=\"https:\/\/comunidad.comprasdominicana.gob.do\/\/Public\/Tendering\/OpportunityDetail\/Index?noticeUID=DO1.NTC.1230931\" title=\"Ver\" target=\"_blank\">INESPRE-DAF-CM-2023-0035<\/a><\/h6><p class=\"mb-0 bold\">Adquisici\u00f3n de Equipos y Suministros M\u00e9dicos y de Laboratorio <\/p><p class=\"mb-0\" style=\"font-size: .85rem\"><strong title=\"Estado del Proceso\"><i class=\"fas fa-spinner\"><\/i><\/strong> Proceso adjudicado y celebrado<\/p><p class=\"mb-0\" style=\"font-size: .85rem\"><strong title=\"Fecha de Publicaci\u00f3n\"><i class=\"fas fa-calendar-alt\"><\/i><\/strong> Publicado el viernes, 21 de abril de 2023<\/p><\/div><div class=\"col-auto mt-md-0 mt-2\"><a class=\"btn btn-primary btn-lg px-lg-4 d-none d-md-block\" href=\"https:\/\/comunidad.comprasdominicana.gob.do\/\/Public\/Tendering\/OpportunityDetail\/Index?noticeUID=DO1.NTC.1230931\" target=\"_blank\" title=\"Detalles\"><i class=\"fas fa-link\"><\/i> DETALLES<\/a><a class=\"btn btn-primary btn-lg px-lg-4 d-block d-md-none\" href=\"https:\/\/comunidad.comprasdominicana.gob.do\/\/Public\/Tendering\/OpportunityDetail\/Index?noticeUID=DO1.NTC.1230931\" target=\"_blank\" title=\"Detalles\"><i class=\"fas fa-2x fa-link\"><\/i><\/a><\/div><\/div><\/div><div class=\"jumbotron archivos\"><div class=\"row align-items-center\"><div class=\"col\"><h6><a class=\"text-dark\" href=\"https:\/\/comunidad.comprasdominicana.gob.do\/\/Public\/Tendering\/OpportunityDetail\/Index?noticeUID=DO1.NTC.1230816\" title=\"Ver\" target=\"_blank\">INESPRE-DAF-CM-2023-0034<\/a><\/h6><p class=\"mb-0 bold\">Adquisici\u00f3n de Medicamentos<\/p><p class=\"mb-0\" style=\"font-size: .85rem\"><strong title=\"Estado del Proceso\"><i class=\"fas fa-spinner\"><\/i><\/strong> Proceso adjudicado y celebrado<\/p><p class=\"mb-0\" style=\"font-size: .85rem\"><strong title=\"Fecha de Publicaci\u00f3n\"><i class=\"fas fa-calendar-alt\"><\/i><\/strong> Publicado el viernes, 21 de abril de 2023<\/p><\/div><div class=\"col-auto mt-md-0 mt-2\"><a class=\"btn btn-primary btn-lg px-lg-4 d-none d-md-block\" href=\"https:\/\/comunidad.comprasdominicana.gob.do\/\/Public\/Tendering\/OpportunityDetail\/Index?noticeUID=DO1.NTC.1230816\" target=\"_blank\" title=\"Detalles\"><i class=\"fas fa-link\"><\/i> DETALLES<\/a><a class=\"btn btn-primary btn-lg px-lg-4 d-block d-md-none\" href=\"https:\/\/comunidad.comprasdominicana.gob.do\/\/Public\/Tendering\/OpportunityDetail\/Index?noticeUID=DO1.NTC.1230816\" target=\"_blank\" title=\"Detalles\"><i class=\"fas fa-2x fa-link\"><\/i><\/a><\/div><\/div><\/div><div class=\"jumbotron archivos\"><div class=\"row align-items-center\"><div class=\"col\"><h6><a class=\"text-dark\" href=\"https:\/\/comunidad.comprasdominicana.gob.do\/\/Public\/Tendering\/OpportunityDetail\/Index?noticeUID=DO1.NTC.1228109\" title=\"Ver\" target=\"_blank\">INESPRE-DAF-CM-2023-0032<\/a><\/h6><p class=\"mb-0 bold\">Servicio de Alquiler de Dos (02) Contenedores Refrigerados por un periodo de tres (03) meses<\/p><p class=\"mb-0\" style=\"font-size: .85rem\"><strong title=\"Estado del Proceso\"><i class=\"fas fa-spinner\"><\/i><\/strong> Proceso adjudicado y celebrado<\/p><p class=\"mb-0\" style=\"font-size: .85rem\"><strong title=\"Fecha de Publicaci\u00f3n\"><i class=\"fas fa-calendar-alt\"><\/i><\/strong> Publicado el lunes, 17 de abril de 2023<\/p><\/div><div class=\"col-auto mt-md-0 mt-2\"><a class=\"btn btn-primary btn-lg px-lg-4 d-none d-md-block\" href=\"https:\/\/comunidad.comprasdominicana.gob.do\/\/Public\/Tendering\/OpportunityDetail\/Index?noticeUID=DO1.NTC.1228109\" target=\"_blank\" title=\"Detalles\"><i class=\"fas fa-link\"><\/i> DETALLES<\/a><a class=\"btn btn-primary btn-lg px-lg-4 d-block d-md-none\" href=\"https:\/\/comunidad.comprasdominicana.gob.do\/\/Public\/Tendering\/OpportunityDetail\/Index?noticeUID=DO1.NTC.1228109\" target=\"_blank\" title=\"Detalles\"><i class=\"fas fa-2x fa-link\"><\/i><\/a><\/div><\/div><\/div><\/div><\/div><\/div>\n        <div class=\"card\">\n            <div class=\"card-header parents\" id=\"heading_compras-menores-69f73f7454400-2023-69f73f7454400-marzo-69f73f7454400\">\n                <p class=\"title text-blue mb-0\">\n                    <a class=\"btn-block hover text-left collapsed\" data-toggle=\"collapse\" data-target=\"#collap_compras-menores-69f73f7454400-2023-69f73f7454400-marzo-69f73f7454400\" aria-expanded=\"false\" aria-controls=\"collap_compras-menores-69f73f7454400-2023-69f73f7454400-marzo-69f73f7454400\">Marzo<\/a>\n                <\/p>\n            <\/div>\n            <div id=\"collap_compras-menores-69f73f7454400-2023-69f73f7454400-marzo-69f73f7454400\" class=\"collapse\" aria-labelledby=\"heading_compras-menores-69f73f7454400-2023-69f73f7454400-marzo-69f73f7454400\" data-parent=\"#collap_compras-menores-69f73f7454400-2023-69f73f7454400\">\n                <div class=\"card-body\"><div class=\"jumbotron archivos\"><div class=\"row align-items-center\"><div class=\"col\"><h6><a class=\"text-dark\" href=\"https:\/\/comunidad.comprasdominicana.gob.do\/\/Public\/Tendering\/OpportunityDetail\/Index?noticeUID=DO1.NTC.1215517\" title=\"Ver\" target=\"_blank\">INESPRE-DAF-CM-2023-0031<\/a><\/h6><p class=\"mb-0 bold\">Adquisici\u00f3n de Camisas con logos bordados dirigido a Mipymes<\/p><p class=\"mb-0\" style=\"font-size: .85rem\"><strong title=\"Estado del Proceso\"><i class=\"fas fa-spinner\"><\/i><\/strong> Proceso adjudicado y celebrado<\/p><p class=\"mb-0\" style=\"font-size: .85rem\"><strong title=\"Fecha de Publicaci\u00f3n\"><i class=\"fas fa-calendar-alt\"><\/i><\/strong> Publicado el mi\u00e9rcoles, 22 de marzo de 2023<\/p><\/div><div class=\"col-auto mt-md-0 mt-2\"><a class=\"btn btn-primary btn-lg px-lg-4 d-none d-md-block\" href=\"https:\/\/comunidad.comprasdominicana.gob.do\/\/Public\/Tendering\/OpportunityDetail\/Index?noticeUID=DO1.NTC.1215517\" target=\"_blank\" title=\"Detalles\"><i class=\"fas fa-link\"><\/i> DETALLES<\/a><a class=\"btn btn-primary btn-lg px-lg-4 d-block d-md-none\" href=\"https:\/\/comunidad.comprasdominicana.gob.do\/\/Public\/Tendering\/OpportunityDetail\/Index?noticeUID=DO1.NTC.1215517\" target=\"_blank\" title=\"Detalles\"><i class=\"fas fa-2x fa-link\"><\/i><\/a><\/div><\/div><\/div><div class=\"jumbotron archivos\"><div class=\"row align-items-center\"><div class=\"col\"><h6><a class=\"text-dark\" href=\"https:\/\/comunidad.comprasdominicana.gob.do\/\/Public\/Tendering\/OpportunityDetail\/Index?noticeUID=DO1.NTC.1210142\" title=\"Ver\" target=\"_blank\">INESPRE-DAF-CM-2023-0030<\/a><\/h6><p class=\"mb-0 bold\">Adquisici\u00f3n de Productos de Papel dirigido a Mipymes<\/p><p class=\"mb-0\" style=\"font-size: .85rem\"><strong title=\"Estado del Proceso\"><i class=\"fas fa-spinner\"><\/i><\/strong> Proceso adjudicado y celebrado<\/p><p class=\"mb-0\" style=\"font-size: .85rem\"><strong title=\"Fecha de Publicaci\u00f3n\"><i class=\"fas fa-calendar-alt\"><\/i><\/strong> Publicado el jueves, 9 de marzo de 2023<\/p><\/div><div class=\"col-auto mt-md-0 mt-2\"><a class=\"btn btn-primary btn-lg px-lg-4 d-none d-md-block\" href=\"https:\/\/comunidad.comprasdominicana.gob.do\/\/Public\/Tendering\/OpportunityDetail\/Index?noticeUID=DO1.NTC.1210142\" target=\"_blank\" title=\"Detalles\"><i class=\"fas fa-link\"><\/i> DETALLES<\/a><a class=\"btn btn-primary btn-lg px-lg-4 d-block d-md-none\" href=\"https:\/\/comunidad.comprasdominicana.gob.do\/\/Public\/Tendering\/OpportunityDetail\/Index?noticeUID=DO1.NTC.1210142\" target=\"_blank\" title=\"Detalles\"><i class=\"fas fa-2x fa-link\"><\/i><\/a><\/div><\/div><\/div><div class=\"jumbotron archivos\"><div class=\"row align-items-center\"><div class=\"col\"><h6><a class=\"text-dark\" href=\"https:\/\/comunidad.comprasdominicana.gob.do\/\/Public\/Tendering\/OpportunityDetail\/Index?noticeUID=DO1.NTC.1210214\" title=\"Ver\" target=\"_blank\">INESPRE-DAF-CM-2023-0029<\/a><\/h6><p class=\"mb-0 bold\">Servicio de Empaque de Az\u00facar Crema dirigido a Mipymes<\/p><p class=\"mb-0\" style=\"font-size: .85rem\"><strong title=\"Estado del Proceso\"><i class=\"fas fa-spinner\"><\/i><\/strong> Proceso adjudicado y celebrado<\/p><p class=\"mb-0\" style=\"font-size: .85rem\"><strong title=\"Fecha de Publicaci\u00f3n\"><i class=\"fas fa-calendar-alt\"><\/i><\/strong> Publicado el jueves, 9 de marzo de 2023<\/p><\/div><div class=\"col-auto mt-md-0 mt-2\"><a class=\"btn btn-primary btn-lg px-lg-4 d-none d-md-block\" href=\"https:\/\/comunidad.comprasdominicana.gob.do\/\/Public\/Tendering\/OpportunityDetail\/Index?noticeUID=DO1.NTC.1210214\" target=\"_blank\" title=\"Detalles\"><i class=\"fas fa-link\"><\/i> DETALLES<\/a><a class=\"btn btn-primary btn-lg px-lg-4 d-block d-md-none\" href=\"https:\/\/comunidad.comprasdominicana.gob.do\/\/Public\/Tendering\/OpportunityDetail\/Index?noticeUID=DO1.NTC.1210214\" target=\"_blank\" title=\"Detalles\"><i class=\"fas fa-2x fa-link\"><\/i><\/a><\/div><\/div><\/div><div class=\"jumbotron archivos\"><div class=\"row align-items-center\"><div class=\"col\"><h6><a class=\"text-dark\" href=\"https:\/\/comunidad.comprasdominicana.gob.do\/\/Public\/Tendering\/OpportunityDetail\/Index?noticeUID=DO1.NTC.1209717\" title=\"Ver\" target=\"_blank\">INESPRE-DAF-CM-2023-0027<\/a><\/h6><p class=\"mb-0 bold\">Adquisici\u00f3n de Camisas con logos bordados dirigido a Mipymes Industriales<\/p><p class=\"mb-0\" style=\"font-size: .85rem\"><strong title=\"Estado del Proceso\"><i class=\"fas fa-spinner\"><\/i><\/strong> Proceso desierto<\/p><p class=\"mb-0\" style=\"font-size: .85rem\"><strong title=\"Fecha de Publicaci\u00f3n\"><i class=\"fas fa-calendar-alt\"><\/i><\/strong> Publicado el mi\u00e9rcoles, 8 de marzo de 2023<\/p><\/div><div class=\"col-auto mt-md-0 mt-2\"><a class=\"btn btn-primary btn-lg px-lg-4 d-none d-md-block\" href=\"https:\/\/comunidad.comprasdominicana.gob.do\/\/Public\/Tendering\/OpportunityDetail\/Index?noticeUID=DO1.NTC.1209717\" target=\"_blank\" title=\"Detalles\"><i class=\"fas fa-link\"><\/i> DETALLES<\/a><a class=\"btn btn-primary btn-lg px-lg-4 d-block d-md-none\" href=\"https:\/\/comunidad.comprasdominicana.gob.do\/\/Public\/Tendering\/OpportunityDetail\/Index?noticeUID=DO1.NTC.1209717\" target=\"_blank\" title=\"Detalles\"><i class=\"fas fa-2x fa-link\"><\/i><\/a><\/div><\/div><\/div><div class=\"jumbotron archivos\"><div class=\"row align-items-center\"><div class=\"col\"><h6><a class=\"text-dark\" href=\"https:\/\/comunidad.comprasdominicana.gob.do\/\/Public\/Tendering\/OpportunityDetail\/Index?noticeUID=DO1.NTC.1209518\" title=\"Ver\" target=\"_blank\">INESPRE-DAF-CM-2023-0028<\/a><\/h6><p class=\"mb-0 bold\">Servicio de Montaje y Desmontaje de Estructuras, Luces, Sonidos, Distribuci\u00f3n el\u00e9ctrica, separadores de filas y Abanicos para la Feria Agropecuaria Nacional 2023<\/p><p class=\"mb-0\" style=\"font-size: .85rem\"><strong title=\"Estado del Proceso\"><i class=\"fas fa-spinner\"><\/i><\/strong> Proceso adjudicado y celebrado<\/p><p class=\"mb-0\" style=\"font-size: .85rem\"><strong title=\"Fecha de Publicaci\u00f3n\"><i class=\"fas fa-calendar-alt\"><\/i><\/strong> Publicado el mi\u00e9rcoles, 8 de marzo de 2023<\/p><\/div><div class=\"col-auto mt-md-0 mt-2\"><a class=\"btn btn-primary btn-lg px-lg-4 d-none d-md-block\" href=\"https:\/\/comunidad.comprasdominicana.gob.do\/\/Public\/Tendering\/OpportunityDetail\/Index?noticeUID=DO1.NTC.1209518\" target=\"_blank\" title=\"Detalles\"><i class=\"fas fa-link\"><\/i> DETALLES<\/a><a class=\"btn btn-primary btn-lg px-lg-4 d-block d-md-none\" href=\"https:\/\/comunidad.comprasdominicana.gob.do\/\/Public\/Tendering\/OpportunityDetail\/Index?noticeUID=DO1.NTC.1209518\" target=\"_blank\" title=\"Detalles\"><i class=\"fas fa-2x fa-link\"><\/i><\/a><\/div><\/div><\/div><div class=\"jumbotron archivos\"><div class=\"row align-items-center\"><div class=\"col\"><h6><a class=\"text-dark\" href=\"https:\/\/comunidad.comprasdominicana.gob.do\/\/Public\/Tendering\/OpportunityDetail\/Index?noticeUID=DO1.NTC.1206542\" title=\"Ver\" target=\"_blank\">INESPRE-DAF-CM-2023-0026<\/a><\/h6><p class=\"mb-0 bold\">Adquisici\u00f3n de Poloshirts con logos bordados<\/p><p class=\"mb-0\" style=\"font-size: .85rem\"><strong title=\"Estado del Proceso\"><i class=\"fas fa-spinner\"><\/i><\/strong> Proceso adjudicado y celebrado<\/p><p class=\"mb-0\" style=\"font-size: .85rem\"><strong title=\"Fecha de Publicaci\u00f3n\"><i class=\"fas fa-calendar-alt\"><\/i><\/strong> Publicado el mi\u00e9rcoles, 1 de marzo de 2023<\/p><\/div><div class=\"col-auto mt-md-0 mt-2\"><a class=\"btn btn-primary btn-lg px-lg-4 d-none d-md-block\" href=\"https:\/\/comunidad.comprasdominicana.gob.do\/\/Public\/Tendering\/OpportunityDetail\/Index?noticeUID=DO1.NTC.1206542\" target=\"_blank\" title=\"Detalles\"><i class=\"fas fa-link\"><\/i> DETALLES<\/a><a class=\"btn btn-primary btn-lg px-lg-4 d-block d-md-none\" href=\"https:\/\/comunidad.comprasdominicana.gob.do\/\/Public\/Tendering\/OpportunityDetail\/Index?noticeUID=DO1.NTC.1206542\" target=\"_blank\" title=\"Detalles\"><i class=\"fas fa-2x fa-link\"><\/i><\/a><\/div><\/div><\/div><\/div><\/div><\/div>\n        <div class=\"card\">\n            <div class=\"card-header parents\" id=\"heading_compras-menores-69f73f7454400-2023-69f73f7454400-febrero-69f73f7454400\">\n                <p class=\"title text-blue mb-0\">\n                    <a class=\"btn-block hover text-left collapsed\" data-toggle=\"collapse\" data-target=\"#collap_compras-menores-69f73f7454400-2023-69f73f7454400-febrero-69f73f7454400\" aria-expanded=\"false\" aria-controls=\"collap_compras-menores-69f73f7454400-2023-69f73f7454400-febrero-69f73f7454400\">Febrero<\/a>\n                <\/p>\n            <\/div>\n            <div id=\"collap_compras-menores-69f73f7454400-2023-69f73f7454400-febrero-69f73f7454400\" class=\"collapse\" aria-labelledby=\"heading_compras-menores-69f73f7454400-2023-69f73f7454400-febrero-69f73f7454400\" data-parent=\"#collap_compras-menores-69f73f7454400-2023-69f73f7454400\">\n                <div class=\"card-body\"><div class=\"jumbotron archivos\"><div class=\"row align-items-center\"><div class=\"col\"><h6><a class=\"text-dark\" href=\"https:\/\/comunidad.comprasdominicana.gob.do\/\/Public\/Tendering\/OpportunityDetail\/Index?noticeUID=DO1.NTC.1205137\" title=\"Ver\" target=\"_blank\">INESPRE-DAF-CM-2023-0025<\/a><\/h6><p class=\"mb-0 bold\">Adquisici\u00f3n de Sacos para empacar<\/p><p class=\"mb-0\" style=\"font-size: .85rem\"><strong title=\"Estado del Proceso\"><i class=\"fas fa-spinner\"><\/i><\/strong> Proceso adjudicado y celebrado<\/p><p class=\"mb-0\" style=\"font-size: .85rem\"><strong title=\"Fecha de Publicaci\u00f3n\"><i class=\"fas fa-calendar-alt\"><\/i><\/strong> Publicado el jueves, 23 de febrero de 2023<\/p><\/div><div class=\"col-auto mt-md-0 mt-2\"><a class=\"btn btn-primary btn-lg px-lg-4 d-none d-md-block\" href=\"https:\/\/comunidad.comprasdominicana.gob.do\/\/Public\/Tendering\/OpportunityDetail\/Index?noticeUID=DO1.NTC.1205137\" target=\"_blank\" title=\"Detalles\"><i class=\"fas fa-link\"><\/i> DETALLES<\/a><a class=\"btn btn-primary btn-lg px-lg-4 d-block d-md-none\" href=\"https:\/\/comunidad.comprasdominicana.gob.do\/\/Public\/Tendering\/OpportunityDetail\/Index?noticeUID=DO1.NTC.1205137\" target=\"_blank\" title=\"Detalles\"><i class=\"fas fa-2x fa-link\"><\/i><\/a><\/div><\/div><\/div><div class=\"jumbotron archivos\"><div class=\"row align-items-center\"><div class=\"col\"><h6><a class=\"text-dark\" href=\"https:\/\/comunidad.comprasdominicana.gob.do\/\/Public\/Tendering\/OpportunityDetail\/Index?noticeUID=DO1.NTC.1204442\" title=\"Ver\" target=\"_blank\">INESPRE-DAF-CM-2023-0024<\/a><\/h6><p class=\"mb-0 bold\">Servicio de Almuerzo a domicilios<\/p><p class=\"mb-0\" style=\"font-size: .85rem\"><strong title=\"Estado del Proceso\"><i class=\"fas fa-spinner\"><\/i><\/strong> Proceso adjudicado y celebrado<\/p><p class=\"mb-0\" style=\"font-size: .85rem\"><strong title=\"Fecha de Publicaci\u00f3n\"><i class=\"fas fa-calendar-alt\"><\/i><\/strong> Publicado el mi\u00e9rcoles, 22 de febrero de 2023<\/p><\/div><div class=\"col-auto mt-md-0 mt-2\"><a class=\"btn btn-primary btn-lg px-lg-4 d-none d-md-block\" href=\"https:\/\/comunidad.comprasdominicana.gob.do\/\/Public\/Tendering\/OpportunityDetail\/Index?noticeUID=DO1.NTC.1204442\" target=\"_blank\" title=\"Detalles\"><i class=\"fas fa-link\"><\/i> DETALLES<\/a><a class=\"btn btn-primary btn-lg px-lg-4 d-block d-md-none\" href=\"https:\/\/comunidad.comprasdominicana.gob.do\/\/Public\/Tendering\/OpportunityDetail\/Index?noticeUID=DO1.NTC.1204442\" target=\"_blank\" title=\"Detalles\"><i class=\"fas fa-2x fa-link\"><\/i><\/a><\/div><\/div><\/div><div class=\"jumbotron archivos\"><div class=\"row align-items-center\"><div class=\"col\"><h6><a class=\"text-dark\" href=\"https:\/\/comunidad.comprasdominicana.gob.do\/\/Public\/Tendering\/OpportunityDetail\/Index?noticeUID=DO1.NTC.1201923\" title=\"Ver\" target=\"_blank\">INESPRE-DAF-CM-2023-0023<\/a><\/h6><p class=\"mb-0 bold\">Servicio de Alquiler Planta El\u00e9ctrica  dirigido a Mipymes Mujer<\/p><p class=\"mb-0\" style=\"font-size: .85rem\"><strong title=\"Estado del Proceso\"><i class=\"fas fa-spinner\"><\/i><\/strong> Proceso adjudicado y celebrado<\/p><p class=\"mb-0\" style=\"font-size: .85rem\"><strong title=\"Fecha de Publicaci\u00f3n\"><i class=\"fas fa-calendar-alt\"><\/i><\/strong> Publicado el jueves, 16 de febrero de 2023<\/p><\/div><div class=\"col-auto mt-md-0 mt-2\"><a class=\"btn btn-primary btn-lg px-lg-4 d-none d-md-block\" href=\"https:\/\/comunidad.comprasdominicana.gob.do\/\/Public\/Tendering\/OpportunityDetail\/Index?noticeUID=DO1.NTC.1201923\" target=\"_blank\" title=\"Detalles\"><i class=\"fas fa-link\"><\/i> DETALLES<\/a><a class=\"btn btn-primary btn-lg px-lg-4 d-block d-md-none\" href=\"https:\/\/comunidad.comprasdominicana.gob.do\/\/Public\/Tendering\/OpportunityDetail\/Index?noticeUID=DO1.NTC.1201923\" target=\"_blank\" title=\"Detalles\"><i class=\"fas fa-2x fa-link\"><\/i><\/a><\/div><\/div><\/div><div class=\"jumbotron archivos\"><div class=\"row align-items-center\"><div class=\"col\"><h6><a class=\"text-dark\" href=\"https:\/\/comunidad.comprasdominicana.gob.do\/\/Public\/Tendering\/OpportunityDetail\/Index?noticeUID=DO1.NTC.1200641\" title=\"Ver\" target=\"_blank\">INESPRE-DAF-CM-2023-0022<\/a><\/h6><p class=\"mb-0 bold\">Adquisici\u00f3n de Productos de Papel dirigido a Mipymes<\/p><p class=\"mb-0\" style=\"font-size: .85rem\"><strong title=\"Estado del Proceso\"><i class=\"fas fa-spinner\"><\/i><\/strong> Cancelado<\/p><p class=\"mb-0\" style=\"font-size: .85rem\"><strong title=\"Fecha de Publicaci\u00f3n\"><i class=\"fas fa-calendar-alt\"><\/i><\/strong> Publicado el martes, 14 de febrero de 2023<\/p><\/div><div class=\"col-auto mt-md-0 mt-2\"><a class=\"btn btn-primary btn-lg px-lg-4 d-none d-md-block\" href=\"https:\/\/comunidad.comprasdominicana.gob.do\/\/Public\/Tendering\/OpportunityDetail\/Index?noticeUID=DO1.NTC.1200641\" target=\"_blank\" title=\"Detalles\"><i class=\"fas fa-link\"><\/i> DETALLES<\/a><a class=\"btn btn-primary btn-lg px-lg-4 d-block d-md-none\" href=\"https:\/\/comunidad.comprasdominicana.gob.do\/\/Public\/Tendering\/OpportunityDetail\/Index?noticeUID=DO1.NTC.1200641\" target=\"_blank\" title=\"Detalles\"><i class=\"fas fa-2x fa-link\"><\/i><\/a><\/div><\/div><\/div><div class=\"jumbotron archivos\"><div class=\"row align-items-center\"><div class=\"col\"><h6><a class=\"text-dark\" href=\"https:\/\/comunidad.comprasdominicana.gob.do\/\/Public\/Tendering\/OpportunityDetail\/Index?noticeUID=DO1.NTC.1197421\" title=\"Ver\" target=\"_blank\">INESPRE-DAF-CM-2023-0021<\/a><\/h6><p class=\"mb-0 bold\">Adquisici\u00f3n de Electrodom\u00e9sticos y Utensilios de Cocina<\/p><p class=\"mb-0\" style=\"font-size: .85rem\"><strong title=\"Estado del Proceso\"><i class=\"fas fa-spinner\"><\/i><\/strong> Proceso adjudicado y celebrado<\/p><p class=\"mb-0\" style=\"font-size: .85rem\"><strong title=\"Fecha de Publicaci\u00f3n\"><i class=\"fas fa-calendar-alt\"><\/i><\/strong> Publicado el viernes, 10 de febrero de 2023<\/p><\/div><div class=\"col-auto mt-md-0 mt-2\"><a class=\"btn btn-primary btn-lg px-lg-4 d-none d-md-block\" href=\"https:\/\/comunidad.comprasdominicana.gob.do\/\/Public\/Tendering\/OpportunityDetail\/Index?noticeUID=DO1.NTC.1197421\" target=\"_blank\" title=\"Detalles\"><i class=\"fas fa-link\"><\/i> DETALLES<\/a><a class=\"btn btn-primary btn-lg px-lg-4 d-block d-md-none\" href=\"https:\/\/comunidad.comprasdominicana.gob.do\/\/Public\/Tendering\/OpportunityDetail\/Index?noticeUID=DO1.NTC.1197421\" target=\"_blank\" title=\"Detalles\"><i class=\"fas fa-2x fa-link\"><\/i><\/a><\/div><\/div><\/div><div class=\"jumbotron archivos\"><div class=\"row align-items-center\"><div class=\"col\"><h6><a class=\"text-dark\" href=\"https:\/\/comunidad.comprasdominicana.gob.do\/\/Public\/Tendering\/OpportunityDetail\/Index?noticeUID=DO1.NTC.1197518\" title=\"Ver\" target=\"_blank\">INESPRE-DAF-CM-2023-0020<\/a><\/h6><p class=\"mb-0 bold\">Servicio de Alquiler de Bodegas por un periodo de tres (03 meses dirigido a Mipyme Mujer<\/p><p class=\"mb-0\" style=\"font-size: .85rem\"><strong title=\"Estado del Proceso\"><i class=\"fas fa-spinner\"><\/i><\/strong> Proceso adjudicado y celebrado<\/p><p class=\"mb-0\" style=\"font-size: .85rem\"><strong title=\"Fecha de Publicaci\u00f3n\"><i class=\"fas fa-calendar-alt\"><\/i><\/strong> Publicado el viernes, 10 de febrero de 2023<\/p><\/div><div class=\"col-auto mt-md-0 mt-2\"><a class=\"btn btn-primary btn-lg px-lg-4 d-none d-md-block\" href=\"https:\/\/comunidad.comprasdominicana.gob.do\/\/Public\/Tendering\/OpportunityDetail\/Index?noticeUID=DO1.NTC.1197518\" target=\"_blank\" title=\"Detalles\"><i class=\"fas fa-link\"><\/i> DETALLES<\/a><a class=\"btn btn-primary btn-lg px-lg-4 d-block d-md-none\" href=\"https:\/\/comunidad.comprasdominicana.gob.do\/\/Public\/Tendering\/OpportunityDetail\/Index?noticeUID=DO1.NTC.1197518\" target=\"_blank\" title=\"Detalles\"><i class=\"fas fa-2x fa-link\"><\/i><\/a><\/div><\/div><\/div><div class=\"jumbotron archivos\"><div class=\"row align-items-center\"><div class=\"col\"><h6><a class=\"text-dark\" href=\"https:\/\/comunidad.comprasdominicana.gob.do\/\/Public\/Tendering\/OpportunityDetail\/Index?noticeUID=DO1.NTC.1197010\" title=\"Ver\" target=\"_blank\">INESPRE-DAF-CM-2023-0018<\/a><\/h6><p class=\"mb-0 bold\">Servicio de Alquiler de Almacenes por un periodo de tres (03 meses, dirigido a Mipyme Mujeres<\/p><p class=\"mb-0\" style=\"font-size: .85rem\"><strong title=\"Estado del Proceso\"><i class=\"fas fa-spinner\"><\/i><\/strong> Proceso adjudicado y celebrado<\/p><p class=\"mb-0\" style=\"font-size: .85rem\"><strong title=\"Fecha de Publicaci\u00f3n\"><i class=\"fas fa-calendar-alt\"><\/i><\/strong> Publicado el viernes, 10 de febrero de 2023<\/p><\/div><div class=\"col-auto mt-md-0 mt-2\"><a class=\"btn btn-primary btn-lg px-lg-4 d-none d-md-block\" href=\"https:\/\/comunidad.comprasdominicana.gob.do\/\/Public\/Tendering\/OpportunityDetail\/Index?noticeUID=DO1.NTC.1197010\" target=\"_blank\" title=\"Detalles\"><i class=\"fas fa-link\"><\/i> DETALLES<\/a><a class=\"btn btn-primary btn-lg px-lg-4 d-block d-md-none\" href=\"https:\/\/comunidad.comprasdominicana.gob.do\/\/Public\/Tendering\/OpportunityDetail\/Index?noticeUID=DO1.NTC.1197010\" target=\"_blank\" title=\"Detalles\"><i class=\"fas fa-2x fa-link\"><\/i><\/a><\/div><\/div><\/div><div class=\"jumbotron archivos\"><div class=\"row align-items-center\"><div class=\"col\"><h6><a class=\"text-dark\" href=\"https:\/\/comunidad.comprasdominicana.gob.do\/\/Public\/Tendering\/OpportunityDetail\/Index?noticeUID=DO1.NTC.1196032\" title=\"Ver\" target=\"_blank\">INESPRE-DAF-CM-2023-0019<\/a><\/h6><p class=\"mb-0 bold\">Adquisici\u00f3n de Maquinas Grapadoras para cierre de Malla dirigido a Mipymes<\/p><p class=\"mb-0\" style=\"font-size: .85rem\"><strong title=\"Estado del Proceso\"><i class=\"fas fa-spinner\"><\/i><\/strong> Proceso adjudicado y celebrado<\/p><p class=\"mb-0\" style=\"font-size: .85rem\"><strong title=\"Fecha de Publicaci\u00f3n\"><i class=\"fas fa-calendar-alt\"><\/i><\/strong> Publicado el mi\u00e9rcoles, 8 de febrero de 2023<\/p><\/div><div class=\"col-auto mt-md-0 mt-2\"><a class=\"btn btn-primary btn-lg px-lg-4 d-none d-md-block\" href=\"https:\/\/comunidad.comprasdominicana.gob.do\/\/Public\/Tendering\/OpportunityDetail\/Index?noticeUID=DO1.NTC.1196032\" target=\"_blank\" title=\"Detalles\"><i class=\"fas fa-link\"><\/i> DETALLES<\/a><a class=\"btn btn-primary btn-lg px-lg-4 d-block d-md-none\" href=\"https:\/\/comunidad.comprasdominicana.gob.do\/\/Public\/Tendering\/OpportunityDetail\/Index?noticeUID=DO1.NTC.1196032\" target=\"_blank\" title=\"Detalles\"><i class=\"fas fa-2x fa-link\"><\/i><\/a><\/div><\/div><\/div><div class=\"jumbotron archivos\"><div class=\"row align-items-center\"><div class=\"col\"><h6><a class=\"text-dark\" href=\"https:\/\/comunidad.comprasdominicana.gob.do\/\/Public\/Tendering\/OpportunityDetail\/Index?noticeUID=DO1.NTC.1195746\" title=\"Ver\" target=\"_blank\">INESPRE-DAF-CM-2023-0017<\/a><\/h6><p class=\"mb-0 bold\">Suministro de Sistema de Ozono<\/p><p class=\"mb-0\" style=\"font-size: .85rem\"><strong title=\"Estado del Proceso\"><i class=\"fas fa-spinner\"><\/i><\/strong> Proceso adjudicado y celebrado<\/p><p class=\"mb-0\" style=\"font-size: .85rem\"><strong title=\"Fecha de Publicaci\u00f3n\"><i class=\"fas fa-calendar-alt\"><\/i><\/strong> Publicado el martes, 7 de febrero de 2023<\/p><\/div><div class=\"col-auto mt-md-0 mt-2\"><a class=\"btn btn-primary btn-lg px-lg-4 d-none d-md-block\" href=\"https:\/\/comunidad.comprasdominicana.gob.do\/\/Public\/Tendering\/OpportunityDetail\/Index?noticeUID=DO1.NTC.1195746\" target=\"_blank\" title=\"Detalles\"><i class=\"fas fa-link\"><\/i> DETALLES<\/a><a class=\"btn btn-primary btn-lg px-lg-4 d-block d-md-none\" href=\"https:\/\/comunidad.comprasdominicana.gob.do\/\/Public\/Tendering\/OpportunityDetail\/Index?noticeUID=DO1.NTC.1195746\" target=\"_blank\" title=\"Detalles\"><i class=\"fas fa-2x fa-link\"><\/i><\/a><\/div><\/div><\/div><div class=\"jumbotron archivos\"><div class=\"row align-items-center\"><div class=\"col\"><h6><a class=\"text-dark\" href=\"https:\/\/comunidad.comprasdominicana.gob.do\/\/Public\/Tendering\/OpportunityDetail\/Index?noticeUID=DO1.NTC.1193826\" title=\"Ver\" target=\"_blank\">INESPRE-DAF-CM-2023-0016<\/a><\/h6><p class=\"mb-0 bold\">Servicio de Alquiler de un (01) Tr\u00e1iler (Cola de Patana) por un periodo de 12 meses<\/p><p class=\"mb-0\" style=\"font-size: .85rem\"><strong title=\"Estado del Proceso\"><i class=\"fas fa-spinner\"><\/i><\/strong> Proceso adjudicado y celebrado<\/p><p class=\"mb-0\" style=\"font-size: .85rem\"><strong title=\"Fecha de Publicaci\u00f3n\"><i class=\"fas fa-calendar-alt\"><\/i><\/strong> Publicado el jueves, 2 de febrero de 2023<\/p><\/div><div class=\"col-auto mt-md-0 mt-2\"><a class=\"btn btn-primary btn-lg px-lg-4 d-none d-md-block\" href=\"https:\/\/comunidad.comprasdominicana.gob.do\/\/Public\/Tendering\/OpportunityDetail\/Index?noticeUID=DO1.NTC.1193826\" target=\"_blank\" title=\"Detalles\"><i class=\"fas fa-link\"><\/i> DETALLES<\/a><a class=\"btn btn-primary btn-lg px-lg-4 d-block d-md-none\" href=\"https:\/\/comunidad.comprasdominicana.gob.do\/\/Public\/Tendering\/OpportunityDetail\/Index?noticeUID=DO1.NTC.1193826\" target=\"_blank\" title=\"Detalles\"><i class=\"fas fa-2x fa-link\"><\/i><\/a><\/div><\/div><\/div><div class=\"jumbotron archivos\"><div class=\"row align-items-center\"><div class=\"col\"><h6><a class=\"text-dark\" href=\"https:\/\/comunidad.comprasdominicana.gob.do\/\/Public\/Tendering\/OpportunityDetail\/Index?noticeUID=DO1.NTC.1193906\" title=\"Ver\" target=\"_blank\">INESPRE-DAF-CM-2023-0015<\/a><\/h6><p class=\"mb-0 bold\">Adquisici\u00f3n de Galleta de Leche y Pasa s\/semillas<\/p><p class=\"mb-0\" style=\"font-size: .85rem\"><strong title=\"Estado del Proceso\"><i class=\"fas fa-spinner\"><\/i><\/strong> Proceso adjudicado y celebrado<\/p><p class=\"mb-0\" style=\"font-size: .85rem\"><strong title=\"Fecha de Publicaci\u00f3n\"><i class=\"fas fa-calendar-alt\"><\/i><\/strong> Publicado el jueves, 2 de febrero de 2023<\/p><\/div><div class=\"col-auto mt-md-0 mt-2\"><a class=\"btn btn-primary btn-lg px-lg-4 d-none d-md-block\" href=\"https:\/\/comunidad.comprasdominicana.gob.do\/\/Public\/Tendering\/OpportunityDetail\/Index?noticeUID=DO1.NTC.1193906\" target=\"_blank\" title=\"Detalles\"><i class=\"fas fa-link\"><\/i> DETALLES<\/a><a class=\"btn btn-primary btn-lg px-lg-4 d-block d-md-none\" href=\"https:\/\/comunidad.comprasdominicana.gob.do\/\/Public\/Tendering\/OpportunityDetail\/Index?noticeUID=DO1.NTC.1193906\" target=\"_blank\" title=\"Detalles\"><i class=\"fas fa-2x fa-link\"><\/i><\/a><\/div><\/div><\/div><div class=\"jumbotron archivos\"><div class=\"row align-items-center\"><div class=\"col\"><h6><a class=\"text-dark\" href=\"https:\/\/comunidad.comprasdominicana.gob.do\/\/Public\/Tendering\/OpportunityDetail\/Index?noticeUID=DO1.NTC.1193904\" title=\"Ver\" target=\"_blank\">INESPRE-DAF-CM-2023-0014<\/a><\/h6><p class=\"mb-0 bold\">Adquisici\u00f3n de Leche de Coco<\/p><p class=\"mb-0\" style=\"font-size: .85rem\"><strong title=\"Estado del Proceso\"><i class=\"fas fa-spinner\"><\/i><\/strong> Proceso adjudicado y celebrado<\/p><p class=\"mb-0\" style=\"font-size: .85rem\"><strong title=\"Fecha de Publicaci\u00f3n\"><i class=\"fas fa-calendar-alt\"><\/i><\/strong> Publicado el jueves, 2 de febrero de 2023<\/p><\/div><div class=\"col-auto mt-md-0 mt-2\"><a class=\"btn btn-primary btn-lg px-lg-4 d-none d-md-block\" href=\"https:\/\/comunidad.comprasdominicana.gob.do\/\/Public\/Tendering\/OpportunityDetail\/Index?noticeUID=DO1.NTC.1193904\" target=\"_blank\" title=\"Detalles\"><i class=\"fas fa-link\"><\/i> DETALLES<\/a><a class=\"btn btn-primary btn-lg px-lg-4 d-block d-md-none\" href=\"https:\/\/comunidad.comprasdominicana.gob.do\/\/Public\/Tendering\/OpportunityDetail\/Index?noticeUID=DO1.NTC.1193904\" target=\"_blank\" title=\"Detalles\"><i class=\"fas fa-2x fa-link\"><\/i><\/a><\/div><\/div><\/div><div class=\"jumbotron archivos\"><div class=\"row align-items-center\"><div class=\"col\"><h6><a class=\"text-dark\" href=\"https:\/\/comunidad.comprasdominicana.gob.do\/\/Public\/Tendering\/OpportunityDetail\/Index?noticeUID=DO1.NTC.1193507\" title=\"Ver\" target=\"_blank\">INESPRE-DAF-CM-2023-0012<\/a><\/h6><p class=\"mb-0 bold\">Adquisici\u00f3n de Pasta de Tomate dirigida a Mipymes industriales<\/p><p class=\"mb-0\" style=\"font-size: .85rem\"><strong title=\"Estado del Proceso\"><i class=\"fas fa-spinner\"><\/i><\/strong> Proceso adjudicado y celebrado<\/p><p class=\"mb-0\" style=\"font-size: .85rem\"><strong title=\"Fecha de Publicaci\u00f3n\"><i class=\"fas fa-calendar-alt\"><\/i><\/strong> Publicado el jueves, 2 de febrero de 2023<\/p><\/div><div class=\"col-auto mt-md-0 mt-2\"><a class=\"btn btn-primary btn-lg px-lg-4 d-none d-md-block\" href=\"https:\/\/comunidad.comprasdominicana.gob.do\/\/Public\/Tendering\/OpportunityDetail\/Index?noticeUID=DO1.NTC.1193507\" target=\"_blank\" title=\"Detalles\"><i class=\"fas fa-link\"><\/i> DETALLES<\/a><a class=\"btn btn-primary btn-lg px-lg-4 d-block d-md-none\" href=\"https:\/\/comunidad.comprasdominicana.gob.do\/\/Public\/Tendering\/OpportunityDetail\/Index?noticeUID=DO1.NTC.1193507\" target=\"_blank\" title=\"Detalles\"><i class=\"fas fa-2x fa-link\"><\/i><\/a><\/div><\/div><\/div><div class=\"jumbotron archivos\"><div class=\"row align-items-center\"><div class=\"col\"><h6><a class=\"text-dark\" href=\"https:\/\/comunidad.comprasdominicana.gob.do\/\/Public\/Tendering\/OpportunityDetail\/Index?noticeUID=DO1.NTC.1193506\" title=\"Ver\" target=\"_blank\">INESPRE-DAF-CM-2023-0013<\/a><\/h6><p class=\"mb-0 bold\">Adquisici\u00f3n de Leche Evaporada<\/p><p class=\"mb-0\" style=\"font-size: .85rem\"><strong title=\"Estado del Proceso\"><i class=\"fas fa-spinner\"><\/i><\/strong> Proceso adjudicado y celebrado<\/p><p class=\"mb-0\" style=\"font-size: .85rem\"><strong title=\"Fecha de Publicaci\u00f3n\"><i class=\"fas fa-calendar-alt\"><\/i><\/strong> Publicado el jueves, 2 de febrero de 2023<\/p><\/div><div class=\"col-auto mt-md-0 mt-2\"><a class=\"btn btn-primary btn-lg px-lg-4 d-none d-md-block\" href=\"https:\/\/comunidad.comprasdominicana.gob.do\/\/Public\/Tendering\/OpportunityDetail\/Index?noticeUID=DO1.NTC.1193506\" target=\"_blank\" title=\"Detalles\"><i class=\"fas fa-link\"><\/i> DETALLES<\/a><a class=\"btn btn-primary btn-lg px-lg-4 d-block d-md-none\" href=\"https:\/\/comunidad.comprasdominicana.gob.do\/\/Public\/Tendering\/OpportunityDetail\/Index?noticeUID=DO1.NTC.1193506\" target=\"_blank\" title=\"Detalles\"><i class=\"fas fa-2x fa-link\"><\/i><\/a><\/div><\/div><\/div><div class=\"jumbotron archivos\"><div class=\"row align-items-center\"><div class=\"col\"><h6><a class=\"text-dark\" href=\"https:\/\/comunidad.comprasdominicana.gob.do\/\/Public\/Tendering\/OpportunityDetail\/Index?noticeUID=DO1.NTC.1193135\" title=\"Ver\" target=\"_blank\">INESPRE-DAF-CM-2023-0011<\/a><\/h6><p class=\"mb-0 bold\">Adquisici\u00f3n de Caf\u00e9 Molido<\/p><p class=\"mb-0\" style=\"font-size: .85rem\"><strong title=\"Estado del Proceso\"><i class=\"fas fa-spinner\"><\/i><\/strong> Proceso adjudicado y celebrado<\/p><p class=\"mb-0\" style=\"font-size: .85rem\"><strong title=\"Fecha de Publicaci\u00f3n\"><i class=\"fas fa-calendar-alt\"><\/i><\/strong> Publicado el mi\u00e9rcoles, 1 de febrero de 2023<\/p><\/div><div class=\"col-auto mt-md-0 mt-2\"><a class=\"btn btn-primary btn-lg px-lg-4 d-none d-md-block\" href=\"https:\/\/comunidad.comprasdominicana.gob.do\/\/Public\/Tendering\/OpportunityDetail\/Index?noticeUID=DO1.NTC.1193135\" target=\"_blank\" title=\"Detalles\"><i class=\"fas fa-link\"><\/i> DETALLES<\/a><a class=\"btn btn-primary btn-lg px-lg-4 d-block d-md-none\" href=\"https:\/\/comunidad.comprasdominicana.gob.do\/\/Public\/Tendering\/OpportunityDetail\/Index?noticeUID=DO1.NTC.1193135\" target=\"_blank\" title=\"Detalles\"><i class=\"fas fa-2x fa-link\"><\/i><\/a><\/div><\/div><\/div><\/div><\/div><\/div>\n        <div class=\"card\">\n            <div class=\"card-header parents\" id=\"heading_compras-menores-69f73f7454400-2023-69f73f7454400-enero-69f73f7454400\">\n                <p class=\"title text-blue mb-0\">\n                    <a class=\"btn-block hover text-left collapsed\" data-toggle=\"collapse\" data-target=\"#collap_compras-menores-69f73f7454400-2023-69f73f7454400-enero-69f73f7454400\" aria-expanded=\"false\" aria-controls=\"collap_compras-menores-69f73f7454400-2023-69f73f7454400-enero-69f73f7454400\">Enero<\/a>\n                <\/p>\n            <\/div>\n            <div id=\"collap_compras-menores-69f73f7454400-2023-69f73f7454400-enero-69f73f7454400\" class=\"collapse\" aria-labelledby=\"heading_compras-menores-69f73f7454400-2023-69f73f7454400-enero-69f73f7454400\" data-parent=\"#collap_compras-menores-69f73f7454400-2023-69f73f7454400\">\n                <div class=\"card-body\"><div class=\"jumbotron archivos\"><div class=\"row align-items-center\"><div class=\"col\"><h6><a class=\"text-dark\" href=\"https:\/\/comunidad.comprasdominicana.gob.do\/\/Public\/Tendering\/OpportunityDetail\/Index?noticeUID=DO1.NTC.1192528\" title=\"Ver\" target=\"_blank\">INESPRE-DAF-CM-2023-0010<\/a><\/h6><p class=\"mb-0 bold\">Adquisici\u00f3n de Az\u00facar Crema<\/p><p class=\"mb-0\" style=\"font-size: .85rem\"><strong title=\"Estado del Proceso\"><i class=\"fas fa-spinner\"><\/i><\/strong> Proceso adjudicado y celebrado<\/p><p class=\"mb-0\" style=\"font-size: .85rem\"><strong title=\"Fecha de Publicaci\u00f3n\"><i class=\"fas fa-calendar-alt\"><\/i><\/strong> Publicado el martes, 31 de enero de 2023<\/p><\/div><div class=\"col-auto mt-md-0 mt-2\"><a class=\"btn btn-primary btn-lg px-lg-4 d-none d-md-block\" href=\"https:\/\/comunidad.comprasdominicana.gob.do\/\/Public\/Tendering\/OpportunityDetail\/Index?noticeUID=DO1.NTC.1192528\" target=\"_blank\" title=\"Detalles\"><i class=\"fas fa-link\"><\/i> DETALLES<\/a><a class=\"btn btn-primary btn-lg px-lg-4 d-block d-md-none\" href=\"https:\/\/comunidad.comprasdominicana.gob.do\/\/Public\/Tendering\/OpportunityDetail\/Index?noticeUID=DO1.NTC.1192528\" target=\"_blank\" title=\"Detalles\"><i class=\"fas fa-2x fa-link\"><\/i><\/a><\/div><\/div><\/div><div class=\"jumbotron archivos\"><div class=\"row align-items-center\"><div class=\"col\"><h6><a class=\"text-dark\" href=\"https:\/\/comunidad.comprasdominicana.gob.do\/\/Public\/Tendering\/OpportunityDetail\/Index?noticeUID=DO1.NTC.1192430\" title=\"Ver\" target=\"_blank\">INESPRE-DAF-CM-2023-0009<\/a><\/h6><p class=\"mb-0 bold\">Servicio de Alquiler de cuatro (04) contenedores para oficina por un periodo de cuatro (04) meses<\/p><p class=\"mb-0\" style=\"font-size: .85rem\"><strong title=\"Estado del Proceso\"><i class=\"fas fa-spinner\"><\/i><\/strong> Proceso adjudicado y celebrado<\/p><p class=\"mb-0\" style=\"font-size: .85rem\"><strong title=\"Fecha de Publicaci\u00f3n\"><i class=\"fas fa-calendar-alt\"><\/i><\/strong> Publicado el martes, 31 de enero de 2023<\/p><\/div><div class=\"col-auto mt-md-0 mt-2\"><a class=\"btn btn-primary btn-lg px-lg-4 d-none d-md-block\" href=\"https:\/\/comunidad.comprasdominicana.gob.do\/\/Public\/Tendering\/OpportunityDetail\/Index?noticeUID=DO1.NTC.1192430\" target=\"_blank\" title=\"Detalles\"><i class=\"fas fa-link\"><\/i> DETALLES<\/a><a class=\"btn btn-primary btn-lg px-lg-4 d-block d-md-none\" href=\"https:\/\/comunidad.comprasdominicana.gob.do\/\/Public\/Tendering\/OpportunityDetail\/Index?noticeUID=DO1.NTC.1192430\" target=\"_blank\" title=\"Detalles\"><i class=\"fas fa-2x fa-link\"><\/i><\/a><\/div><\/div><\/div><div class=\"jumbotron archivos\"><div class=\"row align-items-center\"><div class=\"col\"><h6><a class=\"text-dark\" href=\"https:\/\/comunidad.comprasdominicana.gob.do\/\/Public\/Tendering\/OpportunityDetail\/Index?noticeUID=DO1.NTC.1192609\" title=\"Ver\" target=\"_blank\">INESPRE-DAF-CM-2023-0008<\/a><\/h6><p class=\"mb-0 bold\">Adquisici\u00f3n de Carros de Cargas manuales <\/p><p class=\"mb-0\" style=\"font-size: .85rem\"><strong title=\"Estado del Proceso\"><i class=\"fas fa-spinner\"><\/i><\/strong> Proceso adjudicado y celebrado<\/p><p class=\"mb-0\" style=\"font-size: .85rem\"><strong title=\"Fecha de Publicaci\u00f3n\"><i class=\"fas fa-calendar-alt\"><\/i><\/strong> Publicado el martes, 31 de enero de 2023<\/p><\/div><div class=\"col-auto mt-md-0 mt-2\"><a class=\"btn btn-primary btn-lg px-lg-4 d-none d-md-block\" href=\"https:\/\/comunidad.comprasdominicana.gob.do\/\/Public\/Tendering\/OpportunityDetail\/Index?noticeUID=DO1.NTC.1192609\" target=\"_blank\" title=\"Detalles\"><i class=\"fas fa-link\"><\/i> DETALLES<\/a><a class=\"btn btn-primary btn-lg px-lg-4 d-block d-md-none\" href=\"https:\/\/comunidad.comprasdominicana.gob.do\/\/Public\/Tendering\/OpportunityDetail\/Index?noticeUID=DO1.NTC.1192609\" target=\"_blank\" title=\"Detalles\"><i class=\"fas fa-2x fa-link\"><\/i><\/a><\/div><\/div><\/div><div class=\"jumbotron archivos\"><div class=\"row align-items-center\"><div class=\"col\"><h6><a class=\"text-dark\" href=\"https:\/\/comunidad.comprasdominicana.gob.do\/\/Public\/Tendering\/OpportunityDetail\/Index?noticeUID=DO1.NTC.1192109\" title=\"Ver\" target=\"_blank\">INESPRE-DAF-CM-2023-0007<\/a><\/h6><p class=\"mb-0 bold\">Adquisici\u00f3n de Materiales de Conexi\u00f3n<\/p><p class=\"mb-0\" style=\"font-size: .85rem\"><strong title=\"Estado del Proceso\"><i class=\"fas fa-spinner\"><\/i><\/strong> Proceso adjudicado y celebrado<\/p><p class=\"mb-0\" style=\"font-size: .85rem\"><strong title=\"Fecha de Publicaci\u00f3n\"><i class=\"fas fa-calendar-alt\"><\/i><\/strong> Publicado el viernes, 27 de enero de 2023<\/p><\/div><div class=\"col-auto mt-md-0 mt-2\"><a class=\"btn btn-primary btn-lg px-lg-4 d-none d-md-block\" href=\"https:\/\/comunidad.comprasdominicana.gob.do\/\/Public\/Tendering\/OpportunityDetail\/Index?noticeUID=DO1.NTC.1192109\" target=\"_blank\" title=\"Detalles\"><i class=\"fas fa-link\"><\/i> DETALLES<\/a><a class=\"btn btn-primary btn-lg px-lg-4 d-block d-md-none\" href=\"https:\/\/comunidad.comprasdominicana.gob.do\/\/Public\/Tendering\/OpportunityDetail\/Index?noticeUID=DO1.NTC.1192109\" target=\"_blank\" title=\"Detalles\"><i class=\"fas fa-2x fa-link\"><\/i><\/a><\/div><\/div><\/div><div class=\"jumbotron archivos\"><div class=\"row align-items-center\"><div class=\"col\"><h6><a class=\"text-dark\" href=\"https:\/\/comunidad.comprasdominicana.gob.do\/\/Public\/Tendering\/OpportunityDetail\/Index?noticeUID=DO1.NTC.1190740\" title=\"Ver\" target=\"_blank\">INESPRE-DAF-CM-2023-0005<\/a><\/h6><p class=\"mb-0 bold\">Adquisici\u00f3n de Alimentos y Bebidas para consumo Institucional dirigido a Mipyme Mujer<\/p><p class=\"mb-0\" style=\"font-size: .85rem\"><strong title=\"Estado del Proceso\"><i class=\"fas fa-spinner\"><\/i><\/strong> Proceso adjudicado y celebrado<\/p><p class=\"mb-0\" style=\"font-size: .85rem\"><strong title=\"Fecha de Publicaci\u00f3n\"><i class=\"fas fa-calendar-alt\"><\/i><\/strong> Publicado el mi\u00e9rcoles, 25 de enero de 2023<\/p><\/div><div class=\"col-auto mt-md-0 mt-2\"><a class=\"btn btn-primary btn-lg px-lg-4 d-none d-md-block\" href=\"https:\/\/comunidad.comprasdominicana.gob.do\/\/Public\/Tendering\/OpportunityDetail\/Index?noticeUID=DO1.NTC.1190740\" target=\"_blank\" title=\"Detalles\"><i class=\"fas fa-link\"><\/i> DETALLES<\/a><a class=\"btn btn-primary btn-lg px-lg-4 d-block d-md-none\" href=\"https:\/\/comunidad.comprasdominicana.gob.do\/\/Public\/Tendering\/OpportunityDetail\/Index?noticeUID=DO1.NTC.1190740\" target=\"_blank\" title=\"Detalles\"><i class=\"fas fa-2x fa-link\"><\/i><\/a><\/div><\/div><\/div><div class=\"jumbotron archivos\"><div class=\"row align-items-center\"><div class=\"col\"><h6><a class=\"text-dark\" href=\"https:\/\/comunidad.comprasdominicana.gob.do\/\/Public\/Tendering\/OpportunityDetail\/Index?noticeUID=DO1.NTC.1190902\" title=\"Ver\" target=\"_blank\">INESPRE-DAF-CM-2023-0004<\/a><\/h6><p class=\"mb-0 bold\">Servicio de Alquiler de Cuarto Frio por un periodo de dos (02) meses dirigido a Mipymes<\/p><p class=\"mb-0\" style=\"font-size: .85rem\"><strong title=\"Estado del Proceso\"><i class=\"fas fa-spinner\"><\/i><\/strong> Proceso adjudicado y celebrado<\/p><p class=\"mb-0\" style=\"font-size: .85rem\"><strong title=\"Fecha de Publicaci\u00f3n\"><i class=\"fas fa-calendar-alt\"><\/i><\/strong> Publicado el mi\u00e9rcoles, 25 de enero de 2023<\/p><\/div><div class=\"col-auto mt-md-0 mt-2\"><a class=\"btn btn-primary btn-lg px-lg-4 d-none d-md-block\" href=\"https:\/\/comunidad.comprasdominicana.gob.do\/\/Public\/Tendering\/OpportunityDetail\/Index?noticeUID=DO1.NTC.1190902\" target=\"_blank\" title=\"Detalles\"><i class=\"fas fa-link\"><\/i> DETALLES<\/a><a class=\"btn btn-primary btn-lg px-lg-4 d-block d-md-none\" href=\"https:\/\/comunidad.comprasdominicana.gob.do\/\/Public\/Tendering\/OpportunityDetail\/Index?noticeUID=DO1.NTC.1190902\" target=\"_blank\" title=\"Detalles\"><i class=\"fas fa-2x fa-link\"><\/i><\/a><\/div><\/div><\/div><div class=\"jumbotron archivos\"><div class=\"row align-items-center\"><div class=\"col\"><h6><a class=\"text-dark\" href=\"https:\/\/comunidad.comprasdominicana.gob.do\/\/Public\/Tendering\/OpportunityDetail\/Index?noticeUID=DO1.NTC.1189810\" title=\"Ver\" target=\"_blank\">INESPRE-DAF-CM-2023-0006<\/a><\/h6><p class=\"mb-0 bold\">Servicio de Alquiler de Dos (02) Contenedores Refrigerados por un periodo de tres (03) meses dirigido a Mipymes<\/p><p class=\"mb-0\" style=\"font-size: .85rem\"><strong title=\"Estado del Proceso\"><i class=\"fas fa-spinner\"><\/i><\/strong> Proceso adjudicado y celebrado<\/p><p class=\"mb-0\" style=\"font-size: .85rem\"><strong title=\"Fecha de Publicaci\u00f3n\"><i class=\"fas fa-calendar-alt\"><\/i><\/strong> Publicado el martes, 24 de enero de 2023<\/p><\/div><div class=\"col-auto mt-md-0 mt-2\"><a class=\"btn btn-primary btn-lg px-lg-4 d-none d-md-block\" href=\"https:\/\/comunidad.comprasdominicana.gob.do\/\/Public\/Tendering\/OpportunityDetail\/Index?noticeUID=DO1.NTC.1189810\" target=\"_blank\" title=\"Detalles\"><i class=\"fas fa-link\"><\/i> DETALLES<\/a><a class=\"btn btn-primary btn-lg px-lg-4 d-block d-md-none\" href=\"https:\/\/comunidad.comprasdominicana.gob.do\/\/Public\/Tendering\/OpportunityDetail\/Index?noticeUID=DO1.NTC.1189810\" target=\"_blank\" title=\"Detalles\"><i class=\"fas fa-2x fa-link\"><\/i><\/a><\/div><\/div><\/div><div class=\"jumbotron archivos\"><div class=\"row align-items-center\"><div class=\"col\"><h6><a class=\"text-dark\" href=\"https:\/\/comunidad.comprasdominicana.gob.do\/\/Public\/Tendering\/OpportunityDetail\/Index?noticeUID=DO1.NTC.1186120\" title=\"Ver\" target=\"_blank\">INESPRE-DAF-CM-2023-0003<\/a><\/h6><p class=\"mb-0 bold\">Servicio de Alquiler de Contenedores Refrigerados por tres (03) meses dirigidos a Mipymes Mujeres<\/p><p class=\"mb-0\" style=\"font-size: .85rem\"><strong title=\"Estado del Proceso\"><i class=\"fas fa-spinner\"><\/i><\/strong> Proceso adjudicado y celebrado<\/p><p class=\"mb-0\" style=\"font-size: .85rem\"><strong title=\"Fecha de Publicaci\u00f3n\"><i class=\"fas fa-calendar-alt\"><\/i><\/strong> Publicado el martes, 17 de enero de 2023<\/p><\/div><div class=\"col-auto mt-md-0 mt-2\"><a class=\"btn btn-primary btn-lg px-lg-4 d-none d-md-block\" href=\"https:\/\/comunidad.comprasdominicana.gob.do\/\/Public\/Tendering\/OpportunityDetail\/Index?noticeUID=DO1.NTC.1186120\" target=\"_blank\" title=\"Detalles\"><i class=\"fas fa-link\"><\/i> DETALLES<\/a><a class=\"btn btn-primary btn-lg px-lg-4 d-block d-md-none\" href=\"https:\/\/comunidad.comprasdominicana.gob.do\/\/Public\/Tendering\/OpportunityDetail\/Index?noticeUID=DO1.NTC.1186120\" target=\"_blank\" title=\"Detalles\"><i class=\"fas fa-2x fa-link\"><\/i><\/a><\/div><\/div><\/div><div class=\"jumbotron archivos\"><div class=\"row align-items-center\"><div class=\"col\"><h6><a class=\"text-dark\" href=\"https:\/\/comunidad.comprasdominicana.gob.do\/\/Public\/Tendering\/OpportunityDetail\/Index?noticeUID=DO1.NTC.1185615\" title=\"Ver\" target=\"_blank\">INESPRE-DAF-CM-2023-0002<\/a><\/h6><p class=\"mb-0 bold\">Servicio de Alquiler de Almacenes por un periodo de tres (3) meses, dirigido a Mipyme Mujeres<\/p><p class=\"mb-0\" style=\"font-size: .85rem\"><strong title=\"Estado del Proceso\"><i class=\"fas fa-spinner\"><\/i><\/strong> Proceso adjudicado y celebrado<\/p><p class=\"mb-0\" style=\"font-size: .85rem\"><strong title=\"Fecha de Publicaci\u00f3n\"><i class=\"fas fa-calendar-alt\"><\/i><\/strong> Publicado el martes, 17 de enero de 2023<\/p><\/div><div class=\"col-auto mt-md-0 mt-2\"><a class=\"btn btn-primary btn-lg px-lg-4 d-none d-md-block\" href=\"https:\/\/comunidad.comprasdominicana.gob.do\/\/Public\/Tendering\/OpportunityDetail\/Index?noticeUID=DO1.NTC.1185615\" target=\"_blank\" title=\"Detalles\"><i class=\"fas fa-link\"><\/i> DETALLES<\/a><a class=\"btn btn-primary btn-lg px-lg-4 d-block d-md-none\" href=\"https:\/\/comunidad.comprasdominicana.gob.do\/\/Public\/Tendering\/OpportunityDetail\/Index?noticeUID=DO1.NTC.1185615\" target=\"_blank\" title=\"Detalles\"><i class=\"fas fa-2x fa-link\"><\/i><\/a><\/div><\/div><\/div><div class=\"jumbotron archivos\"><div class=\"row align-items-center\"><div class=\"col\"><h6><a class=\"text-dark\" href=\"https:\/\/comunidad.comprasdominicana.gob.do\/\/Public\/Tendering\/OpportunityDetail\/Index?noticeUID=DO1.NTC.1183413\" title=\"Ver\" target=\"_blank\">INESPRE-DAF-CM-2023-0001<\/a><\/h6><p class=\"mb-0 bold\">Servicio de Alquiler de Dos contenedores Refrigerados por un periodo de tres meses<\/p><p class=\"mb-0\" style=\"font-size: .85rem\"><strong title=\"Estado del Proceso\"><i class=\"fas fa-spinner\"><\/i><\/strong> Proceso adjudicado y celebrado<\/p><p class=\"mb-0\" style=\"font-size: .85rem\"><strong title=\"Fecha de Publicaci\u00f3n\"><i class=\"fas fa-calendar-alt\"><\/i><\/strong> Publicado el mi\u00e9rcoles, 11 de enero de 2023<\/p><\/div><div class=\"col-auto mt-md-0 mt-2\"><a class=\"btn btn-primary btn-lg px-lg-4 d-none d-md-block\" href=\"https:\/\/comunidad.comprasdominicana.gob.do\/\/Public\/Tendering\/OpportunityDetail\/Index?noticeUID=DO1.NTC.1183413\" target=\"_blank\" title=\"Detalles\"><i class=\"fas fa-link\"><\/i> DETALLES<\/a><a class=\"btn btn-primary btn-lg px-lg-4 d-block d-md-none\" href=\"https:\/\/comunidad.comprasdominicana.gob.do\/\/Public\/Tendering\/OpportunityDetail\/Index?noticeUID=DO1.NTC.1183413\" target=\"_blank\" title=\"Detalles\"><i class=\"fas fa-2x fa-link\"><\/i><\/a><\/div><\/div><\/div><div class=\"jumbotron archivos\"><div class=\"row align-items-center\"><div class=\"col\"><h6><a class=\"text-dark\" href=\"https:\/\/comunidad.comprasdominicana.gob.do\/\/Public\/Tendering\/OpportunityDetail\/Index?noticeUID=DO1.NTC.1175210\" title=\"Ver\" target=\"_blank\">INESPRE-DAF-CM-2022-0127<\/a><\/h6><p class=\"mb-0 bold\">Servicio de Instalaci\u00f3n de Techos para Ferias Navide\u00f1as INESPRE 2022<\/p><p class=\"mb-0\" style=\"font-size: .85rem\"><strong title=\"Estado del Proceso\"><i class=\"fas fa-spinner\"><\/i><\/strong> Proceso con etapa cerrada<\/p><p class=\"mb-0\" style=\"font-size: .85rem\"><strong title=\"Fecha de Publicaci\u00f3n\"><i class=\"fas fa-calendar-alt\"><\/i><\/strong> Publicado el martes, 3 de enero de 2023<\/p><\/div><div class=\"col-auto mt-md-0 mt-2\"><a class=\"btn btn-primary btn-lg px-lg-4 d-none d-md-block\" href=\"https:\/\/comunidad.comprasdominicana.gob.do\/\/Public\/Tendering\/OpportunityDetail\/Index?noticeUID=DO1.NTC.1175210\" target=\"_blank\" title=\"Detalles\"><i class=\"fas fa-link\"><\/i> DETALLES<\/a><a class=\"btn btn-primary btn-lg px-lg-4 d-block d-md-none\" href=\"https:\/\/comunidad.comprasdominicana.gob.do\/\/Public\/Tendering\/OpportunityDetail\/Index?noticeUID=DO1.NTC.1175210\" target=\"_blank\" title=\"Detalles\"><i class=\"fas fa-2x fa-link\"><\/i><\/a><\/div><\/div><\/div><\/div><\/div><\/div><\/div><\/div><\/div>\n        <div class=\"card\">\n            <div class=\"card-header parents\" id=\"heading_compras-menores-69f73f7454400-2022-69f73f7454400\">\n                <p class=\"title text-blue mb-0\">\n                    <a class=\"btn-block hover text-left collapsed\" data-toggle=\"collapse\" data-target=\"#collap_compras-menores-69f73f7454400-2022-69f73f7454400\" aria-expanded=\"false\" aria-controls=\"collap_compras-menores-69f73f7454400-2022-69f73f7454400\">2022<\/a>\n                <\/p>\n            <\/div>\n            <div id=\"collap_compras-menores-69f73f7454400-2022-69f73f7454400\" class=\"collapse\" aria-labelledby=\"heading_compras-menores-69f73f7454400-2022-69f73f7454400\" data-parent=\"#collap_compras-menores-69f73f7454400\">\n                <div class=\"card-body\">\n        <div class=\"card\">\n            <div class=\"card-header parents\" id=\"heading_compras-menores-69f73f7454400-2022-69f73f7454400-diciembre-69f73f7454400\">\n                <p class=\"title text-blue mb-0\">\n                    <a class=\"btn-block hover text-left collapsed\" data-toggle=\"collapse\" data-target=\"#collap_compras-menores-69f73f7454400-2022-69f73f7454400-diciembre-69f73f7454400\" aria-expanded=\"false\" aria-controls=\"collap_compras-menores-69f73f7454400-2022-69f73f7454400-diciembre-69f73f7454400\">Diciembre<\/a>\n                <\/p>\n            <\/div>\n            <div id=\"collap_compras-menores-69f73f7454400-2022-69f73f7454400-diciembre-69f73f7454400\" class=\"collapse\" aria-labelledby=\"heading_compras-menores-69f73f7454400-2022-69f73f7454400-diciembre-69f73f7454400\" data-parent=\"#collap_compras-menores-69f73f7454400-2022-69f73f7454400\">\n                <div class=\"card-body\"><div class=\"jumbotron archivos\"><div class=\"row align-items-center\"><div class=\"col\"><h6><a class=\"text-dark\" href=\"https:\/\/comunidad.comprasdominicana.gob.do\/\/Public\/Tendering\/OpportunityDetail\/Index?noticeUID=DO1.NTC.1178609\" title=\"Ver\" target=\"_blank\">INESPRE-DAF-CM-2022-0133<\/a><\/h6><p class=\"mb-0 bold\">Adquisici\u00f3n de Suministros de Limpieza<\/p><p class=\"mb-0\" style=\"font-size: .85rem\"><strong title=\"Estado del Proceso\"><i class=\"fas fa-spinner\"><\/i><\/strong> Proceso adjudicado y celebrado<\/p><p class=\"mb-0\" style=\"font-size: .85rem\"><strong title=\"Fecha de Publicaci\u00f3n\"><i class=\"fas fa-calendar-alt\"><\/i><\/strong> Publicado el mi\u00e9rcoles, 28 de diciembre de 2022<\/p><\/div><div class=\"col-auto mt-md-0 mt-2\"><a class=\"btn btn-primary btn-lg px-lg-4 d-none d-md-block\" href=\"https:\/\/comunidad.comprasdominicana.gob.do\/\/Public\/Tendering\/OpportunityDetail\/Index?noticeUID=DO1.NTC.1178609\" target=\"_blank\" title=\"Detalles\"><i class=\"fas fa-link\"><\/i> DETALLES<\/a><a class=\"btn btn-primary btn-lg px-lg-4 d-block d-md-none\" href=\"https:\/\/comunidad.comprasdominicana.gob.do\/\/Public\/Tendering\/OpportunityDetail\/Index?noticeUID=DO1.NTC.1178609\" target=\"_blank\" title=\"Detalles\"><i class=\"fas fa-2x fa-link\"><\/i><\/a><\/div><\/div><\/div><div class=\"jumbotron archivos\"><div class=\"row align-items-center\"><div class=\"col\"><h6><a class=\"text-dark\" href=\"https:\/\/comunidad.comprasdominicana.gob.do\/\/Public\/Tendering\/OpportunityDetail\/Index?noticeUID=DO1.NTC.1177915\" title=\"Ver\" target=\"_blank\">INESPRE-DAF-CM-2022-0134<\/a><\/h6><p class=\"mb-0 bold\">Servicio de Corte y Empaque de Carne congelada<\/p><p class=\"mb-0\" style=\"font-size: .85rem\"><strong title=\"Estado del Proceso\"><i class=\"fas fa-spinner\"><\/i><\/strong> Proceso adjudicado y celebrado<\/p><p class=\"mb-0\" style=\"font-size: .85rem\"><strong title=\"Fecha de Publicaci\u00f3n\"><i class=\"fas fa-calendar-alt\"><\/i><\/strong> Publicado el martes, 27 de diciembre de 2022<\/p><\/div><div class=\"col-auto mt-md-0 mt-2\"><a class=\"btn btn-primary btn-lg px-lg-4 d-none d-md-block\" href=\"https:\/\/comunidad.comprasdominicana.gob.do\/\/Public\/Tendering\/OpportunityDetail\/Index?noticeUID=DO1.NTC.1177915\" target=\"_blank\" title=\"Detalles\"><i class=\"fas fa-link\"><\/i> DETALLES<\/a><a class=\"btn btn-primary btn-lg px-lg-4 d-block d-md-none\" href=\"https:\/\/comunidad.comprasdominicana.gob.do\/\/Public\/Tendering\/OpportunityDetail\/Index?noticeUID=DO1.NTC.1177915\" target=\"_blank\" title=\"Detalles\"><i class=\"fas fa-2x fa-link\"><\/i><\/a><\/div><\/div><\/div><div class=\"jumbotron archivos\"><div class=\"row align-items-center\"><div class=\"col\"><h6><a class=\"text-dark\" href=\"https:\/\/comunidad.comprasdominicana.gob.do\/\/Public\/Tendering\/OpportunityDetail\/Index?noticeUID=DO1.NTC.1178009\" title=\"Ver\" target=\"_blank\">INESPRE-DAF-CM-2022-0132<\/a><\/h6><p class=\"mb-0 bold\">Servicio de Rotulaci\u00f3n de Camiones<\/p><p class=\"mb-0\" style=\"font-size: .85rem\"><strong title=\"Estado del Proceso\"><i class=\"fas fa-spinner\"><\/i><\/strong> Proceso adjudicado y celebrado<\/p><p class=\"mb-0\" style=\"font-size: .85rem\"><strong title=\"Fecha de Publicaci\u00f3n\"><i class=\"fas fa-calendar-alt\"><\/i><\/strong> Publicado el martes, 27 de diciembre de 2022<\/p><\/div><div class=\"col-auto mt-md-0 mt-2\"><a class=\"btn btn-primary btn-lg px-lg-4 d-none d-md-block\" href=\"https:\/\/comunidad.comprasdominicana.gob.do\/\/Public\/Tendering\/OpportunityDetail\/Index?noticeUID=DO1.NTC.1178009\" target=\"_blank\" title=\"Detalles\"><i class=\"fas fa-link\"><\/i> DETALLES<\/a><a class=\"btn btn-primary btn-lg px-lg-4 d-block d-md-none\" href=\"https:\/\/comunidad.comprasdominicana.gob.do\/\/Public\/Tendering\/OpportunityDetail\/Index?noticeUID=DO1.NTC.1178009\" target=\"_blank\" title=\"Detalles\"><i class=\"fas fa-2x fa-link\"><\/i><\/a><\/div><\/div><\/div><div class=\"jumbotron archivos\"><div class=\"row align-items-center\"><div class=\"col\"><h6><a class=\"text-dark\" href=\"https:\/\/comunidad.comprasdominicana.gob.do\/\/Public\/Tendering\/OpportunityDetail\/Index?noticeUID=DO1.NTC.1175719\" title=\"Ver\" target=\"_blank\">INESPRE-DAF-CM-2022-0131<\/a><\/h6><p class=\"mb-0 bold\">Servicio de Sistema de Distribuci\u00f3n El\u00e9ctrica y Planta El\u00e9ctrica para Ferias Navide\u00f1as INESPRE 2022<\/p><p class=\"mb-0\" style=\"font-size: .85rem\"><strong title=\"Estado del Proceso\"><i class=\"fas fa-spinner\"><\/i><\/strong> Proceso adjudicado y celebrado<\/p><p class=\"mb-0\" style=\"font-size: .85rem\"><strong title=\"Fecha de Publicaci\u00f3n\"><i class=\"fas fa-calendar-alt\"><\/i><\/strong> Publicado el mi\u00e9rcoles, 21 de diciembre de 2022<\/p><\/div><div class=\"col-auto mt-md-0 mt-2\"><a class=\"btn btn-primary btn-lg px-lg-4 d-none d-md-block\" href=\"https:\/\/comunidad.comprasdominicana.gob.do\/\/Public\/Tendering\/OpportunityDetail\/Index?noticeUID=DO1.NTC.1175719\" target=\"_blank\" title=\"Detalles\"><i class=\"fas fa-link\"><\/i> DETALLES<\/a><a class=\"btn btn-primary btn-lg px-lg-4 d-block d-md-none\" href=\"https:\/\/comunidad.comprasdominicana.gob.do\/\/Public\/Tendering\/OpportunityDetail\/Index?noticeUID=DO1.NTC.1175719\" target=\"_blank\" title=\"Detalles\"><i class=\"fas fa-2x fa-link\"><\/i><\/a><\/div><\/div><\/div><div class=\"jumbotron archivos\"><div class=\"row align-items-center\"><div class=\"col\"><h6><a class=\"text-dark\" href=\"https:\/\/comunidad.comprasdominicana.gob.do\/\/Public\/Tendering\/OpportunityDetail\/Index?noticeUID=DO1.NTC.1174706\" title=\"Ver\" target=\"_blank\">INESPRE-DAF-CM-2022-0128<\/a><\/h6><p class=\"mb-0 bold\">Servicio de Instalaci\u00f3n de Estructura para Ferias Navide\u00f1as INESPRE 2022<\/p><p class=\"mb-0\" style=\"font-size: .85rem\"><strong title=\"Estado del Proceso\"><i class=\"fas fa-spinner\"><\/i><\/strong> Proceso adjudicado y celebrado<\/p><p class=\"mb-0\" style=\"font-size: .85rem\"><strong title=\"Fecha de Publicaci\u00f3n\"><i class=\"fas fa-calendar-alt\"><\/i><\/strong> Publicado el martes, 20 de diciembre de 2022<\/p><\/div><div class=\"col-auto mt-md-0 mt-2\"><a class=\"btn btn-primary btn-lg px-lg-4 d-none d-md-block\" href=\"https:\/\/comunidad.comprasdominicana.gob.do\/\/Public\/Tendering\/OpportunityDetail\/Index?noticeUID=DO1.NTC.1174706\" target=\"_blank\" title=\"Detalles\"><i class=\"fas fa-link\"><\/i> DETALLES<\/a><a class=\"btn btn-primary btn-lg px-lg-4 d-block d-md-none\" href=\"https:\/\/comunidad.comprasdominicana.gob.do\/\/Public\/Tendering\/OpportunityDetail\/Index?noticeUID=DO1.NTC.1174706\" target=\"_blank\" title=\"Detalles\"><i class=\"fas fa-2x fa-link\"><\/i><\/a><\/div><\/div><\/div><div class=\"jumbotron archivos\"><div class=\"row align-items-center\"><div class=\"col\"><h6><a class=\"text-dark\" href=\"https:\/\/comunidad.comprasdominicana.gob.do\/\/Public\/Tendering\/OpportunityDetail\/Index?noticeUID=DO1.NTC.1175209\" title=\"Ver\" target=\"_blank\">INESPRE-DAF-CM-2022-0130<\/a><\/h6><p class=\"mb-0 bold\">Servicio de Sistema de Luces Ambientales y Sonidos para Ferias Navide\u00f1as INESPRE 2022<\/p><p class=\"mb-0\" style=\"font-size: .85rem\"><strong title=\"Estado del Proceso\"><i class=\"fas fa-spinner\"><\/i><\/strong> Proceso adjudicado y celebrado<\/p><p class=\"mb-0\" style=\"font-size: .85rem\"><strong title=\"Fecha de Publicaci\u00f3n\"><i class=\"fas fa-calendar-alt\"><\/i><\/strong> Publicado el martes, 20 de diciembre de 2022<\/p><\/div><div class=\"col-auto mt-md-0 mt-2\"><a class=\"btn btn-primary btn-lg px-lg-4 d-none d-md-block\" href=\"https:\/\/comunidad.comprasdominicana.gob.do\/\/Public\/Tendering\/OpportunityDetail\/Index?noticeUID=DO1.NTC.1175209\" target=\"_blank\" title=\"Detalles\"><i class=\"fas fa-link\"><\/i> DETALLES<\/a><a class=\"btn btn-primary btn-lg px-lg-4 d-block d-md-none\" href=\"https:\/\/comunidad.comprasdominicana.gob.do\/\/Public\/Tendering\/OpportunityDetail\/Index?noticeUID=DO1.NTC.1175209\" target=\"_blank\" title=\"Detalles\"><i class=\"fas fa-2x fa-link\"><\/i><\/a><\/div><\/div><\/div><div class=\"jumbotron archivos\"><div class=\"row align-items-center\"><div class=\"col\"><h6><a class=\"text-dark\" href=\"https:\/\/comunidad.comprasdominicana.gob.do\/\/Public\/Tendering\/OpportunityDetail\/Index?noticeUID=DO1.NTC.1169836\" title=\"Ver\" target=\"_blank\">INESPRE-DAF-CM-2022-0126<\/a><\/h6><p class=\"mb-0 bold\">Servicio de alquiler de Bodegas Refrigeradas por un mes dirigido a Mipymes <\/p><p class=\"mb-0\" style=\"font-size: .85rem\"><strong title=\"Estado del Proceso\"><i class=\"fas fa-spinner\"><\/i><\/strong> Proceso adjudicado y celebrado<\/p><p class=\"mb-0\" style=\"font-size: .85rem\"><strong title=\"Fecha de Publicaci\u00f3n\"><i class=\"fas fa-calendar-alt\"><\/i><\/strong> Publicado el viernes, 9 de diciembre de 2022<\/p><\/div><div class=\"col-auto mt-md-0 mt-2\"><a class=\"btn btn-primary btn-lg px-lg-4 d-none d-md-block\" href=\"https:\/\/comunidad.comprasdominicana.gob.do\/\/Public\/Tendering\/OpportunityDetail\/Index?noticeUID=DO1.NTC.1169836\" target=\"_blank\" title=\"Detalles\"><i class=\"fas fa-link\"><\/i> DETALLES<\/a><a class=\"btn btn-primary btn-lg px-lg-4 d-block d-md-none\" href=\"https:\/\/comunidad.comprasdominicana.gob.do\/\/Public\/Tendering\/OpportunityDetail\/Index?noticeUID=DO1.NTC.1169836\" target=\"_blank\" title=\"Detalles\"><i class=\"fas fa-2x fa-link\"><\/i><\/a><\/div><\/div><\/div><\/div><\/div><\/div>\n        <div class=\"card\">\n            <div class=\"card-header parents\" id=\"heading_compras-menores-69f73f7454400-2022-69f73f7454400-noviembre-69f73f7454400\">\n                <p class=\"title text-blue mb-0\">\n                    <a class=\"btn-block hover text-left collapsed\" data-toggle=\"collapse\" data-target=\"#collap_compras-menores-69f73f7454400-2022-69f73f7454400-noviembre-69f73f7454400\" aria-expanded=\"false\" aria-controls=\"collap_compras-menores-69f73f7454400-2022-69f73f7454400-noviembre-69f73f7454400\">Noviembre<\/a>\n                <\/p>\n            <\/div>\n            <div id=\"collap_compras-menores-69f73f7454400-2022-69f73f7454400-noviembre-69f73f7454400\" class=\"collapse\" aria-labelledby=\"heading_compras-menores-69f73f7454400-2022-69f73f7454400-noviembre-69f73f7454400\" data-parent=\"#collap_compras-menores-69f73f7454400-2022-69f73f7454400\">\n                <div class=\"card-body\"><div class=\"jumbotron archivos\"><div class=\"row align-items-center\"><div class=\"col\"><h6><a class=\"text-dark\" href=\"https:\/\/comunidad.comprasdominicana.gob.do\/\/Public\/Tendering\/OpportunityDetail\/Index?noticeUID=DO1.NTC.1166024\" title=\"Ver\" target=\"_blank\">INESPRE-DAF-CM-2022-0125<\/a><\/h6><p class=\"mb-0 bold\">Adquisici\u00f3n de Uvas Roja dirigido a Mipyme Mujeres<\/p><p class=\"mb-0\" style=\"font-size: .85rem\"><strong title=\"Estado del Proceso\"><i class=\"fas fa-spinner\"><\/i><\/strong> Proceso adjudicado y celebrado<\/p><p class=\"mb-0\" style=\"font-size: .85rem\"><strong title=\"Fecha de Publicaci\u00f3n\"><i class=\"fas fa-calendar-alt\"><\/i><\/strong> Publicado el mi\u00e9rcoles, 30 de noviembre de 2022<\/p><\/div><div class=\"col-auto mt-md-0 mt-2\"><a class=\"btn btn-primary btn-lg px-lg-4 d-none d-md-block\" href=\"https:\/\/comunidad.comprasdominicana.gob.do\/\/Public\/Tendering\/OpportunityDetail\/Index?noticeUID=DO1.NTC.1166024\" target=\"_blank\" title=\"Detalles\"><i class=\"fas fa-link\"><\/i> DETALLES<\/a><a class=\"btn btn-primary btn-lg px-lg-4 d-block d-md-none\" href=\"https:\/\/comunidad.comprasdominicana.gob.do\/\/Public\/Tendering\/OpportunityDetail\/Index?noticeUID=DO1.NTC.1166024\" target=\"_blank\" title=\"Detalles\"><i class=\"fas fa-2x fa-link\"><\/i><\/a><\/div><\/div><\/div><div class=\"jumbotron archivos\"><div class=\"row align-items-center\"><div class=\"col\"><h6><a class=\"text-dark\" href=\"https:\/\/comunidad.comprasdominicana.gob.do\/\/Public\/Tendering\/OpportunityDetail\/Index?noticeUID=DO1.NTC.1163128\" title=\"Ver\" target=\"_blank\">INESPRE-DAF-CM-2022-0124<\/a><\/h6><p class=\"mb-0 bold\">Servicio de Sistema se Distribuci\u00f3n El\u00e9ctrica y Planta El\u00e9ctrica para Ferias Navide\u00f1as INESPRE 2022<\/p><p class=\"mb-0\" style=\"font-size: .85rem\"><strong title=\"Estado del Proceso\"><i class=\"fas fa-spinner\"><\/i><\/strong> Proceso adjudicado y celebrado<\/p><p class=\"mb-0\" style=\"font-size: .85rem\"><strong title=\"Fecha de Publicaci\u00f3n\"><i class=\"fas fa-calendar-alt\"><\/i><\/strong> Publicado el viernes, 25 de noviembre de 2022<\/p><\/div><div class=\"col-auto mt-md-0 mt-2\"><a class=\"btn btn-primary btn-lg px-lg-4 d-none d-md-block\" href=\"https:\/\/comunidad.comprasdominicana.gob.do\/\/Public\/Tendering\/OpportunityDetail\/Index?noticeUID=DO1.NTC.1163128\" target=\"_blank\" title=\"Detalles\"><i class=\"fas fa-link\"><\/i> DETALLES<\/a><a class=\"btn btn-primary btn-lg px-lg-4 d-block d-md-none\" href=\"https:\/\/comunidad.comprasdominicana.gob.do\/\/Public\/Tendering\/OpportunityDetail\/Index?noticeUID=DO1.NTC.1163128\" target=\"_blank\" title=\"Detalles\"><i class=\"fas fa-2x fa-link\"><\/i><\/a><\/div><\/div><\/div><div class=\"jumbotron archivos\"><div class=\"row align-items-center\"><div class=\"col\"><h6><a class=\"text-dark\" href=\"https:\/\/comunidad.comprasdominicana.gob.do\/\/Public\/Tendering\/OpportunityDetail\/Index?noticeUID=DO1.NTC.1163121\" title=\"Ver\" target=\"_blank\">INESPRE-DAF-CM-2022-0123<\/a><\/h6><p class=\"mb-0 bold\">Servicio de Sistema de Luces Ambientales y Sonidos para Ferias Navide\u00f1as INESPRE 2022<\/p><p class=\"mb-0\" style=\"font-size: .85rem\"><strong title=\"Estado del Proceso\"><i class=\"fas fa-spinner\"><\/i><\/strong> Sobres estan abriendose<\/p><p class=\"mb-0\" style=\"font-size: .85rem\"><strong title=\"Fecha de Publicaci\u00f3n\"><i class=\"fas fa-calendar-alt\"><\/i><\/strong> Publicado el viernes, 25 de noviembre de 2022<\/p><\/div><div class=\"col-auto mt-md-0 mt-2\"><a class=\"btn btn-primary btn-lg px-lg-4 d-none d-md-block\" href=\"https:\/\/comunidad.comprasdominicana.gob.do\/\/Public\/Tendering\/OpportunityDetail\/Index?noticeUID=DO1.NTC.1163121\" target=\"_blank\" title=\"Detalles\"><i class=\"fas fa-link\"><\/i> DETALLES<\/a><a class=\"btn btn-primary btn-lg px-lg-4 d-block d-md-none\" href=\"https:\/\/comunidad.comprasdominicana.gob.do\/\/Public\/Tendering\/OpportunityDetail\/Index?noticeUID=DO1.NTC.1163121\" target=\"_blank\" title=\"Detalles\"><i class=\"fas fa-2x fa-link\"><\/i><\/a><\/div><\/div><\/div><div class=\"jumbotron archivos\"><div class=\"row align-items-center\"><div class=\"col\"><h6><a class=\"text-dark\" href=\"https:\/\/comunidad.comprasdominicana.gob.do\/\/Public\/Tendering\/OpportunityDetail\/Index?noticeUID=DO1.NTC.1163119\" title=\"Ver\" target=\"_blank\">INESPRE-DAF-CM-2022-0122<\/a><\/h6><p class=\"mb-0 bold\">Servicio de Instalaci\u00f3n de Estructura para Ferias Navide\u00f1as INESPRE 2022<\/p><p class=\"mb-0\" style=\"font-size: .85rem\"><strong title=\"Estado del Proceso\"><i class=\"fas fa-spinner\"><\/i><\/strong> Proceso adjudicado y celebrado<\/p><p class=\"mb-0\" style=\"font-size: .85rem\"><strong title=\"Fecha de Publicaci\u00f3n\"><i class=\"fas fa-calendar-alt\"><\/i><\/strong> Publicado el viernes, 25 de noviembre de 2022<\/p><\/div><div class=\"col-auto mt-md-0 mt-2\"><a class=\"btn btn-primary btn-lg px-lg-4 d-none d-md-block\" href=\"https:\/\/comunidad.comprasdominicana.gob.do\/\/Public\/Tendering\/OpportunityDetail\/Index?noticeUID=DO1.NTC.1163119\" target=\"_blank\" title=\"Detalles\"><i class=\"fas fa-link\"><\/i> DETALLES<\/a><a class=\"btn btn-primary btn-lg px-lg-4 d-block d-md-none\" href=\"https:\/\/comunidad.comprasdominicana.gob.do\/\/Public\/Tendering\/OpportunityDetail\/Index?noticeUID=DO1.NTC.1163119\" target=\"_blank\" title=\"Detalles\"><i class=\"fas fa-2x fa-link\"><\/i><\/a><\/div><\/div><\/div><div class=\"jumbotron archivos\"><div class=\"row align-items-center\"><div class=\"col\"><h6><a class=\"text-dark\" href=\"https:\/\/comunidad.comprasdominicana.gob.do\/\/Public\/Tendering\/OpportunityDetail\/Index?noticeUID=DO1.NTC.1163108\" title=\"Ver\" target=\"_blank\">INESPRE-DAF-CM-2022-0121<\/a><\/h6><p class=\"mb-0 bold\">Servicio de Instalaci\u00f3n de Techos para Ferias Navide\u00f1as INESPRE 2022<\/p><p class=\"mb-0\" style=\"font-size: .85rem\"><strong title=\"Estado del Proceso\"><i class=\"fas fa-spinner\"><\/i><\/strong> Proceso adjudicado y celebrado<\/p><p class=\"mb-0\" style=\"font-size: .85rem\"><strong title=\"Fecha de Publicaci\u00f3n\"><i class=\"fas fa-calendar-alt\"><\/i><\/strong> Publicado el viernes, 25 de noviembre de 2022<\/p><\/div><div class=\"col-auto mt-md-0 mt-2\"><a class=\"btn btn-primary btn-lg px-lg-4 d-none d-md-block\" href=\"https:\/\/comunidad.comprasdominicana.gob.do\/\/Public\/Tendering\/OpportunityDetail\/Index?noticeUID=DO1.NTC.1163108\" target=\"_blank\" title=\"Detalles\"><i class=\"fas fa-link\"><\/i> DETALLES<\/a><a class=\"btn btn-primary btn-lg px-lg-4 d-block d-md-none\" href=\"https:\/\/comunidad.comprasdominicana.gob.do\/\/Public\/Tendering\/OpportunityDetail\/Index?noticeUID=DO1.NTC.1163108\" target=\"_blank\" title=\"Detalles\"><i class=\"fas fa-2x fa-link\"><\/i><\/a><\/div><\/div><\/div><div class=\"jumbotron archivos\"><div class=\"row align-items-center\"><div class=\"col\"><h6><a class=\"text-dark\" href=\"https:\/\/comunidad.comprasdominicana.gob.do\/\/Public\/Tendering\/OpportunityDetail\/Index?noticeUID=DO1.NTC.1160946\" title=\"Ver\" target=\"_blank\">INESPRE-DAF-CM-2022-0120<\/a><\/h6><p class=\"mb-0 bold\">Servicio de Radiocomunicaci\u00f3n para Ferias Navide\u00f1as INESPRE 2022<\/p><p class=\"mb-0\" style=\"font-size: .85rem\"><strong title=\"Estado del Proceso\"><i class=\"fas fa-spinner\"><\/i><\/strong> Proceso adjudicado y celebrado<\/p><p class=\"mb-0\" style=\"font-size: .85rem\"><strong title=\"Fecha de Publicaci\u00f3n\"><i class=\"fas fa-calendar-alt\"><\/i><\/strong> Publicado el martes, 22 de noviembre de 2022<\/p><\/div><div class=\"col-auto mt-md-0 mt-2\"><a class=\"btn btn-primary btn-lg px-lg-4 d-none d-md-block\" href=\"https:\/\/comunidad.comprasdominicana.gob.do\/\/Public\/Tendering\/OpportunityDetail\/Index?noticeUID=DO1.NTC.1160946\" target=\"_blank\" title=\"Detalles\"><i class=\"fas fa-link\"><\/i> DETALLES<\/a><a class=\"btn btn-primary btn-lg px-lg-4 d-block d-md-none\" href=\"https:\/\/comunidad.comprasdominicana.gob.do\/\/Public\/Tendering\/OpportunityDetail\/Index?noticeUID=DO1.NTC.1160946\" target=\"_blank\" title=\"Detalles\"><i class=\"fas fa-2x fa-link\"><\/i><\/a><\/div><\/div><\/div><div class=\"jumbotron archivos\"><div class=\"row align-items-center\"><div class=\"col\"><h6><a class=\"text-dark\" href=\"https:\/\/comunidad.comprasdominicana.gob.do\/\/Public\/Tendering\/OpportunityDetail\/Index?noticeUID=DO1.NTC.1160625\" title=\"Ver\" target=\"_blank\">INESPRE-DAF-CM-2022-0119<\/a><\/h6><p class=\"mb-0 bold\">Servicio de Almuerzos a domicilio<\/p><p class=\"mb-0\" style=\"font-size: .85rem\"><strong title=\"Estado del Proceso\"><i class=\"fas fa-spinner\"><\/i><\/strong> Proceso adjudicado y celebrado<\/p><p class=\"mb-0\" style=\"font-size: .85rem\"><strong title=\"Fecha de Publicaci\u00f3n\"><i class=\"fas fa-calendar-alt\"><\/i><\/strong> Publicado el martes, 22 de noviembre de 2022<\/p><\/div><div class=\"col-auto mt-md-0 mt-2\"><a class=\"btn btn-primary btn-lg px-lg-4 d-none d-md-block\" href=\"https:\/\/comunidad.comprasdominicana.gob.do\/\/Public\/Tendering\/OpportunityDetail\/Index?noticeUID=DO1.NTC.1160625\" target=\"_blank\" title=\"Detalles\"><i class=\"fas fa-link\"><\/i> DETALLES<\/a><a class=\"btn btn-primary btn-lg px-lg-4 d-block d-md-none\" href=\"https:\/\/comunidad.comprasdominicana.gob.do\/\/Public\/Tendering\/OpportunityDetail\/Index?noticeUID=DO1.NTC.1160625\" target=\"_blank\" title=\"Detalles\"><i class=\"fas fa-2x fa-link\"><\/i><\/a><\/div><\/div><\/div><div class=\"jumbotron archivos\"><div class=\"row align-items-center\"><div class=\"col\"><h6><a class=\"text-dark\" href=\"https:\/\/comunidad.comprasdominicana.gob.do\/\/Public\/Tendering\/OpportunityDetail\/Index?noticeUID=DO1.NTC.1159804\" title=\"Ver\" target=\"_blank\">INESPRE-DAF-CM-2022-0118<\/a><\/h6><p class=\"mb-0 bold\">Adquisici\u00f3n de Bajantes impresos para las Ferias Navide\u00f1as INESPRE 2022 en varios lugares<\/p><p class=\"mb-0\" style=\"font-size: .85rem\"><strong title=\"Estado del Proceso\"><i class=\"fas fa-spinner\"><\/i><\/strong> Proceso adjudicado y celebrado<\/p><p class=\"mb-0\" style=\"font-size: .85rem\"><strong title=\"Fecha de Publicaci\u00f3n\"><i class=\"fas fa-calendar-alt\"><\/i><\/strong> Publicado el viernes, 18 de noviembre de 2022<\/p><\/div><div class=\"col-auto mt-md-0 mt-2\"><a class=\"btn btn-primary btn-lg px-lg-4 d-none d-md-block\" href=\"https:\/\/comunidad.comprasdominicana.gob.do\/\/Public\/Tendering\/OpportunityDetail\/Index?noticeUID=DO1.NTC.1159804\" target=\"_blank\" title=\"Detalles\"><i class=\"fas fa-link\"><\/i> DETALLES<\/a><a class=\"btn btn-primary btn-lg px-lg-4 d-block d-md-none\" href=\"https:\/\/comunidad.comprasdominicana.gob.do\/\/Public\/Tendering\/OpportunityDetail\/Index?noticeUID=DO1.NTC.1159804\" target=\"_blank\" title=\"Detalles\"><i class=\"fas fa-2x fa-link\"><\/i><\/a><\/div><\/div><\/div><div class=\"jumbotron archivos\"><div class=\"row align-items-center\"><div class=\"col\"><h6><a class=\"text-dark\" href=\"https:\/\/comunidad.comprasdominicana.gob.do\/\/Public\/Tendering\/OpportunityDetail\/Index?noticeUID=DO1.NTC.1159214\" title=\"Ver\" target=\"_blank\">INESPRE-DAF-CM-2022-0116<\/a><\/h6><p class=\"mb-0 bold\">Adquisici\u00f3n de Pasas secas racimales<\/p><p class=\"mb-0\" style=\"font-size: .85rem\"><strong title=\"Estado del Proceso\"><i class=\"fas fa-spinner\"><\/i><\/strong> Proceso adjudicado y celebrado<\/p><p class=\"mb-0\" style=\"font-size: .85rem\"><strong title=\"Fecha de Publicaci\u00f3n\"><i class=\"fas fa-calendar-alt\"><\/i><\/strong> Publicado el jueves, 17 de noviembre de 2022<\/p><\/div><div class=\"col-auto mt-md-0 mt-2\"><a class=\"btn btn-primary btn-lg px-lg-4 d-none d-md-block\" href=\"https:\/\/comunidad.comprasdominicana.gob.do\/\/Public\/Tendering\/OpportunityDetail\/Index?noticeUID=DO1.NTC.1159214\" target=\"_blank\" title=\"Detalles\"><i class=\"fas fa-link\"><\/i> DETALLES<\/a><a class=\"btn btn-primary btn-lg px-lg-4 d-block d-md-none\" href=\"https:\/\/comunidad.comprasdominicana.gob.do\/\/Public\/Tendering\/OpportunityDetail\/Index?noticeUID=DO1.NTC.1159214\" target=\"_blank\" title=\"Detalles\"><i class=\"fas fa-2x fa-link\"><\/i><\/a><\/div><\/div><\/div><div class=\"jumbotron archivos\"><div class=\"row align-items-center\"><div class=\"col\"><h6><a class=\"text-dark\" href=\"https:\/\/comunidad.comprasdominicana.gob.do\/\/Public\/Tendering\/OpportunityDetail\/Index?noticeUID=DO1.NTC.1158709\" title=\"Ver\" target=\"_blank\">INESPRE-DAF-CM-2022-0117<\/a><\/h6><p class=\"mb-0 bold\">Adquisici\u00f3n de Manzanas Rojas<\/p><p class=\"mb-0\" style=\"font-size: .85rem\"><strong title=\"Estado del Proceso\"><i class=\"fas fa-spinner\"><\/i><\/strong> Proceso adjudicado y celebrado<\/p><p class=\"mb-0\" style=\"font-size: .85rem\"><strong title=\"Fecha de Publicaci\u00f3n\"><i class=\"fas fa-calendar-alt\"><\/i><\/strong> Publicado el jueves, 17 de noviembre de 2022<\/p><\/div><div class=\"col-auto mt-md-0 mt-2\"><a class=\"btn btn-primary btn-lg px-lg-4 d-none d-md-block\" href=\"https:\/\/comunidad.comprasdominicana.gob.do\/\/Public\/Tendering\/OpportunityDetail\/Index?noticeUID=DO1.NTC.1158709\" target=\"_blank\" title=\"Detalles\"><i class=\"fas fa-link\"><\/i> DETALLES<\/a><a class=\"btn btn-primary btn-lg px-lg-4 d-block d-md-none\" href=\"https:\/\/comunidad.comprasdominicana.gob.do\/\/Public\/Tendering\/OpportunityDetail\/Index?noticeUID=DO1.NTC.1158709\" target=\"_blank\" title=\"Detalles\"><i class=\"fas fa-2x fa-link\"><\/i><\/a><\/div><\/div><\/div><div class=\"jumbotron archivos\"><div class=\"row align-items-center\"><div class=\"col\"><h6><a class=\"text-dark\" href=\"https:\/\/comunidad.comprasdominicana.gob.do\/\/Public\/Tendering\/OpportunityDetail\/Index?noticeUID=DO1.NTC.1159211\" title=\"Ver\" target=\"_blank\">INESPRE-DAF-CM-2022-0115<\/a><\/h6><p class=\"mb-0 bold\">Adquisici\u00f3n de Gomitas Navide\u00f1as<\/p><p class=\"mb-0\" style=\"font-size: .85rem\"><strong title=\"Estado del Proceso\"><i class=\"fas fa-spinner\"><\/i><\/strong> Proceso adjudicado y celebrado<\/p><p class=\"mb-0\" style=\"font-size: .85rem\"><strong title=\"Fecha de Publicaci\u00f3n\"><i class=\"fas fa-calendar-alt\"><\/i><\/strong> Publicado el jueves, 17 de noviembre de 2022<\/p><\/div><div class=\"col-auto mt-md-0 mt-2\"><a class=\"btn btn-primary btn-lg px-lg-4 d-none d-md-block\" href=\"https:\/\/comunidad.comprasdominicana.gob.do\/\/Public\/Tendering\/OpportunityDetail\/Index?noticeUID=DO1.NTC.1159211\" target=\"_blank\" title=\"Detalles\"><i class=\"fas fa-link\"><\/i> DETALLES<\/a><a class=\"btn btn-primary btn-lg px-lg-4 d-block d-md-none\" href=\"https:\/\/comunidad.comprasdominicana.gob.do\/\/Public\/Tendering\/OpportunityDetail\/Index?noticeUID=DO1.NTC.1159211\" target=\"_blank\" title=\"Detalles\"><i class=\"fas fa-2x fa-link\"><\/i><\/a><\/div><\/div><\/div><div class=\"jumbotron archivos\"><div class=\"row align-items-center\"><div class=\"col\"><h6><a class=\"text-dark\" href=\"https:\/\/comunidad.comprasdominicana.gob.do\/\/Public\/Tendering\/OpportunityDetail\/Index?noticeUID=DO1.NTC.1159206\" title=\"Ver\" target=\"_blank\">INESPRE-DAF-CM-2022-0114<\/a><\/h6><p class=\"mb-0 bold\">Adquisici\u00f3n de Nueces (Coquitos)<\/p><p class=\"mb-0\" style=\"font-size: .85rem\"><strong title=\"Estado del Proceso\"><i class=\"fas fa-spinner\"><\/i><\/strong> Proceso adjudicado y celebrado<\/p><p class=\"mb-0\" style=\"font-size: .85rem\"><strong title=\"Fecha de Publicaci\u00f3n\"><i class=\"fas fa-calendar-alt\"><\/i><\/strong> Publicado el jueves, 17 de noviembre de 2022<\/p><\/div><div class=\"col-auto mt-md-0 mt-2\"><a class=\"btn btn-primary btn-lg px-lg-4 d-none d-md-block\" href=\"https:\/\/comunidad.comprasdominicana.gob.do\/\/Public\/Tendering\/OpportunityDetail\/Index?noticeUID=DO1.NTC.1159206\" target=\"_blank\" title=\"Detalles\"><i class=\"fas fa-link\"><\/i> DETALLES<\/a><a class=\"btn btn-primary btn-lg px-lg-4 d-block d-md-none\" href=\"https:\/\/comunidad.comprasdominicana.gob.do\/\/Public\/Tendering\/OpportunityDetail\/Index?noticeUID=DO1.NTC.1159206\" target=\"_blank\" title=\"Detalles\"><i class=\"fas fa-2x fa-link\"><\/i><\/a><\/div><\/div><\/div><div class=\"jumbotron archivos\"><div class=\"row align-items-center\"><div class=\"col\"><h6><a class=\"text-dark\" href=\"https:\/\/comunidad.comprasdominicana.gob.do\/\/Public\/Tendering\/OpportunityDetail\/Index?noticeUID=DO1.NTC.1159205\" title=\"Ver\" target=\"_blank\">INESPRE-DAF-CM-2022-0113<\/a><\/h6><p class=\"mb-0 bold\">Adquisici\u00f3n de Uvas Rojas<\/p><p class=\"mb-0\" style=\"font-size: .85rem\"><strong title=\"Estado del Proceso\"><i class=\"fas fa-spinner\"><\/i><\/strong> Cancelado<\/p><p class=\"mb-0\" style=\"font-size: .85rem\"><strong title=\"Fecha de Publicaci\u00f3n\"><i class=\"fas fa-calendar-alt\"><\/i><\/strong> Publicado el jueves, 17 de noviembre de 2022<\/p><\/div><div class=\"col-auto mt-md-0 mt-2\"><a class=\"btn btn-primary btn-lg px-lg-4 d-none d-md-block\" href=\"https:\/\/comunidad.comprasdominicana.gob.do\/\/Public\/Tendering\/OpportunityDetail\/Index?noticeUID=DO1.NTC.1159205\" target=\"_blank\" title=\"Detalles\"><i class=\"fas fa-link\"><\/i> DETALLES<\/a><a class=\"btn btn-primary btn-lg px-lg-4 d-block d-md-none\" href=\"https:\/\/comunidad.comprasdominicana.gob.do\/\/Public\/Tendering\/OpportunityDetail\/Index?noticeUID=DO1.NTC.1159205\" target=\"_blank\" title=\"Detalles\"><i class=\"fas fa-2x fa-link\"><\/i><\/a><\/div><\/div><\/div><div class=\"jumbotron archivos\"><div class=\"row align-items-center\"><div class=\"col\"><h6><a class=\"text-dark\" href=\"https:\/\/comunidad.comprasdominicana.gob.do\/\/Public\/Tendering\/OpportunityDetail\/Index?noticeUID=DO1.NTC.1158527\" title=\"Ver\" target=\"_blank\">INESPRE-DAF-CM-2022-0111<\/a><\/h6><p class=\"mb-0 bold\">Adquisici\u00f3n de Sacos para empacar<\/p><p class=\"mb-0\" style=\"font-size: .85rem\"><strong title=\"Estado del Proceso\"><i class=\"fas fa-spinner\"><\/i><\/strong> Proceso adjudicado y celebrado<\/p><p class=\"mb-0\" style=\"font-size: .85rem\"><strong title=\"Fecha de Publicaci\u00f3n\"><i class=\"fas fa-calendar-alt\"><\/i><\/strong> Publicado el mi\u00e9rcoles, 16 de noviembre de 2022<\/p><\/div><div class=\"col-auto mt-md-0 mt-2\"><a class=\"btn btn-primary btn-lg px-lg-4 d-none d-md-block\" href=\"https:\/\/comunidad.comprasdominicana.gob.do\/\/Public\/Tendering\/OpportunityDetail\/Index?noticeUID=DO1.NTC.1158527\" target=\"_blank\" title=\"Detalles\"><i class=\"fas fa-link\"><\/i> DETALLES<\/a><a class=\"btn btn-primary btn-lg px-lg-4 d-block d-md-none\" href=\"https:\/\/comunidad.comprasdominicana.gob.do\/\/Public\/Tendering\/OpportunityDetail\/Index?noticeUID=DO1.NTC.1158527\" target=\"_blank\" title=\"Detalles\"><i class=\"fas fa-2x fa-link\"><\/i><\/a><\/div><\/div><\/div><div class=\"jumbotron archivos\"><div class=\"row align-items-center\"><div class=\"col\"><h6><a class=\"text-dark\" href=\"https:\/\/comunidad.comprasdominicana.gob.do\/\/Public\/Tendering\/OpportunityDetail\/Index?noticeUID=DO1.NTC.1158208\" title=\"Ver\" target=\"_blank\">INESPRE-DAF-CM-2022-0112<\/a><\/h6><p class=\"mb-0 bold\">Servicio de Corte y Empaque de Carne congelada<\/p><p class=\"mb-0\" style=\"font-size: .85rem\"><strong title=\"Estado del Proceso\"><i class=\"fas fa-spinner\"><\/i><\/strong> Proceso adjudicado y celebrado<\/p><p class=\"mb-0\" style=\"font-size: .85rem\"><strong title=\"Fecha de Publicaci\u00f3n\"><i class=\"fas fa-calendar-alt\"><\/i><\/strong> Publicado el mi\u00e9rcoles, 16 de noviembre de 2022<\/p><\/div><div class=\"col-auto mt-md-0 mt-2\"><a class=\"btn btn-primary btn-lg px-lg-4 d-none d-md-block\" href=\"https:\/\/comunidad.comprasdominicana.gob.do\/\/Public\/Tendering\/OpportunityDetail\/Index?noticeUID=DO1.NTC.1158208\" target=\"_blank\" title=\"Detalles\"><i class=\"fas fa-link\"><\/i> DETALLES<\/a><a class=\"btn btn-primary btn-lg px-lg-4 d-block d-md-none\" href=\"https:\/\/comunidad.comprasdominicana.gob.do\/\/Public\/Tendering\/OpportunityDetail\/Index?noticeUID=DO1.NTC.1158208\" target=\"_blank\" title=\"Detalles\"><i class=\"fas fa-2x fa-link\"><\/i><\/a><\/div><\/div><\/div><div class=\"jumbotron archivos\"><div class=\"row align-items-center\"><div class=\"col\"><h6><a class=\"text-dark\" href=\"https:\/\/comunidad.comprasdominicana.gob.do\/\/Public\/Tendering\/OpportunityDetail\/Index?noticeUID=DO1.NTC.1157267\" title=\"Ver\" target=\"_blank\">INESPRE-DAF-CM-2022-0110<\/a><\/h6><p class=\"mb-0 bold\">Adquisici\u00f3n de Papel de Ba\u00f1o, Servilletas y otros dirigido a Mipyme<\/p><p class=\"mb-0\" style=\"font-size: .85rem\"><strong title=\"Estado del Proceso\"><i class=\"fas fa-spinner\"><\/i><\/strong> Proceso adjudicado y celebrado<\/p><p class=\"mb-0\" style=\"font-size: .85rem\"><strong title=\"Fecha de Publicaci\u00f3n\"><i class=\"fas fa-calendar-alt\"><\/i><\/strong> Publicado el lunes, 14 de noviembre de 2022<\/p><\/div><div class=\"col-auto mt-md-0 mt-2\"><a class=\"btn btn-primary btn-lg px-lg-4 d-none d-md-block\" href=\"https:\/\/comunidad.comprasdominicana.gob.do\/\/Public\/Tendering\/OpportunityDetail\/Index?noticeUID=DO1.NTC.1157267\" target=\"_blank\" title=\"Detalles\"><i class=\"fas fa-link\"><\/i> DETALLES<\/a><a class=\"btn btn-primary btn-lg px-lg-4 d-block d-md-none\" href=\"https:\/\/comunidad.comprasdominicana.gob.do\/\/Public\/Tendering\/OpportunityDetail\/Index?noticeUID=DO1.NTC.1157267\" target=\"_blank\" title=\"Detalles\"><i class=\"fas fa-2x fa-link\"><\/i><\/a><\/div><\/div><\/div><div class=\"jumbotron archivos\"><div class=\"row align-items-center\"><div class=\"col\"><h6><a class=\"text-dark\" href=\"https:\/\/comunidad.comprasdominicana.gob.do\/\/Public\/Tendering\/OpportunityDetail\/Index?noticeUID=DO1.NTC.1157024\" title=\"Ver\" target=\"_blank\">INESPRE-DAF-CM-2022-0109<\/a><\/h6><p class=\"mb-0 bold\">Adquisici\u00f3n de Suministros de oficina dirigido a Mipymes Mujeres<\/p><p class=\"mb-0\" style=\"font-size: .85rem\"><strong title=\"Estado del Proceso\"><i class=\"fas fa-spinner\"><\/i><\/strong> Proceso adjudicado y celebrado<\/p><p class=\"mb-0\" style=\"font-size: .85rem\"><strong title=\"Fecha de Publicaci\u00f3n\"><i class=\"fas fa-calendar-alt\"><\/i><\/strong> Publicado el lunes, 14 de noviembre de 2022<\/p><\/div><div class=\"col-auto mt-md-0 mt-2\"><a class=\"btn btn-primary btn-lg px-lg-4 d-none d-md-block\" href=\"https:\/\/comunidad.comprasdominicana.gob.do\/\/Public\/Tendering\/OpportunityDetail\/Index?noticeUID=DO1.NTC.1157024\" target=\"_blank\" title=\"Detalles\"><i class=\"fas fa-link\"><\/i> DETALLES<\/a><a class=\"btn btn-primary btn-lg px-lg-4 d-block d-md-none\" href=\"https:\/\/comunidad.comprasdominicana.gob.do\/\/Public\/Tendering\/OpportunityDetail\/Index?noticeUID=DO1.NTC.1157024\" target=\"_blank\" title=\"Detalles\"><i class=\"fas fa-2x fa-link\"><\/i><\/a><\/div><\/div><\/div><div class=\"jumbotron archivos\"><div class=\"row align-items-center\"><div class=\"col\"><h6><a class=\"text-dark\" href=\"https:\/\/comunidad.comprasdominicana.gob.do\/\/Public\/Tendering\/OpportunityDetail\/Index?noticeUID=DO1.NTC.1155511\" title=\"Ver\" target=\"_blank\">INESPRE-DAF-CM-2022-0108<\/a><\/h6><p class=\"mb-0 bold\">Servicio de Alquiler de Planta El\u00e9ctrica dirigido a Mipymes Mujeres<\/p><p class=\"mb-0\" style=\"font-size: .85rem\"><strong title=\"Estado del Proceso\"><i class=\"fas fa-spinner\"><\/i><\/strong> Proceso adjudicado y celebrado<\/p><p class=\"mb-0\" style=\"font-size: .85rem\"><strong title=\"Fecha de Publicaci\u00f3n\"><i class=\"fas fa-calendar-alt\"><\/i><\/strong> Publicado el jueves, 10 de noviembre de 2022<\/p><\/div><div class=\"col-auto mt-md-0 mt-2\"><a class=\"btn btn-primary btn-lg px-lg-4 d-none d-md-block\" href=\"https:\/\/comunidad.comprasdominicana.gob.do\/\/Public\/Tendering\/OpportunityDetail\/Index?noticeUID=DO1.NTC.1155511\" target=\"_blank\" title=\"Detalles\"><i class=\"fas fa-link\"><\/i> DETALLES<\/a><a class=\"btn btn-primary btn-lg px-lg-4 d-block d-md-none\" href=\"https:\/\/comunidad.comprasdominicana.gob.do\/\/Public\/Tendering\/OpportunityDetail\/Index?noticeUID=DO1.NTC.1155511\" target=\"_blank\" title=\"Detalles\"><i class=\"fas fa-2x fa-link\"><\/i><\/a><\/div><\/div><\/div><div class=\"jumbotron archivos\"><div class=\"row align-items-center\"><div class=\"col\"><h6><a class=\"text-dark\" href=\"https:\/\/comunidad.comprasdominicana.gob.do\/\/Public\/Tendering\/OpportunityDetail\/Index?noticeUID=DO1.NTC.1151343\" title=\"Ver\" target=\"_blank\">INESPRE-DAF-CM-2022-0107<\/a><\/h6><p class=\"mb-0 bold\">Servicio de Alquiler de Bodegas por tres meses, dirigido a Mipyme<\/p><p class=\"mb-0\" style=\"font-size: .85rem\"><strong title=\"Estado del Proceso\"><i class=\"fas fa-spinner\"><\/i><\/strong> Proceso adjudicado y celebrado<\/p><p class=\"mb-0\" style=\"font-size: .85rem\"><strong title=\"Fecha de Publicaci\u00f3n\"><i class=\"fas fa-calendar-alt\"><\/i><\/strong> Publicado el mi\u00e9rcoles, 2 de noviembre de 2022<\/p><\/div><div class=\"col-auto mt-md-0 mt-2\"><a class=\"btn btn-primary btn-lg px-lg-4 d-none d-md-block\" href=\"https:\/\/comunidad.comprasdominicana.gob.do\/\/Public\/Tendering\/OpportunityDetail\/Index?noticeUID=DO1.NTC.1151343\" target=\"_blank\" title=\"Detalles\"><i class=\"fas fa-link\"><\/i> DETALLES<\/a><a class=\"btn btn-primary btn-lg px-lg-4 d-block d-md-none\" href=\"https:\/\/comunidad.comprasdominicana.gob.do\/\/Public\/Tendering\/OpportunityDetail\/Index?noticeUID=DO1.NTC.1151343\" target=\"_blank\" title=\"Detalles\"><i class=\"fas fa-2x fa-link\"><\/i><\/a><\/div><\/div><\/div><div class=\"jumbotron archivos\"><div class=\"row align-items-center\"><div class=\"col\"><h6><a class=\"text-dark\" href=\"https:\/\/comunidad.comprasdominicana.gob.do\/\/Public\/Tendering\/OpportunityDetail\/Index?noticeUID=DO1.NTC.1150551\" title=\"Ver\" target=\"_blank\">INESPRE-DAF-CM-2022-0106<\/a><\/h6><p class=\"mb-0 bold\">Alquiler de Almacenes por tres meses<\/p><p class=\"mb-0\" style=\"font-size: .85rem\"><strong title=\"Estado del Proceso\"><i class=\"fas fa-spinner\"><\/i><\/strong> Proceso adjudicado y celebrado<\/p><p class=\"mb-0\" style=\"font-size: .85rem\"><strong title=\"Fecha de Publicaci\u00f3n\"><i class=\"fas fa-calendar-alt\"><\/i><\/strong> Publicado el martes, 1 de noviembre de 2022<\/p><\/div><div class=\"col-auto mt-md-0 mt-2\"><a class=\"btn btn-primary btn-lg px-lg-4 d-none d-md-block\" href=\"https:\/\/comunidad.comprasdominicana.gob.do\/\/Public\/Tendering\/OpportunityDetail\/Index?noticeUID=DO1.NTC.1150551\" target=\"_blank\" title=\"Detalles\"><i class=\"fas fa-link\"><\/i> DETALLES<\/a><a class=\"btn btn-primary btn-lg px-lg-4 d-block d-md-none\" href=\"https:\/\/comunidad.comprasdominicana.gob.do\/\/Public\/Tendering\/OpportunityDetail\/Index?noticeUID=DO1.NTC.1150551\" target=\"_blank\" title=\"Detalles\"><i class=\"fas fa-2x fa-link\"><\/i><\/a><\/div><\/div><\/div><\/div><\/div><\/div>\n        <div class=\"card\">\n            <div class=\"card-header parents\" id=\"heading_compras-menores-69f73f7454400-2022-69f73f7454400-octubre-69f73f7454400\">\n                <p class=\"title text-blue mb-0\">\n                    <a class=\"btn-block hover text-left collapsed\" data-toggle=\"collapse\" data-target=\"#collap_compras-menores-69f73f7454400-2022-69f73f7454400-octubre-69f73f7454400\" aria-expanded=\"false\" aria-controls=\"collap_compras-menores-69f73f7454400-2022-69f73f7454400-octubre-69f73f7454400\">Octubre<\/a>\n                <\/p>\n            <\/div>\n            <div id=\"collap_compras-menores-69f73f7454400-2022-69f73f7454400-octubre-69f73f7454400\" class=\"collapse\" aria-labelledby=\"heading_compras-menores-69f73f7454400-2022-69f73f7454400-octubre-69f73f7454400\" data-parent=\"#collap_compras-menores-69f73f7454400-2022-69f73f7454400\">\n                <div class=\"card-body\"><div class=\"jumbotron archivos\"><div class=\"row align-items-center\"><div class=\"col\"><h6><a class=\"text-dark\" href=\"https:\/\/comunidad.comprasdominicana.gob.do\/\/Public\/Tendering\/OpportunityDetail\/Index?noticeUID=DO1.NTC.1150148\" title=\"Ver\" target=\"_blank\">INESPRE-DAF-CM-2022-0105<\/a><\/h6><p class=\"mb-0 bold\">Adquisici\u00f3n de Productos para el Control de Plagas<\/p><p class=\"mb-0\" style=\"font-size: .85rem\"><strong title=\"Estado del Proceso\"><i class=\"fas fa-spinner\"><\/i><\/strong> Proceso adjudicado y celebrado<\/p><p class=\"mb-0\" style=\"font-size: .85rem\"><strong title=\"Fecha de Publicaci\u00f3n\"><i class=\"fas fa-calendar-alt\"><\/i><\/strong> Publicado el lunes, 31 de octubre de 2022<\/p><\/div><div class=\"col-auto mt-md-0 mt-2\"><a class=\"btn btn-primary btn-lg px-lg-4 d-none d-md-block\" href=\"https:\/\/comunidad.comprasdominicana.gob.do\/\/Public\/Tendering\/OpportunityDetail\/Index?noticeUID=DO1.NTC.1150148\" target=\"_blank\" title=\"Detalles\"><i class=\"fas fa-link\"><\/i> DETALLES<\/a><a class=\"btn btn-primary btn-lg px-lg-4 d-block d-md-none\" href=\"https:\/\/comunidad.comprasdominicana.gob.do\/\/Public\/Tendering\/OpportunityDetail\/Index?noticeUID=DO1.NTC.1150148\" target=\"_blank\" title=\"Detalles\"><i class=\"fas fa-2x fa-link\"><\/i><\/a><\/div><\/div><\/div><div class=\"jumbotron archivos\"><div class=\"row align-items-center\"><div class=\"col\"><h6><a class=\"text-dark\" href=\"https:\/\/comunidad.comprasdominicana.gob.do\/\/Public\/Tendering\/OpportunityDetail\/Index?noticeUID=DO1.NTC.1150353\" title=\"Ver\" target=\"_blank\">INESPRE-DAF-CM-2022-0104<\/a><\/h6><p class=\"mb-0 bold\">Servicio de Alquiler de Bodegas por tres (03) meses dirigido a Mipymes mujer<\/p><p class=\"mb-0\" style=\"font-size: .85rem\"><strong title=\"Estado del Proceso\"><i class=\"fas fa-spinner\"><\/i><\/strong> Proceso adjudicado y celebrado<\/p><p class=\"mb-0\" style=\"font-size: .85rem\"><strong title=\"Fecha de Publicaci\u00f3n\"><i class=\"fas fa-calendar-alt\"><\/i><\/strong> Publicado el lunes, 31 de octubre de 2022<\/p><\/div><div class=\"col-auto mt-md-0 mt-2\"><a class=\"btn btn-primary btn-lg px-lg-4 d-none d-md-block\" href=\"https:\/\/comunidad.comprasdominicana.gob.do\/\/Public\/Tendering\/OpportunityDetail\/Index?noticeUID=DO1.NTC.1150353\" target=\"_blank\" title=\"Detalles\"><i class=\"fas fa-link\"><\/i> DETALLES<\/a><a class=\"btn btn-primary btn-lg px-lg-4 d-block d-md-none\" href=\"https:\/\/comunidad.comprasdominicana.gob.do\/\/Public\/Tendering\/OpportunityDetail\/Index?noticeUID=DO1.NTC.1150353\" target=\"_blank\" title=\"Detalles\"><i class=\"fas fa-2x fa-link\"><\/i><\/a><\/div><\/div><\/div><div class=\"jumbotron archivos\"><div class=\"row align-items-center\"><div class=\"col\"><h6><a class=\"text-dark\" href=\"https:\/\/comunidad.comprasdominicana.gob.do\/\/Public\/Tendering\/OpportunityDetail\/Index?noticeUID=DO1.NTC.1149543\" title=\"Ver\" target=\"_blank\">INESPRE-DAF-CM-2022-0103<\/a><\/h6><p class=\"mb-0 bold\">Contrataci\u00f3n de Servicio e Instalaci\u00f3n de Equipos de Impresi\u00f3n y Copiado Multifuncionales<\/p><p class=\"mb-0\" style=\"font-size: .85rem\"><strong title=\"Estado del Proceso\"><i class=\"fas fa-spinner\"><\/i><\/strong> Proceso adjudicado y celebrado<\/p><p class=\"mb-0\" style=\"font-size: .85rem\"><strong title=\"Fecha de Publicaci\u00f3n\"><i class=\"fas fa-calendar-alt\"><\/i><\/strong> Publicado el viernes, 28 de octubre de 2022<\/p><\/div><div class=\"col-auto mt-md-0 mt-2\"><a class=\"btn btn-primary btn-lg px-lg-4 d-none d-md-block\" href=\"https:\/\/comunidad.comprasdominicana.gob.do\/\/Public\/Tendering\/OpportunityDetail\/Index?noticeUID=DO1.NTC.1149543\" target=\"_blank\" title=\"Detalles\"><i class=\"fas fa-link\"><\/i> DETALLES<\/a><a class=\"btn btn-primary btn-lg px-lg-4 d-block d-md-none\" href=\"https:\/\/comunidad.comprasdominicana.gob.do\/\/Public\/Tendering\/OpportunityDetail\/Index?noticeUID=DO1.NTC.1149543\" target=\"_blank\" title=\"Detalles\"><i class=\"fas fa-2x fa-link\"><\/i><\/a><\/div><\/div><\/div><div class=\"jumbotron archivos\"><div class=\"row align-items-center\"><div class=\"col\"><h6><a class=\"text-dark\" href=\"https:\/\/comunidad.comprasdominicana.gob.do\/\/Public\/Tendering\/OpportunityDetail\/Index?noticeUID=DO1.NTC.1148619\" title=\"Ver\" target=\"_blank\">INESPRE-DAF-CM-2022-0102<\/a><\/h6><p class=\"mb-0 bold\">Adquisici\u00f3n de Aires Acondicionados<\/p><p class=\"mb-0\" style=\"font-size: .85rem\"><strong title=\"Estado del Proceso\"><i class=\"fas fa-spinner\"><\/i><\/strong> Proceso adjudicado y celebrado<\/p><p class=\"mb-0\" style=\"font-size: .85rem\"><strong title=\"Fecha de Publicaci\u00f3n\"><i class=\"fas fa-calendar-alt\"><\/i><\/strong> Publicado el jueves, 27 de octubre de 2022<\/p><\/div><div class=\"col-auto mt-md-0 mt-2\"><a class=\"btn btn-primary btn-lg px-lg-4 d-none d-md-block\" href=\"https:\/\/comunidad.comprasdominicana.gob.do\/\/Public\/Tendering\/OpportunityDetail\/Index?noticeUID=DO1.NTC.1148619\" target=\"_blank\" title=\"Detalles\"><i class=\"fas fa-link\"><\/i> DETALLES<\/a><a class=\"btn btn-primary btn-lg px-lg-4 d-block d-md-none\" href=\"https:\/\/comunidad.comprasdominicana.gob.do\/\/Public\/Tendering\/OpportunityDetail\/Index?noticeUID=DO1.NTC.1148619\" target=\"_blank\" title=\"Detalles\"><i class=\"fas fa-2x fa-link\"><\/i><\/a><\/div><\/div><\/div><div class=\"jumbotron archivos\"><div class=\"row align-items-center\"><div class=\"col\"><h6><a class=\"text-dark\" href=\"https:\/\/comunidad.comprasdominicana.gob.do\/\/Public\/Tendering\/OpportunityDetail\/Index?noticeUID=DO1.NTC.1145913\" title=\"Ver\" target=\"_blank\">INESPRE-DAF-CM-2022-0101<\/a><\/h6><p class=\"mb-0 bold\">Servicio de Alquiler de Dos Contenedores Refrigerados por un periodo de tres (03) meses dirigido a  Mipymes Mujer<\/p><p class=\"mb-0\" style=\"font-size: .85rem\"><strong title=\"Estado del Proceso\"><i class=\"fas fa-spinner\"><\/i><\/strong> Proceso adjudicado y celebrado<\/p><p class=\"mb-0\" style=\"font-size: .85rem\"><strong title=\"Fecha de Publicaci\u00f3n\"><i class=\"fas fa-calendar-alt\"><\/i><\/strong> Publicado el jueves, 20 de octubre de 2022<\/p><\/div><div class=\"col-auto mt-md-0 mt-2\"><a class=\"btn btn-primary btn-lg px-lg-4 d-none d-md-block\" href=\"https:\/\/comunidad.comprasdominicana.gob.do\/\/Public\/Tendering\/OpportunityDetail\/Index?noticeUID=DO1.NTC.1145913\" target=\"_blank\" title=\"Detalles\"><i class=\"fas fa-link\"><\/i> DETALLES<\/a><a class=\"btn btn-primary btn-lg px-lg-4 d-block d-md-none\" href=\"https:\/\/comunidad.comprasdominicana.gob.do\/\/Public\/Tendering\/OpportunityDetail\/Index?noticeUID=DO1.NTC.1145913\" target=\"_blank\" title=\"Detalles\"><i class=\"fas fa-2x fa-link\"><\/i><\/a><\/div><\/div><\/div><div class=\"jumbotron archivos\"><div class=\"row align-items-center\"><div class=\"col\"><h6><a class=\"text-dark\" href=\"https:\/\/comunidad.comprasdominicana.gob.do\/\/Public\/Tendering\/OpportunityDetail\/Index?noticeUID=DO1.NTC.1145123\" title=\"Ver\" target=\"_blank\">INESPRE-DAF-CM-2022-0100<\/a><\/h6><p class=\"mb-0 bold\">Servicio de rehabilitaci\u00f3n de C\u00e1mara refrigerada y Contenedor refrigerado Dirigido a MIPYMES<\/p><p class=\"mb-0\" style=\"font-size: .85rem\"><strong title=\"Estado del Proceso\"><i class=\"fas fa-spinner\"><\/i><\/strong> Proceso adjudicado y celebrado<\/p><p class=\"mb-0\" style=\"font-size: .85rem\"><strong title=\"Fecha de Publicaci\u00f3n\"><i class=\"fas fa-calendar-alt\"><\/i><\/strong> Publicado el mi\u00e9rcoles, 19 de octubre de 2022<\/p><\/div><div class=\"col-auto mt-md-0 mt-2\"><a class=\"btn btn-primary btn-lg px-lg-4 d-none d-md-block\" href=\"https:\/\/comunidad.comprasdominicana.gob.do\/\/Public\/Tendering\/OpportunityDetail\/Index?noticeUID=DO1.NTC.1145123\" target=\"_blank\" title=\"Detalles\"><i class=\"fas fa-link\"><\/i> DETALLES<\/a><a class=\"btn btn-primary btn-lg px-lg-4 d-block d-md-none\" href=\"https:\/\/comunidad.comprasdominicana.gob.do\/\/Public\/Tendering\/OpportunityDetail\/Index?noticeUID=DO1.NTC.1145123\" target=\"_blank\" title=\"Detalles\"><i class=\"fas fa-2x fa-link\"><\/i><\/a><\/div><\/div><\/div><div class=\"jumbotron archivos\"><div class=\"row align-items-center\"><div class=\"col\"><h6><a class=\"text-dark\" href=\"https:\/\/comunidad.comprasdominicana.gob.do\/\/Public\/Tendering\/OpportunityDetail\/Index?noticeUID=DO1.NTC.1140809\" title=\"Ver\" target=\"_blank\">INESPRE-DAF-CM-2022-0098<\/a><\/h6><p class=\"mb-0 bold\">Adquisici\u00f3n de Productos de Papel dirigido a Mipymes<\/p><p class=\"mb-0\" style=\"font-size: .85rem\"><strong title=\"Estado del Proceso\"><i class=\"fas fa-spinner\"><\/i><\/strong> Proceso adjudicado y celebrado<\/p><p class=\"mb-0\" style=\"font-size: .85rem\"><strong title=\"Fecha de Publicaci\u00f3n\"><i class=\"fas fa-calendar-alt\"><\/i><\/strong> Publicado el lunes, 10 de octubre de 2022<\/p><\/div><div class=\"col-auto mt-md-0 mt-2\"><a class=\"btn btn-primary btn-lg px-lg-4 d-none d-md-block\" href=\"https:\/\/comunidad.comprasdominicana.gob.do\/\/Public\/Tendering\/OpportunityDetail\/Index?noticeUID=DO1.NTC.1140809\" target=\"_blank\" title=\"Detalles\"><i class=\"fas fa-link\"><\/i> DETALLES<\/a><a class=\"btn btn-primary btn-lg px-lg-4 d-block d-md-none\" href=\"https:\/\/comunidad.comprasdominicana.gob.do\/\/Public\/Tendering\/OpportunityDetail\/Index?noticeUID=DO1.NTC.1140809\" target=\"_blank\" title=\"Detalles\"><i class=\"fas fa-2x fa-link\"><\/i><\/a><\/div><\/div><\/div><div class=\"jumbotron archivos\"><div class=\"row align-items-center\"><div class=\"col\"><h6><a class=\"text-dark\" href=\"https:\/\/comunidad.comprasdominicana.gob.do\/\/Public\/Tendering\/OpportunityDetail\/Index?noticeUID=DO1.NTC.1140341\" title=\"Ver\" target=\"_blank\">INESPRE-DAF-CM-2022-0099<\/a><\/h6><p class=\"mb-0 bold\">Servicio de Alquiler de dos Contenedores Refrigerados por un periodo de tres (03) meses<\/p><p class=\"mb-0\" style=\"font-size: .85rem\"><strong title=\"Estado del Proceso\"><i class=\"fas fa-spinner\"><\/i><\/strong> Proceso adjudicado y celebrado<\/p><p class=\"mb-0\" style=\"font-size: .85rem\"><strong title=\"Fecha de Publicaci\u00f3n\"><i class=\"fas fa-calendar-alt\"><\/i><\/strong> Publicado el viernes, 7 de octubre de 2022<\/p><\/div><div class=\"col-auto mt-md-0 mt-2\"><a class=\"btn btn-primary btn-lg px-lg-4 d-none d-md-block\" href=\"https:\/\/comunidad.comprasdominicana.gob.do\/\/Public\/Tendering\/OpportunityDetail\/Index?noticeUID=DO1.NTC.1140341\" target=\"_blank\" title=\"Detalles\"><i class=\"fas fa-link\"><\/i> DETALLES<\/a><a class=\"btn btn-primary btn-lg px-lg-4 d-block d-md-none\" href=\"https:\/\/comunidad.comprasdominicana.gob.do\/\/Public\/Tendering\/OpportunityDetail\/Index?noticeUID=DO1.NTC.1140341\" target=\"_blank\" title=\"Detalles\"><i class=\"fas fa-2x fa-link\"><\/i><\/a><\/div><\/div><\/div><div class=\"jumbotron archivos\"><div class=\"row align-items-center\"><div class=\"col\"><h6><a class=\"text-dark\" href=\"https:\/\/comunidad.comprasdominicana.gob.do\/\/Public\/Tendering\/OpportunityDetail\/Index?noticeUID=DO1.NTC.1140318\" title=\"Ver\" target=\"_blank\">INESPRE-DAF-CM-2022-0095<\/a><\/h6><p class=\"mb-0 bold\">Adquisici\u00f3n de Alimentos y Bebidas para consumo dirigio a Mipyme Mujer<\/p><p class=\"mb-0\" style=\"font-size: .85rem\"><strong title=\"Estado del Proceso\"><i class=\"fas fa-spinner\"><\/i><\/strong> Proceso adjudicado y celebrado<\/p><p class=\"mb-0\" style=\"font-size: .85rem\"><strong title=\"Fecha de Publicaci\u00f3n\"><i class=\"fas fa-calendar-alt\"><\/i><\/strong> Publicado el viernes, 7 de octubre de 2022<\/p><\/div><div class=\"col-auto mt-md-0 mt-2\"><a class=\"btn btn-primary btn-lg px-lg-4 d-none d-md-block\" href=\"https:\/\/comunidad.comprasdominicana.gob.do\/\/Public\/Tendering\/OpportunityDetail\/Index?noticeUID=DO1.NTC.1140318\" target=\"_blank\" title=\"Detalles\"><i class=\"fas fa-link\"><\/i> DETALLES<\/a><a class=\"btn btn-primary btn-lg px-lg-4 d-block d-md-none\" href=\"https:\/\/comunidad.comprasdominicana.gob.do\/\/Public\/Tendering\/OpportunityDetail\/Index?noticeUID=DO1.NTC.1140318\" target=\"_blank\" title=\"Detalles\"><i class=\"fas fa-2x fa-link\"><\/i><\/a><\/div><\/div><\/div><div class=\"jumbotron archivos\"><div class=\"row align-items-center\"><div class=\"col\"><h6><a class=\"text-dark\" href=\"https:\/\/comunidad.comprasdominicana.gob.do\/\/Public\/Tendering\/OpportunityDetail\/Index?noticeUID=DO1.NTC.1139737\" title=\"Ver\" target=\"_blank\">INESPRE-DAF-CM-2022-0097<\/a><\/h6><p class=\"mb-0 bold\">Servicio de Renovaci\u00f3n de Ba\u00f1os en la Oficina Principal <\/p><p class=\"mb-0\" style=\"font-size: .85rem\"><strong title=\"Estado del Proceso\"><i class=\"fas fa-spinner\"><\/i><\/strong> Proceso adjudicado y celebrado<\/p><p class=\"mb-0\" style=\"font-size: .85rem\"><strong title=\"Fecha de Publicaci\u00f3n\"><i class=\"fas fa-calendar-alt\"><\/i><\/strong> Publicado el jueves, 6 de octubre de 2022<\/p><\/div><div class=\"col-auto mt-md-0 mt-2\"><a class=\"btn btn-primary btn-lg px-lg-4 d-none d-md-block\" href=\"https:\/\/comunidad.comprasdominicana.gob.do\/\/Public\/Tendering\/OpportunityDetail\/Index?noticeUID=DO1.NTC.1139737\" target=\"_blank\" title=\"Detalles\"><i class=\"fas fa-link\"><\/i> DETALLES<\/a><a class=\"btn btn-primary btn-lg px-lg-4 d-block d-md-none\" href=\"https:\/\/comunidad.comprasdominicana.gob.do\/\/Public\/Tendering\/OpportunityDetail\/Index?noticeUID=DO1.NTC.1139737\" target=\"_blank\" title=\"Detalles\"><i class=\"fas fa-2x fa-link\"><\/i><\/a><\/div><\/div><\/div><div class=\"jumbotron archivos\"><div class=\"row align-items-center\"><div class=\"col\"><h6><a class=\"text-dark\" href=\"https:\/\/comunidad.comprasdominicana.gob.do\/\/Public\/Tendering\/OpportunityDetail\/Index?noticeUID=DO1.NTC.1140127\" title=\"Ver\" target=\"_blank\">INESPRE-DAF-CM-2022-0096<\/a><\/h6><p class=\"mb-0 bold\">Contrataci\u00f3n de Servicio e Instalaci\u00f3n y Copiado Multifuncional<\/p><p class=\"mb-0\" style=\"font-size: .85rem\"><strong title=\"Estado del Proceso\"><i class=\"fas fa-spinner\"><\/i><\/strong> Proceso adjudicado y celebrado<\/p><p class=\"mb-0\" style=\"font-size: .85rem\"><strong title=\"Fecha de Publicaci\u00f3n\"><i class=\"fas fa-calendar-alt\"><\/i><\/strong> Publicado el jueves, 6 de octubre de 2022<\/p><\/div><div class=\"col-auto mt-md-0 mt-2\"><a class=\"btn btn-primary btn-lg px-lg-4 d-none d-md-block\" href=\"https:\/\/comunidad.comprasdominicana.gob.do\/\/Public\/Tendering\/OpportunityDetail\/Index?noticeUID=DO1.NTC.1140127\" target=\"_blank\" title=\"Detalles\"><i class=\"fas fa-link\"><\/i> DETALLES<\/a><a class=\"btn btn-primary btn-lg px-lg-4 d-block d-md-none\" href=\"https:\/\/comunidad.comprasdominicana.gob.do\/\/Public\/Tendering\/OpportunityDetail\/Index?noticeUID=DO1.NTC.1140127\" target=\"_blank\" title=\"Detalles\"><i class=\"fas fa-2x fa-link\"><\/i><\/a><\/div><\/div><\/div><div class=\"jumbotron archivos\"><div class=\"row align-items-center\"><div class=\"col\"><h6><a class=\"text-dark\" href=\"https:\/\/comunidad.comprasdominicana.gob.do\/\/Public\/Tendering\/OpportunityDetail\/Index?noticeUID=DO1.NTC.1139531\" title=\"Ver\" target=\"_blank\">INESPRE-DAF-CM-2022-0094<\/a><\/h6><p class=\"mb-0 bold\">Adquisici\u00f3n de Materiales de Herrer\u00eda para reparaci\u00f3n de Mesas<\/p><p class=\"mb-0\" style=\"font-size: .85rem\"><strong title=\"Estado del Proceso\"><i class=\"fas fa-spinner\"><\/i><\/strong> Proceso adjudicado y celebrado<\/p><p class=\"mb-0\" style=\"font-size: .85rem\"><strong title=\"Fecha de Publicaci\u00f3n\"><i class=\"fas fa-calendar-alt\"><\/i><\/strong> Publicado el mi\u00e9rcoles, 5 de octubre de 2022<\/p><\/div><div class=\"col-auto mt-md-0 mt-2\"><a class=\"btn btn-primary btn-lg px-lg-4 d-none d-md-block\" href=\"https:\/\/comunidad.comprasdominicana.gob.do\/\/Public\/Tendering\/OpportunityDetail\/Index?noticeUID=DO1.NTC.1139531\" target=\"_blank\" title=\"Detalles\"><i class=\"fas fa-link\"><\/i> DETALLES<\/a><a class=\"btn btn-primary btn-lg px-lg-4 d-block d-md-none\" href=\"https:\/\/comunidad.comprasdominicana.gob.do\/\/Public\/Tendering\/OpportunityDetail\/Index?noticeUID=DO1.NTC.1139531\" target=\"_blank\" title=\"Detalles\"><i class=\"fas fa-2x fa-link\"><\/i><\/a><\/div><\/div><\/div><div class=\"jumbotron archivos\"><div class=\"row align-items-center\"><div class=\"col\"><h6><a class=\"text-dark\" href=\"https:\/\/comunidad.comprasdominicana.gob.do\/\/Public\/Tendering\/OpportunityDetail\/Index?noticeUID=DO1.NTC.1139416\" title=\"Ver\" target=\"_blank\">INESPRE-DAF-CM-2022-0093<\/a><\/h6><p class=\"mb-0 bold\">Servicio de Montaje de Feria Agropecuaria<\/p><p class=\"mb-0\" style=\"font-size: .85rem\"><strong title=\"Estado del Proceso\"><i class=\"fas fa-spinner\"><\/i><\/strong> Cancelado<\/p><p class=\"mb-0\" style=\"font-size: .85rem\"><strong title=\"Fecha de Publicaci\u00f3n\"><i class=\"fas fa-calendar-alt\"><\/i><\/strong> Publicado el mi\u00e9rcoles, 5 de octubre de 2022<\/p><\/div><div class=\"col-auto mt-md-0 mt-2\"><a class=\"btn btn-primary btn-lg px-lg-4 d-none d-md-block\" href=\"https:\/\/comunidad.comprasdominicana.gob.do\/\/Public\/Tendering\/OpportunityDetail\/Index?noticeUID=DO1.NTC.1139416\" target=\"_blank\" title=\"Detalles\"><i class=\"fas fa-link\"><\/i> DETALLES<\/a><a class=\"btn btn-primary btn-lg px-lg-4 d-block d-md-none\" href=\"https:\/\/comunidad.comprasdominicana.gob.do\/\/Public\/Tendering\/OpportunityDetail\/Index?noticeUID=DO1.NTC.1139416\" target=\"_blank\" title=\"Detalles\"><i class=\"fas fa-2x fa-link\"><\/i><\/a><\/div><\/div><\/div><div class=\"jumbotron archivos\"><div class=\"row align-items-center\"><div class=\"col\"><h6><a class=\"text-dark\" href=\"https:\/\/comunidad.comprasdominicana.gob.do\/\/Public\/Tendering\/OpportunityDetail\/Index?noticeUID=DO1.NTC.1138628\" title=\"Ver\" target=\"_blank\">INESPRE-DAF-CM-2022-0092<\/a><\/h6><p class=\"mb-0 bold\">Adquisici\u00f3n de Freezer Horizontales<\/p><p class=\"mb-0\" style=\"font-size: .85rem\"><strong title=\"Estado del Proceso\"><i class=\"fas fa-spinner\"><\/i><\/strong> Proceso adjudicado y celebrado<\/p><p class=\"mb-0\" style=\"font-size: .85rem\"><strong title=\"Fecha de Publicaci\u00f3n\"><i class=\"fas fa-calendar-alt\"><\/i><\/strong> Publicado el martes, 4 de octubre de 2022<\/p><\/div><div class=\"col-auto mt-md-0 mt-2\"><a class=\"btn btn-primary btn-lg px-lg-4 d-none d-md-block\" href=\"https:\/\/comunidad.comprasdominicana.gob.do\/\/Public\/Tendering\/OpportunityDetail\/Index?noticeUID=DO1.NTC.1138628\" target=\"_blank\" title=\"Detalles\"><i class=\"fas fa-link\"><\/i> DETALLES<\/a><a class=\"btn btn-primary btn-lg px-lg-4 d-block d-md-none\" href=\"https:\/\/comunidad.comprasdominicana.gob.do\/\/Public\/Tendering\/OpportunityDetail\/Index?noticeUID=DO1.NTC.1138628\" target=\"_blank\" title=\"Detalles\"><i class=\"fas fa-2x fa-link\"><\/i><\/a><\/div><\/div><\/div><div class=\"jumbotron archivos\"><div class=\"row align-items-center\"><div class=\"col\"><h6><a class=\"text-dark\" href=\"https:\/\/comunidad.comprasdominicana.gob.do\/\/Public\/Tendering\/OpportunityDetail\/Index?noticeUID=DO1.NTC.1138522\" title=\"Ver\" target=\"_blank\">INESPRE-DAF-CM-2022-0091<\/a><\/h6><p class=\"mb-0 bold\">Servicio de Mantenimiento y Reparaci\u00f3n de Generador El\u00e9ctrico en la Oficina Principal<\/p><p class=\"mb-0\" style=\"font-size: .85rem\"><strong title=\"Estado del Proceso\"><i class=\"fas fa-spinner\"><\/i><\/strong> Proceso adjudicado y celebrado<\/p><p class=\"mb-0\" style=\"font-size: .85rem\"><strong title=\"Fecha de Publicaci\u00f3n\"><i class=\"fas fa-calendar-alt\"><\/i><\/strong> Publicado el martes, 4 de octubre de 2022<\/p><\/div><div class=\"col-auto mt-md-0 mt-2\"><a class=\"btn btn-primary btn-lg px-lg-4 d-none d-md-block\" href=\"https:\/\/comunidad.comprasdominicana.gob.do\/\/Public\/Tendering\/OpportunityDetail\/Index?noticeUID=DO1.NTC.1138522\" target=\"_blank\" title=\"Detalles\"><i class=\"fas fa-link\"><\/i> DETALLES<\/a><a class=\"btn btn-primary btn-lg px-lg-4 d-block d-md-none\" href=\"https:\/\/comunidad.comprasdominicana.gob.do\/\/Public\/Tendering\/OpportunityDetail\/Index?noticeUID=DO1.NTC.1138522\" target=\"_blank\" title=\"Detalles\"><i class=\"fas fa-2x fa-link\"><\/i><\/a><\/div><\/div><\/div><div class=\"jumbotron archivos\"><div class=\"row align-items-center\"><div class=\"col\"><h6><a class=\"text-dark\" href=\"https:\/\/comunidad.comprasdominicana.gob.do\/\/Public\/Tendering\/OpportunityDetail\/Index?noticeUID=DO1.NTC.1138618\" title=\"Ver\" target=\"_blank\">INESPRE-DAF-CM-2022-0090<\/a><\/h6><p class=\"mb-0 bold\">Servicio de Alquiler de Contenedores Refrigerados por un periodo de tres (03) meses<\/p><p class=\"mb-0\" style=\"font-size: .85rem\"><strong title=\"Estado del Proceso\"><i class=\"fas fa-spinner\"><\/i><\/strong> Proceso adjudicado y celebrado<\/p><p class=\"mb-0\" style=\"font-size: .85rem\"><strong title=\"Fecha de Publicaci\u00f3n\"><i class=\"fas fa-calendar-alt\"><\/i><\/strong> Publicado el martes, 4 de octubre de 2022<\/p><\/div><div class=\"col-auto mt-md-0 mt-2\"><a class=\"btn btn-primary btn-lg px-lg-4 d-none d-md-block\" href=\"https:\/\/comunidad.comprasdominicana.gob.do\/\/Public\/Tendering\/OpportunityDetail\/Index?noticeUID=DO1.NTC.1138618\" target=\"_blank\" title=\"Detalles\"><i class=\"fas fa-link\"><\/i> DETALLES<\/a><a class=\"btn btn-primary btn-lg px-lg-4 d-block d-md-none\" href=\"https:\/\/comunidad.comprasdominicana.gob.do\/\/Public\/Tendering\/OpportunityDetail\/Index?noticeUID=DO1.NTC.1138618\" target=\"_blank\" title=\"Detalles\"><i class=\"fas fa-2x fa-link\"><\/i><\/a><\/div><\/div><\/div><\/div><\/div><\/div>\n        <div class=\"card\">\n            <div class=\"card-header parents\" id=\"heading_compras-menores-69f73f7454400-2022-69f73f7454400-septiembre-69f73f7454400\">\n                <p class=\"title text-blue mb-0\">\n                    <a class=\"btn-block hover text-left collapsed\" data-toggle=\"collapse\" data-target=\"#collap_compras-menores-69f73f7454400-2022-69f73f7454400-septiembre-69f73f7454400\" aria-expanded=\"false\" aria-controls=\"collap_compras-menores-69f73f7454400-2022-69f73f7454400-septiembre-69f73f7454400\">Septiembre<\/a>\n                <\/p>\n            <\/div>\n            <div id=\"collap_compras-menores-69f73f7454400-2022-69f73f7454400-septiembre-69f73f7454400\" class=\"collapse\" aria-labelledby=\"heading_compras-menores-69f73f7454400-2022-69f73f7454400-septiembre-69f73f7454400\" data-parent=\"#collap_compras-menores-69f73f7454400-2022-69f73f7454400\">\n                <div class=\"card-body\"><div class=\"jumbotron archivos\"><div class=\"row align-items-center\"><div class=\"col\"><h6><a class=\"text-dark\" href=\"https:\/\/comunidad.comprasdominicana.gob.do\/\/Public\/Tendering\/OpportunityDetail\/Index?noticeUID=DO1.NTC.1135522\" title=\"Ver\" target=\"_blank\">INESPRE-DAF-CM-2022-0089<\/a><\/h6><p class=\"mb-0 bold\">Servicio de alquiler de cuatro (04) Contenedores para Oficinas de 40 pies cada uno,  por un periodo de cuatro (04) meses<\/p><p class=\"mb-0\" style=\"font-size: .85rem\"><strong title=\"Estado del Proceso\"><i class=\"fas fa-spinner\"><\/i><\/strong> Proceso adjudicado y celebrado<\/p><p class=\"mb-0\" style=\"font-size: .85rem\"><strong title=\"Fecha de Publicaci\u00f3n\"><i class=\"fas fa-calendar-alt\"><\/i><\/strong> Publicado el martes, 27 de septiembre de 2022<\/p><\/div><div class=\"col-auto mt-md-0 mt-2\"><a class=\"btn btn-primary btn-lg px-lg-4 d-none d-md-block\" href=\"https:\/\/comunidad.comprasdominicana.gob.do\/\/Public\/Tendering\/OpportunityDetail\/Index?noticeUID=DO1.NTC.1135522\" target=\"_blank\" title=\"Detalles\"><i class=\"fas fa-link\"><\/i> DETALLES<\/a><a class=\"btn btn-primary btn-lg px-lg-4 d-block d-md-none\" href=\"https:\/\/comunidad.comprasdominicana.gob.do\/\/Public\/Tendering\/OpportunityDetail\/Index?noticeUID=DO1.NTC.1135522\" target=\"_blank\" title=\"Detalles\"><i class=\"fas fa-2x fa-link\"><\/i><\/a><\/div><\/div><\/div><div class=\"jumbotron archivos\"><div class=\"row align-items-center\"><div class=\"col\"><h6><a class=\"text-dark\" href=\"https:\/\/comunidad.comprasdominicana.gob.do\/\/Public\/Tendering\/OpportunityDetail\/Index?noticeUID=DO1.NTC.1134626\" title=\"Ver\" target=\"_blank\">INESPRE-DAF-CM-2022-0088<\/a><\/h6><p class=\"mb-0 bold\">Adquisici\u00f3n de Sacos de 25 libras para empacar<\/p><p class=\"mb-0\" style=\"font-size: .85rem\"><strong title=\"Estado del Proceso\"><i class=\"fas fa-spinner\"><\/i><\/strong> Proceso adjudicado y celebrado<\/p><p class=\"mb-0\" style=\"font-size: .85rem\"><strong title=\"Fecha de Publicaci\u00f3n\"><i class=\"fas fa-calendar-alt\"><\/i><\/strong> Publicado el viernes, 23 de septiembre de 2022<\/p><\/div><div class=\"col-auto mt-md-0 mt-2\"><a class=\"btn btn-primary btn-lg px-lg-4 d-none d-md-block\" href=\"https:\/\/comunidad.comprasdominicana.gob.do\/\/Public\/Tendering\/OpportunityDetail\/Index?noticeUID=DO1.NTC.1134626\" target=\"_blank\" title=\"Detalles\"><i class=\"fas fa-link\"><\/i> DETALLES<\/a><a class=\"btn btn-primary btn-lg px-lg-4 d-block d-md-none\" href=\"https:\/\/comunidad.comprasdominicana.gob.do\/\/Public\/Tendering\/OpportunityDetail\/Index?noticeUID=DO1.NTC.1134626\" target=\"_blank\" title=\"Detalles\"><i class=\"fas fa-2x fa-link\"><\/i><\/a><\/div><\/div><\/div><div class=\"jumbotron archivos\"><div class=\"row align-items-center\"><div class=\"col\"><h6><a class=\"text-dark\" href=\"https:\/\/comunidad.comprasdominicana.gob.do\/\/Public\/Tendering\/OpportunityDetail\/Index?noticeUID=DO1.NTC.1133040\" title=\"Ver\" target=\"_blank\">INESPRE-DAF-CM-2022-0087<\/a><\/h6><p class=\"mb-0 bold\">Adquisici\u00f3n de Az\u00facar Crema<\/p><p class=\"mb-0\" style=\"font-size: .85rem\"><strong title=\"Estado del Proceso\"><i class=\"fas fa-spinner\"><\/i><\/strong> Proceso adjudicado y celebrado<\/p><p class=\"mb-0\" style=\"font-size: .85rem\"><strong title=\"Fecha de Publicaci\u00f3n\"><i class=\"fas fa-calendar-alt\"><\/i><\/strong> Publicado el mi\u00e9rcoles, 21 de septiembre de 2022<\/p><\/div><div class=\"col-auto mt-md-0 mt-2\"><a class=\"btn btn-primary btn-lg px-lg-4 d-none d-md-block\" href=\"https:\/\/comunidad.comprasdominicana.gob.do\/\/Public\/Tendering\/OpportunityDetail\/Index?noticeUID=DO1.NTC.1133040\" target=\"_blank\" title=\"Detalles\"><i class=\"fas fa-link\"><\/i> DETALLES<\/a><a class=\"btn btn-primary btn-lg px-lg-4 d-block d-md-none\" href=\"https:\/\/comunidad.comprasdominicana.gob.do\/\/Public\/Tendering\/OpportunityDetail\/Index?noticeUID=DO1.NTC.1133040\" target=\"_blank\" title=\"Detalles\"><i class=\"fas fa-2x fa-link\"><\/i><\/a><\/div><\/div><\/div><div class=\"jumbotron archivos\"><div class=\"row align-items-center\"><div class=\"col\"><h6><a class=\"text-dark\" href=\"https:\/\/comunidad.comprasdominicana.gob.do\/\/Public\/Tendering\/OpportunityDetail\/Index?noticeUID=DO1.NTC.1133243\" title=\"Ver\" target=\"_blank\">INESPRE-DAF-CM-2022-0086<\/a><\/h6><p class=\"mb-0 bold\">Adquisici\u00f3n de Chocolate en barra (dirigido a Mipymes Industriales)<\/p><p class=\"mb-0\" style=\"font-size: .85rem\"><strong title=\"Estado del Proceso\"><i class=\"fas fa-spinner\"><\/i><\/strong> Proceso adjudicado y celebrado<\/p><p class=\"mb-0\" style=\"font-size: .85rem\"><strong title=\"Fecha de Publicaci\u00f3n\"><i class=\"fas fa-calendar-alt\"><\/i><\/strong> Publicado el mi\u00e9rcoles, 21 de septiembre de 2022<\/p><\/div><div class=\"col-auto mt-md-0 mt-2\"><a class=\"btn btn-primary btn-lg px-lg-4 d-none d-md-block\" href=\"https:\/\/comunidad.comprasdominicana.gob.do\/\/Public\/Tendering\/OpportunityDetail\/Index?noticeUID=DO1.NTC.1133243\" target=\"_blank\" title=\"Detalles\"><i class=\"fas fa-link\"><\/i> DETALLES<\/a><a class=\"btn btn-primary btn-lg px-lg-4 d-block d-md-none\" href=\"https:\/\/comunidad.comprasdominicana.gob.do\/\/Public\/Tendering\/OpportunityDetail\/Index?noticeUID=DO1.NTC.1133243\" target=\"_blank\" title=\"Detalles\"><i class=\"fas fa-2x fa-link\"><\/i><\/a><\/div><\/div><\/div><div class=\"jumbotron archivos\"><div class=\"row align-items-center\"><div class=\"col\"><h6><a class=\"text-dark\" href=\"https:\/\/comunidad.comprasdominicana.gob.do\/\/Public\/Tendering\/OpportunityDetail\/Index?noticeUID=DO1.NTC.1133444\" title=\"Ver\" target=\"_blank\">INESPRE-DAF-CM-2022-0085<\/a><\/h6><p class=\"mb-0 bold\">Adquisici\u00f3n de Casabes<\/p><p class=\"mb-0\" style=\"font-size: .85rem\"><strong title=\"Estado del Proceso\"><i class=\"fas fa-spinner\"><\/i><\/strong> Proceso adjudicado y celebrado<\/p><p class=\"mb-0\" style=\"font-size: .85rem\"><strong title=\"Fecha de Publicaci\u00f3n\"><i class=\"fas fa-calendar-alt\"><\/i><\/strong> Publicado el mi\u00e9rcoles, 21 de septiembre de 2022<\/p><\/div><div class=\"col-auto mt-md-0 mt-2\"><a class=\"btn btn-primary btn-lg px-lg-4 d-none d-md-block\" href=\"https:\/\/comunidad.comprasdominicana.gob.do\/\/Public\/Tendering\/OpportunityDetail\/Index?noticeUID=DO1.NTC.1133444\" target=\"_blank\" title=\"Detalles\"><i class=\"fas fa-link\"><\/i> DETALLES<\/a><a class=\"btn btn-primary btn-lg px-lg-4 d-block d-md-none\" href=\"https:\/\/comunidad.comprasdominicana.gob.do\/\/Public\/Tendering\/OpportunityDetail\/Index?noticeUID=DO1.NTC.1133444\" target=\"_blank\" title=\"Detalles\"><i class=\"fas fa-2x fa-link\"><\/i><\/a><\/div><\/div><\/div><div class=\"jumbotron archivos\"><div class=\"row align-items-center\"><div class=\"col\"><h6><a class=\"text-dark\" href=\"https:\/\/comunidad.comprasdominicana.gob.do\/\/Public\/Tendering\/OpportunityDetail\/Index?noticeUID=DO1.NTC.1133443\" title=\"Ver\" target=\"_blank\">INESPRE-DAF-CM-2022-0084<\/a><\/h6><p class=\"mb-0 bold\">Adquisici\u00f3n de Salchichas<\/p><p class=\"mb-0\" style=\"font-size: .85rem\"><strong title=\"Estado del Proceso\"><i class=\"fas fa-spinner\"><\/i><\/strong> Proceso adjudicado y celebrado<\/p><p class=\"mb-0\" style=\"font-size: .85rem\"><strong title=\"Fecha de Publicaci\u00f3n\"><i class=\"fas fa-calendar-alt\"><\/i><\/strong> Publicado el mi\u00e9rcoles, 21 de septiembre de 2022<\/p><\/div><div class=\"col-auto mt-md-0 mt-2\"><a class=\"btn btn-primary btn-lg px-lg-4 d-none d-md-block\" href=\"https:\/\/comunidad.comprasdominicana.gob.do\/\/Public\/Tendering\/OpportunityDetail\/Index?noticeUID=DO1.NTC.1133443\" target=\"_blank\" title=\"Detalles\"><i class=\"fas fa-link\"><\/i> DETALLES<\/a><a class=\"btn btn-primary btn-lg px-lg-4 d-block d-md-none\" href=\"https:\/\/comunidad.comprasdominicana.gob.do\/\/Public\/Tendering\/OpportunityDetail\/Index?noticeUID=DO1.NTC.1133443\" target=\"_blank\" title=\"Detalles\"><i class=\"fas fa-2x fa-link\"><\/i><\/a><\/div><\/div><\/div><div class=\"jumbotron archivos\"><div class=\"row align-items-center\"><div class=\"col\"><h6><a class=\"text-dark\" href=\"https:\/\/comunidad.comprasdominicana.gob.do\/\/Public\/Tendering\/OpportunityDetail\/Index?noticeUID=DO1.NTC.1133231\" title=\"Ver\" target=\"_blank\">INESPRE-DAF-CM-2022-0083<\/a><\/h6><p class=\"mb-0 bold\">Adquisici\u00f3n de Espaguettis<\/p><p class=\"mb-0\" style=\"font-size: .85rem\"><strong title=\"Estado del Proceso\"><i class=\"fas fa-spinner\"><\/i><\/strong> Proceso adjudicado y celebrado<\/p><p class=\"mb-0\" style=\"font-size: .85rem\"><strong title=\"Fecha de Publicaci\u00f3n\"><i class=\"fas fa-calendar-alt\"><\/i><\/strong> Publicado el mi\u00e9rcoles, 21 de septiembre de 2022<\/p><\/div><div class=\"col-auto mt-md-0 mt-2\"><a class=\"btn btn-primary btn-lg px-lg-4 d-none d-md-block\" href=\"https:\/\/comunidad.comprasdominicana.gob.do\/\/Public\/Tendering\/OpportunityDetail\/Index?noticeUID=DO1.NTC.1133231\" target=\"_blank\" title=\"Detalles\"><i class=\"fas fa-link\"><\/i> DETALLES<\/a><a class=\"btn btn-primary btn-lg px-lg-4 d-block d-md-none\" href=\"https:\/\/comunidad.comprasdominicana.gob.do\/\/Public\/Tendering\/OpportunityDetail\/Index?noticeUID=DO1.NTC.1133231\" target=\"_blank\" title=\"Detalles\"><i class=\"fas fa-2x fa-link\"><\/i><\/a><\/div><\/div><\/div><div class=\"jumbotron archivos\"><div class=\"row align-items-center\"><div class=\"col\"><h6><a class=\"text-dark\" href=\"https:\/\/comunidad.comprasdominicana.gob.do\/\/Public\/Tendering\/OpportunityDetail\/Index?noticeUID=DO1.NTC.1133117\" title=\"Ver\" target=\"_blank\">INESPRE-DAF-CM-2022-0082<\/a><\/h6><p class=\"mb-0 bold\">Adquisici\u00f3n de Sardinas<\/p><p class=\"mb-0\" style=\"font-size: .85rem\"><strong title=\"Estado del Proceso\"><i class=\"fas fa-spinner\"><\/i><\/strong> Proceso adjudicado y celebrado<\/p><p class=\"mb-0\" style=\"font-size: .85rem\"><strong title=\"Fecha de Publicaci\u00f3n\"><i class=\"fas fa-calendar-alt\"><\/i><\/strong> Publicado el mi\u00e9rcoles, 21 de septiembre de 2022<\/p><\/div><div class=\"col-auto mt-md-0 mt-2\"><a class=\"btn btn-primary btn-lg px-lg-4 d-none d-md-block\" href=\"https:\/\/comunidad.comprasdominicana.gob.do\/\/Public\/Tendering\/OpportunityDetail\/Index?noticeUID=DO1.NTC.1133117\" target=\"_blank\" title=\"Detalles\"><i class=\"fas fa-link\"><\/i> DETALLES<\/a><a class=\"btn btn-primary btn-lg px-lg-4 d-block d-md-none\" href=\"https:\/\/comunidad.comprasdominicana.gob.do\/\/Public\/Tendering\/OpportunityDetail\/Index?noticeUID=DO1.NTC.1133117\" target=\"_blank\" title=\"Detalles\"><i class=\"fas fa-2x fa-link\"><\/i><\/a><\/div><\/div><\/div><div class=\"jumbotron archivos\"><div class=\"row align-items-center\"><div class=\"col\"><h6><a class=\"text-dark\" href=\"https:\/\/comunidad.comprasdominicana.gob.do\/\/Public\/Tendering\/OpportunityDetail\/Index?noticeUID=DO1.NTC.1133433\" title=\"Ver\" target=\"_blank\">INESPRE-DAF-CM-2022-0081<\/a><\/h6><p class=\"mb-0 bold\">Adquisici\u00f3n de Pasta de Tomate<\/p><p class=\"mb-0\" style=\"font-size: .85rem\"><strong title=\"Estado del Proceso\"><i class=\"fas fa-spinner\"><\/i><\/strong> Proceso adjudicado y celebrado<\/p><p class=\"mb-0\" style=\"font-size: .85rem\"><strong title=\"Fecha de Publicaci\u00f3n\"><i class=\"fas fa-calendar-alt\"><\/i><\/strong> Publicado el mi\u00e9rcoles, 21 de septiembre de 2022<\/p><\/div><div class=\"col-auto mt-md-0 mt-2\"><a class=\"btn btn-primary btn-lg px-lg-4 d-none d-md-block\" href=\"https:\/\/comunidad.comprasdominicana.gob.do\/\/Public\/Tendering\/OpportunityDetail\/Index?noticeUID=DO1.NTC.1133433\" target=\"_blank\" title=\"Detalles\"><i class=\"fas fa-link\"><\/i> DETALLES<\/a><a class=\"btn btn-primary btn-lg px-lg-4 d-block d-md-none\" href=\"https:\/\/comunidad.comprasdominicana.gob.do\/\/Public\/Tendering\/OpportunityDetail\/Index?noticeUID=DO1.NTC.1133433\" target=\"_blank\" title=\"Detalles\"><i class=\"fas fa-2x fa-link\"><\/i><\/a><\/div><\/div><\/div><div class=\"jumbotron archivos\"><div class=\"row align-items-center\"><div class=\"col\"><h6><a class=\"text-dark\" href=\"https:\/\/comunidad.comprasdominicana.gob.do\/\/Public\/Tendering\/OpportunityDetail\/Index?noticeUID=DO1.NTC.1133112\" title=\"Ver\" target=\"_blank\">INESPRE-DAF-CM-2022-0080<\/a><\/h6><p class=\"mb-0 bold\">Adquisici\u00f3n de Caf\u00e9 Molido (dirigido a Mipymes Industriales)<\/p><p class=\"mb-0\" style=\"font-size: .85rem\"><strong title=\"Estado del Proceso\"><i class=\"fas fa-spinner\"><\/i><\/strong> Proceso adjudicado y celebrado<\/p><p class=\"mb-0\" style=\"font-size: .85rem\"><strong title=\"Fecha de Publicaci\u00f3n\"><i class=\"fas fa-calendar-alt\"><\/i><\/strong> Publicado el mi\u00e9rcoles, 21 de septiembre de 2022<\/p><\/div><div class=\"col-auto mt-md-0 mt-2\"><a class=\"btn btn-primary btn-lg px-lg-4 d-none d-md-block\" href=\"https:\/\/comunidad.comprasdominicana.gob.do\/\/Public\/Tendering\/OpportunityDetail\/Index?noticeUID=DO1.NTC.1133112\" target=\"_blank\" title=\"Detalles\"><i class=\"fas fa-link\"><\/i> DETALLES<\/a><a class=\"btn btn-primary btn-lg px-lg-4 d-block d-md-none\" href=\"https:\/\/comunidad.comprasdominicana.gob.do\/\/Public\/Tendering\/OpportunityDetail\/Index?noticeUID=DO1.NTC.1133112\" target=\"_blank\" title=\"Detalles\"><i class=\"fas fa-2x fa-link\"><\/i><\/a><\/div><\/div><\/div><div class=\"jumbotron archivos\"><div class=\"row align-items-center\"><div class=\"col\"><h6><a class=\"text-dark\" href=\"https:\/\/comunidad.comprasdominicana.gob.do\/\/Public\/Tendering\/OpportunityDetail\/Index?noticeUID=DO1.NTC.1133014\" title=\"Ver\" target=\"_blank\">INESPRE-DAF-CM-2022-0079<\/a><\/h6><p class=\"mb-0 bold\">Adquisici\u00f3n de Gandules y Ma\u00edz enlatados<\/p><p class=\"mb-0\" style=\"font-size: .85rem\"><strong title=\"Estado del Proceso\"><i class=\"fas fa-spinner\"><\/i><\/strong> Proceso adjudicado y celebrado<\/p><p class=\"mb-0\" style=\"font-size: .85rem\"><strong title=\"Fecha de Publicaci\u00f3n\"><i class=\"fas fa-calendar-alt\"><\/i><\/strong> Publicado el mi\u00e9rcoles, 21 de septiembre de 2022<\/p><\/div><div class=\"col-auto mt-md-0 mt-2\"><a class=\"btn btn-primary btn-lg px-lg-4 d-none d-md-block\" href=\"https:\/\/comunidad.comprasdominicana.gob.do\/\/Public\/Tendering\/OpportunityDetail\/Index?noticeUID=DO1.NTC.1133014\" target=\"_blank\" title=\"Detalles\"><i class=\"fas fa-link\"><\/i> DETALLES<\/a><a class=\"btn btn-primary btn-lg px-lg-4 d-block d-md-none\" href=\"https:\/\/comunidad.comprasdominicana.gob.do\/\/Public\/Tendering\/OpportunityDetail\/Index?noticeUID=DO1.NTC.1133014\" target=\"_blank\" title=\"Detalles\"><i class=\"fas fa-2x fa-link\"><\/i><\/a><\/div><\/div><\/div><div class=\"jumbotron archivos\"><div class=\"row align-items-center\"><div class=\"col\"><h6><a class=\"text-dark\" href=\"https:\/\/comunidad.comprasdominicana.gob.do\/\/Public\/Tendering\/OpportunityDetail\/Index?noticeUID=DO1.NTC.1133511\" title=\"Ver\" target=\"_blank\">INESPRE-DAF-CM-2022-0078<\/a><\/h6><p class=\"mb-0 bold\">Adquisici\u00f3n de Avena entera<\/p><p class=\"mb-0\" style=\"font-size: .85rem\"><strong title=\"Estado del Proceso\"><i class=\"fas fa-spinner\"><\/i><\/strong> Proceso adjudicado y celebrado<\/p><p class=\"mb-0\" style=\"font-size: .85rem\"><strong title=\"Fecha de Publicaci\u00f3n\"><i class=\"fas fa-calendar-alt\"><\/i><\/strong> Publicado el mi\u00e9rcoles, 21 de septiembre de 2022<\/p><\/div><div class=\"col-auto mt-md-0 mt-2\"><a class=\"btn btn-primary btn-lg px-lg-4 d-none d-md-block\" href=\"https:\/\/comunidad.comprasdominicana.gob.do\/\/Public\/Tendering\/OpportunityDetail\/Index?noticeUID=DO1.NTC.1133511\" target=\"_blank\" title=\"Detalles\"><i class=\"fas fa-link\"><\/i> DETALLES<\/a><a class=\"btn btn-primary btn-lg px-lg-4 d-block d-md-none\" href=\"https:\/\/comunidad.comprasdominicana.gob.do\/\/Public\/Tendering\/OpportunityDetail\/Index?noticeUID=DO1.NTC.1133511\" target=\"_blank\" title=\"Detalles\"><i class=\"fas fa-2x fa-link\"><\/i><\/a><\/div><\/div><\/div><div class=\"jumbotron archivos\"><div class=\"row align-items-center\"><div class=\"col\"><h6><a class=\"text-dark\" href=\"https:\/\/comunidad.comprasdominicana.gob.do\/\/Public\/Tendering\/OpportunityDetail\/Index?noticeUID=DO1.NTC.1133107\" title=\"Ver\" target=\"_blank\">INESPRE-DAF-CM-2022-0077<\/a><\/h6><p class=\"mb-0 bold\">Adquisici\u00f3n de Harina de Ma\u00edz<\/p><p class=\"mb-0\" style=\"font-size: .85rem\"><strong title=\"Estado del Proceso\"><i class=\"fas fa-spinner\"><\/i><\/strong> Proceso adjudicado y celebrado<\/p><p class=\"mb-0\" style=\"font-size: .85rem\"><strong title=\"Fecha de Publicaci\u00f3n\"><i class=\"fas fa-calendar-alt\"><\/i><\/strong> Publicado el mi\u00e9rcoles, 21 de septiembre de 2022<\/p><\/div><div class=\"col-auto mt-md-0 mt-2\"><a class=\"btn btn-primary btn-lg px-lg-4 d-none d-md-block\" href=\"https:\/\/comunidad.comprasdominicana.gob.do\/\/Public\/Tendering\/OpportunityDetail\/Index?noticeUID=DO1.NTC.1133107\" target=\"_blank\" title=\"Detalles\"><i class=\"fas fa-link\"><\/i> DETALLES<\/a><a class=\"btn btn-primary btn-lg px-lg-4 d-block d-md-none\" href=\"https:\/\/comunidad.comprasdominicana.gob.do\/\/Public\/Tendering\/OpportunityDetail\/Index?noticeUID=DO1.NTC.1133107\" target=\"_blank\" title=\"Detalles\"><i class=\"fas fa-2x fa-link\"><\/i><\/a><\/div><\/div><\/div><div class=\"jumbotron archivos\"><div class=\"row align-items-center\"><div class=\"col\"><h6><a class=\"text-dark\" href=\"https:\/\/comunidad.comprasdominicana.gob.do\/\/Public\/Tendering\/OpportunityDetail\/Index?noticeUID=DO1.NTC.1133209\" title=\"Ver\" target=\"_blank\">INESPRE-DAF-CM-2022-0076<\/a><\/h6><p class=\"mb-0 bold\">Adquisici\u00f3n de Condimentos y Conservantes<\/p><p class=\"mb-0\" style=\"font-size: .85rem\"><strong title=\"Estado del Proceso\"><i class=\"fas fa-spinner\"><\/i><\/strong> Proceso adjudicado y celebrado<\/p><p class=\"mb-0\" style=\"font-size: .85rem\"><strong title=\"Fecha de Publicaci\u00f3n\"><i class=\"fas fa-calendar-alt\"><\/i><\/strong> Publicado el mi\u00e9rcoles, 21 de septiembre de 2022<\/p><\/div><div class=\"col-auto mt-md-0 mt-2\"><a class=\"btn btn-primary btn-lg px-lg-4 d-none d-md-block\" href=\"https:\/\/comunidad.comprasdominicana.gob.do\/\/Public\/Tendering\/OpportunityDetail\/Index?noticeUID=DO1.NTC.1133209\" target=\"_blank\" title=\"Detalles\"><i class=\"fas fa-link\"><\/i> DETALLES<\/a><a class=\"btn btn-primary btn-lg px-lg-4 d-block d-md-none\" href=\"https:\/\/comunidad.comprasdominicana.gob.do\/\/Public\/Tendering\/OpportunityDetail\/Index?noticeUID=DO1.NTC.1133209\" target=\"_blank\" title=\"Detalles\"><i class=\"fas fa-2x fa-link\"><\/i><\/a><\/div><\/div><\/div><div class=\"jumbotron archivos\"><div class=\"row align-items-center\"><div class=\"col\"><h6><a class=\"text-dark\" href=\"https:\/\/comunidad.comprasdominicana.gob.do\/\/Public\/Tendering\/OpportunityDetail\/Index?noticeUID=DO1.NTC.1128624\" title=\"Ver\" target=\"_blank\">INESPRE-DAF-CM-2022-0075<\/a><\/h6><p class=\"mb-0 bold\">Servicio Asesor\u00eda Institucional por 4 meses<\/p><p class=\"mb-0\" style=\"font-size: .85rem\"><strong title=\"Estado del Proceso\"><i class=\"fas fa-spinner\"><\/i><\/strong> Proceso adjudicado y celebrado<\/p><p class=\"mb-0\" style=\"font-size: .85rem\"><strong title=\"Fecha de Publicaci\u00f3n\"><i class=\"fas fa-calendar-alt\"><\/i><\/strong> Publicado el viernes, 9 de septiembre de 2022<\/p><\/div><div class=\"col-auto mt-md-0 mt-2\"><a class=\"btn btn-primary btn-lg px-lg-4 d-none d-md-block\" href=\"https:\/\/comunidad.comprasdominicana.gob.do\/\/Public\/Tendering\/OpportunityDetail\/Index?noticeUID=DO1.NTC.1128624\" target=\"_blank\" title=\"Detalles\"><i class=\"fas fa-link\"><\/i> DETALLES<\/a><a class=\"btn btn-primary btn-lg px-lg-4 d-block d-md-none\" href=\"https:\/\/comunidad.comprasdominicana.gob.do\/\/Public\/Tendering\/OpportunityDetail\/Index?noticeUID=DO1.NTC.1128624\" target=\"_blank\" title=\"Detalles\"><i class=\"fas fa-2x fa-link\"><\/i><\/a><\/div><\/div><\/div><div class=\"jumbotron archivos\"><div class=\"row align-items-center\"><div class=\"col\"><h6><a class=\"text-dark\" href=\"https:\/\/comunidad.comprasdominicana.gob.do\/\/Public\/Tendering\/OpportunityDetail\/Index?noticeUID=DO1.NTC.1127931\" title=\"Ver\" target=\"_blank\">INESPRE-DAF-CM-2022-0074<\/a><\/h6><p class=\"mb-0 bold\">Adquisici\u00f3n de Formularios (dirigido a Mipyme Mujer)<\/p><p class=\"mb-0\" style=\"font-size: .85rem\"><strong title=\"Estado del Proceso\"><i class=\"fas fa-spinner\"><\/i><\/strong> Proceso adjudicado y celebrado<\/p><p class=\"mb-0\" style=\"font-size: .85rem\"><strong title=\"Fecha de Publicaci\u00f3n\"><i class=\"fas fa-calendar-alt\"><\/i><\/strong> Publicado el jueves, 8 de septiembre de 2022<\/p><\/div><div class=\"col-auto mt-md-0 mt-2\"><a class=\"btn btn-primary btn-lg px-lg-4 d-none d-md-block\" href=\"https:\/\/comunidad.comprasdominicana.gob.do\/\/Public\/Tendering\/OpportunityDetail\/Index?noticeUID=DO1.NTC.1127931\" target=\"_blank\" title=\"Detalles\"><i class=\"fas fa-link\"><\/i> DETALLES<\/a><a class=\"btn btn-primary btn-lg px-lg-4 d-block d-md-none\" href=\"https:\/\/comunidad.comprasdominicana.gob.do\/\/Public\/Tendering\/OpportunityDetail\/Index?noticeUID=DO1.NTC.1127931\" target=\"_blank\" title=\"Detalles\"><i class=\"fas fa-2x fa-link\"><\/i><\/a><\/div><\/div><\/div><div class=\"jumbotron archivos\"><div class=\"row align-items-center\"><div class=\"col\"><h6><a class=\"text-dark\" href=\"https:\/\/comunidad.comprasdominicana.gob.do\/\/Public\/Tendering\/OpportunityDetail\/Index?noticeUID=DO1.NTC.1128110\" title=\"Ver\" target=\"_blank\">INESPRE-DAF-CM-2022-0073<\/a><\/h6><p class=\"mb-0 bold\">Adquisici\u00f3n de Materiales de Herrer\u00eda<\/p><p class=\"mb-0\" style=\"font-size: .85rem\"><strong title=\"Estado del Proceso\"><i class=\"fas fa-spinner\"><\/i><\/strong> Cancelado<\/p><p class=\"mb-0\" style=\"font-size: .85rem\"><strong title=\"Fecha de Publicaci\u00f3n\"><i class=\"fas fa-calendar-alt\"><\/i><\/strong> Publicado el jueves, 8 de septiembre de 2022<\/p><\/div><div class=\"col-auto mt-md-0 mt-2\"><a class=\"btn btn-primary btn-lg px-lg-4 d-none d-md-block\" href=\"https:\/\/comunidad.comprasdominicana.gob.do\/\/Public\/Tendering\/OpportunityDetail\/Index?noticeUID=DO1.NTC.1128110\" target=\"_blank\" title=\"Detalles\"><i class=\"fas fa-link\"><\/i> DETALLES<\/a><a class=\"btn btn-primary btn-lg px-lg-4 d-block d-md-none\" href=\"https:\/\/comunidad.comprasdominicana.gob.do\/\/Public\/Tendering\/OpportunityDetail\/Index?noticeUID=DO1.NTC.1128110\" target=\"_blank\" title=\"Detalles\"><i class=\"fas fa-2x fa-link\"><\/i><\/a><\/div><\/div><\/div><div class=\"jumbotron archivos\"><div class=\"row align-items-center\"><div class=\"col\"><h6><a class=\"text-dark\" href=\"https:\/\/comunidad.comprasdominicana.gob.do\/\/Public\/Tendering\/OpportunityDetail\/Index?noticeUID=DO1.NTC.1128012\" title=\"Ver\" target=\"_blank\">INESPRE-DAF-CM-2022-0072<\/a><\/h6><p class=\"mb-0 bold\">Servicio de Alquiler de Almacenes por tres meses, (dirigido a Mipyme Mujer)<\/p><p class=\"mb-0\" style=\"font-size: .85rem\"><strong title=\"Estado del Proceso\"><i class=\"fas fa-spinner\"><\/i><\/strong> Proceso adjudicado y celebrado<\/p><p class=\"mb-0\" style=\"font-size: .85rem\"><strong title=\"Fecha de Publicaci\u00f3n\"><i class=\"fas fa-calendar-alt\"><\/i><\/strong> Publicado el jueves, 8 de septiembre de 2022<\/p><\/div><div class=\"col-auto mt-md-0 mt-2\"><a class=\"btn btn-primary btn-lg px-lg-4 d-none d-md-block\" href=\"https:\/\/comunidad.comprasdominicana.gob.do\/\/Public\/Tendering\/OpportunityDetail\/Index?noticeUID=DO1.NTC.1128012\" target=\"_blank\" title=\"Detalles\"><i class=\"fas fa-link\"><\/i> DETALLES<\/a><a class=\"btn btn-primary btn-lg px-lg-4 d-block d-md-none\" href=\"https:\/\/comunidad.comprasdominicana.gob.do\/\/Public\/Tendering\/OpportunityDetail\/Index?noticeUID=DO1.NTC.1128012\" target=\"_blank\" title=\"Detalles\"><i class=\"fas fa-2x fa-link\"><\/i><\/a><\/div><\/div><\/div><div class=\"jumbotron archivos\"><div class=\"row align-items-center\"><div class=\"col\"><h6><a class=\"text-dark\" href=\"https:\/\/comunidad.comprasdominicana.gob.do\/\/Public\/Tendering\/OpportunityDetail\/Index?noticeUID=DO1.NTC.1126111\" title=\"Ver\" target=\"_blank\">INESPRE-DAF-CM-2022-0071<\/a><\/h6><p class=\"mb-0 bold\">Adquisici\u00f3n de Formularios<\/p><p class=\"mb-0\" style=\"font-size: .85rem\"><strong title=\"Estado del Proceso\"><i class=\"fas fa-spinner\"><\/i><\/strong> Cancelado<\/p><p class=\"mb-0\" style=\"font-size: .85rem\"><strong title=\"Fecha de Publicaci\u00f3n\"><i class=\"fas fa-calendar-alt\"><\/i><\/strong> Publicado el lunes, 5 de septiembre de 2022<\/p><\/div><div class=\"col-auto mt-md-0 mt-2\"><a class=\"btn btn-primary btn-lg px-lg-4 d-none d-md-block\" href=\"https:\/\/comunidad.comprasdominicana.gob.do\/\/Public\/Tendering\/OpportunityDetail\/Index?noticeUID=DO1.NTC.1126111\" target=\"_blank\" title=\"Detalles\"><i class=\"fas fa-link\"><\/i> DETALLES<\/a><a class=\"btn btn-primary btn-lg px-lg-4 d-block d-md-none\" href=\"https:\/\/comunidad.comprasdominicana.gob.do\/\/Public\/Tendering\/OpportunityDetail\/Index?noticeUID=DO1.NTC.1126111\" target=\"_blank\" title=\"Detalles\"><i class=\"fas fa-2x fa-link\"><\/i><\/a><\/div><\/div><\/div><\/div><\/div><\/div>\n        <div class=\"card\">\n            <div class=\"card-header parents\" id=\"heading_compras-menores-69f73f7454400-2022-69f73f7454400-agosto-69f73f7454400\">\n                <p class=\"title text-blue mb-0\">\n                    <a class=\"btn-block hover text-left collapsed\" data-toggle=\"collapse\" data-target=\"#collap_compras-menores-69f73f7454400-2022-69f73f7454400-agosto-69f73f7454400\" aria-expanded=\"false\" aria-controls=\"collap_compras-menores-69f73f7454400-2022-69f73f7454400-agosto-69f73f7454400\">Agosto<\/a>\n                <\/p>\n            <\/div>\n            <div id=\"collap_compras-menores-69f73f7454400-2022-69f73f7454400-agosto-69f73f7454400\" class=\"collapse\" aria-labelledby=\"heading_compras-menores-69f73f7454400-2022-69f73f7454400-agosto-69f73f7454400\" data-parent=\"#collap_compras-menores-69f73f7454400-2022-69f73f7454400\">\n                <div class=\"card-body\"><div class=\"jumbotron archivos\"><div class=\"row align-items-center\"><div class=\"col\"><h6><a class=\"text-dark\" href=\"https:\/\/comunidad.comprasdominicana.gob.do\/\/Public\/Tendering\/OpportunityDetail\/Index?noticeUID=DO1.NTC.1122015\" title=\"Ver\" target=\"_blank\">INESPRE-DAF-CM-2022-0070<\/a><\/h6><p class=\"mb-0 bold\">Adquisici\u00f3n de Swithes de Red<\/p><p class=\"mb-0\" style=\"font-size: .85rem\"><strong title=\"Estado del Proceso\"><i class=\"fas fa-spinner\"><\/i><\/strong> Proceso adjudicado y celebrado<\/p><p class=\"mb-0\" style=\"font-size: .85rem\"><strong title=\"Fecha de Publicaci\u00f3n\"><i class=\"fas fa-calendar-alt\"><\/i><\/strong> Publicado el jueves, 25 de agosto de 2022<\/p><\/div><div class=\"col-auto mt-md-0 mt-2\"><a class=\"btn btn-primary btn-lg px-lg-4 d-none d-md-block\" href=\"https:\/\/comunidad.comprasdominicana.gob.do\/\/Public\/Tendering\/OpportunityDetail\/Index?noticeUID=DO1.NTC.1122015\" target=\"_blank\" title=\"Detalles\"><i class=\"fas fa-link\"><\/i> DETALLES<\/a><a class=\"btn btn-primary btn-lg px-lg-4 d-block d-md-none\" href=\"https:\/\/comunidad.comprasdominicana.gob.do\/\/Public\/Tendering\/OpportunityDetail\/Index?noticeUID=DO1.NTC.1122015\" target=\"_blank\" title=\"Detalles\"><i class=\"fas fa-2x fa-link\"><\/i><\/a><\/div><\/div><\/div><div class=\"jumbotron archivos\"><div class=\"row align-items-center\"><div class=\"col\"><h6><a class=\"text-dark\" href=\"https:\/\/comunidad.comprasdominicana.gob.do\/\/Public\/Tendering\/OpportunityDetail\/Index?noticeUID=DO1.NTC.1120411\" title=\"Ver\" target=\"_blank\">INESPRE-DAF-CM-2022-0069<\/a><\/h6><p class=\"mb-0 bold\">Adquisici\u00f3n de Maquina Contadora de Billetes<\/p><p class=\"mb-0\" style=\"font-size: .85rem\"><strong title=\"Estado del Proceso\"><i class=\"fas fa-spinner\"><\/i><\/strong> Proceso adjudicado y celebrado<\/p><p class=\"mb-0\" style=\"font-size: .85rem\"><strong title=\"Fecha de Publicaci\u00f3n\"><i class=\"fas fa-calendar-alt\"><\/i><\/strong> Publicado el martes, 23 de agosto de 2022<\/p><\/div><div class=\"col-auto mt-md-0 mt-2\"><a class=\"btn btn-primary btn-lg px-lg-4 d-none d-md-block\" href=\"https:\/\/comunidad.comprasdominicana.gob.do\/\/Public\/Tendering\/OpportunityDetail\/Index?noticeUID=DO1.NTC.1120411\" target=\"_blank\" title=\"Detalles\"><i class=\"fas fa-link\"><\/i> DETALLES<\/a><a class=\"btn btn-primary btn-lg px-lg-4 d-block d-md-none\" href=\"https:\/\/comunidad.comprasdominicana.gob.do\/\/Public\/Tendering\/OpportunityDetail\/Index?noticeUID=DO1.NTC.1120411\" target=\"_blank\" title=\"Detalles\"><i class=\"fas fa-2x fa-link\"><\/i><\/a><\/div><\/div><\/div><\/div><\/div><\/div>\n        <div class=\"card\">\n            <div class=\"card-header parents\" id=\"heading_compras-menores-69f73f7454400-2022-69f73f7454400-julio-69f73f7454400\">\n                <p class=\"title text-blue mb-0\">\n                    <a class=\"btn-block hover text-left collapsed\" data-toggle=\"collapse\" data-target=\"#collap_compras-menores-69f73f7454400-2022-69f73f7454400-julio-69f73f7454400\" aria-expanded=\"false\" aria-controls=\"collap_compras-menores-69f73f7454400-2022-69f73f7454400-julio-69f73f7454400\">Julio<\/a>\n                <\/p>\n            <\/div>\n            <div id=\"collap_compras-menores-69f73f7454400-2022-69f73f7454400-julio-69f73f7454400\" class=\"collapse\" aria-labelledby=\"heading_compras-menores-69f73f7454400-2022-69f73f7454400-julio-69f73f7454400\" data-parent=\"#collap_compras-menores-69f73f7454400-2022-69f73f7454400\">\n                <div class=\"card-body\"><div class=\"jumbotron archivos\"><div class=\"row align-items-center\"><div class=\"col\"><h6><a class=\"text-dark\" href=\"https:\/\/comunidad.comprasdominicana.gob.do\/\/Public\/Tendering\/OpportunityDetail\/Index?noticeUID=DO1.NTC.1109210\" title=\"Ver\" target=\"_blank\">INESPRE-DAF-CM-2022-0068<\/a><\/h6><p class=\"mb-0 bold\">Servicio de Alquiler de Bodegas por tres (03) meses<\/p><p class=\"mb-0\" style=\"font-size: .85rem\"><strong title=\"Estado del Proceso\"><i class=\"fas fa-spinner\"><\/i><\/strong> Proceso adjudicado y celebrado<\/p><p class=\"mb-0\" style=\"font-size: .85rem\"><strong title=\"Fecha de Publicaci\u00f3n\"><i class=\"fas fa-calendar-alt\"><\/i><\/strong> Publicado el mi\u00e9rcoles, 27 de julio de 2022<\/p><\/div><div class=\"col-auto mt-md-0 mt-2\"><a class=\"btn btn-primary btn-lg px-lg-4 d-none d-md-block\" href=\"https:\/\/comunidad.comprasdominicana.gob.do\/\/Public\/Tendering\/OpportunityDetail\/Index?noticeUID=DO1.NTC.1109210\" target=\"_blank\" title=\"Detalles\"><i class=\"fas fa-link\"><\/i> DETALLES<\/a><a class=\"btn btn-primary btn-lg px-lg-4 d-block d-md-none\" href=\"https:\/\/comunidad.comprasdominicana.gob.do\/\/Public\/Tendering\/OpportunityDetail\/Index?noticeUID=DO1.NTC.1109210\" target=\"_blank\" title=\"Detalles\"><i class=\"fas fa-2x fa-link\"><\/i><\/a><\/div><\/div><\/div><div class=\"jumbotron archivos\"><div class=\"row align-items-center\"><div class=\"col\"><h6><a class=\"text-dark\" href=\"https:\/\/comunidad.comprasdominicana.gob.do\/\/Public\/Tendering\/OpportunityDetail\/Index?noticeUID=DO1.NTC.1106535\" title=\"Ver\" target=\"_blank\">INESPRE-DAF-CM-2022-0067<\/a><\/h6><p class=\"mb-0 bold\">Servicio de Almuerzos a domicilios <\/p><p class=\"mb-0\" style=\"font-size: .85rem\"><strong title=\"Estado del Proceso\"><i class=\"fas fa-spinner\"><\/i><\/strong> Proceso adjudicado y celebrado<\/p><p class=\"mb-0\" style=\"font-size: .85rem\"><strong title=\"Fecha de Publicaci\u00f3n\"><i class=\"fas fa-calendar-alt\"><\/i><\/strong> Publicado el jueves, 21 de julio de 2022<\/p><\/div><div class=\"col-auto mt-md-0 mt-2\"><a class=\"btn btn-primary btn-lg px-lg-4 d-none d-md-block\" href=\"https:\/\/comunidad.comprasdominicana.gob.do\/\/Public\/Tendering\/OpportunityDetail\/Index?noticeUID=DO1.NTC.1106535\" target=\"_blank\" title=\"Detalles\"><i class=\"fas fa-link\"><\/i> DETALLES<\/a><a class=\"btn btn-primary btn-lg px-lg-4 d-block d-md-none\" href=\"https:\/\/comunidad.comprasdominicana.gob.do\/\/Public\/Tendering\/OpportunityDetail\/Index?noticeUID=DO1.NTC.1106535\" target=\"_blank\" title=\"Detalles\"><i class=\"fas fa-2x fa-link\"><\/i><\/a><\/div><\/div><\/div><div class=\"jumbotron archivos\"><div class=\"row align-items-center\"><div class=\"col\"><h6><a class=\"text-dark\" href=\"https:\/\/comunidad.comprasdominicana.gob.do\/\/Public\/Tendering\/OpportunityDetail\/Index?noticeUID=DO1.NTC.1105925\" title=\"Ver\" target=\"_blank\">INESPRE-DAF-CM-2022-0065<\/a><\/h6><p class=\"mb-0 bold\">Adquisici\u00f3n de Componentes de Transporte<\/p><p class=\"mb-0\" style=\"font-size: .85rem\"><strong title=\"Estado del Proceso\"><i class=\"fas fa-spinner\"><\/i><\/strong> Proceso adjudicado y celebrado<\/p><p class=\"mb-0\" style=\"font-size: .85rem\"><strong title=\"Fecha de Publicaci\u00f3n\"><i class=\"fas fa-calendar-alt\"><\/i><\/strong> Publicado el mi\u00e9rcoles, 20 de julio de 2022<\/p><\/div><div class=\"col-auto mt-md-0 mt-2\"><a class=\"btn btn-primary btn-lg px-lg-4 d-none d-md-block\" href=\"https:\/\/comunidad.comprasdominicana.gob.do\/\/Public\/Tendering\/OpportunityDetail\/Index?noticeUID=DO1.NTC.1105925\" target=\"_blank\" title=\"Detalles\"><i class=\"fas fa-link\"><\/i> DETALLES<\/a><a class=\"btn btn-primary btn-lg px-lg-4 d-block d-md-none\" href=\"https:\/\/comunidad.comprasdominicana.gob.do\/\/Public\/Tendering\/OpportunityDetail\/Index?noticeUID=DO1.NTC.1105925\" target=\"_blank\" title=\"Detalles\"><i class=\"fas fa-2x fa-link\"><\/i><\/a><\/div><\/div><\/div><div class=\"jumbotron archivos\"><div class=\"row align-items-center\"><div class=\"col\"><h6><a class=\"text-dark\" href=\"https:\/\/comunidad.comprasdominicana.gob.do\/\/Public\/Tendering\/OpportunityDetail\/Index?noticeUID=DO1.NTC.1105523\" title=\"Ver\" target=\"_blank\">INESPRE-DAF-CM-2022-0066<\/a><\/h6><p class=\"mb-0 bold\">Adquisici\u00f3n de Gomas<\/p><p class=\"mb-0\" style=\"font-size: .85rem\"><strong title=\"Estado del Proceso\"><i class=\"fas fa-spinner\"><\/i><\/strong> Proceso adjudicado y celebrado<\/p><p class=\"mb-0\" style=\"font-size: .85rem\"><strong title=\"Fecha de Publicaci\u00f3n\"><i class=\"fas fa-calendar-alt\"><\/i><\/strong> Publicado el mi\u00e9rcoles, 20 de julio de 2022<\/p><\/div><div class=\"col-auto mt-md-0 mt-2\"><a class=\"btn btn-primary btn-lg px-lg-4 d-none d-md-block\" href=\"https:\/\/comunidad.comprasdominicana.gob.do\/\/Public\/Tendering\/OpportunityDetail\/Index?noticeUID=DO1.NTC.1105523\" target=\"_blank\" title=\"Detalles\"><i class=\"fas fa-link\"><\/i> DETALLES<\/a><a class=\"btn btn-primary btn-lg px-lg-4 d-block d-md-none\" href=\"https:\/\/comunidad.comprasdominicana.gob.do\/\/Public\/Tendering\/OpportunityDetail\/Index?noticeUID=DO1.NTC.1105523\" target=\"_blank\" title=\"Detalles\"><i class=\"fas fa-2x fa-link\"><\/i><\/a><\/div><\/div><\/div><div class=\"jumbotron archivos\"><div class=\"row align-items-center\"><div class=\"col\"><h6><a class=\"text-dark\" href=\"https:\/\/comunidad.comprasdominicana.gob.do\/\/Public\/Tendering\/OpportunityDetail\/Index?noticeUID=DO1.NTC.1102041\" title=\"Ver\" target=\"_blank\">INESPRE-DAF-CM-2022-0064<\/a><\/h6><p class=\"mb-0 bold\">Servicio de Reproducci\u00f3n de Manual de Inducci\u00f3n<\/p><p class=\"mb-0\" style=\"font-size: .85rem\"><strong title=\"Estado del Proceso\"><i class=\"fas fa-spinner\"><\/i><\/strong> Proceso adjudicado y celebrado<\/p><p class=\"mb-0\" style=\"font-size: .85rem\"><strong title=\"Fecha de Publicaci\u00f3n\"><i class=\"fas fa-calendar-alt\"><\/i><\/strong> Publicado el martes, 12 de julio de 2022<\/p><\/div><div class=\"col-auto mt-md-0 mt-2\"><a class=\"btn btn-primary btn-lg px-lg-4 d-none d-md-block\" href=\"https:\/\/comunidad.comprasdominicana.gob.do\/\/Public\/Tendering\/OpportunityDetail\/Index?noticeUID=DO1.NTC.1102041\" target=\"_blank\" title=\"Detalles\"><i class=\"fas fa-link\"><\/i> DETALLES<\/a><a class=\"btn btn-primary btn-lg px-lg-4 d-block d-md-none\" href=\"https:\/\/comunidad.comprasdominicana.gob.do\/\/Public\/Tendering\/OpportunityDetail\/Index?noticeUID=DO1.NTC.1102041\" target=\"_blank\" title=\"Detalles\"><i class=\"fas fa-2x fa-link\"><\/i><\/a><\/div><\/div><\/div><div class=\"jumbotron archivos\"><div class=\"row align-items-center\"><div class=\"col\"><h6><a class=\"text-dark\" href=\"https:\/\/comunidad.comprasdominicana.gob.do\/\/Public\/Tendering\/OpportunityDetail\/Index?noticeUID=DO1.NTC.1101237\" title=\"Ver\" target=\"_blank\">INESPRE-DAF-CM-2022-0062<\/a><\/h6><p class=\"mb-0 bold\">Adquisici\u00f3n de Suministros de Limpieza<\/p><p class=\"mb-0\" style=\"font-size: .85rem\"><strong title=\"Estado del Proceso\"><i class=\"fas fa-spinner\"><\/i><\/strong> Proceso adjudicado y celebrado<\/p><p class=\"mb-0\" style=\"font-size: .85rem\"><strong title=\"Fecha de Publicaci\u00f3n\"><i class=\"fas fa-calendar-alt\"><\/i><\/strong> Publicado el lunes, 11 de julio de 2022<\/p><\/div><div class=\"col-auto mt-md-0 mt-2\"><a class=\"btn btn-primary btn-lg px-lg-4 d-none d-md-block\" href=\"https:\/\/comunidad.comprasdominicana.gob.do\/\/Public\/Tendering\/OpportunityDetail\/Index?noticeUID=DO1.NTC.1101237\" target=\"_blank\" title=\"Detalles\"><i class=\"fas fa-link\"><\/i> DETALLES<\/a><a class=\"btn btn-primary btn-lg px-lg-4 d-block d-md-none\" href=\"https:\/\/comunidad.comprasdominicana.gob.do\/\/Public\/Tendering\/OpportunityDetail\/Index?noticeUID=DO1.NTC.1101237\" target=\"_blank\" title=\"Detalles\"><i class=\"fas fa-2x fa-link\"><\/i><\/a><\/div><\/div><\/div><div class=\"jumbotron archivos\"><div class=\"row align-items-center\"><div class=\"col\"><h6><a class=\"text-dark\" href=\"https:\/\/comunidad.comprasdominicana.gob.do\/\/Public\/Tendering\/OpportunityDetail\/Index?noticeUID=DO1.NTC.1101531\" title=\"Ver\" target=\"_blank\">INESPRE-DAF-CM-2022-0063<\/a><\/h6><p class=\"mb-0 bold\">Adquisici\u00f3n de Carros de Carga y Carretillas <\/p><p class=\"mb-0\" style=\"font-size: .85rem\"><strong title=\"Estado del Proceso\"><i class=\"fas fa-spinner\"><\/i><\/strong> Proceso adjudicado y celebrado<\/p><p class=\"mb-0\" style=\"font-size: .85rem\"><strong title=\"Fecha de Publicaci\u00f3n\"><i class=\"fas fa-calendar-alt\"><\/i><\/strong> Publicado el lunes, 11 de julio de 2022<\/p><\/div><div class=\"col-auto mt-md-0 mt-2\"><a class=\"btn btn-primary btn-lg px-lg-4 d-none d-md-block\" href=\"https:\/\/comunidad.comprasdominicana.gob.do\/\/Public\/Tendering\/OpportunityDetail\/Index?noticeUID=DO1.NTC.1101531\" target=\"_blank\" title=\"Detalles\"><i class=\"fas fa-link\"><\/i> DETALLES<\/a><a class=\"btn btn-primary btn-lg px-lg-4 d-block d-md-none\" href=\"https:\/\/comunidad.comprasdominicana.gob.do\/\/Public\/Tendering\/OpportunityDetail\/Index?noticeUID=DO1.NTC.1101531\" target=\"_blank\" title=\"Detalles\"><i class=\"fas fa-2x fa-link\"><\/i><\/a><\/div><\/div><\/div><div class=\"jumbotron archivos\"><div class=\"row align-items-center\"><div class=\"col\"><h6><a class=\"text-dark\" href=\"https:\/\/comunidad.comprasdominicana.gob.do\/\/Public\/Tendering\/OpportunityDetail\/Index?noticeUID=DO1.NTC.1100435\" title=\"Ver\" target=\"_blank\">INESPRE-DAF-CM-2022-0061<\/a><\/h6><p class=\"mb-0 bold\">Adquisici\u00f3n de Medicamentos y productos farmac\u00e9uticos <\/p><p class=\"mb-0\" style=\"font-size: .85rem\"><strong title=\"Estado del Proceso\"><i class=\"fas fa-spinner\"><\/i><\/strong> Proceso adjudicado y celebrado<\/p><p class=\"mb-0\" style=\"font-size: .85rem\"><strong title=\"Fecha de Publicaci\u00f3n\"><i class=\"fas fa-calendar-alt\"><\/i><\/strong> Publicado el jueves, 7 de julio de 2022<\/p><\/div><div class=\"col-auto mt-md-0 mt-2\"><a class=\"btn btn-primary btn-lg px-lg-4 d-none d-md-block\" href=\"https:\/\/comunidad.comprasdominicana.gob.do\/\/Public\/Tendering\/OpportunityDetail\/Index?noticeUID=DO1.NTC.1100435\" target=\"_blank\" title=\"Detalles\"><i class=\"fas fa-link\"><\/i> DETALLES<\/a><a class=\"btn btn-primary btn-lg px-lg-4 d-block d-md-none\" href=\"https:\/\/comunidad.comprasdominicana.gob.do\/\/Public\/Tendering\/OpportunityDetail\/Index?noticeUID=DO1.NTC.1100435\" target=\"_blank\" title=\"Detalles\"><i class=\"fas fa-2x fa-link\"><\/i><\/a><\/div><\/div><\/div><div class=\"jumbotron archivos\"><div class=\"row align-items-center\"><div class=\"col\"><h6><a class=\"text-dark\" href=\"https:\/\/comunidad.comprasdominicana.gob.do\/\/Public\/Tendering\/OpportunityDetail\/Index?noticeUID=DO1.NTC.1098925\" title=\"Ver\" target=\"_blank\">INESPRE-DAF-CM-2022-0060<\/a><\/h6><p class=\"mb-0 bold\">Servicio de Construcci\u00f3n de Filtrante encamisado en acero<\/p><p class=\"mb-0\" style=\"font-size: .85rem\"><strong title=\"Estado del Proceso\"><i class=\"fas fa-spinner\"><\/i><\/strong> Proceso adjudicado y celebrado<\/p><p class=\"mb-0\" style=\"font-size: .85rem\"><strong title=\"Fecha de Publicaci\u00f3n\"><i class=\"fas fa-calendar-alt\"><\/i><\/strong> Publicado el martes, 5 de julio de 2022<\/p><\/div><div class=\"col-auto mt-md-0 mt-2\"><a class=\"btn btn-primary btn-lg px-lg-4 d-none d-md-block\" href=\"https:\/\/comunidad.comprasdominicana.gob.do\/\/Public\/Tendering\/OpportunityDetail\/Index?noticeUID=DO1.NTC.1098925\" target=\"_blank\" title=\"Detalles\"><i class=\"fas fa-link\"><\/i> DETALLES<\/a><a class=\"btn btn-primary btn-lg px-lg-4 d-block d-md-none\" href=\"https:\/\/comunidad.comprasdominicana.gob.do\/\/Public\/Tendering\/OpportunityDetail\/Index?noticeUID=DO1.NTC.1098925\" target=\"_blank\" title=\"Detalles\"><i class=\"fas fa-2x fa-link\"><\/i><\/a><\/div><\/div><\/div><\/div><\/div><\/div>\n        <div class=\"card\">\n            <div class=\"card-header parents\" id=\"heading_compras-menores-69f73f7454400-2022-69f73f7454400-junio-69f73f7454400\">\n                <p class=\"title text-blue mb-0\">\n                    <a class=\"btn-block hover text-left collapsed\" data-toggle=\"collapse\" data-target=\"#collap_compras-menores-69f73f7454400-2022-69f73f7454400-junio-69f73f7454400\" aria-expanded=\"false\" aria-controls=\"collap_compras-menores-69f73f7454400-2022-69f73f7454400-junio-69f73f7454400\">Junio<\/a>\n                <\/p>\n            <\/div>\n            <div id=\"collap_compras-menores-69f73f7454400-2022-69f73f7454400-junio-69f73f7454400\" class=\"collapse\" aria-labelledby=\"heading_compras-menores-69f73f7454400-2022-69f73f7454400-junio-69f73f7454400\" data-parent=\"#collap_compras-menores-69f73f7454400-2022-69f73f7454400\">\n                <div class=\"card-body\"><div class=\"jumbotron archivos\"><div class=\"row align-items-center\"><div class=\"col\"><h6><a class=\"text-dark\" href=\"https:\/\/comunidad.comprasdominicana.gob.do\/\/Public\/Tendering\/OpportunityDetail\/Index?noticeUID=DO1.NTC.1096312\" title=\"Ver\" target=\"_blank\">INESPRE-DAF-CM-2022-0059<\/a><\/h6><p class=\"mb-0 bold\">Servicio de Adecuaci\u00f3n Normalizaci\u00f3n de Gabinete El\u00e9ctrico Principal en la Direcci\u00f3n de Abastecimiento Distribuci\u00f3n y Log\u00edstica<\/p><p class=\"mb-0\" style=\"font-size: .85rem\"><strong title=\"Estado del Proceso\"><i class=\"fas fa-spinner\"><\/i><\/strong> Proceso adjudicado y celebrado<\/p><p class=\"mb-0\" style=\"font-size: .85rem\"><strong title=\"Fecha de Publicaci\u00f3n\"><i class=\"fas fa-calendar-alt\"><\/i><\/strong> Publicado el martes, 28 de junio de 2022<\/p><\/div><div class=\"col-auto mt-md-0 mt-2\"><a class=\"btn btn-primary btn-lg px-lg-4 d-none d-md-block\" href=\"https:\/\/comunidad.comprasdominicana.gob.do\/\/Public\/Tendering\/OpportunityDetail\/Index?noticeUID=DO1.NTC.1096312\" target=\"_blank\" title=\"Detalles\"><i class=\"fas fa-link\"><\/i> DETALLES<\/a><a class=\"btn btn-primary btn-lg px-lg-4 d-block d-md-none\" href=\"https:\/\/comunidad.comprasdominicana.gob.do\/\/Public\/Tendering\/OpportunityDetail\/Index?noticeUID=DO1.NTC.1096312\" target=\"_blank\" title=\"Detalles\"><i class=\"fas fa-2x fa-link\"><\/i><\/a><\/div><\/div><\/div><div class=\"jumbotron archivos\"><div class=\"row align-items-center\"><div class=\"col\"><h6><a class=\"text-dark\" href=\"https:\/\/comunidad.comprasdominicana.gob.do\/\/Public\/Tendering\/OpportunityDetail\/Index?noticeUID=DO1.NTC.1093812\" title=\"Ver\" target=\"_blank\">INESPRE-DAF-CM-2022-0058<\/a><\/h6><p class=\"mb-0 bold\">Serivicio de Alquiler de Dos Contenedores Refrigerados por un periodo de tres (03) meses<\/p><p class=\"mb-0\" style=\"font-size: .85rem\"><strong title=\"Estado del Proceso\"><i class=\"fas fa-spinner\"><\/i><\/strong> Proceso adjudicado y celebrado<\/p><p class=\"mb-0\" style=\"font-size: .85rem\"><strong title=\"Fecha de Publicaci\u00f3n\"><i class=\"fas fa-calendar-alt\"><\/i><\/strong> Publicado el mi\u00e9rcoles, 22 de junio de 2022<\/p><\/div><div class=\"col-auto mt-md-0 mt-2\"><a class=\"btn btn-primary btn-lg px-lg-4 d-none d-md-block\" href=\"https:\/\/comunidad.comprasdominicana.gob.do\/\/Public\/Tendering\/OpportunityDetail\/Index?noticeUID=DO1.NTC.1093812\" target=\"_blank\" title=\"Detalles\"><i class=\"fas fa-link\"><\/i> DETALLES<\/a><a class=\"btn btn-primary btn-lg px-lg-4 d-block d-md-none\" href=\"https:\/\/comunidad.comprasdominicana.gob.do\/\/Public\/Tendering\/OpportunityDetail\/Index?noticeUID=DO1.NTC.1093812\" target=\"_blank\" title=\"Detalles\"><i class=\"fas fa-2x fa-link\"><\/i><\/a><\/div><\/div><\/div><div class=\"jumbotron archivos\"><div class=\"row align-items-center\"><div class=\"col\"><h6><a class=\"text-dark\" href=\"https:\/\/comunidad.comprasdominicana.gob.do\/\/Public\/Tendering\/OpportunityDetail\/Index?noticeUID=DO1.NTC.1093410\" title=\"Ver\" target=\"_blank\">INESPRE-DAF-CM-2022-0057<\/a><\/h6><p class=\"mb-0 bold\">Adquisici\u00f3n de Alimentos y Bebidas para consumo Institucional <\/p><p class=\"mb-0\" style=\"font-size: .85rem\"><strong title=\"Estado del Proceso\"><i class=\"fas fa-spinner\"><\/i><\/strong> Proceso adjudicado y celebrado<\/p><p class=\"mb-0\" style=\"font-size: .85rem\"><strong title=\"Fecha de Publicaci\u00f3n\"><i class=\"fas fa-calendar-alt\"><\/i><\/strong> Publicado el mi\u00e9rcoles, 22 de junio de 2022<\/p><\/div><div class=\"col-auto mt-md-0 mt-2\"><a class=\"btn btn-primary btn-lg px-lg-4 d-none d-md-block\" href=\"https:\/\/comunidad.comprasdominicana.gob.do\/\/Public\/Tendering\/OpportunityDetail\/Index?noticeUID=DO1.NTC.1093410\" target=\"_blank\" title=\"Detalles\"><i class=\"fas fa-link\"><\/i> DETALLES<\/a><a class=\"btn btn-primary btn-lg px-lg-4 d-block d-md-none\" href=\"https:\/\/comunidad.comprasdominicana.gob.do\/\/Public\/Tendering\/OpportunityDetail\/Index?noticeUID=DO1.NTC.1093410\" target=\"_blank\" title=\"Detalles\"><i class=\"fas fa-2x fa-link\"><\/i><\/a><\/div><\/div><\/div><div class=\"jumbotron archivos\"><div class=\"row align-items-center\"><div class=\"col\"><h6><a class=\"text-dark\" href=\"https:\/\/comunidad.comprasdominicana.gob.do\/\/Public\/Tendering\/OpportunityDetail\/Index?noticeUID=DO1.NTC.1093302\" title=\"Ver\" target=\"_blank\">INESPRE-DAF-CM-2022-0055<\/a><\/h6><p class=\"mb-0 bold\">Adquisici\u00f3n de Papel de Ba\u00f1o, Servilletas y otros<\/p><p class=\"mb-0\" style=\"font-size: .85rem\"><strong title=\"Estado del Proceso\"><i class=\"fas fa-spinner\"><\/i><\/strong> Proceso adjudicado y celebrado<\/p><p class=\"mb-0\" style=\"font-size: .85rem\"><strong title=\"Fecha de Publicaci\u00f3n\"><i class=\"fas fa-calendar-alt\"><\/i><\/strong> Publicado el martes, 21 de junio de 2022<\/p><\/div><div class=\"col-auto mt-md-0 mt-2\"><a class=\"btn btn-primary btn-lg px-lg-4 d-none d-md-block\" href=\"https:\/\/comunidad.comprasdominicana.gob.do\/\/Public\/Tendering\/OpportunityDetail\/Index?noticeUID=DO1.NTC.1093302\" target=\"_blank\" title=\"Detalles\"><i class=\"fas fa-link\"><\/i> DETALLES<\/a><a class=\"btn btn-primary btn-lg px-lg-4 d-block d-md-none\" href=\"https:\/\/comunidad.comprasdominicana.gob.do\/\/Public\/Tendering\/OpportunityDetail\/Index?noticeUID=DO1.NTC.1093302\" target=\"_blank\" title=\"Detalles\"><i class=\"fas fa-2x fa-link\"><\/i><\/a><\/div><\/div><\/div><div class=\"jumbotron archivos\"><div class=\"row align-items-center\"><div class=\"col\"><h6><a class=\"text-dark\" href=\"https:\/\/comunidad.comprasdominicana.gob.do\/\/Public\/Tendering\/OpportunityDetail\/Index?noticeUID=DO1.NTC.1091014\" title=\"Ver\" target=\"_blank\">INESPRE-DAF-CM-2022-0056<\/a><\/h6><p class=\"mb-0 bold\">Adquisici\u00f3n de Medicamentos y Productos Farmac\u00e9uticos <\/p><p class=\"mb-0\" style=\"font-size: .85rem\"><strong title=\"Estado del Proceso\"><i class=\"fas fa-spinner\"><\/i><\/strong> Cancelado<\/p><p class=\"mb-0\" style=\"font-size: .85rem\"><strong title=\"Fecha de Publicaci\u00f3n\"><i class=\"fas fa-calendar-alt\"><\/i><\/strong> Publicado el mi\u00e9rcoles, 15 de junio de 2022<\/p><\/div><div class=\"col-auto mt-md-0 mt-2\"><a class=\"btn btn-primary btn-lg px-lg-4 d-none d-md-block\" href=\"https:\/\/comunidad.comprasdominicana.gob.do\/\/Public\/Tendering\/OpportunityDetail\/Index?noticeUID=DO1.NTC.1091014\" target=\"_blank\" title=\"Detalles\"><i class=\"fas fa-link\"><\/i> DETALLES<\/a><a class=\"btn btn-primary btn-lg px-lg-4 d-block d-md-none\" href=\"https:\/\/comunidad.comprasdominicana.gob.do\/\/Public\/Tendering\/OpportunityDetail\/Index?noticeUID=DO1.NTC.1091014\" target=\"_blank\" title=\"Detalles\"><i class=\"fas fa-2x fa-link\"><\/i><\/a><\/div><\/div><\/div><div class=\"jumbotron archivos\"><div class=\"row align-items-center\"><div class=\"col\"><h6><a class=\"text-dark\" href=\"https:\/\/comunidad.comprasdominicana.gob.do\/\/Public\/Tendering\/OpportunityDetail\/Index?noticeUID=DO1.NTC.1090212\" title=\"Ver\" target=\"_blank\">INESPRE-DAF-CM-2022-0054<\/a><\/h6><p class=\"mb-0 bold\">Servicio de Montaje de Feria Agropecuaria INESPRE 2022<\/p><p class=\"mb-0\" style=\"font-size: .85rem\"><strong title=\"Estado del Proceso\"><i class=\"fas fa-spinner\"><\/i><\/strong> Proceso adjudicado y celebrado<\/p><p class=\"mb-0\" style=\"font-size: .85rem\"><strong title=\"Fecha de Publicaci\u00f3n\"><i class=\"fas fa-calendar-alt\"><\/i><\/strong> Publicado el lunes, 13 de junio de 2022<\/p><\/div><div class=\"col-auto mt-md-0 mt-2\"><a class=\"btn btn-primary btn-lg px-lg-4 d-none d-md-block\" href=\"https:\/\/comunidad.comprasdominicana.gob.do\/\/Public\/Tendering\/OpportunityDetail\/Index?noticeUID=DO1.NTC.1090212\" target=\"_blank\" title=\"Detalles\"><i class=\"fas fa-link\"><\/i> DETALLES<\/a><a class=\"btn btn-primary btn-lg px-lg-4 d-block d-md-none\" href=\"https:\/\/comunidad.comprasdominicana.gob.do\/\/Public\/Tendering\/OpportunityDetail\/Index?noticeUID=DO1.NTC.1090212\" target=\"_blank\" title=\"Detalles\"><i class=\"fas fa-2x fa-link\"><\/i><\/a><\/div><\/div><\/div><div class=\"jumbotron archivos\"><div class=\"row align-items-center\"><div class=\"col\"><h6><a class=\"text-dark\" href=\"https:\/\/comunidad.comprasdominicana.gob.do\/\/Public\/Tendering\/OpportunityDetail\/Index?noticeUID=DO1.NTC.1088714\" title=\"Ver\" target=\"_blank\">INESPRE-DAF-CM-2022-0053<\/a><\/h6><p class=\"mb-0 bold\">Servicio Asesor\u00eda Institucional por 6 meses<\/p><p class=\"mb-0\" style=\"font-size: .85rem\"><strong title=\"Estado del Proceso\"><i class=\"fas fa-spinner\"><\/i><\/strong> Proceso adjudicado y celebrado<\/p><p class=\"mb-0\" style=\"font-size: .85rem\"><strong title=\"Fecha de Publicaci\u00f3n\"><i class=\"fas fa-calendar-alt\"><\/i><\/strong> Publicado el jueves, 9 de junio de 2022<\/p><\/div><div class=\"col-auto mt-md-0 mt-2\"><a class=\"btn btn-primary btn-lg px-lg-4 d-none d-md-block\" href=\"https:\/\/comunidad.comprasdominicana.gob.do\/\/Public\/Tendering\/OpportunityDetail\/Index?noticeUID=DO1.NTC.1088714\" target=\"_blank\" title=\"Detalles\"><i class=\"fas fa-link\"><\/i> DETALLES<\/a><a class=\"btn btn-primary btn-lg px-lg-4 d-block d-md-none\" href=\"https:\/\/comunidad.comprasdominicana.gob.do\/\/Public\/Tendering\/OpportunityDetail\/Index?noticeUID=DO1.NTC.1088714\" target=\"_blank\" title=\"Detalles\"><i class=\"fas fa-2x fa-link\"><\/i><\/a><\/div><\/div><\/div><div class=\"jumbotron archivos\"><div class=\"row align-items-center\"><div class=\"col\"><h6><a class=\"text-dark\" href=\"https:\/\/comunidad.comprasdominicana.gob.do\/\/Public\/Tendering\/OpportunityDetail\/Index?noticeUID=DO1.NTC.1086834\" title=\"Ver\" target=\"_blank\">INESPRE-DAF-CM-2022-0052<\/a><\/h6><p class=\"mb-0 bold\">Adquisici\u00f3n de Tramer\u00edas Met\u00e1licas<\/p><p class=\"mb-0\" style=\"font-size: .85rem\"><strong title=\"Estado del Proceso\"><i class=\"fas fa-spinner\"><\/i><\/strong> Proceso adjudicado y celebrado<\/p><p class=\"mb-0\" style=\"font-size: .85rem\"><strong title=\"Fecha de Publicaci\u00f3n\"><i class=\"fas fa-calendar-alt\"><\/i><\/strong> Publicado el lunes, 6 de junio de 2022<\/p><\/div><div class=\"col-auto mt-md-0 mt-2\"><a class=\"btn btn-primary btn-lg px-lg-4 d-none d-md-block\" href=\"https:\/\/comunidad.comprasdominicana.gob.do\/\/Public\/Tendering\/OpportunityDetail\/Index?noticeUID=DO1.NTC.1086834\" target=\"_blank\" title=\"Detalles\"><i class=\"fas fa-link\"><\/i> DETALLES<\/a><a class=\"btn btn-primary btn-lg px-lg-4 d-block d-md-none\" href=\"https:\/\/comunidad.comprasdominicana.gob.do\/\/Public\/Tendering\/OpportunityDetail\/Index?noticeUID=DO1.NTC.1086834\" target=\"_blank\" title=\"Detalles\"><i class=\"fas fa-2x fa-link\"><\/i><\/a><\/div><\/div><\/div><\/div><\/div><\/div>\n        <div class=\"card\">\n            <div class=\"card-header parents\" id=\"heading_compras-menores-69f73f7454400-2022-69f73f7454400-mayo-69f73f7454400\">\n                <p class=\"title text-blue mb-0\">\n                    <a class=\"btn-block hover text-left collapsed\" data-toggle=\"collapse\" data-target=\"#collap_compras-menores-69f73f7454400-2022-69f73f7454400-mayo-69f73f7454400\" aria-expanded=\"false\" aria-controls=\"collap_compras-menores-69f73f7454400-2022-69f73f7454400-mayo-69f73f7454400\">Mayo<\/a>\n                <\/p>\n            <\/div>\n            <div id=\"collap_compras-menores-69f73f7454400-2022-69f73f7454400-mayo-69f73f7454400\" class=\"collapse\" aria-labelledby=\"heading_compras-menores-69f73f7454400-2022-69f73f7454400-mayo-69f73f7454400\" data-parent=\"#collap_compras-menores-69f73f7454400-2022-69f73f7454400\">\n                <div class=\"card-body\"><div class=\"jumbotron archivos\"><div class=\"row align-items-center\"><div class=\"col\"><h6><a class=\"text-dark\" href=\"https:\/\/comunidad.comprasdominicana.gob.do\/\/Public\/Tendering\/OpportunityDetail\/Index?noticeUID=DO1.NTC.1084711\" title=\"Ver\" target=\"_blank\">INESPRE-DAF-CM-2022-0051<\/a><\/h6><p class=\"mb-0 bold\">Servicio de Alquiler de Almacenes por tres (03) meses<\/p><p class=\"mb-0\" style=\"font-size: .85rem\"><strong title=\"Estado del Proceso\"><i class=\"fas fa-spinner\"><\/i><\/strong> Proceso adjudicado y celebrado<\/p><p class=\"mb-0\" style=\"font-size: .85rem\"><strong title=\"Fecha de Publicaci\u00f3n\"><i class=\"fas fa-calendar-alt\"><\/i><\/strong> Publicado el martes, 31 de mayo de 2022<\/p><\/div><div class=\"col-auto mt-md-0 mt-2\"><a class=\"btn btn-primary btn-lg px-lg-4 d-none d-md-block\" href=\"https:\/\/comunidad.comprasdominicana.gob.do\/\/Public\/Tendering\/OpportunityDetail\/Index?noticeUID=DO1.NTC.1084711\" target=\"_blank\" title=\"Detalles\"><i class=\"fas fa-link\"><\/i> DETALLES<\/a><a class=\"btn btn-primary btn-lg px-lg-4 d-block d-md-none\" href=\"https:\/\/comunidad.comprasdominicana.gob.do\/\/Public\/Tendering\/OpportunityDetail\/Index?noticeUID=DO1.NTC.1084711\" target=\"_blank\" title=\"Detalles\"><i class=\"fas fa-2x fa-link\"><\/i><\/a><\/div><\/div><\/div><div class=\"jumbotron archivos\"><div class=\"row align-items-center\"><div class=\"col\"><h6><a class=\"text-dark\" href=\"https:\/\/comunidad.comprasdominicana.gob.do\/\/Public\/Tendering\/OpportunityDetail\/Index?noticeUID=DO1.NTC.1084308\" title=\"Ver\" target=\"_blank\">INESPRE-DAF-CM-2022-0050<\/a><\/h6><p class=\"mb-0 bold\">Adquisici\u00f3n de Sacos para empacar <\/p><p class=\"mb-0\" style=\"font-size: .85rem\"><strong title=\"Estado del Proceso\"><i class=\"fas fa-spinner\"><\/i><\/strong> Proceso adjudicado y celebrado<\/p><p class=\"mb-0\" style=\"font-size: .85rem\"><strong title=\"Fecha de Publicaci\u00f3n\"><i class=\"fas fa-calendar-alt\"><\/i><\/strong> Publicado el martes, 31 de mayo de 2022<\/p><\/div><div class=\"col-auto mt-md-0 mt-2\"><a class=\"btn btn-primary btn-lg px-lg-4 d-none d-md-block\" href=\"https:\/\/comunidad.comprasdominicana.gob.do\/\/Public\/Tendering\/OpportunityDetail\/Index?noticeUID=DO1.NTC.1084308\" target=\"_blank\" title=\"Detalles\"><i class=\"fas fa-link\"><\/i> DETALLES<\/a><a class=\"btn btn-primary btn-lg px-lg-4 d-block d-md-none\" href=\"https:\/\/comunidad.comprasdominicana.gob.do\/\/Public\/Tendering\/OpportunityDetail\/Index?noticeUID=DO1.NTC.1084308\" target=\"_blank\" title=\"Detalles\"><i class=\"fas fa-2x fa-link\"><\/i><\/a><\/div><\/div><\/div><div class=\"jumbotron archivos\"><div class=\"row align-items-center\"><div class=\"col\"><h6><a class=\"text-dark\" href=\"https:\/\/comunidad.comprasdominicana.gob.do\/\/Public\/Tendering\/OpportunityDetail\/Index?noticeUID=DO1.NTC.1084307\" title=\"Ver\" target=\"_blank\">INESPRE-DAF-CM-2022-0049<\/a><\/h6><p class=\"mb-0 bold\">Servicio de alquiler de cuatro (04) Contenedores para Oficinas de 40 pies cada uno,  por un periodo de cuatro (04) meses<\/p><p class=\"mb-0\" style=\"font-size: .85rem\"><strong title=\"Estado del Proceso\"><i class=\"fas fa-spinner\"><\/i><\/strong> Proceso adjudicado y celebrado<\/p><p class=\"mb-0\" style=\"font-size: .85rem\"><strong title=\"Fecha de Publicaci\u00f3n\"><i class=\"fas fa-calendar-alt\"><\/i><\/strong> Publicado el martes, 31 de mayo de 2022<\/p><\/div><div class=\"col-auto mt-md-0 mt-2\"><a class=\"btn btn-primary btn-lg px-lg-4 d-none d-md-block\" href=\"https:\/\/comunidad.comprasdominicana.gob.do\/\/Public\/Tendering\/OpportunityDetail\/Index?noticeUID=DO1.NTC.1084307\" target=\"_blank\" title=\"Detalles\"><i class=\"fas fa-link\"><\/i> DETALLES<\/a><a class=\"btn btn-primary btn-lg px-lg-4 d-block d-md-none\" href=\"https:\/\/comunidad.comprasdominicana.gob.do\/\/Public\/Tendering\/OpportunityDetail\/Index?noticeUID=DO1.NTC.1084307\" target=\"_blank\" title=\"Detalles\"><i class=\"fas fa-2x fa-link\"><\/i><\/a><\/div><\/div><\/div><div class=\"jumbotron archivos\"><div class=\"row align-items-center\"><div class=\"col\"><h6><a class=\"text-dark\" href=\"https:\/\/comunidad.comprasdominicana.gob.do\/\/Public\/Tendering\/OpportunityDetail\/Index?noticeUID=DO1.NTC.1081525\" title=\"Ver\" target=\"_blank\">INESPRE-DAF-CM-2022-0048<\/a><\/h6><p class=\"mb-0 bold\">Adquisici\u00f3n de Chocolate en Barra<\/p><p class=\"mb-0\" style=\"font-size: .85rem\"><strong title=\"Estado del Proceso\"><i class=\"fas fa-spinner\"><\/i><\/strong> Proceso adjudicado y celebrado<\/p><p class=\"mb-0\" style=\"font-size: .85rem\"><strong title=\"Fecha de Publicaci\u00f3n\"><i class=\"fas fa-calendar-alt\"><\/i><\/strong> Publicado el martes, 24 de mayo de 2022<\/p><\/div><div class=\"col-auto mt-md-0 mt-2\"><a class=\"btn btn-primary btn-lg px-lg-4 d-none d-md-block\" href=\"https:\/\/comunidad.comprasdominicana.gob.do\/\/Public\/Tendering\/OpportunityDetail\/Index?noticeUID=DO1.NTC.1081525\" target=\"_blank\" title=\"Detalles\"><i class=\"fas fa-link\"><\/i> DETALLES<\/a><a class=\"btn btn-primary btn-lg px-lg-4 d-block d-md-none\" href=\"https:\/\/comunidad.comprasdominicana.gob.do\/\/Public\/Tendering\/OpportunityDetail\/Index?noticeUID=DO1.NTC.1081525\" target=\"_blank\" title=\"Detalles\"><i class=\"fas fa-2x fa-link\"><\/i><\/a><\/div><\/div><\/div><div class=\"jumbotron archivos\"><div class=\"row align-items-center\"><div class=\"col\"><h6><a class=\"text-dark\" href=\"https:\/\/comunidad.comprasdominicana.gob.do\/\/Public\/Tendering\/OpportunityDetail\/Index?noticeUID=DO1.NTC.1081523\" title=\"Ver\" target=\"_blank\">INESPRE-DAF-CM-2022-0047<\/a><\/h6><p class=\"mb-0 bold\">Adquisici\u00f3n de Caf\u00e9 Molido<\/p><p class=\"mb-0\" style=\"font-size: .85rem\"><strong title=\"Estado del Proceso\"><i class=\"fas fa-spinner\"><\/i><\/strong> Proceso adjudicado y celebrado<\/p><p class=\"mb-0\" style=\"font-size: .85rem\"><strong title=\"Fecha de Publicaci\u00f3n\"><i class=\"fas fa-calendar-alt\"><\/i><\/strong> Publicado el martes, 24 de mayo de 2022<\/p><\/div><div class=\"col-auto mt-md-0 mt-2\"><a class=\"btn btn-primary btn-lg px-lg-4 d-none d-md-block\" href=\"https:\/\/comunidad.comprasdominicana.gob.do\/\/Public\/Tendering\/OpportunityDetail\/Index?noticeUID=DO1.NTC.1081523\" target=\"_blank\" title=\"Detalles\"><i class=\"fas fa-link\"><\/i> DETALLES<\/a><a class=\"btn btn-primary btn-lg px-lg-4 d-block d-md-none\" href=\"https:\/\/comunidad.comprasdominicana.gob.do\/\/Public\/Tendering\/OpportunityDetail\/Index?noticeUID=DO1.NTC.1081523\" target=\"_blank\" title=\"Detalles\"><i class=\"fas fa-2x fa-link\"><\/i><\/a><\/div><\/div><\/div><div class=\"jumbotron archivos\"><div class=\"row align-items-center\"><div class=\"col\"><h6><a class=\"text-dark\" href=\"https:\/\/comunidad.comprasdominicana.gob.do\/\/Public\/Tendering\/OpportunityDetail\/Index?noticeUID=DO1.NTC.1081521\" title=\"Ver\" target=\"_blank\">INESPRE-DAF-CM-2022-0046<\/a><\/h6><p class=\"mb-0 bold\">Adquisici\u00f3n de Az\u00facar Crema<\/p><p class=\"mb-0\" style=\"font-size: .85rem\"><strong title=\"Estado del Proceso\"><i class=\"fas fa-spinner\"><\/i><\/strong> Proceso adjudicado y celebrado<\/p><p class=\"mb-0\" style=\"font-size: .85rem\"><strong title=\"Fecha de Publicaci\u00f3n\"><i class=\"fas fa-calendar-alt\"><\/i><\/strong> Publicado el martes, 24 de mayo de 2022<\/p><\/div><div class=\"col-auto mt-md-0 mt-2\"><a class=\"btn btn-primary btn-lg px-lg-4 d-none d-md-block\" href=\"https:\/\/comunidad.comprasdominicana.gob.do\/\/Public\/Tendering\/OpportunityDetail\/Index?noticeUID=DO1.NTC.1081521\" target=\"_blank\" title=\"Detalles\"><i class=\"fas fa-link\"><\/i> DETALLES<\/a><a class=\"btn btn-primary btn-lg px-lg-4 d-block d-md-none\" href=\"https:\/\/comunidad.comprasdominicana.gob.do\/\/Public\/Tendering\/OpportunityDetail\/Index?noticeUID=DO1.NTC.1081521\" target=\"_blank\" title=\"Detalles\"><i class=\"fas fa-2x fa-link\"><\/i><\/a><\/div><\/div><\/div><div class=\"jumbotron archivos\"><div class=\"row align-items-center\"><div class=\"col\"><h6><a class=\"text-dark\" href=\"https:\/\/comunidad.comprasdominicana.gob.do\/\/Public\/Tendering\/OpportunityDetail\/Index?noticeUID=DO1.NTC.1081607\" title=\"Ver\" target=\"_blank\">INESPRE-DAF-CM-2022-0045<\/a><\/h6><p class=\"mb-0 bold\">Adquisici\u00f3n de Avena Entera<\/p><p class=\"mb-0\" style=\"font-size: .85rem\"><strong title=\"Estado del Proceso\"><i class=\"fas fa-spinner\"><\/i><\/strong> Proceso adjudicado y celebrado<\/p><p class=\"mb-0\" style=\"font-size: .85rem\"><strong title=\"Fecha de Publicaci\u00f3n\"><i class=\"fas fa-calendar-alt\"><\/i><\/strong> Publicado el martes, 24 de mayo de 2022<\/p><\/div><div class=\"col-auto mt-md-0 mt-2\"><a class=\"btn btn-primary btn-lg px-lg-4 d-none d-md-block\" href=\"https:\/\/comunidad.comprasdominicana.gob.do\/\/Public\/Tendering\/OpportunityDetail\/Index?noticeUID=DO1.NTC.1081607\" target=\"_blank\" title=\"Detalles\"><i class=\"fas fa-link\"><\/i> DETALLES<\/a><a class=\"btn btn-primary btn-lg px-lg-4 d-block d-md-none\" href=\"https:\/\/comunidad.comprasdominicana.gob.do\/\/Public\/Tendering\/OpportunityDetail\/Index?noticeUID=DO1.NTC.1081607\" target=\"_blank\" title=\"Detalles\"><i class=\"fas fa-2x fa-link\"><\/i><\/a><\/div><\/div><\/div><div class=\"jumbotron archivos\"><div class=\"row align-items-center\"><div class=\"col\"><h6><a class=\"text-dark\" href=\"https:\/\/comunidad.comprasdominicana.gob.do\/\/Public\/Tendering\/OpportunityDetail\/Index?noticeUID=DO1.NTC.1081513\" title=\"Ver\" target=\"_blank\">INESPRE-DAF-CM-2022-0044<\/a><\/h6><p class=\"mb-0 bold\">Adquisici\u00f3n de Harina de Ma\u00edz<\/p><p class=\"mb-0\" style=\"font-size: .85rem\"><strong title=\"Estado del Proceso\"><i class=\"fas fa-spinner\"><\/i><\/strong> Cancelado<\/p><p class=\"mb-0\" style=\"font-size: .85rem\"><strong title=\"Fecha de Publicaci\u00f3n\"><i class=\"fas fa-calendar-alt\"><\/i><\/strong> Publicado el martes, 24 de mayo de 2022<\/p><\/div><div class=\"col-auto mt-md-0 mt-2\"><a class=\"btn btn-primary btn-lg px-lg-4 d-none d-md-block\" href=\"https:\/\/comunidad.comprasdominicana.gob.do\/\/Public\/Tendering\/OpportunityDetail\/Index?noticeUID=DO1.NTC.1081513\" target=\"_blank\" title=\"Detalles\"><i class=\"fas fa-link\"><\/i> DETALLES<\/a><a class=\"btn btn-primary btn-lg px-lg-4 d-block d-md-none\" href=\"https:\/\/comunidad.comprasdominicana.gob.do\/\/Public\/Tendering\/OpportunityDetail\/Index?noticeUID=DO1.NTC.1081513\" target=\"_blank\" title=\"Detalles\"><i class=\"fas fa-2x fa-link\"><\/i><\/a><\/div><\/div><\/div><div class=\"jumbotron archivos\"><div class=\"row align-items-center\"><div class=\"col\"><h6><a class=\"text-dark\" href=\"https:\/\/comunidad.comprasdominicana.gob.do\/\/Public\/Tendering\/OpportunityDetail\/Index?noticeUID=DO1.NTC.1081507\" title=\"Ver\" target=\"_blank\">INESPRE-DAF-CM-2022-0043<\/a><\/h6><p class=\"mb-0 bold\">Adquisici\u00f3n de Condimentos y Conservantes<\/p><p class=\"mb-0\" style=\"font-size: .85rem\"><strong title=\"Estado del Proceso\"><i class=\"fas fa-spinner\"><\/i><\/strong> Proceso adjudicado y celebrado<\/p><p class=\"mb-0\" style=\"font-size: .85rem\"><strong title=\"Fecha de Publicaci\u00f3n\"><i class=\"fas fa-calendar-alt\"><\/i><\/strong> Publicado el martes, 24 de mayo de 2022<\/p><\/div><div class=\"col-auto mt-md-0 mt-2\"><a class=\"btn btn-primary btn-lg px-lg-4 d-none d-md-block\" href=\"https:\/\/comunidad.comprasdominicana.gob.do\/\/Public\/Tendering\/OpportunityDetail\/Index?noticeUID=DO1.NTC.1081507\" target=\"_blank\" title=\"Detalles\"><i class=\"fas fa-link\"><\/i> DETALLES<\/a><a class=\"btn btn-primary btn-lg px-lg-4 d-block d-md-none\" href=\"https:\/\/comunidad.comprasdominicana.gob.do\/\/Public\/Tendering\/OpportunityDetail\/Index?noticeUID=DO1.NTC.1081507\" target=\"_blank\" title=\"Detalles\"><i class=\"fas fa-2x fa-link\"><\/i><\/a><\/div><\/div><\/div><div class=\"jumbotron archivos\"><div class=\"row align-items-center\"><div class=\"col\"><h6><a class=\"text-dark\" href=\"https:\/\/comunidad.comprasdominicana.gob.do\/\/Public\/Tendering\/OpportunityDetail\/Index?noticeUID=DO1.NTC.1080307\" title=\"Ver\" target=\"_blank\">INESPRE-DAF-CM-2022-0042<\/a><\/h6><p class=\"mb-0 bold\">Adquisici\u00f3n de Electrodom\u00e9stico<\/p><p class=\"mb-0\" style=\"font-size: .85rem\"><strong title=\"Estado del Proceso\"><i class=\"fas fa-spinner\"><\/i><\/strong> Proceso adjudicado y celebrado<\/p><p class=\"mb-0\" style=\"font-size: .85rem\"><strong title=\"Fecha de Publicaci\u00f3n\"><i class=\"fas fa-calendar-alt\"><\/i><\/strong> Publicado el viernes, 20 de mayo de 2022<\/p><\/div><div class=\"col-auto mt-md-0 mt-2\"><a class=\"btn btn-primary btn-lg px-lg-4 d-none d-md-block\" href=\"https:\/\/comunidad.comprasdominicana.gob.do\/\/Public\/Tendering\/OpportunityDetail\/Index?noticeUID=DO1.NTC.1080307\" target=\"_blank\" title=\"Detalles\"><i class=\"fas fa-link\"><\/i> DETALLES<\/a><a class=\"btn btn-primary btn-lg px-lg-4 d-block d-md-none\" href=\"https:\/\/comunidad.comprasdominicana.gob.do\/\/Public\/Tendering\/OpportunityDetail\/Index?noticeUID=DO1.NTC.1080307\" target=\"_blank\" title=\"Detalles\"><i class=\"fas fa-2x fa-link\"><\/i><\/a><\/div><\/div><\/div><div class=\"jumbotron archivos\"><div class=\"row align-items-center\"><div class=\"col\"><h6><a class=\"text-dark\" href=\"https:\/\/comunidad.comprasdominicana.gob.do\/\/Public\/Tendering\/OpportunityDetail\/Index?noticeUID=DO1.NTC.1078906\" title=\"Ver\" target=\"_blank\">INESPRE-DAF-CM-2022-0041<\/a><\/h6><p class=\"mb-0 bold\">Adquisici\u00f3n de Computadoras de escritorios y accesorios<\/p><p class=\"mb-0\" style=\"font-size: .85rem\"><strong title=\"Estado del Proceso\"><i class=\"fas fa-spinner\"><\/i><\/strong> Proceso adjudicado y celebrado<\/p><p class=\"mb-0\" style=\"font-size: .85rem\"><strong title=\"Fecha de Publicaci\u00f3n\"><i class=\"fas fa-calendar-alt\"><\/i><\/strong> Publicado el mi\u00e9rcoles, 18 de mayo de 2022<\/p><\/div><div class=\"col-auto mt-md-0 mt-2\"><a class=\"btn btn-primary btn-lg px-lg-4 d-none d-md-block\" href=\"https:\/\/comunidad.comprasdominicana.gob.do\/\/Public\/Tendering\/OpportunityDetail\/Index?noticeUID=DO1.NTC.1078906\" target=\"_blank\" title=\"Detalles\"><i class=\"fas fa-link\"><\/i> DETALLES<\/a><a class=\"btn btn-primary btn-lg px-lg-4 d-block d-md-none\" href=\"https:\/\/comunidad.comprasdominicana.gob.do\/\/Public\/Tendering\/OpportunityDetail\/Index?noticeUID=DO1.NTC.1078906\" target=\"_blank\" title=\"Detalles\"><i class=\"fas fa-2x fa-link\"><\/i><\/a><\/div><\/div><\/div><div class=\"jumbotron archivos\"><div class=\"row align-items-center\"><div class=\"col\"><h6><a class=\"text-dark\" href=\"https:\/\/comunidad.comprasdominicana.gob.do\/\/Public\/Tendering\/OpportunityDetail\/Index?noticeUID=DO1.NTC.1076317\" title=\"Ver\" target=\"_blank\">INESPRE-DAF-CM-2022-0040<\/a><\/h6><p class=\"mb-0 bold\">Adquisici\u00f3n de Productos de Papel<\/p><p class=\"mb-0\" style=\"font-size: .85rem\"><strong title=\"Estado del Proceso\"><i class=\"fas fa-spinner\"><\/i><\/strong> Proceso adjudicado y celebrado<\/p><p class=\"mb-0\" style=\"font-size: .85rem\"><strong title=\"Fecha de Publicaci\u00f3n\"><i class=\"fas fa-calendar-alt\"><\/i><\/strong> Publicado el mi\u00e9rcoles, 11 de mayo de 2022<\/p><\/div><div class=\"col-auto mt-md-0 mt-2\"><a class=\"btn btn-primary btn-lg px-lg-4 d-none d-md-block\" href=\"https:\/\/comunidad.comprasdominicana.gob.do\/\/Public\/Tendering\/OpportunityDetail\/Index?noticeUID=DO1.NTC.1076317\" target=\"_blank\" title=\"Detalles\"><i class=\"fas fa-link\"><\/i> DETALLES<\/a><a class=\"btn btn-primary btn-lg px-lg-4 d-block d-md-none\" href=\"https:\/\/comunidad.comprasdominicana.gob.do\/\/Public\/Tendering\/OpportunityDetail\/Index?noticeUID=DO1.NTC.1076317\" target=\"_blank\" title=\"Detalles\"><i class=\"fas fa-2x fa-link\"><\/i><\/a><\/div><\/div><\/div><div class=\"jumbotron archivos\"><div class=\"row align-items-center\"><div class=\"col\"><h6><a class=\"text-dark\" href=\"https:\/\/comunidad.comprasdominicana.gob.do\/\/Public\/Tendering\/OpportunityDetail\/Index?noticeUID=DO1.NTC.1074107\" title=\"Ver\" target=\"_blank\">INESPRE-DAF-CM-2022-0039<\/a><\/h6><p class=\"mb-0 bold\">Contrataci\u00f3n de Servicio e Instalaci\u00f3n de Equipos de Impresi\u00f3n y Copiado Multifuncionales por seis (06) meses.<\/p><p class=\"mb-0\" style=\"font-size: .85rem\"><strong title=\"Estado del Proceso\"><i class=\"fas fa-spinner\"><\/i><\/strong> Proceso adjudicado y celebrado<\/p><p class=\"mb-0\" style=\"font-size: .85rem\"><strong title=\"Fecha de Publicaci\u00f3n\"><i class=\"fas fa-calendar-alt\"><\/i><\/strong> Publicado el viernes, 6 de mayo de 2022<\/p><\/div><div class=\"col-auto mt-md-0 mt-2\"><a class=\"btn btn-primary btn-lg px-lg-4 d-none d-md-block\" href=\"https:\/\/comunidad.comprasdominicana.gob.do\/\/Public\/Tendering\/OpportunityDetail\/Index?noticeUID=DO1.NTC.1074107\" target=\"_blank\" title=\"Detalles\"><i class=\"fas fa-link\"><\/i> DETALLES<\/a><a class=\"btn btn-primary btn-lg px-lg-4 d-block d-md-none\" href=\"https:\/\/comunidad.comprasdominicana.gob.do\/\/Public\/Tendering\/OpportunityDetail\/Index?noticeUID=DO1.NTC.1074107\" target=\"_blank\" title=\"Detalles\"><i class=\"fas fa-2x fa-link\"><\/i><\/a><\/div><\/div><\/div><div class=\"jumbotron archivos\"><div class=\"row align-items-center\"><div class=\"col\"><h6><a class=\"text-dark\" href=\"https:\/\/comunidad.comprasdominicana.gob.do\/\/Public\/Tendering\/OpportunityDetail\/Index?noticeUID=DO1.NTC.1073907\" title=\"Ver\" target=\"_blank\">INESPRE-DAF-CM-2022-0038<\/a><\/h6><p class=\"mb-0 bold\">Adquisici\u00f3n de Talonarios<\/p><p class=\"mb-0\" style=\"font-size: .85rem\"><strong title=\"Estado del Proceso\"><i class=\"fas fa-spinner\"><\/i><\/strong> Proceso adjudicado y celebrado<\/p><p class=\"mb-0\" style=\"font-size: .85rem\"><strong title=\"Fecha de Publicaci\u00f3n\"><i class=\"fas fa-calendar-alt\"><\/i><\/strong> Publicado el jueves, 5 de mayo de 2022<\/p><\/div><div class=\"col-auto mt-md-0 mt-2\"><a class=\"btn btn-primary btn-lg px-lg-4 d-none d-md-block\" href=\"https:\/\/comunidad.comprasdominicana.gob.do\/\/Public\/Tendering\/OpportunityDetail\/Index?noticeUID=DO1.NTC.1073907\" target=\"_blank\" title=\"Detalles\"><i class=\"fas fa-link\"><\/i> DETALLES<\/a><a class=\"btn btn-primary btn-lg px-lg-4 d-block d-md-none\" href=\"https:\/\/comunidad.comprasdominicana.gob.do\/\/Public\/Tendering\/OpportunityDetail\/Index?noticeUID=DO1.NTC.1073907\" target=\"_blank\" title=\"Detalles\"><i class=\"fas fa-2x fa-link\"><\/i><\/a><\/div><\/div><\/div><div class=\"jumbotron archivos\"><div class=\"row align-items-center\"><div class=\"col\"><h6><a class=\"text-dark\" href=\"https:\/\/comunidad.comprasdominicana.gob.do\/\/Public\/Tendering\/OpportunityDetail\/Index?noticeUID=DO1.NTC.1073218\" title=\"Ver\" target=\"_blank\">INESPRE-DAF-CM-2022-0037<\/a><\/h6><p class=\"mb-0 bold\">Adquisici\u00f3n de Dispositivos de Seguridad para Puertas<\/p><p class=\"mb-0\" style=\"font-size: .85rem\"><strong title=\"Estado del Proceso\"><i class=\"fas fa-spinner\"><\/i><\/strong> Proceso adjudicado y celebrado<\/p><p class=\"mb-0\" style=\"font-size: .85rem\"><strong title=\"Fecha de Publicaci\u00f3n\"><i class=\"fas fa-calendar-alt\"><\/i><\/strong> Publicado el mi\u00e9rcoles, 4 de mayo de 2022<\/p><\/div><div class=\"col-auto mt-md-0 mt-2\"><a class=\"btn btn-primary btn-lg px-lg-4 d-none d-md-block\" href=\"https:\/\/comunidad.comprasdominicana.gob.do\/\/Public\/Tendering\/OpportunityDetail\/Index?noticeUID=DO1.NTC.1073218\" target=\"_blank\" title=\"Detalles\"><i class=\"fas fa-link\"><\/i> DETALLES<\/a><a class=\"btn btn-primary btn-lg px-lg-4 d-block d-md-none\" href=\"https:\/\/comunidad.comprasdominicana.gob.do\/\/Public\/Tendering\/OpportunityDetail\/Index?noticeUID=DO1.NTC.1073218\" target=\"_blank\" title=\"Detalles\"><i class=\"fas fa-2x fa-link\"><\/i><\/a><\/div><\/div><\/div><div class=\"jumbotron archivos\"><div class=\"row align-items-center\"><div class=\"col\"><h6><a class=\"text-dark\" href=\"https:\/\/comunidad.comprasdominicana.gob.do\/\/Public\/Tendering\/OpportunityDetail\/Index?noticeUID=DO1.NTC.1072826\" title=\"Ver\" target=\"_blank\">INESPRE-DAF-CM-2022-0036<\/a><\/h6><p class=\"mb-0 bold\">Servicio de Asesor\u00eda Institucional por seis meses<\/p><p class=\"mb-0\" style=\"font-size: .85rem\"><strong title=\"Estado del Proceso\"><i class=\"fas fa-spinner\"><\/i><\/strong> Cancelado<\/p><p class=\"mb-0\" style=\"font-size: .85rem\"><strong title=\"Fecha de Publicaci\u00f3n\"><i class=\"fas fa-calendar-alt\"><\/i><\/strong> Publicado el mi\u00e9rcoles, 4 de mayo de 2022<\/p><\/div><div class=\"col-auto mt-md-0 mt-2\"><a class=\"btn btn-primary btn-lg px-lg-4 d-none d-md-block\" href=\"https:\/\/comunidad.comprasdominicana.gob.do\/\/Public\/Tendering\/OpportunityDetail\/Index?noticeUID=DO1.NTC.1072826\" target=\"_blank\" title=\"Detalles\"><i class=\"fas fa-link\"><\/i> DETALLES<\/a><a class=\"btn btn-primary btn-lg px-lg-4 d-block d-md-none\" href=\"https:\/\/comunidad.comprasdominicana.gob.do\/\/Public\/Tendering\/OpportunityDetail\/Index?noticeUID=DO1.NTC.1072826\" target=\"_blank\" title=\"Detalles\"><i class=\"fas fa-2x fa-link\"><\/i><\/a><\/div><\/div><\/div><\/div><\/div><\/div>\n        <div class=\"card\">\n            <div class=\"card-header parents\" id=\"heading_compras-menores-69f73f7454400-2022-69f73f7454400-abril-69f73f7454400\">\n                <p class=\"title text-blue mb-0\">\n                    <a class=\"btn-block hover text-left collapsed\" data-toggle=\"collapse\" data-target=\"#collap_compras-menores-69f73f7454400-2022-69f73f7454400-abril-69f73f7454400\" aria-expanded=\"false\" aria-controls=\"collap_compras-menores-69f73f7454400-2022-69f73f7454400-abril-69f73f7454400\">Abril<\/a>\n                <\/p>\n            <\/div>\n            <div id=\"collap_compras-menores-69f73f7454400-2022-69f73f7454400-abril-69f73f7454400\" class=\"collapse\" aria-labelledby=\"heading_compras-menores-69f73f7454400-2022-69f73f7454400-abril-69f73f7454400\" data-parent=\"#collap_compras-menores-69f73f7454400-2022-69f73f7454400\">\n                <div class=\"card-body\"><div class=\"jumbotron archivos\"><div class=\"row align-items-center\"><div class=\"col\"><h6><a class=\"text-dark\" href=\"https:\/\/comunidad.comprasdominicana.gob.do\/\/Public\/Tendering\/OpportunityDetail\/Index?noticeUID=DO1.NTC.1069816\" title=\"Ver\" target=\"_blank\">INESPRE-DAF-CM-2022-0035<\/a><\/h6><p class=\"mb-0 bold\">Adquisici\u00f3n de Cajas Pl\u00e1sticas para almacenamiento y transporte de huevo<\/p><p class=\"mb-0\" style=\"font-size: .85rem\"><strong title=\"Estado del Proceso\"><i class=\"fas fa-spinner\"><\/i><\/strong> Proceso adjudicado y celebrado<\/p><p class=\"mb-0\" style=\"font-size: .85rem\"><strong title=\"Fecha de Publicaci\u00f3n\"><i class=\"fas fa-calendar-alt\"><\/i><\/strong> Publicado el martes, 26 de abril de 2022<\/p><\/div><div class=\"col-auto mt-md-0 mt-2\"><a class=\"btn btn-primary btn-lg px-lg-4 d-none d-md-block\" href=\"https:\/\/comunidad.comprasdominicana.gob.do\/\/Public\/Tendering\/OpportunityDetail\/Index?noticeUID=DO1.NTC.1069816\" target=\"_blank\" title=\"Detalles\"><i class=\"fas fa-link\"><\/i> DETALLES<\/a><a class=\"btn btn-primary btn-lg px-lg-4 d-block d-md-none\" href=\"https:\/\/comunidad.comprasdominicana.gob.do\/\/Public\/Tendering\/OpportunityDetail\/Index?noticeUID=DO1.NTC.1069816\" target=\"_blank\" title=\"Detalles\"><i class=\"fas fa-2x fa-link\"><\/i><\/a><\/div><\/div><\/div><div class=\"jumbotron archivos\"><div class=\"row align-items-center\"><div class=\"col\"><h6><a class=\"text-dark\" href=\"https:\/\/comunidad.comprasdominicana.gob.do\/\/Public\/Tendering\/OpportunityDetail\/Index?noticeUID=DO1.NTC.1069744\" title=\"Ver\" target=\"_blank\">INESPRE-DAF-CM-2022-0034<\/a><\/h6><p class=\"mb-0 bold\">Servicio de Sistema de Luces Ambientales y Sonidos para Ferias Agropecuarias INESPRE con Las Madres<\/p><p class=\"mb-0\" style=\"font-size: .85rem\"><strong title=\"Estado del Proceso\"><i class=\"fas fa-spinner\"><\/i><\/strong> Proceso adjudicado y celebrado<\/p><p class=\"mb-0\" style=\"font-size: .85rem\"><strong title=\"Fecha de Publicaci\u00f3n\"><i class=\"fas fa-calendar-alt\"><\/i><\/strong> Publicado el lunes, 25 de abril de 2022<\/p><\/div><div class=\"col-auto mt-md-0 mt-2\"><a class=\"btn btn-primary btn-lg px-lg-4 d-none d-md-block\" href=\"https:\/\/comunidad.comprasdominicana.gob.do\/\/Public\/Tendering\/OpportunityDetail\/Index?noticeUID=DO1.NTC.1069744\" target=\"_blank\" title=\"Detalles\"><i class=\"fas fa-link\"><\/i> DETALLES<\/a><a class=\"btn btn-primary btn-lg px-lg-4 d-block d-md-none\" href=\"https:\/\/comunidad.comprasdominicana.gob.do\/\/Public\/Tendering\/OpportunityDetail\/Index?noticeUID=DO1.NTC.1069744\" target=\"_blank\" title=\"Detalles\"><i class=\"fas fa-2x fa-link\"><\/i><\/a><\/div><\/div><\/div><div class=\"jumbotron archivos\"><div class=\"row align-items-center\"><div class=\"col\"><h6><a class=\"text-dark\" href=\"https:\/\/comunidad.comprasdominicana.gob.do\/\/Public\/Tendering\/OpportunityDetail\/Index?noticeUID=DO1.NTC.1069653\" title=\"Ver\" target=\"_blank\">INESPRE-DAF-CM-2022-0033<\/a><\/h6><p class=\"mb-0 bold\">Servicio de Distribuci\u00f3n El\u00e9ctricas y Planta El\u00e9ctrica para Ferias Agropecuarias INESPRE con Las Madres 2022<\/p><p class=\"mb-0\" style=\"font-size: .85rem\"><strong title=\"Estado del Proceso\"><i class=\"fas fa-spinner\"><\/i><\/strong> Proceso adjudicado y celebrado<\/p><p class=\"mb-0\" style=\"font-size: .85rem\"><strong title=\"Fecha de Publicaci\u00f3n\"><i class=\"fas fa-calendar-alt\"><\/i><\/strong> Publicado el lunes, 25 de abril de 2022<\/p><\/div><div class=\"col-auto mt-md-0 mt-2\"><a class=\"btn btn-primary btn-lg px-lg-4 d-none d-md-block\" href=\"https:\/\/comunidad.comprasdominicana.gob.do\/\/Public\/Tendering\/OpportunityDetail\/Index?noticeUID=DO1.NTC.1069653\" target=\"_blank\" title=\"Detalles\"><i class=\"fas fa-link\"><\/i> DETALLES<\/a><a class=\"btn btn-primary btn-lg px-lg-4 d-block d-md-none\" href=\"https:\/\/comunidad.comprasdominicana.gob.do\/\/Public\/Tendering\/OpportunityDetail\/Index?noticeUID=DO1.NTC.1069653\" target=\"_blank\" title=\"Detalles\"><i class=\"fas fa-2x fa-link\"><\/i><\/a><\/div><\/div><\/div><div class=\"jumbotron archivos\"><div class=\"row align-items-center\"><div class=\"col\"><h6><a class=\"text-dark\" href=\"https:\/\/comunidad.comprasdominicana.gob.do\/\/Public\/Tendering\/OpportunityDetail\/Index?noticeUID=DO1.NTC.1069643\" title=\"Ver\" target=\"_blank\">INESPRE-DAF-CM-2022-0032<\/a><\/h6><p class=\"mb-0 bold\">Servicio de Instalaci\u00f3n de Estructura Para Ferias Agropecuarias INESPRE con Las Madres 2022<\/p><p class=\"mb-0\" style=\"font-size: .85rem\"><strong title=\"Estado del Proceso\"><i class=\"fas fa-spinner\"><\/i><\/strong> Proceso adjudicado y celebrado<\/p><p class=\"mb-0\" style=\"font-size: .85rem\"><strong title=\"Fecha de Publicaci\u00f3n\"><i class=\"fas fa-calendar-alt\"><\/i><\/strong> Publicado el lunes, 25 de abril de 2022<\/p><\/div><div class=\"col-auto mt-md-0 mt-2\"><a class=\"btn btn-primary btn-lg px-lg-4 d-none d-md-block\" href=\"https:\/\/comunidad.comprasdominicana.gob.do\/\/Public\/Tendering\/OpportunityDetail\/Index?noticeUID=DO1.NTC.1069643\" target=\"_blank\" title=\"Detalles\"><i class=\"fas fa-link\"><\/i> DETALLES<\/a><a class=\"btn btn-primary btn-lg px-lg-4 d-block d-md-none\" href=\"https:\/\/comunidad.comprasdominicana.gob.do\/\/Public\/Tendering\/OpportunityDetail\/Index?noticeUID=DO1.NTC.1069643\" target=\"_blank\" title=\"Detalles\"><i class=\"fas fa-2x fa-link\"><\/i><\/a><\/div><\/div><\/div><div class=\"jumbotron archivos\"><div class=\"row align-items-center\"><div class=\"col\"><h6><a class=\"text-dark\" href=\"https:\/\/comunidad.comprasdominicana.gob.do\/\/Public\/Tendering\/OpportunityDetail\/Index?noticeUID=DO1.NTC.1069341\" title=\"Ver\" target=\"_blank\">INESPRE-DAF-CM-2022-0031<\/a><\/h6><p class=\"mb-0 bold\">Servicio de Instalaci\u00f3n de Techos Para Ferias Agropecuarias INESPRE con las Madres 2022<\/p><p class=\"mb-0\" style=\"font-size: .85rem\"><strong title=\"Estado del Proceso\"><i class=\"fas fa-spinner\"><\/i><\/strong> Proceso adjudicado y celebrado<\/p><p class=\"mb-0\" style=\"font-size: .85rem\"><strong title=\"Fecha de Publicaci\u00f3n\"><i class=\"fas fa-calendar-alt\"><\/i><\/strong> Publicado el lunes, 25 de abril de 2022<\/p><\/div><div class=\"col-auto mt-md-0 mt-2\"><a class=\"btn btn-primary btn-lg px-lg-4 d-none d-md-block\" href=\"https:\/\/comunidad.comprasdominicana.gob.do\/\/Public\/Tendering\/OpportunityDetail\/Index?noticeUID=DO1.NTC.1069341\" target=\"_blank\" title=\"Detalles\"><i class=\"fas fa-link\"><\/i> DETALLES<\/a><a class=\"btn btn-primary btn-lg px-lg-4 d-block d-md-none\" href=\"https:\/\/comunidad.comprasdominicana.gob.do\/\/Public\/Tendering\/OpportunityDetail\/Index?noticeUID=DO1.NTC.1069341\" target=\"_blank\" title=\"Detalles\"><i class=\"fas fa-2x fa-link\"><\/i><\/a><\/div><\/div><\/div><div class=\"jumbotron archivos\"><div class=\"row align-items-center\"><div class=\"col\"><h6><a class=\"text-dark\" href=\"https:\/\/comunidad.comprasdominicana.gob.do\/\/Public\/Tendering\/OpportunityDetail\/Index?noticeUID=DO1.NTC.1068807\" title=\"Ver\" target=\"_blank\">INESPRE-DAF-CM-2022-0030<\/a><\/h6><p class=\"mb-0 bold\">Adquisici\u00f3n de Gorras con logo bordados<\/p><p class=\"mb-0\" style=\"font-size: .85rem\"><strong title=\"Estado del Proceso\"><i class=\"fas fa-spinner\"><\/i><\/strong> Proceso adjudicado y celebrado<\/p><p class=\"mb-0\" style=\"font-size: .85rem\"><strong title=\"Fecha de Publicaci\u00f3n\"><i class=\"fas fa-calendar-alt\"><\/i><\/strong> Publicado el viernes, 22 de abril de 2022<\/p><\/div><div class=\"col-auto mt-md-0 mt-2\"><a class=\"btn btn-primary btn-lg px-lg-4 d-none d-md-block\" href=\"https:\/\/comunidad.comprasdominicana.gob.do\/\/Public\/Tendering\/OpportunityDetail\/Index?noticeUID=DO1.NTC.1068807\" target=\"_blank\" title=\"Detalles\"><i class=\"fas fa-link\"><\/i> DETALLES<\/a><a class=\"btn btn-primary btn-lg px-lg-4 d-block d-md-none\" href=\"https:\/\/comunidad.comprasdominicana.gob.do\/\/Public\/Tendering\/OpportunityDetail\/Index?noticeUID=DO1.NTC.1068807\" target=\"_blank\" title=\"Detalles\"><i class=\"fas fa-2x fa-link\"><\/i><\/a><\/div><\/div><\/div><div class=\"jumbotron archivos\"><div class=\"row align-items-center\"><div class=\"col\"><h6><a class=\"text-dark\" href=\"https:\/\/comunidad.comprasdominicana.gob.do\/\/Public\/Tendering\/OpportunityDetail\/Index?noticeUID=DO1.NTC.1068333\" title=\"Ver\" target=\"_blank\">INESPRE-DAF-CM-2022-0029<\/a><\/h6><p class=\"mb-0 bold\">Adquisici\u00f3n de Poloshirts con logo bordados<\/p><p class=\"mb-0\" style=\"font-size: .85rem\"><strong title=\"Estado del Proceso\"><i class=\"fas fa-spinner\"><\/i><\/strong> Proceso adjudicado y celebrado<\/p><p class=\"mb-0\" style=\"font-size: .85rem\"><strong title=\"Fecha de Publicaci\u00f3n\"><i class=\"fas fa-calendar-alt\"><\/i><\/strong> Publicado el jueves, 21 de abril de 2022<\/p><\/div><div class=\"col-auto mt-md-0 mt-2\"><a class=\"btn btn-primary btn-lg px-lg-4 d-none d-md-block\" href=\"https:\/\/comunidad.comprasdominicana.gob.do\/\/Public\/Tendering\/OpportunityDetail\/Index?noticeUID=DO1.NTC.1068333\" target=\"_blank\" title=\"Detalles\"><i class=\"fas fa-link\"><\/i> DETALLES<\/a><a class=\"btn btn-primary btn-lg px-lg-4 d-block d-md-none\" href=\"https:\/\/comunidad.comprasdominicana.gob.do\/\/Public\/Tendering\/OpportunityDetail\/Index?noticeUID=DO1.NTC.1068333\" target=\"_blank\" title=\"Detalles\"><i class=\"fas fa-2x fa-link\"><\/i><\/a><\/div><\/div><\/div><div class=\"jumbotron archivos\"><div class=\"row align-items-center\"><div class=\"col\"><h6><a class=\"text-dark\" href=\"https:\/\/comunidad.comprasdominicana.gob.do\/\/Public\/Tendering\/OpportunityDetail\/Index?noticeUID=DO1.NTC.1068117\" title=\"Ver\" target=\"_blank\">INESPRE-DAF-CM-2022-0028<\/a><\/h6><p class=\"mb-0 bold\">Adquisici\u00f3n de Camisas con logo bordados<\/p><p class=\"mb-0\" style=\"font-size: .85rem\"><strong title=\"Estado del Proceso\"><i class=\"fas fa-spinner\"><\/i><\/strong> Proceso adjudicado y celebrado<\/p><p class=\"mb-0\" style=\"font-size: .85rem\"><strong title=\"Fecha de Publicaci\u00f3n\"><i class=\"fas fa-calendar-alt\"><\/i><\/strong> Publicado el jueves, 21 de abril de 2022<\/p><\/div><div class=\"col-auto mt-md-0 mt-2\"><a class=\"btn btn-primary btn-lg px-lg-4 d-none d-md-block\" href=\"https:\/\/comunidad.comprasdominicana.gob.do\/\/Public\/Tendering\/OpportunityDetail\/Index?noticeUID=DO1.NTC.1068117\" target=\"_blank\" title=\"Detalles\"><i class=\"fas fa-link\"><\/i> DETALLES<\/a><a class=\"btn btn-primary btn-lg px-lg-4 d-block d-md-none\" href=\"https:\/\/comunidad.comprasdominicana.gob.do\/\/Public\/Tendering\/OpportunityDetail\/Index?noticeUID=DO1.NTC.1068117\" target=\"_blank\" title=\"Detalles\"><i class=\"fas fa-2x fa-link\"><\/i><\/a><\/div><\/div><\/div><div class=\"jumbotron archivos\"><div class=\"row align-items-center\"><div class=\"col\"><h6><a class=\"text-dark\" href=\"https:\/\/comunidad.comprasdominicana.gob.do\/\/Public\/Tendering\/OpportunityDetail\/Index?noticeUID=DO1.NTC.1067405\" title=\"Ver\" target=\"_blank\">INESPRE-DAF-CM-2022-0026<\/a><\/h6><p class=\"mb-0 bold\">Servicio de Almuerzos a domicilios<\/p><p class=\"mb-0\" style=\"font-size: .85rem\"><strong title=\"Estado del Proceso\"><i class=\"fas fa-spinner\"><\/i><\/strong> Proceso adjudicado y celebrado<\/p><p class=\"mb-0\" style=\"font-size: .85rem\"><strong title=\"Fecha de Publicaci\u00f3n\"><i class=\"fas fa-calendar-alt\"><\/i><\/strong> Publicado el mi\u00e9rcoles, 20 de abril de 2022<\/p><\/div><div class=\"col-auto mt-md-0 mt-2\"><a class=\"btn btn-primary btn-lg px-lg-4 d-none d-md-block\" href=\"https:\/\/comunidad.comprasdominicana.gob.do\/\/Public\/Tendering\/OpportunityDetail\/Index?noticeUID=DO1.NTC.1067405\" target=\"_blank\" title=\"Detalles\"><i class=\"fas fa-link\"><\/i> DETALLES<\/a><a class=\"btn btn-primary btn-lg px-lg-4 d-block d-md-none\" href=\"https:\/\/comunidad.comprasdominicana.gob.do\/\/Public\/Tendering\/OpportunityDetail\/Index?noticeUID=DO1.NTC.1067405\" target=\"_blank\" title=\"Detalles\"><i class=\"fas fa-2x fa-link\"><\/i><\/a><\/div><\/div><\/div><div class=\"jumbotron archivos\"><div class=\"row align-items-center\"><div class=\"col\"><h6><a class=\"text-dark\" href=\"https:\/\/comunidad.comprasdominicana.gob.do\/\/Public\/Tendering\/OpportunityDetail\/Index?noticeUID=DO1.NTC.1066826\" title=\"Ver\" target=\"_blank\">INESPRE-DAF-CM-2022-0027<\/a><\/h6><p class=\"mb-0 bold\">Servicio de Reacondicionamiento de Maquina Empacadora de Arroz<\/p><p class=\"mb-0\" style=\"font-size: .85rem\"><strong title=\"Estado del Proceso\"><i class=\"fas fa-spinner\"><\/i><\/strong> Proceso adjudicado y celebrado<\/p><p class=\"mb-0\" style=\"font-size: .85rem\"><strong title=\"Fecha de Publicaci\u00f3n\"><i class=\"fas fa-calendar-alt\"><\/i><\/strong> Publicado el martes, 19 de abril de 2022<\/p><\/div><div class=\"col-auto mt-md-0 mt-2\"><a class=\"btn btn-primary btn-lg px-lg-4 d-none d-md-block\" href=\"https:\/\/comunidad.comprasdominicana.gob.do\/\/Public\/Tendering\/OpportunityDetail\/Index?noticeUID=DO1.NTC.1066826\" target=\"_blank\" title=\"Detalles\"><i class=\"fas fa-link\"><\/i> DETALLES<\/a><a class=\"btn btn-primary btn-lg px-lg-4 d-block d-md-none\" href=\"https:\/\/comunidad.comprasdominicana.gob.do\/\/Public\/Tendering\/OpportunityDetail\/Index?noticeUID=DO1.NTC.1066826\" target=\"_blank\" title=\"Detalles\"><i class=\"fas fa-2x fa-link\"><\/i><\/a><\/div><\/div><\/div><div class=\"jumbotron archivos\"><div class=\"row align-items-center\"><div class=\"col\"><h6><a class=\"text-dark\" href=\"https:\/\/comunidad.comprasdominicana.gob.do\/\/Public\/Tendering\/OpportunityDetail\/Index?noticeUID=DO1.NTC.1066506\" title=\"Ver\" target=\"_blank\">INESPRE-DAF-CM-2022-0025<\/a><\/h6><p class=\"mb-0 bold\">Servicio de Mantenimiento correctivo y preventivo de Generadores El\u00e9ctricos<\/p><p class=\"mb-0\" style=\"font-size: .85rem\"><strong title=\"Estado del Proceso\"><i class=\"fas fa-spinner\"><\/i><\/strong> Proceso adjudicado y celebrado<\/p><p class=\"mb-0\" style=\"font-size: .85rem\"><strong title=\"Fecha de Publicaci\u00f3n\"><i class=\"fas fa-calendar-alt\"><\/i><\/strong> Publicado el lunes, 18 de abril de 2022<\/p><\/div><div class=\"col-auto mt-md-0 mt-2\"><a class=\"btn btn-primary btn-lg px-lg-4 d-none d-md-block\" href=\"https:\/\/comunidad.comprasdominicana.gob.do\/\/Public\/Tendering\/OpportunityDetail\/Index?noticeUID=DO1.NTC.1066506\" target=\"_blank\" title=\"Detalles\"><i class=\"fas fa-link\"><\/i> DETALLES<\/a><a class=\"btn btn-primary btn-lg px-lg-4 d-block d-md-none\" href=\"https:\/\/comunidad.comprasdominicana.gob.do\/\/Public\/Tendering\/OpportunityDetail\/Index?noticeUID=DO1.NTC.1066506\" target=\"_blank\" title=\"Detalles\"><i class=\"fas fa-2x fa-link\"><\/i><\/a><\/div><\/div><\/div><div class=\"jumbotron archivos\"><div class=\"row align-items-center\"><div class=\"col\"><h6><a class=\"text-dark\" href=\"https:\/\/comunidad.comprasdominicana.gob.do\/\/Public\/Tendering\/OpportunityDetail\/Index?noticeUID=DO1.NTC.1062519\" title=\"Ver\" target=\"_blank\">INESPRE-DAF-CM-2022-0023<\/a><\/h6><p class=\"mb-0 bold\">Adquisici\u00f3n de Suministros de Oficina<\/p><p class=\"mb-0\" style=\"font-size: .85rem\"><strong title=\"Estado del Proceso\"><i class=\"fas fa-spinner\"><\/i><\/strong> Proceso adjudicado y celebrado<\/p><p class=\"mb-0\" style=\"font-size: .85rem\"><strong title=\"Fecha de Publicaci\u00f3n\"><i class=\"fas fa-calendar-alt\"><\/i><\/strong> Publicado el mi\u00e9rcoles, 6 de abril de 2022<\/p><\/div><div class=\"col-auto mt-md-0 mt-2\"><a class=\"btn btn-primary btn-lg px-lg-4 d-none d-md-block\" href=\"https:\/\/comunidad.comprasdominicana.gob.do\/\/Public\/Tendering\/OpportunityDetail\/Index?noticeUID=DO1.NTC.1062519\" target=\"_blank\" title=\"Detalles\"><i class=\"fas fa-link\"><\/i> DETALLES<\/a><a class=\"btn btn-primary btn-lg px-lg-4 d-block d-md-none\" href=\"https:\/\/comunidad.comprasdominicana.gob.do\/\/Public\/Tendering\/OpportunityDetail\/Index?noticeUID=DO1.NTC.1062519\" target=\"_blank\" title=\"Detalles\"><i class=\"fas fa-2x fa-link\"><\/i><\/a><\/div><\/div><\/div><div class=\"jumbotron archivos\"><div class=\"row align-items-center\"><div class=\"col\"><h6><a class=\"text-dark\" href=\"https:\/\/comunidad.comprasdominicana.gob.do\/\/Public\/Tendering\/OpportunityDetail\/Index?noticeUID=DO1.NTC.1062506\" title=\"Ver\" target=\"_blank\">INESPRE-DAF-CM-2022-0024<\/a><\/h6><p class=\"mb-0 bold\">Adquisici\u00f3n de Pinturas y Accesorios<\/p><p class=\"mb-0\" style=\"font-size: .85rem\"><strong title=\"Estado del Proceso\"><i class=\"fas fa-spinner\"><\/i><\/strong> Proceso adjudicado y celebrado<\/p><p class=\"mb-0\" style=\"font-size: .85rem\"><strong title=\"Fecha de Publicaci\u00f3n\"><i class=\"fas fa-calendar-alt\"><\/i><\/strong> Publicado el mi\u00e9rcoles, 6 de abril de 2022<\/p><\/div><div class=\"col-auto mt-md-0 mt-2\"><a class=\"btn btn-primary btn-lg px-lg-4 d-none d-md-block\" href=\"https:\/\/comunidad.comprasdominicana.gob.do\/\/Public\/Tendering\/OpportunityDetail\/Index?noticeUID=DO1.NTC.1062506\" target=\"_blank\" title=\"Detalles\"><i class=\"fas fa-link\"><\/i> DETALLES<\/a><a class=\"btn btn-primary btn-lg px-lg-4 d-block d-md-none\" href=\"https:\/\/comunidad.comprasdominicana.gob.do\/\/Public\/Tendering\/OpportunityDetail\/Index?noticeUID=DO1.NTC.1062506\" target=\"_blank\" title=\"Detalles\"><i class=\"fas fa-2x fa-link\"><\/i><\/a><\/div><\/div><\/div><\/div><\/div><\/div>\n        <div class=\"card\">\n            <div class=\"card-header parents\" id=\"heading_compras-menores-69f73f7454400-2022-69f73f7454400-marzo-69f73f7454400\">\n                <p class=\"title text-blue mb-0\">\n                    <a class=\"btn-block hover text-left collapsed\" data-toggle=\"collapse\" data-target=\"#collap_compras-menores-69f73f7454400-2022-69f73f7454400-marzo-69f73f7454400\" aria-expanded=\"false\" aria-controls=\"collap_compras-menores-69f73f7454400-2022-69f73f7454400-marzo-69f73f7454400\">Marzo<\/a>\n                <\/p>\n            <\/div>\n            <div id=\"collap_compras-menores-69f73f7454400-2022-69f73f7454400-marzo-69f73f7454400\" class=\"collapse\" aria-labelledby=\"heading_compras-menores-69f73f7454400-2022-69f73f7454400-marzo-69f73f7454400\" data-parent=\"#collap_compras-menores-69f73f7454400-2022-69f73f7454400\">\n                <div class=\"card-body\"><div class=\"jumbotron archivos\"><div class=\"row align-items-center\"><div class=\"col\"><h6><a class=\"text-dark\" href=\"https:\/\/comunidad.comprasdominicana.gob.do\/\/Public\/Tendering\/OpportunityDetail\/Index?noticeUID=DO1.NTC.1058518\" title=\"Ver\" target=\"_blank\">INESPRE-DAF-CM-2022-0022<\/a><\/h6><p class=\"mb-0 bold\">Adquisici\u00f3n de Materiales para la Maquina Empacadora<\/p><p class=\"mb-0\" style=\"font-size: .85rem\"><strong title=\"Estado del Proceso\"><i class=\"fas fa-spinner\"><\/i><\/strong> Proceso adjudicado y celebrado<\/p><p class=\"mb-0\" style=\"font-size: .85rem\"><strong title=\"Fecha de Publicaci\u00f3n\"><i class=\"fas fa-calendar-alt\"><\/i><\/strong> Publicado el martes, 29 de marzo de 2022<\/p><\/div><div class=\"col-auto mt-md-0 mt-2\"><a class=\"btn btn-primary btn-lg px-lg-4 d-none d-md-block\" href=\"https:\/\/comunidad.comprasdominicana.gob.do\/\/Public\/Tendering\/OpportunityDetail\/Index?noticeUID=DO1.NTC.1058518\" target=\"_blank\" title=\"Detalles\"><i class=\"fas fa-link\"><\/i> DETALLES<\/a><a class=\"btn btn-primary btn-lg px-lg-4 d-block d-md-none\" href=\"https:\/\/comunidad.comprasdominicana.gob.do\/\/Public\/Tendering\/OpportunityDetail\/Index?noticeUID=DO1.NTC.1058518\" target=\"_blank\" title=\"Detalles\"><i class=\"fas fa-2x fa-link\"><\/i><\/a><\/div><\/div><\/div><div class=\"jumbotron archivos\"><div class=\"row align-items-center\"><div class=\"col\"><h6><a class=\"text-dark\" href=\"https:\/\/comunidad.comprasdominicana.gob.do\/\/Public\/Tendering\/OpportunityDetail\/Index?noticeUID=DO1.NTC.1054120\" title=\"Ver\" target=\"_blank\">INESPRE-DAF-CM-2022-0021<\/a><\/h6><p class=\"mb-0 bold\">Servicio de Alquiler de Dos Contenedores Refrigerados por un periodo de tres (03) meses<\/p><p class=\"mb-0\" style=\"font-size: .85rem\"><strong title=\"Estado del Proceso\"><i class=\"fas fa-spinner\"><\/i><\/strong> Proceso adjudicado y celebrado<\/p><p class=\"mb-0\" style=\"font-size: .85rem\"><strong title=\"Fecha de Publicaci\u00f3n\"><i class=\"fas fa-calendar-alt\"><\/i><\/strong> Publicado el jueves, 17 de marzo de 2022<\/p><\/div><div class=\"col-auto mt-md-0 mt-2\"><a class=\"btn btn-primary btn-lg px-lg-4 d-none d-md-block\" href=\"https:\/\/comunidad.comprasdominicana.gob.do\/\/Public\/Tendering\/OpportunityDetail\/Index?noticeUID=DO1.NTC.1054120\" target=\"_blank\" title=\"Detalles\"><i class=\"fas fa-link\"><\/i> DETALLES<\/a><a class=\"btn btn-primary btn-lg px-lg-4 d-block d-md-none\" href=\"https:\/\/comunidad.comprasdominicana.gob.do\/\/Public\/Tendering\/OpportunityDetail\/Index?noticeUID=DO1.NTC.1054120\" target=\"_blank\" title=\"Detalles\"><i class=\"fas fa-2x fa-link\"><\/i><\/a><\/div><\/div><\/div><div class=\"jumbotron archivos\"><div class=\"row align-items-center\"><div class=\"col\"><h6><a class=\"text-dark\" href=\"https:\/\/comunidad.comprasdominicana.gob.do\/\/Public\/Tendering\/OpportunityDetail\/Index?noticeUID=DO1.NTC.1052543\" title=\"Ver\" target=\"_blank\">INESPRE-DAF-CM-2022-0020<\/a><\/h6><p class=\"mb-0 bold\">Adquisici\u00f3n de Freezer Horizontales<\/p><p class=\"mb-0\" style=\"font-size: .85rem\"><strong title=\"Estado del Proceso\"><i class=\"fas fa-spinner\"><\/i><\/strong> Proceso adjudicado y celebrado<\/p><p class=\"mb-0\" style=\"font-size: .85rem\"><strong title=\"Fecha de Publicaci\u00f3n\"><i class=\"fas fa-calendar-alt\"><\/i><\/strong> Publicado el martes, 15 de marzo de 2022<\/p><\/div><div class=\"col-auto mt-md-0 mt-2\"><a class=\"btn btn-primary btn-lg px-lg-4 d-none d-md-block\" href=\"https:\/\/comunidad.comprasdominicana.gob.do\/\/Public\/Tendering\/OpportunityDetail\/Index?noticeUID=DO1.NTC.1052543\" target=\"_blank\" title=\"Detalles\"><i class=\"fas fa-link\"><\/i> DETALLES<\/a><a class=\"btn btn-primary btn-lg px-lg-4 d-block d-md-none\" href=\"https:\/\/comunidad.comprasdominicana.gob.do\/\/Public\/Tendering\/OpportunityDetail\/Index?noticeUID=DO1.NTC.1052543\" target=\"_blank\" title=\"Detalles\"><i class=\"fas fa-2x fa-link\"><\/i><\/a><\/div><\/div><\/div><div class=\"jumbotron archivos\"><div class=\"row align-items-center\"><div class=\"col\"><h6><a class=\"text-dark\" href=\"https:\/\/comunidad.comprasdominicana.gob.do\/\/Public\/Tendering\/OpportunityDetail\/Index?noticeUID=DO1.NTC.1051626\" title=\"Ver\" target=\"_blank\">INESPRE-DAF-CM-2022-0019<\/a><\/h6><p class=\"mb-0 bold\">Adquisici\u00f3n de Pinturas y Accesorios<\/p><p class=\"mb-0\" style=\"font-size: .85rem\"><strong title=\"Estado del Proceso\"><i class=\"fas fa-spinner\"><\/i><\/strong> Cancelado<\/p><p class=\"mb-0\" style=\"font-size: .85rem\"><strong title=\"Fecha de Publicaci\u00f3n\"><i class=\"fas fa-calendar-alt\"><\/i><\/strong> Publicado el viernes, 11 de marzo de 2022<\/p><\/div><div class=\"col-auto mt-md-0 mt-2\"><a class=\"btn btn-primary btn-lg px-lg-4 d-none d-md-block\" href=\"https:\/\/comunidad.comprasdominicana.gob.do\/\/Public\/Tendering\/OpportunityDetail\/Index?noticeUID=DO1.NTC.1051626\" target=\"_blank\" title=\"Detalles\"><i class=\"fas fa-link\"><\/i> DETALLES<\/a><a class=\"btn btn-primary btn-lg px-lg-4 d-block d-md-none\" href=\"https:\/\/comunidad.comprasdominicana.gob.do\/\/Public\/Tendering\/OpportunityDetail\/Index?noticeUID=DO1.NTC.1051626\" target=\"_blank\" title=\"Detalles\"><i class=\"fas fa-2x fa-link\"><\/i><\/a><\/div><\/div><\/div><div class=\"jumbotron archivos\"><div class=\"row align-items-center\"><div class=\"col\"><h6><a class=\"text-dark\" href=\"https:\/\/comunidad.comprasdominicana.gob.do\/\/Public\/Tendering\/OpportunityDetail\/Index?noticeUID=DO1.NTC.1050518\" title=\"Ver\" target=\"_blank\">INESPRE-DAF-CM-2022-0018<\/a><\/h6><p class=\"mb-0 bold\">Servicio de Rotulaci\u00f3n de Camiones<\/p><p class=\"mb-0\" style=\"font-size: .85rem\"><strong title=\"Estado del Proceso\"><i class=\"fas fa-spinner\"><\/i><\/strong> Proceso adjudicado y celebrado<\/p><p class=\"mb-0\" style=\"font-size: .85rem\"><strong title=\"Fecha de Publicaci\u00f3n\"><i class=\"fas fa-calendar-alt\"><\/i><\/strong> Publicado el mi\u00e9rcoles, 9 de marzo de 2022<\/p><\/div><div class=\"col-auto mt-md-0 mt-2\"><a class=\"btn btn-primary btn-lg px-lg-4 d-none d-md-block\" href=\"https:\/\/comunidad.comprasdominicana.gob.do\/\/Public\/Tendering\/OpportunityDetail\/Index?noticeUID=DO1.NTC.1050518\" target=\"_blank\" title=\"Detalles\"><i class=\"fas fa-link\"><\/i> DETALLES<\/a><a class=\"btn btn-primary btn-lg px-lg-4 d-block d-md-none\" href=\"https:\/\/comunidad.comprasdominicana.gob.do\/\/Public\/Tendering\/OpportunityDetail\/Index?noticeUID=DO1.NTC.1050518\" target=\"_blank\" title=\"Detalles\"><i class=\"fas fa-2x fa-link\"><\/i><\/a><\/div><\/div><\/div><div class=\"jumbotron archivos\"><div class=\"row align-items-center\"><div class=\"col\"><h6><a class=\"text-dark\" href=\"https:\/\/comunidad.comprasdominicana.gob.do\/\/Public\/Tendering\/OpportunityDetail\/Index?noticeUID=DO1.NTC.1048320\" title=\"Ver\" target=\"_blank\">INESPRE-DAF-CM-2022-0017<\/a><\/h6><p class=\"mb-0 bold\">Alimentos y Bebidas para Consumo Institucional<\/p><p class=\"mb-0\" style=\"font-size: .85rem\"><strong title=\"Estado del Proceso\"><i class=\"fas fa-spinner\"><\/i><\/strong> Proceso adjudicado y celebrado<\/p><p class=\"mb-0\" style=\"font-size: .85rem\"><strong title=\"Fecha de Publicaci\u00f3n\"><i class=\"fas fa-calendar-alt\"><\/i><\/strong> Publicado el viernes, 4 de marzo de 2022<\/p><\/div><div class=\"col-auto mt-md-0 mt-2\"><a class=\"btn btn-primary btn-lg px-lg-4 d-none d-md-block\" href=\"https:\/\/comunidad.comprasdominicana.gob.do\/\/Public\/Tendering\/OpportunityDetail\/Index?noticeUID=DO1.NTC.1048320\" target=\"_blank\" title=\"Detalles\"><i class=\"fas fa-link\"><\/i> DETALLES<\/a><a class=\"btn btn-primary btn-lg px-lg-4 d-block d-md-none\" href=\"https:\/\/comunidad.comprasdominicana.gob.do\/\/Public\/Tendering\/OpportunityDetail\/Index?noticeUID=DO1.NTC.1048320\" target=\"_blank\" title=\"Detalles\"><i class=\"fas fa-2x fa-link\"><\/i><\/a><\/div><\/div><\/div><\/div><\/div><\/div>\n        <div class=\"card\">\n            <div class=\"card-header parents\" id=\"heading_compras-menores-69f73f7454400-2022-69f73f7454400-febrero-69f73f7454400\">\n                <p class=\"title text-blue mb-0\">\n                    <a class=\"btn-block hover text-left collapsed\" data-toggle=\"collapse\" data-target=\"#collap_compras-menores-69f73f7454400-2022-69f73f7454400-febrero-69f73f7454400\" aria-expanded=\"false\" aria-controls=\"collap_compras-menores-69f73f7454400-2022-69f73f7454400-febrero-69f73f7454400\">Febrero<\/a>\n                <\/p>\n            <\/div>\n            <div id=\"collap_compras-menores-69f73f7454400-2022-69f73f7454400-febrero-69f73f7454400\" class=\"collapse\" aria-labelledby=\"heading_compras-menores-69f73f7454400-2022-69f73f7454400-febrero-69f73f7454400\" data-parent=\"#collap_compras-menores-69f73f7454400-2022-69f73f7454400\">\n                <div class=\"card-body\"><div class=\"jumbotron archivos\"><div class=\"row align-items-center\"><div class=\"col\"><h6><a class=\"text-dark\" href=\"https:\/\/comunidad.comprasdominicana.gob.do\/\/Public\/Tendering\/OpportunityDetail\/Index?noticeUID=DO1.NTC.1045820\" title=\"Ver\" target=\"_blank\">INESPRE-DAF-CM-2022-0015<\/a><\/h6><p class=\"mb-0 bold\">Servicio de Instalaci\u00f3n de Plataforma CCTV Sistema de Vigilancia<\/p><p class=\"mb-0\" style=\"font-size: .85rem\"><strong title=\"Estado del Proceso\"><i class=\"fas fa-spinner\"><\/i><\/strong> Proceso adjudicado y celebrado<\/p><p class=\"mb-0\" style=\"font-size: .85rem\"><strong title=\"Fecha de Publicaci\u00f3n\"><i class=\"fas fa-calendar-alt\"><\/i><\/strong> Publicado el viernes, 25 de febrero de 2022<\/p><\/div><div class=\"col-auto mt-md-0 mt-2\"><a class=\"btn btn-primary btn-lg px-lg-4 d-none d-md-block\" href=\"https:\/\/comunidad.comprasdominicana.gob.do\/\/Public\/Tendering\/OpportunityDetail\/Index?noticeUID=DO1.NTC.1045820\" target=\"_blank\" title=\"Detalles\"><i class=\"fas fa-link\"><\/i> DETALLES<\/a><a class=\"btn btn-primary btn-lg px-lg-4 d-block d-md-none\" href=\"https:\/\/comunidad.comprasdominicana.gob.do\/\/Public\/Tendering\/OpportunityDetail\/Index?noticeUID=DO1.NTC.1045820\" target=\"_blank\" title=\"Detalles\"><i class=\"fas fa-2x fa-link\"><\/i><\/a><\/div><\/div><\/div><div class=\"jumbotron archivos\"><div class=\"row align-items-center\"><div class=\"col\"><h6><a class=\"text-dark\" href=\"https:\/\/comunidad.comprasdominicana.gob.do\/\/Public\/Tendering\/OpportunityDetail\/Index?noticeUID=DO1.NTC.1043533\" title=\"Ver\" target=\"_blank\">INESPRE-DAF-CM-2022-0016<\/a><\/h6><p class=\"mb-0 bold\">Servicio de Alquiler de Almacenes por tres (03) meses<\/p><p class=\"mb-0\" style=\"font-size: .85rem\"><strong title=\"Estado del Proceso\"><i class=\"fas fa-spinner\"><\/i><\/strong> Proceso adjudicado y celebrado<\/p><p class=\"mb-0\" style=\"font-size: .85rem\"><strong title=\"Fecha de Publicaci\u00f3n\"><i class=\"fas fa-calendar-alt\"><\/i><\/strong> Publicado el martes, 22 de febrero de 2022<\/p><\/div><div class=\"col-auto mt-md-0 mt-2\"><a class=\"btn btn-primary btn-lg px-lg-4 d-none d-md-block\" href=\"https:\/\/comunidad.comprasdominicana.gob.do\/\/Public\/Tendering\/OpportunityDetail\/Index?noticeUID=DO1.NTC.1043533\" target=\"_blank\" title=\"Detalles\"><i class=\"fas fa-link\"><\/i> DETALLES<\/a><a class=\"btn btn-primary btn-lg px-lg-4 d-block d-md-none\" href=\"https:\/\/comunidad.comprasdominicana.gob.do\/\/Public\/Tendering\/OpportunityDetail\/Index?noticeUID=DO1.NTC.1043533\" target=\"_blank\" title=\"Detalles\"><i class=\"fas fa-2x fa-link\"><\/i><\/a><\/div><\/div><\/div><div class=\"jumbotron archivos\"><div class=\"row align-items-center\"><div class=\"col\"><h6><a class=\"text-dark\" href=\"https:\/\/comunidad.comprasdominicana.gob.do\/\/Public\/Tendering\/OpportunityDetail\/Index?noticeUID=DO1.NTC.1039214\" title=\"Ver\" target=\"_blank\">INESPRE-DAF-CM-2022-0013<\/a><\/h6><p class=\"mb-0 bold\">Adquisici\u00f3n de Papel de Ba\u00f1o y Servilletas<\/p><p class=\"mb-0\" style=\"font-size: .85rem\"><strong title=\"Estado del Proceso\"><i class=\"fas fa-spinner\"><\/i><\/strong> Proceso adjudicado y celebrado<\/p><p class=\"mb-0\" style=\"font-size: .85rem\"><strong title=\"Fecha de Publicaci\u00f3n\"><i class=\"fas fa-calendar-alt\"><\/i><\/strong> Publicado el jueves, 10 de febrero de 2022<\/p><\/div><div class=\"col-auto mt-md-0 mt-2\"><a class=\"btn btn-primary btn-lg px-lg-4 d-none d-md-block\" href=\"https:\/\/comunidad.comprasdominicana.gob.do\/\/Public\/Tendering\/OpportunityDetail\/Index?noticeUID=DO1.NTC.1039214\" target=\"_blank\" title=\"Detalles\"><i class=\"fas fa-link\"><\/i> DETALLES<\/a><a class=\"btn btn-primary btn-lg px-lg-4 d-block d-md-none\" href=\"https:\/\/comunidad.comprasdominicana.gob.do\/\/Public\/Tendering\/OpportunityDetail\/Index?noticeUID=DO1.NTC.1039214\" target=\"_blank\" title=\"Detalles\"><i class=\"fas fa-2x fa-link\"><\/i><\/a><\/div><\/div><\/div><div class=\"jumbotron archivos\"><div class=\"row align-items-center\"><div class=\"col\"><h6><a class=\"text-dark\" href=\"https:\/\/comunidad.comprasdominicana.gob.do\/\/Public\/Tendering\/OpportunityDetail\/Index?noticeUID=DO1.NTC.1038818\" title=\"Ver\" target=\"_blank\">INESPRE-DAF-CM-2022-0014<\/a><\/h6><p class=\"mb-0 bold\">Adquisici\u00f3n de Suministros de Limpieza<\/p><p class=\"mb-0\" style=\"font-size: .85rem\"><strong title=\"Estado del Proceso\"><i class=\"fas fa-spinner\"><\/i><\/strong> Proceso adjudicado y celebrado<\/p><p class=\"mb-0\" style=\"font-size: .85rem\"><strong title=\"Fecha de Publicaci\u00f3n\"><i class=\"fas fa-calendar-alt\"><\/i><\/strong> Publicado el jueves, 10 de febrero de 2022<\/p><\/div><div class=\"col-auto mt-md-0 mt-2\"><a class=\"btn btn-primary btn-lg px-lg-4 d-none d-md-block\" href=\"https:\/\/comunidad.comprasdominicana.gob.do\/\/Public\/Tendering\/OpportunityDetail\/Index?noticeUID=DO1.NTC.1038818\" target=\"_blank\" title=\"Detalles\"><i class=\"fas fa-link\"><\/i> DETALLES<\/a><a class=\"btn btn-primary btn-lg px-lg-4 d-block d-md-none\" href=\"https:\/\/comunidad.comprasdominicana.gob.do\/\/Public\/Tendering\/OpportunityDetail\/Index?noticeUID=DO1.NTC.1038818\" target=\"_blank\" title=\"Detalles\"><i class=\"fas fa-2x fa-link\"><\/i><\/a><\/div><\/div><\/div><div class=\"jumbotron archivos\"><div class=\"row align-items-center\"><div class=\"col\"><h6><a class=\"text-dark\" href=\"https:\/\/comunidad.comprasdominicana.gob.do\/\/Public\/Tendering\/OpportunityDetail\/Index?noticeUID=DO1.NTC.1038709\" title=\"Ver\" target=\"_blank\">INESPRE-DAF-CM-2022-0012<\/a><\/h6><p class=\"mb-0 bold\">Adquisici\u00f3n de Maquinas Calculadoras<\/p><p class=\"mb-0\" style=\"font-size: .85rem\"><strong title=\"Estado del Proceso\"><i class=\"fas fa-spinner\"><\/i><\/strong> Proceso adjudicado y celebrado<\/p><p class=\"mb-0\" style=\"font-size: .85rem\"><strong title=\"Fecha de Publicaci\u00f3n\"><i class=\"fas fa-calendar-alt\"><\/i><\/strong> Publicado el jueves, 10 de febrero de 2022<\/p><\/div><div class=\"col-auto mt-md-0 mt-2\"><a class=\"btn btn-primary btn-lg px-lg-4 d-none d-md-block\" href=\"https:\/\/comunidad.comprasdominicana.gob.do\/\/Public\/Tendering\/OpportunityDetail\/Index?noticeUID=DO1.NTC.1038709\" target=\"_blank\" title=\"Detalles\"><i class=\"fas fa-link\"><\/i> DETALLES<\/a><a class=\"btn btn-primary btn-lg px-lg-4 d-block d-md-none\" href=\"https:\/\/comunidad.comprasdominicana.gob.do\/\/Public\/Tendering\/OpportunityDetail\/Index?noticeUID=DO1.NTC.1038709\" target=\"_blank\" title=\"Detalles\"><i class=\"fas fa-2x fa-link\"><\/i><\/a><\/div><\/div><\/div><div class=\"jumbotron archivos\"><div class=\"row align-items-center\"><div class=\"col\"><h6><a class=\"text-dark\" href=\"https:\/\/comunidad.comprasdominicana.gob.do\/\/Public\/Tendering\/OpportunityDetail\/Index?noticeUID=DO1.NTC.1037715\" title=\"Ver\" target=\"_blank\">INESPRE-DAF-CM-2022-0010<\/a><\/h6><p class=\"mb-0 bold\">Adquisici\u00f3n de Leche Evaporada<\/p><p class=\"mb-0\" style=\"font-size: .85rem\"><strong title=\"Estado del Proceso\"><i class=\"fas fa-spinner\"><\/i><\/strong> Proceso adjudicado y celebrado<\/p><p class=\"mb-0\" style=\"font-size: .85rem\"><strong title=\"Fecha de Publicaci\u00f3n\"><i class=\"fas fa-calendar-alt\"><\/i><\/strong> Publicado el martes, 8 de febrero de 2022<\/p><\/div><div class=\"col-auto mt-md-0 mt-2\"><a class=\"btn btn-primary btn-lg px-lg-4 d-none d-md-block\" href=\"https:\/\/comunidad.comprasdominicana.gob.do\/\/Public\/Tendering\/OpportunityDetail\/Index?noticeUID=DO1.NTC.1037715\" target=\"_blank\" title=\"Detalles\"><i class=\"fas fa-link\"><\/i> DETALLES<\/a><a class=\"btn btn-primary btn-lg px-lg-4 d-block d-md-none\" href=\"https:\/\/comunidad.comprasdominicana.gob.do\/\/Public\/Tendering\/OpportunityDetail\/Index?noticeUID=DO1.NTC.1037715\" target=\"_blank\" title=\"Detalles\"><i class=\"fas fa-2x fa-link\"><\/i><\/a><\/div><\/div><\/div><div class=\"jumbotron archivos\"><div class=\"row align-items-center\"><div class=\"col\"><h6><a class=\"text-dark\" href=\"https:\/\/comunidad.comprasdominicana.gob.do\/\/Public\/Tendering\/OpportunityDetail\/Index?noticeUID=DO1.NTC.1037324\" title=\"Ver\" target=\"_blank\">INESPRE-DAF-CM-2022-0011<\/a><\/h6><p class=\"mb-0 bold\">Adquisici\u00f3n de Galletas de  Leche y Pasa s\/semillas<\/p><p class=\"mb-0\" style=\"font-size: .85rem\"><strong title=\"Estado del Proceso\"><i class=\"fas fa-spinner\"><\/i><\/strong> Proceso adjudicado y celebrado<\/p><p class=\"mb-0\" style=\"font-size: .85rem\"><strong title=\"Fecha de Publicaci\u00f3n\"><i class=\"fas fa-calendar-alt\"><\/i><\/strong> Publicado el lunes, 7 de febrero de 2022<\/p><\/div><div class=\"col-auto mt-md-0 mt-2\"><a class=\"btn btn-primary btn-lg px-lg-4 d-none d-md-block\" href=\"https:\/\/comunidad.comprasdominicana.gob.do\/\/Public\/Tendering\/OpportunityDetail\/Index?noticeUID=DO1.NTC.1037324\" target=\"_blank\" title=\"Detalles\"><i class=\"fas fa-link\"><\/i> DETALLES<\/a><a class=\"btn btn-primary btn-lg px-lg-4 d-block d-md-none\" href=\"https:\/\/comunidad.comprasdominicana.gob.do\/\/Public\/Tendering\/OpportunityDetail\/Index?noticeUID=DO1.NTC.1037324\" target=\"_blank\" title=\"Detalles\"><i class=\"fas fa-2x fa-link\"><\/i><\/a><\/div><\/div><\/div><div class=\"jumbotron archivos\"><div class=\"row align-items-center\"><div class=\"col\"><h6><a class=\"text-dark\" href=\"https:\/\/comunidad.comprasdominicana.gob.do\/\/Public\/Tendering\/OpportunityDetail\/Index?noticeUID=DO1.NTC.1036410\" title=\"Ver\" target=\"_blank\">INESPRE-DAF-CM-2022-0009<\/a><\/h6><p class=\"mb-0 bold\">Adquisici\u00f3n de Leche de Coco.<\/p><p class=\"mb-0\" style=\"font-size: .85rem\"><strong title=\"Estado del Proceso\"><i class=\"fas fa-spinner\"><\/i><\/strong> Proceso adjudicado y celebrado<\/p><p class=\"mb-0\" style=\"font-size: .85rem\"><strong title=\"Fecha de Publicaci\u00f3n\"><i class=\"fas fa-calendar-alt\"><\/i><\/strong> Publicado el viernes, 4 de febrero de 2022<\/p><\/div><div class=\"col-auto mt-md-0 mt-2\"><a class=\"btn btn-primary btn-lg px-lg-4 d-none d-md-block\" href=\"https:\/\/comunidad.comprasdominicana.gob.do\/\/Public\/Tendering\/OpportunityDetail\/Index?noticeUID=DO1.NTC.1036410\" target=\"_blank\" title=\"Detalles\"><i class=\"fas fa-link\"><\/i> DETALLES<\/a><a class=\"btn btn-primary btn-lg px-lg-4 d-block d-md-none\" href=\"https:\/\/comunidad.comprasdominicana.gob.do\/\/Public\/Tendering\/OpportunityDetail\/Index?noticeUID=DO1.NTC.1036410\" target=\"_blank\" title=\"Detalles\"><i class=\"fas fa-2x fa-link\"><\/i><\/a><\/div><\/div><\/div><div class=\"jumbotron archivos\"><div class=\"row align-items-center\"><div class=\"col\"><h6><a class=\"text-dark\" href=\"https:\/\/comunidad.comprasdominicana.gob.do\/\/Public\/Tendering\/OpportunityDetail\/Index?noticeUID=DO1.NTC.1036513\" title=\"Ver\" target=\"_blank\">INESPRE-DAF-CM-2022-0008<\/a><\/h6><p class=\"mb-0 bold\">Adquisici\u00f3n de Caf\u00e9 Molido. <\/p><p class=\"mb-0\" style=\"font-size: .85rem\"><strong title=\"Estado del Proceso\"><i class=\"fas fa-spinner\"><\/i><\/strong> Proceso adjudicado y celebrado<\/p><p class=\"mb-0\" style=\"font-size: .85rem\"><strong title=\"Fecha de Publicaci\u00f3n\"><i class=\"fas fa-calendar-alt\"><\/i><\/strong> Publicado el viernes, 4 de febrero de 2022<\/p><\/div><div class=\"col-auto mt-md-0 mt-2\"><a class=\"btn btn-primary btn-lg px-lg-4 d-none d-md-block\" href=\"https:\/\/comunidad.comprasdominicana.gob.do\/\/Public\/Tendering\/OpportunityDetail\/Index?noticeUID=DO1.NTC.1036513\" target=\"_blank\" title=\"Detalles\"><i class=\"fas fa-link\"><\/i> DETALLES<\/a><a class=\"btn btn-primary btn-lg px-lg-4 d-block d-md-none\" href=\"https:\/\/comunidad.comprasdominicana.gob.do\/\/Public\/Tendering\/OpportunityDetail\/Index?noticeUID=DO1.NTC.1036513\" target=\"_blank\" title=\"Detalles\"><i class=\"fas fa-2x fa-link\"><\/i><\/a><\/div><\/div><\/div><div class=\"jumbotron archivos\"><div class=\"row align-items-center\"><div class=\"col\"><h6><a class=\"text-dark\" href=\"https:\/\/comunidad.comprasdominicana.gob.do\/\/Public\/Tendering\/OpportunityDetail\/Index?noticeUID=DO1.NTC.1036606\" title=\"Ver\" target=\"_blank\">INESPRE-DAF-CM-2022-0006<\/a><\/h6><p class=\"mb-0 bold\">Adquisici\u00f3n de Chocolate en Barra<\/p><p class=\"mb-0\" style=\"font-size: .85rem\"><strong title=\"Estado del Proceso\"><i class=\"fas fa-spinner\"><\/i><\/strong> Proceso adjudicado y celebrado<\/p><p class=\"mb-0\" style=\"font-size: .85rem\"><strong title=\"Fecha de Publicaci\u00f3n\"><i class=\"fas fa-calendar-alt\"><\/i><\/strong> Publicado el viernes, 4 de febrero de 2022<\/p><\/div><div class=\"col-auto mt-md-0 mt-2\"><a class=\"btn btn-primary btn-lg px-lg-4 d-none d-md-block\" href=\"https:\/\/comunidad.comprasdominicana.gob.do\/\/Public\/Tendering\/OpportunityDetail\/Index?noticeUID=DO1.NTC.1036606\" target=\"_blank\" title=\"Detalles\"><i class=\"fas fa-link\"><\/i> DETALLES<\/a><a class=\"btn btn-primary btn-lg px-lg-4 d-block d-md-none\" href=\"https:\/\/comunidad.comprasdominicana.gob.do\/\/Public\/Tendering\/OpportunityDetail\/Index?noticeUID=DO1.NTC.1036606\" target=\"_blank\" title=\"Detalles\"><i class=\"fas fa-2x fa-link\"><\/i><\/a><\/div><\/div><\/div><div class=\"jumbotron archivos\"><div class=\"row align-items-center\"><div class=\"col\"><h6><a class=\"text-dark\" href=\"https:\/\/comunidad.comprasdominicana.gob.do\/\/Public\/Tendering\/OpportunityDetail\/Index?noticeUID=DO1.NTC.1035829\" title=\"Ver\" target=\"_blank\">INESPRE-DAF-CM-2022-0007<\/a><\/h6><p class=\"mb-0 bold\">Adquisici\u00f3n de Condimentos y Conservantes<\/p><p class=\"mb-0\" style=\"font-size: .85rem\"><strong title=\"Estado del Proceso\"><i class=\"fas fa-spinner\"><\/i><\/strong> Proceso adjudicado y celebrado<\/p><p class=\"mb-0\" style=\"font-size: .85rem\"><strong title=\"Fecha de Publicaci\u00f3n\"><i class=\"fas fa-calendar-alt\"><\/i><\/strong> Publicado el jueves, 3 de febrero de 2022<\/p><\/div><div class=\"col-auto mt-md-0 mt-2\"><a class=\"btn btn-primary btn-lg px-lg-4 d-none d-md-block\" href=\"https:\/\/comunidad.comprasdominicana.gob.do\/\/Public\/Tendering\/OpportunityDetail\/Index?noticeUID=DO1.NTC.1035829\" target=\"_blank\" title=\"Detalles\"><i class=\"fas fa-link\"><\/i> DETALLES<\/a><a class=\"btn btn-primary btn-lg px-lg-4 d-block d-md-none\" href=\"https:\/\/comunidad.comprasdominicana.gob.do\/\/Public\/Tendering\/OpportunityDetail\/Index?noticeUID=DO1.NTC.1035829\" target=\"_blank\" title=\"Detalles\"><i class=\"fas fa-2x fa-link\"><\/i><\/a><\/div><\/div><\/div><div class=\"jumbotron archivos\"><div class=\"row align-items-center\"><div class=\"col\"><h6><a class=\"text-dark\" href=\"https:\/\/comunidad.comprasdominicana.gob.do\/\/Public\/Tendering\/OpportunityDetail\/Index?noticeUID=DO1.NTC.1036026\" title=\"Ver\" target=\"_blank\">INESPRE-DAF-CM-2022-0005<\/a><\/h6><p class=\"mb-0 bold\">Adquisici\u00f3n de Pasta de Tomate<\/p><p class=\"mb-0\" style=\"font-size: .85rem\"><strong title=\"Estado del Proceso\"><i class=\"fas fa-spinner\"><\/i><\/strong> Proceso adjudicado y celebrado<\/p><p class=\"mb-0\" style=\"font-size: .85rem\"><strong title=\"Fecha de Publicaci\u00f3n\"><i class=\"fas fa-calendar-alt\"><\/i><\/strong> Publicado el jueves, 3 de febrero de 2022<\/p><\/div><div class=\"col-auto mt-md-0 mt-2\"><a class=\"btn btn-primary btn-lg px-lg-4 d-none d-md-block\" href=\"https:\/\/comunidad.comprasdominicana.gob.do\/\/Public\/Tendering\/OpportunityDetail\/Index?noticeUID=DO1.NTC.1036026\" target=\"_blank\" title=\"Detalles\"><i class=\"fas fa-link\"><\/i> DETALLES<\/a><a class=\"btn btn-primary btn-lg px-lg-4 d-block d-md-none\" href=\"https:\/\/comunidad.comprasdominicana.gob.do\/\/Public\/Tendering\/OpportunityDetail\/Index?noticeUID=DO1.NTC.1036026\" target=\"_blank\" title=\"Detalles\"><i class=\"fas fa-2x fa-link\"><\/i><\/a><\/div><\/div><\/div><div class=\"jumbotron archivos\"><div class=\"row align-items-center\"><div class=\"col\"><h6><a class=\"text-dark\" href=\"https:\/\/comunidad.comprasdominicana.gob.do\/\/Public\/Tendering\/OpportunityDetail\/Index?noticeUID=DO1.NTC.1036018\" title=\"Ver\" target=\"_blank\">INESPRE-DAF-CM-2022-0004<\/a><\/h6><p class=\"mb-0 bold\">Adquisici\u00f3n de Sardinas<\/p><p class=\"mb-0\" style=\"font-size: .85rem\"><strong title=\"Estado del Proceso\"><i class=\"fas fa-spinner\"><\/i><\/strong> Proceso adjudicado y celebrado<\/p><p class=\"mb-0\" style=\"font-size: .85rem\"><strong title=\"Fecha de Publicaci\u00f3n\"><i class=\"fas fa-calendar-alt\"><\/i><\/strong> Publicado el jueves, 3 de febrero de 2022<\/p><\/div><div class=\"col-auto mt-md-0 mt-2\"><a class=\"btn btn-primary btn-lg px-lg-4 d-none d-md-block\" href=\"https:\/\/comunidad.comprasdominicana.gob.do\/\/Public\/Tendering\/OpportunityDetail\/Index?noticeUID=DO1.NTC.1036018\" target=\"_blank\" title=\"Detalles\"><i class=\"fas fa-link\"><\/i> DETALLES<\/a><a class=\"btn btn-primary btn-lg px-lg-4 d-block d-md-none\" href=\"https:\/\/comunidad.comprasdominicana.gob.do\/\/Public\/Tendering\/OpportunityDetail\/Index?noticeUID=DO1.NTC.1036018\" target=\"_blank\" title=\"Detalles\"><i class=\"fas fa-2x fa-link\"><\/i><\/a><\/div><\/div><\/div><div class=\"jumbotron archivos\"><div class=\"row align-items-center\"><div class=\"col\"><h6><a class=\"text-dark\" href=\"https:\/\/comunidad.comprasdominicana.gob.do\/\/Public\/Tendering\/OpportunityDetail\/Index?noticeUID=DO1.NTC.1035014\" title=\"Ver\" target=\"_blank\">INESPRE-DAF-CM-2022-0003<\/a><\/h6><p class=\"mb-0 bold\">Servicio de Alquiler de Contenedores para oficinas de 40 pies cada uno, por cuatro (04) meses.<\/p><p class=\"mb-0\" style=\"font-size: .85rem\"><strong title=\"Estado del Proceso\"><i class=\"fas fa-spinner\"><\/i><\/strong> Proceso adjudicado y celebrado<\/p><p class=\"mb-0\" style=\"font-size: .85rem\"><strong title=\"Fecha de Publicaci\u00f3n\"><i class=\"fas fa-calendar-alt\"><\/i><\/strong> Publicado el martes, 1 de febrero de 2022<\/p><\/div><div class=\"col-auto mt-md-0 mt-2\"><a class=\"btn btn-primary btn-lg px-lg-4 d-none d-md-block\" href=\"https:\/\/comunidad.comprasdominicana.gob.do\/\/Public\/Tendering\/OpportunityDetail\/Index?noticeUID=DO1.NTC.1035014\" target=\"_blank\" title=\"Detalles\"><i class=\"fas fa-link\"><\/i> DETALLES<\/a><a class=\"btn btn-primary btn-lg px-lg-4 d-block d-md-none\" href=\"https:\/\/comunidad.comprasdominicana.gob.do\/\/Public\/Tendering\/OpportunityDetail\/Index?noticeUID=DO1.NTC.1035014\" target=\"_blank\" title=\"Detalles\"><i class=\"fas fa-2x fa-link\"><\/i><\/a><\/div><\/div><\/div><\/div><\/div><\/div>\n        <div class=\"card\">\n            <div class=\"card-header parents\" id=\"heading_compras-menores-69f73f7454400-2022-69f73f7454400-enero-69f73f7454400\">\n                <p class=\"title text-blue mb-0\">\n                    <a class=\"btn-block hover text-left collapsed\" data-toggle=\"collapse\" data-target=\"#collap_compras-menores-69f73f7454400-2022-69f73f7454400-enero-69f73f7454400\" aria-expanded=\"false\" aria-controls=\"collap_compras-menores-69f73f7454400-2022-69f73f7454400-enero-69f73f7454400\">Enero<\/a>\n                <\/p>\n            <\/div>\n            <div id=\"collap_compras-menores-69f73f7454400-2022-69f73f7454400-enero-69f73f7454400\" class=\"collapse\" aria-labelledby=\"heading_compras-menores-69f73f7454400-2022-69f73f7454400-enero-69f73f7454400\" data-parent=\"#collap_compras-menores-69f73f7454400-2022-69f73f7454400\">\n                <div class=\"card-body\"><div class=\"jumbotron archivos\"><div class=\"row align-items-center\"><div class=\"col\"><h6><a class=\"text-dark\" href=\"https:\/\/comunidad.comprasdominicana.gob.do\/\/Public\/Tendering\/OpportunityDetail\/Index?noticeUID=DO1.NTC.1030819\" title=\"Ver\" target=\"_blank\">INESPRE-DAF-CM-2022-0002<\/a><\/h6><p class=\"mb-0 bold\">Servicio de Almuerzos a domicilios<\/p><p class=\"mb-0\" style=\"font-size: .85rem\"><strong title=\"Estado del Proceso\"><i class=\"fas fa-spinner\"><\/i><\/strong> Proceso adjudicado y celebrado<\/p><p class=\"mb-0\" style=\"font-size: .85rem\"><strong title=\"Fecha de Publicaci\u00f3n\"><i class=\"fas fa-calendar-alt\"><\/i><\/strong> Publicado el mi\u00e9rcoles, 19 de enero de 2022<\/p><\/div><div class=\"col-auto mt-md-0 mt-2\"><a class=\"btn btn-primary btn-lg px-lg-4 d-none d-md-block\" href=\"https:\/\/comunidad.comprasdominicana.gob.do\/\/Public\/Tendering\/OpportunityDetail\/Index?noticeUID=DO1.NTC.1030819\" target=\"_blank\" title=\"Detalles\"><i class=\"fas fa-link\"><\/i> DETALLES<\/a><a class=\"btn btn-primary btn-lg px-lg-4 d-block d-md-none\" href=\"https:\/\/comunidad.comprasdominicana.gob.do\/\/Public\/Tendering\/OpportunityDetail\/Index?noticeUID=DO1.NTC.1030819\" target=\"_blank\" title=\"Detalles\"><i class=\"fas fa-2x fa-link\"><\/i><\/a><\/div><\/div><\/div><div class=\"jumbotron archivos\"><div class=\"row align-items-center\"><div class=\"col\"><h6><a class=\"text-dark\" href=\"https:\/\/comunidad.comprasdominicana.gob.do\/\/Public\/Tendering\/OpportunityDetail\/Index?noticeUID=DO1.NTC.1024210\" title=\"Ver\" target=\"_blank\">INESPRE-DAF-CM-2022-0001<\/a><\/h6><p class=\"mb-0 bold\">Adquisici\u00f3n e Instalaci\u00f3n de Aires Acondicionados<\/p><p class=\"mb-0\" style=\"font-size: .85rem\"><strong title=\"Estado del Proceso\"><i class=\"fas fa-spinner\"><\/i><\/strong> Proceso adjudicado y celebrado<\/p><p class=\"mb-0\" style=\"font-size: .85rem\"><strong title=\"Fecha de Publicaci\u00f3n\"><i class=\"fas fa-calendar-alt\"><\/i><\/strong> Publicado el martes, 11 de enero de 2022<\/p><\/div><div class=\"col-auto mt-md-0 mt-2\"><a class=\"btn btn-primary btn-lg px-lg-4 d-none d-md-block\" href=\"https:\/\/comunidad.comprasdominicana.gob.do\/\/Public\/Tendering\/OpportunityDetail\/Index?noticeUID=DO1.NTC.1024210\" target=\"_blank\" title=\"Detalles\"><i class=\"fas fa-link\"><\/i> DETALLES<\/a><a class=\"btn btn-primary btn-lg px-lg-4 d-block d-md-none\" href=\"https:\/\/comunidad.comprasdominicana.gob.do\/\/Public\/Tendering\/OpportunityDetail\/Index?noticeUID=DO1.NTC.1024210\" target=\"_blank\" title=\"Detalles\"><i class=\"fas fa-2x fa-link\"><\/i><\/a><\/div><\/div><\/div><\/div><\/div><\/div><\/div><\/div><\/div>\n        <div class=\"card\">\n            <div class=\"card-header parents\" id=\"heading_compras-menores-69f73f7454400-2021-69f73f7454400\">\n                <p class=\"title text-blue mb-0\">\n                    <a class=\"btn-block hover text-left collapsed\" data-toggle=\"collapse\" data-target=\"#collap_compras-menores-69f73f7454400-2021-69f73f7454400\" aria-expanded=\"false\" aria-controls=\"collap_compras-menores-69f73f7454400-2021-69f73f7454400\">2021<\/a>\n                <\/p>\n            <\/div>\n            <div id=\"collap_compras-menores-69f73f7454400-2021-69f73f7454400\" class=\"collapse\" aria-labelledby=\"heading_compras-menores-69f73f7454400-2021-69f73f7454400\" data-parent=\"#collap_compras-menores-69f73f7454400\">\n                <div class=\"card-body\">\n        <div class=\"card\">\n            <div class=\"card-header parents\" id=\"heading_compras-menores-69f73f7454400-2021-69f73f7454400-diciembre-69f73f7454400\">\n                <p class=\"title text-blue mb-0\">\n                    <a class=\"btn-block hover text-left collapsed\" data-toggle=\"collapse\" data-target=\"#collap_compras-menores-69f73f7454400-2021-69f73f7454400-diciembre-69f73f7454400\" aria-expanded=\"false\" aria-controls=\"collap_compras-menores-69f73f7454400-2021-69f73f7454400-diciembre-69f73f7454400\">Diciembre<\/a>\n                <\/p>\n            <\/div>\n            <div id=\"collap_compras-menores-69f73f7454400-2021-69f73f7454400-diciembre-69f73f7454400\" class=\"collapse\" aria-labelledby=\"heading_compras-menores-69f73f7454400-2021-69f73f7454400-diciembre-69f73f7454400\" data-parent=\"#collap_compras-menores-69f73f7454400-2021-69f73f7454400\">\n                <div class=\"card-body\"><div class=\"jumbotron archivos\"><div class=\"row align-items-center\"><div class=\"col\"><h6><a class=\"text-dark\" href=\"https:\/\/comunidad.comprasdominicana.gob.do\/\/Public\/Tendering\/OpportunityDetail\/Index?noticeUID=DO1.NTC.1018809\" title=\"Ver\" target=\"_blank\">INESPRE-DAF-CM-2021-0090<\/a><\/h6><p class=\"mb-0 bold\">Servicio de Alquiler de Bodegas por dos (02) meses<\/p><p class=\"mb-0\" style=\"font-size: .85rem\"><strong title=\"Estado del Proceso\"><i class=\"fas fa-spinner\"><\/i><\/strong> Proceso adjudicado y celebrado<\/p><p class=\"mb-0\" style=\"font-size: .85rem\"><strong title=\"Fecha de Publicaci\u00f3n\"><i class=\"fas fa-calendar-alt\"><\/i><\/strong> Publicado el martes, 28 de diciembre de 2021<\/p><\/div><div class=\"col-auto mt-md-0 mt-2\"><a class=\"btn btn-primary btn-lg px-lg-4 d-none d-md-block\" href=\"https:\/\/comunidad.comprasdominicana.gob.do\/\/Public\/Tendering\/OpportunityDetail\/Index?noticeUID=DO1.NTC.1018809\" target=\"_blank\" title=\"Detalles\"><i class=\"fas fa-link\"><\/i> DETALLES<\/a><a class=\"btn btn-primary btn-lg px-lg-4 d-block d-md-none\" href=\"https:\/\/comunidad.comprasdominicana.gob.do\/\/Public\/Tendering\/OpportunityDetail\/Index?noticeUID=DO1.NTC.1018809\" target=\"_blank\" title=\"Detalles\"><i class=\"fas fa-2x fa-link\"><\/i><\/a><\/div><\/div><\/div><div class=\"jumbotron archivos\"><div class=\"row align-items-center\"><div class=\"col\"><h6><a class=\"text-dark\" href=\"https:\/\/comunidad.comprasdominicana.gob.do\/\/Public\/Tendering\/OpportunityDetail\/Index?noticeUID=DO1.NTC.1012604\" title=\"Ver\" target=\"_blank\">INESPRE-DAF-CM-2021-0089<\/a><\/h6><p class=\"mb-0 bold\">Servicio de Alquiler de Contenedores Refrigerados.<\/p><p class=\"mb-0\" style=\"font-size: .85rem\"><strong title=\"Estado del Proceso\"><i class=\"fas fa-spinner\"><\/i><\/strong> Proceso adjudicado y celebrado<\/p><p class=\"mb-0\" style=\"font-size: .85rem\"><strong title=\"Fecha de Publicaci\u00f3n\"><i class=\"fas fa-calendar-alt\"><\/i><\/strong> Publicado el martes, 14 de diciembre de 2021<\/p><\/div><div class=\"col-auto mt-md-0 mt-2\"><a class=\"btn btn-primary btn-lg px-lg-4 d-none d-md-block\" href=\"https:\/\/comunidad.comprasdominicana.gob.do\/\/Public\/Tendering\/OpportunityDetail\/Index?noticeUID=DO1.NTC.1012604\" target=\"_blank\" title=\"Detalles\"><i class=\"fas fa-link\"><\/i> DETALLES<\/a><a class=\"btn btn-primary btn-lg px-lg-4 d-block d-md-none\" href=\"https:\/\/comunidad.comprasdominicana.gob.do\/\/Public\/Tendering\/OpportunityDetail\/Index?noticeUID=DO1.NTC.1012604\" target=\"_blank\" title=\"Detalles\"><i class=\"fas fa-2x fa-link\"><\/i><\/a><\/div><\/div><\/div><div class=\"jumbotron archivos\"><div class=\"row align-items-center\"><div class=\"col\"><h6><a class=\"text-dark\" href=\"https:\/\/comunidad.comprasdominicana.gob.do\/\/Public\/Tendering\/OpportunityDetail\/Index?noticeUID=DO1.NTC.1009723\" title=\"Ver\" target=\"_blank\">INESPRE-DAF-CM-2021-0088<\/a><\/h6><p class=\"mb-0 bold\">Adquisici\u00f3n de Bater\u00edas y Componentes de transporte<\/p><p class=\"mb-0\" style=\"font-size: .85rem\"><strong title=\"Estado del Proceso\"><i class=\"fas fa-spinner\"><\/i><\/strong> Proceso adjudicado y celebrado<\/p><p class=\"mb-0\" style=\"font-size: .85rem\"><strong title=\"Fecha de Publicaci\u00f3n\"><i class=\"fas fa-calendar-alt\"><\/i><\/strong> Publicado el martes, 7 de diciembre de 2021<\/p><\/div><div class=\"col-auto mt-md-0 mt-2\"><a class=\"btn btn-primary btn-lg px-lg-4 d-none d-md-block\" href=\"https:\/\/comunidad.comprasdominicana.gob.do\/\/Public\/Tendering\/OpportunityDetail\/Index?noticeUID=DO1.NTC.1009723\" target=\"_blank\" title=\"Detalles\"><i class=\"fas fa-link\"><\/i> DETALLES<\/a><a class=\"btn btn-primary btn-lg px-lg-4 d-block d-md-none\" href=\"https:\/\/comunidad.comprasdominicana.gob.do\/\/Public\/Tendering\/OpportunityDetail\/Index?noticeUID=DO1.NTC.1009723\" target=\"_blank\" title=\"Detalles\"><i class=\"fas fa-2x fa-link\"><\/i><\/a><\/div><\/div><\/div><div class=\"jumbotron archivos\"><div class=\"row align-items-center\"><div class=\"col\"><h6><a class=\"text-dark\" href=\"https:\/\/comunidad.comprasdominicana.gob.do\/\/Public\/Tendering\/OpportunityDetail\/Index?noticeUID=DO1.NTC.1009321\" title=\"Ver\" target=\"_blank\">INESPRE-DAF-CM-2021-0087<\/a><\/h6><p class=\"mb-0 bold\">Adquisici\u00f3n de Productos de Papel.<\/p><p class=\"mb-0\" style=\"font-size: .85rem\"><strong title=\"Estado del Proceso\"><i class=\"fas fa-spinner\"><\/i><\/strong> Proceso adjudicado y celebrado<\/p><p class=\"mb-0\" style=\"font-size: .85rem\"><strong title=\"Fecha de Publicaci\u00f3n\"><i class=\"fas fa-calendar-alt\"><\/i><\/strong> Publicado el lunes, 6 de diciembre de 2021<\/p><\/div><div class=\"col-auto mt-md-0 mt-2\"><a class=\"btn btn-primary btn-lg px-lg-4 d-none d-md-block\" href=\"https:\/\/comunidad.comprasdominicana.gob.do\/\/Public\/Tendering\/OpportunityDetail\/Index?noticeUID=DO1.NTC.1009321\" target=\"_blank\" title=\"Detalles\"><i class=\"fas fa-link\"><\/i> DETALLES<\/a><a class=\"btn btn-primary btn-lg px-lg-4 d-block d-md-none\" href=\"https:\/\/comunidad.comprasdominicana.gob.do\/\/Public\/Tendering\/OpportunityDetail\/Index?noticeUID=DO1.NTC.1009321\" target=\"_blank\" title=\"Detalles\"><i class=\"fas fa-2x fa-link\"><\/i><\/a><\/div><\/div><\/div><div class=\"jumbotron archivos\"><div class=\"row align-items-center\"><div class=\"col\"><h6><a class=\"text-dark\" href=\"https:\/\/comunidad.comprasdominicana.gob.do\/\/Public\/Tendering\/OpportunityDetail\/Index?noticeUID=DO1.NTC.1007257\" title=\"Ver\" target=\"_blank\">INESPRE-DAF-CM-2021-0086<\/a><\/h6><p class=\"mb-0 bold\">Adquisici\u00f3n de Estaciones Modulares<\/p><p class=\"mb-0\" style=\"font-size: .85rem\"><strong title=\"Estado del Proceso\"><i class=\"fas fa-spinner\"><\/i><\/strong> Proceso adjudicado y celebrado<\/p><p class=\"mb-0\" style=\"font-size: .85rem\"><strong title=\"Fecha de Publicaci\u00f3n\"><i class=\"fas fa-calendar-alt\"><\/i><\/strong> Publicado el mi\u00e9rcoles, 1 de diciembre de 2021<\/p><\/div><div class=\"col-auto mt-md-0 mt-2\"><a class=\"btn btn-primary btn-lg px-lg-4 d-none d-md-block\" href=\"https:\/\/comunidad.comprasdominicana.gob.do\/\/Public\/Tendering\/OpportunityDetail\/Index?noticeUID=DO1.NTC.1007257\" target=\"_blank\" title=\"Detalles\"><i class=\"fas fa-link\"><\/i> DETALLES<\/a><a class=\"btn btn-primary btn-lg px-lg-4 d-block d-md-none\" href=\"https:\/\/comunidad.comprasdominicana.gob.do\/\/Public\/Tendering\/OpportunityDetail\/Index?noticeUID=DO1.NTC.1007257\" target=\"_blank\" title=\"Detalles\"><i class=\"fas fa-2x fa-link\"><\/i><\/a><\/div><\/div><\/div><div class=\"jumbotron archivos\"><div class=\"row align-items-center\"><div class=\"col\"><h6><a class=\"text-dark\" href=\"https:\/\/comunidad.comprasdominicana.gob.do\/\/Public\/Tendering\/OpportunityDetail\/Index?noticeUID=DO1.NTC.1007339\" title=\"Ver\" target=\"_blank\">INESPRE-DAF-CM-2021-0085<\/a><\/h6><p class=\"mb-0 bold\">Adquisici\u00f3n de Sillones y Sillas<\/p><p class=\"mb-0\" style=\"font-size: .85rem\"><strong title=\"Estado del Proceso\"><i class=\"fas fa-spinner\"><\/i><\/strong> Proceso adjudicado y celebrado<\/p><p class=\"mb-0\" style=\"font-size: .85rem\"><strong title=\"Fecha de Publicaci\u00f3n\"><i class=\"fas fa-calendar-alt\"><\/i><\/strong> Publicado el mi\u00e9rcoles, 1 de diciembre de 2021<\/p><\/div><div class=\"col-auto mt-md-0 mt-2\"><a class=\"btn btn-primary btn-lg px-lg-4 d-none d-md-block\" href=\"https:\/\/comunidad.comprasdominicana.gob.do\/\/Public\/Tendering\/OpportunityDetail\/Index?noticeUID=DO1.NTC.1007339\" target=\"_blank\" title=\"Detalles\"><i class=\"fas fa-link\"><\/i> DETALLES<\/a><a class=\"btn btn-primary btn-lg px-lg-4 d-block d-md-none\" href=\"https:\/\/comunidad.comprasdominicana.gob.do\/\/Public\/Tendering\/OpportunityDetail\/Index?noticeUID=DO1.NTC.1007339\" target=\"_blank\" title=\"Detalles\"><i class=\"fas fa-2x fa-link\"><\/i><\/a><\/div><\/div><\/div><div class=\"jumbotron archivos\"><div class=\"row align-items-center\"><div class=\"col\"><h6><a class=\"text-dark\" href=\"https:\/\/comunidad.comprasdominicana.gob.do\/\/Public\/Tendering\/OpportunityDetail\/Index?noticeUID=DO1.NTC.1007140\" title=\"Ver\" target=\"_blank\">INESPRE-DAF-CM-2021-0084<\/a><\/h6><p class=\"mb-0 bold\">Adquisici\u00f3n de Escritorios, Archivos y Mesas<\/p><p class=\"mb-0\" style=\"font-size: .85rem\"><strong title=\"Estado del Proceso\"><i class=\"fas fa-spinner\"><\/i><\/strong> Proceso adjudicado y celebrado<\/p><p class=\"mb-0\" style=\"font-size: .85rem\"><strong title=\"Fecha de Publicaci\u00f3n\"><i class=\"fas fa-calendar-alt\"><\/i><\/strong> Publicado el mi\u00e9rcoles, 1 de diciembre de 2021<\/p><\/div><div class=\"col-auto mt-md-0 mt-2\"><a class=\"btn btn-primary btn-lg px-lg-4 d-none d-md-block\" href=\"https:\/\/comunidad.comprasdominicana.gob.do\/\/Public\/Tendering\/OpportunityDetail\/Index?noticeUID=DO1.NTC.1007140\" target=\"_blank\" title=\"Detalles\"><i class=\"fas fa-link\"><\/i> DETALLES<\/a><a class=\"btn btn-primary btn-lg px-lg-4 d-block d-md-none\" href=\"https:\/\/comunidad.comprasdominicana.gob.do\/\/Public\/Tendering\/OpportunityDetail\/Index?noticeUID=DO1.NTC.1007140\" target=\"_blank\" title=\"Detalles\"><i class=\"fas fa-2x fa-link\"><\/i><\/a><\/div><\/div><\/div><\/div><\/div><\/div>\n        <div class=\"card\">\n            <div class=\"card-header parents\" id=\"heading_compras-menores-69f73f7454400-2021-69f73f7454400-noviembre-69f73f7454400\">\n                <p class=\"title text-blue mb-0\">\n                    <a class=\"btn-block hover text-left collapsed\" data-toggle=\"collapse\" data-target=\"#collap_compras-menores-69f73f7454400-2021-69f73f7454400-noviembre-69f73f7454400\" aria-expanded=\"false\" aria-controls=\"collap_compras-menores-69f73f7454400-2021-69f73f7454400-noviembre-69f73f7454400\">Noviembre<\/a>\n                <\/p>\n            <\/div>\n            <div id=\"collap_compras-menores-69f73f7454400-2021-69f73f7454400-noviembre-69f73f7454400\" class=\"collapse\" aria-labelledby=\"heading_compras-menores-69f73f7454400-2021-69f73f7454400-noviembre-69f73f7454400\" data-parent=\"#collap_compras-menores-69f73f7454400-2021-69f73f7454400\">\n                <div class=\"card-body\"><div class=\"jumbotron archivos\"><div class=\"row align-items-center\"><div class=\"col\"><h6><a class=\"text-dark\" href=\"https:\/\/comunidad.comprasdominicana.gob.do\/\/Public\/Tendering\/OpportunityDetail\/Index?noticeUID=DO1.NTC.1005818\" title=\"Ver\" target=\"_blank\">INESPRE-DAF-CM-2021-0083<\/a><\/h6><p class=\"mb-0 bold\">Adquisici\u00f3n de Alimentos y Bebidas para consumo Institucional.<\/p><p class=\"mb-0\" style=\"font-size: .85rem\"><strong title=\"Estado del Proceso\"><i class=\"fas fa-spinner\"><\/i><\/strong> Proceso adjudicado y celebrado<\/p><p class=\"mb-0\" style=\"font-size: .85rem\"><strong title=\"Fecha de Publicaci\u00f3n\"><i class=\"fas fa-calendar-alt\"><\/i><\/strong> Publicado el viernes, 26 de noviembre de 2021<\/p><\/div><div class=\"col-auto mt-md-0 mt-2\"><a class=\"btn btn-primary btn-lg px-lg-4 d-none d-md-block\" href=\"https:\/\/comunidad.comprasdominicana.gob.do\/\/Public\/Tendering\/OpportunityDetail\/Index?noticeUID=DO1.NTC.1005818\" target=\"_blank\" title=\"Detalles\"><i class=\"fas fa-link\"><\/i> DETALLES<\/a><a class=\"btn btn-primary btn-lg px-lg-4 d-block d-md-none\" href=\"https:\/\/comunidad.comprasdominicana.gob.do\/\/Public\/Tendering\/OpportunityDetail\/Index?noticeUID=DO1.NTC.1005818\" target=\"_blank\" title=\"Detalles\"><i class=\"fas fa-2x fa-link\"><\/i><\/a><\/div><\/div><\/div><div class=\"jumbotron archivos\"><div class=\"row align-items-center\"><div class=\"col\"><h6><a class=\"text-dark\" href=\"https:\/\/comunidad.comprasdominicana.gob.do\/\/Public\/Tendering\/OpportunityDetail\/Index?noticeUID=DO1.NTC.1005312\" title=\"Ver\" target=\"_blank\">INESPRE-DAF-CM-2021-0082<\/a><\/h6><p class=\"mb-0 bold\">Servicio de Alquiler de Mobiliarios y Equipos para Feria Agropecuaria<\/p><p class=\"mb-0\" style=\"font-size: .85rem\"><strong title=\"Estado del Proceso\"><i class=\"fas fa-spinner\"><\/i><\/strong> Proceso adjudicado y celebrado<\/p><p class=\"mb-0\" style=\"font-size: .85rem\"><strong title=\"Fecha de Publicaci\u00f3n\"><i class=\"fas fa-calendar-alt\"><\/i><\/strong> Publicado el viernes, 26 de noviembre de 2021<\/p><\/div><div class=\"col-auto mt-md-0 mt-2\"><a class=\"btn btn-primary btn-lg px-lg-4 d-none d-md-block\" href=\"https:\/\/comunidad.comprasdominicana.gob.do\/\/Public\/Tendering\/OpportunityDetail\/Index?noticeUID=DO1.NTC.1005312\" target=\"_blank\" title=\"Detalles\"><i class=\"fas fa-link\"><\/i> DETALLES<\/a><a class=\"btn btn-primary btn-lg px-lg-4 d-block d-md-none\" href=\"https:\/\/comunidad.comprasdominicana.gob.do\/\/Public\/Tendering\/OpportunityDetail\/Index?noticeUID=DO1.NTC.1005312\" target=\"_blank\" title=\"Detalles\"><i class=\"fas fa-2x fa-link\"><\/i><\/a><\/div><\/div><\/div><div class=\"jumbotron archivos\"><div class=\"row align-items-center\"><div class=\"col\"><h6><a class=\"text-dark\" href=\"https:\/\/comunidad.comprasdominicana.gob.do\/\/Public\/Tendering\/OpportunityDetail\/Index?noticeUID=DO1.NTC.1001933\" title=\"Ver\" target=\"_blank\">INESPRE-DAF-CM-2021-0081<\/a><\/h6><p class=\"mb-0 bold\">Contrataci\u00f3n de Servicio de Decoraci\u00f3n Navide\u00f1a<\/p><p class=\"mb-0\" style=\"font-size: .85rem\"><strong title=\"Estado del Proceso\"><i class=\"fas fa-spinner\"><\/i><\/strong> Proceso adjudicado y celebrado<\/p><p class=\"mb-0\" style=\"font-size: .85rem\"><strong title=\"Fecha de Publicaci\u00f3n\"><i class=\"fas fa-calendar-alt\"><\/i><\/strong> Publicado el jueves, 18 de noviembre de 2021<\/p><\/div><div class=\"col-auto mt-md-0 mt-2\"><a class=\"btn btn-primary btn-lg px-lg-4 d-none d-md-block\" href=\"https:\/\/comunidad.comprasdominicana.gob.do\/\/Public\/Tendering\/OpportunityDetail\/Index?noticeUID=DO1.NTC.1001933\" target=\"_blank\" title=\"Detalles\"><i class=\"fas fa-link\"><\/i> DETALLES<\/a><a class=\"btn btn-primary btn-lg px-lg-4 d-block d-md-none\" href=\"https:\/\/comunidad.comprasdominicana.gob.do\/\/Public\/Tendering\/OpportunityDetail\/Index?noticeUID=DO1.NTC.1001933\" target=\"_blank\" title=\"Detalles\"><i class=\"fas fa-2x fa-link\"><\/i><\/a><\/div><\/div><\/div><div class=\"jumbotron archivos\"><div class=\"row align-items-center\"><div class=\"col\"><h6><a class=\"text-dark\" href=\"https:\/\/comunidad.comprasdominicana.gob.do\/\/Public\/Tendering\/OpportunityDetail\/Index?noticeUID=DO1.NTC.1002229\" title=\"Ver\" target=\"_blank\">INESPRE-DAF-CM-2021-0080<\/a><\/h6><p class=\"mb-0 bold\">Servicio de Alquiler de Almacenes por (01) un mes.<\/p><p class=\"mb-0\" style=\"font-size: .85rem\"><strong title=\"Estado del Proceso\"><i class=\"fas fa-spinner\"><\/i><\/strong> Proceso adjudicado y celebrado<\/p><p class=\"mb-0\" style=\"font-size: .85rem\"><strong title=\"Fecha de Publicaci\u00f3n\"><i class=\"fas fa-calendar-alt\"><\/i><\/strong> Publicado el jueves, 18 de noviembre de 2021<\/p><\/div><div class=\"col-auto mt-md-0 mt-2\"><a class=\"btn btn-primary btn-lg px-lg-4 d-none d-md-block\" href=\"https:\/\/comunidad.comprasdominicana.gob.do\/\/Public\/Tendering\/OpportunityDetail\/Index?noticeUID=DO1.NTC.1002229\" target=\"_blank\" title=\"Detalles\"><i class=\"fas fa-link\"><\/i> DETALLES<\/a><a class=\"btn btn-primary btn-lg px-lg-4 d-block d-md-none\" href=\"https:\/\/comunidad.comprasdominicana.gob.do\/\/Public\/Tendering\/OpportunityDetail\/Index?noticeUID=DO1.NTC.1002229\" target=\"_blank\" title=\"Detalles\"><i class=\"fas fa-2x fa-link\"><\/i><\/a><\/div><\/div><\/div><div class=\"jumbotron archivos\"><div class=\"row align-items-center\"><div class=\"col\"><h6><a class=\"text-dark\" href=\"https:\/\/comunidad.comprasdominicana.gob.do\/\/Public\/Tendering\/OpportunityDetail\/Index?noticeUID=DO1.NTC.997934\" title=\"Ver\" target=\"_blank\">INESPRE-DAF-CM-2021-0079<\/a><\/h6><p class=\"mb-0 bold\">Adquisici\u00f3n de Art\u00edculos de Protecci\u00f3n y Esterilizaci\u00f3n <\/p><p class=\"mb-0\" style=\"font-size: .85rem\"><strong title=\"Estado del Proceso\"><i class=\"fas fa-spinner\"><\/i><\/strong> Proceso adjudicado y celebrado<\/p><p class=\"mb-0\" style=\"font-size: .85rem\"><strong title=\"Fecha de Publicaci\u00f3n\"><i class=\"fas fa-calendar-alt\"><\/i><\/strong> Publicado el jueves, 11 de noviembre de 2021<\/p><\/div><div class=\"col-auto mt-md-0 mt-2\"><a class=\"btn btn-primary btn-lg px-lg-4 d-none d-md-block\" href=\"https:\/\/comunidad.comprasdominicana.gob.do\/\/Public\/Tendering\/OpportunityDetail\/Index?noticeUID=DO1.NTC.997934\" target=\"_blank\" title=\"Detalles\"><i class=\"fas fa-link\"><\/i> DETALLES<\/a><a class=\"btn btn-primary btn-lg px-lg-4 d-block d-md-none\" href=\"https:\/\/comunidad.comprasdominicana.gob.do\/\/Public\/Tendering\/OpportunityDetail\/Index?noticeUID=DO1.NTC.997934\" target=\"_blank\" title=\"Detalles\"><i class=\"fas fa-2x fa-link\"><\/i><\/a><\/div><\/div><\/div><div class=\"jumbotron archivos\"><div class=\"row align-items-center\"><div class=\"col\"><h6><a class=\"text-dark\" href=\"https:\/\/comunidad.comprasdominicana.gob.do\/\/Public\/Tendering\/OpportunityDetail\/Index?noticeUID=DO1.NTC.997928\" title=\"Ver\" target=\"_blank\">INESPRE-DAF-CM-2021-0078<\/a><\/h6><p class=\"mb-0 bold\">Adquisici\u00f3n de Suministro de Oficina<\/p><p class=\"mb-0\" style=\"font-size: .85rem\"><strong title=\"Estado del Proceso\"><i class=\"fas fa-spinner\"><\/i><\/strong> Proceso adjudicado y celebrado<\/p><p class=\"mb-0\" style=\"font-size: .85rem\"><strong title=\"Fecha de Publicaci\u00f3n\"><i class=\"fas fa-calendar-alt\"><\/i><\/strong> Publicado el jueves, 11 de noviembre de 2021<\/p><\/div><div class=\"col-auto mt-md-0 mt-2\"><a class=\"btn btn-primary btn-lg px-lg-4 d-none d-md-block\" href=\"https:\/\/comunidad.comprasdominicana.gob.do\/\/Public\/Tendering\/OpportunityDetail\/Index?noticeUID=DO1.NTC.997928\" target=\"_blank\" title=\"Detalles\"><i class=\"fas fa-link\"><\/i> DETALLES<\/a><a class=\"btn btn-primary btn-lg px-lg-4 d-block d-md-none\" href=\"https:\/\/comunidad.comprasdominicana.gob.do\/\/Public\/Tendering\/OpportunityDetail\/Index?noticeUID=DO1.NTC.997928\" target=\"_blank\" title=\"Detalles\"><i class=\"fas fa-2x fa-link\"><\/i><\/a><\/div><\/div><\/div><div class=\"jumbotron archivos\"><div class=\"row align-items-center\"><div class=\"col\"><h6><a class=\"text-dark\" href=\"https:\/\/comunidad.comprasdominicana.gob.do\/\/Public\/Tendering\/OpportunityDetail\/Index?noticeUID=DO1.NTC.995619\" title=\"Ver\" target=\"_blank\">INESPRE-DAF-CM-2021-0077<\/a><\/h6><p class=\"mb-0 bold\">Adquisici\u00f3n de Talonarios<\/p><p class=\"mb-0\" style=\"font-size: .85rem\"><strong title=\"Estado del Proceso\"><i class=\"fas fa-spinner\"><\/i><\/strong> Proceso adjudicado y celebrado<\/p><p class=\"mb-0\" style=\"font-size: .85rem\"><strong title=\"Fecha de Publicaci\u00f3n\"><i class=\"fas fa-calendar-alt\"><\/i><\/strong> Publicado el viernes, 5 de noviembre de 2021<\/p><\/div><div class=\"col-auto mt-md-0 mt-2\"><a class=\"btn btn-primary btn-lg px-lg-4 d-none d-md-block\" href=\"https:\/\/comunidad.comprasdominicana.gob.do\/\/Public\/Tendering\/OpportunityDetail\/Index?noticeUID=DO1.NTC.995619\" target=\"_blank\" title=\"Detalles\"><i class=\"fas fa-link\"><\/i> DETALLES<\/a><a class=\"btn btn-primary btn-lg px-lg-4 d-block d-md-none\" href=\"https:\/\/comunidad.comprasdominicana.gob.do\/\/Public\/Tendering\/OpportunityDetail\/Index?noticeUID=DO1.NTC.995619\" target=\"_blank\" title=\"Detalles\"><i class=\"fas fa-2x fa-link\"><\/i><\/a><\/div><\/div><\/div><\/div><\/div><\/div>\n        <div class=\"card\">\n            <div class=\"card-header parents\" id=\"heading_compras-menores-69f73f7454400-2021-69f73f7454400-octubre-69f73f7454400\">\n                <p class=\"title text-blue mb-0\">\n                    <a class=\"btn-block hover text-left collapsed\" data-toggle=\"collapse\" data-target=\"#collap_compras-menores-69f73f7454400-2021-69f73f7454400-octubre-69f73f7454400\" aria-expanded=\"false\" aria-controls=\"collap_compras-menores-69f73f7454400-2021-69f73f7454400-octubre-69f73f7454400\">Octubre<\/a>\n                <\/p>\n            <\/div>\n            <div id=\"collap_compras-menores-69f73f7454400-2021-69f73f7454400-octubre-69f73f7454400\" class=\"collapse\" aria-labelledby=\"heading_compras-menores-69f73f7454400-2021-69f73f7454400-octubre-69f73f7454400\" data-parent=\"#collap_compras-menores-69f73f7454400-2021-69f73f7454400\">\n                <div class=\"card-body\"><div class=\"jumbotron archivos\"><div class=\"row align-items-center\"><div class=\"col\"><h6><a class=\"text-dark\" href=\"https:\/\/comunidad.comprasdominicana.gob.do\/\/Public\/Tendering\/OpportunityDetail\/Index?noticeUID=DO1.NTC.990206\" title=\"Ver\" target=\"_blank\">INESPRE-DAF-CM-2021-0076<\/a><\/h6><p class=\"mb-0 bold\">Reparaci\u00f3n de Maquina Empacadora de Arroz<\/p><p class=\"mb-0\" style=\"font-size: .85rem\"><strong title=\"Estado del Proceso\"><i class=\"fas fa-spinner\"><\/i><\/strong> Proceso adjudicado y celebrado<\/p><p class=\"mb-0\" style=\"font-size: .85rem\"><strong title=\"Fecha de Publicaci\u00f3n\"><i class=\"fas fa-calendar-alt\"><\/i><\/strong> Publicado el martes, 26 de octubre de 2021<\/p><\/div><div class=\"col-auto mt-md-0 mt-2\"><a class=\"btn btn-primary btn-lg px-lg-4 d-none d-md-block\" href=\"https:\/\/comunidad.comprasdominicana.gob.do\/\/Public\/Tendering\/OpportunityDetail\/Index?noticeUID=DO1.NTC.990206\" target=\"_blank\" title=\"Detalles\"><i class=\"fas fa-link\"><\/i> DETALLES<\/a><a class=\"btn btn-primary btn-lg px-lg-4 d-block d-md-none\" href=\"https:\/\/comunidad.comprasdominicana.gob.do\/\/Public\/Tendering\/OpportunityDetail\/Index?noticeUID=DO1.NTC.990206\" target=\"_blank\" title=\"Detalles\"><i class=\"fas fa-2x fa-link\"><\/i><\/a><\/div><\/div><\/div><div class=\"jumbotron archivos\"><div class=\"row align-items-center\"><div class=\"col\"><h6><a class=\"text-dark\" href=\"https:\/\/comunidad.comprasdominicana.gob.do\/\/Public\/Tendering\/OpportunityDetail\/Index?noticeUID=DO1.NTC.986747\" title=\"Ver\" target=\"_blank\">INESPRE-DAF-CM-2021-0075<\/a><\/h6><p class=\"mb-0 bold\">Adquisici\u00f3n de Sacos para Empacar<\/p><p class=\"mb-0\" style=\"font-size: .85rem\"><strong title=\"Estado del Proceso\"><i class=\"fas fa-spinner\"><\/i><\/strong> Proceso adjudicado y celebrado<\/p><p class=\"mb-0\" style=\"font-size: .85rem\"><strong title=\"Fecha de Publicaci\u00f3n\"><i class=\"fas fa-calendar-alt\"><\/i><\/strong> Publicado el martes, 19 de octubre de 2021<\/p><\/div><div class=\"col-auto mt-md-0 mt-2\"><a class=\"btn btn-primary btn-lg px-lg-4 d-none d-md-block\" href=\"https:\/\/comunidad.comprasdominicana.gob.do\/\/Public\/Tendering\/OpportunityDetail\/Index?noticeUID=DO1.NTC.986747\" target=\"_blank\" title=\"Detalles\"><i class=\"fas fa-link\"><\/i> DETALLES<\/a><a class=\"btn btn-primary btn-lg px-lg-4 d-block d-md-none\" href=\"https:\/\/comunidad.comprasdominicana.gob.do\/\/Public\/Tendering\/OpportunityDetail\/Index?noticeUID=DO1.NTC.986747\" target=\"_blank\" title=\"Detalles\"><i class=\"fas fa-2x fa-link\"><\/i><\/a><\/div><\/div><\/div><div class=\"jumbotron archivos\"><div class=\"row align-items-center\"><div class=\"col\"><h6><a class=\"text-dark\" href=\"https:\/\/comunidad.comprasdominicana.gob.do\/\/Public\/Tendering\/OpportunityDetail\/Index?noticeUID=DO1.NTC.985014\" title=\"Ver\" target=\"_blank\">INESPRE-DAF-CM-2021-0074<\/a><\/h6><p class=\"mb-0 bold\">Adquisici\u00f3n de Suministros e Instalaci\u00f3n de Sistema de Interconexi\u00f3n para Tel\u00e9fonos<\/p><p class=\"mb-0\" style=\"font-size: .85rem\"><strong title=\"Estado del Proceso\"><i class=\"fas fa-spinner\"><\/i><\/strong> Proceso adjudicado y celebrado<\/p><p class=\"mb-0\" style=\"font-size: .85rem\"><strong title=\"Fecha de Publicaci\u00f3n\"><i class=\"fas fa-calendar-alt\"><\/i><\/strong> Publicado el jueves, 14 de octubre de 2021<\/p><\/div><div class=\"col-auto mt-md-0 mt-2\"><a class=\"btn btn-primary btn-lg px-lg-4 d-none d-md-block\" href=\"https:\/\/comunidad.comprasdominicana.gob.do\/\/Public\/Tendering\/OpportunityDetail\/Index?noticeUID=DO1.NTC.985014\" target=\"_blank\" title=\"Detalles\"><i class=\"fas fa-link\"><\/i> DETALLES<\/a><a class=\"btn btn-primary btn-lg px-lg-4 d-block d-md-none\" href=\"https:\/\/comunidad.comprasdominicana.gob.do\/\/Public\/Tendering\/OpportunityDetail\/Index?noticeUID=DO1.NTC.985014\" target=\"_blank\" title=\"Detalles\"><i class=\"fas fa-2x fa-link\"><\/i><\/a><\/div><\/div><\/div><div class=\"jumbotron archivos\"><div class=\"row align-items-center\"><div class=\"col\"><h6><a class=\"text-dark\" href=\"https:\/\/comunidad.comprasdominicana.gob.do\/\/Public\/Tendering\/OpportunityDetail\/Index?noticeUID=DO1.NTC.983542\" title=\"Ver\" target=\"_blank\">INESPRE-DAF-CM-2021-0073<\/a><\/h6><p class=\"mb-0 bold\">Contrataci\u00f3n de Servicio e instalaci\u00f3n de equipos de impresi\u00f3n y copiado multifuncionales<\/p><p class=\"mb-0\" style=\"font-size: .85rem\"><strong title=\"Estado del Proceso\"><i class=\"fas fa-spinner\"><\/i><\/strong> Proceso adjudicado y celebrado<\/p><p class=\"mb-0\" style=\"font-size: .85rem\"><strong title=\"Fecha de Publicaci\u00f3n\"><i class=\"fas fa-calendar-alt\"><\/i><\/strong> Publicado el martes, 12 de octubre de 2021<\/p><\/div><div class=\"col-auto mt-md-0 mt-2\"><a class=\"btn btn-primary btn-lg px-lg-4 d-none d-md-block\" href=\"https:\/\/comunidad.comprasdominicana.gob.do\/\/Public\/Tendering\/OpportunityDetail\/Index?noticeUID=DO1.NTC.983542\" target=\"_blank\" title=\"Detalles\"><i class=\"fas fa-link\"><\/i> DETALLES<\/a><a class=\"btn btn-primary btn-lg px-lg-4 d-block d-md-none\" href=\"https:\/\/comunidad.comprasdominicana.gob.do\/\/Public\/Tendering\/OpportunityDetail\/Index?noticeUID=DO1.NTC.983542\" target=\"_blank\" title=\"Detalles\"><i class=\"fas fa-2x fa-link\"><\/i><\/a><\/div><\/div><\/div><div class=\"jumbotron archivos\"><div class=\"row align-items-center\"><div class=\"col\"><h6><a class=\"text-dark\" href=\"https:\/\/comunidad.comprasdominicana.gob.do\/\/Public\/Tendering\/OpportunityDetail\/Index?noticeUID=DO1.NTC.983836\" title=\"Ver\" target=\"_blank\">INESPRE-DAF-CM-2021-0072<\/a><\/h6><p class=\"mb-0 bold\">Servicio de Alquiler de Contenedores para Oficinas por cuatro (04) meses<\/p><p class=\"mb-0\" style=\"font-size: .85rem\"><strong title=\"Estado del Proceso\"><i class=\"fas fa-spinner\"><\/i><\/strong> Proceso adjudicado y celebrado<\/p><p class=\"mb-0\" style=\"font-size: .85rem\"><strong title=\"Fecha de Publicaci\u00f3n\"><i class=\"fas fa-calendar-alt\"><\/i><\/strong> Publicado el martes, 12 de octubre de 2021<\/p><\/div><div class=\"col-auto mt-md-0 mt-2\"><a class=\"btn btn-primary btn-lg px-lg-4 d-none d-md-block\" href=\"https:\/\/comunidad.comprasdominicana.gob.do\/\/Public\/Tendering\/OpportunityDetail\/Index?noticeUID=DO1.NTC.983836\" target=\"_blank\" title=\"Detalles\"><i class=\"fas fa-link\"><\/i> DETALLES<\/a><a class=\"btn btn-primary btn-lg px-lg-4 d-block d-md-none\" href=\"https:\/\/comunidad.comprasdominicana.gob.do\/\/Public\/Tendering\/OpportunityDetail\/Index?noticeUID=DO1.NTC.983836\" target=\"_blank\" title=\"Detalles\"><i class=\"fas fa-2x fa-link\"><\/i><\/a><\/div><\/div><\/div><div class=\"jumbotron archivos\"><div class=\"row align-items-center\"><div class=\"col\"><h6><a class=\"text-dark\" href=\"https:\/\/comunidad.comprasdominicana.gob.do\/\/Public\/Tendering\/OpportunityDetail\/Index?noticeUID=DO1.NTC.982534\" title=\"Ver\" target=\"_blank\">INESPRE-DAF-CM-2021-0071<\/a><\/h6><p class=\"mb-0 bold\">Adquisici\u00f3n de Caf\u00e9 Molido<\/p><p class=\"mb-0\" style=\"font-size: .85rem\"><strong title=\"Estado del Proceso\"><i class=\"fas fa-spinner\"><\/i><\/strong> Proceso adjudicado y celebrado<\/p><p class=\"mb-0\" style=\"font-size: .85rem\"><strong title=\"Fecha de Publicaci\u00f3n\"><i class=\"fas fa-calendar-alt\"><\/i><\/strong> Publicado el viernes, 8 de octubre de 2021<\/p><\/div><div class=\"col-auto mt-md-0 mt-2\"><a class=\"btn btn-primary btn-lg px-lg-4 d-none d-md-block\" href=\"https:\/\/comunidad.comprasdominicana.gob.do\/\/Public\/Tendering\/OpportunityDetail\/Index?noticeUID=DO1.NTC.982534\" target=\"_blank\" title=\"Detalles\"><i class=\"fas fa-link\"><\/i> DETALLES<\/a><a class=\"btn btn-primary btn-lg px-lg-4 d-block d-md-none\" href=\"https:\/\/comunidad.comprasdominicana.gob.do\/\/Public\/Tendering\/OpportunityDetail\/Index?noticeUID=DO1.NTC.982534\" target=\"_blank\" title=\"Detalles\"><i class=\"fas fa-2x fa-link\"><\/i><\/a><\/div><\/div><\/div><div class=\"jumbotron archivos\"><div class=\"row align-items-center\"><div class=\"col\"><h6><a class=\"text-dark\" href=\"https:\/\/comunidad.comprasdominicana.gob.do\/\/Public\/Tendering\/OpportunityDetail\/Index?noticeUID=DO1.NTC.982225\" title=\"Ver\" target=\"_blank\">INESPRE-DAF-CM-2021-0070<\/a><\/h6><p class=\"mb-0 bold\">Adquisici\u00f3n de Espaguettis<\/p><p class=\"mb-0\" style=\"font-size: .85rem\"><strong title=\"Estado del Proceso\"><i class=\"fas fa-spinner\"><\/i><\/strong> Cancelado<\/p><p class=\"mb-0\" style=\"font-size: .85rem\"><strong title=\"Fecha de Publicaci\u00f3n\"><i class=\"fas fa-calendar-alt\"><\/i><\/strong> Publicado el viernes, 8 de octubre de 2021<\/p><\/div><div class=\"col-auto mt-md-0 mt-2\"><a class=\"btn btn-primary btn-lg px-lg-4 d-none d-md-block\" href=\"https:\/\/comunidad.comprasdominicana.gob.do\/\/Public\/Tendering\/OpportunityDetail\/Index?noticeUID=DO1.NTC.982225\" target=\"_blank\" title=\"Detalles\"><i class=\"fas fa-link\"><\/i> DETALLES<\/a><a class=\"btn btn-primary btn-lg px-lg-4 d-block d-md-none\" href=\"https:\/\/comunidad.comprasdominicana.gob.do\/\/Public\/Tendering\/OpportunityDetail\/Index?noticeUID=DO1.NTC.982225\" target=\"_blank\" title=\"Detalles\"><i class=\"fas fa-2x fa-link\"><\/i><\/a><\/div><\/div><\/div><div class=\"jumbotron archivos\"><div class=\"row align-items-center\"><div class=\"col\"><h6><a class=\"text-dark\" href=\"https:\/\/comunidad.comprasdominicana.gob.do\/\/Public\/Tendering\/OpportunityDetail\/Index?noticeUID=DO1.NTC.982632\" title=\"Ver\" target=\"_blank\">INESPRE-DAF-CM-2021-0069<\/a><\/h6><p class=\"mb-0 bold\">Adquisici\u00f3n de Casabe Natural<\/p><p class=\"mb-0\" style=\"font-size: .85rem\"><strong title=\"Estado del Proceso\"><i class=\"fas fa-spinner\"><\/i><\/strong> Cancelado<\/p><p class=\"mb-0\" style=\"font-size: .85rem\"><strong title=\"Fecha de Publicaci\u00f3n\"><i class=\"fas fa-calendar-alt\"><\/i><\/strong> Publicado el viernes, 8 de octubre de 2021<\/p><\/div><div class=\"col-auto mt-md-0 mt-2\"><a class=\"btn btn-primary btn-lg px-lg-4 d-none d-md-block\" href=\"https:\/\/comunidad.comprasdominicana.gob.do\/\/Public\/Tendering\/OpportunityDetail\/Index?noticeUID=DO1.NTC.982632\" target=\"_blank\" title=\"Detalles\"><i class=\"fas fa-link\"><\/i> DETALLES<\/a><a class=\"btn btn-primary btn-lg px-lg-4 d-block d-md-none\" href=\"https:\/\/comunidad.comprasdominicana.gob.do\/\/Public\/Tendering\/OpportunityDetail\/Index?noticeUID=DO1.NTC.982632\" target=\"_blank\" title=\"Detalles\"><i class=\"fas fa-2x fa-link\"><\/i><\/a><\/div><\/div><\/div><div class=\"jumbotron archivos\"><div class=\"row align-items-center\"><div class=\"col\"><h6><a class=\"text-dark\" href=\"https:\/\/comunidad.comprasdominicana.gob.do\/\/Public\/Tendering\/OpportunityDetail\/Index?noticeUID=DO1.NTC.982128\" title=\"Ver\" target=\"_blank\">INESPRE-DAF-CM-2021-0068<\/a><\/h6><p class=\"mb-0 bold\">Adquisici\u00f3n de Pasta de Tomate<\/p><p class=\"mb-0\" style=\"font-size: .85rem\"><strong title=\"Estado del Proceso\"><i class=\"fas fa-spinner\"><\/i><\/strong> Proceso adjudicado y celebrado<\/p><p class=\"mb-0\" style=\"font-size: .85rem\"><strong title=\"Fecha de Publicaci\u00f3n\"><i class=\"fas fa-calendar-alt\"><\/i><\/strong> Publicado el viernes, 8 de octubre de 2021<\/p><\/div><div class=\"col-auto mt-md-0 mt-2\"><a class=\"btn btn-primary btn-lg px-lg-4 d-none d-md-block\" href=\"https:\/\/comunidad.comprasdominicana.gob.do\/\/Public\/Tendering\/OpportunityDetail\/Index?noticeUID=DO1.NTC.982128\" target=\"_blank\" title=\"Detalles\"><i class=\"fas fa-link\"><\/i> DETALLES<\/a><a class=\"btn btn-primary btn-lg px-lg-4 d-block d-md-none\" href=\"https:\/\/comunidad.comprasdominicana.gob.do\/\/Public\/Tendering\/OpportunityDetail\/Index?noticeUID=DO1.NTC.982128\" target=\"_blank\" title=\"Detalles\"><i class=\"fas fa-2x fa-link\"><\/i><\/a><\/div><\/div><\/div><div class=\"jumbotron archivos\"><div class=\"row align-items-center\"><div class=\"col\"><h6><a class=\"text-dark\" href=\"https:\/\/comunidad.comprasdominicana.gob.do\/\/Public\/Tendering\/OpportunityDetail\/Index?noticeUID=DO1.NTC.982126\" title=\"Ver\" target=\"_blank\">INESPRE-DAF-CM-2021-0067<\/a><\/h6><p class=\"mb-0 bold\">Adquisici\u00f3n de Condimentos y Conservantes<\/p><p class=\"mb-0\" style=\"font-size: .85rem\"><strong title=\"Estado del Proceso\"><i class=\"fas fa-spinner\"><\/i><\/strong> Proceso adjudicado y celebrado<\/p><p class=\"mb-0\" style=\"font-size: .85rem\"><strong title=\"Fecha de Publicaci\u00f3n\"><i class=\"fas fa-calendar-alt\"><\/i><\/strong> Publicado el viernes, 8 de octubre de 2021<\/p><\/div><div class=\"col-auto mt-md-0 mt-2\"><a class=\"btn btn-primary btn-lg px-lg-4 d-none d-md-block\" href=\"https:\/\/comunidad.comprasdominicana.gob.do\/\/Public\/Tendering\/OpportunityDetail\/Index?noticeUID=DO1.NTC.982126\" target=\"_blank\" title=\"Detalles\"><i class=\"fas fa-link\"><\/i> DETALLES<\/a><a class=\"btn btn-primary btn-lg px-lg-4 d-block d-md-none\" href=\"https:\/\/comunidad.comprasdominicana.gob.do\/\/Public\/Tendering\/OpportunityDetail\/Index?noticeUID=DO1.NTC.982126\" target=\"_blank\" title=\"Detalles\"><i class=\"fas fa-2x fa-link\"><\/i><\/a><\/div><\/div><\/div><div class=\"jumbotron archivos\"><div class=\"row align-items-center\"><div class=\"col\"><h6><a class=\"text-dark\" href=\"https:\/\/comunidad.comprasdominicana.gob.do\/\/Public\/Tendering\/OpportunityDetail\/Index?noticeUID=DO1.NTC.982218\" title=\"Ver\" target=\"_blank\">INESPRE-DAF-CM-2021-0066<\/a><\/h6><p class=\"mb-0 bold\">Adquisici\u00f3n de Chocolate en Barra<\/p><p class=\"mb-0\" style=\"font-size: .85rem\"><strong title=\"Estado del Proceso\"><i class=\"fas fa-spinner\"><\/i><\/strong> Proceso adjudicado y celebrado<\/p><p class=\"mb-0\" style=\"font-size: .85rem\"><strong title=\"Fecha de Publicaci\u00f3n\"><i class=\"fas fa-calendar-alt\"><\/i><\/strong> Publicado el viernes, 8 de octubre de 2021<\/p><\/div><div class=\"col-auto mt-md-0 mt-2\"><a class=\"btn btn-primary btn-lg px-lg-4 d-none d-md-block\" href=\"https:\/\/comunidad.comprasdominicana.gob.do\/\/Public\/Tendering\/OpportunityDetail\/Index?noticeUID=DO1.NTC.982218\" target=\"_blank\" title=\"Detalles\"><i class=\"fas fa-link\"><\/i> DETALLES<\/a><a class=\"btn btn-primary btn-lg px-lg-4 d-block d-md-none\" href=\"https:\/\/comunidad.comprasdominicana.gob.do\/\/Public\/Tendering\/OpportunityDetail\/Index?noticeUID=DO1.NTC.982218\" target=\"_blank\" title=\"Detalles\"><i class=\"fas fa-2x fa-link\"><\/i><\/a><\/div><\/div><\/div><div class=\"jumbotron archivos\"><div class=\"row align-items-center\"><div class=\"col\"><h6><a class=\"text-dark\" href=\"https:\/\/comunidad.comprasdominicana.gob.do\/\/Public\/Tendering\/OpportunityDetail\/Index?noticeUID=DO1.NTC.982628\" title=\"Ver\" target=\"_blank\">INESPRE-DAF-CM-2021-0065<\/a><\/h6><p class=\"mb-0 bold\">Adquisici\u00f3n de Aceites Comestibles\n<\/p><p class=\"mb-0\" style=\"font-size: .85rem\"><strong title=\"Estado del Proceso\"><i class=\"fas fa-spinner\"><\/i><\/strong> Cancelado<\/p><p class=\"mb-0\" style=\"font-size: .85rem\"><strong title=\"Fecha de Publicaci\u00f3n\"><i class=\"fas fa-calendar-alt\"><\/i><\/strong> Publicado el viernes, 8 de octubre de 2021<\/p><\/div><div class=\"col-auto mt-md-0 mt-2\"><a class=\"btn btn-primary btn-lg px-lg-4 d-none d-md-block\" href=\"https:\/\/comunidad.comprasdominicana.gob.do\/\/Public\/Tendering\/OpportunityDetail\/Index?noticeUID=DO1.NTC.982628\" target=\"_blank\" title=\"Detalles\"><i class=\"fas fa-link\"><\/i> DETALLES<\/a><a class=\"btn btn-primary btn-lg px-lg-4 d-block d-md-none\" href=\"https:\/\/comunidad.comprasdominicana.gob.do\/\/Public\/Tendering\/OpportunityDetail\/Index?noticeUID=DO1.NTC.982628\" target=\"_blank\" title=\"Detalles\"><i class=\"fas fa-2x fa-link\"><\/i><\/a><\/div><\/div><\/div><div class=\"jumbotron archivos\"><div class=\"row align-items-center\"><div class=\"col\"><h6><a class=\"text-dark\" href=\"https:\/\/comunidad.comprasdominicana.gob.do\/\/Public\/Tendering\/OpportunityDetail\/Index?noticeUID=DO1.NTC.982318\" title=\"Ver\" target=\"_blank\">INESPRE-DAF-CM-2021-0063<\/a><\/h6><p class=\"mb-0 bold\">Adquisici\u00f3n de Salchichas de Cerdo<\/p><p class=\"mb-0\" style=\"font-size: .85rem\"><strong title=\"Estado del Proceso\"><i class=\"fas fa-spinner\"><\/i><\/strong> Proceso adjudicado y celebrado<\/p><p class=\"mb-0\" style=\"font-size: .85rem\"><strong title=\"Fecha de Publicaci\u00f3n\"><i class=\"fas fa-calendar-alt\"><\/i><\/strong> Publicado el viernes, 8 de octubre de 2021<\/p><\/div><div class=\"col-auto mt-md-0 mt-2\"><a class=\"btn btn-primary btn-lg px-lg-4 d-none d-md-block\" href=\"https:\/\/comunidad.comprasdominicana.gob.do\/\/Public\/Tendering\/OpportunityDetail\/Index?noticeUID=DO1.NTC.982318\" target=\"_blank\" title=\"Detalles\"><i class=\"fas fa-link\"><\/i> DETALLES<\/a><a class=\"btn btn-primary btn-lg px-lg-4 d-block d-md-none\" href=\"https:\/\/comunidad.comprasdominicana.gob.do\/\/Public\/Tendering\/OpportunityDetail\/Index?noticeUID=DO1.NTC.982318\" target=\"_blank\" title=\"Detalles\"><i class=\"fas fa-2x fa-link\"><\/i><\/a><\/div><\/div><\/div><div class=\"jumbotron archivos\"><div class=\"row align-items-center\"><div class=\"col\"><h6><a class=\"text-dark\" href=\"https:\/\/comunidad.comprasdominicana.gob.do\/\/Public\/Tendering\/OpportunityDetail\/Index?noticeUID=DO1.NTC.982316\" title=\"Ver\" target=\"_blank\">INESPRE-DAF-CM-2021-0064<\/a><\/h6><p class=\"mb-0 bold\">Adquisici\u00f3n de Sardinas<\/p><p class=\"mb-0\" style=\"font-size: .85rem\"><strong title=\"Estado del Proceso\"><i class=\"fas fa-spinner\"><\/i><\/strong> Proceso adjudicado y celebrado<\/p><p class=\"mb-0\" style=\"font-size: .85rem\"><strong title=\"Fecha de Publicaci\u00f3n\"><i class=\"fas fa-calendar-alt\"><\/i><\/strong> Publicado el viernes, 8 de octubre de 2021<\/p><\/div><div class=\"col-auto mt-md-0 mt-2\"><a class=\"btn btn-primary btn-lg px-lg-4 d-none d-md-block\" href=\"https:\/\/comunidad.comprasdominicana.gob.do\/\/Public\/Tendering\/OpportunityDetail\/Index?noticeUID=DO1.NTC.982316\" target=\"_blank\" title=\"Detalles\"><i class=\"fas fa-link\"><\/i> DETALLES<\/a><a class=\"btn btn-primary btn-lg px-lg-4 d-block d-md-none\" href=\"https:\/\/comunidad.comprasdominicana.gob.do\/\/Public\/Tendering\/OpportunityDetail\/Index?noticeUID=DO1.NTC.982316\" target=\"_blank\" title=\"Detalles\"><i class=\"fas fa-2x fa-link\"><\/i><\/a><\/div><\/div><\/div><div class=\"jumbotron archivos\"><div class=\"row align-items-center\"><div class=\"col\"><h6><a class=\"text-dark\" href=\"https:\/\/comunidad.comprasdominicana.gob.do\/\/Public\/Tendering\/OpportunityDetail\/Index?noticeUID=DO1.NTC.982409\" title=\"Ver\" target=\"_blank\">INESPRE-DAF-CM-2021-0062<\/a><\/h6><p class=\"mb-0 bold\">Adquisici\u00f3n Suministros de Limpieza<\/p><p class=\"mb-0\" style=\"font-size: .85rem\"><strong title=\"Estado del Proceso\"><i class=\"fas fa-spinner\"><\/i><\/strong> Proceso adjudicado y celebrado<\/p><p class=\"mb-0\" style=\"font-size: .85rem\"><strong title=\"Fecha de Publicaci\u00f3n\"><i class=\"fas fa-calendar-alt\"><\/i><\/strong> Publicado el viernes, 8 de octubre de 2021<\/p><\/div><div class=\"col-auto mt-md-0 mt-2\"><a class=\"btn btn-primary btn-lg px-lg-4 d-none d-md-block\" href=\"https:\/\/comunidad.comprasdominicana.gob.do\/\/Public\/Tendering\/OpportunityDetail\/Index?noticeUID=DO1.NTC.982409\" target=\"_blank\" title=\"Detalles\"><i class=\"fas fa-link\"><\/i> DETALLES<\/a><a class=\"btn btn-primary btn-lg px-lg-4 d-block d-md-none\" href=\"https:\/\/comunidad.comprasdominicana.gob.do\/\/Public\/Tendering\/OpportunityDetail\/Index?noticeUID=DO1.NTC.982409\" target=\"_blank\" title=\"Detalles\"><i class=\"fas fa-2x fa-link\"><\/i><\/a><\/div><\/div><\/div><div class=\"jumbotron archivos\"><div class=\"row align-items-center\"><div class=\"col\"><h6><a class=\"text-dark\" href=\"https:\/\/comunidad.comprasdominicana.gob.do\/\/Public\/Tendering\/OpportunityDetail\/Index?noticeUID=DO1.NTC.981215\" title=\"Ver\" target=\"_blank\">INESPRE-DAF-CM-2021-0061<\/a><\/h6><p class=\"mb-0 bold\">Construcci\u00f3n de Filtrante de un S\u00e9ptico<\/p><p class=\"mb-0\" style=\"font-size: .85rem\"><strong title=\"Estado del Proceso\"><i class=\"fas fa-spinner\"><\/i><\/strong> Cancelado<\/p><p class=\"mb-0\" style=\"font-size: .85rem\"><strong title=\"Fecha de Publicaci\u00f3n\"><i class=\"fas fa-calendar-alt\"><\/i><\/strong> Publicado el jueves, 7 de octubre de 2021<\/p><\/div><div class=\"col-auto mt-md-0 mt-2\"><a class=\"btn btn-primary btn-lg px-lg-4 d-none d-md-block\" href=\"https:\/\/comunidad.comprasdominicana.gob.do\/\/Public\/Tendering\/OpportunityDetail\/Index?noticeUID=DO1.NTC.981215\" target=\"_blank\" title=\"Detalles\"><i class=\"fas fa-link\"><\/i> DETALLES<\/a><a class=\"btn btn-primary btn-lg px-lg-4 d-block d-md-none\" href=\"https:\/\/comunidad.comprasdominicana.gob.do\/\/Public\/Tendering\/OpportunityDetail\/Index?noticeUID=DO1.NTC.981215\" target=\"_blank\" title=\"Detalles\"><i class=\"fas fa-2x fa-link\"><\/i><\/a><\/div><\/div><\/div><\/div><\/div><\/div>\n        <div class=\"card\">\n            <div class=\"card-header parents\" id=\"heading_compras-menores-69f73f7454400-2021-69f73f7454400-septiembre-69f73f7454400\">\n                <p class=\"title text-blue mb-0\">\n                    <a class=\"btn-block hover text-left collapsed\" data-toggle=\"collapse\" data-target=\"#collap_compras-menores-69f73f7454400-2021-69f73f7454400-septiembre-69f73f7454400\" aria-expanded=\"false\" aria-controls=\"collap_compras-menores-69f73f7454400-2021-69f73f7454400-septiembre-69f73f7454400\">Septiembre<\/a>\n                <\/p>\n            <\/div>\n            <div id=\"collap_compras-menores-69f73f7454400-2021-69f73f7454400-septiembre-69f73f7454400\" class=\"collapse\" aria-labelledby=\"heading_compras-menores-69f73f7454400-2021-69f73f7454400-septiembre-69f73f7454400\" data-parent=\"#collap_compras-menores-69f73f7454400-2021-69f73f7454400\">\n                <div class=\"card-body\"><div class=\"jumbotron archivos\"><div class=\"row align-items-center\"><div class=\"col\"><h6><a class=\"text-dark\" href=\"https:\/\/comunidad.comprasdominicana.gob.do\/\/Public\/Tendering\/OpportunityDetail\/Index?noticeUID=DO1.NTC.976119\" title=\"Ver\" target=\"_blank\">INESPRE-DAF-CM-2021-0060<\/a><\/h6><p class=\"mb-0 bold\">Servicio de Almuerzo a domicilio<\/p><p class=\"mb-0\" style=\"font-size: .85rem\"><strong title=\"Estado del Proceso\"><i class=\"fas fa-spinner\"><\/i><\/strong> Proceso adjudicado y celebrado<\/p><p class=\"mb-0\" style=\"font-size: .85rem\"><strong title=\"Fecha de Publicaci\u00f3n\"><i class=\"fas fa-calendar-alt\"><\/i><\/strong> Publicado el lunes, 27 de septiembre de 2021<\/p><\/div><div class=\"col-auto mt-md-0 mt-2\"><a class=\"btn btn-primary btn-lg px-lg-4 d-none d-md-block\" href=\"https:\/\/comunidad.comprasdominicana.gob.do\/\/Public\/Tendering\/OpportunityDetail\/Index?noticeUID=DO1.NTC.976119\" target=\"_blank\" title=\"Detalles\"><i class=\"fas fa-link\"><\/i> DETALLES<\/a><a class=\"btn btn-primary btn-lg px-lg-4 d-block d-md-none\" href=\"https:\/\/comunidad.comprasdominicana.gob.do\/\/Public\/Tendering\/OpportunityDetail\/Index?noticeUID=DO1.NTC.976119\" target=\"_blank\" title=\"Detalles\"><i class=\"fas fa-2x fa-link\"><\/i><\/a><\/div><\/div><\/div><div class=\"jumbotron archivos\"><div class=\"row align-items-center\"><div class=\"col\"><h6><a class=\"text-dark\" href=\"https:\/\/comunidad.comprasdominicana.gob.do\/\/Public\/Tendering\/OpportunityDetail\/Index?noticeUID=DO1.NTC.971521\" title=\"Ver\" target=\"_blank\">INESPRE-DAF-CM-2021-0059<\/a><\/h6><p class=\"mb-0 bold\">Adquisici\u00f3n de Papel de Ba\u00f1o y Servilletas<\/p><p class=\"mb-0\" style=\"font-size: .85rem\"><strong title=\"Estado del Proceso\"><i class=\"fas fa-spinner\"><\/i><\/strong> Proceso adjudicado y celebrado<\/p><p class=\"mb-0\" style=\"font-size: .85rem\"><strong title=\"Fecha de Publicaci\u00f3n\"><i class=\"fas fa-calendar-alt\"><\/i><\/strong> Publicado el jueves, 16 de septiembre de 2021<\/p><\/div><div class=\"col-auto mt-md-0 mt-2\"><a class=\"btn btn-primary btn-lg px-lg-4 d-none d-md-block\" href=\"https:\/\/comunidad.comprasdominicana.gob.do\/\/Public\/Tendering\/OpportunityDetail\/Index?noticeUID=DO1.NTC.971521\" target=\"_blank\" title=\"Detalles\"><i class=\"fas fa-link\"><\/i> DETALLES<\/a><a class=\"btn btn-primary btn-lg px-lg-4 d-block d-md-none\" href=\"https:\/\/comunidad.comprasdominicana.gob.do\/\/Public\/Tendering\/OpportunityDetail\/Index?noticeUID=DO1.NTC.971521\" target=\"_blank\" title=\"Detalles\"><i class=\"fas fa-2x fa-link\"><\/i><\/a><\/div><\/div><\/div><div class=\"jumbotron archivos\"><div class=\"row align-items-center\"><div class=\"col\"><h6><a class=\"text-dark\" href=\"https:\/\/comunidad.comprasdominicana.gob.do\/\/Public\/Tendering\/OpportunityDetail\/Index?noticeUID=DO1.NTC.969635\" title=\"Ver\" target=\"_blank\">INESPRE-DAF-CM-2021-0057<\/a><\/h6><p class=\"mb-0 bold\">Servicio de Alquiler de Contenedores Refrigerados por tres (03) meses<\/p><p class=\"mb-0\" style=\"font-size: .85rem\"><strong title=\"Estado del Proceso\"><i class=\"fas fa-spinner\"><\/i><\/strong> Proceso adjudicado y celebrado<\/p><p class=\"mb-0\" style=\"font-size: .85rem\"><strong title=\"Fecha de Publicaci\u00f3n\"><i class=\"fas fa-calendar-alt\"><\/i><\/strong> Publicado el lunes, 13 de septiembre de 2021<\/p><\/div><div class=\"col-auto mt-md-0 mt-2\"><a class=\"btn btn-primary btn-lg px-lg-4 d-none d-md-block\" href=\"https:\/\/comunidad.comprasdominicana.gob.do\/\/Public\/Tendering\/OpportunityDetail\/Index?noticeUID=DO1.NTC.969635\" target=\"_blank\" title=\"Detalles\"><i class=\"fas fa-link\"><\/i> DETALLES<\/a><a class=\"btn btn-primary btn-lg px-lg-4 d-block d-md-none\" href=\"https:\/\/comunidad.comprasdominicana.gob.do\/\/Public\/Tendering\/OpportunityDetail\/Index?noticeUID=DO1.NTC.969635\" target=\"_blank\" title=\"Detalles\"><i class=\"fas fa-2x fa-link\"><\/i><\/a><\/div><\/div><\/div><div class=\"jumbotron archivos\"><div class=\"row align-items-center\"><div class=\"col\"><h6><a class=\"text-dark\" href=\"https:\/\/comunidad.comprasdominicana.gob.do\/\/Public\/Tendering\/OpportunityDetail\/Index?noticeUID=DO1.NTC.969636\" title=\"Ver\" target=\"_blank\">INESPRE-DAF-CM-2021-0058<\/a><\/h6><p class=\"mb-0 bold\">Adquisici\u00f3n e Instalaci\u00f3n de Aires Acondicionados<\/p><p class=\"mb-0\" style=\"font-size: .85rem\"><strong title=\"Estado del Proceso\"><i class=\"fas fa-spinner\"><\/i><\/strong> Proceso adjudicado y celebrado<\/p><p class=\"mb-0\" style=\"font-size: .85rem\"><strong title=\"Fecha de Publicaci\u00f3n\"><i class=\"fas fa-calendar-alt\"><\/i><\/strong> Publicado el lunes, 13 de septiembre de 2021<\/p><\/div><div class=\"col-auto mt-md-0 mt-2\"><a class=\"btn btn-primary btn-lg px-lg-4 d-none d-md-block\" href=\"https:\/\/comunidad.comprasdominicana.gob.do\/\/Public\/Tendering\/OpportunityDetail\/Index?noticeUID=DO1.NTC.969636\" target=\"_blank\" title=\"Detalles\"><i class=\"fas fa-link\"><\/i> DETALLES<\/a><a class=\"btn btn-primary btn-lg px-lg-4 d-block d-md-none\" href=\"https:\/\/comunidad.comprasdominicana.gob.do\/\/Public\/Tendering\/OpportunityDetail\/Index?noticeUID=DO1.NTC.969636\" target=\"_blank\" title=\"Detalles\"><i class=\"fas fa-2x fa-link\"><\/i><\/a><\/div><\/div><\/div><\/div><\/div><\/div>\n        <div class=\"card\">\n            <div class=\"card-header parents\" id=\"heading_compras-menores-69f73f7454400-2021-69f73f7454400-agosto-69f73f7454400\">\n                <p class=\"title text-blue mb-0\">\n                    <a class=\"btn-block hover text-left collapsed\" data-toggle=\"collapse\" data-target=\"#collap_compras-menores-69f73f7454400-2021-69f73f7454400-agosto-69f73f7454400\" aria-expanded=\"false\" aria-controls=\"collap_compras-menores-69f73f7454400-2021-69f73f7454400-agosto-69f73f7454400\">Agosto<\/a>\n                <\/p>\n            <\/div>\n            <div id=\"collap_compras-menores-69f73f7454400-2021-69f73f7454400-agosto-69f73f7454400\" class=\"collapse\" aria-labelledby=\"heading_compras-menores-69f73f7454400-2021-69f73f7454400-agosto-69f73f7454400\" data-parent=\"#collap_compras-menores-69f73f7454400-2021-69f73f7454400\">\n                <div class=\"card-body\"><div class=\"jumbotron archivos\"><div class=\"row align-items-center\"><div class=\"col\"><h6><a class=\"text-dark\" href=\"https:\/\/comunidad.comprasdominicana.gob.do\/\/Public\/Tendering\/OpportunityDetail\/Index?noticeUID=DO1.NTC.962422\" title=\"Ver\" target=\"_blank\">INESPRE-DAF-CM-2021-0056<\/a><\/h6><p class=\"mb-0 bold\">Servicio de Instalaci\u00f3n y Suministros de Materiales El\u00e9ctricos para UPS de 40 KVA<\/p><p class=\"mb-0\" style=\"font-size: .85rem\"><strong title=\"Estado del Proceso\"><i class=\"fas fa-spinner\"><\/i><\/strong> Proceso adjudicado y celebrado<\/p><p class=\"mb-0\" style=\"font-size: .85rem\"><strong title=\"Fecha de Publicaci\u00f3n\"><i class=\"fas fa-calendar-alt\"><\/i><\/strong> Publicado el jueves, 26 de agosto de 2021<\/p><\/div><div class=\"col-auto mt-md-0 mt-2\"><a class=\"btn btn-primary btn-lg px-lg-4 d-none d-md-block\" href=\"https:\/\/comunidad.comprasdominicana.gob.do\/\/Public\/Tendering\/OpportunityDetail\/Index?noticeUID=DO1.NTC.962422\" target=\"_blank\" title=\"Detalles\"><i class=\"fas fa-link\"><\/i> DETALLES<\/a><a class=\"btn btn-primary btn-lg px-lg-4 d-block d-md-none\" href=\"https:\/\/comunidad.comprasdominicana.gob.do\/\/Public\/Tendering\/OpportunityDetail\/Index?noticeUID=DO1.NTC.962422\" target=\"_blank\" title=\"Detalles\"><i class=\"fas fa-2x fa-link\"><\/i><\/a><\/div><\/div><\/div><div class=\"jumbotron archivos\"><div class=\"row align-items-center\"><div class=\"col\"><h6><a class=\"text-dark\" href=\"https:\/\/comunidad.comprasdominicana.gob.do\/\/Public\/Tendering\/OpportunityDetail\/Index?noticeUID=DO1.NTC.962611\" title=\"Ver\" target=\"_blank\">INESPRE-DAF-CM-2021-0055<\/a><\/h6><p class=\"mb-0 bold\">Adquisici\u00f3n de Switchs Capa<\/p><p class=\"mb-0\" style=\"font-size: .85rem\"><strong title=\"Estado del Proceso\"><i class=\"fas fa-spinner\"><\/i><\/strong> Proceso adjudicado y celebrado<\/p><p class=\"mb-0\" style=\"font-size: .85rem\"><strong title=\"Fecha de Publicaci\u00f3n\"><i class=\"fas fa-calendar-alt\"><\/i><\/strong> Publicado el jueves, 26 de agosto de 2021<\/p><\/div><div class=\"col-auto mt-md-0 mt-2\"><a class=\"btn btn-primary btn-lg px-lg-4 d-none d-md-block\" href=\"https:\/\/comunidad.comprasdominicana.gob.do\/\/Public\/Tendering\/OpportunityDetail\/Index?noticeUID=DO1.NTC.962611\" target=\"_blank\" title=\"Detalles\"><i class=\"fas fa-link\"><\/i> DETALLES<\/a><a class=\"btn btn-primary btn-lg px-lg-4 d-block d-md-none\" href=\"https:\/\/comunidad.comprasdominicana.gob.do\/\/Public\/Tendering\/OpportunityDetail\/Index?noticeUID=DO1.NTC.962611\" target=\"_blank\" title=\"Detalles\"><i class=\"fas fa-2x fa-link\"><\/i><\/a><\/div><\/div><\/div><div class=\"jumbotron archivos\"><div class=\"row align-items-center\"><div class=\"col\"><h6><a class=\"text-dark\" href=\"https:\/\/comunidad.comprasdominicana.gob.do\/\/Public\/Tendering\/OpportunityDetail\/Index?noticeUID=DO1.NTC.961804\" title=\"Ver\" target=\"_blank\">INESPRE-DAF-CM-2021-0054<\/a><\/h6><p class=\"mb-0 bold\">Adquisici\u00f3n de Alimentos y Bebidas para consumo Institucional<\/p><p class=\"mb-0\" style=\"font-size: .85rem\"><strong title=\"Estado del Proceso\"><i class=\"fas fa-spinner\"><\/i><\/strong> Proceso adjudicado y celebrado<\/p><p class=\"mb-0\" style=\"font-size: .85rem\"><strong title=\"Fecha de Publicaci\u00f3n\"><i class=\"fas fa-calendar-alt\"><\/i><\/strong> Publicado el mi\u00e9rcoles, 25 de agosto de 2021<\/p><\/div><div class=\"col-auto mt-md-0 mt-2\"><a class=\"btn btn-primary btn-lg px-lg-4 d-none d-md-block\" href=\"https:\/\/comunidad.comprasdominicana.gob.do\/\/Public\/Tendering\/OpportunityDetail\/Index?noticeUID=DO1.NTC.961804\" target=\"_blank\" title=\"Detalles\"><i class=\"fas fa-link\"><\/i> DETALLES<\/a><a class=\"btn btn-primary btn-lg px-lg-4 d-block d-md-none\" href=\"https:\/\/comunidad.comprasdominicana.gob.do\/\/Public\/Tendering\/OpportunityDetail\/Index?noticeUID=DO1.NTC.961804\" target=\"_blank\" title=\"Detalles\"><i class=\"fas fa-2x fa-link\"><\/i><\/a><\/div><\/div><\/div><div class=\"jumbotron archivos\"><div class=\"row align-items-center\"><div class=\"col\"><h6><a class=\"text-dark\" href=\"https:\/\/comunidad.comprasdominicana.gob.do\/\/Public\/Tendering\/OpportunityDetail\/Index?noticeUID=DO1.NTC.960526\" title=\"Ver\" target=\"_blank\">INESPRE-DAF-CM-2021-0053<\/a><\/h6><p class=\"mb-0 bold\">Adquisici\u00f3n de Lonas Reforzadas<\/p><p class=\"mb-0\" style=\"font-size: .85rem\"><strong title=\"Estado del Proceso\"><i class=\"fas fa-spinner\"><\/i><\/strong> Proceso adjudicado y celebrado<\/p><p class=\"mb-0\" style=\"font-size: .85rem\"><strong title=\"Fecha de Publicaci\u00f3n\"><i class=\"fas fa-calendar-alt\"><\/i><\/strong> Publicado el lunes, 23 de agosto de 2021<\/p><\/div><div class=\"col-auto mt-md-0 mt-2\"><a class=\"btn btn-primary btn-lg px-lg-4 d-none d-md-block\" href=\"https:\/\/comunidad.comprasdominicana.gob.do\/\/Public\/Tendering\/OpportunityDetail\/Index?noticeUID=DO1.NTC.960526\" target=\"_blank\" title=\"Detalles\"><i class=\"fas fa-link\"><\/i> DETALLES<\/a><a class=\"btn btn-primary btn-lg px-lg-4 d-block d-md-none\" href=\"https:\/\/comunidad.comprasdominicana.gob.do\/\/Public\/Tendering\/OpportunityDetail\/Index?noticeUID=DO1.NTC.960526\" target=\"_blank\" title=\"Detalles\"><i class=\"fas fa-2x fa-link\"><\/i><\/a><\/div><\/div><\/div><div class=\"jumbotron archivos\"><div class=\"row align-items-center\"><div class=\"col\"><h6><a class=\"text-dark\" href=\"https:\/\/comunidad.comprasdominicana.gob.do\/\/Public\/Tendering\/OpportunityDetail\/Index?noticeUID=DO1.NTC.960822\" title=\"Ver\" target=\"_blank\">INESPRE-DAF-CM-2021-0052<\/a><\/h6><p class=\"mb-0 bold\">Adquisici\u00f3n de Maquinas Calculadoras<\/p><p class=\"mb-0\" style=\"font-size: .85rem\"><strong title=\"Estado del Proceso\"><i class=\"fas fa-spinner\"><\/i><\/strong> Proceso adjudicado y celebrado<\/p><p class=\"mb-0\" style=\"font-size: .85rem\"><strong title=\"Fecha de Publicaci\u00f3n\"><i class=\"fas fa-calendar-alt\"><\/i><\/strong> Publicado el lunes, 23 de agosto de 2021<\/p><\/div><div class=\"col-auto mt-md-0 mt-2\"><a class=\"btn btn-primary btn-lg px-lg-4 d-none d-md-block\" href=\"https:\/\/comunidad.comprasdominicana.gob.do\/\/Public\/Tendering\/OpportunityDetail\/Index?noticeUID=DO1.NTC.960822\" target=\"_blank\" title=\"Detalles\"><i class=\"fas fa-link\"><\/i> DETALLES<\/a><a class=\"btn btn-primary btn-lg px-lg-4 d-block d-md-none\" href=\"https:\/\/comunidad.comprasdominicana.gob.do\/\/Public\/Tendering\/OpportunityDetail\/Index?noticeUID=DO1.NTC.960822\" target=\"_blank\" title=\"Detalles\"><i class=\"fas fa-2x fa-link\"><\/i><\/a><\/div><\/div><\/div><div class=\"jumbotron archivos\"><div class=\"row align-items-center\"><div class=\"col\"><h6><a class=\"text-dark\" href=\"https:\/\/comunidad.comprasdominicana.gob.do\/\/Public\/Tendering\/OpportunityDetail\/Index?noticeUID=DO1.NTC.960522\" title=\"Ver\" target=\"_blank\">INESPRE-DAF-CM-2021-0049<\/a><\/h6><p class=\"mb-0 bold\">Adquisici\u00f3n de Maquina Contadora de dinero<\/p><p class=\"mb-0\" style=\"font-size: .85rem\"><strong title=\"Estado del Proceso\"><i class=\"fas fa-spinner\"><\/i><\/strong> Proceso adjudicado y celebrado<\/p><p class=\"mb-0\" style=\"font-size: .85rem\"><strong title=\"Fecha de Publicaci\u00f3n\"><i class=\"fas fa-calendar-alt\"><\/i><\/strong> Publicado el lunes, 23 de agosto de 2021<\/p><\/div><div class=\"col-auto mt-md-0 mt-2\"><a class=\"btn btn-primary btn-lg px-lg-4 d-none d-md-block\" href=\"https:\/\/comunidad.comprasdominicana.gob.do\/\/Public\/Tendering\/OpportunityDetail\/Index?noticeUID=DO1.NTC.960522\" target=\"_blank\" title=\"Detalles\"><i class=\"fas fa-link\"><\/i> DETALLES<\/a><a class=\"btn btn-primary btn-lg px-lg-4 d-block d-md-none\" href=\"https:\/\/comunidad.comprasdominicana.gob.do\/\/Public\/Tendering\/OpportunityDetail\/Index?noticeUID=DO1.NTC.960522\" target=\"_blank\" title=\"Detalles\"><i class=\"fas fa-2x fa-link\"><\/i><\/a><\/div><\/div><\/div><div class=\"jumbotron archivos\"><div class=\"row align-items-center\"><div class=\"col\"><h6><a class=\"text-dark\" href=\"https:\/\/comunidad.comprasdominicana.gob.do\/\/Public\/Tendering\/OpportunityDetail\/Index?noticeUID=DO1.NTC.960222\" title=\"Ver\" target=\"_blank\">INESPRE-DAF-CM-2021-0051<\/a><\/h6><p class=\"mb-0 bold\">Servicio de Instalaci\u00f3n y Suministros de Materiales El\u00e9ctricos para UPS de 40 KVA<\/p><p class=\"mb-0\" style=\"font-size: .85rem\"><strong title=\"Estado del Proceso\"><i class=\"fas fa-spinner\"><\/i><\/strong> Cancelado<\/p><p class=\"mb-0\" style=\"font-size: .85rem\"><strong title=\"Fecha de Publicaci\u00f3n\"><i class=\"fas fa-calendar-alt\"><\/i><\/strong> Publicado el viernes, 20 de agosto de 2021<\/p><\/div><div class=\"col-auto mt-md-0 mt-2\"><a class=\"btn btn-primary btn-lg px-lg-4 d-none d-md-block\" href=\"https:\/\/comunidad.comprasdominicana.gob.do\/\/Public\/Tendering\/OpportunityDetail\/Index?noticeUID=DO1.NTC.960222\" target=\"_blank\" title=\"Detalles\"><i class=\"fas fa-link\"><\/i> DETALLES<\/a><a class=\"btn btn-primary btn-lg px-lg-4 d-block d-md-none\" href=\"https:\/\/comunidad.comprasdominicana.gob.do\/\/Public\/Tendering\/OpportunityDetail\/Index?noticeUID=DO1.NTC.960222\" target=\"_blank\" title=\"Detalles\"><i class=\"fas fa-2x fa-link\"><\/i><\/a><\/div><\/div><\/div><div class=\"jumbotron archivos\"><div class=\"row align-items-center\"><div class=\"col\"><h6><a class=\"text-dark\" href=\"https:\/\/comunidad.comprasdominicana.gob.do\/\/Public\/Tendering\/OpportunityDetail\/Index?noticeUID=DO1.NTC.959332\" title=\"Ver\" target=\"_blank\">INESPRE-DAF-CM-2021-0050<\/a><\/h6><p class=\"mb-0 bold\">Adquisici\u00f3n de Balanzas<\/p><p class=\"mb-0\" style=\"font-size: .85rem\"><strong title=\"Estado del Proceso\"><i class=\"fas fa-spinner\"><\/i><\/strong> Proceso adjudicado y celebrado<\/p><p class=\"mb-0\" style=\"font-size: .85rem\"><strong title=\"Fecha de Publicaci\u00f3n\"><i class=\"fas fa-calendar-alt\"><\/i><\/strong> Publicado el jueves, 19 de agosto de 2021<\/p><\/div><div class=\"col-auto mt-md-0 mt-2\"><a class=\"btn btn-primary btn-lg px-lg-4 d-none d-md-block\" href=\"https:\/\/comunidad.comprasdominicana.gob.do\/\/Public\/Tendering\/OpportunityDetail\/Index?noticeUID=DO1.NTC.959332\" target=\"_blank\" title=\"Detalles\"><i class=\"fas fa-link\"><\/i> DETALLES<\/a><a class=\"btn btn-primary btn-lg px-lg-4 d-block d-md-none\" href=\"https:\/\/comunidad.comprasdominicana.gob.do\/\/Public\/Tendering\/OpportunityDetail\/Index?noticeUID=DO1.NTC.959332\" target=\"_blank\" title=\"Detalles\"><i class=\"fas fa-2x fa-link\"><\/i><\/a><\/div><\/div><\/div><div class=\"jumbotron archivos\"><div class=\"row align-items-center\"><div class=\"col\"><h6><a class=\"text-dark\" href=\"https:\/\/comunidad.comprasdominicana.gob.do\/\/Public\/Tendering\/OpportunityDetail\/Index?noticeUID=DO1.NTC.954216\" title=\"Ver\" target=\"_blank\">INESPRE-DAF-CM-2021-0048<\/a><\/h6><p class=\"mb-0 bold\">Adquisici\u00f3n de Materiales de Herrer\u00eda<\/p><p class=\"mb-0\" style=\"font-size: .85rem\"><strong title=\"Estado del Proceso\"><i class=\"fas fa-spinner\"><\/i><\/strong> Proceso adjudicado y celebrado<\/p><p class=\"mb-0\" style=\"font-size: .85rem\"><strong title=\"Fecha de Publicaci\u00f3n\"><i class=\"fas fa-calendar-alt\"><\/i><\/strong> Publicado el jueves, 5 de agosto de 2021<\/p><\/div><div class=\"col-auto mt-md-0 mt-2\"><a class=\"btn btn-primary btn-lg px-lg-4 d-none d-md-block\" href=\"https:\/\/comunidad.comprasdominicana.gob.do\/\/Public\/Tendering\/OpportunityDetail\/Index?noticeUID=DO1.NTC.954216\" target=\"_blank\" title=\"Detalles\"><i class=\"fas fa-link\"><\/i> DETALLES<\/a><a class=\"btn btn-primary btn-lg px-lg-4 d-block d-md-none\" href=\"https:\/\/comunidad.comprasdominicana.gob.do\/\/Public\/Tendering\/OpportunityDetail\/Index?noticeUID=DO1.NTC.954216\" target=\"_blank\" title=\"Detalles\"><i class=\"fas fa-2x fa-link\"><\/i><\/a><\/div><\/div><\/div><\/div><\/div><\/div>\n        <div class=\"card\">\n            <div class=\"card-header parents\" id=\"heading_compras-menores-69f73f7454400-2021-69f73f7454400-julio-69f73f7454400\">\n                <p class=\"title text-blue mb-0\">\n                    <a class=\"btn-block hover text-left collapsed\" data-toggle=\"collapse\" data-target=\"#collap_compras-menores-69f73f7454400-2021-69f73f7454400-julio-69f73f7454400\" aria-expanded=\"false\" aria-controls=\"collap_compras-menores-69f73f7454400-2021-69f73f7454400-julio-69f73f7454400\">Julio<\/a>\n                <\/p>\n            <\/div>\n            <div id=\"collap_compras-menores-69f73f7454400-2021-69f73f7454400-julio-69f73f7454400\" class=\"collapse\" aria-labelledby=\"heading_compras-menores-69f73f7454400-2021-69f73f7454400-julio-69f73f7454400\" data-parent=\"#collap_compras-menores-69f73f7454400-2021-69f73f7454400\">\n                <div class=\"card-body\"><div class=\"jumbotron archivos\"><div class=\"row align-items-center\"><div class=\"col\"><h6><a class=\"text-dark\" href=\"https:\/\/comunidad.comprasdominicana.gob.do\/\/Public\/Tendering\/OpportunityDetail\/Index?noticeUID=DO1.NTC.951004\" title=\"Ver\" target=\"_blank\">INESPRE-DAF-CM-2021-0047<\/a><\/h6><p class=\"mb-0 bold\">Adquisici\u00f3n de Materiales de Herrer\u00eda<\/p><p class=\"mb-0\" style=\"font-size: .85rem\"><strong title=\"Estado del Proceso\"><i class=\"fas fa-spinner\"><\/i><\/strong> Cancelado<\/p><p class=\"mb-0\" style=\"font-size: .85rem\"><strong title=\"Fecha de Publicaci\u00f3n\"><i class=\"fas fa-calendar-alt\"><\/i><\/strong> Publicado el jueves, 29 de julio de 2021<\/p><\/div><div class=\"col-auto mt-md-0 mt-2\"><a class=\"btn btn-primary btn-lg px-lg-4 d-none d-md-block\" href=\"https:\/\/comunidad.comprasdominicana.gob.do\/\/Public\/Tendering\/OpportunityDetail\/Index?noticeUID=DO1.NTC.951004\" target=\"_blank\" title=\"Detalles\"><i class=\"fas fa-link\"><\/i> DETALLES<\/a><a class=\"btn btn-primary btn-lg px-lg-4 d-block d-md-none\" href=\"https:\/\/comunidad.comprasdominicana.gob.do\/\/Public\/Tendering\/OpportunityDetail\/Index?noticeUID=DO1.NTC.951004\" target=\"_blank\" title=\"Detalles\"><i class=\"fas fa-2x fa-link\"><\/i><\/a><\/div><\/div><\/div><div class=\"jumbotron archivos\"><div class=\"row align-items-center\"><div class=\"col\"><h6><a class=\"text-dark\" href=\"https:\/\/comunidad.comprasdominicana.gob.do\/\/Public\/Tendering\/OpportunityDetail\/Index?noticeUID=DO1.NTC.947518\" title=\"Ver\" target=\"_blank\">INESPRE-DAF-CM-2021-0046<\/a><\/h6><p class=\"mb-0 bold\">Adquisici\u00f3n de Freezer Horizontales<\/p><p class=\"mb-0\" style=\"font-size: .85rem\"><strong title=\"Estado del Proceso\"><i class=\"fas fa-spinner\"><\/i><\/strong> Proceso adjudicado y celebrado<\/p><p class=\"mb-0\" style=\"font-size: .85rem\"><strong title=\"Fecha de Publicaci\u00f3n\"><i class=\"fas fa-calendar-alt\"><\/i><\/strong> Publicado el mi\u00e9rcoles, 21 de julio de 2021<\/p><\/div><div class=\"col-auto mt-md-0 mt-2\"><a class=\"btn btn-primary btn-lg px-lg-4 d-none d-md-block\" href=\"https:\/\/comunidad.comprasdominicana.gob.do\/\/Public\/Tendering\/OpportunityDetail\/Index?noticeUID=DO1.NTC.947518\" target=\"_blank\" title=\"Detalles\"><i class=\"fas fa-link\"><\/i> DETALLES<\/a><a class=\"btn btn-primary btn-lg px-lg-4 d-block d-md-none\" href=\"https:\/\/comunidad.comprasdominicana.gob.do\/\/Public\/Tendering\/OpportunityDetail\/Index?noticeUID=DO1.NTC.947518\" target=\"_blank\" title=\"Detalles\"><i class=\"fas fa-2x fa-link\"><\/i><\/a><\/div><\/div><\/div><div class=\"jumbotron archivos\"><div class=\"row align-items-center\"><div class=\"col\"><h6><a class=\"text-dark\" href=\"https:\/\/comunidad.comprasdominicana.gob.do\/\/Public\/Tendering\/OpportunityDetail\/Index?noticeUID=DO1.NTC.944711\" title=\"Ver\" target=\"_blank\">INESPRE-DAF-CM-2021-0045<\/a><\/h6><p class=\"mb-0 bold\">Adquisici\u00f3n de Pinturas y Accesorios<\/p><p class=\"mb-0\" style=\"font-size: .85rem\"><strong title=\"Estado del Proceso\"><i class=\"fas fa-spinner\"><\/i><\/strong> Proceso adjudicado y celebrado<\/p><p class=\"mb-0\" style=\"font-size: .85rem\"><strong title=\"Fecha de Publicaci\u00f3n\"><i class=\"fas fa-calendar-alt\"><\/i><\/strong> Publicado el mi\u00e9rcoles, 14 de julio de 2021<\/p><\/div><div class=\"col-auto mt-md-0 mt-2\"><a class=\"btn btn-primary btn-lg px-lg-4 d-none d-md-block\" href=\"https:\/\/comunidad.comprasdominicana.gob.do\/\/Public\/Tendering\/OpportunityDetail\/Index?noticeUID=DO1.NTC.944711\" target=\"_blank\" title=\"Detalles\"><i class=\"fas fa-link\"><\/i> DETALLES<\/a><a class=\"btn btn-primary btn-lg px-lg-4 d-block d-md-none\" href=\"https:\/\/comunidad.comprasdominicana.gob.do\/\/Public\/Tendering\/OpportunityDetail\/Index?noticeUID=DO1.NTC.944711\" target=\"_blank\" title=\"Detalles\"><i class=\"fas fa-2x fa-link\"><\/i><\/a><\/div><\/div><\/div><div class=\"jumbotron archivos\"><div class=\"row align-items-center\"><div class=\"col\"><h6><a class=\"text-dark\" href=\"https:\/\/comunidad.comprasdominicana.gob.do\/\/Public\/Tendering\/OpportunityDetail\/Index?noticeUID=DO1.NTC.943911\" title=\"Ver\" target=\"_blank\">INESPRE-DAF-CM-2021-0044<\/a><\/h6><p class=\"mb-0 bold\">Adquisici\u00f3n de Freezer Congeladores<\/p><p class=\"mb-0\" style=\"font-size: .85rem\"><strong title=\"Estado del Proceso\"><i class=\"fas fa-spinner\"><\/i><\/strong> Cancelado<\/p><p class=\"mb-0\" style=\"font-size: .85rem\"><strong title=\"Fecha de Publicaci\u00f3n\"><i class=\"fas fa-calendar-alt\"><\/i><\/strong> Publicado el martes, 13 de julio de 2021<\/p><\/div><div class=\"col-auto mt-md-0 mt-2\"><a class=\"btn btn-primary btn-lg px-lg-4 d-none d-md-block\" href=\"https:\/\/comunidad.comprasdominicana.gob.do\/\/Public\/Tendering\/OpportunityDetail\/Index?noticeUID=DO1.NTC.943911\" target=\"_blank\" title=\"Detalles\"><i class=\"fas fa-link\"><\/i> DETALLES<\/a><a class=\"btn btn-primary btn-lg px-lg-4 d-block d-md-none\" href=\"https:\/\/comunidad.comprasdominicana.gob.do\/\/Public\/Tendering\/OpportunityDetail\/Index?noticeUID=DO1.NTC.943911\" target=\"_blank\" title=\"Detalles\"><i class=\"fas fa-2x fa-link\"><\/i><\/a><\/div><\/div><\/div><div class=\"jumbotron archivos\"><div class=\"row align-items-center\"><div class=\"col\"><h6><a class=\"text-dark\" href=\"https:\/\/comunidad.comprasdominicana.gob.do\/\/Public\/Tendering\/OpportunityDetail\/Index?noticeUID=DO1.NTC.942412\" title=\"Ver\" target=\"_blank\">INESPRE-DAF-CM-2021-0043<\/a><\/h6><p class=\"mb-0 bold\">Adquisici\u00f3n de Leche de Coco<\/p><p class=\"mb-0\" style=\"font-size: .85rem\"><strong title=\"Estado del Proceso\"><i class=\"fas fa-spinner\"><\/i><\/strong> Proceso adjudicado y celebrado<\/p><p class=\"mb-0\" style=\"font-size: .85rem\"><strong title=\"Fecha de Publicaci\u00f3n\"><i class=\"fas fa-calendar-alt\"><\/i><\/strong> Publicado el viernes, 9 de julio de 2021<\/p><\/div><div class=\"col-auto mt-md-0 mt-2\"><a class=\"btn btn-primary btn-lg px-lg-4 d-none d-md-block\" href=\"https:\/\/comunidad.comprasdominicana.gob.do\/\/Public\/Tendering\/OpportunityDetail\/Index?noticeUID=DO1.NTC.942412\" target=\"_blank\" title=\"Detalles\"><i class=\"fas fa-link\"><\/i> DETALLES<\/a><a class=\"btn btn-primary btn-lg px-lg-4 d-block d-md-none\" href=\"https:\/\/comunidad.comprasdominicana.gob.do\/\/Public\/Tendering\/OpportunityDetail\/Index?noticeUID=DO1.NTC.942412\" target=\"_blank\" title=\"Detalles\"><i class=\"fas fa-2x fa-link\"><\/i><\/a><\/div><\/div><\/div><div class=\"jumbotron archivos\"><div class=\"row align-items-center\"><div class=\"col\"><h6><a class=\"text-dark\" href=\"https:\/\/comunidad.comprasdominicana.gob.do\/\/Public\/Tendering\/OpportunityDetail\/Index?noticeUID=DO1.NTC.942706\" title=\"Ver\" target=\"_blank\">INESPRE-DAF-CM-2021-0042<\/a><\/h6><p class=\"mb-0 bold\">Adquisici\u00f3n de Ajo en Pasta<\/p><p class=\"mb-0\" style=\"font-size: .85rem\"><strong title=\"Estado del Proceso\"><i class=\"fas fa-spinner\"><\/i><\/strong> Proceso adjudicado y celebrado<\/p><p class=\"mb-0\" style=\"font-size: .85rem\"><strong title=\"Fecha de Publicaci\u00f3n\"><i class=\"fas fa-calendar-alt\"><\/i><\/strong> Publicado el viernes, 9 de julio de 2021<\/p><\/div><div class=\"col-auto mt-md-0 mt-2\"><a class=\"btn btn-primary btn-lg px-lg-4 d-none d-md-block\" href=\"https:\/\/comunidad.comprasdominicana.gob.do\/\/Public\/Tendering\/OpportunityDetail\/Index?noticeUID=DO1.NTC.942706\" target=\"_blank\" title=\"Detalles\"><i class=\"fas fa-link\"><\/i> DETALLES<\/a><a class=\"btn btn-primary btn-lg px-lg-4 d-block d-md-none\" href=\"https:\/\/comunidad.comprasdominicana.gob.do\/\/Public\/Tendering\/OpportunityDetail\/Index?noticeUID=DO1.NTC.942706\" target=\"_blank\" title=\"Detalles\"><i class=\"fas fa-2x fa-link\"><\/i><\/a><\/div><\/div><\/div><div class=\"jumbotron archivos\"><div class=\"row align-items-center\"><div class=\"col\"><h6><a class=\"text-dark\" href=\"https:\/\/comunidad.comprasdominicana.gob.do\/\/Public\/Tendering\/OpportunityDetail\/Index?noticeUID=DO1.NTC.942509\" title=\"Ver\" target=\"_blank\">INESPRE-DAF-CM-2021-0041<\/a><\/h6><p class=\"mb-0 bold\">Adquisici\u00f3n de Pasta de Tomate<\/p><p class=\"mb-0\" style=\"font-size: .85rem\"><strong title=\"Estado del Proceso\"><i class=\"fas fa-spinner\"><\/i><\/strong> Proceso adjudicado y celebrado<\/p><p class=\"mb-0\" style=\"font-size: .85rem\"><strong title=\"Fecha de Publicaci\u00f3n\"><i class=\"fas fa-calendar-alt\"><\/i><\/strong> Publicado el viernes, 9 de julio de 2021<\/p><\/div><div class=\"col-auto mt-md-0 mt-2\"><a class=\"btn btn-primary btn-lg px-lg-4 d-none d-md-block\" href=\"https:\/\/comunidad.comprasdominicana.gob.do\/\/Public\/Tendering\/OpportunityDetail\/Index?noticeUID=DO1.NTC.942509\" target=\"_blank\" title=\"Detalles\"><i class=\"fas fa-link\"><\/i> DETALLES<\/a><a class=\"btn btn-primary btn-lg px-lg-4 d-block d-md-none\" href=\"https:\/\/comunidad.comprasdominicana.gob.do\/\/Public\/Tendering\/OpportunityDetail\/Index?noticeUID=DO1.NTC.942509\" target=\"_blank\" title=\"Detalles\"><i class=\"fas fa-2x fa-link\"><\/i><\/a><\/div><\/div><\/div><div class=\"jumbotron archivos\"><div class=\"row align-items-center\"><div class=\"col\"><h6><a class=\"text-dark\" href=\"https:\/\/comunidad.comprasdominicana.gob.do\/\/Public\/Tendering\/OpportunityDetail\/Index?noticeUID=DO1.NTC.942804\" title=\"Ver\" target=\"_blank\">INESPRE-DAF-CM-2021-0040<\/a><\/h6><p class=\"mb-0 bold\">Adquisici\u00f3n de Condimentos y Conservantes<\/p><p class=\"mb-0\" style=\"font-size: .85rem\"><strong title=\"Estado del Proceso\"><i class=\"fas fa-spinner\"><\/i><\/strong> Proceso adjudicado y celebrado<\/p><p class=\"mb-0\" style=\"font-size: .85rem\"><strong title=\"Fecha de Publicaci\u00f3n\"><i class=\"fas fa-calendar-alt\"><\/i><\/strong> Publicado el viernes, 9 de julio de 2021<\/p><\/div><div class=\"col-auto mt-md-0 mt-2\"><a class=\"btn btn-primary btn-lg px-lg-4 d-none d-md-block\" href=\"https:\/\/comunidad.comprasdominicana.gob.do\/\/Public\/Tendering\/OpportunityDetail\/Index?noticeUID=DO1.NTC.942804\" target=\"_blank\" title=\"Detalles\"><i class=\"fas fa-link\"><\/i> DETALLES<\/a><a class=\"btn btn-primary btn-lg px-lg-4 d-block d-md-none\" href=\"https:\/\/comunidad.comprasdominicana.gob.do\/\/Public\/Tendering\/OpportunityDetail\/Index?noticeUID=DO1.NTC.942804\" target=\"_blank\" title=\"Detalles\"><i class=\"fas fa-2x fa-link\"><\/i><\/a><\/div><\/div><\/div><div class=\"jumbotron archivos\"><div class=\"row align-items-center\"><div class=\"col\"><h6><a class=\"text-dark\" href=\"https:\/\/comunidad.comprasdominicana.gob.do\/\/Public\/Tendering\/OpportunityDetail\/Index?noticeUID=DO1.NTC.942316\" title=\"Ver\" target=\"_blank\">INESPRE-DAF-CM-2021-0039<\/a><\/h6><p class=\"mb-0 bold\">Adquisici\u00f3n de Caf\u00e9 Molido<\/p><p class=\"mb-0\" style=\"font-size: .85rem\"><strong title=\"Estado del Proceso\"><i class=\"fas fa-spinner\"><\/i><\/strong> Proceso adjudicado y celebrado<\/p><p class=\"mb-0\" style=\"font-size: .85rem\"><strong title=\"Fecha de Publicaci\u00f3n\"><i class=\"fas fa-calendar-alt\"><\/i><\/strong> Publicado el jueves, 8 de julio de 2021<\/p><\/div><div class=\"col-auto mt-md-0 mt-2\"><a class=\"btn btn-primary btn-lg px-lg-4 d-none d-md-block\" href=\"https:\/\/comunidad.comprasdominicana.gob.do\/\/Public\/Tendering\/OpportunityDetail\/Index?noticeUID=DO1.NTC.942316\" target=\"_blank\" title=\"Detalles\"><i class=\"fas fa-link\"><\/i> DETALLES<\/a><a class=\"btn btn-primary btn-lg px-lg-4 d-block d-md-none\" href=\"https:\/\/comunidad.comprasdominicana.gob.do\/\/Public\/Tendering\/OpportunityDetail\/Index?noticeUID=DO1.NTC.942316\" target=\"_blank\" title=\"Detalles\"><i class=\"fas fa-2x fa-link\"><\/i><\/a><\/div><\/div><\/div><div class=\"jumbotron archivos\"><div class=\"row align-items-center\"><div class=\"col\"><h6><a class=\"text-dark\" href=\"https:\/\/comunidad.comprasdominicana.gob.do\/\/Public\/Tendering\/OpportunityDetail\/Index?noticeUID=DO1.NTC.942121\" title=\"Ver\" target=\"_blank\">INESPRE-DAF-CM-2021-0038<\/a><\/h6><p class=\"mb-0 bold\">Adquisici\u00f3n de Espaguettis<\/p><p class=\"mb-0\" style=\"font-size: .85rem\"><strong title=\"Estado del Proceso\"><i class=\"fas fa-spinner\"><\/i><\/strong> Proceso adjudicado y celebrado<\/p><p class=\"mb-0\" style=\"font-size: .85rem\"><strong title=\"Fecha de Publicaci\u00f3n\"><i class=\"fas fa-calendar-alt\"><\/i><\/strong> Publicado el jueves, 8 de julio de 2021<\/p><\/div><div class=\"col-auto mt-md-0 mt-2\"><a class=\"btn btn-primary btn-lg px-lg-4 d-none d-md-block\" href=\"https:\/\/comunidad.comprasdominicana.gob.do\/\/Public\/Tendering\/OpportunityDetail\/Index?noticeUID=DO1.NTC.942121\" target=\"_blank\" title=\"Detalles\"><i class=\"fas fa-link\"><\/i> DETALLES<\/a><a class=\"btn btn-primary btn-lg px-lg-4 d-block d-md-none\" href=\"https:\/\/comunidad.comprasdominicana.gob.do\/\/Public\/Tendering\/OpportunityDetail\/Index?noticeUID=DO1.NTC.942121\" target=\"_blank\" title=\"Detalles\"><i class=\"fas fa-2x fa-link\"><\/i><\/a><\/div><\/div><\/div><div class=\"jumbotron archivos\"><div class=\"row align-items-center\"><div class=\"col\"><h6><a class=\"text-dark\" href=\"https:\/\/comunidad.comprasdominicana.gob.do\/\/Public\/Tendering\/OpportunityDetail\/Index?noticeUID=DO1.NTC.942120\" title=\"Ver\" target=\"_blank\">INESPRE-DAF-CM-2021-0037<\/a><\/h6><p class=\"mb-0 bold\">Adquisici\u00f3n de Casabe Natural\n<\/p><p class=\"mb-0\" style=\"font-size: .85rem\"><strong title=\"Estado del Proceso\"><i class=\"fas fa-spinner\"><\/i><\/strong> Proceso adjudicado y celebrado<\/p><p class=\"mb-0\" style=\"font-size: .85rem\"><strong title=\"Fecha de Publicaci\u00f3n\"><i class=\"fas fa-calendar-alt\"><\/i><\/strong> Publicado el jueves, 8 de julio de 2021<\/p><\/div><div class=\"col-auto mt-md-0 mt-2\"><a class=\"btn btn-primary btn-lg px-lg-4 d-none d-md-block\" href=\"https:\/\/comunidad.comprasdominicana.gob.do\/\/Public\/Tendering\/OpportunityDetail\/Index?noticeUID=DO1.NTC.942120\" target=\"_blank\" title=\"Detalles\"><i class=\"fas fa-link\"><\/i> DETALLES<\/a><a class=\"btn btn-primary btn-lg px-lg-4 d-block d-md-none\" href=\"https:\/\/comunidad.comprasdominicana.gob.do\/\/Public\/Tendering\/OpportunityDetail\/Index?noticeUID=DO1.NTC.942120\" target=\"_blank\" title=\"Detalles\"><i class=\"fas fa-2x fa-link\"><\/i><\/a><\/div><\/div><\/div><div class=\"jumbotron archivos\"><div class=\"row align-items-center\"><div class=\"col\"><h6><a class=\"text-dark\" href=\"https:\/\/comunidad.comprasdominicana.gob.do\/\/Public\/Tendering\/OpportunityDetail\/Index?noticeUID=DO1.NTC.942114\" title=\"Ver\" target=\"_blank\">INESPRE-DAF-CM-2021-0036<\/a><\/h6><p class=\"mb-0 bold\">Adquisici\u00f3n de Chocolate en barra<\/p><p class=\"mb-0\" style=\"font-size: .85rem\"><strong title=\"Estado del Proceso\"><i class=\"fas fa-spinner\"><\/i><\/strong> Proceso adjudicado y celebrado<\/p><p class=\"mb-0\" style=\"font-size: .85rem\"><strong title=\"Fecha de Publicaci\u00f3n\"><i class=\"fas fa-calendar-alt\"><\/i><\/strong> Publicado el jueves, 8 de julio de 2021<\/p><\/div><div class=\"col-auto mt-md-0 mt-2\"><a class=\"btn btn-primary btn-lg px-lg-4 d-none d-md-block\" href=\"https:\/\/comunidad.comprasdominicana.gob.do\/\/Public\/Tendering\/OpportunityDetail\/Index?noticeUID=DO1.NTC.942114\" target=\"_blank\" title=\"Detalles\"><i class=\"fas fa-link\"><\/i> DETALLES<\/a><a class=\"btn btn-primary btn-lg px-lg-4 d-block d-md-none\" href=\"https:\/\/comunidad.comprasdominicana.gob.do\/\/Public\/Tendering\/OpportunityDetail\/Index?noticeUID=DO1.NTC.942114\" target=\"_blank\" title=\"Detalles\"><i class=\"fas fa-2x fa-link\"><\/i><\/a><\/div><\/div><\/div><div class=\"jumbotron archivos\"><div class=\"row align-items-center\"><div class=\"col\"><h6><a class=\"text-dark\" href=\"https:\/\/comunidad.comprasdominicana.gob.do\/\/Public\/Tendering\/OpportunityDetail\/Index?noticeUID=DO1.NTC.942206\" title=\"Ver\" target=\"_blank\">INESPRE-DAF-CM-2021-0035<\/a><\/h6><p class=\"mb-0 bold\">Adquisici\u00f3n de Aceite Comestibles<\/p><p class=\"mb-0\" style=\"font-size: .85rem\"><strong title=\"Estado del Proceso\"><i class=\"fas fa-spinner\"><\/i><\/strong> Proceso adjudicado y celebrado<\/p><p class=\"mb-0\" style=\"font-size: .85rem\"><strong title=\"Fecha de Publicaci\u00f3n\"><i class=\"fas fa-calendar-alt\"><\/i><\/strong> Publicado el jueves, 8 de julio de 2021<\/p><\/div><div class=\"col-auto mt-md-0 mt-2\"><a class=\"btn btn-primary btn-lg px-lg-4 d-none d-md-block\" href=\"https:\/\/comunidad.comprasdominicana.gob.do\/\/Public\/Tendering\/OpportunityDetail\/Index?noticeUID=DO1.NTC.942206\" target=\"_blank\" title=\"Detalles\"><i class=\"fas fa-link\"><\/i> DETALLES<\/a><a class=\"btn btn-primary btn-lg px-lg-4 d-block d-md-none\" href=\"https:\/\/comunidad.comprasdominicana.gob.do\/\/Public\/Tendering\/OpportunityDetail\/Index?noticeUID=DO1.NTC.942206\" target=\"_blank\" title=\"Detalles\"><i class=\"fas fa-2x fa-link\"><\/i><\/a><\/div><\/div><\/div><div class=\"jumbotron archivos\"><div class=\"row align-items-center\"><div class=\"col\"><h6><a class=\"text-dark\" href=\"https:\/\/comunidad.comprasdominicana.gob.do\/\/Public\/Tendering\/OpportunityDetail\/Index?noticeUID=DO1.NTC.942109\" title=\"Ver\" target=\"_blank\">INESPRE-DAF-CM-2021-0034<\/a><\/h6><p class=\"mb-0 bold\">Adquisici\u00f3n de Sardinas<\/p><p class=\"mb-0\" style=\"font-size: .85rem\"><strong title=\"Estado del Proceso\"><i class=\"fas fa-spinner\"><\/i><\/strong> Proceso adjudicado y celebrado<\/p><p class=\"mb-0\" style=\"font-size: .85rem\"><strong title=\"Fecha de Publicaci\u00f3n\"><i class=\"fas fa-calendar-alt\"><\/i><\/strong> Publicado el jueves, 8 de julio de 2021<\/p><\/div><div class=\"col-auto mt-md-0 mt-2\"><a class=\"btn btn-primary btn-lg px-lg-4 d-none d-md-block\" href=\"https:\/\/comunidad.comprasdominicana.gob.do\/\/Public\/Tendering\/OpportunityDetail\/Index?noticeUID=DO1.NTC.942109\" target=\"_blank\" title=\"Detalles\"><i class=\"fas fa-link\"><\/i> DETALLES<\/a><a class=\"btn btn-primary btn-lg px-lg-4 d-block d-md-none\" href=\"https:\/\/comunidad.comprasdominicana.gob.do\/\/Public\/Tendering\/OpportunityDetail\/Index?noticeUID=DO1.NTC.942109\" target=\"_blank\" title=\"Detalles\"><i class=\"fas fa-2x fa-link\"><\/i><\/a><\/div><\/div><\/div><div class=\"jumbotron archivos\"><div class=\"row align-items-center\"><div class=\"col\"><h6><a class=\"text-dark\" href=\"https:\/\/comunidad.comprasdominicana.gob.do\/\/Public\/Tendering\/OpportunityDetail\/Index?noticeUID=DO1.NTC.940905\" title=\"Ver\" target=\"_blank\">INESPRE-DAF-CM-2021-0033<\/a><\/h6><p class=\"mb-0 bold\">Adquisici\u00f3n de Uniformes para uso Institucional<\/p><p class=\"mb-0\" style=\"font-size: .85rem\"><strong title=\"Estado del Proceso\"><i class=\"fas fa-spinner\"><\/i><\/strong> Proceso adjudicado y celebrado<\/p><p class=\"mb-0\" style=\"font-size: .85rem\"><strong title=\"Fecha de Publicaci\u00f3n\"><i class=\"fas fa-calendar-alt\"><\/i><\/strong> Publicado el martes, 6 de julio de 2021<\/p><\/div><div class=\"col-auto mt-md-0 mt-2\"><a class=\"btn btn-primary btn-lg px-lg-4 d-none d-md-block\" href=\"https:\/\/comunidad.comprasdominicana.gob.do\/\/Public\/Tendering\/OpportunityDetail\/Index?noticeUID=DO1.NTC.940905\" target=\"_blank\" title=\"Detalles\"><i class=\"fas fa-link\"><\/i> DETALLES<\/a><a class=\"btn btn-primary btn-lg px-lg-4 d-block d-md-none\" href=\"https:\/\/comunidad.comprasdominicana.gob.do\/\/Public\/Tendering\/OpportunityDetail\/Index?noticeUID=DO1.NTC.940905\" target=\"_blank\" title=\"Detalles\"><i class=\"fas fa-2x fa-link\"><\/i><\/a><\/div><\/div><\/div><\/div><\/div><\/div>\n        <div class=\"card\">\n            <div class=\"card-header parents\" id=\"heading_compras-menores-69f73f7454400-2021-69f73f7454400-junio-69f73f7454400\">\n                <p class=\"title text-blue mb-0\">\n                    <a class=\"btn-block hover text-left collapsed\" data-toggle=\"collapse\" data-target=\"#collap_compras-menores-69f73f7454400-2021-69f73f7454400-junio-69f73f7454400\" aria-expanded=\"false\" aria-controls=\"collap_compras-menores-69f73f7454400-2021-69f73f7454400-junio-69f73f7454400\">Junio<\/a>\n                <\/p>\n            <\/div>\n            <div id=\"collap_compras-menores-69f73f7454400-2021-69f73f7454400-junio-69f73f7454400\" class=\"collapse\" aria-labelledby=\"heading_compras-menores-69f73f7454400-2021-69f73f7454400-junio-69f73f7454400\" data-parent=\"#collap_compras-menores-69f73f7454400-2021-69f73f7454400\">\n                <div class=\"card-body\"><div class=\"jumbotron archivos\"><div class=\"row align-items-center\"><div class=\"col\"><h6><a class=\"text-dark\" href=\"https:\/\/comunidad.comprasdominicana.gob.do\/\/Public\/Tendering\/OpportunityDetail\/Index?noticeUID=DO1.NTC.937212\" title=\"Ver\" target=\"_blank\">INESPRE-DAF-CM-2021-0032<\/a><\/h6><p class=\"mb-0 bold\">Adquisici\u00f3n de Suministros de Oficina<\/p><p class=\"mb-0\" style=\"font-size: .85rem\"><strong title=\"Estado del Proceso\"><i class=\"fas fa-spinner\"><\/i><\/strong> Proceso adjudicado y celebrado<\/p><p class=\"mb-0\" style=\"font-size: .85rem\"><strong title=\"Fecha de Publicaci\u00f3n\"><i class=\"fas fa-calendar-alt\"><\/i><\/strong> Publicado el lunes, 28 de junio de 2021<\/p><\/div><div class=\"col-auto mt-md-0 mt-2\"><a class=\"btn btn-primary btn-lg px-lg-4 d-none d-md-block\" href=\"https:\/\/comunidad.comprasdominicana.gob.do\/\/Public\/Tendering\/OpportunityDetail\/Index?noticeUID=DO1.NTC.937212\" target=\"_blank\" title=\"Detalles\"><i class=\"fas fa-link\"><\/i> DETALLES<\/a><a class=\"btn btn-primary btn-lg px-lg-4 d-block d-md-none\" href=\"https:\/\/comunidad.comprasdominicana.gob.do\/\/Public\/Tendering\/OpportunityDetail\/Index?noticeUID=DO1.NTC.937212\" target=\"_blank\" title=\"Detalles\"><i class=\"fas fa-2x fa-link\"><\/i><\/a><\/div><\/div><\/div><div class=\"jumbotron archivos\"><div class=\"row align-items-center\"><div class=\"col\"><h6><a class=\"text-dark\" href=\"https:\/\/comunidad.comprasdominicana.gob.do\/\/Public\/Tendering\/OpportunityDetail\/Index?noticeUID=DO1.NTC.931615\" title=\"Ver\" target=\"_blank\">INESPRE-DAF-CM-2021-0031<\/a><\/h6><p class=\"mb-0 bold\">Servicio de Almuerzos a domicilio<\/p><p class=\"mb-0\" style=\"font-size: .85rem\"><strong title=\"Estado del Proceso\"><i class=\"fas fa-spinner\"><\/i><\/strong> Proceso adjudicado y celebrado<\/p><p class=\"mb-0\" style=\"font-size: .85rem\"><strong title=\"Fecha de Publicaci\u00f3n\"><i class=\"fas fa-calendar-alt\"><\/i><\/strong> Publicado el jueves, 17 de junio de 2021<\/p><\/div><div class=\"col-auto mt-md-0 mt-2\"><a class=\"btn btn-primary btn-lg px-lg-4 d-none d-md-block\" href=\"https:\/\/comunidad.comprasdominicana.gob.do\/\/Public\/Tendering\/OpportunityDetail\/Index?noticeUID=DO1.NTC.931615\" target=\"_blank\" title=\"Detalles\"><i class=\"fas fa-link\"><\/i> DETALLES<\/a><a class=\"btn btn-primary btn-lg px-lg-4 d-block d-md-none\" href=\"https:\/\/comunidad.comprasdominicana.gob.do\/\/Public\/Tendering\/OpportunityDetail\/Index?noticeUID=DO1.NTC.931615\" target=\"_blank\" title=\"Detalles\"><i class=\"fas fa-2x fa-link\"><\/i><\/a><\/div><\/div><\/div><div class=\"jumbotron archivos\"><div class=\"row align-items-center\"><div class=\"col\"><h6><a class=\"text-dark\" href=\"https:\/\/comunidad.comprasdominicana.gob.do\/\/Public\/Tendering\/OpportunityDetail\/Index?noticeUID=DO1.NTC.929702\" title=\"Ver\" target=\"_blank\">INESPRE-DAF-CM-2021-0030<\/a><\/h6><p class=\"mb-0 bold\">Servicio de Alquiler de Contenedores Refrigerados por un periodo de tres (03) meses <\/p><p class=\"mb-0\" style=\"font-size: .85rem\"><strong title=\"Estado del Proceso\"><i class=\"fas fa-spinner\"><\/i><\/strong> Proceso adjudicado y celebrado<\/p><p class=\"mb-0\" style=\"font-size: .85rem\"><strong title=\"Fecha de Publicaci\u00f3n\"><i class=\"fas fa-calendar-alt\"><\/i><\/strong> Publicado el viernes, 11 de junio de 2021<\/p><\/div><div class=\"col-auto mt-md-0 mt-2\"><a class=\"btn btn-primary btn-lg px-lg-4 d-none d-md-block\" href=\"https:\/\/comunidad.comprasdominicana.gob.do\/\/Public\/Tendering\/OpportunityDetail\/Index?noticeUID=DO1.NTC.929702\" target=\"_blank\" title=\"Detalles\"><i class=\"fas fa-link\"><\/i> DETALLES<\/a><a class=\"btn btn-primary btn-lg px-lg-4 d-block d-md-none\" href=\"https:\/\/comunidad.comprasdominicana.gob.do\/\/Public\/Tendering\/OpportunityDetail\/Index?noticeUID=DO1.NTC.929702\" target=\"_blank\" title=\"Detalles\"><i class=\"fas fa-2x fa-link\"><\/i><\/a><\/div><\/div><\/div><div class=\"jumbotron archivos\"><div class=\"row align-items-center\"><div class=\"col\"><h6><a class=\"text-dark\" href=\"https:\/\/comunidad.comprasdominicana.gob.do\/\/Public\/Tendering\/OpportunityDetail\/Index?noticeUID=DO1.NTC.928916\" title=\"Ver\" target=\"_blank\">INESPRE-DAF-CM-2021-0029<\/a><\/h6><p class=\"mb-0 bold\">Servicio de Alquiler de Contenedores para Oficinas por un periodo de 4 meses<\/p><p class=\"mb-0\" style=\"font-size: .85rem\"><strong title=\"Estado del Proceso\"><i class=\"fas fa-spinner\"><\/i><\/strong> Proceso adjudicado y celebrado<\/p><p class=\"mb-0\" style=\"font-size: .85rem\"><strong title=\"Fecha de Publicaci\u00f3n\"><i class=\"fas fa-calendar-alt\"><\/i><\/strong> Publicado el jueves, 10 de junio de 2021<\/p><\/div><div class=\"col-auto mt-md-0 mt-2\"><a class=\"btn btn-primary btn-lg px-lg-4 d-none d-md-block\" href=\"https:\/\/comunidad.comprasdominicana.gob.do\/\/Public\/Tendering\/OpportunityDetail\/Index?noticeUID=DO1.NTC.928916\" target=\"_blank\" title=\"Detalles\"><i class=\"fas fa-link\"><\/i> DETALLES<\/a><a class=\"btn btn-primary btn-lg px-lg-4 d-block d-md-none\" href=\"https:\/\/comunidad.comprasdominicana.gob.do\/\/Public\/Tendering\/OpportunityDetail\/Index?noticeUID=DO1.NTC.928916\" target=\"_blank\" title=\"Detalles\"><i class=\"fas fa-2x fa-link\"><\/i><\/a><\/div><\/div><\/div><div class=\"jumbotron archivos\"><div class=\"row align-items-center\"><div class=\"col\"><h6><a class=\"text-dark\" href=\"https:\/\/comunidad.comprasdominicana.gob.do\/\/Public\/Tendering\/OpportunityDetail\/Index?noticeUID=DO1.NTC.927834\" title=\"Ver\" target=\"_blank\">INESPRE-DAF-CM-2021-0026<\/a><\/h6><p class=\"mb-0 bold\">Adquisici\u00f3n de Productos de Papel<\/p><p class=\"mb-0\" style=\"font-size: .85rem\"><strong title=\"Estado del Proceso\"><i class=\"fas fa-spinner\"><\/i><\/strong> Proceso adjudicado y celebrado<\/p><p class=\"mb-0\" style=\"font-size: .85rem\"><strong title=\"Fecha de Publicaci\u00f3n\"><i class=\"fas fa-calendar-alt\"><\/i><\/strong> Publicado el martes, 8 de junio de 2021<\/p><\/div><div class=\"col-auto mt-md-0 mt-2\"><a class=\"btn btn-primary btn-lg px-lg-4 d-none d-md-block\" href=\"https:\/\/comunidad.comprasdominicana.gob.do\/\/Public\/Tendering\/OpportunityDetail\/Index?noticeUID=DO1.NTC.927834\" target=\"_blank\" title=\"Detalles\"><i class=\"fas fa-link\"><\/i> DETALLES<\/a><a class=\"btn btn-primary btn-lg px-lg-4 d-block d-md-none\" href=\"https:\/\/comunidad.comprasdominicana.gob.do\/\/Public\/Tendering\/OpportunityDetail\/Index?noticeUID=DO1.NTC.927834\" target=\"_blank\" title=\"Detalles\"><i class=\"fas fa-2x fa-link\"><\/i><\/a><\/div><\/div><\/div><div class=\"jumbotron archivos\"><div class=\"row align-items-center\"><div class=\"col\"><h6><a class=\"text-dark\" href=\"https:\/\/comunidad.comprasdominicana.gob.do\/\/Public\/Tendering\/OpportunityDetail\/Index?noticeUID=DO1.NTC.927531\" title=\"Ver\" target=\"_blank\">INESPRE-DAF-CM-2021-0028<\/a><\/h6><p class=\"mb-0 bold\">Adquisici\u00f3n de Papel de Ba\u00f1o y Servilletas<\/p><p class=\"mb-0\" style=\"font-size: .85rem\"><strong title=\"Estado del Proceso\"><i class=\"fas fa-spinner\"><\/i><\/strong> Proceso adjudicado y celebrado<\/p><p class=\"mb-0\" style=\"font-size: .85rem\"><strong title=\"Fecha de Publicaci\u00f3n\"><i class=\"fas fa-calendar-alt\"><\/i><\/strong> Publicado el martes, 8 de junio de 2021<\/p><\/div><div class=\"col-auto mt-md-0 mt-2\"><a class=\"btn btn-primary btn-lg px-lg-4 d-none d-md-block\" href=\"https:\/\/comunidad.comprasdominicana.gob.do\/\/Public\/Tendering\/OpportunityDetail\/Index?noticeUID=DO1.NTC.927531\" target=\"_blank\" title=\"Detalles\"><i class=\"fas fa-link\"><\/i> DETALLES<\/a><a class=\"btn btn-primary btn-lg px-lg-4 d-block d-md-none\" href=\"https:\/\/comunidad.comprasdominicana.gob.do\/\/Public\/Tendering\/OpportunityDetail\/Index?noticeUID=DO1.NTC.927531\" target=\"_blank\" title=\"Detalles\"><i class=\"fas fa-2x fa-link\"><\/i><\/a><\/div><\/div><\/div><div class=\"jumbotron archivos\"><div class=\"row align-items-center\"><div class=\"col\"><h6><a class=\"text-dark\" href=\"https:\/\/comunidad.comprasdominicana.gob.do\/\/Public\/Tendering\/OpportunityDetail\/Index?noticeUID=DO1.NTC.927924\" title=\"Ver\" target=\"_blank\">INESPRE-DAF-CM-2021-0027<\/a><\/h6><p class=\"mb-0 bold\">Adquisici\u00f3n de Art\u00edculos de Protecci\u00f3n y Esterilizaci\u00f3n<\/p><p class=\"mb-0\" style=\"font-size: .85rem\"><strong title=\"Estado del Proceso\"><i class=\"fas fa-spinner\"><\/i><\/strong> Proceso adjudicado y celebrado<\/p><p class=\"mb-0\" style=\"font-size: .85rem\"><strong title=\"Fecha de Publicaci\u00f3n\"><i class=\"fas fa-calendar-alt\"><\/i><\/strong> Publicado el martes, 8 de junio de 2021<\/p><\/div><div class=\"col-auto mt-md-0 mt-2\"><a class=\"btn btn-primary btn-lg px-lg-4 d-none d-md-block\" href=\"https:\/\/comunidad.comprasdominicana.gob.do\/\/Public\/Tendering\/OpportunityDetail\/Index?noticeUID=DO1.NTC.927924\" target=\"_blank\" title=\"Detalles\"><i class=\"fas fa-link\"><\/i> DETALLES<\/a><a class=\"btn btn-primary btn-lg px-lg-4 d-block d-md-none\" href=\"https:\/\/comunidad.comprasdominicana.gob.do\/\/Public\/Tendering\/OpportunityDetail\/Index?noticeUID=DO1.NTC.927924\" target=\"_blank\" title=\"Detalles\"><i class=\"fas fa-2x fa-link\"><\/i><\/a><\/div><\/div><\/div><div class=\"jumbotron archivos\"><div class=\"row align-items-center\"><div class=\"col\"><h6><a class=\"text-dark\" href=\"https:\/\/comunidad.comprasdominicana.gob.do\/\/Public\/Tendering\/OpportunityDetail\/Index?noticeUID=DO1.NTC.927813\" title=\"Ver\" target=\"_blank\">INESPRE-DAF-CM-2021-0025<\/a><\/h6><p class=\"mb-0 bold\">Adquisici\u00f3n de Suministros de Limpieza<\/p><p class=\"mb-0\" style=\"font-size: .85rem\"><strong title=\"Estado del Proceso\"><i class=\"fas fa-spinner\"><\/i><\/strong> Proceso adjudicado y celebrado<\/p><p class=\"mb-0\" style=\"font-size: .85rem\"><strong title=\"Fecha de Publicaci\u00f3n\"><i class=\"fas fa-calendar-alt\"><\/i><\/strong> Publicado el martes, 8 de junio de 2021<\/p><\/div><div class=\"col-auto mt-md-0 mt-2\"><a class=\"btn btn-primary btn-lg px-lg-4 d-none d-md-block\" href=\"https:\/\/comunidad.comprasdominicana.gob.do\/\/Public\/Tendering\/OpportunityDetail\/Index?noticeUID=DO1.NTC.927813\" target=\"_blank\" title=\"Detalles\"><i class=\"fas fa-link\"><\/i> DETALLES<\/a><a class=\"btn btn-primary btn-lg px-lg-4 d-block d-md-none\" href=\"https:\/\/comunidad.comprasdominicana.gob.do\/\/Public\/Tendering\/OpportunityDetail\/Index?noticeUID=DO1.NTC.927813\" target=\"_blank\" title=\"Detalles\"><i class=\"fas fa-2x fa-link\"><\/i><\/a><\/div><\/div><\/div><\/div><\/div><\/div>\n        <div class=\"card\">\n            <div class=\"card-header parents\" id=\"heading_compras-menores-69f73f7454400-2021-69f73f7454400-mayo-69f73f7454400\">\n                <p class=\"title text-blue mb-0\">\n                    <a class=\"btn-block hover text-left collapsed\" data-toggle=\"collapse\" data-target=\"#collap_compras-menores-69f73f7454400-2021-69f73f7454400-mayo-69f73f7454400\" aria-expanded=\"false\" aria-controls=\"collap_compras-menores-69f73f7454400-2021-69f73f7454400-mayo-69f73f7454400\">Mayo<\/a>\n                <\/p>\n            <\/div>\n            <div id=\"collap_compras-menores-69f73f7454400-2021-69f73f7454400-mayo-69f73f7454400\" class=\"collapse\" aria-labelledby=\"heading_compras-menores-69f73f7454400-2021-69f73f7454400-mayo-69f73f7454400\" data-parent=\"#collap_compras-menores-69f73f7454400-2021-69f73f7454400\">\n                <div class=\"card-body\"><div class=\"jumbotron archivos\"><div class=\"row align-items-center\"><div class=\"col\"><h6><a class=\"text-dark\" href=\"https:\/\/comunidad.comprasdominicana.gob.do\/\/Public\/Tendering\/OpportunityDetail\/Index?noticeUID=DO1.NTC.922705\" title=\"Ver\" target=\"_blank\">INESPRE-DAF-CM-2021-0024<\/a><\/h6><p class=\"mb-0 bold\">Adquisici\u00f3n de Papel de Ba\u00f1o y Servilletas<\/p><p class=\"mb-0\" style=\"font-size: .85rem\"><strong title=\"Estado del Proceso\"><i class=\"fas fa-spinner\"><\/i><\/strong> Cancelado<\/p><p class=\"mb-0\" style=\"font-size: .85rem\"><strong title=\"Fecha de Publicaci\u00f3n\"><i class=\"fas fa-calendar-alt\"><\/i><\/strong> Publicado el mi\u00e9rcoles, 26 de mayo de 2021<\/p><\/div><div class=\"col-auto mt-md-0 mt-2\"><a class=\"btn btn-primary btn-lg px-lg-4 d-none d-md-block\" href=\"https:\/\/comunidad.comprasdominicana.gob.do\/\/Public\/Tendering\/OpportunityDetail\/Index?noticeUID=DO1.NTC.922705\" target=\"_blank\" title=\"Detalles\"><i class=\"fas fa-link\"><\/i> DETALLES<\/a><a class=\"btn btn-primary btn-lg px-lg-4 d-block d-md-none\" href=\"https:\/\/comunidad.comprasdominicana.gob.do\/\/Public\/Tendering\/OpportunityDetail\/Index?noticeUID=DO1.NTC.922705\" target=\"_blank\" title=\"Detalles\"><i class=\"fas fa-2x fa-link\"><\/i><\/a><\/div><\/div><\/div><div class=\"jumbotron archivos\"><div class=\"row align-items-center\"><div class=\"col\"><h6><a class=\"text-dark\" href=\"https:\/\/comunidad.comprasdominicana.gob.do\/\/Public\/Tendering\/OpportunityDetail\/Index?noticeUID=DO1.NTC.920206\" title=\"Ver\" target=\"_blank\">INESPRE-DAF-CM-2021-0023<\/a><\/h6><p class=\"mb-0 bold\">Alimentos y Bebidas para consumo Institucional<\/p><p class=\"mb-0\" style=\"font-size: .85rem\"><strong title=\"Estado del Proceso\"><i class=\"fas fa-spinner\"><\/i><\/strong> Proceso adjudicado y celebrado<\/p><p class=\"mb-0\" style=\"font-size: .85rem\"><strong title=\"Fecha de Publicaci\u00f3n\"><i class=\"fas fa-calendar-alt\"><\/i><\/strong> Publicado el jueves, 20 de mayo de 2021<\/p><\/div><div class=\"col-auto mt-md-0 mt-2\"><a class=\"btn btn-primary btn-lg px-lg-4 d-none d-md-block\" href=\"https:\/\/comunidad.comprasdominicana.gob.do\/\/Public\/Tendering\/OpportunityDetail\/Index?noticeUID=DO1.NTC.920206\" target=\"_blank\" title=\"Detalles\"><i class=\"fas fa-link\"><\/i> DETALLES<\/a><a class=\"btn btn-primary btn-lg px-lg-4 d-block d-md-none\" href=\"https:\/\/comunidad.comprasdominicana.gob.do\/\/Public\/Tendering\/OpportunityDetail\/Index?noticeUID=DO1.NTC.920206\" target=\"_blank\" title=\"Detalles\"><i class=\"fas fa-2x fa-link\"><\/i><\/a><\/div><\/div><\/div><div class=\"jumbotron archivos\"><div class=\"row align-items-center\"><div class=\"col\"><h6><a class=\"text-dark\" href=\"https:\/\/comunidad.comprasdominicana.gob.do\/\/Public\/Tendering\/OpportunityDetail\/Index?noticeUID=DO1.NTC.918734\" title=\"Ver\" target=\"_blank\">INESPRE-DAF-CM-2021-0022<\/a><\/h6><p class=\"mb-0 bold\">Adquisici\u00f3n de Agua Embotelladas<\/p><p class=\"mb-0\" style=\"font-size: .85rem\"><strong title=\"Estado del Proceso\"><i class=\"fas fa-spinner\"><\/i><\/strong> Proceso adjudicado y celebrado<\/p><p class=\"mb-0\" style=\"font-size: .85rem\"><strong title=\"Fecha de Publicaci\u00f3n\"><i class=\"fas fa-calendar-alt\"><\/i><\/strong> Publicado el lunes, 17 de mayo de 2021<\/p><\/div><div class=\"col-auto mt-md-0 mt-2\"><a class=\"btn btn-primary btn-lg px-lg-4 d-none d-md-block\" href=\"https:\/\/comunidad.comprasdominicana.gob.do\/\/Public\/Tendering\/OpportunityDetail\/Index?noticeUID=DO1.NTC.918734\" target=\"_blank\" title=\"Detalles\"><i class=\"fas fa-link\"><\/i> DETALLES<\/a><a class=\"btn btn-primary btn-lg px-lg-4 d-block d-md-none\" href=\"https:\/\/comunidad.comprasdominicana.gob.do\/\/Public\/Tendering\/OpportunityDetail\/Index?noticeUID=DO1.NTC.918734\" target=\"_blank\" title=\"Detalles\"><i class=\"fas fa-2x fa-link\"><\/i><\/a><\/div><\/div><\/div><div class=\"jumbotron archivos\"><div class=\"row align-items-center\"><div class=\"col\"><h6><a class=\"text-dark\" href=\"https:\/\/comunidad.comprasdominicana.gob.do\/\/Public\/Tendering\/OpportunityDetail\/Index?noticeUID=DO1.NTC.917016\" title=\"Ver\" target=\"_blank\">INESPRE-DAF-CM-2021-0021<\/a><\/h6><p class=\"mb-0 bold\">Contrataci\u00f3n de Servicios para Mantenimiento de Climatizaci\u00f3n por 6 meses<\/p><p class=\"mb-0\" style=\"font-size: .85rem\"><strong title=\"Estado del Proceso\"><i class=\"fas fa-spinner\"><\/i><\/strong> Cancelado<\/p><p class=\"mb-0\" style=\"font-size: .85rem\"><strong title=\"Fecha de Publicaci\u00f3n\"><i class=\"fas fa-calendar-alt\"><\/i><\/strong> Publicado el mi\u00e9rcoles, 12 de mayo de 2021<\/p><\/div><div class=\"col-auto mt-md-0 mt-2\"><a class=\"btn btn-primary btn-lg px-lg-4 d-none d-md-block\" href=\"https:\/\/comunidad.comprasdominicana.gob.do\/\/Public\/Tendering\/OpportunityDetail\/Index?noticeUID=DO1.NTC.917016\" target=\"_blank\" title=\"Detalles\"><i class=\"fas fa-link\"><\/i> DETALLES<\/a><a class=\"btn btn-primary btn-lg px-lg-4 d-block d-md-none\" href=\"https:\/\/comunidad.comprasdominicana.gob.do\/\/Public\/Tendering\/OpportunityDetail\/Index?noticeUID=DO1.NTC.917016\" target=\"_blank\" title=\"Detalles\"><i class=\"fas fa-2x fa-link\"><\/i><\/a><\/div><\/div><\/div><div class=\"jumbotron archivos\"><div class=\"row align-items-center\"><div class=\"col\"><h6><a class=\"text-dark\" href=\"https:\/\/comunidad.comprasdominicana.gob.do\/\/Public\/Tendering\/OpportunityDetail\/Index?noticeUID=DO1.NTC.913411\" title=\"Ver\" target=\"_blank\">INESPRE-DAF-CM-2021-0020<\/a><\/h6><p class=\"mb-0 bold\">Adquisici\u00f3n de Banderas Nacionales e Institucionales<\/p><p class=\"mb-0\" style=\"font-size: .85rem\"><strong title=\"Estado del Proceso\"><i class=\"fas fa-spinner\"><\/i><\/strong> Proceso adjudicado y celebrado<\/p><p class=\"mb-0\" style=\"font-size: .85rem\"><strong title=\"Fecha de Publicaci\u00f3n\"><i class=\"fas fa-calendar-alt\"><\/i><\/strong> Publicado el viernes, 7 de mayo de 2021<\/p><\/div><div class=\"col-auto mt-md-0 mt-2\"><a class=\"btn btn-primary btn-lg px-lg-4 d-none d-md-block\" href=\"https:\/\/comunidad.comprasdominicana.gob.do\/\/Public\/Tendering\/OpportunityDetail\/Index?noticeUID=DO1.NTC.913411\" target=\"_blank\" title=\"Detalles\"><i class=\"fas fa-link\"><\/i> DETALLES<\/a><a class=\"btn btn-primary btn-lg px-lg-4 d-block d-md-none\" href=\"https:\/\/comunidad.comprasdominicana.gob.do\/\/Public\/Tendering\/OpportunityDetail\/Index?noticeUID=DO1.NTC.913411\" target=\"_blank\" title=\"Detalles\"><i class=\"fas fa-2x fa-link\"><\/i><\/a><\/div><\/div><\/div><div class=\"jumbotron archivos\"><div class=\"row align-items-center\"><div class=\"col\"><h6><a class=\"text-dark\" href=\"https:\/\/comunidad.comprasdominicana.gob.do\/\/Public\/Tendering\/OpportunityDetail\/Index?noticeUID=DO1.NTC.911906\" title=\"Ver\" target=\"_blank\">INESPRE-DAF-CM-2021-0019<\/a><\/h6><p class=\"mb-0 bold\">Adquisici\u00f3n de Sacos para empacar<\/p><p class=\"mb-0\" style=\"font-size: .85rem\"><strong title=\"Estado del Proceso\"><i class=\"fas fa-spinner\"><\/i><\/strong> Proceso adjudicado y celebrado<\/p><p class=\"mb-0\" style=\"font-size: .85rem\"><strong title=\"Fecha de Publicaci\u00f3n\"><i class=\"fas fa-calendar-alt\"><\/i><\/strong> Publicado el martes, 4 de mayo de 2021<\/p><\/div><div class=\"col-auto mt-md-0 mt-2\"><a class=\"btn btn-primary btn-lg px-lg-4 d-none d-md-block\" href=\"https:\/\/comunidad.comprasdominicana.gob.do\/\/Public\/Tendering\/OpportunityDetail\/Index?noticeUID=DO1.NTC.911906\" target=\"_blank\" title=\"Detalles\"><i class=\"fas fa-link\"><\/i> DETALLES<\/a><a class=\"btn btn-primary btn-lg px-lg-4 d-block d-md-none\" href=\"https:\/\/comunidad.comprasdominicana.gob.do\/\/Public\/Tendering\/OpportunityDetail\/Index?noticeUID=DO1.NTC.911906\" target=\"_blank\" title=\"Detalles\"><i class=\"fas fa-2x fa-link\"><\/i><\/a><\/div><\/div><\/div><\/div><\/div><\/div>\n        <div class=\"card\">\n            <div class=\"card-header parents\" id=\"heading_compras-menores-69f73f7454400-2021-69f73f7454400-abril-69f73f7454400\">\n                <p class=\"title text-blue mb-0\">\n                    <a class=\"btn-block hover text-left collapsed\" data-toggle=\"collapse\" data-target=\"#collap_compras-menores-69f73f7454400-2021-69f73f7454400-abril-69f73f7454400\" aria-expanded=\"false\" aria-controls=\"collap_compras-menores-69f73f7454400-2021-69f73f7454400-abril-69f73f7454400\">Abril<\/a>\n                <\/p>\n            <\/div>\n            <div id=\"collap_compras-menores-69f73f7454400-2021-69f73f7454400-abril-69f73f7454400\" class=\"collapse\" aria-labelledby=\"heading_compras-menores-69f73f7454400-2021-69f73f7454400-abril-69f73f7454400\" data-parent=\"#collap_compras-menores-69f73f7454400-2021-69f73f7454400\">\n                <div class=\"card-body\"><div class=\"jumbotron archivos\"><div class=\"row align-items-center\"><div class=\"col\"><h6><a class=\"text-dark\" href=\"https:\/\/comunidad.comprasdominicana.gob.do\/\/Public\/Tendering\/OpportunityDetail\/Index?noticeUID=DO1.NTC.903616\" title=\"Ver\" target=\"_blank\">INESPRE-DAF-CM-2021-0018<\/a><\/h6><p class=\"mb-0 bold\">Adquisisci\u00f3n de Repuestos de Veh\u00edculos<\/p><p class=\"mb-0\" style=\"font-size: .85rem\"><strong title=\"Estado del Proceso\"><i class=\"fas fa-spinner\"><\/i><\/strong> Proceso adjudicado y celebrado<\/p><p class=\"mb-0\" style=\"font-size: .85rem\"><strong title=\"Fecha de Publicaci\u00f3n\"><i class=\"fas fa-calendar-alt\"><\/i><\/strong> Publicado el martes, 20 de abril de 2021<\/p><\/div><div class=\"col-auto mt-md-0 mt-2\"><a class=\"btn btn-primary btn-lg px-lg-4 d-none d-md-block\" href=\"https:\/\/comunidad.comprasdominicana.gob.do\/\/Public\/Tendering\/OpportunityDetail\/Index?noticeUID=DO1.NTC.903616\" target=\"_blank\" title=\"Detalles\"><i class=\"fas fa-link\"><\/i> DETALLES<\/a><a class=\"btn btn-primary btn-lg px-lg-4 d-block d-md-none\" href=\"https:\/\/comunidad.comprasdominicana.gob.do\/\/Public\/Tendering\/OpportunityDetail\/Index?noticeUID=DO1.NTC.903616\" target=\"_blank\" title=\"Detalles\"><i class=\"fas fa-2x fa-link\"><\/i><\/a><\/div><\/div><\/div><div class=\"jumbotron archivos\"><div class=\"row align-items-center\"><div class=\"col\"><h6><a class=\"text-dark\" href=\"https:\/\/comunidad.comprasdominicana.gob.do\/\/Public\/Tendering\/OpportunityDetail\/Index?noticeUID=DO1.NTC.901232\" title=\"Ver\" target=\"_blank\">INESPRE-DAF-CM-2021-0017<\/a><\/h6><p class=\"mb-0 bold\">Adquisici\u00f3n de Equipos de Laboratorio y accesorios<\/p><p class=\"mb-0\" style=\"font-size: .85rem\"><strong title=\"Estado del Proceso\"><i class=\"fas fa-spinner\"><\/i><\/strong> Proceso adjudicado y celebrado<\/p><p class=\"mb-0\" style=\"font-size: .85rem\"><strong title=\"Fecha de Publicaci\u00f3n\"><i class=\"fas fa-calendar-alt\"><\/i><\/strong> Publicado el jueves, 15 de abril de 2021<\/p><\/div><div class=\"col-auto mt-md-0 mt-2\"><a class=\"btn btn-primary btn-lg px-lg-4 d-none d-md-block\" href=\"https:\/\/comunidad.comprasdominicana.gob.do\/\/Public\/Tendering\/OpportunityDetail\/Index?noticeUID=DO1.NTC.901232\" target=\"_blank\" title=\"Detalles\"><i class=\"fas fa-link\"><\/i> DETALLES<\/a><a class=\"btn btn-primary btn-lg px-lg-4 d-block d-md-none\" href=\"https:\/\/comunidad.comprasdominicana.gob.do\/\/Public\/Tendering\/OpportunityDetail\/Index?noticeUID=DO1.NTC.901232\" target=\"_blank\" title=\"Detalles\"><i class=\"fas fa-2x fa-link\"><\/i><\/a><\/div><\/div><\/div><div class=\"jumbotron archivos\"><div class=\"row align-items-center\"><div class=\"col\"><h6><a class=\"text-dark\" href=\"https:\/\/comunidad.comprasdominicana.gob.do\/\/Public\/Tendering\/OpportunityDetail\/Index?noticeUID=DO1.NTC.897806\" title=\"Ver\" target=\"_blank\">INESPRE-DAF-CM-2021-0016<\/a><\/h6><p class=\"mb-0 bold\">Adquisici\u00f3n de Pinturas y Accesorios<\/p><p class=\"mb-0\" style=\"font-size: .85rem\"><strong title=\"Estado del Proceso\"><i class=\"fas fa-spinner\"><\/i><\/strong> Proceso adjudicado y celebrado<\/p><p class=\"mb-0\" style=\"font-size: .85rem\"><strong title=\"Fecha de Publicaci\u00f3n\"><i class=\"fas fa-calendar-alt\"><\/i><\/strong> Publicado el jueves, 8 de abril de 2021<\/p><\/div><div class=\"col-auto mt-md-0 mt-2\"><a class=\"btn btn-primary btn-lg px-lg-4 d-none d-md-block\" href=\"https:\/\/comunidad.comprasdominicana.gob.do\/\/Public\/Tendering\/OpportunityDetail\/Index?noticeUID=DO1.NTC.897806\" target=\"_blank\" title=\"Detalles\"><i class=\"fas fa-link\"><\/i> DETALLES<\/a><a class=\"btn btn-primary btn-lg px-lg-4 d-block d-md-none\" href=\"https:\/\/comunidad.comprasdominicana.gob.do\/\/Public\/Tendering\/OpportunityDetail\/Index?noticeUID=DO1.NTC.897806\" target=\"_blank\" title=\"Detalles\"><i class=\"fas fa-2x fa-link\"><\/i><\/a><\/div><\/div><\/div><div class=\"jumbotron archivos\"><div class=\"row align-items-center\"><div class=\"col\"><h6><a class=\"text-dark\" href=\"https:\/\/comunidad.comprasdominicana.gob.do\/\/Public\/Tendering\/OpportunityDetail\/Index?noticeUID=DO1.NTC.896525\" title=\"Ver\" target=\"_blank\">INESPRE-DAF-CM-2021-0015<\/a><\/h6><p class=\"mb-0 bold\">Adquisici\u00f3n de Condimentos y Conservantes<\/p><p class=\"mb-0\" style=\"font-size: .85rem\"><strong title=\"Estado del Proceso\"><i class=\"fas fa-spinner\"><\/i><\/strong> Proceso adjudicado y celebrado<\/p><p class=\"mb-0\" style=\"font-size: .85rem\"><strong title=\"Fecha de Publicaci\u00f3n\"><i class=\"fas fa-calendar-alt\"><\/i><\/strong> Publicado el martes, 6 de abril de 2021<\/p><\/div><div class=\"col-auto mt-md-0 mt-2\"><a class=\"btn btn-primary btn-lg px-lg-4 d-none d-md-block\" href=\"https:\/\/comunidad.comprasdominicana.gob.do\/\/Public\/Tendering\/OpportunityDetail\/Index?noticeUID=DO1.NTC.896525\" target=\"_blank\" title=\"Detalles\"><i class=\"fas fa-link\"><\/i> DETALLES<\/a><a class=\"btn btn-primary btn-lg px-lg-4 d-block d-md-none\" href=\"https:\/\/comunidad.comprasdominicana.gob.do\/\/Public\/Tendering\/OpportunityDetail\/Index?noticeUID=DO1.NTC.896525\" target=\"_blank\" title=\"Detalles\"><i class=\"fas fa-2x fa-link\"><\/i><\/a><\/div><\/div><\/div><div class=\"jumbotron archivos\"><div class=\"row align-items-center\"><div class=\"col\"><h6><a class=\"text-dark\" href=\"https:\/\/comunidad.comprasdominicana.gob.do\/\/Public\/Tendering\/OpportunityDetail\/Index?noticeUID=DO1.NTC.896928\" title=\"Ver\" target=\"_blank\">INESPRE-DAF-CM-2021-0014<\/a><\/h6><p class=\"mb-0 bold\">Adquisici\u00f3n de Pasta de Tomate<\/p><p class=\"mb-0\" style=\"font-size: .85rem\"><strong title=\"Estado del Proceso\"><i class=\"fas fa-spinner\"><\/i><\/strong> Proceso adjudicado y celebrado<\/p><p class=\"mb-0\" style=\"font-size: .85rem\"><strong title=\"Fecha de Publicaci\u00f3n\"><i class=\"fas fa-calendar-alt\"><\/i><\/strong> Publicado el martes, 6 de abril de 2021<\/p><\/div><div class=\"col-auto mt-md-0 mt-2\"><a class=\"btn btn-primary btn-lg px-lg-4 d-none d-md-block\" href=\"https:\/\/comunidad.comprasdominicana.gob.do\/\/Public\/Tendering\/OpportunityDetail\/Index?noticeUID=DO1.NTC.896928\" target=\"_blank\" title=\"Detalles\"><i class=\"fas fa-link\"><\/i> DETALLES<\/a><a class=\"btn btn-primary btn-lg px-lg-4 d-block d-md-none\" href=\"https:\/\/comunidad.comprasdominicana.gob.do\/\/Public\/Tendering\/OpportunityDetail\/Index?noticeUID=DO1.NTC.896928\" target=\"_blank\" title=\"Detalles\"><i class=\"fas fa-2x fa-link\"><\/i><\/a><\/div><\/div><\/div><div class=\"jumbotron archivos\"><div class=\"row align-items-center\"><div class=\"col\"><h6><a class=\"text-dark\" href=\"https:\/\/comunidad.comprasdominicana.gob.do\/\/Public\/Tendering\/OpportunityDetail\/Index?noticeUID=DO1.NTC.897032\" title=\"Ver\" target=\"_blank\">INESPRE-DAF-CM-2021-0013<\/a><\/h6><p class=\"mb-0 bold\">Adquisici\u00f3n de Chocolate<\/p><p class=\"mb-0\" style=\"font-size: .85rem\"><strong title=\"Estado del Proceso\"><i class=\"fas fa-spinner\"><\/i><\/strong> Proceso adjudicado y celebrado<\/p><p class=\"mb-0\" style=\"font-size: .85rem\"><strong title=\"Fecha de Publicaci\u00f3n\"><i class=\"fas fa-calendar-alt\"><\/i><\/strong> Publicado el martes, 6 de abril de 2021<\/p><\/div><div class=\"col-auto mt-md-0 mt-2\"><a class=\"btn btn-primary btn-lg px-lg-4 d-none d-md-block\" href=\"https:\/\/comunidad.comprasdominicana.gob.do\/\/Public\/Tendering\/OpportunityDetail\/Index?noticeUID=DO1.NTC.897032\" target=\"_blank\" title=\"Detalles\"><i class=\"fas fa-link\"><\/i> DETALLES<\/a><a class=\"btn btn-primary btn-lg px-lg-4 d-block d-md-none\" href=\"https:\/\/comunidad.comprasdominicana.gob.do\/\/Public\/Tendering\/OpportunityDetail\/Index?noticeUID=DO1.NTC.897032\" target=\"_blank\" title=\"Detalles\"><i class=\"fas fa-2x fa-link\"><\/i><\/a><\/div><\/div><\/div><div class=\"jumbotron archivos\"><div class=\"row align-items-center\"><div class=\"col\"><h6><a class=\"text-dark\" href=\"https:\/\/comunidad.comprasdominicana.gob.do\/\/Public\/Tendering\/OpportunityDetail\/Index?noticeUID=DO1.NTC.896829\" title=\"Ver\" target=\"_blank\">INESPRE-DAF-CM-2021-0012<\/a><\/h6><p class=\"mb-0 bold\">Adquisici\u00f3n de Sardinas<\/p><p class=\"mb-0\" style=\"font-size: .85rem\"><strong title=\"Estado del Proceso\"><i class=\"fas fa-spinner\"><\/i><\/strong> Proceso adjudicado y celebrado<\/p><p class=\"mb-0\" style=\"font-size: .85rem\"><strong title=\"Fecha de Publicaci\u00f3n\"><i class=\"fas fa-calendar-alt\"><\/i><\/strong> Publicado el martes, 6 de abril de 2021<\/p><\/div><div class=\"col-auto mt-md-0 mt-2\"><a class=\"btn btn-primary btn-lg px-lg-4 d-none d-md-block\" href=\"https:\/\/comunidad.comprasdominicana.gob.do\/\/Public\/Tendering\/OpportunityDetail\/Index?noticeUID=DO1.NTC.896829\" target=\"_blank\" title=\"Detalles\"><i class=\"fas fa-link\"><\/i> DETALLES<\/a><a class=\"btn btn-primary btn-lg px-lg-4 d-block d-md-none\" href=\"https:\/\/comunidad.comprasdominicana.gob.do\/\/Public\/Tendering\/OpportunityDetail\/Index?noticeUID=DO1.NTC.896829\" target=\"_blank\" title=\"Detalles\"><i class=\"fas fa-2x fa-link\"><\/i><\/a><\/div><\/div><\/div><div class=\"jumbotron archivos\"><div class=\"row align-items-center\"><div class=\"col\"><h6><a class=\"text-dark\" href=\"https:\/\/comunidad.comprasdominicana.gob.do\/\/Public\/Tendering\/OpportunityDetail\/Index?noticeUID=DO1.NTC.897022\" title=\"Ver\" target=\"_blank\">INESPRE-DAF-CM-2021-0011<\/a><\/h6><p class=\"mb-0 bold\">Adquisici\u00f3n de Espaguettis<\/p><p class=\"mb-0\" style=\"font-size: .85rem\"><strong title=\"Estado del Proceso\"><i class=\"fas fa-spinner\"><\/i><\/strong> Proceso adjudicado y celebrado<\/p><p class=\"mb-0\" style=\"font-size: .85rem\"><strong title=\"Fecha de Publicaci\u00f3n\"><i class=\"fas fa-calendar-alt\"><\/i><\/strong> Publicado el martes, 6 de abril de 2021<\/p><\/div><div class=\"col-auto mt-md-0 mt-2\"><a class=\"btn btn-primary btn-lg px-lg-4 d-none d-md-block\" href=\"https:\/\/comunidad.comprasdominicana.gob.do\/\/Public\/Tendering\/OpportunityDetail\/Index?noticeUID=DO1.NTC.897022\" target=\"_blank\" title=\"Detalles\"><i class=\"fas fa-link\"><\/i> DETALLES<\/a><a class=\"btn btn-primary btn-lg px-lg-4 d-block d-md-none\" href=\"https:\/\/comunidad.comprasdominicana.gob.do\/\/Public\/Tendering\/OpportunityDetail\/Index?noticeUID=DO1.NTC.897022\" target=\"_blank\" title=\"Detalles\"><i class=\"fas fa-2x fa-link\"><\/i><\/a><\/div><\/div><\/div><div class=\"jumbotron archivos\"><div class=\"row align-items-center\"><div class=\"col\"><h6><a class=\"text-dark\" href=\"https:\/\/comunidad.comprasdominicana.gob.do\/\/Public\/Tendering\/OpportunityDetail\/Index?noticeUID=DO1.NTC.896628\" title=\"Ver\" target=\"_blank\">INESPRE-DAF-CM-2021-0010<\/a><\/h6><p class=\"mb-0 bold\">Adquisici\u00f3n de Aceites Comestibles <\/p><p class=\"mb-0\" style=\"font-size: .85rem\"><strong title=\"Estado del Proceso\"><i class=\"fas fa-spinner\"><\/i><\/strong> Proceso adjudicado y celebrado<\/p><p class=\"mb-0\" style=\"font-size: .85rem\"><strong title=\"Fecha de Publicaci\u00f3n\"><i class=\"fas fa-calendar-alt\"><\/i><\/strong> Publicado el martes, 6 de abril de 2021<\/p><\/div><div class=\"col-auto mt-md-0 mt-2\"><a class=\"btn btn-primary btn-lg px-lg-4 d-none d-md-block\" href=\"https:\/\/comunidad.comprasdominicana.gob.do\/\/Public\/Tendering\/OpportunityDetail\/Index?noticeUID=DO1.NTC.896628\" target=\"_blank\" title=\"Detalles\"><i class=\"fas fa-link\"><\/i> DETALLES<\/a><a class=\"btn btn-primary btn-lg px-lg-4 d-block d-md-none\" href=\"https:\/\/comunidad.comprasdominicana.gob.do\/\/Public\/Tendering\/OpportunityDetail\/Index?noticeUID=DO1.NTC.896628\" target=\"_blank\" title=\"Detalles\"><i class=\"fas fa-2x fa-link\"><\/i><\/a><\/div><\/div><\/div><\/div><\/div><\/div>\n        <div class=\"card\">\n            <div class=\"card-header parents\" id=\"heading_compras-menores-69f73f7454400-2021-69f73f7454400-marzo-69f73f7454400\">\n                <p class=\"title text-blue mb-0\">\n                    <a class=\"btn-block hover text-left collapsed\" data-toggle=\"collapse\" data-target=\"#collap_compras-menores-69f73f7454400-2021-69f73f7454400-marzo-69f73f7454400\" aria-expanded=\"false\" aria-controls=\"collap_compras-menores-69f73f7454400-2021-69f73f7454400-marzo-69f73f7454400\">Marzo<\/a>\n                <\/p>\n            <\/div>\n            <div id=\"collap_compras-menores-69f73f7454400-2021-69f73f7454400-marzo-69f73f7454400\" class=\"collapse\" aria-labelledby=\"heading_compras-menores-69f73f7454400-2021-69f73f7454400-marzo-69f73f7454400\" data-parent=\"#collap_compras-menores-69f73f7454400-2021-69f73f7454400\">\n                <div class=\"card-body\"><div class=\"jumbotron archivos\"><div class=\"row align-items-center\"><div class=\"col\"><h6><a class=\"text-dark\" href=\"https:\/\/comunidad.comprasdominicana.gob.do\/\/Public\/Tendering\/OpportunityDetail\/Index?noticeUID=DO1.NTC.889546\" title=\"Ver\" target=\"_blank\">INESPRE-DAF-CM-2021-0009<\/a><\/h6><p class=\"mb-0 bold\">Servicio de Catering para Eventos de Capacitaci\u00f3n<\/p><p class=\"mb-0\" style=\"font-size: .85rem\"><strong title=\"Estado del Proceso\"><i class=\"fas fa-spinner\"><\/i><\/strong> Proceso adjudicado y celebrado<\/p><p class=\"mb-0\" style=\"font-size: .85rem\"><strong title=\"Fecha de Publicaci\u00f3n\"><i class=\"fas fa-calendar-alt\"><\/i><\/strong> Publicado el jueves, 18 de marzo de 2021<\/p><\/div><div class=\"col-auto mt-md-0 mt-2\"><a class=\"btn btn-primary btn-lg px-lg-4 d-none d-md-block\" href=\"https:\/\/comunidad.comprasdominicana.gob.do\/\/Public\/Tendering\/OpportunityDetail\/Index?noticeUID=DO1.NTC.889546\" target=\"_blank\" title=\"Detalles\"><i class=\"fas fa-link\"><\/i> DETALLES<\/a><a class=\"btn btn-primary btn-lg px-lg-4 d-block d-md-none\" href=\"https:\/\/comunidad.comprasdominicana.gob.do\/\/Public\/Tendering\/OpportunityDetail\/Index?noticeUID=DO1.NTC.889546\" target=\"_blank\" title=\"Detalles\"><i class=\"fas fa-2x fa-link\"><\/i><\/a><\/div><\/div><\/div><div class=\"jumbotron archivos\"><div class=\"row align-items-center\"><div class=\"col\"><h6><a class=\"text-dark\" href=\"https:\/\/comunidad.comprasdominicana.gob.do\/\/Public\/Tendering\/OpportunityDetail\/Index?noticeUID=DO1.NTC.885906\" title=\"Ver\" target=\"_blank\">INESPRE-DAF-CM-2021-0008<\/a><\/h6><p class=\"mb-0 bold\"> Servicio de Alquiler de Contenedor Refrigerado por tres meses<\/p><p class=\"mb-0\" style=\"font-size: .85rem\"><strong title=\"Estado del Proceso\"><i class=\"fas fa-spinner\"><\/i><\/strong> Proceso adjudicado y celebrado<\/p><p class=\"mb-0\" style=\"font-size: .85rem\"><strong title=\"Fecha de Publicaci\u00f3n\"><i class=\"fas fa-calendar-alt\"><\/i><\/strong> Publicado el jueves, 11 de marzo de 2021<\/p><\/div><div class=\"col-auto mt-md-0 mt-2\"><a class=\"btn btn-primary btn-lg px-lg-4 d-none d-md-block\" href=\"https:\/\/comunidad.comprasdominicana.gob.do\/\/Public\/Tendering\/OpportunityDetail\/Index?noticeUID=DO1.NTC.885906\" target=\"_blank\" title=\"Detalles\"><i class=\"fas fa-link\"><\/i> DETALLES<\/a><a class=\"btn btn-primary btn-lg px-lg-4 d-block d-md-none\" href=\"https:\/\/comunidad.comprasdominicana.gob.do\/\/Public\/Tendering\/OpportunityDetail\/Index?noticeUID=DO1.NTC.885906\" target=\"_blank\" title=\"Detalles\"><i class=\"fas fa-2x fa-link\"><\/i><\/a><\/div><\/div><\/div><div class=\"jumbotron archivos\"><div class=\"row align-items-center\"><div class=\"col\"><h6><a class=\"text-dark\" href=\"https:\/\/comunidad.comprasdominicana.gob.do\/\/Public\/Tendering\/OpportunityDetail\/Index?noticeUID=DO1.NTC.885612\" title=\"Ver\" target=\"_blank\">INESPRE-DAF-CM-2021-0007<\/a><\/h6><p class=\"mb-0 bold\">Adquisici\u00f3n de M\u00e1quina Contadora de dinero y Detectores de dinero falsos<\/p><p class=\"mb-0\" style=\"font-size: .85rem\"><strong title=\"Estado del Proceso\"><i class=\"fas fa-spinner\"><\/i><\/strong> Proceso adjudicado y celebrado<\/p><p class=\"mb-0\" style=\"font-size: .85rem\"><strong title=\"Fecha de Publicaci\u00f3n\"><i class=\"fas fa-calendar-alt\"><\/i><\/strong> Publicado el mi\u00e9rcoles, 10 de marzo de 2021<\/p><\/div><div class=\"col-auto mt-md-0 mt-2\"><a class=\"btn btn-primary btn-lg px-lg-4 d-none d-md-block\" href=\"https:\/\/comunidad.comprasdominicana.gob.do\/\/Public\/Tendering\/OpportunityDetail\/Index?noticeUID=DO1.NTC.885612\" target=\"_blank\" title=\"Detalles\"><i class=\"fas fa-link\"><\/i> DETALLES<\/a><a class=\"btn btn-primary btn-lg px-lg-4 d-block d-md-none\" href=\"https:\/\/comunidad.comprasdominicana.gob.do\/\/Public\/Tendering\/OpportunityDetail\/Index?noticeUID=DO1.NTC.885612\" target=\"_blank\" title=\"Detalles\"><i class=\"fas fa-2x fa-link\"><\/i><\/a><\/div><\/div><\/div><\/div><\/div><\/div>\n        <div class=\"card\">\n            <div class=\"card-header parents\" id=\"heading_compras-menores-69f73f7454400-2021-69f73f7454400-febrero-69f73f7454400\">\n                <p class=\"title text-blue mb-0\">\n                    <a class=\"btn-block hover text-left collapsed\" data-toggle=\"collapse\" data-target=\"#collap_compras-menores-69f73f7454400-2021-69f73f7454400-febrero-69f73f7454400\" aria-expanded=\"false\" aria-controls=\"collap_compras-menores-69f73f7454400-2021-69f73f7454400-febrero-69f73f7454400\">Febrero<\/a>\n                <\/p>\n            <\/div>\n            <div id=\"collap_compras-menores-69f73f7454400-2021-69f73f7454400-febrero-69f73f7454400\" class=\"collapse\" aria-labelledby=\"heading_compras-menores-69f73f7454400-2021-69f73f7454400-febrero-69f73f7454400\" data-parent=\"#collap_compras-menores-69f73f7454400-2021-69f73f7454400\">\n                <div class=\"card-body\"><div class=\"jumbotron archivos\"><div class=\"row align-items-center\"><div class=\"col\"><h6><a class=\"text-dark\" href=\"https:\/\/comunidad.comprasdominicana.gob.do\/\/Public\/Tendering\/OpportunityDetail\/Index?noticeUID=DO1.NTC.879011\" title=\"Ver\" target=\"_blank\">INESPRE-DAF-CM-2021-0006<\/a><\/h6><p class=\"mb-0 bold\">Servicio de Almuerzos a domicilio<\/p><p class=\"mb-0\" style=\"font-size: .85rem\"><strong title=\"Estado del Proceso\"><i class=\"fas fa-spinner\"><\/i><\/strong> Proceso adjudicado y celebrado<\/p><p class=\"mb-0\" style=\"font-size: .85rem\"><strong title=\"Fecha de Publicaci\u00f3n\"><i class=\"fas fa-calendar-alt\"><\/i><\/strong> Publicado el jueves, 25 de febrero de 2021<\/p><\/div><div class=\"col-auto mt-md-0 mt-2\"><a class=\"btn btn-primary btn-lg px-lg-4 d-none d-md-block\" href=\"https:\/\/comunidad.comprasdominicana.gob.do\/\/Public\/Tendering\/OpportunityDetail\/Index?noticeUID=DO1.NTC.879011\" target=\"_blank\" title=\"Detalles\"><i class=\"fas fa-link\"><\/i> DETALLES<\/a><a class=\"btn btn-primary btn-lg px-lg-4 d-block d-md-none\" href=\"https:\/\/comunidad.comprasdominicana.gob.do\/\/Public\/Tendering\/OpportunityDetail\/Index?noticeUID=DO1.NTC.879011\" target=\"_blank\" title=\"Detalles\"><i class=\"fas fa-2x fa-link\"><\/i><\/a><\/div><\/div><\/div><div class=\"jumbotron archivos\"><div class=\"row align-items-center\"><div class=\"col\"><h6><a class=\"text-dark\" href=\"https:\/\/comunidad.comprasdominicana.gob.do\/\/Public\/Tendering\/OpportunityDetail\/Index?noticeUID=DO1.NTC.878717\" title=\"Ver\" target=\"_blank\">INESPRE-DAF-CM-2021-0005<\/a><\/h6><p class=\"mb-0 bold\">Servicio de Instalaci\u00f3n y Suministros de Aires Acondicionados<\/p><p class=\"mb-0\" style=\"font-size: .85rem\"><strong title=\"Estado del Proceso\"><i class=\"fas fa-spinner\"><\/i><\/strong> Cancelado<\/p><p class=\"mb-0\" style=\"font-size: .85rem\"><strong title=\"Fecha de Publicaci\u00f3n\"><i class=\"fas fa-calendar-alt\"><\/i><\/strong> Publicado el mi\u00e9rcoles, 24 de febrero de 2021<\/p><\/div><div class=\"col-auto mt-md-0 mt-2\"><a class=\"btn btn-primary btn-lg px-lg-4 d-none d-md-block\" href=\"https:\/\/comunidad.comprasdominicana.gob.do\/\/Public\/Tendering\/OpportunityDetail\/Index?noticeUID=DO1.NTC.878717\" target=\"_blank\" title=\"Detalles\"><i class=\"fas fa-link\"><\/i> DETALLES<\/a><a class=\"btn btn-primary btn-lg px-lg-4 d-block d-md-none\" href=\"https:\/\/comunidad.comprasdominicana.gob.do\/\/Public\/Tendering\/OpportunityDetail\/Index?noticeUID=DO1.NTC.878717\" target=\"_blank\" title=\"Detalles\"><i class=\"fas fa-2x fa-link\"><\/i><\/a><\/div><\/div><\/div><div class=\"jumbotron archivos\"><div class=\"row align-items-center\"><div class=\"col\"><h6><a class=\"text-dark\" href=\"https:\/\/comunidad.comprasdominicana.gob.do\/\/Public\/Tendering\/OpportunityDetail\/Index?noticeUID=DO1.NTC.878116\" title=\"Ver\" target=\"_blank\">INESPRE-DAF-CM-2021-0004<\/a><\/h6><p class=\"mb-0 bold\">Servicio de Alquiler e Instalaci\u00f3n de Equipo de Generaci\u00f3n El\u00e9ctrica, durante cuatro (04) semanas<\/p><p class=\"mb-0\" style=\"font-size: .85rem\"><strong title=\"Estado del Proceso\"><i class=\"fas fa-spinner\"><\/i><\/strong> Cancelado<\/p><p class=\"mb-0\" style=\"font-size: .85rem\"><strong title=\"Fecha de Publicaci\u00f3n\"><i class=\"fas fa-calendar-alt\"><\/i><\/strong> Publicado el martes, 23 de febrero de 2021<\/p><\/div><div class=\"col-auto mt-md-0 mt-2\"><a class=\"btn btn-primary btn-lg px-lg-4 d-none d-md-block\" href=\"https:\/\/comunidad.comprasdominicana.gob.do\/\/Public\/Tendering\/OpportunityDetail\/Index?noticeUID=DO1.NTC.878116\" target=\"_blank\" title=\"Detalles\"><i class=\"fas fa-link\"><\/i> DETALLES<\/a><a class=\"btn btn-primary btn-lg px-lg-4 d-block d-md-none\" href=\"https:\/\/comunidad.comprasdominicana.gob.do\/\/Public\/Tendering\/OpportunityDetail\/Index?noticeUID=DO1.NTC.878116\" target=\"_blank\" title=\"Detalles\"><i class=\"fas fa-2x fa-link\"><\/i><\/a><\/div><\/div><\/div><div class=\"jumbotron archivos\"><div class=\"row align-items-center\"><div class=\"col\"><h6><a class=\"text-dark\" href=\"https:\/\/comunidad.comprasdominicana.gob.do\/\/Public\/Tendering\/OpportunityDetail\/Index?noticeUID=DO1.NTC.876216\" title=\"Ver\" target=\"_blank\">INESPRE-DAF-CM-2021-0003<\/a><\/h6><p class=\"mb-0 bold\">Adquisici\u00f3n de Equipos de Seguridad y Protecci\u00f3n Personal y Carrito para Almac\u00e9n<\/p><p class=\"mb-0\" style=\"font-size: .85rem\"><strong title=\"Estado del Proceso\"><i class=\"fas fa-spinner\"><\/i><\/strong> Proceso adjudicado y celebrado<\/p><p class=\"mb-0\" style=\"font-size: .85rem\"><strong title=\"Fecha de Publicaci\u00f3n\"><i class=\"fas fa-calendar-alt\"><\/i><\/strong> Publicado el jueves, 18 de febrero de 2021<\/p><\/div><div class=\"col-auto mt-md-0 mt-2\"><a class=\"btn btn-primary btn-lg px-lg-4 d-none d-md-block\" href=\"https:\/\/comunidad.comprasdominicana.gob.do\/\/Public\/Tendering\/OpportunityDetail\/Index?noticeUID=DO1.NTC.876216\" target=\"_blank\" title=\"Detalles\"><i class=\"fas fa-link\"><\/i> DETALLES<\/a><a class=\"btn btn-primary btn-lg px-lg-4 d-block d-md-none\" href=\"https:\/\/comunidad.comprasdominicana.gob.do\/\/Public\/Tendering\/OpportunityDetail\/Index?noticeUID=DO1.NTC.876216\" target=\"_blank\" title=\"Detalles\"><i class=\"fas fa-2x fa-link\"><\/i><\/a><\/div><\/div><\/div><div class=\"jumbotron archivos\"><div class=\"row align-items-center\"><div class=\"col\"><h6><a class=\"text-dark\" href=\"https:\/\/comunidad.comprasdominicana.gob.do\/\/Public\/Tendering\/OpportunityDetail\/Index?noticeUID=DO1.NTC.874218\" title=\"Ver\" target=\"_blank\">INESPRE-DAF-CM-2021-0002<\/a><\/h6><p class=\"mb-0 bold\">Servicio de Alquiler de Contenedores<\/p><p class=\"mb-0\" style=\"font-size: .85rem\"><strong title=\"Estado del Proceso\"><i class=\"fas fa-spinner\"><\/i><\/strong> Proceso adjudicado y celebrado<\/p><p class=\"mb-0\" style=\"font-size: .85rem\"><strong title=\"Fecha de Publicaci\u00f3n\"><i class=\"fas fa-calendar-alt\"><\/i><\/strong> Publicado el lunes, 15 de febrero de 2021<\/p><\/div><div class=\"col-auto mt-md-0 mt-2\"><a class=\"btn btn-primary btn-lg px-lg-4 d-none d-md-block\" href=\"https:\/\/comunidad.comprasdominicana.gob.do\/\/Public\/Tendering\/OpportunityDetail\/Index?noticeUID=DO1.NTC.874218\" target=\"_blank\" title=\"Detalles\"><i class=\"fas fa-link\"><\/i> DETALLES<\/a><a class=\"btn btn-primary btn-lg px-lg-4 d-block d-md-none\" href=\"https:\/\/comunidad.comprasdominicana.gob.do\/\/Public\/Tendering\/OpportunityDetail\/Index?noticeUID=DO1.NTC.874218\" target=\"_blank\" title=\"Detalles\"><i class=\"fas fa-2x fa-link\"><\/i><\/a><\/div><\/div><\/div><div class=\"jumbotron archivos\"><div class=\"row align-items-center\"><div class=\"col\"><h6><a class=\"text-dark\" href=\"https:\/\/comunidad.comprasdominicana.gob.do\/\/Public\/Tendering\/OpportunityDetail\/Index?noticeUID=DO1.NTC.869714\" title=\"Ver\" target=\"_blank\">INESPRE-DAF-CM-2021-0001<\/a><\/h6><p class=\"mb-0 bold\">Adquisici\u00f3n de Electrodom\u00e9sticos<\/p><p class=\"mb-0\" style=\"font-size: .85rem\"><strong title=\"Estado del Proceso\"><i class=\"fas fa-spinner\"><\/i><\/strong> Proceso adjudicado y celebrado<\/p><p class=\"mb-0\" style=\"font-size: .85rem\"><strong title=\"Fecha de Publicaci\u00f3n\"><i class=\"fas fa-calendar-alt\"><\/i><\/strong> Publicado el mi\u00e9rcoles, 3 de febrero de 2021<\/p><\/div><div class=\"col-auto mt-md-0 mt-2\"><a class=\"btn btn-primary btn-lg px-lg-4 d-none d-md-block\" href=\"https:\/\/comunidad.comprasdominicana.gob.do\/\/Public\/Tendering\/OpportunityDetail\/Index?noticeUID=DO1.NTC.869714\" target=\"_blank\" title=\"Detalles\"><i class=\"fas fa-link\"><\/i> DETALLES<\/a><a class=\"btn btn-primary btn-lg px-lg-4 d-block d-md-none\" href=\"https:\/\/comunidad.comprasdominicana.gob.do\/\/Public\/Tendering\/OpportunityDetail\/Index?noticeUID=DO1.NTC.869714\" target=\"_blank\" title=\"Detalles\"><i class=\"fas fa-2x fa-link\"><\/i><\/a><\/div><\/div><\/div><\/div><\/div><\/div><\/div><\/div><\/div>\n        <div class=\"card\">\n            <div class=\"card-header parents\" id=\"heading_compras-menores-69f73f7454400-2020-69f73f7454400\">\n                <p class=\"title text-blue mb-0\">\n                    <a class=\"btn-block hover text-left collapsed\" data-toggle=\"collapse\" data-target=\"#collap_compras-menores-69f73f7454400-2020-69f73f7454400\" aria-expanded=\"false\" aria-controls=\"collap_compras-menores-69f73f7454400-2020-69f73f7454400\">2020<\/a>\n                <\/p>\n            <\/div>\n            <div id=\"collap_compras-menores-69f73f7454400-2020-69f73f7454400\" class=\"collapse\" aria-labelledby=\"heading_compras-menores-69f73f7454400-2020-69f73f7454400\" data-parent=\"#collap_compras-menores-69f73f7454400\">\n                <div class=\"card-body\">\n        <div class=\"card\">\n            <div class=\"card-header parents\" id=\"heading_compras-menores-69f73f7454400-2020-69f73f7454400-diciembre-69f73f7454400\">\n                <p class=\"title text-blue mb-0\">\n                    <a class=\"btn-block hover text-left collapsed\" data-toggle=\"collapse\" data-target=\"#collap_compras-menores-69f73f7454400-2020-69f73f7454400-diciembre-69f73f7454400\" aria-expanded=\"false\" aria-controls=\"collap_compras-menores-69f73f7454400-2020-69f73f7454400-diciembre-69f73f7454400\">Diciembre<\/a>\n                <\/p>\n            <\/div>\n            <div id=\"collap_compras-menores-69f73f7454400-2020-69f73f7454400-diciembre-69f73f7454400\" class=\"collapse\" aria-labelledby=\"heading_compras-menores-69f73f7454400-2020-69f73f7454400-diciembre-69f73f7454400\" data-parent=\"#collap_compras-menores-69f73f7454400-2020-69f73f7454400\">\n                <div class=\"card-body\"><div class=\"jumbotron archivos\"><div class=\"row align-items-center\"><div class=\"col\"><h6><a class=\"text-dark\" href=\"https:\/\/comunidad.comprasdominicana.gob.do\/\/Public\/Tendering\/OpportunityDetail\/Index?noticeUID=DO1.NTC.855522\" title=\"Ver\" target=\"_blank\">INESPRE-DAF-CM-2020-0043<\/a><\/h6><p class=\"mb-0 bold\">Adquisici\u00f3n de Suministros de Oficina<\/p><p class=\"mb-0\" style=\"font-size: .85rem\"><strong title=\"Estado del Proceso\"><i class=\"fas fa-spinner\"><\/i><\/strong> Proceso adjudicado y celebrado<\/p><p class=\"mb-0\" style=\"font-size: .85rem\"><strong title=\"Fecha de Publicaci\u00f3n\"><i class=\"fas fa-calendar-alt\"><\/i><\/strong> Publicado el mi\u00e9rcoles, 23 de diciembre de 2020<\/p><\/div><div class=\"col-auto mt-md-0 mt-2\"><a class=\"btn btn-primary btn-lg px-lg-4 d-none d-md-block\" href=\"https:\/\/comunidad.comprasdominicana.gob.do\/\/Public\/Tendering\/OpportunityDetail\/Index?noticeUID=DO1.NTC.855522\" target=\"_blank\" title=\"Detalles\"><i class=\"fas fa-link\"><\/i> DETALLES<\/a><a class=\"btn btn-primary btn-lg px-lg-4 d-block d-md-none\" href=\"https:\/\/comunidad.comprasdominicana.gob.do\/\/Public\/Tendering\/OpportunityDetail\/Index?noticeUID=DO1.NTC.855522\" target=\"_blank\" title=\"Detalles\"><i class=\"fas fa-2x fa-link\"><\/i><\/a><\/div><\/div><\/div><div class=\"jumbotron archivos\"><div class=\"row align-items-center\"><div class=\"col\"><h6><a class=\"text-dark\" href=\"https:\/\/comunidad.comprasdominicana.gob.do\/\/Public\/Tendering\/OpportunityDetail\/Index?noticeUID=DO1.NTC.855224\" title=\"Ver\" target=\"_blank\">INESPRE-DAF-CM-2020-0042<\/a><\/h6><p class=\"mb-0 bold\">Adquisici\u00f3n de Suministros de Aseo y Limpieza<\/p><p class=\"mb-0\" style=\"font-size: .85rem\"><strong title=\"Estado del Proceso\"><i class=\"fas fa-spinner\"><\/i><\/strong> Proceso adjudicado y celebrado<\/p><p class=\"mb-0\" style=\"font-size: .85rem\"><strong title=\"Fecha de Publicaci\u00f3n\"><i class=\"fas fa-calendar-alt\"><\/i><\/strong> Publicado el mi\u00e9rcoles, 23 de diciembre de 2020<\/p><\/div><div class=\"col-auto mt-md-0 mt-2\"><a class=\"btn btn-primary btn-lg px-lg-4 d-none d-md-block\" href=\"https:\/\/comunidad.comprasdominicana.gob.do\/\/Public\/Tendering\/OpportunityDetail\/Index?noticeUID=DO1.NTC.855224\" target=\"_blank\" title=\"Detalles\"><i class=\"fas fa-link\"><\/i> DETALLES<\/a><a class=\"btn btn-primary btn-lg px-lg-4 d-block d-md-none\" href=\"https:\/\/comunidad.comprasdominicana.gob.do\/\/Public\/Tendering\/OpportunityDetail\/Index?noticeUID=DO1.NTC.855224\" target=\"_blank\" title=\"Detalles\"><i class=\"fas fa-2x fa-link\"><\/i><\/a><\/div><\/div><\/div><div class=\"jumbotron archivos\"><div class=\"row align-items-center\"><div class=\"col\"><h6><a class=\"text-dark\" href=\"https:\/\/comunidad.comprasdominicana.gob.do\/\/Public\/Tendering\/OpportunityDetail\/Index?noticeUID=DO1.NTC.855104\" title=\"Ver\" target=\"_blank\">INESPRE-DAF-CM-2020-0041<\/a><\/h6><p class=\"mb-0 bold\">Adquisici\u00f3n de Productos de Papel<\/p><p class=\"mb-0\" style=\"font-size: .85rem\"><strong title=\"Estado del Proceso\"><i class=\"fas fa-spinner\"><\/i><\/strong> Proceso adjudicado y celebrado<\/p><p class=\"mb-0\" style=\"font-size: .85rem\"><strong title=\"Fecha de Publicaci\u00f3n\"><i class=\"fas fa-calendar-alt\"><\/i><\/strong> Publicado el martes, 22 de diciembre de 2020<\/p><\/div><div class=\"col-auto mt-md-0 mt-2\"><a class=\"btn btn-primary btn-lg px-lg-4 d-none d-md-block\" href=\"https:\/\/comunidad.comprasdominicana.gob.do\/\/Public\/Tendering\/OpportunityDetail\/Index?noticeUID=DO1.NTC.855104\" target=\"_blank\" title=\"Detalles\"><i class=\"fas fa-link\"><\/i> DETALLES<\/a><a class=\"btn btn-primary btn-lg px-lg-4 d-block d-md-none\" href=\"https:\/\/comunidad.comprasdominicana.gob.do\/\/Public\/Tendering\/OpportunityDetail\/Index?noticeUID=DO1.NTC.855104\" target=\"_blank\" title=\"Detalles\"><i class=\"fas fa-2x fa-link\"><\/i><\/a><\/div><\/div><\/div><div class=\"jumbotron archivos\"><div class=\"row align-items-center\"><div class=\"col\"><h6><a class=\"text-dark\" href=\"https:\/\/comunidad.comprasdominicana.gob.do\/\/Public\/Tendering\/OpportunityDetail\/Index?noticeUID=DO1.NTC.847555\" title=\"Ver\" target=\"_blank\">INESPRE-DAF-CM-2020-0039<\/a><\/h6><p class=\"mb-0 bold\">Adquisici\u00f3n de Formularios<\/p><p class=\"mb-0\" style=\"font-size: .85rem\"><strong title=\"Estado del Proceso\"><i class=\"fas fa-spinner\"><\/i><\/strong> Proceso adjudicado y celebrado<\/p><p class=\"mb-0\" style=\"font-size: .85rem\"><strong title=\"Fecha de Publicaci\u00f3n\"><i class=\"fas fa-calendar-alt\"><\/i><\/strong> Publicado el viernes, 4 de diciembre de 2020<\/p><\/div><div class=\"col-auto mt-md-0 mt-2\"><a class=\"btn btn-primary btn-lg px-lg-4 d-none d-md-block\" href=\"https:\/\/comunidad.comprasdominicana.gob.do\/\/Public\/Tendering\/OpportunityDetail\/Index?noticeUID=DO1.NTC.847555\" target=\"_blank\" title=\"Detalles\"><i class=\"fas fa-link\"><\/i> DETALLES<\/a><a class=\"btn btn-primary btn-lg px-lg-4 d-block d-md-none\" href=\"https:\/\/comunidad.comprasdominicana.gob.do\/\/Public\/Tendering\/OpportunityDetail\/Index?noticeUID=DO1.NTC.847555\" target=\"_blank\" title=\"Detalles\"><i class=\"fas fa-2x fa-link\"><\/i><\/a><\/div><\/div><\/div><div class=\"jumbotron archivos\"><div class=\"row align-items-center\"><div class=\"col\"><h6><a class=\"text-dark\" href=\"https:\/\/comunidad.comprasdominicana.gob.do\/\/Public\/Tendering\/OpportunityDetail\/Index?noticeUID=DO1.NTC.847520\" title=\"Ver\" target=\"_blank\">INESPRE-DAF-CM-2020-0040<\/a><\/h6><p class=\"mb-0 bold\">Adquisici\u00f3n de Uniformes y Prendas de Vestir<\/p><p class=\"mb-0\" style=\"font-size: .85rem\"><strong title=\"Estado del Proceso\"><i class=\"fas fa-spinner\"><\/i><\/strong> Proceso adjudicado y celebrado<\/p><p class=\"mb-0\" style=\"font-size: .85rem\"><strong title=\"Fecha de Publicaci\u00f3n\"><i class=\"fas fa-calendar-alt\"><\/i><\/strong> Publicado el viernes, 4 de diciembre de 2020<\/p><\/div><div class=\"col-auto mt-md-0 mt-2\"><a class=\"btn btn-primary btn-lg px-lg-4 d-none d-md-block\" href=\"https:\/\/comunidad.comprasdominicana.gob.do\/\/Public\/Tendering\/OpportunityDetail\/Index?noticeUID=DO1.NTC.847520\" target=\"_blank\" title=\"Detalles\"><i class=\"fas fa-link\"><\/i> DETALLES<\/a><a class=\"btn btn-primary btn-lg px-lg-4 d-block d-md-none\" href=\"https:\/\/comunidad.comprasdominicana.gob.do\/\/Public\/Tendering\/OpportunityDetail\/Index?noticeUID=DO1.NTC.847520\" target=\"_blank\" title=\"Detalles\"><i class=\"fas fa-2x fa-link\"><\/i><\/a><\/div><\/div><\/div><div class=\"jumbotron archivos\"><div class=\"row align-items-center\"><div class=\"col\"><h6><a class=\"text-dark\" href=\"https:\/\/comunidad.comprasdominicana.gob.do\/\/Public\/Tendering\/OpportunityDetail\/Index?noticeUID=DO1.NTC.846033\" title=\"Ver\" target=\"_blank\">INESPRE-DAF-CM-2020-0038<\/a><\/h6><p class=\"mb-0 bold\">Adquisici\u00f3n de Pinturas y Accesorios<\/p><p class=\"mb-0\" style=\"font-size: .85rem\"><strong title=\"Estado del Proceso\"><i class=\"fas fa-spinner\"><\/i><\/strong> Proceso adjudicado y celebrado<\/p><p class=\"mb-0\" style=\"font-size: .85rem\"><strong title=\"Fecha de Publicaci\u00f3n\"><i class=\"fas fa-calendar-alt\"><\/i><\/strong> Publicado el martes, 1 de diciembre de 2020<\/p><\/div><div class=\"col-auto mt-md-0 mt-2\"><a class=\"btn btn-primary btn-lg px-lg-4 d-none d-md-block\" href=\"https:\/\/comunidad.comprasdominicana.gob.do\/\/Public\/Tendering\/OpportunityDetail\/Index?noticeUID=DO1.NTC.846033\" target=\"_blank\" title=\"Detalles\"><i class=\"fas fa-link\"><\/i> DETALLES<\/a><a class=\"btn btn-primary btn-lg px-lg-4 d-block d-md-none\" href=\"https:\/\/comunidad.comprasdominicana.gob.do\/\/Public\/Tendering\/OpportunityDetail\/Index?noticeUID=DO1.NTC.846033\" target=\"_blank\" title=\"Detalles\"><i class=\"fas fa-2x fa-link\"><\/i><\/a><\/div><\/div><\/div><\/div><\/div><\/div>\n        <div class=\"card\">\n            <div class=\"card-header parents\" id=\"heading_compras-menores-69f73f7454400-2020-69f73f7454400-noviembre-69f73f7454400\">\n                <p class=\"title text-blue mb-0\">\n                    <a class=\"btn-block hover text-left collapsed\" data-toggle=\"collapse\" data-target=\"#collap_compras-menores-69f73f7454400-2020-69f73f7454400-noviembre-69f73f7454400\" aria-expanded=\"false\" aria-controls=\"collap_compras-menores-69f73f7454400-2020-69f73f7454400-noviembre-69f73f7454400\">Noviembre<\/a>\n                <\/p>\n            <\/div>\n            <div id=\"collap_compras-menores-69f73f7454400-2020-69f73f7454400-noviembre-69f73f7454400\" class=\"collapse\" aria-labelledby=\"heading_compras-menores-69f73f7454400-2020-69f73f7454400-noviembre-69f73f7454400\" data-parent=\"#collap_compras-menores-69f73f7454400-2020-69f73f7454400\">\n                <div class=\"card-body\"><div class=\"jumbotron archivos\"><div class=\"row align-items-center\"><div class=\"col\"><h6><a class=\"text-dark\" href=\"https:\/\/comunidad.comprasdominicana.gob.do\/\/Public\/Tendering\/OpportunityDetail\/Index?noticeUID=DO1.NTC.841134\" title=\"Ver\" target=\"_blank\">INESPRE-DAF-CM-2020-0037<\/a><\/h6><p class=\"mb-0 bold\">Adquisici\u00f3n de Az\u00facar Crema y Chocolate<\/p><p class=\"mb-0\" style=\"font-size: .85rem\"><strong title=\"Estado del Proceso\"><i class=\"fas fa-spinner\"><\/i><\/strong> Proceso adjudicado y celebrado<\/p><p class=\"mb-0\" style=\"font-size: .85rem\"><strong title=\"Fecha de Publicaci\u00f3n\"><i class=\"fas fa-calendar-alt\"><\/i><\/strong> Publicado el jueves, 19 de noviembre de 2020<\/p><\/div><div class=\"col-auto mt-md-0 mt-2\"><a class=\"btn btn-primary btn-lg px-lg-4 d-none d-md-block\" href=\"https:\/\/comunidad.comprasdominicana.gob.do\/\/Public\/Tendering\/OpportunityDetail\/Index?noticeUID=DO1.NTC.841134\" target=\"_blank\" title=\"Detalles\"><i class=\"fas fa-link\"><\/i> DETALLES<\/a><a class=\"btn btn-primary btn-lg px-lg-4 d-block d-md-none\" href=\"https:\/\/comunidad.comprasdominicana.gob.do\/\/Public\/Tendering\/OpportunityDetail\/Index?noticeUID=DO1.NTC.841134\" target=\"_blank\" title=\"Detalles\"><i class=\"fas fa-2x fa-link\"><\/i><\/a><\/div><\/div><\/div><div class=\"jumbotron archivos\"><div class=\"row align-items-center\"><div class=\"col\"><h6><a class=\"text-dark\" href=\"https:\/\/comunidad.comprasdominicana.gob.do\/\/Public\/Tendering\/OpportunityDetail\/Index?noticeUID=DO1.NTC.840930\" title=\"Ver\" target=\"_blank\">INESPRE-DAF-CM-2020-0036<\/a><\/h6><p class=\"mb-0 bold\">Adquisici\u00f3n de Sardinas<\/p><p class=\"mb-0\" style=\"font-size: .85rem\"><strong title=\"Estado del Proceso\"><i class=\"fas fa-spinner\"><\/i><\/strong> Proceso adjudicado y celebrado<\/p><p class=\"mb-0\" style=\"font-size: .85rem\"><strong title=\"Fecha de Publicaci\u00f3n\"><i class=\"fas fa-calendar-alt\"><\/i><\/strong> Publicado el jueves, 19 de noviembre de 2020<\/p><\/div><div class=\"col-auto mt-md-0 mt-2\"><a class=\"btn btn-primary btn-lg px-lg-4 d-none d-md-block\" href=\"https:\/\/comunidad.comprasdominicana.gob.do\/\/Public\/Tendering\/OpportunityDetail\/Index?noticeUID=DO1.NTC.840930\" target=\"_blank\" title=\"Detalles\"><i class=\"fas fa-link\"><\/i> DETALLES<\/a><a class=\"btn btn-primary btn-lg px-lg-4 d-block d-md-none\" href=\"https:\/\/comunidad.comprasdominicana.gob.do\/\/Public\/Tendering\/OpportunityDetail\/Index?noticeUID=DO1.NTC.840930\" target=\"_blank\" title=\"Detalles\"><i class=\"fas fa-2x fa-link\"><\/i><\/a><\/div><\/div><\/div><div class=\"jumbotron archivos\"><div class=\"row align-items-center\"><div class=\"col\"><h6><a class=\"text-dark\" href=\"https:\/\/comunidad.comprasdominicana.gob.do\/\/Public\/Tendering\/OpportunityDetail\/Index?noticeUID=DO1.NTC.841229\" title=\"Ver\" target=\"_blank\">INESPRE-DAF-CM-2020-0035<\/a><\/h6><p class=\"mb-0 bold\">Adquisici\u00f3n de Espaquettis<\/p><p class=\"mb-0\" style=\"font-size: .85rem\"><strong title=\"Estado del Proceso\"><i class=\"fas fa-spinner\"><\/i><\/strong> Proceso adjudicado y celebrado<\/p><p class=\"mb-0\" style=\"font-size: .85rem\"><strong title=\"Fecha de Publicaci\u00f3n\"><i class=\"fas fa-calendar-alt\"><\/i><\/strong> Publicado el jueves, 19 de noviembre de 2020<\/p><\/div><div class=\"col-auto mt-md-0 mt-2\"><a class=\"btn btn-primary btn-lg px-lg-4 d-none d-md-block\" href=\"https:\/\/comunidad.comprasdominicana.gob.do\/\/Public\/Tendering\/OpportunityDetail\/Index?noticeUID=DO1.NTC.841229\" target=\"_blank\" title=\"Detalles\"><i class=\"fas fa-link\"><\/i> DETALLES<\/a><a class=\"btn btn-primary btn-lg px-lg-4 d-block d-md-none\" href=\"https:\/\/comunidad.comprasdominicana.gob.do\/\/Public\/Tendering\/OpportunityDetail\/Index?noticeUID=DO1.NTC.841229\" target=\"_blank\" title=\"Detalles\"><i class=\"fas fa-2x fa-link\"><\/i><\/a><\/div><\/div><\/div><div class=\"jumbotron archivos\"><div class=\"row align-items-center\"><div class=\"col\"><h6><a class=\"text-dark\" href=\"https:\/\/comunidad.comprasdominicana.gob.do\/\/Public\/Tendering\/OpportunityDetail\/Index?noticeUID=DO1.NTC.841331\" title=\"Ver\" target=\"_blank\">INESPRE-DAF-CM-2020-0034<\/a><\/h6><p class=\"mb-0 bold\">Adquisici\u00f3n de Caf\u00e9 Molido<\/p><p class=\"mb-0\" style=\"font-size: .85rem\"><strong title=\"Estado del Proceso\"><i class=\"fas fa-spinner\"><\/i><\/strong> Proceso adjudicado y celebrado<\/p><p class=\"mb-0\" style=\"font-size: .85rem\"><strong title=\"Fecha de Publicaci\u00f3n\"><i class=\"fas fa-calendar-alt\"><\/i><\/strong> Publicado el jueves, 19 de noviembre de 2020<\/p><\/div><div class=\"col-auto mt-md-0 mt-2\"><a class=\"btn btn-primary btn-lg px-lg-4 d-none d-md-block\" href=\"https:\/\/comunidad.comprasdominicana.gob.do\/\/Public\/Tendering\/OpportunityDetail\/Index?noticeUID=DO1.NTC.841331\" target=\"_blank\" title=\"Detalles\"><i class=\"fas fa-link\"><\/i> DETALLES<\/a><a class=\"btn btn-primary btn-lg px-lg-4 d-block d-md-none\" href=\"https:\/\/comunidad.comprasdominicana.gob.do\/\/Public\/Tendering\/OpportunityDetail\/Index?noticeUID=DO1.NTC.841331\" target=\"_blank\" title=\"Detalles\"><i class=\"fas fa-2x fa-link\"><\/i><\/a><\/div><\/div><\/div><div class=\"jumbotron archivos\"><div class=\"row align-items-center\"><div class=\"col\"><h6><a class=\"text-dark\" href=\"https:\/\/comunidad.comprasdominicana.gob.do\/\/Public\/Tendering\/OpportunityDetail\/Index?noticeUID=DO1.NTC.840824\" title=\"Ver\" target=\"_blank\">INESPRE-DAF-CM-2020-0033<\/a><\/h6><p class=\"mb-0 bold\">Adquisici\u00f3n de Art\u00edculos y Esterilizaci\u00f3n.<\/p><p class=\"mb-0\" style=\"font-size: .85rem\"><strong title=\"Estado del Proceso\"><i class=\"fas fa-spinner\"><\/i><\/strong> Proceso adjudicado y celebrado<\/p><p class=\"mb-0\" style=\"font-size: .85rem\"><strong title=\"Fecha de Publicaci\u00f3n\"><i class=\"fas fa-calendar-alt\"><\/i><\/strong> Publicado el jueves, 19 de noviembre de 2020<\/p><\/div><div class=\"col-auto mt-md-0 mt-2\"><a class=\"btn btn-primary btn-lg px-lg-4 d-none d-md-block\" href=\"https:\/\/comunidad.comprasdominicana.gob.do\/\/Public\/Tendering\/OpportunityDetail\/Index?noticeUID=DO1.NTC.840824\" target=\"_blank\" title=\"Detalles\"><i class=\"fas fa-link\"><\/i> DETALLES<\/a><a class=\"btn btn-primary btn-lg px-lg-4 d-block d-md-none\" href=\"https:\/\/comunidad.comprasdominicana.gob.do\/\/Public\/Tendering\/OpportunityDetail\/Index?noticeUID=DO1.NTC.840824\" target=\"_blank\" title=\"Detalles\"><i class=\"fas fa-2x fa-link\"><\/i><\/a><\/div><\/div><\/div><div class=\"jumbotron archivos\"><div class=\"row align-items-center\"><div class=\"col\"><h6><a class=\"text-dark\" href=\"https:\/\/comunidad.comprasdominicana.gob.do\/\/Public\/Tendering\/OpportunityDetail\/Index?noticeUID=DO1.NTC.840523\" title=\"Ver\" target=\"_blank\">INESPRE-DAF-CM-2020-0032<\/a><\/h6><p class=\"mb-0 bold\">Renovacion de logo e imagen corporativa<\/p><p class=\"mb-0\" style=\"font-size: .85rem\"><strong title=\"Estado del Proceso\"><i class=\"fas fa-spinner\"><\/i><\/strong> Cancelado<\/p><p class=\"mb-0\" style=\"font-size: .85rem\"><strong title=\"Fecha de Publicaci\u00f3n\"><i class=\"fas fa-calendar-alt\"><\/i><\/strong> Publicado el mi\u00e9rcoles, 18 de noviembre de 2020<\/p><\/div><div class=\"col-auto mt-md-0 mt-2\"><a class=\"btn btn-primary btn-lg px-lg-4 d-none d-md-block\" href=\"https:\/\/comunidad.comprasdominicana.gob.do\/\/Public\/Tendering\/OpportunityDetail\/Index?noticeUID=DO1.NTC.840523\" target=\"_blank\" title=\"Detalles\"><i class=\"fas fa-link\"><\/i> DETALLES<\/a><a class=\"btn btn-primary btn-lg px-lg-4 d-block d-md-none\" href=\"https:\/\/comunidad.comprasdominicana.gob.do\/\/Public\/Tendering\/OpportunityDetail\/Index?noticeUID=DO1.NTC.840523\" target=\"_blank\" title=\"Detalles\"><i class=\"fas fa-2x fa-link\"><\/i><\/a><\/div><\/div><\/div><div class=\"jumbotron archivos\"><div class=\"row align-items-center\"><div class=\"col\"><h6><a class=\"text-dark\" href=\"https:\/\/comunidad.comprasdominicana.gob.do\/\/Public\/Tendering\/OpportunityDetail\/Index?noticeUID=DO1.NTC.840520\" title=\"Ver\" target=\"_blank\">INESPRE-DAF-CM-2020-0031<\/a><\/h6><p class=\"mb-0 bold\">Servicio de Alquiler de Contenedor Refrigerado  <\/p><p class=\"mb-0\" style=\"font-size: .85rem\"><strong title=\"Estado del Proceso\"><i class=\"fas fa-spinner\"><\/i><\/strong> Proceso adjudicado y celebrado<\/p><p class=\"mb-0\" style=\"font-size: .85rem\"><strong title=\"Fecha de Publicaci\u00f3n\"><i class=\"fas fa-calendar-alt\"><\/i><\/strong> Publicado el mi\u00e9rcoles, 18 de noviembre de 2020<\/p><\/div><div class=\"col-auto mt-md-0 mt-2\"><a class=\"btn btn-primary btn-lg px-lg-4 d-none d-md-block\" href=\"https:\/\/comunidad.comprasdominicana.gob.do\/\/Public\/Tendering\/OpportunityDetail\/Index?noticeUID=DO1.NTC.840520\" target=\"_blank\" title=\"Detalles\"><i class=\"fas fa-link\"><\/i> DETALLES<\/a><a class=\"btn btn-primary btn-lg px-lg-4 d-block d-md-none\" href=\"https:\/\/comunidad.comprasdominicana.gob.do\/\/Public\/Tendering\/OpportunityDetail\/Index?noticeUID=DO1.NTC.840520\" target=\"_blank\" title=\"Detalles\"><i class=\"fas fa-2x fa-link\"><\/i><\/a><\/div><\/div><\/div><div class=\"jumbotron archivos\"><div class=\"row align-items-center\"><div class=\"col\"><h6><a class=\"text-dark\" href=\"https:\/\/comunidad.comprasdominicana.gob.do\/\/Public\/Tendering\/OpportunityDetail\/Index?noticeUID=DO1.NTC.834022\" title=\"Ver\" target=\"_blank\">INESPRE-DAF-CM-2020-0030<\/a><\/h6><p class=\"mb-0 bold\">Adquisici\u00f3n de Balanzas<\/p><p class=\"mb-0\" style=\"font-size: .85rem\"><strong title=\"Estado del Proceso\"><i class=\"fas fa-spinner\"><\/i><\/strong> Proceso adjudicado y celebrado<\/p><p class=\"mb-0\" style=\"font-size: .85rem\"><strong title=\"Fecha de Publicaci\u00f3n\"><i class=\"fas fa-calendar-alt\"><\/i><\/strong> Publicado el martes, 3 de noviembre de 2020<\/p><\/div><div class=\"col-auto mt-md-0 mt-2\"><a class=\"btn btn-primary btn-lg px-lg-4 d-none d-md-block\" href=\"https:\/\/comunidad.comprasdominicana.gob.do\/\/Public\/Tendering\/OpportunityDetail\/Index?noticeUID=DO1.NTC.834022\" target=\"_blank\" title=\"Detalles\"><i class=\"fas fa-link\"><\/i> DETALLES<\/a><a class=\"btn btn-primary btn-lg px-lg-4 d-block d-md-none\" href=\"https:\/\/comunidad.comprasdominicana.gob.do\/\/Public\/Tendering\/OpportunityDetail\/Index?noticeUID=DO1.NTC.834022\" target=\"_blank\" title=\"Detalles\"><i class=\"fas fa-2x fa-link\"><\/i><\/a><\/div><\/div><\/div><div class=\"jumbotron archivos\"><div class=\"row align-items-center\"><div class=\"col\"><h6><a class=\"text-dark\" href=\"https:\/\/comunidad.comprasdominicana.gob.do\/\/Public\/Tendering\/OpportunityDetail\/Index?noticeUID=DO1.NTC.834132\" title=\"Ver\" target=\"_blank\">INESPRE-DAF-CM-2020-0029<\/a><\/h6><p class=\"mb-0 bold\">Adquisici\u00f3n de Almuerzo a Domicilio<\/p><p class=\"mb-0\" style=\"font-size: .85rem\"><strong title=\"Estado del Proceso\"><i class=\"fas fa-spinner\"><\/i><\/strong> Proceso adjudicado y celebrado<\/p><p class=\"mb-0\" style=\"font-size: .85rem\"><strong title=\"Fecha de Publicaci\u00f3n\"><i class=\"fas fa-calendar-alt\"><\/i><\/strong> Publicado el martes, 3 de noviembre de 2020<\/p><\/div><div class=\"col-auto mt-md-0 mt-2\"><a class=\"btn btn-primary btn-lg px-lg-4 d-none d-md-block\" href=\"https:\/\/comunidad.comprasdominicana.gob.do\/\/Public\/Tendering\/OpportunityDetail\/Index?noticeUID=DO1.NTC.834132\" target=\"_blank\" title=\"Detalles\"><i class=\"fas fa-link\"><\/i> DETALLES<\/a><a class=\"btn btn-primary btn-lg px-lg-4 d-block d-md-none\" href=\"https:\/\/comunidad.comprasdominicana.gob.do\/\/Public\/Tendering\/OpportunityDetail\/Index?noticeUID=DO1.NTC.834132\" target=\"_blank\" title=\"Detalles\"><i class=\"fas fa-2x fa-link\"><\/i><\/a><\/div><\/div><\/div><div class=\"jumbotron archivos\"><div class=\"row align-items-center\"><div class=\"col\"><h6><a class=\"text-dark\" href=\"https:\/\/comunidad.comprasdominicana.gob.do\/\/Public\/Tendering\/OpportunityDetail\/Index?noticeUID=DO1.NTC.834019\" title=\"Ver\" target=\"_blank\">INESPRE-DAF-CM-2020-0028<\/a><\/h6><p class=\"mb-0 bold\">Adquisici\u00f3n de Mobiliarios de Oficina<\/p><p class=\"mb-0\" style=\"font-size: .85rem\"><strong title=\"Estado del Proceso\"><i class=\"fas fa-spinner\"><\/i><\/strong> Proceso adjudicado y celebrado<\/p><p class=\"mb-0\" style=\"font-size: .85rem\"><strong title=\"Fecha de Publicaci\u00f3n\"><i class=\"fas fa-calendar-alt\"><\/i><\/strong> Publicado el martes, 3 de noviembre de 2020<\/p><\/div><div class=\"col-auto mt-md-0 mt-2\"><a class=\"btn btn-primary btn-lg px-lg-4 d-none d-md-block\" href=\"https:\/\/comunidad.comprasdominicana.gob.do\/\/Public\/Tendering\/OpportunityDetail\/Index?noticeUID=DO1.NTC.834019\" target=\"_blank\" title=\"Detalles\"><i class=\"fas fa-link\"><\/i> DETALLES<\/a><a class=\"btn btn-primary btn-lg px-lg-4 d-block d-md-none\" href=\"https:\/\/comunidad.comprasdominicana.gob.do\/\/Public\/Tendering\/OpportunityDetail\/Index?noticeUID=DO1.NTC.834019\" target=\"_blank\" title=\"Detalles\"><i class=\"fas fa-2x fa-link\"><\/i><\/a><\/div><\/div><\/div><\/div><\/div><\/div>\n        <div class=\"card\">\n            <div class=\"card-header parents\" id=\"heading_compras-menores-69f73f7454400-2020-69f73f7454400-octubre-69f73f7454400\">\n                <p class=\"title text-blue mb-0\">\n                    <a class=\"btn-block hover text-left collapsed\" data-toggle=\"collapse\" data-target=\"#collap_compras-menores-69f73f7454400-2020-69f73f7454400-octubre-69f73f7454400\" aria-expanded=\"false\" aria-controls=\"collap_compras-menores-69f73f7454400-2020-69f73f7454400-octubre-69f73f7454400\">Octubre<\/a>\n                <\/p>\n            <\/div>\n            <div id=\"collap_compras-menores-69f73f7454400-2020-69f73f7454400-octubre-69f73f7454400\" class=\"collapse\" aria-labelledby=\"heading_compras-menores-69f73f7454400-2020-69f73f7454400-octubre-69f73f7454400\" data-parent=\"#collap_compras-menores-69f73f7454400-2020-69f73f7454400\">\n                <div class=\"card-body\"><div class=\"jumbotron archivos\"><div class=\"row align-items-center\"><div class=\"col\"><h6><a class=\"text-dark\" href=\"https:\/\/comunidad.comprasdominicana.gob.do\/\/Public\/Tendering\/OpportunityDetail\/Index?noticeUID=DO1.NTC.831020\" title=\"Ver\" target=\"_blank\">INESPRE-DAF-CM-2020-0027<\/a><\/h6><p class=\"mb-0 bold\">Adquisici\u00f3n de Mallas para Empaque<\/p><p class=\"mb-0\" style=\"font-size: .85rem\"><strong title=\"Estado del Proceso\"><i class=\"fas fa-spinner\"><\/i><\/strong> Proceso adjudicado y celebrado<\/p><p class=\"mb-0\" style=\"font-size: .85rem\"><strong title=\"Fecha de Publicaci\u00f3n\"><i class=\"fas fa-calendar-alt\"><\/i><\/strong> Publicado el mi\u00e9rcoles, 28 de octubre de 2020<\/p><\/div><div class=\"col-auto mt-md-0 mt-2\"><a class=\"btn btn-primary btn-lg px-lg-4 d-none d-md-block\" href=\"https:\/\/comunidad.comprasdominicana.gob.do\/\/Public\/Tendering\/OpportunityDetail\/Index?noticeUID=DO1.NTC.831020\" target=\"_blank\" title=\"Detalles\"><i class=\"fas fa-link\"><\/i> DETALLES<\/a><a class=\"btn btn-primary btn-lg px-lg-4 d-block d-md-none\" href=\"https:\/\/comunidad.comprasdominicana.gob.do\/\/Public\/Tendering\/OpportunityDetail\/Index?noticeUID=DO1.NTC.831020\" target=\"_blank\" title=\"Detalles\"><i class=\"fas fa-2x fa-link\"><\/i><\/a><\/div><\/div><\/div><div class=\"jumbotron archivos\"><div class=\"row align-items-center\"><div class=\"col\"><h6><a class=\"text-dark\" href=\"https:\/\/comunidad.comprasdominicana.gob.do\/\/Public\/Tendering\/OpportunityDetail\/Index?noticeUID=DO1.NTC.822416\" title=\"Ver\" target=\"_blank\">INESPRE-DAF-CM-2020-0026<\/a><\/h6><p class=\"mb-0 bold\">Adquisici\u00f3n de Monitores<\/p><p class=\"mb-0\" style=\"font-size: .85rem\"><strong title=\"Estado del Proceso\"><i class=\"fas fa-spinner\"><\/i><\/strong> Proceso adjudicado y celebrado<\/p><p class=\"mb-0\" style=\"font-size: .85rem\"><strong title=\"Fecha de Publicaci\u00f3n\"><i class=\"fas fa-calendar-alt\"><\/i><\/strong> Publicado el mi\u00e9rcoles, 7 de octubre de 2020<\/p><\/div><div class=\"col-auto mt-md-0 mt-2\"><a class=\"btn btn-primary btn-lg px-lg-4 d-none d-md-block\" href=\"https:\/\/comunidad.comprasdominicana.gob.do\/\/Public\/Tendering\/OpportunityDetail\/Index?noticeUID=DO1.NTC.822416\" target=\"_blank\" title=\"Detalles\"><i class=\"fas fa-link\"><\/i> DETALLES<\/a><a class=\"btn btn-primary btn-lg px-lg-4 d-block d-md-none\" href=\"https:\/\/comunidad.comprasdominicana.gob.do\/\/Public\/Tendering\/OpportunityDetail\/Index?noticeUID=DO1.NTC.822416\" target=\"_blank\" title=\"Detalles\"><i class=\"fas fa-2x fa-link\"><\/i><\/a><\/div><\/div><\/div><div class=\"jumbotron archivos\"><div class=\"row align-items-center\"><div class=\"col\"><h6><a class=\"text-dark\" href=\"https:\/\/comunidad.comprasdominicana.gob.do\/\/Public\/Tendering\/OpportunityDetail\/Index?noticeUID=DO1.NTC.821515\" title=\"Ver\" target=\"_blank\">INESPRE-DAF-CM-2020-0025<\/a><\/h6><p class=\"mb-0 bold\">Adquisici\u00f3n de Alimentos y Bebidas<\/p><p class=\"mb-0\" style=\"font-size: .85rem\"><strong title=\"Estado del Proceso\"><i class=\"fas fa-spinner\"><\/i><\/strong> Proceso adjudicado y celebrado<\/p><p class=\"mb-0\" style=\"font-size: .85rem\"><strong title=\"Fecha de Publicaci\u00f3n\"><i class=\"fas fa-calendar-alt\"><\/i><\/strong> Publicado el martes, 6 de octubre de 2020<\/p><\/div><div class=\"col-auto mt-md-0 mt-2\"><a class=\"btn btn-primary btn-lg px-lg-4 d-none d-md-block\" href=\"https:\/\/comunidad.comprasdominicana.gob.do\/\/Public\/Tendering\/OpportunityDetail\/Index?noticeUID=DO1.NTC.821515\" target=\"_blank\" title=\"Detalles\"><i class=\"fas fa-link\"><\/i> DETALLES<\/a><a class=\"btn btn-primary btn-lg px-lg-4 d-block d-md-none\" href=\"https:\/\/comunidad.comprasdominicana.gob.do\/\/Public\/Tendering\/OpportunityDetail\/Index?noticeUID=DO1.NTC.821515\" target=\"_blank\" title=\"Detalles\"><i class=\"fas fa-2x fa-link\"><\/i><\/a><\/div><\/div><\/div><\/div><\/div><\/div>\n        <div class=\"card\">\n            <div class=\"card-header parents\" id=\"heading_compras-menores-69f73f7454400-2020-69f73f7454400-septiembre-69f73f7454400\">\n                <p class=\"title text-blue mb-0\">\n                    <a class=\"btn-block hover text-left collapsed\" data-toggle=\"collapse\" data-target=\"#collap_compras-menores-69f73f7454400-2020-69f73f7454400-septiembre-69f73f7454400\" aria-expanded=\"false\" aria-controls=\"collap_compras-menores-69f73f7454400-2020-69f73f7454400-septiembre-69f73f7454400\">Septiembre<\/a>\n                <\/p>\n            <\/div>\n            <div id=\"collap_compras-menores-69f73f7454400-2020-69f73f7454400-septiembre-69f73f7454400\" class=\"collapse\" aria-labelledby=\"heading_compras-menores-69f73f7454400-2020-69f73f7454400-septiembre-69f73f7454400\" data-parent=\"#collap_compras-menores-69f73f7454400-2020-69f73f7454400\">\n                <div class=\"card-body\"><div class=\"jumbotron archivos\"><div class=\"row align-items-center\"><div class=\"col\"><h6><a class=\"text-dark\" href=\"https:\/\/comunidad.comprasdominicana.gob.do\/\/Public\/Tendering\/OpportunityDetail\/Index?noticeUID=DO1.NTC.818512\" title=\"Ver\" target=\"_blank\">INESPRE-DAF-CM-2020-0024<\/a><\/h6><p class=\"mb-0 bold\">Adquisici\u00f3n de Equipos de Fotograf\u00eda y Video<\/p><p class=\"mb-0\" style=\"font-size: .85rem\"><strong title=\"Estado del Proceso\"><i class=\"fas fa-spinner\"><\/i><\/strong> Proceso adjudicado y celebrado<\/p><p class=\"mb-0\" style=\"font-size: .85rem\"><strong title=\"Fecha de Publicaci\u00f3n\"><i class=\"fas fa-calendar-alt\"><\/i><\/strong> Publicado el martes, 29 de septiembre de 2020<\/p><\/div><div class=\"col-auto mt-md-0 mt-2\"><a class=\"btn btn-primary btn-lg px-lg-4 d-none d-md-block\" href=\"https:\/\/comunidad.comprasdominicana.gob.do\/\/Public\/Tendering\/OpportunityDetail\/Index?noticeUID=DO1.NTC.818512\" target=\"_blank\" title=\"Detalles\"><i class=\"fas fa-link\"><\/i> DETALLES<\/a><a class=\"btn btn-primary btn-lg px-lg-4 d-block d-md-none\" href=\"https:\/\/comunidad.comprasdominicana.gob.do\/\/Public\/Tendering\/OpportunityDetail\/Index?noticeUID=DO1.NTC.818512\" target=\"_blank\" title=\"Detalles\"><i class=\"fas fa-2x fa-link\"><\/i><\/a><\/div><\/div><\/div><\/div><\/div><\/div>\n        <div class=\"card\">\n            <div class=\"card-header parents\" id=\"heading_compras-menores-69f73f7454400-2020-69f73f7454400-julio-69f73f7454400\">\n                <p class=\"title text-blue mb-0\">\n                    <a class=\"btn-block hover text-left collapsed\" data-toggle=\"collapse\" data-target=\"#collap_compras-menores-69f73f7454400-2020-69f73f7454400-julio-69f73f7454400\" aria-expanded=\"false\" aria-controls=\"collap_compras-menores-69f73f7454400-2020-69f73f7454400-julio-69f73f7454400\">Julio<\/a>\n                <\/p>\n            <\/div>\n            <div id=\"collap_compras-menores-69f73f7454400-2020-69f73f7454400-julio-69f73f7454400\" class=\"collapse\" aria-labelledby=\"heading_compras-menores-69f73f7454400-2020-69f73f7454400-julio-69f73f7454400\" data-parent=\"#collap_compras-menores-69f73f7454400-2020-69f73f7454400\">\n                <div class=\"card-body\"><div class=\"jumbotron archivos\"><div class=\"row align-items-center\"><div class=\"col\"><h6><a class=\"text-dark\" href=\"https:\/\/comunidad.comprasdominicana.gob.do\/\/Public\/Tendering\/OpportunityDetail\/Index?noticeUID=DO1.NTC.786605\" title=\"Ver\" target=\"_blank\">INESPRE-DAF-CM-2020-0023<\/a><\/h6><p class=\"mb-0 bold\">Adquisici\u00f3n de Poloshirt y Gorra con logo<\/p><p class=\"mb-0\" style=\"font-size: .85rem\"><strong title=\"Estado del Proceso\"><i class=\"fas fa-spinner\"><\/i><\/strong> Cancelado<\/p><p class=\"mb-0\" style=\"font-size: .85rem\"><strong title=\"Fecha de Publicaci\u00f3n\"><i class=\"fas fa-calendar-alt\"><\/i><\/strong> Publicado el jueves, 16 de julio de 2020<\/p><\/div><div class=\"col-auto mt-md-0 mt-2\"><a class=\"btn btn-primary btn-lg px-lg-4 d-none d-md-block\" href=\"https:\/\/comunidad.comprasdominicana.gob.do\/\/Public\/Tendering\/OpportunityDetail\/Index?noticeUID=DO1.NTC.786605\" target=\"_blank\" title=\"Detalles\"><i class=\"fas fa-link\"><\/i> DETALLES<\/a><a class=\"btn btn-primary btn-lg px-lg-4 d-block d-md-none\" href=\"https:\/\/comunidad.comprasdominicana.gob.do\/\/Public\/Tendering\/OpportunityDetail\/Index?noticeUID=DO1.NTC.786605\" target=\"_blank\" title=\"Detalles\"><i class=\"fas fa-2x fa-link\"><\/i><\/a><\/div><\/div><\/div><div class=\"jumbotron archivos\"><div class=\"row align-items-center\"><div class=\"col\"><h6><a class=\"text-dark\" href=\"https:\/\/comunidad.comprasdominicana.gob.do\/\/Public\/Tendering\/OpportunityDetail\/Index?noticeUID=DO1.NTC.783319\" title=\"Ver\" target=\"_blank\">INESPRE-DAF-CM-2020-0022<\/a><\/h6><p class=\"mb-0 bold\">Servicio de alquiler de Contenedores para Oficina<\/p><p class=\"mb-0\" style=\"font-size: .85rem\"><strong title=\"Estado del Proceso\"><i class=\"fas fa-spinner\"><\/i><\/strong> Proceso adjudicado y celebrado<\/p><p class=\"mb-0\" style=\"font-size: .85rem\"><strong title=\"Fecha de Publicaci\u00f3n\"><i class=\"fas fa-calendar-alt\"><\/i><\/strong> Publicado el mi\u00e9rcoles, 8 de julio de 2020<\/p><\/div><div class=\"col-auto mt-md-0 mt-2\"><a class=\"btn btn-primary btn-lg px-lg-4 d-none d-md-block\" href=\"https:\/\/comunidad.comprasdominicana.gob.do\/\/Public\/Tendering\/OpportunityDetail\/Index?noticeUID=DO1.NTC.783319\" target=\"_blank\" title=\"Detalles\"><i class=\"fas fa-link\"><\/i> DETALLES<\/a><a class=\"btn btn-primary btn-lg px-lg-4 d-block d-md-none\" href=\"https:\/\/comunidad.comprasdominicana.gob.do\/\/Public\/Tendering\/OpportunityDetail\/Index?noticeUID=DO1.NTC.783319\" target=\"_blank\" title=\"Detalles\"><i class=\"fas fa-2x fa-link\"><\/i><\/a><\/div><\/div><\/div><div class=\"jumbotron archivos\"><div class=\"row align-items-center\"><div class=\"col\"><h6><a class=\"text-dark\" href=\"https:\/\/comunidad.comprasdominicana.gob.do\/\/Public\/Tendering\/OpportunityDetail\/Index?noticeUID=DO1.NTC.782820\" title=\"Ver\" target=\"_blank\">INESPRE-DAF-CM-2020-0021<\/a><\/h6><p class=\"mb-0 bold\">Adquisici\u00f3n de Rollos de Mallas para empaque<\/p><p class=\"mb-0\" style=\"font-size: .85rem\"><strong title=\"Estado del Proceso\"><i class=\"fas fa-spinner\"><\/i><\/strong> Proceso adjudicado y celebrado<\/p><p class=\"mb-0\" style=\"font-size: .85rem\"><strong title=\"Fecha de Publicaci\u00f3n\"><i class=\"fas fa-calendar-alt\"><\/i><\/strong> Publicado el mi\u00e9rcoles, 8 de julio de 2020<\/p><\/div><div class=\"col-auto mt-md-0 mt-2\"><a class=\"btn btn-primary btn-lg px-lg-4 d-none d-md-block\" href=\"https:\/\/comunidad.comprasdominicana.gob.do\/\/Public\/Tendering\/OpportunityDetail\/Index?noticeUID=DO1.NTC.782820\" target=\"_blank\" title=\"Detalles\"><i class=\"fas fa-link\"><\/i> DETALLES<\/a><a class=\"btn btn-primary btn-lg px-lg-4 d-block d-md-none\" href=\"https:\/\/comunidad.comprasdominicana.gob.do\/\/Public\/Tendering\/OpportunityDetail\/Index?noticeUID=DO1.NTC.782820\" target=\"_blank\" title=\"Detalles\"><i class=\"fas fa-2x fa-link\"><\/i><\/a><\/div><\/div><\/div><div class=\"jumbotron archivos\"><div class=\"row align-items-center\"><div class=\"col\"><h6><a class=\"text-dark\" href=\"https:\/\/comunidad.comprasdominicana.gob.do\/\/Public\/Tendering\/OpportunityDetail\/Index?noticeUID=DO1.NTC.779049\" title=\"Ver\" target=\"_blank\">INESPRE-DAF-CM-2020-0020<\/a><\/h6><p class=\"mb-0 bold\">Servicio de Producci\u00f3n y Realizaci\u00f3n de Video Documental<\/p><p class=\"mb-0\" style=\"font-size: .85rem\"><strong title=\"Estado del Proceso\"><i class=\"fas fa-spinner\"><\/i><\/strong> Proceso adjudicado y celebrado<\/p><p class=\"mb-0\" style=\"font-size: .85rem\"><strong title=\"Fecha de Publicaci\u00f3n\"><i class=\"fas fa-calendar-alt\"><\/i><\/strong> Publicado el mi\u00e9rcoles, 1 de julio de 2020<\/p><\/div><div class=\"col-auto mt-md-0 mt-2\"><a class=\"btn btn-primary btn-lg px-lg-4 d-none d-md-block\" href=\"https:\/\/comunidad.comprasdominicana.gob.do\/\/Public\/Tendering\/OpportunityDetail\/Index?noticeUID=DO1.NTC.779049\" target=\"_blank\" title=\"Detalles\"><i class=\"fas fa-link\"><\/i> DETALLES<\/a><a class=\"btn btn-primary btn-lg px-lg-4 d-block d-md-none\" href=\"https:\/\/comunidad.comprasdominicana.gob.do\/\/Public\/Tendering\/OpportunityDetail\/Index?noticeUID=DO1.NTC.779049\" target=\"_blank\" title=\"Detalles\"><i class=\"fas fa-2x fa-link\"><\/i><\/a><\/div><\/div><\/div><div class=\"jumbotron archivos\"><div class=\"row align-items-center\"><div class=\"col\"><h6><a class=\"text-dark\" href=\"https:\/\/comunidad.comprasdominicana.gob.do\/\/Public\/Tendering\/OpportunityDetail\/Index?noticeUID=DO1.NTC.779129\" title=\"Ver\" target=\"_blank\">INESPRE-DAF-CM-2020-0019<\/a><\/h6><p class=\"mb-0 bold\">Contrataci\u00f3n de un espacio televisivo para grabar y transmitir el programa Institucional INESPRE-TV<\/p><p class=\"mb-0\" style=\"font-size: .85rem\"><strong title=\"Estado del Proceso\"><i class=\"fas fa-spinner\"><\/i><\/strong> Cancelado<\/p><p class=\"mb-0\" style=\"font-size: .85rem\"><strong title=\"Fecha de Publicaci\u00f3n\"><i class=\"fas fa-calendar-alt\"><\/i><\/strong> Publicado el mi\u00e9rcoles, 1 de julio de 2020<\/p><\/div><div class=\"col-auto mt-md-0 mt-2\"><a class=\"btn btn-primary btn-lg px-lg-4 d-none d-md-block\" href=\"https:\/\/comunidad.comprasdominicana.gob.do\/\/Public\/Tendering\/OpportunityDetail\/Index?noticeUID=DO1.NTC.779129\" target=\"_blank\" title=\"Detalles\"><i class=\"fas fa-link\"><\/i> DETALLES<\/a><a class=\"btn btn-primary btn-lg px-lg-4 d-block d-md-none\" href=\"https:\/\/comunidad.comprasdominicana.gob.do\/\/Public\/Tendering\/OpportunityDetail\/Index?noticeUID=DO1.NTC.779129\" target=\"_blank\" title=\"Detalles\"><i class=\"fas fa-2x fa-link\"><\/i><\/a><\/div><\/div><\/div><\/div><\/div><\/div>\n        <div class=\"card\">\n            <div class=\"card-header parents\" id=\"heading_compras-menores-69f73f7454400-2020-69f73f7454400-junio-69f73f7454400\">\n                <p class=\"title text-blue mb-0\">\n                    <a class=\"btn-block hover text-left collapsed\" data-toggle=\"collapse\" data-target=\"#collap_compras-menores-69f73f7454400-2020-69f73f7454400-junio-69f73f7454400\" aria-expanded=\"false\" aria-controls=\"collap_compras-menores-69f73f7454400-2020-69f73f7454400-junio-69f73f7454400\">Junio<\/a>\n                <\/p>\n            <\/div>\n            <div id=\"collap_compras-menores-69f73f7454400-2020-69f73f7454400-junio-69f73f7454400\" class=\"collapse\" aria-labelledby=\"heading_compras-menores-69f73f7454400-2020-69f73f7454400-junio-69f73f7454400\" data-parent=\"#collap_compras-menores-69f73f7454400-2020-69f73f7454400\">\n                <div class=\"card-body\"><div class=\"jumbotron archivos\"><div class=\"row align-items-center\"><div class=\"col\"><h6><a class=\"text-dark\" href=\"https:\/\/comunidad.comprasdominicana.gob.do\/\/Public\/Tendering\/OpportunityDetail\/Index?noticeUID=DO1.NTC.774929\" title=\"Ver\" target=\"_blank\">INESPRE-DAF-CM-2020-0018<\/a><\/h6><p class=\"mb-0 bold\">Adquisici\u00f3n de Sacos para empacar<\/p><p class=\"mb-0\" style=\"font-size: .85rem\"><strong title=\"Estado del Proceso\"><i class=\"fas fa-spinner\"><\/i><\/strong> Proceso adjudicado y celebrado<\/p><p class=\"mb-0\" style=\"font-size: .85rem\"><strong title=\"Fecha de Publicaci\u00f3n\"><i class=\"fas fa-calendar-alt\"><\/i><\/strong> Publicado el martes, 23 de junio de 2020<\/p><\/div><div class=\"col-auto mt-md-0 mt-2\"><a class=\"btn btn-primary btn-lg px-lg-4 d-none d-md-block\" href=\"https:\/\/comunidad.comprasdominicana.gob.do\/\/Public\/Tendering\/OpportunityDetail\/Index?noticeUID=DO1.NTC.774929\" target=\"_blank\" title=\"Detalles\"><i class=\"fas fa-link\"><\/i> DETALLES<\/a><a class=\"btn btn-primary btn-lg px-lg-4 d-block d-md-none\" href=\"https:\/\/comunidad.comprasdominicana.gob.do\/\/Public\/Tendering\/OpportunityDetail\/Index?noticeUID=DO1.NTC.774929\" target=\"_blank\" title=\"Detalles\"><i class=\"fas fa-2x fa-link\"><\/i><\/a><\/div><\/div><\/div><div class=\"jumbotron archivos\"><div class=\"row align-items-center\"><div class=\"col\"><h6><a class=\"text-dark\" href=\"https:\/\/comunidad.comprasdominicana.gob.do\/\/Public\/Tendering\/OpportunityDetail\/Index?noticeUID=DO1.NTC.768523\" title=\"Ver\" target=\"_blank\">INESPRE-DAF-CM-2020-0017<\/a><\/h6><p class=\"mb-0 bold\">Servicio de Rotulaci\u00f3n de Camiones<\/p><p class=\"mb-0\" style=\"font-size: .85rem\"><strong title=\"Estado del Proceso\"><i class=\"fas fa-spinner\"><\/i><\/strong> Proceso adjudicado y celebrado<\/p><p class=\"mb-0\" style=\"font-size: .85rem\"><strong title=\"Fecha de Publicaci\u00f3n\"><i class=\"fas fa-calendar-alt\"><\/i><\/strong> Publicado el martes, 9 de junio de 2020<\/p><\/div><div class=\"col-auto mt-md-0 mt-2\"><a class=\"btn btn-primary btn-lg px-lg-4 d-none d-md-block\" href=\"https:\/\/comunidad.comprasdominicana.gob.do\/\/Public\/Tendering\/OpportunityDetail\/Index?noticeUID=DO1.NTC.768523\" target=\"_blank\" title=\"Detalles\"><i class=\"fas fa-link\"><\/i> DETALLES<\/a><a class=\"btn btn-primary btn-lg px-lg-4 d-block d-md-none\" href=\"https:\/\/comunidad.comprasdominicana.gob.do\/\/Public\/Tendering\/OpportunityDetail\/Index?noticeUID=DO1.NTC.768523\" target=\"_blank\" title=\"Detalles\"><i class=\"fas fa-2x fa-link\"><\/i><\/a><\/div><\/div><\/div><div class=\"jumbotron archivos\"><div class=\"row align-items-center\"><div class=\"col\"><h6><a class=\"text-dark\" href=\"https:\/\/comunidad.comprasdominicana.gob.do\/\/Public\/Tendering\/OpportunityDetail\/Index?noticeUID=DO1.NTC.768522\" title=\"Ver\" target=\"_blank\">INESPRE-DAF-CM-2020-0016<\/a><\/h6><p class=\"mb-0 bold\">Servicio de Medios Impresos<\/p><p class=\"mb-0\" style=\"font-size: .85rem\"><strong title=\"Estado del Proceso\"><i class=\"fas fa-spinner\"><\/i><\/strong> Proceso adjudicado y celebrado<\/p><p class=\"mb-0\" style=\"font-size: .85rem\"><strong title=\"Fecha de Publicaci\u00f3n\"><i class=\"fas fa-calendar-alt\"><\/i><\/strong> Publicado el martes, 9 de junio de 2020<\/p><\/div><div class=\"col-auto mt-md-0 mt-2\"><a class=\"btn btn-primary btn-lg px-lg-4 d-none d-md-block\" href=\"https:\/\/comunidad.comprasdominicana.gob.do\/\/Public\/Tendering\/OpportunityDetail\/Index?noticeUID=DO1.NTC.768522\" target=\"_blank\" title=\"Detalles\"><i class=\"fas fa-link\"><\/i> DETALLES<\/a><a class=\"btn btn-primary btn-lg px-lg-4 d-block d-md-none\" href=\"https:\/\/comunidad.comprasdominicana.gob.do\/\/Public\/Tendering\/OpportunityDetail\/Index?noticeUID=DO1.NTC.768522\" target=\"_blank\" title=\"Detalles\"><i class=\"fas fa-2x fa-link\"><\/i><\/a><\/div><\/div><\/div><div class=\"jumbotron archivos\"><div class=\"row align-items-center\"><div class=\"col\"><h6><a class=\"text-dark\" href=\"https:\/\/comunidad.comprasdominicana.gob.do\/\/Public\/Tendering\/OpportunityDetail\/Index?noticeUID=DO1.NTC.766523\" title=\"Ver\" target=\"_blank\">INESPRE-DAF-CM-2020-0015<\/a><\/h6><p class=\"mb-0 bold\">Adquisici\u00f3n de Productos de Papel<\/p><p class=\"mb-0\" style=\"font-size: .85rem\"><strong title=\"Estado del Proceso\"><i class=\"fas fa-spinner\"><\/i><\/strong> Proceso adjudicado y celebrado<\/p><p class=\"mb-0\" style=\"font-size: .85rem\"><strong title=\"Fecha de Publicaci\u00f3n\"><i class=\"fas fa-calendar-alt\"><\/i><\/strong> Publicado el mi\u00e9rcoles, 3 de junio de 2020<\/p><\/div><div class=\"col-auto mt-md-0 mt-2\"><a class=\"btn btn-primary btn-lg px-lg-4 d-none d-md-block\" href=\"https:\/\/comunidad.comprasdominicana.gob.do\/\/Public\/Tendering\/OpportunityDetail\/Index?noticeUID=DO1.NTC.766523\" target=\"_blank\" title=\"Detalles\"><i class=\"fas fa-link\"><\/i> DETALLES<\/a><a class=\"btn btn-primary btn-lg px-lg-4 d-block d-md-none\" href=\"https:\/\/comunidad.comprasdominicana.gob.do\/\/Public\/Tendering\/OpportunityDetail\/Index?noticeUID=DO1.NTC.766523\" target=\"_blank\" title=\"Detalles\"><i class=\"fas fa-2x fa-link\"><\/i><\/a><\/div><\/div><\/div><div class=\"jumbotron archivos\"><div class=\"row align-items-center\"><div class=\"col\"><h6><a class=\"text-dark\" href=\"https:\/\/comunidad.comprasdominicana.gob.do\/\/Public\/Tendering\/OpportunityDetail\/Index?noticeUID=DO1.NTC.766216\" title=\"Ver\" target=\"_blank\">INESPRE-DAF-CM-2020-0014<\/a><\/h6><p class=\"mb-0 bold\">Adquisici\u00f3n Materiales de Oficina<\/p><p class=\"mb-0\" style=\"font-size: .85rem\"><strong title=\"Estado del Proceso\"><i class=\"fas fa-spinner\"><\/i><\/strong> Proceso adjudicado y celebrado<\/p><p class=\"mb-0\" style=\"font-size: .85rem\"><strong title=\"Fecha de Publicaci\u00f3n\"><i class=\"fas fa-calendar-alt\"><\/i><\/strong> Publicado el mi\u00e9rcoles, 3 de junio de 2020<\/p><\/div><div class=\"col-auto mt-md-0 mt-2\"><a class=\"btn btn-primary btn-lg px-lg-4 d-none d-md-block\" href=\"https:\/\/comunidad.comprasdominicana.gob.do\/\/Public\/Tendering\/OpportunityDetail\/Index?noticeUID=DO1.NTC.766216\" target=\"_blank\" title=\"Detalles\"><i class=\"fas fa-link\"><\/i> DETALLES<\/a><a class=\"btn btn-primary btn-lg px-lg-4 d-block d-md-none\" href=\"https:\/\/comunidad.comprasdominicana.gob.do\/\/Public\/Tendering\/OpportunityDetail\/Index?noticeUID=DO1.NTC.766216\" target=\"_blank\" title=\"Detalles\"><i class=\"fas fa-2x fa-link\"><\/i><\/a><\/div><\/div><\/div><div class=\"jumbotron archivos\"><div class=\"row align-items-center\"><div class=\"col\"><h6><a class=\"text-dark\" href=\"https:\/\/comunidad.comprasdominicana.gob.do\/\/Public\/Tendering\/OpportunityDetail\/Index?noticeUID=DO1.NTC.766429\" title=\"Ver\" target=\"_blank\">INESPRE-DAF-CM-2020-0013<\/a><\/h6><p class=\"mb-0 bold\">Adquisici\u00f3n de Materiales de Aseo y Limpieza<\/p><p class=\"mb-0\" style=\"font-size: .85rem\"><strong title=\"Estado del Proceso\"><i class=\"fas fa-spinner\"><\/i><\/strong> Proceso adjudicado y celebrado<\/p><p class=\"mb-0\" style=\"font-size: .85rem\"><strong title=\"Fecha de Publicaci\u00f3n\"><i class=\"fas fa-calendar-alt\"><\/i><\/strong> Publicado el mi\u00e9rcoles, 3 de junio de 2020<\/p><\/div><div class=\"col-auto mt-md-0 mt-2\"><a class=\"btn btn-primary btn-lg px-lg-4 d-none d-md-block\" href=\"https:\/\/comunidad.comprasdominicana.gob.do\/\/Public\/Tendering\/OpportunityDetail\/Index?noticeUID=DO1.NTC.766429\" target=\"_blank\" title=\"Detalles\"><i class=\"fas fa-link\"><\/i> DETALLES<\/a><a class=\"btn btn-primary btn-lg px-lg-4 d-block d-md-none\" href=\"https:\/\/comunidad.comprasdominicana.gob.do\/\/Public\/Tendering\/OpportunityDetail\/Index?noticeUID=DO1.NTC.766429\" target=\"_blank\" title=\"Detalles\"><i class=\"fas fa-2x fa-link\"><\/i><\/a><\/div><\/div><\/div><\/div><\/div><\/div>\n        <div class=\"card\">\n            <div class=\"card-header parents\" id=\"heading_compras-menores-69f73f7454400-2020-69f73f7454400-abril-69f73f7454400\">\n                <p class=\"title text-blue mb-0\">\n                    <a class=\"btn-block hover text-left collapsed\" data-toggle=\"collapse\" data-target=\"#collap_compras-menores-69f73f7454400-2020-69f73f7454400-abril-69f73f7454400\" aria-expanded=\"false\" aria-controls=\"collap_compras-menores-69f73f7454400-2020-69f73f7454400-abril-69f73f7454400\">Abril<\/a>\n                <\/p>\n            <\/div>\n            <div id=\"collap_compras-menores-69f73f7454400-2020-69f73f7454400-abril-69f73f7454400\" class=\"collapse\" aria-labelledby=\"heading_compras-menores-69f73f7454400-2020-69f73f7454400-abril-69f73f7454400\" data-parent=\"#collap_compras-menores-69f73f7454400-2020-69f73f7454400\">\n                <div class=\"card-body\"><div class=\"jumbotron archivos\"><div class=\"row align-items-center\"><div class=\"col\"><h6><a class=\"text-dark\" href=\"https:\/\/comunidad.comprasdominicana.gob.do\/\/Public\/Tendering\/OpportunityDetail\/Index?noticeUID=DO1.NTC.744111\" title=\"Ver\" target=\"_blank\">INESPRE-DAF-CM-2020-0012<\/a><\/h6><p class=\"mb-0 bold\">Adquisici\u00f3n Productos de Esterilizaci\u00f3n<\/p><p class=\"mb-0\" style=\"font-size: .85rem\"><strong title=\"Estado del Proceso\"><i class=\"fas fa-spinner\"><\/i><\/strong> Proceso adjudicado y celebrado<\/p><p class=\"mb-0\" style=\"font-size: .85rem\"><strong title=\"Fecha de Publicaci\u00f3n\"><i class=\"fas fa-calendar-alt\"><\/i><\/strong> Publicado el martes, 14 de abril de 2020<\/p><\/div><div class=\"col-auto mt-md-0 mt-2\"><a class=\"btn btn-primary btn-lg px-lg-4 d-none d-md-block\" href=\"https:\/\/comunidad.comprasdominicana.gob.do\/\/Public\/Tendering\/OpportunityDetail\/Index?noticeUID=DO1.NTC.744111\" target=\"_blank\" title=\"Detalles\"><i class=\"fas fa-link\"><\/i> DETALLES<\/a><a class=\"btn btn-primary btn-lg px-lg-4 d-block d-md-none\" href=\"https:\/\/comunidad.comprasdominicana.gob.do\/\/Public\/Tendering\/OpportunityDetail\/Index?noticeUID=DO1.NTC.744111\" target=\"_blank\" title=\"Detalles\"><i class=\"fas fa-2x fa-link\"><\/i><\/a><\/div><\/div><\/div><\/div><\/div><\/div>\n        <div class=\"card\">\n            <div class=\"card-header parents\" id=\"heading_compras-menores-69f73f7454400-2020-69f73f7454400-marzo-69f73f7454400\">\n                <p class=\"title text-blue mb-0\">\n                    <a class=\"btn-block hover text-left collapsed\" data-toggle=\"collapse\" data-target=\"#collap_compras-menores-69f73f7454400-2020-69f73f7454400-marzo-69f73f7454400\" aria-expanded=\"false\" aria-controls=\"collap_compras-menores-69f73f7454400-2020-69f73f7454400-marzo-69f73f7454400\">Marzo<\/a>\n                <\/p>\n            <\/div>\n            <div id=\"collap_compras-menores-69f73f7454400-2020-69f73f7454400-marzo-69f73f7454400\" class=\"collapse\" aria-labelledby=\"heading_compras-menores-69f73f7454400-2020-69f73f7454400-marzo-69f73f7454400\" data-parent=\"#collap_compras-menores-69f73f7454400-2020-69f73f7454400\">\n                <div class=\"card-body\"><div class=\"jumbotron archivos\"><div class=\"row align-items-center\"><div class=\"col\"><h6><a class=\"text-dark\" href=\"https:\/\/comunidad.comprasdominicana.gob.do\/\/Public\/Tendering\/OpportunityDetail\/Index?noticeUID=DO1.NTC.726341\" title=\"Ver\" target=\"_blank\">INESPRE-DAF-CM-2020-0011<\/a><\/h6><p class=\"mb-0 bold\">Servicio de Produccion y Realizacion de Video Documental<\/p><p class=\"mb-0\" style=\"font-size: .85rem\"><strong title=\"Estado del Proceso\"><i class=\"fas fa-spinner\"><\/i><\/strong> Proceso adjudicado y celebrado<\/p><p class=\"mb-0\" style=\"font-size: .85rem\"><strong title=\"Fecha de Publicaci\u00f3n\"><i class=\"fas fa-calendar-alt\"><\/i><\/strong> Publicado el lunes, 9 de marzo de 2020<\/p><\/div><div class=\"col-auto mt-md-0 mt-2\"><a class=\"btn btn-primary btn-lg px-lg-4 d-none d-md-block\" href=\"https:\/\/comunidad.comprasdominicana.gob.do\/\/Public\/Tendering\/OpportunityDetail\/Index?noticeUID=DO1.NTC.726341\" target=\"_blank\" title=\"Detalles\"><i class=\"fas fa-link\"><\/i> DETALLES<\/a><a class=\"btn btn-primary btn-lg px-lg-4 d-block d-md-none\" href=\"https:\/\/comunidad.comprasdominicana.gob.do\/\/Public\/Tendering\/OpportunityDetail\/Index?noticeUID=DO1.NTC.726341\" target=\"_blank\" title=\"Detalles\"><i class=\"fas fa-2x fa-link\"><\/i><\/a><\/div><\/div><\/div><div class=\"jumbotron archivos\"><div class=\"row align-items-center\"><div class=\"col\"><h6><a class=\"text-dark\" href=\"https:\/\/comunidad.comprasdominicana.gob.do\/\/Public\/Tendering\/OpportunityDetail\/Index?noticeUID=DO1.NTC.725414\" title=\"Ver\" target=\"_blank\">INESPRE-DAF-CM-2020-0010<\/a><\/h6><p class=\"mb-0 bold\">Servicio de Alquiler para Stand Feria Agropecuaria 2020<\/p><p class=\"mb-0\" style=\"font-size: .85rem\"><strong title=\"Estado del Proceso\"><i class=\"fas fa-spinner\"><\/i><\/strong> Proceso adjudicado y celebrado<\/p><p class=\"mb-0\" style=\"font-size: .85rem\"><strong title=\"Fecha de Publicaci\u00f3n\"><i class=\"fas fa-calendar-alt\"><\/i><\/strong> Publicado el jueves, 5 de marzo de 2020<\/p><\/div><div class=\"col-auto mt-md-0 mt-2\"><a class=\"btn btn-primary btn-lg px-lg-4 d-none d-md-block\" href=\"https:\/\/comunidad.comprasdominicana.gob.do\/\/Public\/Tendering\/OpportunityDetail\/Index?noticeUID=DO1.NTC.725414\" target=\"_blank\" title=\"Detalles\"><i class=\"fas fa-link\"><\/i> DETALLES<\/a><a class=\"btn btn-primary btn-lg px-lg-4 d-block d-md-none\" href=\"https:\/\/comunidad.comprasdominicana.gob.do\/\/Public\/Tendering\/OpportunityDetail\/Index?noticeUID=DO1.NTC.725414\" target=\"_blank\" title=\"Detalles\"><i class=\"fas fa-2x fa-link\"><\/i><\/a><\/div><\/div><\/div><div class=\"jumbotron archivos\"><div class=\"row align-items-center\"><div class=\"col\"><h6><a class=\"text-dark\" href=\"https:\/\/comunidad.comprasdominicana.gob.do\/\/Public\/Tendering\/OpportunityDetail\/Index?noticeUID=DO1.NTC.724830\" title=\"Ver\" target=\"_blank\">INESPRE-DAF-CM-2020-0009<\/a><\/h6><p class=\"mb-0 bold\">Adquisici\u00f3n de Mobiliarios de Oficina <\/p><p class=\"mb-0\" style=\"font-size: .85rem\"><strong title=\"Estado del Proceso\"><i class=\"fas fa-spinner\"><\/i><\/strong> Proceso adjudicado y celebrado<\/p><p class=\"mb-0\" style=\"font-size: .85rem\"><strong title=\"Fecha de Publicaci\u00f3n\"><i class=\"fas fa-calendar-alt\"><\/i><\/strong> Publicado el mi\u00e9rcoles, 4 de marzo de 2020<\/p><\/div><div class=\"col-auto mt-md-0 mt-2\"><a class=\"btn btn-primary btn-lg px-lg-4 d-none d-md-block\" href=\"https:\/\/comunidad.comprasdominicana.gob.do\/\/Public\/Tendering\/OpportunityDetail\/Index?noticeUID=DO1.NTC.724830\" target=\"_blank\" title=\"Detalles\"><i class=\"fas fa-link\"><\/i> DETALLES<\/a><a class=\"btn btn-primary btn-lg px-lg-4 d-block d-md-none\" href=\"https:\/\/comunidad.comprasdominicana.gob.do\/\/Public\/Tendering\/OpportunityDetail\/Index?noticeUID=DO1.NTC.724830\" target=\"_blank\" title=\"Detalles\"><i class=\"fas fa-2x fa-link\"><\/i><\/a><\/div><\/div><\/div><\/div><\/div><\/div>\n        <div class=\"card\">\n            <div class=\"card-header parents\" id=\"heading_compras-menores-69f73f7454400-2020-69f73f7454400-febrero-69f73f7454400\">\n                <p class=\"title text-blue mb-0\">\n                    <a class=\"btn-block hover text-left collapsed\" data-toggle=\"collapse\" data-target=\"#collap_compras-menores-69f73f7454400-2020-69f73f7454400-febrero-69f73f7454400\" aria-expanded=\"false\" aria-controls=\"collap_compras-menores-69f73f7454400-2020-69f73f7454400-febrero-69f73f7454400\">Febrero<\/a>\n                <\/p>\n            <\/div>\n            <div id=\"collap_compras-menores-69f73f7454400-2020-69f73f7454400-febrero-69f73f7454400\" class=\"collapse\" aria-labelledby=\"heading_compras-menores-69f73f7454400-2020-69f73f7454400-febrero-69f73f7454400\" data-parent=\"#collap_compras-menores-69f73f7454400-2020-69f73f7454400\">\n                <div class=\"card-body\"><div class=\"jumbotron archivos\"><div class=\"row align-items-center\"><div class=\"col\"><h6><a class=\"text-dark\" href=\"https:\/\/comunidad.comprasdominicana.gob.do\/\/Public\/Tendering\/OpportunityDetail\/Index?noticeUID=DO1.NTC.719034\" title=\"Ver\" target=\"_blank\">INESPRE-DAF-CM-2020-0008<\/a><\/h6><p class=\"mb-0 bold\">Servicio de Catering<\/p><p class=\"mb-0\" style=\"font-size: .85rem\"><strong title=\"Estado del Proceso\"><i class=\"fas fa-spinner\"><\/i><\/strong> Proceso adjudicado y celebrado<\/p><p class=\"mb-0\" style=\"font-size: .85rem\"><strong title=\"Fecha de Publicaci\u00f3n\"><i class=\"fas fa-calendar-alt\"><\/i><\/strong> Publicado el mi\u00e9rcoles, 19 de febrero de 2020<\/p><\/div><div class=\"col-auto mt-md-0 mt-2\"><a class=\"btn btn-primary btn-lg px-lg-4 d-none d-md-block\" href=\"https:\/\/comunidad.comprasdominicana.gob.do\/\/Public\/Tendering\/OpportunityDetail\/Index?noticeUID=DO1.NTC.719034\" target=\"_blank\" title=\"Detalles\"><i class=\"fas fa-link\"><\/i> DETALLES<\/a><a class=\"btn btn-primary btn-lg px-lg-4 d-block d-md-none\" href=\"https:\/\/comunidad.comprasdominicana.gob.do\/\/Public\/Tendering\/OpportunityDetail\/Index?noticeUID=DO1.NTC.719034\" target=\"_blank\" title=\"Detalles\"><i class=\"fas fa-2x fa-link\"><\/i><\/a><\/div><\/div><\/div><div class=\"jumbotron archivos\"><div class=\"row align-items-center\"><div class=\"col\"><h6><a class=\"text-dark\" href=\"https:\/\/comunidad.comprasdominicana.gob.do\/\/Public\/Tendering\/OpportunityDetail\/Index?noticeUID=DO1.NTC.716512\" title=\"Ver\" target=\"_blank\">INESPRE-DAF-CM-2020-0007<\/a><\/h6><p class=\"mb-0 bold\">Servicio de Impresos de la carta compromiso<\/p><p class=\"mb-0\" style=\"font-size: .85rem\"><strong title=\"Estado del Proceso\"><i class=\"fas fa-spinner\"><\/i><\/strong> Proceso adjudicado y celebrado<\/p><p class=\"mb-0\" style=\"font-size: .85rem\"><strong title=\"Fecha de Publicaci\u00f3n\"><i class=\"fas fa-calendar-alt\"><\/i><\/strong> Publicado el jueves, 13 de febrero de 2020<\/p><\/div><div class=\"col-auto mt-md-0 mt-2\"><a class=\"btn btn-primary btn-lg px-lg-4 d-none d-md-block\" href=\"https:\/\/comunidad.comprasdominicana.gob.do\/\/Public\/Tendering\/OpportunityDetail\/Index?noticeUID=DO1.NTC.716512\" target=\"_blank\" title=\"Detalles\"><i class=\"fas fa-link\"><\/i> DETALLES<\/a><a class=\"btn btn-primary btn-lg px-lg-4 d-block d-md-none\" href=\"https:\/\/comunidad.comprasdominicana.gob.do\/\/Public\/Tendering\/OpportunityDetail\/Index?noticeUID=DO1.NTC.716512\" target=\"_blank\" title=\"Detalles\"><i class=\"fas fa-2x fa-link\"><\/i><\/a><\/div><\/div><\/div><\/div><\/div><\/div>\n        <div class=\"card\">\n            <div class=\"card-header parents\" id=\"heading_compras-menores-69f73f7454400-2020-69f73f7454400-enero-69f73f7454400\">\n                <p class=\"title text-blue mb-0\">\n                    <a class=\"btn-block hover text-left collapsed\" data-toggle=\"collapse\" data-target=\"#collap_compras-menores-69f73f7454400-2020-69f73f7454400-enero-69f73f7454400\" aria-expanded=\"false\" aria-controls=\"collap_compras-menores-69f73f7454400-2020-69f73f7454400-enero-69f73f7454400\">Enero<\/a>\n                <\/p>\n            <\/div>\n            <div id=\"collap_compras-menores-69f73f7454400-2020-69f73f7454400-enero-69f73f7454400\" class=\"collapse\" aria-labelledby=\"heading_compras-menores-69f73f7454400-2020-69f73f7454400-enero-69f73f7454400\" data-parent=\"#collap_compras-menores-69f73f7454400-2020-69f73f7454400\">\n                <div class=\"card-body\"><div class=\"jumbotron archivos\"><div class=\"row align-items-center\"><div class=\"col\"><h6><a class=\"text-dark\" href=\"https:\/\/comunidad.comprasdominicana.gob.do\/\/Public\/Tendering\/OpportunityDetail\/Index?noticeUID=DO1.NTC.709419\" title=\"Ver\" target=\"_blank\">INESPRE-DAF-CM-2020-0006<\/a><\/h6><p class=\"mb-0 bold\">Adquisici\u00f3n de Salchichas para realizar los programas desarrollados por la Instituci\u00f3n a Nivel Nacional.<\/p><p class=\"mb-0\" style=\"font-size: .85rem\"><strong title=\"Estado del Proceso\"><i class=\"fas fa-spinner\"><\/i><\/strong> Proceso desierto<\/p><p class=\"mb-0\" style=\"font-size: .85rem\"><strong title=\"Fecha de Publicaci\u00f3n\"><i class=\"fas fa-calendar-alt\"><\/i><\/strong> Publicado el martes, 28 de enero de 2020<\/p><\/div><div class=\"col-auto mt-md-0 mt-2\"><a class=\"btn btn-primary btn-lg px-lg-4 d-none d-md-block\" href=\"https:\/\/comunidad.comprasdominicana.gob.do\/\/Public\/Tendering\/OpportunityDetail\/Index?noticeUID=DO1.NTC.709419\" target=\"_blank\" title=\"Detalles\"><i class=\"fas fa-link\"><\/i> DETALLES<\/a><a class=\"btn btn-primary btn-lg px-lg-4 d-block d-md-none\" href=\"https:\/\/comunidad.comprasdominicana.gob.do\/\/Public\/Tendering\/OpportunityDetail\/Index?noticeUID=DO1.NTC.709419\" target=\"_blank\" title=\"Detalles\"><i class=\"fas fa-2x fa-link\"><\/i><\/a><\/div><\/div><\/div><div class=\"jumbotron archivos\"><div class=\"row align-items-center\"><div class=\"col\"><h6><a class=\"text-dark\" href=\"https:\/\/comunidad.comprasdominicana.gob.do\/\/Public\/Tendering\/OpportunityDetail\/Index?noticeUID=DO1.NTC.708920\" title=\"Ver\" target=\"_blank\">INESPRE-DAF-CM-2020-0005<\/a><\/h6><p class=\"mb-0 bold\">Adquisici\u00f3n de Equipos Informaticos y Accesorios<\/p><p class=\"mb-0\" style=\"font-size: .85rem\"><strong title=\"Estado del Proceso\"><i class=\"fas fa-spinner\"><\/i><\/strong> Proceso adjudicado y celebrado<\/p><p class=\"mb-0\" style=\"font-size: .85rem\"><strong title=\"Fecha de Publicaci\u00f3n\"><i class=\"fas fa-calendar-alt\"><\/i><\/strong> Publicado el lunes, 27 de enero de 2020<\/p><\/div><div class=\"col-auto mt-md-0 mt-2\"><a class=\"btn btn-primary btn-lg px-lg-4 d-none d-md-block\" href=\"https:\/\/comunidad.comprasdominicana.gob.do\/\/Public\/Tendering\/OpportunityDetail\/Index?noticeUID=DO1.NTC.708920\" target=\"_blank\" title=\"Detalles\"><i class=\"fas fa-link\"><\/i> DETALLES<\/a><a class=\"btn btn-primary btn-lg px-lg-4 d-block d-md-none\" href=\"https:\/\/comunidad.comprasdominicana.gob.do\/\/Public\/Tendering\/OpportunityDetail\/Index?noticeUID=DO1.NTC.708920\" target=\"_blank\" title=\"Detalles\"><i class=\"fas fa-2x fa-link\"><\/i><\/a><\/div><\/div><\/div><div class=\"jumbotron archivos\"><div class=\"row align-items-center\"><div class=\"col\"><h6><a class=\"text-dark\" href=\"https:\/\/comunidad.comprasdominicana.gob.do\/\/Public\/Tendering\/OpportunityDetail\/Index?noticeUID=DO1.NTC.707024\" title=\"Ver\" target=\"_blank\">INESPRE-DAF-CM-2020-0004<\/a><\/h6><p class=\"mb-0 bold\">Adquisici\u00f3n Etiqueta de papel para m\u00e1quina modelo SM110<\/p><p class=\"mb-0\" style=\"font-size: .85rem\"><strong title=\"Estado del Proceso\"><i class=\"fas fa-spinner\"><\/i><\/strong> Proceso adjudicado y celebrado<\/p><p class=\"mb-0\" style=\"font-size: .85rem\"><strong title=\"Fecha de Publicaci\u00f3n\"><i class=\"fas fa-calendar-alt\"><\/i><\/strong> Publicado el mi\u00e9rcoles, 22 de enero de 2020<\/p><\/div><div class=\"col-auto mt-md-0 mt-2\"><a class=\"btn btn-primary btn-lg px-lg-4 d-none d-md-block\" href=\"https:\/\/comunidad.comprasdominicana.gob.do\/\/Public\/Tendering\/OpportunityDetail\/Index?noticeUID=DO1.NTC.707024\" target=\"_blank\" title=\"Detalles\"><i class=\"fas fa-link\"><\/i> DETALLES<\/a><a class=\"btn btn-primary btn-lg px-lg-4 d-block d-md-none\" href=\"https:\/\/comunidad.comprasdominicana.gob.do\/\/Public\/Tendering\/OpportunityDetail\/Index?noticeUID=DO1.NTC.707024\" target=\"_blank\" title=\"Detalles\"><i class=\"fas fa-2x fa-link\"><\/i><\/a><\/div><\/div><\/div><div class=\"jumbotron archivos\"><div class=\"row align-items-center\"><div class=\"col\"><h6><a class=\"text-dark\" href=\"https:\/\/comunidad.comprasdominicana.gob.do\/\/Public\/Tendering\/OpportunityDetail\/Index?noticeUID=DO1.NTC.707328\" title=\"Ver\" target=\"_blank\">INESPRE-DAF-CM-2020-0003<\/a><\/h6><p class=\"mb-0 bold\">Adquisici\u00f3n Papel de empaque (PVC 14\u00b4\u00b4)<\/p><p class=\"mb-0\" style=\"font-size: .85rem\"><strong title=\"Estado del Proceso\"><i class=\"fas fa-spinner\"><\/i><\/strong> Proceso adjudicado y celebrado<\/p><p class=\"mb-0\" style=\"font-size: .85rem\"><strong title=\"Fecha de Publicaci\u00f3n\"><i class=\"fas fa-calendar-alt\"><\/i><\/strong> Publicado el mi\u00e9rcoles, 22 de enero de 2020<\/p><\/div><div class=\"col-auto mt-md-0 mt-2\"><a class=\"btn btn-primary btn-lg px-lg-4 d-none d-md-block\" href=\"https:\/\/comunidad.comprasdominicana.gob.do\/\/Public\/Tendering\/OpportunityDetail\/Index?noticeUID=DO1.NTC.707328\" target=\"_blank\" title=\"Detalles\"><i class=\"fas fa-link\"><\/i> DETALLES<\/a><a class=\"btn btn-primary btn-lg px-lg-4 d-block d-md-none\" href=\"https:\/\/comunidad.comprasdominicana.gob.do\/\/Public\/Tendering\/OpportunityDetail\/Index?noticeUID=DO1.NTC.707328\" target=\"_blank\" title=\"Detalles\"><i class=\"fas fa-2x fa-link\"><\/i><\/a><\/div><\/div><\/div><div class=\"jumbotron archivos\"><div class=\"row align-items-center\"><div class=\"col\"><h6><a class=\"text-dark\" href=\"https:\/\/comunidad.comprasdominicana.gob.do\/\/Public\/Tendering\/OpportunityDetail\/Index?noticeUID=DO1.NTC.707124\" title=\"Ver\" target=\"_blank\">INESPRE-DAF-CM-2020-0002<\/a><\/h6><p class=\"mb-0 bold\">Adquisici\u00f3n de T\u00f3ner para Impresoras<\/p><p class=\"mb-0\" style=\"font-size: .85rem\"><strong title=\"Estado del Proceso\"><i class=\"fas fa-spinner\"><\/i><\/strong> Proceso adjudicado y celebrado<\/p><p class=\"mb-0\" style=\"font-size: .85rem\"><strong title=\"Fecha de Publicaci\u00f3n\"><i class=\"fas fa-calendar-alt\"><\/i><\/strong> Publicado el mi\u00e9rcoles, 22 de enero de 2020<\/p><\/div><div class=\"col-auto mt-md-0 mt-2\"><a class=\"btn btn-primary btn-lg px-lg-4 d-none d-md-block\" href=\"https:\/\/comunidad.comprasdominicana.gob.do\/\/Public\/Tendering\/OpportunityDetail\/Index?noticeUID=DO1.NTC.707124\" target=\"_blank\" title=\"Detalles\"><i class=\"fas fa-link\"><\/i> DETALLES<\/a><a class=\"btn btn-primary btn-lg px-lg-4 d-block d-md-none\" href=\"https:\/\/comunidad.comprasdominicana.gob.do\/\/Public\/Tendering\/OpportunityDetail\/Index?noticeUID=DO1.NTC.707124\" target=\"_blank\" title=\"Detalles\"><i class=\"fas fa-2x fa-link\"><\/i><\/a><\/div><\/div><\/div><div class=\"jumbotron archivos\"><div class=\"row align-items-center\"><div class=\"col\"><h6><a class=\"text-dark\" href=\"https:\/\/comunidad.comprasdominicana.gob.do\/\/Public\/Tendering\/OpportunityDetail\/Index?noticeUID=DO1.NTC.707420\" title=\"Ver\" target=\"_blank\">INESPRE-DAF-CM-2020-0001<\/a><\/h6><p class=\"mb-0 bold\">Adquisici\u00f3n de Chocolates para realizar los programas desarrollados por la Instituci\u00f3n a Nivel Nacional.<\/p><p class=\"mb-0\" style=\"font-size: .85rem\"><strong title=\"Estado del Proceso\"><i class=\"fas fa-spinner\"><\/i><\/strong> Proceso adjudicado y celebrado<\/p><p class=\"mb-0\" style=\"font-size: .85rem\"><strong title=\"Fecha de Publicaci\u00f3n\"><i class=\"fas fa-calendar-alt\"><\/i><\/strong> Publicado el mi\u00e9rcoles, 22 de enero de 2020<\/p><\/div><div class=\"col-auto mt-md-0 mt-2\"><a class=\"btn btn-primary btn-lg px-lg-4 d-none d-md-block\" href=\"https:\/\/comunidad.comprasdominicana.gob.do\/\/Public\/Tendering\/OpportunityDetail\/Index?noticeUID=DO1.NTC.707420\" target=\"_blank\" title=\"Detalles\"><i class=\"fas fa-link\"><\/i> DETALLES<\/a><a class=\"btn btn-primary btn-lg px-lg-4 d-block d-md-none\" href=\"https:\/\/comunidad.comprasdominicana.gob.do\/\/Public\/Tendering\/OpportunityDetail\/Index?noticeUID=DO1.NTC.707420\" target=\"_blank\" title=\"Detalles\"><i class=\"fas fa-2x fa-link\"><\/i><\/a><\/div><\/div><\/div><\/div><\/div><\/div><\/div><\/div><\/div>\n        <div class=\"card\">\n            <div class=\"card-header parents\" id=\"heading_compras-menores-69f73f7454400-2019-69f73f7454400\">\n                <p class=\"title text-blue mb-0\">\n                    <a class=\"btn-block hover text-left collapsed\" data-toggle=\"collapse\" data-target=\"#collap_compras-menores-69f73f7454400-2019-69f73f7454400\" aria-expanded=\"false\" aria-controls=\"collap_compras-menores-69f73f7454400-2019-69f73f7454400\">2019<\/a>\n                <\/p>\n            <\/div>\n            <div id=\"collap_compras-menores-69f73f7454400-2019-69f73f7454400\" class=\"collapse\" aria-labelledby=\"heading_compras-menores-69f73f7454400-2019-69f73f7454400\" data-parent=\"#collap_compras-menores-69f73f7454400\">\n                <div class=\"card-body\">\n        <div class=\"card\">\n            <div class=\"card-header parents\" id=\"heading_compras-menores-69f73f7454400-2019-69f73f7454400-diciembre-69f73f7454400\">\n                <p class=\"title text-blue mb-0\">\n                    <a class=\"btn-block hover text-left collapsed\" data-toggle=\"collapse\" data-target=\"#collap_compras-menores-69f73f7454400-2019-69f73f7454400-diciembre-69f73f7454400\" aria-expanded=\"false\" aria-controls=\"collap_compras-menores-69f73f7454400-2019-69f73f7454400-diciembre-69f73f7454400\">Diciembre<\/a>\n                <\/p>\n            <\/div>\n            <div id=\"collap_compras-menores-69f73f7454400-2019-69f73f7454400-diciembre-69f73f7454400\" class=\"collapse\" aria-labelledby=\"heading_compras-menores-69f73f7454400-2019-69f73f7454400-diciembre-69f73f7454400\" data-parent=\"#collap_compras-menores-69f73f7454400-2019-69f73f7454400\">\n                <div class=\"card-body\"><div class=\"jumbotron archivos\"><div class=\"row align-items-center\"><div class=\"col\"><h6><a class=\"text-dark\" href=\"https:\/\/comunidad.comprasdominicana.gob.do\/\/Public\/Tendering\/OpportunityDetail\/Index?noticeUID=DO1.NTC.697214\" title=\"Ver\" target=\"_blank\">INESPRE-DAF-CM-2019-0064<\/a><\/h6><p class=\"mb-0 bold\">Adquisici\u00f3n de Sal Molida y Saz\u00f3n en polvo para realizar los programas desarrollados por la Instituci\u00f3n a Nivel Nacional.<\/p><p class=\"mb-0\" style=\"font-size: .85rem\"><strong title=\"Estado del Proceso\"><i class=\"fas fa-spinner\"><\/i><\/strong> Proceso adjudicado y celebrado<\/p><p class=\"mb-0\" style=\"font-size: .85rem\"><strong title=\"Fecha de Publicaci\u00f3n\"><i class=\"fas fa-calendar-alt\"><\/i><\/strong> Publicado el viernes, 27 de diciembre de 2019<\/p><\/div><div class=\"col-auto mt-md-0 mt-2\"><a class=\"btn btn-primary btn-lg px-lg-4 d-none d-md-block\" href=\"https:\/\/comunidad.comprasdominicana.gob.do\/\/Public\/Tendering\/OpportunityDetail\/Index?noticeUID=DO1.NTC.697214\" target=\"_blank\" title=\"Detalles\"><i class=\"fas fa-link\"><\/i> DETALLES<\/a><a class=\"btn btn-primary btn-lg px-lg-4 d-block d-md-none\" href=\"https:\/\/comunidad.comprasdominicana.gob.do\/\/Public\/Tendering\/OpportunityDetail\/Index?noticeUID=DO1.NTC.697214\" target=\"_blank\" title=\"Detalles\"><i class=\"fas fa-2x fa-link\"><\/i><\/a><\/div><\/div><\/div><div class=\"jumbotron archivos\"><div class=\"row align-items-center\"><div class=\"col\"><h6><a class=\"text-dark\" href=\"https:\/\/comunidad.comprasdominicana.gob.do\/\/Public\/Tendering\/OpportunityDetail\/Index?noticeUID=DO1.NTC.693215\" title=\"Ver\" target=\"_blank\">INESPRE-DAF-CM-2019-0063<\/a><\/h6><p class=\"mb-0 bold\">Adquisici\u00f3n de Formularios<\/p><p class=\"mb-0\" style=\"font-size: .85rem\"><strong title=\"Estado del Proceso\"><i class=\"fas fa-spinner\"><\/i><\/strong> Proceso adjudicado y celebrado<\/p><p class=\"mb-0\" style=\"font-size: .85rem\"><strong title=\"Fecha de Publicaci\u00f3n\"><i class=\"fas fa-calendar-alt\"><\/i><\/strong> Publicado el jueves, 19 de diciembre de 2019<\/p><\/div><div class=\"col-auto mt-md-0 mt-2\"><a class=\"btn btn-primary btn-lg px-lg-4 d-none d-md-block\" href=\"https:\/\/comunidad.comprasdominicana.gob.do\/\/Public\/Tendering\/OpportunityDetail\/Index?noticeUID=DO1.NTC.693215\" target=\"_blank\" title=\"Detalles\"><i class=\"fas fa-link\"><\/i> DETALLES<\/a><a class=\"btn btn-primary btn-lg px-lg-4 d-block d-md-none\" href=\"https:\/\/comunidad.comprasdominicana.gob.do\/\/Public\/Tendering\/OpportunityDetail\/Index?noticeUID=DO1.NTC.693215\" target=\"_blank\" title=\"Detalles\"><i class=\"fas fa-2x fa-link\"><\/i><\/a><\/div><\/div><\/div><div class=\"jumbotron archivos\"><div class=\"row align-items-center\"><div class=\"col\"><h6><a class=\"text-dark\" href=\"https:\/\/comunidad.comprasdominicana.gob.do\/\/Public\/Tendering\/OpportunityDetail\/Index?noticeUID=DO1.NTC.687869\" title=\"Ver\" target=\"_blank\">INESPRE-DAF-CM-2019-0062<\/a><\/h6><p class=\"mb-0 bold\">Adquisici\u00f3n de Aceite y Grasas Comestibles para realizar los programas desarrollados por la Instituci\u00f3n a Nivel Nacional.<\/p><p class=\"mb-0\" style=\"font-size: .85rem\"><strong title=\"Estado del Proceso\"><i class=\"fas fa-spinner\"><\/i><\/strong> Proceso adjudicado y celebrado<\/p><p class=\"mb-0\" style=\"font-size: .85rem\"><strong title=\"Fecha de Publicaci\u00f3n\"><i class=\"fas fa-calendar-alt\"><\/i><\/strong> Publicado el lunes, 9 de diciembre de 2019<\/p><\/div><div class=\"col-auto mt-md-0 mt-2\"><a class=\"btn btn-primary btn-lg px-lg-4 d-none d-md-block\" href=\"https:\/\/comunidad.comprasdominicana.gob.do\/\/Public\/Tendering\/OpportunityDetail\/Index?noticeUID=DO1.NTC.687869\" target=\"_blank\" title=\"Detalles\"><i class=\"fas fa-link\"><\/i> DETALLES<\/a><a class=\"btn btn-primary btn-lg px-lg-4 d-block d-md-none\" href=\"https:\/\/comunidad.comprasdominicana.gob.do\/\/Public\/Tendering\/OpportunityDetail\/Index?noticeUID=DO1.NTC.687869\" target=\"_blank\" title=\"Detalles\"><i class=\"fas fa-2x fa-link\"><\/i><\/a><\/div><\/div><\/div><div class=\"jumbotron archivos\"><div class=\"row align-items-center\"><div class=\"col\"><h6><a class=\"text-dark\" href=\"https:\/\/comunidad.comprasdominicana.gob.do\/\/Public\/Tendering\/OpportunityDetail\/Index?noticeUID=DO1.NTC.687671\" title=\"Ver\" target=\"_blank\">INESPRE-DAF-CM-2019-0061<\/a><\/h6><p class=\"mb-0 bold\">Adquisici\u00f3n de Pastas Alimenticias para realizar los programas desarrollados por la Instituci\u00f3n a Nivel Nacional.<\/p><p class=\"mb-0\" style=\"font-size: .85rem\"><strong title=\"Estado del Proceso\"><i class=\"fas fa-spinner\"><\/i><\/strong> Proceso adjudicado y celebrado<\/p><p class=\"mb-0\" style=\"font-size: .85rem\"><strong title=\"Fecha de Publicaci\u00f3n\"><i class=\"fas fa-calendar-alt\"><\/i><\/strong> Publicado el lunes, 9 de diciembre de 2019<\/p><\/div><div class=\"col-auto mt-md-0 mt-2\"><a class=\"btn btn-primary btn-lg px-lg-4 d-none d-md-block\" href=\"https:\/\/comunidad.comprasdominicana.gob.do\/\/Public\/Tendering\/OpportunityDetail\/Index?noticeUID=DO1.NTC.687671\" target=\"_blank\" title=\"Detalles\"><i class=\"fas fa-link\"><\/i> DETALLES<\/a><a class=\"btn btn-primary btn-lg px-lg-4 d-block d-md-none\" href=\"https:\/\/comunidad.comprasdominicana.gob.do\/\/Public\/Tendering\/OpportunityDetail\/Index?noticeUID=DO1.NTC.687671\" target=\"_blank\" title=\"Detalles\"><i class=\"fas fa-2x fa-link\"><\/i><\/a><\/div><\/div><\/div><div class=\"jumbotron archivos\"><div class=\"row align-items-center\"><div class=\"col\"><h6><a class=\"text-dark\" href=\"https:\/\/comunidad.comprasdominicana.gob.do\/\/Public\/Tendering\/OpportunityDetail\/Index?noticeUID=DO1.NTC.686364\" title=\"Ver\" target=\"_blank\">INESPRE-DAF-CM-2019-0060<\/a><\/h6><p class=\"mb-0 bold\">Servicio de Transporte de personal para el 50 aniversario de la Instituci\u00f3n.<\/p><p class=\"mb-0\" style=\"font-size: .85rem\"><strong title=\"Estado del Proceso\"><i class=\"fas fa-spinner\"><\/i><\/strong> Proceso adjudicado y celebrado<\/p><p class=\"mb-0\" style=\"font-size: .85rem\"><strong title=\"Fecha de Publicaci\u00f3n\"><i class=\"fas fa-calendar-alt\"><\/i><\/strong> Publicado el jueves, 5 de diciembre de 2019<\/p><\/div><div class=\"col-auto mt-md-0 mt-2\"><a class=\"btn btn-primary btn-lg px-lg-4 d-none d-md-block\" href=\"https:\/\/comunidad.comprasdominicana.gob.do\/\/Public\/Tendering\/OpportunityDetail\/Index?noticeUID=DO1.NTC.686364\" target=\"_blank\" title=\"Detalles\"><i class=\"fas fa-link\"><\/i> DETALLES<\/a><a class=\"btn btn-primary btn-lg px-lg-4 d-block d-md-none\" href=\"https:\/\/comunidad.comprasdominicana.gob.do\/\/Public\/Tendering\/OpportunityDetail\/Index?noticeUID=DO1.NTC.686364\" target=\"_blank\" title=\"Detalles\"><i class=\"fas fa-2x fa-link\"><\/i><\/a><\/div><\/div><\/div><div class=\"jumbotron archivos\"><div class=\"row align-items-center\"><div class=\"col\"><h6><a class=\"text-dark\" href=\"https:\/\/comunidad.comprasdominicana.gob.do\/\/Public\/Tendering\/OpportunityDetail\/Index?noticeUID=DO1.NTC.685654\" title=\"Ver\" target=\"_blank\">INESPRE-DAF-CM-2019-0059<\/a><\/h6><p class=\"mb-0 bold\">Adquisici\u00f3n de Poloshirt con Logo bordado<\/p><p class=\"mb-0\" style=\"font-size: .85rem\"><strong title=\"Estado del Proceso\"><i class=\"fas fa-spinner\"><\/i><\/strong> Proceso adjudicado y celebrado<\/p><p class=\"mb-0\" style=\"font-size: .85rem\"><strong title=\"Fecha de Publicaci\u00f3n\"><i class=\"fas fa-calendar-alt\"><\/i><\/strong> Publicado el martes, 3 de diciembre de 2019<\/p><\/div><div class=\"col-auto mt-md-0 mt-2\"><a class=\"btn btn-primary btn-lg px-lg-4 d-none d-md-block\" href=\"https:\/\/comunidad.comprasdominicana.gob.do\/\/Public\/Tendering\/OpportunityDetail\/Index?noticeUID=DO1.NTC.685654\" target=\"_blank\" title=\"Detalles\"><i class=\"fas fa-link\"><\/i> DETALLES<\/a><a class=\"btn btn-primary btn-lg px-lg-4 d-block d-md-none\" href=\"https:\/\/comunidad.comprasdominicana.gob.do\/\/Public\/Tendering\/OpportunityDetail\/Index?noticeUID=DO1.NTC.685654\" target=\"_blank\" title=\"Detalles\"><i class=\"fas fa-2x fa-link\"><\/i><\/a><\/div><\/div><\/div><\/div><\/div><\/div>\n        <div class=\"card\">\n            <div class=\"card-header parents\" id=\"heading_compras-menores-69f73f7454400-2019-69f73f7454400-noviembre-69f73f7454400\">\n                <p class=\"title text-blue mb-0\">\n                    <a class=\"btn-block hover text-left collapsed\" data-toggle=\"collapse\" data-target=\"#collap_compras-menores-69f73f7454400-2019-69f73f7454400-noviembre-69f73f7454400\" aria-expanded=\"false\" aria-controls=\"collap_compras-menores-69f73f7454400-2019-69f73f7454400-noviembre-69f73f7454400\">Noviembre<\/a>\n                <\/p>\n            <\/div>\n            <div id=\"collap_compras-menores-69f73f7454400-2019-69f73f7454400-noviembre-69f73f7454400\" class=\"collapse\" aria-labelledby=\"heading_compras-menores-69f73f7454400-2019-69f73f7454400-noviembre-69f73f7454400\" data-parent=\"#collap_compras-menores-69f73f7454400-2019-69f73f7454400\">\n                <div class=\"card-body\"><div class=\"jumbotron archivos\"><div class=\"row align-items-center\"><div class=\"col\"><h6><a class=\"text-dark\" href=\"https:\/\/comunidad.comprasdominicana.gob.do\/\/Public\/Tendering\/OpportunityDetail\/Index?noticeUID=DO1.NTC.683051\" title=\"Ver\" target=\"_blank\">INESPRE-DAF-CM-2019-0058<\/a><\/h6><p class=\"mb-0 bold\">Servicio de Medios Impresos y Equipos Audiovisuales para el 50 Aniversario de la Instituci\u00f3n<\/p><p class=\"mb-0\" style=\"font-size: .85rem\"><strong title=\"Estado del Proceso\"><i class=\"fas fa-spinner\"><\/i><\/strong> Proceso adjudicado y celebrado<\/p><p class=\"mb-0\" style=\"font-size: .85rem\"><strong title=\"Fecha de Publicaci\u00f3n\"><i class=\"fas fa-calendar-alt\"><\/i><\/strong> Publicado el mi\u00e9rcoles, 27 de noviembre de 2019<\/p><\/div><div class=\"col-auto mt-md-0 mt-2\"><a class=\"btn btn-primary btn-lg px-lg-4 d-none d-md-block\" href=\"https:\/\/comunidad.comprasdominicana.gob.do\/\/Public\/Tendering\/OpportunityDetail\/Index?noticeUID=DO1.NTC.683051\" target=\"_blank\" title=\"Detalles\"><i class=\"fas fa-link\"><\/i> DETALLES<\/a><a class=\"btn btn-primary btn-lg px-lg-4 d-block d-md-none\" href=\"https:\/\/comunidad.comprasdominicana.gob.do\/\/Public\/Tendering\/OpportunityDetail\/Index?noticeUID=DO1.NTC.683051\" target=\"_blank\" title=\"Detalles\"><i class=\"fas fa-2x fa-link\"><\/i><\/a><\/div><\/div><\/div><div class=\"jumbotron archivos\"><div class=\"row align-items-center\"><div class=\"col\"><h6><a class=\"text-dark\" href=\"https:\/\/comunidad.comprasdominicana.gob.do\/\/Public\/Tendering\/OpportunityDetail\/Index?noticeUID=DO1.NTC.682743\" title=\"Ver\" target=\"_blank\">INESPRE-DAF-CM-2019-0057<\/a><\/h6><p class=\"mb-0 bold\">Servicio de Catering para el 50 Aniversario de la Instituci\u00f3n<\/p><p class=\"mb-0\" style=\"font-size: .85rem\"><strong title=\"Estado del Proceso\"><i class=\"fas fa-spinner\"><\/i><\/strong> Proceso adjudicado y celebrado<\/p><p class=\"mb-0\" style=\"font-size: .85rem\"><strong title=\"Fecha de Publicaci\u00f3n\"><i class=\"fas fa-calendar-alt\"><\/i><\/strong> Publicado el mi\u00e9rcoles, 27 de noviembre de 2019<\/p><\/div><div class=\"col-auto mt-md-0 mt-2\"><a class=\"btn btn-primary btn-lg px-lg-4 d-none d-md-block\" href=\"https:\/\/comunidad.comprasdominicana.gob.do\/\/Public\/Tendering\/OpportunityDetail\/Index?noticeUID=DO1.NTC.682743\" target=\"_blank\" title=\"Detalles\"><i class=\"fas fa-link\"><\/i> DETALLES<\/a><a class=\"btn btn-primary btn-lg px-lg-4 d-block d-md-none\" href=\"https:\/\/comunidad.comprasdominicana.gob.do\/\/Public\/Tendering\/OpportunityDetail\/Index?noticeUID=DO1.NTC.682743\" target=\"_blank\" title=\"Detalles\"><i class=\"fas fa-2x fa-link\"><\/i><\/a><\/div><\/div><\/div><div class=\"jumbotron archivos\"><div class=\"row align-items-center\"><div class=\"col\"><h6><a class=\"text-dark\" href=\"https:\/\/comunidad.comprasdominicana.gob.do\/\/Public\/Tendering\/OpportunityDetail\/Index?noticeUID=DO1.NTC.682562\" title=\"Ver\" target=\"_blank\">INESPRE-DAF-CM-2019-0056<\/a><\/h6><p class=\"mb-0 bold\">Servicio de Montaje para el 50 Aniversario de la Instituci\u00f3n<\/p><p class=\"mb-0\" style=\"font-size: .85rem\"><strong title=\"Estado del Proceso\"><i class=\"fas fa-spinner\"><\/i><\/strong> Proceso adjudicado y celebrado<\/p><p class=\"mb-0\" style=\"font-size: .85rem\"><strong title=\"Fecha de Publicaci\u00f3n\"><i class=\"fas fa-calendar-alt\"><\/i><\/strong> Publicado el mi\u00e9rcoles, 27 de noviembre de 2019<\/p><\/div><div class=\"col-auto mt-md-0 mt-2\"><a class=\"btn btn-primary btn-lg px-lg-4 d-none d-md-block\" href=\"https:\/\/comunidad.comprasdominicana.gob.do\/\/Public\/Tendering\/OpportunityDetail\/Index?noticeUID=DO1.NTC.682562\" target=\"_blank\" title=\"Detalles\"><i class=\"fas fa-link\"><\/i> DETALLES<\/a><a class=\"btn btn-primary btn-lg px-lg-4 d-block d-md-none\" href=\"https:\/\/comunidad.comprasdominicana.gob.do\/\/Public\/Tendering\/OpportunityDetail\/Index?noticeUID=DO1.NTC.682562\" target=\"_blank\" title=\"Detalles\"><i class=\"fas fa-2x fa-link\"><\/i><\/a><\/div><\/div><\/div><div class=\"jumbotron archivos\"><div class=\"row align-items-center\"><div class=\"col\"><h6><a class=\"text-dark\" href=\"https:\/\/comunidad.comprasdominicana.gob.do\/\/Public\/Tendering\/OpportunityDetail\/Index?noticeUID=DO1.NTC.682930\" title=\"Ver\" target=\"_blank\">INESPRE-DAF-CM-2019-0055<\/a><\/h6><p class=\"mb-0 bold\">Servicio de Instalaci\u00f3n de Estructura para el 50 Aniversario de la Instituci\u00f3n<\/p><p class=\"mb-0\" style=\"font-size: .85rem\"><strong title=\"Estado del Proceso\"><i class=\"fas fa-spinner\"><\/i><\/strong> Proceso adjudicado y celebrado<\/p><p class=\"mb-0\" style=\"font-size: .85rem\"><strong title=\"Fecha de Publicaci\u00f3n\"><i class=\"fas fa-calendar-alt\"><\/i><\/strong> Publicado el mi\u00e9rcoles, 27 de noviembre de 2019<\/p><\/div><div class=\"col-auto mt-md-0 mt-2\"><a class=\"btn btn-primary btn-lg px-lg-4 d-none d-md-block\" href=\"https:\/\/comunidad.comprasdominicana.gob.do\/\/Public\/Tendering\/OpportunityDetail\/Index?noticeUID=DO1.NTC.682930\" target=\"_blank\" title=\"Detalles\"><i class=\"fas fa-link\"><\/i> DETALLES<\/a><a class=\"btn btn-primary btn-lg px-lg-4 d-block d-md-none\" href=\"https:\/\/comunidad.comprasdominicana.gob.do\/\/Public\/Tendering\/OpportunityDetail\/Index?noticeUID=DO1.NTC.682930\" target=\"_blank\" title=\"Detalles\"><i class=\"fas fa-2x fa-link\"><\/i><\/a><\/div><\/div><\/div><div class=\"jumbotron archivos\"><div class=\"row align-items-center\"><div class=\"col\"><h6><a class=\"text-dark\" href=\"https:\/\/comunidad.comprasdominicana.gob.do\/\/Public\/Tendering\/OpportunityDetail\/Index?noticeUID=DO1.NTC.682814\" title=\"Ver\" target=\"_blank\">INESPRE-DAF-CM-2019-0054<\/a><\/h6><p class=\"mb-0 bold\">Servicio de Contrataci\u00f3n Art\u00edstica para la Fiesta Navide\u00f1a 2019<\/p><p class=\"mb-0\" style=\"font-size: .85rem\"><strong title=\"Estado del Proceso\"><i class=\"fas fa-spinner\"><\/i><\/strong> Proceso adjudicado y celebrado<\/p><p class=\"mb-0\" style=\"font-size: .85rem\"><strong title=\"Fecha de Publicaci\u00f3n\"><i class=\"fas fa-calendar-alt\"><\/i><\/strong> Publicado el mi\u00e9rcoles, 27 de noviembre de 2019<\/p><\/div><div class=\"col-auto mt-md-0 mt-2\"><a class=\"btn btn-primary btn-lg px-lg-4 d-none d-md-block\" href=\"https:\/\/comunidad.comprasdominicana.gob.do\/\/Public\/Tendering\/OpportunityDetail\/Index?noticeUID=DO1.NTC.682814\" target=\"_blank\" title=\"Detalles\"><i class=\"fas fa-link\"><\/i> DETALLES<\/a><a class=\"btn btn-primary btn-lg px-lg-4 d-block d-md-none\" href=\"https:\/\/comunidad.comprasdominicana.gob.do\/\/Public\/Tendering\/OpportunityDetail\/Index?noticeUID=DO1.NTC.682814\" target=\"_blank\" title=\"Detalles\"><i class=\"fas fa-2x fa-link\"><\/i><\/a><\/div><\/div><\/div><div class=\"jumbotron archivos\"><div class=\"row align-items-center\"><div class=\"col\"><h6><a class=\"text-dark\" href=\"https:\/\/comunidad.comprasdominicana.gob.do\/\/Public\/Tendering\/OpportunityDetail\/Index?noticeUID=DO1.NTC.680224\" title=\"Ver\" target=\"_blank\">INESPRE-DAF-CM-2019-0053<\/a><\/h6><p class=\"mb-0 bold\">Adquisici\u00f3n de Electrodom\u00e9sticos para ser sorteados en el encuentro navide\u00f1o de los empleados de la Instituci\u00f3n.<\/p><p class=\"mb-0\" style=\"font-size: .85rem\"><strong title=\"Estado del Proceso\"><i class=\"fas fa-spinner\"><\/i><\/strong> Proceso adjudicado y celebrado<\/p><p class=\"mb-0\" style=\"font-size: .85rem\"><strong title=\"Fecha de Publicaci\u00f3n\"><i class=\"fas fa-calendar-alt\"><\/i><\/strong> Publicado el jueves, 21 de noviembre de 2019<\/p><\/div><div class=\"col-auto mt-md-0 mt-2\"><a class=\"btn btn-primary btn-lg px-lg-4 d-none d-md-block\" href=\"https:\/\/comunidad.comprasdominicana.gob.do\/\/Public\/Tendering\/OpportunityDetail\/Index?noticeUID=DO1.NTC.680224\" target=\"_blank\" title=\"Detalles\"><i class=\"fas fa-link\"><\/i> DETALLES<\/a><a class=\"btn btn-primary btn-lg px-lg-4 d-block d-md-none\" href=\"https:\/\/comunidad.comprasdominicana.gob.do\/\/Public\/Tendering\/OpportunityDetail\/Index?noticeUID=DO1.NTC.680224\" target=\"_blank\" title=\"Detalles\"><i class=\"fas fa-2x fa-link\"><\/i><\/a><\/div><\/div><\/div><div class=\"jumbotron archivos\"><div class=\"row align-items-center\"><div class=\"col\"><h6><a class=\"text-dark\" href=\"https:\/\/comunidad.comprasdominicana.gob.do\/\/Public\/Tendering\/OpportunityDetail\/Index?noticeUID=DO1.NTC.674455\" title=\"Ver\" target=\"_blank\">INESPRE-DAF-CM-2019-0052<\/a><\/h6><p class=\"mb-0 bold\">Adquisici\u00f3n de Casabe Natural para realizar los Programas Desarrollados por la Instituci\u00f3n a Nivel Nacional.<\/p><p class=\"mb-0\" style=\"font-size: .85rem\"><strong title=\"Estado del Proceso\"><i class=\"fas fa-spinner\"><\/i><\/strong> Proceso adjudicado y celebrado<\/p><p class=\"mb-0\" style=\"font-size: .85rem\"><strong title=\"Fecha de Publicaci\u00f3n\"><i class=\"fas fa-calendar-alt\"><\/i><\/strong> Publicado el jueves, 14 de noviembre de 2019<\/p><\/div><div class=\"col-auto mt-md-0 mt-2\"><a class=\"btn btn-primary btn-lg px-lg-4 d-none d-md-block\" href=\"https:\/\/comunidad.comprasdominicana.gob.do\/\/Public\/Tendering\/OpportunityDetail\/Index?noticeUID=DO1.NTC.674455\" target=\"_blank\" title=\"Detalles\"><i class=\"fas fa-link\"><\/i> DETALLES<\/a><a class=\"btn btn-primary btn-lg px-lg-4 d-block d-md-none\" href=\"https:\/\/comunidad.comprasdominicana.gob.do\/\/Public\/Tendering\/OpportunityDetail\/Index?noticeUID=DO1.NTC.674455\" target=\"_blank\" title=\"Detalles\"><i class=\"fas fa-2x fa-link\"><\/i><\/a><\/div><\/div><\/div><div class=\"jumbotron archivos\"><div class=\"row align-items-center\"><div class=\"col\"><h6><a class=\"text-dark\" href=\"https:\/\/comunidad.comprasdominicana.gob.do\/\/Public\/Tendering\/OpportunityDetail\/Index?noticeUID=DO1.NTC.674450\" title=\"Ver\" target=\"_blank\">INESPRE-DAF-CM-2019-0051<\/a><\/h6><p class=\"mb-0 bold\">Adquisici\u00f3n de Guandules Verdes Enlatados para realizar los Programas Desarrollados por la Instituci\u00f3n a Nivel Nacional.<\/p><p class=\"mb-0\" style=\"font-size: .85rem\"><strong title=\"Estado del Proceso\"><i class=\"fas fa-spinner\"><\/i><\/strong> Proceso adjudicado y celebrado<\/p><p class=\"mb-0\" style=\"font-size: .85rem\"><strong title=\"Fecha de Publicaci\u00f3n\"><i class=\"fas fa-calendar-alt\"><\/i><\/strong> Publicado el jueves, 14 de noviembre de 2019<\/p><\/div><div class=\"col-auto mt-md-0 mt-2\"><a class=\"btn btn-primary btn-lg px-lg-4 d-none d-md-block\" href=\"https:\/\/comunidad.comprasdominicana.gob.do\/\/Public\/Tendering\/OpportunityDetail\/Index?noticeUID=DO1.NTC.674450\" target=\"_blank\" title=\"Detalles\"><i class=\"fas fa-link\"><\/i> DETALLES<\/a><a class=\"btn btn-primary btn-lg px-lg-4 d-block d-md-none\" href=\"https:\/\/comunidad.comprasdominicana.gob.do\/\/Public\/Tendering\/OpportunityDetail\/Index?noticeUID=DO1.NTC.674450\" target=\"_blank\" title=\"Detalles\"><i class=\"fas fa-2x fa-link\"><\/i><\/a><\/div><\/div><\/div><div class=\"jumbotron archivos\"><div class=\"row align-items-center\"><div class=\"col\"><h6><a class=\"text-dark\" href=\"https:\/\/comunidad.comprasdominicana.gob.do\/\/Public\/Tendering\/OpportunityDetail\/Index?noticeUID=DO1.NTC.674345\" title=\"Ver\" target=\"_blank\">INESPRE-DAF-CM-2019-0050<\/a><\/h6><p class=\"mb-0 bold\">Adquisici\u00f3n de Sal molida y Saz\u00f3n en polvo para realizar los programas desarrollados por la Instituci\u00f3n a Nivel Nacional.<\/p><p class=\"mb-0\" style=\"font-size: .85rem\"><strong title=\"Estado del Proceso\"><i class=\"fas fa-spinner\"><\/i><\/strong> Proceso adjudicado y celebrado<\/p><p class=\"mb-0\" style=\"font-size: .85rem\"><strong title=\"Fecha de Publicaci\u00f3n\"><i class=\"fas fa-calendar-alt\"><\/i><\/strong> Publicado el jueves, 14 de noviembre de 2019<\/p><\/div><div class=\"col-auto mt-md-0 mt-2\"><a class=\"btn btn-primary btn-lg px-lg-4 d-none d-md-block\" href=\"https:\/\/comunidad.comprasdominicana.gob.do\/\/Public\/Tendering\/OpportunityDetail\/Index?noticeUID=DO1.NTC.674345\" target=\"_blank\" title=\"Detalles\"><i class=\"fas fa-link\"><\/i> DETALLES<\/a><a class=\"btn btn-primary btn-lg px-lg-4 d-block d-md-none\" href=\"https:\/\/comunidad.comprasdominicana.gob.do\/\/Public\/Tendering\/OpportunityDetail\/Index?noticeUID=DO1.NTC.674345\" target=\"_blank\" title=\"Detalles\"><i class=\"fas fa-2x fa-link\"><\/i><\/a><\/div><\/div><\/div><div class=\"jumbotron archivos\"><div class=\"row align-items-center\"><div class=\"col\"><h6><a class=\"text-dark\" href=\"https:\/\/comunidad.comprasdominicana.gob.do\/\/Public\/Tendering\/OpportunityDetail\/Index?noticeUID=DO1.NTC.674439\" title=\"Ver\" target=\"_blank\">INESPRE-DAF-CM-2019-0049<\/a><\/h6><p class=\"mb-0 bold\">Adquisici\u00f3n de Condimentos y Conservantes para realizar los programas desarrollados por la Instituci\u00f3n a Nivel Nacional.<\/p><p class=\"mb-0\" style=\"font-size: .85rem\"><strong title=\"Estado del Proceso\"><i class=\"fas fa-spinner\"><\/i><\/strong> Proceso adjudicado y celebrado<\/p><p class=\"mb-0\" style=\"font-size: .85rem\"><strong title=\"Fecha de Publicaci\u00f3n\"><i class=\"fas fa-calendar-alt\"><\/i><\/strong> Publicado el jueves, 14 de noviembre de 2019<\/p><\/div><div class=\"col-auto mt-md-0 mt-2\"><a class=\"btn btn-primary btn-lg px-lg-4 d-none d-md-block\" href=\"https:\/\/comunidad.comprasdominicana.gob.do\/\/Public\/Tendering\/OpportunityDetail\/Index?noticeUID=DO1.NTC.674439\" target=\"_blank\" title=\"Detalles\"><i class=\"fas fa-link\"><\/i> DETALLES<\/a><a class=\"btn btn-primary btn-lg px-lg-4 d-block d-md-none\" href=\"https:\/\/comunidad.comprasdominicana.gob.do\/\/Public\/Tendering\/OpportunityDetail\/Index?noticeUID=DO1.NTC.674439\" target=\"_blank\" title=\"Detalles\"><i class=\"fas fa-2x fa-link\"><\/i><\/a><\/div><\/div><\/div><div class=\"jumbotron archivos\"><div class=\"row align-items-center\"><div class=\"col\"><h6><a class=\"text-dark\" href=\"https:\/\/comunidad.comprasdominicana.gob.do\/\/Public\/Tendering\/OpportunityDetail\/Index?noticeUID=DO1.NTC.674438\" title=\"Ver\" target=\"_blank\">INESPRE-DAF-CM-2019-0048<\/a><\/h6><p class=\"mb-0 bold\">Adquisici\u00f3n de Sardinas para realizar los programas desarrollados por la Instituci\u00f3n a Nivel Nacional.<\/p><p class=\"mb-0\" style=\"font-size: .85rem\"><strong title=\"Estado del Proceso\"><i class=\"fas fa-spinner\"><\/i><\/strong> Proceso adjudicado y celebrado<\/p><p class=\"mb-0\" style=\"font-size: .85rem\"><strong title=\"Fecha de Publicaci\u00f3n\"><i class=\"fas fa-calendar-alt\"><\/i><\/strong> Publicado el jueves, 14 de noviembre de 2019<\/p><\/div><div class=\"col-auto mt-md-0 mt-2\"><a class=\"btn btn-primary btn-lg px-lg-4 d-none d-md-block\" href=\"https:\/\/comunidad.comprasdominicana.gob.do\/\/Public\/Tendering\/OpportunityDetail\/Index?noticeUID=DO1.NTC.674438\" target=\"_blank\" title=\"Detalles\"><i class=\"fas fa-link\"><\/i> DETALLES<\/a><a class=\"btn btn-primary btn-lg px-lg-4 d-block d-md-none\" href=\"https:\/\/comunidad.comprasdominicana.gob.do\/\/Public\/Tendering\/OpportunityDetail\/Index?noticeUID=DO1.NTC.674438\" target=\"_blank\" title=\"Detalles\"><i class=\"fas fa-2x fa-link\"><\/i><\/a><\/div><\/div><\/div><div class=\"jumbotron archivos\"><div class=\"row align-items-center\"><div class=\"col\"><h6><a class=\"text-dark\" href=\"https:\/\/comunidad.comprasdominicana.gob.do\/\/Public\/Tendering\/OpportunityDetail\/Index?noticeUID=DO1.NTC.673461\" title=\"Ver\" target=\"_blank\">INESPRE-DAF-CM-2019-0047<\/a><\/h6><p class=\"mb-0 bold\">Contrataci\u00f3n de una empresa que ofrezca servicio de decoraci\u00f3n navide\u00f1a<\/p><p class=\"mb-0\" style=\"font-size: .85rem\"><strong title=\"Estado del Proceso\"><i class=\"fas fa-spinner\"><\/i><\/strong> Proceso adjudicado y celebrado<\/p><p class=\"mb-0\" style=\"font-size: .85rem\"><strong title=\"Fecha de Publicaci\u00f3n\"><i class=\"fas fa-calendar-alt\"><\/i><\/strong> Publicado el mi\u00e9rcoles, 13 de noviembre de 2019<\/p><\/div><div class=\"col-auto mt-md-0 mt-2\"><a class=\"btn btn-primary btn-lg px-lg-4 d-none d-md-block\" href=\"https:\/\/comunidad.comprasdominicana.gob.do\/\/Public\/Tendering\/OpportunityDetail\/Index?noticeUID=DO1.NTC.673461\" target=\"_blank\" title=\"Detalles\"><i class=\"fas fa-link\"><\/i> DETALLES<\/a><a class=\"btn btn-primary btn-lg px-lg-4 d-block d-md-none\" href=\"https:\/\/comunidad.comprasdominicana.gob.do\/\/Public\/Tendering\/OpportunityDetail\/Index?noticeUID=DO1.NTC.673461\" target=\"_blank\" title=\"Detalles\"><i class=\"fas fa-2x fa-link\"><\/i><\/a><\/div><\/div><\/div><div class=\"jumbotron archivos\"><div class=\"row align-items-center\"><div class=\"col\"><h6><a class=\"text-dark\" href=\"https:\/\/comunidad.comprasdominicana.gob.do\/\/Public\/Tendering\/OpportunityDetail\/Index?noticeUID=DO1.NTC.673846\" title=\"Ver\" target=\"_blank\">INESPRE-DAF-CM-2019-0046<\/a><\/h6><p class=\"mb-0 bold\">Adquisici\u00f3n de Materiales para la construcci\u00f3n de casetas a Vendedores Gerencia Santo Domingo Este.<\/p><p class=\"mb-0\" style=\"font-size: .85rem\"><strong title=\"Estado del Proceso\"><i class=\"fas fa-spinner\"><\/i><\/strong> Proceso adjudicado y celebrado<\/p><p class=\"mb-0\" style=\"font-size: .85rem\"><strong title=\"Fecha de Publicaci\u00f3n\"><i class=\"fas fa-calendar-alt\"><\/i><\/strong> Publicado el mi\u00e9rcoles, 13 de noviembre de 2019<\/p><\/div><div class=\"col-auto mt-md-0 mt-2\"><a class=\"btn btn-primary btn-lg px-lg-4 d-none d-md-block\" href=\"https:\/\/comunidad.comprasdominicana.gob.do\/\/Public\/Tendering\/OpportunityDetail\/Index?noticeUID=DO1.NTC.673846\" target=\"_blank\" title=\"Detalles\"><i class=\"fas fa-link\"><\/i> DETALLES<\/a><a class=\"btn btn-primary btn-lg px-lg-4 d-block d-md-none\" href=\"https:\/\/comunidad.comprasdominicana.gob.do\/\/Public\/Tendering\/OpportunityDetail\/Index?noticeUID=DO1.NTC.673846\" target=\"_blank\" title=\"Detalles\"><i class=\"fas fa-2x fa-link\"><\/i><\/a><\/div><\/div><\/div><div class=\"jumbotron archivos\"><div class=\"row align-items-center\"><div class=\"col\"><h6><a class=\"text-dark\" href=\"https:\/\/comunidad.comprasdominicana.gob.do\/\/Public\/Tendering\/OpportunityDetail\/Index?noticeUID=DO1.NTC.673065\" title=\"Ver\" target=\"_blank\">INESPRE-DAF-CM-2019-0045<\/a><\/h6><p class=\"mb-0 bold\">Adquisici\u00f3n de Fundas con logo tama\u00f1o 19 x 26<\/p><p class=\"mb-0\" style=\"font-size: .85rem\"><strong title=\"Estado del Proceso\"><i class=\"fas fa-spinner\"><\/i><\/strong> Proceso adjudicado y celebrado<\/p><p class=\"mb-0\" style=\"font-size: .85rem\"><strong title=\"Fecha de Publicaci\u00f3n\"><i class=\"fas fa-calendar-alt\"><\/i><\/strong> Publicado el martes, 12 de noviembre de 2019<\/p><\/div><div class=\"col-auto mt-md-0 mt-2\"><a class=\"btn btn-primary btn-lg px-lg-4 d-none d-md-block\" href=\"https:\/\/comunidad.comprasdominicana.gob.do\/\/Public\/Tendering\/OpportunityDetail\/Index?noticeUID=DO1.NTC.673065\" target=\"_blank\" title=\"Detalles\"><i class=\"fas fa-link\"><\/i> DETALLES<\/a><a class=\"btn btn-primary btn-lg px-lg-4 d-block d-md-none\" href=\"https:\/\/comunidad.comprasdominicana.gob.do\/\/Public\/Tendering\/OpportunityDetail\/Index?noticeUID=DO1.NTC.673065\" target=\"_blank\" title=\"Detalles\"><i class=\"fas fa-2x fa-link\"><\/i><\/a><\/div><\/div><\/div><div class=\"jumbotron archivos\"><div class=\"row align-items-center\"><div class=\"col\"><h6><a class=\"text-dark\" href=\"https:\/\/comunidad.comprasdominicana.gob.do\/\/Public\/Tendering\/OpportunityDetail\/Index?noticeUID=DO1.NTC.673227\" title=\"Ver\" target=\"_blank\">INESPRE-DAF-CM-2019-0044<\/a><\/h6><p class=\"mb-0 bold\">Contrataci\u00f3n de servicio de almuerzo para la Fiesta Navide\u00f1a 2019 del INESPRE<\/p><p class=\"mb-0\" style=\"font-size: .85rem\"><strong title=\"Estado del Proceso\"><i class=\"fas fa-spinner\"><\/i><\/strong> Proceso adjudicado y celebrado<\/p><p class=\"mb-0\" style=\"font-size: .85rem\"><strong title=\"Fecha de Publicaci\u00f3n\"><i class=\"fas fa-calendar-alt\"><\/i><\/strong> Publicado el martes, 12 de noviembre de 2019<\/p><\/div><div class=\"col-auto mt-md-0 mt-2\"><a class=\"btn btn-primary btn-lg px-lg-4 d-none d-md-block\" href=\"https:\/\/comunidad.comprasdominicana.gob.do\/\/Public\/Tendering\/OpportunityDetail\/Index?noticeUID=DO1.NTC.673227\" target=\"_blank\" title=\"Detalles\"><i class=\"fas fa-link\"><\/i> DETALLES<\/a><a class=\"btn btn-primary btn-lg px-lg-4 d-block d-md-none\" href=\"https:\/\/comunidad.comprasdominicana.gob.do\/\/Public\/Tendering\/OpportunityDetail\/Index?noticeUID=DO1.NTC.673227\" target=\"_blank\" title=\"Detalles\"><i class=\"fas fa-2x fa-link\"><\/i><\/a><\/div><\/div><\/div><div class=\"jumbotron archivos\"><div class=\"row align-items-center\"><div class=\"col\"><h6><a class=\"text-dark\" href=\"https:\/\/comunidad.comprasdominicana.gob.do\/\/Public\/Tendering\/OpportunityDetail\/Index?noticeUID=DO1.NTC.669919\" title=\"Ver\" target=\"_blank\">INESPRE-DAF-CM-2019-0043<\/a><\/h6><p class=\"mb-0 bold\">Adquisici\u00f3n de Alimentos y Bebidas para el consumo de la Instituci\u00f3n<\/p><p class=\"mb-0\" style=\"font-size: .85rem\"><strong title=\"Estado del Proceso\"><i class=\"fas fa-spinner\"><\/i><\/strong> Proceso adjudicado y celebrado<\/p><p class=\"mb-0\" style=\"font-size: .85rem\"><strong title=\"Fecha de Publicaci\u00f3n\"><i class=\"fas fa-calendar-alt\"><\/i><\/strong> Publicado el martes, 5 de noviembre de 2019<\/p><\/div><div class=\"col-auto mt-md-0 mt-2\"><a class=\"btn btn-primary btn-lg px-lg-4 d-none d-md-block\" href=\"https:\/\/comunidad.comprasdominicana.gob.do\/\/Public\/Tendering\/OpportunityDetail\/Index?noticeUID=DO1.NTC.669919\" target=\"_blank\" title=\"Detalles\"><i class=\"fas fa-link\"><\/i> DETALLES<\/a><a class=\"btn btn-primary btn-lg px-lg-4 d-block d-md-none\" href=\"https:\/\/comunidad.comprasdominicana.gob.do\/\/Public\/Tendering\/OpportunityDetail\/Index?noticeUID=DO1.NTC.669919\" target=\"_blank\" title=\"Detalles\"><i class=\"fas fa-2x fa-link\"><\/i><\/a><\/div><\/div><\/div><div class=\"jumbotron archivos\"><div class=\"row align-items-center\"><div class=\"col\"><h6><a class=\"text-dark\" href=\"https:\/\/comunidad.comprasdominicana.gob.do\/\/Public\/Tendering\/OpportunityDetail\/Index?noticeUID=DO1.NTC.669616\" title=\"Ver\" target=\"_blank\">INESPRE-DAF-CM-2019-0042<\/a><\/h6><p class=\"mb-0 bold\">Servicio de Ambientaci\u00f3n para la Fiesta Navide\u00f1a 2019 del INESPRE<\/p><p class=\"mb-0\" style=\"font-size: .85rem\"><strong title=\"Estado del Proceso\"><i class=\"fas fa-spinner\"><\/i><\/strong> Proceso adjudicado y celebrado<\/p><p class=\"mb-0\" style=\"font-size: .85rem\"><strong title=\"Fecha de Publicaci\u00f3n\"><i class=\"fas fa-calendar-alt\"><\/i><\/strong> Publicado el martes, 5 de noviembre de 2019<\/p><\/div><div class=\"col-auto mt-md-0 mt-2\"><a class=\"btn btn-primary btn-lg px-lg-4 d-none d-md-block\" href=\"https:\/\/comunidad.comprasdominicana.gob.do\/\/Public\/Tendering\/OpportunityDetail\/Index?noticeUID=DO1.NTC.669616\" target=\"_blank\" title=\"Detalles\"><i class=\"fas fa-link\"><\/i> DETALLES<\/a><a class=\"btn btn-primary btn-lg px-lg-4 d-block d-md-none\" href=\"https:\/\/comunidad.comprasdominicana.gob.do\/\/Public\/Tendering\/OpportunityDetail\/Index?noticeUID=DO1.NTC.669616\" target=\"_blank\" title=\"Detalles\"><i class=\"fas fa-2x fa-link\"><\/i><\/a><\/div><\/div><\/div><div class=\"jumbotron archivos\"><div class=\"row align-items-center\"><div class=\"col\"><h6><a class=\"text-dark\" href=\"https:\/\/comunidad.comprasdominicana.gob.do\/\/Public\/Tendering\/OpportunityDetail\/Index?noticeUID=DO1.NTC.670010\" title=\"Ver\" target=\"_blank\">INESPRE-DAF-CM-2019-0041<\/a><\/h6><p class=\"mb-0 bold\">Adquisici\u00f3n de Chocolates, Dulces y Frutas para la Fiesta Navide\u00f1a 2019 del INESPRE.<\/p><p class=\"mb-0\" style=\"font-size: .85rem\"><strong title=\"Estado del Proceso\"><i class=\"fas fa-spinner\"><\/i><\/strong> Proceso adjudicado y celebrado<\/p><p class=\"mb-0\" style=\"font-size: .85rem\"><strong title=\"Fecha de Publicaci\u00f3n\"><i class=\"fas fa-calendar-alt\"><\/i><\/strong> Publicado el martes, 5 de noviembre de 2019<\/p><\/div><div class=\"col-auto mt-md-0 mt-2\"><a class=\"btn btn-primary btn-lg px-lg-4 d-none d-md-block\" href=\"https:\/\/comunidad.comprasdominicana.gob.do\/\/Public\/Tendering\/OpportunityDetail\/Index?noticeUID=DO1.NTC.670010\" target=\"_blank\" title=\"Detalles\"><i class=\"fas fa-link\"><\/i> DETALLES<\/a><a class=\"btn btn-primary btn-lg px-lg-4 d-block d-md-none\" href=\"https:\/\/comunidad.comprasdominicana.gob.do\/\/Public\/Tendering\/OpportunityDetail\/Index?noticeUID=DO1.NTC.670010\" target=\"_blank\" title=\"Detalles\"><i class=\"fas fa-2x fa-link\"><\/i><\/a><\/div><\/div><\/div><\/div><\/div><\/div>\n        <div class=\"card\">\n            <div class=\"card-header parents\" id=\"heading_compras-menores-69f73f7454400-2019-69f73f7454400-octubre-69f73f7454400\">\n                <p class=\"title text-blue mb-0\">\n                    <a class=\"btn-block hover text-left collapsed\" data-toggle=\"collapse\" data-target=\"#collap_compras-menores-69f73f7454400-2019-69f73f7454400-octubre-69f73f7454400\" aria-expanded=\"false\" aria-controls=\"collap_compras-menores-69f73f7454400-2019-69f73f7454400-octubre-69f73f7454400\">Octubre<\/a>\n                <\/p>\n            <\/div>\n            <div id=\"collap_compras-menores-69f73f7454400-2019-69f73f7454400-octubre-69f73f7454400\" class=\"collapse\" aria-labelledby=\"heading_compras-menores-69f73f7454400-2019-69f73f7454400-octubre-69f73f7454400\" data-parent=\"#collap_compras-menores-69f73f7454400-2019-69f73f7454400\">\n                <div class=\"card-body\"><div class=\"jumbotron archivos\"><div class=\"row align-items-center\"><div class=\"col\"><h6><a class=\"text-dark\" href=\"https:\/\/comunidad.comprasdominicana.gob.do\/\/Public\/Tendering\/OpportunityDetail\/Index?noticeUID=DO1.NTC.659629\" title=\"Ver\" target=\"_blank\">INESPRE-DAF-CM-2019-0040<\/a><\/h6><p class=\"mb-0 bold\">Adquisici\u00f3n de Productos de Papel<\/p><p class=\"mb-0\" style=\"font-size: .85rem\"><strong title=\"Estado del Proceso\"><i class=\"fas fa-spinner\"><\/i><\/strong> Proceso adjudicado y celebrado<\/p><p class=\"mb-0\" style=\"font-size: .85rem\"><strong title=\"Fecha de Publicaci\u00f3n\"><i class=\"fas fa-calendar-alt\"><\/i><\/strong> Publicado el martes, 15 de octubre de 2019<\/p><\/div><div class=\"col-auto mt-md-0 mt-2\"><a class=\"btn btn-primary btn-lg px-lg-4 d-none d-md-block\" href=\"https:\/\/comunidad.comprasdominicana.gob.do\/\/Public\/Tendering\/OpportunityDetail\/Index?noticeUID=DO1.NTC.659629\" target=\"_blank\" title=\"Detalles\"><i class=\"fas fa-link\"><\/i> DETALLES<\/a><a class=\"btn btn-primary btn-lg px-lg-4 d-block d-md-none\" href=\"https:\/\/comunidad.comprasdominicana.gob.do\/\/Public\/Tendering\/OpportunityDetail\/Index?noticeUID=DO1.NTC.659629\" target=\"_blank\" title=\"Detalles\"><i class=\"fas fa-2x fa-link\"><\/i><\/a><\/div><\/div><\/div><div class=\"jumbotron archivos\"><div class=\"row align-items-center\"><div class=\"col\"><h6><a class=\"text-dark\" href=\"https:\/\/comunidad.comprasdominicana.gob.do\/\/Public\/Tendering\/OpportunityDetail\/Index?noticeUID=DO1.NTC.659841\" title=\"Ver\" target=\"_blank\">INESPRE-DAF-CM-2019-0039<\/a><\/h6><p class=\"mb-0 bold\">Adquisici\u00f3n Suministros de Oficina<\/p><p class=\"mb-0\" style=\"font-size: .85rem\"><strong title=\"Estado del Proceso\"><i class=\"fas fa-spinner\"><\/i><\/strong> Proceso adjudicado y celebrado<\/p><p class=\"mb-0\" style=\"font-size: .85rem\"><strong title=\"Fecha de Publicaci\u00f3n\"><i class=\"fas fa-calendar-alt\"><\/i><\/strong> Publicado el martes, 15 de octubre de 2019<\/p><\/div><div class=\"col-auto mt-md-0 mt-2\"><a class=\"btn btn-primary btn-lg px-lg-4 d-none d-md-block\" href=\"https:\/\/comunidad.comprasdominicana.gob.do\/\/Public\/Tendering\/OpportunityDetail\/Index?noticeUID=DO1.NTC.659841\" target=\"_blank\" title=\"Detalles\"><i class=\"fas fa-link\"><\/i> DETALLES<\/a><a class=\"btn btn-primary btn-lg px-lg-4 d-block d-md-none\" href=\"https:\/\/comunidad.comprasdominicana.gob.do\/\/Public\/Tendering\/OpportunityDetail\/Index?noticeUID=DO1.NTC.659841\" target=\"_blank\" title=\"Detalles\"><i class=\"fas fa-2x fa-link\"><\/i><\/a><\/div><\/div><\/div><div class=\"jumbotron archivos\"><div class=\"row align-items-center\"><div class=\"col\"><h6><a class=\"text-dark\" href=\"https:\/\/comunidad.comprasdominicana.gob.do\/\/Public\/Tendering\/OpportunityDetail\/Index?noticeUID=DO1.NTC.659840\" title=\"Ver\" target=\"_blank\">INESPRE-DAF-CM-2019-0038<\/a><\/h6><p class=\"mb-0 bold\">Adquisici\u00f3n de Materiales de Limpieza<\/p><p class=\"mb-0\" style=\"font-size: .85rem\"><strong title=\"Estado del Proceso\"><i class=\"fas fa-spinner\"><\/i><\/strong> Proceso adjudicado y celebrado<\/p><p class=\"mb-0\" style=\"font-size: .85rem\"><strong title=\"Fecha de Publicaci\u00f3n\"><i class=\"fas fa-calendar-alt\"><\/i><\/strong> Publicado el martes, 15 de octubre de 2019<\/p><\/div><div class=\"col-auto mt-md-0 mt-2\"><a class=\"btn btn-primary btn-lg px-lg-4 d-none d-md-block\" href=\"https:\/\/comunidad.comprasdominicana.gob.do\/\/Public\/Tendering\/OpportunityDetail\/Index?noticeUID=DO1.NTC.659840\" target=\"_blank\" title=\"Detalles\"><i class=\"fas fa-link\"><\/i> DETALLES<\/a><a class=\"btn btn-primary btn-lg px-lg-4 d-block d-md-none\" href=\"https:\/\/comunidad.comprasdominicana.gob.do\/\/Public\/Tendering\/OpportunityDetail\/Index?noticeUID=DO1.NTC.659840\" target=\"_blank\" title=\"Detalles\"><i class=\"fas fa-2x fa-link\"><\/i><\/a><\/div><\/div><\/div><div class=\"jumbotron archivos\"><div class=\"row align-items-center\"><div class=\"col\"><h6><a class=\"text-dark\" href=\"https:\/\/comunidad.comprasdominicana.gob.do\/\/Public\/Tendering\/OpportunityDetail\/Index?noticeUID=DO1.NTC.656926\" title=\"Ver\" target=\"_blank\">INESPRE-DAF-CM-2019-0037<\/a><\/h6><p class=\"mb-0 bold\">Servicios de Catering (almuerzo y montaje)<\/p><p class=\"mb-0\" style=\"font-size: .85rem\"><strong title=\"Estado del Proceso\"><i class=\"fas fa-spinner\"><\/i><\/strong> Proceso adjudicado y celebrado<\/p><p class=\"mb-0\" style=\"font-size: .85rem\"><strong title=\"Fecha de Publicaci\u00f3n\"><i class=\"fas fa-calendar-alt\"><\/i><\/strong> Publicado el mi\u00e9rcoles, 9 de octubre de 2019<\/p><\/div><div class=\"col-auto mt-md-0 mt-2\"><a class=\"btn btn-primary btn-lg px-lg-4 d-none d-md-block\" href=\"https:\/\/comunidad.comprasdominicana.gob.do\/\/Public\/Tendering\/OpportunityDetail\/Index?noticeUID=DO1.NTC.656926\" target=\"_blank\" title=\"Detalles\"><i class=\"fas fa-link\"><\/i> DETALLES<\/a><a class=\"btn btn-primary btn-lg px-lg-4 d-block d-md-none\" href=\"https:\/\/comunidad.comprasdominicana.gob.do\/\/Public\/Tendering\/OpportunityDetail\/Index?noticeUID=DO1.NTC.656926\" target=\"_blank\" title=\"Detalles\"><i class=\"fas fa-2x fa-link\"><\/i><\/a><\/div><\/div><\/div><\/div><\/div><\/div>\n        <div class=\"card\">\n            <div class=\"card-header parents\" id=\"heading_compras-menores-69f73f7454400-2019-69f73f7454400-septiembre-69f73f7454400\">\n                <p class=\"title text-blue mb-0\">\n                    <a class=\"btn-block hover text-left collapsed\" data-toggle=\"collapse\" data-target=\"#collap_compras-menores-69f73f7454400-2019-69f73f7454400-septiembre-69f73f7454400\" aria-expanded=\"false\" aria-controls=\"collap_compras-menores-69f73f7454400-2019-69f73f7454400-septiembre-69f73f7454400\">Septiembre<\/a>\n                <\/p>\n            <\/div>\n            <div id=\"collap_compras-menores-69f73f7454400-2019-69f73f7454400-septiembre-69f73f7454400\" class=\"collapse\" aria-labelledby=\"heading_compras-menores-69f73f7454400-2019-69f73f7454400-septiembre-69f73f7454400\" data-parent=\"#collap_compras-menores-69f73f7454400-2019-69f73f7454400\">\n                <div class=\"card-body\"><div class=\"jumbotron archivos\"><div class=\"row align-items-center\"><div class=\"col\"><h6><a class=\"text-dark\" href=\"https:\/\/comunidad.comprasdominicana.gob.do\/\/Public\/Tendering\/OpportunityDetail\/Index?noticeUID=DO1.NTC.647429\" title=\"Ver\" target=\"_blank\">INESPRE-DAF-CM-2019-0036<\/a><\/h6><p class=\"mb-0 bold\">Adquisici\u00f3n de Sourvenir para el 50 aniversario de la Instituci\u00f3n<\/p><p class=\"mb-0\" style=\"font-size: .85rem\"><strong title=\"Estado del Proceso\"><i class=\"fas fa-spinner\"><\/i><\/strong> Proceso adjudicado y celebrado<\/p><p class=\"mb-0\" style=\"font-size: .85rem\"><strong title=\"Fecha de Publicaci\u00f3n\"><i class=\"fas fa-calendar-alt\"><\/i><\/strong> Publicado el mi\u00e9rcoles, 25 de septiembre de 2019<\/p><\/div><div class=\"col-auto mt-md-0 mt-2\"><a class=\"btn btn-primary btn-lg px-lg-4 d-none d-md-block\" href=\"https:\/\/comunidad.comprasdominicana.gob.do\/\/Public\/Tendering\/OpportunityDetail\/Index?noticeUID=DO1.NTC.647429\" target=\"_blank\" title=\"Detalles\"><i class=\"fas fa-link\"><\/i> DETALLES<\/a><a class=\"btn btn-primary btn-lg px-lg-4 d-block d-md-none\" href=\"https:\/\/comunidad.comprasdominicana.gob.do\/\/Public\/Tendering\/OpportunityDetail\/Index?noticeUID=DO1.NTC.647429\" target=\"_blank\" title=\"Detalles\"><i class=\"fas fa-2x fa-link\"><\/i><\/a><\/div><\/div><\/div><div class=\"jumbotron archivos\"><div class=\"row align-items-center\"><div class=\"col\"><h6><a class=\"text-dark\" href=\"https:\/\/comunidad.comprasdominicana.gob.do\/\/Public\/Tendering\/OpportunityDetail\/Index?noticeUID=DO1.NTC.640127\" title=\"Ver\" target=\"_blank\">INESPRE-DAF-CM-2019-0035<\/a><\/h6><p class=\"mb-0 bold\">Servicio de Catering<\/p><p class=\"mb-0\" style=\"font-size: .85rem\"><strong title=\"Estado del Proceso\"><i class=\"fas fa-spinner\"><\/i><\/strong> Proceso adjudicado y celebrado<\/p><p class=\"mb-0\" style=\"font-size: .85rem\"><strong title=\"Fecha de Publicaci\u00f3n\"><i class=\"fas fa-calendar-alt\"><\/i><\/strong> Publicado el viernes, 6 de septiembre de 2019<\/p><\/div><div class=\"col-auto mt-md-0 mt-2\"><a class=\"btn btn-primary btn-lg px-lg-4 d-none d-md-block\" href=\"https:\/\/comunidad.comprasdominicana.gob.do\/\/Public\/Tendering\/OpportunityDetail\/Index?noticeUID=DO1.NTC.640127\" target=\"_blank\" title=\"Detalles\"><i class=\"fas fa-link\"><\/i> DETALLES<\/a><a class=\"btn btn-primary btn-lg px-lg-4 d-block d-md-none\" href=\"https:\/\/comunidad.comprasdominicana.gob.do\/\/Public\/Tendering\/OpportunityDetail\/Index?noticeUID=DO1.NTC.640127\" target=\"_blank\" title=\"Detalles\"><i class=\"fas fa-2x fa-link\"><\/i><\/a><\/div><\/div><\/div><\/div><\/div><\/div>\n        <div class=\"card\">\n            <div class=\"card-header parents\" id=\"heading_compras-menores-69f73f7454400-2019-69f73f7454400-agosto-69f73f7454400\">\n                <p class=\"title text-blue mb-0\">\n                    <a class=\"btn-block hover text-left collapsed\" data-toggle=\"collapse\" data-target=\"#collap_compras-menores-69f73f7454400-2019-69f73f7454400-agosto-69f73f7454400\" aria-expanded=\"false\" aria-controls=\"collap_compras-menores-69f73f7454400-2019-69f73f7454400-agosto-69f73f7454400\">Agosto<\/a>\n                <\/p>\n            <\/div>\n            <div id=\"collap_compras-menores-69f73f7454400-2019-69f73f7454400-agosto-69f73f7454400\" class=\"collapse\" aria-labelledby=\"heading_compras-menores-69f73f7454400-2019-69f73f7454400-agosto-69f73f7454400\" data-parent=\"#collap_compras-menores-69f73f7454400-2019-69f73f7454400\">\n                <div class=\"card-body\"><div class=\"jumbotron archivos\"><div class=\"row align-items-center\"><div class=\"col\"><h6><a class=\"text-dark\" href=\"https:\/\/comunidad.comprasdominicana.gob.do\/\/Public\/Tendering\/OpportunityDetail\/Index?noticeUID=DO1.NTC.632960\" title=\"Ver\" target=\"_blank\">INESPRE-DAF-CM-2019-0034<\/a><\/h6><p class=\"mb-0 bold\">Adquisici\u00f3n Papel de Empaque (PVC) <\/p><p class=\"mb-0\" style=\"font-size: .85rem\"><strong title=\"Estado del Proceso\"><i class=\"fas fa-spinner\"><\/i><\/strong> Proceso adjudicado y celebrado<\/p><p class=\"mb-0\" style=\"font-size: .85rem\"><strong title=\"Fecha de Publicaci\u00f3n\"><i class=\"fas fa-calendar-alt\"><\/i><\/strong> Publicado el jueves, 22 de agosto de 2019<\/p><\/div><div class=\"col-auto mt-md-0 mt-2\"><a class=\"btn btn-primary btn-lg px-lg-4 d-none d-md-block\" href=\"https:\/\/comunidad.comprasdominicana.gob.do\/\/Public\/Tendering\/OpportunityDetail\/Index?noticeUID=DO1.NTC.632960\" target=\"_blank\" title=\"Detalles\"><i class=\"fas fa-link\"><\/i> DETALLES<\/a><a class=\"btn btn-primary btn-lg px-lg-4 d-block d-md-none\" href=\"https:\/\/comunidad.comprasdominicana.gob.do\/\/Public\/Tendering\/OpportunityDetail\/Index?noticeUID=DO1.NTC.632960\" target=\"_blank\" title=\"Detalles\"><i class=\"fas fa-2x fa-link\"><\/i><\/a><\/div><\/div><\/div><div class=\"jumbotron archivos\"><div class=\"row align-items-center\"><div class=\"col\"><h6><a class=\"text-dark\" href=\"https:\/\/comunidad.comprasdominicana.gob.do\/\/Public\/Tendering\/OpportunityDetail\/Index?noticeUID=DO1.NTC.622611\" title=\"Ver\" target=\"_blank\">INESPRE-DAF-CM-2019-0033<\/a><\/h6><p class=\"mb-0 bold\">Servicio de Publicaci\u00f3n en Dos (02) Peri\u00f3dicos de Circulaci\u00f3n Nacional para la Licitaci\u00f3n P\u00fablica Nacional de referencia: INESPRE-CCC-LPN-2019-0005.<\/p><p class=\"mb-0\" style=\"font-size: .85rem\"><strong title=\"Estado del Proceso\"><i class=\"fas fa-spinner\"><\/i><\/strong> Proceso adjudicado y celebrado<\/p><p class=\"mb-0\" style=\"font-size: .85rem\"><strong title=\"Fecha de Publicaci\u00f3n\"><i class=\"fas fa-calendar-alt\"><\/i><\/strong> Publicado el jueves, 1 de agosto de 2019<\/p><\/div><div class=\"col-auto mt-md-0 mt-2\"><a class=\"btn btn-primary btn-lg px-lg-4 d-none d-md-block\" href=\"https:\/\/comunidad.comprasdominicana.gob.do\/\/Public\/Tendering\/OpportunityDetail\/Index?noticeUID=DO1.NTC.622611\" target=\"_blank\" title=\"Detalles\"><i class=\"fas fa-link\"><\/i> DETALLES<\/a><a class=\"btn btn-primary btn-lg px-lg-4 d-block d-md-none\" href=\"https:\/\/comunidad.comprasdominicana.gob.do\/\/Public\/Tendering\/OpportunityDetail\/Index?noticeUID=DO1.NTC.622611\" target=\"_blank\" title=\"Detalles\"><i class=\"fas fa-2x fa-link\"><\/i><\/a><\/div><\/div><\/div><\/div><\/div><\/div>\n        <div class=\"card\">\n            <div class=\"card-header parents\" id=\"heading_compras-menores-69f73f7454400-2019-69f73f7454400-julio-69f73f7454400\">\n                <p class=\"title text-blue mb-0\">\n                    <a class=\"btn-block hover text-left collapsed\" data-toggle=\"collapse\" data-target=\"#collap_compras-menores-69f73f7454400-2019-69f73f7454400-julio-69f73f7454400\" aria-expanded=\"false\" aria-controls=\"collap_compras-menores-69f73f7454400-2019-69f73f7454400-julio-69f73f7454400\">Julio<\/a>\n                <\/p>\n            <\/div>\n            <div id=\"collap_compras-menores-69f73f7454400-2019-69f73f7454400-julio-69f73f7454400\" class=\"collapse\" aria-labelledby=\"heading_compras-menores-69f73f7454400-2019-69f73f7454400-julio-69f73f7454400\" data-parent=\"#collap_compras-menores-69f73f7454400-2019-69f73f7454400\">\n                <div class=\"card-body\"><div class=\"jumbotron archivos\"><div class=\"row align-items-center\"><div class=\"col\"><h6><a class=\"text-dark\" href=\"https:\/\/comunidad.comprasdominicana.gob.do\/\/Public\/Tendering\/OpportunityDetail\/Index?noticeUID=DO1.NTC.614938\" title=\"Ver\" target=\"_blank\">INESPRE-DAF-CM-2019-0032<\/a><\/h6><p class=\"mb-0 bold\">Servicios de Catering (almuerzo y montaje)<\/p><p class=\"mb-0\" style=\"font-size: .85rem\"><strong title=\"Estado del Proceso\"><i class=\"fas fa-spinner\"><\/i><\/strong> Proceso adjudicado y celebrado<\/p><p class=\"mb-0\" style=\"font-size: .85rem\"><strong title=\"Fecha de Publicaci\u00f3n\"><i class=\"fas fa-calendar-alt\"><\/i><\/strong> Publicado el mi\u00e9rcoles, 17 de julio de 2019<\/p><\/div><div class=\"col-auto mt-md-0 mt-2\"><a class=\"btn btn-primary btn-lg px-lg-4 d-none d-md-block\" href=\"https:\/\/comunidad.comprasdominicana.gob.do\/\/Public\/Tendering\/OpportunityDetail\/Index?noticeUID=DO1.NTC.614938\" target=\"_blank\" title=\"Detalles\"><i class=\"fas fa-link\"><\/i> DETALLES<\/a><a class=\"btn btn-primary btn-lg px-lg-4 d-block d-md-none\" href=\"https:\/\/comunidad.comprasdominicana.gob.do\/\/Public\/Tendering\/OpportunityDetail\/Index?noticeUID=DO1.NTC.614938\" target=\"_blank\" title=\"Detalles\"><i class=\"fas fa-2x fa-link\"><\/i><\/a><\/div><\/div><\/div><div class=\"jumbotron archivos\"><div class=\"row align-items-center\"><div class=\"col\"><h6><a class=\"text-dark\" href=\"https:\/\/comunidad.comprasdominicana.gob.do\/\/Public\/Tendering\/OpportunityDetail\/Index?noticeUID=DO1.NTC.614852\" title=\"Ver\" target=\"_blank\">INESPRE-DAF-CM-2019-0031<\/a><\/h6><p class=\"mb-0 bold\">Adquisici\u00f3n de T\u00f3ner para Impresoras<\/p><p class=\"mb-0\" style=\"font-size: .85rem\"><strong title=\"Estado del Proceso\"><i class=\"fas fa-spinner\"><\/i><\/strong> Proceso adjudicado y celebrado<\/p><p class=\"mb-0\" style=\"font-size: .85rem\"><strong title=\"Fecha de Publicaci\u00f3n\"><i class=\"fas fa-calendar-alt\"><\/i><\/strong> Publicado el mi\u00e9rcoles, 17 de julio de 2019<\/p><\/div><div class=\"col-auto mt-md-0 mt-2\"><a class=\"btn btn-primary btn-lg px-lg-4 d-none d-md-block\" href=\"https:\/\/comunidad.comprasdominicana.gob.do\/\/Public\/Tendering\/OpportunityDetail\/Index?noticeUID=DO1.NTC.614852\" target=\"_blank\" title=\"Detalles\"><i class=\"fas fa-link\"><\/i> DETALLES<\/a><a class=\"btn btn-primary btn-lg px-lg-4 d-block d-md-none\" href=\"https:\/\/comunidad.comprasdominicana.gob.do\/\/Public\/Tendering\/OpportunityDetail\/Index?noticeUID=DO1.NTC.614852\" target=\"_blank\" title=\"Detalles\"><i class=\"fas fa-2x fa-link\"><\/i><\/a><\/div><\/div><\/div><div class=\"jumbotron archivos\"><div class=\"row align-items-center\"><div class=\"col\"><h6><a class=\"text-dark\" href=\"https:\/\/comunidad.comprasdominicana.gob.do\/\/Public\/Tendering\/OpportunityDetail\/Index?noticeUID=DO1.NTC.613736\" title=\"Ver\" target=\"_blank\">INESPRE-DAF-CM-2019-0030<\/a><\/h6><p class=\"mb-0 bold\">Adquisici\u00f3n de sacos para empacar<\/p><p class=\"mb-0\" style=\"font-size: .85rem\"><strong title=\"Estado del Proceso\"><i class=\"fas fa-spinner\"><\/i><\/strong> Proceso adjudicado y celebrado<\/p><p class=\"mb-0\" style=\"font-size: .85rem\"><strong title=\"Fecha de Publicaci\u00f3n\"><i class=\"fas fa-calendar-alt\"><\/i><\/strong> Publicado el lunes, 15 de julio de 2019<\/p><\/div><div class=\"col-auto mt-md-0 mt-2\"><a class=\"btn btn-primary btn-lg px-lg-4 d-none d-md-block\" href=\"https:\/\/comunidad.comprasdominicana.gob.do\/\/Public\/Tendering\/OpportunityDetail\/Index?noticeUID=DO1.NTC.613736\" target=\"_blank\" title=\"Detalles\"><i class=\"fas fa-link\"><\/i> DETALLES<\/a><a class=\"btn btn-primary btn-lg px-lg-4 d-block d-md-none\" href=\"https:\/\/comunidad.comprasdominicana.gob.do\/\/Public\/Tendering\/OpportunityDetail\/Index?noticeUID=DO1.NTC.613736\" target=\"_blank\" title=\"Detalles\"><i class=\"fas fa-2x fa-link\"><\/i><\/a><\/div><\/div><\/div><div class=\"jumbotron archivos\"><div class=\"row align-items-center\"><div class=\"col\"><h6><a class=\"text-dark\" href=\"https:\/\/comunidad.comprasdominicana.gob.do\/\/Public\/Tendering\/OpportunityDetail\/Index?noticeUID=DO1.NTC.613923\" title=\"Ver\" target=\"_blank\">INESPRE-DAF-CM-2019-0029<\/a><\/h6><p class=\"mb-0 bold\">Adquisici\u00f3n de Etiqueta de Papel para M\u00e1quina modelo SM110<\/p><p class=\"mb-0\" style=\"font-size: .85rem\"><strong title=\"Estado del Proceso\"><i class=\"fas fa-spinner\"><\/i><\/strong> Proceso adjudicado y celebrado<\/p><p class=\"mb-0\" style=\"font-size: .85rem\"><strong title=\"Fecha de Publicaci\u00f3n\"><i class=\"fas fa-calendar-alt\"><\/i><\/strong> Publicado el lunes, 15 de julio de 2019<\/p><\/div><div class=\"col-auto mt-md-0 mt-2\"><a class=\"btn btn-primary btn-lg px-lg-4 d-none d-md-block\" href=\"https:\/\/comunidad.comprasdominicana.gob.do\/\/Public\/Tendering\/OpportunityDetail\/Index?noticeUID=DO1.NTC.613923\" target=\"_blank\" title=\"Detalles\"><i class=\"fas fa-link\"><\/i> DETALLES<\/a><a class=\"btn btn-primary btn-lg px-lg-4 d-block d-md-none\" href=\"https:\/\/comunidad.comprasdominicana.gob.do\/\/Public\/Tendering\/OpportunityDetail\/Index?noticeUID=DO1.NTC.613923\" target=\"_blank\" title=\"Detalles\"><i class=\"fas fa-2x fa-link\"><\/i><\/a><\/div><\/div><\/div><\/div><\/div><\/div>\n        <div class=\"card\">\n            <div class=\"card-header parents\" id=\"heading_compras-menores-69f73f7454400-2019-69f73f7454400-junio-69f73f7454400\">\n                <p class=\"title text-blue mb-0\">\n                    <a class=\"btn-block hover text-left collapsed\" data-toggle=\"collapse\" data-target=\"#collap_compras-menores-69f73f7454400-2019-69f73f7454400-junio-69f73f7454400\" aria-expanded=\"false\" aria-controls=\"collap_compras-menores-69f73f7454400-2019-69f73f7454400-junio-69f73f7454400\">Junio<\/a>\n                <\/p>\n            <\/div>\n            <div id=\"collap_compras-menores-69f73f7454400-2019-69f73f7454400-junio-69f73f7454400\" class=\"collapse\" aria-labelledby=\"heading_compras-menores-69f73f7454400-2019-69f73f7454400-junio-69f73f7454400\" data-parent=\"#collap_compras-menores-69f73f7454400-2019-69f73f7454400\">\n                <div class=\"card-body\"><div class=\"jumbotron archivos\"><div class=\"row align-items-center\"><div class=\"col\"><h6><a class=\"text-dark\" href=\"https:\/\/comunidad.comprasdominicana.gob.do\/\/Public\/Tendering\/OpportunityDetail\/Index?noticeUID=DO1.NTC.606534\" title=\"Ver\" target=\"_blank\">INESPRE-DAF-CM-2019-0028<\/a><\/h6><p class=\"mb-0 bold\">Servicio de Publicaci\u00f3n en Peri\u00f3dicos en Dos (02) Peri\u00f3dicos de Circulaci\u00f3n Nacional para la Licitaci\u00f3n P\u00fablica Nacional de referencia: INESPRE-CCC-LPN-2019-0004.<\/p><p class=\"mb-0\" style=\"font-size: .85rem\"><strong title=\"Estado del Proceso\"><i class=\"fas fa-spinner\"><\/i><\/strong> Proceso adjudicado y celebrado<\/p><p class=\"mb-0\" style=\"font-size: .85rem\"><strong title=\"Fecha de Publicaci\u00f3n\"><i class=\"fas fa-calendar-alt\"><\/i><\/strong> Publicado el jueves, 27 de junio de 2019<\/p><\/div><div class=\"col-auto mt-md-0 mt-2\"><a class=\"btn btn-primary btn-lg px-lg-4 d-none d-md-block\" href=\"https:\/\/comunidad.comprasdominicana.gob.do\/\/Public\/Tendering\/OpportunityDetail\/Index?noticeUID=DO1.NTC.606534\" target=\"_blank\" title=\"Detalles\"><i class=\"fas fa-link\"><\/i> DETALLES<\/a><a class=\"btn btn-primary btn-lg px-lg-4 d-block d-md-none\" href=\"https:\/\/comunidad.comprasdominicana.gob.do\/\/Public\/Tendering\/OpportunityDetail\/Index?noticeUID=DO1.NTC.606534\" target=\"_blank\" title=\"Detalles\"><i class=\"fas fa-2x fa-link\"><\/i><\/a><\/div><\/div><\/div><div class=\"jumbotron archivos\"><div class=\"row align-items-center\"><div class=\"col\"><h6><a class=\"text-dark\" href=\"https:\/\/comunidad.comprasdominicana.gob.do\/\/Public\/Tendering\/OpportunityDetail\/Index?noticeUID=DO1.NTC.603825\" title=\"Ver\" target=\"_blank\">INESPRE-DAF-CM-2019-0027<\/a><\/h6><p class=\"mb-0 bold\">Servicio de Catering  (Almuerzo y Montaje)<\/p><p class=\"mb-0\" style=\"font-size: .85rem\"><strong title=\"Estado del Proceso\"><i class=\"fas fa-spinner\"><\/i><\/strong> Proceso adjudicado y celebrado<\/p><p class=\"mb-0\" style=\"font-size: .85rem\"><strong title=\"Fecha de Publicaci\u00f3n\"><i class=\"fas fa-calendar-alt\"><\/i><\/strong> Publicado el viernes, 21 de junio de 2019<\/p><\/div><div class=\"col-auto mt-md-0 mt-2\"><a class=\"btn btn-primary btn-lg px-lg-4 d-none d-md-block\" href=\"https:\/\/comunidad.comprasdominicana.gob.do\/\/Public\/Tendering\/OpportunityDetail\/Index?noticeUID=DO1.NTC.603825\" target=\"_blank\" title=\"Detalles\"><i class=\"fas fa-link\"><\/i> DETALLES<\/a><a class=\"btn btn-primary btn-lg px-lg-4 d-block d-md-none\" href=\"https:\/\/comunidad.comprasdominicana.gob.do\/\/Public\/Tendering\/OpportunityDetail\/Index?noticeUID=DO1.NTC.603825\" target=\"_blank\" title=\"Detalles\"><i class=\"fas fa-2x fa-link\"><\/i><\/a><\/div><\/div><\/div><div class=\"jumbotron archivos\"><div class=\"row align-items-center\"><div class=\"col\"><h6><a class=\"text-dark\" href=\"https:\/\/comunidad.comprasdominicana.gob.do\/\/Public\/Tendering\/OpportunityDetail\/Index?noticeUID=DO1.NTC.598634\" title=\"Ver\" target=\"_blank\">INESPRE-DAF-CM-2019-0026<\/a><\/h6><p class=\"mb-0 bold\">Adquisici\u00f3n de Agua Embotellada<\/p><p class=\"mb-0\" style=\"font-size: .85rem\"><strong title=\"Estado del Proceso\"><i class=\"fas fa-spinner\"><\/i><\/strong> Proceso adjudicado y celebrado<\/p><p class=\"mb-0\" style=\"font-size: .85rem\"><strong title=\"Fecha de Publicaci\u00f3n\"><i class=\"fas fa-calendar-alt\"><\/i><\/strong> Publicado el viernes, 7 de junio de 2019<\/p><\/div><div class=\"col-auto mt-md-0 mt-2\"><a class=\"btn btn-primary btn-lg px-lg-4 d-none d-md-block\" href=\"https:\/\/comunidad.comprasdominicana.gob.do\/\/Public\/Tendering\/OpportunityDetail\/Index?noticeUID=DO1.NTC.598634\" target=\"_blank\" title=\"Detalles\"><i class=\"fas fa-link\"><\/i> DETALLES<\/a><a class=\"btn btn-primary btn-lg px-lg-4 d-block d-md-none\" href=\"https:\/\/comunidad.comprasdominicana.gob.do\/\/Public\/Tendering\/OpportunityDetail\/Index?noticeUID=DO1.NTC.598634\" target=\"_blank\" title=\"Detalles\"><i class=\"fas fa-2x fa-link\"><\/i><\/a><\/div><\/div><\/div><div class=\"jumbotron archivos\"><div class=\"row align-items-center\"><div class=\"col\"><h6><a class=\"text-dark\" href=\"https:\/\/comunidad.comprasdominicana.gob.do\/\/Public\/Tendering\/OpportunityDetail\/Index?noticeUID=DO1.NTC.598432\" title=\"Ver\" target=\"_blank\">INESPRE-DAF-CM-2019-0025<\/a><\/h6><p class=\"mb-0 bold\">Adquisici\u00f3n de Alimentos y Bebidas<\/p><p class=\"mb-0\" style=\"font-size: .85rem\"><strong title=\"Estado del Proceso\"><i class=\"fas fa-spinner\"><\/i><\/strong> Proceso adjudicado y celebrado<\/p><p class=\"mb-0\" style=\"font-size: .85rem\"><strong title=\"Fecha de Publicaci\u00f3n\"><i class=\"fas fa-calendar-alt\"><\/i><\/strong> Publicado el viernes, 7 de junio de 2019<\/p><\/div><div class=\"col-auto mt-md-0 mt-2\"><a class=\"btn btn-primary btn-lg px-lg-4 d-none d-md-block\" href=\"https:\/\/comunidad.comprasdominicana.gob.do\/\/Public\/Tendering\/OpportunityDetail\/Index?noticeUID=DO1.NTC.598432\" target=\"_blank\" title=\"Detalles\"><i class=\"fas fa-link\"><\/i> DETALLES<\/a><a class=\"btn btn-primary btn-lg px-lg-4 d-block d-md-none\" href=\"https:\/\/comunidad.comprasdominicana.gob.do\/\/Public\/Tendering\/OpportunityDetail\/Index?noticeUID=DO1.NTC.598432\" target=\"_blank\" title=\"Detalles\"><i class=\"fas fa-2x fa-link\"><\/i><\/a><\/div><\/div><\/div><div class=\"jumbotron archivos\"><div class=\"row align-items-center\"><div class=\"col\"><h6><a class=\"text-dark\" href=\"https:\/\/comunidad.comprasdominicana.gob.do\/\/Public\/Tendering\/OpportunityDetail\/Index?noticeUID=DO1.NTC.598727\" title=\"Ver\" target=\"_blank\">INESPRE-DAF-CM-2019-0024<\/a><\/h6><p class=\"mb-0 bold\">Adquisici\u00f3n Rollos de mallas para empaque<\/p><p class=\"mb-0\" style=\"font-size: .85rem\"><strong title=\"Estado del Proceso\"><i class=\"fas fa-spinner\"><\/i><\/strong> Proceso adjudicado y celebrado<\/p><p class=\"mb-0\" style=\"font-size: .85rem\"><strong title=\"Fecha de Publicaci\u00f3n\"><i class=\"fas fa-calendar-alt\"><\/i><\/strong> Publicado el viernes, 7 de junio de 2019<\/p><\/div><div class=\"col-auto mt-md-0 mt-2\"><a class=\"btn btn-primary btn-lg px-lg-4 d-none d-md-block\" href=\"https:\/\/comunidad.comprasdominicana.gob.do\/\/Public\/Tendering\/OpportunityDetail\/Index?noticeUID=DO1.NTC.598727\" target=\"_blank\" title=\"Detalles\"><i class=\"fas fa-link\"><\/i> DETALLES<\/a><a class=\"btn btn-primary btn-lg px-lg-4 d-block d-md-none\" href=\"https:\/\/comunidad.comprasdominicana.gob.do\/\/Public\/Tendering\/OpportunityDetail\/Index?noticeUID=DO1.NTC.598727\" target=\"_blank\" title=\"Detalles\"><i class=\"fas fa-2x fa-link\"><\/i><\/a><\/div><\/div><\/div><div class=\"jumbotron archivos\"><div class=\"row align-items-center\"><div class=\"col\"><h6><a class=\"text-dark\" href=\"https:\/\/comunidad.comprasdominicana.gob.do\/\/Public\/Tendering\/OpportunityDetail\/Index?noticeUID=DO1.NTC.598201\" title=\"Ver\" target=\"_blank\">INESPRE-DAF-CM-2019-0023<\/a><\/h6><p class=\"mb-0 bold\">Adquisici\u00f3n de Formularios<\/p><p class=\"mb-0\" style=\"font-size: .85rem\"><strong title=\"Estado del Proceso\"><i class=\"fas fa-spinner\"><\/i><\/strong> Proceso adjudicado y celebrado<\/p><p class=\"mb-0\" style=\"font-size: .85rem\"><strong title=\"Fecha de Publicaci\u00f3n\"><i class=\"fas fa-calendar-alt\"><\/i><\/strong> Publicado el jueves, 6 de junio de 2019<\/p><\/div><div class=\"col-auto mt-md-0 mt-2\"><a class=\"btn btn-primary btn-lg px-lg-4 d-none d-md-block\" href=\"https:\/\/comunidad.comprasdominicana.gob.do\/\/Public\/Tendering\/OpportunityDetail\/Index?noticeUID=DO1.NTC.598201\" target=\"_blank\" title=\"Detalles\"><i class=\"fas fa-link\"><\/i> DETALLES<\/a><a class=\"btn btn-primary btn-lg px-lg-4 d-block d-md-none\" href=\"https:\/\/comunidad.comprasdominicana.gob.do\/\/Public\/Tendering\/OpportunityDetail\/Index?noticeUID=DO1.NTC.598201\" target=\"_blank\" title=\"Detalles\"><i class=\"fas fa-2x fa-link\"><\/i><\/a><\/div><\/div><\/div><\/div><\/div><\/div>\n        <div class=\"card\">\n            <div class=\"card-header parents\" id=\"heading_compras-menores-69f73f7454400-2019-69f73f7454400-mayo-69f73f7454400\">\n                <p class=\"title text-blue mb-0\">\n                    <a class=\"btn-block hover text-left collapsed\" data-toggle=\"collapse\" data-target=\"#collap_compras-menores-69f73f7454400-2019-69f73f7454400-mayo-69f73f7454400\" aria-expanded=\"false\" aria-controls=\"collap_compras-menores-69f73f7454400-2019-69f73f7454400-mayo-69f73f7454400\">Mayo<\/a>\n                <\/p>\n            <\/div>\n            <div id=\"collap_compras-menores-69f73f7454400-2019-69f73f7454400-mayo-69f73f7454400\" class=\"collapse\" aria-labelledby=\"heading_compras-menores-69f73f7454400-2019-69f73f7454400-mayo-69f73f7454400\" data-parent=\"#collap_compras-menores-69f73f7454400-2019-69f73f7454400\">\n                <div class=\"card-body\"><div class=\"jumbotron archivos\"><div class=\"row align-items-center\"><div class=\"col\"><h6><a class=\"text-dark\" href=\"https:\/\/comunidad.comprasdominicana.gob.do\/\/Public\/Tendering\/OpportunityDetail\/Index?noticeUID=DO1.NTC.591626\" title=\"Ver\" target=\"_blank\">INESPRE-DAF-CM-2019-0022<\/a><\/h6><p class=\"mb-0 bold\">Servicio de Publicaci\u00f3n en Dos (02) Peri\u00f3dicos de Circulaci\u00f3n Nacional para la Licitaci\u00f3n P\u00fablica Nacional de referencia: INESPRE-CCC-LPN-2019-0003.<\/p><p class=\"mb-0\" style=\"font-size: .85rem\"><strong title=\"Estado del Proceso\"><i class=\"fas fa-spinner\"><\/i><\/strong> Proceso adjudicado y celebrado<\/p><p class=\"mb-0\" style=\"font-size: .85rem\"><strong title=\"Fecha de Publicaci\u00f3n\"><i class=\"fas fa-calendar-alt\"><\/i><\/strong> Publicado el jueves, 23 de mayo de 2019<\/p><\/div><div class=\"col-auto mt-md-0 mt-2\"><a class=\"btn btn-primary btn-lg px-lg-4 d-none d-md-block\" href=\"https:\/\/comunidad.comprasdominicana.gob.do\/\/Public\/Tendering\/OpportunityDetail\/Index?noticeUID=DO1.NTC.591626\" target=\"_blank\" title=\"Detalles\"><i class=\"fas fa-link\"><\/i> DETALLES<\/a><a class=\"btn btn-primary btn-lg px-lg-4 d-block d-md-none\" href=\"https:\/\/comunidad.comprasdominicana.gob.do\/\/Public\/Tendering\/OpportunityDetail\/Index?noticeUID=DO1.NTC.591626\" target=\"_blank\" title=\"Detalles\"><i class=\"fas fa-2x fa-link\"><\/i><\/a><\/div><\/div><\/div><div class=\"jumbotron archivos\"><div class=\"row align-items-center\"><div class=\"col\"><h6><a class=\"text-dark\" href=\"https:\/\/comunidad.comprasdominicana.gob.do\/\/Public\/Tendering\/OpportunityDetail\/Index?noticeUID=DO1.NTC.591040\" title=\"Ver\" target=\"_blank\">INESPRE-DAF-CM-2019-0021<\/a><\/h6><p class=\"mb-0 bold\">Adquisici\u00f3n de T-shirt y Gorras con Logo<\/p><p class=\"mb-0\" style=\"font-size: .85rem\"><strong title=\"Estado del Proceso\"><i class=\"fas fa-spinner\"><\/i><\/strong> Proceso adjudicado y celebrado<\/p><p class=\"mb-0\" style=\"font-size: .85rem\"><strong title=\"Fecha de Publicaci\u00f3n\"><i class=\"fas fa-calendar-alt\"><\/i><\/strong> Publicado el mi\u00e9rcoles, 22 de mayo de 2019<\/p><\/div><div class=\"col-auto mt-md-0 mt-2\"><a class=\"btn btn-primary btn-lg px-lg-4 d-none d-md-block\" href=\"https:\/\/comunidad.comprasdominicana.gob.do\/\/Public\/Tendering\/OpportunityDetail\/Index?noticeUID=DO1.NTC.591040\" target=\"_blank\" title=\"Detalles\"><i class=\"fas fa-link\"><\/i> DETALLES<\/a><a class=\"btn btn-primary btn-lg px-lg-4 d-block d-md-none\" href=\"https:\/\/comunidad.comprasdominicana.gob.do\/\/Public\/Tendering\/OpportunityDetail\/Index?noticeUID=DO1.NTC.591040\" target=\"_blank\" title=\"Detalles\"><i class=\"fas fa-2x fa-link\"><\/i><\/a><\/div><\/div><\/div><div class=\"jumbotron archivos\"><div class=\"row align-items-center\"><div class=\"col\"><h6><a class=\"text-dark\" href=\"https:\/\/comunidad.comprasdominicana.gob.do\/\/Public\/Tendering\/OpportunityDetail\/Index?noticeUID=DO1.NTC.582328\" title=\"Ver\" target=\"_blank\">INESPRE-DAF-CM-2019-0020<\/a><\/h6><p class=\"mb-0 bold\">Adquisici\u00f3n de Salchichas para los programas desarrollados por la Instituci\u00f3n a Nivel Nacional.<\/p><p class=\"mb-0\" style=\"font-size: .85rem\"><strong title=\"Estado del Proceso\"><i class=\"fas fa-spinner\"><\/i><\/strong> Proceso adjudicado y celebrado<\/p><p class=\"mb-0\" style=\"font-size: .85rem\"><strong title=\"Fecha de Publicaci\u00f3n\"><i class=\"fas fa-calendar-alt\"><\/i><\/strong> Publicado el viernes, 3 de mayo de 2019<\/p><\/div><div class=\"col-auto mt-md-0 mt-2\"><a class=\"btn btn-primary btn-lg px-lg-4 d-none d-md-block\" href=\"https:\/\/comunidad.comprasdominicana.gob.do\/\/Public\/Tendering\/OpportunityDetail\/Index?noticeUID=DO1.NTC.582328\" target=\"_blank\" title=\"Detalles\"><i class=\"fas fa-link\"><\/i> DETALLES<\/a><a class=\"btn btn-primary btn-lg px-lg-4 d-block d-md-none\" href=\"https:\/\/comunidad.comprasdominicana.gob.do\/\/Public\/Tendering\/OpportunityDetail\/Index?noticeUID=DO1.NTC.582328\" target=\"_blank\" title=\"Detalles\"><i class=\"fas fa-2x fa-link\"><\/i><\/a><\/div><\/div><\/div><div class=\"jumbotron archivos\"><div class=\"row align-items-center\"><div class=\"col\"><h6><a class=\"text-dark\" href=\"https:\/\/comunidad.comprasdominicana.gob.do\/\/Public\/Tendering\/OpportunityDetail\/Index?noticeUID=DO1.NTC.582435\" title=\"Ver\" target=\"_blank\">INESPRE-DAF-CM-2019-0019<\/a><\/h6><p class=\"mb-0 bold\">Adquisici\u00f3n de Sardinas para los programas desarrollados por la Instituci\u00f3n a Nivel Nacional<\/p><p class=\"mb-0\" style=\"font-size: .85rem\"><strong title=\"Estado del Proceso\"><i class=\"fas fa-spinner\"><\/i><\/strong> Proceso adjudicado y celebrado<\/p><p class=\"mb-0\" style=\"font-size: .85rem\"><strong title=\"Fecha de Publicaci\u00f3n\"><i class=\"fas fa-calendar-alt\"><\/i><\/strong> Publicado el viernes, 3 de mayo de 2019<\/p><\/div><div class=\"col-auto mt-md-0 mt-2\"><a class=\"btn btn-primary btn-lg px-lg-4 d-none d-md-block\" href=\"https:\/\/comunidad.comprasdominicana.gob.do\/\/Public\/Tendering\/OpportunityDetail\/Index?noticeUID=DO1.NTC.582435\" target=\"_blank\" title=\"Detalles\"><i class=\"fas fa-link\"><\/i> DETALLES<\/a><a class=\"btn btn-primary btn-lg px-lg-4 d-block d-md-none\" href=\"https:\/\/comunidad.comprasdominicana.gob.do\/\/Public\/Tendering\/OpportunityDetail\/Index?noticeUID=DO1.NTC.582435\" target=\"_blank\" title=\"Detalles\"><i class=\"fas fa-2x fa-link\"><\/i><\/a><\/div><\/div><\/div><\/div><\/div><\/div>\n        <div class=\"card\">\n            <div class=\"card-header parents\" id=\"heading_compras-menores-69f73f7454400-2019-69f73f7454400-abril-69f73f7454400\">\n                <p class=\"title text-blue mb-0\">\n                    <a class=\"btn-block hover text-left collapsed\" data-toggle=\"collapse\" data-target=\"#collap_compras-menores-69f73f7454400-2019-69f73f7454400-abril-69f73f7454400\" aria-expanded=\"false\" aria-controls=\"collap_compras-menores-69f73f7454400-2019-69f73f7454400-abril-69f73f7454400\">Abril<\/a>\n                <\/p>\n            <\/div>\n            <div id=\"collap_compras-menores-69f73f7454400-2019-69f73f7454400-abril-69f73f7454400\" class=\"collapse\" aria-labelledby=\"heading_compras-menores-69f73f7454400-2019-69f73f7454400-abril-69f73f7454400\" data-parent=\"#collap_compras-menores-69f73f7454400-2019-69f73f7454400\">\n                <div class=\"card-body\"><div class=\"jumbotron archivos\"><div class=\"row align-items-center\"><div class=\"col\"><h6><a class=\"text-dark\" href=\"https:\/\/comunidad.comprasdominicana.gob.do\/\/Public\/Tendering\/OpportunityDetail\/Index?noticeUID=DO1.NTC.579537\" title=\"Ver\" target=\"_blank\">INESPRE-DAF-CM-2019-0018<\/a><\/h6><p class=\"mb-0 bold\">Servicio de Publicaci\u00f3n en Dos (02) Peri\u00f3dicos de circulaci\u00f3n Nacional para la Licitaci\u00f3n P\u00fablica Nacional de referencia: INESPRE-CCC-LNP-2019-0002.<\/p><p class=\"mb-0\" style=\"font-size: .85rem\"><strong title=\"Estado del Proceso\"><i class=\"fas fa-spinner\"><\/i><\/strong> Proceso adjudicado y celebrado<\/p><p class=\"mb-0\" style=\"font-size: .85rem\"><strong title=\"Fecha de Publicaci\u00f3n\"><i class=\"fas fa-calendar-alt\"><\/i><\/strong> Publicado el viernes, 26 de abril de 2019<\/p><\/div><div class=\"col-auto mt-md-0 mt-2\"><a class=\"btn btn-primary btn-lg px-lg-4 d-none d-md-block\" href=\"https:\/\/comunidad.comprasdominicana.gob.do\/\/Public\/Tendering\/OpportunityDetail\/Index?noticeUID=DO1.NTC.579537\" target=\"_blank\" title=\"Detalles\"><i class=\"fas fa-link\"><\/i> DETALLES<\/a><a class=\"btn btn-primary btn-lg px-lg-4 d-block d-md-none\" href=\"https:\/\/comunidad.comprasdominicana.gob.do\/\/Public\/Tendering\/OpportunityDetail\/Index?noticeUID=DO1.NTC.579537\" target=\"_blank\" title=\"Detalles\"><i class=\"fas fa-2x fa-link\"><\/i><\/a><\/div><\/div><\/div><div class=\"jumbotron archivos\"><div class=\"row align-items-center\"><div class=\"col\"><h6><a class=\"text-dark\" href=\"https:\/\/comunidad.comprasdominicana.gob.do\/\/Public\/Tendering\/OpportunityDetail\/Index?noticeUID=DO1.NTC.577307\" title=\"Ver\" target=\"_blank\">INESPRE-DAF-CM-2019-0017<\/a><\/h6><p class=\"mb-0 bold\">Adquisici\u00f3n Productos de Papel<\/p><p class=\"mb-0\" style=\"font-size: .85rem\"><strong title=\"Estado del Proceso\"><i class=\"fas fa-spinner\"><\/i><\/strong> Proceso adjudicado y celebrado<\/p><p class=\"mb-0\" style=\"font-size: .85rem\"><strong title=\"Fecha de Publicaci\u00f3n\"><i class=\"fas fa-calendar-alt\"><\/i><\/strong> Publicado el martes, 23 de abril de 2019<\/p><\/div><div class=\"col-auto mt-md-0 mt-2\"><a class=\"btn btn-primary btn-lg px-lg-4 d-none d-md-block\" href=\"https:\/\/comunidad.comprasdominicana.gob.do\/\/Public\/Tendering\/OpportunityDetail\/Index?noticeUID=DO1.NTC.577307\" target=\"_blank\" title=\"Detalles\"><i class=\"fas fa-link\"><\/i> DETALLES<\/a><a class=\"btn btn-primary btn-lg px-lg-4 d-block d-md-none\" href=\"https:\/\/comunidad.comprasdominicana.gob.do\/\/Public\/Tendering\/OpportunityDetail\/Index?noticeUID=DO1.NTC.577307\" target=\"_blank\" title=\"Detalles\"><i class=\"fas fa-2x fa-link\"><\/i><\/a><\/div><\/div><\/div><div class=\"jumbotron archivos\"><div class=\"row align-items-center\"><div class=\"col\"><h6><a class=\"text-dark\" href=\"https:\/\/comunidad.comprasdominicana.gob.do\/\/Public\/Tendering\/OpportunityDetail\/Index?noticeUID=DO1.NTC.576412\" title=\"Ver\" target=\"_blank\">INESPRE-DAF-CM-2019-0016<\/a><\/h6><p class=\"mb-0 bold\">Confecci\u00f3n de Uniformes<\/p><p class=\"mb-0\" style=\"font-size: .85rem\"><strong title=\"Estado del Proceso\"><i class=\"fas fa-spinner\"><\/i><\/strong> Proceso adjudicado y celebrado<\/p><p class=\"mb-0\" style=\"font-size: .85rem\"><strong title=\"Fecha de Publicaci\u00f3n\"><i class=\"fas fa-calendar-alt\"><\/i><\/strong> Publicado el martes, 23 de abril de 2019<\/p><\/div><div class=\"col-auto mt-md-0 mt-2\"><a class=\"btn btn-primary btn-lg px-lg-4 d-none d-md-block\" href=\"https:\/\/comunidad.comprasdominicana.gob.do\/\/Public\/Tendering\/OpportunityDetail\/Index?noticeUID=DO1.NTC.576412\" target=\"_blank\" title=\"Detalles\"><i class=\"fas fa-link\"><\/i> DETALLES<\/a><a class=\"btn btn-primary btn-lg px-lg-4 d-block d-md-none\" href=\"https:\/\/comunidad.comprasdominicana.gob.do\/\/Public\/Tendering\/OpportunityDetail\/Index?noticeUID=DO1.NTC.576412\" target=\"_blank\" title=\"Detalles\"><i class=\"fas fa-2x fa-link\"><\/i><\/a><\/div><\/div><\/div><div class=\"jumbotron archivos\"><div class=\"row align-items-center\"><div class=\"col\"><h6><a class=\"text-dark\" href=\"https:\/\/comunidad.comprasdominicana.gob.do\/\/Public\/Tendering\/OpportunityDetail\/Index?noticeUID=DO1.NTC.574004\" title=\"Ver\" target=\"_blank\">INESPRE-DAF-CM-2019-0015<\/a><\/h6><p class=\"mb-0 bold\">Servicio de Rotulaci\u00f3n de Camiones<\/p><p class=\"mb-0\" style=\"font-size: .85rem\"><strong title=\"Estado del Proceso\"><i class=\"fas fa-spinner\"><\/i><\/strong> Proceso adjudicado y celebrado<\/p><p class=\"mb-0\" style=\"font-size: .85rem\"><strong title=\"Fecha de Publicaci\u00f3n\"><i class=\"fas fa-calendar-alt\"><\/i><\/strong> Publicado el mi\u00e9rcoles, 17 de abril de 2019<\/p><\/div><div class=\"col-auto mt-md-0 mt-2\"><a class=\"btn btn-primary btn-lg px-lg-4 d-none d-md-block\" href=\"https:\/\/comunidad.comprasdominicana.gob.do\/\/Public\/Tendering\/OpportunityDetail\/Index?noticeUID=DO1.NTC.574004\" target=\"_blank\" title=\"Detalles\"><i class=\"fas fa-link\"><\/i> DETALLES<\/a><a class=\"btn btn-primary btn-lg px-lg-4 d-block d-md-none\" href=\"https:\/\/comunidad.comprasdominicana.gob.do\/\/Public\/Tendering\/OpportunityDetail\/Index?noticeUID=DO1.NTC.574004\" target=\"_blank\" title=\"Detalles\"><i class=\"fas fa-2x fa-link\"><\/i><\/a><\/div><\/div><\/div><div class=\"jumbotron archivos\"><div class=\"row align-items-center\"><div class=\"col\"><h6><a class=\"text-dark\" href=\"https:\/\/comunidad.comprasdominicana.gob.do\/\/Public\/Tendering\/OpportunityDetail\/Index?noticeUID=DO1.NTC.569815\" title=\"Ver\" target=\"_blank\">INESPRE-DAF-CM-2019-0014<\/a><\/h6><p class=\"mb-0 bold\">Adquisici\u00f3n de Suministros de Oficina<\/p><p class=\"mb-0\" style=\"font-size: .85rem\"><strong title=\"Estado del Proceso\"><i class=\"fas fa-spinner\"><\/i><\/strong> Proceso adjudicado y celebrado<\/p><p class=\"mb-0\" style=\"font-size: .85rem\"><strong title=\"Fecha de Publicaci\u00f3n\"><i class=\"fas fa-calendar-alt\"><\/i><\/strong> Publicado el jueves, 11 de abril de 2019<\/p><\/div><div class=\"col-auto mt-md-0 mt-2\"><a class=\"btn btn-primary btn-lg px-lg-4 d-none d-md-block\" href=\"https:\/\/comunidad.comprasdominicana.gob.do\/\/Public\/Tendering\/OpportunityDetail\/Index?noticeUID=DO1.NTC.569815\" target=\"_blank\" title=\"Detalles\"><i class=\"fas fa-link\"><\/i> DETALLES<\/a><a class=\"btn btn-primary btn-lg px-lg-4 d-block d-md-none\" href=\"https:\/\/comunidad.comprasdominicana.gob.do\/\/Public\/Tendering\/OpportunityDetail\/Index?noticeUID=DO1.NTC.569815\" target=\"_blank\" title=\"Detalles\"><i class=\"fas fa-2x fa-link\"><\/i><\/a><\/div><\/div><\/div><div class=\"jumbotron archivos\"><div class=\"row align-items-center\"><div class=\"col\"><h6><a class=\"text-dark\" href=\"https:\/\/comunidad.comprasdominicana.gob.do\/\/Public\/Tendering\/OpportunityDetail\/Index?noticeUID=DO1.NTC.569429\" title=\"Ver\" target=\"_blank\">INESPRE-DAF-CM-2019-0013<\/a><\/h6><p class=\"mb-0 bold\">Adquisici\u00f3n Materiales de Limpieza para ser distribuidos por el almac\u00e9n de Compras y Suministros.<\/p><p class=\"mb-0\" style=\"font-size: .85rem\"><strong title=\"Estado del Proceso\"><i class=\"fas fa-spinner\"><\/i><\/strong> Proceso adjudicado y celebrado<\/p><p class=\"mb-0\" style=\"font-size: .85rem\"><strong title=\"Fecha de Publicaci\u00f3n\"><i class=\"fas fa-calendar-alt\"><\/i><\/strong> Publicado el mi\u00e9rcoles, 10 de abril de 2019<\/p><\/div><div class=\"col-auto mt-md-0 mt-2\"><a class=\"btn btn-primary btn-lg px-lg-4 d-none d-md-block\" href=\"https:\/\/comunidad.comprasdominicana.gob.do\/\/Public\/Tendering\/OpportunityDetail\/Index?noticeUID=DO1.NTC.569429\" target=\"_blank\" title=\"Detalles\"><i class=\"fas fa-link\"><\/i> DETALLES<\/a><a class=\"btn btn-primary btn-lg px-lg-4 d-block d-md-none\" href=\"https:\/\/comunidad.comprasdominicana.gob.do\/\/Public\/Tendering\/OpportunityDetail\/Index?noticeUID=DO1.NTC.569429\" target=\"_blank\" title=\"Detalles\"><i class=\"fas fa-2x fa-link\"><\/i><\/a><\/div><\/div><\/div><\/div><\/div><\/div>\n        <div class=\"card\">\n            <div class=\"card-header parents\" id=\"heading_compras-menores-69f73f7454400-2019-69f73f7454400-marzo-69f73f7454400\">\n                <p class=\"title text-blue mb-0\">\n                    <a class=\"btn-block hover text-left collapsed\" data-toggle=\"collapse\" data-target=\"#collap_compras-menores-69f73f7454400-2019-69f73f7454400-marzo-69f73f7454400\" aria-expanded=\"false\" aria-controls=\"collap_compras-menores-69f73f7454400-2019-69f73f7454400-marzo-69f73f7454400\">Marzo<\/a>\n                <\/p>\n            <\/div>\n            <div id=\"collap_compras-menores-69f73f7454400-2019-69f73f7454400-marzo-69f73f7454400\" class=\"collapse\" aria-labelledby=\"heading_compras-menores-69f73f7454400-2019-69f73f7454400-marzo-69f73f7454400\" data-parent=\"#collap_compras-menores-69f73f7454400-2019-69f73f7454400\">\n                <div class=\"card-body\"><div class=\"jumbotron archivos\"><div class=\"row align-items-center\"><div class=\"col\"><h6><a class=\"text-dark\" href=\"https:\/\/comunidad.comprasdominicana.gob.do\/\/Public\/Tendering\/OpportunityDetail\/Index?noticeUID=DO1.NTC.556304\" title=\"Ver\" target=\"_blank\">INESPRE-DAF-CM-2019-0012<\/a><\/h6><p class=\"mb-0 bold\">Servicio de Alquiler de mobiliarios y equipos para Stand de la Feria Agropecuaria 2019<\/p><p class=\"mb-0\" style=\"font-size: .85rem\"><strong title=\"Estado del Proceso\"><i class=\"fas fa-spinner\"><\/i><\/strong> Proceso adjudicado y celebrado<\/p><p class=\"mb-0\" style=\"font-size: .85rem\"><strong title=\"Fecha de Publicaci\u00f3n\"><i class=\"fas fa-calendar-alt\"><\/i><\/strong> Publicado el viernes, 15 de marzo de 2019<\/p><\/div><div class=\"col-auto mt-md-0 mt-2\"><a class=\"btn btn-primary btn-lg px-lg-4 d-none d-md-block\" href=\"https:\/\/comunidad.comprasdominicana.gob.do\/\/Public\/Tendering\/OpportunityDetail\/Index?noticeUID=DO1.NTC.556304\" target=\"_blank\" title=\"Detalles\"><i class=\"fas fa-link\"><\/i> DETALLES<\/a><a class=\"btn btn-primary btn-lg px-lg-4 d-block d-md-none\" href=\"https:\/\/comunidad.comprasdominicana.gob.do\/\/Public\/Tendering\/OpportunityDetail\/Index?noticeUID=DO1.NTC.556304\" target=\"_blank\" title=\"Detalles\"><i class=\"fas fa-2x fa-link\"><\/i><\/a><\/div><\/div><\/div><div class=\"jumbotron archivos\"><div class=\"row align-items-center\"><div class=\"col\"><h6><a class=\"text-dark\" href=\"https:\/\/comunidad.comprasdominicana.gob.do\/\/Public\/Tendering\/OpportunityDetail\/Index?noticeUID=DO1.NTC.554012\" title=\"Ver\" target=\"_blank\">INESPRE-DAF-CM-2019-0011<\/a><\/h6><p class=\"mb-0 bold\">Adquisici\u00f3n Papel de Empaque (PVC)<\/p><p class=\"mb-0\" style=\"font-size: .85rem\"><strong title=\"Estado del Proceso\"><i class=\"fas fa-spinner\"><\/i><\/strong> Proceso desierto<\/p><p class=\"mb-0\" style=\"font-size: .85rem\"><strong title=\"Fecha de Publicaci\u00f3n\"><i class=\"fas fa-calendar-alt\"><\/i><\/strong> Publicado el mi\u00e9rcoles, 13 de marzo de 2019<\/p><\/div><div class=\"col-auto mt-md-0 mt-2\"><a class=\"btn btn-primary btn-lg px-lg-4 d-none d-md-block\" href=\"https:\/\/comunidad.comprasdominicana.gob.do\/\/Public\/Tendering\/OpportunityDetail\/Index?noticeUID=DO1.NTC.554012\" target=\"_blank\" title=\"Detalles\"><i class=\"fas fa-link\"><\/i> DETALLES<\/a><a class=\"btn btn-primary btn-lg px-lg-4 d-block d-md-none\" href=\"https:\/\/comunidad.comprasdominicana.gob.do\/\/Public\/Tendering\/OpportunityDetail\/Index?noticeUID=DO1.NTC.554012\" target=\"_blank\" title=\"Detalles\"><i class=\"fas fa-2x fa-link\"><\/i><\/a><\/div><\/div><\/div><div class=\"jumbotron archivos\"><div class=\"row align-items-center\"><div class=\"col\"><h6><a class=\"text-dark\" href=\"https:\/\/comunidad.comprasdominicana.gob.do\/\/Public\/Tendering\/OpportunityDetail\/Index?noticeUID=DO1.NTC.551235\" title=\"Ver\" target=\"_blank\">INESPRE-DAF-CM-2019-0010<\/a><\/h6><p class=\"mb-0 bold\">Adquisici\u00f3n de Sacos para empacar<\/p><p class=\"mb-0\" style=\"font-size: .85rem\"><strong title=\"Estado del Proceso\"><i class=\"fas fa-spinner\"><\/i><\/strong> Proceso adjudicado y celebrado<\/p><p class=\"mb-0\" style=\"font-size: .85rem\"><strong title=\"Fecha de Publicaci\u00f3n\"><i class=\"fas fa-calendar-alt\"><\/i><\/strong> Publicado el jueves, 7 de marzo de 2019<\/p><\/div><div class=\"col-auto mt-md-0 mt-2\"><a class=\"btn btn-primary btn-lg px-lg-4 d-none d-md-block\" href=\"https:\/\/comunidad.comprasdominicana.gob.do\/\/Public\/Tendering\/OpportunityDetail\/Index?noticeUID=DO1.NTC.551235\" target=\"_blank\" title=\"Detalles\"><i class=\"fas fa-link\"><\/i> DETALLES<\/a><a class=\"btn btn-primary btn-lg px-lg-4 d-block d-md-none\" href=\"https:\/\/comunidad.comprasdominicana.gob.do\/\/Public\/Tendering\/OpportunityDetail\/Index?noticeUID=DO1.NTC.551235\" target=\"_blank\" title=\"Detalles\"><i class=\"fas fa-2x fa-link\"><\/i><\/a><\/div><\/div><\/div><div class=\"jumbotron archivos\"><div class=\"row align-items-center\"><div class=\"col\"><h6><a class=\"text-dark\" href=\"https:\/\/comunidad.comprasdominicana.gob.do\/\/Public\/Tendering\/OpportunityDetail\/Index?noticeUID=DO1.NTC.550905\" title=\"Ver\" target=\"_blank\">INESPRE-DAF-CM-2019-0009<\/a><\/h6><p class=\"mb-0 bold\">Adquisici\u00f3n de Radio de comunicaci\u00f3n y accesorios<\/p><p class=\"mb-0\" style=\"font-size: .85rem\"><strong title=\"Estado del Proceso\"><i class=\"fas fa-spinner\"><\/i><\/strong> Proceso adjudicado y celebrado<\/p><p class=\"mb-0\" style=\"font-size: .85rem\"><strong title=\"Fecha de Publicaci\u00f3n\"><i class=\"fas fa-calendar-alt\"><\/i><\/strong> Publicado el jueves, 7 de marzo de 2019<\/p><\/div><div class=\"col-auto mt-md-0 mt-2\"><a class=\"btn btn-primary btn-lg px-lg-4 d-none d-md-block\" href=\"https:\/\/comunidad.comprasdominicana.gob.do\/\/Public\/Tendering\/OpportunityDetail\/Index?noticeUID=DO1.NTC.550905\" target=\"_blank\" title=\"Detalles\"><i class=\"fas fa-link\"><\/i> DETALLES<\/a><a class=\"btn btn-primary btn-lg px-lg-4 d-block d-md-none\" href=\"https:\/\/comunidad.comprasdominicana.gob.do\/\/Public\/Tendering\/OpportunityDetail\/Index?noticeUID=DO1.NTC.550905\" target=\"_blank\" title=\"Detalles\"><i class=\"fas fa-2x fa-link\"><\/i><\/a><\/div><\/div><\/div><\/div><\/div><\/div>\n        <div class=\"card\">\n            <div class=\"card-header parents\" id=\"heading_compras-menores-69f73f7454400-2019-69f73f7454400-febrero-69f73f7454400\">\n                <p class=\"title text-blue mb-0\">\n                    <a class=\"btn-block hover text-left collapsed\" data-toggle=\"collapse\" data-target=\"#collap_compras-menores-69f73f7454400-2019-69f73f7454400-febrero-69f73f7454400\" aria-expanded=\"false\" aria-controls=\"collap_compras-menores-69f73f7454400-2019-69f73f7454400-febrero-69f73f7454400\">Febrero<\/a>\n                <\/p>\n            <\/div>\n            <div id=\"collap_compras-menores-69f73f7454400-2019-69f73f7454400-febrero-69f73f7454400\" class=\"collapse\" aria-labelledby=\"heading_compras-menores-69f73f7454400-2019-69f73f7454400-febrero-69f73f7454400\" data-parent=\"#collap_compras-menores-69f73f7454400-2019-69f73f7454400\">\n                <div class=\"card-body\"><div class=\"jumbotron archivos\"><div class=\"row align-items-center\"><div class=\"col\"><h6><a class=\"text-dark\" href=\"https:\/\/comunidad.comprasdominicana.gob.do\/\/Public\/Tendering\/OpportunityDetail\/Index?noticeUID=DO1.NTC.542738\" title=\"Ver\" target=\"_blank\">INESPRE-DAF-CM-2019-0008<\/a><\/h6><p class=\"mb-0 bold\">Servicio de Publicaci\u00f3n en Dos (02) Peri\u00f3dicos de circulaci\u00f3n Nacional para la Licitaci\u00f3n P\u00fablica Nacional de referencia: INESPRE-CCC-LNP-2019-0001.<\/p><p class=\"mb-0\" style=\"font-size: .85rem\"><strong title=\"Estado del Proceso\"><i class=\"fas fa-spinner\"><\/i><\/strong> Proceso adjudicado y celebrado<\/p><p class=\"mb-0\" style=\"font-size: .85rem\"><strong title=\"Fecha de Publicaci\u00f3n\"><i class=\"fas fa-calendar-alt\"><\/i><\/strong> Publicado el lunes, 18 de febrero de 2019<\/p><\/div><div class=\"col-auto mt-md-0 mt-2\"><a class=\"btn btn-primary btn-lg px-lg-4 d-none d-md-block\" href=\"https:\/\/comunidad.comprasdominicana.gob.do\/\/Public\/Tendering\/OpportunityDetail\/Index?noticeUID=DO1.NTC.542738\" target=\"_blank\" title=\"Detalles\"><i class=\"fas fa-link\"><\/i> DETALLES<\/a><a class=\"btn btn-primary btn-lg px-lg-4 d-block d-md-none\" href=\"https:\/\/comunidad.comprasdominicana.gob.do\/\/Public\/Tendering\/OpportunityDetail\/Index?noticeUID=DO1.NTC.542738\" target=\"_blank\" title=\"Detalles\"><i class=\"fas fa-2x fa-link\"><\/i><\/a><\/div><\/div><\/div><div class=\"jumbotron archivos\"><div class=\"row align-items-center\"><div class=\"col\"><h6><a class=\"text-dark\" href=\"https:\/\/comunidad.comprasdominicana.gob.do\/\/Public\/Tendering\/OpportunityDetail\/Index?noticeUID=DO1.NTC.539017\" title=\"Ver\" target=\"_blank\">INESPRE-DAF-CM-2019-0007<\/a><\/h6><p class=\"mb-0 bold\">Adquisici\u00f3n de Balanza mostrador tipo reloj sobre mesa de 10 K<\/p><p class=\"mb-0\" style=\"font-size: .85rem\"><strong title=\"Estado del Proceso\"><i class=\"fas fa-spinner\"><\/i><\/strong> Proceso adjudicado y celebrado<\/p><p class=\"mb-0\" style=\"font-size: .85rem\"><strong title=\"Fecha de Publicaci\u00f3n\"><i class=\"fas fa-calendar-alt\"><\/i><\/strong> Publicado el viernes, 8 de febrero de 2019<\/p><\/div><div class=\"col-auto mt-md-0 mt-2\"><a class=\"btn btn-primary btn-lg px-lg-4 d-none d-md-block\" href=\"https:\/\/comunidad.comprasdominicana.gob.do\/\/Public\/Tendering\/OpportunityDetail\/Index?noticeUID=DO1.NTC.539017\" target=\"_blank\" title=\"Detalles\"><i class=\"fas fa-link\"><\/i> DETALLES<\/a><a class=\"btn btn-primary btn-lg px-lg-4 d-block d-md-none\" href=\"https:\/\/comunidad.comprasdominicana.gob.do\/\/Public\/Tendering\/OpportunityDetail\/Index?noticeUID=DO1.NTC.539017\" target=\"_blank\" title=\"Detalles\"><i class=\"fas fa-2x fa-link\"><\/i><\/a><\/div><\/div><\/div><div class=\"jumbotron archivos\"><div class=\"row align-items-center\"><div class=\"col\"><h6><a class=\"text-dark\" href=\"https:\/\/comunidad.comprasdominicana.gob.do\/\/Public\/Tendering\/OpportunityDetail\/Index?noticeUID=DO1.NTC.538731\" title=\"Ver\" target=\"_blank\">INESPRE-DAF-CM-2019-0006<\/a><\/h6><p class=\"mb-0 bold\">Adquisici\u00f3n de Alimentos y Bebidas<\/p><p class=\"mb-0\" style=\"font-size: .85rem\"><strong title=\"Estado del Proceso\"><i class=\"fas fa-spinner\"><\/i><\/strong> Proceso adjudicado y celebrado<\/p><p class=\"mb-0\" style=\"font-size: .85rem\"><strong title=\"Fecha de Publicaci\u00f3n\"><i class=\"fas fa-calendar-alt\"><\/i><\/strong> Publicado el viernes, 8 de febrero de 2019<\/p><\/div><div class=\"col-auto mt-md-0 mt-2\"><a class=\"btn btn-primary btn-lg px-lg-4 d-none d-md-block\" href=\"https:\/\/comunidad.comprasdominicana.gob.do\/\/Public\/Tendering\/OpportunityDetail\/Index?noticeUID=DO1.NTC.538731\" target=\"_blank\" title=\"Detalles\"><i class=\"fas fa-link\"><\/i> DETALLES<\/a><a class=\"btn btn-primary btn-lg px-lg-4 d-block d-md-none\" href=\"https:\/\/comunidad.comprasdominicana.gob.do\/\/Public\/Tendering\/OpportunityDetail\/Index?noticeUID=DO1.NTC.538731\" target=\"_blank\" title=\"Detalles\"><i class=\"fas fa-2x fa-link\"><\/i><\/a><\/div><\/div><\/div><div class=\"jumbotron archivos\"><div class=\"row align-items-center\"><div class=\"col\"><h6><a class=\"text-dark\" href=\"https:\/\/comunidad.comprasdominicana.gob.do\/\/Public\/Tendering\/OpportunityDetail\/Index?noticeUID=DO1.NTC.534912\" title=\"Ver\" target=\"_blank\">INESPRE-DAF-CM-2019-0005<\/a><\/h6><p class=\"mb-0 bold\">Adquisici\u00f3n de Toner para impresoras <\/p><p class=\"mb-0\" style=\"font-size: .85rem\"><strong title=\"Estado del Proceso\"><i class=\"fas fa-spinner\"><\/i><\/strong> Proceso adjudicado y celebrado<\/p><p class=\"mb-0\" style=\"font-size: .85rem\"><strong title=\"Fecha de Publicaci\u00f3n\"><i class=\"fas fa-calendar-alt\"><\/i><\/strong> Publicado el lunes, 4 de febrero de 2019<\/p><\/div><div class=\"col-auto mt-md-0 mt-2\"><a class=\"btn btn-primary btn-lg px-lg-4 d-none d-md-block\" href=\"https:\/\/comunidad.comprasdominicana.gob.do\/\/Public\/Tendering\/OpportunityDetail\/Index?noticeUID=DO1.NTC.534912\" target=\"_blank\" title=\"Detalles\"><i class=\"fas fa-link\"><\/i> DETALLES<\/a><a class=\"btn btn-primary btn-lg px-lg-4 d-block d-md-none\" href=\"https:\/\/comunidad.comprasdominicana.gob.do\/\/Public\/Tendering\/OpportunityDetail\/Index?noticeUID=DO1.NTC.534912\" target=\"_blank\" title=\"Detalles\"><i class=\"fas fa-2x fa-link\"><\/i><\/a><\/div><\/div><\/div><\/div><\/div><\/div>\n        <div class=\"card\">\n            <div class=\"card-header parents\" id=\"heading_compras-menores-69f73f7454400-2019-69f73f7454400-enero-69f73f7454400\">\n                <p class=\"title text-blue mb-0\">\n                    <a class=\"btn-block hover text-left collapsed\" data-toggle=\"collapse\" data-target=\"#collap_compras-menores-69f73f7454400-2019-69f73f7454400-enero-69f73f7454400\" aria-expanded=\"false\" aria-controls=\"collap_compras-menores-69f73f7454400-2019-69f73f7454400-enero-69f73f7454400\">Enero<\/a>\n                <\/p>\n            <\/div>\n            <div id=\"collap_compras-menores-69f73f7454400-2019-69f73f7454400-enero-69f73f7454400\" class=\"collapse\" aria-labelledby=\"heading_compras-menores-69f73f7454400-2019-69f73f7454400-enero-69f73f7454400\" data-parent=\"#collap_compras-menores-69f73f7454400-2019-69f73f7454400\">\n                <div class=\"card-body\"><div class=\"jumbotron archivos\"><div class=\"row align-items-center\"><div class=\"col\"><h6><a class=\"text-dark\" href=\"https:\/\/comunidad.comprasdominicana.gob.do\/\/Public\/Tendering\/OpportunityDetail\/Index?noticeUID=DO1.NTC.533005\" title=\"Ver\" target=\"_blank\">INESPRE-DAF-CM-2019-0004<\/a><\/h6><p class=\"mb-0 bold\">Servicio de Publicaci\u00f3n en Dos (02) Peri\u00f3dicos de circulares Nacional para la Licitaci\u00f3n P\u00fablica Nacional de Referencia: INESPRE-CCC-LPN-2019-0001<\/p><p class=\"mb-0\" style=\"font-size: .85rem\"><strong title=\"Estado del Proceso\"><i class=\"fas fa-spinner\"><\/i><\/strong> Cancelado<\/p><p class=\"mb-0\" style=\"font-size: .85rem\"><strong title=\"Fecha de Publicaci\u00f3n\"><i class=\"fas fa-calendar-alt\"><\/i><\/strong> Publicado el mi\u00e9rcoles, 30 de enero de 2019<\/p><\/div><div class=\"col-auto mt-md-0 mt-2\"><a class=\"btn btn-primary btn-lg px-lg-4 d-none d-md-block\" href=\"https:\/\/comunidad.comprasdominicana.gob.do\/\/Public\/Tendering\/OpportunityDetail\/Index?noticeUID=DO1.NTC.533005\" target=\"_blank\" title=\"Detalles\"><i class=\"fas fa-link\"><\/i> DETALLES<\/a><a class=\"btn btn-primary btn-lg px-lg-4 d-block d-md-none\" href=\"https:\/\/comunidad.comprasdominicana.gob.do\/\/Public\/Tendering\/OpportunityDetail\/Index?noticeUID=DO1.NTC.533005\" target=\"_blank\" title=\"Detalles\"><i class=\"fas fa-2x fa-link\"><\/i><\/a><\/div><\/div><\/div><div class=\"jumbotron archivos\"><div class=\"row align-items-center\"><div class=\"col\"><h6><a class=\"text-dark\" href=\"https:\/\/comunidad.comprasdominicana.gob.do\/\/Public\/Tendering\/OpportunityDetail\/Index?noticeUID=DO1.NTC.532324\" title=\"Ver\" target=\"_blank\">INESPRE-DAF-CM-2019-0003<\/a><\/h6><p class=\"mb-0 bold\">Adquisici\u00f3n de Sardinas para los programas desarrollados por la Instituci\u00f3n a Nivel Nacional.<\/p><p class=\"mb-0\" style=\"font-size: .85rem\"><strong title=\"Estado del Proceso\"><i class=\"fas fa-spinner\"><\/i><\/strong> Proceso adjudicado y celebrado<\/p><p class=\"mb-0\" style=\"font-size: .85rem\"><strong title=\"Fecha de Publicaci\u00f3n\"><i class=\"fas fa-calendar-alt\"><\/i><\/strong> Publicado el martes, 29 de enero de 2019<\/p><\/div><div class=\"col-auto mt-md-0 mt-2\"><a class=\"btn btn-primary btn-lg px-lg-4 d-none d-md-block\" href=\"https:\/\/comunidad.comprasdominicana.gob.do\/\/Public\/Tendering\/OpportunityDetail\/Index?noticeUID=DO1.NTC.532324\" target=\"_blank\" title=\"Detalles\"><i class=\"fas fa-link\"><\/i> DETALLES<\/a><a class=\"btn btn-primary btn-lg px-lg-4 d-block d-md-none\" href=\"https:\/\/comunidad.comprasdominicana.gob.do\/\/Public\/Tendering\/OpportunityDetail\/Index?noticeUID=DO1.NTC.532324\" target=\"_blank\" title=\"Detalles\"><i class=\"fas fa-2x fa-link\"><\/i><\/a><\/div><\/div><\/div><div class=\"jumbotron archivos\"><div class=\"row align-items-center\"><div class=\"col\"><h6><a class=\"text-dark\" href=\"https:\/\/comunidad.comprasdominicana.gob.do\/\/Public\/Tendering\/OpportunityDetail\/Index?noticeUID=DO1.NTC.527609\" title=\"Ver\" target=\"_blank\">INESPRE-DAF-CM-2019-0002<\/a><\/h6><p class=\"mb-0 bold\">Servicio de Rotulaci\u00f3n de Camiones<\/p><p class=\"mb-0\" style=\"font-size: .85rem\"><strong title=\"Estado del Proceso\"><i class=\"fas fa-spinner\"><\/i><\/strong> Cancelado<\/p><p class=\"mb-0\" style=\"font-size: .85rem\"><strong title=\"Fecha de Publicaci\u00f3n\"><i class=\"fas fa-calendar-alt\"><\/i><\/strong> Publicado el mi\u00e9rcoles, 16 de enero de 2019<\/p><\/div><div class=\"col-auto mt-md-0 mt-2\"><a class=\"btn btn-primary btn-lg px-lg-4 d-none d-md-block\" href=\"https:\/\/comunidad.comprasdominicana.gob.do\/\/Public\/Tendering\/OpportunityDetail\/Index?noticeUID=DO1.NTC.527609\" target=\"_blank\" title=\"Detalles\"><i class=\"fas fa-link\"><\/i> DETALLES<\/a><a class=\"btn btn-primary btn-lg px-lg-4 d-block d-md-none\" href=\"https:\/\/comunidad.comprasdominicana.gob.do\/\/Public\/Tendering\/OpportunityDetail\/Index?noticeUID=DO1.NTC.527609\" target=\"_blank\" title=\"Detalles\"><i class=\"fas fa-2x fa-link\"><\/i><\/a><\/div><\/div><\/div><\/div><\/div><\/div><\/div><\/div><\/div>\n        <div class=\"card\">\n            <div class=\"card-header parents\" id=\"heading_compras-menores-69f73f7454400-2018-69f73f7454400\">\n                <p class=\"title text-blue mb-0\">\n                    <a class=\"btn-block hover text-left collapsed\" data-toggle=\"collapse\" data-target=\"#collap_compras-menores-69f73f7454400-2018-69f73f7454400\" aria-expanded=\"false\" aria-controls=\"collap_compras-menores-69f73f7454400-2018-69f73f7454400\">2018<\/a>\n                <\/p>\n            <\/div>\n            <div id=\"collap_compras-menores-69f73f7454400-2018-69f73f7454400\" class=\"collapse\" aria-labelledby=\"heading_compras-menores-69f73f7454400-2018-69f73f7454400\" data-parent=\"#collap_compras-menores-69f73f7454400\">\n                <div class=\"card-body\">\n        <div class=\"card\">\n            <div class=\"card-header parents\" id=\"heading_compras-menores-69f73f7454400-2018-69f73f7454400-diciembre-69f73f7454400\">\n                <p class=\"title text-blue mb-0\">\n                    <a class=\"btn-block hover text-left collapsed\" data-toggle=\"collapse\" data-target=\"#collap_compras-menores-69f73f7454400-2018-69f73f7454400-diciembre-69f73f7454400\" aria-expanded=\"false\" aria-controls=\"collap_compras-menores-69f73f7454400-2018-69f73f7454400-diciembre-69f73f7454400\">Diciembre<\/a>\n                <\/p>\n            <\/div>\n            <div id=\"collap_compras-menores-69f73f7454400-2018-69f73f7454400-diciembre-69f73f7454400\" class=\"collapse\" aria-labelledby=\"heading_compras-menores-69f73f7454400-2018-69f73f7454400-diciembre-69f73f7454400\" data-parent=\"#collap_compras-menores-69f73f7454400-2018-69f73f7454400\">\n                <div class=\"card-body\"><div class=\"jumbotron archivos\"><div class=\"row align-items-center\"><div class=\"col\"><h6><a class=\"text-dark\" href=\"https:\/\/comunidad.comprasdominicana.gob.do\/\/Public\/Tendering\/OpportunityDetail\/Index?noticeUID=DO1.NTC.508533\" title=\"Ver\" target=\"_blank\">INESPRE-DAF-CM-2018-0018<\/a><\/h6><p class=\"mb-0 bold\">Adquisici\u00f3n de dulces Navide\u00f1os, chocolates, frutas frescas y frutos secos, para la Fiesta Navide\u00f1a de los Empleados de la Instituci\u00f3n 2018<\/p><p class=\"mb-0\" style=\"font-size: .85rem\"><strong title=\"Estado del Proceso\"><i class=\"fas fa-spinner\"><\/i><\/strong> Proceso adjudicado y celebrado<\/p><p class=\"mb-0\" style=\"font-size: .85rem\"><strong title=\"Fecha de Publicaci\u00f3n\"><i class=\"fas fa-calendar-alt\"><\/i><\/strong> Publicado el mi\u00e9rcoles, 5 de diciembre de 2018<\/p><\/div><div class=\"col-auto mt-md-0 mt-2\"><a class=\"btn btn-primary btn-lg px-lg-4 d-none d-md-block\" href=\"https:\/\/comunidad.comprasdominicana.gob.do\/\/Public\/Tendering\/OpportunityDetail\/Index?noticeUID=DO1.NTC.508533\" target=\"_blank\" title=\"Detalles\"><i class=\"fas fa-link\"><\/i> DETALLES<\/a><a class=\"btn btn-primary btn-lg px-lg-4 d-block d-md-none\" href=\"https:\/\/comunidad.comprasdominicana.gob.do\/\/Public\/Tendering\/OpportunityDetail\/Index?noticeUID=DO1.NTC.508533\" target=\"_blank\" title=\"Detalles\"><i class=\"fas fa-2x fa-link\"><\/i><\/a><\/div><\/div><\/div><\/div><\/div><\/div>\n        <div class=\"card\">\n            <div class=\"card-header parents\" id=\"heading_compras-menores-69f73f7454400-2018-69f73f7454400-noviembre-69f73f7454400\">\n                <p class=\"title text-blue mb-0\">\n                    <a class=\"btn-block hover text-left collapsed\" data-toggle=\"collapse\" data-target=\"#collap_compras-menores-69f73f7454400-2018-69f73f7454400-noviembre-69f73f7454400\" aria-expanded=\"false\" aria-controls=\"collap_compras-menores-69f73f7454400-2018-69f73f7454400-noviembre-69f73f7454400\">Noviembre<\/a>\n                <\/p>\n            <\/div>\n            <div id=\"collap_compras-menores-69f73f7454400-2018-69f73f7454400-noviembre-69f73f7454400\" class=\"collapse\" aria-labelledby=\"heading_compras-menores-69f73f7454400-2018-69f73f7454400-noviembre-69f73f7454400\" data-parent=\"#collap_compras-menores-69f73f7454400-2018-69f73f7454400\">\n                <div class=\"card-body\"><div class=\"jumbotron archivos\"><div class=\"row align-items-center\"><div class=\"col\"><h6><a class=\"text-dark\" href=\"https:\/\/comunidad.comprasdominicana.gob.do\/\/Public\/Tendering\/OpportunityDetail\/Index?noticeUID=DO1.NTC.503625\" title=\"Ver\" target=\"_blank\">INESPRE-DAF-CM-2018-0017<\/a><\/h6><p class=\"mb-0 bold\">Adquisici\u00f3n de Electrodom\u00e9sticos para ser sorteados en el encuentro navide\u00f1o de los empleados de la Instituci\u00f3n <\/p><p class=\"mb-0\" style=\"font-size: .85rem\"><strong title=\"Estado del Proceso\"><i class=\"fas fa-spinner\"><\/i><\/strong> Proceso adjudicado y celebrado<\/p><p class=\"mb-0\" style=\"font-size: .85rem\"><strong title=\"Fecha de Publicaci\u00f3n\"><i class=\"fas fa-calendar-alt\"><\/i><\/strong> Publicado el mi\u00e9rcoles, 28 de noviembre de 2018<\/p><\/div><div class=\"col-auto mt-md-0 mt-2\"><a class=\"btn btn-primary btn-lg px-lg-4 d-none d-md-block\" href=\"https:\/\/comunidad.comprasdominicana.gob.do\/\/Public\/Tendering\/OpportunityDetail\/Index?noticeUID=DO1.NTC.503625\" target=\"_blank\" title=\"Detalles\"><i class=\"fas fa-link\"><\/i> DETALLES<\/a><a class=\"btn btn-primary btn-lg px-lg-4 d-block d-md-none\" href=\"https:\/\/comunidad.comprasdominicana.gob.do\/\/Public\/Tendering\/OpportunityDetail\/Index?noticeUID=DO1.NTC.503625\" target=\"_blank\" title=\"Detalles\"><i class=\"fas fa-2x fa-link\"><\/i><\/a><\/div><\/div><\/div><div class=\"jumbotron archivos\"><div class=\"row align-items-center\"><div class=\"col\"><h6><a class=\"text-dark\" href=\"https:\/\/comunidad.comprasdominicana.gob.do\/\/Public\/Tendering\/OpportunityDetail\/Index?noticeUID=DO1.NTC.501633\" title=\"Ver\" target=\"_blank\">INESPRE-DAF-CM-2018-0016<\/a><\/h6><p class=\"mb-0 bold\">Servicio de Catering, Montaje, Decoraci\u00f3n y Ambientaci\u00f3n para el 49vo. Aniversario de la Instituci\u00f3n.<\/p><p class=\"mb-0\" style=\"font-size: .85rem\"><strong title=\"Estado del Proceso\"><i class=\"fas fa-spinner\"><\/i><\/strong> Proceso adjudicado y celebrado<\/p><p class=\"mb-0\" style=\"font-size: .85rem\"><strong title=\"Fecha de Publicaci\u00f3n\"><i class=\"fas fa-calendar-alt\"><\/i><\/strong> Publicado el viernes, 23 de noviembre de 2018<\/p><\/div><div class=\"col-auto mt-md-0 mt-2\"><a class=\"btn btn-primary btn-lg px-lg-4 d-none d-md-block\" href=\"https:\/\/comunidad.comprasdominicana.gob.do\/\/Public\/Tendering\/OpportunityDetail\/Index?noticeUID=DO1.NTC.501633\" target=\"_blank\" title=\"Detalles\"><i class=\"fas fa-link\"><\/i> DETALLES<\/a><a class=\"btn btn-primary btn-lg px-lg-4 d-block d-md-none\" href=\"https:\/\/comunidad.comprasdominicana.gob.do\/\/Public\/Tendering\/OpportunityDetail\/Index?noticeUID=DO1.NTC.501633\" target=\"_blank\" title=\"Detalles\"><i class=\"fas fa-2x fa-link\"><\/i><\/a><\/div><\/div><\/div><div class=\"jumbotron archivos\"><div class=\"row align-items-center\"><div class=\"col\"><h6><a class=\"text-dark\" href=\"https:\/\/comunidad.comprasdominicana.gob.do\/\/Public\/Tendering\/OpportunityDetail\/Index?noticeUID=DO1.NTC.500539\" title=\"Ver\" target=\"_blank\">INESPRE-DAF-CM-2018-0015<\/a><\/h6><p class=\"mb-0 bold\">Adquisici\u00f3n de Bebidas para el encuentro navide\u00f1o de los empleados del INESPRE<\/p><p class=\"mb-0\" style=\"font-size: .85rem\"><strong title=\"Estado del Proceso\"><i class=\"fas fa-spinner\"><\/i><\/strong> Proceso adjudicado y celebrado<\/p><p class=\"mb-0\" style=\"font-size: .85rem\"><strong title=\"Fecha de Publicaci\u00f3n\"><i class=\"fas fa-calendar-alt\"><\/i><\/strong> Publicado el mi\u00e9rcoles, 21 de noviembre de 2018<\/p><\/div><div class=\"col-auto mt-md-0 mt-2\"><a class=\"btn btn-primary btn-lg px-lg-4 d-none d-md-block\" href=\"https:\/\/comunidad.comprasdominicana.gob.do\/\/Public\/Tendering\/OpportunityDetail\/Index?noticeUID=DO1.NTC.500539\" target=\"_blank\" title=\"Detalles\"><i class=\"fas fa-link\"><\/i> DETALLES<\/a><a class=\"btn btn-primary btn-lg px-lg-4 d-block d-md-none\" href=\"https:\/\/comunidad.comprasdominicana.gob.do\/\/Public\/Tendering\/OpportunityDetail\/Index?noticeUID=DO1.NTC.500539\" target=\"_blank\" title=\"Detalles\"><i class=\"fas fa-2x fa-link\"><\/i><\/a><\/div><\/div><\/div><div class=\"jumbotron archivos\"><div class=\"row align-items-center\"><div class=\"col\"><h6><a class=\"text-dark\" href=\"https:\/\/comunidad.comprasdominicana.gob.do\/\/Public\/Tendering\/OpportunityDetail\/Index?noticeUID=DO1.NTC.500639\" title=\"Ver\" target=\"_blank\">INESPRE-DAF-CM-2018-0014<\/a><\/h6><p class=\"mb-0 bold\">Servicio de Ambientaci\u00f3n para encuentro navide\u00f1o de los empleados del INESPRE<\/p><p class=\"mb-0\" style=\"font-size: .85rem\"><strong title=\"Estado del Proceso\"><i class=\"fas fa-spinner\"><\/i><\/strong> Proceso adjudicado y celebrado<\/p><p class=\"mb-0\" style=\"font-size: .85rem\"><strong title=\"Fecha de Publicaci\u00f3n\"><i class=\"fas fa-calendar-alt\"><\/i><\/strong> Publicado el mi\u00e9rcoles, 21 de noviembre de 2018<\/p><\/div><div class=\"col-auto mt-md-0 mt-2\"><a class=\"btn btn-primary btn-lg px-lg-4 d-none d-md-block\" href=\"https:\/\/comunidad.comprasdominicana.gob.do\/\/Public\/Tendering\/OpportunityDetail\/Index?noticeUID=DO1.NTC.500639\" target=\"_blank\" title=\"Detalles\"><i class=\"fas fa-link\"><\/i> DETALLES<\/a><a class=\"btn btn-primary btn-lg px-lg-4 d-block d-md-none\" href=\"https:\/\/comunidad.comprasdominicana.gob.do\/\/Public\/Tendering\/OpportunityDetail\/Index?noticeUID=DO1.NTC.500639\" target=\"_blank\" title=\"Detalles\"><i class=\"fas fa-2x fa-link\"><\/i><\/a><\/div><\/div><\/div><div class=\"jumbotron archivos\"><div class=\"row align-items-center\"><div class=\"col\"><h6><a class=\"text-dark\" href=\"https:\/\/comunidad.comprasdominicana.gob.do\/\/Public\/Tendering\/OpportunityDetail\/Index?noticeUID=DO1.NTC.499848\" title=\"Ver\" target=\"_blank\">INESPRE-DAF-CM-2018-0013<\/a><\/h6><p class=\"mb-0 bold\">Catering, Montaje y Decoraci\u00f3n para encuentro navide\u00f1o de los empleados del INESPRE<\/p><p class=\"mb-0\" style=\"font-size: .85rem\"><strong title=\"Estado del Proceso\"><i class=\"fas fa-spinner\"><\/i><\/strong> Proceso adjudicado y celebrado<\/p><p class=\"mb-0\" style=\"font-size: .85rem\"><strong title=\"Fecha de Publicaci\u00f3n\"><i class=\"fas fa-calendar-alt\"><\/i><\/strong> Publicado el martes, 20 de noviembre de 2018<\/p><\/div><div class=\"col-auto mt-md-0 mt-2\"><a class=\"btn btn-primary btn-lg px-lg-4 d-none d-md-block\" href=\"https:\/\/comunidad.comprasdominicana.gob.do\/\/Public\/Tendering\/OpportunityDetail\/Index?noticeUID=DO1.NTC.499848\" target=\"_blank\" title=\"Detalles\"><i class=\"fas fa-link\"><\/i> DETALLES<\/a><a class=\"btn btn-primary btn-lg px-lg-4 d-block d-md-none\" href=\"https:\/\/comunidad.comprasdominicana.gob.do\/\/Public\/Tendering\/OpportunityDetail\/Index?noticeUID=DO1.NTC.499848\" target=\"_blank\" title=\"Detalles\"><i class=\"fas fa-2x fa-link\"><\/i><\/a><\/div><\/div><\/div><div class=\"jumbotron archivos\"><div class=\"row align-items-center\"><div class=\"col\"><h6><a class=\"text-dark\" href=\"https:\/\/comunidad.comprasdominicana.gob.do\/\/Public\/Tendering\/OpportunityDetail\/Index?noticeUID=DO1.NTC.499837\" title=\"Ver\" target=\"_blank\">INESPRE-DAF-CM-2018-0012<\/a><\/h6><p class=\"mb-0 bold\">Adquisici\u00f3n de Flores Naturales para el 49 aniversario de la Instituci\u00f3n y la Fiesta Navide\u00f1a de los Empleados de la Instituci\u00f3n 2018<\/p><p class=\"mb-0\" style=\"font-size: .85rem\"><strong title=\"Estado del Proceso\"><i class=\"fas fa-spinner\"><\/i><\/strong> Proceso adjudicado y celebrado<\/p><p class=\"mb-0\" style=\"font-size: .85rem\"><strong title=\"Fecha de Publicaci\u00f3n\"><i class=\"fas fa-calendar-alt\"><\/i><\/strong> Publicado el martes, 20 de noviembre de 2018<\/p><\/div><div class=\"col-auto mt-md-0 mt-2\"><a class=\"btn btn-primary btn-lg px-lg-4 d-none d-md-block\" href=\"https:\/\/comunidad.comprasdominicana.gob.do\/\/Public\/Tendering\/OpportunityDetail\/Index?noticeUID=DO1.NTC.499837\" target=\"_blank\" title=\"Detalles\"><i class=\"fas fa-link\"><\/i> DETALLES<\/a><a class=\"btn btn-primary btn-lg px-lg-4 d-block d-md-none\" href=\"https:\/\/comunidad.comprasdominicana.gob.do\/\/Public\/Tendering\/OpportunityDetail\/Index?noticeUID=DO1.NTC.499837\" target=\"_blank\" title=\"Detalles\"><i class=\"fas fa-2x fa-link\"><\/i><\/a><\/div><\/div><\/div><div class=\"jumbotron archivos\"><div class=\"row align-items-center\"><div class=\"col\"><h6><a class=\"text-dark\" href=\"https:\/\/comunidad.comprasdominicana.gob.do\/\/Public\/Tendering\/OpportunityDetail\/Index?noticeUID=DO1.NTC.499827\" title=\"Ver\" target=\"_blank\">INESPRE-DAF-CM-2018-0011<\/a><\/h6><p class=\"mb-0 bold\">Servicio de Catering y Montaje para NAVInespre 2018<\/p><p class=\"mb-0\" style=\"font-size: .85rem\"><strong title=\"Estado del Proceso\"><i class=\"fas fa-spinner\"><\/i><\/strong> Proceso adjudicado y celebrado<\/p><p class=\"mb-0\" style=\"font-size: .85rem\"><strong title=\"Fecha de Publicaci\u00f3n\"><i class=\"fas fa-calendar-alt\"><\/i><\/strong> Publicado el martes, 20 de noviembre de 2018<\/p><\/div><div class=\"col-auto mt-md-0 mt-2\"><a class=\"btn btn-primary btn-lg px-lg-4 d-none d-md-block\" href=\"https:\/\/comunidad.comprasdominicana.gob.do\/\/Public\/Tendering\/OpportunityDetail\/Index?noticeUID=DO1.NTC.499827\" target=\"_blank\" title=\"Detalles\"><i class=\"fas fa-link\"><\/i> DETALLES<\/a><a class=\"btn btn-primary btn-lg px-lg-4 d-block d-md-none\" href=\"https:\/\/comunidad.comprasdominicana.gob.do\/\/Public\/Tendering\/OpportunityDetail\/Index?noticeUID=DO1.NTC.499827\" target=\"_blank\" title=\"Detalles\"><i class=\"fas fa-2x fa-link\"><\/i><\/a><\/div><\/div><\/div><div class=\"jumbotron archivos\"><div class=\"row align-items-center\"><div class=\"col\"><h6><a class=\"text-dark\" href=\"https:\/\/comunidad.comprasdominicana.gob.do\/\/Public\/Tendering\/OpportunityDetail\/Index?noticeUID=DO1.NTC.499550\" title=\"Ver\" target=\"_blank\">INESPRE-DAF-CM-2018-0010<\/a><\/h6><p class=\"mb-0 bold\">Contrataci\u00f3n Art\u00edstica para Fiesta Navide\u00f1a de los Empleados de la Instituci\u00f3n 2018<\/p><p class=\"mb-0\" style=\"font-size: .85rem\"><strong title=\"Estado del Proceso\"><i class=\"fas fa-spinner\"><\/i><\/strong> Proceso adjudicado y celebrado<\/p><p class=\"mb-0\" style=\"font-size: .85rem\"><strong title=\"Fecha de Publicaci\u00f3n\"><i class=\"fas fa-calendar-alt\"><\/i><\/strong> Publicado el lunes, 19 de noviembre de 2018<\/p><\/div><div class=\"col-auto mt-md-0 mt-2\"><a class=\"btn btn-primary btn-lg px-lg-4 d-none d-md-block\" href=\"https:\/\/comunidad.comprasdominicana.gob.do\/\/Public\/Tendering\/OpportunityDetail\/Index?noticeUID=DO1.NTC.499550\" target=\"_blank\" title=\"Detalles\"><i class=\"fas fa-link\"><\/i> DETALLES<\/a><a class=\"btn btn-primary btn-lg px-lg-4 d-block d-md-none\" href=\"https:\/\/comunidad.comprasdominicana.gob.do\/\/Public\/Tendering\/OpportunityDetail\/Index?noticeUID=DO1.NTC.499550\" target=\"_blank\" title=\"Detalles\"><i class=\"fas fa-2x fa-link\"><\/i><\/a><\/div><\/div><\/div><div class=\"jumbotron archivos\"><div class=\"row align-items-center\"><div class=\"col\"><h6><a class=\"text-dark\" href=\"https:\/\/comunidad.comprasdominicana.gob.do\/\/Public\/Tendering\/OpportunityDetail\/Index?noticeUID=DO1.NTC.499740\" title=\"Ver\" target=\"_blank\">INESPRE-DAF-CM-2018-0009<\/a><\/h6><p class=\"mb-0 bold\">Adquisici\u00f3n de Bater\u00edas<\/p><p class=\"mb-0\" style=\"font-size: .85rem\"><strong title=\"Estado del Proceso\"><i class=\"fas fa-spinner\"><\/i><\/strong> Proceso adjudicado y celebrado<\/p><p class=\"mb-0\" style=\"font-size: .85rem\"><strong title=\"Fecha de Publicaci\u00f3n\"><i class=\"fas fa-calendar-alt\"><\/i><\/strong> Publicado el lunes, 19 de noviembre de 2018<\/p><\/div><div class=\"col-auto mt-md-0 mt-2\"><a class=\"btn btn-primary btn-lg px-lg-4 d-none d-md-block\" href=\"https:\/\/comunidad.comprasdominicana.gob.do\/\/Public\/Tendering\/OpportunityDetail\/Index?noticeUID=DO1.NTC.499740\" target=\"_blank\" title=\"Detalles\"><i class=\"fas fa-link\"><\/i> DETALLES<\/a><a class=\"btn btn-primary btn-lg px-lg-4 d-block d-md-none\" href=\"https:\/\/comunidad.comprasdominicana.gob.do\/\/Public\/Tendering\/OpportunityDetail\/Index?noticeUID=DO1.NTC.499740\" target=\"_blank\" title=\"Detalles\"><i class=\"fas fa-2x fa-link\"><\/i><\/a><\/div><\/div><\/div><div class=\"jumbotron archivos\"><div class=\"row align-items-center\"><div class=\"col\"><h6><a class=\"text-dark\" href=\"https:\/\/comunidad.comprasdominicana.gob.do\/\/Public\/Tendering\/OpportunityDetail\/Index?noticeUID=DO1.NTC.499053\" title=\"Ver\" target=\"_blank\">INESPRE-DAF-CM-2018-0008<\/a><\/h6><p class=\"mb-0 bold\">Servicio de Almuerzo para la Fiesta Navide\u00f1a de los Empleados de la Instituci\u00f3n 2018<\/p><p class=\"mb-0\" style=\"font-size: .85rem\"><strong title=\"Estado del Proceso\"><i class=\"fas fa-spinner\"><\/i><\/strong> Proceso adjudicado y celebrado<\/p><p class=\"mb-0\" style=\"font-size: .85rem\"><strong title=\"Fecha de Publicaci\u00f3n\"><i class=\"fas fa-calendar-alt\"><\/i><\/strong> Publicado el viernes, 16 de noviembre de 2018<\/p><\/div><div class=\"col-auto mt-md-0 mt-2\"><a class=\"btn btn-primary btn-lg px-lg-4 d-none d-md-block\" href=\"https:\/\/comunidad.comprasdominicana.gob.do\/\/Public\/Tendering\/OpportunityDetail\/Index?noticeUID=DO1.NTC.499053\" target=\"_blank\" title=\"Detalles\"><i class=\"fas fa-link\"><\/i> DETALLES<\/a><a class=\"btn btn-primary btn-lg px-lg-4 d-block d-md-none\" href=\"https:\/\/comunidad.comprasdominicana.gob.do\/\/Public\/Tendering\/OpportunityDetail\/Index?noticeUID=DO1.NTC.499053\" target=\"_blank\" title=\"Detalles\"><i class=\"fas fa-2x fa-link\"><\/i><\/a><\/div><\/div><\/div><div class=\"jumbotron archivos\"><div class=\"row align-items-center\"><div class=\"col\"><h6><a class=\"text-dark\" href=\"https:\/\/comunidad.comprasdominicana.gob.do\/\/Public\/Tendering\/OpportunityDetail\/Index?noticeUID=DO1.NTC.499041\" title=\"Ver\" target=\"_blank\">INESPRE-DAF-CM-2018-0007<\/a><\/h6><p class=\"mb-0 bold\">Alquiler de Sal\u00f3n de eventos para Fiesta Navide\u00f1a de los Empleados de la Instituci\u00f3n 2018 con capacidad para 1,200 personas<\/p><p class=\"mb-0\" style=\"font-size: .85rem\"><strong title=\"Estado del Proceso\"><i class=\"fas fa-spinner\"><\/i><\/strong> Proceso adjudicado y celebrado<\/p><p class=\"mb-0\" style=\"font-size: .85rem\"><strong title=\"Fecha de Publicaci\u00f3n\"><i class=\"fas fa-calendar-alt\"><\/i><\/strong> Publicado el viernes, 16 de noviembre de 2018<\/p><\/div><div class=\"col-auto mt-md-0 mt-2\"><a class=\"btn btn-primary btn-lg px-lg-4 d-none d-md-block\" href=\"https:\/\/comunidad.comprasdominicana.gob.do\/\/Public\/Tendering\/OpportunityDetail\/Index?noticeUID=DO1.NTC.499041\" target=\"_blank\" title=\"Detalles\"><i class=\"fas fa-link\"><\/i> DETALLES<\/a><a class=\"btn btn-primary btn-lg px-lg-4 d-block d-md-none\" href=\"https:\/\/comunidad.comprasdominicana.gob.do\/\/Public\/Tendering\/OpportunityDetail\/Index?noticeUID=DO1.NTC.499041\" target=\"_blank\" title=\"Detalles\"><i class=\"fas fa-2x fa-link\"><\/i><\/a><\/div><\/div><\/div><div class=\"jumbotron archivos\"><div class=\"row align-items-center\"><div class=\"col\"><h6><a class=\"text-dark\" href=\"https:\/\/comunidad.comprasdominicana.gob.do\/\/Public\/Tendering\/OpportunityDetail\/Index?noticeUID=DO1.NTC.498430\" title=\"Ver\" target=\"_blank\">INESPRE-DAF-CM-2018-0006<\/a><\/h6><p class=\"mb-0 bold\">Fundas tama\u00f1o 19 x 26 con Logo Inespre, calibre 250<\/p><p class=\"mb-0\" style=\"font-size: .85rem\"><strong title=\"Estado del Proceso\"><i class=\"fas fa-spinner\"><\/i><\/strong> Proceso adjudicado y celebrado<\/p><p class=\"mb-0\" style=\"font-size: .85rem\"><strong title=\"Fecha de Publicaci\u00f3n\"><i class=\"fas fa-calendar-alt\"><\/i><\/strong> Publicado el jueves, 15 de noviembre de 2018<\/p><\/div><div class=\"col-auto mt-md-0 mt-2\"><a class=\"btn btn-primary btn-lg px-lg-4 d-none d-md-block\" href=\"https:\/\/comunidad.comprasdominicana.gob.do\/\/Public\/Tendering\/OpportunityDetail\/Index?noticeUID=DO1.NTC.498430\" target=\"_blank\" title=\"Detalles\"><i class=\"fas fa-link\"><\/i> DETALLES<\/a><a class=\"btn btn-primary btn-lg px-lg-4 d-block d-md-none\" href=\"https:\/\/comunidad.comprasdominicana.gob.do\/\/Public\/Tendering\/OpportunityDetail\/Index?noticeUID=DO1.NTC.498430\" target=\"_blank\" title=\"Detalles\"><i class=\"fas fa-2x fa-link\"><\/i><\/a><\/div><\/div><\/div><div class=\"jumbotron archivos\"><div class=\"row align-items-center\"><div class=\"col\"><h6><a class=\"text-dark\" href=\"https:\/\/comunidad.comprasdominicana.gob.do\/\/Public\/Tendering\/OpportunityDetail\/Index?noticeUID=DO1.NTC.495034\" title=\"Ver\" target=\"_blank\">INESPRE-DAF-CM-2018-0005<\/a><\/h6><p class=\"mb-0 bold\">Adquisici\u00f3n de Materiales de Limpieza<\/p><p class=\"mb-0\" style=\"font-size: .85rem\"><strong title=\"Estado del Proceso\"><i class=\"fas fa-spinner\"><\/i><\/strong> Proceso adjudicado y celebrado<\/p><p class=\"mb-0\" style=\"font-size: .85rem\"><strong title=\"Fecha de Publicaci\u00f3n\"><i class=\"fas fa-calendar-alt\"><\/i><\/strong> Publicado el jueves, 8 de noviembre de 2018<\/p><\/div><div class=\"col-auto mt-md-0 mt-2\"><a class=\"btn btn-primary btn-lg px-lg-4 d-none d-md-block\" href=\"https:\/\/comunidad.comprasdominicana.gob.do\/\/Public\/Tendering\/OpportunityDetail\/Index?noticeUID=DO1.NTC.495034\" target=\"_blank\" title=\"Detalles\"><i class=\"fas fa-link\"><\/i> DETALLES<\/a><a class=\"btn btn-primary btn-lg px-lg-4 d-block d-md-none\" href=\"https:\/\/comunidad.comprasdominicana.gob.do\/\/Public\/Tendering\/OpportunityDetail\/Index?noticeUID=DO1.NTC.495034\" target=\"_blank\" title=\"Detalles\"><i class=\"fas fa-2x fa-link\"><\/i><\/a><\/div><\/div><\/div><div class=\"jumbotron archivos\"><div class=\"row align-items-center\"><div class=\"col\"><h6><a class=\"text-dark\" href=\"https:\/\/comunidad.comprasdominicana.gob.do\/\/Public\/Tendering\/OpportunityDetail\/Index?noticeUID=DO1.NTC.493763\" title=\"Ver\" target=\"_blank\">INESPRE-DAF-CM-2018-0004<\/a><\/h6><p class=\"mb-0 bold\">Adquisici\u00f3n de Productos de Papel<\/p><p class=\"mb-0\" style=\"font-size: .85rem\"><strong title=\"Estado del Proceso\"><i class=\"fas fa-spinner\"><\/i><\/strong> Proceso adjudicado y celebrado<\/p><p class=\"mb-0\" style=\"font-size: .85rem\"><strong title=\"Fecha de Publicaci\u00f3n\"><i class=\"fas fa-calendar-alt\"><\/i><\/strong> Publicado el martes, 6 de noviembre de 2018<\/p><\/div><div class=\"col-auto mt-md-0 mt-2\"><a class=\"btn btn-primary btn-lg px-lg-4 d-none d-md-block\" href=\"https:\/\/comunidad.comprasdominicana.gob.do\/\/Public\/Tendering\/OpportunityDetail\/Index?noticeUID=DO1.NTC.493763\" target=\"_blank\" title=\"Detalles\"><i class=\"fas fa-link\"><\/i> DETALLES<\/a><a class=\"btn btn-primary btn-lg px-lg-4 d-block d-md-none\" href=\"https:\/\/comunidad.comprasdominicana.gob.do\/\/Public\/Tendering\/OpportunityDetail\/Index?noticeUID=DO1.NTC.493763\" target=\"_blank\" title=\"Detalles\"><i class=\"fas fa-2x fa-link\"><\/i><\/a><\/div><\/div><\/div><div class=\"jumbotron archivos\"><div class=\"row align-items-center\"><div class=\"col\"><h6><a class=\"text-dark\" href=\"https:\/\/comunidad.comprasdominicana.gob.do\/\/Public\/Tendering\/OpportunityDetail\/Index?noticeUID=DO1.NTC.493342\" title=\"Ver\" target=\"_blank\">INESPRE-DAF-CM-2018-0003<\/a><\/h6><p class=\"mb-0 bold\">Adquisici\u00f3n de Suministros de Oficina<\/p><p class=\"mb-0\" style=\"font-size: .85rem\"><strong title=\"Estado del Proceso\"><i class=\"fas fa-spinner\"><\/i><\/strong> Proceso adjudicado y celebrado<\/p><p class=\"mb-0\" style=\"font-size: .85rem\"><strong title=\"Fecha de Publicaci\u00f3n\"><i class=\"fas fa-calendar-alt\"><\/i><\/strong> Publicado el viernes, 2 de noviembre de 2018<\/p><\/div><div class=\"col-auto mt-md-0 mt-2\"><a class=\"btn btn-primary btn-lg px-lg-4 d-none d-md-block\" href=\"https:\/\/comunidad.comprasdominicana.gob.do\/\/Public\/Tendering\/OpportunityDetail\/Index?noticeUID=DO1.NTC.493342\" target=\"_blank\" title=\"Detalles\"><i class=\"fas fa-link\"><\/i> DETALLES<\/a><a class=\"btn btn-primary btn-lg px-lg-4 d-block d-md-none\" href=\"https:\/\/comunidad.comprasdominicana.gob.do\/\/Public\/Tendering\/OpportunityDetail\/Index?noticeUID=DO1.NTC.493342\" target=\"_blank\" title=\"Detalles\"><i class=\"fas fa-2x fa-link\"><\/i><\/a><\/div><\/div><\/div><\/div><\/div><\/div>\n        <div class=\"card\">\n            <div class=\"card-header parents\" id=\"heading_compras-menores-69f73f7454400-2018-69f73f7454400-octubre-69f73f7454400\">\n                <p class=\"title text-blue mb-0\">\n                    <a class=\"btn-block hover text-left collapsed\" data-toggle=\"collapse\" data-target=\"#collap_compras-menores-69f73f7454400-2018-69f73f7454400-octubre-69f73f7454400\" aria-expanded=\"false\" aria-controls=\"collap_compras-menores-69f73f7454400-2018-69f73f7454400-octubre-69f73f7454400\">Octubre<\/a>\n                <\/p>\n            <\/div>\n            <div id=\"collap_compras-menores-69f73f7454400-2018-69f73f7454400-octubre-69f73f7454400\" class=\"collapse\" aria-labelledby=\"heading_compras-menores-69f73f7454400-2018-69f73f7454400-octubre-69f73f7454400\" data-parent=\"#collap_compras-menores-69f73f7454400-2018-69f73f7454400\">\n                <div class=\"card-body\"><div class=\"jumbotron archivos\"><div class=\"row align-items-center\"><div class=\"col\"><h6><a class=\"text-dark\" href=\"https:\/\/comunidad.comprasdominicana.gob.do\/\/Public\/Tendering\/OpportunityDetail\/Index?noticeUID=DO1.NTC.486433\" title=\"Ver\" target=\"_blank\">INESPRE-DAF-CM-2018-0002<\/a><\/h6><p class=\"mb-0 bold\">Servicio de Catering y Montaje para Jornada de Inducci\u00f3n a la Administraci\u00f3n P\u00fablica<\/p><p class=\"mb-0\" style=\"font-size: .85rem\"><strong title=\"Estado del Proceso\"><i class=\"fas fa-spinner\"><\/i><\/strong> Proceso adjudicado y celebrado<\/p><p class=\"mb-0\" style=\"font-size: .85rem\"><strong title=\"Fecha de Publicaci\u00f3n\"><i class=\"fas fa-calendar-alt\"><\/i><\/strong> Publicado el viernes, 19 de octubre de 2018<\/p><\/div><div class=\"col-auto mt-md-0 mt-2\"><a class=\"btn btn-primary btn-lg px-lg-4 d-none d-md-block\" href=\"https:\/\/comunidad.comprasdominicana.gob.do\/\/Public\/Tendering\/OpportunityDetail\/Index?noticeUID=DO1.NTC.486433\" target=\"_blank\" title=\"Detalles\"><i class=\"fas fa-link\"><\/i> DETALLES<\/a><a class=\"btn btn-primary btn-lg px-lg-4 d-block d-md-none\" href=\"https:\/\/comunidad.comprasdominicana.gob.do\/\/Public\/Tendering\/OpportunityDetail\/Index?noticeUID=DO1.NTC.486433\" target=\"_blank\" title=\"Detalles\"><i class=\"fas fa-2x fa-link\"><\/i><\/a><\/div><\/div><\/div><div class=\"jumbotron archivos\"><div class=\"row align-items-center\"><div class=\"col\"><h6><a class=\"text-dark\" href=\"https:\/\/comunidad.comprasdominicana.gob.do\/\/Public\/Tendering\/OpportunityDetail\/Index?noticeUID=DO1.NTC.485239\" title=\"Ver\" target=\"_blank\">INESPRE-DAF-CM-2018-0001<\/a><\/h6><p class=\"mb-0 bold\">Malla para empaque de 4,500 metros<\/p><p class=\"mb-0\" style=\"font-size: .85rem\"><strong title=\"Estado del Proceso\"><i class=\"fas fa-spinner\"><\/i><\/strong> Proceso adjudicado y celebrado<\/p><p class=\"mb-0\" style=\"font-size: .85rem\"><strong title=\"Fecha de Publicaci\u00f3n\"><i class=\"fas fa-calendar-alt\"><\/i><\/strong> Publicado el mi\u00e9rcoles, 17 de octubre de 2018<\/p><\/div><div class=\"col-auto mt-md-0 mt-2\"><a class=\"btn btn-primary btn-lg px-lg-4 d-none d-md-block\" href=\"https:\/\/comunidad.comprasdominicana.gob.do\/\/Public\/Tendering\/OpportunityDetail\/Index?noticeUID=DO1.NTC.485239\" target=\"_blank\" title=\"Detalles\"><i class=\"fas fa-link\"><\/i> DETALLES<\/a><a class=\"btn btn-primary btn-lg px-lg-4 d-block d-md-none\" href=\"https:\/\/comunidad.comprasdominicana.gob.do\/\/Public\/Tendering\/OpportunityDetail\/Index?noticeUID=DO1.NTC.485239\" target=\"_blank\" title=\"Detalles\"><i class=\"fas fa-2x fa-link\"><\/i><\/a><\/div><\/div><\/div><\/div><\/div><\/div><\/div><\/div><\/div><\/div><\/div><\/div>\n        <div class=\"card\">\n            <div class=\"card-header parents\" id=\"heading_compras-por-debajo-del-umbral-69f73f7454400\">\n                <p class=\"title text-blue mb-0\">\n                    <a class=\"btn-block hover text-left collapsed\" data-toggle=\"collapse\" data-target=\"#collap_compras-por-debajo-del-umbral-69f73f7454400\" aria-expanded=\"false\" aria-controls=\"collap_compras-por-debajo-del-umbral-69f73f7454400\">Compras por Debajo del Umbral<\/a>\n                <\/p>\n            <\/div>\n            <div id=\"collap_compras-por-debajo-del-umbral-69f73f7454400\" class=\"collapse\" aria-labelledby=\"heading_compras-por-debajo-del-umbral-69f73f7454400\" data-parent=\"#acc_69f73f7454400\">\n                <div class=\"card-body\">\n        <div class=\"card\">\n            <div class=\"card-header parents\" id=\"heading_compras-por-debajo-del-umbral-69f73f7454400-2026-69f73f7454400\">\n                <p class=\"title text-blue mb-0\">\n                    <a class=\"btn-block hover text-left collapsed\" data-toggle=\"collapse\" data-target=\"#collap_compras-por-debajo-del-umbral-69f73f7454400-2026-69f73f7454400\" aria-expanded=\"false\" aria-controls=\"collap_compras-por-debajo-del-umbral-69f73f7454400-2026-69f73f7454400\">2026<\/a>\n                <\/p>\n            <\/div>\n            <div id=\"collap_compras-por-debajo-del-umbral-69f73f7454400-2026-69f73f7454400\" class=\"collapse\" aria-labelledby=\"heading_compras-por-debajo-del-umbral-69f73f7454400-2026-69f73f7454400\" data-parent=\"#collap_compras-por-debajo-del-umbral-69f73f7454400\">\n                <div class=\"card-body\">\n        <div class=\"card\">\n            <div class=\"card-header parents\" id=\"heading_compras-por-debajo-del-umbral-69f73f7454400-2026-69f73f7454400-marzo-69f73f7454400\">\n                <p class=\"title text-blue mb-0\">\n                    <a class=\"btn-block hover text-left collapsed\" data-toggle=\"collapse\" data-target=\"#collap_compras-por-debajo-del-umbral-69f73f7454400-2026-69f73f7454400-marzo-69f73f7454400\" aria-expanded=\"false\" aria-controls=\"collap_compras-por-debajo-del-umbral-69f73f7454400-2026-69f73f7454400-marzo-69f73f7454400\">Marzo<\/a>\n                <\/p>\n            <\/div>\n            <div id=\"collap_compras-por-debajo-del-umbral-69f73f7454400-2026-69f73f7454400-marzo-69f73f7454400\" class=\"collapse\" aria-labelledby=\"heading_compras-por-debajo-del-umbral-69f73f7454400-2026-69f73f7454400-marzo-69f73f7454400\" data-parent=\"#collap_compras-por-debajo-del-umbral-69f73f7454400-2026-69f73f7454400\">\n                <div class=\"card-body\"><div class=\"jumbotron archivos\"><div class=\"row align-items-center\"><div class=\"col\"><h6><a class=\"text-dark\" href=\"https:\/\/comunidad.comprasdominicana.gob.do\/\/Public\/Tendering\/OpportunityDetail\/Index?noticeUID=DO1.NTC.1693746\" title=\"Ver\" target=\"_blank\">INESPRE-DAF-CD-2026-0008<\/a><\/h6><p class=\"mb-0 bold\">Adquisici\u00f3n de electrodom\u00e9sticos para uso de la instituci\u00f3n<\/p><p class=\"mb-0\" style=\"font-size: .85rem\"><strong title=\"Estado del Proceso\"><i class=\"fas fa-spinner\"><\/i><\/strong> Proceso adjudicado y celebrado<\/p><p class=\"mb-0\" style=\"font-size: .85rem\"><strong title=\"Fecha de Publicaci\u00f3n\"><i class=\"fas fa-calendar-alt\"><\/i><\/strong> Publicado el lunes, 30 de marzo de 2026<\/p><\/div><div class=\"col-auto mt-md-0 mt-2\"><a class=\"btn btn-primary btn-lg px-lg-4 d-none d-md-block\" href=\"https:\/\/comunidad.comprasdominicana.gob.do\/\/Public\/Tendering\/OpportunityDetail\/Index?noticeUID=DO1.NTC.1693746\" target=\"_blank\" title=\"Detalles\"><i class=\"fas fa-link\"><\/i> DETALLES<\/a><a class=\"btn btn-primary btn-lg px-lg-4 d-block d-md-none\" href=\"https:\/\/comunidad.comprasdominicana.gob.do\/\/Public\/Tendering\/OpportunityDetail\/Index?noticeUID=DO1.NTC.1693746\" target=\"_blank\" title=\"Detalles\"><i class=\"fas fa-2x fa-link\"><\/i><\/a><\/div><\/div><\/div><div class=\"jumbotron archivos\"><div class=\"row align-items-center\"><div class=\"col\"><h6><a class=\"text-dark\" href=\"https:\/\/comunidad.comprasdominicana.gob.do\/\/Public\/Tendering\/OpportunityDetail\/Index?noticeUID=DO1.NTC.1693331\" title=\"Ver\" target=\"_blank\">INESPRE-DAF-CD-2026-0006<\/a><\/h6><p class=\"mb-0 bold\">Adquisici\u00f3n e instalaci\u00f3n de lector de huella.<\/p><p class=\"mb-0\" style=\"font-size: .85rem\"><strong title=\"Estado del Proceso\"><i class=\"fas fa-spinner\"><\/i><\/strong> Proceso adjudicado y celebrado<\/p><p class=\"mb-0\" style=\"font-size: .85rem\"><strong title=\"Fecha de Publicaci\u00f3n\"><i class=\"fas fa-calendar-alt\"><\/i><\/strong> Publicado el viernes, 27 de marzo de 2026<\/p><\/div><div class=\"col-auto mt-md-0 mt-2\"><a class=\"btn btn-primary btn-lg px-lg-4 d-none d-md-block\" href=\"https:\/\/comunidad.comprasdominicana.gob.do\/\/Public\/Tendering\/OpportunityDetail\/Index?noticeUID=DO1.NTC.1693331\" target=\"_blank\" title=\"Detalles\"><i class=\"fas fa-link\"><\/i> DETALLES<\/a><a class=\"btn btn-primary btn-lg px-lg-4 d-block d-md-none\" href=\"https:\/\/comunidad.comprasdominicana.gob.do\/\/Public\/Tendering\/OpportunityDetail\/Index?noticeUID=DO1.NTC.1693331\" target=\"_blank\" title=\"Detalles\"><i class=\"fas fa-2x fa-link\"><\/i><\/a><\/div><\/div><\/div><div class=\"jumbotron archivos\"><div class=\"row align-items-center\"><div class=\"col\"><h6><a class=\"text-dark\" href=\"https:\/\/comunidad.comprasdominicana.gob.do\/\/Public\/Tendering\/OpportunityDetail\/Index?noticeUID=DO1.NTC.1686630\" title=\"Ver\" target=\"_blank\">INESPRE-DAF-CD-2026-0005<\/a><\/h6><p class=\"mb-0 bold\">Adquisici\u00f3n de banderas (nacional e institucional) y m\u00e1stiles de banderas (astas) para uso del INESPRE<\/p><p class=\"mb-0\" style=\"font-size: .85rem\"><strong title=\"Estado del Proceso\"><i class=\"fas fa-spinner\"><\/i><\/strong> Proceso adjudicado y celebrado<\/p><p class=\"mb-0\" style=\"font-size: .85rem\"><strong title=\"Fecha de Publicaci\u00f3n\"><i class=\"fas fa-calendar-alt\"><\/i><\/strong> Publicado el viernes, 13 de marzo de 2026<\/p><\/div><div class=\"col-auto mt-md-0 mt-2\"><a class=\"btn btn-primary btn-lg px-lg-4 d-none d-md-block\" href=\"https:\/\/comunidad.comprasdominicana.gob.do\/\/Public\/Tendering\/OpportunityDetail\/Index?noticeUID=DO1.NTC.1686630\" target=\"_blank\" title=\"Detalles\"><i class=\"fas fa-link\"><\/i> DETALLES<\/a><a class=\"btn btn-primary btn-lg px-lg-4 d-block d-md-none\" href=\"https:\/\/comunidad.comprasdominicana.gob.do\/\/Public\/Tendering\/OpportunityDetail\/Index?noticeUID=DO1.NTC.1686630\" target=\"_blank\" title=\"Detalles\"><i class=\"fas fa-2x fa-link\"><\/i><\/a><\/div><\/div><\/div><div class=\"jumbotron archivos\"><div class=\"row align-items-center\"><div class=\"col\"><h6><a class=\"text-dark\" href=\"https:\/\/comunidad.comprasdominicana.gob.do\/\/Public\/Tendering\/OpportunityDetail\/Index?noticeUID=DO1.NTC.1685650\" title=\"Ver\" target=\"_blank\">INESPRE-DAF-CD-2026-0004<\/a><\/h6><p class=\"mb-0 bold\">Servicio de recogida de desechos s\u00f3lidos (basura) en la feria agropecuaria del 12 al 22 de marzo 2026\u201d.<\/p><p class=\"mb-0\" style=\"font-size: .85rem\"><strong title=\"Estado del Proceso\"><i class=\"fas fa-spinner\"><\/i><\/strong> Proceso adjudicado y celebrado<\/p><p class=\"mb-0\" style=\"font-size: .85rem\"><strong title=\"Fecha de Publicaci\u00f3n\"><i class=\"fas fa-calendar-alt\"><\/i><\/strong> Publicado el mi\u00e9rcoles, 11 de marzo de 2026<\/p><\/div><div class=\"col-auto mt-md-0 mt-2\"><a class=\"btn btn-primary btn-lg px-lg-4 d-none d-md-block\" href=\"https:\/\/comunidad.comprasdominicana.gob.do\/\/Public\/Tendering\/OpportunityDetail\/Index?noticeUID=DO1.NTC.1685650\" target=\"_blank\" title=\"Detalles\"><i class=\"fas fa-link\"><\/i> DETALLES<\/a><a class=\"btn btn-primary btn-lg px-lg-4 d-block d-md-none\" href=\"https:\/\/comunidad.comprasdominicana.gob.do\/\/Public\/Tendering\/OpportunityDetail\/Index?noticeUID=DO1.NTC.1685650\" target=\"_blank\" title=\"Detalles\"><i class=\"fas fa-2x fa-link\"><\/i><\/a><\/div><\/div><\/div><div class=\"jumbotron archivos\"><div class=\"row align-items-center\"><div class=\"col\"><h6><a class=\"text-dark\" href=\"https:\/\/comunidad.comprasdominicana.gob.do\/\/Public\/Tendering\/OpportunityDetail\/Index?noticeUID=DO1.NTC.1683937\" title=\"Ver\" target=\"_blank\">INESPRE-DAF-CD-2026-0003<\/a><\/h6><p class=\"mb-0 bold\">Adquisici\u00f3n de grama de jard\u00edn sint\u00e9tica para usar en el stand de la Feria Nacional Agropecuaria 2026<\/p><p class=\"mb-0\" style=\"font-size: .85rem\"><strong title=\"Estado del Proceso\"><i class=\"fas fa-spinner\"><\/i><\/strong> Proceso adjudicado y celebrado<\/p><p class=\"mb-0\" style=\"font-size: .85rem\"><strong title=\"Fecha de Publicaci\u00f3n\"><i class=\"fas fa-calendar-alt\"><\/i><\/strong> Publicado el lunes, 9 de marzo de 2026<\/p><\/div><div class=\"col-auto mt-md-0 mt-2\"><a class=\"btn btn-primary btn-lg px-lg-4 d-none d-md-block\" href=\"https:\/\/comunidad.comprasdominicana.gob.do\/\/Public\/Tendering\/OpportunityDetail\/Index?noticeUID=DO1.NTC.1683937\" target=\"_blank\" title=\"Detalles\"><i class=\"fas fa-link\"><\/i> DETALLES<\/a><a class=\"btn btn-primary btn-lg px-lg-4 d-block d-md-none\" href=\"https:\/\/comunidad.comprasdominicana.gob.do\/\/Public\/Tendering\/OpportunityDetail\/Index?noticeUID=DO1.NTC.1683937\" target=\"_blank\" title=\"Detalles\"><i class=\"fas fa-2x fa-link\"><\/i><\/a><\/div><\/div><\/div><\/div><\/div><\/div>\n        <div class=\"card\">\n            <div class=\"card-header parents\" id=\"heading_compras-por-debajo-del-umbral-69f73f7454400-2026-69f73f7454400-febrero-69f73f7454400\">\n                <p class=\"title text-blue mb-0\">\n                    <a class=\"btn-block hover text-left collapsed\" data-toggle=\"collapse\" data-target=\"#collap_compras-por-debajo-del-umbral-69f73f7454400-2026-69f73f7454400-febrero-69f73f7454400\" aria-expanded=\"false\" aria-controls=\"collap_compras-por-debajo-del-umbral-69f73f7454400-2026-69f73f7454400-febrero-69f73f7454400\">Febrero<\/a>\n                <\/p>\n            <\/div>\n            <div id=\"collap_compras-por-debajo-del-umbral-69f73f7454400-2026-69f73f7454400-febrero-69f73f7454400\" class=\"collapse\" aria-labelledby=\"heading_compras-por-debajo-del-umbral-69f73f7454400-2026-69f73f7454400-febrero-69f73f7454400\" data-parent=\"#collap_compras-por-debajo-del-umbral-69f73f7454400-2026-69f73f7454400\">\n                <div class=\"card-body\"><div class=\"jumbotron archivos\"><div class=\"row align-items-center\"><div class=\"col\"><h6><a class=\"text-dark\" href=\"https:\/\/comunidad.comprasdominicana.gob.do\/\/Public\/Tendering\/OpportunityDetail\/Index?noticeUID=DO1.NTC.1668344\" title=\"Ver\" target=\"_blank\">INESPRE-DAF-CD-2026-0002<\/a><\/h6><p class=\"mb-0 bold\">Contrataci\u00f3n de servicios de flores y coronas f\u00fanebres para uso de la instituci\u00f3n.<\/p><p class=\"mb-0\" style=\"font-size: .85rem\"><strong title=\"Estado del Proceso\"><i class=\"fas fa-spinner\"><\/i><\/strong> Proceso adjudicado y celebrado<\/p><p class=\"mb-0\" style=\"font-size: .85rem\"><strong title=\"Fecha de Publicaci\u00f3n\"><i class=\"fas fa-calendar-alt\"><\/i><\/strong> Publicado el lunes, 2 de febrero de 2026<\/p><\/div><div class=\"col-auto mt-md-0 mt-2\"><a class=\"btn btn-primary btn-lg px-lg-4 d-none d-md-block\" href=\"https:\/\/comunidad.comprasdominicana.gob.do\/\/Public\/Tendering\/OpportunityDetail\/Index?noticeUID=DO1.NTC.1668344\" target=\"_blank\" title=\"Detalles\"><i class=\"fas fa-link\"><\/i> DETALLES<\/a><a class=\"btn btn-primary btn-lg px-lg-4 d-block d-md-none\" href=\"https:\/\/comunidad.comprasdominicana.gob.do\/\/Public\/Tendering\/OpportunityDetail\/Index?noticeUID=DO1.NTC.1668344\" target=\"_blank\" title=\"Detalles\"><i class=\"fas fa-2x fa-link\"><\/i><\/a><\/div><\/div><\/div><\/div><\/div><\/div><\/div><\/div><\/div>\n        <div class=\"card\">\n            <div class=\"card-header parents\" id=\"heading_compras-por-debajo-del-umbral-69f73f7454400-2025-69f73f7454400\">\n                <p class=\"title text-blue mb-0\">\n                    <a class=\"btn-block hover text-left collapsed\" data-toggle=\"collapse\" data-target=\"#collap_compras-por-debajo-del-umbral-69f73f7454400-2025-69f73f7454400\" aria-expanded=\"false\" aria-controls=\"collap_compras-por-debajo-del-umbral-69f73f7454400-2025-69f73f7454400\">2025<\/a>\n                <\/p>\n            <\/div>\n            <div id=\"collap_compras-por-debajo-del-umbral-69f73f7454400-2025-69f73f7454400\" class=\"collapse\" aria-labelledby=\"heading_compras-por-debajo-del-umbral-69f73f7454400-2025-69f73f7454400\" data-parent=\"#collap_compras-por-debajo-del-umbral-69f73f7454400\">\n                <div class=\"card-body\">\n        <div class=\"card\">\n            <div class=\"card-header parents\" id=\"heading_compras-por-debajo-del-umbral-69f73f7454400-2025-69f73f7454400-diciembre-69f73f7454400\">\n                <p class=\"title text-blue mb-0\">\n                    <a class=\"btn-block hover text-left collapsed\" data-toggle=\"collapse\" data-target=\"#collap_compras-por-debajo-del-umbral-69f73f7454400-2025-69f73f7454400-diciembre-69f73f7454400\" aria-expanded=\"false\" aria-controls=\"collap_compras-por-debajo-del-umbral-69f73f7454400-2025-69f73f7454400-diciembre-69f73f7454400\">Diciembre<\/a>\n                <\/p>\n            <\/div>\n            <div id=\"collap_compras-por-debajo-del-umbral-69f73f7454400-2025-69f73f7454400-diciembre-69f73f7454400\" class=\"collapse\" aria-labelledby=\"heading_compras-por-debajo-del-umbral-69f73f7454400-2025-69f73f7454400-diciembre-69f73f7454400\" data-parent=\"#collap_compras-por-debajo-del-umbral-69f73f7454400-2025-69f73f7454400\">\n                <div class=\"card-body\"><div class=\"jumbotron archivos\"><div class=\"row align-items-center\"><div class=\"col\"><h6><a class=\"text-dark\" href=\"https:\/\/comunidad.comprasdominicana.gob.do\/\/Public\/Tendering\/OpportunityDetail\/Index?noticeUID=DO1.NTC.1651914\" title=\"Ver\" target=\"_blank\">INESPRE-DAF-CD-2025-0084<\/a><\/h6><p class=\"mb-0 bold\">SERVICIO DE PUBLICACI\u00d3N DE CONVOCATORIA DELPROCESO DE LICITACI\u00d3N P\u00daBLICA NACIONAL DE REF. INESPRE-CCC-LPN-2025-0001 EN  DOS PERIODICOS NACIONALES POR 2 DIAS CONSECUTIVOS.<\/p><p class=\"mb-0\" style=\"font-size: .85rem\"><strong title=\"Estado del Proceso\"><i class=\"fas fa-spinner\"><\/i><\/strong> Proceso adjudicado y celebrado<\/p><p class=\"mb-0\" style=\"font-size: .85rem\"><strong title=\"Fecha de Publicaci\u00f3n\"><i class=\"fas fa-calendar-alt\"><\/i><\/strong> Publicado el viernes, 19 de diciembre de 2025<\/p><\/div><div class=\"col-auto mt-md-0 mt-2\"><a class=\"btn btn-primary btn-lg px-lg-4 d-none d-md-block\" href=\"https:\/\/comunidad.comprasdominicana.gob.do\/\/Public\/Tendering\/OpportunityDetail\/Index?noticeUID=DO1.NTC.1651914\" target=\"_blank\" title=\"Detalles\"><i class=\"fas fa-link\"><\/i> DETALLES<\/a><a class=\"btn btn-primary btn-lg px-lg-4 d-block d-md-none\" href=\"https:\/\/comunidad.comprasdominicana.gob.do\/\/Public\/Tendering\/OpportunityDetail\/Index?noticeUID=DO1.NTC.1651914\" target=\"_blank\" title=\"Detalles\"><i class=\"fas fa-2x fa-link\"><\/i><\/a><\/div><\/div><\/div><div class=\"jumbotron archivos\"><div class=\"row align-items-center\"><div class=\"col\"><h6><a class=\"text-dark\" href=\"https:\/\/comunidad.comprasdominicana.gob.do\/\/Public\/Tendering\/OpportunityDetail\/Index?noticeUID=DO1.NTC.1651805\" title=\"Ver\" target=\"_blank\">INESPRE-DAF-CD-2025-0085<\/a><\/h6><p class=\"mb-0 bold\">CONTRATACION DE SERVICIOS DE ALIMENTOS CONSUMIBLES PARA 115 PERSONAS, PARA ENCUENTRO CON AGRICULTURA DE LA REGION SUR.<\/p><p class=\"mb-0\" style=\"font-size: .85rem\"><strong title=\"Estado del Proceso\"><i class=\"fas fa-spinner\"><\/i><\/strong> Proceso adjudicado y celebrado<\/p><p class=\"mb-0\" style=\"font-size: .85rem\"><strong title=\"Fecha de Publicaci\u00f3n\"><i class=\"fas fa-calendar-alt\"><\/i><\/strong> Publicado el viernes, 19 de diciembre de 2025<\/p><\/div><div class=\"col-auto mt-md-0 mt-2\"><a class=\"btn btn-primary btn-lg px-lg-4 d-none d-md-block\" href=\"https:\/\/comunidad.comprasdominicana.gob.do\/\/Public\/Tendering\/OpportunityDetail\/Index?noticeUID=DO1.NTC.1651805\" target=\"_blank\" title=\"Detalles\"><i class=\"fas fa-link\"><\/i> DETALLES<\/a><a class=\"btn btn-primary btn-lg px-lg-4 d-block d-md-none\" href=\"https:\/\/comunidad.comprasdominicana.gob.do\/\/Public\/Tendering\/OpportunityDetail\/Index?noticeUID=DO1.NTC.1651805\" target=\"_blank\" title=\"Detalles\"><i class=\"fas fa-2x fa-link\"><\/i><\/a><\/div><\/div><\/div><div class=\"jumbotron archivos\"><div class=\"row align-items-center\"><div class=\"col\"><h6><a class=\"text-dark\" href=\"https:\/\/comunidad.comprasdominicana.gob.do\/\/Public\/Tendering\/OpportunityDetail\/Index?noticeUID=DO1.NTC.1646980\" title=\"Ver\" target=\"_blank\">INESPRE-DAF-CD-2025-0083<\/a><\/h6><p class=\"mb-0 bold\">Adquisici\u00f3n de fundas impresas con logo institucional para uso en actividades navide\u00f1a del INESPRE.<\/p><p class=\"mb-0\" style=\"font-size: .85rem\"><strong title=\"Estado del Proceso\"><i class=\"fas fa-spinner\"><\/i><\/strong> Proceso adjudicado y celebrado<\/p><p class=\"mb-0\" style=\"font-size: .85rem\"><strong title=\"Fecha de Publicaci\u00f3n\"><i class=\"fas fa-calendar-alt\"><\/i><\/strong> Publicado el mi\u00e9rcoles, 10 de diciembre de 2025<\/p><\/div><div class=\"col-auto mt-md-0 mt-2\"><a class=\"btn btn-primary btn-lg px-lg-4 d-none d-md-block\" href=\"https:\/\/comunidad.comprasdominicana.gob.do\/\/Public\/Tendering\/OpportunityDetail\/Index?noticeUID=DO1.NTC.1646980\" target=\"_blank\" title=\"Detalles\"><i class=\"fas fa-link\"><\/i> DETALLES<\/a><a class=\"btn btn-primary btn-lg px-lg-4 d-block d-md-none\" href=\"https:\/\/comunidad.comprasdominicana.gob.do\/\/Public\/Tendering\/OpportunityDetail\/Index?noticeUID=DO1.NTC.1646980\" target=\"_blank\" title=\"Detalles\"><i class=\"fas fa-2x fa-link\"><\/i><\/a><\/div><\/div><\/div><div class=\"jumbotron archivos\"><div class=\"row align-items-center\"><div class=\"col\"><h6><a class=\"text-dark\" href=\"https:\/\/comunidad.comprasdominicana.gob.do\/\/Public\/Tendering\/OpportunityDetail\/Index?noticeUID=DO1.NTC.1642001\" title=\"Ver\" target=\"_blank\">INESPRE-DAF-CD-2025-0082<\/a><\/h6><p class=\"mb-0 bold\">Adquisici\u00f3n de bater\u00edas y hal\u00f3genos para ser usadas en Camiones y camionetas de la Instituci\u00f3n. <\/p><p class=\"mb-0\" style=\"font-size: .85rem\"><strong title=\"Estado del Proceso\"><i class=\"fas fa-spinner\"><\/i><\/strong> Proceso adjudicado y celebrado<\/p><p class=\"mb-0\" style=\"font-size: .85rem\"><strong title=\"Fecha de Publicaci\u00f3n\"><i class=\"fas fa-calendar-alt\"><\/i><\/strong> Publicado el martes, 2 de diciembre de 2025<\/p><\/div><div class=\"col-auto mt-md-0 mt-2\"><a class=\"btn btn-primary btn-lg px-lg-4 d-none d-md-block\" href=\"https:\/\/comunidad.comprasdominicana.gob.do\/\/Public\/Tendering\/OpportunityDetail\/Index?noticeUID=DO1.NTC.1642001\" target=\"_blank\" title=\"Detalles\"><i class=\"fas fa-link\"><\/i> DETALLES<\/a><a class=\"btn btn-primary btn-lg px-lg-4 d-block d-md-none\" href=\"https:\/\/comunidad.comprasdominicana.gob.do\/\/Public\/Tendering\/OpportunityDetail\/Index?noticeUID=DO1.NTC.1642001\" target=\"_blank\" title=\"Detalles\"><i class=\"fas fa-2x fa-link\"><\/i><\/a><\/div><\/div><\/div><\/div><\/div><\/div>\n        <div class=\"card\">\n            <div class=\"card-header parents\" id=\"heading_compras-por-debajo-del-umbral-69f73f7454400-2025-69f73f7454400-noviembre-69f73f7454400\">\n                <p class=\"title text-blue mb-0\">\n                    <a class=\"btn-block hover text-left collapsed\" data-toggle=\"collapse\" data-target=\"#collap_compras-por-debajo-del-umbral-69f73f7454400-2025-69f73f7454400-noviembre-69f73f7454400\" aria-expanded=\"false\" aria-controls=\"collap_compras-por-debajo-del-umbral-69f73f7454400-2025-69f73f7454400-noviembre-69f73f7454400\">Noviembre<\/a>\n                <\/p>\n            <\/div>\n            <div id=\"collap_compras-por-debajo-del-umbral-69f73f7454400-2025-69f73f7454400-noviembre-69f73f7454400\" class=\"collapse\" aria-labelledby=\"heading_compras-por-debajo-del-umbral-69f73f7454400-2025-69f73f7454400-noviembre-69f73f7454400\" data-parent=\"#collap_compras-por-debajo-del-umbral-69f73f7454400-2025-69f73f7454400\">\n                <div class=\"card-body\"><div class=\"jumbotron archivos\"><div class=\"row align-items-center\"><div class=\"col\"><h6><a class=\"text-dark\" href=\"https:\/\/comunidad.comprasdominicana.gob.do\/\/Public\/Tendering\/OpportunityDetail\/Index?noticeUID=DO1.NTC.1639702\" title=\"Ver\" target=\"_blank\">INESPRE-DAF-CD-2025-0081<\/a><\/h6><p class=\"mb-0 bold\">Adquisici\u00f3n de Rollos de L\u00e1minas Transparente con Logo<\/p><p class=\"mb-0\" style=\"font-size: .85rem\"><strong title=\"Estado del Proceso\"><i class=\"fas fa-spinner\"><\/i><\/strong> Proceso adjudicado y celebrado<\/p><p class=\"mb-0\" style=\"font-size: .85rem\"><strong title=\"Fecha de Publicaci\u00f3n\"><i class=\"fas fa-calendar-alt\"><\/i><\/strong> Publicado el mi\u00e9rcoles, 26 de noviembre de 2025<\/p><\/div><div class=\"col-auto mt-md-0 mt-2\"><a class=\"btn btn-primary btn-lg px-lg-4 d-none d-md-block\" href=\"https:\/\/comunidad.comprasdominicana.gob.do\/\/Public\/Tendering\/OpportunityDetail\/Index?noticeUID=DO1.NTC.1639702\" target=\"_blank\" title=\"Detalles\"><i class=\"fas fa-link\"><\/i> DETALLES<\/a><a class=\"btn btn-primary btn-lg px-lg-4 d-block d-md-none\" href=\"https:\/\/comunidad.comprasdominicana.gob.do\/\/Public\/Tendering\/OpportunityDetail\/Index?noticeUID=DO1.NTC.1639702\" target=\"_blank\" title=\"Detalles\"><i class=\"fas fa-2x fa-link\"><\/i><\/a><\/div><\/div><\/div><div class=\"jumbotron archivos\"><div class=\"row align-items-center\"><div class=\"col\"><h6><a class=\"text-dark\" href=\"https:\/\/comunidad.comprasdominicana.gob.do\/\/Public\/Tendering\/OpportunityDetail\/Index?noticeUID=DO1.NTC.1637250\" title=\"Ver\" target=\"_blank\">INESPRE-DAF-CD-2025-0080<\/a><\/h6><p class=\"mb-0 bold\">Adquisici\u00f3n de m\u00e1quina cortadora de carne, para ser utilizada en los mercados del INESPRE<\/p><p class=\"mb-0\" style=\"font-size: .85rem\"><strong title=\"Estado del Proceso\"><i class=\"fas fa-spinner\"><\/i><\/strong> Cancelado<\/p><p class=\"mb-0\" style=\"font-size: .85rem\"><strong title=\"Fecha de Publicaci\u00f3n\"><i class=\"fas fa-calendar-alt\"><\/i><\/strong> Publicado el viernes, 21 de noviembre de 2025<\/p><\/div><div class=\"col-auto mt-md-0 mt-2\"><a class=\"btn btn-primary btn-lg px-lg-4 d-none d-md-block\" href=\"https:\/\/comunidad.comprasdominicana.gob.do\/\/Public\/Tendering\/OpportunityDetail\/Index?noticeUID=DO1.NTC.1637250\" target=\"_blank\" title=\"Detalles\"><i class=\"fas fa-link\"><\/i> DETALLES<\/a><a class=\"btn btn-primary btn-lg px-lg-4 d-block d-md-none\" href=\"https:\/\/comunidad.comprasdominicana.gob.do\/\/Public\/Tendering\/OpportunityDetail\/Index?noticeUID=DO1.NTC.1637250\" target=\"_blank\" title=\"Detalles\"><i class=\"fas fa-2x fa-link\"><\/i><\/a><\/div><\/div><\/div><div class=\"jumbotron archivos\"><div class=\"row align-items-center\"><div class=\"col\"><h6><a class=\"text-dark\" href=\"https:\/\/comunidad.comprasdominicana.gob.do\/\/Public\/Tendering\/OpportunityDetail\/Index?noticeUID=DO1.NTC.1636856\" title=\"Ver\" target=\"_blank\">INESPRE-DAF-CD-2025-0078<\/a><\/h6><p class=\"mb-0 bold\">Adquisici\u00f3n de Materiales Ferreteros para Uso en las Diferentes \u00c1reas del INESPRE<\/p><p class=\"mb-0\" style=\"font-size: .85rem\"><strong title=\"Estado del Proceso\"><i class=\"fas fa-spinner\"><\/i><\/strong> Proceso adjudicado y celebrado<\/p><p class=\"mb-0\" style=\"font-size: .85rem\"><strong title=\"Fecha de Publicaci\u00f3n\"><i class=\"fas fa-calendar-alt\"><\/i><\/strong> Publicado el viernes, 21 de noviembre de 2025<\/p><\/div><div class=\"col-auto mt-md-0 mt-2\"><a class=\"btn btn-primary btn-lg px-lg-4 d-none d-md-block\" href=\"https:\/\/comunidad.comprasdominicana.gob.do\/\/Public\/Tendering\/OpportunityDetail\/Index?noticeUID=DO1.NTC.1636856\" target=\"_blank\" title=\"Detalles\"><i class=\"fas fa-link\"><\/i> DETALLES<\/a><a class=\"btn btn-primary btn-lg px-lg-4 d-block d-md-none\" href=\"https:\/\/comunidad.comprasdominicana.gob.do\/\/Public\/Tendering\/OpportunityDetail\/Index?noticeUID=DO1.NTC.1636856\" target=\"_blank\" title=\"Detalles\"><i class=\"fas fa-2x fa-link\"><\/i><\/a><\/div><\/div><\/div><div class=\"jumbotron archivos\"><div class=\"row align-items-center\"><div class=\"col\"><h6><a class=\"text-dark\" href=\"https:\/\/comunidad.comprasdominicana.gob.do\/\/Public\/Tendering\/OpportunityDetail\/Index?noticeUID=DO1.NTC.1637241\" title=\"Ver\" target=\"_blank\">INESPRE-DAF-CD-2025-0077<\/a><\/h6><p class=\"mb-0 bold\">Contrataci\u00f3n de servicio del coro para la misa de acci\u00f3n de gracia de la Instituci\u00f3n.<\/p><p class=\"mb-0\" style=\"font-size: .85rem\"><strong title=\"Estado del Proceso\"><i class=\"fas fa-spinner\"><\/i><\/strong> Proceso adjudicado y celebrado<\/p><p class=\"mb-0\" style=\"font-size: .85rem\"><strong title=\"Fecha de Publicaci\u00f3n\"><i class=\"fas fa-calendar-alt\"><\/i><\/strong> Publicado el viernes, 21 de noviembre de 2025<\/p><\/div><div class=\"col-auto mt-md-0 mt-2\"><a class=\"btn btn-primary btn-lg px-lg-4 d-none d-md-block\" href=\"https:\/\/comunidad.comprasdominicana.gob.do\/\/Public\/Tendering\/OpportunityDetail\/Index?noticeUID=DO1.NTC.1637241\" target=\"_blank\" title=\"Detalles\"><i class=\"fas fa-link\"><\/i> DETALLES<\/a><a class=\"btn btn-primary btn-lg px-lg-4 d-block d-md-none\" href=\"https:\/\/comunidad.comprasdominicana.gob.do\/\/Public\/Tendering\/OpportunityDetail\/Index?noticeUID=DO1.NTC.1637241\" target=\"_blank\" title=\"Detalles\"><i class=\"fas fa-2x fa-link\"><\/i><\/a><\/div><\/div><\/div><div class=\"jumbotron archivos\"><div class=\"row align-items-center\"><div class=\"col\"><h6><a class=\"text-dark\" href=\"https:\/\/comunidad.comprasdominicana.gob.do\/\/Public\/Tendering\/OpportunityDetail\/Index?noticeUID=DO1.NTC.1636720\" title=\"Ver\" target=\"_blank\">INESPRE-DAF-CD-2025-0079<\/a><\/h6><p class=\"mb-0 bold\">Adquisici\u00f3n de plaf\u00f3n en PVC para ser utilizado en la Direcci\u00f3n de  Abastecimiento Logistica y Distribuci\u00f3n INESPRE Herrera<\/p><p class=\"mb-0\" style=\"font-size: .85rem\"><strong title=\"Estado del Proceso\"><i class=\"fas fa-spinner\"><\/i><\/strong> Proceso adjudicado y celebrado<\/p><p class=\"mb-0\" style=\"font-size: .85rem\"><strong title=\"Fecha de Publicaci\u00f3n\"><i class=\"fas fa-calendar-alt\"><\/i><\/strong> Publicado el jueves, 20 de noviembre de 2025<\/p><\/div><div class=\"col-auto mt-md-0 mt-2\"><a class=\"btn btn-primary btn-lg px-lg-4 d-none d-md-block\" href=\"https:\/\/comunidad.comprasdominicana.gob.do\/\/Public\/Tendering\/OpportunityDetail\/Index?noticeUID=DO1.NTC.1636720\" target=\"_blank\" title=\"Detalles\"><i class=\"fas fa-link\"><\/i> DETALLES<\/a><a class=\"btn btn-primary btn-lg px-lg-4 d-block d-md-none\" href=\"https:\/\/comunidad.comprasdominicana.gob.do\/\/Public\/Tendering\/OpportunityDetail\/Index?noticeUID=DO1.NTC.1636720\" target=\"_blank\" title=\"Detalles\"><i class=\"fas fa-2x fa-link\"><\/i><\/a><\/div><\/div><\/div><div class=\"jumbotron archivos\"><div class=\"row align-items-center\"><div class=\"col\"><h6><a class=\"text-dark\" href=\"https:\/\/comunidad.comprasdominicana.gob.do\/\/Public\/Tendering\/OpportunityDetail\/Index?noticeUID=DO1.NTC.1634807\" title=\"Ver\" target=\"_blank\">INESPRE-DAF-CD-2025-0076<\/a><\/h6><p class=\"mb-0 bold\">Servicio de Upgrade Plan de Hosting (Correo Electronico\/Sitio Web inespre.gob.do<\/p><p class=\"mb-0\" style=\"font-size: .85rem\"><strong title=\"Estado del Proceso\"><i class=\"fas fa-spinner\"><\/i><\/strong> Proceso adjudicado y celebrado<\/p><p class=\"mb-0\" style=\"font-size: .85rem\"><strong title=\"Fecha de Publicaci\u00f3n\"><i class=\"fas fa-calendar-alt\"><\/i><\/strong> Publicado el lunes, 17 de noviembre de 2025<\/p><\/div><div class=\"col-auto mt-md-0 mt-2\"><a class=\"btn btn-primary btn-lg px-lg-4 d-none d-md-block\" href=\"https:\/\/comunidad.comprasdominicana.gob.do\/\/Public\/Tendering\/OpportunityDetail\/Index?noticeUID=DO1.NTC.1634807\" target=\"_blank\" title=\"Detalles\"><i class=\"fas fa-link\"><\/i> DETALLES<\/a><a class=\"btn btn-primary btn-lg px-lg-4 d-block d-md-none\" href=\"https:\/\/comunidad.comprasdominicana.gob.do\/\/Public\/Tendering\/OpportunityDetail\/Index?noticeUID=DO1.NTC.1634807\" target=\"_blank\" title=\"Detalles\"><i class=\"fas fa-2x fa-link\"><\/i><\/a><\/div><\/div><\/div><div class=\"jumbotron archivos\"><div class=\"row align-items-center\"><div class=\"col\"><h6><a class=\"text-dark\" href=\"https:\/\/comunidad.comprasdominicana.gob.do\/\/Public\/Tendering\/OpportunityDetail\/Index?noticeUID=DO1.NTC.1634156\" title=\"Ver\" target=\"_blank\">INESPRE-DAF-CD-2025-0075<\/a><\/h6><p class=\"mb-0 bold\">Adquisici\u00f3n de suministro de limpieza<\/p><p class=\"mb-0\" style=\"font-size: .85rem\"><strong title=\"Estado del Proceso\"><i class=\"fas fa-spinner\"><\/i><\/strong> Proceso adjudicado y celebrado<\/p><p class=\"mb-0\" style=\"font-size: .85rem\"><strong title=\"Fecha de Publicaci\u00f3n\"><i class=\"fas fa-calendar-alt\"><\/i><\/strong> Publicado el viernes, 14 de noviembre de 2025<\/p><\/div><div class=\"col-auto mt-md-0 mt-2\"><a class=\"btn btn-primary btn-lg px-lg-4 d-none d-md-block\" href=\"https:\/\/comunidad.comprasdominicana.gob.do\/\/Public\/Tendering\/OpportunityDetail\/Index?noticeUID=DO1.NTC.1634156\" target=\"_blank\" title=\"Detalles\"><i class=\"fas fa-link\"><\/i> DETALLES<\/a><a class=\"btn btn-primary btn-lg px-lg-4 d-block d-md-none\" href=\"https:\/\/comunidad.comprasdominicana.gob.do\/\/Public\/Tendering\/OpportunityDetail\/Index?noticeUID=DO1.NTC.1634156\" target=\"_blank\" title=\"Detalles\"><i class=\"fas fa-2x fa-link\"><\/i><\/a><\/div><\/div><\/div><div class=\"jumbotron archivos\"><div class=\"row align-items-center\"><div class=\"col\"><h6><a class=\"text-dark\" href=\"https:\/\/comunidad.comprasdominicana.gob.do\/\/Public\/Tendering\/OpportunityDetail\/Index?noticeUID=DO1.NTC.1633758\" title=\"Ver\" target=\"_blank\">INESPRE-DAF-CD-2025-0074<\/a><\/h6><p class=\"mb-0 bold\">Servicio de dise\u00f1o de banners para exposici\u00f3n de art\u00edculos para las ferias Navidad del cambio con INESPRE 2025.<\/p><p class=\"mb-0\" style=\"font-size: .85rem\"><strong title=\"Estado del Proceso\"><i class=\"fas fa-spinner\"><\/i><\/strong> Proceso adjudicado y celebrado<\/p><p class=\"mb-0\" style=\"font-size: .85rem\"><strong title=\"Fecha de Publicaci\u00f3n\"><i class=\"fas fa-calendar-alt\"><\/i><\/strong> Publicado el viernes, 14 de noviembre de 2025<\/p><\/div><div class=\"col-auto mt-md-0 mt-2\"><a class=\"btn btn-primary btn-lg px-lg-4 d-none d-md-block\" href=\"https:\/\/comunidad.comprasdominicana.gob.do\/\/Public\/Tendering\/OpportunityDetail\/Index?noticeUID=DO1.NTC.1633758\" target=\"_blank\" title=\"Detalles\"><i class=\"fas fa-link\"><\/i> DETALLES<\/a><a class=\"btn btn-primary btn-lg px-lg-4 d-block d-md-none\" href=\"https:\/\/comunidad.comprasdominicana.gob.do\/\/Public\/Tendering\/OpportunityDetail\/Index?noticeUID=DO1.NTC.1633758\" target=\"_blank\" title=\"Detalles\"><i class=\"fas fa-2x fa-link\"><\/i><\/a><\/div><\/div><\/div><\/div><\/div><\/div>\n        <div class=\"card\">\n            <div class=\"card-header parents\" id=\"heading_compras-por-debajo-del-umbral-69f73f7454400-2025-69f73f7454400-octubre-69f73f7454400\">\n                <p class=\"title text-blue mb-0\">\n                    <a class=\"btn-block hover text-left collapsed\" data-toggle=\"collapse\" data-target=\"#collap_compras-por-debajo-del-umbral-69f73f7454400-2025-69f73f7454400-octubre-69f73f7454400\" aria-expanded=\"false\" aria-controls=\"collap_compras-por-debajo-del-umbral-69f73f7454400-2025-69f73f7454400-octubre-69f73f7454400\">Octubre<\/a>\n                <\/p>\n            <\/div>\n            <div id=\"collap_compras-por-debajo-del-umbral-69f73f7454400-2025-69f73f7454400-octubre-69f73f7454400\" class=\"collapse\" aria-labelledby=\"heading_compras-por-debajo-del-umbral-69f73f7454400-2025-69f73f7454400-octubre-69f73f7454400\" data-parent=\"#collap_compras-por-debajo-del-umbral-69f73f7454400-2025-69f73f7454400\">\n                <div class=\"card-body\"><div class=\"jumbotron archivos\"><div class=\"row align-items-center\"><div class=\"col\"><h6><a class=\"text-dark\" href=\"https:\/\/comunidad.comprasdominicana.gob.do\/\/Public\/Tendering\/OpportunityDetail\/Index?noticeUID=DO1.NTC.1627632\" title=\"Ver\" target=\"_blank\">INESPRE-DAF-CD-2025-0073<\/a><\/h6><p class=\"mb-0 bold\">Contrataci\u00f3n de servicio decoraci\u00f3n florales para la misa de acci\u00f3n de gracia de la Instituci\u00f3n<\/p><p class=\"mb-0\" style=\"font-size: .85rem\"><strong title=\"Estado del Proceso\"><i class=\"fas fa-spinner\"><\/i><\/strong> Proceso adjudicado y celebrado<\/p><p class=\"mb-0\" style=\"font-size: .85rem\"><strong title=\"Fecha de Publicaci\u00f3n\"><i class=\"fas fa-calendar-alt\"><\/i><\/strong> Publicado el viernes, 31 de octubre de 2025<\/p><\/div><div class=\"col-auto mt-md-0 mt-2\"><a class=\"btn btn-primary btn-lg px-lg-4 d-none d-md-block\" href=\"https:\/\/comunidad.comprasdominicana.gob.do\/\/Public\/Tendering\/OpportunityDetail\/Index?noticeUID=DO1.NTC.1627632\" target=\"_blank\" title=\"Detalles\"><i class=\"fas fa-link\"><\/i> DETALLES<\/a><a class=\"btn btn-primary btn-lg px-lg-4 d-block d-md-none\" href=\"https:\/\/comunidad.comprasdominicana.gob.do\/\/Public\/Tendering\/OpportunityDetail\/Index?noticeUID=DO1.NTC.1627632\" target=\"_blank\" title=\"Detalles\"><i class=\"fas fa-2x fa-link\"><\/i><\/a><\/div><\/div><\/div><div class=\"jumbotron archivos\"><div class=\"row align-items-center\"><div class=\"col\"><h6><a class=\"text-dark\" href=\"https:\/\/comunidad.comprasdominicana.gob.do\/\/Public\/Tendering\/OpportunityDetail\/Index?noticeUID=DO1.NTC.1626103\" title=\"Ver\" target=\"_blank\">INESPRE-DAF-CD-2025-0072<\/a><\/h6><p class=\"mb-0 bold\">Adquisici\u00f3n de decoraci\u00f3n navide\u00f1a 2025<\/p><p class=\"mb-0\" style=\"font-size: .85rem\"><strong title=\"Estado del Proceso\"><i class=\"fas fa-spinner\"><\/i><\/strong> Proceso adjudicado y celebrado<\/p><p class=\"mb-0\" style=\"font-size: .85rem\"><strong title=\"Fecha de Publicaci\u00f3n\"><i class=\"fas fa-calendar-alt\"><\/i><\/strong> Publicado el martes, 28 de octubre de 2025<\/p><\/div><div class=\"col-auto mt-md-0 mt-2\"><a class=\"btn btn-primary btn-lg px-lg-4 d-none d-md-block\" href=\"https:\/\/comunidad.comprasdominicana.gob.do\/\/Public\/Tendering\/OpportunityDetail\/Index?noticeUID=DO1.NTC.1626103\" target=\"_blank\" title=\"Detalles\"><i class=\"fas fa-link\"><\/i> DETALLES<\/a><a class=\"btn btn-primary btn-lg px-lg-4 d-block d-md-none\" href=\"https:\/\/comunidad.comprasdominicana.gob.do\/\/Public\/Tendering\/OpportunityDetail\/Index?noticeUID=DO1.NTC.1626103\" target=\"_blank\" title=\"Detalles\"><i class=\"fas fa-2x fa-link\"><\/i><\/a><\/div><\/div><\/div><div class=\"jumbotron archivos\"><div class=\"row align-items-center\"><div class=\"col\"><h6><a class=\"text-dark\" href=\"https:\/\/comunidad.comprasdominicana.gob.do\/\/Public\/Tendering\/OpportunityDetail\/Index?noticeUID=DO1.NTC.1623230\" title=\"Ver\" target=\"_blank\">INESPRE-DAF-CD-2025-0070<\/a><\/h6><p class=\"mb-0 bold\">Adquisici\u00f3n de neveras para uso de la Instituci\u00f3n <\/p><p class=\"mb-0\" style=\"font-size: .85rem\"><strong title=\"Estado del Proceso\"><i class=\"fas fa-spinner\"><\/i><\/strong> Proceso adjudicado y celebrado<\/p><p class=\"mb-0\" style=\"font-size: .85rem\"><strong title=\"Fecha de Publicaci\u00f3n\"><i class=\"fas fa-calendar-alt\"><\/i><\/strong> Publicado el mi\u00e9rcoles, 22 de octubre de 2025<\/p><\/div><div class=\"col-auto mt-md-0 mt-2\"><a class=\"btn btn-primary btn-lg px-lg-4 d-none d-md-block\" href=\"https:\/\/comunidad.comprasdominicana.gob.do\/\/Public\/Tendering\/OpportunityDetail\/Index?noticeUID=DO1.NTC.1623230\" target=\"_blank\" title=\"Detalles\"><i class=\"fas fa-link\"><\/i> DETALLES<\/a><a class=\"btn btn-primary btn-lg px-lg-4 d-block d-md-none\" href=\"https:\/\/comunidad.comprasdominicana.gob.do\/\/Public\/Tendering\/OpportunityDetail\/Index?noticeUID=DO1.NTC.1623230\" target=\"_blank\" title=\"Detalles\"><i class=\"fas fa-2x fa-link\"><\/i><\/a><\/div><\/div><\/div><div class=\"jumbotron archivos\"><div class=\"row align-items-center\"><div class=\"col\"><h6><a class=\"text-dark\" href=\"https:\/\/comunidad.comprasdominicana.gob.do\/\/Public\/Tendering\/OpportunityDetail\/Index?noticeUID=DO1.NTC.1620844\" title=\"Ver\" target=\"_blank\">INESPRE-DAF-CD-2025-0069<\/a><\/h6><p class=\"mb-0 bold\">Adquisici\u00f3n de m\u00f3dulos para fibra \u00f3ptica de alta velocidad uso Institucional<\/p><p class=\"mb-0\" style=\"font-size: .85rem\"><strong title=\"Estado del Proceso\"><i class=\"fas fa-spinner\"><\/i><\/strong> Proceso adjudicado y celebrado<\/p><p class=\"mb-0\" style=\"font-size: .85rem\"><strong title=\"Fecha de Publicaci\u00f3n\"><i class=\"fas fa-calendar-alt\"><\/i><\/strong> Publicado el jueves, 16 de octubre de 2025<\/p><\/div><div class=\"col-auto mt-md-0 mt-2\"><a class=\"btn btn-primary btn-lg px-lg-4 d-none d-md-block\" href=\"https:\/\/comunidad.comprasdominicana.gob.do\/\/Public\/Tendering\/OpportunityDetail\/Index?noticeUID=DO1.NTC.1620844\" target=\"_blank\" title=\"Detalles\"><i class=\"fas fa-link\"><\/i> DETALLES<\/a><a class=\"btn btn-primary btn-lg px-lg-4 d-block d-md-none\" href=\"https:\/\/comunidad.comprasdominicana.gob.do\/\/Public\/Tendering\/OpportunityDetail\/Index?noticeUID=DO1.NTC.1620844\" target=\"_blank\" title=\"Detalles\"><i class=\"fas fa-2x fa-link\"><\/i><\/a><\/div><\/div><\/div><\/div><\/div><\/div>\n        <div class=\"card\">\n            <div class=\"card-header parents\" id=\"heading_compras-por-debajo-del-umbral-69f73f7454400-2025-69f73f7454400-septiembre-69f73f7454400\">\n                <p class=\"title text-blue mb-0\">\n                    <a class=\"btn-block hover text-left collapsed\" data-toggle=\"collapse\" data-target=\"#collap_compras-por-debajo-del-umbral-69f73f7454400-2025-69f73f7454400-septiembre-69f73f7454400\" aria-expanded=\"false\" aria-controls=\"collap_compras-por-debajo-del-umbral-69f73f7454400-2025-69f73f7454400-septiembre-69f73f7454400\">Septiembre<\/a>\n                <\/p>\n            <\/div>\n            <div id=\"collap_compras-por-debajo-del-umbral-69f73f7454400-2025-69f73f7454400-septiembre-69f73f7454400\" class=\"collapse\" aria-labelledby=\"heading_compras-por-debajo-del-umbral-69f73f7454400-2025-69f73f7454400-septiembre-69f73f7454400\" data-parent=\"#collap_compras-por-debajo-del-umbral-69f73f7454400-2025-69f73f7454400\">\n                <div class=\"card-body\"><div class=\"jumbotron archivos\"><div class=\"row align-items-center\"><div class=\"col\"><h6><a class=\"text-dark\" href=\"https:\/\/comunidad.comprasdominicana.gob.do\/\/Public\/Tendering\/OpportunityDetail\/Index?noticeUID=DO1.NTC.1611544\" title=\"Ver\" target=\"_blank\">INESPRE-DAF-CD-2025-0067<\/a><\/h6><p class=\"mb-0 bold\">Aquisici\u00f3n de Aires Acondicionados solicitado por el Departamento de Ingenieria y Arquitectura del INESPRE<\/p><p class=\"mb-0\" style=\"font-size: .85rem\"><strong title=\"Estado del Proceso\"><i class=\"fas fa-spinner\"><\/i><\/strong> Proceso adjudicado y celebrado<\/p><p class=\"mb-0\" style=\"font-size: .85rem\"><strong title=\"Fecha de Publicaci\u00f3n\"><i class=\"fas fa-calendar-alt\"><\/i><\/strong> Publicado el jueves, 25 de septiembre de 2025<\/p><\/div><div class=\"col-auto mt-md-0 mt-2\"><a class=\"btn btn-primary btn-lg px-lg-4 d-none d-md-block\" href=\"https:\/\/comunidad.comprasdominicana.gob.do\/\/Public\/Tendering\/OpportunityDetail\/Index?noticeUID=DO1.NTC.1611544\" target=\"_blank\" title=\"Detalles\"><i class=\"fas fa-link\"><\/i> DETALLES<\/a><a class=\"btn btn-primary btn-lg px-lg-4 d-block d-md-none\" href=\"https:\/\/comunidad.comprasdominicana.gob.do\/\/Public\/Tendering\/OpportunityDetail\/Index?noticeUID=DO1.NTC.1611544\" target=\"_blank\" title=\"Detalles\"><i class=\"fas fa-2x fa-link\"><\/i><\/a><\/div><\/div><\/div><div class=\"jumbotron archivos\"><div class=\"row align-items-center\"><div class=\"col\"><h6><a class=\"text-dark\" href=\"https:\/\/comunidad.comprasdominicana.gob.do\/\/Public\/Tendering\/OpportunityDetail\/Index?noticeUID=DO1.NTC.1611143\" title=\"Ver\" target=\"_blank\">INESPRE-DAF-CD-2025-0065<\/a><\/h6><p class=\"mb-0 bold\">Adquisici\u00f3n de herramientas y materiales para ser utilizados por la Gerencia de San Juan de la Maguana y el Departamento de Ingenier\u00eda<\/p><p class=\"mb-0\" style=\"font-size: .85rem\"><strong title=\"Estado del Proceso\"><i class=\"fas fa-spinner\"><\/i><\/strong> Proceso adjudicado y celebrado<\/p><p class=\"mb-0\" style=\"font-size: .85rem\"><strong title=\"Fecha de Publicaci\u00f3n\"><i class=\"fas fa-calendar-alt\"><\/i><\/strong> Publicado el martes, 23 de septiembre de 2025<\/p><\/div><div class=\"col-auto mt-md-0 mt-2\"><a class=\"btn btn-primary btn-lg px-lg-4 d-none d-md-block\" href=\"https:\/\/comunidad.comprasdominicana.gob.do\/\/Public\/Tendering\/OpportunityDetail\/Index?noticeUID=DO1.NTC.1611143\" target=\"_blank\" title=\"Detalles\"><i class=\"fas fa-link\"><\/i> DETALLES<\/a><a class=\"btn btn-primary btn-lg px-lg-4 d-block d-md-none\" href=\"https:\/\/comunidad.comprasdominicana.gob.do\/\/Public\/Tendering\/OpportunityDetail\/Index?noticeUID=DO1.NTC.1611143\" target=\"_blank\" title=\"Detalles\"><i class=\"fas fa-2x fa-link\"><\/i><\/a><\/div><\/div><\/div><div class=\"jumbotron archivos\"><div class=\"row align-items-center\"><div class=\"col\"><h6><a class=\"text-dark\" href=\"https:\/\/comunidad.comprasdominicana.gob.do\/\/Public\/Tendering\/OpportunityDetail\/Index?noticeUID=DO1.NTC.1610739\" title=\"Ver\" target=\"_blank\">INESPRE-DAF-CD-2025-0066<\/a><\/h6><p class=\"mb-0 bold\">Aquiscion de Repuestos para mantenimiento y Reparacion de la flotilla vehicular del INESPRE<\/p><p class=\"mb-0\" style=\"font-size: .85rem\"><strong title=\"Estado del Proceso\"><i class=\"fas fa-spinner\"><\/i><\/strong> Proceso adjudicado y celebrado<\/p><p class=\"mb-0\" style=\"font-size: .85rem\"><strong title=\"Fecha de Publicaci\u00f3n\"><i class=\"fas fa-calendar-alt\"><\/i><\/strong> Publicado el martes, 23 de septiembre de 2025<\/p><\/div><div class=\"col-auto mt-md-0 mt-2\"><a class=\"btn btn-primary btn-lg px-lg-4 d-none d-md-block\" href=\"https:\/\/comunidad.comprasdominicana.gob.do\/\/Public\/Tendering\/OpportunityDetail\/Index?noticeUID=DO1.NTC.1610739\" target=\"_blank\" title=\"Detalles\"><i class=\"fas fa-link\"><\/i> DETALLES<\/a><a class=\"btn btn-primary btn-lg px-lg-4 d-block d-md-none\" href=\"https:\/\/comunidad.comprasdominicana.gob.do\/\/Public\/Tendering\/OpportunityDetail\/Index?noticeUID=DO1.NTC.1610739\" target=\"_blank\" title=\"Detalles\"><i class=\"fas fa-2x fa-link\"><\/i><\/a><\/div><\/div><\/div><div class=\"jumbotron archivos\"><div class=\"row align-items-center\"><div class=\"col\"><h6><a class=\"text-dark\" href=\"https:\/\/comunidad.comprasdominicana.gob.do\/\/Public\/Tendering\/OpportunityDetail\/Index?noticeUID=DO1.NTC.1607647\" title=\"Ver\" target=\"_blank\">INESPRE-DAF-CD-2025-0063<\/a><\/h6><p class=\"mb-0 bold\">Servicio de mantenimiento preventivo para generador de el\u00e9ctrico de 445 KW oficina principal del INESPRE.<\/p><p class=\"mb-0\" style=\"font-size: .85rem\"><strong title=\"Estado del Proceso\"><i class=\"fas fa-spinner\"><\/i><\/strong> Proceso adjudicado y celebrado<\/p><p class=\"mb-0\" style=\"font-size: .85rem\"><strong title=\"Fecha de Publicaci\u00f3n\"><i class=\"fas fa-calendar-alt\"><\/i><\/strong> Publicado el martes, 16 de septiembre de 2025<\/p><\/div><div class=\"col-auto mt-md-0 mt-2\"><a class=\"btn btn-primary btn-lg px-lg-4 d-none d-md-block\" href=\"https:\/\/comunidad.comprasdominicana.gob.do\/\/Public\/Tendering\/OpportunityDetail\/Index?noticeUID=DO1.NTC.1607647\" target=\"_blank\" title=\"Detalles\"><i class=\"fas fa-link\"><\/i> DETALLES<\/a><a class=\"btn btn-primary btn-lg px-lg-4 d-block d-md-none\" href=\"https:\/\/comunidad.comprasdominicana.gob.do\/\/Public\/Tendering\/OpportunityDetail\/Index?noticeUID=DO1.NTC.1607647\" target=\"_blank\" title=\"Detalles\"><i class=\"fas fa-2x fa-link\"><\/i><\/a><\/div><\/div><\/div><\/div><\/div><\/div>\n        <div class=\"card\">\n            <div class=\"card-header parents\" id=\"heading_compras-por-debajo-del-umbral-69f73f7454400-2025-69f73f7454400-agosto-69f73f7454400\">\n                <p class=\"title text-blue mb-0\">\n                    <a class=\"btn-block hover text-left collapsed\" data-toggle=\"collapse\" data-target=\"#collap_compras-por-debajo-del-umbral-69f73f7454400-2025-69f73f7454400-agosto-69f73f7454400\" aria-expanded=\"false\" aria-controls=\"collap_compras-por-debajo-del-umbral-69f73f7454400-2025-69f73f7454400-agosto-69f73f7454400\">Agosto<\/a>\n                <\/p>\n            <\/div>\n            <div id=\"collap_compras-por-debajo-del-umbral-69f73f7454400-2025-69f73f7454400-agosto-69f73f7454400\" class=\"collapse\" aria-labelledby=\"heading_compras-por-debajo-del-umbral-69f73f7454400-2025-69f73f7454400-agosto-69f73f7454400\" data-parent=\"#collap_compras-por-debajo-del-umbral-69f73f7454400-2025-69f73f7454400\">\n                <div class=\"card-body\"><div class=\"jumbotron archivos\"><div class=\"row align-items-center\"><div class=\"col\"><h6><a class=\"text-dark\" href=\"https:\/\/comunidad.comprasdominicana.gob.do\/\/Public\/Tendering\/OpportunityDetail\/Index?noticeUID=DO1.NTC.1599201\" title=\"Ver\" target=\"_blank\">INESPRE-DAF-CD-2025-0062<\/a><\/h6><p class=\"mb-0 bold\">Adquisici\u00f3n de pines en metal con logo Institucional (INESPRE)<\/p><p class=\"mb-0\" style=\"font-size: .85rem\"><strong title=\"Estado del Proceso\"><i class=\"fas fa-spinner\"><\/i><\/strong> Proceso adjudicado y celebrado<\/p><p class=\"mb-0\" style=\"font-size: .85rem\"><strong title=\"Fecha de Publicaci\u00f3n\"><i class=\"fas fa-calendar-alt\"><\/i><\/strong> Publicado el mi\u00e9rcoles, 27 de agosto de 2025<\/p><\/div><div class=\"col-auto mt-md-0 mt-2\"><a class=\"btn btn-primary btn-lg px-lg-4 d-none d-md-block\" href=\"https:\/\/comunidad.comprasdominicana.gob.do\/\/Public\/Tendering\/OpportunityDetail\/Index?noticeUID=DO1.NTC.1599201\" target=\"_blank\" title=\"Detalles\"><i class=\"fas fa-link\"><\/i> DETALLES<\/a><a class=\"btn btn-primary btn-lg px-lg-4 d-block d-md-none\" href=\"https:\/\/comunidad.comprasdominicana.gob.do\/\/Public\/Tendering\/OpportunityDetail\/Index?noticeUID=DO1.NTC.1599201\" target=\"_blank\" title=\"Detalles\"><i class=\"fas fa-2x fa-link\"><\/i><\/a><\/div><\/div><\/div><div class=\"jumbotron archivos\"><div class=\"row align-items-center\"><div class=\"col\"><h6><a class=\"text-dark\" href=\"https:\/\/comunidad.comprasdominicana.gob.do\/\/Public\/Tendering\/OpportunityDetail\/Index?noticeUID=DO1.NTC.1594561\" title=\"Ver\" target=\"_blank\">INESPRE-DAF-CD-2025-0061<\/a><\/h6><p class=\"mb-0 bold\">Contrataci\u00f3n de Servicio de Arreglo Floral por fallecimiento del Sr. Juan Le\u00f3nidas Encarnaci\u00f3n, padre del Sub-Director Benigno Encarnaci\u00f3n (INESPRE)<\/p><p class=\"mb-0\" style=\"font-size: .85rem\"><strong title=\"Estado del Proceso\"><i class=\"fas fa-spinner\"><\/i><\/strong> Proceso adjudicado y celebrado<\/p><p class=\"mb-0\" style=\"font-size: .85rem\"><strong title=\"Fecha de Publicaci\u00f3n\"><i class=\"fas fa-calendar-alt\"><\/i><\/strong> Publicado el lunes, 18 de agosto de 2025<\/p><\/div><div class=\"col-auto mt-md-0 mt-2\"><a class=\"btn btn-primary btn-lg px-lg-4 d-none d-md-block\" href=\"https:\/\/comunidad.comprasdominicana.gob.do\/\/Public\/Tendering\/OpportunityDetail\/Index?noticeUID=DO1.NTC.1594561\" target=\"_blank\" title=\"Detalles\"><i class=\"fas fa-link\"><\/i> DETALLES<\/a><a class=\"btn btn-primary btn-lg px-lg-4 d-block d-md-none\" href=\"https:\/\/comunidad.comprasdominicana.gob.do\/\/Public\/Tendering\/OpportunityDetail\/Index?noticeUID=DO1.NTC.1594561\" target=\"_blank\" title=\"Detalles\"><i class=\"fas fa-2x fa-link\"><\/i><\/a><\/div><\/div><\/div><div class=\"jumbotron archivos\"><div class=\"row align-items-center\"><div class=\"col\"><h6><a class=\"text-dark\" href=\"https:\/\/comunidad.comprasdominicana.gob.do\/\/Public\/Tendering\/OpportunityDetail\/Index?noticeUID=DO1.NTC.1594317\" title=\"Ver\" target=\"_blank\">INESPRE-DAF-CD-2025-0059<\/a><\/h6><p class=\"mb-0 bold\">Adquisici\u00f3n de vasos desechables<\/p><p class=\"mb-0\" style=\"font-size: .85rem\"><strong title=\"Estado del Proceso\"><i class=\"fas fa-spinner\"><\/i><\/strong> Proceso adjudicado y celebrado<\/p><p class=\"mb-0\" style=\"font-size: .85rem\"><strong title=\"Fecha de Publicaci\u00f3n\"><i class=\"fas fa-calendar-alt\"><\/i><\/strong> Publicado el viernes, 15 de agosto de 2025<\/p><\/div><div class=\"col-auto mt-md-0 mt-2\"><a class=\"btn btn-primary btn-lg px-lg-4 d-none d-md-block\" href=\"https:\/\/comunidad.comprasdominicana.gob.do\/\/Public\/Tendering\/OpportunityDetail\/Index?noticeUID=DO1.NTC.1594317\" target=\"_blank\" title=\"Detalles\"><i class=\"fas fa-link\"><\/i> DETALLES<\/a><a class=\"btn btn-primary btn-lg px-lg-4 d-block d-md-none\" href=\"https:\/\/comunidad.comprasdominicana.gob.do\/\/Public\/Tendering\/OpportunityDetail\/Index?noticeUID=DO1.NTC.1594317\" target=\"_blank\" title=\"Detalles\"><i class=\"fas fa-2x fa-link\"><\/i><\/a><\/div><\/div><\/div><div class=\"jumbotron archivos\"><div class=\"row align-items-center\"><div class=\"col\"><h6><a class=\"text-dark\" href=\"https:\/\/comunidad.comprasdominicana.gob.do\/\/Public\/Tendering\/OpportunityDetail\/Index?noticeUID=DO1.NTC.1593640\" title=\"Ver\" target=\"_blank\">INESPRE-DAF-CD-2025-0057<\/a><\/h6><p class=\"mb-0 bold\">Adquisici\u00f3n de las Maquinas sumadoras para diferentes \u00e1reas de la Instituci\u00f3n, Dirigidos a Mipymes<\/p><p class=\"mb-0\" style=\"font-size: .85rem\"><strong title=\"Estado del Proceso\"><i class=\"fas fa-spinner\"><\/i><\/strong> Proceso adjudicado y celebrado<\/p><p class=\"mb-0\" style=\"font-size: .85rem\"><strong title=\"Fecha de Publicaci\u00f3n\"><i class=\"fas fa-calendar-alt\"><\/i><\/strong> Publicado el jueves, 14 de agosto de 2025<\/p><\/div><div class=\"col-auto mt-md-0 mt-2\"><a class=\"btn btn-primary btn-lg px-lg-4 d-none d-md-block\" href=\"https:\/\/comunidad.comprasdominicana.gob.do\/\/Public\/Tendering\/OpportunityDetail\/Index?noticeUID=DO1.NTC.1593640\" target=\"_blank\" title=\"Detalles\"><i class=\"fas fa-link\"><\/i> DETALLES<\/a><a class=\"btn btn-primary btn-lg px-lg-4 d-block d-md-none\" href=\"https:\/\/comunidad.comprasdominicana.gob.do\/\/Public\/Tendering\/OpportunityDetail\/Index?noticeUID=DO1.NTC.1593640\" target=\"_blank\" title=\"Detalles\"><i class=\"fas fa-2x fa-link\"><\/i><\/a><\/div><\/div><\/div><div class=\"jumbotron archivos\"><div class=\"row align-items-center\"><div class=\"col\"><h6><a class=\"text-dark\" href=\"https:\/\/comunidad.comprasdominicana.gob.do\/\/Public\/Tendering\/OpportunityDetail\/Index?noticeUID=DO1.NTC.1593180\" title=\"Ver\" target=\"_blank\">INESPRE-DAF-CD-2025-0056<\/a><\/h6><p class=\"mb-0 bold\">Pin en metal con logo Institucional (INESPRE)<\/p><p class=\"mb-0\" style=\"font-size: .85rem\"><strong title=\"Estado del Proceso\"><i class=\"fas fa-spinner\"><\/i><\/strong> Cancelado<\/p><p class=\"mb-0\" style=\"font-size: .85rem\"><strong title=\"Fecha de Publicaci\u00f3n\"><i class=\"fas fa-calendar-alt\"><\/i><\/strong> Publicado el mi\u00e9rcoles, 13 de agosto de 2025<\/p><\/div><div class=\"col-auto mt-md-0 mt-2\"><a class=\"btn btn-primary btn-lg px-lg-4 d-none d-md-block\" href=\"https:\/\/comunidad.comprasdominicana.gob.do\/\/Public\/Tendering\/OpportunityDetail\/Index?noticeUID=DO1.NTC.1593180\" target=\"_blank\" title=\"Detalles\"><i class=\"fas fa-link\"><\/i> DETALLES<\/a><a class=\"btn btn-primary btn-lg px-lg-4 d-block d-md-none\" href=\"https:\/\/comunidad.comprasdominicana.gob.do\/\/Public\/Tendering\/OpportunityDetail\/Index?noticeUID=DO1.NTC.1593180\" target=\"_blank\" title=\"Detalles\"><i class=\"fas fa-2x fa-link\"><\/i><\/a><\/div><\/div><\/div><div class=\"jumbotron archivos\"><div class=\"row align-items-center\"><div class=\"col\"><h6><a class=\"text-dark\" href=\"https:\/\/comunidad.comprasdominicana.gob.do\/\/Public\/Tendering\/OpportunityDetail\/Index?noticeUID=DO1.NTC.1592845\" title=\"Ver\" target=\"_blank\">INESPRE-DAF-CD-2025-0054<\/a><\/h6><p class=\"mb-0 bold\">Adquisici\u00f3n de Barrera Vehicular con Asta de 4.5 M para Oficinas de la Direcci\u00f3n de Abastecimiento, Log\u00edstica y Distribuci\u00f3n (INESPRE).<\/p><p class=\"mb-0\" style=\"font-size: .85rem\"><strong title=\"Estado del Proceso\"><i class=\"fas fa-spinner\"><\/i><\/strong> Proceso adjudicado y celebrado<\/p><p class=\"mb-0\" style=\"font-size: .85rem\"><strong title=\"Fecha de Publicaci\u00f3n\"><i class=\"fas fa-calendar-alt\"><\/i><\/strong> Publicado el mi\u00e9rcoles, 13 de agosto de 2025<\/p><\/div><div class=\"col-auto mt-md-0 mt-2\"><a class=\"btn btn-primary btn-lg px-lg-4 d-none d-md-block\" href=\"https:\/\/comunidad.comprasdominicana.gob.do\/\/Public\/Tendering\/OpportunityDetail\/Index?noticeUID=DO1.NTC.1592845\" target=\"_blank\" title=\"Detalles\"><i class=\"fas fa-link\"><\/i> DETALLES<\/a><a class=\"btn btn-primary btn-lg px-lg-4 d-block d-md-none\" href=\"https:\/\/comunidad.comprasdominicana.gob.do\/\/Public\/Tendering\/OpportunityDetail\/Index?noticeUID=DO1.NTC.1592845\" target=\"_blank\" title=\"Detalles\"><i class=\"fas fa-2x fa-link\"><\/i><\/a><\/div><\/div><\/div><div class=\"jumbotron archivos\"><div class=\"row align-items-center\"><div class=\"col\"><h6><a class=\"text-dark\" href=\"https:\/\/comunidad.comprasdominicana.gob.do\/\/Public\/Tendering\/OpportunityDetail\/Index?noticeUID=DO1.NTC.1593159\" title=\"Ver\" target=\"_blank\">INESPRE-DAF-CD-2025-0060<\/a><\/h6><p class=\"mb-0 bold\">Adquisici\u00f3n de Basculas de mesa (balanza mecanica) para ser utilizada en la Direcci\u00f3n de Abastecimiento, Log\u00edstica y Distribuci\u00f3n en INESPRE de Herrera <\/p><p class=\"mb-0\" style=\"font-size: .85rem\"><strong title=\"Estado del Proceso\"><i class=\"fas fa-spinner\"><\/i><\/strong> Proceso adjudicado y celebrado<\/p><p class=\"mb-0\" style=\"font-size: .85rem\"><strong title=\"Fecha de Publicaci\u00f3n\"><i class=\"fas fa-calendar-alt\"><\/i><\/strong> Publicado el mi\u00e9rcoles, 13 de agosto de 2025<\/p><\/div><div class=\"col-auto mt-md-0 mt-2\"><a class=\"btn btn-primary btn-lg px-lg-4 d-none d-md-block\" href=\"https:\/\/comunidad.comprasdominicana.gob.do\/\/Public\/Tendering\/OpportunityDetail\/Index?noticeUID=DO1.NTC.1593159\" target=\"_blank\" title=\"Detalles\"><i class=\"fas fa-link\"><\/i> DETALLES<\/a><a class=\"btn btn-primary btn-lg px-lg-4 d-block d-md-none\" href=\"https:\/\/comunidad.comprasdominicana.gob.do\/\/Public\/Tendering\/OpportunityDetail\/Index?noticeUID=DO1.NTC.1593159\" target=\"_blank\" title=\"Detalles\"><i class=\"fas fa-2x fa-link\"><\/i><\/a><\/div><\/div><\/div><div class=\"jumbotron archivos\"><div class=\"row align-items-center\"><div class=\"col\"><h6><a class=\"text-dark\" href=\"https:\/\/comunidad.comprasdominicana.gob.do\/\/Public\/Tendering\/OpportunityDetail\/Index?noticeUID=DO1.NTC.1592914\" title=\"Ver\" target=\"_blank\">INESPRE-DAF-CD-2025-0058<\/a><\/h6><p class=\"mb-0 bold\">Adquisici\u00f3n de hidrolavadora con motor de gasolina para ser utilizado en la Direcci\u00f3n de Abastecimiento, Log\u00edstica y Distribuci\u00f3n en Herrera <\/p><p class=\"mb-0\" style=\"font-size: .85rem\"><strong title=\"Estado del Proceso\"><i class=\"fas fa-spinner\"><\/i><\/strong> Proceso adjudicado y celebrado<\/p><p class=\"mb-0\" style=\"font-size: .85rem\"><strong title=\"Fecha de Publicaci\u00f3n\"><i class=\"fas fa-calendar-alt\"><\/i><\/strong> Publicado el mi\u00e9rcoles, 13 de agosto de 2025<\/p><\/div><div class=\"col-auto mt-md-0 mt-2\"><a class=\"btn btn-primary btn-lg px-lg-4 d-none d-md-block\" href=\"https:\/\/comunidad.comprasdominicana.gob.do\/\/Public\/Tendering\/OpportunityDetail\/Index?noticeUID=DO1.NTC.1592914\" target=\"_blank\" title=\"Detalles\"><i class=\"fas fa-link\"><\/i> DETALLES<\/a><a class=\"btn btn-primary btn-lg px-lg-4 d-block d-md-none\" href=\"https:\/\/comunidad.comprasdominicana.gob.do\/\/Public\/Tendering\/OpportunityDetail\/Index?noticeUID=DO1.NTC.1592914\" target=\"_blank\" title=\"Detalles\"><i class=\"fas fa-2x fa-link\"><\/i><\/a><\/div><\/div><\/div><div class=\"jumbotron archivos\"><div class=\"row align-items-center\"><div class=\"col\"><h6><a class=\"text-dark\" href=\"https:\/\/comunidad.comprasdominicana.gob.do\/\/Public\/Tendering\/OpportunityDetail\/Index?noticeUID=DO1.NTC.1592209\" title=\"Ver\" target=\"_blank\">INESPRE-DAF-CD-2025-0055<\/a><\/h6><p class=\"mb-0 bold\">Adquisici\u00f3n de Basculas de mesa (balanza mecanica) para ser utilizada en la Direcci\u00f3n de Abastecimiento, Log\u00edstica y Distribuci\u00f3n en INESPRE de Herrera <\/p><p class=\"mb-0\" style=\"font-size: .85rem\"><strong title=\"Estado del Proceso\"><i class=\"fas fa-spinner\"><\/i><\/strong> Cancelado<\/p><p class=\"mb-0\" style=\"font-size: .85rem\"><strong title=\"Fecha de Publicaci\u00f3n\"><i class=\"fas fa-calendar-alt\"><\/i><\/strong> Publicado el martes, 12 de agosto de 2025<\/p><\/div><div class=\"col-auto mt-md-0 mt-2\"><a class=\"btn btn-primary btn-lg px-lg-4 d-none d-md-block\" href=\"https:\/\/comunidad.comprasdominicana.gob.do\/\/Public\/Tendering\/OpportunityDetail\/Index?noticeUID=DO1.NTC.1592209\" target=\"_blank\" title=\"Detalles\"><i class=\"fas fa-link\"><\/i> DETALLES<\/a><a class=\"btn btn-primary btn-lg px-lg-4 d-block d-md-none\" href=\"https:\/\/comunidad.comprasdominicana.gob.do\/\/Public\/Tendering\/OpportunityDetail\/Index?noticeUID=DO1.NTC.1592209\" target=\"_blank\" title=\"Detalles\"><i class=\"fas fa-2x fa-link\"><\/i><\/a><\/div><\/div><\/div><\/div><\/div><\/div>\n        <div class=\"card\">\n            <div class=\"card-header parents\" id=\"heading_compras-por-debajo-del-umbral-69f73f7454400-2025-69f73f7454400-julio-69f73f7454400\">\n                <p class=\"title text-blue mb-0\">\n                    <a class=\"btn-block hover text-left collapsed\" data-toggle=\"collapse\" data-target=\"#collap_compras-por-debajo-del-umbral-69f73f7454400-2025-69f73f7454400-julio-69f73f7454400\" aria-expanded=\"false\" aria-controls=\"collap_compras-por-debajo-del-umbral-69f73f7454400-2025-69f73f7454400-julio-69f73f7454400\">Julio<\/a>\n                <\/p>\n            <\/div>\n            <div id=\"collap_compras-por-debajo-del-umbral-69f73f7454400-2025-69f73f7454400-julio-69f73f7454400\" class=\"collapse\" aria-labelledby=\"heading_compras-por-debajo-del-umbral-69f73f7454400-2025-69f73f7454400-julio-69f73f7454400\" data-parent=\"#collap_compras-por-debajo-del-umbral-69f73f7454400-2025-69f73f7454400\">\n                <div class=\"card-body\"><div class=\"jumbotron archivos\"><div class=\"row align-items-center\"><div class=\"col\"><h6><a class=\"text-dark\" href=\"https:\/\/comunidad.comprasdominicana.gob.do\/\/Public\/Tendering\/OpportunityDetail\/Index?noticeUID=DO1.NTC.1586558\" title=\"Ver\" target=\"_blank\">INESPRE-DAF-CD-2025-0053<\/a><\/h6><p class=\"mb-0 bold\">Servicio de recarga Electr\u00f3nica Paso R\u00e1pido para uso de Veh\u00edculos de la Instituci\u00f3n (INESPRE).  <\/p><p class=\"mb-0\" style=\"font-size: .85rem\"><strong title=\"Estado del Proceso\"><i class=\"fas fa-spinner\"><\/i><\/strong> Proceso adjudicado y celebrado<\/p><p class=\"mb-0\" style=\"font-size: .85rem\"><strong title=\"Fecha de Publicaci\u00f3n\"><i class=\"fas fa-calendar-alt\"><\/i><\/strong> Publicado el mi\u00e9rcoles, 30 de julio de 2025<\/p><\/div><div class=\"col-auto mt-md-0 mt-2\"><a class=\"btn btn-primary btn-lg px-lg-4 d-none d-md-block\" href=\"https:\/\/comunidad.comprasdominicana.gob.do\/\/Public\/Tendering\/OpportunityDetail\/Index?noticeUID=DO1.NTC.1586558\" target=\"_blank\" title=\"Detalles\"><i class=\"fas fa-link\"><\/i> DETALLES<\/a><a class=\"btn btn-primary btn-lg px-lg-4 d-block d-md-none\" href=\"https:\/\/comunidad.comprasdominicana.gob.do\/\/Public\/Tendering\/OpportunityDetail\/Index?noticeUID=DO1.NTC.1586558\" target=\"_blank\" title=\"Detalles\"><i class=\"fas fa-2x fa-link\"><\/i><\/a><\/div><\/div><\/div><div class=\"jumbotron archivos\"><div class=\"row align-items-center\"><div class=\"col\"><h6><a class=\"text-dark\" href=\"https:\/\/comunidad.comprasdominicana.gob.do\/\/Public\/Tendering\/OpportunityDetail\/Index?noticeUID=DO1.NTC.1583518\" title=\"Ver\" target=\"_blank\">INESPRE-DAF-CD-2025-0051<\/a><\/h6><p class=\"mb-0 bold\">Adquisici\u00f3n botellitas de agua purificada para diferentes \u00e1reas de la Instituci\u00f3n (INESPRE).                <\/p><p class=\"mb-0\" style=\"font-size: .85rem\"><strong title=\"Estado del Proceso\"><i class=\"fas fa-spinner\"><\/i><\/strong> Proceso adjudicado y celebrado<\/p><p class=\"mb-0\" style=\"font-size: .85rem\"><strong title=\"Fecha de Publicaci\u00f3n\"><i class=\"fas fa-calendar-alt\"><\/i><\/strong> Publicado el mi\u00e9rcoles, 23 de julio de 2025<\/p><\/div><div class=\"col-auto mt-md-0 mt-2\"><a class=\"btn btn-primary btn-lg px-lg-4 d-none d-md-block\" href=\"https:\/\/comunidad.comprasdominicana.gob.do\/\/Public\/Tendering\/OpportunityDetail\/Index?noticeUID=DO1.NTC.1583518\" target=\"_blank\" title=\"Detalles\"><i class=\"fas fa-link\"><\/i> DETALLES<\/a><a class=\"btn btn-primary btn-lg px-lg-4 d-block d-md-none\" href=\"https:\/\/comunidad.comprasdominicana.gob.do\/\/Public\/Tendering\/OpportunityDetail\/Index?noticeUID=DO1.NTC.1583518\" target=\"_blank\" title=\"Detalles\"><i class=\"fas fa-2x fa-link\"><\/i><\/a><\/div><\/div><\/div><div class=\"jumbotron archivos\"><div class=\"row align-items-center\"><div class=\"col\"><h6><a class=\"text-dark\" href=\"https:\/\/comunidad.comprasdominicana.gob.do\/\/Public\/Tendering\/OpportunityDetail\/Index?noticeUID=DO1.NTC.1579612\" title=\"Ver\" target=\"_blank\">INESPRE-DAF-CD-2025-0050<\/a><\/h6><p class=\"mb-0 bold\">Adquisici\u00f3n de bater\u00edas para ser utilizadas en Generador El\u00e9ctrico, Camiones Hyundai y Nissan de la Instituci\u00f3n.<\/p><p class=\"mb-0\" style=\"font-size: .85rem\"><strong title=\"Estado del Proceso\"><i class=\"fas fa-spinner\"><\/i><\/strong> Proceso adjudicado y celebrado<\/p><p class=\"mb-0\" style=\"font-size: .85rem\"><strong title=\"Fecha de Publicaci\u00f3n\"><i class=\"fas fa-calendar-alt\"><\/i><\/strong> Publicado el martes, 15 de julio de 2025<\/p><\/div><div class=\"col-auto mt-md-0 mt-2\"><a class=\"btn btn-primary btn-lg px-lg-4 d-none d-md-block\" href=\"https:\/\/comunidad.comprasdominicana.gob.do\/\/Public\/Tendering\/OpportunityDetail\/Index?noticeUID=DO1.NTC.1579612\" target=\"_blank\" title=\"Detalles\"><i class=\"fas fa-link\"><\/i> DETALLES<\/a><a class=\"btn btn-primary btn-lg px-lg-4 d-block d-md-none\" href=\"https:\/\/comunidad.comprasdominicana.gob.do\/\/Public\/Tendering\/OpportunityDetail\/Index?noticeUID=DO1.NTC.1579612\" target=\"_blank\" title=\"Detalles\"><i class=\"fas fa-2x fa-link\"><\/i><\/a><\/div><\/div><\/div><\/div><\/div><\/div>\n        <div class=\"card\">\n            <div class=\"card-header parents\" id=\"heading_compras-por-debajo-del-umbral-69f73f7454400-2025-69f73f7454400-junio-69f73f7454400\">\n                <p class=\"title text-blue mb-0\">\n                    <a class=\"btn-block hover text-left collapsed\" data-toggle=\"collapse\" data-target=\"#collap_compras-por-debajo-del-umbral-69f73f7454400-2025-69f73f7454400-junio-69f73f7454400\" aria-expanded=\"false\" aria-controls=\"collap_compras-por-debajo-del-umbral-69f73f7454400-2025-69f73f7454400-junio-69f73f7454400\">Junio<\/a>\n                <\/p>\n            <\/div>\n            <div id=\"collap_compras-por-debajo-del-umbral-69f73f7454400-2025-69f73f7454400-junio-69f73f7454400\" class=\"collapse\" aria-labelledby=\"heading_compras-por-debajo-del-umbral-69f73f7454400-2025-69f73f7454400-junio-69f73f7454400\" data-parent=\"#collap_compras-por-debajo-del-umbral-69f73f7454400-2025-69f73f7454400\">\n                <div class=\"card-body\"><div class=\"jumbotron archivos\"><div class=\"row align-items-center\"><div class=\"col\"><h6><a class=\"text-dark\" href=\"https:\/\/comunidad.comprasdominicana.gob.do\/\/Public\/Tendering\/OpportunityDetail\/Index?noticeUID=DO1.NTC.1572041\" title=\"Ver\" target=\"_blank\">INESPRE-DAF-CD-2025-0047<\/a><\/h6><p class=\"mb-0 bold\">Adquisici\u00f3n de bolsas en polipropileno blanco para uso en la instituci\u00f3n <\/p><p class=\"mb-0\" style=\"font-size: .85rem\"><strong title=\"Estado del Proceso\"><i class=\"fas fa-spinner\"><\/i><\/strong> Proceso adjudicado y celebrado<\/p><p class=\"mb-0\" style=\"font-size: .85rem\"><strong title=\"Fecha de Publicaci\u00f3n\"><i class=\"fas fa-calendar-alt\"><\/i><\/strong> Publicado el viernes, 27 de junio de 2025<\/p><\/div><div class=\"col-auto mt-md-0 mt-2\"><a class=\"btn btn-primary btn-lg px-lg-4 d-none d-md-block\" href=\"https:\/\/comunidad.comprasdominicana.gob.do\/\/Public\/Tendering\/OpportunityDetail\/Index?noticeUID=DO1.NTC.1572041\" target=\"_blank\" title=\"Detalles\"><i class=\"fas fa-link\"><\/i> DETALLES<\/a><a class=\"btn btn-primary btn-lg px-lg-4 d-block d-md-none\" href=\"https:\/\/comunidad.comprasdominicana.gob.do\/\/Public\/Tendering\/OpportunityDetail\/Index?noticeUID=DO1.NTC.1572041\" target=\"_blank\" title=\"Detalles\"><i class=\"fas fa-2x fa-link\"><\/i><\/a><\/div><\/div><\/div><div class=\"jumbotron archivos\"><div class=\"row align-items-center\"><div class=\"col\"><h6><a class=\"text-dark\" href=\"https:\/\/comunidad.comprasdominicana.gob.do\/\/Public\/Tendering\/OpportunityDetail\/Index?noticeUID=DO1.NTC.1571925\" title=\"Ver\" target=\"_blank\">INESPRE-DAF-CD-2025-0049<\/a><\/h6><p class=\"mb-0 bold\">Adquisici\u00f3n y suministros de herramientas diversas para diferentes areas de la Instituci\u00f3n (INESPRE)<\/p><p class=\"mb-0\" style=\"font-size: .85rem\"><strong title=\"Estado del Proceso\"><i class=\"fas fa-spinner\"><\/i><\/strong> Proceso adjudicado y celebrado<\/p><p class=\"mb-0\" style=\"font-size: .85rem\"><strong title=\"Fecha de Publicaci\u00f3n\"><i class=\"fas fa-calendar-alt\"><\/i><\/strong> Publicado el viernes, 27 de junio de 2025<\/p><\/div><div class=\"col-auto mt-md-0 mt-2\"><a class=\"btn btn-primary btn-lg px-lg-4 d-none d-md-block\" href=\"https:\/\/comunidad.comprasdominicana.gob.do\/\/Public\/Tendering\/OpportunityDetail\/Index?noticeUID=DO1.NTC.1571925\" target=\"_blank\" title=\"Detalles\"><i class=\"fas fa-link\"><\/i> DETALLES<\/a><a class=\"btn btn-primary btn-lg px-lg-4 d-block d-md-none\" href=\"https:\/\/comunidad.comprasdominicana.gob.do\/\/Public\/Tendering\/OpportunityDetail\/Index?noticeUID=DO1.NTC.1571925\" target=\"_blank\" title=\"Detalles\"><i class=\"fas fa-2x fa-link\"><\/i><\/a><\/div><\/div><\/div><div class=\"jumbotron archivos\"><div class=\"row align-items-center\"><div class=\"col\"><h6><a class=\"text-dark\" href=\"https:\/\/comunidad.comprasdominicana.gob.do\/\/Public\/Tendering\/OpportunityDetail\/Index?noticeUID=DO1.NTC.1567714\" title=\"Ver\" target=\"_blank\">INESPRE-DAF-CD-2025-0046<\/a><\/h6><p class=\"mb-0 bold\">Servicio de reparaci\u00f3n y mantenimiento puerta (shutter) estacionamiento \u00e1rea Direcci\u00f3n Ejecutiva dirigido a Mipyme.<\/p><p class=\"mb-0\" style=\"font-size: .85rem\"><strong title=\"Estado del Proceso\"><i class=\"fas fa-spinner\"><\/i><\/strong> Proceso adjudicado y celebrado<\/p><p class=\"mb-0\" style=\"font-size: .85rem\"><strong title=\"Fecha de Publicaci\u00f3n\"><i class=\"fas fa-calendar-alt\"><\/i><\/strong> Publicado el martes, 17 de junio de 2025<\/p><\/div><div class=\"col-auto mt-md-0 mt-2\"><a class=\"btn btn-primary btn-lg px-lg-4 d-none d-md-block\" href=\"https:\/\/comunidad.comprasdominicana.gob.do\/\/Public\/Tendering\/OpportunityDetail\/Index?noticeUID=DO1.NTC.1567714\" target=\"_blank\" title=\"Detalles\"><i class=\"fas fa-link\"><\/i> DETALLES<\/a><a class=\"btn btn-primary btn-lg px-lg-4 d-block d-md-none\" href=\"https:\/\/comunidad.comprasdominicana.gob.do\/\/Public\/Tendering\/OpportunityDetail\/Index?noticeUID=DO1.NTC.1567714\" target=\"_blank\" title=\"Detalles\"><i class=\"fas fa-2x fa-link\"><\/i><\/a><\/div><\/div><\/div><div class=\"jumbotron archivos\"><div class=\"row align-items-center\"><div class=\"col\"><h6><a class=\"text-dark\" href=\"https:\/\/comunidad.comprasdominicana.gob.do\/\/Public\/Tendering\/OpportunityDetail\/Index?noticeUID=DO1.NTC.1566130\" title=\"Ver\" target=\"_blank\">INESPRE-DAF-CD-2025-0045<\/a><\/h6><p class=\"mb-0 bold\">Adquisici\u00f3n y suministro material gastable y equipos m\u00e9dicos para uso en las diferentes dependencias del INESPRE<\/p><p class=\"mb-0\" style=\"font-size: .85rem\"><strong title=\"Estado del Proceso\"><i class=\"fas fa-spinner\"><\/i><\/strong> Proceso adjudicado y celebrado<\/p><p class=\"mb-0\" style=\"font-size: .85rem\"><strong title=\"Fecha de Publicaci\u00f3n\"><i class=\"fas fa-calendar-alt\"><\/i><\/strong> Publicado el jueves, 12 de junio de 2025<\/p><\/div><div class=\"col-auto mt-md-0 mt-2\"><a class=\"btn btn-primary btn-lg px-lg-4 d-none d-md-block\" href=\"https:\/\/comunidad.comprasdominicana.gob.do\/\/Public\/Tendering\/OpportunityDetail\/Index?noticeUID=DO1.NTC.1566130\" target=\"_blank\" title=\"Detalles\"><i class=\"fas fa-link\"><\/i> DETALLES<\/a><a class=\"btn btn-primary btn-lg px-lg-4 d-block d-md-none\" href=\"https:\/\/comunidad.comprasdominicana.gob.do\/\/Public\/Tendering\/OpportunityDetail\/Index?noticeUID=DO1.NTC.1566130\" target=\"_blank\" title=\"Detalles\"><i class=\"fas fa-2x fa-link\"><\/i><\/a><\/div><\/div><\/div><div class=\"jumbotron archivos\"><div class=\"row align-items-center\"><div class=\"col\"><h6><a class=\"text-dark\" href=\"https:\/\/comunidad.comprasdominicana.gob.do\/\/Public\/Tendering\/OpportunityDetail\/Index?noticeUID=DO1.NTC.1563527\" title=\"Ver\" target=\"_blank\">INESPRE-DAF-CD-2025-0043<\/a><\/h6><p class=\"mb-0 bold\">Servicio de reparaci\u00f3n de radiador para generador de electricidad de 500 kw oficina principal<\/p><p class=\"mb-0\" style=\"font-size: .85rem\"><strong title=\"Estado del Proceso\"><i class=\"fas fa-spinner\"><\/i><\/strong> Proceso adjudicado y celebrado<\/p><p class=\"mb-0\" style=\"font-size: .85rem\"><strong title=\"Fecha de Publicaci\u00f3n\"><i class=\"fas fa-calendar-alt\"><\/i><\/strong> Publicado el viernes, 6 de junio de 2025<\/p><\/div><div class=\"col-auto mt-md-0 mt-2\"><a class=\"btn btn-primary btn-lg px-lg-4 d-none d-md-block\" href=\"https:\/\/comunidad.comprasdominicana.gob.do\/\/Public\/Tendering\/OpportunityDetail\/Index?noticeUID=DO1.NTC.1563527\" target=\"_blank\" title=\"Detalles\"><i class=\"fas fa-link\"><\/i> DETALLES<\/a><a class=\"btn btn-primary btn-lg px-lg-4 d-block d-md-none\" href=\"https:\/\/comunidad.comprasdominicana.gob.do\/\/Public\/Tendering\/OpportunityDetail\/Index?noticeUID=DO1.NTC.1563527\" target=\"_blank\" title=\"Detalles\"><i class=\"fas fa-2x fa-link\"><\/i><\/a><\/div><\/div><\/div><div class=\"jumbotron archivos\"><div class=\"row align-items-center\"><div class=\"col\"><h6><a class=\"text-dark\" href=\"https:\/\/comunidad.comprasdominicana.gob.do\/\/Public\/Tendering\/OpportunityDetail\/Index?noticeUID=DO1.NTC.1562308\" title=\"Ver\" target=\"_blank\">INESPRE-DAF-CD-2025-0044<\/a><\/h6><p class=\"mb-0 bold\">Adquisici\u00f3n y suministro de Tanque de Aceites y Filtros de Veh\u00edculo del INESPRE<\/p><p class=\"mb-0\" style=\"font-size: .85rem\"><strong title=\"Estado del Proceso\"><i class=\"fas fa-spinner\"><\/i><\/strong> Proceso adjudicado y celebrado<\/p><p class=\"mb-0\" style=\"font-size: .85rem\"><strong title=\"Fecha de Publicaci\u00f3n\"><i class=\"fas fa-calendar-alt\"><\/i><\/strong> Publicado el mi\u00e9rcoles, 4 de junio de 2025<\/p><\/div><div class=\"col-auto mt-md-0 mt-2\"><a class=\"btn btn-primary btn-lg px-lg-4 d-none d-md-block\" href=\"https:\/\/comunidad.comprasdominicana.gob.do\/\/Public\/Tendering\/OpportunityDetail\/Index?noticeUID=DO1.NTC.1562308\" target=\"_blank\" title=\"Detalles\"><i class=\"fas fa-link\"><\/i> DETALLES<\/a><a class=\"btn btn-primary btn-lg px-lg-4 d-block d-md-none\" href=\"https:\/\/comunidad.comprasdominicana.gob.do\/\/Public\/Tendering\/OpportunityDetail\/Index?noticeUID=DO1.NTC.1562308\" target=\"_blank\" title=\"Detalles\"><i class=\"fas fa-2x fa-link\"><\/i><\/a><\/div><\/div><\/div><\/div><\/div><\/div>\n        <div class=\"card\">\n            <div class=\"card-header parents\" id=\"heading_compras-por-debajo-del-umbral-69f73f7454400-2025-69f73f7454400-mayo-69f73f7454400\">\n                <p class=\"title text-blue mb-0\">\n                    <a class=\"btn-block hover text-left collapsed\" data-toggle=\"collapse\" data-target=\"#collap_compras-por-debajo-del-umbral-69f73f7454400-2025-69f73f7454400-mayo-69f73f7454400\" aria-expanded=\"false\" aria-controls=\"collap_compras-por-debajo-del-umbral-69f73f7454400-2025-69f73f7454400-mayo-69f73f7454400\">Mayo<\/a>\n                <\/p>\n            <\/div>\n            <div id=\"collap_compras-por-debajo-del-umbral-69f73f7454400-2025-69f73f7454400-mayo-69f73f7454400\" class=\"collapse\" aria-labelledby=\"heading_compras-por-debajo-del-umbral-69f73f7454400-2025-69f73f7454400-mayo-69f73f7454400\" data-parent=\"#collap_compras-por-debajo-del-umbral-69f73f7454400-2025-69f73f7454400\">\n                <div class=\"card-body\"><div class=\"jumbotron archivos\"><div class=\"row align-items-center\"><div class=\"col\"><h6><a class=\"text-dark\" href=\"https:\/\/comunidad.comprasdominicana.gob.do\/\/Public\/Tendering\/OpportunityDetail\/Index?noticeUID=DO1.NTC.1559730\" title=\"Ver\" target=\"_blank\">INESPRE-DAF-CD-2025-0041<\/a><\/h6><p class=\"mb-0 bold\">Adquisicion y Suministro de Material Gastable de Oficina para uso diferentes dependencias del INESPRE.<\/p><p class=\"mb-0\" style=\"font-size: .85rem\"><strong title=\"Estado del Proceso\"><i class=\"fas fa-spinner\"><\/i><\/strong> Proceso adjudicado y celebrado<\/p><p class=\"mb-0\" style=\"font-size: .85rem\"><strong title=\"Fecha de Publicaci\u00f3n\"><i class=\"fas fa-calendar-alt\"><\/i><\/strong> Publicado el jueves, 29 de mayo de 2025<\/p><\/div><div class=\"col-auto mt-md-0 mt-2\"><a class=\"btn btn-primary btn-lg px-lg-4 d-none d-md-block\" href=\"https:\/\/comunidad.comprasdominicana.gob.do\/\/Public\/Tendering\/OpportunityDetail\/Index?noticeUID=DO1.NTC.1559730\" target=\"_blank\" title=\"Detalles\"><i class=\"fas fa-link\"><\/i> DETALLES<\/a><a class=\"btn btn-primary btn-lg px-lg-4 d-block d-md-none\" href=\"https:\/\/comunidad.comprasdominicana.gob.do\/\/Public\/Tendering\/OpportunityDetail\/Index?noticeUID=DO1.NTC.1559730\" target=\"_blank\" title=\"Detalles\"><i class=\"fas fa-2x fa-link\"><\/i><\/a><\/div><\/div><\/div><div class=\"jumbotron archivos\"><div class=\"row align-items-center\"><div class=\"col\"><h6><a class=\"text-dark\" href=\"https:\/\/comunidad.comprasdominicana.gob.do\/\/Public\/Tendering\/OpportunityDetail\/Index?noticeUID=DO1.NTC.1557048\" title=\"Ver\" target=\"_blank\">INESPRE-DAF-CD-2025-0040<\/a><\/h6><p class=\"mb-0 bold\">Servicio de alquiler de camiones refrigerados para uso en las ferias Madres 2025 INESPRE en las diferentes provincias.<\/p><p class=\"mb-0\" style=\"font-size: .85rem\"><strong title=\"Estado del Proceso\"><i class=\"fas fa-spinner\"><\/i><\/strong> Proceso adjudicado y celebrado<\/p><p class=\"mb-0\" style=\"font-size: .85rem\"><strong title=\"Fecha de Publicaci\u00f3n\"><i class=\"fas fa-calendar-alt\"><\/i><\/strong> Publicado el jueves, 22 de mayo de 2025<\/p><\/div><div class=\"col-auto mt-md-0 mt-2\"><a class=\"btn btn-primary btn-lg px-lg-4 d-none d-md-block\" href=\"https:\/\/comunidad.comprasdominicana.gob.do\/\/Public\/Tendering\/OpportunityDetail\/Index?noticeUID=DO1.NTC.1557048\" target=\"_blank\" title=\"Detalles\"><i class=\"fas fa-link\"><\/i> DETALLES<\/a><a class=\"btn btn-primary btn-lg px-lg-4 d-block d-md-none\" href=\"https:\/\/comunidad.comprasdominicana.gob.do\/\/Public\/Tendering\/OpportunityDetail\/Index?noticeUID=DO1.NTC.1557048\" target=\"_blank\" title=\"Detalles\"><i class=\"fas fa-2x fa-link\"><\/i><\/a><\/div><\/div><\/div><div class=\"jumbotron archivos\"><div class=\"row align-items-center\"><div class=\"col\"><h6><a class=\"text-dark\" href=\"https:\/\/comunidad.comprasdominicana.gob.do\/\/Public\/Tendering\/OpportunityDetail\/Index?noticeUID=DO1.NTC.1556913\" title=\"Ver\" target=\"_blank\">INESPRE-DAF-CD-2025-0039<\/a><\/h6><p class=\"mb-0 bold\">Adquisici\u00f3n de mesas y sillas pl\u00e1sticas para ser utilizadas en las ferias \u00b4\u00b4INESPRE con las Madres\u00b4\u00b4, dirigido a Mipyme<\/p><p class=\"mb-0\" style=\"font-size: .85rem\"><strong title=\"Estado del Proceso\"><i class=\"fas fa-spinner\"><\/i><\/strong> Proceso adjudicado y celebrado<\/p><p class=\"mb-0\" style=\"font-size: .85rem\"><strong title=\"Fecha de Publicaci\u00f3n\"><i class=\"fas fa-calendar-alt\"><\/i><\/strong> Publicado el jueves, 22 de mayo de 2025<\/p><\/div><div class=\"col-auto mt-md-0 mt-2\"><a class=\"btn btn-primary btn-lg px-lg-4 d-none d-md-block\" href=\"https:\/\/comunidad.comprasdominicana.gob.do\/\/Public\/Tendering\/OpportunityDetail\/Index?noticeUID=DO1.NTC.1556913\" target=\"_blank\" title=\"Detalles\"><i class=\"fas fa-link\"><\/i> DETALLES<\/a><a class=\"btn btn-primary btn-lg px-lg-4 d-block d-md-none\" href=\"https:\/\/comunidad.comprasdominicana.gob.do\/\/Public\/Tendering\/OpportunityDetail\/Index?noticeUID=DO1.NTC.1556913\" target=\"_blank\" title=\"Detalles\"><i class=\"fas fa-2x fa-link\"><\/i><\/a><\/div><\/div><\/div><div class=\"jumbotron archivos\"><div class=\"row align-items-center\"><div class=\"col\"><h6><a class=\"text-dark\" href=\"https:\/\/comunidad.comprasdominicana.gob.do\/\/Public\/Tendering\/OpportunityDetail\/Index?noticeUID=DO1.NTC.1555126\" title=\"Ver\" target=\"_blank\">INESPRE-DAF-CD-2025-0036<\/a><\/h6><p class=\"mb-0 bold\">Adquisici\u00f3n de alimentos y bebidas para consumo institucional<\/p><p class=\"mb-0\" style=\"font-size: .85rem\"><strong title=\"Estado del Proceso\"><i class=\"fas fa-spinner\"><\/i><\/strong> Proceso adjudicado y celebrado<\/p><p class=\"mb-0\" style=\"font-size: .85rem\"><strong title=\"Fecha de Publicaci\u00f3n\"><i class=\"fas fa-calendar-alt\"><\/i><\/strong> Publicado el lunes, 19 de mayo de 2025<\/p><\/div><div class=\"col-auto mt-md-0 mt-2\"><a class=\"btn btn-primary btn-lg px-lg-4 d-none d-md-block\" href=\"https:\/\/comunidad.comprasdominicana.gob.do\/\/Public\/Tendering\/OpportunityDetail\/Index?noticeUID=DO1.NTC.1555126\" target=\"_blank\" title=\"Detalles\"><i class=\"fas fa-link\"><\/i> DETALLES<\/a><a class=\"btn btn-primary btn-lg px-lg-4 d-block d-md-none\" href=\"https:\/\/comunidad.comprasdominicana.gob.do\/\/Public\/Tendering\/OpportunityDetail\/Index?noticeUID=DO1.NTC.1555126\" target=\"_blank\" title=\"Detalles\"><i class=\"fas fa-2x fa-link\"><\/i><\/a><\/div><\/div><\/div><div class=\"jumbotron archivos\"><div class=\"row align-items-center\"><div class=\"col\"><h6><a class=\"text-dark\" href=\"https:\/\/comunidad.comprasdominicana.gob.do\/\/Public\/Tendering\/OpportunityDetail\/Index?noticeUID=DO1.NTC.1555209\" title=\"Ver\" target=\"_blank\">INESPRE-DAF-CD-2025-0034<\/a><\/h6><p class=\"mb-0 bold\">Adquisici\u00f3n de Utensilios de Cocina para uso en la Direcci\u00f3n Ejecutiva del INESPRE.<\/p><p class=\"mb-0\" style=\"font-size: .85rem\"><strong title=\"Estado del Proceso\"><i class=\"fas fa-spinner\"><\/i><\/strong> Proceso adjudicado y celebrado<\/p><p class=\"mb-0\" style=\"font-size: .85rem\"><strong title=\"Fecha de Publicaci\u00f3n\"><i class=\"fas fa-calendar-alt\"><\/i><\/strong> Publicado el lunes, 19 de mayo de 2025<\/p><\/div><div class=\"col-auto mt-md-0 mt-2\"><a class=\"btn btn-primary btn-lg px-lg-4 d-none d-md-block\" href=\"https:\/\/comunidad.comprasdominicana.gob.do\/\/Public\/Tendering\/OpportunityDetail\/Index?noticeUID=DO1.NTC.1555209\" target=\"_blank\" title=\"Detalles\"><i class=\"fas fa-link\"><\/i> DETALLES<\/a><a class=\"btn btn-primary btn-lg px-lg-4 d-block d-md-none\" href=\"https:\/\/comunidad.comprasdominicana.gob.do\/\/Public\/Tendering\/OpportunityDetail\/Index?noticeUID=DO1.NTC.1555209\" target=\"_blank\" title=\"Detalles\"><i class=\"fas fa-2x fa-link\"><\/i><\/a><\/div><\/div><\/div><div class=\"jumbotron archivos\"><div class=\"row align-items-center\"><div class=\"col\"><h6><a class=\"text-dark\" href=\"https:\/\/comunidad.comprasdominicana.gob.do\/\/Public\/Tendering\/OpportunityDetail\/Index?noticeUID=DO1.NTC.1554329\" title=\"Ver\" target=\"_blank\">INESPRE-DAF-CD-2025-0035<\/a><\/h6><p class=\"mb-0 bold\">Servicio de Refrigerio pre-empacado para ser utilizado en la auditoria interna<\/p><p class=\"mb-0\" style=\"font-size: .85rem\"><strong title=\"Estado del Proceso\"><i class=\"fas fa-spinner\"><\/i><\/strong> Proceso adjudicado y celebrado<\/p><p class=\"mb-0\" style=\"font-size: .85rem\"><strong title=\"Fecha de Publicaci\u00f3n\"><i class=\"fas fa-calendar-alt\"><\/i><\/strong> Publicado el viernes, 16 de mayo de 2025<\/p><\/div><div class=\"col-auto mt-md-0 mt-2\"><a class=\"btn btn-primary btn-lg px-lg-4 d-none d-md-block\" href=\"https:\/\/comunidad.comprasdominicana.gob.do\/\/Public\/Tendering\/OpportunityDetail\/Index?noticeUID=DO1.NTC.1554329\" target=\"_blank\" title=\"Detalles\"><i class=\"fas fa-link\"><\/i> DETALLES<\/a><a class=\"btn btn-primary btn-lg px-lg-4 d-block d-md-none\" href=\"https:\/\/comunidad.comprasdominicana.gob.do\/\/Public\/Tendering\/OpportunityDetail\/Index?noticeUID=DO1.NTC.1554329\" target=\"_blank\" title=\"Detalles\"><i class=\"fas fa-2x fa-link\"><\/i><\/a><\/div><\/div><\/div><div class=\"jumbotron archivos\"><div class=\"row align-items-center\"><div class=\"col\"><h6><a class=\"text-dark\" href=\"https:\/\/comunidad.comprasdominicana.gob.do\/\/Public\/Tendering\/OpportunityDetail\/Index?noticeUID=DO1.NTC.1554128\" title=\"Ver\" target=\"_blank\">INESPRE-DAF-CD-2025-0038<\/a><\/h6><p class=\"mb-0 bold\">Servicio de dise\u00f1o de banners para las ferias\u00b4\u00b4INESPRE con las Madres 2025<\/p><p class=\"mb-0\" style=\"font-size: .85rem\"><strong title=\"Estado del Proceso\"><i class=\"fas fa-spinner\"><\/i><\/strong> Proceso adjudicado y celebrado<\/p><p class=\"mb-0\" style=\"font-size: .85rem\"><strong title=\"Fecha de Publicaci\u00f3n\"><i class=\"fas fa-calendar-alt\"><\/i><\/strong> Publicado el viernes, 16 de mayo de 2025<\/p><\/div><div class=\"col-auto mt-md-0 mt-2\"><a class=\"btn btn-primary btn-lg px-lg-4 d-none d-md-block\" href=\"https:\/\/comunidad.comprasdominicana.gob.do\/\/Public\/Tendering\/OpportunityDetail\/Index?noticeUID=DO1.NTC.1554128\" target=\"_blank\" title=\"Detalles\"><i class=\"fas fa-link\"><\/i> DETALLES<\/a><a class=\"btn btn-primary btn-lg px-lg-4 d-block d-md-none\" href=\"https:\/\/comunidad.comprasdominicana.gob.do\/\/Public\/Tendering\/OpportunityDetail\/Index?noticeUID=DO1.NTC.1554128\" target=\"_blank\" title=\"Detalles\"><i class=\"fas fa-2x fa-link\"><\/i><\/a><\/div><\/div><\/div><div class=\"jumbotron archivos\"><div class=\"row align-items-center\"><div class=\"col\"><h6><a class=\"text-dark\" href=\"https:\/\/comunidad.comprasdominicana.gob.do\/\/Public\/Tendering\/OpportunityDetail\/Index?noticeUID=DO1.NTC.1552152\" title=\"Ver\" target=\"_blank\">INESPRE-DAF-CD-2025-0033<\/a><\/h6><p class=\"mb-0 bold\">Adquisici\u00f3n de agua embotellada<\/p><p class=\"mb-0\" style=\"font-size: .85rem\"><strong title=\"Estado del Proceso\"><i class=\"fas fa-spinner\"><\/i><\/strong> Proceso adjudicado y celebrado<\/p><p class=\"mb-0\" style=\"font-size: .85rem\"><strong title=\"Fecha de Publicaci\u00f3n\"><i class=\"fas fa-calendar-alt\"><\/i><\/strong> Publicado el lunes, 12 de mayo de 2025<\/p><\/div><div class=\"col-auto mt-md-0 mt-2\"><a class=\"btn btn-primary btn-lg px-lg-4 d-none d-md-block\" href=\"https:\/\/comunidad.comprasdominicana.gob.do\/\/Public\/Tendering\/OpportunityDetail\/Index?noticeUID=DO1.NTC.1552152\" target=\"_blank\" title=\"Detalles\"><i class=\"fas fa-link\"><\/i> DETALLES<\/a><a class=\"btn btn-primary btn-lg px-lg-4 d-block d-md-none\" href=\"https:\/\/comunidad.comprasdominicana.gob.do\/\/Public\/Tendering\/OpportunityDetail\/Index?noticeUID=DO1.NTC.1552152\" target=\"_blank\" title=\"Detalles\"><i class=\"fas fa-2x fa-link\"><\/i><\/a><\/div><\/div><\/div><div class=\"jumbotron archivos\"><div class=\"row align-items-center\"><div class=\"col\"><h6><a class=\"text-dark\" href=\"https:\/\/comunidad.comprasdominicana.gob.do\/\/Public\/Tendering\/OpportunityDetail\/Index?noticeUID=DO1.NTC.1549215\" title=\"Ver\" target=\"_blank\">INESPRE-DAF-CD-2025-0031<\/a><\/h6><p class=\"mb-0 bold\">Servicio de reparaci\u00f3n de aire acondicionado de camioneta dirigido a Mipyme<\/p><p class=\"mb-0\" style=\"font-size: .85rem\"><strong title=\"Estado del Proceso\"><i class=\"fas fa-spinner\"><\/i><\/strong> Proceso adjudicado y celebrado<\/p><p class=\"mb-0\" style=\"font-size: .85rem\"><strong title=\"Fecha de Publicaci\u00f3n\"><i class=\"fas fa-calendar-alt\"><\/i><\/strong> Publicado el martes, 6 de mayo de 2025<\/p><\/div><div class=\"col-auto mt-md-0 mt-2\"><a class=\"btn btn-primary btn-lg px-lg-4 d-none d-md-block\" href=\"https:\/\/comunidad.comprasdominicana.gob.do\/\/Public\/Tendering\/OpportunityDetail\/Index?noticeUID=DO1.NTC.1549215\" target=\"_blank\" title=\"Detalles\"><i class=\"fas fa-link\"><\/i> DETALLES<\/a><a class=\"btn btn-primary btn-lg px-lg-4 d-block d-md-none\" href=\"https:\/\/comunidad.comprasdominicana.gob.do\/\/Public\/Tendering\/OpportunityDetail\/Index?noticeUID=DO1.NTC.1549215\" target=\"_blank\" title=\"Detalles\"><i class=\"fas fa-2x fa-link\"><\/i><\/a><\/div><\/div><\/div><\/div><\/div><\/div>\n        <div class=\"card\">\n            <div class=\"card-header parents\" id=\"heading_compras-por-debajo-del-umbral-69f73f7454400-2025-69f73f7454400-abril-69f73f7454400\">\n                <p class=\"title text-blue mb-0\">\n                    <a class=\"btn-block hover text-left collapsed\" data-toggle=\"collapse\" data-target=\"#collap_compras-por-debajo-del-umbral-69f73f7454400-2025-69f73f7454400-abril-69f73f7454400\" aria-expanded=\"false\" aria-controls=\"collap_compras-por-debajo-del-umbral-69f73f7454400-2025-69f73f7454400-abril-69f73f7454400\">Abril<\/a>\n                <\/p>\n            <\/div>\n            <div id=\"collap_compras-por-debajo-del-umbral-69f73f7454400-2025-69f73f7454400-abril-69f73f7454400\" class=\"collapse\" aria-labelledby=\"heading_compras-por-debajo-del-umbral-69f73f7454400-2025-69f73f7454400-abril-69f73f7454400\" data-parent=\"#collap_compras-por-debajo-del-umbral-69f73f7454400-2025-69f73f7454400\">\n                <div class=\"card-body\"><div class=\"jumbotron archivos\"><div class=\"row align-items-center\"><div class=\"col\"><h6><a class=\"text-dark\" href=\"https:\/\/comunidad.comprasdominicana.gob.do\/\/Public\/Tendering\/OpportunityDetail\/Index?noticeUID=DO1.NTC.1547219\" title=\"Ver\" target=\"_blank\">INESPRE-DAF-CD-2025-0030<\/a><\/h6><p class=\"mb-0 bold\">Adquisici\u00f3n de utensilios desechables <\/p><p class=\"mb-0\" style=\"font-size: .85rem\"><strong title=\"Estado del Proceso\"><i class=\"fas fa-spinner\"><\/i><\/strong> Proceso adjudicado y celebrado<\/p><p class=\"mb-0\" style=\"font-size: .85rem\"><strong title=\"Fecha de Publicaci\u00f3n\"><i class=\"fas fa-calendar-alt\"><\/i><\/strong> Publicado el mi\u00e9rcoles, 30 de abril de 2025<\/p><\/div><div class=\"col-auto mt-md-0 mt-2\"><a class=\"btn btn-primary btn-lg px-lg-4 d-none d-md-block\" href=\"https:\/\/comunidad.comprasdominicana.gob.do\/\/Public\/Tendering\/OpportunityDetail\/Index?noticeUID=DO1.NTC.1547219\" target=\"_blank\" title=\"Detalles\"><i class=\"fas fa-link\"><\/i> DETALLES<\/a><a class=\"btn btn-primary btn-lg px-lg-4 d-block d-md-none\" href=\"https:\/\/comunidad.comprasdominicana.gob.do\/\/Public\/Tendering\/OpportunityDetail\/Index?noticeUID=DO1.NTC.1547219\" target=\"_blank\" title=\"Detalles\"><i class=\"fas fa-2x fa-link\"><\/i><\/a><\/div><\/div><\/div><div class=\"jumbotron archivos\"><div class=\"row align-items-center\"><div class=\"col\"><h6><a class=\"text-dark\" href=\"https:\/\/comunidad.comprasdominicana.gob.do\/\/Public\/Tendering\/OpportunityDetail\/Index?noticeUID=DO1.NTC.1547120\" title=\"Ver\" target=\"_blank\">INESPRE-DAF-CD-2025-0029<\/a><\/h6><p class=\"mb-0 bold\">Adquisici\u00f3n de Banderas Institucional y Nacional<\/p><p class=\"mb-0\" style=\"font-size: .85rem\"><strong title=\"Estado del Proceso\"><i class=\"fas fa-spinner\"><\/i><\/strong> Proceso adjudicado y celebrado<\/p><p class=\"mb-0\" style=\"font-size: .85rem\"><strong title=\"Fecha de Publicaci\u00f3n\"><i class=\"fas fa-calendar-alt\"><\/i><\/strong> Publicado el mi\u00e9rcoles, 30 de abril de 2025<\/p><\/div><div class=\"col-auto mt-md-0 mt-2\"><a class=\"btn btn-primary btn-lg px-lg-4 d-none d-md-block\" href=\"https:\/\/comunidad.comprasdominicana.gob.do\/\/Public\/Tendering\/OpportunityDetail\/Index?noticeUID=DO1.NTC.1547120\" target=\"_blank\" title=\"Detalles\"><i class=\"fas fa-link\"><\/i> DETALLES<\/a><a class=\"btn btn-primary btn-lg px-lg-4 d-block d-md-none\" href=\"https:\/\/comunidad.comprasdominicana.gob.do\/\/Public\/Tendering\/OpportunityDetail\/Index?noticeUID=DO1.NTC.1547120\" target=\"_blank\" title=\"Detalles\"><i class=\"fas fa-2x fa-link\"><\/i><\/a><\/div><\/div><\/div><div class=\"jumbotron archivos\"><div class=\"row align-items-center\"><div class=\"col\"><h6><a class=\"text-dark\" href=\"https:\/\/comunidad.comprasdominicana.gob.do\/\/Public\/Tendering\/OpportunityDetail\/Index?noticeUID=DO1.NTC.1547117\" title=\"Ver\" target=\"_blank\">INESPRE-DAF-CD-2025-0027<\/a><\/h6><p class=\"mb-0 bold\">Adquisici\u00f3n de Control de Acceso dirigido a Mipyme<\/p><p class=\"mb-0\" style=\"font-size: .85rem\"><strong title=\"Estado del Proceso\"><i class=\"fas fa-spinner\"><\/i><\/strong> Proceso adjudicado y celebrado<\/p><p class=\"mb-0\" style=\"font-size: .85rem\"><strong title=\"Fecha de Publicaci\u00f3n\"><i class=\"fas fa-calendar-alt\"><\/i><\/strong> Publicado el mi\u00e9rcoles, 30 de abril de 2025<\/p><\/div><div class=\"col-auto mt-md-0 mt-2\"><a class=\"btn btn-primary btn-lg px-lg-4 d-none d-md-block\" href=\"https:\/\/comunidad.comprasdominicana.gob.do\/\/Public\/Tendering\/OpportunityDetail\/Index?noticeUID=DO1.NTC.1547117\" target=\"_blank\" title=\"Detalles\"><i class=\"fas fa-link\"><\/i> DETALLES<\/a><a class=\"btn btn-primary btn-lg px-lg-4 d-block d-md-none\" href=\"https:\/\/comunidad.comprasdominicana.gob.do\/\/Public\/Tendering\/OpportunityDetail\/Index?noticeUID=DO1.NTC.1547117\" target=\"_blank\" title=\"Detalles\"><i class=\"fas fa-2x fa-link\"><\/i><\/a><\/div><\/div><\/div><div class=\"jumbotron archivos\"><div class=\"row align-items-center\"><div class=\"col\"><h6><a class=\"text-dark\" href=\"https:\/\/comunidad.comprasdominicana.gob.do\/\/Public\/Tendering\/OpportunityDetail\/Index?noticeUID=DO1.NTC.1547618\" title=\"Ver\" target=\"_blank\">INESPRE-DAF-CD-2025-0028<\/a><\/h6><p class=\"mb-0 bold\">Contrataci\u00f3n de servicio de Auditor\u00eda Interna dirigido a Mipyme<\/p><p class=\"mb-0\" style=\"font-size: .85rem\"><strong title=\"Estado del Proceso\"><i class=\"fas fa-spinner\"><\/i><\/strong> Proceso adjudicado y celebrado<\/p><p class=\"mb-0\" style=\"font-size: .85rem\"><strong title=\"Fecha de Publicaci\u00f3n\"><i class=\"fas fa-calendar-alt\"><\/i><\/strong> Publicado el mi\u00e9rcoles, 30 de abril de 2025<\/p><\/div><div class=\"col-auto mt-md-0 mt-2\"><a class=\"btn btn-primary btn-lg px-lg-4 d-none d-md-block\" href=\"https:\/\/comunidad.comprasdominicana.gob.do\/\/Public\/Tendering\/OpportunityDetail\/Index?noticeUID=DO1.NTC.1547618\" target=\"_blank\" title=\"Detalles\"><i class=\"fas fa-link\"><\/i> DETALLES<\/a><a class=\"btn btn-primary btn-lg px-lg-4 d-block d-md-none\" href=\"https:\/\/comunidad.comprasdominicana.gob.do\/\/Public\/Tendering\/OpportunityDetail\/Index?noticeUID=DO1.NTC.1547618\" target=\"_blank\" title=\"Detalles\"><i class=\"fas fa-2x fa-link\"><\/i><\/a><\/div><\/div><\/div><div class=\"jumbotron archivos\"><div class=\"row align-items-center\"><div class=\"col\"><h6><a class=\"text-dark\" href=\"https:\/\/comunidad.comprasdominicana.gob.do\/\/Public\/Tendering\/OpportunityDetail\/Index?noticeUID=DO1.NTC.1545029\" title=\"Ver\" target=\"_blank\">INESPRE-DAF-CD-2025-0026<\/a><\/h6><p class=\"mb-0 bold\">Servicio de dise\u00f1o de banners para las ferias \u00b4\u00b4INESPRE Celebra con las Madres 2025\u00b4\u00b4 dirigido a Mipyme<\/p><p class=\"mb-0\" style=\"font-size: .85rem\"><strong title=\"Estado del Proceso\"><i class=\"fas fa-spinner\"><\/i><\/strong> Proceso adjudicado y celebrado<\/p><p class=\"mb-0\" style=\"font-size: .85rem\"><strong title=\"Fecha de Publicaci\u00f3n\"><i class=\"fas fa-calendar-alt\"><\/i><\/strong> Publicado el jueves, 24 de abril de 2025<\/p><\/div><div class=\"col-auto mt-md-0 mt-2\"><a class=\"btn btn-primary btn-lg px-lg-4 d-none d-md-block\" href=\"https:\/\/comunidad.comprasdominicana.gob.do\/\/Public\/Tendering\/OpportunityDetail\/Index?noticeUID=DO1.NTC.1545029\" target=\"_blank\" title=\"Detalles\"><i class=\"fas fa-link\"><\/i> DETALLES<\/a><a class=\"btn btn-primary btn-lg px-lg-4 d-block d-md-none\" href=\"https:\/\/comunidad.comprasdominicana.gob.do\/\/Public\/Tendering\/OpportunityDetail\/Index?noticeUID=DO1.NTC.1545029\" target=\"_blank\" title=\"Detalles\"><i class=\"fas fa-2x fa-link\"><\/i><\/a><\/div><\/div><\/div><div class=\"jumbotron archivos\"><div class=\"row align-items-center\"><div class=\"col\"><h6><a class=\"text-dark\" href=\"https:\/\/comunidad.comprasdominicana.gob.do\/\/Public\/Tendering\/OpportunityDetail\/Index?noticeUID=DO1.NTC.1543925\" title=\"Ver\" target=\"_blank\">INESPRE-DAF-CD-2025-0025<\/a><\/h6><p class=\"mb-0 bold\">Adquisici\u00f3n de mesas y sillas pl\u00e1sticas para ser utilizadas en diferentes programas y actividades de la instituci\u00f3n. <\/p><p class=\"mb-0\" style=\"font-size: .85rem\"><strong title=\"Estado del Proceso\"><i class=\"fas fa-spinner\"><\/i><\/strong> Proceso adjudicado y celebrado<\/p><p class=\"mb-0\" style=\"font-size: .85rem\"><strong title=\"Fecha de Publicaci\u00f3n\"><i class=\"fas fa-calendar-alt\"><\/i><\/strong> Publicado el mi\u00e9rcoles, 23 de abril de 2025<\/p><\/div><div class=\"col-auto mt-md-0 mt-2\"><a class=\"btn btn-primary btn-lg px-lg-4 d-none d-md-block\" href=\"https:\/\/comunidad.comprasdominicana.gob.do\/\/Public\/Tendering\/OpportunityDetail\/Index?noticeUID=DO1.NTC.1543925\" target=\"_blank\" title=\"Detalles\"><i class=\"fas fa-link\"><\/i> DETALLES<\/a><a class=\"btn btn-primary btn-lg px-lg-4 d-block d-md-none\" href=\"https:\/\/comunidad.comprasdominicana.gob.do\/\/Public\/Tendering\/OpportunityDetail\/Index?noticeUID=DO1.NTC.1543925\" target=\"_blank\" title=\"Detalles\"><i class=\"fas fa-2x fa-link\"><\/i><\/a><\/div><\/div><\/div><div class=\"jumbotron archivos\"><div class=\"row align-items-center\"><div class=\"col\"><h6><a class=\"text-dark\" href=\"https:\/\/comunidad.comprasdominicana.gob.do\/\/Public\/Tendering\/OpportunityDetail\/Index?noticeUID=DO1.NTC.1544220\" title=\"Ver\" target=\"_blank\">INESPRE-DAF-CD-2025-0024<\/a><\/h6><p class=\"mb-0 bold\">Adquisici\u00f3n de hielo y agua embotellada para la Feria Agropecuaria Nacional 2025 (Compras verdes)<\/p><p class=\"mb-0\" style=\"font-size: .85rem\"><strong title=\"Estado del Proceso\"><i class=\"fas fa-spinner\"><\/i><\/strong> Proceso desierto<\/p><p class=\"mb-0\" style=\"font-size: .85rem\"><strong title=\"Fecha de Publicaci\u00f3n\"><i class=\"fas fa-calendar-alt\"><\/i><\/strong> Publicado el mi\u00e9rcoles, 23 de abril de 2025<\/p><\/div><div class=\"col-auto mt-md-0 mt-2\"><a class=\"btn btn-primary btn-lg px-lg-4 d-none d-md-block\" href=\"https:\/\/comunidad.comprasdominicana.gob.do\/\/Public\/Tendering\/OpportunityDetail\/Index?noticeUID=DO1.NTC.1544220\" target=\"_blank\" title=\"Detalles\"><i class=\"fas fa-link\"><\/i> DETALLES<\/a><a class=\"btn btn-primary btn-lg px-lg-4 d-block d-md-none\" href=\"https:\/\/comunidad.comprasdominicana.gob.do\/\/Public\/Tendering\/OpportunityDetail\/Index?noticeUID=DO1.NTC.1544220\" target=\"_blank\" title=\"Detalles\"><i class=\"fas fa-2x fa-link\"><\/i><\/a><\/div><\/div><\/div><div class=\"jumbotron archivos\"><div class=\"row align-items-center\"><div class=\"col\"><h6><a class=\"text-dark\" href=\"https:\/\/comunidad.comprasdominicana.gob.do\/\/Public\/Tendering\/OpportunityDetail\/Index?noticeUID=DO1.NTC.1543221\" title=\"Ver\" target=\"_blank\">INESPRE-DAF-CD-2025-0023<\/a><\/h6><p class=\"mb-0 bold\">Adquisici\u00f3n de Talonarios y Tarjetas <\/p><p class=\"mb-0\" style=\"font-size: .85rem\"><strong title=\"Estado del Proceso\"><i class=\"fas fa-spinner\"><\/i><\/strong> Proceso adjudicado y celebrado<\/p><p class=\"mb-0\" style=\"font-size: .85rem\"><strong title=\"Fecha de Publicaci\u00f3n\"><i class=\"fas fa-calendar-alt\"><\/i><\/strong> Publicado el lunes, 21 de abril de 2025<\/p><\/div><div class=\"col-auto mt-md-0 mt-2\"><a class=\"btn btn-primary btn-lg px-lg-4 d-none d-md-block\" href=\"https:\/\/comunidad.comprasdominicana.gob.do\/\/Public\/Tendering\/OpportunityDetail\/Index?noticeUID=DO1.NTC.1543221\" target=\"_blank\" title=\"Detalles\"><i class=\"fas fa-link\"><\/i> DETALLES<\/a><a class=\"btn btn-primary btn-lg px-lg-4 d-block d-md-none\" href=\"https:\/\/comunidad.comprasdominicana.gob.do\/\/Public\/Tendering\/OpportunityDetail\/Index?noticeUID=DO1.NTC.1543221\" target=\"_blank\" title=\"Detalles\"><i class=\"fas fa-2x fa-link\"><\/i><\/a><\/div><\/div><\/div><div class=\"jumbotron archivos\"><div class=\"row align-items-center\"><div class=\"col\"><h6><a class=\"text-dark\" href=\"https:\/\/comunidad.comprasdominicana.gob.do\/\/Public\/Tendering\/OpportunityDetail\/Index?noticeUID=DO1.NTC.1541928\" title=\"Ver\" target=\"_blank\">INESPRE-DAF-CD-2025-0022<\/a><\/h6><p class=\"mb-0 bold\">Servicio de refrigerio para personal en la Ciudad Ganadera<\/p><p class=\"mb-0\" style=\"font-size: .85rem\"><strong title=\"Estado del Proceso\"><i class=\"fas fa-spinner\"><\/i><\/strong> Proceso adjudicado y celebrado<\/p><p class=\"mb-0\" style=\"font-size: .85rem\"><strong title=\"Fecha de Publicaci\u00f3n\"><i class=\"fas fa-calendar-alt\"><\/i><\/strong> Publicado el mi\u00e9rcoles, 16 de abril de 2025<\/p><\/div><div class=\"col-auto mt-md-0 mt-2\"><a class=\"btn btn-primary btn-lg px-lg-4 d-none d-md-block\" href=\"https:\/\/comunidad.comprasdominicana.gob.do\/\/Public\/Tendering\/OpportunityDetail\/Index?noticeUID=DO1.NTC.1541928\" target=\"_blank\" title=\"Detalles\"><i class=\"fas fa-link\"><\/i> DETALLES<\/a><a class=\"btn btn-primary btn-lg px-lg-4 d-block d-md-none\" href=\"https:\/\/comunidad.comprasdominicana.gob.do\/\/Public\/Tendering\/OpportunityDetail\/Index?noticeUID=DO1.NTC.1541928\" target=\"_blank\" title=\"Detalles\"><i class=\"fas fa-2x fa-link\"><\/i><\/a><\/div><\/div><\/div><div class=\"jumbotron archivos\"><div class=\"row align-items-center\"><div class=\"col\"><h6><a class=\"text-dark\" href=\"https:\/\/comunidad.comprasdominicana.gob.do\/\/Public\/Tendering\/OpportunityDetail\/Index?noticeUID=DO1.NTC.1538912\" title=\"Ver\" target=\"_blank\">INESPRE-DAF-CD-2025-0020<\/a><\/h6><p class=\"mb-0 bold\">Adquisici\u00f3n de fundas t-shirt con logo para los combos de habichuelas con dulce<\/p><p class=\"mb-0\" style=\"font-size: .85rem\"><strong title=\"Estado del Proceso\"><i class=\"fas fa-spinner\"><\/i><\/strong> Proceso adjudicado y celebrado<\/p><p class=\"mb-0\" style=\"font-size: .85rem\"><strong title=\"Fecha de Publicaci\u00f3n\"><i class=\"fas fa-calendar-alt\"><\/i><\/strong> Publicado el mi\u00e9rcoles, 9 de abril de 2025<\/p><\/div><div class=\"col-auto mt-md-0 mt-2\"><a class=\"btn btn-primary btn-lg px-lg-4 d-none d-md-block\" href=\"https:\/\/comunidad.comprasdominicana.gob.do\/\/Public\/Tendering\/OpportunityDetail\/Index?noticeUID=DO1.NTC.1538912\" target=\"_blank\" title=\"Detalles\"><i class=\"fas fa-link\"><\/i> DETALLES<\/a><a class=\"btn btn-primary btn-lg px-lg-4 d-block d-md-none\" href=\"https:\/\/comunidad.comprasdominicana.gob.do\/\/Public\/Tendering\/OpportunityDetail\/Index?noticeUID=DO1.NTC.1538912\" target=\"_blank\" title=\"Detalles\"><i class=\"fas fa-2x fa-link\"><\/i><\/a><\/div><\/div><\/div><div class=\"jumbotron archivos\"><div class=\"row align-items-center\"><div class=\"col\"><h6><a class=\"text-dark\" href=\"https:\/\/comunidad.comprasdominicana.gob.do\/\/Public\/Tendering\/OpportunityDetail\/Index?noticeUID=DO1.NTC.1538906\" title=\"Ver\" target=\"_blank\">INESPRE-DAF-CD-2025-0021<\/a><\/h6><p class=\"mb-0 bold\">Adquisici\u00f3n de bater\u00edas para camiones<\/p><p class=\"mb-0\" style=\"font-size: .85rem\"><strong title=\"Estado del Proceso\"><i class=\"fas fa-spinner\"><\/i><\/strong> Proceso adjudicado y celebrado<\/p><p class=\"mb-0\" style=\"font-size: .85rem\"><strong title=\"Fecha de Publicaci\u00f3n\"><i class=\"fas fa-calendar-alt\"><\/i><\/strong> Publicado el mi\u00e9rcoles, 9 de abril de 2025<\/p><\/div><div class=\"col-auto mt-md-0 mt-2\"><a class=\"btn btn-primary btn-lg px-lg-4 d-none d-md-block\" href=\"https:\/\/comunidad.comprasdominicana.gob.do\/\/Public\/Tendering\/OpportunityDetail\/Index?noticeUID=DO1.NTC.1538906\" target=\"_blank\" title=\"Detalles\"><i class=\"fas fa-link\"><\/i> DETALLES<\/a><a class=\"btn btn-primary btn-lg px-lg-4 d-block d-md-none\" href=\"https:\/\/comunidad.comprasdominicana.gob.do\/\/Public\/Tendering\/OpportunityDetail\/Index?noticeUID=DO1.NTC.1538906\" target=\"_blank\" title=\"Detalles\"><i class=\"fas fa-2x fa-link\"><\/i><\/a><\/div><\/div><\/div><div class=\"jumbotron archivos\"><div class=\"row align-items-center\"><div class=\"col\"><h6><a class=\"text-dark\" href=\"https:\/\/comunidad.comprasdominicana.gob.do\/\/Public\/Tendering\/OpportunityDetail\/Index?noticeUID=DO1.NTC.1536104\" title=\"Ver\" target=\"_blank\">INESPRE-DAF-CD-2025-0018<\/a><\/h6><p class=\"mb-0 bold\">Adquisici\u00f3n de funda de hielo  para la extensi\u00f3n de la feria en la Ciudad Ganadera<\/p><p class=\"mb-0\" style=\"font-size: .85rem\"><strong title=\"Estado del Proceso\"><i class=\"fas fa-spinner\"><\/i><\/strong> Proceso adjudicado y celebrado<\/p><p class=\"mb-0\" style=\"font-size: .85rem\"><strong title=\"Fecha de Publicaci\u00f3n\"><i class=\"fas fa-calendar-alt\"><\/i><\/strong> Publicado el jueves, 3 de abril de 2025<\/p><\/div><div class=\"col-auto mt-md-0 mt-2\"><a class=\"btn btn-primary btn-lg px-lg-4 d-none d-md-block\" href=\"https:\/\/comunidad.comprasdominicana.gob.do\/\/Public\/Tendering\/OpportunityDetail\/Index?noticeUID=DO1.NTC.1536104\" target=\"_blank\" title=\"Detalles\"><i class=\"fas fa-link\"><\/i> DETALLES<\/a><a class=\"btn btn-primary btn-lg px-lg-4 d-block d-md-none\" href=\"https:\/\/comunidad.comprasdominicana.gob.do\/\/Public\/Tendering\/OpportunityDetail\/Index?noticeUID=DO1.NTC.1536104\" target=\"_blank\" title=\"Detalles\"><i class=\"fas fa-2x fa-link\"><\/i><\/a><\/div><\/div><\/div><div class=\"jumbotron archivos\"><div class=\"row align-items-center\"><div class=\"col\"><h6><a class=\"text-dark\" href=\"https:\/\/comunidad.comprasdominicana.gob.do\/\/Public\/Tendering\/OpportunityDetail\/Index?noticeUID=DO1.NTC.1536034\" title=\"Ver\" target=\"_blank\">INESPRE-DAF-CD-2025-0019<\/a><\/h6><p class=\"mb-0 bold\">Adquisici\u00f3n de Repuestos de veh\u00edculos<\/p><p class=\"mb-0\" style=\"font-size: .85rem\"><strong title=\"Estado del Proceso\"><i class=\"fas fa-spinner\"><\/i><\/strong> Cancelado<\/p><p class=\"mb-0\" style=\"font-size: .85rem\"><strong title=\"Fecha de Publicaci\u00f3n\"><i class=\"fas fa-calendar-alt\"><\/i><\/strong> Publicado el mi\u00e9rcoles, 2 de abril de 2025<\/p><\/div><div class=\"col-auto mt-md-0 mt-2\"><a class=\"btn btn-primary btn-lg px-lg-4 d-none d-md-block\" href=\"https:\/\/comunidad.comprasdominicana.gob.do\/\/Public\/Tendering\/OpportunityDetail\/Index?noticeUID=DO1.NTC.1536034\" target=\"_blank\" title=\"Detalles\"><i class=\"fas fa-link\"><\/i> DETALLES<\/a><a class=\"btn btn-primary btn-lg px-lg-4 d-block d-md-none\" href=\"https:\/\/comunidad.comprasdominicana.gob.do\/\/Public\/Tendering\/OpportunityDetail\/Index?noticeUID=DO1.NTC.1536034\" target=\"_blank\" title=\"Detalles\"><i class=\"fas fa-2x fa-link\"><\/i><\/a><\/div><\/div><\/div><div class=\"jumbotron archivos\"><div class=\"row align-items-center\"><div class=\"col\"><h6><a class=\"text-dark\" href=\"https:\/\/comunidad.comprasdominicana.gob.do\/\/Public\/Tendering\/OpportunityDetail\/Index?noticeUID=DO1.NTC.1536021\" title=\"Ver\" target=\"_blank\">INESPRE-DAF-CD-2025-0017<\/a><\/h6><p class=\"mb-0 bold\">Contrataci\u00f3n de Servicio de transporte para el personal en la extensi\u00f3n de la Feria en la Ciudad Ganadera<\/p><p class=\"mb-0\" style=\"font-size: .85rem\"><strong title=\"Estado del Proceso\"><i class=\"fas fa-spinner\"><\/i><\/strong> Proceso adjudicado y celebrado<\/p><p class=\"mb-0\" style=\"font-size: .85rem\"><strong title=\"Fecha de Publicaci\u00f3n\"><i class=\"fas fa-calendar-alt\"><\/i><\/strong> Publicado el mi\u00e9rcoles, 2 de abril de 2025<\/p><\/div><div class=\"col-auto mt-md-0 mt-2\"><a class=\"btn btn-primary btn-lg px-lg-4 d-none d-md-block\" href=\"https:\/\/comunidad.comprasdominicana.gob.do\/\/Public\/Tendering\/OpportunityDetail\/Index?noticeUID=DO1.NTC.1536021\" target=\"_blank\" title=\"Detalles\"><i class=\"fas fa-link\"><\/i> DETALLES<\/a><a class=\"btn btn-primary btn-lg px-lg-4 d-block d-md-none\" href=\"https:\/\/comunidad.comprasdominicana.gob.do\/\/Public\/Tendering\/OpportunityDetail\/Index?noticeUID=DO1.NTC.1536021\" target=\"_blank\" title=\"Detalles\"><i class=\"fas fa-2x fa-link\"><\/i><\/a><\/div><\/div><\/div><div class=\"jumbotron archivos\"><div class=\"row align-items-center\"><div class=\"col\"><h6><a class=\"text-dark\" href=\"https:\/\/comunidad.comprasdominicana.gob.do\/\/Public\/Tendering\/OpportunityDetail\/Index?noticeUID=DO1.NTC.1535136\" title=\"Ver\" target=\"_blank\">INESPRE-DAF-CD-2025-0015<\/a><\/h6><p class=\"mb-0 bold\">Servicio Diagramaci\u00f3n y Dise\u00f1o Gr\u00e1fico del Plan Estrat\u00e9gico Institucional<\/p><p class=\"mb-0\" style=\"font-size: .85rem\"><strong title=\"Estado del Proceso\"><i class=\"fas fa-spinner\"><\/i><\/strong> Proceso adjudicado y celebrado<\/p><p class=\"mb-0\" style=\"font-size: .85rem\"><strong title=\"Fecha de Publicaci\u00f3n\"><i class=\"fas fa-calendar-alt\"><\/i><\/strong> Publicado el martes, 1 de abril de 2025<\/p><\/div><div class=\"col-auto mt-md-0 mt-2\"><a class=\"btn btn-primary btn-lg px-lg-4 d-none d-md-block\" href=\"https:\/\/comunidad.comprasdominicana.gob.do\/\/Public\/Tendering\/OpportunityDetail\/Index?noticeUID=DO1.NTC.1535136\" target=\"_blank\" title=\"Detalles\"><i class=\"fas fa-link\"><\/i> DETALLES<\/a><a class=\"btn btn-primary btn-lg px-lg-4 d-block d-md-none\" href=\"https:\/\/comunidad.comprasdominicana.gob.do\/\/Public\/Tendering\/OpportunityDetail\/Index?noticeUID=DO1.NTC.1535136\" target=\"_blank\" title=\"Detalles\"><i class=\"fas fa-2x fa-link\"><\/i><\/a><\/div><\/div><\/div><div class=\"jumbotron archivos\"><div class=\"row align-items-center\"><div class=\"col\"><h6><a class=\"text-dark\" href=\"https:\/\/comunidad.comprasdominicana.gob.do\/\/Public\/Tendering\/OpportunityDetail\/Index?noticeUID=DO1.NTC.1534940\" title=\"Ver\" target=\"_blank\">INESPRE-DAF-CD-2025-0016<\/a><\/h6><p class=\"mb-0 bold\">Servicio de alquiler de sillas pl\u00e1sticas y mesas para la extensi\u00f3n de la Feria en la Ciudad Ganadera<\/p><p class=\"mb-0\" style=\"font-size: .85rem\"><strong title=\"Estado del Proceso\"><i class=\"fas fa-spinner\"><\/i><\/strong> Proceso adjudicado y celebrado<\/p><p class=\"mb-0\" style=\"font-size: .85rem\"><strong title=\"Fecha de Publicaci\u00f3n\"><i class=\"fas fa-calendar-alt\"><\/i><\/strong> Publicado el martes, 1 de abril de 2025<\/p><\/div><div class=\"col-auto mt-md-0 mt-2\"><a class=\"btn btn-primary btn-lg px-lg-4 d-none d-md-block\" href=\"https:\/\/comunidad.comprasdominicana.gob.do\/\/Public\/Tendering\/OpportunityDetail\/Index?noticeUID=DO1.NTC.1534940\" target=\"_blank\" title=\"Detalles\"><i class=\"fas fa-link\"><\/i> DETALLES<\/a><a class=\"btn btn-primary btn-lg px-lg-4 d-block d-md-none\" href=\"https:\/\/comunidad.comprasdominicana.gob.do\/\/Public\/Tendering\/OpportunityDetail\/Index?noticeUID=DO1.NTC.1534940\" target=\"_blank\" title=\"Detalles\"><i class=\"fas fa-2x fa-link\"><\/i><\/a><\/div><\/div><\/div><\/div><\/div><\/div>\n        <div class=\"card\">\n            <div class=\"card-header parents\" id=\"heading_compras-por-debajo-del-umbral-69f73f7454400-2025-69f73f7454400-marzo-69f73f7454400\">\n                <p class=\"title text-blue mb-0\">\n                    <a class=\"btn-block hover text-left collapsed\" data-toggle=\"collapse\" data-target=\"#collap_compras-por-debajo-del-umbral-69f73f7454400-2025-69f73f7454400-marzo-69f73f7454400\" aria-expanded=\"false\" aria-controls=\"collap_compras-por-debajo-del-umbral-69f73f7454400-2025-69f73f7454400-marzo-69f73f7454400\">Marzo<\/a>\n                <\/p>\n            <\/div>\n            <div id=\"collap_compras-por-debajo-del-umbral-69f73f7454400-2025-69f73f7454400-marzo-69f73f7454400\" class=\"collapse\" aria-labelledby=\"heading_compras-por-debajo-del-umbral-69f73f7454400-2025-69f73f7454400-marzo-69f73f7454400\" data-parent=\"#collap_compras-por-debajo-del-umbral-69f73f7454400-2025-69f73f7454400\">\n                <div class=\"card-body\"><div class=\"jumbotron archivos\"><div class=\"row align-items-center\"><div class=\"col\"><h6><a class=\"text-dark\" href=\"https:\/\/comunidad.comprasdominicana.gob.do\/\/Public\/Tendering\/OpportunityDetail\/Index?noticeUID=DO1.NTC.1534620\" title=\"Ver\" target=\"_blank\">INESPRE-DAF-CD-2025-0014<\/a><\/h6><p class=\"mb-0 bold\">Adquisici\u00f3n de Medicamentos<\/p><p class=\"mb-0\" style=\"font-size: .85rem\"><strong title=\"Estado del Proceso\"><i class=\"fas fa-spinner\"><\/i><\/strong> Proceso adjudicado y celebrado<\/p><p class=\"mb-0\" style=\"font-size: .85rem\"><strong title=\"Fecha de Publicaci\u00f3n\"><i class=\"fas fa-calendar-alt\"><\/i><\/strong> Publicado el lunes, 31 de marzo de 2025<\/p><\/div><div class=\"col-auto mt-md-0 mt-2\"><a class=\"btn btn-primary btn-lg px-lg-4 d-none d-md-block\" href=\"https:\/\/comunidad.comprasdominicana.gob.do\/\/Public\/Tendering\/OpportunityDetail\/Index?noticeUID=DO1.NTC.1534620\" target=\"_blank\" title=\"Detalles\"><i class=\"fas fa-link\"><\/i> DETALLES<\/a><a class=\"btn btn-primary btn-lg px-lg-4 d-block d-md-none\" href=\"https:\/\/comunidad.comprasdominicana.gob.do\/\/Public\/Tendering\/OpportunityDetail\/Index?noticeUID=DO1.NTC.1534620\" target=\"_blank\" title=\"Detalles\"><i class=\"fas fa-2x fa-link\"><\/i><\/a><\/div><\/div><\/div><div class=\"jumbotron archivos\"><div class=\"row align-items-center\"><div class=\"col\"><h6><a class=\"text-dark\" href=\"https:\/\/comunidad.comprasdominicana.gob.do\/\/Public\/Tendering\/OpportunityDetail\/Index?noticeUID=DO1.NTC.1532142\" title=\"Ver\" target=\"_blank\">INESPRE-DAF-CD-2025-0013<\/a><\/h6><p class=\"mb-0 bold\">Servicio de Picadera pre-empacada para el personal en la Feria\nAgropecuaria Nacional 2025 (compras verdes)<\/p><p class=\"mb-0\" style=\"font-size: .85rem\"><strong title=\"Estado del Proceso\"><i class=\"fas fa-spinner\"><\/i><\/strong> Proceso adjudicado y celebrado<\/p><p class=\"mb-0\" style=\"font-size: .85rem\"><strong title=\"Fecha de Publicaci\u00f3n\"><i class=\"fas fa-calendar-alt\"><\/i><\/strong> Publicado el mi\u00e9rcoles, 26 de marzo de 2025<\/p><\/div><div class=\"col-auto mt-md-0 mt-2\"><a class=\"btn btn-primary btn-lg px-lg-4 d-none d-md-block\" href=\"https:\/\/comunidad.comprasdominicana.gob.do\/\/Public\/Tendering\/OpportunityDetail\/Index?noticeUID=DO1.NTC.1532142\" target=\"_blank\" title=\"Detalles\"><i class=\"fas fa-link\"><\/i> DETALLES<\/a><a class=\"btn btn-primary btn-lg px-lg-4 d-block d-md-none\" href=\"https:\/\/comunidad.comprasdominicana.gob.do\/\/Public\/Tendering\/OpportunityDetail\/Index?noticeUID=DO1.NTC.1532142\" target=\"_blank\" title=\"Detalles\"><i class=\"fas fa-2x fa-link\"><\/i><\/a><\/div><\/div><\/div><div class=\"jumbotron archivos\"><div class=\"row align-items-center\"><div class=\"col\"><h6><a class=\"text-dark\" href=\"https:\/\/comunidad.comprasdominicana.gob.do\/\/Public\/Tendering\/OpportunityDetail\/Index?noticeUID=DO1.NTC.1532424\" title=\"Ver\" target=\"_blank\">INESPRE-DAF-CD-2025-0012<\/a><\/h6><p class=\"mb-0 bold\">Servicio de Almuerzos t\u00edpicos para el personal en la Feria Agropecuaria Nacional 2025<\/p><p class=\"mb-0\" style=\"font-size: .85rem\"><strong title=\"Estado del Proceso\"><i class=\"fas fa-spinner\"><\/i><\/strong> Proceso adjudicado y celebrado<\/p><p class=\"mb-0\" style=\"font-size: .85rem\"><strong title=\"Fecha de Publicaci\u00f3n\"><i class=\"fas fa-calendar-alt\"><\/i><\/strong> Publicado el mi\u00e9rcoles, 26 de marzo de 2025<\/p><\/div><div class=\"col-auto mt-md-0 mt-2\"><a class=\"btn btn-primary btn-lg px-lg-4 d-none d-md-block\" href=\"https:\/\/comunidad.comprasdominicana.gob.do\/\/Public\/Tendering\/OpportunityDetail\/Index?noticeUID=DO1.NTC.1532424\" target=\"_blank\" title=\"Detalles\"><i class=\"fas fa-link\"><\/i> DETALLES<\/a><a class=\"btn btn-primary btn-lg px-lg-4 d-block d-md-none\" href=\"https:\/\/comunidad.comprasdominicana.gob.do\/\/Public\/Tendering\/OpportunityDetail\/Index?noticeUID=DO1.NTC.1532424\" target=\"_blank\" title=\"Detalles\"><i class=\"fas fa-2x fa-link\"><\/i><\/a><\/div><\/div><\/div><div class=\"jumbotron archivos\"><div class=\"row align-items-center\"><div class=\"col\"><h6><a class=\"text-dark\" href=\"https:\/\/comunidad.comprasdominicana.gob.do\/\/Public\/Tendering\/OpportunityDetail\/Index?noticeUID=DO1.NTC.1531526\" title=\"Ver\" target=\"_blank\">INESPRE-DAF-CD-2025-0011<\/a><\/h6><p class=\"mb-0 bold\">Adquisici\u00f3n de gomas para camioneta<\/p><p class=\"mb-0\" style=\"font-size: .85rem\"><strong title=\"Estado del Proceso\"><i class=\"fas fa-spinner\"><\/i><\/strong> Proceso adjudicado y celebrado<\/p><p class=\"mb-0\" style=\"font-size: .85rem\"><strong title=\"Fecha de Publicaci\u00f3n\"><i class=\"fas fa-calendar-alt\"><\/i><\/strong> Publicado el martes, 25 de marzo de 2025<\/p><\/div><div class=\"col-auto mt-md-0 mt-2\"><a class=\"btn btn-primary btn-lg px-lg-4 d-none d-md-block\" href=\"https:\/\/comunidad.comprasdominicana.gob.do\/\/Public\/Tendering\/OpportunityDetail\/Index?noticeUID=DO1.NTC.1531526\" target=\"_blank\" title=\"Detalles\"><i class=\"fas fa-link\"><\/i> DETALLES<\/a><a class=\"btn btn-primary btn-lg px-lg-4 d-block d-md-none\" href=\"https:\/\/comunidad.comprasdominicana.gob.do\/\/Public\/Tendering\/OpportunityDetail\/Index?noticeUID=DO1.NTC.1531526\" target=\"_blank\" title=\"Detalles\"><i class=\"fas fa-2x fa-link\"><\/i><\/a><\/div><\/div><\/div><div class=\"jumbotron archivos\"><div class=\"row align-items-center\"><div class=\"col\"><h6><a class=\"text-dark\" href=\"https:\/\/comunidad.comprasdominicana.gob.do\/\/Public\/Tendering\/OpportunityDetail\/Index?noticeUID=DO1.NTC.1531045\" title=\"Ver\" target=\"_blank\">INESPRE-DAF-CD-2025-0004<\/a><\/h6><p class=\"mb-0 bold\">Servicio de mantenimiento y reparaci\u00f3n de maquina empacadora de arroz<\/p><p class=\"mb-0\" style=\"font-size: .85rem\"><strong title=\"Estado del Proceso\"><i class=\"fas fa-spinner\"><\/i><\/strong> Cancelado<\/p><p class=\"mb-0\" style=\"font-size: .85rem\"><strong title=\"Fecha de Publicaci\u00f3n\"><i class=\"fas fa-calendar-alt\"><\/i><\/strong> Publicado el lunes, 24 de marzo de 2025<\/p><\/div><div class=\"col-auto mt-md-0 mt-2\"><a class=\"btn btn-primary btn-lg px-lg-4 d-none d-md-block\" href=\"https:\/\/comunidad.comprasdominicana.gob.do\/\/Public\/Tendering\/OpportunityDetail\/Index?noticeUID=DO1.NTC.1531045\" target=\"_blank\" title=\"Detalles\"><i class=\"fas fa-link\"><\/i> DETALLES<\/a><a class=\"btn btn-primary btn-lg px-lg-4 d-block d-md-none\" href=\"https:\/\/comunidad.comprasdominicana.gob.do\/\/Public\/Tendering\/OpportunityDetail\/Index?noticeUID=DO1.NTC.1531045\" target=\"_blank\" title=\"Detalles\"><i class=\"fas fa-2x fa-link\"><\/i><\/a><\/div><\/div><\/div><div class=\"jumbotron archivos\"><div class=\"row align-items-center\"><div class=\"col\"><h6><a class=\"text-dark\" href=\"https:\/\/comunidad.comprasdominicana.gob.do\/\/Public\/Tendering\/OpportunityDetail\/Index?noticeUID=DO1.NTC.1530055\" title=\"Ver\" target=\"_blank\">INESPRE-DAF-CD-2025-0010<\/a><\/h6><p class=\"mb-0 bold\">Servicio de Alquiler de sillas pl\u00e1sticas y mesas para  la Feria Agropecuaria Nacional 2025<\/p><p class=\"mb-0\" style=\"font-size: .85rem\"><strong title=\"Estado del Proceso\"><i class=\"fas fa-spinner\"><\/i><\/strong> Proceso adjudicado y celebrado<\/p><p class=\"mb-0\" style=\"font-size: .85rem\"><strong title=\"Fecha de Publicaci\u00f3n\"><i class=\"fas fa-calendar-alt\"><\/i><\/strong> Publicado el jueves, 20 de marzo de 2025<\/p><\/div><div class=\"col-auto mt-md-0 mt-2\"><a class=\"btn btn-primary btn-lg px-lg-4 d-none d-md-block\" href=\"https:\/\/comunidad.comprasdominicana.gob.do\/\/Public\/Tendering\/OpportunityDetail\/Index?noticeUID=DO1.NTC.1530055\" target=\"_blank\" title=\"Detalles\"><i class=\"fas fa-link\"><\/i> DETALLES<\/a><a class=\"btn btn-primary btn-lg px-lg-4 d-block d-md-none\" href=\"https:\/\/comunidad.comprasdominicana.gob.do\/\/Public\/Tendering\/OpportunityDetail\/Index?noticeUID=DO1.NTC.1530055\" target=\"_blank\" title=\"Detalles\"><i class=\"fas fa-2x fa-link\"><\/i><\/a><\/div><\/div><\/div><div class=\"jumbotron archivos\"><div class=\"row align-items-center\"><div class=\"col\"><h6><a class=\"text-dark\" href=\"https:\/\/comunidad.comprasdominicana.gob.do\/\/Public\/Tendering\/OpportunityDetail\/Index?noticeUID=DO1.NTC.1530012\" title=\"Ver\" target=\"_blank\">INESPRE-DAF-CD-2025-0007<\/a><\/h6><p class=\"mb-0 bold\">Adquisici\u00f3n de hielo y agua embotellada para la Feria Agropecuaria Nacional 2025 (Compras Verdes)<\/p><p class=\"mb-0\" style=\"font-size: .85rem\"><strong title=\"Estado del Proceso\"><i class=\"fas fa-spinner\"><\/i><\/strong> Proceso adjudicado y celebrado<\/p><p class=\"mb-0\" style=\"font-size: .85rem\"><strong title=\"Fecha de Publicaci\u00f3n\"><i class=\"fas fa-calendar-alt\"><\/i><\/strong> Publicado el jueves, 20 de marzo de 2025<\/p><\/div><div class=\"col-auto mt-md-0 mt-2\"><a class=\"btn btn-primary btn-lg px-lg-4 d-none d-md-block\" href=\"https:\/\/comunidad.comprasdominicana.gob.do\/\/Public\/Tendering\/OpportunityDetail\/Index?noticeUID=DO1.NTC.1530012\" target=\"_blank\" title=\"Detalles\"><i class=\"fas fa-link\"><\/i> DETALLES<\/a><a class=\"btn btn-primary btn-lg px-lg-4 d-block d-md-none\" href=\"https:\/\/comunidad.comprasdominicana.gob.do\/\/Public\/Tendering\/OpportunityDetail\/Index?noticeUID=DO1.NTC.1530012\" target=\"_blank\" title=\"Detalles\"><i class=\"fas fa-2x fa-link\"><\/i><\/a><\/div><\/div><\/div><div class=\"jumbotron archivos\"><div class=\"row align-items-center\"><div class=\"col\"><h6><a class=\"text-dark\" href=\"https:\/\/comunidad.comprasdominicana.gob.do\/\/Public\/Tendering\/OpportunityDetail\/Index?noticeUID=DO1.NTC.1530006\" title=\"Ver\" target=\"_blank\">INESPRE-DAF-CD-2025-0009<\/a><\/h6><p class=\"mb-0 bold\">Contrataci\u00f3n de Servicio de transporte para el personal de la Feria Agropecuaria Nacional 2025<\/p><p class=\"mb-0\" style=\"font-size: .85rem\"><strong title=\"Estado del Proceso\"><i class=\"fas fa-spinner\"><\/i><\/strong> Proceso adjudicado y celebrado<\/p><p class=\"mb-0\" style=\"font-size: .85rem\"><strong title=\"Fecha de Publicaci\u00f3n\"><i class=\"fas fa-calendar-alt\"><\/i><\/strong> Publicado el jueves, 20 de marzo de 2025<\/p><\/div><div class=\"col-auto mt-md-0 mt-2\"><a class=\"btn btn-primary btn-lg px-lg-4 d-none d-md-block\" href=\"https:\/\/comunidad.comprasdominicana.gob.do\/\/Public\/Tendering\/OpportunityDetail\/Index?noticeUID=DO1.NTC.1530006\" target=\"_blank\" title=\"Detalles\"><i class=\"fas fa-link\"><\/i> DETALLES<\/a><a class=\"btn btn-primary btn-lg px-lg-4 d-block d-md-none\" href=\"https:\/\/comunidad.comprasdominicana.gob.do\/\/Public\/Tendering\/OpportunityDetail\/Index?noticeUID=DO1.NTC.1530006\" target=\"_blank\" title=\"Detalles\"><i class=\"fas fa-2x fa-link\"><\/i><\/a><\/div><\/div><\/div><div class=\"jumbotron archivos\"><div class=\"row align-items-center\"><div class=\"col\"><h6><a class=\"text-dark\" href=\"https:\/\/comunidad.comprasdominicana.gob.do\/\/Public\/Tendering\/OpportunityDetail\/Index?noticeUID=DO1.NTC.1529503\" title=\"Ver\" target=\"_blank\">INESPRE-DAF-CD-2025-0008<\/a><\/h6><p class=\"mb-0 bold\">Adquisici\u00f3n de Fundas tipo t-shirt para la Feria Agropecuaria Nacional 2025<\/p><p class=\"mb-0\" style=\"font-size: .85rem\"><strong title=\"Estado del Proceso\"><i class=\"fas fa-spinner\"><\/i><\/strong> Proceso adjudicado y celebrado<\/p><p class=\"mb-0\" style=\"font-size: .85rem\"><strong title=\"Fecha de Publicaci\u00f3n\"><i class=\"fas fa-calendar-alt\"><\/i><\/strong> Publicado el jueves, 20 de marzo de 2025<\/p><\/div><div class=\"col-auto mt-md-0 mt-2\"><a class=\"btn btn-primary btn-lg px-lg-4 d-none d-md-block\" href=\"https:\/\/comunidad.comprasdominicana.gob.do\/\/Public\/Tendering\/OpportunityDetail\/Index?noticeUID=DO1.NTC.1529503\" target=\"_blank\" title=\"Detalles\"><i class=\"fas fa-link\"><\/i> DETALLES<\/a><a class=\"btn btn-primary btn-lg px-lg-4 d-block d-md-none\" href=\"https:\/\/comunidad.comprasdominicana.gob.do\/\/Public\/Tendering\/OpportunityDetail\/Index?noticeUID=DO1.NTC.1529503\" target=\"_blank\" title=\"Detalles\"><i class=\"fas fa-2x fa-link\"><\/i><\/a><\/div><\/div><\/div><div class=\"jumbotron archivos\"><div class=\"row align-items-center\"><div class=\"col\"><h6><a class=\"text-dark\" href=\"https:\/\/comunidad.comprasdominicana.gob.do\/\/Public\/Tendering\/OpportunityDetail\/Index?noticeUID=DO1.NTC.1529104\" title=\"Ver\" target=\"_blank\">INESPRE-DAF-CD-2025-0006<\/a><\/h6><p class=\"mb-0 bold\">Servicio de Desayunos preempacados para le personal en la Feria Agropecuaria Nacional 2025<\/p><p class=\"mb-0\" style=\"font-size: .85rem\"><strong title=\"Estado del Proceso\"><i class=\"fas fa-spinner\"><\/i><\/strong> Proceso adjudicado y celebrado<\/p><p class=\"mb-0\" style=\"font-size: .85rem\"><strong title=\"Fecha de Publicaci\u00f3n\"><i class=\"fas fa-calendar-alt\"><\/i><\/strong> Publicado el mi\u00e9rcoles, 19 de marzo de 2025<\/p><\/div><div class=\"col-auto mt-md-0 mt-2\"><a class=\"btn btn-primary btn-lg px-lg-4 d-none d-md-block\" href=\"https:\/\/comunidad.comprasdominicana.gob.do\/\/Public\/Tendering\/OpportunityDetail\/Index?noticeUID=DO1.NTC.1529104\" target=\"_blank\" title=\"Detalles\"><i class=\"fas fa-link\"><\/i> DETALLES<\/a><a class=\"btn btn-primary btn-lg px-lg-4 d-block d-md-none\" href=\"https:\/\/comunidad.comprasdominicana.gob.do\/\/Public\/Tendering\/OpportunityDetail\/Index?noticeUID=DO1.NTC.1529104\" target=\"_blank\" title=\"Detalles\"><i class=\"fas fa-2x fa-link\"><\/i><\/a><\/div><\/div><\/div><div class=\"jumbotron archivos\"><div class=\"row align-items-center\"><div class=\"col\"><h6><a class=\"text-dark\" href=\"https:\/\/comunidad.comprasdominicana.gob.do\/\/Public\/Tendering\/OpportunityDetail\/Index?noticeUID=DO1.NTC.1527909\" title=\"Ver\" target=\"_blank\">INESPRE-DAF-CD-2025-0003<\/a><\/h6><p class=\"mb-0 bold\">Adquisici\u00f3n de materiales para la confecciones carnets<\/p><p class=\"mb-0\" style=\"font-size: .85rem\"><strong title=\"Estado del Proceso\"><i class=\"fas fa-spinner\"><\/i><\/strong> Proceso adjudicado y celebrado<\/p><p class=\"mb-0\" style=\"font-size: .85rem\"><strong title=\"Fecha de Publicaci\u00f3n\"><i class=\"fas fa-calendar-alt\"><\/i><\/strong> Publicado el lunes, 17 de marzo de 2025<\/p><\/div><div class=\"col-auto mt-md-0 mt-2\"><a class=\"btn btn-primary btn-lg px-lg-4 d-none d-md-block\" href=\"https:\/\/comunidad.comprasdominicana.gob.do\/\/Public\/Tendering\/OpportunityDetail\/Index?noticeUID=DO1.NTC.1527909\" target=\"_blank\" title=\"Detalles\"><i class=\"fas fa-link\"><\/i> DETALLES<\/a><a class=\"btn btn-primary btn-lg px-lg-4 d-block d-md-none\" href=\"https:\/\/comunidad.comprasdominicana.gob.do\/\/Public\/Tendering\/OpportunityDetail\/Index?noticeUID=DO1.NTC.1527909\" target=\"_blank\" title=\"Detalles\"><i class=\"fas fa-2x fa-link\"><\/i><\/a><\/div><\/div><\/div><div class=\"jumbotron archivos\"><div class=\"row align-items-center\"><div class=\"col\"><h6><a class=\"text-dark\" href=\"https:\/\/comunidad.comprasdominicana.gob.do\/\/Public\/Tendering\/OpportunityDetail\/Index?noticeUID=DO1.NTC.1526327\" title=\"Ver\" target=\"_blank\">INESPRE-DAF-CD-2025-0005<\/a><\/h6><p class=\"mb-0 bold\">Servicio de configuraci\u00f3n de control de acceso a puerta Direcci\u00f3n Ejecutiva<\/p><p class=\"mb-0\" style=\"font-size: .85rem\"><strong title=\"Estado del Proceso\"><i class=\"fas fa-spinner\"><\/i><\/strong> Proceso adjudicado y celebrado<\/p><p class=\"mb-0\" style=\"font-size: .85rem\"><strong title=\"Fecha de Publicaci\u00f3n\"><i class=\"fas fa-calendar-alt\"><\/i><\/strong> Publicado el mi\u00e9rcoles, 12 de marzo de 2025<\/p><\/div><div class=\"col-auto mt-md-0 mt-2\"><a class=\"btn btn-primary btn-lg px-lg-4 d-none d-md-block\" href=\"https:\/\/comunidad.comprasdominicana.gob.do\/\/Public\/Tendering\/OpportunityDetail\/Index?noticeUID=DO1.NTC.1526327\" target=\"_blank\" title=\"Detalles\"><i class=\"fas fa-link\"><\/i> DETALLES<\/a><a class=\"btn btn-primary btn-lg px-lg-4 d-block d-md-none\" href=\"https:\/\/comunidad.comprasdominicana.gob.do\/\/Public\/Tendering\/OpportunityDetail\/Index?noticeUID=DO1.NTC.1526327\" target=\"_blank\" title=\"Detalles\"><i class=\"fas fa-2x fa-link\"><\/i><\/a><\/div><\/div><\/div><div class=\"jumbotron archivos\"><div class=\"row align-items-center\"><div class=\"col\"><h6><a class=\"text-dark\" href=\"https:\/\/comunidad.comprasdominicana.gob.do\/\/Public\/Tendering\/OpportunityDetail\/Index?noticeUID=DO1.NTC.1525527\" title=\"Ver\" target=\"_blank\">INESPRE-DAF-CD-2025-0002<\/a><\/h6><p class=\"mb-0 bold\">Servicio de dise\u00f1o de banners para la Feria Agropecuaria Nacional 2025<\/p><p class=\"mb-0\" style=\"font-size: .85rem\"><strong title=\"Estado del Proceso\"><i class=\"fas fa-spinner\"><\/i><\/strong> Proceso adjudicado y celebrado<\/p><p class=\"mb-0\" style=\"font-size: .85rem\"><strong title=\"Fecha de Publicaci\u00f3n\"><i class=\"fas fa-calendar-alt\"><\/i><\/strong> Publicado el martes, 11 de marzo de 2025<\/p><\/div><div class=\"col-auto mt-md-0 mt-2\"><a class=\"btn btn-primary btn-lg px-lg-4 d-none d-md-block\" href=\"https:\/\/comunidad.comprasdominicana.gob.do\/\/Public\/Tendering\/OpportunityDetail\/Index?noticeUID=DO1.NTC.1525527\" target=\"_blank\" title=\"Detalles\"><i class=\"fas fa-link\"><\/i> DETALLES<\/a><a class=\"btn btn-primary btn-lg px-lg-4 d-block d-md-none\" href=\"https:\/\/comunidad.comprasdominicana.gob.do\/\/Public\/Tendering\/OpportunityDetail\/Index?noticeUID=DO1.NTC.1525527\" target=\"_blank\" title=\"Detalles\"><i class=\"fas fa-2x fa-link\"><\/i><\/a><\/div><\/div><\/div><\/div><\/div><\/div>\n        <div class=\"card\">\n            <div class=\"card-header parents\" id=\"heading_compras-por-debajo-del-umbral-69f73f7454400-2025-69f73f7454400-enero-69f73f7454400\">\n                <p class=\"title text-blue mb-0\">\n                    <a class=\"btn-block hover text-left collapsed\" data-toggle=\"collapse\" data-target=\"#collap_compras-por-debajo-del-umbral-69f73f7454400-2025-69f73f7454400-enero-69f73f7454400\" aria-expanded=\"false\" aria-controls=\"collap_compras-por-debajo-del-umbral-69f73f7454400-2025-69f73f7454400-enero-69f73f7454400\">Enero<\/a>\n                <\/p>\n            <\/div>\n            <div id=\"collap_compras-por-debajo-del-umbral-69f73f7454400-2025-69f73f7454400-enero-69f73f7454400\" class=\"collapse\" aria-labelledby=\"heading_compras-por-debajo-del-umbral-69f73f7454400-2025-69f73f7454400-enero-69f73f7454400\" data-parent=\"#collap_compras-por-debajo-del-umbral-69f73f7454400-2025-69f73f7454400\">\n                <div class=\"card-body\"><div class=\"jumbotron archivos\"><div class=\"row align-items-center\"><div class=\"col\"><h6><a class=\"text-dark\" href=\"https:\/\/comunidad.comprasdominicana.gob.do\/\/Public\/Tendering\/OpportunityDetail\/Index?noticeUID=DO1.NTC.1505225\" title=\"Ver\" target=\"_blank\">INESPRE-DAF-CD-2025-0001<\/a><\/h6><p class=\"mb-0 bold\">Adquisici\u00f3n de ofrenda floral<\/p><p class=\"mb-0\" style=\"font-size: .85rem\"><strong title=\"Estado del Proceso\"><i class=\"fas fa-spinner\"><\/i><\/strong> Proceso adjudicado y celebrado<\/p><p class=\"mb-0\" style=\"font-size: .85rem\"><strong title=\"Fecha de Publicaci\u00f3n\"><i class=\"fas fa-calendar-alt\"><\/i><\/strong> Publicado el jueves, 30 de enero de 2025<\/p><\/div><div class=\"col-auto mt-md-0 mt-2\"><a class=\"btn btn-primary btn-lg px-lg-4 d-none d-md-block\" href=\"https:\/\/comunidad.comprasdominicana.gob.do\/\/Public\/Tendering\/OpportunityDetail\/Index?noticeUID=DO1.NTC.1505225\" target=\"_blank\" title=\"Detalles\"><i class=\"fas fa-link\"><\/i> DETALLES<\/a><a class=\"btn btn-primary btn-lg px-lg-4 d-block d-md-none\" href=\"https:\/\/comunidad.comprasdominicana.gob.do\/\/Public\/Tendering\/OpportunityDetail\/Index?noticeUID=DO1.NTC.1505225\" target=\"_blank\" title=\"Detalles\"><i class=\"fas fa-2x fa-link\"><\/i><\/a><\/div><\/div><\/div><\/div><\/div><\/div><\/div><\/div><\/div>\n        <div class=\"card\">\n            <div class=\"card-header parents\" id=\"heading_compras-por-debajo-del-umbral-69f73f7454400-2024-69f73f7454400\">\n                <p class=\"title text-blue mb-0\">\n                    <a class=\"btn-block hover text-left collapsed\" data-toggle=\"collapse\" data-target=\"#collap_compras-por-debajo-del-umbral-69f73f7454400-2024-69f73f7454400\" aria-expanded=\"false\" aria-controls=\"collap_compras-por-debajo-del-umbral-69f73f7454400-2024-69f73f7454400\">2024<\/a>\n                <\/p>\n            <\/div>\n            <div id=\"collap_compras-por-debajo-del-umbral-69f73f7454400-2024-69f73f7454400\" class=\"collapse\" aria-labelledby=\"heading_compras-por-debajo-del-umbral-69f73f7454400-2024-69f73f7454400\" data-parent=\"#collap_compras-por-debajo-del-umbral-69f73f7454400\">\n                <div class=\"card-body\">\n        <div class=\"card\">\n            <div class=\"card-header parents\" id=\"heading_compras-por-debajo-del-umbral-69f73f7454400-2024-69f73f7454400-diciembre-69f73f7454400\">\n                <p class=\"title text-blue mb-0\">\n                    <a class=\"btn-block hover text-left collapsed\" data-toggle=\"collapse\" data-target=\"#collap_compras-por-debajo-del-umbral-69f73f7454400-2024-69f73f7454400-diciembre-69f73f7454400\" aria-expanded=\"false\" aria-controls=\"collap_compras-por-debajo-del-umbral-69f73f7454400-2024-69f73f7454400-diciembre-69f73f7454400\">Diciembre<\/a>\n                <\/p>\n            <\/div>\n            <div id=\"collap_compras-por-debajo-del-umbral-69f73f7454400-2024-69f73f7454400-diciembre-69f73f7454400\" class=\"collapse\" aria-labelledby=\"heading_compras-por-debajo-del-umbral-69f73f7454400-2024-69f73f7454400-diciembre-69f73f7454400\" data-parent=\"#collap_compras-por-debajo-del-umbral-69f73f7454400-2024-69f73f7454400\">\n                <div class=\"card-body\"><div class=\"jumbotron archivos\"><div class=\"row align-items-center\"><div class=\"col\"><h6><a class=\"text-dark\" href=\"https:\/\/comunidad.comprasdominicana.gob.do\/\/Public\/Tendering\/OpportunityDetail\/Index?noticeUID=DO1.NTC.1485533\" title=\"Ver\" target=\"_blank\">INESPRE-DAF-CD-2024-0059<\/a><\/h6><p class=\"mb-0 bold\">Adquisici\u00f3n de papel de ba\u00f1o, servilletas y otros (Compras Verdes)<\/p><p class=\"mb-0\" style=\"font-size: .85rem\"><strong title=\"Estado del Proceso\"><i class=\"fas fa-spinner\"><\/i><\/strong> Proceso adjudicado y celebrado<\/p><p class=\"mb-0\" style=\"font-size: .85rem\"><strong title=\"Fecha de Publicaci\u00f3n\"><i class=\"fas fa-calendar-alt\"><\/i><\/strong> Publicado el mi\u00e9rcoles, 11 de diciembre de 2024<\/p><\/div><div class=\"col-auto mt-md-0 mt-2\"><a class=\"btn btn-primary btn-lg px-lg-4 d-none d-md-block\" href=\"https:\/\/comunidad.comprasdominicana.gob.do\/\/Public\/Tendering\/OpportunityDetail\/Index?noticeUID=DO1.NTC.1485533\" target=\"_blank\" title=\"Detalles\"><i class=\"fas fa-link\"><\/i> DETALLES<\/a><a class=\"btn btn-primary btn-lg px-lg-4 d-block d-md-none\" href=\"https:\/\/comunidad.comprasdominicana.gob.do\/\/Public\/Tendering\/OpportunityDetail\/Index?noticeUID=DO1.NTC.1485533\" target=\"_blank\" title=\"Detalles\"><i class=\"fas fa-2x fa-link\"><\/i><\/a><\/div><\/div><\/div><div class=\"jumbotron archivos\"><div class=\"row align-items-center\"><div class=\"col\"><h6><a class=\"text-dark\" href=\"https:\/\/comunidad.comprasdominicana.gob.do\/\/Public\/Tendering\/OpportunityDetail\/Index?noticeUID=DO1.NTC.1484030\" title=\"Ver\" target=\"_blank\">INESPRE-DAF-CD-2024-0058<\/a><\/h6><p class=\"mb-0 bold\">Contrataci\u00f3n de uso de espacio en el Parque Central de Santiago para las ferias \u201cNavidad del Cambio con INESPRE\u201d<\/p><p class=\"mb-0\" style=\"font-size: .85rem\"><strong title=\"Estado del Proceso\"><i class=\"fas fa-spinner\"><\/i><\/strong> Proceso adjudicado y celebrado<\/p><p class=\"mb-0\" style=\"font-size: .85rem\"><strong title=\"Fecha de Publicaci\u00f3n\"><i class=\"fas fa-calendar-alt\"><\/i><\/strong> Publicado el lunes, 9 de diciembre de 2024<\/p><\/div><div class=\"col-auto mt-md-0 mt-2\"><a class=\"btn btn-primary btn-lg px-lg-4 d-none d-md-block\" href=\"https:\/\/comunidad.comprasdominicana.gob.do\/\/Public\/Tendering\/OpportunityDetail\/Index?noticeUID=DO1.NTC.1484030\" target=\"_blank\" title=\"Detalles\"><i class=\"fas fa-link\"><\/i> DETALLES<\/a><a class=\"btn btn-primary btn-lg px-lg-4 d-block d-md-none\" href=\"https:\/\/comunidad.comprasdominicana.gob.do\/\/Public\/Tendering\/OpportunityDetail\/Index?noticeUID=DO1.NTC.1484030\" target=\"_blank\" title=\"Detalles\"><i class=\"fas fa-2x fa-link\"><\/i><\/a><\/div><\/div><\/div><div class=\"jumbotron archivos\"><div class=\"row align-items-center\"><div class=\"col\"><h6><a class=\"text-dark\" href=\"https:\/\/comunidad.comprasdominicana.gob.do\/\/Public\/Tendering\/OpportunityDetail\/Index?noticeUID=DO1.NTC.1482007\" title=\"Ver\" target=\"_blank\">INESPRE-DAF-CD-2024-0057<\/a><\/h6><p class=\"mb-0 bold\">Adquisici\u00f3n de papel de ba\u00f1o, servilletas y otros (Compra Verde)<\/p><p class=\"mb-0\" style=\"font-size: .85rem\"><strong title=\"Estado del Proceso\"><i class=\"fas fa-spinner\"><\/i><\/strong> Cancelado<\/p><p class=\"mb-0\" style=\"font-size: .85rem\"><strong title=\"Fecha de Publicaci\u00f3n\"><i class=\"fas fa-calendar-alt\"><\/i><\/strong> Publicado el mi\u00e9rcoles, 4 de diciembre de 2024<\/p><\/div><div class=\"col-auto mt-md-0 mt-2\"><a class=\"btn btn-primary btn-lg px-lg-4 d-none d-md-block\" href=\"https:\/\/comunidad.comprasdominicana.gob.do\/\/Public\/Tendering\/OpportunityDetail\/Index?noticeUID=DO1.NTC.1482007\" target=\"_blank\" title=\"Detalles\"><i class=\"fas fa-link\"><\/i> DETALLES<\/a><a class=\"btn btn-primary btn-lg px-lg-4 d-block d-md-none\" href=\"https:\/\/comunidad.comprasdominicana.gob.do\/\/Public\/Tendering\/OpportunityDetail\/Index?noticeUID=DO1.NTC.1482007\" target=\"_blank\" title=\"Detalles\"><i class=\"fas fa-2x fa-link\"><\/i><\/a><\/div><\/div><\/div><div class=\"jumbotron archivos\"><div class=\"row align-items-center\"><div class=\"col\"><h6><a class=\"text-dark\" href=\"https:\/\/comunidad.comprasdominicana.gob.do\/\/Public\/Tendering\/OpportunityDetail\/Index?noticeUID=DO1.NTC.1481721\" title=\"Ver\" target=\"_blank\">INESPRE-DAF-CD-2024-0056<\/a><\/h6><p class=\"mb-0 bold\">Adquisici\u00f3n de agua embotellada<\/p><p class=\"mb-0\" style=\"font-size: .85rem\"><strong title=\"Estado del Proceso\"><i class=\"fas fa-spinner\"><\/i><\/strong> Proceso adjudicado y celebrado<\/p><p class=\"mb-0\" style=\"font-size: .85rem\"><strong title=\"Fecha de Publicaci\u00f3n\"><i class=\"fas fa-calendar-alt\"><\/i><\/strong> Publicado el martes, 3 de diciembre de 2024<\/p><\/div><div class=\"col-auto mt-md-0 mt-2\"><a class=\"btn btn-primary btn-lg px-lg-4 d-none d-md-block\" href=\"https:\/\/comunidad.comprasdominicana.gob.do\/\/Public\/Tendering\/OpportunityDetail\/Index?noticeUID=DO1.NTC.1481721\" target=\"_blank\" title=\"Detalles\"><i class=\"fas fa-link\"><\/i> DETALLES<\/a><a class=\"btn btn-primary btn-lg px-lg-4 d-block d-md-none\" href=\"https:\/\/comunidad.comprasdominicana.gob.do\/\/Public\/Tendering\/OpportunityDetail\/Index?noticeUID=DO1.NTC.1481721\" target=\"_blank\" title=\"Detalles\"><i class=\"fas fa-2x fa-link\"><\/i><\/a><\/div><\/div><\/div><\/div><\/div><\/div>\n        <div class=\"card\">\n            <div class=\"card-header parents\" id=\"heading_compras-por-debajo-del-umbral-69f73f7454400-2024-69f73f7454400-noviembre-69f73f7454400\">\n                <p class=\"title text-blue mb-0\">\n                    <a class=\"btn-block hover text-left collapsed\" data-toggle=\"collapse\" data-target=\"#collap_compras-por-debajo-del-umbral-69f73f7454400-2024-69f73f7454400-noviembre-69f73f7454400\" aria-expanded=\"false\" aria-controls=\"collap_compras-por-debajo-del-umbral-69f73f7454400-2024-69f73f7454400-noviembre-69f73f7454400\">Noviembre<\/a>\n                <\/p>\n            <\/div>\n            <div id=\"collap_compras-por-debajo-del-umbral-69f73f7454400-2024-69f73f7454400-noviembre-69f73f7454400\" class=\"collapse\" aria-labelledby=\"heading_compras-por-debajo-del-umbral-69f73f7454400-2024-69f73f7454400-noviembre-69f73f7454400\" data-parent=\"#collap_compras-por-debajo-del-umbral-69f73f7454400-2024-69f73f7454400\">\n                <div class=\"card-body\"><div class=\"jumbotron archivos\"><div class=\"row align-items-center\"><div class=\"col\"><h6><a class=\"text-dark\" href=\"https:\/\/comunidad.comprasdominicana.gob.do\/\/Public\/Tendering\/OpportunityDetail\/Index?noticeUID=DO1.NTC.1477841\" title=\"Ver\" target=\"_blank\">INESPRE-DAF-CD-2024-0055<\/a><\/h6><p class=\"mb-0 bold\">Servicio de Chocolate Caliente de la Bienvenida Navide\u00f1a<\/p><p class=\"mb-0\" style=\"font-size: .85rem\"><strong title=\"Estado del Proceso\"><i class=\"fas fa-spinner\"><\/i><\/strong> Proceso adjudicado y celebrado<\/p><p class=\"mb-0\" style=\"font-size: .85rem\"><strong title=\"Fecha de Publicaci\u00f3n\"><i class=\"fas fa-calendar-alt\"><\/i><\/strong> Publicado el lunes, 25 de noviembre de 2024<\/p><\/div><div class=\"col-auto mt-md-0 mt-2\"><a class=\"btn btn-primary btn-lg px-lg-4 d-none d-md-block\" href=\"https:\/\/comunidad.comprasdominicana.gob.do\/\/Public\/Tendering\/OpportunityDetail\/Index?noticeUID=DO1.NTC.1477841\" target=\"_blank\" title=\"Detalles\"><i class=\"fas fa-link\"><\/i> DETALLES<\/a><a class=\"btn btn-primary btn-lg px-lg-4 d-block d-md-none\" href=\"https:\/\/comunidad.comprasdominicana.gob.do\/\/Public\/Tendering\/OpportunityDetail\/Index?noticeUID=DO1.NTC.1477841\" target=\"_blank\" title=\"Detalles\"><i class=\"fas fa-2x fa-link\"><\/i><\/a><\/div><\/div><\/div><div class=\"jumbotron archivos\"><div class=\"row align-items-center\"><div class=\"col\"><h6><a class=\"text-dark\" href=\"https:\/\/comunidad.comprasdominicana.gob.do\/\/Public\/Tendering\/OpportunityDetail\/Index?noticeUID=DO1.NTC.1477912\" title=\"Ver\" target=\"_blank\">INESPRE-DAF-CD-2024-0054<\/a><\/h6><p class=\"mb-0 bold\">Servicio de Publicidad Institucional<\/p><p class=\"mb-0\" style=\"font-size: .85rem\"><strong title=\"Estado del Proceso\"><i class=\"fas fa-spinner\"><\/i><\/strong> Proceso adjudicado y celebrado<\/p><p class=\"mb-0\" style=\"font-size: .85rem\"><strong title=\"Fecha de Publicaci\u00f3n\"><i class=\"fas fa-calendar-alt\"><\/i><\/strong> Publicado el lunes, 25 de noviembre de 2024<\/p><\/div><div class=\"col-auto mt-md-0 mt-2\"><a class=\"btn btn-primary btn-lg px-lg-4 d-none d-md-block\" href=\"https:\/\/comunidad.comprasdominicana.gob.do\/\/Public\/Tendering\/OpportunityDetail\/Index?noticeUID=DO1.NTC.1477912\" target=\"_blank\" title=\"Detalles\"><i class=\"fas fa-link\"><\/i> DETALLES<\/a><a class=\"btn btn-primary btn-lg px-lg-4 d-block d-md-none\" href=\"https:\/\/comunidad.comprasdominicana.gob.do\/\/Public\/Tendering\/OpportunityDetail\/Index?noticeUID=DO1.NTC.1477912\" target=\"_blank\" title=\"Detalles\"><i class=\"fas fa-2x fa-link\"><\/i><\/a><\/div><\/div><\/div><div class=\"jumbotron archivos\"><div class=\"row align-items-center\"><div class=\"col\"><h6><a class=\"text-dark\" href=\"https:\/\/comunidad.comprasdominicana.gob.do\/\/Public\/Tendering\/OpportunityDetail\/Index?noticeUID=DO1.NTC.1477444\" title=\"Ver\" target=\"_blank\">INESPRE-DAF-CD-2024-0053<\/a><\/h6><p class=\"mb-0 bold\">Servicio de Publicidad Institucional<\/p><p class=\"mb-0\" style=\"font-size: .85rem\"><strong title=\"Estado del Proceso\"><i class=\"fas fa-spinner\"><\/i><\/strong> Proceso adjudicado y celebrado<\/p><p class=\"mb-0\" style=\"font-size: .85rem\"><strong title=\"Fecha de Publicaci\u00f3n\"><i class=\"fas fa-calendar-alt\"><\/i><\/strong> Publicado el viernes, 22 de noviembre de 2024<\/p><\/div><div class=\"col-auto mt-md-0 mt-2\"><a class=\"btn btn-primary btn-lg px-lg-4 d-none d-md-block\" href=\"https:\/\/comunidad.comprasdominicana.gob.do\/\/Public\/Tendering\/OpportunityDetail\/Index?noticeUID=DO1.NTC.1477444\" target=\"_blank\" title=\"Detalles\"><i class=\"fas fa-link\"><\/i> DETALLES<\/a><a class=\"btn btn-primary btn-lg px-lg-4 d-block d-md-none\" href=\"https:\/\/comunidad.comprasdominicana.gob.do\/\/Public\/Tendering\/OpportunityDetail\/Index?noticeUID=DO1.NTC.1477444\" target=\"_blank\" title=\"Detalles\"><i class=\"fas fa-2x fa-link\"><\/i><\/a><\/div><\/div><\/div><div class=\"jumbotron archivos\"><div class=\"row align-items-center\"><div class=\"col\"><h6><a class=\"text-dark\" href=\"https:\/\/comunidad.comprasdominicana.gob.do\/\/Public\/Tendering\/OpportunityDetail\/Index?noticeUID=DO1.NTC.1477436\" title=\"Ver\" target=\"_blank\">INESPRE-DAF-CD-2024-0052<\/a><\/h6><p class=\"mb-0 bold\">Servicio de Catering para el Directorio Ejecutivo<\/p><p class=\"mb-0\" style=\"font-size: .85rem\"><strong title=\"Estado del Proceso\"><i class=\"fas fa-spinner\"><\/i><\/strong> Proceso adjudicado y celebrado<\/p><p class=\"mb-0\" style=\"font-size: .85rem\"><strong title=\"Fecha de Publicaci\u00f3n\"><i class=\"fas fa-calendar-alt\"><\/i><\/strong> Publicado el viernes, 22 de noviembre de 2024<\/p><\/div><div class=\"col-auto mt-md-0 mt-2\"><a class=\"btn btn-primary btn-lg px-lg-4 d-none d-md-block\" href=\"https:\/\/comunidad.comprasdominicana.gob.do\/\/Public\/Tendering\/OpportunityDetail\/Index?noticeUID=DO1.NTC.1477436\" target=\"_blank\" title=\"Detalles\"><i class=\"fas fa-link\"><\/i> DETALLES<\/a><a class=\"btn btn-primary btn-lg px-lg-4 d-block d-md-none\" href=\"https:\/\/comunidad.comprasdominicana.gob.do\/\/Public\/Tendering\/OpportunityDetail\/Index?noticeUID=DO1.NTC.1477436\" target=\"_blank\" title=\"Detalles\"><i class=\"fas fa-2x fa-link\"><\/i><\/a><\/div><\/div><\/div><div class=\"jumbotron archivos\"><div class=\"row align-items-center\"><div class=\"col\"><h6><a class=\"text-dark\" href=\"https:\/\/comunidad.comprasdominicana.gob.do\/\/Public\/Tendering\/OpportunityDetail\/Index?noticeUID=DO1.NTC.1475445\" title=\"Ver\" target=\"_blank\">INESPRE-DAF-CD-2024-0051<\/a><\/h6><p class=\"mb-0 bold\">Servicio de coro para misa del 55 Aniversario <\/p><p class=\"mb-0\" style=\"font-size: .85rem\"><strong title=\"Estado del Proceso\"><i class=\"fas fa-spinner\"><\/i><\/strong> Proceso adjudicado y celebrado<\/p><p class=\"mb-0\" style=\"font-size: .85rem\"><strong title=\"Fecha de Publicaci\u00f3n\"><i class=\"fas fa-calendar-alt\"><\/i><\/strong> Publicado el martes, 19 de noviembre de 2024<\/p><\/div><div class=\"col-auto mt-md-0 mt-2\"><a class=\"btn btn-primary btn-lg px-lg-4 d-none d-md-block\" href=\"https:\/\/comunidad.comprasdominicana.gob.do\/\/Public\/Tendering\/OpportunityDetail\/Index?noticeUID=DO1.NTC.1475445\" target=\"_blank\" title=\"Detalles\"><i class=\"fas fa-link\"><\/i> DETALLES<\/a><a class=\"btn btn-primary btn-lg px-lg-4 d-block d-md-none\" href=\"https:\/\/comunidad.comprasdominicana.gob.do\/\/Public\/Tendering\/OpportunityDetail\/Index?noticeUID=DO1.NTC.1475445\" target=\"_blank\" title=\"Detalles\"><i class=\"fas fa-2x fa-link\"><\/i><\/a><\/div><\/div><\/div><div class=\"jumbotron archivos\"><div class=\"row align-items-center\"><div class=\"col\"><h6><a class=\"text-dark\" href=\"https:\/\/comunidad.comprasdominicana.gob.do\/\/Public\/Tendering\/OpportunityDetail\/Index?noticeUID=DO1.NTC.1474936\" title=\"Ver\" target=\"_blank\">INESPRE-DAF-CD-2024-0050<\/a><\/h6><p class=\"mb-0 bold\">Adquisici\u00f3n de agua embotellada (compras verdes)<\/p><p class=\"mb-0\" style=\"font-size: .85rem\"><strong title=\"Estado del Proceso\"><i class=\"fas fa-spinner\"><\/i><\/strong> Proceso adjudicado y celebrado<\/p><p class=\"mb-0\" style=\"font-size: .85rem\"><strong title=\"Fecha de Publicaci\u00f3n\"><i class=\"fas fa-calendar-alt\"><\/i><\/strong> Publicado el martes, 19 de noviembre de 2024<\/p><\/div><div class=\"col-auto mt-md-0 mt-2\"><a class=\"btn btn-primary btn-lg px-lg-4 d-none d-md-block\" href=\"https:\/\/comunidad.comprasdominicana.gob.do\/\/Public\/Tendering\/OpportunityDetail\/Index?noticeUID=DO1.NTC.1474936\" target=\"_blank\" title=\"Detalles\"><i class=\"fas fa-link\"><\/i> DETALLES<\/a><a class=\"btn btn-primary btn-lg px-lg-4 d-block d-md-none\" href=\"https:\/\/comunidad.comprasdominicana.gob.do\/\/Public\/Tendering\/OpportunityDetail\/Index?noticeUID=DO1.NTC.1474936\" target=\"_blank\" title=\"Detalles\"><i class=\"fas fa-2x fa-link\"><\/i><\/a><\/div><\/div><\/div><div class=\"jumbotron archivos\"><div class=\"row align-items-center\"><div class=\"col\"><h6><a class=\"text-dark\" href=\"https:\/\/comunidad.comprasdominicana.gob.do\/\/Public\/Tendering\/OpportunityDetail\/Index?noticeUID=DO1.NTC.1470753\" title=\"Ver\" target=\"_blank\">INESPRE-DAF-CD-2024-0047<\/a><\/h6><p class=\"mb-0 bold\">Adquisici\u00f3n de agua embotellada (Compras Verdes)<\/p><p class=\"mb-0\" style=\"font-size: .85rem\"><strong title=\"Estado del Proceso\"><i class=\"fas fa-spinner\"><\/i><\/strong> Proceso adjudicado y celebrado<\/p><p class=\"mb-0\" style=\"font-size: .85rem\"><strong title=\"Fecha de Publicaci\u00f3n\"><i class=\"fas fa-calendar-alt\"><\/i><\/strong> Publicado el viernes, 8 de noviembre de 2024<\/p><\/div><div class=\"col-auto mt-md-0 mt-2\"><a class=\"btn btn-primary btn-lg px-lg-4 d-none d-md-block\" href=\"https:\/\/comunidad.comprasdominicana.gob.do\/\/Public\/Tendering\/OpportunityDetail\/Index?noticeUID=DO1.NTC.1470753\" target=\"_blank\" title=\"Detalles\"><i class=\"fas fa-link\"><\/i> DETALLES<\/a><a class=\"btn btn-primary btn-lg px-lg-4 d-block d-md-none\" href=\"https:\/\/comunidad.comprasdominicana.gob.do\/\/Public\/Tendering\/OpportunityDetail\/Index?noticeUID=DO1.NTC.1470753\" target=\"_blank\" title=\"Detalles\"><i class=\"fas fa-2x fa-link\"><\/i><\/a><\/div><\/div><\/div><div class=\"jumbotron archivos\"><div class=\"row align-items-center\"><div class=\"col\"><h6><a class=\"text-dark\" href=\"https:\/\/comunidad.comprasdominicana.gob.do\/\/Public\/Tendering\/OpportunityDetail\/Index?noticeUID=DO1.NTC.1468625\" title=\"Ver\" target=\"_blank\">INESPRE-DAF-CD-2024-0048<\/a><\/h6><p class=\"mb-0 bold\">Adquisici\u00f3n de chalecos reflectivos<\/p><p class=\"mb-0\" style=\"font-size: .85rem\"><strong title=\"Estado del Proceso\"><i class=\"fas fa-spinner\"><\/i><\/strong> Proceso adjudicado y celebrado<\/p><p class=\"mb-0\" style=\"font-size: .85rem\"><strong title=\"Fecha de Publicaci\u00f3n\"><i class=\"fas fa-calendar-alt\"><\/i><\/strong> Publicado el viernes, 1 de noviembre de 2024<\/p><\/div><div class=\"col-auto mt-md-0 mt-2\"><a class=\"btn btn-primary btn-lg px-lg-4 d-none d-md-block\" href=\"https:\/\/comunidad.comprasdominicana.gob.do\/\/Public\/Tendering\/OpportunityDetail\/Index?noticeUID=DO1.NTC.1468625\" target=\"_blank\" title=\"Detalles\"><i class=\"fas fa-link\"><\/i> DETALLES<\/a><a class=\"btn btn-primary btn-lg px-lg-4 d-block d-md-none\" href=\"https:\/\/comunidad.comprasdominicana.gob.do\/\/Public\/Tendering\/OpportunityDetail\/Index?noticeUID=DO1.NTC.1468625\" target=\"_blank\" title=\"Detalles\"><i class=\"fas fa-2x fa-link\"><\/i><\/a><\/div><\/div><\/div><\/div><\/div><\/div>\n        <div class=\"card\">\n            <div class=\"card-header parents\" id=\"heading_compras-por-debajo-del-umbral-69f73f7454400-2024-69f73f7454400-octubre-69f73f7454400\">\n                <p class=\"title text-blue mb-0\">\n                    <a class=\"btn-block hover text-left collapsed\" data-toggle=\"collapse\" data-target=\"#collap_compras-por-debajo-del-umbral-69f73f7454400-2024-69f73f7454400-octubre-69f73f7454400\" aria-expanded=\"false\" aria-controls=\"collap_compras-por-debajo-del-umbral-69f73f7454400-2024-69f73f7454400-octubre-69f73f7454400\">Octubre<\/a>\n                <\/p>\n            <\/div>\n            <div id=\"collap_compras-por-debajo-del-umbral-69f73f7454400-2024-69f73f7454400-octubre-69f73f7454400\" class=\"collapse\" aria-labelledby=\"heading_compras-por-debajo-del-umbral-69f73f7454400-2024-69f73f7454400-octubre-69f73f7454400\" data-parent=\"#collap_compras-por-debajo-del-umbral-69f73f7454400-2024-69f73f7454400\">\n                <div class=\"card-body\"><div class=\"jumbotron archivos\"><div class=\"row align-items-center\"><div class=\"col\"><h6><a class=\"text-dark\" href=\"https:\/\/comunidad.comprasdominicana.gob.do\/\/Public\/Tendering\/OpportunityDetail\/Index?noticeUID=DO1.NTC.1467932\" title=\"Ver\" target=\"_blank\">INESPRE-DAF-CD-2024-0049<\/a><\/h6><p class=\"mb-0 bold\">Servicio de Catering para Taller Planificaci\u00f3n del Proceso de Gesti\u00f3n y Evaluaci\u00f3n Laboral<\/p><p class=\"mb-0\" style=\"font-size: .85rem\"><strong title=\"Estado del Proceso\"><i class=\"fas fa-spinner\"><\/i><\/strong> Proceso adjudicado y celebrado<\/p><p class=\"mb-0\" style=\"font-size: .85rem\"><strong title=\"Fecha de Publicaci\u00f3n\"><i class=\"fas fa-calendar-alt\"><\/i><\/strong> Publicado el jueves, 31 de octubre de 2024<\/p><\/div><div class=\"col-auto mt-md-0 mt-2\"><a class=\"btn btn-primary btn-lg px-lg-4 d-none d-md-block\" href=\"https:\/\/comunidad.comprasdominicana.gob.do\/\/Public\/Tendering\/OpportunityDetail\/Index?noticeUID=DO1.NTC.1467932\" target=\"_blank\" title=\"Detalles\"><i class=\"fas fa-link\"><\/i> DETALLES<\/a><a class=\"btn btn-primary btn-lg px-lg-4 d-block d-md-none\" href=\"https:\/\/comunidad.comprasdominicana.gob.do\/\/Public\/Tendering\/OpportunityDetail\/Index?noticeUID=DO1.NTC.1467932\" target=\"_blank\" title=\"Detalles\"><i class=\"fas fa-2x fa-link\"><\/i><\/a><\/div><\/div><\/div><\/div><\/div><\/div>\n        <div class=\"card\">\n            <div class=\"card-header parents\" id=\"heading_compras-por-debajo-del-umbral-69f73f7454400-2024-69f73f7454400-septiembre-69f73f7454400\">\n                <p class=\"title text-blue mb-0\">\n                    <a class=\"btn-block hover text-left collapsed\" data-toggle=\"collapse\" data-target=\"#collap_compras-por-debajo-del-umbral-69f73f7454400-2024-69f73f7454400-septiembre-69f73f7454400\" aria-expanded=\"false\" aria-controls=\"collap_compras-por-debajo-del-umbral-69f73f7454400-2024-69f73f7454400-septiembre-69f73f7454400\">Septiembre<\/a>\n                <\/p>\n            <\/div>\n            <div id=\"collap_compras-por-debajo-del-umbral-69f73f7454400-2024-69f73f7454400-septiembre-69f73f7454400\" class=\"collapse\" aria-labelledby=\"heading_compras-por-debajo-del-umbral-69f73f7454400-2024-69f73f7454400-septiembre-69f73f7454400\" data-parent=\"#collap_compras-por-debajo-del-umbral-69f73f7454400-2024-69f73f7454400\">\n                <div class=\"card-body\"><div class=\"jumbotron archivos\"><div class=\"row align-items-center\"><div class=\"col\"><h6><a class=\"text-dark\" href=\"https:\/\/comunidad.comprasdominicana.gob.do\/\/Public\/Tendering\/OpportunityDetail\/Index?noticeUID=DO1.NTC.1453833\" title=\"Ver\" target=\"_blank\">INESPRE-DAF-CD-2024-0046<\/a><\/h6><p class=\"mb-0 bold\">Adquisicion de Sellos Gomigrafos Pretintados<\/p><p class=\"mb-0\" style=\"font-size: .85rem\"><strong title=\"Estado del Proceso\"><i class=\"fas fa-spinner\"><\/i><\/strong> Proceso adjudicado y celebrado<\/p><p class=\"mb-0\" style=\"font-size: .85rem\"><strong title=\"Fecha de Publicaci\u00f3n\"><i class=\"fas fa-calendar-alt\"><\/i><\/strong> Publicado el lunes, 30 de septiembre de 2024<\/p><\/div><div class=\"col-auto mt-md-0 mt-2\"><a class=\"btn btn-primary btn-lg px-lg-4 d-none d-md-block\" href=\"https:\/\/comunidad.comprasdominicana.gob.do\/\/Public\/Tendering\/OpportunityDetail\/Index?noticeUID=DO1.NTC.1453833\" target=\"_blank\" title=\"Detalles\"><i class=\"fas fa-link\"><\/i> DETALLES<\/a><a class=\"btn btn-primary btn-lg px-lg-4 d-block d-md-none\" href=\"https:\/\/comunidad.comprasdominicana.gob.do\/\/Public\/Tendering\/OpportunityDetail\/Index?noticeUID=DO1.NTC.1453833\" target=\"_blank\" title=\"Detalles\"><i class=\"fas fa-2x fa-link\"><\/i><\/a><\/div><\/div><\/div><div class=\"jumbotron archivos\"><div class=\"row align-items-center\"><div class=\"col\"><h6><a class=\"text-dark\" href=\"https:\/\/comunidad.comprasdominicana.gob.do\/\/Public\/Tendering\/OpportunityDetail\/Index?noticeUID=DO1.NTC.1445512\" title=\"Ver\" target=\"_blank\">INESPRE-DAF-CD-2024-0045<\/a><\/h6><p class=\"mb-0 bold\">Adquisici\u00f3n de lapiceros detectores de billetes falsos<\/p><p class=\"mb-0\" style=\"font-size: .85rem\"><strong title=\"Estado del Proceso\"><i class=\"fas fa-spinner\"><\/i><\/strong> Proceso adjudicado y celebrado<\/p><p class=\"mb-0\" style=\"font-size: .85rem\"><strong title=\"Fecha de Publicaci\u00f3n\"><i class=\"fas fa-calendar-alt\"><\/i><\/strong> Publicado el mi\u00e9rcoles, 11 de septiembre de 2024<\/p><\/div><div class=\"col-auto mt-md-0 mt-2\"><a class=\"btn btn-primary btn-lg px-lg-4 d-none d-md-block\" href=\"https:\/\/comunidad.comprasdominicana.gob.do\/\/Public\/Tendering\/OpportunityDetail\/Index?noticeUID=DO1.NTC.1445512\" target=\"_blank\" title=\"Detalles\"><i class=\"fas fa-link\"><\/i> DETALLES<\/a><a class=\"btn btn-primary btn-lg px-lg-4 d-block d-md-none\" href=\"https:\/\/comunidad.comprasdominicana.gob.do\/\/Public\/Tendering\/OpportunityDetail\/Index?noticeUID=DO1.NTC.1445512\" target=\"_blank\" title=\"Detalles\"><i class=\"fas fa-2x fa-link\"><\/i><\/a><\/div><\/div><\/div><div class=\"jumbotron archivos\"><div class=\"row align-items-center\"><div class=\"col\"><h6><a class=\"text-dark\" href=\"https:\/\/comunidad.comprasdominicana.gob.do\/\/Public\/Tendering\/OpportunityDetail\/Index?noticeUID=DO1.NTC.1445414\" title=\"Ver\" target=\"_blank\">INESPRE-DAF-CD-2024-0044<\/a><\/h6><p class=\"mb-0 bold\">Adquisici\u00f3n de maquinas contadoras de dinero<\/p><p class=\"mb-0\" style=\"font-size: .85rem\"><strong title=\"Estado del Proceso\"><i class=\"fas fa-spinner\"><\/i><\/strong> Proceso adjudicado y celebrado<\/p><p class=\"mb-0\" style=\"font-size: .85rem\"><strong title=\"Fecha de Publicaci\u00f3n\"><i class=\"fas fa-calendar-alt\"><\/i><\/strong> Publicado el mi\u00e9rcoles, 11 de septiembre de 2024<\/p><\/div><div class=\"col-auto mt-md-0 mt-2\"><a class=\"btn btn-primary btn-lg px-lg-4 d-none d-md-block\" href=\"https:\/\/comunidad.comprasdominicana.gob.do\/\/Public\/Tendering\/OpportunityDetail\/Index?noticeUID=DO1.NTC.1445414\" target=\"_blank\" title=\"Detalles\"><i class=\"fas fa-link\"><\/i> DETALLES<\/a><a class=\"btn btn-primary btn-lg px-lg-4 d-block d-md-none\" href=\"https:\/\/comunidad.comprasdominicana.gob.do\/\/Public\/Tendering\/OpportunityDetail\/Index?noticeUID=DO1.NTC.1445414\" target=\"_blank\" title=\"Detalles\"><i class=\"fas fa-2x fa-link\"><\/i><\/a><\/div><\/div><\/div><div class=\"jumbotron archivos\"><div class=\"row align-items-center\"><div class=\"col\"><h6><a class=\"text-dark\" href=\"https:\/\/comunidad.comprasdominicana.gob.do\/\/Public\/Tendering\/OpportunityDetail\/Index?noticeUID=DO1.NTC.1444923\" title=\"Ver\" target=\"_blank\">INESPRE-DAF-CD-2024-0043<\/a><\/h6><p class=\"mb-0 bold\">Servicio de publicaci\u00f3n en dos (02) peri\u00f3dicos de circulaci\u00f3n nacional para el procedimiento de Urgencia de referencia INESPRE-MAE-PEUR-2024-0002<\/p><p class=\"mb-0\" style=\"font-size: .85rem\"><strong title=\"Estado del Proceso\"><i class=\"fas fa-spinner\"><\/i><\/strong> Proceso adjudicado y celebrado<\/p><p class=\"mb-0\" style=\"font-size: .85rem\"><strong title=\"Fecha de Publicaci\u00f3n\"><i class=\"fas fa-calendar-alt\"><\/i><\/strong> Publicado el martes, 10 de septiembre de 2024<\/p><\/div><div class=\"col-auto mt-md-0 mt-2\"><a class=\"btn btn-primary btn-lg px-lg-4 d-none d-md-block\" href=\"https:\/\/comunidad.comprasdominicana.gob.do\/\/Public\/Tendering\/OpportunityDetail\/Index?noticeUID=DO1.NTC.1444923\" target=\"_blank\" title=\"Detalles\"><i class=\"fas fa-link\"><\/i> DETALLES<\/a><a class=\"btn btn-primary btn-lg px-lg-4 d-block d-md-none\" href=\"https:\/\/comunidad.comprasdominicana.gob.do\/\/Public\/Tendering\/OpportunityDetail\/Index?noticeUID=DO1.NTC.1444923\" target=\"_blank\" title=\"Detalles\"><i class=\"fas fa-2x fa-link\"><\/i><\/a><\/div><\/div><\/div><\/div><\/div><\/div>\n        <div class=\"card\">\n            <div class=\"card-header parents\" id=\"heading_compras-por-debajo-del-umbral-69f73f7454400-2024-69f73f7454400-agosto-69f73f7454400\">\n                <p class=\"title text-blue mb-0\">\n                    <a class=\"btn-block hover text-left collapsed\" data-toggle=\"collapse\" data-target=\"#collap_compras-por-debajo-del-umbral-69f73f7454400-2024-69f73f7454400-agosto-69f73f7454400\" aria-expanded=\"false\" aria-controls=\"collap_compras-por-debajo-del-umbral-69f73f7454400-2024-69f73f7454400-agosto-69f73f7454400\">Agosto<\/a>\n                <\/p>\n            <\/div>\n            <div id=\"collap_compras-por-debajo-del-umbral-69f73f7454400-2024-69f73f7454400-agosto-69f73f7454400\" class=\"collapse\" aria-labelledby=\"heading_compras-por-debajo-del-umbral-69f73f7454400-2024-69f73f7454400-agosto-69f73f7454400\" data-parent=\"#collap_compras-por-debajo-del-umbral-69f73f7454400-2024-69f73f7454400\">\n                <div class=\"card-body\"><div class=\"jumbotron archivos\"><div class=\"row align-items-center\"><div class=\"col\"><h6><a class=\"text-dark\" href=\"https:\/\/comunidad.comprasdominicana.gob.do\/\/Public\/Tendering\/OpportunityDetail\/Index?noticeUID=DO1.NTC.1431939\" title=\"Ver\" target=\"_blank\">INESPRE-DAF-CD-2024-0042<\/a><\/h6><p class=\"mb-0 bold\">Servicio de publicidad en canal de transmisi\u00f3n nacional<\/p><p class=\"mb-0\" style=\"font-size: .85rem\"><strong title=\"Estado del Proceso\"><i class=\"fas fa-spinner\"><\/i><\/strong> Proceso adjudicado y celebrado<\/p><p class=\"mb-0\" style=\"font-size: .85rem\"><strong title=\"Fecha de Publicaci\u00f3n\"><i class=\"fas fa-calendar-alt\"><\/i><\/strong> Publicado el mi\u00e9rcoles, 7 de agosto de 2024<\/p><\/div><div class=\"col-auto mt-md-0 mt-2\"><a class=\"btn btn-primary btn-lg px-lg-4 d-none d-md-block\" href=\"https:\/\/comunidad.comprasdominicana.gob.do\/\/Public\/Tendering\/OpportunityDetail\/Index?noticeUID=DO1.NTC.1431939\" target=\"_blank\" title=\"Detalles\"><i class=\"fas fa-link\"><\/i> DETALLES<\/a><a class=\"btn btn-primary btn-lg px-lg-4 d-block d-md-none\" href=\"https:\/\/comunidad.comprasdominicana.gob.do\/\/Public\/Tendering\/OpportunityDetail\/Index?noticeUID=DO1.NTC.1431939\" target=\"_blank\" title=\"Detalles\"><i class=\"fas fa-2x fa-link\"><\/i><\/a><\/div><\/div><\/div><\/div><\/div><\/div>\n        <div class=\"card\">\n            <div class=\"card-header parents\" id=\"heading_compras-por-debajo-del-umbral-69f73f7454400-2024-69f73f7454400-julio-69f73f7454400\">\n                <p class=\"title text-blue mb-0\">\n                    <a class=\"btn-block hover text-left collapsed\" data-toggle=\"collapse\" data-target=\"#collap_compras-por-debajo-del-umbral-69f73f7454400-2024-69f73f7454400-julio-69f73f7454400\" aria-expanded=\"false\" aria-controls=\"collap_compras-por-debajo-del-umbral-69f73f7454400-2024-69f73f7454400-julio-69f73f7454400\">Julio<\/a>\n                <\/p>\n            <\/div>\n            <div id=\"collap_compras-por-debajo-del-umbral-69f73f7454400-2024-69f73f7454400-julio-69f73f7454400\" class=\"collapse\" aria-labelledby=\"heading_compras-por-debajo-del-umbral-69f73f7454400-2024-69f73f7454400-julio-69f73f7454400\" data-parent=\"#collap_compras-por-debajo-del-umbral-69f73f7454400-2024-69f73f7454400\">\n                <div class=\"card-body\"><div class=\"jumbotron archivos\"><div class=\"row align-items-center\"><div class=\"col\"><h6><a class=\"text-dark\" href=\"https:\/\/comunidad.comprasdominicana.gob.do\/\/Public\/Tendering\/OpportunityDetail\/Index?noticeUID=DO1.NTC.1427821\" title=\"Ver\" target=\"_blank\">INESPRE-DAF-CD-2024-0037<\/a><\/h6><p class=\"mb-0 bold\">Adquisici\u00f3n de Utensilios desechables (compras verdes)<\/p><p class=\"mb-0\" style=\"font-size: .85rem\"><strong title=\"Estado del Proceso\"><i class=\"fas fa-spinner\"><\/i><\/strong> Proceso adjudicado y celebrado<\/p><p class=\"mb-0\" style=\"font-size: .85rem\"><strong title=\"Fecha de Publicaci\u00f3n\"><i class=\"fas fa-calendar-alt\"><\/i><\/strong> Publicado el viernes, 26 de julio de 2024<\/p><\/div><div class=\"col-auto mt-md-0 mt-2\"><a class=\"btn btn-primary btn-lg px-lg-4 d-none d-md-block\" href=\"https:\/\/comunidad.comprasdominicana.gob.do\/\/Public\/Tendering\/OpportunityDetail\/Index?noticeUID=DO1.NTC.1427821\" target=\"_blank\" title=\"Detalles\"><i class=\"fas fa-link\"><\/i> DETALLES<\/a><a class=\"btn btn-primary btn-lg px-lg-4 d-block d-md-none\" href=\"https:\/\/comunidad.comprasdominicana.gob.do\/\/Public\/Tendering\/OpportunityDetail\/Index?noticeUID=DO1.NTC.1427821\" target=\"_blank\" title=\"Detalles\"><i class=\"fas fa-2x fa-link\"><\/i><\/a><\/div><\/div><\/div><div class=\"jumbotron archivos\"><div class=\"row align-items-center\"><div class=\"col\"><h6><a class=\"text-dark\" href=\"https:\/\/comunidad.comprasdominicana.gob.do\/\/Public\/Tendering\/OpportunityDetail\/Index?noticeUID=DO1.NTC.1427628\" title=\"Ver\" target=\"_blank\">INESPRE-DAF-CD-2024-0041<\/a><\/h6><p class=\"mb-0 bold\">Adquisici\u00f3n de Colchones y ropa de cama<\/p><p class=\"mb-0\" style=\"font-size: .85rem\"><strong title=\"Estado del Proceso\"><i class=\"fas fa-spinner\"><\/i><\/strong> Proceso adjudicado y celebrado<\/p><p class=\"mb-0\" style=\"font-size: .85rem\"><strong title=\"Fecha de Publicaci\u00f3n\"><i class=\"fas fa-calendar-alt\"><\/i><\/strong> Publicado el viernes, 26 de julio de 2024<\/p><\/div><div class=\"col-auto mt-md-0 mt-2\"><a class=\"btn btn-primary btn-lg px-lg-4 d-none d-md-block\" href=\"https:\/\/comunidad.comprasdominicana.gob.do\/\/Public\/Tendering\/OpportunityDetail\/Index?noticeUID=DO1.NTC.1427628\" target=\"_blank\" title=\"Detalles\"><i class=\"fas fa-link\"><\/i> DETALLES<\/a><a class=\"btn btn-primary btn-lg px-lg-4 d-block d-md-none\" href=\"https:\/\/comunidad.comprasdominicana.gob.do\/\/Public\/Tendering\/OpportunityDetail\/Index?noticeUID=DO1.NTC.1427628\" target=\"_blank\" title=\"Detalles\"><i class=\"fas fa-2x fa-link\"><\/i><\/a><\/div><\/div><\/div><div class=\"jumbotron archivos\"><div class=\"row align-items-center\"><div class=\"col\"><h6><a class=\"text-dark\" href=\"https:\/\/comunidad.comprasdominicana.gob.do\/\/Public\/Tendering\/OpportunityDetail\/Index?noticeUID=DO1.NTC.1427106\" title=\"Ver\" target=\"_blank\">INESPRE-DAF-CD-2024-0039<\/a><\/h6><p class=\"mb-0 bold\">Adquisici\u00f3n de materiales para la confecci\u00f3n de carnets<\/p><p class=\"mb-0\" style=\"font-size: .85rem\"><strong title=\"Estado del Proceso\"><i class=\"fas fa-spinner\"><\/i><\/strong> Proceso adjudicado y celebrado<\/p><p class=\"mb-0\" style=\"font-size: .85rem\"><strong title=\"Fecha de Publicaci\u00f3n\"><i class=\"fas fa-calendar-alt\"><\/i><\/strong> Publicado el jueves, 25 de julio de 2024<\/p><\/div><div class=\"col-auto mt-md-0 mt-2\"><a class=\"btn btn-primary btn-lg px-lg-4 d-none d-md-block\" href=\"https:\/\/comunidad.comprasdominicana.gob.do\/\/Public\/Tendering\/OpportunityDetail\/Index?noticeUID=DO1.NTC.1427106\" target=\"_blank\" title=\"Detalles\"><i class=\"fas fa-link\"><\/i> DETALLES<\/a><a class=\"btn btn-primary btn-lg px-lg-4 d-block d-md-none\" href=\"https:\/\/comunidad.comprasdominicana.gob.do\/\/Public\/Tendering\/OpportunityDetail\/Index?noticeUID=DO1.NTC.1427106\" target=\"_blank\" title=\"Detalles\"><i class=\"fas fa-2x fa-link\"><\/i><\/a><\/div><\/div><\/div><div class=\"jumbotron archivos\"><div class=\"row align-items-center\"><div class=\"col\"><h6><a class=\"text-dark\" href=\"https:\/\/comunidad.comprasdominicana.gob.do\/\/Public\/Tendering\/OpportunityDetail\/Index?noticeUID=DO1.NTC.1426728\" title=\"Ver\" target=\"_blank\">INESPRE-DAF-CD-2024-0040<\/a><\/h6><p class=\"mb-0 bold\">Adquisici\u00f3n de Neveras y Bebederos (compras verdes)<\/p><p class=\"mb-0\" style=\"font-size: .85rem\"><strong title=\"Estado del Proceso\"><i class=\"fas fa-spinner\"><\/i><\/strong> Proceso adjudicado y celebrado<\/p><p class=\"mb-0\" style=\"font-size: .85rem\"><strong title=\"Fecha de Publicaci\u00f3n\"><i class=\"fas fa-calendar-alt\"><\/i><\/strong> Publicado el mi\u00e9rcoles, 24 de julio de 2024<\/p><\/div><div class=\"col-auto mt-md-0 mt-2\"><a class=\"btn btn-primary btn-lg px-lg-4 d-none d-md-block\" href=\"https:\/\/comunidad.comprasdominicana.gob.do\/\/Public\/Tendering\/OpportunityDetail\/Index?noticeUID=DO1.NTC.1426728\" target=\"_blank\" title=\"Detalles\"><i class=\"fas fa-link\"><\/i> DETALLES<\/a><a class=\"btn btn-primary btn-lg px-lg-4 d-block d-md-none\" href=\"https:\/\/comunidad.comprasdominicana.gob.do\/\/Public\/Tendering\/OpportunityDetail\/Index?noticeUID=DO1.NTC.1426728\" target=\"_blank\" title=\"Detalles\"><i class=\"fas fa-2x fa-link\"><\/i><\/a><\/div><\/div><\/div><div class=\"jumbotron archivos\"><div class=\"row align-items-center\"><div class=\"col\"><h6><a class=\"text-dark\" href=\"https:\/\/comunidad.comprasdominicana.gob.do\/\/Public\/Tendering\/OpportunityDetail\/Index?noticeUID=DO1.NTC.1426814\" title=\"Ver\" target=\"_blank\">INESPRE-DAF-CD-2024-0035<\/a><\/h6><p class=\"mb-0 bold\">Servicio de alquiler de veh\u00edculo para el traslado de personal del departamento de Ingenier\u00eda y Arquitectura<\/p><p class=\"mb-0\" style=\"font-size: .85rem\"><strong title=\"Estado del Proceso\"><i class=\"fas fa-spinner\"><\/i><\/strong> Proceso adjudicado y celebrado<\/p><p class=\"mb-0\" style=\"font-size: .85rem\"><strong title=\"Fecha de Publicaci\u00f3n\"><i class=\"fas fa-calendar-alt\"><\/i><\/strong> Publicado el mi\u00e9rcoles, 24 de julio de 2024<\/p><\/div><div class=\"col-auto mt-md-0 mt-2\"><a class=\"btn btn-primary btn-lg px-lg-4 d-none d-md-block\" href=\"https:\/\/comunidad.comprasdominicana.gob.do\/\/Public\/Tendering\/OpportunityDetail\/Index?noticeUID=DO1.NTC.1426814\" target=\"_blank\" title=\"Detalles\"><i class=\"fas fa-link\"><\/i> DETALLES<\/a><a class=\"btn btn-primary btn-lg px-lg-4 d-block d-md-none\" href=\"https:\/\/comunidad.comprasdominicana.gob.do\/\/Public\/Tendering\/OpportunityDetail\/Index?noticeUID=DO1.NTC.1426814\" target=\"_blank\" title=\"Detalles\"><i class=\"fas fa-2x fa-link\"><\/i><\/a><\/div><\/div><\/div><div class=\"jumbotron archivos\"><div class=\"row align-items-center\"><div class=\"col\"><h6><a class=\"text-dark\" href=\"https:\/\/comunidad.comprasdominicana.gob.do\/\/Public\/Tendering\/OpportunityDetail\/Index?noticeUID=DO1.NTC.1426720\" title=\"Ver\" target=\"_blank\">INESPRE-DAF-CD-2024-0036<\/a><\/h6><p class=\"mb-0 bold\">Adquisici\u00f3n de Televisor Plasma de 42 pulgadas<\/p><p class=\"mb-0\" style=\"font-size: .85rem\"><strong title=\"Estado del Proceso\"><i class=\"fas fa-spinner\"><\/i><\/strong> Proceso adjudicado y celebrado<\/p><p class=\"mb-0\" style=\"font-size: .85rem\"><strong title=\"Fecha de Publicaci\u00f3n\"><i class=\"fas fa-calendar-alt\"><\/i><\/strong> Publicado el mi\u00e9rcoles, 24 de julio de 2024<\/p><\/div><div class=\"col-auto mt-md-0 mt-2\"><a class=\"btn btn-primary btn-lg px-lg-4 d-none d-md-block\" href=\"https:\/\/comunidad.comprasdominicana.gob.do\/\/Public\/Tendering\/OpportunityDetail\/Index?noticeUID=DO1.NTC.1426720\" target=\"_blank\" title=\"Detalles\"><i class=\"fas fa-link\"><\/i> DETALLES<\/a><a class=\"btn btn-primary btn-lg px-lg-4 d-block d-md-none\" href=\"https:\/\/comunidad.comprasdominicana.gob.do\/\/Public\/Tendering\/OpportunityDetail\/Index?noticeUID=DO1.NTC.1426720\" target=\"_blank\" title=\"Detalles\"><i class=\"fas fa-2x fa-link\"><\/i><\/a><\/div><\/div><\/div><div class=\"jumbotron archivos\"><div class=\"row align-items-center\"><div class=\"col\"><h6><a class=\"text-dark\" href=\"https:\/\/comunidad.comprasdominicana.gob.do\/\/Public\/Tendering\/OpportunityDetail\/Index?noticeUID=DO1.NTC.1426909\" title=\"Ver\" target=\"_blank\">INESPRE-DAF-CD-2024-0038<\/a><\/h6><p class=\"mb-0 bold\">Adquisici\u00f3n de Agua embotellada<\/p><p class=\"mb-0\" style=\"font-size: .85rem\"><strong title=\"Estado del Proceso\"><i class=\"fas fa-spinner\"><\/i><\/strong> Proceso adjudicado y celebrado<\/p><p class=\"mb-0\" style=\"font-size: .85rem\"><strong title=\"Fecha de Publicaci\u00f3n\"><i class=\"fas fa-calendar-alt\"><\/i><\/strong> Publicado el mi\u00e9rcoles, 24 de julio de 2024<\/p><\/div><div class=\"col-auto mt-md-0 mt-2\"><a class=\"btn btn-primary btn-lg px-lg-4 d-none d-md-block\" href=\"https:\/\/comunidad.comprasdominicana.gob.do\/\/Public\/Tendering\/OpportunityDetail\/Index?noticeUID=DO1.NTC.1426909\" target=\"_blank\" title=\"Detalles\"><i class=\"fas fa-link\"><\/i> DETALLES<\/a><a class=\"btn btn-primary btn-lg px-lg-4 d-block d-md-none\" href=\"https:\/\/comunidad.comprasdominicana.gob.do\/\/Public\/Tendering\/OpportunityDetail\/Index?noticeUID=DO1.NTC.1426909\" target=\"_blank\" title=\"Detalles\"><i class=\"fas fa-2x fa-link\"><\/i><\/a><\/div><\/div><\/div><div class=\"jumbotron archivos\"><div class=\"row align-items-center\"><div class=\"col\"><h6><a class=\"text-dark\" href=\"https:\/\/comunidad.comprasdominicana.gob.do\/\/Public\/Tendering\/OpportunityDetail\/Index?noticeUID=DO1.NTC.1425116\" title=\"Ver\" target=\"_blank\">INESPRE-DAF-CD-2024-0034<\/a><\/h6><p class=\"mb-0 bold\">Adquisici\u00f3n de Guantes de nitrilo biodegradables (Compras Verdes)<\/p><p class=\"mb-0\" style=\"font-size: .85rem\"><strong title=\"Estado del Proceso\"><i class=\"fas fa-spinner\"><\/i><\/strong> Proceso adjudicado y celebrado<\/p><p class=\"mb-0\" style=\"font-size: .85rem\"><strong title=\"Fecha de Publicaci\u00f3n\"><i class=\"fas fa-calendar-alt\"><\/i><\/strong> Publicado el viernes, 19 de julio de 2024<\/p><\/div><div class=\"col-auto mt-md-0 mt-2\"><a class=\"btn btn-primary btn-lg px-lg-4 d-none d-md-block\" href=\"https:\/\/comunidad.comprasdominicana.gob.do\/\/Public\/Tendering\/OpportunityDetail\/Index?noticeUID=DO1.NTC.1425116\" target=\"_blank\" title=\"Detalles\"><i class=\"fas fa-link\"><\/i> DETALLES<\/a><a class=\"btn btn-primary btn-lg px-lg-4 d-block d-md-none\" href=\"https:\/\/comunidad.comprasdominicana.gob.do\/\/Public\/Tendering\/OpportunityDetail\/Index?noticeUID=DO1.NTC.1425116\" target=\"_blank\" title=\"Detalles\"><i class=\"fas fa-2x fa-link\"><\/i><\/a><\/div><\/div><\/div><div class=\"jumbotron archivos\"><div class=\"row align-items-center\"><div class=\"col\"><h6><a class=\"text-dark\" href=\"https:\/\/comunidad.comprasdominicana.gob.do\/\/Public\/Tendering\/OpportunityDetail\/Index?noticeUID=DO1.NTC.1425408\" title=\"Ver\" target=\"_blank\">INESPRE-DAF-CD-2024-0033<\/a><\/h6><p class=\"mb-0 bold\">Suministro e instalaci\u00f3n de Puertas y Ventanas para la gerencia de Santiago de los Caballeros<\/p><p class=\"mb-0\" style=\"font-size: .85rem\"><strong title=\"Estado del Proceso\"><i class=\"fas fa-spinner\"><\/i><\/strong> Proceso adjudicado y celebrado<\/p><p class=\"mb-0\" style=\"font-size: .85rem\"><strong title=\"Fecha de Publicaci\u00f3n\"><i class=\"fas fa-calendar-alt\"><\/i><\/strong> Publicado el viernes, 19 de julio de 2024<\/p><\/div><div class=\"col-auto mt-md-0 mt-2\"><a class=\"btn btn-primary btn-lg px-lg-4 d-none d-md-block\" href=\"https:\/\/comunidad.comprasdominicana.gob.do\/\/Public\/Tendering\/OpportunityDetail\/Index?noticeUID=DO1.NTC.1425408\" target=\"_blank\" title=\"Detalles\"><i class=\"fas fa-link\"><\/i> DETALLES<\/a><a class=\"btn btn-primary btn-lg px-lg-4 d-block d-md-none\" href=\"https:\/\/comunidad.comprasdominicana.gob.do\/\/Public\/Tendering\/OpportunityDetail\/Index?noticeUID=DO1.NTC.1425408\" target=\"_blank\" title=\"Detalles\"><i class=\"fas fa-2x fa-link\"><\/i><\/a><\/div><\/div><\/div><div class=\"jumbotron archivos\"><div class=\"row align-items-center\"><div class=\"col\"><h6><a class=\"text-dark\" href=\"https:\/\/comunidad.comprasdominicana.gob.do\/\/Public\/Tendering\/OpportunityDetail\/Index?noticeUID=DO1.NTC.1424813\" title=\"Ver\" target=\"_blank\">INESPRE-DAF-CD-2024-0032<\/a><\/h6><p class=\"mb-0 bold\">Adquisici\u00f3n de Maquinas Encuadernadoras<\/p><p class=\"mb-0\" style=\"font-size: .85rem\"><strong title=\"Estado del Proceso\"><i class=\"fas fa-spinner\"><\/i><\/strong> Proceso adjudicado y celebrado<\/p><p class=\"mb-0\" style=\"font-size: .85rem\"><strong title=\"Fecha de Publicaci\u00f3n\"><i class=\"fas fa-calendar-alt\"><\/i><\/strong> Publicado el jueves, 18 de julio de 2024<\/p><\/div><div class=\"col-auto mt-md-0 mt-2\"><a class=\"btn btn-primary btn-lg px-lg-4 d-none d-md-block\" href=\"https:\/\/comunidad.comprasdominicana.gob.do\/\/Public\/Tendering\/OpportunityDetail\/Index?noticeUID=DO1.NTC.1424813\" target=\"_blank\" title=\"Detalles\"><i class=\"fas fa-link\"><\/i> DETALLES<\/a><a class=\"btn btn-primary btn-lg px-lg-4 d-block d-md-none\" href=\"https:\/\/comunidad.comprasdominicana.gob.do\/\/Public\/Tendering\/OpportunityDetail\/Index?noticeUID=DO1.NTC.1424813\" target=\"_blank\" title=\"Detalles\"><i class=\"fas fa-2x fa-link\"><\/i><\/a><\/div><\/div><\/div><\/div><\/div><\/div>\n        <div class=\"card\">\n            <div class=\"card-header parents\" id=\"heading_compras-por-debajo-del-umbral-69f73f7454400-2024-69f73f7454400-junio-69f73f7454400\">\n                <p class=\"title text-blue mb-0\">\n                    <a class=\"btn-block hover text-left collapsed\" data-toggle=\"collapse\" data-target=\"#collap_compras-por-debajo-del-umbral-69f73f7454400-2024-69f73f7454400-junio-69f73f7454400\" aria-expanded=\"false\" aria-controls=\"collap_compras-por-debajo-del-umbral-69f73f7454400-2024-69f73f7454400-junio-69f73f7454400\">Junio<\/a>\n                <\/p>\n            <\/div>\n            <div id=\"collap_compras-por-debajo-del-umbral-69f73f7454400-2024-69f73f7454400-junio-69f73f7454400\" class=\"collapse\" aria-labelledby=\"heading_compras-por-debajo-del-umbral-69f73f7454400-2024-69f73f7454400-junio-69f73f7454400\" data-parent=\"#collap_compras-por-debajo-del-umbral-69f73f7454400-2024-69f73f7454400\">\n                <div class=\"card-body\"><div class=\"jumbotron archivos\"><div class=\"row align-items-center\"><div class=\"col\"><h6><a class=\"text-dark\" href=\"https:\/\/comunidad.comprasdominicana.gob.do\/\/Public\/Tendering\/OpportunityDetail\/Index?noticeUID=DO1.NTC.1417973\" title=\"Ver\" target=\"_blank\">INESPRE-DAF-CD-2024-0031<\/a><\/h6><p class=\"mb-0 bold\">Adquisici\u00f3n de materiales de plomer\u00eda para la gerencia de La Vega<\/p><p class=\"mb-0\" style=\"font-size: .85rem\"><strong title=\"Estado del Proceso\"><i class=\"fas fa-spinner\"><\/i><\/strong> Proceso adjudicado y celebrado<\/p><p class=\"mb-0\" style=\"font-size: .85rem\"><strong title=\"Fecha de Publicaci\u00f3n\"><i class=\"fas fa-calendar-alt\"><\/i><\/strong> Publicado el viernes, 28 de junio de 2024<\/p><\/div><div class=\"col-auto mt-md-0 mt-2\"><a class=\"btn btn-primary btn-lg px-lg-4 d-none d-md-block\" href=\"https:\/\/comunidad.comprasdominicana.gob.do\/\/Public\/Tendering\/OpportunityDetail\/Index?noticeUID=DO1.NTC.1417973\" target=\"_blank\" title=\"Detalles\"><i class=\"fas fa-link\"><\/i> DETALLES<\/a><a class=\"btn btn-primary btn-lg px-lg-4 d-block d-md-none\" href=\"https:\/\/comunidad.comprasdominicana.gob.do\/\/Public\/Tendering\/OpportunityDetail\/Index?noticeUID=DO1.NTC.1417973\" target=\"_blank\" title=\"Detalles\"><i class=\"fas fa-2x fa-link\"><\/i><\/a><\/div><\/div><\/div><div class=\"jumbotron archivos\"><div class=\"row align-items-center\"><div class=\"col\"><h6><a class=\"text-dark\" href=\"https:\/\/comunidad.comprasdominicana.gob.do\/\/Public\/Tendering\/OpportunityDetail\/Index?noticeUID=DO1.NTC.1417856\" title=\"Ver\" target=\"_blank\">INESPRE-DAF-CD-2024-0030<\/a><\/h6><p class=\"mb-0 bold\">Adquisici\u00f3n de Materiales el\u00e9ctricos para la gerencia de La Vega<\/p><p class=\"mb-0\" style=\"font-size: .85rem\"><strong title=\"Estado del Proceso\"><i class=\"fas fa-spinner\"><\/i><\/strong> Proceso adjudicado y celebrado<\/p><p class=\"mb-0\" style=\"font-size: .85rem\"><strong title=\"Fecha de Publicaci\u00f3n\"><i class=\"fas fa-calendar-alt\"><\/i><\/strong> Publicado el viernes, 28 de junio de 2024<\/p><\/div><div class=\"col-auto mt-md-0 mt-2\"><a class=\"btn btn-primary btn-lg px-lg-4 d-none d-md-block\" href=\"https:\/\/comunidad.comprasdominicana.gob.do\/\/Public\/Tendering\/OpportunityDetail\/Index?noticeUID=DO1.NTC.1417856\" target=\"_blank\" title=\"Detalles\"><i class=\"fas fa-link\"><\/i> DETALLES<\/a><a class=\"btn btn-primary btn-lg px-lg-4 d-block d-md-none\" href=\"https:\/\/comunidad.comprasdominicana.gob.do\/\/Public\/Tendering\/OpportunityDetail\/Index?noticeUID=DO1.NTC.1417856\" target=\"_blank\" title=\"Detalles\"><i class=\"fas fa-2x fa-link\"><\/i><\/a><\/div><\/div><\/div><div class=\"jumbotron archivos\"><div class=\"row align-items-center\"><div class=\"col\"><h6><a class=\"text-dark\" href=\"https:\/\/comunidad.comprasdominicana.gob.do\/\/Public\/Tendering\/OpportunityDetail\/Index?noticeUID=DO1.NTC.1417636\" title=\"Ver\" target=\"_blank\">INESPRE-DAF-CD-2024-0029<\/a><\/h6><p class=\"mb-0 bold\">Servicio de Catering para ser utilizado en la auditoria de certificaci\u00f3n de Sistema de Gesti\u00f3n (SGI) <\/p><p class=\"mb-0\" style=\"font-size: .85rem\"><strong title=\"Estado del Proceso\"><i class=\"fas fa-spinner\"><\/i><\/strong> Proceso adjudicado y celebrado<\/p><p class=\"mb-0\" style=\"font-size: .85rem\"><strong title=\"Fecha de Publicaci\u00f3n\"><i class=\"fas fa-calendar-alt\"><\/i><\/strong> Publicado el viernes, 28 de junio de 2024<\/p><\/div><div class=\"col-auto mt-md-0 mt-2\"><a class=\"btn btn-primary btn-lg px-lg-4 d-none d-md-block\" href=\"https:\/\/comunidad.comprasdominicana.gob.do\/\/Public\/Tendering\/OpportunityDetail\/Index?noticeUID=DO1.NTC.1417636\" target=\"_blank\" title=\"Detalles\"><i class=\"fas fa-link\"><\/i> DETALLES<\/a><a class=\"btn btn-primary btn-lg px-lg-4 d-block d-md-none\" href=\"https:\/\/comunidad.comprasdominicana.gob.do\/\/Public\/Tendering\/OpportunityDetail\/Index?noticeUID=DO1.NTC.1417636\" target=\"_blank\" title=\"Detalles\"><i class=\"fas fa-2x fa-link\"><\/i><\/a><\/div><\/div><\/div><div class=\"jumbotron archivos\"><div class=\"row align-items-center\"><div class=\"col\"><h6><a class=\"text-dark\" href=\"https:\/\/comunidad.comprasdominicana.gob.do\/\/Public\/Tendering\/OpportunityDetail\/Index?noticeUID=DO1.NTC.1418031\" title=\"Ver\" target=\"_blank\">INESPRE-DAF-CD-2024-0027<\/a><\/h6><p class=\"mb-0 bold\">Servicio de Internet en fibra \u00f3ptica por un a\u00f1o<\/p><p class=\"mb-0\" style=\"font-size: .85rem\"><strong title=\"Estado del Proceso\"><i class=\"fas fa-spinner\"><\/i><\/strong> Proceso adjudicado y celebrado<\/p><p class=\"mb-0\" style=\"font-size: .85rem\"><strong title=\"Fecha de Publicaci\u00f3n\"><i class=\"fas fa-calendar-alt\"><\/i><\/strong> Publicado el viernes, 28 de junio de 2024<\/p><\/div><div class=\"col-auto mt-md-0 mt-2\"><a class=\"btn btn-primary btn-lg px-lg-4 d-none d-md-block\" href=\"https:\/\/comunidad.comprasdominicana.gob.do\/\/Public\/Tendering\/OpportunityDetail\/Index?noticeUID=DO1.NTC.1418031\" target=\"_blank\" title=\"Detalles\"><i class=\"fas fa-link\"><\/i> DETALLES<\/a><a class=\"btn btn-primary btn-lg px-lg-4 d-block d-md-none\" href=\"https:\/\/comunidad.comprasdominicana.gob.do\/\/Public\/Tendering\/OpportunityDetail\/Index?noticeUID=DO1.NTC.1418031\" target=\"_blank\" title=\"Detalles\"><i class=\"fas fa-2x fa-link\"><\/i><\/a><\/div><\/div><\/div><div class=\"jumbotron archivos\"><div class=\"row align-items-center\"><div class=\"col\"><h6><a class=\"text-dark\" href=\"https:\/\/comunidad.comprasdominicana.gob.do\/\/Public\/Tendering\/OpportunityDetail\/Index?noticeUID=DO1.NTC.1417830\" title=\"Ver\" target=\"_blank\">INESPRE-DAF-CD-2024-0026<\/a><\/h6><p class=\"mb-0 bold\">Adquisici\u00f3n de Papel de ba\u00f1os, servilletas y papel transparente dirigida a Mipyme Mujer <\/p><p class=\"mb-0\" style=\"font-size: .85rem\"><strong title=\"Estado del Proceso\"><i class=\"fas fa-spinner\"><\/i><\/strong> Proceso adjudicado y celebrado<\/p><p class=\"mb-0\" style=\"font-size: .85rem\"><strong title=\"Fecha de Publicaci\u00f3n\"><i class=\"fas fa-calendar-alt\"><\/i><\/strong> Publicado el viernes, 28 de junio de 2024<\/p><\/div><div class=\"col-auto mt-md-0 mt-2\"><a class=\"btn btn-primary btn-lg px-lg-4 d-none d-md-block\" href=\"https:\/\/comunidad.comprasdominicana.gob.do\/\/Public\/Tendering\/OpportunityDetail\/Index?noticeUID=DO1.NTC.1417830\" target=\"_blank\" title=\"Detalles\"><i class=\"fas fa-link\"><\/i> DETALLES<\/a><a class=\"btn btn-primary btn-lg px-lg-4 d-block d-md-none\" href=\"https:\/\/comunidad.comprasdominicana.gob.do\/\/Public\/Tendering\/OpportunityDetail\/Index?noticeUID=DO1.NTC.1417830\" target=\"_blank\" title=\"Detalles\"><i class=\"fas fa-2x fa-link\"><\/i><\/a><\/div><\/div><\/div><div class=\"jumbotron archivos\"><div class=\"row align-items-center\"><div class=\"col\"><h6><a class=\"text-dark\" href=\"https:\/\/comunidad.comprasdominicana.gob.do\/\/Public\/Tendering\/OpportunityDetail\/Index?noticeUID=DO1.NTC.1417945\" title=\"Ver\" target=\"_blank\">INESPRE-DAF-CD-2024-0025<\/a><\/h6><p class=\"mb-0 bold\">Adquisici\u00f3n de Balanzas mec\u00e1nicas <\/p><p class=\"mb-0\" style=\"font-size: .85rem\"><strong title=\"Estado del Proceso\"><i class=\"fas fa-spinner\"><\/i><\/strong> Proceso adjudicado y celebrado<\/p><p class=\"mb-0\" style=\"font-size: .85rem\"><strong title=\"Fecha de Publicaci\u00f3n\"><i class=\"fas fa-calendar-alt\"><\/i><\/strong> Publicado el viernes, 28 de junio de 2024<\/p><\/div><div class=\"col-auto mt-md-0 mt-2\"><a class=\"btn btn-primary btn-lg px-lg-4 d-none d-md-block\" href=\"https:\/\/comunidad.comprasdominicana.gob.do\/\/Public\/Tendering\/OpportunityDetail\/Index?noticeUID=DO1.NTC.1417945\" target=\"_blank\" title=\"Detalles\"><i class=\"fas fa-link\"><\/i> DETALLES<\/a><a class=\"btn btn-primary btn-lg px-lg-4 d-block d-md-none\" href=\"https:\/\/comunidad.comprasdominicana.gob.do\/\/Public\/Tendering\/OpportunityDetail\/Index?noticeUID=DO1.NTC.1417945\" target=\"_blank\" title=\"Detalles\"><i class=\"fas fa-2x fa-link\"><\/i><\/a><\/div><\/div><\/div><div class=\"jumbotron archivos\"><div class=\"row align-items-center\"><div class=\"col\"><h6><a class=\"text-dark\" href=\"https:\/\/comunidad.comprasdominicana.gob.do\/\/Public\/Tendering\/OpportunityDetail\/Index?noticeUID=DO1.NTC.1417625\" title=\"Ver\" target=\"_blank\">INESPRE-DAF-CD-2024-0028<\/a><\/h6><p class=\"mb-0 bold\">Servicio de alquiler de una (01) Hyundai H1 (Mini Van) <\/p><p class=\"mb-0\" style=\"font-size: .85rem\"><strong title=\"Estado del Proceso\"><i class=\"fas fa-spinner\"><\/i><\/strong> Proceso adjudicado y celebrado<\/p><p class=\"mb-0\" style=\"font-size: .85rem\"><strong title=\"Fecha de Publicaci\u00f3n\"><i class=\"fas fa-calendar-alt\"><\/i><\/strong> Publicado el viernes, 28 de junio de 2024<\/p><\/div><div class=\"col-auto mt-md-0 mt-2\"><a class=\"btn btn-primary btn-lg px-lg-4 d-none d-md-block\" href=\"https:\/\/comunidad.comprasdominicana.gob.do\/\/Public\/Tendering\/OpportunityDetail\/Index?noticeUID=DO1.NTC.1417625\" target=\"_blank\" title=\"Detalles\"><i class=\"fas fa-link\"><\/i> DETALLES<\/a><a class=\"btn btn-primary btn-lg px-lg-4 d-block d-md-none\" href=\"https:\/\/comunidad.comprasdominicana.gob.do\/\/Public\/Tendering\/OpportunityDetail\/Index?noticeUID=DO1.NTC.1417625\" target=\"_blank\" title=\"Detalles\"><i class=\"fas fa-2x fa-link\"><\/i><\/a><\/div><\/div><\/div><div class=\"jumbotron archivos\"><div class=\"row align-items-center\"><div class=\"col\"><h6><a class=\"text-dark\" href=\"https:\/\/comunidad.comprasdominicana.gob.do\/\/Public\/Tendering\/OpportunityDetail\/Index?noticeUID=DO1.NTC.1411721\" title=\"Ver\" target=\"_blank\">INESPRE-DAF-CD-2024-0024<\/a><\/h6><p class=\"mb-0 bold\">Adquisici\u00f3n de L\u00e1mparas Led 2 x 2 pies de plaf\u00f3n<\/p><p class=\"mb-0\" style=\"font-size: .85rem\"><strong title=\"Estado del Proceso\"><i class=\"fas fa-spinner\"><\/i><\/strong> Proceso adjudicado y celebrado<\/p><p class=\"mb-0\" style=\"font-size: .85rem\"><strong title=\"Fecha de Publicaci\u00f3n\"><i class=\"fas fa-calendar-alt\"><\/i><\/strong> Publicado el mi\u00e9rcoles, 12 de junio de 2024<\/p><\/div><div class=\"col-auto mt-md-0 mt-2\"><a class=\"btn btn-primary btn-lg px-lg-4 d-none d-md-block\" href=\"https:\/\/comunidad.comprasdominicana.gob.do\/\/Public\/Tendering\/OpportunityDetail\/Index?noticeUID=DO1.NTC.1411721\" target=\"_blank\" title=\"Detalles\"><i class=\"fas fa-link\"><\/i> DETALLES<\/a><a class=\"btn btn-primary btn-lg px-lg-4 d-block d-md-none\" href=\"https:\/\/comunidad.comprasdominicana.gob.do\/\/Public\/Tendering\/OpportunityDetail\/Index?noticeUID=DO1.NTC.1411721\" target=\"_blank\" title=\"Detalles\"><i class=\"fas fa-2x fa-link\"><\/i><\/a><\/div><\/div><\/div><div class=\"jumbotron archivos\"><div class=\"row align-items-center\"><div class=\"col\"><h6><a class=\"text-dark\" href=\"https:\/\/comunidad.comprasdominicana.gob.do\/\/Public\/Tendering\/OpportunityDetail\/Index?noticeUID=DO1.NTC.1411816\" title=\"Ver\" target=\"_blank\">INESPRE-DAF-CD-2024-0022<\/a><\/h6><p class=\"mb-0 bold\">Servicio de Publicidad Institucional en Peri\u00f3dico de Circulaci\u00f3n Nacional<\/p><p class=\"mb-0\" style=\"font-size: .85rem\"><strong title=\"Estado del Proceso\"><i class=\"fas fa-spinner\"><\/i><\/strong> Proceso adjudicado y celebrado<\/p><p class=\"mb-0\" style=\"font-size: .85rem\"><strong title=\"Fecha de Publicaci\u00f3n\"><i class=\"fas fa-calendar-alt\"><\/i><\/strong> Publicado el mi\u00e9rcoles, 12 de junio de 2024<\/p><\/div><div class=\"col-auto mt-md-0 mt-2\"><a class=\"btn btn-primary btn-lg px-lg-4 d-none d-md-block\" href=\"https:\/\/comunidad.comprasdominicana.gob.do\/\/Public\/Tendering\/OpportunityDetail\/Index?noticeUID=DO1.NTC.1411816\" target=\"_blank\" title=\"Detalles\"><i class=\"fas fa-link\"><\/i> DETALLES<\/a><a class=\"btn btn-primary btn-lg px-lg-4 d-block d-md-none\" href=\"https:\/\/comunidad.comprasdominicana.gob.do\/\/Public\/Tendering\/OpportunityDetail\/Index?noticeUID=DO1.NTC.1411816\" target=\"_blank\" title=\"Detalles\"><i class=\"fas fa-2x fa-link\"><\/i><\/a><\/div><\/div><\/div><div class=\"jumbotron archivos\"><div class=\"row align-items-center\"><div class=\"col\"><h6><a class=\"text-dark\" href=\"https:\/\/comunidad.comprasdominicana.gob.do\/\/Public\/Tendering\/OpportunityDetail\/Index?noticeUID=DO1.NTC.1411147\" title=\"Ver\" target=\"_blank\">INESPRE-DAF-CD-2024-0023<\/a><\/h6><p class=\"mb-0 bold\">Adquisici\u00f3n de Alcohol 70%<\/p><p class=\"mb-0\" style=\"font-size: .85rem\"><strong title=\"Estado del Proceso\"><i class=\"fas fa-spinner\"><\/i><\/strong> Proceso adjudicado y celebrado<\/p><p class=\"mb-0\" style=\"font-size: .85rem\"><strong title=\"Fecha de Publicaci\u00f3n\"><i class=\"fas fa-calendar-alt\"><\/i><\/strong> Publicado el martes, 11 de junio de 2024<\/p><\/div><div class=\"col-auto mt-md-0 mt-2\"><a class=\"btn btn-primary btn-lg px-lg-4 d-none d-md-block\" href=\"https:\/\/comunidad.comprasdominicana.gob.do\/\/Public\/Tendering\/OpportunityDetail\/Index?noticeUID=DO1.NTC.1411147\" target=\"_blank\" title=\"Detalles\"><i class=\"fas fa-link\"><\/i> DETALLES<\/a><a class=\"btn btn-primary btn-lg px-lg-4 d-block d-md-none\" href=\"https:\/\/comunidad.comprasdominicana.gob.do\/\/Public\/Tendering\/OpportunityDetail\/Index?noticeUID=DO1.NTC.1411147\" target=\"_blank\" title=\"Detalles\"><i class=\"fas fa-2x fa-link\"><\/i><\/a><\/div><\/div><\/div><div class=\"jumbotron archivos\"><div class=\"row align-items-center\"><div class=\"col\"><h6><a class=\"text-dark\" href=\"https:\/\/comunidad.comprasdominicana.gob.do\/\/Public\/Tendering\/OpportunityDetail\/Index?noticeUID=DO1.NTC.1410842\" title=\"Ver\" target=\"_blank\">INESPRE-DAF-CD-2024-0021<\/a><\/h6><p class=\"mb-0 bold\">Adquisici\u00f3n de Maquinas Encuadernadoras<\/p><p class=\"mb-0\" style=\"font-size: .85rem\"><strong title=\"Estado del Proceso\"><i class=\"fas fa-spinner\"><\/i><\/strong> Cancelado<\/p><p class=\"mb-0\" style=\"font-size: .85rem\"><strong title=\"Fecha de Publicaci\u00f3n\"><i class=\"fas fa-calendar-alt\"><\/i><\/strong> Publicado el martes, 11 de junio de 2024<\/p><\/div><div class=\"col-auto mt-md-0 mt-2\"><a class=\"btn btn-primary btn-lg px-lg-4 d-none d-md-block\" href=\"https:\/\/comunidad.comprasdominicana.gob.do\/\/Public\/Tendering\/OpportunityDetail\/Index?noticeUID=DO1.NTC.1410842\" target=\"_blank\" title=\"Detalles\"><i class=\"fas fa-link\"><\/i> DETALLES<\/a><a class=\"btn btn-primary btn-lg px-lg-4 d-block d-md-none\" href=\"https:\/\/comunidad.comprasdominicana.gob.do\/\/Public\/Tendering\/OpportunityDetail\/Index?noticeUID=DO1.NTC.1410842\" target=\"_blank\" title=\"Detalles\"><i class=\"fas fa-2x fa-link\"><\/i><\/a><\/div><\/div><\/div><\/div><\/div><\/div>\n        <div class=\"card\">\n            <div class=\"card-header parents\" id=\"heading_compras-por-debajo-del-umbral-69f73f7454400-2024-69f73f7454400-mayo-69f73f7454400\">\n                <p class=\"title text-blue mb-0\">\n                    <a class=\"btn-block hover text-left collapsed\" data-toggle=\"collapse\" data-target=\"#collap_compras-por-debajo-del-umbral-69f73f7454400-2024-69f73f7454400-mayo-69f73f7454400\" aria-expanded=\"false\" aria-controls=\"collap_compras-por-debajo-del-umbral-69f73f7454400-2024-69f73f7454400-mayo-69f73f7454400\">Mayo<\/a>\n                <\/p>\n            <\/div>\n            <div id=\"collap_compras-por-debajo-del-umbral-69f73f7454400-2024-69f73f7454400-mayo-69f73f7454400\" class=\"collapse\" aria-labelledby=\"heading_compras-por-debajo-del-umbral-69f73f7454400-2024-69f73f7454400-mayo-69f73f7454400\" data-parent=\"#collap_compras-por-debajo-del-umbral-69f73f7454400-2024-69f73f7454400\">\n                <div class=\"card-body\"><div class=\"jumbotron archivos\"><div class=\"row align-items-center\"><div class=\"col\"><h6><a class=\"text-dark\" href=\"https:\/\/comunidad.comprasdominicana.gob.do\/\/Public\/Tendering\/OpportunityDetail\/Index?noticeUID=DO1.NTC.1401016\" title=\"Ver\" target=\"_blank\">INESPRE-DAF-CD-2024-0020<\/a><\/h6><p class=\"mb-0 bold\">Adquisici\u00f3n de Materiales de verja perimetral de la Gerencia de la Venezuela<\/p><p class=\"mb-0\" style=\"font-size: .85rem\"><strong title=\"Estado del Proceso\"><i class=\"fas fa-spinner\"><\/i><\/strong> Proceso adjudicado y celebrado<\/p><p class=\"mb-0\" style=\"font-size: .85rem\"><strong title=\"Fecha de Publicaci\u00f3n\"><i class=\"fas fa-calendar-alt\"><\/i><\/strong> Publicado el jueves, 16 de mayo de 2024<\/p><\/div><div class=\"col-auto mt-md-0 mt-2\"><a class=\"btn btn-primary btn-lg px-lg-4 d-none d-md-block\" href=\"https:\/\/comunidad.comprasdominicana.gob.do\/\/Public\/Tendering\/OpportunityDetail\/Index?noticeUID=DO1.NTC.1401016\" target=\"_blank\" title=\"Detalles\"><i class=\"fas fa-link\"><\/i> DETALLES<\/a><a class=\"btn btn-primary btn-lg px-lg-4 d-block d-md-none\" href=\"https:\/\/comunidad.comprasdominicana.gob.do\/\/Public\/Tendering\/OpportunityDetail\/Index?noticeUID=DO1.NTC.1401016\" target=\"_blank\" title=\"Detalles\"><i class=\"fas fa-2x fa-link\"><\/i><\/a><\/div><\/div><\/div><\/div><\/div><\/div>\n        <div class=\"card\">\n            <div class=\"card-header parents\" id=\"heading_compras-por-debajo-del-umbral-69f73f7454400-2024-69f73f7454400-abril-69f73f7454400\">\n                <p class=\"title text-blue mb-0\">\n                    <a class=\"btn-block hover text-left collapsed\" data-toggle=\"collapse\" data-target=\"#collap_compras-por-debajo-del-umbral-69f73f7454400-2024-69f73f7454400-abril-69f73f7454400\" aria-expanded=\"false\" aria-controls=\"collap_compras-por-debajo-del-umbral-69f73f7454400-2024-69f73f7454400-abril-69f73f7454400\">Abril<\/a>\n                <\/p>\n            <\/div>\n            <div id=\"collap_compras-por-debajo-del-umbral-69f73f7454400-2024-69f73f7454400-abril-69f73f7454400\" class=\"collapse\" aria-labelledby=\"heading_compras-por-debajo-del-umbral-69f73f7454400-2024-69f73f7454400-abril-69f73f7454400\" data-parent=\"#collap_compras-por-debajo-del-umbral-69f73f7454400-2024-69f73f7454400\">\n                <div class=\"card-body\"><div class=\"jumbotron archivos\"><div class=\"row align-items-center\"><div class=\"col\"><h6><a class=\"text-dark\" href=\"https:\/\/comunidad.comprasdominicana.gob.do\/\/Public\/Tendering\/OpportunityDetail\/Index?noticeUID=DO1.NTC.1391730\" title=\"Ver\" target=\"_blank\">INESPRE-DAF-CD-2024-0019<\/a><\/h6><p class=\"mb-0 bold\">Servicio de alquiler de convertidores de energ\u00eda<\/p><p class=\"mb-0\" style=\"font-size: .85rem\"><strong title=\"Estado del Proceso\"><i class=\"fas fa-spinner\"><\/i><\/strong> Proceso adjudicado y celebrado<\/p><p class=\"mb-0\" style=\"font-size: .85rem\"><strong title=\"Fecha de Publicaci\u00f3n\"><i class=\"fas fa-calendar-alt\"><\/i><\/strong> Publicado el mi\u00e9rcoles, 24 de abril de 2024<\/p><\/div><div class=\"col-auto mt-md-0 mt-2\"><a class=\"btn btn-primary btn-lg px-lg-4 d-none d-md-block\" href=\"https:\/\/comunidad.comprasdominicana.gob.do\/\/Public\/Tendering\/OpportunityDetail\/Index?noticeUID=DO1.NTC.1391730\" target=\"_blank\" title=\"Detalles\"><i class=\"fas fa-link\"><\/i> DETALLES<\/a><a class=\"btn btn-primary btn-lg px-lg-4 d-block d-md-none\" href=\"https:\/\/comunidad.comprasdominicana.gob.do\/\/Public\/Tendering\/OpportunityDetail\/Index?noticeUID=DO1.NTC.1391730\" target=\"_blank\" title=\"Detalles\"><i class=\"fas fa-2x fa-link\"><\/i><\/a><\/div><\/div><\/div><div class=\"jumbotron archivos\"><div class=\"row align-items-center\"><div class=\"col\"><h6><a class=\"text-dark\" href=\"https:\/\/comunidad.comprasdominicana.gob.do\/\/Public\/Tendering\/OpportunityDetail\/Index?noticeUID=DO1.NTC.1390009\" title=\"Ver\" target=\"_blank\">INESPRE-DAF-CD-2024-0018<\/a><\/h6><p class=\"mb-0 bold\">Adquisici\u00f3n de Hilo para coser sacos<\/p><p class=\"mb-0\" style=\"font-size: .85rem\"><strong title=\"Estado del Proceso\"><i class=\"fas fa-spinner\"><\/i><\/strong> Proceso adjudicado y celebrado<\/p><p class=\"mb-0\" style=\"font-size: .85rem\"><strong title=\"Fecha de Publicaci\u00f3n\"><i class=\"fas fa-calendar-alt\"><\/i><\/strong> Publicado el viernes, 19 de abril de 2024<\/p><\/div><div class=\"col-auto mt-md-0 mt-2\"><a class=\"btn btn-primary btn-lg px-lg-4 d-none d-md-block\" href=\"https:\/\/comunidad.comprasdominicana.gob.do\/\/Public\/Tendering\/OpportunityDetail\/Index?noticeUID=DO1.NTC.1390009\" target=\"_blank\" title=\"Detalles\"><i class=\"fas fa-link\"><\/i> DETALLES<\/a><a class=\"btn btn-primary btn-lg px-lg-4 d-block d-md-none\" href=\"https:\/\/comunidad.comprasdominicana.gob.do\/\/Public\/Tendering\/OpportunityDetail\/Index?noticeUID=DO1.NTC.1390009\" target=\"_blank\" title=\"Detalles\"><i class=\"fas fa-2x fa-link\"><\/i><\/a><\/div><\/div><\/div><div class=\"jumbotron archivos\"><div class=\"row align-items-center\"><div class=\"col\"><h6><a class=\"text-dark\" href=\"https:\/\/comunidad.comprasdominicana.gob.do\/\/Public\/Tendering\/OpportunityDetail\/Index?noticeUID=DO1.NTC.1389512\" title=\"Ver\" target=\"_blank\">INESPRE-DAF-CD-2024-0017<\/a><\/h6><p class=\"mb-0 bold\">Servicio de Catering en la charla dirigida a las secretarias dirigido a Mipymes Industriales (compras verdes)<\/p><p class=\"mb-0\" style=\"font-size: .85rem\"><strong title=\"Estado del Proceso\"><i class=\"fas fa-spinner\"><\/i><\/strong> Proceso adjudicado y celebrado<\/p><p class=\"mb-0\" style=\"font-size: .85rem\"><strong title=\"Fecha de Publicaci\u00f3n\"><i class=\"fas fa-calendar-alt\"><\/i><\/strong> Publicado el jueves, 18 de abril de 2024<\/p><\/div><div class=\"col-auto mt-md-0 mt-2\"><a class=\"btn btn-primary btn-lg px-lg-4 d-none d-md-block\" href=\"https:\/\/comunidad.comprasdominicana.gob.do\/\/Public\/Tendering\/OpportunityDetail\/Index?noticeUID=DO1.NTC.1389512\" target=\"_blank\" title=\"Detalles\"><i class=\"fas fa-link\"><\/i> DETALLES<\/a><a class=\"btn btn-primary btn-lg px-lg-4 d-block d-md-none\" href=\"https:\/\/comunidad.comprasdominicana.gob.do\/\/Public\/Tendering\/OpportunityDetail\/Index?noticeUID=DO1.NTC.1389512\" target=\"_blank\" title=\"Detalles\"><i class=\"fas fa-2x fa-link\"><\/i><\/a><\/div><\/div><\/div><div class=\"jumbotron archivos\"><div class=\"row align-items-center\"><div class=\"col\"><h6><a class=\"text-dark\" href=\"https:\/\/comunidad.comprasdominicana.gob.do\/\/Public\/Tendering\/OpportunityDetail\/Index?noticeUID=DO1.NTC.1386917\" title=\"Ver\" target=\"_blank\">INESPRE-DAF-CD-2024-0016<\/a><\/h6><p class=\"mb-0 bold\">Servicio de Publicidad Institucional en Peri\u00f3dico de circulaci\u00f3n nacional <\/p><p class=\"mb-0\" style=\"font-size: .85rem\"><strong title=\"Estado del Proceso\"><i class=\"fas fa-spinner\"><\/i><\/strong> Proceso adjudicado y celebrado<\/p><p class=\"mb-0\" style=\"font-size: .85rem\"><strong title=\"Fecha de Publicaci\u00f3n\"><i class=\"fas fa-calendar-alt\"><\/i><\/strong> Publicado el viernes, 12 de abril de 2024<\/p><\/div><div class=\"col-auto mt-md-0 mt-2\"><a class=\"btn btn-primary btn-lg px-lg-4 d-none d-md-block\" href=\"https:\/\/comunidad.comprasdominicana.gob.do\/\/Public\/Tendering\/OpportunityDetail\/Index?noticeUID=DO1.NTC.1386917\" target=\"_blank\" title=\"Detalles\"><i class=\"fas fa-link\"><\/i> DETALLES<\/a><a class=\"btn btn-primary btn-lg px-lg-4 d-block d-md-none\" href=\"https:\/\/comunidad.comprasdominicana.gob.do\/\/Public\/Tendering\/OpportunityDetail\/Index?noticeUID=DO1.NTC.1386917\" target=\"_blank\" title=\"Detalles\"><i class=\"fas fa-2x fa-link\"><\/i><\/a><\/div><\/div><\/div><\/div><\/div><\/div>\n        <div class=\"card\">\n            <div class=\"card-header parents\" id=\"heading_compras-por-debajo-del-umbral-69f73f7454400-2024-69f73f7454400-marzo-69f73f7454400\">\n                <p class=\"title text-blue mb-0\">\n                    <a class=\"btn-block hover text-left collapsed\" data-toggle=\"collapse\" data-target=\"#collap_compras-por-debajo-del-umbral-69f73f7454400-2024-69f73f7454400-marzo-69f73f7454400\" aria-expanded=\"false\" aria-controls=\"collap_compras-por-debajo-del-umbral-69f73f7454400-2024-69f73f7454400-marzo-69f73f7454400\">Marzo<\/a>\n                <\/p>\n            <\/div>\n            <div id=\"collap_compras-por-debajo-del-umbral-69f73f7454400-2024-69f73f7454400-marzo-69f73f7454400\" class=\"collapse\" aria-labelledby=\"heading_compras-por-debajo-del-umbral-69f73f7454400-2024-69f73f7454400-marzo-69f73f7454400\" data-parent=\"#collap_compras-por-debajo-del-umbral-69f73f7454400-2024-69f73f7454400\">\n                <div class=\"card-body\"><div class=\"jumbotron archivos\"><div class=\"row align-items-center\"><div class=\"col\"><h6><a class=\"text-dark\" href=\"https:\/\/comunidad.comprasdominicana.gob.do\/\/Public\/Tendering\/OpportunityDetail\/Index?noticeUID=DO1.NTC.1380207\" title=\"Ver\" target=\"_blank\">INESPRE-DAF-CD-2024-0015<\/a><\/h6><p class=\"mb-0 bold\">Adquisici\u00f3n de Suministros M\u00e9dicos y de Laboratorio<\/p><p class=\"mb-0\" style=\"font-size: .85rem\"><strong title=\"Estado del Proceso\"><i class=\"fas fa-spinner\"><\/i><\/strong> Proceso adjudicado y celebrado<\/p><p class=\"mb-0\" style=\"font-size: .85rem\"><strong title=\"Fecha de Publicaci\u00f3n\"><i class=\"fas fa-calendar-alt\"><\/i><\/strong> Publicado el martes, 26 de marzo de 2024<\/p><\/div><div class=\"col-auto mt-md-0 mt-2\"><a class=\"btn btn-primary btn-lg px-lg-4 d-none d-md-block\" href=\"https:\/\/comunidad.comprasdominicana.gob.do\/\/Public\/Tendering\/OpportunityDetail\/Index?noticeUID=DO1.NTC.1380207\" target=\"_blank\" title=\"Detalles\"><i class=\"fas fa-link\"><\/i> DETALLES<\/a><a class=\"btn btn-primary btn-lg px-lg-4 d-block d-md-none\" href=\"https:\/\/comunidad.comprasdominicana.gob.do\/\/Public\/Tendering\/OpportunityDetail\/Index?noticeUID=DO1.NTC.1380207\" target=\"_blank\" title=\"Detalles\"><i class=\"fas fa-2x fa-link\"><\/i><\/a><\/div><\/div><\/div><div class=\"jumbotron archivos\"><div class=\"row align-items-center\"><div class=\"col\"><h6><a class=\"text-dark\" href=\"https:\/\/comunidad.comprasdominicana.gob.do\/\/Public\/Tendering\/OpportunityDetail\/Index?noticeUID=DO1.NTC.1376231\" title=\"Ver\" target=\"_blank\">INESPRE-DAF-CD-2024-0014<\/a><\/h6><p class=\"mb-0 bold\">Servicio de Picadera para la charla &quot; Ley 41-08 de Funci\u00f3n Publica&quot;  (Compras Verdes)<\/p><p class=\"mb-0\" style=\"font-size: .85rem\"><strong title=\"Estado del Proceso\"><i class=\"fas fa-spinner\"><\/i><\/strong> Proceso adjudicado y celebrado<\/p><p class=\"mb-0\" style=\"font-size: .85rem\"><strong title=\"Fecha de Publicaci\u00f3n\"><i class=\"fas fa-calendar-alt\"><\/i><\/strong> Publicado el lunes, 18 de marzo de 2024<\/p><\/div><div class=\"col-auto mt-md-0 mt-2\"><a class=\"btn btn-primary btn-lg px-lg-4 d-none d-md-block\" href=\"https:\/\/comunidad.comprasdominicana.gob.do\/\/Public\/Tendering\/OpportunityDetail\/Index?noticeUID=DO1.NTC.1376231\" target=\"_blank\" title=\"Detalles\"><i class=\"fas fa-link\"><\/i> DETALLES<\/a><a class=\"btn btn-primary btn-lg px-lg-4 d-block d-md-none\" href=\"https:\/\/comunidad.comprasdominicana.gob.do\/\/Public\/Tendering\/OpportunityDetail\/Index?noticeUID=DO1.NTC.1376231\" target=\"_blank\" title=\"Detalles\"><i class=\"fas fa-2x fa-link\"><\/i><\/a><\/div><\/div><\/div><div class=\"jumbotron archivos\"><div class=\"row align-items-center\"><div class=\"col\"><h6><a class=\"text-dark\" href=\"https:\/\/comunidad.comprasdominicana.gob.do\/\/Public\/Tendering\/OpportunityDetail\/Index?noticeUID=DO1.NTC.1375828\" title=\"Ver\" target=\"_blank\">INESPRE-DAF-CD-2024-0013<\/a><\/h6><p class=\"mb-0 bold\">Adquisici\u00f3n de Lonas gris reforzadas <\/p><p class=\"mb-0\" style=\"font-size: .85rem\"><strong title=\"Estado del Proceso\"><i class=\"fas fa-spinner\"><\/i><\/strong> Proceso adjudicado y celebrado<\/p><p class=\"mb-0\" style=\"font-size: .85rem\"><strong title=\"Fecha de Publicaci\u00f3n\"><i class=\"fas fa-calendar-alt\"><\/i><\/strong> Publicado el viernes, 15 de marzo de 2024<\/p><\/div><div class=\"col-auto mt-md-0 mt-2\"><a class=\"btn btn-primary btn-lg px-lg-4 d-none d-md-block\" href=\"https:\/\/comunidad.comprasdominicana.gob.do\/\/Public\/Tendering\/OpportunityDetail\/Index?noticeUID=DO1.NTC.1375828\" target=\"_blank\" title=\"Detalles\"><i class=\"fas fa-link\"><\/i> DETALLES<\/a><a class=\"btn btn-primary btn-lg px-lg-4 d-block d-md-none\" href=\"https:\/\/comunidad.comprasdominicana.gob.do\/\/Public\/Tendering\/OpportunityDetail\/Index?noticeUID=DO1.NTC.1375828\" target=\"_blank\" title=\"Detalles\"><i class=\"fas fa-2x fa-link\"><\/i><\/a><\/div><\/div><\/div><div class=\"jumbotron archivos\"><div class=\"row align-items-center\"><div class=\"col\"><h6><a class=\"text-dark\" href=\"https:\/\/comunidad.comprasdominicana.gob.do\/\/Public\/Tendering\/OpportunityDetail\/Index?noticeUID=DO1.NTC.1375525\" title=\"Ver\" target=\"_blank\">INESPRE-DAF-CD-2024-0011<\/a><\/h6><p class=\"mb-0 bold\">Adquisici\u00f3n de Alambres El\u00e9ctricos <\/p><p class=\"mb-0\" style=\"font-size: .85rem\"><strong title=\"Estado del Proceso\"><i class=\"fas fa-spinner\"><\/i><\/strong> Proceso adjudicado y celebrado<\/p><p class=\"mb-0\" style=\"font-size: .85rem\"><strong title=\"Fecha de Publicaci\u00f3n\"><i class=\"fas fa-calendar-alt\"><\/i><\/strong> Publicado el viernes, 15 de marzo de 2024<\/p><\/div><div class=\"col-auto mt-md-0 mt-2\"><a class=\"btn btn-primary btn-lg px-lg-4 d-none d-md-block\" href=\"https:\/\/comunidad.comprasdominicana.gob.do\/\/Public\/Tendering\/OpportunityDetail\/Index?noticeUID=DO1.NTC.1375525\" target=\"_blank\" title=\"Detalles\"><i class=\"fas fa-link\"><\/i> DETALLES<\/a><a class=\"btn btn-primary btn-lg px-lg-4 d-block d-md-none\" href=\"https:\/\/comunidad.comprasdominicana.gob.do\/\/Public\/Tendering\/OpportunityDetail\/Index?noticeUID=DO1.NTC.1375525\" target=\"_blank\" title=\"Detalles\"><i class=\"fas fa-2x fa-link\"><\/i><\/a><\/div><\/div><\/div><div class=\"jumbotron archivos\"><div class=\"row align-items-center\"><div class=\"col\"><h6><a class=\"text-dark\" href=\"https:\/\/comunidad.comprasdominicana.gob.do\/\/Public\/Tendering\/OpportunityDetail\/Index?noticeUID=DO1.NTC.1375523\" title=\"Ver\" target=\"_blank\">INESPRE-DAF-CD-2024-0012<\/a><\/h6><p class=\"mb-0 bold\">Adquisici\u00f3n de Accesorios El\u00e9ctricos  <\/p><p class=\"mb-0\" style=\"font-size: .85rem\"><strong title=\"Estado del Proceso\"><i class=\"fas fa-spinner\"><\/i><\/strong> Proceso adjudicado y celebrado<\/p><p class=\"mb-0\" style=\"font-size: .85rem\"><strong title=\"Fecha de Publicaci\u00f3n\"><i class=\"fas fa-calendar-alt\"><\/i><\/strong> Publicado el viernes, 15 de marzo de 2024<\/p><\/div><div class=\"col-auto mt-md-0 mt-2\"><a class=\"btn btn-primary btn-lg px-lg-4 d-none d-md-block\" href=\"https:\/\/comunidad.comprasdominicana.gob.do\/\/Public\/Tendering\/OpportunityDetail\/Index?noticeUID=DO1.NTC.1375523\" target=\"_blank\" title=\"Detalles\"><i class=\"fas fa-link\"><\/i> DETALLES<\/a><a class=\"btn btn-primary btn-lg px-lg-4 d-block d-md-none\" href=\"https:\/\/comunidad.comprasdominicana.gob.do\/\/Public\/Tendering\/OpportunityDetail\/Index?noticeUID=DO1.NTC.1375523\" target=\"_blank\" title=\"Detalles\"><i class=\"fas fa-2x fa-link\"><\/i><\/a><\/div><\/div><\/div><div class=\"jumbotron archivos\"><div class=\"row align-items-center\"><div class=\"col\"><h6><a class=\"text-dark\" href=\"https:\/\/comunidad.comprasdominicana.gob.do\/\/Public\/Tendering\/OpportunityDetail\/Index?noticeUID=DO1.NTC.1372726\" title=\"Ver\" target=\"_blank\">INESPRE-DAF-CD-2024-0010<\/a><\/h6><p class=\"mb-0 bold\">adquisici\u00f3n de Maquina Contadora de billetes<\/p><p class=\"mb-0\" style=\"font-size: .85rem\"><strong title=\"Estado del Proceso\"><i class=\"fas fa-spinner\"><\/i><\/strong> Proceso adjudicado y celebrado<\/p><p class=\"mb-0\" style=\"font-size: .85rem\"><strong title=\"Fecha de Publicaci\u00f3n\"><i class=\"fas fa-calendar-alt\"><\/i><\/strong> Publicado el viernes, 8 de marzo de 2024<\/p><\/div><div class=\"col-auto mt-md-0 mt-2\"><a class=\"btn btn-primary btn-lg px-lg-4 d-none d-md-block\" href=\"https:\/\/comunidad.comprasdominicana.gob.do\/\/Public\/Tendering\/OpportunityDetail\/Index?noticeUID=DO1.NTC.1372726\" target=\"_blank\" title=\"Detalles\"><i class=\"fas fa-link\"><\/i> DETALLES<\/a><a class=\"btn btn-primary btn-lg px-lg-4 d-block d-md-none\" href=\"https:\/\/comunidad.comprasdominicana.gob.do\/\/Public\/Tendering\/OpportunityDetail\/Index?noticeUID=DO1.NTC.1372726\" target=\"_blank\" title=\"Detalles\"><i class=\"fas fa-2x fa-link\"><\/i><\/a><\/div><\/div><\/div><div class=\"jumbotron archivos\"><div class=\"row align-items-center\"><div class=\"col\"><h6><a class=\"text-dark\" href=\"https:\/\/comunidad.comprasdominicana.gob.do\/\/Public\/Tendering\/OpportunityDetail\/Index?noticeUID=DO1.NTC.1372322\" title=\"Ver\" target=\"_blank\">INESPRE-DAF-CD-2024-0009<\/a><\/h6><p class=\"mb-0 bold\">Adquisici\u00f3n de Utensilios desechables<\/p><p class=\"mb-0\" style=\"font-size: .85rem\"><strong title=\"Estado del Proceso\"><i class=\"fas fa-spinner\"><\/i><\/strong> Proceso adjudicado y celebrado<\/p><p class=\"mb-0\" style=\"font-size: .85rem\"><strong title=\"Fecha de Publicaci\u00f3n\"><i class=\"fas fa-calendar-alt\"><\/i><\/strong> Publicado el jueves, 7 de marzo de 2024<\/p><\/div><div class=\"col-auto mt-md-0 mt-2\"><a class=\"btn btn-primary btn-lg px-lg-4 d-none d-md-block\" href=\"https:\/\/comunidad.comprasdominicana.gob.do\/\/Public\/Tendering\/OpportunityDetail\/Index?noticeUID=DO1.NTC.1372322\" target=\"_blank\" title=\"Detalles\"><i class=\"fas fa-link\"><\/i> DETALLES<\/a><a class=\"btn btn-primary btn-lg px-lg-4 d-block d-md-none\" href=\"https:\/\/comunidad.comprasdominicana.gob.do\/\/Public\/Tendering\/OpportunityDetail\/Index?noticeUID=DO1.NTC.1372322\" target=\"_blank\" title=\"Detalles\"><i class=\"fas fa-2x fa-link\"><\/i><\/a><\/div><\/div><\/div><div class=\"jumbotron archivos\"><div class=\"row align-items-center\"><div class=\"col\"><h6><a class=\"text-dark\" href=\"https:\/\/comunidad.comprasdominicana.gob.do\/\/Public\/Tendering\/OpportunityDetail\/Index?noticeUID=DO1.NTC.1371821\" title=\"Ver\" target=\"_blank\">INESPRE-DAF-CD-2024-0008<\/a><\/h6><p class=\"mb-0 bold\">Servicio de publicidad Institucional en 2 emisoras de frecuencia nacional<\/p><p class=\"mb-0\" style=\"font-size: .85rem\"><strong title=\"Estado del Proceso\"><i class=\"fas fa-spinner\"><\/i><\/strong> Proceso adjudicado y celebrado<\/p><p class=\"mb-0\" style=\"font-size: .85rem\"><strong title=\"Fecha de Publicaci\u00f3n\"><i class=\"fas fa-calendar-alt\"><\/i><\/strong> Publicado el mi\u00e9rcoles, 6 de marzo de 2024<\/p><\/div><div class=\"col-auto mt-md-0 mt-2\"><a class=\"btn btn-primary btn-lg px-lg-4 d-none d-md-block\" href=\"https:\/\/comunidad.comprasdominicana.gob.do\/\/Public\/Tendering\/OpportunityDetail\/Index?noticeUID=DO1.NTC.1371821\" target=\"_blank\" title=\"Detalles\"><i class=\"fas fa-link\"><\/i> DETALLES<\/a><a class=\"btn btn-primary btn-lg px-lg-4 d-block d-md-none\" href=\"https:\/\/comunidad.comprasdominicana.gob.do\/\/Public\/Tendering\/OpportunityDetail\/Index?noticeUID=DO1.NTC.1371821\" target=\"_blank\" title=\"Detalles\"><i class=\"fas fa-2x fa-link\"><\/i><\/a><\/div><\/div><\/div><div class=\"jumbotron archivos\"><div class=\"row align-items-center\"><div class=\"col\"><h6><a class=\"text-dark\" href=\"https:\/\/comunidad.comprasdominicana.gob.do\/\/Public\/Tendering\/OpportunityDetail\/Index?noticeUID=DO1.NTC.1371239\" title=\"Ver\" target=\"_blank\">INESPRE-DAF-CD-2024-0007<\/a><\/h6><p class=\"mb-0 bold\">Servicio de Publicidad Institucional en 3 peri\u00f3dicos de circulaci\u00f3n nacional<\/p><p class=\"mb-0\" style=\"font-size: .85rem\"><strong title=\"Estado del Proceso\"><i class=\"fas fa-spinner\"><\/i><\/strong> Proceso adjudicado y celebrado<\/p><p class=\"mb-0\" style=\"font-size: .85rem\"><strong title=\"Fecha de Publicaci\u00f3n\"><i class=\"fas fa-calendar-alt\"><\/i><\/strong> Publicado el martes, 5 de marzo de 2024<\/p><\/div><div class=\"col-auto mt-md-0 mt-2\"><a class=\"btn btn-primary btn-lg px-lg-4 d-none d-md-block\" href=\"https:\/\/comunidad.comprasdominicana.gob.do\/\/Public\/Tendering\/OpportunityDetail\/Index?noticeUID=DO1.NTC.1371239\" target=\"_blank\" title=\"Detalles\"><i class=\"fas fa-link\"><\/i> DETALLES<\/a><a class=\"btn btn-primary btn-lg px-lg-4 d-block d-md-none\" href=\"https:\/\/comunidad.comprasdominicana.gob.do\/\/Public\/Tendering\/OpportunityDetail\/Index?noticeUID=DO1.NTC.1371239\" target=\"_blank\" title=\"Detalles\"><i class=\"fas fa-2x fa-link\"><\/i><\/a><\/div><\/div><\/div><div class=\"jumbotron archivos\"><div class=\"row align-items-center\"><div class=\"col\"><h6><a class=\"text-dark\" href=\"https:\/\/comunidad.comprasdominicana.gob.do\/\/Public\/Tendering\/OpportunityDetail\/Index?noticeUID=DO1.NTC.1370733\" title=\"Ver\" target=\"_blank\">INESPRE-DAF-CD-2024-0006<\/a><\/h6><p class=\"mb-0 bold\">Servicio de Publicidad Institucional en 4 peri\u00f3dicos de circulaci\u00f3n nacional<\/p><p class=\"mb-0\" style=\"font-size: .85rem\"><strong title=\"Estado del Proceso\"><i class=\"fas fa-spinner\"><\/i><\/strong> Proceso adjudicado y celebrado<\/p><p class=\"mb-0\" style=\"font-size: .85rem\"><strong title=\"Fecha de Publicaci\u00f3n\"><i class=\"fas fa-calendar-alt\"><\/i><\/strong> Publicado el martes, 5 de marzo de 2024<\/p><\/div><div class=\"col-auto mt-md-0 mt-2\"><a class=\"btn btn-primary btn-lg px-lg-4 d-none d-md-block\" href=\"https:\/\/comunidad.comprasdominicana.gob.do\/\/Public\/Tendering\/OpportunityDetail\/Index?noticeUID=DO1.NTC.1370733\" target=\"_blank\" title=\"Detalles\"><i class=\"fas fa-link\"><\/i> DETALLES<\/a><a class=\"btn btn-primary btn-lg px-lg-4 d-block d-md-none\" href=\"https:\/\/comunidad.comprasdominicana.gob.do\/\/Public\/Tendering\/OpportunityDetail\/Index?noticeUID=DO1.NTC.1370733\" target=\"_blank\" title=\"Detalles\"><i class=\"fas fa-2x fa-link\"><\/i><\/a><\/div><\/div><\/div><div class=\"jumbotron archivos\"><div class=\"row align-items-center\"><div class=\"col\"><h6><a class=\"text-dark\" href=\"https:\/\/comunidad.comprasdominicana.gob.do\/\/Public\/Tendering\/OpportunityDetail\/Index?noticeUID=DO1.NTC.1371018\" title=\"Ver\" target=\"_blank\">INESPRE-DAF-CD-2024-0005<\/a><\/h6><p class=\"mb-0 bold\">Adquisici\u00f3n de chalecos reflectivos<\/p><p class=\"mb-0\" style=\"font-size: .85rem\"><strong title=\"Estado del Proceso\"><i class=\"fas fa-spinner\"><\/i><\/strong> Proceso adjudicado y celebrado<\/p><p class=\"mb-0\" style=\"font-size: .85rem\"><strong title=\"Fecha de Publicaci\u00f3n\"><i class=\"fas fa-calendar-alt\"><\/i><\/strong> Publicado el martes, 5 de marzo de 2024<\/p><\/div><div class=\"col-auto mt-md-0 mt-2\"><a class=\"btn btn-primary btn-lg px-lg-4 d-none d-md-block\" href=\"https:\/\/comunidad.comprasdominicana.gob.do\/\/Public\/Tendering\/OpportunityDetail\/Index?noticeUID=DO1.NTC.1371018\" target=\"_blank\" title=\"Detalles\"><i class=\"fas fa-link\"><\/i> DETALLES<\/a><a class=\"btn btn-primary btn-lg px-lg-4 d-block d-md-none\" href=\"https:\/\/comunidad.comprasdominicana.gob.do\/\/Public\/Tendering\/OpportunityDetail\/Index?noticeUID=DO1.NTC.1371018\" target=\"_blank\" title=\"Detalles\"><i class=\"fas fa-2x fa-link\"><\/i><\/a><\/div><\/div><\/div><div class=\"jumbotron archivos\"><div class=\"row align-items-center\"><div class=\"col\"><h6><a class=\"text-dark\" href=\"https:\/\/comunidad.comprasdominicana.gob.do\/\/Public\/Tendering\/OpportunityDetail\/Index?noticeUID=DO1.NTC.1370811\" title=\"Ver\" target=\"_blank\">INESPRE-DAF-CD-2024-0004<\/a><\/h6><p class=\"mb-0 bold\">Adquisici\u00f3n de guantes de nitrilo<\/p><p class=\"mb-0\" style=\"font-size: .85rem\"><strong title=\"Estado del Proceso\"><i class=\"fas fa-spinner\"><\/i><\/strong> Proceso adjudicado y celebrado<\/p><p class=\"mb-0\" style=\"font-size: .85rem\"><strong title=\"Fecha de Publicaci\u00f3n\"><i class=\"fas fa-calendar-alt\"><\/i><\/strong> Publicado el martes, 5 de marzo de 2024<\/p><\/div><div class=\"col-auto mt-md-0 mt-2\"><a class=\"btn btn-primary btn-lg px-lg-4 d-none d-md-block\" href=\"https:\/\/comunidad.comprasdominicana.gob.do\/\/Public\/Tendering\/OpportunityDetail\/Index?noticeUID=DO1.NTC.1370811\" target=\"_blank\" title=\"Detalles\"><i class=\"fas fa-link\"><\/i> DETALLES<\/a><a class=\"btn btn-primary btn-lg px-lg-4 d-block d-md-none\" href=\"https:\/\/comunidad.comprasdominicana.gob.do\/\/Public\/Tendering\/OpportunityDetail\/Index?noticeUID=DO1.NTC.1370811\" target=\"_blank\" title=\"Detalles\"><i class=\"fas fa-2x fa-link\"><\/i><\/a><\/div><\/div><\/div><\/div><\/div><\/div>\n        <div class=\"card\">\n            <div class=\"card-header parents\" id=\"heading_compras-por-debajo-del-umbral-69f73f7454400-2024-69f73f7454400-febrero-69f73f7454400\">\n                <p class=\"title text-blue mb-0\">\n                    <a class=\"btn-block hover text-left collapsed\" data-toggle=\"collapse\" data-target=\"#collap_compras-por-debajo-del-umbral-69f73f7454400-2024-69f73f7454400-febrero-69f73f7454400\" aria-expanded=\"false\" aria-controls=\"collap_compras-por-debajo-del-umbral-69f73f7454400-2024-69f73f7454400-febrero-69f73f7454400\">Febrero<\/a>\n                <\/p>\n            <\/div>\n            <div id=\"collap_compras-por-debajo-del-umbral-69f73f7454400-2024-69f73f7454400-febrero-69f73f7454400\" class=\"collapse\" aria-labelledby=\"heading_compras-por-debajo-del-umbral-69f73f7454400-2024-69f73f7454400-febrero-69f73f7454400\" data-parent=\"#collap_compras-por-debajo-del-umbral-69f73f7454400-2024-69f73f7454400\">\n                <div class=\"card-body\"><div class=\"jumbotron archivos\"><div class=\"row align-items-center\"><div class=\"col\"><h6><a class=\"text-dark\" href=\"https:\/\/comunidad.comprasdominicana.gob.do\/\/Public\/Tendering\/OpportunityDetail\/Index?noticeUID=DO1.NTC.1368628\" title=\"Ver\" target=\"_blank\">INESPRE-DAF-CD-2024-0003<\/a><\/h6><p class=\"mb-0 bold\">Adquisici\u00f3n de Grapas para cierre de malla<\/p><p class=\"mb-0\" style=\"font-size: .85rem\"><strong title=\"Estado del Proceso\"><i class=\"fas fa-spinner\"><\/i><\/strong> Proceso adjudicado y celebrado<\/p><p class=\"mb-0\" style=\"font-size: .85rem\"><strong title=\"Fecha de Publicaci\u00f3n\"><i class=\"fas fa-calendar-alt\"><\/i><\/strong> Publicado el mi\u00e9rcoles, 28 de febrero de 2024<\/p><\/div><div class=\"col-auto mt-md-0 mt-2\"><a class=\"btn btn-primary btn-lg px-lg-4 d-none d-md-block\" href=\"https:\/\/comunidad.comprasdominicana.gob.do\/\/Public\/Tendering\/OpportunityDetail\/Index?noticeUID=DO1.NTC.1368628\" target=\"_blank\" title=\"Detalles\"><i class=\"fas fa-link\"><\/i> DETALLES<\/a><a class=\"btn btn-primary btn-lg px-lg-4 d-block d-md-none\" href=\"https:\/\/comunidad.comprasdominicana.gob.do\/\/Public\/Tendering\/OpportunityDetail\/Index?noticeUID=DO1.NTC.1368628\" target=\"_blank\" title=\"Detalles\"><i class=\"fas fa-2x fa-link\"><\/i><\/a><\/div><\/div><\/div><div class=\"jumbotron archivos\"><div class=\"row align-items-center\"><div class=\"col\"><h6><a class=\"text-dark\" href=\"https:\/\/comunidad.comprasdominicana.gob.do\/\/Public\/Tendering\/OpportunityDetail\/Index?noticeUID=DO1.NTC.1366729\" title=\"Ver\" target=\"_blank\">INESPRE-DAF-CD-2024-0002<\/a><\/h6><p class=\"mb-0 bold\">Servicio de Catering para la Inducci\u00f3n a nuevo personal<\/p><p class=\"mb-0\" style=\"font-size: .85rem\"><strong title=\"Estado del Proceso\"><i class=\"fas fa-spinner\"><\/i><\/strong> Proceso adjudicado y celebrado<\/p><p class=\"mb-0\" style=\"font-size: .85rem\"><strong title=\"Fecha de Publicaci\u00f3n\"><i class=\"fas fa-calendar-alt\"><\/i><\/strong> Publicado el jueves, 22 de febrero de 2024<\/p><\/div><div class=\"col-auto mt-md-0 mt-2\"><a class=\"btn btn-primary btn-lg px-lg-4 d-none d-md-block\" href=\"https:\/\/comunidad.comprasdominicana.gob.do\/\/Public\/Tendering\/OpportunityDetail\/Index?noticeUID=DO1.NTC.1366729\" target=\"_blank\" title=\"Detalles\"><i class=\"fas fa-link\"><\/i> DETALLES<\/a><a class=\"btn btn-primary btn-lg px-lg-4 d-block d-md-none\" href=\"https:\/\/comunidad.comprasdominicana.gob.do\/\/Public\/Tendering\/OpportunityDetail\/Index?noticeUID=DO1.NTC.1366729\" target=\"_blank\" title=\"Detalles\"><i class=\"fas fa-2x fa-link\"><\/i><\/a><\/div><\/div><\/div><div class=\"jumbotron archivos\"><div class=\"row align-items-center\"><div class=\"col\"><h6><a class=\"text-dark\" href=\"https:\/\/comunidad.comprasdominicana.gob.do\/\/Public\/Tendering\/OpportunityDetail\/Index?noticeUID=DO1.NTC.1361528\" title=\"Ver\" target=\"_blank\">INESPRE-DAF-CD-2024-0001<\/a><\/h6><p class=\"mb-0 bold\">Servicio de picadera para taller Gesti\u00f3n de Riesgo Integral ISO 37001 - 37301(Compras Verdes)<\/p><p class=\"mb-0\" style=\"font-size: .85rem\"><strong title=\"Estado del Proceso\"><i class=\"fas fa-spinner\"><\/i><\/strong> Proceso adjudicado y celebrado<\/p><p class=\"mb-0\" style=\"font-size: .85rem\"><strong title=\"Fecha de Publicaci\u00f3n\"><i class=\"fas fa-calendar-alt\"><\/i><\/strong> Publicado el martes, 13 de febrero de 2024<\/p><\/div><div class=\"col-auto mt-md-0 mt-2\"><a class=\"btn btn-primary btn-lg px-lg-4 d-none d-md-block\" href=\"https:\/\/comunidad.comprasdominicana.gob.do\/\/Public\/Tendering\/OpportunityDetail\/Index?noticeUID=DO1.NTC.1361528\" target=\"_blank\" title=\"Detalles\"><i class=\"fas fa-link\"><\/i> DETALLES<\/a><a class=\"btn btn-primary btn-lg px-lg-4 d-block d-md-none\" href=\"https:\/\/comunidad.comprasdominicana.gob.do\/\/Public\/Tendering\/OpportunityDetail\/Index?noticeUID=DO1.NTC.1361528\" target=\"_blank\" title=\"Detalles\"><i class=\"fas fa-2x fa-link\"><\/i><\/a><\/div><\/div><\/div><div class=\"jumbotron archivos\"><div class=\"row align-items-center\"><div class=\"col\"><h6><a class=\"text-dark\" href=\"https:\/\/comunidad.comprasdominicana.gob.do\/\/Public\/Tendering\/OpportunityDetail\/Index?noticeUID=DO1.NTC.1359804\" title=\"Ver\" target=\"_blank\">INESPRE-UC-CD-2024-0008<\/a><\/h6><p class=\"mb-0 bold\">Servicio de picadera para taller Gesti\u00f3n de Riesgo Integral ISO 37001 - 37301 (Compras Verdes)<\/p><p class=\"mb-0\" style=\"font-size: .85rem\"><strong title=\"Estado del Proceso\"><i class=\"fas fa-spinner\"><\/i><\/strong> Proceso adjudicado y celebrado<\/p><p class=\"mb-0\" style=\"font-size: .85rem\"><strong title=\"Fecha de Publicaci\u00f3n\"><i class=\"fas fa-calendar-alt\"><\/i><\/strong> Publicado el jueves, 8 de febrero de 2024<\/p><\/div><div class=\"col-auto mt-md-0 mt-2\"><a class=\"btn btn-primary btn-lg px-lg-4 d-none d-md-block\" href=\"https:\/\/comunidad.comprasdominicana.gob.do\/\/Public\/Tendering\/OpportunityDetail\/Index?noticeUID=DO1.NTC.1359804\" target=\"_blank\" title=\"Detalles\"><i class=\"fas fa-link\"><\/i> DETALLES<\/a><a class=\"btn btn-primary btn-lg px-lg-4 d-block d-md-none\" href=\"https:\/\/comunidad.comprasdominicana.gob.do\/\/Public\/Tendering\/OpportunityDetail\/Index?noticeUID=DO1.NTC.1359804\" target=\"_blank\" title=\"Detalles\"><i class=\"fas fa-2x fa-link\"><\/i><\/a><\/div><\/div><\/div><\/div><\/div><\/div>\n        <div class=\"card\">\n            <div class=\"card-header parents\" id=\"heading_compras-por-debajo-del-umbral-69f73f7454400-2024-69f73f7454400-enero-69f73f7454400\">\n                <p class=\"title text-blue mb-0\">\n                    <a class=\"btn-block hover text-left collapsed\" data-toggle=\"collapse\" data-target=\"#collap_compras-por-debajo-del-umbral-69f73f7454400-2024-69f73f7454400-enero-69f73f7454400\" aria-expanded=\"false\" aria-controls=\"collap_compras-por-debajo-del-umbral-69f73f7454400-2024-69f73f7454400-enero-69f73f7454400\">Enero<\/a>\n                <\/p>\n            <\/div>\n            <div id=\"collap_compras-por-debajo-del-umbral-69f73f7454400-2024-69f73f7454400-enero-69f73f7454400\" class=\"collapse\" aria-labelledby=\"heading_compras-por-debajo-del-umbral-69f73f7454400-2024-69f73f7454400-enero-69f73f7454400\" data-parent=\"#collap_compras-por-debajo-del-umbral-69f73f7454400-2024-69f73f7454400\">\n                <div class=\"card-body\"><div class=\"jumbotron archivos\"><div class=\"row align-items-center\"><div class=\"col\"><h6><a class=\"text-dark\" href=\"https:\/\/comunidad.comprasdominicana.gob.do\/\/Public\/Tendering\/OpportunityDetail\/Index?noticeUID=DO1.NTC.1355008\" title=\"Ver\" target=\"_blank\">INESPRE-UC-CD-2024-0007<\/a><\/h6><p class=\"mb-0 bold\">Servicio de picadera para taller Gesti\u00f3n de Riesgo Integral ISO 37001-37301 dirigido a Mipymes Industriales (Compras Verdes)<\/p><p class=\"mb-0\" style=\"font-size: .85rem\"><strong title=\"Estado del Proceso\"><i class=\"fas fa-spinner\"><\/i><\/strong> Proceso adjudicado y celebrado<\/p><p class=\"mb-0\" style=\"font-size: .85rem\"><strong title=\"Fecha de Publicaci\u00f3n\"><i class=\"fas fa-calendar-alt\"><\/i><\/strong> Publicado el viernes, 26 de enero de 2024<\/p><\/div><div class=\"col-auto mt-md-0 mt-2\"><a class=\"btn btn-primary btn-lg px-lg-4 d-none d-md-block\" href=\"https:\/\/comunidad.comprasdominicana.gob.do\/\/Public\/Tendering\/OpportunityDetail\/Index?noticeUID=DO1.NTC.1355008\" target=\"_blank\" title=\"Detalles\"><i class=\"fas fa-link\"><\/i> DETALLES<\/a><a class=\"btn btn-primary btn-lg px-lg-4 d-block d-md-none\" href=\"https:\/\/comunidad.comprasdominicana.gob.do\/\/Public\/Tendering\/OpportunityDetail\/Index?noticeUID=DO1.NTC.1355008\" target=\"_blank\" title=\"Detalles\"><i class=\"fas fa-2x fa-link\"><\/i><\/a><\/div><\/div><\/div><div class=\"jumbotron archivos\"><div class=\"row align-items-center\"><div class=\"col\"><h6><a class=\"text-dark\" href=\"https:\/\/comunidad.comprasdominicana.gob.do\/\/Public\/Tendering\/OpportunityDetail\/Index?noticeUID=DO1.NTC.1355305\" title=\"Ver\" target=\"_blank\">INESPRE-UC-CD-2024-0005<\/a><\/h6><p class=\"mb-0 bold\">Servicio de Picadera para la Asamblea de la Cooperativa (Compras Verdes)<\/p><p class=\"mb-0\" style=\"font-size: .85rem\"><strong title=\"Estado del Proceso\"><i class=\"fas fa-spinner\"><\/i><\/strong> Proceso adjudicado y celebrado<\/p><p class=\"mb-0\" style=\"font-size: .85rem\"><strong title=\"Fecha de Publicaci\u00f3n\"><i class=\"fas fa-calendar-alt\"><\/i><\/strong> Publicado el viernes, 26 de enero de 2024<\/p><\/div><div class=\"col-auto mt-md-0 mt-2\"><a class=\"btn btn-primary btn-lg px-lg-4 d-none d-md-block\" href=\"https:\/\/comunidad.comprasdominicana.gob.do\/\/Public\/Tendering\/OpportunityDetail\/Index?noticeUID=DO1.NTC.1355305\" target=\"_blank\" title=\"Detalles\"><i class=\"fas fa-link\"><\/i> DETALLES<\/a><a class=\"btn btn-primary btn-lg px-lg-4 d-block d-md-none\" href=\"https:\/\/comunidad.comprasdominicana.gob.do\/\/Public\/Tendering\/OpportunityDetail\/Index?noticeUID=DO1.NTC.1355305\" target=\"_blank\" title=\"Detalles\"><i class=\"fas fa-2x fa-link\"><\/i><\/a><\/div><\/div><\/div><div class=\"jumbotron archivos\"><div class=\"row align-items-center\"><div class=\"col\"><h6><a class=\"text-dark\" href=\"https:\/\/comunidad.comprasdominicana.gob.do\/\/Public\/Tendering\/OpportunityDetail\/Index?noticeUID=DO1.NTC.1355106\" title=\"Ver\" target=\"_blank\">INESPRE-UC-CD-2024-0006<\/a><\/h6><p class=\"mb-0 bold\">Servicio de publicaci\u00f3n en dos (02) peri\u00f3dicos de circulaci\u00f3n nacional para el proceso de Licitaci\u00f3n Publica Nacional de referencia: INESPRE-CCC-LPN-2024-0001<\/p><p class=\"mb-0\" style=\"font-size: .85rem\"><strong title=\"Estado del Proceso\"><i class=\"fas fa-spinner\"><\/i><\/strong> Proceso adjudicado y celebrado<\/p><p class=\"mb-0\" style=\"font-size: .85rem\"><strong title=\"Fecha de Publicaci\u00f3n\"><i class=\"fas fa-calendar-alt\"><\/i><\/strong> Publicado el viernes, 26 de enero de 2024<\/p><\/div><div class=\"col-auto mt-md-0 mt-2\"><a class=\"btn btn-primary btn-lg px-lg-4 d-none d-md-block\" href=\"https:\/\/comunidad.comprasdominicana.gob.do\/\/Public\/Tendering\/OpportunityDetail\/Index?noticeUID=DO1.NTC.1355106\" target=\"_blank\" title=\"Detalles\"><i class=\"fas fa-link\"><\/i> DETALLES<\/a><a class=\"btn btn-primary btn-lg px-lg-4 d-block d-md-none\" href=\"https:\/\/comunidad.comprasdominicana.gob.do\/\/Public\/Tendering\/OpportunityDetail\/Index?noticeUID=DO1.NTC.1355106\" target=\"_blank\" title=\"Detalles\"><i class=\"fas fa-2x fa-link\"><\/i><\/a><\/div><\/div><\/div><div class=\"jumbotron archivos\"><div class=\"row align-items-center\"><div class=\"col\"><h6><a class=\"text-dark\" href=\"https:\/\/comunidad.comprasdominicana.gob.do\/\/Public\/Tendering\/OpportunityDetail\/Index?noticeUID=DO1.NTC.1353011\" title=\"Ver\" target=\"_blank\">INESPRE-UC-CD-2024-0004<\/a><\/h6><p class=\"mb-0 bold\">Adquisici\u00f3n de Ofrenda Floral<\/p><p class=\"mb-0\" style=\"font-size: .85rem\"><strong title=\"Estado del Proceso\"><i class=\"fas fa-spinner\"><\/i><\/strong> Proceso adjudicado y celebrado<\/p><p class=\"mb-0\" style=\"font-size: .85rem\"><strong title=\"Fecha de Publicaci\u00f3n\"><i class=\"fas fa-calendar-alt\"><\/i><\/strong> Publicado el mi\u00e9rcoles, 24 de enero de 2024<\/p><\/div><div class=\"col-auto mt-md-0 mt-2\"><a class=\"btn btn-primary btn-lg px-lg-4 d-none d-md-block\" href=\"https:\/\/comunidad.comprasdominicana.gob.do\/\/Public\/Tendering\/OpportunityDetail\/Index?noticeUID=DO1.NTC.1353011\" target=\"_blank\" title=\"Detalles\"><i class=\"fas fa-link\"><\/i> DETALLES<\/a><a class=\"btn btn-primary btn-lg px-lg-4 d-block d-md-none\" href=\"https:\/\/comunidad.comprasdominicana.gob.do\/\/Public\/Tendering\/OpportunityDetail\/Index?noticeUID=DO1.NTC.1353011\" target=\"_blank\" title=\"Detalles\"><i class=\"fas fa-2x fa-link\"><\/i><\/a><\/div><\/div><\/div><div class=\"jumbotron archivos\"><div class=\"row align-items-center\"><div class=\"col\"><h6><a class=\"text-dark\" href=\"https:\/\/comunidad.comprasdominicana.gob.do\/\/Public\/Tendering\/OpportunityDetail\/Index?noticeUID=DO1.NTC.1352509\" title=\"Ver\" target=\"_blank\">INESPRE-UC-CD-2024-0003<\/a><\/h6><p class=\"mb-0 bold\">Adquisici\u00f3n de Balanzas mec\u00e1nicas<\/p><p class=\"mb-0\" style=\"font-size: .85rem\"><strong title=\"Estado del Proceso\"><i class=\"fas fa-spinner\"><\/i><\/strong> Proceso adjudicado y celebrado<\/p><p class=\"mb-0\" style=\"font-size: .85rem\"><strong title=\"Fecha de Publicaci\u00f3n\"><i class=\"fas fa-calendar-alt\"><\/i><\/strong> Publicado el mi\u00e9rcoles, 24 de enero de 2024<\/p><\/div><div class=\"col-auto mt-md-0 mt-2\"><a class=\"btn btn-primary btn-lg px-lg-4 d-none d-md-block\" href=\"https:\/\/comunidad.comprasdominicana.gob.do\/\/Public\/Tendering\/OpportunityDetail\/Index?noticeUID=DO1.NTC.1352509\" target=\"_blank\" title=\"Detalles\"><i class=\"fas fa-link\"><\/i> DETALLES<\/a><a class=\"btn btn-primary btn-lg px-lg-4 d-block d-md-none\" href=\"https:\/\/comunidad.comprasdominicana.gob.do\/\/Public\/Tendering\/OpportunityDetail\/Index?noticeUID=DO1.NTC.1352509\" target=\"_blank\" title=\"Detalles\"><i class=\"fas fa-2x fa-link\"><\/i><\/a><\/div><\/div><\/div><div class=\"jumbotron archivos\"><div class=\"row align-items-center\"><div class=\"col\"><h6><a class=\"text-dark\" href=\"https:\/\/comunidad.comprasdominicana.gob.do\/\/Public\/Tendering\/OpportunityDetail\/Index?noticeUID=DO1.NTC.1351911\" title=\"Ver\" target=\"_blank\">INESPRE-UC-CD-2024-0001<\/a><\/h6><p class=\"mb-0 bold\">Servicio de publicaci\u00f3n en dos (02) Peri\u00f3dicos de circulaci\u00f3n nacional para el procedimiento de Urgencia de referencia: INESPRE-MAE-PEUR-2024-0001<\/p><p class=\"mb-0\" style=\"font-size: .85rem\"><strong title=\"Estado del Proceso\"><i class=\"fas fa-spinner\"><\/i><\/strong> Proceso adjudicado y celebrado<\/p><p class=\"mb-0\" style=\"font-size: .85rem\"><strong title=\"Fecha de Publicaci\u00f3n\"><i class=\"fas fa-calendar-alt\"><\/i><\/strong> Publicado el martes, 23 de enero de 2024<\/p><\/div><div class=\"col-auto mt-md-0 mt-2\"><a class=\"btn btn-primary btn-lg px-lg-4 d-none d-md-block\" href=\"https:\/\/comunidad.comprasdominicana.gob.do\/\/Public\/Tendering\/OpportunityDetail\/Index?noticeUID=DO1.NTC.1351911\" target=\"_blank\" title=\"Detalles\"><i class=\"fas fa-link\"><\/i> DETALLES<\/a><a class=\"btn btn-primary btn-lg px-lg-4 d-block d-md-none\" href=\"https:\/\/comunidad.comprasdominicana.gob.do\/\/Public\/Tendering\/OpportunityDetail\/Index?noticeUID=DO1.NTC.1351911\" target=\"_blank\" title=\"Detalles\"><i class=\"fas fa-2x fa-link\"><\/i><\/a><\/div><\/div><\/div><div class=\"jumbotron archivos\"><div class=\"row align-items-center\"><div class=\"col\"><h6><a class=\"text-dark\" href=\"https:\/\/comunidad.comprasdominicana.gob.do\/\/Public\/Tendering\/OpportunityDetail\/Index?noticeUID=DO1.NTC.1352007\" title=\"Ver\" target=\"_blank\">INESPRE-UC-CD-2024-0002<\/a><\/h6><p class=\"mb-0 bold\">Adquisici\u00f3n de Agua embotellada <\/p><p class=\"mb-0\" style=\"font-size: .85rem\"><strong title=\"Estado del Proceso\"><i class=\"fas fa-spinner\"><\/i><\/strong> Proceso adjudicado y celebrado<\/p><p class=\"mb-0\" style=\"font-size: .85rem\"><strong title=\"Fecha de Publicaci\u00f3n\"><i class=\"fas fa-calendar-alt\"><\/i><\/strong> Publicado el martes, 23 de enero de 2024<\/p><\/div><div class=\"col-auto mt-md-0 mt-2\"><a class=\"btn btn-primary btn-lg px-lg-4 d-none d-md-block\" href=\"https:\/\/comunidad.comprasdominicana.gob.do\/\/Public\/Tendering\/OpportunityDetail\/Index?noticeUID=DO1.NTC.1352007\" target=\"_blank\" title=\"Detalles\"><i class=\"fas fa-link\"><\/i> DETALLES<\/a><a class=\"btn btn-primary btn-lg px-lg-4 d-block d-md-none\" href=\"https:\/\/comunidad.comprasdominicana.gob.do\/\/Public\/Tendering\/OpportunityDetail\/Index?noticeUID=DO1.NTC.1352007\" target=\"_blank\" title=\"Detalles\"><i class=\"fas fa-2x fa-link\"><\/i><\/a><\/div><\/div><\/div><\/div><\/div><\/div><\/div><\/div><\/div>\n        <div class=\"card\">\n            <div class=\"card-header parents\" id=\"heading_compras-por-debajo-del-umbral-69f73f7454400-2023-69f73f7454400\">\n                <p class=\"title text-blue mb-0\">\n                    <a class=\"btn-block hover text-left collapsed\" data-toggle=\"collapse\" data-target=\"#collap_compras-por-debajo-del-umbral-69f73f7454400-2023-69f73f7454400\" aria-expanded=\"false\" aria-controls=\"collap_compras-por-debajo-del-umbral-69f73f7454400-2023-69f73f7454400\">2023<\/a>\n                <\/p>\n            <\/div>\n            <div id=\"collap_compras-por-debajo-del-umbral-69f73f7454400-2023-69f73f7454400\" class=\"collapse\" aria-labelledby=\"heading_compras-por-debajo-del-umbral-69f73f7454400-2023-69f73f7454400\" data-parent=\"#collap_compras-por-debajo-del-umbral-69f73f7454400\">\n                <div class=\"card-body\">\n        <div class=\"card\">\n            <div class=\"card-header parents\" id=\"heading_compras-por-debajo-del-umbral-69f73f7454400-2023-69f73f7454400-diciembre-69f73f7454400\">\n                <p class=\"title text-blue mb-0\">\n                    <a class=\"btn-block hover text-left collapsed\" data-toggle=\"collapse\" data-target=\"#collap_compras-por-debajo-del-umbral-69f73f7454400-2023-69f73f7454400-diciembre-69f73f7454400\" aria-expanded=\"false\" aria-controls=\"collap_compras-por-debajo-del-umbral-69f73f7454400-2023-69f73f7454400-diciembre-69f73f7454400\">Diciembre<\/a>\n                <\/p>\n            <\/div>\n            <div id=\"collap_compras-por-debajo-del-umbral-69f73f7454400-2023-69f73f7454400-diciembre-69f73f7454400\" class=\"collapse\" aria-labelledby=\"heading_compras-por-debajo-del-umbral-69f73f7454400-2023-69f73f7454400-diciembre-69f73f7454400\" data-parent=\"#collap_compras-por-debajo-del-umbral-69f73f7454400-2023-69f73f7454400\">\n                <div class=\"card-body\"><div class=\"jumbotron archivos\"><div class=\"row align-items-center\"><div class=\"col\"><h6><a class=\"text-dark\" href=\"https:\/\/comunidad.comprasdominicana.gob.do\/\/Public\/Tendering\/OpportunityDetail\/Index?noticeUID=DO1.NTC.1341902\" title=\"Ver\" target=\"_blank\">INESPRE-UC-CD-2023-0164<\/a><\/h6><p class=\"mb-0 bold\">Adquisici\u00f3n de Gomas<\/p><p class=\"mb-0\" style=\"font-size: .85rem\"><strong title=\"Estado del Proceso\"><i class=\"fas fa-spinner\"><\/i><\/strong> Proceso adjudicado y celebrado<\/p><p class=\"mb-0\" style=\"font-size: .85rem\"><strong title=\"Fecha de Publicaci\u00f3n\"><i class=\"fas fa-calendar-alt\"><\/i><\/strong> Publicado el viernes, 29 de diciembre de 2023<\/p><\/div><div class=\"col-auto mt-md-0 mt-2\"><a class=\"btn btn-primary btn-lg px-lg-4 d-none d-md-block\" href=\"https:\/\/comunidad.comprasdominicana.gob.do\/\/Public\/Tendering\/OpportunityDetail\/Index?noticeUID=DO1.NTC.1341902\" target=\"_blank\" title=\"Detalles\"><i class=\"fas fa-link\"><\/i> DETALLES<\/a><a class=\"btn btn-primary btn-lg px-lg-4 d-block d-md-none\" href=\"https:\/\/comunidad.comprasdominicana.gob.do\/\/Public\/Tendering\/OpportunityDetail\/Index?noticeUID=DO1.NTC.1341902\" target=\"_blank\" title=\"Detalles\"><i class=\"fas fa-2x fa-link\"><\/i><\/a><\/div><\/div><\/div><div class=\"jumbotron archivos\"><div class=\"row align-items-center\"><div class=\"col\"><h6><a class=\"text-dark\" href=\"https:\/\/comunidad.comprasdominicana.gob.do\/\/Public\/Tendering\/OpportunityDetail\/Index?noticeUID=DO1.NTC.1341702\" title=\"Ver\" target=\"_blank\">INESPRE-UC-CD-2023-0163<\/a><\/h6><p class=\"mb-0 bold\">Adquisici\u00f3n de Materiales para Envoltorio<\/p><p class=\"mb-0\" style=\"font-size: .85rem\"><strong title=\"Estado del Proceso\"><i class=\"fas fa-spinner\"><\/i><\/strong> Proceso adjudicado y celebrado<\/p><p class=\"mb-0\" style=\"font-size: .85rem\"><strong title=\"Fecha de Publicaci\u00f3n\"><i class=\"fas fa-calendar-alt\"><\/i><\/strong> Publicado el viernes, 29 de diciembre de 2023<\/p><\/div><div class=\"col-auto mt-md-0 mt-2\"><a class=\"btn btn-primary btn-lg px-lg-4 d-none d-md-block\" href=\"https:\/\/comunidad.comprasdominicana.gob.do\/\/Public\/Tendering\/OpportunityDetail\/Index?noticeUID=DO1.NTC.1341702\" target=\"_blank\" title=\"Detalles\"><i class=\"fas fa-link\"><\/i> DETALLES<\/a><a class=\"btn btn-primary btn-lg px-lg-4 d-block d-md-none\" href=\"https:\/\/comunidad.comprasdominicana.gob.do\/\/Public\/Tendering\/OpportunityDetail\/Index?noticeUID=DO1.NTC.1341702\" target=\"_blank\" title=\"Detalles\"><i class=\"fas fa-2x fa-link\"><\/i><\/a><\/div><\/div><\/div><div class=\"jumbotron archivos\"><div class=\"row align-items-center\"><div class=\"col\"><h6><a class=\"text-dark\" href=\"https:\/\/comunidad.comprasdominicana.gob.do\/\/Public\/Tendering\/OpportunityDetail\/Index?noticeUID=DO1.NTC.1341007\" title=\"Ver\" target=\"_blank\">INESPRE-UC-CD-2023-0162<\/a><\/h6><p class=\"mb-0 bold\">Servicio de Alquiler de una (01) Mini Van de 12 pasajeros<\/p><p class=\"mb-0\" style=\"font-size: .85rem\"><strong title=\"Estado del Proceso\"><i class=\"fas fa-spinner\"><\/i><\/strong> Proceso adjudicado y celebrado<\/p><p class=\"mb-0\" style=\"font-size: .85rem\"><strong title=\"Fecha de Publicaci\u00f3n\"><i class=\"fas fa-calendar-alt\"><\/i><\/strong> Publicado el jueves, 28 de diciembre de 2023<\/p><\/div><div class=\"col-auto mt-md-0 mt-2\"><a class=\"btn btn-primary btn-lg px-lg-4 d-none d-md-block\" href=\"https:\/\/comunidad.comprasdominicana.gob.do\/\/Public\/Tendering\/OpportunityDetail\/Index?noticeUID=DO1.NTC.1341007\" target=\"_blank\" title=\"Detalles\"><i class=\"fas fa-link\"><\/i> DETALLES<\/a><a class=\"btn btn-primary btn-lg px-lg-4 d-block d-md-none\" href=\"https:\/\/comunidad.comprasdominicana.gob.do\/\/Public\/Tendering\/OpportunityDetail\/Index?noticeUID=DO1.NTC.1341007\" target=\"_blank\" title=\"Detalles\"><i class=\"fas fa-2x fa-link\"><\/i><\/a><\/div><\/div><\/div><div class=\"jumbotron archivos\"><div class=\"row align-items-center\"><div class=\"col\"><h6><a class=\"text-dark\" href=\"https:\/\/comunidad.comprasdominicana.gob.do\/\/Public\/Tendering\/OpportunityDetail\/Index?noticeUID=DO1.NTC.1338218\" title=\"Ver\" target=\"_blank\">INESPRE-UC-CD-2023-0161<\/a><\/h6><p class=\"mb-0 bold\">Servicio de Picadera para el Curso &quot; Gesti\u00f3n del Riego basado en la Norma ISO 31000:2018&quot; <\/p><p class=\"mb-0\" style=\"font-size: .85rem\"><strong title=\"Estado del Proceso\"><i class=\"fas fa-spinner\"><\/i><\/strong> Proceso adjudicado y celebrado<\/p><p class=\"mb-0\" style=\"font-size: .85rem\"><strong title=\"Fecha de Publicaci\u00f3n\"><i class=\"fas fa-calendar-alt\"><\/i><\/strong> Publicado el jueves, 21 de diciembre de 2023<\/p><\/div><div class=\"col-auto mt-md-0 mt-2\"><a class=\"btn btn-primary btn-lg px-lg-4 d-none d-md-block\" href=\"https:\/\/comunidad.comprasdominicana.gob.do\/\/Public\/Tendering\/OpportunityDetail\/Index?noticeUID=DO1.NTC.1338218\" target=\"_blank\" title=\"Detalles\"><i class=\"fas fa-link\"><\/i> DETALLES<\/a><a class=\"btn btn-primary btn-lg px-lg-4 d-block d-md-none\" href=\"https:\/\/comunidad.comprasdominicana.gob.do\/\/Public\/Tendering\/OpportunityDetail\/Index?noticeUID=DO1.NTC.1338218\" target=\"_blank\" title=\"Detalles\"><i class=\"fas fa-2x fa-link\"><\/i><\/a><\/div><\/div><\/div><div class=\"jumbotron archivos\"><div class=\"row align-items-center\"><div class=\"col\"><h6><a class=\"text-dark\" href=\"https:\/\/comunidad.comprasdominicana.gob.do\/\/Public\/Tendering\/OpportunityDetail\/Index?noticeUID=DO1.NTC.1337506\" title=\"Ver\" target=\"_blank\">INESPRE-UC-CD-2023-0160<\/a><\/h6><p class=\"mb-0 bold\">Adquisici\u00f3n de Carros de carga manuales<\/p><p class=\"mb-0\" style=\"font-size: .85rem\"><strong title=\"Estado del Proceso\"><i class=\"fas fa-spinner\"><\/i><\/strong> Proceso adjudicado y celebrado<\/p><p class=\"mb-0\" style=\"font-size: .85rem\"><strong title=\"Fecha de Publicaci\u00f3n\"><i class=\"fas fa-calendar-alt\"><\/i><\/strong> Publicado el mi\u00e9rcoles, 20 de diciembre de 2023<\/p><\/div><div class=\"col-auto mt-md-0 mt-2\"><a class=\"btn btn-primary btn-lg px-lg-4 d-none d-md-block\" href=\"https:\/\/comunidad.comprasdominicana.gob.do\/\/Public\/Tendering\/OpportunityDetail\/Index?noticeUID=DO1.NTC.1337506\" target=\"_blank\" title=\"Detalles\"><i class=\"fas fa-link\"><\/i> DETALLES<\/a><a class=\"btn btn-primary btn-lg px-lg-4 d-block d-md-none\" href=\"https:\/\/comunidad.comprasdominicana.gob.do\/\/Public\/Tendering\/OpportunityDetail\/Index?noticeUID=DO1.NTC.1337506\" target=\"_blank\" title=\"Detalles\"><i class=\"fas fa-2x fa-link\"><\/i><\/a><\/div><\/div><\/div><div class=\"jumbotron archivos\"><div class=\"row align-items-center\"><div class=\"col\"><h6><a class=\"text-dark\" href=\"https:\/\/comunidad.comprasdominicana.gob.do\/\/Public\/Tendering\/OpportunityDetail\/Index?noticeUID=DO1.NTC.1336707\" title=\"Ver\" target=\"_blank\">INESPRE-UC-CD-2023-0159<\/a><\/h6><p class=\"mb-0 bold\">Servicio de Catering para la Feria \u00b4\u00b4Navidad del Cambio con INESPRE\u00b4\u00b4 en la Ciudad Ganadera<\/p><p class=\"mb-0\" style=\"font-size: .85rem\"><strong title=\"Estado del Proceso\"><i class=\"fas fa-spinner\"><\/i><\/strong> Proceso adjudicado y celebrado<\/p><p class=\"mb-0\" style=\"font-size: .85rem\"><strong title=\"Fecha de Publicaci\u00f3n\"><i class=\"fas fa-calendar-alt\"><\/i><\/strong> Publicado el martes, 19 de diciembre de 2023<\/p><\/div><div class=\"col-auto mt-md-0 mt-2\"><a class=\"btn btn-primary btn-lg px-lg-4 d-none d-md-block\" href=\"https:\/\/comunidad.comprasdominicana.gob.do\/\/Public\/Tendering\/OpportunityDetail\/Index?noticeUID=DO1.NTC.1336707\" target=\"_blank\" title=\"Detalles\"><i class=\"fas fa-link\"><\/i> DETALLES<\/a><a class=\"btn btn-primary btn-lg px-lg-4 d-block d-md-none\" href=\"https:\/\/comunidad.comprasdominicana.gob.do\/\/Public\/Tendering\/OpportunityDetail\/Index?noticeUID=DO1.NTC.1336707\" target=\"_blank\" title=\"Detalles\"><i class=\"fas fa-2x fa-link\"><\/i><\/a><\/div><\/div><\/div><div class=\"jumbotron archivos\"><div class=\"row align-items-center\"><div class=\"col\"><h6><a class=\"text-dark\" href=\"https:\/\/comunidad.comprasdominicana.gob.do\/\/Public\/Tendering\/OpportunityDetail\/Index?noticeUID=DO1.NTC.1336809\" title=\"Ver\" target=\"_blank\">INESPRE-UC-CD-2023-0158<\/a><\/h6><p class=\"mb-0 bold\">Servicio de Publicidad Institucional en Peri\u00f3dicos de circulaci\u00f3n Nacional<\/p><p class=\"mb-0\" style=\"font-size: .85rem\"><strong title=\"Estado del Proceso\"><i class=\"fas fa-spinner\"><\/i><\/strong> Proceso adjudicado y celebrado<\/p><p class=\"mb-0\" style=\"font-size: .85rem\"><strong title=\"Fecha de Publicaci\u00f3n\"><i class=\"fas fa-calendar-alt\"><\/i><\/strong> Publicado el martes, 19 de diciembre de 2023<\/p><\/div><div class=\"col-auto mt-md-0 mt-2\"><a class=\"btn btn-primary btn-lg px-lg-4 d-none d-md-block\" href=\"https:\/\/comunidad.comprasdominicana.gob.do\/\/Public\/Tendering\/OpportunityDetail\/Index?noticeUID=DO1.NTC.1336809\" target=\"_blank\" title=\"Detalles\"><i class=\"fas fa-link\"><\/i> DETALLES<\/a><a class=\"btn btn-primary btn-lg px-lg-4 d-block d-md-none\" href=\"https:\/\/comunidad.comprasdominicana.gob.do\/\/Public\/Tendering\/OpportunityDetail\/Index?noticeUID=DO1.NTC.1336809\" target=\"_blank\" title=\"Detalles\"><i class=\"fas fa-2x fa-link\"><\/i><\/a><\/div><\/div><\/div><div class=\"jumbotron archivos\"><div class=\"row align-items-center\"><div class=\"col\"><h6><a class=\"text-dark\" href=\"https:\/\/comunidad.comprasdominicana.gob.do\/\/Public\/Tendering\/OpportunityDetail\/Index?noticeUID=DO1.NTC.1335156\" title=\"Ver\" target=\"_blank\">INESPRE-UC-CD-2023-0157<\/a><\/h6><p class=\"mb-0 bold\">Aporte para el uso del \u00e1rea Feria y Eventos del Parque Central de Santiago. <\/p><p class=\"mb-0\" style=\"font-size: .85rem\"><strong title=\"Estado del Proceso\"><i class=\"fas fa-spinner\"><\/i><\/strong> Proceso adjudicado y celebrado<\/p><p class=\"mb-0\" style=\"font-size: .85rem\"><strong title=\"Fecha de Publicaci\u00f3n\"><i class=\"fas fa-calendar-alt\"><\/i><\/strong> Publicado el jueves, 14 de diciembre de 2023<\/p><\/div><div class=\"col-auto mt-md-0 mt-2\"><a class=\"btn btn-primary btn-lg px-lg-4 d-none d-md-block\" href=\"https:\/\/comunidad.comprasdominicana.gob.do\/\/Public\/Tendering\/OpportunityDetail\/Index?noticeUID=DO1.NTC.1335156\" target=\"_blank\" title=\"Detalles\"><i class=\"fas fa-link\"><\/i> DETALLES<\/a><a class=\"btn btn-primary btn-lg px-lg-4 d-block d-md-none\" href=\"https:\/\/comunidad.comprasdominicana.gob.do\/\/Public\/Tendering\/OpportunityDetail\/Index?noticeUID=DO1.NTC.1335156\" target=\"_blank\" title=\"Detalles\"><i class=\"fas fa-2x fa-link\"><\/i><\/a><\/div><\/div><\/div><div class=\"jumbotron archivos\"><div class=\"row align-items-center\"><div class=\"col\"><h6><a class=\"text-dark\" href=\"https:\/\/comunidad.comprasdominicana.gob.do\/\/Public\/Tendering\/OpportunityDetail\/Index?noticeUID=DO1.NTC.1331813\" title=\"Ver\" target=\"_blank\">INESPRE-UC-CD-2023-0156<\/a><\/h6><p class=\"mb-0 bold\">Servicio de Arreglos de flores para la Misa del 54 Aniversario de la Institucion<\/p><p class=\"mb-0\" style=\"font-size: .85rem\"><strong title=\"Estado del Proceso\"><i class=\"fas fa-spinner\"><\/i><\/strong> Proceso adjudicado y celebrado<\/p><p class=\"mb-0\" style=\"font-size: .85rem\"><strong title=\"Fecha de Publicaci\u00f3n\"><i class=\"fas fa-calendar-alt\"><\/i><\/strong> Publicado el jueves, 7 de diciembre de 2023<\/p><\/div><div class=\"col-auto mt-md-0 mt-2\"><a class=\"btn btn-primary btn-lg px-lg-4 d-none d-md-block\" href=\"https:\/\/comunidad.comprasdominicana.gob.do\/\/Public\/Tendering\/OpportunityDetail\/Index?noticeUID=DO1.NTC.1331813\" target=\"_blank\" title=\"Detalles\"><i class=\"fas fa-link\"><\/i> DETALLES<\/a><a class=\"btn btn-primary btn-lg px-lg-4 d-block d-md-none\" href=\"https:\/\/comunidad.comprasdominicana.gob.do\/\/Public\/Tendering\/OpportunityDetail\/Index?noticeUID=DO1.NTC.1331813\" target=\"_blank\" title=\"Detalles\"><i class=\"fas fa-2x fa-link\"><\/i><\/a><\/div><\/div><\/div><div class=\"jumbotron archivos\"><div class=\"row align-items-center\"><div class=\"col\"><h6><a class=\"text-dark\" href=\"https:\/\/comunidad.comprasdominicana.gob.do\/\/Public\/Tendering\/OpportunityDetail\/Index?noticeUID=DO1.NTC.1331621\" title=\"Ver\" target=\"_blank\">INESPRE-UC-CD-2023-0155<\/a><\/h6><p class=\"mb-0 bold\">Servicio de Picadera<\/p><p class=\"mb-0\" style=\"font-size: .85rem\"><strong title=\"Estado del Proceso\"><i class=\"fas fa-spinner\"><\/i><\/strong> Proceso adjudicado y celebrado<\/p><p class=\"mb-0\" style=\"font-size: .85rem\"><strong title=\"Fecha de Publicaci\u00f3n\"><i class=\"fas fa-calendar-alt\"><\/i><\/strong> Publicado el mi\u00e9rcoles, 6 de diciembre de 2023<\/p><\/div><div class=\"col-auto mt-md-0 mt-2\"><a class=\"btn btn-primary btn-lg px-lg-4 d-none d-md-block\" href=\"https:\/\/comunidad.comprasdominicana.gob.do\/\/Public\/Tendering\/OpportunityDetail\/Index?noticeUID=DO1.NTC.1331621\" target=\"_blank\" title=\"Detalles\"><i class=\"fas fa-link\"><\/i> DETALLES<\/a><a class=\"btn btn-primary btn-lg px-lg-4 d-block d-md-none\" href=\"https:\/\/comunidad.comprasdominicana.gob.do\/\/Public\/Tendering\/OpportunityDetail\/Index?noticeUID=DO1.NTC.1331621\" target=\"_blank\" title=\"Detalles\"><i class=\"fas fa-2x fa-link\"><\/i><\/a><\/div><\/div><\/div><div class=\"jumbotron archivos\"><div class=\"row align-items-center\"><div class=\"col\"><h6><a class=\"text-dark\" href=\"https:\/\/comunidad.comprasdominicana.gob.do\/\/Public\/Tendering\/OpportunityDetail\/Index?noticeUID=DO1.NTC.1331225\" title=\"Ver\" target=\"_blank\">INESPRE-UC-CD-2023-0154<\/a><\/h6><p class=\"mb-0 bold\">Adquisici\u00f3n de Cortinas tipo zebra con control remoto<\/p><p class=\"mb-0\" style=\"font-size: .85rem\"><strong title=\"Estado del Proceso\"><i class=\"fas fa-spinner\"><\/i><\/strong> Proceso adjudicado y celebrado<\/p><p class=\"mb-0\" style=\"font-size: .85rem\"><strong title=\"Fecha de Publicaci\u00f3n\"><i class=\"fas fa-calendar-alt\"><\/i><\/strong> Publicado el mi\u00e9rcoles, 6 de diciembre de 2023<\/p><\/div><div class=\"col-auto mt-md-0 mt-2\"><a class=\"btn btn-primary btn-lg px-lg-4 d-none d-md-block\" href=\"https:\/\/comunidad.comprasdominicana.gob.do\/\/Public\/Tendering\/OpportunityDetail\/Index?noticeUID=DO1.NTC.1331225\" target=\"_blank\" title=\"Detalles\"><i class=\"fas fa-link\"><\/i> DETALLES<\/a><a class=\"btn btn-primary btn-lg px-lg-4 d-block d-md-none\" href=\"https:\/\/comunidad.comprasdominicana.gob.do\/\/Public\/Tendering\/OpportunityDetail\/Index?noticeUID=DO1.NTC.1331225\" target=\"_blank\" title=\"Detalles\"><i class=\"fas fa-2x fa-link\"><\/i><\/a><\/div><\/div><\/div><div class=\"jumbotron archivos\"><div class=\"row align-items-center\"><div class=\"col\"><h6><a class=\"text-dark\" href=\"https:\/\/comunidad.comprasdominicana.gob.do\/\/Public\/Tendering\/OpportunityDetail\/Index?noticeUID=DO1.NTC.1329434\" title=\"Ver\" target=\"_blank\">INESPRE-UC-CD-2023-0153<\/a><\/h6><p class=\"mb-0 bold\">Servicio de Catering para la feria \u00a8Navidad del Cambio con INESPRE\u00a8<\/p><p class=\"mb-0\" style=\"font-size: .85rem\"><strong title=\"Estado del Proceso\"><i class=\"fas fa-spinner\"><\/i><\/strong> Proceso adjudicado y celebrado<\/p><p class=\"mb-0\" style=\"font-size: .85rem\"><strong title=\"Fecha de Publicaci\u00f3n\"><i class=\"fas fa-calendar-alt\"><\/i><\/strong> Publicado el viernes, 1 de diciembre de 2023<\/p><\/div><div class=\"col-auto mt-md-0 mt-2\"><a class=\"btn btn-primary btn-lg px-lg-4 d-none d-md-block\" href=\"https:\/\/comunidad.comprasdominicana.gob.do\/\/Public\/Tendering\/OpportunityDetail\/Index?noticeUID=DO1.NTC.1329434\" target=\"_blank\" title=\"Detalles\"><i class=\"fas fa-link\"><\/i> DETALLES<\/a><a class=\"btn btn-primary btn-lg px-lg-4 d-block d-md-none\" href=\"https:\/\/comunidad.comprasdominicana.gob.do\/\/Public\/Tendering\/OpportunityDetail\/Index?noticeUID=DO1.NTC.1329434\" target=\"_blank\" title=\"Detalles\"><i class=\"fas fa-2x fa-link\"><\/i><\/a><\/div><\/div><\/div><div class=\"jumbotron archivos\"><div class=\"row align-items-center\"><div class=\"col\"><h6><a class=\"text-dark\" href=\"https:\/\/comunidad.comprasdominicana.gob.do\/\/Public\/Tendering\/OpportunityDetail\/Index?noticeUID=DO1.NTC.1329422\" title=\"Ver\" target=\"_blank\">INESPRE-UC-CD-2023-0152<\/a><\/h6><p class=\"mb-0 bold\">Servicio de Instalaci\u00f3n de Radioenlace<\/p><p class=\"mb-0\" style=\"font-size: .85rem\"><strong title=\"Estado del Proceso\"><i class=\"fas fa-spinner\"><\/i><\/strong> Proceso adjudicado y celebrado<\/p><p class=\"mb-0\" style=\"font-size: .85rem\"><strong title=\"Fecha de Publicaci\u00f3n\"><i class=\"fas fa-calendar-alt\"><\/i><\/strong> Publicado el viernes, 1 de diciembre de 2023<\/p><\/div><div class=\"col-auto mt-md-0 mt-2\"><a class=\"btn btn-primary btn-lg px-lg-4 d-none d-md-block\" href=\"https:\/\/comunidad.comprasdominicana.gob.do\/\/Public\/Tendering\/OpportunityDetail\/Index?noticeUID=DO1.NTC.1329422\" target=\"_blank\" title=\"Detalles\"><i class=\"fas fa-link\"><\/i> DETALLES<\/a><a class=\"btn btn-primary btn-lg px-lg-4 d-block d-md-none\" href=\"https:\/\/comunidad.comprasdominicana.gob.do\/\/Public\/Tendering\/OpportunityDetail\/Index?noticeUID=DO1.NTC.1329422\" target=\"_blank\" title=\"Detalles\"><i class=\"fas fa-2x fa-link\"><\/i><\/a><\/div><\/div><\/div><\/div><\/div><\/div>\n        <div class=\"card\">\n            <div class=\"card-header parents\" id=\"heading_compras-por-debajo-del-umbral-69f73f7454400-2023-69f73f7454400-noviembre-69f73f7454400\">\n                <p class=\"title text-blue mb-0\">\n                    <a class=\"btn-block hover text-left collapsed\" data-toggle=\"collapse\" data-target=\"#collap_compras-por-debajo-del-umbral-69f73f7454400-2023-69f73f7454400-noviembre-69f73f7454400\" aria-expanded=\"false\" aria-controls=\"collap_compras-por-debajo-del-umbral-69f73f7454400-2023-69f73f7454400-noviembre-69f73f7454400\">Noviembre<\/a>\n                <\/p>\n            <\/div>\n            <div id=\"collap_compras-por-debajo-del-umbral-69f73f7454400-2023-69f73f7454400-noviembre-69f73f7454400\" class=\"collapse\" aria-labelledby=\"heading_compras-por-debajo-del-umbral-69f73f7454400-2023-69f73f7454400-noviembre-69f73f7454400\" data-parent=\"#collap_compras-por-debajo-del-umbral-69f73f7454400-2023-69f73f7454400\">\n                <div class=\"card-body\"><div class=\"jumbotron archivos\"><div class=\"row align-items-center\"><div class=\"col\"><h6><a class=\"text-dark\" href=\"https:\/\/comunidad.comprasdominicana.gob.do\/\/Public\/Tendering\/OpportunityDetail\/Index?noticeUID=DO1.NTC.1328022\" title=\"Ver\" target=\"_blank\">INESPRE-UC-CD-2023-0151<\/a><\/h6><p class=\"mb-0 bold\">Adquisici\u00f3n de Materiales de Redes<\/p><p class=\"mb-0\" style=\"font-size: .85rem\"><strong title=\"Estado del Proceso\"><i class=\"fas fa-spinner\"><\/i><\/strong> Proceso adjudicado y celebrado<\/p><p class=\"mb-0\" style=\"font-size: .85rem\"><strong title=\"Fecha de Publicaci\u00f3n\"><i class=\"fas fa-calendar-alt\"><\/i><\/strong> Publicado el martes, 28 de noviembre de 2023<\/p><\/div><div class=\"col-auto mt-md-0 mt-2\"><a class=\"btn btn-primary btn-lg px-lg-4 d-none d-md-block\" href=\"https:\/\/comunidad.comprasdominicana.gob.do\/\/Public\/Tendering\/OpportunityDetail\/Index?noticeUID=DO1.NTC.1328022\" target=\"_blank\" title=\"Detalles\"><i class=\"fas fa-link\"><\/i> DETALLES<\/a><a class=\"btn btn-primary btn-lg px-lg-4 d-block d-md-none\" href=\"https:\/\/comunidad.comprasdominicana.gob.do\/\/Public\/Tendering\/OpportunityDetail\/Index?noticeUID=DO1.NTC.1328022\" target=\"_blank\" title=\"Detalles\"><i class=\"fas fa-2x fa-link\"><\/i><\/a><\/div><\/div><\/div><div class=\"jumbotron archivos\"><div class=\"row align-items-center\"><div class=\"col\"><h6><a class=\"text-dark\" href=\"https:\/\/comunidad.comprasdominicana.gob.do\/\/Public\/Tendering\/OpportunityDetail\/Index?noticeUID=DO1.NTC.1327614\" title=\"Ver\" target=\"_blank\">INESPRE-UC-CD-2023-0150<\/a><\/h6><p class=\"mb-0 bold\">Adquisici\u00f3n de Fajas para empleados de almac\u00e9n<\/p><p class=\"mb-0\" style=\"font-size: .85rem\"><strong title=\"Estado del Proceso\"><i class=\"fas fa-spinner\"><\/i><\/strong> Proceso adjudicado y celebrado<\/p><p class=\"mb-0\" style=\"font-size: .85rem\"><strong title=\"Fecha de Publicaci\u00f3n\"><i class=\"fas fa-calendar-alt\"><\/i><\/strong> Publicado el martes, 28 de noviembre de 2023<\/p><\/div><div class=\"col-auto mt-md-0 mt-2\"><a class=\"btn btn-primary btn-lg px-lg-4 d-none d-md-block\" href=\"https:\/\/comunidad.comprasdominicana.gob.do\/\/Public\/Tendering\/OpportunityDetail\/Index?noticeUID=DO1.NTC.1327614\" target=\"_blank\" title=\"Detalles\"><i class=\"fas fa-link\"><\/i> DETALLES<\/a><a class=\"btn btn-primary btn-lg px-lg-4 d-block d-md-none\" href=\"https:\/\/comunidad.comprasdominicana.gob.do\/\/Public\/Tendering\/OpportunityDetail\/Index?noticeUID=DO1.NTC.1327614\" target=\"_blank\" title=\"Detalles\"><i class=\"fas fa-2x fa-link\"><\/i><\/a><\/div><\/div><\/div><div class=\"jumbotron archivos\"><div class=\"row align-items-center\"><div class=\"col\"><h6><a class=\"text-dark\" href=\"https:\/\/comunidad.comprasdominicana.gob.do\/\/Public\/Tendering\/OpportunityDetail\/Index?noticeUID=DO1.NTC.1327148\" title=\"Ver\" target=\"_blank\">INESPRE-UC-CD-2023-0149<\/a><\/h6><p class=\"mb-0 bold\">Adquisici\u00f3n de Tarimas pl\u00e1sticas<\/p><p class=\"mb-0\" style=\"font-size: .85rem\"><strong title=\"Estado del Proceso\"><i class=\"fas fa-spinner\"><\/i><\/strong> Proceso adjudicado y celebrado<\/p><p class=\"mb-0\" style=\"font-size: .85rem\"><strong title=\"Fecha de Publicaci\u00f3n\"><i class=\"fas fa-calendar-alt\"><\/i><\/strong> Publicado el lunes, 27 de noviembre de 2023<\/p><\/div><div class=\"col-auto mt-md-0 mt-2\"><a class=\"btn btn-primary btn-lg px-lg-4 d-none d-md-block\" href=\"https:\/\/comunidad.comprasdominicana.gob.do\/\/Public\/Tendering\/OpportunityDetail\/Index?noticeUID=DO1.NTC.1327148\" target=\"_blank\" title=\"Detalles\"><i class=\"fas fa-link\"><\/i> DETALLES<\/a><a class=\"btn btn-primary btn-lg px-lg-4 d-block d-md-none\" href=\"https:\/\/comunidad.comprasdominicana.gob.do\/\/Public\/Tendering\/OpportunityDetail\/Index?noticeUID=DO1.NTC.1327148\" target=\"_blank\" title=\"Detalles\"><i class=\"fas fa-2x fa-link\"><\/i><\/a><\/div><\/div><\/div><div class=\"jumbotron archivos\"><div class=\"row align-items-center\"><div class=\"col\"><h6><a class=\"text-dark\" href=\"https:\/\/comunidad.comprasdominicana.gob.do\/\/Public\/Tendering\/OpportunityDetail\/Index?noticeUID=DO1.NTC.1327336\" title=\"Ver\" target=\"_blank\">INESPRE-UC-CD-2023-0148<\/a><\/h6><p class=\"mb-0 bold\">Adquisici\u00f3n de Utensilios Desechables<\/p><p class=\"mb-0\" style=\"font-size: .85rem\"><strong title=\"Estado del Proceso\"><i class=\"fas fa-spinner\"><\/i><\/strong> Proceso adjudicado y celebrado<\/p><p class=\"mb-0\" style=\"font-size: .85rem\"><strong title=\"Fecha de Publicaci\u00f3n\"><i class=\"fas fa-calendar-alt\"><\/i><\/strong> Publicado el lunes, 27 de noviembre de 2023<\/p><\/div><div class=\"col-auto mt-md-0 mt-2\"><a class=\"btn btn-primary btn-lg px-lg-4 d-none d-md-block\" href=\"https:\/\/comunidad.comprasdominicana.gob.do\/\/Public\/Tendering\/OpportunityDetail\/Index?noticeUID=DO1.NTC.1327336\" target=\"_blank\" title=\"Detalles\"><i class=\"fas fa-link\"><\/i> DETALLES<\/a><a class=\"btn btn-primary btn-lg px-lg-4 d-block d-md-none\" href=\"https:\/\/comunidad.comprasdominicana.gob.do\/\/Public\/Tendering\/OpportunityDetail\/Index?noticeUID=DO1.NTC.1327336\" target=\"_blank\" title=\"Detalles\"><i class=\"fas fa-2x fa-link\"><\/i><\/a><\/div><\/div><\/div><div class=\"jumbotron archivos\"><div class=\"row align-items-center\"><div class=\"col\"><h6><a class=\"text-dark\" href=\"https:\/\/comunidad.comprasdominicana.gob.do\/\/Public\/Tendering\/OpportunityDetail\/Index?noticeUID=DO1.NTC.1326730\" title=\"Ver\" target=\"_blank\">INESPRE-UC-CD-2023-0146<\/a><\/h6><p class=\"mb-0 bold\">Adquisici\u00f3n de Cafeteras y Utensilios para las ferias y actividades Institucionales<\/p><p class=\"mb-0\" style=\"font-size: .85rem\"><strong title=\"Estado del Proceso\"><i class=\"fas fa-spinner\"><\/i><\/strong> Proceso adjudicado y celebrado<\/p><p class=\"mb-0\" style=\"font-size: .85rem\"><strong title=\"Fecha de Publicaci\u00f3n\"><i class=\"fas fa-calendar-alt\"><\/i><\/strong> Publicado el viernes, 24 de noviembre de 2023<\/p><\/div><div class=\"col-auto mt-md-0 mt-2\"><a class=\"btn btn-primary btn-lg px-lg-4 d-none d-md-block\" href=\"https:\/\/comunidad.comprasdominicana.gob.do\/\/Public\/Tendering\/OpportunityDetail\/Index?noticeUID=DO1.NTC.1326730\" target=\"_blank\" title=\"Detalles\"><i class=\"fas fa-link\"><\/i> DETALLES<\/a><a class=\"btn btn-primary btn-lg px-lg-4 d-block d-md-none\" href=\"https:\/\/comunidad.comprasdominicana.gob.do\/\/Public\/Tendering\/OpportunityDetail\/Index?noticeUID=DO1.NTC.1326730\" target=\"_blank\" title=\"Detalles\"><i class=\"fas fa-2x fa-link\"><\/i><\/a><\/div><\/div><\/div><div class=\"jumbotron archivos\"><div class=\"row align-items-center\"><div class=\"col\"><h6><a class=\"text-dark\" href=\"https:\/\/comunidad.comprasdominicana.gob.do\/\/Public\/Tendering\/OpportunityDetail\/Index?noticeUID=DO1.NTC.1326421\" title=\"Ver\" target=\"_blank\">INESPRE-UC-CD-2023-0147<\/a><\/h6><p class=\"mb-0 bold\">Adquisici\u00f3n de Materiales El\u00e9ctricos<\/p><p class=\"mb-0\" style=\"font-size: .85rem\"><strong title=\"Estado del Proceso\"><i class=\"fas fa-spinner\"><\/i><\/strong> Proceso adjudicado y celebrado<\/p><p class=\"mb-0\" style=\"font-size: .85rem\"><strong title=\"Fecha de Publicaci\u00f3n\"><i class=\"fas fa-calendar-alt\"><\/i><\/strong> Publicado el viernes, 24 de noviembre de 2023<\/p><\/div><div class=\"col-auto mt-md-0 mt-2\"><a class=\"btn btn-primary btn-lg px-lg-4 d-none d-md-block\" href=\"https:\/\/comunidad.comprasdominicana.gob.do\/\/Public\/Tendering\/OpportunityDetail\/Index?noticeUID=DO1.NTC.1326421\" target=\"_blank\" title=\"Detalles\"><i class=\"fas fa-link\"><\/i> DETALLES<\/a><a class=\"btn btn-primary btn-lg px-lg-4 d-block d-md-none\" href=\"https:\/\/comunidad.comprasdominicana.gob.do\/\/Public\/Tendering\/OpportunityDetail\/Index?noticeUID=DO1.NTC.1326421\" target=\"_blank\" title=\"Detalles\"><i class=\"fas fa-2x fa-link\"><\/i><\/a><\/div><\/div><\/div><div class=\"jumbotron archivos\"><div class=\"row align-items-center\"><div class=\"col\"><h6><a class=\"text-dark\" href=\"https:\/\/comunidad.comprasdominicana.gob.do\/\/Public\/Tendering\/OpportunityDetail\/Index?noticeUID=DO1.NTC.1325362\" title=\"Ver\" target=\"_blank\">INESPRE-UC-CD-2023-0145<\/a><\/h6><p class=\"mb-0 bold\">Adquisici\u00f3n de Lamparas Led<\/p><p class=\"mb-0\" style=\"font-size: .85rem\"><strong title=\"Estado del Proceso\"><i class=\"fas fa-spinner\"><\/i><\/strong> Proceso adjudicado y celebrado<\/p><p class=\"mb-0\" style=\"font-size: .85rem\"><strong title=\"Fecha de Publicaci\u00f3n\"><i class=\"fas fa-calendar-alt\"><\/i><\/strong> Publicado el mi\u00e9rcoles, 22 de noviembre de 2023<\/p><\/div><div class=\"col-auto mt-md-0 mt-2\"><a class=\"btn btn-primary btn-lg px-lg-4 d-none d-md-block\" href=\"https:\/\/comunidad.comprasdominicana.gob.do\/\/Public\/Tendering\/OpportunityDetail\/Index?noticeUID=DO1.NTC.1325362\" target=\"_blank\" title=\"Detalles\"><i class=\"fas fa-link\"><\/i> DETALLES<\/a><a class=\"btn btn-primary btn-lg px-lg-4 d-block d-md-none\" href=\"https:\/\/comunidad.comprasdominicana.gob.do\/\/Public\/Tendering\/OpportunityDetail\/Index?noticeUID=DO1.NTC.1325362\" target=\"_blank\" title=\"Detalles\"><i class=\"fas fa-2x fa-link\"><\/i><\/a><\/div><\/div><\/div><div class=\"jumbotron archivos\"><div class=\"row align-items-center\"><div class=\"col\"><h6><a class=\"text-dark\" href=\"https:\/\/comunidad.comprasdominicana.gob.do\/\/Public\/Tendering\/OpportunityDetail\/Index?noticeUID=DO1.NTC.1325644\" title=\"Ver\" target=\"_blank\">INESPRE-UC-CD-2023-0144<\/a><\/h6><p class=\"mb-0 bold\">Adquisici\u00f3n de Sellos Gomigrafos<\/p><p class=\"mb-0\" style=\"font-size: .85rem\"><strong title=\"Estado del Proceso\"><i class=\"fas fa-spinner\"><\/i><\/strong> Proceso adjudicado y celebrado<\/p><p class=\"mb-0\" style=\"font-size: .85rem\"><strong title=\"Fecha de Publicaci\u00f3n\"><i class=\"fas fa-calendar-alt\"><\/i><\/strong> Publicado el mi\u00e9rcoles, 22 de noviembre de 2023<\/p><\/div><div class=\"col-auto mt-md-0 mt-2\"><a class=\"btn btn-primary btn-lg px-lg-4 d-none d-md-block\" href=\"https:\/\/comunidad.comprasdominicana.gob.do\/\/Public\/Tendering\/OpportunityDetail\/Index?noticeUID=DO1.NTC.1325644\" target=\"_blank\" title=\"Detalles\"><i class=\"fas fa-link\"><\/i> DETALLES<\/a><a class=\"btn btn-primary btn-lg px-lg-4 d-block d-md-none\" href=\"https:\/\/comunidad.comprasdominicana.gob.do\/\/Public\/Tendering\/OpportunityDetail\/Index?noticeUID=DO1.NTC.1325644\" target=\"_blank\" title=\"Detalles\"><i class=\"fas fa-2x fa-link\"><\/i><\/a><\/div><\/div><\/div><div class=\"jumbotron archivos\"><div class=\"row align-items-center\"><div class=\"col\"><h6><a class=\"text-dark\" href=\"https:\/\/comunidad.comprasdominicana.gob.do\/\/Public\/Tendering\/OpportunityDetail\/Index?noticeUID=DO1.NTC.1325009\" title=\"Ver\" target=\"_blank\">INESPRE-UC-CD-2023-0143<\/a><\/h6><p class=\"mb-0 bold\">Servicio de Alquiler de una (01) Mini Van de 12 pasajeros<\/p><p class=\"mb-0\" style=\"font-size: .85rem\"><strong title=\"Estado del Proceso\"><i class=\"fas fa-spinner\"><\/i><\/strong> Proceso adjudicado y celebrado<\/p><p class=\"mb-0\" style=\"font-size: .85rem\"><strong title=\"Fecha de Publicaci\u00f3n\"><i class=\"fas fa-calendar-alt\"><\/i><\/strong> Publicado el martes, 21 de noviembre de 2023<\/p><\/div><div class=\"col-auto mt-md-0 mt-2\"><a class=\"btn btn-primary btn-lg px-lg-4 d-none d-md-block\" href=\"https:\/\/comunidad.comprasdominicana.gob.do\/\/Public\/Tendering\/OpportunityDetail\/Index?noticeUID=DO1.NTC.1325009\" target=\"_blank\" title=\"Detalles\"><i class=\"fas fa-link\"><\/i> DETALLES<\/a><a class=\"btn btn-primary btn-lg px-lg-4 d-block d-md-none\" href=\"https:\/\/comunidad.comprasdominicana.gob.do\/\/Public\/Tendering\/OpportunityDetail\/Index?noticeUID=DO1.NTC.1325009\" target=\"_blank\" title=\"Detalles\"><i class=\"fas fa-2x fa-link\"><\/i><\/a><\/div><\/div><\/div><div class=\"jumbotron archivos\"><div class=\"row align-items-center\"><div class=\"col\"><h6><a class=\"text-dark\" href=\"https:\/\/comunidad.comprasdominicana.gob.do\/\/Public\/Tendering\/OpportunityDetail\/Index?noticeUID=DO1.NTC.1322309\" title=\"Ver\" target=\"_blank\">INESPRE-UC-CD-2023-0138<\/a><\/h6><p class=\"mb-0 bold\">Adquisici\u00f3n de Art\u00edculos y Mobiliarios para montaje de Stand en las ferias la Navidad del Cambio con Inespre <\/p><p class=\"mb-0\" style=\"font-size: .85rem\"><strong title=\"Estado del Proceso\"><i class=\"fas fa-spinner\"><\/i><\/strong> Proceso adjudicado y celebrado<\/p><p class=\"mb-0\" style=\"font-size: .85rem\"><strong title=\"Fecha de Publicaci\u00f3n\"><i class=\"fas fa-calendar-alt\"><\/i><\/strong> Publicado el viernes, 17 de noviembre de 2023<\/p><\/div><div class=\"col-auto mt-md-0 mt-2\"><a class=\"btn btn-primary btn-lg px-lg-4 d-none d-md-block\" href=\"https:\/\/comunidad.comprasdominicana.gob.do\/\/Public\/Tendering\/OpportunityDetail\/Index?noticeUID=DO1.NTC.1322309\" target=\"_blank\" title=\"Detalles\"><i class=\"fas fa-link\"><\/i> DETALLES<\/a><a class=\"btn btn-primary btn-lg px-lg-4 d-block d-md-none\" href=\"https:\/\/comunidad.comprasdominicana.gob.do\/\/Public\/Tendering\/OpportunityDetail\/Index?noticeUID=DO1.NTC.1322309\" target=\"_blank\" title=\"Detalles\"><i class=\"fas fa-2x fa-link\"><\/i><\/a><\/div><\/div><\/div><div class=\"jumbotron archivos\"><div class=\"row align-items-center\"><div class=\"col\"><h6><a class=\"text-dark\" href=\"https:\/\/comunidad.comprasdominicana.gob.do\/\/Public\/Tendering\/OpportunityDetail\/Index?noticeUID=DO1.NTC.1321642\" title=\"Ver\" target=\"_blank\">INESPRE-UC-CD-2023-0142<\/a><\/h6><p class=\"mb-0 bold\">Adquisici\u00f3n de Chalecos de Seguridad reflectivos con logo y posici\u00f3n <\/p><p class=\"mb-0\" style=\"font-size: .85rem\"><strong title=\"Estado del Proceso\"><i class=\"fas fa-spinner\"><\/i><\/strong> Proceso adjudicado y celebrado<\/p><p class=\"mb-0\" style=\"font-size: .85rem\"><strong title=\"Fecha de Publicaci\u00f3n\"><i class=\"fas fa-calendar-alt\"><\/i><\/strong> Publicado el jueves, 16 de noviembre de 2023<\/p><\/div><div class=\"col-auto mt-md-0 mt-2\"><a class=\"btn btn-primary btn-lg px-lg-4 d-none d-md-block\" href=\"https:\/\/comunidad.comprasdominicana.gob.do\/\/Public\/Tendering\/OpportunityDetail\/Index?noticeUID=DO1.NTC.1321642\" target=\"_blank\" title=\"Detalles\"><i class=\"fas fa-link\"><\/i> DETALLES<\/a><a class=\"btn btn-primary btn-lg px-lg-4 d-block d-md-none\" href=\"https:\/\/comunidad.comprasdominicana.gob.do\/\/Public\/Tendering\/OpportunityDetail\/Index?noticeUID=DO1.NTC.1321642\" target=\"_blank\" title=\"Detalles\"><i class=\"fas fa-2x fa-link\"><\/i><\/a><\/div><\/div><\/div><div class=\"jumbotron archivos\"><div class=\"row align-items-center\"><div class=\"col\"><h6><a class=\"text-dark\" href=\"https:\/\/comunidad.comprasdominicana.gob.do\/\/Public\/Tendering\/OpportunityDetail\/Index?noticeUID=DO1.NTC.1321815\" title=\"Ver\" target=\"_blank\">INESPRE-UC-CD-2023-0140<\/a><\/h6><p class=\"mb-0 bold\">Adquisici\u00f3n de Gorros serigrafiados y Vasos desechables con tapa <\/p><p class=\"mb-0\" style=\"font-size: .85rem\"><strong title=\"Estado del Proceso\"><i class=\"fas fa-spinner\"><\/i><\/strong> Proceso adjudicado y celebrado<\/p><p class=\"mb-0\" style=\"font-size: .85rem\"><strong title=\"Fecha de Publicaci\u00f3n\"><i class=\"fas fa-calendar-alt\"><\/i><\/strong> Publicado el jueves, 16 de noviembre de 2023<\/p><\/div><div class=\"col-auto mt-md-0 mt-2\"><a class=\"btn btn-primary btn-lg px-lg-4 d-none d-md-block\" href=\"https:\/\/comunidad.comprasdominicana.gob.do\/\/Public\/Tendering\/OpportunityDetail\/Index?noticeUID=DO1.NTC.1321815\" target=\"_blank\" title=\"Detalles\"><i class=\"fas fa-link\"><\/i> DETALLES<\/a><a class=\"btn btn-primary btn-lg px-lg-4 d-block d-md-none\" href=\"https:\/\/comunidad.comprasdominicana.gob.do\/\/Public\/Tendering\/OpportunityDetail\/Index?noticeUID=DO1.NTC.1321815\" target=\"_blank\" title=\"Detalles\"><i class=\"fas fa-2x fa-link\"><\/i><\/a><\/div><\/div><\/div><div class=\"jumbotron archivos\"><div class=\"row align-items-center\"><div class=\"col\"><h6><a class=\"text-dark\" href=\"https:\/\/comunidad.comprasdominicana.gob.do\/\/Public\/Tendering\/OpportunityDetail\/Index?noticeUID=DO1.NTC.1321614\" title=\"Ver\" target=\"_blank\">INESPRE-UC-CD-2023-0139<\/a><\/h6><p class=\"mb-0 bold\">Servicio de Chocolate caliente con leche para la bienvenida de la navidad <\/p><p class=\"mb-0\" style=\"font-size: .85rem\"><strong title=\"Estado del Proceso\"><i class=\"fas fa-spinner\"><\/i><\/strong> Proceso adjudicado y celebrado<\/p><p class=\"mb-0\" style=\"font-size: .85rem\"><strong title=\"Fecha de Publicaci\u00f3n\"><i class=\"fas fa-calendar-alt\"><\/i><\/strong> Publicado el jueves, 16 de noviembre de 2023<\/p><\/div><div class=\"col-auto mt-md-0 mt-2\"><a class=\"btn btn-primary btn-lg px-lg-4 d-none d-md-block\" href=\"https:\/\/comunidad.comprasdominicana.gob.do\/\/Public\/Tendering\/OpportunityDetail\/Index?noticeUID=DO1.NTC.1321614\" target=\"_blank\" title=\"Detalles\"><i class=\"fas fa-link\"><\/i> DETALLES<\/a><a class=\"btn btn-primary btn-lg px-lg-4 d-block d-md-none\" href=\"https:\/\/comunidad.comprasdominicana.gob.do\/\/Public\/Tendering\/OpportunityDetail\/Index?noticeUID=DO1.NTC.1321614\" target=\"_blank\" title=\"Detalles\"><i class=\"fas fa-2x fa-link\"><\/i><\/a><\/div><\/div><\/div><div class=\"jumbotron archivos\"><div class=\"row align-items-center\"><div class=\"col\"><h6><a class=\"text-dark\" href=\"https:\/\/comunidad.comprasdominicana.gob.do\/\/Public\/Tendering\/OpportunityDetail\/Index?noticeUID=DO1.NTC.1321535\" title=\"Ver\" target=\"_blank\">INESPRE-UC-CD-2023-0141<\/a><\/h6><p class=\"mb-0 bold\">Servicio de Publicidad Institucional en un Peri\u00f3dico de circulaci\u00f3n Nacional<\/p><p class=\"mb-0\" style=\"font-size: .85rem\"><strong title=\"Estado del Proceso\"><i class=\"fas fa-spinner\"><\/i><\/strong> Proceso adjudicado y celebrado<\/p><p class=\"mb-0\" style=\"font-size: .85rem\"><strong title=\"Fecha de Publicaci\u00f3n\"><i class=\"fas fa-calendar-alt\"><\/i><\/strong> Publicado el mi\u00e9rcoles, 15 de noviembre de 2023<\/p><\/div><div class=\"col-auto mt-md-0 mt-2\"><a class=\"btn btn-primary btn-lg px-lg-4 d-none d-md-block\" href=\"https:\/\/comunidad.comprasdominicana.gob.do\/\/Public\/Tendering\/OpportunityDetail\/Index?noticeUID=DO1.NTC.1321535\" target=\"_blank\" title=\"Detalles\"><i class=\"fas fa-link\"><\/i> DETALLES<\/a><a class=\"btn btn-primary btn-lg px-lg-4 d-block d-md-none\" href=\"https:\/\/comunidad.comprasdominicana.gob.do\/\/Public\/Tendering\/OpportunityDetail\/Index?noticeUID=DO1.NTC.1321535\" target=\"_blank\" title=\"Detalles\"><i class=\"fas fa-2x fa-link\"><\/i><\/a><\/div><\/div><\/div><div class=\"jumbotron archivos\"><div class=\"row align-items-center\"><div class=\"col\"><h6><a class=\"text-dark\" href=\"https:\/\/comunidad.comprasdominicana.gob.do\/\/Public\/Tendering\/OpportunityDetail\/Index?noticeUID=DO1.NTC.1319323\" title=\"Ver\" target=\"_blank\">INESPRE-UC-CD-2023-0137<\/a><\/h6><p class=\"mb-0 bold\">Adquisici\u00f3n de Adornos navide\u00f1os para ser utilizado en las ferias &quot; La Navidad del Cambio con INESPRE&quot; <\/p><p class=\"mb-0\" style=\"font-size: .85rem\"><strong title=\"Estado del Proceso\"><i class=\"fas fa-spinner\"><\/i><\/strong> Proceso adjudicado y celebrado<\/p><p class=\"mb-0\" style=\"font-size: .85rem\"><strong title=\"Fecha de Publicaci\u00f3n\"><i class=\"fas fa-calendar-alt\"><\/i><\/strong> Publicado el viernes, 10 de noviembre de 2023<\/p><\/div><div class=\"col-auto mt-md-0 mt-2\"><a class=\"btn btn-primary btn-lg px-lg-4 d-none d-md-block\" href=\"https:\/\/comunidad.comprasdominicana.gob.do\/\/Public\/Tendering\/OpportunityDetail\/Index?noticeUID=DO1.NTC.1319323\" target=\"_blank\" title=\"Detalles\"><i class=\"fas fa-link\"><\/i> DETALLES<\/a><a class=\"btn btn-primary btn-lg px-lg-4 d-block d-md-none\" href=\"https:\/\/comunidad.comprasdominicana.gob.do\/\/Public\/Tendering\/OpportunityDetail\/Index?noticeUID=DO1.NTC.1319323\" target=\"_blank\" title=\"Detalles\"><i class=\"fas fa-2x fa-link\"><\/i><\/a><\/div><\/div><\/div><div class=\"jumbotron archivos\"><div class=\"row align-items-center\"><div class=\"col\"><h6><a class=\"text-dark\" href=\"https:\/\/comunidad.comprasdominicana.gob.do\/\/Public\/Tendering\/OpportunityDetail\/Index?noticeUID=DO1.NTC.1319213\" title=\"Ver\" target=\"_blank\">INESPRE-UC-CD-2023-0136<\/a><\/h6><p class=\"mb-0 bold\">Servicio Catering para Taller Planificaci\u00f3n del Proceso de Gesti\u00f3n y Evaluaci\u00f3n Laboral.<\/p><p class=\"mb-0\" style=\"font-size: .85rem\"><strong title=\"Estado del Proceso\"><i class=\"fas fa-spinner\"><\/i><\/strong> Proceso adjudicado y celebrado<\/p><p class=\"mb-0\" style=\"font-size: .85rem\"><strong title=\"Fecha de Publicaci\u00f3n\"><i class=\"fas fa-calendar-alt\"><\/i><\/strong> Publicado el viernes, 10 de noviembre de 2023<\/p><\/div><div class=\"col-auto mt-md-0 mt-2\"><a class=\"btn btn-primary btn-lg px-lg-4 d-none d-md-block\" href=\"https:\/\/comunidad.comprasdominicana.gob.do\/\/Public\/Tendering\/OpportunityDetail\/Index?noticeUID=DO1.NTC.1319213\" target=\"_blank\" title=\"Detalles\"><i class=\"fas fa-link\"><\/i> DETALLES<\/a><a class=\"btn btn-primary btn-lg px-lg-4 d-block d-md-none\" href=\"https:\/\/comunidad.comprasdominicana.gob.do\/\/Public\/Tendering\/OpportunityDetail\/Index?noticeUID=DO1.NTC.1319213\" target=\"_blank\" title=\"Detalles\"><i class=\"fas fa-2x fa-link\"><\/i><\/a><\/div><\/div><\/div><div class=\"jumbotron archivos\"><div class=\"row align-items-center\"><div class=\"col\"><h6><a class=\"text-dark\" href=\"https:\/\/comunidad.comprasdominicana.gob.do\/\/Public\/Tendering\/OpportunityDetail\/Index?noticeUID=DO1.NTC.1319313\" title=\"Ver\" target=\"_blank\">INESPRE-UC-CD-2023-0135<\/a><\/h6><p class=\"mb-0 bold\">Servicio de Arreglos de flores para la misa del 54 Aniversario de la Instituci\u00f3n <\/p><p class=\"mb-0\" style=\"font-size: .85rem\"><strong title=\"Estado del Proceso\"><i class=\"fas fa-spinner\"><\/i><\/strong> Proceso desierto<\/p><p class=\"mb-0\" style=\"font-size: .85rem\"><strong title=\"Fecha de Publicaci\u00f3n\"><i class=\"fas fa-calendar-alt\"><\/i><\/strong> Publicado el viernes, 10 de noviembre de 2023<\/p><\/div><div class=\"col-auto mt-md-0 mt-2\"><a class=\"btn btn-primary btn-lg px-lg-4 d-none d-md-block\" href=\"https:\/\/comunidad.comprasdominicana.gob.do\/\/Public\/Tendering\/OpportunityDetail\/Index?noticeUID=DO1.NTC.1319313\" target=\"_blank\" title=\"Detalles\"><i class=\"fas fa-link\"><\/i> DETALLES<\/a><a class=\"btn btn-primary btn-lg px-lg-4 d-block d-md-none\" href=\"https:\/\/comunidad.comprasdominicana.gob.do\/\/Public\/Tendering\/OpportunityDetail\/Index?noticeUID=DO1.NTC.1319313\" target=\"_blank\" title=\"Detalles\"><i class=\"fas fa-2x fa-link\"><\/i><\/a><\/div><\/div><\/div><div class=\"jumbotron archivos\"><div class=\"row align-items-center\"><div class=\"col\"><h6><a class=\"text-dark\" href=\"https:\/\/comunidad.comprasdominicana.gob.do\/\/Public\/Tendering\/OpportunityDetail\/Index?noticeUID=DO1.NTC.1319703\" title=\"Ver\" target=\"_blank\">INESPRE-UC-CD-2023-0134<\/a><\/h6><p class=\"mb-0 bold\">Adquisici\u00f3n de Gorras con logo Bordado<\/p><p class=\"mb-0\" style=\"font-size: .85rem\"><strong title=\"Estado del Proceso\"><i class=\"fas fa-spinner\"><\/i><\/strong> Proceso adjudicado y celebrado<\/p><p class=\"mb-0\" style=\"font-size: .85rem\"><strong title=\"Fecha de Publicaci\u00f3n\"><i class=\"fas fa-calendar-alt\"><\/i><\/strong> Publicado el viernes, 10 de noviembre de 2023<\/p><\/div><div class=\"col-auto mt-md-0 mt-2\"><a class=\"btn btn-primary btn-lg px-lg-4 d-none d-md-block\" href=\"https:\/\/comunidad.comprasdominicana.gob.do\/\/Public\/Tendering\/OpportunityDetail\/Index?noticeUID=DO1.NTC.1319703\" target=\"_blank\" title=\"Detalles\"><i class=\"fas fa-link\"><\/i> DETALLES<\/a><a class=\"btn btn-primary btn-lg px-lg-4 d-block d-md-none\" href=\"https:\/\/comunidad.comprasdominicana.gob.do\/\/Public\/Tendering\/OpportunityDetail\/Index?noticeUID=DO1.NTC.1319703\" target=\"_blank\" title=\"Detalles\"><i class=\"fas fa-2x fa-link\"><\/i><\/a><\/div><\/div><\/div><div class=\"jumbotron archivos\"><div class=\"row align-items-center\"><div class=\"col\"><h6><a class=\"text-dark\" href=\"https:\/\/comunidad.comprasdominicana.gob.do\/\/Public\/Tendering\/OpportunityDetail\/Index?noticeUID=DO1.NTC.1318713\" title=\"Ver\" target=\"_blank\">INESPRE-UC-CD-2023-0133<\/a><\/h6><p class=\"mb-0 bold\">Servicio de Coro para Misa del 54 Aniversario de la Instituci\u00f3n <\/p><p class=\"mb-0\" style=\"font-size: .85rem\"><strong title=\"Estado del Proceso\"><i class=\"fas fa-spinner\"><\/i><\/strong> Proceso adjudicado y celebrado<\/p><p class=\"mb-0\" style=\"font-size: .85rem\"><strong title=\"Fecha de Publicaci\u00f3n\"><i class=\"fas fa-calendar-alt\"><\/i><\/strong> Publicado el jueves, 9 de noviembre de 2023<\/p><\/div><div class=\"col-auto mt-md-0 mt-2\"><a class=\"btn btn-primary btn-lg px-lg-4 d-none d-md-block\" href=\"https:\/\/comunidad.comprasdominicana.gob.do\/\/Public\/Tendering\/OpportunityDetail\/Index?noticeUID=DO1.NTC.1318713\" target=\"_blank\" title=\"Detalles\"><i class=\"fas fa-link\"><\/i> DETALLES<\/a><a class=\"btn btn-primary btn-lg px-lg-4 d-block d-md-none\" href=\"https:\/\/comunidad.comprasdominicana.gob.do\/\/Public\/Tendering\/OpportunityDetail\/Index?noticeUID=DO1.NTC.1318713\" target=\"_blank\" title=\"Detalles\"><i class=\"fas fa-2x fa-link\"><\/i><\/a><\/div><\/div><\/div><div class=\"jumbotron archivos\"><div class=\"row align-items-center\"><div class=\"col\"><h6><a class=\"text-dark\" href=\"https:\/\/comunidad.comprasdominicana.gob.do\/\/Public\/Tendering\/OpportunityDetail\/Index?noticeUID=DO1.NTC.1319010\" title=\"Ver\" target=\"_blank\">INESPRE-UC-CD-2023-0132<\/a><\/h6><p class=\"mb-0 bold\">Adquisici\u00f3n de Materiales de Construcci\u00f3n <\/p><p class=\"mb-0\" style=\"font-size: .85rem\"><strong title=\"Estado del Proceso\"><i class=\"fas fa-spinner\"><\/i><\/strong> Proceso adjudicado y celebrado<\/p><p class=\"mb-0\" style=\"font-size: .85rem\"><strong title=\"Fecha de Publicaci\u00f3n\"><i class=\"fas fa-calendar-alt\"><\/i><\/strong> Publicado el jueves, 9 de noviembre de 2023<\/p><\/div><div class=\"col-auto mt-md-0 mt-2\"><a class=\"btn btn-primary btn-lg px-lg-4 d-none d-md-block\" href=\"https:\/\/comunidad.comprasdominicana.gob.do\/\/Public\/Tendering\/OpportunityDetail\/Index?noticeUID=DO1.NTC.1319010\" target=\"_blank\" title=\"Detalles\"><i class=\"fas fa-link\"><\/i> DETALLES<\/a><a class=\"btn btn-primary btn-lg px-lg-4 d-block d-md-none\" href=\"https:\/\/comunidad.comprasdominicana.gob.do\/\/Public\/Tendering\/OpportunityDetail\/Index?noticeUID=DO1.NTC.1319010\" target=\"_blank\" title=\"Detalles\"><i class=\"fas fa-2x fa-link\"><\/i><\/a><\/div><\/div><\/div><div class=\"jumbotron archivos\"><div class=\"row align-items-center\"><div class=\"col\"><h6><a class=\"text-dark\" href=\"https:\/\/comunidad.comprasdominicana.gob.do\/\/Public\/Tendering\/OpportunityDetail\/Index?noticeUID=DO1.NTC.1318608\" title=\"Ver\" target=\"_blank\">INESPRE-UC-CD-2023-0131<\/a><\/h6><p class=\"mb-0 bold\">Servicio de Animaci\u00f3n Navide\u00f1a <\/p><p class=\"mb-0\" style=\"font-size: .85rem\"><strong title=\"Estado del Proceso\"><i class=\"fas fa-spinner\"><\/i><\/strong> Proceso adjudicado y celebrado<\/p><p class=\"mb-0\" style=\"font-size: .85rem\"><strong title=\"Fecha de Publicaci\u00f3n\"><i class=\"fas fa-calendar-alt\"><\/i><\/strong> Publicado el jueves, 9 de noviembre de 2023<\/p><\/div><div class=\"col-auto mt-md-0 mt-2\"><a class=\"btn btn-primary btn-lg px-lg-4 d-none d-md-block\" href=\"https:\/\/comunidad.comprasdominicana.gob.do\/\/Public\/Tendering\/OpportunityDetail\/Index?noticeUID=DO1.NTC.1318608\" target=\"_blank\" title=\"Detalles\"><i class=\"fas fa-link\"><\/i> DETALLES<\/a><a class=\"btn btn-primary btn-lg px-lg-4 d-block d-md-none\" href=\"https:\/\/comunidad.comprasdominicana.gob.do\/\/Public\/Tendering\/OpportunityDetail\/Index?noticeUID=DO1.NTC.1318608\" target=\"_blank\" title=\"Detalles\"><i class=\"fas fa-2x fa-link\"><\/i><\/a><\/div><\/div><\/div><div class=\"jumbotron archivos\"><div class=\"row align-items-center\"><div class=\"col\"><h6><a class=\"text-dark\" href=\"https:\/\/comunidad.comprasdominicana.gob.do\/\/Public\/Tendering\/OpportunityDetail\/Index?noticeUID=DO1.NTC.1317037\" title=\"Ver\" target=\"_blank\">INESPRE-UC-CD-2023-0130<\/a><\/h6><p class=\"mb-0 bold\">Adquisici\u00f3n de Laptop Apple MacBook Pro.<\/p><p class=\"mb-0\" style=\"font-size: .85rem\"><strong title=\"Estado del Proceso\"><i class=\"fas fa-spinner\"><\/i><\/strong> Proceso adjudicado y celebrado<\/p><p class=\"mb-0\" style=\"font-size: .85rem\"><strong title=\"Fecha de Publicaci\u00f3n\"><i class=\"fas fa-calendar-alt\"><\/i><\/strong> Publicado el viernes, 3 de noviembre de 2023<\/p><\/div><div class=\"col-auto mt-md-0 mt-2\"><a class=\"btn btn-primary btn-lg px-lg-4 d-none d-md-block\" href=\"https:\/\/comunidad.comprasdominicana.gob.do\/\/Public\/Tendering\/OpportunityDetail\/Index?noticeUID=DO1.NTC.1317037\" target=\"_blank\" title=\"Detalles\"><i class=\"fas fa-link\"><\/i> DETALLES<\/a><a class=\"btn btn-primary btn-lg px-lg-4 d-block d-md-none\" href=\"https:\/\/comunidad.comprasdominicana.gob.do\/\/Public\/Tendering\/OpportunityDetail\/Index?noticeUID=DO1.NTC.1317037\" target=\"_blank\" title=\"Detalles\"><i class=\"fas fa-2x fa-link\"><\/i><\/a><\/div><\/div><\/div><div class=\"jumbotron archivos\"><div class=\"row align-items-center\"><div class=\"col\"><h6><a class=\"text-dark\" href=\"https:\/\/comunidad.comprasdominicana.gob.do\/\/Public\/Tendering\/OpportunityDetail\/Index?noticeUID=DO1.NTC.1317330\" title=\"Ver\" target=\"_blank\">INESPRE-UC-CD-2023-0129<\/a><\/h6><p class=\"mb-0 bold\">Adquisici\u00f3n de Alcohol y Gel antib\u00e1cterial<\/p><p class=\"mb-0\" style=\"font-size: .85rem\"><strong title=\"Estado del Proceso\"><i class=\"fas fa-spinner\"><\/i><\/strong> Proceso adjudicado y celebrado<\/p><p class=\"mb-0\" style=\"font-size: .85rem\"><strong title=\"Fecha de Publicaci\u00f3n\"><i class=\"fas fa-calendar-alt\"><\/i><\/strong> Publicado el viernes, 3 de noviembre de 2023<\/p><\/div><div class=\"col-auto mt-md-0 mt-2\"><a class=\"btn btn-primary btn-lg px-lg-4 d-none d-md-block\" href=\"https:\/\/comunidad.comprasdominicana.gob.do\/\/Public\/Tendering\/OpportunityDetail\/Index?noticeUID=DO1.NTC.1317330\" target=\"_blank\" title=\"Detalles\"><i class=\"fas fa-link\"><\/i> DETALLES<\/a><a class=\"btn btn-primary btn-lg px-lg-4 d-block d-md-none\" href=\"https:\/\/comunidad.comprasdominicana.gob.do\/\/Public\/Tendering\/OpportunityDetail\/Index?noticeUID=DO1.NTC.1317330\" target=\"_blank\" title=\"Detalles\"><i class=\"fas fa-2x fa-link\"><\/i><\/a><\/div><\/div><\/div><div class=\"jumbotron archivos\"><div class=\"row align-items-center\"><div class=\"col\"><h6><a class=\"text-dark\" href=\"https:\/\/comunidad.comprasdominicana.gob.do\/\/Public\/Tendering\/OpportunityDetail\/Index?noticeUID=DO1.NTC.1316726\" title=\"Ver\" target=\"_blank\">INESPRE-UC-CD-2023-0128<\/a><\/h6><p class=\"mb-0 bold\">Adquisici\u00f3n de Televisores de 55 pulgadas y accesorios. <\/p><p class=\"mb-0\" style=\"font-size: .85rem\"><strong title=\"Estado del Proceso\"><i class=\"fas fa-spinner\"><\/i><\/strong> Proceso adjudicado y celebrado<\/p><p class=\"mb-0\" style=\"font-size: .85rem\"><strong title=\"Fecha de Publicaci\u00f3n\"><i class=\"fas fa-calendar-alt\"><\/i><\/strong> Publicado el jueves, 2 de noviembre de 2023<\/p><\/div><div class=\"col-auto mt-md-0 mt-2\"><a class=\"btn btn-primary btn-lg px-lg-4 d-none d-md-block\" href=\"https:\/\/comunidad.comprasdominicana.gob.do\/\/Public\/Tendering\/OpportunityDetail\/Index?noticeUID=DO1.NTC.1316726\" target=\"_blank\" title=\"Detalles\"><i class=\"fas fa-link\"><\/i> DETALLES<\/a><a class=\"btn btn-primary btn-lg px-lg-4 d-block d-md-none\" href=\"https:\/\/comunidad.comprasdominicana.gob.do\/\/Public\/Tendering\/OpportunityDetail\/Index?noticeUID=DO1.NTC.1316726\" target=\"_blank\" title=\"Detalles\"><i class=\"fas fa-2x fa-link\"><\/i><\/a><\/div><\/div><\/div><div class=\"jumbotron archivos\"><div class=\"row align-items-center\"><div class=\"col\"><h6><a class=\"text-dark\" href=\"https:\/\/comunidad.comprasdominicana.gob.do\/\/Public\/Tendering\/OpportunityDetail\/Index?noticeUID=DO1.NTC.1316622\" title=\"Ver\" target=\"_blank\">INESPRE-UC-CD-2023-0127<\/a><\/h6><p class=\"mb-0 bold\">Adquisici\u00f3n de Adornos navide\u00f1os para ser utilizado en la ferias \u00b4\u00b4La Navidad del Cambio con INESPRE\u00b4\u00b4<\/p><p class=\"mb-0\" style=\"font-size: .85rem\"><strong title=\"Estado del Proceso\"><i class=\"fas fa-spinner\"><\/i><\/strong> Cancelado<\/p><p class=\"mb-0\" style=\"font-size: .85rem\"><strong title=\"Fecha de Publicaci\u00f3n\"><i class=\"fas fa-calendar-alt\"><\/i><\/strong> Publicado el jueves, 2 de noviembre de 2023<\/p><\/div><div class=\"col-auto mt-md-0 mt-2\"><a class=\"btn btn-primary btn-lg px-lg-4 d-none d-md-block\" href=\"https:\/\/comunidad.comprasdominicana.gob.do\/\/Public\/Tendering\/OpportunityDetail\/Index?noticeUID=DO1.NTC.1316622\" target=\"_blank\" title=\"Detalles\"><i class=\"fas fa-link\"><\/i> DETALLES<\/a><a class=\"btn btn-primary btn-lg px-lg-4 d-block d-md-none\" href=\"https:\/\/comunidad.comprasdominicana.gob.do\/\/Public\/Tendering\/OpportunityDetail\/Index?noticeUID=DO1.NTC.1316622\" target=\"_blank\" title=\"Detalles\"><i class=\"fas fa-2x fa-link\"><\/i><\/a><\/div><\/div><\/div><div class=\"jumbotron archivos\"><div class=\"row align-items-center\"><div class=\"col\"><h6><a class=\"text-dark\" href=\"https:\/\/comunidad.comprasdominicana.gob.do\/\/Public\/Tendering\/OpportunityDetail\/Index?noticeUID=DO1.NTC.1316037\" title=\"Ver\" target=\"_blank\">INESPRE-UC-CD-2023-0126<\/a><\/h6><p class=\"mb-0 bold\">Adquisici\u00f3n de Soga de Cabuya<\/p><p class=\"mb-0\" style=\"font-size: .85rem\"><strong title=\"Estado del Proceso\"><i class=\"fas fa-spinner\"><\/i><\/strong> Proceso adjudicado y celebrado<\/p><p class=\"mb-0\" style=\"font-size: .85rem\"><strong title=\"Fecha de Publicaci\u00f3n\"><i class=\"fas fa-calendar-alt\"><\/i><\/strong> Publicado el mi\u00e9rcoles, 1 de noviembre de 2023<\/p><\/div><div class=\"col-auto mt-md-0 mt-2\"><a class=\"btn btn-primary btn-lg px-lg-4 d-none d-md-block\" href=\"https:\/\/comunidad.comprasdominicana.gob.do\/\/Public\/Tendering\/OpportunityDetail\/Index?noticeUID=DO1.NTC.1316037\" target=\"_blank\" title=\"Detalles\"><i class=\"fas fa-link\"><\/i> DETALLES<\/a><a class=\"btn btn-primary btn-lg px-lg-4 d-block d-md-none\" href=\"https:\/\/comunidad.comprasdominicana.gob.do\/\/Public\/Tendering\/OpportunityDetail\/Index?noticeUID=DO1.NTC.1316037\" target=\"_blank\" title=\"Detalles\"><i class=\"fas fa-2x fa-link\"><\/i><\/a><\/div><\/div><\/div><div class=\"jumbotron archivos\"><div class=\"row align-items-center\"><div class=\"col\"><h6><a class=\"text-dark\" href=\"https:\/\/comunidad.comprasdominicana.gob.do\/\/Public\/Tendering\/OpportunityDetail\/Index?noticeUID=DO1.NTC.1315717\" title=\"Ver\" target=\"_blank\">INESPRE-UC-CD-2023-0125<\/a><\/h6><p class=\"mb-0 bold\">Adquisici\u00f3n de Guantes de Nitrilo<\/p><p class=\"mb-0\" style=\"font-size: .85rem\"><strong title=\"Estado del Proceso\"><i class=\"fas fa-spinner\"><\/i><\/strong> Proceso adjudicado y celebrado<\/p><p class=\"mb-0\" style=\"font-size: .85rem\"><strong title=\"Fecha de Publicaci\u00f3n\"><i class=\"fas fa-calendar-alt\"><\/i><\/strong> Publicado el mi\u00e9rcoles, 1 de noviembre de 2023<\/p><\/div><div class=\"col-auto mt-md-0 mt-2\"><a class=\"btn btn-primary btn-lg px-lg-4 d-none d-md-block\" href=\"https:\/\/comunidad.comprasdominicana.gob.do\/\/Public\/Tendering\/OpportunityDetail\/Index?noticeUID=DO1.NTC.1315717\" target=\"_blank\" title=\"Detalles\"><i class=\"fas fa-link\"><\/i> DETALLES<\/a><a class=\"btn btn-primary btn-lg px-lg-4 d-block d-md-none\" href=\"https:\/\/comunidad.comprasdominicana.gob.do\/\/Public\/Tendering\/OpportunityDetail\/Index?noticeUID=DO1.NTC.1315717\" target=\"_blank\" title=\"Detalles\"><i class=\"fas fa-2x fa-link\"><\/i><\/a><\/div><\/div><\/div><\/div><\/div><\/div>\n        <div class=\"card\">\n            <div class=\"card-header parents\" id=\"heading_compras-por-debajo-del-umbral-69f73f7454400-2023-69f73f7454400-octubre-69f73f7454400\">\n                <p class=\"title text-blue mb-0\">\n                    <a class=\"btn-block hover text-left collapsed\" data-toggle=\"collapse\" data-target=\"#collap_compras-por-debajo-del-umbral-69f73f7454400-2023-69f73f7454400-octubre-69f73f7454400\" aria-expanded=\"false\" aria-controls=\"collap_compras-por-debajo-del-umbral-69f73f7454400-2023-69f73f7454400-octubre-69f73f7454400\">Octubre<\/a>\n                <\/p>\n            <\/div>\n            <div id=\"collap_compras-por-debajo-del-umbral-69f73f7454400-2023-69f73f7454400-octubre-69f73f7454400\" class=\"collapse\" aria-labelledby=\"heading_compras-por-debajo-del-umbral-69f73f7454400-2023-69f73f7454400-octubre-69f73f7454400\" data-parent=\"#collap_compras-por-debajo-del-umbral-69f73f7454400-2023-69f73f7454400\">\n                <div class=\"card-body\"><div class=\"jumbotron archivos\"><div class=\"row align-items-center\"><div class=\"col\"><h6><a class=\"text-dark\" href=\"https:\/\/comunidad.comprasdominicana.gob.do\/\/Public\/Tendering\/OpportunityDetail\/Index?noticeUID=DO1.NTC.1315337\" title=\"Ver\" target=\"_blank\">INESPRE-UC-CD-2023-0121<\/a><\/h6><p class=\"mb-0 bold\">Adquisici\u00f3n de Astas de banderas dirigida a Mipyme industrial (Compras Verdes)<\/p><p class=\"mb-0\" style=\"font-size: .85rem\"><strong title=\"Estado del Proceso\"><i class=\"fas fa-spinner\"><\/i><\/strong> Proceso adjudicado y celebrado<\/p><p class=\"mb-0\" style=\"font-size: .85rem\"><strong title=\"Fecha de Publicaci\u00f3n\"><i class=\"fas fa-calendar-alt\"><\/i><\/strong> Publicado el martes, 31 de octubre de 2023<\/p><\/div><div class=\"col-auto mt-md-0 mt-2\"><a class=\"btn btn-primary btn-lg px-lg-4 d-none d-md-block\" href=\"https:\/\/comunidad.comprasdominicana.gob.do\/\/Public\/Tendering\/OpportunityDetail\/Index?noticeUID=DO1.NTC.1315337\" target=\"_blank\" title=\"Detalles\"><i class=\"fas fa-link\"><\/i> DETALLES<\/a><a class=\"btn btn-primary btn-lg px-lg-4 d-block d-md-none\" href=\"https:\/\/comunidad.comprasdominicana.gob.do\/\/Public\/Tendering\/OpportunityDetail\/Index?noticeUID=DO1.NTC.1315337\" target=\"_blank\" title=\"Detalles\"><i class=\"fas fa-2x fa-link\"><\/i><\/a><\/div><\/div><\/div><div class=\"jumbotron archivos\"><div class=\"row align-items-center\"><div class=\"col\"><h6><a class=\"text-dark\" href=\"https:\/\/comunidad.comprasdominicana.gob.do\/\/Public\/Tendering\/OpportunityDetail\/Index?noticeUID=DO1.NTC.1315415\" title=\"Ver\" target=\"_blank\">INESPRE-UC-CD-2023-0123<\/a><\/h6><p class=\"mb-0 bold\">Servicio de Coffe Break para la Limpieza de Playa (Compras Verdes)<\/p><p class=\"mb-0\" style=\"font-size: .85rem\"><strong title=\"Estado del Proceso\"><i class=\"fas fa-spinner\"><\/i><\/strong> Proceso adjudicado y celebrado<\/p><p class=\"mb-0\" style=\"font-size: .85rem\"><strong title=\"Fecha de Publicaci\u00f3n\"><i class=\"fas fa-calendar-alt\"><\/i><\/strong> Publicado el martes, 31 de octubre de 2023<\/p><\/div><div class=\"col-auto mt-md-0 mt-2\"><a class=\"btn btn-primary btn-lg px-lg-4 d-none d-md-block\" href=\"https:\/\/comunidad.comprasdominicana.gob.do\/\/Public\/Tendering\/OpportunityDetail\/Index?noticeUID=DO1.NTC.1315415\" target=\"_blank\" title=\"Detalles\"><i class=\"fas fa-link\"><\/i> DETALLES<\/a><a class=\"btn btn-primary btn-lg px-lg-4 d-block d-md-none\" href=\"https:\/\/comunidad.comprasdominicana.gob.do\/\/Public\/Tendering\/OpportunityDetail\/Index?noticeUID=DO1.NTC.1315415\" target=\"_blank\" title=\"Detalles\"><i class=\"fas fa-2x fa-link\"><\/i><\/a><\/div><\/div><\/div><div class=\"jumbotron archivos\"><div class=\"row align-items-center\"><div class=\"col\"><h6><a class=\"text-dark\" href=\"https:\/\/comunidad.comprasdominicana.gob.do\/\/Public\/Tendering\/OpportunityDetail\/Index?noticeUID=DO1.NTC.1314939\" title=\"Ver\" target=\"_blank\">INESPRE-UC-CD-2023-0124<\/a><\/h6><p class=\"mb-0 bold\">Adquisici\u00f3n de Fundas de 55 Galones color rojo<\/p><p class=\"mb-0\" style=\"font-size: .85rem\"><strong title=\"Estado del Proceso\"><i class=\"fas fa-spinner\"><\/i><\/strong> Proceso adjudicado y celebrado<\/p><p class=\"mb-0\" style=\"font-size: .85rem\"><strong title=\"Fecha de Publicaci\u00f3n\"><i class=\"fas fa-calendar-alt\"><\/i><\/strong> Publicado el lunes, 30 de octubre de 2023<\/p><\/div><div class=\"col-auto mt-md-0 mt-2\"><a class=\"btn btn-primary btn-lg px-lg-4 d-none d-md-block\" href=\"https:\/\/comunidad.comprasdominicana.gob.do\/\/Public\/Tendering\/OpportunityDetail\/Index?noticeUID=DO1.NTC.1314939\" target=\"_blank\" title=\"Detalles\"><i class=\"fas fa-link\"><\/i> DETALLES<\/a><a class=\"btn btn-primary btn-lg px-lg-4 d-block d-md-none\" href=\"https:\/\/comunidad.comprasdominicana.gob.do\/\/Public\/Tendering\/OpportunityDetail\/Index?noticeUID=DO1.NTC.1314939\" target=\"_blank\" title=\"Detalles\"><i class=\"fas fa-2x fa-link\"><\/i><\/a><\/div><\/div><\/div><div class=\"jumbotron archivos\"><div class=\"row align-items-center\"><div class=\"col\"><h6><a class=\"text-dark\" href=\"https:\/\/comunidad.comprasdominicana.gob.do\/\/Public\/Tendering\/OpportunityDetail\/Index?noticeUID=DO1.NTC.1314016\" title=\"Ver\" target=\"_blank\">INESPRE-UC-CD-2023-0122<\/a><\/h6><p class=\"mb-0 bold\">Servicio de Mantenimiento UPS del Data Center<\/p><p class=\"mb-0\" style=\"font-size: .85rem\"><strong title=\"Estado del Proceso\"><i class=\"fas fa-spinner\"><\/i><\/strong> Proceso adjudicado y celebrado<\/p><p class=\"mb-0\" style=\"font-size: .85rem\"><strong title=\"Fecha de Publicaci\u00f3n\"><i class=\"fas fa-calendar-alt\"><\/i><\/strong> Publicado el viernes, 27 de octubre de 2023<\/p><\/div><div class=\"col-auto mt-md-0 mt-2\"><a class=\"btn btn-primary btn-lg px-lg-4 d-none d-md-block\" href=\"https:\/\/comunidad.comprasdominicana.gob.do\/\/Public\/Tendering\/OpportunityDetail\/Index?noticeUID=DO1.NTC.1314016\" target=\"_blank\" title=\"Detalles\"><i class=\"fas fa-link\"><\/i> DETALLES<\/a><a class=\"btn btn-primary btn-lg px-lg-4 d-block d-md-none\" href=\"https:\/\/comunidad.comprasdominicana.gob.do\/\/Public\/Tendering\/OpportunityDetail\/Index?noticeUID=DO1.NTC.1314016\" target=\"_blank\" title=\"Detalles\"><i class=\"fas fa-2x fa-link\"><\/i><\/a><\/div><\/div><\/div><div class=\"jumbotron archivos\"><div class=\"row align-items-center\"><div class=\"col\"><h6><a class=\"text-dark\" href=\"https:\/\/comunidad.comprasdominicana.gob.do\/\/Public\/Tendering\/OpportunityDetail\/Index?noticeUID=DO1.NTC.1311431\" title=\"Ver\" target=\"_blank\">INESPRE-UC-CD-2023-0120<\/a><\/h6><p class=\"mb-0 bold\">Adquisici\u00f3n de Tarjetas de Invitaci\u00f3n para la Misa del 54 Aniversario de la Instituci\u00f3n<\/p><p class=\"mb-0\" style=\"font-size: .85rem\"><strong title=\"Estado del Proceso\"><i class=\"fas fa-spinner\"><\/i><\/strong> Proceso adjudicado y celebrado<\/p><p class=\"mb-0\" style=\"font-size: .85rem\"><strong title=\"Fecha de Publicaci\u00f3n\"><i class=\"fas fa-calendar-alt\"><\/i><\/strong> Publicado el martes, 24 de octubre de 2023<\/p><\/div><div class=\"col-auto mt-md-0 mt-2\"><a class=\"btn btn-primary btn-lg px-lg-4 d-none d-md-block\" href=\"https:\/\/comunidad.comprasdominicana.gob.do\/\/Public\/Tendering\/OpportunityDetail\/Index?noticeUID=DO1.NTC.1311431\" target=\"_blank\" title=\"Detalles\"><i class=\"fas fa-link\"><\/i> DETALLES<\/a><a class=\"btn btn-primary btn-lg px-lg-4 d-block d-md-none\" href=\"https:\/\/comunidad.comprasdominicana.gob.do\/\/Public\/Tendering\/OpportunityDetail\/Index?noticeUID=DO1.NTC.1311431\" target=\"_blank\" title=\"Detalles\"><i class=\"fas fa-2x fa-link\"><\/i><\/a><\/div><\/div><\/div><div class=\"jumbotron archivos\"><div class=\"row align-items-center\"><div class=\"col\"><h6><a class=\"text-dark\" href=\"https:\/\/comunidad.comprasdominicana.gob.do\/\/Public\/Tendering\/OpportunityDetail\/Index?noticeUID=DO1.NTC.1309342\" title=\"Ver\" target=\"_blank\">INESPRE-UC-CD-2023-0118<\/a><\/h6><p class=\"mb-0 bold\">Adquisici\u00f3n de Suministro e Instalaci\u00f3n de C\u00e1maras de seguridad CCTV (Compras Verdes)<\/p><p class=\"mb-0\" style=\"font-size: .85rem\"><strong title=\"Estado del Proceso\"><i class=\"fas fa-spinner\"><\/i><\/strong> Proceso adjudicado y celebrado<\/p><p class=\"mb-0\" style=\"font-size: .85rem\"><strong title=\"Fecha de Publicaci\u00f3n\"><i class=\"fas fa-calendar-alt\"><\/i><\/strong> Publicado el mi\u00e9rcoles, 18 de octubre de 2023<\/p><\/div><div class=\"col-auto mt-md-0 mt-2\"><a class=\"btn btn-primary btn-lg px-lg-4 d-none d-md-block\" href=\"https:\/\/comunidad.comprasdominicana.gob.do\/\/Public\/Tendering\/OpportunityDetail\/Index?noticeUID=DO1.NTC.1309342\" target=\"_blank\" title=\"Detalles\"><i class=\"fas fa-link\"><\/i> DETALLES<\/a><a class=\"btn btn-primary btn-lg px-lg-4 d-block d-md-none\" href=\"https:\/\/comunidad.comprasdominicana.gob.do\/\/Public\/Tendering\/OpportunityDetail\/Index?noticeUID=DO1.NTC.1309342\" target=\"_blank\" title=\"Detalles\"><i class=\"fas fa-2x fa-link\"><\/i><\/a><\/div><\/div><\/div><div class=\"jumbotron archivos\"><div class=\"row align-items-center\"><div class=\"col\"><h6><a class=\"text-dark\" href=\"https:\/\/comunidad.comprasdominicana.gob.do\/\/Public\/Tendering\/OpportunityDetail\/Index?noticeUID=DO1.NTC.1308422\" title=\"Ver\" target=\"_blank\">INESPRE-UC-CD-2023-0119<\/a><\/h6><p class=\"mb-0 bold\">Adquisici\u00f3n de Habladores de G\u00f3ndolas<\/p><p class=\"mb-0\" style=\"font-size: .85rem\"><strong title=\"Estado del Proceso\"><i class=\"fas fa-spinner\"><\/i><\/strong> Proceso adjudicado y celebrado<\/p><p class=\"mb-0\" style=\"font-size: .85rem\"><strong title=\"Fecha de Publicaci\u00f3n\"><i class=\"fas fa-calendar-alt\"><\/i><\/strong> Publicado el martes, 17 de octubre de 2023<\/p><\/div><div class=\"col-auto mt-md-0 mt-2\"><a class=\"btn btn-primary btn-lg px-lg-4 d-none d-md-block\" href=\"https:\/\/comunidad.comprasdominicana.gob.do\/\/Public\/Tendering\/OpportunityDetail\/Index?noticeUID=DO1.NTC.1308422\" target=\"_blank\" title=\"Detalles\"><i class=\"fas fa-link\"><\/i> DETALLES<\/a><a class=\"btn btn-primary btn-lg px-lg-4 d-block d-md-none\" href=\"https:\/\/comunidad.comprasdominicana.gob.do\/\/Public\/Tendering\/OpportunityDetail\/Index?noticeUID=DO1.NTC.1308422\" target=\"_blank\" title=\"Detalles\"><i class=\"fas fa-2x fa-link\"><\/i><\/a><\/div><\/div><\/div><div class=\"jumbotron archivos\"><div class=\"row align-items-center\"><div class=\"col\"><h6><a class=\"text-dark\" href=\"https:\/\/comunidad.comprasdominicana.gob.do\/\/Public\/Tendering\/OpportunityDetail\/Index?noticeUID=DO1.NTC.1307626\" title=\"Ver\" target=\"_blank\">INESPRE-UC-CD-2023-0117<\/a><\/h6><p class=\"mb-0 bold\">Adquisici\u00f3n de Productos qu\u00edmicos para desinfectar<\/p><p class=\"mb-0\" style=\"font-size: .85rem\"><strong title=\"Estado del Proceso\"><i class=\"fas fa-spinner\"><\/i><\/strong> Proceso adjudicado y celebrado<\/p><p class=\"mb-0\" style=\"font-size: .85rem\"><strong title=\"Fecha de Publicaci\u00f3n\"><i class=\"fas fa-calendar-alt\"><\/i><\/strong> Publicado el viernes, 13 de octubre de 2023<\/p><\/div><div class=\"col-auto mt-md-0 mt-2\"><a class=\"btn btn-primary btn-lg px-lg-4 d-none d-md-block\" href=\"https:\/\/comunidad.comprasdominicana.gob.do\/\/Public\/Tendering\/OpportunityDetail\/Index?noticeUID=DO1.NTC.1307626\" target=\"_blank\" title=\"Detalles\"><i class=\"fas fa-link\"><\/i> DETALLES<\/a><a class=\"btn btn-primary btn-lg px-lg-4 d-block d-md-none\" href=\"https:\/\/comunidad.comprasdominicana.gob.do\/\/Public\/Tendering\/OpportunityDetail\/Index?noticeUID=DO1.NTC.1307626\" target=\"_blank\" title=\"Detalles\"><i class=\"fas fa-2x fa-link\"><\/i><\/a><\/div><\/div><\/div><div class=\"jumbotron archivos\"><div class=\"row align-items-center\"><div class=\"col\"><h6><a class=\"text-dark\" href=\"https:\/\/comunidad.comprasdominicana.gob.do\/\/Public\/Tendering\/OpportunityDetail\/Index?noticeUID=DO1.NTC.1305315\" title=\"Ver\" target=\"_blank\">INESPRE-UC-CD-2023-0116<\/a><\/h6><p class=\"mb-0 bold\">Servicios de Picaderas para los Talleres de Redacci\u00f3n y Presentaci\u00f3n de Informes T\u00e9cnicos (Compras Verdes)<\/p><p class=\"mb-0\" style=\"font-size: .85rem\"><strong title=\"Estado del Proceso\"><i class=\"fas fa-spinner\"><\/i><\/strong> Proceso adjudicado y celebrado<\/p><p class=\"mb-0\" style=\"font-size: .85rem\"><strong title=\"Fecha de Publicaci\u00f3n\"><i class=\"fas fa-calendar-alt\"><\/i><\/strong> Publicado el martes, 10 de octubre de 2023<\/p><\/div><div class=\"col-auto mt-md-0 mt-2\"><a class=\"btn btn-primary btn-lg px-lg-4 d-none d-md-block\" href=\"https:\/\/comunidad.comprasdominicana.gob.do\/\/Public\/Tendering\/OpportunityDetail\/Index?noticeUID=DO1.NTC.1305315\" target=\"_blank\" title=\"Detalles\"><i class=\"fas fa-link\"><\/i> DETALLES<\/a><a class=\"btn btn-primary btn-lg px-lg-4 d-block d-md-none\" href=\"https:\/\/comunidad.comprasdominicana.gob.do\/\/Public\/Tendering\/OpportunityDetail\/Index?noticeUID=DO1.NTC.1305315\" target=\"_blank\" title=\"Detalles\"><i class=\"fas fa-2x fa-link\"><\/i><\/a><\/div><\/div><\/div><\/div><\/div><\/div>\n        <div class=\"card\">\n            <div class=\"card-header parents\" id=\"heading_compras-por-debajo-del-umbral-69f73f7454400-2023-69f73f7454400-septiembre-69f73f7454400\">\n                <p class=\"title text-blue mb-0\">\n                    <a class=\"btn-block hover text-left collapsed\" data-toggle=\"collapse\" data-target=\"#collap_compras-por-debajo-del-umbral-69f73f7454400-2023-69f73f7454400-septiembre-69f73f7454400\" aria-expanded=\"false\" aria-controls=\"collap_compras-por-debajo-del-umbral-69f73f7454400-2023-69f73f7454400-septiembre-69f73f7454400\">Septiembre<\/a>\n                <\/p>\n            <\/div>\n            <div id=\"collap_compras-por-debajo-del-umbral-69f73f7454400-2023-69f73f7454400-septiembre-69f73f7454400\" class=\"collapse\" aria-labelledby=\"heading_compras-por-debajo-del-umbral-69f73f7454400-2023-69f73f7454400-septiembre-69f73f7454400\" data-parent=\"#collap_compras-por-debajo-del-umbral-69f73f7454400-2023-69f73f7454400\">\n                <div class=\"card-body\"><div class=\"jumbotron archivos\"><div class=\"row align-items-center\"><div class=\"col\"><h6><a class=\"text-dark\" href=\"https:\/\/comunidad.comprasdominicana.gob.do\/\/Public\/Tendering\/OpportunityDetail\/Index?noticeUID=DO1.NTC.1301536\" title=\"Ver\" target=\"_blank\">INESPRE-UC-CD-2023-0114<\/a><\/h6><p class=\"mb-0 bold\">Confecci\u00f3n de Camisas para la Divisi\u00f3n de Compras y Contrataciones dirigido a Mipymes Mujer (Compras Verdes)<\/p><p class=\"mb-0\" style=\"font-size: .85rem\"><strong title=\"Estado del Proceso\"><i class=\"fas fa-spinner\"><\/i><\/strong> Proceso adjudicado y celebrado<\/p><p class=\"mb-0\" style=\"font-size: .85rem\"><strong title=\"Fecha de Publicaci\u00f3n\"><i class=\"fas fa-calendar-alt\"><\/i><\/strong> Publicado el viernes, 29 de septiembre de 2023<\/p><\/div><div class=\"col-auto mt-md-0 mt-2\"><a class=\"btn btn-primary btn-lg px-lg-4 d-none d-md-block\" href=\"https:\/\/comunidad.comprasdominicana.gob.do\/\/Public\/Tendering\/OpportunityDetail\/Index?noticeUID=DO1.NTC.1301536\" target=\"_blank\" title=\"Detalles\"><i class=\"fas fa-link\"><\/i> DETALLES<\/a><a class=\"btn btn-primary btn-lg px-lg-4 d-block d-md-none\" href=\"https:\/\/comunidad.comprasdominicana.gob.do\/\/Public\/Tendering\/OpportunityDetail\/Index?noticeUID=DO1.NTC.1301536\" target=\"_blank\" title=\"Detalles\"><i class=\"fas fa-2x fa-link\"><\/i><\/a><\/div><\/div><\/div><div class=\"jumbotron archivos\"><div class=\"row align-items-center\"><div class=\"col\"><h6><a class=\"text-dark\" href=\"https:\/\/comunidad.comprasdominicana.gob.do\/\/Public\/Tendering\/OpportunityDetail\/Index?noticeUID=DO1.NTC.1301535\" title=\"Ver\" target=\"_blank\">INESPRE-UC-CD-2023-0115<\/a><\/h6><p class=\"mb-0 bold\">Servicio de Picadera para la inducci\u00f3n del nuevo personal de la Instituci\u00f3n (Compras Verdes)<\/p><p class=\"mb-0\" style=\"font-size: .85rem\"><strong title=\"Estado del Proceso\"><i class=\"fas fa-spinner\"><\/i><\/strong> Proceso adjudicado y celebrado<\/p><p class=\"mb-0\" style=\"font-size: .85rem\"><strong title=\"Fecha de Publicaci\u00f3n\"><i class=\"fas fa-calendar-alt\"><\/i><\/strong> Publicado el viernes, 29 de septiembre de 2023<\/p><\/div><div class=\"col-auto mt-md-0 mt-2\"><a class=\"btn btn-primary btn-lg px-lg-4 d-none d-md-block\" href=\"https:\/\/comunidad.comprasdominicana.gob.do\/\/Public\/Tendering\/OpportunityDetail\/Index?noticeUID=DO1.NTC.1301535\" target=\"_blank\" title=\"Detalles\"><i class=\"fas fa-link\"><\/i> DETALLES<\/a><a class=\"btn btn-primary btn-lg px-lg-4 d-block d-md-none\" href=\"https:\/\/comunidad.comprasdominicana.gob.do\/\/Public\/Tendering\/OpportunityDetail\/Index?noticeUID=DO1.NTC.1301535\" target=\"_blank\" title=\"Detalles\"><i class=\"fas fa-2x fa-link\"><\/i><\/a><\/div><\/div><\/div><div class=\"jumbotron archivos\"><div class=\"row align-items-center\"><div class=\"col\"><h6><a class=\"text-dark\" href=\"https:\/\/comunidad.comprasdominicana.gob.do\/\/Public\/Tendering\/OpportunityDetail\/Index?noticeUID=DO1.NTC.1300530\" title=\"Ver\" target=\"_blank\">INESPRE-UC-CD-2023-0113<\/a><\/h6><p class=\"mb-0 bold\">Adquisici\u00f3n de Adquisici\u00f3n de T\u00f3ner ecol\u00f3gico para impresora dirigido a Mipymes Mujeres (Compras Verdes)<\/p><p class=\"mb-0\" style=\"font-size: .85rem\"><strong title=\"Estado del Proceso\"><i class=\"fas fa-spinner\"><\/i><\/strong> Proceso adjudicado y celebrado<\/p><p class=\"mb-0\" style=\"font-size: .85rem\"><strong title=\"Fecha de Publicaci\u00f3n\"><i class=\"fas fa-calendar-alt\"><\/i><\/strong> Publicado el jueves, 28 de septiembre de 2023<\/p><\/div><div class=\"col-auto mt-md-0 mt-2\"><a class=\"btn btn-primary btn-lg px-lg-4 d-none d-md-block\" href=\"https:\/\/comunidad.comprasdominicana.gob.do\/\/Public\/Tendering\/OpportunityDetail\/Index?noticeUID=DO1.NTC.1300530\" target=\"_blank\" title=\"Detalles\"><i class=\"fas fa-link\"><\/i> DETALLES<\/a><a class=\"btn btn-primary btn-lg px-lg-4 d-block d-md-none\" href=\"https:\/\/comunidad.comprasdominicana.gob.do\/\/Public\/Tendering\/OpportunityDetail\/Index?noticeUID=DO1.NTC.1300530\" target=\"_blank\" title=\"Detalles\"><i class=\"fas fa-2x fa-link\"><\/i><\/a><\/div><\/div><\/div><div class=\"jumbotron archivos\"><div class=\"row align-items-center\"><div class=\"col\"><h6><a class=\"text-dark\" href=\"https:\/\/comunidad.comprasdominicana.gob.do\/\/Public\/Tendering\/OpportunityDetail\/Index?noticeUID=DO1.NTC.1300206\" title=\"Ver\" target=\"_blank\">INESPRE-UC-CD-2023-0112<\/a><\/h6><p class=\"mb-0 bold\">Adquisici\u00f3n de Art\u00edculos para montaje de Ferias dirigido a Mipymes mujer (Compras Verdes)<\/p><p class=\"mb-0\" style=\"font-size: .85rem\"><strong title=\"Estado del Proceso\"><i class=\"fas fa-spinner\"><\/i><\/strong> Proceso adjudicado y celebrado<\/p><p class=\"mb-0\" style=\"font-size: .85rem\"><strong title=\"Fecha de Publicaci\u00f3n\"><i class=\"fas fa-calendar-alt\"><\/i><\/strong> Publicado el mi\u00e9rcoles, 27 de septiembre de 2023<\/p><\/div><div class=\"col-auto mt-md-0 mt-2\"><a class=\"btn btn-primary btn-lg px-lg-4 d-none d-md-block\" href=\"https:\/\/comunidad.comprasdominicana.gob.do\/\/Public\/Tendering\/OpportunityDetail\/Index?noticeUID=DO1.NTC.1300206\" target=\"_blank\" title=\"Detalles\"><i class=\"fas fa-link\"><\/i> DETALLES<\/a><a class=\"btn btn-primary btn-lg px-lg-4 d-block d-md-none\" href=\"https:\/\/comunidad.comprasdominicana.gob.do\/\/Public\/Tendering\/OpportunityDetail\/Index?noticeUID=DO1.NTC.1300206\" target=\"_blank\" title=\"Detalles\"><i class=\"fas fa-2x fa-link\"><\/i><\/a><\/div><\/div><\/div><div class=\"jumbotron archivos\"><div class=\"row align-items-center\"><div class=\"col\"><h6><a class=\"text-dark\" href=\"https:\/\/comunidad.comprasdominicana.gob.do\/\/Public\/Tendering\/OpportunityDetail\/Index?noticeUID=DO1.NTC.1297510\" title=\"Ver\" target=\"_blank\">INESPRE-UC-CD-2023-0111<\/a><\/h6><p class=\"mb-0 bold\">Servicio de Catering para la entrega de certificados del INDOCAL  a  la  Instituci\u00f3n<\/p><p class=\"mb-0\" style=\"font-size: .85rem\"><strong title=\"Estado del Proceso\"><i class=\"fas fa-spinner\"><\/i><\/strong> Proceso adjudicado y celebrado<\/p><p class=\"mb-0\" style=\"font-size: .85rem\"><strong title=\"Fecha de Publicaci\u00f3n\"><i class=\"fas fa-calendar-alt\"><\/i><\/strong> Publicado el jueves, 21 de septiembre de 2023<\/p><\/div><div class=\"col-auto mt-md-0 mt-2\"><a class=\"btn btn-primary btn-lg px-lg-4 d-none d-md-block\" href=\"https:\/\/comunidad.comprasdominicana.gob.do\/\/Public\/Tendering\/OpportunityDetail\/Index?noticeUID=DO1.NTC.1297510\" target=\"_blank\" title=\"Detalles\"><i class=\"fas fa-link\"><\/i> DETALLES<\/a><a class=\"btn btn-primary btn-lg px-lg-4 d-block d-md-none\" href=\"https:\/\/comunidad.comprasdominicana.gob.do\/\/Public\/Tendering\/OpportunityDetail\/Index?noticeUID=DO1.NTC.1297510\" target=\"_blank\" title=\"Detalles\"><i class=\"fas fa-2x fa-link\"><\/i><\/a><\/div><\/div><\/div><div class=\"jumbotron archivos\"><div class=\"row align-items-center\"><div class=\"col\"><h6><a class=\"text-dark\" href=\"https:\/\/comunidad.comprasdominicana.gob.do\/\/Public\/Tendering\/OpportunityDetail\/Index?noticeUID=DO1.NTC.1292827\" title=\"Ver\" target=\"_blank\">INESPRE-UC-CD-2023-0110<\/a><\/h6><p class=\"mb-0 bold\">Contrataci\u00f3n de espacios para Stand de INESPRE en feria Expo Cibao 2023<\/p><p class=\"mb-0\" style=\"font-size: .85rem\"><strong title=\"Estado del Proceso\"><i class=\"fas fa-spinner\"><\/i><\/strong> Proceso adjudicado y celebrado<\/p><p class=\"mb-0\" style=\"font-size: .85rem\"><strong title=\"Fecha de Publicaci\u00f3n\"><i class=\"fas fa-calendar-alt\"><\/i><\/strong> Publicado el lunes, 11 de septiembre de 2023<\/p><\/div><div class=\"col-auto mt-md-0 mt-2\"><a class=\"btn btn-primary btn-lg px-lg-4 d-none d-md-block\" href=\"https:\/\/comunidad.comprasdominicana.gob.do\/\/Public\/Tendering\/OpportunityDetail\/Index?noticeUID=DO1.NTC.1292827\" target=\"_blank\" title=\"Detalles\"><i class=\"fas fa-link\"><\/i> DETALLES<\/a><a class=\"btn btn-primary btn-lg px-lg-4 d-block d-md-none\" href=\"https:\/\/comunidad.comprasdominicana.gob.do\/\/Public\/Tendering\/OpportunityDetail\/Index?noticeUID=DO1.NTC.1292827\" target=\"_blank\" title=\"Detalles\"><i class=\"fas fa-2x fa-link\"><\/i><\/a><\/div><\/div><\/div><\/div><\/div><\/div>\n        <div class=\"card\">\n            <div class=\"card-header parents\" id=\"heading_compras-por-debajo-del-umbral-69f73f7454400-2023-69f73f7454400-agosto-69f73f7454400\">\n                <p class=\"title text-blue mb-0\">\n                    <a class=\"btn-block hover text-left collapsed\" data-toggle=\"collapse\" data-target=\"#collap_compras-por-debajo-del-umbral-69f73f7454400-2023-69f73f7454400-agosto-69f73f7454400\" aria-expanded=\"false\" aria-controls=\"collap_compras-por-debajo-del-umbral-69f73f7454400-2023-69f73f7454400-agosto-69f73f7454400\">Agosto<\/a>\n                <\/p>\n            <\/div>\n            <div id=\"collap_compras-por-debajo-del-umbral-69f73f7454400-2023-69f73f7454400-agosto-69f73f7454400\" class=\"collapse\" aria-labelledby=\"heading_compras-por-debajo-del-umbral-69f73f7454400-2023-69f73f7454400-agosto-69f73f7454400\" data-parent=\"#collap_compras-por-debajo-del-umbral-69f73f7454400-2023-69f73f7454400\">\n                <div class=\"card-body\"><div class=\"jumbotron archivos\"><div class=\"row align-items-center\"><div class=\"col\"><h6><a class=\"text-dark\" href=\"https:\/\/comunidad.comprasdominicana.gob.do\/\/Public\/Tendering\/OpportunityDetail\/Index?noticeUID=DO1.NTC.1289005\" title=\"Ver\" target=\"_blank\">INESPRE-UC-CD-2023-0109<\/a><\/h6><p class=\"mb-0 bold\">Servicio de Coffe Break para el Taller \u00a8 Atenci\u00f3n al Ciudadano y Calidad en el Servicio (Compras Verdes)<\/p><p class=\"mb-0\" style=\"font-size: .85rem\"><strong title=\"Estado del Proceso\"><i class=\"fas fa-spinner\"><\/i><\/strong> Proceso adjudicado y celebrado<\/p><p class=\"mb-0\" style=\"font-size: .85rem\"><strong title=\"Fecha de Publicaci\u00f3n\"><i class=\"fas fa-calendar-alt\"><\/i><\/strong> Publicado el jueves, 31 de agosto de 2023<\/p><\/div><div class=\"col-auto mt-md-0 mt-2\"><a class=\"btn btn-primary btn-lg px-lg-4 d-none d-md-block\" href=\"https:\/\/comunidad.comprasdominicana.gob.do\/\/Public\/Tendering\/OpportunityDetail\/Index?noticeUID=DO1.NTC.1289005\" target=\"_blank\" title=\"Detalles\"><i class=\"fas fa-link\"><\/i> DETALLES<\/a><a class=\"btn btn-primary btn-lg px-lg-4 d-block d-md-none\" href=\"https:\/\/comunidad.comprasdominicana.gob.do\/\/Public\/Tendering\/OpportunityDetail\/Index?noticeUID=DO1.NTC.1289005\" target=\"_blank\" title=\"Detalles\"><i class=\"fas fa-2x fa-link\"><\/i><\/a><\/div><\/div><\/div><div class=\"jumbotron archivos\"><div class=\"row align-items-center\"><div class=\"col\"><h6><a class=\"text-dark\" href=\"https:\/\/comunidad.comprasdominicana.gob.do\/\/Public\/Tendering\/OpportunityDetail\/Index?noticeUID=DO1.NTC.1287736\" title=\"Ver\" target=\"_blank\">INESPRE-UC-CD-2023-0107<\/a><\/h6><p class=\"mb-0 bold\">Adquisici\u00f3n de Valijas<\/p><p class=\"mb-0\" style=\"font-size: .85rem\"><strong title=\"Estado del Proceso\"><i class=\"fas fa-spinner\"><\/i><\/strong> Proceso adjudicado y celebrado<\/p><p class=\"mb-0\" style=\"font-size: .85rem\"><strong title=\"Fecha de Publicaci\u00f3n\"><i class=\"fas fa-calendar-alt\"><\/i><\/strong> Publicado el martes, 29 de agosto de 2023<\/p><\/div><div class=\"col-auto mt-md-0 mt-2\"><a class=\"btn btn-primary btn-lg px-lg-4 d-none d-md-block\" href=\"https:\/\/comunidad.comprasdominicana.gob.do\/\/Public\/Tendering\/OpportunityDetail\/Index?noticeUID=DO1.NTC.1287736\" target=\"_blank\" title=\"Detalles\"><i class=\"fas fa-link\"><\/i> DETALLES<\/a><a class=\"btn btn-primary btn-lg px-lg-4 d-block d-md-none\" href=\"https:\/\/comunidad.comprasdominicana.gob.do\/\/Public\/Tendering\/OpportunityDetail\/Index?noticeUID=DO1.NTC.1287736\" target=\"_blank\" title=\"Detalles\"><i class=\"fas fa-2x fa-link\"><\/i><\/a><\/div><\/div><\/div><div class=\"jumbotron archivos\"><div class=\"row align-items-center\"><div class=\"col\"><h6><a class=\"text-dark\" href=\"https:\/\/comunidad.comprasdominicana.gob.do\/\/Public\/Tendering\/OpportunityDetail\/Index?noticeUID=DO1.NTC.1287735\" title=\"Ver\" target=\"_blank\">INESPRE-UC-CD-2023-0108<\/a><\/h6><p class=\"mb-0 bold\">Servicio de alquiler de dos (2) Autobuses de 30 pasajeros<\/p><p class=\"mb-0\" style=\"font-size: .85rem\"><strong title=\"Estado del Proceso\"><i class=\"fas fa-spinner\"><\/i><\/strong> Proceso adjudicado y celebrado<\/p><p class=\"mb-0\" style=\"font-size: .85rem\"><strong title=\"Fecha de Publicaci\u00f3n\"><i class=\"fas fa-calendar-alt\"><\/i><\/strong> Publicado el martes, 29 de agosto de 2023<\/p><\/div><div class=\"col-auto mt-md-0 mt-2\"><a class=\"btn btn-primary btn-lg px-lg-4 d-none d-md-block\" href=\"https:\/\/comunidad.comprasdominicana.gob.do\/\/Public\/Tendering\/OpportunityDetail\/Index?noticeUID=DO1.NTC.1287735\" target=\"_blank\" title=\"Detalles\"><i class=\"fas fa-link\"><\/i> DETALLES<\/a><a class=\"btn btn-primary btn-lg px-lg-4 d-block d-md-none\" href=\"https:\/\/comunidad.comprasdominicana.gob.do\/\/Public\/Tendering\/OpportunityDetail\/Index?noticeUID=DO1.NTC.1287735\" target=\"_blank\" title=\"Detalles\"><i class=\"fas fa-2x fa-link\"><\/i><\/a><\/div><\/div><\/div><div class=\"jumbotron archivos\"><div class=\"row align-items-center\"><div class=\"col\"><h6><a class=\"text-dark\" href=\"https:\/\/comunidad.comprasdominicana.gob.do\/\/Public\/Tendering\/OpportunityDetail\/Index?noticeUID=DO1.NTC.1287807\" title=\"Ver\" target=\"_blank\">INESPRE-UC-CD-2023-0106<\/a><\/h6><p class=\"mb-0 bold\">Adquisici\u00f3n de Agua embotellada y Botellones <\/p><p class=\"mb-0\" style=\"font-size: .85rem\"><strong title=\"Estado del Proceso\"><i class=\"fas fa-spinner\"><\/i><\/strong> Proceso adjudicado y celebrado<\/p><p class=\"mb-0\" style=\"font-size: .85rem\"><strong title=\"Fecha de Publicaci\u00f3n\"><i class=\"fas fa-calendar-alt\"><\/i><\/strong> Publicado el martes, 29 de agosto de 2023<\/p><\/div><div class=\"col-auto mt-md-0 mt-2\"><a class=\"btn btn-primary btn-lg px-lg-4 d-none d-md-block\" href=\"https:\/\/comunidad.comprasdominicana.gob.do\/\/Public\/Tendering\/OpportunityDetail\/Index?noticeUID=DO1.NTC.1287807\" target=\"_blank\" title=\"Detalles\"><i class=\"fas fa-link\"><\/i> DETALLES<\/a><a class=\"btn btn-primary btn-lg px-lg-4 d-block d-md-none\" href=\"https:\/\/comunidad.comprasdominicana.gob.do\/\/Public\/Tendering\/OpportunityDetail\/Index?noticeUID=DO1.NTC.1287807\" target=\"_blank\" title=\"Detalles\"><i class=\"fas fa-2x fa-link\"><\/i><\/a><\/div><\/div><\/div><div class=\"jumbotron archivos\"><div class=\"row align-items-center\"><div class=\"col\"><h6><a class=\"text-dark\" href=\"https:\/\/comunidad.comprasdominicana.gob.do\/\/Public\/Tendering\/OpportunityDetail\/Index?noticeUID=DO1.NTC.1286941\" title=\"Ver\" target=\"_blank\">INESPRE-UC-CD-2023-0105<\/a><\/h6><p class=\"mb-0 bold\">Adquisici\u00f3n de Materiales El\u00e9ctricos<\/p><p class=\"mb-0\" style=\"font-size: .85rem\"><strong title=\"Estado del Proceso\"><i class=\"fas fa-spinner\"><\/i><\/strong> Proceso adjudicado y celebrado<\/p><p class=\"mb-0\" style=\"font-size: .85rem\"><strong title=\"Fecha de Publicaci\u00f3n\"><i class=\"fas fa-calendar-alt\"><\/i><\/strong> Publicado el lunes, 28 de agosto de 2023<\/p><\/div><div class=\"col-auto mt-md-0 mt-2\"><a class=\"btn btn-primary btn-lg px-lg-4 d-none d-md-block\" href=\"https:\/\/comunidad.comprasdominicana.gob.do\/\/Public\/Tendering\/OpportunityDetail\/Index?noticeUID=DO1.NTC.1286941\" target=\"_blank\" title=\"Detalles\"><i class=\"fas fa-link\"><\/i> DETALLES<\/a><a class=\"btn btn-primary btn-lg px-lg-4 d-block d-md-none\" href=\"https:\/\/comunidad.comprasdominicana.gob.do\/\/Public\/Tendering\/OpportunityDetail\/Index?noticeUID=DO1.NTC.1286941\" target=\"_blank\" title=\"Detalles\"><i class=\"fas fa-2x fa-link\"><\/i><\/a><\/div><\/div><\/div><div class=\"jumbotron archivos\"><div class=\"row align-items-center\"><div class=\"col\"><h6><a class=\"text-dark\" href=\"https:\/\/comunidad.comprasdominicana.gob.do\/\/Public\/Tendering\/OpportunityDetail\/Index?noticeUID=DO1.NTC.1281225\" title=\"Ver\" target=\"_blank\">INESPRE-UC-CD-2023-0103<\/a><\/h6><p class=\"mb-0 bold\">Servicio de Coffe Break para ser utilizado en la Reuni\u00f3n de los fiscalizadores dirigido a Mipymes Industriales (Compra Verde)<\/p><p class=\"mb-0\" style=\"font-size: .85rem\"><strong title=\"Estado del Proceso\"><i class=\"fas fa-spinner\"><\/i><\/strong> Proceso adjudicado y celebrado<\/p><p class=\"mb-0\" style=\"font-size: .85rem\"><strong title=\"Fecha de Publicaci\u00f3n\"><i class=\"fas fa-calendar-alt\"><\/i><\/strong> Publicado el viernes, 11 de agosto de 2023<\/p><\/div><div class=\"col-auto mt-md-0 mt-2\"><a class=\"btn btn-primary btn-lg px-lg-4 d-none d-md-block\" href=\"https:\/\/comunidad.comprasdominicana.gob.do\/\/Public\/Tendering\/OpportunityDetail\/Index?noticeUID=DO1.NTC.1281225\" target=\"_blank\" title=\"Detalles\"><i class=\"fas fa-link\"><\/i> DETALLES<\/a><a class=\"btn btn-primary btn-lg px-lg-4 d-block d-md-none\" href=\"https:\/\/comunidad.comprasdominicana.gob.do\/\/Public\/Tendering\/OpportunityDetail\/Index?noticeUID=DO1.NTC.1281225\" target=\"_blank\" title=\"Detalles\"><i class=\"fas fa-2x fa-link\"><\/i><\/a><\/div><\/div><\/div><div class=\"jumbotron archivos\"><div class=\"row align-items-center\"><div class=\"col\"><h6><a class=\"text-dark\" href=\"https:\/\/comunidad.comprasdominicana.gob.do\/\/Public\/Tendering\/OpportunityDetail\/Index?noticeUID=DO1.NTC.1279526\" title=\"Ver\" target=\"_blank\">INESPRE-UC-CD-2023-0104<\/a><\/h6><p class=\"mb-0 bold\">Adquisici\u00f3n de Maquinas Contadoras de billetes<\/p><p class=\"mb-0\" style=\"font-size: .85rem\"><strong title=\"Estado del Proceso\"><i class=\"fas fa-spinner\"><\/i><\/strong> Proceso adjudicado y celebrado<\/p><p class=\"mb-0\" style=\"font-size: .85rem\"><strong title=\"Fecha de Publicaci\u00f3n\"><i class=\"fas fa-calendar-alt\"><\/i><\/strong> Publicado el mi\u00e9rcoles, 9 de agosto de 2023<\/p><\/div><div class=\"col-auto mt-md-0 mt-2\"><a class=\"btn btn-primary btn-lg px-lg-4 d-none d-md-block\" href=\"https:\/\/comunidad.comprasdominicana.gob.do\/\/Public\/Tendering\/OpportunityDetail\/Index?noticeUID=DO1.NTC.1279526\" target=\"_blank\" title=\"Detalles\"><i class=\"fas fa-link\"><\/i> DETALLES<\/a><a class=\"btn btn-primary btn-lg px-lg-4 d-block d-md-none\" href=\"https:\/\/comunidad.comprasdominicana.gob.do\/\/Public\/Tendering\/OpportunityDetail\/Index?noticeUID=DO1.NTC.1279526\" target=\"_blank\" title=\"Detalles\"><i class=\"fas fa-2x fa-link\"><\/i><\/a><\/div><\/div><\/div><div class=\"jumbotron archivos\"><div class=\"row align-items-center\"><div class=\"col\"><h6><a class=\"text-dark\" href=\"https:\/\/comunidad.comprasdominicana.gob.do\/\/Public\/Tendering\/OpportunityDetail\/Index?noticeUID=DO1.NTC.1279124\" title=\"Ver\" target=\"_blank\">INESPRE-UC-CD-2023-0102<\/a><\/h6><p class=\"mb-0 bold\">Adquisici\u00f3n de Materiales para envoltorio<\/p><p class=\"mb-0\" style=\"font-size: .85rem\"><strong title=\"Estado del Proceso\"><i class=\"fas fa-spinner\"><\/i><\/strong> Proceso adjudicado y celebrado<\/p><p class=\"mb-0\" style=\"font-size: .85rem\"><strong title=\"Fecha de Publicaci\u00f3n\"><i class=\"fas fa-calendar-alt\"><\/i><\/strong> Publicado el martes, 8 de agosto de 2023<\/p><\/div><div class=\"col-auto mt-md-0 mt-2\"><a class=\"btn btn-primary btn-lg px-lg-4 d-none d-md-block\" href=\"https:\/\/comunidad.comprasdominicana.gob.do\/\/Public\/Tendering\/OpportunityDetail\/Index?noticeUID=DO1.NTC.1279124\" target=\"_blank\" title=\"Detalles\"><i class=\"fas fa-link\"><\/i> DETALLES<\/a><a class=\"btn btn-primary btn-lg px-lg-4 d-block d-md-none\" href=\"https:\/\/comunidad.comprasdominicana.gob.do\/\/Public\/Tendering\/OpportunityDetail\/Index?noticeUID=DO1.NTC.1279124\" target=\"_blank\" title=\"Detalles\"><i class=\"fas fa-2x fa-link\"><\/i><\/a><\/div><\/div><\/div><div class=\"jumbotron archivos\"><div class=\"row align-items-center\"><div class=\"col\"><h6><a class=\"text-dark\" href=\"https:\/\/comunidad.comprasdominicana.gob.do\/\/Public\/Tendering\/OpportunityDetail\/Index?noticeUID=DO1.NTC.1278827\" title=\"Ver\" target=\"_blank\">INESPRE-UC-CD-2023-0101<\/a><\/h6><p class=\"mb-0 bold\">Adquisici\u00f3n de Herramientas <\/p><p class=\"mb-0\" style=\"font-size: .85rem\"><strong title=\"Estado del Proceso\"><i class=\"fas fa-spinner\"><\/i><\/strong> Proceso adjudicado y celebrado<\/p><p class=\"mb-0\" style=\"font-size: .85rem\"><strong title=\"Fecha de Publicaci\u00f3n\"><i class=\"fas fa-calendar-alt\"><\/i><\/strong> Publicado el martes, 8 de agosto de 2023<\/p><\/div><div class=\"col-auto mt-md-0 mt-2\"><a class=\"btn btn-primary btn-lg px-lg-4 d-none d-md-block\" href=\"https:\/\/comunidad.comprasdominicana.gob.do\/\/Public\/Tendering\/OpportunityDetail\/Index?noticeUID=DO1.NTC.1278827\" target=\"_blank\" title=\"Detalles\"><i class=\"fas fa-link\"><\/i> DETALLES<\/a><a class=\"btn btn-primary btn-lg px-lg-4 d-block d-md-none\" href=\"https:\/\/comunidad.comprasdominicana.gob.do\/\/Public\/Tendering\/OpportunityDetail\/Index?noticeUID=DO1.NTC.1278827\" target=\"_blank\" title=\"Detalles\"><i class=\"fas fa-2x fa-link\"><\/i><\/a><\/div><\/div><\/div><div class=\"jumbotron archivos\"><div class=\"row align-items-center\"><div class=\"col\"><h6><a class=\"text-dark\" href=\"https:\/\/comunidad.comprasdominicana.gob.do\/\/Public\/Tendering\/OpportunityDetail\/Index?noticeUID=DO1.NTC.1277215\" title=\"Ver\" target=\"_blank\">INESPRE-UC-CD-2023-0100<\/a><\/h6><p class=\"mb-0 bold\">Adquisici\u00f3n de Art\u00edculos de Empaque <\/p><p class=\"mb-0\" style=\"font-size: .85rem\"><strong title=\"Estado del Proceso\"><i class=\"fas fa-spinner\"><\/i><\/strong> Proceso adjudicado y celebrado<\/p><p class=\"mb-0\" style=\"font-size: .85rem\"><strong title=\"Fecha de Publicaci\u00f3n\"><i class=\"fas fa-calendar-alt\"><\/i><\/strong> Publicado el jueves, 3 de agosto de 2023<\/p><\/div><div class=\"col-auto mt-md-0 mt-2\"><a class=\"btn btn-primary btn-lg px-lg-4 d-none d-md-block\" href=\"https:\/\/comunidad.comprasdominicana.gob.do\/\/Public\/Tendering\/OpportunityDetail\/Index?noticeUID=DO1.NTC.1277215\" target=\"_blank\" title=\"Detalles\"><i class=\"fas fa-link\"><\/i> DETALLES<\/a><a class=\"btn btn-primary btn-lg px-lg-4 d-block d-md-none\" href=\"https:\/\/comunidad.comprasdominicana.gob.do\/\/Public\/Tendering\/OpportunityDetail\/Index?noticeUID=DO1.NTC.1277215\" target=\"_blank\" title=\"Detalles\"><i class=\"fas fa-2x fa-link\"><\/i><\/a><\/div><\/div><\/div><div class=\"jumbotron archivos\"><div class=\"row align-items-center\"><div class=\"col\"><h6><a class=\"text-dark\" href=\"https:\/\/comunidad.comprasdominicana.gob.do\/\/Public\/Tendering\/OpportunityDetail\/Index?noticeUID=DO1.NTC.1276043\" title=\"Ver\" target=\"_blank\">INESPRE-UC-CD-2023-0099<\/a><\/h6><p class=\"mb-0 bold\">Servicio de Publicaci\u00f3n en Dos (02) Peri\u00f3dicos de circulaci\u00f3n Nacional para el proceso de Licitaci\u00f3n P\u00fablica Nacional de referencia: INESPRE-CCC-LPN-2023-0003 <\/p><p class=\"mb-0\" style=\"font-size: .85rem\"><strong title=\"Estado del Proceso\"><i class=\"fas fa-spinner\"><\/i><\/strong> Proceso adjudicado y celebrado<\/p><p class=\"mb-0\" style=\"font-size: .85rem\"><strong title=\"Fecha de Publicaci\u00f3n\"><i class=\"fas fa-calendar-alt\"><\/i><\/strong> Publicado el martes, 1 de agosto de 2023<\/p><\/div><div class=\"col-auto mt-md-0 mt-2\"><a class=\"btn btn-primary btn-lg px-lg-4 d-none d-md-block\" href=\"https:\/\/comunidad.comprasdominicana.gob.do\/\/Public\/Tendering\/OpportunityDetail\/Index?noticeUID=DO1.NTC.1276043\" target=\"_blank\" title=\"Detalles\"><i class=\"fas fa-link\"><\/i> DETALLES<\/a><a class=\"btn btn-primary btn-lg px-lg-4 d-block d-md-none\" href=\"https:\/\/comunidad.comprasdominicana.gob.do\/\/Public\/Tendering\/OpportunityDetail\/Index?noticeUID=DO1.NTC.1276043\" target=\"_blank\" title=\"Detalles\"><i class=\"fas fa-2x fa-link\"><\/i><\/a><\/div><\/div><\/div><div class=\"jumbotron archivos\"><div class=\"row align-items-center\"><div class=\"col\"><h6><a class=\"text-dark\" href=\"https:\/\/comunidad.comprasdominicana.gob.do\/\/Public\/Tendering\/OpportunityDetail\/Index?noticeUID=DO1.NTC.1275940\" title=\"Ver\" target=\"_blank\">INESPRE-UC-CD-2023-0098<\/a><\/h6><p class=\"mb-0 bold\">Adquisici\u00f3n de Grapas para cierre mallas<\/p><p class=\"mb-0\" style=\"font-size: .85rem\"><strong title=\"Estado del Proceso\"><i class=\"fas fa-spinner\"><\/i><\/strong> Proceso adjudicado y celebrado<\/p><p class=\"mb-0\" style=\"font-size: .85rem\"><strong title=\"Fecha de Publicaci\u00f3n\"><i class=\"fas fa-calendar-alt\"><\/i><\/strong> Publicado el martes, 1 de agosto de 2023<\/p><\/div><div class=\"col-auto mt-md-0 mt-2\"><a class=\"btn btn-primary btn-lg px-lg-4 d-none d-md-block\" href=\"https:\/\/comunidad.comprasdominicana.gob.do\/\/Public\/Tendering\/OpportunityDetail\/Index?noticeUID=DO1.NTC.1275940\" target=\"_blank\" title=\"Detalles\"><i class=\"fas fa-link\"><\/i> DETALLES<\/a><a class=\"btn btn-primary btn-lg px-lg-4 d-block d-md-none\" href=\"https:\/\/comunidad.comprasdominicana.gob.do\/\/Public\/Tendering\/OpportunityDetail\/Index?noticeUID=DO1.NTC.1275940\" target=\"_blank\" title=\"Detalles\"><i class=\"fas fa-2x fa-link\"><\/i><\/a><\/div><\/div><\/div><div class=\"jumbotron archivos\"><div class=\"row align-items-center\"><div class=\"col\"><h6><a class=\"text-dark\" href=\"https:\/\/comunidad.comprasdominicana.gob.do\/\/Public\/Tendering\/OpportunityDetail\/Index?noticeUID=DO1.NTC.1276133\" title=\"Ver\" target=\"_blank\">INESPRE-UC-CD-2023-0097<\/a><\/h6><p class=\"mb-0 bold\">Adquisici\u00f3n de Estaciones de 4 Zafacones (Compras Verdes)<\/p><p class=\"mb-0\" style=\"font-size: .85rem\"><strong title=\"Estado del Proceso\"><i class=\"fas fa-spinner\"><\/i><\/strong> Proceso adjudicado y celebrado<\/p><p class=\"mb-0\" style=\"font-size: .85rem\"><strong title=\"Fecha de Publicaci\u00f3n\"><i class=\"fas fa-calendar-alt\"><\/i><\/strong> Publicado el martes, 1 de agosto de 2023<\/p><\/div><div class=\"col-auto mt-md-0 mt-2\"><a class=\"btn btn-primary btn-lg px-lg-4 d-none d-md-block\" href=\"https:\/\/comunidad.comprasdominicana.gob.do\/\/Public\/Tendering\/OpportunityDetail\/Index?noticeUID=DO1.NTC.1276133\" target=\"_blank\" title=\"Detalles\"><i class=\"fas fa-link\"><\/i> DETALLES<\/a><a class=\"btn btn-primary btn-lg px-lg-4 d-block d-md-none\" href=\"https:\/\/comunidad.comprasdominicana.gob.do\/\/Public\/Tendering\/OpportunityDetail\/Index?noticeUID=DO1.NTC.1276133\" target=\"_blank\" title=\"Detalles\"><i class=\"fas fa-2x fa-link\"><\/i><\/a><\/div><\/div><\/div><div class=\"jumbotron archivos\"><div class=\"row align-items-center\"><div class=\"col\"><h6><a class=\"text-dark\" href=\"https:\/\/comunidad.comprasdominicana.gob.do\/\/Public\/Tendering\/OpportunityDetail\/Index?noticeUID=DO1.NTC.1276326\" title=\"Ver\" target=\"_blank\">INESPRE-UC-CD-2023-0096<\/a><\/h6><p class=\"mb-0 bold\">Adquisici\u00f3n de Espejos biselados y canteados para ba\u00f1os<\/p><p class=\"mb-0\" style=\"font-size: .85rem\"><strong title=\"Estado del Proceso\"><i class=\"fas fa-spinner\"><\/i><\/strong> Proceso adjudicado y celebrado<\/p><p class=\"mb-0\" style=\"font-size: .85rem\"><strong title=\"Fecha de Publicaci\u00f3n\"><i class=\"fas fa-calendar-alt\"><\/i><\/strong> Publicado el martes, 1 de agosto de 2023<\/p><\/div><div class=\"col-auto mt-md-0 mt-2\"><a class=\"btn btn-primary btn-lg px-lg-4 d-none d-md-block\" href=\"https:\/\/comunidad.comprasdominicana.gob.do\/\/Public\/Tendering\/OpportunityDetail\/Index?noticeUID=DO1.NTC.1276326\" target=\"_blank\" title=\"Detalles\"><i class=\"fas fa-link\"><\/i> DETALLES<\/a><a class=\"btn btn-primary btn-lg px-lg-4 d-block d-md-none\" href=\"https:\/\/comunidad.comprasdominicana.gob.do\/\/Public\/Tendering\/OpportunityDetail\/Index?noticeUID=DO1.NTC.1276326\" target=\"_blank\" title=\"Detalles\"><i class=\"fas fa-2x fa-link\"><\/i><\/a><\/div><\/div><\/div><\/div><\/div><\/div>\n        <div class=\"card\">\n            <div class=\"card-header parents\" id=\"heading_compras-por-debajo-del-umbral-69f73f7454400-2023-69f73f7454400-julio-69f73f7454400\">\n                <p class=\"title text-blue mb-0\">\n                    <a class=\"btn-block hover text-left collapsed\" data-toggle=\"collapse\" data-target=\"#collap_compras-por-debajo-del-umbral-69f73f7454400-2023-69f73f7454400-julio-69f73f7454400\" aria-expanded=\"false\" aria-controls=\"collap_compras-por-debajo-del-umbral-69f73f7454400-2023-69f73f7454400-julio-69f73f7454400\">Julio<\/a>\n                <\/p>\n            <\/div>\n            <div id=\"collap_compras-por-debajo-del-umbral-69f73f7454400-2023-69f73f7454400-julio-69f73f7454400\" class=\"collapse\" aria-labelledby=\"heading_compras-por-debajo-del-umbral-69f73f7454400-2023-69f73f7454400-julio-69f73f7454400\" data-parent=\"#collap_compras-por-debajo-del-umbral-69f73f7454400-2023-69f73f7454400\">\n                <div class=\"card-body\"><div class=\"jumbotron archivos\"><div class=\"row align-items-center\"><div class=\"col\"><h6><a class=\"text-dark\" href=\"https:\/\/comunidad.comprasdominicana.gob.do\/\/Public\/Tendering\/OpportunityDetail\/Index?noticeUID=DO1.NTC.1274304\" title=\"Ver\" target=\"_blank\">INESPRE-UC-CD-2023-0095<\/a><\/h6><p class=\"mb-0 bold\">Adquisici\u00f3n de Utensilios Desechables y Velas peque\u00f1as <\/p><p class=\"mb-0\" style=\"font-size: .85rem\"><strong title=\"Estado del Proceso\"><i class=\"fas fa-spinner\"><\/i><\/strong> Proceso adjudicado y celebrado<\/p><p class=\"mb-0\" style=\"font-size: .85rem\"><strong title=\"Fecha de Publicaci\u00f3n\"><i class=\"fas fa-calendar-alt\"><\/i><\/strong> Publicado el jueves, 27 de julio de 2023<\/p><\/div><div class=\"col-auto mt-md-0 mt-2\"><a class=\"btn btn-primary btn-lg px-lg-4 d-none d-md-block\" href=\"https:\/\/comunidad.comprasdominicana.gob.do\/\/Public\/Tendering\/OpportunityDetail\/Index?noticeUID=DO1.NTC.1274304\" target=\"_blank\" title=\"Detalles\"><i class=\"fas fa-link\"><\/i> DETALLES<\/a><a class=\"btn btn-primary btn-lg px-lg-4 d-block d-md-none\" href=\"https:\/\/comunidad.comprasdominicana.gob.do\/\/Public\/Tendering\/OpportunityDetail\/Index?noticeUID=DO1.NTC.1274304\" target=\"_blank\" title=\"Detalles\"><i class=\"fas fa-2x fa-link\"><\/i><\/a><\/div><\/div><\/div><div class=\"jumbotron archivos\"><div class=\"row align-items-center\"><div class=\"col\"><h6><a class=\"text-dark\" href=\"https:\/\/comunidad.comprasdominicana.gob.do\/\/Public\/Tendering\/OpportunityDetail\/Index?noticeUID=DO1.NTC.1273424\" title=\"Ver\" target=\"_blank\">INESPRE-UC-CD-2023-0094<\/a><\/h6><p class=\"mb-0 bold\">Adquisici\u00f3n de Nevera t\u00e9rmica con logo<\/p><p class=\"mb-0\" style=\"font-size: .85rem\"><strong title=\"Estado del Proceso\"><i class=\"fas fa-spinner\"><\/i><\/strong> Proceso adjudicado y celebrado<\/p><p class=\"mb-0\" style=\"font-size: .85rem\"><strong title=\"Fecha de Publicaci\u00f3n\"><i class=\"fas fa-calendar-alt\"><\/i><\/strong> Publicado el mi\u00e9rcoles, 26 de julio de 2023<\/p><\/div><div class=\"col-auto mt-md-0 mt-2\"><a class=\"btn btn-primary btn-lg px-lg-4 d-none d-md-block\" href=\"https:\/\/comunidad.comprasdominicana.gob.do\/\/Public\/Tendering\/OpportunityDetail\/Index?noticeUID=DO1.NTC.1273424\" target=\"_blank\" title=\"Detalles\"><i class=\"fas fa-link\"><\/i> DETALLES<\/a><a class=\"btn btn-primary btn-lg px-lg-4 d-block d-md-none\" href=\"https:\/\/comunidad.comprasdominicana.gob.do\/\/Public\/Tendering\/OpportunityDetail\/Index?noticeUID=DO1.NTC.1273424\" target=\"_blank\" title=\"Detalles\"><i class=\"fas fa-2x fa-link\"><\/i><\/a><\/div><\/div><\/div><div class=\"jumbotron archivos\"><div class=\"row align-items-center\"><div class=\"col\"><h6><a class=\"text-dark\" href=\"https:\/\/comunidad.comprasdominicana.gob.do\/\/Public\/Tendering\/OpportunityDetail\/Index?noticeUID=DO1.NTC.1273423\" title=\"Ver\" target=\"_blank\">INESPRE-UC-CD-2023-0093<\/a><\/h6><p class=\"mb-0 bold\">Servicio de Coffe Break para ser utilizado en Diplomado en la Gerencia de Hato Mayor dirigido a Mipymes Mujer<\/p><p class=\"mb-0\" style=\"font-size: .85rem\"><strong title=\"Estado del Proceso\"><i class=\"fas fa-spinner\"><\/i><\/strong> Proceso adjudicado y celebrado<\/p><p class=\"mb-0\" style=\"font-size: .85rem\"><strong title=\"Fecha de Publicaci\u00f3n\"><i class=\"fas fa-calendar-alt\"><\/i><\/strong> Publicado el mi\u00e9rcoles, 26 de julio de 2023<\/p><\/div><div class=\"col-auto mt-md-0 mt-2\"><a class=\"btn btn-primary btn-lg px-lg-4 d-none d-md-block\" href=\"https:\/\/comunidad.comprasdominicana.gob.do\/\/Public\/Tendering\/OpportunityDetail\/Index?noticeUID=DO1.NTC.1273423\" target=\"_blank\" title=\"Detalles\"><i class=\"fas fa-link\"><\/i> DETALLES<\/a><a class=\"btn btn-primary btn-lg px-lg-4 d-block d-md-none\" href=\"https:\/\/comunidad.comprasdominicana.gob.do\/\/Public\/Tendering\/OpportunityDetail\/Index?noticeUID=DO1.NTC.1273423\" target=\"_blank\" title=\"Detalles\"><i class=\"fas fa-2x fa-link\"><\/i><\/a><\/div><\/div><\/div><div class=\"jumbotron archivos\"><div class=\"row align-items-center\"><div class=\"col\"><h6><a class=\"text-dark\" href=\"https:\/\/comunidad.comprasdominicana.gob.do\/\/Public\/Tendering\/OpportunityDetail\/Index?noticeUID=DO1.NTC.1272839\" title=\"Ver\" target=\"_blank\">INESPRE-UC-CD-2023-0092<\/a><\/h6><p class=\"mb-0 bold\">Adquisici\u00f3n de Scanners<\/p><p class=\"mb-0\" style=\"font-size: .85rem\"><strong title=\"Estado del Proceso\"><i class=\"fas fa-spinner\"><\/i><\/strong> Proceso adjudicado y celebrado<\/p><p class=\"mb-0\" style=\"font-size: .85rem\"><strong title=\"Fecha de Publicaci\u00f3n\"><i class=\"fas fa-calendar-alt\"><\/i><\/strong> Publicado el martes, 25 de julio de 2023<\/p><\/div><div class=\"col-auto mt-md-0 mt-2\"><a class=\"btn btn-primary btn-lg px-lg-4 d-none d-md-block\" href=\"https:\/\/comunidad.comprasdominicana.gob.do\/\/Public\/Tendering\/OpportunityDetail\/Index?noticeUID=DO1.NTC.1272839\" target=\"_blank\" title=\"Detalles\"><i class=\"fas fa-link\"><\/i> DETALLES<\/a><a class=\"btn btn-primary btn-lg px-lg-4 d-block d-md-none\" href=\"https:\/\/comunidad.comprasdominicana.gob.do\/\/Public\/Tendering\/OpportunityDetail\/Index?noticeUID=DO1.NTC.1272839\" target=\"_blank\" title=\"Detalles\"><i class=\"fas fa-2x fa-link\"><\/i><\/a><\/div><\/div><\/div><div class=\"jumbotron archivos\"><div class=\"row align-items-center\"><div class=\"col\"><h6><a class=\"text-dark\" href=\"https:\/\/comunidad.comprasdominicana.gob.do\/\/Public\/Tendering\/OpportunityDetail\/Index?noticeUID=DO1.NTC.1273229\" title=\"Ver\" target=\"_blank\">INESPRE-UC-CD-2023-0091<\/a><\/h6><p class=\"mb-0 bold\">Adquisici\u00f3n de Productos Qu\u00edmicos para desinfectar <\/p><p class=\"mb-0\" style=\"font-size: .85rem\"><strong title=\"Estado del Proceso\"><i class=\"fas fa-spinner\"><\/i><\/strong> Proceso adjudicado y celebrado<\/p><p class=\"mb-0\" style=\"font-size: .85rem\"><strong title=\"Fecha de Publicaci\u00f3n\"><i class=\"fas fa-calendar-alt\"><\/i><\/strong> Publicado el martes, 25 de julio de 2023<\/p><\/div><div class=\"col-auto mt-md-0 mt-2\"><a class=\"btn btn-primary btn-lg px-lg-4 d-none d-md-block\" href=\"https:\/\/comunidad.comprasdominicana.gob.do\/\/Public\/Tendering\/OpportunityDetail\/Index?noticeUID=DO1.NTC.1273229\" target=\"_blank\" title=\"Detalles\"><i class=\"fas fa-link\"><\/i> DETALLES<\/a><a class=\"btn btn-primary btn-lg px-lg-4 d-block d-md-none\" href=\"https:\/\/comunidad.comprasdominicana.gob.do\/\/Public\/Tendering\/OpportunityDetail\/Index?noticeUID=DO1.NTC.1273229\" target=\"_blank\" title=\"Detalles\"><i class=\"fas fa-2x fa-link\"><\/i><\/a><\/div><\/div><\/div><div class=\"jumbotron archivos\"><div class=\"row align-items-center\"><div class=\"col\"><h6><a class=\"text-dark\" href=\"https:\/\/comunidad.comprasdominicana.gob.do\/\/Public\/Tendering\/OpportunityDetail\/Index?noticeUID=DO1.NTC.1272823\" title=\"Ver\" target=\"_blank\">INESPRE-UC-CD-2023-0090<\/a><\/h6><p class=\"mb-0 bold\">Servicio de Reproducci\u00f3n de Manuel de Inducci\u00f3n <\/p><p class=\"mb-0\" style=\"font-size: .85rem\"><strong title=\"Estado del Proceso\"><i class=\"fas fa-spinner\"><\/i><\/strong> Proceso adjudicado y celebrado<\/p><p class=\"mb-0\" style=\"font-size: .85rem\"><strong title=\"Fecha de Publicaci\u00f3n\"><i class=\"fas fa-calendar-alt\"><\/i><\/strong> Publicado el martes, 25 de julio de 2023<\/p><\/div><div class=\"col-auto mt-md-0 mt-2\"><a class=\"btn btn-primary btn-lg px-lg-4 d-none d-md-block\" href=\"https:\/\/comunidad.comprasdominicana.gob.do\/\/Public\/Tendering\/OpportunityDetail\/Index?noticeUID=DO1.NTC.1272823\" target=\"_blank\" title=\"Detalles\"><i class=\"fas fa-link\"><\/i> DETALLES<\/a><a class=\"btn btn-primary btn-lg px-lg-4 d-block d-md-none\" href=\"https:\/\/comunidad.comprasdominicana.gob.do\/\/Public\/Tendering\/OpportunityDetail\/Index?noticeUID=DO1.NTC.1272823\" target=\"_blank\" title=\"Detalles\"><i class=\"fas fa-2x fa-link\"><\/i><\/a><\/div><\/div><\/div><div class=\"jumbotron archivos\"><div class=\"row align-items-center\"><div class=\"col\"><h6><a class=\"text-dark\" href=\"https:\/\/comunidad.comprasdominicana.gob.do\/\/Public\/Tendering\/OpportunityDetail\/Index?noticeUID=DO1.NTC.1273122\" title=\"Ver\" target=\"_blank\">INESPRE-UC-CD-2023-0089<\/a><\/h6><p class=\"mb-0 bold\">Alquiler Convertidores de Energ\u00eda <\/p><p class=\"mb-0\" style=\"font-size: .85rem\"><strong title=\"Estado del Proceso\"><i class=\"fas fa-spinner\"><\/i><\/strong> Proceso adjudicado y celebrado<\/p><p class=\"mb-0\" style=\"font-size: .85rem\"><strong title=\"Fecha de Publicaci\u00f3n\"><i class=\"fas fa-calendar-alt\"><\/i><\/strong> Publicado el martes, 25 de julio de 2023<\/p><\/div><div class=\"col-auto mt-md-0 mt-2\"><a class=\"btn btn-primary btn-lg px-lg-4 d-none d-md-block\" href=\"https:\/\/comunidad.comprasdominicana.gob.do\/\/Public\/Tendering\/OpportunityDetail\/Index?noticeUID=DO1.NTC.1273122\" target=\"_blank\" title=\"Detalles\"><i class=\"fas fa-link\"><\/i> DETALLES<\/a><a class=\"btn btn-primary btn-lg px-lg-4 d-block d-md-none\" href=\"https:\/\/comunidad.comprasdominicana.gob.do\/\/Public\/Tendering\/OpportunityDetail\/Index?noticeUID=DO1.NTC.1273122\" target=\"_blank\" title=\"Detalles\"><i class=\"fas fa-2x fa-link\"><\/i><\/a><\/div><\/div><\/div><div class=\"jumbotron archivos\"><div class=\"row align-items-center\"><div class=\"col\"><h6><a class=\"text-dark\" href=\"https:\/\/comunidad.comprasdominicana.gob.do\/\/Public\/Tendering\/OpportunityDetail\/Index?noticeUID=DO1.NTC.1263426\" title=\"Ver\" target=\"_blank\">INESPRE-UC-CD-2023-0088<\/a><\/h6><p class=\"mb-0 bold\">Servicio de Coffe Break para ser utilizado en Diplomado en la Gerencia de La Vega<\/p><p class=\"mb-0\" style=\"font-size: .85rem\"><strong title=\"Estado del Proceso\"><i class=\"fas fa-spinner\"><\/i><\/strong> Proceso adjudicado y celebrado<\/p><p class=\"mb-0\" style=\"font-size: .85rem\"><strong title=\"Fecha de Publicaci\u00f3n\"><i class=\"fas fa-calendar-alt\"><\/i><\/strong> Publicado el mi\u00e9rcoles, 5 de julio de 2023<\/p><\/div><div class=\"col-auto mt-md-0 mt-2\"><a class=\"btn btn-primary btn-lg px-lg-4 d-none d-md-block\" href=\"https:\/\/comunidad.comprasdominicana.gob.do\/\/Public\/Tendering\/OpportunityDetail\/Index?noticeUID=DO1.NTC.1263426\" target=\"_blank\" title=\"Detalles\"><i class=\"fas fa-link\"><\/i> DETALLES<\/a><a class=\"btn btn-primary btn-lg px-lg-4 d-block d-md-none\" href=\"https:\/\/comunidad.comprasdominicana.gob.do\/\/Public\/Tendering\/OpportunityDetail\/Index?noticeUID=DO1.NTC.1263426\" target=\"_blank\" title=\"Detalles\"><i class=\"fas fa-2x fa-link\"><\/i><\/a><\/div><\/div><\/div><\/div><\/div><\/div>\n        <div class=\"card\">\n            <div class=\"card-header parents\" id=\"heading_compras-por-debajo-del-umbral-69f73f7454400-2023-69f73f7454400-junio-69f73f7454400\">\n                <p class=\"title text-blue mb-0\">\n                    <a class=\"btn-block hover text-left collapsed\" data-toggle=\"collapse\" data-target=\"#collap_compras-por-debajo-del-umbral-69f73f7454400-2023-69f73f7454400-junio-69f73f7454400\" aria-expanded=\"false\" aria-controls=\"collap_compras-por-debajo-del-umbral-69f73f7454400-2023-69f73f7454400-junio-69f73f7454400\">Junio<\/a>\n                <\/p>\n            <\/div>\n            <div id=\"collap_compras-por-debajo-del-umbral-69f73f7454400-2023-69f73f7454400-junio-69f73f7454400\" class=\"collapse\" aria-labelledby=\"heading_compras-por-debajo-del-umbral-69f73f7454400-2023-69f73f7454400-junio-69f73f7454400\" data-parent=\"#collap_compras-por-debajo-del-umbral-69f73f7454400-2023-69f73f7454400\">\n                <div class=\"card-body\"><div class=\"jumbotron archivos\"><div class=\"row align-items-center\"><div class=\"col\"><h6><a class=\"text-dark\" href=\"https:\/\/comunidad.comprasdominicana.gob.do\/\/Public\/Tendering\/OpportunityDetail\/Index?noticeUID=DO1.NTC.1261839\" title=\"Ver\" target=\"_blank\">INESPRE-UC-CD-2023-0086<\/a><\/h6><p class=\"mb-0 bold\">Adquisici\u00f3n de abanicos de pedestal y cafeteras industriales <\/p><p class=\"mb-0\" style=\"font-size: .85rem\"><strong title=\"Estado del Proceso\"><i class=\"fas fa-spinner\"><\/i><\/strong> Proceso adjudicado y celebrado<\/p><p class=\"mb-0\" style=\"font-size: .85rem\"><strong title=\"Fecha de Publicaci\u00f3n\"><i class=\"fas fa-calendar-alt\"><\/i><\/strong> Publicado el viernes, 30 de junio de 2023<\/p><\/div><div class=\"col-auto mt-md-0 mt-2\"><a class=\"btn btn-primary btn-lg px-lg-4 d-none d-md-block\" href=\"https:\/\/comunidad.comprasdominicana.gob.do\/\/Public\/Tendering\/OpportunityDetail\/Index?noticeUID=DO1.NTC.1261839\" target=\"_blank\" title=\"Detalles\"><i class=\"fas fa-link\"><\/i> DETALLES<\/a><a class=\"btn btn-primary btn-lg px-lg-4 d-block d-md-none\" href=\"https:\/\/comunidad.comprasdominicana.gob.do\/\/Public\/Tendering\/OpportunityDetail\/Index?noticeUID=DO1.NTC.1261839\" target=\"_blank\" title=\"Detalles\"><i class=\"fas fa-2x fa-link\"><\/i><\/a><\/div><\/div><\/div><div class=\"jumbotron archivos\"><div class=\"row align-items-center\"><div class=\"col\"><h6><a class=\"text-dark\" href=\"https:\/\/comunidad.comprasdominicana.gob.do\/\/Public\/Tendering\/OpportunityDetail\/Index?noticeUID=DO1.NTC.1261440\" title=\"Ver\" target=\"_blank\">INESPRE-UC-CD-2023-0087<\/a><\/h6><p class=\"mb-0 bold\">Adquisici\u00f3n de Asperjadoras y Motobombas<\/p><p class=\"mb-0\" style=\"font-size: .85rem\"><strong title=\"Estado del Proceso\"><i class=\"fas fa-spinner\"><\/i><\/strong> Proceso adjudicado y celebrado<\/p><p class=\"mb-0\" style=\"font-size: .85rem\"><strong title=\"Fecha de Publicaci\u00f3n\"><i class=\"fas fa-calendar-alt\"><\/i><\/strong> Publicado el viernes, 30 de junio de 2023<\/p><\/div><div class=\"col-auto mt-md-0 mt-2\"><a class=\"btn btn-primary btn-lg px-lg-4 d-none d-md-block\" href=\"https:\/\/comunidad.comprasdominicana.gob.do\/\/Public\/Tendering\/OpportunityDetail\/Index?noticeUID=DO1.NTC.1261440\" target=\"_blank\" title=\"Detalles\"><i class=\"fas fa-link\"><\/i> DETALLES<\/a><a class=\"btn btn-primary btn-lg px-lg-4 d-block d-md-none\" href=\"https:\/\/comunidad.comprasdominicana.gob.do\/\/Public\/Tendering\/OpportunityDetail\/Index?noticeUID=DO1.NTC.1261440\" target=\"_blank\" title=\"Detalles\"><i class=\"fas fa-2x fa-link\"><\/i><\/a><\/div><\/div><\/div><div class=\"jumbotron archivos\"><div class=\"row align-items-center\"><div class=\"col\"><h6><a class=\"text-dark\" href=\"https:\/\/comunidad.comprasdominicana.gob.do\/\/Public\/Tendering\/OpportunityDetail\/Index?noticeUID=DO1.NTC.1261714\" title=\"Ver\" target=\"_blank\">INESPRE-UC-CD-2023-0085<\/a><\/h6><p class=\"mb-0 bold\">Servicio de Publicidad Institucional en peri\u00f3dicos de circulaci\u00f3n nacional<\/p><p class=\"mb-0\" style=\"font-size: .85rem\"><strong title=\"Estado del Proceso\"><i class=\"fas fa-spinner\"><\/i><\/strong> Proceso adjudicado y celebrado<\/p><p class=\"mb-0\" style=\"font-size: .85rem\"><strong title=\"Fecha de Publicaci\u00f3n\"><i class=\"fas fa-calendar-alt\"><\/i><\/strong> Publicado el viernes, 30 de junio de 2023<\/p><\/div><div class=\"col-auto mt-md-0 mt-2\"><a class=\"btn btn-primary btn-lg px-lg-4 d-none d-md-block\" href=\"https:\/\/comunidad.comprasdominicana.gob.do\/\/Public\/Tendering\/OpportunityDetail\/Index?noticeUID=DO1.NTC.1261714\" target=\"_blank\" title=\"Detalles\"><i class=\"fas fa-link\"><\/i> DETALLES<\/a><a class=\"btn btn-primary btn-lg px-lg-4 d-block d-md-none\" href=\"https:\/\/comunidad.comprasdominicana.gob.do\/\/Public\/Tendering\/OpportunityDetail\/Index?noticeUID=DO1.NTC.1261714\" target=\"_blank\" title=\"Detalles\"><i class=\"fas fa-2x fa-link\"><\/i><\/a><\/div><\/div><\/div><div class=\"jumbotron archivos\"><div class=\"row align-items-center\"><div class=\"col\"><h6><a class=\"text-dark\" href=\"https:\/\/comunidad.comprasdominicana.gob.do\/\/Public\/Tendering\/OpportunityDetail\/Index?noticeUID=DO1.NTC.1261118\" title=\"Ver\" target=\"_blank\">INESPRE-UC-CD-2023-0084<\/a><\/h6><p class=\"mb-0 bold\">Servicio de Publicidad Institucional en Peri\u00f3dico de circulaci\u00f3n nacional <\/p><p class=\"mb-0\" style=\"font-size: .85rem\"><strong title=\"Estado del Proceso\"><i class=\"fas fa-spinner\"><\/i><\/strong> Proceso adjudicado y celebrado<\/p><p class=\"mb-0\" style=\"font-size: .85rem\"><strong title=\"Fecha de Publicaci\u00f3n\"><i class=\"fas fa-calendar-alt\"><\/i><\/strong> Publicado el jueves, 29 de junio de 2023<\/p><\/div><div class=\"col-auto mt-md-0 mt-2\"><a class=\"btn btn-primary btn-lg px-lg-4 d-none d-md-block\" href=\"https:\/\/comunidad.comprasdominicana.gob.do\/\/Public\/Tendering\/OpportunityDetail\/Index?noticeUID=DO1.NTC.1261118\" target=\"_blank\" title=\"Detalles\"><i class=\"fas fa-link\"><\/i> DETALLES<\/a><a class=\"btn btn-primary btn-lg px-lg-4 d-block d-md-none\" href=\"https:\/\/comunidad.comprasdominicana.gob.do\/\/Public\/Tendering\/OpportunityDetail\/Index?noticeUID=DO1.NTC.1261118\" target=\"_blank\" title=\"Detalles\"><i class=\"fas fa-2x fa-link\"><\/i><\/a><\/div><\/div><\/div><div class=\"jumbotron archivos\"><div class=\"row align-items-center\"><div class=\"col\"><h6><a class=\"text-dark\" href=\"https:\/\/comunidad.comprasdominicana.gob.do\/\/Public\/Tendering\/OpportunityDetail\/Index?noticeUID=DO1.NTC.1260523\" title=\"Ver\" target=\"_blank\">INESPRE-UC-CD-2023-0083<\/a><\/h6><p class=\"mb-0 bold\">Servicio de Catering para ser utilizados en la reuni\u00f3n  de Staff Ejecutivo<\/p><p class=\"mb-0\" style=\"font-size: .85rem\"><strong title=\"Estado del Proceso\"><i class=\"fas fa-spinner\"><\/i><\/strong> Proceso adjudicado y celebrado<\/p><p class=\"mb-0\" style=\"font-size: .85rem\"><strong title=\"Fecha de Publicaci\u00f3n\"><i class=\"fas fa-calendar-alt\"><\/i><\/strong> Publicado el mi\u00e9rcoles, 28 de junio de 2023<\/p><\/div><div class=\"col-auto mt-md-0 mt-2\"><a class=\"btn btn-primary btn-lg px-lg-4 d-none d-md-block\" href=\"https:\/\/comunidad.comprasdominicana.gob.do\/\/Public\/Tendering\/OpportunityDetail\/Index?noticeUID=DO1.NTC.1260523\" target=\"_blank\" title=\"Detalles\"><i class=\"fas fa-link\"><\/i> DETALLES<\/a><a class=\"btn btn-primary btn-lg px-lg-4 d-block d-md-none\" href=\"https:\/\/comunidad.comprasdominicana.gob.do\/\/Public\/Tendering\/OpportunityDetail\/Index?noticeUID=DO1.NTC.1260523\" target=\"_blank\" title=\"Detalles\"><i class=\"fas fa-2x fa-link\"><\/i><\/a><\/div><\/div><\/div><div class=\"jumbotron archivos\"><div class=\"row align-items-center\"><div class=\"col\"><h6><a class=\"text-dark\" href=\"https:\/\/comunidad.comprasdominicana.gob.do\/\/Public\/Tendering\/OpportunityDetail\/Index?noticeUID=DO1.NTC.1260322\" title=\"Ver\" target=\"_blank\">INESPRE-UC-CD-2023-0082<\/a><\/h6><p class=\"mb-0 bold\">Servicio de Coffe Break para ser utilizado en Diplomado en la Gerencia de Santiago<\/p><p class=\"mb-0\" style=\"font-size: .85rem\"><strong title=\"Estado del Proceso\"><i class=\"fas fa-spinner\"><\/i><\/strong> Proceso adjudicado y celebrado<\/p><p class=\"mb-0\" style=\"font-size: .85rem\"><strong title=\"Fecha de Publicaci\u00f3n\"><i class=\"fas fa-calendar-alt\"><\/i><\/strong> Publicado el mi\u00e9rcoles, 28 de junio de 2023<\/p><\/div><div class=\"col-auto mt-md-0 mt-2\"><a class=\"btn btn-primary btn-lg px-lg-4 d-none d-md-block\" href=\"https:\/\/comunidad.comprasdominicana.gob.do\/\/Public\/Tendering\/OpportunityDetail\/Index?noticeUID=DO1.NTC.1260322\" target=\"_blank\" title=\"Detalles\"><i class=\"fas fa-link\"><\/i> DETALLES<\/a><a class=\"btn btn-primary btn-lg px-lg-4 d-block d-md-none\" href=\"https:\/\/comunidad.comprasdominicana.gob.do\/\/Public\/Tendering\/OpportunityDetail\/Index?noticeUID=DO1.NTC.1260322\" target=\"_blank\" title=\"Detalles\"><i class=\"fas fa-2x fa-link\"><\/i><\/a><\/div><\/div><\/div><div class=\"jumbotron archivos\"><div class=\"row align-items-center\"><div class=\"col\"><h6><a class=\"text-dark\" href=\"https:\/\/comunidad.comprasdominicana.gob.do\/\/Public\/Tendering\/OpportunityDetail\/Index?noticeUID=DO1.NTC.1253634\" title=\"Ver\" target=\"_blank\">INESPRE-UC-CD-2023-0078<\/a><\/h6><p class=\"mb-0 bold\">Servicio de Coffe Break para ser utilizado en Diplomado en la Gerencia de Azua<\/p><p class=\"mb-0\" style=\"font-size: .85rem\"><strong title=\"Estado del Proceso\"><i class=\"fas fa-spinner\"><\/i><\/strong> Proceso adjudicado y celebrado<\/p><p class=\"mb-0\" style=\"font-size: .85rem\"><strong title=\"Fecha de Publicaci\u00f3n\"><i class=\"fas fa-calendar-alt\"><\/i><\/strong> Publicado el martes, 13 de junio de 2023<\/p><\/div><div class=\"col-auto mt-md-0 mt-2\"><a class=\"btn btn-primary btn-lg px-lg-4 d-none d-md-block\" href=\"https:\/\/comunidad.comprasdominicana.gob.do\/\/Public\/Tendering\/OpportunityDetail\/Index?noticeUID=DO1.NTC.1253634\" target=\"_blank\" title=\"Detalles\"><i class=\"fas fa-link\"><\/i> DETALLES<\/a><a class=\"btn btn-primary btn-lg px-lg-4 d-block d-md-none\" href=\"https:\/\/comunidad.comprasdominicana.gob.do\/\/Public\/Tendering\/OpportunityDetail\/Index?noticeUID=DO1.NTC.1253634\" target=\"_blank\" title=\"Detalles\"><i class=\"fas fa-2x fa-link\"><\/i><\/a><\/div><\/div><\/div><div class=\"jumbotron archivos\"><div class=\"row align-items-center\"><div class=\"col\"><h6><a class=\"text-dark\" href=\"https:\/\/comunidad.comprasdominicana.gob.do\/\/Public\/Tendering\/OpportunityDetail\/Index?noticeUID=DO1.NTC.1253719\" title=\"Ver\" target=\"_blank\">INESPRE-UC-CD-2023-0081<\/a><\/h6><p class=\"mb-0 bold\">Adquisici\u00f3n de Calculadoras Manuales<\/p><p class=\"mb-0\" style=\"font-size: .85rem\"><strong title=\"Estado del Proceso\"><i class=\"fas fa-spinner\"><\/i><\/strong> Proceso adjudicado y celebrado<\/p><p class=\"mb-0\" style=\"font-size: .85rem\"><strong title=\"Fecha de Publicaci\u00f3n\"><i class=\"fas fa-calendar-alt\"><\/i><\/strong> Publicado el martes, 13 de junio de 2023<\/p><\/div><div class=\"col-auto mt-md-0 mt-2\"><a class=\"btn btn-primary btn-lg px-lg-4 d-none d-md-block\" href=\"https:\/\/comunidad.comprasdominicana.gob.do\/\/Public\/Tendering\/OpportunityDetail\/Index?noticeUID=DO1.NTC.1253719\" target=\"_blank\" title=\"Detalles\"><i class=\"fas fa-link\"><\/i> DETALLES<\/a><a class=\"btn btn-primary btn-lg px-lg-4 d-block d-md-none\" href=\"https:\/\/comunidad.comprasdominicana.gob.do\/\/Public\/Tendering\/OpportunityDetail\/Index?noticeUID=DO1.NTC.1253719\" target=\"_blank\" title=\"Detalles\"><i class=\"fas fa-2x fa-link\"><\/i><\/a><\/div><\/div><\/div><div class=\"jumbotron archivos\"><div class=\"row align-items-center\"><div class=\"col\"><h6><a class=\"text-dark\" href=\"https:\/\/comunidad.comprasdominicana.gob.do\/\/Public\/Tendering\/OpportunityDetail\/Index?noticeUID=DO1.NTC.1254111\" title=\"Ver\" target=\"_blank\">INESPRE-UC-CD-2023-0080<\/a><\/h6><p class=\"mb-0 bold\">Impresi\u00f3n de Certificados de Participaci\u00f3n<\/p><p class=\"mb-0\" style=\"font-size: .85rem\"><strong title=\"Estado del Proceso\"><i class=\"fas fa-spinner\"><\/i><\/strong> Proceso adjudicado y celebrado<\/p><p class=\"mb-0\" style=\"font-size: .85rem\"><strong title=\"Fecha de Publicaci\u00f3n\"><i class=\"fas fa-calendar-alt\"><\/i><\/strong> Publicado el martes, 13 de junio de 2023<\/p><\/div><div class=\"col-auto mt-md-0 mt-2\"><a class=\"btn btn-primary btn-lg px-lg-4 d-none d-md-block\" href=\"https:\/\/comunidad.comprasdominicana.gob.do\/\/Public\/Tendering\/OpportunityDetail\/Index?noticeUID=DO1.NTC.1254111\" target=\"_blank\" title=\"Detalles\"><i class=\"fas fa-link\"><\/i> DETALLES<\/a><a class=\"btn btn-primary btn-lg px-lg-4 d-block d-md-none\" href=\"https:\/\/comunidad.comprasdominicana.gob.do\/\/Public\/Tendering\/OpportunityDetail\/Index?noticeUID=DO1.NTC.1254111\" target=\"_blank\" title=\"Detalles\"><i class=\"fas fa-2x fa-link\"><\/i><\/a><\/div><\/div><\/div><div class=\"jumbotron archivos\"><div class=\"row align-items-center\"><div class=\"col\"><h6><a class=\"text-dark\" href=\"https:\/\/comunidad.comprasdominicana.gob.do\/\/Public\/Tendering\/OpportunityDetail\/Index?noticeUID=DO1.NTC.1253233\" title=\"Ver\" target=\"_blank\">INESPRE-UC-CD-2023-0079<\/a><\/h6><p class=\"mb-0 bold\">Servicio de Publicaci\u00f3n en Dos (02) Peri\u00f3dicos de circulaci\u00f3n Nacional para el Procedimiento de Urgencia de referencia: INESPRE-CCC-LPN-2023-0002<\/p><p class=\"mb-0\" style=\"font-size: .85rem\"><strong title=\"Estado del Proceso\"><i class=\"fas fa-spinner\"><\/i><\/strong> Proceso adjudicado y celebrado<\/p><p class=\"mb-0\" style=\"font-size: .85rem\"><strong title=\"Fecha de Publicaci\u00f3n\"><i class=\"fas fa-calendar-alt\"><\/i><\/strong> Publicado el lunes, 12 de junio de 2023<\/p><\/div><div class=\"col-auto mt-md-0 mt-2\"><a class=\"btn btn-primary btn-lg px-lg-4 d-none d-md-block\" href=\"https:\/\/comunidad.comprasdominicana.gob.do\/\/Public\/Tendering\/OpportunityDetail\/Index?noticeUID=DO1.NTC.1253233\" target=\"_blank\" title=\"Detalles\"><i class=\"fas fa-link\"><\/i> DETALLES<\/a><a class=\"btn btn-primary btn-lg px-lg-4 d-block d-md-none\" href=\"https:\/\/comunidad.comprasdominicana.gob.do\/\/Public\/Tendering\/OpportunityDetail\/Index?noticeUID=DO1.NTC.1253233\" target=\"_blank\" title=\"Detalles\"><i class=\"fas fa-2x fa-link\"><\/i><\/a><\/div><\/div><\/div><div class=\"jumbotron archivos\"><div class=\"row align-items-center\"><div class=\"col\"><h6><a class=\"text-dark\" href=\"https:\/\/comunidad.comprasdominicana.gob.do\/\/Public\/Tendering\/OpportunityDetail\/Index?noticeUID=DO1.NTC.1250734\" title=\"Ver\" target=\"_blank\">INESPRE-UC-CD-2023-0077<\/a><\/h6><p class=\"mb-0 bold\">Servicio de Alquiler de una (01) Mini Van de 12 pasajeros<\/p><p class=\"mb-0\" style=\"font-size: .85rem\"><strong title=\"Estado del Proceso\"><i class=\"fas fa-spinner\"><\/i><\/strong> Proceso adjudicado y celebrado<\/p><p class=\"mb-0\" style=\"font-size: .85rem\"><strong title=\"Fecha de Publicaci\u00f3n\"><i class=\"fas fa-calendar-alt\"><\/i><\/strong> Publicado el lunes, 5 de junio de 2023<\/p><\/div><div class=\"col-auto mt-md-0 mt-2\"><a class=\"btn btn-primary btn-lg px-lg-4 d-none d-md-block\" href=\"https:\/\/comunidad.comprasdominicana.gob.do\/\/Public\/Tendering\/OpportunityDetail\/Index?noticeUID=DO1.NTC.1250734\" target=\"_blank\" title=\"Detalles\"><i class=\"fas fa-link\"><\/i> DETALLES<\/a><a class=\"btn btn-primary btn-lg px-lg-4 d-block d-md-none\" href=\"https:\/\/comunidad.comprasdominicana.gob.do\/\/Public\/Tendering\/OpportunityDetail\/Index?noticeUID=DO1.NTC.1250734\" target=\"_blank\" title=\"Detalles\"><i class=\"fas fa-2x fa-link\"><\/i><\/a><\/div><\/div><\/div><div class=\"jumbotron archivos\"><div class=\"row align-items-center\"><div class=\"col\"><h6><a class=\"text-dark\" href=\"https:\/\/comunidad.comprasdominicana.gob.do\/\/Public\/Tendering\/OpportunityDetail\/Index?noticeUID=DO1.NTC.1251012\" title=\"Ver\" target=\"_blank\">INESPRE-UC-CD-2023-0076<\/a><\/h6><p class=\"mb-0 bold\">Servicio de Publicaci\u00f3n en Dos (02) Peri\u00f3dicos de circulaci\u00f3n Nacional para el Procedimiento de Urgencia de referencia: INESPRE-MAE-PEUR-2023-0002<\/p><p class=\"mb-0\" style=\"font-size: .85rem\"><strong title=\"Estado del Proceso\"><i class=\"fas fa-spinner\"><\/i><\/strong> Proceso adjudicado y celebrado<\/p><p class=\"mb-0\" style=\"font-size: .85rem\"><strong title=\"Fecha de Publicaci\u00f3n\"><i class=\"fas fa-calendar-alt\"><\/i><\/strong> Publicado el lunes, 5 de junio de 2023<\/p><\/div><div class=\"col-auto mt-md-0 mt-2\"><a class=\"btn btn-primary btn-lg px-lg-4 d-none d-md-block\" href=\"https:\/\/comunidad.comprasdominicana.gob.do\/\/Public\/Tendering\/OpportunityDetail\/Index?noticeUID=DO1.NTC.1251012\" target=\"_blank\" title=\"Detalles\"><i class=\"fas fa-link\"><\/i> DETALLES<\/a><a class=\"btn btn-primary btn-lg px-lg-4 d-block d-md-none\" href=\"https:\/\/comunidad.comprasdominicana.gob.do\/\/Public\/Tendering\/OpportunityDetail\/Index?noticeUID=DO1.NTC.1251012\" target=\"_blank\" title=\"Detalles\"><i class=\"fas fa-2x fa-link\"><\/i><\/a><\/div><\/div><\/div><\/div><\/div><\/div>\n        <div class=\"card\">\n            <div class=\"card-header parents\" id=\"heading_compras-por-debajo-del-umbral-69f73f7454400-2023-69f73f7454400-mayo-69f73f7454400\">\n                <p class=\"title text-blue mb-0\">\n                    <a class=\"btn-block hover text-left collapsed\" data-toggle=\"collapse\" data-target=\"#collap_compras-por-debajo-del-umbral-69f73f7454400-2023-69f73f7454400-mayo-69f73f7454400\" aria-expanded=\"false\" aria-controls=\"collap_compras-por-debajo-del-umbral-69f73f7454400-2023-69f73f7454400-mayo-69f73f7454400\">Mayo<\/a>\n                <\/p>\n            <\/div>\n            <div id=\"collap_compras-por-debajo-del-umbral-69f73f7454400-2023-69f73f7454400-mayo-69f73f7454400\" class=\"collapse\" aria-labelledby=\"heading_compras-por-debajo-del-umbral-69f73f7454400-2023-69f73f7454400-mayo-69f73f7454400\" data-parent=\"#collap_compras-por-debajo-del-umbral-69f73f7454400-2023-69f73f7454400\">\n                <div class=\"card-body\"><div class=\"jumbotron archivos\"><div class=\"row align-items-center\"><div class=\"col\"><h6><a class=\"text-dark\" href=\"https:\/\/comunidad.comprasdominicana.gob.do\/\/Public\/Tendering\/OpportunityDetail\/Index?noticeUID=DO1.NTC.1248115\" title=\"Ver\" target=\"_blank\">INESPRE-UC-CD-2023-0075<\/a><\/h6><p class=\"mb-0 bold\">Servicio de Picadera<\/p><p class=\"mb-0\" style=\"font-size: .85rem\"><strong title=\"Estado del Proceso\"><i class=\"fas fa-spinner\"><\/i><\/strong> Proceso adjudicado y celebrado<\/p><p class=\"mb-0\" style=\"font-size: .85rem\"><strong title=\"Fecha de Publicaci\u00f3n\"><i class=\"fas fa-calendar-alt\"><\/i><\/strong> Publicado el martes, 30 de mayo de 2023<\/p><\/div><div class=\"col-auto mt-md-0 mt-2\"><a class=\"btn btn-primary btn-lg px-lg-4 d-none d-md-block\" href=\"https:\/\/comunidad.comprasdominicana.gob.do\/\/Public\/Tendering\/OpportunityDetail\/Index?noticeUID=DO1.NTC.1248115\" target=\"_blank\" title=\"Detalles\"><i class=\"fas fa-link\"><\/i> DETALLES<\/a><a class=\"btn btn-primary btn-lg px-lg-4 d-block d-md-none\" href=\"https:\/\/comunidad.comprasdominicana.gob.do\/\/Public\/Tendering\/OpportunityDetail\/Index?noticeUID=DO1.NTC.1248115\" target=\"_blank\" title=\"Detalles\"><i class=\"fas fa-2x fa-link\"><\/i><\/a><\/div><\/div><\/div><div class=\"jumbotron archivos\"><div class=\"row align-items-center\"><div class=\"col\"><h6><a class=\"text-dark\" href=\"https:\/\/comunidad.comprasdominicana.gob.do\/\/Public\/Tendering\/OpportunityDetail\/Index?noticeUID=DO1.NTC.1242706\" title=\"Ver\" target=\"_blank\">INESPRE-UC-CD-2023-0074<\/a><\/h6><p class=\"mb-0 bold\">Servicio de Catering para la Feria Agropecuaria \u00a8 INESPRE ESTA DE MADRE\u00a8 en la Feria Ganadera<\/p><p class=\"mb-0\" style=\"font-size: .85rem\"><strong title=\"Estado del Proceso\"><i class=\"fas fa-spinner\"><\/i><\/strong> Proceso adjudicado y celebrado<\/p><p class=\"mb-0\" style=\"font-size: .85rem\"><strong title=\"Fecha de Publicaci\u00f3n\"><i class=\"fas fa-calendar-alt\"><\/i><\/strong> Publicado el lunes, 22 de mayo de 2023<\/p><\/div><div class=\"col-auto mt-md-0 mt-2\"><a class=\"btn btn-primary btn-lg px-lg-4 d-none d-md-block\" href=\"https:\/\/comunidad.comprasdominicana.gob.do\/\/Public\/Tendering\/OpportunityDetail\/Index?noticeUID=DO1.NTC.1242706\" target=\"_blank\" title=\"Detalles\"><i class=\"fas fa-link\"><\/i> DETALLES<\/a><a class=\"btn btn-primary btn-lg px-lg-4 d-block d-md-none\" href=\"https:\/\/comunidad.comprasdominicana.gob.do\/\/Public\/Tendering\/OpportunityDetail\/Index?noticeUID=DO1.NTC.1242706\" target=\"_blank\" title=\"Detalles\"><i class=\"fas fa-2x fa-link\"><\/i><\/a><\/div><\/div><\/div><div class=\"jumbotron archivos\"><div class=\"row align-items-center\"><div class=\"col\"><h6><a class=\"text-dark\" href=\"https:\/\/comunidad.comprasdominicana.gob.do\/\/Public\/Tendering\/OpportunityDetail\/Index?noticeUID=DO1.NTC.1238423\" title=\"Ver\" target=\"_blank\">INESPRE-UC-CD-2023-0072<\/a><\/h6><p class=\"mb-0 bold\">Adquisici\u00f3n de Regalos para el Dia de  las Madres <\/p><p class=\"mb-0\" style=\"font-size: .85rem\"><strong title=\"Estado del Proceso\"><i class=\"fas fa-spinner\"><\/i><\/strong> Proceso adjudicado y celebrado<\/p><p class=\"mb-0\" style=\"font-size: .85rem\"><strong title=\"Fecha de Publicaci\u00f3n\"><i class=\"fas fa-calendar-alt\"><\/i><\/strong> Publicado el jueves, 11 de mayo de 2023<\/p><\/div><div class=\"col-auto mt-md-0 mt-2\"><a class=\"btn btn-primary btn-lg px-lg-4 d-none d-md-block\" href=\"https:\/\/comunidad.comprasdominicana.gob.do\/\/Public\/Tendering\/OpportunityDetail\/Index?noticeUID=DO1.NTC.1238423\" target=\"_blank\" title=\"Detalles\"><i class=\"fas fa-link\"><\/i> DETALLES<\/a><a class=\"btn btn-primary btn-lg px-lg-4 d-block d-md-none\" href=\"https:\/\/comunidad.comprasdominicana.gob.do\/\/Public\/Tendering\/OpportunityDetail\/Index?noticeUID=DO1.NTC.1238423\" target=\"_blank\" title=\"Detalles\"><i class=\"fas fa-2x fa-link\"><\/i><\/a><\/div><\/div><\/div><div class=\"jumbotron archivos\"><div class=\"row align-items-center\"><div class=\"col\"><h6><a class=\"text-dark\" href=\"https:\/\/comunidad.comprasdominicana.gob.do\/\/Public\/Tendering\/OpportunityDetail\/Index?noticeUID=DO1.NTC.1238023\" title=\"Ver\" target=\"_blank\">INESPRE-UC-CD-2023-0073<\/a><\/h6><p class=\"mb-0 bold\">Suministro e Instalaci\u00f3n de Puerta flotante y marcos de ventana<\/p><p class=\"mb-0\" style=\"font-size: .85rem\"><strong title=\"Estado del Proceso\"><i class=\"fas fa-spinner\"><\/i><\/strong> Proceso adjudicado y celebrado<\/p><p class=\"mb-0\" style=\"font-size: .85rem\"><strong title=\"Fecha de Publicaci\u00f3n\"><i class=\"fas fa-calendar-alt\"><\/i><\/strong> Publicado el mi\u00e9rcoles, 10 de mayo de 2023<\/p><\/div><div class=\"col-auto mt-md-0 mt-2\"><a class=\"btn btn-primary btn-lg px-lg-4 d-none d-md-block\" href=\"https:\/\/comunidad.comprasdominicana.gob.do\/\/Public\/Tendering\/OpportunityDetail\/Index?noticeUID=DO1.NTC.1238023\" target=\"_blank\" title=\"Detalles\"><i class=\"fas fa-link\"><\/i> DETALLES<\/a><a class=\"btn btn-primary btn-lg px-lg-4 d-block d-md-none\" href=\"https:\/\/comunidad.comprasdominicana.gob.do\/\/Public\/Tendering\/OpportunityDetail\/Index?noticeUID=DO1.NTC.1238023\" target=\"_blank\" title=\"Detalles\"><i class=\"fas fa-2x fa-link\"><\/i><\/a><\/div><\/div><\/div><div class=\"jumbotron archivos\"><div class=\"row align-items-center\"><div class=\"col\"><h6><a class=\"text-dark\" href=\"https:\/\/comunidad.comprasdominicana.gob.do\/\/Public\/Tendering\/OpportunityDetail\/Index?noticeUID=DO1.NTC.1236128\" title=\"Ver\" target=\"_blank\">INESPRE-UC-CD-2023-0071<\/a><\/h6><p class=\"mb-0 bold\">Servicio de Publicidad Institucional en un Peri\u00f3dico de circulaci\u00f3n Nacional<\/p><p class=\"mb-0\" style=\"font-size: .85rem\"><strong title=\"Estado del Proceso\"><i class=\"fas fa-spinner\"><\/i><\/strong> Proceso adjudicado y celebrado<\/p><p class=\"mb-0\" style=\"font-size: .85rem\"><strong title=\"Fecha de Publicaci\u00f3n\"><i class=\"fas fa-calendar-alt\"><\/i><\/strong> Publicado el viernes, 5 de mayo de 2023<\/p><\/div><div class=\"col-auto mt-md-0 mt-2\"><a class=\"btn btn-primary btn-lg px-lg-4 d-none d-md-block\" href=\"https:\/\/comunidad.comprasdominicana.gob.do\/\/Public\/Tendering\/OpportunityDetail\/Index?noticeUID=DO1.NTC.1236128\" target=\"_blank\" title=\"Detalles\"><i class=\"fas fa-link\"><\/i> DETALLES<\/a><a class=\"btn btn-primary btn-lg px-lg-4 d-block d-md-none\" href=\"https:\/\/comunidad.comprasdominicana.gob.do\/\/Public\/Tendering\/OpportunityDetail\/Index?noticeUID=DO1.NTC.1236128\" target=\"_blank\" title=\"Detalles\"><i class=\"fas fa-2x fa-link\"><\/i><\/a><\/div><\/div><\/div><div class=\"jumbotron archivos\"><div class=\"row align-items-center\"><div class=\"col\"><h6><a class=\"text-dark\" href=\"https:\/\/comunidad.comprasdominicana.gob.do\/\/Public\/Tendering\/OpportunityDetail\/Index?noticeUID=DO1.NTC.1236213\" title=\"Ver\" target=\"_blank\">INESPRE-UC-CD-2023-0068<\/a><\/h6><p class=\"mb-0 bold\">Adquisici\u00f3n de Hielo y Agua embotellada para las Ferias INESPRE ESTA DE MADRE 2023<\/p><p class=\"mb-0\" style=\"font-size: .85rem\"><strong title=\"Estado del Proceso\"><i class=\"fas fa-spinner\"><\/i><\/strong> Proceso adjudicado y celebrado<\/p><p class=\"mb-0\" style=\"font-size: .85rem\"><strong title=\"Fecha de Publicaci\u00f3n\"><i class=\"fas fa-calendar-alt\"><\/i><\/strong> Publicado el viernes, 5 de mayo de 2023<\/p><\/div><div class=\"col-auto mt-md-0 mt-2\"><a class=\"btn btn-primary btn-lg px-lg-4 d-none d-md-block\" href=\"https:\/\/comunidad.comprasdominicana.gob.do\/\/Public\/Tendering\/OpportunityDetail\/Index?noticeUID=DO1.NTC.1236213\" target=\"_blank\" title=\"Detalles\"><i class=\"fas fa-link\"><\/i> DETALLES<\/a><a class=\"btn btn-primary btn-lg px-lg-4 d-block d-md-none\" href=\"https:\/\/comunidad.comprasdominicana.gob.do\/\/Public\/Tendering\/OpportunityDetail\/Index?noticeUID=DO1.NTC.1236213\" target=\"_blank\" title=\"Detalles\"><i class=\"fas fa-2x fa-link\"><\/i><\/a><\/div><\/div><\/div><div class=\"jumbotron archivos\"><div class=\"row align-items-center\"><div class=\"col\"><h6><a class=\"text-dark\" href=\"https:\/\/comunidad.comprasdominicana.gob.do\/\/Public\/Tendering\/OpportunityDetail\/Index?noticeUID=DO1.NTC.1235645\" title=\"Ver\" target=\"_blank\">INESPRE-UC-CD-2023-0066<\/a><\/h6><p class=\"mb-0 bold\">Servicio de Dise\u00f1o de Banners para la feria INESPRE ESTA DE MADRE 2023<\/p><p class=\"mb-0\" style=\"font-size: .85rem\"><strong title=\"Estado del Proceso\"><i class=\"fas fa-spinner\"><\/i><\/strong> Proceso adjudicado y celebrado<\/p><p class=\"mb-0\" style=\"font-size: .85rem\"><strong title=\"Fecha de Publicaci\u00f3n\"><i class=\"fas fa-calendar-alt\"><\/i><\/strong> Publicado el jueves, 4 de mayo de 2023<\/p><\/div><div class=\"col-auto mt-md-0 mt-2\"><a class=\"btn btn-primary btn-lg px-lg-4 d-none d-md-block\" href=\"https:\/\/comunidad.comprasdominicana.gob.do\/\/Public\/Tendering\/OpportunityDetail\/Index?noticeUID=DO1.NTC.1235645\" target=\"_blank\" title=\"Detalles\"><i class=\"fas fa-link\"><\/i> DETALLES<\/a><a class=\"btn btn-primary btn-lg px-lg-4 d-block d-md-none\" href=\"https:\/\/comunidad.comprasdominicana.gob.do\/\/Public\/Tendering\/OpportunityDetail\/Index?noticeUID=DO1.NTC.1235645\" target=\"_blank\" title=\"Detalles\"><i class=\"fas fa-2x fa-link\"><\/i><\/a><\/div><\/div><\/div><div class=\"jumbotron archivos\"><div class=\"row align-items-center\"><div class=\"col\"><h6><a class=\"text-dark\" href=\"https:\/\/comunidad.comprasdominicana.gob.do\/\/Public\/Tendering\/OpportunityDetail\/Index?noticeUID=DO1.NTC.1235608\" title=\"Ver\" target=\"_blank\">INESPRE-UC-CD-2023-0070<\/a><\/h6><p class=\"mb-0 bold\">Servicio de Coffee Break y Almuerzo para la jornada de Reforestaci\u00f3n<\/p><p class=\"mb-0\" style=\"font-size: .85rem\"><strong title=\"Estado del Proceso\"><i class=\"fas fa-spinner\"><\/i><\/strong> Proceso adjudicado y celebrado<\/p><p class=\"mb-0\" style=\"font-size: .85rem\"><strong title=\"Fecha de Publicaci\u00f3n\"><i class=\"fas fa-calendar-alt\"><\/i><\/strong> Publicado el jueves, 4 de mayo de 2023<\/p><\/div><div class=\"col-auto mt-md-0 mt-2\"><a class=\"btn btn-primary btn-lg px-lg-4 d-none d-md-block\" href=\"https:\/\/comunidad.comprasdominicana.gob.do\/\/Public\/Tendering\/OpportunityDetail\/Index?noticeUID=DO1.NTC.1235608\" target=\"_blank\" title=\"Detalles\"><i class=\"fas fa-link\"><\/i> DETALLES<\/a><a class=\"btn btn-primary btn-lg px-lg-4 d-block d-md-none\" href=\"https:\/\/comunidad.comprasdominicana.gob.do\/\/Public\/Tendering\/OpportunityDetail\/Index?noticeUID=DO1.NTC.1235608\" target=\"_blank\" title=\"Detalles\"><i class=\"fas fa-2x fa-link\"><\/i><\/a><\/div><\/div><\/div><div class=\"jumbotron archivos\"><div class=\"row align-items-center\"><div class=\"col\"><h6><a class=\"text-dark\" href=\"https:\/\/comunidad.comprasdominicana.gob.do\/\/Public\/Tendering\/OpportunityDetail\/Index?noticeUID=DO1.NTC.1235138\" title=\"Ver\" target=\"_blank\">INESPRE-UC-CD-2023-0069<\/a><\/h6><p class=\"mb-0 bold\">Servicio de Publicaci\u00f3n en Dos (02) Peri\u00f3dicos de circulaci\u00f3n Nacional para el Proceso de Licitaci\u00f3n Publica Nacional de referencia: INESPRE-CCC-LPN-2023-0001<\/p><p class=\"mb-0\" style=\"font-size: .85rem\"><strong title=\"Estado del Proceso\"><i class=\"fas fa-spinner\"><\/i><\/strong> Proceso adjudicado y celebrado<\/p><p class=\"mb-0\" style=\"font-size: .85rem\"><strong title=\"Fecha de Publicaci\u00f3n\"><i class=\"fas fa-calendar-alt\"><\/i><\/strong> Publicado el mi\u00e9rcoles, 3 de mayo de 2023<\/p><\/div><div class=\"col-auto mt-md-0 mt-2\"><a class=\"btn btn-primary btn-lg px-lg-4 d-none d-md-block\" href=\"https:\/\/comunidad.comprasdominicana.gob.do\/\/Public\/Tendering\/OpportunityDetail\/Index?noticeUID=DO1.NTC.1235138\" target=\"_blank\" title=\"Detalles\"><i class=\"fas fa-link\"><\/i> DETALLES<\/a><a class=\"btn btn-primary btn-lg px-lg-4 d-block d-md-none\" href=\"https:\/\/comunidad.comprasdominicana.gob.do\/\/Public\/Tendering\/OpportunityDetail\/Index?noticeUID=DO1.NTC.1235138\" target=\"_blank\" title=\"Detalles\"><i class=\"fas fa-2x fa-link\"><\/i><\/a><\/div><\/div><\/div><div class=\"jumbotron archivos\"><div class=\"row align-items-center\"><div class=\"col\"><h6><a class=\"text-dark\" href=\"https:\/\/comunidad.comprasdominicana.gob.do\/\/Public\/Tendering\/OpportunityDetail\/Index?noticeUID=DO1.NTC.1234917\" title=\"Ver\" target=\"_blank\">INESPRE-UC-CD-2023-0067<\/a><\/h6><p class=\"mb-0 bold\">Adquisici\u00f3n de Hielo y Agua embotellada para las Ferias INESPRE ESTA DE MADRE 2023<\/p><p class=\"mb-0\" style=\"font-size: .85rem\"><strong title=\"Estado del Proceso\"><i class=\"fas fa-spinner\"><\/i><\/strong> Cancelado<\/p><p class=\"mb-0\" style=\"font-size: .85rem\"><strong title=\"Fecha de Publicaci\u00f3n\"><i class=\"fas fa-calendar-alt\"><\/i><\/strong> Publicado el mi\u00e9rcoles, 3 de mayo de 2023<\/p><\/div><div class=\"col-auto mt-md-0 mt-2\"><a class=\"btn btn-primary btn-lg px-lg-4 d-none d-md-block\" href=\"https:\/\/comunidad.comprasdominicana.gob.do\/\/Public\/Tendering\/OpportunityDetail\/Index?noticeUID=DO1.NTC.1234917\" target=\"_blank\" title=\"Detalles\"><i class=\"fas fa-link\"><\/i> DETALLES<\/a><a class=\"btn btn-primary btn-lg px-lg-4 d-block d-md-none\" href=\"https:\/\/comunidad.comprasdominicana.gob.do\/\/Public\/Tendering\/OpportunityDetail\/Index?noticeUID=DO1.NTC.1234917\" target=\"_blank\" title=\"Detalles\"><i class=\"fas fa-2x fa-link\"><\/i><\/a><\/div><\/div><\/div><\/div><\/div><\/div>\n        <div class=\"card\">\n            <div class=\"card-header parents\" id=\"heading_compras-por-debajo-del-umbral-69f73f7454400-2023-69f73f7454400-abril-69f73f7454400\">\n                <p class=\"title text-blue mb-0\">\n                    <a class=\"btn-block hover text-left collapsed\" data-toggle=\"collapse\" data-target=\"#collap_compras-por-debajo-del-umbral-69f73f7454400-2023-69f73f7454400-abril-69f73f7454400\" aria-expanded=\"false\" aria-controls=\"collap_compras-por-debajo-del-umbral-69f73f7454400-2023-69f73f7454400-abril-69f73f7454400\">Abril<\/a>\n                <\/p>\n            <\/div>\n            <div id=\"collap_compras-por-debajo-del-umbral-69f73f7454400-2023-69f73f7454400-abril-69f73f7454400\" class=\"collapse\" aria-labelledby=\"heading_compras-por-debajo-del-umbral-69f73f7454400-2023-69f73f7454400-abril-69f73f7454400\" data-parent=\"#collap_compras-por-debajo-del-umbral-69f73f7454400-2023-69f73f7454400\">\n                <div class=\"card-body\"><div class=\"jumbotron archivos\"><div class=\"row align-items-center\"><div class=\"col\"><h6><a class=\"text-dark\" href=\"https:\/\/comunidad.comprasdominicana.gob.do\/\/Public\/Tendering\/OpportunityDetail\/Index?noticeUID=DO1.NTC.1233534\" title=\"Ver\" target=\"_blank\">INESPRE-UC-CD-2023-0065<\/a><\/h6><p class=\"mb-0 bold\">Adquisici\u00f3n de Materiales varios para montaje de las Ferias INESPRE ESTA DE MADRE 2023<\/p><p class=\"mb-0\" style=\"font-size: .85rem\"><strong title=\"Estado del Proceso\"><i class=\"fas fa-spinner\"><\/i><\/strong> Proceso adjudicado y celebrado<\/p><p class=\"mb-0\" style=\"font-size: .85rem\"><strong title=\"Fecha de Publicaci\u00f3n\"><i class=\"fas fa-calendar-alt\"><\/i><\/strong> Publicado el viernes, 28 de abril de 2023<\/p><\/div><div class=\"col-auto mt-md-0 mt-2\"><a class=\"btn btn-primary btn-lg px-lg-4 d-none d-md-block\" href=\"https:\/\/comunidad.comprasdominicana.gob.do\/\/Public\/Tendering\/OpportunityDetail\/Index?noticeUID=DO1.NTC.1233534\" target=\"_blank\" title=\"Detalles\"><i class=\"fas fa-link\"><\/i> DETALLES<\/a><a class=\"btn btn-primary btn-lg px-lg-4 d-block d-md-none\" href=\"https:\/\/comunidad.comprasdominicana.gob.do\/\/Public\/Tendering\/OpportunityDetail\/Index?noticeUID=DO1.NTC.1233534\" target=\"_blank\" title=\"Detalles\"><i class=\"fas fa-2x fa-link\"><\/i><\/a><\/div><\/div><\/div><div class=\"jumbotron archivos\"><div class=\"row align-items-center\"><div class=\"col\"><h6><a class=\"text-dark\" href=\"https:\/\/comunidad.comprasdominicana.gob.do\/\/Public\/Tendering\/OpportunityDetail\/Index?noticeUID=DO1.NTC.1233013\" title=\"Ver\" target=\"_blank\">INESPRE-UC-CD-2023-0064<\/a><\/h6><p class=\"mb-0 bold\">Servicio de Alquiler de una (01) Mini Van de 12 pasajeros <\/p><p class=\"mb-0\" style=\"font-size: .85rem\"><strong title=\"Estado del Proceso\"><i class=\"fas fa-spinner\"><\/i><\/strong> Proceso adjudicado y celebrado<\/p><p class=\"mb-0\" style=\"font-size: .85rem\"><strong title=\"Fecha de Publicaci\u00f3n\"><i class=\"fas fa-calendar-alt\"><\/i><\/strong> Publicado el jueves, 27 de abril de 2023<\/p><\/div><div class=\"col-auto mt-md-0 mt-2\"><a class=\"btn btn-primary btn-lg px-lg-4 d-none d-md-block\" href=\"https:\/\/comunidad.comprasdominicana.gob.do\/\/Public\/Tendering\/OpportunityDetail\/Index?noticeUID=DO1.NTC.1233013\" target=\"_blank\" title=\"Detalles\"><i class=\"fas fa-link\"><\/i> DETALLES<\/a><a class=\"btn btn-primary btn-lg px-lg-4 d-block d-md-none\" href=\"https:\/\/comunidad.comprasdominicana.gob.do\/\/Public\/Tendering\/OpportunityDetail\/Index?noticeUID=DO1.NTC.1233013\" target=\"_blank\" title=\"Detalles\"><i class=\"fas fa-2x fa-link\"><\/i><\/a><\/div><\/div><\/div><div class=\"jumbotron archivos\"><div class=\"row align-items-center\"><div class=\"col\"><h6><a class=\"text-dark\" href=\"https:\/\/comunidad.comprasdominicana.gob.do\/\/Public\/Tendering\/OpportunityDetail\/Index?noticeUID=DO1.NTC.1232703\" title=\"Ver\" target=\"_blank\">INESPRE-UC-CD-2023-0062<\/a><\/h6><p class=\"mb-0 bold\">Adquisici\u00f3n de Reloj Multi-Biom\u00e9trico<\/p><p class=\"mb-0\" style=\"font-size: .85rem\"><strong title=\"Estado del Proceso\"><i class=\"fas fa-spinner\"><\/i><\/strong> Proceso adjudicado y celebrado<\/p><p class=\"mb-0\" style=\"font-size: .85rem\"><strong title=\"Fecha de Publicaci\u00f3n\"><i class=\"fas fa-calendar-alt\"><\/i><\/strong> Publicado el mi\u00e9rcoles, 26 de abril de 2023<\/p><\/div><div class=\"col-auto mt-md-0 mt-2\"><a class=\"btn btn-primary btn-lg px-lg-4 d-none d-md-block\" href=\"https:\/\/comunidad.comprasdominicana.gob.do\/\/Public\/Tendering\/OpportunityDetail\/Index?noticeUID=DO1.NTC.1232703\" target=\"_blank\" title=\"Detalles\"><i class=\"fas fa-link\"><\/i> DETALLES<\/a><a class=\"btn btn-primary btn-lg px-lg-4 d-block d-md-none\" href=\"https:\/\/comunidad.comprasdominicana.gob.do\/\/Public\/Tendering\/OpportunityDetail\/Index?noticeUID=DO1.NTC.1232703\" target=\"_blank\" title=\"Detalles\"><i class=\"fas fa-2x fa-link\"><\/i><\/a><\/div><\/div><\/div><div class=\"jumbotron archivos\"><div class=\"row align-items-center\"><div class=\"col\"><h6><a class=\"text-dark\" href=\"https:\/\/comunidad.comprasdominicana.gob.do\/\/Public\/Tendering\/OpportunityDetail\/Index?noticeUID=DO1.NTC.1231923\" title=\"Ver\" target=\"_blank\">INESPRE-UC-CD-2023-0063<\/a><\/h6><p class=\"mb-0 bold\">Adquisici\u00f3n de Guantes de Nitrilo<\/p><p class=\"mb-0\" style=\"font-size: .85rem\"><strong title=\"Estado del Proceso\"><i class=\"fas fa-spinner\"><\/i><\/strong> Proceso adjudicado y celebrado<\/p><p class=\"mb-0\" style=\"font-size: .85rem\"><strong title=\"Fecha de Publicaci\u00f3n\"><i class=\"fas fa-calendar-alt\"><\/i><\/strong> Publicado el martes, 25 de abril de 2023<\/p><\/div><div class=\"col-auto mt-md-0 mt-2\"><a class=\"btn btn-primary btn-lg px-lg-4 d-none d-md-block\" href=\"https:\/\/comunidad.comprasdominicana.gob.do\/\/Public\/Tendering\/OpportunityDetail\/Index?noticeUID=DO1.NTC.1231923\" target=\"_blank\" title=\"Detalles\"><i class=\"fas fa-link\"><\/i> DETALLES<\/a><a class=\"btn btn-primary btn-lg px-lg-4 d-block d-md-none\" href=\"https:\/\/comunidad.comprasdominicana.gob.do\/\/Public\/Tendering\/OpportunityDetail\/Index?noticeUID=DO1.NTC.1231923\" target=\"_blank\" title=\"Detalles\"><i class=\"fas fa-2x fa-link\"><\/i><\/a><\/div><\/div><\/div><div class=\"jumbotron archivos\"><div class=\"row align-items-center\"><div class=\"col\"><h6><a class=\"text-dark\" href=\"https:\/\/comunidad.comprasdominicana.gob.do\/\/Public\/Tendering\/OpportunityDetail\/Index?noticeUID=DO1.NTC.1231415\" title=\"Ver\" target=\"_blank\">INESPRE-UC-CD-2023-0060<\/a><\/h6><p class=\"mb-0 bold\">Adquisici\u00f3n de Scanner<\/p><p class=\"mb-0\" style=\"font-size: .85rem\"><strong title=\"Estado del Proceso\"><i class=\"fas fa-spinner\"><\/i><\/strong> Proceso adjudicado y celebrado<\/p><p class=\"mb-0\" style=\"font-size: .85rem\"><strong title=\"Fecha de Publicaci\u00f3n\"><i class=\"fas fa-calendar-alt\"><\/i><\/strong> Publicado el lunes, 24 de abril de 2023<\/p><\/div><div class=\"col-auto mt-md-0 mt-2\"><a class=\"btn btn-primary btn-lg px-lg-4 d-none d-md-block\" href=\"https:\/\/comunidad.comprasdominicana.gob.do\/\/Public\/Tendering\/OpportunityDetail\/Index?noticeUID=DO1.NTC.1231415\" target=\"_blank\" title=\"Detalles\"><i class=\"fas fa-link\"><\/i> DETALLES<\/a><a class=\"btn btn-primary btn-lg px-lg-4 d-block d-md-none\" href=\"https:\/\/comunidad.comprasdominicana.gob.do\/\/Public\/Tendering\/OpportunityDetail\/Index?noticeUID=DO1.NTC.1231415\" target=\"_blank\" title=\"Detalles\"><i class=\"fas fa-2x fa-link\"><\/i><\/a><\/div><\/div><\/div><div class=\"jumbotron archivos\"><div class=\"row align-items-center\"><div class=\"col\"><h6><a class=\"text-dark\" href=\"https:\/\/comunidad.comprasdominicana.gob.do\/\/Public\/Tendering\/OpportunityDetail\/Index?noticeUID=DO1.NTC.1231413\" title=\"Ver\" target=\"_blank\">INESPRE-UC-CD-2023-0061<\/a><\/h6><p class=\"mb-0 bold\">Servicio de Internet en Fibra \u00d3ptica<\/p><p class=\"mb-0\" style=\"font-size: .85rem\"><strong title=\"Estado del Proceso\"><i class=\"fas fa-spinner\"><\/i><\/strong> Proceso adjudicado y celebrado<\/p><p class=\"mb-0\" style=\"font-size: .85rem\"><strong title=\"Fecha de Publicaci\u00f3n\"><i class=\"fas fa-calendar-alt\"><\/i><\/strong> Publicado el lunes, 24 de abril de 2023<\/p><\/div><div class=\"col-auto mt-md-0 mt-2\"><a class=\"btn btn-primary btn-lg px-lg-4 d-none d-md-block\" href=\"https:\/\/comunidad.comprasdominicana.gob.do\/\/Public\/Tendering\/OpportunityDetail\/Index?noticeUID=DO1.NTC.1231413\" target=\"_blank\" title=\"Detalles\"><i class=\"fas fa-link\"><\/i> DETALLES<\/a><a class=\"btn btn-primary btn-lg px-lg-4 d-block d-md-none\" href=\"https:\/\/comunidad.comprasdominicana.gob.do\/\/Public\/Tendering\/OpportunityDetail\/Index?noticeUID=DO1.NTC.1231413\" target=\"_blank\" title=\"Detalles\"><i class=\"fas fa-2x fa-link\"><\/i><\/a><\/div><\/div><\/div><div class=\"jumbotron archivos\"><div class=\"row align-items-center\"><div class=\"col\"><h6><a class=\"text-dark\" href=\"https:\/\/comunidad.comprasdominicana.gob.do\/\/Public\/Tendering\/OpportunityDetail\/Index?noticeUID=DO1.NTC.1231409\" title=\"Ver\" target=\"_blank\">INESPRE-UC-CD-2023-0059<\/a><\/h6><p class=\"mb-0 bold\">Adquisici\u00f3n de Materiales para Mantenimiento al Radiador del Generador El\u00e9ctrico<\/p><p class=\"mb-0\" style=\"font-size: .85rem\"><strong title=\"Estado del Proceso\"><i class=\"fas fa-spinner\"><\/i><\/strong> Proceso adjudicado y celebrado<\/p><p class=\"mb-0\" style=\"font-size: .85rem\"><strong title=\"Fecha de Publicaci\u00f3n\"><i class=\"fas fa-calendar-alt\"><\/i><\/strong> Publicado el lunes, 24 de abril de 2023<\/p><\/div><div class=\"col-auto mt-md-0 mt-2\"><a class=\"btn btn-primary btn-lg px-lg-4 d-none d-md-block\" href=\"https:\/\/comunidad.comprasdominicana.gob.do\/\/Public\/Tendering\/OpportunityDetail\/Index?noticeUID=DO1.NTC.1231409\" target=\"_blank\" title=\"Detalles\"><i class=\"fas fa-link\"><\/i> DETALLES<\/a><a class=\"btn btn-primary btn-lg px-lg-4 d-block d-md-none\" href=\"https:\/\/comunidad.comprasdominicana.gob.do\/\/Public\/Tendering\/OpportunityDetail\/Index?noticeUID=DO1.NTC.1231409\" target=\"_blank\" title=\"Detalles\"><i class=\"fas fa-2x fa-link\"><\/i><\/a><\/div><\/div><\/div><div class=\"jumbotron archivos\"><div class=\"row align-items-center\"><div class=\"col\"><h6><a class=\"text-dark\" href=\"https:\/\/comunidad.comprasdominicana.gob.do\/\/Public\/Tendering\/OpportunityDetail\/Index?noticeUID=DO1.NTC.1231610\" title=\"Ver\" target=\"_blank\">INESPRE-UC-CD-2023-0058<\/a><\/h6><p class=\"mb-0 bold\">Adquisici\u00f3n de Cortinas tipo zebra de tela<\/p><p class=\"mb-0\" style=\"font-size: .85rem\"><strong title=\"Estado del Proceso\"><i class=\"fas fa-spinner\"><\/i><\/strong> Proceso adjudicado y celebrado<\/p><p class=\"mb-0\" style=\"font-size: .85rem\"><strong title=\"Fecha de Publicaci\u00f3n\"><i class=\"fas fa-calendar-alt\"><\/i><\/strong> Publicado el lunes, 24 de abril de 2023<\/p><\/div><div class=\"col-auto mt-md-0 mt-2\"><a class=\"btn btn-primary btn-lg px-lg-4 d-none d-md-block\" href=\"https:\/\/comunidad.comprasdominicana.gob.do\/\/Public\/Tendering\/OpportunityDetail\/Index?noticeUID=DO1.NTC.1231610\" target=\"_blank\" title=\"Detalles\"><i class=\"fas fa-link\"><\/i> DETALLES<\/a><a class=\"btn btn-primary btn-lg px-lg-4 d-block d-md-none\" href=\"https:\/\/comunidad.comprasdominicana.gob.do\/\/Public\/Tendering\/OpportunityDetail\/Index?noticeUID=DO1.NTC.1231610\" target=\"_blank\" title=\"Detalles\"><i class=\"fas fa-2x fa-link\"><\/i><\/a><\/div><\/div><\/div><div class=\"jumbotron archivos\"><div class=\"row align-items-center\"><div class=\"col\"><h6><a class=\"text-dark\" href=\"https:\/\/comunidad.comprasdominicana.gob.do\/\/Public\/Tendering\/OpportunityDetail\/Index?noticeUID=DO1.NTC.1231009\" title=\"Ver\" target=\"_blank\">INESPRE-UC-CD-2023-0055<\/a><\/h6><p class=\"mb-0 bold\">Contrataci\u00f3n de Publicitaria para actividades en la Feria Agropecuaria<\/p><p class=\"mb-0\" style=\"font-size: .85rem\"><strong title=\"Estado del Proceso\"><i class=\"fas fa-spinner\"><\/i><\/strong> Proceso adjudicado y celebrado<\/p><p class=\"mb-0\" style=\"font-size: .85rem\"><strong title=\"Fecha de Publicaci\u00f3n\"><i class=\"fas fa-calendar-alt\"><\/i><\/strong> Publicado el viernes, 21 de abril de 2023<\/p><\/div><div class=\"col-auto mt-md-0 mt-2\"><a class=\"btn btn-primary btn-lg px-lg-4 d-none d-md-block\" href=\"https:\/\/comunidad.comprasdominicana.gob.do\/\/Public\/Tendering\/OpportunityDetail\/Index?noticeUID=DO1.NTC.1231009\" target=\"_blank\" title=\"Detalles\"><i class=\"fas fa-link\"><\/i> DETALLES<\/a><a class=\"btn btn-primary btn-lg px-lg-4 d-block d-md-none\" href=\"https:\/\/comunidad.comprasdominicana.gob.do\/\/Public\/Tendering\/OpportunityDetail\/Index?noticeUID=DO1.NTC.1231009\" target=\"_blank\" title=\"Detalles\"><i class=\"fas fa-2x fa-link\"><\/i><\/a><\/div><\/div><\/div><div class=\"jumbotron archivos\"><div class=\"row align-items-center\"><div class=\"col\"><h6><a class=\"text-dark\" href=\"https:\/\/comunidad.comprasdominicana.gob.do\/\/Public\/Tendering\/OpportunityDetail\/Index?noticeUID=DO1.NTC.1229937\" title=\"Ver\" target=\"_blank\">INESPRE-UC-CD-2023-0056<\/a><\/h6><p class=\"mb-0 bold\">Adquisici\u00f3n de Paragua transparentes con logos<\/p><p class=\"mb-0\" style=\"font-size: .85rem\"><strong title=\"Estado del Proceso\"><i class=\"fas fa-spinner\"><\/i><\/strong> Proceso adjudicado y celebrado<\/p><p class=\"mb-0\" style=\"font-size: .85rem\"><strong title=\"Fecha de Publicaci\u00f3n\"><i class=\"fas fa-calendar-alt\"><\/i><\/strong> Publicado el jueves, 20 de abril de 2023<\/p><\/div><div class=\"col-auto mt-md-0 mt-2\"><a class=\"btn btn-primary btn-lg px-lg-4 d-none d-md-block\" href=\"https:\/\/comunidad.comprasdominicana.gob.do\/\/Public\/Tendering\/OpportunityDetail\/Index?noticeUID=DO1.NTC.1229937\" target=\"_blank\" title=\"Detalles\"><i class=\"fas fa-link\"><\/i> DETALLES<\/a><a class=\"btn btn-primary btn-lg px-lg-4 d-block d-md-none\" href=\"https:\/\/comunidad.comprasdominicana.gob.do\/\/Public\/Tendering\/OpportunityDetail\/Index?noticeUID=DO1.NTC.1229937\" target=\"_blank\" title=\"Detalles\"><i class=\"fas fa-2x fa-link\"><\/i><\/a><\/div><\/div><\/div><div class=\"jumbotron archivos\"><div class=\"row align-items-center\"><div class=\"col\"><h6><a class=\"text-dark\" href=\"https:\/\/comunidad.comprasdominicana.gob.do\/\/Public\/Tendering\/OpportunityDetail\/Index?noticeUID=DO1.NTC.1229147\" title=\"Ver\" target=\"_blank\">INESPRE-UC-CD-2023-0057<\/a><\/h6><p class=\"mb-0 bold\">Servicio de Publicidad en Dos (02) Peri\u00f3dicos de circulaci\u00f3n Nacional para el procedimiento de Urgencia de referencia: INESPRE-MAE-PEUR-2023-0001<\/p><p class=\"mb-0\" style=\"font-size: .85rem\"><strong title=\"Estado del Proceso\"><i class=\"fas fa-spinner\"><\/i><\/strong> Proceso adjudicado y celebrado<\/p><p class=\"mb-0\" style=\"font-size: .85rem\"><strong title=\"Fecha de Publicaci\u00f3n\"><i class=\"fas fa-calendar-alt\"><\/i><\/strong> Publicado el martes, 18 de abril de 2023<\/p><\/div><div class=\"col-auto mt-md-0 mt-2\"><a class=\"btn btn-primary btn-lg px-lg-4 d-none d-md-block\" href=\"https:\/\/comunidad.comprasdominicana.gob.do\/\/Public\/Tendering\/OpportunityDetail\/Index?noticeUID=DO1.NTC.1229147\" target=\"_blank\" title=\"Detalles\"><i class=\"fas fa-link\"><\/i> DETALLES<\/a><a class=\"btn btn-primary btn-lg px-lg-4 d-block d-md-none\" href=\"https:\/\/comunidad.comprasdominicana.gob.do\/\/Public\/Tendering\/OpportunityDetail\/Index?noticeUID=DO1.NTC.1229147\" target=\"_blank\" title=\"Detalles\"><i class=\"fas fa-2x fa-link\"><\/i><\/a><\/div><\/div><\/div><div class=\"jumbotron archivos\"><div class=\"row align-items-center\"><div class=\"col\"><h6><a class=\"text-dark\" href=\"https:\/\/comunidad.comprasdominicana.gob.do\/\/Public\/Tendering\/OpportunityDetail\/Index?noticeUID=DO1.NTC.1227408\" title=\"Ver\" target=\"_blank\">INESPRE-UC-CD-2023-0054<\/a><\/h6><p class=\"mb-0 bold\">Servicio de Publicidad Institucional en un Peri\u00f3dico circulaci\u00f3n Nacional <\/p><p class=\"mb-0\" style=\"font-size: .85rem\"><strong title=\"Estado del Proceso\"><i class=\"fas fa-spinner\"><\/i><\/strong> Proceso adjudicado y celebrado<\/p><p class=\"mb-0\" style=\"font-size: .85rem\"><strong title=\"Fecha de Publicaci\u00f3n\"><i class=\"fas fa-calendar-alt\"><\/i><\/strong> Publicado el jueves, 13 de abril de 2023<\/p><\/div><div class=\"col-auto mt-md-0 mt-2\"><a class=\"btn btn-primary btn-lg px-lg-4 d-none d-md-block\" href=\"https:\/\/comunidad.comprasdominicana.gob.do\/\/Public\/Tendering\/OpportunityDetail\/Index?noticeUID=DO1.NTC.1227408\" target=\"_blank\" title=\"Detalles\"><i class=\"fas fa-link\"><\/i> DETALLES<\/a><a class=\"btn btn-primary btn-lg px-lg-4 d-block d-md-none\" href=\"https:\/\/comunidad.comprasdominicana.gob.do\/\/Public\/Tendering\/OpportunityDetail\/Index?noticeUID=DO1.NTC.1227408\" target=\"_blank\" title=\"Detalles\"><i class=\"fas fa-2x fa-link\"><\/i><\/a><\/div><\/div><\/div><\/div><\/div><\/div>\n        <div class=\"card\">\n            <div class=\"card-header parents\" id=\"heading_compras-por-debajo-del-umbral-69f73f7454400-2023-69f73f7454400-marzo-69f73f7454400\">\n                <p class=\"title text-blue mb-0\">\n                    <a class=\"btn-block hover text-left collapsed\" data-toggle=\"collapse\" data-target=\"#collap_compras-por-debajo-del-umbral-69f73f7454400-2023-69f73f7454400-marzo-69f73f7454400\" aria-expanded=\"false\" aria-controls=\"collap_compras-por-debajo-del-umbral-69f73f7454400-2023-69f73f7454400-marzo-69f73f7454400\">Marzo<\/a>\n                <\/p>\n            <\/div>\n            <div id=\"collap_compras-por-debajo-del-umbral-69f73f7454400-2023-69f73f7454400-marzo-69f73f7454400\" class=\"collapse\" aria-labelledby=\"heading_compras-por-debajo-del-umbral-69f73f7454400-2023-69f73f7454400-marzo-69f73f7454400\" data-parent=\"#collap_compras-por-debajo-del-umbral-69f73f7454400-2023-69f73f7454400\">\n                <div class=\"card-body\"><div class=\"jumbotron archivos\"><div class=\"row align-items-center\"><div class=\"col\"><h6><a class=\"text-dark\" href=\"https:\/\/comunidad.comprasdominicana.gob.do\/\/Public\/Tendering\/OpportunityDetail\/Index?noticeUID=DO1.NTC.1220727\" title=\"Ver\" target=\"_blank\">INESPRE-UC-CD-2023-0053<\/a><\/h6><p class=\"mb-0 bold\">Adquisici\u00f3n de Lamparas y Productos el\u00e9ctricos. <\/p><p class=\"mb-0\" style=\"font-size: .85rem\"><strong title=\"Estado del Proceso\"><i class=\"fas fa-spinner\"><\/i><\/strong> Proceso adjudicado y celebrado<\/p><p class=\"mb-0\" style=\"font-size: .85rem\"><strong title=\"Fecha de Publicaci\u00f3n\"><i class=\"fas fa-calendar-alt\"><\/i><\/strong> Publicado el mi\u00e9rcoles, 29 de marzo de 2023<\/p><\/div><div class=\"col-auto mt-md-0 mt-2\"><a class=\"btn btn-primary btn-lg px-lg-4 d-none d-md-block\" href=\"https:\/\/comunidad.comprasdominicana.gob.do\/\/Public\/Tendering\/OpportunityDetail\/Index?noticeUID=DO1.NTC.1220727\" target=\"_blank\" title=\"Detalles\"><i class=\"fas fa-link\"><\/i> DETALLES<\/a><a class=\"btn btn-primary btn-lg px-lg-4 d-block d-md-none\" href=\"https:\/\/comunidad.comprasdominicana.gob.do\/\/Public\/Tendering\/OpportunityDetail\/Index?noticeUID=DO1.NTC.1220727\" target=\"_blank\" title=\"Detalles\"><i class=\"fas fa-2x fa-link\"><\/i><\/a><\/div><\/div><\/div><div class=\"jumbotron archivos\"><div class=\"row align-items-center\"><div class=\"col\"><h6><a class=\"text-dark\" href=\"https:\/\/comunidad.comprasdominicana.gob.do\/\/Public\/Tendering\/OpportunityDetail\/Index?noticeUID=DO1.NTC.1220912\" title=\"Ver\" target=\"_blank\">INESPRE-UC-CD-2023-0052<\/a><\/h6><p class=\"mb-0 bold\">Adquisici\u00f3n de Soldadura y Disco de corte<\/p><p class=\"mb-0\" style=\"font-size: .85rem\"><strong title=\"Estado del Proceso\"><i class=\"fas fa-spinner\"><\/i><\/strong> Proceso adjudicado y celebrado<\/p><p class=\"mb-0\" style=\"font-size: .85rem\"><strong title=\"Fecha de Publicaci\u00f3n\"><i class=\"fas fa-calendar-alt\"><\/i><\/strong> Publicado el mi\u00e9rcoles, 29 de marzo de 2023<\/p><\/div><div class=\"col-auto mt-md-0 mt-2\"><a class=\"btn btn-primary btn-lg px-lg-4 d-none d-md-block\" href=\"https:\/\/comunidad.comprasdominicana.gob.do\/\/Public\/Tendering\/OpportunityDetail\/Index?noticeUID=DO1.NTC.1220912\" target=\"_blank\" title=\"Detalles\"><i class=\"fas fa-link\"><\/i> DETALLES<\/a><a class=\"btn btn-primary btn-lg px-lg-4 d-block d-md-none\" href=\"https:\/\/comunidad.comprasdominicana.gob.do\/\/Public\/Tendering\/OpportunityDetail\/Index?noticeUID=DO1.NTC.1220912\" target=\"_blank\" title=\"Detalles\"><i class=\"fas fa-2x fa-link\"><\/i><\/a><\/div><\/div><\/div><div class=\"jumbotron archivos\"><div class=\"row align-items-center\"><div class=\"col\"><h6><a class=\"text-dark\" href=\"https:\/\/comunidad.comprasdominicana.gob.do\/\/Public\/Tendering\/OpportunityDetail\/Index?noticeUID=DO1.NTC.1220041\" title=\"Ver\" target=\"_blank\">INESPRE-UC-CD-2023-0051<\/a><\/h6><p class=\"mb-0 bold\">Adquisici\u00f3n de Grapas para cierre de malla<\/p><p class=\"mb-0\" style=\"font-size: .85rem\"><strong title=\"Estado del Proceso\"><i class=\"fas fa-spinner\"><\/i><\/strong> Proceso adjudicado y celebrado<\/p><p class=\"mb-0\" style=\"font-size: .85rem\"><strong title=\"Fecha de Publicaci\u00f3n\"><i class=\"fas fa-calendar-alt\"><\/i><\/strong> Publicado el martes, 28 de marzo de 2023<\/p><\/div><div class=\"col-auto mt-md-0 mt-2\"><a class=\"btn btn-primary btn-lg px-lg-4 d-none d-md-block\" href=\"https:\/\/comunidad.comprasdominicana.gob.do\/\/Public\/Tendering\/OpportunityDetail\/Index?noticeUID=DO1.NTC.1220041\" target=\"_blank\" title=\"Detalles\"><i class=\"fas fa-link\"><\/i> DETALLES<\/a><a class=\"btn btn-primary btn-lg px-lg-4 d-block d-md-none\" href=\"https:\/\/comunidad.comprasdominicana.gob.do\/\/Public\/Tendering\/OpportunityDetail\/Index?noticeUID=DO1.NTC.1220041\" target=\"_blank\" title=\"Detalles\"><i class=\"fas fa-2x fa-link\"><\/i><\/a><\/div><\/div><\/div><div class=\"jumbotron archivos\"><div class=\"row align-items-center\"><div class=\"col\"><h6><a class=\"text-dark\" href=\"https:\/\/comunidad.comprasdominicana.gob.do\/\/Public\/Tendering\/OpportunityDetail\/Index?noticeUID=DO1.NTC.1219918\" title=\"Ver\" target=\"_blank\">INESPRE-UC-CD-2023-0050<\/a><\/h6><p class=\"mb-0 bold\">Adquisici\u00f3n Balanzas digital<\/p><p class=\"mb-0\" style=\"font-size: .85rem\"><strong title=\"Estado del Proceso\"><i class=\"fas fa-spinner\"><\/i><\/strong> Proceso adjudicado y celebrado<\/p><p class=\"mb-0\" style=\"font-size: .85rem\"><strong title=\"Fecha de Publicaci\u00f3n\"><i class=\"fas fa-calendar-alt\"><\/i><\/strong> Publicado el martes, 28 de marzo de 2023<\/p><\/div><div class=\"col-auto mt-md-0 mt-2\"><a class=\"btn btn-primary btn-lg px-lg-4 d-none d-md-block\" href=\"https:\/\/comunidad.comprasdominicana.gob.do\/\/Public\/Tendering\/OpportunityDetail\/Index?noticeUID=DO1.NTC.1219918\" target=\"_blank\" title=\"Detalles\"><i class=\"fas fa-link\"><\/i> DETALLES<\/a><a class=\"btn btn-primary btn-lg px-lg-4 d-block d-md-none\" href=\"https:\/\/comunidad.comprasdominicana.gob.do\/\/Public\/Tendering\/OpportunityDetail\/Index?noticeUID=DO1.NTC.1219918\" target=\"_blank\" title=\"Detalles\"><i class=\"fas fa-2x fa-link\"><\/i><\/a><\/div><\/div><\/div><div class=\"jumbotron archivos\"><div class=\"row align-items-center\"><div class=\"col\"><h6><a class=\"text-dark\" href=\"https:\/\/comunidad.comprasdominicana.gob.do\/\/Public\/Tendering\/OpportunityDetail\/Index?noticeUID=DO1.NTC.1219624\" title=\"Ver\" target=\"_blank\">INESPRE-UC-CD-2023-0049<\/a><\/h6><p class=\"mb-0 bold\">Adquisici\u00f3n de L\u00e1pices detectores de billetes falso<\/p><p class=\"mb-0\" style=\"font-size: .85rem\"><strong title=\"Estado del Proceso\"><i class=\"fas fa-spinner\"><\/i><\/strong> Proceso adjudicado y celebrado<\/p><p class=\"mb-0\" style=\"font-size: .85rem\"><strong title=\"Fecha de Publicaci\u00f3n\"><i class=\"fas fa-calendar-alt\"><\/i><\/strong> Publicado el martes, 28 de marzo de 2023<\/p><\/div><div class=\"col-auto mt-md-0 mt-2\"><a class=\"btn btn-primary btn-lg px-lg-4 d-none d-md-block\" href=\"https:\/\/comunidad.comprasdominicana.gob.do\/\/Public\/Tendering\/OpportunityDetail\/Index?noticeUID=DO1.NTC.1219624\" target=\"_blank\" title=\"Detalles\"><i class=\"fas fa-link\"><\/i> DETALLES<\/a><a class=\"btn btn-primary btn-lg px-lg-4 d-block d-md-none\" href=\"https:\/\/comunidad.comprasdominicana.gob.do\/\/Public\/Tendering\/OpportunityDetail\/Index?noticeUID=DO1.NTC.1219624\" target=\"_blank\" title=\"Detalles\"><i class=\"fas fa-2x fa-link\"><\/i><\/a><\/div><\/div><\/div><div class=\"jumbotron archivos\"><div class=\"row align-items-center\"><div class=\"col\"><h6><a class=\"text-dark\" href=\"https:\/\/comunidad.comprasdominicana.gob.do\/\/Public\/Tendering\/OpportunityDetail\/Index?noticeUID=DO1.NTC.1216423\" title=\"Ver\" target=\"_blank\">INESPRE-UC-CD-2023-0047<\/a><\/h6><p class=\"mb-0 bold\">Adquisici\u00f3n de Materiales para Decoraci\u00f3n<\/p><p class=\"mb-0\" style=\"font-size: .85rem\"><strong title=\"Estado del Proceso\"><i class=\"fas fa-spinner\"><\/i><\/strong> Proceso adjudicado y celebrado<\/p><p class=\"mb-0\" style=\"font-size: .85rem\"><strong title=\"Fecha de Publicaci\u00f3n\"><i class=\"fas fa-calendar-alt\"><\/i><\/strong> Publicado el jueves, 23 de marzo de 2023<\/p><\/div><div class=\"col-auto mt-md-0 mt-2\"><a class=\"btn btn-primary btn-lg px-lg-4 d-none d-md-block\" href=\"https:\/\/comunidad.comprasdominicana.gob.do\/\/Public\/Tendering\/OpportunityDetail\/Index?noticeUID=DO1.NTC.1216423\" target=\"_blank\" title=\"Detalles\"><i class=\"fas fa-link\"><\/i> DETALLES<\/a><a class=\"btn btn-primary btn-lg px-lg-4 d-block d-md-none\" href=\"https:\/\/comunidad.comprasdominicana.gob.do\/\/Public\/Tendering\/OpportunityDetail\/Index?noticeUID=DO1.NTC.1216423\" target=\"_blank\" title=\"Detalles\"><i class=\"fas fa-2x fa-link\"><\/i><\/a><\/div><\/div><\/div><div class=\"jumbotron archivos\"><div class=\"row align-items-center\"><div class=\"col\"><h6><a class=\"text-dark\" href=\"https:\/\/comunidad.comprasdominicana.gob.do\/\/Public\/Tendering\/OpportunityDetail\/Index?noticeUID=DO1.NTC.1215839\" title=\"Ver\" target=\"_blank\">INESPRE-UC-CD-2023-0048<\/a><\/h6><p class=\"mb-0 bold\">Adquisici\u00f3n de Aire acondicionado y Compresor<\/p><p class=\"mb-0\" style=\"font-size: .85rem\"><strong title=\"Estado del Proceso\"><i class=\"fas fa-spinner\"><\/i><\/strong> Proceso adjudicado y celebrado<\/p><p class=\"mb-0\" style=\"font-size: .85rem\"><strong title=\"Fecha de Publicaci\u00f3n\"><i class=\"fas fa-calendar-alt\"><\/i><\/strong> Publicado el mi\u00e9rcoles, 22 de marzo de 2023<\/p><\/div><div class=\"col-auto mt-md-0 mt-2\"><a class=\"btn btn-primary btn-lg px-lg-4 d-none d-md-block\" href=\"https:\/\/comunidad.comprasdominicana.gob.do\/\/Public\/Tendering\/OpportunityDetail\/Index?noticeUID=DO1.NTC.1215839\" target=\"_blank\" title=\"Detalles\"><i class=\"fas fa-link\"><\/i> DETALLES<\/a><a class=\"btn btn-primary btn-lg px-lg-4 d-block d-md-none\" href=\"https:\/\/comunidad.comprasdominicana.gob.do\/\/Public\/Tendering\/OpportunityDetail\/Index?noticeUID=DO1.NTC.1215839\" target=\"_blank\" title=\"Detalles\"><i class=\"fas fa-2x fa-link\"><\/i><\/a><\/div><\/div><\/div><div class=\"jumbotron archivos\"><div class=\"row align-items-center\"><div class=\"col\"><h6><a class=\"text-dark\" href=\"https:\/\/comunidad.comprasdominicana.gob.do\/\/Public\/Tendering\/OpportunityDetail\/Index?noticeUID=DO1.NTC.1215628\" title=\"Ver\" target=\"_blank\">INESPRE-UC-CD-2023-0046<\/a><\/h6><p class=\"mb-0 bold\">Adquisici\u00f3n de L\u00e1pices detectores de billetes falso<\/p><p class=\"mb-0\" style=\"font-size: .85rem\"><strong title=\"Estado del Proceso\"><i class=\"fas fa-spinner\"><\/i><\/strong> Proceso desierto<\/p><p class=\"mb-0\" style=\"font-size: .85rem\"><strong title=\"Fecha de Publicaci\u00f3n\"><i class=\"fas fa-calendar-alt\"><\/i><\/strong> Publicado el mi\u00e9rcoles, 22 de marzo de 2023<\/p><\/div><div class=\"col-auto mt-md-0 mt-2\"><a class=\"btn btn-primary btn-lg px-lg-4 d-none d-md-block\" href=\"https:\/\/comunidad.comprasdominicana.gob.do\/\/Public\/Tendering\/OpportunityDetail\/Index?noticeUID=DO1.NTC.1215628\" target=\"_blank\" title=\"Detalles\"><i class=\"fas fa-link\"><\/i> DETALLES<\/a><a class=\"btn btn-primary btn-lg px-lg-4 d-block d-md-none\" href=\"https:\/\/comunidad.comprasdominicana.gob.do\/\/Public\/Tendering\/OpportunityDetail\/Index?noticeUID=DO1.NTC.1215628\" target=\"_blank\" title=\"Detalles\"><i class=\"fas fa-2x fa-link\"><\/i><\/a><\/div><\/div><\/div><div class=\"jumbotron archivos\"><div class=\"row align-items-center\"><div class=\"col\"><h6><a class=\"text-dark\" href=\"https:\/\/comunidad.comprasdominicana.gob.do\/\/Public\/Tendering\/OpportunityDetail\/Index?noticeUID=DO1.NTC.1215916\" title=\"Ver\" target=\"_blank\">INESPRE-UC-CD-2023-0042<\/a><\/h6><p class=\"mb-0 bold\">Alquiler de hojas de Plywood<\/p><p class=\"mb-0\" style=\"font-size: .85rem\"><strong title=\"Estado del Proceso\"><i class=\"fas fa-spinner\"><\/i><\/strong> Proceso adjudicado y celebrado<\/p><p class=\"mb-0\" style=\"font-size: .85rem\"><strong title=\"Fecha de Publicaci\u00f3n\"><i class=\"fas fa-calendar-alt\"><\/i><\/strong> Publicado el mi\u00e9rcoles, 22 de marzo de 2023<\/p><\/div><div class=\"col-auto mt-md-0 mt-2\"><a class=\"btn btn-primary btn-lg px-lg-4 d-none d-md-block\" href=\"https:\/\/comunidad.comprasdominicana.gob.do\/\/Public\/Tendering\/OpportunityDetail\/Index?noticeUID=DO1.NTC.1215916\" target=\"_blank\" title=\"Detalles\"><i class=\"fas fa-link\"><\/i> DETALLES<\/a><a class=\"btn btn-primary btn-lg px-lg-4 d-block d-md-none\" href=\"https:\/\/comunidad.comprasdominicana.gob.do\/\/Public\/Tendering\/OpportunityDetail\/Index?noticeUID=DO1.NTC.1215916\" target=\"_blank\" title=\"Detalles\"><i class=\"fas fa-2x fa-link\"><\/i><\/a><\/div><\/div><\/div><div class=\"jumbotron archivos\"><div class=\"row align-items-center\"><div class=\"col\"><h6><a class=\"text-dark\" href=\"https:\/\/comunidad.comprasdominicana.gob.do\/\/Public\/Tendering\/OpportunityDetail\/Index?noticeUID=DO1.NTC.1215710\" title=\"Ver\" target=\"_blank\">INESPRE-UC-CD-2023-0045<\/a><\/h6><p class=\"mb-0 bold\">Servicio de Publicidad Institucional en un Peri\u00f3dico circulaci\u00f3n Nacional<\/p><p class=\"mb-0\" style=\"font-size: .85rem\"><strong title=\"Estado del Proceso\"><i class=\"fas fa-spinner\"><\/i><\/strong> Proceso adjudicado y celebrado<\/p><p class=\"mb-0\" style=\"font-size: .85rem\"><strong title=\"Fecha de Publicaci\u00f3n\"><i class=\"fas fa-calendar-alt\"><\/i><\/strong> Publicado el mi\u00e9rcoles, 22 de marzo de 2023<\/p><\/div><div class=\"col-auto mt-md-0 mt-2\"><a class=\"btn btn-primary btn-lg px-lg-4 d-none d-md-block\" href=\"https:\/\/comunidad.comprasdominicana.gob.do\/\/Public\/Tendering\/OpportunityDetail\/Index?noticeUID=DO1.NTC.1215710\" target=\"_blank\" title=\"Detalles\"><i class=\"fas fa-link\"><\/i> DETALLES<\/a><a class=\"btn btn-primary btn-lg px-lg-4 d-block d-md-none\" href=\"https:\/\/comunidad.comprasdominicana.gob.do\/\/Public\/Tendering\/OpportunityDetail\/Index?noticeUID=DO1.NTC.1215710\" target=\"_blank\" title=\"Detalles\"><i class=\"fas fa-2x fa-link\"><\/i><\/a><\/div><\/div><\/div><div class=\"jumbotron archivos\"><div class=\"row align-items-center\"><div class=\"col\"><h6><a class=\"text-dark\" href=\"https:\/\/comunidad.comprasdominicana.gob.do\/\/Public\/Tendering\/OpportunityDetail\/Index?noticeUID=DO1.NTC.1215914\" title=\"Ver\" target=\"_blank\">INESPRE-UC-CD-2023-0044<\/a><\/h6><p class=\"mb-0 bold\">Servicio de alquiler de Convertidores de energ\u00eda en el MERCA, Santo Domingo<\/p><p class=\"mb-0\" style=\"font-size: .85rem\"><strong title=\"Estado del Proceso\"><i class=\"fas fa-spinner\"><\/i><\/strong> Proceso adjudicado y celebrado<\/p><p class=\"mb-0\" style=\"font-size: .85rem\"><strong title=\"Fecha de Publicaci\u00f3n\"><i class=\"fas fa-calendar-alt\"><\/i><\/strong> Publicado el mi\u00e9rcoles, 22 de marzo de 2023<\/p><\/div><div class=\"col-auto mt-md-0 mt-2\"><a class=\"btn btn-primary btn-lg px-lg-4 d-none d-md-block\" href=\"https:\/\/comunidad.comprasdominicana.gob.do\/\/Public\/Tendering\/OpportunityDetail\/Index?noticeUID=DO1.NTC.1215914\" target=\"_blank\" title=\"Detalles\"><i class=\"fas fa-link\"><\/i> DETALLES<\/a><a class=\"btn btn-primary btn-lg px-lg-4 d-block d-md-none\" href=\"https:\/\/comunidad.comprasdominicana.gob.do\/\/Public\/Tendering\/OpportunityDetail\/Index?noticeUID=DO1.NTC.1215914\" target=\"_blank\" title=\"Detalles\"><i class=\"fas fa-2x fa-link\"><\/i><\/a><\/div><\/div><\/div><div class=\"jumbotron archivos\"><div class=\"row align-items-center\"><div class=\"col\"><h6><a class=\"text-dark\" href=\"https:\/\/comunidad.comprasdominicana.gob.do\/\/Public\/Tendering\/OpportunityDetail\/Index?noticeUID=DO1.NTC.1215509\" title=\"Ver\" target=\"_blank\">INESPRE-UC-CD-2023-0043<\/a><\/h6><p class=\"mb-0 bold\">Adquisici\u00f3n de Hojas de Plywood<\/p><p class=\"mb-0\" style=\"font-size: .85rem\"><strong title=\"Estado del Proceso\"><i class=\"fas fa-spinner\"><\/i><\/strong> Proceso adjudicado y celebrado<\/p><p class=\"mb-0\" style=\"font-size: .85rem\"><strong title=\"Fecha de Publicaci\u00f3n\"><i class=\"fas fa-calendar-alt\"><\/i><\/strong> Publicado el mi\u00e9rcoles, 22 de marzo de 2023<\/p><\/div><div class=\"col-auto mt-md-0 mt-2\"><a class=\"btn btn-primary btn-lg px-lg-4 d-none d-md-block\" href=\"https:\/\/comunidad.comprasdominicana.gob.do\/\/Public\/Tendering\/OpportunityDetail\/Index?noticeUID=DO1.NTC.1215509\" target=\"_blank\" title=\"Detalles\"><i class=\"fas fa-link\"><\/i> DETALLES<\/a><a class=\"btn btn-primary btn-lg px-lg-4 d-block d-md-none\" href=\"https:\/\/comunidad.comprasdominicana.gob.do\/\/Public\/Tendering\/OpportunityDetail\/Index?noticeUID=DO1.NTC.1215509\" target=\"_blank\" title=\"Detalles\"><i class=\"fas fa-2x fa-link\"><\/i><\/a><\/div><\/div><\/div><div class=\"jumbotron archivos\"><div class=\"row align-items-center\"><div class=\"col\"><h6><a class=\"text-dark\" href=\"https:\/\/comunidad.comprasdominicana.gob.do\/\/Public\/Tendering\/OpportunityDetail\/Index?noticeUID=DO1.NTC.1215310\" title=\"Ver\" target=\"_blank\">INESPRE-UC-CD-2023-0040<\/a><\/h6><p class=\"mb-0 bold\">Adquisici\u00f3n de Neum\u00e1ticos<\/p><p class=\"mb-0\" style=\"font-size: .85rem\"><strong title=\"Estado del Proceso\"><i class=\"fas fa-spinner\"><\/i><\/strong> Proceso adjudicado y celebrado<\/p><p class=\"mb-0\" style=\"font-size: .85rem\"><strong title=\"Fecha de Publicaci\u00f3n\"><i class=\"fas fa-calendar-alt\"><\/i><\/strong> Publicado el martes, 21 de marzo de 2023<\/p><\/div><div class=\"col-auto mt-md-0 mt-2\"><a class=\"btn btn-primary btn-lg px-lg-4 d-none d-md-block\" href=\"https:\/\/comunidad.comprasdominicana.gob.do\/\/Public\/Tendering\/OpportunityDetail\/Index?noticeUID=DO1.NTC.1215310\" target=\"_blank\" title=\"Detalles\"><i class=\"fas fa-link\"><\/i> DETALLES<\/a><a class=\"btn btn-primary btn-lg px-lg-4 d-block d-md-none\" href=\"https:\/\/comunidad.comprasdominicana.gob.do\/\/Public\/Tendering\/OpportunityDetail\/Index?noticeUID=DO1.NTC.1215310\" target=\"_blank\" title=\"Detalles\"><i class=\"fas fa-2x fa-link\"><\/i><\/a><\/div><\/div><\/div><div class=\"jumbotron archivos\"><div class=\"row align-items-center\"><div class=\"col\"><h6><a class=\"text-dark\" href=\"https:\/\/comunidad.comprasdominicana.gob.do\/\/Public\/Tendering\/OpportunityDetail\/Index?noticeUID=DO1.NTC.1213935\" title=\"Ver\" target=\"_blank\">INESPRE-UC-CD-2023-0041<\/a><\/h6><p class=\"mb-0 bold\">Adquisici\u00f3n de Mandiles<\/p><p class=\"mb-0\" style=\"font-size: .85rem\"><strong title=\"Estado del Proceso\"><i class=\"fas fa-spinner\"><\/i><\/strong> Proceso adjudicado y celebrado<\/p><p class=\"mb-0\" style=\"font-size: .85rem\"><strong title=\"Fecha de Publicaci\u00f3n\"><i class=\"fas fa-calendar-alt\"><\/i><\/strong> Publicado el viernes, 17 de marzo de 2023<\/p><\/div><div class=\"col-auto mt-md-0 mt-2\"><a class=\"btn btn-primary btn-lg px-lg-4 d-none d-md-block\" href=\"https:\/\/comunidad.comprasdominicana.gob.do\/\/Public\/Tendering\/OpportunityDetail\/Index?noticeUID=DO1.NTC.1213935\" target=\"_blank\" title=\"Detalles\"><i class=\"fas fa-link\"><\/i> DETALLES<\/a><a class=\"btn btn-primary btn-lg px-lg-4 d-block d-md-none\" href=\"https:\/\/comunidad.comprasdominicana.gob.do\/\/Public\/Tendering\/OpportunityDetail\/Index?noticeUID=DO1.NTC.1213935\" target=\"_blank\" title=\"Detalles\"><i class=\"fas fa-2x fa-link\"><\/i><\/a><\/div><\/div><\/div><div class=\"jumbotron archivos\"><div class=\"row align-items-center\"><div class=\"col\"><h6><a class=\"text-dark\" href=\"https:\/\/comunidad.comprasdominicana.gob.do\/\/Public\/Tendering\/OpportunityDetail\/Index?noticeUID=DO1.NTC.1212610\" title=\"Ver\" target=\"_blank\">INESPRE-UC-CD-2023-0039<\/a><\/h6><p class=\"mb-0 bold\">Adquisici\u00f3n de Soya de Cabuya<\/p><p class=\"mb-0\" style=\"font-size: .85rem\"><strong title=\"Estado del Proceso\"><i class=\"fas fa-spinner\"><\/i><\/strong> Proceso adjudicado y celebrado<\/p><p class=\"mb-0\" style=\"font-size: .85rem\"><strong title=\"Fecha de Publicaci\u00f3n\"><i class=\"fas fa-calendar-alt\"><\/i><\/strong> Publicado el mi\u00e9rcoles, 15 de marzo de 2023<\/p><\/div><div class=\"col-auto mt-md-0 mt-2\"><a class=\"btn btn-primary btn-lg px-lg-4 d-none d-md-block\" href=\"https:\/\/comunidad.comprasdominicana.gob.do\/\/Public\/Tendering\/OpportunityDetail\/Index?noticeUID=DO1.NTC.1212610\" target=\"_blank\" title=\"Detalles\"><i class=\"fas fa-link\"><\/i> DETALLES<\/a><a class=\"btn btn-primary btn-lg px-lg-4 d-block d-md-none\" href=\"https:\/\/comunidad.comprasdominicana.gob.do\/\/Public\/Tendering\/OpportunityDetail\/Index?noticeUID=DO1.NTC.1212610\" target=\"_blank\" title=\"Detalles\"><i class=\"fas fa-2x fa-link\"><\/i><\/a><\/div><\/div><\/div><div class=\"jumbotron archivos\"><div class=\"row align-items-center\"><div class=\"col\"><h6><a class=\"text-dark\" href=\"https:\/\/comunidad.comprasdominicana.gob.do\/\/Public\/Tendering\/OpportunityDetail\/Index?noticeUID=DO1.NTC.1211925\" title=\"Ver\" target=\"_blank\">INESPRE-UC-CD-2023-0038<\/a><\/h6><p class=\"mb-0 bold\">Adquisici\u00f3n de Hielo y Agua embotellada para la Feria Agropecuaria Nacional 2023<\/p><p class=\"mb-0\" style=\"font-size: .85rem\"><strong title=\"Estado del Proceso\"><i class=\"fas fa-spinner\"><\/i><\/strong> Proceso adjudicado y celebrado<\/p><p class=\"mb-0\" style=\"font-size: .85rem\"><strong title=\"Fecha de Publicaci\u00f3n\"><i class=\"fas fa-calendar-alt\"><\/i><\/strong> Publicado el martes, 14 de marzo de 2023<\/p><\/div><div class=\"col-auto mt-md-0 mt-2\"><a class=\"btn btn-primary btn-lg px-lg-4 d-none d-md-block\" href=\"https:\/\/comunidad.comprasdominicana.gob.do\/\/Public\/Tendering\/OpportunityDetail\/Index?noticeUID=DO1.NTC.1211925\" target=\"_blank\" title=\"Detalles\"><i class=\"fas fa-link\"><\/i> DETALLES<\/a><a class=\"btn btn-primary btn-lg px-lg-4 d-block d-md-none\" href=\"https:\/\/comunidad.comprasdominicana.gob.do\/\/Public\/Tendering\/OpportunityDetail\/Index?noticeUID=DO1.NTC.1211925\" target=\"_blank\" title=\"Detalles\"><i class=\"fas fa-2x fa-link\"><\/i><\/a><\/div><\/div><\/div><div class=\"jumbotron archivos\"><div class=\"row align-items-center\"><div class=\"col\"><h6><a class=\"text-dark\" href=\"https:\/\/comunidad.comprasdominicana.gob.do\/\/Public\/Tendering\/OpportunityDetail\/Index?noticeUID=DO1.NTC.1211316\" title=\"Ver\" target=\"_blank\">INESPRE-UC-CD-2023-0037<\/a><\/h6><p class=\"mb-0 bold\">Adquici\u00f3n de Banderas dirigido a Mipymes Industriales<\/p><p class=\"mb-0\" style=\"font-size: .85rem\"><strong title=\"Estado del Proceso\"><i class=\"fas fa-spinner\"><\/i><\/strong> Proceso adjudicado y celebrado<\/p><p class=\"mb-0\" style=\"font-size: .85rem\"><strong title=\"Fecha de Publicaci\u00f3n\"><i class=\"fas fa-calendar-alt\"><\/i><\/strong> Publicado el lunes, 13 de marzo de 2023<\/p><\/div><div class=\"col-auto mt-md-0 mt-2\"><a class=\"btn btn-primary btn-lg px-lg-4 d-none d-md-block\" href=\"https:\/\/comunidad.comprasdominicana.gob.do\/\/Public\/Tendering\/OpportunityDetail\/Index?noticeUID=DO1.NTC.1211316\" target=\"_blank\" title=\"Detalles\"><i class=\"fas fa-link\"><\/i> DETALLES<\/a><a class=\"btn btn-primary btn-lg px-lg-4 d-block d-md-none\" href=\"https:\/\/comunidad.comprasdominicana.gob.do\/\/Public\/Tendering\/OpportunityDetail\/Index?noticeUID=DO1.NTC.1211316\" target=\"_blank\" title=\"Detalles\"><i class=\"fas fa-2x fa-link\"><\/i><\/a><\/div><\/div><\/div><div class=\"jumbotron archivos\"><div class=\"row align-items-center\"><div class=\"col\"><h6><a class=\"text-dark\" href=\"https:\/\/comunidad.comprasdominicana.gob.do\/\/Public\/Tendering\/OpportunityDetail\/Index?noticeUID=DO1.NTC.1210820\" title=\"Ver\" target=\"_blank\">INESPRE-UC-CD-2023-0036<\/a><\/h6><p class=\"mb-0 bold\">Adquisici\u00f3n de Mobiliarios para la Feria Agropecuaria Nacional 2023<\/p><p class=\"mb-0\" style=\"font-size: .85rem\"><strong title=\"Estado del Proceso\"><i class=\"fas fa-spinner\"><\/i><\/strong> Proceso adjudicado y celebrado<\/p><p class=\"mb-0\" style=\"font-size: .85rem\"><strong title=\"Fecha de Publicaci\u00f3n\"><i class=\"fas fa-calendar-alt\"><\/i><\/strong> Publicado el viernes, 10 de marzo de 2023<\/p><\/div><div class=\"col-auto mt-md-0 mt-2\"><a class=\"btn btn-primary btn-lg px-lg-4 d-none d-md-block\" href=\"https:\/\/comunidad.comprasdominicana.gob.do\/\/Public\/Tendering\/OpportunityDetail\/Index?noticeUID=DO1.NTC.1210820\" target=\"_blank\" title=\"Detalles\"><i class=\"fas fa-link\"><\/i> DETALLES<\/a><a class=\"btn btn-primary btn-lg px-lg-4 d-block d-md-none\" href=\"https:\/\/comunidad.comprasdominicana.gob.do\/\/Public\/Tendering\/OpportunityDetail\/Index?noticeUID=DO1.NTC.1210820\" target=\"_blank\" title=\"Detalles\"><i class=\"fas fa-2x fa-link\"><\/i><\/a><\/div><\/div><\/div><div class=\"jumbotron archivos\"><div class=\"row align-items-center\"><div class=\"col\"><h6><a class=\"text-dark\" href=\"https:\/\/comunidad.comprasdominicana.gob.do\/\/Public\/Tendering\/OpportunityDetail\/Index?noticeUID=DO1.NTC.1210411\" title=\"Ver\" target=\"_blank\">INESPRE-UC-CD-2023-0033<\/a><\/h6><p class=\"mb-0 bold\">Adquisici\u00f3n de Banderas<\/p><p class=\"mb-0\" style=\"font-size: .85rem\"><strong title=\"Estado del Proceso\"><i class=\"fas fa-spinner\"><\/i><\/strong> Cancelado<\/p><p class=\"mb-0\" style=\"font-size: .85rem\"><strong title=\"Fecha de Publicaci\u00f3n\"><i class=\"fas fa-calendar-alt\"><\/i><\/strong> Publicado el jueves, 9 de marzo de 2023<\/p><\/div><div class=\"col-auto mt-md-0 mt-2\"><a class=\"btn btn-primary btn-lg px-lg-4 d-none d-md-block\" href=\"https:\/\/comunidad.comprasdominicana.gob.do\/\/Public\/Tendering\/OpportunityDetail\/Index?noticeUID=DO1.NTC.1210411\" target=\"_blank\" title=\"Detalles\"><i class=\"fas fa-link\"><\/i> DETALLES<\/a><a class=\"btn btn-primary btn-lg px-lg-4 d-block d-md-none\" href=\"https:\/\/comunidad.comprasdominicana.gob.do\/\/Public\/Tendering\/OpportunityDetail\/Index?noticeUID=DO1.NTC.1210411\" target=\"_blank\" title=\"Detalles\"><i class=\"fas fa-2x fa-link\"><\/i><\/a><\/div><\/div><\/div><div class=\"jumbotron archivos\"><div class=\"row align-items-center\"><div class=\"col\"><h6><a class=\"text-dark\" href=\"https:\/\/comunidad.comprasdominicana.gob.do\/\/Public\/Tendering\/OpportunityDetail\/Index?noticeUID=DO1.NTC.1210211\" title=\"Ver\" target=\"_blank\">INESPRE-UC-CD-2023-0034<\/a><\/h6><p class=\"mb-0 bold\">Adquisici\u00f3n de Bajantes y Art\u00edculos decorativos para Feria Agropecuaria Nacional 2023<\/p><p class=\"mb-0\" style=\"font-size: .85rem\"><strong title=\"Estado del Proceso\"><i class=\"fas fa-spinner\"><\/i><\/strong> Proceso adjudicado y celebrado<\/p><p class=\"mb-0\" style=\"font-size: .85rem\"><strong title=\"Fecha de Publicaci\u00f3n\"><i class=\"fas fa-calendar-alt\"><\/i><\/strong> Publicado el jueves, 9 de marzo de 2023<\/p><\/div><div class=\"col-auto mt-md-0 mt-2\"><a class=\"btn btn-primary btn-lg px-lg-4 d-none d-md-block\" href=\"https:\/\/comunidad.comprasdominicana.gob.do\/\/Public\/Tendering\/OpportunityDetail\/Index?noticeUID=DO1.NTC.1210211\" target=\"_blank\" title=\"Detalles\"><i class=\"fas fa-link\"><\/i> DETALLES<\/a><a class=\"btn btn-primary btn-lg px-lg-4 d-block d-md-none\" href=\"https:\/\/comunidad.comprasdominicana.gob.do\/\/Public\/Tendering\/OpportunityDetail\/Index?noticeUID=DO1.NTC.1210211\" target=\"_blank\" title=\"Detalles\"><i class=\"fas fa-2x fa-link\"><\/i><\/a><\/div><\/div><\/div><div class=\"jumbotron archivos\"><div class=\"row align-items-center\"><div class=\"col\"><h6><a class=\"text-dark\" href=\"https:\/\/comunidad.comprasdominicana.gob.do\/\/Public\/Tendering\/OpportunityDetail\/Index?noticeUID=DO1.NTC.1210210\" title=\"Ver\" target=\"_blank\">INESPRE-UC-CD-2023-0035<\/a><\/h6><p class=\"mb-0 bold\">Servicio de alquiler de Stand para la Feria Agropecuaria nacional 2023<\/p><p class=\"mb-0\" style=\"font-size: .85rem\"><strong title=\"Estado del Proceso\"><i class=\"fas fa-spinner\"><\/i><\/strong> Proceso adjudicado y celebrado<\/p><p class=\"mb-0\" style=\"font-size: .85rem\"><strong title=\"Fecha de Publicaci\u00f3n\"><i class=\"fas fa-calendar-alt\"><\/i><\/strong> Publicado el jueves, 9 de marzo de 2023<\/p><\/div><div class=\"col-auto mt-md-0 mt-2\"><a class=\"btn btn-primary btn-lg px-lg-4 d-none d-md-block\" href=\"https:\/\/comunidad.comprasdominicana.gob.do\/\/Public\/Tendering\/OpportunityDetail\/Index?noticeUID=DO1.NTC.1210210\" target=\"_blank\" title=\"Detalles\"><i class=\"fas fa-link\"><\/i> DETALLES<\/a><a class=\"btn btn-primary btn-lg px-lg-4 d-block d-md-none\" href=\"https:\/\/comunidad.comprasdominicana.gob.do\/\/Public\/Tendering\/OpportunityDetail\/Index?noticeUID=DO1.NTC.1210210\" target=\"_blank\" title=\"Detalles\"><i class=\"fas fa-2x fa-link\"><\/i><\/a><\/div><\/div><\/div><div class=\"jumbotron archivos\"><div class=\"row align-items-center\"><div class=\"col\"><h6><a class=\"text-dark\" href=\"https:\/\/comunidad.comprasdominicana.gob.do\/\/Public\/Tendering\/OpportunityDetail\/Index?noticeUID=DO1.NTC.1209730\" title=\"Ver\" target=\"_blank\">INESPRE-UC-CD-2023-0031<\/a><\/h6><p class=\"mb-0 bold\">Servicio de Alquiler de Radio de Comunicaci\u00f3n para la Feria Agropecuaria Nacional 2023<\/p><p class=\"mb-0\" style=\"font-size: .85rem\"><strong title=\"Estado del Proceso\"><i class=\"fas fa-spinner\"><\/i><\/strong> Proceso desierto<\/p><p class=\"mb-0\" style=\"font-size: .85rem\"><strong title=\"Fecha de Publicaci\u00f3n\"><i class=\"fas fa-calendar-alt\"><\/i><\/strong> Publicado el mi\u00e9rcoles, 8 de marzo de 2023<\/p><\/div><div class=\"col-auto mt-md-0 mt-2\"><a class=\"btn btn-primary btn-lg px-lg-4 d-none d-md-block\" href=\"https:\/\/comunidad.comprasdominicana.gob.do\/\/Public\/Tendering\/OpportunityDetail\/Index?noticeUID=DO1.NTC.1209730\" target=\"_blank\" title=\"Detalles\"><i class=\"fas fa-link\"><\/i> DETALLES<\/a><a class=\"btn btn-primary btn-lg px-lg-4 d-block d-md-none\" href=\"https:\/\/comunidad.comprasdominicana.gob.do\/\/Public\/Tendering\/OpportunityDetail\/Index?noticeUID=DO1.NTC.1209730\" target=\"_blank\" title=\"Detalles\"><i class=\"fas fa-2x fa-link\"><\/i><\/a><\/div><\/div><\/div><div class=\"jumbotron archivos\"><div class=\"row align-items-center\"><div class=\"col\"><h6><a class=\"text-dark\" href=\"https:\/\/comunidad.comprasdominicana.gob.do\/\/Public\/Tendering\/OpportunityDetail\/Index?noticeUID=DO1.NTC.1209827\" title=\"Ver\" target=\"_blank\">INESPRE-UC-CD-2023-0032<\/a><\/h6><p class=\"mb-0 bold\">Servicio de Dise\u00f1o de Banners para la feria Agropecuaria Nacional 2023<\/p><p class=\"mb-0\" style=\"font-size: .85rem\"><strong title=\"Estado del Proceso\"><i class=\"fas fa-spinner\"><\/i><\/strong> Proceso adjudicado y celebrado<\/p><p class=\"mb-0\" style=\"font-size: .85rem\"><strong title=\"Fecha de Publicaci\u00f3n\"><i class=\"fas fa-calendar-alt\"><\/i><\/strong> Publicado el mi\u00e9rcoles, 8 de marzo de 2023<\/p><\/div><div class=\"col-auto mt-md-0 mt-2\"><a class=\"btn btn-primary btn-lg px-lg-4 d-none d-md-block\" href=\"https:\/\/comunidad.comprasdominicana.gob.do\/\/Public\/Tendering\/OpportunityDetail\/Index?noticeUID=DO1.NTC.1209827\" target=\"_blank\" title=\"Detalles\"><i class=\"fas fa-link\"><\/i> DETALLES<\/a><a class=\"btn btn-primary btn-lg px-lg-4 d-block d-md-none\" href=\"https:\/\/comunidad.comprasdominicana.gob.do\/\/Public\/Tendering\/OpportunityDetail\/Index?noticeUID=DO1.NTC.1209827\" target=\"_blank\" title=\"Detalles\"><i class=\"fas fa-2x fa-link\"><\/i><\/a><\/div><\/div><\/div><div class=\"jumbotron archivos\"><div class=\"row align-items-center\"><div class=\"col\"><h6><a class=\"text-dark\" href=\"https:\/\/comunidad.comprasdominicana.gob.do\/\/Public\/Tendering\/OpportunityDetail\/Index?noticeUID=DO1.NTC.1209037\" title=\"Ver\" target=\"_blank\">INESPRE-UC-CD-2023-0027<\/a><\/h6><p class=\"mb-0 bold\">Adquisici\u00f3n de Canastos Pl\u00e1sticos para vegetales<\/p><p class=\"mb-0\" style=\"font-size: .85rem\"><strong title=\"Estado del Proceso\"><i class=\"fas fa-spinner\"><\/i><\/strong> Proceso adjudicado y celebrado<\/p><p class=\"mb-0\" style=\"font-size: .85rem\"><strong title=\"Fecha de Publicaci\u00f3n\"><i class=\"fas fa-calendar-alt\"><\/i><\/strong> Publicado el martes, 7 de marzo de 2023<\/p><\/div><div class=\"col-auto mt-md-0 mt-2\"><a class=\"btn btn-primary btn-lg px-lg-4 d-none d-md-block\" href=\"https:\/\/comunidad.comprasdominicana.gob.do\/\/Public\/Tendering\/OpportunityDetail\/Index?noticeUID=DO1.NTC.1209037\" target=\"_blank\" title=\"Detalles\"><i class=\"fas fa-link\"><\/i> DETALLES<\/a><a class=\"btn btn-primary btn-lg px-lg-4 d-block d-md-none\" href=\"https:\/\/comunidad.comprasdominicana.gob.do\/\/Public\/Tendering\/OpportunityDetail\/Index?noticeUID=DO1.NTC.1209037\" target=\"_blank\" title=\"Detalles\"><i class=\"fas fa-2x fa-link\"><\/i><\/a><\/div><\/div><\/div><div class=\"jumbotron archivos\"><div class=\"row align-items-center\"><div class=\"col\"><h6><a class=\"text-dark\" href=\"https:\/\/comunidad.comprasdominicana.gob.do\/\/Public\/Tendering\/OpportunityDetail\/Index?noticeUID=DO1.NTC.1209309\" title=\"Ver\" target=\"_blank\">INESPRE-UC-CD-2023-0030<\/a><\/h6><p class=\"mb-0 bold\">Adquisici\u00f3n de Fundas transparente adhesiva<\/p><p class=\"mb-0\" style=\"font-size: .85rem\"><strong title=\"Estado del Proceso\"><i class=\"fas fa-spinner\"><\/i><\/strong> Proceso adjudicado y celebrado<\/p><p class=\"mb-0\" style=\"font-size: .85rem\"><strong title=\"Fecha de Publicaci\u00f3n\"><i class=\"fas fa-calendar-alt\"><\/i><\/strong> Publicado el martes, 7 de marzo de 2023<\/p><\/div><div class=\"col-auto mt-md-0 mt-2\"><a class=\"btn btn-primary btn-lg px-lg-4 d-none d-md-block\" href=\"https:\/\/comunidad.comprasdominicana.gob.do\/\/Public\/Tendering\/OpportunityDetail\/Index?noticeUID=DO1.NTC.1209309\" target=\"_blank\" title=\"Detalles\"><i class=\"fas fa-link\"><\/i> DETALLES<\/a><a class=\"btn btn-primary btn-lg px-lg-4 d-block d-md-none\" href=\"https:\/\/comunidad.comprasdominicana.gob.do\/\/Public\/Tendering\/OpportunityDetail\/Index?noticeUID=DO1.NTC.1209309\" target=\"_blank\" title=\"Detalles\"><i class=\"fas fa-2x fa-link\"><\/i><\/a><\/div><\/div><\/div><div class=\"jumbotron archivos\"><div class=\"row align-items-center\"><div class=\"col\"><h6><a class=\"text-dark\" href=\"https:\/\/comunidad.comprasdominicana.gob.do\/\/Public\/Tendering\/OpportunityDetail\/Index?noticeUID=DO1.NTC.1208138\" title=\"Ver\" target=\"_blank\">INESPRE-UC-CD-2023-0028<\/a><\/h6><p class=\"mb-0 bold\">Adquisici\u00f3n de Tarjetas personalizadas<\/p><p class=\"mb-0\" style=\"font-size: .85rem\"><strong title=\"Estado del Proceso\"><i class=\"fas fa-spinner\"><\/i><\/strong> Proceso adjudicado y celebrado<\/p><p class=\"mb-0\" style=\"font-size: .85rem\"><strong title=\"Fecha de Publicaci\u00f3n\"><i class=\"fas fa-calendar-alt\"><\/i><\/strong> Publicado el viernes, 3 de marzo de 2023<\/p><\/div><div class=\"col-auto mt-md-0 mt-2\"><a class=\"btn btn-primary btn-lg px-lg-4 d-none d-md-block\" href=\"https:\/\/comunidad.comprasdominicana.gob.do\/\/Public\/Tendering\/OpportunityDetail\/Index?noticeUID=DO1.NTC.1208138\" target=\"_blank\" title=\"Detalles\"><i class=\"fas fa-link\"><\/i> DETALLES<\/a><a class=\"btn btn-primary btn-lg px-lg-4 d-block d-md-none\" href=\"https:\/\/comunidad.comprasdominicana.gob.do\/\/Public\/Tendering\/OpportunityDetail\/Index?noticeUID=DO1.NTC.1208138\" target=\"_blank\" title=\"Detalles\"><i class=\"fas fa-2x fa-link\"><\/i><\/a><\/div><\/div><\/div><div class=\"jumbotron archivos\"><div class=\"row align-items-center\"><div class=\"col\"><h6><a class=\"text-dark\" href=\"https:\/\/comunidad.comprasdominicana.gob.do\/\/Public\/Tendering\/OpportunityDetail\/Index?noticeUID=DO1.NTC.1207746\" title=\"Ver\" target=\"_blank\">INESPRE-UC-CD-2023-0029<\/a><\/h6><p class=\"mb-0 bold\">Servicio de Refrigerio en evento de capacitaci\u00f3n, dirigido a Mipymes Industriales<\/p><p class=\"mb-0\" style=\"font-size: .85rem\"><strong title=\"Estado del Proceso\"><i class=\"fas fa-spinner\"><\/i><\/strong> Proceso adjudicado y celebrado<\/p><p class=\"mb-0\" style=\"font-size: .85rem\"><strong title=\"Fecha de Publicaci\u00f3n\"><i class=\"fas fa-calendar-alt\"><\/i><\/strong> Publicado el viernes, 3 de marzo de 2023<\/p><\/div><div class=\"col-auto mt-md-0 mt-2\"><a class=\"btn btn-primary btn-lg px-lg-4 d-none d-md-block\" href=\"https:\/\/comunidad.comprasdominicana.gob.do\/\/Public\/Tendering\/OpportunityDetail\/Index?noticeUID=DO1.NTC.1207746\" target=\"_blank\" title=\"Detalles\"><i class=\"fas fa-link\"><\/i> DETALLES<\/a><a class=\"btn btn-primary btn-lg px-lg-4 d-block d-md-none\" href=\"https:\/\/comunidad.comprasdominicana.gob.do\/\/Public\/Tendering\/OpportunityDetail\/Index?noticeUID=DO1.NTC.1207746\" target=\"_blank\" title=\"Detalles\"><i class=\"fas fa-2x fa-link\"><\/i><\/a><\/div><\/div><\/div><div class=\"jumbotron archivos\"><div class=\"row align-items-center\"><div class=\"col\"><h6><a class=\"text-dark\" href=\"https:\/\/comunidad.comprasdominicana.gob.do\/\/Public\/Tendering\/OpportunityDetail\/Index?noticeUID=DO1.NTC.1207017\" title=\"Ver\" target=\"_blank\">INESPRE-UC-CD-2023-0026<\/a><\/h6><p class=\"mb-0 bold\">Adquisici\u00f3n de Materiales para la confecci\u00f3n de carnets <\/p><p class=\"mb-0\" style=\"font-size: .85rem\"><strong title=\"Estado del Proceso\"><i class=\"fas fa-spinner\"><\/i><\/strong> Proceso adjudicado y celebrado<\/p><p class=\"mb-0\" style=\"font-size: .85rem\"><strong title=\"Fecha de Publicaci\u00f3n\"><i class=\"fas fa-calendar-alt\"><\/i><\/strong> Publicado el jueves, 2 de marzo de 2023<\/p><\/div><div class=\"col-auto mt-md-0 mt-2\"><a class=\"btn btn-primary btn-lg px-lg-4 d-none d-md-block\" href=\"https:\/\/comunidad.comprasdominicana.gob.do\/\/Public\/Tendering\/OpportunityDetail\/Index?noticeUID=DO1.NTC.1207017\" target=\"_blank\" title=\"Detalles\"><i class=\"fas fa-link\"><\/i> DETALLES<\/a><a class=\"btn btn-primary btn-lg px-lg-4 d-block d-md-none\" href=\"https:\/\/comunidad.comprasdominicana.gob.do\/\/Public\/Tendering\/OpportunityDetail\/Index?noticeUID=DO1.NTC.1207017\" target=\"_blank\" title=\"Detalles\"><i class=\"fas fa-2x fa-link\"><\/i><\/a><\/div><\/div><\/div><\/div><\/div><\/div>\n        <div class=\"card\">\n            <div class=\"card-header parents\" id=\"heading_compras-por-debajo-del-umbral-69f73f7454400-2023-69f73f7454400-febrero-69f73f7454400\">\n                <p class=\"title text-blue mb-0\">\n                    <a class=\"btn-block hover text-left collapsed\" data-toggle=\"collapse\" data-target=\"#collap_compras-por-debajo-del-umbral-69f73f7454400-2023-69f73f7454400-febrero-69f73f7454400\" aria-expanded=\"false\" aria-controls=\"collap_compras-por-debajo-del-umbral-69f73f7454400-2023-69f73f7454400-febrero-69f73f7454400\">Febrero<\/a>\n                <\/p>\n            <\/div>\n            <div id=\"collap_compras-por-debajo-del-umbral-69f73f7454400-2023-69f73f7454400-febrero-69f73f7454400\" class=\"collapse\" aria-labelledby=\"heading_compras-por-debajo-del-umbral-69f73f7454400-2023-69f73f7454400-febrero-69f73f7454400\" data-parent=\"#collap_compras-por-debajo-del-umbral-69f73f7454400-2023-69f73f7454400\">\n                <div class=\"card-body\"><div class=\"jumbotron archivos\"><div class=\"row align-items-center\"><div class=\"col\"><h6><a class=\"text-dark\" href=\"https:\/\/comunidad.comprasdominicana.gob.do\/\/Public\/Tendering\/OpportunityDetail\/Index?noticeUID=DO1.NTC.1205624\" title=\"Ver\" target=\"_blank\">INESPRE-UC-CD-2023-0023<\/a><\/h6><p class=\"mb-0 bold\">Adquisici\u00f3n de Talonarios<\/p><p class=\"mb-0\" style=\"font-size: .85rem\"><strong title=\"Estado del Proceso\"><i class=\"fas fa-spinner\"><\/i><\/strong> Proceso adjudicado y celebrado<\/p><p class=\"mb-0\" style=\"font-size: .85rem\"><strong title=\"Fecha de Publicaci\u00f3n\"><i class=\"fas fa-calendar-alt\"><\/i><\/strong> Publicado el viernes, 24 de febrero de 2023<\/p><\/div><div class=\"col-auto mt-md-0 mt-2\"><a class=\"btn btn-primary btn-lg px-lg-4 d-none d-md-block\" href=\"https:\/\/comunidad.comprasdominicana.gob.do\/\/Public\/Tendering\/OpportunityDetail\/Index?noticeUID=DO1.NTC.1205624\" target=\"_blank\" title=\"Detalles\"><i class=\"fas fa-link\"><\/i> DETALLES<\/a><a class=\"btn btn-primary btn-lg px-lg-4 d-block d-md-none\" href=\"https:\/\/comunidad.comprasdominicana.gob.do\/\/Public\/Tendering\/OpportunityDetail\/Index?noticeUID=DO1.NTC.1205624\" target=\"_blank\" title=\"Detalles\"><i class=\"fas fa-2x fa-link\"><\/i><\/a><\/div><\/div><\/div><div class=\"jumbotron archivos\"><div class=\"row align-items-center\"><div class=\"col\"><h6><a class=\"text-dark\" href=\"https:\/\/comunidad.comprasdominicana.gob.do\/\/Public\/Tendering\/OpportunityDetail\/Index?noticeUID=DO1.NTC.1205218\" title=\"Ver\" target=\"_blank\">INESPRE-UC-CD-2023-0025<\/a><\/h6><p class=\"mb-0 bold\">Adquisici\u00f3n de Agua embotellada<\/p><p class=\"mb-0\" style=\"font-size: .85rem\"><strong title=\"Estado del Proceso\"><i class=\"fas fa-spinner\"><\/i><\/strong> Proceso adjudicado y celebrado<\/p><p class=\"mb-0\" style=\"font-size: .85rem\"><strong title=\"Fecha de Publicaci\u00f3n\"><i class=\"fas fa-calendar-alt\"><\/i><\/strong> Publicado el viernes, 24 de febrero de 2023<\/p><\/div><div class=\"col-auto mt-md-0 mt-2\"><a class=\"btn btn-primary btn-lg px-lg-4 d-none d-md-block\" href=\"https:\/\/comunidad.comprasdominicana.gob.do\/\/Public\/Tendering\/OpportunityDetail\/Index?noticeUID=DO1.NTC.1205218\" target=\"_blank\" title=\"Detalles\"><i class=\"fas fa-link\"><\/i> DETALLES<\/a><a class=\"btn btn-primary btn-lg px-lg-4 d-block d-md-none\" href=\"https:\/\/comunidad.comprasdominicana.gob.do\/\/Public\/Tendering\/OpportunityDetail\/Index?noticeUID=DO1.NTC.1205218\" target=\"_blank\" title=\"Detalles\"><i class=\"fas fa-2x fa-link\"><\/i><\/a><\/div><\/div><\/div><div class=\"jumbotron archivos\"><div class=\"row align-items-center\"><div class=\"col\"><h6><a class=\"text-dark\" href=\"https:\/\/comunidad.comprasdominicana.gob.do\/\/Public\/Tendering\/OpportunityDetail\/Index?noticeUID=DO1.NTC.1205705\" title=\"Ver\" target=\"_blank\">INESPRE-UC-CD-2023-0022<\/a><\/h6><p class=\"mb-0 bold\">Adquisici\u00f3n de Gorras con logo Institucional bordado<\/p><p class=\"mb-0\" style=\"font-size: .85rem\"><strong title=\"Estado del Proceso\"><i class=\"fas fa-spinner\"><\/i><\/strong> Proceso adjudicado y celebrado<\/p><p class=\"mb-0\" style=\"font-size: .85rem\"><strong title=\"Fecha de Publicaci\u00f3n\"><i class=\"fas fa-calendar-alt\"><\/i><\/strong> Publicado el viernes, 24 de febrero de 2023<\/p><\/div><div class=\"col-auto mt-md-0 mt-2\"><a class=\"btn btn-primary btn-lg px-lg-4 d-none d-md-block\" href=\"https:\/\/comunidad.comprasdominicana.gob.do\/\/Public\/Tendering\/OpportunityDetail\/Index?noticeUID=DO1.NTC.1205705\" target=\"_blank\" title=\"Detalles\"><i class=\"fas fa-link\"><\/i> DETALLES<\/a><a class=\"btn btn-primary btn-lg px-lg-4 d-block d-md-none\" href=\"https:\/\/comunidad.comprasdominicana.gob.do\/\/Public\/Tendering\/OpportunityDetail\/Index?noticeUID=DO1.NTC.1205705\" target=\"_blank\" title=\"Detalles\"><i class=\"fas fa-2x fa-link\"><\/i><\/a><\/div><\/div><\/div><div class=\"jumbotron archivos\"><div class=\"row align-items-center\"><div class=\"col\"><h6><a class=\"text-dark\" href=\"https:\/\/comunidad.comprasdominicana.gob.do\/\/Public\/Tendering\/OpportunityDetail\/Index?noticeUID=DO1.NTC.1205308\" title=\"Ver\" target=\"_blank\">INESPRE-UC-CD-2023-0024<\/a><\/h6><p class=\"mb-0 bold\">Servicio de Colocaci\u00f3n de Publicidad Institucional en Canal de Televisi\u00f3n de Transmisi\u00f3n Nacional  <\/p><p class=\"mb-0\" style=\"font-size: .85rem\"><strong title=\"Estado del Proceso\"><i class=\"fas fa-spinner\"><\/i><\/strong> Proceso adjudicado y celebrado<\/p><p class=\"mb-0\" style=\"font-size: .85rem\"><strong title=\"Fecha de Publicaci\u00f3n\"><i class=\"fas fa-calendar-alt\"><\/i><\/strong> Publicado el viernes, 24 de febrero de 2023<\/p><\/div><div class=\"col-auto mt-md-0 mt-2\"><a class=\"btn btn-primary btn-lg px-lg-4 d-none d-md-block\" href=\"https:\/\/comunidad.comprasdominicana.gob.do\/\/Public\/Tendering\/OpportunityDetail\/Index?noticeUID=DO1.NTC.1205308\" target=\"_blank\" title=\"Detalles\"><i class=\"fas fa-link\"><\/i> DETALLES<\/a><a class=\"btn btn-primary btn-lg px-lg-4 d-block d-md-none\" href=\"https:\/\/comunidad.comprasdominicana.gob.do\/\/Public\/Tendering\/OpportunityDetail\/Index?noticeUID=DO1.NTC.1205308\" target=\"_blank\" title=\"Detalles\"><i class=\"fas fa-2x fa-link\"><\/i><\/a><\/div><\/div><\/div><div class=\"jumbotron archivos\"><div class=\"row align-items-center\"><div class=\"col\"><h6><a class=\"text-dark\" href=\"https:\/\/comunidad.comprasdominicana.gob.do\/\/Public\/Tendering\/OpportunityDetail\/Index?noticeUID=DO1.NTC.1205702\" title=\"Ver\" target=\"_blank\">INESPRE-UC-CD-2023-0021<\/a><\/h6><p class=\"mb-0 bold\">Adquisici\u00f3n de Utensilios Desechables y Velas peque\u00f1as<\/p><p class=\"mb-0\" style=\"font-size: .85rem\"><strong title=\"Estado del Proceso\"><i class=\"fas fa-spinner\"><\/i><\/strong> Proceso adjudicado y celebrado<\/p><p class=\"mb-0\" style=\"font-size: .85rem\"><strong title=\"Fecha de Publicaci\u00f3n\"><i class=\"fas fa-calendar-alt\"><\/i><\/strong> Publicado el viernes, 24 de febrero de 2023<\/p><\/div><div class=\"col-auto mt-md-0 mt-2\"><a class=\"btn btn-primary btn-lg px-lg-4 d-none d-md-block\" href=\"https:\/\/comunidad.comprasdominicana.gob.do\/\/Public\/Tendering\/OpportunityDetail\/Index?noticeUID=DO1.NTC.1205702\" target=\"_blank\" title=\"Detalles\"><i class=\"fas fa-link\"><\/i> DETALLES<\/a><a class=\"btn btn-primary btn-lg px-lg-4 d-block d-md-none\" href=\"https:\/\/comunidad.comprasdominicana.gob.do\/\/Public\/Tendering\/OpportunityDetail\/Index?noticeUID=DO1.NTC.1205702\" target=\"_blank\" title=\"Detalles\"><i class=\"fas fa-2x fa-link\"><\/i><\/a><\/div><\/div><\/div><div class=\"jumbotron archivos\"><div class=\"row align-items-center\"><div class=\"col\"><h6><a class=\"text-dark\" href=\"https:\/\/comunidad.comprasdominicana.gob.do\/\/Public\/Tendering\/OpportunityDetail\/Index?noticeUID=DO1.NTC.1203614\" title=\"Ver\" target=\"_blank\">INESPRE-UC-CD-2023-0020<\/a><\/h6><p class=\"mb-0 bold\">Servicio de Arreglo de Impresora<\/p><p class=\"mb-0\" style=\"font-size: .85rem\"><strong title=\"Estado del Proceso\"><i class=\"fas fa-spinner\"><\/i><\/strong> Proceso adjudicado y celebrado<\/p><p class=\"mb-0\" style=\"font-size: .85rem\"><strong title=\"Fecha de Publicaci\u00f3n\"><i class=\"fas fa-calendar-alt\"><\/i><\/strong> Publicado el martes, 21 de febrero de 2023<\/p><\/div><div class=\"col-auto mt-md-0 mt-2\"><a class=\"btn btn-primary btn-lg px-lg-4 d-none d-md-block\" href=\"https:\/\/comunidad.comprasdominicana.gob.do\/\/Public\/Tendering\/OpportunityDetail\/Index?noticeUID=DO1.NTC.1203614\" target=\"_blank\" title=\"Detalles\"><i class=\"fas fa-link\"><\/i> DETALLES<\/a><a class=\"btn btn-primary btn-lg px-lg-4 d-block d-md-none\" href=\"https:\/\/comunidad.comprasdominicana.gob.do\/\/Public\/Tendering\/OpportunityDetail\/Index?noticeUID=DO1.NTC.1203614\" target=\"_blank\" title=\"Detalles\"><i class=\"fas fa-2x fa-link\"><\/i><\/a><\/div><\/div><\/div><div class=\"jumbotron archivos\"><div class=\"row align-items-center\"><div class=\"col\"><h6><a class=\"text-dark\" href=\"https:\/\/comunidad.comprasdominicana.gob.do\/\/Public\/Tendering\/OpportunityDetail\/Index?noticeUID=DO1.NTC.1203514\" title=\"Ver\" target=\"_blank\">INESPRE-UC-CD-2023-0019<\/a><\/h6><p class=\"mb-0 bold\">Suministro e Instalaci\u00f3n de pa\u00f1o fijo de vidrio, tubos y puertas flotantes<\/p><p class=\"mb-0\" style=\"font-size: .85rem\"><strong title=\"Estado del Proceso\"><i class=\"fas fa-spinner\"><\/i><\/strong> Proceso adjudicado y celebrado<\/p><p class=\"mb-0\" style=\"font-size: .85rem\"><strong title=\"Fecha de Publicaci\u00f3n\"><i class=\"fas fa-calendar-alt\"><\/i><\/strong> Publicado el martes, 21 de febrero de 2023<\/p><\/div><div class=\"col-auto mt-md-0 mt-2\"><a class=\"btn btn-primary btn-lg px-lg-4 d-none d-md-block\" href=\"https:\/\/comunidad.comprasdominicana.gob.do\/\/Public\/Tendering\/OpportunityDetail\/Index?noticeUID=DO1.NTC.1203514\" target=\"_blank\" title=\"Detalles\"><i class=\"fas fa-link\"><\/i> DETALLES<\/a><a class=\"btn btn-primary btn-lg px-lg-4 d-block d-md-none\" href=\"https:\/\/comunidad.comprasdominicana.gob.do\/\/Public\/Tendering\/OpportunityDetail\/Index?noticeUID=DO1.NTC.1203514\" target=\"_blank\" title=\"Detalles\"><i class=\"fas fa-2x fa-link\"><\/i><\/a><\/div><\/div><\/div><div class=\"jumbotron archivos\"><div class=\"row align-items-center\"><div class=\"col\"><h6><a class=\"text-dark\" href=\"https:\/\/comunidad.comprasdominicana.gob.do\/\/Public\/Tendering\/OpportunityDetail\/Index?noticeUID=DO1.NTC.1202311\" title=\"Ver\" target=\"_blank\">INESPRE-UC-CD-2023-0018<\/a><\/h6><p class=\"mb-0 bold\">Adquisici\u00f3n de Producto Qu\u00edmico para desinfectar<\/p><p class=\"mb-0\" style=\"font-size: .85rem\"><strong title=\"Estado del Proceso\"><i class=\"fas fa-spinner\"><\/i><\/strong> Proceso adjudicado y celebrado<\/p><p class=\"mb-0\" style=\"font-size: .85rem\"><strong title=\"Fecha de Publicaci\u00f3n\"><i class=\"fas fa-calendar-alt\"><\/i><\/strong> Publicado el viernes, 17 de febrero de 2023<\/p><\/div><div class=\"col-auto mt-md-0 mt-2\"><a class=\"btn btn-primary btn-lg px-lg-4 d-none d-md-block\" href=\"https:\/\/comunidad.comprasdominicana.gob.do\/\/Public\/Tendering\/OpportunityDetail\/Index?noticeUID=DO1.NTC.1202311\" target=\"_blank\" title=\"Detalles\"><i class=\"fas fa-link\"><\/i> DETALLES<\/a><a class=\"btn btn-primary btn-lg px-lg-4 d-block d-md-none\" href=\"https:\/\/comunidad.comprasdominicana.gob.do\/\/Public\/Tendering\/OpportunityDetail\/Index?noticeUID=DO1.NTC.1202311\" target=\"_blank\" title=\"Detalles\"><i class=\"fas fa-2x fa-link\"><\/i><\/a><\/div><\/div><\/div><div class=\"jumbotron archivos\"><div class=\"row align-items-center\"><div class=\"col\"><h6><a class=\"text-dark\" href=\"https:\/\/comunidad.comprasdominicana.gob.do\/\/Public\/Tendering\/OpportunityDetail\/Index?noticeUID=DO1.NTC.1201120\" title=\"Ver\" target=\"_blank\">INESPRE-UC-CD-2023-0017<\/a><\/h6><p class=\"mb-0 bold\">Adquisici\u00f3n Equipos de Protecci\u00f3n<\/p><p class=\"mb-0\" style=\"font-size: .85rem\"><strong title=\"Estado del Proceso\"><i class=\"fas fa-spinner\"><\/i><\/strong> Proceso adjudicado y celebrado<\/p><p class=\"mb-0\" style=\"font-size: .85rem\"><strong title=\"Fecha de Publicaci\u00f3n\"><i class=\"fas fa-calendar-alt\"><\/i><\/strong> Publicado el mi\u00e9rcoles, 15 de febrero de 2023<\/p><\/div><div class=\"col-auto mt-md-0 mt-2\"><a class=\"btn btn-primary btn-lg px-lg-4 d-none d-md-block\" href=\"https:\/\/comunidad.comprasdominicana.gob.do\/\/Public\/Tendering\/OpportunityDetail\/Index?noticeUID=DO1.NTC.1201120\" target=\"_blank\" title=\"Detalles\"><i class=\"fas fa-link\"><\/i> DETALLES<\/a><a class=\"btn btn-primary btn-lg px-lg-4 d-block d-md-none\" href=\"https:\/\/comunidad.comprasdominicana.gob.do\/\/Public\/Tendering\/OpportunityDetail\/Index?noticeUID=DO1.NTC.1201120\" target=\"_blank\" title=\"Detalles\"><i class=\"fas fa-2x fa-link\"><\/i><\/a><\/div><\/div><\/div><div class=\"jumbotron archivos\"><div class=\"row align-items-center\"><div class=\"col\"><h6><a class=\"text-dark\" href=\"https:\/\/comunidad.comprasdominicana.gob.do\/\/Public\/Tendering\/OpportunityDetail\/Index?noticeUID=DO1.NTC.1200912\" title=\"Ver\" target=\"_blank\">INESPRE-UC-CD-2023-0016<\/a><\/h6><p class=\"mb-0 bold\">Servicio de Reproducci\u00f3n de Manual de Inducci\u00f3n<\/p><p class=\"mb-0\" style=\"font-size: .85rem\"><strong title=\"Estado del Proceso\"><i class=\"fas fa-spinner\"><\/i><\/strong> Proceso adjudicado y celebrado<\/p><p class=\"mb-0\" style=\"font-size: .85rem\"><strong title=\"Fecha de Publicaci\u00f3n\"><i class=\"fas fa-calendar-alt\"><\/i><\/strong> Publicado el martes, 14 de febrero de 2023<\/p><\/div><div class=\"col-auto mt-md-0 mt-2\"><a class=\"btn btn-primary btn-lg px-lg-4 d-none d-md-block\" href=\"https:\/\/comunidad.comprasdominicana.gob.do\/\/Public\/Tendering\/OpportunityDetail\/Index?noticeUID=DO1.NTC.1200912\" target=\"_blank\" title=\"Detalles\"><i class=\"fas fa-link\"><\/i> DETALLES<\/a><a class=\"btn btn-primary btn-lg px-lg-4 d-block d-md-none\" href=\"https:\/\/comunidad.comprasdominicana.gob.do\/\/Public\/Tendering\/OpportunityDetail\/Index?noticeUID=DO1.NTC.1200912\" target=\"_blank\" title=\"Detalles\"><i class=\"fas fa-2x fa-link\"><\/i><\/a><\/div><\/div><\/div><div class=\"jumbotron archivos\"><div class=\"row align-items-center\"><div class=\"col\"><h6><a class=\"text-dark\" href=\"https:\/\/comunidad.comprasdominicana.gob.do\/\/Public\/Tendering\/OpportunityDetail\/Index?noticeUID=DO1.NTC.1197026\" title=\"Ver\" target=\"_blank\">INESPRE-UC-CD-2023-0015<\/a><\/h6><p class=\"mb-0 bold\">Servicio de Refrigerio<\/p><p class=\"mb-0\" style=\"font-size: .85rem\"><strong title=\"Estado del Proceso\"><i class=\"fas fa-spinner\"><\/i><\/strong> Proceso adjudicado y celebrado<\/p><p class=\"mb-0\" style=\"font-size: .85rem\"><strong title=\"Fecha de Publicaci\u00f3n\"><i class=\"fas fa-calendar-alt\"><\/i><\/strong> Publicado el viernes, 10 de febrero de 2023<\/p><\/div><div class=\"col-auto mt-md-0 mt-2\"><a class=\"btn btn-primary btn-lg px-lg-4 d-none d-md-block\" href=\"https:\/\/comunidad.comprasdominicana.gob.do\/\/Public\/Tendering\/OpportunityDetail\/Index?noticeUID=DO1.NTC.1197026\" target=\"_blank\" title=\"Detalles\"><i class=\"fas fa-link\"><\/i> DETALLES<\/a><a class=\"btn btn-primary btn-lg px-lg-4 d-block d-md-none\" href=\"https:\/\/comunidad.comprasdominicana.gob.do\/\/Public\/Tendering\/OpportunityDetail\/Index?noticeUID=DO1.NTC.1197026\" target=\"_blank\" title=\"Detalles\"><i class=\"fas fa-2x fa-link\"><\/i><\/a><\/div><\/div><\/div><div class=\"jumbotron archivos\"><div class=\"row align-items-center\"><div class=\"col\"><h6><a class=\"text-dark\" href=\"https:\/\/comunidad.comprasdominicana.gob.do\/\/Public\/Tendering\/OpportunityDetail\/Index?noticeUID=DO1.NTC.1196921\" title=\"Ver\" target=\"_blank\">INESPRE-UC-CD-2023-0014<\/a><\/h6><p class=\"mb-0 bold\">Adquisici\u00f3n de Hidrolavadora el\u00e9ctrica <\/p><p class=\"mb-0\" style=\"font-size: .85rem\"><strong title=\"Estado del Proceso\"><i class=\"fas fa-spinner\"><\/i><\/strong> Proceso adjudicado y celebrado<\/p><p class=\"mb-0\" style=\"font-size: .85rem\"><strong title=\"Fecha de Publicaci\u00f3n\"><i class=\"fas fa-calendar-alt\"><\/i><\/strong> Publicado el jueves, 9 de febrero de 2023<\/p><\/div><div class=\"col-auto mt-md-0 mt-2\"><a class=\"btn btn-primary btn-lg px-lg-4 d-none d-md-block\" href=\"https:\/\/comunidad.comprasdominicana.gob.do\/\/Public\/Tendering\/OpportunityDetail\/Index?noticeUID=DO1.NTC.1196921\" target=\"_blank\" title=\"Detalles\"><i class=\"fas fa-link\"><\/i> DETALLES<\/a><a class=\"btn btn-primary btn-lg px-lg-4 d-block d-md-none\" href=\"https:\/\/comunidad.comprasdominicana.gob.do\/\/Public\/Tendering\/OpportunityDetail\/Index?noticeUID=DO1.NTC.1196921\" target=\"_blank\" title=\"Detalles\"><i class=\"fas fa-2x fa-link\"><\/i><\/a><\/div><\/div><\/div><div class=\"jumbotron archivos\"><div class=\"row align-items-center\"><div class=\"col\"><h6><a class=\"text-dark\" href=\"https:\/\/comunidad.comprasdominicana.gob.do\/\/Public\/Tendering\/OpportunityDetail\/Index?noticeUID=DO1.NTC.1195821\" title=\"Ver\" target=\"_blank\">INESPRE-UC-CD-2023-0013<\/a><\/h6><p class=\"mb-0 bold\">Adquisici\u00f3n de fundas de 2 libras<\/p><p class=\"mb-0\" style=\"font-size: .85rem\"><strong title=\"Estado del Proceso\"><i class=\"fas fa-spinner\"><\/i><\/strong> Proceso adjudicado y celebrado<\/p><p class=\"mb-0\" style=\"font-size: .85rem\"><strong title=\"Fecha de Publicaci\u00f3n\"><i class=\"fas fa-calendar-alt\"><\/i><\/strong> Publicado el mi\u00e9rcoles, 8 de febrero de 2023<\/p><\/div><div class=\"col-auto mt-md-0 mt-2\"><a class=\"btn btn-primary btn-lg px-lg-4 d-none d-md-block\" href=\"https:\/\/comunidad.comprasdominicana.gob.do\/\/Public\/Tendering\/OpportunityDetail\/Index?noticeUID=DO1.NTC.1195821\" target=\"_blank\" title=\"Detalles\"><i class=\"fas fa-link\"><\/i> DETALLES<\/a><a class=\"btn btn-primary btn-lg px-lg-4 d-block d-md-none\" href=\"https:\/\/comunidad.comprasdominicana.gob.do\/\/Public\/Tendering\/OpportunityDetail\/Index?noticeUID=DO1.NTC.1195821\" target=\"_blank\" title=\"Detalles\"><i class=\"fas fa-2x fa-link\"><\/i><\/a><\/div><\/div><\/div><div class=\"jumbotron archivos\"><div class=\"row align-items-center\"><div class=\"col\"><h6><a class=\"text-dark\" href=\"https:\/\/comunidad.comprasdominicana.gob.do\/\/Public\/Tendering\/OpportunityDetail\/Index?noticeUID=DO1.NTC.1196135\" title=\"Ver\" target=\"_blank\">INESPRE-UC-CD-2023-0012<\/a><\/h6><p class=\"mb-0 bold\">Suministros e Instalaci\u00f3n de pa\u00f1o fijo de vidrio, tubos y puertas flotantes<\/p><p class=\"mb-0\" style=\"font-size: .85rem\"><strong title=\"Estado del Proceso\"><i class=\"fas fa-spinner\"><\/i><\/strong> Cancelado<\/p><p class=\"mb-0\" style=\"font-size: .85rem\"><strong title=\"Fecha de Publicaci\u00f3n\"><i class=\"fas fa-calendar-alt\"><\/i><\/strong> Publicado el mi\u00e9rcoles, 8 de febrero de 2023<\/p><\/div><div class=\"col-auto mt-md-0 mt-2\"><a class=\"btn btn-primary btn-lg px-lg-4 d-none d-md-block\" href=\"https:\/\/comunidad.comprasdominicana.gob.do\/\/Public\/Tendering\/OpportunityDetail\/Index?noticeUID=DO1.NTC.1196135\" target=\"_blank\" title=\"Detalles\"><i class=\"fas fa-link\"><\/i> DETALLES<\/a><a class=\"btn btn-primary btn-lg px-lg-4 d-block d-md-none\" href=\"https:\/\/comunidad.comprasdominicana.gob.do\/\/Public\/Tendering\/OpportunityDetail\/Index?noticeUID=DO1.NTC.1196135\" target=\"_blank\" title=\"Detalles\"><i class=\"fas fa-2x fa-link\"><\/i><\/a><\/div><\/div><\/div><div class=\"jumbotron archivos\"><div class=\"row align-items-center\"><div class=\"col\"><h6><a class=\"text-dark\" href=\"https:\/\/comunidad.comprasdominicana.gob.do\/\/Public\/Tendering\/OpportunityDetail\/Index?noticeUID=DO1.NTC.1195733\" title=\"Ver\" target=\"_blank\">INESPRE-UC-CD-2023-0010<\/a><\/h6><p class=\"mb-0 bold\">Alquiler de espacio para Feria del INESPRE en Santiago<\/p><p class=\"mb-0\" style=\"font-size: .85rem\"><strong title=\"Estado del Proceso\"><i class=\"fas fa-spinner\"><\/i><\/strong> Proceso adjudicado y celebrado<\/p><p class=\"mb-0\" style=\"font-size: .85rem\"><strong title=\"Fecha de Publicaci\u00f3n\"><i class=\"fas fa-calendar-alt\"><\/i><\/strong> Publicado el martes, 7 de febrero de 2023<\/p><\/div><div class=\"col-auto mt-md-0 mt-2\"><a class=\"btn btn-primary btn-lg px-lg-4 d-none d-md-block\" href=\"https:\/\/comunidad.comprasdominicana.gob.do\/\/Public\/Tendering\/OpportunityDetail\/Index?noticeUID=DO1.NTC.1195733\" target=\"_blank\" title=\"Detalles\"><i class=\"fas fa-link\"><\/i> DETALLES<\/a><a class=\"btn btn-primary btn-lg px-lg-4 d-block d-md-none\" href=\"https:\/\/comunidad.comprasdominicana.gob.do\/\/Public\/Tendering\/OpportunityDetail\/Index?noticeUID=DO1.NTC.1195733\" target=\"_blank\" title=\"Detalles\"><i class=\"fas fa-2x fa-link\"><\/i><\/a><\/div><\/div><\/div><div class=\"jumbotron archivos\"><div class=\"row align-items-center\"><div class=\"col\"><h6><a class=\"text-dark\" href=\"https:\/\/comunidad.comprasdominicana.gob.do\/\/Public\/Tendering\/OpportunityDetail\/Index?noticeUID=DO1.NTC.1195415\" title=\"Ver\" target=\"_blank\">INESPRE-UC-CD-2023-0011<\/a><\/h6><p class=\"mb-0 bold\">Servicio de Picadera<\/p><p class=\"mb-0\" style=\"font-size: .85rem\"><strong title=\"Estado del Proceso\"><i class=\"fas fa-spinner\"><\/i><\/strong> Proceso adjudicado y celebrado<\/p><p class=\"mb-0\" style=\"font-size: .85rem\"><strong title=\"Fecha de Publicaci\u00f3n\"><i class=\"fas fa-calendar-alt\"><\/i><\/strong> Publicado el martes, 7 de febrero de 2023<\/p><\/div><div class=\"col-auto mt-md-0 mt-2\"><a class=\"btn btn-primary btn-lg px-lg-4 d-none d-md-block\" href=\"https:\/\/comunidad.comprasdominicana.gob.do\/\/Public\/Tendering\/OpportunityDetail\/Index?noticeUID=DO1.NTC.1195415\" target=\"_blank\" title=\"Detalles\"><i class=\"fas fa-link\"><\/i> DETALLES<\/a><a class=\"btn btn-primary btn-lg px-lg-4 d-block d-md-none\" href=\"https:\/\/comunidad.comprasdominicana.gob.do\/\/Public\/Tendering\/OpportunityDetail\/Index?noticeUID=DO1.NTC.1195415\" target=\"_blank\" title=\"Detalles\"><i class=\"fas fa-2x fa-link\"><\/i><\/a><\/div><\/div><\/div><div class=\"jumbotron archivos\"><div class=\"row align-items-center\"><div class=\"col\"><h6><a class=\"text-dark\" href=\"https:\/\/comunidad.comprasdominicana.gob.do\/\/Public\/Tendering\/OpportunityDetail\/Index?noticeUID=DO1.NTC.1194208\" title=\"Ver\" target=\"_blank\">INESPRE-UC-CD-2023-0008<\/a><\/h6><p class=\"mb-0 bold\">Adquisici\u00f3n de Trituradoras<\/p><p class=\"mb-0\" style=\"font-size: .85rem\"><strong title=\"Estado del Proceso\"><i class=\"fas fa-spinner\"><\/i><\/strong> Proceso adjudicado y celebrado<\/p><p class=\"mb-0\" style=\"font-size: .85rem\"><strong title=\"Fecha de Publicaci\u00f3n\"><i class=\"fas fa-calendar-alt\"><\/i><\/strong> Publicado el viernes, 3 de febrero de 2023<\/p><\/div><div class=\"col-auto mt-md-0 mt-2\"><a class=\"btn btn-primary btn-lg px-lg-4 d-none d-md-block\" href=\"https:\/\/comunidad.comprasdominicana.gob.do\/\/Public\/Tendering\/OpportunityDetail\/Index?noticeUID=DO1.NTC.1194208\" target=\"_blank\" title=\"Detalles\"><i class=\"fas fa-link\"><\/i> DETALLES<\/a><a class=\"btn btn-primary btn-lg px-lg-4 d-block d-md-none\" href=\"https:\/\/comunidad.comprasdominicana.gob.do\/\/Public\/Tendering\/OpportunityDetail\/Index?noticeUID=DO1.NTC.1194208\" target=\"_blank\" title=\"Detalles\"><i class=\"fas fa-2x fa-link\"><\/i><\/a><\/div><\/div><\/div><div class=\"jumbotron archivos\"><div class=\"row align-items-center\"><div class=\"col\"><h6><a class=\"text-dark\" href=\"https:\/\/comunidad.comprasdominicana.gob.do\/\/Public\/Tendering\/OpportunityDetail\/Index?noticeUID=DO1.NTC.1193933\" title=\"Ver\" target=\"_blank\">INESPRE-UC-CD-2023-0009<\/a><\/h6><p class=\"mb-0 bold\">Adquisici\u00f3n de Gomas<\/p><p class=\"mb-0\" style=\"font-size: .85rem\"><strong title=\"Estado del Proceso\"><i class=\"fas fa-spinner\"><\/i><\/strong> Proceso adjudicado y celebrado<\/p><p class=\"mb-0\" style=\"font-size: .85rem\"><strong title=\"Fecha de Publicaci\u00f3n\"><i class=\"fas fa-calendar-alt\"><\/i><\/strong> Publicado el jueves, 2 de febrero de 2023<\/p><\/div><div class=\"col-auto mt-md-0 mt-2\"><a class=\"btn btn-primary btn-lg px-lg-4 d-none d-md-block\" href=\"https:\/\/comunidad.comprasdominicana.gob.do\/\/Public\/Tendering\/OpportunityDetail\/Index?noticeUID=DO1.NTC.1193933\" target=\"_blank\" title=\"Detalles\"><i class=\"fas fa-link\"><\/i> DETALLES<\/a><a class=\"btn btn-primary btn-lg px-lg-4 d-block d-md-none\" href=\"https:\/\/comunidad.comprasdominicana.gob.do\/\/Public\/Tendering\/OpportunityDetail\/Index?noticeUID=DO1.NTC.1193933\" target=\"_blank\" title=\"Detalles\"><i class=\"fas fa-2x fa-link\"><\/i><\/a><\/div><\/div><\/div><\/div><\/div><\/div>\n        <div class=\"card\">\n            <div class=\"card-header parents\" id=\"heading_compras-por-debajo-del-umbral-69f73f7454400-2023-69f73f7454400-enero-69f73f7454400\">\n                <p class=\"title text-blue mb-0\">\n                    <a class=\"btn-block hover text-left collapsed\" data-toggle=\"collapse\" data-target=\"#collap_compras-por-debajo-del-umbral-69f73f7454400-2023-69f73f7454400-enero-69f73f7454400\" aria-expanded=\"false\" aria-controls=\"collap_compras-por-debajo-del-umbral-69f73f7454400-2023-69f73f7454400-enero-69f73f7454400\">Enero<\/a>\n                <\/p>\n            <\/div>\n            <div id=\"collap_compras-por-debajo-del-umbral-69f73f7454400-2023-69f73f7454400-enero-69f73f7454400\" class=\"collapse\" aria-labelledby=\"heading_compras-por-debajo-del-umbral-69f73f7454400-2023-69f73f7454400-enero-69f73f7454400\" data-parent=\"#collap_compras-por-debajo-del-umbral-69f73f7454400-2023-69f73f7454400\">\n                <div class=\"card-body\"><div class=\"jumbotron archivos\"><div class=\"row align-items-center\"><div class=\"col\"><h6><a class=\"text-dark\" href=\"https:\/\/comunidad.comprasdominicana.gob.do\/\/Public\/Tendering\/OpportunityDetail\/Index?noticeUID=DO1.NTC.1192438\" title=\"Ver\" target=\"_blank\">INESPRE-UC-CD-2023-0007<\/a><\/h6><p class=\"mb-0 bold\">Servicio de Alquiler de una  (01) Planta el\u00e9ctrica por 10 d\u00edas<\/p><p class=\"mb-0\" style=\"font-size: .85rem\"><strong title=\"Estado del Proceso\"><i class=\"fas fa-spinner\"><\/i><\/strong> Proceso adjudicado y celebrado<\/p><p class=\"mb-0\" style=\"font-size: .85rem\"><strong title=\"Fecha de Publicaci\u00f3n\"><i class=\"fas fa-calendar-alt\"><\/i><\/strong> Publicado el martes, 31 de enero de 2023<\/p><\/div><div class=\"col-auto mt-md-0 mt-2\"><a class=\"btn btn-primary btn-lg px-lg-4 d-none d-md-block\" href=\"https:\/\/comunidad.comprasdominicana.gob.do\/\/Public\/Tendering\/OpportunityDetail\/Index?noticeUID=DO1.NTC.1192438\" target=\"_blank\" title=\"Detalles\"><i class=\"fas fa-link\"><\/i> DETALLES<\/a><a class=\"btn btn-primary btn-lg px-lg-4 d-block d-md-none\" href=\"https:\/\/comunidad.comprasdominicana.gob.do\/\/Public\/Tendering\/OpportunityDetail\/Index?noticeUID=DO1.NTC.1192438\" target=\"_blank\" title=\"Detalles\"><i class=\"fas fa-2x fa-link\"><\/i><\/a><\/div><\/div><\/div><div class=\"jumbotron archivos\"><div class=\"row align-items-center\"><div class=\"col\"><h6><a class=\"text-dark\" href=\"https:\/\/comunidad.comprasdominicana.gob.do\/\/Public\/Tendering\/OpportunityDetail\/Index?noticeUID=DO1.NTC.1190646\" title=\"Ver\" target=\"_blank\">INESPRE-UC-CD-2023-0006<\/a><\/h6><p class=\"mb-0 bold\">Servicio de Alquiler de una (01) Mini Van de 12 pasajeros <\/p><p class=\"mb-0\" style=\"font-size: .85rem\"><strong title=\"Estado del Proceso\"><i class=\"fas fa-spinner\"><\/i><\/strong> Proceso adjudicado y celebrado<\/p><p class=\"mb-0\" style=\"font-size: .85rem\"><strong title=\"Fecha de Publicaci\u00f3n\"><i class=\"fas fa-calendar-alt\"><\/i><\/strong> Publicado el mi\u00e9rcoles, 25 de enero de 2023<\/p><\/div><div class=\"col-auto mt-md-0 mt-2\"><a class=\"btn btn-primary btn-lg px-lg-4 d-none d-md-block\" href=\"https:\/\/comunidad.comprasdominicana.gob.do\/\/Public\/Tendering\/OpportunityDetail\/Index?noticeUID=DO1.NTC.1190646\" target=\"_blank\" title=\"Detalles\"><i class=\"fas fa-link\"><\/i> DETALLES<\/a><a class=\"btn btn-primary btn-lg px-lg-4 d-block d-md-none\" href=\"https:\/\/comunidad.comprasdominicana.gob.do\/\/Public\/Tendering\/OpportunityDetail\/Index?noticeUID=DO1.NTC.1190646\" target=\"_blank\" title=\"Detalles\"><i class=\"fas fa-2x fa-link\"><\/i><\/a><\/div><\/div><\/div><div class=\"jumbotron archivos\"><div class=\"row align-items-center\"><div class=\"col\"><h6><a class=\"text-dark\" href=\"https:\/\/comunidad.comprasdominicana.gob.do\/\/Public\/Tendering\/OpportunityDetail\/Index?noticeUID=DO1.NTC.1184715\" title=\"Ver\" target=\"_blank\">INESPRE-UC-CD-2023-0005<\/a><\/h6><p class=\"mb-0 bold\">Adquisici\u00f3n de Ofrenda Floral<\/p><p class=\"mb-0\" style=\"font-size: .85rem\"><strong title=\"Estado del Proceso\"><i class=\"fas fa-spinner\"><\/i><\/strong> Proceso adjudicado y celebrado<\/p><p class=\"mb-0\" style=\"font-size: .85rem\"><strong title=\"Fecha de Publicaci\u00f3n\"><i class=\"fas fa-calendar-alt\"><\/i><\/strong> Publicado el viernes, 13 de enero de 2023<\/p><\/div><div class=\"col-auto mt-md-0 mt-2\"><a class=\"btn btn-primary btn-lg px-lg-4 d-none d-md-block\" href=\"https:\/\/comunidad.comprasdominicana.gob.do\/\/Public\/Tendering\/OpportunityDetail\/Index?noticeUID=DO1.NTC.1184715\" target=\"_blank\" title=\"Detalles\"><i class=\"fas fa-link\"><\/i> DETALLES<\/a><a class=\"btn btn-primary btn-lg px-lg-4 d-block d-md-none\" href=\"https:\/\/comunidad.comprasdominicana.gob.do\/\/Public\/Tendering\/OpportunityDetail\/Index?noticeUID=DO1.NTC.1184715\" target=\"_blank\" title=\"Detalles\"><i class=\"fas fa-2x fa-link\"><\/i><\/a><\/div><\/div><\/div><div class=\"jumbotron archivos\"><div class=\"row align-items-center\"><div class=\"col\"><h6><a class=\"text-dark\" href=\"https:\/\/comunidad.comprasdominicana.gob.do\/\/Public\/Tendering\/OpportunityDetail\/Index?noticeUID=DO1.NTC.1183807\" title=\"Ver\" target=\"_blank\">INESPRE-UC-CD-2023-0002<\/a><\/h6><p class=\"mb-0 bold\">Servicio de Reparaci\u00f3n de Sistema de Fontaner\u00eda y Suministros e Instalaci\u00f3n de Espejos<\/p><p class=\"mb-0\" style=\"font-size: .85rem\"><strong title=\"Estado del Proceso\"><i class=\"fas fa-spinner\"><\/i><\/strong> Proceso adjudicado y celebrado<\/p><p class=\"mb-0\" style=\"font-size: .85rem\"><strong title=\"Fecha de Publicaci\u00f3n\"><i class=\"fas fa-calendar-alt\"><\/i><\/strong> Publicado el jueves, 12 de enero de 2023<\/p><\/div><div class=\"col-auto mt-md-0 mt-2\"><a class=\"btn btn-primary btn-lg px-lg-4 d-none d-md-block\" href=\"https:\/\/comunidad.comprasdominicana.gob.do\/\/Public\/Tendering\/OpportunityDetail\/Index?noticeUID=DO1.NTC.1183807\" target=\"_blank\" title=\"Detalles\"><i class=\"fas fa-link\"><\/i> DETALLES<\/a><a class=\"btn btn-primary btn-lg px-lg-4 d-block d-md-none\" href=\"https:\/\/comunidad.comprasdominicana.gob.do\/\/Public\/Tendering\/OpportunityDetail\/Index?noticeUID=DO1.NTC.1183807\" target=\"_blank\" title=\"Detalles\"><i class=\"fas fa-2x fa-link\"><\/i><\/a><\/div><\/div><\/div><div class=\"jumbotron archivos\"><div class=\"row align-items-center\"><div class=\"col\"><h6><a class=\"text-dark\" href=\"https:\/\/comunidad.comprasdominicana.gob.do\/\/Public\/Tendering\/OpportunityDetail\/Index?noticeUID=DO1.NTC.1183702\" title=\"Ver\" target=\"_blank\">INESPRE-UC-CD-2023-0004<\/a><\/h6><p class=\"mb-0 bold\">Adquisici\u00f3n Sillas y Mesas plegables <\/p><p class=\"mb-0\" style=\"font-size: .85rem\"><strong title=\"Estado del Proceso\"><i class=\"fas fa-spinner\"><\/i><\/strong> Proceso adjudicado y celebrado<\/p><p class=\"mb-0\" style=\"font-size: .85rem\"><strong title=\"Fecha de Publicaci\u00f3n\"><i class=\"fas fa-calendar-alt\"><\/i><\/strong> Publicado el mi\u00e9rcoles, 11 de enero de 2023<\/p><\/div><div class=\"col-auto mt-md-0 mt-2\"><a class=\"btn btn-primary btn-lg px-lg-4 d-none d-md-block\" href=\"https:\/\/comunidad.comprasdominicana.gob.do\/\/Public\/Tendering\/OpportunityDetail\/Index?noticeUID=DO1.NTC.1183702\" target=\"_blank\" title=\"Detalles\"><i class=\"fas fa-link\"><\/i> DETALLES<\/a><a class=\"btn btn-primary btn-lg px-lg-4 d-block d-md-none\" href=\"https:\/\/comunidad.comprasdominicana.gob.do\/\/Public\/Tendering\/OpportunityDetail\/Index?noticeUID=DO1.NTC.1183702\" target=\"_blank\" title=\"Detalles\"><i class=\"fas fa-2x fa-link\"><\/i><\/a><\/div><\/div><\/div><div class=\"jumbotron archivos\"><div class=\"row align-items-center\"><div class=\"col\"><h6><a class=\"text-dark\" href=\"https:\/\/comunidad.comprasdominicana.gob.do\/\/Public\/Tendering\/OpportunityDetail\/Index?noticeUID=DO1.NTC.1183206\" title=\"Ver\" target=\"_blank\">INESPRE-UC-CD-2023-0003<\/a><\/h6><p class=\"mb-0 bold\">Adquisici\u00f3n de Nevera tipo marina<\/p><p class=\"mb-0\" style=\"font-size: .85rem\"><strong title=\"Estado del Proceso\"><i class=\"fas fa-spinner\"><\/i><\/strong> Proceso adjudicado y celebrado<\/p><p class=\"mb-0\" style=\"font-size: .85rem\"><strong title=\"Fecha de Publicaci\u00f3n\"><i class=\"fas fa-calendar-alt\"><\/i><\/strong> Publicado el mi\u00e9rcoles, 11 de enero de 2023<\/p><\/div><div class=\"col-auto mt-md-0 mt-2\"><a class=\"btn btn-primary btn-lg px-lg-4 d-none d-md-block\" href=\"https:\/\/comunidad.comprasdominicana.gob.do\/\/Public\/Tendering\/OpportunityDetail\/Index?noticeUID=DO1.NTC.1183206\" target=\"_blank\" title=\"Detalles\"><i class=\"fas fa-link\"><\/i> DETALLES<\/a><a class=\"btn btn-primary btn-lg px-lg-4 d-block d-md-none\" href=\"https:\/\/comunidad.comprasdominicana.gob.do\/\/Public\/Tendering\/OpportunityDetail\/Index?noticeUID=DO1.NTC.1183206\" target=\"_blank\" title=\"Detalles\"><i class=\"fas fa-2x fa-link\"><\/i><\/a><\/div><\/div><\/div><div class=\"jumbotron archivos\"><div class=\"row align-items-center\"><div class=\"col\"><h6><a class=\"text-dark\" href=\"https:\/\/comunidad.comprasdominicana.gob.do\/\/Public\/Tendering\/OpportunityDetail\/Index?noticeUID=DO1.NTC.1182005\" title=\"Ver\" target=\"_blank\">INESPRE-UC-CD-2023-0001<\/a><\/h6><p class=\"mb-0 bold\">Servicio de catering para \u00a8Grandes Ferias: Navidad del cambio con INESPRE\u00a8<\/p><p class=\"mb-0\" style=\"font-size: .85rem\"><strong title=\"Estado del Proceso\"><i class=\"fas fa-spinner\"><\/i><\/strong> Proceso adjudicado y celebrado<\/p><p class=\"mb-0\" style=\"font-size: .85rem\"><strong title=\"Fecha de Publicaci\u00f3n\"><i class=\"fas fa-calendar-alt\"><\/i><\/strong> Publicado el viernes, 6 de enero de 2023<\/p><\/div><div class=\"col-auto mt-md-0 mt-2\"><a class=\"btn btn-primary btn-lg px-lg-4 d-none d-md-block\" href=\"https:\/\/comunidad.comprasdominicana.gob.do\/\/Public\/Tendering\/OpportunityDetail\/Index?noticeUID=DO1.NTC.1182005\" target=\"_blank\" title=\"Detalles\"><i class=\"fas fa-link\"><\/i> DETALLES<\/a><a class=\"btn btn-primary btn-lg px-lg-4 d-block d-md-none\" href=\"https:\/\/comunidad.comprasdominicana.gob.do\/\/Public\/Tendering\/OpportunityDetail\/Index?noticeUID=DO1.NTC.1182005\" target=\"_blank\" title=\"Detalles\"><i class=\"fas fa-2x fa-link\"><\/i><\/a><\/div><\/div><\/div><\/div><\/div><\/div><\/div><\/div><\/div>\n        <div class=\"card\">\n            <div class=\"card-header parents\" id=\"heading_compras-por-debajo-del-umbral-69f73f7454400-2022-69f73f7454400\">\n                <p class=\"title text-blue mb-0\">\n                    <a class=\"btn-block hover text-left collapsed\" data-toggle=\"collapse\" data-target=\"#collap_compras-por-debajo-del-umbral-69f73f7454400-2022-69f73f7454400\" aria-expanded=\"false\" aria-controls=\"collap_compras-por-debajo-del-umbral-69f73f7454400-2022-69f73f7454400\">2022<\/a>\n                <\/p>\n            <\/div>\n            <div id=\"collap_compras-por-debajo-del-umbral-69f73f7454400-2022-69f73f7454400\" class=\"collapse\" aria-labelledby=\"heading_compras-por-debajo-del-umbral-69f73f7454400-2022-69f73f7454400\" data-parent=\"#collap_compras-por-debajo-del-umbral-69f73f7454400\">\n                <div class=\"card-body\">\n        <div class=\"card\">\n            <div class=\"card-header parents\" id=\"heading_compras-por-debajo-del-umbral-69f73f7454400-2022-69f73f7454400-diciembre-69f73f7454400\">\n                <p class=\"title text-blue mb-0\">\n                    <a class=\"btn-block hover text-left collapsed\" data-toggle=\"collapse\" data-target=\"#collap_compras-por-debajo-del-umbral-69f73f7454400-2022-69f73f7454400-diciembre-69f73f7454400\" aria-expanded=\"false\" aria-controls=\"collap_compras-por-debajo-del-umbral-69f73f7454400-2022-69f73f7454400-diciembre-69f73f7454400\">Diciembre<\/a>\n                <\/p>\n            <\/div>\n            <div id=\"collap_compras-por-debajo-del-umbral-69f73f7454400-2022-69f73f7454400-diciembre-69f73f7454400\" class=\"collapse\" aria-labelledby=\"heading_compras-por-debajo-del-umbral-69f73f7454400-2022-69f73f7454400-diciembre-69f73f7454400\" data-parent=\"#collap_compras-por-debajo-del-umbral-69f73f7454400-2022-69f73f7454400\">\n                <div class=\"card-body\"><div class=\"jumbotron archivos\"><div class=\"row align-items-center\"><div class=\"col\"><h6><a class=\"text-dark\" href=\"https:\/\/comunidad.comprasdominicana.gob.do\/\/Public\/Tendering\/OpportunityDetail\/Index?noticeUID=DO1.NTC.1177804\" title=\"Ver\" target=\"_blank\">INESPRE-UC-CD-2022-0164<\/a><\/h6><p class=\"mb-0 bold\">Servicio de Colocaci\u00f3n de Publicidad Institucional en Programa de radio de difusi\u00f3n Nacional<\/p><p class=\"mb-0\" style=\"font-size: .85rem\"><strong title=\"Estado del Proceso\"><i class=\"fas fa-spinner\"><\/i><\/strong> Proceso adjudicado y celebrado<\/p><p class=\"mb-0\" style=\"font-size: .85rem\"><strong title=\"Fecha de Publicaci\u00f3n\"><i class=\"fas fa-calendar-alt\"><\/i><\/strong> Publicado el martes, 27 de diciembre de 2022<\/p><\/div><div class=\"col-auto mt-md-0 mt-2\"><a class=\"btn btn-primary btn-lg px-lg-4 d-none d-md-block\" href=\"https:\/\/comunidad.comprasdominicana.gob.do\/\/Public\/Tendering\/OpportunityDetail\/Index?noticeUID=DO1.NTC.1177804\" target=\"_blank\" title=\"Detalles\"><i class=\"fas fa-link\"><\/i> DETALLES<\/a><a class=\"btn btn-primary btn-lg px-lg-4 d-block d-md-none\" href=\"https:\/\/comunidad.comprasdominicana.gob.do\/\/Public\/Tendering\/OpportunityDetail\/Index?noticeUID=DO1.NTC.1177804\" target=\"_blank\" title=\"Detalles\"><i class=\"fas fa-2x fa-link\"><\/i><\/a><\/div><\/div><\/div><div class=\"jumbotron archivos\"><div class=\"row align-items-center\"><div class=\"col\"><h6><a class=\"text-dark\" href=\"https:\/\/comunidad.comprasdominicana.gob.do\/\/Public\/Tendering\/OpportunityDetail\/Index?noticeUID=DO1.NTC.1178302\" title=\"Ver\" target=\"_blank\">INESPRE-UC-CD-2022-0165<\/a><\/h6><p class=\"mb-0 bold\">Servicio de Colocaci\u00f3n de Publicidad Institucional en Programa de radio de difusi\u00f3n Nacional<\/p><p class=\"mb-0\" style=\"font-size: .85rem\"><strong title=\"Estado del Proceso\"><i class=\"fas fa-spinner\"><\/i><\/strong> Proceso adjudicado y celebrado<\/p><p class=\"mb-0\" style=\"font-size: .85rem\"><strong title=\"Fecha de Publicaci\u00f3n\"><i class=\"fas fa-calendar-alt\"><\/i><\/strong> Publicado el martes, 27 de diciembre de 2022<\/p><\/div><div class=\"col-auto mt-md-0 mt-2\"><a class=\"btn btn-primary btn-lg px-lg-4 d-none d-md-block\" href=\"https:\/\/comunidad.comprasdominicana.gob.do\/\/Public\/Tendering\/OpportunityDetail\/Index?noticeUID=DO1.NTC.1178302\" target=\"_blank\" title=\"Detalles\"><i class=\"fas fa-link\"><\/i> DETALLES<\/a><a class=\"btn btn-primary btn-lg px-lg-4 d-block d-md-none\" href=\"https:\/\/comunidad.comprasdominicana.gob.do\/\/Public\/Tendering\/OpportunityDetail\/Index?noticeUID=DO1.NTC.1178302\" target=\"_blank\" title=\"Detalles\"><i class=\"fas fa-2x fa-link\"><\/i><\/a><\/div><\/div><\/div><div class=\"jumbotron archivos\"><div class=\"row align-items-center\"><div class=\"col\"><h6><a class=\"text-dark\" href=\"https:\/\/comunidad.comprasdominicana.gob.do\/\/Public\/Tendering\/OpportunityDetail\/Index?noticeUID=DO1.NTC.1175712\" title=\"Ver\" target=\"_blank\">INESPRE-UC-CD-2022-0162<\/a><\/h6><p class=\"mb-0 bold\">Adquisici\u00f3n y Operaci\u00f3n de Fuegos Artificiales<\/p><p class=\"mb-0\" style=\"font-size: .85rem\"><strong title=\"Estado del Proceso\"><i class=\"fas fa-spinner\"><\/i><\/strong> Proceso adjudicado y celebrado<\/p><p class=\"mb-0\" style=\"font-size: .85rem\"><strong title=\"Fecha de Publicaci\u00f3n\"><i class=\"fas fa-calendar-alt\"><\/i><\/strong> Publicado el mi\u00e9rcoles, 21 de diciembre de 2022<\/p><\/div><div class=\"col-auto mt-md-0 mt-2\"><a class=\"btn btn-primary btn-lg px-lg-4 d-none d-md-block\" href=\"https:\/\/comunidad.comprasdominicana.gob.do\/\/Public\/Tendering\/OpportunityDetail\/Index?noticeUID=DO1.NTC.1175712\" target=\"_blank\" title=\"Detalles\"><i class=\"fas fa-link\"><\/i> DETALLES<\/a><a class=\"btn btn-primary btn-lg px-lg-4 d-block d-md-none\" href=\"https:\/\/comunidad.comprasdominicana.gob.do\/\/Public\/Tendering\/OpportunityDetail\/Index?noticeUID=DO1.NTC.1175712\" target=\"_blank\" title=\"Detalles\"><i class=\"fas fa-2x fa-link\"><\/i><\/a><\/div><\/div><\/div><div class=\"jumbotron archivos\"><div class=\"row align-items-center\"><div class=\"col\"><h6><a class=\"text-dark\" href=\"https:\/\/comunidad.comprasdominicana.gob.do\/\/Public\/Tendering\/OpportunityDetail\/Index?noticeUID=DO1.NTC.1175711\" title=\"Ver\" target=\"_blank\">INESPRE-UC-CD-2022-0163<\/a><\/h6><p class=\"mb-0 bold\">Servicio de Readecuaci\u00f3n del cuarto frio en la Gerencia de Higuey<\/p><p class=\"mb-0\" style=\"font-size: .85rem\"><strong title=\"Estado del Proceso\"><i class=\"fas fa-spinner\"><\/i><\/strong> Proceso adjudicado y celebrado<\/p><p class=\"mb-0\" style=\"font-size: .85rem\"><strong title=\"Fecha de Publicaci\u00f3n\"><i class=\"fas fa-calendar-alt\"><\/i><\/strong> Publicado el mi\u00e9rcoles, 21 de diciembre de 2022<\/p><\/div><div class=\"col-auto mt-md-0 mt-2\"><a class=\"btn btn-primary btn-lg px-lg-4 d-none d-md-block\" href=\"https:\/\/comunidad.comprasdominicana.gob.do\/\/Public\/Tendering\/OpportunityDetail\/Index?noticeUID=DO1.NTC.1175711\" target=\"_blank\" title=\"Detalles\"><i class=\"fas fa-link\"><\/i> DETALLES<\/a><a class=\"btn btn-primary btn-lg px-lg-4 d-block d-md-none\" href=\"https:\/\/comunidad.comprasdominicana.gob.do\/\/Public\/Tendering\/OpportunityDetail\/Index?noticeUID=DO1.NTC.1175711\" target=\"_blank\" title=\"Detalles\"><i class=\"fas fa-2x fa-link\"><\/i><\/a><\/div><\/div><\/div><div class=\"jumbotron archivos\"><div class=\"row align-items-center\"><div class=\"col\"><h6><a class=\"text-dark\" href=\"https:\/\/comunidad.comprasdominicana.gob.do\/\/Public\/Tendering\/OpportunityDetail\/Index?noticeUID=DO1.NTC.1173552\" title=\"Ver\" target=\"_blank\">INESPRE-UC-CD-2022-0161<\/a><\/h6><p class=\"mb-0 bold\">Confecci\u00f3n de Uniformes Corporativos <\/p><p class=\"mb-0\" style=\"font-size: .85rem\"><strong title=\"Estado del Proceso\"><i class=\"fas fa-spinner\"><\/i><\/strong> Proceso adjudicado y celebrado<\/p><p class=\"mb-0\" style=\"font-size: .85rem\"><strong title=\"Fecha de Publicaci\u00f3n\"><i class=\"fas fa-calendar-alt\"><\/i><\/strong> Publicado el viernes, 16 de diciembre de 2022<\/p><\/div><div class=\"col-auto mt-md-0 mt-2\"><a class=\"btn btn-primary btn-lg px-lg-4 d-none d-md-block\" href=\"https:\/\/comunidad.comprasdominicana.gob.do\/\/Public\/Tendering\/OpportunityDetail\/Index?noticeUID=DO1.NTC.1173552\" target=\"_blank\" title=\"Detalles\"><i class=\"fas fa-link\"><\/i> DETALLES<\/a><a class=\"btn btn-primary btn-lg px-lg-4 d-block d-md-none\" href=\"https:\/\/comunidad.comprasdominicana.gob.do\/\/Public\/Tendering\/OpportunityDetail\/Index?noticeUID=DO1.NTC.1173552\" target=\"_blank\" title=\"Detalles\"><i class=\"fas fa-2x fa-link\"><\/i><\/a><\/div><\/div><\/div><div class=\"jumbotron archivos\"><div class=\"row align-items-center\"><div class=\"col\"><h6><a class=\"text-dark\" href=\"https:\/\/comunidad.comprasdominicana.gob.do\/\/Public\/Tendering\/OpportunityDetail\/Index?noticeUID=DO1.NTC.1173629\" title=\"Ver\" target=\"_blank\">INESPRE-UC-CD-2022-0160<\/a><\/h6><p class=\"mb-0 bold\">Confecci\u00f3n de Vestido y Chaquetas<\/p><p class=\"mb-0\" style=\"font-size: .85rem\"><strong title=\"Estado del Proceso\"><i class=\"fas fa-spinner\"><\/i><\/strong> Proceso adjudicado y celebrado<\/p><p class=\"mb-0\" style=\"font-size: .85rem\"><strong title=\"Fecha de Publicaci\u00f3n\"><i class=\"fas fa-calendar-alt\"><\/i><\/strong> Publicado el viernes, 16 de diciembre de 2022<\/p><\/div><div class=\"col-auto mt-md-0 mt-2\"><a class=\"btn btn-primary btn-lg px-lg-4 d-none d-md-block\" href=\"https:\/\/comunidad.comprasdominicana.gob.do\/\/Public\/Tendering\/OpportunityDetail\/Index?noticeUID=DO1.NTC.1173629\" target=\"_blank\" title=\"Detalles\"><i class=\"fas fa-link\"><\/i> DETALLES<\/a><a class=\"btn btn-primary btn-lg px-lg-4 d-block d-md-none\" href=\"https:\/\/comunidad.comprasdominicana.gob.do\/\/Public\/Tendering\/OpportunityDetail\/Index?noticeUID=DO1.NTC.1173629\" target=\"_blank\" title=\"Detalles\"><i class=\"fas fa-2x fa-link\"><\/i><\/a><\/div><\/div><\/div><div class=\"jumbotron archivos\"><div class=\"row align-items-center\"><div class=\"col\"><h6><a class=\"text-dark\" href=\"https:\/\/comunidad.comprasdominicana.gob.do\/\/Public\/Tendering\/OpportunityDetail\/Index?noticeUID=DO1.NTC.1173278\" title=\"Ver\" target=\"_blank\">INESPRE-UC-CD-2022-0159<\/a><\/h6><p class=\"mb-0 bold\">Servicio de Alquiler de Convertidores de energ\u00eda en el MERCA, Santo Domingo<\/p><p class=\"mb-0\" style=\"font-size: .85rem\"><strong title=\"Estado del Proceso\"><i class=\"fas fa-spinner\"><\/i><\/strong> Proceso adjudicado y celebrado<\/p><p class=\"mb-0\" style=\"font-size: .85rem\"><strong title=\"Fecha de Publicaci\u00f3n\"><i class=\"fas fa-calendar-alt\"><\/i><\/strong> Publicado el jueves, 15 de diciembre de 2022<\/p><\/div><div class=\"col-auto mt-md-0 mt-2\"><a class=\"btn btn-primary btn-lg px-lg-4 d-none d-md-block\" href=\"https:\/\/comunidad.comprasdominicana.gob.do\/\/Public\/Tendering\/OpportunityDetail\/Index?noticeUID=DO1.NTC.1173278\" target=\"_blank\" title=\"Detalles\"><i class=\"fas fa-link\"><\/i> DETALLES<\/a><a class=\"btn btn-primary btn-lg px-lg-4 d-block d-md-none\" href=\"https:\/\/comunidad.comprasdominicana.gob.do\/\/Public\/Tendering\/OpportunityDetail\/Index?noticeUID=DO1.NTC.1173278\" target=\"_blank\" title=\"Detalles\"><i class=\"fas fa-2x fa-link\"><\/i><\/a><\/div><\/div><\/div><div class=\"jumbotron archivos\"><div class=\"row align-items-center\"><div class=\"col\"><h6><a class=\"text-dark\" href=\"https:\/\/comunidad.comprasdominicana.gob.do\/\/Public\/Tendering\/OpportunityDetail\/Index?noticeUID=DO1.NTC.1172859\" title=\"Ver\" target=\"_blank\">INESPRE-UC-CD-2022-0158<\/a><\/h6><p class=\"mb-0 bold\">Adquisici\u00f3n de Maquina de coser (cerrar) sacos <\/p><p class=\"mb-0\" style=\"font-size: .85rem\"><strong title=\"Estado del Proceso\"><i class=\"fas fa-spinner\"><\/i><\/strong> Proceso adjudicado y celebrado<\/p><p class=\"mb-0\" style=\"font-size: .85rem\"><strong title=\"Fecha de Publicaci\u00f3n\"><i class=\"fas fa-calendar-alt\"><\/i><\/strong> Publicado el jueves, 15 de diciembre de 2022<\/p><\/div><div class=\"col-auto mt-md-0 mt-2\"><a class=\"btn btn-primary btn-lg px-lg-4 d-none d-md-block\" href=\"https:\/\/comunidad.comprasdominicana.gob.do\/\/Public\/Tendering\/OpportunityDetail\/Index?noticeUID=DO1.NTC.1172859\" target=\"_blank\" title=\"Detalles\"><i class=\"fas fa-link\"><\/i> DETALLES<\/a><a class=\"btn btn-primary btn-lg px-lg-4 d-block d-md-none\" href=\"https:\/\/comunidad.comprasdominicana.gob.do\/\/Public\/Tendering\/OpportunityDetail\/Index?noticeUID=DO1.NTC.1172859\" target=\"_blank\" title=\"Detalles\"><i class=\"fas fa-2x fa-link\"><\/i><\/a><\/div><\/div><\/div><div class=\"jumbotron archivos\"><div class=\"row align-items-center\"><div class=\"col\"><h6><a class=\"text-dark\" href=\"https:\/\/comunidad.comprasdominicana.gob.do\/\/Public\/Tendering\/OpportunityDetail\/Index?noticeUID=DO1.NTC.1172959\" title=\"Ver\" target=\"_blank\">INESPRE-UC-CD-2022-0157<\/a><\/h6><p class=\"mb-0 bold\">Adquisici\u00f3n de Bater\u00edas y Cargadores para Radios de comunicaciones<\/p><p class=\"mb-0\" style=\"font-size: .85rem\"><strong title=\"Estado del Proceso\"><i class=\"fas fa-spinner\"><\/i><\/strong> Proceso adjudicado y celebrado<\/p><p class=\"mb-0\" style=\"font-size: .85rem\"><strong title=\"Fecha de Publicaci\u00f3n\"><i class=\"fas fa-calendar-alt\"><\/i><\/strong> Publicado el jueves, 15 de diciembre de 2022<\/p><\/div><div class=\"col-auto mt-md-0 mt-2\"><a class=\"btn btn-primary btn-lg px-lg-4 d-none d-md-block\" href=\"https:\/\/comunidad.comprasdominicana.gob.do\/\/Public\/Tendering\/OpportunityDetail\/Index?noticeUID=DO1.NTC.1172959\" target=\"_blank\" title=\"Detalles\"><i class=\"fas fa-link\"><\/i> DETALLES<\/a><a class=\"btn btn-primary btn-lg px-lg-4 d-block d-md-none\" href=\"https:\/\/comunidad.comprasdominicana.gob.do\/\/Public\/Tendering\/OpportunityDetail\/Index?noticeUID=DO1.NTC.1172959\" target=\"_blank\" title=\"Detalles\"><i class=\"fas fa-2x fa-link\"><\/i><\/a><\/div><\/div><\/div><div class=\"jumbotron archivos\"><div class=\"row align-items-center\"><div class=\"col\"><h6><a class=\"text-dark\" href=\"https:\/\/comunidad.comprasdominicana.gob.do\/\/Public\/Tendering\/OpportunityDetail\/Index?noticeUID=DO1.NTC.1173043\" title=\"Ver\" target=\"_blank\">INESPRE-UC-CD-2022-0156<\/a><\/h6><p class=\"mb-0 bold\">Adquisici\u00f3n de Maquina para hacer de hielo<\/p><p class=\"mb-0\" style=\"font-size: .85rem\"><strong title=\"Estado del Proceso\"><i class=\"fas fa-spinner\"><\/i><\/strong> Proceso adjudicado y celebrado<\/p><p class=\"mb-0\" style=\"font-size: .85rem\"><strong title=\"Fecha de Publicaci\u00f3n\"><i class=\"fas fa-calendar-alt\"><\/i><\/strong> Publicado el jueves, 15 de diciembre de 2022<\/p><\/div><div class=\"col-auto mt-md-0 mt-2\"><a class=\"btn btn-primary btn-lg px-lg-4 d-none d-md-block\" href=\"https:\/\/comunidad.comprasdominicana.gob.do\/\/Public\/Tendering\/OpportunityDetail\/Index?noticeUID=DO1.NTC.1173043\" target=\"_blank\" title=\"Detalles\"><i class=\"fas fa-link\"><\/i> DETALLES<\/a><a class=\"btn btn-primary btn-lg px-lg-4 d-block d-md-none\" href=\"https:\/\/comunidad.comprasdominicana.gob.do\/\/Public\/Tendering\/OpportunityDetail\/Index?noticeUID=DO1.NTC.1173043\" target=\"_blank\" title=\"Detalles\"><i class=\"fas fa-2x fa-link\"><\/i><\/a><\/div><\/div><\/div><div class=\"jumbotron archivos\"><div class=\"row align-items-center\"><div class=\"col\"><h6><a class=\"text-dark\" href=\"https:\/\/comunidad.comprasdominicana.gob.do\/\/Public\/Tendering\/OpportunityDetail\/Index?noticeUID=DO1.NTC.1173269\" title=\"Ver\" target=\"_blank\">INESPRE-UC-CD-2022-0155<\/a><\/h6><p class=\"mb-0 bold\">Adquisici\u00f3n de Palmas<\/p><p class=\"mb-0\" style=\"font-size: .85rem\"><strong title=\"Estado del Proceso\"><i class=\"fas fa-spinner\"><\/i><\/strong> Proceso adjudicado y celebrado<\/p><p class=\"mb-0\" style=\"font-size: .85rem\"><strong title=\"Fecha de Publicaci\u00f3n\"><i class=\"fas fa-calendar-alt\"><\/i><\/strong> Publicado el jueves, 15 de diciembre de 2022<\/p><\/div><div class=\"col-auto mt-md-0 mt-2\"><a class=\"btn btn-primary btn-lg px-lg-4 d-none d-md-block\" href=\"https:\/\/comunidad.comprasdominicana.gob.do\/\/Public\/Tendering\/OpportunityDetail\/Index?noticeUID=DO1.NTC.1173269\" target=\"_blank\" title=\"Detalles\"><i class=\"fas fa-link\"><\/i> DETALLES<\/a><a class=\"btn btn-primary btn-lg px-lg-4 d-block d-md-none\" href=\"https:\/\/comunidad.comprasdominicana.gob.do\/\/Public\/Tendering\/OpportunityDetail\/Index?noticeUID=DO1.NTC.1173269\" target=\"_blank\" title=\"Detalles\"><i class=\"fas fa-2x fa-link\"><\/i><\/a><\/div><\/div><\/div><div class=\"jumbotron archivos\"><div class=\"row align-items-center\"><div class=\"col\"><h6><a class=\"text-dark\" href=\"https:\/\/comunidad.comprasdominicana.gob.do\/\/Public\/Tendering\/OpportunityDetail\/Index?noticeUID=DO1.NTC.1170845\" title=\"Ver\" target=\"_blank\">INESPRE-UC-CD-2022-0154<\/a><\/h6><p class=\"mb-0 bold\">Servicio de Restablecimiento de la Comunicaci\u00f3n de red<\/p><p class=\"mb-0\" style=\"font-size: .85rem\"><strong title=\"Estado del Proceso\"><i class=\"fas fa-spinner\"><\/i><\/strong> Proceso adjudicado y celebrado<\/p><p class=\"mb-0\" style=\"font-size: .85rem\"><strong title=\"Fecha de Publicaci\u00f3n\"><i class=\"fas fa-calendar-alt\"><\/i><\/strong> Publicado el lunes, 12 de diciembre de 2022<\/p><\/div><div class=\"col-auto mt-md-0 mt-2\"><a class=\"btn btn-primary btn-lg px-lg-4 d-none d-md-block\" href=\"https:\/\/comunidad.comprasdominicana.gob.do\/\/Public\/Tendering\/OpportunityDetail\/Index?noticeUID=DO1.NTC.1170845\" target=\"_blank\" title=\"Detalles\"><i class=\"fas fa-link\"><\/i> DETALLES<\/a><a class=\"btn btn-primary btn-lg px-lg-4 d-block d-md-none\" href=\"https:\/\/comunidad.comprasdominicana.gob.do\/\/Public\/Tendering\/OpportunityDetail\/Index?noticeUID=DO1.NTC.1170845\" target=\"_blank\" title=\"Detalles\"><i class=\"fas fa-2x fa-link\"><\/i><\/a><\/div><\/div><\/div><div class=\"jumbotron archivos\"><div class=\"row align-items-center\"><div class=\"col\"><h6><a class=\"text-dark\" href=\"https:\/\/comunidad.comprasdominicana.gob.do\/\/Public\/Tendering\/OpportunityDetail\/Index?noticeUID=DO1.NTC.1170445\" title=\"Ver\" target=\"_blank\">INESPRE-UC-CD-2022-0153<\/a><\/h6><p class=\"mb-0 bold\">Adquisici\u00f3n y Operaci\u00f3n de Fuegos Artificiales<\/p><p class=\"mb-0\" style=\"font-size: .85rem\"><strong title=\"Estado del Proceso\"><i class=\"fas fa-spinner\"><\/i><\/strong> Proceso adjudicado y celebrado<\/p><p class=\"mb-0\" style=\"font-size: .85rem\"><strong title=\"Fecha de Publicaci\u00f3n\"><i class=\"fas fa-calendar-alt\"><\/i><\/strong> Publicado el lunes, 12 de diciembre de 2022<\/p><\/div><div class=\"col-auto mt-md-0 mt-2\"><a class=\"btn btn-primary btn-lg px-lg-4 d-none d-md-block\" href=\"https:\/\/comunidad.comprasdominicana.gob.do\/\/Public\/Tendering\/OpportunityDetail\/Index?noticeUID=DO1.NTC.1170445\" target=\"_blank\" title=\"Detalles\"><i class=\"fas fa-link\"><\/i> DETALLES<\/a><a class=\"btn btn-primary btn-lg px-lg-4 d-block d-md-none\" href=\"https:\/\/comunidad.comprasdominicana.gob.do\/\/Public\/Tendering\/OpportunityDetail\/Index?noticeUID=DO1.NTC.1170445\" target=\"_blank\" title=\"Detalles\"><i class=\"fas fa-2x fa-link\"><\/i><\/a><\/div><\/div><\/div><div class=\"jumbotron archivos\"><div class=\"row align-items-center\"><div class=\"col\"><h6><a class=\"text-dark\" href=\"https:\/\/comunidad.comprasdominicana.gob.do\/\/Public\/Tendering\/OpportunityDetail\/Index?noticeUID=DO1.NTC.1170146\" title=\"Ver\" target=\"_blank\">INESPRE-UC-CD-2022-0152<\/a><\/h6><p class=\"mb-0 bold\">Adquisici\u00f3n de Tanque para basura de 55 galones <\/p><p class=\"mb-0\" style=\"font-size: .85rem\"><strong title=\"Estado del Proceso\"><i class=\"fas fa-spinner\"><\/i><\/strong> Proceso adjudicado y celebrado<\/p><p class=\"mb-0\" style=\"font-size: .85rem\"><strong title=\"Fecha de Publicaci\u00f3n\"><i class=\"fas fa-calendar-alt\"><\/i><\/strong> Publicado el viernes, 9 de diciembre de 2022<\/p><\/div><div class=\"col-auto mt-md-0 mt-2\"><a class=\"btn btn-primary btn-lg px-lg-4 d-none d-md-block\" href=\"https:\/\/comunidad.comprasdominicana.gob.do\/\/Public\/Tendering\/OpportunityDetail\/Index?noticeUID=DO1.NTC.1170146\" target=\"_blank\" title=\"Detalles\"><i class=\"fas fa-link\"><\/i> DETALLES<\/a><a class=\"btn btn-primary btn-lg px-lg-4 d-block d-md-none\" href=\"https:\/\/comunidad.comprasdominicana.gob.do\/\/Public\/Tendering\/OpportunityDetail\/Index?noticeUID=DO1.NTC.1170146\" target=\"_blank\" title=\"Detalles\"><i class=\"fas fa-2x fa-link\"><\/i><\/a><\/div><\/div><\/div><div class=\"jumbotron archivos\"><div class=\"row align-items-center\"><div class=\"col\"><h6><a class=\"text-dark\" href=\"https:\/\/comunidad.comprasdominicana.gob.do\/\/Public\/Tendering\/OpportunityDetail\/Index?noticeUID=DO1.NTC.1169940\" title=\"Ver\" target=\"_blank\">INESPRE-UC-CD-2022-0151<\/a><\/h6><p class=\"mb-0 bold\">Adquisici\u00f3n de Hielo y Agua embotellada para las ferias a nivel Nacional<\/p><p class=\"mb-0\" style=\"font-size: .85rem\"><strong title=\"Estado del Proceso\"><i class=\"fas fa-spinner\"><\/i><\/strong> Proceso adjudicado y celebrado<\/p><p class=\"mb-0\" style=\"font-size: .85rem\"><strong title=\"Fecha de Publicaci\u00f3n\"><i class=\"fas fa-calendar-alt\"><\/i><\/strong> Publicado el viernes, 9 de diciembre de 2022<\/p><\/div><div class=\"col-auto mt-md-0 mt-2\"><a class=\"btn btn-primary btn-lg px-lg-4 d-none d-md-block\" href=\"https:\/\/comunidad.comprasdominicana.gob.do\/\/Public\/Tendering\/OpportunityDetail\/Index?noticeUID=DO1.NTC.1169940\" target=\"_blank\" title=\"Detalles\"><i class=\"fas fa-link\"><\/i> DETALLES<\/a><a class=\"btn btn-primary btn-lg px-lg-4 d-block d-md-none\" href=\"https:\/\/comunidad.comprasdominicana.gob.do\/\/Public\/Tendering\/OpportunityDetail\/Index?noticeUID=DO1.NTC.1169940\" target=\"_blank\" title=\"Detalles\"><i class=\"fas fa-2x fa-link\"><\/i><\/a><\/div><\/div><\/div><div class=\"jumbotron archivos\"><div class=\"row align-items-center\"><div class=\"col\"><h6><a class=\"text-dark\" href=\"https:\/\/comunidad.comprasdominicana.gob.do\/\/Public\/Tendering\/OpportunityDetail\/Index?noticeUID=DO1.NTC.1167942\" title=\"Ver\" target=\"_blank\">INESPRE-UC-CD-2022-0150<\/a><\/h6><p class=\"mb-0 bold\">Adquisici\u00f3n de Camisas con logos bordados<\/p><p class=\"mb-0\" style=\"font-size: .85rem\"><strong title=\"Estado del Proceso\"><i class=\"fas fa-spinner\"><\/i><\/strong> Proceso adjudicado y celebrado<\/p><p class=\"mb-0\" style=\"font-size: .85rem\"><strong title=\"Fecha de Publicaci\u00f3n\"><i class=\"fas fa-calendar-alt\"><\/i><\/strong> Publicado el martes, 6 de diciembre de 2022<\/p><\/div><div class=\"col-auto mt-md-0 mt-2\"><a class=\"btn btn-primary btn-lg px-lg-4 d-none d-md-block\" href=\"https:\/\/comunidad.comprasdominicana.gob.do\/\/Public\/Tendering\/OpportunityDetail\/Index?noticeUID=DO1.NTC.1167942\" target=\"_blank\" title=\"Detalles\"><i class=\"fas fa-link\"><\/i> DETALLES<\/a><a class=\"btn btn-primary btn-lg px-lg-4 d-block d-md-none\" href=\"https:\/\/comunidad.comprasdominicana.gob.do\/\/Public\/Tendering\/OpportunityDetail\/Index?noticeUID=DO1.NTC.1167942\" target=\"_blank\" title=\"Detalles\"><i class=\"fas fa-2x fa-link\"><\/i><\/a><\/div><\/div><\/div><div class=\"jumbotron archivos\"><div class=\"row align-items-center\"><div class=\"col\"><h6><a class=\"text-dark\" href=\"https:\/\/comunidad.comprasdominicana.gob.do\/\/Public\/Tendering\/OpportunityDetail\/Index?noticeUID=DO1.NTC.1167209\" title=\"Ver\" target=\"_blank\">INESPRE-UC-CD-2022-0149<\/a><\/h6><p class=\"mb-0 bold\">Servicio de Publicaci\u00f3n en Peri\u00f3dico de circulaci\u00f3n Nacional <\/p><p class=\"mb-0\" style=\"font-size: .85rem\"><strong title=\"Estado del Proceso\"><i class=\"fas fa-spinner\"><\/i><\/strong> Proceso adjudicado y celebrado<\/p><p class=\"mb-0\" style=\"font-size: .85rem\"><strong title=\"Fecha de Publicaci\u00f3n\"><i class=\"fas fa-calendar-alt\"><\/i><\/strong> Publicado el viernes, 2 de diciembre de 2022<\/p><\/div><div class=\"col-auto mt-md-0 mt-2\"><a class=\"btn btn-primary btn-lg px-lg-4 d-none d-md-block\" href=\"https:\/\/comunidad.comprasdominicana.gob.do\/\/Public\/Tendering\/OpportunityDetail\/Index?noticeUID=DO1.NTC.1167209\" target=\"_blank\" title=\"Detalles\"><i class=\"fas fa-link\"><\/i> DETALLES<\/a><a class=\"btn btn-primary btn-lg px-lg-4 d-block d-md-none\" href=\"https:\/\/comunidad.comprasdominicana.gob.do\/\/Public\/Tendering\/OpportunityDetail\/Index?noticeUID=DO1.NTC.1167209\" target=\"_blank\" title=\"Detalles\"><i class=\"fas fa-2x fa-link\"><\/i><\/a><\/div><\/div><\/div><div class=\"jumbotron archivos\"><div class=\"row align-items-center\"><div class=\"col\"><h6><a class=\"text-dark\" href=\"https:\/\/comunidad.comprasdominicana.gob.do\/\/Public\/Tendering\/OpportunityDetail\/Index?noticeUID=DO1.NTC.1167208\" title=\"Ver\" target=\"_blank\">INESPRE-UC-CD-2022-0148<\/a><\/h6><p class=\"mb-0 bold\">Servicio de Publicaci\u00f3n en Peri\u00f3dico de circulaci\u00f3n Nacional para el Procedimiento de Emergencia de referencia: INESPRE-MAE-PEEN-2022-0003<\/p><p class=\"mb-0\" style=\"font-size: .85rem\"><strong title=\"Estado del Proceso\"><i class=\"fas fa-spinner\"><\/i><\/strong> Proceso adjudicado y celebrado<\/p><p class=\"mb-0\" style=\"font-size: .85rem\"><strong title=\"Fecha de Publicaci\u00f3n\"><i class=\"fas fa-calendar-alt\"><\/i><\/strong> Publicado el viernes, 2 de diciembre de 2022<\/p><\/div><div class=\"col-auto mt-md-0 mt-2\"><a class=\"btn btn-primary btn-lg px-lg-4 d-none d-md-block\" href=\"https:\/\/comunidad.comprasdominicana.gob.do\/\/Public\/Tendering\/OpportunityDetail\/Index?noticeUID=DO1.NTC.1167208\" target=\"_blank\" title=\"Detalles\"><i class=\"fas fa-link\"><\/i> DETALLES<\/a><a class=\"btn btn-primary btn-lg px-lg-4 d-block d-md-none\" href=\"https:\/\/comunidad.comprasdominicana.gob.do\/\/Public\/Tendering\/OpportunityDetail\/Index?noticeUID=DO1.NTC.1167208\" target=\"_blank\" title=\"Detalles\"><i class=\"fas fa-2x fa-link\"><\/i><\/a><\/div><\/div><\/div><div class=\"jumbotron archivos\"><div class=\"row align-items-center\"><div class=\"col\"><h6><a class=\"text-dark\" href=\"https:\/\/comunidad.comprasdominicana.gob.do\/\/Public\/Tendering\/OpportunityDetail\/Index?noticeUID=DO1.NTC.1166151\" title=\"Ver\" target=\"_blank\">INESPRE-UC-CD-2022-0147<\/a><\/h6><p class=\"mb-0 bold\">Adquisici\u00f3n y Operaci\u00f3n de Fuegos Artificiales <\/p><p class=\"mb-0\" style=\"font-size: .85rem\"><strong title=\"Estado del Proceso\"><i class=\"fas fa-spinner\"><\/i><\/strong> Proceso adjudicado y celebrado<\/p><p class=\"mb-0\" style=\"font-size: .85rem\"><strong title=\"Fecha de Publicaci\u00f3n\"><i class=\"fas fa-calendar-alt\"><\/i><\/strong> Publicado el jueves, 1 de diciembre de 2022<\/p><\/div><div class=\"col-auto mt-md-0 mt-2\"><a class=\"btn btn-primary btn-lg px-lg-4 d-none d-md-block\" href=\"https:\/\/comunidad.comprasdominicana.gob.do\/\/Public\/Tendering\/OpportunityDetail\/Index?noticeUID=DO1.NTC.1166151\" target=\"_blank\" title=\"Detalles\"><i class=\"fas fa-link\"><\/i> DETALLES<\/a><a class=\"btn btn-primary btn-lg px-lg-4 d-block d-md-none\" href=\"https:\/\/comunidad.comprasdominicana.gob.do\/\/Public\/Tendering\/OpportunityDetail\/Index?noticeUID=DO1.NTC.1166151\" target=\"_blank\" title=\"Detalles\"><i class=\"fas fa-2x fa-link\"><\/i><\/a><\/div><\/div><\/div><\/div><\/div><\/div>\n        <div class=\"card\">\n            <div class=\"card-header parents\" id=\"heading_compras-por-debajo-del-umbral-69f73f7454400-2022-69f73f7454400-noviembre-69f73f7454400\">\n                <p class=\"title text-blue mb-0\">\n                    <a class=\"btn-block hover text-left collapsed\" data-toggle=\"collapse\" data-target=\"#collap_compras-por-debajo-del-umbral-69f73f7454400-2022-69f73f7454400-noviembre-69f73f7454400\" aria-expanded=\"false\" aria-controls=\"collap_compras-por-debajo-del-umbral-69f73f7454400-2022-69f73f7454400-noviembre-69f73f7454400\">Noviembre<\/a>\n                <\/p>\n            <\/div>\n            <div id=\"collap_compras-por-debajo-del-umbral-69f73f7454400-2022-69f73f7454400-noviembre-69f73f7454400\" class=\"collapse\" aria-labelledby=\"heading_compras-por-debajo-del-umbral-69f73f7454400-2022-69f73f7454400-noviembre-69f73f7454400\" data-parent=\"#collap_compras-por-debajo-del-umbral-69f73f7454400-2022-69f73f7454400\">\n                <div class=\"card-body\"><div class=\"jumbotron archivos\"><div class=\"row align-items-center\"><div class=\"col\"><h6><a class=\"text-dark\" href=\"https:\/\/comunidad.comprasdominicana.gob.do\/\/Public\/Tendering\/OpportunityDetail\/Index?noticeUID=DO1.NTC.1165119\" title=\"Ver\" target=\"_blank\">INESPRE-UC-CD-2022-0146<\/a><\/h6><p class=\"mb-0 bold\">Servicio de Alquileres para \u00b4\u00b4Grandes Ferias: Navidad del cambio con INESPRE\u00b4\u00b4 el 01 de diciembre 2022<\/p><p class=\"mb-0\" style=\"font-size: .85rem\"><strong title=\"Estado del Proceso\"><i class=\"fas fa-spinner\"><\/i><\/strong> Proceso adjudicado y celebrado<\/p><p class=\"mb-0\" style=\"font-size: .85rem\"><strong title=\"Fecha de Publicaci\u00f3n\"><i class=\"fas fa-calendar-alt\"><\/i><\/strong> Publicado el martes, 29 de noviembre de 2022<\/p><\/div><div class=\"col-auto mt-md-0 mt-2\"><a class=\"btn btn-primary btn-lg px-lg-4 d-none d-md-block\" href=\"https:\/\/comunidad.comprasdominicana.gob.do\/\/Public\/Tendering\/OpportunityDetail\/Index?noticeUID=DO1.NTC.1165119\" target=\"_blank\" title=\"Detalles\"><i class=\"fas fa-link\"><\/i> DETALLES<\/a><a class=\"btn btn-primary btn-lg px-lg-4 d-block d-md-none\" href=\"https:\/\/comunidad.comprasdominicana.gob.do\/\/Public\/Tendering\/OpportunityDetail\/Index?noticeUID=DO1.NTC.1165119\" target=\"_blank\" title=\"Detalles\"><i class=\"fas fa-2x fa-link\"><\/i><\/a><\/div><\/div><\/div><div class=\"jumbotron archivos\"><div class=\"row align-items-center\"><div class=\"col\"><h6><a class=\"text-dark\" href=\"https:\/\/comunidad.comprasdominicana.gob.do\/\/Public\/Tendering\/OpportunityDetail\/Index?noticeUID=DO1.NTC.1165214\" title=\"Ver\" target=\"_blank\">INESPRE-UC-CD-2022-0145<\/a><\/h6><p class=\"mb-0 bold\">Suministro e Instalaci\u00f3n de Pa\u00f1o fijo de vidrio en la oficina de la Direcci\u00f3n Ejecutiva<\/p><p class=\"mb-0\" style=\"font-size: .85rem\"><strong title=\"Estado del Proceso\"><i class=\"fas fa-spinner\"><\/i><\/strong> Proceso adjudicado y celebrado<\/p><p class=\"mb-0\" style=\"font-size: .85rem\"><strong title=\"Fecha de Publicaci\u00f3n\"><i class=\"fas fa-calendar-alt\"><\/i><\/strong> Publicado el martes, 29 de noviembre de 2022<\/p><\/div><div class=\"col-auto mt-md-0 mt-2\"><a class=\"btn btn-primary btn-lg px-lg-4 d-none d-md-block\" href=\"https:\/\/comunidad.comprasdominicana.gob.do\/\/Public\/Tendering\/OpportunityDetail\/Index?noticeUID=DO1.NTC.1165214\" target=\"_blank\" title=\"Detalles\"><i class=\"fas fa-link\"><\/i> DETALLES<\/a><a class=\"btn btn-primary btn-lg px-lg-4 d-block d-md-none\" href=\"https:\/\/comunidad.comprasdominicana.gob.do\/\/Public\/Tendering\/OpportunityDetail\/Index?noticeUID=DO1.NTC.1165214\" target=\"_blank\" title=\"Detalles\"><i class=\"fas fa-2x fa-link\"><\/i><\/a><\/div><\/div><\/div><div class=\"jumbotron archivos\"><div class=\"row align-items-center\"><div class=\"col\"><h6><a class=\"text-dark\" href=\"https:\/\/comunidad.comprasdominicana.gob.do\/\/Public\/Tendering\/OpportunityDetail\/Index?noticeUID=DO1.NTC.1164403\" title=\"Ver\" target=\"_blank\">INESPRE-UC-CD-2022-0143<\/a><\/h6><p class=\"mb-0 bold\">Adquisici\u00f3n de Cortinas Antibacterianas<\/p><p class=\"mb-0\" style=\"font-size: .85rem\"><strong title=\"Estado del Proceso\"><i class=\"fas fa-spinner\"><\/i><\/strong> Proceso adjudicado y celebrado<\/p><p class=\"mb-0\" style=\"font-size: .85rem\"><strong title=\"Fecha de Publicaci\u00f3n\"><i class=\"fas fa-calendar-alt\"><\/i><\/strong> Publicado el lunes, 28 de noviembre de 2022<\/p><\/div><div class=\"col-auto mt-md-0 mt-2\"><a class=\"btn btn-primary btn-lg px-lg-4 d-none d-md-block\" href=\"https:\/\/comunidad.comprasdominicana.gob.do\/\/Public\/Tendering\/OpportunityDetail\/Index?noticeUID=DO1.NTC.1164403\" target=\"_blank\" title=\"Detalles\"><i class=\"fas fa-link\"><\/i> DETALLES<\/a><a class=\"btn btn-primary btn-lg px-lg-4 d-block d-md-none\" href=\"https:\/\/comunidad.comprasdominicana.gob.do\/\/Public\/Tendering\/OpportunityDetail\/Index?noticeUID=DO1.NTC.1164403\" target=\"_blank\" title=\"Detalles\"><i class=\"fas fa-2x fa-link\"><\/i><\/a><\/div><\/div><\/div><div class=\"jumbotron archivos\"><div class=\"row align-items-center\"><div class=\"col\"><h6><a class=\"text-dark\" href=\"https:\/\/comunidad.comprasdominicana.gob.do\/\/Public\/Tendering\/OpportunityDetail\/Index?noticeUID=DO1.NTC.1164180\" title=\"Ver\" target=\"_blank\">INESPRE-UC-CD-2022-0142<\/a><\/h6><p class=\"mb-0 bold\">Adquisici\u00f3n de Materiales para Carnets<\/p><p class=\"mb-0\" style=\"font-size: .85rem\"><strong title=\"Estado del Proceso\"><i class=\"fas fa-spinner\"><\/i><\/strong> Proceso adjudicado y celebrado<\/p><p class=\"mb-0\" style=\"font-size: .85rem\"><strong title=\"Fecha de Publicaci\u00f3n\"><i class=\"fas fa-calendar-alt\"><\/i><\/strong> Publicado el lunes, 28 de noviembre de 2022<\/p><\/div><div class=\"col-auto mt-md-0 mt-2\"><a class=\"btn btn-primary btn-lg px-lg-4 d-none d-md-block\" href=\"https:\/\/comunidad.comprasdominicana.gob.do\/\/Public\/Tendering\/OpportunityDetail\/Index?noticeUID=DO1.NTC.1164180\" target=\"_blank\" title=\"Detalles\"><i class=\"fas fa-link\"><\/i> DETALLES<\/a><a class=\"btn btn-primary btn-lg px-lg-4 d-block d-md-none\" href=\"https:\/\/comunidad.comprasdominicana.gob.do\/\/Public\/Tendering\/OpportunityDetail\/Index?noticeUID=DO1.NTC.1164180\" target=\"_blank\" title=\"Detalles\"><i class=\"fas fa-2x fa-link\"><\/i><\/a><\/div><\/div><\/div><div class=\"jumbotron archivos\"><div class=\"row align-items-center\"><div class=\"col\"><h6><a class=\"text-dark\" href=\"https:\/\/comunidad.comprasdominicana.gob.do\/\/Public\/Tendering\/OpportunityDetail\/Index?noticeUID=DO1.NTC.1163238\" title=\"Ver\" target=\"_blank\">INESPRE-UC-CD-2022-0144<\/a><\/h6><p class=\"mb-0 bold\">Servicio de Colocaci\u00f3n de Publicidad en Peri\u00f3dico de circulaci\u00f3n Nacional<\/p><p class=\"mb-0\" style=\"font-size: .85rem\"><strong title=\"Estado del Proceso\"><i class=\"fas fa-spinner\"><\/i><\/strong> Proceso adjudicado y celebrado<\/p><p class=\"mb-0\" style=\"font-size: .85rem\"><strong title=\"Fecha de Publicaci\u00f3n\"><i class=\"fas fa-calendar-alt\"><\/i><\/strong> Publicado el viernes, 25 de noviembre de 2022<\/p><\/div><div class=\"col-auto mt-md-0 mt-2\"><a class=\"btn btn-primary btn-lg px-lg-4 d-none d-md-block\" href=\"https:\/\/comunidad.comprasdominicana.gob.do\/\/Public\/Tendering\/OpportunityDetail\/Index?noticeUID=DO1.NTC.1163238\" target=\"_blank\" title=\"Detalles\"><i class=\"fas fa-link\"><\/i> DETALLES<\/a><a class=\"btn btn-primary btn-lg px-lg-4 d-block d-md-none\" href=\"https:\/\/comunidad.comprasdominicana.gob.do\/\/Public\/Tendering\/OpportunityDetail\/Index?noticeUID=DO1.NTC.1163238\" target=\"_blank\" title=\"Detalles\"><i class=\"fas fa-2x fa-link\"><\/i><\/a><\/div><\/div><\/div><div class=\"jumbotron archivos\"><div class=\"row align-items-center\"><div class=\"col\"><h6><a class=\"text-dark\" href=\"https:\/\/comunidad.comprasdominicana.gob.do\/\/Public\/Tendering\/OpportunityDetail\/Index?noticeUID=DO1.NTC.1163035\" title=\"Ver\" target=\"_blank\">INESPRE-UC-CD-2022-0141<\/a><\/h6><p class=\"mb-0 bold\">Adquisici\u00f3n de Poloshirt con logo bordado<\/p><p class=\"mb-0\" style=\"font-size: .85rem\"><strong title=\"Estado del Proceso\"><i class=\"fas fa-spinner\"><\/i><\/strong> Proceso adjudicado y celebrado<\/p><p class=\"mb-0\" style=\"font-size: .85rem\"><strong title=\"Fecha de Publicaci\u00f3n\"><i class=\"fas fa-calendar-alt\"><\/i><\/strong> Publicado el viernes, 25 de noviembre de 2022<\/p><\/div><div class=\"col-auto mt-md-0 mt-2\"><a class=\"btn btn-primary btn-lg px-lg-4 d-none d-md-block\" href=\"https:\/\/comunidad.comprasdominicana.gob.do\/\/Public\/Tendering\/OpportunityDetail\/Index?noticeUID=DO1.NTC.1163035\" target=\"_blank\" title=\"Detalles\"><i class=\"fas fa-link\"><\/i> DETALLES<\/a><a class=\"btn btn-primary btn-lg px-lg-4 d-block d-md-none\" href=\"https:\/\/comunidad.comprasdominicana.gob.do\/\/Public\/Tendering\/OpportunityDetail\/Index?noticeUID=DO1.NTC.1163035\" target=\"_blank\" title=\"Detalles\"><i class=\"fas fa-2x fa-link\"><\/i><\/a><\/div><\/div><\/div><div class=\"jumbotron archivos\"><div class=\"row align-items-center\"><div class=\"col\"><h6><a class=\"text-dark\" href=\"https:\/\/comunidad.comprasdominicana.gob.do\/\/Public\/Tendering\/OpportunityDetail\/Index?noticeUID=DO1.NTC.1160720\" title=\"Ver\" target=\"_blank\">INESPRE-UC-CD-2022-0139<\/a><\/h6><p class=\"mb-0 bold\">Servicio de Almuerzos a domicilio (completivo del mes de noviembre)<\/p><p class=\"mb-0\" style=\"font-size: .85rem\"><strong title=\"Estado del Proceso\"><i class=\"fas fa-spinner\"><\/i><\/strong> Proceso adjudicado y celebrado<\/p><p class=\"mb-0\" style=\"font-size: .85rem\"><strong title=\"Fecha de Publicaci\u00f3n\"><i class=\"fas fa-calendar-alt\"><\/i><\/strong> Publicado el martes, 22 de noviembre de 2022<\/p><\/div><div class=\"col-auto mt-md-0 mt-2\"><a class=\"btn btn-primary btn-lg px-lg-4 d-none d-md-block\" href=\"https:\/\/comunidad.comprasdominicana.gob.do\/\/Public\/Tendering\/OpportunityDetail\/Index?noticeUID=DO1.NTC.1160720\" target=\"_blank\" title=\"Detalles\"><i class=\"fas fa-link\"><\/i> DETALLES<\/a><a class=\"btn btn-primary btn-lg px-lg-4 d-block d-md-none\" href=\"https:\/\/comunidad.comprasdominicana.gob.do\/\/Public\/Tendering\/OpportunityDetail\/Index?noticeUID=DO1.NTC.1160720\" target=\"_blank\" title=\"Detalles\"><i class=\"fas fa-2x fa-link\"><\/i><\/a><\/div><\/div><\/div><div class=\"jumbotron archivos\"><div class=\"row align-items-center\"><div class=\"col\"><h6><a class=\"text-dark\" href=\"https:\/\/comunidad.comprasdominicana.gob.do\/\/Public\/Tendering\/OpportunityDetail\/Index?noticeUID=DO1.NTC.1160929\" title=\"Ver\" target=\"_blank\">INESPRE-UC-CD-2022-0140<\/a><\/h6><p class=\"mb-0 bold\">Servicio de Catering para el Taller de Evaluaci\u00f3n de Desempe\u00f1o<\/p><p class=\"mb-0\" style=\"font-size: .85rem\"><strong title=\"Estado del Proceso\"><i class=\"fas fa-spinner\"><\/i><\/strong> Proceso adjudicado y celebrado<\/p><p class=\"mb-0\" style=\"font-size: .85rem\"><strong title=\"Fecha de Publicaci\u00f3n\"><i class=\"fas fa-calendar-alt\"><\/i><\/strong> Publicado el martes, 22 de noviembre de 2022<\/p><\/div><div class=\"col-auto mt-md-0 mt-2\"><a class=\"btn btn-primary btn-lg px-lg-4 d-none d-md-block\" href=\"https:\/\/comunidad.comprasdominicana.gob.do\/\/Public\/Tendering\/OpportunityDetail\/Index?noticeUID=DO1.NTC.1160929\" target=\"_blank\" title=\"Detalles\"><i class=\"fas fa-link\"><\/i> DETALLES<\/a><a class=\"btn btn-primary btn-lg px-lg-4 d-block d-md-none\" href=\"https:\/\/comunidad.comprasdominicana.gob.do\/\/Public\/Tendering\/OpportunityDetail\/Index?noticeUID=DO1.NTC.1160929\" target=\"_blank\" title=\"Detalles\"><i class=\"fas fa-2x fa-link\"><\/i><\/a><\/div><\/div><\/div><div class=\"jumbotron archivos\"><div class=\"row align-items-center\"><div class=\"col\"><h6><a class=\"text-dark\" href=\"https:\/\/comunidad.comprasdominicana.gob.do\/\/Public\/Tendering\/OpportunityDetail\/Index?noticeUID=DO1.NTC.1157526\" title=\"Ver\" target=\"_blank\">INESPRE-UC-CD-2022-0138<\/a><\/h6><p class=\"mb-0 bold\">Servicio de Inserci\u00f3n en Revista de circulaci\u00f3n nacional<\/p><p class=\"mb-0\" style=\"font-size: .85rem\"><strong title=\"Estado del Proceso\"><i class=\"fas fa-spinner\"><\/i><\/strong> Proceso adjudicado y celebrado<\/p><p class=\"mb-0\" style=\"font-size: .85rem\"><strong title=\"Fecha de Publicaci\u00f3n\"><i class=\"fas fa-calendar-alt\"><\/i><\/strong> Publicado el martes, 15 de noviembre de 2022<\/p><\/div><div class=\"col-auto mt-md-0 mt-2\"><a class=\"btn btn-primary btn-lg px-lg-4 d-none d-md-block\" href=\"https:\/\/comunidad.comprasdominicana.gob.do\/\/Public\/Tendering\/OpportunityDetail\/Index?noticeUID=DO1.NTC.1157526\" target=\"_blank\" title=\"Detalles\"><i class=\"fas fa-link\"><\/i> DETALLES<\/a><a class=\"btn btn-primary btn-lg px-lg-4 d-block d-md-none\" href=\"https:\/\/comunidad.comprasdominicana.gob.do\/\/Public\/Tendering\/OpportunityDetail\/Index?noticeUID=DO1.NTC.1157526\" target=\"_blank\" title=\"Detalles\"><i class=\"fas fa-2x fa-link\"><\/i><\/a><\/div><\/div><\/div><div class=\"jumbotron archivos\"><div class=\"row align-items-center\"><div class=\"col\"><h6><a class=\"text-dark\" href=\"https:\/\/comunidad.comprasdominicana.gob.do\/\/Public\/Tendering\/OpportunityDetail\/Index?noticeUID=DO1.NTC.1157324\" title=\"Ver\" target=\"_blank\">INESPRE-UC-CD-2022-0135<\/a><\/h6><p class=\"mb-0 bold\">Contrataci\u00f3n de Aguinaldo Navide\u00f1o<\/p><p class=\"mb-0\" style=\"font-size: .85rem\"><strong title=\"Estado del Proceso\"><i class=\"fas fa-spinner\"><\/i><\/strong> Proceso adjudicado y celebrado<\/p><p class=\"mb-0\" style=\"font-size: .85rem\"><strong title=\"Fecha de Publicaci\u00f3n\"><i class=\"fas fa-calendar-alt\"><\/i><\/strong> Publicado el lunes, 14 de noviembre de 2022<\/p><\/div><div class=\"col-auto mt-md-0 mt-2\"><a class=\"btn btn-primary btn-lg px-lg-4 d-none d-md-block\" href=\"https:\/\/comunidad.comprasdominicana.gob.do\/\/Public\/Tendering\/OpportunityDetail\/Index?noticeUID=DO1.NTC.1157324\" target=\"_blank\" title=\"Detalles\"><i class=\"fas fa-link\"><\/i> DETALLES<\/a><a class=\"btn btn-primary btn-lg px-lg-4 d-block d-md-none\" href=\"https:\/\/comunidad.comprasdominicana.gob.do\/\/Public\/Tendering\/OpportunityDetail\/Index?noticeUID=DO1.NTC.1157324\" target=\"_blank\" title=\"Detalles\"><i class=\"fas fa-2x fa-link\"><\/i><\/a><\/div><\/div><\/div><div class=\"jumbotron archivos\"><div class=\"row align-items-center\"><div class=\"col\"><h6><a class=\"text-dark\" href=\"https:\/\/comunidad.comprasdominicana.gob.do\/\/Public\/Tendering\/OpportunityDetail\/Index?noticeUID=DO1.NTC.1155918\" title=\"Ver\" target=\"_blank\">INESPRE-UC-CD-2022-0137<\/a><\/h6><p class=\"mb-0 bold\">Adquisici\u00f3n Cortinas Antibacterianas<\/p><p class=\"mb-0\" style=\"font-size: .85rem\"><strong title=\"Estado del Proceso\"><i class=\"fas fa-spinner\"><\/i><\/strong> Proceso adjudicado y celebrado<\/p><p class=\"mb-0\" style=\"font-size: .85rem\"><strong title=\"Fecha de Publicaci\u00f3n\"><i class=\"fas fa-calendar-alt\"><\/i><\/strong> Publicado el viernes, 11 de noviembre de 2022<\/p><\/div><div class=\"col-auto mt-md-0 mt-2\"><a class=\"btn btn-primary btn-lg px-lg-4 d-none d-md-block\" href=\"https:\/\/comunidad.comprasdominicana.gob.do\/\/Public\/Tendering\/OpportunityDetail\/Index?noticeUID=DO1.NTC.1155918\" target=\"_blank\" title=\"Detalles\"><i class=\"fas fa-link\"><\/i> DETALLES<\/a><a class=\"btn btn-primary btn-lg px-lg-4 d-block d-md-none\" href=\"https:\/\/comunidad.comprasdominicana.gob.do\/\/Public\/Tendering\/OpportunityDetail\/Index?noticeUID=DO1.NTC.1155918\" target=\"_blank\" title=\"Detalles\"><i class=\"fas fa-2x fa-link\"><\/i><\/a><\/div><\/div><\/div><div class=\"jumbotron archivos\"><div class=\"row align-items-center\"><div class=\"col\"><h6><a class=\"text-dark\" href=\"https:\/\/comunidad.comprasdominicana.gob.do\/\/Public\/Tendering\/OpportunityDetail\/Index?noticeUID=DO1.NTC.1155231\" title=\"Ver\" target=\"_blank\">INESPRE-UC-CD-2022-0136<\/a><\/h6><p class=\"mb-0 bold\">Adquisici\u00f3n de Materiales para mantenimientos varios <\/p><p class=\"mb-0\" style=\"font-size: .85rem\"><strong title=\"Estado del Proceso\"><i class=\"fas fa-spinner\"><\/i><\/strong> Proceso adjudicado y celebrado<\/p><p class=\"mb-0\" style=\"font-size: .85rem\"><strong title=\"Fecha de Publicaci\u00f3n\"><i class=\"fas fa-calendar-alt\"><\/i><\/strong> Publicado el jueves, 10 de noviembre de 2022<\/p><\/div><div class=\"col-auto mt-md-0 mt-2\"><a class=\"btn btn-primary btn-lg px-lg-4 d-none d-md-block\" href=\"https:\/\/comunidad.comprasdominicana.gob.do\/\/Public\/Tendering\/OpportunityDetail\/Index?noticeUID=DO1.NTC.1155231\" target=\"_blank\" title=\"Detalles\"><i class=\"fas fa-link\"><\/i> DETALLES<\/a><a class=\"btn btn-primary btn-lg px-lg-4 d-block d-md-none\" href=\"https:\/\/comunidad.comprasdominicana.gob.do\/\/Public\/Tendering\/OpportunityDetail\/Index?noticeUID=DO1.NTC.1155231\" target=\"_blank\" title=\"Detalles\"><i class=\"fas fa-2x fa-link\"><\/i><\/a><\/div><\/div><\/div><div class=\"jumbotron archivos\"><div class=\"row align-items-center\"><div class=\"col\"><h6><a class=\"text-dark\" href=\"https:\/\/comunidad.comprasdominicana.gob.do\/\/Public\/Tendering\/OpportunityDetail\/Index?noticeUID=DO1.NTC.1155608\" title=\"Ver\" target=\"_blank\">INESPRE-UC-CD-2022-0134<\/a><\/h6><p class=\"mb-0 bold\">Adquisici\u00f3n de Arreglos de Flores para la misa del 53 aniversario<\/p><p class=\"mb-0\" style=\"font-size: .85rem\"><strong title=\"Estado del Proceso\"><i class=\"fas fa-spinner\"><\/i><\/strong> Proceso adjudicado y celebrado<\/p><p class=\"mb-0\" style=\"font-size: .85rem\"><strong title=\"Fecha de Publicaci\u00f3n\"><i class=\"fas fa-calendar-alt\"><\/i><\/strong> Publicado el jueves, 10 de noviembre de 2022<\/p><\/div><div class=\"col-auto mt-md-0 mt-2\"><a class=\"btn btn-primary btn-lg px-lg-4 d-none d-md-block\" href=\"https:\/\/comunidad.comprasdominicana.gob.do\/\/Public\/Tendering\/OpportunityDetail\/Index?noticeUID=DO1.NTC.1155608\" target=\"_blank\" title=\"Detalles\"><i class=\"fas fa-link\"><\/i> DETALLES<\/a><a class=\"btn btn-primary btn-lg px-lg-4 d-block d-md-none\" href=\"https:\/\/comunidad.comprasdominicana.gob.do\/\/Public\/Tendering\/OpportunityDetail\/Index?noticeUID=DO1.NTC.1155608\" target=\"_blank\" title=\"Detalles\"><i class=\"fas fa-2x fa-link\"><\/i><\/a><\/div><\/div><\/div><div class=\"jumbotron archivos\"><div class=\"row align-items-center\"><div class=\"col\"><h6><a class=\"text-dark\" href=\"https:\/\/comunidad.comprasdominicana.gob.do\/\/Public\/Tendering\/OpportunityDetail\/Index?noticeUID=DO1.NTC.1154009\" title=\"Ver\" target=\"_blank\">INESPRE-UC-CD-2022-0132<\/a><\/h6><p class=\"mb-0 bold\">Adquisici\u00f3n de Coronas Navide\u00f1as<\/p><p class=\"mb-0\" style=\"font-size: .85rem\"><strong title=\"Estado del Proceso\"><i class=\"fas fa-spinner\"><\/i><\/strong> Proceso adjudicado y celebrado<\/p><p class=\"mb-0\" style=\"font-size: .85rem\"><strong title=\"Fecha de Publicaci\u00f3n\"><i class=\"fas fa-calendar-alt\"><\/i><\/strong> Publicado el mi\u00e9rcoles, 9 de noviembre de 2022<\/p><\/div><div class=\"col-auto mt-md-0 mt-2\"><a class=\"btn btn-primary btn-lg px-lg-4 d-none d-md-block\" href=\"https:\/\/comunidad.comprasdominicana.gob.do\/\/Public\/Tendering\/OpportunityDetail\/Index?noticeUID=DO1.NTC.1154009\" target=\"_blank\" title=\"Detalles\"><i class=\"fas fa-link\"><\/i> DETALLES<\/a><a class=\"btn btn-primary btn-lg px-lg-4 d-block d-md-none\" href=\"https:\/\/comunidad.comprasdominicana.gob.do\/\/Public\/Tendering\/OpportunityDetail\/Index?noticeUID=DO1.NTC.1154009\" target=\"_blank\" title=\"Detalles\"><i class=\"fas fa-2x fa-link\"><\/i><\/a><\/div><\/div><\/div><div class=\"jumbotron archivos\"><div class=\"row align-items-center\"><div class=\"col\"><h6><a class=\"text-dark\" href=\"https:\/\/comunidad.comprasdominicana.gob.do\/\/Public\/Tendering\/OpportunityDetail\/Index?noticeUID=DO1.NTC.1153919\" title=\"Ver\" target=\"_blank\">INESPRE-UC-CD-2022-0133<\/a><\/h6><p class=\"mb-0 bold\">Adquisici\u00f3n de galletas de Jengibre navide\u00f1as <\/p><p class=\"mb-0\" style=\"font-size: .85rem\"><strong title=\"Estado del Proceso\"><i class=\"fas fa-spinner\"><\/i><\/strong> Proceso adjudicado y celebrado<\/p><p class=\"mb-0\" style=\"font-size: .85rem\"><strong title=\"Fecha de Publicaci\u00f3n\"><i class=\"fas fa-calendar-alt\"><\/i><\/strong> Publicado el martes, 8 de noviembre de 2022<\/p><\/div><div class=\"col-auto mt-md-0 mt-2\"><a class=\"btn btn-primary btn-lg px-lg-4 d-none d-md-block\" href=\"https:\/\/comunidad.comprasdominicana.gob.do\/\/Public\/Tendering\/OpportunityDetail\/Index?noticeUID=DO1.NTC.1153919\" target=\"_blank\" title=\"Detalles\"><i class=\"fas fa-link\"><\/i> DETALLES<\/a><a class=\"btn btn-primary btn-lg px-lg-4 d-block d-md-none\" href=\"https:\/\/comunidad.comprasdominicana.gob.do\/\/Public\/Tendering\/OpportunityDetail\/Index?noticeUID=DO1.NTC.1153919\" target=\"_blank\" title=\"Detalles\"><i class=\"fas fa-2x fa-link\"><\/i><\/a><\/div><\/div><\/div><div class=\"jumbotron archivos\"><div class=\"row align-items-center\"><div class=\"col\"><h6><a class=\"text-dark\" href=\"https:\/\/comunidad.comprasdominicana.gob.do\/\/Public\/Tendering\/OpportunityDetail\/Index?noticeUID=DO1.NTC.1153035\" title=\"Ver\" target=\"_blank\">INESPRE-UC-CD-2022-0131<\/a><\/h6><p class=\"mb-0 bold\">Adquisici\u00f3n de Pozuelos de cer\u00e1mica con logo<\/p><p class=\"mb-0\" style=\"font-size: .85rem\"><strong title=\"Estado del Proceso\"><i class=\"fas fa-spinner\"><\/i><\/strong> Proceso adjudicado y celebrado<\/p><p class=\"mb-0\" style=\"font-size: .85rem\"><strong title=\"Fecha de Publicaci\u00f3n\"><i class=\"fas fa-calendar-alt\"><\/i><\/strong> Publicado el lunes, 7 de noviembre de 2022<\/p><\/div><div class=\"col-auto mt-md-0 mt-2\"><a class=\"btn btn-primary btn-lg px-lg-4 d-none d-md-block\" href=\"https:\/\/comunidad.comprasdominicana.gob.do\/\/Public\/Tendering\/OpportunityDetail\/Index?noticeUID=DO1.NTC.1153035\" target=\"_blank\" title=\"Detalles\"><i class=\"fas fa-link\"><\/i> DETALLES<\/a><a class=\"btn btn-primary btn-lg px-lg-4 d-block d-md-none\" href=\"https:\/\/comunidad.comprasdominicana.gob.do\/\/Public\/Tendering\/OpportunityDetail\/Index?noticeUID=DO1.NTC.1153035\" target=\"_blank\" title=\"Detalles\"><i class=\"fas fa-2x fa-link\"><\/i><\/a><\/div><\/div><\/div><div class=\"jumbotron archivos\"><div class=\"row align-items-center\"><div class=\"col\"><h6><a class=\"text-dark\" href=\"https:\/\/comunidad.comprasdominicana.gob.do\/\/Public\/Tendering\/OpportunityDetail\/Index?noticeUID=DO1.NTC.1153158\" title=\"Ver\" target=\"_blank\">INESPRE-UC-CD-2022-0130<\/a><\/h6><p class=\"mb-0 bold\">Adquisici\u00f3n de Tarjetas de invitaci\u00f3n<\/p><p class=\"mb-0\" style=\"font-size: .85rem\"><strong title=\"Estado del Proceso\"><i class=\"fas fa-spinner\"><\/i><\/strong> Proceso adjudicado y celebrado<\/p><p class=\"mb-0\" style=\"font-size: .85rem\"><strong title=\"Fecha de Publicaci\u00f3n\"><i class=\"fas fa-calendar-alt\"><\/i><\/strong> Publicado el lunes, 7 de noviembre de 2022<\/p><\/div><div class=\"col-auto mt-md-0 mt-2\"><a class=\"btn btn-primary btn-lg px-lg-4 d-none d-md-block\" href=\"https:\/\/comunidad.comprasdominicana.gob.do\/\/Public\/Tendering\/OpportunityDetail\/Index?noticeUID=DO1.NTC.1153158\" target=\"_blank\" title=\"Detalles\"><i class=\"fas fa-link\"><\/i> DETALLES<\/a><a class=\"btn btn-primary btn-lg px-lg-4 d-block d-md-none\" href=\"https:\/\/comunidad.comprasdominicana.gob.do\/\/Public\/Tendering\/OpportunityDetail\/Index?noticeUID=DO1.NTC.1153158\" target=\"_blank\" title=\"Detalles\"><i class=\"fas fa-2x fa-link\"><\/i><\/a><\/div><\/div><\/div><div class=\"jumbotron archivos\"><div class=\"row align-items-center\"><div class=\"col\"><h6><a class=\"text-dark\" href=\"https:\/\/comunidad.comprasdominicana.gob.do\/\/Public\/Tendering\/OpportunityDetail\/Index?noticeUID=DO1.NTC.1151935\" title=\"Ver\" target=\"_blank\">INESPRE-UC-CD-2022-0129<\/a><\/h6><p class=\"mb-0 bold\">Adquisici\u00f3n de Pulseras para el d\u00eda de la no violencia contra la mujer<\/p><p class=\"mb-0\" style=\"font-size: .85rem\"><strong title=\"Estado del Proceso\"><i class=\"fas fa-spinner\"><\/i><\/strong> Proceso adjudicado y celebrado<\/p><p class=\"mb-0\" style=\"font-size: .85rem\"><strong title=\"Fecha de Publicaci\u00f3n\"><i class=\"fas fa-calendar-alt\"><\/i><\/strong> Publicado el jueves, 3 de noviembre de 2022<\/p><\/div><div class=\"col-auto mt-md-0 mt-2\"><a class=\"btn btn-primary btn-lg px-lg-4 d-none d-md-block\" href=\"https:\/\/comunidad.comprasdominicana.gob.do\/\/Public\/Tendering\/OpportunityDetail\/Index?noticeUID=DO1.NTC.1151935\" target=\"_blank\" title=\"Detalles\"><i class=\"fas fa-link\"><\/i> DETALLES<\/a><a class=\"btn btn-primary btn-lg px-lg-4 d-block d-md-none\" href=\"https:\/\/comunidad.comprasdominicana.gob.do\/\/Public\/Tendering\/OpportunityDetail\/Index?noticeUID=DO1.NTC.1151935\" target=\"_blank\" title=\"Detalles\"><i class=\"fas fa-2x fa-link\"><\/i><\/a><\/div><\/div><\/div><div class=\"jumbotron archivos\"><div class=\"row align-items-center\"><div class=\"col\"><h6><a class=\"text-dark\" href=\"https:\/\/comunidad.comprasdominicana.gob.do\/\/Public\/Tendering\/OpportunityDetail\/Index?noticeUID=DO1.NTC.1150525\" title=\"Ver\" target=\"_blank\">INESPRE-UC-CD-2022-0128<\/a><\/h6><p class=\"mb-0 bold\">Servicio de Insonorizaci\u00f3n de Caseta del Generador El\u00e9ctrico y Reducci\u00f3n de fluidos de gases<\/p><p class=\"mb-0\" style=\"font-size: .85rem\"><strong title=\"Estado del Proceso\"><i class=\"fas fa-spinner\"><\/i><\/strong> Proceso adjudicado y celebrado<\/p><p class=\"mb-0\" style=\"font-size: .85rem\"><strong title=\"Fecha de Publicaci\u00f3n\"><i class=\"fas fa-calendar-alt\"><\/i><\/strong> Publicado el martes, 1 de noviembre de 2022<\/p><\/div><div class=\"col-auto mt-md-0 mt-2\"><a class=\"btn btn-primary btn-lg px-lg-4 d-none d-md-block\" href=\"https:\/\/comunidad.comprasdominicana.gob.do\/\/Public\/Tendering\/OpportunityDetail\/Index?noticeUID=DO1.NTC.1150525\" target=\"_blank\" title=\"Detalles\"><i class=\"fas fa-link\"><\/i> DETALLES<\/a><a class=\"btn btn-primary btn-lg px-lg-4 d-block d-md-none\" href=\"https:\/\/comunidad.comprasdominicana.gob.do\/\/Public\/Tendering\/OpportunityDetail\/Index?noticeUID=DO1.NTC.1150525\" target=\"_blank\" title=\"Detalles\"><i class=\"fas fa-2x fa-link\"><\/i><\/a><\/div><\/div><\/div><\/div><\/div><\/div>\n        <div class=\"card\">\n            <div class=\"card-header parents\" id=\"heading_compras-por-debajo-del-umbral-69f73f7454400-2022-69f73f7454400-octubre-69f73f7454400\">\n                <p class=\"title text-blue mb-0\">\n                    <a class=\"btn-block hover text-left collapsed\" data-toggle=\"collapse\" data-target=\"#collap_compras-por-debajo-del-umbral-69f73f7454400-2022-69f73f7454400-octubre-69f73f7454400\" aria-expanded=\"false\" aria-controls=\"collap_compras-por-debajo-del-umbral-69f73f7454400-2022-69f73f7454400-octubre-69f73f7454400\">Octubre<\/a>\n                <\/p>\n            <\/div>\n            <div id=\"collap_compras-por-debajo-del-umbral-69f73f7454400-2022-69f73f7454400-octubre-69f73f7454400\" class=\"collapse\" aria-labelledby=\"heading_compras-por-debajo-del-umbral-69f73f7454400-2022-69f73f7454400-octubre-69f73f7454400\" data-parent=\"#collap_compras-por-debajo-del-umbral-69f73f7454400-2022-69f73f7454400\">\n                <div class=\"card-body\"><div class=\"jumbotron archivos\"><div class=\"row align-items-center\"><div class=\"col\"><h6><a class=\"text-dark\" href=\"https:\/\/comunidad.comprasdominicana.gob.do\/\/Public\/Tendering\/OpportunityDetail\/Index?noticeUID=DO1.NTC.1148820\" title=\"Ver\" target=\"_blank\">INESPRE-UC-CD-2022-0127<\/a><\/h6><p class=\"mb-0 bold\">Contrataci\u00f3n de espacios para la participaci\u00f3n del INESPRE el festival del Arroz 2022 en el San Francisco de Macor\u00eds <\/p><p class=\"mb-0\" style=\"font-size: .85rem\"><strong title=\"Estado del Proceso\"><i class=\"fas fa-spinner\"><\/i><\/strong> Proceso adjudicado y celebrado<\/p><p class=\"mb-0\" style=\"font-size: .85rem\"><strong title=\"Fecha de Publicaci\u00f3n\"><i class=\"fas fa-calendar-alt\"><\/i><\/strong> Publicado el jueves, 27 de octubre de 2022<\/p><\/div><div class=\"col-auto mt-md-0 mt-2\"><a class=\"btn btn-primary btn-lg px-lg-4 d-none d-md-block\" href=\"https:\/\/comunidad.comprasdominicana.gob.do\/\/Public\/Tendering\/OpportunityDetail\/Index?noticeUID=DO1.NTC.1148820\" target=\"_blank\" title=\"Detalles\"><i class=\"fas fa-link\"><\/i> DETALLES<\/a><a class=\"btn btn-primary btn-lg px-lg-4 d-block d-md-none\" href=\"https:\/\/comunidad.comprasdominicana.gob.do\/\/Public\/Tendering\/OpportunityDetail\/Index?noticeUID=DO1.NTC.1148820\" target=\"_blank\" title=\"Detalles\"><i class=\"fas fa-2x fa-link\"><\/i><\/a><\/div><\/div><\/div><div class=\"jumbotron archivos\"><div class=\"row align-items-center\"><div class=\"col\"><h6><a class=\"text-dark\" href=\"https:\/\/comunidad.comprasdominicana.gob.do\/\/Public\/Tendering\/OpportunityDetail\/Index?noticeUID=DO1.NTC.1149106\" title=\"Ver\" target=\"_blank\">INESPRE-UC-CD-2022-0126<\/a><\/h6><p class=\"mb-0 bold\">Servicio de Reparaci\u00f3n de Extractores<\/p><p class=\"mb-0\" style=\"font-size: .85rem\"><strong title=\"Estado del Proceso\"><i class=\"fas fa-spinner\"><\/i><\/strong> Proceso adjudicado y celebrado<\/p><p class=\"mb-0\" style=\"font-size: .85rem\"><strong title=\"Fecha de Publicaci\u00f3n\"><i class=\"fas fa-calendar-alt\"><\/i><\/strong> Publicado el jueves, 27 de octubre de 2022<\/p><\/div><div class=\"col-auto mt-md-0 mt-2\"><a class=\"btn btn-primary btn-lg px-lg-4 d-none d-md-block\" href=\"https:\/\/comunidad.comprasdominicana.gob.do\/\/Public\/Tendering\/OpportunityDetail\/Index?noticeUID=DO1.NTC.1149106\" target=\"_blank\" title=\"Detalles\"><i class=\"fas fa-link\"><\/i> DETALLES<\/a><a class=\"btn btn-primary btn-lg px-lg-4 d-block d-md-none\" href=\"https:\/\/comunidad.comprasdominicana.gob.do\/\/Public\/Tendering\/OpportunityDetail\/Index?noticeUID=DO1.NTC.1149106\" target=\"_blank\" title=\"Detalles\"><i class=\"fas fa-2x fa-link\"><\/i><\/a><\/div><\/div><\/div><div class=\"jumbotron archivos\"><div class=\"row align-items-center\"><div class=\"col\"><h6><a class=\"text-dark\" href=\"https:\/\/comunidad.comprasdominicana.gob.do\/\/Public\/Tendering\/OpportunityDetail\/Index?noticeUID=DO1.NTC.1148230\" title=\"Ver\" target=\"_blank\">INESPRE-UC-CD-2022-0123<\/a><\/h6><p class=\"mb-0 bold\">Adquisici\u00f3n de Abanicos de pared industriales<\/p><p class=\"mb-0\" style=\"font-size: .85rem\"><strong title=\"Estado del Proceso\"><i class=\"fas fa-spinner\"><\/i><\/strong> Proceso adjudicado y celebrado<\/p><p class=\"mb-0\" style=\"font-size: .85rem\"><strong title=\"Fecha de Publicaci\u00f3n\"><i class=\"fas fa-calendar-alt\"><\/i><\/strong> Publicado el mi\u00e9rcoles, 26 de octubre de 2022<\/p><\/div><div class=\"col-auto mt-md-0 mt-2\"><a class=\"btn btn-primary btn-lg px-lg-4 d-none d-md-block\" href=\"https:\/\/comunidad.comprasdominicana.gob.do\/\/Public\/Tendering\/OpportunityDetail\/Index?noticeUID=DO1.NTC.1148230\" target=\"_blank\" title=\"Detalles\"><i class=\"fas fa-link\"><\/i> DETALLES<\/a><a class=\"btn btn-primary btn-lg px-lg-4 d-block d-md-none\" href=\"https:\/\/comunidad.comprasdominicana.gob.do\/\/Public\/Tendering\/OpportunityDetail\/Index?noticeUID=DO1.NTC.1148230\" target=\"_blank\" title=\"Detalles\"><i class=\"fas fa-2x fa-link\"><\/i><\/a><\/div><\/div><\/div><div class=\"jumbotron archivos\"><div class=\"row align-items-center\"><div class=\"col\"><h6><a class=\"text-dark\" href=\"https:\/\/comunidad.comprasdominicana.gob.do\/\/Public\/Tendering\/OpportunityDetail\/Index?noticeUID=DO1.NTC.1148323\" title=\"Ver\" target=\"_blank\">INESPRE-UC-CD-2022-0124<\/a><\/h6><p class=\"mb-0 bold\">Adquisici\u00f3n de Banderas Nacionales<\/p><p class=\"mb-0\" style=\"font-size: .85rem\"><strong title=\"Estado del Proceso\"><i class=\"fas fa-spinner\"><\/i><\/strong> Proceso adjudicado y celebrado<\/p><p class=\"mb-0\" style=\"font-size: .85rem\"><strong title=\"Fecha de Publicaci\u00f3n\"><i class=\"fas fa-calendar-alt\"><\/i><\/strong> Publicado el mi\u00e9rcoles, 26 de octubre de 2022<\/p><\/div><div class=\"col-auto mt-md-0 mt-2\"><a class=\"btn btn-primary btn-lg px-lg-4 d-none d-md-block\" href=\"https:\/\/comunidad.comprasdominicana.gob.do\/\/Public\/Tendering\/OpportunityDetail\/Index?noticeUID=DO1.NTC.1148323\" target=\"_blank\" title=\"Detalles\"><i class=\"fas fa-link\"><\/i> DETALLES<\/a><a class=\"btn btn-primary btn-lg px-lg-4 d-block d-md-none\" href=\"https:\/\/comunidad.comprasdominicana.gob.do\/\/Public\/Tendering\/OpportunityDetail\/Index?noticeUID=DO1.NTC.1148323\" target=\"_blank\" title=\"Detalles\"><i class=\"fas fa-2x fa-link\"><\/i><\/a><\/div><\/div><\/div><div class=\"jumbotron archivos\"><div class=\"row align-items-center\"><div class=\"col\"><h6><a class=\"text-dark\" href=\"https:\/\/comunidad.comprasdominicana.gob.do\/\/Public\/Tendering\/OpportunityDetail\/Index?noticeUID=DO1.NTC.1148024\" title=\"Ver\" target=\"_blank\">INESPRE-UC-CD-2022-0125<\/a><\/h6><p class=\"mb-0 bold\">Servicio de Alquiler de Planta El\u00e9ctrica por 8 d\u00edas<\/p><p class=\"mb-0\" style=\"font-size: .85rem\"><strong title=\"Estado del Proceso\"><i class=\"fas fa-spinner\"><\/i><\/strong> Proceso adjudicado y celebrado<\/p><p class=\"mb-0\" style=\"font-size: .85rem\"><strong title=\"Fecha de Publicaci\u00f3n\"><i class=\"fas fa-calendar-alt\"><\/i><\/strong> Publicado el mi\u00e9rcoles, 26 de octubre de 2022<\/p><\/div><div class=\"col-auto mt-md-0 mt-2\"><a class=\"btn btn-primary btn-lg px-lg-4 d-none d-md-block\" href=\"https:\/\/comunidad.comprasdominicana.gob.do\/\/Public\/Tendering\/OpportunityDetail\/Index?noticeUID=DO1.NTC.1148024\" target=\"_blank\" title=\"Detalles\"><i class=\"fas fa-link\"><\/i> DETALLES<\/a><a class=\"btn btn-primary btn-lg px-lg-4 d-block d-md-none\" href=\"https:\/\/comunidad.comprasdominicana.gob.do\/\/Public\/Tendering\/OpportunityDetail\/Index?noticeUID=DO1.NTC.1148024\" target=\"_blank\" title=\"Detalles\"><i class=\"fas fa-2x fa-link\"><\/i><\/a><\/div><\/div><\/div><div class=\"jumbotron archivos\"><div class=\"row align-items-center\"><div class=\"col\"><h6><a class=\"text-dark\" href=\"https:\/\/comunidad.comprasdominicana.gob.do\/\/Public\/Tendering\/OpportunityDetail\/Index?noticeUID=DO1.NTC.1144832\" title=\"Ver\" target=\"_blank\">INESPRE-UC-CD-2022-0122<\/a><\/h6><p class=\"mb-0 bold\">Servicio de Picadera y Montaje para la Reuni\u00f3n del Directorio Ejecutivo del INESPRE<\/p><p class=\"mb-0\" style=\"font-size: .85rem\"><strong title=\"Estado del Proceso\"><i class=\"fas fa-spinner\"><\/i><\/strong> Proceso adjudicado y celebrado<\/p><p class=\"mb-0\" style=\"font-size: .85rem\"><strong title=\"Fecha de Publicaci\u00f3n\"><i class=\"fas fa-calendar-alt\"><\/i><\/strong> Publicado el martes, 18 de octubre de 2022<\/p><\/div><div class=\"col-auto mt-md-0 mt-2\"><a class=\"btn btn-primary btn-lg px-lg-4 d-none d-md-block\" href=\"https:\/\/comunidad.comprasdominicana.gob.do\/\/Public\/Tendering\/OpportunityDetail\/Index?noticeUID=DO1.NTC.1144832\" target=\"_blank\" title=\"Detalles\"><i class=\"fas fa-link\"><\/i> DETALLES<\/a><a class=\"btn btn-primary btn-lg px-lg-4 d-block d-md-none\" href=\"https:\/\/comunidad.comprasdominicana.gob.do\/\/Public\/Tendering\/OpportunityDetail\/Index?noticeUID=DO1.NTC.1144832\" target=\"_blank\" title=\"Detalles\"><i class=\"fas fa-2x fa-link\"><\/i><\/a><\/div><\/div><\/div><div class=\"jumbotron archivos\"><div class=\"row align-items-center\"><div class=\"col\"><h6><a class=\"text-dark\" href=\"https:\/\/comunidad.comprasdominicana.gob.do\/\/Public\/Tendering\/OpportunityDetail\/Index?noticeUID=DO1.NTC.1143836\" title=\"Ver\" target=\"_blank\">INESPRE-UC-CD-2022-0120<\/a><\/h6><p class=\"mb-0 bold\">Servicio de Publicaci\u00f3n en Peri\u00f3dico de Circulaci\u00f3n Nacional <\/p><p class=\"mb-0\" style=\"font-size: .85rem\"><strong title=\"Estado del Proceso\"><i class=\"fas fa-spinner\"><\/i><\/strong> Proceso adjudicado y celebrado<\/p><p class=\"mb-0\" style=\"font-size: .85rem\"><strong title=\"Fecha de Publicaci\u00f3n\"><i class=\"fas fa-calendar-alt\"><\/i><\/strong> Publicado el lunes, 17 de octubre de 2022<\/p><\/div><div class=\"col-auto mt-md-0 mt-2\"><a class=\"btn btn-primary btn-lg px-lg-4 d-none d-md-block\" href=\"https:\/\/comunidad.comprasdominicana.gob.do\/\/Public\/Tendering\/OpportunityDetail\/Index?noticeUID=DO1.NTC.1143836\" target=\"_blank\" title=\"Detalles\"><i class=\"fas fa-link\"><\/i> DETALLES<\/a><a class=\"btn btn-primary btn-lg px-lg-4 d-block d-md-none\" href=\"https:\/\/comunidad.comprasdominicana.gob.do\/\/Public\/Tendering\/OpportunityDetail\/Index?noticeUID=DO1.NTC.1143836\" target=\"_blank\" title=\"Detalles\"><i class=\"fas fa-2x fa-link\"><\/i><\/a><\/div><\/div><\/div><div class=\"jumbotron archivos\"><div class=\"row align-items-center\"><div class=\"col\"><h6><a class=\"text-dark\" href=\"https:\/\/comunidad.comprasdominicana.gob.do\/\/Public\/Tendering\/OpportunityDetail\/Index?noticeUID=DO1.NTC.1144039\" title=\"Ver\" target=\"_blank\">INESPRE-UC-CD-2022-0121<\/a><\/h6><p class=\"mb-0 bold\">Servicio de Publicaci\u00f3n en Peri\u00f3dico de Circulaci\u00f3n Nacional <\/p><p class=\"mb-0\" style=\"font-size: .85rem\"><strong title=\"Estado del Proceso\"><i class=\"fas fa-spinner\"><\/i><\/strong> Proceso adjudicado y celebrado<\/p><p class=\"mb-0\" style=\"font-size: .85rem\"><strong title=\"Fecha de Publicaci\u00f3n\"><i class=\"fas fa-calendar-alt\"><\/i><\/strong> Publicado el lunes, 17 de octubre de 2022<\/p><\/div><div class=\"col-auto mt-md-0 mt-2\"><a class=\"btn btn-primary btn-lg px-lg-4 d-none d-md-block\" href=\"https:\/\/comunidad.comprasdominicana.gob.do\/\/Public\/Tendering\/OpportunityDetail\/Index?noticeUID=DO1.NTC.1144039\" target=\"_blank\" title=\"Detalles\"><i class=\"fas fa-link\"><\/i> DETALLES<\/a><a class=\"btn btn-primary btn-lg px-lg-4 d-block d-md-none\" href=\"https:\/\/comunidad.comprasdominicana.gob.do\/\/Public\/Tendering\/OpportunityDetail\/Index?noticeUID=DO1.NTC.1144039\" target=\"_blank\" title=\"Detalles\"><i class=\"fas fa-2x fa-link\"><\/i><\/a><\/div><\/div><\/div><div class=\"jumbotron archivos\"><div class=\"row align-items-center\"><div class=\"col\"><h6><a class=\"text-dark\" href=\"https:\/\/comunidad.comprasdominicana.gob.do\/\/Public\/Tendering\/OpportunityDetail\/Index?noticeUID=DO1.NTC.1144006\" title=\"Ver\" target=\"_blank\">INESPRE-UC-CD-2022-0119<\/a><\/h6><p class=\"mb-0 bold\">Adquisici\u00f3n de Utensillos de Cocina Dom\u00e9sticos<\/p><p class=\"mb-0\" style=\"font-size: .85rem\"><strong title=\"Estado del Proceso\"><i class=\"fas fa-spinner\"><\/i><\/strong> Proceso adjudicado y celebrado<\/p><p class=\"mb-0\" style=\"font-size: .85rem\"><strong title=\"Fecha de Publicaci\u00f3n\"><i class=\"fas fa-calendar-alt\"><\/i><\/strong> Publicado el lunes, 17 de octubre de 2022<\/p><\/div><div class=\"col-auto mt-md-0 mt-2\"><a class=\"btn btn-primary btn-lg px-lg-4 d-none d-md-block\" href=\"https:\/\/comunidad.comprasdominicana.gob.do\/\/Public\/Tendering\/OpportunityDetail\/Index?noticeUID=DO1.NTC.1144006\" target=\"_blank\" title=\"Detalles\"><i class=\"fas fa-link\"><\/i> DETALLES<\/a><a class=\"btn btn-primary btn-lg px-lg-4 d-block d-md-none\" href=\"https:\/\/comunidad.comprasdominicana.gob.do\/\/Public\/Tendering\/OpportunityDetail\/Index?noticeUID=DO1.NTC.1144006\" target=\"_blank\" title=\"Detalles\"><i class=\"fas fa-2x fa-link\"><\/i><\/a><\/div><\/div><\/div><div class=\"jumbotron archivos\"><div class=\"row align-items-center\"><div class=\"col\"><h6><a class=\"text-dark\" href=\"https:\/\/comunidad.comprasdominicana.gob.do\/\/Public\/Tendering\/OpportunityDetail\/Index?noticeUID=DO1.NTC.1142609\" title=\"Ver\" target=\"_blank\">INESPRE-UC-CD-2022-0118<\/a><\/h6><p class=\"mb-0 bold\">Adquisici\u00f3n de Picadera Pre-Empacada para Talleres de Inteligencia Emocional  a Mipymes Industrial <\/p><p class=\"mb-0\" style=\"font-size: .85rem\"><strong title=\"Estado del Proceso\"><i class=\"fas fa-spinner\"><\/i><\/strong> Proceso adjudicado y celebrado<\/p><p class=\"mb-0\" style=\"font-size: .85rem\"><strong title=\"Fecha de Publicaci\u00f3n\"><i class=\"fas fa-calendar-alt\"><\/i><\/strong> Publicado el jueves, 13 de octubre de 2022<\/p><\/div><div class=\"col-auto mt-md-0 mt-2\"><a class=\"btn btn-primary btn-lg px-lg-4 d-none d-md-block\" href=\"https:\/\/comunidad.comprasdominicana.gob.do\/\/Public\/Tendering\/OpportunityDetail\/Index?noticeUID=DO1.NTC.1142609\" target=\"_blank\" title=\"Detalles\"><i class=\"fas fa-link\"><\/i> DETALLES<\/a><a class=\"btn btn-primary btn-lg px-lg-4 d-block d-md-none\" href=\"https:\/\/comunidad.comprasdominicana.gob.do\/\/Public\/Tendering\/OpportunityDetail\/Index?noticeUID=DO1.NTC.1142609\" target=\"_blank\" title=\"Detalles\"><i class=\"fas fa-2x fa-link\"><\/i><\/a><\/div><\/div><\/div><div class=\"jumbotron archivos\"><div class=\"row align-items-center\"><div class=\"col\"><h6><a class=\"text-dark\" href=\"https:\/\/comunidad.comprasdominicana.gob.do\/\/Public\/Tendering\/OpportunityDetail\/Index?noticeUID=DO1.NTC.1143011\" title=\"Ver\" target=\"_blank\">INESPRE-UC-CD-2022-0117<\/a><\/h6><p class=\"mb-0 bold\">Servicio de Catering para la Inauguraci\u00f3n de la Sala de Lactancia<\/p><p class=\"mb-0\" style=\"font-size: .85rem\"><strong title=\"Estado del Proceso\"><i class=\"fas fa-spinner\"><\/i><\/strong> Proceso adjudicado y celebrado<\/p><p class=\"mb-0\" style=\"font-size: .85rem\"><strong title=\"Fecha de Publicaci\u00f3n\"><i class=\"fas fa-calendar-alt\"><\/i><\/strong> Publicado el jueves, 13 de octubre de 2022<\/p><\/div><div class=\"col-auto mt-md-0 mt-2\"><a class=\"btn btn-primary btn-lg px-lg-4 d-none d-md-block\" href=\"https:\/\/comunidad.comprasdominicana.gob.do\/\/Public\/Tendering\/OpportunityDetail\/Index?noticeUID=DO1.NTC.1143011\" target=\"_blank\" title=\"Detalles\"><i class=\"fas fa-link\"><\/i> DETALLES<\/a><a class=\"btn btn-primary btn-lg px-lg-4 d-block d-md-none\" href=\"https:\/\/comunidad.comprasdominicana.gob.do\/\/Public\/Tendering\/OpportunityDetail\/Index?noticeUID=DO1.NTC.1143011\" target=\"_blank\" title=\"Detalles\"><i class=\"fas fa-2x fa-link\"><\/i><\/a><\/div><\/div><\/div><div class=\"jumbotron archivos\"><div class=\"row align-items-center\"><div class=\"col\"><h6><a class=\"text-dark\" href=\"https:\/\/comunidad.comprasdominicana.gob.do\/\/Public\/Tendering\/OpportunityDetail\/Index?noticeUID=DO1.NTC.1140620\" title=\"Ver\" target=\"_blank\">INESPRE-UC-CD-2022-0116<\/a><\/h6><p class=\"mb-0 bold\">Adquisici\u00f3n de Pins Met\u00e1licos con logo Institucional<\/p><p class=\"mb-0\" style=\"font-size: .85rem\"><strong title=\"Estado del Proceso\"><i class=\"fas fa-spinner\"><\/i><\/strong> Proceso adjudicado y celebrado<\/p><p class=\"mb-0\" style=\"font-size: .85rem\"><strong title=\"Fecha de Publicaci\u00f3n\"><i class=\"fas fa-calendar-alt\"><\/i><\/strong> Publicado el viernes, 7 de octubre de 2022<\/p><\/div><div class=\"col-auto mt-md-0 mt-2\"><a class=\"btn btn-primary btn-lg px-lg-4 d-none d-md-block\" href=\"https:\/\/comunidad.comprasdominicana.gob.do\/\/Public\/Tendering\/OpportunityDetail\/Index?noticeUID=DO1.NTC.1140620\" target=\"_blank\" title=\"Detalles\"><i class=\"fas fa-link\"><\/i> DETALLES<\/a><a class=\"btn btn-primary btn-lg px-lg-4 d-block d-md-none\" href=\"https:\/\/comunidad.comprasdominicana.gob.do\/\/Public\/Tendering\/OpportunityDetail\/Index?noticeUID=DO1.NTC.1140620\" target=\"_blank\" title=\"Detalles\"><i class=\"fas fa-2x fa-link\"><\/i><\/a><\/div><\/div><\/div><\/div><\/div><\/div>\n        <div class=\"card\">\n            <div class=\"card-header parents\" id=\"heading_compras-por-debajo-del-umbral-69f73f7454400-2022-69f73f7454400-septiembre-69f73f7454400\">\n                <p class=\"title text-blue mb-0\">\n                    <a class=\"btn-block hover text-left collapsed\" data-toggle=\"collapse\" data-target=\"#collap_compras-por-debajo-del-umbral-69f73f7454400-2022-69f73f7454400-septiembre-69f73f7454400\" aria-expanded=\"false\" aria-controls=\"collap_compras-por-debajo-del-umbral-69f73f7454400-2022-69f73f7454400-septiembre-69f73f7454400\">Septiembre<\/a>\n                <\/p>\n            <\/div>\n            <div id=\"collap_compras-por-debajo-del-umbral-69f73f7454400-2022-69f73f7454400-septiembre-69f73f7454400\" class=\"collapse\" aria-labelledby=\"heading_compras-por-debajo-del-umbral-69f73f7454400-2022-69f73f7454400-septiembre-69f73f7454400\" data-parent=\"#collap_compras-por-debajo-del-umbral-69f73f7454400-2022-69f73f7454400\">\n                <div class=\"card-body\"><div class=\"jumbotron archivos\"><div class=\"row align-items-center\"><div class=\"col\"><h6><a class=\"text-dark\" href=\"https:\/\/comunidad.comprasdominicana.gob.do\/\/Public\/Tendering\/OpportunityDetail\/Index?noticeUID=DO1.NTC.1136137\" title=\"Ver\" target=\"_blank\">INESPRE-UC-CD-2022-0115<\/a><\/h6><p class=\"mb-0 bold\">Adquisici\u00f3n de Agua Purificada<\/p><p class=\"mb-0\" style=\"font-size: .85rem\"><strong title=\"Estado del Proceso\"><i class=\"fas fa-spinner\"><\/i><\/strong> Proceso adjudicado y celebrado<\/p><p class=\"mb-0\" style=\"font-size: .85rem\"><strong title=\"Fecha de Publicaci\u00f3n\"><i class=\"fas fa-calendar-alt\"><\/i><\/strong> Publicado el mi\u00e9rcoles, 28 de septiembre de 2022<\/p><\/div><div class=\"col-auto mt-md-0 mt-2\"><a class=\"btn btn-primary btn-lg px-lg-4 d-none d-md-block\" href=\"https:\/\/comunidad.comprasdominicana.gob.do\/\/Public\/Tendering\/OpportunityDetail\/Index?noticeUID=DO1.NTC.1136137\" target=\"_blank\" title=\"Detalles\"><i class=\"fas fa-link\"><\/i> DETALLES<\/a><a class=\"btn btn-primary btn-lg px-lg-4 d-block d-md-none\" href=\"https:\/\/comunidad.comprasdominicana.gob.do\/\/Public\/Tendering\/OpportunityDetail\/Index?noticeUID=DO1.NTC.1136137\" target=\"_blank\" title=\"Detalles\"><i class=\"fas fa-2x fa-link\"><\/i><\/a><\/div><\/div><\/div><div class=\"jumbotron archivos\"><div class=\"row align-items-center\"><div class=\"col\"><h6><a class=\"text-dark\" href=\"https:\/\/comunidad.comprasdominicana.gob.do\/\/Public\/Tendering\/OpportunityDetail\/Index?noticeUID=DO1.NTC.1135530\" title=\"Ver\" target=\"_blank\">INESPRE-UC-CD-2022-0114<\/a><\/h6><p class=\"mb-0 bold\">Adquisici\u00f3n de Trajes Impermeables<\/p><p class=\"mb-0\" style=\"font-size: .85rem\"><strong title=\"Estado del Proceso\"><i class=\"fas fa-spinner\"><\/i><\/strong> Proceso adjudicado y celebrado<\/p><p class=\"mb-0\" style=\"font-size: .85rem\"><strong title=\"Fecha de Publicaci\u00f3n\"><i class=\"fas fa-calendar-alt\"><\/i><\/strong> Publicado el martes, 27 de septiembre de 2022<\/p><\/div><div class=\"col-auto mt-md-0 mt-2\"><a class=\"btn btn-primary btn-lg px-lg-4 d-none d-md-block\" href=\"https:\/\/comunidad.comprasdominicana.gob.do\/\/Public\/Tendering\/OpportunityDetail\/Index?noticeUID=DO1.NTC.1135530\" target=\"_blank\" title=\"Detalles\"><i class=\"fas fa-link\"><\/i> DETALLES<\/a><a class=\"btn btn-primary btn-lg px-lg-4 d-block d-md-none\" href=\"https:\/\/comunidad.comprasdominicana.gob.do\/\/Public\/Tendering\/OpportunityDetail\/Index?noticeUID=DO1.NTC.1135530\" target=\"_blank\" title=\"Detalles\"><i class=\"fas fa-2x fa-link\"><\/i><\/a><\/div><\/div><\/div><div class=\"jumbotron archivos\"><div class=\"row align-items-center\"><div class=\"col\"><h6><a class=\"text-dark\" href=\"https:\/\/comunidad.comprasdominicana.gob.do\/\/Public\/Tendering\/OpportunityDetail\/Index?noticeUID=DO1.NTC.1134841\" title=\"Ver\" target=\"_blank\">INESPRE-UC-CD-2022-0113<\/a><\/h6><p class=\"mb-0 bold\">Adquisici\u00f3n de Cafeteras Industriales y Neveras Pl\u00e1stica<\/p><p class=\"mb-0\" style=\"font-size: .85rem\"><strong title=\"Estado del Proceso\"><i class=\"fas fa-spinner\"><\/i><\/strong> Proceso adjudicado y celebrado<\/p><p class=\"mb-0\" style=\"font-size: .85rem\"><strong title=\"Fecha de Publicaci\u00f3n\"><i class=\"fas fa-calendar-alt\"><\/i><\/strong> Publicado el lunes, 26 de septiembre de 2022<\/p><\/div><div class=\"col-auto mt-md-0 mt-2\"><a class=\"btn btn-primary btn-lg px-lg-4 d-none d-md-block\" href=\"https:\/\/comunidad.comprasdominicana.gob.do\/\/Public\/Tendering\/OpportunityDetail\/Index?noticeUID=DO1.NTC.1134841\" target=\"_blank\" title=\"Detalles\"><i class=\"fas fa-link\"><\/i> DETALLES<\/a><a class=\"btn btn-primary btn-lg px-lg-4 d-block d-md-none\" href=\"https:\/\/comunidad.comprasdominicana.gob.do\/\/Public\/Tendering\/OpportunityDetail\/Index?noticeUID=DO1.NTC.1134841\" target=\"_blank\" title=\"Detalles\"><i class=\"fas fa-2x fa-link\"><\/i><\/a><\/div><\/div><\/div><div class=\"jumbotron archivos\"><div class=\"row align-items-center\"><div class=\"col\"><h6><a class=\"text-dark\" href=\"https:\/\/comunidad.comprasdominicana.gob.do\/\/Public\/Tendering\/OpportunityDetail\/Index?noticeUID=DO1.NTC.1134439\" title=\"Ver\" target=\"_blank\">INESPRE-UC-CD-2022-0112<\/a><\/h6><p class=\"mb-0 bold\">Adquisici\u00f3n de Coffe Break para jornada Reforestaci\u00f3n dirigido a Mipymes Industrial<\/p><p class=\"mb-0\" style=\"font-size: .85rem\"><strong title=\"Estado del Proceso\"><i class=\"fas fa-spinner\"><\/i><\/strong> Proceso adjudicado y celebrado<\/p><p class=\"mb-0\" style=\"font-size: .85rem\"><strong title=\"Fecha de Publicaci\u00f3n\"><i class=\"fas fa-calendar-alt\"><\/i><\/strong> Publicado el viernes, 23 de septiembre de 2022<\/p><\/div><div class=\"col-auto mt-md-0 mt-2\"><a class=\"btn btn-primary btn-lg px-lg-4 d-none d-md-block\" href=\"https:\/\/comunidad.comprasdominicana.gob.do\/\/Public\/Tendering\/OpportunityDetail\/Index?noticeUID=DO1.NTC.1134439\" target=\"_blank\" title=\"Detalles\"><i class=\"fas fa-link\"><\/i> DETALLES<\/a><a class=\"btn btn-primary btn-lg px-lg-4 d-block d-md-none\" href=\"https:\/\/comunidad.comprasdominicana.gob.do\/\/Public\/Tendering\/OpportunityDetail\/Index?noticeUID=DO1.NTC.1134439\" target=\"_blank\" title=\"Detalles\"><i class=\"fas fa-2x fa-link\"><\/i><\/a><\/div><\/div><\/div><div class=\"jumbotron archivos\"><div class=\"row align-items-center\"><div class=\"col\"><h6><a class=\"text-dark\" href=\"https:\/\/comunidad.comprasdominicana.gob.do\/\/Public\/Tendering\/OpportunityDetail\/Index?noticeUID=DO1.NTC.1134711\" title=\"Ver\" target=\"_blank\">INESPRE-UC-CD-2022-0111<\/a><\/h6><p class=\"mb-0 bold\">Adquisici\u00f3n de Banners para la Feria Santo Domingo Norte<\/p><p class=\"mb-0\" style=\"font-size: .85rem\"><strong title=\"Estado del Proceso\"><i class=\"fas fa-spinner\"><\/i><\/strong> Proceso adjudicado y celebrado<\/p><p class=\"mb-0\" style=\"font-size: .85rem\"><strong title=\"Fecha de Publicaci\u00f3n\"><i class=\"fas fa-calendar-alt\"><\/i><\/strong> Publicado el viernes, 23 de septiembre de 2022<\/p><\/div><div class=\"col-auto mt-md-0 mt-2\"><a class=\"btn btn-primary btn-lg px-lg-4 d-none d-md-block\" href=\"https:\/\/comunidad.comprasdominicana.gob.do\/\/Public\/Tendering\/OpportunityDetail\/Index?noticeUID=DO1.NTC.1134711\" target=\"_blank\" title=\"Detalles\"><i class=\"fas fa-link\"><\/i> DETALLES<\/a><a class=\"btn btn-primary btn-lg px-lg-4 d-block d-md-none\" href=\"https:\/\/comunidad.comprasdominicana.gob.do\/\/Public\/Tendering\/OpportunityDetail\/Index?noticeUID=DO1.NTC.1134711\" target=\"_blank\" title=\"Detalles\"><i class=\"fas fa-2x fa-link\"><\/i><\/a><\/div><\/div><\/div><div class=\"jumbotron archivos\"><div class=\"row align-items-center\"><div class=\"col\"><h6><a class=\"text-dark\" href=\"https:\/\/comunidad.comprasdominicana.gob.do\/\/Public\/Tendering\/OpportunityDetail\/Index?noticeUID=DO1.NTC.1134404\" title=\"Ver\" target=\"_blank\">INESPRE-UC-CD-2022-0110<\/a><\/h6><p class=\"mb-0 bold\">Adquisici\u00f3n de Guantes Desechables<\/p><p class=\"mb-0\" style=\"font-size: .85rem\"><strong title=\"Estado del Proceso\"><i class=\"fas fa-spinner\"><\/i><\/strong> Proceso adjudicado y celebrado<\/p><p class=\"mb-0\" style=\"font-size: .85rem\"><strong title=\"Fecha de Publicaci\u00f3n\"><i class=\"fas fa-calendar-alt\"><\/i><\/strong> Publicado el viernes, 23 de septiembre de 2022<\/p><\/div><div class=\"col-auto mt-md-0 mt-2\"><a class=\"btn btn-primary btn-lg px-lg-4 d-none d-md-block\" href=\"https:\/\/comunidad.comprasdominicana.gob.do\/\/Public\/Tendering\/OpportunityDetail\/Index?noticeUID=DO1.NTC.1134404\" target=\"_blank\" title=\"Detalles\"><i class=\"fas fa-link\"><\/i> DETALLES<\/a><a class=\"btn btn-primary btn-lg px-lg-4 d-block d-md-none\" href=\"https:\/\/comunidad.comprasdominicana.gob.do\/\/Public\/Tendering\/OpportunityDetail\/Index?noticeUID=DO1.NTC.1134404\" target=\"_blank\" title=\"Detalles\"><i class=\"fas fa-2x fa-link\"><\/i><\/a><\/div><\/div><\/div><div class=\"jumbotron archivos\"><div class=\"row align-items-center\"><div class=\"col\"><h6><a class=\"text-dark\" href=\"https:\/\/comunidad.comprasdominicana.gob.do\/\/Public\/Tendering\/OpportunityDetail\/Index?noticeUID=DO1.NTC.1133934\" title=\"Ver\" target=\"_blank\">INESPRE-UC-CD-2022-0109<\/a><\/h6><p class=\"mb-0 bold\">Adquisici\u00f3n de Balanzas Mec\u00e1nicas<\/p><p class=\"mb-0\" style=\"font-size: .85rem\"><strong title=\"Estado del Proceso\"><i class=\"fas fa-spinner\"><\/i><\/strong> Proceso adjudicado y celebrado<\/p><p class=\"mb-0\" style=\"font-size: .85rem\"><strong title=\"Fecha de Publicaci\u00f3n\"><i class=\"fas fa-calendar-alt\"><\/i><\/strong> Publicado el jueves, 22 de septiembre de 2022<\/p><\/div><div class=\"col-auto mt-md-0 mt-2\"><a class=\"btn btn-primary btn-lg px-lg-4 d-none d-md-block\" href=\"https:\/\/comunidad.comprasdominicana.gob.do\/\/Public\/Tendering\/OpportunityDetail\/Index?noticeUID=DO1.NTC.1133934\" target=\"_blank\" title=\"Detalles\"><i class=\"fas fa-link\"><\/i> DETALLES<\/a><a class=\"btn btn-primary btn-lg px-lg-4 d-block d-md-none\" href=\"https:\/\/comunidad.comprasdominicana.gob.do\/\/Public\/Tendering\/OpportunityDetail\/Index?noticeUID=DO1.NTC.1133934\" target=\"_blank\" title=\"Detalles\"><i class=\"fas fa-2x fa-link\"><\/i><\/a><\/div><\/div><\/div><div class=\"jumbotron archivos\"><div class=\"row align-items-center\"><div class=\"col\"><h6><a class=\"text-dark\" href=\"https:\/\/comunidad.comprasdominicana.gob.do\/\/Public\/Tendering\/OpportunityDetail\/Index?noticeUID=DO1.NTC.1131729\" title=\"Ver\" target=\"_blank\">INESPRE-UC-CD-2022-0107<\/a><\/h6><p class=\"mb-0 bold\">Adquisici\u00f3n de Micr\u00f3fonos y Bocinas <\/p><p class=\"mb-0\" style=\"font-size: .85rem\"><strong title=\"Estado del Proceso\"><i class=\"fas fa-spinner\"><\/i><\/strong> Proceso adjudicado y celebrado<\/p><p class=\"mb-0\" style=\"font-size: .85rem\"><strong title=\"Fecha de Publicaci\u00f3n\"><i class=\"fas fa-calendar-alt\"><\/i><\/strong> Publicado el viernes, 16 de septiembre de 2022<\/p><\/div><div class=\"col-auto mt-md-0 mt-2\"><a class=\"btn btn-primary btn-lg px-lg-4 d-none d-md-block\" href=\"https:\/\/comunidad.comprasdominicana.gob.do\/\/Public\/Tendering\/OpportunityDetail\/Index?noticeUID=DO1.NTC.1131729\" target=\"_blank\" title=\"Detalles\"><i class=\"fas fa-link\"><\/i> DETALLES<\/a><a class=\"btn btn-primary btn-lg px-lg-4 d-block d-md-none\" href=\"https:\/\/comunidad.comprasdominicana.gob.do\/\/Public\/Tendering\/OpportunityDetail\/Index?noticeUID=DO1.NTC.1131729\" target=\"_blank\" title=\"Detalles\"><i class=\"fas fa-2x fa-link\"><\/i><\/a><\/div><\/div><\/div><div class=\"jumbotron archivos\"><div class=\"row align-items-center\"><div class=\"col\"><h6><a class=\"text-dark\" href=\"https:\/\/comunidad.comprasdominicana.gob.do\/\/Public\/Tendering\/OpportunityDetail\/Index?noticeUID=DO1.NTC.1130718\" title=\"Ver\" target=\"_blank\">INESPRE-UC-CD-2022-0108<\/a><\/h6><p class=\"mb-0 bold\">Adquisici\u00f3n de L\u00e1mpara de Led <\/p><p class=\"mb-0\" style=\"font-size: .85rem\"><strong title=\"Estado del Proceso\"><i class=\"fas fa-spinner\"><\/i><\/strong> Proceso adjudicado y celebrado<\/p><p class=\"mb-0\" style=\"font-size: .85rem\"><strong title=\"Fecha de Publicaci\u00f3n\"><i class=\"fas fa-calendar-alt\"><\/i><\/strong> Publicado el jueves, 15 de septiembre de 2022<\/p><\/div><div class=\"col-auto mt-md-0 mt-2\"><a class=\"btn btn-primary btn-lg px-lg-4 d-none d-md-block\" href=\"https:\/\/comunidad.comprasdominicana.gob.do\/\/Public\/Tendering\/OpportunityDetail\/Index?noticeUID=DO1.NTC.1130718\" target=\"_blank\" title=\"Detalles\"><i class=\"fas fa-link\"><\/i> DETALLES<\/a><a class=\"btn btn-primary btn-lg px-lg-4 d-block d-md-none\" href=\"https:\/\/comunidad.comprasdominicana.gob.do\/\/Public\/Tendering\/OpportunityDetail\/Index?noticeUID=DO1.NTC.1130718\" target=\"_blank\" title=\"Detalles\"><i class=\"fas fa-2x fa-link\"><\/i><\/a><\/div><\/div><\/div><div class=\"jumbotron archivos\"><div class=\"row align-items-center\"><div class=\"col\"><h6><a class=\"text-dark\" href=\"https:\/\/comunidad.comprasdominicana.gob.do\/\/Public\/Tendering\/OpportunityDetail\/Index?noticeUID=DO1.NTC.1128507\" title=\"Ver\" target=\"_blank\">INESPRE-UC-CD-2022-0106<\/a><\/h6><p class=\"mb-0 bold\">Servicio de Montaje para Feria Agropecuaria<\/p><p class=\"mb-0\" style=\"font-size: .85rem\"><strong title=\"Estado del Proceso\"><i class=\"fas fa-spinner\"><\/i><\/strong> Proceso adjudicado y celebrado<\/p><p class=\"mb-0\" style=\"font-size: .85rem\"><strong title=\"Fecha de Publicaci\u00f3n\"><i class=\"fas fa-calendar-alt\"><\/i><\/strong> Publicado el viernes, 9 de septiembre de 2022<\/p><\/div><div class=\"col-auto mt-md-0 mt-2\"><a class=\"btn btn-primary btn-lg px-lg-4 d-none d-md-block\" href=\"https:\/\/comunidad.comprasdominicana.gob.do\/\/Public\/Tendering\/OpportunityDetail\/Index?noticeUID=DO1.NTC.1128507\" target=\"_blank\" title=\"Detalles\"><i class=\"fas fa-link\"><\/i> DETALLES<\/a><a class=\"btn btn-primary btn-lg px-lg-4 d-block d-md-none\" href=\"https:\/\/comunidad.comprasdominicana.gob.do\/\/Public\/Tendering\/OpportunityDetail\/Index?noticeUID=DO1.NTC.1128507\" target=\"_blank\" title=\"Detalles\"><i class=\"fas fa-2x fa-link\"><\/i><\/a><\/div><\/div><\/div><div class=\"jumbotron archivos\"><div class=\"row align-items-center\"><div class=\"col\"><h6><a class=\"text-dark\" href=\"https:\/\/comunidad.comprasdominicana.gob.do\/\/Public\/Tendering\/OpportunityDetail\/Index?noticeUID=DO1.NTC.1128033\" title=\"Ver\" target=\"_blank\">INESPRE-UC-CD-2022-0104<\/a><\/h6><p class=\"mb-0 bold\">Adquisici\u00f3n de Pantalla para Proyector<\/p><p class=\"mb-0\" style=\"font-size: .85rem\"><strong title=\"Estado del Proceso\"><i class=\"fas fa-spinner\"><\/i><\/strong> Proceso adjudicado y celebrado<\/p><p class=\"mb-0\" style=\"font-size: .85rem\"><strong title=\"Fecha de Publicaci\u00f3n\"><i class=\"fas fa-calendar-alt\"><\/i><\/strong> Publicado el jueves, 8 de septiembre de 2022<\/p><\/div><div class=\"col-auto mt-md-0 mt-2\"><a class=\"btn btn-primary btn-lg px-lg-4 d-none d-md-block\" href=\"https:\/\/comunidad.comprasdominicana.gob.do\/\/Public\/Tendering\/OpportunityDetail\/Index?noticeUID=DO1.NTC.1128033\" target=\"_blank\" title=\"Detalles\"><i class=\"fas fa-link\"><\/i> DETALLES<\/a><a class=\"btn btn-primary btn-lg px-lg-4 d-block d-md-none\" href=\"https:\/\/comunidad.comprasdominicana.gob.do\/\/Public\/Tendering\/OpportunityDetail\/Index?noticeUID=DO1.NTC.1128033\" target=\"_blank\" title=\"Detalles\"><i class=\"fas fa-2x fa-link\"><\/i><\/a><\/div><\/div><\/div><div class=\"jumbotron archivos\"><div class=\"row align-items-center\"><div class=\"col\"><h6><a class=\"text-dark\" href=\"https:\/\/comunidad.comprasdominicana.gob.do\/\/Public\/Tendering\/OpportunityDetail\/Index?noticeUID=DO1.NTC.1127729\" title=\"Ver\" target=\"_blank\">INESPRE-UC-CD-2022-0105<\/a><\/h6><p class=\"mb-0 bold\">Adquisici\u00f3n de Gabinetes El\u00e9ctricos<\/p><p class=\"mb-0\" style=\"font-size: .85rem\"><strong title=\"Estado del Proceso\"><i class=\"fas fa-spinner\"><\/i><\/strong> Proceso adjudicado y celebrado<\/p><p class=\"mb-0\" style=\"font-size: .85rem\"><strong title=\"Fecha de Publicaci\u00f3n\"><i class=\"fas fa-calendar-alt\"><\/i><\/strong> Publicado el jueves, 8 de septiembre de 2022<\/p><\/div><div class=\"col-auto mt-md-0 mt-2\"><a class=\"btn btn-primary btn-lg px-lg-4 d-none d-md-block\" href=\"https:\/\/comunidad.comprasdominicana.gob.do\/\/Public\/Tendering\/OpportunityDetail\/Index?noticeUID=DO1.NTC.1127729\" target=\"_blank\" title=\"Detalles\"><i class=\"fas fa-link\"><\/i> DETALLES<\/a><a class=\"btn btn-primary btn-lg px-lg-4 d-block d-md-none\" href=\"https:\/\/comunidad.comprasdominicana.gob.do\/\/Public\/Tendering\/OpportunityDetail\/Index?noticeUID=DO1.NTC.1127729\" target=\"_blank\" title=\"Detalles\"><i class=\"fas fa-2x fa-link\"><\/i><\/a><\/div><\/div><\/div><div class=\"jumbotron archivos\"><div class=\"row align-items-center\"><div class=\"col\"><h6><a class=\"text-dark\" href=\"https:\/\/comunidad.comprasdominicana.gob.do\/\/Public\/Tendering\/OpportunityDetail\/Index?noticeUID=DO1.NTC.1127211\" title=\"Ver\" target=\"_blank\">INESPRE-UC-CD-2022-0103<\/a><\/h6><p class=\"mb-0 bold\">Adquisici\u00f3n de Microondas, Cafeteras y Termos<\/p><p class=\"mb-0\" style=\"font-size: .85rem\"><strong title=\"Estado del Proceso\"><i class=\"fas fa-spinner\"><\/i><\/strong> Proceso adjudicado y celebrado<\/p><p class=\"mb-0\" style=\"font-size: .85rem\"><strong title=\"Fecha de Publicaci\u00f3n\"><i class=\"fas fa-calendar-alt\"><\/i><\/strong> Publicado el mi\u00e9rcoles, 7 de septiembre de 2022<\/p><\/div><div class=\"col-auto mt-md-0 mt-2\"><a class=\"btn btn-primary btn-lg px-lg-4 d-none d-md-block\" href=\"https:\/\/comunidad.comprasdominicana.gob.do\/\/Public\/Tendering\/OpportunityDetail\/Index?noticeUID=DO1.NTC.1127211\" target=\"_blank\" title=\"Detalles\"><i class=\"fas fa-link\"><\/i> DETALLES<\/a><a class=\"btn btn-primary btn-lg px-lg-4 d-block d-md-none\" href=\"https:\/\/comunidad.comprasdominicana.gob.do\/\/Public\/Tendering\/OpportunityDetail\/Index?noticeUID=DO1.NTC.1127211\" target=\"_blank\" title=\"Detalles\"><i class=\"fas fa-2x fa-link\"><\/i><\/a><\/div><\/div><\/div><div class=\"jumbotron archivos\"><div class=\"row align-items-center\"><div class=\"col\"><h6><a class=\"text-dark\" href=\"https:\/\/comunidad.comprasdominicana.gob.do\/\/Public\/Tendering\/OpportunityDetail\/Index?noticeUID=DO1.NTC.1126803\" title=\"Ver\" target=\"_blank\">INESPRE-UC-CD-2022-0101<\/a><\/h6><p class=\"mb-0 bold\">Adquisici\u00f3n de Scanners<\/p><p class=\"mb-0\" style=\"font-size: .85rem\"><strong title=\"Estado del Proceso\"><i class=\"fas fa-spinner\"><\/i><\/strong> Proceso adjudicado y celebrado<\/p><p class=\"mb-0\" style=\"font-size: .85rem\"><strong title=\"Fecha de Publicaci\u00f3n\"><i class=\"fas fa-calendar-alt\"><\/i><\/strong> Publicado el martes, 6 de septiembre de 2022<\/p><\/div><div class=\"col-auto mt-md-0 mt-2\"><a class=\"btn btn-primary btn-lg px-lg-4 d-none d-md-block\" href=\"https:\/\/comunidad.comprasdominicana.gob.do\/\/Public\/Tendering\/OpportunityDetail\/Index?noticeUID=DO1.NTC.1126803\" target=\"_blank\" title=\"Detalles\"><i class=\"fas fa-link\"><\/i> DETALLES<\/a><a class=\"btn btn-primary btn-lg px-lg-4 d-block d-md-none\" href=\"https:\/\/comunidad.comprasdominicana.gob.do\/\/Public\/Tendering\/OpportunityDetail\/Index?noticeUID=DO1.NTC.1126803\" target=\"_blank\" title=\"Detalles\"><i class=\"fas fa-2x fa-link\"><\/i><\/a><\/div><\/div><\/div><div class=\"jumbotron archivos\"><div class=\"row align-items-center\"><div class=\"col\"><h6><a class=\"text-dark\" href=\"https:\/\/comunidad.comprasdominicana.gob.do\/\/Public\/Tendering\/OpportunityDetail\/Index?noticeUID=DO1.NTC.1126147\" title=\"Ver\" target=\"_blank\">INESPRE-UC-CD-2022-0102<\/a><\/h6><p class=\"mb-0 bold\">Servicio de Colocaci\u00f3n de Publicidad Institucional en canal de Televisi\u00f3n de Transmisi\u00f3n Nacional<\/p><p class=\"mb-0\" style=\"font-size: .85rem\"><strong title=\"Estado del Proceso\"><i class=\"fas fa-spinner\"><\/i><\/strong> Proceso adjudicado y celebrado<\/p><p class=\"mb-0\" style=\"font-size: .85rem\"><strong title=\"Fecha de Publicaci\u00f3n\"><i class=\"fas fa-calendar-alt\"><\/i><\/strong> Publicado el lunes, 5 de septiembre de 2022<\/p><\/div><div class=\"col-auto mt-md-0 mt-2\"><a class=\"btn btn-primary btn-lg px-lg-4 d-none d-md-block\" href=\"https:\/\/comunidad.comprasdominicana.gob.do\/\/Public\/Tendering\/OpportunityDetail\/Index?noticeUID=DO1.NTC.1126147\" target=\"_blank\" title=\"Detalles\"><i class=\"fas fa-link\"><\/i> DETALLES<\/a><a class=\"btn btn-primary btn-lg px-lg-4 d-block d-md-none\" href=\"https:\/\/comunidad.comprasdominicana.gob.do\/\/Public\/Tendering\/OpportunityDetail\/Index?noticeUID=DO1.NTC.1126147\" target=\"_blank\" title=\"Detalles\"><i class=\"fas fa-2x fa-link\"><\/i><\/a><\/div><\/div><\/div><div class=\"jumbotron archivos\"><div class=\"row align-items-center\"><div class=\"col\"><h6><a class=\"text-dark\" href=\"https:\/\/comunidad.comprasdominicana.gob.do\/\/Public\/Tendering\/OpportunityDetail\/Index?noticeUID=DO1.NTC.1126118\" title=\"Ver\" target=\"_blank\">INESPRE-UC-CD-2022-0100<\/a><\/h6><p class=\"mb-0 bold\">Contrataci\u00f3n de espacios para la participaci\u00f3n de Inespre en Expo Feria Mayorista 2022<\/p><p class=\"mb-0\" style=\"font-size: .85rem\"><strong title=\"Estado del Proceso\"><i class=\"fas fa-spinner\"><\/i><\/strong> Proceso adjudicado y celebrado<\/p><p class=\"mb-0\" style=\"font-size: .85rem\"><strong title=\"Fecha de Publicaci\u00f3n\"><i class=\"fas fa-calendar-alt\"><\/i><\/strong> Publicado el lunes, 5 de septiembre de 2022<\/p><\/div><div class=\"col-auto mt-md-0 mt-2\"><a class=\"btn btn-primary btn-lg px-lg-4 d-none d-md-block\" href=\"https:\/\/comunidad.comprasdominicana.gob.do\/\/Public\/Tendering\/OpportunityDetail\/Index?noticeUID=DO1.NTC.1126118\" target=\"_blank\" title=\"Detalles\"><i class=\"fas fa-link\"><\/i> DETALLES<\/a><a class=\"btn btn-primary btn-lg px-lg-4 d-block d-md-none\" href=\"https:\/\/comunidad.comprasdominicana.gob.do\/\/Public\/Tendering\/OpportunityDetail\/Index?noticeUID=DO1.NTC.1126118\" target=\"_blank\" title=\"Detalles\"><i class=\"fas fa-2x fa-link\"><\/i><\/a><\/div><\/div><\/div><div class=\"jumbotron archivos\"><div class=\"row align-items-center\"><div class=\"col\"><h6><a class=\"text-dark\" href=\"https:\/\/comunidad.comprasdominicana.gob.do\/\/Public\/Tendering\/OpportunityDetail\/Index?noticeUID=DO1.NTC.1126113\" title=\"Ver\" target=\"_blank\">INESPRE-UC-CD-2022-0099<\/a><\/h6><p class=\"mb-0 bold\">Servicio de Colocaci\u00f3n de Publicidad Institucional en Programa Radial<\/p><p class=\"mb-0\" style=\"font-size: .85rem\"><strong title=\"Estado del Proceso\"><i class=\"fas fa-spinner\"><\/i><\/strong> Proceso adjudicado y celebrado<\/p><p class=\"mb-0\" style=\"font-size: .85rem\"><strong title=\"Fecha de Publicaci\u00f3n\"><i class=\"fas fa-calendar-alt\"><\/i><\/strong> Publicado el lunes, 5 de septiembre de 2022<\/p><\/div><div class=\"col-auto mt-md-0 mt-2\"><a class=\"btn btn-primary btn-lg px-lg-4 d-none d-md-block\" href=\"https:\/\/comunidad.comprasdominicana.gob.do\/\/Public\/Tendering\/OpportunityDetail\/Index?noticeUID=DO1.NTC.1126113\" target=\"_blank\" title=\"Detalles\"><i class=\"fas fa-link\"><\/i> DETALLES<\/a><a class=\"btn btn-primary btn-lg px-lg-4 d-block d-md-none\" href=\"https:\/\/comunidad.comprasdominicana.gob.do\/\/Public\/Tendering\/OpportunityDetail\/Index?noticeUID=DO1.NTC.1126113\" target=\"_blank\" title=\"Detalles\"><i class=\"fas fa-2x fa-link\"><\/i><\/a><\/div><\/div><\/div><\/div><\/div><\/div>\n        <div class=\"card\">\n            <div class=\"card-header parents\" id=\"heading_compras-por-debajo-del-umbral-69f73f7454400-2022-69f73f7454400-agosto-69f73f7454400\">\n                <p class=\"title text-blue mb-0\">\n                    <a class=\"btn-block hover text-left collapsed\" data-toggle=\"collapse\" data-target=\"#collap_compras-por-debajo-del-umbral-69f73f7454400-2022-69f73f7454400-agosto-69f73f7454400\" aria-expanded=\"false\" aria-controls=\"collap_compras-por-debajo-del-umbral-69f73f7454400-2022-69f73f7454400-agosto-69f73f7454400\">Agosto<\/a>\n                <\/p>\n            <\/div>\n            <div id=\"collap_compras-por-debajo-del-umbral-69f73f7454400-2022-69f73f7454400-agosto-69f73f7454400\" class=\"collapse\" aria-labelledby=\"heading_compras-por-debajo-del-umbral-69f73f7454400-2022-69f73f7454400-agosto-69f73f7454400\" data-parent=\"#collap_compras-por-debajo-del-umbral-69f73f7454400-2022-69f73f7454400\">\n                <div class=\"card-body\"><div class=\"jumbotron archivos\"><div class=\"row align-items-center\"><div class=\"col\"><h6><a class=\"text-dark\" href=\"https:\/\/comunidad.comprasdominicana.gob.do\/\/Public\/Tendering\/OpportunityDetail\/Index?noticeUID=DO1.NTC.1122929\" title=\"Ver\" target=\"_blank\">INESPRE-UC-CD-2022-0098<\/a><\/h6><p class=\"mb-0 bold\">Adquisici\u00f3n de Andamios <\/p><p class=\"mb-0\" style=\"font-size: .85rem\"><strong title=\"Estado del Proceso\"><i class=\"fas fa-spinner\"><\/i><\/strong> Proceso adjudicado y celebrado<\/p><p class=\"mb-0\" style=\"font-size: .85rem\"><strong title=\"Fecha de Publicaci\u00f3n\"><i class=\"fas fa-calendar-alt\"><\/i><\/strong> Publicado el lunes, 29 de agosto de 2022<\/p><\/div><div class=\"col-auto mt-md-0 mt-2\"><a class=\"btn btn-primary btn-lg px-lg-4 d-none d-md-block\" href=\"https:\/\/comunidad.comprasdominicana.gob.do\/\/Public\/Tendering\/OpportunityDetail\/Index?noticeUID=DO1.NTC.1122929\" target=\"_blank\" title=\"Detalles\"><i class=\"fas fa-link\"><\/i> DETALLES<\/a><a class=\"btn btn-primary btn-lg px-lg-4 d-block d-md-none\" href=\"https:\/\/comunidad.comprasdominicana.gob.do\/\/Public\/Tendering\/OpportunityDetail\/Index?noticeUID=DO1.NTC.1122929\" target=\"_blank\" title=\"Detalles\"><i class=\"fas fa-2x fa-link\"><\/i><\/a><\/div><\/div><\/div><div class=\"jumbotron archivos\"><div class=\"row align-items-center\"><div class=\"col\"><h6><a class=\"text-dark\" href=\"https:\/\/comunidad.comprasdominicana.gob.do\/\/Public\/Tendering\/OpportunityDetail\/Index?noticeUID=DO1.NTC.1122620\" title=\"Ver\" target=\"_blank\">INESPRE-UC-CD-2022-0097<\/a><\/h6><p class=\"mb-0 bold\">Adquisici\u00f3n de Trituradoras<\/p><p class=\"mb-0\" style=\"font-size: .85rem\"><strong title=\"Estado del Proceso\"><i class=\"fas fa-spinner\"><\/i><\/strong> Proceso adjudicado y celebrado<\/p><p class=\"mb-0\" style=\"font-size: .85rem\"><strong title=\"Fecha de Publicaci\u00f3n\"><i class=\"fas fa-calendar-alt\"><\/i><\/strong> Publicado el viernes, 26 de agosto de 2022<\/p><\/div><div class=\"col-auto mt-md-0 mt-2\"><a class=\"btn btn-primary btn-lg px-lg-4 d-none d-md-block\" href=\"https:\/\/comunidad.comprasdominicana.gob.do\/\/Public\/Tendering\/OpportunityDetail\/Index?noticeUID=DO1.NTC.1122620\" target=\"_blank\" title=\"Detalles\"><i class=\"fas fa-link\"><\/i> DETALLES<\/a><a class=\"btn btn-primary btn-lg px-lg-4 d-block d-md-none\" href=\"https:\/\/comunidad.comprasdominicana.gob.do\/\/Public\/Tendering\/OpportunityDetail\/Index?noticeUID=DO1.NTC.1122620\" target=\"_blank\" title=\"Detalles\"><i class=\"fas fa-2x fa-link\"><\/i><\/a><\/div><\/div><\/div><div class=\"jumbotron archivos\"><div class=\"row align-items-center\"><div class=\"col\"><h6><a class=\"text-dark\" href=\"https:\/\/comunidad.comprasdominicana.gob.do\/\/Public\/Tendering\/OpportunityDetail\/Index?noticeUID=DO1.NTC.1122617\" title=\"Ver\" target=\"_blank\">INESPRE-UC-CD-2022-0096<\/a><\/h6><p class=\"mb-0 bold\">Adquisici\u00f3n de Conectores de Piso<\/p><p class=\"mb-0\" style=\"font-size: .85rem\"><strong title=\"Estado del Proceso\"><i class=\"fas fa-spinner\"><\/i><\/strong> Proceso adjudicado y celebrado<\/p><p class=\"mb-0\" style=\"font-size: .85rem\"><strong title=\"Fecha de Publicaci\u00f3n\"><i class=\"fas fa-calendar-alt\"><\/i><\/strong> Publicado el viernes, 26 de agosto de 2022<\/p><\/div><div class=\"col-auto mt-md-0 mt-2\"><a class=\"btn btn-primary btn-lg px-lg-4 d-none d-md-block\" href=\"https:\/\/comunidad.comprasdominicana.gob.do\/\/Public\/Tendering\/OpportunityDetail\/Index?noticeUID=DO1.NTC.1122617\" target=\"_blank\" title=\"Detalles\"><i class=\"fas fa-link\"><\/i> DETALLES<\/a><a class=\"btn btn-primary btn-lg px-lg-4 d-block d-md-none\" href=\"https:\/\/comunidad.comprasdominicana.gob.do\/\/Public\/Tendering\/OpportunityDetail\/Index?noticeUID=DO1.NTC.1122617\" target=\"_blank\" title=\"Detalles\"><i class=\"fas fa-2x fa-link\"><\/i><\/a><\/div><\/div><\/div><div class=\"jumbotron archivos\"><div class=\"row align-items-center\"><div class=\"col\"><h6><a class=\"text-dark\" href=\"https:\/\/comunidad.comprasdominicana.gob.do\/\/Public\/Tendering\/OpportunityDetail\/Index?noticeUID=DO1.NTC.1119520\" title=\"Ver\" target=\"_blank\">INESPRE-UC-CD-2022-0095<\/a><\/h6><p class=\"mb-0 bold\">Adquisici\u00f3n de Aspiradora, Aud\u00edfonos y Herramientas para Computadoras<\/p><p class=\"mb-0\" style=\"font-size: .85rem\"><strong title=\"Estado del Proceso\"><i class=\"fas fa-spinner\"><\/i><\/strong> Proceso adjudicado y celebrado<\/p><p class=\"mb-0\" style=\"font-size: .85rem\"><strong title=\"Fecha de Publicaci\u00f3n\"><i class=\"fas fa-calendar-alt\"><\/i><\/strong> Publicado el viernes, 19 de agosto de 2022<\/p><\/div><div class=\"col-auto mt-md-0 mt-2\"><a class=\"btn btn-primary btn-lg px-lg-4 d-none d-md-block\" href=\"https:\/\/comunidad.comprasdominicana.gob.do\/\/Public\/Tendering\/OpportunityDetail\/Index?noticeUID=DO1.NTC.1119520\" target=\"_blank\" title=\"Detalles\"><i class=\"fas fa-link\"><\/i> DETALLES<\/a><a class=\"btn btn-primary btn-lg px-lg-4 d-block d-md-none\" href=\"https:\/\/comunidad.comprasdominicana.gob.do\/\/Public\/Tendering\/OpportunityDetail\/Index?noticeUID=DO1.NTC.1119520\" target=\"_blank\" title=\"Detalles\"><i class=\"fas fa-2x fa-link\"><\/i><\/a><\/div><\/div><\/div><div class=\"jumbotron archivos\"><div class=\"row align-items-center\"><div class=\"col\"><h6><a class=\"text-dark\" href=\"https:\/\/comunidad.comprasdominicana.gob.do\/\/Public\/Tendering\/OpportunityDetail\/Index?noticeUID=DO1.NTC.1119507\" title=\"Ver\" target=\"_blank\">INESPRE-UC-CD-2022-0094<\/a><\/h6><p class=\"mb-0 bold\">Servicio de Colocaci\u00f3n de Publicidad Institucional en canal de Televisi\u00f3n de Transmisi\u00f3n Nacional.<\/p><p class=\"mb-0\" style=\"font-size: .85rem\"><strong title=\"Estado del Proceso\"><i class=\"fas fa-spinner\"><\/i><\/strong> Proceso adjudicado y celebrado<\/p><p class=\"mb-0\" style=\"font-size: .85rem\"><strong title=\"Fecha de Publicaci\u00f3n\"><i class=\"fas fa-calendar-alt\"><\/i><\/strong> Publicado el viernes, 19 de agosto de 2022<\/p><\/div><div class=\"col-auto mt-md-0 mt-2\"><a class=\"btn btn-primary btn-lg px-lg-4 d-none d-md-block\" href=\"https:\/\/comunidad.comprasdominicana.gob.do\/\/Public\/Tendering\/OpportunityDetail\/Index?noticeUID=DO1.NTC.1119507\" target=\"_blank\" title=\"Detalles\"><i class=\"fas fa-link\"><\/i> DETALLES<\/a><a class=\"btn btn-primary btn-lg px-lg-4 d-block d-md-none\" href=\"https:\/\/comunidad.comprasdominicana.gob.do\/\/Public\/Tendering\/OpportunityDetail\/Index?noticeUID=DO1.NTC.1119507\" target=\"_blank\" title=\"Detalles\"><i class=\"fas fa-2x fa-link\"><\/i><\/a><\/div><\/div><\/div><div class=\"jumbotron archivos\"><div class=\"row align-items-center\"><div class=\"col\"><h6><a class=\"text-dark\" href=\"https:\/\/comunidad.comprasdominicana.gob.do\/\/Public\/Tendering\/OpportunityDetail\/Index?noticeUID=DO1.NTC.1118326\" title=\"Ver\" target=\"_blank\">INESPRE-UC-CD-2022-0093<\/a><\/h6><p class=\"mb-0 bold\">Adquisici\u00f3n de Materiales de construcci\u00f3n<\/p><p class=\"mb-0\" style=\"font-size: .85rem\"><strong title=\"Estado del Proceso\"><i class=\"fas fa-spinner\"><\/i><\/strong> Proceso adjudicado y celebrado<\/p><p class=\"mb-0\" style=\"font-size: .85rem\"><strong title=\"Fecha de Publicaci\u00f3n\"><i class=\"fas fa-calendar-alt\"><\/i><\/strong> Publicado el mi\u00e9rcoles, 17 de agosto de 2022<\/p><\/div><div class=\"col-auto mt-md-0 mt-2\"><a class=\"btn btn-primary btn-lg px-lg-4 d-none d-md-block\" href=\"https:\/\/comunidad.comprasdominicana.gob.do\/\/Public\/Tendering\/OpportunityDetail\/Index?noticeUID=DO1.NTC.1118326\" target=\"_blank\" title=\"Detalles\"><i class=\"fas fa-link\"><\/i> DETALLES<\/a><a class=\"btn btn-primary btn-lg px-lg-4 d-block d-md-none\" href=\"https:\/\/comunidad.comprasdominicana.gob.do\/\/Public\/Tendering\/OpportunityDetail\/Index?noticeUID=DO1.NTC.1118326\" target=\"_blank\" title=\"Detalles\"><i class=\"fas fa-2x fa-link\"><\/i><\/a><\/div><\/div><\/div><div class=\"jumbotron archivos\"><div class=\"row align-items-center\"><div class=\"col\"><h6><a class=\"text-dark\" href=\"https:\/\/comunidad.comprasdominicana.gob.do\/\/Public\/Tendering\/OpportunityDetail\/Index?noticeUID=DO1.NTC.1116618\" title=\"Ver\" target=\"_blank\">INESPRE-UC-CD-2022-0092<\/a><\/h6><p class=\"mb-0 bold\">Contrataci\u00f3n de espacios para Stand de INESPRE en feria Expo Cibao 2022<\/p><p class=\"mb-0\" style=\"font-size: .85rem\"><strong title=\"Estado del Proceso\"><i class=\"fas fa-spinner\"><\/i><\/strong> Proceso adjudicado y celebrado<\/p><p class=\"mb-0\" style=\"font-size: .85rem\"><strong title=\"Fecha de Publicaci\u00f3n\"><i class=\"fas fa-calendar-alt\"><\/i><\/strong> Publicado el jueves, 11 de agosto de 2022<\/p><\/div><div class=\"col-auto mt-md-0 mt-2\"><a class=\"btn btn-primary btn-lg px-lg-4 d-none d-md-block\" href=\"https:\/\/comunidad.comprasdominicana.gob.do\/\/Public\/Tendering\/OpportunityDetail\/Index?noticeUID=DO1.NTC.1116618\" target=\"_blank\" title=\"Detalles\"><i class=\"fas fa-link\"><\/i> DETALLES<\/a><a class=\"btn btn-primary btn-lg px-lg-4 d-block d-md-none\" href=\"https:\/\/comunidad.comprasdominicana.gob.do\/\/Public\/Tendering\/OpportunityDetail\/Index?noticeUID=DO1.NTC.1116618\" target=\"_blank\" title=\"Detalles\"><i class=\"fas fa-2x fa-link\"><\/i><\/a><\/div><\/div><\/div><div class=\"jumbotron archivos\"><div class=\"row align-items-center\"><div class=\"col\"><h6><a class=\"text-dark\" href=\"https:\/\/comunidad.comprasdominicana.gob.do\/\/Public\/Tendering\/OpportunityDetail\/Index?noticeUID=DO1.NTC.1115419\" title=\"Ver\" target=\"_blank\">INESPRE-UC-CD-2022-0090<\/a><\/h6><p class=\"mb-0 bold\">Servicio de  Publicaci\u00f3n en Peri\u00f3dico de circulaci\u00f3n Nacional <\/p><p class=\"mb-0\" style=\"font-size: .85rem\"><strong title=\"Estado del Proceso\"><i class=\"fas fa-spinner\"><\/i><\/strong> Proceso adjudicado y celebrado<\/p><p class=\"mb-0\" style=\"font-size: .85rem\"><strong title=\"Fecha de Publicaci\u00f3n\"><i class=\"fas fa-calendar-alt\"><\/i><\/strong> Publicado el martes, 9 de agosto de 2022<\/p><\/div><div class=\"col-auto mt-md-0 mt-2\"><a class=\"btn btn-primary btn-lg px-lg-4 d-none d-md-block\" href=\"https:\/\/comunidad.comprasdominicana.gob.do\/\/Public\/Tendering\/OpportunityDetail\/Index?noticeUID=DO1.NTC.1115419\" target=\"_blank\" title=\"Detalles\"><i class=\"fas fa-link\"><\/i> DETALLES<\/a><a class=\"btn btn-primary btn-lg px-lg-4 d-block d-md-none\" href=\"https:\/\/comunidad.comprasdominicana.gob.do\/\/Public\/Tendering\/OpportunityDetail\/Index?noticeUID=DO1.NTC.1115419\" target=\"_blank\" title=\"Detalles\"><i class=\"fas fa-2x fa-link\"><\/i><\/a><\/div><\/div><\/div><div class=\"jumbotron archivos\"><div class=\"row align-items-center\"><div class=\"col\"><h6><a class=\"text-dark\" href=\"https:\/\/comunidad.comprasdominicana.gob.do\/\/Public\/Tendering\/OpportunityDetail\/Index?noticeUID=DO1.NTC.1115417\" title=\"Ver\" target=\"_blank\">INESPRE-UC-CD-2022-0091<\/a><\/h6><p class=\"mb-0 bold\">Adquisici\u00f3n de Bloques de Papel<\/p><p class=\"mb-0\" style=\"font-size: .85rem\"><strong title=\"Estado del Proceso\"><i class=\"fas fa-spinner\"><\/i><\/strong> Proceso adjudicado y celebrado<\/p><p class=\"mb-0\" style=\"font-size: .85rem\"><strong title=\"Fecha de Publicaci\u00f3n\"><i class=\"fas fa-calendar-alt\"><\/i><\/strong> Publicado el martes, 9 de agosto de 2022<\/p><\/div><div class=\"col-auto mt-md-0 mt-2\"><a class=\"btn btn-primary btn-lg px-lg-4 d-none d-md-block\" href=\"https:\/\/comunidad.comprasdominicana.gob.do\/\/Public\/Tendering\/OpportunityDetail\/Index?noticeUID=DO1.NTC.1115417\" target=\"_blank\" title=\"Detalles\"><i class=\"fas fa-link\"><\/i> DETALLES<\/a><a class=\"btn btn-primary btn-lg px-lg-4 d-block d-md-none\" href=\"https:\/\/comunidad.comprasdominicana.gob.do\/\/Public\/Tendering\/OpportunityDetail\/Index?noticeUID=DO1.NTC.1115417\" target=\"_blank\" title=\"Detalles\"><i class=\"fas fa-2x fa-link\"><\/i><\/a><\/div><\/div><\/div><div class=\"jumbotron archivos\"><div class=\"row align-items-center\"><div class=\"col\"><h6><a class=\"text-dark\" href=\"https:\/\/comunidad.comprasdominicana.gob.do\/\/Public\/Tendering\/OpportunityDetail\/Index?noticeUID=DO1.NTC.1115013\" title=\"Ver\" target=\"_blank\">INESPRE-UC-CD-2022-0089<\/a><\/h6><p class=\"mb-0 bold\">Adquisici\u00f3n de Discos Duros <\/p><p class=\"mb-0\" style=\"font-size: .85rem\"><strong title=\"Estado del Proceso\"><i class=\"fas fa-spinner\"><\/i><\/strong> Proceso adjudicado y celebrado<\/p><p class=\"mb-0\" style=\"font-size: .85rem\"><strong title=\"Fecha de Publicaci\u00f3n\"><i class=\"fas fa-calendar-alt\"><\/i><\/strong> Publicado el martes, 9 de agosto de 2022<\/p><\/div><div class=\"col-auto mt-md-0 mt-2\"><a class=\"btn btn-primary btn-lg px-lg-4 d-none d-md-block\" href=\"https:\/\/comunidad.comprasdominicana.gob.do\/\/Public\/Tendering\/OpportunityDetail\/Index?noticeUID=DO1.NTC.1115013\" target=\"_blank\" title=\"Detalles\"><i class=\"fas fa-link\"><\/i> DETALLES<\/a><a class=\"btn btn-primary btn-lg px-lg-4 d-block d-md-none\" href=\"https:\/\/comunidad.comprasdominicana.gob.do\/\/Public\/Tendering\/OpportunityDetail\/Index?noticeUID=DO1.NTC.1115013\" target=\"_blank\" title=\"Detalles\"><i class=\"fas fa-2x fa-link\"><\/i><\/a><\/div><\/div><\/div><div class=\"jumbotron archivos\"><div class=\"row align-items-center\"><div class=\"col\"><h6><a class=\"text-dark\" href=\"https:\/\/comunidad.comprasdominicana.gob.do\/\/Public\/Tendering\/OpportunityDetail\/Index?noticeUID=DO1.NTC.1115211\" title=\"Ver\" target=\"_blank\">INESPRE-UC-CD-2022-0088<\/a><\/h6><p class=\"mb-0 bold\">Adquisici\u00f3n de Talonarios<\/p><p class=\"mb-0\" style=\"font-size: .85rem\"><strong title=\"Estado del Proceso\"><i class=\"fas fa-spinner\"><\/i><\/strong> Proceso adjudicado y celebrado<\/p><p class=\"mb-0\" style=\"font-size: .85rem\"><strong title=\"Fecha de Publicaci\u00f3n\"><i class=\"fas fa-calendar-alt\"><\/i><\/strong> Publicado el martes, 9 de agosto de 2022<\/p><\/div><div class=\"col-auto mt-md-0 mt-2\"><a class=\"btn btn-primary btn-lg px-lg-4 d-none d-md-block\" href=\"https:\/\/comunidad.comprasdominicana.gob.do\/\/Public\/Tendering\/OpportunityDetail\/Index?noticeUID=DO1.NTC.1115211\" target=\"_blank\" title=\"Detalles\"><i class=\"fas fa-link\"><\/i> DETALLES<\/a><a class=\"btn btn-primary btn-lg px-lg-4 d-block d-md-none\" href=\"https:\/\/comunidad.comprasdominicana.gob.do\/\/Public\/Tendering\/OpportunityDetail\/Index?noticeUID=DO1.NTC.1115211\" target=\"_blank\" title=\"Detalles\"><i class=\"fas fa-2x fa-link\"><\/i><\/a><\/div><\/div><\/div><div class=\"jumbotron archivos\"><div class=\"row align-items-center\"><div class=\"col\"><h6><a class=\"text-dark\" href=\"https:\/\/comunidad.comprasdominicana.gob.do\/\/Public\/Tendering\/OpportunityDetail\/Index?noticeUID=DO1.NTC.1113220\" title=\"Ver\" target=\"_blank\">INESPRE-UC-CD-2022-0085<\/a><\/h6><p class=\"mb-0 bold\">Servicio de Alquiler de Vallas de Seguridad<\/p><p class=\"mb-0\" style=\"font-size: .85rem\"><strong title=\"Estado del Proceso\"><i class=\"fas fa-spinner\"><\/i><\/strong> Proceso adjudicado y celebrado<\/p><p class=\"mb-0\" style=\"font-size: .85rem\"><strong title=\"Fecha de Publicaci\u00f3n\"><i class=\"fas fa-calendar-alt\"><\/i><\/strong> Publicado el jueves, 4 de agosto de 2022<\/p><\/div><div class=\"col-auto mt-md-0 mt-2\"><a class=\"btn btn-primary btn-lg px-lg-4 d-none d-md-block\" href=\"https:\/\/comunidad.comprasdominicana.gob.do\/\/Public\/Tendering\/OpportunityDetail\/Index?noticeUID=DO1.NTC.1113220\" target=\"_blank\" title=\"Detalles\"><i class=\"fas fa-link\"><\/i> DETALLES<\/a><a class=\"btn btn-primary btn-lg px-lg-4 d-block d-md-none\" href=\"https:\/\/comunidad.comprasdominicana.gob.do\/\/Public\/Tendering\/OpportunityDetail\/Index?noticeUID=DO1.NTC.1113220\" target=\"_blank\" title=\"Detalles\"><i class=\"fas fa-2x fa-link\"><\/i><\/a><\/div><\/div><\/div><div class=\"jumbotron archivos\"><div class=\"row align-items-center\"><div class=\"col\"><h6><a class=\"text-dark\" href=\"https:\/\/comunidad.comprasdominicana.gob.do\/\/Public\/Tendering\/OpportunityDetail\/Index?noticeUID=DO1.NTC.1113115\" title=\"Ver\" target=\"_blank\">INESPRE-UC-CD-2022-0087<\/a><\/h6><p class=\"mb-0 bold\">Servicio de Publicaci\u00f3n en Peri\u00f3dicos de circulaci\u00f3n Nacional <\/p><p class=\"mb-0\" style=\"font-size: .85rem\"><strong title=\"Estado del Proceso\"><i class=\"fas fa-spinner\"><\/i><\/strong> Proceso adjudicado y celebrado<\/p><p class=\"mb-0\" style=\"font-size: .85rem\"><strong title=\"Fecha de Publicaci\u00f3n\"><i class=\"fas fa-calendar-alt\"><\/i><\/strong> Publicado el mi\u00e9rcoles, 3 de agosto de 2022<\/p><\/div><div class=\"col-auto mt-md-0 mt-2\"><a class=\"btn btn-primary btn-lg px-lg-4 d-none d-md-block\" href=\"https:\/\/comunidad.comprasdominicana.gob.do\/\/Public\/Tendering\/OpportunityDetail\/Index?noticeUID=DO1.NTC.1113115\" target=\"_blank\" title=\"Detalles\"><i class=\"fas fa-link\"><\/i> DETALLES<\/a><a class=\"btn btn-primary btn-lg px-lg-4 d-block d-md-none\" href=\"https:\/\/comunidad.comprasdominicana.gob.do\/\/Public\/Tendering\/OpportunityDetail\/Index?noticeUID=DO1.NTC.1113115\" target=\"_blank\" title=\"Detalles\"><i class=\"fas fa-2x fa-link\"><\/i><\/a><\/div><\/div><\/div><div class=\"jumbotron archivos\"><div class=\"row align-items-center\"><div class=\"col\"><h6><a class=\"text-dark\" href=\"https:\/\/comunidad.comprasdominicana.gob.do\/\/Public\/Tendering\/OpportunityDetail\/Index?noticeUID=DO1.NTC.1112415\" title=\"Ver\" target=\"_blank\">INESPRE-UC-CD-2022-0086<\/a><\/h6><p class=\"mb-0 bold\">Servicio de Colocaci\u00f3n de Publicidad Institucional en Canal de Televisi\u00f3n de transmisi\u00f3n Nacional <\/p><p class=\"mb-0\" style=\"font-size: .85rem\"><strong title=\"Estado del Proceso\"><i class=\"fas fa-spinner\"><\/i><\/strong> Proceso adjudicado y celebrado<\/p><p class=\"mb-0\" style=\"font-size: .85rem\"><strong title=\"Fecha de Publicaci\u00f3n\"><i class=\"fas fa-calendar-alt\"><\/i><\/strong> Publicado el martes, 2 de agosto de 2022<\/p><\/div><div class=\"col-auto mt-md-0 mt-2\"><a class=\"btn btn-primary btn-lg px-lg-4 d-none d-md-block\" href=\"https:\/\/comunidad.comprasdominicana.gob.do\/\/Public\/Tendering\/OpportunityDetail\/Index?noticeUID=DO1.NTC.1112415\" target=\"_blank\" title=\"Detalles\"><i class=\"fas fa-link\"><\/i> DETALLES<\/a><a class=\"btn btn-primary btn-lg px-lg-4 d-block d-md-none\" href=\"https:\/\/comunidad.comprasdominicana.gob.do\/\/Public\/Tendering\/OpportunityDetail\/Index?noticeUID=DO1.NTC.1112415\" target=\"_blank\" title=\"Detalles\"><i class=\"fas fa-2x fa-link\"><\/i><\/a><\/div><\/div><\/div><div class=\"jumbotron archivos\"><div class=\"row align-items-center\"><div class=\"col\"><h6><a class=\"text-dark\" href=\"https:\/\/comunidad.comprasdominicana.gob.do\/\/Public\/Tendering\/OpportunityDetail\/Index?noticeUID=DO1.NTC.1112506\" title=\"Ver\" target=\"_blank\">INESPRE-UC-CD-2022-0084<\/a><\/h6><p class=\"mb-0 bold\">Servicio de Movimiento de Contenedores <\/p><p class=\"mb-0\" style=\"font-size: .85rem\"><strong title=\"Estado del Proceso\"><i class=\"fas fa-spinner\"><\/i><\/strong> Proceso adjudicado y celebrado<\/p><p class=\"mb-0\" style=\"font-size: .85rem\"><strong title=\"Fecha de Publicaci\u00f3n\"><i class=\"fas fa-calendar-alt\"><\/i><\/strong> Publicado el martes, 2 de agosto de 2022<\/p><\/div><div class=\"col-auto mt-md-0 mt-2\"><a class=\"btn btn-primary btn-lg px-lg-4 d-none d-md-block\" href=\"https:\/\/comunidad.comprasdominicana.gob.do\/\/Public\/Tendering\/OpportunityDetail\/Index?noticeUID=DO1.NTC.1112506\" target=\"_blank\" title=\"Detalles\"><i class=\"fas fa-link\"><\/i> DETALLES<\/a><a class=\"btn btn-primary btn-lg px-lg-4 d-block d-md-none\" href=\"https:\/\/comunidad.comprasdominicana.gob.do\/\/Public\/Tendering\/OpportunityDetail\/Index?noticeUID=DO1.NTC.1112506\" target=\"_blank\" title=\"Detalles\"><i class=\"fas fa-2x fa-link\"><\/i><\/a><\/div><\/div><\/div><div class=\"jumbotron archivos\"><div class=\"row align-items-center\"><div class=\"col\"><h6><a class=\"text-dark\" href=\"https:\/\/comunidad.comprasdominicana.gob.do\/\/Public\/Tendering\/OpportunityDetail\/Index?noticeUID=DO1.NTC.1111938\" title=\"Ver\" target=\"_blank\">INESPRE-UC-CD-2022-0083<\/a><\/h6><p class=\"mb-0 bold\">Adquisici\u00f3n de Bomba y Productos para el Control de Plagas <\/p><p class=\"mb-0\" style=\"font-size: .85rem\"><strong title=\"Estado del Proceso\"><i class=\"fas fa-spinner\"><\/i><\/strong> Proceso adjudicado y celebrado<\/p><p class=\"mb-0\" style=\"font-size: .85rem\"><strong title=\"Fecha de Publicaci\u00f3n\"><i class=\"fas fa-calendar-alt\"><\/i><\/strong> Publicado el lunes, 1 de agosto de 2022<\/p><\/div><div class=\"col-auto mt-md-0 mt-2\"><a class=\"btn btn-primary btn-lg px-lg-4 d-none d-md-block\" href=\"https:\/\/comunidad.comprasdominicana.gob.do\/\/Public\/Tendering\/OpportunityDetail\/Index?noticeUID=DO1.NTC.1111938\" target=\"_blank\" title=\"Detalles\"><i class=\"fas fa-link\"><\/i> DETALLES<\/a><a class=\"btn btn-primary btn-lg px-lg-4 d-block d-md-none\" href=\"https:\/\/comunidad.comprasdominicana.gob.do\/\/Public\/Tendering\/OpportunityDetail\/Index?noticeUID=DO1.NTC.1111938\" target=\"_blank\" title=\"Detalles\"><i class=\"fas fa-2x fa-link\"><\/i><\/a><\/div><\/div><\/div><div class=\"jumbotron archivos\"><div class=\"row align-items-center\"><div class=\"col\"><h6><a class=\"text-dark\" href=\"https:\/\/comunidad.comprasdominicana.gob.do\/\/Public\/Tendering\/OpportunityDetail\/Index?noticeUID=DO1.NTC.1111833\" title=\"Ver\" target=\"_blank\">INESPRE-UC-CD-2022-0082<\/a><\/h6><p class=\"mb-0 bold\">Adquisici\u00f3n de Maquinarias para el Taller <\/p><p class=\"mb-0\" style=\"font-size: .85rem\"><strong title=\"Estado del Proceso\"><i class=\"fas fa-spinner\"><\/i><\/strong> Proceso adjudicado y celebrado<\/p><p class=\"mb-0\" style=\"font-size: .85rem\"><strong title=\"Fecha de Publicaci\u00f3n\"><i class=\"fas fa-calendar-alt\"><\/i><\/strong> Publicado el lunes, 1 de agosto de 2022<\/p><\/div><div class=\"col-auto mt-md-0 mt-2\"><a class=\"btn btn-primary btn-lg px-lg-4 d-none d-md-block\" href=\"https:\/\/comunidad.comprasdominicana.gob.do\/\/Public\/Tendering\/OpportunityDetail\/Index?noticeUID=DO1.NTC.1111833\" target=\"_blank\" title=\"Detalles\"><i class=\"fas fa-link\"><\/i> DETALLES<\/a><a class=\"btn btn-primary btn-lg px-lg-4 d-block d-md-none\" href=\"https:\/\/comunidad.comprasdominicana.gob.do\/\/Public\/Tendering\/OpportunityDetail\/Index?noticeUID=DO1.NTC.1111833\" target=\"_blank\" title=\"Detalles\"><i class=\"fas fa-2x fa-link\"><\/i><\/a><\/div><\/div><\/div><\/div><\/div><\/div>\n        <div class=\"card\">\n            <div class=\"card-header parents\" id=\"heading_compras-por-debajo-del-umbral-69f73f7454400-2022-69f73f7454400-julio-69f73f7454400\">\n                <p class=\"title text-blue mb-0\">\n                    <a class=\"btn-block hover text-left collapsed\" data-toggle=\"collapse\" data-target=\"#collap_compras-por-debajo-del-umbral-69f73f7454400-2022-69f73f7454400-julio-69f73f7454400\" aria-expanded=\"false\" aria-controls=\"collap_compras-por-debajo-del-umbral-69f73f7454400-2022-69f73f7454400-julio-69f73f7454400\">Julio<\/a>\n                <\/p>\n            <\/div>\n            <div id=\"collap_compras-por-debajo-del-umbral-69f73f7454400-2022-69f73f7454400-julio-69f73f7454400\" class=\"collapse\" aria-labelledby=\"heading_compras-por-debajo-del-umbral-69f73f7454400-2022-69f73f7454400-julio-69f73f7454400\" data-parent=\"#collap_compras-por-debajo-del-umbral-69f73f7454400-2022-69f73f7454400\">\n                <div class=\"card-body\"><div class=\"jumbotron archivos\"><div class=\"row align-items-center\"><div class=\"col\"><h6><a class=\"text-dark\" href=\"https:\/\/comunidad.comprasdominicana.gob.do\/\/Public\/Tendering\/OpportunityDetail\/Index?noticeUID=DO1.NTC.1111011\" title=\"Ver\" target=\"_blank\">INESPRE-UC-CD-2022-0081<\/a><\/h6><p class=\"mb-0 bold\">Adquisici\u00f3n de Discos Duros<\/p><p class=\"mb-0\" style=\"font-size: .85rem\"><strong title=\"Estado del Proceso\"><i class=\"fas fa-spinner\"><\/i><\/strong> Cancelado<\/p><p class=\"mb-0\" style=\"font-size: .85rem\"><strong title=\"Fecha de Publicaci\u00f3n\"><i class=\"fas fa-calendar-alt\"><\/i><\/strong> Publicado el viernes, 29 de julio de 2022<\/p><\/div><div class=\"col-auto mt-md-0 mt-2\"><a class=\"btn btn-primary btn-lg px-lg-4 d-none d-md-block\" href=\"https:\/\/comunidad.comprasdominicana.gob.do\/\/Public\/Tendering\/OpportunityDetail\/Index?noticeUID=DO1.NTC.1111011\" target=\"_blank\" title=\"Detalles\"><i class=\"fas fa-link\"><\/i> DETALLES<\/a><a class=\"btn btn-primary btn-lg px-lg-4 d-block d-md-none\" href=\"https:\/\/comunidad.comprasdominicana.gob.do\/\/Public\/Tendering\/OpportunityDetail\/Index?noticeUID=DO1.NTC.1111011\" target=\"_blank\" title=\"Detalles\"><i class=\"fas fa-2x fa-link\"><\/i><\/a><\/div><\/div><\/div><div class=\"jumbotron archivos\"><div class=\"row align-items-center\"><div class=\"col\"><h6><a class=\"text-dark\" href=\"https:\/\/comunidad.comprasdominicana.gob.do\/\/Public\/Tendering\/OpportunityDetail\/Index?noticeUID=DO1.NTC.1111213\" title=\"Ver\" target=\"_blank\">INESPRE-UC-CD-2022-0080<\/a><\/h6><p class=\"mb-0 bold\">Adquisici\u00f3n de Materiales de Conexi\u00f3n <\/p><p class=\"mb-0\" style=\"font-size: .85rem\"><strong title=\"Estado del Proceso\"><i class=\"fas fa-spinner\"><\/i><\/strong> Proceso adjudicado y celebrado<\/p><p class=\"mb-0\" style=\"font-size: .85rem\"><strong title=\"Fecha de Publicaci\u00f3n\"><i class=\"fas fa-calendar-alt\"><\/i><\/strong> Publicado el viernes, 29 de julio de 2022<\/p><\/div><div class=\"col-auto mt-md-0 mt-2\"><a class=\"btn btn-primary btn-lg px-lg-4 d-none d-md-block\" href=\"https:\/\/comunidad.comprasdominicana.gob.do\/\/Public\/Tendering\/OpportunityDetail\/Index?noticeUID=DO1.NTC.1111213\" target=\"_blank\" title=\"Detalles\"><i class=\"fas fa-link\"><\/i> DETALLES<\/a><a class=\"btn btn-primary btn-lg px-lg-4 d-block d-md-none\" href=\"https:\/\/comunidad.comprasdominicana.gob.do\/\/Public\/Tendering\/OpportunityDetail\/Index?noticeUID=DO1.NTC.1111213\" target=\"_blank\" title=\"Detalles\"><i class=\"fas fa-2x fa-link\"><\/i><\/a><\/div><\/div><\/div><div class=\"jumbotron archivos\"><div class=\"row align-items-center\"><div class=\"col\"><h6><a class=\"text-dark\" href=\"https:\/\/comunidad.comprasdominicana.gob.do\/\/Public\/Tendering\/OpportunityDetail\/Index?noticeUID=DO1.NTC.1110903\" title=\"Ver\" target=\"_blank\">INESPRE-UC-CD-2022-0079<\/a><\/h6><p class=\"mb-0 bold\">Adquisici\u00f3n de Pins Met\u00e1licos con logo Institucional<\/p><p class=\"mb-0\" style=\"font-size: .85rem\"><strong title=\"Estado del Proceso\"><i class=\"fas fa-spinner\"><\/i><\/strong> Proceso adjudicado y celebrado<\/p><p class=\"mb-0\" style=\"font-size: .85rem\"><strong title=\"Fecha de Publicaci\u00f3n\"><i class=\"fas fa-calendar-alt\"><\/i><\/strong> Publicado el viernes, 29 de julio de 2022<\/p><\/div><div class=\"col-auto mt-md-0 mt-2\"><a class=\"btn btn-primary btn-lg px-lg-4 d-none d-md-block\" href=\"https:\/\/comunidad.comprasdominicana.gob.do\/\/Public\/Tendering\/OpportunityDetail\/Index?noticeUID=DO1.NTC.1110903\" target=\"_blank\" title=\"Detalles\"><i class=\"fas fa-link\"><\/i> DETALLES<\/a><a class=\"btn btn-primary btn-lg px-lg-4 d-block d-md-none\" href=\"https:\/\/comunidad.comprasdominicana.gob.do\/\/Public\/Tendering\/OpportunityDetail\/Index?noticeUID=DO1.NTC.1110903\" target=\"_blank\" title=\"Detalles\"><i class=\"fas fa-2x fa-link\"><\/i><\/a><\/div><\/div><\/div><div class=\"jumbotron archivos\"><div class=\"row align-items-center\"><div class=\"col\"><h6><a class=\"text-dark\" href=\"https:\/\/comunidad.comprasdominicana.gob.do\/\/Public\/Tendering\/OpportunityDetail\/Index?noticeUID=DO1.NTC.1109816\" title=\"Ver\" target=\"_blank\">INESPRE-UC-CD-2022-0078<\/a><\/h6><p class=\"mb-0 bold\">Adquisici\u00f3n de Agua Purificada<\/p><p class=\"mb-0\" style=\"font-size: .85rem\"><strong title=\"Estado del Proceso\"><i class=\"fas fa-spinner\"><\/i><\/strong> Proceso adjudicado y celebrado<\/p><p class=\"mb-0\" style=\"font-size: .85rem\"><strong title=\"Fecha de Publicaci\u00f3n\"><i class=\"fas fa-calendar-alt\"><\/i><\/strong> Publicado el jueves, 28 de julio de 2022<\/p><\/div><div class=\"col-auto mt-md-0 mt-2\"><a class=\"btn btn-primary btn-lg px-lg-4 d-none d-md-block\" href=\"https:\/\/comunidad.comprasdominicana.gob.do\/\/Public\/Tendering\/OpportunityDetail\/Index?noticeUID=DO1.NTC.1109816\" target=\"_blank\" title=\"Detalles\"><i class=\"fas fa-link\"><\/i> DETALLES<\/a><a class=\"btn btn-primary btn-lg px-lg-4 d-block d-md-none\" href=\"https:\/\/comunidad.comprasdominicana.gob.do\/\/Public\/Tendering\/OpportunityDetail\/Index?noticeUID=DO1.NTC.1109816\" target=\"_blank\" title=\"Detalles\"><i class=\"fas fa-2x fa-link\"><\/i><\/a><\/div><\/div><\/div><div class=\"jumbotron archivos\"><div class=\"row align-items-center\"><div class=\"col\"><h6><a class=\"text-dark\" href=\"https:\/\/comunidad.comprasdominicana.gob.do\/\/Public\/Tendering\/OpportunityDetail\/Index?noticeUID=DO1.NTC.1106005\" title=\"Ver\" target=\"_blank\">INESPRE-UC-CD-2022-0077<\/a><\/h6><p class=\"mb-0 bold\">Adquisici\u00f3n de maquina de Coser Sacos<\/p><p class=\"mb-0\" style=\"font-size: .85rem\"><strong title=\"Estado del Proceso\"><i class=\"fas fa-spinner\"><\/i><\/strong> Proceso adjudicado y celebrado<\/p><p class=\"mb-0\" style=\"font-size: .85rem\"><strong title=\"Fecha de Publicaci\u00f3n\"><i class=\"fas fa-calendar-alt\"><\/i><\/strong> Publicado el jueves, 21 de julio de 2022<\/p><\/div><div class=\"col-auto mt-md-0 mt-2\"><a class=\"btn btn-primary btn-lg px-lg-4 d-none d-md-block\" href=\"https:\/\/comunidad.comprasdominicana.gob.do\/\/Public\/Tendering\/OpportunityDetail\/Index?noticeUID=DO1.NTC.1106005\" target=\"_blank\" title=\"Detalles\"><i class=\"fas fa-link\"><\/i> DETALLES<\/a><a class=\"btn btn-primary btn-lg px-lg-4 d-block d-md-none\" href=\"https:\/\/comunidad.comprasdominicana.gob.do\/\/Public\/Tendering\/OpportunityDetail\/Index?noticeUID=DO1.NTC.1106005\" target=\"_blank\" title=\"Detalles\"><i class=\"fas fa-2x fa-link\"><\/i><\/a><\/div><\/div><\/div><div class=\"jumbotron archivos\"><div class=\"row align-items-center\"><div class=\"col\"><h6><a class=\"text-dark\" href=\"https:\/\/comunidad.comprasdominicana.gob.do\/\/Public\/Tendering\/OpportunityDetail\/Index?noticeUID=DO1.NTC.1105109\" title=\"Ver\" target=\"_blank\">INESPRE-UC-CD-2022-0076<\/a><\/h6><p class=\"mb-0 bold\">Servicio de Publicaci\u00f3n en Dos (2) Peri\u00f3dicos de circulaci\u00f3n Nacional <\/p><p class=\"mb-0\" style=\"font-size: .85rem\"><strong title=\"Estado del Proceso\"><i class=\"fas fa-spinner\"><\/i><\/strong> Proceso adjudicado y celebrado<\/p><p class=\"mb-0\" style=\"font-size: .85rem\"><strong title=\"Fecha de Publicaci\u00f3n\"><i class=\"fas fa-calendar-alt\"><\/i><\/strong> Publicado el martes, 19 de julio de 2022<\/p><\/div><div class=\"col-auto mt-md-0 mt-2\"><a class=\"btn btn-primary btn-lg px-lg-4 d-none d-md-block\" href=\"https:\/\/comunidad.comprasdominicana.gob.do\/\/Public\/Tendering\/OpportunityDetail\/Index?noticeUID=DO1.NTC.1105109\" target=\"_blank\" title=\"Detalles\"><i class=\"fas fa-link\"><\/i> DETALLES<\/a><a class=\"btn btn-primary btn-lg px-lg-4 d-block d-md-none\" href=\"https:\/\/comunidad.comprasdominicana.gob.do\/\/Public\/Tendering\/OpportunityDetail\/Index?noticeUID=DO1.NTC.1105109\" target=\"_blank\" title=\"Detalles\"><i class=\"fas fa-2x fa-link\"><\/i><\/a><\/div><\/div><\/div><div class=\"jumbotron archivos\"><div class=\"row align-items-center\"><div class=\"col\"><h6><a class=\"text-dark\" href=\"https:\/\/comunidad.comprasdominicana.gob.do\/\/Public\/Tendering\/OpportunityDetail\/Index?noticeUID=DO1.NTC.1103219\" title=\"Ver\" target=\"_blank\">INESPRE-UC-CD-2022-0075<\/a><\/h6><p class=\"mb-0 bold\">Servicio de Colocaci\u00f3n de Publicidad Institucional en Emisora de transmisi\u00f3n Nacional<\/p><p class=\"mb-0\" style=\"font-size: .85rem\"><strong title=\"Estado del Proceso\"><i class=\"fas fa-spinner\"><\/i><\/strong> Proceso adjudicado y celebrado<\/p><p class=\"mb-0\" style=\"font-size: .85rem\"><strong title=\"Fecha de Publicaci\u00f3n\"><i class=\"fas fa-calendar-alt\"><\/i><\/strong> Publicado el jueves, 14 de julio de 2022<\/p><\/div><div class=\"col-auto mt-md-0 mt-2\"><a class=\"btn btn-primary btn-lg px-lg-4 d-none d-md-block\" href=\"https:\/\/comunidad.comprasdominicana.gob.do\/\/Public\/Tendering\/OpportunityDetail\/Index?noticeUID=DO1.NTC.1103219\" target=\"_blank\" title=\"Detalles\"><i class=\"fas fa-link\"><\/i> DETALLES<\/a><a class=\"btn btn-primary btn-lg px-lg-4 d-block d-md-none\" href=\"https:\/\/comunidad.comprasdominicana.gob.do\/\/Public\/Tendering\/OpportunityDetail\/Index?noticeUID=DO1.NTC.1103219\" target=\"_blank\" title=\"Detalles\"><i class=\"fas fa-2x fa-link\"><\/i><\/a><\/div><\/div><\/div><div class=\"jumbotron archivos\"><div class=\"row align-items-center\"><div class=\"col\"><h6><a class=\"text-dark\" href=\"https:\/\/comunidad.comprasdominicana.gob.do\/\/Public\/Tendering\/OpportunityDetail\/Index?noticeUID=DO1.NTC.1103022\" title=\"Ver\" target=\"_blank\">INESPRE-UC-CD-2022-0074<\/a><\/h6><p class=\"mb-0 bold\">Servicio de Colocaci\u00f3n de Publicidad Institucional en Emisora de transmisi\u00f3n Nacional<\/p><p class=\"mb-0\" style=\"font-size: .85rem\"><strong title=\"Estado del Proceso\"><i class=\"fas fa-spinner\"><\/i><\/strong> Proceso adjudicado y celebrado<\/p><p class=\"mb-0\" style=\"font-size: .85rem\"><strong title=\"Fecha de Publicaci\u00f3n\"><i class=\"fas fa-calendar-alt\"><\/i><\/strong> Publicado el jueves, 14 de julio de 2022<\/p><\/div><div class=\"col-auto mt-md-0 mt-2\"><a class=\"btn btn-primary btn-lg px-lg-4 d-none d-md-block\" href=\"https:\/\/comunidad.comprasdominicana.gob.do\/\/Public\/Tendering\/OpportunityDetail\/Index?noticeUID=DO1.NTC.1103022\" target=\"_blank\" title=\"Detalles\"><i class=\"fas fa-link\"><\/i> DETALLES<\/a><a class=\"btn btn-primary btn-lg px-lg-4 d-block d-md-none\" href=\"https:\/\/comunidad.comprasdominicana.gob.do\/\/Public\/Tendering\/OpportunityDetail\/Index?noticeUID=DO1.NTC.1103022\" target=\"_blank\" title=\"Detalles\"><i class=\"fas fa-2x fa-link\"><\/i><\/a><\/div><\/div><\/div><div class=\"jumbotron archivos\"><div class=\"row align-items-center\"><div class=\"col\"><h6><a class=\"text-dark\" href=\"https:\/\/comunidad.comprasdominicana.gob.do\/\/Public\/Tendering\/OpportunityDetail\/Index?noticeUID=DO1.NTC.1103319\" title=\"Ver\" target=\"_blank\">INESPRE-UC-CD-2022-0073<\/a><\/h6><p class=\"mb-0 bold\">Adquisici\u00f3n de Materiales para Reparar Cama de Cami\u00f3n<\/p><p class=\"mb-0\" style=\"font-size: .85rem\"><strong title=\"Estado del Proceso\"><i class=\"fas fa-spinner\"><\/i><\/strong> Proceso adjudicado y celebrado<\/p><p class=\"mb-0\" style=\"font-size: .85rem\"><strong title=\"Fecha de Publicaci\u00f3n\"><i class=\"fas fa-calendar-alt\"><\/i><\/strong> Publicado el jueves, 14 de julio de 2022<\/p><\/div><div class=\"col-auto mt-md-0 mt-2\"><a class=\"btn btn-primary btn-lg px-lg-4 d-none d-md-block\" href=\"https:\/\/comunidad.comprasdominicana.gob.do\/\/Public\/Tendering\/OpportunityDetail\/Index?noticeUID=DO1.NTC.1103319\" target=\"_blank\" title=\"Detalles\"><i class=\"fas fa-link\"><\/i> DETALLES<\/a><a class=\"btn btn-primary btn-lg px-lg-4 d-block d-md-none\" href=\"https:\/\/comunidad.comprasdominicana.gob.do\/\/Public\/Tendering\/OpportunityDetail\/Index?noticeUID=DO1.NTC.1103319\" target=\"_blank\" title=\"Detalles\"><i class=\"fas fa-2x fa-link\"><\/i><\/a><\/div><\/div><\/div><div class=\"jumbotron archivos\"><div class=\"row align-items-center\"><div class=\"col\"><h6><a class=\"text-dark\" href=\"https:\/\/comunidad.comprasdominicana.gob.do\/\/Public\/Tendering\/OpportunityDetail\/Index?noticeUID=DO1.NTC.1103117\" title=\"Ver\" target=\"_blank\">INESPRE-UC-CD-2022-0072<\/a><\/h6><p class=\"mb-0 bold\">Adquisici\u00f3n de Herramientas de Manos<\/p><p class=\"mb-0\" style=\"font-size: .85rem\"><strong title=\"Estado del Proceso\"><i class=\"fas fa-spinner\"><\/i><\/strong> Proceso adjudicado y celebrado<\/p><p class=\"mb-0\" style=\"font-size: .85rem\"><strong title=\"Fecha de Publicaci\u00f3n\"><i class=\"fas fa-calendar-alt\"><\/i><\/strong> Publicado el jueves, 14 de julio de 2022<\/p><\/div><div class=\"col-auto mt-md-0 mt-2\"><a class=\"btn btn-primary btn-lg px-lg-4 d-none d-md-block\" href=\"https:\/\/comunidad.comprasdominicana.gob.do\/\/Public\/Tendering\/OpportunityDetail\/Index?noticeUID=DO1.NTC.1103117\" target=\"_blank\" title=\"Detalles\"><i class=\"fas fa-link\"><\/i> DETALLES<\/a><a class=\"btn btn-primary btn-lg px-lg-4 d-block d-md-none\" href=\"https:\/\/comunidad.comprasdominicana.gob.do\/\/Public\/Tendering\/OpportunityDetail\/Index?noticeUID=DO1.NTC.1103117\" target=\"_blank\" title=\"Detalles\"><i class=\"fas fa-2x fa-link\"><\/i><\/a><\/div><\/div><\/div><div class=\"jumbotron archivos\"><div class=\"row align-items-center\"><div class=\"col\"><h6><a class=\"text-dark\" href=\"https:\/\/comunidad.comprasdominicana.gob.do\/\/Public\/Tendering\/OpportunityDetail\/Index?noticeUID=DO1.NTC.1103116\" title=\"Ver\" target=\"_blank\">INESPRE-UC-CD-2022-0071<\/a><\/h6><p class=\"mb-0 bold\">Adquisici\u00f3n de Materiales El\u00e9ctricos y de Plomer\u00eda<\/p><p class=\"mb-0\" style=\"font-size: .85rem\"><strong title=\"Estado del Proceso\"><i class=\"fas fa-spinner\"><\/i><\/strong> Proceso adjudicado y celebrado<\/p><p class=\"mb-0\" style=\"font-size: .85rem\"><strong title=\"Fecha de Publicaci\u00f3n\"><i class=\"fas fa-calendar-alt\"><\/i><\/strong> Publicado el jueves, 14 de julio de 2022<\/p><\/div><div class=\"col-auto mt-md-0 mt-2\"><a class=\"btn btn-primary btn-lg px-lg-4 d-none d-md-block\" href=\"https:\/\/comunidad.comprasdominicana.gob.do\/\/Public\/Tendering\/OpportunityDetail\/Index?noticeUID=DO1.NTC.1103116\" target=\"_blank\" title=\"Detalles\"><i class=\"fas fa-link\"><\/i> DETALLES<\/a><a class=\"btn btn-primary btn-lg px-lg-4 d-block d-md-none\" href=\"https:\/\/comunidad.comprasdominicana.gob.do\/\/Public\/Tendering\/OpportunityDetail\/Index?noticeUID=DO1.NTC.1103116\" target=\"_blank\" title=\"Detalles\"><i class=\"fas fa-2x fa-link\"><\/i><\/a><\/div><\/div><\/div><div class=\"jumbotron archivos\"><div class=\"row align-items-center\"><div class=\"col\"><h6><a class=\"text-dark\" href=\"https:\/\/comunidad.comprasdominicana.gob.do\/\/Public\/Tendering\/OpportunityDetail\/Index?noticeUID=DO1.NTC.1101628\" title=\"Ver\" target=\"_blank\">INESPRE-UC-CD-2022-0070<\/a><\/h6><p class=\"mb-0 bold\">Servicio de Picadera y Montaje para la firma del Convenio entre INESPRE Y Sup\u00e9rate<\/p><p class=\"mb-0\" style=\"font-size: .85rem\"><strong title=\"Estado del Proceso\"><i class=\"fas fa-spinner\"><\/i><\/strong> Proceso adjudicado y celebrado<\/p><p class=\"mb-0\" style=\"font-size: .85rem\"><strong title=\"Fecha de Publicaci\u00f3n\"><i class=\"fas fa-calendar-alt\"><\/i><\/strong> Publicado el lunes, 11 de julio de 2022<\/p><\/div><div class=\"col-auto mt-md-0 mt-2\"><a class=\"btn btn-primary btn-lg px-lg-4 d-none d-md-block\" href=\"https:\/\/comunidad.comprasdominicana.gob.do\/\/Public\/Tendering\/OpportunityDetail\/Index?noticeUID=DO1.NTC.1101628\" target=\"_blank\" title=\"Detalles\"><i class=\"fas fa-link\"><\/i> DETALLES<\/a><a class=\"btn btn-primary btn-lg px-lg-4 d-block d-md-none\" href=\"https:\/\/comunidad.comprasdominicana.gob.do\/\/Public\/Tendering\/OpportunityDetail\/Index?noticeUID=DO1.NTC.1101628\" target=\"_blank\" title=\"Detalles\"><i class=\"fas fa-2x fa-link\"><\/i><\/a><\/div><\/div><\/div><div class=\"jumbotron archivos\"><div class=\"row align-items-center\"><div class=\"col\"><h6><a class=\"text-dark\" href=\"https:\/\/comunidad.comprasdominicana.gob.do\/\/Public\/Tendering\/OpportunityDetail\/Index?noticeUID=DO1.NTC.1100526\" title=\"Ver\" target=\"_blank\">INESPRE-UC-CD-2022-0065<\/a><\/h6><p class=\"mb-0 bold\">Servicio de Colocaci\u00f3n de Publicidad en Peri\u00f3dico de circulaci\u00f3n Nacional <\/p><p class=\"mb-0\" style=\"font-size: .85rem\"><strong title=\"Estado del Proceso\"><i class=\"fas fa-spinner\"><\/i><\/strong> Proceso adjudicado y celebrado<\/p><p class=\"mb-0\" style=\"font-size: .85rem\"><strong title=\"Fecha de Publicaci\u00f3n\"><i class=\"fas fa-calendar-alt\"><\/i><\/strong> Publicado el jueves, 7 de julio de 2022<\/p><\/div><div class=\"col-auto mt-md-0 mt-2\"><a class=\"btn btn-primary btn-lg px-lg-4 d-none d-md-block\" href=\"https:\/\/comunidad.comprasdominicana.gob.do\/\/Public\/Tendering\/OpportunityDetail\/Index?noticeUID=DO1.NTC.1100526\" target=\"_blank\" title=\"Detalles\"><i class=\"fas fa-link\"><\/i> DETALLES<\/a><a class=\"btn btn-primary btn-lg px-lg-4 d-block d-md-none\" href=\"https:\/\/comunidad.comprasdominicana.gob.do\/\/Public\/Tendering\/OpportunityDetail\/Index?noticeUID=DO1.NTC.1100526\" target=\"_blank\" title=\"Detalles\"><i class=\"fas fa-2x fa-link\"><\/i><\/a><\/div><\/div><\/div><div class=\"jumbotron archivos\"><div class=\"row align-items-center\"><div class=\"col\"><h6><a class=\"text-dark\" href=\"https:\/\/comunidad.comprasdominicana.gob.do\/\/Public\/Tendering\/OpportunityDetail\/Index?noticeUID=DO1.NTC.1100044\" title=\"Ver\" target=\"_blank\">INESPRE-UC-CD-2022-0064<\/a><\/h6><p class=\"mb-0 bold\">Servicio de Colocaci\u00f3n de Publicidad en Peri\u00f3dico de circulaci\u00f3n Nacional <\/p><p class=\"mb-0\" style=\"font-size: .85rem\"><strong title=\"Estado del Proceso\"><i class=\"fas fa-spinner\"><\/i><\/strong> Proceso adjudicado y celebrado<\/p><p class=\"mb-0\" style=\"font-size: .85rem\"><strong title=\"Fecha de Publicaci\u00f3n\"><i class=\"fas fa-calendar-alt\"><\/i><\/strong> Publicado el jueves, 7 de julio de 2022<\/p><\/div><div class=\"col-auto mt-md-0 mt-2\"><a class=\"btn btn-primary btn-lg px-lg-4 d-none d-md-block\" href=\"https:\/\/comunidad.comprasdominicana.gob.do\/\/Public\/Tendering\/OpportunityDetail\/Index?noticeUID=DO1.NTC.1100044\" target=\"_blank\" title=\"Detalles\"><i class=\"fas fa-link\"><\/i> DETALLES<\/a><a class=\"btn btn-primary btn-lg px-lg-4 d-block d-md-none\" href=\"https:\/\/comunidad.comprasdominicana.gob.do\/\/Public\/Tendering\/OpportunityDetail\/Index?noticeUID=DO1.NTC.1100044\" target=\"_blank\" title=\"Detalles\"><i class=\"fas fa-2x fa-link\"><\/i><\/a><\/div><\/div><\/div><div class=\"jumbotron archivos\"><div class=\"row align-items-center\"><div class=\"col\"><h6><a class=\"text-dark\" href=\"https:\/\/comunidad.comprasdominicana.gob.do\/\/Public\/Tendering\/OpportunityDetail\/Index?noticeUID=DO1.NTC.1100330\" title=\"Ver\" target=\"_blank\">INESPRE-UC-CD-2022-0063<\/a><\/h6><p class=\"mb-0 bold\">Servicio de Publicaci\u00f3n en Dos (02) Peri\u00f3dicos de circulaci\u00f3n Nacional para el Proceso de Licitaci\u00f3n P\u00fablica Nacional de referencia: INESPRE-CCC-LPN-2022-0002<\/p><p class=\"mb-0\" style=\"font-size: .85rem\"><strong title=\"Estado del Proceso\"><i class=\"fas fa-spinner\"><\/i><\/strong> Proceso adjudicado y celebrado<\/p><p class=\"mb-0\" style=\"font-size: .85rem\"><strong title=\"Fecha de Publicaci\u00f3n\"><i class=\"fas fa-calendar-alt\"><\/i><\/strong> Publicado el jueves, 7 de julio de 2022<\/p><\/div><div class=\"col-auto mt-md-0 mt-2\"><a class=\"btn btn-primary btn-lg px-lg-4 d-none d-md-block\" href=\"https:\/\/comunidad.comprasdominicana.gob.do\/\/Public\/Tendering\/OpportunityDetail\/Index?noticeUID=DO1.NTC.1100330\" target=\"_blank\" title=\"Detalles\"><i class=\"fas fa-link\"><\/i> DETALLES<\/a><a class=\"btn btn-primary btn-lg px-lg-4 d-block d-md-none\" href=\"https:\/\/comunidad.comprasdominicana.gob.do\/\/Public\/Tendering\/OpportunityDetail\/Index?noticeUID=DO1.NTC.1100330\" target=\"_blank\" title=\"Detalles\"><i class=\"fas fa-2x fa-link\"><\/i><\/a><\/div><\/div><\/div><div class=\"jumbotron archivos\"><div class=\"row align-items-center\"><div class=\"col\"><h6><a class=\"text-dark\" href=\"https:\/\/comunidad.comprasdominicana.gob.do\/\/Public\/Tendering\/OpportunityDetail\/Index?noticeUID=DO1.NTC.1099042\" title=\"Ver\" target=\"_blank\">INESPRE-UC-CD-2022-0061<\/a><\/h6><p class=\"mb-0 bold\">Servicio de Radiocomunicaci\u00f3n para la Feria Agropecuaria <\/p><p class=\"mb-0\" style=\"font-size: .85rem\"><strong title=\"Estado del Proceso\"><i class=\"fas fa-spinner\"><\/i><\/strong> Proceso adjudicado y celebrado<\/p><p class=\"mb-0\" style=\"font-size: .85rem\"><strong title=\"Fecha de Publicaci\u00f3n\"><i class=\"fas fa-calendar-alt\"><\/i><\/strong> Publicado el martes, 5 de julio de 2022<\/p><\/div><div class=\"col-auto mt-md-0 mt-2\"><a class=\"btn btn-primary btn-lg px-lg-4 d-none d-md-block\" href=\"https:\/\/comunidad.comprasdominicana.gob.do\/\/Public\/Tendering\/OpportunityDetail\/Index?noticeUID=DO1.NTC.1099042\" target=\"_blank\" title=\"Detalles\"><i class=\"fas fa-link\"><\/i> DETALLES<\/a><a class=\"btn btn-primary btn-lg px-lg-4 d-block d-md-none\" href=\"https:\/\/comunidad.comprasdominicana.gob.do\/\/Public\/Tendering\/OpportunityDetail\/Index?noticeUID=DO1.NTC.1099042\" target=\"_blank\" title=\"Detalles\"><i class=\"fas fa-2x fa-link\"><\/i><\/a><\/div><\/div><\/div><div class=\"jumbotron archivos\"><div class=\"row align-items-center\"><div class=\"col\"><h6><a class=\"text-dark\" href=\"https:\/\/comunidad.comprasdominicana.gob.do\/\/Public\/Tendering\/OpportunityDetail\/Index?noticeUID=DO1.NTC.1099321\" title=\"Ver\" target=\"_blank\">INESPRE-UC-CD-2022-0062<\/a><\/h6><p class=\"mb-0 bold\">Servicio de Publicaci\u00f3n en dos (02) Peri\u00f3dico de circulaci\u00f3n Nacional para el Proceso de Licitaci\u00f3n Publica Nacional de referencia INESPRE-CCC-LPN-2022-0001<\/p><p class=\"mb-0\" style=\"font-size: .85rem\"><strong title=\"Estado del Proceso\"><i class=\"fas fa-spinner\"><\/i><\/strong> Proceso adjudicado y celebrado<\/p><p class=\"mb-0\" style=\"font-size: .85rem\"><strong title=\"Fecha de Publicaci\u00f3n\"><i class=\"fas fa-calendar-alt\"><\/i><\/strong> Publicado el martes, 5 de julio de 2022<\/p><\/div><div class=\"col-auto mt-md-0 mt-2\"><a class=\"btn btn-primary btn-lg px-lg-4 d-none d-md-block\" href=\"https:\/\/comunidad.comprasdominicana.gob.do\/\/Public\/Tendering\/OpportunityDetail\/Index?noticeUID=DO1.NTC.1099321\" target=\"_blank\" title=\"Detalles\"><i class=\"fas fa-link\"><\/i> DETALLES<\/a><a class=\"btn btn-primary btn-lg px-lg-4 d-block d-md-none\" href=\"https:\/\/comunidad.comprasdominicana.gob.do\/\/Public\/Tendering\/OpportunityDetail\/Index?noticeUID=DO1.NTC.1099321\" target=\"_blank\" title=\"Detalles\"><i class=\"fas fa-2x fa-link\"><\/i><\/a><\/div><\/div><\/div><div class=\"jumbotron archivos\"><div class=\"row align-items-center\"><div class=\"col\"><h6><a class=\"text-dark\" href=\"https:\/\/comunidad.comprasdominicana.gob.do\/\/Public\/Tendering\/OpportunityDetail\/Index?noticeUID=DO1.NTC.1098031\" title=\"Ver\" target=\"_blank\">INESPRE-UC-CD-2022-0060<\/a><\/h6><p class=\"mb-0 bold\">Adquisici\u00f3n de Calibradores Digitales<\/p><p class=\"mb-0\" style=\"font-size: .85rem\"><strong title=\"Estado del Proceso\"><i class=\"fas fa-spinner\"><\/i><\/strong> Proceso adjudicado y celebrado<\/p><p class=\"mb-0\" style=\"font-size: .85rem\"><strong title=\"Fecha de Publicaci\u00f3n\"><i class=\"fas fa-calendar-alt\"><\/i><\/strong> Publicado el viernes, 1 de julio de 2022<\/p><\/div><div class=\"col-auto mt-md-0 mt-2\"><a class=\"btn btn-primary btn-lg px-lg-4 d-none d-md-block\" href=\"https:\/\/comunidad.comprasdominicana.gob.do\/\/Public\/Tendering\/OpportunityDetail\/Index?noticeUID=DO1.NTC.1098031\" target=\"_blank\" title=\"Detalles\"><i class=\"fas fa-link\"><\/i> DETALLES<\/a><a class=\"btn btn-primary btn-lg px-lg-4 d-block d-md-none\" href=\"https:\/\/comunidad.comprasdominicana.gob.do\/\/Public\/Tendering\/OpportunityDetail\/Index?noticeUID=DO1.NTC.1098031\" target=\"_blank\" title=\"Detalles\"><i class=\"fas fa-2x fa-link\"><\/i><\/a><\/div><\/div><\/div><div class=\"jumbotron archivos\"><div class=\"row align-items-center\"><div class=\"col\"><h6><a class=\"text-dark\" href=\"https:\/\/comunidad.comprasdominicana.gob.do\/\/Public\/Tendering\/OpportunityDetail\/Index?noticeUID=DO1.NTC.1097911\" title=\"Ver\" target=\"_blank\">INESPRE-UC-CD-2022-0059<\/a><\/h6><p class=\"mb-0 bold\">Adquisici\u00f3n de Arco Detector de Metales (Instalaci\u00f3n Incluida)<\/p><p class=\"mb-0\" style=\"font-size: .85rem\"><strong title=\"Estado del Proceso\"><i class=\"fas fa-spinner\"><\/i><\/strong> Proceso adjudicado y celebrado<\/p><p class=\"mb-0\" style=\"font-size: .85rem\"><strong title=\"Fecha de Publicaci\u00f3n\"><i class=\"fas fa-calendar-alt\"><\/i><\/strong> Publicado el viernes, 1 de julio de 2022<\/p><\/div><div class=\"col-auto mt-md-0 mt-2\"><a class=\"btn btn-primary btn-lg px-lg-4 d-none d-md-block\" href=\"https:\/\/comunidad.comprasdominicana.gob.do\/\/Public\/Tendering\/OpportunityDetail\/Index?noticeUID=DO1.NTC.1097911\" target=\"_blank\" title=\"Detalles\"><i class=\"fas fa-link\"><\/i> DETALLES<\/a><a class=\"btn btn-primary btn-lg px-lg-4 d-block d-md-none\" href=\"https:\/\/comunidad.comprasdominicana.gob.do\/\/Public\/Tendering\/OpportunityDetail\/Index?noticeUID=DO1.NTC.1097911\" target=\"_blank\" title=\"Detalles\"><i class=\"fas fa-2x fa-link\"><\/i><\/a><\/div><\/div><\/div><\/div><\/div><\/div>\n        <div class=\"card\">\n            <div class=\"card-header parents\" id=\"heading_compras-por-debajo-del-umbral-69f73f7454400-2022-69f73f7454400-junio-69f73f7454400\">\n                <p class=\"title text-blue mb-0\">\n                    <a class=\"btn-block hover text-left collapsed\" data-toggle=\"collapse\" data-target=\"#collap_compras-por-debajo-del-umbral-69f73f7454400-2022-69f73f7454400-junio-69f73f7454400\" aria-expanded=\"false\" aria-controls=\"collap_compras-por-debajo-del-umbral-69f73f7454400-2022-69f73f7454400-junio-69f73f7454400\">Junio<\/a>\n                <\/p>\n            <\/div>\n            <div id=\"collap_compras-por-debajo-del-umbral-69f73f7454400-2022-69f73f7454400-junio-69f73f7454400\" class=\"collapse\" aria-labelledby=\"heading_compras-por-debajo-del-umbral-69f73f7454400-2022-69f73f7454400-junio-69f73f7454400\" data-parent=\"#collap_compras-por-debajo-del-umbral-69f73f7454400-2022-69f73f7454400\">\n                <div class=\"card-body\"><div class=\"jumbotron archivos\"><div class=\"row align-items-center\"><div class=\"col\"><h6><a class=\"text-dark\" href=\"https:\/\/comunidad.comprasdominicana.gob.do\/\/Public\/Tendering\/OpportunityDetail\/Index?noticeUID=DO1.NTC.1095927\" title=\"Ver\" target=\"_blank\">INESPRE-UC-CD-2022-0058<\/a><\/h6><p class=\"mb-0 bold\">Adquisici\u00f3n de Banners para Feria Agropecuaria<\/p><p class=\"mb-0\" style=\"font-size: .85rem\"><strong title=\"Estado del Proceso\"><i class=\"fas fa-spinner\"><\/i><\/strong> Proceso adjudicado y celebrado<\/p><p class=\"mb-0\" style=\"font-size: .85rem\"><strong title=\"Fecha de Publicaci\u00f3n\"><i class=\"fas fa-calendar-alt\"><\/i><\/strong> Publicado el martes, 28 de junio de 2022<\/p><\/div><div class=\"col-auto mt-md-0 mt-2\"><a class=\"btn btn-primary btn-lg px-lg-4 d-none d-md-block\" href=\"https:\/\/comunidad.comprasdominicana.gob.do\/\/Public\/Tendering\/OpportunityDetail\/Index?noticeUID=DO1.NTC.1095927\" target=\"_blank\" title=\"Detalles\"><i class=\"fas fa-link\"><\/i> DETALLES<\/a><a class=\"btn btn-primary btn-lg px-lg-4 d-block d-md-none\" href=\"https:\/\/comunidad.comprasdominicana.gob.do\/\/Public\/Tendering\/OpportunityDetail\/Index?noticeUID=DO1.NTC.1095927\" target=\"_blank\" title=\"Detalles\"><i class=\"fas fa-2x fa-link\"><\/i><\/a><\/div><\/div><\/div><div class=\"jumbotron archivos\"><div class=\"row align-items-center\"><div class=\"col\"><h6><a class=\"text-dark\" href=\"https:\/\/comunidad.comprasdominicana.gob.do\/\/Public\/Tendering\/OpportunityDetail\/Index?noticeUID=DO1.NTC.1096324\" title=\"Ver\" target=\"_blank\">INESPRE-UC-CD-2022-0056<\/a><\/h6><p class=\"mb-0 bold\">Adquisici\u00f3n de Sillas y Mesas pl\u00e1sticas <\/p><p class=\"mb-0\" style=\"font-size: .85rem\"><strong title=\"Estado del Proceso\"><i class=\"fas fa-spinner\"><\/i><\/strong> Proceso adjudicado y celebrado<\/p><p class=\"mb-0\" style=\"font-size: .85rem\"><strong title=\"Fecha de Publicaci\u00f3n\"><i class=\"fas fa-calendar-alt\"><\/i><\/strong> Publicado el martes, 28 de junio de 2022<\/p><\/div><div class=\"col-auto mt-md-0 mt-2\"><a class=\"btn btn-primary btn-lg px-lg-4 d-none d-md-block\" href=\"https:\/\/comunidad.comprasdominicana.gob.do\/\/Public\/Tendering\/OpportunityDetail\/Index?noticeUID=DO1.NTC.1096324\" target=\"_blank\" title=\"Detalles\"><i class=\"fas fa-link\"><\/i> DETALLES<\/a><a class=\"btn btn-primary btn-lg px-lg-4 d-block d-md-none\" href=\"https:\/\/comunidad.comprasdominicana.gob.do\/\/Public\/Tendering\/OpportunityDetail\/Index?noticeUID=DO1.NTC.1096324\" target=\"_blank\" title=\"Detalles\"><i class=\"fas fa-2x fa-link\"><\/i><\/a><\/div><\/div><\/div><div class=\"jumbotron archivos\"><div class=\"row align-items-center\"><div class=\"col\"><h6><a class=\"text-dark\" href=\"https:\/\/comunidad.comprasdominicana.gob.do\/\/Public\/Tendering\/OpportunityDetail\/Index?noticeUID=DO1.NTC.1095817\" title=\"Ver\" target=\"_blank\">INESPRE-UC-CD-2022-0057<\/a><\/h6><p class=\"mb-0 bold\">Adquisici\u00f3n de Acces Point (Antena Wifi)<\/p><p class=\"mb-0\" style=\"font-size: .85rem\"><strong title=\"Estado del Proceso\"><i class=\"fas fa-spinner\"><\/i><\/strong> Proceso adjudicado y celebrado<\/p><p class=\"mb-0\" style=\"font-size: .85rem\"><strong title=\"Fecha de Publicaci\u00f3n\"><i class=\"fas fa-calendar-alt\"><\/i><\/strong> Publicado el martes, 28 de junio de 2022<\/p><\/div><div class=\"col-auto mt-md-0 mt-2\"><a class=\"btn btn-primary btn-lg px-lg-4 d-none d-md-block\" href=\"https:\/\/comunidad.comprasdominicana.gob.do\/\/Public\/Tendering\/OpportunityDetail\/Index?noticeUID=DO1.NTC.1095817\" target=\"_blank\" title=\"Detalles\"><i class=\"fas fa-link\"><\/i> DETALLES<\/a><a class=\"btn btn-primary btn-lg px-lg-4 d-block d-md-none\" href=\"https:\/\/comunidad.comprasdominicana.gob.do\/\/Public\/Tendering\/OpportunityDetail\/Index?noticeUID=DO1.NTC.1095817\" target=\"_blank\" title=\"Detalles\"><i class=\"fas fa-2x fa-link\"><\/i><\/a><\/div><\/div><\/div><div class=\"jumbotron archivos\"><div class=\"row align-items-center\"><div class=\"col\"><h6><a class=\"text-dark\" href=\"https:\/\/comunidad.comprasdominicana.gob.do\/\/Public\/Tendering\/OpportunityDetail\/Index?noticeUID=DO1.NTC.1094830\" title=\"Ver\" target=\"_blank\">INESPRE-UC-CD-2022-0055<\/a><\/h6><p class=\"mb-0 bold\">Servicio de Refrigerio para Curso de Sistema integrado de Interpretaci\u00f3n e implementaci\u00f3n de Sistema de Gesti\u00f3n ISO 9000,37001 Y 37301<\/p><p class=\"mb-0\" style=\"font-size: .85rem\"><strong title=\"Estado del Proceso\"><i class=\"fas fa-spinner\"><\/i><\/strong> Proceso adjudicado y celebrado<\/p><p class=\"mb-0\" style=\"font-size: .85rem\"><strong title=\"Fecha de Publicaci\u00f3n\"><i class=\"fas fa-calendar-alt\"><\/i><\/strong> Publicado el viernes, 24 de junio de 2022<\/p><\/div><div class=\"col-auto mt-md-0 mt-2\"><a class=\"btn btn-primary btn-lg px-lg-4 d-none d-md-block\" href=\"https:\/\/comunidad.comprasdominicana.gob.do\/\/Public\/Tendering\/OpportunityDetail\/Index?noticeUID=DO1.NTC.1094830\" target=\"_blank\" title=\"Detalles\"><i class=\"fas fa-link\"><\/i> DETALLES<\/a><a class=\"btn btn-primary btn-lg px-lg-4 d-block d-md-none\" href=\"https:\/\/comunidad.comprasdominicana.gob.do\/\/Public\/Tendering\/OpportunityDetail\/Index?noticeUID=DO1.NTC.1094830\" target=\"_blank\" title=\"Detalles\"><i class=\"fas fa-2x fa-link\"><\/i><\/a><\/div><\/div><\/div><div class=\"jumbotron archivos\"><div class=\"row align-items-center\"><div class=\"col\"><h6><a class=\"text-dark\" href=\"https:\/\/comunidad.comprasdominicana.gob.do\/\/Public\/Tendering\/OpportunityDetail\/Index?noticeUID=DO1.NTC.1094409\" title=\"Ver\" target=\"_blank\">INESPRE-UC-CD-2022-0054<\/a><\/h6><p class=\"mb-0 bold\">Adquisici\u00f3n de Colgantes para Carnets<\/p><p class=\"mb-0\" style=\"font-size: .85rem\"><strong title=\"Estado del Proceso\"><i class=\"fas fa-spinner\"><\/i><\/strong> Proceso adjudicado y celebrado<\/p><p class=\"mb-0\" style=\"font-size: .85rem\"><strong title=\"Fecha de Publicaci\u00f3n\"><i class=\"fas fa-calendar-alt\"><\/i><\/strong> Publicado el jueves, 23 de junio de 2022<\/p><\/div><div class=\"col-auto mt-md-0 mt-2\"><a class=\"btn btn-primary btn-lg px-lg-4 d-none d-md-block\" href=\"https:\/\/comunidad.comprasdominicana.gob.do\/\/Public\/Tendering\/OpportunityDetail\/Index?noticeUID=DO1.NTC.1094409\" target=\"_blank\" title=\"Detalles\"><i class=\"fas fa-link\"><\/i> DETALLES<\/a><a class=\"btn btn-primary btn-lg px-lg-4 d-block d-md-none\" href=\"https:\/\/comunidad.comprasdominicana.gob.do\/\/Public\/Tendering\/OpportunityDetail\/Index?noticeUID=DO1.NTC.1094409\" target=\"_blank\" title=\"Detalles\"><i class=\"fas fa-2x fa-link\"><\/i><\/a><\/div><\/div><\/div><div class=\"jumbotron archivos\"><div class=\"row align-items-center\"><div class=\"col\"><h6><a class=\"text-dark\" href=\"https:\/\/comunidad.comprasdominicana.gob.do\/\/Public\/Tendering\/OpportunityDetail\/Index?noticeUID=DO1.NTC.1093628\" title=\"Ver\" target=\"_blank\">INESPRE-UC-CD-2022-0053<\/a><\/h6><p class=\"mb-0 bold\">Adquisici\u00f3n de Acces Point (Antena Wifi)<\/p><p class=\"mb-0\" style=\"font-size: .85rem\"><strong title=\"Estado del Proceso\"><i class=\"fas fa-spinner\"><\/i><\/strong> Proceso adjudicado y celebrado<\/p><p class=\"mb-0\" style=\"font-size: .85rem\"><strong title=\"Fecha de Publicaci\u00f3n\"><i class=\"fas fa-calendar-alt\"><\/i><\/strong> Publicado el mi\u00e9rcoles, 22 de junio de 2022<\/p><\/div><div class=\"col-auto mt-md-0 mt-2\"><a class=\"btn btn-primary btn-lg px-lg-4 d-none d-md-block\" href=\"https:\/\/comunidad.comprasdominicana.gob.do\/\/Public\/Tendering\/OpportunityDetail\/Index?noticeUID=DO1.NTC.1093628\" target=\"_blank\" title=\"Detalles\"><i class=\"fas fa-link\"><\/i> DETALLES<\/a><a class=\"btn btn-primary btn-lg px-lg-4 d-block d-md-none\" href=\"https:\/\/comunidad.comprasdominicana.gob.do\/\/Public\/Tendering\/OpportunityDetail\/Index?noticeUID=DO1.NTC.1093628\" target=\"_blank\" title=\"Detalles\"><i class=\"fas fa-2x fa-link\"><\/i><\/a><\/div><\/div><\/div><div class=\"jumbotron archivos\"><div class=\"row align-items-center\"><div class=\"col\"><h6><a class=\"text-dark\" href=\"https:\/\/comunidad.comprasdominicana.gob.do\/\/Public\/Tendering\/OpportunityDetail\/Index?noticeUID=DO1.NTC.1093514\" title=\"Ver\" target=\"_blank\">INESPRE-UC-CD-2022-0052<\/a><\/h6><p class=\"mb-0 bold\">Servicio de Rehabilitaci\u00f3n de Aire Acondicionado <\/p><p class=\"mb-0\" style=\"font-size: .85rem\"><strong title=\"Estado del Proceso\"><i class=\"fas fa-spinner\"><\/i><\/strong> Proceso adjudicado y celebrado<\/p><p class=\"mb-0\" style=\"font-size: .85rem\"><strong title=\"Fecha de Publicaci\u00f3n\"><i class=\"fas fa-calendar-alt\"><\/i><\/strong> Publicado el mi\u00e9rcoles, 22 de junio de 2022<\/p><\/div><div class=\"col-auto mt-md-0 mt-2\"><a class=\"btn btn-primary btn-lg px-lg-4 d-none d-md-block\" href=\"https:\/\/comunidad.comprasdominicana.gob.do\/\/Public\/Tendering\/OpportunityDetail\/Index?noticeUID=DO1.NTC.1093514\" target=\"_blank\" title=\"Detalles\"><i class=\"fas fa-link\"><\/i> DETALLES<\/a><a class=\"btn btn-primary btn-lg px-lg-4 d-block d-md-none\" href=\"https:\/\/comunidad.comprasdominicana.gob.do\/\/Public\/Tendering\/OpportunityDetail\/Index?noticeUID=DO1.NTC.1093514\" target=\"_blank\" title=\"Detalles\"><i class=\"fas fa-2x fa-link\"><\/i><\/a><\/div><\/div><\/div><div class=\"jumbotron archivos\"><div class=\"row align-items-center\"><div class=\"col\"><h6><a class=\"text-dark\" href=\"https:\/\/comunidad.comprasdominicana.gob.do\/\/Public\/Tendering\/OpportunityDetail\/Index?noticeUID=DO1.NTC.1089325\" title=\"Ver\" target=\"_blank\">INESPRE-UC-CD-2022-0051<\/a><\/h6><p class=\"mb-0 bold\">Servicio de Catering para Implementaci\u00f3n Metodolog\u00eda VAR, en el Staff Ejecutivo<\/p><p class=\"mb-0\" style=\"font-size: .85rem\"><strong title=\"Estado del Proceso\"><i class=\"fas fa-spinner\"><\/i><\/strong> Proceso adjudicado y celebrado<\/p><p class=\"mb-0\" style=\"font-size: .85rem\"><strong title=\"Fecha de Publicaci\u00f3n\"><i class=\"fas fa-calendar-alt\"><\/i><\/strong> Publicado el viernes, 10 de junio de 2022<\/p><\/div><div class=\"col-auto mt-md-0 mt-2\"><a class=\"btn btn-primary btn-lg px-lg-4 d-none d-md-block\" href=\"https:\/\/comunidad.comprasdominicana.gob.do\/\/Public\/Tendering\/OpportunityDetail\/Index?noticeUID=DO1.NTC.1089325\" target=\"_blank\" title=\"Detalles\"><i class=\"fas fa-link\"><\/i> DETALLES<\/a><a class=\"btn btn-primary btn-lg px-lg-4 d-block d-md-none\" href=\"https:\/\/comunidad.comprasdominicana.gob.do\/\/Public\/Tendering\/OpportunityDetail\/Index?noticeUID=DO1.NTC.1089325\" target=\"_blank\" title=\"Detalles\"><i class=\"fas fa-2x fa-link\"><\/i><\/a><\/div><\/div><\/div><div class=\"jumbotron archivos\"><div class=\"row align-items-center\"><div class=\"col\"><h6><a class=\"text-dark\" href=\"https:\/\/comunidad.comprasdominicana.gob.do\/\/Public\/Tendering\/OpportunityDetail\/Index?noticeUID=DO1.NTC.1088907\" title=\"Ver\" target=\"_blank\">INESPRE-UC-CD-2022-0050<\/a><\/h6><p class=\"mb-0 bold\">Adquisici\u00f3n de Banderas Institucionales y Nacionales<\/p><p class=\"mb-0\" style=\"font-size: .85rem\"><strong title=\"Estado del Proceso\"><i class=\"fas fa-spinner\"><\/i><\/strong> Proceso adjudicado y celebrado<\/p><p class=\"mb-0\" style=\"font-size: .85rem\"><strong title=\"Fecha de Publicaci\u00f3n\"><i class=\"fas fa-calendar-alt\"><\/i><\/strong> Publicado el jueves, 9 de junio de 2022<\/p><\/div><div class=\"col-auto mt-md-0 mt-2\"><a class=\"btn btn-primary btn-lg px-lg-4 d-none d-md-block\" href=\"https:\/\/comunidad.comprasdominicana.gob.do\/\/Public\/Tendering\/OpportunityDetail\/Index?noticeUID=DO1.NTC.1088907\" target=\"_blank\" title=\"Detalles\"><i class=\"fas fa-link\"><\/i> DETALLES<\/a><a class=\"btn btn-primary btn-lg px-lg-4 d-block d-md-none\" href=\"https:\/\/comunidad.comprasdominicana.gob.do\/\/Public\/Tendering\/OpportunityDetail\/Index?noticeUID=DO1.NTC.1088907\" target=\"_blank\" title=\"Detalles\"><i class=\"fas fa-2x fa-link\"><\/i><\/a><\/div><\/div><\/div><div class=\"jumbotron archivos\"><div class=\"row align-items-center\"><div class=\"col\"><h6><a class=\"text-dark\" href=\"https:\/\/comunidad.comprasdominicana.gob.do\/\/Public\/Tendering\/OpportunityDetail\/Index?noticeUID=DO1.NTC.1085906\" title=\"Ver\" target=\"_blank\">INESPRE-UC-CD-2022-0049<\/a><\/h6><p class=\"mb-0 bold\">Servicio de Catering para el Acto con la Empresa MERCASID<\/p><p class=\"mb-0\" style=\"font-size: .85rem\"><strong title=\"Estado del Proceso\"><i class=\"fas fa-spinner\"><\/i><\/strong> Proceso adjudicado y celebrado<\/p><p class=\"mb-0\" style=\"font-size: .85rem\"><strong title=\"Fecha de Publicaci\u00f3n\"><i class=\"fas fa-calendar-alt\"><\/i><\/strong> Publicado el jueves, 2 de junio de 2022<\/p><\/div><div class=\"col-auto mt-md-0 mt-2\"><a class=\"btn btn-primary btn-lg px-lg-4 d-none d-md-block\" href=\"https:\/\/comunidad.comprasdominicana.gob.do\/\/Public\/Tendering\/OpportunityDetail\/Index?noticeUID=DO1.NTC.1085906\" target=\"_blank\" title=\"Detalles\"><i class=\"fas fa-link\"><\/i> DETALLES<\/a><a class=\"btn btn-primary btn-lg px-lg-4 d-block d-md-none\" href=\"https:\/\/comunidad.comprasdominicana.gob.do\/\/Public\/Tendering\/OpportunityDetail\/Index?noticeUID=DO1.NTC.1085906\" target=\"_blank\" title=\"Detalles\"><i class=\"fas fa-2x fa-link\"><\/i><\/a><\/div><\/div><\/div><\/div><\/div><\/div>\n        <div class=\"card\">\n            <div class=\"card-header parents\" id=\"heading_compras-por-debajo-del-umbral-69f73f7454400-2022-69f73f7454400-mayo-69f73f7454400\">\n                <p class=\"title text-blue mb-0\">\n                    <a class=\"btn-block hover text-left collapsed\" data-toggle=\"collapse\" data-target=\"#collap_compras-por-debajo-del-umbral-69f73f7454400-2022-69f73f7454400-mayo-69f73f7454400\" aria-expanded=\"false\" aria-controls=\"collap_compras-por-debajo-del-umbral-69f73f7454400-2022-69f73f7454400-mayo-69f73f7454400\">Mayo<\/a>\n                <\/p>\n            <\/div>\n            <div id=\"collap_compras-por-debajo-del-umbral-69f73f7454400-2022-69f73f7454400-mayo-69f73f7454400\" class=\"collapse\" aria-labelledby=\"heading_compras-por-debajo-del-umbral-69f73f7454400-2022-69f73f7454400-mayo-69f73f7454400\" data-parent=\"#collap_compras-por-debajo-del-umbral-69f73f7454400-2022-69f73f7454400\">\n                <div class=\"card-body\"><div class=\"jumbotron archivos\"><div class=\"row align-items-center\"><div class=\"col\"><h6><a class=\"text-dark\" href=\"https:\/\/comunidad.comprasdominicana.gob.do\/\/Public\/Tendering\/OpportunityDetail\/Index?noticeUID=DO1.NTC.1081949\" title=\"Ver\" target=\"_blank\">INESPRE-UC-CD-2022-0048<\/a><\/h6><p class=\"mb-0 bold\">Adquisici\u00f3n de Relojes Biom\u00e9tricos<\/p><p class=\"mb-0\" style=\"font-size: .85rem\"><strong title=\"Estado del Proceso\"><i class=\"fas fa-spinner\"><\/i><\/strong> Proceso adjudicado y celebrado<\/p><p class=\"mb-0\" style=\"font-size: .85rem\"><strong title=\"Fecha de Publicaci\u00f3n\"><i class=\"fas fa-calendar-alt\"><\/i><\/strong> Publicado el mi\u00e9rcoles, 25 de mayo de 2022<\/p><\/div><div class=\"col-auto mt-md-0 mt-2\"><a class=\"btn btn-primary btn-lg px-lg-4 d-none d-md-block\" href=\"https:\/\/comunidad.comprasdominicana.gob.do\/\/Public\/Tendering\/OpportunityDetail\/Index?noticeUID=DO1.NTC.1081949\" target=\"_blank\" title=\"Detalles\"><i class=\"fas fa-link\"><\/i> DETALLES<\/a><a class=\"btn btn-primary btn-lg px-lg-4 d-block d-md-none\" href=\"https:\/\/comunidad.comprasdominicana.gob.do\/\/Public\/Tendering\/OpportunityDetail\/Index?noticeUID=DO1.NTC.1081949\" target=\"_blank\" title=\"Detalles\"><i class=\"fas fa-2x fa-link\"><\/i><\/a><\/div><\/div><\/div><div class=\"jumbotron archivos\"><div class=\"row align-items-center\"><div class=\"col\"><h6><a class=\"text-dark\" href=\"https:\/\/comunidad.comprasdominicana.gob.do\/\/Public\/Tendering\/OpportunityDetail\/Index?noticeUID=DO1.NTC.1082427\" title=\"Ver\" target=\"_blank\">INESPRE-UC-CD-2022-0047<\/a><\/h6><p class=\"mb-0 bold\">Adquisici\u00f3n de Maquinas Calculadoras Manuales<\/p><p class=\"mb-0\" style=\"font-size: .85rem\"><strong title=\"Estado del Proceso\"><i class=\"fas fa-spinner\"><\/i><\/strong> Proceso adjudicado y celebrado<\/p><p class=\"mb-0\" style=\"font-size: .85rem\"><strong title=\"Fecha de Publicaci\u00f3n\"><i class=\"fas fa-calendar-alt\"><\/i><\/strong> Publicado el mi\u00e9rcoles, 25 de mayo de 2022<\/p><\/div><div class=\"col-auto mt-md-0 mt-2\"><a class=\"btn btn-primary btn-lg px-lg-4 d-none d-md-block\" href=\"https:\/\/comunidad.comprasdominicana.gob.do\/\/Public\/Tendering\/OpportunityDetail\/Index?noticeUID=DO1.NTC.1082427\" target=\"_blank\" title=\"Detalles\"><i class=\"fas fa-link\"><\/i> DETALLES<\/a><a class=\"btn btn-primary btn-lg px-lg-4 d-block d-md-none\" href=\"https:\/\/comunidad.comprasdominicana.gob.do\/\/Public\/Tendering\/OpportunityDetail\/Index?noticeUID=DO1.NTC.1082427\" target=\"_blank\" title=\"Detalles\"><i class=\"fas fa-2x fa-link\"><\/i><\/a><\/div><\/div><\/div><div class=\"jumbotron archivos\"><div class=\"row align-items-center\"><div class=\"col\"><h6><a class=\"text-dark\" href=\"https:\/\/comunidad.comprasdominicana.gob.do\/\/Public\/Tendering\/OpportunityDetail\/Index?noticeUID=DO1.NTC.1081934\" title=\"Ver\" target=\"_blank\">INESPRE-UC-CD-2022-0046<\/a><\/h6><p class=\"mb-0 bold\">Adquisici\u00f3n de Toners y Cintas para Impresoras<\/p><p class=\"mb-0\" style=\"font-size: .85rem\"><strong title=\"Estado del Proceso\"><i class=\"fas fa-spinner\"><\/i><\/strong> Proceso adjudicado y celebrado<\/p><p class=\"mb-0\" style=\"font-size: .85rem\"><strong title=\"Fecha de Publicaci\u00f3n\"><i class=\"fas fa-calendar-alt\"><\/i><\/strong> Publicado el mi\u00e9rcoles, 25 de mayo de 2022<\/p><\/div><div class=\"col-auto mt-md-0 mt-2\"><a class=\"btn btn-primary btn-lg px-lg-4 d-none d-md-block\" href=\"https:\/\/comunidad.comprasdominicana.gob.do\/\/Public\/Tendering\/OpportunityDetail\/Index?noticeUID=DO1.NTC.1081934\" target=\"_blank\" title=\"Detalles\"><i class=\"fas fa-link\"><\/i> DETALLES<\/a><a class=\"btn btn-primary btn-lg px-lg-4 d-block d-md-none\" href=\"https:\/\/comunidad.comprasdominicana.gob.do\/\/Public\/Tendering\/OpportunityDetail\/Index?noticeUID=DO1.NTC.1081934\" target=\"_blank\" title=\"Detalles\"><i class=\"fas fa-2x fa-link\"><\/i><\/a><\/div><\/div><\/div><div class=\"jumbotron archivos\"><div class=\"row align-items-center\"><div class=\"col\"><h6><a class=\"text-dark\" href=\"https:\/\/comunidad.comprasdominicana.gob.do\/\/Public\/Tendering\/OpportunityDetail\/Index?noticeUID=DO1.NTC.1081915\" title=\"Ver\" target=\"_blank\">INESPRE-UC-CD-2022-0045<\/a><\/h6><p class=\"mb-0 bold\">Servicio de Colocaci\u00f3n de publicidad en Peri\u00f3dico de Circulaci\u00f3n Nacional<\/p><p class=\"mb-0\" style=\"font-size: .85rem\"><strong title=\"Estado del Proceso\"><i class=\"fas fa-spinner\"><\/i><\/strong> Proceso adjudicado y celebrado<\/p><p class=\"mb-0\" style=\"font-size: .85rem\"><strong title=\"Fecha de Publicaci\u00f3n\"><i class=\"fas fa-calendar-alt\"><\/i><\/strong> Publicado el mi\u00e9rcoles, 25 de mayo de 2022<\/p><\/div><div class=\"col-auto mt-md-0 mt-2\"><a class=\"btn btn-primary btn-lg px-lg-4 d-none d-md-block\" href=\"https:\/\/comunidad.comprasdominicana.gob.do\/\/Public\/Tendering\/OpportunityDetail\/Index?noticeUID=DO1.NTC.1081915\" target=\"_blank\" title=\"Detalles\"><i class=\"fas fa-link\"><\/i> DETALLES<\/a><a class=\"btn btn-primary btn-lg px-lg-4 d-block d-md-none\" href=\"https:\/\/comunidad.comprasdominicana.gob.do\/\/Public\/Tendering\/OpportunityDetail\/Index?noticeUID=DO1.NTC.1081915\" target=\"_blank\" title=\"Detalles\"><i class=\"fas fa-2x fa-link\"><\/i><\/a><\/div><\/div><\/div><div class=\"jumbotron archivos\"><div class=\"row align-items-center\"><div class=\"col\"><h6><a class=\"text-dark\" href=\"https:\/\/comunidad.comprasdominicana.gob.do\/\/Public\/Tendering\/OpportunityDetail\/Index?noticeUID=DO1.NTC.1078950\" title=\"Ver\" target=\"_blank\">INESPRE-UC-CD-2022-0044<\/a><\/h6><p class=\"mb-0 bold\">Servicio de Colocaci\u00f3n de Publicidad en Peri\u00f3dico de Circulaci\u00f3n Nacional<\/p><p class=\"mb-0\" style=\"font-size: .85rem\"><strong title=\"Estado del Proceso\"><i class=\"fas fa-spinner\"><\/i><\/strong> Proceso adjudicado y celebrado<\/p><p class=\"mb-0\" style=\"font-size: .85rem\"><strong title=\"Fecha de Publicaci\u00f3n\"><i class=\"fas fa-calendar-alt\"><\/i><\/strong> Publicado el mi\u00e9rcoles, 18 de mayo de 2022<\/p><\/div><div class=\"col-auto mt-md-0 mt-2\"><a class=\"btn btn-primary btn-lg px-lg-4 d-none d-md-block\" href=\"https:\/\/comunidad.comprasdominicana.gob.do\/\/Public\/Tendering\/OpportunityDetail\/Index?noticeUID=DO1.NTC.1078950\" target=\"_blank\" title=\"Detalles\"><i class=\"fas fa-link\"><\/i> DETALLES<\/a><a class=\"btn btn-primary btn-lg px-lg-4 d-block d-md-none\" href=\"https:\/\/comunidad.comprasdominicana.gob.do\/\/Public\/Tendering\/OpportunityDetail\/Index?noticeUID=DO1.NTC.1078950\" target=\"_blank\" title=\"Detalles\"><i class=\"fas fa-2x fa-link\"><\/i><\/a><\/div><\/div><\/div><div class=\"jumbotron archivos\"><div class=\"row align-items-center\"><div class=\"col\"><h6><a class=\"text-dark\" href=\"https:\/\/comunidad.comprasdominicana.gob.do\/\/Public\/Tendering\/OpportunityDetail\/Index?noticeUID=DO1.NTC.1078224\" title=\"Ver\" target=\"_blank\">INESPRE-UC-CD-2022-0043<\/a><\/h6><p class=\"mb-0 bold\">Adquisici\u00f3n de Guantes Desechables<\/p><p class=\"mb-0\" style=\"font-size: .85rem\"><strong title=\"Estado del Proceso\"><i class=\"fas fa-spinner\"><\/i><\/strong> Proceso adjudicado y celebrado<\/p><p class=\"mb-0\" style=\"font-size: .85rem\"><strong title=\"Fecha de Publicaci\u00f3n\"><i class=\"fas fa-calendar-alt\"><\/i><\/strong> Publicado el lunes, 16 de mayo de 2022<\/p><\/div><div class=\"col-auto mt-md-0 mt-2\"><a class=\"btn btn-primary btn-lg px-lg-4 d-none d-md-block\" href=\"https:\/\/comunidad.comprasdominicana.gob.do\/\/Public\/Tendering\/OpportunityDetail\/Index?noticeUID=DO1.NTC.1078224\" target=\"_blank\" title=\"Detalles\"><i class=\"fas fa-link\"><\/i> DETALLES<\/a><a class=\"btn btn-primary btn-lg px-lg-4 d-block d-md-none\" href=\"https:\/\/comunidad.comprasdominicana.gob.do\/\/Public\/Tendering\/OpportunityDetail\/Index?noticeUID=DO1.NTC.1078224\" target=\"_blank\" title=\"Detalles\"><i class=\"fas fa-2x fa-link\"><\/i><\/a><\/div><\/div><\/div><div class=\"jumbotron archivos\"><div class=\"row align-items-center\"><div class=\"col\"><h6><a class=\"text-dark\" href=\"https:\/\/comunidad.comprasdominicana.gob.do\/\/Public\/Tendering\/OpportunityDetail\/Index?noticeUID=DO1.NTC.1075921\" title=\"Ver\" target=\"_blank\">INESPRE-UC-CD-2022-0042<\/a><\/h6><p class=\"mb-0 bold\">Adquisici\u00f3n de Motherboard<\/p><p class=\"mb-0\" style=\"font-size: .85rem\"><strong title=\"Estado del Proceso\"><i class=\"fas fa-spinner\"><\/i><\/strong> Proceso adjudicado y celebrado<\/p><p class=\"mb-0\" style=\"font-size: .85rem\"><strong title=\"Fecha de Publicaci\u00f3n\"><i class=\"fas fa-calendar-alt\"><\/i><\/strong> Publicado el mi\u00e9rcoles, 11 de mayo de 2022<\/p><\/div><div class=\"col-auto mt-md-0 mt-2\"><a class=\"btn btn-primary btn-lg px-lg-4 d-none d-md-block\" href=\"https:\/\/comunidad.comprasdominicana.gob.do\/\/Public\/Tendering\/OpportunityDetail\/Index?noticeUID=DO1.NTC.1075921\" target=\"_blank\" title=\"Detalles\"><i class=\"fas fa-link\"><\/i> DETALLES<\/a><a class=\"btn btn-primary btn-lg px-lg-4 d-block d-md-none\" href=\"https:\/\/comunidad.comprasdominicana.gob.do\/\/Public\/Tendering\/OpportunityDetail\/Index?noticeUID=DO1.NTC.1075921\" target=\"_blank\" title=\"Detalles\"><i class=\"fas fa-2x fa-link\"><\/i><\/a><\/div><\/div><\/div><div class=\"jumbotron archivos\"><div class=\"row align-items-center\"><div class=\"col\"><h6><a class=\"text-dark\" href=\"https:\/\/comunidad.comprasdominicana.gob.do\/\/Public\/Tendering\/OpportunityDetail\/Index?noticeUID=DO1.NTC.1074135\" title=\"Ver\" target=\"_blank\">INESPRE-UC-CD-2022-0041<\/a><\/h6><p class=\"mb-0 bold\">Servicio de Colocaci\u00f3n de Publicidad en Peri\u00f3dico de circulaci\u00f3n Nacional <\/p><p class=\"mb-0\" style=\"font-size: .85rem\"><strong title=\"Estado del Proceso\"><i class=\"fas fa-spinner\"><\/i><\/strong> Proceso adjudicado y celebrado<\/p><p class=\"mb-0\" style=\"font-size: .85rem\"><strong title=\"Fecha de Publicaci\u00f3n\"><i class=\"fas fa-calendar-alt\"><\/i><\/strong> Publicado el viernes, 6 de mayo de 2022<\/p><\/div><div class=\"col-auto mt-md-0 mt-2\"><a class=\"btn btn-primary btn-lg px-lg-4 d-none d-md-block\" href=\"https:\/\/comunidad.comprasdominicana.gob.do\/\/Public\/Tendering\/OpportunityDetail\/Index?noticeUID=DO1.NTC.1074135\" target=\"_blank\" title=\"Detalles\"><i class=\"fas fa-link\"><\/i> DETALLES<\/a><a class=\"btn btn-primary btn-lg px-lg-4 d-block d-md-none\" href=\"https:\/\/comunidad.comprasdominicana.gob.do\/\/Public\/Tendering\/OpportunityDetail\/Index?noticeUID=DO1.NTC.1074135\" target=\"_blank\" title=\"Detalles\"><i class=\"fas fa-2x fa-link\"><\/i><\/a><\/div><\/div><\/div><div class=\"jumbotron archivos\"><div class=\"row align-items-center\"><div class=\"col\"><h6><a class=\"text-dark\" href=\"https:\/\/comunidad.comprasdominicana.gob.do\/\/Public\/Tendering\/OpportunityDetail\/Index?noticeUID=DO1.NTC.1073238\" title=\"Ver\" target=\"_blank\">INESPRE-UC-CD-2022-0040<\/a><\/h6><p class=\"mb-0 bold\">Adquisici\u00f3n de Materiales de Limpieza para Ferias Agropecuarias INESPRE con las Madres 2022<\/p><p class=\"mb-0\" style=\"font-size: .85rem\"><strong title=\"Estado del Proceso\"><i class=\"fas fa-spinner\"><\/i><\/strong> Proceso adjudicado y celebrado<\/p><p class=\"mb-0\" style=\"font-size: .85rem\"><strong title=\"Fecha de Publicaci\u00f3n\"><i class=\"fas fa-calendar-alt\"><\/i><\/strong> Publicado el mi\u00e9rcoles, 4 de mayo de 2022<\/p><\/div><div class=\"col-auto mt-md-0 mt-2\"><a class=\"btn btn-primary btn-lg px-lg-4 d-none d-md-block\" href=\"https:\/\/comunidad.comprasdominicana.gob.do\/\/Public\/Tendering\/OpportunityDetail\/Index?noticeUID=DO1.NTC.1073238\" target=\"_blank\" title=\"Detalles\"><i class=\"fas fa-link\"><\/i> DETALLES<\/a><a class=\"btn btn-primary btn-lg px-lg-4 d-block d-md-none\" href=\"https:\/\/comunidad.comprasdominicana.gob.do\/\/Public\/Tendering\/OpportunityDetail\/Index?noticeUID=DO1.NTC.1073238\" target=\"_blank\" title=\"Detalles\"><i class=\"fas fa-2x fa-link\"><\/i><\/a><\/div><\/div><\/div><\/div><\/div><\/div>\n        <div class=\"card\">\n            <div class=\"card-header parents\" id=\"heading_compras-por-debajo-del-umbral-69f73f7454400-2022-69f73f7454400-abril-69f73f7454400\">\n                <p class=\"title text-blue mb-0\">\n                    <a class=\"btn-block hover text-left collapsed\" data-toggle=\"collapse\" data-target=\"#collap_compras-por-debajo-del-umbral-69f73f7454400-2022-69f73f7454400-abril-69f73f7454400\" aria-expanded=\"false\" aria-controls=\"collap_compras-por-debajo-del-umbral-69f73f7454400-2022-69f73f7454400-abril-69f73f7454400\">Abril<\/a>\n                <\/p>\n            <\/div>\n            <div id=\"collap_compras-por-debajo-del-umbral-69f73f7454400-2022-69f73f7454400-abril-69f73f7454400\" class=\"collapse\" aria-labelledby=\"heading_compras-por-debajo-del-umbral-69f73f7454400-2022-69f73f7454400-abril-69f73f7454400\" data-parent=\"#collap_compras-por-debajo-del-umbral-69f73f7454400-2022-69f73f7454400\">\n                <div class=\"card-body\"><div class=\"jumbotron archivos\"><div class=\"row align-items-center\"><div class=\"col\"><h6><a class=\"text-dark\" href=\"https:\/\/comunidad.comprasdominicana.gob.do\/\/Public\/Tendering\/OpportunityDetail\/Index?noticeUID=DO1.NTC.1072131\" title=\"Ver\" target=\"_blank\">INESPRE-UC-CD-2022-0039<\/a><\/h6><p class=\"mb-0 bold\">Servicio de Radiocomunicaci\u00f3n para la Ferias Agropecuarias INESPRE con Las Madres 2022<\/p><p class=\"mb-0\" style=\"font-size: .85rem\"><strong title=\"Estado del Proceso\"><i class=\"fas fa-spinner\"><\/i><\/strong> Proceso adjudicado y celebrado<\/p><p class=\"mb-0\" style=\"font-size: .85rem\"><strong title=\"Fecha de Publicaci\u00f3n\"><i class=\"fas fa-calendar-alt\"><\/i><\/strong> Publicado el viernes, 29 de abril de 2022<\/p><\/div><div class=\"col-auto mt-md-0 mt-2\"><a class=\"btn btn-primary btn-lg px-lg-4 d-none d-md-block\" href=\"https:\/\/comunidad.comprasdominicana.gob.do\/\/Public\/Tendering\/OpportunityDetail\/Index?noticeUID=DO1.NTC.1072131\" target=\"_blank\" title=\"Detalles\"><i class=\"fas fa-link\"><\/i> DETALLES<\/a><a class=\"btn btn-primary btn-lg px-lg-4 d-block d-md-none\" href=\"https:\/\/comunidad.comprasdominicana.gob.do\/\/Public\/Tendering\/OpportunityDetail\/Index?noticeUID=DO1.NTC.1072131\" target=\"_blank\" title=\"Detalles\"><i class=\"fas fa-2x fa-link\"><\/i><\/a><\/div><\/div><\/div><div class=\"jumbotron archivos\"><div class=\"row align-items-center\"><div class=\"col\"><h6><a class=\"text-dark\" href=\"https:\/\/comunidad.comprasdominicana.gob.do\/\/Public\/Tendering\/OpportunityDetail\/Index?noticeUID=DO1.NTC.1071213\" title=\"Ver\" target=\"_blank\">INESPRE-UC-CD-2022-0038<\/a><\/h6><p class=\"mb-0 bold\">Servicio de Montaje para la Exposici\u00f3n de Art\u00edculos<\/p><p class=\"mb-0\" style=\"font-size: .85rem\"><strong title=\"Estado del Proceso\"><i class=\"fas fa-spinner\"><\/i><\/strong> Proceso adjudicado y celebrado<\/p><p class=\"mb-0\" style=\"font-size: .85rem\"><strong title=\"Fecha de Publicaci\u00f3n\"><i class=\"fas fa-calendar-alt\"><\/i><\/strong> Publicado el jueves, 28 de abril de 2022<\/p><\/div><div class=\"col-auto mt-md-0 mt-2\"><a class=\"btn btn-primary btn-lg px-lg-4 d-none d-md-block\" href=\"https:\/\/comunidad.comprasdominicana.gob.do\/\/Public\/Tendering\/OpportunityDetail\/Index?noticeUID=DO1.NTC.1071213\" target=\"_blank\" title=\"Detalles\"><i class=\"fas fa-link\"><\/i> DETALLES<\/a><a class=\"btn btn-primary btn-lg px-lg-4 d-block d-md-none\" href=\"https:\/\/comunidad.comprasdominicana.gob.do\/\/Public\/Tendering\/OpportunityDetail\/Index?noticeUID=DO1.NTC.1071213\" target=\"_blank\" title=\"Detalles\"><i class=\"fas fa-2x fa-link\"><\/i><\/a><\/div><\/div><\/div><div class=\"jumbotron archivos\"><div class=\"row align-items-center\"><div class=\"col\"><h6><a class=\"text-dark\" href=\"https:\/\/comunidad.comprasdominicana.gob.do\/\/Public\/Tendering\/OpportunityDetail\/Index?noticeUID=DO1.NTC.1071304\" title=\"Ver\" target=\"_blank\">INESPRE-UC-CD-2022-0037<\/a><\/h6><p class=\"mb-0 bold\">Art\u00edculos Personalizado para la Conmemoraci\u00f3n del d\u00eda de la \u00c9tica<\/p><p class=\"mb-0\" style=\"font-size: .85rem\"><strong title=\"Estado del Proceso\"><i class=\"fas fa-spinner\"><\/i><\/strong> Cancelado<\/p><p class=\"mb-0\" style=\"font-size: .85rem\"><strong title=\"Fecha de Publicaci\u00f3n\"><i class=\"fas fa-calendar-alt\"><\/i><\/strong> Publicado el jueves, 28 de abril de 2022<\/p><\/div><div class=\"col-auto mt-md-0 mt-2\"><a class=\"btn btn-primary btn-lg px-lg-4 d-none d-md-block\" href=\"https:\/\/comunidad.comprasdominicana.gob.do\/\/Public\/Tendering\/OpportunityDetail\/Index?noticeUID=DO1.NTC.1071304\" target=\"_blank\" title=\"Detalles\"><i class=\"fas fa-link\"><\/i> DETALLES<\/a><a class=\"btn btn-primary btn-lg px-lg-4 d-block d-md-none\" href=\"https:\/\/comunidad.comprasdominicana.gob.do\/\/Public\/Tendering\/OpportunityDetail\/Index?noticeUID=DO1.NTC.1071304\" target=\"_blank\" title=\"Detalles\"><i class=\"fas fa-2x fa-link\"><\/i><\/a><\/div><\/div><\/div><div class=\"jumbotron archivos\"><div class=\"row align-items-center\"><div class=\"col\"><h6><a class=\"text-dark\" href=\"https:\/\/comunidad.comprasdominicana.gob.do\/\/Public\/Tendering\/OpportunityDetail\/Index?noticeUID=DO1.NTC.1068238\" title=\"Ver\" target=\"_blank\">INESPRE-UC-CD-2022-0036<\/a><\/h6><p class=\"mb-0 bold\">Servicio de Mantenimiento preventivo UPS UNIPO<\/p><p class=\"mb-0\" style=\"font-size: .85rem\"><strong title=\"Estado del Proceso\"><i class=\"fas fa-spinner\"><\/i><\/strong> Proceso adjudicado y celebrado<\/p><p class=\"mb-0\" style=\"font-size: .85rem\"><strong title=\"Fecha de Publicaci\u00f3n\"><i class=\"fas fa-calendar-alt\"><\/i><\/strong> Publicado el jueves, 21 de abril de 2022<\/p><\/div><div class=\"col-auto mt-md-0 mt-2\"><a class=\"btn btn-primary btn-lg px-lg-4 d-none d-md-block\" href=\"https:\/\/comunidad.comprasdominicana.gob.do\/\/Public\/Tendering\/OpportunityDetail\/Index?noticeUID=DO1.NTC.1068238\" target=\"_blank\" title=\"Detalles\"><i class=\"fas fa-link\"><\/i> DETALLES<\/a><a class=\"btn btn-primary btn-lg px-lg-4 d-block d-md-none\" href=\"https:\/\/comunidad.comprasdominicana.gob.do\/\/Public\/Tendering\/OpportunityDetail\/Index?noticeUID=DO1.NTC.1068238\" target=\"_blank\" title=\"Detalles\"><i class=\"fas fa-2x fa-link\"><\/i><\/a><\/div><\/div><\/div><div class=\"jumbotron archivos\"><div class=\"row align-items-center\"><div class=\"col\"><h6><a class=\"text-dark\" href=\"https:\/\/comunidad.comprasdominicana.gob.do\/\/Public\/Tendering\/OpportunityDetail\/Index?noticeUID=DO1.NTC.1068505\" title=\"Ver\" target=\"_blank\">INESPRE-UC-CD-2022-0035<\/a><\/h6><p class=\"mb-0 bold\">Adquisici\u00f3n de Banners y Bajantes para Feria Agropecuarias INESPRE con Las Madres 2022<\/p><p class=\"mb-0\" style=\"font-size: .85rem\"><strong title=\"Estado del Proceso\"><i class=\"fas fa-spinner\"><\/i><\/strong> Proceso adjudicado y celebrado<\/p><p class=\"mb-0\" style=\"font-size: .85rem\"><strong title=\"Fecha de Publicaci\u00f3n\"><i class=\"fas fa-calendar-alt\"><\/i><\/strong> Publicado el jueves, 21 de abril de 2022<\/p><\/div><div class=\"col-auto mt-md-0 mt-2\"><a class=\"btn btn-primary btn-lg px-lg-4 d-none d-md-block\" href=\"https:\/\/comunidad.comprasdominicana.gob.do\/\/Public\/Tendering\/OpportunityDetail\/Index?noticeUID=DO1.NTC.1068505\" target=\"_blank\" title=\"Detalles\"><i class=\"fas fa-link\"><\/i> DETALLES<\/a><a class=\"btn btn-primary btn-lg px-lg-4 d-block d-md-none\" href=\"https:\/\/comunidad.comprasdominicana.gob.do\/\/Public\/Tendering\/OpportunityDetail\/Index?noticeUID=DO1.NTC.1068505\" target=\"_blank\" title=\"Detalles\"><i class=\"fas fa-2x fa-link\"><\/i><\/a><\/div><\/div><\/div><div class=\"jumbotron archivos\"><div class=\"row align-items-center\"><div class=\"col\"><h6><a class=\"text-dark\" href=\"https:\/\/comunidad.comprasdominicana.gob.do\/\/Public\/Tendering\/OpportunityDetail\/Index?noticeUID=DO1.NTC.1064441\" title=\"Ver\" target=\"_blank\">INESPRE-UC-CD-2022-0034<\/a><\/h6><p class=\"mb-0 bold\">Servicio de Internet en Fibra \u00d3ptica<\/p><p class=\"mb-0\" style=\"font-size: .85rem\"><strong title=\"Estado del Proceso\"><i class=\"fas fa-spinner\"><\/i><\/strong> Proceso adjudicado y celebrado<\/p><p class=\"mb-0\" style=\"font-size: .85rem\"><strong title=\"Fecha de Publicaci\u00f3n\"><i class=\"fas fa-calendar-alt\"><\/i><\/strong> Publicado el lunes, 11 de abril de 2022<\/p><\/div><div class=\"col-auto mt-md-0 mt-2\"><a class=\"btn btn-primary btn-lg px-lg-4 d-none d-md-block\" href=\"https:\/\/comunidad.comprasdominicana.gob.do\/\/Public\/Tendering\/OpportunityDetail\/Index?noticeUID=DO1.NTC.1064441\" target=\"_blank\" title=\"Detalles\"><i class=\"fas fa-link\"><\/i> DETALLES<\/a><a class=\"btn btn-primary btn-lg px-lg-4 d-block d-md-none\" href=\"https:\/\/comunidad.comprasdominicana.gob.do\/\/Public\/Tendering\/OpportunityDetail\/Index?noticeUID=DO1.NTC.1064441\" target=\"_blank\" title=\"Detalles\"><i class=\"fas fa-2x fa-link\"><\/i><\/a><\/div><\/div><\/div><div class=\"jumbotron archivos\"><div class=\"row align-items-center\"><div class=\"col\"><h6><a class=\"text-dark\" href=\"https:\/\/comunidad.comprasdominicana.gob.do\/\/Public\/Tendering\/OpportunityDetail\/Index?noticeUID=DO1.NTC.1061818\" title=\"Ver\" target=\"_blank\">INESPRE-UC-CD-2022-0033<\/a><\/h6><p class=\"mb-0 bold\">Servicio de Publicaci\u00f3n en Dos (02) Peri\u00f3dicos de circulaci\u00f3n Nacional para el Proceso de Urgencia de referencia: INESPRE-MAE-PEUR-2022-0001<\/p><p class=\"mb-0\" style=\"font-size: .85rem\"><strong title=\"Estado del Proceso\"><i class=\"fas fa-spinner\"><\/i><\/strong> Proceso adjudicado y celebrado<\/p><p class=\"mb-0\" style=\"font-size: .85rem\"><strong title=\"Fecha de Publicaci\u00f3n\"><i class=\"fas fa-calendar-alt\"><\/i><\/strong> Publicado el martes, 5 de abril de 2022<\/p><\/div><div class=\"col-auto mt-md-0 mt-2\"><a class=\"btn btn-primary btn-lg px-lg-4 d-none d-md-block\" href=\"https:\/\/comunidad.comprasdominicana.gob.do\/\/Public\/Tendering\/OpportunityDetail\/Index?noticeUID=DO1.NTC.1061818\" target=\"_blank\" title=\"Detalles\"><i class=\"fas fa-link\"><\/i> DETALLES<\/a><a class=\"btn btn-primary btn-lg px-lg-4 d-block d-md-none\" href=\"https:\/\/comunidad.comprasdominicana.gob.do\/\/Public\/Tendering\/OpportunityDetail\/Index?noticeUID=DO1.NTC.1061818\" target=\"_blank\" title=\"Detalles\"><i class=\"fas fa-2x fa-link\"><\/i><\/a><\/div><\/div><\/div><div class=\"jumbotron archivos\"><div class=\"row align-items-center\"><div class=\"col\"><h6><a class=\"text-dark\" href=\"https:\/\/comunidad.comprasdominicana.gob.do\/\/Public\/Tendering\/OpportunityDetail\/Index?noticeUID=DO1.NTC.1061130\" title=\"Ver\" target=\"_blank\">INESPRE-UC-CD-2022-0032<\/a><\/h6><p class=\"mb-0 bold\">Adquisici\u00f3n de Pallet Jack<\/p><p class=\"mb-0\" style=\"font-size: .85rem\"><strong title=\"Estado del Proceso\"><i class=\"fas fa-spinner\"><\/i><\/strong> Proceso adjudicado y celebrado<\/p><p class=\"mb-0\" style=\"font-size: .85rem\"><strong title=\"Fecha de Publicaci\u00f3n\"><i class=\"fas fa-calendar-alt\"><\/i><\/strong> Publicado el lunes, 4 de abril de 2022<\/p><\/div><div class=\"col-auto mt-md-0 mt-2\"><a class=\"btn btn-primary btn-lg px-lg-4 d-none d-md-block\" href=\"https:\/\/comunidad.comprasdominicana.gob.do\/\/Public\/Tendering\/OpportunityDetail\/Index?noticeUID=DO1.NTC.1061130\" target=\"_blank\" title=\"Detalles\"><i class=\"fas fa-link\"><\/i> DETALLES<\/a><a class=\"btn btn-primary btn-lg px-lg-4 d-block d-md-none\" href=\"https:\/\/comunidad.comprasdominicana.gob.do\/\/Public\/Tendering\/OpportunityDetail\/Index?noticeUID=DO1.NTC.1061130\" target=\"_blank\" title=\"Detalles\"><i class=\"fas fa-2x fa-link\"><\/i><\/a><\/div><\/div><\/div><div class=\"jumbotron archivos\"><div class=\"row align-items-center\"><div class=\"col\"><h6><a class=\"text-dark\" href=\"https:\/\/comunidad.comprasdominicana.gob.do\/\/Public\/Tendering\/OpportunityDetail\/Index?noticeUID=DO1.NTC.1060508\" title=\"Ver\" target=\"_blank\">INESPRE-UC-CD-2022-0031<\/a><\/h6><p class=\"mb-0 bold\">Adquisici\u00f3n de Agua Purificada<\/p><p class=\"mb-0\" style=\"font-size: .85rem\"><strong title=\"Estado del Proceso\"><i class=\"fas fa-spinner\"><\/i><\/strong> Proceso adjudicado y celebrado<\/p><p class=\"mb-0\" style=\"font-size: .85rem\"><strong title=\"Fecha de Publicaci\u00f3n\"><i class=\"fas fa-calendar-alt\"><\/i><\/strong> Publicado el viernes, 1 de abril de 2022<\/p><\/div><div class=\"col-auto mt-md-0 mt-2\"><a class=\"btn btn-primary btn-lg px-lg-4 d-none d-md-block\" href=\"https:\/\/comunidad.comprasdominicana.gob.do\/\/Public\/Tendering\/OpportunityDetail\/Index?noticeUID=DO1.NTC.1060508\" target=\"_blank\" title=\"Detalles\"><i class=\"fas fa-link\"><\/i> DETALLES<\/a><a class=\"btn btn-primary btn-lg px-lg-4 d-block d-md-none\" href=\"https:\/\/comunidad.comprasdominicana.gob.do\/\/Public\/Tendering\/OpportunityDetail\/Index?noticeUID=DO1.NTC.1060508\" target=\"_blank\" title=\"Detalles\"><i class=\"fas fa-2x fa-link\"><\/i><\/a><\/div><\/div><\/div><\/div><\/div><\/div>\n        <div class=\"card\">\n            <div class=\"card-header parents\" id=\"heading_compras-por-debajo-del-umbral-69f73f7454400-2022-69f73f7454400-marzo-69f73f7454400\">\n                <p class=\"title text-blue mb-0\">\n                    <a class=\"btn-block hover text-left collapsed\" data-toggle=\"collapse\" data-target=\"#collap_compras-por-debajo-del-umbral-69f73f7454400-2022-69f73f7454400-marzo-69f73f7454400\" aria-expanded=\"false\" aria-controls=\"collap_compras-por-debajo-del-umbral-69f73f7454400-2022-69f73f7454400-marzo-69f73f7454400\">Marzo<\/a>\n                <\/p>\n            <\/div>\n            <div id=\"collap_compras-por-debajo-del-umbral-69f73f7454400-2022-69f73f7454400-marzo-69f73f7454400\" class=\"collapse\" aria-labelledby=\"heading_compras-por-debajo-del-umbral-69f73f7454400-2022-69f73f7454400-marzo-69f73f7454400\" data-parent=\"#collap_compras-por-debajo-del-umbral-69f73f7454400-2022-69f73f7454400\">\n                <div class=\"card-body\"><div class=\"jumbotron archivos\"><div class=\"row align-items-center\"><div class=\"col\"><h6><a class=\"text-dark\" href=\"https:\/\/comunidad.comprasdominicana.gob.do\/\/Public\/Tendering\/OpportunityDetail\/Index?noticeUID=DO1.NTC.1059601\" title=\"Ver\" target=\"_blank\">INESPRE-UC-CD-2022-0030<\/a><\/h6><p class=\"mb-0 bold\">Servicio de Picadera para Capacitaci\u00f3n<\/p><p class=\"mb-0\" style=\"font-size: .85rem\"><strong title=\"Estado del Proceso\"><i class=\"fas fa-spinner\"><\/i><\/strong> Proceso adjudicado y celebrado<\/p><p class=\"mb-0\" style=\"font-size: .85rem\"><strong title=\"Fecha de Publicaci\u00f3n\"><i class=\"fas fa-calendar-alt\"><\/i><\/strong> Publicado el mi\u00e9rcoles, 30 de marzo de 2022<\/p><\/div><div class=\"col-auto mt-md-0 mt-2\"><a class=\"btn btn-primary btn-lg px-lg-4 d-none d-md-block\" href=\"https:\/\/comunidad.comprasdominicana.gob.do\/\/Public\/Tendering\/OpportunityDetail\/Index?noticeUID=DO1.NTC.1059601\" target=\"_blank\" title=\"Detalles\"><i class=\"fas fa-link\"><\/i> DETALLES<\/a><a class=\"btn btn-primary btn-lg px-lg-4 d-block d-md-none\" href=\"https:\/\/comunidad.comprasdominicana.gob.do\/\/Public\/Tendering\/OpportunityDetail\/Index?noticeUID=DO1.NTC.1059601\" target=\"_blank\" title=\"Detalles\"><i class=\"fas fa-2x fa-link\"><\/i><\/a><\/div><\/div><\/div><div class=\"jumbotron archivos\"><div class=\"row align-items-center\"><div class=\"col\"><h6><a class=\"text-dark\" href=\"https:\/\/comunidad.comprasdominicana.gob.do\/\/Public\/Tendering\/OpportunityDetail\/Index?noticeUID=DO1.NTC.1058833\" title=\"Ver\" target=\"_blank\">INESPRE-UC-CD-2022-0029<\/a><\/h6><p class=\"mb-0 bold\">Adquisici\u00f3n de Lonas<\/p><p class=\"mb-0\" style=\"font-size: .85rem\"><strong title=\"Estado del Proceso\"><i class=\"fas fa-spinner\"><\/i><\/strong> Proceso adjudicado y celebrado<\/p><p class=\"mb-0\" style=\"font-size: .85rem\"><strong title=\"Fecha de Publicaci\u00f3n\"><i class=\"fas fa-calendar-alt\"><\/i><\/strong> Publicado el martes, 29 de marzo de 2022<\/p><\/div><div class=\"col-auto mt-md-0 mt-2\"><a class=\"btn btn-primary btn-lg px-lg-4 d-none d-md-block\" href=\"https:\/\/comunidad.comprasdominicana.gob.do\/\/Public\/Tendering\/OpportunityDetail\/Index?noticeUID=DO1.NTC.1058833\" target=\"_blank\" title=\"Detalles\"><i class=\"fas fa-link\"><\/i> DETALLES<\/a><a class=\"btn btn-primary btn-lg px-lg-4 d-block d-md-none\" href=\"https:\/\/comunidad.comprasdominicana.gob.do\/\/Public\/Tendering\/OpportunityDetail\/Index?noticeUID=DO1.NTC.1058833\" target=\"_blank\" title=\"Detalles\"><i class=\"fas fa-2x fa-link\"><\/i><\/a><\/div><\/div><\/div><div class=\"jumbotron archivos\"><div class=\"row align-items-center\"><div class=\"col\"><h6><a class=\"text-dark\" href=\"https:\/\/comunidad.comprasdominicana.gob.do\/\/Public\/Tendering\/OpportunityDetail\/Index?noticeUID=DO1.NTC.1057415\" title=\"Ver\" target=\"_blank\">INESPRE-UC-CD-2022-0028<\/a><\/h6><p class=\"mb-0 bold\">Servicio de Picadera y Montaje para Rueda de Prensa.<\/p><p class=\"mb-0\" style=\"font-size: .85rem\"><strong title=\"Estado del Proceso\"><i class=\"fas fa-spinner\"><\/i><\/strong> Proceso adjudicado y celebrado<\/p><p class=\"mb-0\" style=\"font-size: .85rem\"><strong title=\"Fecha de Publicaci\u00f3n\"><i class=\"fas fa-calendar-alt\"><\/i><\/strong> Publicado el viernes, 25 de marzo de 2022<\/p><\/div><div class=\"col-auto mt-md-0 mt-2\"><a class=\"btn btn-primary btn-lg px-lg-4 d-none d-md-block\" href=\"https:\/\/comunidad.comprasdominicana.gob.do\/\/Public\/Tendering\/OpportunityDetail\/Index?noticeUID=DO1.NTC.1057415\" target=\"_blank\" title=\"Detalles\"><i class=\"fas fa-link\"><\/i> DETALLES<\/a><a class=\"btn btn-primary btn-lg px-lg-4 d-block d-md-none\" href=\"https:\/\/comunidad.comprasdominicana.gob.do\/\/Public\/Tendering\/OpportunityDetail\/Index?noticeUID=DO1.NTC.1057415\" target=\"_blank\" title=\"Detalles\"><i class=\"fas fa-2x fa-link\"><\/i><\/a><\/div><\/div><\/div><div class=\"jumbotron archivos\"><div class=\"row align-items-center\"><div class=\"col\"><h6><a class=\"text-dark\" href=\"https:\/\/comunidad.comprasdominicana.gob.do\/\/Public\/Tendering\/OpportunityDetail\/Index?noticeUID=DO1.NTC.1056216\" title=\"Ver\" target=\"_blank\">INESPRE-UC-CD-2022-0027<\/a><\/h6><p class=\"mb-0 bold\">Servicio de Evaluaciones m\u00e9dico ocupacionales de egreso<\/p><p class=\"mb-0\" style=\"font-size: .85rem\"><strong title=\"Estado del Proceso\"><i class=\"fas fa-spinner\"><\/i><\/strong> Proceso adjudicado y celebrado<\/p><p class=\"mb-0\" style=\"font-size: .85rem\"><strong title=\"Fecha de Publicaci\u00f3n\"><i class=\"fas fa-calendar-alt\"><\/i><\/strong> Publicado el mi\u00e9rcoles, 23 de marzo de 2022<\/p><\/div><div class=\"col-auto mt-md-0 mt-2\"><a class=\"btn btn-primary btn-lg px-lg-4 d-none d-md-block\" href=\"https:\/\/comunidad.comprasdominicana.gob.do\/\/Public\/Tendering\/OpportunityDetail\/Index?noticeUID=DO1.NTC.1056216\" target=\"_blank\" title=\"Detalles\"><i class=\"fas fa-link\"><\/i> DETALLES<\/a><a class=\"btn btn-primary btn-lg px-lg-4 d-block d-md-none\" href=\"https:\/\/comunidad.comprasdominicana.gob.do\/\/Public\/Tendering\/OpportunityDetail\/Index?noticeUID=DO1.NTC.1056216\" target=\"_blank\" title=\"Detalles\"><i class=\"fas fa-2x fa-link\"><\/i><\/a><\/div><\/div><\/div><div class=\"jumbotron archivos\"><div class=\"row align-items-center\"><div class=\"col\"><h6><a class=\"text-dark\" href=\"https:\/\/comunidad.comprasdominicana.gob.do\/\/Public\/Tendering\/OpportunityDetail\/Index?noticeUID=DO1.NTC.1056410\" title=\"Ver\" target=\"_blank\">INESPRE-UC-CD-2022-0026<\/a><\/h6><p class=\"mb-0 bold\">Adquisici\u00f3n de Talonarios<\/p><p class=\"mb-0\" style=\"font-size: .85rem\"><strong title=\"Estado del Proceso\"><i class=\"fas fa-spinner\"><\/i><\/strong> Proceso adjudicado y celebrado<\/p><p class=\"mb-0\" style=\"font-size: .85rem\"><strong title=\"Fecha de Publicaci\u00f3n\"><i class=\"fas fa-calendar-alt\"><\/i><\/strong> Publicado el mi\u00e9rcoles, 23 de marzo de 2022<\/p><\/div><div class=\"col-auto mt-md-0 mt-2\"><a class=\"btn btn-primary btn-lg px-lg-4 d-none d-md-block\" href=\"https:\/\/comunidad.comprasdominicana.gob.do\/\/Public\/Tendering\/OpportunityDetail\/Index?noticeUID=DO1.NTC.1056410\" target=\"_blank\" title=\"Detalles\"><i class=\"fas fa-link\"><\/i> DETALLES<\/a><a class=\"btn btn-primary btn-lg px-lg-4 d-block d-md-none\" href=\"https:\/\/comunidad.comprasdominicana.gob.do\/\/Public\/Tendering\/OpportunityDetail\/Index?noticeUID=DO1.NTC.1056410\" target=\"_blank\" title=\"Detalles\"><i class=\"fas fa-2x fa-link\"><\/i><\/a><\/div><\/div><\/div><div class=\"jumbotron archivos\"><div class=\"row align-items-center\"><div class=\"col\"><h6><a class=\"text-dark\" href=\"https:\/\/comunidad.comprasdominicana.gob.do\/\/Public\/Tendering\/OpportunityDetail\/Index?noticeUID=DO1.NTC.1053823\" title=\"Ver\" target=\"_blank\">INESPRE-UC-CD-2022-0025<\/a><\/h6><p class=\"mb-0 bold\">Adquisici\u00f3n de Utensilios de Desechables<\/p><p class=\"mb-0\" style=\"font-size: .85rem\"><strong title=\"Estado del Proceso\"><i class=\"fas fa-spinner\"><\/i><\/strong> Proceso adjudicado y celebrado<\/p><p class=\"mb-0\" style=\"font-size: .85rem\"><strong title=\"Fecha de Publicaci\u00f3n\"><i class=\"fas fa-calendar-alt\"><\/i><\/strong> Publicado el jueves, 17 de marzo de 2022<\/p><\/div><div class=\"col-auto mt-md-0 mt-2\"><a class=\"btn btn-primary btn-lg px-lg-4 d-none d-md-block\" href=\"https:\/\/comunidad.comprasdominicana.gob.do\/\/Public\/Tendering\/OpportunityDetail\/Index?noticeUID=DO1.NTC.1053823\" target=\"_blank\" title=\"Detalles\"><i class=\"fas fa-link\"><\/i> DETALLES<\/a><a class=\"btn btn-primary btn-lg px-lg-4 d-block d-md-none\" href=\"https:\/\/comunidad.comprasdominicana.gob.do\/\/Public\/Tendering\/OpportunityDetail\/Index?noticeUID=DO1.NTC.1053823\" target=\"_blank\" title=\"Detalles\"><i class=\"fas fa-2x fa-link\"><\/i><\/a><\/div><\/div><\/div><div class=\"jumbotron archivos\"><div class=\"row align-items-center\"><div class=\"col\"><h6><a class=\"text-dark\" href=\"https:\/\/comunidad.comprasdominicana.gob.do\/\/Public\/Tendering\/OpportunityDetail\/Index?noticeUID=DO1.NTC.1052928\" title=\"Ver\" target=\"_blank\">INESPRE-UC-CD-2022-0024<\/a><\/h6><p class=\"mb-0 bold\">Servicio de Impresi\u00f3n y Dise\u00f1o para Feria Agropecuaria<\/p><p class=\"mb-0\" style=\"font-size: .85rem\"><strong title=\"Estado del Proceso\"><i class=\"fas fa-spinner\"><\/i><\/strong> Proceso adjudicado y celebrado<\/p><p class=\"mb-0\" style=\"font-size: .85rem\"><strong title=\"Fecha de Publicaci\u00f3n\"><i class=\"fas fa-calendar-alt\"><\/i><\/strong> Publicado el martes, 15 de marzo de 2022<\/p><\/div><div class=\"col-auto mt-md-0 mt-2\"><a class=\"btn btn-primary btn-lg px-lg-4 d-none d-md-block\" href=\"https:\/\/comunidad.comprasdominicana.gob.do\/\/Public\/Tendering\/OpportunityDetail\/Index?noticeUID=DO1.NTC.1052928\" target=\"_blank\" title=\"Detalles\"><i class=\"fas fa-link\"><\/i> DETALLES<\/a><a class=\"btn btn-primary btn-lg px-lg-4 d-block d-md-none\" href=\"https:\/\/comunidad.comprasdominicana.gob.do\/\/Public\/Tendering\/OpportunityDetail\/Index?noticeUID=DO1.NTC.1052928\" target=\"_blank\" title=\"Detalles\"><i class=\"fas fa-2x fa-link\"><\/i><\/a><\/div><\/div><\/div><div class=\"jumbotron archivos\"><div class=\"row align-items-center\"><div class=\"col\"><h6><a class=\"text-dark\" href=\"https:\/\/comunidad.comprasdominicana.gob.do\/\/Public\/Tendering\/OpportunityDetail\/Index?noticeUID=DO1.NTC.1050928\" title=\"Ver\" target=\"_blank\">INESPRE-UC-CD-2022-0023<\/a><\/h6><p class=\"mb-0 bold\">Adquisici\u00f3n de Asperjadoras y Art\u00edculos de Protecci\u00f3n<\/p><p class=\"mb-0\" style=\"font-size: .85rem\"><strong title=\"Estado del Proceso\"><i class=\"fas fa-spinner\"><\/i><\/strong> Proceso adjudicado y celebrado<\/p><p class=\"mb-0\" style=\"font-size: .85rem\"><strong title=\"Fecha de Publicaci\u00f3n\"><i class=\"fas fa-calendar-alt\"><\/i><\/strong> Publicado el jueves, 10 de marzo de 2022<\/p><\/div><div class=\"col-auto mt-md-0 mt-2\"><a class=\"btn btn-primary btn-lg px-lg-4 d-none d-md-block\" href=\"https:\/\/comunidad.comprasdominicana.gob.do\/\/Public\/Tendering\/OpportunityDetail\/Index?noticeUID=DO1.NTC.1050928\" target=\"_blank\" title=\"Detalles\"><i class=\"fas fa-link\"><\/i> DETALLES<\/a><a class=\"btn btn-primary btn-lg px-lg-4 d-block d-md-none\" href=\"https:\/\/comunidad.comprasdominicana.gob.do\/\/Public\/Tendering\/OpportunityDetail\/Index?noticeUID=DO1.NTC.1050928\" target=\"_blank\" title=\"Detalles\"><i class=\"fas fa-2x fa-link\"><\/i><\/a><\/div><\/div><\/div><div class=\"jumbotron archivos\"><div class=\"row align-items-center\"><div class=\"col\"><h6><a class=\"text-dark\" href=\"https:\/\/comunidad.comprasdominicana.gob.do\/\/Public\/Tendering\/OpportunityDetail\/Index?noticeUID=DO1.NTC.1051212\" title=\"Ver\" target=\"_blank\">INESPRE-UC-CD-2022-0022<\/a><\/h6><p class=\"mb-0 bold\">Adquisici\u00f3n de Herramientas y Maquinarias<\/p><p class=\"mb-0\" style=\"font-size: .85rem\"><strong title=\"Estado del Proceso\"><i class=\"fas fa-spinner\"><\/i><\/strong> Proceso adjudicado y celebrado<\/p><p class=\"mb-0\" style=\"font-size: .85rem\"><strong title=\"Fecha de Publicaci\u00f3n\"><i class=\"fas fa-calendar-alt\"><\/i><\/strong> Publicado el jueves, 10 de marzo de 2022<\/p><\/div><div class=\"col-auto mt-md-0 mt-2\"><a class=\"btn btn-primary btn-lg px-lg-4 d-none d-md-block\" href=\"https:\/\/comunidad.comprasdominicana.gob.do\/\/Public\/Tendering\/OpportunityDetail\/Index?noticeUID=DO1.NTC.1051212\" target=\"_blank\" title=\"Detalles\"><i class=\"fas fa-link\"><\/i> DETALLES<\/a><a class=\"btn btn-primary btn-lg px-lg-4 d-block d-md-none\" href=\"https:\/\/comunidad.comprasdominicana.gob.do\/\/Public\/Tendering\/OpportunityDetail\/Index?noticeUID=DO1.NTC.1051212\" target=\"_blank\" title=\"Detalles\"><i class=\"fas fa-2x fa-link\"><\/i><\/a><\/div><\/div><\/div><div class=\"jumbotron archivos\"><div class=\"row align-items-center\"><div class=\"col\"><h6><a class=\"text-dark\" href=\"https:\/\/comunidad.comprasdominicana.gob.do\/\/Public\/Tendering\/OpportunityDetail\/Index?noticeUID=DO1.NTC.1050430\" title=\"Ver\" target=\"_blank\">INESPRE-UC-CD-2022-0021<\/a><\/h6><p class=\"mb-0 bold\">Adquisici\u00f3n de Back Panel para Feria Agropecuaria<\/p><p class=\"mb-0\" style=\"font-size: .85rem\"><strong title=\"Estado del Proceso\"><i class=\"fas fa-spinner\"><\/i><\/strong> Proceso adjudicado y celebrado<\/p><p class=\"mb-0\" style=\"font-size: .85rem\"><strong title=\"Fecha de Publicaci\u00f3n\"><i class=\"fas fa-calendar-alt\"><\/i><\/strong> Publicado el mi\u00e9rcoles, 9 de marzo de 2022<\/p><\/div><div class=\"col-auto mt-md-0 mt-2\"><a class=\"btn btn-primary btn-lg px-lg-4 d-none d-md-block\" href=\"https:\/\/comunidad.comprasdominicana.gob.do\/\/Public\/Tendering\/OpportunityDetail\/Index?noticeUID=DO1.NTC.1050430\" target=\"_blank\" title=\"Detalles\"><i class=\"fas fa-link\"><\/i> DETALLES<\/a><a class=\"btn btn-primary btn-lg px-lg-4 d-block d-md-none\" href=\"https:\/\/comunidad.comprasdominicana.gob.do\/\/Public\/Tendering\/OpportunityDetail\/Index?noticeUID=DO1.NTC.1050430\" target=\"_blank\" title=\"Detalles\"><i class=\"fas fa-2x fa-link\"><\/i><\/a><\/div><\/div><\/div><div class=\"jumbotron archivos\"><div class=\"row align-items-center\"><div class=\"col\"><h6><a class=\"text-dark\" href=\"https:\/\/comunidad.comprasdominicana.gob.do\/\/Public\/Tendering\/OpportunityDetail\/Index?noticeUID=DO1.NTC.1049927\" title=\"Ver\" target=\"_blank\">INESPRE-UC-CD-2022-0020<\/a><\/h6><p class=\"mb-0 bold\">Servicio de Refrigerio y Montaje para Presentaci\u00f3n de Sistema de Gesti\u00f3n con Asesores Externos<\/p><p class=\"mb-0\" style=\"font-size: .85rem\"><strong title=\"Estado del Proceso\"><i class=\"fas fa-spinner\"><\/i><\/strong> Proceso adjudicado y celebrado<\/p><p class=\"mb-0\" style=\"font-size: .85rem\"><strong title=\"Fecha de Publicaci\u00f3n\"><i class=\"fas fa-calendar-alt\"><\/i><\/strong> Publicado el martes, 8 de marzo de 2022<\/p><\/div><div class=\"col-auto mt-md-0 mt-2\"><a class=\"btn btn-primary btn-lg px-lg-4 d-none d-md-block\" href=\"https:\/\/comunidad.comprasdominicana.gob.do\/\/Public\/Tendering\/OpportunityDetail\/Index?noticeUID=DO1.NTC.1049927\" target=\"_blank\" title=\"Detalles\"><i class=\"fas fa-link\"><\/i> DETALLES<\/a><a class=\"btn btn-primary btn-lg px-lg-4 d-block d-md-none\" href=\"https:\/\/comunidad.comprasdominicana.gob.do\/\/Public\/Tendering\/OpportunityDetail\/Index?noticeUID=DO1.NTC.1049927\" target=\"_blank\" title=\"Detalles\"><i class=\"fas fa-2x fa-link\"><\/i><\/a><\/div><\/div><\/div><div class=\"jumbotron archivos\"><div class=\"row align-items-center\"><div class=\"col\"><h6><a class=\"text-dark\" href=\"https:\/\/comunidad.comprasdominicana.gob.do\/\/Public\/Tendering\/OpportunityDetail\/Index?noticeUID=DO1.NTC.1049223\" title=\"Ver\" target=\"_blank\">INESPRE-UC-CD-2022-0019<\/a><\/h6><p class=\"mb-0 bold\">Adquisici\u00f3n de Mobiliarios para Ferias Agropecuarias<\/p><p class=\"mb-0\" style=\"font-size: .85rem\"><strong title=\"Estado del Proceso\"><i class=\"fas fa-spinner\"><\/i><\/strong> Proceso adjudicado y celebrado<\/p><p class=\"mb-0\" style=\"font-size: .85rem\"><strong title=\"Fecha de Publicaci\u00f3n\"><i class=\"fas fa-calendar-alt\"><\/i><\/strong> Publicado el lunes, 7 de marzo de 2022<\/p><\/div><div class=\"col-auto mt-md-0 mt-2\"><a class=\"btn btn-primary btn-lg px-lg-4 d-none d-md-block\" href=\"https:\/\/comunidad.comprasdominicana.gob.do\/\/Public\/Tendering\/OpportunityDetail\/Index?noticeUID=DO1.NTC.1049223\" target=\"_blank\" title=\"Detalles\"><i class=\"fas fa-link\"><\/i> DETALLES<\/a><a class=\"btn btn-primary btn-lg px-lg-4 d-block d-md-none\" href=\"https:\/\/comunidad.comprasdominicana.gob.do\/\/Public\/Tendering\/OpportunityDetail\/Index?noticeUID=DO1.NTC.1049223\" target=\"_blank\" title=\"Detalles\"><i class=\"fas fa-2x fa-link\"><\/i><\/a><\/div><\/div><\/div><div class=\"jumbotron archivos\"><div class=\"row align-items-center\"><div class=\"col\"><h6><a class=\"text-dark\" href=\"https:\/\/comunidad.comprasdominicana.gob.do\/\/Public\/Tendering\/OpportunityDetail\/Index?noticeUID=DO1.NTC.1047727\" title=\"Ver\" target=\"_blank\">INESPRE-UC-CD-2022-0018<\/a><\/h6><p class=\"mb-0 bold\">Servicio de Colocaci\u00f3n de Publicidad en Peri\u00f3dico de circulaci\u00f3n Nacional.<\/p><p class=\"mb-0\" style=\"font-size: .85rem\"><strong title=\"Estado del Proceso\"><i class=\"fas fa-spinner\"><\/i><\/strong> Proceso adjudicado y celebrado<\/p><p class=\"mb-0\" style=\"font-size: .85rem\"><strong title=\"Fecha de Publicaci\u00f3n\"><i class=\"fas fa-calendar-alt\"><\/i><\/strong> Publicado el jueves, 3 de marzo de 2022<\/p><\/div><div class=\"col-auto mt-md-0 mt-2\"><a class=\"btn btn-primary btn-lg px-lg-4 d-none d-md-block\" href=\"https:\/\/comunidad.comprasdominicana.gob.do\/\/Public\/Tendering\/OpportunityDetail\/Index?noticeUID=DO1.NTC.1047727\" target=\"_blank\" title=\"Detalles\"><i class=\"fas fa-link\"><\/i> DETALLES<\/a><a class=\"btn btn-primary btn-lg px-lg-4 d-block d-md-none\" href=\"https:\/\/comunidad.comprasdominicana.gob.do\/\/Public\/Tendering\/OpportunityDetail\/Index?noticeUID=DO1.NTC.1047727\" target=\"_blank\" title=\"Detalles\"><i class=\"fas fa-2x fa-link\"><\/i><\/a><\/div><\/div><\/div><div class=\"jumbotron archivos\"><div class=\"row align-items-center\"><div class=\"col\"><h6><a class=\"text-dark\" href=\"https:\/\/comunidad.comprasdominicana.gob.do\/\/Public\/Tendering\/OpportunityDetail\/Index?noticeUID=DO1.NTC.1046710\" title=\"Ver\" target=\"_blank\">INESPRE-UC-CD-2022-0017<\/a><\/h6><p class=\"mb-0 bold\">Servicio de Picadera y Montaje para la Reuni\u00f3n del Directorio Ejecutivo<\/p><p class=\"mb-0\" style=\"font-size: .85rem\"><strong title=\"Estado del Proceso\"><i class=\"fas fa-spinner\"><\/i><\/strong> Proceso adjudicado y celebrado<\/p><p class=\"mb-0\" style=\"font-size: .85rem\"><strong title=\"Fecha de Publicaci\u00f3n\"><i class=\"fas fa-calendar-alt\"><\/i><\/strong> Publicado el martes, 1 de marzo de 2022<\/p><\/div><div class=\"col-auto mt-md-0 mt-2\"><a class=\"btn btn-primary btn-lg px-lg-4 d-none d-md-block\" href=\"https:\/\/comunidad.comprasdominicana.gob.do\/\/Public\/Tendering\/OpportunityDetail\/Index?noticeUID=DO1.NTC.1046710\" target=\"_blank\" title=\"Detalles\"><i class=\"fas fa-link\"><\/i> DETALLES<\/a><a class=\"btn btn-primary btn-lg px-lg-4 d-block d-md-none\" href=\"https:\/\/comunidad.comprasdominicana.gob.do\/\/Public\/Tendering\/OpportunityDetail\/Index?noticeUID=DO1.NTC.1046710\" target=\"_blank\" title=\"Detalles\"><i class=\"fas fa-2x fa-link\"><\/i><\/a><\/div><\/div><\/div><div class=\"jumbotron archivos\"><div class=\"row align-items-center\"><div class=\"col\"><h6><a class=\"text-dark\" href=\"https:\/\/comunidad.comprasdominicana.gob.do\/\/Public\/Tendering\/OpportunityDetail\/Index?noticeUID=DO1.NTC.1046510\" title=\"Ver\" target=\"_blank\">INESPRE-UC-CD-2022-0016<\/a><\/h6><p class=\"mb-0 bold\">Servicio de Picadera y Montaje para la entrega de la Carta Compromiso al Ciudadano<\/p><p class=\"mb-0\" style=\"font-size: .85rem\"><strong title=\"Estado del Proceso\"><i class=\"fas fa-spinner\"><\/i><\/strong> Proceso adjudicado y celebrado<\/p><p class=\"mb-0\" style=\"font-size: .85rem\"><strong title=\"Fecha de Publicaci\u00f3n\"><i class=\"fas fa-calendar-alt\"><\/i><\/strong> Publicado el martes, 1 de marzo de 2022<\/p><\/div><div class=\"col-auto mt-md-0 mt-2\"><a class=\"btn btn-primary btn-lg px-lg-4 d-none d-md-block\" href=\"https:\/\/comunidad.comprasdominicana.gob.do\/\/Public\/Tendering\/OpportunityDetail\/Index?noticeUID=DO1.NTC.1046510\" target=\"_blank\" title=\"Detalles\"><i class=\"fas fa-link\"><\/i> DETALLES<\/a><a class=\"btn btn-primary btn-lg px-lg-4 d-block d-md-none\" href=\"https:\/\/comunidad.comprasdominicana.gob.do\/\/Public\/Tendering\/OpportunityDetail\/Index?noticeUID=DO1.NTC.1046510\" target=\"_blank\" title=\"Detalles\"><i class=\"fas fa-2x fa-link\"><\/i><\/a><\/div><\/div><\/div><\/div><\/div><\/div>\n        <div class=\"card\">\n            <div class=\"card-header parents\" id=\"heading_compras-por-debajo-del-umbral-69f73f7454400-2022-69f73f7454400-febrero-69f73f7454400\">\n                <p class=\"title text-blue mb-0\">\n                    <a class=\"btn-block hover text-left collapsed\" data-toggle=\"collapse\" data-target=\"#collap_compras-por-debajo-del-umbral-69f73f7454400-2022-69f73f7454400-febrero-69f73f7454400\" aria-expanded=\"false\" aria-controls=\"collap_compras-por-debajo-del-umbral-69f73f7454400-2022-69f73f7454400-febrero-69f73f7454400\">Febrero<\/a>\n                <\/p>\n            <\/div>\n            <div id=\"collap_compras-por-debajo-del-umbral-69f73f7454400-2022-69f73f7454400-febrero-69f73f7454400\" class=\"collapse\" aria-labelledby=\"heading_compras-por-debajo-del-umbral-69f73f7454400-2022-69f73f7454400-febrero-69f73f7454400\" data-parent=\"#collap_compras-por-debajo-del-umbral-69f73f7454400-2022-69f73f7454400\">\n                <div class=\"card-body\"><div class=\"jumbotron archivos\"><div class=\"row align-items-center\"><div class=\"col\"><h6><a class=\"text-dark\" href=\"https:\/\/comunidad.comprasdominicana.gob.do\/\/Public\/Tendering\/OpportunityDetail\/Index?noticeUID=DO1.NTC.1045127\" title=\"Ver\" target=\"_blank\">INESPRE-UC-CD-2022-0015<\/a><\/h6><p class=\"mb-0 bold\">Servicio de Decoraci\u00f3n<\/p><p class=\"mb-0\" style=\"font-size: .85rem\"><strong title=\"Estado del Proceso\"><i class=\"fas fa-spinner\"><\/i><\/strong> Proceso adjudicado y celebrado<\/p><p class=\"mb-0\" style=\"font-size: .85rem\"><strong title=\"Fecha de Publicaci\u00f3n\"><i class=\"fas fa-calendar-alt\"><\/i><\/strong> Publicado el jueves, 24 de febrero de 2022<\/p><\/div><div class=\"col-auto mt-md-0 mt-2\"><a class=\"btn btn-primary btn-lg px-lg-4 d-none d-md-block\" href=\"https:\/\/comunidad.comprasdominicana.gob.do\/\/Public\/Tendering\/OpportunityDetail\/Index?noticeUID=DO1.NTC.1045127\" target=\"_blank\" title=\"Detalles\"><i class=\"fas fa-link\"><\/i> DETALLES<\/a><a class=\"btn btn-primary btn-lg px-lg-4 d-block d-md-none\" href=\"https:\/\/comunidad.comprasdominicana.gob.do\/\/Public\/Tendering\/OpportunityDetail\/Index?noticeUID=DO1.NTC.1045127\" target=\"_blank\" title=\"Detalles\"><i class=\"fas fa-2x fa-link\"><\/i><\/a><\/div><\/div><\/div><div class=\"jumbotron archivos\"><div class=\"row align-items-center\"><div class=\"col\"><h6><a class=\"text-dark\" href=\"https:\/\/comunidad.comprasdominicana.gob.do\/\/Public\/Tendering\/OpportunityDetail\/Index?noticeUID=DO1.NTC.1045119\" title=\"Ver\" target=\"_blank\">INESPRE-UC-CD-2022-0014<\/a><\/h6><p class=\"mb-0 bold\">Servicio de Picadera para el Taller Conferencia con los Jornaleros y Fiscalizadores<\/p><p class=\"mb-0\" style=\"font-size: .85rem\"><strong title=\"Estado del Proceso\"><i class=\"fas fa-spinner\"><\/i><\/strong> Proceso adjudicado y celebrado<\/p><p class=\"mb-0\" style=\"font-size: .85rem\"><strong title=\"Fecha de Publicaci\u00f3n\"><i class=\"fas fa-calendar-alt\"><\/i><\/strong> Publicado el jueves, 24 de febrero de 2022<\/p><\/div><div class=\"col-auto mt-md-0 mt-2\"><a class=\"btn btn-primary btn-lg px-lg-4 d-none d-md-block\" href=\"https:\/\/comunidad.comprasdominicana.gob.do\/\/Public\/Tendering\/OpportunityDetail\/Index?noticeUID=DO1.NTC.1045119\" target=\"_blank\" title=\"Detalles\"><i class=\"fas fa-link\"><\/i> DETALLES<\/a><a class=\"btn btn-primary btn-lg px-lg-4 d-block d-md-none\" href=\"https:\/\/comunidad.comprasdominicana.gob.do\/\/Public\/Tendering\/OpportunityDetail\/Index?noticeUID=DO1.NTC.1045119\" target=\"_blank\" title=\"Detalles\"><i class=\"fas fa-2x fa-link\"><\/i><\/a><\/div><\/div><\/div><div class=\"jumbotron archivos\"><div class=\"row align-items-center\"><div class=\"col\"><h6><a class=\"text-dark\" href=\"https:\/\/comunidad.comprasdominicana.gob.do\/\/Public\/Tendering\/OpportunityDetail\/Index?noticeUID=DO1.NTC.1043622\" title=\"Ver\" target=\"_blank\">INESPRE-UC-CD-2022-0013<\/a><\/h6><p class=\"mb-0 bold\">Adquisici\u00f3n de Grama sint\u00e9tica<\/p><p class=\"mb-0\" style=\"font-size: .85rem\"><strong title=\"Estado del Proceso\"><i class=\"fas fa-spinner\"><\/i><\/strong> Proceso adjudicado y celebrado<\/p><p class=\"mb-0\" style=\"font-size: .85rem\"><strong title=\"Fecha de Publicaci\u00f3n\"><i class=\"fas fa-calendar-alt\"><\/i><\/strong> Publicado el martes, 22 de febrero de 2022<\/p><\/div><div class=\"col-auto mt-md-0 mt-2\"><a class=\"btn btn-primary btn-lg px-lg-4 d-none d-md-block\" href=\"https:\/\/comunidad.comprasdominicana.gob.do\/\/Public\/Tendering\/OpportunityDetail\/Index?noticeUID=DO1.NTC.1043622\" target=\"_blank\" title=\"Detalles\"><i class=\"fas fa-link\"><\/i> DETALLES<\/a><a class=\"btn btn-primary btn-lg px-lg-4 d-block d-md-none\" href=\"https:\/\/comunidad.comprasdominicana.gob.do\/\/Public\/Tendering\/OpportunityDetail\/Index?noticeUID=DO1.NTC.1043622\" target=\"_blank\" title=\"Detalles\"><i class=\"fas fa-2x fa-link\"><\/i><\/a><\/div><\/div><\/div><div class=\"jumbotron archivos\"><div class=\"row align-items-center\"><div class=\"col\"><h6><a class=\"text-dark\" href=\"https:\/\/comunidad.comprasdominicana.gob.do\/\/Public\/Tendering\/OpportunityDetail\/Index?noticeUID=DO1.NTC.1043730\" title=\"Ver\" target=\"_blank\">INESPRE-UC-CD-2022-0012<\/a><\/h6><p class=\"mb-0 bold\">Adquisici\u00f3n de Astas<\/p><p class=\"mb-0\" style=\"font-size: .85rem\"><strong title=\"Estado del Proceso\"><i class=\"fas fa-spinner\"><\/i><\/strong> Proceso adjudicado y celebrado<\/p><p class=\"mb-0\" style=\"font-size: .85rem\"><strong title=\"Fecha de Publicaci\u00f3n\"><i class=\"fas fa-calendar-alt\"><\/i><\/strong> Publicado el martes, 22 de febrero de 2022<\/p><\/div><div class=\"col-auto mt-md-0 mt-2\"><a class=\"btn btn-primary btn-lg px-lg-4 d-none d-md-block\" href=\"https:\/\/comunidad.comprasdominicana.gob.do\/\/Public\/Tendering\/OpportunityDetail\/Index?noticeUID=DO1.NTC.1043730\" target=\"_blank\" title=\"Detalles\"><i class=\"fas fa-link\"><\/i> DETALLES<\/a><a class=\"btn btn-primary btn-lg px-lg-4 d-block d-md-none\" href=\"https:\/\/comunidad.comprasdominicana.gob.do\/\/Public\/Tendering\/OpportunityDetail\/Index?noticeUID=DO1.NTC.1043730\" target=\"_blank\" title=\"Detalles\"><i class=\"fas fa-2x fa-link\"><\/i><\/a><\/div><\/div><\/div><div class=\"jumbotron archivos\"><div class=\"row align-items-center\"><div class=\"col\"><h6><a class=\"text-dark\" href=\"https:\/\/comunidad.comprasdominicana.gob.do\/\/Public\/Tendering\/OpportunityDetail\/Index?noticeUID=DO1.NTC.1041010\" title=\"Ver\" target=\"_blank\">INESPRE-UC-CD-2022-0011<\/a><\/h6><p class=\"mb-0 bold\">Servicio de Picadera para el Convenio Interinstitucional<\/p><p class=\"mb-0\" style=\"font-size: .85rem\"><strong title=\"Estado del Proceso\"><i class=\"fas fa-spinner\"><\/i><\/strong> Proceso adjudicado y celebrado<\/p><p class=\"mb-0\" style=\"font-size: .85rem\"><strong title=\"Fecha de Publicaci\u00f3n\"><i class=\"fas fa-calendar-alt\"><\/i><\/strong> Publicado el martes, 15 de febrero de 2022<\/p><\/div><div class=\"col-auto mt-md-0 mt-2\"><a class=\"btn btn-primary btn-lg px-lg-4 d-none d-md-block\" href=\"https:\/\/comunidad.comprasdominicana.gob.do\/\/Public\/Tendering\/OpportunityDetail\/Index?noticeUID=DO1.NTC.1041010\" target=\"_blank\" title=\"Detalles\"><i class=\"fas fa-link\"><\/i> DETALLES<\/a><a class=\"btn btn-primary btn-lg px-lg-4 d-block d-md-none\" href=\"https:\/\/comunidad.comprasdominicana.gob.do\/\/Public\/Tendering\/OpportunityDetail\/Index?noticeUID=DO1.NTC.1041010\" target=\"_blank\" title=\"Detalles\"><i class=\"fas fa-2x fa-link\"><\/i><\/a><\/div><\/div><\/div><div class=\"jumbotron archivos\"><div class=\"row align-items-center\"><div class=\"col\"><h6><a class=\"text-dark\" href=\"https:\/\/comunidad.comprasdominicana.gob.do\/\/Public\/Tendering\/OpportunityDetail\/Index?noticeUID=DO1.NTC.1039723\" title=\"Ver\" target=\"_blank\">INESPRE-UC-CD-2022-0010<\/a><\/h6><p class=\"mb-0 bold\">Servicio de Renovaci\u00f3n de Oficina<\/p><p class=\"mb-0\" style=\"font-size: .85rem\"><strong title=\"Estado del Proceso\"><i class=\"fas fa-spinner\"><\/i><\/strong> Proceso adjudicado y celebrado<\/p><p class=\"mb-0\" style=\"font-size: .85rem\"><strong title=\"Fecha de Publicaci\u00f3n\"><i class=\"fas fa-calendar-alt\"><\/i><\/strong> Publicado el viernes, 11 de febrero de 2022<\/p><\/div><div class=\"col-auto mt-md-0 mt-2\"><a class=\"btn btn-primary btn-lg px-lg-4 d-none d-md-block\" href=\"https:\/\/comunidad.comprasdominicana.gob.do\/\/Public\/Tendering\/OpportunityDetail\/Index?noticeUID=DO1.NTC.1039723\" target=\"_blank\" title=\"Detalles\"><i class=\"fas fa-link\"><\/i> DETALLES<\/a><a class=\"btn btn-primary btn-lg px-lg-4 d-block d-md-none\" href=\"https:\/\/comunidad.comprasdominicana.gob.do\/\/Public\/Tendering\/OpportunityDetail\/Index?noticeUID=DO1.NTC.1039723\" target=\"_blank\" title=\"Detalles\"><i class=\"fas fa-2x fa-link\"><\/i><\/a><\/div><\/div><\/div><div class=\"jumbotron archivos\"><div class=\"row align-items-center\"><div class=\"col\"><h6><a class=\"text-dark\" href=\"https:\/\/comunidad.comprasdominicana.gob.do\/\/Public\/Tendering\/OpportunityDetail\/Index?noticeUID=DO1.NTC.1039720\" title=\"Ver\" target=\"_blank\">INESPRE-UC-CD-2022-0009<\/a><\/h6><p class=\"mb-0 bold\">Servicio de Reparaci\u00f3n de Paredes<\/p><p class=\"mb-0\" style=\"font-size: .85rem\"><strong title=\"Estado del Proceso\"><i class=\"fas fa-spinner\"><\/i><\/strong> Proceso adjudicado y celebrado<\/p><p class=\"mb-0\" style=\"font-size: .85rem\"><strong title=\"Fecha de Publicaci\u00f3n\"><i class=\"fas fa-calendar-alt\"><\/i><\/strong> Publicado el viernes, 11 de febrero de 2022<\/p><\/div><div class=\"col-auto mt-md-0 mt-2\"><a class=\"btn btn-primary btn-lg px-lg-4 d-none d-md-block\" href=\"https:\/\/comunidad.comprasdominicana.gob.do\/\/Public\/Tendering\/OpportunityDetail\/Index?noticeUID=DO1.NTC.1039720\" target=\"_blank\" title=\"Detalles\"><i class=\"fas fa-link\"><\/i> DETALLES<\/a><a class=\"btn btn-primary btn-lg px-lg-4 d-block d-md-none\" href=\"https:\/\/comunidad.comprasdominicana.gob.do\/\/Public\/Tendering\/OpportunityDetail\/Index?noticeUID=DO1.NTC.1039720\" target=\"_blank\" title=\"Detalles\"><i class=\"fas fa-2x fa-link\"><\/i><\/a><\/div><\/div><\/div><div class=\"jumbotron archivos\"><div class=\"row align-items-center\"><div class=\"col\"><h6><a class=\"text-dark\" href=\"https:\/\/comunidad.comprasdominicana.gob.do\/\/Public\/Tendering\/OpportunityDetail\/Index?noticeUID=DO1.NTC.1038819\" title=\"Ver\" target=\"_blank\">INESPRE-UC-CD-2022-0008<\/a><\/h6><p class=\"mb-0 bold\">Adquisici\u00f3n de Materiales para la Confecci\u00f3n de Carnets<\/p><p class=\"mb-0\" style=\"font-size: .85rem\"><strong title=\"Estado del Proceso\"><i class=\"fas fa-spinner\"><\/i><\/strong> Proceso adjudicado y celebrado<\/p><p class=\"mb-0\" style=\"font-size: .85rem\"><strong title=\"Fecha de Publicaci\u00f3n\"><i class=\"fas fa-calendar-alt\"><\/i><\/strong> Publicado el jueves, 10 de febrero de 2022<\/p><\/div><div class=\"col-auto mt-md-0 mt-2\"><a class=\"btn btn-primary btn-lg px-lg-4 d-none d-md-block\" href=\"https:\/\/comunidad.comprasdominicana.gob.do\/\/Public\/Tendering\/OpportunityDetail\/Index?noticeUID=DO1.NTC.1038819\" target=\"_blank\" title=\"Detalles\"><i class=\"fas fa-link\"><\/i> DETALLES<\/a><a class=\"btn btn-primary btn-lg px-lg-4 d-block d-md-none\" href=\"https:\/\/comunidad.comprasdominicana.gob.do\/\/Public\/Tendering\/OpportunityDetail\/Index?noticeUID=DO1.NTC.1038819\" target=\"_blank\" title=\"Detalles\"><i class=\"fas fa-2x fa-link\"><\/i><\/a><\/div><\/div><\/div><div class=\"jumbotron archivos\"><div class=\"row align-items-center\"><div class=\"col\"><h6><a class=\"text-dark\" href=\"https:\/\/comunidad.comprasdominicana.gob.do\/\/Public\/Tendering\/OpportunityDetail\/Index?noticeUID=DO1.NTC.1037716\" title=\"Ver\" target=\"_blank\">INESPRE-UC-CD-2022-0007<\/a><\/h6><p class=\"mb-0 bold\">Servicio de Picadera para Taller sobre Evaluaci\u00f3n de Riesgo y Plan de Mitigaci\u00f3n<\/p><p class=\"mb-0\" style=\"font-size: .85rem\"><strong title=\"Estado del Proceso\"><i class=\"fas fa-spinner\"><\/i><\/strong> Proceso adjudicado y celebrado<\/p><p class=\"mb-0\" style=\"font-size: .85rem\"><strong title=\"Fecha de Publicaci\u00f3n\"><i class=\"fas fa-calendar-alt\"><\/i><\/strong> Publicado el martes, 8 de febrero de 2022<\/p><\/div><div class=\"col-auto mt-md-0 mt-2\"><a class=\"btn btn-primary btn-lg px-lg-4 d-none d-md-block\" href=\"https:\/\/comunidad.comprasdominicana.gob.do\/\/Public\/Tendering\/OpportunityDetail\/Index?noticeUID=DO1.NTC.1037716\" target=\"_blank\" title=\"Detalles\"><i class=\"fas fa-link\"><\/i> DETALLES<\/a><a class=\"btn btn-primary btn-lg px-lg-4 d-block d-md-none\" href=\"https:\/\/comunidad.comprasdominicana.gob.do\/\/Public\/Tendering\/OpportunityDetail\/Index?noticeUID=DO1.NTC.1037716\" target=\"_blank\" title=\"Detalles\"><i class=\"fas fa-2x fa-link\"><\/i><\/a><\/div><\/div><\/div><div class=\"jumbotron archivos\"><div class=\"row align-items-center\"><div class=\"col\"><h6><a class=\"text-dark\" href=\"https:\/\/comunidad.comprasdominicana.gob.do\/\/Public\/Tendering\/OpportunityDetail\/Index?noticeUID=DO1.NTC.1035016\" title=\"Ver\" target=\"_blank\">INESPRE-UC-CD-2022-0005<\/a><\/h6><p class=\"mb-0 bold\">Adquisici\u00f3n de Tarjeta de Presentaci\u00f3n<\/p><p class=\"mb-0\" style=\"font-size: .85rem\"><strong title=\"Estado del Proceso\"><i class=\"fas fa-spinner\"><\/i><\/strong> Proceso adjudicado y celebrado<\/p><p class=\"mb-0\" style=\"font-size: .85rem\"><strong title=\"Fecha de Publicaci\u00f3n\"><i class=\"fas fa-calendar-alt\"><\/i><\/strong> Publicado el martes, 1 de febrero de 2022<\/p><\/div><div class=\"col-auto mt-md-0 mt-2\"><a class=\"btn btn-primary btn-lg px-lg-4 d-none d-md-block\" href=\"https:\/\/comunidad.comprasdominicana.gob.do\/\/Public\/Tendering\/OpportunityDetail\/Index?noticeUID=DO1.NTC.1035016\" target=\"_blank\" title=\"Detalles\"><i class=\"fas fa-link\"><\/i> DETALLES<\/a><a class=\"btn btn-primary btn-lg px-lg-4 d-block d-md-none\" href=\"https:\/\/comunidad.comprasdominicana.gob.do\/\/Public\/Tendering\/OpportunityDetail\/Index?noticeUID=DO1.NTC.1035016\" target=\"_blank\" title=\"Detalles\"><i class=\"fas fa-2x fa-link\"><\/i><\/a><\/div><\/div><\/div><div class=\"jumbotron archivos\"><div class=\"row align-items-center\"><div class=\"col\"><h6><a class=\"text-dark\" href=\"https:\/\/comunidad.comprasdominicana.gob.do\/\/Public\/Tendering\/OpportunityDetail\/Index?noticeUID=DO1.NTC.1034816\" title=\"Ver\" target=\"_blank\">INESPRE-UC-CD-2022-0004<\/a><\/h6><p class=\"mb-0 bold\">Adquisici\u00f3n de ofrenda floral para ser depositada en el Altar de la Patria<\/p><p class=\"mb-0\" style=\"font-size: .85rem\"><strong title=\"Estado del Proceso\"><i class=\"fas fa-spinner\"><\/i><\/strong> Proceso adjudicado y celebrado<\/p><p class=\"mb-0\" style=\"font-size: .85rem\"><strong title=\"Fecha de Publicaci\u00f3n\"><i class=\"fas fa-calendar-alt\"><\/i><\/strong> Publicado el martes, 1 de febrero de 2022<\/p><\/div><div class=\"col-auto mt-md-0 mt-2\"><a class=\"btn btn-primary btn-lg px-lg-4 d-none d-md-block\" href=\"https:\/\/comunidad.comprasdominicana.gob.do\/\/Public\/Tendering\/OpportunityDetail\/Index?noticeUID=DO1.NTC.1034816\" target=\"_blank\" title=\"Detalles\"><i class=\"fas fa-link\"><\/i> DETALLES<\/a><a class=\"btn btn-primary btn-lg px-lg-4 d-block d-md-none\" href=\"https:\/\/comunidad.comprasdominicana.gob.do\/\/Public\/Tendering\/OpportunityDetail\/Index?noticeUID=DO1.NTC.1034816\" target=\"_blank\" title=\"Detalles\"><i class=\"fas fa-2x fa-link\"><\/i><\/a><\/div><\/div><\/div><\/div><\/div><\/div>\n        <div class=\"card\">\n            <div class=\"card-header parents\" id=\"heading_compras-por-debajo-del-umbral-69f73f7454400-2022-69f73f7454400-enero-69f73f7454400\">\n                <p class=\"title text-blue mb-0\">\n                    <a class=\"btn-block hover text-left collapsed\" data-toggle=\"collapse\" data-target=\"#collap_compras-por-debajo-del-umbral-69f73f7454400-2022-69f73f7454400-enero-69f73f7454400\" aria-expanded=\"false\" aria-controls=\"collap_compras-por-debajo-del-umbral-69f73f7454400-2022-69f73f7454400-enero-69f73f7454400\">Enero<\/a>\n                <\/p>\n            <\/div>\n            <div id=\"collap_compras-por-debajo-del-umbral-69f73f7454400-2022-69f73f7454400-enero-69f73f7454400\" class=\"collapse\" aria-labelledby=\"heading_compras-por-debajo-del-umbral-69f73f7454400-2022-69f73f7454400-enero-69f73f7454400\" data-parent=\"#collap_compras-por-debajo-del-umbral-69f73f7454400-2022-69f73f7454400\">\n                <div class=\"card-body\"><div class=\"jumbotron archivos\"><div class=\"row align-items-center\"><div class=\"col\"><h6><a class=\"text-dark\" href=\"https:\/\/comunidad.comprasdominicana.gob.do\/\/Public\/Tendering\/OpportunityDetail\/Index?noticeUID=DO1.NTC.1034417\" title=\"Ver\" target=\"_blank\">INESPRE-UC-CD-2022-0006<\/a><\/h6><p class=\"mb-0 bold\">Servicio de Colocaci\u00f3n de Publicidad en Programa Radial de cobertura nacional<\/p><p class=\"mb-0\" style=\"font-size: .85rem\"><strong title=\"Estado del Proceso\"><i class=\"fas fa-spinner\"><\/i><\/strong> Proceso adjudicado y celebrado<\/p><p class=\"mb-0\" style=\"font-size: .85rem\"><strong title=\"Fecha de Publicaci\u00f3n\"><i class=\"fas fa-calendar-alt\"><\/i><\/strong> Publicado el lunes, 31 de enero de 2022<\/p><\/div><div class=\"col-auto mt-md-0 mt-2\"><a class=\"btn btn-primary btn-lg px-lg-4 d-none d-md-block\" href=\"https:\/\/comunidad.comprasdominicana.gob.do\/\/Public\/Tendering\/OpportunityDetail\/Index?noticeUID=DO1.NTC.1034417\" target=\"_blank\" title=\"Detalles\"><i class=\"fas fa-link\"><\/i> DETALLES<\/a><a class=\"btn btn-primary btn-lg px-lg-4 d-block d-md-none\" href=\"https:\/\/comunidad.comprasdominicana.gob.do\/\/Public\/Tendering\/OpportunityDetail\/Index?noticeUID=DO1.NTC.1034417\" target=\"_blank\" title=\"Detalles\"><i class=\"fas fa-2x fa-link\"><\/i><\/a><\/div><\/div><\/div><div class=\"jumbotron archivos\"><div class=\"row align-items-center\"><div class=\"col\"><h6><a class=\"text-dark\" href=\"https:\/\/comunidad.comprasdominicana.gob.do\/\/Public\/Tendering\/OpportunityDetail\/Index?noticeUID=DO1.NTC.1034121\" title=\"Ver\" target=\"_blank\">INESPRE-UC-CD-2022-0003<\/a><\/h6><p class=\"mb-0 bold\">Servicio de Picadera para reuni\u00f3n con el equipo NOBACI<\/p><p class=\"mb-0\" style=\"font-size: .85rem\"><strong title=\"Estado del Proceso\"><i class=\"fas fa-spinner\"><\/i><\/strong> Cancelado<\/p><p class=\"mb-0\" style=\"font-size: .85rem\"><strong title=\"Fecha de Publicaci\u00f3n\"><i class=\"fas fa-calendar-alt\"><\/i><\/strong> Publicado el lunes, 31 de enero de 2022<\/p><\/div><div class=\"col-auto mt-md-0 mt-2\"><a class=\"btn btn-primary btn-lg px-lg-4 d-none d-md-block\" href=\"https:\/\/comunidad.comprasdominicana.gob.do\/\/Public\/Tendering\/OpportunityDetail\/Index?noticeUID=DO1.NTC.1034121\" target=\"_blank\" title=\"Detalles\"><i class=\"fas fa-link\"><\/i> DETALLES<\/a><a class=\"btn btn-primary btn-lg px-lg-4 d-block d-md-none\" href=\"https:\/\/comunidad.comprasdominicana.gob.do\/\/Public\/Tendering\/OpportunityDetail\/Index?noticeUID=DO1.NTC.1034121\" target=\"_blank\" title=\"Detalles\"><i class=\"fas fa-2x fa-link\"><\/i><\/a><\/div><\/div><\/div><div class=\"jumbotron archivos\"><div class=\"row align-items-center\"><div class=\"col\"><h6><a class=\"text-dark\" href=\"https:\/\/comunidad.comprasdominicana.gob.do\/\/Public\/Tendering\/OpportunityDetail\/Index?noticeUID=DO1.NTC.1031712\" title=\"Ver\" target=\"_blank\">INESPRE-UC-CD-2022-0002<\/a><\/h6><p class=\"mb-0 bold\">Servicio de Catering para la Firma de Convenio entre la Direcci\u00f3n Nacional de Tecnificaci\u00f3n de Riesgo y la Instituci\u00f3n.<\/p><p class=\"mb-0\" style=\"font-size: .85rem\"><strong title=\"Estado del Proceso\"><i class=\"fas fa-spinner\"><\/i><\/strong> Proceso adjudicado y celebrado<\/p><p class=\"mb-0\" style=\"font-size: .85rem\"><strong title=\"Fecha de Publicaci\u00f3n\"><i class=\"fas fa-calendar-alt\"><\/i><\/strong> Publicado el martes, 25 de enero de 2022<\/p><\/div><div class=\"col-auto mt-md-0 mt-2\"><a class=\"btn btn-primary btn-lg px-lg-4 d-none d-md-block\" href=\"https:\/\/comunidad.comprasdominicana.gob.do\/\/Public\/Tendering\/OpportunityDetail\/Index?noticeUID=DO1.NTC.1031712\" target=\"_blank\" title=\"Detalles\"><i class=\"fas fa-link\"><\/i> DETALLES<\/a><a class=\"btn btn-primary btn-lg px-lg-4 d-block d-md-none\" href=\"https:\/\/comunidad.comprasdominicana.gob.do\/\/Public\/Tendering\/OpportunityDetail\/Index?noticeUID=DO1.NTC.1031712\" target=\"_blank\" title=\"Detalles\"><i class=\"fas fa-2x fa-link\"><\/i><\/a><\/div><\/div><\/div><div class=\"jumbotron archivos\"><div class=\"row align-items-center\"><div class=\"col\"><h6><a class=\"text-dark\" href=\"https:\/\/comunidad.comprasdominicana.gob.do\/\/Public\/Tendering\/OpportunityDetail\/Index?noticeUID=DO1.NTC.1027822\" title=\"Ver\" target=\"_blank\">INESPRE-UC-CD-2022-0001<\/a><\/h6><p class=\"mb-0 bold\">Adquisici\u00f3n de Materiales de Conexi\u00f3n<\/p><p class=\"mb-0\" style=\"font-size: .85rem\"><strong title=\"Estado del Proceso\"><i class=\"fas fa-spinner\"><\/i><\/strong> Proceso adjudicado y celebrado<\/p><p class=\"mb-0\" style=\"font-size: .85rem\"><strong title=\"Fecha de Publicaci\u00f3n\"><i class=\"fas fa-calendar-alt\"><\/i><\/strong> Publicado el viernes, 14 de enero de 2022<\/p><\/div><div class=\"col-auto mt-md-0 mt-2\"><a class=\"btn btn-primary btn-lg px-lg-4 d-none d-md-block\" href=\"https:\/\/comunidad.comprasdominicana.gob.do\/\/Public\/Tendering\/OpportunityDetail\/Index?noticeUID=DO1.NTC.1027822\" target=\"_blank\" title=\"Detalles\"><i class=\"fas fa-link\"><\/i> DETALLES<\/a><a class=\"btn btn-primary btn-lg px-lg-4 d-block d-md-none\" href=\"https:\/\/comunidad.comprasdominicana.gob.do\/\/Public\/Tendering\/OpportunityDetail\/Index?noticeUID=DO1.NTC.1027822\" target=\"_blank\" title=\"Detalles\"><i class=\"fas fa-2x fa-link\"><\/i><\/a><\/div><\/div><\/div><\/div><\/div><\/div><\/div><\/div><\/div>\n        <div class=\"card\">\n            <div class=\"card-header parents\" id=\"heading_compras-por-debajo-del-umbral-69f73f7454400-2021-69f73f7454400\">\n                <p class=\"title text-blue mb-0\">\n                    <a class=\"btn-block hover text-left collapsed\" data-toggle=\"collapse\" data-target=\"#collap_compras-por-debajo-del-umbral-69f73f7454400-2021-69f73f7454400\" aria-expanded=\"false\" aria-controls=\"collap_compras-por-debajo-del-umbral-69f73f7454400-2021-69f73f7454400\">2021<\/a>\n                <\/p>\n            <\/div>\n            <div id=\"collap_compras-por-debajo-del-umbral-69f73f7454400-2021-69f73f7454400\" class=\"collapse\" aria-labelledby=\"heading_compras-por-debajo-del-umbral-69f73f7454400-2021-69f73f7454400\" data-parent=\"#collap_compras-por-debajo-del-umbral-69f73f7454400\">\n                <div class=\"card-body\">\n        <div class=\"card\">\n            <div class=\"card-header parents\" id=\"heading_compras-por-debajo-del-umbral-69f73f7454400-2021-69f73f7454400-diciembre-69f73f7454400\">\n                <p class=\"title text-blue mb-0\">\n                    <a class=\"btn-block hover text-left collapsed\" data-toggle=\"collapse\" data-target=\"#collap_compras-por-debajo-del-umbral-69f73f7454400-2021-69f73f7454400-diciembre-69f73f7454400\" aria-expanded=\"false\" aria-controls=\"collap_compras-por-debajo-del-umbral-69f73f7454400-2021-69f73f7454400-diciembre-69f73f7454400\">Diciembre<\/a>\n                <\/p>\n            <\/div>\n            <div id=\"collap_compras-por-debajo-del-umbral-69f73f7454400-2021-69f73f7454400-diciembre-69f73f7454400\" class=\"collapse\" aria-labelledby=\"heading_compras-por-debajo-del-umbral-69f73f7454400-2021-69f73f7454400-diciembre-69f73f7454400\" data-parent=\"#collap_compras-por-debajo-del-umbral-69f73f7454400-2021-69f73f7454400\">\n                <div class=\"card-body\"><div class=\"jumbotron archivos\"><div class=\"row align-items-center\"><div class=\"col\"><h6><a class=\"text-dark\" href=\"https:\/\/comunidad.comprasdominicana.gob.do\/\/Public\/Tendering\/OpportunityDetail\/Index?noticeUID=DO1.NTC.1020106\" title=\"Ver\" target=\"_blank\">INESPRE-UC-CD-2021-0137<\/a><\/h6><p class=\"mb-0 bold\">Adquisici\u00f3n de Materiales de acabado de interiores<\/p><p class=\"mb-0\" style=\"font-size: .85rem\"><strong title=\"Estado del Proceso\"><i class=\"fas fa-spinner\"><\/i><\/strong> Proceso adjudicado y celebrado<\/p><p class=\"mb-0\" style=\"font-size: .85rem\"><strong title=\"Fecha de Publicaci\u00f3n\"><i class=\"fas fa-calendar-alt\"><\/i><\/strong> Publicado el jueves, 30 de diciembre de 2021<\/p><\/div><div class=\"col-auto mt-md-0 mt-2\"><a class=\"btn btn-primary btn-lg px-lg-4 d-none d-md-block\" href=\"https:\/\/comunidad.comprasdominicana.gob.do\/\/Public\/Tendering\/OpportunityDetail\/Index?noticeUID=DO1.NTC.1020106\" target=\"_blank\" title=\"Detalles\"><i class=\"fas fa-link\"><\/i> DETALLES<\/a><a class=\"btn btn-primary btn-lg px-lg-4 d-block d-md-none\" href=\"https:\/\/comunidad.comprasdominicana.gob.do\/\/Public\/Tendering\/OpportunityDetail\/Index?noticeUID=DO1.NTC.1020106\" target=\"_blank\" title=\"Detalles\"><i class=\"fas fa-2x fa-link\"><\/i><\/a><\/div><\/div><\/div><div class=\"jumbotron archivos\"><div class=\"row align-items-center\"><div class=\"col\"><h6><a class=\"text-dark\" href=\"https:\/\/comunidad.comprasdominicana.gob.do\/\/Public\/Tendering\/OpportunityDetail\/Index?noticeUID=DO1.NTC.1012727\" title=\"Ver\" target=\"_blank\">INESPRE-UC-CD-2021-0131<\/a><\/h6><p class=\"mb-0 bold\">Adquisici\u00f3n de fajas de Seguridad.<\/p><p class=\"mb-0\" style=\"font-size: .85rem\"><strong title=\"Estado del Proceso\"><i class=\"fas fa-spinner\"><\/i><\/strong> Proceso adjudicado y celebrado<\/p><p class=\"mb-0\" style=\"font-size: .85rem\"><strong title=\"Fecha de Publicaci\u00f3n\"><i class=\"fas fa-calendar-alt\"><\/i><\/strong> Publicado el martes, 14 de diciembre de 2021<\/p><\/div><div class=\"col-auto mt-md-0 mt-2\"><a class=\"btn btn-primary btn-lg px-lg-4 d-none d-md-block\" href=\"https:\/\/comunidad.comprasdominicana.gob.do\/\/Public\/Tendering\/OpportunityDetail\/Index?noticeUID=DO1.NTC.1012727\" target=\"_blank\" title=\"Detalles\"><i class=\"fas fa-link\"><\/i> DETALLES<\/a><a class=\"btn btn-primary btn-lg px-lg-4 d-block d-md-none\" href=\"https:\/\/comunidad.comprasdominicana.gob.do\/\/Public\/Tendering\/OpportunityDetail\/Index?noticeUID=DO1.NTC.1012727\" target=\"_blank\" title=\"Detalles\"><i class=\"fas fa-2x fa-link\"><\/i><\/a><\/div><\/div><\/div><div class=\"jumbotron archivos\"><div class=\"row align-items-center\"><div class=\"col\"><h6><a class=\"text-dark\" href=\"https:\/\/comunidad.comprasdominicana.gob.do\/\/Public\/Tendering\/OpportunityDetail\/Index?noticeUID=DO1.NTC.1013018\" title=\"Ver\" target=\"_blank\">INESPRE-UC-CD-2021-0135<\/a><\/h6><p class=\"mb-0 bold\">Servicio de colecci\u00f3n de publicidad en programa Radial de cobertura nacional.<\/p><p class=\"mb-0\" style=\"font-size: .85rem\"><strong title=\"Estado del Proceso\"><i class=\"fas fa-spinner\"><\/i><\/strong> Proceso adjudicado y celebrado<\/p><p class=\"mb-0\" style=\"font-size: .85rem\"><strong title=\"Fecha de Publicaci\u00f3n\"><i class=\"fas fa-calendar-alt\"><\/i><\/strong> Publicado el martes, 14 de diciembre de 2021<\/p><\/div><div class=\"col-auto mt-md-0 mt-2\"><a class=\"btn btn-primary btn-lg px-lg-4 d-none d-md-block\" href=\"https:\/\/comunidad.comprasdominicana.gob.do\/\/Public\/Tendering\/OpportunityDetail\/Index?noticeUID=DO1.NTC.1013018\" target=\"_blank\" title=\"Detalles\"><i class=\"fas fa-link\"><\/i> DETALLES<\/a><a class=\"btn btn-primary btn-lg px-lg-4 d-block d-md-none\" href=\"https:\/\/comunidad.comprasdominicana.gob.do\/\/Public\/Tendering\/OpportunityDetail\/Index?noticeUID=DO1.NTC.1013018\" target=\"_blank\" title=\"Detalles\"><i class=\"fas fa-2x fa-link\"><\/i><\/a><\/div><\/div><\/div><div class=\"jumbotron archivos\"><div class=\"row align-items-center\"><div class=\"col\"><h6><a class=\"text-dark\" href=\"https:\/\/comunidad.comprasdominicana.gob.do\/\/Public\/Tendering\/OpportunityDetail\/Index?noticeUID=DO1.NTC.1012913\" title=\"Ver\" target=\"_blank\">INESPRE-UC-CD-2021-0136<\/a><\/h6><p class=\"mb-0 bold\">Adquisici\u00f3n y Operaci\u00f3n Fuegos Artificiales para la Feria Navide\u00f1a<\/p><p class=\"mb-0\" style=\"font-size: .85rem\"><strong title=\"Estado del Proceso\"><i class=\"fas fa-spinner\"><\/i><\/strong> Proceso adjudicado y celebrado<\/p><p class=\"mb-0\" style=\"font-size: .85rem\"><strong title=\"Fecha de Publicaci\u00f3n\"><i class=\"fas fa-calendar-alt\"><\/i><\/strong> Publicado el martes, 14 de diciembre de 2021<\/p><\/div><div class=\"col-auto mt-md-0 mt-2\"><a class=\"btn btn-primary btn-lg px-lg-4 d-none d-md-block\" href=\"https:\/\/comunidad.comprasdominicana.gob.do\/\/Public\/Tendering\/OpportunityDetail\/Index?noticeUID=DO1.NTC.1012913\" target=\"_blank\" title=\"Detalles\"><i class=\"fas fa-link\"><\/i> DETALLES<\/a><a class=\"btn btn-primary btn-lg px-lg-4 d-block d-md-none\" href=\"https:\/\/comunidad.comprasdominicana.gob.do\/\/Public\/Tendering\/OpportunityDetail\/Index?noticeUID=DO1.NTC.1012913\" target=\"_blank\" title=\"Detalles\"><i class=\"fas fa-2x fa-link\"><\/i><\/a><\/div><\/div><\/div><div class=\"jumbotron archivos\"><div class=\"row align-items-center\"><div class=\"col\"><h6><a class=\"text-dark\" href=\"https:\/\/comunidad.comprasdominicana.gob.do\/\/Public\/Tendering\/OpportunityDetail\/Index?noticeUID=DO1.NTC.1012608\" title=\"Ver\" target=\"_blank\">INESPRE-UC-CD-2021-0134<\/a><\/h6><p class=\"mb-0 bold\">Servicio de colocaci\u00f3n de Publicidad.<\/p><p class=\"mb-0\" style=\"font-size: .85rem\"><strong title=\"Estado del Proceso\"><i class=\"fas fa-spinner\"><\/i><\/strong> Proceso adjudicado y celebrado<\/p><p class=\"mb-0\" style=\"font-size: .85rem\"><strong title=\"Fecha de Publicaci\u00f3n\"><i class=\"fas fa-calendar-alt\"><\/i><\/strong> Publicado el martes, 14 de diciembre de 2021<\/p><\/div><div class=\"col-auto mt-md-0 mt-2\"><a class=\"btn btn-primary btn-lg px-lg-4 d-none d-md-block\" href=\"https:\/\/comunidad.comprasdominicana.gob.do\/\/Public\/Tendering\/OpportunityDetail\/Index?noticeUID=DO1.NTC.1012608\" target=\"_blank\" title=\"Detalles\"><i class=\"fas fa-link\"><\/i> DETALLES<\/a><a class=\"btn btn-primary btn-lg px-lg-4 d-block d-md-none\" href=\"https:\/\/comunidad.comprasdominicana.gob.do\/\/Public\/Tendering\/OpportunityDetail\/Index?noticeUID=DO1.NTC.1012608\" target=\"_blank\" title=\"Detalles\"><i class=\"fas fa-2x fa-link\"><\/i><\/a><\/div><\/div><\/div><div class=\"jumbotron archivos\"><div class=\"row align-items-center\"><div class=\"col\"><h6><a class=\"text-dark\" href=\"https:\/\/comunidad.comprasdominicana.gob.do\/\/Public\/Tendering\/OpportunityDetail\/Index?noticeUID=DO1.NTC.1011966\" title=\"Ver\" target=\"_blank\">INESPRE-UC-CD-2021-0133<\/a><\/h6><p class=\"mb-0 bold\">Servicio de Catering para la Inauguraci\u00f3n de la Feria de Productores<\/p><p class=\"mb-0\" style=\"font-size: .85rem\"><strong title=\"Estado del Proceso\"><i class=\"fas fa-spinner\"><\/i><\/strong> Proceso adjudicado y celebrado<\/p><p class=\"mb-0\" style=\"font-size: .85rem\"><strong title=\"Fecha de Publicaci\u00f3n\"><i class=\"fas fa-calendar-alt\"><\/i><\/strong> Publicado el lunes, 13 de diciembre de 2021<\/p><\/div><div class=\"col-auto mt-md-0 mt-2\"><a class=\"btn btn-primary btn-lg px-lg-4 d-none d-md-block\" href=\"https:\/\/comunidad.comprasdominicana.gob.do\/\/Public\/Tendering\/OpportunityDetail\/Index?noticeUID=DO1.NTC.1011966\" target=\"_blank\" title=\"Detalles\"><i class=\"fas fa-link\"><\/i> DETALLES<\/a><a class=\"btn btn-primary btn-lg px-lg-4 d-block d-md-none\" href=\"https:\/\/comunidad.comprasdominicana.gob.do\/\/Public\/Tendering\/OpportunityDetail\/Index?noticeUID=DO1.NTC.1011966\" target=\"_blank\" title=\"Detalles\"><i class=\"fas fa-2x fa-link\"><\/i><\/a><\/div><\/div><\/div><div class=\"jumbotron archivos\"><div class=\"row align-items-center\"><div class=\"col\"><h6><a class=\"text-dark\" href=\"https:\/\/comunidad.comprasdominicana.gob.do\/\/Public\/Tendering\/OpportunityDetail\/Index?noticeUID=DO1.NTC.1012162\" title=\"Ver\" target=\"_blank\">INESPRE-UC-CD-2021-0132<\/a><\/h6><p class=\"mb-0 bold\">Servicio de Radio Comunicaci\u00f3n.<\/p><p class=\"mb-0\" style=\"font-size: .85rem\"><strong title=\"Estado del Proceso\"><i class=\"fas fa-spinner\"><\/i><\/strong> Proceso adjudicado y celebrado<\/p><p class=\"mb-0\" style=\"font-size: .85rem\"><strong title=\"Fecha de Publicaci\u00f3n\"><i class=\"fas fa-calendar-alt\"><\/i><\/strong> Publicado el lunes, 13 de diciembre de 2021<\/p><\/div><div class=\"col-auto mt-md-0 mt-2\"><a class=\"btn btn-primary btn-lg px-lg-4 d-none d-md-block\" href=\"https:\/\/comunidad.comprasdominicana.gob.do\/\/Public\/Tendering\/OpportunityDetail\/Index?noticeUID=DO1.NTC.1012162\" target=\"_blank\" title=\"Detalles\"><i class=\"fas fa-link\"><\/i> DETALLES<\/a><a class=\"btn btn-primary btn-lg px-lg-4 d-block d-md-none\" href=\"https:\/\/comunidad.comprasdominicana.gob.do\/\/Public\/Tendering\/OpportunityDetail\/Index?noticeUID=DO1.NTC.1012162\" target=\"_blank\" title=\"Detalles\"><i class=\"fas fa-2x fa-link\"><\/i><\/a><\/div><\/div><\/div><div class=\"jumbotron archivos\"><div class=\"row align-items-center\"><div class=\"col\"><h6><a class=\"text-dark\" href=\"https:\/\/comunidad.comprasdominicana.gob.do\/\/Public\/Tendering\/OpportunityDetail\/Index?noticeUID=DO1.NTC.1011213\" title=\"Ver\" target=\"_blank\">INESPRE-UC-CD-2021-0129<\/a><\/h6><p class=\"mb-0 bold\">Arreglos de Pinos para decoraci\u00f3n del Despacho<\/p><p class=\"mb-0\" style=\"font-size: .85rem\"><strong title=\"Estado del Proceso\"><i class=\"fas fa-spinner\"><\/i><\/strong> Proceso adjudicado y celebrado<\/p><p class=\"mb-0\" style=\"font-size: .85rem\"><strong title=\"Fecha de Publicaci\u00f3n\"><i class=\"fas fa-calendar-alt\"><\/i><\/strong> Publicado el jueves, 9 de diciembre de 2021<\/p><\/div><div class=\"col-auto mt-md-0 mt-2\"><a class=\"btn btn-primary btn-lg px-lg-4 d-none d-md-block\" href=\"https:\/\/comunidad.comprasdominicana.gob.do\/\/Public\/Tendering\/OpportunityDetail\/Index?noticeUID=DO1.NTC.1011213\" target=\"_blank\" title=\"Detalles\"><i class=\"fas fa-link\"><\/i> DETALLES<\/a><a class=\"btn btn-primary btn-lg px-lg-4 d-block d-md-none\" href=\"https:\/\/comunidad.comprasdominicana.gob.do\/\/Public\/Tendering\/OpportunityDetail\/Index?noticeUID=DO1.NTC.1011213\" target=\"_blank\" title=\"Detalles\"><i class=\"fas fa-2x fa-link\"><\/i><\/a><\/div><\/div><\/div><div class=\"jumbotron archivos\"><div class=\"row align-items-center\"><div class=\"col\"><h6><a class=\"text-dark\" href=\"https:\/\/comunidad.comprasdominicana.gob.do\/\/Public\/Tendering\/OpportunityDetail\/Index?noticeUID=DO1.NTC.1010816\" title=\"Ver\" target=\"_blank\">INESPRE-UC-CD-2021-0130<\/a><\/h6><p class=\"mb-0 bold\">Servicio de Catering para la Actividad de Reconocimiento al Merito.<\/p><p class=\"mb-0\" style=\"font-size: .85rem\"><strong title=\"Estado del Proceso\"><i class=\"fas fa-spinner\"><\/i><\/strong> Proceso adjudicado y celebrado<\/p><p class=\"mb-0\" style=\"font-size: .85rem\"><strong title=\"Fecha de Publicaci\u00f3n\"><i class=\"fas fa-calendar-alt\"><\/i><\/strong> Publicado el jueves, 9 de diciembre de 2021<\/p><\/div><div class=\"col-auto mt-md-0 mt-2\"><a class=\"btn btn-primary btn-lg px-lg-4 d-none d-md-block\" href=\"https:\/\/comunidad.comprasdominicana.gob.do\/\/Public\/Tendering\/OpportunityDetail\/Index?noticeUID=DO1.NTC.1010816\" target=\"_blank\" title=\"Detalles\"><i class=\"fas fa-link\"><\/i> DETALLES<\/a><a class=\"btn btn-primary btn-lg px-lg-4 d-block d-md-none\" href=\"https:\/\/comunidad.comprasdominicana.gob.do\/\/Public\/Tendering\/OpportunityDetail\/Index?noticeUID=DO1.NTC.1010816\" target=\"_blank\" title=\"Detalles\"><i class=\"fas fa-2x fa-link\"><\/i><\/a><\/div><\/div><\/div><div class=\"jumbotron archivos\"><div class=\"row align-items-center\"><div class=\"col\"><h6><a class=\"text-dark\" href=\"https:\/\/comunidad.comprasdominicana.gob.do\/\/Public\/Tendering\/OpportunityDetail\/Index?noticeUID=DO1.NTC.1009746\" title=\"Ver\" target=\"_blank\">INESPRE-UC-CD-2021-0128<\/a><\/h6><p class=\"mb-0 bold\">Adquisici\u00f3n de Dise\u00f1o para Feria Agropecuaria<\/p><p class=\"mb-0\" style=\"font-size: .85rem\"><strong title=\"Estado del Proceso\"><i class=\"fas fa-spinner\"><\/i><\/strong> Proceso adjudicado y celebrado<\/p><p class=\"mb-0\" style=\"font-size: .85rem\"><strong title=\"Fecha de Publicaci\u00f3n\"><i class=\"fas fa-calendar-alt\"><\/i><\/strong> Publicado el martes, 7 de diciembre de 2021<\/p><\/div><div class=\"col-auto mt-md-0 mt-2\"><a class=\"btn btn-primary btn-lg px-lg-4 d-none d-md-block\" href=\"https:\/\/comunidad.comprasdominicana.gob.do\/\/Public\/Tendering\/OpportunityDetail\/Index?noticeUID=DO1.NTC.1009746\" target=\"_blank\" title=\"Detalles\"><i class=\"fas fa-link\"><\/i> DETALLES<\/a><a class=\"btn btn-primary btn-lg px-lg-4 d-block d-md-none\" href=\"https:\/\/comunidad.comprasdominicana.gob.do\/\/Public\/Tendering\/OpportunityDetail\/Index?noticeUID=DO1.NTC.1009746\" target=\"_blank\" title=\"Detalles\"><i class=\"fas fa-2x fa-link\"><\/i><\/a><\/div><\/div><\/div><div class=\"jumbotron archivos\"><div class=\"row align-items-center\"><div class=\"col\"><h6><a class=\"text-dark\" href=\"https:\/\/comunidad.comprasdominicana.gob.do\/\/Public\/Tendering\/OpportunityDetail\/Index?noticeUID=DO1.NTC.1009742\" title=\"Ver\" target=\"_blank\">INESPRE-UC-CD-2021-0127<\/a><\/h6><p class=\"mb-0 bold\">Adquisici\u00f3n de Vallas para Feria Agropecuaria.<\/p><p class=\"mb-0\" style=\"font-size: .85rem\"><strong title=\"Estado del Proceso\"><i class=\"fas fa-spinner\"><\/i><\/strong> Proceso adjudicado y celebrado<\/p><p class=\"mb-0\" style=\"font-size: .85rem\"><strong title=\"Fecha de Publicaci\u00f3n\"><i class=\"fas fa-calendar-alt\"><\/i><\/strong> Publicado el martes, 7 de diciembre de 2021<\/p><\/div><div class=\"col-auto mt-md-0 mt-2\"><a class=\"btn btn-primary btn-lg px-lg-4 d-none d-md-block\" href=\"https:\/\/comunidad.comprasdominicana.gob.do\/\/Public\/Tendering\/OpportunityDetail\/Index?noticeUID=DO1.NTC.1009742\" target=\"_blank\" title=\"Detalles\"><i class=\"fas fa-link\"><\/i> DETALLES<\/a><a class=\"btn btn-primary btn-lg px-lg-4 d-block d-md-none\" href=\"https:\/\/comunidad.comprasdominicana.gob.do\/\/Public\/Tendering\/OpportunityDetail\/Index?noticeUID=DO1.NTC.1009742\" target=\"_blank\" title=\"Detalles\"><i class=\"fas fa-2x fa-link\"><\/i><\/a><\/div><\/div><\/div><div class=\"jumbotron archivos\"><div class=\"row align-items-center\"><div class=\"col\"><h6><a class=\"text-dark\" href=\"https:\/\/comunidad.comprasdominicana.gob.do\/\/Public\/Tendering\/OpportunityDetail\/Index?noticeUID=DO1.NTC.1009227\" title=\"Ver\" target=\"_blank\">INESPRE-UC-CD-2021-0124<\/a><\/h6><p class=\"mb-0 bold\">Adquisici\u00f3n de Filtros y Grasa<\/p><p class=\"mb-0\" style=\"font-size: .85rem\"><strong title=\"Estado del Proceso\"><i class=\"fas fa-spinner\"><\/i><\/strong> Proceso adjudicado y celebrado<\/p><p class=\"mb-0\" style=\"font-size: .85rem\"><strong title=\"Fecha de Publicaci\u00f3n\"><i class=\"fas fa-calendar-alt\"><\/i><\/strong> Publicado el lunes, 6 de diciembre de 2021<\/p><\/div><div class=\"col-auto mt-md-0 mt-2\"><a class=\"btn btn-primary btn-lg px-lg-4 d-none d-md-block\" href=\"https:\/\/comunidad.comprasdominicana.gob.do\/\/Public\/Tendering\/OpportunityDetail\/Index?noticeUID=DO1.NTC.1009227\" target=\"_blank\" title=\"Detalles\"><i class=\"fas fa-link\"><\/i> DETALLES<\/a><a class=\"btn btn-primary btn-lg px-lg-4 d-block d-md-none\" href=\"https:\/\/comunidad.comprasdominicana.gob.do\/\/Public\/Tendering\/OpportunityDetail\/Index?noticeUID=DO1.NTC.1009227\" target=\"_blank\" title=\"Detalles\"><i class=\"fas fa-2x fa-link\"><\/i><\/a><\/div><\/div><\/div><div class=\"jumbotron archivos\"><div class=\"row align-items-center\"><div class=\"col\"><h6><a class=\"text-dark\" href=\"https:\/\/comunidad.comprasdominicana.gob.do\/\/Public\/Tendering\/OpportunityDetail\/Index?noticeUID=DO1.NTC.1008622\" title=\"Ver\" target=\"_blank\">INESPRE-UC-CD-2021-0126<\/a><\/h6><p class=\"mb-0 bold\">Adquisici\u00f3n de Aceite de Motor <\/p><p class=\"mb-0\" style=\"font-size: .85rem\"><strong title=\"Estado del Proceso\"><i class=\"fas fa-spinner\"><\/i><\/strong> Proceso adjudicado y celebrado<\/p><p class=\"mb-0\" style=\"font-size: .85rem\"><strong title=\"Fecha de Publicaci\u00f3n\"><i class=\"fas fa-calendar-alt\"><\/i><\/strong> Publicado el viernes, 3 de diciembre de 2021<\/p><\/div><div class=\"col-auto mt-md-0 mt-2\"><a class=\"btn btn-primary btn-lg px-lg-4 d-none d-md-block\" href=\"https:\/\/comunidad.comprasdominicana.gob.do\/\/Public\/Tendering\/OpportunityDetail\/Index?noticeUID=DO1.NTC.1008622\" target=\"_blank\" title=\"Detalles\"><i class=\"fas fa-link\"><\/i> DETALLES<\/a><a class=\"btn btn-primary btn-lg px-lg-4 d-block d-md-none\" href=\"https:\/\/comunidad.comprasdominicana.gob.do\/\/Public\/Tendering\/OpportunityDetail\/Index?noticeUID=DO1.NTC.1008622\" target=\"_blank\" title=\"Detalles\"><i class=\"fas fa-2x fa-link\"><\/i><\/a><\/div><\/div><\/div><div class=\"jumbotron archivos\"><div class=\"row align-items-center\"><div class=\"col\"><h6><a class=\"text-dark\" href=\"https:\/\/comunidad.comprasdominicana.gob.do\/\/Public\/Tendering\/OpportunityDetail\/Index?noticeUID=DO1.NTC.1007738\" title=\"Ver\" target=\"_blank\">INESPRE-UC-CD-2021-0125<\/a><\/h6><p class=\"mb-0 bold\">Adquisici\u00f3n de gomas de Cami\u00f3n.<\/p><p class=\"mb-0\" style=\"font-size: .85rem\"><strong title=\"Estado del Proceso\"><i class=\"fas fa-spinner\"><\/i><\/strong> Proceso adjudicado y celebrado<\/p><p class=\"mb-0\" style=\"font-size: .85rem\"><strong title=\"Fecha de Publicaci\u00f3n\"><i class=\"fas fa-calendar-alt\"><\/i><\/strong> Publicado el jueves, 2 de diciembre de 2021<\/p><\/div><div class=\"col-auto mt-md-0 mt-2\"><a class=\"btn btn-primary btn-lg px-lg-4 d-none d-md-block\" href=\"https:\/\/comunidad.comprasdominicana.gob.do\/\/Public\/Tendering\/OpportunityDetail\/Index?noticeUID=DO1.NTC.1007738\" target=\"_blank\" title=\"Detalles\"><i class=\"fas fa-link\"><\/i> DETALLES<\/a><a class=\"btn btn-primary btn-lg px-lg-4 d-block d-md-none\" href=\"https:\/\/comunidad.comprasdominicana.gob.do\/\/Public\/Tendering\/OpportunityDetail\/Index?noticeUID=DO1.NTC.1007738\" target=\"_blank\" title=\"Detalles\"><i class=\"fas fa-2x fa-link\"><\/i><\/a><\/div><\/div><\/div><\/div><\/div><\/div>\n        <div class=\"card\">\n            <div class=\"card-header parents\" id=\"heading_compras-por-debajo-del-umbral-69f73f7454400-2021-69f73f7454400-noviembre-69f73f7454400\">\n                <p class=\"title text-blue mb-0\">\n                    <a class=\"btn-block hover text-left collapsed\" data-toggle=\"collapse\" data-target=\"#collap_compras-por-debajo-del-umbral-69f73f7454400-2021-69f73f7454400-noviembre-69f73f7454400\" aria-expanded=\"false\" aria-controls=\"collap_compras-por-debajo-del-umbral-69f73f7454400-2021-69f73f7454400-noviembre-69f73f7454400\">Noviembre<\/a>\n                <\/p>\n            <\/div>\n            <div id=\"collap_compras-por-debajo-del-umbral-69f73f7454400-2021-69f73f7454400-noviembre-69f73f7454400\" class=\"collapse\" aria-labelledby=\"heading_compras-por-debajo-del-umbral-69f73f7454400-2021-69f73f7454400-noviembre-69f73f7454400\" data-parent=\"#collap_compras-por-debajo-del-umbral-69f73f7454400-2021-69f73f7454400\">\n                <div class=\"card-body\"><div class=\"jumbotron archivos\"><div class=\"row align-items-center\"><div class=\"col\"><h6><a class=\"text-dark\" href=\"https:\/\/comunidad.comprasdominicana.gob.do\/\/Public\/Tendering\/OpportunityDetail\/Index?noticeUID=DO1.NTC.1005730\" title=\"Ver\" target=\"_blank\">INESPRE-UC-CD-2021-0123<\/a><\/h6><p class=\"mb-0 bold\">Adquisici\u00f3n de Utensilios de Cocina Desechables<\/p><p class=\"mb-0\" style=\"font-size: .85rem\"><strong title=\"Estado del Proceso\"><i class=\"fas fa-spinner\"><\/i><\/strong> Proceso adjudicado y celebrado<\/p><p class=\"mb-0\" style=\"font-size: .85rem\"><strong title=\"Fecha de Publicaci\u00f3n\"><i class=\"fas fa-calendar-alt\"><\/i><\/strong> Publicado el viernes, 26 de noviembre de 2021<\/p><\/div><div class=\"col-auto mt-md-0 mt-2\"><a class=\"btn btn-primary btn-lg px-lg-4 d-none d-md-block\" href=\"https:\/\/comunidad.comprasdominicana.gob.do\/\/Public\/Tendering\/OpportunityDetail\/Index?noticeUID=DO1.NTC.1005730\" target=\"_blank\" title=\"Detalles\"><i class=\"fas fa-link\"><\/i> DETALLES<\/a><a class=\"btn btn-primary btn-lg px-lg-4 d-block d-md-none\" href=\"https:\/\/comunidad.comprasdominicana.gob.do\/\/Public\/Tendering\/OpportunityDetail\/Index?noticeUID=DO1.NTC.1005730\" target=\"_blank\" title=\"Detalles\"><i class=\"fas fa-2x fa-link\"><\/i><\/a><\/div><\/div><\/div><div class=\"jumbotron archivos\"><div class=\"row align-items-center\"><div class=\"col\"><h6><a class=\"text-dark\" href=\"https:\/\/comunidad.comprasdominicana.gob.do\/\/Public\/Tendering\/OpportunityDetail\/Index?noticeUID=DO1.NTC.1004634\" title=\"Ver\" target=\"_blank\">INESPRE-UC-CD-2021-0122<\/a><\/h6><p class=\"mb-0 bold\">Adquisici\u00f3n de Equipos y Materiales de Plomer\u00eda.<\/p><p class=\"mb-0\" style=\"font-size: .85rem\"><strong title=\"Estado del Proceso\"><i class=\"fas fa-spinner\"><\/i><\/strong> Proceso adjudicado y celebrado<\/p><p class=\"mb-0\" style=\"font-size: .85rem\"><strong title=\"Fecha de Publicaci\u00f3n\"><i class=\"fas fa-calendar-alt\"><\/i><\/strong> Publicado el mi\u00e9rcoles, 24 de noviembre de 2021<\/p><\/div><div class=\"col-auto mt-md-0 mt-2\"><a class=\"btn btn-primary btn-lg px-lg-4 d-none d-md-block\" href=\"https:\/\/comunidad.comprasdominicana.gob.do\/\/Public\/Tendering\/OpportunityDetail\/Index?noticeUID=DO1.NTC.1004634\" target=\"_blank\" title=\"Detalles\"><i class=\"fas fa-link\"><\/i> DETALLES<\/a><a class=\"btn btn-primary btn-lg px-lg-4 d-block d-md-none\" href=\"https:\/\/comunidad.comprasdominicana.gob.do\/\/Public\/Tendering\/OpportunityDetail\/Index?noticeUID=DO1.NTC.1004634\" target=\"_blank\" title=\"Detalles\"><i class=\"fas fa-2x fa-link\"><\/i><\/a><\/div><\/div><\/div><div class=\"jumbotron archivos\"><div class=\"row align-items-center\"><div class=\"col\"><h6><a class=\"text-dark\" href=\"https:\/\/comunidad.comprasdominicana.gob.do\/\/Public\/Tendering\/OpportunityDetail\/Index?noticeUID=DO1.NTC.1004309\" title=\"Ver\" target=\"_blank\">INESPRE-UC-CD-2021-0121<\/a><\/h6><p class=\"mb-0 bold\">Servicio de Catering para la Bienvenida a la Navidad<\/p><p class=\"mb-0\" style=\"font-size: .85rem\"><strong title=\"Estado del Proceso\"><i class=\"fas fa-spinner\"><\/i><\/strong> Proceso adjudicado y celebrado<\/p><p class=\"mb-0\" style=\"font-size: .85rem\"><strong title=\"Fecha de Publicaci\u00f3n\"><i class=\"fas fa-calendar-alt\"><\/i><\/strong> Publicado el mi\u00e9rcoles, 24 de noviembre de 2021<\/p><\/div><div class=\"col-auto mt-md-0 mt-2\"><a class=\"btn btn-primary btn-lg px-lg-4 d-none d-md-block\" href=\"https:\/\/comunidad.comprasdominicana.gob.do\/\/Public\/Tendering\/OpportunityDetail\/Index?noticeUID=DO1.NTC.1004309\" target=\"_blank\" title=\"Detalles\"><i class=\"fas fa-link\"><\/i> DETALLES<\/a><a class=\"btn btn-primary btn-lg px-lg-4 d-block d-md-none\" href=\"https:\/\/comunidad.comprasdominicana.gob.do\/\/Public\/Tendering\/OpportunityDetail\/Index?noticeUID=DO1.NTC.1004309\" target=\"_blank\" title=\"Detalles\"><i class=\"fas fa-2x fa-link\"><\/i><\/a><\/div><\/div><\/div><div class=\"jumbotron archivos\"><div class=\"row align-items-center\"><div class=\"col\"><h6><a class=\"text-dark\" href=\"https:\/\/comunidad.comprasdominicana.gob.do\/\/Public\/Tendering\/OpportunityDetail\/Index?noticeUID=DO1.NTC.1003810\" title=\"Ver\" target=\"_blank\">INESPRE-UC-CD-2021-0120<\/a><\/h6><p class=\"mb-0 bold\">Servicio de Catering para Reuni\u00f3n del Directorio Ejecutivo <\/p><p class=\"mb-0\" style=\"font-size: .85rem\"><strong title=\"Estado del Proceso\"><i class=\"fas fa-spinner\"><\/i><\/strong> Proceso adjudicado y celebrado<\/p><p class=\"mb-0\" style=\"font-size: .85rem\"><strong title=\"Fecha de Publicaci\u00f3n\"><i class=\"fas fa-calendar-alt\"><\/i><\/strong> Publicado el martes, 23 de noviembre de 2021<\/p><\/div><div class=\"col-auto mt-md-0 mt-2\"><a class=\"btn btn-primary btn-lg px-lg-4 d-none d-md-block\" href=\"https:\/\/comunidad.comprasdominicana.gob.do\/\/Public\/Tendering\/OpportunityDetail\/Index?noticeUID=DO1.NTC.1003810\" target=\"_blank\" title=\"Detalles\"><i class=\"fas fa-link\"><\/i> DETALLES<\/a><a class=\"btn btn-primary btn-lg px-lg-4 d-block d-md-none\" href=\"https:\/\/comunidad.comprasdominicana.gob.do\/\/Public\/Tendering\/OpportunityDetail\/Index?noticeUID=DO1.NTC.1003810\" target=\"_blank\" title=\"Detalles\"><i class=\"fas fa-2x fa-link\"><\/i><\/a><\/div><\/div><\/div><div class=\"jumbotron archivos\"><div class=\"row align-items-center\"><div class=\"col\"><h6><a class=\"text-dark\" href=\"https:\/\/comunidad.comprasdominicana.gob.do\/\/Public\/Tendering\/OpportunityDetail\/Index?noticeUID=DO1.NTC.1003914\" title=\"Ver\" target=\"_blank\">INESPRE-UC-CD-2021-0119<\/a><\/h6><p class=\"mb-0 bold\">Adquisici\u00f3n de Letrero Institucional <\/p><p class=\"mb-0\" style=\"font-size: .85rem\"><strong title=\"Estado del Proceso\"><i class=\"fas fa-spinner\"><\/i><\/strong> Proceso adjudicado y celebrado<\/p><p class=\"mb-0\" style=\"font-size: .85rem\"><strong title=\"Fecha de Publicaci\u00f3n\"><i class=\"fas fa-calendar-alt\"><\/i><\/strong> Publicado el martes, 23 de noviembre de 2021<\/p><\/div><div class=\"col-auto mt-md-0 mt-2\"><a class=\"btn btn-primary btn-lg px-lg-4 d-none d-md-block\" href=\"https:\/\/comunidad.comprasdominicana.gob.do\/\/Public\/Tendering\/OpportunityDetail\/Index?noticeUID=DO1.NTC.1003914\" target=\"_blank\" title=\"Detalles\"><i class=\"fas fa-link\"><\/i> DETALLES<\/a><a class=\"btn btn-primary btn-lg px-lg-4 d-block d-md-none\" href=\"https:\/\/comunidad.comprasdominicana.gob.do\/\/Public\/Tendering\/OpportunityDetail\/Index?noticeUID=DO1.NTC.1003914\" target=\"_blank\" title=\"Detalles\"><i class=\"fas fa-2x fa-link\"><\/i><\/a><\/div><\/div><\/div><div class=\"jumbotron archivos\"><div class=\"row align-items-center\"><div class=\"col\"><h6><a class=\"text-dark\" href=\"https:\/\/comunidad.comprasdominicana.gob.do\/\/Public\/Tendering\/OpportunityDetail\/Index?noticeUID=DO1.NTC.1003606\" title=\"Ver\" target=\"_blank\">INESPRE-UC-CD-2021-0117<\/a><\/h6><p class=\"mb-0 bold\">Adquisici\u00f3n de Flores para el Aniversario de la instituci\u00f3n <\/p><p class=\"mb-0\" style=\"font-size: .85rem\"><strong title=\"Estado del Proceso\"><i class=\"fas fa-spinner\"><\/i><\/strong> Proceso adjudicado y celebrado<\/p><p class=\"mb-0\" style=\"font-size: .85rem\"><strong title=\"Fecha de Publicaci\u00f3n\"><i class=\"fas fa-calendar-alt\"><\/i><\/strong> Publicado el martes, 23 de noviembre de 2021<\/p><\/div><div class=\"col-auto mt-md-0 mt-2\"><a class=\"btn btn-primary btn-lg px-lg-4 d-none d-md-block\" href=\"https:\/\/comunidad.comprasdominicana.gob.do\/\/Public\/Tendering\/OpportunityDetail\/Index?noticeUID=DO1.NTC.1003606\" target=\"_blank\" title=\"Detalles\"><i class=\"fas fa-link\"><\/i> DETALLES<\/a><a class=\"btn btn-primary btn-lg px-lg-4 d-block d-md-none\" href=\"https:\/\/comunidad.comprasdominicana.gob.do\/\/Public\/Tendering\/OpportunityDetail\/Index?noticeUID=DO1.NTC.1003606\" target=\"_blank\" title=\"Detalles\"><i class=\"fas fa-2x fa-link\"><\/i><\/a><\/div><\/div><\/div><div class=\"jumbotron archivos\"><div class=\"row align-items-center\"><div class=\"col\"><h6><a class=\"text-dark\" href=\"https:\/\/comunidad.comprasdominicana.gob.do\/\/Public\/Tendering\/OpportunityDetail\/Index?noticeUID=DO1.NTC.1003352\" title=\"Ver\" target=\"_blank\">INESPRE-UC-CD-2021-0118<\/a><\/h6><p class=\"mb-0 bold\">Adquisici\u00f3n de Llaveros Promocionales<\/p><p class=\"mb-0\" style=\"font-size: .85rem\"><strong title=\"Estado del Proceso\"><i class=\"fas fa-spinner\"><\/i><\/strong> Proceso adjudicado y celebrado<\/p><p class=\"mb-0\" style=\"font-size: .85rem\"><strong title=\"Fecha de Publicaci\u00f3n\"><i class=\"fas fa-calendar-alt\"><\/i><\/strong> Publicado el lunes, 22 de noviembre de 2021<\/p><\/div><div class=\"col-auto mt-md-0 mt-2\"><a class=\"btn btn-primary btn-lg px-lg-4 d-none d-md-block\" href=\"https:\/\/comunidad.comprasdominicana.gob.do\/\/Public\/Tendering\/OpportunityDetail\/Index?noticeUID=DO1.NTC.1003352\" target=\"_blank\" title=\"Detalles\"><i class=\"fas fa-link\"><\/i> DETALLES<\/a><a class=\"btn btn-primary btn-lg px-lg-4 d-block d-md-none\" href=\"https:\/\/comunidad.comprasdominicana.gob.do\/\/Public\/Tendering\/OpportunityDetail\/Index?noticeUID=DO1.NTC.1003352\" target=\"_blank\" title=\"Detalles\"><i class=\"fas fa-2x fa-link\"><\/i><\/a><\/div><\/div><\/div><div class=\"jumbotron archivos\"><div class=\"row align-items-center\"><div class=\"col\"><h6><a class=\"text-dark\" href=\"https:\/\/comunidad.comprasdominicana.gob.do\/\/Public\/Tendering\/OpportunityDetail\/Index?noticeUID=DO1.NTC.1002021\" title=\"Ver\" target=\"_blank\">INESPRE-UC-CD-2021-0116<\/a><\/h6><p class=\"mb-0 bold\">Servicio de Publicaci\u00f3n en Dos (02) Peri\u00f3dicos de circulaci\u00f3n Nacional para el Proceso de Licitaci\u00f3n Publica Nacional de referencia: INESPRE-CCC-LPN-2021-0004<\/p><p class=\"mb-0\" style=\"font-size: .85rem\"><strong title=\"Estado del Proceso\"><i class=\"fas fa-spinner\"><\/i><\/strong> Proceso adjudicado y celebrado<\/p><p class=\"mb-0\" style=\"font-size: .85rem\"><strong title=\"Fecha de Publicaci\u00f3n\"><i class=\"fas fa-calendar-alt\"><\/i><\/strong> Publicado el jueves, 18 de noviembre de 2021<\/p><\/div><div class=\"col-auto mt-md-0 mt-2\"><a class=\"btn btn-primary btn-lg px-lg-4 d-none d-md-block\" href=\"https:\/\/comunidad.comprasdominicana.gob.do\/\/Public\/Tendering\/OpportunityDetail\/Index?noticeUID=DO1.NTC.1002021\" target=\"_blank\" title=\"Detalles\"><i class=\"fas fa-link\"><\/i> DETALLES<\/a><a class=\"btn btn-primary btn-lg px-lg-4 d-block d-md-none\" href=\"https:\/\/comunidad.comprasdominicana.gob.do\/\/Public\/Tendering\/OpportunityDetail\/Index?noticeUID=DO1.NTC.1002021\" target=\"_blank\" title=\"Detalles\"><i class=\"fas fa-2x fa-link\"><\/i><\/a><\/div><\/div><\/div><div class=\"jumbotron archivos\"><div class=\"row align-items-center\"><div class=\"col\"><h6><a class=\"text-dark\" href=\"https:\/\/comunidad.comprasdominicana.gob.do\/\/Public\/Tendering\/OpportunityDetail\/Index?noticeUID=DO1.NTC.997132\" title=\"Ver\" target=\"_blank\">INESPRE-UC-CD-2021-0115<\/a><\/h6><p class=\"mb-0 bold\">Adquisici\u00f3n de Pozuelos.<\/p><p class=\"mb-0\" style=\"font-size: .85rem\"><strong title=\"Estado del Proceso\"><i class=\"fas fa-spinner\"><\/i><\/strong> Proceso adjudicado y celebrado<\/p><p class=\"mb-0\" style=\"font-size: .85rem\"><strong title=\"Fecha de Publicaci\u00f3n\"><i class=\"fas fa-calendar-alt\"><\/i><\/strong> Publicado el mi\u00e9rcoles, 10 de noviembre de 2021<\/p><\/div><div class=\"col-auto mt-md-0 mt-2\"><a class=\"btn btn-primary btn-lg px-lg-4 d-none d-md-block\" href=\"https:\/\/comunidad.comprasdominicana.gob.do\/\/Public\/Tendering\/OpportunityDetail\/Index?noticeUID=DO1.NTC.997132\" target=\"_blank\" title=\"Detalles\"><i class=\"fas fa-link\"><\/i> DETALLES<\/a><a class=\"btn btn-primary btn-lg px-lg-4 d-block d-md-none\" href=\"https:\/\/comunidad.comprasdominicana.gob.do\/\/Public\/Tendering\/OpportunityDetail\/Index?noticeUID=DO1.NTC.997132\" target=\"_blank\" title=\"Detalles\"><i class=\"fas fa-2x fa-link\"><\/i><\/a><\/div><\/div><\/div><div class=\"jumbotron archivos\"><div class=\"row align-items-center\"><div class=\"col\"><h6><a class=\"text-dark\" href=\"https:\/\/comunidad.comprasdominicana.gob.do\/\/Public\/Tendering\/OpportunityDetail\/Index?noticeUID=DO1.NTC.995131\" title=\"Ver\" target=\"_blank\">INESPRE-UC-CD-2021-0114<\/a><\/h6><p class=\"mb-0 bold\">Adquisici\u00f3n de Cortinas<\/p><p class=\"mb-0\" style=\"font-size: .85rem\"><strong title=\"Estado del Proceso\"><i class=\"fas fa-spinner\"><\/i><\/strong> Proceso adjudicado y celebrado<\/p><p class=\"mb-0\" style=\"font-size: .85rem\"><strong title=\"Fecha de Publicaci\u00f3n\"><i class=\"fas fa-calendar-alt\"><\/i><\/strong> Publicado el jueves, 4 de noviembre de 2021<\/p><\/div><div class=\"col-auto mt-md-0 mt-2\"><a class=\"btn btn-primary btn-lg px-lg-4 d-none d-md-block\" href=\"https:\/\/comunidad.comprasdominicana.gob.do\/\/Public\/Tendering\/OpportunityDetail\/Index?noticeUID=DO1.NTC.995131\" target=\"_blank\" title=\"Detalles\"><i class=\"fas fa-link\"><\/i> DETALLES<\/a><a class=\"btn btn-primary btn-lg px-lg-4 d-block d-md-none\" href=\"https:\/\/comunidad.comprasdominicana.gob.do\/\/Public\/Tendering\/OpportunityDetail\/Index?noticeUID=DO1.NTC.995131\" target=\"_blank\" title=\"Detalles\"><i class=\"fas fa-2x fa-link\"><\/i><\/a><\/div><\/div><\/div><div class=\"jumbotron archivos\"><div class=\"row align-items-center\"><div class=\"col\"><h6><a class=\"text-dark\" href=\"https:\/\/comunidad.comprasdominicana.gob.do\/\/Public\/Tendering\/OpportunityDetail\/Index?noticeUID=DO1.NTC.994233\" title=\"Ver\" target=\"_blank\">INESPRE-UC-CD-2021-0113<\/a><\/h6><p class=\"mb-0 bold\">Servicio de Catering para Taller de Inducci\u00f3n a la Administraci\u00f3n Publica<\/p><p class=\"mb-0\" style=\"font-size: .85rem\"><strong title=\"Estado del Proceso\"><i class=\"fas fa-spinner\"><\/i><\/strong> Proceso adjudicado y celebrado<\/p><p class=\"mb-0\" style=\"font-size: .85rem\"><strong title=\"Fecha de Publicaci\u00f3n\"><i class=\"fas fa-calendar-alt\"><\/i><\/strong> Publicado el mi\u00e9rcoles, 3 de noviembre de 2021<\/p><\/div><div class=\"col-auto mt-md-0 mt-2\"><a class=\"btn btn-primary btn-lg px-lg-4 d-none d-md-block\" href=\"https:\/\/comunidad.comprasdominicana.gob.do\/\/Public\/Tendering\/OpportunityDetail\/Index?noticeUID=DO1.NTC.994233\" target=\"_blank\" title=\"Detalles\"><i class=\"fas fa-link\"><\/i> DETALLES<\/a><a class=\"btn btn-primary btn-lg px-lg-4 d-block d-md-none\" href=\"https:\/\/comunidad.comprasdominicana.gob.do\/\/Public\/Tendering\/OpportunityDetail\/Index?noticeUID=DO1.NTC.994233\" target=\"_blank\" title=\"Detalles\"><i class=\"fas fa-2x fa-link\"><\/i><\/a><\/div><\/div><\/div><div class=\"jumbotron archivos\"><div class=\"row align-items-center\"><div class=\"col\"><h6><a class=\"text-dark\" href=\"https:\/\/comunidad.comprasdominicana.gob.do\/\/Public\/Tendering\/OpportunityDetail\/Index?noticeUID=DO1.NTC.994638\" title=\"Ver\" target=\"_blank\">INESPRE-UC-CD-2021-0110<\/a><\/h6><p class=\"mb-0 bold\">Adquisici\u00f3n de Sellos Gomigrafos Pretintados<\/p><p class=\"mb-0\" style=\"font-size: .85rem\"><strong title=\"Estado del Proceso\"><i class=\"fas fa-spinner\"><\/i><\/strong> Proceso adjudicado y celebrado<\/p><p class=\"mb-0\" style=\"font-size: .85rem\"><strong title=\"Fecha de Publicaci\u00f3n\"><i class=\"fas fa-calendar-alt\"><\/i><\/strong> Publicado el mi\u00e9rcoles, 3 de noviembre de 2021<\/p><\/div><div class=\"col-auto mt-md-0 mt-2\"><a class=\"btn btn-primary btn-lg px-lg-4 d-none d-md-block\" href=\"https:\/\/comunidad.comprasdominicana.gob.do\/\/Public\/Tendering\/OpportunityDetail\/Index?noticeUID=DO1.NTC.994638\" target=\"_blank\" title=\"Detalles\"><i class=\"fas fa-link\"><\/i> DETALLES<\/a><a class=\"btn btn-primary btn-lg px-lg-4 d-block d-md-none\" href=\"https:\/\/comunidad.comprasdominicana.gob.do\/\/Public\/Tendering\/OpportunityDetail\/Index?noticeUID=DO1.NTC.994638\" target=\"_blank\" title=\"Detalles\"><i class=\"fas fa-2x fa-link\"><\/i><\/a><\/div><\/div><\/div><div class=\"jumbotron archivos\"><div class=\"row align-items-center\"><div class=\"col\"><h6><a class=\"text-dark\" href=\"https:\/\/comunidad.comprasdominicana.gob.do\/\/Public\/Tendering\/OpportunityDetail\/Index?noticeUID=DO1.NTC.992928\" title=\"Ver\" target=\"_blank\">INESPRE-UC-CD-2021-0112<\/a><\/h6><p class=\"mb-0 bold\">Servicio de Publicaci\u00f3n en dos (02) Peri\u00f3dicos de circulaci\u00f3n Nacional para el Procedimiento de Urgencia de referencia: INESPRE-MAE-PEUR-2021-0004<\/p><p class=\"mb-0\" style=\"font-size: .85rem\"><strong title=\"Estado del Proceso\"><i class=\"fas fa-spinner\"><\/i><\/strong> Proceso adjudicado y celebrado<\/p><p class=\"mb-0\" style=\"font-size: .85rem\"><strong title=\"Fecha de Publicaci\u00f3n\"><i class=\"fas fa-calendar-alt\"><\/i><\/strong> Publicado el lunes, 1 de noviembre de 2021<\/p><\/div><div class=\"col-auto mt-md-0 mt-2\"><a class=\"btn btn-primary btn-lg px-lg-4 d-none d-md-block\" href=\"https:\/\/comunidad.comprasdominicana.gob.do\/\/Public\/Tendering\/OpportunityDetail\/Index?noticeUID=DO1.NTC.992928\" target=\"_blank\" title=\"Detalles\"><i class=\"fas fa-link\"><\/i> DETALLES<\/a><a class=\"btn btn-primary btn-lg px-lg-4 d-block d-md-none\" href=\"https:\/\/comunidad.comprasdominicana.gob.do\/\/Public\/Tendering\/OpportunityDetail\/Index?noticeUID=DO1.NTC.992928\" target=\"_blank\" title=\"Detalles\"><i class=\"fas fa-2x fa-link\"><\/i><\/a><\/div><\/div><\/div><\/div><\/div><\/div>\n        <div class=\"card\">\n            <div class=\"card-header parents\" id=\"heading_compras-por-debajo-del-umbral-69f73f7454400-2021-69f73f7454400-octubre-69f73f7454400\">\n                <p class=\"title text-blue mb-0\">\n                    <a class=\"btn-block hover text-left collapsed\" data-toggle=\"collapse\" data-target=\"#collap_compras-por-debajo-del-umbral-69f73f7454400-2021-69f73f7454400-octubre-69f73f7454400\" aria-expanded=\"false\" aria-controls=\"collap_compras-por-debajo-del-umbral-69f73f7454400-2021-69f73f7454400-octubre-69f73f7454400\">Octubre<\/a>\n                <\/p>\n            <\/div>\n            <div id=\"collap_compras-por-debajo-del-umbral-69f73f7454400-2021-69f73f7454400-octubre-69f73f7454400\" class=\"collapse\" aria-labelledby=\"heading_compras-por-debajo-del-umbral-69f73f7454400-2021-69f73f7454400-octubre-69f73f7454400\" data-parent=\"#collap_compras-por-debajo-del-umbral-69f73f7454400-2021-69f73f7454400\">\n                <div class=\"card-body\"><div class=\"jumbotron archivos\"><div class=\"row align-items-center\"><div class=\"col\"><h6><a class=\"text-dark\" href=\"https:\/\/comunidad.comprasdominicana.gob.do\/\/Public\/Tendering\/OpportunityDetail\/Index?noticeUID=DO1.NTC.992238\" title=\"Ver\" target=\"_blank\">INESPRE-UC-CD-2021-0111<\/a><\/h6><p class=\"mb-0 bold\">Servicio de Catering para Reuni\u00f3n de Gerentes Provinciales<\/p><p class=\"mb-0\" style=\"font-size: .85rem\"><strong title=\"Estado del Proceso\"><i class=\"fas fa-spinner\"><\/i><\/strong> Proceso adjudicado y celebrado<\/p><p class=\"mb-0\" style=\"font-size: .85rem\"><strong title=\"Fecha de Publicaci\u00f3n\"><i class=\"fas fa-calendar-alt\"><\/i><\/strong> Publicado el jueves, 28 de octubre de 2021<\/p><\/div><div class=\"col-auto mt-md-0 mt-2\"><a class=\"btn btn-primary btn-lg px-lg-4 d-none d-md-block\" href=\"https:\/\/comunidad.comprasdominicana.gob.do\/\/Public\/Tendering\/OpportunityDetail\/Index?noticeUID=DO1.NTC.992238\" target=\"_blank\" title=\"Detalles\"><i class=\"fas fa-link\"><\/i> DETALLES<\/a><a class=\"btn btn-primary btn-lg px-lg-4 d-block d-md-none\" href=\"https:\/\/comunidad.comprasdominicana.gob.do\/\/Public\/Tendering\/OpportunityDetail\/Index?noticeUID=DO1.NTC.992238\" target=\"_blank\" title=\"Detalles\"><i class=\"fas fa-2x fa-link\"><\/i><\/a><\/div><\/div><\/div><div class=\"jumbotron archivos\"><div class=\"row align-items-center\"><div class=\"col\"><h6><a class=\"text-dark\" href=\"https:\/\/comunidad.comprasdominicana.gob.do\/\/Public\/Tendering\/OpportunityDetail\/Index?noticeUID=DO1.NTC.987048\" title=\"Ver\" target=\"_blank\">INESPRE-UC-CD-2021-0109<\/a><\/h6><p class=\"mb-0 bold\">Servicio de Picadera para Reuni\u00f3n de Auditoria a la Carta Compromiso<\/p><p class=\"mb-0\" style=\"font-size: .85rem\"><strong title=\"Estado del Proceso\"><i class=\"fas fa-spinner\"><\/i><\/strong> Proceso adjudicado y celebrado<\/p><p class=\"mb-0\" style=\"font-size: .85rem\"><strong title=\"Fecha de Publicaci\u00f3n\"><i class=\"fas fa-calendar-alt\"><\/i><\/strong> Publicado el mi\u00e9rcoles, 20 de octubre de 2021<\/p><\/div><div class=\"col-auto mt-md-0 mt-2\"><a class=\"btn btn-primary btn-lg px-lg-4 d-none d-md-block\" href=\"https:\/\/comunidad.comprasdominicana.gob.do\/\/Public\/Tendering\/OpportunityDetail\/Index?noticeUID=DO1.NTC.987048\" target=\"_blank\" title=\"Detalles\"><i class=\"fas fa-link\"><\/i> DETALLES<\/a><a class=\"btn btn-primary btn-lg px-lg-4 d-block d-md-none\" href=\"https:\/\/comunidad.comprasdominicana.gob.do\/\/Public\/Tendering\/OpportunityDetail\/Index?noticeUID=DO1.NTC.987048\" target=\"_blank\" title=\"Detalles\"><i class=\"fas fa-2x fa-link\"><\/i><\/a><\/div><\/div><\/div><div class=\"jumbotron archivos\"><div class=\"row align-items-center\"><div class=\"col\"><h6><a class=\"text-dark\" href=\"https:\/\/comunidad.comprasdominicana.gob.do\/\/Public\/Tendering\/OpportunityDetail\/Index?noticeUID=DO1.NTC.987231\" title=\"Ver\" target=\"_blank\">INESPRE-UC-CD-2021-0108<\/a><\/h6><p class=\"mb-0 bold\">Servicio de Catering y Contrataci\u00f3n de Sal\u00f3n para Taller de Capacitaci\u00f3n.<\/p><p class=\"mb-0\" style=\"font-size: .85rem\"><strong title=\"Estado del Proceso\"><i class=\"fas fa-spinner\"><\/i><\/strong> Proceso adjudicado y celebrado<\/p><p class=\"mb-0\" style=\"font-size: .85rem\"><strong title=\"Fecha de Publicaci\u00f3n\"><i class=\"fas fa-calendar-alt\"><\/i><\/strong> Publicado el mi\u00e9rcoles, 20 de octubre de 2021<\/p><\/div><div class=\"col-auto mt-md-0 mt-2\"><a class=\"btn btn-primary btn-lg px-lg-4 d-none d-md-block\" href=\"https:\/\/comunidad.comprasdominicana.gob.do\/\/Public\/Tendering\/OpportunityDetail\/Index?noticeUID=DO1.NTC.987231\" target=\"_blank\" title=\"Detalles\"><i class=\"fas fa-link\"><\/i> DETALLES<\/a><a class=\"btn btn-primary btn-lg px-lg-4 d-block d-md-none\" href=\"https:\/\/comunidad.comprasdominicana.gob.do\/\/Public\/Tendering\/OpportunityDetail\/Index?noticeUID=DO1.NTC.987231\" target=\"_blank\" title=\"Detalles\"><i class=\"fas fa-2x fa-link\"><\/i><\/a><\/div><\/div><\/div><div class=\"jumbotron archivos\"><div class=\"row align-items-center\"><div class=\"col\"><h6><a class=\"text-dark\" href=\"https:\/\/comunidad.comprasdominicana.gob.do\/\/Public\/Tendering\/OpportunityDetail\/Index?noticeUID=DO1.NTC.983942\" title=\"Ver\" target=\"_blank\">INESPRE-UC-CD-2021-0106<\/a><\/h6><p class=\"mb-0 bold\">Adquisici\u00f3n de Agua Embotellada<\/p><p class=\"mb-0\" style=\"font-size: .85rem\"><strong title=\"Estado del Proceso\"><i class=\"fas fa-spinner\"><\/i><\/strong> Proceso adjudicado y celebrado<\/p><p class=\"mb-0\" style=\"font-size: .85rem\"><strong title=\"Fecha de Publicaci\u00f3n\"><i class=\"fas fa-calendar-alt\"><\/i><\/strong> Publicado el mi\u00e9rcoles, 13 de octubre de 2021<\/p><\/div><div class=\"col-auto mt-md-0 mt-2\"><a class=\"btn btn-primary btn-lg px-lg-4 d-none d-md-block\" href=\"https:\/\/comunidad.comprasdominicana.gob.do\/\/Public\/Tendering\/OpportunityDetail\/Index?noticeUID=DO1.NTC.983942\" target=\"_blank\" title=\"Detalles\"><i class=\"fas fa-link\"><\/i> DETALLES<\/a><a class=\"btn btn-primary btn-lg px-lg-4 d-block d-md-none\" href=\"https:\/\/comunidad.comprasdominicana.gob.do\/\/Public\/Tendering\/OpportunityDetail\/Index?noticeUID=DO1.NTC.983942\" target=\"_blank\" title=\"Detalles\"><i class=\"fas fa-2x fa-link\"><\/i><\/a><\/div><\/div><\/div><div class=\"jumbotron archivos\"><div class=\"row align-items-center\"><div class=\"col\"><h6><a class=\"text-dark\" href=\"https:\/\/comunidad.comprasdominicana.gob.do\/\/Public\/Tendering\/OpportunityDetail\/Index?noticeUID=DO1.NTC.984327\" title=\"Ver\" target=\"_blank\">INESPRE-UC-CD-2021-0107<\/a><\/h6><p class=\"mb-0 bold\">Adquisici\u00f3n de Valijas<\/p><p class=\"mb-0\" style=\"font-size: .85rem\"><strong title=\"Estado del Proceso\"><i class=\"fas fa-spinner\"><\/i><\/strong> Proceso adjudicado y celebrado<\/p><p class=\"mb-0\" style=\"font-size: .85rem\"><strong title=\"Fecha de Publicaci\u00f3n\"><i class=\"fas fa-calendar-alt\"><\/i><\/strong> Publicado el mi\u00e9rcoles, 13 de octubre de 2021<\/p><\/div><div class=\"col-auto mt-md-0 mt-2\"><a class=\"btn btn-primary btn-lg px-lg-4 d-none d-md-block\" href=\"https:\/\/comunidad.comprasdominicana.gob.do\/\/Public\/Tendering\/OpportunityDetail\/Index?noticeUID=DO1.NTC.984327\" target=\"_blank\" title=\"Detalles\"><i class=\"fas fa-link\"><\/i> DETALLES<\/a><a class=\"btn btn-primary btn-lg px-lg-4 d-block d-md-none\" href=\"https:\/\/comunidad.comprasdominicana.gob.do\/\/Public\/Tendering\/OpportunityDetail\/Index?noticeUID=DO1.NTC.984327\" target=\"_blank\" title=\"Detalles\"><i class=\"fas fa-2x fa-link\"><\/i><\/a><\/div><\/div><\/div><div class=\"jumbotron archivos\"><div class=\"row align-items-center\"><div class=\"col\"><h6><a class=\"text-dark\" href=\"https:\/\/comunidad.comprasdominicana.gob.do\/\/Public\/Tendering\/OpportunityDetail\/Index?noticeUID=DO1.NTC.983623\" title=\"Ver\" target=\"_blank\">INESPRE-UC-CD-2021-0105<\/a><\/h6><p class=\"mb-0 bold\">Adquisici\u00f3n Productos para el control de plagas<\/p><p class=\"mb-0\" style=\"font-size: .85rem\"><strong title=\"Estado del Proceso\"><i class=\"fas fa-spinner\"><\/i><\/strong> Proceso adjudicado y celebrado<\/p><p class=\"mb-0\" style=\"font-size: .85rem\"><strong title=\"Fecha de Publicaci\u00f3n\"><i class=\"fas fa-calendar-alt\"><\/i><\/strong> Publicado el martes, 12 de octubre de 2021<\/p><\/div><div class=\"col-auto mt-md-0 mt-2\"><a class=\"btn btn-primary btn-lg px-lg-4 d-none d-md-block\" href=\"https:\/\/comunidad.comprasdominicana.gob.do\/\/Public\/Tendering\/OpportunityDetail\/Index?noticeUID=DO1.NTC.983623\" target=\"_blank\" title=\"Detalles\"><i class=\"fas fa-link\"><\/i> DETALLES<\/a><a class=\"btn btn-primary btn-lg px-lg-4 d-block d-md-none\" href=\"https:\/\/comunidad.comprasdominicana.gob.do\/\/Public\/Tendering\/OpportunityDetail\/Index?noticeUID=DO1.NTC.983623\" target=\"_blank\" title=\"Detalles\"><i class=\"fas fa-2x fa-link\"><\/i><\/a><\/div><\/div><\/div><div class=\"jumbotron archivos\"><div class=\"row align-items-center\"><div class=\"col\"><h6><a class=\"text-dark\" href=\"https:\/\/comunidad.comprasdominicana.gob.do\/\/Public\/Tendering\/OpportunityDetail\/Index?noticeUID=DO1.NTC.983620\" title=\"Ver\" target=\"_blank\">INESPRE-UC-CD-2021-0104<\/a><\/h6><p class=\"mb-0 bold\">Adquisici\u00f3n de Manteles<\/p><p class=\"mb-0\" style=\"font-size: .85rem\"><strong title=\"Estado del Proceso\"><i class=\"fas fa-spinner\"><\/i><\/strong> Proceso adjudicado y celebrado<\/p><p class=\"mb-0\" style=\"font-size: .85rem\"><strong title=\"Fecha de Publicaci\u00f3n\"><i class=\"fas fa-calendar-alt\"><\/i><\/strong> Publicado el martes, 12 de octubre de 2021<\/p><\/div><div class=\"col-auto mt-md-0 mt-2\"><a class=\"btn btn-primary btn-lg px-lg-4 d-none d-md-block\" href=\"https:\/\/comunidad.comprasdominicana.gob.do\/\/Public\/Tendering\/OpportunityDetail\/Index?noticeUID=DO1.NTC.983620\" target=\"_blank\" title=\"Detalles\"><i class=\"fas fa-link\"><\/i> DETALLES<\/a><a class=\"btn btn-primary btn-lg px-lg-4 d-block d-md-none\" href=\"https:\/\/comunidad.comprasdominicana.gob.do\/\/Public\/Tendering\/OpportunityDetail\/Index?noticeUID=DO1.NTC.983620\" target=\"_blank\" title=\"Detalles\"><i class=\"fas fa-2x fa-link\"><\/i><\/a><\/div><\/div><\/div><div class=\"jumbotron archivos\"><div class=\"row align-items-center\"><div class=\"col\"><h6><a class=\"text-dark\" href=\"https:\/\/comunidad.comprasdominicana.gob.do\/\/Public\/Tendering\/OpportunityDetail\/Index?noticeUID=DO1.NTC.981506\" title=\"Ver\" target=\"_blank\">INESPRE-UC-CD-2021-0103<\/a><\/h6><p class=\"mb-0 bold\">Adquisici\u00f3n de Material de Envoltorio<\/p><p class=\"mb-0\" style=\"font-size: .85rem\"><strong title=\"Estado del Proceso\"><i class=\"fas fa-spinner\"><\/i><\/strong> Proceso adjudicado y celebrado<\/p><p class=\"mb-0\" style=\"font-size: .85rem\"><strong title=\"Fecha de Publicaci\u00f3n\"><i class=\"fas fa-calendar-alt\"><\/i><\/strong> Publicado el jueves, 7 de octubre de 2021<\/p><\/div><div class=\"col-auto mt-md-0 mt-2\"><a class=\"btn btn-primary btn-lg px-lg-4 d-none d-md-block\" href=\"https:\/\/comunidad.comprasdominicana.gob.do\/\/Public\/Tendering\/OpportunityDetail\/Index?noticeUID=DO1.NTC.981506\" target=\"_blank\" title=\"Detalles\"><i class=\"fas fa-link\"><\/i> DETALLES<\/a><a class=\"btn btn-primary btn-lg px-lg-4 d-block d-md-none\" href=\"https:\/\/comunidad.comprasdominicana.gob.do\/\/Public\/Tendering\/OpportunityDetail\/Index?noticeUID=DO1.NTC.981506\" target=\"_blank\" title=\"Detalles\"><i class=\"fas fa-2x fa-link\"><\/i><\/a><\/div><\/div><\/div><div class=\"jumbotron archivos\"><div class=\"row align-items-center\"><div class=\"col\"><h6><a class=\"text-dark\" href=\"https:\/\/comunidad.comprasdominicana.gob.do\/\/Public\/Tendering\/OpportunityDetail\/Index?noticeUID=DO1.NTC.981806\" title=\"Ver\" target=\"_blank\">INESPRE-UC-CD-2021-0102<\/a><\/h6><p class=\"mb-0 bold\">Adquisici\u00f3n de Art\u00edculos de Empaque<\/p><p class=\"mb-0\" style=\"font-size: .85rem\"><strong title=\"Estado del Proceso\"><i class=\"fas fa-spinner\"><\/i><\/strong> Proceso adjudicado y celebrado<\/p><p class=\"mb-0\" style=\"font-size: .85rem\"><strong title=\"Fecha de Publicaci\u00f3n\"><i class=\"fas fa-calendar-alt\"><\/i><\/strong> Publicado el jueves, 7 de octubre de 2021<\/p><\/div><div class=\"col-auto mt-md-0 mt-2\"><a class=\"btn btn-primary btn-lg px-lg-4 d-none d-md-block\" href=\"https:\/\/comunidad.comprasdominicana.gob.do\/\/Public\/Tendering\/OpportunityDetail\/Index?noticeUID=DO1.NTC.981806\" target=\"_blank\" title=\"Detalles\"><i class=\"fas fa-link\"><\/i> DETALLES<\/a><a class=\"btn btn-primary btn-lg px-lg-4 d-block d-md-none\" href=\"https:\/\/comunidad.comprasdominicana.gob.do\/\/Public\/Tendering\/OpportunityDetail\/Index?noticeUID=DO1.NTC.981806\" target=\"_blank\" title=\"Detalles\"><i class=\"fas fa-2x fa-link\"><\/i><\/a><\/div><\/div><\/div><\/div><\/div><\/div>\n        <div class=\"card\">\n            <div class=\"card-header parents\" id=\"heading_compras-por-debajo-del-umbral-69f73f7454400-2021-69f73f7454400-septiembre-69f73f7454400\">\n                <p class=\"title text-blue mb-0\">\n                    <a class=\"btn-block hover text-left collapsed\" data-toggle=\"collapse\" data-target=\"#collap_compras-por-debajo-del-umbral-69f73f7454400-2021-69f73f7454400-septiembre-69f73f7454400\" aria-expanded=\"false\" aria-controls=\"collap_compras-por-debajo-del-umbral-69f73f7454400-2021-69f73f7454400-septiembre-69f73f7454400\">Septiembre<\/a>\n                <\/p>\n            <\/div>\n            <div id=\"collap_compras-por-debajo-del-umbral-69f73f7454400-2021-69f73f7454400-septiembre-69f73f7454400\" class=\"collapse\" aria-labelledby=\"heading_compras-por-debajo-del-umbral-69f73f7454400-2021-69f73f7454400-septiembre-69f73f7454400\" data-parent=\"#collap_compras-por-debajo-del-umbral-69f73f7454400-2021-69f73f7454400\">\n                <div class=\"card-body\"><div class=\"jumbotron archivos\"><div class=\"row align-items-center\"><div class=\"col\"><h6><a class=\"text-dark\" href=\"https:\/\/comunidad.comprasdominicana.gob.do\/\/Public\/Tendering\/OpportunityDetail\/Index?noticeUID=DO1.NTC.976804\" title=\"Ver\" target=\"_blank\">INESPRE-UC-CD-2021-0099<\/a><\/h6><p class=\"mb-0 bold\">Adquisici\u00f3n de Materiales para Verja Perimetral<\/p><p class=\"mb-0\" style=\"font-size: .85rem\"><strong title=\"Estado del Proceso\"><i class=\"fas fa-spinner\"><\/i><\/strong> Proceso adjudicado y celebrado<\/p><p class=\"mb-0\" style=\"font-size: .85rem\"><strong title=\"Fecha de Publicaci\u00f3n\"><i class=\"fas fa-calendar-alt\"><\/i><\/strong> Publicado el martes, 28 de septiembre de 2021<\/p><\/div><div class=\"col-auto mt-md-0 mt-2\"><a class=\"btn btn-primary btn-lg px-lg-4 d-none d-md-block\" href=\"https:\/\/comunidad.comprasdominicana.gob.do\/\/Public\/Tendering\/OpportunityDetail\/Index?noticeUID=DO1.NTC.976804\" target=\"_blank\" title=\"Detalles\"><i class=\"fas fa-link\"><\/i> DETALLES<\/a><a class=\"btn btn-primary btn-lg px-lg-4 d-block d-md-none\" href=\"https:\/\/comunidad.comprasdominicana.gob.do\/\/Public\/Tendering\/OpportunityDetail\/Index?noticeUID=DO1.NTC.976804\" target=\"_blank\" title=\"Detalles\"><i class=\"fas fa-2x fa-link\"><\/i><\/a><\/div><\/div><\/div><div class=\"jumbotron archivos\"><div class=\"row align-items-center\"><div class=\"col\"><h6><a class=\"text-dark\" href=\"https:\/\/comunidad.comprasdominicana.gob.do\/\/Public\/Tendering\/OpportunityDetail\/Index?noticeUID=DO1.NTC.976336\" title=\"Ver\" target=\"_blank\">INESPRE-UC-CD-2021-0100<\/a><\/h6><p class=\"mb-0 bold\">Adquisici\u00f3n de Banderas Nacionales e Institucionales<\/p><p class=\"mb-0\" style=\"font-size: .85rem\"><strong title=\"Estado del Proceso\"><i class=\"fas fa-spinner\"><\/i><\/strong> Proceso adjudicado y celebrado<\/p><p class=\"mb-0\" style=\"font-size: .85rem\"><strong title=\"Fecha de Publicaci\u00f3n\"><i class=\"fas fa-calendar-alt\"><\/i><\/strong> Publicado el lunes, 27 de septiembre de 2021<\/p><\/div><div class=\"col-auto mt-md-0 mt-2\"><a class=\"btn btn-primary btn-lg px-lg-4 d-none d-md-block\" href=\"https:\/\/comunidad.comprasdominicana.gob.do\/\/Public\/Tendering\/OpportunityDetail\/Index?noticeUID=DO1.NTC.976336\" target=\"_blank\" title=\"Detalles\"><i class=\"fas fa-link\"><\/i> DETALLES<\/a><a class=\"btn btn-primary btn-lg px-lg-4 d-block d-md-none\" href=\"https:\/\/comunidad.comprasdominicana.gob.do\/\/Public\/Tendering\/OpportunityDetail\/Index?noticeUID=DO1.NTC.976336\" target=\"_blank\" title=\"Detalles\"><i class=\"fas fa-2x fa-link\"><\/i><\/a><\/div><\/div><\/div><div class=\"jumbotron archivos\"><div class=\"row align-items-center\"><div class=\"col\"><h6><a class=\"text-dark\" href=\"https:\/\/comunidad.comprasdominicana.gob.do\/\/Public\/Tendering\/OpportunityDetail\/Index?noticeUID=DO1.NTC.974954\" title=\"Ver\" target=\"_blank\">INESPRE-UC-CD-2021-0101<\/a><\/h6><p class=\"mb-0 bold\">Servicio de Catering para firma de Convenio<\/p><p class=\"mb-0\" style=\"font-size: .85rem\"><strong title=\"Estado del Proceso\"><i class=\"fas fa-spinner\"><\/i><\/strong> Proceso adjudicado y celebrado<\/p><p class=\"mb-0\" style=\"font-size: .85rem\"><strong title=\"Fecha de Publicaci\u00f3n\"><i class=\"fas fa-calendar-alt\"><\/i><\/strong> Publicado el mi\u00e9rcoles, 22 de septiembre de 2021<\/p><\/div><div class=\"col-auto mt-md-0 mt-2\"><a class=\"btn btn-primary btn-lg px-lg-4 d-none d-md-block\" href=\"https:\/\/comunidad.comprasdominicana.gob.do\/\/Public\/Tendering\/OpportunityDetail\/Index?noticeUID=DO1.NTC.974954\" target=\"_blank\" title=\"Detalles\"><i class=\"fas fa-link\"><\/i> DETALLES<\/a><a class=\"btn btn-primary btn-lg px-lg-4 d-block d-md-none\" href=\"https:\/\/comunidad.comprasdominicana.gob.do\/\/Public\/Tendering\/OpportunityDetail\/Index?noticeUID=DO1.NTC.974954\" target=\"_blank\" title=\"Detalles\"><i class=\"fas fa-2x fa-link\"><\/i><\/a><\/div><\/div><\/div><div class=\"jumbotron archivos\"><div class=\"row align-items-center\"><div class=\"col\"><h6><a class=\"text-dark\" href=\"https:\/\/comunidad.comprasdominicana.gob.do\/\/Public\/Tendering\/OpportunityDetail\/Index?noticeUID=DO1.NTC.975119\" title=\"Ver\" target=\"_blank\">INESPRE-UC-CD-2021-0098<\/a><\/h6><p class=\"mb-0 bold\">Servicio de Publicaci\u00f3n en Dos (02) Peri\u00f3dicos de circulaci\u00f3n Nacional para el Proceso de Licitaci\u00f3n P\u00fablica Nacional de referencia: INESPRE:CCC-LPN-2021-0003<\/p><p class=\"mb-0\" style=\"font-size: .85rem\"><strong title=\"Estado del Proceso\"><i class=\"fas fa-spinner\"><\/i><\/strong> Proceso adjudicado y celebrado<\/p><p class=\"mb-0\" style=\"font-size: .85rem\"><strong title=\"Fecha de Publicaci\u00f3n\"><i class=\"fas fa-calendar-alt\"><\/i><\/strong> Publicado el mi\u00e9rcoles, 22 de septiembre de 2021<\/p><\/div><div class=\"col-auto mt-md-0 mt-2\"><a class=\"btn btn-primary btn-lg px-lg-4 d-none d-md-block\" href=\"https:\/\/comunidad.comprasdominicana.gob.do\/\/Public\/Tendering\/OpportunityDetail\/Index?noticeUID=DO1.NTC.975119\" target=\"_blank\" title=\"Detalles\"><i class=\"fas fa-link\"><\/i> DETALLES<\/a><a class=\"btn btn-primary btn-lg px-lg-4 d-block d-md-none\" href=\"https:\/\/comunidad.comprasdominicana.gob.do\/\/Public\/Tendering\/OpportunityDetail\/Index?noticeUID=DO1.NTC.975119\" target=\"_blank\" title=\"Detalles\"><i class=\"fas fa-2x fa-link\"><\/i><\/a><\/div><\/div><\/div><div class=\"jumbotron archivos\"><div class=\"row align-items-center\"><div class=\"col\"><h6><a class=\"text-dark\" href=\"https:\/\/comunidad.comprasdominicana.gob.do\/\/Public\/Tendering\/OpportunityDetail\/Index?noticeUID=DO1.NTC.975031\" title=\"Ver\" target=\"_blank\">INESPRE-UC-CD-2021-0097<\/a><\/h6><p class=\"mb-0 bold\">Servicio de Publicaci\u00f3n en Dos (02) Peri\u00f3dicos de circulaci\u00f3n Nacional para el Proceso de Licitaci\u00f3n P\u00fablica Nacional de referencia: INESPRE-MAE-PEUR-2021-0003<\/p><p class=\"mb-0\" style=\"font-size: .85rem\"><strong title=\"Estado del Proceso\"><i class=\"fas fa-spinner\"><\/i><\/strong> Proceso adjudicado y celebrado<\/p><p class=\"mb-0\" style=\"font-size: .85rem\"><strong title=\"Fecha de Publicaci\u00f3n\"><i class=\"fas fa-calendar-alt\"><\/i><\/strong> Publicado el mi\u00e9rcoles, 22 de septiembre de 2021<\/p><\/div><div class=\"col-auto mt-md-0 mt-2\"><a class=\"btn btn-primary btn-lg px-lg-4 d-none d-md-block\" href=\"https:\/\/comunidad.comprasdominicana.gob.do\/\/Public\/Tendering\/OpportunityDetail\/Index?noticeUID=DO1.NTC.975031\" target=\"_blank\" title=\"Detalles\"><i class=\"fas fa-link\"><\/i> DETALLES<\/a><a class=\"btn btn-primary btn-lg px-lg-4 d-block d-md-none\" href=\"https:\/\/comunidad.comprasdominicana.gob.do\/\/Public\/Tendering\/OpportunityDetail\/Index?noticeUID=DO1.NTC.975031\" target=\"_blank\" title=\"Detalles\"><i class=\"fas fa-2x fa-link\"><\/i><\/a><\/div><\/div><\/div><div class=\"jumbotron archivos\"><div class=\"row align-items-center\"><div class=\"col\"><h6><a class=\"text-dark\" href=\"https:\/\/comunidad.comprasdominicana.gob.do\/\/Public\/Tendering\/OpportunityDetail\/Index?noticeUID=DO1.NTC.971320\" title=\"Ver\" target=\"_blank\">INESPRE-UC-CD-2021-0096<\/a><\/h6><p class=\"mb-0 bold\">Servicio de Catering para Reuni\u00f3n Institucional<\/p><p class=\"mb-0\" style=\"font-size: .85rem\"><strong title=\"Estado del Proceso\"><i class=\"fas fa-spinner\"><\/i><\/strong> Proceso adjudicado y celebrado<\/p><p class=\"mb-0\" style=\"font-size: .85rem\"><strong title=\"Fecha de Publicaci\u00f3n\"><i class=\"fas fa-calendar-alt\"><\/i><\/strong> Publicado el jueves, 16 de septiembre de 2021<\/p><\/div><div class=\"col-auto mt-md-0 mt-2\"><a class=\"btn btn-primary btn-lg px-lg-4 d-none d-md-block\" href=\"https:\/\/comunidad.comprasdominicana.gob.do\/\/Public\/Tendering\/OpportunityDetail\/Index?noticeUID=DO1.NTC.971320\" target=\"_blank\" title=\"Detalles\"><i class=\"fas fa-link\"><\/i> DETALLES<\/a><a class=\"btn btn-primary btn-lg px-lg-4 d-block d-md-none\" href=\"https:\/\/comunidad.comprasdominicana.gob.do\/\/Public\/Tendering\/OpportunityDetail\/Index?noticeUID=DO1.NTC.971320\" target=\"_blank\" title=\"Detalles\"><i class=\"fas fa-2x fa-link\"><\/i><\/a><\/div><\/div><\/div><div class=\"jumbotron archivos\"><div class=\"row align-items-center\"><div class=\"col\"><h6><a class=\"text-dark\" href=\"https:\/\/comunidad.comprasdominicana.gob.do\/\/Public\/Tendering\/OpportunityDetail\/Index?noticeUID=DO1.NTC.969710\" title=\"Ver\" target=\"_blank\">INESPRE-UC-CD-2021-0095<\/a><\/h6><p class=\"mb-0 bold\">Servicio de Publicaci\u00f3n en dos (02) Peri\u00f3dicos de circulaci\u00f3n Nacional para el Proceso de Licitaci\u00f3n P\u00fablica Nacional de referencia: INESPRE-CCC-LPN-2021-0002<\/p><p class=\"mb-0\" style=\"font-size: .85rem\"><strong title=\"Estado del Proceso\"><i class=\"fas fa-spinner\"><\/i><\/strong> Proceso adjudicado y celebrado<\/p><p class=\"mb-0\" style=\"font-size: .85rem\"><strong title=\"Fecha de Publicaci\u00f3n\"><i class=\"fas fa-calendar-alt\"><\/i><\/strong> Publicado el lunes, 13 de septiembre de 2021<\/p><\/div><div class=\"col-auto mt-md-0 mt-2\"><a class=\"btn btn-primary btn-lg px-lg-4 d-none d-md-block\" href=\"https:\/\/comunidad.comprasdominicana.gob.do\/\/Public\/Tendering\/OpportunityDetail\/Index?noticeUID=DO1.NTC.969710\" target=\"_blank\" title=\"Detalles\"><i class=\"fas fa-link\"><\/i> DETALLES<\/a><a class=\"btn btn-primary btn-lg px-lg-4 d-block d-md-none\" href=\"https:\/\/comunidad.comprasdominicana.gob.do\/\/Public\/Tendering\/OpportunityDetail\/Index?noticeUID=DO1.NTC.969710\" target=\"_blank\" title=\"Detalles\"><i class=\"fas fa-2x fa-link\"><\/i><\/a><\/div><\/div><\/div><div class=\"jumbotron archivos\"><div class=\"row align-items-center\"><div class=\"col\"><h6><a class=\"text-dark\" href=\"https:\/\/comunidad.comprasdominicana.gob.do\/\/Public\/Tendering\/OpportunityDetail\/Index?noticeUID=DO1.NTC.968224\" title=\"Ver\" target=\"_blank\">INESPRE-UC-CD-2021-0094<\/a><\/h6><p class=\"mb-0 bold\">Adquisici\u00f3n de Bombas Mochilas<\/p><p class=\"mb-0\" style=\"font-size: .85rem\"><strong title=\"Estado del Proceso\"><i class=\"fas fa-spinner\"><\/i><\/strong> Proceso adjudicado y celebrado<\/p><p class=\"mb-0\" style=\"font-size: .85rem\"><strong title=\"Fecha de Publicaci\u00f3n\"><i class=\"fas fa-calendar-alt\"><\/i><\/strong> Publicado el jueves, 9 de septiembre de 2021<\/p><\/div><div class=\"col-auto mt-md-0 mt-2\"><a class=\"btn btn-primary btn-lg px-lg-4 d-none d-md-block\" href=\"https:\/\/comunidad.comprasdominicana.gob.do\/\/Public\/Tendering\/OpportunityDetail\/Index?noticeUID=DO1.NTC.968224\" target=\"_blank\" title=\"Detalles\"><i class=\"fas fa-link\"><\/i> DETALLES<\/a><a class=\"btn btn-primary btn-lg px-lg-4 d-block d-md-none\" href=\"https:\/\/comunidad.comprasdominicana.gob.do\/\/Public\/Tendering\/OpportunityDetail\/Index?noticeUID=DO1.NTC.968224\" target=\"_blank\" title=\"Detalles\"><i class=\"fas fa-2x fa-link\"><\/i><\/a><\/div><\/div><\/div><div class=\"jumbotron archivos\"><div class=\"row align-items-center\"><div class=\"col\"><h6><a class=\"text-dark\" href=\"https:\/\/comunidad.comprasdominicana.gob.do\/\/Public\/Tendering\/OpportunityDetail\/Index?noticeUID=DO1.NTC.967717\" title=\"Ver\" target=\"_blank\">INESPRE-UC-CD-2021-0093<\/a><\/h6><p class=\"mb-0 bold\">Adquisici\u00f3n de L\u00e1mparas Led<\/p><p class=\"mb-0\" style=\"font-size: .85rem\"><strong title=\"Estado del Proceso\"><i class=\"fas fa-spinner\"><\/i><\/strong> Proceso adjudicado y celebrado<\/p><p class=\"mb-0\" style=\"font-size: .85rem\"><strong title=\"Fecha de Publicaci\u00f3n\"><i class=\"fas fa-calendar-alt\"><\/i><\/strong> Publicado el mi\u00e9rcoles, 8 de septiembre de 2021<\/p><\/div><div class=\"col-auto mt-md-0 mt-2\"><a class=\"btn btn-primary btn-lg px-lg-4 d-none d-md-block\" href=\"https:\/\/comunidad.comprasdominicana.gob.do\/\/Public\/Tendering\/OpportunityDetail\/Index?noticeUID=DO1.NTC.967717\" target=\"_blank\" title=\"Detalles\"><i class=\"fas fa-link\"><\/i> DETALLES<\/a><a class=\"btn btn-primary btn-lg px-lg-4 d-block d-md-none\" href=\"https:\/\/comunidad.comprasdominicana.gob.do\/\/Public\/Tendering\/OpportunityDetail\/Index?noticeUID=DO1.NTC.967717\" target=\"_blank\" title=\"Detalles\"><i class=\"fas fa-2x fa-link\"><\/i><\/a><\/div><\/div><\/div><div class=\"jumbotron archivos\"><div class=\"row align-items-center\"><div class=\"col\"><h6><a class=\"text-dark\" href=\"https:\/\/comunidad.comprasdominicana.gob.do\/\/Public\/Tendering\/OpportunityDetail\/Index?noticeUID=DO1.NTC.968116\" title=\"Ver\" target=\"_blank\">INESPRE-UC-CD-2021-0092<\/a><\/h6><p class=\"mb-0 bold\">Adquisici\u00f3n de Talonarios<\/p><p class=\"mb-0\" style=\"font-size: .85rem\"><strong title=\"Estado del Proceso\"><i class=\"fas fa-spinner\"><\/i><\/strong> Proceso adjudicado y celebrado<\/p><p class=\"mb-0\" style=\"font-size: .85rem\"><strong title=\"Fecha de Publicaci\u00f3n\"><i class=\"fas fa-calendar-alt\"><\/i><\/strong> Publicado el mi\u00e9rcoles, 8 de septiembre de 2021<\/p><\/div><div class=\"col-auto mt-md-0 mt-2\"><a class=\"btn btn-primary btn-lg px-lg-4 d-none d-md-block\" href=\"https:\/\/comunidad.comprasdominicana.gob.do\/\/Public\/Tendering\/OpportunityDetail\/Index?noticeUID=DO1.NTC.968116\" target=\"_blank\" title=\"Detalles\"><i class=\"fas fa-link\"><\/i> DETALLES<\/a><a class=\"btn btn-primary btn-lg px-lg-4 d-block d-md-none\" href=\"https:\/\/comunidad.comprasdominicana.gob.do\/\/Public\/Tendering\/OpportunityDetail\/Index?noticeUID=DO1.NTC.968116\" target=\"_blank\" title=\"Detalles\"><i class=\"fas fa-2x fa-link\"><\/i><\/a><\/div><\/div><\/div><div class=\"jumbotron archivos\"><div class=\"row align-items-center\"><div class=\"col\"><h6><a class=\"text-dark\" href=\"https:\/\/comunidad.comprasdominicana.gob.do\/\/Public\/Tendering\/OpportunityDetail\/Index?noticeUID=DO1.NTC.967811\" title=\"Ver\" target=\"_blank\">INESPRE-UC-CD-2021-0091<\/a><\/h6><p class=\"mb-0 bold\">Contrataci\u00f3n de Espacios para Stand en la Feria Expo Cibao 2021<\/p><p class=\"mb-0\" style=\"font-size: .85rem\"><strong title=\"Estado del Proceso\"><i class=\"fas fa-spinner\"><\/i><\/strong> Proceso adjudicado y celebrado<\/p><p class=\"mb-0\" style=\"font-size: .85rem\"><strong title=\"Fecha de Publicaci\u00f3n\"><i class=\"fas fa-calendar-alt\"><\/i><\/strong> Publicado el mi\u00e9rcoles, 8 de septiembre de 2021<\/p><\/div><div class=\"col-auto mt-md-0 mt-2\"><a class=\"btn btn-primary btn-lg px-lg-4 d-none d-md-block\" href=\"https:\/\/comunidad.comprasdominicana.gob.do\/\/Public\/Tendering\/OpportunityDetail\/Index?noticeUID=DO1.NTC.967811\" target=\"_blank\" title=\"Detalles\"><i class=\"fas fa-link\"><\/i> DETALLES<\/a><a class=\"btn btn-primary btn-lg px-lg-4 d-block d-md-none\" href=\"https:\/\/comunidad.comprasdominicana.gob.do\/\/Public\/Tendering\/OpportunityDetail\/Index?noticeUID=DO1.NTC.967811\" target=\"_blank\" title=\"Detalles\"><i class=\"fas fa-2x fa-link\"><\/i><\/a><\/div><\/div><\/div><div class=\"jumbotron archivos\"><div class=\"row align-items-center\"><div class=\"col\"><h6><a class=\"text-dark\" href=\"https:\/\/comunidad.comprasdominicana.gob.do\/\/Public\/Tendering\/OpportunityDetail\/Index?noticeUID=DO1.NTC.968008\" title=\"Ver\" target=\"_blank\">INESPRE-UC-CD-2021-0090<\/a><\/h6><p class=\"mb-0 bold\">Servicio de Catering para Reuni\u00f3n Institucional<\/p><p class=\"mb-0\" style=\"font-size: .85rem\"><strong title=\"Estado del Proceso\"><i class=\"fas fa-spinner\"><\/i><\/strong> Proceso adjudicado y celebrado<\/p><p class=\"mb-0\" style=\"font-size: .85rem\"><strong title=\"Fecha de Publicaci\u00f3n\"><i class=\"fas fa-calendar-alt\"><\/i><\/strong> Publicado el mi\u00e9rcoles, 8 de septiembre de 2021<\/p><\/div><div class=\"col-auto mt-md-0 mt-2\"><a class=\"btn btn-primary btn-lg px-lg-4 d-none d-md-block\" href=\"https:\/\/comunidad.comprasdominicana.gob.do\/\/Public\/Tendering\/OpportunityDetail\/Index?noticeUID=DO1.NTC.968008\" target=\"_blank\" title=\"Detalles\"><i class=\"fas fa-link\"><\/i> DETALLES<\/a><a class=\"btn btn-primary btn-lg px-lg-4 d-block d-md-none\" href=\"https:\/\/comunidad.comprasdominicana.gob.do\/\/Public\/Tendering\/OpportunityDetail\/Index?noticeUID=DO1.NTC.968008\" target=\"_blank\" title=\"Detalles\"><i class=\"fas fa-2x fa-link\"><\/i><\/a><\/div><\/div><\/div><\/div><\/div><\/div>\n        <div class=\"card\">\n            <div class=\"card-header parents\" id=\"heading_compras-por-debajo-del-umbral-69f73f7454400-2021-69f73f7454400-agosto-69f73f7454400\">\n                <p class=\"title text-blue mb-0\">\n                    <a class=\"btn-block hover text-left collapsed\" data-toggle=\"collapse\" data-target=\"#collap_compras-por-debajo-del-umbral-69f73f7454400-2021-69f73f7454400-agosto-69f73f7454400\" aria-expanded=\"false\" aria-controls=\"collap_compras-por-debajo-del-umbral-69f73f7454400-2021-69f73f7454400-agosto-69f73f7454400\">Agosto<\/a>\n                <\/p>\n            <\/div>\n            <div id=\"collap_compras-por-debajo-del-umbral-69f73f7454400-2021-69f73f7454400-agosto-69f73f7454400\" class=\"collapse\" aria-labelledby=\"heading_compras-por-debajo-del-umbral-69f73f7454400-2021-69f73f7454400-agosto-69f73f7454400\" data-parent=\"#collap_compras-por-debajo-del-umbral-69f73f7454400-2021-69f73f7454400\">\n                <div class=\"card-body\"><div class=\"jumbotron archivos\"><div class=\"row align-items-center\"><div class=\"col\"><h6><a class=\"text-dark\" href=\"https:\/\/comunidad.comprasdominicana.gob.do\/\/Public\/Tendering\/OpportunityDetail\/Index?noticeUID=DO1.NTC.961213\" title=\"Ver\" target=\"_blank\">INESPRE-UC-CD-2021-0089<\/a><\/h6><p class=\"mb-0 bold\">Adquisici\u00f3n de Utensilios Desechables<\/p><p class=\"mb-0\" style=\"font-size: .85rem\"><strong title=\"Estado del Proceso\"><i class=\"fas fa-spinner\"><\/i><\/strong> Proceso adjudicado y celebrado<\/p><p class=\"mb-0\" style=\"font-size: .85rem\"><strong title=\"Fecha de Publicaci\u00f3n\"><i class=\"fas fa-calendar-alt\"><\/i><\/strong> Publicado el martes, 24 de agosto de 2021<\/p><\/div><div class=\"col-auto mt-md-0 mt-2\"><a class=\"btn btn-primary btn-lg px-lg-4 d-none d-md-block\" href=\"https:\/\/comunidad.comprasdominicana.gob.do\/\/Public\/Tendering\/OpportunityDetail\/Index?noticeUID=DO1.NTC.961213\" target=\"_blank\" title=\"Detalles\"><i class=\"fas fa-link\"><\/i> DETALLES<\/a><a class=\"btn btn-primary btn-lg px-lg-4 d-block d-md-none\" href=\"https:\/\/comunidad.comprasdominicana.gob.do\/\/Public\/Tendering\/OpportunityDetail\/Index?noticeUID=DO1.NTC.961213\" target=\"_blank\" title=\"Detalles\"><i class=\"fas fa-2x fa-link\"><\/i><\/a><\/div><\/div><\/div><div class=\"jumbotron archivos\"><div class=\"row align-items-center\"><div class=\"col\"><h6><a class=\"text-dark\" href=\"https:\/\/comunidad.comprasdominicana.gob.do\/\/Public\/Tendering\/OpportunityDetail\/Index?noticeUID=DO1.NTC.961506\" title=\"Ver\" target=\"_blank\">INESPRE-UC-CD-2021-0087<\/a><\/h6><p class=\"mb-0 bold\">Servicio de Catering para Taller de Capacitaci\u00f3n<\/p><p class=\"mb-0\" style=\"font-size: .85rem\"><strong title=\"Estado del Proceso\"><i class=\"fas fa-spinner\"><\/i><\/strong> Proceso adjudicado y celebrado<\/p><p class=\"mb-0\" style=\"font-size: .85rem\"><strong title=\"Fecha de Publicaci\u00f3n\"><i class=\"fas fa-calendar-alt\"><\/i><\/strong> Publicado el martes, 24 de agosto de 2021<\/p><\/div><div class=\"col-auto mt-md-0 mt-2\"><a class=\"btn btn-primary btn-lg px-lg-4 d-none d-md-block\" href=\"https:\/\/comunidad.comprasdominicana.gob.do\/\/Public\/Tendering\/OpportunityDetail\/Index?noticeUID=DO1.NTC.961506\" target=\"_blank\" title=\"Detalles\"><i class=\"fas fa-link\"><\/i> DETALLES<\/a><a class=\"btn btn-primary btn-lg px-lg-4 d-block d-md-none\" href=\"https:\/\/comunidad.comprasdominicana.gob.do\/\/Public\/Tendering\/OpportunityDetail\/Index?noticeUID=DO1.NTC.961506\" target=\"_blank\" title=\"Detalles\"><i class=\"fas fa-2x fa-link\"><\/i><\/a><\/div><\/div><\/div><div class=\"jumbotron archivos\"><div class=\"row align-items-center\"><div class=\"col\"><h6><a class=\"text-dark\" href=\"https:\/\/comunidad.comprasdominicana.gob.do\/\/Public\/Tendering\/OpportunityDetail\/Index?noticeUID=DO1.NTC.960525\" title=\"Ver\" target=\"_blank\">INESPRE-UC-CD-2021-0086<\/a><\/h6><p class=\"mb-0 bold\">Adquisici\u00f3n Selladoras de Plastico<\/p><p class=\"mb-0\" style=\"font-size: .85rem\"><strong title=\"Estado del Proceso\"><i class=\"fas fa-spinner\"><\/i><\/strong> Proceso adjudicado y celebrado<\/p><p class=\"mb-0\" style=\"font-size: .85rem\"><strong title=\"Fecha de Publicaci\u00f3n\"><i class=\"fas fa-calendar-alt\"><\/i><\/strong> Publicado el lunes, 23 de agosto de 2021<\/p><\/div><div class=\"col-auto mt-md-0 mt-2\"><a class=\"btn btn-primary btn-lg px-lg-4 d-none d-md-block\" href=\"https:\/\/comunidad.comprasdominicana.gob.do\/\/Public\/Tendering\/OpportunityDetail\/Index?noticeUID=DO1.NTC.960525\" target=\"_blank\" title=\"Detalles\"><i class=\"fas fa-link\"><\/i> DETALLES<\/a><a class=\"btn btn-primary btn-lg px-lg-4 d-block d-md-none\" href=\"https:\/\/comunidad.comprasdominicana.gob.do\/\/Public\/Tendering\/OpportunityDetail\/Index?noticeUID=DO1.NTC.960525\" target=\"_blank\" title=\"Detalles\"><i class=\"fas fa-2x fa-link\"><\/i><\/a><\/div><\/div><\/div><div class=\"jumbotron archivos\"><div class=\"row align-items-center\"><div class=\"col\"><h6><a class=\"text-dark\" href=\"https:\/\/comunidad.comprasdominicana.gob.do\/\/Public\/Tendering\/OpportunityDetail\/Index?noticeUID=DO1.NTC.959922\" title=\"Ver\" target=\"_blank\">INESPRE-UC-CD-2021-0088<\/a><\/h6><p class=\"mb-0 bold\">Servicio de Catering para Reuni\u00f3n del Directorio Ejecutivo<\/p><p class=\"mb-0\" style=\"font-size: .85rem\"><strong title=\"Estado del Proceso\"><i class=\"fas fa-spinner\"><\/i><\/strong> Proceso adjudicado y celebrado<\/p><p class=\"mb-0\" style=\"font-size: .85rem\"><strong title=\"Fecha de Publicaci\u00f3n\"><i class=\"fas fa-calendar-alt\"><\/i><\/strong> Publicado el viernes, 20 de agosto de 2021<\/p><\/div><div class=\"col-auto mt-md-0 mt-2\"><a class=\"btn btn-primary btn-lg px-lg-4 d-none d-md-block\" href=\"https:\/\/comunidad.comprasdominicana.gob.do\/\/Public\/Tendering\/OpportunityDetail\/Index?noticeUID=DO1.NTC.959922\" target=\"_blank\" title=\"Detalles\"><i class=\"fas fa-link\"><\/i> DETALLES<\/a><a class=\"btn btn-primary btn-lg px-lg-4 d-block d-md-none\" href=\"https:\/\/comunidad.comprasdominicana.gob.do\/\/Public\/Tendering\/OpportunityDetail\/Index?noticeUID=DO1.NTC.959922\" target=\"_blank\" title=\"Detalles\"><i class=\"fas fa-2x fa-link\"><\/i><\/a><\/div><\/div><\/div><div class=\"jumbotron archivos\"><div class=\"row align-items-center\"><div class=\"col\"><h6><a class=\"text-dark\" href=\"https:\/\/comunidad.comprasdominicana.gob.do\/\/Public\/Tendering\/OpportunityDetail\/Index?noticeUID=DO1.NTC.958036\" title=\"Ver\" target=\"_blank\">INESPRE-UC-CD-2021-0085<\/a><\/h6><p class=\"mb-0 bold\">Servicio de Publicidad en Canal Nacional<\/p><p class=\"mb-0\" style=\"font-size: .85rem\"><strong title=\"Estado del Proceso\"><i class=\"fas fa-spinner\"><\/i><\/strong> Proceso adjudicado y celebrado<\/p><p class=\"mb-0\" style=\"font-size: .85rem\"><strong title=\"Fecha de Publicaci\u00f3n\"><i class=\"fas fa-calendar-alt\"><\/i><\/strong> Publicado el martes, 17 de agosto de 2021<\/p><\/div><div class=\"col-auto mt-md-0 mt-2\"><a class=\"btn btn-primary btn-lg px-lg-4 d-none d-md-block\" href=\"https:\/\/comunidad.comprasdominicana.gob.do\/\/Public\/Tendering\/OpportunityDetail\/Index?noticeUID=DO1.NTC.958036\" target=\"_blank\" title=\"Detalles\"><i class=\"fas fa-link\"><\/i> DETALLES<\/a><a class=\"btn btn-primary btn-lg px-lg-4 d-block d-md-none\" href=\"https:\/\/comunidad.comprasdominicana.gob.do\/\/Public\/Tendering\/OpportunityDetail\/Index?noticeUID=DO1.NTC.958036\" target=\"_blank\" title=\"Detalles\"><i class=\"fas fa-2x fa-link\"><\/i><\/a><\/div><\/div><\/div><div class=\"jumbotron archivos\"><div class=\"row align-items-center\"><div class=\"col\"><h6><a class=\"text-dark\" href=\"https:\/\/comunidad.comprasdominicana.gob.do\/\/Public\/Tendering\/OpportunityDetail\/Index?noticeUID=DO1.NTC.958539\" title=\"Ver\" target=\"_blank\">INESPRE-UC-CD-2021-0084<\/a><\/h6><p class=\"mb-0 bold\">Servicio de Publicaci\u00f3n en Peri\u00f3dico de Circulaci\u00f3n Nacional<\/p><p class=\"mb-0\" style=\"font-size: .85rem\"><strong title=\"Estado del Proceso\"><i class=\"fas fa-spinner\"><\/i><\/strong> Proceso adjudicado y celebrado<\/p><p class=\"mb-0\" style=\"font-size: .85rem\"><strong title=\"Fecha de Publicaci\u00f3n\"><i class=\"fas fa-calendar-alt\"><\/i><\/strong> Publicado el martes, 17 de agosto de 2021<\/p><\/div><div class=\"col-auto mt-md-0 mt-2\"><a class=\"btn btn-primary btn-lg px-lg-4 d-none d-md-block\" href=\"https:\/\/comunidad.comprasdominicana.gob.do\/\/Public\/Tendering\/OpportunityDetail\/Index?noticeUID=DO1.NTC.958539\" target=\"_blank\" title=\"Detalles\"><i class=\"fas fa-link\"><\/i> DETALLES<\/a><a class=\"btn btn-primary btn-lg px-lg-4 d-block d-md-none\" href=\"https:\/\/comunidad.comprasdominicana.gob.do\/\/Public\/Tendering\/OpportunityDetail\/Index?noticeUID=DO1.NTC.958539\" target=\"_blank\" title=\"Detalles\"><i class=\"fas fa-2x fa-link\"><\/i><\/a><\/div><\/div><\/div><div class=\"jumbotron archivos\"><div class=\"row align-items-center\"><div class=\"col\"><h6><a class=\"text-dark\" href=\"https:\/\/comunidad.comprasdominicana.gob.do\/\/Public\/Tendering\/OpportunityDetail\/Index?noticeUID=DO1.NTC.956319\" title=\"Ver\" target=\"_blank\">INESPRE-UC-CD-2021-0082<\/a><\/h6><p class=\"mb-0 bold\">Servicio de Limpieza de Pozos S\u00e9pticos<\/p><p class=\"mb-0\" style=\"font-size: .85rem\"><strong title=\"Estado del Proceso\"><i class=\"fas fa-spinner\"><\/i><\/strong> Proceso adjudicado y celebrado<\/p><p class=\"mb-0\" style=\"font-size: .85rem\"><strong title=\"Fecha de Publicaci\u00f3n\"><i class=\"fas fa-calendar-alt\"><\/i><\/strong> Publicado el mi\u00e9rcoles, 11 de agosto de 2021<\/p><\/div><div class=\"col-auto mt-md-0 mt-2\"><a class=\"btn btn-primary btn-lg px-lg-4 d-none d-md-block\" href=\"https:\/\/comunidad.comprasdominicana.gob.do\/\/Public\/Tendering\/OpportunityDetail\/Index?noticeUID=DO1.NTC.956319\" target=\"_blank\" title=\"Detalles\"><i class=\"fas fa-link\"><\/i> DETALLES<\/a><a class=\"btn btn-primary btn-lg px-lg-4 d-block d-md-none\" href=\"https:\/\/comunidad.comprasdominicana.gob.do\/\/Public\/Tendering\/OpportunityDetail\/Index?noticeUID=DO1.NTC.956319\" target=\"_blank\" title=\"Detalles\"><i class=\"fas fa-2x fa-link\"><\/i><\/a><\/div><\/div><\/div><div class=\"jumbotron archivos\"><div class=\"row align-items-center\"><div class=\"col\"><h6><a class=\"text-dark\" href=\"https:\/\/comunidad.comprasdominicana.gob.do\/\/Public\/Tendering\/OpportunityDetail\/Index?noticeUID=DO1.NTC.956316\" title=\"Ver\" target=\"_blank\">INESPRE-UC-CD-2021-0083<\/a><\/h6><p class=\"mb-0 bold\">Servicio de Refrigerio para reuni\u00f3n Departamental<\/p><p class=\"mb-0\" style=\"font-size: .85rem\"><strong title=\"Estado del Proceso\"><i class=\"fas fa-spinner\"><\/i><\/strong> Proceso adjudicado y celebrado<\/p><p class=\"mb-0\" style=\"font-size: .85rem\"><strong title=\"Fecha de Publicaci\u00f3n\"><i class=\"fas fa-calendar-alt\"><\/i><\/strong> Publicado el mi\u00e9rcoles, 11 de agosto de 2021<\/p><\/div><div class=\"col-auto mt-md-0 mt-2\"><a class=\"btn btn-primary btn-lg px-lg-4 d-none d-md-block\" href=\"https:\/\/comunidad.comprasdominicana.gob.do\/\/Public\/Tendering\/OpportunityDetail\/Index?noticeUID=DO1.NTC.956316\" target=\"_blank\" title=\"Detalles\"><i class=\"fas fa-link\"><\/i> DETALLES<\/a><a class=\"btn btn-primary btn-lg px-lg-4 d-block d-md-none\" href=\"https:\/\/comunidad.comprasdominicana.gob.do\/\/Public\/Tendering\/OpportunityDetail\/Index?noticeUID=DO1.NTC.956316\" target=\"_blank\" title=\"Detalles\"><i class=\"fas fa-2x fa-link\"><\/i><\/a><\/div><\/div><\/div><div class=\"jumbotron archivos\"><div class=\"row align-items-center\"><div class=\"col\"><h6><a class=\"text-dark\" href=\"https:\/\/comunidad.comprasdominicana.gob.do\/\/Public\/Tendering\/OpportunityDetail\/Index?noticeUID=DO1.NTC.954801\" title=\"Ver\" target=\"_blank\">INESPRE-UC-CD-2021-0081<\/a><\/h6><p class=\"mb-0 bold\">Adquisici\u00f3n de Talonarios<\/p><p class=\"mb-0\" style=\"font-size: .85rem\"><strong title=\"Estado del Proceso\"><i class=\"fas fa-spinner\"><\/i><\/strong> Proceso adjudicado y celebrado<\/p><p class=\"mb-0\" style=\"font-size: .85rem\"><strong title=\"Fecha de Publicaci\u00f3n\"><i class=\"fas fa-calendar-alt\"><\/i><\/strong> Publicado el viernes, 6 de agosto de 2021<\/p><\/div><div class=\"col-auto mt-md-0 mt-2\"><a class=\"btn btn-primary btn-lg px-lg-4 d-none d-md-block\" href=\"https:\/\/comunidad.comprasdominicana.gob.do\/\/Public\/Tendering\/OpportunityDetail\/Index?noticeUID=DO1.NTC.954801\" target=\"_blank\" title=\"Detalles\"><i class=\"fas fa-link\"><\/i> DETALLES<\/a><a class=\"btn btn-primary btn-lg px-lg-4 d-block d-md-none\" href=\"https:\/\/comunidad.comprasdominicana.gob.do\/\/Public\/Tendering\/OpportunityDetail\/Index?noticeUID=DO1.NTC.954801\" target=\"_blank\" title=\"Detalles\"><i class=\"fas fa-2x fa-link\"><\/i><\/a><\/div><\/div><\/div><div class=\"jumbotron archivos\"><div class=\"row align-items-center\"><div class=\"col\"><h6><a class=\"text-dark\" href=\"https:\/\/comunidad.comprasdominicana.gob.do\/\/Public\/Tendering\/OpportunityDetail\/Index?noticeUID=DO1.NTC.953830\" title=\"Ver\" target=\"_blank\">INESPRE-UC-CD-2021-0080<\/a><\/h6><p class=\"mb-0 bold\">Servicio de Mantenimiento Equipos de Climatizaci\u00f3n<\/p><p class=\"mb-0\" style=\"font-size: .85rem\"><strong title=\"Estado del Proceso\"><i class=\"fas fa-spinner\"><\/i><\/strong> Proceso adjudicado y celebrado<\/p><p class=\"mb-0\" style=\"font-size: .85rem\"><strong title=\"Fecha de Publicaci\u00f3n\"><i class=\"fas fa-calendar-alt\"><\/i><\/strong> Publicado el jueves, 5 de agosto de 2021<\/p><\/div><div class=\"col-auto mt-md-0 mt-2\"><a class=\"btn btn-primary btn-lg px-lg-4 d-none d-md-block\" href=\"https:\/\/comunidad.comprasdominicana.gob.do\/\/Public\/Tendering\/OpportunityDetail\/Index?noticeUID=DO1.NTC.953830\" target=\"_blank\" title=\"Detalles\"><i class=\"fas fa-link\"><\/i> DETALLES<\/a><a class=\"btn btn-primary btn-lg px-lg-4 d-block d-md-none\" href=\"https:\/\/comunidad.comprasdominicana.gob.do\/\/Public\/Tendering\/OpportunityDetail\/Index?noticeUID=DO1.NTC.953830\" target=\"_blank\" title=\"Detalles\"><i class=\"fas fa-2x fa-link\"><\/i><\/a><\/div><\/div><\/div><div class=\"jumbotron archivos\"><div class=\"row align-items-center\"><div class=\"col\"><h6><a class=\"text-dark\" href=\"https:\/\/comunidad.comprasdominicana.gob.do\/\/Public\/Tendering\/OpportunityDetail\/Index?noticeUID=DO1.NTC.954304\" title=\"Ver\" target=\"_blank\">INESPRE-UC-CD-2021-0079<\/a><\/h6><p class=\"mb-0 bold\">Adquisici\u00f3n de Orqu\u00eddeas<\/p><p class=\"mb-0\" style=\"font-size: .85rem\"><strong title=\"Estado del Proceso\"><i class=\"fas fa-spinner\"><\/i><\/strong> Proceso adjudicado y celebrado<\/p><p class=\"mb-0\" style=\"font-size: .85rem\"><strong title=\"Fecha de Publicaci\u00f3n\"><i class=\"fas fa-calendar-alt\"><\/i><\/strong> Publicado el jueves, 5 de agosto de 2021<\/p><\/div><div class=\"col-auto mt-md-0 mt-2\"><a class=\"btn btn-primary btn-lg px-lg-4 d-none d-md-block\" href=\"https:\/\/comunidad.comprasdominicana.gob.do\/\/Public\/Tendering\/OpportunityDetail\/Index?noticeUID=DO1.NTC.954304\" target=\"_blank\" title=\"Detalles\"><i class=\"fas fa-link\"><\/i> DETALLES<\/a><a class=\"btn btn-primary btn-lg px-lg-4 d-block d-md-none\" href=\"https:\/\/comunidad.comprasdominicana.gob.do\/\/Public\/Tendering\/OpportunityDetail\/Index?noticeUID=DO1.NTC.954304\" target=\"_blank\" title=\"Detalles\"><i class=\"fas fa-2x fa-link\"><\/i><\/a><\/div><\/div><\/div><div class=\"jumbotron archivos\"><div class=\"row align-items-center\"><div class=\"col\"><h6><a class=\"text-dark\" href=\"https:\/\/comunidad.comprasdominicana.gob.do\/\/Public\/Tendering\/OpportunityDetail\/Index?noticeUID=DO1.NTC.953703\" title=\"Ver\" target=\"_blank\">INESPRE-UC-CD-2021-0078<\/a><\/h6><p class=\"mb-0 bold\">Servicio de Catering para Taller de Capacitaci\u00f3n<\/p><p class=\"mb-0\" style=\"font-size: .85rem\"><strong title=\"Estado del Proceso\"><i class=\"fas fa-spinner\"><\/i><\/strong> Proceso adjudicado y celebrado<\/p><p class=\"mb-0\" style=\"font-size: .85rem\"><strong title=\"Fecha de Publicaci\u00f3n\"><i class=\"fas fa-calendar-alt\"><\/i><\/strong> Publicado el mi\u00e9rcoles, 4 de agosto de 2021<\/p><\/div><div class=\"col-auto mt-md-0 mt-2\"><a class=\"btn btn-primary btn-lg px-lg-4 d-none d-md-block\" href=\"https:\/\/comunidad.comprasdominicana.gob.do\/\/Public\/Tendering\/OpportunityDetail\/Index?noticeUID=DO1.NTC.953703\" target=\"_blank\" title=\"Detalles\"><i class=\"fas fa-link\"><\/i> DETALLES<\/a><a class=\"btn btn-primary btn-lg px-lg-4 d-block d-md-none\" href=\"https:\/\/comunidad.comprasdominicana.gob.do\/\/Public\/Tendering\/OpportunityDetail\/Index?noticeUID=DO1.NTC.953703\" target=\"_blank\" title=\"Detalles\"><i class=\"fas fa-2x fa-link\"><\/i><\/a><\/div><\/div><\/div><\/div><\/div><\/div>\n        <div class=\"card\">\n            <div class=\"card-header parents\" id=\"heading_compras-por-debajo-del-umbral-69f73f7454400-2021-69f73f7454400-julio-69f73f7454400\">\n                <p class=\"title text-blue mb-0\">\n                    <a class=\"btn-block hover text-left collapsed\" data-toggle=\"collapse\" data-target=\"#collap_compras-por-debajo-del-umbral-69f73f7454400-2021-69f73f7454400-julio-69f73f7454400\" aria-expanded=\"false\" aria-controls=\"collap_compras-por-debajo-del-umbral-69f73f7454400-2021-69f73f7454400-julio-69f73f7454400\">Julio<\/a>\n                <\/p>\n            <\/div>\n            <div id=\"collap_compras-por-debajo-del-umbral-69f73f7454400-2021-69f73f7454400-julio-69f73f7454400\" class=\"collapse\" aria-labelledby=\"heading_compras-por-debajo-del-umbral-69f73f7454400-2021-69f73f7454400-julio-69f73f7454400\" data-parent=\"#collap_compras-por-debajo-del-umbral-69f73f7454400-2021-69f73f7454400\">\n                <div class=\"card-body\"><div class=\"jumbotron archivos\"><div class=\"row align-items-center\"><div class=\"col\"><h6><a class=\"text-dark\" href=\"https:\/\/comunidad.comprasdominicana.gob.do\/\/Public\/Tendering\/OpportunityDetail\/Index?noticeUID=DO1.NTC.950431\" title=\"Ver\" target=\"_blank\">INESPRE-UC-CD-2021-0077<\/a><\/h6><p class=\"mb-0 bold\">Servicio de Catering para Taller de Capacitaci\u00f3n<\/p><p class=\"mb-0\" style=\"font-size: .85rem\"><strong title=\"Estado del Proceso\"><i class=\"fas fa-spinner\"><\/i><\/strong> Proceso adjudicado y celebrado<\/p><p class=\"mb-0\" style=\"font-size: .85rem\"><strong title=\"Fecha de Publicaci\u00f3n\"><i class=\"fas fa-calendar-alt\"><\/i><\/strong> Publicado el mi\u00e9rcoles, 28 de julio de 2021<\/p><\/div><div class=\"col-auto mt-md-0 mt-2\"><a class=\"btn btn-primary btn-lg px-lg-4 d-none d-md-block\" href=\"https:\/\/comunidad.comprasdominicana.gob.do\/\/Public\/Tendering\/OpportunityDetail\/Index?noticeUID=DO1.NTC.950431\" target=\"_blank\" title=\"Detalles\"><i class=\"fas fa-link\"><\/i> DETALLES<\/a><a class=\"btn btn-primary btn-lg px-lg-4 d-block d-md-none\" href=\"https:\/\/comunidad.comprasdominicana.gob.do\/\/Public\/Tendering\/OpportunityDetail\/Index?noticeUID=DO1.NTC.950431\" target=\"_blank\" title=\"Detalles\"><i class=\"fas fa-2x fa-link\"><\/i><\/a><\/div><\/div><\/div><div class=\"jumbotron archivos\"><div class=\"row align-items-center\"><div class=\"col\"><h6><a class=\"text-dark\" href=\"https:\/\/comunidad.comprasdominicana.gob.do\/\/Public\/Tendering\/OpportunityDetail\/Index?noticeUID=DO1.NTC.950316\" title=\"Ver\" target=\"_blank\">INESPRE-UC-CD-2021-0076<\/a><\/h6><p class=\"mb-0 bold\">Servicio de Catering para Taller de Capacitaci\u00f3n<\/p><p class=\"mb-0\" style=\"font-size: .85rem\"><strong title=\"Estado del Proceso\"><i class=\"fas fa-spinner\"><\/i><\/strong> Proceso adjudicado y celebrado<\/p><p class=\"mb-0\" style=\"font-size: .85rem\"><strong title=\"Fecha de Publicaci\u00f3n\"><i class=\"fas fa-calendar-alt\"><\/i><\/strong> Publicado el mi\u00e9rcoles, 28 de julio de 2021<\/p><\/div><div class=\"col-auto mt-md-0 mt-2\"><a class=\"btn btn-primary btn-lg px-lg-4 d-none d-md-block\" href=\"https:\/\/comunidad.comprasdominicana.gob.do\/\/Public\/Tendering\/OpportunityDetail\/Index?noticeUID=DO1.NTC.950316\" target=\"_blank\" title=\"Detalles\"><i class=\"fas fa-link\"><\/i> DETALLES<\/a><a class=\"btn btn-primary btn-lg px-lg-4 d-block d-md-none\" href=\"https:\/\/comunidad.comprasdominicana.gob.do\/\/Public\/Tendering\/OpportunityDetail\/Index?noticeUID=DO1.NTC.950316\" target=\"_blank\" title=\"Detalles\"><i class=\"fas fa-2x fa-link\"><\/i><\/a><\/div><\/div><\/div><div class=\"jumbotron archivos\"><div class=\"row align-items-center\"><div class=\"col\"><h6><a class=\"text-dark\" href=\"https:\/\/comunidad.comprasdominicana.gob.do\/\/Public\/Tendering\/OpportunityDetail\/Index?noticeUID=DO1.NTC.950428\" title=\"Ver\" target=\"_blank\">INESPRE-UC-CD-2021-0075<\/a><\/h6><p class=\"mb-0 bold\">Confecci\u00f3n de Uniformes para el personal de Protocolo<\/p><p class=\"mb-0\" style=\"font-size: .85rem\"><strong title=\"Estado del Proceso\"><i class=\"fas fa-spinner\"><\/i><\/strong> Proceso adjudicado y celebrado<\/p><p class=\"mb-0\" style=\"font-size: .85rem\"><strong title=\"Fecha de Publicaci\u00f3n\"><i class=\"fas fa-calendar-alt\"><\/i><\/strong> Publicado el mi\u00e9rcoles, 28 de julio de 2021<\/p><\/div><div class=\"col-auto mt-md-0 mt-2\"><a class=\"btn btn-primary btn-lg px-lg-4 d-none d-md-block\" href=\"https:\/\/comunidad.comprasdominicana.gob.do\/\/Public\/Tendering\/OpportunityDetail\/Index?noticeUID=DO1.NTC.950428\" target=\"_blank\" title=\"Detalles\"><i class=\"fas fa-link\"><\/i> DETALLES<\/a><a class=\"btn btn-primary btn-lg px-lg-4 d-block d-md-none\" href=\"https:\/\/comunidad.comprasdominicana.gob.do\/\/Public\/Tendering\/OpportunityDetail\/Index?noticeUID=DO1.NTC.950428\" target=\"_blank\" title=\"Detalles\"><i class=\"fas fa-2x fa-link\"><\/i><\/a><\/div><\/div><\/div><div class=\"jumbotron archivos\"><div class=\"row align-items-center\"><div class=\"col\"><h6><a class=\"text-dark\" href=\"https:\/\/comunidad.comprasdominicana.gob.do\/\/Public\/Tendering\/OpportunityDetail\/Index?noticeUID=DO1.NTC.950217\" title=\"Ver\" target=\"_blank\">INESPRE-UC-CD-2021-0074<\/a><\/h6><p class=\"mb-0 bold\">Adquisici\u00f3n de Neveras y Bebederos<\/p><p class=\"mb-0\" style=\"font-size: .85rem\"><strong title=\"Estado del Proceso\"><i class=\"fas fa-spinner\"><\/i><\/strong> Proceso adjudicado y celebrado<\/p><p class=\"mb-0\" style=\"font-size: .85rem\"><strong title=\"Fecha de Publicaci\u00f3n\"><i class=\"fas fa-calendar-alt\"><\/i><\/strong> Publicado el mi\u00e9rcoles, 28 de julio de 2021<\/p><\/div><div class=\"col-auto mt-md-0 mt-2\"><a class=\"btn btn-primary btn-lg px-lg-4 d-none d-md-block\" href=\"https:\/\/comunidad.comprasdominicana.gob.do\/\/Public\/Tendering\/OpportunityDetail\/Index?noticeUID=DO1.NTC.950217\" target=\"_blank\" title=\"Detalles\"><i class=\"fas fa-link\"><\/i> DETALLES<\/a><a class=\"btn btn-primary btn-lg px-lg-4 d-block d-md-none\" href=\"https:\/\/comunidad.comprasdominicana.gob.do\/\/Public\/Tendering\/OpportunityDetail\/Index?noticeUID=DO1.NTC.950217\" target=\"_blank\" title=\"Detalles\"><i class=\"fas fa-2x fa-link\"><\/i><\/a><\/div><\/div><\/div><div class=\"jumbotron archivos\"><div class=\"row align-items-center\"><div class=\"col\"><h6><a class=\"text-dark\" href=\"https:\/\/comunidad.comprasdominicana.gob.do\/\/Public\/Tendering\/OpportunityDetail\/Index?noticeUID=DO1.NTC.950215\" title=\"Ver\" target=\"_blank\">INESPRE-UC-CD-2021-0073<\/a><\/h6><p class=\"mb-0 bold\">Adquisici\u00f3n de Talonarios<\/p><p class=\"mb-0\" style=\"font-size: .85rem\"><strong title=\"Estado del Proceso\"><i class=\"fas fa-spinner\"><\/i><\/strong> Proceso adjudicado y celebrado<\/p><p class=\"mb-0\" style=\"font-size: .85rem\"><strong title=\"Fecha de Publicaci\u00f3n\"><i class=\"fas fa-calendar-alt\"><\/i><\/strong> Publicado el mi\u00e9rcoles, 28 de julio de 2021<\/p><\/div><div class=\"col-auto mt-md-0 mt-2\"><a class=\"btn btn-primary btn-lg px-lg-4 d-none d-md-block\" href=\"https:\/\/comunidad.comprasdominicana.gob.do\/\/Public\/Tendering\/OpportunityDetail\/Index?noticeUID=DO1.NTC.950215\" target=\"_blank\" title=\"Detalles\"><i class=\"fas fa-link\"><\/i> DETALLES<\/a><a class=\"btn btn-primary btn-lg px-lg-4 d-block d-md-none\" href=\"https:\/\/comunidad.comprasdominicana.gob.do\/\/Public\/Tendering\/OpportunityDetail\/Index?noticeUID=DO1.NTC.950215\" target=\"_blank\" title=\"Detalles\"><i class=\"fas fa-2x fa-link\"><\/i><\/a><\/div><\/div><\/div><div class=\"jumbotron archivos\"><div class=\"row align-items-center\"><div class=\"col\"><h6><a class=\"text-dark\" href=\"https:\/\/comunidad.comprasdominicana.gob.do\/\/Public\/Tendering\/OpportunityDetail\/Index?noticeUID=DO1.NTC.949416\" title=\"Ver\" target=\"_blank\">INESPRE-UC-CD-2021-0072<\/a><\/h6><p class=\"mb-0 bold\">Servicio de Catering para Taller de Capacitaci\u00f3n<\/p><p class=\"mb-0\" style=\"font-size: .85rem\"><strong title=\"Estado del Proceso\"><i class=\"fas fa-spinner\"><\/i><\/strong> Proceso adjudicado y celebrado<\/p><p class=\"mb-0\" style=\"font-size: .85rem\"><strong title=\"Fecha de Publicaci\u00f3n\"><i class=\"fas fa-calendar-alt\"><\/i><\/strong> Publicado el lunes, 26 de julio de 2021<\/p><\/div><div class=\"col-auto mt-md-0 mt-2\"><a class=\"btn btn-primary btn-lg px-lg-4 d-none d-md-block\" href=\"https:\/\/comunidad.comprasdominicana.gob.do\/\/Public\/Tendering\/OpportunityDetail\/Index?noticeUID=DO1.NTC.949416\" target=\"_blank\" title=\"Detalles\"><i class=\"fas fa-link\"><\/i> DETALLES<\/a><a class=\"btn btn-primary btn-lg px-lg-4 d-block d-md-none\" href=\"https:\/\/comunidad.comprasdominicana.gob.do\/\/Public\/Tendering\/OpportunityDetail\/Index?noticeUID=DO1.NTC.949416\" target=\"_blank\" title=\"Detalles\"><i class=\"fas fa-2x fa-link\"><\/i><\/a><\/div><\/div><\/div><div class=\"jumbotron archivos\"><div class=\"row align-items-center\"><div class=\"col\"><h6><a class=\"text-dark\" href=\"https:\/\/comunidad.comprasdominicana.gob.do\/\/Public\/Tendering\/OpportunityDetail\/Index?noticeUID=DO1.NTC.949123\" title=\"Ver\" target=\"_blank\">INESPRE-UC-CD-2021-0071<\/a><\/h6><p class=\"mb-0 bold\">Servicio de Catering para Taller de Capacitaci\u00f3n<\/p><p class=\"mb-0\" style=\"font-size: .85rem\"><strong title=\"Estado del Proceso\"><i class=\"fas fa-spinner\"><\/i><\/strong> Proceso adjudicado y celebrado<\/p><p class=\"mb-0\" style=\"font-size: .85rem\"><strong title=\"Fecha de Publicaci\u00f3n\"><i class=\"fas fa-calendar-alt\"><\/i><\/strong> Publicado el lunes, 26 de julio de 2021<\/p><\/div><div class=\"col-auto mt-md-0 mt-2\"><a class=\"btn btn-primary btn-lg px-lg-4 d-none d-md-block\" href=\"https:\/\/comunidad.comprasdominicana.gob.do\/\/Public\/Tendering\/OpportunityDetail\/Index?noticeUID=DO1.NTC.949123\" target=\"_blank\" title=\"Detalles\"><i class=\"fas fa-link\"><\/i> DETALLES<\/a><a class=\"btn btn-primary btn-lg px-lg-4 d-block d-md-none\" href=\"https:\/\/comunidad.comprasdominicana.gob.do\/\/Public\/Tendering\/OpportunityDetail\/Index?noticeUID=DO1.NTC.949123\" target=\"_blank\" title=\"Detalles\"><i class=\"fas fa-2x fa-link\"><\/i><\/a><\/div><\/div><\/div><div class=\"jumbotron archivos\"><div class=\"row align-items-center\"><div class=\"col\"><h6><a class=\"text-dark\" href=\"https:\/\/comunidad.comprasdominicana.gob.do\/\/Public\/Tendering\/OpportunityDetail\/Index?noticeUID=DO1.NTC.948116\" title=\"Ver\" target=\"_blank\">INESPRE-UC-CD-2021-0070<\/a><\/h6><p class=\"mb-0 bold\">Servicio de Catering para Taller de Capacitaci\u00f3n<\/p><p class=\"mb-0\" style=\"font-size: .85rem\"><strong title=\"Estado del Proceso\"><i class=\"fas fa-spinner\"><\/i><\/strong> Proceso adjudicado y celebrado<\/p><p class=\"mb-0\" style=\"font-size: .85rem\"><strong title=\"Fecha de Publicaci\u00f3n\"><i class=\"fas fa-calendar-alt\"><\/i><\/strong> Publicado el jueves, 22 de julio de 2021<\/p><\/div><div class=\"col-auto mt-md-0 mt-2\"><a class=\"btn btn-primary btn-lg px-lg-4 d-none d-md-block\" href=\"https:\/\/comunidad.comprasdominicana.gob.do\/\/Public\/Tendering\/OpportunityDetail\/Index?noticeUID=DO1.NTC.948116\" target=\"_blank\" title=\"Detalles\"><i class=\"fas fa-link\"><\/i> DETALLES<\/a><a class=\"btn btn-primary btn-lg px-lg-4 d-block d-md-none\" href=\"https:\/\/comunidad.comprasdominicana.gob.do\/\/Public\/Tendering\/OpportunityDetail\/Index?noticeUID=DO1.NTC.948116\" target=\"_blank\" title=\"Detalles\"><i class=\"fas fa-2x fa-link\"><\/i><\/a><\/div><\/div><\/div><div class=\"jumbotron archivos\"><div class=\"row align-items-center\"><div class=\"col\"><h6><a class=\"text-dark\" href=\"https:\/\/comunidad.comprasdominicana.gob.do\/\/Public\/Tendering\/OpportunityDetail\/Index?noticeUID=DO1.NTC.947914\" title=\"Ver\" target=\"_blank\">INESPRE-UC-CD-2021-0069<\/a><\/h6><p class=\"mb-0 bold\">Adquisici\u00f3n de Nevera Foam<\/p><p class=\"mb-0\" style=\"font-size: .85rem\"><strong title=\"Estado del Proceso\"><i class=\"fas fa-spinner\"><\/i><\/strong> Proceso adjudicado y celebrado<\/p><p class=\"mb-0\" style=\"font-size: .85rem\"><strong title=\"Fecha de Publicaci\u00f3n\"><i class=\"fas fa-calendar-alt\"><\/i><\/strong> Publicado el jueves, 22 de julio de 2021<\/p><\/div><div class=\"col-auto mt-md-0 mt-2\"><a class=\"btn btn-primary btn-lg px-lg-4 d-none d-md-block\" href=\"https:\/\/comunidad.comprasdominicana.gob.do\/\/Public\/Tendering\/OpportunityDetail\/Index?noticeUID=DO1.NTC.947914\" target=\"_blank\" title=\"Detalles\"><i class=\"fas fa-link\"><\/i> DETALLES<\/a><a class=\"btn btn-primary btn-lg px-lg-4 d-block d-md-none\" href=\"https:\/\/comunidad.comprasdominicana.gob.do\/\/Public\/Tendering\/OpportunityDetail\/Index?noticeUID=DO1.NTC.947914\" target=\"_blank\" title=\"Detalles\"><i class=\"fas fa-2x fa-link\"><\/i><\/a><\/div><\/div><\/div><div class=\"jumbotron archivos\"><div class=\"row align-items-center\"><div class=\"col\"><h6><a class=\"text-dark\" href=\"https:\/\/comunidad.comprasdominicana.gob.do\/\/Public\/Tendering\/OpportunityDetail\/Index?noticeUID=DO1.NTC.946033\" title=\"Ver\" target=\"_blank\">INESPRE-UC-CD-2021-0068<\/a><\/h6><p class=\"mb-0 bold\">Adquisici\u00f3n de Bolsos Reciclables<\/p><p class=\"mb-0\" style=\"font-size: .85rem\"><strong title=\"Estado del Proceso\"><i class=\"fas fa-spinner\"><\/i><\/strong> Proceso adjudicado y celebrado<\/p><p class=\"mb-0\" style=\"font-size: .85rem\"><strong title=\"Fecha de Publicaci\u00f3n\"><i class=\"fas fa-calendar-alt\"><\/i><\/strong> Publicado el lunes, 19 de julio de 2021<\/p><\/div><div class=\"col-auto mt-md-0 mt-2\"><a class=\"btn btn-primary btn-lg px-lg-4 d-none d-md-block\" href=\"https:\/\/comunidad.comprasdominicana.gob.do\/\/Public\/Tendering\/OpportunityDetail\/Index?noticeUID=DO1.NTC.946033\" target=\"_blank\" title=\"Detalles\"><i class=\"fas fa-link\"><\/i> DETALLES<\/a><a class=\"btn btn-primary btn-lg px-lg-4 d-block d-md-none\" href=\"https:\/\/comunidad.comprasdominicana.gob.do\/\/Public\/Tendering\/OpportunityDetail\/Index?noticeUID=DO1.NTC.946033\" target=\"_blank\" title=\"Detalles\"><i class=\"fas fa-2x fa-link\"><\/i><\/a><\/div><\/div><\/div><div class=\"jumbotron archivos\"><div class=\"row align-items-center\"><div class=\"col\"><h6><a class=\"text-dark\" href=\"https:\/\/comunidad.comprasdominicana.gob.do\/\/Public\/Tendering\/OpportunityDetail\/Index?noticeUID=DO1.NTC.946522\" title=\"Ver\" target=\"_blank\">INESPRE-UC-CD-2021-0067<\/a><\/h6><p class=\"mb-0 bold\">Servicio de Catering para Taller de Capacitaci\u00f3n<\/p><p class=\"mb-0\" style=\"font-size: .85rem\"><strong title=\"Estado del Proceso\"><i class=\"fas fa-spinner\"><\/i><\/strong> Proceso adjudicado y celebrado<\/p><p class=\"mb-0\" style=\"font-size: .85rem\"><strong title=\"Fecha de Publicaci\u00f3n\"><i class=\"fas fa-calendar-alt\"><\/i><\/strong> Publicado el lunes, 19 de julio de 2021<\/p><\/div><div class=\"col-auto mt-md-0 mt-2\"><a class=\"btn btn-primary btn-lg px-lg-4 d-none d-md-block\" href=\"https:\/\/comunidad.comprasdominicana.gob.do\/\/Public\/Tendering\/OpportunityDetail\/Index?noticeUID=DO1.NTC.946522\" target=\"_blank\" title=\"Detalles\"><i class=\"fas fa-link\"><\/i> DETALLES<\/a><a class=\"btn btn-primary btn-lg px-lg-4 d-block d-md-none\" href=\"https:\/\/comunidad.comprasdominicana.gob.do\/\/Public\/Tendering\/OpportunityDetail\/Index?noticeUID=DO1.NTC.946522\" target=\"_blank\" title=\"Detalles\"><i class=\"fas fa-2x fa-link\"><\/i><\/a><\/div><\/div><\/div><div class=\"jumbotron archivos\"><div class=\"row align-items-center\"><div class=\"col\"><h6><a class=\"text-dark\" href=\"https:\/\/comunidad.comprasdominicana.gob.do\/\/Public\/Tendering\/OpportunityDetail\/Index?noticeUID=DO1.NTC.946431\" title=\"Ver\" target=\"_blank\">INESPRE-UC-CD-2021-0066<\/a><\/h6><p class=\"mb-0 bold\">Servicio de Catering para Taller de Capacitaci\u00f3n<\/p><p class=\"mb-0\" style=\"font-size: .85rem\"><strong title=\"Estado del Proceso\"><i class=\"fas fa-spinner\"><\/i><\/strong> Proceso adjudicado y celebrado<\/p><p class=\"mb-0\" style=\"font-size: .85rem\"><strong title=\"Fecha de Publicaci\u00f3n\"><i class=\"fas fa-calendar-alt\"><\/i><\/strong> Publicado el lunes, 19 de julio de 2021<\/p><\/div><div class=\"col-auto mt-md-0 mt-2\"><a class=\"btn btn-primary btn-lg px-lg-4 d-none d-md-block\" href=\"https:\/\/comunidad.comprasdominicana.gob.do\/\/Public\/Tendering\/OpportunityDetail\/Index?noticeUID=DO1.NTC.946431\" target=\"_blank\" title=\"Detalles\"><i class=\"fas fa-link\"><\/i> DETALLES<\/a><a class=\"btn btn-primary btn-lg px-lg-4 d-block d-md-none\" href=\"https:\/\/comunidad.comprasdominicana.gob.do\/\/Public\/Tendering\/OpportunityDetail\/Index?noticeUID=DO1.NTC.946431\" target=\"_blank\" title=\"Detalles\"><i class=\"fas fa-2x fa-link\"><\/i><\/a><\/div><\/div><\/div><div class=\"jumbotron archivos\"><div class=\"row align-items-center\"><div class=\"col\"><h6><a class=\"text-dark\" href=\"https:\/\/comunidad.comprasdominicana.gob.do\/\/Public\/Tendering\/OpportunityDetail\/Index?noticeUID=DO1.NTC.945606\" title=\"Ver\" target=\"_blank\">INESPRE-UC-CD-2021-0065<\/a><\/h6><p class=\"mb-0 bold\">Servicio de Catering para Operativo de Pruebas SARS-COVID-19<\/p><p class=\"mb-0\" style=\"font-size: .85rem\"><strong title=\"Estado del Proceso\"><i class=\"fas fa-spinner\"><\/i><\/strong> Proceso adjudicado y celebrado<\/p><p class=\"mb-0\" style=\"font-size: .85rem\"><strong title=\"Fecha de Publicaci\u00f3n\"><i class=\"fas fa-calendar-alt\"><\/i><\/strong> Publicado el viernes, 16 de julio de 2021<\/p><\/div><div class=\"col-auto mt-md-0 mt-2\"><a class=\"btn btn-primary btn-lg px-lg-4 d-none d-md-block\" href=\"https:\/\/comunidad.comprasdominicana.gob.do\/\/Public\/Tendering\/OpportunityDetail\/Index?noticeUID=DO1.NTC.945606\" target=\"_blank\" title=\"Detalles\"><i class=\"fas fa-link\"><\/i> DETALLES<\/a><a class=\"btn btn-primary btn-lg px-lg-4 d-block d-md-none\" href=\"https:\/\/comunidad.comprasdominicana.gob.do\/\/Public\/Tendering\/OpportunityDetail\/Index?noticeUID=DO1.NTC.945606\" target=\"_blank\" title=\"Detalles\"><i class=\"fas fa-2x fa-link\"><\/i><\/a><\/div><\/div><\/div><div class=\"jumbotron archivos\"><div class=\"row align-items-center\"><div class=\"col\"><h6><a class=\"text-dark\" href=\"https:\/\/comunidad.comprasdominicana.gob.do\/\/Public\/Tendering\/OpportunityDetail\/Index?noticeUID=DO1.NTC.941433\" title=\"Ver\" target=\"_blank\">INESPRE-UC-CD-2021-0064<\/a><\/h6><p class=\"mb-0 bold\">Servicio de Catering para Taller de Capacitaci\u00f3n<\/p><p class=\"mb-0\" style=\"font-size: .85rem\"><strong title=\"Estado del Proceso\"><i class=\"fas fa-spinner\"><\/i><\/strong> Proceso adjudicado y celebrado<\/p><p class=\"mb-0\" style=\"font-size: .85rem\"><strong title=\"Fecha de Publicaci\u00f3n\"><i class=\"fas fa-calendar-alt\"><\/i><\/strong> Publicado el mi\u00e9rcoles, 7 de julio de 2021<\/p><\/div><div class=\"col-auto mt-md-0 mt-2\"><a class=\"btn btn-primary btn-lg px-lg-4 d-none d-md-block\" href=\"https:\/\/comunidad.comprasdominicana.gob.do\/\/Public\/Tendering\/OpportunityDetail\/Index?noticeUID=DO1.NTC.941433\" target=\"_blank\" title=\"Detalles\"><i class=\"fas fa-link\"><\/i> DETALLES<\/a><a class=\"btn btn-primary btn-lg px-lg-4 d-block d-md-none\" href=\"https:\/\/comunidad.comprasdominicana.gob.do\/\/Public\/Tendering\/OpportunityDetail\/Index?noticeUID=DO1.NTC.941433\" target=\"_blank\" title=\"Detalles\"><i class=\"fas fa-2x fa-link\"><\/i><\/a><\/div><\/div><\/div><div class=\"jumbotron archivos\"><div class=\"row align-items-center\"><div class=\"col\"><h6><a class=\"text-dark\" href=\"https:\/\/comunidad.comprasdominicana.gob.do\/\/Public\/Tendering\/OpportunityDetail\/Index?noticeUID=DO1.NTC.939424\" title=\"Ver\" target=\"_blank\">INESPRE-UC-CD-2021-0063<\/a><\/h6><p class=\"mb-0 bold\">Servicio de Catering para Taller de Capacitaci\u00f3n<\/p><p class=\"mb-0\" style=\"font-size: .85rem\"><strong title=\"Estado del Proceso\"><i class=\"fas fa-spinner\"><\/i><\/strong> Proceso adjudicado y celebrado<\/p><p class=\"mb-0\" style=\"font-size: .85rem\"><strong title=\"Fecha de Publicaci\u00f3n\"><i class=\"fas fa-calendar-alt\"><\/i><\/strong> Publicado el viernes, 2 de julio de 2021<\/p><\/div><div class=\"col-auto mt-md-0 mt-2\"><a class=\"btn btn-primary btn-lg px-lg-4 d-none d-md-block\" href=\"https:\/\/comunidad.comprasdominicana.gob.do\/\/Public\/Tendering\/OpportunityDetail\/Index?noticeUID=DO1.NTC.939424\" target=\"_blank\" title=\"Detalles\"><i class=\"fas fa-link\"><\/i> DETALLES<\/a><a class=\"btn btn-primary btn-lg px-lg-4 d-block d-md-none\" href=\"https:\/\/comunidad.comprasdominicana.gob.do\/\/Public\/Tendering\/OpportunityDetail\/Index?noticeUID=DO1.NTC.939424\" target=\"_blank\" title=\"Detalles\"><i class=\"fas fa-2x fa-link\"><\/i><\/a><\/div><\/div><\/div><div class=\"jumbotron archivos\"><div class=\"row align-items-center\"><div class=\"col\"><h6><a class=\"text-dark\" href=\"https:\/\/comunidad.comprasdominicana.gob.do\/\/Public\/Tendering\/OpportunityDetail\/Index?noticeUID=DO1.NTC.939334\" title=\"Ver\" target=\"_blank\">INESPRE-UC-CD-2021-0062<\/a><\/h6><p class=\"mb-0 bold\">Servicio de Limpieza de Pozos S\u00e9pticos<\/p><p class=\"mb-0\" style=\"font-size: .85rem\"><strong title=\"Estado del Proceso\"><i class=\"fas fa-spinner\"><\/i><\/strong> Proceso adjudicado y celebrado<\/p><p class=\"mb-0\" style=\"font-size: .85rem\"><strong title=\"Fecha de Publicaci\u00f3n\"><i class=\"fas fa-calendar-alt\"><\/i><\/strong> Publicado el jueves, 1 de julio de 2021<\/p><\/div><div class=\"col-auto mt-md-0 mt-2\"><a class=\"btn btn-primary btn-lg px-lg-4 d-none d-md-block\" href=\"https:\/\/comunidad.comprasdominicana.gob.do\/\/Public\/Tendering\/OpportunityDetail\/Index?noticeUID=DO1.NTC.939334\" target=\"_blank\" title=\"Detalles\"><i class=\"fas fa-link\"><\/i> DETALLES<\/a><a class=\"btn btn-primary btn-lg px-lg-4 d-block d-md-none\" href=\"https:\/\/comunidad.comprasdominicana.gob.do\/\/Public\/Tendering\/OpportunityDetail\/Index?noticeUID=DO1.NTC.939334\" target=\"_blank\" title=\"Detalles\"><i class=\"fas fa-2x fa-link\"><\/i><\/a><\/div><\/div><\/div><\/div><\/div><\/div>\n        <div class=\"card\">\n            <div class=\"card-header parents\" id=\"heading_compras-por-debajo-del-umbral-69f73f7454400-2021-69f73f7454400-junio-69f73f7454400\">\n                <p class=\"title text-blue mb-0\">\n                    <a class=\"btn-block hover text-left collapsed\" data-toggle=\"collapse\" data-target=\"#collap_compras-por-debajo-del-umbral-69f73f7454400-2021-69f73f7454400-junio-69f73f7454400\" aria-expanded=\"false\" aria-controls=\"collap_compras-por-debajo-del-umbral-69f73f7454400-2021-69f73f7454400-junio-69f73f7454400\">Junio<\/a>\n                <\/p>\n            <\/div>\n            <div id=\"collap_compras-por-debajo-del-umbral-69f73f7454400-2021-69f73f7454400-junio-69f73f7454400\" class=\"collapse\" aria-labelledby=\"heading_compras-por-debajo-del-umbral-69f73f7454400-2021-69f73f7454400-junio-69f73f7454400\" data-parent=\"#collap_compras-por-debajo-del-umbral-69f73f7454400-2021-69f73f7454400\">\n                <div class=\"card-body\"><div class=\"jumbotron archivos\"><div class=\"row align-items-center\"><div class=\"col\"><h6><a class=\"text-dark\" href=\"https:\/\/comunidad.comprasdominicana.gob.do\/\/Public\/Tendering\/OpportunityDetail\/Index?noticeUID=DO1.NTC.935217\" title=\"Ver\" target=\"_blank\">INESPRE-UC-CD-2021-0058<\/a><\/h6><p class=\"mb-0 bold\">Adquisici\u00f3n de Sellos Gomigrafos Pretintados<\/p><p class=\"mb-0\" style=\"font-size: .85rem\"><strong title=\"Estado del Proceso\"><i class=\"fas fa-spinner\"><\/i><\/strong> Proceso adjudicado y celebrado<\/p><p class=\"mb-0\" style=\"font-size: .85rem\"><strong title=\"Fecha de Publicaci\u00f3n\"><i class=\"fas fa-calendar-alt\"><\/i><\/strong> Publicado el jueves, 24 de junio de 2021<\/p><\/div><div class=\"col-auto mt-md-0 mt-2\"><a class=\"btn btn-primary btn-lg px-lg-4 d-none d-md-block\" href=\"https:\/\/comunidad.comprasdominicana.gob.do\/\/Public\/Tendering\/OpportunityDetail\/Index?noticeUID=DO1.NTC.935217\" target=\"_blank\" title=\"Detalles\"><i class=\"fas fa-link\"><\/i> DETALLES<\/a><a class=\"btn btn-primary btn-lg px-lg-4 d-block d-md-none\" href=\"https:\/\/comunidad.comprasdominicana.gob.do\/\/Public\/Tendering\/OpportunityDetail\/Index?noticeUID=DO1.NTC.935217\" target=\"_blank\" title=\"Detalles\"><i class=\"fas fa-2x fa-link\"><\/i><\/a><\/div><\/div><\/div><div class=\"jumbotron archivos\"><div class=\"row align-items-center\"><div class=\"col\"><h6><a class=\"text-dark\" href=\"https:\/\/comunidad.comprasdominicana.gob.do\/\/Public\/Tendering\/OpportunityDetail\/Index?noticeUID=DO1.NTC.935410\" title=\"Ver\" target=\"_blank\">INESPRE-UC-CD-2021-0059<\/a><\/h6><p class=\"mb-0 bold\">Servicio de Publicaci\u00f3n en Dos (02) Peri\u00f3dicos de circulaci\u00f3n Nacional para el Licitaci\u00f3n Publica Nacional de referencia: INESPRE-CCC-LPN-2021-0001<\/p><p class=\"mb-0\" style=\"font-size: .85rem\"><strong title=\"Estado del Proceso\"><i class=\"fas fa-spinner\"><\/i><\/strong> Proceso adjudicado y celebrado<\/p><p class=\"mb-0\" style=\"font-size: .85rem\"><strong title=\"Fecha de Publicaci\u00f3n\"><i class=\"fas fa-calendar-alt\"><\/i><\/strong> Publicado el jueves, 24 de junio de 2021<\/p><\/div><div class=\"col-auto mt-md-0 mt-2\"><a class=\"btn btn-primary btn-lg px-lg-4 d-none d-md-block\" href=\"https:\/\/comunidad.comprasdominicana.gob.do\/\/Public\/Tendering\/OpportunityDetail\/Index?noticeUID=DO1.NTC.935410\" target=\"_blank\" title=\"Detalles\"><i class=\"fas fa-link\"><\/i> DETALLES<\/a><a class=\"btn btn-primary btn-lg px-lg-4 d-block d-md-none\" href=\"https:\/\/comunidad.comprasdominicana.gob.do\/\/Public\/Tendering\/OpportunityDetail\/Index?noticeUID=DO1.NTC.935410\" target=\"_blank\" title=\"Detalles\"><i class=\"fas fa-2x fa-link\"><\/i><\/a><\/div><\/div><\/div><div class=\"jumbotron archivos\"><div class=\"row align-items-center\"><div class=\"col\"><h6><a class=\"text-dark\" href=\"https:\/\/comunidad.comprasdominicana.gob.do\/\/Public\/Tendering\/OpportunityDetail\/Index?noticeUID=DO1.NTC.935107\" title=\"Ver\" target=\"_blank\">INESPRE-UC-CD-2021-0061<\/a><\/h6><p class=\"mb-0 bold\">Servicio de Catering para Taller de Capacitaci\u00f3n<\/p><p class=\"mb-0\" style=\"font-size: .85rem\"><strong title=\"Estado del Proceso\"><i class=\"fas fa-spinner\"><\/i><\/strong> Proceso adjudicado y celebrado<\/p><p class=\"mb-0\" style=\"font-size: .85rem\"><strong title=\"Fecha de Publicaci\u00f3n\"><i class=\"fas fa-calendar-alt\"><\/i><\/strong> Publicado el jueves, 24 de junio de 2021<\/p><\/div><div class=\"col-auto mt-md-0 mt-2\"><a class=\"btn btn-primary btn-lg px-lg-4 d-none d-md-block\" href=\"https:\/\/comunidad.comprasdominicana.gob.do\/\/Public\/Tendering\/OpportunityDetail\/Index?noticeUID=DO1.NTC.935107\" target=\"_blank\" title=\"Detalles\"><i class=\"fas fa-link\"><\/i> DETALLES<\/a><a class=\"btn btn-primary btn-lg px-lg-4 d-block d-md-none\" href=\"https:\/\/comunidad.comprasdominicana.gob.do\/\/Public\/Tendering\/OpportunityDetail\/Index?noticeUID=DO1.NTC.935107\" target=\"_blank\" title=\"Detalles\"><i class=\"fas fa-2x fa-link\"><\/i><\/a><\/div><\/div><\/div><div class=\"jumbotron archivos\"><div class=\"row align-items-center\"><div class=\"col\"><h6><a class=\"text-dark\" href=\"https:\/\/comunidad.comprasdominicana.gob.do\/\/Public\/Tendering\/OpportunityDetail\/Index?noticeUID=DO1.NTC.934423\" title=\"Ver\" target=\"_blank\">INESPRE-UC-CD-2021-0060<\/a><\/h6><p class=\"mb-0 bold\">Servicio de Catering para Taller de Capacitaci\u00f3n<\/p><p class=\"mb-0\" style=\"font-size: .85rem\"><strong title=\"Estado del Proceso\"><i class=\"fas fa-spinner\"><\/i><\/strong> Proceso adjudicado y celebrado<\/p><p class=\"mb-0\" style=\"font-size: .85rem\"><strong title=\"Fecha de Publicaci\u00f3n\"><i class=\"fas fa-calendar-alt\"><\/i><\/strong> Publicado el mi\u00e9rcoles, 23 de junio de 2021<\/p><\/div><div class=\"col-auto mt-md-0 mt-2\"><a class=\"btn btn-primary btn-lg px-lg-4 d-none d-md-block\" href=\"https:\/\/comunidad.comprasdominicana.gob.do\/\/Public\/Tendering\/OpportunityDetail\/Index?noticeUID=DO1.NTC.934423\" target=\"_blank\" title=\"Detalles\"><i class=\"fas fa-link\"><\/i> DETALLES<\/a><a class=\"btn btn-primary btn-lg px-lg-4 d-block d-md-none\" href=\"https:\/\/comunidad.comprasdominicana.gob.do\/\/Public\/Tendering\/OpportunityDetail\/Index?noticeUID=DO1.NTC.934423\" target=\"_blank\" title=\"Detalles\"><i class=\"fas fa-2x fa-link\"><\/i><\/a><\/div><\/div><\/div><div class=\"jumbotron archivos\"><div class=\"row align-items-center\"><div class=\"col\"><h6><a class=\"text-dark\" href=\"https:\/\/comunidad.comprasdominicana.gob.do\/\/Public\/Tendering\/OpportunityDetail\/Index?noticeUID=DO1.NTC.933332\" title=\"Ver\" target=\"_blank\">INESPRE-UC-CD-2021-0057<\/a><\/h6><p class=\"mb-0 bold\">Servicio de Catering para Taller de Capacitaci\u00f3n<\/p><p class=\"mb-0\" style=\"font-size: .85rem\"><strong title=\"Estado del Proceso\"><i class=\"fas fa-spinner\"><\/i><\/strong> Proceso adjudicado y celebrado<\/p><p class=\"mb-0\" style=\"font-size: .85rem\"><strong title=\"Fecha de Publicaci\u00f3n\"><i class=\"fas fa-calendar-alt\"><\/i><\/strong> Publicado el lunes, 21 de junio de 2021<\/p><\/div><div class=\"col-auto mt-md-0 mt-2\"><a class=\"btn btn-primary btn-lg px-lg-4 d-none d-md-block\" href=\"https:\/\/comunidad.comprasdominicana.gob.do\/\/Public\/Tendering\/OpportunityDetail\/Index?noticeUID=DO1.NTC.933332\" target=\"_blank\" title=\"Detalles\"><i class=\"fas fa-link\"><\/i> DETALLES<\/a><a class=\"btn btn-primary btn-lg px-lg-4 d-block d-md-none\" href=\"https:\/\/comunidad.comprasdominicana.gob.do\/\/Public\/Tendering\/OpportunityDetail\/Index?noticeUID=DO1.NTC.933332\" target=\"_blank\" title=\"Detalles\"><i class=\"fas fa-2x fa-link\"><\/i><\/a><\/div><\/div><\/div><div class=\"jumbotron archivos\"><div class=\"row align-items-center\"><div class=\"col\"><h6><a class=\"text-dark\" href=\"https:\/\/comunidad.comprasdominicana.gob.do\/\/Public\/Tendering\/OpportunityDetail\/Index?noticeUID=DO1.NTC.931710\" title=\"Ver\" target=\"_blank\">INESPRE-UC-CD-2021-0056<\/a><\/h6><p class=\"mb-0 bold\">Servicio de Catering para Taller de Capacitaci\u00f3n<\/p><p class=\"mb-0\" style=\"font-size: .85rem\"><strong title=\"Estado del Proceso\"><i class=\"fas fa-spinner\"><\/i><\/strong> Proceso adjudicado y celebrado<\/p><p class=\"mb-0\" style=\"font-size: .85rem\"><strong title=\"Fecha de Publicaci\u00f3n\"><i class=\"fas fa-calendar-alt\"><\/i><\/strong> Publicado el jueves, 17 de junio de 2021<\/p><\/div><div class=\"col-auto mt-md-0 mt-2\"><a class=\"btn btn-primary btn-lg px-lg-4 d-none d-md-block\" href=\"https:\/\/comunidad.comprasdominicana.gob.do\/\/Public\/Tendering\/OpportunityDetail\/Index?noticeUID=DO1.NTC.931710\" target=\"_blank\" title=\"Detalles\"><i class=\"fas fa-link\"><\/i> DETALLES<\/a><a class=\"btn btn-primary btn-lg px-lg-4 d-block d-md-none\" href=\"https:\/\/comunidad.comprasdominicana.gob.do\/\/Public\/Tendering\/OpportunityDetail\/Index?noticeUID=DO1.NTC.931710\" target=\"_blank\" title=\"Detalles\"><i class=\"fas fa-2x fa-link\"><\/i><\/a><\/div><\/div><\/div><div class=\"jumbotron archivos\"><div class=\"row align-items-center\"><div class=\"col\"><h6><a class=\"text-dark\" href=\"https:\/\/comunidad.comprasdominicana.gob.do\/\/Public\/Tendering\/OpportunityDetail\/Index?noticeUID=DO1.NTC.931506\" title=\"Ver\" target=\"_blank\">INESPRE-UC-CD-2021-0055<\/a><\/h6><p class=\"mb-0 bold\">Servicio de Catering para Taller de Capacitaci\u00f3n<\/p><p class=\"mb-0\" style=\"font-size: .85rem\"><strong title=\"Estado del Proceso\"><i class=\"fas fa-spinner\"><\/i><\/strong> Proceso adjudicado y celebrado<\/p><p class=\"mb-0\" style=\"font-size: .85rem\"><strong title=\"Fecha de Publicaci\u00f3n\"><i class=\"fas fa-calendar-alt\"><\/i><\/strong> Publicado el mi\u00e9rcoles, 16 de junio de 2021<\/p><\/div><div class=\"col-auto mt-md-0 mt-2\"><a class=\"btn btn-primary btn-lg px-lg-4 d-none d-md-block\" href=\"https:\/\/comunidad.comprasdominicana.gob.do\/\/Public\/Tendering\/OpportunityDetail\/Index?noticeUID=DO1.NTC.931506\" target=\"_blank\" title=\"Detalles\"><i class=\"fas fa-link\"><\/i> DETALLES<\/a><a class=\"btn btn-primary btn-lg px-lg-4 d-block d-md-none\" href=\"https:\/\/comunidad.comprasdominicana.gob.do\/\/Public\/Tendering\/OpportunityDetail\/Index?noticeUID=DO1.NTC.931506\" target=\"_blank\" title=\"Detalles\"><i class=\"fas fa-2x fa-link\"><\/i><\/a><\/div><\/div><\/div><div class=\"jumbotron archivos\"><div class=\"row align-items-center\"><div class=\"col\"><h6><a class=\"text-dark\" href=\"https:\/\/comunidad.comprasdominicana.gob.do\/\/Public\/Tendering\/OpportunityDetail\/Index?noticeUID=DO1.NTC.929037\" title=\"Ver\" target=\"_blank\">INESPRE-UC-CD-2021-0054<\/a><\/h6><p class=\"mb-0 bold\">Servicio de Consultor\u00eda de Seguridad de la Informaci\u00f3n <\/p><p class=\"mb-0\" style=\"font-size: .85rem\"><strong title=\"Estado del Proceso\"><i class=\"fas fa-spinner\"><\/i><\/strong> Proceso adjudicado y celebrado<\/p><p class=\"mb-0\" style=\"font-size: .85rem\"><strong title=\"Fecha de Publicaci\u00f3n\"><i class=\"fas fa-calendar-alt\"><\/i><\/strong> Publicado el jueves, 10 de junio de 2021<\/p><\/div><div class=\"col-auto mt-md-0 mt-2\"><a class=\"btn btn-primary btn-lg px-lg-4 d-none d-md-block\" href=\"https:\/\/comunidad.comprasdominicana.gob.do\/\/Public\/Tendering\/OpportunityDetail\/Index?noticeUID=DO1.NTC.929037\" target=\"_blank\" title=\"Detalles\"><i class=\"fas fa-link\"><\/i> DETALLES<\/a><a class=\"btn btn-primary btn-lg px-lg-4 d-block d-md-none\" href=\"https:\/\/comunidad.comprasdominicana.gob.do\/\/Public\/Tendering\/OpportunityDetail\/Index?noticeUID=DO1.NTC.929037\" target=\"_blank\" title=\"Detalles\"><i class=\"fas fa-2x fa-link\"><\/i><\/a><\/div><\/div><\/div><div class=\"jumbotron archivos\"><div class=\"row align-items-center\"><div class=\"col\"><h6><a class=\"text-dark\" href=\"https:\/\/comunidad.comprasdominicana.gob.do\/\/Public\/Tendering\/OpportunityDetail\/Index?noticeUID=DO1.NTC.929128\" title=\"Ver\" target=\"_blank\">INESPRE-UC-CD-2021-0053<\/a><\/h6><p class=\"mb-0 bold\">Servicio de Catering para Taller de Capacitaci\u00f3n<\/p><p class=\"mb-0\" style=\"font-size: .85rem\"><strong title=\"Estado del Proceso\"><i class=\"fas fa-spinner\"><\/i><\/strong> Proceso adjudicado y celebrado<\/p><p class=\"mb-0\" style=\"font-size: .85rem\"><strong title=\"Fecha de Publicaci\u00f3n\"><i class=\"fas fa-calendar-alt\"><\/i><\/strong> Publicado el jueves, 10 de junio de 2021<\/p><\/div><div class=\"col-auto mt-md-0 mt-2\"><a class=\"btn btn-primary btn-lg px-lg-4 d-none d-md-block\" href=\"https:\/\/comunidad.comprasdominicana.gob.do\/\/Public\/Tendering\/OpportunityDetail\/Index?noticeUID=DO1.NTC.929128\" target=\"_blank\" title=\"Detalles\"><i class=\"fas fa-link\"><\/i> DETALLES<\/a><a class=\"btn btn-primary btn-lg px-lg-4 d-block d-md-none\" href=\"https:\/\/comunidad.comprasdominicana.gob.do\/\/Public\/Tendering\/OpportunityDetail\/Index?noticeUID=DO1.NTC.929128\" target=\"_blank\" title=\"Detalles\"><i class=\"fas fa-2x fa-link\"><\/i><\/a><\/div><\/div><\/div><div class=\"jumbotron archivos\"><div class=\"row align-items-center\"><div class=\"col\"><h6><a class=\"text-dark\" href=\"https:\/\/comunidad.comprasdominicana.gob.do\/\/Public\/Tendering\/OpportunityDetail\/Index?noticeUID=DO1.NTC.928740\" title=\"Ver\" target=\"_blank\">INESPRE-UC-CD-2021-0052<\/a><\/h6><p class=\"mb-0 bold\">Servicio de Pulido, Brillado y Cristalizado de Pisos<\/p><p class=\"mb-0\" style=\"font-size: .85rem\"><strong title=\"Estado del Proceso\"><i class=\"fas fa-spinner\"><\/i><\/strong> Proceso adjudicado y celebrado<\/p><p class=\"mb-0\" style=\"font-size: .85rem\"><strong title=\"Fecha de Publicaci\u00f3n\"><i class=\"fas fa-calendar-alt\"><\/i><\/strong> Publicado el jueves, 10 de junio de 2021<\/p><\/div><div class=\"col-auto mt-md-0 mt-2\"><a class=\"btn btn-primary btn-lg px-lg-4 d-none d-md-block\" href=\"https:\/\/comunidad.comprasdominicana.gob.do\/\/Public\/Tendering\/OpportunityDetail\/Index?noticeUID=DO1.NTC.928740\" target=\"_blank\" title=\"Detalles\"><i class=\"fas fa-link\"><\/i> DETALLES<\/a><a class=\"btn btn-primary btn-lg px-lg-4 d-block d-md-none\" href=\"https:\/\/comunidad.comprasdominicana.gob.do\/\/Public\/Tendering\/OpportunityDetail\/Index?noticeUID=DO1.NTC.928740\" target=\"_blank\" title=\"Detalles\"><i class=\"fas fa-2x fa-link\"><\/i><\/a><\/div><\/div><\/div><div class=\"jumbotron archivos\"><div class=\"row align-items-center\"><div class=\"col\"><h6><a class=\"text-dark\" href=\"https:\/\/comunidad.comprasdominicana.gob.do\/\/Public\/Tendering\/OpportunityDetail\/Index?noticeUID=DO1.NTC.926122\" title=\"Ver\" target=\"_blank\">INESPRE-UC-CD-2021-0051<\/a><\/h6><p class=\"mb-0 bold\">Adquisici\u00f3n de Carpa y Banner<\/p><p class=\"mb-0\" style=\"font-size: .85rem\"><strong title=\"Estado del Proceso\"><i class=\"fas fa-spinner\"><\/i><\/strong> Proceso adjudicado y celebrado<\/p><p class=\"mb-0\" style=\"font-size: .85rem\"><strong title=\"Fecha de Publicaci\u00f3n\"><i class=\"fas fa-calendar-alt\"><\/i><\/strong> Publicado el mi\u00e9rcoles, 2 de junio de 2021<\/p><\/div><div class=\"col-auto mt-md-0 mt-2\"><a class=\"btn btn-primary btn-lg px-lg-4 d-none d-md-block\" href=\"https:\/\/comunidad.comprasdominicana.gob.do\/\/Public\/Tendering\/OpportunityDetail\/Index?noticeUID=DO1.NTC.926122\" target=\"_blank\" title=\"Detalles\"><i class=\"fas fa-link\"><\/i> DETALLES<\/a><a class=\"btn btn-primary btn-lg px-lg-4 d-block d-md-none\" href=\"https:\/\/comunidad.comprasdominicana.gob.do\/\/Public\/Tendering\/OpportunityDetail\/Index?noticeUID=DO1.NTC.926122\" target=\"_blank\" title=\"Detalles\"><i class=\"fas fa-2x fa-link\"><\/i><\/a><\/div><\/div><\/div><div class=\"jumbotron archivos\"><div class=\"row align-items-center\"><div class=\"col\"><h6><a class=\"text-dark\" href=\"https:\/\/comunidad.comprasdominicana.gob.do\/\/Public\/Tendering\/OpportunityDetail\/Index?noticeUID=DO1.NTC.925322\" title=\"Ver\" target=\"_blank\">INESPRE-UC-CD-2021-0050<\/a><\/h6><p class=\"mb-0 bold\">Adquisici\u00f3n de Mesas, Sillas y Manteles<\/p><p class=\"mb-0\" style=\"font-size: .85rem\"><strong title=\"Estado del Proceso\"><i class=\"fas fa-spinner\"><\/i><\/strong> Proceso adjudicado y celebrado<\/p><p class=\"mb-0\" style=\"font-size: .85rem\"><strong title=\"Fecha de Publicaci\u00f3n\"><i class=\"fas fa-calendar-alt\"><\/i><\/strong> Publicado el martes, 1 de junio de 2021<\/p><\/div><div class=\"col-auto mt-md-0 mt-2\"><a class=\"btn btn-primary btn-lg px-lg-4 d-none d-md-block\" href=\"https:\/\/comunidad.comprasdominicana.gob.do\/\/Public\/Tendering\/OpportunityDetail\/Index?noticeUID=DO1.NTC.925322\" target=\"_blank\" title=\"Detalles\"><i class=\"fas fa-link\"><\/i> DETALLES<\/a><a class=\"btn btn-primary btn-lg px-lg-4 d-block d-md-none\" href=\"https:\/\/comunidad.comprasdominicana.gob.do\/\/Public\/Tendering\/OpportunityDetail\/Index?noticeUID=DO1.NTC.925322\" target=\"_blank\" title=\"Detalles\"><i class=\"fas fa-2x fa-link\"><\/i><\/a><\/div><\/div><\/div><div class=\"jumbotron archivos\"><div class=\"row align-items-center\"><div class=\"col\"><h6><a class=\"text-dark\" href=\"https:\/\/comunidad.comprasdominicana.gob.do\/\/Public\/Tendering\/OpportunityDetail\/Index?noticeUID=DO1.NTC.925003\" title=\"Ver\" target=\"_blank\">INESPRE-UC-CD-2021-0049<\/a><\/h6><p class=\"mb-0 bold\">Adquisici\u00f3n de Trituradoras  y Guillotinas<\/p><p class=\"mb-0\" style=\"font-size: .85rem\"><strong title=\"Estado del Proceso\"><i class=\"fas fa-spinner\"><\/i><\/strong> Proceso adjudicado y celebrado<\/p><p class=\"mb-0\" style=\"font-size: .85rem\"><strong title=\"Fecha de Publicaci\u00f3n\"><i class=\"fas fa-calendar-alt\"><\/i><\/strong> Publicado el martes, 1 de junio de 2021<\/p><\/div><div class=\"col-auto mt-md-0 mt-2\"><a class=\"btn btn-primary btn-lg px-lg-4 d-none d-md-block\" href=\"https:\/\/comunidad.comprasdominicana.gob.do\/\/Public\/Tendering\/OpportunityDetail\/Index?noticeUID=DO1.NTC.925003\" target=\"_blank\" title=\"Detalles\"><i class=\"fas fa-link\"><\/i> DETALLES<\/a><a class=\"btn btn-primary btn-lg px-lg-4 d-block d-md-none\" href=\"https:\/\/comunidad.comprasdominicana.gob.do\/\/Public\/Tendering\/OpportunityDetail\/Index?noticeUID=DO1.NTC.925003\" target=\"_blank\" title=\"Detalles\"><i class=\"fas fa-2x fa-link\"><\/i><\/a><\/div><\/div><\/div><\/div><\/div><\/div>\n        <div class=\"card\">\n            <div class=\"card-header parents\" id=\"heading_compras-por-debajo-del-umbral-69f73f7454400-2021-69f73f7454400-mayo-69f73f7454400\">\n                <p class=\"title text-blue mb-0\">\n                    <a class=\"btn-block hover text-left collapsed\" data-toggle=\"collapse\" data-target=\"#collap_compras-por-debajo-del-umbral-69f73f7454400-2021-69f73f7454400-mayo-69f73f7454400\" aria-expanded=\"false\" aria-controls=\"collap_compras-por-debajo-del-umbral-69f73f7454400-2021-69f73f7454400-mayo-69f73f7454400\">Mayo<\/a>\n                <\/p>\n            <\/div>\n            <div id=\"collap_compras-por-debajo-del-umbral-69f73f7454400-2021-69f73f7454400-mayo-69f73f7454400\" class=\"collapse\" aria-labelledby=\"heading_compras-por-debajo-del-umbral-69f73f7454400-2021-69f73f7454400-mayo-69f73f7454400\" data-parent=\"#collap_compras-por-debajo-del-umbral-69f73f7454400-2021-69f73f7454400\">\n                <div class=\"card-body\"><div class=\"jumbotron archivos\"><div class=\"row align-items-center\"><div class=\"col\"><h6><a class=\"text-dark\" href=\"https:\/\/comunidad.comprasdominicana.gob.do\/\/Public\/Tendering\/OpportunityDetail\/Index?noticeUID=DO1.NTC.924823\" title=\"Ver\" target=\"_blank\">INESPRE-UC-CD-2021-0048<\/a><\/h6><p class=\"mb-0 bold\">Adquisici\u00f3n de Aires Acondicionados<\/p><p class=\"mb-0\" style=\"font-size: .85rem\"><strong title=\"Estado del Proceso\"><i class=\"fas fa-spinner\"><\/i><\/strong> Proceso adjudicado y celebrado<\/p><p class=\"mb-0\" style=\"font-size: .85rem\"><strong title=\"Fecha de Publicaci\u00f3n\"><i class=\"fas fa-calendar-alt\"><\/i><\/strong> Publicado el lunes, 31 de mayo de 2021<\/p><\/div><div class=\"col-auto mt-md-0 mt-2\"><a class=\"btn btn-primary btn-lg px-lg-4 d-none d-md-block\" href=\"https:\/\/comunidad.comprasdominicana.gob.do\/\/Public\/Tendering\/OpportunityDetail\/Index?noticeUID=DO1.NTC.924823\" target=\"_blank\" title=\"Detalles\"><i class=\"fas fa-link\"><\/i> DETALLES<\/a><a class=\"btn btn-primary btn-lg px-lg-4 d-block d-md-none\" href=\"https:\/\/comunidad.comprasdominicana.gob.do\/\/Public\/Tendering\/OpportunityDetail\/Index?noticeUID=DO1.NTC.924823\" target=\"_blank\" title=\"Detalles\"><i class=\"fas fa-2x fa-link\"><\/i><\/a><\/div><\/div><\/div><div class=\"jumbotron archivos\"><div class=\"row align-items-center\"><div class=\"col\"><h6><a class=\"text-dark\" href=\"https:\/\/comunidad.comprasdominicana.gob.do\/\/Public\/Tendering\/OpportunityDetail\/Index?noticeUID=DO1.NTC.922626\" title=\"Ver\" target=\"_blank\">INESPRE-UC-CD-2021-0047<\/a><\/h6><p class=\"mb-0 bold\">Servicio de Catering para Taller de Capacitaci\u00f3n<\/p><p class=\"mb-0\" style=\"font-size: .85rem\"><strong title=\"Estado del Proceso\"><i class=\"fas fa-spinner\"><\/i><\/strong> Proceso adjudicado y celebrado<\/p><p class=\"mb-0\" style=\"font-size: .85rem\"><strong title=\"Fecha de Publicaci\u00f3n\"><i class=\"fas fa-calendar-alt\"><\/i><\/strong> Publicado el mi\u00e9rcoles, 26 de mayo de 2021<\/p><\/div><div class=\"col-auto mt-md-0 mt-2\"><a class=\"btn btn-primary btn-lg px-lg-4 d-none d-md-block\" href=\"https:\/\/comunidad.comprasdominicana.gob.do\/\/Public\/Tendering\/OpportunityDetail\/Index?noticeUID=DO1.NTC.922626\" target=\"_blank\" title=\"Detalles\"><i class=\"fas fa-link\"><\/i> DETALLES<\/a><a class=\"btn btn-primary btn-lg px-lg-4 d-block d-md-none\" href=\"https:\/\/comunidad.comprasdominicana.gob.do\/\/Public\/Tendering\/OpportunityDetail\/Index?noticeUID=DO1.NTC.922626\" target=\"_blank\" title=\"Detalles\"><i class=\"fas fa-2x fa-link\"><\/i><\/a><\/div><\/div><\/div><div class=\"jumbotron archivos\"><div class=\"row align-items-center\"><div class=\"col\"><h6><a class=\"text-dark\" href=\"https:\/\/comunidad.comprasdominicana.gob.do\/\/Public\/Tendering\/OpportunityDetail\/Index?noticeUID=DO1.NTC.922908\" title=\"Ver\" target=\"_blank\">INESPRE-UC-CD-2021-0046<\/a><\/h6><p class=\"mb-0 bold\">Adquisici\u00f3n de Productos del Control de Plagas<\/p><p class=\"mb-0\" style=\"font-size: .85rem\"><strong title=\"Estado del Proceso\"><i class=\"fas fa-spinner\"><\/i><\/strong> Proceso adjudicado y celebrado<\/p><p class=\"mb-0\" style=\"font-size: .85rem\"><strong title=\"Fecha de Publicaci\u00f3n\"><i class=\"fas fa-calendar-alt\"><\/i><\/strong> Publicado el mi\u00e9rcoles, 26 de mayo de 2021<\/p><\/div><div class=\"col-auto mt-md-0 mt-2\"><a class=\"btn btn-primary btn-lg px-lg-4 d-none d-md-block\" href=\"https:\/\/comunidad.comprasdominicana.gob.do\/\/Public\/Tendering\/OpportunityDetail\/Index?noticeUID=DO1.NTC.922908\" target=\"_blank\" title=\"Detalles\"><i class=\"fas fa-link\"><\/i> DETALLES<\/a><a class=\"btn btn-primary btn-lg px-lg-4 d-block d-md-none\" href=\"https:\/\/comunidad.comprasdominicana.gob.do\/\/Public\/Tendering\/OpportunityDetail\/Index?noticeUID=DO1.NTC.922908\" target=\"_blank\" title=\"Detalles\"><i class=\"fas fa-2x fa-link\"><\/i><\/a><\/div><\/div><\/div><div class=\"jumbotron archivos\"><div class=\"row align-items-center\"><div class=\"col\"><h6><a class=\"text-dark\" href=\"https:\/\/comunidad.comprasdominicana.gob.do\/\/Public\/Tendering\/OpportunityDetail\/Index?noticeUID=DO1.NTC.922021\" title=\"Ver\" target=\"_blank\">INESPRE-UC-CD-2021-0045<\/a><\/h6><p class=\"mb-0 bold\">Servicio de Catering para Taller de Capacitaci\u00f3n<\/p><p class=\"mb-0\" style=\"font-size: .85rem\"><strong title=\"Estado del Proceso\"><i class=\"fas fa-spinner\"><\/i><\/strong> Proceso adjudicado y celebrado<\/p><p class=\"mb-0\" style=\"font-size: .85rem\"><strong title=\"Fecha de Publicaci\u00f3n\"><i class=\"fas fa-calendar-alt\"><\/i><\/strong> Publicado el martes, 25 de mayo de 2021<\/p><\/div><div class=\"col-auto mt-md-0 mt-2\"><a class=\"btn btn-primary btn-lg px-lg-4 d-none d-md-block\" href=\"https:\/\/comunidad.comprasdominicana.gob.do\/\/Public\/Tendering\/OpportunityDetail\/Index?noticeUID=DO1.NTC.922021\" target=\"_blank\" title=\"Detalles\"><i class=\"fas fa-link\"><\/i> DETALLES<\/a><a class=\"btn btn-primary btn-lg px-lg-4 d-block d-md-none\" href=\"https:\/\/comunidad.comprasdominicana.gob.do\/\/Public\/Tendering\/OpportunityDetail\/Index?noticeUID=DO1.NTC.922021\" target=\"_blank\" title=\"Detalles\"><i class=\"fas fa-2x fa-link\"><\/i><\/a><\/div><\/div><\/div><div class=\"jumbotron archivos\"><div class=\"row align-items-center\"><div class=\"col\"><h6><a class=\"text-dark\" href=\"https:\/\/comunidad.comprasdominicana.gob.do\/\/Public\/Tendering\/OpportunityDetail\/Index?noticeUID=DO1.NTC.921841\" title=\"Ver\" target=\"_blank\">INESPRE-UC-CD-2021-0043<\/a><\/h6><p class=\"mb-0 bold\">Adquisici\u00f3n de Arcos Detectores de Metales<\/p><p class=\"mb-0\" style=\"font-size: .85rem\"><strong title=\"Estado del Proceso\"><i class=\"fas fa-spinner\"><\/i><\/strong> Proceso adjudicado y celebrado<\/p><p class=\"mb-0\" style=\"font-size: .85rem\"><strong title=\"Fecha de Publicaci\u00f3n\"><i class=\"fas fa-calendar-alt\"><\/i><\/strong> Publicado el lunes, 24 de mayo de 2021<\/p><\/div><div class=\"col-auto mt-md-0 mt-2\"><a class=\"btn btn-primary btn-lg px-lg-4 d-none d-md-block\" href=\"https:\/\/comunidad.comprasdominicana.gob.do\/\/Public\/Tendering\/OpportunityDetail\/Index?noticeUID=DO1.NTC.921841\" target=\"_blank\" title=\"Detalles\"><i class=\"fas fa-link\"><\/i> DETALLES<\/a><a class=\"btn btn-primary btn-lg px-lg-4 d-block d-md-none\" href=\"https:\/\/comunidad.comprasdominicana.gob.do\/\/Public\/Tendering\/OpportunityDetail\/Index?noticeUID=DO1.NTC.921841\" target=\"_blank\" title=\"Detalles\"><i class=\"fas fa-2x fa-link\"><\/i><\/a><\/div><\/div><\/div><div class=\"jumbotron archivos\"><div class=\"row align-items-center\"><div class=\"col\"><h6><a class=\"text-dark\" href=\"https:\/\/comunidad.comprasdominicana.gob.do\/\/Public\/Tendering\/OpportunityDetail\/Index?noticeUID=DO1.NTC.921725\" title=\"Ver\" target=\"_blank\">INESPRE-UC-CD-2021-0044<\/a><\/h6><p class=\"mb-0 bold\">Servicio de Publicaci\u00f3n Peri\u00f3dico de circulaci\u00f3n Nacional para Promoci\u00f3n<\/p><p class=\"mb-0\" style=\"font-size: .85rem\"><strong title=\"Estado del Proceso\"><i class=\"fas fa-spinner\"><\/i><\/strong> Proceso adjudicado y celebrado<\/p><p class=\"mb-0\" style=\"font-size: .85rem\"><strong title=\"Fecha de Publicaci\u00f3n\"><i class=\"fas fa-calendar-alt\"><\/i><\/strong> Publicado el lunes, 24 de mayo de 2021<\/p><\/div><div class=\"col-auto mt-md-0 mt-2\"><a class=\"btn btn-primary btn-lg px-lg-4 d-none d-md-block\" href=\"https:\/\/comunidad.comprasdominicana.gob.do\/\/Public\/Tendering\/OpportunityDetail\/Index?noticeUID=DO1.NTC.921725\" target=\"_blank\" title=\"Detalles\"><i class=\"fas fa-link\"><\/i> DETALLES<\/a><a class=\"btn btn-primary btn-lg px-lg-4 d-block d-md-none\" href=\"https:\/\/comunidad.comprasdominicana.gob.do\/\/Public\/Tendering\/OpportunityDetail\/Index?noticeUID=DO1.NTC.921725\" target=\"_blank\" title=\"Detalles\"><i class=\"fas fa-2x fa-link\"><\/i><\/a><\/div><\/div><\/div><div class=\"jumbotron archivos\"><div class=\"row align-items-center\"><div class=\"col\"><h6><a class=\"text-dark\" href=\"https:\/\/comunidad.comprasdominicana.gob.do\/\/Public\/Tendering\/OpportunityDetail\/Index?noticeUID=DO1.NTC.921629\" title=\"Ver\" target=\"_blank\">INESPRE-UC-CD-2021-0042<\/a><\/h6><p class=\"mb-0 bold\">Adquisici\u00f3n de T\u00f3ners para Impresoras<\/p><p class=\"mb-0\" style=\"font-size: .85rem\"><strong title=\"Estado del Proceso\"><i class=\"fas fa-spinner\"><\/i><\/strong> Proceso adjudicado y celebrado<\/p><p class=\"mb-0\" style=\"font-size: .85rem\"><strong title=\"Fecha de Publicaci\u00f3n\"><i class=\"fas fa-calendar-alt\"><\/i><\/strong> Publicado el lunes, 24 de mayo de 2021<\/p><\/div><div class=\"col-auto mt-md-0 mt-2\"><a class=\"btn btn-primary btn-lg px-lg-4 d-none d-md-block\" href=\"https:\/\/comunidad.comprasdominicana.gob.do\/\/Public\/Tendering\/OpportunityDetail\/Index?noticeUID=DO1.NTC.921629\" target=\"_blank\" title=\"Detalles\"><i class=\"fas fa-link\"><\/i> DETALLES<\/a><a class=\"btn btn-primary btn-lg px-lg-4 d-block d-md-none\" href=\"https:\/\/comunidad.comprasdominicana.gob.do\/\/Public\/Tendering\/OpportunityDetail\/Index?noticeUID=DO1.NTC.921629\" target=\"_blank\" title=\"Detalles\"><i class=\"fas fa-2x fa-link\"><\/i><\/a><\/div><\/div><\/div><div class=\"jumbotron archivos\"><div class=\"row align-items-center\"><div class=\"col\"><h6><a class=\"text-dark\" href=\"https:\/\/comunidad.comprasdominicana.gob.do\/\/Public\/Tendering\/OpportunityDetail\/Index?noticeUID=DO1.NTC.920521\" title=\"Ver\" target=\"_blank\">INESPRE-UC-CD-2021-0041<\/a><\/h6><p class=\"mb-0 bold\">Adquisici\u00f3n de Utensilios de cocina desechables<\/p><p class=\"mb-0\" style=\"font-size: .85rem\"><strong title=\"Estado del Proceso\"><i class=\"fas fa-spinner\"><\/i><\/strong> Proceso adjudicado y celebrado<\/p><p class=\"mb-0\" style=\"font-size: .85rem\"><strong title=\"Fecha de Publicaci\u00f3n\"><i class=\"fas fa-calendar-alt\"><\/i><\/strong> Publicado el jueves, 20 de mayo de 2021<\/p><\/div><div class=\"col-auto mt-md-0 mt-2\"><a class=\"btn btn-primary btn-lg px-lg-4 d-none d-md-block\" href=\"https:\/\/comunidad.comprasdominicana.gob.do\/\/Public\/Tendering\/OpportunityDetail\/Index?noticeUID=DO1.NTC.920521\" target=\"_blank\" title=\"Detalles\"><i class=\"fas fa-link\"><\/i> DETALLES<\/a><a class=\"btn btn-primary btn-lg px-lg-4 d-block d-md-none\" href=\"https:\/\/comunidad.comprasdominicana.gob.do\/\/Public\/Tendering\/OpportunityDetail\/Index?noticeUID=DO1.NTC.920521\" target=\"_blank\" title=\"Detalles\"><i class=\"fas fa-2x fa-link\"><\/i><\/a><\/div><\/div><\/div><div class=\"jumbotron archivos\"><div class=\"row align-items-center\"><div class=\"col\"><h6><a class=\"text-dark\" href=\"https:\/\/comunidad.comprasdominicana.gob.do\/\/Public\/Tendering\/OpportunityDetail\/Index?noticeUID=DO1.NTC.918419\" title=\"Ver\" target=\"_blank\">INESPRE-UC-CD-2021-0039<\/a><\/h6><p class=\"mb-0 bold\">Adquisici\u00f3n de M\u00e1quinas de Agua a Presi\u00f3n<\/p><p class=\"mb-0\" style=\"font-size: .85rem\"><strong title=\"Estado del Proceso\"><i class=\"fas fa-spinner\"><\/i><\/strong> Proceso adjudicado y celebrado<\/p><p class=\"mb-0\" style=\"font-size: .85rem\"><strong title=\"Fecha de Publicaci\u00f3n\"><i class=\"fas fa-calendar-alt\"><\/i><\/strong> Publicado el lunes, 17 de mayo de 2021<\/p><\/div><div class=\"col-auto mt-md-0 mt-2\"><a class=\"btn btn-primary btn-lg px-lg-4 d-none d-md-block\" href=\"https:\/\/comunidad.comprasdominicana.gob.do\/\/Public\/Tendering\/OpportunityDetail\/Index?noticeUID=DO1.NTC.918419\" target=\"_blank\" title=\"Detalles\"><i class=\"fas fa-link\"><\/i> DETALLES<\/a><a class=\"btn btn-primary btn-lg px-lg-4 d-block d-md-none\" href=\"https:\/\/comunidad.comprasdominicana.gob.do\/\/Public\/Tendering\/OpportunityDetail\/Index?noticeUID=DO1.NTC.918419\" target=\"_blank\" title=\"Detalles\"><i class=\"fas fa-2x fa-link\"><\/i><\/a><\/div><\/div><\/div><div class=\"jumbotron archivos\"><div class=\"row align-items-center\"><div class=\"col\"><h6><a class=\"text-dark\" href=\"https:\/\/comunidad.comprasdominicana.gob.do\/\/Public\/Tendering\/OpportunityDetail\/Index?noticeUID=DO1.NTC.918613\" title=\"Ver\" target=\"_blank\">INESPRE-UC-CD-2021-0040<\/a><\/h6><p class=\"mb-0 bold\">Servicio de Catering para Taller de Capacitaci\u00f3n<\/p><p class=\"mb-0\" style=\"font-size: .85rem\"><strong title=\"Estado del Proceso\"><i class=\"fas fa-spinner\"><\/i><\/strong> Proceso adjudicado y celebrado<\/p><p class=\"mb-0\" style=\"font-size: .85rem\"><strong title=\"Fecha de Publicaci\u00f3n\"><i class=\"fas fa-calendar-alt\"><\/i><\/strong> Publicado el lunes, 17 de mayo de 2021<\/p><\/div><div class=\"col-auto mt-md-0 mt-2\"><a class=\"btn btn-primary btn-lg px-lg-4 d-none d-md-block\" href=\"https:\/\/comunidad.comprasdominicana.gob.do\/\/Public\/Tendering\/OpportunityDetail\/Index?noticeUID=DO1.NTC.918613\" target=\"_blank\" title=\"Detalles\"><i class=\"fas fa-link\"><\/i> DETALLES<\/a><a class=\"btn btn-primary btn-lg px-lg-4 d-block d-md-none\" href=\"https:\/\/comunidad.comprasdominicana.gob.do\/\/Public\/Tendering\/OpportunityDetail\/Index?noticeUID=DO1.NTC.918613\" target=\"_blank\" title=\"Detalles\"><i class=\"fas fa-2x fa-link\"><\/i><\/a><\/div><\/div><\/div><div class=\"jumbotron archivos\"><div class=\"row align-items-center\"><div class=\"col\"><h6><a class=\"text-dark\" href=\"https:\/\/comunidad.comprasdominicana.gob.do\/\/Public\/Tendering\/OpportunityDetail\/Index?noticeUID=DO1.NTC.915433\" title=\"Ver\" target=\"_blank\">INESPRE-UC-CD-2021-0038<\/a><\/h6><p class=\"mb-0 bold\">Servicio de Catering para Taller de Capacitaci\u00f3n<\/p><p class=\"mb-0\" style=\"font-size: .85rem\"><strong title=\"Estado del Proceso\"><i class=\"fas fa-spinner\"><\/i><\/strong> Proceso adjudicado y celebrado<\/p><p class=\"mb-0\" style=\"font-size: .85rem\"><strong title=\"Fecha de Publicaci\u00f3n\"><i class=\"fas fa-calendar-alt\"><\/i><\/strong> Publicado el lunes, 10 de mayo de 2021<\/p><\/div><div class=\"col-auto mt-md-0 mt-2\"><a class=\"btn btn-primary btn-lg px-lg-4 d-none d-md-block\" href=\"https:\/\/comunidad.comprasdominicana.gob.do\/\/Public\/Tendering\/OpportunityDetail\/Index?noticeUID=DO1.NTC.915433\" target=\"_blank\" title=\"Detalles\"><i class=\"fas fa-link\"><\/i> DETALLES<\/a><a class=\"btn btn-primary btn-lg px-lg-4 d-block d-md-none\" href=\"https:\/\/comunidad.comprasdominicana.gob.do\/\/Public\/Tendering\/OpportunityDetail\/Index?noticeUID=DO1.NTC.915433\" target=\"_blank\" title=\"Detalles\"><i class=\"fas fa-2x fa-link\"><\/i><\/a><\/div><\/div><\/div><div class=\"jumbotron archivos\"><div class=\"row align-items-center\"><div class=\"col\"><h6><a class=\"text-dark\" href=\"https:\/\/comunidad.comprasdominicana.gob.do\/\/Public\/Tendering\/OpportunityDetail\/Index?noticeUID=DO1.NTC.915315\" title=\"Ver\" target=\"_blank\">INESPRE-UC-CD-2021-0037<\/a><\/h6><p class=\"mb-0 bold\">Servicio de Publicaci\u00f3n Peri\u00f3dico de circulaci\u00f3n Nacional para Promoci\u00f3n<\/p><p class=\"mb-0\" style=\"font-size: .85rem\"><strong title=\"Estado del Proceso\"><i class=\"fas fa-spinner\"><\/i><\/strong> Proceso adjudicado y celebrado<\/p><p class=\"mb-0\" style=\"font-size: .85rem\"><strong title=\"Fecha de Publicaci\u00f3n\"><i class=\"fas fa-calendar-alt\"><\/i><\/strong> Publicado el lunes, 10 de mayo de 2021<\/p><\/div><div class=\"col-auto mt-md-0 mt-2\"><a class=\"btn btn-primary btn-lg px-lg-4 d-none d-md-block\" href=\"https:\/\/comunidad.comprasdominicana.gob.do\/\/Public\/Tendering\/OpportunityDetail\/Index?noticeUID=DO1.NTC.915315\" target=\"_blank\" title=\"Detalles\"><i class=\"fas fa-link\"><\/i> DETALLES<\/a><a class=\"btn btn-primary btn-lg px-lg-4 d-block d-md-none\" href=\"https:\/\/comunidad.comprasdominicana.gob.do\/\/Public\/Tendering\/OpportunityDetail\/Index?noticeUID=DO1.NTC.915315\" target=\"_blank\" title=\"Detalles\"><i class=\"fas fa-2x fa-link\"><\/i><\/a><\/div><\/div><\/div><div class=\"jumbotron archivos\"><div class=\"row align-items-center\"><div class=\"col\"><h6><a class=\"text-dark\" href=\"https:\/\/comunidad.comprasdominicana.gob.do\/\/Public\/Tendering\/OpportunityDetail\/Index?noticeUID=DO1.NTC.912805\" title=\"Ver\" target=\"_blank\">INESPRE-UC-CD-2021-0036<\/a><\/h6><p class=\"mb-0 bold\">Servicio de Catering para Taller de Capacitaci\u00f3n<\/p><p class=\"mb-0\" style=\"font-size: .85rem\"><strong title=\"Estado del Proceso\"><i class=\"fas fa-spinner\"><\/i><\/strong> Proceso adjudicado y celebrado<\/p><p class=\"mb-0\" style=\"font-size: .85rem\"><strong title=\"Fecha de Publicaci\u00f3n\"><i class=\"fas fa-calendar-alt\"><\/i><\/strong> Publicado el jueves, 6 de mayo de 2021<\/p><\/div><div class=\"col-auto mt-md-0 mt-2\"><a class=\"btn btn-primary btn-lg px-lg-4 d-none d-md-block\" href=\"https:\/\/comunidad.comprasdominicana.gob.do\/\/Public\/Tendering\/OpportunityDetail\/Index?noticeUID=DO1.NTC.912805\" target=\"_blank\" title=\"Detalles\"><i class=\"fas fa-link\"><\/i> DETALLES<\/a><a class=\"btn btn-primary btn-lg px-lg-4 d-block d-md-none\" href=\"https:\/\/comunidad.comprasdominicana.gob.do\/\/Public\/Tendering\/OpportunityDetail\/Index?noticeUID=DO1.NTC.912805\" target=\"_blank\" title=\"Detalles\"><i class=\"fas fa-2x fa-link\"><\/i><\/a><\/div><\/div><\/div><\/div><\/div><\/div>\n        <div class=\"card\">\n            <div class=\"card-header parents\" id=\"heading_compras-por-debajo-del-umbral-69f73f7454400-2021-69f73f7454400-abril-69f73f7454400\">\n                <p class=\"title text-blue mb-0\">\n                    <a class=\"btn-block hover text-left collapsed\" data-toggle=\"collapse\" data-target=\"#collap_compras-por-debajo-del-umbral-69f73f7454400-2021-69f73f7454400-abril-69f73f7454400\" aria-expanded=\"false\" aria-controls=\"collap_compras-por-debajo-del-umbral-69f73f7454400-2021-69f73f7454400-abril-69f73f7454400\">Abril<\/a>\n                <\/p>\n            <\/div>\n            <div id=\"collap_compras-por-debajo-del-umbral-69f73f7454400-2021-69f73f7454400-abril-69f73f7454400\" class=\"collapse\" aria-labelledby=\"heading_compras-por-debajo-del-umbral-69f73f7454400-2021-69f73f7454400-abril-69f73f7454400\" data-parent=\"#collap_compras-por-debajo-del-umbral-69f73f7454400-2021-69f73f7454400\">\n                <div class=\"card-body\"><div class=\"jumbotron archivos\"><div class=\"row align-items-center\"><div class=\"col\"><h6><a class=\"text-dark\" href=\"https:\/\/comunidad.comprasdominicana.gob.do\/\/Public\/Tendering\/OpportunityDetail\/Index?noticeUID=DO1.NTC.910713\" title=\"Ver\" target=\"_blank\">INESPRE-UC-CD-2021-0035<\/a><\/h6><p class=\"mb-0 bold\">Adquisici\u00f3n de P\u00f3diums con logo Personalizado<\/p><p class=\"mb-0\" style=\"font-size: .85rem\"><strong title=\"Estado del Proceso\"><i class=\"fas fa-spinner\"><\/i><\/strong> Proceso adjudicado y celebrado<\/p><p class=\"mb-0\" style=\"font-size: .85rem\"><strong title=\"Fecha de Publicaci\u00f3n\"><i class=\"fas fa-calendar-alt\"><\/i><\/strong> Publicado el viernes, 30 de abril de 2021<\/p><\/div><div class=\"col-auto mt-md-0 mt-2\"><a class=\"btn btn-primary btn-lg px-lg-4 d-none d-md-block\" href=\"https:\/\/comunidad.comprasdominicana.gob.do\/\/Public\/Tendering\/OpportunityDetail\/Index?noticeUID=DO1.NTC.910713\" target=\"_blank\" title=\"Detalles\"><i class=\"fas fa-link\"><\/i> DETALLES<\/a><a class=\"btn btn-primary btn-lg px-lg-4 d-block d-md-none\" href=\"https:\/\/comunidad.comprasdominicana.gob.do\/\/Public\/Tendering\/OpportunityDetail\/Index?noticeUID=DO1.NTC.910713\" target=\"_blank\" title=\"Detalles\"><i class=\"fas fa-2x fa-link\"><\/i><\/a><\/div><\/div><\/div><div class=\"jumbotron archivos\"><div class=\"row align-items-center\"><div class=\"col\"><h6><a class=\"text-dark\" href=\"https:\/\/comunidad.comprasdominicana.gob.do\/\/Public\/Tendering\/OpportunityDetail\/Index?noticeUID=DO1.NTC.909930\" title=\"Ver\" target=\"_blank\">INESPRE-UC-CD-2021-0034<\/a><\/h6><p class=\"mb-0 bold\">Adquisici\u00f3n de Bocinas Karaoke<\/p><p class=\"mb-0\" style=\"font-size: .85rem\"><strong title=\"Estado del Proceso\"><i class=\"fas fa-spinner\"><\/i><\/strong> Proceso adjudicado y celebrado<\/p><p class=\"mb-0\" style=\"font-size: .85rem\"><strong title=\"Fecha de Publicaci\u00f3n\"><i class=\"fas fa-calendar-alt\"><\/i><\/strong> Publicado el jueves, 29 de abril de 2021<\/p><\/div><div class=\"col-auto mt-md-0 mt-2\"><a class=\"btn btn-primary btn-lg px-lg-4 d-none d-md-block\" href=\"https:\/\/comunidad.comprasdominicana.gob.do\/\/Public\/Tendering\/OpportunityDetail\/Index?noticeUID=DO1.NTC.909930\" target=\"_blank\" title=\"Detalles\"><i class=\"fas fa-link\"><\/i> DETALLES<\/a><a class=\"btn btn-primary btn-lg px-lg-4 d-block d-md-none\" href=\"https:\/\/comunidad.comprasdominicana.gob.do\/\/Public\/Tendering\/OpportunityDetail\/Index?noticeUID=DO1.NTC.909930\" target=\"_blank\" title=\"Detalles\"><i class=\"fas fa-2x fa-link\"><\/i><\/a><\/div><\/div><\/div><div class=\"jumbotron archivos\"><div class=\"row align-items-center\"><div class=\"col\"><h6><a class=\"text-dark\" href=\"https:\/\/comunidad.comprasdominicana.gob.do\/\/Public\/Tendering\/OpportunityDetail\/Index?noticeUID=DO1.NTC.910020\" title=\"Ver\" target=\"_blank\">INESPRE-UC-CD-2021-0033<\/a><\/h6><p class=\"mb-0 bold\">Adquisici\u00f3n de Bolsos Promocionales<\/p><p class=\"mb-0\" style=\"font-size: .85rem\"><strong title=\"Estado del Proceso\"><i class=\"fas fa-spinner\"><\/i><\/strong> Proceso adjudicado y celebrado<\/p><p class=\"mb-0\" style=\"font-size: .85rem\"><strong title=\"Fecha de Publicaci\u00f3n\"><i class=\"fas fa-calendar-alt\"><\/i><\/strong> Publicado el jueves, 29 de abril de 2021<\/p><\/div><div class=\"col-auto mt-md-0 mt-2\"><a class=\"btn btn-primary btn-lg px-lg-4 d-none d-md-block\" href=\"https:\/\/comunidad.comprasdominicana.gob.do\/\/Public\/Tendering\/OpportunityDetail\/Index?noticeUID=DO1.NTC.910020\" target=\"_blank\" title=\"Detalles\"><i class=\"fas fa-link\"><\/i> DETALLES<\/a><a class=\"btn btn-primary btn-lg px-lg-4 d-block d-md-none\" href=\"https:\/\/comunidad.comprasdominicana.gob.do\/\/Public\/Tendering\/OpportunityDetail\/Index?noticeUID=DO1.NTC.910020\" target=\"_blank\" title=\"Detalles\"><i class=\"fas fa-2x fa-link\"><\/i><\/a><\/div><\/div><\/div><div class=\"jumbotron archivos\"><div class=\"row align-items-center\"><div class=\"col\"><h6><a class=\"text-dark\" href=\"https:\/\/comunidad.comprasdominicana.gob.do\/\/Public\/Tendering\/OpportunityDetail\/Index?noticeUID=DO1.NTC.905111\" title=\"Ver\" target=\"_blank\">INESPRE-UC-CD-2021-0032<\/a><\/h6><p class=\"mb-0 bold\">Servicio de Alquiler de Computadoras<\/p><p class=\"mb-0\" style=\"font-size: .85rem\"><strong title=\"Estado del Proceso\"><i class=\"fas fa-spinner\"><\/i><\/strong> Proceso adjudicado y celebrado<\/p><p class=\"mb-0\" style=\"font-size: .85rem\"><strong title=\"Fecha de Publicaci\u00f3n\"><i class=\"fas fa-calendar-alt\"><\/i><\/strong> Publicado el viernes, 23 de abril de 2021<\/p><\/div><div class=\"col-auto mt-md-0 mt-2\"><a class=\"btn btn-primary btn-lg px-lg-4 d-none d-md-block\" href=\"https:\/\/comunidad.comprasdominicana.gob.do\/\/Public\/Tendering\/OpportunityDetail\/Index?noticeUID=DO1.NTC.905111\" target=\"_blank\" title=\"Detalles\"><i class=\"fas fa-link\"><\/i> DETALLES<\/a><a class=\"btn btn-primary btn-lg px-lg-4 d-block d-md-none\" href=\"https:\/\/comunidad.comprasdominicana.gob.do\/\/Public\/Tendering\/OpportunityDetail\/Index?noticeUID=DO1.NTC.905111\" target=\"_blank\" title=\"Detalles\"><i class=\"fas fa-2x fa-link\"><\/i><\/a><\/div><\/div><\/div><div class=\"jumbotron archivos\"><div class=\"row align-items-center\"><div class=\"col\"><h6><a class=\"text-dark\" href=\"https:\/\/comunidad.comprasdominicana.gob.do\/\/Public\/Tendering\/OpportunityDetail\/Index?noticeUID=DO1.NTC.900915\" title=\"Ver\" target=\"_blank\">INESPRE-UC-CD-2021-0031<\/a><\/h6><p class=\"mb-0 bold\">Servicio de Construcci\u00f3n de Muros y Mantenimiento para Tanque de Combustible<\/p><p class=\"mb-0\" style=\"font-size: .85rem\"><strong title=\"Estado del Proceso\"><i class=\"fas fa-spinner\"><\/i><\/strong> Proceso adjudicado y celebrado<\/p><p class=\"mb-0\" style=\"font-size: .85rem\"><strong title=\"Fecha de Publicaci\u00f3n\"><i class=\"fas fa-calendar-alt\"><\/i><\/strong> Publicado el jueves, 15 de abril de 2021<\/p><\/div><div class=\"col-auto mt-md-0 mt-2\"><a class=\"btn btn-primary btn-lg px-lg-4 d-none d-md-block\" href=\"https:\/\/comunidad.comprasdominicana.gob.do\/\/Public\/Tendering\/OpportunityDetail\/Index?noticeUID=DO1.NTC.900915\" target=\"_blank\" title=\"Detalles\"><i class=\"fas fa-link\"><\/i> DETALLES<\/a><a class=\"btn btn-primary btn-lg px-lg-4 d-block d-md-none\" href=\"https:\/\/comunidad.comprasdominicana.gob.do\/\/Public\/Tendering\/OpportunityDetail\/Index?noticeUID=DO1.NTC.900915\" target=\"_blank\" title=\"Detalles\"><i class=\"fas fa-2x fa-link\"><\/i><\/a><\/div><\/div><\/div><div class=\"jumbotron archivos\"><div class=\"row align-items-center\"><div class=\"col\"><h6><a class=\"text-dark\" href=\"https:\/\/comunidad.comprasdominicana.gob.do\/\/Public\/Tendering\/OpportunityDetail\/Index?noticeUID=DO1.NTC.897345\" title=\"Ver\" target=\"_blank\">INESPRE-UC-CD-2021-0030<\/a><\/h6><p class=\"mb-0 bold\">Servicio de Picadera y Montaje para eventos de premiaci\u00f3n<\/p><p class=\"mb-0\" style=\"font-size: .85rem\"><strong title=\"Estado del Proceso\"><i class=\"fas fa-spinner\"><\/i><\/strong> Proceso adjudicado y celebrado<\/p><p class=\"mb-0\" style=\"font-size: .85rem\"><strong title=\"Fecha de Publicaci\u00f3n\"><i class=\"fas fa-calendar-alt\"><\/i><\/strong> Publicado el mi\u00e9rcoles, 7 de abril de 2021<\/p><\/div><div class=\"col-auto mt-md-0 mt-2\"><a class=\"btn btn-primary btn-lg px-lg-4 d-none d-md-block\" href=\"https:\/\/comunidad.comprasdominicana.gob.do\/\/Public\/Tendering\/OpportunityDetail\/Index?noticeUID=DO1.NTC.897345\" target=\"_blank\" title=\"Detalles\"><i class=\"fas fa-link\"><\/i> DETALLES<\/a><a class=\"btn btn-primary btn-lg px-lg-4 d-block d-md-none\" href=\"https:\/\/comunidad.comprasdominicana.gob.do\/\/Public\/Tendering\/OpportunityDetail\/Index?noticeUID=DO1.NTC.897345\" target=\"_blank\" title=\"Detalles\"><i class=\"fas fa-2x fa-link\"><\/i><\/a><\/div><\/div><\/div><div class=\"jumbotron archivos\"><div class=\"row align-items-center\"><div class=\"col\"><h6><a class=\"text-dark\" href=\"https:\/\/comunidad.comprasdominicana.gob.do\/\/Public\/Tendering\/OpportunityDetail\/Index?noticeUID=DO1.NTC.897639\" title=\"Ver\" target=\"_blank\">INESPRE-UC-CD-2021-0029<\/a><\/h6><p class=\"mb-0 bold\">Servicio de Picadera para Convenio Interinstitucional<\/p><p class=\"mb-0\" style=\"font-size: .85rem\"><strong title=\"Estado del Proceso\"><i class=\"fas fa-spinner\"><\/i><\/strong> Proceso adjudicado y celebrado<\/p><p class=\"mb-0\" style=\"font-size: .85rem\"><strong title=\"Fecha de Publicaci\u00f3n\"><i class=\"fas fa-calendar-alt\"><\/i><\/strong> Publicado el mi\u00e9rcoles, 7 de abril de 2021<\/p><\/div><div class=\"col-auto mt-md-0 mt-2\"><a class=\"btn btn-primary btn-lg px-lg-4 d-none d-md-block\" href=\"https:\/\/comunidad.comprasdominicana.gob.do\/\/Public\/Tendering\/OpportunityDetail\/Index?noticeUID=DO1.NTC.897639\" target=\"_blank\" title=\"Detalles\"><i class=\"fas fa-link\"><\/i> DETALLES<\/a><a class=\"btn btn-primary btn-lg px-lg-4 d-block d-md-none\" href=\"https:\/\/comunidad.comprasdominicana.gob.do\/\/Public\/Tendering\/OpportunityDetail\/Index?noticeUID=DO1.NTC.897639\" target=\"_blank\" title=\"Detalles\"><i class=\"fas fa-2x fa-link\"><\/i><\/a><\/div><\/div><\/div><\/div><\/div><\/div>\n        <div class=\"card\">\n            <div class=\"card-header parents\" id=\"heading_compras-por-debajo-del-umbral-69f73f7454400-2021-69f73f7454400-marzo-69f73f7454400\">\n                <p class=\"title text-blue mb-0\">\n                    <a class=\"btn-block hover text-left collapsed\" data-toggle=\"collapse\" data-target=\"#collap_compras-por-debajo-del-umbral-69f73f7454400-2021-69f73f7454400-marzo-69f73f7454400\" aria-expanded=\"false\" aria-controls=\"collap_compras-por-debajo-del-umbral-69f73f7454400-2021-69f73f7454400-marzo-69f73f7454400\">Marzo<\/a>\n                <\/p>\n            <\/div>\n            <div id=\"collap_compras-por-debajo-del-umbral-69f73f7454400-2021-69f73f7454400-marzo-69f73f7454400\" class=\"collapse\" aria-labelledby=\"heading_compras-por-debajo-del-umbral-69f73f7454400-2021-69f73f7454400-marzo-69f73f7454400\" data-parent=\"#collap_compras-por-debajo-del-umbral-69f73f7454400-2021-69f73f7454400\">\n                <div class=\"card-body\"><div class=\"jumbotron archivos\"><div class=\"row align-items-center\"><div class=\"col\"><h6><a class=\"text-dark\" href=\"https:\/\/comunidad.comprasdominicana.gob.do\/\/Public\/Tendering\/OpportunityDetail\/Index?noticeUID=DO1.NTC.891554\" title=\"Ver\" target=\"_blank\">INESPRE-UC-CD-2021-0028<\/a><\/h6><p class=\"mb-0 bold\">Adquisisci\u00f3n de Buzones y Letreros<\/p><p class=\"mb-0\" style=\"font-size: .85rem\"><strong title=\"Estado del Proceso\"><i class=\"fas fa-spinner\"><\/i><\/strong> Proceso adjudicado y celebrado<\/p><p class=\"mb-0\" style=\"font-size: .85rem\"><strong title=\"Fecha de Publicaci\u00f3n\"><i class=\"fas fa-calendar-alt\"><\/i><\/strong> Publicado el martes, 23 de marzo de 2021<\/p><\/div><div class=\"col-auto mt-md-0 mt-2\"><a class=\"btn btn-primary btn-lg px-lg-4 d-none d-md-block\" href=\"https:\/\/comunidad.comprasdominicana.gob.do\/\/Public\/Tendering\/OpportunityDetail\/Index?noticeUID=DO1.NTC.891554\" target=\"_blank\" title=\"Detalles\"><i class=\"fas fa-link\"><\/i> DETALLES<\/a><a class=\"btn btn-primary btn-lg px-lg-4 d-block d-md-none\" href=\"https:\/\/comunidad.comprasdominicana.gob.do\/\/Public\/Tendering\/OpportunityDetail\/Index?noticeUID=DO1.NTC.891554\" target=\"_blank\" title=\"Detalles\"><i class=\"fas fa-2x fa-link\"><\/i><\/a><\/div><\/div><\/div><div class=\"jumbotron archivos\"><div class=\"row align-items-center\"><div class=\"col\"><h6><a class=\"text-dark\" href=\"https:\/\/comunidad.comprasdominicana.gob.do\/\/Public\/Tendering\/OpportunityDetail\/Index?noticeUID=DO1.NTC.889426\" title=\"Ver\" target=\"_blank\">INESPRE-UC-CD-2021-0027<\/a><\/h6><p class=\"mb-0 bold\">Servicio de Catering para evento de capacitaci\u00f3n<\/p><p class=\"mb-0\" style=\"font-size: .85rem\"><strong title=\"Estado del Proceso\"><i class=\"fas fa-spinner\"><\/i><\/strong> Proceso adjudicado y celebrado<\/p><p class=\"mb-0\" style=\"font-size: .85rem\"><strong title=\"Fecha de Publicaci\u00f3n\"><i class=\"fas fa-calendar-alt\"><\/i><\/strong> Publicado el jueves, 18 de marzo de 2021<\/p><\/div><div class=\"col-auto mt-md-0 mt-2\"><a class=\"btn btn-primary btn-lg px-lg-4 d-none d-md-block\" href=\"https:\/\/comunidad.comprasdominicana.gob.do\/\/Public\/Tendering\/OpportunityDetail\/Index?noticeUID=DO1.NTC.889426\" target=\"_blank\" title=\"Detalles\"><i class=\"fas fa-link\"><\/i> DETALLES<\/a><a class=\"btn btn-primary btn-lg px-lg-4 d-block d-md-none\" href=\"https:\/\/comunidad.comprasdominicana.gob.do\/\/Public\/Tendering\/OpportunityDetail\/Index?noticeUID=DO1.NTC.889426\" target=\"_blank\" title=\"Detalles\"><i class=\"fas fa-2x fa-link\"><\/i><\/a><\/div><\/div><\/div><div class=\"jumbotron archivos\"><div class=\"row align-items-center\"><div class=\"col\"><h6><a class=\"text-dark\" href=\"https:\/\/comunidad.comprasdominicana.gob.do\/\/Public\/Tendering\/OpportunityDetail\/Index?noticeUID=DO1.NTC.887936\" title=\"Ver\" target=\"_blank\">INESPRE-UC-CD-2021-0026<\/a><\/h6><p class=\"mb-0 bold\">Servicio de Picadera para firma de Convenio Interinstitucional<\/p><p class=\"mb-0\" style=\"font-size: .85rem\"><strong title=\"Estado del Proceso\"><i class=\"fas fa-spinner\"><\/i><\/strong> Proceso adjudicado y celebrado<\/p><p class=\"mb-0\" style=\"font-size: .85rem\"><strong title=\"Fecha de Publicaci\u00f3n\"><i class=\"fas fa-calendar-alt\"><\/i><\/strong> Publicado el lunes, 15 de marzo de 2021<\/p><\/div><div class=\"col-auto mt-md-0 mt-2\"><a class=\"btn btn-primary btn-lg px-lg-4 d-none d-md-block\" href=\"https:\/\/comunidad.comprasdominicana.gob.do\/\/Public\/Tendering\/OpportunityDetail\/Index?noticeUID=DO1.NTC.887936\" target=\"_blank\" title=\"Detalles\"><i class=\"fas fa-link\"><\/i> DETALLES<\/a><a class=\"btn btn-primary btn-lg px-lg-4 d-block d-md-none\" href=\"https:\/\/comunidad.comprasdominicana.gob.do\/\/Public\/Tendering\/OpportunityDetail\/Index?noticeUID=DO1.NTC.887936\" target=\"_blank\" title=\"Detalles\"><i class=\"fas fa-2x fa-link\"><\/i><\/a><\/div><\/div><\/div><div class=\"jumbotron archivos\"><div class=\"row align-items-center\"><div class=\"col\"><h6><a class=\"text-dark\" href=\"https:\/\/comunidad.comprasdominicana.gob.do\/\/Public\/Tendering\/OpportunityDetail\/Index?noticeUID=DO1.NTC.885119\" title=\"Ver\" target=\"_blank\">INESPRE-UC-CD-2021-0025<\/a><\/h6><p class=\"mb-0 bold\">Servicio de Catering para firma de convenio interinstitucionales<\/p><p class=\"mb-0\" style=\"font-size: .85rem\"><strong title=\"Estado del Proceso\"><i class=\"fas fa-spinner\"><\/i><\/strong> Proceso adjudicado y celebrado<\/p><p class=\"mb-0\" style=\"font-size: .85rem\"><strong title=\"Fecha de Publicaci\u00f3n\"><i class=\"fas fa-calendar-alt\"><\/i><\/strong> Publicado el mi\u00e9rcoles, 10 de marzo de 2021<\/p><\/div><div class=\"col-auto mt-md-0 mt-2\"><a class=\"btn btn-primary btn-lg px-lg-4 d-none d-md-block\" href=\"https:\/\/comunidad.comprasdominicana.gob.do\/\/Public\/Tendering\/OpportunityDetail\/Index?noticeUID=DO1.NTC.885119\" target=\"_blank\" title=\"Detalles\"><i class=\"fas fa-link\"><\/i> DETALLES<\/a><a class=\"btn btn-primary btn-lg px-lg-4 d-block d-md-none\" href=\"https:\/\/comunidad.comprasdominicana.gob.do\/\/Public\/Tendering\/OpportunityDetail\/Index?noticeUID=DO1.NTC.885119\" target=\"_blank\" title=\"Detalles\"><i class=\"fas fa-2x fa-link\"><\/i><\/a><\/div><\/div><\/div><div class=\"jumbotron archivos\"><div class=\"row align-items-center\"><div class=\"col\"><h6><a class=\"text-dark\" href=\"https:\/\/comunidad.comprasdominicana.gob.do\/\/Public\/Tendering\/OpportunityDetail\/Index?noticeUID=DO1.NTC.885012\" title=\"Ver\" target=\"_blank\">INESPRE-UC-CD-2021-0024<\/a><\/h6><p class=\"mb-0 bold\">Adquisici\u00f3n de Herramienta de Manos<\/p><p class=\"mb-0\" style=\"font-size: .85rem\"><strong title=\"Estado del Proceso\"><i class=\"fas fa-spinner\"><\/i><\/strong> Proceso adjudicado y celebrado<\/p><p class=\"mb-0\" style=\"font-size: .85rem\"><strong title=\"Fecha de Publicaci\u00f3n\"><i class=\"fas fa-calendar-alt\"><\/i><\/strong> Publicado el martes, 9 de marzo de 2021<\/p><\/div><div class=\"col-auto mt-md-0 mt-2\"><a class=\"btn btn-primary btn-lg px-lg-4 d-none d-md-block\" href=\"https:\/\/comunidad.comprasdominicana.gob.do\/\/Public\/Tendering\/OpportunityDetail\/Index?noticeUID=DO1.NTC.885012\" target=\"_blank\" title=\"Detalles\"><i class=\"fas fa-link\"><\/i> DETALLES<\/a><a class=\"btn btn-primary btn-lg px-lg-4 d-block d-md-none\" href=\"https:\/\/comunidad.comprasdominicana.gob.do\/\/Public\/Tendering\/OpportunityDetail\/Index?noticeUID=DO1.NTC.885012\" target=\"_blank\" title=\"Detalles\"><i class=\"fas fa-2x fa-link\"><\/i><\/a><\/div><\/div><\/div><div class=\"jumbotron archivos\"><div class=\"row align-items-center\"><div class=\"col\"><h6><a class=\"text-dark\" href=\"https:\/\/comunidad.comprasdominicana.gob.do\/\/Public\/Tendering\/OpportunityDetail\/Index?noticeUID=DO1.NTC.882236\" title=\"Ver\" target=\"_blank\">INESPRE-UC-CD-2021-0023<\/a><\/h6><p class=\"mb-0 bold\">Adquisici\u00f3n de Pulseras Promocionales<\/p><p class=\"mb-0\" style=\"font-size: .85rem\"><strong title=\"Estado del Proceso\"><i class=\"fas fa-spinner\"><\/i><\/strong> Proceso adjudicado y celebrado<\/p><p class=\"mb-0\" style=\"font-size: .85rem\"><strong title=\"Fecha de Publicaci\u00f3n\"><i class=\"fas fa-calendar-alt\"><\/i><\/strong> Publicado el jueves, 4 de marzo de 2021<\/p><\/div><div class=\"col-auto mt-md-0 mt-2\"><a class=\"btn btn-primary btn-lg px-lg-4 d-none d-md-block\" href=\"https:\/\/comunidad.comprasdominicana.gob.do\/\/Public\/Tendering\/OpportunityDetail\/Index?noticeUID=DO1.NTC.882236\" target=\"_blank\" title=\"Detalles\"><i class=\"fas fa-link\"><\/i> DETALLES<\/a><a class=\"btn btn-primary btn-lg px-lg-4 d-block d-md-none\" href=\"https:\/\/comunidad.comprasdominicana.gob.do\/\/Public\/Tendering\/OpportunityDetail\/Index?noticeUID=DO1.NTC.882236\" target=\"_blank\" title=\"Detalles\"><i class=\"fas fa-2x fa-link\"><\/i><\/a><\/div><\/div><\/div><div class=\"jumbotron archivos\"><div class=\"row align-items-center\"><div class=\"col\"><h6><a class=\"text-dark\" href=\"https:\/\/comunidad.comprasdominicana.gob.do\/\/Public\/Tendering\/OpportunityDetail\/Index?noticeUID=DO1.NTC.882418\" title=\"Ver\" target=\"_blank\">INESPRE-UC-CD-2021-0022<\/a><\/h6><p class=\"mb-0 bold\">Adquisici\u00f3n de M\u00e1quina Sumadoras<\/p><p class=\"mb-0\" style=\"font-size: .85rem\"><strong title=\"Estado del Proceso\"><i class=\"fas fa-spinner\"><\/i><\/strong> Proceso adjudicado y celebrado<\/p><p class=\"mb-0\" style=\"font-size: .85rem\"><strong title=\"Fecha de Publicaci\u00f3n\"><i class=\"fas fa-calendar-alt\"><\/i><\/strong> Publicado el jueves, 4 de marzo de 2021<\/p><\/div><div class=\"col-auto mt-md-0 mt-2\"><a class=\"btn btn-primary btn-lg px-lg-4 d-none d-md-block\" href=\"https:\/\/comunidad.comprasdominicana.gob.do\/\/Public\/Tendering\/OpportunityDetail\/Index?noticeUID=DO1.NTC.882418\" target=\"_blank\" title=\"Detalles\"><i class=\"fas fa-link\"><\/i> DETALLES<\/a><a class=\"btn btn-primary btn-lg px-lg-4 d-block d-md-none\" href=\"https:\/\/comunidad.comprasdominicana.gob.do\/\/Public\/Tendering\/OpportunityDetail\/Index?noticeUID=DO1.NTC.882418\" target=\"_blank\" title=\"Detalles\"><i class=\"fas fa-2x fa-link\"><\/i><\/a><\/div><\/div><\/div><div class=\"jumbotron archivos\"><div class=\"row align-items-center\"><div class=\"col\"><h6><a class=\"text-dark\" href=\"https:\/\/comunidad.comprasdominicana.gob.do\/\/Public\/Tendering\/OpportunityDetail\/Index?noticeUID=DO1.NTC.882214\" title=\"Ver\" target=\"_blank\">INESPRE-UC-CD-2021-0021<\/a><\/h6><p class=\"mb-0 bold\">Servicio de Publicaci\u00f3n en Dos (02) Peri\u00f3dicos de circulaci\u00f3n Nacional para el Proceso de Urgencia de referencia: INESPRE-MAE-PEUR-2021-0002.<\/p><p class=\"mb-0\" style=\"font-size: .85rem\"><strong title=\"Estado del Proceso\"><i class=\"fas fa-spinner\"><\/i><\/strong> Proceso adjudicado y celebrado<\/p><p class=\"mb-0\" style=\"font-size: .85rem\"><strong title=\"Fecha de Publicaci\u00f3n\"><i class=\"fas fa-calendar-alt\"><\/i><\/strong> Publicado el jueves, 4 de marzo de 2021<\/p><\/div><div class=\"col-auto mt-md-0 mt-2\"><a class=\"btn btn-primary btn-lg px-lg-4 d-none d-md-block\" href=\"https:\/\/comunidad.comprasdominicana.gob.do\/\/Public\/Tendering\/OpportunityDetail\/Index?noticeUID=DO1.NTC.882214\" target=\"_blank\" title=\"Detalles\"><i class=\"fas fa-link\"><\/i> DETALLES<\/a><a class=\"btn btn-primary btn-lg px-lg-4 d-block d-md-none\" href=\"https:\/\/comunidad.comprasdominicana.gob.do\/\/Public\/Tendering\/OpportunityDetail\/Index?noticeUID=DO1.NTC.882214\" target=\"_blank\" title=\"Detalles\"><i class=\"fas fa-2x fa-link\"><\/i><\/a><\/div><\/div><\/div><div class=\"jumbotron archivos\"><div class=\"row align-items-center\"><div class=\"col\"><h6><a class=\"text-dark\" href=\"https:\/\/comunidad.comprasdominicana.gob.do\/\/Public\/Tendering\/OpportunityDetail\/Index?noticeUID=DO1.NTC.882212\" title=\"Ver\" target=\"_blank\">INESPRE-UC-CD-2021-0020<\/a><\/h6><p class=\"mb-0 bold\">Adquisici\u00f3n de Arreglos de Flores<\/p><p class=\"mb-0\" style=\"font-size: .85rem\"><strong title=\"Estado del Proceso\"><i class=\"fas fa-spinner\"><\/i><\/strong> Proceso adjudicado y celebrado<\/p><p class=\"mb-0\" style=\"font-size: .85rem\"><strong title=\"Fecha de Publicaci\u00f3n\"><i class=\"fas fa-calendar-alt\"><\/i><\/strong> Publicado el jueves, 4 de marzo de 2021<\/p><\/div><div class=\"col-auto mt-md-0 mt-2\"><a class=\"btn btn-primary btn-lg px-lg-4 d-none d-md-block\" href=\"https:\/\/comunidad.comprasdominicana.gob.do\/\/Public\/Tendering\/OpportunityDetail\/Index?noticeUID=DO1.NTC.882212\" target=\"_blank\" title=\"Detalles\"><i class=\"fas fa-link\"><\/i> DETALLES<\/a><a class=\"btn btn-primary btn-lg px-lg-4 d-block d-md-none\" href=\"https:\/\/comunidad.comprasdominicana.gob.do\/\/Public\/Tendering\/OpportunityDetail\/Index?noticeUID=DO1.NTC.882212\" target=\"_blank\" title=\"Detalles\"><i class=\"fas fa-2x fa-link\"><\/i><\/a><\/div><\/div><\/div><div class=\"jumbotron archivos\"><div class=\"row align-items-center\"><div class=\"col\"><h6><a class=\"text-dark\" href=\"https:\/\/comunidad.comprasdominicana.gob.do\/\/Public\/Tendering\/OpportunityDetail\/Index?noticeUID=DO1.NTC.882210\" title=\"Ver\" target=\"_blank\">INESPRE-UC-CD-2021-0019<\/a><\/h6><p class=\"mb-0 bold\">Adquisici\u00f3n de Lubricantes y Filtros<\/p><p class=\"mb-0\" style=\"font-size: .85rem\"><strong title=\"Estado del Proceso\"><i class=\"fas fa-spinner\"><\/i><\/strong> Proceso adjudicado y celebrado<\/p><p class=\"mb-0\" style=\"font-size: .85rem\"><strong title=\"Fecha de Publicaci\u00f3n\"><i class=\"fas fa-calendar-alt\"><\/i><\/strong> Publicado el jueves, 4 de marzo de 2021<\/p><\/div><div class=\"col-auto mt-md-0 mt-2\"><a class=\"btn btn-primary btn-lg px-lg-4 d-none d-md-block\" href=\"https:\/\/comunidad.comprasdominicana.gob.do\/\/Public\/Tendering\/OpportunityDetail\/Index?noticeUID=DO1.NTC.882210\" target=\"_blank\" title=\"Detalles\"><i class=\"fas fa-link\"><\/i> DETALLES<\/a><a class=\"btn btn-primary btn-lg px-lg-4 d-block d-md-none\" href=\"https:\/\/comunidad.comprasdominicana.gob.do\/\/Public\/Tendering\/OpportunityDetail\/Index?noticeUID=DO1.NTC.882210\" target=\"_blank\" title=\"Detalles\"><i class=\"fas fa-2x fa-link\"><\/i><\/a><\/div><\/div><\/div><\/div><\/div><\/div>\n        <div class=\"card\">\n            <div class=\"card-header parents\" id=\"heading_compras-por-debajo-del-umbral-69f73f7454400-2021-69f73f7454400-febrero-69f73f7454400\">\n                <p class=\"title text-blue mb-0\">\n                    <a class=\"btn-block hover text-left collapsed\" data-toggle=\"collapse\" data-target=\"#collap_compras-por-debajo-del-umbral-69f73f7454400-2021-69f73f7454400-febrero-69f73f7454400\" aria-expanded=\"false\" aria-controls=\"collap_compras-por-debajo-del-umbral-69f73f7454400-2021-69f73f7454400-febrero-69f73f7454400\">Febrero<\/a>\n                <\/p>\n            <\/div>\n            <div id=\"collap_compras-por-debajo-del-umbral-69f73f7454400-2021-69f73f7454400-febrero-69f73f7454400\" class=\"collapse\" aria-labelledby=\"heading_compras-por-debajo-del-umbral-69f73f7454400-2021-69f73f7454400-febrero-69f73f7454400\" data-parent=\"#collap_compras-por-debajo-del-umbral-69f73f7454400-2021-69f73f7454400\">\n                <div class=\"card-body\"><div class=\"jumbotron archivos\"><div class=\"row align-items-center\"><div class=\"col\"><h6><a class=\"text-dark\" href=\"https:\/\/comunidad.comprasdominicana.gob.do\/\/Public\/Tendering\/OpportunityDetail\/Index?noticeUID=DO1.NTC.878408\" title=\"Ver\" target=\"_blank\">INESPRE-UC-CD-2021-0018<\/a><\/h6><p class=\"mb-0 bold\">Adquisici\u00f3n de Papel de Ba\u00f1o y Servilletas<\/p><p class=\"mb-0\" style=\"font-size: .85rem\"><strong title=\"Estado del Proceso\"><i class=\"fas fa-spinner\"><\/i><\/strong> Proceso adjudicado y celebrado<\/p><p class=\"mb-0\" style=\"font-size: .85rem\"><strong title=\"Fecha de Publicaci\u00f3n\"><i class=\"fas fa-calendar-alt\"><\/i><\/strong> Publicado el mi\u00e9rcoles, 24 de febrero de 2021<\/p><\/div><div class=\"col-auto mt-md-0 mt-2\"><a class=\"btn btn-primary btn-lg px-lg-4 d-none d-md-block\" href=\"https:\/\/comunidad.comprasdominicana.gob.do\/\/Public\/Tendering\/OpportunityDetail\/Index?noticeUID=DO1.NTC.878408\" target=\"_blank\" title=\"Detalles\"><i class=\"fas fa-link\"><\/i> DETALLES<\/a><a class=\"btn btn-primary btn-lg px-lg-4 d-block d-md-none\" href=\"https:\/\/comunidad.comprasdominicana.gob.do\/\/Public\/Tendering\/OpportunityDetail\/Index?noticeUID=DO1.NTC.878408\" target=\"_blank\" title=\"Detalles\"><i class=\"fas fa-2x fa-link\"><\/i><\/a><\/div><\/div><\/div><div class=\"jumbotron archivos\"><div class=\"row align-items-center\"><div class=\"col\"><h6><a class=\"text-dark\" href=\"https:\/\/comunidad.comprasdominicana.gob.do\/\/Public\/Tendering\/OpportunityDetail\/Index?noticeUID=DO1.NTC.874833\" title=\"Ver\" target=\"_blank\">INESPRE-UC-CD-2021-0017<\/a><\/h6><p class=\"mb-0 bold\">Adquisici\u00f3n de Productos Alimenticios para uso Institucional<\/p><p class=\"mb-0\" style=\"font-size: .85rem\"><strong title=\"Estado del Proceso\"><i class=\"fas fa-spinner\"><\/i><\/strong> Proceso adjudicado y celebrado<\/p><p class=\"mb-0\" style=\"font-size: .85rem\"><strong title=\"Fecha de Publicaci\u00f3n\"><i class=\"fas fa-calendar-alt\"><\/i><\/strong> Publicado el martes, 16 de febrero de 2021<\/p><\/div><div class=\"col-auto mt-md-0 mt-2\"><a class=\"btn btn-primary btn-lg px-lg-4 d-none d-md-block\" href=\"https:\/\/comunidad.comprasdominicana.gob.do\/\/Public\/Tendering\/OpportunityDetail\/Index?noticeUID=DO1.NTC.874833\" target=\"_blank\" title=\"Detalles\"><i class=\"fas fa-link\"><\/i> DETALLES<\/a><a class=\"btn btn-primary btn-lg px-lg-4 d-block d-md-none\" href=\"https:\/\/comunidad.comprasdominicana.gob.do\/\/Public\/Tendering\/OpportunityDetail\/Index?noticeUID=DO1.NTC.874833\" target=\"_blank\" title=\"Detalles\"><i class=\"fas fa-2x fa-link\"><\/i><\/a><\/div><\/div><\/div><div class=\"jumbotron archivos\"><div class=\"row align-items-center\"><div class=\"col\"><h6><a class=\"text-dark\" href=\"https:\/\/comunidad.comprasdominicana.gob.do\/\/Public\/Tendering\/OpportunityDetail\/Index?noticeUID=DO1.NTC.875319\" title=\"Ver\" target=\"_blank\">INESPRE-UC-CD-2021-0016<\/a><\/h6><p class=\"mb-0 bold\">Adquisici\u00f3n de Utensilios de cocina desechables y bebidas<\/p><p class=\"mb-0\" style=\"font-size: .85rem\"><strong title=\"Estado del Proceso\"><i class=\"fas fa-spinner\"><\/i><\/strong> Proceso adjudicado y celebrado<\/p><p class=\"mb-0\" style=\"font-size: .85rem\"><strong title=\"Fecha de Publicaci\u00f3n\"><i class=\"fas fa-calendar-alt\"><\/i><\/strong> Publicado el martes, 16 de febrero de 2021<\/p><\/div><div class=\"col-auto mt-md-0 mt-2\"><a class=\"btn btn-primary btn-lg px-lg-4 d-none d-md-block\" href=\"https:\/\/comunidad.comprasdominicana.gob.do\/\/Public\/Tendering\/OpportunityDetail\/Index?noticeUID=DO1.NTC.875319\" target=\"_blank\" title=\"Detalles\"><i class=\"fas fa-link\"><\/i> DETALLES<\/a><a class=\"btn btn-primary btn-lg px-lg-4 d-block d-md-none\" href=\"https:\/\/comunidad.comprasdominicana.gob.do\/\/Public\/Tendering\/OpportunityDetail\/Index?noticeUID=DO1.NTC.875319\" target=\"_blank\" title=\"Detalles\"><i class=\"fas fa-2x fa-link\"><\/i><\/a><\/div><\/div><\/div><div class=\"jumbotron archivos\"><div class=\"row align-items-center\"><div class=\"col\"><h6><a class=\"text-dark\" href=\"https:\/\/comunidad.comprasdominicana.gob.do\/\/Public\/Tendering\/OpportunityDetail\/Index?noticeUID=DO1.NTC.875114\" title=\"Ver\" target=\"_blank\">INESPRE-UC-CD-2021-0015<\/a><\/h6><p class=\"mb-0 bold\">Adquisici\u00f3n de Banner<\/p><p class=\"mb-0\" style=\"font-size: .85rem\"><strong title=\"Estado del Proceso\"><i class=\"fas fa-spinner\"><\/i><\/strong> Proceso adjudicado y celebrado<\/p><p class=\"mb-0\" style=\"font-size: .85rem\"><strong title=\"Fecha de Publicaci\u00f3n\"><i class=\"fas fa-calendar-alt\"><\/i><\/strong> Publicado el martes, 16 de febrero de 2021<\/p><\/div><div class=\"col-auto mt-md-0 mt-2\"><a class=\"btn btn-primary btn-lg px-lg-4 d-none d-md-block\" href=\"https:\/\/comunidad.comprasdominicana.gob.do\/\/Public\/Tendering\/OpportunityDetail\/Index?noticeUID=DO1.NTC.875114\" target=\"_blank\" title=\"Detalles\"><i class=\"fas fa-link\"><\/i> DETALLES<\/a><a class=\"btn btn-primary btn-lg px-lg-4 d-block d-md-none\" href=\"https:\/\/comunidad.comprasdominicana.gob.do\/\/Public\/Tendering\/OpportunityDetail\/Index?noticeUID=DO1.NTC.875114\" target=\"_blank\" title=\"Detalles\"><i class=\"fas fa-2x fa-link\"><\/i><\/a><\/div><\/div><\/div><div class=\"jumbotron archivos\"><div class=\"row align-items-center\"><div class=\"col\"><h6><a class=\"text-dark\" href=\"https:\/\/comunidad.comprasdominicana.gob.do\/\/Public\/Tendering\/OpportunityDetail\/Index?noticeUID=DO1.NTC.872426\" title=\"Ver\" target=\"_blank\">INESPRE-UC-CD-2021-0014<\/a><\/h6><p class=\"mb-0 bold\">Servicio de Refrigerio y Almuerzo para Operativo de toma de muestra COVID-19<\/p><p class=\"mb-0\" style=\"font-size: .85rem\"><strong title=\"Estado del Proceso\"><i class=\"fas fa-spinner\"><\/i><\/strong> Proceso adjudicado y celebrado<\/p><p class=\"mb-0\" style=\"font-size: .85rem\"><strong title=\"Fecha de Publicaci\u00f3n\"><i class=\"fas fa-calendar-alt\"><\/i><\/strong> Publicado el mi\u00e9rcoles, 10 de febrero de 2021<\/p><\/div><div class=\"col-auto mt-md-0 mt-2\"><a class=\"btn btn-primary btn-lg px-lg-4 d-none d-md-block\" href=\"https:\/\/comunidad.comprasdominicana.gob.do\/\/Public\/Tendering\/OpportunityDetail\/Index?noticeUID=DO1.NTC.872426\" target=\"_blank\" title=\"Detalles\"><i class=\"fas fa-link\"><\/i> DETALLES<\/a><a class=\"btn btn-primary btn-lg px-lg-4 d-block d-md-none\" href=\"https:\/\/comunidad.comprasdominicana.gob.do\/\/Public\/Tendering\/OpportunityDetail\/Index?noticeUID=DO1.NTC.872426\" target=\"_blank\" title=\"Detalles\"><i class=\"fas fa-2x fa-link\"><\/i><\/a><\/div><\/div><\/div><div class=\"jumbotron archivos\"><div class=\"row align-items-center\"><div class=\"col\"><h6><a class=\"text-dark\" href=\"https:\/\/comunidad.comprasdominicana.gob.do\/\/Public\/Tendering\/OpportunityDetail\/Index?noticeUID=DO1.NTC.872532\" title=\"Ver\" target=\"_blank\">INESPRE-UC-CD-2021-0013<\/a><\/h6><p class=\"mb-0 bold\">Servicio de Refrigerio y Almuerzo para evento de Capacitaci\u00f3n<\/p><p class=\"mb-0\" style=\"font-size: .85rem\"><strong title=\"Estado del Proceso\"><i class=\"fas fa-spinner\"><\/i><\/strong> Proceso adjudicado y celebrado<\/p><p class=\"mb-0\" style=\"font-size: .85rem\"><strong title=\"Fecha de Publicaci\u00f3n\"><i class=\"fas fa-calendar-alt\"><\/i><\/strong> Publicado el mi\u00e9rcoles, 10 de febrero de 2021<\/p><\/div><div class=\"col-auto mt-md-0 mt-2\"><a class=\"btn btn-primary btn-lg px-lg-4 d-none d-md-block\" href=\"https:\/\/comunidad.comprasdominicana.gob.do\/\/Public\/Tendering\/OpportunityDetail\/Index?noticeUID=DO1.NTC.872532\" target=\"_blank\" title=\"Detalles\"><i class=\"fas fa-link\"><\/i> DETALLES<\/a><a class=\"btn btn-primary btn-lg px-lg-4 d-block d-md-none\" href=\"https:\/\/comunidad.comprasdominicana.gob.do\/\/Public\/Tendering\/OpportunityDetail\/Index?noticeUID=DO1.NTC.872532\" target=\"_blank\" title=\"Detalles\"><i class=\"fas fa-2x fa-link\"><\/i><\/a><\/div><\/div><\/div><div class=\"jumbotron archivos\"><div class=\"row align-items-center\"><div class=\"col\"><h6><a class=\"text-dark\" href=\"https:\/\/comunidad.comprasdominicana.gob.do\/\/Public\/Tendering\/OpportunityDetail\/Index?noticeUID=DO1.NTC.872929\" title=\"Ver\" target=\"_blank\">INESPRE-UC-CD-2021-0012<\/a><\/h6><p class=\"mb-0 bold\">Adquisici\u00f3n de P\u00f3dium y Porta nombres<\/p><p class=\"mb-0\" style=\"font-size: .85rem\"><strong title=\"Estado del Proceso\"><i class=\"fas fa-spinner\"><\/i><\/strong> Proceso adjudicado y celebrado<\/p><p class=\"mb-0\" style=\"font-size: .85rem\"><strong title=\"Fecha de Publicaci\u00f3n\"><i class=\"fas fa-calendar-alt\"><\/i><\/strong> Publicado el mi\u00e9rcoles, 10 de febrero de 2021<\/p><\/div><div class=\"col-auto mt-md-0 mt-2\"><a class=\"btn btn-primary btn-lg px-lg-4 d-none d-md-block\" href=\"https:\/\/comunidad.comprasdominicana.gob.do\/\/Public\/Tendering\/OpportunityDetail\/Index?noticeUID=DO1.NTC.872929\" target=\"_blank\" title=\"Detalles\"><i class=\"fas fa-link\"><\/i> DETALLES<\/a><a class=\"btn btn-primary btn-lg px-lg-4 d-block d-md-none\" href=\"https:\/\/comunidad.comprasdominicana.gob.do\/\/Public\/Tendering\/OpportunityDetail\/Index?noticeUID=DO1.NTC.872929\" target=\"_blank\" title=\"Detalles\"><i class=\"fas fa-2x fa-link\"><\/i><\/a><\/div><\/div><\/div><div class=\"jumbotron archivos\"><div class=\"row align-items-center\"><div class=\"col\"><h6><a class=\"text-dark\" href=\"https:\/\/comunidad.comprasdominicana.gob.do\/\/Public\/Tendering\/OpportunityDetail\/Index?noticeUID=DO1.NTC.872837\" title=\"Ver\" target=\"_blank\">INESPRE-UC-CD-2021-0011<\/a><\/h6><p class=\"mb-0 bold\">Adquisici\u00f3n de Maquina de cerrar sacos<\/p><p class=\"mb-0\" style=\"font-size: .85rem\"><strong title=\"Estado del Proceso\"><i class=\"fas fa-spinner\"><\/i><\/strong> Proceso adjudicado y celebrado<\/p><p class=\"mb-0\" style=\"font-size: .85rem\"><strong title=\"Fecha de Publicaci\u00f3n\"><i class=\"fas fa-calendar-alt\"><\/i><\/strong> Publicado el mi\u00e9rcoles, 10 de febrero de 2021<\/p><\/div><div class=\"col-auto mt-md-0 mt-2\"><a class=\"btn btn-primary btn-lg px-lg-4 d-none d-md-block\" href=\"https:\/\/comunidad.comprasdominicana.gob.do\/\/Public\/Tendering\/OpportunityDetail\/Index?noticeUID=DO1.NTC.872837\" target=\"_blank\" title=\"Detalles\"><i class=\"fas fa-link\"><\/i> DETALLES<\/a><a class=\"btn btn-primary btn-lg px-lg-4 d-block d-md-none\" href=\"https:\/\/comunidad.comprasdominicana.gob.do\/\/Public\/Tendering\/OpportunityDetail\/Index?noticeUID=DO1.NTC.872837\" target=\"_blank\" title=\"Detalles\"><i class=\"fas fa-2x fa-link\"><\/i><\/a><\/div><\/div><\/div><div class=\"jumbotron archivos\"><div class=\"row align-items-center\"><div class=\"col\"><h6><a class=\"text-dark\" href=\"https:\/\/comunidad.comprasdominicana.gob.do\/\/Public\/Tendering\/OpportunityDetail\/Index?noticeUID=DO1.NTC.871512\" title=\"Ver\" target=\"_blank\">INESPRE-UC-CD-2021-0010<\/a><\/h6><p class=\"mb-0 bold\">Adquisici\u00f3n de Bombas Mochilas<\/p><p class=\"mb-0\" style=\"font-size: .85rem\"><strong title=\"Estado del Proceso\"><i class=\"fas fa-spinner\"><\/i><\/strong> Proceso adjudicado y celebrado<\/p><p class=\"mb-0\" style=\"font-size: .85rem\"><strong title=\"Fecha de Publicaci\u00f3n\"><i class=\"fas fa-calendar-alt\"><\/i><\/strong> Publicado el lunes, 8 de febrero de 2021<\/p><\/div><div class=\"col-auto mt-md-0 mt-2\"><a class=\"btn btn-primary btn-lg px-lg-4 d-none d-md-block\" href=\"https:\/\/comunidad.comprasdominicana.gob.do\/\/Public\/Tendering\/OpportunityDetail\/Index?noticeUID=DO1.NTC.871512\" target=\"_blank\" title=\"Detalles\"><i class=\"fas fa-link\"><\/i> DETALLES<\/a><a class=\"btn btn-primary btn-lg px-lg-4 d-block d-md-none\" href=\"https:\/\/comunidad.comprasdominicana.gob.do\/\/Public\/Tendering\/OpportunityDetail\/Index?noticeUID=DO1.NTC.871512\" target=\"_blank\" title=\"Detalles\"><i class=\"fas fa-2x fa-link\"><\/i><\/a><\/div><\/div><\/div><div class=\"jumbotron archivos\"><div class=\"row align-items-center\"><div class=\"col\"><h6><a class=\"text-dark\" href=\"https:\/\/comunidad.comprasdominicana.gob.do\/\/Public\/Tendering\/OpportunityDetail\/Index?noticeUID=DO1.NTC.871707\" title=\"Ver\" target=\"_blank\">INESPRE-UC-CD-2021-0009<\/a><\/h6><p class=\"mb-0 bold\">Adquisici\u00f3n de Galletas de Dulces<\/p><p class=\"mb-0\" style=\"font-size: .85rem\"><strong title=\"Estado del Proceso\"><i class=\"fas fa-spinner\"><\/i><\/strong> Proceso adjudicado y celebrado<\/p><p class=\"mb-0\" style=\"font-size: .85rem\"><strong title=\"Fecha de Publicaci\u00f3n\"><i class=\"fas fa-calendar-alt\"><\/i><\/strong> Publicado el lunes, 8 de febrero de 2021<\/p><\/div><div class=\"col-auto mt-md-0 mt-2\"><a class=\"btn btn-primary btn-lg px-lg-4 d-none d-md-block\" href=\"https:\/\/comunidad.comprasdominicana.gob.do\/\/Public\/Tendering\/OpportunityDetail\/Index?noticeUID=DO1.NTC.871707\" target=\"_blank\" title=\"Detalles\"><i class=\"fas fa-link\"><\/i> DETALLES<\/a><a class=\"btn btn-primary btn-lg px-lg-4 d-block d-md-none\" href=\"https:\/\/comunidad.comprasdominicana.gob.do\/\/Public\/Tendering\/OpportunityDetail\/Index?noticeUID=DO1.NTC.871707\" target=\"_blank\" title=\"Detalles\"><i class=\"fas fa-2x fa-link\"><\/i><\/a><\/div><\/div><\/div><div class=\"jumbotron archivos\"><div class=\"row align-items-center\"><div class=\"col\"><h6><a class=\"text-dark\" href=\"https:\/\/comunidad.comprasdominicana.gob.do\/\/Public\/Tendering\/OpportunityDetail\/Index?noticeUID=DO1.NTC.871108\" title=\"Ver\" target=\"_blank\">INESPRE-UC-CD-2021-0008<\/a><\/h6><p class=\"mb-0 bold\">Servicio Publicidad en Dos (02) Peri\u00f3dicos de circulaci\u00f3n Nacional para el Proceso de Urgencia de referencia: INESPRE-MAE-PEUR-2021-0001<\/p><p class=\"mb-0\" style=\"font-size: .85rem\"><strong title=\"Estado del Proceso\"><i class=\"fas fa-spinner\"><\/i><\/strong> Proceso adjudicado y celebrado<\/p><p class=\"mb-0\" style=\"font-size: .85rem\"><strong title=\"Fecha de Publicaci\u00f3n\"><i class=\"fas fa-calendar-alt\"><\/i><\/strong> Publicado el viernes, 5 de febrero de 2021<\/p><\/div><div class=\"col-auto mt-md-0 mt-2\"><a class=\"btn btn-primary btn-lg px-lg-4 d-none d-md-block\" href=\"https:\/\/comunidad.comprasdominicana.gob.do\/\/Public\/Tendering\/OpportunityDetail\/Index?noticeUID=DO1.NTC.871108\" target=\"_blank\" title=\"Detalles\"><i class=\"fas fa-link\"><\/i> DETALLES<\/a><a class=\"btn btn-primary btn-lg px-lg-4 d-block d-md-none\" href=\"https:\/\/comunidad.comprasdominicana.gob.do\/\/Public\/Tendering\/OpportunityDetail\/Index?noticeUID=DO1.NTC.871108\" target=\"_blank\" title=\"Detalles\"><i class=\"fas fa-2x fa-link\"><\/i><\/a><\/div><\/div><\/div><div class=\"jumbotron archivos\"><div class=\"row align-items-center\"><div class=\"col\"><h6><a class=\"text-dark\" href=\"https:\/\/comunidad.comprasdominicana.gob.do\/\/Public\/Tendering\/OpportunityDetail\/Index?noticeUID=DO1.NTC.870126\" title=\"Ver\" target=\"_blank\">INESPRE-UC-CD-2021-0007<\/a><\/h6><p class=\"mb-0 bold\">Adquisici\u00f3n de Corona de Flores para ser depositada en el Altar de la Patria<\/p><p class=\"mb-0\" style=\"font-size: .85rem\"><strong title=\"Estado del Proceso\"><i class=\"fas fa-spinner\"><\/i><\/strong> Proceso adjudicado y celebrado<\/p><p class=\"mb-0\" style=\"font-size: .85rem\"><strong title=\"Fecha de Publicaci\u00f3n\"><i class=\"fas fa-calendar-alt\"><\/i><\/strong> Publicado el jueves, 4 de febrero de 2021<\/p><\/div><div class=\"col-auto mt-md-0 mt-2\"><a class=\"btn btn-primary btn-lg px-lg-4 d-none d-md-block\" href=\"https:\/\/comunidad.comprasdominicana.gob.do\/\/Public\/Tendering\/OpportunityDetail\/Index?noticeUID=DO1.NTC.870126\" target=\"_blank\" title=\"Detalles\"><i class=\"fas fa-link\"><\/i> DETALLES<\/a><a class=\"btn btn-primary btn-lg px-lg-4 d-block d-md-none\" href=\"https:\/\/comunidad.comprasdominicana.gob.do\/\/Public\/Tendering\/OpportunityDetail\/Index?noticeUID=DO1.NTC.870126\" target=\"_blank\" title=\"Detalles\"><i class=\"fas fa-2x fa-link\"><\/i><\/a><\/div><\/div><\/div><div class=\"jumbotron archivos\"><div class=\"row align-items-center\"><div class=\"col\"><h6><a class=\"text-dark\" href=\"https:\/\/comunidad.comprasdominicana.gob.do\/\/Public\/Tendering\/OpportunityDetail\/Index?noticeUID=DO1.NTC.870003\" title=\"Ver\" target=\"_blank\">INESPRE-UC-CD-2021-0006<\/a><\/h6><p class=\"mb-0 bold\">Servicio de Refrigerio y Almuerzo para eventos de Capacitaci\u00f3n<\/p><p class=\"mb-0\" style=\"font-size: .85rem\"><strong title=\"Estado del Proceso\"><i class=\"fas fa-spinner\"><\/i><\/strong> Proceso adjudicado y celebrado<\/p><p class=\"mb-0\" style=\"font-size: .85rem\"><strong title=\"Fecha de Publicaci\u00f3n\"><i class=\"fas fa-calendar-alt\"><\/i><\/strong> Publicado el jueves, 4 de febrero de 2021<\/p><\/div><div class=\"col-auto mt-md-0 mt-2\"><a class=\"btn btn-primary btn-lg px-lg-4 d-none d-md-block\" href=\"https:\/\/comunidad.comprasdominicana.gob.do\/\/Public\/Tendering\/OpportunityDetail\/Index?noticeUID=DO1.NTC.870003\" target=\"_blank\" title=\"Detalles\"><i class=\"fas fa-link\"><\/i> DETALLES<\/a><a class=\"btn btn-primary btn-lg px-lg-4 d-block d-md-none\" href=\"https:\/\/comunidad.comprasdominicana.gob.do\/\/Public\/Tendering\/OpportunityDetail\/Index?noticeUID=DO1.NTC.870003\" target=\"_blank\" title=\"Detalles\"><i class=\"fas fa-2x fa-link\"><\/i><\/a><\/div><\/div><\/div><div class=\"jumbotron archivos\"><div class=\"row align-items-center\"><div class=\"col\"><h6><a class=\"text-dark\" href=\"https:\/\/comunidad.comprasdominicana.gob.do\/\/Public\/Tendering\/OpportunityDetail\/Index?noticeUID=DO1.NTC.869518\" title=\"Ver\" target=\"_blank\">INESPRE-UC-CD-2021-0005<\/a><\/h6><p class=\"mb-0 bold\">Adquisici\u00f3n de Banderas Nacionales e Institucionales<\/p><p class=\"mb-0\" style=\"font-size: .85rem\"><strong title=\"Estado del Proceso\"><i class=\"fas fa-spinner\"><\/i><\/strong> Proceso adjudicado y celebrado<\/p><p class=\"mb-0\" style=\"font-size: .85rem\"><strong title=\"Fecha de Publicaci\u00f3n\"><i class=\"fas fa-calendar-alt\"><\/i><\/strong> Publicado el mi\u00e9rcoles, 3 de febrero de 2021<\/p><\/div><div class=\"col-auto mt-md-0 mt-2\"><a class=\"btn btn-primary btn-lg px-lg-4 d-none d-md-block\" href=\"https:\/\/comunidad.comprasdominicana.gob.do\/\/Public\/Tendering\/OpportunityDetail\/Index?noticeUID=DO1.NTC.869518\" target=\"_blank\" title=\"Detalles\"><i class=\"fas fa-link\"><\/i> DETALLES<\/a><a class=\"btn btn-primary btn-lg px-lg-4 d-block d-md-none\" href=\"https:\/\/comunidad.comprasdominicana.gob.do\/\/Public\/Tendering\/OpportunityDetail\/Index?noticeUID=DO1.NTC.869518\" target=\"_blank\" title=\"Detalles\"><i class=\"fas fa-2x fa-link\"><\/i><\/a><\/div><\/div><\/div><\/div><\/div><\/div>\n        <div class=\"card\">\n            <div class=\"card-header parents\" id=\"heading_compras-por-debajo-del-umbral-69f73f7454400-2021-69f73f7454400-enero-69f73f7454400\">\n                <p class=\"title text-blue mb-0\">\n                    <a class=\"btn-block hover text-left collapsed\" data-toggle=\"collapse\" data-target=\"#collap_compras-por-debajo-del-umbral-69f73f7454400-2021-69f73f7454400-enero-69f73f7454400\" aria-expanded=\"false\" aria-controls=\"collap_compras-por-debajo-del-umbral-69f73f7454400-2021-69f73f7454400-enero-69f73f7454400\">Enero<\/a>\n                <\/p>\n            <\/div>\n            <div id=\"collap_compras-por-debajo-del-umbral-69f73f7454400-2021-69f73f7454400-enero-69f73f7454400\" class=\"collapse\" aria-labelledby=\"heading_compras-por-debajo-del-umbral-69f73f7454400-2021-69f73f7454400-enero-69f73f7454400\" data-parent=\"#collap_compras-por-debajo-del-umbral-69f73f7454400-2021-69f73f7454400\">\n                <div class=\"card-body\"><div class=\"jumbotron archivos\"><div class=\"row align-items-center\"><div class=\"col\"><h6><a class=\"text-dark\" href=\"https:\/\/comunidad.comprasdominicana.gob.do\/\/Public\/Tendering\/OpportunityDetail\/Index?noticeUID=DO1.NTC.866704\" title=\"Ver\" target=\"_blank\">INESPRE-UC-CD-2021-0004<\/a><\/h6><p class=\"mb-0 bold\">Servicio de contrataci\u00f3n de coffe break para rueda de prensa<\/p><p class=\"mb-0\" style=\"font-size: .85rem\"><strong title=\"Estado del Proceso\"><i class=\"fas fa-spinner\"><\/i><\/strong> Proceso adjudicado y celebrado<\/p><p class=\"mb-0\" style=\"font-size: .85rem\"><strong title=\"Fecha de Publicaci\u00f3n\"><i class=\"fas fa-calendar-alt\"><\/i><\/strong> Publicado el mi\u00e9rcoles, 27 de enero de 2021<\/p><\/div><div class=\"col-auto mt-md-0 mt-2\"><a class=\"btn btn-primary btn-lg px-lg-4 d-none d-md-block\" href=\"https:\/\/comunidad.comprasdominicana.gob.do\/\/Public\/Tendering\/OpportunityDetail\/Index?noticeUID=DO1.NTC.866704\" target=\"_blank\" title=\"Detalles\"><i class=\"fas fa-link\"><\/i> DETALLES<\/a><a class=\"btn btn-primary btn-lg px-lg-4 d-block d-md-none\" href=\"https:\/\/comunidad.comprasdominicana.gob.do\/\/Public\/Tendering\/OpportunityDetail\/Index?noticeUID=DO1.NTC.866704\" target=\"_blank\" title=\"Detalles\"><i class=\"fas fa-2x fa-link\"><\/i><\/a><\/div><\/div><\/div><div class=\"jumbotron archivos\"><div class=\"row align-items-center\"><div class=\"col\"><h6><a class=\"text-dark\" href=\"https:\/\/comunidad.comprasdominicana.gob.do\/\/Public\/Tendering\/OpportunityDetail\/Index?noticeUID=DO1.NTC.863913\" title=\"Ver\" target=\"_blank\">INESPRE-UC-CD-2021-0003<\/a><\/h6><p class=\"mb-0 bold\">Servicio de Coffee Break y Refrigerio para reuni\u00f3n del Directorio Ejecutivo<\/p><p class=\"mb-0\" style=\"font-size: .85rem\"><strong title=\"Estado del Proceso\"><i class=\"fas fa-spinner\"><\/i><\/strong> Proceso adjudicado y celebrado<\/p><p class=\"mb-0\" style=\"font-size: .85rem\"><strong title=\"Fecha de Publicaci\u00f3n\"><i class=\"fas fa-calendar-alt\"><\/i><\/strong> Publicado el lunes, 18 de enero de 2021<\/p><\/div><div class=\"col-auto mt-md-0 mt-2\"><a class=\"btn btn-primary btn-lg px-lg-4 d-none d-md-block\" href=\"https:\/\/comunidad.comprasdominicana.gob.do\/\/Public\/Tendering\/OpportunityDetail\/Index?noticeUID=DO1.NTC.863913\" target=\"_blank\" title=\"Detalles\"><i class=\"fas fa-link\"><\/i> DETALLES<\/a><a class=\"btn btn-primary btn-lg px-lg-4 d-block d-md-none\" href=\"https:\/\/comunidad.comprasdominicana.gob.do\/\/Public\/Tendering\/OpportunityDetail\/Index?noticeUID=DO1.NTC.863913\" target=\"_blank\" title=\"Detalles\"><i class=\"fas fa-2x fa-link\"><\/i><\/a><\/div><\/div><\/div><div class=\"jumbotron archivos\"><div class=\"row align-items-center\"><div class=\"col\"><h6><a class=\"text-dark\" href=\"https:\/\/comunidad.comprasdominicana.gob.do\/\/Public\/Tendering\/OpportunityDetail\/Index?noticeUID=DO1.NTC.863112\" title=\"Ver\" target=\"_blank\">INESPRE-UC-CD-2021-0002<\/a><\/h6><p class=\"mb-0 bold\">Adquisici\u00f3n de Pin Institucional<\/p><p class=\"mb-0\" style=\"font-size: .85rem\"><strong title=\"Estado del Proceso\"><i class=\"fas fa-spinner\"><\/i><\/strong> Proceso adjudicado y celebrado<\/p><p class=\"mb-0\" style=\"font-size: .85rem\"><strong title=\"Fecha de Publicaci\u00f3n\"><i class=\"fas fa-calendar-alt\"><\/i><\/strong> Publicado el viernes, 15 de enero de 2021<\/p><\/div><div class=\"col-auto mt-md-0 mt-2\"><a class=\"btn btn-primary btn-lg px-lg-4 d-none d-md-block\" href=\"https:\/\/comunidad.comprasdominicana.gob.do\/\/Public\/Tendering\/OpportunityDetail\/Index?noticeUID=DO1.NTC.863112\" target=\"_blank\" title=\"Detalles\"><i class=\"fas fa-link\"><\/i> DETALLES<\/a><a class=\"btn btn-primary btn-lg px-lg-4 d-block d-md-none\" href=\"https:\/\/comunidad.comprasdominicana.gob.do\/\/Public\/Tendering\/OpportunityDetail\/Index?noticeUID=DO1.NTC.863112\" target=\"_blank\" title=\"Detalles\"><i class=\"fas fa-2x fa-link\"><\/i><\/a><\/div><\/div><\/div><div class=\"jumbotron archivos\"><div class=\"row align-items-center\"><div class=\"col\"><h6><a class=\"text-dark\" href=\"https:\/\/comunidad.comprasdominicana.gob.do\/\/Public\/Tendering\/OpportunityDetail\/Index?noticeUID=DO1.NTC.861810\" title=\"Ver\" target=\"_blank\">INESPRE-UC-CD-2021-0001<\/a><\/h6><p class=\"mb-0 bold\">Servicio de Catering<\/p><p class=\"mb-0\" style=\"font-size: .85rem\"><strong title=\"Estado del Proceso\"><i class=\"fas fa-spinner\"><\/i><\/strong> Proceso adjudicado y celebrado<\/p><p class=\"mb-0\" style=\"font-size: .85rem\"><strong title=\"Fecha de Publicaci\u00f3n\"><i class=\"fas fa-calendar-alt\"><\/i><\/strong> Publicado el mi\u00e9rcoles, 13 de enero de 2021<\/p><\/div><div class=\"col-auto mt-md-0 mt-2\"><a class=\"btn btn-primary btn-lg px-lg-4 d-none d-md-block\" href=\"https:\/\/comunidad.comprasdominicana.gob.do\/\/Public\/Tendering\/OpportunityDetail\/Index?noticeUID=DO1.NTC.861810\" target=\"_blank\" title=\"Detalles\"><i class=\"fas fa-link\"><\/i> DETALLES<\/a><a class=\"btn btn-primary btn-lg px-lg-4 d-block d-md-none\" href=\"https:\/\/comunidad.comprasdominicana.gob.do\/\/Public\/Tendering\/OpportunityDetail\/Index?noticeUID=DO1.NTC.861810\" target=\"_blank\" title=\"Detalles\"><i class=\"fas fa-2x fa-link\"><\/i><\/a><\/div><\/div><\/div><\/div><\/div><\/div><\/div><\/div><\/div>\n        <div class=\"card\">\n            <div class=\"card-header parents\" id=\"heading_compras-por-debajo-del-umbral-69f73f7454400-2020-69f73f7454400\">\n                <p class=\"title text-blue mb-0\">\n                    <a class=\"btn-block hover text-left collapsed\" data-toggle=\"collapse\" data-target=\"#collap_compras-por-debajo-del-umbral-69f73f7454400-2020-69f73f7454400\" aria-expanded=\"false\" aria-controls=\"collap_compras-por-debajo-del-umbral-69f73f7454400-2020-69f73f7454400\">2020<\/a>\n                <\/p>\n            <\/div>\n            <div id=\"collap_compras-por-debajo-del-umbral-69f73f7454400-2020-69f73f7454400\" class=\"collapse\" aria-labelledby=\"heading_compras-por-debajo-del-umbral-69f73f7454400-2020-69f73f7454400\" data-parent=\"#collap_compras-por-debajo-del-umbral-69f73f7454400\">\n                <div class=\"card-body\">\n        <div class=\"card\">\n            <div class=\"card-header parents\" id=\"heading_compras-por-debajo-del-umbral-69f73f7454400-2020-69f73f7454400-diciembre-69f73f7454400\">\n                <p class=\"title text-blue mb-0\">\n                    <a class=\"btn-block hover text-left collapsed\" data-toggle=\"collapse\" data-target=\"#collap_compras-por-debajo-del-umbral-69f73f7454400-2020-69f73f7454400-diciembre-69f73f7454400\" aria-expanded=\"false\" aria-controls=\"collap_compras-por-debajo-del-umbral-69f73f7454400-2020-69f73f7454400-diciembre-69f73f7454400\">Diciembre<\/a>\n                <\/p>\n            <\/div>\n            <div id=\"collap_compras-por-debajo-del-umbral-69f73f7454400-2020-69f73f7454400-diciembre-69f73f7454400\" class=\"collapse\" aria-labelledby=\"heading_compras-por-debajo-del-umbral-69f73f7454400-2020-69f73f7454400-diciembre-69f73f7454400\" data-parent=\"#collap_compras-por-debajo-del-umbral-69f73f7454400-2020-69f73f7454400\">\n                <div class=\"card-body\"><div class=\"jumbotron archivos\"><div class=\"row align-items-center\"><div class=\"col\"><h6><a class=\"text-dark\" href=\"https:\/\/comunidad.comprasdominicana.gob.do\/\/Public\/Tendering\/OpportunityDetail\/Index?noticeUID=DO1.NTC.853016\" title=\"Ver\" target=\"_blank\">INESPRE-UC-CD-2020-0045<\/a><\/h6><p class=\"mb-0 bold\">Servicio de Reparaci\u00f3n El\u00e9ctrica de emergencia<\/p><p class=\"mb-0\" style=\"font-size: .85rem\"><strong title=\"Estado del Proceso\"><i class=\"fas fa-spinner\"><\/i><\/strong> Proceso adjudicado y celebrado<\/p><p class=\"mb-0\" style=\"font-size: .85rem\"><strong title=\"Fecha de Publicaci\u00f3n\"><i class=\"fas fa-calendar-alt\"><\/i><\/strong> Publicado el jueves, 17 de diciembre de 2020<\/p><\/div><div class=\"col-auto mt-md-0 mt-2\"><a class=\"btn btn-primary btn-lg px-lg-4 d-none d-md-block\" href=\"https:\/\/comunidad.comprasdominicana.gob.do\/\/Public\/Tendering\/OpportunityDetail\/Index?noticeUID=DO1.NTC.853016\" target=\"_blank\" title=\"Detalles\"><i class=\"fas fa-link\"><\/i> DETALLES<\/a><a class=\"btn btn-primary btn-lg px-lg-4 d-block d-md-none\" href=\"https:\/\/comunidad.comprasdominicana.gob.do\/\/Public\/Tendering\/OpportunityDetail\/Index?noticeUID=DO1.NTC.853016\" target=\"_blank\" title=\"Detalles\"><i class=\"fas fa-2x fa-link\"><\/i><\/a><\/div><\/div><\/div><div class=\"jumbotron archivos\"><div class=\"row align-items-center\"><div class=\"col\"><h6><a class=\"text-dark\" href=\"https:\/\/comunidad.comprasdominicana.gob.do\/\/Public\/Tendering\/OpportunityDetail\/Index?noticeUID=DO1.NTC.852113\" title=\"Ver\" target=\"_blank\">INESPRE-UC-CD-2020-0044<\/a><\/h6><p class=\"mb-0 bold\">Servicio de Alquiler de Equipos para Feria Agropecuaria<\/p><p class=\"mb-0\" style=\"font-size: .85rem\"><strong title=\"Estado del Proceso\"><i class=\"fas fa-spinner\"><\/i><\/strong> Cancelado<\/p><p class=\"mb-0\" style=\"font-size: .85rem\"><strong title=\"Fecha de Publicaci\u00f3n\"><i class=\"fas fa-calendar-alt\"><\/i><\/strong> Publicado el martes, 15 de diciembre de 2020<\/p><\/div><div class=\"col-auto mt-md-0 mt-2\"><a class=\"btn btn-primary btn-lg px-lg-4 d-none d-md-block\" href=\"https:\/\/comunidad.comprasdominicana.gob.do\/\/Public\/Tendering\/OpportunityDetail\/Index?noticeUID=DO1.NTC.852113\" target=\"_blank\" title=\"Detalles\"><i class=\"fas fa-link\"><\/i> DETALLES<\/a><a class=\"btn btn-primary btn-lg px-lg-4 d-block d-md-none\" href=\"https:\/\/comunidad.comprasdominicana.gob.do\/\/Public\/Tendering\/OpportunityDetail\/Index?noticeUID=DO1.NTC.852113\" target=\"_blank\" title=\"Detalles\"><i class=\"fas fa-2x fa-link\"><\/i><\/a><\/div><\/div><\/div><div class=\"jumbotron archivos\"><div class=\"row align-items-center\"><div class=\"col\"><h6><a class=\"text-dark\" href=\"https:\/\/comunidad.comprasdominicana.gob.do\/\/Public\/Tendering\/OpportunityDetail\/Index?noticeUID=DO1.NTC.850507\" title=\"Ver\" target=\"_blank\">INESPRE-UC-CD-2020-0042<\/a><\/h6><p class=\"mb-0 bold\">Adquisici\u00f3n de Cintas con Limpieza para Carnets<\/p><p class=\"mb-0\" style=\"font-size: .85rem\"><strong title=\"Estado del Proceso\"><i class=\"fas fa-spinner\"><\/i><\/strong> Proceso adjudicado y celebrado<\/p><p class=\"mb-0\" style=\"font-size: .85rem\"><strong title=\"Fecha de Publicaci\u00f3n\"><i class=\"fas fa-calendar-alt\"><\/i><\/strong> Publicado el viernes, 11 de diciembre de 2020<\/p><\/div><div class=\"col-auto mt-md-0 mt-2\"><a class=\"btn btn-primary btn-lg px-lg-4 d-none d-md-block\" href=\"https:\/\/comunidad.comprasdominicana.gob.do\/\/Public\/Tendering\/OpportunityDetail\/Index?noticeUID=DO1.NTC.850507\" target=\"_blank\" title=\"Detalles\"><i class=\"fas fa-link\"><\/i> DETALLES<\/a><a class=\"btn btn-primary btn-lg px-lg-4 d-block d-md-none\" href=\"https:\/\/comunidad.comprasdominicana.gob.do\/\/Public\/Tendering\/OpportunityDetail\/Index?noticeUID=DO1.NTC.850507\" target=\"_blank\" title=\"Detalles\"><i class=\"fas fa-2x fa-link\"><\/i><\/a><\/div><\/div><\/div><div class=\"jumbotron archivos\"><div class=\"row align-items-center\"><div class=\"col\"><h6><a class=\"text-dark\" href=\"https:\/\/comunidad.comprasdominicana.gob.do\/\/Public\/Tendering\/OpportunityDetail\/Index?noticeUID=DO1.NTC.850143\" title=\"Ver\" target=\"_blank\">INESPRE-UC-CD-2020-0043<\/a><\/h6><p class=\"mb-0 bold\">Adquisici\u00f3n de Agua Embotelladas<\/p><p class=\"mb-0\" style=\"font-size: .85rem\"><strong title=\"Estado del Proceso\"><i class=\"fas fa-spinner\"><\/i><\/strong> Proceso adjudicado y celebrado<\/p><p class=\"mb-0\" style=\"font-size: .85rem\"><strong title=\"Fecha de Publicaci\u00f3n\"><i class=\"fas fa-calendar-alt\"><\/i><\/strong> Publicado el jueves, 10 de diciembre de 2020<\/p><\/div><div class=\"col-auto mt-md-0 mt-2\"><a class=\"btn btn-primary btn-lg px-lg-4 d-none d-md-block\" href=\"https:\/\/comunidad.comprasdominicana.gob.do\/\/Public\/Tendering\/OpportunityDetail\/Index?noticeUID=DO1.NTC.850143\" target=\"_blank\" title=\"Detalles\"><i class=\"fas fa-link\"><\/i> DETALLES<\/a><a class=\"btn btn-primary btn-lg px-lg-4 d-block d-md-none\" href=\"https:\/\/comunidad.comprasdominicana.gob.do\/\/Public\/Tendering\/OpportunityDetail\/Index?noticeUID=DO1.NTC.850143\" target=\"_blank\" title=\"Detalles\"><i class=\"fas fa-2x fa-link\"><\/i><\/a><\/div><\/div><\/div><div class=\"jumbotron archivos\"><div class=\"row align-items-center\"><div class=\"col\"><h6><a class=\"text-dark\" href=\"https:\/\/comunidad.comprasdominicana.gob.do\/\/Public\/Tendering\/OpportunityDetail\/Index?noticeUID=DO1.NTC.849037\" title=\"Ver\" target=\"_blank\">INESPRE-UC-CD-2020-0041<\/a><\/h6><p class=\"mb-0 bold\">Adquisici\u00f3n de Impresiones y Bajantes Publicitarios<\/p><p class=\"mb-0\" style=\"font-size: .85rem\"><strong title=\"Estado del Proceso\"><i class=\"fas fa-spinner\"><\/i><\/strong> Proceso adjudicado y celebrado<\/p><p class=\"mb-0\" style=\"font-size: .85rem\"><strong title=\"Fecha de Publicaci\u00f3n\"><i class=\"fas fa-calendar-alt\"><\/i><\/strong> Publicado el martes, 8 de diciembre de 2020<\/p><\/div><div class=\"col-auto mt-md-0 mt-2\"><a class=\"btn btn-primary btn-lg px-lg-4 d-none d-md-block\" href=\"https:\/\/comunidad.comprasdominicana.gob.do\/\/Public\/Tendering\/OpportunityDetail\/Index?noticeUID=DO1.NTC.849037\" target=\"_blank\" title=\"Detalles\"><i class=\"fas fa-link\"><\/i> DETALLES<\/a><a class=\"btn btn-primary btn-lg px-lg-4 d-block d-md-none\" href=\"https:\/\/comunidad.comprasdominicana.gob.do\/\/Public\/Tendering\/OpportunityDetail\/Index?noticeUID=DO1.NTC.849037\" target=\"_blank\" title=\"Detalles\"><i class=\"fas fa-2x fa-link\"><\/i><\/a><\/div><\/div><\/div><div class=\"jumbotron archivos\"><div class=\"row align-items-center\"><div class=\"col\"><h6><a class=\"text-dark\" href=\"https:\/\/comunidad.comprasdominicana.gob.do\/\/Public\/Tendering\/OpportunityDetail\/Index?noticeUID=DO1.NTC.848414\" title=\"Ver\" target=\"_blank\">INESPRE-UC-CD-2020-0040<\/a><\/h6><p class=\"mb-0 bold\">Servicio de Alquiler de Computadora<\/p><p class=\"mb-0\" style=\"font-size: .85rem\"><strong title=\"Estado del Proceso\"><i class=\"fas fa-spinner\"><\/i><\/strong> Proceso adjudicado y celebrado<\/p><p class=\"mb-0\" style=\"font-size: .85rem\"><strong title=\"Fecha de Publicaci\u00f3n\"><i class=\"fas fa-calendar-alt\"><\/i><\/strong> Publicado el lunes, 7 de diciembre de 2020<\/p><\/div><div class=\"col-auto mt-md-0 mt-2\"><a class=\"btn btn-primary btn-lg px-lg-4 d-none d-md-block\" href=\"https:\/\/comunidad.comprasdominicana.gob.do\/\/Public\/Tendering\/OpportunityDetail\/Index?noticeUID=DO1.NTC.848414\" target=\"_blank\" title=\"Detalles\"><i class=\"fas fa-link\"><\/i> DETALLES<\/a><a class=\"btn btn-primary btn-lg px-lg-4 d-block d-md-none\" href=\"https:\/\/comunidad.comprasdominicana.gob.do\/\/Public\/Tendering\/OpportunityDetail\/Index?noticeUID=DO1.NTC.848414\" target=\"_blank\" title=\"Detalles\"><i class=\"fas fa-2x fa-link\"><\/i><\/a><\/div><\/div><\/div><div class=\"jumbotron archivos\"><div class=\"row align-items-center\"><div class=\"col\"><h6><a class=\"text-dark\" href=\"https:\/\/comunidad.comprasdominicana.gob.do\/\/Public\/Tendering\/OpportunityDetail\/Index?noticeUID=DO1.NTC.847105\" title=\"Ver\" target=\"_blank\">INESPRE-UC-CD-2020-0039<\/a><\/h6><p class=\"mb-0 bold\">Servicio de Publicaci\u00f3n en Dos (02) Peri\u00f3dicos de circulaci\u00f3n Nacional para el Proceso de Urgencia de referencia: INESPRE-MAE-PEUR-2020-0009.<\/p><p class=\"mb-0\" style=\"font-size: .85rem\"><strong title=\"Estado del Proceso\"><i class=\"fas fa-spinner\"><\/i><\/strong> Proceso adjudicado y celebrado<\/p><p class=\"mb-0\" style=\"font-size: .85rem\"><strong title=\"Fecha de Publicaci\u00f3n\"><i class=\"fas fa-calendar-alt\"><\/i><\/strong> Publicado el jueves, 3 de diciembre de 2020<\/p><\/div><div class=\"col-auto mt-md-0 mt-2\"><a class=\"btn btn-primary btn-lg px-lg-4 d-none d-md-block\" href=\"https:\/\/comunidad.comprasdominicana.gob.do\/\/Public\/Tendering\/OpportunityDetail\/Index?noticeUID=DO1.NTC.847105\" target=\"_blank\" title=\"Detalles\"><i class=\"fas fa-link\"><\/i> DETALLES<\/a><a class=\"btn btn-primary btn-lg px-lg-4 d-block d-md-none\" href=\"https:\/\/comunidad.comprasdominicana.gob.do\/\/Public\/Tendering\/OpportunityDetail\/Index?noticeUID=DO1.NTC.847105\" target=\"_blank\" title=\"Detalles\"><i class=\"fas fa-2x fa-link\"><\/i><\/a><\/div><\/div><\/div><div class=\"jumbotron archivos\"><div class=\"row align-items-center\"><div class=\"col\"><h6><a class=\"text-dark\" href=\"https:\/\/comunidad.comprasdominicana.gob.do\/\/Public\/Tendering\/OpportunityDetail\/Index?noticeUID=DO1.NTC.845910\" title=\"Ver\" target=\"_blank\">INESPRE-UC-CD-2020-0038<\/a><\/h6><p class=\"mb-0 bold\">Adquisici\u00f3n de Arreglos Florales<\/p><p class=\"mb-0\" style=\"font-size: .85rem\"><strong title=\"Estado del Proceso\"><i class=\"fas fa-spinner\"><\/i><\/strong> Proceso adjudicado y celebrado<\/p><p class=\"mb-0\" style=\"font-size: .85rem\"><strong title=\"Fecha de Publicaci\u00f3n\"><i class=\"fas fa-calendar-alt\"><\/i><\/strong> Publicado el martes, 1 de diciembre de 2020<\/p><\/div><div class=\"col-auto mt-md-0 mt-2\"><a class=\"btn btn-primary btn-lg px-lg-4 d-none d-md-block\" href=\"https:\/\/comunidad.comprasdominicana.gob.do\/\/Public\/Tendering\/OpportunityDetail\/Index?noticeUID=DO1.NTC.845910\" target=\"_blank\" title=\"Detalles\"><i class=\"fas fa-link\"><\/i> DETALLES<\/a><a class=\"btn btn-primary btn-lg px-lg-4 d-block d-md-none\" href=\"https:\/\/comunidad.comprasdominicana.gob.do\/\/Public\/Tendering\/OpportunityDetail\/Index?noticeUID=DO1.NTC.845910\" target=\"_blank\" title=\"Detalles\"><i class=\"fas fa-2x fa-link\"><\/i><\/a><\/div><\/div><\/div><\/div><\/div><\/div>\n        <div class=\"card\">\n            <div class=\"card-header parents\" id=\"heading_compras-por-debajo-del-umbral-69f73f7454400-2020-69f73f7454400-noviembre-69f73f7454400\">\n                <p class=\"title text-blue mb-0\">\n                    <a class=\"btn-block hover text-left collapsed\" data-toggle=\"collapse\" data-target=\"#collap_compras-por-debajo-del-umbral-69f73f7454400-2020-69f73f7454400-noviembre-69f73f7454400\" aria-expanded=\"false\" aria-controls=\"collap_compras-por-debajo-del-umbral-69f73f7454400-2020-69f73f7454400-noviembre-69f73f7454400\">Noviembre<\/a>\n                <\/p>\n            <\/div>\n            <div id=\"collap_compras-por-debajo-del-umbral-69f73f7454400-2020-69f73f7454400-noviembre-69f73f7454400\" class=\"collapse\" aria-labelledby=\"heading_compras-por-debajo-del-umbral-69f73f7454400-2020-69f73f7454400-noviembre-69f73f7454400\" data-parent=\"#collap_compras-por-debajo-del-umbral-69f73f7454400-2020-69f73f7454400\">\n                <div class=\"card-body\"><div class=\"jumbotron archivos\"><div class=\"row align-items-center\"><div class=\"col\"><h6><a class=\"text-dark\" href=\"https:\/\/comunidad.comprasdominicana.gob.do\/\/Public\/Tendering\/OpportunityDetail\/Index?noticeUID=DO1.NTC.844744\" title=\"Ver\" target=\"_blank\">INESPRE-UC-CD-2020-0037<\/a><\/h6><p class=\"mb-0 bold\">Servicio de Catering<\/p><p class=\"mb-0\" style=\"font-size: .85rem\"><strong title=\"Estado del Proceso\"><i class=\"fas fa-spinner\"><\/i><\/strong> Proceso adjudicado y celebrado<\/p><p class=\"mb-0\" style=\"font-size: .85rem\"><strong title=\"Fecha de Publicaci\u00f3n\"><i class=\"fas fa-calendar-alt\"><\/i><\/strong> Publicado el viernes, 27 de noviembre de 2020<\/p><\/div><div class=\"col-auto mt-md-0 mt-2\"><a class=\"btn btn-primary btn-lg px-lg-4 d-none d-md-block\" href=\"https:\/\/comunidad.comprasdominicana.gob.do\/\/Public\/Tendering\/OpportunityDetail\/Index?noticeUID=DO1.NTC.844744\" target=\"_blank\" title=\"Detalles\"><i class=\"fas fa-link\"><\/i> DETALLES<\/a><a class=\"btn btn-primary btn-lg px-lg-4 d-block d-md-none\" href=\"https:\/\/comunidad.comprasdominicana.gob.do\/\/Public\/Tendering\/OpportunityDetail\/Index?noticeUID=DO1.NTC.844744\" target=\"_blank\" title=\"Detalles\"><i class=\"fas fa-2x fa-link\"><\/i><\/a><\/div><\/div><\/div><div class=\"jumbotron archivos\"><div class=\"row align-items-center\"><div class=\"col\"><h6><a class=\"text-dark\" href=\"https:\/\/comunidad.comprasdominicana.gob.do\/\/Public\/Tendering\/OpportunityDetail\/Index?noticeUID=DO1.NTC.844929\" title=\"Ver\" target=\"_blank\">INESPRE-UC-CD-2020-0036<\/a><\/h6><p class=\"mb-0 bold\">Adquisici\u00f3n de Extintores<\/p><p class=\"mb-0\" style=\"font-size: .85rem\"><strong title=\"Estado del Proceso\"><i class=\"fas fa-spinner\"><\/i><\/strong> Proceso adjudicado y celebrado<\/p><p class=\"mb-0\" style=\"font-size: .85rem\"><strong title=\"Fecha de Publicaci\u00f3n\"><i class=\"fas fa-calendar-alt\"><\/i><\/strong> Publicado el viernes, 27 de noviembre de 2020<\/p><\/div><div class=\"col-auto mt-md-0 mt-2\"><a class=\"btn btn-primary btn-lg px-lg-4 d-none d-md-block\" href=\"https:\/\/comunidad.comprasdominicana.gob.do\/\/Public\/Tendering\/OpportunityDetail\/Index?noticeUID=DO1.NTC.844929\" target=\"_blank\" title=\"Detalles\"><i class=\"fas fa-link\"><\/i> DETALLES<\/a><a class=\"btn btn-primary btn-lg px-lg-4 d-block d-md-none\" href=\"https:\/\/comunidad.comprasdominicana.gob.do\/\/Public\/Tendering\/OpportunityDetail\/Index?noticeUID=DO1.NTC.844929\" target=\"_blank\" title=\"Detalles\"><i class=\"fas fa-2x fa-link\"><\/i><\/a><\/div><\/div><\/div><div class=\"jumbotron archivos\"><div class=\"row align-items-center\"><div class=\"col\"><h6><a class=\"text-dark\" href=\"https:\/\/comunidad.comprasdominicana.gob.do\/\/Public\/Tendering\/OpportunityDetail\/Index?noticeUID=DO1.NTC.842909\" title=\"Ver\" target=\"_blank\">INESPRE-UC-CD-2020-0035<\/a><\/h6><p class=\"mb-0 bold\">Adquisici\u00f3n de Rosas Blancas (Solitario preparado)<\/p><p class=\"mb-0\" style=\"font-size: .85rem\"><strong title=\"Estado del Proceso\"><i class=\"fas fa-spinner\"><\/i><\/strong> Proceso adjudicado y celebrado<\/p><p class=\"mb-0\" style=\"font-size: .85rem\"><strong title=\"Fecha de Publicaci\u00f3n\"><i class=\"fas fa-calendar-alt\"><\/i><\/strong> Publicado el martes, 24 de noviembre de 2020<\/p><\/div><div class=\"col-auto mt-md-0 mt-2\"><a class=\"btn btn-primary btn-lg px-lg-4 d-none d-md-block\" href=\"https:\/\/comunidad.comprasdominicana.gob.do\/\/Public\/Tendering\/OpportunityDetail\/Index?noticeUID=DO1.NTC.842909\" target=\"_blank\" title=\"Detalles\"><i class=\"fas fa-link\"><\/i> DETALLES<\/a><a class=\"btn btn-primary btn-lg px-lg-4 d-block d-md-none\" href=\"https:\/\/comunidad.comprasdominicana.gob.do\/\/Public\/Tendering\/OpportunityDetail\/Index?noticeUID=DO1.NTC.842909\" target=\"_blank\" title=\"Detalles\"><i class=\"fas fa-2x fa-link\"><\/i><\/a><\/div><\/div><\/div><div class=\"jumbotron archivos\"><div class=\"row align-items-center\"><div class=\"col\"><h6><a class=\"text-dark\" href=\"https:\/\/comunidad.comprasdominicana.gob.do\/\/Public\/Tendering\/OpportunityDetail\/Index?noticeUID=DO1.NTC.840618\" title=\"Ver\" target=\"_blank\">INESPRE-UC-CD-2020-0034<\/a><\/h6><p class=\"mb-0 bold\">Adquisici\u00f3n de Maquinas Sumadoras<\/p><p class=\"mb-0\" style=\"font-size: .85rem\"><strong title=\"Estado del Proceso\"><i class=\"fas fa-spinner\"><\/i><\/strong> Proceso adjudicado y celebrado<\/p><p class=\"mb-0\" style=\"font-size: .85rem\"><strong title=\"Fecha de Publicaci\u00f3n\"><i class=\"fas fa-calendar-alt\"><\/i><\/strong> Publicado el mi\u00e9rcoles, 18 de noviembre de 2020<\/p><\/div><div class=\"col-auto mt-md-0 mt-2\"><a class=\"btn btn-primary btn-lg px-lg-4 d-none d-md-block\" href=\"https:\/\/comunidad.comprasdominicana.gob.do\/\/Public\/Tendering\/OpportunityDetail\/Index?noticeUID=DO1.NTC.840618\" target=\"_blank\" title=\"Detalles\"><i class=\"fas fa-link\"><\/i> DETALLES<\/a><a class=\"btn btn-primary btn-lg px-lg-4 d-block d-md-none\" href=\"https:\/\/comunidad.comprasdominicana.gob.do\/\/Public\/Tendering\/OpportunityDetail\/Index?noticeUID=DO1.NTC.840618\" target=\"_blank\" title=\"Detalles\"><i class=\"fas fa-2x fa-link\"><\/i><\/a><\/div><\/div><\/div><div class=\"jumbotron archivos\"><div class=\"row align-items-center\"><div class=\"col\"><h6><a class=\"text-dark\" href=\"https:\/\/comunidad.comprasdominicana.gob.do\/\/Public\/Tendering\/OpportunityDetail\/Index?noticeUID=DO1.NTC.840320\" title=\"Ver\" target=\"_blank\">INESPRE-UC-CD-2020-0033<\/a><\/h6><p class=\"mb-0 bold\">Servicio de Reparaci\u00f3n de Sistema El\u00e9ctrico<\/p><p class=\"mb-0\" style=\"font-size: .85rem\"><strong title=\"Estado del Proceso\"><i class=\"fas fa-spinner\"><\/i><\/strong> Proceso adjudicado y celebrado<\/p><p class=\"mb-0\" style=\"font-size: .85rem\"><strong title=\"Fecha de Publicaci\u00f3n\"><i class=\"fas fa-calendar-alt\"><\/i><\/strong> Publicado el mi\u00e9rcoles, 18 de noviembre de 2020<\/p><\/div><div class=\"col-auto mt-md-0 mt-2\"><a class=\"btn btn-primary btn-lg px-lg-4 d-none d-md-block\" href=\"https:\/\/comunidad.comprasdominicana.gob.do\/\/Public\/Tendering\/OpportunityDetail\/Index?noticeUID=DO1.NTC.840320\" target=\"_blank\" title=\"Detalles\"><i class=\"fas fa-link\"><\/i> DETALLES<\/a><a class=\"btn btn-primary btn-lg px-lg-4 d-block d-md-none\" href=\"https:\/\/comunidad.comprasdominicana.gob.do\/\/Public\/Tendering\/OpportunityDetail\/Index?noticeUID=DO1.NTC.840320\" target=\"_blank\" title=\"Detalles\"><i class=\"fas fa-2x fa-link\"><\/i><\/a><\/div><\/div><\/div><div class=\"jumbotron archivos\"><div class=\"row align-items-center\"><div class=\"col\"><h6><a class=\"text-dark\" href=\"https:\/\/comunidad.comprasdominicana.gob.do\/\/Public\/Tendering\/OpportunityDetail\/Index?noticeUID=DO1.NTC.839624\" title=\"Ver\" target=\"_blank\">INESPRE-UC-CD-2020-0032<\/a><\/h6><p class=\"mb-0 bold\">Adquisici\u00f3n de Soldadora, Bombas y Escaleras<\/p><p class=\"mb-0\" style=\"font-size: .85rem\"><strong title=\"Estado del Proceso\"><i class=\"fas fa-spinner\"><\/i><\/strong> Proceso adjudicado y celebrado<\/p><p class=\"mb-0\" style=\"font-size: .85rem\"><strong title=\"Fecha de Publicaci\u00f3n\"><i class=\"fas fa-calendar-alt\"><\/i><\/strong> Publicado el martes, 17 de noviembre de 2020<\/p><\/div><div class=\"col-auto mt-md-0 mt-2\"><a class=\"btn btn-primary btn-lg px-lg-4 d-none d-md-block\" href=\"https:\/\/comunidad.comprasdominicana.gob.do\/\/Public\/Tendering\/OpportunityDetail\/Index?noticeUID=DO1.NTC.839624\" target=\"_blank\" title=\"Detalles\"><i class=\"fas fa-link\"><\/i> DETALLES<\/a><a class=\"btn btn-primary btn-lg px-lg-4 d-block d-md-none\" href=\"https:\/\/comunidad.comprasdominicana.gob.do\/\/Public\/Tendering\/OpportunityDetail\/Index?noticeUID=DO1.NTC.839624\" target=\"_blank\" title=\"Detalles\"><i class=\"fas fa-2x fa-link\"><\/i><\/a><\/div><\/div><\/div><div class=\"jumbotron archivos\"><div class=\"row align-items-center\"><div class=\"col\"><h6><a class=\"text-dark\" href=\"https:\/\/comunidad.comprasdominicana.gob.do\/\/Public\/Tendering\/OpportunityDetail\/Index?noticeUID=DO1.NTC.839910\" title=\"Ver\" target=\"_blank\">INESPRE-UC-CD-2020-0031<\/a><\/h6><p class=\"mb-0 bold\">Adquisici\u00f3n de Herramientas de mano y Carretillas<\/p><p class=\"mb-0\" style=\"font-size: .85rem\"><strong title=\"Estado del Proceso\"><i class=\"fas fa-spinner\"><\/i><\/strong> Proceso adjudicado y celebrado<\/p><p class=\"mb-0\" style=\"font-size: .85rem\"><strong title=\"Fecha de Publicaci\u00f3n\"><i class=\"fas fa-calendar-alt\"><\/i><\/strong> Publicado el martes, 17 de noviembre de 2020<\/p><\/div><div class=\"col-auto mt-md-0 mt-2\"><a class=\"btn btn-primary btn-lg px-lg-4 d-none d-md-block\" href=\"https:\/\/comunidad.comprasdominicana.gob.do\/\/Public\/Tendering\/OpportunityDetail\/Index?noticeUID=DO1.NTC.839910\" target=\"_blank\" title=\"Detalles\"><i class=\"fas fa-link\"><\/i> DETALLES<\/a><a class=\"btn btn-primary btn-lg px-lg-4 d-block d-md-none\" href=\"https:\/\/comunidad.comprasdominicana.gob.do\/\/Public\/Tendering\/OpportunityDetail\/Index?noticeUID=DO1.NTC.839910\" target=\"_blank\" title=\"Detalles\"><i class=\"fas fa-2x fa-link\"><\/i><\/a><\/div><\/div><\/div><div class=\"jumbotron archivos\"><div class=\"row align-items-center\"><div class=\"col\"><h6><a class=\"text-dark\" href=\"https:\/\/comunidad.comprasdominicana.gob.do\/\/Public\/Tendering\/OpportunityDetail\/Index?noticeUID=DO1.NTC.835629\" title=\"Ver\" target=\"_blank\">INESPRE-UC-CD-2020-0030<\/a><\/h6><p class=\"mb-0 bold\">Servicio de Reparaci\u00f3n de Techo y Paredes<\/p><p class=\"mb-0\" style=\"font-size: .85rem\"><strong title=\"Estado del Proceso\"><i class=\"fas fa-spinner\"><\/i><\/strong> Proceso adjudicado y celebrado<\/p><p class=\"mb-0\" style=\"font-size: .85rem\"><strong title=\"Fecha de Publicaci\u00f3n\"><i class=\"fas fa-calendar-alt\"><\/i><\/strong> Publicado el jueves, 5 de noviembre de 2020<\/p><\/div><div class=\"col-auto mt-md-0 mt-2\"><a class=\"btn btn-primary btn-lg px-lg-4 d-none d-md-block\" href=\"https:\/\/comunidad.comprasdominicana.gob.do\/\/Public\/Tendering\/OpportunityDetail\/Index?noticeUID=DO1.NTC.835629\" target=\"_blank\" title=\"Detalles\"><i class=\"fas fa-link\"><\/i> DETALLES<\/a><a class=\"btn btn-primary btn-lg px-lg-4 d-block d-md-none\" href=\"https:\/\/comunidad.comprasdominicana.gob.do\/\/Public\/Tendering\/OpportunityDetail\/Index?noticeUID=DO1.NTC.835629\" target=\"_blank\" title=\"Detalles\"><i class=\"fas fa-2x fa-link\"><\/i><\/a><\/div><\/div><\/div><div class=\"jumbotron archivos\"><div class=\"row align-items-center\"><div class=\"col\"><h6><a class=\"text-dark\" href=\"https:\/\/comunidad.comprasdominicana.gob.do\/\/Public\/Tendering\/OpportunityDetail\/Index?noticeUID=DO1.NTC.834622\" title=\"Ver\" target=\"_blank\">INESPRE-UC-CD-2020-0029<\/a><\/h6><p class=\"mb-0 bold\">Adquisici\u00f3n de Valijas y Maquina Contadora de Billetes<\/p><p class=\"mb-0\" style=\"font-size: .85rem\"><strong title=\"Estado del Proceso\"><i class=\"fas fa-spinner\"><\/i><\/strong> Proceso adjudicado y celebrado<\/p><p class=\"mb-0\" style=\"font-size: .85rem\"><strong title=\"Fecha de Publicaci\u00f3n\"><i class=\"fas fa-calendar-alt\"><\/i><\/strong> Publicado el mi\u00e9rcoles, 4 de noviembre de 2020<\/p><\/div><div class=\"col-auto mt-md-0 mt-2\"><a class=\"btn btn-primary btn-lg px-lg-4 d-none d-md-block\" href=\"https:\/\/comunidad.comprasdominicana.gob.do\/\/Public\/Tendering\/OpportunityDetail\/Index?noticeUID=DO1.NTC.834622\" target=\"_blank\" title=\"Detalles\"><i class=\"fas fa-link\"><\/i> DETALLES<\/a><a class=\"btn btn-primary btn-lg px-lg-4 d-block d-md-none\" href=\"https:\/\/comunidad.comprasdominicana.gob.do\/\/Public\/Tendering\/OpportunityDetail\/Index?noticeUID=DO1.NTC.834622\" target=\"_blank\" title=\"Detalles\"><i class=\"fas fa-2x fa-link\"><\/i><\/a><\/div><\/div><\/div><div class=\"jumbotron archivos\"><div class=\"row align-items-center\"><div class=\"col\"><h6><a class=\"text-dark\" href=\"https:\/\/comunidad.comprasdominicana.gob.do\/\/Public\/Tendering\/OpportunityDetail\/Index?noticeUID=DO1.NTC.833540\" title=\"Ver\" target=\"_blank\">INESPRE-UC-CD-2020-0028<\/a><\/h6><p class=\"mb-0 bold\">Adquisici\u00f3n de Papel Higi\u00e9nico de Ba\u00f1os y Servilleta<\/p><p class=\"mb-0\" style=\"font-size: .85rem\"><strong title=\"Estado del Proceso\"><i class=\"fas fa-spinner\"><\/i><\/strong> Proceso adjudicado y celebrado<\/p><p class=\"mb-0\" style=\"font-size: .85rem\"><strong title=\"Fecha de Publicaci\u00f3n\"><i class=\"fas fa-calendar-alt\"><\/i><\/strong> Publicado el lunes, 2 de noviembre de 2020<\/p><\/div><div class=\"col-auto mt-md-0 mt-2\"><a class=\"btn btn-primary btn-lg px-lg-4 d-none d-md-block\" href=\"https:\/\/comunidad.comprasdominicana.gob.do\/\/Public\/Tendering\/OpportunityDetail\/Index?noticeUID=DO1.NTC.833540\" target=\"_blank\" title=\"Detalles\"><i class=\"fas fa-link\"><\/i> DETALLES<\/a><a class=\"btn btn-primary btn-lg px-lg-4 d-block d-md-none\" href=\"https:\/\/comunidad.comprasdominicana.gob.do\/\/Public\/Tendering\/OpportunityDetail\/Index?noticeUID=DO1.NTC.833540\" target=\"_blank\" title=\"Detalles\"><i class=\"fas fa-2x fa-link\"><\/i><\/a><\/div><\/div><\/div><\/div><\/div><\/div>\n        <div class=\"card\">\n            <div class=\"card-header parents\" id=\"heading_compras-por-debajo-del-umbral-69f73f7454400-2020-69f73f7454400-octubre-69f73f7454400\">\n                <p class=\"title text-blue mb-0\">\n                    <a class=\"btn-block hover text-left collapsed\" data-toggle=\"collapse\" data-target=\"#collap_compras-por-debajo-del-umbral-69f73f7454400-2020-69f73f7454400-octubre-69f73f7454400\" aria-expanded=\"false\" aria-controls=\"collap_compras-por-debajo-del-umbral-69f73f7454400-2020-69f73f7454400-octubre-69f73f7454400\">Octubre<\/a>\n                <\/p>\n            <\/div>\n            <div id=\"collap_compras-por-debajo-del-umbral-69f73f7454400-2020-69f73f7454400-octubre-69f73f7454400\" class=\"collapse\" aria-labelledby=\"heading_compras-por-debajo-del-umbral-69f73f7454400-2020-69f73f7454400-octubre-69f73f7454400\" data-parent=\"#collap_compras-por-debajo-del-umbral-69f73f7454400-2020-69f73f7454400\">\n                <div class=\"card-body\"><div class=\"jumbotron archivos\"><div class=\"row align-items-center\"><div class=\"col\"><h6><a class=\"text-dark\" href=\"https:\/\/comunidad.comprasdominicana.gob.do\/\/Public\/Tendering\/OpportunityDetail\/Index?noticeUID=DO1.NTC.831628\" title=\"Ver\" target=\"_blank\">INESPRE-UC-CD-2020-0027<\/a><\/h6><p class=\"mb-0 bold\">Servicio de Catering<\/p><p class=\"mb-0\" style=\"font-size: .85rem\"><strong title=\"Estado del Proceso\"><i class=\"fas fa-spinner\"><\/i><\/strong> Proceso adjudicado y celebrado<\/p><p class=\"mb-0\" style=\"font-size: .85rem\"><strong title=\"Fecha de Publicaci\u00f3n\"><i class=\"fas fa-calendar-alt\"><\/i><\/strong> Publicado el jueves, 29 de octubre de 2020<\/p><\/div><div class=\"col-auto mt-md-0 mt-2\"><a class=\"btn btn-primary btn-lg px-lg-4 d-none d-md-block\" href=\"https:\/\/comunidad.comprasdominicana.gob.do\/\/Public\/Tendering\/OpportunityDetail\/Index?noticeUID=DO1.NTC.831628\" target=\"_blank\" title=\"Detalles\"><i class=\"fas fa-link\"><\/i> DETALLES<\/a><a class=\"btn btn-primary btn-lg px-lg-4 d-block d-md-none\" href=\"https:\/\/comunidad.comprasdominicana.gob.do\/\/Public\/Tendering\/OpportunityDetail\/Index?noticeUID=DO1.NTC.831628\" target=\"_blank\" title=\"Detalles\"><i class=\"fas fa-2x fa-link\"><\/i><\/a><\/div><\/div><\/div><div class=\"jumbotron archivos\"><div class=\"row align-items-center\"><div class=\"col\"><h6><a class=\"text-dark\" href=\"https:\/\/comunidad.comprasdominicana.gob.do\/\/Public\/Tendering\/OpportunityDetail\/Index?noticeUID=DO1.NTC.831227\" title=\"Ver\" target=\"_blank\">INESPRE-UC-CD-2020-0024<\/a><\/h6><p class=\"mb-0 bold\">Adquisici\u00f3n de Sellos Gomigrafos Pretintados para diferentes dependencia de la Instituci\u00f3n.<\/p><p class=\"mb-0\" style=\"font-size: .85rem\"><strong title=\"Estado del Proceso\"><i class=\"fas fa-spinner\"><\/i><\/strong> Proceso adjudicado y celebrado<\/p><p class=\"mb-0\" style=\"font-size: .85rem\"><strong title=\"Fecha de Publicaci\u00f3n\"><i class=\"fas fa-calendar-alt\"><\/i><\/strong> Publicado el mi\u00e9rcoles, 28 de octubre de 2020<\/p><\/div><div class=\"col-auto mt-md-0 mt-2\"><a class=\"btn btn-primary btn-lg px-lg-4 d-none d-md-block\" href=\"https:\/\/comunidad.comprasdominicana.gob.do\/\/Public\/Tendering\/OpportunityDetail\/Index?noticeUID=DO1.NTC.831227\" target=\"_blank\" title=\"Detalles\"><i class=\"fas fa-link\"><\/i> DETALLES<\/a><a class=\"btn btn-primary btn-lg px-lg-4 d-block d-md-none\" href=\"https:\/\/comunidad.comprasdominicana.gob.do\/\/Public\/Tendering\/OpportunityDetail\/Index?noticeUID=DO1.NTC.831227\" target=\"_blank\" title=\"Detalles\"><i class=\"fas fa-2x fa-link\"><\/i><\/a><\/div><\/div><\/div><div class=\"jumbotron archivos\"><div class=\"row align-items-center\"><div class=\"col\"><h6><a class=\"text-dark\" href=\"https:\/\/comunidad.comprasdominicana.gob.do\/\/Public\/Tendering\/OpportunityDetail\/Index?noticeUID=DO1.NTC.830837\" title=\"Ver\" target=\"_blank\">INESPRE-UC-CD-2020-0026<\/a><\/h6><p class=\"mb-0 bold\">Servicio de Catering<\/p><p class=\"mb-0\" style=\"font-size: .85rem\"><strong title=\"Estado del Proceso\"><i class=\"fas fa-spinner\"><\/i><\/strong> Cancelado<\/p><p class=\"mb-0\" style=\"font-size: .85rem\"><strong title=\"Fecha de Publicaci\u00f3n\"><i class=\"fas fa-calendar-alt\"><\/i><\/strong> Publicado el martes, 27 de octubre de 2020<\/p><\/div><div class=\"col-auto mt-md-0 mt-2\"><a class=\"btn btn-primary btn-lg px-lg-4 d-none d-md-block\" href=\"https:\/\/comunidad.comprasdominicana.gob.do\/\/Public\/Tendering\/OpportunityDetail\/Index?noticeUID=DO1.NTC.830837\" target=\"_blank\" title=\"Detalles\"><i class=\"fas fa-link\"><\/i> DETALLES<\/a><a class=\"btn btn-primary btn-lg px-lg-4 d-block d-md-none\" href=\"https:\/\/comunidad.comprasdominicana.gob.do\/\/Public\/Tendering\/OpportunityDetail\/Index?noticeUID=DO1.NTC.830837\" target=\"_blank\" title=\"Detalles\"><i class=\"fas fa-2x fa-link\"><\/i><\/a><\/div><\/div><\/div><div class=\"jumbotron archivos\"><div class=\"row align-items-center\"><div class=\"col\"><h6><a class=\"text-dark\" href=\"https:\/\/comunidad.comprasdominicana.gob.do\/\/Public\/Tendering\/OpportunityDetail\/Index?noticeUID=DO1.NTC.830623\" title=\"Ver\" target=\"_blank\">INESPRE-UC-CD-2020-0025<\/a><\/h6><p class=\"mb-0 bold\">Adquisici\u00f3n de Gomas y Bater\u00eda<\/p><p class=\"mb-0\" style=\"font-size: .85rem\"><strong title=\"Estado del Proceso\"><i class=\"fas fa-spinner\"><\/i><\/strong> Proceso adjudicado y celebrado<\/p><p class=\"mb-0\" style=\"font-size: .85rem\"><strong title=\"Fecha de Publicaci\u00f3n\"><i class=\"fas fa-calendar-alt\"><\/i><\/strong> Publicado el martes, 27 de octubre de 2020<\/p><\/div><div class=\"col-auto mt-md-0 mt-2\"><a class=\"btn btn-primary btn-lg px-lg-4 d-none d-md-block\" href=\"https:\/\/comunidad.comprasdominicana.gob.do\/\/Public\/Tendering\/OpportunityDetail\/Index?noticeUID=DO1.NTC.830623\" target=\"_blank\" title=\"Detalles\"><i class=\"fas fa-link\"><\/i> DETALLES<\/a><a class=\"btn btn-primary btn-lg px-lg-4 d-block d-md-none\" href=\"https:\/\/comunidad.comprasdominicana.gob.do\/\/Public\/Tendering\/OpportunityDetail\/Index?noticeUID=DO1.NTC.830623\" target=\"_blank\" title=\"Detalles\"><i class=\"fas fa-2x fa-link\"><\/i><\/a><\/div><\/div><\/div><div class=\"jumbotron archivos\"><div class=\"row align-items-center\"><div class=\"col\"><h6><a class=\"text-dark\" href=\"https:\/\/comunidad.comprasdominicana.gob.do\/\/Public\/Tendering\/OpportunityDetail\/Index?noticeUID=DO1.NTC.829824\" title=\"Ver\" target=\"_blank\">INESPRE-UC-CD-2020-0023<\/a><\/h6><p class=\"mb-0 bold\">Adquisici\u00f3n de Utensilios de cocina <\/p><p class=\"mb-0\" style=\"font-size: .85rem\"><strong title=\"Estado del Proceso\"><i class=\"fas fa-spinner\"><\/i><\/strong> Proceso adjudicado y celebrado<\/p><p class=\"mb-0\" style=\"font-size: .85rem\"><strong title=\"Fecha de Publicaci\u00f3n\"><i class=\"fas fa-calendar-alt\"><\/i><\/strong> Publicado el lunes, 26 de octubre de 2020<\/p><\/div><div class=\"col-auto mt-md-0 mt-2\"><a class=\"btn btn-primary btn-lg px-lg-4 d-none d-md-block\" href=\"https:\/\/comunidad.comprasdominicana.gob.do\/\/Public\/Tendering\/OpportunityDetail\/Index?noticeUID=DO1.NTC.829824\" target=\"_blank\" title=\"Detalles\"><i class=\"fas fa-link\"><\/i> DETALLES<\/a><a class=\"btn btn-primary btn-lg px-lg-4 d-block d-md-none\" href=\"https:\/\/comunidad.comprasdominicana.gob.do\/\/Public\/Tendering\/OpportunityDetail\/Index?noticeUID=DO1.NTC.829824\" target=\"_blank\" title=\"Detalles\"><i class=\"fas fa-2x fa-link\"><\/i><\/a><\/div><\/div><\/div><div class=\"jumbotron archivos\"><div class=\"row align-items-center\"><div class=\"col\"><h6><a class=\"text-dark\" href=\"https:\/\/comunidad.comprasdominicana.gob.do\/\/Public\/Tendering\/OpportunityDetail\/Index?noticeUID=DO1.NTC.828839\" title=\"Ver\" target=\"_blank\">INESPRE-UC-CD-2020-0022<\/a><\/h6><p class=\"mb-0 bold\">Aquisici\u00f3n de Productos para control de plagas<\/p><p class=\"mb-0\" style=\"font-size: .85rem\"><strong title=\"Estado del Proceso\"><i class=\"fas fa-spinner\"><\/i><\/strong> Proceso adjudicado y celebrado<\/p><p class=\"mb-0\" style=\"font-size: .85rem\"><strong title=\"Fecha de Publicaci\u00f3n\"><i class=\"fas fa-calendar-alt\"><\/i><\/strong> Publicado el mi\u00e9rcoles, 21 de octubre de 2020<\/p><\/div><div class=\"col-auto mt-md-0 mt-2\"><a class=\"btn btn-primary btn-lg px-lg-4 d-none d-md-block\" href=\"https:\/\/comunidad.comprasdominicana.gob.do\/\/Public\/Tendering\/OpportunityDetail\/Index?noticeUID=DO1.NTC.828839\" target=\"_blank\" title=\"Detalles\"><i class=\"fas fa-link\"><\/i> DETALLES<\/a><a class=\"btn btn-primary btn-lg px-lg-4 d-block d-md-none\" href=\"https:\/\/comunidad.comprasdominicana.gob.do\/\/Public\/Tendering\/OpportunityDetail\/Index?noticeUID=DO1.NTC.828839\" target=\"_blank\" title=\"Detalles\"><i class=\"fas fa-2x fa-link\"><\/i><\/a><\/div><\/div><\/div><div class=\"jumbotron archivos\"><div class=\"row align-items-center\"><div class=\"col\"><h6><a class=\"text-dark\" href=\"https:\/\/comunidad.comprasdominicana.gob.do\/\/Public\/Tendering\/OpportunityDetail\/Index?noticeUID=DO1.NTC.828762\" title=\"Ver\" target=\"_blank\">INESPRE-UC-CD-2020-0021<\/a><\/h6><p class=\"mb-0 bold\">Adquisici\u00f3n de Canasto Pl\u00e1stico<\/p><p class=\"mb-0\" style=\"font-size: .85rem\"><strong title=\"Estado del Proceso\"><i class=\"fas fa-spinner\"><\/i><\/strong> Proceso adjudicado y celebrado<\/p><p class=\"mb-0\" style=\"font-size: .85rem\"><strong title=\"Fecha de Publicaci\u00f3n\"><i class=\"fas fa-calendar-alt\"><\/i><\/strong> Publicado el mi\u00e9rcoles, 21 de octubre de 2020<\/p><\/div><div class=\"col-auto mt-md-0 mt-2\"><a class=\"btn btn-primary btn-lg px-lg-4 d-none d-md-block\" href=\"https:\/\/comunidad.comprasdominicana.gob.do\/\/Public\/Tendering\/OpportunityDetail\/Index?noticeUID=DO1.NTC.828762\" target=\"_blank\" title=\"Detalles\"><i class=\"fas fa-link\"><\/i> DETALLES<\/a><a class=\"btn btn-primary btn-lg px-lg-4 d-block d-md-none\" href=\"https:\/\/comunidad.comprasdominicana.gob.do\/\/Public\/Tendering\/OpportunityDetail\/Index?noticeUID=DO1.NTC.828762\" target=\"_blank\" title=\"Detalles\"><i class=\"fas fa-2x fa-link\"><\/i><\/a><\/div><\/div><\/div><div class=\"jumbotron archivos\"><div class=\"row align-items-center\"><div class=\"col\"><h6><a class=\"text-dark\" href=\"https:\/\/comunidad.comprasdominicana.gob.do\/\/Public\/Tendering\/OpportunityDetail\/Index?noticeUID=DO1.NTC.828838\" title=\"Ver\" target=\"_blank\">INESPRE-UC-CD-2020-0020<\/a><\/h6><p class=\"mb-0 bold\">Adquisici\u00f3n de Banner<\/p><p class=\"mb-0\" style=\"font-size: .85rem\"><strong title=\"Estado del Proceso\"><i class=\"fas fa-spinner\"><\/i><\/strong> Proceso adjudicado y celebrado<\/p><p class=\"mb-0\" style=\"font-size: .85rem\"><strong title=\"Fecha de Publicaci\u00f3n\"><i class=\"fas fa-calendar-alt\"><\/i><\/strong> Publicado el mi\u00e9rcoles, 21 de octubre de 2020<\/p><\/div><div class=\"col-auto mt-md-0 mt-2\"><a class=\"btn btn-primary btn-lg px-lg-4 d-none d-md-block\" href=\"https:\/\/comunidad.comprasdominicana.gob.do\/\/Public\/Tendering\/OpportunityDetail\/Index?noticeUID=DO1.NTC.828838\" target=\"_blank\" title=\"Detalles\"><i class=\"fas fa-link\"><\/i> DETALLES<\/a><a class=\"btn btn-primary btn-lg px-lg-4 d-block d-md-none\" href=\"https:\/\/comunidad.comprasdominicana.gob.do\/\/Public\/Tendering\/OpportunityDetail\/Index?noticeUID=DO1.NTC.828838\" target=\"_blank\" title=\"Detalles\"><i class=\"fas fa-2x fa-link\"><\/i><\/a><\/div><\/div><\/div><div class=\"jumbotron archivos\"><div class=\"row align-items-center\"><div class=\"col\"><h6><a class=\"text-dark\" href=\"https:\/\/comunidad.comprasdominicana.gob.do\/\/Public\/Tendering\/OpportunityDetail\/Index?noticeUID=DO1.NTC.824710\" title=\"Ver\" target=\"_blank\">INESPRE-UC-CD-2020-0019<\/a><\/h6><p class=\"mb-0 bold\">Servicio de Publicaci\u00f3n en Dos (02) Peri\u00f3dicos de Circulaci\u00f3n Nacional para el Proceso de Urgencia de referencia: INESPRE-MAE-PEUR-2020-0008<\/p><p class=\"mb-0\" style=\"font-size: .85rem\"><strong title=\"Estado del Proceso\"><i class=\"fas fa-spinner\"><\/i><\/strong> Proceso adjudicado y celebrado<\/p><p class=\"mb-0\" style=\"font-size: .85rem\"><strong title=\"Fecha de Publicaci\u00f3n\"><i class=\"fas fa-calendar-alt\"><\/i><\/strong> Publicado el lunes, 12 de octubre de 2020<\/p><\/div><div class=\"col-auto mt-md-0 mt-2\"><a class=\"btn btn-primary btn-lg px-lg-4 d-none d-md-block\" href=\"https:\/\/comunidad.comprasdominicana.gob.do\/\/Public\/Tendering\/OpportunityDetail\/Index?noticeUID=DO1.NTC.824710\" target=\"_blank\" title=\"Detalles\"><i class=\"fas fa-link\"><\/i> DETALLES<\/a><a class=\"btn btn-primary btn-lg px-lg-4 d-block d-md-none\" href=\"https:\/\/comunidad.comprasdominicana.gob.do\/\/Public\/Tendering\/OpportunityDetail\/Index?noticeUID=DO1.NTC.824710\" target=\"_blank\" title=\"Detalles\"><i class=\"fas fa-2x fa-link\"><\/i><\/a><\/div><\/div><\/div><div class=\"jumbotron archivos\"><div class=\"row align-items-center\"><div class=\"col\"><h6><a class=\"text-dark\" href=\"https:\/\/comunidad.comprasdominicana.gob.do\/\/Public\/Tendering\/OpportunityDetail\/Index?noticeUID=DO1.NTC.824519\" title=\"Ver\" target=\"_blank\">INESPRE-UC-CD-2020-0018<\/a><\/h6><p class=\"mb-0 bold\">Servicio de Catering<\/p><p class=\"mb-0\" style=\"font-size: .85rem\"><strong title=\"Estado del Proceso\"><i class=\"fas fa-spinner\"><\/i><\/strong> Proceso adjudicado y celebrado<\/p><p class=\"mb-0\" style=\"font-size: .85rem\"><strong title=\"Fecha de Publicaci\u00f3n\"><i class=\"fas fa-calendar-alt\"><\/i><\/strong> Publicado el lunes, 12 de octubre de 2020<\/p><\/div><div class=\"col-auto mt-md-0 mt-2\"><a class=\"btn btn-primary btn-lg px-lg-4 d-none d-md-block\" href=\"https:\/\/comunidad.comprasdominicana.gob.do\/\/Public\/Tendering\/OpportunityDetail\/Index?noticeUID=DO1.NTC.824519\" target=\"_blank\" title=\"Detalles\"><i class=\"fas fa-link\"><\/i> DETALLES<\/a><a class=\"btn btn-primary btn-lg px-lg-4 d-block d-md-none\" href=\"https:\/\/comunidad.comprasdominicana.gob.do\/\/Public\/Tendering\/OpportunityDetail\/Index?noticeUID=DO1.NTC.824519\" target=\"_blank\" title=\"Detalles\"><i class=\"fas fa-2x fa-link\"><\/i><\/a><\/div><\/div><\/div><div class=\"jumbotron archivos\"><div class=\"row align-items-center\"><div class=\"col\"><h6><a class=\"text-dark\" href=\"https:\/\/comunidad.comprasdominicana.gob.do\/\/Public\/Tendering\/OpportunityDetail\/Index?noticeUID=DO1.NTC.822409\" title=\"Ver\" target=\"_blank\">INESPRE-UC-CD-2020-0017<\/a><\/h6><p class=\"mb-0 bold\">Adquisici\u00f3n de Proyectores<\/p><p class=\"mb-0\" style=\"font-size: .85rem\"><strong title=\"Estado del Proceso\"><i class=\"fas fa-spinner\"><\/i><\/strong> Proceso adjudicado y celebrado<\/p><p class=\"mb-0\" style=\"font-size: .85rem\"><strong title=\"Fecha de Publicaci\u00f3n\"><i class=\"fas fa-calendar-alt\"><\/i><\/strong> Publicado el mi\u00e9rcoles, 7 de octubre de 2020<\/p><\/div><div class=\"col-auto mt-md-0 mt-2\"><a class=\"btn btn-primary btn-lg px-lg-4 d-none d-md-block\" href=\"https:\/\/comunidad.comprasdominicana.gob.do\/\/Public\/Tendering\/OpportunityDetail\/Index?noticeUID=DO1.NTC.822409\" target=\"_blank\" title=\"Detalles\"><i class=\"fas fa-link\"><\/i> DETALLES<\/a><a class=\"btn btn-primary btn-lg px-lg-4 d-block d-md-none\" href=\"https:\/\/comunidad.comprasdominicana.gob.do\/\/Public\/Tendering\/OpportunityDetail\/Index?noticeUID=DO1.NTC.822409\" target=\"_blank\" title=\"Detalles\"><i class=\"fas fa-2x fa-link\"><\/i><\/a><\/div><\/div><\/div><div class=\"jumbotron archivos\"><div class=\"row align-items-center\"><div class=\"col\"><h6><a class=\"text-dark\" href=\"https:\/\/comunidad.comprasdominicana.gob.do\/\/Public\/Tendering\/OpportunityDetail\/Index?noticeUID=DO1.NTC.821521\" title=\"Ver\" target=\"_blank\">INESPRE-UC-CD-2020-0016<\/a><\/h6><p class=\"mb-0 bold\">Adquisici\u00f3n de Televisores<\/p><p class=\"mb-0\" style=\"font-size: .85rem\"><strong title=\"Estado del Proceso\"><i class=\"fas fa-spinner\"><\/i><\/strong> Proceso adjudicado y celebrado<\/p><p class=\"mb-0\" style=\"font-size: .85rem\"><strong title=\"Fecha de Publicaci\u00f3n\"><i class=\"fas fa-calendar-alt\"><\/i><\/strong> Publicado el martes, 6 de octubre de 2020<\/p><\/div><div class=\"col-auto mt-md-0 mt-2\"><a class=\"btn btn-primary btn-lg px-lg-4 d-none d-md-block\" href=\"https:\/\/comunidad.comprasdominicana.gob.do\/\/Public\/Tendering\/OpportunityDetail\/Index?noticeUID=DO1.NTC.821521\" target=\"_blank\" title=\"Detalles\"><i class=\"fas fa-link\"><\/i> DETALLES<\/a><a class=\"btn btn-primary btn-lg px-lg-4 d-block d-md-none\" href=\"https:\/\/comunidad.comprasdominicana.gob.do\/\/Public\/Tendering\/OpportunityDetail\/Index?noticeUID=DO1.NTC.821521\" target=\"_blank\" title=\"Detalles\"><i class=\"fas fa-2x fa-link\"><\/i><\/a><\/div><\/div><\/div><div class=\"jumbotron archivos\"><div class=\"row align-items-center\"><div class=\"col\"><h6><a class=\"text-dark\" href=\"https:\/\/comunidad.comprasdominicana.gob.do\/\/Public\/Tendering\/OpportunityDetail\/Index?noticeUID=DO1.NTC.821516\" title=\"Ver\" target=\"_blank\">INESPRE-UC-CD-2020-0015<\/a><\/h6><p class=\"mb-0 bold\">Adquisici\u00f3n de Utensilios de cocina desechables<\/p><p class=\"mb-0\" style=\"font-size: .85rem\"><strong title=\"Estado del Proceso\"><i class=\"fas fa-spinner\"><\/i><\/strong> Proceso adjudicado y celebrado<\/p><p class=\"mb-0\" style=\"font-size: .85rem\"><strong title=\"Fecha de Publicaci\u00f3n\"><i class=\"fas fa-calendar-alt\"><\/i><\/strong> Publicado el martes, 6 de octubre de 2020<\/p><\/div><div class=\"col-auto mt-md-0 mt-2\"><a class=\"btn btn-primary btn-lg px-lg-4 d-none d-md-block\" href=\"https:\/\/comunidad.comprasdominicana.gob.do\/\/Public\/Tendering\/OpportunityDetail\/Index?noticeUID=DO1.NTC.821516\" target=\"_blank\" title=\"Detalles\"><i class=\"fas fa-link\"><\/i> DETALLES<\/a><a class=\"btn btn-primary btn-lg px-lg-4 d-block d-md-none\" href=\"https:\/\/comunidad.comprasdominicana.gob.do\/\/Public\/Tendering\/OpportunityDetail\/Index?noticeUID=DO1.NTC.821516\" target=\"_blank\" title=\"Detalles\"><i class=\"fas fa-2x fa-link\"><\/i><\/a><\/div><\/div><\/div><div class=\"jumbotron archivos\"><div class=\"row align-items-center\"><div class=\"col\"><h6><a class=\"text-dark\" href=\"https:\/\/comunidad.comprasdominicana.gob.do\/\/Public\/Tendering\/OpportunityDetail\/Index?noticeUID=DO1.NTC.821004\" title=\"Ver\" target=\"_blank\">INESPRE-UC-CD-2020-0014<\/a><\/h6><p class=\"mb-0 bold\">Adquisici\u00f3n de Esposas y Cartuchos<\/p><p class=\"mb-0\" style=\"font-size: .85rem\"><strong title=\"Estado del Proceso\"><i class=\"fas fa-spinner\"><\/i><\/strong> Proceso adjudicado y celebrado<\/p><p class=\"mb-0\" style=\"font-size: .85rem\"><strong title=\"Fecha de Publicaci\u00f3n\"><i class=\"fas fa-calendar-alt\"><\/i><\/strong> Publicado el lunes, 5 de octubre de 2020<\/p><\/div><div class=\"col-auto mt-md-0 mt-2\"><a class=\"btn btn-primary btn-lg px-lg-4 d-none d-md-block\" href=\"https:\/\/comunidad.comprasdominicana.gob.do\/\/Public\/Tendering\/OpportunityDetail\/Index?noticeUID=DO1.NTC.821004\" target=\"_blank\" title=\"Detalles\"><i class=\"fas fa-link\"><\/i> DETALLES<\/a><a class=\"btn btn-primary btn-lg px-lg-4 d-block d-md-none\" href=\"https:\/\/comunidad.comprasdominicana.gob.do\/\/Public\/Tendering\/OpportunityDetail\/Index?noticeUID=DO1.NTC.821004\" target=\"_blank\" title=\"Detalles\"><i class=\"fas fa-2x fa-link\"><\/i><\/a><\/div><\/div><\/div><div class=\"jumbotron archivos\"><div class=\"row align-items-center\"><div class=\"col\"><h6><a class=\"text-dark\" href=\"https:\/\/comunidad.comprasdominicana.gob.do\/\/Public\/Tendering\/OpportunityDetail\/Index?noticeUID=DO1.NTC.819925\" title=\"Ver\" target=\"_blank\">INESPRE-UC-CD-2020-0013<\/a><\/h6><p class=\"mb-0 bold\">Adquisici\u00f3n de Esposas y Cartuchos<\/p><p class=\"mb-0\" style=\"font-size: .85rem\"><strong title=\"Estado del Proceso\"><i class=\"fas fa-spinner\"><\/i><\/strong> Cancelado<\/p><p class=\"mb-0\" style=\"font-size: .85rem\"><strong title=\"Fecha de Publicaci\u00f3n\"><i class=\"fas fa-calendar-alt\"><\/i><\/strong> Publicado el jueves, 1 de octubre de 2020<\/p><\/div><div class=\"col-auto mt-md-0 mt-2\"><a class=\"btn btn-primary btn-lg px-lg-4 d-none d-md-block\" href=\"https:\/\/comunidad.comprasdominicana.gob.do\/\/Public\/Tendering\/OpportunityDetail\/Index?noticeUID=DO1.NTC.819925\" target=\"_blank\" title=\"Detalles\"><i class=\"fas fa-link\"><\/i> DETALLES<\/a><a class=\"btn btn-primary btn-lg px-lg-4 d-block d-md-none\" href=\"https:\/\/comunidad.comprasdominicana.gob.do\/\/Public\/Tendering\/OpportunityDetail\/Index?noticeUID=DO1.NTC.819925\" target=\"_blank\" title=\"Detalles\"><i class=\"fas fa-2x fa-link\"><\/i><\/a><\/div><\/div><\/div><div class=\"jumbotron archivos\"><div class=\"row align-items-center\"><div class=\"col\"><h6><a class=\"text-dark\" href=\"https:\/\/comunidad.comprasdominicana.gob.do\/\/Public\/Tendering\/OpportunityDetail\/Index?noticeUID=DO1.NTC.820013\" title=\"Ver\" target=\"_blank\">INESPRE-UC-CD-2020-0012<\/a><\/h6><p class=\"mb-0 bold\">Adquisici\u00f3n de Termonebulizador manual Puls Fog.<\/p><p class=\"mb-0\" style=\"font-size: .85rem\"><strong title=\"Estado del Proceso\"><i class=\"fas fa-spinner\"><\/i><\/strong> Proceso adjudicado y celebrado<\/p><p class=\"mb-0\" style=\"font-size: .85rem\"><strong title=\"Fecha de Publicaci\u00f3n\"><i class=\"fas fa-calendar-alt\"><\/i><\/strong> Publicado el jueves, 1 de octubre de 2020<\/p><\/div><div class=\"col-auto mt-md-0 mt-2\"><a class=\"btn btn-primary btn-lg px-lg-4 d-none d-md-block\" href=\"https:\/\/comunidad.comprasdominicana.gob.do\/\/Public\/Tendering\/OpportunityDetail\/Index?noticeUID=DO1.NTC.820013\" target=\"_blank\" title=\"Detalles\"><i class=\"fas fa-link\"><\/i> DETALLES<\/a><a class=\"btn btn-primary btn-lg px-lg-4 d-block d-md-none\" href=\"https:\/\/comunidad.comprasdominicana.gob.do\/\/Public\/Tendering\/OpportunityDetail\/Index?noticeUID=DO1.NTC.820013\" target=\"_blank\" title=\"Detalles\"><i class=\"fas fa-2x fa-link\"><\/i><\/a><\/div><\/div><\/div><\/div><\/div><\/div>\n        <div class=\"card\">\n            <div class=\"card-header parents\" id=\"heading_compras-por-debajo-del-umbral-69f73f7454400-2020-69f73f7454400-julio-69f73f7454400\">\n                <p class=\"title text-blue mb-0\">\n                    <a class=\"btn-block hover text-left collapsed\" data-toggle=\"collapse\" data-target=\"#collap_compras-por-debajo-del-umbral-69f73f7454400-2020-69f73f7454400-julio-69f73f7454400\" aria-expanded=\"false\" aria-controls=\"collap_compras-por-debajo-del-umbral-69f73f7454400-2020-69f73f7454400-julio-69f73f7454400\">Julio<\/a>\n                <\/p>\n            <\/div>\n            <div id=\"collap_compras-por-debajo-del-umbral-69f73f7454400-2020-69f73f7454400-julio-69f73f7454400\" class=\"collapse\" aria-labelledby=\"heading_compras-por-debajo-del-umbral-69f73f7454400-2020-69f73f7454400-julio-69f73f7454400\" data-parent=\"#collap_compras-por-debajo-del-umbral-69f73f7454400-2020-69f73f7454400\">\n                <div class=\"card-body\"><div class=\"jumbotron archivos\"><div class=\"row align-items-center\"><div class=\"col\"><h6><a class=\"text-dark\" href=\"https:\/\/comunidad.comprasdominicana.gob.do\/\/Public\/Tendering\/OpportunityDetail\/Index?noticeUID=DO1.NTC.785926\" title=\"Ver\" target=\"_blank\">INESPRE-UC-CD-2020-0011<\/a><\/h6><p class=\"mb-0 bold\">Adquisici\u00f3n de Equipos Inform\u00e1ticos y Accesorios<\/p><p class=\"mb-0\" style=\"font-size: .85rem\"><strong title=\"Estado del Proceso\"><i class=\"fas fa-spinner\"><\/i><\/strong> Proceso adjudicado y celebrado<\/p><p class=\"mb-0\" style=\"font-size: .85rem\"><strong title=\"Fecha de Publicaci\u00f3n\"><i class=\"fas fa-calendar-alt\"><\/i><\/strong> Publicado el mi\u00e9rcoles, 15 de julio de 2020<\/p><\/div><div class=\"col-auto mt-md-0 mt-2\"><a class=\"btn btn-primary btn-lg px-lg-4 d-none d-md-block\" href=\"https:\/\/comunidad.comprasdominicana.gob.do\/\/Public\/Tendering\/OpportunityDetail\/Index?noticeUID=DO1.NTC.785926\" target=\"_blank\" title=\"Detalles\"><i class=\"fas fa-link\"><\/i> DETALLES<\/a><a class=\"btn btn-primary btn-lg px-lg-4 d-block d-md-none\" href=\"https:\/\/comunidad.comprasdominicana.gob.do\/\/Public\/Tendering\/OpportunityDetail\/Index?noticeUID=DO1.NTC.785926\" target=\"_blank\" title=\"Detalles\"><i class=\"fas fa-2x fa-link\"><\/i><\/a><\/div><\/div><\/div><\/div><\/div><\/div>\n        <div class=\"card\">\n            <div class=\"card-header parents\" id=\"heading_compras-por-debajo-del-umbral-69f73f7454400-2020-69f73f7454400-junio-69f73f7454400\">\n                <p class=\"title text-blue mb-0\">\n                    <a class=\"btn-block hover text-left collapsed\" data-toggle=\"collapse\" data-target=\"#collap_compras-por-debajo-del-umbral-69f73f7454400-2020-69f73f7454400-junio-69f73f7454400\" aria-expanded=\"false\" aria-controls=\"collap_compras-por-debajo-del-umbral-69f73f7454400-2020-69f73f7454400-junio-69f73f7454400\">Junio<\/a>\n                <\/p>\n            <\/div>\n            <div id=\"collap_compras-por-debajo-del-umbral-69f73f7454400-2020-69f73f7454400-junio-69f73f7454400\" class=\"collapse\" aria-labelledby=\"heading_compras-por-debajo-del-umbral-69f73f7454400-2020-69f73f7454400-junio-69f73f7454400\" data-parent=\"#collap_compras-por-debajo-del-umbral-69f73f7454400-2020-69f73f7454400\">\n                <div class=\"card-body\"><div class=\"jumbotron archivos\"><div class=\"row align-items-center\"><div class=\"col\"><h6><a class=\"text-dark\" href=\"https:\/\/comunidad.comprasdominicana.gob.do\/\/Public\/Tendering\/OpportunityDetail\/Index?noticeUID=DO1.NTC.772253\" title=\"Ver\" target=\"_blank\">INESPRE-UC-CD-2020-0010<\/a><\/h6><p class=\"mb-0 bold\">Servicio de Publicaci\u00f3n Convocatoria Proceso de Urgencia de referencia: INESPRE-MAE-PEUR-2020-0007<\/p><p class=\"mb-0\" style=\"font-size: .85rem\"><strong title=\"Estado del Proceso\"><i class=\"fas fa-spinner\"><\/i><\/strong> Proceso adjudicado y celebrado<\/p><p class=\"mb-0\" style=\"font-size: .85rem\"><strong title=\"Fecha de Publicaci\u00f3n\"><i class=\"fas fa-calendar-alt\"><\/i><\/strong> Publicado el jueves, 18 de junio de 2020<\/p><\/div><div class=\"col-auto mt-md-0 mt-2\"><a class=\"btn btn-primary btn-lg px-lg-4 d-none d-md-block\" href=\"https:\/\/comunidad.comprasdominicana.gob.do\/\/Public\/Tendering\/OpportunityDetail\/Index?noticeUID=DO1.NTC.772253\" target=\"_blank\" title=\"Detalles\"><i class=\"fas fa-link\"><\/i> DETALLES<\/a><a class=\"btn btn-primary btn-lg px-lg-4 d-block d-md-none\" href=\"https:\/\/comunidad.comprasdominicana.gob.do\/\/Public\/Tendering\/OpportunityDetail\/Index?noticeUID=DO1.NTC.772253\" target=\"_blank\" title=\"Detalles\"><i class=\"fas fa-2x fa-link\"><\/i><\/a><\/div><\/div><\/div><\/div><\/div><\/div>\n        <div class=\"card\">\n            <div class=\"card-header parents\" id=\"heading_compras-por-debajo-del-umbral-69f73f7454400-2020-69f73f7454400-mayo-69f73f7454400\">\n                <p class=\"title text-blue mb-0\">\n                    <a class=\"btn-block hover text-left collapsed\" data-toggle=\"collapse\" data-target=\"#collap_compras-por-debajo-del-umbral-69f73f7454400-2020-69f73f7454400-mayo-69f73f7454400\" aria-expanded=\"false\" aria-controls=\"collap_compras-por-debajo-del-umbral-69f73f7454400-2020-69f73f7454400-mayo-69f73f7454400\">Mayo<\/a>\n                <\/p>\n            <\/div>\n            <div id=\"collap_compras-por-debajo-del-umbral-69f73f7454400-2020-69f73f7454400-mayo-69f73f7454400\" class=\"collapse\" aria-labelledby=\"heading_compras-por-debajo-del-umbral-69f73f7454400-2020-69f73f7454400-mayo-69f73f7454400\" data-parent=\"#collap_compras-por-debajo-del-umbral-69f73f7454400-2020-69f73f7454400\">\n                <div class=\"card-body\"><div class=\"jumbotron archivos\"><div class=\"row align-items-center\"><div class=\"col\"><h6><a class=\"text-dark\" href=\"https:\/\/comunidad.comprasdominicana.gob.do\/\/Public\/Tendering\/OpportunityDetail\/Index?noticeUID=DO1.NTC.756617\" title=\"Ver\" target=\"_blank\">INESPRE-UC-CD-2020-0009<\/a><\/h6><p class=\"mb-0 bold\">Servicio de Publicaci\u00f3n en Dos (02) Peri\u00f3dicos de Circulaci\u00f3n Nacional para el Proceso de Urgencia de referencia: INESPRE-MAE-PEUR-2020-0005<\/p><p class=\"mb-0\" style=\"font-size: .85rem\"><strong title=\"Estado del Proceso\"><i class=\"fas fa-spinner\"><\/i><\/strong> Proceso adjudicado y celebrado<\/p><p class=\"mb-0\" style=\"font-size: .85rem\"><strong title=\"Fecha de Publicaci\u00f3n\"><i class=\"fas fa-calendar-alt\"><\/i><\/strong> Publicado el martes, 12 de mayo de 2020<\/p><\/div><div class=\"col-auto mt-md-0 mt-2\"><a class=\"btn btn-primary btn-lg px-lg-4 d-none d-md-block\" href=\"https:\/\/comunidad.comprasdominicana.gob.do\/\/Public\/Tendering\/OpportunityDetail\/Index?noticeUID=DO1.NTC.756617\" target=\"_blank\" title=\"Detalles\"><i class=\"fas fa-link\"><\/i> DETALLES<\/a><a class=\"btn btn-primary btn-lg px-lg-4 d-block d-md-none\" href=\"https:\/\/comunidad.comprasdominicana.gob.do\/\/Public\/Tendering\/OpportunityDetail\/Index?noticeUID=DO1.NTC.756617\" target=\"_blank\" title=\"Detalles\"><i class=\"fas fa-2x fa-link\"><\/i><\/a><\/div><\/div><\/div><div class=\"jumbotron archivos\"><div class=\"row align-items-center\"><div class=\"col\"><h6><a class=\"text-dark\" href=\"https:\/\/comunidad.comprasdominicana.gob.do\/\/Public\/Tendering\/OpportunityDetail\/Index?noticeUID=DO1.NTC.753109\" title=\"Ver\" target=\"_blank\">INESPRE-UC-CD-2020-0008<\/a><\/h6><p class=\"mb-0 bold\">Servicio de Publicaci\u00f3n en Dos (02) Peri\u00f3dicos de Circulaci\u00f3n Nacional para el Proceso de Urgencia de referencia: INESPRE-MAE-PEUR-2020-0004<\/p><p class=\"mb-0\" style=\"font-size: .85rem\"><strong title=\"Estado del Proceso\"><i class=\"fas fa-spinner\"><\/i><\/strong> Proceso adjudicado y celebrado<\/p><p class=\"mb-0\" style=\"font-size: .85rem\"><strong title=\"Fecha de Publicaci\u00f3n\"><i class=\"fas fa-calendar-alt\"><\/i><\/strong> Publicado el viernes, 1 de mayo de 2020<\/p><\/div><div class=\"col-auto mt-md-0 mt-2\"><a class=\"btn btn-primary btn-lg px-lg-4 d-none d-md-block\" href=\"https:\/\/comunidad.comprasdominicana.gob.do\/\/Public\/Tendering\/OpportunityDetail\/Index?noticeUID=DO1.NTC.753109\" target=\"_blank\" title=\"Detalles\"><i class=\"fas fa-link\"><\/i> DETALLES<\/a><a class=\"btn btn-primary btn-lg px-lg-4 d-block d-md-none\" href=\"https:\/\/comunidad.comprasdominicana.gob.do\/\/Public\/Tendering\/OpportunityDetail\/Index?noticeUID=DO1.NTC.753109\" target=\"_blank\" title=\"Detalles\"><i class=\"fas fa-2x fa-link\"><\/i><\/a><\/div><\/div><\/div><\/div><\/div><\/div>\n        <div class=\"card\">\n            <div class=\"card-header parents\" id=\"heading_compras-por-debajo-del-umbral-69f73f7454400-2020-69f73f7454400-abril-69f73f7454400\">\n                <p class=\"title text-blue mb-0\">\n                    <a class=\"btn-block hover text-left collapsed\" data-toggle=\"collapse\" data-target=\"#collap_compras-por-debajo-del-umbral-69f73f7454400-2020-69f73f7454400-abril-69f73f7454400\" aria-expanded=\"false\" aria-controls=\"collap_compras-por-debajo-del-umbral-69f73f7454400-2020-69f73f7454400-abril-69f73f7454400\">Abril<\/a>\n                <\/p>\n            <\/div>\n            <div id=\"collap_compras-por-debajo-del-umbral-69f73f7454400-2020-69f73f7454400-abril-69f73f7454400\" class=\"collapse\" aria-labelledby=\"heading_compras-por-debajo-del-umbral-69f73f7454400-2020-69f73f7454400-abril-69f73f7454400\" data-parent=\"#collap_compras-por-debajo-del-umbral-69f73f7454400-2020-69f73f7454400\">\n                <div class=\"card-body\"><div class=\"jumbotron archivos\"><div class=\"row align-items-center\"><div class=\"col\"><h6><a class=\"text-dark\" href=\"https:\/\/comunidad.comprasdominicana.gob.do\/\/Public\/Tendering\/OpportunityDetail\/Index?noticeUID=DO1.NTC.750109\" title=\"Ver\" target=\"_blank\">INESPRE-UC-CD-2020-0007<\/a><\/h6><p class=\"mb-0 bold\">Servicio de Publicaci\u00f3n en Dos (02) Peri\u00f3dicos de Circulaci\u00f3n Nacional para el Proceso de Urgencia de referencia: INESPRE-MAE-PEUR-2020-0003.<\/p><p class=\"mb-0\" style=\"font-size: .85rem\"><strong title=\"Estado del Proceso\"><i class=\"fas fa-spinner\"><\/i><\/strong> Proceso adjudicado y celebrado<\/p><p class=\"mb-0\" style=\"font-size: .85rem\"><strong title=\"Fecha de Publicaci\u00f3n\"><i class=\"fas fa-calendar-alt\"><\/i><\/strong> Publicado el lunes, 27 de abril de 2020<\/p><\/div><div class=\"col-auto mt-md-0 mt-2\"><a class=\"btn btn-primary btn-lg px-lg-4 d-none d-md-block\" href=\"https:\/\/comunidad.comprasdominicana.gob.do\/\/Public\/Tendering\/OpportunityDetail\/Index?noticeUID=DO1.NTC.750109\" target=\"_blank\" title=\"Detalles\"><i class=\"fas fa-link\"><\/i> DETALLES<\/a><a class=\"btn btn-primary btn-lg px-lg-4 d-block d-md-none\" href=\"https:\/\/comunidad.comprasdominicana.gob.do\/\/Public\/Tendering\/OpportunityDetail\/Index?noticeUID=DO1.NTC.750109\" target=\"_blank\" title=\"Detalles\"><i class=\"fas fa-2x fa-link\"><\/i><\/a><\/div><\/div><\/div><div class=\"jumbotron archivos\"><div class=\"row align-items-center\"><div class=\"col\"><h6><a class=\"text-dark\" href=\"https:\/\/comunidad.comprasdominicana.gob.do\/\/Public\/Tendering\/OpportunityDetail\/Index?noticeUID=DO1.NTC.739607\" title=\"Ver\" target=\"_blank\">INESPRE-UC-CD-2020-0006<\/a><\/h6><p class=\"mb-0 bold\">Servicio de Publicaci\u00f3n en Dos (02) Peri\u00f3dicos de Circulaci\u00f3n Nacional para el Proceso de Urgencia de referencia: INESPRE-MAE-PEUR-2020-0001<\/p><p class=\"mb-0\" style=\"font-size: .85rem\"><strong title=\"Estado del Proceso\"><i class=\"fas fa-spinner\"><\/i><\/strong> Proceso adjudicado y celebrado<\/p><p class=\"mb-0\" style=\"font-size: .85rem\"><strong title=\"Fecha de Publicaci\u00f3n\"><i class=\"fas fa-calendar-alt\"><\/i><\/strong> Publicado el viernes, 3 de abril de 2020<\/p><\/div><div class=\"col-auto mt-md-0 mt-2\"><a class=\"btn btn-primary btn-lg px-lg-4 d-none d-md-block\" href=\"https:\/\/comunidad.comprasdominicana.gob.do\/\/Public\/Tendering\/OpportunityDetail\/Index?noticeUID=DO1.NTC.739607\" target=\"_blank\" title=\"Detalles\"><i class=\"fas fa-link\"><\/i> DETALLES<\/a><a class=\"btn btn-primary btn-lg px-lg-4 d-block d-md-none\" href=\"https:\/\/comunidad.comprasdominicana.gob.do\/\/Public\/Tendering\/OpportunityDetail\/Index?noticeUID=DO1.NTC.739607\" target=\"_blank\" title=\"Detalles\"><i class=\"fas fa-2x fa-link\"><\/i><\/a><\/div><\/div><\/div><\/div><\/div><\/div>\n        <div class=\"card\">\n            <div class=\"card-header parents\" id=\"heading_compras-por-debajo-del-umbral-69f73f7454400-2020-69f73f7454400-marzo-69f73f7454400\">\n                <p class=\"title text-blue mb-0\">\n                    <a class=\"btn-block hover text-left collapsed\" data-toggle=\"collapse\" data-target=\"#collap_compras-por-debajo-del-umbral-69f73f7454400-2020-69f73f7454400-marzo-69f73f7454400\" aria-expanded=\"false\" aria-controls=\"collap_compras-por-debajo-del-umbral-69f73f7454400-2020-69f73f7454400-marzo-69f73f7454400\">Marzo<\/a>\n                <\/p>\n            <\/div>\n            <div id=\"collap_compras-por-debajo-del-umbral-69f73f7454400-2020-69f73f7454400-marzo-69f73f7454400\" class=\"collapse\" aria-labelledby=\"heading_compras-por-debajo-del-umbral-69f73f7454400-2020-69f73f7454400-marzo-69f73f7454400\" data-parent=\"#collap_compras-por-debajo-del-umbral-69f73f7454400-2020-69f73f7454400\">\n                <div class=\"card-body\"><div class=\"jumbotron archivos\"><div class=\"row align-items-center\"><div class=\"col\"><h6><a class=\"text-dark\" href=\"https:\/\/comunidad.comprasdominicana.gob.do\/\/Public\/Tendering\/OpportunityDetail\/Index?noticeUID=DO1.NTC.725827\" title=\"Ver\" target=\"_blank\">INESPRE-UC-CD-2020-0005<\/a><\/h6><p class=\"mb-0 bold\">Adquisicion de Productos para esterilizacion<\/p><p class=\"mb-0\" style=\"font-size: .85rem\"><strong title=\"Estado del Proceso\"><i class=\"fas fa-spinner\"><\/i><\/strong> Proceso adjudicado y celebrado<\/p><p class=\"mb-0\" style=\"font-size: .85rem\"><strong title=\"Fecha de Publicaci\u00f3n\"><i class=\"fas fa-calendar-alt\"><\/i><\/strong> Publicado el viernes, 6 de marzo de 2020<\/p><\/div><div class=\"col-auto mt-md-0 mt-2\"><a class=\"btn btn-primary btn-lg px-lg-4 d-none d-md-block\" href=\"https:\/\/comunidad.comprasdominicana.gob.do\/\/Public\/Tendering\/OpportunityDetail\/Index?noticeUID=DO1.NTC.725827\" target=\"_blank\" title=\"Detalles\"><i class=\"fas fa-link\"><\/i> DETALLES<\/a><a class=\"btn btn-primary btn-lg px-lg-4 d-block d-md-none\" href=\"https:\/\/comunidad.comprasdominicana.gob.do\/\/Public\/Tendering\/OpportunityDetail\/Index?noticeUID=DO1.NTC.725827\" target=\"_blank\" title=\"Detalles\"><i class=\"fas fa-2x fa-link\"><\/i><\/a><\/div><\/div><\/div><\/div><\/div><\/div>\n        <div class=\"card\">\n            <div class=\"card-header parents\" id=\"heading_compras-por-debajo-del-umbral-69f73f7454400-2020-69f73f7454400-enero-69f73f7454400\">\n                <p class=\"title text-blue mb-0\">\n                    <a class=\"btn-block hover text-left collapsed\" data-toggle=\"collapse\" data-target=\"#collap_compras-por-debajo-del-umbral-69f73f7454400-2020-69f73f7454400-enero-69f73f7454400\" aria-expanded=\"false\" aria-controls=\"collap_compras-por-debajo-del-umbral-69f73f7454400-2020-69f73f7454400-enero-69f73f7454400\">Enero<\/a>\n                <\/p>\n            <\/div>\n            <div id=\"collap_compras-por-debajo-del-umbral-69f73f7454400-2020-69f73f7454400-enero-69f73f7454400\" class=\"collapse\" aria-labelledby=\"heading_compras-por-debajo-del-umbral-69f73f7454400-2020-69f73f7454400-enero-69f73f7454400\" data-parent=\"#collap_compras-por-debajo-del-umbral-69f73f7454400-2020-69f73f7454400\">\n                <div class=\"card-body\"><div class=\"jumbotron archivos\"><div class=\"row align-items-center\"><div class=\"col\"><h6><a class=\"text-dark\" href=\"https:\/\/comunidad.comprasdominicana.gob.do\/\/Public\/Tendering\/OpportunityDetail\/Index?noticeUID=DO1.NTC.711316\" title=\"Ver\" target=\"_blank\">INESPRE-UC-CD-2020-0004<\/a><\/h6><p class=\"mb-0 bold\">Adquisici\u00f3n de Arreglos Florales<\/p><p class=\"mb-0\" style=\"font-size: .85rem\"><strong title=\"Estado del Proceso\"><i class=\"fas fa-spinner\"><\/i><\/strong> Proceso adjudicado y celebrado<\/p><p class=\"mb-0\" style=\"font-size: .85rem\"><strong title=\"Fecha de Publicaci\u00f3n\"><i class=\"fas fa-calendar-alt\"><\/i><\/strong> Publicado el viernes, 31 de enero de 2020<\/p><\/div><div class=\"col-auto mt-md-0 mt-2\"><a class=\"btn btn-primary btn-lg px-lg-4 d-none d-md-block\" href=\"https:\/\/comunidad.comprasdominicana.gob.do\/\/Public\/Tendering\/OpportunityDetail\/Index?noticeUID=DO1.NTC.711316\" target=\"_blank\" title=\"Detalles\"><i class=\"fas fa-link\"><\/i> DETALLES<\/a><a class=\"btn btn-primary btn-lg px-lg-4 d-block d-md-none\" href=\"https:\/\/comunidad.comprasdominicana.gob.do\/\/Public\/Tendering\/OpportunityDetail\/Index?noticeUID=DO1.NTC.711316\" target=\"_blank\" title=\"Detalles\"><i class=\"fas fa-2x fa-link\"><\/i><\/a><\/div><\/div><\/div><div class=\"jumbotron archivos\"><div class=\"row align-items-center\"><div class=\"col\"><h6><a class=\"text-dark\" href=\"https:\/\/comunidad.comprasdominicana.gob.do\/\/Public\/Tendering\/OpportunityDetail\/Index?noticeUID=DO1.NTC.711520\" title=\"Ver\" target=\"_blank\">INESPRE-UC-CD-2020-0003<\/a><\/h6><p class=\"mb-0 bold\">Contrataci\u00f3n Servicio de Transporte para Empleados de la Instituci\u00f3n.<\/p><p class=\"mb-0\" style=\"font-size: .85rem\"><strong title=\"Estado del Proceso\"><i class=\"fas fa-spinner\"><\/i><\/strong> Proceso adjudicado y celebrado<\/p><p class=\"mb-0\" style=\"font-size: .85rem\"><strong title=\"Fecha de Publicaci\u00f3n\"><i class=\"fas fa-calendar-alt\"><\/i><\/strong> Publicado el viernes, 31 de enero de 2020<\/p><\/div><div class=\"col-auto mt-md-0 mt-2\"><a class=\"btn btn-primary btn-lg px-lg-4 d-none d-md-block\" href=\"https:\/\/comunidad.comprasdominicana.gob.do\/\/Public\/Tendering\/OpportunityDetail\/Index?noticeUID=DO1.NTC.711520\" target=\"_blank\" title=\"Detalles\"><i class=\"fas fa-link\"><\/i> DETALLES<\/a><a class=\"btn btn-primary btn-lg px-lg-4 d-block d-md-none\" href=\"https:\/\/comunidad.comprasdominicana.gob.do\/\/Public\/Tendering\/OpportunityDetail\/Index?noticeUID=DO1.NTC.711520\" target=\"_blank\" title=\"Detalles\"><i class=\"fas fa-2x fa-link\"><\/i><\/a><\/div><\/div><\/div><div class=\"jumbotron archivos\"><div class=\"row align-items-center\"><div class=\"col\"><h6><a class=\"text-dark\" href=\"https:\/\/comunidad.comprasdominicana.gob.do\/\/Public\/Tendering\/OpportunityDetail\/Index?noticeUID=DO1.NTC.709534\" title=\"Ver\" target=\"_blank\">INESPRE-UC-CD-2020-0002<\/a><\/h6><p class=\"mb-0 bold\">Adquisici\u00f3n de Productos para conntrol de plagas<\/p><p class=\"mb-0\" style=\"font-size: .85rem\"><strong title=\"Estado del Proceso\"><i class=\"fas fa-spinner\"><\/i><\/strong> Proceso adjudicado y celebrado<\/p><p class=\"mb-0\" style=\"font-size: .85rem\"><strong title=\"Fecha de Publicaci\u00f3n\"><i class=\"fas fa-calendar-alt\"><\/i><\/strong> Publicado el martes, 28 de enero de 2020<\/p><\/div><div class=\"col-auto mt-md-0 mt-2\"><a class=\"btn btn-primary btn-lg px-lg-4 d-none d-md-block\" href=\"https:\/\/comunidad.comprasdominicana.gob.do\/\/Public\/Tendering\/OpportunityDetail\/Index?noticeUID=DO1.NTC.709534\" target=\"_blank\" title=\"Detalles\"><i class=\"fas fa-link\"><\/i> DETALLES<\/a><a class=\"btn btn-primary btn-lg px-lg-4 d-block d-md-none\" href=\"https:\/\/comunidad.comprasdominicana.gob.do\/\/Public\/Tendering\/OpportunityDetail\/Index?noticeUID=DO1.NTC.709534\" target=\"_blank\" title=\"Detalles\"><i class=\"fas fa-2x fa-link\"><\/i><\/a><\/div><\/div><\/div><div class=\"jumbotron archivos\"><div class=\"row align-items-center\"><div class=\"col\"><h6><a class=\"text-dark\" href=\"https:\/\/comunidad.comprasdominicana.gob.do\/\/Public\/Tendering\/OpportunityDetail\/Index?noticeUID=DO1.NTC.708813\" title=\"Ver\" target=\"_blank\">INESPRE-UC-CD-2020-0001<\/a><\/h6><p class=\"mb-0 bold\">Adquisici\u00f3n de Materiales para M\u00e1quina de Empaque<\/p><p class=\"mb-0\" style=\"font-size: .85rem\"><strong title=\"Estado del Proceso\"><i class=\"fas fa-spinner\"><\/i><\/strong> Proceso adjudicado y celebrado<\/p><p class=\"mb-0\" style=\"font-size: .85rem\"><strong title=\"Fecha de Publicaci\u00f3n\"><i class=\"fas fa-calendar-alt\"><\/i><\/strong> Publicado el lunes, 27 de enero de 2020<\/p><\/div><div class=\"col-auto mt-md-0 mt-2\"><a class=\"btn btn-primary btn-lg px-lg-4 d-none d-md-block\" href=\"https:\/\/comunidad.comprasdominicana.gob.do\/\/Public\/Tendering\/OpportunityDetail\/Index?noticeUID=DO1.NTC.708813\" target=\"_blank\" title=\"Detalles\"><i class=\"fas fa-link\"><\/i> DETALLES<\/a><a class=\"btn btn-primary btn-lg px-lg-4 d-block d-md-none\" href=\"https:\/\/comunidad.comprasdominicana.gob.do\/\/Public\/Tendering\/OpportunityDetail\/Index?noticeUID=DO1.NTC.708813\" target=\"_blank\" title=\"Detalles\"><i class=\"fas fa-2x fa-link\"><\/i><\/a><\/div><\/div><\/div><\/div><\/div><\/div><\/div><\/div><\/div>\n        <div class=\"card\">\n            <div class=\"card-header parents\" id=\"heading_compras-por-debajo-del-umbral-69f73f7454400-2019-69f73f7454400\">\n                <p class=\"title text-blue mb-0\">\n                    <a class=\"btn-block hover text-left collapsed\" data-toggle=\"collapse\" data-target=\"#collap_compras-por-debajo-del-umbral-69f73f7454400-2019-69f73f7454400\" aria-expanded=\"false\" aria-controls=\"collap_compras-por-debajo-del-umbral-69f73f7454400-2019-69f73f7454400\">2019<\/a>\n                <\/p>\n            <\/div>\n            <div id=\"collap_compras-por-debajo-del-umbral-69f73f7454400-2019-69f73f7454400\" class=\"collapse\" aria-labelledby=\"heading_compras-por-debajo-del-umbral-69f73f7454400-2019-69f73f7454400\" data-parent=\"#collap_compras-por-debajo-del-umbral-69f73f7454400\">\n                <div class=\"card-body\">\n        <div class=\"card\">\n            <div class=\"card-header parents\" id=\"heading_compras-por-debajo-del-umbral-69f73f7454400-2019-69f73f7454400-diciembre-69f73f7454400\">\n                <p class=\"title text-blue mb-0\">\n                    <a class=\"btn-block hover text-left collapsed\" data-toggle=\"collapse\" data-target=\"#collap_compras-por-debajo-del-umbral-69f73f7454400-2019-69f73f7454400-diciembre-69f73f7454400\" aria-expanded=\"false\" aria-controls=\"collap_compras-por-debajo-del-umbral-69f73f7454400-2019-69f73f7454400-diciembre-69f73f7454400\">Diciembre<\/a>\n                <\/p>\n            <\/div>\n            <div id=\"collap_compras-por-debajo-del-umbral-69f73f7454400-2019-69f73f7454400-diciembre-69f73f7454400\" class=\"collapse\" aria-labelledby=\"heading_compras-por-debajo-del-umbral-69f73f7454400-2019-69f73f7454400-diciembre-69f73f7454400\" data-parent=\"#collap_compras-por-debajo-del-umbral-69f73f7454400-2019-69f73f7454400\">\n                <div class=\"card-body\"><div class=\"jumbotron archivos\"><div class=\"row align-items-center\"><div class=\"col\"><h6><a class=\"text-dark\" href=\"https:\/\/comunidad.comprasdominicana.gob.do\/\/Public\/Tendering\/OpportunityDetail\/Index?noticeUID=DO1.NTC.687943\" title=\"Ver\" target=\"_blank\">INESPRE-UC-CD-2019-0051<\/a><\/h6><p class=\"mb-0 bold\">Adquisici\u00f3n de Flores Naturales<\/p><p class=\"mb-0\" style=\"font-size: .85rem\"><strong title=\"Estado del Proceso\"><i class=\"fas fa-spinner\"><\/i><\/strong> Proceso adjudicado y celebrado<\/p><p class=\"mb-0\" style=\"font-size: .85rem\"><strong title=\"Fecha de Publicaci\u00f3n\"><i class=\"fas fa-calendar-alt\"><\/i><\/strong> Publicado el lunes, 9 de diciembre de 2019<\/p><\/div><div class=\"col-auto mt-md-0 mt-2\"><a class=\"btn btn-primary btn-lg px-lg-4 d-none d-md-block\" href=\"https:\/\/comunidad.comprasdominicana.gob.do\/\/Public\/Tendering\/OpportunityDetail\/Index?noticeUID=DO1.NTC.687943\" target=\"_blank\" title=\"Detalles\"><i class=\"fas fa-link\"><\/i> DETALLES<\/a><a class=\"btn btn-primary btn-lg px-lg-4 d-block d-md-none\" href=\"https:\/\/comunidad.comprasdominicana.gob.do\/\/Public\/Tendering\/OpportunityDetail\/Index?noticeUID=DO1.NTC.687943\" target=\"_blank\" title=\"Detalles\"><i class=\"fas fa-2x fa-link\"><\/i><\/a><\/div><\/div><\/div><div class=\"jumbotron archivos\"><div class=\"row align-items-center\"><div class=\"col\"><h6><a class=\"text-dark\" href=\"https:\/\/comunidad.comprasdominicana.gob.do\/\/Public\/Tendering\/OpportunityDetail\/Index?noticeUID=DO1.NTC.686858\" title=\"Ver\" target=\"_blank\">INESPRE-UC-CD-2019-0050<\/a><\/h6><p class=\"mb-0 bold\">Servicio de Reproducci\u00f3n de Revistas para el 50 Aniversario de la Instituci\u00f3n<\/p><p class=\"mb-0\" style=\"font-size: .85rem\"><strong title=\"Estado del Proceso\"><i class=\"fas fa-spinner\"><\/i><\/strong> Proceso adjudicado y celebrado<\/p><p class=\"mb-0\" style=\"font-size: .85rem\"><strong title=\"Fecha de Publicaci\u00f3n\"><i class=\"fas fa-calendar-alt\"><\/i><\/strong> Publicado el jueves, 5 de diciembre de 2019<\/p><\/div><div class=\"col-auto mt-md-0 mt-2\"><a class=\"btn btn-primary btn-lg px-lg-4 d-none d-md-block\" href=\"https:\/\/comunidad.comprasdominicana.gob.do\/\/Public\/Tendering\/OpportunityDetail\/Index?noticeUID=DO1.NTC.686858\" target=\"_blank\" title=\"Detalles\"><i class=\"fas fa-link\"><\/i> DETALLES<\/a><a class=\"btn btn-primary btn-lg px-lg-4 d-block d-md-none\" href=\"https:\/\/comunidad.comprasdominicana.gob.do\/\/Public\/Tendering\/OpportunityDetail\/Index?noticeUID=DO1.NTC.686858\" target=\"_blank\" title=\"Detalles\"><i class=\"fas fa-2x fa-link\"><\/i><\/a><\/div><\/div><\/div><div class=\"jumbotron archivos\"><div class=\"row align-items-center\"><div class=\"col\"><h6><a class=\"text-dark\" href=\"https:\/\/comunidad.comprasdominicana.gob.do\/\/Public\/Tendering\/OpportunityDetail\/Index?noticeUID=DO1.NTC.685128\" title=\"Ver\" target=\"_blank\">INESPRE-UC-CD-2019-0049<\/a><\/h6><p class=\"mb-0 bold\">Adquisici\u00f3n M\u00e1quina Contadora  \/ Verificadora de dinero<\/p><p class=\"mb-0\" style=\"font-size: .85rem\"><strong title=\"Estado del Proceso\"><i class=\"fas fa-spinner\"><\/i><\/strong> Proceso adjudicado y celebrado<\/p><p class=\"mb-0\" style=\"font-size: .85rem\"><strong title=\"Fecha de Publicaci\u00f3n\"><i class=\"fas fa-calendar-alt\"><\/i><\/strong> Publicado el martes, 3 de diciembre de 2019<\/p><\/div><div class=\"col-auto mt-md-0 mt-2\"><a class=\"btn btn-primary btn-lg px-lg-4 d-none d-md-block\" href=\"https:\/\/comunidad.comprasdominicana.gob.do\/\/Public\/Tendering\/OpportunityDetail\/Index?noticeUID=DO1.NTC.685128\" target=\"_blank\" title=\"Detalles\"><i class=\"fas fa-link\"><\/i> DETALLES<\/a><a class=\"btn btn-primary btn-lg px-lg-4 d-block d-md-none\" href=\"https:\/\/comunidad.comprasdominicana.gob.do\/\/Public\/Tendering\/OpportunityDetail\/Index?noticeUID=DO1.NTC.685128\" target=\"_blank\" title=\"Detalles\"><i class=\"fas fa-2x fa-link\"><\/i><\/a><\/div><\/div><\/div><\/div><\/div><\/div>\n        <div class=\"card\">\n            <div class=\"card-header parents\" id=\"heading_compras-por-debajo-del-umbral-69f73f7454400-2019-69f73f7454400-noviembre-69f73f7454400\">\n                <p class=\"title text-blue mb-0\">\n                    <a class=\"btn-block hover text-left collapsed\" data-toggle=\"collapse\" data-target=\"#collap_compras-por-debajo-del-umbral-69f73f7454400-2019-69f73f7454400-noviembre-69f73f7454400\" aria-expanded=\"false\" aria-controls=\"collap_compras-por-debajo-del-umbral-69f73f7454400-2019-69f73f7454400-noviembre-69f73f7454400\">Noviembre<\/a>\n                <\/p>\n            <\/div>\n            <div id=\"collap_compras-por-debajo-del-umbral-69f73f7454400-2019-69f73f7454400-noviembre-69f73f7454400\" class=\"collapse\" aria-labelledby=\"heading_compras-por-debajo-del-umbral-69f73f7454400-2019-69f73f7454400-noviembre-69f73f7454400\" data-parent=\"#collap_compras-por-debajo-del-umbral-69f73f7454400-2019-69f73f7454400\">\n                <div class=\"card-body\"><div class=\"jumbotron archivos\"><div class=\"row align-items-center\"><div class=\"col\"><h6><a class=\"text-dark\" href=\"https:\/\/comunidad.comprasdominicana.gob.do\/\/Public\/Tendering\/OpportunityDetail\/Index?noticeUID=DO1.NTC.673342\" title=\"Ver\" target=\"_blank\">INESPRE-UC-CD-2019-0048<\/a><\/h6><p class=\"mb-0 bold\">Adquisici\u00f3n de Tarjetas de Invitaci\u00f3n para el 50 Aniversario de la Instituci\u00f3n<\/p><p class=\"mb-0\" style=\"font-size: .85rem\"><strong title=\"Estado del Proceso\"><i class=\"fas fa-spinner\"><\/i><\/strong> Proceso adjudicado y celebrado<\/p><p class=\"mb-0\" style=\"font-size: .85rem\"><strong title=\"Fecha de Publicaci\u00f3n\"><i class=\"fas fa-calendar-alt\"><\/i><\/strong> Publicado el mi\u00e9rcoles, 13 de noviembre de 2019<\/p><\/div><div class=\"col-auto mt-md-0 mt-2\"><a class=\"btn btn-primary btn-lg px-lg-4 d-none d-md-block\" href=\"https:\/\/comunidad.comprasdominicana.gob.do\/\/Public\/Tendering\/OpportunityDetail\/Index?noticeUID=DO1.NTC.673342\" target=\"_blank\" title=\"Detalles\"><i class=\"fas fa-link\"><\/i> DETALLES<\/a><a class=\"btn btn-primary btn-lg px-lg-4 d-block d-md-none\" href=\"https:\/\/comunidad.comprasdominicana.gob.do\/\/Public\/Tendering\/OpportunityDetail\/Index?noticeUID=DO1.NTC.673342\" target=\"_blank\" title=\"Detalles\"><i class=\"fas fa-2x fa-link\"><\/i><\/a><\/div><\/div><\/div><div class=\"jumbotron archivos\"><div class=\"row align-items-center\"><div class=\"col\"><h6><a class=\"text-dark\" href=\"https:\/\/comunidad.comprasdominicana.gob.do\/\/Public\/Tendering\/OpportunityDetail\/Index?noticeUID=DO1.NTC.671227\" title=\"Ver\" target=\"_blank\">INESPRE-UC-CD-2019-0047<\/a><\/h6><p class=\"mb-0 bold\">Servicio de Catering<\/p><p class=\"mb-0\" style=\"font-size: .85rem\"><strong title=\"Estado del Proceso\"><i class=\"fas fa-spinner\"><\/i><\/strong> Proceso adjudicado y celebrado<\/p><p class=\"mb-0\" style=\"font-size: .85rem\"><strong title=\"Fecha de Publicaci\u00f3n\"><i class=\"fas fa-calendar-alt\"><\/i><\/strong> Publicado el jueves, 7 de noviembre de 2019<\/p><\/div><div class=\"col-auto mt-md-0 mt-2\"><a class=\"btn btn-primary btn-lg px-lg-4 d-none d-md-block\" href=\"https:\/\/comunidad.comprasdominicana.gob.do\/\/Public\/Tendering\/OpportunityDetail\/Index?noticeUID=DO1.NTC.671227\" target=\"_blank\" title=\"Detalles\"><i class=\"fas fa-link\"><\/i> DETALLES<\/a><a class=\"btn btn-primary btn-lg px-lg-4 d-block d-md-none\" href=\"https:\/\/comunidad.comprasdominicana.gob.do\/\/Public\/Tendering\/OpportunityDetail\/Index?noticeUID=DO1.NTC.671227\" target=\"_blank\" title=\"Detalles\"><i class=\"fas fa-2x fa-link\"><\/i><\/a><\/div><\/div><\/div><\/div><\/div><\/div>\n        <div class=\"card\">\n            <div class=\"card-header parents\" id=\"heading_compras-por-debajo-del-umbral-69f73f7454400-2019-69f73f7454400-octubre-69f73f7454400\">\n                <p class=\"title text-blue mb-0\">\n                    <a class=\"btn-block hover text-left collapsed\" data-toggle=\"collapse\" data-target=\"#collap_compras-por-debajo-del-umbral-69f73f7454400-2019-69f73f7454400-octubre-69f73f7454400\" aria-expanded=\"false\" aria-controls=\"collap_compras-por-debajo-del-umbral-69f73f7454400-2019-69f73f7454400-octubre-69f73f7454400\">Octubre<\/a>\n                <\/p>\n            <\/div>\n            <div id=\"collap_compras-por-debajo-del-umbral-69f73f7454400-2019-69f73f7454400-octubre-69f73f7454400\" class=\"collapse\" aria-labelledby=\"heading_compras-por-debajo-del-umbral-69f73f7454400-2019-69f73f7454400-octubre-69f73f7454400\" data-parent=\"#collap_compras-por-debajo-del-umbral-69f73f7454400-2019-69f73f7454400\">\n                <div class=\"card-body\"><div class=\"jumbotron archivos\"><div class=\"row align-items-center\"><div class=\"col\"><h6><a class=\"text-dark\" href=\"https:\/\/comunidad.comprasdominicana.gob.do\/\/Public\/Tendering\/OpportunityDetail\/Index?noticeUID=DO1.NTC.665343\" title=\"Ver\" target=\"_blank\">INESPRE-UC-CD-2019-0046<\/a><\/h6><p class=\"mb-0 bold\">Servicio de Alquiler de Equipos Audiovisuales<\/p><p class=\"mb-0\" style=\"font-size: .85rem\"><strong title=\"Estado del Proceso\"><i class=\"fas fa-spinner\"><\/i><\/strong> Proceso adjudicado y celebrado<\/p><p class=\"mb-0\" style=\"font-size: .85rem\"><strong title=\"Fecha de Publicaci\u00f3n\"><i class=\"fas fa-calendar-alt\"><\/i><\/strong> Publicado el lunes, 28 de octubre de 2019<\/p><\/div><div class=\"col-auto mt-md-0 mt-2\"><a class=\"btn btn-primary btn-lg px-lg-4 d-none d-md-block\" href=\"https:\/\/comunidad.comprasdominicana.gob.do\/\/Public\/Tendering\/OpportunityDetail\/Index?noticeUID=DO1.NTC.665343\" target=\"_blank\" title=\"Detalles\"><i class=\"fas fa-link\"><\/i> DETALLES<\/a><a class=\"btn btn-primary btn-lg px-lg-4 d-block d-md-none\" href=\"https:\/\/comunidad.comprasdominicana.gob.do\/\/Public\/Tendering\/OpportunityDetail\/Index?noticeUID=DO1.NTC.665343\" target=\"_blank\" title=\"Detalles\"><i class=\"fas fa-2x fa-link\"><\/i><\/a><\/div><\/div><\/div><div class=\"jumbotron archivos\"><div class=\"row align-items-center\"><div class=\"col\"><h6><a class=\"text-dark\" href=\"https:\/\/comunidad.comprasdominicana.gob.do\/\/Public\/Tendering\/OpportunityDetail\/Index?noticeUID=DO1.NTC.665435\" title=\"Ver\" target=\"_blank\">INESPRE-UC-CD-2019-0045<\/a><\/h6><p class=\"mb-0 bold\">Adquisici\u00f3n de Pinturas y Accesorios<\/p><p class=\"mb-0\" style=\"font-size: .85rem\"><strong title=\"Estado del Proceso\"><i class=\"fas fa-spinner\"><\/i><\/strong> Proceso adjudicado y celebrado<\/p><p class=\"mb-0\" style=\"font-size: .85rem\"><strong title=\"Fecha de Publicaci\u00f3n\"><i class=\"fas fa-calendar-alt\"><\/i><\/strong> Publicado el lunes, 28 de octubre de 2019<\/p><\/div><div class=\"col-auto mt-md-0 mt-2\"><a class=\"btn btn-primary btn-lg px-lg-4 d-none d-md-block\" href=\"https:\/\/comunidad.comprasdominicana.gob.do\/\/Public\/Tendering\/OpportunityDetail\/Index?noticeUID=DO1.NTC.665435\" target=\"_blank\" title=\"Detalles\"><i class=\"fas fa-link\"><\/i> DETALLES<\/a><a class=\"btn btn-primary btn-lg px-lg-4 d-block d-md-none\" href=\"https:\/\/comunidad.comprasdominicana.gob.do\/\/Public\/Tendering\/OpportunityDetail\/Index?noticeUID=DO1.NTC.665435\" target=\"_blank\" title=\"Detalles\"><i class=\"fas fa-2x fa-link\"><\/i><\/a><\/div><\/div><\/div><div class=\"jumbotron archivos\"><div class=\"row align-items-center\"><div class=\"col\"><h6><a class=\"text-dark\" href=\"https:\/\/comunidad.comprasdominicana.gob.do\/\/Public\/Tendering\/OpportunityDetail\/Index?noticeUID=DO1.NTC.659633\" title=\"Ver\" target=\"_blank\">INESPRE-UC-CD-2019-0044<\/a><\/h6><p class=\"mb-0 bold\">Adquisici\u00f3n de M\u00e1quinas sumadora<\/p><p class=\"mb-0\" style=\"font-size: .85rem\"><strong title=\"Estado del Proceso\"><i class=\"fas fa-spinner\"><\/i><\/strong> Proceso adjudicado y celebrado<\/p><p class=\"mb-0\" style=\"font-size: .85rem\"><strong title=\"Fecha de Publicaci\u00f3n\"><i class=\"fas fa-calendar-alt\"><\/i><\/strong> Publicado el martes, 15 de octubre de 2019<\/p><\/div><div class=\"col-auto mt-md-0 mt-2\"><a class=\"btn btn-primary btn-lg px-lg-4 d-none d-md-block\" href=\"https:\/\/comunidad.comprasdominicana.gob.do\/\/Public\/Tendering\/OpportunityDetail\/Index?noticeUID=DO1.NTC.659633\" target=\"_blank\" title=\"Detalles\"><i class=\"fas fa-link\"><\/i> DETALLES<\/a><a class=\"btn btn-primary btn-lg px-lg-4 d-block d-md-none\" href=\"https:\/\/comunidad.comprasdominicana.gob.do\/\/Public\/Tendering\/OpportunityDetail\/Index?noticeUID=DO1.NTC.659633\" target=\"_blank\" title=\"Detalles\"><i class=\"fas fa-2x fa-link\"><\/i><\/a><\/div><\/div><\/div><\/div><\/div><\/div>\n        <div class=\"card\">\n            <div class=\"card-header parents\" id=\"heading_compras-por-debajo-del-umbral-69f73f7454400-2019-69f73f7454400-septiembre-69f73f7454400\">\n                <p class=\"title text-blue mb-0\">\n                    <a class=\"btn-block hover text-left collapsed\" data-toggle=\"collapse\" data-target=\"#collap_compras-por-debajo-del-umbral-69f73f7454400-2019-69f73f7454400-septiembre-69f73f7454400\" aria-expanded=\"false\" aria-controls=\"collap_compras-por-debajo-del-umbral-69f73f7454400-2019-69f73f7454400-septiembre-69f73f7454400\">Septiembre<\/a>\n                <\/p>\n            <\/div>\n            <div id=\"collap_compras-por-debajo-del-umbral-69f73f7454400-2019-69f73f7454400-septiembre-69f73f7454400\" class=\"collapse\" aria-labelledby=\"heading_compras-por-debajo-del-umbral-69f73f7454400-2019-69f73f7454400-septiembre-69f73f7454400\" data-parent=\"#collap_compras-por-debajo-del-umbral-69f73f7454400-2019-69f73f7454400\">\n                <div class=\"card-body\"><div class=\"jumbotron archivos\"><div class=\"row align-items-center\"><div class=\"col\"><h6><a class=\"text-dark\" href=\"https:\/\/comunidad.comprasdominicana.gob.do\/\/Public\/Tendering\/OpportunityDetail\/Index?noticeUID=DO1.NTC.646716\" title=\"Ver\" target=\"_blank\">INESPRE-UC-CD-2019-0043<\/a><\/h6><p class=\"mb-0 bold\">Banner tama\u00f1o 15 x 50 (Campa\u00f1a para crear conciencia sobre el C\u00e1ncer de Mama)<\/p><p class=\"mb-0\" style=\"font-size: .85rem\"><strong title=\"Estado del Proceso\"><i class=\"fas fa-spinner\"><\/i><\/strong> Proceso adjudicado y celebrado<\/p><p class=\"mb-0\" style=\"font-size: .85rem\"><strong title=\"Fecha de Publicaci\u00f3n\"><i class=\"fas fa-calendar-alt\"><\/i><\/strong> Publicado el lunes, 23 de septiembre de 2019<\/p><\/div><div class=\"col-auto mt-md-0 mt-2\"><a class=\"btn btn-primary btn-lg px-lg-4 d-none d-md-block\" href=\"https:\/\/comunidad.comprasdominicana.gob.do\/\/Public\/Tendering\/OpportunityDetail\/Index?noticeUID=DO1.NTC.646716\" target=\"_blank\" title=\"Detalles\"><i class=\"fas fa-link\"><\/i> DETALLES<\/a><a class=\"btn btn-primary btn-lg px-lg-4 d-block d-md-none\" href=\"https:\/\/comunidad.comprasdominicana.gob.do\/\/Public\/Tendering\/OpportunityDetail\/Index?noticeUID=DO1.NTC.646716\" target=\"_blank\" title=\"Detalles\"><i class=\"fas fa-2x fa-link\"><\/i><\/a><\/div><\/div><\/div><div class=\"jumbotron archivos\"><div class=\"row align-items-center\"><div class=\"col\"><h6><a class=\"text-dark\" href=\"https:\/\/comunidad.comprasdominicana.gob.do\/\/Public\/Tendering\/OpportunityDetail\/Index?noticeUID=DO1.NTC.645835\" title=\"Ver\" target=\"_blank\">INESPRE-UC-CD-2019-0042<\/a><\/h6><p class=\"mb-0 bold\">Servicio de Catering<\/p><p class=\"mb-0\" style=\"font-size: .85rem\"><strong title=\"Estado del Proceso\"><i class=\"fas fa-spinner\"><\/i><\/strong> Proceso adjudicado y celebrado<\/p><p class=\"mb-0\" style=\"font-size: .85rem\"><strong title=\"Fecha de Publicaci\u00f3n\"><i class=\"fas fa-calendar-alt\"><\/i><\/strong> Publicado el viernes, 20 de septiembre de 2019<\/p><\/div><div class=\"col-auto mt-md-0 mt-2\"><a class=\"btn btn-primary btn-lg px-lg-4 d-none d-md-block\" href=\"https:\/\/comunidad.comprasdominicana.gob.do\/\/Public\/Tendering\/OpportunityDetail\/Index?noticeUID=DO1.NTC.645835\" target=\"_blank\" title=\"Detalles\"><i class=\"fas fa-link\"><\/i> DETALLES<\/a><a class=\"btn btn-primary btn-lg px-lg-4 d-block d-md-none\" href=\"https:\/\/comunidad.comprasdominicana.gob.do\/\/Public\/Tendering\/OpportunityDetail\/Index?noticeUID=DO1.NTC.645835\" target=\"_blank\" title=\"Detalles\"><i class=\"fas fa-2x fa-link\"><\/i><\/a><\/div><\/div><\/div><div class=\"jumbotron archivos\"><div class=\"row align-items-center\"><div class=\"col\"><h6><a class=\"text-dark\" href=\"https:\/\/comunidad.comprasdominicana.gob.do\/\/Public\/Tendering\/OpportunityDetail\/Index?noticeUID=DO1.NTC.642809\" title=\"Ver\" target=\"_blank\">INESPRE-UC-CD-2019-0041<\/a><\/h6><p class=\"mb-0 bold\">Servicios de Catering<\/p><p class=\"mb-0\" style=\"font-size: .85rem\"><strong title=\"Estado del Proceso\"><i class=\"fas fa-spinner\"><\/i><\/strong> Proceso adjudicado y celebrado<\/p><p class=\"mb-0\" style=\"font-size: .85rem\"><strong title=\"Fecha de Publicaci\u00f3n\"><i class=\"fas fa-calendar-alt\"><\/i><\/strong> Publicado el viernes, 13 de septiembre de 2019<\/p><\/div><div class=\"col-auto mt-md-0 mt-2\"><a class=\"btn btn-primary btn-lg px-lg-4 d-none d-md-block\" href=\"https:\/\/comunidad.comprasdominicana.gob.do\/\/Public\/Tendering\/OpportunityDetail\/Index?noticeUID=DO1.NTC.642809\" target=\"_blank\" title=\"Detalles\"><i class=\"fas fa-link\"><\/i> DETALLES<\/a><a class=\"btn btn-primary btn-lg px-lg-4 d-block d-md-none\" href=\"https:\/\/comunidad.comprasdominicana.gob.do\/\/Public\/Tendering\/OpportunityDetail\/Index?noticeUID=DO1.NTC.642809\" target=\"_blank\" title=\"Detalles\"><i class=\"fas fa-2x fa-link\"><\/i><\/a><\/div><\/div><\/div><div class=\"jumbotron archivos\"><div class=\"row align-items-center\"><div class=\"col\"><h6><a class=\"text-dark\" href=\"https:\/\/comunidad.comprasdominicana.gob.do\/\/Public\/Tendering\/OpportunityDetail\/Index?noticeUID=DO1.NTC.640928\" title=\"Ver\" target=\"_blank\">INESPRE-UC-CD-2019-0040<\/a><\/h6><p class=\"mb-0 bold\">Servicio de Alquiler por cinco (05) dias de Equipos Audiovisuales para la Feria Expo Cibao 2019<\/p><p class=\"mb-0\" style=\"font-size: .85rem\"><strong title=\"Estado del Proceso\"><i class=\"fas fa-spinner\"><\/i><\/strong> Proceso adjudicado y celebrado<\/p><p class=\"mb-0\" style=\"font-size: .85rem\"><strong title=\"Fecha de Publicaci\u00f3n\"><i class=\"fas fa-calendar-alt\"><\/i><\/strong> Publicado el martes, 10 de septiembre de 2019<\/p><\/div><div class=\"col-auto mt-md-0 mt-2\"><a class=\"btn btn-primary btn-lg px-lg-4 d-none d-md-block\" href=\"https:\/\/comunidad.comprasdominicana.gob.do\/\/Public\/Tendering\/OpportunityDetail\/Index?noticeUID=DO1.NTC.640928\" target=\"_blank\" title=\"Detalles\"><i class=\"fas fa-link\"><\/i> DETALLES<\/a><a class=\"btn btn-primary btn-lg px-lg-4 d-block d-md-none\" href=\"https:\/\/comunidad.comprasdominicana.gob.do\/\/Public\/Tendering\/OpportunityDetail\/Index?noticeUID=DO1.NTC.640928\" target=\"_blank\" title=\"Detalles\"><i class=\"fas fa-2x fa-link\"><\/i><\/a><\/div><\/div><\/div><\/div><\/div><\/div>\n        <div class=\"card\">\n            <div class=\"card-header parents\" id=\"heading_compras-por-debajo-del-umbral-69f73f7454400-2019-69f73f7454400-agosto-69f73f7454400\">\n                <p class=\"title text-blue mb-0\">\n                    <a class=\"btn-block hover text-left collapsed\" data-toggle=\"collapse\" data-target=\"#collap_compras-por-debajo-del-umbral-69f73f7454400-2019-69f73f7454400-agosto-69f73f7454400\" aria-expanded=\"false\" aria-controls=\"collap_compras-por-debajo-del-umbral-69f73f7454400-2019-69f73f7454400-agosto-69f73f7454400\">Agosto<\/a>\n                <\/p>\n            <\/div>\n            <div id=\"collap_compras-por-debajo-del-umbral-69f73f7454400-2019-69f73f7454400-agosto-69f73f7454400\" class=\"collapse\" aria-labelledby=\"heading_compras-por-debajo-del-umbral-69f73f7454400-2019-69f73f7454400-agosto-69f73f7454400\" data-parent=\"#collap_compras-por-debajo-del-umbral-69f73f7454400-2019-69f73f7454400\">\n                <div class=\"card-body\"><div class=\"jumbotron archivos\"><div class=\"row align-items-center\"><div class=\"col\"><h6><a class=\"text-dark\" href=\"https:\/\/comunidad.comprasdominicana.gob.do\/\/Public\/Tendering\/OpportunityDetail\/Index?noticeUID=DO1.NTC.633229\" title=\"Ver\" target=\"_blank\">INESPRE-UC-CD-2019-0039<\/a><\/h6><p class=\"mb-0 bold\">Servicio de Catering<\/p><p class=\"mb-0\" style=\"font-size: .85rem\"><strong title=\"Estado del Proceso\"><i class=\"fas fa-spinner\"><\/i><\/strong> Proceso adjudicado y celebrado<\/p><p class=\"mb-0\" style=\"font-size: .85rem\"><strong title=\"Fecha de Publicaci\u00f3n\"><i class=\"fas fa-calendar-alt\"><\/i><\/strong> Publicado el viernes, 23 de agosto de 2019<\/p><\/div><div class=\"col-auto mt-md-0 mt-2\"><a class=\"btn btn-primary btn-lg px-lg-4 d-none d-md-block\" href=\"https:\/\/comunidad.comprasdominicana.gob.do\/\/Public\/Tendering\/OpportunityDetail\/Index?noticeUID=DO1.NTC.633229\" target=\"_blank\" title=\"Detalles\"><i class=\"fas fa-link\"><\/i> DETALLES<\/a><a class=\"btn btn-primary btn-lg px-lg-4 d-block d-md-none\" href=\"https:\/\/comunidad.comprasdominicana.gob.do\/\/Public\/Tendering\/OpportunityDetail\/Index?noticeUID=DO1.NTC.633229\" target=\"_blank\" title=\"Detalles\"><i class=\"fas fa-2x fa-link\"><\/i><\/a><\/div><\/div><\/div><div class=\"jumbotron archivos\"><div class=\"row align-items-center\"><div class=\"col\"><h6><a class=\"text-dark\" href=\"https:\/\/comunidad.comprasdominicana.gob.do\/\/Public\/Tendering\/OpportunityDetail\/Index?noticeUID=DO1.NTC.632644\" title=\"Ver\" target=\"_blank\">INESPRE-UC-CD-2019-0038<\/a><\/h6><p class=\"mb-0 bold\">Adquisici\u00f3n de Flores y Plantas<\/p><p class=\"mb-0\" style=\"font-size: .85rem\"><strong title=\"Estado del Proceso\"><i class=\"fas fa-spinner\"><\/i><\/strong> Proceso adjudicado y celebrado<\/p><p class=\"mb-0\" style=\"font-size: .85rem\"><strong title=\"Fecha de Publicaci\u00f3n\"><i class=\"fas fa-calendar-alt\"><\/i><\/strong> Publicado el jueves, 22 de agosto de 2019<\/p><\/div><div class=\"col-auto mt-md-0 mt-2\"><a class=\"btn btn-primary btn-lg px-lg-4 d-none d-md-block\" href=\"https:\/\/comunidad.comprasdominicana.gob.do\/\/Public\/Tendering\/OpportunityDetail\/Index?noticeUID=DO1.NTC.632644\" target=\"_blank\" title=\"Detalles\"><i class=\"fas fa-link\"><\/i> DETALLES<\/a><a class=\"btn btn-primary btn-lg px-lg-4 d-block d-md-none\" href=\"https:\/\/comunidad.comprasdominicana.gob.do\/\/Public\/Tendering\/OpportunityDetail\/Index?noticeUID=DO1.NTC.632644\" target=\"_blank\" title=\"Detalles\"><i class=\"fas fa-2x fa-link\"><\/i><\/a><\/div><\/div><\/div><div class=\"jumbotron archivos\"><div class=\"row align-items-center\"><div class=\"col\"><h6><a class=\"text-dark\" href=\"https:\/\/comunidad.comprasdominicana.gob.do\/\/Public\/Tendering\/OpportunityDetail\/Index?noticeUID=DO1.NTC.632730\" title=\"Ver\" target=\"_blank\">INESPRE-UC-CD-2019-0037<\/a><\/h6><p class=\"mb-0 bold\">Adquisici\u00f3n Selladora <\/p><p class=\"mb-0\" style=\"font-size: .85rem\"><strong title=\"Estado del Proceso\"><i class=\"fas fa-spinner\"><\/i><\/strong> Proceso desierto<\/p><p class=\"mb-0\" style=\"font-size: .85rem\"><strong title=\"Fecha de Publicaci\u00f3n\"><i class=\"fas fa-calendar-alt\"><\/i><\/strong> Publicado el jueves, 22 de agosto de 2019<\/p><\/div><div class=\"col-auto mt-md-0 mt-2\"><a class=\"btn btn-primary btn-lg px-lg-4 d-none d-md-block\" href=\"https:\/\/comunidad.comprasdominicana.gob.do\/\/Public\/Tendering\/OpportunityDetail\/Index?noticeUID=DO1.NTC.632730\" target=\"_blank\" title=\"Detalles\"><i class=\"fas fa-link\"><\/i> DETALLES<\/a><a class=\"btn btn-primary btn-lg px-lg-4 d-block d-md-none\" href=\"https:\/\/comunidad.comprasdominicana.gob.do\/\/Public\/Tendering\/OpportunityDetail\/Index?noticeUID=DO1.NTC.632730\" target=\"_blank\" title=\"Detalles\"><i class=\"fas fa-2x fa-link\"><\/i><\/a><\/div><\/div><\/div><div class=\"jumbotron archivos\"><div class=\"row align-items-center\"><div class=\"col\"><h6><a class=\"text-dark\" href=\"https:\/\/comunidad.comprasdominicana.gob.do\/\/Public\/Tendering\/OpportunityDetail\/Index?noticeUID=DO1.NTC.632148\" title=\"Ver\" target=\"_blank\">INESPRE-UC-CD-2019-0036<\/a><\/h6><p class=\"mb-0 bold\">Servicio de Catering<\/p><p class=\"mb-0\" style=\"font-size: .85rem\"><strong title=\"Estado del Proceso\"><i class=\"fas fa-spinner\"><\/i><\/strong> Proceso adjudicado y celebrado<\/p><p class=\"mb-0\" style=\"font-size: .85rem\"><strong title=\"Fecha de Publicaci\u00f3n\"><i class=\"fas fa-calendar-alt\"><\/i><\/strong> Publicado el mi\u00e9rcoles, 21 de agosto de 2019<\/p><\/div><div class=\"col-auto mt-md-0 mt-2\"><a class=\"btn btn-primary btn-lg px-lg-4 d-none d-md-block\" href=\"https:\/\/comunidad.comprasdominicana.gob.do\/\/Public\/Tendering\/OpportunityDetail\/Index?noticeUID=DO1.NTC.632148\" target=\"_blank\" title=\"Detalles\"><i class=\"fas fa-link\"><\/i> DETALLES<\/a><a class=\"btn btn-primary btn-lg px-lg-4 d-block d-md-none\" href=\"https:\/\/comunidad.comprasdominicana.gob.do\/\/Public\/Tendering\/OpportunityDetail\/Index?noticeUID=DO1.NTC.632148\" target=\"_blank\" title=\"Detalles\"><i class=\"fas fa-2x fa-link\"><\/i><\/a><\/div><\/div><\/div><div class=\"jumbotron archivos\"><div class=\"row align-items-center\"><div class=\"col\"><h6><a class=\"text-dark\" href=\"https:\/\/comunidad.comprasdominicana.gob.do\/\/Public\/Tendering\/OpportunityDetail\/Index?noticeUID=DO1.NTC.630029\" title=\"Ver\" target=\"_blank\">INESPRE-UC-CD-2019-0035<\/a><\/h6><p class=\"mb-0 bold\">Servicio de Catering<\/p><p class=\"mb-0\" style=\"font-size: .85rem\"><strong title=\"Estado del Proceso\"><i class=\"fas fa-spinner\"><\/i><\/strong> Proceso adjudicado y celebrado<\/p><p class=\"mb-0\" style=\"font-size: .85rem\"><strong title=\"Fecha de Publicaci\u00f3n\"><i class=\"fas fa-calendar-alt\"><\/i><\/strong> Publicado el jueves, 15 de agosto de 2019<\/p><\/div><div class=\"col-auto mt-md-0 mt-2\"><a class=\"btn btn-primary btn-lg px-lg-4 d-none d-md-block\" href=\"https:\/\/comunidad.comprasdominicana.gob.do\/\/Public\/Tendering\/OpportunityDetail\/Index?noticeUID=DO1.NTC.630029\" target=\"_blank\" title=\"Detalles\"><i class=\"fas fa-link\"><\/i> DETALLES<\/a><a class=\"btn btn-primary btn-lg px-lg-4 d-block d-md-none\" href=\"https:\/\/comunidad.comprasdominicana.gob.do\/\/Public\/Tendering\/OpportunityDetail\/Index?noticeUID=DO1.NTC.630029\" target=\"_blank\" title=\"Detalles\"><i class=\"fas fa-2x fa-link\"><\/i><\/a><\/div><\/div><\/div><div class=\"jumbotron archivos\"><div class=\"row align-items-center\"><div class=\"col\"><h6><a class=\"text-dark\" href=\"https:\/\/comunidad.comprasdominicana.gob.do\/\/Public\/Tendering\/OpportunityDetail\/Index?noticeUID=DO1.NTC.628833\" title=\"Ver\" target=\"_blank\">INESPRE-UC-CD-2019-0034<\/a><\/h6><p class=\"mb-0 bold\">Servicios de Alquiler por 04 d\u00edas de Equipos Audiovisuales para la Feria Agropecuaria de la Regi\u00f3n Este (AGANI)<\/p><p class=\"mb-0\" style=\"font-size: .85rem\"><strong title=\"Estado del Proceso\"><i class=\"fas fa-spinner\"><\/i><\/strong> Proceso adjudicado y celebrado<\/p><p class=\"mb-0\" style=\"font-size: .85rem\"><strong title=\"Fecha de Publicaci\u00f3n\"><i class=\"fas fa-calendar-alt\"><\/i><\/strong> Publicado el martes, 13 de agosto de 2019<\/p><\/div><div class=\"col-auto mt-md-0 mt-2\"><a class=\"btn btn-primary btn-lg px-lg-4 d-none d-md-block\" href=\"https:\/\/comunidad.comprasdominicana.gob.do\/\/Public\/Tendering\/OpportunityDetail\/Index?noticeUID=DO1.NTC.628833\" target=\"_blank\" title=\"Detalles\"><i class=\"fas fa-link\"><\/i> DETALLES<\/a><a class=\"btn btn-primary btn-lg px-lg-4 d-block d-md-none\" href=\"https:\/\/comunidad.comprasdominicana.gob.do\/\/Public\/Tendering\/OpportunityDetail\/Index?noticeUID=DO1.NTC.628833\" target=\"_blank\" title=\"Detalles\"><i class=\"fas fa-2x fa-link\"><\/i><\/a><\/div><\/div><\/div><div class=\"jumbotron archivos\"><div class=\"row align-items-center\"><div class=\"col\"><h6><a class=\"text-dark\" href=\"https:\/\/comunidad.comprasdominicana.gob.do\/\/Public\/Tendering\/OpportunityDetail\/Index?noticeUID=DO1.NTC.622246\" title=\"Ver\" target=\"_blank\">INESPRE-UC-CD-2019-0033<\/a><\/h6><p class=\"mb-0 bold\">Servicios de Catering<\/p><p class=\"mb-0\" style=\"font-size: .85rem\"><strong title=\"Estado del Proceso\"><i class=\"fas fa-spinner\"><\/i><\/strong> Proceso desierto<\/p><p class=\"mb-0\" style=\"font-size: .85rem\"><strong title=\"Fecha de Publicaci\u00f3n\"><i class=\"fas fa-calendar-alt\"><\/i><\/strong> Publicado el jueves, 1 de agosto de 2019<\/p><\/div><div class=\"col-auto mt-md-0 mt-2\"><a class=\"btn btn-primary btn-lg px-lg-4 d-none d-md-block\" href=\"https:\/\/comunidad.comprasdominicana.gob.do\/\/Public\/Tendering\/OpportunityDetail\/Index?noticeUID=DO1.NTC.622246\" target=\"_blank\" title=\"Detalles\"><i class=\"fas fa-link\"><\/i> DETALLES<\/a><a class=\"btn btn-primary btn-lg px-lg-4 d-block d-md-none\" href=\"https:\/\/comunidad.comprasdominicana.gob.do\/\/Public\/Tendering\/OpportunityDetail\/Index?noticeUID=DO1.NTC.622246\" target=\"_blank\" title=\"Detalles\"><i class=\"fas fa-2x fa-link\"><\/i><\/a><\/div><\/div><\/div><\/div><\/div><\/div>\n        <div class=\"card\">\n            <div class=\"card-header parents\" id=\"heading_compras-por-debajo-del-umbral-69f73f7454400-2019-69f73f7454400-julio-69f73f7454400\">\n                <p class=\"title text-blue mb-0\">\n                    <a class=\"btn-block hover text-left collapsed\" data-toggle=\"collapse\" data-target=\"#collap_compras-por-debajo-del-umbral-69f73f7454400-2019-69f73f7454400-julio-69f73f7454400\" aria-expanded=\"false\" aria-controls=\"collap_compras-por-debajo-del-umbral-69f73f7454400-2019-69f73f7454400-julio-69f73f7454400\">Julio<\/a>\n                <\/p>\n            <\/div>\n            <div id=\"collap_compras-por-debajo-del-umbral-69f73f7454400-2019-69f73f7454400-julio-69f73f7454400\" class=\"collapse\" aria-labelledby=\"heading_compras-por-debajo-del-umbral-69f73f7454400-2019-69f73f7454400-julio-69f73f7454400\" data-parent=\"#collap_compras-por-debajo-del-umbral-69f73f7454400-2019-69f73f7454400\">\n                <div class=\"card-body\"><div class=\"jumbotron archivos\"><div class=\"row align-items-center\"><div class=\"col\"><h6><a class=\"text-dark\" href=\"https:\/\/comunidad.comprasdominicana.gob.do\/\/Public\/Tendering\/OpportunityDetail\/Index?noticeUID=DO1.NTC.616242\" title=\"Ver\" target=\"_blank\">INESPRE-UC-CD-2019-0032<\/a><\/h6><p class=\"mb-0 bold\">Adquisici\u00f3n Abanicos de pared<\/p><p class=\"mb-0\" style=\"font-size: .85rem\"><strong title=\"Estado del Proceso\"><i class=\"fas fa-spinner\"><\/i><\/strong> Proceso adjudicado y celebrado<\/p><p class=\"mb-0\" style=\"font-size: .85rem\"><strong title=\"Fecha de Publicaci\u00f3n\"><i class=\"fas fa-calendar-alt\"><\/i><\/strong> Publicado el viernes, 19 de julio de 2019<\/p><\/div><div class=\"col-auto mt-md-0 mt-2\"><a class=\"btn btn-primary btn-lg px-lg-4 d-none d-md-block\" href=\"https:\/\/comunidad.comprasdominicana.gob.do\/\/Public\/Tendering\/OpportunityDetail\/Index?noticeUID=DO1.NTC.616242\" target=\"_blank\" title=\"Detalles\"><i class=\"fas fa-link\"><\/i> DETALLES<\/a><a class=\"btn btn-primary btn-lg px-lg-4 d-block d-md-none\" href=\"https:\/\/comunidad.comprasdominicana.gob.do\/\/Public\/Tendering\/OpportunityDetail\/Index?noticeUID=DO1.NTC.616242\" target=\"_blank\" title=\"Detalles\"><i class=\"fas fa-2x fa-link\"><\/i><\/a><\/div><\/div><\/div><div class=\"jumbotron archivos\"><div class=\"row align-items-center\"><div class=\"col\"><h6><a class=\"text-dark\" href=\"https:\/\/comunidad.comprasdominicana.gob.do\/\/Public\/Tendering\/OpportunityDetail\/Index?noticeUID=DO1.NTC.615537\" title=\"Ver\" target=\"_blank\">INESPRE-UC-CD-2019-0031<\/a><\/h6><p class=\"mb-0 bold\">Adquisici\u00f3n de DVR con 4 C\u00e1maras<\/p><p class=\"mb-0\" style=\"font-size: .85rem\"><strong title=\"Estado del Proceso\"><i class=\"fas fa-spinner\"><\/i><\/strong> Proceso adjudicado y celebrado<\/p><p class=\"mb-0\" style=\"font-size: .85rem\"><strong title=\"Fecha de Publicaci\u00f3n\"><i class=\"fas fa-calendar-alt\"><\/i><\/strong> Publicado el jueves, 18 de julio de 2019<\/p><\/div><div class=\"col-auto mt-md-0 mt-2\"><a class=\"btn btn-primary btn-lg px-lg-4 d-none d-md-block\" href=\"https:\/\/comunidad.comprasdominicana.gob.do\/\/Public\/Tendering\/OpportunityDetail\/Index?noticeUID=DO1.NTC.615537\" target=\"_blank\" title=\"Detalles\"><i class=\"fas fa-link\"><\/i> DETALLES<\/a><a class=\"btn btn-primary btn-lg px-lg-4 d-block d-md-none\" href=\"https:\/\/comunidad.comprasdominicana.gob.do\/\/Public\/Tendering\/OpportunityDetail\/Index?noticeUID=DO1.NTC.615537\" target=\"_blank\" title=\"Detalles\"><i class=\"fas fa-2x fa-link\"><\/i><\/a><\/div><\/div><\/div><div class=\"jumbotron archivos\"><div class=\"row align-items-center\"><div class=\"col\"><h6><a class=\"text-dark\" href=\"https:\/\/comunidad.comprasdominicana.gob.do\/\/Public\/Tendering\/OpportunityDetail\/Index?noticeUID=DO1.NTC.615639\" title=\"Ver\" target=\"_blank\">INESPRE-UC-CD-2019-0030<\/a><\/h6><p class=\"mb-0 bold\">Adquisici\u00f3n de Balanza Digital de Mesa<\/p><p class=\"mb-0\" style=\"font-size: .85rem\"><strong title=\"Estado del Proceso\"><i class=\"fas fa-spinner\"><\/i><\/strong> Proceso adjudicado y celebrado<\/p><p class=\"mb-0\" style=\"font-size: .85rem\"><strong title=\"Fecha de Publicaci\u00f3n\"><i class=\"fas fa-calendar-alt\"><\/i><\/strong> Publicado el jueves, 18 de julio de 2019<\/p><\/div><div class=\"col-auto mt-md-0 mt-2\"><a class=\"btn btn-primary btn-lg px-lg-4 d-none d-md-block\" href=\"https:\/\/comunidad.comprasdominicana.gob.do\/\/Public\/Tendering\/OpportunityDetail\/Index?noticeUID=DO1.NTC.615639\" target=\"_blank\" title=\"Detalles\"><i class=\"fas fa-link\"><\/i> DETALLES<\/a><a class=\"btn btn-primary btn-lg px-lg-4 d-block d-md-none\" href=\"https:\/\/comunidad.comprasdominicana.gob.do\/\/Public\/Tendering\/OpportunityDetail\/Index?noticeUID=DO1.NTC.615639\" target=\"_blank\" title=\"Detalles\"><i class=\"fas fa-2x fa-link\"><\/i><\/a><\/div><\/div><\/div><div class=\"jumbotron archivos\"><div class=\"row align-items-center\"><div class=\"col\"><h6><a class=\"text-dark\" href=\"https:\/\/comunidad.comprasdominicana.gob.do\/\/Public\/Tendering\/OpportunityDetail\/Index?noticeUID=DO1.NTC.615453\" title=\"Ver\" target=\"_blank\">INESPRE-UC-CD-2019-0029<\/a><\/h6><p class=\"mb-0 bold\">Adquisici\u00f3n Abanico de techo<\/p><p class=\"mb-0\" style=\"font-size: .85rem\"><strong title=\"Estado del Proceso\"><i class=\"fas fa-spinner\"><\/i><\/strong> Proceso desierto<\/p><p class=\"mb-0\" style=\"font-size: .85rem\"><strong title=\"Fecha de Publicaci\u00f3n\"><i class=\"fas fa-calendar-alt\"><\/i><\/strong> Publicado el jueves, 18 de julio de 2019<\/p><\/div><div class=\"col-auto mt-md-0 mt-2\"><a class=\"btn btn-primary btn-lg px-lg-4 d-none d-md-block\" href=\"https:\/\/comunidad.comprasdominicana.gob.do\/\/Public\/Tendering\/OpportunityDetail\/Index?noticeUID=DO1.NTC.615453\" target=\"_blank\" title=\"Detalles\"><i class=\"fas fa-link\"><\/i> DETALLES<\/a><a class=\"btn btn-primary btn-lg px-lg-4 d-block d-md-none\" href=\"https:\/\/comunidad.comprasdominicana.gob.do\/\/Public\/Tendering\/OpportunityDetail\/Index?noticeUID=DO1.NTC.615453\" target=\"_blank\" title=\"Detalles\"><i class=\"fas fa-2x fa-link\"><\/i><\/a><\/div><\/div><\/div><div class=\"jumbotron archivos\"><div class=\"row align-items-center\"><div class=\"col\"><h6><a class=\"text-dark\" href=\"https:\/\/comunidad.comprasdominicana.gob.do\/\/Public\/Tendering\/OpportunityDetail\/Index?noticeUID=DO1.NTC.615237\" title=\"Ver\" target=\"_blank\">INESPRE-UC-CD-2019-0028<\/a><\/h6><p class=\"mb-0 bold\">Adquisici\u00f3n de Inversor y Bater\u00eda<\/p><p class=\"mb-0\" style=\"font-size: .85rem\"><strong title=\"Estado del Proceso\"><i class=\"fas fa-spinner\"><\/i><\/strong> Proceso adjudicado y celebrado<\/p><p class=\"mb-0\" style=\"font-size: .85rem\"><strong title=\"Fecha de Publicaci\u00f3n\"><i class=\"fas fa-calendar-alt\"><\/i><\/strong> Publicado el jueves, 18 de julio de 2019<\/p><\/div><div class=\"col-auto mt-md-0 mt-2\"><a class=\"btn btn-primary btn-lg px-lg-4 d-none d-md-block\" href=\"https:\/\/comunidad.comprasdominicana.gob.do\/\/Public\/Tendering\/OpportunityDetail\/Index?noticeUID=DO1.NTC.615237\" target=\"_blank\" title=\"Detalles\"><i class=\"fas fa-link\"><\/i> DETALLES<\/a><a class=\"btn btn-primary btn-lg px-lg-4 d-block d-md-none\" href=\"https:\/\/comunidad.comprasdominicana.gob.do\/\/Public\/Tendering\/OpportunityDetail\/Index?noticeUID=DO1.NTC.615237\" target=\"_blank\" title=\"Detalles\"><i class=\"fas fa-2x fa-link\"><\/i><\/a><\/div><\/div><\/div><div class=\"jumbotron archivos\"><div class=\"row align-items-center\"><div class=\"col\"><h6><a class=\"text-dark\" href=\"https:\/\/comunidad.comprasdominicana.gob.do\/\/Public\/Tendering\/OpportunityDetail\/Index?noticeUID=DO1.NTC.615450\" title=\"Ver\" target=\"_blank\">INESPRE-UC-CD-2019-0027<\/a><\/h6><p class=\"mb-0 bold\">Adquisici\u00f3n de Impresora Laserjet<\/p><p class=\"mb-0\" style=\"font-size: .85rem\"><strong title=\"Estado del Proceso\"><i class=\"fas fa-spinner\"><\/i><\/strong> Proceso adjudicado y celebrado<\/p><p class=\"mb-0\" style=\"font-size: .85rem\"><strong title=\"Fecha de Publicaci\u00f3n\"><i class=\"fas fa-calendar-alt\"><\/i><\/strong> Publicado el jueves, 18 de julio de 2019<\/p><\/div><div class=\"col-auto mt-md-0 mt-2\"><a class=\"btn btn-primary btn-lg px-lg-4 d-none d-md-block\" href=\"https:\/\/comunidad.comprasdominicana.gob.do\/\/Public\/Tendering\/OpportunityDetail\/Index?noticeUID=DO1.NTC.615450\" target=\"_blank\" title=\"Detalles\"><i class=\"fas fa-link\"><\/i> DETALLES<\/a><a class=\"btn btn-primary btn-lg px-lg-4 d-block d-md-none\" href=\"https:\/\/comunidad.comprasdominicana.gob.do\/\/Public\/Tendering\/OpportunityDetail\/Index?noticeUID=DO1.NTC.615450\" target=\"_blank\" title=\"Detalles\"><i class=\"fas fa-2x fa-link\"><\/i><\/a><\/div><\/div><\/div><div class=\"jumbotron archivos\"><div class=\"row align-items-center\"><div class=\"col\"><h6><a class=\"text-dark\" href=\"https:\/\/comunidad.comprasdominicana.gob.do\/\/Public\/Tendering\/OpportunityDetail\/Index?noticeUID=DO1.NTC.615448\" title=\"Ver\" target=\"_blank\">INESPRE-UC-CD-2019-0026<\/a><\/h6><p class=\"mb-0 bold\">Servicio de Catering<\/p><p class=\"mb-0\" style=\"font-size: .85rem\"><strong title=\"Estado del Proceso\"><i class=\"fas fa-spinner\"><\/i><\/strong> Proceso adjudicado y celebrado<\/p><p class=\"mb-0\" style=\"font-size: .85rem\"><strong title=\"Fecha de Publicaci\u00f3n\"><i class=\"fas fa-calendar-alt\"><\/i><\/strong> Publicado el jueves, 18 de julio de 2019<\/p><\/div><div class=\"col-auto mt-md-0 mt-2\"><a class=\"btn btn-primary btn-lg px-lg-4 d-none d-md-block\" href=\"https:\/\/comunidad.comprasdominicana.gob.do\/\/Public\/Tendering\/OpportunityDetail\/Index?noticeUID=DO1.NTC.615448\" target=\"_blank\" title=\"Detalles\"><i class=\"fas fa-link\"><\/i> DETALLES<\/a><a class=\"btn btn-primary btn-lg px-lg-4 d-block d-md-none\" href=\"https:\/\/comunidad.comprasdominicana.gob.do\/\/Public\/Tendering\/OpportunityDetail\/Index?noticeUID=DO1.NTC.615448\" target=\"_blank\" title=\"Detalles\"><i class=\"fas fa-2x fa-link\"><\/i><\/a><\/div><\/div><\/div><div class=\"jumbotron archivos\"><div class=\"row align-items-center\"><div class=\"col\"><h6><a class=\"text-dark\" href=\"https:\/\/comunidad.comprasdominicana.gob.do\/\/Public\/Tendering\/OpportunityDetail\/Index?noticeUID=DO1.NTC.613830\" title=\"Ver\" target=\"_blank\">INESPRE-UC-CD-2019-0025<\/a><\/h6><p class=\"mb-0 bold\">Adquisici\u00f3n de Sumadora y Regletas<\/p><p class=\"mb-0\" style=\"font-size: .85rem\"><strong title=\"Estado del Proceso\"><i class=\"fas fa-spinner\"><\/i><\/strong> Proceso adjudicado y celebrado<\/p><p class=\"mb-0\" style=\"font-size: .85rem\"><strong title=\"Fecha de Publicaci\u00f3n\"><i class=\"fas fa-calendar-alt\"><\/i><\/strong> Publicado el lunes, 15 de julio de 2019<\/p><\/div><div class=\"col-auto mt-md-0 mt-2\"><a class=\"btn btn-primary btn-lg px-lg-4 d-none d-md-block\" href=\"https:\/\/comunidad.comprasdominicana.gob.do\/\/Public\/Tendering\/OpportunityDetail\/Index?noticeUID=DO1.NTC.613830\" target=\"_blank\" title=\"Detalles\"><i class=\"fas fa-link\"><\/i> DETALLES<\/a><a class=\"btn btn-primary btn-lg px-lg-4 d-block d-md-none\" href=\"https:\/\/comunidad.comprasdominicana.gob.do\/\/Public\/Tendering\/OpportunityDetail\/Index?noticeUID=DO1.NTC.613830\" target=\"_blank\" title=\"Detalles\"><i class=\"fas fa-2x fa-link\"><\/i><\/a><\/div><\/div><\/div><div class=\"jumbotron archivos\"><div class=\"row align-items-center\"><div class=\"col\"><h6><a class=\"text-dark\" href=\"https:\/\/comunidad.comprasdominicana.gob.do\/\/Public\/Tendering\/OpportunityDetail\/Index?noticeUID=DO1.NTC.613430\" title=\"Ver\" target=\"_blank\">INESPRE-UC-CD-2019-0024<\/a><\/h6><p class=\"mb-0 bold\">Adquisici\u00f3n de Banderas Nacionales e Institucionales<\/p><p class=\"mb-0\" style=\"font-size: .85rem\"><strong title=\"Estado del Proceso\"><i class=\"fas fa-spinner\"><\/i><\/strong> Proceso adjudicado y celebrado<\/p><p class=\"mb-0\" style=\"font-size: .85rem\"><strong title=\"Fecha de Publicaci\u00f3n\"><i class=\"fas fa-calendar-alt\"><\/i><\/strong> Publicado el lunes, 15 de julio de 2019<\/p><\/div><div class=\"col-auto mt-md-0 mt-2\"><a class=\"btn btn-primary btn-lg px-lg-4 d-none d-md-block\" href=\"https:\/\/comunidad.comprasdominicana.gob.do\/\/Public\/Tendering\/OpportunityDetail\/Index?noticeUID=DO1.NTC.613430\" target=\"_blank\" title=\"Detalles\"><i class=\"fas fa-link\"><\/i> DETALLES<\/a><a class=\"btn btn-primary btn-lg px-lg-4 d-block d-md-none\" href=\"https:\/\/comunidad.comprasdominicana.gob.do\/\/Public\/Tendering\/OpportunityDetail\/Index?noticeUID=DO1.NTC.613430\" target=\"_blank\" title=\"Detalles\"><i class=\"fas fa-2x fa-link\"><\/i><\/a><\/div><\/div><\/div><div class=\"jumbotron archivos\"><div class=\"row align-items-center\"><div class=\"col\"><h6><a class=\"text-dark\" href=\"https:\/\/comunidad.comprasdominicana.gob.do\/\/Public\/Tendering\/OpportunityDetail\/Index?noticeUID=DO1.NTC.607946\" title=\"Ver\" target=\"_blank\">INESPRE-UC-CD-2019-0023<\/a><\/h6><p class=\"mb-0 bold\">Contrataci\u00f3n Servicio de Transporte<\/p><p class=\"mb-0\" style=\"font-size: .85rem\"><strong title=\"Estado del Proceso\"><i class=\"fas fa-spinner\"><\/i><\/strong> Proceso adjudicado y celebrado<\/p><p class=\"mb-0\" style=\"font-size: .85rem\"><strong title=\"Fecha de Publicaci\u00f3n\"><i class=\"fas fa-calendar-alt\"><\/i><\/strong> Publicado el lunes, 1 de julio de 2019<\/p><\/div><div class=\"col-auto mt-md-0 mt-2\"><a class=\"btn btn-primary btn-lg px-lg-4 d-none d-md-block\" href=\"https:\/\/comunidad.comprasdominicana.gob.do\/\/Public\/Tendering\/OpportunityDetail\/Index?noticeUID=DO1.NTC.607946\" target=\"_blank\" title=\"Detalles\"><i class=\"fas fa-link\"><\/i> DETALLES<\/a><a class=\"btn btn-primary btn-lg px-lg-4 d-block d-md-none\" href=\"https:\/\/comunidad.comprasdominicana.gob.do\/\/Public\/Tendering\/OpportunityDetail\/Index?noticeUID=DO1.NTC.607946\" target=\"_blank\" title=\"Detalles\"><i class=\"fas fa-2x fa-link\"><\/i><\/a><\/div><\/div><\/div><\/div><\/div><\/div>\n        <div class=\"card\">\n            <div class=\"card-header parents\" id=\"heading_compras-por-debajo-del-umbral-69f73f7454400-2019-69f73f7454400-junio-69f73f7454400\">\n                <p class=\"title text-blue mb-0\">\n                    <a class=\"btn-block hover text-left collapsed\" data-toggle=\"collapse\" data-target=\"#collap_compras-por-debajo-del-umbral-69f73f7454400-2019-69f73f7454400-junio-69f73f7454400\" aria-expanded=\"false\" aria-controls=\"collap_compras-por-debajo-del-umbral-69f73f7454400-2019-69f73f7454400-junio-69f73f7454400\">Junio<\/a>\n                <\/p>\n            <\/div>\n            <div id=\"collap_compras-por-debajo-del-umbral-69f73f7454400-2019-69f73f7454400-junio-69f73f7454400\" class=\"collapse\" aria-labelledby=\"heading_compras-por-debajo-del-umbral-69f73f7454400-2019-69f73f7454400-junio-69f73f7454400\" data-parent=\"#collap_compras-por-debajo-del-umbral-69f73f7454400-2019-69f73f7454400\">\n                <div class=\"card-body\"><div class=\"jumbotron archivos\"><div class=\"row align-items-center\"><div class=\"col\"><h6><a class=\"text-dark\" href=\"https:\/\/comunidad.comprasdominicana.gob.do\/\/Public\/Tendering\/OpportunityDetail\/Index?noticeUID=DO1.NTC.604526\" title=\"Ver\" target=\"_blank\">INESPRE-UC-CD-2019-0022<\/a><\/h6><p class=\"mb-0 bold\">Adquisici\u00f3n de Flores Naturales<\/p><p class=\"mb-0\" style=\"font-size: .85rem\"><strong title=\"Estado del Proceso\"><i class=\"fas fa-spinner\"><\/i><\/strong> Proceso adjudicado y celebrado<\/p><p class=\"mb-0\" style=\"font-size: .85rem\"><strong title=\"Fecha de Publicaci\u00f3n\"><i class=\"fas fa-calendar-alt\"><\/i><\/strong> Publicado el lunes, 24 de junio de 2019<\/p><\/div><div class=\"col-auto mt-md-0 mt-2\"><a class=\"btn btn-primary btn-lg px-lg-4 d-none d-md-block\" href=\"https:\/\/comunidad.comprasdominicana.gob.do\/\/Public\/Tendering\/OpportunityDetail\/Index?noticeUID=DO1.NTC.604526\" target=\"_blank\" title=\"Detalles\"><i class=\"fas fa-link\"><\/i> DETALLES<\/a><a class=\"btn btn-primary btn-lg px-lg-4 d-block d-md-none\" href=\"https:\/\/comunidad.comprasdominicana.gob.do\/\/Public\/Tendering\/OpportunityDetail\/Index?noticeUID=DO1.NTC.604526\" target=\"_blank\" title=\"Detalles\"><i class=\"fas fa-2x fa-link\"><\/i><\/a><\/div><\/div><\/div><\/div><\/div><\/div>\n        <div class=\"card\">\n            <div class=\"card-header parents\" id=\"heading_compras-por-debajo-del-umbral-69f73f7454400-2019-69f73f7454400-mayo-69f73f7454400\">\n                <p class=\"title text-blue mb-0\">\n                    <a class=\"btn-block hover text-left collapsed\" data-toggle=\"collapse\" data-target=\"#collap_compras-por-debajo-del-umbral-69f73f7454400-2019-69f73f7454400-mayo-69f73f7454400\" aria-expanded=\"false\" aria-controls=\"collap_compras-por-debajo-del-umbral-69f73f7454400-2019-69f73f7454400-mayo-69f73f7454400\">Mayo<\/a>\n                <\/p>\n            <\/div>\n            <div id=\"collap_compras-por-debajo-del-umbral-69f73f7454400-2019-69f73f7454400-mayo-69f73f7454400\" class=\"collapse\" aria-labelledby=\"heading_compras-por-debajo-del-umbral-69f73f7454400-2019-69f73f7454400-mayo-69f73f7454400\" data-parent=\"#collap_compras-por-debajo-del-umbral-69f73f7454400-2019-69f73f7454400\">\n                <div class=\"card-body\"><div class=\"jumbotron archivos\"><div class=\"row align-items-center\"><div class=\"col\"><h6><a class=\"text-dark\" href=\"https:\/\/comunidad.comprasdominicana.gob.do\/\/Public\/Tendering\/OpportunityDetail\/Index?noticeUID=DO1.NTC.585704\" title=\"Ver\" target=\"_blank\">INESPRE-UC-CD-2019-0021<\/a><\/h6><p class=\"mb-0 bold\">Contrataci\u00f3n de Servicio de Transporte para los Empleados de la Instituci\u00f3n.<\/p><p class=\"mb-0\" style=\"font-size: .85rem\"><strong title=\"Estado del Proceso\"><i class=\"fas fa-spinner\"><\/i><\/strong> Proceso adjudicado y celebrado<\/p><p class=\"mb-0\" style=\"font-size: .85rem\"><strong title=\"Fecha de Publicaci\u00f3n\"><i class=\"fas fa-calendar-alt\"><\/i><\/strong> Publicado el viernes, 10 de mayo de 2019<\/p><\/div><div class=\"col-auto mt-md-0 mt-2\"><a class=\"btn btn-primary btn-lg px-lg-4 d-none d-md-block\" href=\"https:\/\/comunidad.comprasdominicana.gob.do\/\/Public\/Tendering\/OpportunityDetail\/Index?noticeUID=DO1.NTC.585704\" target=\"_blank\" title=\"Detalles\"><i class=\"fas fa-link\"><\/i> DETALLES<\/a><a class=\"btn btn-primary btn-lg px-lg-4 d-block d-md-none\" href=\"https:\/\/comunidad.comprasdominicana.gob.do\/\/Public\/Tendering\/OpportunityDetail\/Index?noticeUID=DO1.NTC.585704\" target=\"_blank\" title=\"Detalles\"><i class=\"fas fa-2x fa-link\"><\/i><\/a><\/div><\/div><\/div><div class=\"jumbotron archivos\"><div class=\"row align-items-center\"><div class=\"col\"><h6><a class=\"text-dark\" href=\"https:\/\/comunidad.comprasdominicana.gob.do\/\/Public\/Tendering\/OpportunityDetail\/Index?noticeUID=DO1.NTC.585406\" title=\"Ver\" target=\"_blank\">INESPRE-UC-CD-2019-0020<\/a><\/h6><p class=\"mb-0 bold\">Servicios de Catering<\/p><p class=\"mb-0\" style=\"font-size: .85rem\"><strong title=\"Estado del Proceso\"><i class=\"fas fa-spinner\"><\/i><\/strong> Proceso adjudicado y celebrado<\/p><p class=\"mb-0\" style=\"font-size: .85rem\"><strong title=\"Fecha de Publicaci\u00f3n\"><i class=\"fas fa-calendar-alt\"><\/i><\/strong> Publicado el viernes, 10 de mayo de 2019<\/p><\/div><div class=\"col-auto mt-md-0 mt-2\"><a class=\"btn btn-primary btn-lg px-lg-4 d-none d-md-block\" href=\"https:\/\/comunidad.comprasdominicana.gob.do\/\/Public\/Tendering\/OpportunityDetail\/Index?noticeUID=DO1.NTC.585406\" target=\"_blank\" title=\"Detalles\"><i class=\"fas fa-link\"><\/i> DETALLES<\/a><a class=\"btn btn-primary btn-lg px-lg-4 d-block d-md-none\" href=\"https:\/\/comunidad.comprasdominicana.gob.do\/\/Public\/Tendering\/OpportunityDetail\/Index?noticeUID=DO1.NTC.585406\" target=\"_blank\" title=\"Detalles\"><i class=\"fas fa-2x fa-link\"><\/i><\/a><\/div><\/div><\/div><\/div><\/div><\/div>\n        <div class=\"card\">\n            <div class=\"card-header parents\" id=\"heading_compras-por-debajo-del-umbral-69f73f7454400-2019-69f73f7454400-abril-69f73f7454400\">\n                <p class=\"title text-blue mb-0\">\n                    <a class=\"btn-block hover text-left collapsed\" data-toggle=\"collapse\" data-target=\"#collap_compras-por-debajo-del-umbral-69f73f7454400-2019-69f73f7454400-abril-69f73f7454400\" aria-expanded=\"false\" aria-controls=\"collap_compras-por-debajo-del-umbral-69f73f7454400-2019-69f73f7454400-abril-69f73f7454400\">Abril<\/a>\n                <\/p>\n            <\/div>\n            <div id=\"collap_compras-por-debajo-del-umbral-69f73f7454400-2019-69f73f7454400-abril-69f73f7454400\" class=\"collapse\" aria-labelledby=\"heading_compras-por-debajo-del-umbral-69f73f7454400-2019-69f73f7454400-abril-69f73f7454400\" data-parent=\"#collap_compras-por-debajo-del-umbral-69f73f7454400-2019-69f73f7454400\">\n                <div class=\"card-body\"><div class=\"jumbotron archivos\"><div class=\"row align-items-center\"><div class=\"col\"><h6><a class=\"text-dark\" href=\"https:\/\/comunidad.comprasdominicana.gob.do\/\/Public\/Tendering\/OpportunityDetail\/Index?noticeUID=DO1.NTC.577309\" title=\"Ver\" target=\"_blank\">INESPRE-UC-CD-2019-0019<\/a><\/h6><p class=\"mb-0 bold\">Servicio de Catering<\/p><p class=\"mb-0\" style=\"font-size: .85rem\"><strong title=\"Estado del Proceso\"><i class=\"fas fa-spinner\"><\/i><\/strong> Proceso adjudicado y celebrado<\/p><p class=\"mb-0\" style=\"font-size: .85rem\"><strong title=\"Fecha de Publicaci\u00f3n\"><i class=\"fas fa-calendar-alt\"><\/i><\/strong> Publicado el martes, 23 de abril de 2019<\/p><\/div><div class=\"col-auto mt-md-0 mt-2\"><a class=\"btn btn-primary btn-lg px-lg-4 d-none d-md-block\" href=\"https:\/\/comunidad.comprasdominicana.gob.do\/\/Public\/Tendering\/OpportunityDetail\/Index?noticeUID=DO1.NTC.577309\" target=\"_blank\" title=\"Detalles\"><i class=\"fas fa-link\"><\/i> DETALLES<\/a><a class=\"btn btn-primary btn-lg px-lg-4 d-block d-md-none\" href=\"https:\/\/comunidad.comprasdominicana.gob.do\/\/Public\/Tendering\/OpportunityDetail\/Index?noticeUID=DO1.NTC.577309\" target=\"_blank\" title=\"Detalles\"><i class=\"fas fa-2x fa-link\"><\/i><\/a><\/div><\/div><\/div><div class=\"jumbotron archivos\"><div class=\"row align-items-center\"><div class=\"col\"><h6><a class=\"text-dark\" href=\"https:\/\/comunidad.comprasdominicana.gob.do\/\/Public\/Tendering\/OpportunityDetail\/Index?noticeUID=DO1.NTC.574314\" title=\"Ver\" target=\"_blank\">INESPRE-UC-CD-2019-0018<\/a><\/h6><p class=\"mb-0 bold\">Servicio de Catering y Picadera<\/p><p class=\"mb-0\" style=\"font-size: .85rem\"><strong title=\"Estado del Proceso\"><i class=\"fas fa-spinner\"><\/i><\/strong> Proceso adjudicado y celebrado<\/p><p class=\"mb-0\" style=\"font-size: .85rem\"><strong title=\"Fecha de Publicaci\u00f3n\"><i class=\"fas fa-calendar-alt\"><\/i><\/strong> Publicado el mi\u00e9rcoles, 17 de abril de 2019<\/p><\/div><div class=\"col-auto mt-md-0 mt-2\"><a class=\"btn btn-primary btn-lg px-lg-4 d-none d-md-block\" href=\"https:\/\/comunidad.comprasdominicana.gob.do\/\/Public\/Tendering\/OpportunityDetail\/Index?noticeUID=DO1.NTC.574314\" target=\"_blank\" title=\"Detalles\"><i class=\"fas fa-link\"><\/i> DETALLES<\/a><a class=\"btn btn-primary btn-lg px-lg-4 d-block d-md-none\" href=\"https:\/\/comunidad.comprasdominicana.gob.do\/\/Public\/Tendering\/OpportunityDetail\/Index?noticeUID=DO1.NTC.574314\" target=\"_blank\" title=\"Detalles\"><i class=\"fas fa-2x fa-link\"><\/i><\/a><\/div><\/div><\/div><div class=\"jumbotron archivos\"><div class=\"row align-items-center\"><div class=\"col\"><h6><a class=\"text-dark\" href=\"https:\/\/comunidad.comprasdominicana.gob.do\/\/Public\/Tendering\/OpportunityDetail\/Index?noticeUID=DO1.NTC.571842\" title=\"Ver\" target=\"_blank\">INESPRE-UC-CD-2019-0017<\/a><\/h6><p class=\"mb-0 bold\">Servicio Mantenimiento de ascensor<\/p><p class=\"mb-0\" style=\"font-size: .85rem\"><strong title=\"Estado del Proceso\"><i class=\"fas fa-spinner\"><\/i><\/strong> Proceso adjudicado y celebrado<\/p><p class=\"mb-0\" style=\"font-size: .85rem\"><strong title=\"Fecha de Publicaci\u00f3n\"><i class=\"fas fa-calendar-alt\"><\/i><\/strong> Publicado el lunes, 15 de abril de 2019<\/p><\/div><div class=\"col-auto mt-md-0 mt-2\"><a class=\"btn btn-primary btn-lg px-lg-4 d-none d-md-block\" href=\"https:\/\/comunidad.comprasdominicana.gob.do\/\/Public\/Tendering\/OpportunityDetail\/Index?noticeUID=DO1.NTC.571842\" target=\"_blank\" title=\"Detalles\"><i class=\"fas fa-link\"><\/i> DETALLES<\/a><a class=\"btn btn-primary btn-lg px-lg-4 d-block d-md-none\" href=\"https:\/\/comunidad.comprasdominicana.gob.do\/\/Public\/Tendering\/OpportunityDetail\/Index?noticeUID=DO1.NTC.571842\" target=\"_blank\" title=\"Detalles\"><i class=\"fas fa-2x fa-link\"><\/i><\/a><\/div><\/div><\/div><div class=\"jumbotron archivos\"><div class=\"row align-items-center\"><div class=\"col\"><h6><a class=\"text-dark\" href=\"https:\/\/comunidad.comprasdominicana.gob.do\/\/Public\/Tendering\/OpportunityDetail\/Index?noticeUID=DO1.NTC.572228\" title=\"Ver\" target=\"_blank\">INESPRE-UC-CD-2019-0016<\/a><\/h6><p class=\"mb-0 bold\">Adquisici\u00f3n de Sellos Gomigrafos Pretintados.<\/p><p class=\"mb-0\" style=\"font-size: .85rem\"><strong title=\"Estado del Proceso\"><i class=\"fas fa-spinner\"><\/i><\/strong> Proceso adjudicado y celebrado<\/p><p class=\"mb-0\" style=\"font-size: .85rem\"><strong title=\"Fecha de Publicaci\u00f3n\"><i class=\"fas fa-calendar-alt\"><\/i><\/strong> Publicado el lunes, 15 de abril de 2019<\/p><\/div><div class=\"col-auto mt-md-0 mt-2\"><a class=\"btn btn-primary btn-lg px-lg-4 d-none d-md-block\" href=\"https:\/\/comunidad.comprasdominicana.gob.do\/\/Public\/Tendering\/OpportunityDetail\/Index?noticeUID=DO1.NTC.572228\" target=\"_blank\" title=\"Detalles\"><i class=\"fas fa-link\"><\/i> DETALLES<\/a><a class=\"btn btn-primary btn-lg px-lg-4 d-block d-md-none\" href=\"https:\/\/comunidad.comprasdominicana.gob.do\/\/Public\/Tendering\/OpportunityDetail\/Index?noticeUID=DO1.NTC.572228\" target=\"_blank\" title=\"Detalles\"><i class=\"fas fa-2x fa-link\"><\/i><\/a><\/div><\/div><\/div><div class=\"jumbotron archivos\"><div class=\"row align-items-center\"><div class=\"col\"><h6><a class=\"text-dark\" href=\"https:\/\/comunidad.comprasdominicana.gob.do\/\/Public\/Tendering\/OpportunityDetail\/Index?noticeUID=DO1.NTC.571726\" title=\"Ver\" target=\"_blank\">INESPRE-UC-CD-2019-0015<\/a><\/h6><p class=\"mb-0 bold\">Servicio de Catering <\/p><p class=\"mb-0\" style=\"font-size: .85rem\"><strong title=\"Estado del Proceso\"><i class=\"fas fa-spinner\"><\/i><\/strong> Proceso adjudicado y celebrado<\/p><p class=\"mb-0\" style=\"font-size: .85rem\"><strong title=\"Fecha de Publicaci\u00f3n\"><i class=\"fas fa-calendar-alt\"><\/i><\/strong> Publicado el lunes, 15 de abril de 2019<\/p><\/div><div class=\"col-auto mt-md-0 mt-2\"><a class=\"btn btn-primary btn-lg px-lg-4 d-none d-md-block\" href=\"https:\/\/comunidad.comprasdominicana.gob.do\/\/Public\/Tendering\/OpportunityDetail\/Index?noticeUID=DO1.NTC.571726\" target=\"_blank\" title=\"Detalles\"><i class=\"fas fa-link\"><\/i> DETALLES<\/a><a class=\"btn btn-primary btn-lg px-lg-4 d-block d-md-none\" href=\"https:\/\/comunidad.comprasdominicana.gob.do\/\/Public\/Tendering\/OpportunityDetail\/Index?noticeUID=DO1.NTC.571726\" target=\"_blank\" title=\"Detalles\"><i class=\"fas fa-2x fa-link\"><\/i><\/a><\/div><\/div><\/div><\/div><\/div><\/div>\n        <div class=\"card\">\n            <div class=\"card-header parents\" id=\"heading_compras-por-debajo-del-umbral-69f73f7454400-2019-69f73f7454400-marzo-69f73f7454400\">\n                <p class=\"title text-blue mb-0\">\n                    <a class=\"btn-block hover text-left collapsed\" data-toggle=\"collapse\" data-target=\"#collap_compras-por-debajo-del-umbral-69f73f7454400-2019-69f73f7454400-marzo-69f73f7454400\" aria-expanded=\"false\" aria-controls=\"collap_compras-por-debajo-del-umbral-69f73f7454400-2019-69f73f7454400-marzo-69f73f7454400\">Marzo<\/a>\n                <\/p>\n            <\/div>\n            <div id=\"collap_compras-por-debajo-del-umbral-69f73f7454400-2019-69f73f7454400-marzo-69f73f7454400\" class=\"collapse\" aria-labelledby=\"heading_compras-por-debajo-del-umbral-69f73f7454400-2019-69f73f7454400-marzo-69f73f7454400\" data-parent=\"#collap_compras-por-debajo-del-umbral-69f73f7454400-2019-69f73f7454400\">\n                <div class=\"card-body\"><div class=\"jumbotron archivos\"><div class=\"row align-items-center\"><div class=\"col\"><h6><a class=\"text-dark\" href=\"https:\/\/comunidad.comprasdominicana.gob.do\/\/Public\/Tendering\/OpportunityDetail\/Index?noticeUID=DO1.NTC.555865\" title=\"Ver\" target=\"_blank\">INESPRE-UC-CD-2019-0014<\/a><\/h6><p class=\"mb-0 bold\">Letrero y Rotulaci\u00f3n para el Stand de la Feria Agropecuaria 2019<\/p><p class=\"mb-0\" style=\"font-size: .85rem\"><strong title=\"Estado del Proceso\"><i class=\"fas fa-spinner\"><\/i><\/strong> Proceso adjudicado y celebrado<\/p><p class=\"mb-0\" style=\"font-size: .85rem\"><strong title=\"Fecha de Publicaci\u00f3n\"><i class=\"fas fa-calendar-alt\"><\/i><\/strong> Publicado el viernes, 15 de marzo de 2019<\/p><\/div><div class=\"col-auto mt-md-0 mt-2\"><a class=\"btn btn-primary btn-lg px-lg-4 d-none d-md-block\" href=\"https:\/\/comunidad.comprasdominicana.gob.do\/\/Public\/Tendering\/OpportunityDetail\/Index?noticeUID=DO1.NTC.555865\" target=\"_blank\" title=\"Detalles\"><i class=\"fas fa-link\"><\/i> DETALLES<\/a><a class=\"btn btn-primary btn-lg px-lg-4 d-block d-md-none\" href=\"https:\/\/comunidad.comprasdominicana.gob.do\/\/Public\/Tendering\/OpportunityDetail\/Index?noticeUID=DO1.NTC.555865\" target=\"_blank\" title=\"Detalles\"><i class=\"fas fa-2x fa-link\"><\/i><\/a><\/div><\/div><\/div><div class=\"jumbotron archivos\"><div class=\"row align-items-center\"><div class=\"col\"><h6><a class=\"text-dark\" href=\"https:\/\/comunidad.comprasdominicana.gob.do\/\/Public\/Tendering\/OpportunityDetail\/Index?noticeUID=DO1.NTC.555851\" title=\"Ver\" target=\"_blank\">INESPRE-UC-CD-2019-0013<\/a><\/h6><p class=\"mb-0 bold\">Adquisici\u00f3n de Productos para el control de plagas<\/p><p class=\"mb-0\" style=\"font-size: .85rem\"><strong title=\"Estado del Proceso\"><i class=\"fas fa-spinner\"><\/i><\/strong> Proceso adjudicado y celebrado<\/p><p class=\"mb-0\" style=\"font-size: .85rem\"><strong title=\"Fecha de Publicaci\u00f3n\"><i class=\"fas fa-calendar-alt\"><\/i><\/strong> Publicado el viernes, 15 de marzo de 2019<\/p><\/div><div class=\"col-auto mt-md-0 mt-2\"><a class=\"btn btn-primary btn-lg px-lg-4 d-none d-md-block\" href=\"https:\/\/comunidad.comprasdominicana.gob.do\/\/Public\/Tendering\/OpportunityDetail\/Index?noticeUID=DO1.NTC.555851\" target=\"_blank\" title=\"Detalles\"><i class=\"fas fa-link\"><\/i> DETALLES<\/a><a class=\"btn btn-primary btn-lg px-lg-4 d-block d-md-none\" href=\"https:\/\/comunidad.comprasdominicana.gob.do\/\/Public\/Tendering\/OpportunityDetail\/Index?noticeUID=DO1.NTC.555851\" target=\"_blank\" title=\"Detalles\"><i class=\"fas fa-2x fa-link\"><\/i><\/a><\/div><\/div><\/div><div class=\"jumbotron archivos\"><div class=\"row align-items-center\"><div class=\"col\"><h6><a class=\"text-dark\" href=\"https:\/\/comunidad.comprasdominicana.gob.do\/\/Public\/Tendering\/OpportunityDetail\/Index?noticeUID=DO1.NTC.555848\" title=\"Ver\" target=\"_blank\">INESPRE-UC-CD-2019-0012<\/a><\/h6><p class=\"mb-0 bold\">Adquisici\u00f3n de Equipos de Seguridad y Protecci\u00f3n Personal<\/p><p class=\"mb-0\" style=\"font-size: .85rem\"><strong title=\"Estado del Proceso\"><i class=\"fas fa-spinner\"><\/i><\/strong> Proceso adjudicado y celebrado<\/p><p class=\"mb-0\" style=\"font-size: .85rem\"><strong title=\"Fecha de Publicaci\u00f3n\"><i class=\"fas fa-calendar-alt\"><\/i><\/strong> Publicado el viernes, 15 de marzo de 2019<\/p><\/div><div class=\"col-auto mt-md-0 mt-2\"><a class=\"btn btn-primary btn-lg px-lg-4 d-none d-md-block\" href=\"https:\/\/comunidad.comprasdominicana.gob.do\/\/Public\/Tendering\/OpportunityDetail\/Index?noticeUID=DO1.NTC.555848\" target=\"_blank\" title=\"Detalles\"><i class=\"fas fa-link\"><\/i> DETALLES<\/a><a class=\"btn btn-primary btn-lg px-lg-4 d-block d-md-none\" href=\"https:\/\/comunidad.comprasdominicana.gob.do\/\/Public\/Tendering\/OpportunityDetail\/Index?noticeUID=DO1.NTC.555848\" target=\"_blank\" title=\"Detalles\"><i class=\"fas fa-2x fa-link\"><\/i><\/a><\/div><\/div><\/div><div class=\"jumbotron archivos\"><div class=\"row align-items-center\"><div class=\"col\"><h6><a class=\"text-dark\" href=\"https:\/\/comunidad.comprasdominicana.gob.do\/\/Public\/Tendering\/OpportunityDetail\/Index?noticeUID=DO1.NTC.550720\" title=\"Ver\" target=\"_blank\">INESPRE-UC-CD-2019-0010<\/a><\/h6><p class=\"mb-0 bold\">Servicio de Catering para el D\u00eda Internacional de la Mujer<\/p><p class=\"mb-0\" style=\"font-size: .85rem\"><strong title=\"Estado del Proceso\"><i class=\"fas fa-spinner\"><\/i><\/strong> Proceso adjudicado y celebrado<\/p><p class=\"mb-0\" style=\"font-size: .85rem\"><strong title=\"Fecha de Publicaci\u00f3n\"><i class=\"fas fa-calendar-alt\"><\/i><\/strong> Publicado el mi\u00e9rcoles, 6 de marzo de 2019<\/p><\/div><div class=\"col-auto mt-md-0 mt-2\"><a class=\"btn btn-primary btn-lg px-lg-4 d-none d-md-block\" href=\"https:\/\/comunidad.comprasdominicana.gob.do\/\/Public\/Tendering\/OpportunityDetail\/Index?noticeUID=DO1.NTC.550720\" target=\"_blank\" title=\"Detalles\"><i class=\"fas fa-link\"><\/i> DETALLES<\/a><a class=\"btn btn-primary btn-lg px-lg-4 d-block d-md-none\" href=\"https:\/\/comunidad.comprasdominicana.gob.do\/\/Public\/Tendering\/OpportunityDetail\/Index?noticeUID=DO1.NTC.550720\" target=\"_blank\" title=\"Detalles\"><i class=\"fas fa-2x fa-link\"><\/i><\/a><\/div><\/div><\/div><\/div><\/div><\/div>\n        <div class=\"card\">\n            <div class=\"card-header parents\" id=\"heading_compras-por-debajo-del-umbral-69f73f7454400-2019-69f73f7454400-febrero-69f73f7454400\">\n                <p class=\"title text-blue mb-0\">\n                    <a class=\"btn-block hover text-left collapsed\" data-toggle=\"collapse\" data-target=\"#collap_compras-por-debajo-del-umbral-69f73f7454400-2019-69f73f7454400-febrero-69f73f7454400\" aria-expanded=\"false\" aria-controls=\"collap_compras-por-debajo-del-umbral-69f73f7454400-2019-69f73f7454400-febrero-69f73f7454400\">Febrero<\/a>\n                <\/p>\n            <\/div>\n            <div id=\"collap_compras-por-debajo-del-umbral-69f73f7454400-2019-69f73f7454400-febrero-69f73f7454400\" class=\"collapse\" aria-labelledby=\"heading_compras-por-debajo-del-umbral-69f73f7454400-2019-69f73f7454400-febrero-69f73f7454400\" data-parent=\"#collap_compras-por-debajo-del-umbral-69f73f7454400-2019-69f73f7454400\">\n                <div class=\"card-body\"><div class=\"jumbotron archivos\"><div class=\"row align-items-center\"><div class=\"col\"><h6><a class=\"text-dark\" href=\"https:\/\/comunidad.comprasdominicana.gob.do\/\/Public\/Tendering\/OpportunityDetail\/Index?noticeUID=DO1.NTC.542224\" title=\"Ver\" target=\"_blank\">INESPRE-UC-CD-2019-0009<\/a><\/h6><p class=\"mb-0 bold\">Servicios de Catering y Montaje <\/p><p class=\"mb-0\" style=\"font-size: .85rem\"><strong title=\"Estado del Proceso\"><i class=\"fas fa-spinner\"><\/i><\/strong> Proceso adjudicado y celebrado<\/p><p class=\"mb-0\" style=\"font-size: .85rem\"><strong title=\"Fecha de Publicaci\u00f3n\"><i class=\"fas fa-calendar-alt\"><\/i><\/strong> Publicado el lunes, 18 de febrero de 2019<\/p><\/div><div class=\"col-auto mt-md-0 mt-2\"><a class=\"btn btn-primary btn-lg px-lg-4 d-none d-md-block\" href=\"https:\/\/comunidad.comprasdominicana.gob.do\/\/Public\/Tendering\/OpportunityDetail\/Index?noticeUID=DO1.NTC.542224\" target=\"_blank\" title=\"Detalles\"><i class=\"fas fa-link\"><\/i> DETALLES<\/a><a class=\"btn btn-primary btn-lg px-lg-4 d-block d-md-none\" href=\"https:\/\/comunidad.comprasdominicana.gob.do\/\/Public\/Tendering\/OpportunityDetail\/Index?noticeUID=DO1.NTC.542224\" target=\"_blank\" title=\"Detalles\"><i class=\"fas fa-2x fa-link\"><\/i><\/a><\/div><\/div><\/div><div class=\"jumbotron archivos\"><div class=\"row align-items-center\"><div class=\"col\"><h6><a class=\"text-dark\" href=\"https:\/\/comunidad.comprasdominicana.gob.do\/\/Public\/Tendering\/OpportunityDetail\/Index?noticeUID=DO1.NTC.538334\" title=\"Ver\" target=\"_blank\">INESPRE-UC-CD-2019-0008<\/a><\/h6><p class=\"mb-0 bold\">Servicios de Catering y Montaje<\/p><p class=\"mb-0\" style=\"font-size: .85rem\"><strong title=\"Estado del Proceso\"><i class=\"fas fa-spinner\"><\/i><\/strong> Proceso adjudicado y celebrado<\/p><p class=\"mb-0\" style=\"font-size: .85rem\"><strong title=\"Fecha de Publicaci\u00f3n\"><i class=\"fas fa-calendar-alt\"><\/i><\/strong> Publicado el jueves, 7 de febrero de 2019<\/p><\/div><div class=\"col-auto mt-md-0 mt-2\"><a class=\"btn btn-primary btn-lg px-lg-4 d-none d-md-block\" href=\"https:\/\/comunidad.comprasdominicana.gob.do\/\/Public\/Tendering\/OpportunityDetail\/Index?noticeUID=DO1.NTC.538334\" target=\"_blank\" title=\"Detalles\"><i class=\"fas fa-link\"><\/i> DETALLES<\/a><a class=\"btn btn-primary btn-lg px-lg-4 d-block d-md-none\" href=\"https:\/\/comunidad.comprasdominicana.gob.do\/\/Public\/Tendering\/OpportunityDetail\/Index?noticeUID=DO1.NTC.538334\" target=\"_blank\" title=\"Detalles\"><i class=\"fas fa-2x fa-link\"><\/i><\/a><\/div><\/div><\/div><div class=\"jumbotron archivos\"><div class=\"row align-items-center\"><div class=\"col\"><h6><a class=\"text-dark\" href=\"https:\/\/comunidad.comprasdominicana.gob.do\/\/Public\/Tendering\/OpportunityDetail\/Index?noticeUID=DO1.NTC.538329\" title=\"Ver\" target=\"_blank\">INESPRE-UC-CD-2019-0007<\/a><\/h6><p class=\"mb-0 bold\">Adquisici\u00f3n de Maquinas Sumadoras y Regletas<\/p><p class=\"mb-0\" style=\"font-size: .85rem\"><strong title=\"Estado del Proceso\"><i class=\"fas fa-spinner\"><\/i><\/strong> Proceso adjudicado y celebrado<\/p><p class=\"mb-0\" style=\"font-size: .85rem\"><strong title=\"Fecha de Publicaci\u00f3n\"><i class=\"fas fa-calendar-alt\"><\/i><\/strong> Publicado el jueves, 7 de febrero de 2019<\/p><\/div><div class=\"col-auto mt-md-0 mt-2\"><a class=\"btn btn-primary btn-lg px-lg-4 d-none d-md-block\" href=\"https:\/\/comunidad.comprasdominicana.gob.do\/\/Public\/Tendering\/OpportunityDetail\/Index?noticeUID=DO1.NTC.538329\" target=\"_blank\" title=\"Detalles\"><i class=\"fas fa-link\"><\/i> DETALLES<\/a><a class=\"btn btn-primary btn-lg px-lg-4 d-block d-md-none\" href=\"https:\/\/comunidad.comprasdominicana.gob.do\/\/Public\/Tendering\/OpportunityDetail\/Index?noticeUID=DO1.NTC.538329\" target=\"_blank\" title=\"Detalles\"><i class=\"fas fa-2x fa-link\"><\/i><\/a><\/div><\/div><\/div><div class=\"jumbotron archivos\"><div class=\"row align-items-center\"><div class=\"col\"><h6><a class=\"text-dark\" href=\"https:\/\/comunidad.comprasdominicana.gob.do\/\/Public\/Tendering\/OpportunityDetail\/Index?noticeUID=DO1.NTC.538029\" title=\"Ver\" target=\"_blank\">INESPRE-UC-CD-2019-0006<\/a><\/h6><p class=\"mb-0 bold\">Suministros para m\u00e1quina de empaque <\/p><p class=\"mb-0\" style=\"font-size: .85rem\"><strong title=\"Estado del Proceso\"><i class=\"fas fa-spinner\"><\/i><\/strong> Proceso adjudicado y celebrado<\/p><p class=\"mb-0\" style=\"font-size: .85rem\"><strong title=\"Fecha de Publicaci\u00f3n\"><i class=\"fas fa-calendar-alt\"><\/i><\/strong> Publicado el jueves, 7 de febrero de 2019<\/p><\/div><div class=\"col-auto mt-md-0 mt-2\"><a class=\"btn btn-primary btn-lg px-lg-4 d-none d-md-block\" href=\"https:\/\/comunidad.comprasdominicana.gob.do\/\/Public\/Tendering\/OpportunityDetail\/Index?noticeUID=DO1.NTC.538029\" target=\"_blank\" title=\"Detalles\"><i class=\"fas fa-link\"><\/i> DETALLES<\/a><a class=\"btn btn-primary btn-lg px-lg-4 d-block d-md-none\" href=\"https:\/\/comunidad.comprasdominicana.gob.do\/\/Public\/Tendering\/OpportunityDetail\/Index?noticeUID=DO1.NTC.538029\" target=\"_blank\" title=\"Detalles\"><i class=\"fas fa-2x fa-link\"><\/i><\/a><\/div><\/div><\/div><div class=\"jumbotron archivos\"><div class=\"row align-items-center\"><div class=\"col\"><h6><a class=\"text-dark\" href=\"https:\/\/comunidad.comprasdominicana.gob.do\/\/Public\/Tendering\/OpportunityDetail\/Index?noticeUID=DO1.NTC.534824\" title=\"Ver\" target=\"_blank\">INESPRE-UC-CD-2019-0005<\/a><\/h6><p class=\"mb-0 bold\">Adquisici\u00f3n de Flores y Plantas naturales<\/p><p class=\"mb-0\" style=\"font-size: .85rem\"><strong title=\"Estado del Proceso\"><i class=\"fas fa-spinner\"><\/i><\/strong> Proceso adjudicado y celebrado<\/p><p class=\"mb-0\" style=\"font-size: .85rem\"><strong title=\"Fecha de Publicaci\u00f3n\"><i class=\"fas fa-calendar-alt\"><\/i><\/strong> Publicado el lunes, 4 de febrero de 2019<\/p><\/div><div class=\"col-auto mt-md-0 mt-2\"><a class=\"btn btn-primary btn-lg px-lg-4 d-none d-md-block\" href=\"https:\/\/comunidad.comprasdominicana.gob.do\/\/Public\/Tendering\/OpportunityDetail\/Index?noticeUID=DO1.NTC.534824\" target=\"_blank\" title=\"Detalles\"><i class=\"fas fa-link\"><\/i> DETALLES<\/a><a class=\"btn btn-primary btn-lg px-lg-4 d-block d-md-none\" href=\"https:\/\/comunidad.comprasdominicana.gob.do\/\/Public\/Tendering\/OpportunityDetail\/Index?noticeUID=DO1.NTC.534824\" target=\"_blank\" title=\"Detalles\"><i class=\"fas fa-2x fa-link\"><\/i><\/a><\/div><\/div><\/div><div class=\"jumbotron archivos\"><div class=\"row align-items-center\"><div class=\"col\"><h6><a class=\"text-dark\" href=\"https:\/\/comunidad.comprasdominicana.gob.do\/\/Public\/Tendering\/OpportunityDetail\/Index?noticeUID=DO1.NTC.534123\" title=\"Ver\" target=\"_blank\">INESPRE-UC-CD-2019-0004<\/a><\/h6><p class=\"mb-0 bold\">Servicio de Almuerzo y Refrigerio para 40 personas<\/p><p class=\"mb-0\" style=\"font-size: .85rem\"><strong title=\"Estado del Proceso\"><i class=\"fas fa-spinner\"><\/i><\/strong> Proceso adjudicado y celebrado<\/p><p class=\"mb-0\" style=\"font-size: .85rem\"><strong title=\"Fecha de Publicaci\u00f3n\"><i class=\"fas fa-calendar-alt\"><\/i><\/strong> Publicado el viernes, 1 de febrero de 2019<\/p><\/div><div class=\"col-auto mt-md-0 mt-2\"><a class=\"btn btn-primary btn-lg px-lg-4 d-none d-md-block\" href=\"https:\/\/comunidad.comprasdominicana.gob.do\/\/Public\/Tendering\/OpportunityDetail\/Index?noticeUID=DO1.NTC.534123\" target=\"_blank\" title=\"Detalles\"><i class=\"fas fa-link\"><\/i> DETALLES<\/a><a class=\"btn btn-primary btn-lg px-lg-4 d-block d-md-none\" href=\"https:\/\/comunidad.comprasdominicana.gob.do\/\/Public\/Tendering\/OpportunityDetail\/Index?noticeUID=DO1.NTC.534123\" target=\"_blank\" title=\"Detalles\"><i class=\"fas fa-2x fa-link\"><\/i><\/a><\/div><\/div><\/div><div class=\"jumbotron archivos\"><div class=\"row align-items-center\"><div class=\"col\"><h6><a class=\"text-dark\" href=\"https:\/\/comunidad.comprasdominicana.gob.do\/\/Public\/Tendering\/OpportunityDetail\/Index?noticeUID=DO1.NTC.534328\" title=\"Ver\" target=\"_blank\">INESPRE-UC-CD-2019-0002<\/a><\/h6><p class=\"mb-0 bold\">Contrataci\u00f3n de Servicio de Transporte para Empleados de la Instituci\u00f3n<\/p><p class=\"mb-0\" style=\"font-size: .85rem\"><strong title=\"Estado del Proceso\"><i class=\"fas fa-spinner\"><\/i><\/strong> Proceso adjudicado y celebrado<\/p><p class=\"mb-0\" style=\"font-size: .85rem\"><strong title=\"Fecha de Publicaci\u00f3n\"><i class=\"fas fa-calendar-alt\"><\/i><\/strong> Publicado el viernes, 1 de febrero de 2019<\/p><\/div><div class=\"col-auto mt-md-0 mt-2\"><a class=\"btn btn-primary btn-lg px-lg-4 d-none d-md-block\" href=\"https:\/\/comunidad.comprasdominicana.gob.do\/\/Public\/Tendering\/OpportunityDetail\/Index?noticeUID=DO1.NTC.534328\" target=\"_blank\" title=\"Detalles\"><i class=\"fas fa-link\"><\/i> DETALLES<\/a><a class=\"btn btn-primary btn-lg px-lg-4 d-block d-md-none\" href=\"https:\/\/comunidad.comprasdominicana.gob.do\/\/Public\/Tendering\/OpportunityDetail\/Index?noticeUID=DO1.NTC.534328\" target=\"_blank\" title=\"Detalles\"><i class=\"fas fa-2x fa-link\"><\/i><\/a><\/div><\/div><\/div><\/div><\/div><\/div>\n        <div class=\"card\">\n            <div class=\"card-header parents\" id=\"heading_compras-por-debajo-del-umbral-69f73f7454400-2019-69f73f7454400-enero-69f73f7454400\">\n                <p class=\"title text-blue mb-0\">\n                    <a class=\"btn-block hover text-left collapsed\" data-toggle=\"collapse\" data-target=\"#collap_compras-por-debajo-del-umbral-69f73f7454400-2019-69f73f7454400-enero-69f73f7454400\" aria-expanded=\"false\" aria-controls=\"collap_compras-por-debajo-del-umbral-69f73f7454400-2019-69f73f7454400-enero-69f73f7454400\">Enero<\/a>\n                <\/p>\n            <\/div>\n            <div id=\"collap_compras-por-debajo-del-umbral-69f73f7454400-2019-69f73f7454400-enero-69f73f7454400\" class=\"collapse\" aria-labelledby=\"heading_compras-por-debajo-del-umbral-69f73f7454400-2019-69f73f7454400-enero-69f73f7454400\" data-parent=\"#collap_compras-por-debajo-del-umbral-69f73f7454400-2019-69f73f7454400\">\n                <div class=\"card-body\"><div class=\"jumbotron archivos\"><div class=\"row align-items-center\"><div class=\"col\"><h6><a class=\"text-dark\" href=\"https:\/\/comunidad.comprasdominicana.gob.do\/\/Public\/Tendering\/OpportunityDetail\/Index?noticeUID=DO1.NTC.526816\" title=\"Ver\" target=\"_blank\">INESPRE-UC-CD-2019-0001<\/a><\/h6><p class=\"mb-0 bold\">Servicio de Reparaci\u00f3n y Mantenimiento Bomba de Gasoil<\/p><p class=\"mb-0\" style=\"font-size: .85rem\"><strong title=\"Estado del Proceso\"><i class=\"fas fa-spinner\"><\/i><\/strong> Proceso adjudicado y celebrado<\/p><p class=\"mb-0\" style=\"font-size: .85rem\"><strong title=\"Fecha de Publicaci\u00f3n\"><i class=\"fas fa-calendar-alt\"><\/i><\/strong> Publicado el martes, 15 de enero de 2019<\/p><\/div><div class=\"col-auto mt-md-0 mt-2\"><a class=\"btn btn-primary btn-lg px-lg-4 d-none d-md-block\" href=\"https:\/\/comunidad.comprasdominicana.gob.do\/\/Public\/Tendering\/OpportunityDetail\/Index?noticeUID=DO1.NTC.526816\" target=\"_blank\" title=\"Detalles\"><i class=\"fas fa-link\"><\/i> DETALLES<\/a><a class=\"btn btn-primary btn-lg px-lg-4 d-block d-md-none\" href=\"https:\/\/comunidad.comprasdominicana.gob.do\/\/Public\/Tendering\/OpportunityDetail\/Index?noticeUID=DO1.NTC.526816\" target=\"_blank\" title=\"Detalles\"><i class=\"fas fa-2x fa-link\"><\/i><\/a><\/div><\/div><\/div><\/div><\/div><\/div><\/div><\/div><\/div>\n        <div class=\"card\">\n            <div class=\"card-header parents\" id=\"heading_compras-por-debajo-del-umbral-69f73f7454400-2018-69f73f7454400\">\n                <p class=\"title text-blue mb-0\">\n                    <a class=\"btn-block hover text-left collapsed\" data-toggle=\"collapse\" data-target=\"#collap_compras-por-debajo-del-umbral-69f73f7454400-2018-69f73f7454400\" aria-expanded=\"false\" aria-controls=\"collap_compras-por-debajo-del-umbral-69f73f7454400-2018-69f73f7454400\">2018<\/a>\n                <\/p>\n            <\/div>\n            <div id=\"collap_compras-por-debajo-del-umbral-69f73f7454400-2018-69f73f7454400\" class=\"collapse\" aria-labelledby=\"heading_compras-por-debajo-del-umbral-69f73f7454400-2018-69f73f7454400\" data-parent=\"#collap_compras-por-debajo-del-umbral-69f73f7454400\">\n                <div class=\"card-body\">\n        <div class=\"card\">\n            <div class=\"card-header parents\" id=\"heading_compras-por-debajo-del-umbral-69f73f7454400-2018-69f73f7454400-diciembre-69f73f7454400\">\n                <p class=\"title text-blue mb-0\">\n                    <a class=\"btn-block hover text-left collapsed\" data-toggle=\"collapse\" data-target=\"#collap_compras-por-debajo-del-umbral-69f73f7454400-2018-69f73f7454400-diciembre-69f73f7454400\" aria-expanded=\"false\" aria-controls=\"collap_compras-por-debajo-del-umbral-69f73f7454400-2018-69f73f7454400-diciembre-69f73f7454400\">Diciembre<\/a>\n                <\/p>\n            <\/div>\n            <div id=\"collap_compras-por-debajo-del-umbral-69f73f7454400-2018-69f73f7454400-diciembre-69f73f7454400\" class=\"collapse\" aria-labelledby=\"heading_compras-por-debajo-del-umbral-69f73f7454400-2018-69f73f7454400-diciembre-69f73f7454400\" data-parent=\"#collap_compras-por-debajo-del-umbral-69f73f7454400-2018-69f73f7454400\">\n                <div class=\"card-body\"><div class=\"jumbotron archivos\"><div class=\"row align-items-center\"><div class=\"col\"><h6><a class=\"text-dark\" href=\"https:\/\/comunidad.comprasdominicana.gob.do\/\/Public\/Tendering\/OpportunityDetail\/Index?noticeUID=DO1.NTC.516645\" title=\"Ver\" target=\"_blank\">INESPRE-UC-CD-2018-0005<\/a><\/h6><p class=\"mb-0 bold\">Adquisici\u00f3n Gomas de montacargas y materiales de m\u00e1quina de empaque<\/p><p class=\"mb-0\" style=\"font-size: .85rem\"><strong title=\"Estado del Proceso\"><i class=\"fas fa-spinner\"><\/i><\/strong> Proceso desierto<\/p><p class=\"mb-0\" style=\"font-size: .85rem\"><strong title=\"Fecha de Publicaci\u00f3n\"><i class=\"fas fa-calendar-alt\"><\/i><\/strong> Publicado el mi\u00e9rcoles, 19 de diciembre de 2018<\/p><\/div><div class=\"col-auto mt-md-0 mt-2\"><a class=\"btn btn-primary btn-lg px-lg-4 d-none d-md-block\" href=\"https:\/\/comunidad.comprasdominicana.gob.do\/\/Public\/Tendering\/OpportunityDetail\/Index?noticeUID=DO1.NTC.516645\" target=\"_blank\" title=\"Detalles\"><i class=\"fas fa-link\"><\/i> DETALLES<\/a><a class=\"btn btn-primary btn-lg px-lg-4 d-block d-md-none\" href=\"https:\/\/comunidad.comprasdominicana.gob.do\/\/Public\/Tendering\/OpportunityDetail\/Index?noticeUID=DO1.NTC.516645\" target=\"_blank\" title=\"Detalles\"><i class=\"fas fa-2x fa-link\"><\/i><\/a><\/div><\/div><\/div><div class=\"jumbotron archivos\"><div class=\"row align-items-center\"><div class=\"col\"><h6><a class=\"text-dark\" href=\"https:\/\/comunidad.comprasdominicana.gob.do\/\/Public\/Tendering\/OpportunityDetail\/Index?noticeUID=DO1.NTC.510112\" title=\"Ver\" target=\"_blank\">INESPRE-UC-CD-2018-0004<\/a><\/h6><p class=\"mb-0 bold\">Contrataci\u00f3n de Servicio de Transporte de Empleados de la Instituci\u00f3n<\/p><p class=\"mb-0\" style=\"font-size: .85rem\"><strong title=\"Estado del Proceso\"><i class=\"fas fa-spinner\"><\/i><\/strong> Proceso adjudicado y celebrado<\/p><p class=\"mb-0\" style=\"font-size: .85rem\"><strong title=\"Fecha de Publicaci\u00f3n\"><i class=\"fas fa-calendar-alt\"><\/i><\/strong> Publicado el jueves, 6 de diciembre de 2018<\/p><\/div><div class=\"col-auto mt-md-0 mt-2\"><a class=\"btn btn-primary btn-lg px-lg-4 d-none d-md-block\" href=\"https:\/\/comunidad.comprasdominicana.gob.do\/\/Public\/Tendering\/OpportunityDetail\/Index?noticeUID=DO1.NTC.510112\" target=\"_blank\" title=\"Detalles\"><i class=\"fas fa-link\"><\/i> DETALLES<\/a><a class=\"btn btn-primary btn-lg px-lg-4 d-block d-md-none\" href=\"https:\/\/comunidad.comprasdominicana.gob.do\/\/Public\/Tendering\/OpportunityDetail\/Index?noticeUID=DO1.NTC.510112\" target=\"_blank\" title=\"Detalles\"><i class=\"fas fa-2x fa-link\"><\/i><\/a><\/div><\/div><\/div><\/div><\/div><\/div>\n        <div class=\"card\">\n            <div class=\"card-header parents\" id=\"heading_compras-por-debajo-del-umbral-69f73f7454400-2018-69f73f7454400-octubre-69f73f7454400\">\n                <p class=\"title text-blue mb-0\">\n                    <a class=\"btn-block hover text-left collapsed\" data-toggle=\"collapse\" data-target=\"#collap_compras-por-debajo-del-umbral-69f73f7454400-2018-69f73f7454400-octubre-69f73f7454400\" aria-expanded=\"false\" aria-controls=\"collap_compras-por-debajo-del-umbral-69f73f7454400-2018-69f73f7454400-octubre-69f73f7454400\">Octubre<\/a>\n                <\/p>\n            <\/div>\n            <div id=\"collap_compras-por-debajo-del-umbral-69f73f7454400-2018-69f73f7454400-octubre-69f73f7454400\" class=\"collapse\" aria-labelledby=\"heading_compras-por-debajo-del-umbral-69f73f7454400-2018-69f73f7454400-octubre-69f73f7454400\" data-parent=\"#collap_compras-por-debajo-del-umbral-69f73f7454400-2018-69f73f7454400\">\n                <div class=\"card-body\"><div class=\"jumbotron archivos\"><div class=\"row align-items-center\"><div class=\"col\"><h6><a class=\"text-dark\" href=\"https:\/\/comunidad.comprasdominicana.gob.do\/\/Public\/Tendering\/OpportunityDetail\/Index?noticeUID=DO1.NTC.483010\" title=\"Ver\" target=\"_blank\">INESPRE-UC-CD-2018-0003<\/a><\/h6><p class=\"mb-0 bold\">Reloj Biom\u00e9trico Control de Asistencia <\/p><p class=\"mb-0\" style=\"font-size: .85rem\"><strong title=\"Estado del Proceso\"><i class=\"fas fa-spinner\"><\/i><\/strong> Proceso adjudicado y celebrado<\/p><p class=\"mb-0\" style=\"font-size: .85rem\"><strong title=\"Fecha de Publicaci\u00f3n\"><i class=\"fas fa-calendar-alt\"><\/i><\/strong> Publicado el jueves, 11 de octubre de 2018<\/p><\/div><div class=\"col-auto mt-md-0 mt-2\"><a class=\"btn btn-primary btn-lg px-lg-4 d-none d-md-block\" href=\"https:\/\/comunidad.comprasdominicana.gob.do\/\/Public\/Tendering\/OpportunityDetail\/Index?noticeUID=DO1.NTC.483010\" target=\"_blank\" title=\"Detalles\"><i class=\"fas fa-link\"><\/i> DETALLES<\/a><a class=\"btn btn-primary btn-lg px-lg-4 d-block d-md-none\" href=\"https:\/\/comunidad.comprasdominicana.gob.do\/\/Public\/Tendering\/OpportunityDetail\/Index?noticeUID=DO1.NTC.483010\" target=\"_blank\" title=\"Detalles\"><i class=\"fas fa-2x fa-link\"><\/i><\/a><\/div><\/div><\/div><\/div><\/div><\/div>\n        <div class=\"card\">\n            <div class=\"card-header parents\" id=\"heading_compras-por-debajo-del-umbral-69f73f7454400-2018-69f73f7454400-septiembre-69f73f7454400\">\n                <p class=\"title text-blue mb-0\">\n                    <a class=\"btn-block hover text-left collapsed\" data-toggle=\"collapse\" data-target=\"#collap_compras-por-debajo-del-umbral-69f73f7454400-2018-69f73f7454400-septiembre-69f73f7454400\" aria-expanded=\"false\" aria-controls=\"collap_compras-por-debajo-del-umbral-69f73f7454400-2018-69f73f7454400-septiembre-69f73f7454400\">Septiembre<\/a>\n                <\/p>\n            <\/div>\n            <div id=\"collap_compras-por-debajo-del-umbral-69f73f7454400-2018-69f73f7454400-septiembre-69f73f7454400\" class=\"collapse\" aria-labelledby=\"heading_compras-por-debajo-del-umbral-69f73f7454400-2018-69f73f7454400-septiembre-69f73f7454400\" data-parent=\"#collap_compras-por-debajo-del-umbral-69f73f7454400-2018-69f73f7454400\">\n                <div class=\"card-body\"><div class=\"jumbotron archivos\"><div class=\"row align-items-center\"><div class=\"col\"><h6><a class=\"text-dark\" href=\"https:\/\/comunidad.comprasdominicana.gob.do\/\/Public\/Tendering\/OpportunityDetail\/Index?noticeUID=DO1.NTC.477037\" title=\"Ver\" target=\"_blank\">INESPRE-UC-CD-2018-0002<\/a><\/h6><p class=\"mb-0 bold\">M\u00e1quina Sumadora El\u00e9ctrica EL-1197 PIII<\/p><p class=\"mb-0\" style=\"font-size: .85rem\"><strong title=\"Estado del Proceso\"><i class=\"fas fa-spinner\"><\/i><\/strong> Proceso adjudicado y celebrado<\/p><p class=\"mb-0\" style=\"font-size: .85rem\"><strong title=\"Fecha de Publicaci\u00f3n\"><i class=\"fas fa-calendar-alt\"><\/i><\/strong> Publicado el jueves, 27 de septiembre de 2018<\/p><\/div><div class=\"col-auto mt-md-0 mt-2\"><a class=\"btn btn-primary btn-lg px-lg-4 d-none d-md-block\" href=\"https:\/\/comunidad.comprasdominicana.gob.do\/\/Public\/Tendering\/OpportunityDetail\/Index?noticeUID=DO1.NTC.477037\" target=\"_blank\" title=\"Detalles\"><i class=\"fas fa-link\"><\/i> DETALLES<\/a><a class=\"btn btn-primary btn-lg px-lg-4 d-block d-md-none\" href=\"https:\/\/comunidad.comprasdominicana.gob.do\/\/Public\/Tendering\/OpportunityDetail\/Index?noticeUID=DO1.NTC.477037\" target=\"_blank\" title=\"Detalles\"><i class=\"fas fa-2x fa-link\"><\/i><\/a><\/div><\/div><\/div><div class=\"jumbotron archivos\"><div class=\"row align-items-center\"><div class=\"col\"><h6><a class=\"text-dark\" href=\"https:\/\/comunidad.comprasdominicana.gob.do\/\/Public\/Tendering\/OpportunityDetail\/Index?noticeUID=DO1.NTC.476721\" title=\"Ver\" target=\"_blank\">INESPRE-UC-CD-2018-0001<\/a><\/h6><p class=\"mb-0 bold\">Banner tama\u00f1o 10 x 25 (Campa\u00f1a para crear conciencia sobre el c\u00e1ncer de mama)<\/p><p class=\"mb-0\" style=\"font-size: .85rem\"><strong title=\"Estado del Proceso\"><i class=\"fas fa-spinner\"><\/i><\/strong> Proceso adjudicado y celebrado<\/p><p class=\"mb-0\" style=\"font-size: .85rem\"><strong title=\"Fecha de Publicaci\u00f3n\"><i class=\"fas fa-calendar-alt\"><\/i><\/strong> Publicado el jueves, 27 de septiembre de 2018<\/p><\/div><div class=\"col-auto mt-md-0 mt-2\"><a class=\"btn btn-primary btn-lg px-lg-4 d-none d-md-block\" href=\"https:\/\/comunidad.comprasdominicana.gob.do\/\/Public\/Tendering\/OpportunityDetail\/Index?noticeUID=DO1.NTC.476721\" target=\"_blank\" title=\"Detalles\"><i class=\"fas fa-link\"><\/i> DETALLES<\/a><a class=\"btn btn-primary btn-lg px-lg-4 d-block d-md-none\" href=\"https:\/\/comunidad.comprasdominicana.gob.do\/\/Public\/Tendering\/OpportunityDetail\/Index?noticeUID=DO1.NTC.476721\" target=\"_blank\" title=\"Detalles\"><i class=\"fas fa-2x fa-link\"><\/i><\/a><\/div><\/div><\/div><\/div><\/div><\/div><\/div><\/div><\/div><\/div><\/div><\/div>\n        <div class=\"card\">\n            <div class=\"card-header parents\" id=\"heading_licitaci-n-p-blica-nacional-e-internacional-69f73f7454400\">\n                <p class=\"title text-blue mb-0\">\n                    <a class=\"btn-block hover text-left collapsed\" data-toggle=\"collapse\" data-target=\"#collap_licitaci-n-p-blica-nacional-e-internacional-69f73f7454400\" aria-expanded=\"false\" aria-controls=\"collap_licitaci-n-p-blica-nacional-e-internacional-69f73f7454400\">Licitaci\u00f3n P\u00fablica Nacional e Internacional<\/a>\n                <\/p>\n            <\/div>\n            <div id=\"collap_licitaci-n-p-blica-nacional-e-internacional-69f73f7454400\" class=\"collapse\" aria-labelledby=\"heading_licitaci-n-p-blica-nacional-e-internacional-69f73f7454400\" data-parent=\"#acc_69f73f7454400\">\n                <div class=\"card-body\">\n        <div class=\"card\">\n            <div class=\"card-header parents\" id=\"heading_licitaci-n-p-blica-nacional-e-internacional-69f73f7454400-2026-69f73f7454400\">\n                <p class=\"title text-blue mb-0\">\n                    <a class=\"btn-block hover text-left collapsed\" data-toggle=\"collapse\" data-target=\"#collap_licitaci-n-p-blica-nacional-e-internacional-69f73f7454400-2026-69f73f7454400\" aria-expanded=\"false\" aria-controls=\"collap_licitaci-n-p-blica-nacional-e-internacional-69f73f7454400-2026-69f73f7454400\">2026<\/a>\n                <\/p>\n            <\/div>\n            <div id=\"collap_licitaci-n-p-blica-nacional-e-internacional-69f73f7454400-2026-69f73f7454400\" class=\"collapse\" aria-labelledby=\"heading_licitaci-n-p-blica-nacional-e-internacional-69f73f7454400-2026-69f73f7454400\" data-parent=\"#collap_licitaci-n-p-blica-nacional-e-internacional-69f73f7454400\">\n                <div class=\"card-body\">\n        <div class=\"card\">\n            <div class=\"card-header parents\" id=\"heading_licitaci-n-p-blica-nacional-e-internacional-69f73f7454400-2026-69f73f7454400-marzo-69f73f7454400\">\n                <p class=\"title text-blue mb-0\">\n                    <a class=\"btn-block hover text-left collapsed\" data-toggle=\"collapse\" data-target=\"#collap_licitaci-n-p-blica-nacional-e-internacional-69f73f7454400-2026-69f73f7454400-marzo-69f73f7454400\" aria-expanded=\"false\" aria-controls=\"collap_licitaci-n-p-blica-nacional-e-internacional-69f73f7454400-2026-69f73f7454400-marzo-69f73f7454400\">Marzo<\/a>\n                <\/p>\n            <\/div>\n            <div id=\"collap_licitaci-n-p-blica-nacional-e-internacional-69f73f7454400-2026-69f73f7454400-marzo-69f73f7454400\" class=\"collapse\" aria-labelledby=\"heading_licitaci-n-p-blica-nacional-e-internacional-69f73f7454400-2026-69f73f7454400-marzo-69f73f7454400\" data-parent=\"#collap_licitaci-n-p-blica-nacional-e-internacional-69f73f7454400-2026-69f73f7454400\">\n                <div class=\"card-body\"><div class=\"jumbotron archivos\"><div class=\"row align-items-center\"><div class=\"col\"><h6><a class=\"text-dark\" href=\"https:\/\/comunidad.comprasdominicana.gob.do\/\/Public\/Tendering\/OpportunityDetail\/Index?noticeUID=DO1.NTC.1686002\" title=\"Ver\" target=\"_blank\">INESPRE-CCC-LPN-2026-0001<\/a><\/h6><p class=\"mb-0 bold\">Adquisici\u00f3n de combustible para uso del INESPRE.<\/p><p class=\"mb-0\" style=\"font-size: .85rem\"><strong title=\"Estado del Proceso\"><i class=\"fas fa-spinner\"><\/i><\/strong> Sobres estan abriendose<\/p><p class=\"mb-0\" style=\"font-size: .85rem\"><strong title=\"Fecha de Publicaci\u00f3n\"><i class=\"fas fa-calendar-alt\"><\/i><\/strong> Publicado el jueves, 12 de marzo de 2026<\/p><\/div><div class=\"col-auto mt-md-0 mt-2\"><a class=\"btn btn-primary btn-lg px-lg-4 d-none d-md-block\" href=\"https:\/\/comunidad.comprasdominicana.gob.do\/\/Public\/Tendering\/OpportunityDetail\/Index?noticeUID=DO1.NTC.1686002\" target=\"_blank\" title=\"Detalles\"><i class=\"fas fa-link\"><\/i> DETALLES<\/a><a class=\"btn btn-primary btn-lg px-lg-4 d-block d-md-none\" href=\"https:\/\/comunidad.comprasdominicana.gob.do\/\/Public\/Tendering\/OpportunityDetail\/Index?noticeUID=DO1.NTC.1686002\" target=\"_blank\" title=\"Detalles\"><i class=\"fas fa-2x fa-link\"><\/i><\/a><\/div><\/div><\/div><\/div><\/div><\/div><\/div><\/div><\/div>\n        <div class=\"card\">\n            <div class=\"card-header parents\" id=\"heading_licitaci-n-p-blica-nacional-e-internacional-69f73f7454400-2025-69f73f7454400\">\n                <p class=\"title text-blue mb-0\">\n                    <a class=\"btn-block hover text-left collapsed\" data-toggle=\"collapse\" data-target=\"#collap_licitaci-n-p-blica-nacional-e-internacional-69f73f7454400-2025-69f73f7454400\" aria-expanded=\"false\" aria-controls=\"collap_licitaci-n-p-blica-nacional-e-internacional-69f73f7454400-2025-69f73f7454400\">2025<\/a>\n                <\/p>\n            <\/div>\n            <div id=\"collap_licitaci-n-p-blica-nacional-e-internacional-69f73f7454400-2025-69f73f7454400\" class=\"collapse\" aria-labelledby=\"heading_licitaci-n-p-blica-nacional-e-internacional-69f73f7454400-2025-69f73f7454400\" data-parent=\"#collap_licitaci-n-p-blica-nacional-e-internacional-69f73f7454400\">\n                <div class=\"card-body\">\n        <div class=\"card\">\n            <div class=\"card-header parents\" id=\"heading_licitaci-n-p-blica-nacional-e-internacional-69f73f7454400-2025-69f73f7454400-diciembre-69f73f7454400\">\n                <p class=\"title text-blue mb-0\">\n                    <a class=\"btn-block hover text-left collapsed\" data-toggle=\"collapse\" data-target=\"#collap_licitaci-n-p-blica-nacional-e-internacional-69f73f7454400-2025-69f73f7454400-diciembre-69f73f7454400\" aria-expanded=\"false\" aria-controls=\"collap_licitaci-n-p-blica-nacional-e-internacional-69f73f7454400-2025-69f73f7454400-diciembre-69f73f7454400\">Diciembre<\/a>\n                <\/p>\n            <\/div>\n            <div id=\"collap_licitaci-n-p-blica-nacional-e-internacional-69f73f7454400-2025-69f73f7454400-diciembre-69f73f7454400\" class=\"collapse\" aria-labelledby=\"heading_licitaci-n-p-blica-nacional-e-internacional-69f73f7454400-2025-69f73f7454400-diciembre-69f73f7454400\" data-parent=\"#collap_licitaci-n-p-blica-nacional-e-internacional-69f73f7454400-2025-69f73f7454400\">\n                <div class=\"card-body\"><div class=\"jumbotron archivos\"><div class=\"row align-items-center\"><div class=\"col\"><h6><a class=\"text-dark\" href=\"https:\/\/comunidad.comprasdominicana.gob.do\/\/Public\/Tendering\/OpportunityDetail\/Index?noticeUID=DO1.NTC.1653120\" title=\"Ver\" target=\"_blank\">INESPRE-CCC-LPN-2025-0001<\/a><\/h6><p class=\"mb-0 bold\">ADQUISICI\u00d3N DE UNA (1) CAMIONETA PARA USO DE LA DIRECCION EJECUTIVA<\/p><p class=\"mb-0\" style=\"font-size: .85rem\"><strong title=\"Estado del Proceso\"><i class=\"fas fa-spinner\"><\/i><\/strong> Cancelado<\/p><p class=\"mb-0\" style=\"font-size: .85rem\"><strong title=\"Fecha de Publicaci\u00f3n\"><i class=\"fas fa-calendar-alt\"><\/i><\/strong> Publicado el martes, 23 de diciembre de 2025<\/p><\/div><div class=\"col-auto mt-md-0 mt-2\"><a class=\"btn btn-primary btn-lg px-lg-4 d-none d-md-block\" href=\"https:\/\/comunidad.comprasdominicana.gob.do\/\/Public\/Tendering\/OpportunityDetail\/Index?noticeUID=DO1.NTC.1653120\" target=\"_blank\" title=\"Detalles\"><i class=\"fas fa-link\"><\/i> DETALLES<\/a><a class=\"btn btn-primary btn-lg px-lg-4 d-block d-md-none\" href=\"https:\/\/comunidad.comprasdominicana.gob.do\/\/Public\/Tendering\/OpportunityDetail\/Index?noticeUID=DO1.NTC.1653120\" target=\"_blank\" title=\"Detalles\"><i class=\"fas fa-2x fa-link\"><\/i><\/a><\/div><\/div><\/div><\/div><\/div><\/div><\/div><\/div><\/div>\n        <div class=\"card\">\n            <div class=\"card-header parents\" id=\"heading_licitaci-n-p-blica-nacional-e-internacional-69f73f7454400-2024-69f73f7454400\">\n                <p class=\"title text-blue mb-0\">\n                    <a class=\"btn-block hover text-left collapsed\" data-toggle=\"collapse\" data-target=\"#collap_licitaci-n-p-blica-nacional-e-internacional-69f73f7454400-2024-69f73f7454400\" aria-expanded=\"false\" aria-controls=\"collap_licitaci-n-p-blica-nacional-e-internacional-69f73f7454400-2024-69f73f7454400\">2024<\/a>\n                <\/p>\n            <\/div>\n            <div id=\"collap_licitaci-n-p-blica-nacional-e-internacional-69f73f7454400-2024-69f73f7454400\" class=\"collapse\" aria-labelledby=\"heading_licitaci-n-p-blica-nacional-e-internacional-69f73f7454400-2024-69f73f7454400\" data-parent=\"#collap_licitaci-n-p-blica-nacional-e-internacional-69f73f7454400\">\n                <div class=\"card-body\">\n        <div class=\"card\">\n            <div class=\"card-header parents\" id=\"heading_licitaci-n-p-blica-nacional-e-internacional-69f73f7454400-2024-69f73f7454400-febrero-69f73f7454400\">\n                <p class=\"title text-blue mb-0\">\n                    <a class=\"btn-block hover text-left collapsed\" data-toggle=\"collapse\" data-target=\"#collap_licitaci-n-p-blica-nacional-e-internacional-69f73f7454400-2024-69f73f7454400-febrero-69f73f7454400\" aria-expanded=\"false\" aria-controls=\"collap_licitaci-n-p-blica-nacional-e-internacional-69f73f7454400-2024-69f73f7454400-febrero-69f73f7454400\">Febrero<\/a>\n                <\/p>\n            <\/div>\n            <div id=\"collap_licitaci-n-p-blica-nacional-e-internacional-69f73f7454400-2024-69f73f7454400-febrero-69f73f7454400\" class=\"collapse\" aria-labelledby=\"heading_licitaci-n-p-blica-nacional-e-internacional-69f73f7454400-2024-69f73f7454400-febrero-69f73f7454400\" data-parent=\"#collap_licitaci-n-p-blica-nacional-e-internacional-69f73f7454400-2024-69f73f7454400\">\n                <div class=\"card-body\"><div class=\"jumbotron archivos\"><div class=\"row align-items-center\"><div class=\"col\"><h6><a class=\"text-dark\" href=\"https:\/\/comunidad.comprasdominicana.gob.do\/\/Public\/Tendering\/OpportunityDetail\/Index?noticeUID=DO1.NTC.1356705\" title=\"Ver\" target=\"_blank\">INESPRE-CCC-LPN-2024-0001<\/a><\/h6><p class=\"mb-0 bold\">Adquisici\u00f3n de Combustibles (Gasoil Regular) para uso del Instituto de Estabilizaci\u00f3n de Precios a Nivel Nacional.<\/p><p class=\"mb-0\" style=\"font-size: .85rem\"><strong title=\"Estado del Proceso\"><i class=\"fas fa-spinner\"><\/i><\/strong> Proceso adjudicado y celebrado<\/p><p class=\"mb-0\" style=\"font-size: .85rem\"><strong title=\"Fecha de Publicaci\u00f3n\"><i class=\"fas fa-calendar-alt\"><\/i><\/strong> Publicado el jueves, 1 de febrero de 2024<\/p><\/div><div class=\"col-auto mt-md-0 mt-2\"><a class=\"btn btn-primary btn-lg px-lg-4 d-none d-md-block\" href=\"https:\/\/comunidad.comprasdominicana.gob.do\/\/Public\/Tendering\/OpportunityDetail\/Index?noticeUID=DO1.NTC.1356705\" target=\"_blank\" title=\"Detalles\"><i class=\"fas fa-link\"><\/i> DETALLES<\/a><a class=\"btn btn-primary btn-lg px-lg-4 d-block d-md-none\" href=\"https:\/\/comunidad.comprasdominicana.gob.do\/\/Public\/Tendering\/OpportunityDetail\/Index?noticeUID=DO1.NTC.1356705\" target=\"_blank\" title=\"Detalles\"><i class=\"fas fa-2x fa-link\"><\/i><\/a><\/div><\/div><\/div><\/div><\/div><\/div><\/div><\/div><\/div>\n        <div class=\"card\">\n            <div class=\"card-header parents\" id=\"heading_licitaci-n-p-blica-nacional-e-internacional-69f73f7454400-2023-69f73f7454400\">\n                <p class=\"title text-blue mb-0\">\n                    <a class=\"btn-block hover text-left collapsed\" data-toggle=\"collapse\" data-target=\"#collap_licitaci-n-p-blica-nacional-e-internacional-69f73f7454400-2023-69f73f7454400\" aria-expanded=\"false\" aria-controls=\"collap_licitaci-n-p-blica-nacional-e-internacional-69f73f7454400-2023-69f73f7454400\">2023<\/a>\n                <\/p>\n            <\/div>\n            <div id=\"collap_licitaci-n-p-blica-nacional-e-internacional-69f73f7454400-2023-69f73f7454400\" class=\"collapse\" aria-labelledby=\"heading_licitaci-n-p-blica-nacional-e-internacional-69f73f7454400-2023-69f73f7454400\" data-parent=\"#collap_licitaci-n-p-blica-nacional-e-internacional-69f73f7454400\">\n                <div class=\"card-body\">\n        <div class=\"card\">\n            <div class=\"card-header parents\" id=\"heading_licitaci-n-p-blica-nacional-e-internacional-69f73f7454400-2023-69f73f7454400-agosto-69f73f7454400\">\n                <p class=\"title text-blue mb-0\">\n                    <a class=\"btn-block hover text-left collapsed\" data-toggle=\"collapse\" data-target=\"#collap_licitaci-n-p-blica-nacional-e-internacional-69f73f7454400-2023-69f73f7454400-agosto-69f73f7454400\" aria-expanded=\"false\" aria-controls=\"collap_licitaci-n-p-blica-nacional-e-internacional-69f73f7454400-2023-69f73f7454400-agosto-69f73f7454400\">Agosto<\/a>\n                <\/p>\n            <\/div>\n            <div id=\"collap_licitaci-n-p-blica-nacional-e-internacional-69f73f7454400-2023-69f73f7454400-agosto-69f73f7454400\" class=\"collapse\" aria-labelledby=\"heading_licitaci-n-p-blica-nacional-e-internacional-69f73f7454400-2023-69f73f7454400-agosto-69f73f7454400\" data-parent=\"#collap_licitaci-n-p-blica-nacional-e-internacional-69f73f7454400-2023-69f73f7454400\">\n                <div class=\"card-body\"><div class=\"jumbotron archivos\"><div class=\"row align-items-center\"><div class=\"col\"><h6><a class=\"text-dark\" href=\"https:\/\/comunidad.comprasdominicana.gob.do\/\/Public\/Tendering\/OpportunityDetail\/Index?noticeUID=DO1.NTC.1281306\" title=\"Ver\" target=\"_blank\">INESPRE-CCC-LPN-2023-0003<\/a><\/h6><p class=\"mb-0 bold\">Adquisici\u00f3n de Aceites Comestibles para Abastecer los Programas de Comercializaci\u00f3n a Nivel Nacional<\/p><p class=\"mb-0\" style=\"font-size: .85rem\"><strong title=\"Estado del Proceso\"><i class=\"fas fa-spinner\"><\/i><\/strong> Proceso adjudicado y celebrado<\/p><p class=\"mb-0\" style=\"font-size: .85rem\"><strong title=\"Fecha de Publicaci\u00f3n\"><i class=\"fas fa-calendar-alt\"><\/i><\/strong> Publicado el lunes, 14 de agosto de 2023<\/p><\/div><div class=\"col-auto mt-md-0 mt-2\"><a class=\"btn btn-primary btn-lg px-lg-4 d-none d-md-block\" href=\"https:\/\/comunidad.comprasdominicana.gob.do\/\/Public\/Tendering\/OpportunityDetail\/Index?noticeUID=DO1.NTC.1281306\" target=\"_blank\" title=\"Detalles\"><i class=\"fas fa-link\"><\/i> DETALLES<\/a><a class=\"btn btn-primary btn-lg px-lg-4 d-block d-md-none\" href=\"https:\/\/comunidad.comprasdominicana.gob.do\/\/Public\/Tendering\/OpportunityDetail\/Index?noticeUID=DO1.NTC.1281306\" target=\"_blank\" title=\"Detalles\"><i class=\"fas fa-2x fa-link\"><\/i><\/a><\/div><\/div><\/div><\/div><\/div><\/div>\n        <div class=\"card\">\n            <div class=\"card-header parents\" id=\"heading_licitaci-n-p-blica-nacional-e-internacional-69f73f7454400-2023-69f73f7454400-julio-69f73f7454400\">\n                <p class=\"title text-blue mb-0\">\n                    <a class=\"btn-block hover text-left collapsed\" data-toggle=\"collapse\" data-target=\"#collap_licitaci-n-p-blica-nacional-e-internacional-69f73f7454400-2023-69f73f7454400-julio-69f73f7454400\" aria-expanded=\"false\" aria-controls=\"collap_licitaci-n-p-blica-nacional-e-internacional-69f73f7454400-2023-69f73f7454400-julio-69f73f7454400\">Julio<\/a>\n                <\/p>\n            <\/div>\n            <div id=\"collap_licitaci-n-p-blica-nacional-e-internacional-69f73f7454400-2023-69f73f7454400-julio-69f73f7454400\" class=\"collapse\" aria-labelledby=\"heading_licitaci-n-p-blica-nacional-e-internacional-69f73f7454400-2023-69f73f7454400-julio-69f73f7454400\" data-parent=\"#collap_licitaci-n-p-blica-nacional-e-internacional-69f73f7454400-2023-69f73f7454400\">\n                <div class=\"card-body\"><div class=\"jumbotron archivos\"><div class=\"row align-items-center\"><div class=\"col\"><h6><a class=\"text-dark\" href=\"https:\/\/comunidad.comprasdominicana.gob.do\/\/Public\/Tendering\/OpportunityDetail\/Index?noticeUID=DO1.NTC.1262104\" title=\"Ver\" target=\"_blank\">INESPRE-CCC-LPN-2023-0002<\/a><\/h6><p class=\"mb-0 bold\">Adquisici\u00f3n de Alimenticios para Abastecer los Programas que desarrolla la Instituci\u00f3n a Nivel Nacional<\/p><p class=\"mb-0\" style=\"font-size: .85rem\"><strong title=\"Estado del Proceso\"><i class=\"fas fa-spinner\"><\/i><\/strong> Proceso adjudicado y celebrado<\/p><p class=\"mb-0\" style=\"font-size: .85rem\"><strong title=\"Fecha de Publicaci\u00f3n\"><i class=\"fas fa-calendar-alt\"><\/i><\/strong> Publicado el lunes, 3 de julio de 2023<\/p><\/div><div class=\"col-auto mt-md-0 mt-2\"><a class=\"btn btn-primary btn-lg px-lg-4 d-none d-md-block\" href=\"https:\/\/comunidad.comprasdominicana.gob.do\/\/Public\/Tendering\/OpportunityDetail\/Index?noticeUID=DO1.NTC.1262104\" target=\"_blank\" title=\"Detalles\"><i class=\"fas fa-link\"><\/i> DETALLES<\/a><a class=\"btn btn-primary btn-lg px-lg-4 d-block d-md-none\" href=\"https:\/\/comunidad.comprasdominicana.gob.do\/\/Public\/Tendering\/OpportunityDetail\/Index?noticeUID=DO1.NTC.1262104\" target=\"_blank\" title=\"Detalles\"><i class=\"fas fa-2x fa-link\"><\/i><\/a><\/div><\/div><\/div><\/div><\/div><\/div>\n        <div class=\"card\">\n            <div class=\"card-header parents\" id=\"heading_licitaci-n-p-blica-nacional-e-internacional-69f73f7454400-2023-69f73f7454400-mayo-69f73f7454400\">\n                <p class=\"title text-blue mb-0\">\n                    <a class=\"btn-block hover text-left collapsed\" data-toggle=\"collapse\" data-target=\"#collap_licitaci-n-p-blica-nacional-e-internacional-69f73f7454400-2023-69f73f7454400-mayo-69f73f7454400\" aria-expanded=\"false\" aria-controls=\"collap_licitaci-n-p-blica-nacional-e-internacional-69f73f7454400-2023-69f73f7454400-mayo-69f73f7454400\">Mayo<\/a>\n                <\/p>\n            <\/div>\n            <div id=\"collap_licitaci-n-p-blica-nacional-e-internacional-69f73f7454400-2023-69f73f7454400-mayo-69f73f7454400\" class=\"collapse\" aria-labelledby=\"heading_licitaci-n-p-blica-nacional-e-internacional-69f73f7454400-2023-69f73f7454400-mayo-69f73f7454400\" data-parent=\"#collap_licitaci-n-p-blica-nacional-e-internacional-69f73f7454400-2023-69f73f7454400\">\n                <div class=\"card-body\"><div class=\"jumbotron archivos\"><div class=\"row align-items-center\"><div class=\"col\"><h6><a class=\"text-dark\" href=\"https:\/\/comunidad.comprasdominicana.gob.do\/\/Public\/Tendering\/OpportunityDetail\/Index?noticeUID=DO1.NTC.1235512\" title=\"Ver\" target=\"_blank\">INESPRE-CCC-LPN-2023-0001<\/a><\/h6><p class=\"mb-0 bold\">Adquisici\u00f3n de Combustibles (Gasoil y Gasolina Regular) para uso del Instituto de Estabilizaci\u00f3n de Precios a Nivel Nacional<\/p><p class=\"mb-0\" style=\"font-size: .85rem\"><strong title=\"Estado del Proceso\"><i class=\"fas fa-spinner\"><\/i><\/strong> Proceso adjudicado y celebrado<\/p><p class=\"mb-0\" style=\"font-size: .85rem\"><strong title=\"Fecha de Publicaci\u00f3n\"><i class=\"fas fa-calendar-alt\"><\/i><\/strong> Publicado el jueves, 4 de mayo de 2023<\/p><\/div><div class=\"col-auto mt-md-0 mt-2\"><a class=\"btn btn-primary btn-lg px-lg-4 d-none d-md-block\" href=\"https:\/\/comunidad.comprasdominicana.gob.do\/\/Public\/Tendering\/OpportunityDetail\/Index?noticeUID=DO1.NTC.1235512\" target=\"_blank\" title=\"Detalles\"><i class=\"fas fa-link\"><\/i> DETALLES<\/a><a class=\"btn btn-primary btn-lg px-lg-4 d-block d-md-none\" href=\"https:\/\/comunidad.comprasdominicana.gob.do\/\/Public\/Tendering\/OpportunityDetail\/Index?noticeUID=DO1.NTC.1235512\" target=\"_blank\" title=\"Detalles\"><i class=\"fas fa-2x fa-link\"><\/i><\/a><\/div><\/div><\/div><\/div><\/div><\/div><\/div><\/div><\/div>\n        <div class=\"card\">\n            <div class=\"card-header parents\" id=\"heading_licitaci-n-p-blica-nacional-e-internacional-69f73f7454400-2022-69f73f7454400\">\n                <p class=\"title text-blue mb-0\">\n                    <a class=\"btn-block hover text-left collapsed\" data-toggle=\"collapse\" data-target=\"#collap_licitaci-n-p-blica-nacional-e-internacional-69f73f7454400-2022-69f73f7454400\" aria-expanded=\"false\" aria-controls=\"collap_licitaci-n-p-blica-nacional-e-internacional-69f73f7454400-2022-69f73f7454400\">2022<\/a>\n                <\/p>\n            <\/div>\n            <div id=\"collap_licitaci-n-p-blica-nacional-e-internacional-69f73f7454400-2022-69f73f7454400\" class=\"collapse\" aria-labelledby=\"heading_licitaci-n-p-blica-nacional-e-internacional-69f73f7454400-2022-69f73f7454400\" data-parent=\"#collap_licitaci-n-p-blica-nacional-e-internacional-69f73f7454400\">\n                <div class=\"card-body\">\n        <div class=\"card\">\n            <div class=\"card-header parents\" id=\"heading_licitaci-n-p-blica-nacional-e-internacional-69f73f7454400-2022-69f73f7454400-agosto-69f73f7454400\">\n                <p class=\"title text-blue mb-0\">\n                    <a class=\"btn-block hover text-left collapsed\" data-toggle=\"collapse\" data-target=\"#collap_licitaci-n-p-blica-nacional-e-internacional-69f73f7454400-2022-69f73f7454400-agosto-69f73f7454400\" aria-expanded=\"false\" aria-controls=\"collap_licitaci-n-p-blica-nacional-e-internacional-69f73f7454400-2022-69f73f7454400-agosto-69f73f7454400\">Agosto<\/a>\n                <\/p>\n            <\/div>\n            <div id=\"collap_licitaci-n-p-blica-nacional-e-internacional-69f73f7454400-2022-69f73f7454400-agosto-69f73f7454400\" class=\"collapse\" aria-labelledby=\"heading_licitaci-n-p-blica-nacional-e-internacional-69f73f7454400-2022-69f73f7454400-agosto-69f73f7454400\" data-parent=\"#collap_licitaci-n-p-blica-nacional-e-internacional-69f73f7454400-2022-69f73f7454400\">\n                <div class=\"card-body\"><div class=\"jumbotron archivos\"><div class=\"row align-items-center\"><div class=\"col\"><h6><a class=\"text-dark\" href=\"https:\/\/comunidad.comprasdominicana.gob.do\/\/Public\/Tendering\/OpportunityDetail\/Index?noticeUID=DO1.NTC.1116533\" title=\"Ver\" target=\"_blank\">INESPRE-CCC-LPN-2022-0003<\/a><\/h6><p class=\"mb-0 bold\">Adquisici\u00f3n de Aceites Comestibles<\/p><p class=\"mb-0\" style=\"font-size: .85rem\"><strong title=\"Estado del Proceso\"><i class=\"fas fa-spinner\"><\/i><\/strong> Proceso adjudicado y celebrado<\/p><p class=\"mb-0\" style=\"font-size: .85rem\"><strong title=\"Fecha de Publicaci\u00f3n\"><i class=\"fas fa-calendar-alt\"><\/i><\/strong> Publicado el jueves, 11 de agosto de 2022<\/p><\/div><div class=\"col-auto mt-md-0 mt-2\"><a class=\"btn btn-primary btn-lg px-lg-4 d-none d-md-block\" href=\"https:\/\/comunidad.comprasdominicana.gob.do\/\/Public\/Tendering\/OpportunityDetail\/Index?noticeUID=DO1.NTC.1116533\" target=\"_blank\" title=\"Detalles\"><i class=\"fas fa-link\"><\/i> DETALLES<\/a><a class=\"btn btn-primary btn-lg px-lg-4 d-block d-md-none\" href=\"https:\/\/comunidad.comprasdominicana.gob.do\/\/Public\/Tendering\/OpportunityDetail\/Index?noticeUID=DO1.NTC.1116533\" target=\"_blank\" title=\"Detalles\"><i class=\"fas fa-2x fa-link\"><\/i><\/a><\/div><\/div><\/div><\/div><\/div><\/div>\n        <div class=\"card\">\n            <div class=\"card-header parents\" id=\"heading_licitaci-n-p-blica-nacional-e-internacional-69f73f7454400-2022-69f73f7454400-julio-69f73f7454400\">\n                <p class=\"title text-blue mb-0\">\n                    <a class=\"btn-block hover text-left collapsed\" data-toggle=\"collapse\" data-target=\"#collap_licitaci-n-p-blica-nacional-e-internacional-69f73f7454400-2022-69f73f7454400-julio-69f73f7454400\" aria-expanded=\"false\" aria-controls=\"collap_licitaci-n-p-blica-nacional-e-internacional-69f73f7454400-2022-69f73f7454400-julio-69f73f7454400\">Julio<\/a>\n                <\/p>\n            <\/div>\n            <div id=\"collap_licitaci-n-p-blica-nacional-e-internacional-69f73f7454400-2022-69f73f7454400-julio-69f73f7454400\" class=\"collapse\" aria-labelledby=\"heading_licitaci-n-p-blica-nacional-e-internacional-69f73f7454400-2022-69f73f7454400-julio-69f73f7454400\" data-parent=\"#collap_licitaci-n-p-blica-nacional-e-internacional-69f73f7454400-2022-69f73f7454400\">\n                <div class=\"card-body\"><div class=\"jumbotron archivos\"><div class=\"row align-items-center\"><div class=\"col\"><h6><a class=\"text-dark\" href=\"https:\/\/comunidad.comprasdominicana.gob.do\/\/Public\/Tendering\/OpportunityDetail\/Index?noticeUID=DO1.NTC.1101730\" title=\"Ver\" target=\"_blank\">INESPRE-CCC-LPN-2022-0002<\/a><\/h6><p class=\"mb-0 bold\">Rehabilitaci\u00f3n de C\u00e1mara Refrigerada baja temperatura #1. en la Direcci\u00f3n de Abastecimiento, Distribuci\u00f3n y Log\u00edstica (Almac\u00e9n #2 Herrera)<\/p><p class=\"mb-0\" style=\"font-size: .85rem\"><strong title=\"Estado del Proceso\"><i class=\"fas fa-spinner\"><\/i><\/strong> Cancelado<\/p><p class=\"mb-0\" style=\"font-size: .85rem\"><strong title=\"Fecha de Publicaci\u00f3n\"><i class=\"fas fa-calendar-alt\"><\/i><\/strong> Publicado el lunes, 11 de julio de 2022<\/p><\/div><div class=\"col-auto mt-md-0 mt-2\"><a class=\"btn btn-primary btn-lg px-lg-4 d-none d-md-block\" href=\"https:\/\/comunidad.comprasdominicana.gob.do\/\/Public\/Tendering\/OpportunityDetail\/Index?noticeUID=DO1.NTC.1101730\" target=\"_blank\" title=\"Detalles\"><i class=\"fas fa-link\"><\/i> DETALLES<\/a><a class=\"btn btn-primary btn-lg px-lg-4 d-block d-md-none\" href=\"https:\/\/comunidad.comprasdominicana.gob.do\/\/Public\/Tendering\/OpportunityDetail\/Index?noticeUID=DO1.NTC.1101730\" target=\"_blank\" title=\"Detalles\"><i class=\"fas fa-2x fa-link\"><\/i><\/a><\/div><\/div><\/div><div class=\"jumbotron archivos\"><div class=\"row align-items-center\"><div class=\"col\"><h6><a class=\"text-dark\" href=\"https:\/\/comunidad.comprasdominicana.gob.do\/\/Public\/Tendering\/OpportunityDetail\/Index?noticeUID=DO1.NTC.1100119\" title=\"Ver\" target=\"_blank\">INESPRE-CCC-LPN-2022-0001<\/a><\/h6><p class=\"mb-0 bold\">Adquisici\u00f3n de Combustibles (Gasoil regular y Gasolina Regular) para uso La Instituci\u00f3n a Nivel Nacional<\/p><p class=\"mb-0\" style=\"font-size: .85rem\"><strong title=\"Estado del Proceso\"><i class=\"fas fa-spinner\"><\/i><\/strong> Cancelado<\/p><p class=\"mb-0\" style=\"font-size: .85rem\"><strong title=\"Fecha de Publicaci\u00f3n\"><i class=\"fas fa-calendar-alt\"><\/i><\/strong> Publicado el jueves, 7 de julio de 2022<\/p><\/div><div class=\"col-auto mt-md-0 mt-2\"><a class=\"btn btn-primary btn-lg px-lg-4 d-none d-md-block\" href=\"https:\/\/comunidad.comprasdominicana.gob.do\/\/Public\/Tendering\/OpportunityDetail\/Index?noticeUID=DO1.NTC.1100119\" target=\"_blank\" title=\"Detalles\"><i class=\"fas fa-link\"><\/i> DETALLES<\/a><a class=\"btn btn-primary btn-lg px-lg-4 d-block d-md-none\" href=\"https:\/\/comunidad.comprasdominicana.gob.do\/\/Public\/Tendering\/OpportunityDetail\/Index?noticeUID=DO1.NTC.1100119\" target=\"_blank\" title=\"Detalles\"><i class=\"fas fa-2x fa-link\"><\/i><\/a><\/div><\/div><\/div><\/div><\/div><\/div><\/div><\/div><\/div>\n        <div class=\"card\">\n            <div class=\"card-header parents\" id=\"heading_licitaci-n-p-blica-nacional-e-internacional-69f73f7454400-2021-69f73f7454400\">\n                <p class=\"title text-blue mb-0\">\n                    <a class=\"btn-block hover text-left collapsed\" data-toggle=\"collapse\" data-target=\"#collap_licitaci-n-p-blica-nacional-e-internacional-69f73f7454400-2021-69f73f7454400\" aria-expanded=\"false\" aria-controls=\"collap_licitaci-n-p-blica-nacional-e-internacional-69f73f7454400-2021-69f73f7454400\">2021<\/a>\n                <\/p>\n            <\/div>\n            <div id=\"collap_licitaci-n-p-blica-nacional-e-internacional-69f73f7454400-2021-69f73f7454400\" class=\"collapse\" aria-labelledby=\"heading_licitaci-n-p-blica-nacional-e-internacional-69f73f7454400-2021-69f73f7454400\" data-parent=\"#collap_licitaci-n-p-blica-nacional-e-internacional-69f73f7454400\">\n                <div class=\"card-body\">\n        <div class=\"card\">\n            <div class=\"card-header parents\" id=\"heading_licitaci-n-p-blica-nacional-e-internacional-69f73f7454400-2021-69f73f7454400-noviembre-69f73f7454400\">\n                <p class=\"title text-blue mb-0\">\n                    <a class=\"btn-block hover text-left collapsed\" data-toggle=\"collapse\" data-target=\"#collap_licitaci-n-p-blica-nacional-e-internacional-69f73f7454400-2021-69f73f7454400-noviembre-69f73f7454400\" aria-expanded=\"false\" aria-controls=\"collap_licitaci-n-p-blica-nacional-e-internacional-69f73f7454400-2021-69f73f7454400-noviembre-69f73f7454400\">Noviembre<\/a>\n                <\/p>\n            <\/div>\n            <div id=\"collap_licitaci-n-p-blica-nacional-e-internacional-69f73f7454400-2021-69f73f7454400-noviembre-69f73f7454400\" class=\"collapse\" aria-labelledby=\"heading_licitaci-n-p-blica-nacional-e-internacional-69f73f7454400-2021-69f73f7454400-noviembre-69f73f7454400\" data-parent=\"#collap_licitaci-n-p-blica-nacional-e-internacional-69f73f7454400-2021-69f73f7454400\">\n                <div class=\"card-body\"><div class=\"jumbotron archivos\"><div class=\"row align-items-center\"><div class=\"col\"><h6><a class=\"text-dark\" href=\"https:\/\/comunidad.comprasdominicana.gob.do\/\/Public\/Tendering\/OpportunityDetail\/Index?noticeUID=DO1.NTC.1003112\" title=\"Ver\" target=\"_blank\">INESPRE-CCC-LPN-2021-0004<\/a><\/h6><p class=\"mb-0 bold\">Contrataci\u00f3n de Servicio de Transporte por 06 meses<\/p><p class=\"mb-0\" style=\"font-size: .85rem\"><strong title=\"Estado del Proceso\"><i class=\"fas fa-spinner\"><\/i><\/strong> Proceso adjudicado y celebrado<\/p><p class=\"mb-0\" style=\"font-size: .85rem\"><strong title=\"Fecha de Publicaci\u00f3n\"><i class=\"fas fa-calendar-alt\"><\/i><\/strong> Publicado el lunes, 22 de noviembre de 2021<\/p><\/div><div class=\"col-auto mt-md-0 mt-2\"><a class=\"btn btn-primary btn-lg px-lg-4 d-none d-md-block\" href=\"https:\/\/comunidad.comprasdominicana.gob.do\/\/Public\/Tendering\/OpportunityDetail\/Index?noticeUID=DO1.NTC.1003112\" target=\"_blank\" title=\"Detalles\"><i class=\"fas fa-link\"><\/i> DETALLES<\/a><a class=\"btn btn-primary btn-lg px-lg-4 d-block d-md-none\" href=\"https:\/\/comunidad.comprasdominicana.gob.do\/\/Public\/Tendering\/OpportunityDetail\/Index?noticeUID=DO1.NTC.1003112\" target=\"_blank\" title=\"Detalles\"><i class=\"fas fa-2x fa-link\"><\/i><\/a><\/div><\/div><\/div><\/div><\/div><\/div>\n        <div class=\"card\">\n            <div class=\"card-header parents\" id=\"heading_licitaci-n-p-blica-nacional-e-internacional-69f73f7454400-2021-69f73f7454400-septiembre-69f73f7454400\">\n                <p class=\"title text-blue mb-0\">\n                    <a class=\"btn-block hover text-left collapsed\" data-toggle=\"collapse\" data-target=\"#collap_licitaci-n-p-blica-nacional-e-internacional-69f73f7454400-2021-69f73f7454400-septiembre-69f73f7454400\" aria-expanded=\"false\" aria-controls=\"collap_licitaci-n-p-blica-nacional-e-internacional-69f73f7454400-2021-69f73f7454400-septiembre-69f73f7454400\">Septiembre<\/a>\n                <\/p>\n            <\/div>\n            <div id=\"collap_licitaci-n-p-blica-nacional-e-internacional-69f73f7454400-2021-69f73f7454400-septiembre-69f73f7454400\" class=\"collapse\" aria-labelledby=\"heading_licitaci-n-p-blica-nacional-e-internacional-69f73f7454400-2021-69f73f7454400-septiembre-69f73f7454400\" data-parent=\"#collap_licitaci-n-p-blica-nacional-e-internacional-69f73f7454400-2021-69f73f7454400\">\n                <div class=\"card-body\"><div class=\"jumbotron archivos\"><div class=\"row align-items-center\"><div class=\"col\"><h6><a class=\"text-dark\" href=\"https:\/\/comunidad.comprasdominicana.gob.do\/\/Public\/Tendering\/OpportunityDetail\/Index?noticeUID=DO1.NTC.976118\" title=\"Ver\" target=\"_blank\">INESPRE-CCC-LPN-2021-0003<\/a><\/h6><p class=\"mb-0 bold\">Adquisici\u00f3n de Combustibles para uso del Instituto de Estabilizaci\u00f3n de Precios a Nivel Nacional<\/p><p class=\"mb-0\" style=\"font-size: .85rem\"><strong title=\"Estado del Proceso\"><i class=\"fas fa-spinner\"><\/i><\/strong> Proceso adjudicado y celebrado<\/p><p class=\"mb-0\" style=\"font-size: .85rem\"><strong title=\"Fecha de Publicaci\u00f3n\"><i class=\"fas fa-calendar-alt\"><\/i><\/strong> Publicado el lunes, 27 de septiembre de 2021<\/p><\/div><div class=\"col-auto mt-md-0 mt-2\"><a class=\"btn btn-primary btn-lg px-lg-4 d-none d-md-block\" href=\"https:\/\/comunidad.comprasdominicana.gob.do\/\/Public\/Tendering\/OpportunityDetail\/Index?noticeUID=DO1.NTC.976118\" target=\"_blank\" title=\"Detalles\"><i class=\"fas fa-link\"><\/i> DETALLES<\/a><a class=\"btn btn-primary btn-lg px-lg-4 d-block d-md-none\" href=\"https:\/\/comunidad.comprasdominicana.gob.do\/\/Public\/Tendering\/OpportunityDetail\/Index?noticeUID=DO1.NTC.976118\" target=\"_blank\" title=\"Detalles\"><i class=\"fas fa-2x fa-link\"><\/i><\/a><\/div><\/div><\/div><div class=\"jumbotron archivos\"><div class=\"row align-items-center\"><div class=\"col\"><h6><a class=\"text-dark\" href=\"https:\/\/comunidad.comprasdominicana.gob.do\/\/Public\/Tendering\/OpportunityDetail\/Index?noticeUID=DO1.NTC.970432\" title=\"Ver\" target=\"_blank\">INESPRE-CCC-LPN-2021-0002<\/a><\/h6><p class=\"mb-0 bold\">Adquisici\u00f3n de Pan para abastecer los programas desarrollados por la Instituci\u00f3n a Nivel Nacional<\/p><p class=\"mb-0\" style=\"font-size: .85rem\"><strong title=\"Estado del Proceso\"><i class=\"fas fa-spinner\"><\/i><\/strong> Proceso adjudicado y celebrado<\/p><p class=\"mb-0\" style=\"font-size: .85rem\"><strong title=\"Fecha de Publicaci\u00f3n\"><i class=\"fas fa-calendar-alt\"><\/i><\/strong> Publicado el martes, 14 de septiembre de 2021<\/p><\/div><div class=\"col-auto mt-md-0 mt-2\"><a class=\"btn btn-primary btn-lg px-lg-4 d-none d-md-block\" href=\"https:\/\/comunidad.comprasdominicana.gob.do\/\/Public\/Tendering\/OpportunityDetail\/Index?noticeUID=DO1.NTC.970432\" target=\"_blank\" title=\"Detalles\"><i class=\"fas fa-link\"><\/i> DETALLES<\/a><a class=\"btn btn-primary btn-lg px-lg-4 d-block d-md-none\" href=\"https:\/\/comunidad.comprasdominicana.gob.do\/\/Public\/Tendering\/OpportunityDetail\/Index?noticeUID=DO1.NTC.970432\" target=\"_blank\" title=\"Detalles\"><i class=\"fas fa-2x fa-link\"><\/i><\/a><\/div><\/div><\/div><\/div><\/div><\/div>\n        <div class=\"card\">\n            <div class=\"card-header parents\" id=\"heading_licitaci-n-p-blica-nacional-e-internacional-69f73f7454400-2021-69f73f7454400-julio-69f73f7454400\">\n                <p class=\"title text-blue mb-0\">\n                    <a class=\"btn-block hover text-left collapsed\" data-toggle=\"collapse\" data-target=\"#collap_licitaci-n-p-blica-nacional-e-internacional-69f73f7454400-2021-69f73f7454400-julio-69f73f7454400\" aria-expanded=\"false\" aria-controls=\"collap_licitaci-n-p-blica-nacional-e-internacional-69f73f7454400-2021-69f73f7454400-julio-69f73f7454400\">Julio<\/a>\n                <\/p>\n            <\/div>\n            <div id=\"collap_licitaci-n-p-blica-nacional-e-internacional-69f73f7454400-2021-69f73f7454400-julio-69f73f7454400\" class=\"collapse\" aria-labelledby=\"heading_licitaci-n-p-blica-nacional-e-internacional-69f73f7454400-2021-69f73f7454400-julio-69f73f7454400\" data-parent=\"#collap_licitaci-n-p-blica-nacional-e-internacional-69f73f7454400-2021-69f73f7454400\">\n                <div class=\"card-body\"><div class=\"jumbotron archivos\"><div class=\"row align-items-center\"><div class=\"col\"><h6><a class=\"text-dark\" href=\"https:\/\/comunidad.comprasdominicana.gob.do\/\/Public\/Tendering\/OpportunityDetail\/Index?noticeUID=DO1.NTC.947614\" title=\"Ver\" target=\"_blank\">INESPRE-CCC-LPN-2021-0001<\/a><\/h6><p class=\"mb-0 bold\">Adquisici\u00f3n de Productos Alimenticios para Abastecer los Programas que desarrolla la Instituci\u00f3n a Nivel Nacional<\/p><p class=\"mb-0\" style=\"font-size: .85rem\"><strong title=\"Estado del Proceso\"><i class=\"fas fa-spinner\"><\/i><\/strong> Proceso adjudicado y celebrado<\/p><p class=\"mb-0\" style=\"font-size: .85rem\"><strong title=\"Fecha de Publicaci\u00f3n\"><i class=\"fas fa-calendar-alt\"><\/i><\/strong> Publicado el mi\u00e9rcoles, 21 de julio de 2021<\/p><\/div><div class=\"col-auto mt-md-0 mt-2\"><a class=\"btn btn-primary btn-lg px-lg-4 d-none d-md-block\" href=\"https:\/\/comunidad.comprasdominicana.gob.do\/\/Public\/Tendering\/OpportunityDetail\/Index?noticeUID=DO1.NTC.947614\" target=\"_blank\" title=\"Detalles\"><i class=\"fas fa-link\"><\/i> DETALLES<\/a><a class=\"btn btn-primary btn-lg px-lg-4 d-block d-md-none\" href=\"https:\/\/comunidad.comprasdominicana.gob.do\/\/Public\/Tendering\/OpportunityDetail\/Index?noticeUID=DO1.NTC.947614\" target=\"_blank\" title=\"Detalles\"><i class=\"fas fa-2x fa-link\"><\/i><\/a><\/div><\/div><\/div><\/div><\/div><\/div><\/div><\/div><\/div>\n        <div class=\"card\">\n            <div class=\"card-header parents\" id=\"heading_licitaci-n-p-blica-nacional-e-internacional-69f73f7454400-2019-69f73f7454400\">\n                <p class=\"title text-blue mb-0\">\n                    <a class=\"btn-block hover text-left collapsed\" data-toggle=\"collapse\" data-target=\"#collap_licitaci-n-p-blica-nacional-e-internacional-69f73f7454400-2019-69f73f7454400\" aria-expanded=\"false\" aria-controls=\"collap_licitaci-n-p-blica-nacional-e-internacional-69f73f7454400-2019-69f73f7454400\">2019<\/a>\n                <\/p>\n            <\/div>\n            <div id=\"collap_licitaci-n-p-blica-nacional-e-internacional-69f73f7454400-2019-69f73f7454400\" class=\"collapse\" aria-labelledby=\"heading_licitaci-n-p-blica-nacional-e-internacional-69f73f7454400-2019-69f73f7454400\" data-parent=\"#collap_licitaci-n-p-blica-nacional-e-internacional-69f73f7454400\">\n                <div class=\"card-body\">\n        <div class=\"card\">\n            <div class=\"card-header parents\" id=\"heading_licitaci-n-p-blica-nacional-e-internacional-69f73f7454400-2019-69f73f7454400-agosto-69f73f7454400\">\n                <p class=\"title text-blue mb-0\">\n                    <a class=\"btn-block hover text-left collapsed\" data-toggle=\"collapse\" data-target=\"#collap_licitaci-n-p-blica-nacional-e-internacional-69f73f7454400-2019-69f73f7454400-agosto-69f73f7454400\" aria-expanded=\"false\" aria-controls=\"collap_licitaci-n-p-blica-nacional-e-internacional-69f73f7454400-2019-69f73f7454400-agosto-69f73f7454400\">Agosto<\/a>\n                <\/p>\n            <\/div>\n            <div id=\"collap_licitaci-n-p-blica-nacional-e-internacional-69f73f7454400-2019-69f73f7454400-agosto-69f73f7454400\" class=\"collapse\" aria-labelledby=\"heading_licitaci-n-p-blica-nacional-e-internacional-69f73f7454400-2019-69f73f7454400-agosto-69f73f7454400\" data-parent=\"#collap_licitaci-n-p-blica-nacional-e-internacional-69f73f7454400-2019-69f73f7454400\">\n                <div class=\"card-body\"><div class=\"jumbotron archivos\"><div class=\"row align-items-center\"><div class=\"col\"><h6><a class=\"text-dark\" href=\"https:\/\/comunidad.comprasdominicana.gob.do\/\/Public\/Tendering\/OpportunityDetail\/Index?noticeUID=DO1.NTC.625330\" title=\"Ver\" target=\"_blank\">INESPRE-CCC-LPN-2019-0005<\/a><\/h6><p class=\"mb-0 bold\">Contrapartida Alimentaria para Abastecer los Programas a Nivel Nacional<\/p><p class=\"mb-0\" style=\"font-size: .85rem\"><strong title=\"Estado del Proceso\"><i class=\"fas fa-spinner\"><\/i><\/strong> Proceso adjudicado y celebrado<\/p><p class=\"mb-0\" style=\"font-size: .85rem\"><strong title=\"Fecha de Publicaci\u00f3n\"><i class=\"fas fa-calendar-alt\"><\/i><\/strong> Publicado el jueves, 8 de agosto de 2019<\/p><\/div><div class=\"col-auto mt-md-0 mt-2\"><a class=\"btn btn-primary btn-lg px-lg-4 d-none d-md-block\" href=\"https:\/\/comunidad.comprasdominicana.gob.do\/\/Public\/Tendering\/OpportunityDetail\/Index?noticeUID=DO1.NTC.625330\" target=\"_blank\" title=\"Detalles\"><i class=\"fas fa-link\"><\/i> DETALLES<\/a><a class=\"btn btn-primary btn-lg px-lg-4 d-block d-md-none\" href=\"https:\/\/comunidad.comprasdominicana.gob.do\/\/Public\/Tendering\/OpportunityDetail\/Index?noticeUID=DO1.NTC.625330\" target=\"_blank\" title=\"Detalles\"><i class=\"fas fa-2x fa-link\"><\/i><\/a><\/div><\/div><\/div><\/div><\/div><\/div>\n        <div class=\"card\">\n            <div class=\"card-header parents\" id=\"heading_licitaci-n-p-blica-nacional-e-internacional-69f73f7454400-2019-69f73f7454400-julio-69f73f7454400\">\n                <p class=\"title text-blue mb-0\">\n                    <a class=\"btn-block hover text-left collapsed\" data-toggle=\"collapse\" data-target=\"#collap_licitaci-n-p-blica-nacional-e-internacional-69f73f7454400-2019-69f73f7454400-julio-69f73f7454400\" aria-expanded=\"false\" aria-controls=\"collap_licitaci-n-p-blica-nacional-e-internacional-69f73f7454400-2019-69f73f7454400-julio-69f73f7454400\">Julio<\/a>\n                <\/p>\n            <\/div>\n            <div id=\"collap_licitaci-n-p-blica-nacional-e-internacional-69f73f7454400-2019-69f73f7454400-julio-69f73f7454400\" class=\"collapse\" aria-labelledby=\"heading_licitaci-n-p-blica-nacional-e-internacional-69f73f7454400-2019-69f73f7454400-julio-69f73f7454400\" data-parent=\"#collap_licitaci-n-p-blica-nacional-e-internacional-69f73f7454400-2019-69f73f7454400\">\n                <div class=\"card-body\"><div class=\"jumbotron archivos\"><div class=\"row align-items-center\"><div class=\"col\"><h6><a class=\"text-dark\" href=\"https:\/\/comunidad.comprasdominicana.gob.do\/\/Public\/Tendering\/OpportunityDetail\/Index?noticeUID=DO1.NTC.620604\" title=\"Ver\" target=\"_blank\">INESPRE-CCC-LPN-2019-0004<\/a><\/h6><p class=\"mb-0 bold\">Adquisici\u00f3n de Gasoil y Gasolina <\/p><p class=\"mb-0\" style=\"font-size: .85rem\"><strong title=\"Estado del Proceso\"><i class=\"fas fa-spinner\"><\/i><\/strong> Proceso adjudicado y celebrado<\/p><p class=\"mb-0\" style=\"font-size: .85rem\"><strong title=\"Fecha de Publicaci\u00f3n\"><i class=\"fas fa-calendar-alt\"><\/i><\/strong> Publicado el martes, 30 de julio de 2019<\/p><\/div><div class=\"col-auto mt-md-0 mt-2\"><a class=\"btn btn-primary btn-lg px-lg-4 d-none d-md-block\" href=\"https:\/\/comunidad.comprasdominicana.gob.do\/\/Public\/Tendering\/OpportunityDetail\/Index?noticeUID=DO1.NTC.620604\" target=\"_blank\" title=\"Detalles\"><i class=\"fas fa-link\"><\/i> DETALLES<\/a><a class=\"btn btn-primary btn-lg px-lg-4 d-block d-md-none\" href=\"https:\/\/comunidad.comprasdominicana.gob.do\/\/Public\/Tendering\/OpportunityDetail\/Index?noticeUID=DO1.NTC.620604\" target=\"_blank\" title=\"Detalles\"><i class=\"fas fa-2x fa-link\"><\/i><\/a><\/div><\/div><\/div><\/div><\/div><\/div>\n        <div class=\"card\">\n            <div class=\"card-header parents\" id=\"heading_licitaci-n-p-blica-nacional-e-internacional-69f73f7454400-2019-69f73f7454400-junio-69f73f7454400\">\n                <p class=\"title text-blue mb-0\">\n                    <a class=\"btn-block hover text-left collapsed\" data-toggle=\"collapse\" data-target=\"#collap_licitaci-n-p-blica-nacional-e-internacional-69f73f7454400-2019-69f73f7454400-junio-69f73f7454400\" aria-expanded=\"false\" aria-controls=\"collap_licitaci-n-p-blica-nacional-e-internacional-69f73f7454400-2019-69f73f7454400-junio-69f73f7454400\">Junio<\/a>\n                <\/p>\n            <\/div>\n            <div id=\"collap_licitaci-n-p-blica-nacional-e-internacional-69f73f7454400-2019-69f73f7454400-junio-69f73f7454400\" class=\"collapse\" aria-labelledby=\"heading_licitaci-n-p-blica-nacional-e-internacional-69f73f7454400-2019-69f73f7454400-junio-69f73f7454400\" data-parent=\"#collap_licitaci-n-p-blica-nacional-e-internacional-69f73f7454400-2019-69f73f7454400\">\n                <div class=\"card-body\"><div class=\"jumbotron archivos\"><div class=\"row align-items-center\"><div class=\"col\"><h6><a class=\"text-dark\" href=\"https:\/\/comunidad.comprasdominicana.gob.do\/\/Public\/Tendering\/OpportunityDetail\/Index?noticeUID=DO1.NTC.597202\" title=\"Ver\" target=\"_blank\">INESPRE-CCC-LPN-2019-0003<\/a><\/h6><p class=\"mb-0 bold\">Servicio de Transporte de Carga para la Transportaci\u00f3n de Productos Comercializados a Nivel Nacional<\/p><p class=\"mb-0\" style=\"font-size: .85rem\"><strong title=\"Estado del Proceso\"><i class=\"fas fa-spinner\"><\/i><\/strong> Proceso adjudicado y celebrado<\/p><p class=\"mb-0\" style=\"font-size: .85rem\"><strong title=\"Fecha de Publicaci\u00f3n\"><i class=\"fas fa-calendar-alt\"><\/i><\/strong> Publicado el jueves, 6 de junio de 2019<\/p><\/div><div class=\"col-auto mt-md-0 mt-2\"><a class=\"btn btn-primary btn-lg px-lg-4 d-none d-md-block\" href=\"https:\/\/comunidad.comprasdominicana.gob.do\/\/Public\/Tendering\/OpportunityDetail\/Index?noticeUID=DO1.NTC.597202\" target=\"_blank\" title=\"Detalles\"><i class=\"fas fa-link\"><\/i> DETALLES<\/a><a class=\"btn btn-primary btn-lg px-lg-4 d-block d-md-none\" href=\"https:\/\/comunidad.comprasdominicana.gob.do\/\/Public\/Tendering\/OpportunityDetail\/Index?noticeUID=DO1.NTC.597202\" target=\"_blank\" title=\"Detalles\"><i class=\"fas fa-2x fa-link\"><\/i><\/a><\/div><\/div><\/div><\/div><\/div><\/div>\n        <div class=\"card\">\n            <div class=\"card-header parents\" id=\"heading_licitaci-n-p-blica-nacional-e-internacional-69f73f7454400-2019-69f73f7454400-mayo-69f73f7454400\">\n                <p class=\"title text-blue mb-0\">\n                    <a class=\"btn-block hover text-left collapsed\" data-toggle=\"collapse\" data-target=\"#collap_licitaci-n-p-blica-nacional-e-internacional-69f73f7454400-2019-69f73f7454400-mayo-69f73f7454400\" aria-expanded=\"false\" aria-controls=\"collap_licitaci-n-p-blica-nacional-e-internacional-69f73f7454400-2019-69f73f7454400-mayo-69f73f7454400\">Mayo<\/a>\n                <\/p>\n            <\/div>\n            <div id=\"collap_licitaci-n-p-blica-nacional-e-internacional-69f73f7454400-2019-69f73f7454400-mayo-69f73f7454400\" class=\"collapse\" aria-labelledby=\"heading_licitaci-n-p-blica-nacional-e-internacional-69f73f7454400-2019-69f73f7454400-mayo-69f73f7454400\" data-parent=\"#collap_licitaci-n-p-blica-nacional-e-internacional-69f73f7454400-2019-69f73f7454400\">\n                <div class=\"card-body\"><div class=\"jumbotron archivos\"><div class=\"row align-items-center\"><div class=\"col\"><h6><a class=\"text-dark\" href=\"https:\/\/comunidad.comprasdominicana.gob.do\/\/Public\/Tendering\/OpportunityDetail\/Index?noticeUID=DO1.NTC.594403\" title=\"Ver\" target=\"_blank\">INESPRE-CCC-LPN-2019-0002<\/a><\/h6><p class=\"mb-0 bold\">Adquisici\u00f3n de Materiales Envasado para los Productos Comercializados en los Programas Agropecuarios a Nivel Nacional.<\/p><p class=\"mb-0\" style=\"font-size: .85rem\"><strong title=\"Estado del Proceso\"><i class=\"fas fa-spinner\"><\/i><\/strong> Proceso adjudicado y celebrado<\/p><p class=\"mb-0\" style=\"font-size: .85rem\"><strong title=\"Fecha de Publicaci\u00f3n\"><i class=\"fas fa-calendar-alt\"><\/i><\/strong> Publicado el jueves, 30 de mayo de 2019<\/p><\/div><div class=\"col-auto mt-md-0 mt-2\"><a class=\"btn btn-primary btn-lg px-lg-4 d-none d-md-block\" href=\"https:\/\/comunidad.comprasdominicana.gob.do\/\/Public\/Tendering\/OpportunityDetail\/Index?noticeUID=DO1.NTC.594403\" target=\"_blank\" title=\"Detalles\"><i class=\"fas fa-link\"><\/i> DETALLES<\/a><a class=\"btn btn-primary btn-lg px-lg-4 d-block d-md-none\" href=\"https:\/\/comunidad.comprasdominicana.gob.do\/\/Public\/Tendering\/OpportunityDetail\/Index?noticeUID=DO1.NTC.594403\" target=\"_blank\" title=\"Detalles\"><i class=\"fas fa-2x fa-link\"><\/i><\/a><\/div><\/div><\/div><\/div><\/div><\/div>\n        <div class=\"card\">\n            <div class=\"card-header parents\" id=\"heading_licitaci-n-p-blica-nacional-e-internacional-69f73f7454400-2019-69f73f7454400-abril-69f73f7454400\">\n                <p class=\"title text-blue mb-0\">\n                    <a class=\"btn-block hover text-left collapsed\" data-toggle=\"collapse\" data-target=\"#collap_licitaci-n-p-blica-nacional-e-internacional-69f73f7454400-2019-69f73f7454400-abril-69f73f7454400\" aria-expanded=\"false\" aria-controls=\"collap_licitaci-n-p-blica-nacional-e-internacional-69f73f7454400-2019-69f73f7454400-abril-69f73f7454400\">Abril<\/a>\n                <\/p>\n            <\/div>\n            <div id=\"collap_licitaci-n-p-blica-nacional-e-internacional-69f73f7454400-2019-69f73f7454400-abril-69f73f7454400\" class=\"collapse\" aria-labelledby=\"heading_licitaci-n-p-blica-nacional-e-internacional-69f73f7454400-2019-69f73f7454400-abril-69f73f7454400\" data-parent=\"#collap_licitaci-n-p-blica-nacional-e-internacional-69f73f7454400-2019-69f73f7454400\">\n                <div class=\"card-body\"><div class=\"jumbotron archivos\"><div class=\"row align-items-center\"><div class=\"col\"><h6><a class=\"text-dark\" href=\"https:\/\/comunidad.comprasdominicana.gob.do\/\/Public\/Tendering\/OpportunityDetail\/Index?noticeUID=DO1.NTC.565801\" title=\"Ver\" target=\"_blank\">INESPRE-CCC-LPN-2019-0001<\/a><\/h6><p class=\"mb-0 bold\">Adquisici\u00f3n de Software Modular para un Sistema Integral de Gesti\u00f3n de Recursos<\/p><p class=\"mb-0\" style=\"font-size: .85rem\"><strong title=\"Estado del Proceso\"><i class=\"fas fa-spinner\"><\/i><\/strong> Proceso adjudicado y celebrado<\/p><p class=\"mb-0\" style=\"font-size: .85rem\"><strong title=\"Fecha de Publicaci\u00f3n\"><i class=\"fas fa-calendar-alt\"><\/i><\/strong> Publicado el mi\u00e9rcoles, 3 de abril de 2019<\/p><\/div><div class=\"col-auto mt-md-0 mt-2\"><a class=\"btn btn-primary btn-lg px-lg-4 d-none d-md-block\" href=\"https:\/\/comunidad.comprasdominicana.gob.do\/\/Public\/Tendering\/OpportunityDetail\/Index?noticeUID=DO1.NTC.565801\" target=\"_blank\" title=\"Detalles\"><i class=\"fas fa-link\"><\/i> DETALLES<\/a><a class=\"btn btn-primary btn-lg px-lg-4 d-block d-md-none\" href=\"https:\/\/comunidad.comprasdominicana.gob.do\/\/Public\/Tendering\/OpportunityDetail\/Index?noticeUID=DO1.NTC.565801\" target=\"_blank\" title=\"Detalles\"><i class=\"fas fa-2x fa-link\"><\/i><\/a><\/div><\/div><\/div><\/div><\/div><\/div><\/div><\/div><\/div><\/div><\/div><\/div>\n        <div class=\"card\">\n            <div class=\"card-header parents\" id=\"heading_procedimientos-de-contrataci-n-dirigidos-a-las-micro-peque-as-y-medianas-empresas-mipymes--69f73f7454400\">\n                <p class=\"title text-blue mb-0\">\n                    <a class=\"btn-block hover text-left collapsed\" data-toggle=\"collapse\" data-target=\"#collap_procedimientos-de-contrataci-n-dirigidos-a-las-micro-peque-as-y-medianas-empresas-mipymes--69f73f7454400\" aria-expanded=\"false\" aria-controls=\"collap_procedimientos-de-contrataci-n-dirigidos-a-las-micro-peque-as-y-medianas-empresas-mipymes--69f73f7454400\">Procedimientos de contrataci\u00f3n dirigidos a las Micro, Peque\u00f1as y Medianas empresas (Mipymes)<\/a>\n                <\/p>\n            <\/div>\n            <div id=\"collap_procedimientos-de-contrataci-n-dirigidos-a-las-micro-peque-as-y-medianas-empresas-mipymes--69f73f7454400\" class=\"collapse\" aria-labelledby=\"heading_procedimientos-de-contrataci-n-dirigidos-a-las-micro-peque-as-y-medianas-empresas-mipymes--69f73f7454400\" data-parent=\"#acc_69f73f7454400\">\n                <div class=\"card-body\">\n        <div class=\"card\">\n            <div class=\"card-header parents\" id=\"heading_procedimientos-de-contrataci-n-dirigidos-a-las-micro-peque-as-y-medianas-empresas-mipymes--69f73f7454400-2025-69f73f7454400\">\n                <p class=\"title text-blue mb-0\">\n                    <a class=\"btn-block hover text-left collapsed\" data-toggle=\"collapse\" data-target=\"#collap_procedimientos-de-contrataci-n-dirigidos-a-las-micro-peque-as-y-medianas-empresas-mipymes--69f73f7454400-2025-69f73f7454400\" aria-expanded=\"false\" aria-controls=\"collap_procedimientos-de-contrataci-n-dirigidos-a-las-micro-peque-as-y-medianas-empresas-mipymes--69f73f7454400-2025-69f73f7454400\">2025<\/a>\n                <\/p>\n            <\/div>\n            <div id=\"collap_procedimientos-de-contrataci-n-dirigidos-a-las-micro-peque-as-y-medianas-empresas-mipymes--69f73f7454400-2025-69f73f7454400\" class=\"collapse\" aria-labelledby=\"heading_procedimientos-de-contrataci-n-dirigidos-a-las-micro-peque-as-y-medianas-empresas-mipymes--69f73f7454400-2025-69f73f7454400\" data-parent=\"#collap_procedimientos-de-contrataci-n-dirigidos-a-las-micro-peque-as-y-medianas-empresas-mipymes--69f73f7454400\">\n                <div class=\"card-body\">\n        <div class=\"card\">\n            <div class=\"card-header parents\" id=\"heading_procedimientos-de-contrataci-n-dirigidos-a-las-micro-peque-as-y-medianas-empresas-mipymes--69f73f7454400-2025-69f73f7454400-noviembre-69f73f7454400\">\n                <p class=\"title text-blue mb-0\">\n                    <a class=\"btn-block hover text-left collapsed\" data-toggle=\"collapse\" data-target=\"#collap_procedimientos-de-contrataci-n-dirigidos-a-las-micro-peque-as-y-medianas-empresas-mipymes--69f73f7454400-2025-69f73f7454400-noviembre-69f73f7454400\" aria-expanded=\"false\" aria-controls=\"collap_procedimientos-de-contrataci-n-dirigidos-a-las-micro-peque-as-y-medianas-empresas-mipymes--69f73f7454400-2025-69f73f7454400-noviembre-69f73f7454400\">Noviembre<\/a>\n                <\/p>\n            <\/div>\n            <div id=\"collap_procedimientos-de-contrataci-n-dirigidos-a-las-micro-peque-as-y-medianas-empresas-mipymes--69f73f7454400-2025-69f73f7454400-noviembre-69f73f7454400\" class=\"collapse\" aria-labelledby=\"heading_procedimientos-de-contrataci-n-dirigidos-a-las-micro-peque-as-y-medianas-empresas-mipymes--69f73f7454400-2025-69f73f7454400-noviembre-69f73f7454400\" data-parent=\"#collap_procedimientos-de-contrataci-n-dirigidos-a-las-micro-peque-as-y-medianas-empresas-mipymes--69f73f7454400-2025-69f73f7454400\">\n                <div class=\"card-body\"><div class=\"jumbotron archivos\"><div class=\"row align-items-center\"><div class=\"col\"><h6><a class=\"text-dark\" href=\"https:\/\/comunidad.comprasdominicana.gob.do\/\/Public\/Tendering\/OpportunityDetail\/Index?noticeUID=DO1.NTC.1636958\" title=\"Ver\" target=\"_blank\">INESPRE-CCC-CP-2025-0009<\/a><\/h6><p class=\"mb-0 bold\">Contrataci\u00f3n de servicios de capacitaci\u00f3n administrativa para Team Building para los servidores del INESPRE.<\/p><p class=\"mb-0\" style=\"font-size: .85rem\"><strong title=\"Estado del Proceso\"><i class=\"fas fa-spinner\"><\/i><\/strong> Proceso adjudicado y celebrado<\/p><p class=\"mb-0\" style=\"font-size: .85rem\"><strong title=\"Fecha de Publicaci\u00f3n\"><i class=\"fas fa-calendar-alt\"><\/i><\/strong> Publicado el viernes, 21 de noviembre de 2025<\/p><\/div><div class=\"col-auto mt-md-0 mt-2\"><a class=\"btn btn-primary btn-lg px-lg-4 d-none d-md-block\" href=\"https:\/\/comunidad.comprasdominicana.gob.do\/\/Public\/Tendering\/OpportunityDetail\/Index?noticeUID=DO1.NTC.1636958\" target=\"_blank\" title=\"Detalles\"><i class=\"fas fa-link\"><\/i> DETALLES<\/a><a class=\"btn btn-primary btn-lg px-lg-4 d-block d-md-none\" href=\"https:\/\/comunidad.comprasdominicana.gob.do\/\/Public\/Tendering\/OpportunityDetail\/Index?noticeUID=DO1.NTC.1636958\" target=\"_blank\" title=\"Detalles\"><i class=\"fas fa-2x fa-link\"><\/i><\/a><\/div><\/div><\/div><\/div><\/div><\/div>\n        <div class=\"card\">\n            <div class=\"card-header parents\" id=\"heading_procedimientos-de-contrataci-n-dirigidos-a-las-micro-peque-as-y-medianas-empresas-mipymes--69f73f7454400-2025-69f73f7454400-agosto-69f73f7454400\">\n                <p class=\"title text-blue mb-0\">\n                    <a class=\"btn-block hover text-left collapsed\" data-toggle=\"collapse\" data-target=\"#collap_procedimientos-de-contrataci-n-dirigidos-a-las-micro-peque-as-y-medianas-empresas-mipymes--69f73f7454400-2025-69f73f7454400-agosto-69f73f7454400\" aria-expanded=\"false\" aria-controls=\"collap_procedimientos-de-contrataci-n-dirigidos-a-las-micro-peque-as-y-medianas-empresas-mipymes--69f73f7454400-2025-69f73f7454400-agosto-69f73f7454400\">Agosto<\/a>\n                <\/p>\n            <\/div>\n            <div id=\"collap_procedimientos-de-contrataci-n-dirigidos-a-las-micro-peque-as-y-medianas-empresas-mipymes--69f73f7454400-2025-69f73f7454400-agosto-69f73f7454400\" class=\"collapse\" aria-labelledby=\"heading_procedimientos-de-contrataci-n-dirigidos-a-las-micro-peque-as-y-medianas-empresas-mipymes--69f73f7454400-2025-69f73f7454400-agosto-69f73f7454400\" data-parent=\"#collap_procedimientos-de-contrataci-n-dirigidos-a-las-micro-peque-as-y-medianas-empresas-mipymes--69f73f7454400-2025-69f73f7454400\">\n                <div class=\"card-body\"><div class=\"jumbotron archivos\"><div class=\"row align-items-center\"><div class=\"col\"><h6><a class=\"text-dark\" href=\"https:\/\/comunidad.comprasdominicana.gob.do\/\/Public\/Tendering\/OpportunityDetail\/Index?noticeUID=DO1.NTC.1593640\" title=\"Ver\" target=\"_blank\">INESPRE-DAF-CD-2025-0057<\/a><\/h6><p class=\"mb-0 bold\">Adquisici\u00f3n de las Maquinas sumadoras para diferentes \u00e1reas de la Instituci\u00f3n, Dirigidos a Mipymes<\/p><p class=\"mb-0\" style=\"font-size: .85rem\"><strong title=\"Estado del Proceso\"><i class=\"fas fa-spinner\"><\/i><\/strong> Proceso adjudicado y celebrado<\/p><p class=\"mb-0\" style=\"font-size: .85rem\"><strong title=\"Fecha de Publicaci\u00f3n\"><i class=\"fas fa-calendar-alt\"><\/i><\/strong> Publicado el jueves, 14 de agosto de 2025<\/p><\/div><div class=\"col-auto mt-md-0 mt-2\"><a class=\"btn btn-primary btn-lg px-lg-4 d-none d-md-block\" href=\"https:\/\/comunidad.comprasdominicana.gob.do\/\/Public\/Tendering\/OpportunityDetail\/Index?noticeUID=DO1.NTC.1593640\" target=\"_blank\" title=\"Detalles\"><i class=\"fas fa-link\"><\/i> DETALLES<\/a><a class=\"btn btn-primary btn-lg px-lg-4 d-block d-md-none\" href=\"https:\/\/comunidad.comprasdominicana.gob.do\/\/Public\/Tendering\/OpportunityDetail\/Index?noticeUID=DO1.NTC.1593640\" target=\"_blank\" title=\"Detalles\"><i class=\"fas fa-2x fa-link\"><\/i><\/a><\/div><\/div><\/div><\/div><\/div><\/div>\n        <div class=\"card\">\n            <div class=\"card-header parents\" id=\"heading_procedimientos-de-contrataci-n-dirigidos-a-las-micro-peque-as-y-medianas-empresas-mipymes--69f73f7454400-2025-69f73f7454400-junio-69f73f7454400\">\n                <p class=\"title text-blue mb-0\">\n                    <a class=\"btn-block hover text-left collapsed\" data-toggle=\"collapse\" data-target=\"#collap_procedimientos-de-contrataci-n-dirigidos-a-las-micro-peque-as-y-medianas-empresas-mipymes--69f73f7454400-2025-69f73f7454400-junio-69f73f7454400\" aria-expanded=\"false\" aria-controls=\"collap_procedimientos-de-contrataci-n-dirigidos-a-las-micro-peque-as-y-medianas-empresas-mipymes--69f73f7454400-2025-69f73f7454400-junio-69f73f7454400\">Junio<\/a>\n                <\/p>\n            <\/div>\n            <div id=\"collap_procedimientos-de-contrataci-n-dirigidos-a-las-micro-peque-as-y-medianas-empresas-mipymes--69f73f7454400-2025-69f73f7454400-junio-69f73f7454400\" class=\"collapse\" aria-labelledby=\"heading_procedimientos-de-contrataci-n-dirigidos-a-las-micro-peque-as-y-medianas-empresas-mipymes--69f73f7454400-2025-69f73f7454400-junio-69f73f7454400\" data-parent=\"#collap_procedimientos-de-contrataci-n-dirigidos-a-las-micro-peque-as-y-medianas-empresas-mipymes--69f73f7454400-2025-69f73f7454400\">\n                <div class=\"card-body\"><div class=\"jumbotron archivos\"><div class=\"row align-items-center\"><div class=\"col\"><h6><a class=\"text-dark\" href=\"https:\/\/comunidad.comprasdominicana.gob.do\/\/Public\/Tendering\/OpportunityDetail\/Index?noticeUID=DO1.NTC.1571846\" title=\"Ver\" target=\"_blank\">INESPRE-DAF-CM-2025-0031<\/a><\/h6><p class=\"mb-0 bold\">SERVICIO DE ROTULACION DE CAMIONES  DEL INESPRE .<\/p><p class=\"mb-0\" style=\"font-size: .85rem\"><strong title=\"Estado del Proceso\"><i class=\"fas fa-spinner\"><\/i><\/strong> Proceso adjudicado y celebrado<\/p><p class=\"mb-0\" style=\"font-size: .85rem\"><strong title=\"Fecha de Publicaci\u00f3n\"><i class=\"fas fa-calendar-alt\"><\/i><\/strong> Publicado el viernes, 27 de junio de 2025<\/p><\/div><div class=\"col-auto mt-md-0 mt-2\"><a class=\"btn btn-primary btn-lg px-lg-4 d-none d-md-block\" href=\"https:\/\/comunidad.comprasdominicana.gob.do\/\/Public\/Tendering\/OpportunityDetail\/Index?noticeUID=DO1.NTC.1571846\" target=\"_blank\" title=\"Detalles\"><i class=\"fas fa-link\"><\/i> DETALLES<\/a><a class=\"btn btn-primary btn-lg px-lg-4 d-block d-md-none\" href=\"https:\/\/comunidad.comprasdominicana.gob.do\/\/Public\/Tendering\/OpportunityDetail\/Index?noticeUID=DO1.NTC.1571846\" target=\"_blank\" title=\"Detalles\"><i class=\"fas fa-2x fa-link\"><\/i><\/a><\/div><\/div><\/div><div class=\"jumbotron archivos\"><div class=\"row align-items-center\"><div class=\"col\"><h6><a class=\"text-dark\" href=\"https:\/\/comunidad.comprasdominicana.gob.do\/\/Public\/Tendering\/OpportunityDetail\/Index?noticeUID=DO1.NTC.1570312\" title=\"Ver\" target=\"_blank\">INESPRE-DAF-CM-2025-0030<\/a><\/h6><p class=\"mb-0 bold\">Adquisici\u00f3n y Suministro de Transformador   para ser instalado en la Direcci\u00f3n de Normas de la Tecnolog\u00eda Alimentaria (Los Silos) INESPRE.<\/p><p class=\"mb-0\" style=\"font-size: .85rem\"><strong title=\"Estado del Proceso\"><i class=\"fas fa-spinner\"><\/i><\/strong> Proceso adjudicado y celebrado<\/p><p class=\"mb-0\" style=\"font-size: .85rem\"><strong title=\"Fecha de Publicaci\u00f3n\"><i class=\"fas fa-calendar-alt\"><\/i><\/strong> Publicado el martes, 24 de junio de 2025<\/p><\/div><div class=\"col-auto mt-md-0 mt-2\"><a class=\"btn btn-primary btn-lg px-lg-4 d-none d-md-block\" href=\"https:\/\/comunidad.comprasdominicana.gob.do\/\/Public\/Tendering\/OpportunityDetail\/Index?noticeUID=DO1.NTC.1570312\" target=\"_blank\" title=\"Detalles\"><i class=\"fas fa-link\"><\/i> DETALLES<\/a><a class=\"btn btn-primary btn-lg px-lg-4 d-block d-md-none\" href=\"https:\/\/comunidad.comprasdominicana.gob.do\/\/Public\/Tendering\/OpportunityDetail\/Index?noticeUID=DO1.NTC.1570312\" target=\"_blank\" title=\"Detalles\"><i class=\"fas fa-2x fa-link\"><\/i><\/a><\/div><\/div><\/div><div class=\"jumbotron archivos\"><div class=\"row align-items-center\"><div class=\"col\"><h6><a class=\"text-dark\" href=\"https:\/\/comunidad.comprasdominicana.gob.do\/\/Public\/Tendering\/OpportunityDetail\/Index?noticeUID=DO1.NTC.1567714\" title=\"Ver\" target=\"_blank\">INESPRE-DAF-CD-2025-0046<\/a><\/h6><p class=\"mb-0 bold\">Servicio de reparaci\u00f3n y mantenimiento puerta (shutter) estacionamiento \u00e1rea Direcci\u00f3n Ejecutiva dirigido a Mipyme.<\/p><p class=\"mb-0\" style=\"font-size: .85rem\"><strong title=\"Estado del Proceso\"><i class=\"fas fa-spinner\"><\/i><\/strong> Proceso adjudicado y celebrado<\/p><p class=\"mb-0\" style=\"font-size: .85rem\"><strong title=\"Fecha de Publicaci\u00f3n\"><i class=\"fas fa-calendar-alt\"><\/i><\/strong> Publicado el martes, 17 de junio de 2025<\/p><\/div><div class=\"col-auto mt-md-0 mt-2\"><a class=\"btn btn-primary btn-lg px-lg-4 d-none d-md-block\" href=\"https:\/\/comunidad.comprasdominicana.gob.do\/\/Public\/Tendering\/OpportunityDetail\/Index?noticeUID=DO1.NTC.1567714\" target=\"_blank\" title=\"Detalles\"><i class=\"fas fa-link\"><\/i> DETALLES<\/a><a class=\"btn btn-primary btn-lg px-lg-4 d-block d-md-none\" href=\"https:\/\/comunidad.comprasdominicana.gob.do\/\/Public\/Tendering\/OpportunityDetail\/Index?noticeUID=DO1.NTC.1567714\" target=\"_blank\" title=\"Detalles\"><i class=\"fas fa-2x fa-link\"><\/i><\/a><\/div><\/div><\/div><div class=\"jumbotron archivos\"><div class=\"row align-items-center\"><div class=\"col\"><h6><a class=\"text-dark\" href=\"https:\/\/comunidad.comprasdominicana.gob.do\/\/Public\/Tendering\/OpportunityDetail\/Index?noticeUID=DO1.NTC.1565807\" title=\"Ver\" target=\"_blank\">INESPRE-DAF-CM-2025-0012<\/a><\/h6><p class=\"mb-0 bold\">Adquisici\u00f3n aires acondicionados y accesorios, dirgido a Mipymes (Compras Verdes)<\/p><p class=\"mb-0\" style=\"font-size: .85rem\"><strong title=\"Estado del Proceso\"><i class=\"fas fa-spinner\"><\/i><\/strong> Proceso adjudicado y celebrado<\/p><p class=\"mb-0\" style=\"font-size: .85rem\"><strong title=\"Fecha de Publicaci\u00f3n\"><i class=\"fas fa-calendar-alt\"><\/i><\/strong> Publicado el jueves, 12 de junio de 2025<\/p><\/div><div class=\"col-auto mt-md-0 mt-2\"><a class=\"btn btn-primary btn-lg px-lg-4 d-none d-md-block\" href=\"https:\/\/comunidad.comprasdominicana.gob.do\/\/Public\/Tendering\/OpportunityDetail\/Index?noticeUID=DO1.NTC.1565807\" target=\"_blank\" title=\"Detalles\"><i class=\"fas fa-link\"><\/i> DETALLES<\/a><a class=\"btn btn-primary btn-lg px-lg-4 d-block d-md-none\" href=\"https:\/\/comunidad.comprasdominicana.gob.do\/\/Public\/Tendering\/OpportunityDetail\/Index?noticeUID=DO1.NTC.1565807\" target=\"_blank\" title=\"Detalles\"><i class=\"fas fa-2x fa-link\"><\/i><\/a><\/div><\/div><\/div><div class=\"jumbotron archivos\"><div class=\"row align-items-center\"><div class=\"col\"><h6><a class=\"text-dark\" href=\"https:\/\/comunidad.comprasdominicana.gob.do\/\/Public\/Tendering\/OpportunityDetail\/Index?noticeUID=DO1.NTC.1562308\" title=\"Ver\" target=\"_blank\">INESPRE-DAF-CD-2025-0044<\/a><\/h6><p class=\"mb-0 bold\">Adquisici\u00f3n y suministro de Tanque de Aceites y Filtros de Veh\u00edculo del INESPRE<\/p><p class=\"mb-0\" style=\"font-size: .85rem\"><strong title=\"Estado del Proceso\"><i class=\"fas fa-spinner\"><\/i><\/strong> Proceso adjudicado y celebrado<\/p><p class=\"mb-0\" style=\"font-size: .85rem\"><strong title=\"Fecha de Publicaci\u00f3n\"><i class=\"fas fa-calendar-alt\"><\/i><\/strong> Publicado el mi\u00e9rcoles, 4 de junio de 2025<\/p><\/div><div class=\"col-auto mt-md-0 mt-2\"><a class=\"btn btn-primary btn-lg px-lg-4 d-none d-md-block\" href=\"https:\/\/comunidad.comprasdominicana.gob.do\/\/Public\/Tendering\/OpportunityDetail\/Index?noticeUID=DO1.NTC.1562308\" target=\"_blank\" title=\"Detalles\"><i class=\"fas fa-link\"><\/i> DETALLES<\/a><a class=\"btn btn-primary btn-lg px-lg-4 d-block d-md-none\" href=\"https:\/\/comunidad.comprasdominicana.gob.do\/\/Public\/Tendering\/OpportunityDetail\/Index?noticeUID=DO1.NTC.1562308\" target=\"_blank\" title=\"Detalles\"><i class=\"fas fa-2x fa-link\"><\/i><\/a><\/div><\/div><\/div><\/div><\/div><\/div>\n        <div class=\"card\">\n            <div class=\"card-header parents\" id=\"heading_procedimientos-de-contrataci-n-dirigidos-a-las-micro-peque-as-y-medianas-empresas-mipymes--69f73f7454400-2025-69f73f7454400-mayo-69f73f7454400\">\n                <p class=\"title text-blue mb-0\">\n                    <a class=\"btn-block hover text-left collapsed\" data-toggle=\"collapse\" data-target=\"#collap_procedimientos-de-contrataci-n-dirigidos-a-las-micro-peque-as-y-medianas-empresas-mipymes--69f73f7454400-2025-69f73f7454400-mayo-69f73f7454400\" aria-expanded=\"false\" aria-controls=\"collap_procedimientos-de-contrataci-n-dirigidos-a-las-micro-peque-as-y-medianas-empresas-mipymes--69f73f7454400-2025-69f73f7454400-mayo-69f73f7454400\">Mayo<\/a>\n                <\/p>\n            <\/div>\n            <div id=\"collap_procedimientos-de-contrataci-n-dirigidos-a-las-micro-peque-as-y-medianas-empresas-mipymes--69f73f7454400-2025-69f73f7454400-mayo-69f73f7454400\" class=\"collapse\" aria-labelledby=\"heading_procedimientos-de-contrataci-n-dirigidos-a-las-micro-peque-as-y-medianas-empresas-mipymes--69f73f7454400-2025-69f73f7454400-mayo-69f73f7454400\" data-parent=\"#collap_procedimientos-de-contrataci-n-dirigidos-a-las-micro-peque-as-y-medianas-empresas-mipymes--69f73f7454400-2025-69f73f7454400\">\n                <div class=\"card-body\"><div class=\"jumbotron archivos\"><div class=\"row align-items-center\"><div class=\"col\"><h6><a class=\"text-dark\" href=\"https:\/\/comunidad.comprasdominicana.gob.do\/\/Public\/Tendering\/OpportunityDetail\/Index?noticeUID=DO1.NTC.1559730\" title=\"Ver\" target=\"_blank\">INESPRE-DAF-CD-2025-0041<\/a><\/h6><p class=\"mb-0 bold\">Adquisicion y Suministro de Material Gastable de Oficina para uso diferentes dependencias del INESPRE.<\/p><p class=\"mb-0\" style=\"font-size: .85rem\"><strong title=\"Estado del Proceso\"><i class=\"fas fa-spinner\"><\/i><\/strong> Proceso adjudicado y celebrado<\/p><p class=\"mb-0\" style=\"font-size: .85rem\"><strong title=\"Fecha de Publicaci\u00f3n\"><i class=\"fas fa-calendar-alt\"><\/i><\/strong> Publicado el jueves, 29 de mayo de 2025<\/p><\/div><div class=\"col-auto mt-md-0 mt-2\"><a class=\"btn btn-primary btn-lg px-lg-4 d-none d-md-block\" href=\"https:\/\/comunidad.comprasdominicana.gob.do\/\/Public\/Tendering\/OpportunityDetail\/Index?noticeUID=DO1.NTC.1559730\" target=\"_blank\" title=\"Detalles\"><i class=\"fas fa-link\"><\/i> DETALLES<\/a><a class=\"btn btn-primary btn-lg px-lg-4 d-block d-md-none\" href=\"https:\/\/comunidad.comprasdominicana.gob.do\/\/Public\/Tendering\/OpportunityDetail\/Index?noticeUID=DO1.NTC.1559730\" target=\"_blank\" title=\"Detalles\"><i class=\"fas fa-2x fa-link\"><\/i><\/a><\/div><\/div><\/div><div class=\"jumbotron archivos\"><div class=\"row align-items-center\"><div class=\"col\"><h6><a class=\"text-dark\" href=\"https:\/\/comunidad.comprasdominicana.gob.do\/\/Public\/Tendering\/OpportunityDetail\/Index?noticeUID=DO1.NTC.1556913\" title=\"Ver\" target=\"_blank\">INESPRE-DAF-CD-2025-0039<\/a><\/h6><p class=\"mb-0 bold\">Adquisici\u00f3n de mesas y sillas pl\u00e1sticas para ser utilizadas en las ferias \u00b4\u00b4INESPRE con las Madres\u00b4\u00b4, dirigido a Mipyme<\/p><p class=\"mb-0\" style=\"font-size: .85rem\"><strong title=\"Estado del Proceso\"><i class=\"fas fa-spinner\"><\/i><\/strong> Proceso adjudicado y celebrado<\/p><p class=\"mb-0\" style=\"font-size: .85rem\"><strong title=\"Fecha de Publicaci\u00f3n\"><i class=\"fas fa-calendar-alt\"><\/i><\/strong> Publicado el jueves, 22 de mayo de 2025<\/p><\/div><div class=\"col-auto mt-md-0 mt-2\"><a class=\"btn btn-primary btn-lg px-lg-4 d-none d-md-block\" href=\"https:\/\/comunidad.comprasdominicana.gob.do\/\/Public\/Tendering\/OpportunityDetail\/Index?noticeUID=DO1.NTC.1556913\" target=\"_blank\" title=\"Detalles\"><i class=\"fas fa-link\"><\/i> DETALLES<\/a><a class=\"btn btn-primary btn-lg px-lg-4 d-block d-md-none\" href=\"https:\/\/comunidad.comprasdominicana.gob.do\/\/Public\/Tendering\/OpportunityDetail\/Index?noticeUID=DO1.NTC.1556913\" target=\"_blank\" title=\"Detalles\"><i class=\"fas fa-2x fa-link\"><\/i><\/a><\/div><\/div><\/div><div class=\"jumbotron archivos\"><div class=\"row align-items-center\"><div class=\"col\"><h6><a class=\"text-dark\" href=\"https:\/\/comunidad.comprasdominicana.gob.do\/\/Public\/Tendering\/OpportunityDetail\/Index?noticeUID=DO1.NTC.1556169\" title=\"Ver\" target=\"_blank\">INESPRE-DAF-CM-2025-0023<\/a><\/h6><p class=\"mb-0 bold\">Servicio de alquiler de camiones refrigerados y cabezote dirigido a Mipymes<\/p><p class=\"mb-0\" style=\"font-size: .85rem\"><strong title=\"Estado del Proceso\"><i class=\"fas fa-spinner\"><\/i><\/strong> Cancelado<\/p><p class=\"mb-0\" style=\"font-size: .85rem\"><strong title=\"Fecha de Publicaci\u00f3n\"><i class=\"fas fa-calendar-alt\"><\/i><\/strong> Publicado el mi\u00e9rcoles, 21 de mayo de 2025<\/p><\/div><div class=\"col-auto mt-md-0 mt-2\"><a class=\"btn btn-primary btn-lg px-lg-4 d-none d-md-block\" href=\"https:\/\/comunidad.comprasdominicana.gob.do\/\/Public\/Tendering\/OpportunityDetail\/Index?noticeUID=DO1.NTC.1556169\" target=\"_blank\" title=\"Detalles\"><i class=\"fas fa-link\"><\/i> DETALLES<\/a><a class=\"btn btn-primary btn-lg px-lg-4 d-block d-md-none\" href=\"https:\/\/comunidad.comprasdominicana.gob.do\/\/Public\/Tendering\/OpportunityDetail\/Index?noticeUID=DO1.NTC.1556169\" target=\"_blank\" title=\"Detalles\"><i class=\"fas fa-2x fa-link\"><\/i><\/a><\/div><\/div><\/div><div class=\"jumbotron archivos\"><div class=\"row align-items-center\"><div class=\"col\"><h6><a class=\"text-dark\" href=\"https:\/\/comunidad.comprasdominicana.gob.do\/\/Public\/Tendering\/OpportunityDetail\/Index?noticeUID=DO1.NTC.1555324\" title=\"Ver\" target=\"_blank\">INESPRE-DAF-CM-2025-0022<\/a><\/h6><p class=\"mb-0 bold\">Contrataci\u00f3n de Servicios de alquiler e instalaci\u00f3n de Techo, Carpa, estructuras, Marcos Truss, Tarima, Ba\u00f1os Port\u00e1tiles Para el Montaje de las Ferias INESPRE con las Madres 2025 en las provincias:  El Seibo, Hig\u00fcey, Hato Mayor, La Romana San Pedro de Macor\u00eds, Santo Domingo Norte.           <\/p><p class=\"mb-0\" style=\"font-size: .85rem\"><strong title=\"Estado del Proceso\"><i class=\"fas fa-spinner\"><\/i><\/strong> Proceso adjudicado y celebrado<\/p><p class=\"mb-0\" style=\"font-size: .85rem\"><strong title=\"Fecha de Publicaci\u00f3n\"><i class=\"fas fa-calendar-alt\"><\/i><\/strong> Publicado el martes, 20 de mayo de 2025<\/p><\/div><div class=\"col-auto mt-md-0 mt-2\"><a class=\"btn btn-primary btn-lg px-lg-4 d-none d-md-block\" href=\"https:\/\/comunidad.comprasdominicana.gob.do\/\/Public\/Tendering\/OpportunityDetail\/Index?noticeUID=DO1.NTC.1555324\" target=\"_blank\" title=\"Detalles\"><i class=\"fas fa-link\"><\/i> DETALLES<\/a><a class=\"btn btn-primary btn-lg px-lg-4 d-block d-md-none\" href=\"https:\/\/comunidad.comprasdominicana.gob.do\/\/Public\/Tendering\/OpportunityDetail\/Index?noticeUID=DO1.NTC.1555324\" target=\"_blank\" title=\"Detalles\"><i class=\"fas fa-2x fa-link\"><\/i><\/a><\/div><\/div><\/div><div class=\"jumbotron archivos\"><div class=\"row align-items-center\"><div class=\"col\"><h6><a class=\"text-dark\" href=\"https:\/\/comunidad.comprasdominicana.gob.do\/\/Public\/Tendering\/OpportunityDetail\/Index?noticeUID=DO1.NTC.1554249\" title=\"Ver\" target=\"_blank\">INESPRE-DAF-CM-2025-0018<\/a><\/h6><p class=\"mb-0 bold\">Contrataci\u00f3n de Servicios de alquiler e instalaci\u00f3n  de Techo, Carpa, estructuras, Marcos Truss, Tarima, Ba\u00f1os Port\u00e1tiles Para  el Montaje de las Ferias INESPRE con las Madres 2025 en las provincias : Santiago,La Vega, Cotui, San Cristobal, Azua, San Juan de la Maguana. <\/p><p class=\"mb-0\" style=\"font-size: .85rem\"><strong title=\"Estado del Proceso\"><i class=\"fas fa-spinner\"><\/i><\/strong> Cancelado<\/p><p class=\"mb-0\" style=\"font-size: .85rem\"><strong title=\"Fecha de Publicaci\u00f3n\"><i class=\"fas fa-calendar-alt\"><\/i><\/strong> Publicado el viernes, 16 de mayo de 2025<\/p><\/div><div class=\"col-auto mt-md-0 mt-2\"><a class=\"btn btn-primary btn-lg px-lg-4 d-none d-md-block\" href=\"https:\/\/comunidad.comprasdominicana.gob.do\/\/Public\/Tendering\/OpportunityDetail\/Index?noticeUID=DO1.NTC.1554249\" target=\"_blank\" title=\"Detalles\"><i class=\"fas fa-link\"><\/i> DETALLES<\/a><a class=\"btn btn-primary btn-lg px-lg-4 d-block d-md-none\" href=\"https:\/\/comunidad.comprasdominicana.gob.do\/\/Public\/Tendering\/OpportunityDetail\/Index?noticeUID=DO1.NTC.1554249\" target=\"_blank\" title=\"Detalles\"><i class=\"fas fa-2x fa-link\"><\/i><\/a><\/div><\/div><\/div><div class=\"jumbotron archivos\"><div class=\"row align-items-center\"><div class=\"col\"><h6><a class=\"text-dark\" href=\"https:\/\/comunidad.comprasdominicana.gob.do\/\/Public\/Tendering\/OpportunityDetail\/Index?noticeUID=DO1.NTC.1554438\" title=\"Ver\" target=\"_blank\">INESPRE-DAF-CM-2025-0017<\/a><\/h6><p class=\"mb-0 bold\">Servicio de instalaci\u00f3n de luces, A\/C, sonido, distribuci\u00f3n el\u00e9c., planta el\u00e9c., abanicos y valla de seg. ferias NESPRE Celebra las Madres 2025 \u00b4\u00b4,  Mipyme. Seibo, Hig\u00fcey, Hato Mayor San Pedro, SDN<\/p><p class=\"mb-0\" style=\"font-size: .85rem\"><strong title=\"Estado del Proceso\"><i class=\"fas fa-spinner\"><\/i><\/strong> Proceso adjudicado y celebrado<\/p><p class=\"mb-0\" style=\"font-size: .85rem\"><strong title=\"Fecha de Publicaci\u00f3n\"><i class=\"fas fa-calendar-alt\"><\/i><\/strong> Publicado el viernes, 16 de mayo de 2025<\/p><\/div><div class=\"col-auto mt-md-0 mt-2\"><a class=\"btn btn-primary btn-lg px-lg-4 d-none d-md-block\" href=\"https:\/\/comunidad.comprasdominicana.gob.do\/\/Public\/Tendering\/OpportunityDetail\/Index?noticeUID=DO1.NTC.1554438\" target=\"_blank\" title=\"Detalles\"><i class=\"fas fa-link\"><\/i> DETALLES<\/a><a class=\"btn btn-primary btn-lg px-lg-4 d-block d-md-none\" href=\"https:\/\/comunidad.comprasdominicana.gob.do\/\/Public\/Tendering\/OpportunityDetail\/Index?noticeUID=DO1.NTC.1554438\" target=\"_blank\" title=\"Detalles\"><i class=\"fas fa-2x fa-link\"><\/i><\/a><\/div><\/div><\/div><div class=\"jumbotron archivos\"><div class=\"row align-items-center\"><div class=\"col\"><h6><a class=\"text-dark\" href=\"https:\/\/comunidad.comprasdominicana.gob.do\/\/Public\/Tendering\/OpportunityDetail\/Index?noticeUID=DO1.NTC.1549215\" title=\"Ver\" target=\"_blank\">INESPRE-DAF-CD-2025-0031<\/a><\/h6><p class=\"mb-0 bold\">Servicio de reparaci\u00f3n de aire acondicionado de camioneta dirigido a Mipyme<\/p><p class=\"mb-0\" style=\"font-size: .85rem\"><strong title=\"Estado del Proceso\"><i class=\"fas fa-spinner\"><\/i><\/strong> Proceso adjudicado y celebrado<\/p><p class=\"mb-0\" style=\"font-size: .85rem\"><strong title=\"Fecha de Publicaci\u00f3n\"><i class=\"fas fa-calendar-alt\"><\/i><\/strong> Publicado el martes, 6 de mayo de 2025<\/p><\/div><div class=\"col-auto mt-md-0 mt-2\"><a class=\"btn btn-primary btn-lg px-lg-4 d-none d-md-block\" href=\"https:\/\/comunidad.comprasdominicana.gob.do\/\/Public\/Tendering\/OpportunityDetail\/Index?noticeUID=DO1.NTC.1549215\" target=\"_blank\" title=\"Detalles\"><i class=\"fas fa-link\"><\/i> DETALLES<\/a><a class=\"btn btn-primary btn-lg px-lg-4 d-block d-md-none\" href=\"https:\/\/comunidad.comprasdominicana.gob.do\/\/Public\/Tendering\/OpportunityDetail\/Index?noticeUID=DO1.NTC.1549215\" target=\"_blank\" title=\"Detalles\"><i class=\"fas fa-2x fa-link\"><\/i><\/a><\/div><\/div><\/div><\/div><\/div><\/div>\n        <div class=\"card\">\n            <div class=\"card-header parents\" id=\"heading_procedimientos-de-contrataci-n-dirigidos-a-las-micro-peque-as-y-medianas-empresas-mipymes--69f73f7454400-2025-69f73f7454400-abril-69f73f7454400\">\n                <p class=\"title text-blue mb-0\">\n                    <a class=\"btn-block hover text-left collapsed\" data-toggle=\"collapse\" data-target=\"#collap_procedimientos-de-contrataci-n-dirigidos-a-las-micro-peque-as-y-medianas-empresas-mipymes--69f73f7454400-2025-69f73f7454400-abril-69f73f7454400\" aria-expanded=\"false\" aria-controls=\"collap_procedimientos-de-contrataci-n-dirigidos-a-las-micro-peque-as-y-medianas-empresas-mipymes--69f73f7454400-2025-69f73f7454400-abril-69f73f7454400\">Abril<\/a>\n                <\/p>\n            <\/div>\n            <div id=\"collap_procedimientos-de-contrataci-n-dirigidos-a-las-micro-peque-as-y-medianas-empresas-mipymes--69f73f7454400-2025-69f73f7454400-abril-69f73f7454400\" class=\"collapse\" aria-labelledby=\"heading_procedimientos-de-contrataci-n-dirigidos-a-las-micro-peque-as-y-medianas-empresas-mipymes--69f73f7454400-2025-69f73f7454400-abril-69f73f7454400\" data-parent=\"#collap_procedimientos-de-contrataci-n-dirigidos-a-las-micro-peque-as-y-medianas-empresas-mipymes--69f73f7454400-2025-69f73f7454400\">\n                <div class=\"card-body\"><div class=\"jumbotron archivos\"><div class=\"row align-items-center\"><div class=\"col\"><h6><a class=\"text-dark\" href=\"https:\/\/comunidad.comprasdominicana.gob.do\/\/Public\/Tendering\/OpportunityDetail\/Index?noticeUID=DO1.NTC.1547117\" title=\"Ver\" target=\"_blank\">INESPRE-DAF-CD-2025-0027<\/a><\/h6><p class=\"mb-0 bold\">Adquisici\u00f3n de Control de Acceso dirigido a Mipyme<\/p><p class=\"mb-0\" style=\"font-size: .85rem\"><strong title=\"Estado del Proceso\"><i class=\"fas fa-spinner\"><\/i><\/strong> Proceso adjudicado y celebrado<\/p><p class=\"mb-0\" style=\"font-size: .85rem\"><strong title=\"Fecha de Publicaci\u00f3n\"><i class=\"fas fa-calendar-alt\"><\/i><\/strong> Publicado el mi\u00e9rcoles, 30 de abril de 2025<\/p><\/div><div class=\"col-auto mt-md-0 mt-2\"><a class=\"btn btn-primary btn-lg px-lg-4 d-none d-md-block\" href=\"https:\/\/comunidad.comprasdominicana.gob.do\/\/Public\/Tendering\/OpportunityDetail\/Index?noticeUID=DO1.NTC.1547117\" target=\"_blank\" title=\"Detalles\"><i class=\"fas fa-link\"><\/i> DETALLES<\/a><a class=\"btn btn-primary btn-lg px-lg-4 d-block d-md-none\" href=\"https:\/\/comunidad.comprasdominicana.gob.do\/\/Public\/Tendering\/OpportunityDetail\/Index?noticeUID=DO1.NTC.1547117\" target=\"_blank\" title=\"Detalles\"><i class=\"fas fa-2x fa-link\"><\/i><\/a><\/div><\/div><\/div><div class=\"jumbotron archivos\"><div class=\"row align-items-center\"><div class=\"col\"><h6><a class=\"text-dark\" href=\"https:\/\/comunidad.comprasdominicana.gob.do\/\/Public\/Tendering\/OpportunityDetail\/Index?noticeUID=DO1.NTC.1547618\" title=\"Ver\" target=\"_blank\">INESPRE-DAF-CD-2025-0028<\/a><\/h6><p class=\"mb-0 bold\">Contrataci\u00f3n de servicio de Auditor\u00eda Interna dirigido a Mipyme<\/p><p class=\"mb-0\" style=\"font-size: .85rem\"><strong title=\"Estado del Proceso\"><i class=\"fas fa-spinner\"><\/i><\/strong> Proceso adjudicado y celebrado<\/p><p class=\"mb-0\" style=\"font-size: .85rem\"><strong title=\"Fecha de Publicaci\u00f3n\"><i class=\"fas fa-calendar-alt\"><\/i><\/strong> Publicado el mi\u00e9rcoles, 30 de abril de 2025<\/p><\/div><div class=\"col-auto mt-md-0 mt-2\"><a class=\"btn btn-primary btn-lg px-lg-4 d-none d-md-block\" href=\"https:\/\/comunidad.comprasdominicana.gob.do\/\/Public\/Tendering\/OpportunityDetail\/Index?noticeUID=DO1.NTC.1547618\" target=\"_blank\" title=\"Detalles\"><i class=\"fas fa-link\"><\/i> DETALLES<\/a><a class=\"btn btn-primary btn-lg px-lg-4 d-block d-md-none\" href=\"https:\/\/comunidad.comprasdominicana.gob.do\/\/Public\/Tendering\/OpportunityDetail\/Index?noticeUID=DO1.NTC.1547618\" target=\"_blank\" title=\"Detalles\"><i class=\"fas fa-2x fa-link\"><\/i><\/a><\/div><\/div><\/div><div class=\"jumbotron archivos\"><div class=\"row align-items-center\"><div class=\"col\"><h6><a class=\"text-dark\" href=\"https:\/\/comunidad.comprasdominicana.gob.do\/\/Public\/Tendering\/OpportunityDetail\/Index?noticeUID=DO1.NTC.1547318\" title=\"Ver\" target=\"_blank\">INESPRE-DAF-CM-2025-0005<\/a><\/h6><p class=\"mb-0 bold\">Adquisici\u00f3n de papeles de ba\u00f1o y servilletas dirigido a Mipymes (Compras Verdes)<\/p><p class=\"mb-0\" style=\"font-size: .85rem\"><strong title=\"Estado del Proceso\"><i class=\"fas fa-spinner\"><\/i><\/strong> Proceso adjudicado y celebrado<\/p><p class=\"mb-0\" style=\"font-size: .85rem\"><strong title=\"Fecha de Publicaci\u00f3n\"><i class=\"fas fa-calendar-alt\"><\/i><\/strong> Publicado el mi\u00e9rcoles, 30 de abril de 2025<\/p><\/div><div class=\"col-auto mt-md-0 mt-2\"><a class=\"btn btn-primary btn-lg px-lg-4 d-none d-md-block\" href=\"https:\/\/comunidad.comprasdominicana.gob.do\/\/Public\/Tendering\/OpportunityDetail\/Index?noticeUID=DO1.NTC.1547318\" target=\"_blank\" title=\"Detalles\"><i class=\"fas fa-link\"><\/i> DETALLES<\/a><a class=\"btn btn-primary btn-lg px-lg-4 d-block d-md-none\" href=\"https:\/\/comunidad.comprasdominicana.gob.do\/\/Public\/Tendering\/OpportunityDetail\/Index?noticeUID=DO1.NTC.1547318\" target=\"_blank\" title=\"Detalles\"><i class=\"fas fa-2x fa-link\"><\/i><\/a><\/div><\/div><\/div><div class=\"jumbotron archivos\"><div class=\"row align-items-center\"><div class=\"col\"><h6><a class=\"text-dark\" href=\"https:\/\/comunidad.comprasdominicana.gob.do\/\/Public\/Tendering\/OpportunityDetail\/Index?noticeUID=DO1.NTC.1545029\" title=\"Ver\" target=\"_blank\">INESPRE-DAF-CD-2025-0026<\/a><\/h6><p class=\"mb-0 bold\">Servicio de dise\u00f1o de banners para las ferias \u00b4\u00b4INESPRE Celebra con las Madres 2025\u00b4\u00b4 dirigido a Mipyme<\/p><p class=\"mb-0\" style=\"font-size: .85rem\"><strong title=\"Estado del Proceso\"><i class=\"fas fa-spinner\"><\/i><\/strong> Proceso adjudicado y celebrado<\/p><p class=\"mb-0\" style=\"font-size: .85rem\"><strong title=\"Fecha de Publicaci\u00f3n\"><i class=\"fas fa-calendar-alt\"><\/i><\/strong> Publicado el jueves, 24 de abril de 2025<\/p><\/div><div class=\"col-auto mt-md-0 mt-2\"><a class=\"btn btn-primary btn-lg px-lg-4 d-none d-md-block\" href=\"https:\/\/comunidad.comprasdominicana.gob.do\/\/Public\/Tendering\/OpportunityDetail\/Index?noticeUID=DO1.NTC.1545029\" target=\"_blank\" title=\"Detalles\"><i class=\"fas fa-link\"><\/i> DETALLES<\/a><a class=\"btn btn-primary btn-lg px-lg-4 d-block d-md-none\" href=\"https:\/\/comunidad.comprasdominicana.gob.do\/\/Public\/Tendering\/OpportunityDetail\/Index?noticeUID=DO1.NTC.1545029\" target=\"_blank\" title=\"Detalles\"><i class=\"fas fa-2x fa-link\"><\/i><\/a><\/div><\/div><\/div><div class=\"jumbotron archivos\"><div class=\"row align-items-center\"><div class=\"col\"><h6><a class=\"text-dark\" href=\"https:\/\/comunidad.comprasdominicana.gob.do\/\/Public\/Tendering\/OpportunityDetail\/Index?noticeUID=DO1.NTC.1535933\" title=\"Ver\" target=\"_blank\">INESPRE-DAF-CM-2025-0007<\/a><\/h6><p class=\"mb-0 bold\">Servicio de alquiler de cuatro (04) Contenedores para Oficinas y Almac\u00e9n de 40 pies cada uno, por un periodo de tres (03) meses, dirigido a Mipymes<\/p><p class=\"mb-0\" style=\"font-size: .85rem\"><strong title=\"Estado del Proceso\"><i class=\"fas fa-spinner\"><\/i><\/strong> Proceso adjudicado y celebrado<\/p><p class=\"mb-0\" style=\"font-size: .85rem\"><strong title=\"Fecha de Publicaci\u00f3n\"><i class=\"fas fa-calendar-alt\"><\/i><\/strong> Publicado el mi\u00e9rcoles, 2 de abril de 2025<\/p><\/div><div class=\"col-auto mt-md-0 mt-2\"><a class=\"btn btn-primary btn-lg px-lg-4 d-none d-md-block\" href=\"https:\/\/comunidad.comprasdominicana.gob.do\/\/Public\/Tendering\/OpportunityDetail\/Index?noticeUID=DO1.NTC.1535933\" target=\"_blank\" title=\"Detalles\"><i class=\"fas fa-link\"><\/i> DETALLES<\/a><a class=\"btn btn-primary btn-lg px-lg-4 d-block d-md-none\" href=\"https:\/\/comunidad.comprasdominicana.gob.do\/\/Public\/Tendering\/OpportunityDetail\/Index?noticeUID=DO1.NTC.1535933\" target=\"_blank\" title=\"Detalles\"><i class=\"fas fa-2x fa-link\"><\/i><\/a><\/div><\/div><\/div><div class=\"jumbotron archivos\"><div class=\"row align-items-center\"><div class=\"col\"><h6><a class=\"text-dark\" href=\"https:\/\/comunidad.comprasdominicana.gob.do\/\/Public\/Tendering\/OpportunityDetail\/Index?noticeUID=DO1.NTC.1535044\" title=\"Ver\" target=\"_blank\">INESPRE-DAF-CM-2025-0006<\/a><\/h6><p class=\"mb-0 bold\">Contrataci\u00f3n de Servicio de asesor\u00eda jur\u00eddica especializada en blindaje legal, prevenci\u00f3n de riesgos y acompa\u00f1amiento estrat\u00e9gico en materia de contrataci\u00f3n p\u00fablica dirigido a Mipymes.  <\/p><p class=\"mb-0\" style=\"font-size: .85rem\"><strong title=\"Estado del Proceso\"><i class=\"fas fa-spinner\"><\/i><\/strong> Cancelado<\/p><p class=\"mb-0\" style=\"font-size: .85rem\"><strong title=\"Fecha de Publicaci\u00f3n\"><i class=\"fas fa-calendar-alt\"><\/i><\/strong> Publicado el martes, 1 de abril de 2025<\/p><\/div><div class=\"col-auto mt-md-0 mt-2\"><a class=\"btn btn-primary btn-lg px-lg-4 d-none d-md-block\" href=\"https:\/\/comunidad.comprasdominicana.gob.do\/\/Public\/Tendering\/OpportunityDetail\/Index?noticeUID=DO1.NTC.1535044\" target=\"_blank\" title=\"Detalles\"><i class=\"fas fa-link\"><\/i> DETALLES<\/a><a class=\"btn btn-primary btn-lg px-lg-4 d-block d-md-none\" href=\"https:\/\/comunidad.comprasdominicana.gob.do\/\/Public\/Tendering\/OpportunityDetail\/Index?noticeUID=DO1.NTC.1535044\" target=\"_blank\" title=\"Detalles\"><i class=\"fas fa-2x fa-link\"><\/i><\/a><\/div><\/div><\/div><\/div><\/div><\/div><\/div><\/div><\/div>\n        <div class=\"card\">\n            <div class=\"card-header parents\" id=\"heading_procedimientos-de-contrataci-n-dirigidos-a-las-micro-peque-as-y-medianas-empresas-mipymes--69f73f7454400-2024-69f73f7454400\">\n                <p class=\"title text-blue mb-0\">\n                    <a class=\"btn-block hover text-left collapsed\" data-toggle=\"collapse\" data-target=\"#collap_procedimientos-de-contrataci-n-dirigidos-a-las-micro-peque-as-y-medianas-empresas-mipymes--69f73f7454400-2024-69f73f7454400\" aria-expanded=\"false\" aria-controls=\"collap_procedimientos-de-contrataci-n-dirigidos-a-las-micro-peque-as-y-medianas-empresas-mipymes--69f73f7454400-2024-69f73f7454400\">2024<\/a>\n                <\/p>\n            <\/div>\n            <div id=\"collap_procedimientos-de-contrataci-n-dirigidos-a-las-micro-peque-as-y-medianas-empresas-mipymes--69f73f7454400-2024-69f73f7454400\" class=\"collapse\" aria-labelledby=\"heading_procedimientos-de-contrataci-n-dirigidos-a-las-micro-peque-as-y-medianas-empresas-mipymes--69f73f7454400-2024-69f73f7454400\" data-parent=\"#collap_procedimientos-de-contrataci-n-dirigidos-a-las-micro-peque-as-y-medianas-empresas-mipymes--69f73f7454400\">\n                <div class=\"card-body\">\n        <div class=\"card\">\n            <div class=\"card-header parents\" id=\"heading_procedimientos-de-contrataci-n-dirigidos-a-las-micro-peque-as-y-medianas-empresas-mipymes--69f73f7454400-2024-69f73f7454400-noviembre-69f73f7454400\">\n                <p class=\"title text-blue mb-0\">\n                    <a class=\"btn-block hover text-left collapsed\" data-toggle=\"collapse\" data-target=\"#collap_procedimientos-de-contrataci-n-dirigidos-a-las-micro-peque-as-y-medianas-empresas-mipymes--69f73f7454400-2024-69f73f7454400-noviembre-69f73f7454400\" aria-expanded=\"false\" aria-controls=\"collap_procedimientos-de-contrataci-n-dirigidos-a-las-micro-peque-as-y-medianas-empresas-mipymes--69f73f7454400-2024-69f73f7454400-noviembre-69f73f7454400\">Noviembre<\/a>\n                <\/p>\n            <\/div>\n            <div id=\"collap_procedimientos-de-contrataci-n-dirigidos-a-las-micro-peque-as-y-medianas-empresas-mipymes--69f73f7454400-2024-69f73f7454400-noviembre-69f73f7454400\" class=\"collapse\" aria-labelledby=\"heading_procedimientos-de-contrataci-n-dirigidos-a-las-micro-peque-as-y-medianas-empresas-mipymes--69f73f7454400-2024-69f73f7454400-noviembre-69f73f7454400\" data-parent=\"#collap_procedimientos-de-contrataci-n-dirigidos-a-las-micro-peque-as-y-medianas-empresas-mipymes--69f73f7454400-2024-69f73f7454400\">\n                <div class=\"card-body\"><div class=\"jumbotron archivos\"><div class=\"row align-items-center\"><div class=\"col\"><h6><a class=\"text-dark\" href=\"https:\/\/comunidad.comprasdominicana.gob.do\/\/Public\/Tendering\/OpportunityDetail\/Index?noticeUID=DO1.NTC.1477515\" title=\"Ver\" target=\"_blank\">INESPRE-DAF-CM-2024-0069<\/a><\/h6><p class=\"mb-0 bold\">Adquisici\u00f3n de Telera mediana dirigido a Mipymes <\/p><p class=\"mb-0\" style=\"font-size: .85rem\"><strong title=\"Estado del Proceso\"><i class=\"fas fa-spinner\"><\/i><\/strong> Proceso desierto<\/p><p class=\"mb-0\" style=\"font-size: .85rem\"><strong title=\"Fecha de Publicaci\u00f3n\"><i class=\"fas fa-calendar-alt\"><\/i><\/strong> Publicado el viernes, 22 de noviembre de 2024<\/p><\/div><div class=\"col-auto mt-md-0 mt-2\"><a class=\"btn btn-primary btn-lg px-lg-4 d-none d-md-block\" href=\"https:\/\/comunidad.comprasdominicana.gob.do\/\/Public\/Tendering\/OpportunityDetail\/Index?noticeUID=DO1.NTC.1477515\" target=\"_blank\" title=\"Detalles\"><i class=\"fas fa-link\"><\/i> DETALLES<\/a><a class=\"btn btn-primary btn-lg px-lg-4 d-block d-md-none\" href=\"https:\/\/comunidad.comprasdominicana.gob.do\/\/Public\/Tendering\/OpportunityDetail\/Index?noticeUID=DO1.NTC.1477515\" target=\"_blank\" title=\"Detalles\"><i class=\"fas fa-2x fa-link\"><\/i><\/a><\/div><\/div><\/div><div class=\"jumbotron archivos\"><div class=\"row align-items-center\"><div class=\"col\"><h6><a class=\"text-dark\" href=\"https:\/\/comunidad.comprasdominicana.gob.do\/\/Public\/Tendering\/OpportunityDetail\/Index?noticeUID=DO1.NTC.1477012\" title=\"Ver\" target=\"_blank\">INESPRE-DAF-CM-2024-0068<\/a><\/h6><p class=\"mb-0 bold\">Adquisici\u00f3n de leche en polvo 125 gramos dirigido a Mipymes Mujer<\/p><p class=\"mb-0\" style=\"font-size: .85rem\"><strong title=\"Estado del Proceso\"><i class=\"fas fa-spinner\"><\/i><\/strong> Proceso adjudicado y celebrado<\/p><p class=\"mb-0\" style=\"font-size: .85rem\"><strong title=\"Fecha de Publicaci\u00f3n\"><i class=\"fas fa-calendar-alt\"><\/i><\/strong> Publicado el viernes, 22 de noviembre de 2024<\/p><\/div><div class=\"col-auto mt-md-0 mt-2\"><a class=\"btn btn-primary btn-lg px-lg-4 d-none d-md-block\" href=\"https:\/\/comunidad.comprasdominicana.gob.do\/\/Public\/Tendering\/OpportunityDetail\/Index?noticeUID=DO1.NTC.1477012\" target=\"_blank\" title=\"Detalles\"><i class=\"fas fa-link\"><\/i> DETALLES<\/a><a class=\"btn btn-primary btn-lg px-lg-4 d-block d-md-none\" href=\"https:\/\/comunidad.comprasdominicana.gob.do\/\/Public\/Tendering\/OpportunityDetail\/Index?noticeUID=DO1.NTC.1477012\" target=\"_blank\" title=\"Detalles\"><i class=\"fas fa-2x fa-link\"><\/i><\/a><\/div><\/div><\/div><div class=\"jumbotron archivos\"><div class=\"row align-items-center\"><div class=\"col\"><h6><a class=\"text-dark\" href=\"https:\/\/comunidad.comprasdominicana.gob.do\/\/Public\/Tendering\/OpportunityDetail\/Index?noticeUID=DO1.NTC.1477308\" title=\"Ver\" target=\"_blank\">INESPRE-DAF-CM-2024-0066<\/a><\/h6><p class=\"mb-0 bold\">Adquisici\u00f3n de Sal molida 454 gramos dirigido a Mipymes Industrial<\/p><p class=\"mb-0\" style=\"font-size: .85rem\"><strong title=\"Estado del Proceso\"><i class=\"fas fa-spinner\"><\/i><\/strong> Proceso adjudicado y celebrado<\/p><p class=\"mb-0\" style=\"font-size: .85rem\"><strong title=\"Fecha de Publicaci\u00f3n\"><i class=\"fas fa-calendar-alt\"><\/i><\/strong> Publicado el viernes, 22 de noviembre de 2024<\/p><\/div><div class=\"col-auto mt-md-0 mt-2\"><a class=\"btn btn-primary btn-lg px-lg-4 d-none d-md-block\" href=\"https:\/\/comunidad.comprasdominicana.gob.do\/\/Public\/Tendering\/OpportunityDetail\/Index?noticeUID=DO1.NTC.1477308\" target=\"_blank\" title=\"Detalles\"><i class=\"fas fa-link\"><\/i> DETALLES<\/a><a class=\"btn btn-primary btn-lg px-lg-4 d-block d-md-none\" href=\"https:\/\/comunidad.comprasdominicana.gob.do\/\/Public\/Tendering\/OpportunityDetail\/Index?noticeUID=DO1.NTC.1477308\" target=\"_blank\" title=\"Detalles\"><i class=\"fas fa-2x fa-link\"><\/i><\/a><\/div><\/div><\/div><\/div><\/div><\/div>\n        <div class=\"card\">\n            <div class=\"card-header parents\" id=\"heading_procedimientos-de-contrataci-n-dirigidos-a-las-micro-peque-as-y-medianas-empresas-mipymes--69f73f7454400-2024-69f73f7454400-julio-69f73f7454400\">\n                <p class=\"title text-blue mb-0\">\n                    <a class=\"btn-block hover text-left collapsed\" data-toggle=\"collapse\" data-target=\"#collap_procedimientos-de-contrataci-n-dirigidos-a-las-micro-peque-as-y-medianas-empresas-mipymes--69f73f7454400-2024-69f73f7454400-julio-69f73f7454400\" aria-expanded=\"false\" aria-controls=\"collap_procedimientos-de-contrataci-n-dirigidos-a-las-micro-peque-as-y-medianas-empresas-mipymes--69f73f7454400-2024-69f73f7454400-julio-69f73f7454400\">Julio<\/a>\n                <\/p>\n            <\/div>\n            <div id=\"collap_procedimientos-de-contrataci-n-dirigidos-a-las-micro-peque-as-y-medianas-empresas-mipymes--69f73f7454400-2024-69f73f7454400-julio-69f73f7454400\" class=\"collapse\" aria-labelledby=\"heading_procedimientos-de-contrataci-n-dirigidos-a-las-micro-peque-as-y-medianas-empresas-mipymes--69f73f7454400-2024-69f73f7454400-julio-69f73f7454400\" data-parent=\"#collap_procedimientos-de-contrataci-n-dirigidos-a-las-micro-peque-as-y-medianas-empresas-mipymes--69f73f7454400-2024-69f73f7454400\">\n                <div class=\"card-body\"><div class=\"jumbotron archivos\"><div class=\"row align-items-center\"><div class=\"col\"><h6><a class=\"text-dark\" href=\"https:\/\/comunidad.comprasdominicana.gob.do\/\/Public\/Tendering\/OpportunityDetail\/Index?noticeUID=DO1.NTC.1424453\" title=\"Ver\" target=\"_blank\">INESPRE-DAF-CM-2024-0049<\/a><\/h6><p class=\"mb-0 bold\">Servicio de alquiler de cuatro (04) Contenedores para Oficinas y Almac\u00e9n de 40 pies cada uno, por cuatro (04) meses, dirigido a Mipymes<\/p><p class=\"mb-0\" style=\"font-size: .85rem\"><strong title=\"Estado del Proceso\"><i class=\"fas fa-spinner\"><\/i><\/strong> Proceso adjudicado y celebrado<\/p><p class=\"mb-0\" style=\"font-size: .85rem\"><strong title=\"Fecha de Publicaci\u00f3n\"><i class=\"fas fa-calendar-alt\"><\/i><\/strong> Publicado el mi\u00e9rcoles, 17 de julio de 2024<\/p><\/div><div class=\"col-auto mt-md-0 mt-2\"><a class=\"btn btn-primary btn-lg px-lg-4 d-none d-md-block\" href=\"https:\/\/comunidad.comprasdominicana.gob.do\/\/Public\/Tendering\/OpportunityDetail\/Index?noticeUID=DO1.NTC.1424453\" target=\"_blank\" title=\"Detalles\"><i class=\"fas fa-link\"><\/i> DETALLES<\/a><a class=\"btn btn-primary btn-lg px-lg-4 d-block d-md-none\" href=\"https:\/\/comunidad.comprasdominicana.gob.do\/\/Public\/Tendering\/OpportunityDetail\/Index?noticeUID=DO1.NTC.1424453\" target=\"_blank\" title=\"Detalles\"><i class=\"fas fa-2x fa-link\"><\/i><\/a><\/div><\/div><\/div><div class=\"jumbotron archivos\"><div class=\"row align-items-center\"><div class=\"col\"><h6><a class=\"text-dark\" href=\"https:\/\/comunidad.comprasdominicana.gob.do\/\/Public\/Tendering\/OpportunityDetail\/Index?noticeUID=DO1.NTC.1423648\" title=\"Ver\" target=\"_blank\">INESPRE-DAF-CM-2024-0048<\/a><\/h6><p class=\"mb-0 bold\">Adquisici\u00f3n de Suministros de oficina dirigido a Mipymes Mujeres (Compra Verdes)<\/p><p class=\"mb-0\" style=\"font-size: .85rem\"><strong title=\"Estado del Proceso\"><i class=\"fas fa-spinner\"><\/i><\/strong> Proceso adjudicado y celebrado<\/p><p class=\"mb-0\" style=\"font-size: .85rem\"><strong title=\"Fecha de Publicaci\u00f3n\"><i class=\"fas fa-calendar-alt\"><\/i><\/strong> Publicado el martes, 16 de julio de 2024<\/p><\/div><div class=\"col-auto mt-md-0 mt-2\"><a class=\"btn btn-primary btn-lg px-lg-4 d-none d-md-block\" href=\"https:\/\/comunidad.comprasdominicana.gob.do\/\/Public\/Tendering\/OpportunityDetail\/Index?noticeUID=DO1.NTC.1423648\" target=\"_blank\" title=\"Detalles\"><i class=\"fas fa-link\"><\/i> DETALLES<\/a><a class=\"btn btn-primary btn-lg px-lg-4 d-block d-md-none\" href=\"https:\/\/comunidad.comprasdominicana.gob.do\/\/Public\/Tendering\/OpportunityDetail\/Index?noticeUID=DO1.NTC.1423648\" target=\"_blank\" title=\"Detalles\"><i class=\"fas fa-2x fa-link\"><\/i><\/a><\/div><\/div><\/div><\/div><\/div><\/div>\n        <div class=\"card\">\n            <div class=\"card-header parents\" id=\"heading_procedimientos-de-contrataci-n-dirigidos-a-las-micro-peque-as-y-medianas-empresas-mipymes--69f73f7454400-2024-69f73f7454400-junio-69f73f7454400\">\n                <p class=\"title text-blue mb-0\">\n                    <a class=\"btn-block hover text-left collapsed\" data-toggle=\"collapse\" data-target=\"#collap_procedimientos-de-contrataci-n-dirigidos-a-las-micro-peque-as-y-medianas-empresas-mipymes--69f73f7454400-2024-69f73f7454400-junio-69f73f7454400\" aria-expanded=\"false\" aria-controls=\"collap_procedimientos-de-contrataci-n-dirigidos-a-las-micro-peque-as-y-medianas-empresas-mipymes--69f73f7454400-2024-69f73f7454400-junio-69f73f7454400\">Junio<\/a>\n                <\/p>\n            <\/div>\n            <div id=\"collap_procedimientos-de-contrataci-n-dirigidos-a-las-micro-peque-as-y-medianas-empresas-mipymes--69f73f7454400-2024-69f73f7454400-junio-69f73f7454400\" class=\"collapse\" aria-labelledby=\"heading_procedimientos-de-contrataci-n-dirigidos-a-las-micro-peque-as-y-medianas-empresas-mipymes--69f73f7454400-2024-69f73f7454400-junio-69f73f7454400\" data-parent=\"#collap_procedimientos-de-contrataci-n-dirigidos-a-las-micro-peque-as-y-medianas-empresas-mipymes--69f73f7454400-2024-69f73f7454400\">\n                <div class=\"card-body\"><div class=\"jumbotron archivos\"><div class=\"row align-items-center\"><div class=\"col\"><h6><a class=\"text-dark\" href=\"https:\/\/comunidad.comprasdominicana.gob.do\/\/Public\/Tendering\/OpportunityDetail\/Index?noticeUID=DO1.NTC.1417836\" title=\"Ver\" target=\"_blank\">INESPRE-DAF-CM-2024-0046<\/a><\/h6><p class=\"mb-0 bold\">Adquisici\u00f3n de Suministros de oficina dirigido a Mipymes Mujeres (Compra Verdes)<\/p><p class=\"mb-0\" style=\"font-size: .85rem\"><strong title=\"Estado del Proceso\"><i class=\"fas fa-spinner\"><\/i><\/strong> Proceso desierto<\/p><p class=\"mb-0\" style=\"font-size: .85rem\"><strong title=\"Fecha de Publicaci\u00f3n\"><i class=\"fas fa-calendar-alt\"><\/i><\/strong> Publicado el viernes, 28 de junio de 2024<\/p><\/div><div class=\"col-auto mt-md-0 mt-2\"><a class=\"btn btn-primary btn-lg px-lg-4 d-none d-md-block\" href=\"https:\/\/comunidad.comprasdominicana.gob.do\/\/Public\/Tendering\/OpportunityDetail\/Index?noticeUID=DO1.NTC.1417836\" target=\"_blank\" title=\"Detalles\"><i class=\"fas fa-link\"><\/i> DETALLES<\/a><a class=\"btn btn-primary btn-lg px-lg-4 d-block d-md-none\" href=\"https:\/\/comunidad.comprasdominicana.gob.do\/\/Public\/Tendering\/OpportunityDetail\/Index?noticeUID=DO1.NTC.1417836\" target=\"_blank\" title=\"Detalles\"><i class=\"fas fa-2x fa-link\"><\/i><\/a><\/div><\/div><\/div><div class=\"jumbotron archivos\"><div class=\"row align-items-center\"><div class=\"col\"><h6><a class=\"text-dark\" href=\"https:\/\/comunidad.comprasdominicana.gob.do\/\/Public\/Tendering\/OpportunityDetail\/Index?noticeUID=DO1.NTC.1417830\" title=\"Ver\" target=\"_blank\">INESPRE-DAF-CD-2024-0026<\/a><\/h6><p class=\"mb-0 bold\">Adquisici\u00f3n de Papel de ba\u00f1os, servilletas y papel transparente dirigida a Mipyme Mujer <\/p><p class=\"mb-0\" style=\"font-size: .85rem\"><strong title=\"Estado del Proceso\"><i class=\"fas fa-spinner\"><\/i><\/strong> Proceso adjudicado y celebrado<\/p><p class=\"mb-0\" style=\"font-size: .85rem\"><strong title=\"Fecha de Publicaci\u00f3n\"><i class=\"fas fa-calendar-alt\"><\/i><\/strong> Publicado el viernes, 28 de junio de 2024<\/p><\/div><div class=\"col-auto mt-md-0 mt-2\"><a class=\"btn btn-primary btn-lg px-lg-4 d-none d-md-block\" href=\"https:\/\/comunidad.comprasdominicana.gob.do\/\/Public\/Tendering\/OpportunityDetail\/Index?noticeUID=DO1.NTC.1417830\" target=\"_blank\" title=\"Detalles\"><i class=\"fas fa-link\"><\/i> DETALLES<\/a><a class=\"btn btn-primary btn-lg px-lg-4 d-block d-md-none\" href=\"https:\/\/comunidad.comprasdominicana.gob.do\/\/Public\/Tendering\/OpportunityDetail\/Index?noticeUID=DO1.NTC.1417830\" target=\"_blank\" title=\"Detalles\"><i class=\"fas fa-2x fa-link\"><\/i><\/a><\/div><\/div><\/div><div class=\"jumbotron archivos\"><div class=\"row align-items-center\"><div class=\"col\"><h6><a class=\"text-dark\" href=\"https:\/\/comunidad.comprasdominicana.gob.do\/\/Public\/Tendering\/OpportunityDetail\/Index?noticeUID=DO1.NTC.1417237\" title=\"Ver\" target=\"_blank\">INESPRE-CCC-CP-2024-0003<\/a><\/h6><p class=\"mb-0 bold\">Adquisici\u00f3n de Rollos de L\u00e1minas Transparentes con logo, dirigido exclusivamente a\nMIPYMES y MIPYMES MUJERES.<\/p><p class=\"mb-0\" style=\"font-size: .85rem\"><strong title=\"Estado del Proceso\"><i class=\"fas fa-spinner\"><\/i><\/strong> Proceso adjudicado y celebrado<\/p><p class=\"mb-0\" style=\"font-size: .85rem\"><strong title=\"Fecha de Publicaci\u00f3n\"><i class=\"fas fa-calendar-alt\"><\/i><\/strong> Publicado el jueves, 27 de junio de 2024<\/p><\/div><div class=\"col-auto mt-md-0 mt-2\"><a class=\"btn btn-primary btn-lg px-lg-4 d-none d-md-block\" href=\"https:\/\/comunidad.comprasdominicana.gob.do\/\/Public\/Tendering\/OpportunityDetail\/Index?noticeUID=DO1.NTC.1417237\" target=\"_blank\" title=\"Detalles\"><i class=\"fas fa-link\"><\/i> DETALLES<\/a><a class=\"btn btn-primary btn-lg px-lg-4 d-block d-md-none\" href=\"https:\/\/comunidad.comprasdominicana.gob.do\/\/Public\/Tendering\/OpportunityDetail\/Index?noticeUID=DO1.NTC.1417237\" target=\"_blank\" title=\"Detalles\"><i class=\"fas fa-2x fa-link\"><\/i><\/a><\/div><\/div><\/div><div class=\"jumbotron archivos\"><div class=\"row align-items-center\"><div class=\"col\"><h6><a class=\"text-dark\" href=\"https:\/\/comunidad.comprasdominicana.gob.do\/\/Public\/Tendering\/OpportunityDetail\/Index?noticeUID=DO1.NTC.1417230\" title=\"Ver\" target=\"_blank\">INESPRE-CCC-CP-2024-0002<\/a><\/h6><p class=\"mb-0 bold\">Adquisici\u00f3n de Malla para empaque, dirigido a Mipymes y Mipymes Mujeres<\/p><p class=\"mb-0\" style=\"font-size: .85rem\"><strong title=\"Estado del Proceso\"><i class=\"fas fa-spinner\"><\/i><\/strong> Proceso desierto<\/p><p class=\"mb-0\" style=\"font-size: .85rem\"><strong title=\"Fecha de Publicaci\u00f3n\"><i class=\"fas fa-calendar-alt\"><\/i><\/strong> Publicado el jueves, 27 de junio de 2024<\/p><\/div><div class=\"col-auto mt-md-0 mt-2\"><a class=\"btn btn-primary btn-lg px-lg-4 d-none d-md-block\" href=\"https:\/\/comunidad.comprasdominicana.gob.do\/\/Public\/Tendering\/OpportunityDetail\/Index?noticeUID=DO1.NTC.1417230\" target=\"_blank\" title=\"Detalles\"><i class=\"fas fa-link\"><\/i> DETALLES<\/a><a class=\"btn btn-primary btn-lg px-lg-4 d-block d-md-none\" href=\"https:\/\/comunidad.comprasdominicana.gob.do\/\/Public\/Tendering\/OpportunityDetail\/Index?noticeUID=DO1.NTC.1417230\" target=\"_blank\" title=\"Detalles\"><i class=\"fas fa-2x fa-link\"><\/i><\/a><\/div><\/div><\/div><div class=\"jumbotron archivos\"><div class=\"row align-items-center\"><div class=\"col\"><h6><a class=\"text-dark\" href=\"https:\/\/comunidad.comprasdominicana.gob.do\/\/Public\/Tendering\/OpportunityDetail\/Index?noticeUID=DO1.NTC.1411825\" title=\"Ver\" target=\"_blank\">INESPRE-DAF-CM-2024-0042<\/a><\/h6><p class=\"mb-0 bold\">Adquisici\u00f3n de Alimentos y Bebidas para consumo Institucional dirigido a Mipymes Mujer<\/p><p class=\"mb-0\" style=\"font-size: .85rem\"><strong title=\"Estado del Proceso\"><i class=\"fas fa-spinner\"><\/i><\/strong> Proceso adjudicado y celebrado<\/p><p class=\"mb-0\" style=\"font-size: .85rem\"><strong title=\"Fecha de Publicaci\u00f3n\"><i class=\"fas fa-calendar-alt\"><\/i><\/strong> Publicado el mi\u00e9rcoles, 12 de junio de 2024<\/p><\/div><div class=\"col-auto mt-md-0 mt-2\"><a class=\"btn btn-primary btn-lg px-lg-4 d-none d-md-block\" href=\"https:\/\/comunidad.comprasdominicana.gob.do\/\/Public\/Tendering\/OpportunityDetail\/Index?noticeUID=DO1.NTC.1411825\" target=\"_blank\" title=\"Detalles\"><i class=\"fas fa-link\"><\/i> DETALLES<\/a><a class=\"btn btn-primary btn-lg px-lg-4 d-block d-md-none\" href=\"https:\/\/comunidad.comprasdominicana.gob.do\/\/Public\/Tendering\/OpportunityDetail\/Index?noticeUID=DO1.NTC.1411825\" target=\"_blank\" title=\"Detalles\"><i class=\"fas fa-2x fa-link\"><\/i><\/a><\/div><\/div><\/div><div class=\"jumbotron archivos\"><div class=\"row align-items-center\"><div class=\"col\"><h6><a class=\"text-dark\" href=\"https:\/\/comunidad.comprasdominicana.gob.do\/\/Public\/Tendering\/OpportunityDetail\/Index?noticeUID=DO1.NTC.1411418\" title=\"Ver\" target=\"_blank\">INESPRE-DAF-CM-2024-0038<\/a><\/h6><p class=\"mb-0 bold\">Adquisici\u00f3n de Pasta de Tomate dirigido a Mipymes Industriales<\/p><p class=\"mb-0\" style=\"font-size: .85rem\"><strong title=\"Estado del Proceso\"><i class=\"fas fa-spinner\"><\/i><\/strong> Proceso adjudicado y celebrado<\/p><p class=\"mb-0\" style=\"font-size: .85rem\"><strong title=\"Fecha de Publicaci\u00f3n\"><i class=\"fas fa-calendar-alt\"><\/i><\/strong> Publicado el mi\u00e9rcoles, 12 de junio de 2024<\/p><\/div><div class=\"col-auto mt-md-0 mt-2\"><a class=\"btn btn-primary btn-lg px-lg-4 d-none d-md-block\" href=\"https:\/\/comunidad.comprasdominicana.gob.do\/\/Public\/Tendering\/OpportunityDetail\/Index?noticeUID=DO1.NTC.1411418\" target=\"_blank\" title=\"Detalles\"><i class=\"fas fa-link\"><\/i> DETALLES<\/a><a class=\"btn btn-primary btn-lg px-lg-4 d-block d-md-none\" href=\"https:\/\/comunidad.comprasdominicana.gob.do\/\/Public\/Tendering\/OpportunityDetail\/Index?noticeUID=DO1.NTC.1411418\" target=\"_blank\" title=\"Detalles\"><i class=\"fas fa-2x fa-link\"><\/i><\/a><\/div><\/div><\/div><div class=\"jumbotron archivos\"><div class=\"row align-items-center\"><div class=\"col\"><h6><a class=\"text-dark\" href=\"https:\/\/comunidad.comprasdominicana.gob.do\/\/Public\/Tendering\/OpportunityDetail\/Index?noticeUID=DO1.NTC.1411229\" title=\"Ver\" target=\"_blank\">INESPRE-DAF-CM-2024-0041<\/a><\/h6><p class=\"mb-0 bold\">Adquisici\u00f3n de leche en polvo 125 gramos dirigido a Mipymes Mujer<\/p><p class=\"mb-0\" style=\"font-size: .85rem\"><strong title=\"Estado del Proceso\"><i class=\"fas fa-spinner\"><\/i><\/strong> Proceso adjudicado y celebrado<\/p><p class=\"mb-0\" style=\"font-size: .85rem\"><strong title=\"Fecha de Publicaci\u00f3n\"><i class=\"fas fa-calendar-alt\"><\/i><\/strong> Publicado el martes, 11 de junio de 2024<\/p><\/div><div class=\"col-auto mt-md-0 mt-2\"><a class=\"btn btn-primary btn-lg px-lg-4 d-none d-md-block\" href=\"https:\/\/comunidad.comprasdominicana.gob.do\/\/Public\/Tendering\/OpportunityDetail\/Index?noticeUID=DO1.NTC.1411229\" target=\"_blank\" title=\"Detalles\"><i class=\"fas fa-link\"><\/i> DETALLES<\/a><a class=\"btn btn-primary btn-lg px-lg-4 d-block d-md-none\" href=\"https:\/\/comunidad.comprasdominicana.gob.do\/\/Public\/Tendering\/OpportunityDetail\/Index?noticeUID=DO1.NTC.1411229\" target=\"_blank\" title=\"Detalles\"><i class=\"fas fa-2x fa-link\"><\/i><\/a><\/div><\/div><\/div><div class=\"jumbotron archivos\"><div class=\"row align-items-center\"><div class=\"col\"><h6><a class=\"text-dark\" href=\"https:\/\/comunidad.comprasdominicana.gob.do\/\/Public\/Tendering\/OpportunityDetail\/Index?noticeUID=DO1.NTC.1411033\" title=\"Ver\" target=\"_blank\">INESPRE-DAF-CM-2024-0037<\/a><\/h6><p class=\"mb-0 bold\">Adquisici\u00f3n de Salchichas de Cerdo 10 Onzas dirigido a Mipymes Mujer<\/p><p class=\"mb-0\" style=\"font-size: .85rem\"><strong title=\"Estado del Proceso\"><i class=\"fas fa-spinner\"><\/i><\/strong> Proceso adjudicado y celebrado<\/p><p class=\"mb-0\" style=\"font-size: .85rem\"><strong title=\"Fecha de Publicaci\u00f3n\"><i class=\"fas fa-calendar-alt\"><\/i><\/strong> Publicado el martes, 11 de junio de 2024<\/p><\/div><div class=\"col-auto mt-md-0 mt-2\"><a class=\"btn btn-primary btn-lg px-lg-4 d-none d-md-block\" href=\"https:\/\/comunidad.comprasdominicana.gob.do\/\/Public\/Tendering\/OpportunityDetail\/Index?noticeUID=DO1.NTC.1411033\" target=\"_blank\" title=\"Detalles\"><i class=\"fas fa-link\"><\/i> DETALLES<\/a><a class=\"btn btn-primary btn-lg px-lg-4 d-block d-md-none\" href=\"https:\/\/comunidad.comprasdominicana.gob.do\/\/Public\/Tendering\/OpportunityDetail\/Index?noticeUID=DO1.NTC.1411033\" target=\"_blank\" title=\"Detalles\"><i class=\"fas fa-2x fa-link\"><\/i><\/a><\/div><\/div><\/div><div class=\"jumbotron archivos\"><div class=\"row align-items-center\"><div class=\"col\"><h6><a class=\"text-dark\" href=\"https:\/\/comunidad.comprasdominicana.gob.do\/\/Public\/Tendering\/OpportunityDetail\/Index?noticeUID=DO1.NTC.1411211\" title=\"Ver\" target=\"_blank\">INESPRE-DAF-CM-2024-0034<\/a><\/h6><p class=\"mb-0 bold\">Adquisici\u00f3n de Sal molida dirigido a Mipymes Industriales <\/p><p class=\"mb-0\" style=\"font-size: .85rem\"><strong title=\"Estado del Proceso\"><i class=\"fas fa-spinner\"><\/i><\/strong> Proceso adjudicado y celebrado<\/p><p class=\"mb-0\" style=\"font-size: .85rem\"><strong title=\"Fecha de Publicaci\u00f3n\"><i class=\"fas fa-calendar-alt\"><\/i><\/strong> Publicado el martes, 11 de junio de 2024<\/p><\/div><div class=\"col-auto mt-md-0 mt-2\"><a class=\"btn btn-primary btn-lg px-lg-4 d-none d-md-block\" href=\"https:\/\/comunidad.comprasdominicana.gob.do\/\/Public\/Tendering\/OpportunityDetail\/Index?noticeUID=DO1.NTC.1411211\" target=\"_blank\" title=\"Detalles\"><i class=\"fas fa-link\"><\/i> DETALLES<\/a><a class=\"btn btn-primary btn-lg px-lg-4 d-block d-md-none\" href=\"https:\/\/comunidad.comprasdominicana.gob.do\/\/Public\/Tendering\/OpportunityDetail\/Index?noticeUID=DO1.NTC.1411211\" target=\"_blank\" title=\"Detalles\"><i class=\"fas fa-2x fa-link\"><\/i><\/a><\/div><\/div><\/div><div class=\"jumbotron archivos\"><div class=\"row align-items-center\"><div class=\"col\"><h6><a class=\"text-dark\" href=\"https:\/\/comunidad.comprasdominicana.gob.do\/\/Public\/Tendering\/OpportunityDetail\/Index?noticeUID=DO1.NTC.1411210\" title=\"Ver\" target=\"_blank\">INESPRE-DAF-CM-2024-0036<\/a><\/h6><p class=\"mb-0 bold\">Adquisici\u00f3n de Espaguetis dirigido a Mipymes<\/p><p class=\"mb-0\" style=\"font-size: .85rem\"><strong title=\"Estado del Proceso\"><i class=\"fas fa-spinner\"><\/i><\/strong> Proceso adjudicado y celebrado<\/p><p class=\"mb-0\" style=\"font-size: .85rem\"><strong title=\"Fecha de Publicaci\u00f3n\"><i class=\"fas fa-calendar-alt\"><\/i><\/strong> Publicado el martes, 11 de junio de 2024<\/p><\/div><div class=\"col-auto mt-md-0 mt-2\"><a class=\"btn btn-primary btn-lg px-lg-4 d-none d-md-block\" href=\"https:\/\/comunidad.comprasdominicana.gob.do\/\/Public\/Tendering\/OpportunityDetail\/Index?noticeUID=DO1.NTC.1411210\" target=\"_blank\" title=\"Detalles\"><i class=\"fas fa-link\"><\/i> DETALLES<\/a><a class=\"btn btn-primary btn-lg px-lg-4 d-block d-md-none\" href=\"https:\/\/comunidad.comprasdominicana.gob.do\/\/Public\/Tendering\/OpportunityDetail\/Index?noticeUID=DO1.NTC.1411210\" target=\"_blank\" title=\"Detalles\"><i class=\"fas fa-2x fa-link\"><\/i><\/a><\/div><\/div><\/div><div class=\"jumbotron archivos\"><div class=\"row align-items-center\"><div class=\"col\"><h6><a class=\"text-dark\" href=\"https:\/\/comunidad.comprasdominicana.gob.do\/\/Public\/Tendering\/OpportunityDetail\/Index?noticeUID=DO1.NTC.1410447\" title=\"Ver\" target=\"_blank\">INESPRE-DAF-CM-2024-0030<\/a><\/h6><p class=\"mb-0 bold\">Adquisici\u00f3n de Saz\u00f3n en polvo y Vinagre dorado dirigido a Mipymes Mujeres<\/p><p class=\"mb-0\" style=\"font-size: .85rem\"><strong title=\"Estado del Proceso\"><i class=\"fas fa-spinner\"><\/i><\/strong> Proceso adjudicado y celebrado<\/p><p class=\"mb-0\" style=\"font-size: .85rem\"><strong title=\"Fecha de Publicaci\u00f3n\"><i class=\"fas fa-calendar-alt\"><\/i><\/strong> Publicado el lunes, 10 de junio de 2024<\/p><\/div><div class=\"col-auto mt-md-0 mt-2\"><a class=\"btn btn-primary btn-lg px-lg-4 d-none d-md-block\" href=\"https:\/\/comunidad.comprasdominicana.gob.do\/\/Public\/Tendering\/OpportunityDetail\/Index?noticeUID=DO1.NTC.1410447\" target=\"_blank\" title=\"Detalles\"><i class=\"fas fa-link\"><\/i> DETALLES<\/a><a class=\"btn btn-primary btn-lg px-lg-4 d-block d-md-none\" href=\"https:\/\/comunidad.comprasdominicana.gob.do\/\/Public\/Tendering\/OpportunityDetail\/Index?noticeUID=DO1.NTC.1410447\" target=\"_blank\" title=\"Detalles\"><i class=\"fas fa-2x fa-link\"><\/i><\/a><\/div><\/div><\/div><div class=\"jumbotron archivos\"><div class=\"row align-items-center\"><div class=\"col\"><h6><a class=\"text-dark\" href=\"https:\/\/comunidad.comprasdominicana.gob.do\/\/Public\/Tendering\/OpportunityDetail\/Index?noticeUID=DO1.NTC.1410446\" title=\"Ver\" target=\"_blank\">INESPRE-DAF-CM-2024-0031<\/a><\/h6><p class=\"mb-0 bold\">Adquisici\u00f3n de Harina de Ma\u00edz dirigido a Mipymes<\/p><p class=\"mb-0\" style=\"font-size: .85rem\"><strong title=\"Estado del Proceso\"><i class=\"fas fa-spinner\"><\/i><\/strong> Proceso adjudicado y celebrado<\/p><p class=\"mb-0\" style=\"font-size: .85rem\"><strong title=\"Fecha de Publicaci\u00f3n\"><i class=\"fas fa-calendar-alt\"><\/i><\/strong> Publicado el lunes, 10 de junio de 2024<\/p><\/div><div class=\"col-auto mt-md-0 mt-2\"><a class=\"btn btn-primary btn-lg px-lg-4 d-none d-md-block\" href=\"https:\/\/comunidad.comprasdominicana.gob.do\/\/Public\/Tendering\/OpportunityDetail\/Index?noticeUID=DO1.NTC.1410446\" target=\"_blank\" title=\"Detalles\"><i class=\"fas fa-link\"><\/i> DETALLES<\/a><a class=\"btn btn-primary btn-lg px-lg-4 d-block d-md-none\" href=\"https:\/\/comunidad.comprasdominicana.gob.do\/\/Public\/Tendering\/OpportunityDetail\/Index?noticeUID=DO1.NTC.1410446\" target=\"_blank\" title=\"Detalles\"><i class=\"fas fa-2x fa-link\"><\/i><\/a><\/div><\/div><\/div><\/div><\/div><\/div>\n        <div class=\"card\">\n            <div class=\"card-header parents\" id=\"heading_procedimientos-de-contrataci-n-dirigidos-a-las-micro-peque-as-y-medianas-empresas-mipymes--69f73f7454400-2024-69f73f7454400-mayo-69f73f7454400\">\n                <p class=\"title text-blue mb-0\">\n                    <a class=\"btn-block hover text-left collapsed\" data-toggle=\"collapse\" data-target=\"#collap_procedimientos-de-contrataci-n-dirigidos-a-las-micro-peque-as-y-medianas-empresas-mipymes--69f73f7454400-2024-69f73f7454400-mayo-69f73f7454400\" aria-expanded=\"false\" aria-controls=\"collap_procedimientos-de-contrataci-n-dirigidos-a-las-micro-peque-as-y-medianas-empresas-mipymes--69f73f7454400-2024-69f73f7454400-mayo-69f73f7454400\">Mayo<\/a>\n                <\/p>\n            <\/div>\n            <div id=\"collap_procedimientos-de-contrataci-n-dirigidos-a-las-micro-peque-as-y-medianas-empresas-mipymes--69f73f7454400-2024-69f73f7454400-mayo-69f73f7454400\" class=\"collapse\" aria-labelledby=\"heading_procedimientos-de-contrataci-n-dirigidos-a-las-micro-peque-as-y-medianas-empresas-mipymes--69f73f7454400-2024-69f73f7454400-mayo-69f73f7454400\" data-parent=\"#collap_procedimientos-de-contrataci-n-dirigidos-a-las-micro-peque-as-y-medianas-empresas-mipymes--69f73f7454400-2024-69f73f7454400\">\n                <div class=\"card-body\"><div class=\"jumbotron archivos\"><div class=\"row align-items-center\"><div class=\"col\"><h6><a class=\"text-dark\" href=\"https:\/\/comunidad.comprasdominicana.gob.do\/\/Public\/Tendering\/OpportunityDetail\/Index?noticeUID=DO1.NTC.1400628\" title=\"Ver\" target=\"_blank\">INESPRE-DAF-CM-2024-0028<\/a><\/h6><p class=\"mb-0 bold\">Servicio de alquiler de dos contenedores refrigerados por un periodo de tres (03) meses dirigido a Mipymes Mujeres<\/p><p class=\"mb-0\" style=\"font-size: .85rem\"><strong title=\"Estado del Proceso\"><i class=\"fas fa-spinner\"><\/i><\/strong> Proceso adjudicado y celebrado<\/p><p class=\"mb-0\" style=\"font-size: .85rem\"><strong title=\"Fecha de Publicaci\u00f3n\"><i class=\"fas fa-calendar-alt\"><\/i><\/strong> Publicado el mi\u00e9rcoles, 15 de mayo de 2024<\/p><\/div><div class=\"col-auto mt-md-0 mt-2\"><a class=\"btn btn-primary btn-lg px-lg-4 d-none d-md-block\" href=\"https:\/\/comunidad.comprasdominicana.gob.do\/\/Public\/Tendering\/OpportunityDetail\/Index?noticeUID=DO1.NTC.1400628\" target=\"_blank\" title=\"Detalles\"><i class=\"fas fa-link\"><\/i> DETALLES<\/a><a class=\"btn btn-primary btn-lg px-lg-4 d-block d-md-none\" href=\"https:\/\/comunidad.comprasdominicana.gob.do\/\/Public\/Tendering\/OpportunityDetail\/Index?noticeUID=DO1.NTC.1400628\" target=\"_blank\" title=\"Detalles\"><i class=\"fas fa-2x fa-link\"><\/i><\/a><\/div><\/div><\/div><\/div><\/div><\/div>\n        <div class=\"card\">\n            <div class=\"card-header parents\" id=\"heading_procedimientos-de-contrataci-n-dirigidos-a-las-micro-peque-as-y-medianas-empresas-mipymes--69f73f7454400-2024-69f73f7454400-abril-69f73f7454400\">\n                <p class=\"title text-blue mb-0\">\n                    <a class=\"btn-block hover text-left collapsed\" data-toggle=\"collapse\" data-target=\"#collap_procedimientos-de-contrataci-n-dirigidos-a-las-micro-peque-as-y-medianas-empresas-mipymes--69f73f7454400-2024-69f73f7454400-abril-69f73f7454400\" aria-expanded=\"false\" aria-controls=\"collap_procedimientos-de-contrataci-n-dirigidos-a-las-micro-peque-as-y-medianas-empresas-mipymes--69f73f7454400-2024-69f73f7454400-abril-69f73f7454400\">Abril<\/a>\n                <\/p>\n            <\/div>\n            <div id=\"collap_procedimientos-de-contrataci-n-dirigidos-a-las-micro-peque-as-y-medianas-empresas-mipymes--69f73f7454400-2024-69f73f7454400-abril-69f73f7454400\" class=\"collapse\" aria-labelledby=\"heading_procedimientos-de-contrataci-n-dirigidos-a-las-micro-peque-as-y-medianas-empresas-mipymes--69f73f7454400-2024-69f73f7454400-abril-69f73f7454400\" data-parent=\"#collap_procedimientos-de-contrataci-n-dirigidos-a-las-micro-peque-as-y-medianas-empresas-mipymes--69f73f7454400-2024-69f73f7454400\">\n                <div class=\"card-body\"><div class=\"jumbotron archivos\"><div class=\"row align-items-center\"><div class=\"col\"><h6><a class=\"text-dark\" href=\"https:\/\/comunidad.comprasdominicana.gob.do\/\/Public\/Tendering\/OpportunityDetail\/Index?noticeUID=DO1.NTC.1393431\" title=\"Ver\" target=\"_blank\">INESPRE-DAF-CM-2024-0026<\/a><\/h6><p class=\"mb-0 bold\">Adquisici\u00f3n de materiales para instalaci\u00f3n de compresor de aire para maquina empacadora dirigido a Mipymes Mujeres<\/p><p class=\"mb-0\" style=\"font-size: .85rem\"><strong title=\"Estado del Proceso\"><i class=\"fas fa-spinner\"><\/i><\/strong> Proceso adjudicado y celebrado<\/p><p class=\"mb-0\" style=\"font-size: .85rem\"><strong title=\"Fecha de Publicaci\u00f3n\"><i class=\"fas fa-calendar-alt\"><\/i><\/strong> Publicado el viernes, 26 de abril de 2024<\/p><\/div><div class=\"col-auto mt-md-0 mt-2\"><a class=\"btn btn-primary btn-lg px-lg-4 d-none d-md-block\" href=\"https:\/\/comunidad.comprasdominicana.gob.do\/\/Public\/Tendering\/OpportunityDetail\/Index?noticeUID=DO1.NTC.1393431\" target=\"_blank\" title=\"Detalles\"><i class=\"fas fa-link\"><\/i> DETALLES<\/a><a class=\"btn btn-primary btn-lg px-lg-4 d-block d-md-none\" href=\"https:\/\/comunidad.comprasdominicana.gob.do\/\/Public\/Tendering\/OpportunityDetail\/Index?noticeUID=DO1.NTC.1393431\" target=\"_blank\" title=\"Detalles\"><i class=\"fas fa-2x fa-link\"><\/i><\/a><\/div><\/div><\/div><\/div><\/div><\/div>\n        <div class=\"card\">\n            <div class=\"card-header parents\" id=\"heading_procedimientos-de-contrataci-n-dirigidos-a-las-micro-peque-as-y-medianas-empresas-mipymes--69f73f7454400-2024-69f73f7454400-marzo-69f73f7454400\">\n                <p class=\"title text-blue mb-0\">\n                    <a class=\"btn-block hover text-left collapsed\" data-toggle=\"collapse\" data-target=\"#collap_procedimientos-de-contrataci-n-dirigidos-a-las-micro-peque-as-y-medianas-empresas-mipymes--69f73f7454400-2024-69f73f7454400-marzo-69f73f7454400\" aria-expanded=\"false\" aria-controls=\"collap_procedimientos-de-contrataci-n-dirigidos-a-las-micro-peque-as-y-medianas-empresas-mipymes--69f73f7454400-2024-69f73f7454400-marzo-69f73f7454400\">Marzo<\/a>\n                <\/p>\n            <\/div>\n            <div id=\"collap_procedimientos-de-contrataci-n-dirigidos-a-las-micro-peque-as-y-medianas-empresas-mipymes--69f73f7454400-2024-69f73f7454400-marzo-69f73f7454400\" class=\"collapse\" aria-labelledby=\"heading_procedimientos-de-contrataci-n-dirigidos-a-las-micro-peque-as-y-medianas-empresas-mipymes--69f73f7454400-2024-69f73f7454400-marzo-69f73f7454400\" data-parent=\"#collap_procedimientos-de-contrataci-n-dirigidos-a-las-micro-peque-as-y-medianas-empresas-mipymes--69f73f7454400-2024-69f73f7454400\">\n                <div class=\"card-body\"><div class=\"jumbotron archivos\"><div class=\"row align-items-center\"><div class=\"col\"><h6><a class=\"text-dark\" href=\"https:\/\/comunidad.comprasdominicana.gob.do\/\/Public\/Tendering\/OpportunityDetail\/Index?noticeUID=DO1.NTC.1380613\" title=\"Ver\" target=\"_blank\">INESPRE-DAF-CM-2024-0021<\/a><\/h6><p class=\"mb-0 bold\">Adquisici\u00f3n de Herramientas dirigido a Mipymes Mujeres<\/p><p class=\"mb-0\" style=\"font-size: .85rem\"><strong title=\"Estado del Proceso\"><i class=\"fas fa-spinner\"><\/i><\/strong> Proceso adjudicado y celebrado<\/p><p class=\"mb-0\" style=\"font-size: .85rem\"><strong title=\"Fecha de Publicaci\u00f3n\"><i class=\"fas fa-calendar-alt\"><\/i><\/strong> Publicado el mi\u00e9rcoles, 27 de marzo de 2024<\/p><\/div><div class=\"col-auto mt-md-0 mt-2\"><a class=\"btn btn-primary btn-lg px-lg-4 d-none d-md-block\" href=\"https:\/\/comunidad.comprasdominicana.gob.do\/\/Public\/Tendering\/OpportunityDetail\/Index?noticeUID=DO1.NTC.1380613\" target=\"_blank\" title=\"Detalles\"><i class=\"fas fa-link\"><\/i> DETALLES<\/a><a class=\"btn btn-primary btn-lg px-lg-4 d-block d-md-none\" href=\"https:\/\/comunidad.comprasdominicana.gob.do\/\/Public\/Tendering\/OpportunityDetail\/Index?noticeUID=DO1.NTC.1380613\" target=\"_blank\" title=\"Detalles\"><i class=\"fas fa-2x fa-link\"><\/i><\/a><\/div><\/div><\/div><div class=\"jumbotron archivos\"><div class=\"row align-items-center\"><div class=\"col\"><h6><a class=\"text-dark\" href=\"https:\/\/comunidad.comprasdominicana.gob.do\/\/Public\/Tendering\/OpportunityDetail\/Index?noticeUID=DO1.NTC.1373824\" title=\"Ver\" target=\"_blank\">INESPRE-DAF-CM-2024-0017<\/a><\/h6><p class=\"mb-0 bold\">Servicio de Almacenes Refrigerados por un periodo de tres (03) meses dirigido a Mipymes Mujeres<\/p><p class=\"mb-0\" style=\"font-size: .85rem\"><strong title=\"Estado del Proceso\"><i class=\"fas fa-spinner\"><\/i><\/strong> Proceso adjudicado y celebrado<\/p><p class=\"mb-0\" style=\"font-size: .85rem\"><strong title=\"Fecha de Publicaci\u00f3n\"><i class=\"fas fa-calendar-alt\"><\/i><\/strong> Publicado el martes, 12 de marzo de 2024<\/p><\/div><div class=\"col-auto mt-md-0 mt-2\"><a class=\"btn btn-primary btn-lg px-lg-4 d-none d-md-block\" href=\"https:\/\/comunidad.comprasdominicana.gob.do\/\/Public\/Tendering\/OpportunityDetail\/Index?noticeUID=DO1.NTC.1373824\" target=\"_blank\" title=\"Detalles\"><i class=\"fas fa-link\"><\/i> DETALLES<\/a><a class=\"btn btn-primary btn-lg px-lg-4 d-block d-md-none\" href=\"https:\/\/comunidad.comprasdominicana.gob.do\/\/Public\/Tendering\/OpportunityDetail\/Index?noticeUID=DO1.NTC.1373824\" target=\"_blank\" title=\"Detalles\"><i class=\"fas fa-2x fa-link\"><\/i><\/a><\/div><\/div><\/div><div class=\"jumbotron archivos\"><div class=\"row align-items-center\"><div class=\"col\"><h6><a class=\"text-dark\" href=\"https:\/\/comunidad.comprasdominicana.gob.do\/\/Public\/Tendering\/OpportunityDetail\/Index?noticeUID=DO1.NTC.1373932\" title=\"Ver\" target=\"_blank\">INESPRE-DAF-CM-2024-0018<\/a><\/h6><p class=\"mb-0 bold\">Servicio de Montacarga por un periodo de tres (03) meses dirigido a Mipymes Mujeres<\/p><p class=\"mb-0\" style=\"font-size: .85rem\"><strong title=\"Estado del Proceso\"><i class=\"fas fa-spinner\"><\/i><\/strong> Proceso adjudicado y celebrado<\/p><p class=\"mb-0\" style=\"font-size: .85rem\"><strong title=\"Fecha de Publicaci\u00f3n\"><i class=\"fas fa-calendar-alt\"><\/i><\/strong> Publicado el martes, 12 de marzo de 2024<\/p><\/div><div class=\"col-auto mt-md-0 mt-2\"><a class=\"btn btn-primary btn-lg px-lg-4 d-none d-md-block\" href=\"https:\/\/comunidad.comprasdominicana.gob.do\/\/Public\/Tendering\/OpportunityDetail\/Index?noticeUID=DO1.NTC.1373932\" target=\"_blank\" title=\"Detalles\"><i class=\"fas fa-link\"><\/i> DETALLES<\/a><a class=\"btn btn-primary btn-lg px-lg-4 d-block d-md-none\" href=\"https:\/\/comunidad.comprasdominicana.gob.do\/\/Public\/Tendering\/OpportunityDetail\/Index?noticeUID=DO1.NTC.1373932\" target=\"_blank\" title=\"Detalles\"><i class=\"fas fa-2x fa-link\"><\/i><\/a><\/div><\/div><\/div><div class=\"jumbotron archivos\"><div class=\"row align-items-center\"><div class=\"col\"><h6><a class=\"text-dark\" href=\"https:\/\/comunidad.comprasdominicana.gob.do\/\/Public\/Tendering\/OpportunityDetail\/Index?noticeUID=DO1.NTC.1371325\" title=\"Ver\" target=\"_blank\">INESPRE-CCC-CP-2024-0001<\/a><\/h6><p class=\"mb-0 bold\">Adquisici\u00f3n de Bolsas Pl\u00e1sticas (Fundas tipo T-Shirt) dirigido exclusivamente a Mipymes Mipymes Mujeres<\/p><p class=\"mb-0\" style=\"font-size: .85rem\"><strong title=\"Estado del Proceso\"><i class=\"fas fa-spinner\"><\/i><\/strong> Proceso adjudicado y celebrado<\/p><p class=\"mb-0\" style=\"font-size: .85rem\"><strong title=\"Fecha de Publicaci\u00f3n\"><i class=\"fas fa-calendar-alt\"><\/i><\/strong> Publicado el mi\u00e9rcoles, 6 de marzo de 2024<\/p><\/div><div class=\"col-auto mt-md-0 mt-2\"><a class=\"btn btn-primary btn-lg px-lg-4 d-none d-md-block\" href=\"https:\/\/comunidad.comprasdominicana.gob.do\/\/Public\/Tendering\/OpportunityDetail\/Index?noticeUID=DO1.NTC.1371325\" target=\"_blank\" title=\"Detalles\"><i class=\"fas fa-link\"><\/i> DETALLES<\/a><a class=\"btn btn-primary btn-lg px-lg-4 d-block d-md-none\" href=\"https:\/\/comunidad.comprasdominicana.gob.do\/\/Public\/Tendering\/OpportunityDetail\/Index?noticeUID=DO1.NTC.1371325\" target=\"_blank\" title=\"Detalles\"><i class=\"fas fa-2x fa-link\"><\/i><\/a><\/div><\/div><\/div><\/div><\/div><\/div>\n        <div class=\"card\">\n            <div class=\"card-header parents\" id=\"heading_procedimientos-de-contrataci-n-dirigidos-a-las-micro-peque-as-y-medianas-empresas-mipymes--69f73f7454400-2024-69f73f7454400-febrero-69f73f7454400\">\n                <p class=\"title text-blue mb-0\">\n                    <a class=\"btn-block hover text-left collapsed\" data-toggle=\"collapse\" data-target=\"#collap_procedimientos-de-contrataci-n-dirigidos-a-las-micro-peque-as-y-medianas-empresas-mipymes--69f73f7454400-2024-69f73f7454400-febrero-69f73f7454400\" aria-expanded=\"false\" aria-controls=\"collap_procedimientos-de-contrataci-n-dirigidos-a-las-micro-peque-as-y-medianas-empresas-mipymes--69f73f7454400-2024-69f73f7454400-febrero-69f73f7454400\">Febrero<\/a>\n                <\/p>\n            <\/div>\n            <div id=\"collap_procedimientos-de-contrataci-n-dirigidos-a-las-micro-peque-as-y-medianas-empresas-mipymes--69f73f7454400-2024-69f73f7454400-febrero-69f73f7454400\" class=\"collapse\" aria-labelledby=\"heading_procedimientos-de-contrataci-n-dirigidos-a-las-micro-peque-as-y-medianas-empresas-mipymes--69f73f7454400-2024-69f73f7454400-febrero-69f73f7454400\" data-parent=\"#collap_procedimientos-de-contrataci-n-dirigidos-a-las-micro-peque-as-y-medianas-empresas-mipymes--69f73f7454400-2024-69f73f7454400\">\n                <div class=\"card-body\"><div class=\"jumbotron archivos\"><div class=\"row align-items-center\"><div class=\"col\"><h6><a class=\"text-dark\" href=\"https:\/\/comunidad.comprasdominicana.gob.do\/\/Public\/Tendering\/OpportunityDetail\/Index?noticeUID=DO1.NTC.1368624\" title=\"Ver\" target=\"_blank\">INESPRE-DAF-CM-2024-0013<\/a><\/h6><p class=\"mb-0 bold\">adquisici\u00f3n de Alimentos y Bebidas para consumo Institucional dirigido a Mipymes Mujer<\/p><p class=\"mb-0\" style=\"font-size: .85rem\"><strong title=\"Estado del Proceso\"><i class=\"fas fa-spinner\"><\/i><\/strong> Proceso adjudicado y celebrado<\/p><p class=\"mb-0\" style=\"font-size: .85rem\"><strong title=\"Fecha de Publicaci\u00f3n\"><i class=\"fas fa-calendar-alt\"><\/i><\/strong> Publicado el mi\u00e9rcoles, 28 de febrero de 2024<\/p><\/div><div class=\"col-auto mt-md-0 mt-2\"><a class=\"btn btn-primary btn-lg px-lg-4 d-none d-md-block\" href=\"https:\/\/comunidad.comprasdominicana.gob.do\/\/Public\/Tendering\/OpportunityDetail\/Index?noticeUID=DO1.NTC.1368624\" target=\"_blank\" title=\"Detalles\"><i class=\"fas fa-link\"><\/i> DETALLES<\/a><a class=\"btn btn-primary btn-lg px-lg-4 d-block d-md-none\" href=\"https:\/\/comunidad.comprasdominicana.gob.do\/\/Public\/Tendering\/OpportunityDetail\/Index?noticeUID=DO1.NTC.1368624\" target=\"_blank\" title=\"Detalles\"><i class=\"fas fa-2x fa-link\"><\/i><\/a><\/div><\/div><\/div><div class=\"jumbotron archivos\"><div class=\"row align-items-center\"><div class=\"col\"><h6><a class=\"text-dark\" href=\"https:\/\/comunidad.comprasdominicana.gob.do\/\/Public\/Tendering\/OpportunityDetail\/Index?noticeUID=DO1.NTC.1364220\" title=\"Ver\" target=\"_blank\">INESPRE-DAF-CM-2024-0011<\/a><\/h6><p class=\"mb-0 bold\">Adquisici\u00f3n de Galleta de Leche y Pasa s\/semillas dirigido a Mipymes<\/p><p class=\"mb-0\" style=\"font-size: .85rem\"><strong title=\"Estado del Proceso\"><i class=\"fas fa-spinner\"><\/i><\/strong> Proceso adjudicado y celebrado<\/p><p class=\"mb-0\" style=\"font-size: .85rem\"><strong title=\"Fecha de Publicaci\u00f3n\"><i class=\"fas fa-calendar-alt\"><\/i><\/strong> Publicado el viernes, 16 de febrero de 2024<\/p><\/div><div class=\"col-auto mt-md-0 mt-2\"><a class=\"btn btn-primary btn-lg px-lg-4 d-none d-md-block\" href=\"https:\/\/comunidad.comprasdominicana.gob.do\/\/Public\/Tendering\/OpportunityDetail\/Index?noticeUID=DO1.NTC.1364220\" target=\"_blank\" title=\"Detalles\"><i class=\"fas fa-link\"><\/i> DETALLES<\/a><a class=\"btn btn-primary btn-lg px-lg-4 d-block d-md-none\" href=\"https:\/\/comunidad.comprasdominicana.gob.do\/\/Public\/Tendering\/OpportunityDetail\/Index?noticeUID=DO1.NTC.1364220\" target=\"_blank\" title=\"Detalles\"><i class=\"fas fa-2x fa-link\"><\/i><\/a><\/div><\/div><\/div><div class=\"jumbotron archivos\"><div class=\"row align-items-center\"><div class=\"col\"><h6><a class=\"text-dark\" href=\"https:\/\/comunidad.comprasdominicana.gob.do\/\/Public\/Tendering\/OpportunityDetail\/Index?noticeUID=DO1.NTC.1364323\" title=\"Ver\" target=\"_blank\">INESPRE-DAF-CM-2024-0010<\/a><\/h6><p class=\"mb-0 bold\">Adquisici\u00f3n de leche de coco dirigido a Mipyme Mujer Industrial<\/p><p class=\"mb-0\" style=\"font-size: .85rem\"><strong title=\"Estado del Proceso\"><i class=\"fas fa-spinner\"><\/i><\/strong> Proceso adjudicado y celebrado<\/p><p class=\"mb-0\" style=\"font-size: .85rem\"><strong title=\"Fecha de Publicaci\u00f3n\"><i class=\"fas fa-calendar-alt\"><\/i><\/strong> Publicado el viernes, 16 de febrero de 2024<\/p><\/div><div class=\"col-auto mt-md-0 mt-2\"><a class=\"btn btn-primary btn-lg px-lg-4 d-none d-md-block\" href=\"https:\/\/comunidad.comprasdominicana.gob.do\/\/Public\/Tendering\/OpportunityDetail\/Index?noticeUID=DO1.NTC.1364323\" target=\"_blank\" title=\"Detalles\"><i class=\"fas fa-link\"><\/i> DETALLES<\/a><a class=\"btn btn-primary btn-lg px-lg-4 d-block d-md-none\" href=\"https:\/\/comunidad.comprasdominicana.gob.do\/\/Public\/Tendering\/OpportunityDetail\/Index?noticeUID=DO1.NTC.1364323\" target=\"_blank\" title=\"Detalles\"><i class=\"fas fa-2x fa-link\"><\/i><\/a><\/div><\/div><\/div><div class=\"jumbotron archivos\"><div class=\"row align-items-center\"><div class=\"col\"><h6><a class=\"text-dark\" href=\"https:\/\/comunidad.comprasdominicana.gob.do\/\/Public\/Tendering\/OpportunityDetail\/Index?noticeUID=DO1.NTC.1356929\" title=\"Ver\" target=\"_blank\">INESPRE-DAF-CM-2024-0005<\/a><\/h6><p class=\"mb-0 bold\">Servicio de Alquiler de dos Contenedores Refrigerados por un periodo de tres (03) meses dirigido a Mipymes Mujeres<\/p><p class=\"mb-0\" style=\"font-size: .85rem\"><strong title=\"Estado del Proceso\"><i class=\"fas fa-spinner\"><\/i><\/strong> Proceso adjudicado y celebrado<\/p><p class=\"mb-0\" style=\"font-size: .85rem\"><strong title=\"Fecha de Publicaci\u00f3n\"><i class=\"fas fa-calendar-alt\"><\/i><\/strong> Publicado el jueves, 1 de febrero de 2024<\/p><\/div><div class=\"col-auto mt-md-0 mt-2\"><a class=\"btn btn-primary btn-lg px-lg-4 d-none d-md-block\" href=\"https:\/\/comunidad.comprasdominicana.gob.do\/\/Public\/Tendering\/OpportunityDetail\/Index?noticeUID=DO1.NTC.1356929\" target=\"_blank\" title=\"Detalles\"><i class=\"fas fa-link\"><\/i> DETALLES<\/a><a class=\"btn btn-primary btn-lg px-lg-4 d-block d-md-none\" href=\"https:\/\/comunidad.comprasdominicana.gob.do\/\/Public\/Tendering\/OpportunityDetail\/Index?noticeUID=DO1.NTC.1356929\" target=\"_blank\" title=\"Detalles\"><i class=\"fas fa-2x fa-link\"><\/i><\/a><\/div><\/div><\/div><div class=\"jumbotron archivos\"><div class=\"row align-items-center\"><div class=\"col\"><h6><a class=\"text-dark\" href=\"https:\/\/comunidad.comprasdominicana.gob.do\/\/Public\/Tendering\/OpportunityDetail\/Index?noticeUID=DO1.NTC.1356724\" title=\"Ver\" target=\"_blank\">INESPRE-DAF-CM-2024-0004<\/a><\/h6><p class=\"mb-0 bold\">Adquisici\u00f3n de estaciones de trabajos dirigido a Mipymes<\/p><p class=\"mb-0\" style=\"font-size: .85rem\"><strong title=\"Estado del Proceso\"><i class=\"fas fa-spinner\"><\/i><\/strong> Proceso adjudicado y celebrado<\/p><p class=\"mb-0\" style=\"font-size: .85rem\"><strong title=\"Fecha de Publicaci\u00f3n\"><i class=\"fas fa-calendar-alt\"><\/i><\/strong> Publicado el jueves, 1 de febrero de 2024<\/p><\/div><div class=\"col-auto mt-md-0 mt-2\"><a class=\"btn btn-primary btn-lg px-lg-4 d-none d-md-block\" href=\"https:\/\/comunidad.comprasdominicana.gob.do\/\/Public\/Tendering\/OpportunityDetail\/Index?noticeUID=DO1.NTC.1356724\" target=\"_blank\" title=\"Detalles\"><i class=\"fas fa-link\"><\/i> DETALLES<\/a><a class=\"btn btn-primary btn-lg px-lg-4 d-block d-md-none\" href=\"https:\/\/comunidad.comprasdominicana.gob.do\/\/Public\/Tendering\/OpportunityDetail\/Index?noticeUID=DO1.NTC.1356724\" target=\"_blank\" title=\"Detalles\"><i class=\"fas fa-2x fa-link\"><\/i><\/a><\/div><\/div><\/div><\/div><\/div><\/div>\n        <div class=\"card\">\n            <div class=\"card-header parents\" id=\"heading_procedimientos-de-contrataci-n-dirigidos-a-las-micro-peque-as-y-medianas-empresas-mipymes--69f73f7454400-2024-69f73f7454400-enero-69f73f7454400\">\n                <p class=\"title text-blue mb-0\">\n                    <a class=\"btn-block hover text-left collapsed\" data-toggle=\"collapse\" data-target=\"#collap_procedimientos-de-contrataci-n-dirigidos-a-las-micro-peque-as-y-medianas-empresas-mipymes--69f73f7454400-2024-69f73f7454400-enero-69f73f7454400\" aria-expanded=\"false\" aria-controls=\"collap_procedimientos-de-contrataci-n-dirigidos-a-las-micro-peque-as-y-medianas-empresas-mipymes--69f73f7454400-2024-69f73f7454400-enero-69f73f7454400\">Enero<\/a>\n                <\/p>\n            <\/div>\n            <div id=\"collap_procedimientos-de-contrataci-n-dirigidos-a-las-micro-peque-as-y-medianas-empresas-mipymes--69f73f7454400-2024-69f73f7454400-enero-69f73f7454400\" class=\"collapse\" aria-labelledby=\"heading_procedimientos-de-contrataci-n-dirigidos-a-las-micro-peque-as-y-medianas-empresas-mipymes--69f73f7454400-2024-69f73f7454400-enero-69f73f7454400\" data-parent=\"#collap_procedimientos-de-contrataci-n-dirigidos-a-las-micro-peque-as-y-medianas-empresas-mipymes--69f73f7454400-2024-69f73f7454400\">\n                <div class=\"card-body\"><div class=\"jumbotron archivos\"><div class=\"row align-items-center\"><div class=\"col\"><h6><a class=\"text-dark\" href=\"https:\/\/comunidad.comprasdominicana.gob.do\/\/Public\/Tendering\/OpportunityDetail\/Index?noticeUID=DO1.NTC.1355008\" title=\"Ver\" target=\"_blank\">INESPRE-UC-CD-2024-0007<\/a><\/h6><p class=\"mb-0 bold\">Servicio de picadera para taller Gesti\u00f3n de Riesgo Integral ISO 37001-37301 dirigido a Mipymes Industriales (Compras Verdes)<\/p><p class=\"mb-0\" style=\"font-size: .85rem\"><strong title=\"Estado del Proceso\"><i class=\"fas fa-spinner\"><\/i><\/strong> Proceso adjudicado y celebrado<\/p><p class=\"mb-0\" style=\"font-size: .85rem\"><strong title=\"Fecha de Publicaci\u00f3n\"><i class=\"fas fa-calendar-alt\"><\/i><\/strong> Publicado el viernes, 26 de enero de 2024<\/p><\/div><div class=\"col-auto mt-md-0 mt-2\"><a class=\"btn btn-primary btn-lg px-lg-4 d-none d-md-block\" href=\"https:\/\/comunidad.comprasdominicana.gob.do\/\/Public\/Tendering\/OpportunityDetail\/Index?noticeUID=DO1.NTC.1355008\" target=\"_blank\" title=\"Detalles\"><i class=\"fas fa-link\"><\/i> DETALLES<\/a><a class=\"btn btn-primary btn-lg px-lg-4 d-block d-md-none\" href=\"https:\/\/comunidad.comprasdominicana.gob.do\/\/Public\/Tendering\/OpportunityDetail\/Index?noticeUID=DO1.NTC.1355008\" target=\"_blank\" title=\"Detalles\"><i class=\"fas fa-2x fa-link\"><\/i><\/a><\/div><\/div><\/div><\/div><\/div><\/div><\/div><\/div><\/div>\n        <div class=\"card\">\n            <div class=\"card-header parents\" id=\"heading_procedimientos-de-contrataci-n-dirigidos-a-las-micro-peque-as-y-medianas-empresas-mipymes--69f73f7454400-2023-69f73f7454400\">\n                <p class=\"title text-blue mb-0\">\n                    <a class=\"btn-block hover text-left collapsed\" data-toggle=\"collapse\" data-target=\"#collap_procedimientos-de-contrataci-n-dirigidos-a-las-micro-peque-as-y-medianas-empresas-mipymes--69f73f7454400-2023-69f73f7454400\" aria-expanded=\"false\" aria-controls=\"collap_procedimientos-de-contrataci-n-dirigidos-a-las-micro-peque-as-y-medianas-empresas-mipymes--69f73f7454400-2023-69f73f7454400\">2023<\/a>\n                <\/p>\n            <\/div>\n            <div id=\"collap_procedimientos-de-contrataci-n-dirigidos-a-las-micro-peque-as-y-medianas-empresas-mipymes--69f73f7454400-2023-69f73f7454400\" class=\"collapse\" aria-labelledby=\"heading_procedimientos-de-contrataci-n-dirigidos-a-las-micro-peque-as-y-medianas-empresas-mipymes--69f73f7454400-2023-69f73f7454400\" data-parent=\"#collap_procedimientos-de-contrataci-n-dirigidos-a-las-micro-peque-as-y-medianas-empresas-mipymes--69f73f7454400\">\n                <div class=\"card-body\">\n        <div class=\"card\">\n            <div class=\"card-header parents\" id=\"heading_procedimientos-de-contrataci-n-dirigidos-a-las-micro-peque-as-y-medianas-empresas-mipymes--69f73f7454400-2023-69f73f7454400-diciembre-69f73f7454400\">\n                <p class=\"title text-blue mb-0\">\n                    <a class=\"btn-block hover text-left collapsed\" data-toggle=\"collapse\" data-target=\"#collap_procedimientos-de-contrataci-n-dirigidos-a-las-micro-peque-as-y-medianas-empresas-mipymes--69f73f7454400-2023-69f73f7454400-diciembre-69f73f7454400\" aria-expanded=\"false\" aria-controls=\"collap_procedimientos-de-contrataci-n-dirigidos-a-las-micro-peque-as-y-medianas-empresas-mipymes--69f73f7454400-2023-69f73f7454400-diciembre-69f73f7454400\">Diciembre<\/a>\n                <\/p>\n            <\/div>\n            <div id=\"collap_procedimientos-de-contrataci-n-dirigidos-a-las-micro-peque-as-y-medianas-empresas-mipymes--69f73f7454400-2023-69f73f7454400-diciembre-69f73f7454400\" class=\"collapse\" aria-labelledby=\"heading_procedimientos-de-contrataci-n-dirigidos-a-las-micro-peque-as-y-medianas-empresas-mipymes--69f73f7454400-2023-69f73f7454400-diciembre-69f73f7454400\" data-parent=\"#collap_procedimientos-de-contrataci-n-dirigidos-a-las-micro-peque-as-y-medianas-empresas-mipymes--69f73f7454400-2023-69f73f7454400\">\n                <div class=\"card-body\"><div class=\"jumbotron archivos\"><div class=\"row align-items-center\"><div class=\"col\"><h6><a class=\"text-dark\" href=\"https:\/\/comunidad.comprasdominicana.gob.do\/\/Public\/Tendering\/OpportunityDetail\/Index?noticeUID=DO1.NTC.1341815\" title=\"Ver\" target=\"_blank\">INESPRE-DAF-CM-2023-0143<\/a><\/h6><p class=\"mb-0 bold\">Adquisici\u00f3n de Suministros de oficina dirigido a Mipymes Mujeres<\/p><p class=\"mb-0\" style=\"font-size: .85rem\"><strong title=\"Estado del Proceso\"><i class=\"fas fa-spinner\"><\/i><\/strong> Proceso adjudicado y celebrado<\/p><p class=\"mb-0\" style=\"font-size: .85rem\"><strong title=\"Fecha de Publicaci\u00f3n\"><i class=\"fas fa-calendar-alt\"><\/i><\/strong> Publicado el viernes, 29 de diciembre de 2023<\/p><\/div><div class=\"col-auto mt-md-0 mt-2\"><a class=\"btn btn-primary btn-lg px-lg-4 d-none d-md-block\" href=\"https:\/\/comunidad.comprasdominicana.gob.do\/\/Public\/Tendering\/OpportunityDetail\/Index?noticeUID=DO1.NTC.1341815\" target=\"_blank\" title=\"Detalles\"><i class=\"fas fa-link\"><\/i> DETALLES<\/a><a class=\"btn btn-primary btn-lg px-lg-4 d-block d-md-none\" href=\"https:\/\/comunidad.comprasdominicana.gob.do\/\/Public\/Tendering\/OpportunityDetail\/Index?noticeUID=DO1.NTC.1341815\" target=\"_blank\" title=\"Detalles\"><i class=\"fas fa-2x fa-link\"><\/i><\/a><\/div><\/div><\/div><div class=\"jumbotron archivos\"><div class=\"row align-items-center\"><div class=\"col\"><h6><a class=\"text-dark\" href=\"https:\/\/comunidad.comprasdominicana.gob.do\/\/Public\/Tendering\/OpportunityDetail\/Index?noticeUID=DO1.NTC.1341906\" title=\"Ver\" target=\"_blank\">INESPRE-DAF-CM-2023-0142<\/a><\/h6><p class=\"mb-0 bold\">Adquisici\u00f3n de Papel de Ba\u00f1o, Servilletas y otros, dirigido a Mipymes Mujeres (Compras Verdes<\/p><p class=\"mb-0\" style=\"font-size: .85rem\"><strong title=\"Estado del Proceso\"><i class=\"fas fa-spinner\"><\/i><\/strong> Proceso adjudicado y celebrado<\/p><p class=\"mb-0\" style=\"font-size: .85rem\"><strong title=\"Fecha de Publicaci\u00f3n\"><i class=\"fas fa-calendar-alt\"><\/i><\/strong> Publicado el viernes, 29 de diciembre de 2023<\/p><\/div><div class=\"col-auto mt-md-0 mt-2\"><a class=\"btn btn-primary btn-lg px-lg-4 d-none d-md-block\" href=\"https:\/\/comunidad.comprasdominicana.gob.do\/\/Public\/Tendering\/OpportunityDetail\/Index?noticeUID=DO1.NTC.1341906\" target=\"_blank\" title=\"Detalles\"><i class=\"fas fa-link\"><\/i> DETALLES<\/a><a class=\"btn btn-primary btn-lg px-lg-4 d-block d-md-none\" href=\"https:\/\/comunidad.comprasdominicana.gob.do\/\/Public\/Tendering\/OpportunityDetail\/Index?noticeUID=DO1.NTC.1341906\" target=\"_blank\" title=\"Detalles\"><i class=\"fas fa-2x fa-link\"><\/i><\/a><\/div><\/div><\/div><div class=\"jumbotron archivos\"><div class=\"row align-items-center\"><div class=\"col\"><h6><a class=\"text-dark\" href=\"https:\/\/comunidad.comprasdominicana.gob.do\/\/Public\/Tendering\/OpportunityDetail\/Index?noticeUID=DO1.NTC.1341606\" title=\"Ver\" target=\"_blank\">INESPRE-DAF-CM-2023-0141<\/a><\/h6><p class=\"mb-0 bold\">Adquisici\u00f3n de Productos de Papel dirigido a Mipymes Mujeres (Compra Verdes)<\/p><p class=\"mb-0\" style=\"font-size: .85rem\"><strong title=\"Estado del Proceso\"><i class=\"fas fa-spinner\"><\/i><\/strong> Proceso adjudicado y celebrado<\/p><p class=\"mb-0\" style=\"font-size: .85rem\"><strong title=\"Fecha de Publicaci\u00f3n\"><i class=\"fas fa-calendar-alt\"><\/i><\/strong> Publicado el viernes, 29 de diciembre de 2023<\/p><\/div><div class=\"col-auto mt-md-0 mt-2\"><a class=\"btn btn-primary btn-lg px-lg-4 d-none d-md-block\" href=\"https:\/\/comunidad.comprasdominicana.gob.do\/\/Public\/Tendering\/OpportunityDetail\/Index?noticeUID=DO1.NTC.1341606\" target=\"_blank\" title=\"Detalles\"><i class=\"fas fa-link\"><\/i> DETALLES<\/a><a class=\"btn btn-primary btn-lg px-lg-4 d-block d-md-none\" href=\"https:\/\/comunidad.comprasdominicana.gob.do\/\/Public\/Tendering\/OpportunityDetail\/Index?noticeUID=DO1.NTC.1341606\" target=\"_blank\" title=\"Detalles\"><i class=\"fas fa-2x fa-link\"><\/i><\/a><\/div><\/div><\/div><div class=\"jumbotron archivos\"><div class=\"row align-items-center\"><div class=\"col\"><h6><a class=\"text-dark\" href=\"https:\/\/comunidad.comprasdominicana.gob.do\/\/Public\/Tendering\/OpportunityDetail\/Index?noticeUID=DO1.NTC.1336113\" title=\"Ver\" target=\"_blank\">INESPRE-DAF-CM-2023-0136<\/a><\/h6><p class=\"mb-0 bold\">Adquisici\u00f3n de Salchichas de cerdo dirigido a Mipymes Mujeres<\/p><p class=\"mb-0\" style=\"font-size: .85rem\"><strong title=\"Estado del Proceso\"><i class=\"fas fa-spinner\"><\/i><\/strong> Proceso adjudicado y celebrado<\/p><p class=\"mb-0\" style=\"font-size: .85rem\"><strong title=\"Fecha de Publicaci\u00f3n\"><i class=\"fas fa-calendar-alt\"><\/i><\/strong> Publicado el lunes, 18 de diciembre de 2023<\/p><\/div><div class=\"col-auto mt-md-0 mt-2\"><a class=\"btn btn-primary btn-lg px-lg-4 d-none d-md-block\" href=\"https:\/\/comunidad.comprasdominicana.gob.do\/\/Public\/Tendering\/OpportunityDetail\/Index?noticeUID=DO1.NTC.1336113\" target=\"_blank\" title=\"Detalles\"><i class=\"fas fa-link\"><\/i> DETALLES<\/a><a class=\"btn btn-primary btn-lg px-lg-4 d-block d-md-none\" href=\"https:\/\/comunidad.comprasdominicana.gob.do\/\/Public\/Tendering\/OpportunityDetail\/Index?noticeUID=DO1.NTC.1336113\" target=\"_blank\" title=\"Detalles\"><i class=\"fas fa-2x fa-link\"><\/i><\/a><\/div><\/div><\/div><div class=\"jumbotron archivos\"><div class=\"row align-items-center\"><div class=\"col\"><h6><a class=\"text-dark\" href=\"https:\/\/comunidad.comprasdominicana.gob.do\/\/Public\/Tendering\/OpportunityDetail\/Index?noticeUID=DO1.NTC.1335825\" title=\"Ver\" target=\"_blank\">INESPRE-DAF-CM-2023-0129<\/a><\/h6><p class=\"mb-0 bold\">Adquisici\u00f3n de Saz\u00f3n en polvo y Vinagre dorado dirigido a Mipymes Mujeres<\/p><p class=\"mb-0\" style=\"font-size: .85rem\"><strong title=\"Estado del Proceso\"><i class=\"fas fa-spinner\"><\/i><\/strong> Proceso adjudicado y celebrado<\/p><p class=\"mb-0\" style=\"font-size: .85rem\"><strong title=\"Fecha de Publicaci\u00f3n\"><i class=\"fas fa-calendar-alt\"><\/i><\/strong> Publicado el viernes, 15 de diciembre de 2023<\/p><\/div><div class=\"col-auto mt-md-0 mt-2\"><a class=\"btn btn-primary btn-lg px-lg-4 d-none d-md-block\" href=\"https:\/\/comunidad.comprasdominicana.gob.do\/\/Public\/Tendering\/OpportunityDetail\/Index?noticeUID=DO1.NTC.1335825\" target=\"_blank\" title=\"Detalles\"><i class=\"fas fa-link\"><\/i> DETALLES<\/a><a class=\"btn btn-primary btn-lg px-lg-4 d-block d-md-none\" href=\"https:\/\/comunidad.comprasdominicana.gob.do\/\/Public\/Tendering\/OpportunityDetail\/Index?noticeUID=DO1.NTC.1335825\" target=\"_blank\" title=\"Detalles\"><i class=\"fas fa-2x fa-link\"><\/i><\/a><\/div><\/div><\/div><div class=\"jumbotron archivos\"><div class=\"row align-items-center\"><div class=\"col\"><h6><a class=\"text-dark\" href=\"https:\/\/comunidad.comprasdominicana.gob.do\/\/Public\/Tendering\/OpportunityDetail\/Index?noticeUID=DO1.NTC.1335916\" title=\"Ver\" target=\"_blank\">INESPRE-DAF-CM-2023-0128<\/a><\/h6><p class=\"mb-0 bold\">Adquisici\u00f3n de chocolate en barra dirigido a Mipymes Mujeres<\/p><p class=\"mb-0\" style=\"font-size: .85rem\"><strong title=\"Estado del Proceso\"><i class=\"fas fa-spinner\"><\/i><\/strong> Proceso adjudicado y celebrado<\/p><p class=\"mb-0\" style=\"font-size: .85rem\"><strong title=\"Fecha de Publicaci\u00f3n\"><i class=\"fas fa-calendar-alt\"><\/i><\/strong> Publicado el viernes, 15 de diciembre de 2023<\/p><\/div><div class=\"col-auto mt-md-0 mt-2\"><a class=\"btn btn-primary btn-lg px-lg-4 d-none d-md-block\" href=\"https:\/\/comunidad.comprasdominicana.gob.do\/\/Public\/Tendering\/OpportunityDetail\/Index?noticeUID=DO1.NTC.1335916\" target=\"_blank\" title=\"Detalles\"><i class=\"fas fa-link\"><\/i> DETALLES<\/a><a class=\"btn btn-primary btn-lg px-lg-4 d-block d-md-none\" href=\"https:\/\/comunidad.comprasdominicana.gob.do\/\/Public\/Tendering\/OpportunityDetail\/Index?noticeUID=DO1.NTC.1335916\" target=\"_blank\" title=\"Detalles\"><i class=\"fas fa-2x fa-link\"><\/i><\/a><\/div><\/div><\/div><div class=\"jumbotron archivos\"><div class=\"row align-items-center\"><div class=\"col\"><h6><a class=\"text-dark\" href=\"https:\/\/comunidad.comprasdominicana.gob.do\/\/Public\/Tendering\/OpportunityDetail\/Index?noticeUID=DO1.NTC.1335821\" title=\"Ver\" target=\"_blank\">INESPRE-DAF-CM-2023-0130<\/a><\/h6><p class=\"mb-0 bold\">Adquisici\u00f3n de Harina de Ma\u00edz dirigido a Mipymes Mujeres<\/p><p class=\"mb-0\" style=\"font-size: .85rem\"><strong title=\"Estado del Proceso\"><i class=\"fas fa-spinner\"><\/i><\/strong> Proceso adjudicado y celebrado<\/p><p class=\"mb-0\" style=\"font-size: .85rem\"><strong title=\"Fecha de Publicaci\u00f3n\"><i class=\"fas fa-calendar-alt\"><\/i><\/strong> Publicado el viernes, 15 de diciembre de 2023<\/p><\/div><div class=\"col-auto mt-md-0 mt-2\"><a class=\"btn btn-primary btn-lg px-lg-4 d-none d-md-block\" href=\"https:\/\/comunidad.comprasdominicana.gob.do\/\/Public\/Tendering\/OpportunityDetail\/Index?noticeUID=DO1.NTC.1335821\" target=\"_blank\" title=\"Detalles\"><i class=\"fas fa-link\"><\/i> DETALLES<\/a><a class=\"btn btn-primary btn-lg px-lg-4 d-block d-md-none\" href=\"https:\/\/comunidad.comprasdominicana.gob.do\/\/Public\/Tendering\/OpportunityDetail\/Index?noticeUID=DO1.NTC.1335821\" target=\"_blank\" title=\"Detalles\"><i class=\"fas fa-2x fa-link\"><\/i><\/a><\/div><\/div><\/div><div class=\"jumbotron archivos\"><div class=\"row align-items-center\"><div class=\"col\"><h6><a class=\"text-dark\" href=\"https:\/\/comunidad.comprasdominicana.gob.do\/\/Public\/Tendering\/OpportunityDetail\/Index?noticeUID=DO1.NTC.1333830\" title=\"Ver\" target=\"_blank\">INESPRE-DAF-CM-2023-0122<\/a><\/h6><p class=\"mb-0 bold\">Servicio de Alquiler de Almacenes por un periodo de tres (03) meses dirigido a Mipymes Mujeres<\/p><p class=\"mb-0\" style=\"font-size: .85rem\"><strong title=\"Estado del Proceso\"><i class=\"fas fa-spinner\"><\/i><\/strong> Proceso adjudicado y celebrado<\/p><p class=\"mb-0\" style=\"font-size: .85rem\"><strong title=\"Fecha de Publicaci\u00f3n\"><i class=\"fas fa-calendar-alt\"><\/i><\/strong> Publicado el martes, 12 de diciembre de 2023<\/p><\/div><div class=\"col-auto mt-md-0 mt-2\"><a class=\"btn btn-primary btn-lg px-lg-4 d-none d-md-block\" href=\"https:\/\/comunidad.comprasdominicana.gob.do\/\/Public\/Tendering\/OpportunityDetail\/Index?noticeUID=DO1.NTC.1333830\" target=\"_blank\" title=\"Detalles\"><i class=\"fas fa-link\"><\/i> DETALLES<\/a><a class=\"btn btn-primary btn-lg px-lg-4 d-block d-md-none\" href=\"https:\/\/comunidad.comprasdominicana.gob.do\/\/Public\/Tendering\/OpportunityDetail\/Index?noticeUID=DO1.NTC.1333830\" target=\"_blank\" title=\"Detalles\"><i class=\"fas fa-2x fa-link\"><\/i><\/a><\/div><\/div><\/div><div class=\"jumbotron archivos\"><div class=\"row align-items-center\"><div class=\"col\"><h6><a class=\"text-dark\" href=\"https:\/\/comunidad.comprasdominicana.gob.do\/\/Public\/Tendering\/OpportunityDetail\/Index?noticeUID=DO1.NTC.1331342\" title=\"Ver\" target=\"_blank\">INESPRE-DAF-CM-2023-0120<\/a><\/h6><p class=\"mb-0 bold\">Servicio de Alquiler de dos Contenedores Refrigerados por un periodo de tres (03) meses dirigido a Mipymes Mujeres<\/p><p class=\"mb-0\" style=\"font-size: .85rem\"><strong title=\"Estado del Proceso\"><i class=\"fas fa-spinner\"><\/i><\/strong> Proceso adjudicado y celebrado<\/p><p class=\"mb-0\" style=\"font-size: .85rem\"><strong title=\"Fecha de Publicaci\u00f3n\"><i class=\"fas fa-calendar-alt\"><\/i><\/strong> Publicado el mi\u00e9rcoles, 6 de diciembre de 2023<\/p><\/div><div class=\"col-auto mt-md-0 mt-2\"><a class=\"btn btn-primary btn-lg px-lg-4 d-none d-md-block\" href=\"https:\/\/comunidad.comprasdominicana.gob.do\/\/Public\/Tendering\/OpportunityDetail\/Index?noticeUID=DO1.NTC.1331342\" target=\"_blank\" title=\"Detalles\"><i class=\"fas fa-link\"><\/i> DETALLES<\/a><a class=\"btn btn-primary btn-lg px-lg-4 d-block d-md-none\" href=\"https:\/\/comunidad.comprasdominicana.gob.do\/\/Public\/Tendering\/OpportunityDetail\/Index?noticeUID=DO1.NTC.1331342\" target=\"_blank\" title=\"Detalles\"><i class=\"fas fa-2x fa-link\"><\/i><\/a><\/div><\/div><\/div><div class=\"jumbotron archivos\"><div class=\"row align-items-center\"><div class=\"col\"><h6><a class=\"text-dark\" href=\"https:\/\/comunidad.comprasdominicana.gob.do\/\/Public\/Tendering\/OpportunityDetail\/Index?noticeUID=DO1.NTC.1331621\" title=\"Ver\" target=\"_blank\">INESPRE-UC-CD-2023-0155<\/a><\/h6><p class=\"mb-0 bold\">Servicio de Picadera<\/p><p class=\"mb-0\" style=\"font-size: .85rem\"><strong title=\"Estado del Proceso\"><i class=\"fas fa-spinner\"><\/i><\/strong> Proceso adjudicado y celebrado<\/p><p class=\"mb-0\" style=\"font-size: .85rem\"><strong title=\"Fecha de Publicaci\u00f3n\"><i class=\"fas fa-calendar-alt\"><\/i><\/strong> Publicado el mi\u00e9rcoles, 6 de diciembre de 2023<\/p><\/div><div class=\"col-auto mt-md-0 mt-2\"><a class=\"btn btn-primary btn-lg px-lg-4 d-none d-md-block\" href=\"https:\/\/comunidad.comprasdominicana.gob.do\/\/Public\/Tendering\/OpportunityDetail\/Index?noticeUID=DO1.NTC.1331621\" target=\"_blank\" title=\"Detalles\"><i class=\"fas fa-link\"><\/i> DETALLES<\/a><a class=\"btn btn-primary btn-lg px-lg-4 d-block d-md-none\" href=\"https:\/\/comunidad.comprasdominicana.gob.do\/\/Public\/Tendering\/OpportunityDetail\/Index?noticeUID=DO1.NTC.1331621\" target=\"_blank\" title=\"Detalles\"><i class=\"fas fa-2x fa-link\"><\/i><\/a><\/div><\/div><\/div><\/div><\/div><\/div>\n        <div class=\"card\">\n            <div class=\"card-header parents\" id=\"heading_procedimientos-de-contrataci-n-dirigidos-a-las-micro-peque-as-y-medianas-empresas-mipymes--69f73f7454400-2023-69f73f7454400-noviembre-69f73f7454400\">\n                <p class=\"title text-blue mb-0\">\n                    <a class=\"btn-block hover text-left collapsed\" data-toggle=\"collapse\" data-target=\"#collap_procedimientos-de-contrataci-n-dirigidos-a-las-micro-peque-as-y-medianas-empresas-mipymes--69f73f7454400-2023-69f73f7454400-noviembre-69f73f7454400\" aria-expanded=\"false\" aria-controls=\"collap_procedimientos-de-contrataci-n-dirigidos-a-las-micro-peque-as-y-medianas-empresas-mipymes--69f73f7454400-2023-69f73f7454400-noviembre-69f73f7454400\">Noviembre<\/a>\n                <\/p>\n            <\/div>\n            <div id=\"collap_procedimientos-de-contrataci-n-dirigidos-a-las-micro-peque-as-y-medianas-empresas-mipymes--69f73f7454400-2023-69f73f7454400-noviembre-69f73f7454400\" class=\"collapse\" aria-labelledby=\"heading_procedimientos-de-contrataci-n-dirigidos-a-las-micro-peque-as-y-medianas-empresas-mipymes--69f73f7454400-2023-69f73f7454400-noviembre-69f73f7454400\" data-parent=\"#collap_procedimientos-de-contrataci-n-dirigidos-a-las-micro-peque-as-y-medianas-empresas-mipymes--69f73f7454400-2023-69f73f7454400\">\n                <div class=\"card-body\"><div class=\"jumbotron archivos\"><div class=\"row align-items-center\"><div class=\"col\"><h6><a class=\"text-dark\" href=\"https:\/\/comunidad.comprasdominicana.gob.do\/\/Public\/Tendering\/OpportunityDetail\/Index?noticeUID=DO1.NTC.1321941\" title=\"Ver\" target=\"_blank\">INESPRE-DAF-CM-2023-0117<\/a><\/h6><p class=\"mb-0 bold\">Adquisici\u00f3n de Servicio de Dise\u00f1o de Banners para las ferias La Navidad del Cambio con INESPRE Dirigido a Mipymes<\/p><p class=\"mb-0\" style=\"font-size: .85rem\"><strong title=\"Estado del Proceso\"><i class=\"fas fa-spinner\"><\/i><\/strong> Proceso adjudicado y celebrado<\/p><p class=\"mb-0\" style=\"font-size: .85rem\"><strong title=\"Fecha de Publicaci\u00f3n\"><i class=\"fas fa-calendar-alt\"><\/i><\/strong> Publicado el jueves, 16 de noviembre de 2023<\/p><\/div><div class=\"col-auto mt-md-0 mt-2\"><a class=\"btn btn-primary btn-lg px-lg-4 d-none d-md-block\" href=\"https:\/\/comunidad.comprasdominicana.gob.do\/\/Public\/Tendering\/OpportunityDetail\/Index?noticeUID=DO1.NTC.1321941\" target=\"_blank\" title=\"Detalles\"><i class=\"fas fa-link\"><\/i> DETALLES<\/a><a class=\"btn btn-primary btn-lg px-lg-4 d-block d-md-none\" href=\"https:\/\/comunidad.comprasdominicana.gob.do\/\/Public\/Tendering\/OpportunityDetail\/Index?noticeUID=DO1.NTC.1321941\" target=\"_blank\" title=\"Detalles\"><i class=\"fas fa-2x fa-link\"><\/i><\/a><\/div><\/div><\/div><div class=\"jumbotron archivos\"><div class=\"row align-items-center\"><div class=\"col\"><h6><a class=\"text-dark\" href=\"https:\/\/comunidad.comprasdominicana.gob.do\/\/Public\/Tendering\/OpportunityDetail\/Index?noticeUID=DO1.NTC.1320417\" title=\"Ver\" target=\"_blank\">INESPRE-DAF-CM-2023-0112<\/a><\/h6><p class=\"mb-0 bold\">Adquisici\u00f3n de Alimentos y Bebidas para consumo Institucional  dirigido a Mipymes Mujeres (Compras Verdes)<\/p><p class=\"mb-0\" style=\"font-size: .85rem\"><strong title=\"Estado del Proceso\"><i class=\"fas fa-spinner\"><\/i><\/strong> Proceso adjudicado y celebrado<\/p><p class=\"mb-0\" style=\"font-size: .85rem\"><strong title=\"Fecha de Publicaci\u00f3n\"><i class=\"fas fa-calendar-alt\"><\/i><\/strong> Publicado el martes, 14 de noviembre de 2023<\/p><\/div><div class=\"col-auto mt-md-0 mt-2\"><a class=\"btn btn-primary btn-lg px-lg-4 d-none d-md-block\" href=\"https:\/\/comunidad.comprasdominicana.gob.do\/\/Public\/Tendering\/OpportunityDetail\/Index?noticeUID=DO1.NTC.1320417\" target=\"_blank\" title=\"Detalles\"><i class=\"fas fa-link\"><\/i> DETALLES<\/a><a class=\"btn btn-primary btn-lg px-lg-4 d-block d-md-none\" href=\"https:\/\/comunidad.comprasdominicana.gob.do\/\/Public\/Tendering\/OpportunityDetail\/Index?noticeUID=DO1.NTC.1320417\" target=\"_blank\" title=\"Detalles\"><i class=\"fas fa-2x fa-link\"><\/i><\/a><\/div><\/div><\/div><div class=\"jumbotron archivos\"><div class=\"row align-items-center\"><div class=\"col\"><h6><a class=\"text-dark\" href=\"https:\/\/comunidad.comprasdominicana.gob.do\/\/Public\/Tendering\/OpportunityDetail\/Index?noticeUID=DO1.NTC.1318720\" title=\"Ver\" target=\"_blank\">INESPRE-DAF-CM-2023-0109<\/a><\/h6><p class=\"mb-0 bold\">Adquisici\u00f3n de Mallas para empaque dirigido a Mipymes Mujeres<\/p><p class=\"mb-0\" style=\"font-size: .85rem\"><strong title=\"Estado del Proceso\"><i class=\"fas fa-spinner\"><\/i><\/strong> Proceso adjudicado y celebrado<\/p><p class=\"mb-0\" style=\"font-size: .85rem\"><strong title=\"Fecha de Publicaci\u00f3n\"><i class=\"fas fa-calendar-alt\"><\/i><\/strong> Publicado el jueves, 9 de noviembre de 2023<\/p><\/div><div class=\"col-auto mt-md-0 mt-2\"><a class=\"btn btn-primary btn-lg px-lg-4 d-none d-md-block\" href=\"https:\/\/comunidad.comprasdominicana.gob.do\/\/Public\/Tendering\/OpportunityDetail\/Index?noticeUID=DO1.NTC.1318720\" target=\"_blank\" title=\"Detalles\"><i class=\"fas fa-link\"><\/i> DETALLES<\/a><a class=\"btn btn-primary btn-lg px-lg-4 d-block d-md-none\" href=\"https:\/\/comunidad.comprasdominicana.gob.do\/\/Public\/Tendering\/OpportunityDetail\/Index?noticeUID=DO1.NTC.1318720\" target=\"_blank\" title=\"Detalles\"><i class=\"fas fa-2x fa-link\"><\/i><\/a><\/div><\/div><\/div><div class=\"jumbotron archivos\"><div class=\"row align-items-center\"><div class=\"col\"><h6><a class=\"text-dark\" href=\"https:\/\/comunidad.comprasdominicana.gob.do\/\/Public\/Tendering\/OpportunityDetail\/Index?noticeUID=DO1.NTC.1316835\" title=\"Ver\" target=\"_blank\">INESPRE-DAF-CM-2023-0107<\/a><\/h6><p class=\"mb-0 bold\">Servicio de Alquiler de Almacenes por un periodo de tres (3) meses dirigido a Mipymes Mujeres<\/p><p class=\"mb-0\" style=\"font-size: .85rem\"><strong title=\"Estado del Proceso\"><i class=\"fas fa-spinner\"><\/i><\/strong> Proceso adjudicado y celebrado<\/p><p class=\"mb-0\" style=\"font-size: .85rem\"><strong title=\"Fecha de Publicaci\u00f3n\"><i class=\"fas fa-calendar-alt\"><\/i><\/strong> Publicado el viernes, 3 de noviembre de 2023<\/p><\/div><div class=\"col-auto mt-md-0 mt-2\"><a class=\"btn btn-primary btn-lg px-lg-4 d-none d-md-block\" href=\"https:\/\/comunidad.comprasdominicana.gob.do\/\/Public\/Tendering\/OpportunityDetail\/Index?noticeUID=DO1.NTC.1316835\" target=\"_blank\" title=\"Detalles\"><i class=\"fas fa-link\"><\/i> DETALLES<\/a><a class=\"btn btn-primary btn-lg px-lg-4 d-block d-md-none\" href=\"https:\/\/comunidad.comprasdominicana.gob.do\/\/Public\/Tendering\/OpportunityDetail\/Index?noticeUID=DO1.NTC.1316835\" target=\"_blank\" title=\"Detalles\"><i class=\"fas fa-2x fa-link\"><\/i><\/a><\/div><\/div><\/div><\/div><\/div><\/div>\n        <div class=\"card\">\n            <div class=\"card-header parents\" id=\"heading_procedimientos-de-contrataci-n-dirigidos-a-las-micro-peque-as-y-medianas-empresas-mipymes--69f73f7454400-2023-69f73f7454400-octubre-69f73f7454400\">\n                <p class=\"title text-blue mb-0\">\n                    <a class=\"btn-block hover text-left collapsed\" data-toggle=\"collapse\" data-target=\"#collap_procedimientos-de-contrataci-n-dirigidos-a-las-micro-peque-as-y-medianas-empresas-mipymes--69f73f7454400-2023-69f73f7454400-octubre-69f73f7454400\" aria-expanded=\"false\" aria-controls=\"collap_procedimientos-de-contrataci-n-dirigidos-a-las-micro-peque-as-y-medianas-empresas-mipymes--69f73f7454400-2023-69f73f7454400-octubre-69f73f7454400\">Octubre<\/a>\n                <\/p>\n            <\/div>\n            <div id=\"collap_procedimientos-de-contrataci-n-dirigidos-a-las-micro-peque-as-y-medianas-empresas-mipymes--69f73f7454400-2023-69f73f7454400-octubre-69f73f7454400\" class=\"collapse\" aria-labelledby=\"heading_procedimientos-de-contrataci-n-dirigidos-a-las-micro-peque-as-y-medianas-empresas-mipymes--69f73f7454400-2023-69f73f7454400-octubre-69f73f7454400\" data-parent=\"#collap_procedimientos-de-contrataci-n-dirigidos-a-las-micro-peque-as-y-medianas-empresas-mipymes--69f73f7454400-2023-69f73f7454400\">\n                <div class=\"card-body\"><div class=\"jumbotron archivos\"><div class=\"row align-items-center\"><div class=\"col\"><h6><a class=\"text-dark\" href=\"https:\/\/comunidad.comprasdominicana.gob.do\/\/Public\/Tendering\/OpportunityDetail\/Index?noticeUID=DO1.NTC.1315440\" title=\"Ver\" target=\"_blank\">INESPRE-DAF-CM-2023-0103<\/a><\/h6><p class=\"mb-0 bold\">Servicio de Alquiler de Dos Contenedores Refrigerados por un periodo de tres (03) meses dirigido a MiPymes mujeres<\/p><p class=\"mb-0\" style=\"font-size: .85rem\"><strong title=\"Estado del Proceso\"><i class=\"fas fa-spinner\"><\/i><\/strong> Proceso adjudicado y celebrado<\/p><p class=\"mb-0\" style=\"font-size: .85rem\"><strong title=\"Fecha de Publicaci\u00f3n\"><i class=\"fas fa-calendar-alt\"><\/i><\/strong> Publicado el martes, 31 de octubre de 2023<\/p><\/div><div class=\"col-auto mt-md-0 mt-2\"><a class=\"btn btn-primary btn-lg px-lg-4 d-none d-md-block\" href=\"https:\/\/comunidad.comprasdominicana.gob.do\/\/Public\/Tendering\/OpportunityDetail\/Index?noticeUID=DO1.NTC.1315440\" target=\"_blank\" title=\"Detalles\"><i class=\"fas fa-link\"><\/i> DETALLES<\/a><a class=\"btn btn-primary btn-lg px-lg-4 d-block d-md-none\" href=\"https:\/\/comunidad.comprasdominicana.gob.do\/\/Public\/Tendering\/OpportunityDetail\/Index?noticeUID=DO1.NTC.1315440\" target=\"_blank\" title=\"Detalles\"><i class=\"fas fa-2x fa-link\"><\/i><\/a><\/div><\/div><\/div><\/div><\/div><\/div>\n        <div class=\"card\">\n            <div class=\"card-header parents\" id=\"heading_procedimientos-de-contrataci-n-dirigidos-a-las-micro-peque-as-y-medianas-empresas-mipymes--69f73f7454400-2023-69f73f7454400-septiembre-69f73f7454400\">\n                <p class=\"title text-blue mb-0\">\n                    <a class=\"btn-block hover text-left collapsed\" data-toggle=\"collapse\" data-target=\"#collap_procedimientos-de-contrataci-n-dirigidos-a-las-micro-peque-as-y-medianas-empresas-mipymes--69f73f7454400-2023-69f73f7454400-septiembre-69f73f7454400\" aria-expanded=\"false\" aria-controls=\"collap_procedimientos-de-contrataci-n-dirigidos-a-las-micro-peque-as-y-medianas-empresas-mipymes--69f73f7454400-2023-69f73f7454400-septiembre-69f73f7454400\">Septiembre<\/a>\n                <\/p>\n            <\/div>\n            <div id=\"collap_procedimientos-de-contrataci-n-dirigidos-a-las-micro-peque-as-y-medianas-empresas-mipymes--69f73f7454400-2023-69f73f7454400-septiembre-69f73f7454400\" class=\"collapse\" aria-labelledby=\"heading_procedimientos-de-contrataci-n-dirigidos-a-las-micro-peque-as-y-medianas-empresas-mipymes--69f73f7454400-2023-69f73f7454400-septiembre-69f73f7454400\" data-parent=\"#collap_procedimientos-de-contrataci-n-dirigidos-a-las-micro-peque-as-y-medianas-empresas-mipymes--69f73f7454400-2023-69f73f7454400\">\n                <div class=\"card-body\"><div class=\"jumbotron archivos\"><div class=\"row align-items-center\"><div class=\"col\"><h6><a class=\"text-dark\" href=\"https:\/\/comunidad.comprasdominicana.gob.do\/\/Public\/Tendering\/OpportunityDetail\/Index?noticeUID=DO1.NTC.1301536\" title=\"Ver\" target=\"_blank\">INESPRE-UC-CD-2023-0114<\/a><\/h6><p class=\"mb-0 bold\">Confecci\u00f3n de Camisas para la Divisi\u00f3n de Compras y Contrataciones dirigido a Mipymes Mujer (Compras Verdes)<\/p><p class=\"mb-0\" style=\"font-size: .85rem\"><strong title=\"Estado del Proceso\"><i class=\"fas fa-spinner\"><\/i><\/strong> Proceso adjudicado y celebrado<\/p><p class=\"mb-0\" style=\"font-size: .85rem\"><strong title=\"Fecha de Publicaci\u00f3n\"><i class=\"fas fa-calendar-alt\"><\/i><\/strong> Publicado el viernes, 29 de septiembre de 2023<\/p><\/div><div class=\"col-auto mt-md-0 mt-2\"><a class=\"btn btn-primary btn-lg px-lg-4 d-none d-md-block\" href=\"https:\/\/comunidad.comprasdominicana.gob.do\/\/Public\/Tendering\/OpportunityDetail\/Index?noticeUID=DO1.NTC.1301536\" target=\"_blank\" title=\"Detalles\"><i class=\"fas fa-link\"><\/i> DETALLES<\/a><a class=\"btn btn-primary btn-lg px-lg-4 d-block d-md-none\" href=\"https:\/\/comunidad.comprasdominicana.gob.do\/\/Public\/Tendering\/OpportunityDetail\/Index?noticeUID=DO1.NTC.1301536\" target=\"_blank\" title=\"Detalles\"><i class=\"fas fa-2x fa-link\"><\/i><\/a><\/div><\/div><\/div><div class=\"jumbotron archivos\"><div class=\"row align-items-center\"><div class=\"col\"><h6><a class=\"text-dark\" href=\"https:\/\/comunidad.comprasdominicana.gob.do\/\/Public\/Tendering\/OpportunityDetail\/Index?noticeUID=DO1.NTC.1301337\" title=\"Ver\" target=\"_blank\">INESPRE-DAF-CM-2023-0097<\/a><\/h6><p class=\"mb-0 bold\">Suministro de Oficina dirigido a Mipymes Mujeres (Compras Verdes)<\/p><p class=\"mb-0\" style=\"font-size: .85rem\"><strong title=\"Estado del Proceso\"><i class=\"fas fa-spinner\"><\/i><\/strong> Proceso adjudicado y celebrado<\/p><p class=\"mb-0\" style=\"font-size: .85rem\"><strong title=\"Fecha de Publicaci\u00f3n\"><i class=\"fas fa-calendar-alt\"><\/i><\/strong> Publicado el viernes, 29 de septiembre de 2023<\/p><\/div><div class=\"col-auto mt-md-0 mt-2\"><a class=\"btn btn-primary btn-lg px-lg-4 d-none d-md-block\" href=\"https:\/\/comunidad.comprasdominicana.gob.do\/\/Public\/Tendering\/OpportunityDetail\/Index?noticeUID=DO1.NTC.1301337\" target=\"_blank\" title=\"Detalles\"><i class=\"fas fa-link\"><\/i> DETALLES<\/a><a class=\"btn btn-primary btn-lg px-lg-4 d-block d-md-none\" href=\"https:\/\/comunidad.comprasdominicana.gob.do\/\/Public\/Tendering\/OpportunityDetail\/Index?noticeUID=DO1.NTC.1301337\" target=\"_blank\" title=\"Detalles\"><i class=\"fas fa-2x fa-link\"><\/i><\/a><\/div><\/div><\/div><div class=\"jumbotron archivos\"><div class=\"row align-items-center\"><div class=\"col\"><h6><a class=\"text-dark\" href=\"https:\/\/comunidad.comprasdominicana.gob.do\/\/Public\/Tendering\/OpportunityDetail\/Index?noticeUID=DO1.NTC.1301616\" title=\"Ver\" target=\"_blank\">INESPRE-CCC-CP-2023-0006<\/a><\/h6><p class=\"mb-0 bold\">Bolsas Pl\u00e1sticas (Fundas tipo T-shirt), dirigido exclusivamente a MIPYMES Y MIPYMES MUJERES<\/p><p class=\"mb-0\" style=\"font-size: .85rem\"><strong title=\"Estado del Proceso\"><i class=\"fas fa-spinner\"><\/i><\/strong> Proceso adjudicado y celebrado<\/p><p class=\"mb-0\" style=\"font-size: .85rem\"><strong title=\"Fecha de Publicaci\u00f3n\"><i class=\"fas fa-calendar-alt\"><\/i><\/strong> Publicado el viernes, 29 de septiembre de 2023<\/p><\/div><div class=\"col-auto mt-md-0 mt-2\"><a class=\"btn btn-primary btn-lg px-lg-4 d-none d-md-block\" href=\"https:\/\/comunidad.comprasdominicana.gob.do\/\/Public\/Tendering\/OpportunityDetail\/Index?noticeUID=DO1.NTC.1301616\" target=\"_blank\" title=\"Detalles\"><i class=\"fas fa-link\"><\/i> DETALLES<\/a><a class=\"btn btn-primary btn-lg px-lg-4 d-block d-md-none\" href=\"https:\/\/comunidad.comprasdominicana.gob.do\/\/Public\/Tendering\/OpportunityDetail\/Index?noticeUID=DO1.NTC.1301616\" target=\"_blank\" title=\"Detalles\"><i class=\"fas fa-2x fa-link\"><\/i><\/a><\/div><\/div><\/div><div class=\"jumbotron archivos\"><div class=\"row align-items-center\"><div class=\"col\"><h6><a class=\"text-dark\" href=\"https:\/\/comunidad.comprasdominicana.gob.do\/\/Public\/Tendering\/OpportunityDetail\/Index?noticeUID=DO1.NTC.1300530\" title=\"Ver\" target=\"_blank\">INESPRE-UC-CD-2023-0113<\/a><\/h6><p class=\"mb-0 bold\">Adquisici\u00f3n de Adquisici\u00f3n de T\u00f3ner ecol\u00f3gico para impresora dirigido a Mipymes Mujeres (Compras Verdes)<\/p><p class=\"mb-0\" style=\"font-size: .85rem\"><strong title=\"Estado del Proceso\"><i class=\"fas fa-spinner\"><\/i><\/strong> Proceso adjudicado y celebrado<\/p><p class=\"mb-0\" style=\"font-size: .85rem\"><strong title=\"Fecha de Publicaci\u00f3n\"><i class=\"fas fa-calendar-alt\"><\/i><\/strong> Publicado el jueves, 28 de septiembre de 2023<\/p><\/div><div class=\"col-auto mt-md-0 mt-2\"><a class=\"btn btn-primary btn-lg px-lg-4 d-none d-md-block\" href=\"https:\/\/comunidad.comprasdominicana.gob.do\/\/Public\/Tendering\/OpportunityDetail\/Index?noticeUID=DO1.NTC.1300530\" target=\"_blank\" title=\"Detalles\"><i class=\"fas fa-link\"><\/i> DETALLES<\/a><a class=\"btn btn-primary btn-lg px-lg-4 d-block d-md-none\" href=\"https:\/\/comunidad.comprasdominicana.gob.do\/\/Public\/Tendering\/OpportunityDetail\/Index?noticeUID=DO1.NTC.1300530\" target=\"_blank\" title=\"Detalles\"><i class=\"fas fa-2x fa-link\"><\/i><\/a><\/div><\/div><\/div><div class=\"jumbotron archivos\"><div class=\"row align-items-center\"><div class=\"col\"><h6><a class=\"text-dark\" href=\"https:\/\/comunidad.comprasdominicana.gob.do\/\/Public\/Tendering\/OpportunityDetail\/Index?noticeUID=DO1.NTC.1300206\" title=\"Ver\" target=\"_blank\">INESPRE-UC-CD-2023-0112<\/a><\/h6><p class=\"mb-0 bold\">Adquisici\u00f3n de Art\u00edculos para montaje de Ferias dirigido a Mipymes mujer (Compras Verdes)<\/p><p class=\"mb-0\" style=\"font-size: .85rem\"><strong title=\"Estado del Proceso\"><i class=\"fas fa-spinner\"><\/i><\/strong> Proceso adjudicado y celebrado<\/p><p class=\"mb-0\" style=\"font-size: .85rem\"><strong title=\"Fecha de Publicaci\u00f3n\"><i class=\"fas fa-calendar-alt\"><\/i><\/strong> Publicado el mi\u00e9rcoles, 27 de septiembre de 2023<\/p><\/div><div class=\"col-auto mt-md-0 mt-2\"><a class=\"btn btn-primary btn-lg px-lg-4 d-none d-md-block\" href=\"https:\/\/comunidad.comprasdominicana.gob.do\/\/Public\/Tendering\/OpportunityDetail\/Index?noticeUID=DO1.NTC.1300206\" target=\"_blank\" title=\"Detalles\"><i class=\"fas fa-link\"><\/i> DETALLES<\/a><a class=\"btn btn-primary btn-lg px-lg-4 d-block d-md-none\" href=\"https:\/\/comunidad.comprasdominicana.gob.do\/\/Public\/Tendering\/OpportunityDetail\/Index?noticeUID=DO1.NTC.1300206\" target=\"_blank\" title=\"Detalles\"><i class=\"fas fa-2x fa-link\"><\/i><\/a><\/div><\/div><\/div><div class=\"jumbotron archivos\"><div class=\"row align-items-center\"><div class=\"col\"><h6><a class=\"text-dark\" href=\"https:\/\/comunidad.comprasdominicana.gob.do\/\/Public\/Tendering\/OpportunityDetail\/Index?noticeUID=DO1.NTC.1298226\" title=\"Ver\" target=\"_blank\">INESPRE-DAF-CM-2023-0096<\/a><\/h6><p class=\"mb-0 bold\">Adquisici\u00f3n de Papeles de Ba\u00f1os, Servilletas y otros dirigidos a Mipymes (Compras Verdes)<\/p><p class=\"mb-0\" style=\"font-size: .85rem\"><strong title=\"Estado del Proceso\"><i class=\"fas fa-spinner\"><\/i><\/strong> Proceso adjudicado y celebrado<\/p><p class=\"mb-0\" style=\"font-size: .85rem\"><strong title=\"Fecha de Publicaci\u00f3n\"><i class=\"fas fa-calendar-alt\"><\/i><\/strong> Publicado el viernes, 22 de septiembre de 2023<\/p><\/div><div class=\"col-auto mt-md-0 mt-2\"><a class=\"btn btn-primary btn-lg px-lg-4 d-none d-md-block\" href=\"https:\/\/comunidad.comprasdominicana.gob.do\/\/Public\/Tendering\/OpportunityDetail\/Index?noticeUID=DO1.NTC.1298226\" target=\"_blank\" title=\"Detalles\"><i class=\"fas fa-link\"><\/i> DETALLES<\/a><a class=\"btn btn-primary btn-lg px-lg-4 d-block d-md-none\" href=\"https:\/\/comunidad.comprasdominicana.gob.do\/\/Public\/Tendering\/OpportunityDetail\/Index?noticeUID=DO1.NTC.1298226\" target=\"_blank\" title=\"Detalles\"><i class=\"fas fa-2x fa-link\"><\/i><\/a><\/div><\/div><\/div><div class=\"jumbotron archivos\"><div class=\"row align-items-center\"><div class=\"col\"><h6><a class=\"text-dark\" href=\"https:\/\/comunidad.comprasdominicana.gob.do\/\/Public\/Tendering\/OpportunityDetail\/Index?noticeUID=DO1.NTC.1290207\" title=\"Ver\" target=\"_blank\">INESPRE-DAF-CM-2023-0092<\/a><\/h6><p class=\"mb-0 bold\">Adquisici\u00f3n de Pasta de Tomate dirigido a  Mipymes Industriales.<\/p><p class=\"mb-0\" style=\"font-size: .85rem\"><strong title=\"Estado del Proceso\"><i class=\"fas fa-spinner\"><\/i><\/strong> Proceso adjudicado y celebrado<\/p><p class=\"mb-0\" style=\"font-size: .85rem\"><strong title=\"Fecha de Publicaci\u00f3n\"><i class=\"fas fa-calendar-alt\"><\/i><\/strong> Publicado el lunes, 4 de septiembre de 2023<\/p><\/div><div class=\"col-auto mt-md-0 mt-2\"><a class=\"btn btn-primary btn-lg px-lg-4 d-none d-md-block\" href=\"https:\/\/comunidad.comprasdominicana.gob.do\/\/Public\/Tendering\/OpportunityDetail\/Index?noticeUID=DO1.NTC.1290207\" target=\"_blank\" title=\"Detalles\"><i class=\"fas fa-link\"><\/i> DETALLES<\/a><a class=\"btn btn-primary btn-lg px-lg-4 d-block d-md-none\" href=\"https:\/\/comunidad.comprasdominicana.gob.do\/\/Public\/Tendering\/OpportunityDetail\/Index?noticeUID=DO1.NTC.1290207\" target=\"_blank\" title=\"Detalles\"><i class=\"fas fa-2x fa-link\"><\/i><\/a><\/div><\/div><\/div><div class=\"jumbotron archivos\"><div class=\"row align-items-center\"><div class=\"col\"><h6><a class=\"text-dark\" href=\"https:\/\/comunidad.comprasdominicana.gob.do\/\/Public\/Tendering\/OpportunityDetail\/Index?noticeUID=DO1.NTC.1290206\" title=\"Ver\" target=\"_blank\">INESPRE-DAF-CM-2023-0091<\/a><\/h6><p class=\"mb-0 bold\">Adquisici\u00f3n de Salchichas de cerdo dirigido a Mipymes Mujeres<\/p><p class=\"mb-0\" style=\"font-size: .85rem\"><strong title=\"Estado del Proceso\"><i class=\"fas fa-spinner\"><\/i><\/strong> Proceso adjudicado y celebrado<\/p><p class=\"mb-0\" style=\"font-size: .85rem\"><strong title=\"Fecha de Publicaci\u00f3n\"><i class=\"fas fa-calendar-alt\"><\/i><\/strong> Publicado el lunes, 4 de septiembre de 2023<\/p><\/div><div class=\"col-auto mt-md-0 mt-2\"><a class=\"btn btn-primary btn-lg px-lg-4 d-none d-md-block\" href=\"https:\/\/comunidad.comprasdominicana.gob.do\/\/Public\/Tendering\/OpportunityDetail\/Index?noticeUID=DO1.NTC.1290206\" target=\"_blank\" title=\"Detalles\"><i class=\"fas fa-link\"><\/i> DETALLES<\/a><a class=\"btn btn-primary btn-lg px-lg-4 d-block d-md-none\" href=\"https:\/\/comunidad.comprasdominicana.gob.do\/\/Public\/Tendering\/OpportunityDetail\/Index?noticeUID=DO1.NTC.1290206\" target=\"_blank\" title=\"Detalles\"><i class=\"fas fa-2x fa-link\"><\/i><\/a><\/div><\/div><\/div><div class=\"jumbotron archivos\"><div class=\"row align-items-center\"><div class=\"col\"><h6><a class=\"text-dark\" href=\"https:\/\/comunidad.comprasdominicana.gob.do\/\/Public\/Tendering\/OpportunityDetail\/Index?noticeUID=DO1.NTC.1289320\" title=\"Ver\" target=\"_blank\">INESPRE-DAF-CM-2023-0086<\/a><\/h6><p class=\"mb-0 bold\">Adquisici\u00f3n de Harina de Ma\u00edz (dirigido a Mipymes Mujeres)<\/p><p class=\"mb-0\" style=\"font-size: .85rem\"><strong title=\"Estado del Proceso\"><i class=\"fas fa-spinner\"><\/i><\/strong> Proceso adjudicado y celebrado<\/p><p class=\"mb-0\" style=\"font-size: .85rem\"><strong title=\"Fecha de Publicaci\u00f3n\"><i class=\"fas fa-calendar-alt\"><\/i><\/strong> Publicado el viernes, 1 de septiembre de 2023<\/p><\/div><div class=\"col-auto mt-md-0 mt-2\"><a class=\"btn btn-primary btn-lg px-lg-4 d-none d-md-block\" href=\"https:\/\/comunidad.comprasdominicana.gob.do\/\/Public\/Tendering\/OpportunityDetail\/Index?noticeUID=DO1.NTC.1289320\" target=\"_blank\" title=\"Detalles\"><i class=\"fas fa-link\"><\/i> DETALLES<\/a><a class=\"btn btn-primary btn-lg px-lg-4 d-block d-md-none\" href=\"https:\/\/comunidad.comprasdominicana.gob.do\/\/Public\/Tendering\/OpportunityDetail\/Index?noticeUID=DO1.NTC.1289320\" target=\"_blank\" title=\"Detalles\"><i class=\"fas fa-2x fa-link\"><\/i><\/a><\/div><\/div><\/div><div class=\"jumbotron archivos\"><div class=\"row align-items-center\"><div class=\"col\"><h6><a class=\"text-dark\" href=\"https:\/\/comunidad.comprasdominicana.gob.do\/\/Public\/Tendering\/OpportunityDetail\/Index?noticeUID=DO1.NTC.1289418\" title=\"Ver\" target=\"_blank\">INESPRE-DAF-CM-2023-0085<\/a><\/h6><p class=\"mb-0 bold\">Adquisici\u00f3n de Saz\u00f3n en polvo y Vinagre dorado dirigido a Mipymes Industriales<\/p><p class=\"mb-0\" style=\"font-size: .85rem\"><strong title=\"Estado del Proceso\"><i class=\"fas fa-spinner\"><\/i><\/strong> Proceso adjudicado y celebrado<\/p><p class=\"mb-0\" style=\"font-size: .85rem\"><strong title=\"Fecha de Publicaci\u00f3n\"><i class=\"fas fa-calendar-alt\"><\/i><\/strong> Publicado el viernes, 1 de septiembre de 2023<\/p><\/div><div class=\"col-auto mt-md-0 mt-2\"><a class=\"btn btn-primary btn-lg px-lg-4 d-none d-md-block\" href=\"https:\/\/comunidad.comprasdominicana.gob.do\/\/Public\/Tendering\/OpportunityDetail\/Index?noticeUID=DO1.NTC.1289418\" target=\"_blank\" title=\"Detalles\"><i class=\"fas fa-link\"><\/i> DETALLES<\/a><a class=\"btn btn-primary btn-lg px-lg-4 d-block d-md-none\" href=\"https:\/\/comunidad.comprasdominicana.gob.do\/\/Public\/Tendering\/OpportunityDetail\/Index?noticeUID=DO1.NTC.1289418\" target=\"_blank\" title=\"Detalles\"><i class=\"fas fa-2x fa-link\"><\/i><\/a><\/div><\/div><\/div><\/div><\/div><\/div>\n        <div class=\"card\">\n            <div class=\"card-header parents\" id=\"heading_procedimientos-de-contrataci-n-dirigidos-a-las-micro-peque-as-y-medianas-empresas-mipymes--69f73f7454400-2023-69f73f7454400-agosto-69f73f7454400\">\n                <p class=\"title text-blue mb-0\">\n                    <a class=\"btn-block hover text-left collapsed\" data-toggle=\"collapse\" data-target=\"#collap_procedimientos-de-contrataci-n-dirigidos-a-las-micro-peque-as-y-medianas-empresas-mipymes--69f73f7454400-2023-69f73f7454400-agosto-69f73f7454400\" aria-expanded=\"false\" aria-controls=\"collap_procedimientos-de-contrataci-n-dirigidos-a-las-micro-peque-as-y-medianas-empresas-mipymes--69f73f7454400-2023-69f73f7454400-agosto-69f73f7454400\">Agosto<\/a>\n                <\/p>\n            <\/div>\n            <div id=\"collap_procedimientos-de-contrataci-n-dirigidos-a-las-micro-peque-as-y-medianas-empresas-mipymes--69f73f7454400-2023-69f73f7454400-agosto-69f73f7454400\" class=\"collapse\" aria-labelledby=\"heading_procedimientos-de-contrataci-n-dirigidos-a-las-micro-peque-as-y-medianas-empresas-mipymes--69f73f7454400-2023-69f73f7454400-agosto-69f73f7454400\" data-parent=\"#collap_procedimientos-de-contrataci-n-dirigidos-a-las-micro-peque-as-y-medianas-empresas-mipymes--69f73f7454400-2023-69f73f7454400\">\n                <div class=\"card-body\"><div class=\"jumbotron archivos\"><div class=\"row align-items-center\"><div class=\"col\"><h6><a class=\"text-dark\" href=\"https:\/\/comunidad.comprasdominicana.gob.do\/\/Public\/Tendering\/OpportunityDetail\/Index?noticeUID=DO1.NTC.1288807\" title=\"Ver\" target=\"_blank\">INESPRE-DAF-CM-2023-0083<\/a><\/h6><p class=\"mb-0 bold\">Servicio de Alquiler de Contenedores Refrigerados por un periodo de tres (03) meses dirigido a Mipymes Mujeres<\/p><p class=\"mb-0\" style=\"font-size: .85rem\"><strong title=\"Estado del Proceso\"><i class=\"fas fa-spinner\"><\/i><\/strong> Proceso adjudicado y celebrado<\/p><p class=\"mb-0\" style=\"font-size: .85rem\"><strong title=\"Fecha de Publicaci\u00f3n\"><i class=\"fas fa-calendar-alt\"><\/i><\/strong> Publicado el jueves, 31 de agosto de 2023<\/p><\/div><div class=\"col-auto mt-md-0 mt-2\"><a class=\"btn btn-primary btn-lg px-lg-4 d-none d-md-block\" href=\"https:\/\/comunidad.comprasdominicana.gob.do\/\/Public\/Tendering\/OpportunityDetail\/Index?noticeUID=DO1.NTC.1288807\" target=\"_blank\" title=\"Detalles\"><i class=\"fas fa-link\"><\/i> DETALLES<\/a><a class=\"btn btn-primary btn-lg px-lg-4 d-block d-md-none\" href=\"https:\/\/comunidad.comprasdominicana.gob.do\/\/Public\/Tendering\/OpportunityDetail\/Index?noticeUID=DO1.NTC.1288807\" target=\"_blank\" title=\"Detalles\"><i class=\"fas fa-2x fa-link\"><\/i><\/a><\/div><\/div><\/div><div class=\"jumbotron archivos\"><div class=\"row align-items-center\"><div class=\"col\"><h6><a class=\"text-dark\" href=\"https:\/\/comunidad.comprasdominicana.gob.do\/\/Public\/Tendering\/OpportunityDetail\/Index?noticeUID=DO1.NTC.1281225\" title=\"Ver\" target=\"_blank\">INESPRE-UC-CD-2023-0103<\/a><\/h6><p class=\"mb-0 bold\">Servicio de Coffe Break para ser utilizado en la Reuni\u00f3n de los fiscalizadores dirigido a Mipymes Industriales (Compra Verde)<\/p><p class=\"mb-0\" style=\"font-size: .85rem\"><strong title=\"Estado del Proceso\"><i class=\"fas fa-spinner\"><\/i><\/strong> Proceso adjudicado y celebrado<\/p><p class=\"mb-0\" style=\"font-size: .85rem\"><strong title=\"Fecha de Publicaci\u00f3n\"><i class=\"fas fa-calendar-alt\"><\/i><\/strong> Publicado el viernes, 11 de agosto de 2023<\/p><\/div><div class=\"col-auto mt-md-0 mt-2\"><a class=\"btn btn-primary btn-lg px-lg-4 d-none d-md-block\" href=\"https:\/\/comunidad.comprasdominicana.gob.do\/\/Public\/Tendering\/OpportunityDetail\/Index?noticeUID=DO1.NTC.1281225\" target=\"_blank\" title=\"Detalles\"><i class=\"fas fa-link\"><\/i> DETALLES<\/a><a class=\"btn btn-primary btn-lg px-lg-4 d-block d-md-none\" href=\"https:\/\/comunidad.comprasdominicana.gob.do\/\/Public\/Tendering\/OpportunityDetail\/Index?noticeUID=DO1.NTC.1281225\" target=\"_blank\" title=\"Detalles\"><i class=\"fas fa-2x fa-link\"><\/i><\/a><\/div><\/div><\/div><\/div><\/div><\/div>\n        <div class=\"card\">\n            <div class=\"card-header parents\" id=\"heading_procedimientos-de-contrataci-n-dirigidos-a-las-micro-peque-as-y-medianas-empresas-mipymes--69f73f7454400-2023-69f73f7454400-julio-69f73f7454400\">\n                <p class=\"title text-blue mb-0\">\n                    <a class=\"btn-block hover text-left collapsed\" data-toggle=\"collapse\" data-target=\"#collap_procedimientos-de-contrataci-n-dirigidos-a-las-micro-peque-as-y-medianas-empresas-mipymes--69f73f7454400-2023-69f73f7454400-julio-69f73f7454400\" aria-expanded=\"false\" aria-controls=\"collap_procedimientos-de-contrataci-n-dirigidos-a-las-micro-peque-as-y-medianas-empresas-mipymes--69f73f7454400-2023-69f73f7454400-julio-69f73f7454400\">Julio<\/a>\n                <\/p>\n            <\/div>\n            <div id=\"collap_procedimientos-de-contrataci-n-dirigidos-a-las-micro-peque-as-y-medianas-empresas-mipymes--69f73f7454400-2023-69f73f7454400-julio-69f73f7454400\" class=\"collapse\" aria-labelledby=\"heading_procedimientos-de-contrataci-n-dirigidos-a-las-micro-peque-as-y-medianas-empresas-mipymes--69f73f7454400-2023-69f73f7454400-julio-69f73f7454400\" data-parent=\"#collap_procedimientos-de-contrataci-n-dirigidos-a-las-micro-peque-as-y-medianas-empresas-mipymes--69f73f7454400-2023-69f73f7454400\">\n                <div class=\"card-body\"><div class=\"jumbotron archivos\"><div class=\"row align-items-center\"><div class=\"col\"><h6><a class=\"text-dark\" href=\"https:\/\/comunidad.comprasdominicana.gob.do\/\/Public\/Tendering\/OpportunityDetail\/Index?noticeUID=DO1.NTC.1274918\" title=\"Ver\" target=\"_blank\">INESPRE-DAF-CM-2023-0075<\/a><\/h6><p class=\"mb-0 bold\">Servicio de alquiler de Almacenes por un periodo de tres (03) meses dirigido a Mipymes Mujeres<\/p><p class=\"mb-0\" style=\"font-size: .85rem\"><strong title=\"Estado del Proceso\"><i class=\"fas fa-spinner\"><\/i><\/strong> Proceso adjudicado y celebrado<\/p><p class=\"mb-0\" style=\"font-size: .85rem\"><strong title=\"Fecha de Publicaci\u00f3n\"><i class=\"fas fa-calendar-alt\"><\/i><\/strong> Publicado el viernes, 28 de julio de 2023<\/p><\/div><div class=\"col-auto mt-md-0 mt-2\"><a class=\"btn btn-primary btn-lg px-lg-4 d-none d-md-block\" href=\"https:\/\/comunidad.comprasdominicana.gob.do\/\/Public\/Tendering\/OpportunityDetail\/Index?noticeUID=DO1.NTC.1274918\" target=\"_blank\" title=\"Detalles\"><i class=\"fas fa-link\"><\/i> DETALLES<\/a><a class=\"btn btn-primary btn-lg px-lg-4 d-block d-md-none\" href=\"https:\/\/comunidad.comprasdominicana.gob.do\/\/Public\/Tendering\/OpportunityDetail\/Index?noticeUID=DO1.NTC.1274918\" target=\"_blank\" title=\"Detalles\"><i class=\"fas fa-2x fa-link\"><\/i><\/a><\/div><\/div><\/div><div class=\"jumbotron archivos\"><div class=\"row align-items-center\"><div class=\"col\"><h6><a class=\"text-dark\" href=\"https:\/\/comunidad.comprasdominicana.gob.do\/\/Public\/Tendering\/OpportunityDetail\/Index?noticeUID=DO1.NTC.1273423\" title=\"Ver\" target=\"_blank\">INESPRE-UC-CD-2023-0093<\/a><\/h6><p class=\"mb-0 bold\">Servicio de Coffe Break para ser utilizado en Diplomado en la Gerencia de Hato Mayor dirigido a Mipymes Mujer<\/p><p class=\"mb-0\" style=\"font-size: .85rem\"><strong title=\"Estado del Proceso\"><i class=\"fas fa-spinner\"><\/i><\/strong> Proceso adjudicado y celebrado<\/p><p class=\"mb-0\" style=\"font-size: .85rem\"><strong title=\"Fecha de Publicaci\u00f3n\"><i class=\"fas fa-calendar-alt\"><\/i><\/strong> Publicado el mi\u00e9rcoles, 26 de julio de 2023<\/p><\/div><div class=\"col-auto mt-md-0 mt-2\"><a class=\"btn btn-primary btn-lg px-lg-4 d-none d-md-block\" href=\"https:\/\/comunidad.comprasdominicana.gob.do\/\/Public\/Tendering\/OpportunityDetail\/Index?noticeUID=DO1.NTC.1273423\" target=\"_blank\" title=\"Detalles\"><i class=\"fas fa-link\"><\/i> DETALLES<\/a><a class=\"btn btn-primary btn-lg px-lg-4 d-block d-md-none\" href=\"https:\/\/comunidad.comprasdominicana.gob.do\/\/Public\/Tendering\/OpportunityDetail\/Index?noticeUID=DO1.NTC.1273423\" target=\"_blank\" title=\"Detalles\"><i class=\"fas fa-2x fa-link\"><\/i><\/a><\/div><\/div><\/div><div class=\"jumbotron archivos\"><div class=\"row align-items-center\"><div class=\"col\"><h6><a class=\"text-dark\" href=\"https:\/\/comunidad.comprasdominicana.gob.do\/\/Public\/Tendering\/OpportunityDetail\/Index?noticeUID=DO1.NTC.1272936\" title=\"Ver\" target=\"_blank\">INESPRE-DAF-CM-2023-0071<\/a><\/h6><p class=\"mb-0 bold\">Adquisici\u00f3n de Alimentos y Bebidas para consumo Institucional ( dirigido a Mipymes Mujeres)<\/p><p class=\"mb-0\" style=\"font-size: .85rem\"><strong title=\"Estado del Proceso\"><i class=\"fas fa-spinner\"><\/i><\/strong> Proceso adjudicado y celebrado<\/p><p class=\"mb-0\" style=\"font-size: .85rem\"><strong title=\"Fecha de Publicaci\u00f3n\"><i class=\"fas fa-calendar-alt\"><\/i><\/strong> Publicado el martes, 25 de julio de 2023<\/p><\/div><div class=\"col-auto mt-md-0 mt-2\"><a class=\"btn btn-primary btn-lg px-lg-4 d-none d-md-block\" href=\"https:\/\/comunidad.comprasdominicana.gob.do\/\/Public\/Tendering\/OpportunityDetail\/Index?noticeUID=DO1.NTC.1272936\" target=\"_blank\" title=\"Detalles\"><i class=\"fas fa-link\"><\/i> DETALLES<\/a><a class=\"btn btn-primary btn-lg px-lg-4 d-block d-md-none\" href=\"https:\/\/comunidad.comprasdominicana.gob.do\/\/Public\/Tendering\/OpportunityDetail\/Index?noticeUID=DO1.NTC.1272936\" target=\"_blank\" title=\"Detalles\"><i class=\"fas fa-2x fa-link\"><\/i><\/a><\/div><\/div><\/div><div class=\"jumbotron archivos\"><div class=\"row align-items-center\"><div class=\"col\"><h6><a class=\"text-dark\" href=\"https:\/\/comunidad.comprasdominicana.gob.do\/\/Public\/Tendering\/OpportunityDetail\/Index?noticeUID=DO1.NTC.1272926\" title=\"Ver\" target=\"_blank\">INESPRE-DAF-CM-2023-0070<\/a><\/h6><p class=\"mb-0 bold\">Servicio de Alquiler de Dos Contenedores Refrigerados por un periodo de tres (3) meses dirigido a Mipymes Mujeres<\/p><p class=\"mb-0\" style=\"font-size: .85rem\"><strong title=\"Estado del Proceso\"><i class=\"fas fa-spinner\"><\/i><\/strong> Proceso adjudicado y celebrado<\/p><p class=\"mb-0\" style=\"font-size: .85rem\"><strong title=\"Fecha de Publicaci\u00f3n\"><i class=\"fas fa-calendar-alt\"><\/i><\/strong> Publicado el martes, 25 de julio de 2023<\/p><\/div><div class=\"col-auto mt-md-0 mt-2\"><a class=\"btn btn-primary btn-lg px-lg-4 d-none d-md-block\" href=\"https:\/\/comunidad.comprasdominicana.gob.do\/\/Public\/Tendering\/OpportunityDetail\/Index?noticeUID=DO1.NTC.1272926\" target=\"_blank\" title=\"Detalles\"><i class=\"fas fa-link\"><\/i> DETALLES<\/a><a class=\"btn btn-primary btn-lg px-lg-4 d-block d-md-none\" href=\"https:\/\/comunidad.comprasdominicana.gob.do\/\/Public\/Tendering\/OpportunityDetail\/Index?noticeUID=DO1.NTC.1272926\" target=\"_blank\" title=\"Detalles\"><i class=\"fas fa-2x fa-link\"><\/i><\/a><\/div><\/div><\/div><\/div><\/div><\/div>\n        <div class=\"card\">\n            <div class=\"card-header parents\" id=\"heading_procedimientos-de-contrataci-n-dirigidos-a-las-micro-peque-as-y-medianas-empresas-mipymes--69f73f7454400-2023-69f73f7454400-junio-69f73f7454400\">\n                <p class=\"title text-blue mb-0\">\n                    <a class=\"btn-block hover text-left collapsed\" data-toggle=\"collapse\" data-target=\"#collap_procedimientos-de-contrataci-n-dirigidos-a-las-micro-peque-as-y-medianas-empresas-mipymes--69f73f7454400-2023-69f73f7454400-junio-69f73f7454400\" aria-expanded=\"false\" aria-controls=\"collap_procedimientos-de-contrataci-n-dirigidos-a-las-micro-peque-as-y-medianas-empresas-mipymes--69f73f7454400-2023-69f73f7454400-junio-69f73f7454400\">Junio<\/a>\n                <\/p>\n            <\/div>\n            <div id=\"collap_procedimientos-de-contrataci-n-dirigidos-a-las-micro-peque-as-y-medianas-empresas-mipymes--69f73f7454400-2023-69f73f7454400-junio-69f73f7454400\" class=\"collapse\" aria-labelledby=\"heading_procedimientos-de-contrataci-n-dirigidos-a-las-micro-peque-as-y-medianas-empresas-mipymes--69f73f7454400-2023-69f73f7454400-junio-69f73f7454400\" data-parent=\"#collap_procedimientos-de-contrataci-n-dirigidos-a-las-micro-peque-as-y-medianas-empresas-mipymes--69f73f7454400-2023-69f73f7454400\">\n                <div class=\"card-body\"><div class=\"jumbotron archivos\"><div class=\"row align-items-center\"><div class=\"col\"><h6><a class=\"text-dark\" href=\"https:\/\/comunidad.comprasdominicana.gob.do\/\/Public\/Tendering\/OpportunityDetail\/Index?noticeUID=DO1.NTC.1261810\" title=\"Ver\" target=\"_blank\">INESPRE-DAF-CM-2023-0064<\/a><\/h6><p class=\"mb-0 bold\">Adquisici\u00f3n de Formularios dirigido a Mipymes Mujer<\/p><p class=\"mb-0\" style=\"font-size: .85rem\"><strong title=\"Estado del Proceso\"><i class=\"fas fa-spinner\"><\/i><\/strong> Proceso adjudicado y celebrado<\/p><p class=\"mb-0\" style=\"font-size: .85rem\"><strong title=\"Fecha de Publicaci\u00f3n\"><i class=\"fas fa-calendar-alt\"><\/i><\/strong> Publicado el viernes, 30 de junio de 2023<\/p><\/div><div class=\"col-auto mt-md-0 mt-2\"><a class=\"btn btn-primary btn-lg px-lg-4 d-none d-md-block\" href=\"https:\/\/comunidad.comprasdominicana.gob.do\/\/Public\/Tendering\/OpportunityDetail\/Index?noticeUID=DO1.NTC.1261810\" target=\"_blank\" title=\"Detalles\"><i class=\"fas fa-link\"><\/i> DETALLES<\/a><a class=\"btn btn-primary btn-lg px-lg-4 d-block d-md-none\" href=\"https:\/\/comunidad.comprasdominicana.gob.do\/\/Public\/Tendering\/OpportunityDetail\/Index?noticeUID=DO1.NTC.1261810\" target=\"_blank\" title=\"Detalles\"><i class=\"fas fa-2x fa-link\"><\/i><\/a><\/div><\/div><\/div><div class=\"jumbotron archivos\"><div class=\"row align-items-center\"><div class=\"col\"><h6><a class=\"text-dark\" href=\"https:\/\/comunidad.comprasdominicana.gob.do\/\/Public\/Tendering\/OpportunityDetail\/Index?noticeUID=DO1.NTC.1251235\" title=\"Ver\" target=\"_blank\">INESPRE-CCC-CP-2023-0004<\/a><\/h6><p class=\"mb-0 bold\">Adquisici\u00f3n de Bolsas Pl\u00e1sticas (Fundas Tipo T-Shirt), dirigido exclusivamente a MIPYMES Y MIPYMES MUJERES<\/p><p class=\"mb-0\" style=\"font-size: .85rem\"><strong title=\"Estado del Proceso\"><i class=\"fas fa-spinner\"><\/i><\/strong> Proceso adjudicado y celebrado<\/p><p class=\"mb-0\" style=\"font-size: .85rem\"><strong title=\"Fecha de Publicaci\u00f3n\"><i class=\"fas fa-calendar-alt\"><\/i><\/strong> Publicado el martes, 6 de junio de 2023<\/p><\/div><div class=\"col-auto mt-md-0 mt-2\"><a class=\"btn btn-primary btn-lg px-lg-4 d-none d-md-block\" href=\"https:\/\/comunidad.comprasdominicana.gob.do\/\/Public\/Tendering\/OpportunityDetail\/Index?noticeUID=DO1.NTC.1251235\" target=\"_blank\" title=\"Detalles\"><i class=\"fas fa-link\"><\/i> DETALLES<\/a><a class=\"btn btn-primary btn-lg px-lg-4 d-block d-md-none\" href=\"https:\/\/comunidad.comprasdominicana.gob.do\/\/Public\/Tendering\/OpportunityDetail\/Index?noticeUID=DO1.NTC.1251235\" target=\"_blank\" title=\"Detalles\"><i class=\"fas fa-2x fa-link\"><\/i><\/a><\/div><\/div><\/div><\/div><\/div><\/div>\n        <div class=\"card\">\n            <div class=\"card-header parents\" id=\"heading_procedimientos-de-contrataci-n-dirigidos-a-las-micro-peque-as-y-medianas-empresas-mipymes--69f73f7454400-2023-69f73f7454400-mayo-69f73f7454400\">\n                <p class=\"title text-blue mb-0\">\n                    <a class=\"btn-block hover text-left collapsed\" data-toggle=\"collapse\" data-target=\"#collap_procedimientos-de-contrataci-n-dirigidos-a-las-micro-peque-as-y-medianas-empresas-mipymes--69f73f7454400-2023-69f73f7454400-mayo-69f73f7454400\" aria-expanded=\"false\" aria-controls=\"collap_procedimientos-de-contrataci-n-dirigidos-a-las-micro-peque-as-y-medianas-empresas-mipymes--69f73f7454400-2023-69f73f7454400-mayo-69f73f7454400\">Mayo<\/a>\n                <\/p>\n            <\/div>\n            <div id=\"collap_procedimientos-de-contrataci-n-dirigidos-a-las-micro-peque-as-y-medianas-empresas-mipymes--69f73f7454400-2023-69f73f7454400-mayo-69f73f7454400\" class=\"collapse\" aria-labelledby=\"heading_procedimientos-de-contrataci-n-dirigidos-a-las-micro-peque-as-y-medianas-empresas-mipymes--69f73f7454400-2023-69f73f7454400-mayo-69f73f7454400\" data-parent=\"#collap_procedimientos-de-contrataci-n-dirigidos-a-las-micro-peque-as-y-medianas-empresas-mipymes--69f73f7454400-2023-69f73f7454400\">\n                <div class=\"card-body\"><div class=\"jumbotron archivos\"><div class=\"row align-items-center\"><div class=\"col\"><h6><a class=\"text-dark\" href=\"https:\/\/comunidad.comprasdominicana.gob.do\/\/Public\/Tendering\/OpportunityDetail\/Index?noticeUID=DO1.NTC.1244605\" title=\"Ver\" target=\"_blank\">INESPRE-DAF-CM-2023-0056<\/a><\/h6><p class=\"mb-0 bold\">Servicio de Alquiler de Contenedores Refrigerados por un periodo de tres (3) meses dirigido a Mipymes Mujeres<\/p><p class=\"mb-0\" style=\"font-size: .85rem\"><strong title=\"Estado del Proceso\"><i class=\"fas fa-spinner\"><\/i><\/strong> Proceso adjudicado y celebrado<\/p><p class=\"mb-0\" style=\"font-size: .85rem\"><strong title=\"Fecha de Publicaci\u00f3n\"><i class=\"fas fa-calendar-alt\"><\/i><\/strong> Publicado el jueves, 25 de mayo de 2023<\/p><\/div><div class=\"col-auto mt-md-0 mt-2\"><a class=\"btn btn-primary btn-lg px-lg-4 d-none d-md-block\" href=\"https:\/\/comunidad.comprasdominicana.gob.do\/\/Public\/Tendering\/OpportunityDetail\/Index?noticeUID=DO1.NTC.1244605\" target=\"_blank\" title=\"Detalles\"><i class=\"fas fa-link\"><\/i> DETALLES<\/a><a class=\"btn btn-primary btn-lg px-lg-4 d-block d-md-none\" href=\"https:\/\/comunidad.comprasdominicana.gob.do\/\/Public\/Tendering\/OpportunityDetail\/Index?noticeUID=DO1.NTC.1244605\" target=\"_blank\" title=\"Detalles\"><i class=\"fas fa-2x fa-link\"><\/i><\/a><\/div><\/div><\/div><\/div><\/div><\/div>\n        <div class=\"card\">\n            <div class=\"card-header parents\" id=\"heading_procedimientos-de-contrataci-n-dirigidos-a-las-micro-peque-as-y-medianas-empresas-mipymes--69f73f7454400-2023-69f73f7454400-abril-69f73f7454400\">\n                <p class=\"title text-blue mb-0\">\n                    <a class=\"btn-block hover text-left collapsed\" data-toggle=\"collapse\" data-target=\"#collap_procedimientos-de-contrataci-n-dirigidos-a-las-micro-peque-as-y-medianas-empresas-mipymes--69f73f7454400-2023-69f73f7454400-abril-69f73f7454400\" aria-expanded=\"false\" aria-controls=\"collap_procedimientos-de-contrataci-n-dirigidos-a-las-micro-peque-as-y-medianas-empresas-mipymes--69f73f7454400-2023-69f73f7454400-abril-69f73f7454400\">Abril<\/a>\n                <\/p>\n            <\/div>\n            <div id=\"collap_procedimientos-de-contrataci-n-dirigidos-a-las-micro-peque-as-y-medianas-empresas-mipymes--69f73f7454400-2023-69f73f7454400-abril-69f73f7454400\" class=\"collapse\" aria-labelledby=\"heading_procedimientos-de-contrataci-n-dirigidos-a-las-micro-peque-as-y-medianas-empresas-mipymes--69f73f7454400-2023-69f73f7454400-abril-69f73f7454400\" data-parent=\"#collap_procedimientos-de-contrataci-n-dirigidos-a-las-micro-peque-as-y-medianas-empresas-mipymes--69f73f7454400-2023-69f73f7454400\">\n                <div class=\"card-body\"><div class=\"jumbotron archivos\"><div class=\"row align-items-center\"><div class=\"col\"><h6><a class=\"text-dark\" href=\"https:\/\/comunidad.comprasdominicana.gob.do\/\/Public\/Tendering\/OpportunityDetail\/Index?noticeUID=DO1.NTC.1234033\" title=\"Ver\" target=\"_blank\">INESPRE-DAF-CM-2023-0043<\/a><\/h6><p class=\"mb-0 bold\">Adquisici\u00f3n de Papeles de Ba\u00f1os, Servilletas y otros, dirigido a Mipymes<\/p><p class=\"mb-0\" style=\"font-size: .85rem\"><strong title=\"Estado del Proceso\"><i class=\"fas fa-spinner\"><\/i><\/strong> Proceso adjudicado y celebrado<\/p><p class=\"mb-0\" style=\"font-size: .85rem\"><strong title=\"Fecha de Publicaci\u00f3n\"><i class=\"fas fa-calendar-alt\"><\/i><\/strong> Publicado el viernes, 28 de abril de 2023<\/p><\/div><div class=\"col-auto mt-md-0 mt-2\"><a class=\"btn btn-primary btn-lg px-lg-4 d-none d-md-block\" href=\"https:\/\/comunidad.comprasdominicana.gob.do\/\/Public\/Tendering\/OpportunityDetail\/Index?noticeUID=DO1.NTC.1234033\" target=\"_blank\" title=\"Detalles\"><i class=\"fas fa-link\"><\/i> DETALLES<\/a><a class=\"btn btn-primary btn-lg px-lg-4 d-block d-md-none\" href=\"https:\/\/comunidad.comprasdominicana.gob.do\/\/Public\/Tendering\/OpportunityDetail\/Index?noticeUID=DO1.NTC.1234033\" target=\"_blank\" title=\"Detalles\"><i class=\"fas fa-2x fa-link\"><\/i><\/a><\/div><\/div><\/div><div class=\"jumbotron archivos\"><div class=\"row align-items-center\"><div class=\"col\"><h6><a class=\"text-dark\" href=\"https:\/\/comunidad.comprasdominicana.gob.do\/\/Public\/Tendering\/OpportunityDetail\/Index?noticeUID=DO1.NTC.1233140\" title=\"Ver\" target=\"_blank\">INESPRE-DAF-CM-2023-0051<\/a><\/h6><p class=\"mb-0 bold\">Adquisici\u00f3n de Guandules y Ma\u00edz enlatados (dirigido a Mipymes Mujeres)<\/p><p class=\"mb-0\" style=\"font-size: .85rem\"><strong title=\"Estado del Proceso\"><i class=\"fas fa-spinner\"><\/i><\/strong> Proceso adjudicado y celebrado<\/p><p class=\"mb-0\" style=\"font-size: .85rem\"><strong title=\"Fecha de Publicaci\u00f3n\"><i class=\"fas fa-calendar-alt\"><\/i><\/strong> Publicado el jueves, 27 de abril de 2023<\/p><\/div><div class=\"col-auto mt-md-0 mt-2\"><a class=\"btn btn-primary btn-lg px-lg-4 d-none d-md-block\" href=\"https:\/\/comunidad.comprasdominicana.gob.do\/\/Public\/Tendering\/OpportunityDetail\/Index?noticeUID=DO1.NTC.1233140\" target=\"_blank\" title=\"Detalles\"><i class=\"fas fa-link\"><\/i> DETALLES<\/a><a class=\"btn btn-primary btn-lg px-lg-4 d-block d-md-none\" href=\"https:\/\/comunidad.comprasdominicana.gob.do\/\/Public\/Tendering\/OpportunityDetail\/Index?noticeUID=DO1.NTC.1233140\" target=\"_blank\" title=\"Detalles\"><i class=\"fas fa-2x fa-link\"><\/i><\/a><\/div><\/div><\/div><div class=\"jumbotron archivos\"><div class=\"row align-items-center\"><div class=\"col\"><h6><a class=\"text-dark\" href=\"https:\/\/comunidad.comprasdominicana.gob.do\/\/Public\/Tendering\/OpportunityDetail\/Index?noticeUID=DO1.NTC.1233229\" title=\"Ver\" target=\"_blank\">INESPRE-DAF-CM-2023-0050<\/a><\/h6><p class=\"mb-0 bold\">Adquisici\u00f3n de Avena Entera (dirigido a Mipymes Mujeres)<\/p><p class=\"mb-0\" style=\"font-size: .85rem\"><strong title=\"Estado del Proceso\"><i class=\"fas fa-spinner\"><\/i><\/strong> Proceso adjudicado y celebrado<\/p><p class=\"mb-0\" style=\"font-size: .85rem\"><strong title=\"Fecha de Publicaci\u00f3n\"><i class=\"fas fa-calendar-alt\"><\/i><\/strong> Publicado el jueves, 27 de abril de 2023<\/p><\/div><div class=\"col-auto mt-md-0 mt-2\"><a class=\"btn btn-primary btn-lg px-lg-4 d-none d-md-block\" href=\"https:\/\/comunidad.comprasdominicana.gob.do\/\/Public\/Tendering\/OpportunityDetail\/Index?noticeUID=DO1.NTC.1233229\" target=\"_blank\" title=\"Detalles\"><i class=\"fas fa-link\"><\/i> DETALLES<\/a><a class=\"btn btn-primary btn-lg px-lg-4 d-block d-md-none\" href=\"https:\/\/comunidad.comprasdominicana.gob.do\/\/Public\/Tendering\/OpportunityDetail\/Index?noticeUID=DO1.NTC.1233229\" target=\"_blank\" title=\"Detalles\"><i class=\"fas fa-2x fa-link\"><\/i><\/a><\/div><\/div><\/div><div class=\"jumbotron archivos\"><div class=\"row align-items-center\"><div class=\"col\"><h6><a class=\"text-dark\" href=\"https:\/\/comunidad.comprasdominicana.gob.do\/\/Public\/Tendering\/OpportunityDetail\/Index?noticeUID=DO1.NTC.1233431\" title=\"Ver\" target=\"_blank\">INESPRE-DAF-CM-2023-0049<\/a><\/h6><p class=\"mb-0 bold\">Adquisici\u00f3n de Harina de Ma\u00edz (dirigido a Mipymes Mujeres)<\/p><p class=\"mb-0\" style=\"font-size: .85rem\"><strong title=\"Estado del Proceso\"><i class=\"fas fa-spinner\"><\/i><\/strong> Proceso adjudicado y celebrado<\/p><p class=\"mb-0\" style=\"font-size: .85rem\"><strong title=\"Fecha de Publicaci\u00f3n\"><i class=\"fas fa-calendar-alt\"><\/i><\/strong> Publicado el jueves, 27 de abril de 2023<\/p><\/div><div class=\"col-auto mt-md-0 mt-2\"><a class=\"btn btn-primary btn-lg px-lg-4 d-none d-md-block\" href=\"https:\/\/comunidad.comprasdominicana.gob.do\/\/Public\/Tendering\/OpportunityDetail\/Index?noticeUID=DO1.NTC.1233431\" target=\"_blank\" title=\"Detalles\"><i class=\"fas fa-link\"><\/i> DETALLES<\/a><a class=\"btn btn-primary btn-lg px-lg-4 d-block d-md-none\" href=\"https:\/\/comunidad.comprasdominicana.gob.do\/\/Public\/Tendering\/OpportunityDetail\/Index?noticeUID=DO1.NTC.1233431\" target=\"_blank\" title=\"Detalles\"><i class=\"fas fa-2x fa-link\"><\/i><\/a><\/div><\/div><\/div><div class=\"jumbotron archivos\"><div class=\"row align-items-center\"><div class=\"col\"><h6><a class=\"text-dark\" href=\"https:\/\/comunidad.comprasdominicana.gob.do\/\/Public\/Tendering\/OpportunityDetail\/Index?noticeUID=DO1.NTC.1233022\" title=\"Ver\" target=\"_blank\">INESPRE-DAF-CM-2023-0048<\/a><\/h6><p class=\"mb-0 bold\">Adquisici\u00f3n de Saz\u00f3n en polvo y Vinagre dorado (dirigido a Mipymes Mujeres)<\/p><p class=\"mb-0\" style=\"font-size: .85rem\"><strong title=\"Estado del Proceso\"><i class=\"fas fa-spinner\"><\/i><\/strong> Proceso adjudicado y celebrado<\/p><p class=\"mb-0\" style=\"font-size: .85rem\"><strong title=\"Fecha de Publicaci\u00f3n\"><i class=\"fas fa-calendar-alt\"><\/i><\/strong> Publicado el jueves, 27 de abril de 2023<\/p><\/div><div class=\"col-auto mt-md-0 mt-2\"><a class=\"btn btn-primary btn-lg px-lg-4 d-none d-md-block\" href=\"https:\/\/comunidad.comprasdominicana.gob.do\/\/Public\/Tendering\/OpportunityDetail\/Index?noticeUID=DO1.NTC.1233022\" target=\"_blank\" title=\"Detalles\"><i class=\"fas fa-link\"><\/i> DETALLES<\/a><a class=\"btn btn-primary btn-lg px-lg-4 d-block d-md-none\" href=\"https:\/\/comunidad.comprasdominicana.gob.do\/\/Public\/Tendering\/OpportunityDetail\/Index?noticeUID=DO1.NTC.1233022\" target=\"_blank\" title=\"Detalles\"><i class=\"fas fa-2x fa-link\"><\/i><\/a><\/div><\/div><\/div><div class=\"jumbotron archivos\"><div class=\"row align-items-center\"><div class=\"col\"><h6><a class=\"text-dark\" href=\"https:\/\/comunidad.comprasdominicana.gob.do\/\/Public\/Tendering\/OpportunityDetail\/Index?noticeUID=DO1.NTC.1233125\" title=\"Ver\" target=\"_blank\">INESPRE-DAF-CM-2023-0047<\/a><\/h6><p class=\"mb-0 bold\">Adquisici\u00f3n de Sal Molida (dirigido a Mipymes Industriales)<\/p><p class=\"mb-0\" style=\"font-size: .85rem\"><strong title=\"Estado del Proceso\"><i class=\"fas fa-spinner\"><\/i><\/strong> Proceso adjudicado y celebrado<\/p><p class=\"mb-0\" style=\"font-size: .85rem\"><strong title=\"Fecha de Publicaci\u00f3n\"><i class=\"fas fa-calendar-alt\"><\/i><\/strong> Publicado el jueves, 27 de abril de 2023<\/p><\/div><div class=\"col-auto mt-md-0 mt-2\"><a class=\"btn btn-primary btn-lg px-lg-4 d-none d-md-block\" href=\"https:\/\/comunidad.comprasdominicana.gob.do\/\/Public\/Tendering\/OpportunityDetail\/Index?noticeUID=DO1.NTC.1233125\" target=\"_blank\" title=\"Detalles\"><i class=\"fas fa-link\"><\/i> DETALLES<\/a><a class=\"btn btn-primary btn-lg px-lg-4 d-block d-md-none\" href=\"https:\/\/comunidad.comprasdominicana.gob.do\/\/Public\/Tendering\/OpportunityDetail\/Index?noticeUID=DO1.NTC.1233125\" target=\"_blank\" title=\"Detalles\"><i class=\"fas fa-2x fa-link\"><\/i><\/a><\/div><\/div><\/div><div class=\"jumbotron archivos\"><div class=\"row align-items-center\"><div class=\"col\"><h6><a class=\"text-dark\" href=\"https:\/\/comunidad.comprasdominicana.gob.do\/\/Public\/Tendering\/OpportunityDetail\/Index?noticeUID=DO1.NTC.1232630\" title=\"Ver\" target=\"_blank\">INESPRE-DAF-CM-2023-0044<\/a><\/h6><p class=\"mb-0 bold\">Adquisici\u00f3n de Alimentos y Bebidas para consumo Institucional, dirigido a Mipymes Mujeres<\/p><p class=\"mb-0\" style=\"font-size: .85rem\"><strong title=\"Estado del Proceso\"><i class=\"fas fa-spinner\"><\/i><\/strong> Proceso adjudicado y celebrado<\/p><p class=\"mb-0\" style=\"font-size: .85rem\"><strong title=\"Fecha de Publicaci\u00f3n\"><i class=\"fas fa-calendar-alt\"><\/i><\/strong> Publicado el mi\u00e9rcoles, 26 de abril de 2023<\/p><\/div><div class=\"col-auto mt-md-0 mt-2\"><a class=\"btn btn-primary btn-lg px-lg-4 d-none d-md-block\" href=\"https:\/\/comunidad.comprasdominicana.gob.do\/\/Public\/Tendering\/OpportunityDetail\/Index?noticeUID=DO1.NTC.1232630\" target=\"_blank\" title=\"Detalles\"><i class=\"fas fa-link\"><\/i> DETALLES<\/a><a class=\"btn btn-primary btn-lg px-lg-4 d-block d-md-none\" href=\"https:\/\/comunidad.comprasdominicana.gob.do\/\/Public\/Tendering\/OpportunityDetail\/Index?noticeUID=DO1.NTC.1232630\" target=\"_blank\" title=\"Detalles\"><i class=\"fas fa-2x fa-link\"><\/i><\/a><\/div><\/div><\/div><div class=\"jumbotron archivos\"><div class=\"row align-items-center\"><div class=\"col\"><h6><a class=\"text-dark\" href=\"https:\/\/comunidad.comprasdominicana.gob.do\/\/Public\/Tendering\/OpportunityDetail\/Index?noticeUID=DO1.NTC.1232417\" title=\"Ver\" target=\"_blank\">INESPRE-DAF-CM-2023-0042<\/a><\/h6><p class=\"mb-0 bold\">Adquisici\u00f3n de Suministros de oficina dirigido a Mipymes<\/p><p class=\"mb-0\" style=\"font-size: .85rem\"><strong title=\"Estado del Proceso\"><i class=\"fas fa-spinner\"><\/i><\/strong> Proceso adjudicado y celebrado<\/p><p class=\"mb-0\" style=\"font-size: .85rem\"><strong title=\"Fecha de Publicaci\u00f3n\"><i class=\"fas fa-calendar-alt\"><\/i><\/strong> Publicado el mi\u00e9rcoles, 26 de abril de 2023<\/p><\/div><div class=\"col-auto mt-md-0 mt-2\"><a class=\"btn btn-primary btn-lg px-lg-4 d-none d-md-block\" href=\"https:\/\/comunidad.comprasdominicana.gob.do\/\/Public\/Tendering\/OpportunityDetail\/Index?noticeUID=DO1.NTC.1232417\" target=\"_blank\" title=\"Detalles\"><i class=\"fas fa-link\"><\/i> DETALLES<\/a><a class=\"btn btn-primary btn-lg px-lg-4 d-block d-md-none\" href=\"https:\/\/comunidad.comprasdominicana.gob.do\/\/Public\/Tendering\/OpportunityDetail\/Index?noticeUID=DO1.NTC.1232417\" target=\"_blank\" title=\"Detalles\"><i class=\"fas fa-2x fa-link\"><\/i><\/a><\/div><\/div><\/div><div class=\"jumbotron archivos\"><div class=\"row align-items-center\"><div class=\"col\"><h6><a class=\"text-dark\" href=\"https:\/\/comunidad.comprasdominicana.gob.do\/\/Public\/Tendering\/OpportunityDetail\/Index?noticeUID=DO1.NTC.1231535\" title=\"Ver\" target=\"_blank\">INESPRE-DAF-CM-2023-0037<\/a><\/h6><p class=\"mb-0 bold\">Servicio de Alquiler de Almacenes por un periodo de tres (3) meses dirigido a Mipymes Mujeres<\/p><p class=\"mb-0\" style=\"font-size: .85rem\"><strong title=\"Estado del Proceso\"><i class=\"fas fa-spinner\"><\/i><\/strong> Proceso adjudicado y celebrado<\/p><p class=\"mb-0\" style=\"font-size: .85rem\"><strong title=\"Fecha de Publicaci\u00f3n\"><i class=\"fas fa-calendar-alt\"><\/i><\/strong> Publicado el lunes, 24 de abril de 2023<\/p><\/div><div class=\"col-auto mt-md-0 mt-2\"><a class=\"btn btn-primary btn-lg px-lg-4 d-none d-md-block\" href=\"https:\/\/comunidad.comprasdominicana.gob.do\/\/Public\/Tendering\/OpportunityDetail\/Index?noticeUID=DO1.NTC.1231535\" target=\"_blank\" title=\"Detalles\"><i class=\"fas fa-link\"><\/i> DETALLES<\/a><a class=\"btn btn-primary btn-lg px-lg-4 d-block d-md-none\" href=\"https:\/\/comunidad.comprasdominicana.gob.do\/\/Public\/Tendering\/OpportunityDetail\/Index?noticeUID=DO1.NTC.1231535\" target=\"_blank\" title=\"Detalles\"><i class=\"fas fa-2x fa-link\"><\/i><\/a><\/div><\/div><\/div><\/div><\/div><\/div>\n        <div class=\"card\">\n            <div class=\"card-header parents\" id=\"heading_procedimientos-de-contrataci-n-dirigidos-a-las-micro-peque-as-y-medianas-empresas-mipymes--69f73f7454400-2023-69f73f7454400-marzo-69f73f7454400\">\n                <p class=\"title text-blue mb-0\">\n                    <a class=\"btn-block hover text-left collapsed\" data-toggle=\"collapse\" data-target=\"#collap_procedimientos-de-contrataci-n-dirigidos-a-las-micro-peque-as-y-medianas-empresas-mipymes--69f73f7454400-2023-69f73f7454400-marzo-69f73f7454400\" aria-expanded=\"false\" aria-controls=\"collap_procedimientos-de-contrataci-n-dirigidos-a-las-micro-peque-as-y-medianas-empresas-mipymes--69f73f7454400-2023-69f73f7454400-marzo-69f73f7454400\">Marzo<\/a>\n                <\/p>\n            <\/div>\n            <div id=\"collap_procedimientos-de-contrataci-n-dirigidos-a-las-micro-peque-as-y-medianas-empresas-mipymes--69f73f7454400-2023-69f73f7454400-marzo-69f73f7454400\" class=\"collapse\" aria-labelledby=\"heading_procedimientos-de-contrataci-n-dirigidos-a-las-micro-peque-as-y-medianas-empresas-mipymes--69f73f7454400-2023-69f73f7454400-marzo-69f73f7454400\" data-parent=\"#collap_procedimientos-de-contrataci-n-dirigidos-a-las-micro-peque-as-y-medianas-empresas-mipymes--69f73f7454400-2023-69f73f7454400\">\n                <div class=\"card-body\"><div class=\"jumbotron archivos\"><div class=\"row align-items-center\"><div class=\"col\"><h6><a class=\"text-dark\" href=\"https:\/\/comunidad.comprasdominicana.gob.do\/\/Public\/Tendering\/OpportunityDetail\/Index?noticeUID=DO1.NTC.1215517\" title=\"Ver\" target=\"_blank\">INESPRE-DAF-CM-2023-0031<\/a><\/h6><p class=\"mb-0 bold\">Adquisici\u00f3n de Camisas con logos bordados dirigido a Mipymes<\/p><p class=\"mb-0\" style=\"font-size: .85rem\"><strong title=\"Estado del Proceso\"><i class=\"fas fa-spinner\"><\/i><\/strong> Proceso adjudicado y celebrado<\/p><p class=\"mb-0\" style=\"font-size: .85rem\"><strong title=\"Fecha de Publicaci\u00f3n\"><i class=\"fas fa-calendar-alt\"><\/i><\/strong> Publicado el mi\u00e9rcoles, 22 de marzo de 2023<\/p><\/div><div class=\"col-auto mt-md-0 mt-2\"><a class=\"btn btn-primary btn-lg px-lg-4 d-none d-md-block\" href=\"https:\/\/comunidad.comprasdominicana.gob.do\/\/Public\/Tendering\/OpportunityDetail\/Index?noticeUID=DO1.NTC.1215517\" target=\"_blank\" title=\"Detalles\"><i class=\"fas fa-link\"><\/i> DETALLES<\/a><a class=\"btn btn-primary btn-lg px-lg-4 d-block d-md-none\" href=\"https:\/\/comunidad.comprasdominicana.gob.do\/\/Public\/Tendering\/OpportunityDetail\/Index?noticeUID=DO1.NTC.1215517\" target=\"_blank\" title=\"Detalles\"><i class=\"fas fa-2x fa-link\"><\/i><\/a><\/div><\/div><\/div><div class=\"jumbotron archivos\"><div class=\"row align-items-center\"><div class=\"col\"><h6><a class=\"text-dark\" href=\"https:\/\/comunidad.comprasdominicana.gob.do\/\/Public\/Tendering\/OpportunityDetail\/Index?noticeUID=DO1.NTC.1211316\" title=\"Ver\" target=\"_blank\">INESPRE-UC-CD-2023-0037<\/a><\/h6><p class=\"mb-0 bold\">Adquici\u00f3n de Banderas dirigido a Mipymes Industriales<\/p><p class=\"mb-0\" style=\"font-size: .85rem\"><strong title=\"Estado del Proceso\"><i class=\"fas fa-spinner\"><\/i><\/strong> Proceso adjudicado y celebrado<\/p><p class=\"mb-0\" style=\"font-size: .85rem\"><strong title=\"Fecha de Publicaci\u00f3n\"><i class=\"fas fa-calendar-alt\"><\/i><\/strong> Publicado el lunes, 13 de marzo de 2023<\/p><\/div><div class=\"col-auto mt-md-0 mt-2\"><a class=\"btn btn-primary btn-lg px-lg-4 d-none d-md-block\" href=\"https:\/\/comunidad.comprasdominicana.gob.do\/\/Public\/Tendering\/OpportunityDetail\/Index?noticeUID=DO1.NTC.1211316\" target=\"_blank\" title=\"Detalles\"><i class=\"fas fa-link\"><\/i> DETALLES<\/a><a class=\"btn btn-primary btn-lg px-lg-4 d-block d-md-none\" href=\"https:\/\/comunidad.comprasdominicana.gob.do\/\/Public\/Tendering\/OpportunityDetail\/Index?noticeUID=DO1.NTC.1211316\" target=\"_blank\" title=\"Detalles\"><i class=\"fas fa-2x fa-link\"><\/i><\/a><\/div><\/div><\/div><div class=\"jumbotron archivos\"><div class=\"row align-items-center\"><div class=\"col\"><h6><a class=\"text-dark\" href=\"https:\/\/comunidad.comprasdominicana.gob.do\/\/Public\/Tendering\/OpportunityDetail\/Index?noticeUID=DO1.NTC.1210214\" title=\"Ver\" target=\"_blank\">INESPRE-DAF-CM-2023-0029<\/a><\/h6><p class=\"mb-0 bold\">Servicio de Empaque de Az\u00facar Crema dirigido a Mipymes<\/p><p class=\"mb-0\" style=\"font-size: .85rem\"><strong title=\"Estado del Proceso\"><i class=\"fas fa-spinner\"><\/i><\/strong> Proceso adjudicado y celebrado<\/p><p class=\"mb-0\" style=\"font-size: .85rem\"><strong title=\"Fecha de Publicaci\u00f3n\"><i class=\"fas fa-calendar-alt\"><\/i><\/strong> Publicado el jueves, 9 de marzo de 2023<\/p><\/div><div class=\"col-auto mt-md-0 mt-2\"><a class=\"btn btn-primary btn-lg px-lg-4 d-none d-md-block\" href=\"https:\/\/comunidad.comprasdominicana.gob.do\/\/Public\/Tendering\/OpportunityDetail\/Index?noticeUID=DO1.NTC.1210214\" target=\"_blank\" title=\"Detalles\"><i class=\"fas fa-link\"><\/i> DETALLES<\/a><a class=\"btn btn-primary btn-lg px-lg-4 d-block d-md-none\" href=\"https:\/\/comunidad.comprasdominicana.gob.do\/\/Public\/Tendering\/OpportunityDetail\/Index?noticeUID=DO1.NTC.1210214\" target=\"_blank\" title=\"Detalles\"><i class=\"fas fa-2x fa-link\"><\/i><\/a><\/div><\/div><\/div><div class=\"jumbotron archivos\"><div class=\"row align-items-center\"><div class=\"col\"><h6><a class=\"text-dark\" href=\"https:\/\/comunidad.comprasdominicana.gob.do\/\/Public\/Tendering\/OpportunityDetail\/Index?noticeUID=DO1.NTC.1209717\" title=\"Ver\" target=\"_blank\">INESPRE-DAF-CM-2023-0027<\/a><\/h6><p class=\"mb-0 bold\">Adquisici\u00f3n de Camisas con logos bordados dirigido a Mipymes Industriales<\/p><p class=\"mb-0\" style=\"font-size: .85rem\"><strong title=\"Estado del Proceso\"><i class=\"fas fa-spinner\"><\/i><\/strong> Proceso desierto<\/p><p class=\"mb-0\" style=\"font-size: .85rem\"><strong title=\"Fecha de Publicaci\u00f3n\"><i class=\"fas fa-calendar-alt\"><\/i><\/strong> Publicado el mi\u00e9rcoles, 8 de marzo de 2023<\/p><\/div><div class=\"col-auto mt-md-0 mt-2\"><a class=\"btn btn-primary btn-lg px-lg-4 d-none d-md-block\" href=\"https:\/\/comunidad.comprasdominicana.gob.do\/\/Public\/Tendering\/OpportunityDetail\/Index?noticeUID=DO1.NTC.1209717\" target=\"_blank\" title=\"Detalles\"><i class=\"fas fa-link\"><\/i> DETALLES<\/a><a class=\"btn btn-primary btn-lg px-lg-4 d-block d-md-none\" href=\"https:\/\/comunidad.comprasdominicana.gob.do\/\/Public\/Tendering\/OpportunityDetail\/Index?noticeUID=DO1.NTC.1209717\" target=\"_blank\" title=\"Detalles\"><i class=\"fas fa-2x fa-link\"><\/i><\/a><\/div><\/div><\/div><div class=\"jumbotron archivos\"><div class=\"row align-items-center\"><div class=\"col\"><h6><a class=\"text-dark\" href=\"https:\/\/comunidad.comprasdominicana.gob.do\/\/Public\/Tendering\/OpportunityDetail\/Index?noticeUID=DO1.NTC.1207746\" title=\"Ver\" target=\"_blank\">INESPRE-UC-CD-2023-0029<\/a><\/h6><p class=\"mb-0 bold\">Servicio de Refrigerio en evento de capacitaci\u00f3n, dirigido a Mipymes Industriales<\/p><p class=\"mb-0\" style=\"font-size: .85rem\"><strong title=\"Estado del Proceso\"><i class=\"fas fa-spinner\"><\/i><\/strong> Proceso adjudicado y celebrado<\/p><p class=\"mb-0\" style=\"font-size: .85rem\"><strong title=\"Fecha de Publicaci\u00f3n\"><i class=\"fas fa-calendar-alt\"><\/i><\/strong> Publicado el viernes, 3 de marzo de 2023<\/p><\/div><div class=\"col-auto mt-md-0 mt-2\"><a class=\"btn btn-primary btn-lg px-lg-4 d-none d-md-block\" href=\"https:\/\/comunidad.comprasdominicana.gob.do\/\/Public\/Tendering\/OpportunityDetail\/Index?noticeUID=DO1.NTC.1207746\" target=\"_blank\" title=\"Detalles\"><i class=\"fas fa-link\"><\/i> DETALLES<\/a><a class=\"btn btn-primary btn-lg px-lg-4 d-block d-md-none\" href=\"https:\/\/comunidad.comprasdominicana.gob.do\/\/Public\/Tendering\/OpportunityDetail\/Index?noticeUID=DO1.NTC.1207746\" target=\"_blank\" title=\"Detalles\"><i class=\"fas fa-2x fa-link\"><\/i><\/a><\/div><\/div><\/div><\/div><\/div><\/div>\n        <div class=\"card\">\n            <div class=\"card-header parents\" id=\"heading_procedimientos-de-contrataci-n-dirigidos-a-las-micro-peque-as-y-medianas-empresas-mipymes--69f73f7454400-2023-69f73f7454400-febrero-69f73f7454400\">\n                <p class=\"title text-blue mb-0\">\n                    <a class=\"btn-block hover text-left collapsed\" data-toggle=\"collapse\" data-target=\"#collap_procedimientos-de-contrataci-n-dirigidos-a-las-micro-peque-as-y-medianas-empresas-mipymes--69f73f7454400-2023-69f73f7454400-febrero-69f73f7454400\" aria-expanded=\"false\" aria-controls=\"collap_procedimientos-de-contrataci-n-dirigidos-a-las-micro-peque-as-y-medianas-empresas-mipymes--69f73f7454400-2023-69f73f7454400-febrero-69f73f7454400\">Febrero<\/a>\n                <\/p>\n            <\/div>\n            <div id=\"collap_procedimientos-de-contrataci-n-dirigidos-a-las-micro-peque-as-y-medianas-empresas-mipymes--69f73f7454400-2023-69f73f7454400-febrero-69f73f7454400\" class=\"collapse\" aria-labelledby=\"heading_procedimientos-de-contrataci-n-dirigidos-a-las-micro-peque-as-y-medianas-empresas-mipymes--69f73f7454400-2023-69f73f7454400-febrero-69f73f7454400\" data-parent=\"#collap_procedimientos-de-contrataci-n-dirigidos-a-las-micro-peque-as-y-medianas-empresas-mipymes--69f73f7454400-2023-69f73f7454400\">\n                <div class=\"card-body\"><div class=\"jumbotron archivos\"><div class=\"row align-items-center\"><div class=\"col\"><h6><a class=\"text-dark\" href=\"https:\/\/comunidad.comprasdominicana.gob.do\/\/Public\/Tendering\/OpportunityDetail\/Index?noticeUID=DO1.NTC.1201923\" title=\"Ver\" target=\"_blank\">INESPRE-DAF-CM-2023-0023<\/a><\/h6><p class=\"mb-0 bold\">Servicio de Alquiler Planta El\u00e9ctrica  dirigido a Mipymes Mujer<\/p><p class=\"mb-0\" style=\"font-size: .85rem\"><strong title=\"Estado del Proceso\"><i class=\"fas fa-spinner\"><\/i><\/strong> Proceso adjudicado y celebrado<\/p><p class=\"mb-0\" style=\"font-size: .85rem\"><strong title=\"Fecha de Publicaci\u00f3n\"><i class=\"fas fa-calendar-alt\"><\/i><\/strong> Publicado el jueves, 16 de febrero de 2023<\/p><\/div><div class=\"col-auto mt-md-0 mt-2\"><a class=\"btn btn-primary btn-lg px-lg-4 d-none d-md-block\" href=\"https:\/\/comunidad.comprasdominicana.gob.do\/\/Public\/Tendering\/OpportunityDetail\/Index?noticeUID=DO1.NTC.1201923\" target=\"_blank\" title=\"Detalles\"><i class=\"fas fa-link\"><\/i> DETALLES<\/a><a class=\"btn btn-primary btn-lg px-lg-4 d-block d-md-none\" href=\"https:\/\/comunidad.comprasdominicana.gob.do\/\/Public\/Tendering\/OpportunityDetail\/Index?noticeUID=DO1.NTC.1201923\" target=\"_blank\" title=\"Detalles\"><i class=\"fas fa-2x fa-link\"><\/i><\/a><\/div><\/div><\/div><div class=\"jumbotron archivos\"><div class=\"row align-items-center\"><div class=\"col\"><h6><a class=\"text-dark\" href=\"https:\/\/comunidad.comprasdominicana.gob.do\/\/Public\/Tendering\/OpportunityDetail\/Index?noticeUID=DO1.NTC.1200641\" title=\"Ver\" target=\"_blank\">INESPRE-DAF-CM-2023-0022<\/a><\/h6><p class=\"mb-0 bold\">Adquisici\u00f3n de Productos de Papel dirigido a Mipymes<\/p><p class=\"mb-0\" style=\"font-size: .85rem\"><strong title=\"Estado del Proceso\"><i class=\"fas fa-spinner\"><\/i><\/strong> Cancelado<\/p><p class=\"mb-0\" style=\"font-size: .85rem\"><strong title=\"Fecha de Publicaci\u00f3n\"><i class=\"fas fa-calendar-alt\"><\/i><\/strong> Publicado el martes, 14 de febrero de 2023<\/p><\/div><div class=\"col-auto mt-md-0 mt-2\"><a class=\"btn btn-primary btn-lg px-lg-4 d-none d-md-block\" href=\"https:\/\/comunidad.comprasdominicana.gob.do\/\/Public\/Tendering\/OpportunityDetail\/Index?noticeUID=DO1.NTC.1200641\" target=\"_blank\" title=\"Detalles\"><i class=\"fas fa-link\"><\/i> DETALLES<\/a><a class=\"btn btn-primary btn-lg px-lg-4 d-block d-md-none\" href=\"https:\/\/comunidad.comprasdominicana.gob.do\/\/Public\/Tendering\/OpportunityDetail\/Index?noticeUID=DO1.NTC.1200641\" target=\"_blank\" title=\"Detalles\"><i class=\"fas fa-2x fa-link\"><\/i><\/a><\/div><\/div><\/div><div class=\"jumbotron archivos\"><div class=\"row align-items-center\"><div class=\"col\"><h6><a class=\"text-dark\" href=\"https:\/\/comunidad.comprasdominicana.gob.do\/\/Public\/Tendering\/OpportunityDetail\/Index?noticeUID=DO1.NTC.1197518\" title=\"Ver\" target=\"_blank\">INESPRE-DAF-CM-2023-0020<\/a><\/h6><p class=\"mb-0 bold\">Servicio de Alquiler de Bodegas por un periodo de tres (03 meses dirigido a Mipyme Mujer<\/p><p class=\"mb-0\" style=\"font-size: .85rem\"><strong title=\"Estado del Proceso\"><i class=\"fas fa-spinner\"><\/i><\/strong> Proceso adjudicado y celebrado<\/p><p class=\"mb-0\" style=\"font-size: .85rem\"><strong title=\"Fecha de Publicaci\u00f3n\"><i class=\"fas fa-calendar-alt\"><\/i><\/strong> Publicado el viernes, 10 de febrero de 2023<\/p><\/div><div class=\"col-auto mt-md-0 mt-2\"><a class=\"btn btn-primary btn-lg px-lg-4 d-none d-md-block\" href=\"https:\/\/comunidad.comprasdominicana.gob.do\/\/Public\/Tendering\/OpportunityDetail\/Index?noticeUID=DO1.NTC.1197518\" target=\"_blank\" title=\"Detalles\"><i class=\"fas fa-link\"><\/i> DETALLES<\/a><a class=\"btn btn-primary btn-lg px-lg-4 d-block d-md-none\" href=\"https:\/\/comunidad.comprasdominicana.gob.do\/\/Public\/Tendering\/OpportunityDetail\/Index?noticeUID=DO1.NTC.1197518\" target=\"_blank\" title=\"Detalles\"><i class=\"fas fa-2x fa-link\"><\/i><\/a><\/div><\/div><\/div><div class=\"jumbotron archivos\"><div class=\"row align-items-center\"><div class=\"col\"><h6><a class=\"text-dark\" href=\"https:\/\/comunidad.comprasdominicana.gob.do\/\/Public\/Tendering\/OpportunityDetail\/Index?noticeUID=DO1.NTC.1197010\" title=\"Ver\" target=\"_blank\">INESPRE-DAF-CM-2023-0018<\/a><\/h6><p class=\"mb-0 bold\">Servicio de Alquiler de Almacenes por un periodo de tres (03 meses, dirigido a Mipyme Mujeres<\/p><p class=\"mb-0\" style=\"font-size: .85rem\"><strong title=\"Estado del Proceso\"><i class=\"fas fa-spinner\"><\/i><\/strong> Proceso adjudicado y celebrado<\/p><p class=\"mb-0\" style=\"font-size: .85rem\"><strong title=\"Fecha de Publicaci\u00f3n\"><i class=\"fas fa-calendar-alt\"><\/i><\/strong> Publicado el viernes, 10 de febrero de 2023<\/p><\/div><div class=\"col-auto mt-md-0 mt-2\"><a class=\"btn btn-primary btn-lg px-lg-4 d-none d-md-block\" href=\"https:\/\/comunidad.comprasdominicana.gob.do\/\/Public\/Tendering\/OpportunityDetail\/Index?noticeUID=DO1.NTC.1197010\" target=\"_blank\" title=\"Detalles\"><i class=\"fas fa-link\"><\/i> DETALLES<\/a><a class=\"btn btn-primary btn-lg px-lg-4 d-block d-md-none\" href=\"https:\/\/comunidad.comprasdominicana.gob.do\/\/Public\/Tendering\/OpportunityDetail\/Index?noticeUID=DO1.NTC.1197010\" target=\"_blank\" title=\"Detalles\"><i class=\"fas fa-2x fa-link\"><\/i><\/a><\/div><\/div><\/div><div class=\"jumbotron archivos\"><div class=\"row align-items-center\"><div class=\"col\"><h6><a class=\"text-dark\" href=\"https:\/\/comunidad.comprasdominicana.gob.do\/\/Public\/Tendering\/OpportunityDetail\/Index?noticeUID=DO1.NTC.1196032\" title=\"Ver\" target=\"_blank\">INESPRE-DAF-CM-2023-0019<\/a><\/h6><p class=\"mb-0 bold\">Adquisici\u00f3n de Maquinas Grapadoras para cierre de Malla dirigido a Mipymes<\/p><p class=\"mb-0\" style=\"font-size: .85rem\"><strong title=\"Estado del Proceso\"><i class=\"fas fa-spinner\"><\/i><\/strong> Proceso adjudicado y celebrado<\/p><p class=\"mb-0\" style=\"font-size: .85rem\"><strong title=\"Fecha de Publicaci\u00f3n\"><i class=\"fas fa-calendar-alt\"><\/i><\/strong> Publicado el mi\u00e9rcoles, 8 de febrero de 2023<\/p><\/div><div class=\"col-auto mt-md-0 mt-2\"><a class=\"btn btn-primary btn-lg px-lg-4 d-none d-md-block\" href=\"https:\/\/comunidad.comprasdominicana.gob.do\/\/Public\/Tendering\/OpportunityDetail\/Index?noticeUID=DO1.NTC.1196032\" target=\"_blank\" title=\"Detalles\"><i class=\"fas fa-link\"><\/i> DETALLES<\/a><a class=\"btn btn-primary btn-lg px-lg-4 d-block d-md-none\" href=\"https:\/\/comunidad.comprasdominicana.gob.do\/\/Public\/Tendering\/OpportunityDetail\/Index?noticeUID=DO1.NTC.1196032\" target=\"_blank\" title=\"Detalles\"><i class=\"fas fa-2x fa-link\"><\/i><\/a><\/div><\/div><\/div><\/div><\/div><\/div>\n        <div class=\"card\">\n            <div class=\"card-header parents\" id=\"heading_procedimientos-de-contrataci-n-dirigidos-a-las-micro-peque-as-y-medianas-empresas-mipymes--69f73f7454400-2023-69f73f7454400-enero-69f73f7454400\">\n                <p class=\"title text-blue mb-0\">\n                    <a class=\"btn-block hover text-left collapsed\" data-toggle=\"collapse\" data-target=\"#collap_procedimientos-de-contrataci-n-dirigidos-a-las-micro-peque-as-y-medianas-empresas-mipymes--69f73f7454400-2023-69f73f7454400-enero-69f73f7454400\" aria-expanded=\"false\" aria-controls=\"collap_procedimientos-de-contrataci-n-dirigidos-a-las-micro-peque-as-y-medianas-empresas-mipymes--69f73f7454400-2023-69f73f7454400-enero-69f73f7454400\">Enero<\/a>\n                <\/p>\n            <\/div>\n            <div id=\"collap_procedimientos-de-contrataci-n-dirigidos-a-las-micro-peque-as-y-medianas-empresas-mipymes--69f73f7454400-2023-69f73f7454400-enero-69f73f7454400\" class=\"collapse\" aria-labelledby=\"heading_procedimientos-de-contrataci-n-dirigidos-a-las-micro-peque-as-y-medianas-empresas-mipymes--69f73f7454400-2023-69f73f7454400-enero-69f73f7454400\" data-parent=\"#collap_procedimientos-de-contrataci-n-dirigidos-a-las-micro-peque-as-y-medianas-empresas-mipymes--69f73f7454400-2023-69f73f7454400\">\n                <div class=\"card-body\"><div class=\"jumbotron archivos\"><div class=\"row align-items-center\"><div class=\"col\"><h6><a class=\"text-dark\" href=\"https:\/\/comunidad.comprasdominicana.gob.do\/\/Public\/Tendering\/OpportunityDetail\/Index?noticeUID=DO1.NTC.1190740\" title=\"Ver\" target=\"_blank\">INESPRE-DAF-CM-2023-0005<\/a><\/h6><p class=\"mb-0 bold\">Adquisici\u00f3n de Alimentos y Bebidas para consumo Institucional dirigido a Mipyme Mujer<\/p><p class=\"mb-0\" style=\"font-size: .85rem\"><strong title=\"Estado del Proceso\"><i class=\"fas fa-spinner\"><\/i><\/strong> Proceso adjudicado y celebrado<\/p><p class=\"mb-0\" style=\"font-size: .85rem\"><strong title=\"Fecha de Publicaci\u00f3n\"><i class=\"fas fa-calendar-alt\"><\/i><\/strong> Publicado el mi\u00e9rcoles, 25 de enero de 2023<\/p><\/div><div class=\"col-auto mt-md-0 mt-2\"><a class=\"btn btn-primary btn-lg px-lg-4 d-none d-md-block\" href=\"https:\/\/comunidad.comprasdominicana.gob.do\/\/Public\/Tendering\/OpportunityDetail\/Index?noticeUID=DO1.NTC.1190740\" target=\"_blank\" title=\"Detalles\"><i class=\"fas fa-link\"><\/i> DETALLES<\/a><a class=\"btn btn-primary btn-lg px-lg-4 d-block d-md-none\" href=\"https:\/\/comunidad.comprasdominicana.gob.do\/\/Public\/Tendering\/OpportunityDetail\/Index?noticeUID=DO1.NTC.1190740\" target=\"_blank\" title=\"Detalles\"><i class=\"fas fa-2x fa-link\"><\/i><\/a><\/div><\/div><\/div><div class=\"jumbotron archivos\"><div class=\"row align-items-center\"><div class=\"col\"><h6><a class=\"text-dark\" href=\"https:\/\/comunidad.comprasdominicana.gob.do\/\/Public\/Tendering\/OpportunityDetail\/Index?noticeUID=DO1.NTC.1190902\" title=\"Ver\" target=\"_blank\">INESPRE-DAF-CM-2023-0004<\/a><\/h6><p class=\"mb-0 bold\">Servicio de Alquiler de Cuarto Frio por un periodo de dos (02) meses dirigido a Mipymes<\/p><p class=\"mb-0\" style=\"font-size: .85rem\"><strong title=\"Estado del Proceso\"><i class=\"fas fa-spinner\"><\/i><\/strong> Proceso adjudicado y celebrado<\/p><p class=\"mb-0\" style=\"font-size: .85rem\"><strong title=\"Fecha de Publicaci\u00f3n\"><i class=\"fas fa-calendar-alt\"><\/i><\/strong> Publicado el mi\u00e9rcoles, 25 de enero de 2023<\/p><\/div><div class=\"col-auto mt-md-0 mt-2\"><a class=\"btn btn-primary btn-lg px-lg-4 d-none d-md-block\" href=\"https:\/\/comunidad.comprasdominicana.gob.do\/\/Public\/Tendering\/OpportunityDetail\/Index?noticeUID=DO1.NTC.1190902\" target=\"_blank\" title=\"Detalles\"><i class=\"fas fa-link\"><\/i> DETALLES<\/a><a class=\"btn btn-primary btn-lg px-lg-4 d-block d-md-none\" href=\"https:\/\/comunidad.comprasdominicana.gob.do\/\/Public\/Tendering\/OpportunityDetail\/Index?noticeUID=DO1.NTC.1190902\" target=\"_blank\" title=\"Detalles\"><i class=\"fas fa-2x fa-link\"><\/i><\/a><\/div><\/div><\/div><div class=\"jumbotron archivos\"><div class=\"row align-items-center\"><div class=\"col\"><h6><a class=\"text-dark\" href=\"https:\/\/comunidad.comprasdominicana.gob.do\/\/Public\/Tendering\/OpportunityDetail\/Index?noticeUID=DO1.NTC.1189810\" title=\"Ver\" target=\"_blank\">INESPRE-DAF-CM-2023-0006<\/a><\/h6><p class=\"mb-0 bold\">Servicio de Alquiler de Dos (02) Contenedores Refrigerados por un periodo de tres (03) meses dirigido a Mipymes<\/p><p class=\"mb-0\" style=\"font-size: .85rem\"><strong title=\"Estado del Proceso\"><i class=\"fas fa-spinner\"><\/i><\/strong> Proceso adjudicado y celebrado<\/p><p class=\"mb-0\" style=\"font-size: .85rem\"><strong title=\"Fecha de Publicaci\u00f3n\"><i class=\"fas fa-calendar-alt\"><\/i><\/strong> Publicado el martes, 24 de enero de 2023<\/p><\/div><div class=\"col-auto mt-md-0 mt-2\"><a class=\"btn btn-primary btn-lg px-lg-4 d-none d-md-block\" href=\"https:\/\/comunidad.comprasdominicana.gob.do\/\/Public\/Tendering\/OpportunityDetail\/Index?noticeUID=DO1.NTC.1189810\" target=\"_blank\" title=\"Detalles\"><i class=\"fas fa-link\"><\/i> DETALLES<\/a><a class=\"btn btn-primary btn-lg px-lg-4 d-block d-md-none\" href=\"https:\/\/comunidad.comprasdominicana.gob.do\/\/Public\/Tendering\/OpportunityDetail\/Index?noticeUID=DO1.NTC.1189810\" target=\"_blank\" title=\"Detalles\"><i class=\"fas fa-2x fa-link\"><\/i><\/a><\/div><\/div><\/div><div class=\"jumbotron archivos\"><div class=\"row align-items-center\"><div class=\"col\"><h6><a class=\"text-dark\" href=\"https:\/\/comunidad.comprasdominicana.gob.do\/\/Public\/Tendering\/OpportunityDetail\/Index?noticeUID=DO1.NTC.1186120\" title=\"Ver\" target=\"_blank\">INESPRE-DAF-CM-2023-0003<\/a><\/h6><p class=\"mb-0 bold\">Servicio de Alquiler de Contenedores Refrigerados por tres (03) meses dirigidos a Mipymes Mujeres<\/p><p class=\"mb-0\" style=\"font-size: .85rem\"><strong title=\"Estado del Proceso\"><i class=\"fas fa-spinner\"><\/i><\/strong> Proceso adjudicado y celebrado<\/p><p class=\"mb-0\" style=\"font-size: .85rem\"><strong title=\"Fecha de Publicaci\u00f3n\"><i class=\"fas fa-calendar-alt\"><\/i><\/strong> Publicado el martes, 17 de enero de 2023<\/p><\/div><div class=\"col-auto mt-md-0 mt-2\"><a class=\"btn btn-primary btn-lg px-lg-4 d-none d-md-block\" href=\"https:\/\/comunidad.comprasdominicana.gob.do\/\/Public\/Tendering\/OpportunityDetail\/Index?noticeUID=DO1.NTC.1186120\" target=\"_blank\" title=\"Detalles\"><i class=\"fas fa-link\"><\/i> DETALLES<\/a><a class=\"btn btn-primary btn-lg px-lg-4 d-block d-md-none\" href=\"https:\/\/comunidad.comprasdominicana.gob.do\/\/Public\/Tendering\/OpportunityDetail\/Index?noticeUID=DO1.NTC.1186120\" target=\"_blank\" title=\"Detalles\"><i class=\"fas fa-2x fa-link\"><\/i><\/a><\/div><\/div><\/div><div class=\"jumbotron archivos\"><div class=\"row align-items-center\"><div class=\"col\"><h6><a class=\"text-dark\" href=\"https:\/\/comunidad.comprasdominicana.gob.do\/\/Public\/Tendering\/OpportunityDetail\/Index?noticeUID=DO1.NTC.1185615\" title=\"Ver\" target=\"_blank\">INESPRE-DAF-CM-2023-0002<\/a><\/h6><p class=\"mb-0 bold\">Servicio de Alquiler de Almacenes por un periodo de tres (3) meses, dirigido a Mipyme Mujeres<\/p><p class=\"mb-0\" style=\"font-size: .85rem\"><strong title=\"Estado del Proceso\"><i class=\"fas fa-spinner\"><\/i><\/strong> Proceso adjudicado y celebrado<\/p><p class=\"mb-0\" style=\"font-size: .85rem\"><strong title=\"Fecha de Publicaci\u00f3n\"><i class=\"fas fa-calendar-alt\"><\/i><\/strong> Publicado el martes, 17 de enero de 2023<\/p><\/div><div class=\"col-auto mt-md-0 mt-2\"><a class=\"btn btn-primary btn-lg px-lg-4 d-none d-md-block\" href=\"https:\/\/comunidad.comprasdominicana.gob.do\/\/Public\/Tendering\/OpportunityDetail\/Index?noticeUID=DO1.NTC.1185615\" target=\"_blank\" title=\"Detalles\"><i class=\"fas fa-link\"><\/i> DETALLES<\/a><a class=\"btn btn-primary btn-lg px-lg-4 d-block d-md-none\" href=\"https:\/\/comunidad.comprasdominicana.gob.do\/\/Public\/Tendering\/OpportunityDetail\/Index?noticeUID=DO1.NTC.1185615\" target=\"_blank\" title=\"Detalles\"><i class=\"fas fa-2x fa-link\"><\/i><\/a><\/div><\/div><\/div><\/div><\/div><\/div><\/div><\/div><\/div>\n        <div class=\"card\">\n            <div class=\"card-header parents\" id=\"heading_procedimientos-de-contrataci-n-dirigidos-a-las-micro-peque-as-y-medianas-empresas-mipymes--69f73f7454400-2022-69f73f7454400\">\n                <p class=\"title text-blue mb-0\">\n                    <a class=\"btn-block hover text-left collapsed\" data-toggle=\"collapse\" data-target=\"#collap_procedimientos-de-contrataci-n-dirigidos-a-las-micro-peque-as-y-medianas-empresas-mipymes--69f73f7454400-2022-69f73f7454400\" aria-expanded=\"false\" aria-controls=\"collap_procedimientos-de-contrataci-n-dirigidos-a-las-micro-peque-as-y-medianas-empresas-mipymes--69f73f7454400-2022-69f73f7454400\">2022<\/a>\n                <\/p>\n            <\/div>\n            <div id=\"collap_procedimientos-de-contrataci-n-dirigidos-a-las-micro-peque-as-y-medianas-empresas-mipymes--69f73f7454400-2022-69f73f7454400\" class=\"collapse\" aria-labelledby=\"heading_procedimientos-de-contrataci-n-dirigidos-a-las-micro-peque-as-y-medianas-empresas-mipymes--69f73f7454400-2022-69f73f7454400\" data-parent=\"#collap_procedimientos-de-contrataci-n-dirigidos-a-las-micro-peque-as-y-medianas-empresas-mipymes--69f73f7454400\">\n                <div class=\"card-body\">\n        <div class=\"card\">\n            <div class=\"card-header parents\" id=\"heading_procedimientos-de-contrataci-n-dirigidos-a-las-micro-peque-as-y-medianas-empresas-mipymes--69f73f7454400-2022-69f73f7454400-diciembre-69f73f7454400\">\n                <p class=\"title text-blue mb-0\">\n                    <a class=\"btn-block hover text-left collapsed\" data-toggle=\"collapse\" data-target=\"#collap_procedimientos-de-contrataci-n-dirigidos-a-las-micro-peque-as-y-medianas-empresas-mipymes--69f73f7454400-2022-69f73f7454400-diciembre-69f73f7454400\" aria-expanded=\"false\" aria-controls=\"collap_procedimientos-de-contrataci-n-dirigidos-a-las-micro-peque-as-y-medianas-empresas-mipymes--69f73f7454400-2022-69f73f7454400-diciembre-69f73f7454400\">Diciembre<\/a>\n                <\/p>\n            <\/div>\n            <div id=\"collap_procedimientos-de-contrataci-n-dirigidos-a-las-micro-peque-as-y-medianas-empresas-mipymes--69f73f7454400-2022-69f73f7454400-diciembre-69f73f7454400\" class=\"collapse\" aria-labelledby=\"heading_procedimientos-de-contrataci-n-dirigidos-a-las-micro-peque-as-y-medianas-empresas-mipymes--69f73f7454400-2022-69f73f7454400-diciembre-69f73f7454400\" data-parent=\"#collap_procedimientos-de-contrataci-n-dirigidos-a-las-micro-peque-as-y-medianas-empresas-mipymes--69f73f7454400-2022-69f73f7454400\">\n                <div class=\"card-body\"><div class=\"jumbotron archivos\"><div class=\"row align-items-center\"><div class=\"col\"><h6><a class=\"text-dark\" href=\"https:\/\/comunidad.comprasdominicana.gob.do\/\/Public\/Tendering\/OpportunityDetail\/Index?noticeUID=DO1.NTC.1180004\" title=\"Ver\" target=\"_blank\">INESPRE-CCC-CP-2022-0014<\/a><\/h6><p class=\"mb-0 bold\">Adquisici\u00f3n de Mallas para Empaque, dirigido exclusivamente a MIPYMES Y MIPYMES MUJERES<\/p><p class=\"mb-0\" style=\"font-size: .85rem\"><strong title=\"Estado del Proceso\"><i class=\"fas fa-spinner\"><\/i><\/strong> Proceso adjudicado y celebrado<\/p><p class=\"mb-0\" style=\"font-size: .85rem\"><strong title=\"Fecha de Publicaci\u00f3n\"><i class=\"fas fa-calendar-alt\"><\/i><\/strong> Publicado el viernes, 30 de diciembre de 2022<\/p><\/div><div class=\"col-auto mt-md-0 mt-2\"><a class=\"btn btn-primary btn-lg px-lg-4 d-none d-md-block\" href=\"https:\/\/comunidad.comprasdominicana.gob.do\/\/Public\/Tendering\/OpportunityDetail\/Index?noticeUID=DO1.NTC.1180004\" target=\"_blank\" title=\"Detalles\"><i class=\"fas fa-link\"><\/i> DETALLES<\/a><a class=\"btn btn-primary btn-lg px-lg-4 d-block d-md-none\" href=\"https:\/\/comunidad.comprasdominicana.gob.do\/\/Public\/Tendering\/OpportunityDetail\/Index?noticeUID=DO1.NTC.1180004\" target=\"_blank\" title=\"Detalles\"><i class=\"fas fa-2x fa-link\"><\/i><\/a><\/div><\/div><\/div><div class=\"jumbotron archivos\"><div class=\"row align-items-center\"><div class=\"col\"><h6><a class=\"text-dark\" href=\"https:\/\/comunidad.comprasdominicana.gob.do\/\/Public\/Tendering\/OpportunityDetail\/Index?noticeUID=DO1.NTC.1179811\" title=\"Ver\" target=\"_blank\">INESPRE-CCC-CP-2022-0013<\/a><\/h6><p class=\"mb-0 bold\">Adquisici\u00f3n de Rollos de Laminas Transparente en logo, dirigido exclusivamente a MIPYMES Y MIPYMES MUJERES<\/p><p class=\"mb-0\" style=\"font-size: .85rem\"><strong title=\"Estado del Proceso\"><i class=\"fas fa-spinner\"><\/i><\/strong> Proceso adjudicado y celebrado<\/p><p class=\"mb-0\" style=\"font-size: .85rem\"><strong title=\"Fecha de Publicaci\u00f3n\"><i class=\"fas fa-calendar-alt\"><\/i><\/strong> Publicado el viernes, 30 de diciembre de 2022<\/p><\/div><div class=\"col-auto mt-md-0 mt-2\"><a class=\"btn btn-primary btn-lg px-lg-4 d-none d-md-block\" href=\"https:\/\/comunidad.comprasdominicana.gob.do\/\/Public\/Tendering\/OpportunityDetail\/Index?noticeUID=DO1.NTC.1179811\" target=\"_blank\" title=\"Detalles\"><i class=\"fas fa-link\"><\/i> DETALLES<\/a><a class=\"btn btn-primary btn-lg px-lg-4 d-block d-md-none\" href=\"https:\/\/comunidad.comprasdominicana.gob.do\/\/Public\/Tendering\/OpportunityDetail\/Index?noticeUID=DO1.NTC.1179811\" target=\"_blank\" title=\"Detalles\"><i class=\"fas fa-2x fa-link\"><\/i><\/a><\/div><\/div><\/div><div class=\"jumbotron archivos\"><div class=\"row align-items-center\"><div class=\"col\"><h6><a class=\"text-dark\" href=\"https:\/\/comunidad.comprasdominicana.gob.do\/\/Public\/Tendering\/OpportunityDetail\/Index?noticeUID=DO1.NTC.1179705\" title=\"Ver\" target=\"_blank\">INESPRE-CCC-CP-2022-0012<\/a><\/h6><p class=\"mb-0 bold\">Adquisici\u00f3n de Bolsas Pl\u00e1sticas (Fundas tipo T-Shirt), dirigido exclusivamente a MIPYMES Y MIPYMES MUJERES<\/p><p class=\"mb-0\" style=\"font-size: .85rem\"><strong title=\"Estado del Proceso\"><i class=\"fas fa-spinner\"><\/i><\/strong> Proceso adjudicado y celebrado<\/p><p class=\"mb-0\" style=\"font-size: .85rem\"><strong title=\"Fecha de Publicaci\u00f3n\"><i class=\"fas fa-calendar-alt\"><\/i><\/strong> Publicado el viernes, 30 de diciembre de 2022<\/p><\/div><div class=\"col-auto mt-md-0 mt-2\"><a class=\"btn btn-primary btn-lg px-lg-4 d-none d-md-block\" href=\"https:\/\/comunidad.comprasdominicana.gob.do\/\/Public\/Tendering\/OpportunityDetail\/Index?noticeUID=DO1.NTC.1179705\" target=\"_blank\" title=\"Detalles\"><i class=\"fas fa-link\"><\/i> DETALLES<\/a><a class=\"btn btn-primary btn-lg px-lg-4 d-block d-md-none\" href=\"https:\/\/comunidad.comprasdominicana.gob.do\/\/Public\/Tendering\/OpportunityDetail\/Index?noticeUID=DO1.NTC.1179705\" target=\"_blank\" title=\"Detalles\"><i class=\"fas fa-2x fa-link\"><\/i><\/a><\/div><\/div><\/div><div class=\"jumbotron archivos\"><div class=\"row align-items-center\"><div class=\"col\"><h6><a class=\"text-dark\" href=\"https:\/\/comunidad.comprasdominicana.gob.do\/\/Public\/Tendering\/OpportunityDetail\/Index?noticeUID=DO1.NTC.1169836\" title=\"Ver\" target=\"_blank\">INESPRE-DAF-CM-2022-0126<\/a><\/h6><p class=\"mb-0 bold\">Servicio de alquiler de Bodegas Refrigeradas por un mes dirigido a Mipymes <\/p><p class=\"mb-0\" style=\"font-size: .85rem\"><strong title=\"Estado del Proceso\"><i class=\"fas fa-spinner\"><\/i><\/strong> Proceso adjudicado y celebrado<\/p><p class=\"mb-0\" style=\"font-size: .85rem\"><strong title=\"Fecha de Publicaci\u00f3n\"><i class=\"fas fa-calendar-alt\"><\/i><\/strong> Publicado el viernes, 9 de diciembre de 2022<\/p><\/div><div class=\"col-auto mt-md-0 mt-2\"><a class=\"btn btn-primary btn-lg px-lg-4 d-none d-md-block\" href=\"https:\/\/comunidad.comprasdominicana.gob.do\/\/Public\/Tendering\/OpportunityDetail\/Index?noticeUID=DO1.NTC.1169836\" target=\"_blank\" title=\"Detalles\"><i class=\"fas fa-link\"><\/i> DETALLES<\/a><a class=\"btn btn-primary btn-lg px-lg-4 d-block d-md-none\" href=\"https:\/\/comunidad.comprasdominicana.gob.do\/\/Public\/Tendering\/OpportunityDetail\/Index?noticeUID=DO1.NTC.1169836\" target=\"_blank\" title=\"Detalles\"><i class=\"fas fa-2x fa-link\"><\/i><\/a><\/div><\/div><\/div><\/div><\/div><\/div>\n        <div class=\"card\">\n            <div class=\"card-header parents\" id=\"heading_procedimientos-de-contrataci-n-dirigidos-a-las-micro-peque-as-y-medianas-empresas-mipymes--69f73f7454400-2022-69f73f7454400-noviembre-69f73f7454400\">\n                <p class=\"title text-blue mb-0\">\n                    <a class=\"btn-block hover text-left collapsed\" data-toggle=\"collapse\" data-target=\"#collap_procedimientos-de-contrataci-n-dirigidos-a-las-micro-peque-as-y-medianas-empresas-mipymes--69f73f7454400-2022-69f73f7454400-noviembre-69f73f7454400\" aria-expanded=\"false\" aria-controls=\"collap_procedimientos-de-contrataci-n-dirigidos-a-las-micro-peque-as-y-medianas-empresas-mipymes--69f73f7454400-2022-69f73f7454400-noviembre-69f73f7454400\">Noviembre<\/a>\n                <\/p>\n            <\/div>\n            <div id=\"collap_procedimientos-de-contrataci-n-dirigidos-a-las-micro-peque-as-y-medianas-empresas-mipymes--69f73f7454400-2022-69f73f7454400-noviembre-69f73f7454400\" class=\"collapse\" aria-labelledby=\"heading_procedimientos-de-contrataci-n-dirigidos-a-las-micro-peque-as-y-medianas-empresas-mipymes--69f73f7454400-2022-69f73f7454400-noviembre-69f73f7454400\" data-parent=\"#collap_procedimientos-de-contrataci-n-dirigidos-a-las-micro-peque-as-y-medianas-empresas-mipymes--69f73f7454400-2022-69f73f7454400\">\n                <div class=\"card-body\"><div class=\"jumbotron archivos\"><div class=\"row align-items-center\"><div class=\"col\"><h6><a class=\"text-dark\" href=\"https:\/\/comunidad.comprasdominicana.gob.do\/\/Public\/Tendering\/OpportunityDetail\/Index?noticeUID=DO1.NTC.1166024\" title=\"Ver\" target=\"_blank\">INESPRE-DAF-CM-2022-0125<\/a><\/h6><p class=\"mb-0 bold\">Adquisici\u00f3n de Uvas Roja dirigido a Mipyme Mujeres<\/p><p class=\"mb-0\" style=\"font-size: .85rem\"><strong title=\"Estado del Proceso\"><i class=\"fas fa-spinner\"><\/i><\/strong> Proceso adjudicado y celebrado<\/p><p class=\"mb-0\" style=\"font-size: .85rem\"><strong title=\"Fecha de Publicaci\u00f3n\"><i class=\"fas fa-calendar-alt\"><\/i><\/strong> Publicado el mi\u00e9rcoles, 30 de noviembre de 2022<\/p><\/div><div class=\"col-auto mt-md-0 mt-2\"><a class=\"btn btn-primary btn-lg px-lg-4 d-none d-md-block\" href=\"https:\/\/comunidad.comprasdominicana.gob.do\/\/Public\/Tendering\/OpportunityDetail\/Index?noticeUID=DO1.NTC.1166024\" target=\"_blank\" title=\"Detalles\"><i class=\"fas fa-link\"><\/i> DETALLES<\/a><a class=\"btn btn-primary btn-lg px-lg-4 d-block d-md-none\" href=\"https:\/\/comunidad.comprasdominicana.gob.do\/\/Public\/Tendering\/OpportunityDetail\/Index?noticeUID=DO1.NTC.1166024\" target=\"_blank\" title=\"Detalles\"><i class=\"fas fa-2x fa-link\"><\/i><\/a><\/div><\/div><\/div><div class=\"jumbotron archivos\"><div class=\"row align-items-center\"><div class=\"col\"><h6><a class=\"text-dark\" href=\"https:\/\/comunidad.comprasdominicana.gob.do\/\/Public\/Tendering\/OpportunityDetail\/Index?noticeUID=DO1.NTC.1157267\" title=\"Ver\" target=\"_blank\">INESPRE-DAF-CM-2022-0110<\/a><\/h6><p class=\"mb-0 bold\">Adquisici\u00f3n de Papel de Ba\u00f1o, Servilletas y otros dirigido a Mipyme<\/p><p class=\"mb-0\" style=\"font-size: .85rem\"><strong title=\"Estado del Proceso\"><i class=\"fas fa-spinner\"><\/i><\/strong> Proceso adjudicado y celebrado<\/p><p class=\"mb-0\" style=\"font-size: .85rem\"><strong title=\"Fecha de Publicaci\u00f3n\"><i class=\"fas fa-calendar-alt\"><\/i><\/strong> Publicado el lunes, 14 de noviembre de 2022<\/p><\/div><div class=\"col-auto mt-md-0 mt-2\"><a class=\"btn btn-primary btn-lg px-lg-4 d-none d-md-block\" href=\"https:\/\/comunidad.comprasdominicana.gob.do\/\/Public\/Tendering\/OpportunityDetail\/Index?noticeUID=DO1.NTC.1157267\" target=\"_blank\" title=\"Detalles\"><i class=\"fas fa-link\"><\/i> DETALLES<\/a><a class=\"btn btn-primary btn-lg px-lg-4 d-block d-md-none\" href=\"https:\/\/comunidad.comprasdominicana.gob.do\/\/Public\/Tendering\/OpportunityDetail\/Index?noticeUID=DO1.NTC.1157267\" target=\"_blank\" title=\"Detalles\"><i class=\"fas fa-2x fa-link\"><\/i><\/a><\/div><\/div><\/div><div class=\"jumbotron archivos\"><div class=\"row align-items-center\"><div class=\"col\"><h6><a class=\"text-dark\" href=\"https:\/\/comunidad.comprasdominicana.gob.do\/\/Public\/Tendering\/OpportunityDetail\/Index?noticeUID=DO1.NTC.1157024\" title=\"Ver\" target=\"_blank\">INESPRE-DAF-CM-2022-0109<\/a><\/h6><p class=\"mb-0 bold\">Adquisici\u00f3n de Suministros de oficina dirigido a Mipymes Mujeres<\/p><p class=\"mb-0\" style=\"font-size: .85rem\"><strong title=\"Estado del Proceso\"><i class=\"fas fa-spinner\"><\/i><\/strong> Proceso adjudicado y celebrado<\/p><p class=\"mb-0\" style=\"font-size: .85rem\"><strong title=\"Fecha de Publicaci\u00f3n\"><i class=\"fas fa-calendar-alt\"><\/i><\/strong> Publicado el lunes, 14 de noviembre de 2022<\/p><\/div><div class=\"col-auto mt-md-0 mt-2\"><a class=\"btn btn-primary btn-lg px-lg-4 d-none d-md-block\" href=\"https:\/\/comunidad.comprasdominicana.gob.do\/\/Public\/Tendering\/OpportunityDetail\/Index?noticeUID=DO1.NTC.1157024\" target=\"_blank\" title=\"Detalles\"><i class=\"fas fa-link\"><\/i> DETALLES<\/a><a class=\"btn btn-primary btn-lg px-lg-4 d-block d-md-none\" href=\"https:\/\/comunidad.comprasdominicana.gob.do\/\/Public\/Tendering\/OpportunityDetail\/Index?noticeUID=DO1.NTC.1157024\" target=\"_blank\" title=\"Detalles\"><i class=\"fas fa-2x fa-link\"><\/i><\/a><\/div><\/div><\/div><div class=\"jumbotron archivos\"><div class=\"row align-items-center\"><div class=\"col\"><h6><a class=\"text-dark\" href=\"https:\/\/comunidad.comprasdominicana.gob.do\/\/Public\/Tendering\/OpportunityDetail\/Index?noticeUID=DO1.NTC.1155511\" title=\"Ver\" target=\"_blank\">INESPRE-DAF-CM-2022-0108<\/a><\/h6><p class=\"mb-0 bold\">Servicio de Alquiler de Planta El\u00e9ctrica dirigido a Mipymes Mujeres<\/p><p class=\"mb-0\" style=\"font-size: .85rem\"><strong title=\"Estado del Proceso\"><i class=\"fas fa-spinner\"><\/i><\/strong> Proceso adjudicado y celebrado<\/p><p class=\"mb-0\" style=\"font-size: .85rem\"><strong title=\"Fecha de Publicaci\u00f3n\"><i class=\"fas fa-calendar-alt\"><\/i><\/strong> Publicado el jueves, 10 de noviembre de 2022<\/p><\/div><div class=\"col-auto mt-md-0 mt-2\"><a class=\"btn btn-primary btn-lg px-lg-4 d-none d-md-block\" href=\"https:\/\/comunidad.comprasdominicana.gob.do\/\/Public\/Tendering\/OpportunityDetail\/Index?noticeUID=DO1.NTC.1155511\" target=\"_blank\" title=\"Detalles\"><i class=\"fas fa-link\"><\/i> DETALLES<\/a><a class=\"btn btn-primary btn-lg px-lg-4 d-block d-md-none\" href=\"https:\/\/comunidad.comprasdominicana.gob.do\/\/Public\/Tendering\/OpportunityDetail\/Index?noticeUID=DO1.NTC.1155511\" target=\"_blank\" title=\"Detalles\"><i class=\"fas fa-2x fa-link\"><\/i><\/a><\/div><\/div><\/div><div class=\"jumbotron archivos\"><div class=\"row align-items-center\"><div class=\"col\"><h6><a class=\"text-dark\" href=\"https:\/\/comunidad.comprasdominicana.gob.do\/\/Public\/Tendering\/OpportunityDetail\/Index?noticeUID=DO1.NTC.1151343\" title=\"Ver\" target=\"_blank\">INESPRE-DAF-CM-2022-0107<\/a><\/h6><p class=\"mb-0 bold\">Servicio de Alquiler de Bodegas por tres meses, dirigido a Mipyme<\/p><p class=\"mb-0\" style=\"font-size: .85rem\"><strong title=\"Estado del Proceso\"><i class=\"fas fa-spinner\"><\/i><\/strong> Proceso adjudicado y celebrado<\/p><p class=\"mb-0\" style=\"font-size: .85rem\"><strong title=\"Fecha de Publicaci\u00f3n\"><i class=\"fas fa-calendar-alt\"><\/i><\/strong> Publicado el mi\u00e9rcoles, 2 de noviembre de 2022<\/p><\/div><div class=\"col-auto mt-md-0 mt-2\"><a class=\"btn btn-primary btn-lg px-lg-4 d-none d-md-block\" href=\"https:\/\/comunidad.comprasdominicana.gob.do\/\/Public\/Tendering\/OpportunityDetail\/Index?noticeUID=DO1.NTC.1151343\" target=\"_blank\" title=\"Detalles\"><i class=\"fas fa-link\"><\/i> DETALLES<\/a><a class=\"btn btn-primary btn-lg px-lg-4 d-block d-md-none\" href=\"https:\/\/comunidad.comprasdominicana.gob.do\/\/Public\/Tendering\/OpportunityDetail\/Index?noticeUID=DO1.NTC.1151343\" target=\"_blank\" title=\"Detalles\"><i class=\"fas fa-2x fa-link\"><\/i><\/a><\/div><\/div><\/div><\/div><\/div><\/div>\n        <div class=\"card\">\n            <div class=\"card-header parents\" id=\"heading_procedimientos-de-contrataci-n-dirigidos-a-las-micro-peque-as-y-medianas-empresas-mipymes--69f73f7454400-2022-69f73f7454400-octubre-69f73f7454400\">\n                <p class=\"title text-blue mb-0\">\n                    <a class=\"btn-block hover text-left collapsed\" data-toggle=\"collapse\" data-target=\"#collap_procedimientos-de-contrataci-n-dirigidos-a-las-micro-peque-as-y-medianas-empresas-mipymes--69f73f7454400-2022-69f73f7454400-octubre-69f73f7454400\" aria-expanded=\"false\" aria-controls=\"collap_procedimientos-de-contrataci-n-dirigidos-a-las-micro-peque-as-y-medianas-empresas-mipymes--69f73f7454400-2022-69f73f7454400-octubre-69f73f7454400\">Octubre<\/a>\n                <\/p>\n            <\/div>\n            <div id=\"collap_procedimientos-de-contrataci-n-dirigidos-a-las-micro-peque-as-y-medianas-empresas-mipymes--69f73f7454400-2022-69f73f7454400-octubre-69f73f7454400\" class=\"collapse\" aria-labelledby=\"heading_procedimientos-de-contrataci-n-dirigidos-a-las-micro-peque-as-y-medianas-empresas-mipymes--69f73f7454400-2022-69f73f7454400-octubre-69f73f7454400\" data-parent=\"#collap_procedimientos-de-contrataci-n-dirigidos-a-las-micro-peque-as-y-medianas-empresas-mipymes--69f73f7454400-2022-69f73f7454400\">\n                <div class=\"card-body\"><div class=\"jumbotron archivos\"><div class=\"row align-items-center\"><div class=\"col\"><h6><a class=\"text-dark\" href=\"https:\/\/comunidad.comprasdominicana.gob.do\/\/Public\/Tendering\/OpportunityDetail\/Index?noticeUID=DO1.NTC.1150353\" title=\"Ver\" target=\"_blank\">INESPRE-DAF-CM-2022-0104<\/a><\/h6><p class=\"mb-0 bold\">Servicio de Alquiler de Bodegas por tres (03) meses dirigido a Mipymes mujer<\/p><p class=\"mb-0\" style=\"font-size: .85rem\"><strong title=\"Estado del Proceso\"><i class=\"fas fa-spinner\"><\/i><\/strong> Proceso adjudicado y celebrado<\/p><p class=\"mb-0\" style=\"font-size: .85rem\"><strong title=\"Fecha de Publicaci\u00f3n\"><i class=\"fas fa-calendar-alt\"><\/i><\/strong> Publicado el lunes, 31 de octubre de 2022<\/p><\/div><div class=\"col-auto mt-md-0 mt-2\"><a class=\"btn btn-primary btn-lg px-lg-4 d-none d-md-block\" href=\"https:\/\/comunidad.comprasdominicana.gob.do\/\/Public\/Tendering\/OpportunityDetail\/Index?noticeUID=DO1.NTC.1150353\" target=\"_blank\" title=\"Detalles\"><i class=\"fas fa-link\"><\/i> DETALLES<\/a><a class=\"btn btn-primary btn-lg px-lg-4 d-block d-md-none\" href=\"https:\/\/comunidad.comprasdominicana.gob.do\/\/Public\/Tendering\/OpportunityDetail\/Index?noticeUID=DO1.NTC.1150353\" target=\"_blank\" title=\"Detalles\"><i class=\"fas fa-2x fa-link\"><\/i><\/a><\/div><\/div><\/div><div class=\"jumbotron archivos\"><div class=\"row align-items-center\"><div class=\"col\"><h6><a class=\"text-dark\" href=\"https:\/\/comunidad.comprasdominicana.gob.do\/\/Public\/Tendering\/OpportunityDetail\/Index?noticeUID=DO1.NTC.1145913\" title=\"Ver\" target=\"_blank\">INESPRE-DAF-CM-2022-0101<\/a><\/h6><p class=\"mb-0 bold\">Servicio de Alquiler de Dos Contenedores Refrigerados por un periodo de tres (03) meses dirigido a  Mipymes Mujer<\/p><p class=\"mb-0\" style=\"font-size: .85rem\"><strong title=\"Estado del Proceso\"><i class=\"fas fa-spinner\"><\/i><\/strong> Proceso adjudicado y celebrado<\/p><p class=\"mb-0\" style=\"font-size: .85rem\"><strong title=\"Fecha de Publicaci\u00f3n\"><i class=\"fas fa-calendar-alt\"><\/i><\/strong> Publicado el jueves, 20 de octubre de 2022<\/p><\/div><div class=\"col-auto mt-md-0 mt-2\"><a class=\"btn btn-primary btn-lg px-lg-4 d-none d-md-block\" href=\"https:\/\/comunidad.comprasdominicana.gob.do\/\/Public\/Tendering\/OpportunityDetail\/Index?noticeUID=DO1.NTC.1145913\" target=\"_blank\" title=\"Detalles\"><i class=\"fas fa-link\"><\/i> DETALLES<\/a><a class=\"btn btn-primary btn-lg px-lg-4 d-block d-md-none\" href=\"https:\/\/comunidad.comprasdominicana.gob.do\/\/Public\/Tendering\/OpportunityDetail\/Index?noticeUID=DO1.NTC.1145913\" target=\"_blank\" title=\"Detalles\"><i class=\"fas fa-2x fa-link\"><\/i><\/a><\/div><\/div><\/div><div class=\"jumbotron archivos\"><div class=\"row align-items-center\"><div class=\"col\"><h6><a class=\"text-dark\" href=\"https:\/\/comunidad.comprasdominicana.gob.do\/\/Public\/Tendering\/OpportunityDetail\/Index?noticeUID=DO1.NTC.1145123\" title=\"Ver\" target=\"_blank\">INESPRE-DAF-CM-2022-0100<\/a><\/h6><p class=\"mb-0 bold\">Servicio de rehabilitaci\u00f3n de C\u00e1mara refrigerada y Contenedor refrigerado Dirigido a MIPYMES<\/p><p class=\"mb-0\" style=\"font-size: .85rem\"><strong title=\"Estado del Proceso\"><i class=\"fas fa-spinner\"><\/i><\/strong> Proceso adjudicado y celebrado<\/p><p class=\"mb-0\" style=\"font-size: .85rem\"><strong title=\"Fecha de Publicaci\u00f3n\"><i class=\"fas fa-calendar-alt\"><\/i><\/strong> Publicado el mi\u00e9rcoles, 19 de octubre de 2022<\/p><\/div><div class=\"col-auto mt-md-0 mt-2\"><a class=\"btn btn-primary btn-lg px-lg-4 d-none d-md-block\" href=\"https:\/\/comunidad.comprasdominicana.gob.do\/\/Public\/Tendering\/OpportunityDetail\/Index?noticeUID=DO1.NTC.1145123\" target=\"_blank\" title=\"Detalles\"><i class=\"fas fa-link\"><\/i> DETALLES<\/a><a class=\"btn btn-primary btn-lg px-lg-4 d-block d-md-none\" href=\"https:\/\/comunidad.comprasdominicana.gob.do\/\/Public\/Tendering\/OpportunityDetail\/Index?noticeUID=DO1.NTC.1145123\" target=\"_blank\" title=\"Detalles\"><i class=\"fas fa-2x fa-link\"><\/i><\/a><\/div><\/div><\/div><div class=\"jumbotron archivos\"><div class=\"row align-items-center\"><div class=\"col\"><h6><a class=\"text-dark\" href=\"https:\/\/comunidad.comprasdominicana.gob.do\/\/Public\/Tendering\/OpportunityDetail\/Index?noticeUID=DO1.NTC.1142609\" title=\"Ver\" target=\"_blank\">INESPRE-UC-CD-2022-0118<\/a><\/h6><p class=\"mb-0 bold\">Adquisici\u00f3n de Picadera Pre-Empacada para Talleres de Inteligencia Emocional  a Mipymes Industrial <\/p><p class=\"mb-0\" style=\"font-size: .85rem\"><strong title=\"Estado del Proceso\"><i class=\"fas fa-spinner\"><\/i><\/strong> Proceso adjudicado y celebrado<\/p><p class=\"mb-0\" style=\"font-size: .85rem\"><strong title=\"Fecha de Publicaci\u00f3n\"><i class=\"fas fa-calendar-alt\"><\/i><\/strong> Publicado el jueves, 13 de octubre de 2022<\/p><\/div><div class=\"col-auto mt-md-0 mt-2\"><a class=\"btn btn-primary btn-lg px-lg-4 d-none d-md-block\" href=\"https:\/\/comunidad.comprasdominicana.gob.do\/\/Public\/Tendering\/OpportunityDetail\/Index?noticeUID=DO1.NTC.1142609\" target=\"_blank\" title=\"Detalles\"><i class=\"fas fa-link\"><\/i> DETALLES<\/a><a class=\"btn btn-primary btn-lg px-lg-4 d-block d-md-none\" href=\"https:\/\/comunidad.comprasdominicana.gob.do\/\/Public\/Tendering\/OpportunityDetail\/Index?noticeUID=DO1.NTC.1142609\" target=\"_blank\" title=\"Detalles\"><i class=\"fas fa-2x fa-link\"><\/i><\/a><\/div><\/div><\/div><div class=\"jumbotron archivos\"><div class=\"row align-items-center\"><div class=\"col\"><h6><a class=\"text-dark\" href=\"https:\/\/comunidad.comprasdominicana.gob.do\/\/Public\/Tendering\/OpportunityDetail\/Index?noticeUID=DO1.NTC.1140809\" title=\"Ver\" target=\"_blank\">INESPRE-DAF-CM-2022-0098<\/a><\/h6><p class=\"mb-0 bold\">Adquisici\u00f3n de Productos de Papel dirigido a Mipymes<\/p><p class=\"mb-0\" style=\"font-size: .85rem\"><strong title=\"Estado del Proceso\"><i class=\"fas fa-spinner\"><\/i><\/strong> Proceso adjudicado y celebrado<\/p><p class=\"mb-0\" style=\"font-size: .85rem\"><strong title=\"Fecha de Publicaci\u00f3n\"><i class=\"fas fa-calendar-alt\"><\/i><\/strong> Publicado el lunes, 10 de octubre de 2022<\/p><\/div><div class=\"col-auto mt-md-0 mt-2\"><a class=\"btn btn-primary btn-lg px-lg-4 d-none d-md-block\" href=\"https:\/\/comunidad.comprasdominicana.gob.do\/\/Public\/Tendering\/OpportunityDetail\/Index?noticeUID=DO1.NTC.1140809\" target=\"_blank\" title=\"Detalles\"><i class=\"fas fa-link\"><\/i> DETALLES<\/a><a class=\"btn btn-primary btn-lg px-lg-4 d-block d-md-none\" href=\"https:\/\/comunidad.comprasdominicana.gob.do\/\/Public\/Tendering\/OpportunityDetail\/Index?noticeUID=DO1.NTC.1140809\" target=\"_blank\" title=\"Detalles\"><i class=\"fas fa-2x fa-link\"><\/i><\/a><\/div><\/div><\/div><div class=\"jumbotron archivos\"><div class=\"row align-items-center\"><div class=\"col\"><h6><a class=\"text-dark\" href=\"https:\/\/comunidad.comprasdominicana.gob.do\/\/Public\/Tendering\/OpportunityDetail\/Index?noticeUID=DO1.NTC.1140318\" title=\"Ver\" target=\"_blank\">INESPRE-DAF-CM-2022-0095<\/a><\/h6><p class=\"mb-0 bold\">Adquisici\u00f3n de Alimentos y Bebidas para consumo dirigio a Mipyme Mujer<\/p><p class=\"mb-0\" style=\"font-size: .85rem\"><strong title=\"Estado del Proceso\"><i class=\"fas fa-spinner\"><\/i><\/strong> Proceso adjudicado y celebrado<\/p><p class=\"mb-0\" style=\"font-size: .85rem\"><strong title=\"Fecha de Publicaci\u00f3n\"><i class=\"fas fa-calendar-alt\"><\/i><\/strong> Publicado el viernes, 7 de octubre de 2022<\/p><\/div><div class=\"col-auto mt-md-0 mt-2\"><a class=\"btn btn-primary btn-lg px-lg-4 d-none d-md-block\" href=\"https:\/\/comunidad.comprasdominicana.gob.do\/\/Public\/Tendering\/OpportunityDetail\/Index?noticeUID=DO1.NTC.1140318\" target=\"_blank\" title=\"Detalles\"><i class=\"fas fa-link\"><\/i> DETALLES<\/a><a class=\"btn btn-primary btn-lg px-lg-4 d-block d-md-none\" href=\"https:\/\/comunidad.comprasdominicana.gob.do\/\/Public\/Tendering\/OpportunityDetail\/Index?noticeUID=DO1.NTC.1140318\" target=\"_blank\" title=\"Detalles\"><i class=\"fas fa-2x fa-link\"><\/i><\/a><\/div><\/div><\/div><\/div><\/div><\/div>\n        <div class=\"card\">\n            <div class=\"card-header parents\" id=\"heading_procedimientos-de-contrataci-n-dirigidos-a-las-micro-peque-as-y-medianas-empresas-mipymes--69f73f7454400-2022-69f73f7454400-septiembre-69f73f7454400\">\n                <p class=\"title text-blue mb-0\">\n                    <a class=\"btn-block hover text-left collapsed\" data-toggle=\"collapse\" data-target=\"#collap_procedimientos-de-contrataci-n-dirigidos-a-las-micro-peque-as-y-medianas-empresas-mipymes--69f73f7454400-2022-69f73f7454400-septiembre-69f73f7454400\" aria-expanded=\"false\" aria-controls=\"collap_procedimientos-de-contrataci-n-dirigidos-a-las-micro-peque-as-y-medianas-empresas-mipymes--69f73f7454400-2022-69f73f7454400-septiembre-69f73f7454400\">Septiembre<\/a>\n                <\/p>\n            <\/div>\n            <div id=\"collap_procedimientos-de-contrataci-n-dirigidos-a-las-micro-peque-as-y-medianas-empresas-mipymes--69f73f7454400-2022-69f73f7454400-septiembre-69f73f7454400\" class=\"collapse\" aria-labelledby=\"heading_procedimientos-de-contrataci-n-dirigidos-a-las-micro-peque-as-y-medianas-empresas-mipymes--69f73f7454400-2022-69f73f7454400-septiembre-69f73f7454400\" data-parent=\"#collap_procedimientos-de-contrataci-n-dirigidos-a-las-micro-peque-as-y-medianas-empresas-mipymes--69f73f7454400-2022-69f73f7454400\">\n                <div class=\"card-body\"><div class=\"jumbotron archivos\"><div class=\"row align-items-center\"><div class=\"col\"><h6><a class=\"text-dark\" href=\"https:\/\/comunidad.comprasdominicana.gob.do\/\/Public\/Tendering\/OpportunityDetail\/Index?noticeUID=DO1.NTC.1133243\" title=\"Ver\" target=\"_blank\">INESPRE-DAF-CM-2022-0086<\/a><\/h6><p class=\"mb-0 bold\">Adquisici\u00f3n de Chocolate en barra (dirigido a Mipymes Industriales)<\/p><p class=\"mb-0\" style=\"font-size: .85rem\"><strong title=\"Estado del Proceso\"><i class=\"fas fa-spinner\"><\/i><\/strong> Proceso adjudicado y celebrado<\/p><p class=\"mb-0\" style=\"font-size: .85rem\"><strong title=\"Fecha de Publicaci\u00f3n\"><i class=\"fas fa-calendar-alt\"><\/i><\/strong> Publicado el mi\u00e9rcoles, 21 de septiembre de 2022<\/p><\/div><div class=\"col-auto mt-md-0 mt-2\"><a class=\"btn btn-primary btn-lg px-lg-4 d-none d-md-block\" href=\"https:\/\/comunidad.comprasdominicana.gob.do\/\/Public\/Tendering\/OpportunityDetail\/Index?noticeUID=DO1.NTC.1133243\" target=\"_blank\" title=\"Detalles\"><i class=\"fas fa-link\"><\/i> DETALLES<\/a><a class=\"btn btn-primary btn-lg px-lg-4 d-block d-md-none\" href=\"https:\/\/comunidad.comprasdominicana.gob.do\/\/Public\/Tendering\/OpportunityDetail\/Index?noticeUID=DO1.NTC.1133243\" target=\"_blank\" title=\"Detalles\"><i class=\"fas fa-2x fa-link\"><\/i><\/a><\/div><\/div><\/div><div class=\"jumbotron archivos\"><div class=\"row align-items-center\"><div class=\"col\"><h6><a class=\"text-dark\" href=\"https:\/\/comunidad.comprasdominicana.gob.do\/\/Public\/Tendering\/OpportunityDetail\/Index?noticeUID=DO1.NTC.1133112\" title=\"Ver\" target=\"_blank\">INESPRE-DAF-CM-2022-0080<\/a><\/h6><p class=\"mb-0 bold\">Adquisici\u00f3n de Caf\u00e9 Molido (dirigido a Mipymes Industriales)<\/p><p class=\"mb-0\" style=\"font-size: .85rem\"><strong title=\"Estado del Proceso\"><i class=\"fas fa-spinner\"><\/i><\/strong> Proceso adjudicado y celebrado<\/p><p class=\"mb-0\" style=\"font-size: .85rem\"><strong title=\"Fecha de Publicaci\u00f3n\"><i class=\"fas fa-calendar-alt\"><\/i><\/strong> Publicado el mi\u00e9rcoles, 21 de septiembre de 2022<\/p><\/div><div class=\"col-auto mt-md-0 mt-2\"><a class=\"btn btn-primary btn-lg px-lg-4 d-none d-md-block\" href=\"https:\/\/comunidad.comprasdominicana.gob.do\/\/Public\/Tendering\/OpportunityDetail\/Index?noticeUID=DO1.NTC.1133112\" target=\"_blank\" title=\"Detalles\"><i class=\"fas fa-link\"><\/i> DETALLES<\/a><a class=\"btn btn-primary btn-lg px-lg-4 d-block d-md-none\" href=\"https:\/\/comunidad.comprasdominicana.gob.do\/\/Public\/Tendering\/OpportunityDetail\/Index?noticeUID=DO1.NTC.1133112\" target=\"_blank\" title=\"Detalles\"><i class=\"fas fa-2x fa-link\"><\/i><\/a><\/div><\/div><\/div><div class=\"jumbotron archivos\"><div class=\"row align-items-center\"><div class=\"col\"><h6><a class=\"text-dark\" href=\"https:\/\/comunidad.comprasdominicana.gob.do\/\/Public\/Tendering\/OpportunityDetail\/Index?noticeUID=DO1.NTC.1130927\" title=\"Ver\" target=\"_blank\">INESPRE-CCC-CP-2022-0009<\/a><\/h6><p class=\"mb-0 bold\">Adquisici\u00f3n de Rollos de L\u00e1minas Transparente con Logo, dirigido exclusivamente a MIPYMES Y MIPYMES MUJERES<\/p><p class=\"mb-0\" style=\"font-size: .85rem\"><strong title=\"Estado del Proceso\"><i class=\"fas fa-spinner\"><\/i><\/strong> Proceso adjudicado y celebrado<\/p><p class=\"mb-0\" style=\"font-size: .85rem\"><strong title=\"Fecha de Publicaci\u00f3n\"><i class=\"fas fa-calendar-alt\"><\/i><\/strong> Publicado el jueves, 15 de septiembre de 2022<\/p><\/div><div class=\"col-auto mt-md-0 mt-2\"><a class=\"btn btn-primary btn-lg px-lg-4 d-none d-md-block\" href=\"https:\/\/comunidad.comprasdominicana.gob.do\/\/Public\/Tendering\/OpportunityDetail\/Index?noticeUID=DO1.NTC.1130927\" target=\"_blank\" title=\"Detalles\"><i class=\"fas fa-link\"><\/i> DETALLES<\/a><a class=\"btn btn-primary btn-lg px-lg-4 d-block d-md-none\" href=\"https:\/\/comunidad.comprasdominicana.gob.do\/\/Public\/Tendering\/OpportunityDetail\/Index?noticeUID=DO1.NTC.1130927\" target=\"_blank\" title=\"Detalles\"><i class=\"fas fa-2x fa-link\"><\/i><\/a><\/div><\/div><\/div><div class=\"jumbotron archivos\"><div class=\"row align-items-center\"><div class=\"col\"><h6><a class=\"text-dark\" href=\"https:\/\/comunidad.comprasdominicana.gob.do\/\/Public\/Tendering\/OpportunityDetail\/Index?noticeUID=DO1.NTC.1131042\" title=\"Ver\" target=\"_blank\">INESPRE-CCC-CP-2022-0010<\/a><\/h6><p class=\"mb-0 bold\">Adquisici\u00f3n de Mallas para Empaques, dirigido exclusivamente a MIPYMES Y MIPYMES MUJERES<\/p><p class=\"mb-0\" style=\"font-size: .85rem\"><strong title=\"Estado del Proceso\"><i class=\"fas fa-spinner\"><\/i><\/strong> Proceso adjudicado y celebrado<\/p><p class=\"mb-0\" style=\"font-size: .85rem\"><strong title=\"Fecha de Publicaci\u00f3n\"><i class=\"fas fa-calendar-alt\"><\/i><\/strong> Publicado el jueves, 15 de septiembre de 2022<\/p><\/div><div class=\"col-auto mt-md-0 mt-2\"><a class=\"btn btn-primary btn-lg px-lg-4 d-none d-md-block\" href=\"https:\/\/comunidad.comprasdominicana.gob.do\/\/Public\/Tendering\/OpportunityDetail\/Index?noticeUID=DO1.NTC.1131042\" target=\"_blank\" title=\"Detalles\"><i class=\"fas fa-link\"><\/i> DETALLES<\/a><a class=\"btn btn-primary btn-lg px-lg-4 d-block d-md-none\" href=\"https:\/\/comunidad.comprasdominicana.gob.do\/\/Public\/Tendering\/OpportunityDetail\/Index?noticeUID=DO1.NTC.1131042\" target=\"_blank\" title=\"Detalles\"><i class=\"fas fa-2x fa-link\"><\/i><\/a><\/div><\/div><\/div><div class=\"jumbotron archivos\"><div class=\"row align-items-center\"><div class=\"col\"><h6><a class=\"text-dark\" href=\"https:\/\/comunidad.comprasdominicana.gob.do\/\/Public\/Tendering\/OpportunityDetail\/Index?noticeUID=DO1.NTC.1131039\" title=\"Ver\" target=\"_blank\">INESPRE-CCC-CP-2022-0008<\/a><\/h6><p class=\"mb-0 bold\">Adquisici\u00f3n de Bolsas Pl\u00e1sticas (Fundas T-Shirt)<\/p><p class=\"mb-0\" style=\"font-size: .85rem\"><strong title=\"Estado del Proceso\"><i class=\"fas fa-spinner\"><\/i><\/strong> Proceso adjudicado y celebrado<\/p><p class=\"mb-0\" style=\"font-size: .85rem\"><strong title=\"Fecha de Publicaci\u00f3n\"><i class=\"fas fa-calendar-alt\"><\/i><\/strong> Publicado el jueves, 15 de septiembre de 2022<\/p><\/div><div class=\"col-auto mt-md-0 mt-2\"><a class=\"btn btn-primary btn-lg px-lg-4 d-none d-md-block\" href=\"https:\/\/comunidad.comprasdominicana.gob.do\/\/Public\/Tendering\/OpportunityDetail\/Index?noticeUID=DO1.NTC.1131039\" target=\"_blank\" title=\"Detalles\"><i class=\"fas fa-link\"><\/i> DETALLES<\/a><a class=\"btn btn-primary btn-lg px-lg-4 d-block d-md-none\" href=\"https:\/\/comunidad.comprasdominicana.gob.do\/\/Public\/Tendering\/OpportunityDetail\/Index?noticeUID=DO1.NTC.1131039\" target=\"_blank\" title=\"Detalles\"><i class=\"fas fa-2x fa-link\"><\/i><\/a><\/div><\/div><\/div><div class=\"jumbotron archivos\"><div class=\"row align-items-center\"><div class=\"col\"><h6><a class=\"text-dark\" href=\"https:\/\/comunidad.comprasdominicana.gob.do\/\/Public\/Tendering\/OpportunityDetail\/Index?noticeUID=DO1.NTC.1127931\" title=\"Ver\" target=\"_blank\">INESPRE-DAF-CM-2022-0074<\/a><\/h6><p class=\"mb-0 bold\">Adquisici\u00f3n de Formularios (dirigido a Mipyme Mujer)<\/p><p class=\"mb-0\" style=\"font-size: .85rem\"><strong title=\"Estado del Proceso\"><i class=\"fas fa-spinner\"><\/i><\/strong> Proceso adjudicado y celebrado<\/p><p class=\"mb-0\" style=\"font-size: .85rem\"><strong title=\"Fecha de Publicaci\u00f3n\"><i class=\"fas fa-calendar-alt\"><\/i><\/strong> Publicado el jueves, 8 de septiembre de 2022<\/p><\/div><div class=\"col-auto mt-md-0 mt-2\"><a class=\"btn btn-primary btn-lg px-lg-4 d-none d-md-block\" href=\"https:\/\/comunidad.comprasdominicana.gob.do\/\/Public\/Tendering\/OpportunityDetail\/Index?noticeUID=DO1.NTC.1127931\" target=\"_blank\" title=\"Detalles\"><i class=\"fas fa-link\"><\/i> DETALLES<\/a><a class=\"btn btn-primary btn-lg px-lg-4 d-block d-md-none\" href=\"https:\/\/comunidad.comprasdominicana.gob.do\/\/Public\/Tendering\/OpportunityDetail\/Index?noticeUID=DO1.NTC.1127931\" target=\"_blank\" title=\"Detalles\"><i class=\"fas fa-2x fa-link\"><\/i><\/a><\/div><\/div><\/div><div class=\"jumbotron archivos\"><div class=\"row align-items-center\"><div class=\"col\"><h6><a class=\"text-dark\" href=\"https:\/\/comunidad.comprasdominicana.gob.do\/\/Public\/Tendering\/OpportunityDetail\/Index?noticeUID=DO1.NTC.1128012\" title=\"Ver\" target=\"_blank\">INESPRE-DAF-CM-2022-0072<\/a><\/h6><p class=\"mb-0 bold\">Servicio de Alquiler de Almacenes por tres meses, (dirigido a Mipyme Mujer)<\/p><p class=\"mb-0\" style=\"font-size: .85rem\"><strong title=\"Estado del Proceso\"><i class=\"fas fa-spinner\"><\/i><\/strong> Proceso adjudicado y celebrado<\/p><p class=\"mb-0\" style=\"font-size: .85rem\"><strong title=\"Fecha de Publicaci\u00f3n\"><i class=\"fas fa-calendar-alt\"><\/i><\/strong> Publicado el jueves, 8 de septiembre de 2022<\/p><\/div><div class=\"col-auto mt-md-0 mt-2\"><a class=\"btn btn-primary btn-lg px-lg-4 d-none d-md-block\" href=\"https:\/\/comunidad.comprasdominicana.gob.do\/\/Public\/Tendering\/OpportunityDetail\/Index?noticeUID=DO1.NTC.1128012\" target=\"_blank\" title=\"Detalles\"><i class=\"fas fa-link\"><\/i> DETALLES<\/a><a class=\"btn btn-primary btn-lg px-lg-4 d-block d-md-none\" href=\"https:\/\/comunidad.comprasdominicana.gob.do\/\/Public\/Tendering\/OpportunityDetail\/Index?noticeUID=DO1.NTC.1128012\" target=\"_blank\" title=\"Detalles\"><i class=\"fas fa-2x fa-link\"><\/i><\/a><\/div><\/div><\/div><div class=\"jumbotron archivos\"><div class=\"row align-items-center\"><div class=\"col\"><h6><a class=\"text-dark\" href=\"https:\/\/comunidad.comprasdominicana.gob.do\/\/Public\/Tendering\/OpportunityDetail\/Index?noticeUID=DO1.NTC.1126111\" title=\"Ver\" target=\"_blank\">INESPRE-DAF-CM-2022-0071<\/a><\/h6><p class=\"mb-0 bold\">Adquisici\u00f3n de Formularios<\/p><p class=\"mb-0\" style=\"font-size: .85rem\"><strong title=\"Estado del Proceso\"><i class=\"fas fa-spinner\"><\/i><\/strong> Cancelado<\/p><p class=\"mb-0\" style=\"font-size: .85rem\"><strong title=\"Fecha de Publicaci\u00f3n\"><i class=\"fas fa-calendar-alt\"><\/i><\/strong> Publicado el lunes, 5 de septiembre de 2022<\/p><\/div><div class=\"col-auto mt-md-0 mt-2\"><a class=\"btn btn-primary btn-lg px-lg-4 d-none d-md-block\" href=\"https:\/\/comunidad.comprasdominicana.gob.do\/\/Public\/Tendering\/OpportunityDetail\/Index?noticeUID=DO1.NTC.1126111\" target=\"_blank\" title=\"Detalles\"><i class=\"fas fa-link\"><\/i> DETALLES<\/a><a class=\"btn btn-primary btn-lg px-lg-4 d-block d-md-none\" href=\"https:\/\/comunidad.comprasdominicana.gob.do\/\/Public\/Tendering\/OpportunityDetail\/Index?noticeUID=DO1.NTC.1126111\" target=\"_blank\" title=\"Detalles\"><i class=\"fas fa-2x fa-link\"><\/i><\/a><\/div><\/div><\/div><\/div><\/div><\/div>\n        <div class=\"card\">\n            <div class=\"card-header parents\" id=\"heading_procedimientos-de-contrataci-n-dirigidos-a-las-micro-peque-as-y-medianas-empresas-mipymes--69f73f7454400-2022-69f73f7454400-agosto-69f73f7454400\">\n                <p class=\"title text-blue mb-0\">\n                    <a class=\"btn-block hover text-left collapsed\" data-toggle=\"collapse\" data-target=\"#collap_procedimientos-de-contrataci-n-dirigidos-a-las-micro-peque-as-y-medianas-empresas-mipymes--69f73f7454400-2022-69f73f7454400-agosto-69f73f7454400\" aria-expanded=\"false\" aria-controls=\"collap_procedimientos-de-contrataci-n-dirigidos-a-las-micro-peque-as-y-medianas-empresas-mipymes--69f73f7454400-2022-69f73f7454400-agosto-69f73f7454400\">Agosto<\/a>\n                <\/p>\n            <\/div>\n            <div id=\"collap_procedimientos-de-contrataci-n-dirigidos-a-las-micro-peque-as-y-medianas-empresas-mipymes--69f73f7454400-2022-69f73f7454400-agosto-69f73f7454400\" class=\"collapse\" aria-labelledby=\"heading_procedimientos-de-contrataci-n-dirigidos-a-las-micro-peque-as-y-medianas-empresas-mipymes--69f73f7454400-2022-69f73f7454400-agosto-69f73f7454400\" data-parent=\"#collap_procedimientos-de-contrataci-n-dirigidos-a-las-micro-peque-as-y-medianas-empresas-mipymes--69f73f7454400-2022-69f73f7454400\">\n                <div class=\"card-body\"><div class=\"jumbotron archivos\"><div class=\"row align-items-center\"><div class=\"col\"><h6><a class=\"text-dark\" href=\"https:\/\/comunidad.comprasdominicana.gob.do\/\/Public\/Tendering\/OpportunityDetail\/Index?noticeUID=DO1.NTC.1112234\" title=\"Ver\" target=\"_blank\">INESPRE-CCC-CP-2022-0006<\/a><\/h6><p class=\"mb-0 bold\">Adquisici\u00f3n de Compresor de Aire comprimido de una etapa con tornillo rotativo, secador, filtro y tanque de 120 gl (Dirigido exclusivamente a micro, peque\u00f1a y mediana empresa mujeres, MIPYMES MUJERES)<\/p><p class=\"mb-0\" style=\"font-size: .85rem\"><strong title=\"Estado del Proceso\"><i class=\"fas fa-spinner\"><\/i><\/strong> Proceso adjudicado y celebrado<\/p><p class=\"mb-0\" style=\"font-size: .85rem\"><strong title=\"Fecha de Publicaci\u00f3n\"><i class=\"fas fa-calendar-alt\"><\/i><\/strong> Publicado el martes, 2 de agosto de 2022<\/p><\/div><div class=\"col-auto mt-md-0 mt-2\"><a class=\"btn btn-primary btn-lg px-lg-4 d-none d-md-block\" href=\"https:\/\/comunidad.comprasdominicana.gob.do\/\/Public\/Tendering\/OpportunityDetail\/Index?noticeUID=DO1.NTC.1112234\" target=\"_blank\" title=\"Detalles\"><i class=\"fas fa-link\"><\/i> DETALLES<\/a><a class=\"btn btn-primary btn-lg px-lg-4 d-block d-md-none\" href=\"https:\/\/comunidad.comprasdominicana.gob.do\/\/Public\/Tendering\/OpportunityDetail\/Index?noticeUID=DO1.NTC.1112234\" target=\"_blank\" title=\"Detalles\"><i class=\"fas fa-2x fa-link\"><\/i><\/a><\/div><\/div><\/div><\/div><\/div><\/div><\/div><\/div><\/div><\/div><\/div><\/div><\/div><p class=\"pt-2 small\">* Est\u00e1 p\u00e1gina se actualiza cada d\u00eda por parte de la <a href=\"https:\/\/www.dgcp.gob.do\/\" target=\"_blank\">Direcci\u00f3n General de Contrataciones P\u00fablicas (DGCP)<\/a>.<\/p><\/div><\/div><div id=\"panel-51-0-0-1\" class=\"so-panel widget widget_black-studio-tinymce widget_black_studio_tinymce\" data-index=\"1\" ><div class=\"textwidget\"><p><a href=\"https:\/\/transparencia.gob.do\" target=\"_blank\" rel=\"noopener noreferrer\">Enlace Portal \u00danico de Transparencia<\/a><\/p>\n<\/div><\/div><div id=\"panel-51-0-0-2\" class=\"so-panel widget widget_black-studio-tinymce widget_black_studio_tinymce\" data-index=\"2\" ><h3 class=\"widget-title\">Plan Anual de Compras y Contrataciones (PACC)<\/h3><div class=\"textwidget\"><p style=\"text-align: left;\"><a class=\"btn btn-lg py-3\" style=\"background-color: #203c74; color: white; \"href=\"https:\/\/www.inespre.gob.do\/transparencia\/compras-y-contrataciones\/plan-anual-de-compras\/\" target=\"_self\" rel=\"noopener noreferrer\">Ir Plan Anual de Compras y Contrataciones (PACC)<\/a><\/p>\n<hr \/>\n<\/div><\/div><div id=\"panel-51-0-0-3\" class=\"so-panel widget widget_black-studio-tinymce widget_black_studio_tinymce\" data-index=\"3\" ><h3 class=\"widget-title\">Estado de Cuentas de Suplidores<\/h3><div class=\"textwidget\"><p style=\"text-align: left;\"><a class=\"btn btn-lg py-3\" style=\"background-color: #203c74; color: white;\"href=\"https:\/\/www.inespre.gob.do\/transparencia\/compras-y-contrataciones\/relacion-de-estado-de-cuenta-de-suplidores\/\" target=\"_self\" rel=\"noopener noreferrer\">Ir Estado de Cuentas de Suplidores<\/a><\/p>\n<hr \/>\n<\/div><\/div><div id=\"panel-51-0-0-4\" class=\"so-panel widget widget_black-studio-tinymce widget_black_studio_tinymce panel-last-child\" data-index=\"4\" ><h3 class=\"widget-title\">Compras de Productos a trav\u00e9s del Reglamento Interno para compras de Productos Agropecuario del INESPRE<\/h3><div class=\"textwidget\"><p style=\"text-align: left;\"><a class=\"btn btn-lg py-3\" style=\"background-color: #203c74; color: white;\" href=\"https:\/\/www.inespre.gob.do\/transparencia\/compras-y-contrataciones\/compras-simplificadas\/\" target=\"_self\" rel=\"noopener noreferrer\">Ir Compras de Productos a trav\u00e9s del Reglamento Interno para compras de Productos Agropecuario del INESPRE<\/a><\/p>\n<hr \/>\n<\/div><\/div><\/div><\/div><\/div>","protected":false},"excerpt":{"rendered":"<p>Enlace Portal \u00danico de Transparencia Ir Plan Anual de Compras y Contrataciones (PACC) Ir Estado de Cuentas de Suplidores Ir Compras de Productos a trav\u00e9s del Reglamento Interno para compras de Productos Agropecuario del INESPRE<\/p>\n","protected":false},"author":1,"featured_media":0,"parent":0,"menu_order":0,"comment_status":"open","ping_status":"open","template":"","meta":{"footnotes":""},"categories":[],"tags":[],"class_list":["post-51","page","type-page","status-publish","hentry"],"_links":{"self":[{"href":"https:\/\/www.inespre.gob.do\/transparencia\/wp-json\/wp\/v2\/pages\/51","targetHints":{"allow":["GET"]}}],"collection":[{"href":"https:\/\/www.inespre.gob.do\/transparencia\/wp-json\/wp\/v2\/pages"}],"about":[{"href":"https:\/\/www.inespre.gob.do\/transparencia\/wp-json\/wp\/v2\/types\/page"}],"author":[{"embeddable":true,"href":"https:\/\/www.inespre.gob.do\/transparencia\/wp-json\/wp\/v2\/users\/1"}],"replies":[{"embeddable":true,"href":"https:\/\/www.inespre.gob.do\/transparencia\/wp-json\/wp\/v2\/comments?post=51"}],"version-history":[{"count":17,"href":"https:\/\/www.inespre.gob.do\/transparencia\/wp-json\/wp\/v2\/pages\/51\/revisions"}],"predecessor-version":[{"id":29024,"href":"https:\/\/www.inespre.gob.do\/transparencia\/wp-json\/wp\/v2\/pages\/51\/revisions\/29024"}],"wp:attachment":[{"href":"https:\/\/www.inespre.gob.do\/transparencia\/wp-json\/wp\/v2\/media?parent=51"}],"wp:term":[{"taxonomy":"category","embeddable":true,"href":"https:\/\/www.inespre.gob.do\/transparencia\/wp-json\/wp\/v2\/categories?post=51"},{"taxonomy":"post_tag","embeddable":true,"href":"https:\/\/www.inespre.gob.do\/transparencia\/wp-json\/wp\/v2\/tags?post=51"}],"curies":[{"name":"wp","href":"https:\/\/api.w.org\/{rel}","templated":true}]}}